{"id":68356,"date":"2019-07-22T12:02:49","date_gmt":"2019-07-22T10:02:49","guid":{"rendered":"https:\/\/www.blanescostabrava.cat\/was-unternehmen\/"},"modified":"2021-03-08T14:45:58","modified_gmt":"2021-03-08T13:45:58","slug":"was-unternehmen","status":"publish","type":"page","link":"https:\/\/www.blanescostabrava.cat\/de\/was-unternehmen\/","title":{"rendered":"Was unternehmen?"},"content":{"rendered":"<div class=\"wpb-content-wrapper\"><p>[vc_row full_width=&#8220;stretch_row&#8220; css=&#8220;.vc_custom_1522150356549{background-image: url(https:\/\/www.blanescostabrava.cat\/wp-content\/uploads\/2018\/03\/que-fer.jpg?id=33674) !important;}&#8220; el_class=&#8220;cabecera-pagina-interna&#8220;][vc_column][vc_column_text]<\/p>\n<h1><strong>WAS UNTERNEHMEN?<\/strong><\/h1>\n<p>[\/vc_column_text][\/vc_column][\/vc_row][vc_row full_width=&#8220;stretch_row_content&#8220; el_class=&#8220; galeria-tabs galeria-tabs-que-fer&#8220;][vc_column][vc_tta_tabs alignment=&#8220;center&#8220; active_section=&#8220;1&#8243;][vc_tta_section title=&#8220;Alle&#8220; tab_id=&#8220;tot&#8220;]<style>.portfolio.portfolio-grid#style-0bbff9c .portfolio-item:not(.size-item), .preloader#style-preloader-0bbff9c .portfolio-item { padding: calc(42px\/2) !important; }.portfolio.portfolio-grid#style-0bbff9c .portfolio-item.size-item { padding: 0 calc(42px\/2) !important; }.portfolio.portfolio-grid#style-0bbff9c .portfolio-row, .preloader#style-preloader-0bbff9c .skeleton-posts.portfolio-row { margin: calc(-42px\/2); }.portfolio.portfolio-grid#style-0bbff9c.fullwidth-columns .portfolio-row { margin: calc(-42px\/2) 0; }.portfolio.portfolio-grid#style-0bbff9c .fullwidth-block:not(.no-paddings) { padding-left: 42px; padding-right: 42px; }.portfolio.portfolio-grid#style-0bbff9c .fullwidth-block .portfolio-row { padding-left: calc(42px\/2); padding-right: calc(42px\/2); }.portfolio.portfolio-grid#style-0bbff9c .fullwidth-block .portfolio-top-panel { padding-left: 42px; padding-right: 42px; }.portfolio.portfolio-grid#style-0bbff9c.fullwidth-columns .with-filter-sidebar .filter-sidebar { padding-left: 42px; }.portfolio.portfolio-grid#style-0bbff9c .portfolio-item .caption .title span { letter-spacing: px !important; }<\/style><style>.portfolio.portfolio-grid#style-0bbff9c .portfolio-filters { text-align: center; }<\/style><div id=\"style-preloader-0bbff9c\" class=\"preloader save-space\"><div class=\"preloader-spin\"><\/div><\/div> <div class=\"portfolio-preloader-wrapper panel-sidebar-position-left\"> <div class=\"portfolio portfolio-grid extended-portfolio-grid no-padding portfolio-pagination-more portfolio-style-justified background-style-white title-style-light hover-circular title-on-page hover-elements-size-default version-default caption-position-page columns-4 columns-tablet-2 columns-mobile-1 next-page-preloading \" id=\"style-0bbff9c\" data-style-uid=\"0bbff9c\" data-portfolio-uid=\"grid_9c5d6fb\" data-current-page=\"1\" data-per-page=\"50\" data-next-page=\"0\" data-pages-count=\"1\" data-hover=\"circular\" data-portfolio-filter=\"[]\" data-portfolio-filter-attributes=\"null\" data-portfolio-filter-search=\"\"> <div class=\"portfolio-row-outer \"> <div class=\"portfolio-top-panel selected-only\"> <div class=\"portfolio-filter-item portfolio-selected-filters left\"> <div class=\"portfolio-selected-filter-item clear-filters\"> Clear Filters\t<\/div> <\/div> <\/div> <div class=\"row portfolio-row\"> <div class=\"portfolio-set clearfix\" data-max-row-height=\"280\"> <div class=\"portfolio-item denkmaler item-animations-not-inited post-66673 thegem_pf_item type-thegem_pf_item status-publish has-post-thumbnail\" style=\"padding: 21px;\" data-default-sort=\"0\" data-sort-date=\"1563796669\"> <div class=\"wrap clearfix\" style=\"border-bottom-color: \"> <div class=\"image post-66673 thegem_pf_item type-thegem_pf_item status-publish has-post-thumbnail\"> <div class=\"image-inner\"> <picture> <img src=\"https:\/\/www.blanescostabrava.cat\/wp-content\/uploads\/2018\/03\/MONUMENTO-1.jpg\" width=\"607\" height=\"687\" class=\"attachment-thegem-portfolio-justified\" alt=\"Palau Vescomtal XIV. bis XV. Jahrhundert &#8211; Pfarrkirche\" \/> <\/picture> <\/div> <div class=\"overlay\"> <div class=\"overlay-circle\"><\/div> <div class=\"links-wrapper\"> <div class=\"links\"> <div class=\"portfolio-icons\"> <a href=\"https:\/\/www.blanescostabrava.cat\/de\/pf\/palau-vescomtal-xiv-bis-xv-jahrhundert-pfarrkirche\/\" target=\"_self\" class=\"icon self-link \"><\/a> <a href=\"javascript: void(0);\" class=\"icon share\"><\/a> <div class=\"overlay-line\"><\/div> <div class=\"portfolio-sharing-pane\"> <div class=\"socials-sharing socials socials-colored-hover\"> <a class=\"socials-item\" target=\"_blank\" href=\"https:\/\/www.facebook.com\/sharer\/sharer.php?u=https%3A%2F%2Fwww.blanescostabrava.cat%2Fde%2Fpf%2Fpalau-vescomtal-xiv-bis-xv-jahrhundert-pfarrkirche%2F\" title=\"Facebook\"><i class=\"socials-item-icon facebook\"><\/i><\/a> <a class=\"socials-item\" target=\"_blank\" href=\"https:\/\/twitter.com\/intent\/tweet?text=Palau+Vescomtal+XIV.+bis+XV.+Jahrhundert+%26%238211%3B+Pfarrkirche&#038;url=https%3A%2F%2Fwww.blanescostabrava.cat%2Fde%2Fpf%2Fpalau-vescomtal-xiv-bis-xv-jahrhundert-pfarrkirche%2F\" title=\"Twitter\"><i class=\"socials-item-icon twitter\"><\/i><\/a> <a class=\"socials-item\" target=\"_blank\" href=\"https:\/\/pinterest.com\/pin\/create\/button\/?url=https%3A%2F%2Fwww.blanescostabrava.cat%2Fde%2Fpf%2Fpalau-vescomtal-xiv-bis-xv-jahrhundert-pfarrkirche%2F&#038;description=Palau+Vescomtal+XIV.+bis+XV.+Jahrhundert+%26%238211%3B+Pfarrkirche&#038;media=https%3A%2F%2Fwww.blanescostabrava.cat%2Fwp-content%2Fuploads%2F2018%2F03%2FMONUMENTO-1.jpg\" title=\"Pinterest\"><i class=\"socials-item-icon pinterest\"><\/i><\/a> <a class=\"socials-item\" target=\"_blank\" href=\"https:\/\/www.tumblr.com\/widgets\/share\/tool?canonicalUrl=https%3A%2F%2Fwww.blanescostabrava.cat%2Fde%2Fpf%2Fpalau-vescomtal-xiv-bis-xv-jahrhundert-pfarrkirche%2F\" title=\"Tumblr\"><i class=\"socials-item-icon tumblr\"><\/i><\/a> <a class=\"socials-item\" target=\"_blank\" href=\"https:\/\/www.linkedin.com\/shareArticle?mini=true&#038;url=https%3A%2F%2Fwww.blanescostabrava.cat%2Fde%2Fpf%2Fpalau-vescomtal-xiv-bis-xv-jahrhundert-pfarrkirche%2F&#038;title=Palau+Vescomtal+XIV.+bis+XV.+Jahrhundert+%26%238211%3B+Pfarrkirche&amp;summary=Der+antike+Palast+der+Vicomte+von+Cabrera+bildete+ein+einziges+Geb%C3%A4ude+mit+der+Pfarrkirche%2C+wurde+aber+im+Jahr+1319+durch+die+Institution+der+Pfarrei+Blanes+zerst%C3%B6rt.+\" title=\"LinkedIn\"><i class=\"socials-item-icon linkedin\"><\/i><\/a> <a class=\"socials-item\" target=\"_blank\" href=\"https:\/\/www.reddit.com\/submit?url=https%3A%2F%2Fwww.blanescostabrava.cat%2Fde%2Fpf%2Fpalau-vescomtal-xiv-bis-xv-jahrhundert-pfarrkirche%2F&#038;title=Palau+Vescomtal+XIV.+bis+XV.+Jahrhundert+%26%238211%3B+Pfarrkirche\" title=\"Reddit\"><i class=\"socials-item-icon reddit\"><\/i><\/a> <\/div> <\/div> <\/div> <div class=\"caption\"> <div class=\"title title-h4\"> Palau Vescomtal XIV. bis XV. Jahrhundert &#8211; Pfarrkirche <\/span> <\/div> <div class=\"description\"> <div class=\"subtitle\"><p>Der antike Palast der Vicomte von Cabrera bildete ein einziges Geb\u00e4ude mit der Pfarrkirche, wurde aber im Jahr 1319 durch die Institution der Pfarrei Blanes zerst\u00f6rt. <\/p>\n<\/div> <\/div> <\/div> <\/div> <\/div> <\/div> <\/div> <\/div> <\/div> <div class=\"portfolio-item denkmaler item-animations-not-inited post-66682 thegem_pf_item type-thegem_pf_item status-publish has-post-thumbnail\" style=\"padding: 21px;\" data-default-sort=\"0\" data-sort-date=\"1563796669\"> <div class=\"wrap clearfix\" style=\"border-bottom-color: \"> <div class=\"image post-66682 thegem_pf_item type-thegem_pf_item status-publish has-post-thumbnail\"> <div class=\"image-inner\"> <picture> <img src=\"https:\/\/www.blanescostabrava.cat\/wp-content\/uploads\/2018\/03\/MONUMENTO-2.jpg\" width=\"607\" height=\"687\" class=\"attachment-thegem-portfolio-justified\" alt=\"Burg von Sant Joan\" \/> <\/picture> <\/div> <div class=\"overlay\"> <div class=\"overlay-circle\"><\/div> <div class=\"links-wrapper\"> <div class=\"links\"> <div class=\"portfolio-icons\"> <a href=\"https:\/\/www.blanescostabrava.cat\/de\/pf\/burg-von-sant-joan\/\" target=\"_self\" class=\"icon self-link \"><\/a> <a href=\"javascript: void(0);\" class=\"icon share\"><\/a> <div class=\"overlay-line\"><\/div> <div class=\"portfolio-sharing-pane\"> <div class=\"socials-sharing socials socials-colored-hover\"> <a class=\"socials-item\" target=\"_blank\" href=\"https:\/\/www.facebook.com\/sharer\/sharer.php?u=https%3A%2F%2Fwww.blanescostabrava.cat%2Fde%2Fpf%2Fburg-von-sant-joan%2F\" title=\"Facebook\"><i class=\"socials-item-icon facebook\"><\/i><\/a> <a class=\"socials-item\" target=\"_blank\" href=\"https:\/\/twitter.com\/intent\/tweet?text=Burg+von+Sant+Joan&#038;url=https%3A%2F%2Fwww.blanescostabrava.cat%2Fde%2Fpf%2Fburg-von-sant-joan%2F\" title=\"Twitter\"><i class=\"socials-item-icon twitter\"><\/i><\/a> <a class=\"socials-item\" target=\"_blank\" href=\"https:\/\/pinterest.com\/pin\/create\/button\/?url=https%3A%2F%2Fwww.blanescostabrava.cat%2Fde%2Fpf%2Fburg-von-sant-joan%2F&#038;description=Burg+von+Sant+Joan&#038;media=https%3A%2F%2Fwww.blanescostabrava.cat%2Fwp-content%2Fuploads%2F2018%2F03%2FMONUMENTO-2.jpg\" title=\"Pinterest\"><i class=\"socials-item-icon pinterest\"><\/i><\/a> <a class=\"socials-item\" target=\"_blank\" href=\"https:\/\/www.tumblr.com\/widgets\/share\/tool?canonicalUrl=https%3A%2F%2Fwww.blanescostabrava.cat%2Fde%2Fpf%2Fburg-von-sant-joan%2F\" title=\"Tumblr\"><i class=\"socials-item-icon tumblr\"><\/i><\/a> <a class=\"socials-item\" target=\"_blank\" href=\"https:\/\/www.linkedin.com\/shareArticle?mini=true&#038;url=https%3A%2F%2Fwww.blanescostabrava.cat%2Fde%2Fpf%2Fburg-von-sant-joan%2F&#038;title=Burg+von+Sant+Joan&amp;summary=Symbol+der+Stadt+und+Protagonist+des+Profils+von+Blanes.+Das+Bauwerk+wurde+im+13.+Jahrhundert+erbaut%2C+obwohl+es+bereits+in+fr%C3%BCheren+Zeiten+andere+Festungen+gegeben+hatte.\" title=\"LinkedIn\"><i class=\"socials-item-icon linkedin\"><\/i><\/a> <a class=\"socials-item\" target=\"_blank\" href=\"https:\/\/www.reddit.com\/submit?url=https%3A%2F%2Fwww.blanescostabrava.cat%2Fde%2Fpf%2Fburg-von-sant-joan%2F&#038;title=Burg+von+Sant+Joan\" title=\"Reddit\"><i class=\"socials-item-icon reddit\"><\/i><\/a> <\/div> <\/div> <\/div> <div class=\"caption\"> <div class=\"title title-h4\"> Burg von Sant Joan <\/span> <\/div> <div class=\"description\"> <div class=\"subtitle\"><p>Symbol der Stadt und Protagonist des Profils von Blanes. Das Bauwerk wurde im 13. Jahrhundert erbaut, obwohl es bereits in fr\u00fcheren Zeiten andere Festungen gegeben hatte.<\/p>\n<\/div> <\/div> <\/div> <\/div> <\/div> <\/div> <\/div> <\/div> <\/div> <div class=\"portfolio-item denkmaler item-animations-not-inited post-66712 thegem_pf_item type-thegem_pf_item status-publish has-post-thumbnail\" style=\"padding: 21px;\" data-default-sort=\"0\" data-sort-date=\"1563796673\"> <div class=\"wrap clearfix\" style=\"border-bottom-color: \"> <div class=\"image post-66712 thegem_pf_item type-thegem_pf_item status-publish has-post-thumbnail\"> <div class=\"image-inner\"> <picture> <img src=\"https:\/\/www.blanescostabrava.cat\/wp-content\/uploads\/2018\/03\/MONUMENTO-3.jpg\" width=\"607\" height=\"687\" class=\"attachment-thegem-portfolio-justified\" alt=\"Gotischer Brunnen\" \/> <\/picture> <\/div> <div class=\"overlay\"> <div class=\"overlay-circle\"><\/div> <div class=\"links-wrapper\"> <div class=\"links\"> <div class=\"portfolio-icons\"> <a href=\"https:\/\/www.blanescostabrava.cat\/de\/pf\/gotischer-brunnen\/\" target=\"_self\" class=\"icon self-link \"><\/a> <a href=\"javascript: void(0);\" class=\"icon share\"><\/a> <div class=\"overlay-line\"><\/div> <div class=\"portfolio-sharing-pane\"> <div class=\"socials-sharing socials socials-colored-hover\"> <a class=\"socials-item\" target=\"_blank\" href=\"https:\/\/www.facebook.com\/sharer\/sharer.php?u=https%3A%2F%2Fwww.blanescostabrava.cat%2Fde%2Fpf%2Fgotischer-brunnen%2F\" title=\"Facebook\"><i class=\"socials-item-icon facebook\"><\/i><\/a> <a class=\"socials-item\" target=\"_blank\" href=\"https:\/\/twitter.com\/intent\/tweet?text=Gotischer+Brunnen&#038;url=https%3A%2F%2Fwww.blanescostabrava.cat%2Fde%2Fpf%2Fgotischer-brunnen%2F\" title=\"Twitter\"><i class=\"socials-item-icon twitter\"><\/i><\/a> <a class=\"socials-item\" target=\"_blank\" href=\"https:\/\/pinterest.com\/pin\/create\/button\/?url=https%3A%2F%2Fwww.blanescostabrava.cat%2Fde%2Fpf%2Fgotischer-brunnen%2F&#038;description=Gotischer+Brunnen&#038;media=https%3A%2F%2Fwww.blanescostabrava.cat%2Fwp-content%2Fuploads%2F2018%2F03%2FMONUMENTO-3.jpg\" title=\"Pinterest\"><i class=\"socials-item-icon pinterest\"><\/i><\/a> <a class=\"socials-item\" target=\"_blank\" href=\"https:\/\/www.tumblr.com\/widgets\/share\/tool?canonicalUrl=https%3A%2F%2Fwww.blanescostabrava.cat%2Fde%2Fpf%2Fgotischer-brunnen%2F\" title=\"Tumblr\"><i class=\"socials-item-icon tumblr\"><\/i><\/a> <a class=\"socials-item\" target=\"_blank\" href=\"https:\/\/www.linkedin.com\/shareArticle?mini=true&#038;url=https%3A%2F%2Fwww.blanescostabrava.cat%2Fde%2Fpf%2Fgotischer-brunnen%2F&#038;title=Gotischer+Brunnen&amp;summary=Seine+Einzigartigkeit+als+b%C3%BCrgerlicher+Brunnen+im+gotischen+Stil+macht+ihn+zu+einem+einzigartigen+Bauwerk+katalanischen+Erbes+und+dem+unverwechselbaren+Siegel+der+Stadt.\" title=\"LinkedIn\"><i class=\"socials-item-icon linkedin\"><\/i><\/a> <a class=\"socials-item\" target=\"_blank\" href=\"https:\/\/www.reddit.com\/submit?url=https%3A%2F%2Fwww.blanescostabrava.cat%2Fde%2Fpf%2Fgotischer-brunnen%2F&#038;title=Gotischer+Brunnen\" title=\"Reddit\"><i class=\"socials-item-icon reddit\"><\/i><\/a> <\/div> <\/div> <\/div> <div class=\"caption\"> <div class=\"title title-h4\"> Gotischer Brunnen <\/span> <\/div> <div class=\"description\"> <div class=\"subtitle\"><p>Seine Einzigartigkeit als b\u00fcrgerlicher Brunnen im gotischen Stil macht ihn zu einem einzigartigen Bauwerk katalanischen Erbes und dem unverwechselbaren Siegel der Stadt.<\/p>\n<\/div> <\/div> <\/div> <\/div> <\/div> <\/div> <\/div> <\/div> <\/div> <div class=\"portfolio-item denkmaler item-animations-not-inited post-66721 thegem_pf_item type-thegem_pf_item status-publish has-post-thumbnail\" style=\"padding: 21px;\" data-default-sort=\"0\" data-sort-date=\"1563796673\"> <div class=\"wrap clearfix\" style=\"border-bottom-color: \"> <div class=\"image post-66721 thegem_pf_item type-thegem_pf_item status-publish has-post-thumbnail\"> <div class=\"image-inner\"> <picture> <img src=\"https:\/\/www.blanescostabrava.cat\/wp-content\/uploads\/2018\/03\/MONUMENTO-4.jpg\" width=\"607\" height=\"687\" class=\"attachment-thegem-portfolio-justified\" alt=\"Die Kapellen von Blanes\" \/> <\/picture> <\/div> <div class=\"overlay\"> <div class=\"overlay-circle\"><\/div> <div class=\"links-wrapper\"> <div class=\"links\"> <div class=\"portfolio-icons\"> <a href=\"https:\/\/www.blanescostabrava.cat\/de\/pf\/die-kapellen-von-blanes\/\" target=\"_self\" class=\"icon self-link \"><\/a> <a href=\"javascript: void(0);\" class=\"icon share\"><\/a> <div class=\"overlay-line\"><\/div> <div class=\"portfolio-sharing-pane\"> <div class=\"socials-sharing socials socials-colored-hover\"> <a class=\"socials-item\" target=\"_blank\" href=\"https:\/\/www.facebook.com\/sharer\/sharer.php?u=https%3A%2F%2Fwww.blanescostabrava.cat%2Fde%2Fpf%2Fdie-kapellen-von-blanes%2F\" title=\"Facebook\"><i class=\"socials-item-icon facebook\"><\/i><\/a> <a class=\"socials-item\" target=\"_blank\" href=\"https:\/\/twitter.com\/intent\/tweet?text=Die+Kapellen+von+Blanes&#038;url=https%3A%2F%2Fwww.blanescostabrava.cat%2Fde%2Fpf%2Fdie-kapellen-von-blanes%2F\" title=\"Twitter\"><i class=\"socials-item-icon twitter\"><\/i><\/a> <a class=\"socials-item\" target=\"_blank\" href=\"https:\/\/pinterest.com\/pin\/create\/button\/?url=https%3A%2F%2Fwww.blanescostabrava.cat%2Fde%2Fpf%2Fdie-kapellen-von-blanes%2F&#038;description=Die+Kapellen+von+Blanes&#038;media=https%3A%2F%2Fwww.blanescostabrava.cat%2Fwp-content%2Fuploads%2F2018%2F03%2FMONUMENTO-4.jpg\" title=\"Pinterest\"><i class=\"socials-item-icon pinterest\"><\/i><\/a> <a class=\"socials-item\" target=\"_blank\" href=\"https:\/\/www.tumblr.com\/widgets\/share\/tool?canonicalUrl=https%3A%2F%2Fwww.blanescostabrava.cat%2Fde%2Fpf%2Fdie-kapellen-von-blanes%2F\" title=\"Tumblr\"><i class=\"socials-item-icon tumblr\"><\/i><\/a> <a class=\"socials-item\" target=\"_blank\" href=\"https:\/\/www.linkedin.com\/shareArticle?mini=true&#038;url=https%3A%2F%2Fwww.blanescostabrava.cat%2Fde%2Fpf%2Fdie-kapellen-von-blanes%2F&#038;title=Die+Kapellen+von+Blanes&amp;summary=Das+reiche+religi%C3%B6se+Erbe+der+Stadt+erm%C3%B6glicht+die+Planung+einer+Route%2C+die+kleine+Kapellen+verbindet%2C+welche+sich+sowohl+im+Stadtzentrum+als+auch+in+nahe+gelegenen+Naturgebieten+von+gro%C3%9Fer+landschaftlicher+Attraktivit%C3%A4t+befinden.+\" title=\"LinkedIn\"><i class=\"socials-item-icon linkedin\"><\/i><\/a> <a class=\"socials-item\" target=\"_blank\" href=\"https:\/\/www.reddit.com\/submit?url=https%3A%2F%2Fwww.blanescostabrava.cat%2Fde%2Fpf%2Fdie-kapellen-von-blanes%2F&#038;title=Die+Kapellen+von+Blanes\" title=\"Reddit\"><i class=\"socials-item-icon reddit\"><\/i><\/a> <\/div> <\/div> <\/div> <div class=\"caption\"> <div class=\"title title-h4\"> Die Kapellen von Blanes <\/span> <\/div> <div class=\"description\"> <div class=\"subtitle\"><p>Das reiche religi\u00f6se Erbe der Stadt erm\u00f6glicht die Planung einer Route, die kleine Kapellen verbindet, welche sich sowohl im Stadtzentrum als auch in nahe gelegenen Naturgebieten von gro\u00dfer landschaftlicher Attraktivit\u00e4t befinden. <\/p>\n<\/div> <\/div> <\/div> <\/div> <\/div> <\/div> <\/div> <\/div> <\/div> <div class=\"portfolio-item denkmaler item-animations-not-inited post-66727 thegem_pf_item type-thegem_pf_item status-publish has-post-thumbnail\" style=\"padding: 21px;\" data-default-sort=\"0\" data-sort-date=\"1563796674\"> <div class=\"wrap clearfix\" style=\"border-bottom-color: \"> <div class=\"image post-66727 thegem_pf_item type-thegem_pf_item status-publish has-post-thumbnail\"> <div class=\"image-inner\"> <picture> <img src=\"https:\/\/www.blanescostabrava.cat\/wp-content\/uploads\/2018\/03\/MONUMENTO-5.jpg\" width=\"607\" height=\"687\" class=\"attachment-thegem-portfolio-justified\" alt=\"La Casa Tordera\" \/> <\/picture> <\/div> <div class=\"overlay\"> <div class=\"overlay-circle\"><\/div> <div class=\"links-wrapper\"> <div class=\"links\"> <div class=\"portfolio-icons\"> <a href=\"https:\/\/www.blanescostabrava.cat\/de\/pf\/la-casa-tordera\/\" target=\"_self\" class=\"icon self-link \"><\/a> <a href=\"javascript: void(0);\" class=\"icon share\"><\/a> <div class=\"overlay-line\"><\/div> <div class=\"portfolio-sharing-pane\"> <div class=\"socials-sharing socials socials-colored-hover\"> <a class=\"socials-item\" target=\"_blank\" href=\"https:\/\/www.facebook.com\/sharer\/sharer.php?u=https%3A%2F%2Fwww.blanescostabrava.cat%2Fde%2Fpf%2Fla-casa-tordera%2F\" title=\"Facebook\"><i class=\"socials-item-icon facebook\"><\/i><\/a> <a class=\"socials-item\" target=\"_blank\" href=\"https:\/\/twitter.com\/intent\/tweet?text=La+Casa+Tordera&#038;url=https%3A%2F%2Fwww.blanescostabrava.cat%2Fde%2Fpf%2Fla-casa-tordera%2F\" title=\"Twitter\"><i class=\"socials-item-icon twitter\"><\/i><\/a> <a class=\"socials-item\" target=\"_blank\" href=\"https:\/\/pinterest.com\/pin\/create\/button\/?url=https%3A%2F%2Fwww.blanescostabrava.cat%2Fde%2Fpf%2Fla-casa-tordera%2F&#038;description=La+Casa+Tordera&#038;media=https%3A%2F%2Fwww.blanescostabrava.cat%2Fwp-content%2Fuploads%2F2018%2F03%2FMONUMENTO-5.jpg\" title=\"Pinterest\"><i class=\"socials-item-icon pinterest\"><\/i><\/a> <a class=\"socials-item\" target=\"_blank\" href=\"https:\/\/www.tumblr.com\/widgets\/share\/tool?canonicalUrl=https%3A%2F%2Fwww.blanescostabrava.cat%2Fde%2Fpf%2Fla-casa-tordera%2F\" title=\"Tumblr\"><i class=\"socials-item-icon tumblr\"><\/i><\/a> <a class=\"socials-item\" target=\"_blank\" href=\"https:\/\/www.linkedin.com\/shareArticle?mini=true&#038;url=https%3A%2F%2Fwww.blanescostabrava.cat%2Fde%2Fpf%2Fla-casa-tordera%2F&#038;title=La+Casa+Tordera&amp;summary=Wie+nur+wenige+andere+erinnert+das+Casa+Tordera+an+die+Zeit+der+Indianer%2C+die+im+19.+Jahrhundert+auf+der+Suche+nach+Gl%C3%BCck+nach+Amerika+emigrierten+und+oft+mit+vollen+Taschen+an+ihren+Herkunftsort+zur%C3%BCckkehrten.\" title=\"LinkedIn\"><i class=\"socials-item-icon linkedin\"><\/i><\/a> <a class=\"socials-item\" target=\"_blank\" href=\"https:\/\/www.reddit.com\/submit?url=https%3A%2F%2Fwww.blanescostabrava.cat%2Fde%2Fpf%2Fla-casa-tordera%2F&#038;title=La+Casa+Tordera\" title=\"Reddit\"><i class=\"socials-item-icon reddit\"><\/i><\/a> <\/div> <\/div> <\/div> <div class=\"caption\"> <div class=\"title title-h4\"> La Casa Tordera <\/span> <\/div> <div class=\"description\"> <div class=\"subtitle\"><p>Wie nur wenige andere erinnert das Casa Tordera an die Zeit der Indianer, die im 19. Jahrhundert auf der Suche nach Gl\u00fcck nach Amerika emigrierten und oft mit vollen Taschen an ihren Herkunftsort zur\u00fcckkehrten.<\/p>\n<\/div> <\/div> <\/div> <\/div> <\/div> <\/div> <\/div> <\/div> <\/div> <div class=\"portfolio-item denkmaler item-animations-not-inited post-66736 thegem_pf_item type-thegem_pf_item status-publish has-post-thumbnail\" style=\"padding: 21px;\" data-default-sort=\"0\" data-sort-date=\"1563796675\"> <div class=\"wrap clearfix\" style=\"border-bottom-color: \"> <div class=\"image post-66736 thegem_pf_item type-thegem_pf_item status-publish has-post-thumbnail\"> <div class=\"image-inner\"> <picture> <img src=\"https:\/\/www.blanescostabrava.cat\/wp-content\/uploads\/2018\/03\/MONUMENTO-6.jpg\" width=\"607\" height=\"687\" class=\"attachment-thegem-portfolio-justified\" alt=\"El Frare (Der M\u00f6nch)\" \/> <\/picture> <\/div> <div class=\"overlay\"> <div class=\"overlay-circle\"><\/div> <div class=\"links-wrapper\"> <div class=\"links\"> <div class=\"portfolio-icons\"> <a href=\"https:\/\/www.blanescostabrava.cat\/de\/pf\/el-frare-der-monch\/\" target=\"_self\" class=\"icon self-link \"><\/a> <a href=\"javascript: void(0);\" class=\"icon share\"><\/a> <div class=\"overlay-line\"><\/div> <div class=\"portfolio-sharing-pane\"> <div class=\"socials-sharing socials socials-colored-hover\"> <a class=\"socials-item\" target=\"_blank\" href=\"https:\/\/www.facebook.com\/sharer\/sharer.php?u=https%3A%2F%2Fwww.blanescostabrava.cat%2Fde%2Fpf%2Fel-frare-der-monch%2F\" title=\"Facebook\"><i class=\"socials-item-icon facebook\"><\/i><\/a> <a class=\"socials-item\" target=\"_blank\" href=\"https:\/\/twitter.com\/intent\/tweet?text=El+Frare+%28Der+M%C3%B6nch%29&#038;url=https%3A%2F%2Fwww.blanescostabrava.cat%2Fde%2Fpf%2Fel-frare-der-monch%2F\" title=\"Twitter\"><i class=\"socials-item-icon twitter\"><\/i><\/a> <a class=\"socials-item\" target=\"_blank\" href=\"https:\/\/pinterest.com\/pin\/create\/button\/?url=https%3A%2F%2Fwww.blanescostabrava.cat%2Fde%2Fpf%2Fel-frare-der-monch%2F&#038;description=El+Frare+%28Der+M%C3%B6nch%29&#038;media=https%3A%2F%2Fwww.blanescostabrava.cat%2Fwp-content%2Fuploads%2F2018%2F03%2FMONUMENTO-6.jpg\" title=\"Pinterest\"><i class=\"socials-item-icon pinterest\"><\/i><\/a> <a class=\"socials-item\" target=\"_blank\" href=\"https:\/\/www.tumblr.com\/widgets\/share\/tool?canonicalUrl=https%3A%2F%2Fwww.blanescostabrava.cat%2Fde%2Fpf%2Fel-frare-der-monch%2F\" title=\"Tumblr\"><i class=\"socials-item-icon tumblr\"><\/i><\/a> <a class=\"socials-item\" target=\"_blank\" href=\"https:\/\/www.linkedin.com\/shareArticle?mini=true&#038;url=https%3A%2F%2Fwww.blanescostabrava.cat%2Fde%2Fpf%2Fel-frare-der-monch%2F&#038;title=El+Frare+%28Der+M%C3%B6nch%29&amp;summary=Dieses+im+Jahr+1958+errichtete+Denkmal+erinnert+an+Joaqui%2C+Ruyra+%281858-1939%29%2C+den+Schriftsteller+und+Dichter%2C+der+in+seinem+Stammhaus+in+Blanes+die+Inspiration+zu+einem+umfangreichen+literarischen+Werk+fand.\" title=\"LinkedIn\"><i class=\"socials-item-icon linkedin\"><\/i><\/a> <a class=\"socials-item\" target=\"_blank\" href=\"https:\/\/www.reddit.com\/submit?url=https%3A%2F%2Fwww.blanescostabrava.cat%2Fde%2Fpf%2Fel-frare-der-monch%2F&#038;title=El+Frare+%28Der+M%C3%B6nch%29\" title=\"Reddit\"><i class=\"socials-item-icon reddit\"><\/i><\/a> <\/div> <\/div> <\/div> <div class=\"caption\"> <div class=\"title title-h4\"> El Frare (Der M\u00f6nch) <\/span> <\/div> <div class=\"description\"> <div class=\"subtitle\"><p>Dieses im Jahr 1958 errichtete Denkmal erinnert an Joaqui, Ruyra (1858-1939), den Schriftsteller und Dichter, der in seinem Stammhaus in Blanes die Inspiration zu einem umfangreichen literarischen Werk fand.<\/p>\n<\/div> <\/div> <\/div> <\/div> <\/div> <\/div> <\/div> <\/div> <\/div> <div class=\"portfolio-item denkmaler item-animations-not-inited post-66745 thegem_pf_item type-thegem_pf_item status-publish has-post-thumbnail\" style=\"padding: 21px;\" data-default-sort=\"0\" data-sort-date=\"1563796675\"> <div class=\"wrap clearfix\" style=\"border-bottom-color: \"> <div class=\"image post-66745 thegem_pf_item type-thegem_pf_item status-publish has-post-thumbnail\"> <div class=\"image-inner\"> <picture> <img src=\"https:\/\/www.blanescostabrava.cat\/wp-content\/uploads\/2018\/03\/MONUMENTO-7.jpg\" width=\"607\" height=\"687\" class=\"attachment-thegem-portfolio-justified\" alt=\"Rathaus\" \/> <\/picture> <\/div> <div class=\"overlay\"> <div class=\"overlay-circle\"><\/div> <div class=\"links-wrapper\"> <div class=\"links\"> <div class=\"portfolio-icons\"> <a href=\"https:\/\/www.blanescostabrava.cat\/de\/pf\/rathaus\/\" target=\"_self\" class=\"icon self-link \"><\/a> <a href=\"javascript: void(0);\" class=\"icon share\"><\/a> <div class=\"overlay-line\"><\/div> <div class=\"portfolio-sharing-pane\"> <div class=\"socials-sharing socials socials-colored-hover\"> <a class=\"socials-item\" target=\"_blank\" href=\"https:\/\/www.facebook.com\/sharer\/sharer.php?u=https%3A%2F%2Fwww.blanescostabrava.cat%2Fde%2Fpf%2Frathaus%2F\" title=\"Facebook\"><i class=\"socials-item-icon facebook\"><\/i><\/a> <a class=\"socials-item\" target=\"_blank\" href=\"https:\/\/twitter.com\/intent\/tweet?text=Rathaus&#038;url=https%3A%2F%2Fwww.blanescostabrava.cat%2Fde%2Fpf%2Frathaus%2F\" title=\"Twitter\"><i class=\"socials-item-icon twitter\"><\/i><\/a> <a class=\"socials-item\" target=\"_blank\" href=\"https:\/\/pinterest.com\/pin\/create\/button\/?url=https%3A%2F%2Fwww.blanescostabrava.cat%2Fde%2Fpf%2Frathaus%2F&#038;description=Rathaus&#038;media=https%3A%2F%2Fwww.blanescostabrava.cat%2Fwp-content%2Fuploads%2F2018%2F03%2FMONUMENTO-7.jpg\" title=\"Pinterest\"><i class=\"socials-item-icon pinterest\"><\/i><\/a> <a class=\"socials-item\" target=\"_blank\" href=\"https:\/\/www.tumblr.com\/widgets\/share\/tool?canonicalUrl=https%3A%2F%2Fwww.blanescostabrava.cat%2Fde%2Fpf%2Frathaus%2F\" title=\"Tumblr\"><i class=\"socials-item-icon tumblr\"><\/i><\/a> <a class=\"socials-item\" target=\"_blank\" href=\"https:\/\/www.linkedin.com\/shareArticle?mini=true&#038;url=https%3A%2F%2Fwww.blanescostabrava.cat%2Fde%2Fpf%2Frathaus%2F&#038;title=Rathaus&amp;summary=Das+Casa+de+la+Vila+de+Blanes+ist+ein+historisches+Geb%C3%A4ude%2C+das+in+das+Inventar+des+architektonischen+Erbes+von+Katalonien+aufgenommen+wurde.+\" title=\"LinkedIn\"><i class=\"socials-item-icon linkedin\"><\/i><\/a> <a class=\"socials-item\" target=\"_blank\" href=\"https:\/\/www.reddit.com\/submit?url=https%3A%2F%2Fwww.blanescostabrava.cat%2Fde%2Fpf%2Frathaus%2F&#038;title=Rathaus\" title=\"Reddit\"><i class=\"socials-item-icon reddit\"><\/i><\/a> <\/div> <\/div> <\/div> <div class=\"caption\"> <div class=\"title title-h4\"> Rathaus <\/span> <\/div> <div class=\"description\"> <div class=\"subtitle\"><p>Das Casa de la Vila de Blanes ist ein historisches Geb\u00e4ude, das in das Inventar des architektonischen Erbes von Katalonien aufgenommen wurde. <\/p>\n<\/div> <\/div> <\/div> <\/div> <\/div> <\/div> <\/div> <\/div> <\/div> <div class=\"portfolio-item denkmaler item-animations-not-inited post-66751 thegem_pf_item type-thegem_pf_item status-publish has-post-thumbnail\" style=\"padding: 21px;\" data-default-sort=\"0\" data-sort-date=\"1563796676\"> <div class=\"wrap clearfix\" style=\"border-bottom-color: \"> <div class=\"image post-66751 thegem_pf_item type-thegem_pf_item status-publish has-post-thumbnail\"> <div class=\"image-inner\"> <picture> <img src=\"https:\/\/www.blanescostabrava.cat\/wp-content\/uploads\/2018\/03\/MONUMENTO-8.jpg\" width=\"607\" height=\"687\" class=\"attachment-thegem-portfolio-justified\" alt=\"Casa Saladrigas\" \/> <\/picture> <\/div> <div class=\"overlay\"> <div class=\"overlay-circle\"><\/div> <div class=\"links-wrapper\"> <div class=\"links\"> <div class=\"portfolio-icons\"> <a href=\"https:\/\/www.blanescostabrava.cat\/de\/pf\/casa-saladrigas\/\" target=\"_self\" class=\"icon self-link \"><\/a> <a href=\"javascript: void(0);\" class=\"icon share\"><\/a> <div class=\"overlay-line\"><\/div> <div class=\"portfolio-sharing-pane\"> <div class=\"socials-sharing socials socials-colored-hover\"> <a class=\"socials-item\" target=\"_blank\" href=\"https:\/\/www.facebook.com\/sharer\/sharer.php?u=https%3A%2F%2Fwww.blanescostabrava.cat%2Fde%2Fpf%2Fcasa-saladrigas%2F\" title=\"Facebook\"><i class=\"socials-item-icon facebook\"><\/i><\/a> <a class=\"socials-item\" target=\"_blank\" href=\"https:\/\/twitter.com\/intent\/tweet?text=Casa+Saladrigas&#038;url=https%3A%2F%2Fwww.blanescostabrava.cat%2Fde%2Fpf%2Fcasa-saladrigas%2F\" title=\"Twitter\"><i class=\"socials-item-icon twitter\"><\/i><\/a> <a class=\"socials-item\" target=\"_blank\" href=\"https:\/\/pinterest.com\/pin\/create\/button\/?url=https%3A%2F%2Fwww.blanescostabrava.cat%2Fde%2Fpf%2Fcasa-saladrigas%2F&#038;description=Casa+Saladrigas&#038;media=https%3A%2F%2Fwww.blanescostabrava.cat%2Fwp-content%2Fuploads%2F2018%2F03%2FMONUMENTO-8.jpg\" title=\"Pinterest\"><i class=\"socials-item-icon pinterest\"><\/i><\/a> <a class=\"socials-item\" target=\"_blank\" href=\"https:\/\/www.tumblr.com\/widgets\/share\/tool?canonicalUrl=https%3A%2F%2Fwww.blanescostabrava.cat%2Fde%2Fpf%2Fcasa-saladrigas%2F\" title=\"Tumblr\"><i class=\"socials-item-icon tumblr\"><\/i><\/a> <a class=\"socials-item\" target=\"_blank\" href=\"https:\/\/www.linkedin.com\/shareArticle?mini=true&#038;url=https%3A%2F%2Fwww.blanescostabrava.cat%2Fde%2Fpf%2Fcasa-saladrigas%2F&#038;title=Casa+Saladrigas&amp;summary=Dieses+Haus+wurde+zwischen+1926+und+1931+von+einem+Sch%C3%BCler+von+Antoni+Gaud%C3%AD+erbaut.\" title=\"LinkedIn\"><i class=\"socials-item-icon linkedin\"><\/i><\/a> <a class=\"socials-item\" target=\"_blank\" href=\"https:\/\/www.reddit.com\/submit?url=https%3A%2F%2Fwww.blanescostabrava.cat%2Fde%2Fpf%2Fcasa-saladrigas%2F&#038;title=Casa+Saladrigas\" title=\"Reddit\"><i class=\"socials-item-icon reddit\"><\/i><\/a> <\/div> <\/div> <\/div> <div class=\"caption\"> <div class=\"title title-h4\"> Casa Saladrigas <\/span> <\/div> <div class=\"description\"> <div class=\"subtitle\"><p>Dieses Haus wurde zwischen 1926 und 1931 von einem Sch\u00fcler von Antoni Gaud\u00ed erbaut.<\/p>\n<\/div> <\/div> <\/div> <\/div> <\/div> <\/div> <\/div> <\/div> <\/div> <div class=\"portfolio-item denkmaler item-animations-not-inited post-66757 thegem_pf_item type-thegem_pf_item status-publish has-post-thumbnail\" style=\"padding: 21px;\" data-default-sort=\"0\" data-sort-date=\"1563796677\"> <div class=\"wrap clearfix\" style=\"border-bottom-color: \"> <div class=\"image post-66757 thegem_pf_item type-thegem_pf_item status-publish has-post-thumbnail\"> <div class=\"image-inner\"> <picture> <img src=\"https:\/\/www.blanescostabrava.cat\/wp-content\/uploads\/2018\/03\/MONUMENTO-9.jpg\" width=\"607\" height=\"687\" class=\"attachment-thegem-portfolio-justified\" alt=\"Das Kloster\" \/> <\/picture> <\/div> <div class=\"overlay\"> <div class=\"overlay-circle\"><\/div> <div class=\"links-wrapper\"> <div class=\"links\"> <div class=\"portfolio-icons\"> <a href=\"https:\/\/www.blanescostabrava.cat\/de\/pf\/das-kloster\/\" target=\"_self\" class=\"icon self-link \"><\/a> <a href=\"javascript: void(0);\" class=\"icon share\"><\/a> <div class=\"overlay-line\"><\/div> <div class=\"portfolio-sharing-pane\"> <div class=\"socials-sharing socials socials-colored-hover\"> <a class=\"socials-item\" target=\"_blank\" href=\"https:\/\/www.facebook.com\/sharer\/sharer.php?u=https%3A%2F%2Fwww.blanescostabrava.cat%2Fde%2Fpf%2Fdas-kloster%2F\" title=\"Facebook\"><i class=\"socials-item-icon facebook\"><\/i><\/a> <a class=\"socials-item\" target=\"_blank\" href=\"https:\/\/twitter.com\/intent\/tweet?text=Das+Kloster&#038;url=https%3A%2F%2Fwww.blanescostabrava.cat%2Fde%2Fpf%2Fdas-kloster%2F\" title=\"Twitter\"><i class=\"socials-item-icon twitter\"><\/i><\/a> <a class=\"socials-item\" target=\"_blank\" href=\"https:\/\/pinterest.com\/pin\/create\/button\/?url=https%3A%2F%2Fwww.blanescostabrava.cat%2Fde%2Fpf%2Fdas-kloster%2F&#038;description=Das+Kloster&#038;media=https%3A%2F%2Fwww.blanescostabrava.cat%2Fwp-content%2Fuploads%2F2018%2F03%2FMONUMENTO-9.jpg\" title=\"Pinterest\"><i class=\"socials-item-icon pinterest\"><\/i><\/a> <a class=\"socials-item\" target=\"_blank\" href=\"https:\/\/www.tumblr.com\/widgets\/share\/tool?canonicalUrl=https%3A%2F%2Fwww.blanescostabrava.cat%2Fde%2Fpf%2Fdas-kloster%2F\" title=\"Tumblr\"><i class=\"socials-item-icon tumblr\"><\/i><\/a> <a class=\"socials-item\" target=\"_blank\" href=\"https:\/\/www.linkedin.com\/shareArticle?mini=true&#038;url=https%3A%2F%2Fwww.blanescostabrava.cat%2Fde%2Fpf%2Fdas-kloster%2F&#038;title=Das+Kloster&amp;summary=In+idyllischer+Umgebung%2C+an+der+Spitze+von+Santa+Anna+mit+dem+Meer+zu+F%C3%BC%C3%9Fen%2C+wurde+das+Kloster+von+Blanes+im+Jahr+1583+erbaut+und+gilt+seit+jeher+als+einer+der+privilegiertesten+Orte+an+der+Costa+Brava.\" title=\"LinkedIn\"><i class=\"socials-item-icon linkedin\"><\/i><\/a> <a class=\"socials-item\" target=\"_blank\" href=\"https:\/\/www.reddit.com\/submit?url=https%3A%2F%2Fwww.blanescostabrava.cat%2Fde%2Fpf%2Fdas-kloster%2F&#038;title=Das+Kloster\" title=\"Reddit\"><i class=\"socials-item-icon reddit\"><\/i><\/a> <\/div> <\/div> <\/div> <div class=\"caption\"> <div class=\"title title-h4\"> Das Kloster <\/span> <\/div> <div class=\"description\"> <div class=\"subtitle\"><p>In idyllischer Umgebung, an der Spitze von Santa Anna mit dem Meer zu F\u00fc\u00dfen, wurde das Kloster von Blanes im Jahr 1583 erbaut und gilt seit jeher als einer der privilegiertesten Orte an der Costa Brava.<\/p>\n<\/div> <\/div> <\/div> <\/div> <\/div> <\/div> <\/div> <\/div> <\/div> <div class=\"portfolio-item routen-besichtigungen-des-kulturerbes item-animations-not-inited post-66763 thegem_pf_item type-thegem_pf_item status-publish has-post-thumbnail\" style=\"padding: 21px;\" data-default-sort=\"0\" data-sort-date=\"1563796678\"> <div class=\"wrap clearfix\" style=\"border-bottom-color: \"> <div class=\"image post-66763 thegem_pf_item type-thegem_pf_item status-publish has-post-thumbnail\"> <div class=\"image-inner\"> <picture> <img src=\"https:\/\/www.blanescostabrava.cat\/wp-content\/uploads\/2018\/03\/28-thegem-portfolio-justified.jpg\" width=\"844\" height=\"620\" class=\"attachment-thegem-portfolio-justified\" alt=\"Route der Kapellen\" \/> <\/picture> <\/div> <div class=\"overlay\"> <div class=\"overlay-circle\"><\/div> <div class=\"links-wrapper\"> <div class=\"links\"> <div class=\"portfolio-icons\"> <a href=\"https:\/\/www.blanescostabrava.cat\/de\/pf\/route-der-kapellen\/\" target=\"_self\" class=\"icon self-link \"><\/a> <a href=\"javascript: void(0);\" class=\"icon share\"><\/a> <div class=\"overlay-line\"><\/div> <div class=\"portfolio-sharing-pane\"> <div class=\"socials-sharing socials socials-colored-hover\"> <a class=\"socials-item\" target=\"_blank\" href=\"https:\/\/www.facebook.com\/sharer\/sharer.php?u=https%3A%2F%2Fwww.blanescostabrava.cat%2Fde%2Fpf%2Froute-der-kapellen%2F\" title=\"Facebook\"><i class=\"socials-item-icon facebook\"><\/i><\/a> <a class=\"socials-item\" target=\"_blank\" href=\"https:\/\/twitter.com\/intent\/tweet?text=Route+der+Kapellen&#038;url=https%3A%2F%2Fwww.blanescostabrava.cat%2Fde%2Fpf%2Froute-der-kapellen%2F\" title=\"Twitter\"><i class=\"socials-item-icon twitter\"><\/i><\/a> <a class=\"socials-item\" target=\"_blank\" href=\"https:\/\/pinterest.com\/pin\/create\/button\/?url=https%3A%2F%2Fwww.blanescostabrava.cat%2Fde%2Fpf%2Froute-der-kapellen%2F&#038;description=Route+der+Kapellen&#038;media=https%3A%2F%2Fwww.blanescostabrava.cat%2Fwp-content%2Fuploads%2F2018%2F03%2F28-thegem-blog-timeline-large.jpg\" title=\"Pinterest\"><i class=\"socials-item-icon pinterest\"><\/i><\/a> <a class=\"socials-item\" target=\"_blank\" href=\"https:\/\/www.tumblr.com\/widgets\/share\/tool?canonicalUrl=https%3A%2F%2Fwww.blanescostabrava.cat%2Fde%2Fpf%2Froute-der-kapellen%2F\" title=\"Tumblr\"><i class=\"socials-item-icon tumblr\"><\/i><\/a> <a class=\"socials-item\" target=\"_blank\" href=\"https:\/\/www.linkedin.com\/shareArticle?mini=true&#038;url=https%3A%2F%2Fwww.blanescostabrava.cat%2Fde%2Fpf%2Froute-der-kapellen%2F&#038;title=Route+der+Kapellen&amp;summary=%5Bvc_row+full_width%3D%26%238220%3Bstretch_row%26%238220%3B+css%3D%26%238220%3B.vc_custom_1521930350844%7Bbackground-image%3A+url%28https%3A%2F%2Fwww.blanescostabrava.cat%2Fwp-content%2Fuploads%2F2018%2F03%2F28.jpg%3Fid%3D32576%29+%21important%3B%7D%26%238220%3B+el_class%3D%26%238220%3Bcabecera-pagina-interna+cabecera-ficha%26%238220%3B%5D%5Bvc_column%5D%5Bvc_column_text%5D+Route+der+Kapellen+%5B%2Fvc_column_text%5D%5B%2Fvc_column%5D%5B%2Fvc_row%5D%5Bvc_row%5D%5Bvc_column+width%3D%26%238220%3B2%2F3%26%238243%3B%5D%5Bvc_column_text+el_class%3D%26%238220%3Btextos-ficha-interna%26%238220%3B%5DJenseits+des+monumentalen+Wertes+der+Kapellen+von+Blanes%2C...\" title=\"LinkedIn\"><i class=\"socials-item-icon linkedin\"><\/i><\/a> <a class=\"socials-item\" target=\"_blank\" href=\"https:\/\/www.reddit.com\/submit?url=https%3A%2F%2Fwww.blanescostabrava.cat%2Fde%2Fpf%2Froute-der-kapellen%2F&#038;title=Route+der+Kapellen\" title=\"Reddit\"><i class=\"socials-item-icon reddit\"><\/i><\/a> <\/div> <\/div> <\/div> <div class=\"caption\"> <div class=\"title title-h4\"> Route der Kapellen <\/span> <\/div> <div class=\"description\"> <\/div> <\/div> <\/div> <\/div> <\/div> <\/div> <\/div> <\/div> <div class=\"portfolio-item routen-besichtigungen-des-kulturerbes item-animations-not-inited post-66772 thegem_pf_item type-thegem_pf_item status-publish has-post-thumbnail\" style=\"padding: 21px;\" data-default-sort=\"0\" data-sort-date=\"1563796678\"> <div class=\"wrap clearfix\" style=\"border-bottom-color: \"> <div class=\"image post-66772 thegem_pf_item type-thegem_pf_item status-publish has-post-thumbnail\"> <div class=\"image-inner\"> <picture> <img src=\"https:\/\/www.blanescostabrava.cat\/wp-content\/uploads\/2018\/03\/13-thegem-portfolio-justified.jpg\" width=\"844\" height=\"620\" class=\"attachment-thegem-portfolio-justified\" alt=\"Die Route der Vicomte von Cabrera\" \/> <\/picture> <\/div> <div class=\"overlay\"> <div class=\"overlay-circle\"><\/div> <div class=\"links-wrapper\"> <div class=\"links\"> <div class=\"portfolio-icons\"> <a href=\"https:\/\/www.blanescostabrava.cat\/de\/pf\/die-route-der-vicomte-von-cabrera\/\" target=\"_self\" class=\"icon self-link \"><\/a> <a href=\"javascript: void(0);\" class=\"icon share\"><\/a> <div class=\"overlay-line\"><\/div> <div class=\"portfolio-sharing-pane\"> <div class=\"socials-sharing socials socials-colored-hover\"> <a class=\"socials-item\" target=\"_blank\" href=\"https:\/\/www.facebook.com\/sharer\/sharer.php?u=https%3A%2F%2Fwww.blanescostabrava.cat%2Fde%2Fpf%2Fdie-route-der-vicomte-von-cabrera%2F\" title=\"Facebook\"><i class=\"socials-item-icon facebook\"><\/i><\/a> <a class=\"socials-item\" target=\"_blank\" href=\"https:\/\/twitter.com\/intent\/tweet?text=Die+Route+der+Vicomte+von+Cabrera&#038;url=https%3A%2F%2Fwww.blanescostabrava.cat%2Fde%2Fpf%2Fdie-route-der-vicomte-von-cabrera%2F\" title=\"Twitter\"><i class=\"socials-item-icon twitter\"><\/i><\/a> <a class=\"socials-item\" target=\"_blank\" href=\"https:\/\/pinterest.com\/pin\/create\/button\/?url=https%3A%2F%2Fwww.blanescostabrava.cat%2Fde%2Fpf%2Fdie-route-der-vicomte-von-cabrera%2F&#038;description=Die+Route+der+Vicomte+von+Cabrera&#038;media=https%3A%2F%2Fwww.blanescostabrava.cat%2Fwp-content%2Fuploads%2F2018%2F03%2F13-thegem-blog-timeline-large.jpg\" title=\"Pinterest\"><i class=\"socials-item-icon pinterest\"><\/i><\/a> <a class=\"socials-item\" target=\"_blank\" href=\"https:\/\/www.tumblr.com\/widgets\/share\/tool?canonicalUrl=https%3A%2F%2Fwww.blanescostabrava.cat%2Fde%2Fpf%2Fdie-route-der-vicomte-von-cabrera%2F\" title=\"Tumblr\"><i class=\"socials-item-icon tumblr\"><\/i><\/a> <a class=\"socials-item\" target=\"_blank\" href=\"https:\/\/www.linkedin.com\/shareArticle?mini=true&#038;url=https%3A%2F%2Fwww.blanescostabrava.cat%2Fde%2Fpf%2Fdie-route-der-vicomte-von-cabrera%2F&#038;title=Die+Route+der+Vicomte+von+Cabrera&amp;summary=%5Bvc_row+full_width%3D%26%238220%3Bstretch_row%26%238220%3B+css%3D%26%238220%3B.vc_custom_1521930408216%7Bbackground-image%3A+url%28https%3A%2F%2Fwww.blanescostabrava.cat%2Fwp-content%2Fuploads%2F2018%2F03%2F13.jpg%3Fid%3D32561%29+%21important%3B%7D%26%238220%3B+el_class%3D%26%238220%3Bcabecera-pagina-interna+cabecera-ficha%26%238220%3B%5D%5Bvc_column%5D%5Bvc_column_text%5D+Die+Route+der+Vicomte+von+Cabrera+%5B%2Fvc_column_text%5D%5B%2Fvc_column%5D%5B%2Fvc_row%5D%5Bvc_row%5D%5Bvc_column+width%3D%26%238220%3B2%2F3%26%238243%3B%5D%5Bvc_column_text+el_class%3D%26%238220%3Btextos-ficha-interna%26%238220%3B%5DDie+Geschichte+von+Blanes+ist...\" title=\"LinkedIn\"><i class=\"socials-item-icon linkedin\"><\/i><\/a> <a class=\"socials-item\" target=\"_blank\" href=\"https:\/\/www.reddit.com\/submit?url=https%3A%2F%2Fwww.blanescostabrava.cat%2Fde%2Fpf%2Fdie-route-der-vicomte-von-cabrera%2F&#038;title=Die+Route+der+Vicomte+von+Cabrera\" title=\"Reddit\"><i class=\"socials-item-icon reddit\"><\/i><\/a> <\/div> <\/div> <\/div> <div class=\"caption\"> <div class=\"title title-h4\"> Die Route der Vicomte von Cabrera <\/span> <\/div> <div class=\"description\"> <\/div> <\/div> <\/div> <\/div> <\/div> <\/div> <\/div> <\/div> <div class=\"portfolio-item routen-besichtigungen-des-kulturerbes item-animations-not-inited post-66775 thegem_pf_item type-thegem_pf_item status-publish has-post-thumbnail\" style=\"padding: 21px;\" data-default-sort=\"0\" data-sort-date=\"1563796679\"> <div class=\"wrap clearfix\" style=\"border-bottom-color: \"> <div class=\"image post-66775 thegem_pf_item type-thegem_pf_item status-publish has-post-thumbnail\"> <div class=\"image-inner\"> <picture> <img src=\"https:\/\/www.blanescostabrava.cat\/wp-content\/uploads\/2018\/03\/8-thegem-portfolio-justified.jpg\" width=\"844\" height=\"620\" class=\"attachment-thegem-portfolio-justified\" alt=\"Das Verm\u00e4chtnis der Amerikaner in Blanes\" \/> <\/picture> <\/div> <div class=\"overlay\"> <div class=\"overlay-circle\"><\/div> <div class=\"links-wrapper\"> <div class=\"links\"> <div class=\"portfolio-icons\"> <a href=\"https:\/\/www.blanescostabrava.cat\/de\/pf\/das-vermachtnis-der-amerikaner-in-blanes\/\" target=\"_self\" class=\"icon self-link \"><\/a> <a href=\"javascript: void(0);\" class=\"icon share\"><\/a> <div class=\"overlay-line\"><\/div> <div class=\"portfolio-sharing-pane\"> <div class=\"socials-sharing socials socials-colored-hover\"> <a class=\"socials-item\" target=\"_blank\" href=\"https:\/\/www.facebook.com\/sharer\/sharer.php?u=https%3A%2F%2Fwww.blanescostabrava.cat%2Fde%2Fpf%2Fdas-vermachtnis-der-amerikaner-in-blanes%2F\" title=\"Facebook\"><i class=\"socials-item-icon facebook\"><\/i><\/a> <a class=\"socials-item\" target=\"_blank\" href=\"https:\/\/twitter.com\/intent\/tweet?text=Das+Verm%C3%A4chtnis+der+Amerikaner+in+Blanes&#038;url=https%3A%2F%2Fwww.blanescostabrava.cat%2Fde%2Fpf%2Fdas-vermachtnis-der-amerikaner-in-blanes%2F\" title=\"Twitter\"><i class=\"socials-item-icon twitter\"><\/i><\/a> <a class=\"socials-item\" target=\"_blank\" href=\"https:\/\/pinterest.com\/pin\/create\/button\/?url=https%3A%2F%2Fwww.blanescostabrava.cat%2Fde%2Fpf%2Fdas-vermachtnis-der-amerikaner-in-blanes%2F&#038;description=Das+Verm%C3%A4chtnis+der+Amerikaner+in+Blanes&#038;media=https%3A%2F%2Fwww.blanescostabrava.cat%2Fwp-content%2Fuploads%2F2018%2F03%2F8-thegem-blog-timeline-large.jpg\" title=\"Pinterest\"><i class=\"socials-item-icon pinterest\"><\/i><\/a> <a class=\"socials-item\" target=\"_blank\" href=\"https:\/\/www.tumblr.com\/widgets\/share\/tool?canonicalUrl=https%3A%2F%2Fwww.blanescostabrava.cat%2Fde%2Fpf%2Fdas-vermachtnis-der-amerikaner-in-blanes%2F\" title=\"Tumblr\"><i class=\"socials-item-icon tumblr\"><\/i><\/a> <a class=\"socials-item\" target=\"_blank\" href=\"https:\/\/www.linkedin.com\/shareArticle?mini=true&#038;url=https%3A%2F%2Fwww.blanescostabrava.cat%2Fde%2Fpf%2Fdas-vermachtnis-der-amerikaner-in-blanes%2F&#038;title=Das+Verm%C3%A4chtnis+der+Amerikaner+in+Blanes&amp;summary=%5Bvc_row+full_width%3D%26%238220%3Bstretch_row%26%238220%3B+css%3D%26%238220%3B.vc_custom_1521930461427%7Bbackground-image%3A+url%28https%3A%2F%2Fwww.blanescostabrava.cat%2Fwp-content%2Fuploads%2F2018%2F03%2F8.jpg%3Fid%3D32556%29+%21important%3B%7D%26%238220%3B+el_class%3D%26%238220%3Bcabecera-pagina-interna+cabecera-ficha%26%238220%3B%5D%5Bvc_column%5D%5Bvc_column_text%5D+Das+Verm%C3%A4chtnis+der+Amerikaner+in+Blanes+%5B%2Fvc_column_text%5D%5B%2Fvc_column%5D%5B%2Fvc_row%5D%5Bvc_row%5D%5Bvc_column+width%3D%26%238220%3B2%2F3%26%238243%3B%5D%5Bvc_column_text+el_class%3D%26%238220%3Btextos-ficha-interna%26%238220%3B%5DNachdem+sie+ein+Verm%C3%B6gen+angeh%C3%A4uft...\" title=\"LinkedIn\"><i class=\"socials-item-icon linkedin\"><\/i><\/a> <a class=\"socials-item\" target=\"_blank\" href=\"https:\/\/www.reddit.com\/submit?url=https%3A%2F%2Fwww.blanescostabrava.cat%2Fde%2Fpf%2Fdas-vermachtnis-der-amerikaner-in-blanes%2F&#038;title=Das+Verm%C3%A4chtnis+der+Amerikaner+in+Blanes\" title=\"Reddit\"><i class=\"socials-item-icon reddit\"><\/i><\/a> <\/div> <\/div> <\/div> <div class=\"caption\"> <div class=\"title title-h4\"> Das Verm\u00e4chtnis der Amerikaner in Blanes <\/span> <\/div> <div class=\"description\"> <\/div> <\/div> <\/div> <\/div> <\/div> <\/div> <\/div> <\/div> <div class=\"portfolio-item routen-besichtigungen-des-kulturerbes item-animations-not-inited post-66778 thegem_pf_item type-thegem_pf_item status-publish has-post-thumbnail\" style=\"padding: 21px;\" data-default-sort=\"0\" data-sort-date=\"1563796679\"> <div class=\"wrap clearfix\" style=\"border-bottom-color: \"> <div class=\"image post-66778 thegem_pf_item type-thegem_pf_item status-publish has-post-thumbnail\"> <div class=\"image-inner\"> <picture> <img src=\"https:\/\/www.blanescostabrava.cat\/wp-content\/uploads\/2018\/03\/21-thegem-portfolio-justified.jpg\" width=\"844\" height=\"620\" class=\"attachment-thegem-portfolio-justified\" alt=\"Literatur route\" \/> <\/picture> <\/div> <div class=\"overlay\"> <div class=\"overlay-circle\"><\/div> <div class=\"links-wrapper\"> <div class=\"links\"> <div class=\"portfolio-icons\"> <a href=\"https:\/\/www.blanescostabrava.cat\/de\/pf\/ruta-literaria-literaturroute\/\" target=\"_self\" class=\"icon self-link \"><\/a> <a href=\"javascript: void(0);\" class=\"icon share\"><\/a> <div class=\"overlay-line\"><\/div> <div class=\"portfolio-sharing-pane\"> <div class=\"socials-sharing socials socials-colored-hover\"> <a class=\"socials-item\" target=\"_blank\" href=\"https:\/\/www.facebook.com\/sharer\/sharer.php?u=https%3A%2F%2Fwww.blanescostabrava.cat%2Fde%2Fpf%2Fruta-literaria-literaturroute%2F\" title=\"Facebook\"><i class=\"socials-item-icon facebook\"><\/i><\/a> <a class=\"socials-item\" target=\"_blank\" href=\"https:\/\/twitter.com\/intent\/tweet?text=Literatur+route&#038;url=https%3A%2F%2Fwww.blanescostabrava.cat%2Fde%2Fpf%2Fruta-literaria-literaturroute%2F\" title=\"Twitter\"><i class=\"socials-item-icon twitter\"><\/i><\/a> <a class=\"socials-item\" target=\"_blank\" href=\"https:\/\/pinterest.com\/pin\/create\/button\/?url=https%3A%2F%2Fwww.blanescostabrava.cat%2Fde%2Fpf%2Fruta-literaria-literaturroute%2F&#038;description=Literatur+route&#038;media=https%3A%2F%2Fwww.blanescostabrava.cat%2Fwp-content%2Fuploads%2F2018%2F03%2F21-thegem-blog-timeline-large.jpg\" title=\"Pinterest\"><i class=\"socials-item-icon pinterest\"><\/i><\/a> <a class=\"socials-item\" target=\"_blank\" href=\"https:\/\/www.tumblr.com\/widgets\/share\/tool?canonicalUrl=https%3A%2F%2Fwww.blanescostabrava.cat%2Fde%2Fpf%2Fruta-literaria-literaturroute%2F\" title=\"Tumblr\"><i class=\"socials-item-icon tumblr\"><\/i><\/a> <a class=\"socials-item\" target=\"_blank\" href=\"https:\/\/www.linkedin.com\/shareArticle?mini=true&#038;url=https%3A%2F%2Fwww.blanescostabrava.cat%2Fde%2Fpf%2Fruta-literaria-literaturroute%2F&#038;title=Literatur+route&amp;summary=%5Bvc_row+full_width%3D%26%238220%3Bstretch_row%26%238220%3B+css%3D%26%238220%3B.vc_custom_1521930535981%7Bbackground-image%3A+url%28https%3A%2F%2Fwww.blanescostabrava.cat%2Fwp-content%2Fuploads%2F2018%2F03%2F21.jpg%3Fid%3D32569%29+%21important%3B%7D%26%238220%3B+el_class%3D%26%238220%3Bcabecera-pagina-interna+cabecera-ficha%26%238220%3B%5D%5Bvc_column%5D%5Bvc_column_text%5D+%C2%A0Literatur+route+%5B%2Fvc_column_text%5D%5B%2Fvc_column%5D%5B%2Fvc_row%5D%5Bvc_row%5D%5Bvc_column+width%3D%26%238220%3B2%2F3%26%238243%3B%5D%5Bvc_column_text+el_class%3D%26%238220%3Btextos-ficha-interna%26%238220%3B%5DWenige+St%C3%A4dte+k%C3%B6nnen+sich+damit+r%C3%BChmen+Schriftsteller%2C+die+so...\" title=\"LinkedIn\"><i class=\"socials-item-icon linkedin\"><\/i><\/a> <a class=\"socials-item\" target=\"_blank\" href=\"https:\/\/www.reddit.com\/submit?url=https%3A%2F%2Fwww.blanescostabrava.cat%2Fde%2Fpf%2Fruta-literaria-literaturroute%2F&#038;title=Literatur+route\" title=\"Reddit\"><i class=\"socials-item-icon reddit\"><\/i><\/a> <\/div> <\/div> <\/div> <div class=\"caption\"> <div class=\"title title-h4\"> Literatur route <\/span> <\/div> <div class=\"description\"> <\/div> <\/div> <\/div> <\/div> <\/div> <\/div> <\/div> <\/div> <div class=\"portfolio-item routen-besichtigungen-des-kulturerbes item-animations-not-inited post-66781 thegem_pf_item type-thegem_pf_item status-publish has-post-thumbnail\" style=\"padding: 21px;\" data-default-sort=\"0\" data-sort-date=\"1563796680\"> <div class=\"wrap clearfix\" style=\"border-bottom-color: \"> <div class=\"image post-66781 thegem_pf_item type-thegem_pf_item status-publish has-post-thumbnail\"> <div class=\"image-inner\"> <picture> <img src=\"https:\/\/www.blanescostabrava.cat\/wp-content\/uploads\/2018\/03\/bolano-1.jpg\" width=\"433\" height=\"430\" class=\"attachment-thegem-portfolio-justified\" alt=\"Die Bola\u00f1o-Route\" \/> <\/picture> <\/div> <div class=\"overlay\"> <div class=\"overlay-circle\"><\/div> <div class=\"links-wrapper\"> <div class=\"links\"> <div class=\"portfolio-icons\"> <a href=\"https:\/\/www.blanescostabrava.cat\/de\/pf\/die-bolano-route\/\" target=\"_self\" class=\"icon self-link \"><\/a> <a href=\"javascript: void(0);\" class=\"icon share\"><\/a> <div class=\"overlay-line\"><\/div> <div class=\"portfolio-sharing-pane\"> <div class=\"socials-sharing socials socials-colored-hover\"> <a class=\"socials-item\" target=\"_blank\" href=\"https:\/\/www.facebook.com\/sharer\/sharer.php?u=https%3A%2F%2Fwww.blanescostabrava.cat%2Fde%2Fpf%2Fdie-bolano-route%2F\" title=\"Facebook\"><i class=\"socials-item-icon facebook\"><\/i><\/a> <a class=\"socials-item\" target=\"_blank\" href=\"https:\/\/twitter.com\/intent\/tweet?text=Die+Bola%C3%B1o-Route&#038;url=https%3A%2F%2Fwww.blanescostabrava.cat%2Fde%2Fpf%2Fdie-bolano-route%2F\" title=\"Twitter\"><i class=\"socials-item-icon twitter\"><\/i><\/a> <a class=\"socials-item\" target=\"_blank\" href=\"https:\/\/pinterest.com\/pin\/create\/button\/?url=https%3A%2F%2Fwww.blanescostabrava.cat%2Fde%2Fpf%2Fdie-bolano-route%2F&#038;description=Die+Bola%C3%B1o-Route&#038;media=https%3A%2F%2Fwww.blanescostabrava.cat%2Fwp-content%2Fuploads%2F2018%2F03%2Fbolano-1.jpg\" title=\"Pinterest\"><i class=\"socials-item-icon pinterest\"><\/i><\/a> <a class=\"socials-item\" target=\"_blank\" href=\"https:\/\/www.tumblr.com\/widgets\/share\/tool?canonicalUrl=https%3A%2F%2Fwww.blanescostabrava.cat%2Fde%2Fpf%2Fdie-bolano-route%2F\" title=\"Tumblr\"><i class=\"socials-item-icon tumblr\"><\/i><\/a> <a class=\"socials-item\" target=\"_blank\" href=\"https:\/\/www.linkedin.com\/shareArticle?mini=true&#038;url=https%3A%2F%2Fwww.blanescostabrava.cat%2Fde%2Fpf%2Fdie-bolano-route%2F&#038;title=Die+Bola%C3%B1o-Route&amp;summary=%5Bvc_row+full_width%3D%26%238220%3Bstretch_row%26%238220%3B+css%3D%26%238220%3B.vc_custom_1521930590203%7Bbackground-image%3A+url%28https%3A%2F%2Fwww.blanescostabrava.cat%2Fwp-content%2Fuploads%2F2018%2F03%2F33.jpg%3Fid%3D32581%29+%21important%3B%7D%26%238220%3B+el_class%3D%26%238220%3Bcabecera-pagina-interna+cabecera-ficha%26%238220%3B%5D%5Bvc_column%5D%5Bvc_column_text%5D+Die+Bola%C3%B1o-Route+%5B%2Fvc_column_text%5D%5B%2Fvc_column%5D%5B%2Fvc_row%5D%5Bvc_row%5D%5Bvc_column+width%3D%26%238220%3B2%2F3%26%238243%3B%5D%5Bvc_column_text+el_class%3D%26%238220%3Btextos-ficha-interna%26%238220%3B%5DDiese+thematische+Route+folgt+den+Lebensr%C3%A4umen+des+chilenischen+Dichters...\" title=\"LinkedIn\"><i class=\"socials-item-icon linkedin\"><\/i><\/a> <a class=\"socials-item\" target=\"_blank\" href=\"https:\/\/www.reddit.com\/submit?url=https%3A%2F%2Fwww.blanescostabrava.cat%2Fde%2Fpf%2Fdie-bolano-route%2F&#038;title=Die+Bola%C3%B1o-Route\" title=\"Reddit\"><i class=\"socials-item-icon reddit\"><\/i><\/a> <\/div> <\/div> <\/div> <div class=\"caption\"> <div class=\"title title-h4\"> Die Bola\u00f1o-Route <\/span> <\/div> <div class=\"description\"> <\/div> <\/div> <\/div> <\/div> <\/div> <\/div> <\/div> <\/div> <div class=\"portfolio-item feste item-animations-not-inited post-66787 thegem_pf_item type-thegem_pf_item status-publish has-post-thumbnail\" style=\"padding: 21px;\" data-default-sort=\"0\" data-sort-date=\"1563796680\"> <div class=\"wrap clearfix\" style=\"border-bottom-color: \"> <div class=\"image post-66787 thegem_pf_item type-thegem_pf_item status-publish has-post-thumbnail\"> <div class=\"image-inner\"> <picture> <img src=\"https:\/\/www.blanescostabrava.cat\/wp-content\/uploads\/2018\/03\/19-thegem-portfolio-justified.jpg\" width=\"844\" height=\"620\" class=\"attachment-thegem-portfolio-justified\" alt=\"INTERNATIONALER WETTBEWERB DER K\u00dcNSTLICHEN FOKUS DER COSTA BRAVA\" \/> <\/picture> <\/div> <div class=\"overlay\"> <div class=\"overlay-circle\"><\/div> <div class=\"links-wrapper\"> <div class=\"links\"> <div class=\"portfolio-icons\"> <a href=\"https:\/\/www.blanescostabrava.cat\/de\/pf\/concurs-international-de-focs-dartifici-de-die-costa-brava\/\" target=\"_self\" class=\"icon self-link \"><\/a> <a href=\"javascript: void(0);\" class=\"icon share\"><\/a> <div class=\"overlay-line\"><\/div> <div class=\"portfolio-sharing-pane\"> <div class=\"socials-sharing socials socials-colored-hover\"> <a class=\"socials-item\" target=\"_blank\" href=\"https:\/\/www.facebook.com\/sharer\/sharer.php?u=https%3A%2F%2Fwww.blanescostabrava.cat%2Fde%2Fpf%2Fconcurs-international-de-focs-dartifici-de-die-costa-brava%2F\" title=\"Facebook\"><i class=\"socials-item-icon facebook\"><\/i><\/a> <a class=\"socials-item\" target=\"_blank\" href=\"https:\/\/twitter.com\/intent\/tweet?text=INTERNATIONALER+WETTBEWERB+DER+K%C3%9CNSTLICHEN+FOKUS+DER+COSTA+BRAVA&#038;url=https%3A%2F%2Fwww.blanescostabrava.cat%2Fde%2Fpf%2Fconcurs-international-de-focs-dartifici-de-die-costa-brava%2F\" title=\"Twitter\"><i class=\"socials-item-icon twitter\"><\/i><\/a> <a class=\"socials-item\" target=\"_blank\" href=\"https:\/\/pinterest.com\/pin\/create\/button\/?url=https%3A%2F%2Fwww.blanescostabrava.cat%2Fde%2Fpf%2Fconcurs-international-de-focs-dartifici-de-die-costa-brava%2F&#038;description=INTERNATIONALER+WETTBEWERB+DER+K%C3%9CNSTLICHEN+FOKUS+DER+COSTA+BRAVA&#038;media=https%3A%2F%2Fwww.blanescostabrava.cat%2Fwp-content%2Fuploads%2F2018%2F03%2F19-thegem-blog-timeline-large.jpg\" title=\"Pinterest\"><i class=\"socials-item-icon pinterest\"><\/i><\/a> <a class=\"socials-item\" target=\"_blank\" href=\"https:\/\/www.tumblr.com\/widgets\/share\/tool?canonicalUrl=https%3A%2F%2Fwww.blanescostabrava.cat%2Fde%2Fpf%2Fconcurs-international-de-focs-dartifici-de-die-costa-brava%2F\" title=\"Tumblr\"><i class=\"socials-item-icon tumblr\"><\/i><\/a> <a class=\"socials-item\" target=\"_blank\" href=\"https:\/\/www.linkedin.com\/shareArticle?mini=true&#038;url=https%3A%2F%2Fwww.blanescostabrava.cat%2Fde%2Fpf%2Fconcurs-international-de-focs-dartifici-de-die-costa-brava%2F&#038;title=INTERNATIONALER+WETTBEWERB+DER+K%C3%9CNSTLICHEN+FOKUS+DER+COSTA+BRAVA&amp;summary=Mit+einem+Jahrhundert+pyrotechnischer+Tradition+ist+dieses+Festival+der+Lichter%2C+Farben+und+des+Rauches+eine+der+faszinierendsten+und+wichtigsten+Veranstaltungen+von+Blanes%2C+welche+jedes+Jahr+im+Juli+Zehntausende+von+Zuschauern+an+unsere+Str%C3%A4nde+bringt.\" title=\"LinkedIn\"><i class=\"socials-item-icon linkedin\"><\/i><\/a> <a class=\"socials-item\" target=\"_blank\" href=\"https:\/\/www.reddit.com\/submit?url=https%3A%2F%2Fwww.blanescostabrava.cat%2Fde%2Fpf%2Fconcurs-international-de-focs-dartifici-de-die-costa-brava%2F&#038;title=INTERNATIONALER+WETTBEWERB+DER+K%C3%9CNSTLICHEN+FOKUS+DER+COSTA+BRAVA\" title=\"Reddit\"><i class=\"socials-item-icon reddit\"><\/i><\/a> <\/div> <\/div> <\/div> <div class=\"caption\"> <div class=\"title title-h4\"> INTERNATIONALER WETTBEWERB DER K\u00dcNSTLICHEN FOKUS DER COSTA BRAVA <\/span> <\/div> <div class=\"description\"> <div class=\"subtitle\"><p>Mit einem Jahrhundert pyrotechnischer Tradition ist dieses Festival der Lichter, Farben und des Rauches eine der faszinierendsten und wichtigsten Veranstaltungen von Blanes, welche jedes Jahr im Juli Zehntausende von Zuschauern an unsere Str\u00e4nde bringt.<\/p>\n<\/div> <\/div> <\/div> <\/div> <\/div> <\/div> <\/div> <\/div> <\/div> <div class=\"portfolio-item feste item-animations-not-inited post-66790 thegem_pf_item type-thegem_pf_item status-publish has-post-thumbnail\" style=\"padding: 21px;\" data-default-sort=\"0\" data-sort-date=\"1563796681\"> <div class=\"wrap clearfix\" style=\"border-bottom-color: \"> <div class=\"image post-66790 thegem_pf_item type-thegem_pf_item status-publish has-post-thumbnail\"> <div class=\"image-inner\"> <picture> <img src=\"https:\/\/www.blanescostabrava.cat\/wp-content\/uploads\/2018\/03\/FIESTA-01.jpg\" width=\"607\" height=\"687\" class=\"attachment-thegem-portfolio-justified\" alt=\"Karneval\" \/> <\/picture> <\/div> <div class=\"overlay\"> <div class=\"overlay-circle\"><\/div> <div class=\"links-wrapper\"> <div class=\"links\"> <div class=\"portfolio-icons\"> <a href=\"https:\/\/www.blanescostabrava.cat\/de\/pf\/karneval\/\" target=\"_self\" class=\"icon self-link \"><\/a> <a href=\"javascript: void(0);\" class=\"icon share\"><\/a> <div class=\"overlay-line\"><\/div> <div class=\"portfolio-sharing-pane\"> <div class=\"socials-sharing socials socials-colored-hover\"> <a class=\"socials-item\" target=\"_blank\" href=\"https:\/\/www.facebook.com\/sharer\/sharer.php?u=https%3A%2F%2Fwww.blanescostabrava.cat%2Fde%2Fpf%2Fkarneval%2F\" title=\"Facebook\"><i class=\"socials-item-icon facebook\"><\/i><\/a> <a class=\"socials-item\" target=\"_blank\" href=\"https:\/\/twitter.com\/intent\/tweet?text=Karneval&#038;url=https%3A%2F%2Fwww.blanescostabrava.cat%2Fde%2Fpf%2Fkarneval%2F\" title=\"Twitter\"><i class=\"socials-item-icon twitter\"><\/i><\/a> <a class=\"socials-item\" target=\"_blank\" href=\"https:\/\/pinterest.com\/pin\/create\/button\/?url=https%3A%2F%2Fwww.blanescostabrava.cat%2Fde%2Fpf%2Fkarneval%2F&#038;description=Karneval&#038;media=https%3A%2F%2Fwww.blanescostabrava.cat%2Fwp-content%2Fuploads%2F2018%2F03%2FFIESTA-01.jpg\" title=\"Pinterest\"><i class=\"socials-item-icon pinterest\"><\/i><\/a> <a class=\"socials-item\" target=\"_blank\" href=\"https:\/\/www.tumblr.com\/widgets\/share\/tool?canonicalUrl=https%3A%2F%2Fwww.blanescostabrava.cat%2Fde%2Fpf%2Fkarneval%2F\" title=\"Tumblr\"><i class=\"socials-item-icon tumblr\"><\/i><\/a> <a class=\"socials-item\" target=\"_blank\" href=\"https:\/\/www.linkedin.com\/shareArticle?mini=true&#038;url=https%3A%2F%2Fwww.blanescostabrava.cat%2Fde%2Fpf%2Fkarneval%2F&#038;title=Karneval&amp;summary=Die+Karnevalstage+bieten+eine+au%C3%9Fergew%C3%B6hnliche+Gelegenheit%2C+um+mit+Familie+und+Freunden+Spa%C3%9F+zu+haben.+In+Blanes+bieten+wir+viele+Aktivit%C3%A4ten+an%2C+um+einen+etwas+anderen+Karneval+zu+genie%C3%9Fen%2C+der+sich+auf+verschiedenen+Teilen+der+Stadt+verteilt%2C+um+die+Teilnahme+an+der+wildesten+Party+des+Jahres+zu+erleichtern.\" title=\"LinkedIn\"><i class=\"socials-item-icon linkedin\"><\/i><\/a> <a class=\"socials-item\" target=\"_blank\" href=\"https:\/\/www.reddit.com\/submit?url=https%3A%2F%2Fwww.blanescostabrava.cat%2Fde%2Fpf%2Fkarneval%2F&#038;title=Karneval\" title=\"Reddit\"><i class=\"socials-item-icon reddit\"><\/i><\/a> <\/div> <\/div> <\/div> <div class=\"caption\"> <div class=\"title title-h4\"> Karneval <\/span> <\/div> <div class=\"description\"> <div class=\"subtitle\"><p>Die Karnevalstage bieten eine au\u00dfergew\u00f6hnliche Gelegenheit, um mit Familie und Freunden Spa\u00df zu haben. In Blanes bieten wir viele Aktivit\u00e4ten an, um einen etwas anderen Karneval zu genie\u00dfen, der sich auf verschiedenen Teilen der Stadt verteilt, um die Teilnahme an der wildesten Party des Jahres zu erleichtern.<\/p>\n<\/div> <\/div> <\/div> <\/div> <\/div> <\/div> <\/div> <\/div> <\/div> <div class=\"portfolio-item feste item-animations-not-inited post-66799 thegem_pf_item type-thegem_pf_item status-publish has-post-thumbnail\" style=\"padding: 21px;\" data-default-sort=\"0\" data-sort-date=\"1563796682\"> <div class=\"wrap clearfix\" style=\"border-bottom-color: \"> <div class=\"image post-66799 thegem_pf_item type-thegem_pf_item status-publish has-post-thumbnail\"> <div class=\"image-inner\"> <picture> <img src=\"https:\/\/www.blanescostabrava.cat\/wp-content\/uploads\/2018\/03\/FIESTA-02.jpg\" width=\"607\" height=\"687\" class=\"attachment-thegem-portfolio-justified\" alt=\"Corpus Christi-Blumenteppiche\" \/> <\/picture> <\/div> <div class=\"overlay\"> <div class=\"overlay-circle\"><\/div> <div class=\"links-wrapper\"> <div class=\"links\"> <div class=\"portfolio-icons\"> <a href=\"https:\/\/www.blanescostabrava.cat\/de\/pf\/corpus-christi-blumenteppiche\/\" target=\"_self\" class=\"icon self-link \"><\/a> <a href=\"javascript: void(0);\" class=\"icon share\"><\/a> <div class=\"overlay-line\"><\/div> <div class=\"portfolio-sharing-pane\"> <div class=\"socials-sharing socials socials-colored-hover\"> <a class=\"socials-item\" target=\"_blank\" href=\"https:\/\/www.facebook.com\/sharer\/sharer.php?u=https%3A%2F%2Fwww.blanescostabrava.cat%2Fde%2Fpf%2Fcorpus-christi-blumenteppiche%2F\" title=\"Facebook\"><i class=\"socials-item-icon facebook\"><\/i><\/a> <a class=\"socials-item\" target=\"_blank\" href=\"https:\/\/twitter.com\/intent\/tweet?text=Corpus+Christi-Blumenteppiche&#038;url=https%3A%2F%2Fwww.blanescostabrava.cat%2Fde%2Fpf%2Fcorpus-christi-blumenteppiche%2F\" title=\"Twitter\"><i class=\"socials-item-icon twitter\"><\/i><\/a> <a class=\"socials-item\" target=\"_blank\" href=\"https:\/\/pinterest.com\/pin\/create\/button\/?url=https%3A%2F%2Fwww.blanescostabrava.cat%2Fde%2Fpf%2Fcorpus-christi-blumenteppiche%2F&#038;description=Corpus+Christi-Blumenteppiche&#038;media=https%3A%2F%2Fwww.blanescostabrava.cat%2Fwp-content%2Fuploads%2F2018%2F03%2FFIESTA-02.jpg\" title=\"Pinterest\"><i class=\"socials-item-icon pinterest\"><\/i><\/a> <a class=\"socials-item\" target=\"_blank\" href=\"https:\/\/www.tumblr.com\/widgets\/share\/tool?canonicalUrl=https%3A%2F%2Fwww.blanescostabrava.cat%2Fde%2Fpf%2Fcorpus-christi-blumenteppiche%2F\" title=\"Tumblr\"><i class=\"socials-item-icon tumblr\"><\/i><\/a> <a class=\"socials-item\" target=\"_blank\" href=\"https:\/\/www.linkedin.com\/shareArticle?mini=true&#038;url=https%3A%2F%2Fwww.blanescostabrava.cat%2Fde%2Fpf%2Fcorpus-christi-blumenteppiche%2F&#038;title=Corpus+Christi-Blumenteppiche&amp;summary=Blanes+lebt+dieses+Fest%2C+das+im+Fr%C3%BChjahr+gefeiert+wird%2C+mit+Intensit%C3%A4t.+Kommen+und+sehen+Sie%2C+wie+wir+die+Stra%C3%9Fen+der+Altstadt+mit+wundersch%C3%B6nen+Blumenteppichen+mit+originellen+Motiven+%C3%BCber+das+Dorf+schm%C3%BCcken%2C+wie+z.+B.+unseren+mediterranen+G%C3%A4rten%2C+dem+Wappen+der+Stadt%2C+den+Landschaften%2C+die+uns+ausmachen...\" title=\"LinkedIn\"><i class=\"socials-item-icon linkedin\"><\/i><\/a> <a class=\"socials-item\" target=\"_blank\" href=\"https:\/\/www.reddit.com\/submit?url=https%3A%2F%2Fwww.blanescostabrava.cat%2Fde%2Fpf%2Fcorpus-christi-blumenteppiche%2F&#038;title=Corpus+Christi-Blumenteppiche\" title=\"Reddit\"><i class=\"socials-item-icon reddit\"><\/i><\/a> <\/div> <\/div> <\/div> <div class=\"caption\"> <div class=\"title title-h4\"> Corpus Christi-Blumenteppiche <\/span> <\/div> <div class=\"description\"> <div class=\"subtitle\"><p>Blanes lebt dieses Fest, das im Fr\u00fchjahr gefeiert wird, mit Intensit\u00e4t. Kommen und sehen Sie, wie wir die Stra\u00dfen der Altstadt mit wundersch\u00f6nen Blumenteppichen mit originellen Motiven \u00fcber das Dorf schm\u00fccken, wie z. B. unseren mediterranen G\u00e4rten, dem Wappen der Stadt, den Landschaften, die uns ausmachen&#8230;<\/p>\n<\/div> <\/div> <\/div> <\/div> <\/div> <\/div> <\/div> <\/div> <\/div> <div class=\"portfolio-item feste item-animations-not-inited post-66808 thegem_pf_item type-thegem_pf_item status-publish has-post-thumbnail\" style=\"padding: 21px;\" data-default-sort=\"0\" data-sort-date=\"1563796682\"> <div class=\"wrap clearfix\" style=\"border-bottom-color: \"> <div class=\"image post-66808 thegem_pf_item type-thegem_pf_item status-publish has-post-thumbnail\"> <div class=\"image-inner\"> <picture> <img src=\"https:\/\/www.blanescostabrava.cat\/wp-content\/uploads\/2018\/03\/FIESTA-03.jpg\" width=\"607\" height=\"687\" class=\"attachment-thegem-portfolio-justified\" alt=\"Fest der Kopatronen\" \/> <\/picture> <\/div> <div class=\"overlay\"> <div class=\"overlay-circle\"><\/div> <div class=\"links-wrapper\"> <div class=\"links\"> <div class=\"portfolio-icons\"> <a href=\"https:\/\/www.blanescostabrava.cat\/de\/pf\/fest-der-kopatronen\/\" target=\"_self\" class=\"icon self-link \"><\/a> <a href=\"javascript: void(0);\" class=\"icon share\"><\/a> <div class=\"overlay-line\"><\/div> <div class=\"portfolio-sharing-pane\"> <div class=\"socials-sharing socials socials-colored-hover\"> <a class=\"socials-item\" target=\"_blank\" href=\"https:\/\/www.facebook.com\/sharer\/sharer.php?u=https%3A%2F%2Fwww.blanescostabrava.cat%2Fde%2Fpf%2Ffest-der-kopatronen%2F\" title=\"Facebook\"><i class=\"socials-item-icon facebook\"><\/i><\/a> <a class=\"socials-item\" target=\"_blank\" href=\"https:\/\/twitter.com\/intent\/tweet?text=Fest+der+Kopatronen&#038;url=https%3A%2F%2Fwww.blanescostabrava.cat%2Fde%2Fpf%2Ffest-der-kopatronen%2F\" title=\"Twitter\"><i class=\"socials-item-icon twitter\"><\/i><\/a> <a class=\"socials-item\" target=\"_blank\" href=\"https:\/\/pinterest.com\/pin\/create\/button\/?url=https%3A%2F%2Fwww.blanescostabrava.cat%2Fde%2Fpf%2Ffest-der-kopatronen%2F&#038;description=Fest+der+Kopatronen&#038;media=https%3A%2F%2Fwww.blanescostabrava.cat%2Fwp-content%2Fuploads%2F2018%2F03%2FFIESTA-03.jpg\" title=\"Pinterest\"><i class=\"socials-item-icon pinterest\"><\/i><\/a> <a class=\"socials-item\" target=\"_blank\" href=\"https:\/\/www.tumblr.com\/widgets\/share\/tool?canonicalUrl=https%3A%2F%2Fwww.blanescostabrava.cat%2Fde%2Fpf%2Ffest-der-kopatronen%2F\" title=\"Tumblr\"><i class=\"socials-item-icon tumblr\"><\/i><\/a> <a class=\"socials-item\" target=\"_blank\" href=\"https:\/\/www.linkedin.com\/shareArticle?mini=true&#038;url=https%3A%2F%2Fwww.blanescostabrava.cat%2Fde%2Fpf%2Ffest-der-kopatronen%2F&#038;title=Fest+der+Kopatronen&amp;summary=Es+ist+unser+kleines+Patronatsfest%2C+aber+das+bedeutet+nicht%2C+dass+es+an+attraktivem+Programm+fehlt.\" title=\"LinkedIn\"><i class=\"socials-item-icon linkedin\"><\/i><\/a> <a class=\"socials-item\" target=\"_blank\" href=\"https:\/\/www.reddit.com\/submit?url=https%3A%2F%2Fwww.blanescostabrava.cat%2Fde%2Fpf%2Ffest-der-kopatronen%2F&#038;title=Fest+der+Kopatronen\" title=\"Reddit\"><i class=\"socials-item-icon reddit\"><\/i><\/a> <\/div> <\/div> <\/div> <div class=\"caption\"> <div class=\"title title-h4\"> Fest der Kopatronen <\/span> <\/div> <div class=\"description\"> <div class=\"subtitle\"><p>Es ist unser kleines Patronatsfest, aber das bedeutet nicht, dass es an attraktivem Programm fehlt.<\/p>\n<\/div> <\/div> <\/div> <\/div> <\/div> <\/div> <\/div> <\/div> <\/div> <div class=\"portfolio-item feste item-animations-not-inited post-66817 thegem_pf_item type-thegem_pf_item status-publish has-post-thumbnail\" style=\"padding: 21px;\" data-default-sort=\"0\" data-sort-date=\"1563796683\"> <div class=\"wrap clearfix\" style=\"border-bottom-color: \"> <div class=\"image post-66817 thegem_pf_item type-thegem_pf_item status-publish has-post-thumbnail\"> <div class=\"image-inner\"> <picture> <img src=\"https:\/\/www.blanescostabrava.cat\/wp-content\/uploads\/2018\/03\/FIESTA-04.jpg\" width=\"607\" height=\"687\" class=\"attachment-thegem-portfolio-justified\" alt=\"Patronatsfest\" \/> <\/picture> <\/div> <div class=\"overlay\"> <div class=\"overlay-circle\"><\/div> <div class=\"links-wrapper\"> <div class=\"links\"> <div class=\"portfolio-icons\"> <a href=\"https:\/\/www.blanescostabrava.cat\/de\/pf\/patronatsfest\/\" target=\"_self\" class=\"icon self-link \"><\/a> <a href=\"javascript: void(0);\" class=\"icon share\"><\/a> <div class=\"overlay-line\"><\/div> <div class=\"portfolio-sharing-pane\"> <div class=\"socials-sharing socials socials-colored-hover\"> <a class=\"socials-item\" target=\"_blank\" href=\"https:\/\/www.facebook.com\/sharer\/sharer.php?u=https%3A%2F%2Fwww.blanescostabrava.cat%2Fde%2Fpf%2Fpatronatsfest%2F\" title=\"Facebook\"><i class=\"socials-item-icon facebook\"><\/i><\/a> <a class=\"socials-item\" target=\"_blank\" href=\"https:\/\/twitter.com\/intent\/tweet?text=Patronatsfest&#038;url=https%3A%2F%2Fwww.blanescostabrava.cat%2Fde%2Fpf%2Fpatronatsfest%2F\" title=\"Twitter\"><i class=\"socials-item-icon twitter\"><\/i><\/a> <a class=\"socials-item\" target=\"_blank\" href=\"https:\/\/pinterest.com\/pin\/create\/button\/?url=https%3A%2F%2Fwww.blanescostabrava.cat%2Fde%2Fpf%2Fpatronatsfest%2F&#038;description=Patronatsfest&#038;media=https%3A%2F%2Fwww.blanescostabrava.cat%2Fwp-content%2Fuploads%2F2018%2F03%2FFIESTA-04.jpg\" title=\"Pinterest\"><i class=\"socials-item-icon pinterest\"><\/i><\/a> <a class=\"socials-item\" target=\"_blank\" href=\"https:\/\/www.tumblr.com\/widgets\/share\/tool?canonicalUrl=https%3A%2F%2Fwww.blanescostabrava.cat%2Fde%2Fpf%2Fpatronatsfest%2F\" title=\"Tumblr\"><i class=\"socials-item-icon tumblr\"><\/i><\/a> <a class=\"socials-item\" target=\"_blank\" href=\"https:\/\/www.linkedin.com\/shareArticle?mini=true&#038;url=https%3A%2F%2Fwww.blanescostabrava.cat%2Fde%2Fpf%2Fpatronatsfest%2F&#038;title=Patronatsfest&amp;summary=Ende+Juli+feiern+wir+in+Blanes+das+Patronatsfest+zu+Ehren+unserer+Schutzpatronin+Santa+Anna.+\" title=\"LinkedIn\"><i class=\"socials-item-icon linkedin\"><\/i><\/a> <a class=\"socials-item\" target=\"_blank\" href=\"https:\/\/www.reddit.com\/submit?url=https%3A%2F%2Fwww.blanescostabrava.cat%2Fde%2Fpf%2Fpatronatsfest%2F&#038;title=Patronatsfest\" title=\"Reddit\"><i class=\"socials-item-icon reddit\"><\/i><\/a> <\/div> <\/div> <\/div> <div class=\"caption\"> <div class=\"title title-h4\"> Patronatsfest <\/span> <\/div> <div class=\"description\"> <div class=\"subtitle\"><p>Ende Juli feiern wir in Blanes das Patronatsfest zu Ehren unserer Schutzpatronin Santa Anna. <\/p>\n<\/div> <\/div> <\/div> <\/div> <\/div> <\/div> <\/div> <\/div> <\/div> <div class=\"portfolio-item feste item-animations-not-inited post-66823 thegem_pf_item type-thegem_pf_item status-publish has-post-thumbnail\" style=\"padding: 21px;\" data-default-sort=\"0\" data-sort-date=\"1563796683\"> <div class=\"wrap clearfix\" style=\"border-bottom-color: \"> <div class=\"image post-66823 thegem_pf_item type-thegem_pf_item status-publish has-post-thumbnail\"> <div class=\"image-inner\"> <picture> <img src=\"https:\/\/www.blanescostabrava.cat\/wp-content\/uploads\/2018\/03\/FIESTA-05.jpg\" width=\"607\" height=\"687\" class=\"attachment-thegem-portfolio-justified\" alt=\"Ostern\" \/> <\/picture> <\/div> <div class=\"overlay\"> <div class=\"overlay-circle\"><\/div> <div class=\"links-wrapper\"> <div class=\"links\"> <div class=\"portfolio-icons\"> <a href=\"https:\/\/www.blanescostabrava.cat\/de\/pf\/ostern\/\" target=\"_self\" class=\"icon self-link \"><\/a> <a href=\"javascript: void(0);\" class=\"icon share\"><\/a> <div class=\"overlay-line\"><\/div> <div class=\"portfolio-sharing-pane\"> <div class=\"socials-sharing socials socials-colored-hover\"> <a class=\"socials-item\" target=\"_blank\" href=\"https:\/\/www.facebook.com\/sharer\/sharer.php?u=https%3A%2F%2Fwww.blanescostabrava.cat%2Fde%2Fpf%2Fostern%2F\" title=\"Facebook\"><i class=\"socials-item-icon facebook\"><\/i><\/a> <a class=\"socials-item\" target=\"_blank\" href=\"https:\/\/twitter.com\/intent\/tweet?text=Ostern&#038;url=https%3A%2F%2Fwww.blanescostabrava.cat%2Fde%2Fpf%2Fostern%2F\" title=\"Twitter\"><i class=\"socials-item-icon twitter\"><\/i><\/a> <a class=\"socials-item\" target=\"_blank\" href=\"https:\/\/pinterest.com\/pin\/create\/button\/?url=https%3A%2F%2Fwww.blanescostabrava.cat%2Fde%2Fpf%2Fostern%2F&#038;description=Ostern&#038;media=https%3A%2F%2Fwww.blanescostabrava.cat%2Fwp-content%2Fuploads%2F2018%2F03%2FFIESTA-05.jpg\" title=\"Pinterest\"><i class=\"socials-item-icon pinterest\"><\/i><\/a> <a class=\"socials-item\" target=\"_blank\" href=\"https:\/\/www.tumblr.com\/widgets\/share\/tool?canonicalUrl=https%3A%2F%2Fwww.blanescostabrava.cat%2Fde%2Fpf%2Fostern%2F\" title=\"Tumblr\"><i class=\"socials-item-icon tumblr\"><\/i><\/a> <a class=\"socials-item\" target=\"_blank\" href=\"https:\/\/www.linkedin.com\/shareArticle?mini=true&#038;url=https%3A%2F%2Fwww.blanescostabrava.cat%2Fde%2Fpf%2Fostern%2F&#038;title=Ostern&amp;summary=Die+Osterbr%C3%A4uche+sind+in+Blanes+noch+sehr+pr%C3%A4sent.+Eine+der+beliebtesten+Prozessionen+ist+die+des+Engels%2C+die+am+Ostersonntag+stattfindet+und+aus+zwei+Prozessionen+besteht%2C+welche+in+gewissenhafter+Stille+aus+der+Kirche+Santa+Maria+kommen+und+sich+auf+der+Plaza+del+dies+Feiners+treffen%2C+wo+der+Gesang+des+Engels+interpretiert+wird.+\" title=\"LinkedIn\"><i class=\"socials-item-icon linkedin\"><\/i><\/a> <a class=\"socials-item\" target=\"_blank\" href=\"https:\/\/www.reddit.com\/submit?url=https%3A%2F%2Fwww.blanescostabrava.cat%2Fde%2Fpf%2Fostern%2F&#038;title=Ostern\" title=\"Reddit\"><i class=\"socials-item-icon reddit\"><\/i><\/a> <\/div> <\/div> <\/div> <div class=\"caption\"> <div class=\"title title-h4\"> Ostern <\/span> <\/div> <div class=\"description\"> <div class=\"subtitle\"><p>Die Osterbr\u00e4uche sind in Blanes noch sehr pr\u00e4sent. Eine der beliebtesten Prozessionen ist die des Engels, die am Ostersonntag stattfindet und aus zwei Prozessionen besteht, welche in gewissenhafter Stille aus der Kirche Santa Maria kommen und sich auf der Plaza del dies Feiners treffen, wo der Gesang des Engels interpretiert wird. <\/p>\n<\/div> <\/div> <\/div> <\/div> <\/div> <\/div> <\/div> <\/div> <\/div> <div class=\"portfolio-item feste item-animations-not-inited post-66835 thegem_pf_item type-thegem_pf_item status-publish has-post-thumbnail\" style=\"padding: 21px;\" data-default-sort=\"0\" data-sort-date=\"1563796684\"> <div class=\"wrap clearfix\" style=\"border-bottom-color: \"> <div class=\"image post-66835 thegem_pf_item type-thegem_pf_item status-publish has-post-thumbnail\"> <div class=\"image-inner\"> <picture> <img src=\"https:\/\/www.blanescostabrava.cat\/wp-content\/uploads\/2018\/03\/FIESTA-06.jpg\" width=\"607\" height=\"687\" class=\"attachment-thegem-portfolio-justified\" alt=\"Weihnachten\" \/> <\/picture> <\/div> <div class=\"overlay\"> <div class=\"overlay-circle\"><\/div> <div class=\"links-wrapper\"> <div class=\"links\"> <div class=\"portfolio-icons\"> <a href=\"https:\/\/www.blanescostabrava.cat\/de\/pf\/weihnachten\/\" target=\"_self\" class=\"icon self-link \"><\/a> <a href=\"javascript: void(0);\" class=\"icon share\"><\/a> <div class=\"overlay-line\"><\/div> <div class=\"portfolio-sharing-pane\"> <div class=\"socials-sharing socials socials-colored-hover\"> <a class=\"socials-item\" target=\"_blank\" href=\"https:\/\/www.facebook.com\/sharer\/sharer.php?u=https%3A%2F%2Fwww.blanescostabrava.cat%2Fde%2Fpf%2Fweihnachten%2F\" title=\"Facebook\"><i class=\"socials-item-icon facebook\"><\/i><\/a> <a class=\"socials-item\" target=\"_blank\" href=\"https:\/\/twitter.com\/intent\/tweet?text=Weihnachten&#038;url=https%3A%2F%2Fwww.blanescostabrava.cat%2Fde%2Fpf%2Fweihnachten%2F\" title=\"Twitter\"><i class=\"socials-item-icon twitter\"><\/i><\/a> <a class=\"socials-item\" target=\"_blank\" href=\"https:\/\/pinterest.com\/pin\/create\/button\/?url=https%3A%2F%2Fwww.blanescostabrava.cat%2Fde%2Fpf%2Fweihnachten%2F&#038;description=Weihnachten&#038;media=https%3A%2F%2Fwww.blanescostabrava.cat%2Fwp-content%2Fuploads%2F2018%2F03%2FFIESTA-06.jpg\" title=\"Pinterest\"><i class=\"socials-item-icon pinterest\"><\/i><\/a> <a class=\"socials-item\" target=\"_blank\" href=\"https:\/\/www.tumblr.com\/widgets\/share\/tool?canonicalUrl=https%3A%2F%2Fwww.blanescostabrava.cat%2Fde%2Fpf%2Fweihnachten%2F\" title=\"Tumblr\"><i class=\"socials-item-icon tumblr\"><\/i><\/a> <a class=\"socials-item\" target=\"_blank\" href=\"https:\/\/www.linkedin.com\/shareArticle?mini=true&#038;url=https%3A%2F%2Fwww.blanescostabrava.cat%2Fde%2Fpf%2Fweihnachten%2F&#038;title=Weihnachten&amp;summary=Die+Magie+von+Weihnachten+wird+in+all+ihrer+Intensit%C3%A4t+gelebt.+Es+ist+eine+sehr+empfehlenswerte+Zeit%2C+uns+zu+besuchen%2C+denn+w%C3%A4hrend+dieser+besonderen+Tage+verwandelt+sich+die+Stadt+durch+die+Weihnachtsbeleuchtung%2C+der+Stra%C3%9Fendekoration%2C+dem+Weihnachtsmarkt%2C+der+traditionellen+Krippe...\" title=\"LinkedIn\"><i class=\"socials-item-icon linkedin\"><\/i><\/a> <a class=\"socials-item\" target=\"_blank\" href=\"https:\/\/www.reddit.com\/submit?url=https%3A%2F%2Fwww.blanescostabrava.cat%2Fde%2Fpf%2Fweihnachten%2F&#038;title=Weihnachten\" title=\"Reddit\"><i class=\"socials-item-icon reddit\"><\/i><\/a> <\/div> <\/div> <\/div> <div class=\"caption\"> <div class=\"title title-h4\"> Weihnachten <\/span> <\/div> <div class=\"description\"> <div class=\"subtitle\"><p>Die Magie von Weihnachten wird in all ihrer Intensit\u00e4t gelebt. Es ist eine sehr empfehlenswerte Zeit, uns zu besuchen, denn w\u00e4hrend dieser besonderen Tage verwandelt sich die Stadt durch die Weihnachtsbeleuchtung, der Stra\u00dfendekoration, dem Weihnachtsmarkt, der traditionellen Krippe&#8230;<\/p>\n<\/div> <\/div> <\/div> <\/div> <\/div> <\/div> <\/div> <\/div> <\/div> <div class=\"portfolio-item feste item-animations-not-inited post-66841 thegem_pf_item type-thegem_pf_item status-publish has-post-thumbnail\" style=\"padding: 21px;\" data-default-sort=\"0\" data-sort-date=\"1563796685\"> <div class=\"wrap clearfix\" style=\"border-bottom-color: \"> <div class=\"image post-66841 thegem_pf_item type-thegem_pf_item status-publish has-post-thumbnail\"> <div class=\"image-inner\"> <picture> <img src=\"https:\/\/www.blanescostabrava.cat\/wp-content\/uploads\/2018\/03\/FIESTA-07.jpg\" width=\"607\" height=\"687\" class=\"attachment-thegem-portfolio-justified\" alt=\"Prozession der heiligen Dreik\u00f6nige\" \/> <\/picture> <\/div> <div class=\"overlay\"> <div class=\"overlay-circle\"><\/div> <div class=\"links-wrapper\"> <div class=\"links\"> <div class=\"portfolio-icons\"> <a href=\"https:\/\/www.blanescostabrava.cat\/de\/pf\/prozession-der-heiligen-dreikonige\/\" target=\"_self\" class=\"icon self-link \"><\/a> <a href=\"javascript: void(0);\" class=\"icon share\"><\/a> <div class=\"overlay-line\"><\/div> <div class=\"portfolio-sharing-pane\"> <div class=\"socials-sharing socials socials-colored-hover\"> <a class=\"socials-item\" target=\"_blank\" href=\"https:\/\/www.facebook.com\/sharer\/sharer.php?u=https%3A%2F%2Fwww.blanescostabrava.cat%2Fde%2Fpf%2Fprozession-der-heiligen-dreikonige%2F\" title=\"Facebook\"><i class=\"socials-item-icon facebook\"><\/i><\/a> <a class=\"socials-item\" target=\"_blank\" href=\"https:\/\/twitter.com\/intent\/tweet?text=Prozession+der+heiligen+Dreik%C3%B6nige&#038;url=https%3A%2F%2Fwww.blanescostabrava.cat%2Fde%2Fpf%2Fprozession-der-heiligen-dreikonige%2F\" title=\"Twitter\"><i class=\"socials-item-icon twitter\"><\/i><\/a> <a class=\"socials-item\" target=\"_blank\" href=\"https:\/\/pinterest.com\/pin\/create\/button\/?url=https%3A%2F%2Fwww.blanescostabrava.cat%2Fde%2Fpf%2Fprozession-der-heiligen-dreikonige%2F&#038;description=Prozession+der+heiligen+Dreik%C3%B6nige&#038;media=https%3A%2F%2Fwww.blanescostabrava.cat%2Fwp-content%2Fuploads%2F2018%2F03%2FFIESTA-07.jpg\" title=\"Pinterest\"><i class=\"socials-item-icon pinterest\"><\/i><\/a> <a class=\"socials-item\" target=\"_blank\" href=\"https:\/\/www.tumblr.com\/widgets\/share\/tool?canonicalUrl=https%3A%2F%2Fwww.blanescostabrava.cat%2Fde%2Fpf%2Fprozession-der-heiligen-dreikonige%2F\" title=\"Tumblr\"><i class=\"socials-item-icon tumblr\"><\/i><\/a> <a class=\"socials-item\" target=\"_blank\" href=\"https:\/\/www.linkedin.com\/shareArticle?mini=true&#038;url=https%3A%2F%2Fwww.blanescostabrava.cat%2Fde%2Fpf%2Fprozession-der-heiligen-dreikonige%2F&#038;title=Prozession+der+heiligen+Dreik%C3%B6nige&amp;summary=Wie+sollten+die+Heiligen+Drei+K%C3%B6nige+anreisen%2C+wenn+nicht+auf+dem+Seeweg%3F+In+Blanes+kommt+die+gute+Nachricht+aus+dem+Mittelmeer+und+jedes+Jahr+beginnt+die+Parade+mit+der+Ankunft+eines+Schiffes+voller+Magie%2C+das+von+einer+Vielzahl+von+Kindern%2C+die+unsere+Stadt+w%C3%A4hlen%2C+um+eine+so+besondere+Tradition+wie+diese+zu+leben%2C+vom+Land+aus+sehns%C3%BCchtig+erwartet+wird.\" title=\"LinkedIn\"><i class=\"socials-item-icon linkedin\"><\/i><\/a> <a class=\"socials-item\" target=\"_blank\" href=\"https:\/\/www.reddit.com\/submit?url=https%3A%2F%2Fwww.blanescostabrava.cat%2Fde%2Fpf%2Fprozession-der-heiligen-dreikonige%2F&#038;title=Prozession+der+heiligen+Dreik%C3%B6nige\" title=\"Reddit\"><i class=\"socials-item-icon reddit\"><\/i><\/a> <\/div> <\/div> <\/div> <div class=\"caption\"> <div class=\"title title-h4\"> Prozession der heiligen Dreik\u00f6nige <\/span> <\/div> <div class=\"description\"> <div class=\"subtitle\"><p>Wie sollten die Heiligen Drei K\u00f6nige anreisen, wenn nicht auf dem Seeweg? In Blanes kommt die gute Nachricht aus dem Mittelmeer und jedes Jahr beginnt die Parade mit der Ankunft eines Schiffes voller Magie, das von einer Vielzahl von Kindern, die unsere Stadt w\u00e4hlen, um eine so besondere Tradition wie diese zu leben, vom Land aus sehns\u00fcchtig erwartet wird.<\/p>\n<\/div> <\/div> <\/div> <\/div> <\/div> <\/div> <\/div> <\/div> <\/div> <div class=\"portfolio-item strande-und-buchten item-animations-not-inited post-66847 thegem_pf_item type-thegem_pf_item status-publish has-post-thumbnail\" style=\"padding: 21px;\" data-default-sort=\"0\" data-sort-date=\"1563796685\"> <div class=\"wrap clearfix\" style=\"border-bottom-color: \"> <div class=\"image post-66847 thegem_pf_item type-thegem_pf_item status-publish has-post-thumbnail\"> <div class=\"image-inner\"> <picture> <img src=\"https:\/\/www.blanescostabrava.cat\/wp-content\/uploads\/2018\/03\/3-thegem-portfolio-justified.jpg\" width=\"844\" height=\"620\" class=\"attachment-thegem-portfolio-justified\" alt=\"Cala Sant Francesc \/ Cala Bona\" \/> <\/picture> <\/div> <div class=\"overlay\"> <div class=\"overlay-circle\"><\/div> <div class=\"links-wrapper\"> <div class=\"links\"> <div class=\"portfolio-icons\"> <a href=\"https:\/\/www.blanescostabrava.cat\/de\/pf\/cala-sant-francesc-cala-bona\/\" target=\"_self\" class=\"icon self-link \"><\/a> <a href=\"javascript: void(0);\" class=\"icon share\"><\/a> <div class=\"overlay-line\"><\/div> <div class=\"portfolio-sharing-pane\"> <div class=\"socials-sharing socials socials-colored-hover\"> <a class=\"socials-item\" target=\"_blank\" href=\"https:\/\/www.facebook.com\/sharer\/sharer.php?u=https%3A%2F%2Fwww.blanescostabrava.cat%2Fde%2Fpf%2Fcala-sant-francesc-cala-bona%2F\" title=\"Facebook\"><i class=\"socials-item-icon facebook\"><\/i><\/a> <a class=\"socials-item\" target=\"_blank\" href=\"https:\/\/twitter.com\/intent\/tweet?text=Cala+Sant+Francesc+%2F+Cala+Bona&#038;url=https%3A%2F%2Fwww.blanescostabrava.cat%2Fde%2Fpf%2Fcala-sant-francesc-cala-bona%2F\" title=\"Twitter\"><i class=\"socials-item-icon twitter\"><\/i><\/a> <a class=\"socials-item\" target=\"_blank\" href=\"https:\/\/pinterest.com\/pin\/create\/button\/?url=https%3A%2F%2Fwww.blanescostabrava.cat%2Fde%2Fpf%2Fcala-sant-francesc-cala-bona%2F&#038;description=Cala+Sant+Francesc+%2F+Cala+Bona&#038;media=https%3A%2F%2Fwww.blanescostabrava.cat%2Fwp-content%2Fuploads%2F2018%2F03%2F3-thegem-blog-timeline-large.jpg\" title=\"Pinterest\"><i class=\"socials-item-icon pinterest\"><\/i><\/a> <a class=\"socials-item\" target=\"_blank\" href=\"https:\/\/www.tumblr.com\/widgets\/share\/tool?canonicalUrl=https%3A%2F%2Fwww.blanescostabrava.cat%2Fde%2Fpf%2Fcala-sant-francesc-cala-bona%2F\" title=\"Tumblr\"><i class=\"socials-item-icon tumblr\"><\/i><\/a> <a class=\"socials-item\" target=\"_blank\" href=\"https:\/\/www.linkedin.com\/shareArticle?mini=true&#038;url=https%3A%2F%2Fwww.blanescostabrava.cat%2Fde%2Fpf%2Fcala-sant-francesc-cala-bona%2F&#038;title=Cala+Sant+Francesc+%2F+Cala+Bona&amp;summary=%5Bvc_row+full_width%3D%26%238220%3Bstretch_row%26%238220%3B+css%3D%26%238220%3B.vc_custom_1521931087644%7Bbackground-image%3A+url%28https%3A%2F%2Fwww.blanescostabrava.cat%2Fwp-content%2Fuploads%2F2018%2F03%2F3.jpg%3Fid%3D32552%29+%21important%3B%7D%26%238220%3B+el_class%3D%26%238220%3Bcabecera-pagina-interna+cabecera-ficha%26%238220%3B%5D%5Bvc_column%5D%5Bvc_column_text%5D+Cala+Sant+Francesc+%2F+Cala+Bona+%5B%2Fvc_column_text%5D%5B%2Fvc_column%5D%5B%2Fvc_row%5D%5Bvc_row%5D%5Bvc_column%5D%5Bvc_column_text+el_class%3D%26%238220%3Btextos-ficha-interna%26%238220%3B%5DAuch+bekannt+als+die+Cala+Bona%2C...\" title=\"LinkedIn\"><i class=\"socials-item-icon linkedin\"><\/i><\/a> <a class=\"socials-item\" target=\"_blank\" href=\"https:\/\/www.reddit.com\/submit?url=https%3A%2F%2Fwww.blanescostabrava.cat%2Fde%2Fpf%2Fcala-sant-francesc-cala-bona%2F&#038;title=Cala+Sant+Francesc+%2F+Cala+Bona\" title=\"Reddit\"><i class=\"socials-item-icon reddit\"><\/i><\/a> <\/div> <\/div> <\/div> <div class=\"caption\"> <div class=\"title title-h4\"> Cala Sant Francesc \/ Cala Bona <\/span> <\/div> <div class=\"description\"> <\/div> <\/div> <\/div> <\/div> <\/div> <\/div> <\/div> <\/div> <div class=\"portfolio-item strande-und-buchten item-animations-not-inited post-66850 thegem_pf_item type-thegem_pf_item status-publish has-post-thumbnail\" style=\"padding: 21px;\" data-default-sort=\"0\" data-sort-date=\"1563796686\"> <div class=\"wrap clearfix\" style=\"border-bottom-color: \"> <div class=\"image post-66850 thegem_pf_item type-thegem_pf_item status-publish has-post-thumbnail\"> <div class=\"image-inner\"> <picture> <img src=\"https:\/\/www.blanescostabrava.cat\/wp-content\/uploads\/2018\/03\/24-thegem-portfolio-justified.jpg\" width=\"844\" height=\"620\" class=\"attachment-thegem-portfolio-justified\" alt=\"Cala Treumal\" \/> <\/picture> <\/div> <div class=\"overlay\"> <div class=\"overlay-circle\"><\/div> <div class=\"links-wrapper\"> <div class=\"links\"> <div class=\"portfolio-icons\"> <a href=\"https:\/\/www.blanescostabrava.cat\/de\/pf\/cala-treumal\/\" target=\"_self\" class=\"icon self-link \"><\/a> <a href=\"javascript: void(0);\" class=\"icon share\"><\/a> <div class=\"overlay-line\"><\/div> <div class=\"portfolio-sharing-pane\"> <div class=\"socials-sharing socials socials-colored-hover\"> <a class=\"socials-item\" target=\"_blank\" href=\"https:\/\/www.facebook.com\/sharer\/sharer.php?u=https%3A%2F%2Fwww.blanescostabrava.cat%2Fde%2Fpf%2Fcala-treumal%2F\" title=\"Facebook\"><i class=\"socials-item-icon facebook\"><\/i><\/a> <a class=\"socials-item\" target=\"_blank\" href=\"https:\/\/twitter.com\/intent\/tweet?text=Cala+Treumal&#038;url=https%3A%2F%2Fwww.blanescostabrava.cat%2Fde%2Fpf%2Fcala-treumal%2F\" title=\"Twitter\"><i class=\"socials-item-icon twitter\"><\/i><\/a> <a class=\"socials-item\" target=\"_blank\" href=\"https:\/\/pinterest.com\/pin\/create\/button\/?url=https%3A%2F%2Fwww.blanescostabrava.cat%2Fde%2Fpf%2Fcala-treumal%2F&#038;description=Cala+Treumal&#038;media=https%3A%2F%2Fwww.blanescostabrava.cat%2Fwp-content%2Fuploads%2F2018%2F03%2F24-thegem-blog-timeline-large.jpg\" title=\"Pinterest\"><i class=\"socials-item-icon pinterest\"><\/i><\/a> <a class=\"socials-item\" target=\"_blank\" href=\"https:\/\/www.tumblr.com\/widgets\/share\/tool?canonicalUrl=https%3A%2F%2Fwww.blanescostabrava.cat%2Fde%2Fpf%2Fcala-treumal%2F\" title=\"Tumblr\"><i class=\"socials-item-icon tumblr\"><\/i><\/a> <a class=\"socials-item\" target=\"_blank\" href=\"https:\/\/www.linkedin.com\/shareArticle?mini=true&#038;url=https%3A%2F%2Fwww.blanescostabrava.cat%2Fde%2Fpf%2Fcala-treumal%2F&#038;title=Cala+Treumal&amp;summary=%5Bvc_row+full_width%3D%26%238220%3Bstretch_row%26%238220%3B+css%3D%26%238220%3B.vc_custom_1521931181730%7Bbackground-image%3A+url%28https%3A%2F%2Fwww.blanescostabrava.cat%2Fwp-content%2Fuploads%2F2018%2F03%2F24.jpg%3Fid%3D32572%29+%21important%3B%7D%26%238220%3B+el_class%3D%26%238220%3Bcabecera-pagina-interna+cabecera-ficha%26%238220%3B%5D%5Bvc_column%5D%5Bvc_column_text%5D+Cala+Treumal+%5B%2Fvc_column_text%5D%5B%2Fvc_column%5D%5B%2Fvc_row%5D%5Bvc_row%5D%5Bvc_column%5D%5Bvc_column_text+el_class%3D%26%238220%3Btextos-ficha-interna%26%238220%3B%5DDer+n%C3%B6rdlichste+Strand+der+Gemeinde%2C+klein+aber+sehr+authentisch.+Mit...\" title=\"LinkedIn\"><i class=\"socials-item-icon linkedin\"><\/i><\/a> <a class=\"socials-item\" target=\"_blank\" href=\"https:\/\/www.reddit.com\/submit?url=https%3A%2F%2Fwww.blanescostabrava.cat%2Fde%2Fpf%2Fcala-treumal%2F&#038;title=Cala+Treumal\" title=\"Reddit\"><i class=\"socials-item-icon reddit\"><\/i><\/a> <\/div> <\/div> <\/div> <div class=\"caption\"> <div class=\"title title-h4\"> Cala Treumal <\/span> <\/div> <div class=\"description\"> <\/div> <\/div> <\/div> <\/div> <\/div> <\/div> <\/div> <\/div> <div class=\"portfolio-item strande-und-buchten item-animations-not-inited post-66853 thegem_pf_item type-thegem_pf_item status-publish has-post-thumbnail\" style=\"padding: 21px;\" data-default-sort=\"0\" data-sort-date=\"1563796686\"> <div class=\"wrap clearfix\" style=\"border-bottom-color: \"> <div class=\"image post-66853 thegem_pf_item type-thegem_pf_item status-publish has-post-thumbnail\"> <div class=\"image-inner\"> <picture> <img src=\"https:\/\/www.blanescostabrava.cat\/wp-content\/uploads\/2018\/03\/29-thegem-portfolio-justified.jpg\" width=\"844\" height=\"620\" class=\"attachment-thegem-portfolio-justified\" alt=\"Strand von Blanes\" \/> <\/picture> <\/div> <div class=\"overlay\"> <div class=\"overlay-circle\"><\/div> <div class=\"links-wrapper\"> <div class=\"links\"> <div class=\"portfolio-icons\"> <a href=\"https:\/\/www.blanescostabrava.cat\/de\/pf\/strand-von-blanes\/\" target=\"_self\" class=\"icon self-link \"><\/a> <a href=\"javascript: void(0);\" class=\"icon share\"><\/a> <div class=\"overlay-line\"><\/div> <div class=\"portfolio-sharing-pane\"> <div class=\"socials-sharing socials socials-colored-hover\"> <a class=\"socials-item\" target=\"_blank\" href=\"https:\/\/www.facebook.com\/sharer\/sharer.php?u=https%3A%2F%2Fwww.blanescostabrava.cat%2Fde%2Fpf%2Fstrand-von-blanes%2F\" title=\"Facebook\"><i class=\"socials-item-icon facebook\"><\/i><\/a> <a class=\"socials-item\" target=\"_blank\" href=\"https:\/\/twitter.com\/intent\/tweet?text=Strand+von+Blanes&#038;url=https%3A%2F%2Fwww.blanescostabrava.cat%2Fde%2Fpf%2Fstrand-von-blanes%2F\" title=\"Twitter\"><i class=\"socials-item-icon twitter\"><\/i><\/a> <a class=\"socials-item\" target=\"_blank\" href=\"https:\/\/pinterest.com\/pin\/create\/button\/?url=https%3A%2F%2Fwww.blanescostabrava.cat%2Fde%2Fpf%2Fstrand-von-blanes%2F&#038;description=Strand+von+Blanes&#038;media=https%3A%2F%2Fwww.blanescostabrava.cat%2Fwp-content%2Fuploads%2F2018%2F03%2F29-thegem-blog-timeline-large.jpg\" title=\"Pinterest\"><i class=\"socials-item-icon pinterest\"><\/i><\/a> <a class=\"socials-item\" target=\"_blank\" href=\"https:\/\/www.tumblr.com\/widgets\/share\/tool?canonicalUrl=https%3A%2F%2Fwww.blanescostabrava.cat%2Fde%2Fpf%2Fstrand-von-blanes%2F\" title=\"Tumblr\"><i class=\"socials-item-icon tumblr\"><\/i><\/a> <a class=\"socials-item\" target=\"_blank\" href=\"https:\/\/www.linkedin.com\/shareArticle?mini=true&#038;url=https%3A%2F%2Fwww.blanescostabrava.cat%2Fde%2Fpf%2Fstrand-von-blanes%2F&#038;title=Strand+von+Blanes&amp;summary=%5Bvc_row+full_width%3D%26%238220%3Bstretch_row%26%238220%3B+css%3D%26%238220%3B.vc_custom_1521931236123%7Bbackground-image%3A+url%28https%3A%2F%2Fwww.blanescostabrava.cat%2Fwp-content%2Fuploads%2F2018%2F03%2F29.jpg%3Fid%3D32577%29+%21important%3B%7D%26%238220%3B+el_class%3D%26%238220%3Bcabecera-pagina-interna+cabecera-ficha%26%238220%3B%5D%5Bvc_column%5D%5Bvc_column_text%5D+Strand+von+Blanes+%5B%2Fvc_column_text%5D%5B%2Fvc_column%5D%5B%2Fvc_row%5D%5Bvc_row%5D%5Bvc_column%5D%5Bvc_column_text+el_class%3D%26%238220%3Btextos-ficha-interna%26%238220%3B%5DIm+Stadtzentrum%2C+neben+dem+Hafen+und+auf+der+rechten...\" title=\"LinkedIn\"><i class=\"socials-item-icon linkedin\"><\/i><\/a> <a class=\"socials-item\" target=\"_blank\" href=\"https:\/\/www.reddit.com\/submit?url=https%3A%2F%2Fwww.blanescostabrava.cat%2Fde%2Fpf%2Fstrand-von-blanes%2F&#038;title=Strand+von+Blanes\" title=\"Reddit\"><i class=\"socials-item-icon reddit\"><\/i><\/a> <\/div> <\/div> <\/div> <div class=\"caption\"> <div class=\"title title-h4\"> Strand von Blanes <\/span> <\/div> <div class=\"description\"> <\/div> <\/div> <\/div> <\/div> <\/div> <\/div> <\/div> <\/div> <div class=\"portfolio-item strande-und-buchten item-animations-not-inited post-66856 thegem_pf_item type-thegem_pf_item status-publish has-post-thumbnail\" style=\"padding: 21px;\" data-default-sort=\"0\" data-sort-date=\"1563796687\"> <div class=\"wrap clearfix\" style=\"border-bottom-color: \"> <div class=\"image post-66856 thegem_pf_item type-thegem_pf_item status-publish has-post-thumbnail\"> <div class=\"image-inner\"> <picture> <img src=\"https:\/\/www.blanescostabrava.cat\/wp-content\/uploads\/2018\/03\/26-thegem-portfolio-justified.jpg\" width=\"844\" height=\"620\" class=\"attachment-thegem-portfolio-justified\" alt=\"Punta de Santa Anna\" \/> <\/picture> <\/div> <div class=\"overlay\"> <div class=\"overlay-circle\"><\/div> <div class=\"links-wrapper\"> <div class=\"links\"> <div class=\"portfolio-icons\"> <a href=\"https:\/\/www.blanescostabrava.cat\/de\/pf\/punta-de-santa-anna\/\" target=\"_self\" class=\"icon self-link \"><\/a> <a href=\"javascript: void(0);\" class=\"icon share\"><\/a> <div class=\"overlay-line\"><\/div> <div class=\"portfolio-sharing-pane\"> <div class=\"socials-sharing socials socials-colored-hover\"> <a class=\"socials-item\" target=\"_blank\" href=\"https:\/\/www.facebook.com\/sharer\/sharer.php?u=https%3A%2F%2Fwww.blanescostabrava.cat%2Fde%2Fpf%2Fpunta-de-santa-anna%2F\" title=\"Facebook\"><i class=\"socials-item-icon facebook\"><\/i><\/a> <a class=\"socials-item\" target=\"_blank\" href=\"https:\/\/twitter.com\/intent\/tweet?text=Punta+de+Santa+Anna&#038;url=https%3A%2F%2Fwww.blanescostabrava.cat%2Fde%2Fpf%2Fpunta-de-santa-anna%2F\" title=\"Twitter\"><i class=\"socials-item-icon twitter\"><\/i><\/a> <a class=\"socials-item\" target=\"_blank\" href=\"https:\/\/pinterest.com\/pin\/create\/button\/?url=https%3A%2F%2Fwww.blanescostabrava.cat%2Fde%2Fpf%2Fpunta-de-santa-anna%2F&#038;description=Punta+de+Santa+Anna&#038;media=https%3A%2F%2Fwww.blanescostabrava.cat%2Fwp-content%2Fuploads%2F2018%2F03%2F26-thegem-blog-timeline-large.jpg\" title=\"Pinterest\"><i class=\"socials-item-icon pinterest\"><\/i><\/a> <a class=\"socials-item\" target=\"_blank\" href=\"https:\/\/www.tumblr.com\/widgets\/share\/tool?canonicalUrl=https%3A%2F%2Fwww.blanescostabrava.cat%2Fde%2Fpf%2Fpunta-de-santa-anna%2F\" title=\"Tumblr\"><i class=\"socials-item-icon tumblr\"><\/i><\/a> <a class=\"socials-item\" target=\"_blank\" href=\"https:\/\/www.linkedin.com\/shareArticle?mini=true&#038;url=https%3A%2F%2Fwww.blanescostabrava.cat%2Fde%2Fpf%2Fpunta-de-santa-anna%2F&#038;title=Punta+de+Santa+Anna&amp;summary=%5Bvc_row+full_width%3D%26%238220%3Bstretch_row%26%238220%3B+css%3D%26%238220%3B.vc_custom_1521931295821%7Bbackground-image%3A+url%28https%3A%2F%2Fwww.blanescostabrava.cat%2Fwp-content%2Fuploads%2F2018%2F03%2F26.jpg%3Fid%3D32574%29+%21important%3B%7D%26%238220%3B+el_class%3D%26%238220%3Bcabecera-pagina-interna+cabecera-ficha%26%238220%3B%5D%5Bvc_column%5D%5Bvc_column_text%5D+Punta+de+Santa+Anna+%5B%2Fvc_column_text%5D%5B%2Fvc_column%5D%5B%2Fvc_row%5D%5Bvc_row%5D%5Bvc_column%5D%5Bvc_column_text+el_class%3D%26%238220%3Btextos-ficha-interna%26%238220%3B%5DDies+ist+ein+kleiner+Kiesstrand+der+am+Ende...\" title=\"LinkedIn\"><i class=\"socials-item-icon linkedin\"><\/i><\/a> <a class=\"socials-item\" target=\"_blank\" href=\"https:\/\/www.reddit.com\/submit?url=https%3A%2F%2Fwww.blanescostabrava.cat%2Fde%2Fpf%2Fpunta-de-santa-anna%2F&#038;title=Punta+de+Santa+Anna\" title=\"Reddit\"><i class=\"socials-item-icon reddit\"><\/i><\/a> <\/div> <\/div> <\/div> <div class=\"caption\"> <div class=\"title title-h4\"> Punta de Santa Anna <\/span> <\/div> <div class=\"description\"> <\/div> <\/div> <\/div> <\/div> <\/div> <\/div> <\/div> <\/div> <div class=\"portfolio-item strande-und-buchten item-animations-not-inited post-66859 thegem_pf_item type-thegem_pf_item status-publish has-post-thumbnail\" style=\"padding: 21px;\" data-default-sort=\"0\" data-sort-date=\"1563796688\"> <div class=\"wrap clearfix\" style=\"border-bottom-color: \"> <div class=\"image post-66859 thegem_pf_item type-thegem_pf_item status-publish has-post-thumbnail\"> <div class=\"image-inner\"> <picture> <img src=\"https:\/\/www.blanescostabrava.cat\/wp-content\/uploads\/2018\/03\/23-thegem-portfolio-justified.jpg\" width=\"844\" height=\"620\" class=\"attachment-thegem-portfolio-justified\" alt=\"S&#8217;Abanell\" \/> <\/picture> <\/div> <div class=\"overlay\"> <div class=\"overlay-circle\"><\/div> <div class=\"links-wrapper\"> <div class=\"links\"> <div class=\"portfolio-icons\"> <a href=\"https:\/\/www.blanescostabrava.cat\/de\/pf\/sabanell\/\" target=\"_self\" class=\"icon self-link \"><\/a> <a href=\"javascript: void(0);\" class=\"icon share\"><\/a> <div class=\"overlay-line\"><\/div> <div class=\"portfolio-sharing-pane\"> <div class=\"socials-sharing socials socials-colored-hover\"> <a class=\"socials-item\" target=\"_blank\" href=\"https:\/\/www.facebook.com\/sharer\/sharer.php?u=https%3A%2F%2Fwww.blanescostabrava.cat%2Fde%2Fpf%2Fsabanell%2F\" title=\"Facebook\"><i class=\"socials-item-icon facebook\"><\/i><\/a> <a class=\"socials-item\" target=\"_blank\" href=\"https:\/\/twitter.com\/intent\/tweet?text=S%26%238217%3BAbanell&#038;url=https%3A%2F%2Fwww.blanescostabrava.cat%2Fde%2Fpf%2Fsabanell%2F\" title=\"Twitter\"><i class=\"socials-item-icon twitter\"><\/i><\/a> <a class=\"socials-item\" target=\"_blank\" href=\"https:\/\/pinterest.com\/pin\/create\/button\/?url=https%3A%2F%2Fwww.blanescostabrava.cat%2Fde%2Fpf%2Fsabanell%2F&#038;description=S%26%238217%3BAbanell&#038;media=https%3A%2F%2Fwww.blanescostabrava.cat%2Fwp-content%2Fuploads%2F2018%2F03%2F23-thegem-blog-timeline-large.jpg\" title=\"Pinterest\"><i class=\"socials-item-icon pinterest\"><\/i><\/a> <a class=\"socials-item\" target=\"_blank\" href=\"https:\/\/www.tumblr.com\/widgets\/share\/tool?canonicalUrl=https%3A%2F%2Fwww.blanescostabrava.cat%2Fde%2Fpf%2Fsabanell%2F\" title=\"Tumblr\"><i class=\"socials-item-icon tumblr\"><\/i><\/a> <a class=\"socials-item\" target=\"_blank\" href=\"https:\/\/www.linkedin.com\/shareArticle?mini=true&#038;url=https%3A%2F%2Fwww.blanescostabrava.cat%2Fde%2Fpf%2Fsabanell%2F&#038;title=S%26%238217%3BAbanell&amp;summary=%5Bvc_row+full_width%3D%26%238220%3Bstretch_row%26%238220%3B+css%3D%26%238220%3B.vc_custom_1521931344379%7Bbackground-image%3A+url%28https%3A%2F%2Fwww.blanescostabrava.cat%2Fwp-content%2Fuploads%2F2018%2F03%2F23.jpg%3Fid%3D32571%29+%21important%3B%7D%26%238220%3B+el_class%3D%26%238220%3Bcabecera-pagina-interna+cabecera-ficha%26%238220%3B%5D%5Bvc_column%5D%5Bvc_column_text%5D+S%26%238217%3BAbanell+%5B%2Fvc_column_text%5D%5B%2Fvc_column%5D%5B%2Fvc_row%5D%5Bvc_row%5D%5Bvc_column%5D%5Bvc_column_text+el_class%3D%26%238220%3Btextos-ficha-interna%26%238220%3B%5DDer+gro%C3%9Fe+Strand+von+Blanes%2C+der+sich+auf+der+linken+Seite...\" title=\"LinkedIn\"><i class=\"socials-item-icon linkedin\"><\/i><\/a> <a class=\"socials-item\" target=\"_blank\" href=\"https:\/\/www.reddit.com\/submit?url=https%3A%2F%2Fwww.blanescostabrava.cat%2Fde%2Fpf%2Fsabanell%2F&#038;title=S%26%238217%3BAbanell\" title=\"Reddit\"><i class=\"socials-item-icon reddit\"><\/i><\/a> <\/div> <\/div> <\/div> <div class=\"caption\"> <div class=\"title title-h4\"> S&#8217;Abanell <\/span> <\/div> <div class=\"description\"> <\/div> <\/div> <\/div> <\/div> <\/div> <\/div> <\/div> <\/div> <div class=\"portfolio-item strande-und-buchten item-animations-not-inited post-66862 thegem_pf_item type-thegem_pf_item status-publish has-post-thumbnail\" style=\"padding: 21px;\" data-default-sort=\"0\" data-sort-date=\"1563796688\"> <div class=\"wrap clearfix\" style=\"border-bottom-color: \"> <div class=\"image post-66862 thegem_pf_item type-thegem_pf_item status-publish has-post-thumbnail\"> <div class=\"image-inner\"> <picture> <img src=\"https:\/\/www.blanescostabrava.cat\/wp-content\/uploads\/2018\/03\/27-thegem-portfolio-justified.jpg\" width=\"844\" height=\"620\" class=\"attachment-thegem-portfolio-justified\" alt=\"Strand Sa Palomera\" \/> <\/picture> <\/div> <div class=\"overlay\"> <div class=\"overlay-circle\"><\/div> <div class=\"links-wrapper\"> <div class=\"links\"> <div class=\"portfolio-icons\"> <a href=\"https:\/\/www.blanescostabrava.cat\/de\/pf\/strand-sa-palomera\/\" target=\"_self\" class=\"icon self-link \"><\/a> <a href=\"javascript: void(0);\" class=\"icon share\"><\/a> <div class=\"overlay-line\"><\/div> <div class=\"portfolio-sharing-pane\"> <div class=\"socials-sharing socials socials-colored-hover\"> <a class=\"socials-item\" target=\"_blank\" href=\"https:\/\/www.facebook.com\/sharer\/sharer.php?u=https%3A%2F%2Fwww.blanescostabrava.cat%2Fde%2Fpf%2Fstrand-sa-palomera%2F\" title=\"Facebook\"><i class=\"socials-item-icon facebook\"><\/i><\/a> <a class=\"socials-item\" target=\"_blank\" href=\"https:\/\/twitter.com\/intent\/tweet?text=Strand+Sa+Palomera&#038;url=https%3A%2F%2Fwww.blanescostabrava.cat%2Fde%2Fpf%2Fstrand-sa-palomera%2F\" title=\"Twitter\"><i class=\"socials-item-icon twitter\"><\/i><\/a> <a class=\"socials-item\" target=\"_blank\" href=\"https:\/\/pinterest.com\/pin\/create\/button\/?url=https%3A%2F%2Fwww.blanescostabrava.cat%2Fde%2Fpf%2Fstrand-sa-palomera%2F&#038;description=Strand+Sa+Palomera&#038;media=https%3A%2F%2Fwww.blanescostabrava.cat%2Fwp-content%2Fuploads%2F2018%2F03%2F27-thegem-blog-timeline-large.jpg\" title=\"Pinterest\"><i class=\"socials-item-icon pinterest\"><\/i><\/a> <a class=\"socials-item\" target=\"_blank\" href=\"https:\/\/www.tumblr.com\/widgets\/share\/tool?canonicalUrl=https%3A%2F%2Fwww.blanescostabrava.cat%2Fde%2Fpf%2Fstrand-sa-palomera%2F\" title=\"Tumblr\"><i class=\"socials-item-icon tumblr\"><\/i><\/a> <a class=\"socials-item\" target=\"_blank\" href=\"https:\/\/www.linkedin.com\/shareArticle?mini=true&#038;url=https%3A%2F%2Fwww.blanescostabrava.cat%2Fde%2Fpf%2Fstrand-sa-palomera%2F&#038;title=Strand+Sa+Palomera&amp;summary=%5Bvc_row+full_width%3D%26%238220%3Bstretch_row%26%238220%3B+css%3D%26%238220%3B.vc_custom_1521931391603%7Bbackground-image%3A+url%28https%3A%2F%2Fwww.blanescostabrava.cat%2Fwp-content%2Fuploads%2F2018%2F03%2F27.jpg%3Fid%3D32575%29+%21important%3B%7D%26%238220%3B+el_class%3D%26%238220%3Bcabecera-pagina-interna+cabecera-ficha%26%238220%3B%5D%5Bvc_column%5D%5Bvc_column_text%5D+Sa+Palomera+%5B%2Fvc_column_text%5D%5B%2Fvc_column%5D%5B%2Fvc_row%5D%5Bvc_row%5D%5Bvc_column%5D%5Bvc_column_text+el_class%3D%26%238220%3Btextos-ficha-interna%26%238220%3B%5DZwischen+den+Str%C3%A4nden+von+Blanes+und+S%26%238217%3BAbanell+befindet+sich+dieses...\" title=\"LinkedIn\"><i class=\"socials-item-icon linkedin\"><\/i><\/a> <a class=\"socials-item\" target=\"_blank\" href=\"https:\/\/www.reddit.com\/submit?url=https%3A%2F%2Fwww.blanescostabrava.cat%2Fde%2Fpf%2Fstrand-sa-palomera%2F&#038;title=Strand+Sa+Palomera\" title=\"Reddit\"><i class=\"socials-item-icon reddit\"><\/i><\/a> <\/div> <\/div> <\/div> <div class=\"caption\"> <div class=\"title title-h4\"> Strand Sa Palomera <\/span> <\/div> <div class=\"description\"> <\/div> <\/div> <\/div> <\/div> <\/div> <\/div> <\/div> <\/div> <div class=\"portfolio-item sportkomplex item-animations-not-inited post-66865 thegem_pf_item type-thegem_pf_item status-publish has-post-thumbnail\" style=\"padding: 21px;\" data-default-sort=\"0\" data-sort-date=\"1563796689\"> <div class=\"wrap clearfix\" style=\"border-bottom-color: \"> <div class=\"image post-66865 thegem_pf_item type-thegem_pf_item status-publish has-post-thumbnail\"> <div class=\"image-inner\"> <picture> <img src=\"https:\/\/www.blanescostabrava.cat\/wp-content\/uploads\/2018\/03\/12-thegem-portfolio-justified.jpg\" width=\"844\" height=\"620\" class=\"attachment-thegem-portfolio-justified\" alt=\"Sportanlagen\" \/> <\/picture> <\/div> <div class=\"overlay\"> <div class=\"overlay-circle\"><\/div> <div class=\"links-wrapper\"> <div class=\"links\"> <div class=\"portfolio-icons\"> <a href=\"https:\/\/www.blanescostabrava.cat\/de\/pf\/sportanlagen\/\" target=\"_self\" class=\"icon self-link \"><\/a> <a href=\"javascript: void(0);\" class=\"icon share\"><\/a> <div class=\"overlay-line\"><\/div> <div class=\"portfolio-sharing-pane\"> <div class=\"socials-sharing socials socials-colored-hover\"> <a class=\"socials-item\" target=\"_blank\" href=\"https:\/\/www.facebook.com\/sharer\/sharer.php?u=https%3A%2F%2Fwww.blanescostabrava.cat%2Fde%2Fpf%2Fsportanlagen%2F\" title=\"Facebook\"><i class=\"socials-item-icon facebook\"><\/i><\/a> <a class=\"socials-item\" target=\"_blank\" href=\"https:\/\/twitter.com\/intent\/tweet?text=Sportanlagen&#038;url=https%3A%2F%2Fwww.blanescostabrava.cat%2Fde%2Fpf%2Fsportanlagen%2F\" title=\"Twitter\"><i class=\"socials-item-icon twitter\"><\/i><\/a> <a class=\"socials-item\" target=\"_blank\" href=\"https:\/\/pinterest.com\/pin\/create\/button\/?url=https%3A%2F%2Fwww.blanescostabrava.cat%2Fde%2Fpf%2Fsportanlagen%2F&#038;description=Sportanlagen&#038;media=https%3A%2F%2Fwww.blanescostabrava.cat%2Fwp-content%2Fuploads%2F2018%2F03%2F12-thegem-blog-timeline-large.jpg\" title=\"Pinterest\"><i class=\"socials-item-icon pinterest\"><\/i><\/a> <a class=\"socials-item\" target=\"_blank\" href=\"https:\/\/www.tumblr.com\/widgets\/share\/tool?canonicalUrl=https%3A%2F%2Fwww.blanescostabrava.cat%2Fde%2Fpf%2Fsportanlagen%2F\" title=\"Tumblr\"><i class=\"socials-item-icon tumblr\"><\/i><\/a> <a class=\"socials-item\" target=\"_blank\" href=\"https:\/\/www.linkedin.com\/shareArticle?mini=true&#038;url=https%3A%2F%2Fwww.blanescostabrava.cat%2Fde%2Fpf%2Fsportanlagen%2F&#038;title=Sportanlagen&amp;summary=%5Bvc_row+full_width%3D%26%238220%3Bstretch_row%26%238220%3B+css%3D%26%238220%3B.vc_custom_1521931439750%7Bbackground-image%3A+url%28https%3A%2F%2Fwww.blanescostabrava.cat%2Fwp-content%2Fuploads%2F2018%2F03%2F12.jpg%3Fid%3D32560%29+%21important%3B%7D%26%238220%3B+el_class%3D%26%238220%3Bcabecera-pagina-interna+cabecera-ficha%26%238220%3B%5D%5Bvc_column%5D%5Bvc_column_text%5D+Sportanlagen+%5B%2Fvc_column_text%5D%5B%2Fvc_column%5D%5B%2Fvc_row%5D%5Bvc_row%5D%5Bvc_column+width%3D%26%238220%3B2%2F3%26%238243%3B%5D%5Bvc_column_text+el_class%3D%26%238220%3Btextos-ficha-interna%26%238220%3B%5DDAS+JUWEL+UNSERES+MULTISPORT-ANGEBOTES+und+der+Vielseitigkeit+ist+der+Sportkomplex....\" title=\"LinkedIn\"><i class=\"socials-item-icon linkedin\"><\/i><\/a> <a class=\"socials-item\" target=\"_blank\" href=\"https:\/\/www.reddit.com\/submit?url=https%3A%2F%2Fwww.blanescostabrava.cat%2Fde%2Fpf%2Fsportanlagen%2F&#038;title=Sportanlagen\" title=\"Reddit\"><i class=\"socials-item-icon reddit\"><\/i><\/a> <\/div> <\/div> <\/div> <div class=\"caption\"> <div class=\"title title-h4\"> Sportanlagen <\/span> <\/div> <div class=\"description\"> <\/div> <\/div> <\/div> <\/div> <\/div> <\/div> <\/div> <\/div> <div class=\"portfolio-item natur item-animations-not-inited post-66868 thegem_pf_item type-thegem_pf_item status-publish has-post-thumbnail\" style=\"padding: 21px;\" data-default-sort=\"0\" data-sort-date=\"1563796689\"> <div class=\"wrap clearfix\" style=\"border-bottom-color: \"> <div class=\"image post-66868 thegem_pf_item type-thegem_pf_item status-publish has-post-thumbnail\"> <div class=\"image-inner\"> <picture> <img src=\"https:\/\/www.blanescostabrava.cat\/wp-content\/uploads\/2018\/03\/delta-de-la-tordera-thegem-portfolio-justified.jpg\" width=\"844\" height=\"620\" class=\"attachment-thegem-portfolio-justified\" alt=\"Delta de la Tordera\" \/> <\/picture> <\/div> <div class=\"overlay\"> <div class=\"overlay-circle\"><\/div> <div class=\"links-wrapper\"> <div class=\"links\"> <div class=\"portfolio-icons\"> <a href=\"https:\/\/www.blanescostabrava.cat\/de\/pf\/delta-de-la-tordera\/\" target=\"_self\" class=\"icon self-link \"><\/a> <a href=\"javascript: void(0);\" class=\"icon share\"><\/a> <div class=\"overlay-line\"><\/div> <div class=\"portfolio-sharing-pane\"> <div class=\"socials-sharing socials socials-colored-hover\"> <a class=\"socials-item\" target=\"_blank\" href=\"https:\/\/www.facebook.com\/sharer\/sharer.php?u=https%3A%2F%2Fwww.blanescostabrava.cat%2Fde%2Fpf%2Fdelta-de-la-tordera%2F\" title=\"Facebook\"><i class=\"socials-item-icon facebook\"><\/i><\/a> <a class=\"socials-item\" target=\"_blank\" href=\"https:\/\/twitter.com\/intent\/tweet?text=Delta+de+la+Tordera&#038;url=https%3A%2F%2Fwww.blanescostabrava.cat%2Fde%2Fpf%2Fdelta-de-la-tordera%2F\" title=\"Twitter\"><i class=\"socials-item-icon twitter\"><\/i><\/a> <a class=\"socials-item\" target=\"_blank\" href=\"https:\/\/pinterest.com\/pin\/create\/button\/?url=https%3A%2F%2Fwww.blanescostabrava.cat%2Fde%2Fpf%2Fdelta-de-la-tordera%2F&#038;description=Delta+de+la+Tordera&#038;media=https%3A%2F%2Fwww.blanescostabrava.cat%2Fwp-content%2Fuploads%2F2018%2F03%2Fdelta-de-la-tordera-thegem-blog-timeline-large.jpg\" title=\"Pinterest\"><i class=\"socials-item-icon pinterest\"><\/i><\/a> <a class=\"socials-item\" target=\"_blank\" href=\"https:\/\/www.tumblr.com\/widgets\/share\/tool?canonicalUrl=https%3A%2F%2Fwww.blanescostabrava.cat%2Fde%2Fpf%2Fdelta-de-la-tordera%2F\" title=\"Tumblr\"><i class=\"socials-item-icon tumblr\"><\/i><\/a> <a class=\"socials-item\" target=\"_blank\" href=\"https:\/\/www.linkedin.com\/shareArticle?mini=true&#038;url=https%3A%2F%2Fwww.blanescostabrava.cat%2Fde%2Fpf%2Fdelta-de-la-tordera%2F&#038;title=Delta+de+la+Tordera&amp;summary=%5Bvc_row+full_width%3D%26%238220%3Bstretch_row%26%238220%3B+css%3D%26%238220%3B.vc_custom_1623662450752%7Bbackground-image%3A+url%28https%3A%2F%2Fwww.blanescostabrava.cat%2Fwp-content%2Fuploads%2F2018%2F03%2Fdelta-de-la-tordera.jpg%3Fid%3D165429%29+%21important%3B%7D%26%238220%3B+el_class%3D%26%238220%3Bcabecera-pagina-interna+cabecera-ficha%26%238220%3B%5D%5Bvc_column%5D%5Bvc_column_text%5D+Delta+de+la+Tordera+%5B%2Fvc_column_text%5D%5B%2Fvc_column%5D%5B%2Fvc_row%5D%5Bvc_row%5D%5Bvc_column%5D%5Bvc_column_text+el_class%3D%26%238220%3Btextos-ficha-interna%26%238220%3B%5DWir+befinden+uns+an+einem+strategischen+Punkt+in...\" title=\"LinkedIn\"><i class=\"socials-item-icon linkedin\"><\/i><\/a> <a class=\"socials-item\" target=\"_blank\" href=\"https:\/\/www.reddit.com\/submit?url=https%3A%2F%2Fwww.blanescostabrava.cat%2Fde%2Fpf%2Fdelta-de-la-tordera%2F&#038;title=Delta+de+la+Tordera\" title=\"Reddit\"><i class=\"socials-item-icon reddit\"><\/i><\/a> <\/div> <\/div> <\/div> <div class=\"caption\"> <div class=\"title title-h4\"> Delta de la Tordera <\/span> <\/div> <div class=\"description\"> <\/div> <\/div> <\/div> <\/div> <\/div> <\/div> <\/div> <\/div> <div class=\"portfolio-item natur item-animations-not-inited post-66871 thegem_pf_item type-thegem_pf_item status-publish has-post-thumbnail\" style=\"padding: 21px;\" data-default-sort=\"0\" data-sort-date=\"1563796690\"> <div class=\"wrap clearfix\" style=\"border-bottom-color: \"> <div class=\"image post-66871 thegem_pf_item type-thegem_pf_item status-publish has-post-thumbnail\"> <div class=\"image-inner\"> <picture> <img src=\"https:\/\/www.blanescostabrava.cat\/wp-content\/uploads\/2018\/03\/31-thegem-portfolio-justified.jpg\" width=\"844\" height=\"620\" class=\"attachment-thegem-portfolio-justified\" alt=\"Botanischer Garten Marimurtra\" \/> <\/picture> <\/div> <div class=\"overlay\"> <div class=\"overlay-circle\"><\/div> <div class=\"links-wrapper\"> <div class=\"links\"> <div class=\"portfolio-icons\"> <a href=\"https:\/\/www.blanescostabrava.cat\/de\/pf\/botanischer-garten-marimurtra\/\" target=\"_self\" class=\"icon self-link \"><\/a> <a href=\"javascript: void(0);\" class=\"icon share\"><\/a> <div class=\"overlay-line\"><\/div> <div class=\"portfolio-sharing-pane\"> <div class=\"socials-sharing socials socials-colored-hover\"> <a class=\"socials-item\" target=\"_blank\" href=\"https:\/\/www.facebook.com\/sharer\/sharer.php?u=https%3A%2F%2Fwww.blanescostabrava.cat%2Fde%2Fpf%2Fbotanischer-garten-marimurtra%2F\" title=\"Facebook\"><i class=\"socials-item-icon facebook\"><\/i><\/a> <a class=\"socials-item\" target=\"_blank\" href=\"https:\/\/twitter.com\/intent\/tweet?text=Botanischer+Garten+Marimurtra&#038;url=https%3A%2F%2Fwww.blanescostabrava.cat%2Fde%2Fpf%2Fbotanischer-garten-marimurtra%2F\" title=\"Twitter\"><i class=\"socials-item-icon twitter\"><\/i><\/a> <a class=\"socials-item\" target=\"_blank\" href=\"https:\/\/pinterest.com\/pin\/create\/button\/?url=https%3A%2F%2Fwww.blanescostabrava.cat%2Fde%2Fpf%2Fbotanischer-garten-marimurtra%2F&#038;description=Botanischer+Garten+Marimurtra&#038;media=https%3A%2F%2Fwww.blanescostabrava.cat%2Fwp-content%2Fuploads%2F2018%2F03%2F31-thegem-blog-timeline-large.jpg\" title=\"Pinterest\"><i class=\"socials-item-icon pinterest\"><\/i><\/a> <a class=\"socials-item\" target=\"_blank\" href=\"https:\/\/www.tumblr.com\/widgets\/share\/tool?canonicalUrl=https%3A%2F%2Fwww.blanescostabrava.cat%2Fde%2Fpf%2Fbotanischer-garten-marimurtra%2F\" title=\"Tumblr\"><i class=\"socials-item-icon tumblr\"><\/i><\/a> <a class=\"socials-item\" target=\"_blank\" href=\"https:\/\/www.linkedin.com\/shareArticle?mini=true&#038;url=https%3A%2F%2Fwww.blanescostabrava.cat%2Fde%2Fpf%2Fbotanischer-garten-marimurtra%2F&#038;title=Botanischer+Garten+Marimurtra&amp;summary=%5Bvc_row+full_width%3D%26%238220%3Bstretch_row%26%238220%3B+css%3D%26%238220%3B.vc_custom_1521931542780%7Bbackground-image%3A+url%28https%3A%2F%2Fwww.blanescostabrava.cat%2Fwp-content%2Fuploads%2F2018%2F03%2F31.jpg%3Fid%3D32579%29+%21important%3B%7D%26%238220%3B+el_class%3D%26%238220%3Bcabecera-pagina-interna+cabecera-ficha%26%238220%3B%5D%5Bvc_column%5D%5Bvc_column_text%5D+Botanischer+Garten+Marimurtra+%5B%2Fvc_column_text%5D%5B%2Fvc_column%5D%5B%2Fvc_row%5D%5Bvc_row%5D%5Bvc_column%5D%5Bvc_column_text+el_class%3D%26%238220%3Btextos-ficha-interna%26%238220%3B%5DWir+pr%C3%A4sentieren+Ihnen+ein+Paradies+der+Pflanzenwelt%2C+den+Marimurtra%2C...\" title=\"LinkedIn\"><i class=\"socials-item-icon linkedin\"><\/i><\/a> <a class=\"socials-item\" target=\"_blank\" href=\"https:\/\/www.reddit.com\/submit?url=https%3A%2F%2Fwww.blanescostabrava.cat%2Fde%2Fpf%2Fbotanischer-garten-marimurtra%2F&#038;title=Botanischer+Garten+Marimurtra\" title=\"Reddit\"><i class=\"socials-item-icon reddit\"><\/i><\/a> <\/div> <\/div> <\/div> <div class=\"caption\"> <div class=\"title title-h4\"> Botanischer Garten Marimurtra <\/span> <\/div> <div class=\"description\"> <\/div> <\/div> <\/div> <\/div> <\/div> <\/div> <\/div> <\/div> <div class=\"portfolio-item stadt-blanes item-animations-not-inited post-67090 thegem_pf_item type-thegem_pf_item status-publish has-post-thumbnail\" style=\"padding: 21px;\" data-default-sort=\"0\" data-sort-date=\"1563796767\"> <div class=\"wrap clearfix\" style=\"border-bottom-color: \"> <div class=\"image post-67090 thegem_pf_item type-thegem_pf_item status-publish has-post-thumbnail\"> <div class=\"image-inner\"> <picture> <img src=\"https:\/\/www.blanescostabrava.cat\/wp-content\/uploads\/2018\/03\/restaurantes-thegem-portfolio-justified.jpg\" width=\"844\" height=\"630\" class=\"attachment-thegem-portfolio-justified\" alt=\"Restaurants\" \/> <\/picture> <\/div> <div class=\"overlay\"> <div class=\"overlay-circle\"><\/div> <div class=\"links-wrapper\"> <div class=\"links\"> <div class=\"portfolio-icons\"> <a href=\"#\" target=\"_self\" class=\"icon inner-link \"><\/a> <a href=\"javascript: void(0);\" class=\"icon share\"><\/a> <div class=\"overlay-line\"><\/div> <div class=\"portfolio-sharing-pane\"> <div class=\"socials-sharing socials socials-colored-hover\"> <a class=\"socials-item\" target=\"_blank\" href=\"https:\/\/www.facebook.com\/sharer\/sharer.php?u=https%3A%2F%2Fwww.blanescostabrava.cat%2Fde%2Fpf%2Frestaurants%2F\" title=\"Facebook\"><i class=\"socials-item-icon facebook\"><\/i><\/a> <a class=\"socials-item\" target=\"_blank\" href=\"https:\/\/twitter.com\/intent\/tweet?text=Restaurants&#038;url=https%3A%2F%2Fwww.blanescostabrava.cat%2Fde%2Fpf%2Frestaurants%2F\" title=\"Twitter\"><i class=\"socials-item-icon twitter\"><\/i><\/a> <a class=\"socials-item\" target=\"_blank\" href=\"https:\/\/pinterest.com\/pin\/create\/button\/?url=https%3A%2F%2Fwww.blanescostabrava.cat%2Fde%2Fpf%2Frestaurants%2F&#038;description=Restaurants&#038;media=https%3A%2F%2Fwww.blanescostabrava.cat%2Fwp-content%2Fuploads%2F2018%2F03%2Frestaurantes-thegem-blog-timeline-large.jpg\" title=\"Pinterest\"><i class=\"socials-item-icon pinterest\"><\/i><\/a> <a class=\"socials-item\" target=\"_blank\" href=\"https:\/\/www.tumblr.com\/widgets\/share\/tool?canonicalUrl=https%3A%2F%2Fwww.blanescostabrava.cat%2Fde%2Fpf%2Frestaurants%2F\" title=\"Tumblr\"><i class=\"socials-item-icon tumblr\"><\/i><\/a> <a class=\"socials-item\" target=\"_blank\" href=\"https:\/\/www.linkedin.com\/shareArticle?mini=true&#038;url=https%3A%2F%2Fwww.blanescostabrava.cat%2Fde%2Fpf%2Frestaurants%2F&#038;title=Restaurants&amp;summary=\" title=\"LinkedIn\"><i class=\"socials-item-icon linkedin\"><\/i><\/a> <a class=\"socials-item\" target=\"_blank\" href=\"https:\/\/www.reddit.com\/submit?url=https%3A%2F%2Fwww.blanescostabrava.cat%2Fde%2Fpf%2Frestaurants%2F&#038;title=Restaurants\" title=\"Reddit\"><i class=\"socials-item-icon reddit\"><\/i><\/a> <\/div> <\/div> <\/div> <div class=\"caption\"> <div class=\"title title-h4\"> Restaurants <\/span> <\/div> <div class=\"description\"> <\/div> <\/div> <\/div> <\/div> <\/div> <\/div> <\/div> <\/div> <div class=\"portfolio-item stadt-blanes item-animations-not-inited post-67093 thegem_pf_item type-thegem_pf_item status-publish has-post-thumbnail\" style=\"padding: 21px;\" data-default-sort=\"0\" data-sort-date=\"1563796767\"> <div class=\"wrap clearfix\" style=\"border-bottom-color: \"> <div class=\"image post-67093 thegem_pf_item type-thegem_pf_item status-publish has-post-thumbnail\"> <div class=\"image-inner\"> <picture> <img src=\"https:\/\/www.blanescostabrava.cat\/wp-content\/uploads\/2018\/02\/CAMA_HOTELS-thegem-portfolio-justified.jpg\" width=\"844\" height=\"610\" class=\"attachment-thegem-portfolio-justified\" alt=\"Wo schlafen\" \/> <\/picture> <\/div> <div class=\"overlay\"> <div class=\"overlay-circle\"><\/div> <div class=\"links-wrapper\"> <div class=\"links\"> <div class=\"portfolio-icons\"> <a href=\"#\" target=\"_self\" class=\"icon inner-link \"><\/a> <a href=\"javascript: void(0);\" class=\"icon share\"><\/a> <div class=\"overlay-line\"><\/div> <div class=\"portfolio-sharing-pane\"> <div class=\"socials-sharing socials socials-colored-hover\"> <a class=\"socials-item\" target=\"_blank\" href=\"https:\/\/www.facebook.com\/sharer\/sharer.php?u=https%3A%2F%2Fwww.blanescostabrava.cat%2Fde%2Fpf%2Fwo-schlafen%2F\" title=\"Facebook\"><i class=\"socials-item-icon facebook\"><\/i><\/a> <a class=\"socials-item\" target=\"_blank\" href=\"https:\/\/twitter.com\/intent\/tweet?text=Wo+schlafen&#038;url=https%3A%2F%2Fwww.blanescostabrava.cat%2Fde%2Fpf%2Fwo-schlafen%2F\" title=\"Twitter\"><i class=\"socials-item-icon twitter\"><\/i><\/a> <a class=\"socials-item\" target=\"_blank\" href=\"https:\/\/pinterest.com\/pin\/create\/button\/?url=https%3A%2F%2Fwww.blanescostabrava.cat%2Fde%2Fpf%2Fwo-schlafen%2F&#038;description=Wo+schlafen&#038;media=https%3A%2F%2Fwww.blanescostabrava.cat%2Fwp-content%2Fuploads%2F2018%2F02%2FCAMA_HOTELS-thegem-blog-timeline-large.jpg\" title=\"Pinterest\"><i class=\"socials-item-icon pinterest\"><\/i><\/a> <a class=\"socials-item\" target=\"_blank\" href=\"https:\/\/www.tumblr.com\/widgets\/share\/tool?canonicalUrl=https%3A%2F%2Fwww.blanescostabrava.cat%2Fde%2Fpf%2Fwo-schlafen%2F\" title=\"Tumblr\"><i class=\"socials-item-icon tumblr\"><\/i><\/a> <a class=\"socials-item\" target=\"_blank\" href=\"https:\/\/www.linkedin.com\/shareArticle?mini=true&#038;url=https%3A%2F%2Fwww.blanescostabrava.cat%2Fde%2Fpf%2Fwo-schlafen%2F&#038;title=Wo+schlafen&amp;summary=\" title=\"LinkedIn\"><i class=\"socials-item-icon linkedin\"><\/i><\/a> <a class=\"socials-item\" target=\"_blank\" href=\"https:\/\/www.reddit.com\/submit?url=https%3A%2F%2Fwww.blanescostabrava.cat%2Fde%2Fpf%2Fwo-schlafen%2F&#038;title=Wo+schlafen\" title=\"Reddit\"><i class=\"socials-item-icon reddit\"><\/i><\/a> <\/div> <\/div> <\/div> <div class=\"caption\"> <div class=\"title title-h4\"> Wo schlafen <\/span> <\/div> <div class=\"description\"> <\/div> <\/div> <\/div> <\/div> <\/div> <\/div> <\/div> <\/div> <div class=\"portfolio-item stadt-blanes item-animations-not-inited post-67096 thegem_pf_item type-thegem_pf_item status-publish has-post-thumbnail\" style=\"padding: 21px;\" data-default-sort=\"0\" data-sort-date=\"1563796768\"> <div class=\"wrap clearfix\" style=\"border-bottom-color: \"> <div class=\"image post-67096 thegem_pf_item type-thegem_pf_item status-publish has-post-thumbnail\"> <div class=\"image-inner\"> <picture> <img src=\"https:\/\/www.blanescostabrava.cat\/wp-content\/uploads\/2018\/04\/productos-genuinos-thegem-portfolio-justified.jpg\" width=\"844\" height=\"610\" class=\"attachment-thegem-portfolio-justified\" alt=\"Authentische Produkte\" \/> <\/picture> <\/div> <div class=\"overlay\"> <div class=\"overlay-circle\"><\/div> <div class=\"links-wrapper\"> <div class=\"links\"> <div class=\"portfolio-icons\"> <a href=\"#\" target=\"_self\" class=\"icon inner-link \"><\/a> <a href=\"javascript: void(0);\" class=\"icon share\"><\/a> <div class=\"overlay-line\"><\/div> <div class=\"portfolio-sharing-pane\"> <div class=\"socials-sharing socials socials-colored-hover\"> <a class=\"socials-item\" target=\"_blank\" href=\"https:\/\/www.facebook.com\/sharer\/sharer.php?u=https%3A%2F%2Fwww.blanescostabrava.cat%2Fde%2Fpf%2Fauthentische-produkte%2F\" title=\"Facebook\"><i class=\"socials-item-icon facebook\"><\/i><\/a> <a class=\"socials-item\" target=\"_blank\" href=\"https:\/\/twitter.com\/intent\/tweet?text=Authentische+Produkte&#038;url=https%3A%2F%2Fwww.blanescostabrava.cat%2Fde%2Fpf%2Fauthentische-produkte%2F\" title=\"Twitter\"><i class=\"socials-item-icon twitter\"><\/i><\/a> <a class=\"socials-item\" target=\"_blank\" href=\"https:\/\/pinterest.com\/pin\/create\/button\/?url=https%3A%2F%2Fwww.blanescostabrava.cat%2Fde%2Fpf%2Fauthentische-produkte%2F&#038;description=Authentische+Produkte&#038;media=https%3A%2F%2Fwww.blanescostabrava.cat%2Fwp-content%2Fuploads%2F2018%2F04%2Fproductos-genuinos-thegem-blog-timeline-large.jpg\" title=\"Pinterest\"><i class=\"socials-item-icon pinterest\"><\/i><\/a> <a class=\"socials-item\" target=\"_blank\" href=\"https:\/\/www.tumblr.com\/widgets\/share\/tool?canonicalUrl=https%3A%2F%2Fwww.blanescostabrava.cat%2Fde%2Fpf%2Fauthentische-produkte%2F\" title=\"Tumblr\"><i class=\"socials-item-icon tumblr\"><\/i><\/a> <a class=\"socials-item\" target=\"_blank\" href=\"https:\/\/www.linkedin.com\/shareArticle?mini=true&#038;url=https%3A%2F%2Fwww.blanescostabrava.cat%2Fde%2Fpf%2Fauthentische-produkte%2F&#038;title=Authentische+Produkte&amp;summary=%5Bvc_row+full_width%3D%26%238220%3Bstretch_row%26%238220%3B+css%3D%26%238220%3B.vc_custom_1525692693232%7Bbackground-image%3A+url%28https%3A%2F%2Fwww.blanescostabrava.cat%2Fwp-content%2Fuploads%2F2018%2F04%2Fproductos-genuinos.jpg%3Fid%3D34585%29+%21important%3B%7D%26%238220%3B+el_class%3D%26%238220%3Bcabecera-pagina-interna+cabecera-ficha%26%238220%3B%5D%5Bvc_column%5D%5Bvc_column_text%5D+Authentische+Produkte+%5B%2Fvc_column_text%5D%5B%2Fvc_column%5D%5B%2Fvc_row%5D%5Bvc_row%5D%5Bvc_column+width%3D%26%238220%3B2%2F3%26%238243%3B%5D%5Bvc_column_text+el_class%3D%26%238220%3Btextos-ficha-interna%26%238220%3B%5DDer+meistbesuchte+Markt+der+Stadt%2C+ist+aufgrund+seiner+zentralen...\" title=\"LinkedIn\"><i class=\"socials-item-icon linkedin\"><\/i><\/a> <a class=\"socials-item\" target=\"_blank\" href=\"https:\/\/www.reddit.com\/submit?url=https%3A%2F%2Fwww.blanescostabrava.cat%2Fde%2Fpf%2Fauthentische-produkte%2F&#038;title=Authentische+Produkte\" title=\"Reddit\"><i class=\"socials-item-icon reddit\"><\/i><\/a> <\/div> <\/div> <\/div> <div class=\"caption\"> <div class=\"title title-h4\"> Authentische Produkte <\/span> <\/div> <div class=\"description\"> <\/div> <\/div> <\/div> <\/div> <\/div> <\/div> <\/div> <\/div> <div class=\"portfolio-item natur item-animations-not-inited post-68362 thegem_pf_item type-thegem_pf_item status-publish has-post-thumbnail\" style=\"padding: 21px;\" data-default-sort=\"0\" data-sort-date=\"1563796971\"> <div class=\"wrap clearfix\" style=\"border-bottom-color: \"> <div class=\"image post-68362 thegem_pf_item type-thegem_pf_item status-publish has-post-thumbnail\"> <div class=\"image-inner\"> <picture> <img src=\"https:\/\/www.blanescostabrava.cat\/wp-content\/uploads\/2018\/03\/1-thegem-portfolio-justified.jpg\" width=\"844\" height=\"620\" class=\"attachment-thegem-portfolio-justified\" alt=\"Sa Palomera\" \/> <\/picture> <\/div> <div class=\"overlay\"> <div class=\"overlay-circle\"><\/div> <div class=\"links-wrapper\"> <div class=\"links\"> <div class=\"portfolio-icons\"> <a href=\"https:\/\/www.blanescostabrava.cat\/de\/pf\/sa-palomera\/\" target=\"_self\" class=\"icon self-link \"><\/a> <a href=\"javascript: void(0);\" class=\"icon share\"><\/a> <div class=\"overlay-line\"><\/div> <div class=\"portfolio-sharing-pane\"> <div class=\"socials-sharing socials socials-colored-hover\"> <a class=\"socials-item\" target=\"_blank\" href=\"https:\/\/www.facebook.com\/sharer\/sharer.php?u=https%3A%2F%2Fwww.blanescostabrava.cat%2Fde%2Fpf%2Fsa-palomera%2F\" title=\"Facebook\"><i class=\"socials-item-icon facebook\"><\/i><\/a> <a class=\"socials-item\" target=\"_blank\" href=\"https:\/\/twitter.com\/intent\/tweet?text=Sa+Palomera&#038;url=https%3A%2F%2Fwww.blanescostabrava.cat%2Fde%2Fpf%2Fsa-palomera%2F\" title=\"Twitter\"><i class=\"socials-item-icon twitter\"><\/i><\/a> <a class=\"socials-item\" target=\"_blank\" href=\"https:\/\/pinterest.com\/pin\/create\/button\/?url=https%3A%2F%2Fwww.blanescostabrava.cat%2Fde%2Fpf%2Fsa-palomera%2F&#038;description=Sa+Palomera&#038;media=https%3A%2F%2Fwww.blanescostabrava.cat%2Fwp-content%2Fuploads%2F2018%2F03%2F1-thegem-blog-timeline-large.jpg\" title=\"Pinterest\"><i class=\"socials-item-icon pinterest\"><\/i><\/a> <a class=\"socials-item\" target=\"_blank\" href=\"https:\/\/www.tumblr.com\/widgets\/share\/tool?canonicalUrl=https%3A%2F%2Fwww.blanescostabrava.cat%2Fde%2Fpf%2Fsa-palomera%2F\" title=\"Tumblr\"><i class=\"socials-item-icon tumblr\"><\/i><\/a> <a class=\"socials-item\" target=\"_blank\" href=\"https:\/\/www.linkedin.com\/shareArticle?mini=true&#038;url=https%3A%2F%2Fwww.blanescostabrava.cat%2Fde%2Fpf%2Fsa-palomera%2F&#038;title=Sa+Palomera&amp;summary=%5Bvc_row+full_width%3D%26%238220%3Bstretch_row%26%238220%3B+css%3D%26%238220%3B.vc_custom_1521931684560%7Bbackground-image%3A+url%28https%3A%2F%2Fwww.blanescostabrava.cat%2Fwp-content%2Fuploads%2F2018%2F03%2F1.jpg%3Fid%3D32550%29+%21important%3B%7D%26%238220%3B+el_class%3D%26%238220%3Bcabecera-pagina-interna+cabecera-ficha%26%238220%3B%5D%5Bvc_column%5D%5Bvc_column_text%5D+Sa+Palomera+%5B%2Fvc_column_text%5D%5B%2Fvc_column%5D%5B%2Fvc_row%5D%5Bvc_row%5D%5Bvc_column%5D%5Bvc_column_text+el_class%3D%26%238220%3Btextos-ficha-interna%26%238220%3B%5DSymbol+der+Identit%C3%A4t+von+Blanes%2C+dieser+gro%C3%9Fe+Felsen%2C+der+ins...\" title=\"LinkedIn\"><i class=\"socials-item-icon linkedin\"><\/i><\/a> <a class=\"socials-item\" target=\"_blank\" href=\"https:\/\/www.reddit.com\/submit?url=https%3A%2F%2Fwww.blanescostabrava.cat%2Fde%2Fpf%2Fsa-palomera%2F&#038;title=Sa+Palomera\" title=\"Reddit\"><i class=\"socials-item-icon reddit\"><\/i><\/a> <\/div> <\/div> <\/div> <div class=\"caption\"> <div class=\"title title-h4\"> Sa Palomera <\/span> <\/div> <div class=\"description\"> <\/div> <\/div> <\/div> <\/div> <\/div> <\/div> <\/div> <\/div> <div class=\"portfolio-item stadt-blanes item-animations-not-inited post-68428 thegem_pf_item type-thegem_pf_item status-publish has-post-thumbnail\" style=\"padding: 21px;\" data-default-sort=\"0\" data-sort-date=\"1563796973\"> <div class=\"wrap clearfix\" style=\"border-bottom-color: \"> <div class=\"image post-68428 thegem_pf_item type-thegem_pf_item status-publish has-post-thumbnail\"> <div class=\"image-inner\"> <picture> <img src=\"https:\/\/www.blanescostabrava.cat\/wp-content\/uploads\/2018\/03\/22-thegem-portfolio-justified.jpg\" width=\"844\" height=\"620\" class=\"attachment-thegem-portfolio-justified\" alt=\"Obst- und Gem\u00fcsemarkt\" \/> <\/picture> <\/div> <div class=\"overlay\"> <div class=\"overlay-circle\"><\/div> <div class=\"links-wrapper\"> <div class=\"links\"> <div class=\"portfolio-icons\"> <a href=\"https:\/\/www.blanescostabrava.cat\/de\/pf\/obst-und-gemusemarkt\/\" target=\"_self\" class=\"icon self-link \"><\/a> <a href=\"javascript: void(0);\" class=\"icon share\"><\/a> <div class=\"overlay-line\"><\/div> <div class=\"portfolio-sharing-pane\"> <div class=\"socials-sharing socials socials-colored-hover\"> <a class=\"socials-item\" target=\"_blank\" href=\"https:\/\/www.facebook.com\/sharer\/sharer.php?u=https%3A%2F%2Fwww.blanescostabrava.cat%2Fde%2Fpf%2Fobst-und-gemusemarkt%2F\" title=\"Facebook\"><i class=\"socials-item-icon facebook\"><\/i><\/a> <a class=\"socials-item\" target=\"_blank\" href=\"https:\/\/twitter.com\/intent\/tweet?text=Obst-+und+Gem%C3%BCsemarkt&#038;url=https%3A%2F%2Fwww.blanescostabrava.cat%2Fde%2Fpf%2Fobst-und-gemusemarkt%2F\" title=\"Twitter\"><i class=\"socials-item-icon twitter\"><\/i><\/a> <a class=\"socials-item\" target=\"_blank\" href=\"https:\/\/pinterest.com\/pin\/create\/button\/?url=https%3A%2F%2Fwww.blanescostabrava.cat%2Fde%2Fpf%2Fobst-und-gemusemarkt%2F&#038;description=Obst-+und+Gem%C3%BCsemarkt&#038;media=https%3A%2F%2Fwww.blanescostabrava.cat%2Fwp-content%2Fuploads%2F2018%2F03%2F22-thegem-blog-timeline-large.jpg\" title=\"Pinterest\"><i class=\"socials-item-icon pinterest\"><\/i><\/a> <a class=\"socials-item\" target=\"_blank\" href=\"https:\/\/www.tumblr.com\/widgets\/share\/tool?canonicalUrl=https%3A%2F%2Fwww.blanescostabrava.cat%2Fde%2Fpf%2Fobst-und-gemusemarkt%2F\" title=\"Tumblr\"><i class=\"socials-item-icon tumblr\"><\/i><\/a> <a class=\"socials-item\" target=\"_blank\" href=\"https:\/\/www.linkedin.com\/shareArticle?mini=true&#038;url=https%3A%2F%2Fwww.blanescostabrava.cat%2Fde%2Fpf%2Fobst-und-gemusemarkt%2F&#038;title=Obst-+und+Gem%C3%BCsemarkt&amp;summary=%5Bvc_row+full_width%3D%26%238220%3Bstretch_row%26%238220%3B+css%3D%26%238220%3B.vc_custom_1521931730307%7Bbackground-image%3A+url%28https%3A%2F%2Fwww.blanescostabrava.cat%2Fwp-content%2Fuploads%2F2018%2F03%2F22.jpg%3Fid%3D32570%29+%21important%3B%7D%26%238220%3B+el_class%3D%26%238220%3Bcabecera-pagina-interna+cabecera-ficha%26%238220%3B%5D%5Bvc_column%5D%5Bvc_column_text%5D+Obst-+und+Gem%C3%BCsemarkt+%5B%2Fvc_column_text%5D%5B%2Fvc_column%5D%5B%2Fvc_row%5D%5Bvc_row%5D%5Bvc_column+width%3D%26%238220%3B2%2F3%26%238243%3B%5D%5Bvc_column_text+el_class%3D%26%238220%3Btextos-ficha-interna%26%238220%3B%5DGEHEN+WIR+AM%C2%A0MARKTPLATZ%21+%26%238222%3BAnem+a+pla%C3%A7a%26%238220%3B+%28Gehen+wir...\" title=\"LinkedIn\"><i class=\"socials-item-icon linkedin\"><\/i><\/a> <a class=\"socials-item\" target=\"_blank\" href=\"https:\/\/www.reddit.com\/submit?url=https%3A%2F%2Fwww.blanescostabrava.cat%2Fde%2Fpf%2Fobst-und-gemusemarkt%2F&#038;title=Obst-+und+Gem%C3%BCsemarkt\" title=\"Reddit\"><i class=\"socials-item-icon reddit\"><\/i><\/a> <\/div> <\/div> <\/div> <div class=\"caption\"> <div class=\"title title-h4\"> Obst- und Gem\u00fcsemarkt <\/span> <\/div> <div class=\"description\"> <\/div> <\/div> <\/div> <\/div> <\/div> <\/div> <\/div> <\/div> <div class=\"portfolio-item stadt-blanes item-animations-not-inited post-68431 thegem_pf_item type-thegem_pf_item status-publish has-post-thumbnail\" style=\"padding: 21px;\" data-default-sort=\"0\" data-sort-date=\"1563796974\"> <div class=\"wrap clearfix\" style=\"border-bottom-color: \"> <div class=\"image post-68431 thegem_pf_item type-thegem_pf_item status-publish has-post-thumbnail\"> <div class=\"image-inner\"> <picture> <img src=\"https:\/\/www.blanescostabrava.cat\/wp-content\/uploads\/2018\/03\/35-thegem-portfolio-justified.jpg\" width=\"844\" height=\"620\" class=\"attachment-thegem-portfolio-justified\" alt=\"ES PORTAL UND FISCHERHAFEN\/LONJA\" \/> <\/picture> <\/div> <div class=\"overlay\"> <div class=\"overlay-circle\"><\/div> <div class=\"links-wrapper\"> <div class=\"links\"> <div class=\"portfolio-icons\"> <a href=\"https:\/\/www.blanescostabrava.cat\/de\/pf\/es-portal-und-fischerhafen-lonja\/\" target=\"_self\" class=\"icon self-link \"><\/a> <a href=\"javascript: void(0);\" class=\"icon share\"><\/a> <div class=\"overlay-line\"><\/div> <div class=\"portfolio-sharing-pane\"> <div class=\"socials-sharing socials socials-colored-hover\"> <a class=\"socials-item\" target=\"_blank\" href=\"https:\/\/www.facebook.com\/sharer\/sharer.php?u=https%3A%2F%2Fwww.blanescostabrava.cat%2Fde%2Fpf%2Fes-portal-und-fischerhafen-lonja%2F\" title=\"Facebook\"><i class=\"socials-item-icon facebook\"><\/i><\/a> <a class=\"socials-item\" target=\"_blank\" href=\"https:\/\/twitter.com\/intent\/tweet?text=ES+PORTAL+UND+FISCHERHAFEN%2FLONJA&#038;url=https%3A%2F%2Fwww.blanescostabrava.cat%2Fde%2Fpf%2Fes-portal-und-fischerhafen-lonja%2F\" title=\"Twitter\"><i class=\"socials-item-icon twitter\"><\/i><\/a> <a class=\"socials-item\" target=\"_blank\" href=\"https:\/\/pinterest.com\/pin\/create\/button\/?url=https%3A%2F%2Fwww.blanescostabrava.cat%2Fde%2Fpf%2Fes-portal-und-fischerhafen-lonja%2F&#038;description=ES+PORTAL+UND+FISCHERHAFEN%2FLONJA&#038;media=https%3A%2F%2Fwww.blanescostabrava.cat%2Fwp-content%2Fuploads%2F2018%2F03%2F35-thegem-blog-timeline-large.jpg\" title=\"Pinterest\"><i class=\"socials-item-icon pinterest\"><\/i><\/a> <a class=\"socials-item\" target=\"_blank\" href=\"https:\/\/www.tumblr.com\/widgets\/share\/tool?canonicalUrl=https%3A%2F%2Fwww.blanescostabrava.cat%2Fde%2Fpf%2Fes-portal-und-fischerhafen-lonja%2F\" title=\"Tumblr\"><i class=\"socials-item-icon tumblr\"><\/i><\/a> <a class=\"socials-item\" target=\"_blank\" href=\"https:\/\/www.linkedin.com\/shareArticle?mini=true&#038;url=https%3A%2F%2Fwww.blanescostabrava.cat%2Fde%2Fpf%2Fes-portal-und-fischerhafen-lonja%2F&#038;title=ES+PORTAL+UND+FISCHERHAFEN%2FLONJA&amp;summary=%5Bvc_row+full_width%3D%26%238220%3Bstretch_row%26%238220%3B+css%3D%26%238220%3B.vc_custom_1521931772981%7Bbackground-image%3A+url%28https%3A%2F%2Fwww.blanescostabrava.cat%2Fwp-content%2Fuploads%2F2018%2F03%2F35.jpg%3Fid%3D32582%29+%21important%3B%7D%26%238220%3B+el_class%3D%26%238220%3Bcabecera-pagina-interna+cabecera-ficha%26%238220%3B%5D%5Bvc_column%5D%5Bvc_column_text%5D+ES+PORTAL+UND+FISCHERHAFEN%2FLONJA+%5B%2Fvc_column_text%5D%5B%2Fvc_column%5D%5B%2Fvc_row%5D%5Bvc_row%5D%5Bvc_column%5D%5Bvc_column_text%5DAUS+DEM+MEER+AUF+DEN+TELLER+Das+Beobachten+einer...\" title=\"LinkedIn\"><i class=\"socials-item-icon linkedin\"><\/i><\/a> <a class=\"socials-item\" target=\"_blank\" href=\"https:\/\/www.reddit.com\/submit?url=https%3A%2F%2Fwww.blanescostabrava.cat%2Fde%2Fpf%2Fes-portal-und-fischerhafen-lonja%2F&#038;title=ES+PORTAL+UND+FISCHERHAFEN%2FLONJA\" title=\"Reddit\"><i class=\"socials-item-icon reddit\"><\/i><\/a> <\/div> <\/div> <\/div> <div class=\"caption\"> <div class=\"title title-h4\"> ES PORTAL UND FISCHERHAFEN\/LONJA <\/span> <\/div> <div class=\"description\"> <\/div> <\/div> <\/div> <\/div> <\/div> <\/div> <\/div> <\/div> <div class=\"portfolio-item strande-und-buchten item-animations-not-inited post-68875 thegem_pf_item type-thegem_pf_item status-publish has-post-thumbnail\" style=\"padding: 21px;\" data-default-sort=\"0\" data-sort-date=\"1563797111\"> <div class=\"wrap clearfix\" style=\"border-bottom-color: \"> <div class=\"image post-68875 thegem_pf_item type-thegem_pf_item status-publish has-post-thumbnail\"> <div class=\"image-inner\"> <picture> <img src=\"https:\/\/www.blanescostabrava.cat\/wp-content\/uploads\/2018\/03\/forcanera-thegem-portfolio-justified.jpg\" width=\"844\" height=\"630\" class=\"attachment-thegem-portfolio-justified\" alt=\"Cala sa Forcanera und Cala s\u2019Ag\u00fcia\" \/> <\/picture> <\/div> <div class=\"overlay\"> <div class=\"overlay-circle\"><\/div> <div class=\"links-wrapper\"> <div class=\"links\"> <div class=\"portfolio-icons\"> <a href=\"https:\/\/www.blanescostabrava.cat\/de\/pf\/cala-sa-forcanera-und-cala-saguia\/\" target=\"_self\" class=\"icon self-link \"><\/a> <a href=\"javascript: void(0);\" class=\"icon share\"><\/a> <div class=\"overlay-line\"><\/div> <div class=\"portfolio-sharing-pane\"> <div class=\"socials-sharing socials socials-colored-hover\"> <a class=\"socials-item\" target=\"_blank\" href=\"https:\/\/www.facebook.com\/sharer\/sharer.php?u=https%3A%2F%2Fwww.blanescostabrava.cat%2Fde%2Fpf%2Fcala-sa-forcanera-und-cala-saguia%2F\" title=\"Facebook\"><i class=\"socials-item-icon facebook\"><\/i><\/a> <a class=\"socials-item\" target=\"_blank\" href=\"https:\/\/twitter.com\/intent\/tweet?text=Cala+sa+Forcanera+und+Cala+s%E2%80%99Ag%C3%BCia&#038;url=https%3A%2F%2Fwww.blanescostabrava.cat%2Fde%2Fpf%2Fcala-sa-forcanera-und-cala-saguia%2F\" title=\"Twitter\"><i class=\"socials-item-icon twitter\"><\/i><\/a> <a class=\"socials-item\" target=\"_blank\" href=\"https:\/\/pinterest.com\/pin\/create\/button\/?url=https%3A%2F%2Fwww.blanescostabrava.cat%2Fde%2Fpf%2Fcala-sa-forcanera-und-cala-saguia%2F&#038;description=Cala+sa+Forcanera+und+Cala+s%E2%80%99Ag%C3%BCia&#038;media=https%3A%2F%2Fwww.blanescostabrava.cat%2Fwp-content%2Fuploads%2F2018%2F03%2Fforcanera-thegem-blog-timeline-large.jpg\" title=\"Pinterest\"><i class=\"socials-item-icon pinterest\"><\/i><\/a> <a class=\"socials-item\" target=\"_blank\" href=\"https:\/\/www.tumblr.com\/widgets\/share\/tool?canonicalUrl=https%3A%2F%2Fwww.blanescostabrava.cat%2Fde%2Fpf%2Fcala-sa-forcanera-und-cala-saguia%2F\" title=\"Tumblr\"><i class=\"socials-item-icon tumblr\"><\/i><\/a> <a class=\"socials-item\" target=\"_blank\" href=\"https:\/\/www.linkedin.com\/shareArticle?mini=true&#038;url=https%3A%2F%2Fwww.blanescostabrava.cat%2Fde%2Fpf%2Fcala-sa-forcanera-und-cala-saguia%2F&#038;title=Cala+sa+Forcanera+und+Cala+s%E2%80%99Ag%C3%BCia&amp;summary=%5Bvc_row+full_width%3D%26%238220%3Bstretch_row%26%238220%3B+css%3D%26%238220%3B.vc_custom_1522078239924%7Bbackground-image%3A+url%28https%3A%2F%2Fwww.blanescostabrava.cat%2Fwp-content%2Fuploads%2F2018%2F03%2Fforcanera.jpg%3Fid%3D33496%29+%21important%3B%7D%26%238220%3B+el_class%3D%26%238220%3Bcabecera-pagina-interna+cabecera-ficha%26%238220%3B%5D%5Bvc_column%5D%5Bvc_column_text%5D+Cala+sa+Forcanera+und+Cala+s%E2%80%99Ag%C3%BCia+%5B%2Fvc_column_text%5D%5B%2Fvc_column%5D%5B%2Fvc_row%5D%5Bvc_row%5D%5Bvc_column%5D%5Bvc_column_text+el_class%3D%26%238220%3Btextos-ficha-interna%26%238220%3B%5DZwei+kleine+Geheimnisses%2C+zwei+Juwelen+unserer...\" title=\"LinkedIn\"><i class=\"socials-item-icon linkedin\"><\/i><\/a> <a class=\"socials-item\" target=\"_blank\" href=\"https:\/\/www.reddit.com\/submit?url=https%3A%2F%2Fwww.blanescostabrava.cat%2Fde%2Fpf%2Fcala-sa-forcanera-und-cala-saguia%2F&#038;title=Cala+sa+Forcanera+und+Cala+s%E2%80%99Ag%C3%BCia\" title=\"Reddit\"><i class=\"socials-item-icon reddit\"><\/i><\/a> <\/div> <\/div> <\/div> <div class=\"caption\"> <div class=\"title title-h4\"> Cala sa Forcanera und Cala s\u2019Ag\u00fcia <\/span> <\/div> <div class=\"description\"> <\/div> <\/div> <\/div> <\/div> <\/div> <\/div> <\/div> <\/div> <div class=\"portfolio-item aktivsport item-animations-not-inited post-68881 thegem_pf_item type-thegem_pf_item status-publish has-post-thumbnail\" style=\"padding: 21px;\" data-default-sort=\"0\" data-sort-date=\"1563797112\"> <div class=\"wrap clearfix\" style=\"border-bottom-color: \"> <div class=\"image post-68881 thegem_pf_item type-thegem_pf_item status-publish has-post-thumbnail\"> <div class=\"image-inner\"> <picture> <img src=\"https:\/\/www.blanescostabrava.cat\/wp-content\/uploads\/2018\/03\/rutes-thegem-portfolio-justified.jpg\" width=\"844\" height=\"630\" class=\"attachment-thegem-portfolio-justified\" alt=\"Wander- und BTT-Routen\" \/> <\/picture> <\/div> <div class=\"overlay\"> <div class=\"overlay-circle\"><\/div> <div class=\"links-wrapper\"> <div class=\"links\"> <div class=\"portfolio-icons\"> <a href=\"https:\/\/www.blanescostabrava.cat\/de\/pf\/wander-und-btt-routen\/\" target=\"_self\" class=\"icon self-link \"><\/a> <a href=\"javascript: void(0);\" class=\"icon share\"><\/a> <div class=\"overlay-line\"><\/div> <div class=\"portfolio-sharing-pane\"> <div class=\"socials-sharing socials socials-colored-hover\"> <a class=\"socials-item\" target=\"_blank\" href=\"https:\/\/www.facebook.com\/sharer\/sharer.php?u=https%3A%2F%2Fwww.blanescostabrava.cat%2Fde%2Fpf%2Fwander-und-btt-routen%2F\" title=\"Facebook\"><i class=\"socials-item-icon facebook\"><\/i><\/a> <a class=\"socials-item\" target=\"_blank\" href=\"https:\/\/twitter.com\/intent\/tweet?text=Wander-+und+BTT-Routen&#038;url=https%3A%2F%2Fwww.blanescostabrava.cat%2Fde%2Fpf%2Fwander-und-btt-routen%2F\" title=\"Twitter\"><i class=\"socials-item-icon twitter\"><\/i><\/a> <a class=\"socials-item\" target=\"_blank\" href=\"https:\/\/pinterest.com\/pin\/create\/button\/?url=https%3A%2F%2Fwww.blanescostabrava.cat%2Fde%2Fpf%2Fwander-und-btt-routen%2F&#038;description=Wander-+und+BTT-Routen&#038;media=https%3A%2F%2Fwww.blanescostabrava.cat%2Fwp-content%2Fuploads%2F2018%2F03%2Frutes-thegem-blog-timeline-large.jpg\" title=\"Pinterest\"><i class=\"socials-item-icon pinterest\"><\/i><\/a> <a class=\"socials-item\" target=\"_blank\" href=\"https:\/\/www.tumblr.com\/widgets\/share\/tool?canonicalUrl=https%3A%2F%2Fwww.blanescostabrava.cat%2Fde%2Fpf%2Fwander-und-btt-routen%2F\" title=\"Tumblr\"><i class=\"socials-item-icon tumblr\"><\/i><\/a> <a class=\"socials-item\" target=\"_blank\" href=\"https:\/\/www.linkedin.com\/shareArticle?mini=true&#038;url=https%3A%2F%2Fwww.blanescostabrava.cat%2Fde%2Fpf%2Fwander-und-btt-routen%2F&#038;title=Wander-+und+BTT-Routen&amp;summary=%5Bvc_row+full_width%3D%26%238220%3Bstretch_row%26%238220%3B+css%3D%26%238220%3B.vc_custom_1523896526104%7Bbackground-image%3A+url%28https%3A%2F%2Fwww.blanescostabrava.cat%2Fwp-content%2Fuploads%2F2018%2F03%2FBTT-28.jpg%3Fid%3D34873%29+%21important%3Bbackground-position%3A+center+%21important%3Bbackground-repeat%3A+no-repeat+%21important%3Bbackground-size%3A+cover+%21important%3B%7D%26%238220%3B+el_class%3D%26%238220%3Bcabecera-pagina-interna+cabecera-ficha%26%238220%3B%5D%5Bvc_column%5D%5Bvc_column_text%5D+Wander-+und+BTT-Routen+%5B%2Fvc_column_text%5D%5B%2Fvc_column%5D%5B%2Fvc_row%5D%5Bvc_row%5D%5Bvc_column%5D%5Bvc_column_text+el_class%3D%26%238220%3Btextos-ficha-interna%26%238220%3B%5DSie+k%C3%B6nnen+Karten...\" title=\"LinkedIn\"><i class=\"socials-item-icon linkedin\"><\/i><\/a> <a class=\"socials-item\" target=\"_blank\" href=\"https:\/\/www.reddit.com\/submit?url=https%3A%2F%2Fwww.blanescostabrava.cat%2Fde%2Fpf%2Fwander-und-btt-routen%2F&#038;title=Wander-+und+BTT-Routen\" title=\"Reddit\"><i class=\"socials-item-icon reddit\"><\/i><\/a> <\/div> <\/div> <\/div> <div class=\"caption\"> <div class=\"title title-h4\"> Wander- und BTT-Routen <\/span> <\/div> <div class=\"description\"> <\/div> <\/div> <\/div> <\/div> <\/div> <\/div> <\/div> <\/div> <div class=\"portfolio-item aktivsport item-animations-not-inited post-68884 thegem_pf_item type-thegem_pf_item status-publish has-post-thumbnail\" style=\"padding: 21px;\" data-default-sort=\"0\" data-sort-date=\"1563797113\"> <div class=\"wrap clearfix\" style=\"border-bottom-color: \"> <div class=\"image post-68884 thegem_pf_item type-thegem_pf_item status-publish has-post-thumbnail\"> <div class=\"image-inner\"> <picture> <img src=\"https:\/\/www.blanescostabrava.cat\/wp-content\/uploads\/2018\/03\/cicloturisme-thegem-portfolio-justified.jpg\" width=\"844\" height=\"630\" class=\"attachment-thegem-portfolio-justified\" alt=\"Radsport\" \/> <\/picture> <\/div> <div class=\"overlay\"> <div class=\"overlay-circle\"><\/div> <div class=\"links-wrapper\"> <div class=\"links\"> <div class=\"portfolio-icons\"> <a href=\"https:\/\/www.blanescostabrava.cat\/de\/pf\/radsport\/\" target=\"_self\" class=\"icon self-link \"><\/a> <a href=\"javascript: void(0);\" class=\"icon share\"><\/a> <div class=\"overlay-line\"><\/div> <div class=\"portfolio-sharing-pane\"> <div class=\"socials-sharing socials socials-colored-hover\"> <a class=\"socials-item\" target=\"_blank\" href=\"https:\/\/www.facebook.com\/sharer\/sharer.php?u=https%3A%2F%2Fwww.blanescostabrava.cat%2Fde%2Fpf%2Fradsport%2F\" title=\"Facebook\"><i class=\"socials-item-icon facebook\"><\/i><\/a> <a class=\"socials-item\" target=\"_blank\" href=\"https:\/\/twitter.com\/intent\/tweet?text=Radsport&#038;url=https%3A%2F%2Fwww.blanescostabrava.cat%2Fde%2Fpf%2Fradsport%2F\" title=\"Twitter\"><i class=\"socials-item-icon twitter\"><\/i><\/a> <a class=\"socials-item\" target=\"_blank\" href=\"https:\/\/pinterest.com\/pin\/create\/button\/?url=https%3A%2F%2Fwww.blanescostabrava.cat%2Fde%2Fpf%2Fradsport%2F&#038;description=Radsport&#038;media=https%3A%2F%2Fwww.blanescostabrava.cat%2Fwp-content%2Fuploads%2F2018%2F03%2Fcicloturisme-thegem-blog-timeline-large.jpg\" title=\"Pinterest\"><i class=\"socials-item-icon pinterest\"><\/i><\/a> <a class=\"socials-item\" target=\"_blank\" href=\"https:\/\/www.tumblr.com\/widgets\/share\/tool?canonicalUrl=https%3A%2F%2Fwww.blanescostabrava.cat%2Fde%2Fpf%2Fradsport%2F\" title=\"Tumblr\"><i class=\"socials-item-icon tumblr\"><\/i><\/a> <a class=\"socials-item\" target=\"_blank\" href=\"https:\/\/www.linkedin.com\/shareArticle?mini=true&#038;url=https%3A%2F%2Fwww.blanescostabrava.cat%2Fde%2Fpf%2Fradsport%2F&#038;title=Radsport&amp;summary=%5Bvc_row+full_width%3D%26%238220%3Bstretch_row%26%238220%3B+css%3D%26%238220%3B.vc_custom_1522088007505%7Bbackground-image%3A+url%28https%3A%2F%2Fwww.blanescostabrava.cat%2Fwp-content%2Fuploads%2F2018%2F03%2Fcicloturisme.jpg%3Fid%3D33557%29+%21important%3B%7D%26%238220%3B+el_class%3D%26%238220%3Bcabecera-pagina-interna+cabecera-ficha%26%238220%3B%5D%5Bvc_column%5D%5Bvc_column_text%5D+Radsport+%5B%2Fvc_column_text%5D%5B%2Fvc_column%5D%5B%2Fvc_row%5D%5Bvc_row%5D%5Bvc_column%5D%5Bvc_column_text+el_class%3D%26%238220%3Btextos-ficha-interna%26%238220%3B%5D+Radsport+%5B%2Fvc_column_text%5D%5B%2Fvc_column%5D%5B%2Fvc_row%5D%5Bvc_row%5D%5Bvc_column%5D%5Bvc_column_text+el_class%3D%26%238220%3Btextos-ficha-interna%26%238220%3B%5D+Radtourismus+in+der+Umgebung+%5B%2Fvc_column_text%5D%5B%2Fvc_column%5D%5B%2Fvc_row%5D\" title=\"LinkedIn\"><i class=\"socials-item-icon linkedin\"><\/i><\/a> <a class=\"socials-item\" target=\"_blank\" href=\"https:\/\/www.reddit.com\/submit?url=https%3A%2F%2Fwww.blanescostabrava.cat%2Fde%2Fpf%2Fradsport%2F&#038;title=Radsport\" title=\"Reddit\"><i class=\"socials-item-icon reddit\"><\/i><\/a> <\/div> <\/div> <\/div> <div class=\"caption\"> <div class=\"title title-h4\"> Radsport <\/span> <\/div> <div class=\"description\"> <\/div> <\/div> <\/div> <\/div> <\/div> <\/div> <\/div> <\/div> <div class=\"portfolio-item aktivsport item-animations-not-inited post-68890 thegem_pf_item type-thegem_pf_item status-publish has-post-thumbnail\" style=\"padding: 21px;\" data-default-sort=\"0\" data-sort-date=\"1563797114\"> <div class=\"wrap clearfix\" style=\"border-bottom-color: \"> <div class=\"image post-68890 thegem_pf_item type-thegem_pf_item status-publish has-post-thumbnail\"> <div class=\"image-inner\"> <picture> <img src=\"https:\/\/www.blanescostabrava.cat\/wp-content\/uploads\/2018\/03\/port-thegem-portfolio-justified.jpg\" width=\"844\" height=\"630\" class=\"attachment-thegem-portfolio-justified\" alt=\"Hafen und Yachtsportverband\" \/> <\/picture> <\/div> <div class=\"overlay\"> <div class=\"overlay-circle\"><\/div> <div class=\"links-wrapper\"> <div class=\"links\"> <div class=\"portfolio-icons\"> <a href=\"https:\/\/www.blanescostabrava.cat\/de\/pf\/hafen-und-yachtsportverband\/\" target=\"_self\" class=\"icon self-link \"><\/a> <a href=\"javascript: void(0);\" class=\"icon share\"><\/a> <div class=\"overlay-line\"><\/div> <div class=\"portfolio-sharing-pane\"> <div class=\"socials-sharing socials socials-colored-hover\"> <a class=\"socials-item\" target=\"_blank\" href=\"https:\/\/www.facebook.com\/sharer\/sharer.php?u=https%3A%2F%2Fwww.blanescostabrava.cat%2Fde%2Fpf%2Fhafen-und-yachtsportverband%2F\" title=\"Facebook\"><i class=\"socials-item-icon facebook\"><\/i><\/a> <a class=\"socials-item\" target=\"_blank\" href=\"https:\/\/twitter.com\/intent\/tweet?text=Hafen+und+Yachtsportverband&#038;url=https%3A%2F%2Fwww.blanescostabrava.cat%2Fde%2Fpf%2Fhafen-und-yachtsportverband%2F\" title=\"Twitter\"><i class=\"socials-item-icon twitter\"><\/i><\/a> <a class=\"socials-item\" target=\"_blank\" href=\"https:\/\/pinterest.com\/pin\/create\/button\/?url=https%3A%2F%2Fwww.blanescostabrava.cat%2Fde%2Fpf%2Fhafen-und-yachtsportverband%2F&#038;description=Hafen+und+Yachtsportverband&#038;media=https%3A%2F%2Fwww.blanescostabrava.cat%2Fwp-content%2Fuploads%2F2018%2F03%2Fport-thegem-blog-timeline-large.jpg\" title=\"Pinterest\"><i class=\"socials-item-icon pinterest\"><\/i><\/a> <a class=\"socials-item\" target=\"_blank\" href=\"https:\/\/www.tumblr.com\/widgets\/share\/tool?canonicalUrl=https%3A%2F%2Fwww.blanescostabrava.cat%2Fde%2Fpf%2Fhafen-und-yachtsportverband%2F\" title=\"Tumblr\"><i class=\"socials-item-icon tumblr\"><\/i><\/a> <a class=\"socials-item\" target=\"_blank\" href=\"https:\/\/www.linkedin.com\/shareArticle?mini=true&#038;url=https%3A%2F%2Fwww.blanescostabrava.cat%2Fde%2Fpf%2Fhafen-und-yachtsportverband%2F&#038;title=Hafen+und+Yachtsportverband&amp;summary=%5Bvc_row+full_width%3D%26%238220%3Bstretch_row%26%238220%3B+css%3D%26%238220%3B.vc_custom_1522090142207%7Bbackground-image%3A+url%28https%3A%2F%2Fwww.blanescostabrava.cat%2Fwp-content%2Fuploads%2F2018%2F03%2Fport.jpg%3Fid%3D33631%29+%21important%3B%7D%26%238220%3B+el_class%3D%26%238220%3Bcabecera-pagina-interna+cabecera-ficha%26%238220%3B%5D%5Bvc_column%5D%5Bvc_column_text%5D+Hafen+und+Yachtsportverband+%5B%2Fvc_column_text%5D%5B%2Fvc_column%5D%5B%2Fvc_row%5D%5Bvc_row%5D%5Bvc_column%5D%5Bvc_column_text+el_class%3D%26%238220%3Btextos-ficha-interna%26%238220%3B%5D+Yachthafen+%5B%2Fvc_column_text%5D%5B%2Fvc_column%5D%5B%2Fvc_row%5D%5Bvc_row%5D%5Bvc_column%5D%5B%2Fvc_column%5D%5B%2Fvc_row%5D%5Bvc_row+el_class%3D%26%238220%3Bmapa-informacion-practica+mapa-turismo+mapa-pagina-interna%26%238220%3B%5D%5Bvc_column%5D%5Bvc_column_text+el_class%3D%26%238220%3Btitulo-mapa%26%238220%3B%5D\" title=\"LinkedIn\"><i class=\"socials-item-icon linkedin\"><\/i><\/a> <a class=\"socials-item\" target=\"_blank\" href=\"https:\/\/www.reddit.com\/submit?url=https%3A%2F%2Fwww.blanescostabrava.cat%2Fde%2Fpf%2Fhafen-und-yachtsportverband%2F&#038;title=Hafen+und+Yachtsportverband\" title=\"Reddit\"><i class=\"socials-item-icon reddit\"><\/i><\/a> <\/div> <\/div> <\/div> <div class=\"caption\"> <div class=\"title title-h4\"> Hafen und Yachtsportverband <\/span> <\/div> <div class=\"description\"> <\/div> <\/div> <\/div> <\/div> <\/div> <\/div> <\/div> <\/div> <div class=\"portfolio-item stadt-blanes item-animations-not-inited post-68932 thegem_pf_item type-thegem_pf_item status-publish has-post-thumbnail\" style=\"padding: 21px;\" data-default-sort=\"0\" data-sort-date=\"1563797118\"> <div class=\"wrap clearfix\" style=\"border-bottom-color: \"> <div class=\"image post-68932 thegem_pf_item type-thegem_pf_item status-publish has-post-thumbnail\"> <div class=\"image-inner\"> <picture> <img src=\"https:\/\/www.blanescostabrava.cat\/wp-content\/uploads\/2018\/03\/parcs.jpg\" width=\"640\" height=\"722\" class=\"attachment-thegem-portfolio-justified\" alt=\"FREIZEIT\" \/> <\/picture> <\/div> <div class=\"overlay\"> <div class=\"overlay-circle\"><\/div> <div class=\"links-wrapper\"> <div class=\"links\"> <div class=\"portfolio-icons\"> <a href=\"#\" target=\"_self\" class=\"icon inner-link \"><\/a> <a href=\"javascript: void(0);\" class=\"icon share\"><\/a> <div class=\"overlay-line\"><\/div> <div class=\"portfolio-sharing-pane\"> <div class=\"socials-sharing socials socials-colored-hover\"> <a class=\"socials-item\" target=\"_blank\" href=\"https:\/\/www.facebook.com\/sharer\/sharer.php?u=https%3A%2F%2Fwww.blanescostabrava.cat%2Fde%2Fpf%2Ffreizeit%2F\" title=\"Facebook\"><i class=\"socials-item-icon facebook\"><\/i><\/a> <a class=\"socials-item\" target=\"_blank\" href=\"https:\/\/twitter.com\/intent\/tweet?text=FREIZEIT&#038;url=https%3A%2F%2Fwww.blanescostabrava.cat%2Fde%2Fpf%2Ffreizeit%2F\" title=\"Twitter\"><i class=\"socials-item-icon twitter\"><\/i><\/a> <a class=\"socials-item\" target=\"_blank\" href=\"https:\/\/pinterest.com\/pin\/create\/button\/?url=https%3A%2F%2Fwww.blanescostabrava.cat%2Fde%2Fpf%2Ffreizeit%2F&#038;description=FREIZEIT&#038;media=https%3A%2F%2Fwww.blanescostabrava.cat%2Fwp-content%2Fuploads%2F2018%2F03%2Fparcs.jpg\" title=\"Pinterest\"><i class=\"socials-item-icon pinterest\"><\/i><\/a> <a class=\"socials-item\" target=\"_blank\" href=\"https:\/\/www.tumblr.com\/widgets\/share\/tool?canonicalUrl=https%3A%2F%2Fwww.blanescostabrava.cat%2Fde%2Fpf%2Ffreizeit%2F\" title=\"Tumblr\"><i class=\"socials-item-icon tumblr\"><\/i><\/a> <a class=\"socials-item\" target=\"_blank\" href=\"https:\/\/www.linkedin.com\/shareArticle?mini=true&#038;url=https%3A%2F%2Fwww.blanescostabrava.cat%2Fde%2Fpf%2Ffreizeit%2F&#038;title=FREIZEIT&amp;summary=\" title=\"LinkedIn\"><i class=\"socials-item-icon linkedin\"><\/i><\/a> <a class=\"socials-item\" target=\"_blank\" href=\"https:\/\/www.reddit.com\/submit?url=https%3A%2F%2Fwww.blanescostabrava.cat%2Fde%2Fpf%2Ffreizeit%2F&#038;title=FREIZEIT\" title=\"Reddit\"><i class=\"socials-item-icon reddit\"><\/i><\/a> <\/div> <\/div> <\/div> <div class=\"caption\"> <div class=\"title title-h4\"> FREIZEIT <\/span> <\/div> <div class=\"description\"> <\/div> <\/div> <\/div> <\/div> <\/div> <\/div> <\/div> <\/div> <div class=\"portfolio-item stadt-blanes item-animations-not-inited post-68935 thegem_pf_item type-thegem_pf_item status-publish has-post-thumbnail\" style=\"padding: 21px;\" data-default-sort=\"0\" data-sort-date=\"1563797119\"> <div class=\"wrap clearfix\" style=\"border-bottom-color: \"> <div class=\"image post-68935 thegem_pf_item type-thegem_pf_item status-publish has-post-thumbnail\"> <div class=\"image-inner\"> <picture> <img src=\"https:\/\/www.blanescostabrava.cat\/wp-content\/uploads\/2018\/04\/COMER\u00c7-095-thegem-portfolio-justified.jpg\" width=\"844\" height=\"767\" class=\"attachment-thegem-portfolio-justified\" alt=\"Shopping\" \/> <\/picture> <\/div> <div class=\"overlay\"> <div class=\"overlay-circle\"><\/div> <div class=\"links-wrapper\"> <div class=\"links\"> <div class=\"portfolio-icons\"> <a href=\"#\" target=\"_self\" class=\"icon inner-link \"><\/a> <a href=\"javascript: void(0);\" class=\"icon share\"><\/a> <div class=\"overlay-line\"><\/div> <div class=\"portfolio-sharing-pane\"> <div class=\"socials-sharing socials socials-colored-hover\"> <a class=\"socials-item\" target=\"_blank\" href=\"https:\/\/www.facebook.com\/sharer\/sharer.php?u=https%3A%2F%2Fwww.blanescostabrava.cat%2Fde%2Fpf%2Fshopping%2F\" title=\"Facebook\"><i class=\"socials-item-icon facebook\"><\/i><\/a> <a class=\"socials-item\" target=\"_blank\" href=\"https:\/\/twitter.com\/intent\/tweet?text=Shopping&#038;url=https%3A%2F%2Fwww.blanescostabrava.cat%2Fde%2Fpf%2Fshopping%2F\" title=\"Twitter\"><i class=\"socials-item-icon twitter\"><\/i><\/a> <a class=\"socials-item\" target=\"_blank\" href=\"https:\/\/pinterest.com\/pin\/create\/button\/?url=https%3A%2F%2Fwww.blanescostabrava.cat%2Fde%2Fpf%2Fshopping%2F&#038;description=Shopping&#038;media=https%3A%2F%2Fwww.blanescostabrava.cat%2Fwp-content%2Fuploads%2F2018%2F04%2FCOMER%C3%87-095-thegem-blog-timeline-large.jpg\" title=\"Pinterest\"><i class=\"socials-item-icon pinterest\"><\/i><\/a> <a class=\"socials-item\" target=\"_blank\" href=\"https:\/\/www.tumblr.com\/widgets\/share\/tool?canonicalUrl=https%3A%2F%2Fwww.blanescostabrava.cat%2Fde%2Fpf%2Fshopping%2F\" title=\"Tumblr\"><i class=\"socials-item-icon tumblr\"><\/i><\/a> <a class=\"socials-item\" target=\"_blank\" href=\"https:\/\/www.linkedin.com\/shareArticle?mini=true&#038;url=https%3A%2F%2Fwww.blanescostabrava.cat%2Fde%2Fpf%2Fshopping%2F&#038;title=Shopping&amp;summary=\" title=\"LinkedIn\"><i class=\"socials-item-icon linkedin\"><\/i><\/a> <a class=\"socials-item\" target=\"_blank\" href=\"https:\/\/www.reddit.com\/submit?url=https%3A%2F%2Fwww.blanescostabrava.cat%2Fde%2Fpf%2Fshopping%2F&#038;title=Shopping\" title=\"Reddit\"><i class=\"socials-item-icon reddit\"><\/i><\/a> <\/div> <\/div> <\/div> <div class=\"caption\"> <div class=\"title title-h4\"> Shopping <\/span> <\/div> <div class=\"description\"> <\/div> <\/div> <\/div> <\/div> <\/div> <\/div> <\/div> <\/div> <div class=\"portfolio-item denkmaler item-animations-not-inited post-225256 thegem_pf_item type-thegem_pf_item status-publish has-post-thumbnail\" style=\"padding: 21px;\" data-default-sort=\"0\" data-sort-date=\"1759342501\"> <div class=\"wrap clearfix\" style=\"border-bottom-color: \"> <div class=\"image post-225256 thegem_pf_item type-thegem_pf_item status-publish has-post-thumbnail\"> <div class=\"image-inner\"> <picture> <img src=\"https:\/\/www.blanescostabrava.cat\/wp-content\/uploads\/2025\/10\/20250717_094443-scaled-e1759332390477-thegem-portfolio-justified.jpg\" width=\"844\" height=\"767\" class=\"attachment-thegem-portfolio-justified\" alt=\"Interpretationszentrum Blandae Ciutat Romana\" \/> <\/picture> <\/div> <div class=\"overlay\"> <div class=\"overlay-circle\"><\/div> <div class=\"links-wrapper\"> <div class=\"links\"> <div class=\"portfolio-icons\"> <a href=\"https:\/\/www.blanescostabrava.cat\/de\/pf\/interpretationszentrum-blandae-ciutat-romana\/\" target=\"_self\" class=\"icon self-link \"><\/a> <a href=\"javascript: void(0);\" class=\"icon share\"><\/a> <div class=\"overlay-line\"><\/div> <div class=\"portfolio-sharing-pane\"> <div class=\"socials-sharing socials socials-colored-hover\"> <a class=\"socials-item\" target=\"_blank\" href=\"https:\/\/www.facebook.com\/sharer\/sharer.php?u=https%3A%2F%2Fwww.blanescostabrava.cat%2Fde%2Fpf%2Finterpretationszentrum-blandae-ciutat-romana%2F\" title=\"Facebook\"><i class=\"socials-item-icon facebook\"><\/i><\/a> <a class=\"socials-item\" target=\"_blank\" href=\"https:\/\/twitter.com\/intent\/tweet?text=Interpretationszentrum+Blandae+Ciutat+Romana&#038;url=https%3A%2F%2Fwww.blanescostabrava.cat%2Fde%2Fpf%2Finterpretationszentrum-blandae-ciutat-romana%2F\" title=\"Twitter\"><i class=\"socials-item-icon twitter\"><\/i><\/a> <a class=\"socials-item\" target=\"_blank\" href=\"https:\/\/pinterest.com\/pin\/create\/button\/?url=https%3A%2F%2Fwww.blanescostabrava.cat%2Fde%2Fpf%2Finterpretationszentrum-blandae-ciutat-romana%2F&#038;description=Interpretationszentrum+Blandae+Ciutat+Romana&#038;media=https%3A%2F%2Fwww.blanescostabrava.cat%2Fwp-content%2Fuploads%2F2025%2F10%2F20250717_094443-scaled-e1759332390477-thegem-blog-timeline-large.jpg\" title=\"Pinterest\"><i class=\"socials-item-icon pinterest\"><\/i><\/a> <a class=\"socials-item\" target=\"_blank\" href=\"https:\/\/www.tumblr.com\/widgets\/share\/tool?canonicalUrl=https%3A%2F%2Fwww.blanescostabrava.cat%2Fde%2Fpf%2Finterpretationszentrum-blandae-ciutat-romana%2F\" title=\"Tumblr\"><i class=\"socials-item-icon tumblr\"><\/i><\/a> <a class=\"socials-item\" target=\"_blank\" href=\"https:\/\/www.linkedin.com\/shareArticle?mini=true&#038;url=https%3A%2F%2Fwww.blanescostabrava.cat%2Fde%2Fpf%2Finterpretationszentrum-blandae-ciutat-romana%2F&#038;title=Interpretationszentrum+Blandae+Ciutat+Romana&amp;summary=Im+Interpretationszentrum+Blandae+Ciutat+Romana+wird+die+Geschichte+dieser+antiken+Civitas%2C+die+im+1.+Jahrhundert+v.+Chr.+von+den+R%C3%B6mern+gegr%C3%BCndet+wurde%2C+anhand+der+in+den+letzten+arch%C3%A4ologischen+Ausgrabungen+entdeckten+Funde+vermittelt.\" title=\"LinkedIn\"><i class=\"socials-item-icon linkedin\"><\/i><\/a> <a class=\"socials-item\" target=\"_blank\" href=\"https:\/\/www.reddit.com\/submit?url=https%3A%2F%2Fwww.blanescostabrava.cat%2Fde%2Fpf%2Finterpretationszentrum-blandae-ciutat-romana%2F&#038;title=Interpretationszentrum+Blandae+Ciutat+Romana\" title=\"Reddit\"><i class=\"socials-item-icon reddit\"><\/i><\/a> <\/div> <\/div> <\/div> <div class=\"caption\"> <div class=\"title title-h4\"> Interpretationszentrum Blandae Ciutat Romana <\/span> <\/div> <div class=\"description\"> <div class=\"subtitle\"><p>Im Interpretationszentrum Blandae Ciutat Romana wird die Geschichte dieser antiken Civitas, die im 1. Jahrhundert v. Chr. von den R\u00f6mern gegr\u00fcndet wurde, anhand der in den letzten arch\u00e4ologischen Ausgrabungen entdeckten Funde vermittelt.<\/p>\n<\/div> <\/div> <\/div> <\/div> <\/div> <\/div> <\/div> <\/div> <\/div> <\/div><!-- .portflio-set --> <div class=\"portfolio-item-size-container\"> <div class=\"portfolio-item item-animations-not-inited post-225256 thegem_pf_item type-thegem_pf_item status-publish has-post-thumbnail\"> <\/div> <\/div> <\/div><!-- .row--> <\/div><!-- .full-width --> <\/div><!-- .portfolio--> <\/div><!-- .portfolio-preloader-wrapper-->[\/vc_tta_section][vc_tta_section title=&#8220;Stadt Blanes&#8220; tab_id=&#8220;blanes&#8220;]<style>.portfolio.portfolio-grid#style-e3dc6f3 .portfolio-item:not(.size-item), .preloader#style-preloader-e3dc6f3 .portfolio-item { padding: calc(42px\/2) !important; }.portfolio.portfolio-grid#style-e3dc6f3 .portfolio-item.size-item { padding: 0 calc(42px\/2) !important; }.portfolio.portfolio-grid#style-e3dc6f3 .portfolio-row, .preloader#style-preloader-e3dc6f3 .skeleton-posts.portfolio-row { margin: calc(-42px\/2); }.portfolio.portfolio-grid#style-e3dc6f3.fullwidth-columns .portfolio-row { margin: calc(-42px\/2) 0; }.portfolio.portfolio-grid#style-e3dc6f3 .fullwidth-block:not(.no-paddings) { padding-left: 42px; padding-right: 42px; }.portfolio.portfolio-grid#style-e3dc6f3 .fullwidth-block .portfolio-row { padding-left: calc(42px\/2); padding-right: calc(42px\/2); }.portfolio.portfolio-grid#style-e3dc6f3 .fullwidth-block .portfolio-top-panel { padding-left: 42px; padding-right: 42px; }.portfolio.portfolio-grid#style-e3dc6f3.fullwidth-columns .with-filter-sidebar .filter-sidebar { padding-left: 42px; }.portfolio.portfolio-grid#style-e3dc6f3 .portfolio-item .caption .title span { letter-spacing: px !important; }<\/style><style>.portfolio.portfolio-grid#style-e3dc6f3 .portfolio-filters { text-align: center; }<\/style><div id=\"style-preloader-e3dc6f3\" class=\"preloader save-space\"><div class=\"preloader-spin\"><\/div><\/div> <div class=\"portfolio-preloader-wrapper panel-sidebar-position-left\"> <div class=\"portfolio portfolio-grid extended-portfolio-grid no-padding portfolio-pagination-scroll portfolio-style-justified background-style-white title-style-light hover-circular title-on-page hover-elements-size-default version-default caption-position-page columns-4 columns-tablet-2 columns-mobile-1 next-page-preloading \" id=\"style-e3dc6f3\" data-style-uid=\"e3dc6f3\" data-portfolio-uid=\"grid_9c5d6fb\" data-current-page=\"1\" data-per-page=\"8\" data-next-page=\"0\" data-pages-count=\"1\" data-hover=\"circular\" data-portfolio-filter=\"[]\" data-portfolio-filter-attributes=\"null\" data-portfolio-filter-search=\"\"> <div class=\"portfolio-row-outer \"> <div class=\"portfolio-top-panel selected-only\"> <div class=\"portfolio-filter-item portfolio-selected-filters left\"> <div class=\"portfolio-selected-filter-item clear-filters\"> Clear Filters\t<\/div> <\/div> <\/div> <div class=\"row portfolio-row\"> <div class=\"portfolio-set clearfix\" data-max-row-height=\"280\"> <div class=\"portfolio-item stadt-blanes item-animations-not-inited post-67090 thegem_pf_item type-thegem_pf_item status-publish has-post-thumbnail\" style=\"padding: 21px;\" data-default-sort=\"0\" data-sort-date=\"1563796767\"> <div class=\"wrap clearfix\" style=\"border-bottom-color: \"> <div class=\"image post-67090 thegem_pf_item type-thegem_pf_item status-publish has-post-thumbnail\"> <div class=\"image-inner\"> <picture> <img src=\"https:\/\/www.blanescostabrava.cat\/wp-content\/uploads\/2018\/03\/restaurantes-thegem-portfolio-justified.jpg\" width=\"844\" height=\"630\" class=\"attachment-thegem-portfolio-justified\" alt=\"Restaurants\" \/> <\/picture> <\/div> <div class=\"overlay\"> <div class=\"overlay-circle\"><\/div> <div class=\"links-wrapper\"> <div class=\"links\"> <div class=\"portfolio-icons\"> <a href=\"#\" target=\"_self\" class=\"icon inner-link \"><\/a> <a href=\"javascript: void(0);\" class=\"icon share\"><\/a> <div class=\"overlay-line\"><\/div> <div class=\"portfolio-sharing-pane\"> <div class=\"socials-sharing socials socials-colored-hover\"> <a class=\"socials-item\" target=\"_blank\" href=\"https:\/\/www.facebook.com\/sharer\/sharer.php?u=https%3A%2F%2Fwww.blanescostabrava.cat%2Fde%2Fpf%2Frestaurants%2F\" title=\"Facebook\"><i class=\"socials-item-icon facebook\"><\/i><\/a> <a class=\"socials-item\" target=\"_blank\" href=\"https:\/\/twitter.com\/intent\/tweet?text=Restaurants&#038;url=https%3A%2F%2Fwww.blanescostabrava.cat%2Fde%2Fpf%2Frestaurants%2F\" title=\"Twitter\"><i class=\"socials-item-icon twitter\"><\/i><\/a> <a class=\"socials-item\" target=\"_blank\" href=\"https:\/\/pinterest.com\/pin\/create\/button\/?url=https%3A%2F%2Fwww.blanescostabrava.cat%2Fde%2Fpf%2Frestaurants%2F&#038;description=Restaurants&#038;media=https%3A%2F%2Fwww.blanescostabrava.cat%2Fwp-content%2Fuploads%2F2018%2F03%2Frestaurantes-thegem-blog-timeline-large.jpg\" title=\"Pinterest\"><i class=\"socials-item-icon pinterest\"><\/i><\/a> <a class=\"socials-item\" target=\"_blank\" href=\"https:\/\/www.tumblr.com\/widgets\/share\/tool?canonicalUrl=https%3A%2F%2Fwww.blanescostabrava.cat%2Fde%2Fpf%2Frestaurants%2F\" title=\"Tumblr\"><i class=\"socials-item-icon tumblr\"><\/i><\/a> <a class=\"socials-item\" target=\"_blank\" href=\"https:\/\/www.linkedin.com\/shareArticle?mini=true&#038;url=https%3A%2F%2Fwww.blanescostabrava.cat%2Fde%2Fpf%2Frestaurants%2F&#038;title=Restaurants&amp;summary=\" title=\"LinkedIn\"><i class=\"socials-item-icon linkedin\"><\/i><\/a> <a class=\"socials-item\" target=\"_blank\" href=\"https:\/\/www.reddit.com\/submit?url=https%3A%2F%2Fwww.blanescostabrava.cat%2Fde%2Fpf%2Frestaurants%2F&#038;title=Restaurants\" title=\"Reddit\"><i class=\"socials-item-icon reddit\"><\/i><\/a> <\/div> <\/div> <\/div> <div class=\"caption\"> <div class=\"title title-h4\"> Restaurants <\/span> <\/div> <div class=\"description\"> <\/div> <\/div> <\/div> <\/div> <\/div> <\/div> <\/div> <\/div> <div class=\"portfolio-item stadt-blanes item-animations-not-inited post-67093 thegem_pf_item type-thegem_pf_item status-publish has-post-thumbnail\" style=\"padding: 21px;\" data-default-sort=\"0\" data-sort-date=\"1563796767\"> <div class=\"wrap clearfix\" style=\"border-bottom-color: \"> <div class=\"image post-67093 thegem_pf_item type-thegem_pf_item status-publish has-post-thumbnail\"> <div class=\"image-inner\"> <picture> <img src=\"https:\/\/www.blanescostabrava.cat\/wp-content\/uploads\/2018\/02\/CAMA_HOTELS-thegem-portfolio-justified.jpg\" width=\"844\" height=\"610\" class=\"attachment-thegem-portfolio-justified\" alt=\"Wo schlafen\" \/> <\/picture> <\/div> <div class=\"overlay\"> <div class=\"overlay-circle\"><\/div> <div class=\"links-wrapper\"> <div class=\"links\"> <div class=\"portfolio-icons\"> <a href=\"#\" target=\"_self\" class=\"icon inner-link \"><\/a> <a href=\"javascript: void(0);\" class=\"icon share\"><\/a> <div class=\"overlay-line\"><\/div> <div class=\"portfolio-sharing-pane\"> <div class=\"socials-sharing socials socials-colored-hover\"> <a class=\"socials-item\" target=\"_blank\" href=\"https:\/\/www.facebook.com\/sharer\/sharer.php?u=https%3A%2F%2Fwww.blanescostabrava.cat%2Fde%2Fpf%2Fwo-schlafen%2F\" title=\"Facebook\"><i class=\"socials-item-icon facebook\"><\/i><\/a> <a class=\"socials-item\" target=\"_blank\" href=\"https:\/\/twitter.com\/intent\/tweet?text=Wo+schlafen&#038;url=https%3A%2F%2Fwww.blanescostabrava.cat%2Fde%2Fpf%2Fwo-schlafen%2F\" title=\"Twitter\"><i class=\"socials-item-icon twitter\"><\/i><\/a> <a class=\"socials-item\" target=\"_blank\" href=\"https:\/\/pinterest.com\/pin\/create\/button\/?url=https%3A%2F%2Fwww.blanescostabrava.cat%2Fde%2Fpf%2Fwo-schlafen%2F&#038;description=Wo+schlafen&#038;media=https%3A%2F%2Fwww.blanescostabrava.cat%2Fwp-content%2Fuploads%2F2018%2F02%2FCAMA_HOTELS-thegem-blog-timeline-large.jpg\" title=\"Pinterest\"><i class=\"socials-item-icon pinterest\"><\/i><\/a> <a class=\"socials-item\" target=\"_blank\" href=\"https:\/\/www.tumblr.com\/widgets\/share\/tool?canonicalUrl=https%3A%2F%2Fwww.blanescostabrava.cat%2Fde%2Fpf%2Fwo-schlafen%2F\" title=\"Tumblr\"><i class=\"socials-item-icon tumblr\"><\/i><\/a> <a class=\"socials-item\" target=\"_blank\" href=\"https:\/\/www.linkedin.com\/shareArticle?mini=true&#038;url=https%3A%2F%2Fwww.blanescostabrava.cat%2Fde%2Fpf%2Fwo-schlafen%2F&#038;title=Wo+schlafen&amp;summary=\" title=\"LinkedIn\"><i class=\"socials-item-icon linkedin\"><\/i><\/a> <a class=\"socials-item\" target=\"_blank\" href=\"https:\/\/www.reddit.com\/submit?url=https%3A%2F%2Fwww.blanescostabrava.cat%2Fde%2Fpf%2Fwo-schlafen%2F&#038;title=Wo+schlafen\" title=\"Reddit\"><i class=\"socials-item-icon reddit\"><\/i><\/a> <\/div> <\/div> <\/div> <div class=\"caption\"> <div class=\"title title-h4\"> Wo schlafen <\/span> <\/div> <div class=\"description\"> <\/div> <\/div> <\/div> <\/div> <\/div> <\/div> <\/div> <\/div> <div class=\"portfolio-item stadt-blanes item-animations-not-inited post-67096 thegem_pf_item type-thegem_pf_item status-publish has-post-thumbnail\" style=\"padding: 21px;\" data-default-sort=\"0\" data-sort-date=\"1563796768\"> <div class=\"wrap clearfix\" style=\"border-bottom-color: \"> <div class=\"image post-67096 thegem_pf_item type-thegem_pf_item status-publish has-post-thumbnail\"> <div class=\"image-inner\"> <picture> <img src=\"https:\/\/www.blanescostabrava.cat\/wp-content\/uploads\/2018\/04\/productos-genuinos-thegem-portfolio-justified.jpg\" width=\"844\" height=\"610\" class=\"attachment-thegem-portfolio-justified\" alt=\"Authentische Produkte\" \/> <\/picture> <\/div> <div class=\"overlay\"> <div class=\"overlay-circle\"><\/div> <div class=\"links-wrapper\"> <div class=\"links\"> <div class=\"portfolio-icons\"> <a href=\"#\" target=\"_self\" class=\"icon inner-link \"><\/a> <a href=\"javascript: void(0);\" class=\"icon share\"><\/a> <div class=\"overlay-line\"><\/div> <div class=\"portfolio-sharing-pane\"> <div class=\"socials-sharing socials socials-colored-hover\"> <a class=\"socials-item\" target=\"_blank\" href=\"https:\/\/www.facebook.com\/sharer\/sharer.php?u=https%3A%2F%2Fwww.blanescostabrava.cat%2Fde%2Fpf%2Fauthentische-produkte%2F\" title=\"Facebook\"><i class=\"socials-item-icon facebook\"><\/i><\/a> <a class=\"socials-item\" target=\"_blank\" href=\"https:\/\/twitter.com\/intent\/tweet?text=Authentische+Produkte&#038;url=https%3A%2F%2Fwww.blanescostabrava.cat%2Fde%2Fpf%2Fauthentische-produkte%2F\" title=\"Twitter\"><i class=\"socials-item-icon twitter\"><\/i><\/a> <a class=\"socials-item\" target=\"_blank\" href=\"https:\/\/pinterest.com\/pin\/create\/button\/?url=https%3A%2F%2Fwww.blanescostabrava.cat%2Fde%2Fpf%2Fauthentische-produkte%2F&#038;description=Authentische+Produkte&#038;media=https%3A%2F%2Fwww.blanescostabrava.cat%2Fwp-content%2Fuploads%2F2018%2F04%2Fproductos-genuinos-thegem-blog-timeline-large.jpg\" title=\"Pinterest\"><i class=\"socials-item-icon pinterest\"><\/i><\/a> <a class=\"socials-item\" target=\"_blank\" href=\"https:\/\/www.tumblr.com\/widgets\/share\/tool?canonicalUrl=https%3A%2F%2Fwww.blanescostabrava.cat%2Fde%2Fpf%2Fauthentische-produkte%2F\" title=\"Tumblr\"><i class=\"socials-item-icon tumblr\"><\/i><\/a> <a class=\"socials-item\" target=\"_blank\" href=\"https:\/\/www.linkedin.com\/shareArticle?mini=true&#038;url=https%3A%2F%2Fwww.blanescostabrava.cat%2Fde%2Fpf%2Fauthentische-produkte%2F&#038;title=Authentische+Produkte&amp;summary=%5Bvc_row+full_width%3D%26%238220%3Bstretch_row%26%238220%3B+css%3D%26%238220%3B.vc_custom_1525692693232%7Bbackground-image%3A+url%28https%3A%2F%2Fwww.blanescostabrava.cat%2Fwp-content%2Fuploads%2F2018%2F04%2Fproductos-genuinos.jpg%3Fid%3D34585%29+%21important%3B%7D%26%238220%3B+el_class%3D%26%238220%3Bcabecera-pagina-interna+cabecera-ficha%26%238220%3B%5D%5Bvc_column%5D%5Bvc_column_text%5D+Authentische+Produkte+%5B%2Fvc_column_text%5D%5B%2Fvc_column%5D%5B%2Fvc_row%5D%5Bvc_row%5D%5Bvc_column+width%3D%26%238220%3B2%2F3%26%238243%3B%5D%5Bvc_column_text+el_class%3D%26%238220%3Btextos-ficha-interna%26%238220%3B%5DDer+meistbesuchte+Markt+der+Stadt%2C+ist+aufgrund+seiner+zentralen...\" title=\"LinkedIn\"><i class=\"socials-item-icon linkedin\"><\/i><\/a> <a class=\"socials-item\" target=\"_blank\" href=\"https:\/\/www.reddit.com\/submit?url=https%3A%2F%2Fwww.blanescostabrava.cat%2Fde%2Fpf%2Fauthentische-produkte%2F&#038;title=Authentische+Produkte\" title=\"Reddit\"><i class=\"socials-item-icon reddit\"><\/i><\/a> <\/div> <\/div> <\/div> <div class=\"caption\"> <div class=\"title title-h4\"> Authentische Produkte <\/span> <\/div> <div class=\"description\"> <\/div> <\/div> <\/div> <\/div> <\/div> <\/div> <\/div> <\/div> <div class=\"portfolio-item stadt-blanes item-animations-not-inited post-68428 thegem_pf_item type-thegem_pf_item status-publish has-post-thumbnail\" style=\"padding: 21px;\" data-default-sort=\"0\" data-sort-date=\"1563796973\"> <div class=\"wrap clearfix\" style=\"border-bottom-color: \"> <div class=\"image post-68428 thegem_pf_item type-thegem_pf_item status-publish has-post-thumbnail\"> <div class=\"image-inner\"> <picture> <img src=\"https:\/\/www.blanescostabrava.cat\/wp-content\/uploads\/2018\/03\/22-thegem-portfolio-justified.jpg\" width=\"844\" height=\"620\" class=\"attachment-thegem-portfolio-justified\" alt=\"Obst- und Gem\u00fcsemarkt\" \/> <\/picture> <\/div> <div class=\"overlay\"> <div class=\"overlay-circle\"><\/div> <div class=\"links-wrapper\"> <div class=\"links\"> <div class=\"portfolio-icons\"> <a href=\"https:\/\/www.blanescostabrava.cat\/de\/pf\/obst-und-gemusemarkt\/\" target=\"_self\" class=\"icon self-link \"><\/a> <a href=\"javascript: void(0);\" class=\"icon share\"><\/a> <div class=\"overlay-line\"><\/div> <div class=\"portfolio-sharing-pane\"> <div class=\"socials-sharing socials socials-colored-hover\"> <a class=\"socials-item\" target=\"_blank\" href=\"https:\/\/www.facebook.com\/sharer\/sharer.php?u=https%3A%2F%2Fwww.blanescostabrava.cat%2Fde%2Fpf%2Fobst-und-gemusemarkt%2F\" title=\"Facebook\"><i class=\"socials-item-icon facebook\"><\/i><\/a> <a class=\"socials-item\" target=\"_blank\" href=\"https:\/\/twitter.com\/intent\/tweet?text=Obst-+und+Gem%C3%BCsemarkt&#038;url=https%3A%2F%2Fwww.blanescostabrava.cat%2Fde%2Fpf%2Fobst-und-gemusemarkt%2F\" title=\"Twitter\"><i class=\"socials-item-icon twitter\"><\/i><\/a> <a class=\"socials-item\" target=\"_blank\" href=\"https:\/\/pinterest.com\/pin\/create\/button\/?url=https%3A%2F%2Fwww.blanescostabrava.cat%2Fde%2Fpf%2Fobst-und-gemusemarkt%2F&#038;description=Obst-+und+Gem%C3%BCsemarkt&#038;media=https%3A%2F%2Fwww.blanescostabrava.cat%2Fwp-content%2Fuploads%2F2018%2F03%2F22-thegem-blog-timeline-large.jpg\" title=\"Pinterest\"><i class=\"socials-item-icon pinterest\"><\/i><\/a> <a class=\"socials-item\" target=\"_blank\" href=\"https:\/\/www.tumblr.com\/widgets\/share\/tool?canonicalUrl=https%3A%2F%2Fwww.blanescostabrava.cat%2Fde%2Fpf%2Fobst-und-gemusemarkt%2F\" title=\"Tumblr\"><i class=\"socials-item-icon tumblr\"><\/i><\/a> <a class=\"socials-item\" target=\"_blank\" href=\"https:\/\/www.linkedin.com\/shareArticle?mini=true&#038;url=https%3A%2F%2Fwww.blanescostabrava.cat%2Fde%2Fpf%2Fobst-und-gemusemarkt%2F&#038;title=Obst-+und+Gem%C3%BCsemarkt&amp;summary=%5Bvc_row+full_width%3D%26%238220%3Bstretch_row%26%238220%3B+css%3D%26%238220%3B.vc_custom_1521931730307%7Bbackground-image%3A+url%28https%3A%2F%2Fwww.blanescostabrava.cat%2Fwp-content%2Fuploads%2F2018%2F03%2F22.jpg%3Fid%3D32570%29+%21important%3B%7D%26%238220%3B+el_class%3D%26%238220%3Bcabecera-pagina-interna+cabecera-ficha%26%238220%3B%5D%5Bvc_column%5D%5Bvc_column_text%5D+Obst-+und+Gem%C3%BCsemarkt+%5B%2Fvc_column_text%5D%5B%2Fvc_column%5D%5B%2Fvc_row%5D%5Bvc_row%5D%5Bvc_column+width%3D%26%238220%3B2%2F3%26%238243%3B%5D%5Bvc_column_text+el_class%3D%26%238220%3Btextos-ficha-interna%26%238220%3B%5DGEHEN+WIR+AM%C2%A0MARKTPLATZ%21+%26%238222%3BAnem+a+pla%C3%A7a%26%238220%3B+%28Gehen+wir...\" title=\"LinkedIn\"><i class=\"socials-item-icon linkedin\"><\/i><\/a> <a class=\"socials-item\" target=\"_blank\" href=\"https:\/\/www.reddit.com\/submit?url=https%3A%2F%2Fwww.blanescostabrava.cat%2Fde%2Fpf%2Fobst-und-gemusemarkt%2F&#038;title=Obst-+und+Gem%C3%BCsemarkt\" title=\"Reddit\"><i class=\"socials-item-icon reddit\"><\/i><\/a> <\/div> <\/div> <\/div> <div class=\"caption\"> <div class=\"title title-h4\"> Obst- und Gem\u00fcsemarkt <\/span> <\/div> <div class=\"description\"> <\/div> <\/div> <\/div> <\/div> <\/div> <\/div> <\/div> <\/div> <div class=\"portfolio-item stadt-blanes item-animations-not-inited post-68431 thegem_pf_item type-thegem_pf_item status-publish has-post-thumbnail\" style=\"padding: 21px;\" data-default-sort=\"0\" data-sort-date=\"1563796974\"> <div class=\"wrap clearfix\" style=\"border-bottom-color: \"> <div class=\"image post-68431 thegem_pf_item type-thegem_pf_item status-publish has-post-thumbnail\"> <div class=\"image-inner\"> <picture> <img src=\"https:\/\/www.blanescostabrava.cat\/wp-content\/uploads\/2018\/03\/35-thegem-portfolio-justified.jpg\" width=\"844\" height=\"620\" class=\"attachment-thegem-portfolio-justified\" alt=\"ES PORTAL UND FISCHERHAFEN\/LONJA\" \/> <\/picture> <\/div> <div class=\"overlay\"> <div class=\"overlay-circle\"><\/div> <div class=\"links-wrapper\"> <div class=\"links\"> <div class=\"portfolio-icons\"> <a href=\"https:\/\/www.blanescostabrava.cat\/de\/pf\/es-portal-und-fischerhafen-lonja\/\" target=\"_self\" class=\"icon self-link \"><\/a> <a href=\"javascript: void(0);\" class=\"icon share\"><\/a> <div class=\"overlay-line\"><\/div> <div class=\"portfolio-sharing-pane\"> <div class=\"socials-sharing socials socials-colored-hover\"> <a class=\"socials-item\" target=\"_blank\" href=\"https:\/\/www.facebook.com\/sharer\/sharer.php?u=https%3A%2F%2Fwww.blanescostabrava.cat%2Fde%2Fpf%2Fes-portal-und-fischerhafen-lonja%2F\" title=\"Facebook\"><i class=\"socials-item-icon facebook\"><\/i><\/a> <a class=\"socials-item\" target=\"_blank\" href=\"https:\/\/twitter.com\/intent\/tweet?text=ES+PORTAL+UND+FISCHERHAFEN%2FLONJA&#038;url=https%3A%2F%2Fwww.blanescostabrava.cat%2Fde%2Fpf%2Fes-portal-und-fischerhafen-lonja%2F\" title=\"Twitter\"><i class=\"socials-item-icon twitter\"><\/i><\/a> <a class=\"socials-item\" target=\"_blank\" href=\"https:\/\/pinterest.com\/pin\/create\/button\/?url=https%3A%2F%2Fwww.blanescostabrava.cat%2Fde%2Fpf%2Fes-portal-und-fischerhafen-lonja%2F&#038;description=ES+PORTAL+UND+FISCHERHAFEN%2FLONJA&#038;media=https%3A%2F%2Fwww.blanescostabrava.cat%2Fwp-content%2Fuploads%2F2018%2F03%2F35-thegem-blog-timeline-large.jpg\" title=\"Pinterest\"><i class=\"socials-item-icon pinterest\"><\/i><\/a> <a class=\"socials-item\" target=\"_blank\" href=\"https:\/\/www.tumblr.com\/widgets\/share\/tool?canonicalUrl=https%3A%2F%2Fwww.blanescostabrava.cat%2Fde%2Fpf%2Fes-portal-und-fischerhafen-lonja%2F\" title=\"Tumblr\"><i class=\"socials-item-icon tumblr\"><\/i><\/a> <a class=\"socials-item\" target=\"_blank\" href=\"https:\/\/www.linkedin.com\/shareArticle?mini=true&#038;url=https%3A%2F%2Fwww.blanescostabrava.cat%2Fde%2Fpf%2Fes-portal-und-fischerhafen-lonja%2F&#038;title=ES+PORTAL+UND+FISCHERHAFEN%2FLONJA&amp;summary=%5Bvc_row+full_width%3D%26%238220%3Bstretch_row%26%238220%3B+css%3D%26%238220%3B.vc_custom_1521931772981%7Bbackground-image%3A+url%28https%3A%2F%2Fwww.blanescostabrava.cat%2Fwp-content%2Fuploads%2F2018%2F03%2F35.jpg%3Fid%3D32582%29+%21important%3B%7D%26%238220%3B+el_class%3D%26%238220%3Bcabecera-pagina-interna+cabecera-ficha%26%238220%3B%5D%5Bvc_column%5D%5Bvc_column_text%5D+ES+PORTAL+UND+FISCHERHAFEN%2FLONJA+%5B%2Fvc_column_text%5D%5B%2Fvc_column%5D%5B%2Fvc_row%5D%5Bvc_row%5D%5Bvc_column%5D%5Bvc_column_text%5DAUS+DEM+MEER+AUF+DEN+TELLER+Das+Beobachten+einer...\" title=\"LinkedIn\"><i class=\"socials-item-icon linkedin\"><\/i><\/a> <a class=\"socials-item\" target=\"_blank\" href=\"https:\/\/www.reddit.com\/submit?url=https%3A%2F%2Fwww.blanescostabrava.cat%2Fde%2Fpf%2Fes-portal-und-fischerhafen-lonja%2F&#038;title=ES+PORTAL+UND+FISCHERHAFEN%2FLONJA\" title=\"Reddit\"><i class=\"socials-item-icon reddit\"><\/i><\/a> <\/div> <\/div> <\/div> <div class=\"caption\"> <div class=\"title title-h4\"> ES PORTAL UND FISCHERHAFEN\/LONJA <\/span> <\/div> <div class=\"description\"> <\/div> <\/div> <\/div> <\/div> <\/div> <\/div> <\/div> <\/div> <div class=\"portfolio-item stadt-blanes item-animations-not-inited post-68932 thegem_pf_item type-thegem_pf_item status-publish has-post-thumbnail\" style=\"padding: 21px;\" data-default-sort=\"0\" data-sort-date=\"1563797118\"> <div class=\"wrap clearfix\" style=\"border-bottom-color: \"> <div class=\"image post-68932 thegem_pf_item type-thegem_pf_item status-publish has-post-thumbnail\"> <div class=\"image-inner\"> <picture> <img src=\"https:\/\/www.blanescostabrava.cat\/wp-content\/uploads\/2018\/03\/parcs.jpg\" width=\"640\" height=\"722\" class=\"attachment-thegem-portfolio-justified\" alt=\"FREIZEIT\" \/> <\/picture> <\/div> <div class=\"overlay\"> <div class=\"overlay-circle\"><\/div> <div class=\"links-wrapper\"> <div class=\"links\"> <div class=\"portfolio-icons\"> <a href=\"#\" target=\"_self\" class=\"icon inner-link \"><\/a> <a href=\"javascript: void(0);\" class=\"icon share\"><\/a> <div class=\"overlay-line\"><\/div> <div class=\"portfolio-sharing-pane\"> <div class=\"socials-sharing socials socials-colored-hover\"> <a class=\"socials-item\" target=\"_blank\" href=\"https:\/\/www.facebook.com\/sharer\/sharer.php?u=https%3A%2F%2Fwww.blanescostabrava.cat%2Fde%2Fpf%2Ffreizeit%2F\" title=\"Facebook\"><i class=\"socials-item-icon facebook\"><\/i><\/a> <a class=\"socials-item\" target=\"_blank\" href=\"https:\/\/twitter.com\/intent\/tweet?text=FREIZEIT&#038;url=https%3A%2F%2Fwww.blanescostabrava.cat%2Fde%2Fpf%2Ffreizeit%2F\" title=\"Twitter\"><i class=\"socials-item-icon twitter\"><\/i><\/a> <a class=\"socials-item\" target=\"_blank\" href=\"https:\/\/pinterest.com\/pin\/create\/button\/?url=https%3A%2F%2Fwww.blanescostabrava.cat%2Fde%2Fpf%2Ffreizeit%2F&#038;description=FREIZEIT&#038;media=https%3A%2F%2Fwww.blanescostabrava.cat%2Fwp-content%2Fuploads%2F2018%2F03%2Fparcs.jpg\" title=\"Pinterest\"><i class=\"socials-item-icon pinterest\"><\/i><\/a> <a class=\"socials-item\" target=\"_blank\" href=\"https:\/\/www.tumblr.com\/widgets\/share\/tool?canonicalUrl=https%3A%2F%2Fwww.blanescostabrava.cat%2Fde%2Fpf%2Ffreizeit%2F\" title=\"Tumblr\"><i class=\"socials-item-icon tumblr\"><\/i><\/a> <a class=\"socials-item\" target=\"_blank\" href=\"https:\/\/www.linkedin.com\/shareArticle?mini=true&#038;url=https%3A%2F%2Fwww.blanescostabrava.cat%2Fde%2Fpf%2Ffreizeit%2F&#038;title=FREIZEIT&amp;summary=\" title=\"LinkedIn\"><i class=\"socials-item-icon linkedin\"><\/i><\/a> <a class=\"socials-item\" target=\"_blank\" href=\"https:\/\/www.reddit.com\/submit?url=https%3A%2F%2Fwww.blanescostabrava.cat%2Fde%2Fpf%2Ffreizeit%2F&#038;title=FREIZEIT\" title=\"Reddit\"><i class=\"socials-item-icon reddit\"><\/i><\/a> <\/div> <\/div> <\/div> <div class=\"caption\"> <div class=\"title title-h4\"> FREIZEIT <\/span> <\/div> <div class=\"description\"> <\/div> <\/div> <\/div> <\/div> <\/div> <\/div> <\/div> <\/div> <div class=\"portfolio-item stadt-blanes item-animations-not-inited post-68935 thegem_pf_item type-thegem_pf_item status-publish has-post-thumbnail\" style=\"padding: 21px;\" data-default-sort=\"0\" data-sort-date=\"1563797119\"> <div class=\"wrap clearfix\" style=\"border-bottom-color: \"> <div class=\"image post-68935 thegem_pf_item type-thegem_pf_item status-publish has-post-thumbnail\"> <div class=\"image-inner\"> <picture> <img src=\"https:\/\/www.blanescostabrava.cat\/wp-content\/uploads\/2018\/04\/COMER\u00c7-095-thegem-portfolio-justified.jpg\" width=\"844\" height=\"767\" class=\"attachment-thegem-portfolio-justified\" alt=\"Shopping\" \/> <\/picture> <\/div> <div class=\"overlay\"> <div class=\"overlay-circle\"><\/div> <div class=\"links-wrapper\"> <div class=\"links\"> <div class=\"portfolio-icons\"> <a href=\"#\" target=\"_self\" class=\"icon inner-link \"><\/a> <a href=\"javascript: void(0);\" class=\"icon share\"><\/a> <div class=\"overlay-line\"><\/div> <div class=\"portfolio-sharing-pane\"> <div class=\"socials-sharing socials socials-colored-hover\"> <a class=\"socials-item\" target=\"_blank\" href=\"https:\/\/www.facebook.com\/sharer\/sharer.php?u=https%3A%2F%2Fwww.blanescostabrava.cat%2Fde%2Fpf%2Fshopping%2F\" title=\"Facebook\"><i class=\"socials-item-icon facebook\"><\/i><\/a> <a class=\"socials-item\" target=\"_blank\" href=\"https:\/\/twitter.com\/intent\/tweet?text=Shopping&#038;url=https%3A%2F%2Fwww.blanescostabrava.cat%2Fde%2Fpf%2Fshopping%2F\" title=\"Twitter\"><i class=\"socials-item-icon twitter\"><\/i><\/a> <a class=\"socials-item\" target=\"_blank\" href=\"https:\/\/pinterest.com\/pin\/create\/button\/?url=https%3A%2F%2Fwww.blanescostabrava.cat%2Fde%2Fpf%2Fshopping%2F&#038;description=Shopping&#038;media=https%3A%2F%2Fwww.blanescostabrava.cat%2Fwp-content%2Fuploads%2F2018%2F04%2FCOMER%C3%87-095-thegem-blog-timeline-large.jpg\" title=\"Pinterest\"><i class=\"socials-item-icon pinterest\"><\/i><\/a> <a class=\"socials-item\" target=\"_blank\" href=\"https:\/\/www.tumblr.com\/widgets\/share\/tool?canonicalUrl=https%3A%2F%2Fwww.blanescostabrava.cat%2Fde%2Fpf%2Fshopping%2F\" title=\"Tumblr\"><i class=\"socials-item-icon tumblr\"><\/i><\/a> <a class=\"socials-item\" target=\"_blank\" href=\"https:\/\/www.linkedin.com\/shareArticle?mini=true&#038;url=https%3A%2F%2Fwww.blanescostabrava.cat%2Fde%2Fpf%2Fshopping%2F&#038;title=Shopping&amp;summary=\" title=\"LinkedIn\"><i class=\"socials-item-icon linkedin\"><\/i><\/a> <a class=\"socials-item\" target=\"_blank\" href=\"https:\/\/www.reddit.com\/submit?url=https%3A%2F%2Fwww.blanescostabrava.cat%2Fde%2Fpf%2Fshopping%2F&#038;title=Shopping\" title=\"Reddit\"><i class=\"socials-item-icon reddit\"><\/i><\/a> <\/div> <\/div> <\/div> <div class=\"caption\"> <div class=\"title title-h4\"> Shopping <\/span> <\/div> <div class=\"description\"> <\/div> <\/div> <\/div> <\/div> <\/div> <\/div> <\/div> <\/div> <\/div><!-- .portflio-set --> <div class=\"portfolio-item-size-container\"> <div class=\"portfolio-item item-animations-not-inited post-68935 thegem_pf_item type-thegem_pf_item status-publish has-post-thumbnail\"> <\/div> <\/div> <\/div><!-- .row--> <\/div><!-- .full-width --> <\/div><!-- .portfolio--> <\/div><!-- .portfolio-preloader-wrapper-->[\/vc_tta_section][vc_tta_section title=&#8220;Denkm\u00e4ler&#8220; tab_id=&#8220;monuments&#8220;]<style>.portfolio.portfolio-grid#style-2293f77 .portfolio-item:not(.size-item), .preloader#style-preloader-2293f77 .portfolio-item { padding: calc(42px\/2) !important; }.portfolio.portfolio-grid#style-2293f77 .portfolio-item.size-item { padding: 0 calc(42px\/2) !important; }.portfolio.portfolio-grid#style-2293f77 .portfolio-row, .preloader#style-preloader-2293f77 .skeleton-posts.portfolio-row { margin: calc(-42px\/2); }.portfolio.portfolio-grid#style-2293f77.fullwidth-columns .portfolio-row { margin: calc(-42px\/2) 0; }.portfolio.portfolio-grid#style-2293f77 .fullwidth-block:not(.no-paddings) { padding-left: 42px; padding-right: 42px; }.portfolio.portfolio-grid#style-2293f77 .fullwidth-block .portfolio-row { padding-left: calc(42px\/2); padding-right: calc(42px\/2); }.portfolio.portfolio-grid#style-2293f77 .fullwidth-block .portfolio-top-panel { padding-left: 42px; padding-right: 42px; }.portfolio.portfolio-grid#style-2293f77.fullwidth-columns .with-filter-sidebar .filter-sidebar { padding-left: 42px; }.portfolio.portfolio-grid#style-2293f77 .portfolio-item .caption .title span { letter-spacing: px !important; }<\/style><style>.portfolio.portfolio-grid#style-2293f77 .portfolio-filters { text-align: center; }<\/style><div id=\"style-preloader-2293f77\" class=\"preloader save-space\"><div class=\"preloader-spin\"><\/div><\/div> <div class=\"portfolio-preloader-wrapper panel-sidebar-position-left\"> <div class=\"portfolio portfolio-grid extended-portfolio-grid no-padding portfolio-pagination-normal portfolio-style-justified background-style-white title-style-light hover-circular title-on-page hover-elements-size-default version-default caption-position-page columns-4 columns-tablet-2 columns-mobile-1 next-page-preloading \" id=\"style-2293f77\" data-style-uid=\"2293f77\" data-portfolio-uid=\"grid_9c5d6fb\" data-current-page=\"1\" data-per-page=\"50\" data-next-page=\"0\" data-pages-count=\"1\" data-hover=\"circular\" data-portfolio-filter=\"[]\" data-portfolio-filter-attributes=\"null\" data-portfolio-filter-search=\"\"> <div class=\"portfolio-row-outer \"> <div class=\"portfolio-top-panel selected-only\"> <div class=\"portfolio-filter-item portfolio-selected-filters left\"> <div class=\"portfolio-selected-filter-item clear-filters\"> Clear Filters\t<\/div> <\/div> <\/div> <div class=\"row portfolio-row\"> <div class=\"portfolio-set clearfix\" data-max-row-height=\"280\"> <div class=\"portfolio-item denkmaler item-animations-not-inited post-66673 thegem_pf_item type-thegem_pf_item status-publish has-post-thumbnail\" style=\"padding: 21px;\" data-default-sort=\"0\" data-sort-date=\"1563796669\"> <div class=\"wrap clearfix\" style=\"border-bottom-color: \"> <div class=\"image post-66673 thegem_pf_item type-thegem_pf_item status-publish has-post-thumbnail\"> <div class=\"image-inner\"> <picture> <img src=\"https:\/\/www.blanescostabrava.cat\/wp-content\/uploads\/2018\/03\/MONUMENTO-1.jpg\" width=\"607\" height=\"687\" class=\"attachment-thegem-portfolio-justified\" alt=\"Palau Vescomtal XIV. bis XV. Jahrhundert &#8211; Pfarrkirche\" \/> <\/picture> <\/div> <div class=\"overlay\"> <div class=\"overlay-circle\"><\/div> <div class=\"links-wrapper\"> <div class=\"links\"> <div class=\"portfolio-icons\"> <a href=\"https:\/\/www.blanescostabrava.cat\/de\/pf\/palau-vescomtal-xiv-bis-xv-jahrhundert-pfarrkirche\/\" target=\"_self\" class=\"icon self-link \"><\/a> <a href=\"javascript: void(0);\" class=\"icon share\"><\/a> <div class=\"overlay-line\"><\/div> <div class=\"portfolio-sharing-pane\"> <div class=\"socials-sharing socials socials-colored-hover\"> <a class=\"socials-item\" target=\"_blank\" href=\"https:\/\/www.facebook.com\/sharer\/sharer.php?u=https%3A%2F%2Fwww.blanescostabrava.cat%2Fde%2Fpf%2Fpalau-vescomtal-xiv-bis-xv-jahrhundert-pfarrkirche%2F\" title=\"Facebook\"><i class=\"socials-item-icon facebook\"><\/i><\/a> <a class=\"socials-item\" target=\"_blank\" href=\"https:\/\/twitter.com\/intent\/tweet?text=Palau+Vescomtal+XIV.+bis+XV.+Jahrhundert+%26%238211%3B+Pfarrkirche&#038;url=https%3A%2F%2Fwww.blanescostabrava.cat%2Fde%2Fpf%2Fpalau-vescomtal-xiv-bis-xv-jahrhundert-pfarrkirche%2F\" title=\"Twitter\"><i class=\"socials-item-icon twitter\"><\/i><\/a> <a class=\"socials-item\" target=\"_blank\" href=\"https:\/\/pinterest.com\/pin\/create\/button\/?url=https%3A%2F%2Fwww.blanescostabrava.cat%2Fde%2Fpf%2Fpalau-vescomtal-xiv-bis-xv-jahrhundert-pfarrkirche%2F&#038;description=Palau+Vescomtal+XIV.+bis+XV.+Jahrhundert+%26%238211%3B+Pfarrkirche&#038;media=https%3A%2F%2Fwww.blanescostabrava.cat%2Fwp-content%2Fuploads%2F2018%2F03%2FMONUMENTO-1.jpg\" title=\"Pinterest\"><i class=\"socials-item-icon pinterest\"><\/i><\/a> <a class=\"socials-item\" target=\"_blank\" href=\"https:\/\/www.tumblr.com\/widgets\/share\/tool?canonicalUrl=https%3A%2F%2Fwww.blanescostabrava.cat%2Fde%2Fpf%2Fpalau-vescomtal-xiv-bis-xv-jahrhundert-pfarrkirche%2F\" title=\"Tumblr\"><i class=\"socials-item-icon tumblr\"><\/i><\/a> <a class=\"socials-item\" target=\"_blank\" href=\"https:\/\/www.linkedin.com\/shareArticle?mini=true&#038;url=https%3A%2F%2Fwww.blanescostabrava.cat%2Fde%2Fpf%2Fpalau-vescomtal-xiv-bis-xv-jahrhundert-pfarrkirche%2F&#038;title=Palau+Vescomtal+XIV.+bis+XV.+Jahrhundert+%26%238211%3B+Pfarrkirche&amp;summary=Der+antike+Palast+der+Vicomte+von+Cabrera+bildete+ein+einziges+Geb%C3%A4ude+mit+der+Pfarrkirche%2C+wurde+aber+im+Jahr+1319+durch+die+Institution+der+Pfarrei+Blanes+zerst%C3%B6rt.+\" title=\"LinkedIn\"><i class=\"socials-item-icon linkedin\"><\/i><\/a> <a class=\"socials-item\" target=\"_blank\" href=\"https:\/\/www.reddit.com\/submit?url=https%3A%2F%2Fwww.blanescostabrava.cat%2Fde%2Fpf%2Fpalau-vescomtal-xiv-bis-xv-jahrhundert-pfarrkirche%2F&#038;title=Palau+Vescomtal+XIV.+bis+XV.+Jahrhundert+%26%238211%3B+Pfarrkirche\" title=\"Reddit\"><i class=\"socials-item-icon reddit\"><\/i><\/a> <\/div> <\/div> <\/div> <div class=\"caption\"> <div class=\"title title-h4\"> Palau Vescomtal XIV. bis XV. Jahrhundert &#8211; Pfarrkirche <\/span> <\/div> <div class=\"description\"> <div class=\"subtitle\"><p>Der antike Palast der Vicomte von Cabrera bildete ein einziges Geb\u00e4ude mit der Pfarrkirche, wurde aber im Jahr 1319 durch die Institution der Pfarrei Blanes zerst\u00f6rt. <\/p>\n<\/div> <\/div> <\/div> <\/div> <\/div> <\/div> <\/div> <\/div> <\/div> <div class=\"portfolio-item denkmaler item-animations-not-inited post-66682 thegem_pf_item type-thegem_pf_item status-publish has-post-thumbnail\" style=\"padding: 21px;\" data-default-sort=\"0\" data-sort-date=\"1563796669\"> <div class=\"wrap clearfix\" style=\"border-bottom-color: \"> <div class=\"image post-66682 thegem_pf_item type-thegem_pf_item status-publish has-post-thumbnail\"> <div class=\"image-inner\"> <picture> <img src=\"https:\/\/www.blanescostabrava.cat\/wp-content\/uploads\/2018\/03\/MONUMENTO-2.jpg\" width=\"607\" height=\"687\" class=\"attachment-thegem-portfolio-justified\" alt=\"Burg von Sant Joan\" \/> <\/picture> <\/div> <div class=\"overlay\"> <div class=\"overlay-circle\"><\/div> <div class=\"links-wrapper\"> <div class=\"links\"> <div class=\"portfolio-icons\"> <a href=\"https:\/\/www.blanescostabrava.cat\/de\/pf\/burg-von-sant-joan\/\" target=\"_self\" class=\"icon self-link \"><\/a> <a href=\"javascript: void(0);\" class=\"icon share\"><\/a> <div class=\"overlay-line\"><\/div> <div class=\"portfolio-sharing-pane\"> <div class=\"socials-sharing socials socials-colored-hover\"> <a class=\"socials-item\" target=\"_blank\" href=\"https:\/\/www.facebook.com\/sharer\/sharer.php?u=https%3A%2F%2Fwww.blanescostabrava.cat%2Fde%2Fpf%2Fburg-von-sant-joan%2F\" title=\"Facebook\"><i class=\"socials-item-icon facebook\"><\/i><\/a> <a class=\"socials-item\" target=\"_blank\" href=\"https:\/\/twitter.com\/intent\/tweet?text=Burg+von+Sant+Joan&#038;url=https%3A%2F%2Fwww.blanescostabrava.cat%2Fde%2Fpf%2Fburg-von-sant-joan%2F\" title=\"Twitter\"><i class=\"socials-item-icon twitter\"><\/i><\/a> <a class=\"socials-item\" target=\"_blank\" href=\"https:\/\/pinterest.com\/pin\/create\/button\/?url=https%3A%2F%2Fwww.blanescostabrava.cat%2Fde%2Fpf%2Fburg-von-sant-joan%2F&#038;description=Burg+von+Sant+Joan&#038;media=https%3A%2F%2Fwww.blanescostabrava.cat%2Fwp-content%2Fuploads%2F2018%2F03%2FMONUMENTO-2.jpg\" title=\"Pinterest\"><i class=\"socials-item-icon pinterest\"><\/i><\/a> <a class=\"socials-item\" target=\"_blank\" href=\"https:\/\/www.tumblr.com\/widgets\/share\/tool?canonicalUrl=https%3A%2F%2Fwww.blanescostabrava.cat%2Fde%2Fpf%2Fburg-von-sant-joan%2F\" title=\"Tumblr\"><i class=\"socials-item-icon tumblr\"><\/i><\/a> <a class=\"socials-item\" target=\"_blank\" href=\"https:\/\/www.linkedin.com\/shareArticle?mini=true&#038;url=https%3A%2F%2Fwww.blanescostabrava.cat%2Fde%2Fpf%2Fburg-von-sant-joan%2F&#038;title=Burg+von+Sant+Joan&amp;summary=Symbol+der+Stadt+und+Protagonist+des+Profils+von+Blanes.+Das+Bauwerk+wurde+im+13.+Jahrhundert+erbaut%2C+obwohl+es+bereits+in+fr%C3%BCheren+Zeiten+andere+Festungen+gegeben+hatte.\" title=\"LinkedIn\"><i class=\"socials-item-icon linkedin\"><\/i><\/a> <a class=\"socials-item\" target=\"_blank\" href=\"https:\/\/www.reddit.com\/submit?url=https%3A%2F%2Fwww.blanescostabrava.cat%2Fde%2Fpf%2Fburg-von-sant-joan%2F&#038;title=Burg+von+Sant+Joan\" title=\"Reddit\"><i class=\"socials-item-icon reddit\"><\/i><\/a> <\/div> <\/div> <\/div> <div class=\"caption\"> <div class=\"title title-h4\"> Burg von Sant Joan <\/span> <\/div> <div class=\"description\"> <div class=\"subtitle\"><p>Symbol der Stadt und Protagonist des Profils von Blanes. Das Bauwerk wurde im 13. Jahrhundert erbaut, obwohl es bereits in fr\u00fcheren Zeiten andere Festungen gegeben hatte.<\/p>\n<\/div> <\/div> <\/div> <\/div> <\/div> <\/div> <\/div> <\/div> <\/div> <div class=\"portfolio-item denkmaler item-animations-not-inited post-66712 thegem_pf_item type-thegem_pf_item status-publish has-post-thumbnail\" style=\"padding: 21px;\" data-default-sort=\"0\" data-sort-date=\"1563796673\"> <div class=\"wrap clearfix\" style=\"border-bottom-color: \"> <div class=\"image post-66712 thegem_pf_item type-thegem_pf_item status-publish has-post-thumbnail\"> <div class=\"image-inner\"> <picture> <img src=\"https:\/\/www.blanescostabrava.cat\/wp-content\/uploads\/2018\/03\/MONUMENTO-3.jpg\" width=\"607\" height=\"687\" class=\"attachment-thegem-portfolio-justified\" alt=\"Gotischer Brunnen\" \/> <\/picture> <\/div> <div class=\"overlay\"> <div class=\"overlay-circle\"><\/div> <div class=\"links-wrapper\"> <div class=\"links\"> <div class=\"portfolio-icons\"> <a href=\"https:\/\/www.blanescostabrava.cat\/de\/pf\/gotischer-brunnen\/\" target=\"_self\" class=\"icon self-link \"><\/a> <a href=\"javascript: void(0);\" class=\"icon share\"><\/a> <div class=\"overlay-line\"><\/div> <div class=\"portfolio-sharing-pane\"> <div class=\"socials-sharing socials socials-colored-hover\"> <a class=\"socials-item\" target=\"_blank\" href=\"https:\/\/www.facebook.com\/sharer\/sharer.php?u=https%3A%2F%2Fwww.blanescostabrava.cat%2Fde%2Fpf%2Fgotischer-brunnen%2F\" title=\"Facebook\"><i class=\"socials-item-icon facebook\"><\/i><\/a> <a class=\"socials-item\" target=\"_blank\" href=\"https:\/\/twitter.com\/intent\/tweet?text=Gotischer+Brunnen&#038;url=https%3A%2F%2Fwww.blanescostabrava.cat%2Fde%2Fpf%2Fgotischer-brunnen%2F\" title=\"Twitter\"><i class=\"socials-item-icon twitter\"><\/i><\/a> <a class=\"socials-item\" target=\"_blank\" href=\"https:\/\/pinterest.com\/pin\/create\/button\/?url=https%3A%2F%2Fwww.blanescostabrava.cat%2Fde%2Fpf%2Fgotischer-brunnen%2F&#038;description=Gotischer+Brunnen&#038;media=https%3A%2F%2Fwww.blanescostabrava.cat%2Fwp-content%2Fuploads%2F2018%2F03%2FMONUMENTO-3.jpg\" title=\"Pinterest\"><i class=\"socials-item-icon pinterest\"><\/i><\/a> <a class=\"socials-item\" target=\"_blank\" href=\"https:\/\/www.tumblr.com\/widgets\/share\/tool?canonicalUrl=https%3A%2F%2Fwww.blanescostabrava.cat%2Fde%2Fpf%2Fgotischer-brunnen%2F\" title=\"Tumblr\"><i class=\"socials-item-icon tumblr\"><\/i><\/a> <a class=\"socials-item\" target=\"_blank\" href=\"https:\/\/www.linkedin.com\/shareArticle?mini=true&#038;url=https%3A%2F%2Fwww.blanescostabrava.cat%2Fde%2Fpf%2Fgotischer-brunnen%2F&#038;title=Gotischer+Brunnen&amp;summary=Seine+Einzigartigkeit+als+b%C3%BCrgerlicher+Brunnen+im+gotischen+Stil+macht+ihn+zu+einem+einzigartigen+Bauwerk+katalanischen+Erbes+und+dem+unverwechselbaren+Siegel+der+Stadt.\" title=\"LinkedIn\"><i class=\"socials-item-icon linkedin\"><\/i><\/a> <a class=\"socials-item\" target=\"_blank\" href=\"https:\/\/www.reddit.com\/submit?url=https%3A%2F%2Fwww.blanescostabrava.cat%2Fde%2Fpf%2Fgotischer-brunnen%2F&#038;title=Gotischer+Brunnen\" title=\"Reddit\"><i class=\"socials-item-icon reddit\"><\/i><\/a> <\/div> <\/div> <\/div> <div class=\"caption\"> <div class=\"title title-h4\"> Gotischer Brunnen <\/span> <\/div> <div class=\"description\"> <div class=\"subtitle\"><p>Seine Einzigartigkeit als b\u00fcrgerlicher Brunnen im gotischen Stil macht ihn zu einem einzigartigen Bauwerk katalanischen Erbes und dem unverwechselbaren Siegel der Stadt.<\/p>\n<\/div> <\/div> <\/div> <\/div> <\/div> <\/div> <\/div> <\/div> <\/div> <div class=\"portfolio-item denkmaler item-animations-not-inited post-66721 thegem_pf_item type-thegem_pf_item status-publish has-post-thumbnail\" style=\"padding: 21px;\" data-default-sort=\"0\" data-sort-date=\"1563796673\"> <div class=\"wrap clearfix\" style=\"border-bottom-color: \"> <div class=\"image post-66721 thegem_pf_item type-thegem_pf_item status-publish has-post-thumbnail\"> <div class=\"image-inner\"> <picture> <img src=\"https:\/\/www.blanescostabrava.cat\/wp-content\/uploads\/2018\/03\/MONUMENTO-4.jpg\" width=\"607\" height=\"687\" class=\"attachment-thegem-portfolio-justified\" alt=\"Die Kapellen von Blanes\" \/> <\/picture> <\/div> <div class=\"overlay\"> <div class=\"overlay-circle\"><\/div> <div class=\"links-wrapper\"> <div class=\"links\"> <div class=\"portfolio-icons\"> <a href=\"https:\/\/www.blanescostabrava.cat\/de\/pf\/die-kapellen-von-blanes\/\" target=\"_self\" class=\"icon self-link \"><\/a> <a href=\"javascript: void(0);\" class=\"icon share\"><\/a> <div class=\"overlay-line\"><\/div> <div class=\"portfolio-sharing-pane\"> <div class=\"socials-sharing socials socials-colored-hover\"> <a class=\"socials-item\" target=\"_blank\" href=\"https:\/\/www.facebook.com\/sharer\/sharer.php?u=https%3A%2F%2Fwww.blanescostabrava.cat%2Fde%2Fpf%2Fdie-kapellen-von-blanes%2F\" title=\"Facebook\"><i class=\"socials-item-icon facebook\"><\/i><\/a> <a class=\"socials-item\" target=\"_blank\" href=\"https:\/\/twitter.com\/intent\/tweet?text=Die+Kapellen+von+Blanes&#038;url=https%3A%2F%2Fwww.blanescostabrava.cat%2Fde%2Fpf%2Fdie-kapellen-von-blanes%2F\" title=\"Twitter\"><i class=\"socials-item-icon twitter\"><\/i><\/a> <a class=\"socials-item\" target=\"_blank\" href=\"https:\/\/pinterest.com\/pin\/create\/button\/?url=https%3A%2F%2Fwww.blanescostabrava.cat%2Fde%2Fpf%2Fdie-kapellen-von-blanes%2F&#038;description=Die+Kapellen+von+Blanes&#038;media=https%3A%2F%2Fwww.blanescostabrava.cat%2Fwp-content%2Fuploads%2F2018%2F03%2FMONUMENTO-4.jpg\" title=\"Pinterest\"><i class=\"socials-item-icon pinterest\"><\/i><\/a> <a class=\"socials-item\" target=\"_blank\" href=\"https:\/\/www.tumblr.com\/widgets\/share\/tool?canonicalUrl=https%3A%2F%2Fwww.blanescostabrava.cat%2Fde%2Fpf%2Fdie-kapellen-von-blanes%2F\" title=\"Tumblr\"><i class=\"socials-item-icon tumblr\"><\/i><\/a> <a class=\"socials-item\" target=\"_blank\" href=\"https:\/\/www.linkedin.com\/shareArticle?mini=true&#038;url=https%3A%2F%2Fwww.blanescostabrava.cat%2Fde%2Fpf%2Fdie-kapellen-von-blanes%2F&#038;title=Die+Kapellen+von+Blanes&amp;summary=Das+reiche+religi%C3%B6se+Erbe+der+Stadt+erm%C3%B6glicht+die+Planung+einer+Route%2C+die+kleine+Kapellen+verbindet%2C+welche+sich+sowohl+im+Stadtzentrum+als+auch+in+nahe+gelegenen+Naturgebieten+von+gro%C3%9Fer+landschaftlicher+Attraktivit%C3%A4t+befinden.+\" title=\"LinkedIn\"><i class=\"socials-item-icon linkedin\"><\/i><\/a> <a class=\"socials-item\" target=\"_blank\" href=\"https:\/\/www.reddit.com\/submit?url=https%3A%2F%2Fwww.blanescostabrava.cat%2Fde%2Fpf%2Fdie-kapellen-von-blanes%2F&#038;title=Die+Kapellen+von+Blanes\" title=\"Reddit\"><i class=\"socials-item-icon reddit\"><\/i><\/a> <\/div> <\/div> <\/div> <div class=\"caption\"> <div class=\"title title-h4\"> Die Kapellen von Blanes <\/span> <\/div> <div class=\"description\"> <div class=\"subtitle\"><p>Das reiche religi\u00f6se Erbe der Stadt erm\u00f6glicht die Planung einer Route, die kleine Kapellen verbindet, welche sich sowohl im Stadtzentrum als auch in nahe gelegenen Naturgebieten von gro\u00dfer landschaftlicher Attraktivit\u00e4t befinden. <\/p>\n<\/div> <\/div> <\/div> <\/div> <\/div> <\/div> <\/div> <\/div> <\/div> <div class=\"portfolio-item denkmaler item-animations-not-inited post-66727 thegem_pf_item type-thegem_pf_item status-publish has-post-thumbnail\" style=\"padding: 21px;\" data-default-sort=\"0\" data-sort-date=\"1563796674\"> <div class=\"wrap clearfix\" style=\"border-bottom-color: \"> <div class=\"image post-66727 thegem_pf_item type-thegem_pf_item status-publish has-post-thumbnail\"> <div class=\"image-inner\"> <picture> <img src=\"https:\/\/www.blanescostabrava.cat\/wp-content\/uploads\/2018\/03\/MONUMENTO-5.jpg\" width=\"607\" height=\"687\" class=\"attachment-thegem-portfolio-justified\" alt=\"La Casa Tordera\" \/> <\/picture> <\/div> <div class=\"overlay\"> <div class=\"overlay-circle\"><\/div> <div class=\"links-wrapper\"> <div class=\"links\"> <div class=\"portfolio-icons\"> <a href=\"https:\/\/www.blanescostabrava.cat\/de\/pf\/la-casa-tordera\/\" target=\"_self\" class=\"icon self-link \"><\/a> <a href=\"javascript: void(0);\" class=\"icon share\"><\/a> <div class=\"overlay-line\"><\/div> <div class=\"portfolio-sharing-pane\"> <div class=\"socials-sharing socials socials-colored-hover\"> <a class=\"socials-item\" target=\"_blank\" href=\"https:\/\/www.facebook.com\/sharer\/sharer.php?u=https%3A%2F%2Fwww.blanescostabrava.cat%2Fde%2Fpf%2Fla-casa-tordera%2F\" title=\"Facebook\"><i class=\"socials-item-icon facebook\"><\/i><\/a> <a class=\"socials-item\" target=\"_blank\" href=\"https:\/\/twitter.com\/intent\/tweet?text=La+Casa+Tordera&#038;url=https%3A%2F%2Fwww.blanescostabrava.cat%2Fde%2Fpf%2Fla-casa-tordera%2F\" title=\"Twitter\"><i class=\"socials-item-icon twitter\"><\/i><\/a> <a class=\"socials-item\" target=\"_blank\" href=\"https:\/\/pinterest.com\/pin\/create\/button\/?url=https%3A%2F%2Fwww.blanescostabrava.cat%2Fde%2Fpf%2Fla-casa-tordera%2F&#038;description=La+Casa+Tordera&#038;media=https%3A%2F%2Fwww.blanescostabrava.cat%2Fwp-content%2Fuploads%2F2018%2F03%2FMONUMENTO-5.jpg\" title=\"Pinterest\"><i class=\"socials-item-icon pinterest\"><\/i><\/a> <a class=\"socials-item\" target=\"_blank\" href=\"https:\/\/www.tumblr.com\/widgets\/share\/tool?canonicalUrl=https%3A%2F%2Fwww.blanescostabrava.cat%2Fde%2Fpf%2Fla-casa-tordera%2F\" title=\"Tumblr\"><i class=\"socials-item-icon tumblr\"><\/i><\/a> <a class=\"socials-item\" target=\"_blank\" href=\"https:\/\/www.linkedin.com\/shareArticle?mini=true&#038;url=https%3A%2F%2Fwww.blanescostabrava.cat%2Fde%2Fpf%2Fla-casa-tordera%2F&#038;title=La+Casa+Tordera&amp;summary=Wie+nur+wenige+andere+erinnert+das+Casa+Tordera+an+die+Zeit+der+Indianer%2C+die+im+19.+Jahrhundert+auf+der+Suche+nach+Gl%C3%BCck+nach+Amerika+emigrierten+und+oft+mit+vollen+Taschen+an+ihren+Herkunftsort+zur%C3%BCckkehrten.\" title=\"LinkedIn\"><i class=\"socials-item-icon linkedin\"><\/i><\/a> <a class=\"socials-item\" target=\"_blank\" href=\"https:\/\/www.reddit.com\/submit?url=https%3A%2F%2Fwww.blanescostabrava.cat%2Fde%2Fpf%2Fla-casa-tordera%2F&#038;title=La+Casa+Tordera\" title=\"Reddit\"><i class=\"socials-item-icon reddit\"><\/i><\/a> <\/div> <\/div> <\/div> <div class=\"caption\"> <div class=\"title title-h4\"> La Casa Tordera <\/span> <\/div> <div class=\"description\"> <div class=\"subtitle\"><p>Wie nur wenige andere erinnert das Casa Tordera an die Zeit der Indianer, die im 19. Jahrhundert auf der Suche nach Gl\u00fcck nach Amerika emigrierten und oft mit vollen Taschen an ihren Herkunftsort zur\u00fcckkehrten.<\/p>\n<\/div> <\/div> <\/div> <\/div> <\/div> <\/div> <\/div> <\/div> <\/div> <div class=\"portfolio-item denkmaler item-animations-not-inited post-66736 thegem_pf_item type-thegem_pf_item status-publish has-post-thumbnail\" style=\"padding: 21px;\" data-default-sort=\"0\" data-sort-date=\"1563796675\"> <div class=\"wrap clearfix\" style=\"border-bottom-color: \"> <div class=\"image post-66736 thegem_pf_item type-thegem_pf_item status-publish has-post-thumbnail\"> <div class=\"image-inner\"> <picture> <img src=\"https:\/\/www.blanescostabrava.cat\/wp-content\/uploads\/2018\/03\/MONUMENTO-6.jpg\" width=\"607\" height=\"687\" class=\"attachment-thegem-portfolio-justified\" alt=\"El Frare (Der M\u00f6nch)\" \/> <\/picture> <\/div> <div class=\"overlay\"> <div class=\"overlay-circle\"><\/div> <div class=\"links-wrapper\"> <div class=\"links\"> <div class=\"portfolio-icons\"> <a href=\"https:\/\/www.blanescostabrava.cat\/de\/pf\/el-frare-der-monch\/\" target=\"_self\" class=\"icon self-link \"><\/a> <a href=\"javascript: void(0);\" class=\"icon share\"><\/a> <div class=\"overlay-line\"><\/div> <div class=\"portfolio-sharing-pane\"> <div class=\"socials-sharing socials socials-colored-hover\"> <a class=\"socials-item\" target=\"_blank\" href=\"https:\/\/www.facebook.com\/sharer\/sharer.php?u=https%3A%2F%2Fwww.blanescostabrava.cat%2Fde%2Fpf%2Fel-frare-der-monch%2F\" title=\"Facebook\"><i class=\"socials-item-icon facebook\"><\/i><\/a> <a class=\"socials-item\" target=\"_blank\" href=\"https:\/\/twitter.com\/intent\/tweet?text=El+Frare+%28Der+M%C3%B6nch%29&#038;url=https%3A%2F%2Fwww.blanescostabrava.cat%2Fde%2Fpf%2Fel-frare-der-monch%2F\" title=\"Twitter\"><i class=\"socials-item-icon twitter\"><\/i><\/a> <a class=\"socials-item\" target=\"_blank\" href=\"https:\/\/pinterest.com\/pin\/create\/button\/?url=https%3A%2F%2Fwww.blanescostabrava.cat%2Fde%2Fpf%2Fel-frare-der-monch%2F&#038;description=El+Frare+%28Der+M%C3%B6nch%29&#038;media=https%3A%2F%2Fwww.blanescostabrava.cat%2Fwp-content%2Fuploads%2F2018%2F03%2FMONUMENTO-6.jpg\" title=\"Pinterest\"><i class=\"socials-item-icon pinterest\"><\/i><\/a> <a class=\"socials-item\" target=\"_blank\" href=\"https:\/\/www.tumblr.com\/widgets\/share\/tool?canonicalUrl=https%3A%2F%2Fwww.blanescostabrava.cat%2Fde%2Fpf%2Fel-frare-der-monch%2F\" title=\"Tumblr\"><i class=\"socials-item-icon tumblr\"><\/i><\/a> <a class=\"socials-item\" target=\"_blank\" href=\"https:\/\/www.linkedin.com\/shareArticle?mini=true&#038;url=https%3A%2F%2Fwww.blanescostabrava.cat%2Fde%2Fpf%2Fel-frare-der-monch%2F&#038;title=El+Frare+%28Der+M%C3%B6nch%29&amp;summary=Dieses+im+Jahr+1958+errichtete+Denkmal+erinnert+an+Joaqui%2C+Ruyra+%281858-1939%29%2C+den+Schriftsteller+und+Dichter%2C+der+in+seinem+Stammhaus+in+Blanes+die+Inspiration+zu+einem+umfangreichen+literarischen+Werk+fand.\" title=\"LinkedIn\"><i class=\"socials-item-icon linkedin\"><\/i><\/a> <a class=\"socials-item\" target=\"_blank\" href=\"https:\/\/www.reddit.com\/submit?url=https%3A%2F%2Fwww.blanescostabrava.cat%2Fde%2Fpf%2Fel-frare-der-monch%2F&#038;title=El+Frare+%28Der+M%C3%B6nch%29\" title=\"Reddit\"><i class=\"socials-item-icon reddit\"><\/i><\/a> <\/div> <\/div> <\/div> <div class=\"caption\"> <div class=\"title title-h4\"> El Frare (Der M\u00f6nch) <\/span> <\/div> <div class=\"description\"> <div class=\"subtitle\"><p>Dieses im Jahr 1958 errichtete Denkmal erinnert an Joaqui, Ruyra (1858-1939), den Schriftsteller und Dichter, der in seinem Stammhaus in Blanes die Inspiration zu einem umfangreichen literarischen Werk fand.<\/p>\n<\/div> <\/div> <\/div> <\/div> <\/div> <\/div> <\/div> <\/div> <\/div> <div class=\"portfolio-item denkmaler item-animations-not-inited post-66745 thegem_pf_item type-thegem_pf_item status-publish has-post-thumbnail\" style=\"padding: 21px;\" data-default-sort=\"0\" data-sort-date=\"1563796675\"> <div class=\"wrap clearfix\" style=\"border-bottom-color: \"> <div class=\"image post-66745 thegem_pf_item type-thegem_pf_item status-publish has-post-thumbnail\"> <div class=\"image-inner\"> <picture> <img src=\"https:\/\/www.blanescostabrava.cat\/wp-content\/uploads\/2018\/03\/MONUMENTO-7.jpg\" width=\"607\" height=\"687\" class=\"attachment-thegem-portfolio-justified\" alt=\"Rathaus\" \/> <\/picture> <\/div> <div class=\"overlay\"> <div class=\"overlay-circle\"><\/div> <div class=\"links-wrapper\"> <div class=\"links\"> <div class=\"portfolio-icons\"> <a href=\"https:\/\/www.blanescostabrava.cat\/de\/pf\/rathaus\/\" target=\"_self\" class=\"icon self-link \"><\/a> <a href=\"javascript: void(0);\" class=\"icon share\"><\/a> <div class=\"overlay-line\"><\/div> <div class=\"portfolio-sharing-pane\"> <div class=\"socials-sharing socials socials-colored-hover\"> <a class=\"socials-item\" target=\"_blank\" href=\"https:\/\/www.facebook.com\/sharer\/sharer.php?u=https%3A%2F%2Fwww.blanescostabrava.cat%2Fde%2Fpf%2Frathaus%2F\" title=\"Facebook\"><i class=\"socials-item-icon facebook\"><\/i><\/a> <a class=\"socials-item\" target=\"_blank\" href=\"https:\/\/twitter.com\/intent\/tweet?text=Rathaus&#038;url=https%3A%2F%2Fwww.blanescostabrava.cat%2Fde%2Fpf%2Frathaus%2F\" title=\"Twitter\"><i class=\"socials-item-icon twitter\"><\/i><\/a> <a class=\"socials-item\" target=\"_blank\" href=\"https:\/\/pinterest.com\/pin\/create\/button\/?url=https%3A%2F%2Fwww.blanescostabrava.cat%2Fde%2Fpf%2Frathaus%2F&#038;description=Rathaus&#038;media=https%3A%2F%2Fwww.blanescostabrava.cat%2Fwp-content%2Fuploads%2F2018%2F03%2FMONUMENTO-7.jpg\" title=\"Pinterest\"><i class=\"socials-item-icon pinterest\"><\/i><\/a> <a class=\"socials-item\" target=\"_blank\" href=\"https:\/\/www.tumblr.com\/widgets\/share\/tool?canonicalUrl=https%3A%2F%2Fwww.blanescostabrava.cat%2Fde%2Fpf%2Frathaus%2F\" title=\"Tumblr\"><i class=\"socials-item-icon tumblr\"><\/i><\/a> <a class=\"socials-item\" target=\"_blank\" href=\"https:\/\/www.linkedin.com\/shareArticle?mini=true&#038;url=https%3A%2F%2Fwww.blanescostabrava.cat%2Fde%2Fpf%2Frathaus%2F&#038;title=Rathaus&amp;summary=Das+Casa+de+la+Vila+de+Blanes+ist+ein+historisches+Geb%C3%A4ude%2C+das+in+das+Inventar+des+architektonischen+Erbes+von+Katalonien+aufgenommen+wurde.+\" title=\"LinkedIn\"><i class=\"socials-item-icon linkedin\"><\/i><\/a> <a class=\"socials-item\" target=\"_blank\" href=\"https:\/\/www.reddit.com\/submit?url=https%3A%2F%2Fwww.blanescostabrava.cat%2Fde%2Fpf%2Frathaus%2F&#038;title=Rathaus\" title=\"Reddit\"><i class=\"socials-item-icon reddit\"><\/i><\/a> <\/div> <\/div> <\/div> <div class=\"caption\"> <div class=\"title title-h4\"> Rathaus <\/span> <\/div> <div class=\"description\"> <div class=\"subtitle\"><p>Das Casa de la Vila de Blanes ist ein historisches Geb\u00e4ude, das in das Inventar des architektonischen Erbes von Katalonien aufgenommen wurde. <\/p>\n<\/div> <\/div> <\/div> <\/div> <\/div> <\/div> <\/div> <\/div> <\/div> <div class=\"portfolio-item denkmaler item-animations-not-inited post-66751 thegem_pf_item type-thegem_pf_item status-publish has-post-thumbnail\" style=\"padding: 21px;\" data-default-sort=\"0\" data-sort-date=\"1563796676\"> <div class=\"wrap clearfix\" style=\"border-bottom-color: \"> <div class=\"image post-66751 thegem_pf_item type-thegem_pf_item status-publish has-post-thumbnail\"> <div class=\"image-inner\"> <picture> <img src=\"https:\/\/www.blanescostabrava.cat\/wp-content\/uploads\/2018\/03\/MONUMENTO-8.jpg\" width=\"607\" height=\"687\" class=\"attachment-thegem-portfolio-justified\" alt=\"Casa Saladrigas\" \/> <\/picture> <\/div> <div class=\"overlay\"> <div class=\"overlay-circle\"><\/div> <div class=\"links-wrapper\"> <div class=\"links\"> <div class=\"portfolio-icons\"> <a href=\"https:\/\/www.blanescostabrava.cat\/de\/pf\/casa-saladrigas\/\" target=\"_self\" class=\"icon self-link \"><\/a> <a href=\"javascript: void(0);\" class=\"icon share\"><\/a> <div class=\"overlay-line\"><\/div> <div class=\"portfolio-sharing-pane\"> <div class=\"socials-sharing socials socials-colored-hover\"> <a class=\"socials-item\" target=\"_blank\" href=\"https:\/\/www.facebook.com\/sharer\/sharer.php?u=https%3A%2F%2Fwww.blanescostabrava.cat%2Fde%2Fpf%2Fcasa-saladrigas%2F\" title=\"Facebook\"><i class=\"socials-item-icon facebook\"><\/i><\/a> <a class=\"socials-item\" target=\"_blank\" href=\"https:\/\/twitter.com\/intent\/tweet?text=Casa+Saladrigas&#038;url=https%3A%2F%2Fwww.blanescostabrava.cat%2Fde%2Fpf%2Fcasa-saladrigas%2F\" title=\"Twitter\"><i class=\"socials-item-icon twitter\"><\/i><\/a> <a class=\"socials-item\" target=\"_blank\" href=\"https:\/\/pinterest.com\/pin\/create\/button\/?url=https%3A%2F%2Fwww.blanescostabrava.cat%2Fde%2Fpf%2Fcasa-saladrigas%2F&#038;description=Casa+Saladrigas&#038;media=https%3A%2F%2Fwww.blanescostabrava.cat%2Fwp-content%2Fuploads%2F2018%2F03%2FMONUMENTO-8.jpg\" title=\"Pinterest\"><i class=\"socials-item-icon pinterest\"><\/i><\/a> <a class=\"socials-item\" target=\"_blank\" href=\"https:\/\/www.tumblr.com\/widgets\/share\/tool?canonicalUrl=https%3A%2F%2Fwww.blanescostabrava.cat%2Fde%2Fpf%2Fcasa-saladrigas%2F\" title=\"Tumblr\"><i class=\"socials-item-icon tumblr\"><\/i><\/a> <a class=\"socials-item\" target=\"_blank\" href=\"https:\/\/www.linkedin.com\/shareArticle?mini=true&#038;url=https%3A%2F%2Fwww.blanescostabrava.cat%2Fde%2Fpf%2Fcasa-saladrigas%2F&#038;title=Casa+Saladrigas&amp;summary=Dieses+Haus+wurde+zwischen+1926+und+1931+von+einem+Sch%C3%BCler+von+Antoni+Gaud%C3%AD+erbaut.\" title=\"LinkedIn\"><i class=\"socials-item-icon linkedin\"><\/i><\/a> <a class=\"socials-item\" target=\"_blank\" href=\"https:\/\/www.reddit.com\/submit?url=https%3A%2F%2Fwww.blanescostabrava.cat%2Fde%2Fpf%2Fcasa-saladrigas%2F&#038;title=Casa+Saladrigas\" title=\"Reddit\"><i class=\"socials-item-icon reddit\"><\/i><\/a> <\/div> <\/div> <\/div> <div class=\"caption\"> <div class=\"title title-h4\"> Casa Saladrigas <\/span> <\/div> <div class=\"description\"> <div class=\"subtitle\"><p>Dieses Haus wurde zwischen 1926 und 1931 von einem Sch\u00fcler von Antoni Gaud\u00ed erbaut.<\/p>\n<\/div> <\/div> <\/div> <\/div> <\/div> <\/div> <\/div> <\/div> <\/div> <div class=\"portfolio-item denkmaler item-animations-not-inited post-66757 thegem_pf_item type-thegem_pf_item status-publish has-post-thumbnail\" style=\"padding: 21px;\" data-default-sort=\"0\" data-sort-date=\"1563796677\"> <div class=\"wrap clearfix\" style=\"border-bottom-color: \"> <div class=\"image post-66757 thegem_pf_item type-thegem_pf_item status-publish has-post-thumbnail\"> <div class=\"image-inner\"> <picture> <img src=\"https:\/\/www.blanescostabrava.cat\/wp-content\/uploads\/2018\/03\/MONUMENTO-9.jpg\" width=\"607\" height=\"687\" class=\"attachment-thegem-portfolio-justified\" alt=\"Das Kloster\" \/> <\/picture> <\/div> <div class=\"overlay\"> <div class=\"overlay-circle\"><\/div> <div class=\"links-wrapper\"> <div class=\"links\"> <div class=\"portfolio-icons\"> <a href=\"https:\/\/www.blanescostabrava.cat\/de\/pf\/das-kloster\/\" target=\"_self\" class=\"icon self-link \"><\/a> <a href=\"javascript: void(0);\" class=\"icon share\"><\/a> <div class=\"overlay-line\"><\/div> <div class=\"portfolio-sharing-pane\"> <div class=\"socials-sharing socials socials-colored-hover\"> <a class=\"socials-item\" target=\"_blank\" href=\"https:\/\/www.facebook.com\/sharer\/sharer.php?u=https%3A%2F%2Fwww.blanescostabrava.cat%2Fde%2Fpf%2Fdas-kloster%2F\" title=\"Facebook\"><i class=\"socials-item-icon facebook\"><\/i><\/a> <a class=\"socials-item\" target=\"_blank\" href=\"https:\/\/twitter.com\/intent\/tweet?text=Das+Kloster&#038;url=https%3A%2F%2Fwww.blanescostabrava.cat%2Fde%2Fpf%2Fdas-kloster%2F\" title=\"Twitter\"><i class=\"socials-item-icon twitter\"><\/i><\/a> <a class=\"socials-item\" target=\"_blank\" href=\"https:\/\/pinterest.com\/pin\/create\/button\/?url=https%3A%2F%2Fwww.blanescostabrava.cat%2Fde%2Fpf%2Fdas-kloster%2F&#038;description=Das+Kloster&#038;media=https%3A%2F%2Fwww.blanescostabrava.cat%2Fwp-content%2Fuploads%2F2018%2F03%2FMONUMENTO-9.jpg\" title=\"Pinterest\"><i class=\"socials-item-icon pinterest\"><\/i><\/a> <a class=\"socials-item\" target=\"_blank\" href=\"https:\/\/www.tumblr.com\/widgets\/share\/tool?canonicalUrl=https%3A%2F%2Fwww.blanescostabrava.cat%2Fde%2Fpf%2Fdas-kloster%2F\" title=\"Tumblr\"><i class=\"socials-item-icon tumblr\"><\/i><\/a> <a class=\"socials-item\" target=\"_blank\" href=\"https:\/\/www.linkedin.com\/shareArticle?mini=true&#038;url=https%3A%2F%2Fwww.blanescostabrava.cat%2Fde%2Fpf%2Fdas-kloster%2F&#038;title=Das+Kloster&amp;summary=In+idyllischer+Umgebung%2C+an+der+Spitze+von+Santa+Anna+mit+dem+Meer+zu+F%C3%BC%C3%9Fen%2C+wurde+das+Kloster+von+Blanes+im+Jahr+1583+erbaut+und+gilt+seit+jeher+als+einer+der+privilegiertesten+Orte+an+der+Costa+Brava.\" title=\"LinkedIn\"><i class=\"socials-item-icon linkedin\"><\/i><\/a> <a class=\"socials-item\" target=\"_blank\" href=\"https:\/\/www.reddit.com\/submit?url=https%3A%2F%2Fwww.blanescostabrava.cat%2Fde%2Fpf%2Fdas-kloster%2F&#038;title=Das+Kloster\" title=\"Reddit\"><i class=\"socials-item-icon reddit\"><\/i><\/a> <\/div> <\/div> <\/div> <div class=\"caption\"> <div class=\"title title-h4\"> Das Kloster <\/span> <\/div> <div class=\"description\"> <div class=\"subtitle\"><p>In idyllischer Umgebung, an der Spitze von Santa Anna mit dem Meer zu F\u00fc\u00dfen, wurde das Kloster von Blanes im Jahr 1583 erbaut und gilt seit jeher als einer der privilegiertesten Orte an der Costa Brava.<\/p>\n<\/div> <\/div> <\/div> <\/div> <\/div> <\/div> <\/div> <\/div> <\/div> <div class=\"portfolio-item denkmaler item-animations-not-inited post-225256 thegem_pf_item type-thegem_pf_item status-publish has-post-thumbnail\" style=\"padding: 21px;\" data-default-sort=\"0\" data-sort-date=\"1759342501\"> <div class=\"wrap clearfix\" style=\"border-bottom-color: \"> <div class=\"image post-225256 thegem_pf_item type-thegem_pf_item status-publish has-post-thumbnail\"> <div class=\"image-inner\"> <picture> <img src=\"https:\/\/www.blanescostabrava.cat\/wp-content\/uploads\/2025\/10\/20250717_094443-scaled-e1759332390477-thegem-portfolio-justified.jpg\" width=\"844\" height=\"767\" class=\"attachment-thegem-portfolio-justified\" alt=\"Interpretationszentrum Blandae Ciutat Romana\" \/> <\/picture> <\/div> <div class=\"overlay\"> <div class=\"overlay-circle\"><\/div> <div class=\"links-wrapper\"> <div class=\"links\"> <div class=\"portfolio-icons\"> <a href=\"https:\/\/www.blanescostabrava.cat\/de\/pf\/interpretationszentrum-blandae-ciutat-romana\/\" target=\"_self\" class=\"icon self-link \"><\/a> <a href=\"javascript: void(0);\" class=\"icon share\"><\/a> <div class=\"overlay-line\"><\/div> <div class=\"portfolio-sharing-pane\"> <div class=\"socials-sharing socials socials-colored-hover\"> <a class=\"socials-item\" target=\"_blank\" href=\"https:\/\/www.facebook.com\/sharer\/sharer.php?u=https%3A%2F%2Fwww.blanescostabrava.cat%2Fde%2Fpf%2Finterpretationszentrum-blandae-ciutat-romana%2F\" title=\"Facebook\"><i class=\"socials-item-icon facebook\"><\/i><\/a> <a class=\"socials-item\" target=\"_blank\" href=\"https:\/\/twitter.com\/intent\/tweet?text=Interpretationszentrum+Blandae+Ciutat+Romana&#038;url=https%3A%2F%2Fwww.blanescostabrava.cat%2Fde%2Fpf%2Finterpretationszentrum-blandae-ciutat-romana%2F\" title=\"Twitter\"><i class=\"socials-item-icon twitter\"><\/i><\/a> <a class=\"socials-item\" target=\"_blank\" href=\"https:\/\/pinterest.com\/pin\/create\/button\/?url=https%3A%2F%2Fwww.blanescostabrava.cat%2Fde%2Fpf%2Finterpretationszentrum-blandae-ciutat-romana%2F&#038;description=Interpretationszentrum+Blandae+Ciutat+Romana&#038;media=https%3A%2F%2Fwww.blanescostabrava.cat%2Fwp-content%2Fuploads%2F2025%2F10%2F20250717_094443-scaled-e1759332390477-thegem-blog-timeline-large.jpg\" title=\"Pinterest\"><i class=\"socials-item-icon pinterest\"><\/i><\/a> <a class=\"socials-item\" target=\"_blank\" href=\"https:\/\/www.tumblr.com\/widgets\/share\/tool?canonicalUrl=https%3A%2F%2Fwww.blanescostabrava.cat%2Fde%2Fpf%2Finterpretationszentrum-blandae-ciutat-romana%2F\" title=\"Tumblr\"><i class=\"socials-item-icon tumblr\"><\/i><\/a> <a class=\"socials-item\" target=\"_blank\" href=\"https:\/\/www.linkedin.com\/shareArticle?mini=true&#038;url=https%3A%2F%2Fwww.blanescostabrava.cat%2Fde%2Fpf%2Finterpretationszentrum-blandae-ciutat-romana%2F&#038;title=Interpretationszentrum+Blandae+Ciutat+Romana&amp;summary=Im+Interpretationszentrum+Blandae+Ciutat+Romana+wird+die+Geschichte+dieser+antiken+Civitas%2C+die+im+1.+Jahrhundert+v.+Chr.+von+den+R%C3%B6mern+gegr%C3%BCndet+wurde%2C+anhand+der+in+den+letzten+arch%C3%A4ologischen+Ausgrabungen+entdeckten+Funde+vermittelt.\" title=\"LinkedIn\"><i class=\"socials-item-icon linkedin\"><\/i><\/a> <a class=\"socials-item\" target=\"_blank\" href=\"https:\/\/www.reddit.com\/submit?url=https%3A%2F%2Fwww.blanescostabrava.cat%2Fde%2Fpf%2Finterpretationszentrum-blandae-ciutat-romana%2F&#038;title=Interpretationszentrum+Blandae+Ciutat+Romana\" title=\"Reddit\"><i class=\"socials-item-icon reddit\"><\/i><\/a> <\/div> <\/div> <\/div> <div class=\"caption\"> <div class=\"title title-h4\"> Interpretationszentrum Blandae Ciutat Romana <\/span> <\/div> <div class=\"description\"> <div class=\"subtitle\"><p>Im Interpretationszentrum Blandae Ciutat Romana wird die Geschichte dieser antiken Civitas, die im 1. Jahrhundert v. Chr. von den R\u00f6mern gegr\u00fcndet wurde, anhand der in den letzten arch\u00e4ologischen Ausgrabungen entdeckten Funde vermittelt.<\/p>\n<\/div> <\/div> <\/div> <\/div> <\/div> <\/div> <\/div> <\/div> <\/div> <\/div><!-- .portflio-set --> <div class=\"portfolio-item-size-container\"> <div class=\"portfolio-item item-animations-not-inited post-225256 thegem_pf_item type-thegem_pf_item status-publish has-post-thumbnail\"> <\/div> <\/div> <\/div><!-- .row--> <div class=\"portfolio-navigator gem-pagination\" style=\"display:none;\"> <a href=\"#\" class=\"prev\"> <i class=\"default\"><\/i> <\/a> <div class=\"pages\"><\/div> <a href=\"#\" class=\"next\"> <i class=\"default\"><\/i> <\/a> <\/div> <\/div><!-- .full-width --> <\/div><!-- .portfolio--> <\/div><!-- .portfolio-preloader-wrapper-->[\/vc_tta_section][vc_tta_section title=&#8220;Routen \/ Besichtigungen des Kulturerbes&#8220; tab_id=&#8220;rutes&#8220;]<style>.portfolio.portfolio-grid#style-19fa749 .portfolio-item:not(.size-item), .preloader#style-preloader-19fa749 .portfolio-item { padding: calc(42px\/2) !important; }.portfolio.portfolio-grid#style-19fa749 .portfolio-item.size-item { padding: 0 calc(42px\/2) !important; }.portfolio.portfolio-grid#style-19fa749 .portfolio-row, .preloader#style-preloader-19fa749 .skeleton-posts.portfolio-row { margin: calc(-42px\/2); }.portfolio.portfolio-grid#style-19fa749.fullwidth-columns .portfolio-row { margin: calc(-42px\/2) 0; }.portfolio.portfolio-grid#style-19fa749 .fullwidth-block:not(.no-paddings) { padding-left: 42px; padding-right: 42px; }.portfolio.portfolio-grid#style-19fa749 .fullwidth-block .portfolio-row { padding-left: calc(42px\/2); padding-right: calc(42px\/2); }.portfolio.portfolio-grid#style-19fa749 .fullwidth-block .portfolio-top-panel { padding-left: 42px; padding-right: 42px; }.portfolio.portfolio-grid#style-19fa749.fullwidth-columns .with-filter-sidebar .filter-sidebar { padding-left: 42px; }.portfolio.portfolio-grid#style-19fa749 .portfolio-item .caption .title span { letter-spacing: px !important; }<\/style><style>.portfolio.portfolio-grid#style-19fa749 .portfolio-filters { text-align: center; }<\/style><div id=\"style-preloader-19fa749\" class=\"preloader save-space\"><div class=\"preloader-spin\"><\/div><\/div> <div class=\"portfolio-preloader-wrapper panel-sidebar-position-left\"> <div class=\"portfolio portfolio-grid extended-portfolio-grid no-padding portfolio-pagination-scroll portfolio-style-justified background-style-white title-style-light hover-circular title-on-page hover-elements-size-default version-default caption-position-page columns-4 columns-tablet-2 columns-mobile-1 next-page-preloading \" id=\"style-19fa749\" data-style-uid=\"19fa749\" data-portfolio-uid=\"grid_9c5d6fb\" data-current-page=\"1\" data-per-page=\"8\" data-next-page=\"0\" data-pages-count=\"1\" data-hover=\"circular\" data-portfolio-filter=\"[]\" data-portfolio-filter-attributes=\"null\" data-portfolio-filter-search=\"\"> <div class=\"portfolio-row-outer \"> <div class=\"portfolio-top-panel selected-only\"> <div class=\"portfolio-filter-item portfolio-selected-filters left\"> <div class=\"portfolio-selected-filter-item clear-filters\"> Clear Filters\t<\/div> <\/div> <\/div> <div class=\"row portfolio-row\"> <div class=\"portfolio-set clearfix\" data-max-row-height=\"280\"> <div class=\"portfolio-item routen-besichtigungen-des-kulturerbes item-animations-not-inited post-66763 thegem_pf_item type-thegem_pf_item status-publish has-post-thumbnail\" style=\"padding: 21px;\" data-default-sort=\"0\" data-sort-date=\"1563796678\"> <div class=\"wrap clearfix\" style=\"border-bottom-color: \"> <div class=\"image post-66763 thegem_pf_item type-thegem_pf_item status-publish has-post-thumbnail\"> <div class=\"image-inner\"> <picture> <img src=\"https:\/\/www.blanescostabrava.cat\/wp-content\/uploads\/2018\/03\/28-thegem-portfolio-justified.jpg\" width=\"844\" height=\"620\" class=\"attachment-thegem-portfolio-justified\" alt=\"Route der Kapellen\" \/> <\/picture> <\/div> <div class=\"overlay\"> <div class=\"overlay-circle\"><\/div> <div class=\"links-wrapper\"> <div class=\"links\"> <div class=\"portfolio-icons\"> <a href=\"https:\/\/www.blanescostabrava.cat\/de\/pf\/route-der-kapellen\/\" target=\"_self\" class=\"icon self-link \"><\/a> <a href=\"javascript: void(0);\" class=\"icon share\"><\/a> <div class=\"overlay-line\"><\/div> <div class=\"portfolio-sharing-pane\"> <div class=\"socials-sharing socials socials-colored-hover\"> <a class=\"socials-item\" target=\"_blank\" href=\"https:\/\/www.facebook.com\/sharer\/sharer.php?u=https%3A%2F%2Fwww.blanescostabrava.cat%2Fde%2Fpf%2Froute-der-kapellen%2F\" title=\"Facebook\"><i class=\"socials-item-icon facebook\"><\/i><\/a> <a class=\"socials-item\" target=\"_blank\" href=\"https:\/\/twitter.com\/intent\/tweet?text=Route+der+Kapellen&#038;url=https%3A%2F%2Fwww.blanescostabrava.cat%2Fde%2Fpf%2Froute-der-kapellen%2F\" title=\"Twitter\"><i class=\"socials-item-icon twitter\"><\/i><\/a> <a class=\"socials-item\" target=\"_blank\" href=\"https:\/\/pinterest.com\/pin\/create\/button\/?url=https%3A%2F%2Fwww.blanescostabrava.cat%2Fde%2Fpf%2Froute-der-kapellen%2F&#038;description=Route+der+Kapellen&#038;media=https%3A%2F%2Fwww.blanescostabrava.cat%2Fwp-content%2Fuploads%2F2018%2F03%2F28-thegem-blog-timeline-large.jpg\" title=\"Pinterest\"><i class=\"socials-item-icon pinterest\"><\/i><\/a> <a class=\"socials-item\" target=\"_blank\" href=\"https:\/\/www.tumblr.com\/widgets\/share\/tool?canonicalUrl=https%3A%2F%2Fwww.blanescostabrava.cat%2Fde%2Fpf%2Froute-der-kapellen%2F\" title=\"Tumblr\"><i class=\"socials-item-icon tumblr\"><\/i><\/a> <a class=\"socials-item\" target=\"_blank\" href=\"https:\/\/www.linkedin.com\/shareArticle?mini=true&#038;url=https%3A%2F%2Fwww.blanescostabrava.cat%2Fde%2Fpf%2Froute-der-kapellen%2F&#038;title=Route+der+Kapellen&amp;summary=%5Bvc_row+full_width%3D%26%238220%3Bstretch_row%26%238220%3B+css%3D%26%238220%3B.vc_custom_1521930350844%7Bbackground-image%3A+url%28https%3A%2F%2Fwww.blanescostabrava.cat%2Fwp-content%2Fuploads%2F2018%2F03%2F28.jpg%3Fid%3D32576%29+%21important%3B%7D%26%238220%3B+el_class%3D%26%238220%3Bcabecera-pagina-interna+cabecera-ficha%26%238220%3B%5D%5Bvc_column%5D%5Bvc_column_text%5D+Route+der+Kapellen+%5B%2Fvc_column_text%5D%5B%2Fvc_column%5D%5B%2Fvc_row%5D%5Bvc_row%5D%5Bvc_column+width%3D%26%238220%3B2%2F3%26%238243%3B%5D%5Bvc_column_text+el_class%3D%26%238220%3Btextos-ficha-interna%26%238220%3B%5DJenseits+des+monumentalen+Wertes+der+Kapellen+von+Blanes%2C...\" title=\"LinkedIn\"><i class=\"socials-item-icon linkedin\"><\/i><\/a> <a class=\"socials-item\" target=\"_blank\" href=\"https:\/\/www.reddit.com\/submit?url=https%3A%2F%2Fwww.blanescostabrava.cat%2Fde%2Fpf%2Froute-der-kapellen%2F&#038;title=Route+der+Kapellen\" title=\"Reddit\"><i class=\"socials-item-icon reddit\"><\/i><\/a> <\/div> <\/div> <\/div> <div class=\"caption\"> <div class=\"title title-h4\"> Route der Kapellen <\/span> <\/div> <div class=\"description\"> <\/div> <\/div> <\/div> <\/div> <\/div> <\/div> <\/div> <\/div> <div class=\"portfolio-item routen-besichtigungen-des-kulturerbes item-animations-not-inited post-66772 thegem_pf_item type-thegem_pf_item status-publish has-post-thumbnail\" style=\"padding: 21px;\" data-default-sort=\"0\" data-sort-date=\"1563796678\"> <div class=\"wrap clearfix\" style=\"border-bottom-color: \"> <div class=\"image post-66772 thegem_pf_item type-thegem_pf_item status-publish has-post-thumbnail\"> <div class=\"image-inner\"> <picture> <img src=\"https:\/\/www.blanescostabrava.cat\/wp-content\/uploads\/2018\/03\/13-thegem-portfolio-justified.jpg\" width=\"844\" height=\"620\" class=\"attachment-thegem-portfolio-justified\" alt=\"Die Route der Vicomte von Cabrera\" \/> <\/picture> <\/div> <div class=\"overlay\"> <div class=\"overlay-circle\"><\/div> <div class=\"links-wrapper\"> <div class=\"links\"> <div class=\"portfolio-icons\"> <a href=\"https:\/\/www.blanescostabrava.cat\/de\/pf\/die-route-der-vicomte-von-cabrera\/\" target=\"_self\" class=\"icon self-link \"><\/a> <a href=\"javascript: void(0);\" class=\"icon share\"><\/a> <div class=\"overlay-line\"><\/div> <div class=\"portfolio-sharing-pane\"> <div class=\"socials-sharing socials socials-colored-hover\"> <a class=\"socials-item\" target=\"_blank\" href=\"https:\/\/www.facebook.com\/sharer\/sharer.php?u=https%3A%2F%2Fwww.blanescostabrava.cat%2Fde%2Fpf%2Fdie-route-der-vicomte-von-cabrera%2F\" title=\"Facebook\"><i class=\"socials-item-icon facebook\"><\/i><\/a> <a class=\"socials-item\" target=\"_blank\" href=\"https:\/\/twitter.com\/intent\/tweet?text=Die+Route+der+Vicomte+von+Cabrera&#038;url=https%3A%2F%2Fwww.blanescostabrava.cat%2Fde%2Fpf%2Fdie-route-der-vicomte-von-cabrera%2F\" title=\"Twitter\"><i class=\"socials-item-icon twitter\"><\/i><\/a> <a class=\"socials-item\" target=\"_blank\" href=\"https:\/\/pinterest.com\/pin\/create\/button\/?url=https%3A%2F%2Fwww.blanescostabrava.cat%2Fde%2Fpf%2Fdie-route-der-vicomte-von-cabrera%2F&#038;description=Die+Route+der+Vicomte+von+Cabrera&#038;media=https%3A%2F%2Fwww.blanescostabrava.cat%2Fwp-content%2Fuploads%2F2018%2F03%2F13-thegem-blog-timeline-large.jpg\" title=\"Pinterest\"><i class=\"socials-item-icon pinterest\"><\/i><\/a> <a class=\"socials-item\" target=\"_blank\" href=\"https:\/\/www.tumblr.com\/widgets\/share\/tool?canonicalUrl=https%3A%2F%2Fwww.blanescostabrava.cat%2Fde%2Fpf%2Fdie-route-der-vicomte-von-cabrera%2F\" title=\"Tumblr\"><i class=\"socials-item-icon tumblr\"><\/i><\/a> <a class=\"socials-item\" target=\"_blank\" href=\"https:\/\/www.linkedin.com\/shareArticle?mini=true&#038;url=https%3A%2F%2Fwww.blanescostabrava.cat%2Fde%2Fpf%2Fdie-route-der-vicomte-von-cabrera%2F&#038;title=Die+Route+der+Vicomte+von+Cabrera&amp;summary=%5Bvc_row+full_width%3D%26%238220%3Bstretch_row%26%238220%3B+css%3D%26%238220%3B.vc_custom_1521930408216%7Bbackground-image%3A+url%28https%3A%2F%2Fwww.blanescostabrava.cat%2Fwp-content%2Fuploads%2F2018%2F03%2F13.jpg%3Fid%3D32561%29+%21important%3B%7D%26%238220%3B+el_class%3D%26%238220%3Bcabecera-pagina-interna+cabecera-ficha%26%238220%3B%5D%5Bvc_column%5D%5Bvc_column_text%5D+Die+Route+der+Vicomte+von+Cabrera+%5B%2Fvc_column_text%5D%5B%2Fvc_column%5D%5B%2Fvc_row%5D%5Bvc_row%5D%5Bvc_column+width%3D%26%238220%3B2%2F3%26%238243%3B%5D%5Bvc_column_text+el_class%3D%26%238220%3Btextos-ficha-interna%26%238220%3B%5DDie+Geschichte+von+Blanes+ist...\" title=\"LinkedIn\"><i class=\"socials-item-icon linkedin\"><\/i><\/a> <a class=\"socials-item\" target=\"_blank\" href=\"https:\/\/www.reddit.com\/submit?url=https%3A%2F%2Fwww.blanescostabrava.cat%2Fde%2Fpf%2Fdie-route-der-vicomte-von-cabrera%2F&#038;title=Die+Route+der+Vicomte+von+Cabrera\" title=\"Reddit\"><i class=\"socials-item-icon reddit\"><\/i><\/a> <\/div> <\/div> <\/div> <div class=\"caption\"> <div class=\"title title-h4\"> Die Route der Vicomte von Cabrera <\/span> <\/div> <div class=\"description\"> <\/div> <\/div> <\/div> <\/div> <\/div> <\/div> <\/div> <\/div> <div class=\"portfolio-item routen-besichtigungen-des-kulturerbes item-animations-not-inited post-66775 thegem_pf_item type-thegem_pf_item status-publish has-post-thumbnail\" style=\"padding: 21px;\" data-default-sort=\"0\" data-sort-date=\"1563796679\"> <div class=\"wrap clearfix\" style=\"border-bottom-color: \"> <div class=\"image post-66775 thegem_pf_item type-thegem_pf_item status-publish has-post-thumbnail\"> <div class=\"image-inner\"> <picture> <img src=\"https:\/\/www.blanescostabrava.cat\/wp-content\/uploads\/2018\/03\/8-thegem-portfolio-justified.jpg\" width=\"844\" height=\"620\" class=\"attachment-thegem-portfolio-justified\" alt=\"Das Verm\u00e4chtnis der Amerikaner in Blanes\" \/> <\/picture> <\/div> <div class=\"overlay\"> <div class=\"overlay-circle\"><\/div> <div class=\"links-wrapper\"> <div class=\"links\"> <div class=\"portfolio-icons\"> <a href=\"https:\/\/www.blanescostabrava.cat\/de\/pf\/das-vermachtnis-der-amerikaner-in-blanes\/\" target=\"_self\" class=\"icon self-link \"><\/a> <a href=\"javascript: void(0);\" class=\"icon share\"><\/a> <div class=\"overlay-line\"><\/div> <div class=\"portfolio-sharing-pane\"> <div class=\"socials-sharing socials socials-colored-hover\"> <a class=\"socials-item\" target=\"_blank\" href=\"https:\/\/www.facebook.com\/sharer\/sharer.php?u=https%3A%2F%2Fwww.blanescostabrava.cat%2Fde%2Fpf%2Fdas-vermachtnis-der-amerikaner-in-blanes%2F\" title=\"Facebook\"><i class=\"socials-item-icon facebook\"><\/i><\/a> <a class=\"socials-item\" target=\"_blank\" href=\"https:\/\/twitter.com\/intent\/tweet?text=Das+Verm%C3%A4chtnis+der+Amerikaner+in+Blanes&#038;url=https%3A%2F%2Fwww.blanescostabrava.cat%2Fde%2Fpf%2Fdas-vermachtnis-der-amerikaner-in-blanes%2F\" title=\"Twitter\"><i class=\"socials-item-icon twitter\"><\/i><\/a> <a class=\"socials-item\" target=\"_blank\" href=\"https:\/\/pinterest.com\/pin\/create\/button\/?url=https%3A%2F%2Fwww.blanescostabrava.cat%2Fde%2Fpf%2Fdas-vermachtnis-der-amerikaner-in-blanes%2F&#038;description=Das+Verm%C3%A4chtnis+der+Amerikaner+in+Blanes&#038;media=https%3A%2F%2Fwww.blanescostabrava.cat%2Fwp-content%2Fuploads%2F2018%2F03%2F8-thegem-blog-timeline-large.jpg\" title=\"Pinterest\"><i class=\"socials-item-icon pinterest\"><\/i><\/a> <a class=\"socials-item\" target=\"_blank\" href=\"https:\/\/www.tumblr.com\/widgets\/share\/tool?canonicalUrl=https%3A%2F%2Fwww.blanescostabrava.cat%2Fde%2Fpf%2Fdas-vermachtnis-der-amerikaner-in-blanes%2F\" title=\"Tumblr\"><i class=\"socials-item-icon tumblr\"><\/i><\/a> <a class=\"socials-item\" target=\"_blank\" href=\"https:\/\/www.linkedin.com\/shareArticle?mini=true&#038;url=https%3A%2F%2Fwww.blanescostabrava.cat%2Fde%2Fpf%2Fdas-vermachtnis-der-amerikaner-in-blanes%2F&#038;title=Das+Verm%C3%A4chtnis+der+Amerikaner+in+Blanes&amp;summary=%5Bvc_row+full_width%3D%26%238220%3Bstretch_row%26%238220%3B+css%3D%26%238220%3B.vc_custom_1521930461427%7Bbackground-image%3A+url%28https%3A%2F%2Fwww.blanescostabrava.cat%2Fwp-content%2Fuploads%2F2018%2F03%2F8.jpg%3Fid%3D32556%29+%21important%3B%7D%26%238220%3B+el_class%3D%26%238220%3Bcabecera-pagina-interna+cabecera-ficha%26%238220%3B%5D%5Bvc_column%5D%5Bvc_column_text%5D+Das+Verm%C3%A4chtnis+der+Amerikaner+in+Blanes+%5B%2Fvc_column_text%5D%5B%2Fvc_column%5D%5B%2Fvc_row%5D%5Bvc_row%5D%5Bvc_column+width%3D%26%238220%3B2%2F3%26%238243%3B%5D%5Bvc_column_text+el_class%3D%26%238220%3Btextos-ficha-interna%26%238220%3B%5DNachdem+sie+ein+Verm%C3%B6gen+angeh%C3%A4uft...\" title=\"LinkedIn\"><i class=\"socials-item-icon linkedin\"><\/i><\/a> <a class=\"socials-item\" target=\"_blank\" href=\"https:\/\/www.reddit.com\/submit?url=https%3A%2F%2Fwww.blanescostabrava.cat%2Fde%2Fpf%2Fdas-vermachtnis-der-amerikaner-in-blanes%2F&#038;title=Das+Verm%C3%A4chtnis+der+Amerikaner+in+Blanes\" title=\"Reddit\"><i class=\"socials-item-icon reddit\"><\/i><\/a> <\/div> <\/div> <\/div> <div class=\"caption\"> <div class=\"title title-h4\"> Das Verm\u00e4chtnis der Amerikaner in Blanes <\/span> <\/div> <div class=\"description\"> <\/div> <\/div> <\/div> <\/div> <\/div> <\/div> <\/div> <\/div> <div class=\"portfolio-item routen-besichtigungen-des-kulturerbes item-animations-not-inited post-66778 thegem_pf_item type-thegem_pf_item status-publish has-post-thumbnail\" style=\"padding: 21px;\" data-default-sort=\"0\" data-sort-date=\"1563796679\"> <div class=\"wrap clearfix\" style=\"border-bottom-color: \"> <div class=\"image post-66778 thegem_pf_item type-thegem_pf_item status-publish has-post-thumbnail\"> <div class=\"image-inner\"> <picture> <img src=\"https:\/\/www.blanescostabrava.cat\/wp-content\/uploads\/2018\/03\/21-thegem-portfolio-justified.jpg\" width=\"844\" height=\"620\" class=\"attachment-thegem-portfolio-justified\" alt=\"Literatur route\" \/> <\/picture> <\/div> <div class=\"overlay\"> <div class=\"overlay-circle\"><\/div> <div class=\"links-wrapper\"> <div class=\"links\"> <div class=\"portfolio-icons\"> <a href=\"https:\/\/www.blanescostabrava.cat\/de\/pf\/ruta-literaria-literaturroute\/\" target=\"_self\" class=\"icon self-link \"><\/a> <a href=\"javascript: void(0);\" class=\"icon share\"><\/a> <div class=\"overlay-line\"><\/div> <div class=\"portfolio-sharing-pane\"> <div class=\"socials-sharing socials socials-colored-hover\"> <a class=\"socials-item\" target=\"_blank\" href=\"https:\/\/www.facebook.com\/sharer\/sharer.php?u=https%3A%2F%2Fwww.blanescostabrava.cat%2Fde%2Fpf%2Fruta-literaria-literaturroute%2F\" title=\"Facebook\"><i class=\"socials-item-icon facebook\"><\/i><\/a> <a class=\"socials-item\" target=\"_blank\" href=\"https:\/\/twitter.com\/intent\/tweet?text=Literatur+route&#038;url=https%3A%2F%2Fwww.blanescostabrava.cat%2Fde%2Fpf%2Fruta-literaria-literaturroute%2F\" title=\"Twitter\"><i class=\"socials-item-icon twitter\"><\/i><\/a> <a class=\"socials-item\" target=\"_blank\" href=\"https:\/\/pinterest.com\/pin\/create\/button\/?url=https%3A%2F%2Fwww.blanescostabrava.cat%2Fde%2Fpf%2Fruta-literaria-literaturroute%2F&#038;description=Literatur+route&#038;media=https%3A%2F%2Fwww.blanescostabrava.cat%2Fwp-content%2Fuploads%2F2018%2F03%2F21-thegem-blog-timeline-large.jpg\" title=\"Pinterest\"><i class=\"socials-item-icon pinterest\"><\/i><\/a> <a class=\"socials-item\" target=\"_blank\" href=\"https:\/\/www.tumblr.com\/widgets\/share\/tool?canonicalUrl=https%3A%2F%2Fwww.blanescostabrava.cat%2Fde%2Fpf%2Fruta-literaria-literaturroute%2F\" title=\"Tumblr\"><i class=\"socials-item-icon tumblr\"><\/i><\/a> <a class=\"socials-item\" target=\"_blank\" href=\"https:\/\/www.linkedin.com\/shareArticle?mini=true&#038;url=https%3A%2F%2Fwww.blanescostabrava.cat%2Fde%2Fpf%2Fruta-literaria-literaturroute%2F&#038;title=Literatur+route&amp;summary=%5Bvc_row+full_width%3D%26%238220%3Bstretch_row%26%238220%3B+css%3D%26%238220%3B.vc_custom_1521930535981%7Bbackground-image%3A+url%28https%3A%2F%2Fwww.blanescostabrava.cat%2Fwp-content%2Fuploads%2F2018%2F03%2F21.jpg%3Fid%3D32569%29+%21important%3B%7D%26%238220%3B+el_class%3D%26%238220%3Bcabecera-pagina-interna+cabecera-ficha%26%238220%3B%5D%5Bvc_column%5D%5Bvc_column_text%5D+%C2%A0Literatur+route+%5B%2Fvc_column_text%5D%5B%2Fvc_column%5D%5B%2Fvc_row%5D%5Bvc_row%5D%5Bvc_column+width%3D%26%238220%3B2%2F3%26%238243%3B%5D%5Bvc_column_text+el_class%3D%26%238220%3Btextos-ficha-interna%26%238220%3B%5DWenige+St%C3%A4dte+k%C3%B6nnen+sich+damit+r%C3%BChmen+Schriftsteller%2C+die+so...\" title=\"LinkedIn\"><i class=\"socials-item-icon linkedin\"><\/i><\/a> <a class=\"socials-item\" target=\"_blank\" href=\"https:\/\/www.reddit.com\/submit?url=https%3A%2F%2Fwww.blanescostabrava.cat%2Fde%2Fpf%2Fruta-literaria-literaturroute%2F&#038;title=Literatur+route\" title=\"Reddit\"><i class=\"socials-item-icon reddit\"><\/i><\/a> <\/div> <\/div> <\/div> <div class=\"caption\"> <div class=\"title title-h4\"> Literatur route <\/span> <\/div> <div class=\"description\"> <\/div> <\/div> <\/div> <\/div> <\/div> <\/div> <\/div> <\/div> <div class=\"portfolio-item routen-besichtigungen-des-kulturerbes item-animations-not-inited post-66781 thegem_pf_item type-thegem_pf_item status-publish has-post-thumbnail\" style=\"padding: 21px;\" data-default-sort=\"0\" data-sort-date=\"1563796680\"> <div class=\"wrap clearfix\" style=\"border-bottom-color: \"> <div class=\"image post-66781 thegem_pf_item type-thegem_pf_item status-publish has-post-thumbnail\"> <div class=\"image-inner\"> <picture> <img src=\"https:\/\/www.blanescostabrava.cat\/wp-content\/uploads\/2018\/03\/bolano-1.jpg\" width=\"433\" height=\"430\" class=\"attachment-thegem-portfolio-justified\" alt=\"Die Bola\u00f1o-Route\" \/> <\/picture> <\/div> <div class=\"overlay\"> <div class=\"overlay-circle\"><\/div> <div class=\"links-wrapper\"> <div class=\"links\"> <div class=\"portfolio-icons\"> <a href=\"https:\/\/www.blanescostabrava.cat\/de\/pf\/die-bolano-route\/\" target=\"_self\" class=\"icon self-link \"><\/a> <a href=\"javascript: void(0);\" class=\"icon share\"><\/a> <div class=\"overlay-line\"><\/div> <div class=\"portfolio-sharing-pane\"> <div class=\"socials-sharing socials socials-colored-hover\"> <a class=\"socials-item\" target=\"_blank\" href=\"https:\/\/www.facebook.com\/sharer\/sharer.php?u=https%3A%2F%2Fwww.blanescostabrava.cat%2Fde%2Fpf%2Fdie-bolano-route%2F\" title=\"Facebook\"><i class=\"socials-item-icon facebook\"><\/i><\/a> <a class=\"socials-item\" target=\"_blank\" href=\"https:\/\/twitter.com\/intent\/tweet?text=Die+Bola%C3%B1o-Route&#038;url=https%3A%2F%2Fwww.blanescostabrava.cat%2Fde%2Fpf%2Fdie-bolano-route%2F\" title=\"Twitter\"><i class=\"socials-item-icon twitter\"><\/i><\/a> <a class=\"socials-item\" target=\"_blank\" href=\"https:\/\/pinterest.com\/pin\/create\/button\/?url=https%3A%2F%2Fwww.blanescostabrava.cat%2Fde%2Fpf%2Fdie-bolano-route%2F&#038;description=Die+Bola%C3%B1o-Route&#038;media=https%3A%2F%2Fwww.blanescostabrava.cat%2Fwp-content%2Fuploads%2F2018%2F03%2Fbolano-1.jpg\" title=\"Pinterest\"><i class=\"socials-item-icon pinterest\"><\/i><\/a> <a class=\"socials-item\" target=\"_blank\" href=\"https:\/\/www.tumblr.com\/widgets\/share\/tool?canonicalUrl=https%3A%2F%2Fwww.blanescostabrava.cat%2Fde%2Fpf%2Fdie-bolano-route%2F\" title=\"Tumblr\"><i class=\"socials-item-icon tumblr\"><\/i><\/a> <a class=\"socials-item\" target=\"_blank\" href=\"https:\/\/www.linkedin.com\/shareArticle?mini=true&#038;url=https%3A%2F%2Fwww.blanescostabrava.cat%2Fde%2Fpf%2Fdie-bolano-route%2F&#038;title=Die+Bola%C3%B1o-Route&amp;summary=%5Bvc_row+full_width%3D%26%238220%3Bstretch_row%26%238220%3B+css%3D%26%238220%3B.vc_custom_1521930590203%7Bbackground-image%3A+url%28https%3A%2F%2Fwww.blanescostabrava.cat%2Fwp-content%2Fuploads%2F2018%2F03%2F33.jpg%3Fid%3D32581%29+%21important%3B%7D%26%238220%3B+el_class%3D%26%238220%3Bcabecera-pagina-interna+cabecera-ficha%26%238220%3B%5D%5Bvc_column%5D%5Bvc_column_text%5D+Die+Bola%C3%B1o-Route+%5B%2Fvc_column_text%5D%5B%2Fvc_column%5D%5B%2Fvc_row%5D%5Bvc_row%5D%5Bvc_column+width%3D%26%238220%3B2%2F3%26%238243%3B%5D%5Bvc_column_text+el_class%3D%26%238220%3Btextos-ficha-interna%26%238220%3B%5DDiese+thematische+Route+folgt+den+Lebensr%C3%A4umen+des+chilenischen+Dichters...\" title=\"LinkedIn\"><i class=\"socials-item-icon linkedin\"><\/i><\/a> <a class=\"socials-item\" target=\"_blank\" href=\"https:\/\/www.reddit.com\/submit?url=https%3A%2F%2Fwww.blanescostabrava.cat%2Fde%2Fpf%2Fdie-bolano-route%2F&#038;title=Die+Bola%C3%B1o-Route\" title=\"Reddit\"><i class=\"socials-item-icon reddit\"><\/i><\/a> <\/div> <\/div> <\/div> <div class=\"caption\"> <div class=\"title title-h4\"> Die Bola\u00f1o-Route <\/span> <\/div> <div class=\"description\"> <\/div> <\/div> <\/div> <\/div> <\/div> <\/div> <\/div> <\/div> <\/div><!-- .portflio-set --> <div class=\"portfolio-item-size-container\"> <div class=\"portfolio-item item-animations-not-inited post-66781 thegem_pf_item type-thegem_pf_item status-publish has-post-thumbnail\"> <\/div> <\/div> <\/div><!-- .row--> <\/div><!-- .full-width --> <\/div><!-- .portfolio--> <\/div><!-- .portfolio-preloader-wrapper-->[\/vc_tta_section][vc_tta_section title=&#8220;Feste&#8220; tab_id=&#8220;festes&#8220;]<style>.portfolio.portfolio-grid#style-eeda8ac .portfolio-item:not(.size-item), .preloader#style-preloader-eeda8ac .portfolio-item { padding: calc(42px\/2) !important; }.portfolio.portfolio-grid#style-eeda8ac .portfolio-item.size-item { padding: 0 calc(42px\/2) !important; }.portfolio.portfolio-grid#style-eeda8ac .portfolio-row, .preloader#style-preloader-eeda8ac .skeleton-posts.portfolio-row { margin: calc(-42px\/2); }.portfolio.portfolio-grid#style-eeda8ac.fullwidth-columns .portfolio-row { margin: calc(-42px\/2) 0; }.portfolio.portfolio-grid#style-eeda8ac .fullwidth-block:not(.no-paddings) { padding-left: 42px; padding-right: 42px; }.portfolio.portfolio-grid#style-eeda8ac .fullwidth-block .portfolio-row { padding-left: calc(42px\/2); padding-right: calc(42px\/2); }.portfolio.portfolio-grid#style-eeda8ac .fullwidth-block .portfolio-top-panel { padding-left: 42px; padding-right: 42px; }.portfolio.portfolio-grid#style-eeda8ac.fullwidth-columns .with-filter-sidebar .filter-sidebar { padding-left: 42px; }.portfolio.portfolio-grid#style-eeda8ac .portfolio-item .caption .title span { letter-spacing: px !important; }<\/style><style>.portfolio.portfolio-grid#style-eeda8ac .portfolio-filters { text-align: center; }<\/style><div id=\"style-preloader-eeda8ac\" class=\"preloader save-space\"><div class=\"preloader-spin\"><\/div><\/div> <div class=\"portfolio-preloader-wrapper panel-sidebar-position-left\"> <div class=\"portfolio portfolio-grid extended-portfolio-grid no-padding portfolio-pagination-scroll portfolio-style-justified background-style-white title-style-light hover-circular title-on-page hover-elements-size-default version-default caption-position-page columns-4 columns-tablet-2 columns-mobile-1 next-page-preloading \" id=\"style-eeda8ac\" data-style-uid=\"eeda8ac\" data-portfolio-uid=\"grid_9c5d6fb\" data-current-page=\"1\" data-per-page=\"8\" data-next-page=\"0\" data-pages-count=\"1\" data-hover=\"circular\" data-portfolio-filter=\"[]\" data-portfolio-filter-attributes=\"null\" data-portfolio-filter-search=\"\"> <div class=\"portfolio-row-outer \"> <div class=\"portfolio-top-panel selected-only\"> <div class=\"portfolio-filter-item portfolio-selected-filters left\"> <div class=\"portfolio-selected-filter-item clear-filters\"> Clear Filters\t<\/div> <\/div> <\/div> <div class=\"row portfolio-row\"> <div class=\"portfolio-set clearfix\" data-max-row-height=\"280\"> <div class=\"portfolio-item feste item-animations-not-inited post-66787 thegem_pf_item type-thegem_pf_item status-publish has-post-thumbnail\" style=\"padding: 21px;\" data-default-sort=\"0\" data-sort-date=\"1563796680\"> <div class=\"wrap clearfix\" style=\"border-bottom-color: \"> <div class=\"image post-66787 thegem_pf_item type-thegem_pf_item status-publish has-post-thumbnail\"> <div class=\"image-inner\"> <picture> <img src=\"https:\/\/www.blanescostabrava.cat\/wp-content\/uploads\/2018\/03\/19-thegem-portfolio-justified.jpg\" width=\"844\" height=\"620\" class=\"attachment-thegem-portfolio-justified\" alt=\"INTERNATIONALER WETTBEWERB DER K\u00dcNSTLICHEN FOKUS DER COSTA BRAVA\" \/> <\/picture> <\/div> <div class=\"overlay\"> <div class=\"overlay-circle\"><\/div> <div class=\"links-wrapper\"> <div class=\"links\"> <div class=\"portfolio-icons\"> <a href=\"https:\/\/www.blanescostabrava.cat\/de\/pf\/concurs-international-de-focs-dartifici-de-die-costa-brava\/\" target=\"_self\" class=\"icon self-link \"><\/a> <a href=\"javascript: void(0);\" class=\"icon share\"><\/a> <div class=\"overlay-line\"><\/div> <div class=\"portfolio-sharing-pane\"> <div class=\"socials-sharing socials socials-colored-hover\"> <a class=\"socials-item\" target=\"_blank\" href=\"https:\/\/www.facebook.com\/sharer\/sharer.php?u=https%3A%2F%2Fwww.blanescostabrava.cat%2Fde%2Fpf%2Fconcurs-international-de-focs-dartifici-de-die-costa-brava%2F\" title=\"Facebook\"><i class=\"socials-item-icon facebook\"><\/i><\/a> <a class=\"socials-item\" target=\"_blank\" href=\"https:\/\/twitter.com\/intent\/tweet?text=INTERNATIONALER+WETTBEWERB+DER+K%C3%9CNSTLICHEN+FOKUS+DER+COSTA+BRAVA&#038;url=https%3A%2F%2Fwww.blanescostabrava.cat%2Fde%2Fpf%2Fconcurs-international-de-focs-dartifici-de-die-costa-brava%2F\" title=\"Twitter\"><i class=\"socials-item-icon twitter\"><\/i><\/a> <a class=\"socials-item\" target=\"_blank\" href=\"https:\/\/pinterest.com\/pin\/create\/button\/?url=https%3A%2F%2Fwww.blanescostabrava.cat%2Fde%2Fpf%2Fconcurs-international-de-focs-dartifici-de-die-costa-brava%2F&#038;description=INTERNATIONALER+WETTBEWERB+DER+K%C3%9CNSTLICHEN+FOKUS+DER+COSTA+BRAVA&#038;media=https%3A%2F%2Fwww.blanescostabrava.cat%2Fwp-content%2Fuploads%2F2018%2F03%2F19-thegem-blog-timeline-large.jpg\" title=\"Pinterest\"><i class=\"socials-item-icon pinterest\"><\/i><\/a> <a class=\"socials-item\" target=\"_blank\" href=\"https:\/\/www.tumblr.com\/widgets\/share\/tool?canonicalUrl=https%3A%2F%2Fwww.blanescostabrava.cat%2Fde%2Fpf%2Fconcurs-international-de-focs-dartifici-de-die-costa-brava%2F\" title=\"Tumblr\"><i class=\"socials-item-icon tumblr\"><\/i><\/a> <a class=\"socials-item\" target=\"_blank\" href=\"https:\/\/www.linkedin.com\/shareArticle?mini=true&#038;url=https%3A%2F%2Fwww.blanescostabrava.cat%2Fde%2Fpf%2Fconcurs-international-de-focs-dartifici-de-die-costa-brava%2F&#038;title=INTERNATIONALER+WETTBEWERB+DER+K%C3%9CNSTLICHEN+FOKUS+DER+COSTA+BRAVA&amp;summary=Mit+einem+Jahrhundert+pyrotechnischer+Tradition+ist+dieses+Festival+der+Lichter%2C+Farben+und+des+Rauches+eine+der+faszinierendsten+und+wichtigsten+Veranstaltungen+von+Blanes%2C+welche+jedes+Jahr+im+Juli+Zehntausende+von+Zuschauern+an+unsere+Str%C3%A4nde+bringt.\" title=\"LinkedIn\"><i class=\"socials-item-icon linkedin\"><\/i><\/a> <a class=\"socials-item\" target=\"_blank\" href=\"https:\/\/www.reddit.com\/submit?url=https%3A%2F%2Fwww.blanescostabrava.cat%2Fde%2Fpf%2Fconcurs-international-de-focs-dartifici-de-die-costa-brava%2F&#038;title=INTERNATIONALER+WETTBEWERB+DER+K%C3%9CNSTLICHEN+FOKUS+DER+COSTA+BRAVA\" title=\"Reddit\"><i class=\"socials-item-icon reddit\"><\/i><\/a> <\/div> <\/div> <\/div> <div class=\"caption\"> <div class=\"title title-h4\"> INTERNATIONALER WETTBEWERB DER K\u00dcNSTLICHEN FOKUS DER COSTA BRAVA <\/span> <\/div> <div class=\"description\"> <div class=\"subtitle\"><p>Mit einem Jahrhundert pyrotechnischer Tradition ist dieses Festival der Lichter, Farben und des Rauches eine der faszinierendsten und wichtigsten Veranstaltungen von Blanes, welche jedes Jahr im Juli Zehntausende von Zuschauern an unsere Str\u00e4nde bringt.<\/p>\n<\/div> <\/div> <\/div> <\/div> <\/div> <\/div> <\/div> <\/div> <\/div> <div class=\"portfolio-item feste item-animations-not-inited post-66790 thegem_pf_item type-thegem_pf_item status-publish has-post-thumbnail\" style=\"padding: 21px;\" data-default-sort=\"0\" data-sort-date=\"1563796681\"> <div class=\"wrap clearfix\" style=\"border-bottom-color: \"> <div class=\"image post-66790 thegem_pf_item type-thegem_pf_item status-publish has-post-thumbnail\"> <div class=\"image-inner\"> <picture> <img src=\"https:\/\/www.blanescostabrava.cat\/wp-content\/uploads\/2018\/03\/FIESTA-01.jpg\" width=\"607\" height=\"687\" class=\"attachment-thegem-portfolio-justified\" alt=\"Karneval\" \/> <\/picture> <\/div> <div class=\"overlay\"> <div class=\"overlay-circle\"><\/div> <div class=\"links-wrapper\"> <div class=\"links\"> <div class=\"portfolio-icons\"> <a href=\"https:\/\/www.blanescostabrava.cat\/de\/pf\/karneval\/\" target=\"_self\" class=\"icon self-link \"><\/a> <a href=\"javascript: void(0);\" class=\"icon share\"><\/a> <div class=\"overlay-line\"><\/div> <div class=\"portfolio-sharing-pane\"> <div class=\"socials-sharing socials socials-colored-hover\"> <a class=\"socials-item\" target=\"_blank\" href=\"https:\/\/www.facebook.com\/sharer\/sharer.php?u=https%3A%2F%2Fwww.blanescostabrava.cat%2Fde%2Fpf%2Fkarneval%2F\" title=\"Facebook\"><i class=\"socials-item-icon facebook\"><\/i><\/a> <a class=\"socials-item\" target=\"_blank\" href=\"https:\/\/twitter.com\/intent\/tweet?text=Karneval&#038;url=https%3A%2F%2Fwww.blanescostabrava.cat%2Fde%2Fpf%2Fkarneval%2F\" title=\"Twitter\"><i class=\"socials-item-icon twitter\"><\/i><\/a> <a class=\"socials-item\" target=\"_blank\" href=\"https:\/\/pinterest.com\/pin\/create\/button\/?url=https%3A%2F%2Fwww.blanescostabrava.cat%2Fde%2Fpf%2Fkarneval%2F&#038;description=Karneval&#038;media=https%3A%2F%2Fwww.blanescostabrava.cat%2Fwp-content%2Fuploads%2F2018%2F03%2FFIESTA-01.jpg\" title=\"Pinterest\"><i class=\"socials-item-icon pinterest\"><\/i><\/a> <a class=\"socials-item\" target=\"_blank\" href=\"https:\/\/www.tumblr.com\/widgets\/share\/tool?canonicalUrl=https%3A%2F%2Fwww.blanescostabrava.cat%2Fde%2Fpf%2Fkarneval%2F\" title=\"Tumblr\"><i class=\"socials-item-icon tumblr\"><\/i><\/a> <a class=\"socials-item\" target=\"_blank\" href=\"https:\/\/www.linkedin.com\/shareArticle?mini=true&#038;url=https%3A%2F%2Fwww.blanescostabrava.cat%2Fde%2Fpf%2Fkarneval%2F&#038;title=Karneval&amp;summary=Die+Karnevalstage+bieten+eine+au%C3%9Fergew%C3%B6hnliche+Gelegenheit%2C+um+mit+Familie+und+Freunden+Spa%C3%9F+zu+haben.+In+Blanes+bieten+wir+viele+Aktivit%C3%A4ten+an%2C+um+einen+etwas+anderen+Karneval+zu+genie%C3%9Fen%2C+der+sich+auf+verschiedenen+Teilen+der+Stadt+verteilt%2C+um+die+Teilnahme+an+der+wildesten+Party+des+Jahres+zu+erleichtern.\" title=\"LinkedIn\"><i class=\"socials-item-icon linkedin\"><\/i><\/a> <a class=\"socials-item\" target=\"_blank\" href=\"https:\/\/www.reddit.com\/submit?url=https%3A%2F%2Fwww.blanescostabrava.cat%2Fde%2Fpf%2Fkarneval%2F&#038;title=Karneval\" title=\"Reddit\"><i class=\"socials-item-icon reddit\"><\/i><\/a> <\/div> <\/div> <\/div> <div class=\"caption\"> <div class=\"title title-h4\"> Karneval <\/span> <\/div> <div class=\"description\"> <div class=\"subtitle\"><p>Die Karnevalstage bieten eine au\u00dfergew\u00f6hnliche Gelegenheit, um mit Familie und Freunden Spa\u00df zu haben. In Blanes bieten wir viele Aktivit\u00e4ten an, um einen etwas anderen Karneval zu genie\u00dfen, der sich auf verschiedenen Teilen der Stadt verteilt, um die Teilnahme an der wildesten Party des Jahres zu erleichtern.<\/p>\n<\/div> <\/div> <\/div> <\/div> <\/div> <\/div> <\/div> <\/div> <\/div> <div class=\"portfolio-item feste item-animations-not-inited post-66799 thegem_pf_item type-thegem_pf_item status-publish has-post-thumbnail\" style=\"padding: 21px;\" data-default-sort=\"0\" data-sort-date=\"1563796682\"> <div class=\"wrap clearfix\" style=\"border-bottom-color: \"> <div class=\"image post-66799 thegem_pf_item type-thegem_pf_item status-publish has-post-thumbnail\"> <div class=\"image-inner\"> <picture> <img src=\"https:\/\/www.blanescostabrava.cat\/wp-content\/uploads\/2018\/03\/FIESTA-02.jpg\" width=\"607\" height=\"687\" class=\"attachment-thegem-portfolio-justified\" alt=\"Corpus Christi-Blumenteppiche\" \/> <\/picture> <\/div> <div class=\"overlay\"> <div class=\"overlay-circle\"><\/div> <div class=\"links-wrapper\"> <div class=\"links\"> <div class=\"portfolio-icons\"> <a href=\"https:\/\/www.blanescostabrava.cat\/de\/pf\/corpus-christi-blumenteppiche\/\" target=\"_self\" class=\"icon self-link \"><\/a> <a href=\"javascript: void(0);\" class=\"icon share\"><\/a> <div class=\"overlay-line\"><\/div> <div class=\"portfolio-sharing-pane\"> <div class=\"socials-sharing socials socials-colored-hover\"> <a class=\"socials-item\" target=\"_blank\" href=\"https:\/\/www.facebook.com\/sharer\/sharer.php?u=https%3A%2F%2Fwww.blanescostabrava.cat%2Fde%2Fpf%2Fcorpus-christi-blumenteppiche%2F\" title=\"Facebook\"><i class=\"socials-item-icon facebook\"><\/i><\/a> <a class=\"socials-item\" target=\"_blank\" href=\"https:\/\/twitter.com\/intent\/tweet?text=Corpus+Christi-Blumenteppiche&#038;url=https%3A%2F%2Fwww.blanescostabrava.cat%2Fde%2Fpf%2Fcorpus-christi-blumenteppiche%2F\" title=\"Twitter\"><i class=\"socials-item-icon twitter\"><\/i><\/a> <a class=\"socials-item\" target=\"_blank\" href=\"https:\/\/pinterest.com\/pin\/create\/button\/?url=https%3A%2F%2Fwww.blanescostabrava.cat%2Fde%2Fpf%2Fcorpus-christi-blumenteppiche%2F&#038;description=Corpus+Christi-Blumenteppiche&#038;media=https%3A%2F%2Fwww.blanescostabrava.cat%2Fwp-content%2Fuploads%2F2018%2F03%2FFIESTA-02.jpg\" title=\"Pinterest\"><i class=\"socials-item-icon pinterest\"><\/i><\/a> <a class=\"socials-item\" target=\"_blank\" href=\"https:\/\/www.tumblr.com\/widgets\/share\/tool?canonicalUrl=https%3A%2F%2Fwww.blanescostabrava.cat%2Fde%2Fpf%2Fcorpus-christi-blumenteppiche%2F\" title=\"Tumblr\"><i class=\"socials-item-icon tumblr\"><\/i><\/a> <a class=\"socials-item\" target=\"_blank\" href=\"https:\/\/www.linkedin.com\/shareArticle?mini=true&#038;url=https%3A%2F%2Fwww.blanescostabrava.cat%2Fde%2Fpf%2Fcorpus-christi-blumenteppiche%2F&#038;title=Corpus+Christi-Blumenteppiche&amp;summary=Blanes+lebt+dieses+Fest%2C+das+im+Fr%C3%BChjahr+gefeiert+wird%2C+mit+Intensit%C3%A4t.+Kommen+und+sehen+Sie%2C+wie+wir+die+Stra%C3%9Fen+der+Altstadt+mit+wundersch%C3%B6nen+Blumenteppichen+mit+originellen+Motiven+%C3%BCber+das+Dorf+schm%C3%BCcken%2C+wie+z.+B.+unseren+mediterranen+G%C3%A4rten%2C+dem+Wappen+der+Stadt%2C+den+Landschaften%2C+die+uns+ausmachen...\" title=\"LinkedIn\"><i class=\"socials-item-icon linkedin\"><\/i><\/a> <a class=\"socials-item\" target=\"_blank\" href=\"https:\/\/www.reddit.com\/submit?url=https%3A%2F%2Fwww.blanescostabrava.cat%2Fde%2Fpf%2Fcorpus-christi-blumenteppiche%2F&#038;title=Corpus+Christi-Blumenteppiche\" title=\"Reddit\"><i class=\"socials-item-icon reddit\"><\/i><\/a> <\/div> <\/div> <\/div> <div class=\"caption\"> <div class=\"title title-h4\"> Corpus Christi-Blumenteppiche <\/span> <\/div> <div class=\"description\"> <div class=\"subtitle\"><p>Blanes lebt dieses Fest, das im Fr\u00fchjahr gefeiert wird, mit Intensit\u00e4t. Kommen und sehen Sie, wie wir die Stra\u00dfen der Altstadt mit wundersch\u00f6nen Blumenteppichen mit originellen Motiven \u00fcber das Dorf schm\u00fccken, wie z. B. unseren mediterranen G\u00e4rten, dem Wappen der Stadt, den Landschaften, die uns ausmachen&#8230;<\/p>\n<\/div> <\/div> <\/div> <\/div> <\/div> <\/div> <\/div> <\/div> <\/div> <div class=\"portfolio-item feste item-animations-not-inited post-66808 thegem_pf_item type-thegem_pf_item status-publish has-post-thumbnail\" style=\"padding: 21px;\" data-default-sort=\"0\" data-sort-date=\"1563796682\"> <div class=\"wrap clearfix\" style=\"border-bottom-color: \"> <div class=\"image post-66808 thegem_pf_item type-thegem_pf_item status-publish has-post-thumbnail\"> <div class=\"image-inner\"> <picture> <img src=\"https:\/\/www.blanescostabrava.cat\/wp-content\/uploads\/2018\/03\/FIESTA-03.jpg\" width=\"607\" height=\"687\" class=\"attachment-thegem-portfolio-justified\" alt=\"Fest der Kopatronen\" \/> <\/picture> <\/div> <div class=\"overlay\"> <div class=\"overlay-circle\"><\/div> <div class=\"links-wrapper\"> <div class=\"links\"> <div class=\"portfolio-icons\"> <a href=\"https:\/\/www.blanescostabrava.cat\/de\/pf\/fest-der-kopatronen\/\" target=\"_self\" class=\"icon self-link \"><\/a> <a href=\"javascript: void(0);\" class=\"icon share\"><\/a> <div class=\"overlay-line\"><\/div> <div class=\"portfolio-sharing-pane\"> <div class=\"socials-sharing socials socials-colored-hover\"> <a class=\"socials-item\" target=\"_blank\" href=\"https:\/\/www.facebook.com\/sharer\/sharer.php?u=https%3A%2F%2Fwww.blanescostabrava.cat%2Fde%2Fpf%2Ffest-der-kopatronen%2F\" title=\"Facebook\"><i class=\"socials-item-icon facebook\"><\/i><\/a> <a class=\"socials-item\" target=\"_blank\" href=\"https:\/\/twitter.com\/intent\/tweet?text=Fest+der+Kopatronen&#038;url=https%3A%2F%2Fwww.blanescostabrava.cat%2Fde%2Fpf%2Ffest-der-kopatronen%2F\" title=\"Twitter\"><i class=\"socials-item-icon twitter\"><\/i><\/a> <a class=\"socials-item\" target=\"_blank\" href=\"https:\/\/pinterest.com\/pin\/create\/button\/?url=https%3A%2F%2Fwww.blanescostabrava.cat%2Fde%2Fpf%2Ffest-der-kopatronen%2F&#038;description=Fest+der+Kopatronen&#038;media=https%3A%2F%2Fwww.blanescostabrava.cat%2Fwp-content%2Fuploads%2F2018%2F03%2FFIESTA-03.jpg\" title=\"Pinterest\"><i class=\"socials-item-icon pinterest\"><\/i><\/a> <a class=\"socials-item\" target=\"_blank\" href=\"https:\/\/www.tumblr.com\/widgets\/share\/tool?canonicalUrl=https%3A%2F%2Fwww.blanescostabrava.cat%2Fde%2Fpf%2Ffest-der-kopatronen%2F\" title=\"Tumblr\"><i class=\"socials-item-icon tumblr\"><\/i><\/a> <a class=\"socials-item\" target=\"_blank\" href=\"https:\/\/www.linkedin.com\/shareArticle?mini=true&#038;url=https%3A%2F%2Fwww.blanescostabrava.cat%2Fde%2Fpf%2Ffest-der-kopatronen%2F&#038;title=Fest+der+Kopatronen&amp;summary=Es+ist+unser+kleines+Patronatsfest%2C+aber+das+bedeutet+nicht%2C+dass+es+an+attraktivem+Programm+fehlt.\" title=\"LinkedIn\"><i class=\"socials-item-icon linkedin\"><\/i><\/a> <a class=\"socials-item\" target=\"_blank\" href=\"https:\/\/www.reddit.com\/submit?url=https%3A%2F%2Fwww.blanescostabrava.cat%2Fde%2Fpf%2Ffest-der-kopatronen%2F&#038;title=Fest+der+Kopatronen\" title=\"Reddit\"><i class=\"socials-item-icon reddit\"><\/i><\/a> <\/div> <\/div> <\/div> <div class=\"caption\"> <div class=\"title title-h4\"> Fest der Kopatronen <\/span> <\/div> <div class=\"description\"> <div class=\"subtitle\"><p>Es ist unser kleines Patronatsfest, aber das bedeutet nicht, dass es an attraktivem Programm fehlt.<\/p>\n<\/div> <\/div> <\/div> <\/div> <\/div> <\/div> <\/div> <\/div> <\/div> <div class=\"portfolio-item feste item-animations-not-inited post-66817 thegem_pf_item type-thegem_pf_item status-publish has-post-thumbnail\" style=\"padding: 21px;\" data-default-sort=\"0\" data-sort-date=\"1563796683\"> <div class=\"wrap clearfix\" style=\"border-bottom-color: \"> <div class=\"image post-66817 thegem_pf_item type-thegem_pf_item status-publish has-post-thumbnail\"> <div class=\"image-inner\"> <picture> <img src=\"https:\/\/www.blanescostabrava.cat\/wp-content\/uploads\/2018\/03\/FIESTA-04.jpg\" width=\"607\" height=\"687\" class=\"attachment-thegem-portfolio-justified\" alt=\"Patronatsfest\" \/> <\/picture> <\/div> <div class=\"overlay\"> <div class=\"overlay-circle\"><\/div> <div class=\"links-wrapper\"> <div class=\"links\"> <div class=\"portfolio-icons\"> <a href=\"https:\/\/www.blanescostabrava.cat\/de\/pf\/patronatsfest\/\" target=\"_self\" class=\"icon self-link \"><\/a> <a href=\"javascript: void(0);\" class=\"icon share\"><\/a> <div class=\"overlay-line\"><\/div> <div class=\"portfolio-sharing-pane\"> <div class=\"socials-sharing socials socials-colored-hover\"> <a class=\"socials-item\" target=\"_blank\" href=\"https:\/\/www.facebook.com\/sharer\/sharer.php?u=https%3A%2F%2Fwww.blanescostabrava.cat%2Fde%2Fpf%2Fpatronatsfest%2F\" title=\"Facebook\"><i class=\"socials-item-icon facebook\"><\/i><\/a> <a class=\"socials-item\" target=\"_blank\" href=\"https:\/\/twitter.com\/intent\/tweet?text=Patronatsfest&#038;url=https%3A%2F%2Fwww.blanescostabrava.cat%2Fde%2Fpf%2Fpatronatsfest%2F\" title=\"Twitter\"><i class=\"socials-item-icon twitter\"><\/i><\/a> <a class=\"socials-item\" target=\"_blank\" href=\"https:\/\/pinterest.com\/pin\/create\/button\/?url=https%3A%2F%2Fwww.blanescostabrava.cat%2Fde%2Fpf%2Fpatronatsfest%2F&#038;description=Patronatsfest&#038;media=https%3A%2F%2Fwww.blanescostabrava.cat%2Fwp-content%2Fuploads%2F2018%2F03%2FFIESTA-04.jpg\" title=\"Pinterest\"><i class=\"socials-item-icon pinterest\"><\/i><\/a> <a class=\"socials-item\" target=\"_blank\" href=\"https:\/\/www.tumblr.com\/widgets\/share\/tool?canonicalUrl=https%3A%2F%2Fwww.blanescostabrava.cat%2Fde%2Fpf%2Fpatronatsfest%2F\" title=\"Tumblr\"><i class=\"socials-item-icon tumblr\"><\/i><\/a> <a class=\"socials-item\" target=\"_blank\" href=\"https:\/\/www.linkedin.com\/shareArticle?mini=true&#038;url=https%3A%2F%2Fwww.blanescostabrava.cat%2Fde%2Fpf%2Fpatronatsfest%2F&#038;title=Patronatsfest&amp;summary=Ende+Juli+feiern+wir+in+Blanes+das+Patronatsfest+zu+Ehren+unserer+Schutzpatronin+Santa+Anna.+\" title=\"LinkedIn\"><i class=\"socials-item-icon linkedin\"><\/i><\/a> <a class=\"socials-item\" target=\"_blank\" href=\"https:\/\/www.reddit.com\/submit?url=https%3A%2F%2Fwww.blanescostabrava.cat%2Fde%2Fpf%2Fpatronatsfest%2F&#038;title=Patronatsfest\" title=\"Reddit\"><i class=\"socials-item-icon reddit\"><\/i><\/a> <\/div> <\/div> <\/div> <div class=\"caption\"> <div class=\"title title-h4\"> Patronatsfest <\/span> <\/div> <div class=\"description\"> <div class=\"subtitle\"><p>Ende Juli feiern wir in Blanes das Patronatsfest zu Ehren unserer Schutzpatronin Santa Anna. <\/p>\n<\/div> <\/div> <\/div> <\/div> <\/div> <\/div> <\/div> <\/div> <\/div> <div class=\"portfolio-item feste item-animations-not-inited post-66823 thegem_pf_item type-thegem_pf_item status-publish has-post-thumbnail\" style=\"padding: 21px;\" data-default-sort=\"0\" data-sort-date=\"1563796683\"> <div class=\"wrap clearfix\" style=\"border-bottom-color: \"> <div class=\"image post-66823 thegem_pf_item type-thegem_pf_item status-publish has-post-thumbnail\"> <div class=\"image-inner\"> <picture> <img src=\"https:\/\/www.blanescostabrava.cat\/wp-content\/uploads\/2018\/03\/FIESTA-05.jpg\" width=\"607\" height=\"687\" class=\"attachment-thegem-portfolio-justified\" alt=\"Ostern\" \/> <\/picture> <\/div> <div class=\"overlay\"> <div class=\"overlay-circle\"><\/div> <div class=\"links-wrapper\"> <div class=\"links\"> <div class=\"portfolio-icons\"> <a href=\"https:\/\/www.blanescostabrava.cat\/de\/pf\/ostern\/\" target=\"_self\" class=\"icon self-link \"><\/a> <a href=\"javascript: void(0);\" class=\"icon share\"><\/a> <div class=\"overlay-line\"><\/div> <div class=\"portfolio-sharing-pane\"> <div class=\"socials-sharing socials socials-colored-hover\"> <a class=\"socials-item\" target=\"_blank\" href=\"https:\/\/www.facebook.com\/sharer\/sharer.php?u=https%3A%2F%2Fwww.blanescostabrava.cat%2Fde%2Fpf%2Fostern%2F\" title=\"Facebook\"><i class=\"socials-item-icon facebook\"><\/i><\/a> <a class=\"socials-item\" target=\"_blank\" href=\"https:\/\/twitter.com\/intent\/tweet?text=Ostern&#038;url=https%3A%2F%2Fwww.blanescostabrava.cat%2Fde%2Fpf%2Fostern%2F\" title=\"Twitter\"><i class=\"socials-item-icon twitter\"><\/i><\/a> <a class=\"socials-item\" target=\"_blank\" href=\"https:\/\/pinterest.com\/pin\/create\/button\/?url=https%3A%2F%2Fwww.blanescostabrava.cat%2Fde%2Fpf%2Fostern%2F&#038;description=Ostern&#038;media=https%3A%2F%2Fwww.blanescostabrava.cat%2Fwp-content%2Fuploads%2F2018%2F03%2FFIESTA-05.jpg\" title=\"Pinterest\"><i class=\"socials-item-icon pinterest\"><\/i><\/a> <a class=\"socials-item\" target=\"_blank\" href=\"https:\/\/www.tumblr.com\/widgets\/share\/tool?canonicalUrl=https%3A%2F%2Fwww.blanescostabrava.cat%2Fde%2Fpf%2Fostern%2F\" title=\"Tumblr\"><i class=\"socials-item-icon tumblr\"><\/i><\/a> <a class=\"socials-item\" target=\"_blank\" href=\"https:\/\/www.linkedin.com\/shareArticle?mini=true&#038;url=https%3A%2F%2Fwww.blanescostabrava.cat%2Fde%2Fpf%2Fostern%2F&#038;title=Ostern&amp;summary=Die+Osterbr%C3%A4uche+sind+in+Blanes+noch+sehr+pr%C3%A4sent.+Eine+der+beliebtesten+Prozessionen+ist+die+des+Engels%2C+die+am+Ostersonntag+stattfindet+und+aus+zwei+Prozessionen+besteht%2C+welche+in+gewissenhafter+Stille+aus+der+Kirche+Santa+Maria+kommen+und+sich+auf+der+Plaza+del+dies+Feiners+treffen%2C+wo+der+Gesang+des+Engels+interpretiert+wird.+\" title=\"LinkedIn\"><i class=\"socials-item-icon linkedin\"><\/i><\/a> <a class=\"socials-item\" target=\"_blank\" href=\"https:\/\/www.reddit.com\/submit?url=https%3A%2F%2Fwww.blanescostabrava.cat%2Fde%2Fpf%2Fostern%2F&#038;title=Ostern\" title=\"Reddit\"><i class=\"socials-item-icon reddit\"><\/i><\/a> <\/div> <\/div> <\/div> <div class=\"caption\"> <div class=\"title title-h4\"> Ostern <\/span> <\/div> <div class=\"description\"> <div class=\"subtitle\"><p>Die Osterbr\u00e4uche sind in Blanes noch sehr pr\u00e4sent. Eine der beliebtesten Prozessionen ist die des Engels, die am Ostersonntag stattfindet und aus zwei Prozessionen besteht, welche in gewissenhafter Stille aus der Kirche Santa Maria kommen und sich auf der Plaza del dies Feiners treffen, wo der Gesang des Engels interpretiert wird. <\/p>\n<\/div> <\/div> <\/div> <\/div> <\/div> <\/div> <\/div> <\/div> <\/div> <div class=\"portfolio-item feste item-animations-not-inited post-66835 thegem_pf_item type-thegem_pf_item status-publish has-post-thumbnail\" style=\"padding: 21px;\" data-default-sort=\"0\" data-sort-date=\"1563796684\"> <div class=\"wrap clearfix\" style=\"border-bottom-color: \"> <div class=\"image post-66835 thegem_pf_item type-thegem_pf_item status-publish has-post-thumbnail\"> <div class=\"image-inner\"> <picture> <img src=\"https:\/\/www.blanescostabrava.cat\/wp-content\/uploads\/2018\/03\/FIESTA-06.jpg\" width=\"607\" height=\"687\" class=\"attachment-thegem-portfolio-justified\" alt=\"Weihnachten\" \/> <\/picture> <\/div> <div class=\"overlay\"> <div class=\"overlay-circle\"><\/div> <div class=\"links-wrapper\"> <div class=\"links\"> <div class=\"portfolio-icons\"> <a href=\"https:\/\/www.blanescostabrava.cat\/de\/pf\/weihnachten\/\" target=\"_self\" class=\"icon self-link \"><\/a> <a href=\"javascript: void(0);\" class=\"icon share\"><\/a> <div class=\"overlay-line\"><\/div> <div class=\"portfolio-sharing-pane\"> <div class=\"socials-sharing socials socials-colored-hover\"> <a class=\"socials-item\" target=\"_blank\" href=\"https:\/\/www.facebook.com\/sharer\/sharer.php?u=https%3A%2F%2Fwww.blanescostabrava.cat%2Fde%2Fpf%2Fweihnachten%2F\" title=\"Facebook\"><i class=\"socials-item-icon facebook\"><\/i><\/a> <a class=\"socials-item\" target=\"_blank\" href=\"https:\/\/twitter.com\/intent\/tweet?text=Weihnachten&#038;url=https%3A%2F%2Fwww.blanescostabrava.cat%2Fde%2Fpf%2Fweihnachten%2F\" title=\"Twitter\"><i class=\"socials-item-icon twitter\"><\/i><\/a> <a class=\"socials-item\" target=\"_blank\" href=\"https:\/\/pinterest.com\/pin\/create\/button\/?url=https%3A%2F%2Fwww.blanescostabrava.cat%2Fde%2Fpf%2Fweihnachten%2F&#038;description=Weihnachten&#038;media=https%3A%2F%2Fwww.blanescostabrava.cat%2Fwp-content%2Fuploads%2F2018%2F03%2FFIESTA-06.jpg\" title=\"Pinterest\"><i class=\"socials-item-icon pinterest\"><\/i><\/a> <a class=\"socials-item\" target=\"_blank\" href=\"https:\/\/www.tumblr.com\/widgets\/share\/tool?canonicalUrl=https%3A%2F%2Fwww.blanescostabrava.cat%2Fde%2Fpf%2Fweihnachten%2F\" title=\"Tumblr\"><i class=\"socials-item-icon tumblr\"><\/i><\/a> <a class=\"socials-item\" target=\"_blank\" href=\"https:\/\/www.linkedin.com\/shareArticle?mini=true&#038;url=https%3A%2F%2Fwww.blanescostabrava.cat%2Fde%2Fpf%2Fweihnachten%2F&#038;title=Weihnachten&amp;summary=Die+Magie+von+Weihnachten+wird+in+all+ihrer+Intensit%C3%A4t+gelebt.+Es+ist+eine+sehr+empfehlenswerte+Zeit%2C+uns+zu+besuchen%2C+denn+w%C3%A4hrend+dieser+besonderen+Tage+verwandelt+sich+die+Stadt+durch+die+Weihnachtsbeleuchtung%2C+der+Stra%C3%9Fendekoration%2C+dem+Weihnachtsmarkt%2C+der+traditionellen+Krippe...\" title=\"LinkedIn\"><i class=\"socials-item-icon linkedin\"><\/i><\/a> <a class=\"socials-item\" target=\"_blank\" href=\"https:\/\/www.reddit.com\/submit?url=https%3A%2F%2Fwww.blanescostabrava.cat%2Fde%2Fpf%2Fweihnachten%2F&#038;title=Weihnachten\" title=\"Reddit\"><i class=\"socials-item-icon reddit\"><\/i><\/a> <\/div> <\/div> <\/div> <div class=\"caption\"> <div class=\"title title-h4\"> Weihnachten <\/span> <\/div> <div class=\"description\"> <div class=\"subtitle\"><p>Die Magie von Weihnachten wird in all ihrer Intensit\u00e4t gelebt. Es ist eine sehr empfehlenswerte Zeit, uns zu besuchen, denn w\u00e4hrend dieser besonderen Tage verwandelt sich die Stadt durch die Weihnachtsbeleuchtung, der Stra\u00dfendekoration, dem Weihnachtsmarkt, der traditionellen Krippe&#8230;<\/p>\n<\/div> <\/div> <\/div> <\/div> <\/div> <\/div> <\/div> <\/div> <\/div> <div class=\"portfolio-item feste item-animations-not-inited post-66841 thegem_pf_item type-thegem_pf_item status-publish has-post-thumbnail\" style=\"padding: 21px;\" data-default-sort=\"0\" data-sort-date=\"1563796685\"> <div class=\"wrap clearfix\" style=\"border-bottom-color: \"> <div class=\"image post-66841 thegem_pf_item type-thegem_pf_item status-publish has-post-thumbnail\"> <div class=\"image-inner\"> <picture> <img src=\"https:\/\/www.blanescostabrava.cat\/wp-content\/uploads\/2018\/03\/FIESTA-07.jpg\" width=\"607\" height=\"687\" class=\"attachment-thegem-portfolio-justified\" alt=\"Prozession der heiligen Dreik\u00f6nige\" \/> <\/picture> <\/div> <div class=\"overlay\"> <div class=\"overlay-circle\"><\/div> <div class=\"links-wrapper\"> <div class=\"links\"> <div class=\"portfolio-icons\"> <a href=\"https:\/\/www.blanescostabrava.cat\/de\/pf\/prozession-der-heiligen-dreikonige\/\" target=\"_self\" class=\"icon self-link \"><\/a> <a href=\"javascript: void(0);\" class=\"icon share\"><\/a> <div class=\"overlay-line\"><\/div> <div class=\"portfolio-sharing-pane\"> <div class=\"socials-sharing socials socials-colored-hover\"> <a class=\"socials-item\" target=\"_blank\" href=\"https:\/\/www.facebook.com\/sharer\/sharer.php?u=https%3A%2F%2Fwww.blanescostabrava.cat%2Fde%2Fpf%2Fprozession-der-heiligen-dreikonige%2F\" title=\"Facebook\"><i class=\"socials-item-icon facebook\"><\/i><\/a> <a class=\"socials-item\" target=\"_blank\" href=\"https:\/\/twitter.com\/intent\/tweet?text=Prozession+der+heiligen+Dreik%C3%B6nige&#038;url=https%3A%2F%2Fwww.blanescostabrava.cat%2Fde%2Fpf%2Fprozession-der-heiligen-dreikonige%2F\" title=\"Twitter\"><i class=\"socials-item-icon twitter\"><\/i><\/a> <a class=\"socials-item\" target=\"_blank\" href=\"https:\/\/pinterest.com\/pin\/create\/button\/?url=https%3A%2F%2Fwww.blanescostabrava.cat%2Fde%2Fpf%2Fprozession-der-heiligen-dreikonige%2F&#038;description=Prozession+der+heiligen+Dreik%C3%B6nige&#038;media=https%3A%2F%2Fwww.blanescostabrava.cat%2Fwp-content%2Fuploads%2F2018%2F03%2FFIESTA-07.jpg\" title=\"Pinterest\"><i class=\"socials-item-icon pinterest\"><\/i><\/a> <a class=\"socials-item\" target=\"_blank\" href=\"https:\/\/www.tumblr.com\/widgets\/share\/tool?canonicalUrl=https%3A%2F%2Fwww.blanescostabrava.cat%2Fde%2Fpf%2Fprozession-der-heiligen-dreikonige%2F\" title=\"Tumblr\"><i class=\"socials-item-icon tumblr\"><\/i><\/a> <a class=\"socials-item\" target=\"_blank\" href=\"https:\/\/www.linkedin.com\/shareArticle?mini=true&#038;url=https%3A%2F%2Fwww.blanescostabrava.cat%2Fde%2Fpf%2Fprozession-der-heiligen-dreikonige%2F&#038;title=Prozession+der+heiligen+Dreik%C3%B6nige&amp;summary=Wie+sollten+die+Heiligen+Drei+K%C3%B6nige+anreisen%2C+wenn+nicht+auf+dem+Seeweg%3F+In+Blanes+kommt+die+gute+Nachricht+aus+dem+Mittelmeer+und+jedes+Jahr+beginnt+die+Parade+mit+der+Ankunft+eines+Schiffes+voller+Magie%2C+das+von+einer+Vielzahl+von+Kindern%2C+die+unsere+Stadt+w%C3%A4hlen%2C+um+eine+so+besondere+Tradition+wie+diese+zu+leben%2C+vom+Land+aus+sehns%C3%BCchtig+erwartet+wird.\" title=\"LinkedIn\"><i class=\"socials-item-icon linkedin\"><\/i><\/a> <a class=\"socials-item\" target=\"_blank\" href=\"https:\/\/www.reddit.com\/submit?url=https%3A%2F%2Fwww.blanescostabrava.cat%2Fde%2Fpf%2Fprozession-der-heiligen-dreikonige%2F&#038;title=Prozession+der+heiligen+Dreik%C3%B6nige\" title=\"Reddit\"><i class=\"socials-item-icon reddit\"><\/i><\/a> <\/div> <\/div> <\/div> <div class=\"caption\"> <div class=\"title title-h4\"> Prozession der heiligen Dreik\u00f6nige <\/span> <\/div> <div class=\"description\"> <div class=\"subtitle\"><p>Wie sollten die Heiligen Drei K\u00f6nige anreisen, wenn nicht auf dem Seeweg? In Blanes kommt die gute Nachricht aus dem Mittelmeer und jedes Jahr beginnt die Parade mit der Ankunft eines Schiffes voller Magie, das von einer Vielzahl von Kindern, die unsere Stadt w\u00e4hlen, um eine so besondere Tradition wie diese zu leben, vom Land aus sehns\u00fcchtig erwartet wird.<\/p>\n<\/div> <\/div> <\/div> <\/div> <\/div> <\/div> <\/div> <\/div> <\/div> <\/div><!-- .portflio-set --> <div class=\"portfolio-item-size-container\"> <div class=\"portfolio-item item-animations-not-inited post-66841 thegem_pf_item type-thegem_pf_item status-publish has-post-thumbnail\"> <\/div> <\/div> <\/div><!-- .row--> <\/div><!-- .full-width --> <\/div><!-- .portfolio--> <\/div><!-- .portfolio-preloader-wrapper-->[\/vc_tta_section][vc_tta_section title=&#8220;Str\u00e4nde und Buchten&#8220; tab_id=&#8220;platges&#8220;]<style>.portfolio.portfolio-grid#style-65a21cc .portfolio-item:not(.size-item), .preloader#style-preloader-65a21cc .portfolio-item { padding: calc(42px\/2) !important; }.portfolio.portfolio-grid#style-65a21cc .portfolio-item.size-item { padding: 0 calc(42px\/2) !important; }.portfolio.portfolio-grid#style-65a21cc .portfolio-row, .preloader#style-preloader-65a21cc .skeleton-posts.portfolio-row { margin: calc(-42px\/2); }.portfolio.portfolio-grid#style-65a21cc.fullwidth-columns .portfolio-row { margin: calc(-42px\/2) 0; }.portfolio.portfolio-grid#style-65a21cc .fullwidth-block:not(.no-paddings) { padding-left: 42px; padding-right: 42px; }.portfolio.portfolio-grid#style-65a21cc .fullwidth-block .portfolio-row { padding-left: calc(42px\/2); padding-right: calc(42px\/2); }.portfolio.portfolio-grid#style-65a21cc .fullwidth-block .portfolio-top-panel { padding-left: 42px; padding-right: 42px; }.portfolio.portfolio-grid#style-65a21cc.fullwidth-columns .with-filter-sidebar .filter-sidebar { padding-left: 42px; }.portfolio.portfolio-grid#style-65a21cc .portfolio-item .caption .title span { letter-spacing: px !important; }<\/style><style>.portfolio.portfolio-grid#style-65a21cc .portfolio-filters { text-align: center; }<\/style><div id=\"style-preloader-65a21cc\" class=\"preloader save-space\"><div class=\"preloader-spin\"><\/div><\/div> <div class=\"portfolio-preloader-wrapper panel-sidebar-position-left\"> <div class=\"portfolio portfolio-grid extended-portfolio-grid no-padding portfolio-pagination-scroll portfolio-style-justified background-style-white title-style-light hover-circular title-on-page hover-elements-size-default version-default caption-position-page columns-4 columns-tablet-2 columns-mobile-1 next-page-preloading \" id=\"style-65a21cc\" data-style-uid=\"65a21cc\" data-portfolio-uid=\"grid_9c5d6fb\" data-current-page=\"1\" data-per-page=\"8\" data-next-page=\"0\" data-pages-count=\"1\" data-hover=\"circular\" data-portfolio-filter=\"[]\" data-portfolio-filter-attributes=\"null\" data-portfolio-filter-search=\"\"> <div class=\"portfolio-row-outer \"> <div class=\"portfolio-top-panel selected-only\"> <div class=\"portfolio-filter-item portfolio-selected-filters left\"> <div class=\"portfolio-selected-filter-item clear-filters\"> Clear Filters\t<\/div> <\/div> <\/div> <div class=\"row portfolio-row\"> <div class=\"portfolio-set clearfix\" data-max-row-height=\"280\"> <div class=\"portfolio-item strande-und-buchten item-animations-not-inited post-66847 thegem_pf_item type-thegem_pf_item status-publish has-post-thumbnail\" style=\"padding: 21px;\" data-default-sort=\"0\" data-sort-date=\"1563796685\"> <div class=\"wrap clearfix\" style=\"border-bottom-color: \"> <div class=\"image post-66847 thegem_pf_item type-thegem_pf_item status-publish has-post-thumbnail\"> <div class=\"image-inner\"> <picture> <img src=\"https:\/\/www.blanescostabrava.cat\/wp-content\/uploads\/2018\/03\/3-thegem-portfolio-justified.jpg\" width=\"844\" height=\"620\" class=\"attachment-thegem-portfolio-justified\" alt=\"Cala Sant Francesc \/ Cala Bona\" \/> <\/picture> <\/div> <div class=\"overlay\"> <div class=\"overlay-circle\"><\/div> <div class=\"links-wrapper\"> <div class=\"links\"> <div class=\"portfolio-icons\"> <a href=\"https:\/\/www.blanescostabrava.cat\/de\/pf\/cala-sant-francesc-cala-bona\/\" target=\"_self\" class=\"icon self-link \"><\/a> <a href=\"javascript: void(0);\" class=\"icon share\"><\/a> <div class=\"overlay-line\"><\/div> <div class=\"portfolio-sharing-pane\"> <div class=\"socials-sharing socials socials-colored-hover\"> <a class=\"socials-item\" target=\"_blank\" href=\"https:\/\/www.facebook.com\/sharer\/sharer.php?u=https%3A%2F%2Fwww.blanescostabrava.cat%2Fde%2Fpf%2Fcala-sant-francesc-cala-bona%2F\" title=\"Facebook\"><i class=\"socials-item-icon facebook\"><\/i><\/a> <a class=\"socials-item\" target=\"_blank\" href=\"https:\/\/twitter.com\/intent\/tweet?text=Cala+Sant+Francesc+%2F+Cala+Bona&#038;url=https%3A%2F%2Fwww.blanescostabrava.cat%2Fde%2Fpf%2Fcala-sant-francesc-cala-bona%2F\" title=\"Twitter\"><i class=\"socials-item-icon twitter\"><\/i><\/a> <a class=\"socials-item\" target=\"_blank\" href=\"https:\/\/pinterest.com\/pin\/create\/button\/?url=https%3A%2F%2Fwww.blanescostabrava.cat%2Fde%2Fpf%2Fcala-sant-francesc-cala-bona%2F&#038;description=Cala+Sant+Francesc+%2F+Cala+Bona&#038;media=https%3A%2F%2Fwww.blanescostabrava.cat%2Fwp-content%2Fuploads%2F2018%2F03%2F3-thegem-blog-timeline-large.jpg\" title=\"Pinterest\"><i class=\"socials-item-icon pinterest\"><\/i><\/a> <a class=\"socials-item\" target=\"_blank\" href=\"https:\/\/www.tumblr.com\/widgets\/share\/tool?canonicalUrl=https%3A%2F%2Fwww.blanescostabrava.cat%2Fde%2Fpf%2Fcala-sant-francesc-cala-bona%2F\" title=\"Tumblr\"><i class=\"socials-item-icon tumblr\"><\/i><\/a> <a class=\"socials-item\" target=\"_blank\" href=\"https:\/\/www.linkedin.com\/shareArticle?mini=true&#038;url=https%3A%2F%2Fwww.blanescostabrava.cat%2Fde%2Fpf%2Fcala-sant-francesc-cala-bona%2F&#038;title=Cala+Sant+Francesc+%2F+Cala+Bona&amp;summary=%5Bvc_row+full_width%3D%26%238220%3Bstretch_row%26%238220%3B+css%3D%26%238220%3B.vc_custom_1521931087644%7Bbackground-image%3A+url%28https%3A%2F%2Fwww.blanescostabrava.cat%2Fwp-content%2Fuploads%2F2018%2F03%2F3.jpg%3Fid%3D32552%29+%21important%3B%7D%26%238220%3B+el_class%3D%26%238220%3Bcabecera-pagina-interna+cabecera-ficha%26%238220%3B%5D%5Bvc_column%5D%5Bvc_column_text%5D+Cala+Sant+Francesc+%2F+Cala+Bona+%5B%2Fvc_column_text%5D%5B%2Fvc_column%5D%5B%2Fvc_row%5D%5Bvc_row%5D%5Bvc_column%5D%5Bvc_column_text+el_class%3D%26%238220%3Btextos-ficha-interna%26%238220%3B%5DAuch+bekannt+als+die+Cala+Bona%2C...\" title=\"LinkedIn\"><i class=\"socials-item-icon linkedin\"><\/i><\/a> <a class=\"socials-item\" target=\"_blank\" href=\"https:\/\/www.reddit.com\/submit?url=https%3A%2F%2Fwww.blanescostabrava.cat%2Fde%2Fpf%2Fcala-sant-francesc-cala-bona%2F&#038;title=Cala+Sant+Francesc+%2F+Cala+Bona\" title=\"Reddit\"><i class=\"socials-item-icon reddit\"><\/i><\/a> <\/div> <\/div> <\/div> <div class=\"caption\"> <div class=\"title title-h4\"> Cala Sant Francesc \/ Cala Bona <\/span> <\/div> <div class=\"description\"> <\/div> <\/div> <\/div> <\/div> <\/div> <\/div> <\/div> <\/div> <div class=\"portfolio-item strande-und-buchten item-animations-not-inited post-66850 thegem_pf_item type-thegem_pf_item status-publish has-post-thumbnail\" style=\"padding: 21px;\" data-default-sort=\"0\" data-sort-date=\"1563796686\"> <div class=\"wrap clearfix\" style=\"border-bottom-color: \"> <div class=\"image post-66850 thegem_pf_item type-thegem_pf_item status-publish has-post-thumbnail\"> <div class=\"image-inner\"> <picture> <img src=\"https:\/\/www.blanescostabrava.cat\/wp-content\/uploads\/2018\/03\/24-thegem-portfolio-justified.jpg\" width=\"844\" height=\"620\" class=\"attachment-thegem-portfolio-justified\" alt=\"Cala Treumal\" \/> <\/picture> <\/div> <div class=\"overlay\"> <div class=\"overlay-circle\"><\/div> <div class=\"links-wrapper\"> <div class=\"links\"> <div class=\"portfolio-icons\"> <a href=\"https:\/\/www.blanescostabrava.cat\/de\/pf\/cala-treumal\/\" target=\"_self\" class=\"icon self-link \"><\/a> <a href=\"javascript: void(0);\" class=\"icon share\"><\/a> <div class=\"overlay-line\"><\/div> <div class=\"portfolio-sharing-pane\"> <div class=\"socials-sharing socials socials-colored-hover\"> <a class=\"socials-item\" target=\"_blank\" href=\"https:\/\/www.facebook.com\/sharer\/sharer.php?u=https%3A%2F%2Fwww.blanescostabrava.cat%2Fde%2Fpf%2Fcala-treumal%2F\" title=\"Facebook\"><i class=\"socials-item-icon facebook\"><\/i><\/a> <a class=\"socials-item\" target=\"_blank\" href=\"https:\/\/twitter.com\/intent\/tweet?text=Cala+Treumal&#038;url=https%3A%2F%2Fwww.blanescostabrava.cat%2Fde%2Fpf%2Fcala-treumal%2F\" title=\"Twitter\"><i class=\"socials-item-icon twitter\"><\/i><\/a> <a class=\"socials-item\" target=\"_blank\" href=\"https:\/\/pinterest.com\/pin\/create\/button\/?url=https%3A%2F%2Fwww.blanescostabrava.cat%2Fde%2Fpf%2Fcala-treumal%2F&#038;description=Cala+Treumal&#038;media=https%3A%2F%2Fwww.blanescostabrava.cat%2Fwp-content%2Fuploads%2F2018%2F03%2F24-thegem-blog-timeline-large.jpg\" title=\"Pinterest\"><i class=\"socials-item-icon pinterest\"><\/i><\/a> <a class=\"socials-item\" target=\"_blank\" href=\"https:\/\/www.tumblr.com\/widgets\/share\/tool?canonicalUrl=https%3A%2F%2Fwww.blanescostabrava.cat%2Fde%2Fpf%2Fcala-treumal%2F\" title=\"Tumblr\"><i class=\"socials-item-icon tumblr\"><\/i><\/a> <a class=\"socials-item\" target=\"_blank\" href=\"https:\/\/www.linkedin.com\/shareArticle?mini=true&#038;url=https%3A%2F%2Fwww.blanescostabrava.cat%2Fde%2Fpf%2Fcala-treumal%2F&#038;title=Cala+Treumal&amp;summary=%5Bvc_row+full_width%3D%26%238220%3Bstretch_row%26%238220%3B+css%3D%26%238220%3B.vc_custom_1521931181730%7Bbackground-image%3A+url%28https%3A%2F%2Fwww.blanescostabrava.cat%2Fwp-content%2Fuploads%2F2018%2F03%2F24.jpg%3Fid%3D32572%29+%21important%3B%7D%26%238220%3B+el_class%3D%26%238220%3Bcabecera-pagina-interna+cabecera-ficha%26%238220%3B%5D%5Bvc_column%5D%5Bvc_column_text%5D+Cala+Treumal+%5B%2Fvc_column_text%5D%5B%2Fvc_column%5D%5B%2Fvc_row%5D%5Bvc_row%5D%5Bvc_column%5D%5Bvc_column_text+el_class%3D%26%238220%3Btextos-ficha-interna%26%238220%3B%5DDer+n%C3%B6rdlichste+Strand+der+Gemeinde%2C+klein+aber+sehr+authentisch.+Mit...\" title=\"LinkedIn\"><i class=\"socials-item-icon linkedin\"><\/i><\/a> <a class=\"socials-item\" target=\"_blank\" href=\"https:\/\/www.reddit.com\/submit?url=https%3A%2F%2Fwww.blanescostabrava.cat%2Fde%2Fpf%2Fcala-treumal%2F&#038;title=Cala+Treumal\" title=\"Reddit\"><i class=\"socials-item-icon reddit\"><\/i><\/a> <\/div> <\/div> <\/div> <div class=\"caption\"> <div class=\"title title-h4\"> Cala Treumal <\/span> <\/div> <div class=\"description\"> <\/div> <\/div> <\/div> <\/div> <\/div> <\/div> <\/div> <\/div> <div class=\"portfolio-item strande-und-buchten item-animations-not-inited post-66853 thegem_pf_item type-thegem_pf_item status-publish has-post-thumbnail\" style=\"padding: 21px;\" data-default-sort=\"0\" data-sort-date=\"1563796686\"> <div class=\"wrap clearfix\" style=\"border-bottom-color: \"> <div class=\"image post-66853 thegem_pf_item type-thegem_pf_item status-publish has-post-thumbnail\"> <div class=\"image-inner\"> <picture> <img src=\"https:\/\/www.blanescostabrava.cat\/wp-content\/uploads\/2018\/03\/29-thegem-portfolio-justified.jpg\" width=\"844\" height=\"620\" class=\"attachment-thegem-portfolio-justified\" alt=\"Strand von Blanes\" \/> <\/picture> <\/div> <div class=\"overlay\"> <div class=\"overlay-circle\"><\/div> <div class=\"links-wrapper\"> <div class=\"links\"> <div class=\"portfolio-icons\"> <a href=\"https:\/\/www.blanescostabrava.cat\/de\/pf\/strand-von-blanes\/\" target=\"_self\" class=\"icon self-link \"><\/a> <a href=\"javascript: void(0);\" class=\"icon share\"><\/a> <div class=\"overlay-line\"><\/div> <div class=\"portfolio-sharing-pane\"> <div class=\"socials-sharing socials socials-colored-hover\"> <a class=\"socials-item\" target=\"_blank\" href=\"https:\/\/www.facebook.com\/sharer\/sharer.php?u=https%3A%2F%2Fwww.blanescostabrava.cat%2Fde%2Fpf%2Fstrand-von-blanes%2F\" title=\"Facebook\"><i class=\"socials-item-icon facebook\"><\/i><\/a> <a class=\"socials-item\" target=\"_blank\" href=\"https:\/\/twitter.com\/intent\/tweet?text=Strand+von+Blanes&#038;url=https%3A%2F%2Fwww.blanescostabrava.cat%2Fde%2Fpf%2Fstrand-von-blanes%2F\" title=\"Twitter\"><i class=\"socials-item-icon twitter\"><\/i><\/a> <a class=\"socials-item\" target=\"_blank\" href=\"https:\/\/pinterest.com\/pin\/create\/button\/?url=https%3A%2F%2Fwww.blanescostabrava.cat%2Fde%2Fpf%2Fstrand-von-blanes%2F&#038;description=Strand+von+Blanes&#038;media=https%3A%2F%2Fwww.blanescostabrava.cat%2Fwp-content%2Fuploads%2F2018%2F03%2F29-thegem-blog-timeline-large.jpg\" title=\"Pinterest\"><i class=\"socials-item-icon pinterest\"><\/i><\/a> <a class=\"socials-item\" target=\"_blank\" href=\"https:\/\/www.tumblr.com\/widgets\/share\/tool?canonicalUrl=https%3A%2F%2Fwww.blanescostabrava.cat%2Fde%2Fpf%2Fstrand-von-blanes%2F\" title=\"Tumblr\"><i class=\"socials-item-icon tumblr\"><\/i><\/a> <a class=\"socials-item\" target=\"_blank\" href=\"https:\/\/www.linkedin.com\/shareArticle?mini=true&#038;url=https%3A%2F%2Fwww.blanescostabrava.cat%2Fde%2Fpf%2Fstrand-von-blanes%2F&#038;title=Strand+von+Blanes&amp;summary=%5Bvc_row+full_width%3D%26%238220%3Bstretch_row%26%238220%3B+css%3D%26%238220%3B.vc_custom_1521931236123%7Bbackground-image%3A+url%28https%3A%2F%2Fwww.blanescostabrava.cat%2Fwp-content%2Fuploads%2F2018%2F03%2F29.jpg%3Fid%3D32577%29+%21important%3B%7D%26%238220%3B+el_class%3D%26%238220%3Bcabecera-pagina-interna+cabecera-ficha%26%238220%3B%5D%5Bvc_column%5D%5Bvc_column_text%5D+Strand+von+Blanes+%5B%2Fvc_column_text%5D%5B%2Fvc_column%5D%5B%2Fvc_row%5D%5Bvc_row%5D%5Bvc_column%5D%5Bvc_column_text+el_class%3D%26%238220%3Btextos-ficha-interna%26%238220%3B%5DIm+Stadtzentrum%2C+neben+dem+Hafen+und+auf+der+rechten...\" title=\"LinkedIn\"><i class=\"socials-item-icon linkedin\"><\/i><\/a> <a class=\"socials-item\" target=\"_blank\" href=\"https:\/\/www.reddit.com\/submit?url=https%3A%2F%2Fwww.blanescostabrava.cat%2Fde%2Fpf%2Fstrand-von-blanes%2F&#038;title=Strand+von+Blanes\" title=\"Reddit\"><i class=\"socials-item-icon reddit\"><\/i><\/a> <\/div> <\/div> <\/div> <div class=\"caption\"> <div class=\"title title-h4\"> Strand von Blanes <\/span> <\/div> <div class=\"description\"> <\/div> <\/div> <\/div> <\/div> <\/div> <\/div> <\/div> <\/div> <div class=\"portfolio-item strande-und-buchten item-animations-not-inited post-66856 thegem_pf_item type-thegem_pf_item status-publish has-post-thumbnail\" style=\"padding: 21px;\" data-default-sort=\"0\" data-sort-date=\"1563796687\"> <div class=\"wrap clearfix\" style=\"border-bottom-color: \"> <div class=\"image post-66856 thegem_pf_item type-thegem_pf_item status-publish has-post-thumbnail\"> <div class=\"image-inner\"> <picture> <img src=\"https:\/\/www.blanescostabrava.cat\/wp-content\/uploads\/2018\/03\/26-thegem-portfolio-justified.jpg\" width=\"844\" height=\"620\" class=\"attachment-thegem-portfolio-justified\" alt=\"Punta de Santa Anna\" \/> <\/picture> <\/div> <div class=\"overlay\"> <div class=\"overlay-circle\"><\/div> <div class=\"links-wrapper\"> <div class=\"links\"> <div class=\"portfolio-icons\"> <a href=\"https:\/\/www.blanescostabrava.cat\/de\/pf\/punta-de-santa-anna\/\" target=\"_self\" class=\"icon self-link \"><\/a> <a href=\"javascript: void(0);\" class=\"icon share\"><\/a> <div class=\"overlay-line\"><\/div> <div class=\"portfolio-sharing-pane\"> <div class=\"socials-sharing socials socials-colored-hover\"> <a class=\"socials-item\" target=\"_blank\" href=\"https:\/\/www.facebook.com\/sharer\/sharer.php?u=https%3A%2F%2Fwww.blanescostabrava.cat%2Fde%2Fpf%2Fpunta-de-santa-anna%2F\" title=\"Facebook\"><i class=\"socials-item-icon facebook\"><\/i><\/a> <a class=\"socials-item\" target=\"_blank\" href=\"https:\/\/twitter.com\/intent\/tweet?text=Punta+de+Santa+Anna&#038;url=https%3A%2F%2Fwww.blanescostabrava.cat%2Fde%2Fpf%2Fpunta-de-santa-anna%2F\" title=\"Twitter\"><i class=\"socials-item-icon twitter\"><\/i><\/a> <a class=\"socials-item\" target=\"_blank\" href=\"https:\/\/pinterest.com\/pin\/create\/button\/?url=https%3A%2F%2Fwww.blanescostabrava.cat%2Fde%2Fpf%2Fpunta-de-santa-anna%2F&#038;description=Punta+de+Santa+Anna&#038;media=https%3A%2F%2Fwww.blanescostabrava.cat%2Fwp-content%2Fuploads%2F2018%2F03%2F26-thegem-blog-timeline-large.jpg\" title=\"Pinterest\"><i class=\"socials-item-icon pinterest\"><\/i><\/a> <a class=\"socials-item\" target=\"_blank\" href=\"https:\/\/www.tumblr.com\/widgets\/share\/tool?canonicalUrl=https%3A%2F%2Fwww.blanescostabrava.cat%2Fde%2Fpf%2Fpunta-de-santa-anna%2F\" title=\"Tumblr\"><i class=\"socials-item-icon tumblr\"><\/i><\/a> <a class=\"socials-item\" target=\"_blank\" href=\"https:\/\/www.linkedin.com\/shareArticle?mini=true&#038;url=https%3A%2F%2Fwww.blanescostabrava.cat%2Fde%2Fpf%2Fpunta-de-santa-anna%2F&#038;title=Punta+de+Santa+Anna&amp;summary=%5Bvc_row+full_width%3D%26%238220%3Bstretch_row%26%238220%3B+css%3D%26%238220%3B.vc_custom_1521931295821%7Bbackground-image%3A+url%28https%3A%2F%2Fwww.blanescostabrava.cat%2Fwp-content%2Fuploads%2F2018%2F03%2F26.jpg%3Fid%3D32574%29+%21important%3B%7D%26%238220%3B+el_class%3D%26%238220%3Bcabecera-pagina-interna+cabecera-ficha%26%238220%3B%5D%5Bvc_column%5D%5Bvc_column_text%5D+Punta+de+Santa+Anna+%5B%2Fvc_column_text%5D%5B%2Fvc_column%5D%5B%2Fvc_row%5D%5Bvc_row%5D%5Bvc_column%5D%5Bvc_column_text+el_class%3D%26%238220%3Btextos-ficha-interna%26%238220%3B%5DDies+ist+ein+kleiner+Kiesstrand+der+am+Ende...\" title=\"LinkedIn\"><i class=\"socials-item-icon linkedin\"><\/i><\/a> <a class=\"socials-item\" target=\"_blank\" href=\"https:\/\/www.reddit.com\/submit?url=https%3A%2F%2Fwww.blanescostabrava.cat%2Fde%2Fpf%2Fpunta-de-santa-anna%2F&#038;title=Punta+de+Santa+Anna\" title=\"Reddit\"><i class=\"socials-item-icon reddit\"><\/i><\/a> <\/div> <\/div> <\/div> <div class=\"caption\"> <div class=\"title title-h4\"> Punta de Santa Anna <\/span> <\/div> <div class=\"description\"> <\/div> <\/div> <\/div> <\/div> <\/div> <\/div> <\/div> <\/div> <div class=\"portfolio-item strande-und-buchten item-animations-not-inited post-66859 thegem_pf_item type-thegem_pf_item status-publish has-post-thumbnail\" style=\"padding: 21px;\" data-default-sort=\"0\" data-sort-date=\"1563796688\"> <div class=\"wrap clearfix\" style=\"border-bottom-color: \"> <div class=\"image post-66859 thegem_pf_item type-thegem_pf_item status-publish has-post-thumbnail\"> <div class=\"image-inner\"> <picture> <img src=\"https:\/\/www.blanescostabrava.cat\/wp-content\/uploads\/2018\/03\/23-thegem-portfolio-justified.jpg\" width=\"844\" height=\"620\" class=\"attachment-thegem-portfolio-justified\" alt=\"S&#8217;Abanell\" \/> <\/picture> <\/div> <div class=\"overlay\"> <div class=\"overlay-circle\"><\/div> <div class=\"links-wrapper\"> <div class=\"links\"> <div class=\"portfolio-icons\"> <a href=\"https:\/\/www.blanescostabrava.cat\/de\/pf\/sabanell\/\" target=\"_self\" class=\"icon self-link \"><\/a> <a href=\"javascript: void(0);\" class=\"icon share\"><\/a> <div class=\"overlay-line\"><\/div> <div class=\"portfolio-sharing-pane\"> <div class=\"socials-sharing socials socials-colored-hover\"> <a class=\"socials-item\" target=\"_blank\" href=\"https:\/\/www.facebook.com\/sharer\/sharer.php?u=https%3A%2F%2Fwww.blanescostabrava.cat%2Fde%2Fpf%2Fsabanell%2F\" title=\"Facebook\"><i class=\"socials-item-icon facebook\"><\/i><\/a> <a class=\"socials-item\" target=\"_blank\" href=\"https:\/\/twitter.com\/intent\/tweet?text=S%26%238217%3BAbanell&#038;url=https%3A%2F%2Fwww.blanescostabrava.cat%2Fde%2Fpf%2Fsabanell%2F\" title=\"Twitter\"><i class=\"socials-item-icon twitter\"><\/i><\/a> <a class=\"socials-item\" target=\"_blank\" href=\"https:\/\/pinterest.com\/pin\/create\/button\/?url=https%3A%2F%2Fwww.blanescostabrava.cat%2Fde%2Fpf%2Fsabanell%2F&#038;description=S%26%238217%3BAbanell&#038;media=https%3A%2F%2Fwww.blanescostabrava.cat%2Fwp-content%2Fuploads%2F2018%2F03%2F23-thegem-blog-timeline-large.jpg\" title=\"Pinterest\"><i class=\"socials-item-icon pinterest\"><\/i><\/a> <a class=\"socials-item\" target=\"_blank\" href=\"https:\/\/www.tumblr.com\/widgets\/share\/tool?canonicalUrl=https%3A%2F%2Fwww.blanescostabrava.cat%2Fde%2Fpf%2Fsabanell%2F\" title=\"Tumblr\"><i class=\"socials-item-icon tumblr\"><\/i><\/a> <a class=\"socials-item\" target=\"_blank\" href=\"https:\/\/www.linkedin.com\/shareArticle?mini=true&#038;url=https%3A%2F%2Fwww.blanescostabrava.cat%2Fde%2Fpf%2Fsabanell%2F&#038;title=S%26%238217%3BAbanell&amp;summary=%5Bvc_row+full_width%3D%26%238220%3Bstretch_row%26%238220%3B+css%3D%26%238220%3B.vc_custom_1521931344379%7Bbackground-image%3A+url%28https%3A%2F%2Fwww.blanescostabrava.cat%2Fwp-content%2Fuploads%2F2018%2F03%2F23.jpg%3Fid%3D32571%29+%21important%3B%7D%26%238220%3B+el_class%3D%26%238220%3Bcabecera-pagina-interna+cabecera-ficha%26%238220%3B%5D%5Bvc_column%5D%5Bvc_column_text%5D+S%26%238217%3BAbanell+%5B%2Fvc_column_text%5D%5B%2Fvc_column%5D%5B%2Fvc_row%5D%5Bvc_row%5D%5Bvc_column%5D%5Bvc_column_text+el_class%3D%26%238220%3Btextos-ficha-interna%26%238220%3B%5DDer+gro%C3%9Fe+Strand+von+Blanes%2C+der+sich+auf+der+linken+Seite...\" title=\"LinkedIn\"><i class=\"socials-item-icon linkedin\"><\/i><\/a> <a class=\"socials-item\" target=\"_blank\" href=\"https:\/\/www.reddit.com\/submit?url=https%3A%2F%2Fwww.blanescostabrava.cat%2Fde%2Fpf%2Fsabanell%2F&#038;title=S%26%238217%3BAbanell\" title=\"Reddit\"><i class=\"socials-item-icon reddit\"><\/i><\/a> <\/div> <\/div> <\/div> <div class=\"caption\"> <div class=\"title title-h4\"> S&#8217;Abanell <\/span> <\/div> <div class=\"description\"> <\/div> <\/div> <\/div> <\/div> <\/div> <\/div> <\/div> <\/div> <div class=\"portfolio-item strande-und-buchten item-animations-not-inited post-66862 thegem_pf_item type-thegem_pf_item status-publish has-post-thumbnail\" style=\"padding: 21px;\" data-default-sort=\"0\" data-sort-date=\"1563796688\"> <div class=\"wrap clearfix\" style=\"border-bottom-color: \"> <div class=\"image post-66862 thegem_pf_item type-thegem_pf_item status-publish has-post-thumbnail\"> <div class=\"image-inner\"> <picture> <img src=\"https:\/\/www.blanescostabrava.cat\/wp-content\/uploads\/2018\/03\/27-thegem-portfolio-justified.jpg\" width=\"844\" height=\"620\" class=\"attachment-thegem-portfolio-justified\" alt=\"Strand Sa Palomera\" \/> <\/picture> <\/div> <div class=\"overlay\"> <div class=\"overlay-circle\"><\/div> <div class=\"links-wrapper\"> <div class=\"links\"> <div class=\"portfolio-icons\"> <a href=\"https:\/\/www.blanescostabrava.cat\/de\/pf\/strand-sa-palomera\/\" target=\"_self\" class=\"icon self-link \"><\/a> <a href=\"javascript: void(0);\" class=\"icon share\"><\/a> <div class=\"overlay-line\"><\/div> <div class=\"portfolio-sharing-pane\"> <div class=\"socials-sharing socials socials-colored-hover\"> <a class=\"socials-item\" target=\"_blank\" href=\"https:\/\/www.facebook.com\/sharer\/sharer.php?u=https%3A%2F%2Fwww.blanescostabrava.cat%2Fde%2Fpf%2Fstrand-sa-palomera%2F\" title=\"Facebook\"><i class=\"socials-item-icon facebook\"><\/i><\/a> <a class=\"socials-item\" target=\"_blank\" href=\"https:\/\/twitter.com\/intent\/tweet?text=Strand+Sa+Palomera&#038;url=https%3A%2F%2Fwww.blanescostabrava.cat%2Fde%2Fpf%2Fstrand-sa-palomera%2F\" title=\"Twitter\"><i class=\"socials-item-icon twitter\"><\/i><\/a> <a class=\"socials-item\" target=\"_blank\" href=\"https:\/\/pinterest.com\/pin\/create\/button\/?url=https%3A%2F%2Fwww.blanescostabrava.cat%2Fde%2Fpf%2Fstrand-sa-palomera%2F&#038;description=Strand+Sa+Palomera&#038;media=https%3A%2F%2Fwww.blanescostabrava.cat%2Fwp-content%2Fuploads%2F2018%2F03%2F27-thegem-blog-timeline-large.jpg\" title=\"Pinterest\"><i class=\"socials-item-icon pinterest\"><\/i><\/a> <a class=\"socials-item\" target=\"_blank\" href=\"https:\/\/www.tumblr.com\/widgets\/share\/tool?canonicalUrl=https%3A%2F%2Fwww.blanescostabrava.cat%2Fde%2Fpf%2Fstrand-sa-palomera%2F\" title=\"Tumblr\"><i class=\"socials-item-icon tumblr\"><\/i><\/a> <a class=\"socials-item\" target=\"_blank\" href=\"https:\/\/www.linkedin.com\/shareArticle?mini=true&#038;url=https%3A%2F%2Fwww.blanescostabrava.cat%2Fde%2Fpf%2Fstrand-sa-palomera%2F&#038;title=Strand+Sa+Palomera&amp;summary=%5Bvc_row+full_width%3D%26%238220%3Bstretch_row%26%238220%3B+css%3D%26%238220%3B.vc_custom_1521931391603%7Bbackground-image%3A+url%28https%3A%2F%2Fwww.blanescostabrava.cat%2Fwp-content%2Fuploads%2F2018%2F03%2F27.jpg%3Fid%3D32575%29+%21important%3B%7D%26%238220%3B+el_class%3D%26%238220%3Bcabecera-pagina-interna+cabecera-ficha%26%238220%3B%5D%5Bvc_column%5D%5Bvc_column_text%5D+Sa+Palomera+%5B%2Fvc_column_text%5D%5B%2Fvc_column%5D%5B%2Fvc_row%5D%5Bvc_row%5D%5Bvc_column%5D%5Bvc_column_text+el_class%3D%26%238220%3Btextos-ficha-interna%26%238220%3B%5DZwischen+den+Str%C3%A4nden+von+Blanes+und+S%26%238217%3BAbanell+befindet+sich+dieses...\" title=\"LinkedIn\"><i class=\"socials-item-icon linkedin\"><\/i><\/a> <a class=\"socials-item\" target=\"_blank\" href=\"https:\/\/www.reddit.com\/submit?url=https%3A%2F%2Fwww.blanescostabrava.cat%2Fde%2Fpf%2Fstrand-sa-palomera%2F&#038;title=Strand+Sa+Palomera\" title=\"Reddit\"><i class=\"socials-item-icon reddit\"><\/i><\/a> <\/div> <\/div> <\/div> <div class=\"caption\"> <div class=\"title title-h4\"> Strand Sa Palomera <\/span> <\/div> <div class=\"description\"> <\/div> <\/div> <\/div> <\/div> <\/div> <\/div> <\/div> <\/div> <div class=\"portfolio-item strande-und-buchten item-animations-not-inited post-68875 thegem_pf_item type-thegem_pf_item status-publish has-post-thumbnail\" style=\"padding: 21px;\" data-default-sort=\"0\" data-sort-date=\"1563797111\"> <div class=\"wrap clearfix\" style=\"border-bottom-color: \"> <div class=\"image post-68875 thegem_pf_item type-thegem_pf_item status-publish has-post-thumbnail\"> <div class=\"image-inner\"> <picture> <img src=\"https:\/\/www.blanescostabrava.cat\/wp-content\/uploads\/2018\/03\/forcanera-thegem-portfolio-justified.jpg\" width=\"844\" height=\"630\" class=\"attachment-thegem-portfolio-justified\" alt=\"Cala sa Forcanera und Cala s\u2019Ag\u00fcia\" \/> <\/picture> <\/div> <div class=\"overlay\"> <div class=\"overlay-circle\"><\/div> <div class=\"links-wrapper\"> <div class=\"links\"> <div class=\"portfolio-icons\"> <a href=\"https:\/\/www.blanescostabrava.cat\/de\/pf\/cala-sa-forcanera-und-cala-saguia\/\" target=\"_self\" class=\"icon self-link \"><\/a> <a href=\"javascript: void(0);\" class=\"icon share\"><\/a> <div class=\"overlay-line\"><\/div> <div class=\"portfolio-sharing-pane\"> <div class=\"socials-sharing socials socials-colored-hover\"> <a class=\"socials-item\" target=\"_blank\" href=\"https:\/\/www.facebook.com\/sharer\/sharer.php?u=https%3A%2F%2Fwww.blanescostabrava.cat%2Fde%2Fpf%2Fcala-sa-forcanera-und-cala-saguia%2F\" title=\"Facebook\"><i class=\"socials-item-icon facebook\"><\/i><\/a> <a class=\"socials-item\" target=\"_blank\" href=\"https:\/\/twitter.com\/intent\/tweet?text=Cala+sa+Forcanera+und+Cala+s%E2%80%99Ag%C3%BCia&#038;url=https%3A%2F%2Fwww.blanescostabrava.cat%2Fde%2Fpf%2Fcala-sa-forcanera-und-cala-saguia%2F\" title=\"Twitter\"><i class=\"socials-item-icon twitter\"><\/i><\/a> <a class=\"socials-item\" target=\"_blank\" href=\"https:\/\/pinterest.com\/pin\/create\/button\/?url=https%3A%2F%2Fwww.blanescostabrava.cat%2Fde%2Fpf%2Fcala-sa-forcanera-und-cala-saguia%2F&#038;description=Cala+sa+Forcanera+und+Cala+s%E2%80%99Ag%C3%BCia&#038;media=https%3A%2F%2Fwww.blanescostabrava.cat%2Fwp-content%2Fuploads%2F2018%2F03%2Fforcanera-thegem-blog-timeline-large.jpg\" title=\"Pinterest\"><i class=\"socials-item-icon pinterest\"><\/i><\/a> <a class=\"socials-item\" target=\"_blank\" href=\"https:\/\/www.tumblr.com\/widgets\/share\/tool?canonicalUrl=https%3A%2F%2Fwww.blanescostabrava.cat%2Fde%2Fpf%2Fcala-sa-forcanera-und-cala-saguia%2F\" title=\"Tumblr\"><i class=\"socials-item-icon tumblr\"><\/i><\/a> <a class=\"socials-item\" target=\"_blank\" href=\"https:\/\/www.linkedin.com\/shareArticle?mini=true&#038;url=https%3A%2F%2Fwww.blanescostabrava.cat%2Fde%2Fpf%2Fcala-sa-forcanera-und-cala-saguia%2F&#038;title=Cala+sa+Forcanera+und+Cala+s%E2%80%99Ag%C3%BCia&amp;summary=%5Bvc_row+full_width%3D%26%238220%3Bstretch_row%26%238220%3B+css%3D%26%238220%3B.vc_custom_1522078239924%7Bbackground-image%3A+url%28https%3A%2F%2Fwww.blanescostabrava.cat%2Fwp-content%2Fuploads%2F2018%2F03%2Fforcanera.jpg%3Fid%3D33496%29+%21important%3B%7D%26%238220%3B+el_class%3D%26%238220%3Bcabecera-pagina-interna+cabecera-ficha%26%238220%3B%5D%5Bvc_column%5D%5Bvc_column_text%5D+Cala+sa+Forcanera+und+Cala+s%E2%80%99Ag%C3%BCia+%5B%2Fvc_column_text%5D%5B%2Fvc_column%5D%5B%2Fvc_row%5D%5Bvc_row%5D%5Bvc_column%5D%5Bvc_column_text+el_class%3D%26%238220%3Btextos-ficha-interna%26%238220%3B%5DZwei+kleine+Geheimnisses%2C+zwei+Juwelen+unserer...\" title=\"LinkedIn\"><i class=\"socials-item-icon linkedin\"><\/i><\/a> <a class=\"socials-item\" target=\"_blank\" href=\"https:\/\/www.reddit.com\/submit?url=https%3A%2F%2Fwww.blanescostabrava.cat%2Fde%2Fpf%2Fcala-sa-forcanera-und-cala-saguia%2F&#038;title=Cala+sa+Forcanera+und+Cala+s%E2%80%99Ag%C3%BCia\" title=\"Reddit\"><i class=\"socials-item-icon reddit\"><\/i><\/a> <\/div> <\/div> <\/div> <div class=\"caption\"> <div class=\"title title-h4\"> Cala sa Forcanera und Cala s\u2019Ag\u00fcia <\/span> <\/div> <div class=\"description\"> <\/div> <\/div> <\/div> <\/div> <\/div> <\/div> <\/div> <\/div> <\/div><!-- .portflio-set --> <div class=\"portfolio-item-size-container\"> <div class=\"portfolio-item item-animations-not-inited post-68875 thegem_pf_item type-thegem_pf_item status-publish has-post-thumbnail\"> <\/div> <\/div> <\/div><!-- .row--> <\/div><!-- .full-width --> <\/div><!-- .portfolio--> <\/div><!-- .portfolio-preloader-wrapper-->[\/vc_tta_section][vc_tta_section title=&#8220;Sportkomplex&#8220; tab_id=&#8220;esportiva&#8220;]<style>.portfolio.portfolio-grid#style-d9c153f .portfolio-item:not(.size-item), .preloader#style-preloader-d9c153f .portfolio-item { padding: calc(42px\/2) !important; }.portfolio.portfolio-grid#style-d9c153f .portfolio-item.size-item { padding: 0 calc(42px\/2) !important; }.portfolio.portfolio-grid#style-d9c153f .portfolio-row, .preloader#style-preloader-d9c153f .skeleton-posts.portfolio-row { margin: calc(-42px\/2); }.portfolio.portfolio-grid#style-d9c153f.fullwidth-columns .portfolio-row { margin: calc(-42px\/2) 0; }.portfolio.portfolio-grid#style-d9c153f .fullwidth-block:not(.no-paddings) { padding-left: 42px; padding-right: 42px; }.portfolio.portfolio-grid#style-d9c153f .fullwidth-block .portfolio-row { padding-left: calc(42px\/2); padding-right: calc(42px\/2); }.portfolio.portfolio-grid#style-d9c153f .fullwidth-block .portfolio-top-panel { padding-left: 42px; padding-right: 42px; }.portfolio.portfolio-grid#style-d9c153f.fullwidth-columns .with-filter-sidebar .filter-sidebar { padding-left: 42px; }.portfolio.portfolio-grid#style-d9c153f .portfolio-item .caption .title span { letter-spacing: px !important; }<\/style><style>.portfolio.portfolio-grid#style-d9c153f .portfolio-filters { text-align: center; }<\/style><div id=\"style-preloader-d9c153f\" class=\"preloader save-space\"><div class=\"preloader-spin\"><\/div><\/div> <div class=\"portfolio-preloader-wrapper panel-sidebar-position-left\"> <div class=\"portfolio portfolio-grid extended-portfolio-grid no-padding portfolio-pagination-scroll portfolio-style-justified background-style-white title-style-light hover-circular title-on-page hover-elements-size-default version-default caption-position-page columns-4 columns-tablet-2 columns-mobile-1 next-page-preloading \" id=\"style-d9c153f\" data-style-uid=\"d9c153f\" data-portfolio-uid=\"grid_9c5d6fb\" data-current-page=\"1\" data-per-page=\"8\" data-next-page=\"0\" data-pages-count=\"1\" data-hover=\"circular\" data-portfolio-filter=\"[]\" data-portfolio-filter-attributes=\"null\" data-portfolio-filter-search=\"\"> <div class=\"portfolio-row-outer \"> <div class=\"portfolio-top-panel selected-only\"> <div class=\"portfolio-filter-item portfolio-selected-filters left\"> <div class=\"portfolio-selected-filter-item clear-filters\"> Clear Filters\t<\/div> <\/div> <\/div> <div class=\"row portfolio-row\"> <div class=\"portfolio-set clearfix\" data-max-row-height=\"280\"> <div class=\"portfolio-item sportkomplex item-animations-not-inited post-66865 thegem_pf_item type-thegem_pf_item status-publish has-post-thumbnail\" style=\"padding: 21px;\" data-default-sort=\"0\" data-sort-date=\"1563796689\"> <div class=\"wrap clearfix\" style=\"border-bottom-color: \"> <div class=\"image post-66865 thegem_pf_item type-thegem_pf_item status-publish has-post-thumbnail\"> <div class=\"image-inner\"> <picture> <img src=\"https:\/\/www.blanescostabrava.cat\/wp-content\/uploads\/2018\/03\/12-thegem-portfolio-justified.jpg\" width=\"844\" height=\"620\" class=\"attachment-thegem-portfolio-justified\" alt=\"Sportanlagen\" \/> <\/picture> <\/div> <div class=\"overlay\"> <div class=\"overlay-circle\"><\/div> <div class=\"links-wrapper\"> <div class=\"links\"> <div class=\"portfolio-icons\"> <a href=\"https:\/\/www.blanescostabrava.cat\/de\/pf\/sportanlagen\/\" target=\"_self\" class=\"icon self-link \"><\/a> <a href=\"javascript: void(0);\" class=\"icon share\"><\/a> <div class=\"overlay-line\"><\/div> <div class=\"portfolio-sharing-pane\"> <div class=\"socials-sharing socials socials-colored-hover\"> <a class=\"socials-item\" target=\"_blank\" href=\"https:\/\/www.facebook.com\/sharer\/sharer.php?u=https%3A%2F%2Fwww.blanescostabrava.cat%2Fde%2Fpf%2Fsportanlagen%2F\" title=\"Facebook\"><i class=\"socials-item-icon facebook\"><\/i><\/a> <a class=\"socials-item\" target=\"_blank\" href=\"https:\/\/twitter.com\/intent\/tweet?text=Sportanlagen&#038;url=https%3A%2F%2Fwww.blanescostabrava.cat%2Fde%2Fpf%2Fsportanlagen%2F\" title=\"Twitter\"><i class=\"socials-item-icon twitter\"><\/i><\/a> <a class=\"socials-item\" target=\"_blank\" href=\"https:\/\/pinterest.com\/pin\/create\/button\/?url=https%3A%2F%2Fwww.blanescostabrava.cat%2Fde%2Fpf%2Fsportanlagen%2F&#038;description=Sportanlagen&#038;media=https%3A%2F%2Fwww.blanescostabrava.cat%2Fwp-content%2Fuploads%2F2018%2F03%2F12-thegem-blog-timeline-large.jpg\" title=\"Pinterest\"><i class=\"socials-item-icon pinterest\"><\/i><\/a> <a class=\"socials-item\" target=\"_blank\" href=\"https:\/\/www.tumblr.com\/widgets\/share\/tool?canonicalUrl=https%3A%2F%2Fwww.blanescostabrava.cat%2Fde%2Fpf%2Fsportanlagen%2F\" title=\"Tumblr\"><i class=\"socials-item-icon tumblr\"><\/i><\/a> <a class=\"socials-item\" target=\"_blank\" href=\"https:\/\/www.linkedin.com\/shareArticle?mini=true&#038;url=https%3A%2F%2Fwww.blanescostabrava.cat%2Fde%2Fpf%2Fsportanlagen%2F&#038;title=Sportanlagen&amp;summary=%5Bvc_row+full_width%3D%26%238220%3Bstretch_row%26%238220%3B+css%3D%26%238220%3B.vc_custom_1521931439750%7Bbackground-image%3A+url%28https%3A%2F%2Fwww.blanescostabrava.cat%2Fwp-content%2Fuploads%2F2018%2F03%2F12.jpg%3Fid%3D32560%29+%21important%3B%7D%26%238220%3B+el_class%3D%26%238220%3Bcabecera-pagina-interna+cabecera-ficha%26%238220%3B%5D%5Bvc_column%5D%5Bvc_column_text%5D+Sportanlagen+%5B%2Fvc_column_text%5D%5B%2Fvc_column%5D%5B%2Fvc_row%5D%5Bvc_row%5D%5Bvc_column+width%3D%26%238220%3B2%2F3%26%238243%3B%5D%5Bvc_column_text+el_class%3D%26%238220%3Btextos-ficha-interna%26%238220%3B%5DDAS+JUWEL+UNSERES+MULTISPORT-ANGEBOTES+und+der+Vielseitigkeit+ist+der+Sportkomplex....\" title=\"LinkedIn\"><i class=\"socials-item-icon linkedin\"><\/i><\/a> <a class=\"socials-item\" target=\"_blank\" href=\"https:\/\/www.reddit.com\/submit?url=https%3A%2F%2Fwww.blanescostabrava.cat%2Fde%2Fpf%2Fsportanlagen%2F&#038;title=Sportanlagen\" title=\"Reddit\"><i class=\"socials-item-icon reddit\"><\/i><\/a> <\/div> <\/div> <\/div> <div class=\"caption\"> <div class=\"title title-h4\"> Sportanlagen <\/span> <\/div> <div class=\"description\"> <\/div> <\/div> <\/div> <\/div> <\/div> <\/div> <\/div> <\/div> <\/div><!-- .portflio-set --> <div class=\"portfolio-item-size-container\"> <div class=\"portfolio-item item-animations-not-inited post-66865 thegem_pf_item type-thegem_pf_item status-publish has-post-thumbnail\"> <\/div> <\/div> <\/div><!-- .row--> <\/div><!-- .full-width --> <\/div><!-- .portfolio--> <\/div><!-- .portfolio-preloader-wrapper-->[\/vc_tta_section][vc_tta_section title=&#8220;Aktivsport&#8220; tab_id=&#8220;actius&#8220;]<style>.portfolio.portfolio-grid#style-c03664e .portfolio-item:not(.size-item), .preloader#style-preloader-c03664e .portfolio-item { padding: calc(42px\/2) !important; }.portfolio.portfolio-grid#style-c03664e .portfolio-item.size-item { padding: 0 calc(42px\/2) !important; }.portfolio.portfolio-grid#style-c03664e .portfolio-row, .preloader#style-preloader-c03664e .skeleton-posts.portfolio-row { margin: calc(-42px\/2); }.portfolio.portfolio-grid#style-c03664e.fullwidth-columns .portfolio-row { margin: calc(-42px\/2) 0; }.portfolio.portfolio-grid#style-c03664e .fullwidth-block:not(.no-paddings) { padding-left: 42px; padding-right: 42px; }.portfolio.portfolio-grid#style-c03664e .fullwidth-block .portfolio-row { padding-left: calc(42px\/2); padding-right: calc(42px\/2); }.portfolio.portfolio-grid#style-c03664e .fullwidth-block .portfolio-top-panel { padding-left: 42px; padding-right: 42px; }.portfolio.portfolio-grid#style-c03664e.fullwidth-columns .with-filter-sidebar .filter-sidebar { padding-left: 42px; }.portfolio.portfolio-grid#style-c03664e .portfolio-item .caption .title span { letter-spacing: px !important; }<\/style><style>.portfolio.portfolio-grid#style-c03664e .portfolio-filters { text-align: center; }<\/style><div id=\"style-preloader-c03664e\" class=\"preloader save-space\"><div class=\"preloader-spin\"><\/div><\/div> <div class=\"portfolio-preloader-wrapper panel-sidebar-position-left\"> <div class=\"portfolio portfolio-grid extended-portfolio-grid no-padding portfolio-pagination-scroll portfolio-style-justified background-style-white title-style-light hover-circular title-on-page hover-elements-size-default version-default caption-position-page columns-4 columns-tablet-2 columns-mobile-1 next-page-preloading \" id=\"style-c03664e\" data-style-uid=\"c03664e\" data-portfolio-uid=\"grid_9c5d6fb\" data-current-page=\"1\" data-per-page=\"8\" data-next-page=\"0\" data-pages-count=\"1\" data-hover=\"circular\" data-portfolio-filter=\"[]\" data-portfolio-filter-attributes=\"null\" data-portfolio-filter-search=\"\"> <div class=\"portfolio-row-outer \"> <div class=\"portfolio-top-panel selected-only\"> <div class=\"portfolio-filter-item portfolio-selected-filters left\"> <div class=\"portfolio-selected-filter-item clear-filters\"> Clear Filters\t<\/div> <\/div> <\/div> <div class=\"row portfolio-row\"> <div class=\"portfolio-set clearfix\" data-max-row-height=\"280\"> <div class=\"portfolio-item aktivsport item-animations-not-inited post-68881 thegem_pf_item type-thegem_pf_item status-publish has-post-thumbnail\" style=\"padding: 21px;\" data-default-sort=\"0\" data-sort-date=\"1563797112\"> <div class=\"wrap clearfix\" style=\"border-bottom-color: \"> <div class=\"image post-68881 thegem_pf_item type-thegem_pf_item status-publish has-post-thumbnail\"> <div class=\"image-inner\"> <picture> <img src=\"https:\/\/www.blanescostabrava.cat\/wp-content\/uploads\/2018\/03\/rutes-thegem-portfolio-justified.jpg\" width=\"844\" height=\"630\" class=\"attachment-thegem-portfolio-justified\" alt=\"Wander- und BTT-Routen\" \/> <\/picture> <\/div> <div class=\"overlay\"> <div class=\"overlay-circle\"><\/div> <div class=\"links-wrapper\"> <div class=\"links\"> <div class=\"portfolio-icons\"> <a href=\"https:\/\/www.blanescostabrava.cat\/de\/pf\/wander-und-btt-routen\/\" target=\"_self\" class=\"icon self-link \"><\/a> <a href=\"javascript: void(0);\" class=\"icon share\"><\/a> <div class=\"overlay-line\"><\/div> <div class=\"portfolio-sharing-pane\"> <div class=\"socials-sharing socials socials-colored-hover\"> <a class=\"socials-item\" target=\"_blank\" href=\"https:\/\/www.facebook.com\/sharer\/sharer.php?u=https%3A%2F%2Fwww.blanescostabrava.cat%2Fde%2Fpf%2Fwander-und-btt-routen%2F\" title=\"Facebook\"><i class=\"socials-item-icon facebook\"><\/i><\/a> <a class=\"socials-item\" target=\"_blank\" href=\"https:\/\/twitter.com\/intent\/tweet?text=Wander-+und+BTT-Routen&#038;url=https%3A%2F%2Fwww.blanescostabrava.cat%2Fde%2Fpf%2Fwander-und-btt-routen%2F\" title=\"Twitter\"><i class=\"socials-item-icon twitter\"><\/i><\/a> <a class=\"socials-item\" target=\"_blank\" href=\"https:\/\/pinterest.com\/pin\/create\/button\/?url=https%3A%2F%2Fwww.blanescostabrava.cat%2Fde%2Fpf%2Fwander-und-btt-routen%2F&#038;description=Wander-+und+BTT-Routen&#038;media=https%3A%2F%2Fwww.blanescostabrava.cat%2Fwp-content%2Fuploads%2F2018%2F03%2Frutes-thegem-blog-timeline-large.jpg\" title=\"Pinterest\"><i class=\"socials-item-icon pinterest\"><\/i><\/a> <a class=\"socials-item\" target=\"_blank\" href=\"https:\/\/www.tumblr.com\/widgets\/share\/tool?canonicalUrl=https%3A%2F%2Fwww.blanescostabrava.cat%2Fde%2Fpf%2Fwander-und-btt-routen%2F\" title=\"Tumblr\"><i class=\"socials-item-icon tumblr\"><\/i><\/a> <a class=\"socials-item\" target=\"_blank\" href=\"https:\/\/www.linkedin.com\/shareArticle?mini=true&#038;url=https%3A%2F%2Fwww.blanescostabrava.cat%2Fde%2Fpf%2Fwander-und-btt-routen%2F&#038;title=Wander-+und+BTT-Routen&amp;summary=%5Bvc_row+full_width%3D%26%238220%3Bstretch_row%26%238220%3B+css%3D%26%238220%3B.vc_custom_1523896526104%7Bbackground-image%3A+url%28https%3A%2F%2Fwww.blanescostabrava.cat%2Fwp-content%2Fuploads%2F2018%2F03%2FBTT-28.jpg%3Fid%3D34873%29+%21important%3Bbackground-position%3A+center+%21important%3Bbackground-repeat%3A+no-repeat+%21important%3Bbackground-size%3A+cover+%21important%3B%7D%26%238220%3B+el_class%3D%26%238220%3Bcabecera-pagina-interna+cabecera-ficha%26%238220%3B%5D%5Bvc_column%5D%5Bvc_column_text%5D+Wander-+und+BTT-Routen+%5B%2Fvc_column_text%5D%5B%2Fvc_column%5D%5B%2Fvc_row%5D%5Bvc_row%5D%5Bvc_column%5D%5Bvc_column_text+el_class%3D%26%238220%3Btextos-ficha-interna%26%238220%3B%5DSie+k%C3%B6nnen+Karten...\" title=\"LinkedIn\"><i class=\"socials-item-icon linkedin\"><\/i><\/a> <a class=\"socials-item\" target=\"_blank\" href=\"https:\/\/www.reddit.com\/submit?url=https%3A%2F%2Fwww.blanescostabrava.cat%2Fde%2Fpf%2Fwander-und-btt-routen%2F&#038;title=Wander-+und+BTT-Routen\" title=\"Reddit\"><i class=\"socials-item-icon reddit\"><\/i><\/a> <\/div> <\/div> <\/div> <div class=\"caption\"> <div class=\"title title-h4\"> Wander- und BTT-Routen <\/span> <\/div> <div class=\"description\"> <\/div> <\/div> <\/div> <\/div> <\/div> <\/div> <\/div> <\/div> <div class=\"portfolio-item aktivsport item-animations-not-inited post-68884 thegem_pf_item type-thegem_pf_item status-publish has-post-thumbnail\" style=\"padding: 21px;\" data-default-sort=\"0\" data-sort-date=\"1563797113\"> <div class=\"wrap clearfix\" style=\"border-bottom-color: \"> <div class=\"image post-68884 thegem_pf_item type-thegem_pf_item status-publish has-post-thumbnail\"> <div class=\"image-inner\"> <picture> <img src=\"https:\/\/www.blanescostabrava.cat\/wp-content\/uploads\/2018\/03\/cicloturisme-thegem-portfolio-justified.jpg\" width=\"844\" height=\"630\" class=\"attachment-thegem-portfolio-justified\" alt=\"Radsport\" \/> <\/picture> <\/div> <div class=\"overlay\"> <div class=\"overlay-circle\"><\/div> <div class=\"links-wrapper\"> <div class=\"links\"> <div class=\"portfolio-icons\"> <a href=\"https:\/\/www.blanescostabrava.cat\/de\/pf\/radsport\/\" target=\"_self\" class=\"icon self-link \"><\/a> <a href=\"javascript: void(0);\" class=\"icon share\"><\/a> <div class=\"overlay-line\"><\/div> <div class=\"portfolio-sharing-pane\"> <div class=\"socials-sharing socials socials-colored-hover\"> <a class=\"socials-item\" target=\"_blank\" href=\"https:\/\/www.facebook.com\/sharer\/sharer.php?u=https%3A%2F%2Fwww.blanescostabrava.cat%2Fde%2Fpf%2Fradsport%2F\" title=\"Facebook\"><i class=\"socials-item-icon facebook\"><\/i><\/a> <a class=\"socials-item\" target=\"_blank\" href=\"https:\/\/twitter.com\/intent\/tweet?text=Radsport&#038;url=https%3A%2F%2Fwww.blanescostabrava.cat%2Fde%2Fpf%2Fradsport%2F\" title=\"Twitter\"><i class=\"socials-item-icon twitter\"><\/i><\/a> <a class=\"socials-item\" target=\"_blank\" href=\"https:\/\/pinterest.com\/pin\/create\/button\/?url=https%3A%2F%2Fwww.blanescostabrava.cat%2Fde%2Fpf%2Fradsport%2F&#038;description=Radsport&#038;media=https%3A%2F%2Fwww.blanescostabrava.cat%2Fwp-content%2Fuploads%2F2018%2F03%2Fcicloturisme-thegem-blog-timeline-large.jpg\" title=\"Pinterest\"><i class=\"socials-item-icon pinterest\"><\/i><\/a> <a class=\"socials-item\" target=\"_blank\" href=\"https:\/\/www.tumblr.com\/widgets\/share\/tool?canonicalUrl=https%3A%2F%2Fwww.blanescostabrava.cat%2Fde%2Fpf%2Fradsport%2F\" title=\"Tumblr\"><i class=\"socials-item-icon tumblr\"><\/i><\/a> <a class=\"socials-item\" target=\"_blank\" href=\"https:\/\/www.linkedin.com\/shareArticle?mini=true&#038;url=https%3A%2F%2Fwww.blanescostabrava.cat%2Fde%2Fpf%2Fradsport%2F&#038;title=Radsport&amp;summary=%5Bvc_row+full_width%3D%26%238220%3Bstretch_row%26%238220%3B+css%3D%26%238220%3B.vc_custom_1522088007505%7Bbackground-image%3A+url%28https%3A%2F%2Fwww.blanescostabrava.cat%2Fwp-content%2Fuploads%2F2018%2F03%2Fcicloturisme.jpg%3Fid%3D33557%29+%21important%3B%7D%26%238220%3B+el_class%3D%26%238220%3Bcabecera-pagina-interna+cabecera-ficha%26%238220%3B%5D%5Bvc_column%5D%5Bvc_column_text%5D+Radsport+%5B%2Fvc_column_text%5D%5B%2Fvc_column%5D%5B%2Fvc_row%5D%5Bvc_row%5D%5Bvc_column%5D%5Bvc_column_text+el_class%3D%26%238220%3Btextos-ficha-interna%26%238220%3B%5D+Radsport+%5B%2Fvc_column_text%5D%5B%2Fvc_column%5D%5B%2Fvc_row%5D%5Bvc_row%5D%5Bvc_column%5D%5Bvc_column_text+el_class%3D%26%238220%3Btextos-ficha-interna%26%238220%3B%5D+Radtourismus+in+der+Umgebung+%5B%2Fvc_column_text%5D%5B%2Fvc_column%5D%5B%2Fvc_row%5D\" title=\"LinkedIn\"><i class=\"socials-item-icon linkedin\"><\/i><\/a> <a class=\"socials-item\" target=\"_blank\" href=\"https:\/\/www.reddit.com\/submit?url=https%3A%2F%2Fwww.blanescostabrava.cat%2Fde%2Fpf%2Fradsport%2F&#038;title=Radsport\" title=\"Reddit\"><i class=\"socials-item-icon reddit\"><\/i><\/a> <\/div> <\/div> <\/div> <div class=\"caption\"> <div class=\"title title-h4\"> Radsport <\/span> <\/div> <div class=\"description\"> <\/div> <\/div> <\/div> <\/div> <\/div> <\/div> <\/div> <\/div> <div class=\"portfolio-item aktivsport item-animations-not-inited post-68890 thegem_pf_item type-thegem_pf_item status-publish has-post-thumbnail\" style=\"padding: 21px;\" data-default-sort=\"0\" data-sort-date=\"1563797114\"> <div class=\"wrap clearfix\" style=\"border-bottom-color: \"> <div class=\"image post-68890 thegem_pf_item type-thegem_pf_item status-publish has-post-thumbnail\"> <div class=\"image-inner\"> <picture> <img src=\"https:\/\/www.blanescostabrava.cat\/wp-content\/uploads\/2018\/03\/port-thegem-portfolio-justified.jpg\" width=\"844\" height=\"630\" class=\"attachment-thegem-portfolio-justified\" alt=\"Hafen und Yachtsportverband\" \/> <\/picture> <\/div> <div class=\"overlay\"> <div class=\"overlay-circle\"><\/div> <div class=\"links-wrapper\"> <div class=\"links\"> <div class=\"portfolio-icons\"> <a href=\"https:\/\/www.blanescostabrava.cat\/de\/pf\/hafen-und-yachtsportverband\/\" target=\"_self\" class=\"icon self-link \"><\/a> <a href=\"javascript: void(0);\" class=\"icon share\"><\/a> <div class=\"overlay-line\"><\/div> <div class=\"portfolio-sharing-pane\"> <div class=\"socials-sharing socials socials-colored-hover\"> <a class=\"socials-item\" target=\"_blank\" href=\"https:\/\/www.facebook.com\/sharer\/sharer.php?u=https%3A%2F%2Fwww.blanescostabrava.cat%2Fde%2Fpf%2Fhafen-und-yachtsportverband%2F\" title=\"Facebook\"><i class=\"socials-item-icon facebook\"><\/i><\/a> <a class=\"socials-item\" target=\"_blank\" href=\"https:\/\/twitter.com\/intent\/tweet?text=Hafen+und+Yachtsportverband&#038;url=https%3A%2F%2Fwww.blanescostabrava.cat%2Fde%2Fpf%2Fhafen-und-yachtsportverband%2F\" title=\"Twitter\"><i class=\"socials-item-icon twitter\"><\/i><\/a> <a class=\"socials-item\" target=\"_blank\" href=\"https:\/\/pinterest.com\/pin\/create\/button\/?url=https%3A%2F%2Fwww.blanescostabrava.cat%2Fde%2Fpf%2Fhafen-und-yachtsportverband%2F&#038;description=Hafen+und+Yachtsportverband&#038;media=https%3A%2F%2Fwww.blanescostabrava.cat%2Fwp-content%2Fuploads%2F2018%2F03%2Fport-thegem-blog-timeline-large.jpg\" title=\"Pinterest\"><i class=\"socials-item-icon pinterest\"><\/i><\/a> <a class=\"socials-item\" target=\"_blank\" href=\"https:\/\/www.tumblr.com\/widgets\/share\/tool?canonicalUrl=https%3A%2F%2Fwww.blanescostabrava.cat%2Fde%2Fpf%2Fhafen-und-yachtsportverband%2F\" title=\"Tumblr\"><i class=\"socials-item-icon tumblr\"><\/i><\/a> <a class=\"socials-item\" target=\"_blank\" href=\"https:\/\/www.linkedin.com\/shareArticle?mini=true&#038;url=https%3A%2F%2Fwww.blanescostabrava.cat%2Fde%2Fpf%2Fhafen-und-yachtsportverband%2F&#038;title=Hafen+und+Yachtsportverband&amp;summary=%5Bvc_row+full_width%3D%26%238220%3Bstretch_row%26%238220%3B+css%3D%26%238220%3B.vc_custom_1522090142207%7Bbackground-image%3A+url%28https%3A%2F%2Fwww.blanescostabrava.cat%2Fwp-content%2Fuploads%2F2018%2F03%2Fport.jpg%3Fid%3D33631%29+%21important%3B%7D%26%238220%3B+el_class%3D%26%238220%3Bcabecera-pagina-interna+cabecera-ficha%26%238220%3B%5D%5Bvc_column%5D%5Bvc_column_text%5D+Hafen+und+Yachtsportverband+%5B%2Fvc_column_text%5D%5B%2Fvc_column%5D%5B%2Fvc_row%5D%5Bvc_row%5D%5Bvc_column%5D%5Bvc_column_text+el_class%3D%26%238220%3Btextos-ficha-interna%26%238220%3B%5D+Yachthafen+%5B%2Fvc_column_text%5D%5B%2Fvc_column%5D%5B%2Fvc_row%5D%5Bvc_row%5D%5Bvc_column%5D%5B%2Fvc_column%5D%5B%2Fvc_row%5D%5Bvc_row+el_class%3D%26%238220%3Bmapa-informacion-practica+mapa-turismo+mapa-pagina-interna%26%238220%3B%5D%5Bvc_column%5D%5Bvc_column_text+el_class%3D%26%238220%3Btitulo-mapa%26%238220%3B%5D\" title=\"LinkedIn\"><i class=\"socials-item-icon linkedin\"><\/i><\/a> <a class=\"socials-item\" target=\"_blank\" href=\"https:\/\/www.reddit.com\/submit?url=https%3A%2F%2Fwww.blanescostabrava.cat%2Fde%2Fpf%2Fhafen-und-yachtsportverband%2F&#038;title=Hafen+und+Yachtsportverband\" title=\"Reddit\"><i class=\"socials-item-icon reddit\"><\/i><\/a> <\/div> <\/div> <\/div> <div class=\"caption\"> <div class=\"title title-h4\"> Hafen und Yachtsportverband <\/span> <\/div> <div class=\"description\"> <\/div> <\/div> <\/div> <\/div> <\/div> <\/div> <\/div> <\/div> <\/div><!-- .portflio-set --> <div class=\"portfolio-item-size-container\"> <div class=\"portfolio-item item-animations-not-inited post-68890 thegem_pf_item type-thegem_pf_item status-publish has-post-thumbnail\"> <\/div> <\/div> <\/div><!-- .row--> <\/div><!-- .full-width --> <\/div><!-- .portfolio--> <\/div><!-- .portfolio-preloader-wrapper-->[\/vc_tta_section][vc_tta_section title=&#8220;Natur&#8220; tab_id=&#8220;natura&#8220;]<style>.portfolio.portfolio-grid#style-3be1eb0 .portfolio-item:not(.size-item), .preloader#style-preloader-3be1eb0 .portfolio-item { padding: calc(42px\/2) !important; }.portfolio.portfolio-grid#style-3be1eb0 .portfolio-item.size-item { padding: 0 calc(42px\/2) !important; }.portfolio.portfolio-grid#style-3be1eb0 .portfolio-row, .preloader#style-preloader-3be1eb0 .skeleton-posts.portfolio-row { margin: calc(-42px\/2); }.portfolio.portfolio-grid#style-3be1eb0.fullwidth-columns .portfolio-row { margin: calc(-42px\/2) 0; }.portfolio.portfolio-grid#style-3be1eb0 .fullwidth-block:not(.no-paddings) { padding-left: 42px; padding-right: 42px; }.portfolio.portfolio-grid#style-3be1eb0 .fullwidth-block .portfolio-row { padding-left: calc(42px\/2); padding-right: calc(42px\/2); }.portfolio.portfolio-grid#style-3be1eb0 .fullwidth-block .portfolio-top-panel { padding-left: 42px; padding-right: 42px; }.portfolio.portfolio-grid#style-3be1eb0.fullwidth-columns .with-filter-sidebar .filter-sidebar { padding-left: 42px; }.portfolio.portfolio-grid#style-3be1eb0 .portfolio-item .caption .title span { letter-spacing: px !important; }<\/style><style>.portfolio.portfolio-grid#style-3be1eb0 .portfolio-filters { text-align: center; }<\/style><div id=\"style-preloader-3be1eb0\" class=\"preloader save-space\"><div class=\"preloader-spin\"><\/div><\/div> <div class=\"portfolio-preloader-wrapper panel-sidebar-position-left\"> <div class=\"portfolio portfolio-grid extended-portfolio-grid no-padding portfolio-pagination-scroll portfolio-style-justified background-style-white title-style-light hover-circular title-on-page hover-elements-size-default version-default caption-position-page columns-4 columns-tablet-2 columns-mobile-1 next-page-preloading \" id=\"style-3be1eb0\" data-style-uid=\"3be1eb0\" data-portfolio-uid=\"grid_9c5d6fb\" data-current-page=\"1\" data-per-page=\"8\" data-next-page=\"0\" data-pages-count=\"1\" data-hover=\"circular\" data-portfolio-filter=\"[]\" data-portfolio-filter-attributes=\"null\" data-portfolio-filter-search=\"\"> <div class=\"portfolio-row-outer \"> <div class=\"portfolio-top-panel selected-only\"> <div class=\"portfolio-filter-item portfolio-selected-filters left\"> <div class=\"portfolio-selected-filter-item clear-filters\"> Clear Filters\t<\/div> <\/div> <\/div> <div class=\"row portfolio-row\"> <div class=\"portfolio-set clearfix\" data-max-row-height=\"280\"> <div class=\"portfolio-item natur item-animations-not-inited post-66868 thegem_pf_item type-thegem_pf_item status-publish has-post-thumbnail\" style=\"padding: 21px;\" data-default-sort=\"0\" data-sort-date=\"1563796689\"> <div class=\"wrap clearfix\" style=\"border-bottom-color: \"> <div class=\"image post-66868 thegem_pf_item type-thegem_pf_item status-publish has-post-thumbnail\"> <div class=\"image-inner\"> <picture> <img src=\"https:\/\/www.blanescostabrava.cat\/wp-content\/uploads\/2018\/03\/delta-de-la-tordera-thegem-portfolio-justified.jpg\" width=\"844\" height=\"620\" class=\"attachment-thegem-portfolio-justified\" alt=\"Delta de la Tordera\" \/> <\/picture> <\/div> <div class=\"overlay\"> <div class=\"overlay-circle\"><\/div> <div class=\"links-wrapper\"> <div class=\"links\"> <div class=\"portfolio-icons\"> <a href=\"https:\/\/www.blanescostabrava.cat\/de\/pf\/delta-de-la-tordera\/\" target=\"_self\" class=\"icon self-link \"><\/a> <a href=\"javascript: void(0);\" class=\"icon share\"><\/a> <div class=\"overlay-line\"><\/div> <div class=\"portfolio-sharing-pane\"> <div class=\"socials-sharing socials socials-colored-hover\"> <a class=\"socials-item\" target=\"_blank\" href=\"https:\/\/www.facebook.com\/sharer\/sharer.php?u=https%3A%2F%2Fwww.blanescostabrava.cat%2Fde%2Fpf%2Fdelta-de-la-tordera%2F\" title=\"Facebook\"><i class=\"socials-item-icon facebook\"><\/i><\/a> <a class=\"socials-item\" target=\"_blank\" href=\"https:\/\/twitter.com\/intent\/tweet?text=Delta+de+la+Tordera&#038;url=https%3A%2F%2Fwww.blanescostabrava.cat%2Fde%2Fpf%2Fdelta-de-la-tordera%2F\" title=\"Twitter\"><i class=\"socials-item-icon twitter\"><\/i><\/a> <a class=\"socials-item\" target=\"_blank\" href=\"https:\/\/pinterest.com\/pin\/create\/button\/?url=https%3A%2F%2Fwww.blanescostabrava.cat%2Fde%2Fpf%2Fdelta-de-la-tordera%2F&#038;description=Delta+de+la+Tordera&#038;media=https%3A%2F%2Fwww.blanescostabrava.cat%2Fwp-content%2Fuploads%2F2018%2F03%2Fdelta-de-la-tordera-thegem-blog-timeline-large.jpg\" title=\"Pinterest\"><i class=\"socials-item-icon pinterest\"><\/i><\/a> <a class=\"socials-item\" target=\"_blank\" href=\"https:\/\/www.tumblr.com\/widgets\/share\/tool?canonicalUrl=https%3A%2F%2Fwww.blanescostabrava.cat%2Fde%2Fpf%2Fdelta-de-la-tordera%2F\" title=\"Tumblr\"><i class=\"socials-item-icon tumblr\"><\/i><\/a> <a class=\"socials-item\" target=\"_blank\" href=\"https:\/\/www.linkedin.com\/shareArticle?mini=true&#038;url=https%3A%2F%2Fwww.blanescostabrava.cat%2Fde%2Fpf%2Fdelta-de-la-tordera%2F&#038;title=Delta+de+la+Tordera&amp;summary=%5Bvc_row+full_width%3D%26%238220%3Bstretch_row%26%238220%3B+css%3D%26%238220%3B.vc_custom_1623662450752%7Bbackground-image%3A+url%28https%3A%2F%2Fwww.blanescostabrava.cat%2Fwp-content%2Fuploads%2F2018%2F03%2Fdelta-de-la-tordera.jpg%3Fid%3D165429%29+%21important%3B%7D%26%238220%3B+el_class%3D%26%238220%3Bcabecera-pagina-interna+cabecera-ficha%26%238220%3B%5D%5Bvc_column%5D%5Bvc_column_text%5D+Delta+de+la+Tordera+%5B%2Fvc_column_text%5D%5B%2Fvc_column%5D%5B%2Fvc_row%5D%5Bvc_row%5D%5Bvc_column%5D%5Bvc_column_text+el_class%3D%26%238220%3Btextos-ficha-interna%26%238220%3B%5DWir+befinden+uns+an+einem+strategischen+Punkt+in...\" title=\"LinkedIn\"><i class=\"socials-item-icon linkedin\"><\/i><\/a> <a class=\"socials-item\" target=\"_blank\" href=\"https:\/\/www.reddit.com\/submit?url=https%3A%2F%2Fwww.blanescostabrava.cat%2Fde%2Fpf%2Fdelta-de-la-tordera%2F&#038;title=Delta+de+la+Tordera\" title=\"Reddit\"><i class=\"socials-item-icon reddit\"><\/i><\/a> <\/div> <\/div> <\/div> <div class=\"caption\"> <div class=\"title title-h4\"> Delta de la Tordera <\/span> <\/div> <div class=\"description\"> <\/div> <\/div> <\/div> <\/div> <\/div> <\/div> <\/div> <\/div> <div class=\"portfolio-item natur item-animations-not-inited post-66871 thegem_pf_item type-thegem_pf_item status-publish has-post-thumbnail\" style=\"padding: 21px;\" data-default-sort=\"0\" data-sort-date=\"1563796690\"> <div class=\"wrap clearfix\" style=\"border-bottom-color: \"> <div class=\"image post-66871 thegem_pf_item type-thegem_pf_item status-publish has-post-thumbnail\"> <div class=\"image-inner\"> <picture> <img src=\"https:\/\/www.blanescostabrava.cat\/wp-content\/uploads\/2018\/03\/31-thegem-portfolio-justified.jpg\" width=\"844\" height=\"620\" class=\"attachment-thegem-portfolio-justified\" alt=\"Botanischer Garten Marimurtra\" \/> <\/picture> <\/div> <div class=\"overlay\"> <div class=\"overlay-circle\"><\/div> <div class=\"links-wrapper\"> <div class=\"links\"> <div class=\"portfolio-icons\"> <a href=\"https:\/\/www.blanescostabrava.cat\/de\/pf\/botanischer-garten-marimurtra\/\" target=\"_self\" class=\"icon self-link \"><\/a> <a href=\"javascript: void(0);\" class=\"icon share\"><\/a> <div class=\"overlay-line\"><\/div> <div class=\"portfolio-sharing-pane\"> <div class=\"socials-sharing socials socials-colored-hover\"> <a class=\"socials-item\" target=\"_blank\" href=\"https:\/\/www.facebook.com\/sharer\/sharer.php?u=https%3A%2F%2Fwww.blanescostabrava.cat%2Fde%2Fpf%2Fbotanischer-garten-marimurtra%2F\" title=\"Facebook\"><i class=\"socials-item-icon facebook\"><\/i><\/a> <a class=\"socials-item\" target=\"_blank\" href=\"https:\/\/twitter.com\/intent\/tweet?text=Botanischer+Garten+Marimurtra&#038;url=https%3A%2F%2Fwww.blanescostabrava.cat%2Fde%2Fpf%2Fbotanischer-garten-marimurtra%2F\" title=\"Twitter\"><i class=\"socials-item-icon twitter\"><\/i><\/a> <a class=\"socials-item\" target=\"_blank\" href=\"https:\/\/pinterest.com\/pin\/create\/button\/?url=https%3A%2F%2Fwww.blanescostabrava.cat%2Fde%2Fpf%2Fbotanischer-garten-marimurtra%2F&#038;description=Botanischer+Garten+Marimurtra&#038;media=https%3A%2F%2Fwww.blanescostabrava.cat%2Fwp-content%2Fuploads%2F2018%2F03%2F31-thegem-blog-timeline-large.jpg\" title=\"Pinterest\"><i class=\"socials-item-icon pinterest\"><\/i><\/a> <a class=\"socials-item\" target=\"_blank\" href=\"https:\/\/www.tumblr.com\/widgets\/share\/tool?canonicalUrl=https%3A%2F%2Fwww.blanescostabrava.cat%2Fde%2Fpf%2Fbotanischer-garten-marimurtra%2F\" title=\"Tumblr\"><i class=\"socials-item-icon tumblr\"><\/i><\/a> <a class=\"socials-item\" target=\"_blank\" href=\"https:\/\/www.linkedin.com\/shareArticle?mini=true&#038;url=https%3A%2F%2Fwww.blanescostabrava.cat%2Fde%2Fpf%2Fbotanischer-garten-marimurtra%2F&#038;title=Botanischer+Garten+Marimurtra&amp;summary=%5Bvc_row+full_width%3D%26%238220%3Bstretch_row%26%238220%3B+css%3D%26%238220%3B.vc_custom_1521931542780%7Bbackground-image%3A+url%28https%3A%2F%2Fwww.blanescostabrava.cat%2Fwp-content%2Fuploads%2F2018%2F03%2F31.jpg%3Fid%3D32579%29+%21important%3B%7D%26%238220%3B+el_class%3D%26%238220%3Bcabecera-pagina-interna+cabecera-ficha%26%238220%3B%5D%5Bvc_column%5D%5Bvc_column_text%5D+Botanischer+Garten+Marimurtra+%5B%2Fvc_column_text%5D%5B%2Fvc_column%5D%5B%2Fvc_row%5D%5Bvc_row%5D%5Bvc_column%5D%5Bvc_column_text+el_class%3D%26%238220%3Btextos-ficha-interna%26%238220%3B%5DWir+pr%C3%A4sentieren+Ihnen+ein+Paradies+der+Pflanzenwelt%2C+den+Marimurtra%2C...\" title=\"LinkedIn\"><i class=\"socials-item-icon linkedin\"><\/i><\/a> <a class=\"socials-item\" target=\"_blank\" href=\"https:\/\/www.reddit.com\/submit?url=https%3A%2F%2Fwww.blanescostabrava.cat%2Fde%2Fpf%2Fbotanischer-garten-marimurtra%2F&#038;title=Botanischer+Garten+Marimurtra\" title=\"Reddit\"><i class=\"socials-item-icon reddit\"><\/i><\/a> <\/div> <\/div> <\/div> <div class=\"caption\"> <div class=\"title title-h4\"> Botanischer Garten Marimurtra <\/span> <\/div> <div class=\"description\"> <\/div> <\/div> <\/div> <\/div> <\/div> <\/div> <\/div> <\/div> <div class=\"portfolio-item natur item-animations-not-inited post-68362 thegem_pf_item type-thegem_pf_item status-publish has-post-thumbnail\" style=\"padding: 21px;\" data-default-sort=\"0\" data-sort-date=\"1563796971\"> <div class=\"wrap clearfix\" style=\"border-bottom-color: \"> <div class=\"image post-68362 thegem_pf_item type-thegem_pf_item status-publish has-post-thumbnail\"> <div class=\"image-inner\"> <picture> <img src=\"https:\/\/www.blanescostabrava.cat\/wp-content\/uploads\/2018\/03\/1-thegem-portfolio-justified.jpg\" width=\"844\" height=\"620\" class=\"attachment-thegem-portfolio-justified\" alt=\"Sa Palomera\" \/> <\/picture> <\/div> <div class=\"overlay\"> <div class=\"overlay-circle\"><\/div> <div class=\"links-wrapper\"> <div class=\"links\"> <div class=\"portfolio-icons\"> <a href=\"https:\/\/www.blanescostabrava.cat\/de\/pf\/sa-palomera\/\" target=\"_self\" class=\"icon self-link \"><\/a> <a href=\"javascript: void(0);\" class=\"icon share\"><\/a> <div class=\"overlay-line\"><\/div> <div class=\"portfolio-sharing-pane\"> <div class=\"socials-sharing socials socials-colored-hover\"> <a class=\"socials-item\" target=\"_blank\" href=\"https:\/\/www.facebook.com\/sharer\/sharer.php?u=https%3A%2F%2Fwww.blanescostabrava.cat%2Fde%2Fpf%2Fsa-palomera%2F\" title=\"Facebook\"><i class=\"socials-item-icon facebook\"><\/i><\/a> <a class=\"socials-item\" target=\"_blank\" href=\"https:\/\/twitter.com\/intent\/tweet?text=Sa+Palomera&#038;url=https%3A%2F%2Fwww.blanescostabrava.cat%2Fde%2Fpf%2Fsa-palomera%2F\" title=\"Twitter\"><i class=\"socials-item-icon twitter\"><\/i><\/a> <a class=\"socials-item\" target=\"_blank\" href=\"https:\/\/pinterest.com\/pin\/create\/button\/?url=https%3A%2F%2Fwww.blanescostabrava.cat%2Fde%2Fpf%2Fsa-palomera%2F&#038;description=Sa+Palomera&#038;media=https%3A%2F%2Fwww.blanescostabrava.cat%2Fwp-content%2Fuploads%2F2018%2F03%2F1-thegem-blog-timeline-large.jpg\" title=\"Pinterest\"><i class=\"socials-item-icon pinterest\"><\/i><\/a> <a class=\"socials-item\" target=\"_blank\" href=\"https:\/\/www.tumblr.com\/widgets\/share\/tool?canonicalUrl=https%3A%2F%2Fwww.blanescostabrava.cat%2Fde%2Fpf%2Fsa-palomera%2F\" title=\"Tumblr\"><i class=\"socials-item-icon tumblr\"><\/i><\/a> <a class=\"socials-item\" target=\"_blank\" href=\"https:\/\/www.linkedin.com\/shareArticle?mini=true&#038;url=https%3A%2F%2Fwww.blanescostabrava.cat%2Fde%2Fpf%2Fsa-palomera%2F&#038;title=Sa+Palomera&amp;summary=%5Bvc_row+full_width%3D%26%238220%3Bstretch_row%26%238220%3B+css%3D%26%238220%3B.vc_custom_1521931684560%7Bbackground-image%3A+url%28https%3A%2F%2Fwww.blanescostabrava.cat%2Fwp-content%2Fuploads%2F2018%2F03%2F1.jpg%3Fid%3D32550%29+%21important%3B%7D%26%238220%3B+el_class%3D%26%238220%3Bcabecera-pagina-interna+cabecera-ficha%26%238220%3B%5D%5Bvc_column%5D%5Bvc_column_text%5D+Sa+Palomera+%5B%2Fvc_column_text%5D%5B%2Fvc_column%5D%5B%2Fvc_row%5D%5Bvc_row%5D%5Bvc_column%5D%5Bvc_column_text+el_class%3D%26%238220%3Btextos-ficha-interna%26%238220%3B%5DSymbol+der+Identit%C3%A4t+von+Blanes%2C+dieser+gro%C3%9Fe+Felsen%2C+der+ins...\" title=\"LinkedIn\"><i class=\"socials-item-icon linkedin\"><\/i><\/a> <a class=\"socials-item\" target=\"_blank\" href=\"https:\/\/www.reddit.com\/submit?url=https%3A%2F%2Fwww.blanescostabrava.cat%2Fde%2Fpf%2Fsa-palomera%2F&#038;title=Sa+Palomera\" title=\"Reddit\"><i class=\"socials-item-icon reddit\"><\/i><\/a> <\/div> <\/div> <\/div> <div class=\"caption\"> <div class=\"title title-h4\"> Sa Palomera <\/span> <\/div> <div class=\"description\"> <\/div> <\/div> <\/div> <\/div> <\/div> <\/div> <\/div> <\/div> <\/div><!-- .portflio-set --> <div class=\"portfolio-item-size-container\"> <div class=\"portfolio-item item-animations-not-inited post-68362 thegem_pf_item type-thegem_pf_item status-publish has-post-thumbnail\"> <\/div> <\/div> <\/div><!-- .row--> <\/div><!-- .full-width --> <\/div><!-- .portfolio--> <\/div><!-- .portfolio-preloader-wrapper-->[\/vc_tta_section][\/vc_tta_tabs][\/vc_column][\/vc_row]<\/p>\n<\/div>","protected":false},"excerpt":{"rendered":"<p>[vc_row full_width=&#8220;stretch_row&#8220; css=&#8220;.vc_custom_1522150356549{background-image: url(https:\/\/www.blanescostabrava.cat\/wp-content\/uploads\/2018\/03\/que-fer.jpg?id=33674) !important;}&#8220; el_class=&#8220;cabecera-pagina-interna&#8220;][vc_column][vc_column_text] WAS UNTERNEHMEN? [\/vc_column_text][\/vc_column][\/vc_row][vc_row full_width=&#8220;stretch_row_content&#8220; el_class=&#8220; galeria-tabs galeria-tabs-que-fer&#8220;][vc_column][vc_tta_tabs alignment=&#8220;center&#8220; active_section=&#8220;1&#8243;][vc_tta_section title=&#8220;Alle&#8220; tab_id=&#8220;tot&#8220;][\/vc_tta_section][vc_tta_section title=&#8220;Stadt Blanes&#8220; tab_id=&#8220;blanes&#8220;][\/vc_tta_section][vc_tta_section&#8230;<\/p>\n","protected":false},"author":1,"featured_media":0,"parent":0,"menu_order":0,"comment_status":"closed","ping_status":"closed","template":"","meta":{"footnotes":""},"class_list":["post-68356","page","type-page","status-publish"],"rankMath":{"parentDomain":"blanescostabrava.cat","noFollowDomains":[],"noFollowExcludeDomains":[],"noFollowExternalLinks":false,"featuredImageNotice":"Das angezeigte Beitragsbild sollte mindestens 200x200 px gro\u00df sein, damit Facebook und andere Social-Media-Websites es \u00fcbernehmen.","pluginReviewed":false,"postSettings":{"linkSuggestions":true,"useFocusKeyword":false},"frontEndScore":false,"postName":"sa-palomera","permalinkFormat":"https:\/\/www.blanescostabrava.cat\/de\/pf\/%thegem_pf_item%\/","showLockModifiedDate":true,"assessor":{"focusKeywordLink":"https:\/\/www.blanescostabrava.cat\/wp-admin\/edit.php?focus_keyword=%focus_keyword%&post_type=%post_type%","hasTOCPlugin":false,"primaryTaxonomy":false,"serpData":{"title":"","description":"","focusKeywords":"","pillarContent":false,"canonicalUrl":"","breadcrumbTitle":"","advancedRobots":[],"facebookTitle":"","facebookDescription":"","facebookImage":"","facebookImageID":"","facebookHasOverlay":false,"facebookImageOverlay":"","facebookAuthor":"","twitterCardType":"","twitterUseFacebook":true,"twitterTitle":"","twitterDescription":"","twitterImage":"","twitterImageID":"","twitterHasOverlay":false,"twitterImageOverlay":"","twitterPlayerUrl":"","twitterPlayerSize":"","twitterPlayerStream":"","twitterPlayerStreamCtype":"","twitterAppDescription":"","twitterAppIphoneName":"","twitterAppIphoneID":"","twitterAppIphoneUrl":"","twitterAppIpadName":"","twitterAppIpadID":"","twitterAppIpadUrl":"","twitterAppGoogleplayName":"","twitterAppGoogleplayID":"","twitterAppGoogleplayUrl":"","twitterAppCountry":"","robots":{"index":true},"twitterAuthor":"Benutzername","primaryTerm":0,"authorName":"Blanes Costa Brava","titleTemplate":"%title% %sep% %sitename%","descriptionTemplate":"%excerpt%","showScoreFrontend":true,"lockModifiedDate":false},"powerWords":["abgelenkt","abgesturzt","absolut","abstossend","aburd","abweisen","adaquat","aggressiv","ahnungslos","akkurat","alarmierend","alarmiert","albtraum","all-inclusive","allererste","allererster","allererstes","alleswisser","am schlechtesten","am wichtigsten","angewidert","angriff","angsteinflossend","angstlich","animiert","ankundigung","anonym","anpassbar","anspruchslos","anstossig","antagonistisch","apokalypse","applaus","argumentativ","arm","armageddon","arrogant","atemberaubend","attacke","attraktiv","aufdeckend","aufgebracht","aufgedeckt","aufgeregt","aufheiternd","aufregend","aufregende","aufregenden","aufregung","aufstachelnd","aufstandisch","aufsteigend","auftreibend","augenoffnend","ausgelassen","ausgeruht","ausgespielt","ausgewahlt","ausgewuhlt","ausnutzen","aussergewohnlich","autark","authentisch","autoritat","backdoor","badass","beangstigend","bedenklich","bedingungslos","bedrohen","bedroht","beforderung","befreit","befriedigend","befriedigt","begehren","begeistern","begeistert","begeisterung","beherzt","behind the scenes","beichte","beleidigung","belohnung","bemerkenswert","beneiden","bequem","beruhmt","beschadigen","beschamend","beschmutzt","beschuldigen","beschutzen","besitz","bessesen","bestatigen","bestatigt","beste","bestimmt","bestrafen","betrug","betrugen","bewahrt","bewiesen","bewiesenermassen","bewusst","bezahlbar","bezaubernd","bizarre","bleich","blendend","blut","blutbad","blutig","bombe","bonanza","bonus","bosartig","bose","boshaft","brilliant","brodelnd","brutal","budget","bullshit","bully","bunt","bunte","bunten","case study","cash","challenge","challgene","chaos","cheat-sheet","clever","content","cool","courage","dankbar","daruber redet keiner","deadline","definitiv","dekadent","demoralisierend","demut","desillusioniert","detailiert","diagnose","die wahrheit","direkt","disastros","discount","dokument","dollar","dominieren","doppelt","download","dreckig","dreifach","dreistigkeit","dringend","dringlichkeit","dumm","dummkopf","dummlich","durchbruch","duselig","dynamik","echt","effektiv","effizient","ehrlich","eier","eifersuchtig","eifrig","eindeutig","eindrucksvoll","eine stufe besser","einfach","einfachheit","einfallsreich","eingebildet","eingeschrankt","eingesperrt","einmalig","einsam","eintauchen","einzigartig","eisern","eliminieren","elite","empathie","empfehle","empfehlen","endeffekt","energie","energisch","enorm","entdecken","entfesselt","entfremdet","enthullen","enthullung","enthusiastisch","entmachtet","entsetzlich","entspannt","entzuckend","entzunden","epidemisch","episch","erbarmlich","erfolg","erfolgreich","erfolgsbilanz","erfreut","erfullen","erfullt","ergebnisse","ergreifen","erhaben","erheben","erhohen","erledigt","ermachtigt","ermudet","ernmutigt","ernsthaft","erobern","erroten","errungenschaft","erschaffen","erschrocken","ersehnen","ersparnisse","erstattbar","erstatten","erstaunlich","erste","ertrinken","essentiell","ethisch","euphorisch","exakt","exklusiv","exklusivitat","exkuisit","experte","explodieren","explosiv","exposed","extrem","exzellent","fahig","fahigkeiten","fail","falle","fantasie","fantastischen","farbenfroh","farbenfrohe","faszinierend","faszinierende","faul","faux pas","faux","fehler","feindselig","feldstudie","fesselnd","festlich","festmahl","festplatte","final","flirt","fluchtling","flussig","fokus","fokussiert","folter","formel","frech","freebie","frei","freiheit","freudig","friedlich","frohlich","frohlichkeit","frustriert","fundamental","fur immer","furchtbar","furchtlos","gangster","garantiert","geblendet","geehrt","gefahr","gefahrlich","gefangen","gefangnis","gefeuert","gegensatzlich","gehassig","geheimnis","geheimnisse","geil","geisseln","geist","geistesgestort","gelassen","geld zuruck","geld","genial","gepackt","gerade angekommen","gerissen","geschenk","geschmuggelt","geschutzt","gestandnis","gestandnisse","gestopft","gestresst","gesucht","gesund","getauscht","getestet","getotet","gewaltig","gewalttatig","gewidmet","gewinnspiel","gier","gierig","gift","giftig","gigantisch","giveaway","glamourose","glanzend","glaube","glaubwurdig","gleichmassig","glittering","glitzernde","gluckselig","golden","grandios","grandiose","grandiosen","grandioses","grauenhaft","grausamkeit","grinsen","groesste","gross","grossartig","grossartig","grossartige","grossartigen","grossartiger","grossartiges","grosse","grossen","grosste","grosszugig","grotesk","grube","grundlegend","gruselig","gunstig","hack","hamisch","hammer","handelsgeheimnis","hartnackig","hass","heilig","heimlich","heisshunger","heisshungrig","heiter","held","hell","herablassend","herausfordernd","herausforderung","herausvorderung","herrlichen","herrschend","hervorragend","herz","herzbrechend","herzerwahrmend","heute","hightech","hilflosigkeit","hilfreich","hilfsbereit","himmlisch","hinterhaltig","hoax","hocheffektiv","hochnasig","hochste","hoffnung","hoffnungsvoll","holle","holocaust","horror","how to","humor","hungrige","hurrikan","hypnotisch","hypnotisierend","idiot","idiotisch","illegal","immer","informativ","inhalt","inkompetent","innovativ","insider","inspirierend","inspiriert","intelligent","intensiv","interessant","interessante","invasion","investment","ist da","jackpot","jederzeit kundigen","jetzt","jubilant","jumpstart","jung","kadaver","kampf","katapult","katastrophe","kaufen","kein risiko","keine verpflichtung","kickstart","kindisch","kitschig","klaglich","klar","knast","kollabieren","kollosal","komfortabel","komisch","kompetitiv","komplett","kompromiss","komsich","konstruktiv","kontrollierend","kontrollverlust","kooperativ","kopie","korrupt","kostenlos","kraftlos","kraftvoll","krankhaft","kreativ","kreative","kriese","kritisch","kruppel","lachen","lacherlich","lahm","last minute","lauernd","lebendig","lebenslanglich","lecken","lecker","legendar","legitim","leiche","leicht","leiden","leider","leise","letzte chance","letzte","leuchtend","liberal","licht","liebe","liebenswurdig","liebevoll","life-changing","limitiert","lohnend","loser","losung","lugen","lugend","lukrativ","lust","lustig","lustige","lustigsten","luxorios","magisch","mainstream","mammut","manipulativ","massiv","masterclass","meditierend","meiseter","meistverkauft","meltdown","millionen","mind-blowing","minderwertig","minimalist","missbrauch","misstrauisch","mittelmassig","mittig","modern","moderne","moglichkeiten","monetarisieren","monumental","mord","motiviert","muhelos","muhevoll","mull","mut","mutig","nachmachen","nachteile","nackt","nagel","naiv","natural","nazi","neid","nervos","neu","niedertrachtig","niemals","notfall","notiert","nutzlich","nutzlos","offensichtlich","offiziel","offnen","ohne hintergedanken","ok","okay","okonomisch","on-demand","opfer","optimistisch","overnight","packend","panik","panzer","paralisiert","pas","passioniert","pause","payback","peinlich","perfekt","perplex","perskeptive","pessimistisch","pfund","piranha","pleite","plotzlich","pochend","polarisierend","popular","portfolio","praktisch","preis","prestige","privat","privatsphare","priviligiert","problem","produktiv","professionell","profit","profitabel","provokativ","provozierend","prozess","psychologisch","qual","qualen","qualitat","rabatt","rache","rachsuchtig","raffiniert","rasend","rat","rau","recherche","reduziert","reflektieren","regeln","reich","reiche","reichtum","relaxed","report","responsive","revolutionar","riesig","risiko","riskant","riskieren","rotzfrech","rowdy","ruckrat","ruckschlag","rucksichtlos","ruhig","ruiniert","sabotiert","sadistisch","sale","sarkastisch","scam","schabig","schadigend","schadlich","schamlos","schatz","schicksal","schlachten","schlafen","schlag","schlau","schlimm","schmerzhaft","schmerzlos","schmuggel","schnell","schnellstart","schokierend","schonheit","schrecklich","schreien","schritt fur schritt","schuld","schuldlos","schwach","schwarm","schwarzmarkt","schwerkraft","schwinden","sechsstellig","sehenswerte","selbsthass","selten","sensationell","sex","sexy","sicher","sicherheit","sicherlich","sieg","sill","simpel","sinnlich","sinnlos","skandal","skandalos","skill","sklave","sneak-peek","snob","sofort gespart","sofort","sollte","sonnig","sonnige","sonnigen","sorgen","sorgfaltig","sorglos","spannend","sparen","sparsam","spass","spassig","spektakular","speziell","spielen","spoiler","spontan","spotlight","stabil","stark","start","stoisch","stolz","stop","strahlend","strangulieren","strategie","studien","stumperhaft","stur","sunden","sundigend","super","superb","survival","tapfer","tauschend","teaser","technologie","terror","terrorist","teuer","tief","tiefgreifend","tierisch","tod","todlich","toll","tolle","toller","tortur","tot","tote","toten","totend","toxisch","tragisch","tragodie","transfomieren","transparenz","trauma","traumatisiert","traurigkeit","trend","tricks","trigger","triumpf","trocken","trotz","trugerisch","tweaks","tyrann","ubel","uberfordert","uberkommen","uberleben","uberlegen","uberraschend","uberrascht","uberraschung","uberwaltigend","uberwinden","ultimativ","umfassend","umstritten","umwerfend","unatorisiert","unaufhaltbar","unausgelasted","unbedacht","unbeliebt","unbeschwert","unbewusst","undercover","undokumentiert","unehrlich","unentschlossen","unerwartet","unfahig","ungeduldig","ungedult","ungehort","ungemutlich","ungerechtfertigt","ungesehen","ungetrubt","ungewohnlich","ungezogen","unglaublich","unglaubliches","uninteressiert","unkontrollierbar","unkonventionell","unlimitiert","unpenetrierbar","unschuldig","unsicher","unstabil","unter verschluss","untergrund","unterhaltsam","unterstutz","unterstutzend","unubertroffen","unvergesslich","unverneinbar","unvoreingenommen","unwiderstehlich","unwirtlich","unzensiert","unzuverlassig","up-selling","vaporisieren","verangstigt","verantwortlich","verargert","verarscht","verbessert","verbluffend","verblufft","verboten","verbreiten","verdachtig","verdammt","verdeckt","vereinfacht","verfuhrend","vergebend","vergessen","vergleich","verhauen","verifizieren","verkommen","verlegen","verletzbar","verletzt","verlockend","verloren","vermasselt","vermeiden","vermogen","vernichten","vernichtend","vernunftig","veroffentlichung","verpassen","verraterisch","verruckt","versagen","verschwitzt","versichert","verspielt","versprechend","versteckt","vertrauenswurdig","vertraulich","vertraumt","verurteilend","verwunderlich","verwundet","verzaubernd","verzweifelt","vierfach","vogelfrei","vollig","vollstandig","vorsicht","vorstellungskraft","vorteil","wachstum","wagemutig","wahnsinn","wahnsinnig","wahrhaftig","wahrheit","wahrheitsgemass","wahrscheinlich","warnung","was dir keiner sagt","wehleidig","welt","wenig bekannt","wert","wertvoll","wichtig","widerlich","wiedererkannt","wild","wilde","wilden","willensstarke","wirr","wohltatigkeit","wortlich","wunder","wunderbar","wunderbaren","wunderschon","wutend","zeichen","zeitig","zen","zensiert","zerschlagen","zerschmetternd","zerstorend","zertifiziert","zielorientiert","zischend","zischt","zocken","zogernd","zugeben","zuruckgehalten","zuruckgelassen","zuruckweisen","zusatzlich","zutaten","zuverlassig","zwangsernahrt","zweifelnd","zwickend","zwingend","einfache","einfachen","einfaches","einfacher","simple","simplen","simples","simpler","besten","bestes","bester","beste","bestbewertet","bestbewerteten","bestbewertete","bestbewerteter","bestbewertetes","\u00fcberraschende","\u00fcberraschenden","\u00fcberraschendes","\u00fcberraschender","hilfreiche","hilfreiches","hilfreichen","hilfreicher","f\u00f6rdern","unterst\u00fctzen","helfen","spielerisch","spannende","spannendes","spannenden","spannender","gro\u00dfartige","gro\u00dfartiges","gro\u00dfartigen","gro\u00dfartiger","ideal","ideales","idealen","idealer","faszinierend","faszinierendes","faszinierenden","faszinierender","wichtig","wichtige","wichtiges","wichtigen","wichtiger","sicher","sichere","sicheres","sicheren","sicherer","umfassende","umfassendes","umfassenden","umfassender","ultimative","ultimatives","ultimativen","ultimativer","einzigartige","einzigartiges","einzigartigen","einzigartiger"],"diacritics":{"A":"[\\u0041\\u24B6\\uFF21\\u00C0\\u00C1\\u00C2\\u1EA6\\u1EA4\\u1EAA\\u1EA8\\u00C3\\u0100\\u0102\\u1EB0\\u1EAE\\u1EB4\\u1EB2\\u0226\\u01E0\\u01DE\\u1EA2\\u00C5\\u01FA\\u01CD\\u0200\\u0202\\u1EA0\\u1EAC\\u1EB6\\u1E00\\u0104\\u023A\\u2C6F]","AA":"[\\uA732]","AE":"[\\u00C6\\u01FC\\u01E2\\u00C4]","AO":"[\\uA734]","AU":"[\\uA736]","AV":"[\\uA738\\uA73A]","AY":"[\\uA73C]","B":"[\\u0042\\u24B7\\uFF22\\u1E02\\u1E04\\u1E06\\u0243\\u0182\\u0181]","C":"[\\u0043\\u24B8\\uFF23\\u0106\\u0108\\u010A\\u010C\\u00C7\\u1E08\\u0187\\u023B\\uA73E]","D":"[\\u0044\\u24B9\\uFF24\\u1E0A\\u010E\\u1E0C\\u1E10\\u1E12\\u1E0E\\u0110\\u018B\\u018A\\u0189\\uA779]","DZ":"[\\u01F1\\u01C4]","Dz":"[\\u01F2\\u01C5]","E":"[\\u0045\\u24BA\\uFF25\\u00C8\\u00C9\\u00CA\\u1EC0\\u1EBE\\u1EC4\\u1EC2\\u1EBC\\u0112\\u1E14\\u1E16\\u0114\\u0116\\u00CB\\u1EBA\\u011A\\u0204\\u0206\\u1EB8\\u1EC6\\u0228\\u1E1C\\u0118\\u1E18\\u1E1A\\u0190\\u018E]","F":"[\\u0046\\u24BB\\uFF26\\u1E1E\\u0191\\uA77B]","G":"[\\u0047\\u24BC\\uFF27\\u01F4\\u011C\\u1E20\\u011E\\u0120\\u01E6\\u0122\\u01E4\\u0193\\uA7A0\\uA77D\\uA77E]","H":"[\\u0048\\u24BD\\uFF28\\u0124\\u1E22\\u1E26\\u021E\\u1E24\\u1E28\\u1E2A\\u0126\\u2C67\\u2C75\\uA78D]","I":"[\\u0049\\u24BE\\uFF29\\u00CC\\u00CD\\u00CE\\u0128\\u012A\\u012C\\u0130\\u00CF\\u1E2E\\u1EC8\\u01CF\\u0208\\u020A\\u1ECA\\u012E\\u1E2C\\u0197]","J":"[\\u004A\\u24BF\\uFF2A\\u0134\\u0248]","K":"[\\u004B\\u24C0\\uFF2B\\u1E30\\u01E8\\u1E32\\u0136\\u1E34\\u0198\\u2C69\\uA740\\uA742\\uA744\\uA7A2]","L":"[\\u004C\\u24C1\\uFF2C\\u013F\\u0139\\u013D\\u1E36\\u1E38\\u013B\\u1E3C\\u1E3A\\u0141\\u023D\\u2C62\\u2C60\\uA748\\uA746\\uA780]","LJ":"[\\u01C7]","Lj":"[\\u01C8]","M":"[\\u004D\\u24C2\\uFF2D\\u1E3E\\u1E40\\u1E42\\u2C6E\\u019C]","N":"[\\u004E\\u24C3\\uFF2E\\u01F8\\u0143\\u00D1\\u1E44\\u0147\\u1E46\\u0145\\u1E4A\\u1E48\\u0220\\u019D\\uA790\\uA7A4]","NJ":"[\\u01CA]","Nj":"[\\u01CB]","O":"[\\u004F\\u24C4\\uFF2F\\u00D2\\u00D3\\u00D4\\u1ED2\\u1ED0\\u1ED6\\u1ED4\\u00D5\\u1E4C\\u022C\\u1E4E\\u014C\\u1E50\\u1E52\\u014E\\u022E\\u0230\\u022A\\u1ECE\\u0150\\u01D1\\u020C\\u020E\\u01A0\\u1EDC\\u1EDA\\u1EE0\\u1EDE\\u1EE2\\u1ECC\\u1ED8\\u01EA\\u01EC\\u00D8\\u01FE\\u0186\\u019F\\uA74A\\uA74C]","OE":"[\\u00D6]","OI":"[\\u01A2]","OO":"[\\uA74E]","OU":"[\\u0222]","P":"[\\u0050\\u24C5\\uFF30\\u1E54\\u1E56\\u01A4\\u2C63\\uA750\\uA752\\uA754]","Q":"[\\u0051\\u24C6\\uFF31\\uA756\\uA758\\u024A]","R":"[\\u0052\\u24C7\\uFF32\\u0154\\u1E58\\u0158\\u0210\\u0212\\u1E5A\\u1E5C\\u0156\\u1E5E\\u024C\\u2C64\\uA75A\\uA7A6\\uA782]","S":"[\\u0053\\u24C8\\uFF33\\u1E9E\\u015A\\u1E64\\u015C\\u1E60\\u0160\\u1E66\\u1E62\\u1E68\\u0218\\u015E\\u2C7E\\uA7A8\\uA784]","T":"[\\u0054\\u24C9\\uFF34\\u1E6A\\u0164\\u1E6C\\u021A\\u0162\\u1E70\\u1E6E\\u0166\\u01AC\\u01AE\\u023E\\uA786]","TZ":"[\\uA728]","U":"[\\u0055\\u24CA\\uFF35\\u00D9\\u00DA\\u00DB\\u0168\\u1E78\\u016A\\u1E7A\\u016C\\u01DB\\u01D7\\u01D5\\u01D9\\u1EE6\\u016E\\u0170\\u01D3\\u0214\\u0216\\u01AF\\u1EEA\\u1EE8\\u1EEE\\u1EEC\\u1EF0\\u1EE4\\u1E72\\u0172\\u1E76\\u1E74\\u0244]","UE":"[\\u00DC]","V":"[\\u0056\\u24CB\\uFF36\\u1E7C\\u1E7E\\u01B2\\uA75E\\u0245]","VY":"[\\uA760]","W":"[\\u0057\\u24CC\\uFF37\\u1E80\\u1E82\\u0174\\u1E86\\u1E84\\u1E88\\u2C72]","X":"[\\u0058\\u24CD\\uFF38\\u1E8A\\u1E8C]","Y":"[\\u0059\\u24CE\\uFF39\\u1EF2\\u00DD\\u0176\\u1EF8\\u0232\\u1E8E\\u0178\\u1EF6\\u1EF4\\u01B3\\u024E\\u1EFE]","Z":"[\\u005A\\u24CF\\uFF3A\\u0179\\u1E90\\u017B\\u017D\\u1E92\\u1E94\\u01B5\\u0224\\u2C7F\\u2C6B\\uA762]","a":"[\\u0061\\u24D0\\uFF41\\u1E9A\\u00E0\\u00E1\\u00E2\\u1EA7\\u1EA5\\u1EAB\\u1EA9\\u00E3\\u0101\\u0103\\u1EB1\\u1EAF\\u1EB5\\u1EB3\\u0227\\u01E1\\u01DF\\u1EA3\\u00E5\\u01FB\\u01CE\\u0201\\u0203\\u1EA1\\u1EAD\\u1EB7\\u1E01\\u0105\\u2C65\\u0250]","aa":"[\\uA733]","ae":"[\\u00E6\\u01FD\\u01E3\\u00E4]","ao":"[\\uA735]","au":"[\\uA737]","av":"[\\uA739\\uA73B]","ay":"[\\uA73D]","b":"[\\u0062\\u24D1\\uFF42\\u1E03\\u1E05\\u1E07\\u0180\\u0183\\u0253]","c":"[\\u0063\\u24D2\\uFF43\\u0107\\u0109\\u010B\\u010D\\u00E7\\u1E09\\u0188\\u023C\\uA73F\\u2184]","d":"[\\u0064\\u24D3\\uFF44\\u1E0B\\u010F\\u1E0D\\u1E11\\u1E13\\u1E0F\\u0111\\u018C\\u0256\\u0257\\uA77A]","dz":"[\\u01F3\\u01C6]","e":"[\\u0065\\u24D4\\uFF45\\u00E8\\u00E9\\u00EA\\u1EC1\\u1EBF\\u1EC5\\u1EC3\\u1EBD\\u0113\\u1E15\\u1E17\\u0115\\u0117\\u00EB\\u1EBB\\u011B\\u0205\\u0207\\u1EB9\\u1EC7\\u0229\\u1E1D\\u0119\\u1E19\\u1E1B\\u0247\\u025B\\u01DD]","f":"[\\u0066\\u24D5\\uFF46\\u1E1F\\u0192\\uA77C]","g":"[\\u0067\\u24D6\\uFF47\\u01F5\\u011D\\u1E21\\u011F\\u0121\\u01E7\\u0123\\u01E5\\u0260\\uA7A1\\u1D79\\uA77F]","h":"[\\u0068\\u24D7\\uFF48\\u0125\\u1E23\\u1E27\\u021F\\u1E25\\u1E29\\u1E2B\\u1E96\\u0127\\u2C68\\u2C76\\u0265]","hv":"[\\u0195]","i":"[\\u0069\\u24D8\\uFF49\\u00EC\\u00ED\\u00EE\\u0129\\u012B\\u012D\\u00EF\\u1E2F\\u1EC9\\u01D0\\u0209\\u020B\\u1ECB\\u012F\\u1E2D\\u0268\\u0131]","j":"[\\u006A\\u24D9\\uFF4A\\u0135\\u01F0\\u0249]","k":"[\\u006B\\u24DA\\uFF4B\\u1E31\\u01E9\\u1E33\\u0137\\u1E35\\u0199\\u2C6A\\uA741\\uA743\\uA745\\uA7A3]","l":"[\\u006C\\u24DB\\uFF4C\\u0140\\u013A\\u013E\\u1E37\\u1E39\\u013C\\u1E3D\\u1E3B\\u017F\\u0142\\u019A\\u026B\\u2C61\\uA749\\uA781\\uA747]","lj":"[\\u01C9]","m":"[\\u006D\\u24DC\\uFF4D\\u1E3F\\u1E41\\u1E43\\u0271\\u026F]","n":"[\\u006E\\u24DD\\uFF4E\\u01F9\\u0144\\u00F1\\u1E45\\u0148\\u1E47\\u0146\\u1E4B\\u1E49\\u019E\\u0272\\u0149\\uA791\\uA7A5]","nj":"[\\u01CC]","o":"[\\u006F\\u24DE\\uFF4F\\u00F2\\u00F3\\u00F4\\u1ED3\\u1ED1\\u1ED7\\u1ED5\\u00F5\\u1E4D\\u022D\\u1E4F\\u014D\\u1E51\\u1E53\\u014F\\u022F\\u0231\\u022B\\u1ECF\\u0151\\u01D2\\u020D\\u020F\\u01A1\\u1EDD\\u1EDB\\u1EE1\\u1EDF\\u1EE3\\u1ECD\\u1ED9\\u01EB\\u01ED\\u00F8\\u01FF\\u0254\\uA74B\\uA74D\\u0275]","oe":"[\\u00f6]","oi":"[\\u01A3]","ou":"[\\u0223]","oo":"[\\uA74F]","p":"[\\u0070\\u24DF\\uFF50\\u1E55\\u1E57\\u01A5\\u1D7D\\uA751\\uA753\\uA755]","q":"[\\u0071\\u24E0\\uFF51\\u024B\\uA757\\uA759]","r":"[\\u0072\\u24E1\\uFF52\\u0155\\u1E59\\u0159\\u0211\\u0213\\u1E5B\\u1E5D\\u0157\\u1E5F\\u024D\\u027D\\uA75B\\uA7A7\\uA783]","s":"[\\u0073\\u24E2\\uFF53\\u015B\\u1E65\\u015D\\u1E61\\u0161\\u1E67\\u1E63\\u1E69\\u0219\\u015F\\u023F\\uA7A9\\uA785\\u1E9B]","ss":"[\\u00DF]","t":"[\\u0074\\u24E3\\uFF54\\u1E6B\\u1E97\\u0165\\u1E6D\\u021B\\u0163\\u1E71\\u1E6F\\u0167\\u01AD\\u0288\\u2C66\\uA787]","tz":"[\\uA729]","u":"[\\u0075\\u24E4\\uFF55\\u00F9\\u00FA\\u00FB\\u0169\\u1E79\\u016B\\u1E7B\\u016D\\u01DC\\u01D8\\u01D6\\u01DA\\u1EE7\\u016F\\u0171\\u01D4\\u0215\\u0217\\u01B0\\u1EEB\\u1EE9\\u1EEF\\u1EED\\u1EF1\\u1EE5\\u1E73\\u0173\\u1E77\\u1E75\\u0289]","ue":"[\\u00FC]","v":"[\\u0076\\u24E5\\uFF56\\u1E7D\\u1E7F\\u028B\\uA75F\\u028C]","vy":"[\\uA761]","w":"[\\u0077\\u24E6\\uFF57\\u1E81\\u1E83\\u0175\\u1E87\\u1E85\\u1E98\\u1E89\\u2C73]","x":"[\\u0078\\u24E7\\uFF58\\u1E8B\\u1E8D]","y":"[\\u0079\\u24E8\\uFF59\\u1EF3\\u00FD\\u0177\\u1EF9\\u0233\\u1E8F\\u00FF\\u1EF7\\u1E99\\u1EF5\\u01B4\\u024F\\u1EFF]","z":"[\\u007A\\u24E9\\uFF5A\\u017A\\u1E91\\u017C\\u017E\\u1E93\\u1E95\\u01B6\\u0225\\u0240\\u2C6C\\uA763]"},"researchesTests":["contentHasTOC","contentHasShortParagraphs","contentHasAssets","keywordInTitle","keywordInMetaDescription","keywordInPermalink","keywordIn10Percent","keywordInContent","keywordInSubheadings","keywordInImageAlt","keywordDensity","keywordNotUsed","lengthContent","lengthPermalink","linksHasInternal","linksHasExternals","linksNotAllExternals","titleStartWithKeyword","titleSentiment","titleHasPowerWords","titleHasNumber","hasContentAI"],"hasRedirection":true,"hasBreadcrumb":false},"homeUrl":"https:\/\/www.blanescostabrava.cat\/de\/","objectID":68362,"objectType":"post","locale":"de","localeFull":"de_DE","overlayImages":{"play":{"name":"Wiedergabezeichen","url":"https:\/\/www.blanescostabrava.cat\/wp-content\/plugins\/seo-by-rank-math\/assets\/admin\/img\/icon-play.png","path":"\/var\/www\/html\/wp-content\/plugins\/seo-by-rank-math\/assets\/admin\/img\/icon-play.png","position":"middle_center"},"gif":{"name":"GIF-Symbol","url":"https:\/\/www.blanescostabrava.cat\/wp-content\/plugins\/seo-by-rank-math\/assets\/admin\/img\/icon-gif.png","path":"\/var\/www\/html\/wp-content\/plugins\/seo-by-rank-math\/assets\/admin\/img\/icon-gif.png","position":"middle_center"}},"defautOgImage":"https:\/\/www.blanescostabrava.cat\/wp-content\/plugins\/seo-by-rank-math\/assets\/admin\/img\/social-placeholder.jpg","customPermalinks":true,"isUserRegistered":false,"autoSuggestKeywords":false,"connectSiteUrl":"https:\/\/rankmath.com\/auth?site=https%3A%2F%2Fwww.blanescostabrava.cat%2Fde%2F&r=https%3A%2F%2Fwww.blanescostabrava.cat%2Fde%2Fwp-json%2Fwp%2Fv2%2Fpages%2F68356%3Fnonce%3Ddecbcd952c","maxTags":5,"trendsIcon":"<svg viewBox=\"0 0 610 610\"><path d=\"M18.85,446,174.32,290.48l58.08,58.08L76.93,504a14.54,14.54,0,0,1-20.55,0L18.83,466.48a14.54,14.54,0,0,1,0-20.55Z\" style=\"fill:#4285f4\"\/><path d=\"M242.65,242.66,377.59,377.6l-47.75,47.75a14.54,14.54,0,0,1-20.55,0L174.37,290.43l47.75-47.75A14.52,14.52,0,0,1,242.65,242.66Z\" style=\"fill:#ea4335\"\/><polygon points=\"319.53 319.53 479.26 159.8 537.34 217.88 377.61 377.62 319.53 319.53\" style=\"fill:#fabb05\"\/><path d=\"M594.26,262.73V118.61h0a16.94,16.94,0,0,0-16.94-16.94H433.2a16.94,16.94,0,0,0-12,28.92L565.34,274.71h0a16.94,16.94,0,0,0,28.92-12Z\" style=\"fill:#34a853\"\/><rect width=\"610\" height=\"610\" style=\"fill:none\"\/><\/svg>","showScore":true,"siteFavIcon":"https:\/\/www.blanescostabrava.cat\/wp-content\/uploads\/2018\/04\/favicon.png","canUser":{"general":false,"advanced":false,"snippet":false,"social":false,"analysis":false,"analytics":false,"content_ai":false},"isPro":false,"is_front_page":false,"trendsUpgradeLink":"https:\/\/rankmath.com\/pricing\/?utm_source=Plugin&utm_medium=CE%20General%20Tab%20Trends&utm_campaign=WP","trendsUpgradeLabel":"Upgraden","trendsPreviewImage":"https:\/\/www.blanescostabrava.cat\/wp-content\/plugins\/seo-by-rank-math\/assets\/admin\/img\/trends-preview.jpg","currentEditor":false,"homepageData":{"assessor":{"powerWords":["abgelenkt","abgesturzt","absolut","abstossend","aburd","abweisen","adaquat","aggressiv","ahnungslos","akkurat","alarmierend","alarmiert","albtraum","all-inclusive","allererste","allererster","allererstes","alleswisser","am schlechtesten","am wichtigsten","angewidert","angriff","angsteinflossend","angstlich","animiert","ankundigung","anonym","anpassbar","anspruchslos","anstossig","antagonistisch","apokalypse","applaus","argumentativ","arm","armageddon","arrogant","atemberaubend","attacke","attraktiv","aufdeckend","aufgebracht","aufgedeckt","aufgeregt","aufheiternd","aufregend","aufregende","aufregenden","aufregung","aufstachelnd","aufstandisch","aufsteigend","auftreibend","augenoffnend","ausgelassen","ausgeruht","ausgespielt","ausgewahlt","ausgewuhlt","ausnutzen","aussergewohnlich","autark","authentisch","autoritat","backdoor","badass","beangstigend","bedenklich","bedingungslos","bedrohen","bedroht","beforderung","befreit","befriedigend","befriedigt","begehren","begeistern","begeistert","begeisterung","beherzt","behind the scenes","beichte","beleidigung","belohnung","bemerkenswert","beneiden","bequem","beruhmt","beschadigen","beschamend","beschmutzt","beschuldigen","beschutzen","besitz","bessesen","bestatigen","bestatigt","beste","bestimmt","bestrafen","betrug","betrugen","bewahrt","bewiesen","bewiesenermassen","bewusst","bezahlbar","bezaubernd","bizarre","bleich","blendend","blut","blutbad","blutig","bombe","bonanza","bonus","bosartig","bose","boshaft","brilliant","brodelnd","brutal","budget","bullshit","bully","bunt","bunte","bunten","case study","cash","challenge","challgene","chaos","cheat-sheet","clever","content","cool","courage","dankbar","daruber redet keiner","deadline","definitiv","dekadent","demoralisierend","demut","desillusioniert","detailiert","diagnose","die wahrheit","direkt","disastros","discount","dokument","dollar","dominieren","doppelt","download","dreckig","dreifach","dreistigkeit","dringend","dringlichkeit","dumm","dummkopf","dummlich","durchbruch","duselig","dynamik","echt","effektiv","effizient","ehrlich","eier","eifersuchtig","eifrig","eindeutig","eindrucksvoll","eine stufe besser","einfach","einfachheit","einfallsreich","eingebildet","eingeschrankt","eingesperrt","einmalig","einsam","eintauchen","einzigartig","eisern","eliminieren","elite","empathie","empfehle","empfehlen","endeffekt","energie","energisch","enorm","entdecken","entfesselt","entfremdet","enthullen","enthullung","enthusiastisch","entmachtet","entsetzlich","entspannt","entzuckend","entzunden","epidemisch","episch","erbarmlich","erfolg","erfolgreich","erfolgsbilanz","erfreut","erfullen","erfullt","ergebnisse","ergreifen","erhaben","erheben","erhohen","erledigt","ermachtigt","ermudet","ernmutigt","ernsthaft","erobern","erroten","errungenschaft","erschaffen","erschrocken","ersehnen","ersparnisse","erstattbar","erstatten","erstaunlich","erste","ertrinken","essentiell","ethisch","euphorisch","exakt","exklusiv","exklusivitat","exkuisit","experte","explodieren","explosiv","exposed","extrem","exzellent","fahig","fahigkeiten","fail","falle","fantasie","fantastischen","farbenfroh","farbenfrohe","faszinierend","faszinierende","faul","faux pas","faux","fehler","feindselig","feldstudie","fesselnd","festlich","festmahl","festplatte","final","flirt","fluchtling","flussig","fokus","fokussiert","folter","formel","frech","freebie","frei","freiheit","freudig","friedlich","frohlich","frohlichkeit","frustriert","fundamental","fur immer","furchtbar","furchtlos","gangster","garantiert","geblendet","geehrt","gefahr","gefahrlich","gefangen","gefangnis","gefeuert","gegensatzlich","gehassig","geheimnis","geheimnisse","geil","geisseln","geist","geistesgestort","gelassen","geld zuruck","geld","genial","gepackt","gerade angekommen","gerissen","geschenk","geschmuggelt","geschutzt","gestandnis","gestandnisse","gestopft","gestresst","gesucht","gesund","getauscht","getestet","getotet","gewaltig","gewalttatig","gewidmet","gewinnspiel","gier","gierig","gift","giftig","gigantisch","giveaway","glamourose","glanzend","glaube","glaubwurdig","gleichmassig","glittering","glitzernde","gluckselig","golden","grandios","grandiose","grandiosen","grandioses","grauenhaft","grausamkeit","grinsen","groesste","gross","grossartig","grossartig","grossartige","grossartigen","grossartiger","grossartiges","grosse","grossen","grosste","grosszugig","grotesk","grube","grundlegend","gruselig","gunstig","hack","hamisch","hammer","handelsgeheimnis","hartnackig","hass","heilig","heimlich","heisshunger","heisshungrig","heiter","held","hell","herablassend","herausfordernd","herausforderung","herausvorderung","herrlichen","herrschend","hervorragend","herz","herzbrechend","herzerwahrmend","heute","hightech","hilflosigkeit","hilfreich","hilfsbereit","himmlisch","hinterhaltig","hoax","hocheffektiv","hochnasig","hochste","hoffnung","hoffnungsvoll","holle","holocaust","horror","how to","humor","hungrige","hurrikan","hypnotisch","hypnotisierend","idiot","idiotisch","illegal","immer","informativ","inhalt","inkompetent","innovativ","insider","inspirierend","inspiriert","intelligent","intensiv","interessant","interessante","invasion","investment","ist da","jackpot","jederzeit kundigen","jetzt","jubilant","jumpstart","jung","kadaver","kampf","katapult","katastrophe","kaufen","kein risiko","keine verpflichtung","kickstart","kindisch","kitschig","klaglich","klar","knast","kollabieren","kollosal","komfortabel","komisch","kompetitiv","komplett","kompromiss","komsich","konstruktiv","kontrollierend","kontrollverlust","kooperativ","kopie","korrupt","kostenlos","kraftlos","kraftvoll","krankhaft","kreativ","kreative","kriese","kritisch","kruppel","lachen","lacherlich","lahm","last minute","lauernd","lebendig","lebenslanglich","lecken","lecker","legendar","legitim","leiche","leicht","leiden","leider","leise","letzte chance","letzte","leuchtend","liberal","licht","liebe","liebenswurdig","liebevoll","life-changing","limitiert","lohnend","loser","losung","lugen","lugend","lukrativ","lust","lustig","lustige","lustigsten","luxorios","magisch","mainstream","mammut","manipulativ","massiv","masterclass","meditierend","meiseter","meistverkauft","meltdown","millionen","mind-blowing","minderwertig","minimalist","missbrauch","misstrauisch","mittelmassig","mittig","modern","moderne","moglichkeiten","monetarisieren","monumental","mord","motiviert","muhelos","muhevoll","mull","mut","mutig","nachmachen","nachteile","nackt","nagel","naiv","natural","nazi","neid","nervos","neu","niedertrachtig","niemals","notfall","notiert","nutzlich","nutzlos","offensichtlich","offiziel","offnen","ohne hintergedanken","ok","okay","okonomisch","on-demand","opfer","optimistisch","overnight","packend","panik","panzer","paralisiert","pas","passioniert","pause","payback","peinlich","perfekt","perplex","perskeptive","pessimistisch","pfund","piranha","pleite","plotzlich","pochend","polarisierend","popular","portfolio","praktisch","preis","prestige","privat","privatsphare","priviligiert","problem","produktiv","professionell","profit","profitabel","provokativ","provozierend","prozess","psychologisch","qual","qualen","qualitat","rabatt","rache","rachsuchtig","raffiniert","rasend","rat","rau","recherche","reduziert","reflektieren","regeln","reich","reiche","reichtum","relaxed","report","responsive","revolutionar","riesig","risiko","riskant","riskieren","rotzfrech","rowdy","ruckrat","ruckschlag","rucksichtlos","ruhig","ruiniert","sabotiert","sadistisch","sale","sarkastisch","scam","schabig","schadigend","schadlich","schamlos","schatz","schicksal","schlachten","schlafen","schlag","schlau","schlimm","schmerzhaft","schmerzlos","schmuggel","schnell","schnellstart","schokierend","schonheit","schrecklich","schreien","schritt fur schritt","schuld","schuldlos","schwach","schwarm","schwarzmarkt","schwerkraft","schwinden","sechsstellig","sehenswerte","selbsthass","selten","sensationell","sex","sexy","sicher","sicherheit","sicherlich","sieg","sill","simpel","sinnlich","sinnlos","skandal","skandalos","skill","sklave","sneak-peek","snob","sofort gespart","sofort","sollte","sonnig","sonnige","sonnigen","sorgen","sorgfaltig","sorglos","spannend","sparen","sparsam","spass","spassig","spektakular","speziell","spielen","spoiler","spontan","spotlight","stabil","stark","start","stoisch","stolz","stop","strahlend","strangulieren","strategie","studien","stumperhaft","stur","sunden","sundigend","super","superb","survival","tapfer","tauschend","teaser","technologie","terror","terrorist","teuer","tief","tiefgreifend","tierisch","tod","todlich","toll","tolle","toller","tortur","tot","tote","toten","totend","toxisch","tragisch","tragodie","transfomieren","transparenz","trauma","traumatisiert","traurigkeit","trend","tricks","trigger","triumpf","trocken","trotz","trugerisch","tweaks","tyrann","ubel","uberfordert","uberkommen","uberleben","uberlegen","uberraschend","uberrascht","uberraschung","uberwaltigend","uberwinden","ultimativ","umfassend","umstritten","umwerfend","unatorisiert","unaufhaltbar","unausgelasted","unbedacht","unbeliebt","unbeschwert","unbewusst","undercover","undokumentiert","unehrlich","unentschlossen","unerwartet","unfahig","ungeduldig","ungedult","ungehort","ungemutlich","ungerechtfertigt","ungesehen","ungetrubt","ungewohnlich","ungezogen","unglaublich","unglaubliches","uninteressiert","unkontrollierbar","unkonventionell","unlimitiert","unpenetrierbar","unschuldig","unsicher","unstabil","unter verschluss","untergrund","unterhaltsam","unterstutz","unterstutzend","unubertroffen","unvergesslich","unverneinbar","unvoreingenommen","unwiderstehlich","unwirtlich","unzensiert","unzuverlassig","up-selling","vaporisieren","verangstigt","verantwortlich","verargert","verarscht","verbessert","verbluffend","verblufft","verboten","verbreiten","verdachtig","verdammt","verdeckt","vereinfacht","verfuhrend","vergebend","vergessen","vergleich","verhauen","verifizieren","verkommen","verlegen","verletzbar","verletzt","verlockend","verloren","vermasselt","vermeiden","vermogen","vernichten","vernichtend","vernunftig","veroffentlichung","verpassen","verraterisch","verruckt","versagen","verschwitzt","versichert","verspielt","versprechend","versteckt","vertrauenswurdig","vertraulich","vertraumt","verurteilend","verwunderlich","verwundet","verzaubernd","verzweifelt","vierfach","vogelfrei","vollig","vollstandig","vorsicht","vorstellungskraft","vorteil","wachstum","wagemutig","wahnsinn","wahnsinnig","wahrhaftig","wahrheit","wahrheitsgemass","wahrscheinlich","warnung","was dir keiner sagt","wehleidig","welt","wenig bekannt","wert","wertvoll","wichtig","widerlich","wiedererkannt","wild","wilde","wilden","willensstarke","wirr","wohltatigkeit","wortlich","wunder","wunderbar","wunderbaren","wunderschon","wutend","zeichen","zeitig","zen","zensiert","zerschlagen","zerschmetternd","zerstorend","zertifiziert","zielorientiert","zischend","zischt","zocken","zogernd","zugeben","zuruckgehalten","zuruckgelassen","zuruckweisen","zusatzlich","zutaten","zuverlassig","zwangsernahrt","zweifelnd","zwickend","zwingend","einfache","einfachen","einfaches","einfacher","simple","simplen","simples","simpler","besten","bestes","bester","beste","bestbewertet","bestbewerteten","bestbewertete","bestbewerteter","bestbewertetes","\u00fcberraschende","\u00fcberraschenden","\u00fcberraschendes","\u00fcberraschender","hilfreiche","hilfreiches","hilfreichen","hilfreicher","f\u00f6rdern","unterst\u00fctzen","helfen","spielerisch","spannende","spannendes","spannenden","spannender","gro\u00dfartige","gro\u00dfartiges","gro\u00dfartigen","gro\u00dfartiger","ideal","ideales","idealen","idealer","faszinierend","faszinierendes","faszinierenden","faszinierender","wichtig","wichtige","wichtiges","wichtigen","wichtiger","sicher","sichere","sicheres","sicheren","sicherer","umfassende","umfassendes","umfassenden","umfassender","ultimative","ultimatives","ultimativen","ultimativer","einzigartige","einzigartiges","einzigartigen","einzigartiger"],"diacritics":true,"researchesTests":["contentHasTOC","contentHasShortParagraphs","contentHasAssets","keywordInTitle","keywordInMetaDescription","keywordInPermalink","keywordIn10Percent","keywordInContent","keywordInSubheadings","keywordInImageAlt","keywordDensity","keywordNotUsed","lengthContent","lengthPermalink","linksHasInternal","linksHasExternals","linksNotAllExternals","titleStartWithKeyword","titleSentiment","titleHasPowerWords","titleHasNumber","hasContentAI"],"hasBreadcrumb":false,"serpData":{"title":"%sitename% %page% %sep% %sitedesc%","description":"","titleTemplate":"%sitename% %page% %sep% %sitedesc%","descriptionTemplate":"","focusKeywords":"","breadcrumbTitle":"Home","robots":{"index":true},"advancedRobots":[],"facebookTitle":"","facebookDescription":"","facebookImage":"","facebookImageID":""}}},"tocTitle":"Table of Contents","tocExcludeHeadings":[],"listStyle":"ul"},"_links":{"self":[{"href":"https:\/\/www.blanescostabrava.cat\/de\/wp-json\/wp\/v2\/pages\/68356","targetHints":{"allow":["GET"]}}],"collection":[{"href":"https:\/\/www.blanescostabrava.cat\/de\/wp-json\/wp\/v2\/pages"}],"about":[{"href":"https:\/\/www.blanescostabrava.cat\/de\/wp-json\/wp\/v2\/types\/page"}],"author":[{"embeddable":true,"href":"https:\/\/www.blanescostabrava.cat\/de\/wp-json\/wp\/v2\/users\/1"}],"replies":[{"embeddable":true,"href":"https:\/\/www.blanescostabrava.cat\/de\/wp-json\/wp\/v2\/comments?post=68356"}],"version-history":[{"count":0,"href":"https:\/\/www.blanescostabrava.cat\/de\/wp-json\/wp\/v2\/pages\/68356\/revisions"}],"wp:attachment":[{"href":"https:\/\/www.blanescostabrava.cat\/de\/wp-json\/wp\/v2\/media?parent=68356"}],"curies":[{"name":"wp","href":"https:\/\/api.w.org\/{rel}","templated":true}]}}