{"id":35296,"date":"2018-05-23T16:14:05","date_gmt":"2018-05-23T14:14:05","guid":{"rendered":"https:\/\/www.blanescostabrava.cat\/agenda\/"},"modified":"2026-03-12T09:07:15","modified_gmt":"2026-03-12T08:07:15","slug":"agenda-eventos","status":"publish","type":"page","link":"https:\/\/www.blanescostabrava.cat\/es\/agenda-eventos\/","title":{"rendered":"Agenda"},"content":{"rendered":"<div class=\"wpb-content-wrapper\"><p>[vc_row full_width=\u00bbstretch_row\u00bb css=\u00bb.vc_custom_1534834888650{background-image: url(https:\/\/www.blanescostabrava.cat\/wp-content\/uploads\/2018\/08\/portada-agenda.jpg?id=54407) !important;}\u00bb el_class=\u00bbcabecera-pagina-interna\u00bb][vc_column][vc_column_text]<\/p>\n<h1><strong>AGENDA<\/strong><\/h1>\n<p>[\/vc_column_text][\/vc_column][\/vc_row][vc_row el_class=\u00bbagenda-seccion ocultar\u00bb][vc_column width=\u00bb2\/3&#8243; el_class=\u00bbeventos-izquierda\u00bb][vc_column_text el_class=\u00bbtitulo-agenda\u00bb]<\/p>\n<h2>Pr\u00f3ximos <strong>eventos<\/strong><\/h2>\n<p>[\/vc_column_text][vc_column_text]<div id='evcal_calendar_705' class='ajde_evcal_calendar boxy boxstyle1' ><div class='evo-data' data-cyear=\"2026\" data-cmonth=\"9\" data-runajax=\"1\" data-evc_open=\"0\" data-cal_ver=\"2.6.6\" data-mapscroll=\"true\" data-mapformat=\"roadmap\" data-mapzoom=\"18\" data-mapiconurl=\"\" data-ev_cnt=\"0\" data-show_limit=\"no\" data-tiles=\"yes\" data-sort_by=\"sort_date\" data-filters_on=\"false\" data-range_start=\"0\" data-range_end=\"0\" data-send_unix=\"0\" data-ux_val=\"0\" data-accord=\"0\" data-rtl=\"no\"  ><\/div><div id='evcal_head' class='calendar_header ' ><div class='evo_cal_above'><span class='evo-gototoday-btn' style='display:none' data-mo='9' data-yr='2026' data-dy=''>Mes actual<\/span><\/div><div class='evo_cal_above_content'><\/div><p id='evcal_cur' class='evo_month_title'> septiembre, 2026<\/p><p class='evo_arrows'><span id='evcal_prev' class='evcal_arrows evcal_btn_prev' ><i class='fa fa-angle-left'><\/i><\/span><span id='evcal_next' class='evcal_arrows evcal_btn_next' ><i class='fa fa-angle-right'><\/i><\/span><\/p><div class='cal_arguments' style='display:none' data-hide_past=\"no\" data-show_et_ft_img=\"no\" data-event_order=\"ASC\" data-ft_event_priority=\"no\" data-lang=\"L3\" data-month_incre=\"0\" data-only_ft=\"no\" data-evc_open=\"no\" data-show_limit=\"no\" data-etc_override=\"no\" data-show_limit_redir=\"0\" data-tiles=\"yes\" data-tile_height=\"0\" data-tile_bg=\"1\" data-tile_count=\"2\" data-tile_style=\"1\" data-s=\"\" data-members_only=\"no\" data-ux_val=\"0\" data-show_limit_ajax=\"no\" data-show_limit_paged=\"1\" data-hide_mult_occur=\"no\" data-show_repeats=\"no\" ><\/div><div class='clear'><\/div><\/div><div class='eventon_sorting_section' style='display:none'><div class='eventon_filter_line '><div class='eventon_filter' data-filter_field='event_type' data-filter_val='all' data-filter_type='tax' data-fl_o='IN'><\/div><div class='eventon_filter' data-filter_field='event_type_2' data-filter_val='all' data-filter_type='tax' data-fl_o='IN'><\/div><div class='eventon_filter' data-filter_field='event_type_3' data-filter_val='all' data-filter_type='tax' data-fl_o='IN'><\/div><div class='eventon_filter' data-filter_field='event_type_4' data-filter_val='all' data-filter_type='tax' data-fl_o='IN'><\/div><div class='eventon_filter' data-filter_field='event_type_5' data-filter_val='all' data-filter_type='tax' data-fl_o='IN'><\/div><div class='eventon_filter' data-filter_field='event_location' data-filter_val='all' data-filter_type='tax' data-fl_o='IN'><\/div><div class='eventon_filter' data-filter_field='event_organizer' data-filter_val='all' data-filter_type='tax' data-fl_o='IN'><\/div><\/div><div class='clear'><\/div><\/div><div id='eventon_loadbar_section'><div id='eventon_loadbar'><\/div><\/div><div id='evcal_list' class='eventon_events_list'><div id=\"event_237382\" class=\"eventon_list_event evo_eventtop  event hasbgimg\" data-event_id=\"237382\" data-time=\"1782172801-1790812799\" data-colr=\"#206177\" itemscope itemtype='http:\/\/schema.org\/Event' 1><div class=\"evo_boxtop\" style=\"background-image: url(https:\/\/www.blanescostabrava.cat\/wp-content\/uploads\/2026\/06\/torre-SANT-JOAN-OBERTURA-XXSS-horaris-juliol-setembre_page-0001.jpg); background-color:#206177;height:200px;\"><\/div><div class=\"evo_event_schema\" style=\"display:none\" ><a itemprop='url'  href='https:\/\/www.blanescostabrava.cat\/es\/events\/visita-la-torre-del-castillo-de-sant-joan\/'><\/a><span itemprop='name'  >Visita la torre del Castillo de Sant Joan<\/span><meta itemprop='image' content='https:\/\/www.blanescostabrava.cat\/wp-content\/uploads\/2026\/06\/torre-SANT-JOAN-OBERTURA-XXSS-horaris-juliol-setembre_page-0001.jpg' ><\/meta><meta itemprop='description' content='D\u00cdAS: A partir del martes 23 de junio y hasta el 30 de septiembre.HORARIO: De jueves a domingo, de 10:00 a' ><\/meta><meta itemprop='startDate' content='2026-6-23' ><\/meta><meta itemprop='endDate' content='2026-9-30' ><\/meta><meta itemprop='eventStatus' content='on-schedule' ><\/meta>\n\t\t\t\t\t\t\t\t\t<item style=\"display:none\" itemprop=\"location\" itemscope itemtype=\"http:\/\/schema.org\/Place\">\n\t\t\t\t\t\t\t\t\t\t<span itemprop=\"name\">Castillo de Sant Joan<\/span>\n\t\t\t\t\t\t\t\t\t\t<span itemprop=\"address\" itemscope itemtype=\"http:\/\/schema.org\/PostalAddress\">\n\t\t\t\t\t\t\t\t\t\t\t<item itemprop=\"streetAddress\">Carrer Cardenal Vidal i Barraquer, s\/n<\/item>\n\t\t\t\t\t\t\t\t\t\t<\/span><\/item><script type=\"application\/ld+json\">{\t\"@context\": \"http:\/\/schema.org\",\n\t\t\t\t\t\t\t  \t\"@type\": \"Event\",\n\t\t\t\t\t\t\t  \t\"name\": \"Visita la torre del Castillo de Sant Joan\",\n\t\t\t\t\t\t\t  \t\"startDate\": \"2026-6-23T00-00-00-00\",\n\t\t\t\t\t\t\t  \t\"endDate\": \"2026-9-30T23-23-59-00\",\n\t\t\t\t\t\t\t  \t\"image\":\"https:\/\/www.blanescostabrava.cat\/wp-content\/uploads\/2026\/06\/torre-SANT-JOAN-OBERTURA-XXSS-horaris-juliol-setembre_page-0001-225x300.jpg\",\n\t\t\t\t\t\t\t  \t\"description\":\"D\u00cdAS: A partir del martes 23 de junio y hasta el 30 de septiembre.HORARIO: De jueves a domingo, de 10:00 a\",\n\t\t\t\t\t\t\t  \t\"location\":{\n\t\t\t\t\t\t\t\t\t\t\"@type\":\"Place\",\n\t\t\t\t\t\t\t\t\t\t\"name\":\"Castillo de Sant Joan\",\n\t\t\t\t\t\t\t\t\t\t\"address\":\"Carrer Cardenal Vidal i Barraquer, s\/n\"\n\t\t\t\t\t\t\t  \t\t}\n\t\t\t\t\t\t\t }<\/script><\/div>\n\t\t\t\t<p class=\"desc_trig_outter\"><a data-gmap_status=\"null\" data-exlk=\"0\" style=\"border-color: #206177;padding-top: 215px;height: 310px;\" id=\"evc_1782172801237382\" class=\"desc_trig mul_val evcal_list_a\" data-ux_val=\"3\"  ><span class='event-img'><img src='https:\/\/www.blanescostabrava.cat\/wp-content\/uploads\/2026\/06\/torre-SANT-JOAN-OBERTURA-XXSS-horaris-juliol-setembre_page-0001.jpg'><\/span><span class='evcal_cblock ' data-bgcolor='#206177' data-smon='junio' data-syr='2026'><span class='evo_start '><em class='date'>23<\/em><em class='month'>jun<\/em><em class='time'>allday<\/em><\/span><span class='evo_end '><em class='date'>30<\/em><em class='month'>sep<\/em><\/span><em class='clear'><\/em><\/span><span class='evcal_desc evo_info hide_eventtopdata '  data-location_address=\"Carrer Cardenal Vidal i Barraquer, s\/n\" data-location_type=\"address\" data-location_name=\"Castillo de Sant Joan\" data-location_status=\"true\" ><span class='evo_above_title'><\/span><span class='evcal_desc2 evcal_event_title' itemprop='name'>Visita la torre del Castillo de Sant Joan<\/span><span class='evo_below_title'><\/span><span class='evcal_desc_info' ><\/span><span class='evcal_desc3'><\/span><\/span><em class='clear'><\/em><\/p><\/a><div class='event_description evcal_eventcard ' style=\"display:none\"><div class='evo_metarow_directimg'><img src='https:\/\/www.blanescostabrava.cat\/wp-content\/uploads\/2026\/06\/torre-SANT-JOAN-OBERTURA-XXSS-horaris-juliol-setembre_page-0001.jpg' \/><\/div><div class='evo_metarow_details evorow evcal_evdata_row bordb evcal_event_details'>\n\t\t\t\t\t\t\t<div class=\"event_excerpt\" style=\"display:none\"><h3 class=\"padb5 evo_h3\">Descripci\u00f3n<\/h3><p>D\u00cdAS: A partir del martes 23 de junio y hasta el 30 de septiembre.HORARIO: De jueves a domingo, de 10:00 a<\/p><\/div><span class='evcal_evdata_icons'><i class='fa fa-align-justify'><\/i><\/span>\n\t\t\t\t\t\t\t\n\t\t\t\t\t\t\t<div class='evcal_evdata_cell shorter_desc'><div class='eventon_details_shading_bot'>\n\t\t\t\t\t\t\t\t<p class='eventon_shad_p' content='less'><span class='ev_more_text' data-txt='less'>more<\/span><span class='ev_more_arrow'><\/span><\/p>\n\t\t\t\t\t\t\t<\/div><div class='eventon_full_description'>\n\t\t\t\t\t\t\t\t\t<h3 class='padb5 evo_h3'><span class='evcal_evdata_icons'><i class='fa fa-align-justify'><\/i><\/span>Descripci\u00f3n<\/h3><div class='eventon_desc_in' itemprop='description'>\n\t\t\t\t\t\t\t\t\t<p data-start=\"16\" data-end=\"163\"><strong data-start=\"16\" data-end=\"25\">D\u00cdAS:<\/strong> A partir del martes 23 de junio y hasta el 30 de septiembre.<br data-start=\"86\" data-end=\"89\" \/><strong data-start=\"89\" data-end=\"101\">HORARIO:<\/strong> De jueves a domingo, de 10:00 a 13:00 h y de 18:00 a 20:00 h.<\/p>\n<p data-start=\"165\" data-end=\"208\"><strong data-start=\"165\" data-end=\"175\">LUGAR:<\/strong> Torre del Castillo de Sant Joan.<\/p>\n<p data-start=\"210\" data-end=\"371\">No es necesario reservar. Acceso mediante escaleras. Entrada gratuita durante el mes de junio; a partir de julio, tarifa general de 2 \u20ac y tarifa reducida de 1 \u20ac.<\/p>\n<p data-start=\"373\" data-end=\"424\">Entrada gratuita para menores de entre 6 y 12 a\u00f1os.<\/p>\n<p data-start=\"1880\" data-end=\"2082\" data-is-last-node=\"\" data-is-only-node=\"\"><img class=\"alignnone size-large wp-image-238075\" src=\"https:\/\/www.blanescostabrava.cat\/wp-content\/uploads\/2026\/06\/torre-SANT-JOAN-OBERTURA-XXSS-horaris-juliol-setembre_page-0001-768x1024.jpg\" alt=\"\" width=\"768\" height=\"1024\" srcset=\"https:\/\/www.blanescostabrava.cat\/wp-content\/uploads\/2026\/06\/torre-SANT-JOAN-OBERTURA-XXSS-horaris-juliol-setembre_page-0001-768x1024.jpg 768w, https:\/\/www.blanescostabrava.cat\/wp-content\/uploads\/2026\/06\/torre-SANT-JOAN-OBERTURA-XXSS-horaris-juliol-setembre_page-0001-225x300.jpg 225w, https:\/\/www.blanescostabrava.cat\/wp-content\/uploads\/2026\/06\/torre-SANT-JOAN-OBERTURA-XXSS-horaris-juliol-setembre_page-0001-113x150.jpg 113w, https:\/\/www.blanescostabrava.cat\/wp-content\/uploads\/2026\/06\/torre-SANT-JOAN-OBERTURA-XXSS-horaris-juliol-setembre_page-0001-1152x1536.jpg 1152w, https:\/\/www.blanescostabrava.cat\/wp-content\/uploads\/2026\/06\/torre-SANT-JOAN-OBERTURA-XXSS-horaris-juliol-setembre_page-0001-1536x2048.jpg 1536w, https:\/\/www.blanescostabrava.cat\/wp-content\/uploads\/2026\/06\/torre-SANT-JOAN-OBERTURA-XXSS-horaris-juliol-setembre_page-0001-18x24.jpg 18w, https:\/\/www.blanescostabrava.cat\/wp-content\/uploads\/2026\/06\/torre-SANT-JOAN-OBERTURA-XXSS-horaris-juliol-setembre_page-0001-27x36.jpg 27w, https:\/\/www.blanescostabrava.cat\/wp-content\/uploads\/2026\/06\/torre-SANT-JOAN-OBERTURA-XXSS-horaris-juliol-setembre_page-0001-36x48.jpg 36w, https:\/\/www.blanescostabrava.cat\/wp-content\/uploads\/2026\/06\/torre-SANT-JOAN-OBERTURA-XXSS-horaris-juliol-setembre_page-0001.jpg 1575w\" sizes=\"(max-width: 768px) 100vw, 768px\" \/><\/p>\n<\/div><div class='clear'><\/div>\n\t\t\t\t\t\t\t\t<\/div>\n\t\t\t\t\t\t\t<\/div>\n\t\t\t\t\t\t<\/div><div class='evo_metarow_time_location evorow bordb '>\n\t\t\t\t\t\t<div class='tb' >\n\t\t\t\t\t\t\t<div class='tbrow'>\n\t\t\t\t\t\t\t<div class='evcal_col50 bordr'>\n\t\t\t\t\t\t\t\t<div class='evcal_evdata_row evo_time'>\n\t\t\t\t\t\t\t\t\t<span class='evcal_evdata_icons'><i class='fa fa-clock-o'><\/i><\/span>\n\t\t\t\t\t\t\t\t\t<div class='evcal_evdata_cell'>\t\t\t\t\t\t\t\n\t\t\t\t\t\t\t\t\t\t<h3 class='evo_h3'><span class='evcal_evdata_icons'><i class='fa fa-clock-o'><\/i><\/span>Fecha<\/h3>\n\t\t\t\t\t\t\t\t\t\t<p>Junio 23 (Tuesday) - Septiembre 30 (Wednesday)<\/p>\n\t\t\t\t\t\t\t\t\t<\/div>\n\t\t\t\t\t\t\t\t<\/div>\n\t\t\t\t\t\t\t<\/div><div class='evcal_col50'>\n\t\t\t\t\t\t\t\t<div class='evcal_evdata_row evo_location'>\n\t\t\t\t\t\t\t\t\t<span class='evcal_evdata_icons'><i class='fa fa-map-marker'><\/i><\/span>\n\t\t\t\t\t\t\t\t\t<div class='evcal_evdata_cell' data-loc_tax_id='6763'>\t\t\t\t\t\t\t\n\t\t\t\t\t\t\t\t\t\t<h3 class='evo_h3'><span class='evcal_evdata_icons'><i class='fa fa-map-marker'><\/i><\/span>Location<\/h3><p class='evo_location_name'>Castillo de Sant Joan<\/p><p class='evo_location_address'>Carrer Cardenal Vidal i Barraquer, s\/n<\/p>\n\t\t\t\t\t\t\t\t\t<\/div>\n\t\t\t\t\t\t\t\t<\/div>\n\t\t\t\t\t\t\t<\/div><div class='clear'><\/div>\n\t\t\t\t\t\t\t<\/div><\/div>\n\t\t\t\t\t\t<\/div>\t\t\t\t\t\t<div class='evo_metarow_ICS evorow bordb evcal_evdata_row'>\n\t\t\t\t\t\t\t<span class=\"evcal_evdata_icons\"><i class=\"fa fa-calendar\"><\/i><\/span>\n\t\t\t\t\t\t\t<div class='evcal_evdata_cell'>\n\t\t\t\t\t\t\t\t<p><a href='https:\/\/www.blanescostabrava.cat\/wp-admin\/admin-ajax.php?action=eventon_ics_download&amp;event_id=237382&amp;sunix=20260622T220000Z&amp;eunix=20260930T215900Z&amp;loca=Carrer Cardenal Vidal i Barraquer, s\/n&amp;locn=Castillo de Sant Joan' class='evo_ics_nCal' title='Add to your calendar'>Calendar<\/a><a href='\/\/www.google.com\/calendar\/event?action=TEMPLATE&amp;text=Visita+la+torre+del+Castillo+de+Sant+Joan&amp;dates=20260622T220000Z\/20260930T215900Z&amp;details=D%C3%8DAS%3A+A+partir+del+martes+23+de+junio+y+hasta+el+30+de+septiembre.HORARIO%3A+De+jueves+a+domingo%2C+de+10%3A00+a&amp;location=Castillo+de+Sant+Joan - Carrer+Cardenal+Vidal+i+Barraquer%2C+s%2Fn' target='_blank' class='evo_ics_gCal' title='Add to google calendar'>GoogleCal<\/a><\/p>\t\n\t\t\t\t\t\t\t<\/div>\t\t\t\t\t\t<\/div>\n\t\t\t\t\t\t<\/div><div class='clear end'><\/div><\/div><div id=\"event_237700\" class=\"eventon_list_event evo_eventtop  event hasbgimg\" data-event_id=\"237700\" data-time=\"1782864001-1790380799\" data-colr=\"#206177\" itemscope itemtype='http:\/\/schema.org\/Event' 2><div class=\"evo_boxtop\" style=\"background-image: url(https:\/\/www.blanescostabrava.cat\/wp-content\/uploads\/2019\/12\/biblioteca-comarcal.jpg); background-color:#206177;height:200px;\"><\/div><div class=\"evo_event_schema\" style=\"display:none\" ><a itemprop='url'  href='https:\/\/www.blanescostabrava.cat\/es\/events\/en-verano-todas-las-biblios-viven-un-verano-en-las-nubes-de-7-a-12-anos\/'><\/a><span itemprop='name'  >\u00a1En verano, todas las biblios viven! Un verano en las nubes. (de 7 a 12 a\u00f1os)<\/span><meta itemprop='image' content='https:\/\/www.blanescostabrava.cat\/wp-content\/uploads\/2019\/12\/biblioteca-comarcal.jpg' ><\/meta><meta itemprop='description' content='FECHAS: Del 1 al 25 de septiembre\r\n\r\nLUGAR: Biblioteca Roberto Bola\u00f1o' ><\/meta><meta itemprop='startDate' content='2026-7-1' ><\/meta><meta itemprop='endDate' content='2026-9-25' ><\/meta><meta itemprop='eventStatus' content='on-schedule' ><\/meta><script type=\"application\/ld+json\">{\t\"@context\": \"http:\/\/schema.org\",\n\t\t\t\t\t\t\t  \t\"@type\": \"Event\",\n\t\t\t\t\t\t\t  \t\"name\": \"\u00a1En verano, todas las biblios viven! Un verano en las nubes. (de 7 a 12 a\u00f1os)\",\n\t\t\t\t\t\t\t  \t\"startDate\": \"2026-7-1T00-00-00-00\",\n\t\t\t\t\t\t\t  \t\"endDate\": \"2026-9-25T23-23-59-00\",\n\t\t\t\t\t\t\t  \t\"image\":\"https:\/\/www.blanescostabrava.cat\/wp-content\/uploads\/2019\/12\/biblioteca-comarcal-300x194.jpg\",\n\t\t\t\t\t\t\t  \t\"description\":\"FECHAS: Del 1 al 25 de septiembre\r\n\r\nLUGAR: Biblioteca Roberto Bola\u00f1o\",\n\t\t\t\t\t\t\t  \t\n\t\t\t\t\t\t\t }<\/script><\/div>\n\t\t\t\t<p class=\"desc_trig_outter\"><a data-gmap_status=\"null\" data-exlk=\"0\" style=\"border-color: #206177;padding-top: 215px;height: 310px;\" id=\"evc_1782864001237700\" class=\"desc_trig mul_val evcal_list_a\" data-ux_val=\"3\"  ><span class='event-img'><img src='https:\/\/www.blanescostabrava.cat\/wp-content\/uploads\/2019\/12\/biblioteca-comarcal.jpg'><\/span><span class='evcal_cblock ' data-bgcolor='#206177' data-smon='julio' data-syr='2026'><span class='evo_start '><em class='date'>01<\/em><em class='month'>jul<\/em><em class='time'>allday<\/em><\/span><span class='evo_end '><em class='date'>25<\/em><em class='month'>sep<\/em><\/span><em class='clear'><\/em><\/span><span class='evcal_desc evo_info hide_eventtopdata '  data-location_status=\"false\" ><span class='evo_above_title'><\/span><span class='evcal_desc2 evcal_event_title' itemprop='name'>\u00a1En verano, todas las biblios viven! Un verano en las nubes. (de 7 a 12 a\u00f1os)<\/span><span class='evo_below_title'><\/span><span class='evcal_desc_info' ><\/span><span class='evcal_desc3'><\/span><\/span><em class='clear'><\/em><\/p><\/a><div class='event_description evcal_eventcard ' style=\"display:none\"><div class='evo_metarow_directimg'><img src='https:\/\/www.blanescostabrava.cat\/wp-content\/uploads\/2019\/12\/biblioteca-comarcal.jpg' alt=\"biblioteca_comarcal_blanes\"\/><\/div><div class='evo_metarow_details evorow evcal_evdata_row bordb evcal_event_details'>\n\t\t\t\t\t\t\t<div class=\"event_excerpt\" style=\"display:none\"><h3 class=\"padb5 evo_h3\">Descripci\u00f3n<\/h3><p>FECHAS: Del 1 al 25 de septiembre\r\n\r\nLUGAR: Biblioteca Roberto Bola\u00f1o<\/p><\/div><span class='evcal_evdata_icons'><i class='fa fa-align-justify'><\/i><\/span>\n\t\t\t\t\t\t\t\n\t\t\t\t\t\t\t<div class='evcal_evdata_cell '><div class='eventon_full_description'>\n\t\t\t\t\t\t\t\t\t<h3 class='padb5 evo_h3'><span class='evcal_evdata_icons'><i class='fa fa-align-justify'><\/i><\/span>Descripci\u00f3n<\/h3><div class='eventon_desc_in' itemprop='description'>\n\t\t\t\t\t\t\t\t\t<p>FECHAS: Del 1 al 25 de septiembre<\/p>\n<p>LUGAR: Biblioteca Roberto Bola\u00f1o<\/p>\n<\/div><div class='clear'><\/div>\n\t\t\t\t\t\t\t\t<\/div>\n\t\t\t\t\t\t\t<\/div>\n\t\t\t\t\t\t<\/div><div class='evo_metarow_time_location evorow bordb '>\n\t\t\t\t\t\t<div class='tb' >\n\t\t\t\t\t\t\t<div class='tbrow'>\n\t\t\t\t\t\t\t<div class='evcal_col50 bordr'>\n\t\t\t\t\t\t\t\t<div class='evcal_evdata_row evo_time'>\n\t\t\t\t\t\t\t\t\t<span class='evcal_evdata_icons'><i class='fa fa-clock-o'><\/i><\/span>\n\t\t\t\t\t\t\t\t\t<div class='evcal_evdata_cell'>\t\t\t\t\t\t\t\n\t\t\t\t\t\t\t\t\t\t<h3 class='evo_h3'><span class='evcal_evdata_icons'><i class='fa fa-clock-o'><\/i><\/span>Fecha<\/h3>\n\t\t\t\t\t\t\t\t\t\t<p>Julio 1 (Wednesday) - Septiembre 25 (Friday)<\/p>\n\t\t\t\t\t\t\t\t\t<\/div>\n\t\t\t\t\t\t\t\t<\/div>\n\t\t\t\t\t\t\t<\/div><div class='evcal_col50'>\n\t\t\t\t\t\t\t\t<div class='evcal_evdata_row evo_location'>\n\t\t\t\t\t\t\t\t\t<span class='evcal_evdata_icons'><i class='fa fa-map-marker'><\/i><\/span>\n\t\t\t\t\t\t\t\t\t<div class='evcal_evdata_cell' data-loc_tax_id='6007'>\t\t\t\t\t\t\t\n\t\t\t\t\t\t\t\t\t\t<h3 class='evo_h3'><span class='evcal_evdata_icons'><i class='fa fa-map-marker'><\/i><\/span>Location<\/h3><p class='evo_location_name'>Biblioteca Roberto Bola\u00f1o<\/p><p class='evo_location_address'><\/p>\n\t\t\t\t\t\t\t\t\t<\/div>\n\t\t\t\t\t\t\t\t<\/div>\n\t\t\t\t\t\t\t<\/div><div class='clear'><\/div>\n\t\t\t\t\t\t\t<\/div><\/div>\n\t\t\t\t\t\t<\/div>\t\t\t\t\t\t<div class='evo_metarow_ICS evorow bordb evcal_evdata_row'>\n\t\t\t\t\t\t\t<span class=\"evcal_evdata_icons\"><i class=\"fa fa-calendar\"><\/i><\/span>\n\t\t\t\t\t\t\t<div class='evcal_evdata_cell'>\n\t\t\t\t\t\t\t\t<p><a href='https:\/\/www.blanescostabrava.cat\/wp-admin\/admin-ajax.php?action=eventon_ics_download&amp;event_id=237700&amp;sunix=20260630T220000Z&amp;eunix=20260925T215900Z&amp;loca=&amp;locn=Biblioteca Roberto Bola\u00f1o' class='evo_ics_nCal' title='Add to your calendar'>Calendar<\/a><a href='\/\/www.google.com\/calendar\/event?action=TEMPLATE&amp;text=%C2%A1En+verano%2C+todas+las+biblios+viven%21+Un+verano+en+las+nubes.+%28de+7+a+12+a%C3%B1os%29&amp;dates=20260630T220000Z\/20260925T215900Z&amp;details=FECHAS%3A+Del+1+al+25+de+septiembre%0D%0A%0D%0ALUGAR%3A+Biblioteca+Roberto+Bola%C3%B1o&amp;location=Biblioteca+Roberto+Bola%C3%B1o - ' target='_blank' class='evo_ics_gCal' title='Add to google calendar'>GoogleCal<\/a><\/p>\t\n\t\t\t\t\t\t\t<\/div>\t\t\t\t\t\t<\/div>\n\t\t\t\t\t\t<\/div><div class='clear end'><\/div><\/div><div id=\"event_237976\" class=\"eventon_list_event evo_eventtop  event hasbgimg\" data-event_id=\"237976\" data-time=\"1783641601-1789084799\" data-colr=\"#206177\" itemscope itemtype='http:\/\/schema.org\/Event' 3><div class=\"evo_boxtop\" style=\"background-image: url(https:\/\/www.blanescostabrava.cat\/wp-content\/uploads\/2023\/07\/galerialarcada-2.jpeg); background-color:#206177;height:200px;\"><\/div><div class=\"evo_event_schema\" style=\"display:none\" ><a itemprop='url'  href='https:\/\/www.blanescostabrava.cat\/es\/events\/fondo-de-arte-coleccion-de-verano\/'><\/a><span itemprop='name'  >Fondo de Arte - Colecci\u00f3n de verano<\/span><meta itemprop='image' content='https:\/\/www.blanescostabrava.cat\/wp-content\/uploads\/2023\/07\/galerialarcada-2.jpeg' ><\/meta><meta itemprop='description' content='FECHAS: Del 10 de julio al 10 de septiembre\r\n\r\nLUGAR: Galer\u00eda de arte L\u2019Arcada' ><\/meta><meta itemprop='startDate' content='2026-7-10' ><\/meta><meta itemprop='endDate' content='2026-9-10' ><\/meta><meta itemprop='eventStatus' content='on-schedule' ><\/meta><script type=\"application\/ld+json\">{\t\"@context\": \"http:\/\/schema.org\",\n\t\t\t\t\t\t\t  \t\"@type\": \"Event\",\n\t\t\t\t\t\t\t  \t\"name\": \"Fondo de Arte - Colecci\u00f3n de verano\",\n\t\t\t\t\t\t\t  \t\"startDate\": \"2026-7-10T00-00-00-00\",\n\t\t\t\t\t\t\t  \t\"endDate\": \"2026-9-10T23-23-59-00\",\n\t\t\t\t\t\t\t  \t\"image\":\"https:\/\/www.blanescostabrava.cat\/wp-content\/uploads\/2023\/07\/galerialarcada-2-300x164.jpeg\",\n\t\t\t\t\t\t\t  \t\"description\":\"FECHAS: Del 10 de julio al 10 de septiembre\r\n\r\nLUGAR: Galer\u00eda de arte L\u2019Arcada\",\n\t\t\t\t\t\t\t  \t\n\t\t\t\t\t\t\t }<\/script><\/div>\n\t\t\t\t<p class=\"desc_trig_outter\"><a data-gmap_status=\"null\" data-exlk=\"0\" style=\"border-color: #206177;padding-top: 215px;height: 310px;\" id=\"evc_1783641601237976\" class=\"desc_trig mul_val evcal_list_a\" data-ux_val=\"3\"  ><span class='event-img'><img src='https:\/\/www.blanescostabrava.cat\/wp-content\/uploads\/2023\/07\/galerialarcada-2.jpeg'><\/span><span class='evcal_cblock ' data-bgcolor='#206177' data-smon='julio' data-syr='2026'><span class='evo_start '><em class='date'>10<\/em><em class='month'>jul<\/em><em class='time'>allday<\/em><\/span><span class='evo_end '><em class='date'>10<\/em><em class='month'>sep<\/em><\/span><em class='clear'><\/em><\/span><span class='evcal_desc evo_info hide_eventtopdata '  data-location_status=\"false\" ><span class='evo_above_title'><\/span><span class='evcal_desc2 evcal_event_title' itemprop='name'>Fondo de Arte - Colecci\u00f3n de verano<\/span><span class='evo_below_title'><\/span><span class='evcal_desc_info' ><\/span><span class='evcal_desc3'><\/span><\/span><em class='clear'><\/em><\/p><\/a><div class='event_description evcal_eventcard ' style=\"display:none\"><div class='evo_metarow_directimg'><img src='https:\/\/www.blanescostabrava.cat\/wp-content\/uploads\/2023\/07\/galerialarcada-2.jpeg' \/><\/div><div class='evo_metarow_details evorow evcal_evdata_row bordb evcal_event_details'>\n\t\t\t\t\t\t\t<div class=\"event_excerpt\" style=\"display:none\"><h3 class=\"padb5 evo_h3\">Descripci\u00f3n<\/h3><p>FECHAS: Del 10 de julio al 10 de septiembre\r\n\r\nLUGAR: Galer\u00eda de arte L\u2019Arcada<\/p><\/div><span class='evcal_evdata_icons'><i class='fa fa-align-justify'><\/i><\/span>\n\t\t\t\t\t\t\t\n\t\t\t\t\t\t\t<div class='evcal_evdata_cell '><div class='eventon_full_description'>\n\t\t\t\t\t\t\t\t\t<h3 class='padb5 evo_h3'><span class='evcal_evdata_icons'><i class='fa fa-align-justify'><\/i><\/span>Descripci\u00f3n<\/h3><div class='eventon_desc_in' itemprop='description'>\n\t\t\t\t\t\t\t\t\t<p>FECHAS: Del 10 de julio al 10 de septiembre<\/p>\n<p>LUGAR: Galer\u00eda de arte L\u2019Arcada<\/p>\n<\/div><div class='clear'><\/div>\n\t\t\t\t\t\t\t\t<\/div>\n\t\t\t\t\t\t\t<\/div>\n\t\t\t\t\t\t<\/div><div class='evo_metarow_time_location evorow bordb '>\n\t\t\t\t\t\t<div class='tb' >\n\t\t\t\t\t\t\t<div class='tbrow'>\n\t\t\t\t\t\t\t<div class='evcal_col50 bordr'>\n\t\t\t\t\t\t\t\t<div class='evcal_evdata_row evo_time'>\n\t\t\t\t\t\t\t\t\t<span class='evcal_evdata_icons'><i class='fa fa-clock-o'><\/i><\/span>\n\t\t\t\t\t\t\t\t\t<div class='evcal_evdata_cell'>\t\t\t\t\t\t\t\n\t\t\t\t\t\t\t\t\t\t<h3 class='evo_h3'><span class='evcal_evdata_icons'><i class='fa fa-clock-o'><\/i><\/span>Fecha<\/h3>\n\t\t\t\t\t\t\t\t\t\t<p>Julio 10 (Friday) - Septiembre 10 (Thursday)<\/p>\n\t\t\t\t\t\t\t\t\t<\/div>\n\t\t\t\t\t\t\t\t<\/div>\n\t\t\t\t\t\t\t<\/div><div class='evcal_col50'>\n\t\t\t\t\t\t\t\t<div class='evcal_evdata_row evo_location'>\n\t\t\t\t\t\t\t\t\t<span class='evcal_evdata_icons'><i class='fa fa-map-marker'><\/i><\/span>\n\t\t\t\t\t\t\t\t\t<div class='evcal_evdata_cell' data-loc_tax_id='2789'>\t\t\t\t\t\t\t\n\t\t\t\t\t\t\t\t\t\t<h3 class='evo_h3'><span class='evcal_evdata_icons'><i class='fa fa-map-marker'><\/i><\/span>Location<\/h3><p class='evo_location_name'>Galeria de arte l\u2019Arcada<\/p><p class='evo_location_address'><\/p>\n\t\t\t\t\t\t\t\t\t<\/div>\n\t\t\t\t\t\t\t\t<\/div>\n\t\t\t\t\t\t\t<\/div><div class='clear'><\/div>\n\t\t\t\t\t\t\t<\/div><\/div>\n\t\t\t\t\t\t<\/div>\t\t\t\t\t\t<div class='evo_metarow_ICS evorow bordb evcal_evdata_row'>\n\t\t\t\t\t\t\t<span class=\"evcal_evdata_icons\"><i class=\"fa fa-calendar\"><\/i><\/span>\n\t\t\t\t\t\t\t<div class='evcal_evdata_cell'>\n\t\t\t\t\t\t\t\t<p><a href='https:\/\/www.blanescostabrava.cat\/wp-admin\/admin-ajax.php?action=eventon_ics_download&amp;event_id=237976&amp;sunix=20260709T220000Z&amp;eunix=20260910T215900Z&amp;loca=&amp;locn=Galeria de arte l\u2019Arcada' class='evo_ics_nCal' title='Add to your calendar'>Calendar<\/a><a href='\/\/www.google.com\/calendar\/event?action=TEMPLATE&amp;text=Fondo+de+Arte+-+Colecci%C3%B3n+de+verano&amp;dates=20260709T220000Z\/20260910T215900Z&amp;details=FECHAS%3A+Del+10+de+julio+al+10+de+septiembre%0D%0A%0D%0ALUGAR%3A+Galer%C3%ADa+de+arte+L%E2%80%99Arcada&amp;location=Galeria+de+arte+l%E2%80%99Arcada - ' target='_blank' class='evo_ics_gCal' title='Add to google calendar'>GoogleCal<\/a><\/p>\t\n\t\t\t\t\t\t\t<\/div>\t\t\t\t\t\t<\/div>\n\t\t\t\t\t\t<\/div><div class='clear end'><\/div><\/div><div id=\"event_241780\" class=\"eventon_list_event evo_eventtop  event hasbgimg\" data-event_id=\"241780\" data-time=\"1785888001-1789343999\" data-colr=\"#206177\" itemscope itemtype='http:\/\/schema.org\/Event' 4><div class=\"evo_boxtop\" style=\"background-image: url(https:\/\/www.blanescostabrava.cat\/wp-content\/uploads\/2026\/08\/unnamed-1.png); background-color:#206177;height:200px;\"><\/div><div class=\"evo_event_schema\" style=\"display:none\" ><a itemprop='url'  href='https:\/\/www.blanescostabrava.cat\/es\/events\/exposicion-blai-bonet-de-claror-i-de-cor\/'><\/a><span itemprop='name'  >Exposici\u00f3n 'Blai Bonet, \u00abDe claror i de cor\u00bb'<\/span><meta itemprop='image' content='https:\/\/www.blanescostabrava.cat\/wp-content\/uploads\/2026\/08\/unnamed-1.png' ><\/meta><meta itemprop='description' content='D\u00cdA: Hasta el 13 de septiembreLUGAR: Primer piso de la BibliotecaDESCRIPCI\u00d3N: Exposici\u00f3n itinerante dedicada a Blai Bonet con motivo del centenario de su nacimiento.' ><\/meta><meta itemprop='startDate' content='2026-8-5' ><\/meta><meta itemprop='endDate' content='2026-9-13' ><\/meta><meta itemprop='eventStatus' content='on-schedule' ><\/meta><script type=\"application\/ld+json\">{\t\"@context\": \"http:\/\/schema.org\",\n\t\t\t\t\t\t\t  \t\"@type\": \"Event\",\n\t\t\t\t\t\t\t  \t\"name\": \"Exposici\u00f3n 'Blai Bonet, \u00abDe claror i de cor\u00bb'\",\n\t\t\t\t\t\t\t  \t\"startDate\": \"2026-8-5T00-00-00-00\",\n\t\t\t\t\t\t\t  \t\"endDate\": \"2026-9-13T23-23-59-00\",\n\t\t\t\t\t\t\t  \t\"image\":\"https:\/\/www.blanescostabrava.cat\/wp-content\/uploads\/2026\/08\/unnamed-1-300x169.png\",\n\t\t\t\t\t\t\t  \t\"description\":\"D\u00cdA: Hasta el 13 de septiembreLUGAR: Primer piso de la BibliotecaDESCRIPCI\u00d3N: Exposici\u00f3n itinerante dedicada a Blai Bonet con motivo del centenario de su nacimiento.\",\n\t\t\t\t\t\t\t  \t\n\t\t\t\t\t\t\t }<\/script><\/div>\n\t\t\t\t<p class=\"desc_trig_outter\"><a data-gmap_status=\"null\" data-exlk=\"0\" style=\"border-color: #206177;padding-top: 215px;height: 310px;\" id=\"evc_1785888001241780\" class=\"desc_trig mul_val evcal_list_a\" data-ux_val=\"3\"  ><span class='event-img'><img src='https:\/\/www.blanescostabrava.cat\/wp-content\/uploads\/2026\/08\/unnamed-1.png'><\/span><span class='evcal_cblock ' data-bgcolor='#206177' data-smon='agosto' data-syr='2026'><span class='evo_start '><em class='date'>05<\/em><em class='month'>ago<\/em><em class='time'>allday<\/em><\/span><span class='evo_end '><em class='date'>13<\/em><em class='month'>sep<\/em><\/span><em class='clear'><\/em><\/span><span class='evcal_desc evo_info hide_eventtopdata '  data-location_status=\"false\" ><span class='evo_above_title'><\/span><span class='evcal_desc2 evcal_event_title' itemprop='name'>Exposici\u00f3n 'Blai Bonet, \u00abDe claror i de cor\u00bb'<\/span><span class='evo_below_title'><\/span><span class='evcal_desc_info' ><\/span><span class='evcal_desc3'><\/span><\/span><em class='clear'><\/em><\/p><\/a><div class='event_description evcal_eventcard ' style=\"display:none\"><div class='evo_metarow_directimg'><img src='https:\/\/www.blanescostabrava.cat\/wp-content\/uploads\/2026\/08\/unnamed-1.png' \/><\/div><div class='evo_metarow_details evorow evcal_evdata_row bordb evcal_event_details'>\n\t\t\t\t\t\t\t<div class=\"event_excerpt\" style=\"display:none\"><h3 class=\"padb5 evo_h3\">Descripci\u00f3n<\/h3><p>D\u00cdA: Hasta el 13 de septiembreLUGAR: Primer piso de la BibliotecaDESCRIPCI\u00d3N: Exposici\u00f3n itinerante dedicada a Blai Bonet con motivo del centenario de su nacimiento.<\/p><\/div><span class='evcal_evdata_icons'><i class='fa fa-align-justify'><\/i><\/span>\n\t\t\t\t\t\t\t\n\t\t\t\t\t\t\t<div class='evcal_evdata_cell shorter_desc'><div class='eventon_details_shading_bot'>\n\t\t\t\t\t\t\t\t<p class='eventon_shad_p' content='less'><span class='ev_more_text' data-txt='less'>more<\/span><span class='ev_more_arrow'><\/span><\/p>\n\t\t\t\t\t\t\t<\/div><div class='eventon_full_description'>\n\t\t\t\t\t\t\t\t\t<h3 class='padb5 evo_h3'><span class='evcal_evdata_icons'><i class='fa fa-align-justify'><\/i><\/span>Descripci\u00f3n<\/h3><div class='eventon_desc_in' itemprop='description'>\n\t\t\t\t\t\t\t\t\t<p><strong>D\u00cdA<\/strong>: Hasta el 13 de septiembre<br data-start=\"1394\" data-end=\"1397\" \/><strong>LUGAR<\/strong>: Primer piso de la Biblioteca<br data-start=\"1432\" data-end=\"1435\" \/><strong>DESCRIPCI\u00d3N<\/strong>: Exposici\u00f3n itinerante dedicada a Blai Bonet con motivo del centenario de su nacimiento. A trav\u00e9s de seis paneles, la muestra recorre la vida y la obra del autor y presenta su figura poli\u00e9drica mediante material gr\u00e1fico y textos del propio autor. Comisariada por Pau Vadell i Vallbona.<\/p>\n<p><img class=\"alignnone size-large wp-image-241777\" src=\"https:\/\/www.blanescostabrava.cat\/wp-content\/uploads\/2026\/08\/unnamed-1-1024x576.png\" alt=\"\" width=\"1024\" height=\"576\" srcset=\"https:\/\/www.blanescostabrava.cat\/wp-content\/uploads\/2026\/08\/unnamed-1-1024x576.png 1024w, https:\/\/www.blanescostabrava.cat\/wp-content\/uploads\/2026\/08\/unnamed-1-300x169.png 300w, https:\/\/www.blanescostabrava.cat\/wp-content\/uploads\/2026\/08\/unnamed-1-150x84.png 150w, https:\/\/www.blanescostabrava.cat\/wp-content\/uploads\/2026\/08\/unnamed-1-768x432.png 768w, https:\/\/www.blanescostabrava.cat\/wp-content\/uploads\/2026\/08\/unnamed-1-1536x864.png 1536w, https:\/\/www.blanescostabrava.cat\/wp-content\/uploads\/2026\/08\/unnamed-1-2048x1152.png 2048w, https:\/\/www.blanescostabrava.cat\/wp-content\/uploads\/2026\/08\/unnamed-1-24x14.png 24w, https:\/\/www.blanescostabrava.cat\/wp-content\/uploads\/2026\/08\/unnamed-1-36x20.png 36w, https:\/\/www.blanescostabrava.cat\/wp-content\/uploads\/2026\/08\/unnamed-1-48x27.png 48w\" sizes=\"(max-width: 1024px) 100vw, 1024px\" \/><\/p>\n<\/div><div class='clear'><\/div>\n\t\t\t\t\t\t\t\t<\/div>\n\t\t\t\t\t\t\t<\/div>\n\t\t\t\t\t\t<\/div><div class='evo_metarow_time_location evorow bordb '>\n\t\t\t\t\t\t<div class='tb' >\n\t\t\t\t\t\t\t<div class='tbrow'>\n\t\t\t\t\t\t\t<div class='evcal_col50 bordr'>\n\t\t\t\t\t\t\t\t<div class='evcal_evdata_row evo_time'>\n\t\t\t\t\t\t\t\t\t<span class='evcal_evdata_icons'><i class='fa fa-clock-o'><\/i><\/span>\n\t\t\t\t\t\t\t\t\t<div class='evcal_evdata_cell'>\t\t\t\t\t\t\t\n\t\t\t\t\t\t\t\t\t\t<h3 class='evo_h3'><span class='evcal_evdata_icons'><i class='fa fa-clock-o'><\/i><\/span>Fecha<\/h3>\n\t\t\t\t\t\t\t\t\t\t<p>Agosto 5 (Wednesday) - Septiembre 13 (Sunday)<\/p>\n\t\t\t\t\t\t\t\t\t<\/div>\n\t\t\t\t\t\t\t\t<\/div>\n\t\t\t\t\t\t\t<\/div><div class='evcal_col50'>\n\t\t\t\t\t\t\t\t<div class='evcal_evdata_row evo_location'>\n\t\t\t\t\t\t\t\t\t<span class='evcal_evdata_icons'><i class='fa fa-map-marker'><\/i><\/span>\n\t\t\t\t\t\t\t\t\t<div class='evcal_evdata_cell' data-loc_tax_id='6007'>\t\t\t\t\t\t\t\n\t\t\t\t\t\t\t\t\t\t<h3 class='evo_h3'><span class='evcal_evdata_icons'><i class='fa fa-map-marker'><\/i><\/span>Location<\/h3><p class='evo_location_name'>Biblioteca Roberto Bola\u00f1o<\/p><p class='evo_location_address'><\/p>\n\t\t\t\t\t\t\t\t\t<\/div>\n\t\t\t\t\t\t\t\t<\/div>\n\t\t\t\t\t\t\t<\/div><div class='clear'><\/div>\n\t\t\t\t\t\t\t<\/div><\/div>\n\t\t\t\t\t\t<\/div>\t\t\t\t\t\t<div class='evo_metarow_ICS evorow bordb evcal_evdata_row'>\n\t\t\t\t\t\t\t<span class=\"evcal_evdata_icons\"><i class=\"fa fa-calendar\"><\/i><\/span>\n\t\t\t\t\t\t\t<div class='evcal_evdata_cell'>\n\t\t\t\t\t\t\t\t<p><a href='https:\/\/www.blanescostabrava.cat\/wp-admin\/admin-ajax.php?action=eventon_ics_download&amp;event_id=241780&amp;sunix=20260804T220000Z&amp;eunix=20260913T215900Z&amp;loca=&amp;locn=Biblioteca Roberto Bola\u00f1o' class='evo_ics_nCal' title='Add to your calendar'>Calendar<\/a><a href='\/\/www.google.com\/calendar\/event?action=TEMPLATE&amp;text=Exposici%C3%B3n+%27Blai+Bonet%2C+%C2%ABDe+claror+i+de+cor%C2%BB%27&amp;dates=20260804T220000Z\/20260913T215900Z&amp;details=D%C3%8DA%3A+Hasta+el+13+de+septiembreLUGAR%3A+Primer+piso+de+la+BibliotecaDESCRIPCI%C3%93N%3A+Exposici%C3%B3n+itinerante+dedicada+a+Blai+Bonet+con+motivo+del+centenario+de+su+nacimiento.&amp;location=Biblioteca+Roberto+Bola%C3%B1o - ' target='_blank' class='evo_ics_gCal' title='Add to google calendar'>GoogleCal<\/a><\/p>\t\n\t\t\t\t\t\t\t<\/div>\t\t\t\t\t\t<\/div>\n\t\t\t\t\t\t<\/div><div class='clear end'><\/div><\/div><div id=\"event_241930\" class=\"eventon_list_event evo_eventtop  event hasbgimg\" data-event_id=\"241930\" data-time=\"1788480001-1788566399\" data-colr=\"#206177\" itemscope itemtype='http:\/\/schema.org\/Event' 5><div class=\"evo_boxtop\" style=\"background-image: url(https:\/\/www.blanescostabrava.cat\/wp-content\/uploads\/2018\/08\/botiga-al-carrer.jpg); background-color:#206177;height:200px;\"><\/div><div class=\"evo_event_schema\" style=\"display:none\" ><a itemprop='url'  href='https:\/\/www.blanescostabrava.cat\/events\/festes-de-barri-ctra-lloret-la-pedrera\/'><\/a><span itemprop='name'  >Festes de Barri - Ctra. Lloret \/ La Pedrera<\/span><meta itemprop='image' content='https:\/\/www.blanescostabrava.cat\/wp-content\/uploads\/2018\/08\/botiga-al-carrer.jpg' ><\/meta><meta itemprop='description' content='DIA: Del 4 al 6 de setembre\r\nLLOC: Barri Ctra. Lloret-La Pedrera-Av. Joan Carles I, 91\r\nDESCRIPCI\u00d3: Festa de barri amb activitats populars.' ><\/meta><meta itemprop='startDate' content='2026-9-4' ><\/meta><meta itemprop='endDate' content='2026-9-4' ><\/meta><meta itemprop='eventStatus' content='on-schedule' ><\/meta><script type=\"application\/ld+json\">{\t\"@context\": \"http:\/\/schema.org\",\n\t\t\t\t\t\t\t  \t\"@type\": \"Event\",\n\t\t\t\t\t\t\t  \t\"name\": \"Festes de Barri - Ctra. Lloret \/ La Pedrera\",\n\t\t\t\t\t\t\t  \t\"startDate\": \"2026-9-4T00-00-00-00\",\n\t\t\t\t\t\t\t  \t\"endDate\": \"2026-9-4T23-23-59-00\",\n\t\t\t\t\t\t\t  \t\"image\":\"https:\/\/www.blanescostabrava.cat\/wp-content\/uploads\/2018\/08\/botiga-al-carrer-300x166.jpg\",\n\t\t\t\t\t\t\t  \t\"description\":\"DIA: Del 4 al 6 de setembre\r\nLLOC: Barri Ctra. Lloret-La Pedrera-Av. Joan Carles I, 91\r\nDESCRIPCI\u00d3: Festa de barri amb activitats populars.\",\n\t\t\t\t\t\t\t  \t\n\t\t\t\t\t\t\t }<\/script><\/div>\n\t\t\t\t<p class=\"desc_trig_outter\"><a data-gmap_status=\"null\" data-exlk=\"0\" style=\"border-color: #206177;padding-top: 215px;height: 310px;\" id=\"evc_1788480001241930\" class=\"desc_trig sin_val evcal_list_a\" data-ux_val=\"3\"  ><span class='event-img'><img src='https:\/\/www.blanescostabrava.cat\/wp-content\/uploads\/2018\/08\/botiga-al-carrer.jpg'><\/span><span class='evcal_cblock ' data-bgcolor='#206177' data-smon='septiembre' data-syr='2026'><span class='evo_start '><em class='date'>04<\/em><em class='month'>sep<\/em><em class='time'>allday<\/em><\/span><em class='clear'><\/em><\/span><span class='evcal_desc evo_info hide_eventtopdata '  data-location_status=\"false\" ><span class='evo_above_title'><\/span><span class='evcal_desc2 evcal_event_title' itemprop='name'>Festes de Barri - Ctra. Lloret \/ La Pedrera<\/span><span class='evo_below_title'><\/span><span class='evcal_desc_info' ><\/span><span class='evcal_desc3'><\/span><\/span><em class='clear'><\/em><\/p><\/a><div class='event_description evcal_eventcard ' style=\"display:none\"><div class='evo_metarow_directimg'><img src='https:\/\/www.blanescostabrava.cat\/wp-content\/uploads\/2018\/08\/botiga-al-carrer.jpg' alt=\"botiga al carrer\"\/><\/div><div class='evo_metarow_details evorow evcal_evdata_row bordb evcal_event_details'>\n\t\t\t\t\t\t\t<div class=\"event_excerpt\" style=\"display:none\"><h3 class=\"padb5 evo_h3\">Descripci\u00f3n<\/h3><p>DIA: Del 4 al 6 de setembre\r\nLLOC: Barri Ctra. Lloret-La Pedrera-Av. Joan Carles I, 91\r\nDESCRIPCI\u00d3: Festa de barri amb activitats populars.<\/p><\/div><span class='evcal_evdata_icons'><i class='fa fa-align-justify'><\/i><\/span>\n\t\t\t\t\t\t\t\n\t\t\t\t\t\t\t<div class='evcal_evdata_cell '><div class='eventon_full_description'>\n\t\t\t\t\t\t\t\t\t<h3 class='padb5 evo_h3'><span class='evcal_evdata_icons'><i class='fa fa-align-justify'><\/i><\/span>Descripci\u00f3n<\/h3><div class='eventon_desc_in' itemprop='description'>\n\t\t\t\t\t\t\t\t\t<p>DIA: Del 4 al 6 de setembre<br \/>\nLLOC: Barri Ctra. Lloret-La Pedrera-Av. Joan Carles I, 91<br \/>\nDESCRIPCI\u00d3: Festa de barri amb activitats populars.<\/p>\n<\/div><div class='clear'><\/div>\n\t\t\t\t\t\t\t\t<\/div>\n\t\t\t\t\t\t\t<\/div>\n\t\t\t\t\t\t<\/div><div class='evo_metarow_time_location evorow bordb '>\n\t\t\t\t\t\t<div class='tb' >\n\t\t\t\t\t\t\t<div class='tbrow'>\n\t\t\t\t\t\t\t<div class='evcal_col50 bordr'>\n\t\t\t\t\t\t\t\t<div class='evcal_evdata_row evo_time'>\n\t\t\t\t\t\t\t\t\t<span class='evcal_evdata_icons'><i class='fa fa-clock-o'><\/i><\/span>\n\t\t\t\t\t\t\t\t\t<div class='evcal_evdata_cell'>\t\t\t\t\t\t\t\n\t\t\t\t\t\t\t\t\t\t<h3 class='evo_h3'><span class='evcal_evdata_icons'><i class='fa fa-clock-o'><\/i><\/span>Fecha<\/h3>\n\t\t\t\t\t\t\t\t\t\t<p>All Day (Friday)<\/p>\n\t\t\t\t\t\t\t\t\t<\/div>\n\t\t\t\t\t\t\t\t<\/div>\n\t\t\t\t\t\t\t<\/div><div class='evcal_col50'>\n\t\t\t\t\t\t\t\t<div class='evcal_evdata_row evo_location'>\n\t\t\t\t\t\t\t\t\t<span class='evcal_evdata_icons'><i class='fa fa-map-marker'><\/i><\/span>\n\t\t\t\t\t\t\t\t\t<div class='evcal_evdata_cell' data-loc_tax_id='2756'>\t\t\t\t\t\t\t\n\t\t\t\t\t\t\t\t\t\t<h3 class='evo_h3'><span class='evcal_evdata_icons'><i class='fa fa-map-marker'><\/i><\/span>Location<\/h3><p class='evo_location_name'>Barri carretera Lloret - La Pedrera<\/p><p class='evo_location_address'><\/p>\n\t\t\t\t\t\t\t\t\t<\/div>\n\t\t\t\t\t\t\t\t<\/div>\n\t\t\t\t\t\t\t<\/div><div class='clear'><\/div>\n\t\t\t\t\t\t\t<\/div><\/div>\n\t\t\t\t\t\t<\/div>\t\t\t\t\t\t<div class='evo_metarow_ICS evorow bordb evcal_evdata_row'>\n\t\t\t\t\t\t\t<span class=\"evcal_evdata_icons\"><i class=\"fa fa-calendar\"><\/i><\/span>\n\t\t\t\t\t\t\t<div class='evcal_evdata_cell'>\n\t\t\t\t\t\t\t\t<p><a href='https:\/\/www.blanescostabrava.cat\/wp-admin\/admin-ajax.php?action=eventon_ics_download&amp;event_id=241930&amp;sunix=20260903T220000Z&amp;eunix=20260904T215900Z&amp;loca=&amp;locn=Barri carretera Lloret - La Pedrera' class='evo_ics_nCal' title='Add to your calendar'>Calendar<\/a><a href='\/\/www.google.com\/calendar\/event?action=TEMPLATE&amp;text=Festes+de+Barri+-+Ctra.+Lloret+%2F+La+Pedrera&amp;dates=20260903T220000Z\/20260904T215900Z&amp;details=DIA%3A+Del+4+al+6+de+setembre%0D%0ALLOC%3A+Barri+Ctra.+Lloret-La+Pedrera-Av.+Joan+Carles+I%2C+91%0D%0ADESCRIPCI%C3%93%3A+Festa+de+barri+amb+activitats+populars.&amp;location=Barri+carretera+Lloret+-+La+Pedrera - ' target='_blank' class='evo_ics_gCal' title='Add to google calendar'>GoogleCal<\/a><\/p>\t\n\t\t\t\t\t\t\t<\/div>\t\t\t\t\t\t<\/div>\n\t\t\t\t\t\t<\/div><div class='clear end'><\/div><\/div><div id=\"event_241942\" class=\"eventon_list_event evo_eventtop  event hasbgimg\" data-event_id=\"241942\" data-time=\"1788480001-1788566399\" data-colr=\"#206177\" itemscope itemtype='http:\/\/schema.org\/Event' 6><div class=\"evo_boxtop\" style=\"background-image: url(https:\/\/www.blanescostabrava.cat\/wp-content\/uploads\/2026\/08\/images-2.jpeg); background-color:#206177;height:200px;\"><\/div><div class=\"evo_event_schema\" style=\"display:none\" ><a itemprop='url'  href='https:\/\/www.blanescostabrava.cat\/events\/llum-color-i-mar-valentina-escoriza\/'><\/a><span itemprop='name'  >\"Llum, color i mar!\" - Valentina Escoriza<\/span><meta itemprop='image' content='https:\/\/www.blanescostabrava.cat\/wp-content\/uploads\/2026\/08\/images-2.jpeg' ><\/meta><meta itemprop='description' content='DIA: Del 4 al 13 de setembre\r\nLLOC: Sala Ma Luisa Garc\u00eda-Tornel\r\nDESCRIPCI\u00d3: Exposici\u00f3 de pintura de Valentina Escoriza.' ><\/meta><meta itemprop='startDate' content='2026-9-4' ><\/meta><meta itemprop='endDate' content='2026-9-4' ><\/meta><meta itemprop='eventStatus' content='on-schedule' ><\/meta><script type=\"application\/ld+json\">{\t\"@context\": \"http:\/\/schema.org\",\n\t\t\t\t\t\t\t  \t\"@type\": \"Event\",\n\t\t\t\t\t\t\t  \t\"name\": \"\"Llum, color i mar!\" - Valentina Escoriza\",\n\t\t\t\t\t\t\t  \t\"startDate\": \"2026-9-4T00-00-00-00\",\n\t\t\t\t\t\t\t  \t\"endDate\": \"2026-9-4T23-23-59-00\",\n\t\t\t\t\t\t\t  \t\"image\":\"https:\/\/www.blanescostabrava.cat\/wp-content\/uploads\/2026\/08\/images-2-239x300.jpeg\",\n\t\t\t\t\t\t\t  \t\"description\":\"DIA: Del 4 al 13 de setembre\r\nLLOC: Sala Ma Luisa Garc\u00eda-Tornel\r\nDESCRIPCI\u00d3: Exposici\u00f3 de pintura de Valentina Escoriza.\",\n\t\t\t\t\t\t\t  \t\n\t\t\t\t\t\t\t }<\/script><\/div>\n\t\t\t\t<p class=\"desc_trig_outter\"><a data-gmap_status=\"null\" data-exlk=\"0\" style=\"border-color: #206177;padding-top: 215px;height: 310px;\" id=\"evc_1788480001241942\" class=\"desc_trig sin_val evcal_list_a\" data-ux_val=\"3\"  ><span class='event-img'><img src='https:\/\/www.blanescostabrava.cat\/wp-content\/uploads\/2026\/08\/images-2.jpeg'><\/span><span class='evcal_cblock ' data-bgcolor='#206177' data-smon='septiembre' data-syr='2026'><span class='evo_start '><em class='date'>04<\/em><em class='month'>sep<\/em><em class='time'>allday<\/em><\/span><em class='clear'><\/em><\/span><span class='evcal_desc evo_info hide_eventtopdata '  data-location_status=\"false\" ><span class='evo_above_title'><\/span><span class='evcal_desc2 evcal_event_title' itemprop='name'>\"Llum, color i mar!\" - Valentina Escoriza<\/span><span class='evo_below_title'><\/span><span class='evcal_desc_info' ><\/span><span class='evcal_desc3'><\/span><\/span><em class='clear'><\/em><\/p><\/a><div class='event_description evcal_eventcard ' style=\"display:none\"><div class='evo_metarow_directimg'><img src='https:\/\/www.blanescostabrava.cat\/wp-content\/uploads\/2026\/08\/images-2.jpeg' \/><\/div><div class='evo_metarow_details evorow evcal_evdata_row bordb evcal_event_details'>\n\t\t\t\t\t\t\t<div class=\"event_excerpt\" style=\"display:none\"><h3 class=\"padb5 evo_h3\">Descripci\u00f3n<\/h3><p>DIA: Del 4 al 13 de setembre\r\nLLOC: Sala Ma Luisa Garc\u00eda-Tornel\r\nDESCRIPCI\u00d3: Exposici\u00f3 de pintura de Valentina Escoriza.<\/p><\/div><span class='evcal_evdata_icons'><i class='fa fa-align-justify'><\/i><\/span>\n\t\t\t\t\t\t\t\n\t\t\t\t\t\t\t<div class='evcal_evdata_cell '><div class='eventon_full_description'>\n\t\t\t\t\t\t\t\t\t<h3 class='padb5 evo_h3'><span class='evcal_evdata_icons'><i class='fa fa-align-justify'><\/i><\/span>Descripci\u00f3n<\/h3><div class='eventon_desc_in' itemprop='description'>\n\t\t\t\t\t\t\t\t\t<p>DIA: Del 4 al 13 de setembre<br \/>\nLLOC: Sala Ma Luisa Garc\u00eda-Tornel<br \/>\nDESCRIPCI\u00d3: Exposici\u00f3 de pintura de Valentina Escoriza.<\/p>\n<\/div><div class='clear'><\/div>\n\t\t\t\t\t\t\t\t<\/div>\n\t\t\t\t\t\t\t<\/div>\n\t\t\t\t\t\t<\/div><div class='evo_metarow_time_location evorow bordb '>\n\t\t\t\t\t\t<div class='tb' >\n\t\t\t\t\t\t\t<div class='tbrow'>\n\t\t\t\t\t\t\t<div class='evcal_col50 bordr'>\n\t\t\t\t\t\t\t\t<div class='evcal_evdata_row evo_time'>\n\t\t\t\t\t\t\t\t\t<span class='evcal_evdata_icons'><i class='fa fa-clock-o'><\/i><\/span>\n\t\t\t\t\t\t\t\t\t<div class='evcal_evdata_cell'>\t\t\t\t\t\t\t\n\t\t\t\t\t\t\t\t\t\t<h3 class='evo_h3'><span class='evcal_evdata_icons'><i class='fa fa-clock-o'><\/i><\/span>Fecha<\/h3>\n\t\t\t\t\t\t\t\t\t\t<p>All Day (Friday)<\/p>\n\t\t\t\t\t\t\t\t\t<\/div>\n\t\t\t\t\t\t\t\t<\/div>\n\t\t\t\t\t\t\t<\/div><div class='evcal_col50'>\n\t\t\t\t\t\t\t\t<div class='evcal_evdata_row evo_location'>\n\t\t\t\t\t\t\t\t\t<span class='evcal_evdata_icons'><i class='fa fa-map-marker'><\/i><\/span>\n\t\t\t\t\t\t\t\t\t<div class='evcal_evdata_cell' data-loc_tax_id='5845'>\t\t\t\t\t\t\t\n\t\t\t\t\t\t\t\t\t\t<h3 class='evo_h3'><span class='evcal_evdata_icons'><i class='fa fa-map-marker'><\/i><\/span>Location<\/h3><p class='evo_location_name'>Sala Municipal d&#039;exposicions Maria Luisa Garc\u00eda Tornel<\/p><p class='evo_location_address'><\/p>\n\t\t\t\t\t\t\t\t\t<\/div>\n\t\t\t\t\t\t\t\t<\/div>\n\t\t\t\t\t\t\t<\/div><div class='clear'><\/div>\n\t\t\t\t\t\t\t<\/div><\/div>\n\t\t\t\t\t\t<\/div>\t\t\t\t\t\t<div class='evo_metarow_ICS evorow bordb evcal_evdata_row'>\n\t\t\t\t\t\t\t<span class=\"evcal_evdata_icons\"><i class=\"fa fa-calendar\"><\/i><\/span>\n\t\t\t\t\t\t\t<div class='evcal_evdata_cell'>\n\t\t\t\t\t\t\t\t<p><a href='https:\/\/www.blanescostabrava.cat\/wp-admin\/admin-ajax.php?action=eventon_ics_download&amp;event_id=241942&amp;sunix=20260903T220000Z&amp;eunix=20260904T215900Z&amp;loca=&amp;locn=Sala Municipal d&#039;exposicions Maria Luisa Garc\u00eda Tornel' class='evo_ics_nCal' title='Add to your calendar'>Calendar<\/a><a href='\/\/www.google.com\/calendar\/event?action=TEMPLATE&amp;text=%22Llum%2C+color+i+mar%21%22+-+Valentina+Escoriza&amp;dates=20260903T220000Z\/20260904T215900Z&amp;details=DIA%3A+Del+4+al+13+de+setembre%0D%0ALLOC%3A+Sala+Ma+Luisa+Garc%C3%ADa-Tornel%0D%0ADESCRIPCI%C3%93%3A+Exposici%C3%B3+de+pintura+de+Valentina+Escoriza.&amp;location=Sala+Municipal+d%26%23039%3Bexposicions+Maria+Luisa+Garc%C3%ADa+Tornel - ' target='_blank' class='evo_ics_gCal' title='Add to google calendar'>GoogleCal<\/a><\/p>\t\n\t\t\t\t\t\t\t<\/div>\t\t\t\t\t\t<\/div>\n\t\t\t\t\t\t<\/div><div class='clear end'><\/div><\/div><div id=\"event_241849\" class=\"eventon_list_event evo_eventtop  event hasbgimg\" data-event_id=\"241849\" data-time=\"1788480001-1788652799\" data-colr=\"#206177\" itemscope itemtype='http:\/\/schema.org\/Event' 7><div class=\"evo_boxtop\" style=\"background-image: url(https:\/\/www.blanescostabrava.cat\/wp-content\/uploads\/2026\/08\/DINA4.jpg); background-color:#206177;height:200px;\"><\/div><div class=\"evo_event_schema\" style=\"display:none\" ><a itemprop='url'  href='https:\/\/www.blanescostabrava.cat\/es\/events\/tast-al-mar-3\/'><\/a><span itemprop='name'  >Tast al mar<\/span><meta itemprop='image' content='https:\/\/www.blanescostabrava.cat\/wp-content\/uploads\/2026\/08\/DINA4.jpg' ><\/meta><meta itemprop='description' content='Village gastron\u00f3mico en el puerto de Blanes.\r\n\r\nD\u00cdA: 4 y 5 de septiembre, a partir de las 18:30 hLUGAR: Puerto de Blanes\r\n\r\n' ><\/meta><meta itemprop='startDate' content='2026-9-4' ><\/meta><meta itemprop='endDate' content='2026-9-5' ><\/meta><meta itemprop='eventStatus' content='on-schedule' ><\/meta><script type=\"application\/ld+json\">{\t\"@context\": \"http:\/\/schema.org\",\n\t\t\t\t\t\t\t  \t\"@type\": \"Event\",\n\t\t\t\t\t\t\t  \t\"name\": \"Tast al mar\",\n\t\t\t\t\t\t\t  \t\"startDate\": \"2026-9-4T00-00-00-00\",\n\t\t\t\t\t\t\t  \t\"endDate\": \"2026-9-5T23-23-59-00\",\n\t\t\t\t\t\t\t  \t\"image\":\"https:\/\/www.blanescostabrava.cat\/wp-content\/uploads\/2026\/08\/DINA4-212x300.jpg\",\n\t\t\t\t\t\t\t  \t\"description\":\"Village gastron\u00f3mico en el puerto de Blanes.\r\n\r\nD\u00cdA: 4 y 5 de septiembre, a partir de las 18:30 hLUGAR: Puerto de Blanes\r\n\r\n\",\n\t\t\t\t\t\t\t  \t\n\t\t\t\t\t\t\t }<\/script><\/div>\n\t\t\t\t<p class=\"desc_trig_outter\"><a data-gmap_status=\"null\" data-exlk=\"0\" style=\"border-color: #206177;padding-top: 215px;height: 310px;\" id=\"evc_1788480001241849\" class=\"desc_trig mul_val evcal_list_a\" data-ux_val=\"3\"  ><span class='event-img'><img src='https:\/\/www.blanescostabrava.cat\/wp-content\/uploads\/2026\/08\/DINA4.jpg'><\/span><span class='evcal_cblock ' data-bgcolor='#206177' data-smon='septiembre' data-syr='2026'><span class='evo_start '><em class='date'>04<\/em><em class='month'>sep<\/em><em class='time'>allday<\/em><\/span><span class='evo_end '><em class='date'>05<\/em><\/span><em class='clear'><\/em><\/span><span class='evcal_desc evo_info hide_eventtopdata '  data-location_status=\"false\" ><span class='evo_above_title'><\/span><span class='evcal_desc2 evcal_event_title' itemprop='name'>Tast al mar<\/span><span class='evo_below_title'><\/span><span class='evcal_desc_info' ><\/span><span class='evcal_desc3'><\/span><\/span><em class='clear'><\/em><\/p><\/a><div class='event_description evcal_eventcard ' style=\"display:none\"><div class='evo_metarow_directimg'><img src='https:\/\/www.blanescostabrava.cat\/wp-content\/uploads\/2026\/08\/DINA4.jpg' \/><\/div><div class='evo_metarow_details evorow evcal_evdata_row bordb evcal_event_details'>\n\t\t\t\t\t\t\t<div class=\"event_excerpt\" style=\"display:none\"><h3 class=\"padb5 evo_h3\">Descripci\u00f3n<\/h3><p>Village gastron\u00f3mico en el puerto de Blanes.\r\n\r\nD\u00cdA: 4 y 5 de septiembre, a partir de las 18:30 hLUGAR: Puerto de Blanes\r\n\r\n<\/p><\/div><span class='evcal_evdata_icons'><i class='fa fa-align-justify'><\/i><\/span>\n\t\t\t\t\t\t\t\n\t\t\t\t\t\t\t<div class='evcal_evdata_cell '><div class='eventon_full_description'>\n\t\t\t\t\t\t\t\t\t<h3 class='padb5 evo_h3'><span class='evcal_evdata_icons'><i class='fa fa-align-justify'><\/i><\/span>Descripci\u00f3n<\/h3><div class='eventon_desc_in' itemprop='description'>\n\t\t\t\t\t\t\t\t\t<p>Village gastron\u00f3mico en el puerto de Blanes.<\/p>\n<p><strong>D\u00cdA<\/strong>: 4 y 5 de septiembre, a partir de las 18:30 h<br data-start=\"473\" data-end=\"476\" \/><strong>LUGAR<\/strong>: Puerto de Blanes<\/p>\n<p><img class=\"alignnone size-large wp-image-241876\" src=\"https:\/\/www.blanescostabrava.cat\/wp-content\/uploads\/2026\/08\/DINA4-724x1024.jpg\" alt=\"\" width=\"724\" height=\"1024\" srcset=\"https:\/\/www.blanescostabrava.cat\/wp-content\/uploads\/2026\/08\/DINA4-724x1024.jpg 724w, https:\/\/www.blanescostabrava.cat\/wp-content\/uploads\/2026\/08\/DINA4-212x300.jpg 212w, https:\/\/www.blanescostabrava.cat\/wp-content\/uploads\/2026\/08\/DINA4-106x150.jpg 106w, https:\/\/www.blanescostabrava.cat\/wp-content\/uploads\/2026\/08\/DINA4-768x1086.jpg 768w, https:\/\/www.blanescostabrava.cat\/wp-content\/uploads\/2026\/08\/DINA4-1086x1536.jpg 1086w, https:\/\/www.blanescostabrava.cat\/wp-content\/uploads\/2026\/08\/DINA4-17x24.jpg 17w, https:\/\/www.blanescostabrava.cat\/wp-content\/uploads\/2026\/08\/DINA4-25x36.jpg 25w, https:\/\/www.blanescostabrava.cat\/wp-content\/uploads\/2026\/08\/DINA4-34x48.jpg 34w, https:\/\/www.blanescostabrava.cat\/wp-content\/uploads\/2026\/08\/DINA4.jpg 1241w\" sizes=\"(max-width: 724px) 100vw, 724px\" \/><\/p>\n<\/div><div class='clear'><\/div>\n\t\t\t\t\t\t\t\t<\/div>\n\t\t\t\t\t\t\t<\/div>\n\t\t\t\t\t\t<\/div><div class='evo_metarow_time_location evorow bordb '>\n\t\t\t\t\t\t<div class='tb' >\n\t\t\t\t\t\t\t<div class='tbrow'>\n\t\t\t\t\t\t\t<div class='evcal_col50 bordr'>\n\t\t\t\t\t\t\t\t<div class='evcal_evdata_row evo_time'>\n\t\t\t\t\t\t\t\t\t<span class='evcal_evdata_icons'><i class='fa fa-clock-o'><\/i><\/span>\n\t\t\t\t\t\t\t\t\t<div class='evcal_evdata_cell'>\t\t\t\t\t\t\t\n\t\t\t\t\t\t\t\t\t\t<h3 class='evo_h3'><span class='evcal_evdata_icons'><i class='fa fa-clock-o'><\/i><\/span>Fecha<\/h3>\n\t\t\t\t\t\t\t\t\t\t<p>septiembre 4 (Friday) - 5 (Saturday)<\/p>\n\t\t\t\t\t\t\t\t\t<\/div>\n\t\t\t\t\t\t\t\t<\/div>\n\t\t\t\t\t\t\t<\/div><div class='evcal_col50'>\n\t\t\t\t\t\t\t\t<div class='evcal_evdata_row evo_location'>\n\t\t\t\t\t\t\t\t\t<span class='evcal_evdata_icons'><i class='fa fa-map-marker'><\/i><\/span>\n\t\t\t\t\t\t\t\t\t<div class='evcal_evdata_cell' data-loc_tax_id='5303'>\t\t\t\t\t\t\t\n\t\t\t\t\t\t\t\t\t\t<h3 class='evo_h3'><span class='evcal_evdata_icons'><i class='fa fa-map-marker'><\/i><\/span>Location<\/h3><p class='evo_location_name'>Esplanada del Puerto<\/p><p class='evo_location_address'><\/p>\n\t\t\t\t\t\t\t\t\t<\/div>\n\t\t\t\t\t\t\t\t<\/div>\n\t\t\t\t\t\t\t<\/div><div class='clear'><\/div>\n\t\t\t\t\t\t\t<\/div><\/div>\n\t\t\t\t\t\t<\/div>\t\t\t\t\t\t<div class='evo_metarow_ICS evorow bordb evcal_evdata_row'>\n\t\t\t\t\t\t\t<span class=\"evcal_evdata_icons\"><i class=\"fa fa-calendar\"><\/i><\/span>\n\t\t\t\t\t\t\t<div class='evcal_evdata_cell'>\n\t\t\t\t\t\t\t\t<p><a href='https:\/\/www.blanescostabrava.cat\/wp-admin\/admin-ajax.php?action=eventon_ics_download&amp;event_id=241849&amp;sunix=20260903T220000Z&amp;eunix=20260905T215900Z&amp;loca=&amp;locn=Esplanada del Puerto' class='evo_ics_nCal' title='Add to your calendar'>Calendar<\/a><a href='\/\/www.google.com\/calendar\/event?action=TEMPLATE&amp;text=Tast+al+mar&amp;dates=20260903T220000Z\/20260905T215900Z&amp;details=Village+gastron%C3%B3mico+en+el+puerto+de+Blanes.%0D%0A%0D%0AD%C3%8DA%3A+4+y+5+de+septiembre%2C+a+partir+de+las+18%3A30+hLUGAR%3A+Puerto+de+Blanes%0D%0A%0D%0A&amp;location=Esplanada+del+Puerto - ' target='_blank' class='evo_ics_gCal' title='Add to google calendar'>GoogleCal<\/a><\/p>\t\n\t\t\t\t\t\t\t<\/div>\t\t\t\t\t\t<\/div>\n\t\t\t\t\t\t<\/div><div class='clear end'><\/div><\/div><div id=\"event_241603\" class=\"eventon_list_event evo_eventtop  event hasbgimg\" data-event_id=\"241603\" data-time=\"1788480001-1788652799\" data-colr=\"#206177\" itemscope itemtype='http:\/\/schema.org\/Event' 8><div class=\"evo_boxtop\" style=\"background-image: url(https:\/\/www.blanescostabrava.cat\/wp-content\/uploads\/2026\/08\/a4_page-0001.jpg); background-color:#206177;height:200px;\"><\/div><div class=\"evo_event_schema\" style=\"display:none\" ><a itemprop='url'  href='https:\/\/www.blanescostabrava.cat\/es\/events\/tast-al-mar-2\/'><\/a><span itemprop='name'  >Tast al mar<\/span><meta itemprop='image' content='https:\/\/www.blanescostabrava.cat\/wp-content\/uploads\/2026\/08\/a4_page-0001.jpg' ><\/meta><meta itemprop='description' content='Village gastron\u00f3mico en el puerto de Blanes\r\nD\u00cdAS: 4 y 5 de septiembre\r\nLUGAR: Puerto de Blanes\r\n\r\n' ><\/meta><meta itemprop='startDate' content='2026-9-4' ><\/meta><meta itemprop='endDate' content='2026-9-5' ><\/meta><meta itemprop='eventStatus' content='on-schedule' ><\/meta><script type=\"application\/ld+json\">{\t\"@context\": \"http:\/\/schema.org\",\n\t\t\t\t\t\t\t  \t\"@type\": \"Event\",\n\t\t\t\t\t\t\t  \t\"name\": \"Tast al mar\",\n\t\t\t\t\t\t\t  \t\"startDate\": \"2026-9-4T00-00-00-00\",\n\t\t\t\t\t\t\t  \t\"endDate\": \"2026-9-5T23-23-59-00\",\n\t\t\t\t\t\t\t  \t\"image\":\"https:\/\/www.blanescostabrava.cat\/wp-content\/uploads\/2026\/08\/a4_page-0001-212x300.jpg\",\n\t\t\t\t\t\t\t  \t\"description\":\"Village gastron\u00f3mico en el puerto de Blanes\r\nD\u00cdAS: 4 y 5 de septiembre\r\nLUGAR: Puerto de Blanes\r\n\r\n\",\n\t\t\t\t\t\t\t  \t\n\t\t\t\t\t\t\t }<\/script><\/div>\n\t\t\t\t<p class=\"desc_trig_outter\"><a data-gmap_status=\"null\" data-exlk=\"0\" style=\"border-color: #206177;padding-top: 215px;height: 310px;\" id=\"evc_1788480001241603\" class=\"desc_trig mul_val evcal_list_a\" data-ux_val=\"3\"  ><span class='event-img'><img src='https:\/\/www.blanescostabrava.cat\/wp-content\/uploads\/2026\/08\/a4_page-0001.jpg'><\/span><span class='evcal_cblock ' data-bgcolor='#206177' data-smon='septiembre' data-syr='2026'><span class='evo_start '><em class='date'>04<\/em><em class='month'>sep<\/em><em class='time'>allday<\/em><\/span><span class='evo_end '><em class='date'>05<\/em><\/span><em class='clear'><\/em><\/span><span class='evcal_desc evo_info hide_eventtopdata '  data-location_status=\"false\" ><span class='evo_above_title'><\/span><span class='evcal_desc2 evcal_event_title' itemprop='name'>Tast al mar<\/span><span class='evo_below_title'><\/span><span class='evcal_desc_info' ><\/span><span class='evcal_desc3'><\/span><\/span><em class='clear'><\/em><\/p><\/a><div class='event_description evcal_eventcard ' style=\"display:none\"><div class='evo_metarow_directimg'><img src='https:\/\/www.blanescostabrava.cat\/wp-content\/uploads\/2026\/08\/a4_page-0001.jpg' \/><\/div><div class='evo_metarow_details evorow evcal_evdata_row bordb evcal_event_details'>\n\t\t\t\t\t\t\t<div class=\"event_excerpt\" style=\"display:none\"><h3 class=\"padb5 evo_h3\">Descripci\u00f3n<\/h3><p>Village gastron\u00f3mico en el puerto de Blanes\r\nD\u00cdAS: 4 y 5 de septiembre\r\nLUGAR: Puerto de Blanes\r\n\r\n<\/p><\/div><span class='evcal_evdata_icons'><i class='fa fa-align-justify'><\/i><\/span>\n\t\t\t\t\t\t\t\n\t\t\t\t\t\t\t<div class='evcal_evdata_cell '><div class='eventon_full_description'>\n\t\t\t\t\t\t\t\t\t<h3 class='padb5 evo_h3'><span class='evcal_evdata_icons'><i class='fa fa-align-justify'><\/i><\/span>Descripci\u00f3n<\/h3><div class='eventon_desc_in' itemprop='description'>\n\t\t\t\t\t\t\t\t\t<p>Village gastron\u00f3mico en el puerto de Blanes<br \/>\nD\u00cdAS: 4 y 5 de septiembre<br \/>\nLUGAR: Puerto de Blanes<\/p>\n<p><img class=\"alignnone size-large wp-image-241600\" src=\"https:\/\/www.blanescostabrava.cat\/wp-content\/uploads\/2026\/08\/a4_page-0001-725x1024.jpg\" alt=\"\" width=\"725\" height=\"1024\" srcset=\"https:\/\/www.blanescostabrava.cat\/wp-content\/uploads\/2026\/08\/a4_page-0001-725x1024.jpg 725w, https:\/\/www.blanescostabrava.cat\/wp-content\/uploads\/2026\/08\/a4_page-0001-212x300.jpg 212w, https:\/\/www.blanescostabrava.cat\/wp-content\/uploads\/2026\/08\/a4_page-0001-106x150.jpg 106w, https:\/\/www.blanescostabrava.cat\/wp-content\/uploads\/2026\/08\/a4_page-0001-768x1085.jpg 768w, https:\/\/www.blanescostabrava.cat\/wp-content\/uploads\/2026\/08\/a4_page-0001-1087x1536.jpg 1087w, https:\/\/www.blanescostabrava.cat\/wp-content\/uploads\/2026\/08\/a4_page-0001-1449x2048.jpg 1449w, https:\/\/www.blanescostabrava.cat\/wp-content\/uploads\/2026\/08\/a4_page-0001-17x24.jpg 17w, https:\/\/www.blanescostabrava.cat\/wp-content\/uploads\/2026\/08\/a4_page-0001-25x36.jpg 25w, https:\/\/www.blanescostabrava.cat\/wp-content\/uploads\/2026\/08\/a4_page-0001-34x48.jpg 34w, https:\/\/www.blanescostabrava.cat\/wp-content\/uploads\/2026\/08\/a4_page-0001.jpg 1755w\" sizes=\"(max-width: 725px) 100vw, 725px\" \/><\/p>\n<\/div><div class='clear'><\/div>\n\t\t\t\t\t\t\t\t<\/div>\n\t\t\t\t\t\t\t<\/div>\n\t\t\t\t\t\t<\/div><div class='evo_metarow_time_location evorow bordb '>\n\t\t\t\t\t\t<div class='tb' >\n\t\t\t\t\t\t\t<div class='tbrow'>\n\t\t\t\t\t\t\t<div class='evcal_col50 bordr'>\n\t\t\t\t\t\t\t\t<div class='evcal_evdata_row evo_time'>\n\t\t\t\t\t\t\t\t\t<span class='evcal_evdata_icons'><i class='fa fa-clock-o'><\/i><\/span>\n\t\t\t\t\t\t\t\t\t<div class='evcal_evdata_cell'>\t\t\t\t\t\t\t\n\t\t\t\t\t\t\t\t\t\t<h3 class='evo_h3'><span class='evcal_evdata_icons'><i class='fa fa-clock-o'><\/i><\/span>Fecha<\/h3>\n\t\t\t\t\t\t\t\t\t\t<p>septiembre 4 (Friday) - 5 (Saturday)<\/p>\n\t\t\t\t\t\t\t\t\t<\/div>\n\t\t\t\t\t\t\t\t<\/div>\n\t\t\t\t\t\t\t<\/div><div class='evcal_col50'>\n\t\t\t\t\t\t\t\t<div class='evcal_evdata_row evo_location'>\n\t\t\t\t\t\t\t\t\t<span class='evcal_evdata_icons'><i class='fa fa-map-marker'><\/i><\/span>\n\t\t\t\t\t\t\t\t\t<div class='evcal_evdata_cell' data-loc_tax_id='5303'>\t\t\t\t\t\t\t\n\t\t\t\t\t\t\t\t\t\t<h3 class='evo_h3'><span class='evcal_evdata_icons'><i class='fa fa-map-marker'><\/i><\/span>Location<\/h3><p class='evo_location_name'>Esplanada del Puerto<\/p><p class='evo_location_address'><\/p>\n\t\t\t\t\t\t\t\t\t<\/div>\n\t\t\t\t\t\t\t\t<\/div>\n\t\t\t\t\t\t\t<\/div><div class='clear'><\/div>\n\t\t\t\t\t\t\t<\/div><\/div>\n\t\t\t\t\t\t<\/div>\t\t\t\t\t\t<div class='evo_metarow_ICS evorow bordb evcal_evdata_row'>\n\t\t\t\t\t\t\t<span class=\"evcal_evdata_icons\"><i class=\"fa fa-calendar\"><\/i><\/span>\n\t\t\t\t\t\t\t<div class='evcal_evdata_cell'>\n\t\t\t\t\t\t\t\t<p><a href='https:\/\/www.blanescostabrava.cat\/wp-admin\/admin-ajax.php?action=eventon_ics_download&amp;event_id=241603&amp;sunix=20260903T220000Z&amp;eunix=20260905T215900Z&amp;loca=&amp;locn=Esplanada del Puerto' class='evo_ics_nCal' title='Add to your calendar'>Calendar<\/a><a href='\/\/www.google.com\/calendar\/event?action=TEMPLATE&amp;text=Tast+al+mar&amp;dates=20260903T220000Z\/20260905T215900Z&amp;details=Village+gastron%C3%B3mico+en+el+puerto+de+Blanes%0D%0AD%C3%8DAS%3A+4+y+5+de+septiembre%0D%0ALUGAR%3A+Puerto+de+Blanes%0D%0A%0D%0A&amp;location=Esplanada+del+Puerto - ' target='_blank' class='evo_ics_gCal' title='Add to google calendar'>GoogleCal<\/a><\/p>\t\n\t\t\t\t\t\t\t<\/div>\t\t\t\t\t\t<\/div>\n\t\t\t\t\t\t<\/div><div class='clear end'><\/div><\/div><div id=\"event_241966\" class=\"eventon_list_event evo_eventtop  event hasbgimg\" data-event_id=\"241966\" data-time=\"1788544800-1788562800\" data-colr=\"#206177\" itemscope itemtype='http:\/\/schema.org\/Event' 9><div class=\"evo_boxtop\" style=\"background-image: url(https:\/\/www.blanescostabrava.cat\/wp-content\/uploads\/2018\/04\/EL-VILAR.jpg); background-color:#206177;height:200px;\"><\/div><div class=\"evo_event_schema\" style=\"display:none\" ><a itemprop='url'  href='https:\/\/www.blanescostabrava.cat\/events\/mercat-de-parades-artesanals-4\/'><\/a><span itemprop='name'  >Mercat de Parades Artesanals<\/span><meta itemprop='image' content='https:\/\/www.blanescostabrava.cat\/wp-content\/uploads\/2018\/04\/EL-VILAR.jpg' ><\/meta><meta itemprop='description' content='DIA: 4 i 11 de setembre\r\nHORA: 18.00 - 23.00 h\r\nLLOC: Pla\u00e7a Mare de D\u00e9u del Vilar\r\nDESCRIPCI\u00d3: Mercat de parades artesanals organitzat per l'Associaci\u00f3 Gastron\u00f2mica.' ><\/meta><meta itemprop='startDate' content='2026-9-4' ><\/meta><meta itemprop='endDate' content='2026-9-4' ><\/meta><meta itemprop='eventStatus' content='on-schedule' ><\/meta><script type=\"application\/ld+json\">{\t\"@context\": \"http:\/\/schema.org\",\n\t\t\t\t\t\t\t  \t\"@type\": \"Event\",\n\t\t\t\t\t\t\t  \t\"name\": \"Mercat de Parades Artesanals\",\n\t\t\t\t\t\t\t  \t\"startDate\": \"2026-9-4T18-18-00-00\",\n\t\t\t\t\t\t\t  \t\"endDate\": \"2026-9-4T23-23-00-00\",\n\t\t\t\t\t\t\t  \t\"image\":\"https:\/\/www.blanescostabrava.cat\/wp-content\/uploads\/2018\/04\/EL-VILAR-300x200.jpg\",\n\t\t\t\t\t\t\t  \t\"description\":\"DIA: 4 i 11 de setembre\r\nHORA: 18.00 - 23.00 h\r\nLLOC: Pla\u00e7a Mare de D\u00e9u del Vilar\r\nDESCRIPCI\u00d3: Mercat de parades artesanals organitzat per l'Associaci\u00f3 Gastron\u00f2mica.\",\n\t\t\t\t\t\t\t  \t\n\t\t\t\t\t\t\t }<\/script><\/div>\n\t\t\t\t<p class=\"desc_trig_outter\"><a data-gmap_status=\"null\" data-exlk=\"0\" style=\"border-color: #206177;padding-top: 215px;height: 310px;\" id=\"evc_1788544800241966\" class=\"desc_trig sin_val evcal_list_a\" data-ux_val=\"3\"  ><span class='event-img'><img src='https:\/\/www.blanescostabrava.cat\/wp-content\/uploads\/2018\/04\/EL-VILAR.jpg'><\/span><span class='evcal_cblock ' data-bgcolor='#206177' data-smon='septiembre' data-syr='2026'><span class='evo_start '><em class='date'>04<\/em><em class='month'>sep<\/em><em class='time'>6:00 pm<\/em><\/span><span class='evo_end only_time'><em class='time'>11:00 pm<\/em><\/span><em class='clear'><\/em><\/span><span class='evcal_desc evo_info hide_eventtopdata '  data-location_status=\"false\" ><span class='evo_above_title'><\/span><span class='evcal_desc2 evcal_event_title' itemprop='name'>Mercat de Parades Artesanals<\/span><span class='evo_below_title'><\/span><span class='evcal_desc_info' ><\/span><span class='evcal_desc3'><\/span><\/span><em class='clear'><\/em><\/p><\/a><div class='event_description evcal_eventcard ' style=\"display:none\"><div class='evo_metarow_directimg'><img src='https:\/\/www.blanescostabrava.cat\/wp-content\/uploads\/2018\/04\/EL-VILAR.jpg' \/><\/div><div class='evo_metarow_details evorow evcal_evdata_row bordb evcal_event_details'>\n\t\t\t\t\t\t\t<div class=\"event_excerpt\" style=\"display:none\"><h3 class=\"padb5 evo_h3\">Descripci\u00f3n<\/h3><p>DIA: 4 i 11 de setembre\r\nHORA: 18.00 - 23.00 h\r\nLLOC: Pla\u00e7a Mare de D\u00e9u del Vilar\r\nDESCRIPCI\u00d3: Mercat de parades artesanals organitzat per l'Associaci\u00f3 Gastron\u00f2mica.<\/p><\/div><span class='evcal_evdata_icons'><i class='fa fa-align-justify'><\/i><\/span>\n\t\t\t\t\t\t\t\n\t\t\t\t\t\t\t<div class='evcal_evdata_cell '><div class='eventon_full_description'>\n\t\t\t\t\t\t\t\t\t<h3 class='padb5 evo_h3'><span class='evcal_evdata_icons'><i class='fa fa-align-justify'><\/i><\/span>Descripci\u00f3n<\/h3><div class='eventon_desc_in' itemprop='description'>\n\t\t\t\t\t\t\t\t\t<p>DIA: 4 i 11 de setembre<br \/>\nHORA: 18.00 &#8211; 23.00 h<br \/>\nLLOC: Pla\u00e7a Mare de D\u00e9u del Vilar<br \/>\nDESCRIPCI\u00d3: Mercat de parades artesanals organitzat per l&#8217;Associaci\u00f3 Gastron\u00f2mica.<\/p>\n<\/div><div class='clear'><\/div>\n\t\t\t\t\t\t\t\t<\/div>\n\t\t\t\t\t\t\t<\/div>\n\t\t\t\t\t\t<\/div><div class='evo_metarow_time_location evorow bordb '>\n\t\t\t\t\t\t<div class='tb' >\n\t\t\t\t\t\t\t<div class='tbrow'>\n\t\t\t\t\t\t\t<div class='evcal_col50 bordr'>\n\t\t\t\t\t\t\t\t<div class='evcal_evdata_row evo_time'>\n\t\t\t\t\t\t\t\t\t<span class='evcal_evdata_icons'><i class='fa fa-clock-o'><\/i><\/span>\n\t\t\t\t\t\t\t\t\t<div class='evcal_evdata_cell'>\t\t\t\t\t\t\t\n\t\t\t\t\t\t\t\t\t\t<h3 class='evo_h3'><span class='evcal_evdata_icons'><i class='fa fa-clock-o'><\/i><\/span>Fecha<\/h3>\n\t\t\t\t\t\t\t\t\t\t<p>(Friday) 6:00 pm - 11:00 pm<\/p>\n\t\t\t\t\t\t\t\t\t<\/div>\n\t\t\t\t\t\t\t\t<\/div>\n\t\t\t\t\t\t\t<\/div><div class='evcal_col50'>\n\t\t\t\t\t\t\t\t<div class='evcal_evdata_row evo_location'>\n\t\t\t\t\t\t\t\t\t<span class='evcal_evdata_icons'><i class='fa fa-map-marker'><\/i><\/span>\n\t\t\t\t\t\t\t\t\t<div class='evcal_evdata_cell' data-loc_tax_id='4078'>\t\t\t\t\t\t\t\n\t\t\t\t\t\t\t\t\t\t<h3 class='evo_h3'><span class='evcal_evdata_icons'><i class='fa fa-map-marker'><\/i><\/span>Location<\/h3><p class='evo_location_name'>Pla\u00e7a Mare de D\u00e9u del Vilar - Blanes<\/p><p class='evo_location_address'><\/p>\n\t\t\t\t\t\t\t\t\t<\/div>\n\t\t\t\t\t\t\t\t<\/div>\n\t\t\t\t\t\t\t<\/div><div class='clear'><\/div>\n\t\t\t\t\t\t\t<\/div><\/div>\n\t\t\t\t\t\t<\/div>\t\t\t\t\t\t<div class='evo_metarow_ICS evorow bordb evcal_evdata_row'>\n\t\t\t\t\t\t\t<span class=\"evcal_evdata_icons\"><i class=\"fa fa-calendar\"><\/i><\/span>\n\t\t\t\t\t\t\t<div class='evcal_evdata_cell'>\n\t\t\t\t\t\t\t\t<p><a href='https:\/\/www.blanescostabrava.cat\/wp-admin\/admin-ajax.php?action=eventon_ics_download&amp;event_id=241966&amp;sunix=20260904T160000Z&amp;eunix=20260904T210000Z&amp;loca=&amp;locn=Pla\u00e7a Mare de D\u00e9u del Vilar - Blanes' class='evo_ics_nCal' title='Add to your calendar'>Calendar<\/a><a href='\/\/www.google.com\/calendar\/event?action=TEMPLATE&amp;text=Mercat+de+Parades+Artesanals&amp;dates=20260904T160000Z\/20260904T210000Z&amp;details=DIA%3A+4+i+11+de+setembre%0D%0AHORA%3A+18.00+-+23.00+h%0D%0ALLOC%3A+Pla%C3%A7a+Mare+de+D%C3%A9u+del+Vilar%0D%0ADESCRIPCI%C3%93%3A+Mercat+de+parades+artesanals+organitzat+per+l%27Associaci%C3%B3+Gastron%C3%B2mica.&amp;location=Pla%C3%A7a+Mare+de+D%C3%A9u+del+Vilar+-+Blanes - ' target='_blank' class='evo_ics_gCal' title='Add to google calendar'>GoogleCal<\/a><\/p>\t\n\t\t\t\t\t\t\t<\/div>\t\t\t\t\t\t<\/div>\n\t\t\t\t\t\t<\/div><div class='clear end'><\/div><\/div><div id=\"event_241954\" class=\"eventon_list_event evo_eventtop  event hasbgimg\" data-event_id=\"241954\" data-time=\"1788546600-1788565800\" data-colr=\"#206177\" itemscope itemtype='http:\/\/schema.org\/Event' 10><div class=\"evo_boxtop\" style=\"background-image: url(https:\/\/www.blanescostabrava.cat\/wp-content\/uploads\/2018\/04\/PORT-1-1.jpg); background-color:#206177;height:200px;\"><\/div><div class=\"evo_event_schema\" style=\"display:none\" ><a itemprop='url'  href='https:\/\/www.blanescostabrava.cat\/events\/iii-tastets-arran-de-mar-village-gastronomic\/'><\/a><span itemprop='name'  >III Tastets Arran de Mar - Village Gastron\u00f2mic<\/span><meta itemprop='image' content='https:\/\/www.blanescostabrava.cat\/wp-content\/uploads\/2018\/04\/PORT-1-1.jpg' ><\/meta><meta itemprop='description' content='DIA: 4 i 5 de setembre\r\nHORA: a partir de les 18.30 h\r\nLLOC: Esplanada del port de Blanes\r\nDESCRIPCI\u00d3: Fira de mostres de productes del mar amb village gastron\u00f2mic.' ><\/meta><meta itemprop='startDate' content='2026-9-4' ><\/meta><meta itemprop='endDate' content='2026-9-4' ><\/meta><meta itemprop='eventStatus' content='on-schedule' ><\/meta><script type=\"application\/ld+json\">{\t\"@context\": \"http:\/\/schema.org\",\n\t\t\t\t\t\t\t  \t\"@type\": \"Event\",\n\t\t\t\t\t\t\t  \t\"name\": \"III Tastets Arran de Mar - Village Gastron\u00f2mic\",\n\t\t\t\t\t\t\t  \t\"startDate\": \"2026-9-4T18-18-30-00\",\n\t\t\t\t\t\t\t  \t\"endDate\": \"2026-9-4T23-23-50-00\",\n\t\t\t\t\t\t\t  \t\"image\":\"https:\/\/www.blanescostabrava.cat\/wp-content\/uploads\/2018\/04\/PORT-1-1-300x161.jpg\",\n\t\t\t\t\t\t\t  \t\"description\":\"DIA: 4 i 5 de setembre\r\nHORA: a partir de les 18.30 h\r\nLLOC: Esplanada del port de Blanes\r\nDESCRIPCI\u00d3: Fira de mostres de productes del mar amb village gastron\u00f2mic.\",\n\t\t\t\t\t\t\t  \t\n\t\t\t\t\t\t\t }<\/script><\/div>\n\t\t\t\t<p class=\"desc_trig_outter\"><a data-gmap_status=\"null\" data-exlk=\"0\" style=\"border-color: #206177;padding-top: 215px;height: 310px;\" id=\"evc_1788546600241954\" class=\"desc_trig sin_val evcal_list_a\" data-ux_val=\"3\"  ><span class='event-img'><img src='https:\/\/www.blanescostabrava.cat\/wp-content\/uploads\/2018\/04\/PORT-1-1.jpg'><\/span><span class='evcal_cblock ' data-bgcolor='#206177' data-smon='septiembre' data-syr='2026'><span class='evo_start '><em class='date'>04<\/em><em class='month'>sep<\/em><em class='time'>6:30 pm<\/em><\/span><em class='clear'><\/em><\/span><span class='evcal_desc evo_info hide_eventtopdata '  data-location_status=\"false\" ><span class='evo_above_title'><\/span><span class='evcal_desc2 evcal_event_title' itemprop='name'>III Tastets Arran de Mar - Village Gastron\u00f2mic<\/span><span class='evo_below_title'><\/span><span class='evcal_desc_info' ><\/span><span class='evcal_desc3'><\/span><\/span><em class='clear'><\/em><\/p><\/a><div class='event_description evcal_eventcard ' style=\"display:none\"><div class='evo_metarow_directimg'><img src='https:\/\/www.blanescostabrava.cat\/wp-content\/uploads\/2018\/04\/PORT-1-1.jpg' \/><\/div><div class='evo_metarow_details evorow evcal_evdata_row bordb evcal_event_details'>\n\t\t\t\t\t\t\t<div class=\"event_excerpt\" style=\"display:none\"><h3 class=\"padb5 evo_h3\">Descripci\u00f3n<\/h3><p>DIA: 4 i 5 de setembre\r\nHORA: a partir de les 18.30 h\r\nLLOC: Esplanada del port de Blanes\r\nDESCRIPCI\u00d3: Fira de mostres de productes del mar amb village gastron\u00f2mic.<\/p><\/div><span class='evcal_evdata_icons'><i class='fa fa-align-justify'><\/i><\/span>\n\t\t\t\t\t\t\t\n\t\t\t\t\t\t\t<div class='evcal_evdata_cell '><div class='eventon_full_description'>\n\t\t\t\t\t\t\t\t\t<h3 class='padb5 evo_h3'><span class='evcal_evdata_icons'><i class='fa fa-align-justify'><\/i><\/span>Descripci\u00f3n<\/h3><div class='eventon_desc_in' itemprop='description'>\n\t\t\t\t\t\t\t\t\t<p>DIA: 4 i 5 de setembre<br \/>\nHORA: a partir de les 18.30 h<br \/>\nLLOC: Esplanada del port de Blanes<br \/>\nDESCRIPCI\u00d3: Fira de mostres de productes del mar amb village gastron\u00f2mic.<\/p>\n<\/div><div class='clear'><\/div>\n\t\t\t\t\t\t\t\t<\/div>\n\t\t\t\t\t\t\t<\/div>\n\t\t\t\t\t\t<\/div><div class='evo_metarow_time_location evorow bordb '>\n\t\t\t\t\t\t<div class='tb' >\n\t\t\t\t\t\t\t<div class='tbrow'>\n\t\t\t\t\t\t\t<div class='evcal_col50 bordr'>\n\t\t\t\t\t\t\t\t<div class='evcal_evdata_row evo_time'>\n\t\t\t\t\t\t\t\t\t<span class='evcal_evdata_icons'><i class='fa fa-clock-o'><\/i><\/span>\n\t\t\t\t\t\t\t\t\t<div class='evcal_evdata_cell'>\t\t\t\t\t\t\t\n\t\t\t\t\t\t\t\t\t\t<h3 class='evo_h3'><span class='evcal_evdata_icons'><i class='fa fa-clock-o'><\/i><\/span>Fecha<\/h3>\n\t\t\t\t\t\t\t\t\t\t<p>(Friday) 6:30 pm<\/p>\n\t\t\t\t\t\t\t\t\t<\/div>\n\t\t\t\t\t\t\t\t<\/div>\n\t\t\t\t\t\t\t<\/div><div class='evcal_col50'>\n\t\t\t\t\t\t\t\t<div class='evcal_evdata_row evo_location'>\n\t\t\t\t\t\t\t\t\t<span class='evcal_evdata_icons'><i class='fa fa-map-marker'><\/i><\/span>\n\t\t\t\t\t\t\t\t\t<div class='evcal_evdata_cell' data-loc_tax_id='5327'>\t\t\t\t\t\t\t\n\t\t\t\t\t\t\t\t\t\t<h3 class='evo_h3'><span class='evcal_evdata_icons'><i class='fa fa-map-marker'><\/i><\/span>Location<\/h3><p class='evo_location_name'>Esplanada del Port de Blanes<\/p><p class='evo_location_address'><\/p>\n\t\t\t\t\t\t\t\t\t<\/div>\n\t\t\t\t\t\t\t\t<\/div>\n\t\t\t\t\t\t\t<\/div><div class='clear'><\/div>\n\t\t\t\t\t\t\t<\/div><\/div>\n\t\t\t\t\t\t<\/div>\t\t\t\t\t\t<div class='evo_metarow_ICS evorow bordb evcal_evdata_row'>\n\t\t\t\t\t\t\t<span class=\"evcal_evdata_icons\"><i class=\"fa fa-calendar\"><\/i><\/span>\n\t\t\t\t\t\t\t<div class='evcal_evdata_cell'>\n\t\t\t\t\t\t\t\t<p><a href='https:\/\/www.blanescostabrava.cat\/wp-admin\/admin-ajax.php?action=eventon_ics_download&amp;event_id=241954&amp;sunix=20260904T163000Z&amp;eunix=20260904T215000Z&amp;loca=&amp;locn=Esplanada del Port de Blanes' class='evo_ics_nCal' title='Add to your calendar'>Calendar<\/a><a href='\/\/www.google.com\/calendar\/event?action=TEMPLATE&amp;text=III+Tastets+Arran+de+Mar+-+Village+Gastron%C3%B2mic&amp;dates=20260904T163000Z\/20260904T215000Z&amp;details=DIA%3A+4+i+5+de+setembre%0D%0AHORA%3A+a+partir+de+les+18.30+h%0D%0ALLOC%3A+Esplanada+del+port+de+Blanes%0D%0ADESCRIPCI%C3%93%3A+Fira+de+mostres+de+productes+del+mar+amb+village+gastron%C3%B2mic.&amp;location=Esplanada+del+Port+de+Blanes - ' target='_blank' class='evo_ics_gCal' title='Add to google calendar'>GoogleCal<\/a><\/p>\t\n\t\t\t\t\t\t\t<\/div>\t\t\t\t\t\t<\/div>\n\t\t\t\t\t\t<\/div><div class='clear end'><\/div><\/div><div id=\"event_241978\" class=\"eventon_list_event evo_eventtop  event hasbgimg\" data-event_id=\"241978\" data-time=\"1788566401-1788652799\" data-colr=\"#206177\" itemscope itemtype='http:\/\/schema.org\/Event' 11><div class=\"evo_boxtop\" style=\"background-image: url(https:\/\/www.blanescostabrava.cat\/wp-content\/uploads\/2026\/08\/554741784197466_1.png.webp); background-color:#206177;height:200px;\"><\/div><div class=\"evo_event_schema\" style=\"display:none\" ><a itemprop='url'  href='https:\/\/www.blanescostabrava.cat\/events\/iii-festival-de-talent-blanenc\/'><\/a><span itemprop='name'  >III Festival de Talent Blanenc<\/span><meta itemprop='image' content='https:\/\/www.blanescostabrava.cat\/wp-content\/uploads\/2026\/08\/554741784197466_1.png.webp' ><\/meta><meta itemprop='description' content='DIA: Del 5 de setembre al 3 d'octubre\r\nDESCRIPCI\u00d3: Festival de talent local. M\u00e9s informaci\u00f3 i venda d'entrades a www.teatredelacostabravasud.cat, tel. 972 35 84 73, cultura@blanes.cat. Vegeu programa a part.' ><\/meta><meta itemprop='startDate' content='2026-9-5' ><\/meta><meta itemprop='endDate' content='2026-9-5' ><\/meta><meta itemprop='eventStatus' content='on-schedule' ><\/meta><script type=\"application\/ld+json\">{\t\"@context\": \"http:\/\/schema.org\",\n\t\t\t\t\t\t\t  \t\"@type\": \"Event\",\n\t\t\t\t\t\t\t  \t\"name\": \"III Festival de Talent Blanenc\",\n\t\t\t\t\t\t\t  \t\"startDate\": \"2026-9-5T00-00-00-00\",\n\t\t\t\t\t\t\t  \t\"endDate\": \"2026-9-5T23-23-59-00\",\n\t\t\t\t\t\t\t  \t\"image\":\"https:\/\/www.blanescostabrava.cat\/wp-content\/uploads\/2026\/08\/554741784197466_1.png-300x300.webp\",\n\t\t\t\t\t\t\t  \t\"description\":\"DIA: Del 5 de setembre al 3 d'octubre\r\nDESCRIPCI\u00d3: Festival de talent local. M\u00e9s informaci\u00f3 i venda d'entrades a www.teatredelacostabravasud.cat, tel. 972 35 84 73, cultura@blanes.cat. Vegeu programa a part.\",\n\t\t\t\t\t\t\t  \t\n\t\t\t\t\t\t\t }<\/script><\/div>\n\t\t\t\t<p class=\"desc_trig_outter\"><a data-gmap_status=\"null\" data-exlk=\"0\" style=\"border-color: #206177;padding-top: 215px;height: 310px;\" id=\"evc_1788566401241978\" class=\"desc_trig sin_val evcal_list_a\" data-ux_val=\"3\"  ><span class='event-img'><img src='https:\/\/www.blanescostabrava.cat\/wp-content\/uploads\/2026\/08\/554741784197466_1.png.webp'><\/span><span class='evcal_cblock ' data-bgcolor='#206177' data-smon='septiembre' data-syr='2026'><span class='evo_start '><em class='date'>05<\/em><em class='month'>sep<\/em><em class='time'>allday<\/em><\/span><em class='clear'><\/em><\/span><span class='evcal_desc evo_info hide_eventtopdata '  data-location_status=\"false\" ><span class='evo_above_title'><\/span><span class='evcal_desc2 evcal_event_title' itemprop='name'>III Festival de Talent Blanenc<\/span><span class='evo_below_title'><\/span><span class='evcal_desc_info' ><\/span><span class='evcal_desc3'><\/span><\/span><em class='clear'><\/em><\/p><\/a><div class='event_description evcal_eventcard ' style=\"display:none\"><div class='evo_metarow_directimg'><img src='https:\/\/www.blanescostabrava.cat\/wp-content\/uploads\/2026\/08\/554741784197466_1.png.webp' \/><\/div><div class='evo_metarow_details evorow evcal_evdata_row bordb evcal_event_details'>\n\t\t\t\t\t\t\t<div class=\"event_excerpt\" style=\"display:none\"><h3 class=\"padb5 evo_h3\">Descripci\u00f3n<\/h3><p>DIA: Del 5 de setembre al 3 d'octubre\r\nDESCRIPCI\u00d3: Festival de talent local. M\u00e9s informaci\u00f3 i venda d'entrades a www.teatredelacostabravasud.cat, tel. 972 35 84 73, cultura@blanes.cat. Vegeu programa a part.<\/p><\/div><span class='evcal_evdata_icons'><i class='fa fa-align-justify'><\/i><\/span>\n\t\t\t\t\t\t\t\n\t\t\t\t\t\t\t<div class='evcal_evdata_cell '><div class='eventon_full_description'>\n\t\t\t\t\t\t\t\t\t<h3 class='padb5 evo_h3'><span class='evcal_evdata_icons'><i class='fa fa-align-justify'><\/i><\/span>Descripci\u00f3n<\/h3><div class='eventon_desc_in' itemprop='description'>\n\t\t\t\t\t\t\t\t\t<p>DIA: Del 5 de setembre al 3 d&#8217;octubre<br \/>\nDESCRIPCI\u00d3: Festival de talent local. M\u00e9s informaci\u00f3 i venda d&#8217;entrades a www.teatredelacostabravasud.cat, tel. 972 35 84 73, cultura@blanes.cat. Vegeu programa a part.<\/p>\n<\/div><div class='clear'><\/div>\n\t\t\t\t\t\t\t\t<\/div>\n\t\t\t\t\t\t\t<\/div>\n\t\t\t\t\t\t<\/div><div class='evo_metarow_time_location evorow bordb '>\n\t\t\t\t\t\t<div class='tb' >\n\t\t\t\t\t\t\t<div class='tbrow'>\n\t\t\t\t\t\t\t<div class='evcal_col50 bordr'>\n\t\t\t\t\t\t\t\t<div class='evcal_evdata_row evo_time'>\n\t\t\t\t\t\t\t\t\t<span class='evcal_evdata_icons'><i class='fa fa-clock-o'><\/i><\/span>\n\t\t\t\t\t\t\t\t\t<div class='evcal_evdata_cell'>\t\t\t\t\t\t\t\n\t\t\t\t\t\t\t\t\t\t<h3 class='evo_h3'><span class='evcal_evdata_icons'><i class='fa fa-clock-o'><\/i><\/span>Fecha<\/h3>\n\t\t\t\t\t\t\t\t\t\t<p>All Day (Saturday)<\/p>\n\t\t\t\t\t\t\t\t\t<\/div>\n\t\t\t\t\t\t\t\t<\/div>\n\t\t\t\t\t\t\t<\/div><div class='evcal_col50'>\n\t\t\t\t\t\t\t\t<div class='evcal_evdata_row evo_location'>\n\t\t\t\t\t\t\t\t\t<span class='evcal_evdata_icons'><i class='fa fa-map-marker'><\/i><\/span>\n\t\t\t\t\t\t\t\t\t<div class='evcal_evdata_cell' data-loc_tax_id='2217'>\t\t\t\t\t\t\t\n\t\t\t\t\t\t\t\t\t\t<h3 class='evo_h3'><span class='evcal_evdata_icons'><i class='fa fa-map-marker'><\/i><\/span>Location<\/h3><p class='evo_location_name'>Teatre de Blanes<\/p><p class='evo_location_address'><\/p>\n\t\t\t\t\t\t\t\t\t<\/div>\n\t\t\t\t\t\t\t\t<\/div>\n\t\t\t\t\t\t\t<\/div><div class='clear'><\/div>\n\t\t\t\t\t\t\t<\/div><\/div>\n\t\t\t\t\t\t<\/div>\t\t\t\t\t\t<div class='evo_metarow_ICS evorow bordb evcal_evdata_row'>\n\t\t\t\t\t\t\t<span class=\"evcal_evdata_icons\"><i class=\"fa fa-calendar\"><\/i><\/span>\n\t\t\t\t\t\t\t<div class='evcal_evdata_cell'>\n\t\t\t\t\t\t\t\t<p><a href='https:\/\/www.blanescostabrava.cat\/wp-admin\/admin-ajax.php?action=eventon_ics_download&amp;event_id=241978&amp;sunix=20260904T220000Z&amp;eunix=20260905T215900Z&amp;loca=&amp;locn=Teatre de Blanes' class='evo_ics_nCal' title='Add to your calendar'>Calendar<\/a><a href='\/\/www.google.com\/calendar\/event?action=TEMPLATE&amp;text=III+Festival+de+Talent+Blanenc&amp;dates=20260904T220000Z\/20260905T215900Z&amp;details=DIA%3A+Del+5+de+setembre+al+3+d%27octubre%0D%0ADESCRIPCI%C3%93%3A+Festival+de+talent+local.+M%C3%A9s+informaci%C3%B3+i+venda+d%27entrades+a+www.teatredelacostabravasud.cat%2C+tel.+972+35+84+73%2C+cultura%40blanes.cat.+Vegeu+programa+a+part.&amp;location=Teatre+de+Blanes - ' target='_blank' class='evo_ics_gCal' title='Add to google calendar'>GoogleCal<\/a><\/p>\t\n\t\t\t\t\t\t\t<\/div>\t\t\t\t\t\t<\/div>\n\t\t\t\t\t\t<\/div><div class='clear end'><\/div><\/div><div id=\"event_241990\" class=\"eventon_list_event evo_eventtop  event hasbgimg\" data-event_id=\"241990\" data-time=\"1788566401-1788652799\" data-colr=\"#206177\" itemscope itemtype='http:\/\/schema.org\/Event' 12><div class=\"evo_boxtop\" style=\"background-image: url(https:\/\/www.blanescostabrava.cat\/wp-content\/uploads\/2026\/08\/Cartell-Expo-Saladrigas-Espai-Violeta.jpg); background-color:#206177;height:200px;\"><\/div><div class=\"evo_event_schema\" style=\"display:none\" ><a itemprop='url'  href='https:\/\/www.blanescostabrava.cat\/events\/reflexio-recreacio-i-accio-creacio-continua\/'><\/a><span itemprop='name'  >\"Reflexi\u00f3, Recreaci\u00f3 i Acci\u00f3\" - Creaci\u00f3 Cont\u00ednua<\/span><meta itemprop='image' content='https:\/\/www.blanescostabrava.cat\/wp-content\/uploads\/2026\/08\/Cartell-Expo-Saladrigas-Espai-Violeta.jpg' ><\/meta><meta itemprop='description' content='DIA: Del 5 de setembre al 3 d'octubre\r\nLLOC: Espai Violeta, Casa Saladrigas\r\nDESCRIPCI\u00d3: Exposici\u00f3 de creaci\u00f3 cont\u00ednua a l'Espai Violeta.' ><\/meta><meta itemprop='startDate' content='2026-9-5' ><\/meta><meta itemprop='endDate' content='2026-9-5' ><\/meta><meta itemprop='eventStatus' content='on-schedule' ><\/meta><script type=\"application\/ld+json\">{\t\"@context\": \"http:\/\/schema.org\",\n\t\t\t\t\t\t\t  \t\"@type\": \"Event\",\n\t\t\t\t\t\t\t  \t\"name\": \"\"Reflexi\u00f3, Recreaci\u00f3 i Acci\u00f3\" - Creaci\u00f3 Cont\u00ednua\",\n\t\t\t\t\t\t\t  \t\"startDate\": \"2026-9-5T00-00-00-00\",\n\t\t\t\t\t\t\t  \t\"endDate\": \"2026-9-5T23-23-59-00\",\n\t\t\t\t\t\t\t  \t\"image\":\"https:\/\/www.blanescostabrava.cat\/wp-content\/uploads\/2026\/08\/Cartell-Expo-Saladrigas-Espai-Violeta-212x300.jpg\",\n\t\t\t\t\t\t\t  \t\"description\":\"DIA: Del 5 de setembre al 3 d'octubre\r\nLLOC: Espai Violeta, Casa Saladrigas\r\nDESCRIPCI\u00d3: Exposici\u00f3 de creaci\u00f3 cont\u00ednua a l'Espai Violeta.\",\n\t\t\t\t\t\t\t  \t\n\t\t\t\t\t\t\t }<\/script><\/div>\n\t\t\t\t<p class=\"desc_trig_outter\"><a data-gmap_status=\"null\" data-exlk=\"0\" style=\"border-color: #206177;padding-top: 215px;height: 310px;\" id=\"evc_1788566401241990\" class=\"desc_trig sin_val evcal_list_a\" data-ux_val=\"3\"  ><span class='event-img'><img src='https:\/\/www.blanescostabrava.cat\/wp-content\/uploads\/2026\/08\/Cartell-Expo-Saladrigas-Espai-Violeta.jpg'><\/span><span class='evcal_cblock ' data-bgcolor='#206177' data-smon='septiembre' data-syr='2026'><span class='evo_start '><em class='date'>05<\/em><em class='month'>sep<\/em><em class='time'>allday<\/em><\/span><em class='clear'><\/em><\/span><span class='evcal_desc evo_info hide_eventtopdata '  data-location_status=\"false\" ><span class='evo_above_title'><\/span><span class='evcal_desc2 evcal_event_title' itemprop='name'>\"Reflexi\u00f3, Recreaci\u00f3 i Acci\u00f3\" - Creaci\u00f3 Cont\u00ednua<\/span><span class='evo_below_title'><\/span><span class='evcal_desc_info' ><\/span><span class='evcal_desc3'><\/span><\/span><em class='clear'><\/em><\/p><\/a><div class='event_description evcal_eventcard ' style=\"display:none\"><div class='evo_metarow_directimg'><img src='https:\/\/www.blanescostabrava.cat\/wp-content\/uploads\/2026\/08\/Cartell-Expo-Saladrigas-Espai-Violeta.jpg' \/><\/div><div class='evo_metarow_details evorow evcal_evdata_row bordb evcal_event_details'>\n\t\t\t\t\t\t\t<div class=\"event_excerpt\" style=\"display:none\"><h3 class=\"padb5 evo_h3\">Descripci\u00f3n<\/h3><p>DIA: Del 5 de setembre al 3 d'octubre\r\nLLOC: Espai Violeta, Casa Saladrigas\r\nDESCRIPCI\u00d3: Exposici\u00f3 de creaci\u00f3 cont\u00ednua a l'Espai Violeta.<\/p><\/div><span class='evcal_evdata_icons'><i class='fa fa-align-justify'><\/i><\/span>\n\t\t\t\t\t\t\t\n\t\t\t\t\t\t\t<div class='evcal_evdata_cell '><div class='eventon_full_description'>\n\t\t\t\t\t\t\t\t\t<h3 class='padb5 evo_h3'><span class='evcal_evdata_icons'><i class='fa fa-align-justify'><\/i><\/span>Descripci\u00f3n<\/h3><div class='eventon_desc_in' itemprop='description'>\n\t\t\t\t\t\t\t\t\t<p>DIA: Del 5 de setembre al 3 d&#8217;octubre<br \/>\nLLOC: Espai Violeta, Casa Saladrigas<br \/>\nDESCRIPCI\u00d3: Exposici\u00f3 de creaci\u00f3 cont\u00ednua a l&#8217;Espai Violeta.<\/p>\n<\/div><div class='clear'><\/div>\n\t\t\t\t\t\t\t\t<\/div>\n\t\t\t\t\t\t\t<\/div>\n\t\t\t\t\t\t<\/div><div class='evo_metarow_time_location evorow bordb '>\n\t\t\t\t\t\t<div class='tb' >\n\t\t\t\t\t\t\t<div class='tbrow'>\n\t\t\t\t\t\t\t<div class='evcal_col50 bordr'>\n\t\t\t\t\t\t\t\t<div class='evcal_evdata_row evo_time'>\n\t\t\t\t\t\t\t\t\t<span class='evcal_evdata_icons'><i class='fa fa-clock-o'><\/i><\/span>\n\t\t\t\t\t\t\t\t\t<div class='evcal_evdata_cell'>\t\t\t\t\t\t\t\n\t\t\t\t\t\t\t\t\t\t<h3 class='evo_h3'><span class='evcal_evdata_icons'><i class='fa fa-clock-o'><\/i><\/span>Fecha<\/h3>\n\t\t\t\t\t\t\t\t\t\t<p>All Day (Saturday)<\/p>\n\t\t\t\t\t\t\t\t\t<\/div>\n\t\t\t\t\t\t\t\t<\/div>\n\t\t\t\t\t\t\t<\/div><div class='evcal_col50'>\n\t\t\t\t\t\t\t\t<div class='evcal_evdata_row evo_location'>\n\t\t\t\t\t\t\t\t\t<span class='evcal_evdata_icons'><i class='fa fa-map-marker'><\/i><\/span>\n\t\t\t\t\t\t\t\t\t<div class='evcal_evdata_cell' data-loc_tax_id='2425'>\t\t\t\t\t\t\t\n\t\t\t\t\t\t\t\t\t\t<h3 class='evo_h3'><span class='evcal_evdata_icons'><i class='fa fa-map-marker'><\/i><\/span>Location<\/h3><p class='evo_location_name'>Casa Saladrigas<\/p><p class='evo_location_address'><\/p>\n\t\t\t\t\t\t\t\t\t<\/div>\n\t\t\t\t\t\t\t\t<\/div>\n\t\t\t\t\t\t\t<\/div><div class='clear'><\/div>\n\t\t\t\t\t\t\t<\/div><\/div>\n\t\t\t\t\t\t<\/div>\t\t\t\t\t\t<div class='evo_metarow_ICS evorow bordb evcal_evdata_row'>\n\t\t\t\t\t\t\t<span class=\"evcal_evdata_icons\"><i class=\"fa fa-calendar\"><\/i><\/span>\n\t\t\t\t\t\t\t<div class='evcal_evdata_cell'>\n\t\t\t\t\t\t\t\t<p><a href='https:\/\/www.blanescostabrava.cat\/wp-admin\/admin-ajax.php?action=eventon_ics_download&amp;event_id=241990&amp;sunix=20260904T220000Z&amp;eunix=20260905T215900Z&amp;loca=&amp;locn=Casa Saladrigas' class='evo_ics_nCal' title='Add to your calendar'>Calendar<\/a><a href='\/\/www.google.com\/calendar\/event?action=TEMPLATE&amp;text=%22Reflexi%C3%B3%2C+Recreaci%C3%B3+i+Acci%C3%B3%22+-+Creaci%C3%B3+Cont%C3%ADnua&amp;dates=20260904T220000Z\/20260905T215900Z&amp;details=DIA%3A+Del+5+de+setembre+al+3+d%27octubre%0D%0ALLOC%3A+Espai+Violeta%2C+Casa+Saladrigas%0D%0ADESCRIPCI%C3%93%3A+Exposici%C3%B3+de+creaci%C3%B3+cont%C3%ADnua+a+l%27Espai+Violeta.&amp;location=Casa+Saladrigas - ' target='_blank' class='evo_ics_gCal' title='Add to google calendar'>GoogleCal<\/a><\/p>\t\n\t\t\t\t\t\t\t<\/div>\t\t\t\t\t\t<\/div>\n\t\t\t\t\t\t<\/div><div class='clear end'><\/div><\/div><div id=\"event_242002\" class=\"eventon_list_event evo_eventtop  event hasbgimg\" data-event_id=\"242002\" data-time=\"1788598800-1788642000\" data-colr=\"#206177\" itemscope itemtype='http:\/\/schema.org\/Event' 13><div class=\"evo_boxtop\" style=\"background-image: url(https:\/\/www.blanescostabrava.cat\/wp-content\/uploads\/2025\/08\/fira-.jpg); background-color:#206177;height:200px;\"><\/div><div class=\"evo_event_schema\" style=\"display:none\" ><a itemprop='url'  href='https:\/\/www.blanescostabrava.cat\/events\/firarebaixa-abbc\/'><\/a><span itemprop='name'  >FiraRebaixa - ABBC<\/span><meta itemprop='image' content='https:\/\/www.blanescostabrava.cat\/wp-content\/uploads\/2025\/08\/fira-.jpg' ><\/meta><meta itemprop='description' content='DIA: 5 i 12 de setembre\r\nHORA: 9.00 - 21.00 h\r\nLLOC: Carrers del centre\r\nDESCRIPCI\u00d3: Fira de rebaixes al centre de la vila, organitzada per l'ABBC.' ><\/meta><meta itemprop='startDate' content='2026-9-5' ><\/meta><meta itemprop='endDate' content='2026-9-5' ><\/meta><meta itemprop='eventStatus' content='on-schedule' ><\/meta><script type=\"application\/ld+json\">{\t\"@context\": \"http:\/\/schema.org\",\n\t\t\t\t\t\t\t  \t\"@type\": \"Event\",\n\t\t\t\t\t\t\t  \t\"name\": \"FiraRebaixa - ABBC\",\n\t\t\t\t\t\t\t  \t\"startDate\": \"2026-9-5T09-09-00-00\",\n\t\t\t\t\t\t\t  \t\"endDate\": \"2026-9-5T21-21-00-00\",\n\t\t\t\t\t\t\t  \t\"image\":\"https:\/\/www.blanescostabrava.cat\/wp-content\/uploads\/2025\/08\/fira--300x200.jpg\",\n\t\t\t\t\t\t\t  \t\"description\":\"DIA: 5 i 12 de setembre\r\nHORA: 9.00 - 21.00 h\r\nLLOC: Carrers del centre\r\nDESCRIPCI\u00d3: Fira de rebaixes al centre de la vila, organitzada per l'ABBC.\",\n\t\t\t\t\t\t\t  \t\n\t\t\t\t\t\t\t }<\/script><\/div>\n\t\t\t\t<p class=\"desc_trig_outter\"><a data-gmap_status=\"null\" data-exlk=\"0\" style=\"border-color: #206177;padding-top: 215px;height: 310px;\" id=\"evc_1788598800242002\" class=\"desc_trig sin_val evcal_list_a\" data-ux_val=\"3\"  ><span class='event-img'><img src='https:\/\/www.blanescostabrava.cat\/wp-content\/uploads\/2025\/08\/fira-.jpg'><\/span><span class='evcal_cblock ' data-bgcolor='#206177' data-smon='septiembre' data-syr='2026'><span class='evo_start '><em class='date'>05<\/em><em class='month'>sep<\/em><em class='time'>9:00 am<\/em><\/span><span class='evo_end only_time'><em class='time'>9:00 pm<\/em><\/span><em class='clear'><\/em><\/span><span class='evcal_desc evo_info hide_eventtopdata '  data-location_status=\"false\" ><span class='evo_above_title'><\/span><span class='evcal_desc2 evcal_event_title' itemprop='name'>FiraRebaixa - ABBC<\/span><span class='evo_below_title'><\/span><span class='evcal_desc_info' ><\/span><span class='evcal_desc3'><\/span><\/span><em class='clear'><\/em><\/p><\/a><div class='event_description evcal_eventcard ' style=\"display:none\"><div class='evo_metarow_directimg'><img src='https:\/\/www.blanescostabrava.cat\/wp-content\/uploads\/2025\/08\/fira-.jpg' \/><\/div><div class='evo_metarow_details evorow evcal_evdata_row bordb evcal_event_details'>\n\t\t\t\t\t\t\t<div class=\"event_excerpt\" style=\"display:none\"><h3 class=\"padb5 evo_h3\">Descripci\u00f3n<\/h3><p>DIA: 5 i 12 de setembre\r\nHORA: 9.00 - 21.00 h\r\nLLOC: Carrers del centre\r\nDESCRIPCI\u00d3: Fira de rebaixes al centre de la vila, organitzada per l'ABBC.<\/p><\/div><span class='evcal_evdata_icons'><i class='fa fa-align-justify'><\/i><\/span>\n\t\t\t\t\t\t\t\n\t\t\t\t\t\t\t<div class='evcal_evdata_cell '><div class='eventon_full_description'>\n\t\t\t\t\t\t\t\t\t<h3 class='padb5 evo_h3'><span class='evcal_evdata_icons'><i class='fa fa-align-justify'><\/i><\/span>Descripci\u00f3n<\/h3><div class='eventon_desc_in' itemprop='description'>\n\t\t\t\t\t\t\t\t\t<p>DIA: 5 i 12 de setembre<br \/>\nHORA: 9.00 &#8211; 21.00 h<br \/>\nLLOC: Carrers del centre<br \/>\nDESCRIPCI\u00d3: Fira de rebaixes al centre de la vila, organitzada per l&#8217;ABBC.<\/p>\n<\/div><div class='clear'><\/div>\n\t\t\t\t\t\t\t\t<\/div>\n\t\t\t\t\t\t\t<\/div>\n\t\t\t\t\t\t<\/div><div class='evo_metarow_time_location evorow bordb '>\n\t\t\t\t\t\t<div class='tb' >\n\t\t\t\t\t\t\t<div class='tbrow'>\n\t\t\t\t\t\t\t<div class='evcal_col50 bordr'>\n\t\t\t\t\t\t\t\t<div class='evcal_evdata_row evo_time'>\n\t\t\t\t\t\t\t\t\t<span class='evcal_evdata_icons'><i class='fa fa-clock-o'><\/i><\/span>\n\t\t\t\t\t\t\t\t\t<div class='evcal_evdata_cell'>\t\t\t\t\t\t\t\n\t\t\t\t\t\t\t\t\t\t<h3 class='evo_h3'><span class='evcal_evdata_icons'><i class='fa fa-clock-o'><\/i><\/span>Fecha<\/h3>\n\t\t\t\t\t\t\t\t\t\t<p>(Saturday) 9:00 am - 9:00 pm<\/p>\n\t\t\t\t\t\t\t\t\t<\/div>\n\t\t\t\t\t\t\t\t<\/div>\n\t\t\t\t\t\t\t<\/div><div class='evcal_col50'>\n\t\t\t\t\t\t\t\t<div class='evcal_evdata_row evo_location'>\n\t\t\t\t\t\t\t\t\t<span class='evcal_evdata_icons'><i class='fa fa-map-marker'><\/i><\/span>\n\t\t\t\t\t\t\t\t\t<div class='evcal_evdata_cell' data-loc_tax_id='3566'>\t\t\t\t\t\t\t\n\t\t\t\t\t\t\t\t\t\t<h3 class='evo_h3'><span class='evcal_evdata_icons'><i class='fa fa-map-marker'><\/i><\/span>Location<\/h3><p class='evo_location_name'>Carrers centre vila<\/p><p class='evo_location_address'><\/p>\n\t\t\t\t\t\t\t\t\t<\/div>\n\t\t\t\t\t\t\t\t<\/div>\n\t\t\t\t\t\t\t<\/div><div class='clear'><\/div>\n\t\t\t\t\t\t\t<\/div><\/div>\n\t\t\t\t\t\t<\/div>\t\t\t\t\t\t<div class='evo_metarow_ICS evorow bordb evcal_evdata_row'>\n\t\t\t\t\t\t\t<span class=\"evcal_evdata_icons\"><i class=\"fa fa-calendar\"><\/i><\/span>\n\t\t\t\t\t\t\t<div class='evcal_evdata_cell'>\n\t\t\t\t\t\t\t\t<p><a href='https:\/\/www.blanescostabrava.cat\/wp-admin\/admin-ajax.php?action=eventon_ics_download&amp;event_id=242002&amp;sunix=20260905T070000Z&amp;eunix=20260905T190000Z&amp;loca=&amp;locn=Carrers centre vila' class='evo_ics_nCal' title='Add to your calendar'>Calendar<\/a><a href='\/\/www.google.com\/calendar\/event?action=TEMPLATE&amp;text=FiraRebaixa+-+ABBC&amp;dates=20260905T070000Z\/20260905T190000Z&amp;details=DIA%3A+5+i+12+de+setembre%0D%0AHORA%3A+9.00+-+21.00+h%0D%0ALLOC%3A+Carrers+del+centre%0D%0ADESCRIPCI%C3%93%3A+Fira+de+rebaixes+al+centre+de+la+vila%2C+organitzada+per+l%27ABBC.&amp;location=Carrers+centre+vila - ' target='_blank' class='evo_ics_gCal' title='Add to google calendar'>GoogleCal<\/a><\/p>\t\n\t\t\t\t\t\t\t<\/div>\t\t\t\t\t\t<\/div>\n\t\t\t\t\t\t<\/div><div class='clear end'><\/div><\/div><div id=\"event_242014\" class=\"eventon_list_event evo_eventtop  event hasbgimg\" data-event_id=\"242014\" data-time=\"1788602400-1788652200\" data-colr=\"#206177\" itemscope itemtype='http:\/\/schema.org\/Event' 14><div class=\"evo_boxtop\" style=\"background-image: url(https:\/\/www.blanescostabrava.cat\/wp-content\/uploads\/2018\/04\/MARIMURTRA-29.jpg); background-color:#206177;height:200px;\"><\/div><div class=\"evo_event_schema\" style=\"display:none\" ><a itemprop='url'  href='https:\/\/www.blanescostabrava.cat\/events\/la-motxilla-de-faust\/'><\/a><span itemprop='name'  >\"La Motxilla de Faust\"<\/span><meta itemprop='image' content='https:\/\/www.blanescostabrava.cat\/wp-content\/uploads\/2018\/04\/MARIMURTRA-29.jpg' ><\/meta><meta itemprop='description' content='DIA: 5, 6, 12, 13, 19, 20, 26 i 27 de setembre\r\nHORA: 10.00 h, 11.00 h i 16.00 h\r\nLLOC: Jard\u00ed Bot\u00e0nic Marimurtra\r\nDESCRIPCI\u00d3: Visita teatralitzada pel jard\u00ed bot\u00e0nic.' ><\/meta><meta itemprop='startDate' content='2026-9-5' ><\/meta><meta itemprop='endDate' content='2026-9-5' ><\/meta><meta itemprop='eventStatus' content='on-schedule' ><\/meta><script type=\"application\/ld+json\">{\t\"@context\": \"http:\/\/schema.org\",\n\t\t\t\t\t\t\t  \t\"@type\": \"Event\",\n\t\t\t\t\t\t\t  \t\"name\": \"\"La Motxilla de Faust\"\",\n\t\t\t\t\t\t\t  \t\"startDate\": \"2026-9-5T10-10-00-00\",\n\t\t\t\t\t\t\t  \t\"endDate\": \"2026-9-5T23-23-50-00\",\n\t\t\t\t\t\t\t  \t\"image\":\"https:\/\/www.blanescostabrava.cat\/wp-content\/uploads\/2018\/04\/MARIMURTRA-29-300x200.jpg\",\n\t\t\t\t\t\t\t  \t\"description\":\"DIA: 5, 6, 12, 13, 19, 20, 26 i 27 de setembre\r\nHORA: 10.00 h, 11.00 h i 16.00 h\r\nLLOC: Jard\u00ed Bot\u00e0nic Marimurtra\r\nDESCRIPCI\u00d3: Visita teatralitzada pel jard\u00ed bot\u00e0nic.\",\n\t\t\t\t\t\t\t  \t\n\t\t\t\t\t\t\t }<\/script><\/div>\n\t\t\t\t<p class=\"desc_trig_outter\"><a data-gmap_status=\"null\" data-exlk=\"0\" style=\"border-color: #206177;padding-top: 215px;height: 310px;\" id=\"evc_1788602400242014\" class=\"desc_trig sin_val evcal_list_a\" data-ux_val=\"3\"  ><span class='event-img'><img src='https:\/\/www.blanescostabrava.cat\/wp-content\/uploads\/2018\/04\/MARIMURTRA-29.jpg'><\/span><span class='evcal_cblock ' data-bgcolor='#206177' data-smon='septiembre' data-syr='2026'><span class='evo_start '><em class='date'>05<\/em><em class='month'>sep<\/em><em class='time'>10:00 am<\/em><\/span><em class='clear'><\/em><\/span><span class='evcal_desc evo_info hide_eventtopdata '  data-location_status=\"false\" ><span class='evo_above_title'><\/span><span class='evcal_desc2 evcal_event_title' itemprop='name'>\"La Motxilla de Faust\"<\/span><span class='evo_below_title'><\/span><span class='evcal_desc_info' ><\/span><span class='evcal_desc3'><\/span><\/span><em class='clear'><\/em><\/p><\/a><div class='event_description evcal_eventcard ' style=\"display:none\"><div class='evo_metarow_directimg'><img src='https:\/\/www.blanescostabrava.cat\/wp-content\/uploads\/2018\/04\/MARIMURTRA-29.jpg' \/><\/div><div class='evo_metarow_details evorow evcal_evdata_row bordb evcal_event_details'>\n\t\t\t\t\t\t\t<div class=\"event_excerpt\" style=\"display:none\"><h3 class=\"padb5 evo_h3\">Descripci\u00f3n<\/h3><p>DIA: 5, 6, 12, 13, 19, 20, 26 i 27 de setembre\r\nHORA: 10.00 h, 11.00 h i 16.00 h\r\nLLOC: Jard\u00ed Bot\u00e0nic Marimurtra\r\nDESCRIPCI\u00d3: Visita teatralitzada pel jard\u00ed bot\u00e0nic.<\/p><\/div><span class='evcal_evdata_icons'><i class='fa fa-align-justify'><\/i><\/span>\n\t\t\t\t\t\t\t\n\t\t\t\t\t\t\t<div class='evcal_evdata_cell '><div class='eventon_full_description'>\n\t\t\t\t\t\t\t\t\t<h3 class='padb5 evo_h3'><span class='evcal_evdata_icons'><i class='fa fa-align-justify'><\/i><\/span>Descripci\u00f3n<\/h3><div class='eventon_desc_in' itemprop='description'>\n\t\t\t\t\t\t\t\t\t<p>DIA: 5, 6, 12, 13, 19, 20, 26 i 27 de setembre<br \/>\nHORA: 10.00 h, 11.00 h i 16.00 h<br \/>\nLLOC: Jard\u00ed Bot\u00e0nic Marimurtra<br \/>\nDESCRIPCI\u00d3: Visita teatralitzada pel jard\u00ed bot\u00e0nic.<\/p>\n<\/div><div class='clear'><\/div>\n\t\t\t\t\t\t\t\t<\/div>\n\t\t\t\t\t\t\t<\/div>\n\t\t\t\t\t\t<\/div><div class='evo_metarow_time_location evorow bordb '>\n\t\t\t\t\t\t<div class='tb' >\n\t\t\t\t\t\t\t<div class='tbrow'>\n\t\t\t\t\t\t\t<div class='evcal_col50 bordr'>\n\t\t\t\t\t\t\t\t<div class='evcal_evdata_row evo_time'>\n\t\t\t\t\t\t\t\t\t<span class='evcal_evdata_icons'><i class='fa fa-clock-o'><\/i><\/span>\n\t\t\t\t\t\t\t\t\t<div class='evcal_evdata_cell'>\t\t\t\t\t\t\t\n\t\t\t\t\t\t\t\t\t\t<h3 class='evo_h3'><span class='evcal_evdata_icons'><i class='fa fa-clock-o'><\/i><\/span>Fecha<\/h3>\n\t\t\t\t\t\t\t\t\t\t<p>(Saturday) 10:00 am<\/p>\n\t\t\t\t\t\t\t\t\t<\/div>\n\t\t\t\t\t\t\t\t<\/div>\n\t\t\t\t\t\t\t<\/div><div class='evcal_col50'>\n\t\t\t\t\t\t\t\t<div class='evcal_evdata_row evo_location'>\n\t\t\t\t\t\t\t\t\t<span class='evcal_evdata_icons'><i class='fa fa-map-marker'><\/i><\/span>\n\t\t\t\t\t\t\t\t\t<div class='evcal_evdata_cell' data-loc_tax_id='2413'>\t\t\t\t\t\t\t\n\t\t\t\t\t\t\t\t\t\t<h3 class='evo_h3'><span class='evcal_evdata_icons'><i class='fa fa-map-marker'><\/i><\/span>Location<\/h3><p class='evo_location_name'>Jard\u00ed Bot\u00e0nic Marimurtra<\/p><p class='evo_location_address'><\/p>\n\t\t\t\t\t\t\t\t\t<\/div>\n\t\t\t\t\t\t\t\t<\/div>\n\t\t\t\t\t\t\t<\/div><div class='clear'><\/div>\n\t\t\t\t\t\t\t<\/div><\/div>\n\t\t\t\t\t\t<\/div>\t\t\t\t\t\t<div class='evo_metarow_ICS evorow bordb evcal_evdata_row'>\n\t\t\t\t\t\t\t<span class=\"evcal_evdata_icons\"><i class=\"fa fa-calendar\"><\/i><\/span>\n\t\t\t\t\t\t\t<div class='evcal_evdata_cell'>\n\t\t\t\t\t\t\t\t<p><a href='https:\/\/www.blanescostabrava.cat\/wp-admin\/admin-ajax.php?action=eventon_ics_download&amp;event_id=242014&amp;sunix=20260905T080000Z&amp;eunix=20260905T215000Z&amp;loca=&amp;locn=Jard\u00ed Bot\u00e0nic Marimurtra' class='evo_ics_nCal' title='Add to your calendar'>Calendar<\/a><a href='\/\/www.google.com\/calendar\/event?action=TEMPLATE&amp;text=%22La+Motxilla+de+Faust%22&amp;dates=20260905T080000Z\/20260905T215000Z&amp;details=DIA%3A+5%2C+6%2C+12%2C+13%2C+19%2C+20%2C+26+i+27+de+setembre%0D%0AHORA%3A+10.00+h%2C+11.00+h+i+16.00+h%0D%0ALLOC%3A+Jard%C3%AD+Bot%C3%A0nic+Marimurtra%0D%0ADESCRIPCI%C3%93%3A+Visita+teatralitzada+pel+jard%C3%AD+bot%C3%A0nic.&amp;location=Jard%C3%AD+Bot%C3%A0nic+Marimurtra - ' target='_blank' class='evo_ics_gCal' title='Add to google calendar'>GoogleCal<\/a><\/p>\t\n\t\t\t\t\t\t\t<\/div>\t\t\t\t\t\t<\/div>\n\t\t\t\t\t\t<\/div><div class='clear end'><\/div><\/div><div id=\"event_242026\" class=\"eventon_list_event evo_eventtop  event hasbgimg\" data-event_id=\"242026\" data-time=\"1788633900-1788652200\" data-colr=\"#206177\" itemscope itemtype='http:\/\/schema.org\/Event' 15><div class=\"evo_boxtop\" style=\"background-image: url(https:\/\/www.blanescostabrava.cat\/wp-content\/uploads\/2018\/03\/cicloturisme.jpg); background-color:#206177;height:200px;\"><\/div><div class=\"evo_event_schema\" style=\"display:none\" ><a itemprop='url'  href='https:\/\/www.blanescostabrava.cat\/events\/visita-guiada-ruta-pel-centre-historic\/'><\/a><span itemprop='name'  >Visita Guiada: \"Ruta pel Centre Hist\u00f2ric\"<\/span><meta itemprop='image' content='https:\/\/www.blanescostabrava.cat\/wp-content\/uploads\/2018\/03\/cicloturisme.jpg' ><\/meta><meta itemprop='description' content='DIA: 5 de setembre\r\nHORA: 18.45 h\r\nLLOC: Sortida: OT Turisme, pla\u00e7a Catalunya s\/n\r\nDESCRIPCI\u00d3: Visita guiada gratu\u00efta pel centre hist\u00f2ric. Places gratu\u00eftes, inscripcions a turisme@blanes.cat o al 972 33 03 48.' ><\/meta><meta itemprop='startDate' content='2026-9-5' ><\/meta><meta itemprop='endDate' content='2026-9-5' ><\/meta><meta itemprop='eventStatus' content='on-schedule' ><\/meta><script type=\"application\/ld+json\">{\t\"@context\": \"http:\/\/schema.org\",\n\t\t\t\t\t\t\t  \t\"@type\": \"Event\",\n\t\t\t\t\t\t\t  \t\"name\": \"Visita Guiada: \"Ruta pel Centre Hist\u00f2ric\"\",\n\t\t\t\t\t\t\t  \t\"startDate\": \"2026-9-5T18-18-45-00\",\n\t\t\t\t\t\t\t  \t\"endDate\": \"2026-9-5T23-23-50-00\",\n\t\t\t\t\t\t\t  \t\"image\":\"https:\/\/www.blanescostabrava.cat\/wp-content\/uploads\/2018\/03\/cicloturisme-300x98.jpg\",\n\t\t\t\t\t\t\t  \t\"description\":\"DIA: 5 de setembre\r\nHORA: 18.45 h\r\nLLOC: Sortida: OT Turisme, pla\u00e7a Catalunya s\/n\r\nDESCRIPCI\u00d3: Visita guiada gratu\u00efta pel centre hist\u00f2ric. Places gratu\u00eftes, inscripcions a turisme@blanes.cat o al 972 33 03 48.\",\n\t\t\t\t\t\t\t  \t\n\t\t\t\t\t\t\t }<\/script><\/div>\n\t\t\t\t<p class=\"desc_trig_outter\"><a data-gmap_status=\"null\" data-exlk=\"0\" style=\"border-color: #206177;padding-top: 215px;height: 310px;\" id=\"evc_1788633900242026\" class=\"desc_trig sin_val evcal_list_a\" data-ux_val=\"3\"  ><span class='event-img'><img src='https:\/\/www.blanescostabrava.cat\/wp-content\/uploads\/2018\/03\/cicloturisme.jpg'><\/span><span class='evcal_cblock ' data-bgcolor='#206177' data-smon='septiembre' data-syr='2026'><span class='evo_start '><em class='date'>05<\/em><em class='month'>sep<\/em><em class='time'>6:45 pm<\/em><\/span><em class='clear'><\/em><\/span><span class='evcal_desc evo_info hide_eventtopdata '  data-location_status=\"false\" ><span class='evo_above_title'><\/span><span class='evcal_desc2 evcal_event_title' itemprop='name'>Visita Guiada: \"Ruta pel Centre Hist\u00f2ric\"<\/span><span class='evo_below_title'><\/span><span class='evcal_desc_info' ><\/span><span class='evcal_desc3'><\/span><\/span><em class='clear'><\/em><\/p><\/a><div class='event_description evcal_eventcard ' style=\"display:none\"><div class='evo_metarow_directimg'><img src='https:\/\/www.blanescostabrava.cat\/wp-content\/uploads\/2018\/03\/cicloturisme.jpg' \/><\/div><div class='evo_metarow_details evorow evcal_evdata_row bordb evcal_event_details'>\n\t\t\t\t\t\t\t<div class=\"event_excerpt\" style=\"display:none\"><h3 class=\"padb5 evo_h3\">Descripci\u00f3n<\/h3><p>DIA: 5 de setembre\r\nHORA: 18.45 h\r\nLLOC: Sortida: OT Turisme, pla\u00e7a Catalunya s\/n\r\nDESCRIPCI\u00d3: Visita guiada gratu\u00efta pel centre hist\u00f2ric. Places gratu\u00eftes, inscripcions a turisme@blanes.cat o al 972 33 03 48.<\/p><\/div><span class='evcal_evdata_icons'><i class='fa fa-align-justify'><\/i><\/span>\n\t\t\t\t\t\t\t\n\t\t\t\t\t\t\t<div class='evcal_evdata_cell '><div class='eventon_full_description'>\n\t\t\t\t\t\t\t\t\t<h3 class='padb5 evo_h3'><span class='evcal_evdata_icons'><i class='fa fa-align-justify'><\/i><\/span>Descripci\u00f3n<\/h3><div class='eventon_desc_in' itemprop='description'>\n\t\t\t\t\t\t\t\t\t<p>DIA: 5 de setembre<br \/>\nHORA: 18.45 h<br \/>\nLLOC: Sortida: OT Turisme, pla\u00e7a Catalunya s\/n<br \/>\nDESCRIPCI\u00d3: Visita guiada gratu\u00efta pel centre hist\u00f2ric. Places gratu\u00eftes, inscripcions a turisme@blanes.cat o al 972 33 03 48.<\/p>\n<\/div><div class='clear'><\/div>\n\t\t\t\t\t\t\t\t<\/div>\n\t\t\t\t\t\t\t<\/div>\n\t\t\t\t\t\t<\/div><div class='evo_metarow_time_location evorow bordb '>\n\t\t\t\t\t\t<div class='tb' >\n\t\t\t\t\t\t\t<div class='tbrow'>\n\t\t\t\t\t\t\t<div class='evcal_col50 bordr'>\n\t\t\t\t\t\t\t\t<div class='evcal_evdata_row evo_time'>\n\t\t\t\t\t\t\t\t\t<span class='evcal_evdata_icons'><i class='fa fa-clock-o'><\/i><\/span>\n\t\t\t\t\t\t\t\t\t<div class='evcal_evdata_cell'>\t\t\t\t\t\t\t\n\t\t\t\t\t\t\t\t\t\t<h3 class='evo_h3'><span class='evcal_evdata_icons'><i class='fa fa-clock-o'><\/i><\/span>Fecha<\/h3>\n\t\t\t\t\t\t\t\t\t\t<p>(Saturday) 6:45 pm<\/p>\n\t\t\t\t\t\t\t\t\t<\/div>\n\t\t\t\t\t\t\t\t<\/div>\n\t\t\t\t\t\t\t<\/div><div class='evcal_col50'>\n\t\t\t\t\t\t\t\t<div class='evcal_evdata_row evo_location'>\n\t\t\t\t\t\t\t\t\t<span class='evcal_evdata_icons'><i class='fa fa-map-marker'><\/i><\/span>\n\t\t\t\t\t\t\t\t\t<div class='evcal_evdata_cell' data-loc_tax_id='5252'>\t\t\t\t\t\t\t\n\t\t\t\t\t\t\t\t\t\t<h3 class='evo_h3'><span class='evcal_evdata_icons'><i class='fa fa-map-marker'><\/i><\/span>Location<\/h3><p class='evo_location_name'>Sortida: OT Turisme pl. Catalunya s\/n<\/p><p class='evo_location_address'><\/p>\n\t\t\t\t\t\t\t\t\t<\/div>\n\t\t\t\t\t\t\t\t<\/div>\n\t\t\t\t\t\t\t<\/div><div class='clear'><\/div>\n\t\t\t\t\t\t\t<\/div><\/div>\n\t\t\t\t\t\t<\/div>\t\t\t\t\t\t<div class='evo_metarow_ICS evorow bordb evcal_evdata_row'>\n\t\t\t\t\t\t\t<span class=\"evcal_evdata_icons\"><i class=\"fa fa-calendar\"><\/i><\/span>\n\t\t\t\t\t\t\t<div class='evcal_evdata_cell'>\n\t\t\t\t\t\t\t\t<p><a href='https:\/\/www.blanescostabrava.cat\/wp-admin\/admin-ajax.php?action=eventon_ics_download&amp;event_id=242026&amp;sunix=20260905T164500Z&amp;eunix=20260905T215000Z&amp;loca=&amp;locn=Sortida: OT Turisme pl. Catalunya s\/n' class='evo_ics_nCal' title='Add to your calendar'>Calendar<\/a><a href='\/\/www.google.com\/calendar\/event?action=TEMPLATE&amp;text=Visita+Guiada%3A+%22Ruta+pel+Centre+Hist%C3%B2ric%22&amp;dates=20260905T164500Z\/20260905T215000Z&amp;details=DIA%3A+5+de+setembre%0D%0AHORA%3A+18.45+h%0D%0ALLOC%3A+Sortida%3A+OT+Turisme%2C+pla%C3%A7a+Catalunya+s%2Fn%0D%0ADESCRIPCI%C3%93%3A+Visita+guiada+gratu%C3%AFta+pel+centre+hist%C3%B2ric.+Places+gratu%C3%AFtes%2C+inscripcions+a+turisme%40blanes.cat+o+al+972+33+03+48.&amp;location=Sortida%3A+OT+Turisme+pl.+Catalunya+s%2Fn - ' target='_blank' class='evo_ics_gCal' title='Add to google calendar'>GoogleCal<\/a><\/p>\t\n\t\t\t\t\t\t\t<\/div>\t\t\t\t\t\t<\/div>\n\t\t\t\t\t\t<\/div><div class='clear end'><\/div><\/div><div id=\"event_234910\" class=\"eventon_list_event evo_eventtop  event hasbgimg\" data-event_id=\"234910\" data-time=\"1788633900-1788652200\" data-colr=\"#206177\" itemscope itemtype='http:\/\/schema.org\/Event' 16><div class=\"evo_boxtop\" style=\"background-image: url(https:\/\/www.blanescostabrava.cat\/wp-content\/uploads\/2026\/05\/tematitzades_page-0001-3.jpg); background-color:#206177;height:200px;\"><\/div><div class=\"evo_event_schema\" style=\"display:none\" ><a itemprop='url'  href='https:\/\/www.blanescostabrava.cat\/es\/events\/ruta-por-el-centro-historico-cat-2\/'><\/a><span itemprop='name'  >Ruta por el centro hist\u00f3rico (CAT)<\/span><meta itemprop='image' content='https:\/\/www.blanescostabrava.cat\/wp-content\/uploads\/2026\/05\/tematitzades_page-0001-3.jpg' ><\/meta><meta itemprop='description' content='Ruta por el centro hist\u00f3rico (CAT)D\u00cdA: S\u00e1bado 5 de septiembreHORA: 18:45 hLUGAR: BlanesVisita guiada por el centro hist\u00f3rico' ><\/meta><meta itemprop='startDate' content='2026-9-5' ><\/meta><meta itemprop='endDate' content='2026-9-5' ><\/meta><meta itemprop='eventStatus' content='on-schedule' ><\/meta><script type=\"application\/ld+json\">{\t\"@context\": \"http:\/\/schema.org\",\n\t\t\t\t\t\t\t  \t\"@type\": \"Event\",\n\t\t\t\t\t\t\t  \t\"name\": \"Ruta por el centro hist\u00f3rico (CAT)\",\n\t\t\t\t\t\t\t  \t\"startDate\": \"2026-9-5T18-18-45-00\",\n\t\t\t\t\t\t\t  \t\"endDate\": \"2026-9-5T23-23-50-00\",\n\t\t\t\t\t\t\t  \t\"image\":\"https:\/\/www.blanescostabrava.cat\/wp-content\/uploads\/2026\/05\/tematitzades_page-0001-3-143x300.jpg\",\n\t\t\t\t\t\t\t  \t\"description\":\"Ruta por el centro hist\u00f3rico (CAT)D\u00cdA: S\u00e1bado 5 de septiembreHORA: 18:45 hLUGAR: BlanesVisita guiada por el centro hist\u00f3rico\",\n\t\t\t\t\t\t\t  \t\n\t\t\t\t\t\t\t }<\/script><\/div>\n\t\t\t\t<p class=\"desc_trig_outter\"><a data-gmap_status=\"null\" data-exlk=\"0\" style=\"border-color: #206177;padding-top: 215px;height: 310px;\" id=\"evc_1788633900234910\" class=\"desc_trig sin_val evcal_list_a\" data-ux_val=\"3\"  ><span class='event-img'><img src='https:\/\/www.blanescostabrava.cat\/wp-content\/uploads\/2026\/05\/tematitzades_page-0001-3.jpg'><\/span><span class='evcal_cblock ' data-bgcolor='#206177' data-smon='septiembre' data-syr='2026'><span class='evo_start '><em class='date'>05<\/em><em class='month'>sep<\/em><em class='time'>6:45 pm<\/em><\/span><em class='clear'><\/em><\/span><span class='evcal_desc evo_info hide_eventtopdata '  data-location_status=\"false\" ><span class='evo_above_title'><\/span><span class='evcal_desc2 evcal_event_title' itemprop='name'>Ruta por el centro hist\u00f3rico (CAT)<\/span><span class='evo_below_title'><\/span><span class='evcal_desc_info' ><\/span><span class='evcal_desc3'><\/span><\/span><em class='clear'><\/em><\/p><\/a><div class='event_description evcal_eventcard ' style=\"display:none\"><div class='evo_metarow_directimg'><img src='https:\/\/www.blanescostabrava.cat\/wp-content\/uploads\/2026\/05\/tematitzades_page-0001-3.jpg' \/><\/div><div class='evo_metarow_details evorow evcal_evdata_row bordb evcal_event_details'>\n\t\t\t\t\t\t\t<div class=\"event_excerpt\" style=\"display:none\"><h3 class=\"padb5 evo_h3\">Descripci\u00f3n<\/h3><p>Ruta por el centro hist\u00f3rico (CAT)D\u00cdA: S\u00e1bado 5 de septiembreHORA: 18:45 hLUGAR: BlanesVisita guiada por el centro hist\u00f3rico<\/p><\/div><span class='evcal_evdata_icons'><i class='fa fa-align-justify'><\/i><\/span>\n\t\t\t\t\t\t\t\n\t\t\t\t\t\t\t<div class='evcal_evdata_cell shorter_desc'><div class='eventon_details_shading_bot'>\n\t\t\t\t\t\t\t\t<p class='eventon_shad_p' content='less'><span class='ev_more_text' data-txt='less'>more<\/span><span class='ev_more_arrow'><\/span><\/p>\n\t\t\t\t\t\t\t<\/div><div class='eventon_full_description'>\n\t\t\t\t\t\t\t\t\t<h3 class='padb5 evo_h3'><span class='evcal_evdata_icons'><i class='fa fa-align-justify'><\/i><\/span>Descripci\u00f3n<\/h3><div class='eventon_desc_in' itemprop='description'>\n\t\t\t\t\t\t\t\t\t<p>Ruta por el centro hist\u00f3rico (CAT)<br data-start=\"869\" data-end=\"872\" \/><strong>D\u00cdA:<\/strong> S\u00e1bado 5 de septiembre<br data-start=\"899\" data-end=\"902\" \/><strong>HORA:<\/strong> 18:45 h<br data-start=\"915\" data-end=\"918\" \/><strong>LUGAR:<\/strong> Blanes<br data-start=\"931\" data-end=\"934\" \/>Visita guiada por el centro hist\u00f3rico de Blanes en catal\u00e1n, con una duraci\u00f3n aproximada de 1 h 30 min. Actividad gratuita con inscripci\u00f3n previa en <a class=\"decorated-link cursor-pointer\" rel=\"noopener\" data-start=\"1095\" data-end=\"1113\">turisme@blanes.cat<\/a>.<\/p>\n<p><img class=\"alignnone size-large wp-image-234856\" src=\"https:\/\/www.blanescostabrava.cat\/wp-content\/uploads\/2026\/05\/tematitzades_page-0001-2-488x1024.jpg\" alt=\"\" width=\"488\" height=\"1024\" srcset=\"https:\/\/www.blanescostabrava.cat\/wp-content\/uploads\/2026\/05\/tematitzades_page-0001-2-488x1024.jpg 488w, https:\/\/www.blanescostabrava.cat\/wp-content\/uploads\/2026\/05\/tematitzades_page-0001-2-143x300.jpg 143w, https:\/\/www.blanescostabrava.cat\/wp-content\/uploads\/2026\/05\/tematitzades_page-0001-2-71x150.jpg 71w, https:\/\/www.blanescostabrava.cat\/wp-content\/uploads\/2026\/05\/tematitzades_page-0001-2-11x24.jpg 11w, https:\/\/www.blanescostabrava.cat\/wp-content\/uploads\/2026\/05\/tematitzades_page-0001-2-17x36.jpg 17w, https:\/\/www.blanescostabrava.cat\/wp-content\/uploads\/2026\/05\/tematitzades_page-0001-2-23x48.jpg 23w, https:\/\/www.blanescostabrava.cat\/wp-content\/uploads\/2026\/05\/tematitzades_page-0001-2.jpg 591w\" sizes=\"(max-width: 488px) 100vw, 488px\" \/><\/p>\n<\/div><div class='clear'><\/div>\n\t\t\t\t\t\t\t\t<\/div>\n\t\t\t\t\t\t\t<\/div>\n\t\t\t\t\t\t<\/div><div class='evo_metarow_time evorow evcal_evdata_row bordb evcal_evrow_sm '>\n\t\t\t\t\t\t\t<span class='evcal_evdata_icons'><i class='fa fa-clock-o'><\/i><\/span>\n\t\t\t\t\t\t\t<div class='evcal_evdata_cell'>\t\t\t\t\t\t\t\n\t\t\t\t\t\t\t\t<h3 class='evo_h3'><span class='evcal_evdata_icons'><i class='fa fa-clock-o'><\/i><\/span>Fecha<\/h3><p>(Saturday) 6:45 pm<\/p>\n\t\t\t\t\t\t\t<\/div>\n\t\t\t\t\t\t<\/div>\t\t\t\t\t\t<div class='evo_metarow_ICS evorow bordb evcal_evdata_row'>\n\t\t\t\t\t\t\t<span class=\"evcal_evdata_icons\"><i class=\"fa fa-calendar\"><\/i><\/span>\n\t\t\t\t\t\t\t<div class='evcal_evdata_cell'>\n\t\t\t\t\t\t\t\t<p><a href='https:\/\/www.blanescostabrava.cat\/wp-admin\/admin-ajax.php?action=eventon_ics_download&amp;event_id=234910&amp;sunix=20260905T164500Z&amp;eunix=20260905T215000Z&amp;loca=&amp;locn=' class='evo_ics_nCal' title='Add to your calendar'>Calendar<\/a><a href='\/\/www.google.com\/calendar\/event?action=TEMPLATE&amp;text=Ruta+por+el+centro+hist%C3%B3rico+%28CAT%29&amp;dates=20260905T164500Z\/20260905T215000Z&amp;details=Ruta+por+el+centro+hist%C3%B3rico+%28CAT%29D%C3%8DA%3A+S%C3%A1bado+5+de+septiembreHORA%3A+18%3A45+hLUGAR%3A+BlanesVisita+guiada+por+el+centro+hist%C3%B3rico&amp;location= - ' target='_blank' class='evo_ics_gCal' title='Add to google calendar'>GoogleCal<\/a><\/p>\t\n\t\t\t\t\t\t\t<\/div>\t\t\t\t\t\t<\/div>\n\t\t\t\t\t\t<\/div><div class='clear end'><\/div><\/div><div id=\"event_242038\" class=\"eventon_list_event evo_eventtop  event hasbgimg\" data-event_id=\"242038\" data-time=\"1788638400-1788652200\" data-colr=\"#206177\" itemscope itemtype='http:\/\/schema.org\/Event' 17><div class=\"evo_boxtop\" style=\"background-image: url(https:\/\/www.blanescostabrava.cat\/wp-content\/uploads\/2026\/08\/whatsappimage2026-06-18at14_28_001.webp-1740x1160-1.webp); background-color:#206177;height:200px;\"><\/div><div class=\"evo_event_schema\" style=\"display:none\" ><a itemprop='url'  href='https:\/\/www.blanescostabrava.cat\/events\/brisas-lucas-martinez-i-guido-di-blasi\/'><\/a><span itemprop='name'  >\"Brisas\" - Lucas Mart\u00ednez i Guido di Blasi<\/span><meta itemprop='image' content='https:\/\/www.blanescostabrava.cat\/wp-content\/uploads\/2026\/08\/whatsappimage2026-06-18at14_28_001.webp-1740x1160-1.webp' ><\/meta><meta itemprop='description' content='DIA: 5 de setembre\r\nHORA: 20.00 h\r\nLLOC: Teatre de Blanes\r\nDESCRIPCI\u00d3: Concert dins el Cicle Talent Blanenc.' ><\/meta><meta itemprop='startDate' content='2026-9-5' ><\/meta><meta itemprop='endDate' content='2026-9-5' ><\/meta><meta itemprop='eventStatus' content='on-schedule' ><\/meta><script type=\"application\/ld+json\">{\t\"@context\": \"http:\/\/schema.org\",\n\t\t\t\t\t\t\t  \t\"@type\": \"Event\",\n\t\t\t\t\t\t\t  \t\"name\": \"\"Brisas\" - Lucas Mart\u00ednez i Guido di Blasi\",\n\t\t\t\t\t\t\t  \t\"startDate\": \"2026-9-5T20-20-00-00\",\n\t\t\t\t\t\t\t  \t\"endDate\": \"2026-9-5T23-23-50-00\",\n\t\t\t\t\t\t\t  \t\"image\":\"https:\/\/www.blanescostabrava.cat\/wp-content\/uploads\/2026\/08\/whatsappimage2026-06-18at14_28_001.webp-1740x1160-1-300x200.webp\",\n\t\t\t\t\t\t\t  \t\"description\":\"DIA: 5 de setembre\r\nHORA: 20.00 h\r\nLLOC: Teatre de Blanes\r\nDESCRIPCI\u00d3: Concert dins el Cicle Talent Blanenc.\",\n\t\t\t\t\t\t\t  \t\n\t\t\t\t\t\t\t }<\/script><\/div>\n\t\t\t\t<p class=\"desc_trig_outter\"><a data-gmap_status=\"null\" data-exlk=\"0\" style=\"border-color: #206177;padding-top: 215px;height: 310px;\" id=\"evc_1788638400242038\" class=\"desc_trig sin_val evcal_list_a\" data-ux_val=\"3\"  ><span class='event-img'><img src='https:\/\/www.blanescostabrava.cat\/wp-content\/uploads\/2026\/08\/whatsappimage2026-06-18at14_28_001.webp-1740x1160-1.webp'><\/span><span class='evcal_cblock ' data-bgcolor='#206177' data-smon='septiembre' data-syr='2026'><span class='evo_start '><em class='date'>05<\/em><em class='month'>sep<\/em><em class='time'>8:00 pm<\/em><\/span><em class='clear'><\/em><\/span><span class='evcal_desc evo_info hide_eventtopdata '  data-location_status=\"false\" ><span class='evo_above_title'><\/span><span class='evcal_desc2 evcal_event_title' itemprop='name'>\"Brisas\" - Lucas Mart\u00ednez i Guido di Blasi<\/span><span class='evo_below_title'><\/span><span class='evcal_desc_info' ><\/span><span class='evcal_desc3'><\/span><\/span><em class='clear'><\/em><\/p><\/a><div class='event_description evcal_eventcard ' style=\"display:none\"><div class='evo_metarow_directimg'><img src='https:\/\/www.blanescostabrava.cat\/wp-content\/uploads\/2026\/08\/whatsappimage2026-06-18at14_28_001.webp-1740x1160-1.webp' \/><\/div><div class='evo_metarow_details evorow evcal_evdata_row bordb evcal_event_details'>\n\t\t\t\t\t\t\t<div class=\"event_excerpt\" style=\"display:none\"><h3 class=\"padb5 evo_h3\">Descripci\u00f3n<\/h3><p>DIA: 5 de setembre\r\nHORA: 20.00 h\r\nLLOC: Teatre de Blanes\r\nDESCRIPCI\u00d3: Concert dins el Cicle Talent Blanenc.<\/p><\/div><span class='evcal_evdata_icons'><i class='fa fa-align-justify'><\/i><\/span>\n\t\t\t\t\t\t\t\n\t\t\t\t\t\t\t<div class='evcal_evdata_cell '><div class='eventon_full_description'>\n\t\t\t\t\t\t\t\t\t<h3 class='padb5 evo_h3'><span class='evcal_evdata_icons'><i class='fa fa-align-justify'><\/i><\/span>Descripci\u00f3n<\/h3><div class='eventon_desc_in' itemprop='description'>\n\t\t\t\t\t\t\t\t\t<p>DIA: 5 de setembre<br \/>\nHORA: 20.00 h<br \/>\nLLOC: Teatre de Blanes<br \/>\nDESCRIPCI\u00d3: Concert dins el Cicle Talent Blanenc.<\/p>\n<\/div><div class='clear'><\/div>\n\t\t\t\t\t\t\t\t<\/div>\n\t\t\t\t\t\t\t<\/div>\n\t\t\t\t\t\t<\/div><div class='evo_metarow_time_location evorow bordb '>\n\t\t\t\t\t\t<div class='tb' >\n\t\t\t\t\t\t\t<div class='tbrow'>\n\t\t\t\t\t\t\t<div class='evcal_col50 bordr'>\n\t\t\t\t\t\t\t\t<div class='evcal_evdata_row evo_time'>\n\t\t\t\t\t\t\t\t\t<span class='evcal_evdata_icons'><i class='fa fa-clock-o'><\/i><\/span>\n\t\t\t\t\t\t\t\t\t<div class='evcal_evdata_cell'>\t\t\t\t\t\t\t\n\t\t\t\t\t\t\t\t\t\t<h3 class='evo_h3'><span class='evcal_evdata_icons'><i class='fa fa-clock-o'><\/i><\/span>Fecha<\/h3>\n\t\t\t\t\t\t\t\t\t\t<p>(Saturday) 8:00 pm<\/p>\n\t\t\t\t\t\t\t\t\t<\/div>\n\t\t\t\t\t\t\t\t<\/div>\n\t\t\t\t\t\t\t<\/div><div class='evcal_col50'>\n\t\t\t\t\t\t\t\t<div class='evcal_evdata_row evo_location'>\n\t\t\t\t\t\t\t\t\t<span class='evcal_evdata_icons'><i class='fa fa-map-marker'><\/i><\/span>\n\t\t\t\t\t\t\t\t\t<div class='evcal_evdata_cell' data-loc_tax_id='2217'>\t\t\t\t\t\t\t\n\t\t\t\t\t\t\t\t\t\t<h3 class='evo_h3'><span class='evcal_evdata_icons'><i class='fa fa-map-marker'><\/i><\/span>Location<\/h3><p class='evo_location_name'>Teatre de Blanes<\/p><p class='evo_location_address'><\/p>\n\t\t\t\t\t\t\t\t\t<\/div>\n\t\t\t\t\t\t\t\t<\/div>\n\t\t\t\t\t\t\t<\/div><div class='clear'><\/div>\n\t\t\t\t\t\t\t<\/div><\/div>\n\t\t\t\t\t\t<\/div>\t\t\t\t\t\t<div class='evo_metarow_ICS evorow bordb evcal_evdata_row'>\n\t\t\t\t\t\t\t<span class=\"evcal_evdata_icons\"><i class=\"fa fa-calendar\"><\/i><\/span>\n\t\t\t\t\t\t\t<div class='evcal_evdata_cell'>\n\t\t\t\t\t\t\t\t<p><a href='https:\/\/www.blanescostabrava.cat\/wp-admin\/admin-ajax.php?action=eventon_ics_download&amp;event_id=242038&amp;sunix=20260905T180000Z&amp;eunix=20260905T215000Z&amp;loca=&amp;locn=Teatre de Blanes' class='evo_ics_nCal' title='Add to your calendar'>Calendar<\/a><a href='\/\/www.google.com\/calendar\/event?action=TEMPLATE&amp;text=%22Brisas%22+-+Lucas+Mart%C3%ADnez+i+Guido+di+Blasi&amp;dates=20260905T180000Z\/20260905T215000Z&amp;details=DIA%3A+5+de+setembre%0D%0AHORA%3A+20.00+h%0D%0ALLOC%3A+Teatre+de+Blanes%0D%0ADESCRIPCI%C3%93%3A+Concert+dins+el+Cicle+Talent+Blanenc.&amp;location=Teatre+de+Blanes - ' target='_blank' class='evo_ics_gCal' title='Add to google calendar'>GoogleCal<\/a><\/p>\t\n\t\t\t\t\t\t\t<\/div>\t\t\t\t\t\t<\/div>\n\t\t\t\t\t\t<\/div><div class='clear end'><\/div><\/div><div id=\"event_242050\" class=\"eventon_list_event evo_eventtop  event hasbgimg\" data-event_id=\"242050\" data-time=\"1788681600-1788685200\" data-colr=\"#206177\" itemscope itemtype='http:\/\/schema.org\/Event' 18><div class=\"evo_boxtop\" style=\"background-image: url(https:\/\/www.blanescostabrava.cat\/wp-content\/uploads\/2018\/04\/MARIMURTRA-28.jpg); background-color:#206177;height:200px;\"><\/div><div class=\"evo_event_schema\" style=\"display:none\" ><a itemprop='url'  href='https:\/\/www.blanescostabrava.cat\/events\/ioga-a-marimurtra-8\/'><\/a><span itemprop='name'  >Ioga a Marimurtra<\/span><meta itemprop='image' content='https:\/\/www.blanescostabrava.cat\/wp-content\/uploads\/2018\/04\/MARIMURTRA-28.jpg' ><\/meta><meta itemprop='description' content='DIA: 6 i 13 de setembre\r\nHORA: 8.00 - 9.00 h\r\nLLOC: Jard\u00ed Bot\u00e0nic Marimurtra\r\nDESCRIPCI\u00d3: Sessi\u00f3 de ioga al jard\u00ed bot\u00e0nic.' ><\/meta><meta itemprop='startDate' content='2026-9-6' ><\/meta><meta itemprop='endDate' content='2026-9-6' ><\/meta><meta itemprop='eventStatus' content='on-schedule' ><\/meta><script type=\"application\/ld+json\">{\t\"@context\": \"http:\/\/schema.org\",\n\t\t\t\t\t\t\t  \t\"@type\": \"Event\",\n\t\t\t\t\t\t\t  \t\"name\": \"Ioga a Marimurtra\",\n\t\t\t\t\t\t\t  \t\"startDate\": \"2026-9-6T08-08-00-00\",\n\t\t\t\t\t\t\t  \t\"endDate\": \"2026-9-6T09-09-00-00\",\n\t\t\t\t\t\t\t  \t\"image\":\"https:\/\/www.blanescostabrava.cat\/wp-content\/uploads\/2018\/04\/MARIMURTRA-28-200x300.jpg\",\n\t\t\t\t\t\t\t  \t\"description\":\"DIA: 6 i 13 de setembre\r\nHORA: 8.00 - 9.00 h\r\nLLOC: Jard\u00ed Bot\u00e0nic Marimurtra\r\nDESCRIPCI\u00d3: Sessi\u00f3 de ioga al jard\u00ed bot\u00e0nic.\",\n\t\t\t\t\t\t\t  \t\n\t\t\t\t\t\t\t }<\/script><\/div>\n\t\t\t\t<p class=\"desc_trig_outter\"><a data-gmap_status=\"null\" data-exlk=\"0\" style=\"border-color: #206177;padding-top: 215px;height: 310px;\" id=\"evc_1788681600242050\" class=\"desc_trig sin_val evcal_list_a\" data-ux_val=\"3\"  ><span class='event-img'><img src='https:\/\/www.blanescostabrava.cat\/wp-content\/uploads\/2018\/04\/MARIMURTRA-28.jpg'><\/span><span class='evcal_cblock ' data-bgcolor='#206177' data-smon='septiembre' data-syr='2026'><span class='evo_start '><em class='date'>06<\/em><em class='month'>sep<\/em><em class='time'>8:00 am<\/em><\/span><span class='evo_end only_time'><em class='time'>9:00 am<\/em><\/span><em class='clear'><\/em><\/span><span class='evcal_desc evo_info hide_eventtopdata '  data-location_status=\"false\" ><span class='evo_above_title'><\/span><span class='evcal_desc2 evcal_event_title' itemprop='name'>Ioga a Marimurtra<\/span><span class='evo_below_title'><\/span><span class='evcal_desc_info' ><\/span><span class='evcal_desc3'><\/span><\/span><em class='clear'><\/em><\/p><\/a><div class='event_description evcal_eventcard ' style=\"display:none\"><div class='evo_metarow_directimg'><img src='https:\/\/www.blanescostabrava.cat\/wp-content\/uploads\/2018\/04\/MARIMURTRA-28.jpg' \/><\/div><div class='evo_metarow_details evorow evcal_evdata_row bordb evcal_event_details'>\n\t\t\t\t\t\t\t<div class=\"event_excerpt\" style=\"display:none\"><h3 class=\"padb5 evo_h3\">Descripci\u00f3n<\/h3><p>DIA: 6 i 13 de setembre\r\nHORA: 8.00 - 9.00 h\r\nLLOC: Jard\u00ed Bot\u00e0nic Marimurtra\r\nDESCRIPCI\u00d3: Sessi\u00f3 de ioga al jard\u00ed bot\u00e0nic.<\/p><\/div><span class='evcal_evdata_icons'><i class='fa fa-align-justify'><\/i><\/span>\n\t\t\t\t\t\t\t\n\t\t\t\t\t\t\t<div class='evcal_evdata_cell '><div class='eventon_full_description'>\n\t\t\t\t\t\t\t\t\t<h3 class='padb5 evo_h3'><span class='evcal_evdata_icons'><i class='fa fa-align-justify'><\/i><\/span>Descripci\u00f3n<\/h3><div class='eventon_desc_in' itemprop='description'>\n\t\t\t\t\t\t\t\t\t<p>DIA: 6 i 13 de setembre<br \/>\nHORA: 8.00 &#8211; 9.00 h<br \/>\nLLOC: Jard\u00ed Bot\u00e0nic Marimurtra<br \/>\nDESCRIPCI\u00d3: Sessi\u00f3 de ioga al jard\u00ed bot\u00e0nic.<\/p>\n<\/div><div class='clear'><\/div>\n\t\t\t\t\t\t\t\t<\/div>\n\t\t\t\t\t\t\t<\/div>\n\t\t\t\t\t\t<\/div><div class='evo_metarow_time_location evorow bordb '>\n\t\t\t\t\t\t<div class='tb' >\n\t\t\t\t\t\t\t<div class='tbrow'>\n\t\t\t\t\t\t\t<div class='evcal_col50 bordr'>\n\t\t\t\t\t\t\t\t<div class='evcal_evdata_row evo_time'>\n\t\t\t\t\t\t\t\t\t<span class='evcal_evdata_icons'><i class='fa fa-clock-o'><\/i><\/span>\n\t\t\t\t\t\t\t\t\t<div class='evcal_evdata_cell'>\t\t\t\t\t\t\t\n\t\t\t\t\t\t\t\t\t\t<h3 class='evo_h3'><span class='evcal_evdata_icons'><i class='fa fa-clock-o'><\/i><\/span>Fecha<\/h3>\n\t\t\t\t\t\t\t\t\t\t<p>(Sunday) 8:00 am - 9:00 am<\/p>\n\t\t\t\t\t\t\t\t\t<\/div>\n\t\t\t\t\t\t\t\t<\/div>\n\t\t\t\t\t\t\t<\/div><div class='evcal_col50'>\n\t\t\t\t\t\t\t\t<div class='evcal_evdata_row evo_location'>\n\t\t\t\t\t\t\t\t\t<span class='evcal_evdata_icons'><i class='fa fa-map-marker'><\/i><\/span>\n\t\t\t\t\t\t\t\t\t<div class='evcal_evdata_cell' data-loc_tax_id='2413'>\t\t\t\t\t\t\t\n\t\t\t\t\t\t\t\t\t\t<h3 class='evo_h3'><span class='evcal_evdata_icons'><i class='fa fa-map-marker'><\/i><\/span>Location<\/h3><p class='evo_location_name'>Jard\u00ed Bot\u00e0nic Marimurtra<\/p><p class='evo_location_address'><\/p>\n\t\t\t\t\t\t\t\t\t<\/div>\n\t\t\t\t\t\t\t\t<\/div>\n\t\t\t\t\t\t\t<\/div><div class='clear'><\/div>\n\t\t\t\t\t\t\t<\/div><\/div>\n\t\t\t\t\t\t<\/div>\t\t\t\t\t\t<div class='evo_metarow_ICS evorow bordb evcal_evdata_row'>\n\t\t\t\t\t\t\t<span class=\"evcal_evdata_icons\"><i class=\"fa fa-calendar\"><\/i><\/span>\n\t\t\t\t\t\t\t<div class='evcal_evdata_cell'>\n\t\t\t\t\t\t\t\t<p><a href='https:\/\/www.blanescostabrava.cat\/wp-admin\/admin-ajax.php?action=eventon_ics_download&amp;event_id=242050&amp;sunix=20260906T060000Z&amp;eunix=20260906T070000Z&amp;loca=&amp;locn=Jard\u00ed Bot\u00e0nic Marimurtra' class='evo_ics_nCal' title='Add to your calendar'>Calendar<\/a><a href='\/\/www.google.com\/calendar\/event?action=TEMPLATE&amp;text=Ioga+a+Marimurtra&amp;dates=20260906T060000Z\/20260906T070000Z&amp;details=DIA%3A+6+i+13+de+setembre%0D%0AHORA%3A+8.00+-+9.00+h%0D%0ALLOC%3A+Jard%C3%AD+Bot%C3%A0nic+Marimurtra%0D%0ADESCRIPCI%C3%93%3A+Sessi%C3%B3+de+ioga+al+jard%C3%AD+bot%C3%A0nic.&amp;location=Jard%C3%AD+Bot%C3%A0nic+Marimurtra - ' target='_blank' class='evo_ics_gCal' title='Add to google calendar'>GoogleCal<\/a><\/p>\t\n\t\t\t\t\t\t\t<\/div>\t\t\t\t\t\t<\/div>\n\t\t\t\t\t\t<\/div><div class='clear end'><\/div><\/div><div id=\"event_242062\" class=\"eventon_list_event evo_eventtop  event hasbgimg\" data-event_id=\"242062\" data-time=\"1788696000-1788738600\" data-colr=\"#206177\" itemscope itemtype='http:\/\/schema.org\/Event' 19><div class=\"evo_boxtop\" style=\"background-image: url(https:\/\/www.blanescostabrava.cat\/wp-content\/uploads\/2022\/01\/saladrigas-web.jpg); background-color:#206177;height:200px;\"><\/div><div class=\"evo_event_schema\" style=\"display:none\" ><a itemprop='url'  href='https:\/\/www.blanescostabrava.cat\/events\/mixologia-tast-de-vermuts-18-anys\/'><\/a><span itemprop='name'  >Mixologia: \"Tast de Vermuts\" (+18 anys)<\/span><meta itemprop='image' content='https:\/\/www.blanescostabrava.cat\/wp-content\/uploads\/2022\/01\/saladrigas-web.jpg' ><\/meta><meta itemprop='description' content='DIA: 6 i 13 de setembre\r\nHORA: 12.00 h\r\nLLOC: Casa Saladrigas\r\nDESCRIPCI\u00d3: Tast de vermuts a c\u00e0rrec de Mariona Vilanova, del Nykteri's Cocktail Bar. Places limitades, reserva pr\u00e8via. Activitat +18 anys.' ><\/meta><meta itemprop='startDate' content='2026-9-6' ><\/meta><meta itemprop='endDate' content='2026-9-6' ><\/meta><meta itemprop='eventStatus' content='on-schedule' ><\/meta><script type=\"application\/ld+json\">{\t\"@context\": \"http:\/\/schema.org\",\n\t\t\t\t\t\t\t  \t\"@type\": \"Event\",\n\t\t\t\t\t\t\t  \t\"name\": \"Mixologia: \"Tast de Vermuts\" (+18 anys)\",\n\t\t\t\t\t\t\t  \t\"startDate\": \"2026-9-6T12-12-00-00\",\n\t\t\t\t\t\t\t  \t\"endDate\": \"2026-9-6T23-23-50-00\",\n\t\t\t\t\t\t\t  \t\"image\":\"https:\/\/www.blanescostabrava.cat\/wp-content\/uploads\/2022\/01\/saladrigas-web-217x300.jpg\",\n\t\t\t\t\t\t\t  \t\"description\":\"DIA: 6 i 13 de setembre\r\nHORA: 12.00 h\r\nLLOC: Casa Saladrigas\r\nDESCRIPCI\u00d3: Tast de vermuts a c\u00e0rrec de Mariona Vilanova, del Nykteri's Cocktail Bar. Places limitades, reserva pr\u00e8via. Activitat +18 anys.\",\n\t\t\t\t\t\t\t  \t\n\t\t\t\t\t\t\t }<\/script><\/div>\n\t\t\t\t<p class=\"desc_trig_outter\"><a data-gmap_status=\"null\" data-exlk=\"0\" style=\"border-color: #206177;padding-top: 215px;height: 310px;\" id=\"evc_1788696000242062\" class=\"desc_trig sin_val evcal_list_a\" data-ux_val=\"3\"  ><span class='event-img'><img src='https:\/\/www.blanescostabrava.cat\/wp-content\/uploads\/2022\/01\/saladrigas-web.jpg'><\/span><span class='evcal_cblock ' data-bgcolor='#206177' data-smon='septiembre' data-syr='2026'><span class='evo_start '><em class='date'>06<\/em><em class='month'>sep<\/em><em class='time'>12:00 pm<\/em><\/span><em class='clear'><\/em><\/span><span class='evcal_desc evo_info hide_eventtopdata '  data-location_status=\"false\" ><span class='evo_above_title'><\/span><span class='evcal_desc2 evcal_event_title' itemprop='name'>Mixologia: \"Tast de Vermuts\" (+18 anys)<\/span><span class='evo_below_title'><\/span><span class='evcal_desc_info' ><\/span><span class='evcal_desc3'><\/span><\/span><em class='clear'><\/em><\/p><\/a><div class='event_description evcal_eventcard ' style=\"display:none\"><div class='evo_metarow_directimg'><img src='https:\/\/www.blanescostabrava.cat\/wp-content\/uploads\/2022\/01\/saladrigas-web.jpg' \/><\/div><div class='evo_metarow_details evorow evcal_evdata_row bordb evcal_event_details'>\n\t\t\t\t\t\t\t<div class=\"event_excerpt\" style=\"display:none\"><h3 class=\"padb5 evo_h3\">Descripci\u00f3n<\/h3><p>DIA: 6 i 13 de setembre\r\nHORA: 12.00 h\r\nLLOC: Casa Saladrigas\r\nDESCRIPCI\u00d3: Tast de vermuts a c\u00e0rrec de Mariona Vilanova, del Nykteri's Cocktail Bar. Places limitades, reserva pr\u00e8via. Activitat +18 anys.<\/p><\/div><span class='evcal_evdata_icons'><i class='fa fa-align-justify'><\/i><\/span>\n\t\t\t\t\t\t\t\n\t\t\t\t\t\t\t<div class='evcal_evdata_cell '><div class='eventon_full_description'>\n\t\t\t\t\t\t\t\t\t<h3 class='padb5 evo_h3'><span class='evcal_evdata_icons'><i class='fa fa-align-justify'><\/i><\/span>Descripci\u00f3n<\/h3><div class='eventon_desc_in' itemprop='description'>\n\t\t\t\t\t\t\t\t\t<p>DIA: 6 i 13 de setembre<br \/>\nHORA: 12.00 h<br \/>\nLLOC: Casa Saladrigas<br \/>\nDESCRIPCI\u00d3: Tast de vermuts a c\u00e0rrec de Mariona Vilanova, del Nykteri&#8217;s Cocktail Bar. Places limitades, reserva pr\u00e8via. Activitat +18 anys.<\/p>\n<\/div><div class='clear'><\/div>\n\t\t\t\t\t\t\t\t<\/div>\n\t\t\t\t\t\t\t<\/div>\n\t\t\t\t\t\t<\/div><div class='evo_metarow_time_location evorow bordb '>\n\t\t\t\t\t\t<div class='tb' >\n\t\t\t\t\t\t\t<div class='tbrow'>\n\t\t\t\t\t\t\t<div class='evcal_col50 bordr'>\n\t\t\t\t\t\t\t\t<div class='evcal_evdata_row evo_time'>\n\t\t\t\t\t\t\t\t\t<span class='evcal_evdata_icons'><i class='fa fa-clock-o'><\/i><\/span>\n\t\t\t\t\t\t\t\t\t<div class='evcal_evdata_cell'>\t\t\t\t\t\t\t\n\t\t\t\t\t\t\t\t\t\t<h3 class='evo_h3'><span class='evcal_evdata_icons'><i class='fa fa-clock-o'><\/i><\/span>Fecha<\/h3>\n\t\t\t\t\t\t\t\t\t\t<p>(Sunday) 12:00 pm<\/p>\n\t\t\t\t\t\t\t\t\t<\/div>\n\t\t\t\t\t\t\t\t<\/div>\n\t\t\t\t\t\t\t<\/div><div class='evcal_col50'>\n\t\t\t\t\t\t\t\t<div class='evcal_evdata_row evo_location'>\n\t\t\t\t\t\t\t\t\t<span class='evcal_evdata_icons'><i class='fa fa-map-marker'><\/i><\/span>\n\t\t\t\t\t\t\t\t\t<div class='evcal_evdata_cell' data-loc_tax_id='2425'>\t\t\t\t\t\t\t\n\t\t\t\t\t\t\t\t\t\t<h3 class='evo_h3'><span class='evcal_evdata_icons'><i class='fa fa-map-marker'><\/i><\/span>Location<\/h3><p class='evo_location_name'>Casa Saladrigas<\/p><p class='evo_location_address'><\/p>\n\t\t\t\t\t\t\t\t\t<\/div>\n\t\t\t\t\t\t\t\t<\/div>\n\t\t\t\t\t\t\t<\/div><div class='clear'><\/div>\n\t\t\t\t\t\t\t<\/div><\/div>\n\t\t\t\t\t\t<\/div>\t\t\t\t\t\t<div class='evo_metarow_ICS evorow bordb evcal_evdata_row'>\n\t\t\t\t\t\t\t<span class=\"evcal_evdata_icons\"><i class=\"fa fa-calendar\"><\/i><\/span>\n\t\t\t\t\t\t\t<div class='evcal_evdata_cell'>\n\t\t\t\t\t\t\t\t<p><a href='https:\/\/www.blanescostabrava.cat\/wp-admin\/admin-ajax.php?action=eventon_ics_download&amp;event_id=242062&amp;sunix=20260906T100000Z&amp;eunix=20260906T215000Z&amp;loca=&amp;locn=Casa Saladrigas' class='evo_ics_nCal' title='Add to your calendar'>Calendar<\/a><a href='\/\/www.google.com\/calendar\/event?action=TEMPLATE&amp;text=Mixologia%3A+%22Tast+de+Vermuts%22+%28%2B18+anys%29&amp;dates=20260906T100000Z\/20260906T215000Z&amp;details=DIA%3A+6+i+13+de+setembre%0D%0AHORA%3A+12.00+h%0D%0ALLOC%3A+Casa+Saladrigas%0D%0ADESCRIPCI%C3%93%3A+Tast+de+vermuts+a+c%C3%A0rrec+de+Mariona+Vilanova%2C+del+Nykteri%27s+Cocktail+Bar.+Places+limitades%2C+reserva+pr%C3%A8via.+Activitat+%2B18+anys.&amp;location=Casa+Saladrigas - ' target='_blank' class='evo_ics_gCal' title='Add to google calendar'>GoogleCal<\/a><\/p>\t\n\t\t\t\t\t\t\t<\/div>\t\t\t\t\t\t<\/div>\n\t\t\t\t\t\t<\/div><div class='clear end'><\/div><\/div><div id=\"event_242074\" class=\"eventon_list_event evo_eventtop  event hasbgimg\" data-event_id=\"242074\" data-time=\"1788723000-1788738600\" data-colr=\"#206177\" itemscope itemtype='http:\/\/schema.org\/Event' 20><div class=\"evo_boxtop\" style=\"background-image: url(https:\/\/www.blanescostabrava.cat\/wp-content\/uploads\/2018\/04\/Sardanes-26.jpg); background-color:#206177;height:200px;\"><\/div><div class=\"evo_event_schema\" style=\"display:none\" ><a itemprop='url'  href='https:\/\/www.blanescostabrava.cat\/events\/sardanes-al-passeig-de-mar\/'><\/a><span itemprop='name'  >Sardanes al Passeig de Mar<\/span><meta itemprop='image' content='https:\/\/www.blanescostabrava.cat\/wp-content\/uploads\/2018\/04\/Sardanes-26.jpg' ><\/meta><meta itemprop='description' content='DIA: 6, 11, 13, 20 i 27 de setembre\r\nHORA: 19.30 h (l'11\/9 a les 20.00 h i el 27\/9 a les 19.00 h)\r\nLLOC: Passeig de Mar - Banc dels M\u00fasics\r\nDESCRIPCI\u00d3:' ><\/meta><meta itemprop='startDate' content='2026-9-6' ><\/meta><meta itemprop='endDate' content='2026-9-6' ><\/meta><meta itemprop='eventStatus' content='on-schedule' ><\/meta><script type=\"application\/ld+json\">{\t\"@context\": \"http:\/\/schema.org\",\n\t\t\t\t\t\t\t  \t\"@type\": \"Event\",\n\t\t\t\t\t\t\t  \t\"name\": \"Sardanes al Passeig de Mar\",\n\t\t\t\t\t\t\t  \t\"startDate\": \"2026-9-6T19-19-30-00\",\n\t\t\t\t\t\t\t  \t\"endDate\": \"2026-9-6T23-23-50-00\",\n\t\t\t\t\t\t\t  \t\"image\":\"https:\/\/www.blanescostabrava.cat\/wp-content\/uploads\/2018\/04\/Sardanes-26-300x170.jpg\",\n\t\t\t\t\t\t\t  \t\"description\":\"DIA: 6, 11, 13, 20 i 27 de setembre\r\nHORA: 19.30 h (l'11\/9 a les 20.00 h i el 27\/9 a les 19.00 h)\r\nLLOC: Passeig de Mar - Banc dels M\u00fasics\r\nDESCRIPCI\u00d3:\",\n\t\t\t\t\t\t\t  \t\n\t\t\t\t\t\t\t }<\/script><\/div>\n\t\t\t\t<p class=\"desc_trig_outter\"><a data-gmap_status=\"null\" data-exlk=\"0\" style=\"border-color: #206177;padding-top: 215px;height: 310px;\" id=\"evc_1788723000242074\" class=\"desc_trig sin_val evcal_list_a\" data-ux_val=\"3\"  ><span class='event-img'><img src='https:\/\/www.blanescostabrava.cat\/wp-content\/uploads\/2018\/04\/Sardanes-26.jpg'><\/span><span class='evcal_cblock ' data-bgcolor='#206177' data-smon='septiembre' data-syr='2026'><span class='evo_start '><em class='date'>06<\/em><em class='month'>sep<\/em><em class='time'>7:30 pm<\/em><\/span><em class='clear'><\/em><\/span><span class='evcal_desc evo_info hide_eventtopdata '  data-location_status=\"false\" ><span class='evo_above_title'><\/span><span class='evcal_desc2 evcal_event_title' itemprop='name'>Sardanes al Passeig de Mar<\/span><span class='evo_below_title'><\/span><span class='evcal_desc_info' ><\/span><span class='evcal_desc3'><\/span><\/span><em class='clear'><\/em><\/p><\/a><div class='event_description evcal_eventcard ' style=\"display:none\"><div class='evo_metarow_directimg'><img src='https:\/\/www.blanescostabrava.cat\/wp-content\/uploads\/2018\/04\/Sardanes-26.jpg' \/><\/div><div class='evo_metarow_details evorow evcal_evdata_row bordb evcal_event_details'>\n\t\t\t\t\t\t\t<div class=\"event_excerpt\" style=\"display:none\"><h3 class=\"padb5 evo_h3\">Descripci\u00f3n<\/h3><p>DIA: 6, 11, 13, 20 i 27 de setembre\r\nHORA: 19.30 h (l'11\/9 a les 20.00 h i el 27\/9 a les 19.00 h)\r\nLLOC: Passeig de Mar - Banc dels M\u00fasics\r\nDESCRIPCI\u00d3:<\/p><\/div><span class='evcal_evdata_icons'><i class='fa fa-align-justify'><\/i><\/span>\n\t\t\t\t\t\t\t\n\t\t\t\t\t\t\t<div class='evcal_evdata_cell '><div class='eventon_full_description'>\n\t\t\t\t\t\t\t\t\t<h3 class='padb5 evo_h3'><span class='evcal_evdata_icons'><i class='fa fa-align-justify'><\/i><\/span>Descripci\u00f3n<\/h3><div class='eventon_desc_in' itemprop='description'>\n\t\t\t\t\t\t\t\t\t<p>DIA: 6, 11, 13, 20 i 27 de setembre<br \/>\nHORA: 19.30 h (l&#8217;11\/9 a les 20.00 h i el 27\/9 a les 19.00 h)<br \/>\nLLOC: Passeig de Mar &#8211; Banc dels M\u00fasics<br \/>\nDESCRIPCI\u00d3: Ballada de sardanes populars.<\/p>\n<\/div><div class='clear'><\/div>\n\t\t\t\t\t\t\t\t<\/div>\n\t\t\t\t\t\t\t<\/div>\n\t\t\t\t\t\t<\/div><div class='evo_metarow_time_location evorow bordb '>\n\t\t\t\t\t\t<div class='tb' >\n\t\t\t\t\t\t\t<div class='tbrow'>\n\t\t\t\t\t\t\t<div class='evcal_col50 bordr'>\n\t\t\t\t\t\t\t\t<div class='evcal_evdata_row evo_time'>\n\t\t\t\t\t\t\t\t\t<span class='evcal_evdata_icons'><i class='fa fa-clock-o'><\/i><\/span>\n\t\t\t\t\t\t\t\t\t<div class='evcal_evdata_cell'>\t\t\t\t\t\t\t\n\t\t\t\t\t\t\t\t\t\t<h3 class='evo_h3'><span class='evcal_evdata_icons'><i class='fa fa-clock-o'><\/i><\/span>Fecha<\/h3>\n\t\t\t\t\t\t\t\t\t\t<p>(Sunday) 7:30 pm<\/p>\n\t\t\t\t\t\t\t\t\t<\/div>\n\t\t\t\t\t\t\t\t<\/div>\n\t\t\t\t\t\t\t<\/div><div class='evcal_col50'>\n\t\t\t\t\t\t\t\t<div class='evcal_evdata_row evo_location'>\n\t\t\t\t\t\t\t\t\t<span class='evcal_evdata_icons'><i class='fa fa-map-marker'><\/i><\/span>\n\t\t\t\t\t\t\t\t\t<div class='evcal_evdata_cell' data-loc_tax_id='5567'>\t\t\t\t\t\t\t\n\t\t\t\t\t\t\t\t\t\t<h3 class='evo_h3'><span class='evcal_evdata_icons'><i class='fa fa-map-marker'><\/i><\/span>Location<\/h3><p class='evo_location_name'>Banc dels m\u00fasics\/Passeig de Mar<\/p><p class='evo_location_address'><\/p>\n\t\t\t\t\t\t\t\t\t<\/div>\n\t\t\t\t\t\t\t\t<\/div>\n\t\t\t\t\t\t\t<\/div><div class='clear'><\/div>\n\t\t\t\t\t\t\t<\/div><\/div>\n\t\t\t\t\t\t<\/div>\t\t\t\t\t\t<div class='evo_metarow_ICS evorow bordb evcal_evdata_row'>\n\t\t\t\t\t\t\t<span class=\"evcal_evdata_icons\"><i class=\"fa fa-calendar\"><\/i><\/span>\n\t\t\t\t\t\t\t<div class='evcal_evdata_cell'>\n\t\t\t\t\t\t\t\t<p><a href='https:\/\/www.blanescostabrava.cat\/wp-admin\/admin-ajax.php?action=eventon_ics_download&amp;event_id=242074&amp;sunix=20260906T173000Z&amp;eunix=20260906T215000Z&amp;loca=&amp;locn=Banc dels m\u00fasics\/Passeig de Mar' class='evo_ics_nCal' title='Add to your calendar'>Calendar<\/a><a href='\/\/www.google.com\/calendar\/event?action=TEMPLATE&amp;text=Sardanes+al+Passeig+de+Mar&amp;dates=20260906T173000Z\/20260906T215000Z&amp;details=DIA%3A+6%2C+11%2C+13%2C+20+i+27+de+setembre%0D%0AHORA%3A+19.30+h+%28l%2711%2F9+a+les+20.00+h+i+el+27%2F9+a+les+19.00+h%29%0D%0ALLOC%3A+Passeig+de+Mar+-+Banc+dels+M%C3%BAsics%0D%0ADESCRIPCI%C3%93%3A&amp;location=Banc+dels+m%C3%BAsics%2FPasseig+de+Mar - ' target='_blank' class='evo_ics_gCal' title='Add to google calendar'>GoogleCal<\/a><\/p>\t\n\t\t\t\t\t\t\t<\/div>\t\t\t\t\t\t<\/div>\n\t\t\t\t\t\t<\/div><div class='clear end'><\/div><\/div><div id=\"event_242086\" class=\"eventon_list_event evo_eventtop  event hasbgimg\" data-event_id=\"242086\" data-time=\"1788739201-1788825599\" data-colr=\"#206177\" itemscope itemtype='http:\/\/schema.org\/Event' 21><div class=\"evo_boxtop\" style=\"background-image: url(https:\/\/www.blanescostabrava.cat\/wp-content\/uploads\/2018\/03\/VELA-1.jpeg); background-color:#206177;height:200px;\"><\/div><div class=\"evo_event_schema\" style=\"display:none\" ><a itemprop='url'  href='https:\/\/www.blanescostabrava.cat\/events\/campionat-del-mon-raceboard-2026\/'><\/a><span itemprop='name'  >Campionat del M\u00f3n Raceboard 2026<\/span><meta itemprop='image' content='https:\/\/www.blanescostabrava.cat\/wp-content\/uploads\/2018\/03\/VELA-1.jpeg' ><\/meta><meta itemprop='description' content='DIA: Del 7 al 12 de setembre\r\nLLOC: Club Vela Blanes\r\nDESCRIPCI\u00d3: Campionat del m\u00f3n de Raceboard.' ><\/meta><meta itemprop='startDate' content='2026-9-7' ><\/meta><meta itemprop='endDate' content='2026-9-7' ><\/meta><meta itemprop='eventStatus' content='on-schedule' ><\/meta><script type=\"application\/ld+json\">{\t\"@context\": \"http:\/\/schema.org\",\n\t\t\t\t\t\t\t  \t\"@type\": \"Event\",\n\t\t\t\t\t\t\t  \t\"name\": \"Campionat del M\u00f3n Raceboard 2026\",\n\t\t\t\t\t\t\t  \t\"startDate\": \"2026-9-7T00-00-00-00\",\n\t\t\t\t\t\t\t  \t\"endDate\": \"2026-9-7T23-23-59-00\",\n\t\t\t\t\t\t\t  \t\"image\":\"https:\/\/www.blanescostabrava.cat\/wp-content\/uploads\/2018\/03\/VELA-1-300x200.jpeg\",\n\t\t\t\t\t\t\t  \t\"description\":\"DIA: Del 7 al 12 de setembre\r\nLLOC: Club Vela Blanes\r\nDESCRIPCI\u00d3: Campionat del m\u00f3n de Raceboard.\",\n\t\t\t\t\t\t\t  \t\n\t\t\t\t\t\t\t }<\/script><\/div>\n\t\t\t\t<p class=\"desc_trig_outter\"><a data-gmap_status=\"null\" data-exlk=\"0\" style=\"border-color: #206177;padding-top: 215px;height: 310px;\" id=\"evc_1788739201242086\" class=\"desc_trig sin_val evcal_list_a\" data-ux_val=\"3\"  ><span class='event-img'><img src='https:\/\/www.blanescostabrava.cat\/wp-content\/uploads\/2018\/03\/VELA-1.jpeg'><\/span><span class='evcal_cblock ' data-bgcolor='#206177' data-smon='septiembre' data-syr='2026'><span class='evo_start '><em class='date'>07<\/em><em class='month'>sep<\/em><em class='time'>allday<\/em><\/span><em class='clear'><\/em><\/span><span class='evcal_desc evo_info hide_eventtopdata '  data-location_status=\"false\" ><span class='evo_above_title'><\/span><span class='evcal_desc2 evcal_event_title' itemprop='name'>Campionat del M\u00f3n Raceboard 2026<\/span><span class='evo_below_title'><\/span><span class='evcal_desc_info' ><\/span><span class='evcal_desc3'><\/span><\/span><em class='clear'><\/em><\/p><\/a><div class='event_description evcal_eventcard ' style=\"display:none\"><div class='evo_metarow_directimg'><img src='https:\/\/www.blanescostabrava.cat\/wp-content\/uploads\/2018\/03\/VELA-1.jpeg' \/><\/div><div class='evo_metarow_details evorow evcal_evdata_row bordb evcal_event_details'>\n\t\t\t\t\t\t\t<div class=\"event_excerpt\" style=\"display:none\"><h3 class=\"padb5 evo_h3\">Descripci\u00f3n<\/h3><p>DIA: Del 7 al 12 de setembre\r\nLLOC: Club Vela Blanes\r\nDESCRIPCI\u00d3: Campionat del m\u00f3n de Raceboard.<\/p><\/div><span class='evcal_evdata_icons'><i class='fa fa-align-justify'><\/i><\/span>\n\t\t\t\t\t\t\t\n\t\t\t\t\t\t\t<div class='evcal_evdata_cell '><div class='eventon_full_description'>\n\t\t\t\t\t\t\t\t\t<h3 class='padb5 evo_h3'><span class='evcal_evdata_icons'><i class='fa fa-align-justify'><\/i><\/span>Descripci\u00f3n<\/h3><div class='eventon_desc_in' itemprop='description'>\n\t\t\t\t\t\t\t\t\t<p>DIA: Del 7 al 12 de setembre<br \/>\nLLOC: Club Vela Blanes<br \/>\nDESCRIPCI\u00d3: Campionat del m\u00f3n de Raceboard.<\/p>\n<\/div><div class='clear'><\/div>\n\t\t\t\t\t\t\t\t<\/div>\n\t\t\t\t\t\t\t<\/div>\n\t\t\t\t\t\t<\/div><div class='evo_metarow_time_location evorow bordb '>\n\t\t\t\t\t\t<div class='tb' >\n\t\t\t\t\t\t\t<div class='tbrow'>\n\t\t\t\t\t\t\t<div class='evcal_col50 bordr'>\n\t\t\t\t\t\t\t\t<div class='evcal_evdata_row evo_time'>\n\t\t\t\t\t\t\t\t\t<span class='evcal_evdata_icons'><i class='fa fa-clock-o'><\/i><\/span>\n\t\t\t\t\t\t\t\t\t<div class='evcal_evdata_cell'>\t\t\t\t\t\t\t\n\t\t\t\t\t\t\t\t\t\t<h3 class='evo_h3'><span class='evcal_evdata_icons'><i class='fa fa-clock-o'><\/i><\/span>Fecha<\/h3>\n\t\t\t\t\t\t\t\t\t\t<p>All Day (Monday)<\/p>\n\t\t\t\t\t\t\t\t\t<\/div>\n\t\t\t\t\t\t\t\t<\/div>\n\t\t\t\t\t\t\t<\/div><div class='evcal_col50'>\n\t\t\t\t\t\t\t\t<div class='evcal_evdata_row evo_location'>\n\t\t\t\t\t\t\t\t\t<span class='evcal_evdata_icons'><i class='fa fa-map-marker'><\/i><\/span>\n\t\t\t\t\t\t\t\t\t<div class='evcal_evdata_cell' data-loc_tax_id='6493'>\t\t\t\t\t\t\t\n\t\t\t\t\t\t\t\t\t\t<h3 class='evo_h3'><span class='evcal_evdata_icons'><i class='fa fa-map-marker'><\/i><\/span>Location<\/h3><p class='evo_location_name'>club de vela Blanes<\/p><p class='evo_location_address'><\/p>\n\t\t\t\t\t\t\t\t\t<\/div>\n\t\t\t\t\t\t\t\t<\/div>\n\t\t\t\t\t\t\t<\/div><div class='clear'><\/div>\n\t\t\t\t\t\t\t<\/div><\/div>\n\t\t\t\t\t\t<\/div>\t\t\t\t\t\t<div class='evo_metarow_ICS evorow bordb evcal_evdata_row'>\n\t\t\t\t\t\t\t<span class=\"evcal_evdata_icons\"><i class=\"fa fa-calendar\"><\/i><\/span>\n\t\t\t\t\t\t\t<div class='evcal_evdata_cell'>\n\t\t\t\t\t\t\t\t<p><a href='https:\/\/www.blanescostabrava.cat\/wp-admin\/admin-ajax.php?action=eventon_ics_download&amp;event_id=242086&amp;sunix=20260906T220000Z&amp;eunix=20260907T215900Z&amp;loca=&amp;locn=club de vela Blanes' class='evo_ics_nCal' title='Add to your calendar'>Calendar<\/a><a href='\/\/www.google.com\/calendar\/event?action=TEMPLATE&amp;text=Campionat+del+M%C3%B3n+Raceboard+2026&amp;dates=20260906T220000Z\/20260907T215900Z&amp;details=DIA%3A+Del+7+al+12+de+setembre%0D%0ALLOC%3A+Club+Vela+Blanes%0D%0ADESCRIPCI%C3%93%3A+Campionat+del+m%C3%B3n+de+Raceboard.&amp;location=club+de+vela+Blanes - ' target='_blank' class='evo_ics_gCal' title='Add to google calendar'>GoogleCal<\/a><\/p>\t\n\t\t\t\t\t\t\t<\/div>\t\t\t\t\t\t<\/div>\n\t\t\t\t\t\t<\/div><div class='clear end'><\/div><\/div><div id=\"event_242098\" class=\"eventon_list_event evo_eventtop  event hasbgimg\" data-event_id=\"242098\" data-time=\"1788894000-1788911400\" data-colr=\"#206177\" itemscope itemtype='http:\/\/schema.org\/Event' 22><div class=\"evo_boxtop\" style=\"background-image: url(https:\/\/www.blanescostabrava.cat\/wp-content\/uploads\/2023\/07\/biblioteca.jpeg); background-color:#206177;height:200px;\"><\/div><div class=\"evo_event_schema\" style=\"display:none\" ><a itemprop='url'  href='https:\/\/www.blanescostabrava.cat\/events\/100-anys-del-naixement-de-blai-bonet-i-rigo\/'><\/a><span itemprop='name'  >100 Anys del Naixement de Blai Bonet i Rigo<\/span><meta itemprop='image' content='https:\/\/www.blanescostabrava.cat\/wp-content\/uploads\/2023\/07\/biblioteca.jpeg' ><\/meta><meta itemprop='description' content='DIA: 8 de setembre\r\nHORA: 19.00 h\r\nLLOC: Biblioteca Roberto Bola\u00f1o\r\nDESCRIPCI\u00d3: Dijous de Lletres i Mots: \"El mar\"-Blai Bonet, en el marc del centenari del seu naixement.' ><\/meta><meta itemprop='startDate' content='2026-9-8' ><\/meta><meta itemprop='endDate' content='2026-9-8' ><\/meta><meta itemprop='eventStatus' content='on-schedule' ><\/meta><script type=\"application\/ld+json\">{\t\"@context\": \"http:\/\/schema.org\",\n\t\t\t\t\t\t\t  \t\"@type\": \"Event\",\n\t\t\t\t\t\t\t  \t\"name\": \"100 Anys del Naixement de Blai Bonet i Rigo\",\n\t\t\t\t\t\t\t  \t\"startDate\": \"2026-9-8T19-19-00-00\",\n\t\t\t\t\t\t\t  \t\"endDate\": \"2026-9-8T23-23-50-00\",\n\t\t\t\t\t\t\t  \t\"image\":\"https:\/\/www.blanescostabrava.cat\/wp-content\/uploads\/2023\/07\/biblioteca-300x200.jpeg\",\n\t\t\t\t\t\t\t  \t\"description\":\"DIA: 8 de setembre\r\nHORA: 19.00 h\r\nLLOC: Biblioteca Roberto Bola\u00f1o\r\nDESCRIPCI\u00d3: Dijous de Lletres i Mots: El mar-Blai Bonet, en el marc del centenari del seu naixement.\",\n\t\t\t\t\t\t\t  \t\n\t\t\t\t\t\t\t }<\/script><\/div>\n\t\t\t\t<p class=\"desc_trig_outter\"><a data-gmap_status=\"null\" data-exlk=\"0\" style=\"border-color: #206177;padding-top: 215px;height: 310px;\" id=\"evc_1788894000242098\" class=\"desc_trig sin_val evcal_list_a\" data-ux_val=\"3\"  ><span class='event-img'><img src='https:\/\/www.blanescostabrava.cat\/wp-content\/uploads\/2023\/07\/biblioteca.jpeg'><\/span><span class='evcal_cblock ' data-bgcolor='#206177' data-smon='septiembre' data-syr='2026'><span class='evo_start '><em class='date'>08<\/em><em class='month'>sep<\/em><em class='time'>7:00 pm<\/em><\/span><em class='clear'><\/em><\/span><span class='evcal_desc evo_info hide_eventtopdata '  data-location_status=\"false\" ><span class='evo_above_title'><\/span><span class='evcal_desc2 evcal_event_title' itemprop='name'>100 Anys del Naixement de Blai Bonet i Rigo<\/span><span class='evo_below_title'><\/span><span class='evcal_desc_info' ><\/span><span class='evcal_desc3'><\/span><\/span><em class='clear'><\/em><\/p><\/a><div class='event_description evcal_eventcard ' style=\"display:none\"><div class='evo_metarow_directimg'><img src='https:\/\/www.blanescostabrava.cat\/wp-content\/uploads\/2023\/07\/biblioteca.jpeg' \/><\/div><div class='evo_metarow_details evorow evcal_evdata_row bordb evcal_event_details'>\n\t\t\t\t\t\t\t<div class=\"event_excerpt\" style=\"display:none\"><h3 class=\"padb5 evo_h3\">Descripci\u00f3n<\/h3><p>DIA: 8 de setembre\r\nHORA: 19.00 h\r\nLLOC: Biblioteca Roberto Bola\u00f1o\r\nDESCRIPCI\u00d3: Dijous de Lletres i Mots: \"El mar\"-Blai Bonet, en el marc del centenari del seu naixement.<\/p><\/div><span class='evcal_evdata_icons'><i class='fa fa-align-justify'><\/i><\/span>\n\t\t\t\t\t\t\t\n\t\t\t\t\t\t\t<div class='evcal_evdata_cell '><div class='eventon_full_description'>\n\t\t\t\t\t\t\t\t\t<h3 class='padb5 evo_h3'><span class='evcal_evdata_icons'><i class='fa fa-align-justify'><\/i><\/span>Descripci\u00f3n<\/h3><div class='eventon_desc_in' itemprop='description'>\n\t\t\t\t\t\t\t\t\t<p>DIA: 8 de setembre<br \/>\nHORA: 19.00 h<br \/>\nLLOC: Biblioteca Roberto Bola\u00f1o<br \/>\nDESCRIPCI\u00d3: Dijous de Lletres i Mots: \u00abEl mar\u00bb-Blai Bonet, en el marc del centenari del seu naixement.<\/p>\n<\/div><div class='clear'><\/div>\n\t\t\t\t\t\t\t\t<\/div>\n\t\t\t\t\t\t\t<\/div>\n\t\t\t\t\t\t<\/div><div class='evo_metarow_time_location evorow bordb '>\n\t\t\t\t\t\t<div class='tb' >\n\t\t\t\t\t\t\t<div class='tbrow'>\n\t\t\t\t\t\t\t<div class='evcal_col50 bordr'>\n\t\t\t\t\t\t\t\t<div class='evcal_evdata_row evo_time'>\n\t\t\t\t\t\t\t\t\t<span class='evcal_evdata_icons'><i class='fa fa-clock-o'><\/i><\/span>\n\t\t\t\t\t\t\t\t\t<div class='evcal_evdata_cell'>\t\t\t\t\t\t\t\n\t\t\t\t\t\t\t\t\t\t<h3 class='evo_h3'><span class='evcal_evdata_icons'><i class='fa fa-clock-o'><\/i><\/span>Fecha<\/h3>\n\t\t\t\t\t\t\t\t\t\t<p>(Tuesday) 7:00 pm<\/p>\n\t\t\t\t\t\t\t\t\t<\/div>\n\t\t\t\t\t\t\t\t<\/div>\n\t\t\t\t\t\t\t<\/div><div class='evcal_col50'>\n\t\t\t\t\t\t\t\t<div class='evcal_evdata_row evo_location'>\n\t\t\t\t\t\t\t\t\t<span class='evcal_evdata_icons'><i class='fa fa-map-marker'><\/i><\/span>\n\t\t\t\t\t\t\t\t\t<div class='evcal_evdata_cell' data-loc_tax_id='2396'>\t\t\t\t\t\t\t\n\t\t\t\t\t\t\t\t\t\t<h3 class='evo_h3'><span class='evcal_evdata_icons'><i class='fa fa-map-marker'><\/i><\/span>Location<\/h3><p class='evo_location_name'>Biblioteca Comarcal<\/p><p class='evo_location_address'><\/p>\n\t\t\t\t\t\t\t\t\t<\/div>\n\t\t\t\t\t\t\t\t<\/div>\n\t\t\t\t\t\t\t<\/div><div class='clear'><\/div>\n\t\t\t\t\t\t\t<\/div><\/div>\n\t\t\t\t\t\t<\/div>\t\t\t\t\t\t<div class='evo_metarow_ICS evorow bordb evcal_evdata_row'>\n\t\t\t\t\t\t\t<span class=\"evcal_evdata_icons\"><i class=\"fa fa-calendar\"><\/i><\/span>\n\t\t\t\t\t\t\t<div class='evcal_evdata_cell'>\n\t\t\t\t\t\t\t\t<p><a href='https:\/\/www.blanescostabrava.cat\/wp-admin\/admin-ajax.php?action=eventon_ics_download&amp;event_id=242098&amp;sunix=20260908T170000Z&amp;eunix=20260908T215000Z&amp;loca=&amp;locn=Biblioteca Comarcal' class='evo_ics_nCal' title='Add to your calendar'>Calendar<\/a><a href='\/\/www.google.com\/calendar\/event?action=TEMPLATE&amp;text=100+Anys+del+Naixement+de+Blai+Bonet+i+Rigo&amp;dates=20260908T170000Z\/20260908T215000Z&amp;details=DIA%3A+8+de+setembre%0D%0AHORA%3A+19.00+h%0D%0ALLOC%3A+Biblioteca+Roberto+Bola%C3%B1o%0D%0ADESCRIPCI%C3%93%3A+Dijous+de+Lletres+i+Mots%3A+%22El+mar%22-Blai+Bonet%2C+en+el+marc+del+centenari+del+seu+naixement.&amp;location=Biblioteca+Comarcal - ' target='_blank' class='evo_ics_gCal' title='Add to google calendar'>GoogleCal<\/a><\/p>\t\n\t\t\t\t\t\t\t<\/div>\t\t\t\t\t\t<\/div>\n\t\t\t\t\t\t<\/div><div class='clear end'><\/div><\/div><div id=\"event_241567\" class=\"eventon_list_event evo_eventtop  event hasbgimg\" data-event_id=\"241567\" data-time=\"1788998401-1789084799\" data-colr=\"#206177\" itemscope itemtype='http:\/\/schema.org\/Event' 23><div class=\"evo_boxtop\" style=\"background-image: url(https:\/\/www.blanescostabrava.cat\/wp-content\/uploads\/2026\/08\/Captura-de-pantalla-2026-08-05-a-les-13.27.46.png); background-color:#206177;height:200px;\"><\/div><div class=\"evo_event_schema\" style=\"display:none\" ><a itemprop='url'  href='https:\/\/www.blanescostabrava.cat\/es\/events\/visita-guiada-quan-els-americanos-van-portar-gaudi-a-blanes\/'><\/a><span itemprop='name'  >Visita guiada: \"Quan els Americanos van portar Gaud\u00ed a Blanes\"<\/span><meta itemprop='image' content='https:\/\/www.blanescostabrava.cat\/wp-content\/uploads\/2026\/08\/Captura-de-pantalla-2026-08-05-a-les-13.27.46.png' ><\/meta><meta itemprop='description' content='D\u00cdA: 10 de septiembre\r\nLa conferencia tendr\u00e1 lugar en el Primer Casino de Blanes, a las 18:00 h, a cargo de Aitor Roger, t\u00e9cnico del Archivo. Entrada libre.\r\nLas plazas' ><\/meta><meta itemprop='startDate' content='2026-9-10' ><\/meta><meta itemprop='endDate' content='2026-9-10' ><\/meta><meta itemprop='eventStatus' content='on-schedule' ><\/meta><script type=\"application\/ld+json\">{\t\"@context\": \"http:\/\/schema.org\",\n\t\t\t\t\t\t\t  \t\"@type\": \"Event\",\n\t\t\t\t\t\t\t  \t\"name\": \"Visita guiada: \"Quan els Americanos van portar Gaud\u00ed a Blanes\"\",\n\t\t\t\t\t\t\t  \t\"startDate\": \"2026-9-10T00-00-00-00\",\n\t\t\t\t\t\t\t  \t\"endDate\": \"2026-9-10T23-23-59-00\",\n\t\t\t\t\t\t\t  \t\"image\":\"https:\/\/www.blanescostabrava.cat\/wp-content\/uploads\/2026\/08\/Captura-de-pantalla-2026-08-05-a-les-13.27.46-210x300.png\",\n\t\t\t\t\t\t\t  \t\"description\":\"D\u00cdA: 10 de septiembre\r\nLa conferencia tendr\u00e1 lugar en el Primer Casino de Blanes, a las 18:00 h, a cargo de Aitor Roger, t\u00e9cnico del Archivo. Entrada libre.\r\nLas plazas\",\n\t\t\t\t\t\t\t  \t\n\t\t\t\t\t\t\t }<\/script><\/div>\n\t\t\t\t<p class=\"desc_trig_outter\"><a data-gmap_status=\"null\" data-exlk=\"0\" style=\"border-color: #206177;padding-top: 215px;height: 310px;\" id=\"evc_1788998401241567\" class=\"desc_trig sin_val evcal_list_a\" data-ux_val=\"3\"  ><span class='event-img'><img src='https:\/\/www.blanescostabrava.cat\/wp-content\/uploads\/2026\/08\/Captura-de-pantalla-2026-08-05-a-les-13.27.46.png'><\/span><span class='evcal_cblock ' data-bgcolor='#206177' data-smon='septiembre' data-syr='2026'><span class='evo_start '><em class='date'>10<\/em><em class='month'>sep<\/em><em class='time'>allday<\/em><\/span><em class='clear'><\/em><\/span><span class='evcal_desc evo_info hide_eventtopdata '  data-location_status=\"false\" ><span class='evo_above_title'><\/span><span class='evcal_desc2 evcal_event_title' itemprop='name'>Visita guiada: \"Quan els Americanos van portar Gaud\u00ed a Blanes\"<\/span><span class='evo_below_title'><\/span><span class='evcal_desc_info' ><\/span><span class='evcal_desc3'><\/span><\/span><em class='clear'><\/em><\/p><\/a><div class='event_description evcal_eventcard ' style=\"display:none\"><div class='evo_metarow_directimg'><img src='https:\/\/www.blanescostabrava.cat\/wp-content\/uploads\/2026\/08\/Captura-de-pantalla-2026-08-05-a-les-13.27.46.png' \/><\/div><div class='evo_metarow_details evorow evcal_evdata_row bordb evcal_event_details'>\n\t\t\t\t\t\t\t<div class=\"event_excerpt\" style=\"display:none\"><h3 class=\"padb5 evo_h3\">Descripci\u00f3n<\/h3><p>D\u00cdA: 10 de septiembre\r\nLa conferencia tendr\u00e1 lugar en el Primer Casino de Blanes, a las 18:00 h, a cargo de Aitor Roger, t\u00e9cnico del Archivo. Entrada libre.\r\nLas plazas<\/p><\/div><span class='evcal_evdata_icons'><i class='fa fa-align-justify'><\/i><\/span>\n\t\t\t\t\t\t\t\n\t\t\t\t\t\t\t<div class='evcal_evdata_cell '><div class='eventon_full_description'>\n\t\t\t\t\t\t\t\t\t<h3 class='padb5 evo_h3'><span class='evcal_evdata_icons'><i class='fa fa-align-justify'><\/i><\/span>Descripci\u00f3n<\/h3><div class='eventon_desc_in' itemprop='description'>\n\t\t\t\t\t\t\t\t\t<p class=\"isSelectedEnd\"><strong>D\u00cdA:<\/strong> 10 de septiembre<\/p>\n<p class=\"isSelectedEnd\">La conferencia tendr\u00e1 lugar en el Primer Casino de Blanes, a las 18:00 h, a cargo de Aitor Roger, t\u00e9cnico del Archivo. Entrada libre.<\/p>\n<p>Las plazas son limitadas y es necesario reservar previamente llamando al 972 355 268 (Archivo Municipal de Blanes).<\/p>\n<p><img class=\"alignnone size-full wp-image-241564\" src=\"https:\/\/www.blanescostabrava.cat\/wp-content\/uploads\/2026\/08\/Captura-de-pantalla-2026-08-05-a-les-13.27.46.png\" alt=\"\" width=\"482\" height=\"689\" srcset=\"https:\/\/www.blanescostabrava.cat\/wp-content\/uploads\/2026\/08\/Captura-de-pantalla-2026-08-05-a-les-13.27.46.png 482w, https:\/\/www.blanescostabrava.cat\/wp-content\/uploads\/2026\/08\/Captura-de-pantalla-2026-08-05-a-les-13.27.46-210x300.png 210w, https:\/\/www.blanescostabrava.cat\/wp-content\/uploads\/2026\/08\/Captura-de-pantalla-2026-08-05-a-les-13.27.46-105x150.png 105w, https:\/\/www.blanescostabrava.cat\/wp-content\/uploads\/2026\/08\/Captura-de-pantalla-2026-08-05-a-les-13.27.46-17x24.png 17w, https:\/\/www.blanescostabrava.cat\/wp-content\/uploads\/2026\/08\/Captura-de-pantalla-2026-08-05-a-les-13.27.46-25x36.png 25w, https:\/\/www.blanescostabrava.cat\/wp-content\/uploads\/2026\/08\/Captura-de-pantalla-2026-08-05-a-les-13.27.46-34x48.png 34w\" sizes=\"(max-width: 482px) 100vw, 482px\" \/><\/p>\n<\/div><div class='clear'><\/div>\n\t\t\t\t\t\t\t\t<\/div>\n\t\t\t\t\t\t\t<\/div>\n\t\t\t\t\t\t<\/div><div class='evo_metarow_time_location evorow bordb '>\n\t\t\t\t\t\t<div class='tb' >\n\t\t\t\t\t\t\t<div class='tbrow'>\n\t\t\t\t\t\t\t<div class='evcal_col50 bordr'>\n\t\t\t\t\t\t\t\t<div class='evcal_evdata_row evo_time'>\n\t\t\t\t\t\t\t\t\t<span class='evcal_evdata_icons'><i class='fa fa-clock-o'><\/i><\/span>\n\t\t\t\t\t\t\t\t\t<div class='evcal_evdata_cell'>\t\t\t\t\t\t\t\n\t\t\t\t\t\t\t\t\t\t<h3 class='evo_h3'><span class='evcal_evdata_icons'><i class='fa fa-clock-o'><\/i><\/span>Fecha<\/h3>\n\t\t\t\t\t\t\t\t\t\t<p>All Day (Thursday)<\/p>\n\t\t\t\t\t\t\t\t\t<\/div>\n\t\t\t\t\t\t\t\t<\/div>\n\t\t\t\t\t\t\t<\/div><div class='evcal_col50'>\n\t\t\t\t\t\t\t\t<div class='evcal_evdata_row evo_location'>\n\t\t\t\t\t\t\t\t\t<span class='evcal_evdata_icons'><i class='fa fa-map-marker'><\/i><\/span>\n\t\t\t\t\t\t\t\t\t<div class='evcal_evdata_cell' data-loc_tax_id='5998'>\t\t\t\t\t\t\t\n\t\t\t\t\t\t\t\t\t\t<h3 class='evo_h3'><span class='evcal_evdata_icons'><i class='fa fa-map-marker'><\/i><\/span>Location<\/h3><p class='evo_location_name'>Primer Casino de Blanes<\/p><p class='evo_location_address'><\/p>\n\t\t\t\t\t\t\t\t\t<\/div>\n\t\t\t\t\t\t\t\t<\/div>\n\t\t\t\t\t\t\t<\/div><div class='clear'><\/div>\n\t\t\t\t\t\t\t<\/div><\/div>\n\t\t\t\t\t\t<\/div>\t\t\t\t\t\t<div class='evo_metarow_ICS evorow bordb evcal_evdata_row'>\n\t\t\t\t\t\t\t<span class=\"evcal_evdata_icons\"><i class=\"fa fa-calendar\"><\/i><\/span>\n\t\t\t\t\t\t\t<div class='evcal_evdata_cell'>\n\t\t\t\t\t\t\t\t<p><a href='https:\/\/www.blanescostabrava.cat\/wp-admin\/admin-ajax.php?action=eventon_ics_download&amp;event_id=241567&amp;sunix=20260909T220000Z&amp;eunix=20260910T215900Z&amp;loca=&amp;locn=Primer Casino de Blanes' class='evo_ics_nCal' title='Add to your calendar'>Calendar<\/a><a href='\/\/www.google.com\/calendar\/event?action=TEMPLATE&amp;text=Visita+guiada%3A+%22Quan+els+Americanos+van+portar+Gaud%C3%AD+a+Blanes%22&amp;dates=20260909T220000Z\/20260910T215900Z&amp;details=D%C3%8DA%3A+10+de+septiembre%0D%0ALa+conferencia+tendr%C3%A1+lugar+en+el+Primer+Casino+de+Blanes%2C+a+las+18%3A00+h%2C+a+cargo+de+Aitor+Roger%2C+t%C3%A9cnico+del+Archivo.+Entrada+libre.%0D%0ALas+plazas&amp;location=Primer+Casino+de+Blanes - ' target='_blank' class='evo_ics_gCal' title='Add to google calendar'>GoogleCal<\/a><\/p>\t\n\t\t\t\t\t\t\t<\/div>\t\t\t\t\t\t<\/div>\n\t\t\t\t\t\t<\/div><div class='clear end'><\/div><\/div><div id=\"event_242110\" class=\"eventon_list_event evo_eventtop  event hasbgimg\" data-event_id=\"242110\" data-time=\"1788998401-1789084799\" data-colr=\"#206177\" itemscope itemtype='http:\/\/schema.org\/Event' 24><div class=\"evo_boxtop\" style=\"background-image: url(https:\/\/www.blanescostabrava.cat\/wp-content\/uploads\/2019\/03\/unnamed-1.jpg); background-color:#206177;height:200px;\"><\/div><div class=\"evo_event_schema\" style=\"display:none\" ><a itemprop='url'  href='https:\/\/www.blanescostabrava.cat\/events\/gran-prix-vila-de-blanes-windsurfer-2026\/'><\/a><span itemprop='name'  >Gran Prix \"Vila de Blanes\" - Windsurfer 2026<\/span><meta itemprop='image' content='https:\/\/www.blanescostabrava.cat\/wp-content\/uploads\/2019\/03\/unnamed-1.jpg' ><\/meta><meta itemprop='description' content='DIA: Del 10 al 12 de setembre\r\nLLOC: Club Vela Blanes\r\nDESCRIPCI\u00d3: Gran Prix de windsurf \"Vila de Blanes\".' ><\/meta><meta itemprop='startDate' content='2026-9-10' ><\/meta><meta itemprop='endDate' content='2026-9-10' ><\/meta><meta itemprop='eventStatus' content='on-schedule' ><\/meta><script type=\"application\/ld+json\">{\t\"@context\": \"http:\/\/schema.org\",\n\t\t\t\t\t\t\t  \t\"@type\": \"Event\",\n\t\t\t\t\t\t\t  \t\"name\": \"Gran Prix \"Vila de Blanes\" - Windsurfer 2026\",\n\t\t\t\t\t\t\t  \t\"startDate\": \"2026-9-10T00-00-00-00\",\n\t\t\t\t\t\t\t  \t\"endDate\": \"2026-9-10T23-23-59-00\",\n\t\t\t\t\t\t\t  \t\"image\":\"https:\/\/www.blanescostabrava.cat\/wp-content\/uploads\/2019\/03\/unnamed-1-300x199.jpg\",\n\t\t\t\t\t\t\t  \t\"description\":\"DIA: Del 10 al 12 de setembre\r\nLLOC: Club Vela Blanes\r\nDESCRIPCI\u00d3: Gran Prix de windsurf Vila de Blanes.\",\n\t\t\t\t\t\t\t  \t\n\t\t\t\t\t\t\t }<\/script><\/div>\n\t\t\t\t<p class=\"desc_trig_outter\"><a data-gmap_status=\"null\" data-exlk=\"0\" style=\"border-color: #206177;padding-top: 215px;height: 310px;\" id=\"evc_1788998401242110\" class=\"desc_trig sin_val evcal_list_a\" data-ux_val=\"3\"  ><span class='event-img'><img src='https:\/\/www.blanescostabrava.cat\/wp-content\/uploads\/2019\/03\/unnamed-1.jpg'><\/span><span class='evcal_cblock ' data-bgcolor='#206177' data-smon='septiembre' data-syr='2026'><span class='evo_start '><em class='date'>10<\/em><em class='month'>sep<\/em><em class='time'>allday<\/em><\/span><em class='clear'><\/em><\/span><span class='evcal_desc evo_info hide_eventtopdata '  data-location_status=\"false\" ><span class='evo_above_title'><\/span><span class='evcal_desc2 evcal_event_title' itemprop='name'>Gran Prix \"Vila de Blanes\" - Windsurfer 2026<\/span><span class='evo_below_title'><\/span><span class='evcal_desc_info' ><\/span><span class='evcal_desc3'><\/span><\/span><em class='clear'><\/em><\/p><\/a><div class='event_description evcal_eventcard ' style=\"display:none\"><div class='evo_metarow_directimg'><img src='https:\/\/www.blanescostabrava.cat\/wp-content\/uploads\/2019\/03\/unnamed-1.jpg' alt=\"windsurf blanes\"\/><\/div><div class='evo_metarow_details evorow evcal_evdata_row bordb evcal_event_details'>\n\t\t\t\t\t\t\t<div class=\"event_excerpt\" style=\"display:none\"><h3 class=\"padb5 evo_h3\">Descripci\u00f3n<\/h3><p>DIA: Del 10 al 12 de setembre\r\nLLOC: Club Vela Blanes\r\nDESCRIPCI\u00d3: Gran Prix de windsurf \"Vila de Blanes\".<\/p><\/div><span class='evcal_evdata_icons'><i class='fa fa-align-justify'><\/i><\/span>\n\t\t\t\t\t\t\t\n\t\t\t\t\t\t\t<div class='evcal_evdata_cell '><div class='eventon_full_description'>\n\t\t\t\t\t\t\t\t\t<h3 class='padb5 evo_h3'><span class='evcal_evdata_icons'><i class='fa fa-align-justify'><\/i><\/span>Descripci\u00f3n<\/h3><div class='eventon_desc_in' itemprop='description'>\n\t\t\t\t\t\t\t\t\t<p>DIA: Del 10 al 12 de setembre<br \/>\nLLOC: Club Vela Blanes<br \/>\nDESCRIPCI\u00d3: Gran Prix de windsurf \u00abVila de Blanes\u00bb.<\/p>\n<\/div><div class='clear'><\/div>\n\t\t\t\t\t\t\t\t<\/div>\n\t\t\t\t\t\t\t<\/div>\n\t\t\t\t\t\t<\/div><div class='evo_metarow_time_location evorow bordb '>\n\t\t\t\t\t\t<div class='tb' >\n\t\t\t\t\t\t\t<div class='tbrow'>\n\t\t\t\t\t\t\t<div class='evcal_col50 bordr'>\n\t\t\t\t\t\t\t\t<div class='evcal_evdata_row evo_time'>\n\t\t\t\t\t\t\t\t\t<span class='evcal_evdata_icons'><i class='fa fa-clock-o'><\/i><\/span>\n\t\t\t\t\t\t\t\t\t<div class='evcal_evdata_cell'>\t\t\t\t\t\t\t\n\t\t\t\t\t\t\t\t\t\t<h3 class='evo_h3'><span class='evcal_evdata_icons'><i class='fa fa-clock-o'><\/i><\/span>Fecha<\/h3>\n\t\t\t\t\t\t\t\t\t\t<p>All Day (Thursday)<\/p>\n\t\t\t\t\t\t\t\t\t<\/div>\n\t\t\t\t\t\t\t\t<\/div>\n\t\t\t\t\t\t\t<\/div><div class='evcal_col50'>\n\t\t\t\t\t\t\t\t<div class='evcal_evdata_row evo_location'>\n\t\t\t\t\t\t\t\t\t<span class='evcal_evdata_icons'><i class='fa fa-map-marker'><\/i><\/span>\n\t\t\t\t\t\t\t\t\t<div class='evcal_evdata_cell' data-loc_tax_id='6493'>\t\t\t\t\t\t\t\n\t\t\t\t\t\t\t\t\t\t<h3 class='evo_h3'><span class='evcal_evdata_icons'><i class='fa fa-map-marker'><\/i><\/span>Location<\/h3><p class='evo_location_name'>club de vela Blanes<\/p><p class='evo_location_address'><\/p>\n\t\t\t\t\t\t\t\t\t<\/div>\n\t\t\t\t\t\t\t\t<\/div>\n\t\t\t\t\t\t\t<\/div><div class='clear'><\/div>\n\t\t\t\t\t\t\t<\/div><\/div>\n\t\t\t\t\t\t<\/div>\t\t\t\t\t\t<div class='evo_metarow_ICS evorow bordb evcal_evdata_row'>\n\t\t\t\t\t\t\t<span class=\"evcal_evdata_icons\"><i class=\"fa fa-calendar\"><\/i><\/span>\n\t\t\t\t\t\t\t<div class='evcal_evdata_cell'>\n\t\t\t\t\t\t\t\t<p><a href='https:\/\/www.blanescostabrava.cat\/wp-admin\/admin-ajax.php?action=eventon_ics_download&amp;event_id=242110&amp;sunix=20260909T220000Z&amp;eunix=20260910T215900Z&amp;loca=&amp;locn=club de vela Blanes' class='evo_ics_nCal' title='Add to your calendar'>Calendar<\/a><a href='\/\/www.google.com\/calendar\/event?action=TEMPLATE&amp;text=Gran+Prix+%22Vila+de+Blanes%22+-+Windsurfer+2026&amp;dates=20260909T220000Z\/20260910T215900Z&amp;details=DIA%3A+Del+10+al+12+de+setembre%0D%0ALLOC%3A+Club+Vela+Blanes%0D%0ADESCRIPCI%C3%93%3A+Gran+Prix+de+windsurf+%22Vila+de+Blanes%22.&amp;location=club+de+vela+Blanes - ' target='_blank' class='evo_ics_gCal' title='Add to google calendar'>GoogleCal<\/a><\/p>\t\n\t\t\t\t\t\t\t<\/div>\t\t\t\t\t\t<\/div>\n\t\t\t\t\t\t<\/div><div class='clear end'><\/div><\/div><div id=\"event_242122\" class=\"eventon_list_event evo_eventtop  event hasbgimg\" data-event_id=\"242122\" data-time=\"1789034400-1789084200\" data-colr=\"#206177\" itemscope itemtype='http:\/\/schema.org\/Event' 25><div class=\"evo_boxtop\" style=\"background-image: url(https:\/\/www.blanescostabrava.cat\/wp-content\/uploads\/2026\/08\/Facana.jpg); background-color:#206177;height:200px;\"><\/div><div class=\"evo_event_schema\" style=\"display:none\" ><a itemprop='url'  href='https:\/\/www.blanescostabrava.cat\/events\/visita-guiada-relacio-de-gaudi-amb-blanes\/'><\/a><span itemprop='name'  >Visita Guiada: \"Relaci\u00f3 de Gaud\u00ed amb Blanes\"<\/span><meta itemprop='image' content='https:\/\/www.blanescostabrava.cat\/wp-content\/uploads\/2026\/08\/Facana.jpg' ><\/meta><meta itemprop='description' content='DIA: 10 de setembre\r\nHORA: 10.00 h i 12.00 h\r\nLLOC: Arxiu Municipal\r\nDESCRIPCI\u00d3: Visita guiada sobre la relaci\u00f3 de Gaud\u00ed amb Blanes. Places limitades, cal reserva pr\u00e8via al 972 35 52 68.' ><\/meta><meta itemprop='startDate' content='2026-9-10' ><\/meta><meta itemprop='endDate' content='2026-9-10' ><\/meta><meta itemprop='eventStatus' content='on-schedule' ><\/meta><script type=\"application\/ld+json\">{\t\"@context\": \"http:\/\/schema.org\",\n\t\t\t\t\t\t\t  \t\"@type\": \"Event\",\n\t\t\t\t\t\t\t  \t\"name\": \"Visita Guiada: \"Relaci\u00f3 de Gaud\u00ed amb Blanes\"\",\n\t\t\t\t\t\t\t  \t\"startDate\": \"2026-9-10T10-10-00-00\",\n\t\t\t\t\t\t\t  \t\"endDate\": \"2026-9-10T23-23-50-00\",\n\t\t\t\t\t\t\t  \t\"image\":\"https:\/\/www.blanescostabrava.cat\/wp-content\/uploads\/2026\/08\/Facana-300x202.jpg\",\n\t\t\t\t\t\t\t  \t\"description\":\"DIA: 10 de setembre\r\nHORA: 10.00 h i 12.00 h\r\nLLOC: Arxiu Municipal\r\nDESCRIPCI\u00d3: Visita guiada sobre la relaci\u00f3 de Gaud\u00ed amb Blanes. Places limitades, cal reserva pr\u00e8via al 972 35 52 68.\",\n\t\t\t\t\t\t\t  \t\n\t\t\t\t\t\t\t }<\/script><\/div>\n\t\t\t\t<p class=\"desc_trig_outter\"><a data-gmap_status=\"null\" data-exlk=\"0\" style=\"border-color: #206177;padding-top: 215px;height: 310px;\" id=\"evc_1789034400242122\" class=\"desc_trig sin_val evcal_list_a\" data-ux_val=\"3\"  ><span class='event-img'><img src='https:\/\/www.blanescostabrava.cat\/wp-content\/uploads\/2026\/08\/Facana.jpg'><\/span><span class='evcal_cblock ' data-bgcolor='#206177' data-smon='septiembre' data-syr='2026'><span class='evo_start '><em class='date'>10<\/em><em class='month'>sep<\/em><em class='time'>10:00 am<\/em><\/span><em class='clear'><\/em><\/span><span class='evcal_desc evo_info hide_eventtopdata '  data-location_status=\"false\" ><span class='evo_above_title'><\/span><span class='evcal_desc2 evcal_event_title' itemprop='name'>Visita Guiada: \"Relaci\u00f3 de Gaud\u00ed amb Blanes\"<\/span><span class='evo_below_title'><\/span><span class='evcal_desc_info' ><\/span><span class='evcal_desc3'><\/span><\/span><em class='clear'><\/em><\/p><\/a><div class='event_description evcal_eventcard ' style=\"display:none\"><div class='evo_metarow_directimg'><img src='https:\/\/www.blanescostabrava.cat\/wp-content\/uploads\/2026\/08\/Facana.jpg' \/><\/div><div class='evo_metarow_details evorow evcal_evdata_row bordb evcal_event_details'>\n\t\t\t\t\t\t\t<div class=\"event_excerpt\" style=\"display:none\"><h3 class=\"padb5 evo_h3\">Descripci\u00f3n<\/h3><p>DIA: 10 de setembre\r\nHORA: 10.00 h i 12.00 h\r\nLLOC: Arxiu Municipal\r\nDESCRIPCI\u00d3: Visita guiada sobre la relaci\u00f3 de Gaud\u00ed amb Blanes. Places limitades, cal reserva pr\u00e8via al 972 35 52 68.<\/p><\/div><span class='evcal_evdata_icons'><i class='fa fa-align-justify'><\/i><\/span>\n\t\t\t\t\t\t\t\n\t\t\t\t\t\t\t<div class='evcal_evdata_cell '><div class='eventon_full_description'>\n\t\t\t\t\t\t\t\t\t<h3 class='padb5 evo_h3'><span class='evcal_evdata_icons'><i class='fa fa-align-justify'><\/i><\/span>Descripci\u00f3n<\/h3><div class='eventon_desc_in' itemprop='description'>\n\t\t\t\t\t\t\t\t\t<p>DIA: 10 de setembre<br \/>\nHORA: 10.00 h i 12.00 h<br \/>\nLLOC: Arxiu Municipal<br \/>\nDESCRIPCI\u00d3: Visita guiada sobre la relaci\u00f3 de Gaud\u00ed amb Blanes. Places limitades, cal reserva pr\u00e8via al 972 35 52 68.<\/p>\n<\/div><div class='clear'><\/div>\n\t\t\t\t\t\t\t\t<\/div>\n\t\t\t\t\t\t\t<\/div>\n\t\t\t\t\t\t<\/div><div class='evo_metarow_time_location evorow bordb '>\n\t\t\t\t\t\t<div class='tb' >\n\t\t\t\t\t\t\t<div class='tbrow'>\n\t\t\t\t\t\t\t<div class='evcal_col50 bordr'>\n\t\t\t\t\t\t\t\t<div class='evcal_evdata_row evo_time'>\n\t\t\t\t\t\t\t\t\t<span class='evcal_evdata_icons'><i class='fa fa-clock-o'><\/i><\/span>\n\t\t\t\t\t\t\t\t\t<div class='evcal_evdata_cell'>\t\t\t\t\t\t\t\n\t\t\t\t\t\t\t\t\t\t<h3 class='evo_h3'><span class='evcal_evdata_icons'><i class='fa fa-clock-o'><\/i><\/span>Fecha<\/h3>\n\t\t\t\t\t\t\t\t\t\t<p>(Thursday) 10:00 am<\/p>\n\t\t\t\t\t\t\t\t\t<\/div>\n\t\t\t\t\t\t\t\t<\/div>\n\t\t\t\t\t\t\t<\/div><div class='evcal_col50'>\n\t\t\t\t\t\t\t\t<div class='evcal_evdata_row evo_location'>\n\t\t\t\t\t\t\t\t\t<span class='evcal_evdata_icons'><i class='fa fa-map-marker'><\/i><\/span>\n\t\t\t\t\t\t\t\t\t<div class='evcal_evdata_cell' data-loc_tax_id='4150'>\t\t\t\t\t\t\t\n\t\t\t\t\t\t\t\t\t\t<h3 class='evo_h3'><span class='evcal_evdata_icons'><i class='fa fa-map-marker'><\/i><\/span>Location<\/h3><p class='evo_location_name'>Arxiu Municipal<\/p><p class='evo_location_address'><\/p>\n\t\t\t\t\t\t\t\t\t<\/div>\n\t\t\t\t\t\t\t\t<\/div>\n\t\t\t\t\t\t\t<\/div><div class='clear'><\/div>\n\t\t\t\t\t\t\t<\/div><\/div>\n\t\t\t\t\t\t<\/div>\t\t\t\t\t\t<div class='evo_metarow_ICS evorow bordb evcal_evdata_row'>\n\t\t\t\t\t\t\t<span class=\"evcal_evdata_icons\"><i class=\"fa fa-calendar\"><\/i><\/span>\n\t\t\t\t\t\t\t<div class='evcal_evdata_cell'>\n\t\t\t\t\t\t\t\t<p><a href='https:\/\/www.blanescostabrava.cat\/wp-admin\/admin-ajax.php?action=eventon_ics_download&amp;event_id=242122&amp;sunix=20260910T080000Z&amp;eunix=20260910T215000Z&amp;loca=&amp;locn=Arxiu Municipal' class='evo_ics_nCal' title='Add to your calendar'>Calendar<\/a><a href='\/\/www.google.com\/calendar\/event?action=TEMPLATE&amp;text=Visita+Guiada%3A+%22Relaci%C3%B3+de+Gaud%C3%AD+amb+Blanes%22&amp;dates=20260910T080000Z\/20260910T215000Z&amp;details=DIA%3A+10+de+setembre%0D%0AHORA%3A+10.00+h+i+12.00+h%0D%0ALLOC%3A+Arxiu+Municipal%0D%0ADESCRIPCI%C3%93%3A+Visita+guiada+sobre+la+relaci%C3%B3+de+Gaud%C3%AD+amb+Blanes.+Places+limitades%2C+cal+reserva+pr%C3%A8via+al+972+35+52+68.&amp;location=Arxiu+Municipal - ' target='_blank' class='evo_ics_gCal' title='Add to google calendar'>GoogleCal<\/a><\/p>\t\n\t\t\t\t\t\t\t<\/div>\t\t\t\t\t\t<\/div>\n\t\t\t\t\t\t<\/div><div class='clear end'><\/div><\/div><div id=\"event_242134\" class=\"eventon_list_event evo_eventtop  event hasbgimg\" data-event_id=\"242134\" data-time=\"1789063200-1789084200\" data-colr=\"#206177\" itemscope itemtype='http:\/\/schema.org\/Event' 26><div class=\"evo_boxtop\" style=\"background-image: url(https:\/\/www.blanescostabrava.cat\/wp-content\/uploads\/2018\/03\/039_Casino-de-Blanes-Enric-ametller.jpg); background-color:#206177;height:200px;\"><\/div><div class=\"evo_event_schema\" style=\"display:none\" ><a itemprop='url'  href='https:\/\/www.blanescostabrava.cat\/events\/conferencia-quan-els-americanos-van-portar-gaudi-a-blanes\/'><\/a><span itemprop='name'  >Confer\u00e8ncia: \"Quan els Americanos van Portar Gaud\u00ed a Blanes\"<\/span><meta itemprop='image' content='https:\/\/www.blanescostabrava.cat\/wp-content\/uploads\/2018\/03\/039_Casino-de-Blanes-Enric-ametller.jpg' ><\/meta><meta itemprop='description' content='DIA: 10 de setembre\r\nHORA: 18.00 h\r\nLLOC: Primer Casino de Blanes\r\nDESCRIPCI\u00d3: Confer\u00e8ncia a c\u00e0rrec d'Aitor Roger, t\u00e8cnic de l'Arxiu Municipal. Entrada lliure.' ><\/meta><meta itemprop='startDate' content='2026-9-10' ><\/meta><meta itemprop='endDate' content='2026-9-10' ><\/meta><meta itemprop='eventStatus' content='on-schedule' ><\/meta><script type=\"application\/ld+json\">{\t\"@context\": \"http:\/\/schema.org\",\n\t\t\t\t\t\t\t  \t\"@type\": \"Event\",\n\t\t\t\t\t\t\t  \t\"name\": \"Confer\u00e8ncia: \"Quan els Americanos van Portar Gaud\u00ed a Blanes\"\",\n\t\t\t\t\t\t\t  \t\"startDate\": \"2026-9-10T18-18-00-00\",\n\t\t\t\t\t\t\t  \t\"endDate\": \"2026-9-10T23-23-50-00\",\n\t\t\t\t\t\t\t  \t\"image\":\"https:\/\/www.blanescostabrava.cat\/wp-content\/uploads\/2018\/03\/039_Casino-de-Blanes-Enric-ametller-300x212.jpg\",\n\t\t\t\t\t\t\t  \t\"description\":\"DIA: 10 de setembre\r\nHORA: 18.00 h\r\nLLOC: Primer Casino de Blanes\r\nDESCRIPCI\u00d3: Confer\u00e8ncia a c\u00e0rrec d'Aitor Roger, t\u00e8cnic de l'Arxiu Municipal. Entrada lliure.\",\n\t\t\t\t\t\t\t  \t\n\t\t\t\t\t\t\t }<\/script><\/div>\n\t\t\t\t<p class=\"desc_trig_outter\"><a data-gmap_status=\"null\" data-exlk=\"0\" style=\"border-color: #206177;padding-top: 215px;height: 310px;\" id=\"evc_1789063200242134\" class=\"desc_trig sin_val evcal_list_a\" data-ux_val=\"3\"  ><span class='event-img'><img src='https:\/\/www.blanescostabrava.cat\/wp-content\/uploads\/2018\/03\/039_Casino-de-Blanes-Enric-ametller.jpg'><\/span><span class='evcal_cblock ' data-bgcolor='#206177' data-smon='septiembre' data-syr='2026'><span class='evo_start '><em class='date'>10<\/em><em class='month'>sep<\/em><em class='time'>6:00 pm<\/em><\/span><em class='clear'><\/em><\/span><span class='evcal_desc evo_info hide_eventtopdata '  data-location_status=\"false\" ><span class='evo_above_title'><\/span><span class='evcal_desc2 evcal_event_title' itemprop='name'>Confer\u00e8ncia: \"Quan els Americanos van Portar Gaud\u00ed a Blanes\"<\/span><span class='evo_below_title'><\/span><span class='evcal_desc_info' ><\/span><span class='evcal_desc3'><\/span><\/span><em class='clear'><\/em><\/p><\/a><div class='event_description evcal_eventcard ' style=\"display:none\"><div class='evo_metarow_directimg'><img src='https:\/\/www.blanescostabrava.cat\/wp-content\/uploads\/2018\/03\/039_Casino-de-Blanes-Enric-ametller.jpg' \/><\/div><div class='evo_metarow_details evorow evcal_evdata_row bordb evcal_event_details'>\n\t\t\t\t\t\t\t<div class=\"event_excerpt\" style=\"display:none\"><h3 class=\"padb5 evo_h3\">Descripci\u00f3n<\/h3><p>DIA: 10 de setembre\r\nHORA: 18.00 h\r\nLLOC: Primer Casino de Blanes\r\nDESCRIPCI\u00d3: Confer\u00e8ncia a c\u00e0rrec d'Aitor Roger, t\u00e8cnic de l'Arxiu Municipal. Entrada lliure.<\/p><\/div><span class='evcal_evdata_icons'><i class='fa fa-align-justify'><\/i><\/span>\n\t\t\t\t\t\t\t\n\t\t\t\t\t\t\t<div class='evcal_evdata_cell '><div class='eventon_full_description'>\n\t\t\t\t\t\t\t\t\t<h3 class='padb5 evo_h3'><span class='evcal_evdata_icons'><i class='fa fa-align-justify'><\/i><\/span>Descripci\u00f3n<\/h3><div class='eventon_desc_in' itemprop='description'>\n\t\t\t\t\t\t\t\t\t<p>DIA: 10 de setembre<br \/>\nHORA: 18.00 h<br \/>\nLLOC: Primer Casino de Blanes<br \/>\nDESCRIPCI\u00d3: Confer\u00e8ncia a c\u00e0rrec d&#8217;Aitor Roger, t\u00e8cnic de l&#8217;Arxiu Municipal. Entrada lliure.<\/p>\n<\/div><div class='clear'><\/div>\n\t\t\t\t\t\t\t\t<\/div>\n\t\t\t\t\t\t\t<\/div>\n\t\t\t\t\t\t<\/div><div class='evo_metarow_time_location evorow bordb '>\n\t\t\t\t\t\t<div class='tb' >\n\t\t\t\t\t\t\t<div class='tbrow'>\n\t\t\t\t\t\t\t<div class='evcal_col50 bordr'>\n\t\t\t\t\t\t\t\t<div class='evcal_evdata_row evo_time'>\n\t\t\t\t\t\t\t\t\t<span class='evcal_evdata_icons'><i class='fa fa-clock-o'><\/i><\/span>\n\t\t\t\t\t\t\t\t\t<div class='evcal_evdata_cell'>\t\t\t\t\t\t\t\n\t\t\t\t\t\t\t\t\t\t<h3 class='evo_h3'><span class='evcal_evdata_icons'><i class='fa fa-clock-o'><\/i><\/span>Fecha<\/h3>\n\t\t\t\t\t\t\t\t\t\t<p>(Thursday) 6:00 pm<\/p>\n\t\t\t\t\t\t\t\t\t<\/div>\n\t\t\t\t\t\t\t\t<\/div>\n\t\t\t\t\t\t\t<\/div><div class='evcal_col50'>\n\t\t\t\t\t\t\t\t<div class='evcal_evdata_row evo_location'>\n\t\t\t\t\t\t\t\t\t<span class='evcal_evdata_icons'><i class='fa fa-map-marker'><\/i><\/span>\n\t\t\t\t\t\t\t\t\t<div class='evcal_evdata_cell' data-loc_tax_id='5905'>\t\t\t\t\t\t\t\n\t\t\t\t\t\t\t\t\t\t<h3 class='evo_h3'><span class='evcal_evdata_icons'><i class='fa fa-map-marker'><\/i><\/span>Location<\/h3><p class='evo_location_name'>Primer Casino de Blanes<\/p><p class='evo_location_address'><\/p>\n\t\t\t\t\t\t\t\t\t<\/div>\n\t\t\t\t\t\t\t\t<\/div>\n\t\t\t\t\t\t\t<\/div><div class='clear'><\/div>\n\t\t\t\t\t\t\t<\/div><\/div>\n\t\t\t\t\t\t<\/div>\t\t\t\t\t\t<div class='evo_metarow_ICS evorow bordb evcal_evdata_row'>\n\t\t\t\t\t\t\t<span class=\"evcal_evdata_icons\"><i class=\"fa fa-calendar\"><\/i><\/span>\n\t\t\t\t\t\t\t<div class='evcal_evdata_cell'>\n\t\t\t\t\t\t\t\t<p><a href='https:\/\/www.blanescostabrava.cat\/wp-admin\/admin-ajax.php?action=eventon_ics_download&amp;event_id=242134&amp;sunix=20260910T160000Z&amp;eunix=20260910T215000Z&amp;loca=&amp;locn=Primer Casino de Blanes' class='evo_ics_nCal' title='Add to your calendar'>Calendar<\/a><a href='\/\/www.google.com\/calendar\/event?action=TEMPLATE&amp;text=Confer%C3%A8ncia%3A+%22Quan+els+Americanos+van+Portar+Gaud%C3%AD+a+Blanes%22&amp;dates=20260910T160000Z\/20260910T215000Z&amp;details=DIA%3A+10+de+setembre%0D%0AHORA%3A+18.00+h%0D%0ALLOC%3A+Primer+Casino+de+Blanes%0D%0ADESCRIPCI%C3%93%3A+Confer%C3%A8ncia+a+c%C3%A0rrec+d%27Aitor+Roger%2C+t%C3%A8cnic+de+l%27Arxiu+Municipal.+Entrada+lliure.&amp;location=Primer+Casino+de+Blanes - ' target='_blank' class='evo_ics_gCal' title='Add to google calendar'>GoogleCal<\/a><\/p>\t\n\t\t\t\t\t\t\t<\/div>\t\t\t\t\t\t<\/div>\n\t\t\t\t\t\t<\/div><div class='clear end'><\/div><\/div><div id=\"event_242146\" class=\"eventon_list_event evo_eventtop  event hasbgimg\" data-event_id=\"242146\" data-time=\"1789070400-1789084200\" data-colr=\"#206177\" itemscope itemtype='http:\/\/schema.org\/Event' 27><div class=\"evo_boxtop\" style=\"background-image: url(https:\/\/www.blanescostabrava.cat\/wp-content\/uploads\/2026\/08\/37.3010OpenElementFieldElemFormatjpg.jpeg); background-color:#206177;height:200px;\"><\/div><div class=\"evo_event_schema\" style=\"display:none\" ><a itemprop='url'  href='https:\/\/www.blanescostabrava.cat\/events\/concert-de-musica-caribenya-amelo-dla-habana\/'><\/a><span itemprop='name'  >Concert de M\u00fasica Carib\u200benya - Amelo D'La Habana<\/span><meta itemprop='image' content='https:\/\/www.blanescostabrava.cat\/wp-content\/uploads\/2026\/08\/37.3010OpenElementFieldElemFormatjpg.jpeg' ><\/meta><meta itemprop='description' content='DIA: 10 de setembre\r\nHORA: 20.00 h\r\nLLOC: Passeig de Mar - Banc dels M\u00fasics\r\nDESCRIPCI\u00d3: Concert de m\u00fasica carib\u200benya a c\u00e0rrec d'Amelo D'La Habana.' ><\/meta><meta itemprop='startDate' content='2026-9-10' ><\/meta><meta itemprop='endDate' content='2026-9-10' ><\/meta><meta itemprop='eventStatus' content='on-schedule' ><\/meta><script type=\"application\/ld+json\">{\t\"@context\": \"http:\/\/schema.org\",\n\t\t\t\t\t\t\t  \t\"@type\": \"Event\",\n\t\t\t\t\t\t\t  \t\"name\": \"Concert de M\u00fasica Carib\u200benya - Amelo D'La Habana\",\n\t\t\t\t\t\t\t  \t\"startDate\": \"2026-9-10T20-20-00-00\",\n\t\t\t\t\t\t\t  \t\"endDate\": \"2026-9-10T23-23-50-00\",\n\t\t\t\t\t\t\t  \t\"image\":\"https:\/\/www.blanescostabrava.cat\/wp-content\/uploads\/2026\/08\/37.3010OpenElementFieldElemFormatjpg-300x169.jpeg\",\n\t\t\t\t\t\t\t  \t\"description\":\"DIA: 10 de setembre\r\nHORA: 20.00 h\r\nLLOC: Passeig de Mar - Banc dels M\u00fasics\r\nDESCRIPCI\u00d3: Concert de m\u00fasica carib\u200benya a c\u00e0rrec d'Amelo D'La Habana.\",\n\t\t\t\t\t\t\t  \t\n\t\t\t\t\t\t\t }<\/script><\/div>\n\t\t\t\t<p class=\"desc_trig_outter\"><a data-gmap_status=\"null\" data-exlk=\"0\" style=\"border-color: #206177;padding-top: 215px;height: 310px;\" id=\"evc_1789070400242146\" class=\"desc_trig sin_val evcal_list_a\" data-ux_val=\"3\"  ><span class='event-img'><img src='https:\/\/www.blanescostabrava.cat\/wp-content\/uploads\/2026\/08\/37.3010OpenElementFieldElemFormatjpg.jpeg'><\/span><span class='evcal_cblock ' data-bgcolor='#206177' data-smon='septiembre' data-syr='2026'><span class='evo_start '><em class='date'>10<\/em><em class='month'>sep<\/em><em class='time'>8:00 pm<\/em><\/span><em class='clear'><\/em><\/span><span class='evcal_desc evo_info hide_eventtopdata '  data-location_status=\"false\" ><span class='evo_above_title'><\/span><span class='evcal_desc2 evcal_event_title' itemprop='name'>Concert de M\u00fasica Carib\u200benya - Amelo D'La Habana<\/span><span class='evo_below_title'><\/span><span class='evcal_desc_info' ><\/span><span class='evcal_desc3'><\/span><\/span><em class='clear'><\/em><\/p><\/a><div class='event_description evcal_eventcard ' style=\"display:none\"><div class='evo_metarow_directimg'><img src='https:\/\/www.blanescostabrava.cat\/wp-content\/uploads\/2026\/08\/37.3010OpenElementFieldElemFormatjpg.jpeg' \/><\/div><div class='evo_metarow_details evorow evcal_evdata_row bordb evcal_event_details'>\n\t\t\t\t\t\t\t<div class=\"event_excerpt\" style=\"display:none\"><h3 class=\"padb5 evo_h3\">Descripci\u00f3n<\/h3><p>DIA: 10 de setembre\r\nHORA: 20.00 h\r\nLLOC: Passeig de Mar - Banc dels M\u00fasics\r\nDESCRIPCI\u00d3: Concert de m\u00fasica carib\u200benya a c\u00e0rrec d'Amelo D'La Habana.<\/p><\/div><span class='evcal_evdata_icons'><i class='fa fa-align-justify'><\/i><\/span>\n\t\t\t\t\t\t\t\n\t\t\t\t\t\t\t<div class='evcal_evdata_cell '><div class='eventon_full_description'>\n\t\t\t\t\t\t\t\t\t<h3 class='padb5 evo_h3'><span class='evcal_evdata_icons'><i class='fa fa-align-justify'><\/i><\/span>Descripci\u00f3n<\/h3><div class='eventon_desc_in' itemprop='description'>\n\t\t\t\t\t\t\t\t\t<p>DIA: 10 de setembre<br \/>\nHORA: 20.00 h<br \/>\nLLOC: Passeig de Mar &#8211; Banc dels M\u00fasics<br \/>\nDESCRIPCI\u00d3: Concert de m\u00fasica carib\u200benya a c\u00e0rrec d&#8217;Amelo D&#8217;La Habana.<\/p>\n<\/div><div class='clear'><\/div>\n\t\t\t\t\t\t\t\t<\/div>\n\t\t\t\t\t\t\t<\/div>\n\t\t\t\t\t\t<\/div><div class='evo_metarow_time_location evorow bordb '>\n\t\t\t\t\t\t<div class='tb' >\n\t\t\t\t\t\t\t<div class='tbrow'>\n\t\t\t\t\t\t\t<div class='evcal_col50 bordr'>\n\t\t\t\t\t\t\t\t<div class='evcal_evdata_row evo_time'>\n\t\t\t\t\t\t\t\t\t<span class='evcal_evdata_icons'><i class='fa fa-clock-o'><\/i><\/span>\n\t\t\t\t\t\t\t\t\t<div class='evcal_evdata_cell'>\t\t\t\t\t\t\t\n\t\t\t\t\t\t\t\t\t\t<h3 class='evo_h3'><span class='evcal_evdata_icons'><i class='fa fa-clock-o'><\/i><\/span>Fecha<\/h3>\n\t\t\t\t\t\t\t\t\t\t<p>(Thursday) 8:00 pm<\/p>\n\t\t\t\t\t\t\t\t\t<\/div>\n\t\t\t\t\t\t\t\t<\/div>\n\t\t\t\t\t\t\t<\/div><div class='evcal_col50'>\n\t\t\t\t\t\t\t\t<div class='evcal_evdata_row evo_location'>\n\t\t\t\t\t\t\t\t\t<span class='evcal_evdata_icons'><i class='fa fa-map-marker'><\/i><\/span>\n\t\t\t\t\t\t\t\t\t<div class='evcal_evdata_cell' data-loc_tax_id='5567'>\t\t\t\t\t\t\t\n\t\t\t\t\t\t\t\t\t\t<h3 class='evo_h3'><span class='evcal_evdata_icons'><i class='fa fa-map-marker'><\/i><\/span>Location<\/h3><p class='evo_location_name'>Banc dels m\u00fasics\/Passeig de Mar<\/p><p class='evo_location_address'><\/p>\n\t\t\t\t\t\t\t\t\t<\/div>\n\t\t\t\t\t\t\t\t<\/div>\n\t\t\t\t\t\t\t<\/div><div class='clear'><\/div>\n\t\t\t\t\t\t\t<\/div><\/div>\n\t\t\t\t\t\t<\/div>\t\t\t\t\t\t<div class='evo_metarow_ICS evorow bordb evcal_evdata_row'>\n\t\t\t\t\t\t\t<span class=\"evcal_evdata_icons\"><i class=\"fa fa-calendar\"><\/i><\/span>\n\t\t\t\t\t\t\t<div class='evcal_evdata_cell'>\n\t\t\t\t\t\t\t\t<p><a href='https:\/\/www.blanescostabrava.cat\/wp-admin\/admin-ajax.php?action=eventon_ics_download&amp;event_id=242146&amp;sunix=20260910T180000Z&amp;eunix=20260910T215000Z&amp;loca=&amp;locn=Banc dels m\u00fasics\/Passeig de Mar' class='evo_ics_nCal' title='Add to your calendar'>Calendar<\/a><a href='\/\/www.google.com\/calendar\/event?action=TEMPLATE&amp;text=Concert+de+M%C3%BAsica+Carib%E2%80%8Benya+-+Amelo+D%27La+Habana&amp;dates=20260910T180000Z\/20260910T215000Z&amp;details=DIA%3A+10+de+setembre%0D%0AHORA%3A+20.00+h%0D%0ALLOC%3A+Passeig+de+Mar+-+Banc+dels+M%C3%BAsics%0D%0ADESCRIPCI%C3%93%3A+Concert+de+m%C3%BAsica+carib%E2%80%8Benya+a+c%C3%A0rrec+d%27Amelo+D%27La+Habana.&amp;location=Banc+dels+m%C3%BAsics%2FPasseig+de+Mar - ' target='_blank' class='evo_ics_gCal' title='Add to google calendar'>GoogleCal<\/a><\/p>\t\n\t\t\t\t\t\t\t<\/div>\t\t\t\t\t\t<\/div>\n\t\t\t\t\t\t<\/div><div class='clear end'><\/div><\/div><div id=\"event_242182\" class=\"eventon_list_event evo_eventtop  event hasbgimg\" data-event_id=\"242182\" data-time=\"1789084801-1789171199\" data-colr=\"#206177\" itemscope itemtype='http:\/\/schema.org\/Event' 28><div class=\"evo_boxtop\" style=\"background-image: url(https:\/\/www.blanescostabrava.cat\/wp-content\/uploads\/2026\/08\/obi-aZKJEvydrNM-unsplash-scaled.jpg); background-color:#206177;height:200px;\"><\/div><div class=\"evo_event_schema\" style=\"display:none\" ><a itemprop='url'  href='https:\/\/www.blanescostabrava.cat\/events\/fira-de-vehicles-docasio\/'><\/a><span itemprop='name'  >Fira de Vehicles d'Ocasi\u00f3<\/span><meta itemprop='image' content='https:\/\/www.blanescostabrava.cat\/wp-content\/uploads\/2026\/08\/obi-aZKJEvydrNM-unsplash-scaled.jpg' ><\/meta><meta itemprop='description' content='DIA: De l'11 al 13 de setembre\r\nLLOC: Aparcament antic pavell\u00f3 - Passeig de Catalunya\r\nDESCRIPCI\u00d3: Fira de vehicles d'ocasi\u00f3.' ><\/meta><meta itemprop='startDate' content='2026-9-11' ><\/meta><meta itemprop='endDate' content='2026-9-11' ><\/meta><meta itemprop='eventStatus' content='on-schedule' ><\/meta><script type=\"application\/ld+json\">{\t\"@context\": \"http:\/\/schema.org\",\n\t\t\t\t\t\t\t  \t\"@type\": \"Event\",\n\t\t\t\t\t\t\t  \t\"name\": \"Fira de Vehicles d'Ocasi\u00f3\",\n\t\t\t\t\t\t\t  \t\"startDate\": \"2026-9-11T00-00-00-00\",\n\t\t\t\t\t\t\t  \t\"endDate\": \"2026-9-11T23-23-59-00\",\n\t\t\t\t\t\t\t  \t\"image\":\"https:\/\/www.blanescostabrava.cat\/wp-content\/uploads\/2026\/08\/obi-aZKJEvydrNM-unsplash-300x225.jpg\",\n\t\t\t\t\t\t\t  \t\"description\":\"DIA: De l'11 al 13 de setembre\r\nLLOC: Aparcament antic pavell\u00f3 - Passeig de Catalunya\r\nDESCRIPCI\u00d3: Fira de vehicles d'ocasi\u00f3.\",\n\t\t\t\t\t\t\t  \t\n\t\t\t\t\t\t\t }<\/script><\/div>\n\t\t\t\t<p class=\"desc_trig_outter\"><a data-gmap_status=\"null\" data-exlk=\"0\" style=\"border-color: #206177;padding-top: 215px;height: 310px;\" id=\"evc_1789084801242182\" class=\"desc_trig sin_val evcal_list_a\" data-ux_val=\"3\"  ><span class='event-img'><img src='https:\/\/www.blanescostabrava.cat\/wp-content\/uploads\/2026\/08\/obi-aZKJEvydrNM-unsplash-scaled.jpg'><\/span><span class='evcal_cblock ' data-bgcolor='#206177' data-smon='septiembre' data-syr='2026'><span class='evo_start '><em class='date'>11<\/em><em class='month'>sep<\/em><em class='time'>allday<\/em><\/span><em class='clear'><\/em><\/span><span class='evcal_desc evo_info hide_eventtopdata '  data-location_status=\"false\" ><span class='evo_above_title'><\/span><span class='evcal_desc2 evcal_event_title' itemprop='name'>Fira de Vehicles d'Ocasi\u00f3<\/span><span class='evo_below_title'><\/span><span class='evcal_desc_info' ><\/span><span class='evcal_desc3'><\/span><\/span><em class='clear'><\/em><\/p><\/a><div class='event_description evcal_eventcard ' style=\"display:none\"><div class='evo_metarow_directimg'><img src='https:\/\/www.blanescostabrava.cat\/wp-content\/uploads\/2026\/08\/obi-aZKJEvydrNM-unsplash-scaled.jpg' \/><\/div><div class='evo_metarow_details evorow evcal_evdata_row bordb evcal_event_details'>\n\t\t\t\t\t\t\t<div class=\"event_excerpt\" style=\"display:none\"><h3 class=\"padb5 evo_h3\">Descripci\u00f3n<\/h3><p>DIA: De l'11 al 13 de setembre\r\nLLOC: Aparcament antic pavell\u00f3 - Passeig de Catalunya\r\nDESCRIPCI\u00d3: Fira de vehicles d'ocasi\u00f3.<\/p><\/div><span class='evcal_evdata_icons'><i class='fa fa-align-justify'><\/i><\/span>\n\t\t\t\t\t\t\t\n\t\t\t\t\t\t\t<div class='evcal_evdata_cell '><div class='eventon_full_description'>\n\t\t\t\t\t\t\t\t\t<h3 class='padb5 evo_h3'><span class='evcal_evdata_icons'><i class='fa fa-align-justify'><\/i><\/span>Descripci\u00f3n<\/h3><div class='eventon_desc_in' itemprop='description'>\n\t\t\t\t\t\t\t\t\t<p>DIA: De l&#8217;11 al 13 de setembre<br \/>\nLLOC: Aparcament antic pavell\u00f3 &#8211; Passeig de Catalunya<br \/>\nDESCRIPCI\u00d3: Fira de vehicles d&#8217;ocasi\u00f3.<\/p>\n<\/div><div class='clear'><\/div>\n\t\t\t\t\t\t\t\t<\/div>\n\t\t\t\t\t\t\t<\/div>\n\t\t\t\t\t\t<\/div><div class='evo_metarow_time_location evorow bordb '>\n\t\t\t\t\t\t<div class='tb' >\n\t\t\t\t\t\t\t<div class='tbrow'>\n\t\t\t\t\t\t\t<div class='evcal_col50 bordr'>\n\t\t\t\t\t\t\t\t<div class='evcal_evdata_row evo_time'>\n\t\t\t\t\t\t\t\t\t<span class='evcal_evdata_icons'><i class='fa fa-clock-o'><\/i><\/span>\n\t\t\t\t\t\t\t\t\t<div class='evcal_evdata_cell'>\t\t\t\t\t\t\t\n\t\t\t\t\t\t\t\t\t\t<h3 class='evo_h3'><span class='evcal_evdata_icons'><i class='fa fa-clock-o'><\/i><\/span>Fecha<\/h3>\n\t\t\t\t\t\t\t\t\t\t<p>All Day (Friday)<\/p>\n\t\t\t\t\t\t\t\t\t<\/div>\n\t\t\t\t\t\t\t\t<\/div>\n\t\t\t\t\t\t\t<\/div><div class='evcal_col50'>\n\t\t\t\t\t\t\t\t<div class='evcal_evdata_row evo_location'>\n\t\t\t\t\t\t\t\t\t<span class='evcal_evdata_icons'><i class='fa fa-map-marker'><\/i><\/span>\n\t\t\t\t\t\t\t\t\t<div class='evcal_evdata_cell' data-loc_tax_id='5729'>\t\t\t\t\t\t\t\n\t\t\t\t\t\t\t\t\t\t<h3 class='evo_h3'><span class='evcal_evdata_icons'><i class='fa fa-map-marker'><\/i><\/span>Location<\/h3><p class='evo_location_name'>Aparcament antic pavell\u00f3<\/p><p class='evo_location_address'><\/p>\n\t\t\t\t\t\t\t\t\t<\/div>\n\t\t\t\t\t\t\t\t<\/div>\n\t\t\t\t\t\t\t<\/div><div class='clear'><\/div>\n\t\t\t\t\t\t\t<\/div><\/div>\n\t\t\t\t\t\t<\/div>\t\t\t\t\t\t<div class='evo_metarow_ICS evorow bordb evcal_evdata_row'>\n\t\t\t\t\t\t\t<span class=\"evcal_evdata_icons\"><i class=\"fa fa-calendar\"><\/i><\/span>\n\t\t\t\t\t\t\t<div class='evcal_evdata_cell'>\n\t\t\t\t\t\t\t\t<p><a href='https:\/\/www.blanescostabrava.cat\/wp-admin\/admin-ajax.php?action=eventon_ics_download&amp;event_id=242182&amp;sunix=20260910T220000Z&amp;eunix=20260911T215900Z&amp;loca=&amp;locn=Aparcament antic pavell\u00f3' class='evo_ics_nCal' title='Add to your calendar'>Calendar<\/a><a href='\/\/www.google.com\/calendar\/event?action=TEMPLATE&amp;text=Fira+de+Vehicles+d%27Ocasi%C3%B3&amp;dates=20260910T220000Z\/20260911T215900Z&amp;details=DIA%3A+De+l%2711+al+13+de+setembre%0D%0ALLOC%3A+Aparcament+antic+pavell%C3%B3+-+Passeig+de+Catalunya%0D%0ADESCRIPCI%C3%93%3A+Fira+de+vehicles+d%27ocasi%C3%B3.&amp;location=Aparcament+antic+pavell%C3%B3 - ' target='_blank' class='evo_ics_gCal' title='Add to google calendar'>GoogleCal<\/a><\/p>\t\n\t\t\t\t\t\t\t<\/div>\t\t\t\t\t\t<\/div>\n\t\t\t\t\t\t<\/div><div class='clear end'><\/div><\/div><div id=\"event_242194\" class=\"eventon_list_event evo_eventtop  event hasbgimg\" data-event_id=\"242194\" data-time=\"1789084801-1789171199\" data-colr=\"#206177\" itemscope itemtype='http:\/\/schema.org\/Event' 29><div class=\"evo_boxtop\" style=\"background-image: url(https:\/\/www.blanescostabrava.cat\/wp-content\/uploads\/2020\/03\/la-plantera.jpg); background-color:#206177;height:200px;\"><\/div><div class=\"evo_event_schema\" style=\"display:none\" ><a itemprop='url'  href='https:\/\/www.blanescostabrava.cat\/events\/festes-de-barri-la-plantera\/'><\/a><span itemprop='name'  >Festes de Barri - La Plantera<\/span><meta itemprop='image' content='https:\/\/www.blanescostabrava.cat\/wp-content\/uploads\/2020\/03\/la-plantera.jpg' ><\/meta><meta itemprop='description' content='DIA: De l'11 al 13 de setembre\r\nLLOC: Barri de La Plantera - Av. Catalunya\r\nDESCRIPCI\u00d3: Festa de barri amb activitats populars.' ><\/meta><meta itemprop='startDate' content='2026-9-11' ><\/meta><meta itemprop='endDate' content='2026-9-11' ><\/meta><meta itemprop='eventStatus' content='on-schedule' ><\/meta><script type=\"application\/ld+json\">{\t\"@context\": \"http:\/\/schema.org\",\n\t\t\t\t\t\t\t  \t\"@type\": \"Event\",\n\t\t\t\t\t\t\t  \t\"name\": \"Festes de Barri - La Plantera\",\n\t\t\t\t\t\t\t  \t\"startDate\": \"2026-9-11T00-00-00-00\",\n\t\t\t\t\t\t\t  \t\"endDate\": \"2026-9-11T23-23-59-00\",\n\t\t\t\t\t\t\t  \t\"image\":\"https:\/\/www.blanescostabrava.cat\/wp-content\/uploads\/2020\/03\/la-plantera-300x194.jpg\",\n\t\t\t\t\t\t\t  \t\"description\":\"DIA: De l'11 al 13 de setembre\r\nLLOC: Barri de La Plantera - Av. Catalunya\r\nDESCRIPCI\u00d3: Festa de barri amb activitats populars.\",\n\t\t\t\t\t\t\t  \t\n\t\t\t\t\t\t\t }<\/script><\/div>\n\t\t\t\t<p class=\"desc_trig_outter\"><a data-gmap_status=\"null\" data-exlk=\"0\" style=\"border-color: #206177;padding-top: 215px;height: 310px;\" id=\"evc_1789084801242194\" class=\"desc_trig sin_val evcal_list_a\" data-ux_val=\"3\"  ><span class='event-img'><img src='https:\/\/www.blanescostabrava.cat\/wp-content\/uploads\/2020\/03\/la-plantera.jpg'><\/span><span class='evcal_cblock ' data-bgcolor='#206177' data-smon='septiembre' data-syr='2026'><span class='evo_start '><em class='date'>11<\/em><em class='month'>sep<\/em><em class='time'>allday<\/em><\/span><em class='clear'><\/em><\/span><span class='evcal_desc evo_info hide_eventtopdata '  data-location_status=\"false\" ><span class='evo_above_title'><\/span><span class='evcal_desc2 evcal_event_title' itemprop='name'>Festes de Barri - La Plantera<\/span><span class='evo_below_title'><\/span><span class='evcal_desc_info' ><\/span><span class='evcal_desc3'><\/span><\/span><em class='clear'><\/em><\/p><\/a><div class='event_description evcal_eventcard ' style=\"display:none\"><div class='evo_metarow_directimg'><img src='https:\/\/www.blanescostabrava.cat\/wp-content\/uploads\/2020\/03\/la-plantera.jpg' alt=\"la plantera blanes\"\/><\/div><div class='evo_metarow_details evorow evcal_evdata_row bordb evcal_event_details'>\n\t\t\t\t\t\t\t<div class=\"event_excerpt\" style=\"display:none\"><h3 class=\"padb5 evo_h3\">Descripci\u00f3n<\/h3><p>DIA: De l'11 al 13 de setembre\r\nLLOC: Barri de La Plantera - Av. Catalunya\r\nDESCRIPCI\u00d3: Festa de barri amb activitats populars.<\/p><\/div><span class='evcal_evdata_icons'><i class='fa fa-align-justify'><\/i><\/span>\n\t\t\t\t\t\t\t\n\t\t\t\t\t\t\t<div class='evcal_evdata_cell '><div class='eventon_full_description'>\n\t\t\t\t\t\t\t\t\t<h3 class='padb5 evo_h3'><span class='evcal_evdata_icons'><i class='fa fa-align-justify'><\/i><\/span>Descripci\u00f3n<\/h3><div class='eventon_desc_in' itemprop='description'>\n\t\t\t\t\t\t\t\t\t<p>DIA: De l&#8217;11 al 13 de setembre<br \/>\nLLOC: Barri de La Plantera &#8211; Av. Catalunya<br \/>\nDESCRIPCI\u00d3: Festa de barri amb activitats populars.<\/p>\n<\/div><div class='clear'><\/div>\n\t\t\t\t\t\t\t\t<\/div>\n\t\t\t\t\t\t\t<\/div>\n\t\t\t\t\t\t<\/div><div class='evo_metarow_time_location evorow bordb '>\n\t\t\t\t\t\t<div class='tb' >\n\t\t\t\t\t\t\t<div class='tbrow'>\n\t\t\t\t\t\t\t<div class='evcal_col50 bordr'>\n\t\t\t\t\t\t\t\t<div class='evcal_evdata_row evo_time'>\n\t\t\t\t\t\t\t\t\t<span class='evcal_evdata_icons'><i class='fa fa-clock-o'><\/i><\/span>\n\t\t\t\t\t\t\t\t\t<div class='evcal_evdata_cell'>\t\t\t\t\t\t\t\n\t\t\t\t\t\t\t\t\t\t<h3 class='evo_h3'><span class='evcal_evdata_icons'><i class='fa fa-clock-o'><\/i><\/span>Fecha<\/h3>\n\t\t\t\t\t\t\t\t\t\t<p>All Day (Friday)<\/p>\n\t\t\t\t\t\t\t\t\t<\/div>\n\t\t\t\t\t\t\t\t<\/div>\n\t\t\t\t\t\t\t<\/div><div class='evcal_col50'>\n\t\t\t\t\t\t\t\t<div class='evcal_evdata_row evo_location'>\n\t\t\t\t\t\t\t\t\t<span class='evcal_evdata_icons'><i class='fa fa-map-marker'><\/i><\/span>\n\t\t\t\t\t\t\t\t\t<div class='evcal_evdata_cell' data-loc_tax_id='2489'>\t\t\t\t\t\t\t\n\t\t\t\t\t\t\t\t\t\t<h3 class='evo_h3'><span class='evcal_evdata_icons'><i class='fa fa-map-marker'><\/i><\/span>Location<\/h3><p class='evo_location_name'>Barri La Plantera<\/p><p class='evo_location_address'><\/p>\n\t\t\t\t\t\t\t\t\t<\/div>\n\t\t\t\t\t\t\t\t<\/div>\n\t\t\t\t\t\t\t<\/div><div class='clear'><\/div>\n\t\t\t\t\t\t\t<\/div><\/div>\n\t\t\t\t\t\t<\/div>\t\t\t\t\t\t<div class='evo_metarow_ICS evorow bordb evcal_evdata_row'>\n\t\t\t\t\t\t\t<span class=\"evcal_evdata_icons\"><i class=\"fa fa-calendar\"><\/i><\/span>\n\t\t\t\t\t\t\t<div class='evcal_evdata_cell'>\n\t\t\t\t\t\t\t\t<p><a href='https:\/\/www.blanescostabrava.cat\/wp-admin\/admin-ajax.php?action=eventon_ics_download&amp;event_id=242194&amp;sunix=20260910T220000Z&amp;eunix=20260911T215900Z&amp;loca=&amp;locn=Barri La Plantera' class='evo_ics_nCal' title='Add to your calendar'>Calendar<\/a><a href='\/\/www.google.com\/calendar\/event?action=TEMPLATE&amp;text=Festes+de+Barri+-+La+Plantera&amp;dates=20260910T220000Z\/20260911T215900Z&amp;details=DIA%3A+De+l%2711+al+13+de+setembre%0D%0ALLOC%3A+Barri+de+La+Plantera+-+Av.+Catalunya%0D%0ADESCRIPCI%C3%93%3A+Festa+de+barri+amb+activitats+populars.&amp;location=Barri+La+Plantera - ' target='_blank' class='evo_ics_gCal' title='Add to google calendar'>GoogleCal<\/a><\/p>\t\n\t\t\t\t\t\t\t<\/div>\t\t\t\t\t\t<\/div>\n\t\t\t\t\t\t<\/div><div class='clear end'><\/div><\/div><div id=\"event_242158\" class=\"eventon_list_event evo_eventtop  event hasbgimg\" data-event_id=\"242158\" data-time=\"1789084801-1789171199\" data-colr=\"#206177\" itemscope itemtype='http:\/\/schema.org\/Event' 30><div class=\"evo_boxtop\" style=\"background-image: url(https:\/\/www.blanescostabrava.cat\/wp-content\/uploads\/2018\/08\/diada-nacional-de-catalunya.jpg); background-color:#206177;height:200px;\"><\/div><div class=\"evo_event_schema\" style=\"display:none\" ><a itemprop='url'  href='https:\/\/www.blanescostabrava.cat\/events\/diada-nacional-de-catalunya\/'><\/a><span itemprop='name'  >Diada Nacional de Catalunya<\/span><meta itemprop='image' content='https:\/\/www.blanescostabrava.cat\/wp-content\/uploads\/2018\/08\/diada-nacional-de-catalunya.jpg' ><\/meta><meta itemprop='description' content='DIA: 11 de setembre\r\nDESCRIPCI\u00d3: Festa Nacional de Catalunya.' ><\/meta><meta itemprop='startDate' content='2026-9-11' ><\/meta><meta itemprop='endDate' content='2026-9-11' ><\/meta><meta itemprop='eventStatus' content='on-schedule' ><\/meta><script type=\"application\/ld+json\">{\t\"@context\": \"http:\/\/schema.org\",\n\t\t\t\t\t\t\t  \t\"@type\": \"Event\",\n\t\t\t\t\t\t\t  \t\"name\": \"Diada Nacional de Catalunya\",\n\t\t\t\t\t\t\t  \t\"startDate\": \"2026-9-11T00-00-00-00\",\n\t\t\t\t\t\t\t  \t\"endDate\": \"2026-9-11T23-23-59-00\",\n\t\t\t\t\t\t\t  \t\"image\":\"https:\/\/www.blanescostabrava.cat\/wp-content\/uploads\/2018\/08\/diada-nacional-de-catalunya-300x166.jpg\",\n\t\t\t\t\t\t\t  \t\"description\":\"DIA: 11 de setembre\r\nDESCRIPCI\u00d3: Festa Nacional de Catalunya.\",\n\t\t\t\t\t\t\t  \t\n\t\t\t\t\t\t\t }<\/script><\/div>\n\t\t\t\t<p class=\"desc_trig_outter\"><a data-gmap_status=\"null\" data-exlk=\"0\" style=\"border-color: #206177;padding-top: 215px;height: 310px;\" id=\"evc_1789084801242158\" class=\"desc_trig sin_val evcal_list_a\" data-ux_val=\"3\"  ><span class='event-img'><img src='https:\/\/www.blanescostabrava.cat\/wp-content\/uploads\/2018\/08\/diada-nacional-de-catalunya.jpg'><\/span><span class='evcal_cblock ' data-bgcolor='#206177' data-smon='septiembre' data-syr='2026'><span class='evo_start '><em class='date'>11<\/em><em class='month'>sep<\/em><em class='time'>allday<\/em><\/span><em class='clear'><\/em><\/span><span class='evcal_desc evo_info hide_eventtopdata '  data-location_status=\"false\" ><span class='evo_above_title'><\/span><span class='evcal_desc2 evcal_event_title' itemprop='name'>Diada Nacional de Catalunya<\/span><span class='evo_below_title'><\/span><span class='evcal_desc_info' ><\/span><span class='evcal_desc3'><\/span><\/span><em class='clear'><\/em><\/p><\/a><div class='event_description evcal_eventcard ' style=\"display:none\"><div class='evo_metarow_directimg'><img src='https:\/\/www.blanescostabrava.cat\/wp-content\/uploads\/2018\/08\/diada-nacional-de-catalunya.jpg' alt=\"Diada Nacional de Catalunya\"\/><\/div><div class='evo_metarow_details evorow evcal_evdata_row bordb evcal_event_details'>\n\t\t\t\t\t\t\t<div class=\"event_excerpt\" style=\"display:none\"><h3 class=\"padb5 evo_h3\">Descripci\u00f3n<\/h3><p>DIA: 11 de setembre\r\nDESCRIPCI\u00d3: Festa Nacional de Catalunya.<\/p><\/div><span class='evcal_evdata_icons'><i class='fa fa-align-justify'><\/i><\/span>\n\t\t\t\t\t\t\t\n\t\t\t\t\t\t\t<div class='evcal_evdata_cell '><div class='eventon_full_description'>\n\t\t\t\t\t\t\t\t\t<h3 class='padb5 evo_h3'><span class='evcal_evdata_icons'><i class='fa fa-align-justify'><\/i><\/span>Descripci\u00f3n<\/h3><div class='eventon_desc_in' itemprop='description'>\n\t\t\t\t\t\t\t\t\t<p>DIA: 11 de setembre<br \/>\nDESCRIPCI\u00d3: Festa Nacional de Catalunya.<\/p>\n<\/div><div class='clear'><\/div>\n\t\t\t\t\t\t\t\t<\/div>\n\t\t\t\t\t\t\t<\/div>\n\t\t\t\t\t\t<\/div><div class='evo_metarow_time evorow evcal_evdata_row bordb evcal_evrow_sm '>\n\t\t\t\t\t\t\t<span class='evcal_evdata_icons'><i class='fa fa-clock-o'><\/i><\/span>\n\t\t\t\t\t\t\t<div class='evcal_evdata_cell'>\t\t\t\t\t\t\t\n\t\t\t\t\t\t\t\t<h3 class='evo_h3'><span class='evcal_evdata_icons'><i class='fa fa-clock-o'><\/i><\/span>Fecha<\/h3><p>All Day (Friday)<\/p>\n\t\t\t\t\t\t\t<\/div>\n\t\t\t\t\t\t<\/div>\t\t\t\t\t\t<div class='evo_metarow_ICS evorow bordb evcal_evdata_row'>\n\t\t\t\t\t\t\t<span class=\"evcal_evdata_icons\"><i class=\"fa fa-calendar\"><\/i><\/span>\n\t\t\t\t\t\t\t<div class='evcal_evdata_cell'>\n\t\t\t\t\t\t\t\t<p><a href='https:\/\/www.blanescostabrava.cat\/wp-admin\/admin-ajax.php?action=eventon_ics_download&amp;event_id=242158&amp;sunix=20260910T220000Z&amp;eunix=20260911T215900Z&amp;loca=&amp;locn=' class='evo_ics_nCal' title='Add to your calendar'>Calendar<\/a><a href='\/\/www.google.com\/calendar\/event?action=TEMPLATE&amp;text=Diada+Nacional+de+Catalunya&amp;dates=20260910T220000Z\/20260911T215900Z&amp;details=DIA%3A+11+de+setembre%0D%0ADESCRIPCI%C3%93%3A+Festa+Nacional+de+Catalunya.&amp;location= - ' target='_blank' class='evo_ics_gCal' title='Add to google calendar'>GoogleCal<\/a><\/p>\t\n\t\t\t\t\t\t\t<\/div>\t\t\t\t\t\t<\/div>\n\t\t\t\t\t\t<\/div><div class='clear end'><\/div><\/div><div id=\"event_242170\" class=\"eventon_list_event evo_eventtop  event hasbgimg\" data-event_id=\"242170\" data-time=\"1789128000-1789170600\" data-colr=\"#206177\" itemscope itemtype='http:\/\/schema.org\/Event' 31><div class=\"evo_boxtop\" style=\"background-image: url(https:\/\/www.blanescostabrava.cat\/wp-content\/uploads\/2026\/08\/timothy-dykes-Lq1rOaigDoY-unsplash-scaled.jpg); background-color:#206177;height:200px;\"><\/div><div class=\"evo_event_schema\" style=\"display:none\" ><a itemprop='url'  href='https:\/\/www.blanescostabrava.cat\/events\/birrasana-xi-festival-de-cervesa-artesana\/'><\/a><span itemprop='name'  >Birrasana - XI Festival de Cervesa Artesana<\/span><meta itemprop='image' content='https:\/\/www.blanescostabrava.cat\/wp-content\/uploads\/2026\/08\/timothy-dykes-Lq1rOaigDoY-unsplash-scaled.jpg' ><\/meta><meta itemprop='description' content='DIA: 11 i 12 de setembre\r\nHORA: a partir de les 12.00 h\r\nLLOC: Passeig de Mar\r\nDESCRIPCI\u00d3: XI edici\u00f3 del festival de cervesa artesana Birrasana.' ><\/meta><meta itemprop='startDate' content='2026-9-11' ><\/meta><meta itemprop='endDate' content='2026-9-11' ><\/meta><meta itemprop='eventStatus' content='on-schedule' ><\/meta><script type=\"application\/ld+json\">{\t\"@context\": \"http:\/\/schema.org\",\n\t\t\t\t\t\t\t  \t\"@type\": \"Event\",\n\t\t\t\t\t\t\t  \t\"name\": \"Birrasana - XI Festival de Cervesa Artesana\",\n\t\t\t\t\t\t\t  \t\"startDate\": \"2026-9-11T12-12-00-00\",\n\t\t\t\t\t\t\t  \t\"endDate\": \"2026-9-11T23-23-50-00\",\n\t\t\t\t\t\t\t  \t\"image\":\"https:\/\/www.blanescostabrava.cat\/wp-content\/uploads\/2026\/08\/timothy-dykes-Lq1rOaigDoY-unsplash-300x200.jpg\",\n\t\t\t\t\t\t\t  \t\"description\":\"DIA: 11 i 12 de setembre\r\nHORA: a partir de les 12.00 h\r\nLLOC: Passeig de Mar\r\nDESCRIPCI\u00d3: XI edici\u00f3 del festival de cervesa artesana Birrasana.\",\n\t\t\t\t\t\t\t  \t\n\t\t\t\t\t\t\t }<\/script><\/div>\n\t\t\t\t<p class=\"desc_trig_outter\"><a data-gmap_status=\"null\" data-exlk=\"0\" style=\"border-color: #206177;padding-top: 215px;height: 310px;\" id=\"evc_1789128000242170\" class=\"desc_trig sin_val evcal_list_a\" data-ux_val=\"3\"  ><span class='event-img'><img src='https:\/\/www.blanescostabrava.cat\/wp-content\/uploads\/2026\/08\/timothy-dykes-Lq1rOaigDoY-unsplash-scaled.jpg'><\/span><span class='evcal_cblock ' data-bgcolor='#206177' data-smon='septiembre' data-syr='2026'><span class='evo_start '><em class='date'>11<\/em><em class='month'>sep<\/em><em class='time'>12:00 pm<\/em><\/span><em class='clear'><\/em><\/span><span class='evcal_desc evo_info hide_eventtopdata '  data-location_status=\"false\" ><span class='evo_above_title'><\/span><span class='evcal_desc2 evcal_event_title' itemprop='name'>Birrasana - XI Festival de Cervesa Artesana<\/span><span class='evo_below_title'><\/span><span class='evcal_desc_info' ><\/span><span class='evcal_desc3'><\/span><\/span><em class='clear'><\/em><\/p><\/a><div class='event_description evcal_eventcard ' style=\"display:none\"><div class='evo_metarow_directimg'><img src='https:\/\/www.blanescostabrava.cat\/wp-content\/uploads\/2026\/08\/timothy-dykes-Lq1rOaigDoY-unsplash-scaled.jpg' \/><\/div><div class='evo_metarow_details evorow evcal_evdata_row bordb evcal_event_details'>\n\t\t\t\t\t\t\t<div class=\"event_excerpt\" style=\"display:none\"><h3 class=\"padb5 evo_h3\">Descripci\u00f3n<\/h3><p>DIA: 11 i 12 de setembre\r\nHORA: a partir de les 12.00 h\r\nLLOC: Passeig de Mar\r\nDESCRIPCI\u00d3: XI edici\u00f3 del festival de cervesa artesana Birrasana.<\/p><\/div><span class='evcal_evdata_icons'><i class='fa fa-align-justify'><\/i><\/span>\n\t\t\t\t\t\t\t\n\t\t\t\t\t\t\t<div class='evcal_evdata_cell '><div class='eventon_full_description'>\n\t\t\t\t\t\t\t\t\t<h3 class='padb5 evo_h3'><span class='evcal_evdata_icons'><i class='fa fa-align-justify'><\/i><\/span>Descripci\u00f3n<\/h3><div class='eventon_desc_in' itemprop='description'>\n\t\t\t\t\t\t\t\t\t<p>DIA: 11 i 12 de setembre<br \/>\nHORA: a partir de les 12.00 h<br \/>\nLLOC: Passeig de Mar<br \/>\nDESCRIPCI\u00d3: XI edici\u00f3 del festival de cervesa artesana Birrasana.<\/p>\n<\/div><div class='clear'><\/div>\n\t\t\t\t\t\t\t\t<\/div>\n\t\t\t\t\t\t\t<\/div>\n\t\t\t\t\t\t<\/div><div class='evo_metarow_time_location evorow bordb '>\n\t\t\t\t\t\t<div class='tb' >\n\t\t\t\t\t\t\t<div class='tbrow'>\n\t\t\t\t\t\t\t<div class='evcal_col50 bordr'>\n\t\t\t\t\t\t\t\t<div class='evcal_evdata_row evo_time'>\n\t\t\t\t\t\t\t\t\t<span class='evcal_evdata_icons'><i class='fa fa-clock-o'><\/i><\/span>\n\t\t\t\t\t\t\t\t\t<div class='evcal_evdata_cell'>\t\t\t\t\t\t\t\n\t\t\t\t\t\t\t\t\t\t<h3 class='evo_h3'><span class='evcal_evdata_icons'><i class='fa fa-clock-o'><\/i><\/span>Fecha<\/h3>\n\t\t\t\t\t\t\t\t\t\t<p>(Friday) 12:00 pm<\/p>\n\t\t\t\t\t\t\t\t\t<\/div>\n\t\t\t\t\t\t\t\t<\/div>\n\t\t\t\t\t\t\t<\/div><div class='evcal_col50'>\n\t\t\t\t\t\t\t\t<div class='evcal_evdata_row evo_location'>\n\t\t\t\t\t\t\t\t\t<span class='evcal_evdata_icons'><i class='fa fa-map-marker'><\/i><\/span>\n\t\t\t\t\t\t\t\t\t<div class='evcal_evdata_cell' data-loc_tax_id='2437'>\t\t\t\t\t\t\t\n\t\t\t\t\t\t\t\t\t\t<h3 class='evo_h3'><span class='evcal_evdata_icons'><i class='fa fa-map-marker'><\/i><\/span>Location<\/h3><p class='evo_location_name'>Passeig de Mar i antic camp de futbol d\u2019Els Pins<\/p><p class='evo_location_address'><\/p>\n\t\t\t\t\t\t\t\t\t<\/div>\n\t\t\t\t\t\t\t\t<\/div>\n\t\t\t\t\t\t\t<\/div><div class='clear'><\/div>\n\t\t\t\t\t\t\t<\/div><\/div>\n\t\t\t\t\t\t<\/div>\t\t\t\t\t\t<div class='evo_metarow_ICS evorow bordb evcal_evdata_row'>\n\t\t\t\t\t\t\t<span class=\"evcal_evdata_icons\"><i class=\"fa fa-calendar\"><\/i><\/span>\n\t\t\t\t\t\t\t<div class='evcal_evdata_cell'>\n\t\t\t\t\t\t\t\t<p><a href='https:\/\/www.blanescostabrava.cat\/wp-admin\/admin-ajax.php?action=eventon_ics_download&amp;event_id=242170&amp;sunix=20260911T100000Z&amp;eunix=20260911T215000Z&amp;loca=&amp;locn=Passeig de Mar i antic camp de futbol d\u2019Els Pins' class='evo_ics_nCal' title='Add to your calendar'>Calendar<\/a><a href='\/\/www.google.com\/calendar\/event?action=TEMPLATE&amp;text=Birrasana+-+XI+Festival+de+Cervesa+Artesana&amp;dates=20260911T100000Z\/20260911T215000Z&amp;details=DIA%3A+11+i+12+de+setembre%0D%0AHORA%3A+a+partir+de+les+12.00+h%0D%0ALLOC%3A+Passeig+de+Mar%0D%0ADESCRIPCI%C3%93%3A+XI+edici%C3%B3+del+festival+de+cervesa+artesana+Birrasana.&amp;location=Passeig+de+Mar+i+antic+camp+de+futbol+d%E2%80%99Els+Pins - ' target='_blank' class='evo_ics_gCal' title='Add to google calendar'>GoogleCal<\/a><\/p>\t\n\t\t\t\t\t\t\t<\/div>\t\t\t\t\t\t<\/div>\n\t\t\t\t\t\t<\/div><div class='clear end'><\/div><\/div><div id=\"event_241894\" class=\"eventon_list_event evo_eventtop  event hasbgimg\" data-event_id=\"241894\" data-time=\"1789171201-1789257599\" data-colr=\"#206177\" itemscope itemtype='http:\/\/schema.org\/Event' 32><div class=\"evo_boxtop\" style=\"background-image: url(https:\/\/www.blanescostabrava.cat\/wp-content\/uploads\/2023\/07\/galerialarcada-2.jpeg); background-color:#206177;height:200px;\"><\/div><div class=\"evo_event_schema\" style=\"display:none\" ><a itemprop='url'  href='https:\/\/www.blanescostabrava.cat\/events\/larissa-stenlander-toni-becerra-i-josep-m-carbo\/'><\/a><span itemprop='name'  >Larissa Stenlander, Toni Becerra i Josep M. Carb\u00f3<\/span><meta itemprop='image' content='https:\/\/www.blanescostabrava.cat\/wp-content\/uploads\/2023\/07\/galerialarcada-2.jpeg' ><\/meta><meta itemprop='description' content='DIA: Del 12 de setembre al 8 d'octubre\r\nLLOC: Galeria d'art L'Arcada\r\nDESCRIPCI\u00d3: Exposici\u00f3 col\u00b7lectiva de Larissa Stenlander, Toni Becerra i Josep M. Carb\u00f3.' ><\/meta><meta itemprop='startDate' content='2026-9-12' ><\/meta><meta itemprop='endDate' content='2026-9-12' ><\/meta><meta itemprop='eventStatus' content='on-schedule' ><\/meta><script type=\"application\/ld+json\">{\t\"@context\": \"http:\/\/schema.org\",\n\t\t\t\t\t\t\t  \t\"@type\": \"Event\",\n\t\t\t\t\t\t\t  \t\"name\": \"Larissa Stenlander, Toni Becerra i Josep M. Carb\u00f3\",\n\t\t\t\t\t\t\t  \t\"startDate\": \"2026-9-12T00-00-00-00\",\n\t\t\t\t\t\t\t  \t\"endDate\": \"2026-9-12T23-23-59-00\",\n\t\t\t\t\t\t\t  \t\"image\":\"https:\/\/www.blanescostabrava.cat\/wp-content\/uploads\/2023\/07\/galerialarcada-2-300x164.jpeg\",\n\t\t\t\t\t\t\t  \t\"description\":\"DIA: Del 12 de setembre al 8 d'octubre\r\nLLOC: Galeria d'art L'Arcada\r\nDESCRIPCI\u00d3: Exposici\u00f3 col\u00b7lectiva de Larissa Stenlander, Toni Becerra i Josep M. Carb\u00f3.\",\n\t\t\t\t\t\t\t  \t\n\t\t\t\t\t\t\t }<\/script><\/div>\n\t\t\t\t<p class=\"desc_trig_outter\"><a data-gmap_status=\"null\" data-exlk=\"0\" style=\"border-color: #206177;padding-top: 215px;height: 310px;\" id=\"evc_1789171201241894\" class=\"desc_trig sin_val evcal_list_a\" data-ux_val=\"3\"  ><span class='event-img'><img src='https:\/\/www.blanescostabrava.cat\/wp-content\/uploads\/2023\/07\/galerialarcada-2.jpeg'><\/span><span class='evcal_cblock ' data-bgcolor='#206177' data-smon='septiembre' data-syr='2026'><span class='evo_start '><em class='date'>12<\/em><em class='month'>sep<\/em><em class='time'>allday<\/em><\/span><em class='clear'><\/em><\/span><span class='evcal_desc evo_info hide_eventtopdata '  data-location_status=\"false\" ><span class='evo_above_title'><\/span><span class='evcal_desc2 evcal_event_title' itemprop='name'>Larissa Stenlander, Toni Becerra i Josep M. Carb\u00f3<\/span><span class='evo_below_title'><\/span><span class='evcal_desc_info' ><\/span><span class='evcal_desc3'><\/span><\/span><em class='clear'><\/em><\/p><\/a><div class='event_description evcal_eventcard ' style=\"display:none\"><div class='evo_metarow_directimg'><img src='https:\/\/www.blanescostabrava.cat\/wp-content\/uploads\/2023\/07\/galerialarcada-2.jpeg' \/><\/div><div class='evo_metarow_details evorow evcal_evdata_row bordb evcal_event_details'>\n\t\t\t\t\t\t\t<div class=\"event_excerpt\" style=\"display:none\"><h3 class=\"padb5 evo_h3\">Descripci\u00f3n<\/h3><p>DIA: Del 12 de setembre al 8 d'octubre\r\nLLOC: Galeria d'art L'Arcada\r\nDESCRIPCI\u00d3: Exposici\u00f3 col\u00b7lectiva de Larissa Stenlander, Toni Becerra i Josep M. Carb\u00f3.<\/p><\/div><span class='evcal_evdata_icons'><i class='fa fa-align-justify'><\/i><\/span>\n\t\t\t\t\t\t\t\n\t\t\t\t\t\t\t<div class='evcal_evdata_cell '><div class='eventon_full_description'>\n\t\t\t\t\t\t\t\t\t<h3 class='padb5 evo_h3'><span class='evcal_evdata_icons'><i class='fa fa-align-justify'><\/i><\/span>Descripci\u00f3n<\/h3><div class='eventon_desc_in' itemprop='description'>\n\t\t\t\t\t\t\t\t\t<p>DIA: Del 12 de setembre al 8 d&#8217;octubre<br \/>\nLLOC: Galeria d&#8217;art L&#8217;Arcada<br \/>\nDESCRIPCI\u00d3: Exposici\u00f3 col\u00b7lectiva de Larissa Stenlander, Toni Becerra i Josep M. Carb\u00f3.<\/p>\n<\/div><div class='clear'><\/div>\n\t\t\t\t\t\t\t\t<\/div>\n\t\t\t\t\t\t\t<\/div>\n\t\t\t\t\t\t<\/div><div class='evo_metarow_time_location evorow bordb '>\n\t\t\t\t\t\t<div class='tb' >\n\t\t\t\t\t\t\t<div class='tbrow'>\n\t\t\t\t\t\t\t<div class='evcal_col50 bordr'>\n\t\t\t\t\t\t\t\t<div class='evcal_evdata_row evo_time'>\n\t\t\t\t\t\t\t\t\t<span class='evcal_evdata_icons'><i class='fa fa-clock-o'><\/i><\/span>\n\t\t\t\t\t\t\t\t\t<div class='evcal_evdata_cell'>\t\t\t\t\t\t\t\n\t\t\t\t\t\t\t\t\t\t<h3 class='evo_h3'><span class='evcal_evdata_icons'><i class='fa fa-clock-o'><\/i><\/span>Fecha<\/h3>\n\t\t\t\t\t\t\t\t\t\t<p>All Day (Saturday)<\/p>\n\t\t\t\t\t\t\t\t\t<\/div>\n\t\t\t\t\t\t\t\t<\/div>\n\t\t\t\t\t\t\t<\/div><div class='evcal_col50'>\n\t\t\t\t\t\t\t\t<div class='evcal_evdata_row evo_location'>\n\t\t\t\t\t\t\t\t\t<span class='evcal_evdata_icons'><i class='fa fa-map-marker'><\/i><\/span>\n\t\t\t\t\t\t\t\t\t<div class='evcal_evdata_cell' data-loc_tax_id='2398'>\t\t\t\t\t\t\t\n\t\t\t\t\t\t\t\t\t\t<h3 class='evo_h3'><span class='evcal_evdata_icons'><i class='fa fa-map-marker'><\/i><\/span>Location<\/h3><p class='evo_location_name'>Galeria d\u2019art l\u2019Arcada<\/p><p class='evo_location_address'><\/p>\n\t\t\t\t\t\t\t\t\t<\/div>\n\t\t\t\t\t\t\t\t<\/div>\n\t\t\t\t\t\t\t<\/div><div class='clear'><\/div>\n\t\t\t\t\t\t\t<\/div><\/div>\n\t\t\t\t\t\t<\/div>\t\t\t\t\t\t<div class='evo_metarow_ICS evorow bordb evcal_evdata_row'>\n\t\t\t\t\t\t\t<span class=\"evcal_evdata_icons\"><i class=\"fa fa-calendar\"><\/i><\/span>\n\t\t\t\t\t\t\t<div class='evcal_evdata_cell'>\n\t\t\t\t\t\t\t\t<p><a href='https:\/\/www.blanescostabrava.cat\/wp-admin\/admin-ajax.php?action=eventon_ics_download&amp;event_id=241894&amp;sunix=20260911T220000Z&amp;eunix=20260912T215900Z&amp;loca=&amp;locn=Galeria d\u2019art l\u2019Arcada' class='evo_ics_nCal' title='Add to your calendar'>Calendar<\/a><a href='\/\/www.google.com\/calendar\/event?action=TEMPLATE&amp;text=Larissa+Stenlander%2C+Toni+Becerra+i+Josep+M.+Carb%C3%B3&amp;dates=20260911T220000Z\/20260912T215900Z&amp;details=DIA%3A+Del+12+de+setembre+al+8+d%27octubre%0D%0ALLOC%3A+Galeria+d%27art+L%27Arcada%0D%0ADESCRIPCI%C3%93%3A+Exposici%C3%B3+col%C2%B7lectiva+de+Larissa+Stenlander%2C+Toni+Becerra+i+Josep+M.+Carb%C3%B3.&amp;location=Galeria+d%E2%80%99art+l%E2%80%99Arcada - ' target='_blank' class='evo_ics_gCal' title='Add to google calendar'>GoogleCal<\/a><\/p>\t\n\t\t\t\t\t\t\t<\/div>\t\t\t\t\t\t<\/div>\n\t\t\t\t\t\t<\/div><div class='clear end'><\/div><\/div><div id=\"event_242206\" class=\"eventon_list_event evo_eventtop  event hasbgimg\" data-event_id=\"242206\" data-time=\"1789237800-1789257000\" data-colr=\"#206177\" itemscope itemtype='http:\/\/schema.org\/Event' 33><div class=\"evo_boxtop\" style=\"background-image: url(https:\/\/www.blanescostabrava.cat\/wp-content\/uploads\/2026\/08\/images.jpeg); background-color:#206177;height:200px;\"><\/div><div class=\"evo_event_schema\" style=\"display:none\" ><a itemprop='url'  href='https:\/\/www.blanescostabrava.cat\/events\/espectacle-de-clown-familiar-on-com-aigua\/'><\/a><span itemprop='name'  >Espectacle de Clown Familiar: \"On, Com, Aigua?\"<\/span><meta itemprop='image' content='https:\/\/www.blanescostabrava.cat\/wp-content\/uploads\/2026\/08\/images.jpeg' ><\/meta><meta itemprop='description' content='DIA: 12 de setembre\r\nHORA: 18.30 h\r\nLLOC: Pla\u00e7a d'Espanya\r\nDESCRIPCI\u00d3: Espectacle de clown familiar a c\u00e0rrec de Cia. La Toli, dins el Cicle Talent Blanenc.' ><\/meta><meta itemprop='startDate' content='2026-9-12' ><\/meta><meta itemprop='endDate' content='2026-9-12' ><\/meta><meta itemprop='eventStatus' content='on-schedule' ><\/meta><script type=\"application\/ld+json\">{\t\"@context\": \"http:\/\/schema.org\",\n\t\t\t\t\t\t\t  \t\"@type\": \"Event\",\n\t\t\t\t\t\t\t  \t\"name\": \"Espectacle de Clown Familiar: \"On, Com, Aigua?\"\",\n\t\t\t\t\t\t\t  \t\"startDate\": \"2026-9-12T18-18-30-00\",\n\t\t\t\t\t\t\t  \t\"endDate\": \"2026-9-12T23-23-50-00\",\n\t\t\t\t\t\t\t  \t\"image\":\"https:\/\/www.blanescostabrava.cat\/wp-content\/uploads\/2026\/08\/images-239x300.jpeg\",\n\t\t\t\t\t\t\t  \t\"description\":\"DIA: 12 de setembre\r\nHORA: 18.30 h\r\nLLOC: Pla\u00e7a d'Espanya\r\nDESCRIPCI\u00d3: Espectacle de clown familiar a c\u00e0rrec de Cia. La Toli, dins el Cicle Talent Blanenc.\",\n\t\t\t\t\t\t\t  \t\n\t\t\t\t\t\t\t }<\/script><\/div>\n\t\t\t\t<p class=\"desc_trig_outter\"><a data-gmap_status=\"null\" data-exlk=\"0\" style=\"border-color: #206177;padding-top: 215px;height: 310px;\" id=\"evc_1789237800242206\" class=\"desc_trig sin_val evcal_list_a\" data-ux_val=\"3\"  ><span class='event-img'><img src='https:\/\/www.blanescostabrava.cat\/wp-content\/uploads\/2026\/08\/images.jpeg'><\/span><span class='evcal_cblock ' data-bgcolor='#206177' data-smon='septiembre' data-syr='2026'><span class='evo_start '><em class='date'>12<\/em><em class='month'>sep<\/em><em class='time'>6:30 pm<\/em><\/span><em class='clear'><\/em><\/span><span class='evcal_desc evo_info hide_eventtopdata '  data-location_status=\"false\" ><span class='evo_above_title'><\/span><span class='evcal_desc2 evcal_event_title' itemprop='name'>Espectacle de Clown Familiar: \"On, Com, Aigua?\"<\/span><span class='evo_below_title'><\/span><span class='evcal_desc_info' ><\/span><span class='evcal_desc3'><\/span><\/span><em class='clear'><\/em><\/p><\/a><div class='event_description evcal_eventcard ' style=\"display:none\"><div class='evo_metarow_directimg'><img src='https:\/\/www.blanescostabrava.cat\/wp-content\/uploads\/2026\/08\/images.jpeg' \/><\/div><div class='evo_metarow_details evorow evcal_evdata_row bordb evcal_event_details'>\n\t\t\t\t\t\t\t<div class=\"event_excerpt\" style=\"display:none\"><h3 class=\"padb5 evo_h3\">Descripci\u00f3n<\/h3><p>DIA: 12 de setembre\r\nHORA: 18.30 h\r\nLLOC: Pla\u00e7a d'Espanya\r\nDESCRIPCI\u00d3: Espectacle de clown familiar a c\u00e0rrec de Cia. La Toli, dins el Cicle Talent Blanenc.<\/p><\/div><span class='evcal_evdata_icons'><i class='fa fa-align-justify'><\/i><\/span>\n\t\t\t\t\t\t\t\n\t\t\t\t\t\t\t<div class='evcal_evdata_cell '><div class='eventon_full_description'>\n\t\t\t\t\t\t\t\t\t<h3 class='padb5 evo_h3'><span class='evcal_evdata_icons'><i class='fa fa-align-justify'><\/i><\/span>Descripci\u00f3n<\/h3><div class='eventon_desc_in' itemprop='description'>\n\t\t\t\t\t\t\t\t\t<p>DIA: 12 de setembre<br \/>\nHORA: 18.30 h<br \/>\nLLOC: Pla\u00e7a d&#8217;Espanya<br \/>\nDESCRIPCI\u00d3: Espectacle de clown familiar a c\u00e0rrec de Cia. La Toli, dins el Cicle Talent Blanenc.<\/p>\n<\/div><div class='clear'><\/div>\n\t\t\t\t\t\t\t\t<\/div>\n\t\t\t\t\t\t\t<\/div>\n\t\t\t\t\t\t<\/div><div class='evo_metarow_time_location evorow bordb '>\n\t\t\t\t\t\t<div class='tb' >\n\t\t\t\t\t\t\t<div class='tbrow'>\n\t\t\t\t\t\t\t<div class='evcal_col50 bordr'>\n\t\t\t\t\t\t\t\t<div class='evcal_evdata_row evo_time'>\n\t\t\t\t\t\t\t\t\t<span class='evcal_evdata_icons'><i class='fa fa-clock-o'><\/i><\/span>\n\t\t\t\t\t\t\t\t\t<div class='evcal_evdata_cell'>\t\t\t\t\t\t\t\n\t\t\t\t\t\t\t\t\t\t<h3 class='evo_h3'><span class='evcal_evdata_icons'><i class='fa fa-clock-o'><\/i><\/span>Fecha<\/h3>\n\t\t\t\t\t\t\t\t\t\t<p>(Saturday) 6:30 pm<\/p>\n\t\t\t\t\t\t\t\t\t<\/div>\n\t\t\t\t\t\t\t\t<\/div>\n\t\t\t\t\t\t\t<\/div><div class='evcal_col50'>\n\t\t\t\t\t\t\t\t<div class='evcal_evdata_row evo_location'>\n\t\t\t\t\t\t\t\t\t<span class='evcal_evdata_icons'><i class='fa fa-map-marker'><\/i><\/span>\n\t\t\t\t\t\t\t\t\t<div class='evcal_evdata_cell' data-loc_tax_id='3429'>\t\t\t\t\t\t\t\n\t\t\t\t\t\t\t\t\t\t<h3 class='evo_h3'><span class='evcal_evdata_icons'><i class='fa fa-map-marker'><\/i><\/span>Location<\/h3><p class='evo_location_name'>Pl. Espanya<\/p><p class='evo_location_address'><\/p>\n\t\t\t\t\t\t\t\t\t<\/div>\n\t\t\t\t\t\t\t\t<\/div>\n\t\t\t\t\t\t\t<\/div><div class='clear'><\/div>\n\t\t\t\t\t\t\t<\/div><\/div>\n\t\t\t\t\t\t<\/div>\t\t\t\t\t\t<div class='evo_metarow_ICS evorow bordb evcal_evdata_row'>\n\t\t\t\t\t\t\t<span class=\"evcal_evdata_icons\"><i class=\"fa fa-calendar\"><\/i><\/span>\n\t\t\t\t\t\t\t<div class='evcal_evdata_cell'>\n\t\t\t\t\t\t\t\t<p><a href='https:\/\/www.blanescostabrava.cat\/wp-admin\/admin-ajax.php?action=eventon_ics_download&amp;event_id=242206&amp;sunix=20260912T163000Z&amp;eunix=20260912T215000Z&amp;loca=&amp;locn=Pl. Espanya' class='evo_ics_nCal' title='Add to your calendar'>Calendar<\/a><a href='\/\/www.google.com\/calendar\/event?action=TEMPLATE&amp;text=Espectacle+de+Clown+Familiar%3A+%22On%2C+Com%2C+Aigua%3F%22&amp;dates=20260912T163000Z\/20260912T215000Z&amp;details=DIA%3A+12+de+setembre%0D%0AHORA%3A+18.30+h%0D%0ALLOC%3A+Pla%C3%A7a+d%27Espanya%0D%0ADESCRIPCI%C3%93%3A+Espectacle+de+clown+familiar+a+c%C3%A0rrec+de+Cia.+La+Toli%2C+dins+el+Cicle+Talent+Blanenc.&amp;location=Pl.+Espanya - ' target='_blank' class='evo_ics_gCal' title='Add to google calendar'>GoogleCal<\/a><\/p>\t\n\t\t\t\t\t\t\t<\/div>\t\t\t\t\t\t<\/div>\n\t\t\t\t\t\t<\/div><div class='clear end'><\/div><\/div><div id=\"event_242218\" class=\"eventon_list_event evo_eventtop  event hasbgimg\" data-event_id=\"242218\" data-time=\"1789290000-1789311600\" data-colr=\"#206177\" itemscope itemtype='http:\/\/schema.org\/Event' 34><div class=\"evo_boxtop\" style=\"background-image: url(https:\/\/www.blanescostabrava.cat\/wp-content\/uploads\/2019\/03\/El_Vilar_de_Blanes_4.jpg); background-color:#206177;height:200px;\"><\/div><div class=\"evo_event_schema\" style=\"display:none\" ><a itemprop='url'  href='https:\/\/www.blanescostabrava.cat\/events\/trobada-de-colleccionistes-7\/'><\/a><span itemprop='name'  >Trobada de Col\u00b7leccionistes<\/span><meta itemprop='image' content='https:\/\/www.blanescostabrava.cat\/wp-content\/uploads\/2019\/03\/El_Vilar_de_Blanes_4.jpg' ><\/meta><meta itemprop='description' content='DIA: 13 de setembre\r\nHORA: 9.00 - 15.00 h\r\nLLOC: Pla\u00e7a Mare de D\u00e9u del Vilar\r\nDESCRIPCI\u00d3: Mercat de trobada de col\u00b7leccionistes, organitzat per l'Associaci\u00f3 Gastron\u00f2mica.' ><\/meta><meta itemprop='startDate' content='2026-9-13' ><\/meta><meta itemprop='endDate' content='2026-9-13' ><\/meta><meta itemprop='eventStatus' content='on-schedule' ><\/meta><script type=\"application\/ld+json\">{\t\"@context\": \"http:\/\/schema.org\",\n\t\t\t\t\t\t\t  \t\"@type\": \"Event\",\n\t\t\t\t\t\t\t  \t\"name\": \"Trobada de Col\u00b7leccionistes\",\n\t\t\t\t\t\t\t  \t\"startDate\": \"2026-9-13T09-09-00-00\",\n\t\t\t\t\t\t\t  \t\"endDate\": \"2026-9-13T15-15-00-00\",\n\t\t\t\t\t\t\t  \t\"image\":\"https:\/\/www.blanescostabrava.cat\/wp-content\/uploads\/2019\/03\/El_Vilar_de_Blanes_4-300x222.jpg\",\n\t\t\t\t\t\t\t  \t\"description\":\"DIA: 13 de setembre\r\nHORA: 9.00 - 15.00 h\r\nLLOC: Pla\u00e7a Mare de D\u00e9u del Vilar\r\nDESCRIPCI\u00d3: Mercat de trobada de col\u00b7leccionistes, organitzat per l'Associaci\u00f3 Gastron\u00f2mica.\",\n\t\t\t\t\t\t\t  \t\n\t\t\t\t\t\t\t }<\/script><\/div>\n\t\t\t\t<p class=\"desc_trig_outter\"><a data-gmap_status=\"null\" data-exlk=\"0\" style=\"border-color: #206177;padding-top: 215px;height: 310px;\" id=\"evc_1789290000242218\" class=\"desc_trig sin_val evcal_list_a\" data-ux_val=\"3\"  ><span class='event-img'><img src='https:\/\/www.blanescostabrava.cat\/wp-content\/uploads\/2019\/03\/El_Vilar_de_Blanes_4.jpg'><\/span><span class='evcal_cblock ' data-bgcolor='#206177' data-smon='septiembre' data-syr='2026'><span class='evo_start '><em class='date'>13<\/em><em class='month'>sep<\/em><em class='time'>9:00 am<\/em><\/span><span class='evo_end only_time'><em class='time'>3:00 pm<\/em><\/span><em class='clear'><\/em><\/span><span class='evcal_desc evo_info hide_eventtopdata '  data-location_status=\"false\" ><span class='evo_above_title'><\/span><span class='evcal_desc2 evcal_event_title' itemprop='name'>Trobada de Col\u00b7leccionistes<\/span><span class='evo_below_title'><\/span><span class='evcal_desc_info' ><\/span><span class='evcal_desc3'><\/span><\/span><em class='clear'><\/em><\/p><\/a><div class='event_description evcal_eventcard ' style=\"display:none\"><div class='evo_metarow_directimg'><img src='https:\/\/www.blanescostabrava.cat\/wp-content\/uploads\/2019\/03\/El_Vilar_de_Blanes_4.jpg' alt=\"santuari el vilar\"\/><\/div><div class='evo_metarow_details evorow evcal_evdata_row bordb evcal_event_details'>\n\t\t\t\t\t\t\t<div class=\"event_excerpt\" style=\"display:none\"><h3 class=\"padb5 evo_h3\">Descripci\u00f3n<\/h3><p>DIA: 13 de setembre\r\nHORA: 9.00 - 15.00 h\r\nLLOC: Pla\u00e7a Mare de D\u00e9u del Vilar\r\nDESCRIPCI\u00d3: Mercat de trobada de col\u00b7leccionistes, organitzat per l'Associaci\u00f3 Gastron\u00f2mica.<\/p><\/div><span class='evcal_evdata_icons'><i class='fa fa-align-justify'><\/i><\/span>\n\t\t\t\t\t\t\t\n\t\t\t\t\t\t\t<div class='evcal_evdata_cell '><div class='eventon_full_description'>\n\t\t\t\t\t\t\t\t\t<h3 class='padb5 evo_h3'><span class='evcal_evdata_icons'><i class='fa fa-align-justify'><\/i><\/span>Descripci\u00f3n<\/h3><div class='eventon_desc_in' itemprop='description'>\n\t\t\t\t\t\t\t\t\t<p>DIA: 13 de setembre<br \/>\nHORA: 9.00 &#8211; 15.00 h<br \/>\nLLOC: Pla\u00e7a Mare de D\u00e9u del Vilar<br \/>\nDESCRIPCI\u00d3: Mercat de trobada de col\u00b7leccionistes, organitzat per l&#8217;Associaci\u00f3 Gastron\u00f2mica.<\/p>\n<\/div><div class='clear'><\/div>\n\t\t\t\t\t\t\t\t<\/div>\n\t\t\t\t\t\t\t<\/div>\n\t\t\t\t\t\t<\/div><div class='evo_metarow_time_location evorow bordb '>\n\t\t\t\t\t\t<div class='tb' >\n\t\t\t\t\t\t\t<div class='tbrow'>\n\t\t\t\t\t\t\t<div class='evcal_col50 bordr'>\n\t\t\t\t\t\t\t\t<div class='evcal_evdata_row evo_time'>\n\t\t\t\t\t\t\t\t\t<span class='evcal_evdata_icons'><i class='fa fa-clock-o'><\/i><\/span>\n\t\t\t\t\t\t\t\t\t<div class='evcal_evdata_cell'>\t\t\t\t\t\t\t\n\t\t\t\t\t\t\t\t\t\t<h3 class='evo_h3'><span class='evcal_evdata_icons'><i class='fa fa-clock-o'><\/i><\/span>Fecha<\/h3>\n\t\t\t\t\t\t\t\t\t\t<p>(Sunday) 9:00 am - 3:00 pm<\/p>\n\t\t\t\t\t\t\t\t\t<\/div>\n\t\t\t\t\t\t\t\t<\/div>\n\t\t\t\t\t\t\t<\/div><div class='evcal_col50'>\n\t\t\t\t\t\t\t\t<div class='evcal_evdata_row evo_location'>\n\t\t\t\t\t\t\t\t\t<span class='evcal_evdata_icons'><i class='fa fa-map-marker'><\/i><\/span>\n\t\t\t\t\t\t\t\t\t<div class='evcal_evdata_cell' data-loc_tax_id='4078'>\t\t\t\t\t\t\t\n\t\t\t\t\t\t\t\t\t\t<h3 class='evo_h3'><span class='evcal_evdata_icons'><i class='fa fa-map-marker'><\/i><\/span>Location<\/h3><p class='evo_location_name'>Pla\u00e7a Mare de D\u00e9u del Vilar - Blanes<\/p><p class='evo_location_address'><\/p>\n\t\t\t\t\t\t\t\t\t<\/div>\n\t\t\t\t\t\t\t\t<\/div>\n\t\t\t\t\t\t\t<\/div><div class='clear'><\/div>\n\t\t\t\t\t\t\t<\/div><\/div>\n\t\t\t\t\t\t<\/div>\t\t\t\t\t\t<div class='evo_metarow_ICS evorow bordb evcal_evdata_row'>\n\t\t\t\t\t\t\t<span class=\"evcal_evdata_icons\"><i class=\"fa fa-calendar\"><\/i><\/span>\n\t\t\t\t\t\t\t<div class='evcal_evdata_cell'>\n\t\t\t\t\t\t\t\t<p><a href='https:\/\/www.blanescostabrava.cat\/wp-admin\/admin-ajax.php?action=eventon_ics_download&amp;event_id=242218&amp;sunix=20260913T070000Z&amp;eunix=20260913T130000Z&amp;loca=&amp;locn=Pla\u00e7a Mare de D\u00e9u del Vilar - Blanes' class='evo_ics_nCal' title='Add to your calendar'>Calendar<\/a><a href='\/\/www.google.com\/calendar\/event?action=TEMPLATE&amp;text=Trobada+de+Col%C2%B7leccionistes&amp;dates=20260913T070000Z\/20260913T130000Z&amp;details=DIA%3A+13+de+setembre%0D%0AHORA%3A+9.00+-+15.00+h%0D%0ALLOC%3A+Pla%C3%A7a+Mare+de+D%C3%A9u+del+Vilar%0D%0ADESCRIPCI%C3%93%3A+Mercat+de+trobada+de+col%C2%B7leccionistes%2C+organitzat+per+l%27Associaci%C3%B3+Gastron%C3%B2mica.&amp;location=Pla%C3%A7a+Mare+de+D%C3%A9u+del+Vilar+-+Blanes - ' target='_blank' class='evo_ics_gCal' title='Add to google calendar'>GoogleCal<\/a><\/p>\t\n\t\t\t\t\t\t\t<\/div>\t\t\t\t\t\t<\/div>\n\t\t\t\t\t\t<\/div><div class='clear end'><\/div><\/div><div id=\"event_242230\" class=\"eventon_list_event evo_eventtop  event hasbgimg\" data-event_id=\"242230\" data-time=\"1789297200-1789343400\" data-colr=\"#206177\" itemscope itemtype='http:\/\/schema.org\/Event' 35><div class=\"evo_boxtop\" style=\"background-image: url(https:\/\/www.blanescostabrava.cat\/wp-content\/uploads\/2018\/04\/Palau_vescomtal_Blanes-min.jpg); background-color:#206177;height:200px;\"><\/div><div class=\"evo_event_schema\" style=\"display:none\" ><a itemprop='url'  href='https:\/\/www.blanescostabrava.cat\/events\/ruta-cultural-el-llegat-dels-cabrera-a-blanes\/'><\/a><span itemprop='name'  >Ruta Cultural: \"El Llegat dels Cabrera a Blanes\"<\/span><meta itemprop='image' content='https:\/\/www.blanescostabrava.cat\/wp-content\/uploads\/2018\/04\/Palau_vescomtal_Blanes-min.jpg' ><\/meta><meta itemprop='description' content='DIA: 13 de setembre\r\nHORA: 11.00 h\r\nLLOC: Palau Vescomtal (s. XIV-XV) - Esgl\u00e9sia Parroquial\r\nDESCRIPCI\u00d3: Ruta cultural sobre el llegat dels Cabrera. Places gratu\u00eftes, inscripcions a turisme@blanes.cat o al 972 33 03' ><\/meta><meta itemprop='startDate' content='2026-9-13' ><\/meta><meta itemprop='endDate' content='2026-9-13' ><\/meta><meta itemprop='eventStatus' content='on-schedule' ><\/meta><script type=\"application\/ld+json\">{\t\"@context\": \"http:\/\/schema.org\",\n\t\t\t\t\t\t\t  \t\"@type\": \"Event\",\n\t\t\t\t\t\t\t  \t\"name\": \"Ruta Cultural: \"El Llegat dels Cabrera a Blanes\"\",\n\t\t\t\t\t\t\t  \t\"startDate\": \"2026-9-13T11-11-00-00\",\n\t\t\t\t\t\t\t  \t\"endDate\": \"2026-9-13T23-23-50-00\",\n\t\t\t\t\t\t\t  \t\"image\":\"https:\/\/www.blanescostabrava.cat\/wp-content\/uploads\/2018\/04\/Palau_vescomtal_Blanes-min-300x199.jpg\",\n\t\t\t\t\t\t\t  \t\"description\":\"DIA: 13 de setembre\r\nHORA: 11.00 h\r\nLLOC: Palau Vescomtal (s. XIV-XV) - Esgl\u00e9sia Parroquial\r\nDESCRIPCI\u00d3: Ruta cultural sobre el llegat dels Cabrera. Places gratu\u00eftes, inscripcions a turisme@blanes.cat o al 972 33 03\",\n\t\t\t\t\t\t\t  \t\n\t\t\t\t\t\t\t }<\/script><\/div>\n\t\t\t\t<p class=\"desc_trig_outter\"><a data-gmap_status=\"null\" data-exlk=\"0\" style=\"border-color: #206177;padding-top: 215px;height: 310px;\" id=\"evc_1789297200242230\" class=\"desc_trig sin_val evcal_list_a\" data-ux_val=\"3\"  ><span class='event-img'><img src='https:\/\/www.blanescostabrava.cat\/wp-content\/uploads\/2018\/04\/Palau_vescomtal_Blanes-min.jpg'><\/span><span class='evcal_cblock ' data-bgcolor='#206177' data-smon='septiembre' data-syr='2026'><span class='evo_start '><em class='date'>13<\/em><em class='month'>sep<\/em><em class='time'>11:00 am<\/em><\/span><em class='clear'><\/em><\/span><span class='evcal_desc evo_info hide_eventtopdata '  data-location_status=\"false\" ><span class='evo_above_title'><\/span><span class='evcal_desc2 evcal_event_title' itemprop='name'>Ruta Cultural: \"El Llegat dels Cabrera a Blanes\"<\/span><span class='evo_below_title'><\/span><span class='evcal_desc_info' ><\/span><span class='evcal_desc3'><\/span><\/span><em class='clear'><\/em><\/p><\/a><div class='event_description evcal_eventcard ' style=\"display:none\"><div class='evo_metarow_directimg'><img src='https:\/\/www.blanescostabrava.cat\/wp-content\/uploads\/2018\/04\/Palau_vescomtal_Blanes-min.jpg' \/><\/div><div class='evo_metarow_details evorow evcal_evdata_row bordb evcal_event_details'>\n\t\t\t\t\t\t\t<div class=\"event_excerpt\" style=\"display:none\"><h3 class=\"padb5 evo_h3\">Descripci\u00f3n<\/h3><p>DIA: 13 de setembre\r\nHORA: 11.00 h\r\nLLOC: Palau Vescomtal (s. XIV-XV) - Esgl\u00e9sia Parroquial\r\nDESCRIPCI\u00d3: Ruta cultural sobre el llegat dels Cabrera. Places gratu\u00eftes, inscripcions a turisme@blanes.cat o al 972 33 03<\/p><\/div><span class='evcal_evdata_icons'><i class='fa fa-align-justify'><\/i><\/span>\n\t\t\t\t\t\t\t\n\t\t\t\t\t\t\t<div class='evcal_evdata_cell '><div class='eventon_full_description'>\n\t\t\t\t\t\t\t\t\t<h3 class='padb5 evo_h3'><span class='evcal_evdata_icons'><i class='fa fa-align-justify'><\/i><\/span>Descripci\u00f3n<\/h3><div class='eventon_desc_in' itemprop='description'>\n\t\t\t\t\t\t\t\t\t<p>DIA: 13 de setembre<br \/>\nHORA: 11.00 h<br \/>\nLLOC: Palau Vescomtal (s. XIV-XV) &#8211; Esgl\u00e9sia Parroquial<br \/>\nDESCRIPCI\u00d3: Ruta cultural sobre el llegat dels Cabrera. Places gratu\u00eftes, inscripcions a turisme@blanes.cat o al 972 33 03 48.<\/p>\n<\/div><div class='clear'><\/div>\n\t\t\t\t\t\t\t\t<\/div>\n\t\t\t\t\t\t\t<\/div>\n\t\t\t\t\t\t<\/div><div class='evo_metarow_time_location evorow bordb '>\n\t\t\t\t\t\t<div class='tb' >\n\t\t\t\t\t\t\t<div class='tbrow'>\n\t\t\t\t\t\t\t<div class='evcal_col50 bordr'>\n\t\t\t\t\t\t\t\t<div class='evcal_evdata_row evo_time'>\n\t\t\t\t\t\t\t\t\t<span class='evcal_evdata_icons'><i class='fa fa-clock-o'><\/i><\/span>\n\t\t\t\t\t\t\t\t\t<div class='evcal_evdata_cell'>\t\t\t\t\t\t\t\n\t\t\t\t\t\t\t\t\t\t<h3 class='evo_h3'><span class='evcal_evdata_icons'><i class='fa fa-clock-o'><\/i><\/span>Fecha<\/h3>\n\t\t\t\t\t\t\t\t\t\t<p>(Sunday) 11:00 am<\/p>\n\t\t\t\t\t\t\t\t\t<\/div>\n\t\t\t\t\t\t\t\t<\/div>\n\t\t\t\t\t\t\t<\/div><div class='evcal_col50'>\n\t\t\t\t\t\t\t\t<div class='evcal_evdata_row evo_location'>\n\t\t\t\t\t\t\t\t\t<span class='evcal_evdata_icons'><i class='fa fa-map-marker'><\/i><\/span>\n\t\t\t\t\t\t\t\t\t<div class='evcal_evdata_cell' data-loc_tax_id='6883'>\t\t\t\t\t\t\t\n\t\t\t\t\t\t\t\t\t\t<h3 class='evo_h3'><span class='evcal_evdata_icons'><i class='fa fa-map-marker'><\/i><\/span>Location<\/h3><p class='evo_location_name'>Palau Vescomtal<\/p><p class='evo_location_address'><\/p>\n\t\t\t\t\t\t\t\t\t<\/div>\n\t\t\t\t\t\t\t\t<\/div>\n\t\t\t\t\t\t\t<\/div><div class='clear'><\/div>\n\t\t\t\t\t\t\t<\/div><\/div>\n\t\t\t\t\t\t<\/div>\t\t\t\t\t\t<div class='evo_metarow_ICS evorow bordb evcal_evdata_row'>\n\t\t\t\t\t\t\t<span class=\"evcal_evdata_icons\"><i class=\"fa fa-calendar\"><\/i><\/span>\n\t\t\t\t\t\t\t<div class='evcal_evdata_cell'>\n\t\t\t\t\t\t\t\t<p><a href='https:\/\/www.blanescostabrava.cat\/wp-admin\/admin-ajax.php?action=eventon_ics_download&amp;event_id=242230&amp;sunix=20260913T090000Z&amp;eunix=20260913T215000Z&amp;loca=&amp;locn=Palau Vescomtal' class='evo_ics_nCal' title='Add to your calendar'>Calendar<\/a><a href='\/\/www.google.com\/calendar\/event?action=TEMPLATE&amp;text=Ruta+Cultural%3A+%22El+Llegat+dels+Cabrera+a+Blanes%22&amp;dates=20260913T090000Z\/20260913T215000Z&amp;details=DIA%3A+13+de+setembre%0D%0AHORA%3A+11.00+h%0D%0ALLOC%3A+Palau+Vescomtal+%28s.+XIV-XV%29+-+Esgl%C3%A9sia+Parroquial%0D%0ADESCRIPCI%C3%93%3A+Ruta+cultural+sobre+el+llegat+dels+Cabrera.+Places+gratu%C3%AFtes%2C+inscripcions+a+turisme%40blanes.cat+o+al+972+33+03&amp;location=Palau+Vescomtal - ' target='_blank' class='evo_ics_gCal' title='Add to google calendar'>GoogleCal<\/a><\/p>\t\n\t\t\t\t\t\t\t<\/div>\t\t\t\t\t\t<\/div>\n\t\t\t\t\t\t<\/div><div class='clear end'><\/div><\/div><div id=\"event_242242\" class=\"eventon_list_event evo_eventtop  event hasbgimg\" data-event_id=\"242242\" data-time=\"1789516801-1789603199\" data-colr=\"#206177\" itemscope itemtype='http:\/\/schema.org\/Event' 36><div class=\"evo_boxtop\" style=\"background-image: url(https:\/\/www.blanescostabrava.cat\/wp-content\/uploads\/2026\/08\/nguy-n-hi-p-ufwC2cmbaaI-unsplash-scaled.jpg); background-color:#206177;height:200px;\"><\/div><div class=\"evo_event_schema\" style=\"display:none\" ><a itemprop='url'  href='https:\/\/www.blanescostabrava.cat\/events\/donacio-de-sang-2\/'><\/a><span itemprop='name'  >Donaci\u00f3 de Sang<\/span><meta itemprop='image' content='https:\/\/www.blanescostabrava.cat\/wp-content\/uploads\/2026\/08\/nguy-n-hi-p-ufwC2cmbaaI-unsplash-scaled.jpg' ><\/meta><meta itemprop='description' content='DIA: Del 16 al 18 de setembre\r\nLLOC: Biblioteca Roberto Bola\u00f1o (planta baixa)\r\nDESCRIPCI\u00d3: Campanya de donaci\u00f3 de sang, organitzada pel Banc de Sang i Teixits.' ><\/meta><meta itemprop='startDate' content='2026-9-16' ><\/meta><meta itemprop='endDate' content='2026-9-16' ><\/meta><meta itemprop='eventStatus' content='on-schedule' ><\/meta><script type=\"application\/ld+json\">{\t\"@context\": \"http:\/\/schema.org\",\n\t\t\t\t\t\t\t  \t\"@type\": \"Event\",\n\t\t\t\t\t\t\t  \t\"name\": \"Donaci\u00f3 de Sang\",\n\t\t\t\t\t\t\t  \t\"startDate\": \"2026-9-16T00-00-00-00\",\n\t\t\t\t\t\t\t  \t\"endDate\": \"2026-9-16T23-23-59-00\",\n\t\t\t\t\t\t\t  \t\"image\":\"https:\/\/www.blanescostabrava.cat\/wp-content\/uploads\/2026\/08\/nguy-n-hi-p-ufwC2cmbaaI-unsplash-300x167.jpg\",\n\t\t\t\t\t\t\t  \t\"description\":\"DIA: Del 16 al 18 de setembre\r\nLLOC: Biblioteca Roberto Bola\u00f1o (planta baixa)\r\nDESCRIPCI\u00d3: Campanya de donaci\u00f3 de sang, organitzada pel Banc de Sang i Teixits.\",\n\t\t\t\t\t\t\t  \t\n\t\t\t\t\t\t\t }<\/script><\/div>\n\t\t\t\t<p class=\"desc_trig_outter\"><a data-gmap_status=\"null\" data-exlk=\"0\" style=\"border-color: #206177;padding-top: 215px;height: 310px;\" id=\"evc_1789516801242242\" class=\"desc_trig sin_val evcal_list_a\" data-ux_val=\"3\"  ><span class='event-img'><img src='https:\/\/www.blanescostabrava.cat\/wp-content\/uploads\/2026\/08\/nguy-n-hi-p-ufwC2cmbaaI-unsplash-scaled.jpg'><\/span><span class='evcal_cblock ' data-bgcolor='#206177' data-smon='septiembre' data-syr='2026'><span class='evo_start '><em class='date'>16<\/em><em class='month'>sep<\/em><em class='time'>allday<\/em><\/span><em class='clear'><\/em><\/span><span class='evcal_desc evo_info hide_eventtopdata '  data-location_status=\"false\" ><span class='evo_above_title'><\/span><span class='evcal_desc2 evcal_event_title' itemprop='name'>Donaci\u00f3 de Sang<\/span><span class='evo_below_title'><\/span><span class='evcal_desc_info' ><\/span><span class='evcal_desc3'><\/span><\/span><em class='clear'><\/em><\/p><\/a><div class='event_description evcal_eventcard ' style=\"display:none\"><div class='evo_metarow_directimg'><img src='https:\/\/www.blanescostabrava.cat\/wp-content\/uploads\/2026\/08\/nguy-n-hi-p-ufwC2cmbaaI-unsplash-scaled.jpg' \/><\/div><div class='evo_metarow_details evorow evcal_evdata_row bordb evcal_event_details'>\n\t\t\t\t\t\t\t<div class=\"event_excerpt\" style=\"display:none\"><h3 class=\"padb5 evo_h3\">Descripci\u00f3n<\/h3><p>DIA: Del 16 al 18 de setembre\r\nLLOC: Biblioteca Roberto Bola\u00f1o (planta baixa)\r\nDESCRIPCI\u00d3: Campanya de donaci\u00f3 de sang, organitzada pel Banc de Sang i Teixits.<\/p><\/div><span class='evcal_evdata_icons'><i class='fa fa-align-justify'><\/i><\/span>\n\t\t\t\t\t\t\t\n\t\t\t\t\t\t\t<div class='evcal_evdata_cell '><div class='eventon_full_description'>\n\t\t\t\t\t\t\t\t\t<h3 class='padb5 evo_h3'><span class='evcal_evdata_icons'><i class='fa fa-align-justify'><\/i><\/span>Descripci\u00f3n<\/h3><div class='eventon_desc_in' itemprop='description'>\n\t\t\t\t\t\t\t\t\t<p>DIA: Del 16 al 18 de setembre<br \/>\nLLOC: Biblioteca Roberto Bola\u00f1o (planta baixa)<br \/>\nDESCRIPCI\u00d3: Campanya de donaci\u00f3 de sang, organitzada pel Banc de Sang i Teixits.<\/p>\n<\/div><div class='clear'><\/div>\n\t\t\t\t\t\t\t\t<\/div>\n\t\t\t\t\t\t\t<\/div>\n\t\t\t\t\t\t<\/div><div class='evo_metarow_time_location evorow bordb '>\n\t\t\t\t\t\t<div class='tb' >\n\t\t\t\t\t\t\t<div class='tbrow'>\n\t\t\t\t\t\t\t<div class='evcal_col50 bordr'>\n\t\t\t\t\t\t\t\t<div class='evcal_evdata_row evo_time'>\n\t\t\t\t\t\t\t\t\t<span class='evcal_evdata_icons'><i class='fa fa-clock-o'><\/i><\/span>\n\t\t\t\t\t\t\t\t\t<div class='evcal_evdata_cell'>\t\t\t\t\t\t\t\n\t\t\t\t\t\t\t\t\t\t<h3 class='evo_h3'><span class='evcal_evdata_icons'><i class='fa fa-clock-o'><\/i><\/span>Fecha<\/h3>\n\t\t\t\t\t\t\t\t\t\t<p>All Day (Wednesday)<\/p>\n\t\t\t\t\t\t\t\t\t<\/div>\n\t\t\t\t\t\t\t\t<\/div>\n\t\t\t\t\t\t\t<\/div><div class='evcal_col50'>\n\t\t\t\t\t\t\t\t<div class='evcal_evdata_row evo_location'>\n\t\t\t\t\t\t\t\t\t<span class='evcal_evdata_icons'><i class='fa fa-map-marker'><\/i><\/span>\n\t\t\t\t\t\t\t\t\t<div class='evcal_evdata_cell' data-loc_tax_id='2396'>\t\t\t\t\t\t\t\n\t\t\t\t\t\t\t\t\t\t<h3 class='evo_h3'><span class='evcal_evdata_icons'><i class='fa fa-map-marker'><\/i><\/span>Location<\/h3><p class='evo_location_name'>Biblioteca Comarcal<\/p><p class='evo_location_address'><\/p>\n\t\t\t\t\t\t\t\t\t<\/div>\n\t\t\t\t\t\t\t\t<\/div>\n\t\t\t\t\t\t\t<\/div><div class='clear'><\/div>\n\t\t\t\t\t\t\t<\/div><\/div>\n\t\t\t\t\t\t<\/div>\t\t\t\t\t\t<div class='evo_metarow_ICS evorow bordb evcal_evdata_row'>\n\t\t\t\t\t\t\t<span class=\"evcal_evdata_icons\"><i class=\"fa fa-calendar\"><\/i><\/span>\n\t\t\t\t\t\t\t<div class='evcal_evdata_cell'>\n\t\t\t\t\t\t\t\t<p><a href='https:\/\/www.blanescostabrava.cat\/wp-admin\/admin-ajax.php?action=eventon_ics_download&amp;event_id=242242&amp;sunix=20260915T220000Z&amp;eunix=20260916T215900Z&amp;loca=&amp;locn=Biblioteca Comarcal' class='evo_ics_nCal' title='Add to your calendar'>Calendar<\/a><a href='\/\/www.google.com\/calendar\/event?action=TEMPLATE&amp;text=Donaci%C3%B3+de+Sang&amp;dates=20260915T220000Z\/20260916T215900Z&amp;details=DIA%3A+Del+16+al+18+de+setembre%0D%0ALLOC%3A+Biblioteca+Roberto+Bola%C3%B1o+%28planta+baixa%29%0D%0ADESCRIPCI%C3%93%3A+Campanya+de+donaci%C3%B3+de+sang%2C+organitzada+pel+Banc+de+Sang+i+Teixits.&amp;location=Biblioteca+Comarcal - ' target='_blank' class='evo_ics_gCal' title='Add to google calendar'>GoogleCal<\/a><\/p>\t\n\t\t\t\t\t\t\t<\/div>\t\t\t\t\t\t<\/div>\n\t\t\t\t\t\t<\/div><div class='clear end'><\/div><\/div><div id=\"event_242254\" class=\"eventon_list_event evo_eventtop  event hasbgimg\" data-event_id=\"242254\" data-time=\"1789669800-1789689000\" data-colr=\"#206177\" itemscope itemtype='http:\/\/schema.org\/Event' 37><div class=\"evo_boxtop\" style=\"background-image: url(https:\/\/www.blanescostabrava.cat\/wp-content\/uploads\/2026\/08\/783727640_1567602581496273_4527918483383161938_n.png.jpeg); background-color:#206177;height:200px;\"><\/div><div class=\"evo_event_schema\" style=\"display:none\" ><a itemprop='url'  href='https:\/\/www.blanescostabrava.cat\/events\/presentacio-del-llibre-de-poesia-cos-cosmos\/'><\/a><span itemprop='name'  >Presentaci\u00f3 del Llibre de Poesia \"Cos, Cosmos\"<\/span><meta itemprop='image' content='https:\/\/www.blanescostabrava.cat\/wp-content\/uploads\/2026\/08\/783727640_1567602581496273_4527918483383161938_n.png.jpeg' ><\/meta><meta itemprop='description' content='DIA: 17 de setembre\r\nHORA: 18.30 h\r\nLLOC: Casa Saladrigas\r\nDESCRIPCI\u00d3: Presentaci\u00f3 del llibre de poesia \"Cos, cosmos\", de Josep Ballesteros.' ><\/meta><meta itemprop='startDate' content='2026-9-17' ><\/meta><meta itemprop='endDate' content='2026-9-17' ><\/meta><meta itemprop='eventStatus' content='on-schedule' ><\/meta><script type=\"application\/ld+json\">{\t\"@context\": \"http:\/\/schema.org\",\n\t\t\t\t\t\t\t  \t\"@type\": \"Event\",\n\t\t\t\t\t\t\t  \t\"name\": \"Presentaci\u00f3 del Llibre de Poesia \"Cos, Cosmos\"\",\n\t\t\t\t\t\t\t  \t\"startDate\": \"2026-9-17T18-18-30-00\",\n\t\t\t\t\t\t\t  \t\"endDate\": \"2026-9-17T23-23-50-00\",\n\t\t\t\t\t\t\t  \t\"image\":\"https:\/\/www.blanescostabrava.cat\/wp-content\/uploads\/2026\/08\/783727640_1567602581496273_4527918483383161938_n.png-240x300.jpeg\",\n\t\t\t\t\t\t\t  \t\"description\":\"DIA: 17 de setembre\r\nHORA: 18.30 h\r\nLLOC: Casa Saladrigas\r\nDESCRIPCI\u00d3: Presentaci\u00f3 del llibre de poesia Cos, cosmos, de Josep Ballesteros.\",\n\t\t\t\t\t\t\t  \t\n\t\t\t\t\t\t\t }<\/script><\/div>\n\t\t\t\t<p class=\"desc_trig_outter\"><a data-gmap_status=\"null\" data-exlk=\"0\" style=\"border-color: #206177;padding-top: 215px;height: 310px;\" id=\"evc_1789669800242254\" class=\"desc_trig sin_val evcal_list_a\" data-ux_val=\"3\"  ><span class='event-img'><img src='https:\/\/www.blanescostabrava.cat\/wp-content\/uploads\/2026\/08\/783727640_1567602581496273_4527918483383161938_n.png.jpeg'><\/span><span class='evcal_cblock ' data-bgcolor='#206177' data-smon='septiembre' data-syr='2026'><span class='evo_start '><em class='date'>17<\/em><em class='month'>sep<\/em><em class='time'>6:30 pm<\/em><\/span><em class='clear'><\/em><\/span><span class='evcal_desc evo_info hide_eventtopdata '  data-location_status=\"false\" ><span class='evo_above_title'><\/span><span class='evcal_desc2 evcal_event_title' itemprop='name'>Presentaci\u00f3 del Llibre de Poesia \"Cos, Cosmos\"<\/span><span class='evo_below_title'><\/span><span class='evcal_desc_info' ><\/span><span class='evcal_desc3'><\/span><\/span><em class='clear'><\/em><\/p><\/a><div class='event_description evcal_eventcard ' style=\"display:none\"><div class='evo_metarow_directimg'><img src='https:\/\/www.blanescostabrava.cat\/wp-content\/uploads\/2026\/08\/783727640_1567602581496273_4527918483383161938_n.png.jpeg' \/><\/div><div class='evo_metarow_details evorow evcal_evdata_row bordb evcal_event_details'>\n\t\t\t\t\t\t\t<div class=\"event_excerpt\" style=\"display:none\"><h3 class=\"padb5 evo_h3\">Descripci\u00f3n<\/h3><p>DIA: 17 de setembre\r\nHORA: 18.30 h\r\nLLOC: Casa Saladrigas\r\nDESCRIPCI\u00d3: Presentaci\u00f3 del llibre de poesia \"Cos, cosmos\", de Josep Ballesteros.<\/p><\/div><span class='evcal_evdata_icons'><i class='fa fa-align-justify'><\/i><\/span>\n\t\t\t\t\t\t\t\n\t\t\t\t\t\t\t<div class='evcal_evdata_cell '><div class='eventon_full_description'>\n\t\t\t\t\t\t\t\t\t<h3 class='padb5 evo_h3'><span class='evcal_evdata_icons'><i class='fa fa-align-justify'><\/i><\/span>Descripci\u00f3n<\/h3><div class='eventon_desc_in' itemprop='description'>\n\t\t\t\t\t\t\t\t\t<p>DIA: 17 de setembre<br \/>\nHORA: 18.30 h<br \/>\nLLOC: Casa Saladrigas<br \/>\nDESCRIPCI\u00d3: Presentaci\u00f3 del llibre de poesia \u00abCos, cosmos\u00bb, de Josep Ballesteros.<\/p>\n<\/div><div class='clear'><\/div>\n\t\t\t\t\t\t\t\t<\/div>\n\t\t\t\t\t\t\t<\/div>\n\t\t\t\t\t\t<\/div><div class='evo_metarow_time_location evorow bordb '>\n\t\t\t\t\t\t<div class='tb' >\n\t\t\t\t\t\t\t<div class='tbrow'>\n\t\t\t\t\t\t\t<div class='evcal_col50 bordr'>\n\t\t\t\t\t\t\t\t<div class='evcal_evdata_row evo_time'>\n\t\t\t\t\t\t\t\t\t<span class='evcal_evdata_icons'><i class='fa fa-clock-o'><\/i><\/span>\n\t\t\t\t\t\t\t\t\t<div class='evcal_evdata_cell'>\t\t\t\t\t\t\t\n\t\t\t\t\t\t\t\t\t\t<h3 class='evo_h3'><span class='evcal_evdata_icons'><i class='fa fa-clock-o'><\/i><\/span>Fecha<\/h3>\n\t\t\t\t\t\t\t\t\t\t<p>(Thursday) 6:30 pm<\/p>\n\t\t\t\t\t\t\t\t\t<\/div>\n\t\t\t\t\t\t\t\t<\/div>\n\t\t\t\t\t\t\t<\/div><div class='evcal_col50'>\n\t\t\t\t\t\t\t\t<div class='evcal_evdata_row evo_location'>\n\t\t\t\t\t\t\t\t\t<span class='evcal_evdata_icons'><i class='fa fa-map-marker'><\/i><\/span>\n\t\t\t\t\t\t\t\t\t<div class='evcal_evdata_cell' data-loc_tax_id='2425'>\t\t\t\t\t\t\t\n\t\t\t\t\t\t\t\t\t\t<h3 class='evo_h3'><span class='evcal_evdata_icons'><i class='fa fa-map-marker'><\/i><\/span>Location<\/h3><p class='evo_location_name'>Casa Saladrigas<\/p><p class='evo_location_address'><\/p>\n\t\t\t\t\t\t\t\t\t<\/div>\n\t\t\t\t\t\t\t\t<\/div>\n\t\t\t\t\t\t\t<\/div><div class='clear'><\/div>\n\t\t\t\t\t\t\t<\/div><\/div>\n\t\t\t\t\t\t<\/div>\t\t\t\t\t\t<div class='evo_metarow_ICS evorow bordb evcal_evdata_row'>\n\t\t\t\t\t\t\t<span class=\"evcal_evdata_icons\"><i class=\"fa fa-calendar\"><\/i><\/span>\n\t\t\t\t\t\t\t<div class='evcal_evdata_cell'>\n\t\t\t\t\t\t\t\t<p><a href='https:\/\/www.blanescostabrava.cat\/wp-admin\/admin-ajax.php?action=eventon_ics_download&amp;event_id=242254&amp;sunix=20260917T163000Z&amp;eunix=20260917T215000Z&amp;loca=&amp;locn=Casa Saladrigas' class='evo_ics_nCal' title='Add to your calendar'>Calendar<\/a><a href='\/\/www.google.com\/calendar\/event?action=TEMPLATE&amp;text=Presentaci%C3%B3+del+Llibre+de+Poesia+%22Cos%2C+Cosmos%22&amp;dates=20260917T163000Z\/20260917T215000Z&amp;details=DIA%3A+17+de+setembre%0D%0AHORA%3A+18.30+h%0D%0ALLOC%3A+Casa+Saladrigas%0D%0ADESCRIPCI%C3%93%3A+Presentaci%C3%B3+del+llibre+de+poesia+%22Cos%2C+cosmos%22%2C+de+Josep+Ballesteros.&amp;location=Casa+Saladrigas - ' target='_blank' class='evo_ics_gCal' title='Add to google calendar'>GoogleCal<\/a><\/p>\t\n\t\t\t\t\t\t\t<\/div>\t\t\t\t\t\t<\/div>\n\t\t\t\t\t\t<\/div><div class='clear end'><\/div><\/div><div id=\"event_242266\" class=\"eventon_list_event evo_eventtop  event hasbgimg\" data-event_id=\"242266\" data-time=\"1789675200-1789689000\" data-colr=\"#206177\" itemscope itemtype='http:\/\/schema.org\/Event' 38><div class=\"evo_boxtop\" style=\"background-image: url(https:\/\/www.blanescostabrava.cat\/wp-content\/uploads\/2018\/07\/cinema-barris.jpg); background-color:#206177;height:200px;\"><\/div><div class=\"evo_event_schema\" style=\"display:none\" ><a itemprop='url'  href='https:\/\/www.blanescostabrava.cat\/events\/cinema-tres-adioses\/'><\/a><span itemprop='name'  >Cinema: \"Tres Adioses\"<\/span><meta itemprop='image' content='https:\/\/www.blanescostabrava.cat\/wp-content\/uploads\/2018\/07\/cinema-barris.jpg' ><\/meta><meta itemprop='description' content='DIA: 17 de setembre\r\nHORA: 20.00 h\r\nLLOC: Teatre de Blanes\r\nDESCRIPCI\u00d3: Projecci\u00f3 dins el Cicle Cinema Gaud\u00ed.' ><\/meta><meta itemprop='startDate' content='2026-9-17' ><\/meta><meta itemprop='endDate' content='2026-9-17' ><\/meta><meta itemprop='eventStatus' content='on-schedule' ><\/meta><script type=\"application\/ld+json\">{\t\"@context\": \"http:\/\/schema.org\",\n\t\t\t\t\t\t\t  \t\"@type\": \"Event\",\n\t\t\t\t\t\t\t  \t\"name\": \"Cinema: \"Tres Adioses\"\",\n\t\t\t\t\t\t\t  \t\"startDate\": \"2026-9-17T20-20-00-00\",\n\t\t\t\t\t\t\t  \t\"endDate\": \"2026-9-17T23-23-50-00\",\n\t\t\t\t\t\t\t  \t\"image\":\"https:\/\/www.blanescostabrava.cat\/wp-content\/uploads\/2018\/07\/cinema-barris-300x166.jpg\",\n\t\t\t\t\t\t\t  \t\"description\":\"DIA: 17 de setembre\r\nHORA: 20.00 h\r\nLLOC: Teatre de Blanes\r\nDESCRIPCI\u00d3: Projecci\u00f3 dins el Cicle Cinema Gaud\u00ed.\",\n\t\t\t\t\t\t\t  \t\n\t\t\t\t\t\t\t }<\/script><\/div>\n\t\t\t\t<p class=\"desc_trig_outter\"><a data-gmap_status=\"null\" data-exlk=\"0\" style=\"border-color: #206177;padding-top: 215px;height: 310px;\" id=\"evc_1789675200242266\" class=\"desc_trig sin_val evcal_list_a\" data-ux_val=\"3\"  ><span class='event-img'><img src='https:\/\/www.blanescostabrava.cat\/wp-content\/uploads\/2018\/07\/cinema-barris.jpg'><\/span><span class='evcal_cblock ' data-bgcolor='#206177' data-smon='septiembre' data-syr='2026'><span class='evo_start '><em class='date'>17<\/em><em class='month'>sep<\/em><em class='time'>8:00 pm<\/em><\/span><em class='clear'><\/em><\/span><span class='evcal_desc evo_info hide_eventtopdata '  data-location_status=\"false\" ><span class='evo_above_title'><\/span><span class='evcal_desc2 evcal_event_title' itemprop='name'>Cinema: \"Tres Adioses\"<\/span><span class='evo_below_title'><\/span><span class='evcal_desc_info' ><\/span><span class='evcal_desc3'><\/span><\/span><em class='clear'><\/em><\/p><\/a><div class='event_description evcal_eventcard ' style=\"display:none\"><div class='evo_metarow_directimg'><img src='https:\/\/www.blanescostabrava.cat\/wp-content\/uploads\/2018\/07\/cinema-barris.jpg' alt=\"cinema barris\"\/><\/div><div class='evo_metarow_details evorow evcal_evdata_row bordb evcal_event_details'>\n\t\t\t\t\t\t\t<div class=\"event_excerpt\" style=\"display:none\"><h3 class=\"padb5 evo_h3\">Descripci\u00f3n<\/h3><p>DIA: 17 de setembre\r\nHORA: 20.00 h\r\nLLOC: Teatre de Blanes\r\nDESCRIPCI\u00d3: Projecci\u00f3 dins el Cicle Cinema Gaud\u00ed.<\/p><\/div><span class='evcal_evdata_icons'><i class='fa fa-align-justify'><\/i><\/span>\n\t\t\t\t\t\t\t\n\t\t\t\t\t\t\t<div class='evcal_evdata_cell '><div class='eventon_full_description'>\n\t\t\t\t\t\t\t\t\t<h3 class='padb5 evo_h3'><span class='evcal_evdata_icons'><i class='fa fa-align-justify'><\/i><\/span>Descripci\u00f3n<\/h3><div class='eventon_desc_in' itemprop='description'>\n\t\t\t\t\t\t\t\t\t<p>DIA: 17 de setembre<br \/>\nHORA: 20.00 h<br \/>\nLLOC: Teatre de Blanes<br \/>\nDESCRIPCI\u00d3: Projecci\u00f3 dins el Cicle Cinema Gaud\u00ed.<\/p>\n<\/div><div class='clear'><\/div>\n\t\t\t\t\t\t\t\t<\/div>\n\t\t\t\t\t\t\t<\/div>\n\t\t\t\t\t\t<\/div><div class='evo_metarow_time_location evorow bordb '>\n\t\t\t\t\t\t<div class='tb' >\n\t\t\t\t\t\t\t<div class='tbrow'>\n\t\t\t\t\t\t\t<div class='evcal_col50 bordr'>\n\t\t\t\t\t\t\t\t<div class='evcal_evdata_row evo_time'>\n\t\t\t\t\t\t\t\t\t<span class='evcal_evdata_icons'><i class='fa fa-clock-o'><\/i><\/span>\n\t\t\t\t\t\t\t\t\t<div class='evcal_evdata_cell'>\t\t\t\t\t\t\t\n\t\t\t\t\t\t\t\t\t\t<h3 class='evo_h3'><span class='evcal_evdata_icons'><i class='fa fa-clock-o'><\/i><\/span>Fecha<\/h3>\n\t\t\t\t\t\t\t\t\t\t<p>(Thursday) 8:00 pm<\/p>\n\t\t\t\t\t\t\t\t\t<\/div>\n\t\t\t\t\t\t\t\t<\/div>\n\t\t\t\t\t\t\t<\/div><div class='evcal_col50'>\n\t\t\t\t\t\t\t\t<div class='evcal_evdata_row evo_location'>\n\t\t\t\t\t\t\t\t\t<span class='evcal_evdata_icons'><i class='fa fa-map-marker'><\/i><\/span>\n\t\t\t\t\t\t\t\t\t<div class='evcal_evdata_cell' data-loc_tax_id='2217'>\t\t\t\t\t\t\t\n\t\t\t\t\t\t\t\t\t\t<h3 class='evo_h3'><span class='evcal_evdata_icons'><i class='fa fa-map-marker'><\/i><\/span>Location<\/h3><p class='evo_location_name'>Teatre de Blanes<\/p><p class='evo_location_address'><\/p>\n\t\t\t\t\t\t\t\t\t<\/div>\n\t\t\t\t\t\t\t\t<\/div>\n\t\t\t\t\t\t\t<\/div><div class='clear'><\/div>\n\t\t\t\t\t\t\t<\/div><\/div>\n\t\t\t\t\t\t<\/div>\t\t\t\t\t\t<div class='evo_metarow_ICS evorow bordb evcal_evdata_row'>\n\t\t\t\t\t\t\t<span class=\"evcal_evdata_icons\"><i class=\"fa fa-calendar\"><\/i><\/span>\n\t\t\t\t\t\t\t<div class='evcal_evdata_cell'>\n\t\t\t\t\t\t\t\t<p><a href='https:\/\/www.blanescostabrava.cat\/wp-admin\/admin-ajax.php?action=eventon_ics_download&amp;event_id=242266&amp;sunix=20260917T180000Z&amp;eunix=20260917T215000Z&amp;loca=&amp;locn=Teatre de Blanes' class='evo_ics_nCal' title='Add to your calendar'>Calendar<\/a><a href='\/\/www.google.com\/calendar\/event?action=TEMPLATE&amp;text=Cinema%3A+%22Tres+Adioses%22&amp;dates=20260917T180000Z\/20260917T215000Z&amp;details=DIA%3A+17+de+setembre%0D%0AHORA%3A+20.00+h%0D%0ALLOC%3A+Teatre+de+Blanes%0D%0ADESCRIPCI%C3%93%3A+Projecci%C3%B3+dins+el+Cicle+Cinema+Gaud%C3%AD.&amp;location=Teatre+de+Blanes - ' target='_blank' class='evo_ics_gCal' title='Add to google calendar'>GoogleCal<\/a><\/p>\t\n\t\t\t\t\t\t\t<\/div>\t\t\t\t\t\t<\/div>\n\t\t\t\t\t\t<\/div><div class='clear end'><\/div><\/div><div id=\"event_242278\" class=\"eventon_list_event evo_eventtop  event hasbgimg\" data-event_id=\"242278\" data-time=\"1789689601-1789775999\" data-colr=\"#206177\" itemscope itemtype='http:\/\/schema.org\/Event' 39><div class=\"evo_boxtop\" style=\"background-image: url(https:\/\/www.blanescostabrava.cat\/wp-content\/uploads\/2025\/07\/BLANDAE-CIUTAT-ROMANA-cartell-1.jpg); background-color:#206177;height:200px;\"><\/div><div class=\"evo_event_schema\" style=\"display:none\" ><a itemprop='url'  href='https:\/\/www.blanescostabrava.cat\/events\/blandae\/'><\/a><span itemprop='name'  >Blandae<\/span><meta itemprop='image' content='https:\/\/www.blanescostabrava.cat\/wp-content\/uploads\/2025\/07\/BLANDAE-CIUTAT-ROMANA-cartell-1.jpg' ><\/meta><meta itemprop='description' content='DIA: Del 18 al 20 de setembre\r\nDESCRIPCI\u00d3: Festival Blandae. Vegeu programa a part.' ><\/meta><meta itemprop='startDate' content='2026-9-18' ><\/meta><meta itemprop='endDate' content='2026-9-18' ><\/meta><meta itemprop='eventStatus' content='on-schedule' ><\/meta><script type=\"application\/ld+json\">{\t\"@context\": \"http:\/\/schema.org\",\n\t\t\t\t\t\t\t  \t\"@type\": \"Event\",\n\t\t\t\t\t\t\t  \t\"name\": \"Blandae\",\n\t\t\t\t\t\t\t  \t\"startDate\": \"2026-9-18T00-00-00-00\",\n\t\t\t\t\t\t\t  \t\"endDate\": \"2026-9-18T23-23-59-00\",\n\t\t\t\t\t\t\t  \t\"image\":\"https:\/\/www.blanescostabrava.cat\/wp-content\/uploads\/2025\/07\/BLANDAE-CIUTAT-ROMANA-cartell-1-300x195.jpg\",\n\t\t\t\t\t\t\t  \t\"description\":\"DIA: Del 18 al 20 de setembre\r\nDESCRIPCI\u00d3: Festival Blandae. Vegeu programa a part.\",\n\t\t\t\t\t\t\t  \t\n\t\t\t\t\t\t\t }<\/script><\/div>\n\t\t\t\t<p class=\"desc_trig_outter\"><a data-gmap_status=\"null\" data-exlk=\"0\" style=\"border-color: #206177;padding-top: 215px;height: 310px;\" id=\"evc_1789689601242278\" class=\"desc_trig sin_val evcal_list_a\" data-ux_val=\"3\"  ><span class='event-img'><img src='https:\/\/www.blanescostabrava.cat\/wp-content\/uploads\/2025\/07\/BLANDAE-CIUTAT-ROMANA-cartell-1.jpg'><\/span><span class='evcal_cblock ' data-bgcolor='#206177' data-smon='septiembre' data-syr='2026'><span class='evo_start '><em class='date'>18<\/em><em class='month'>sep<\/em><em class='time'>allday<\/em><\/span><em class='clear'><\/em><\/span><span class='evcal_desc evo_info hide_eventtopdata '  data-location_status=\"false\" ><span class='evo_above_title'><\/span><span class='evcal_desc2 evcal_event_title' itemprop='name'>Blandae<\/span><span class='evo_below_title'><\/span><span class='evcal_desc_info' ><\/span><span class='evcal_desc3'><\/span><\/span><em class='clear'><\/em><\/p><\/a><div class='event_description evcal_eventcard ' style=\"display:none\"><div class='evo_metarow_directimg'><img src='https:\/\/www.blanescostabrava.cat\/wp-content\/uploads\/2025\/07\/BLANDAE-CIUTAT-ROMANA-cartell-1.jpg' \/><\/div><div class='evo_metarow_details evorow evcal_evdata_row bordb evcal_event_details'>\n\t\t\t\t\t\t\t<div class=\"event_excerpt\" style=\"display:none\"><h3 class=\"padb5 evo_h3\">Descripci\u00f3n<\/h3><p>DIA: Del 18 al 20 de setembre\r\nDESCRIPCI\u00d3: Festival Blandae. Vegeu programa a part.<\/p><\/div><span class='evcal_evdata_icons'><i class='fa fa-align-justify'><\/i><\/span>\n\t\t\t\t\t\t\t\n\t\t\t\t\t\t\t<div class='evcal_evdata_cell '><div class='eventon_full_description'>\n\t\t\t\t\t\t\t\t\t<h3 class='padb5 evo_h3'><span class='evcal_evdata_icons'><i class='fa fa-align-justify'><\/i><\/span>Descripci\u00f3n<\/h3><div class='eventon_desc_in' itemprop='description'>\n\t\t\t\t\t\t\t\t\t<p>DIA: Del 18 al 20 de setembre<br \/>\nDESCRIPCI\u00d3: Festival Blandae. Vegeu programa a part.<\/p>\n<\/div><div class='clear'><\/div>\n\t\t\t\t\t\t\t\t<\/div>\n\t\t\t\t\t\t\t<\/div>\n\t\t\t\t\t\t<\/div><div class='evo_metarow_time evorow evcal_evdata_row bordb evcal_evrow_sm '>\n\t\t\t\t\t\t\t<span class='evcal_evdata_icons'><i class='fa fa-clock-o'><\/i><\/span>\n\t\t\t\t\t\t\t<div class='evcal_evdata_cell'>\t\t\t\t\t\t\t\n\t\t\t\t\t\t\t\t<h3 class='evo_h3'><span class='evcal_evdata_icons'><i class='fa fa-clock-o'><\/i><\/span>Fecha<\/h3><p>All Day (Friday)<\/p>\n\t\t\t\t\t\t\t<\/div>\n\t\t\t\t\t\t<\/div>\t\t\t\t\t\t<div class='evo_metarow_ICS evorow bordb evcal_evdata_row'>\n\t\t\t\t\t\t\t<span class=\"evcal_evdata_icons\"><i class=\"fa fa-calendar\"><\/i><\/span>\n\t\t\t\t\t\t\t<div class='evcal_evdata_cell'>\n\t\t\t\t\t\t\t\t<p><a href='https:\/\/www.blanescostabrava.cat\/wp-admin\/admin-ajax.php?action=eventon_ics_download&amp;event_id=242278&amp;sunix=20260917T220000Z&amp;eunix=20260918T215900Z&amp;loca=&amp;locn=' class='evo_ics_nCal' title='Add to your calendar'>Calendar<\/a><a href='\/\/www.google.com\/calendar\/event?action=TEMPLATE&amp;text=Blandae&amp;dates=20260917T220000Z\/20260918T215900Z&amp;details=DIA%3A+Del+18+al+20+de+setembre%0D%0ADESCRIPCI%C3%93%3A+Festival+Blandae.+Vegeu+programa+a+part.&amp;location= - ' target='_blank' class='evo_ics_gCal' title='Add to google calendar'>GoogleCal<\/a><\/p>\t\n\t\t\t\t\t\t\t<\/div>\t\t\t\t\t\t<\/div>\n\t\t\t\t\t\t<\/div><div class='clear end'><\/div><\/div><div id=\"event_242290\" class=\"eventon_list_event evo_eventtop  event hasbgimg\" data-event_id=\"242290\" data-time=\"1789689601-1789775999\" data-colr=\"#206177\" itemscope itemtype='http:\/\/schema.org\/Event' 40><div class=\"evo_boxtop\" style=\"background-image: url(https:\/\/www.blanescostabrava.cat\/wp-content\/uploads\/2023\/10\/sala-saladrigas-blanes.jpg-2.jpg); background-color:#206177;height:200px;\"><\/div><div class=\"evo_event_schema\" style=\"display:none\" ><a itemprop='url'  href='https:\/\/www.blanescostabrava.cat\/events\/3-maneres-dentendre-lart-rovira-gil-blay\/'><\/a><span itemprop='name'  >\"3 Maneres d'Entendre l'Art\" - Rovira, Gil, Blay<\/span><meta itemprop='image' content='https:\/\/www.blanescostabrava.cat\/wp-content\/uploads\/2023\/10\/sala-saladrigas-blanes.jpg-2.jpg' ><\/meta><meta itemprop='description' content='DIA: Del 18 al 27 de setembre\r\nLLOC: Sala Ma Luisa Garc\u00eda-Tornel\r\nDESCRIPCI\u00d3: Exposici\u00f3 col\u00b7lectiva d'Anna Rovira, Helena Gil i Ramon Blay.' ><\/meta><meta itemprop='startDate' content='2026-9-18' ><\/meta><meta itemprop='endDate' content='2026-9-18' ><\/meta><meta itemprop='eventStatus' content='on-schedule' ><\/meta><script type=\"application\/ld+json\">{\t\"@context\": \"http:\/\/schema.org\",\n\t\t\t\t\t\t\t  \t\"@type\": \"Event\",\n\t\t\t\t\t\t\t  \t\"name\": \"\"3 Maneres d'Entendre l'Art\" - Rovira, Gil, Blay\",\n\t\t\t\t\t\t\t  \t\"startDate\": \"2026-9-18T00-00-00-00\",\n\t\t\t\t\t\t\t  \t\"endDate\": \"2026-9-18T23-23-59-00\",\n\t\t\t\t\t\t\t  \t\"image\":\"https:\/\/www.blanescostabrava.cat\/wp-content\/uploads\/2023\/10\/sala-saladrigas-blanes.jpg-2-300x200.jpg\",\n\t\t\t\t\t\t\t  \t\"description\":\"DIA: Del 18 al 27 de setembre\r\nLLOC: Sala Ma Luisa Garc\u00eda-Tornel\r\nDESCRIPCI\u00d3: Exposici\u00f3 col\u00b7lectiva d'Anna Rovira, Helena Gil i Ramon Blay.\",\n\t\t\t\t\t\t\t  \t\n\t\t\t\t\t\t\t }<\/script><\/div>\n\t\t\t\t<p class=\"desc_trig_outter\"><a data-gmap_status=\"null\" data-exlk=\"0\" style=\"border-color: #206177;padding-top: 215px;height: 310px;\" id=\"evc_1789689601242290\" class=\"desc_trig sin_val evcal_list_a\" data-ux_val=\"3\"  ><span class='event-img'><img src='https:\/\/www.blanescostabrava.cat\/wp-content\/uploads\/2023\/10\/sala-saladrigas-blanes.jpg-2.jpg'><\/span><span class='evcal_cblock ' data-bgcolor='#206177' data-smon='septiembre' data-syr='2026'><span class='evo_start '><em class='date'>18<\/em><em class='month'>sep<\/em><em class='time'>allday<\/em><\/span><em class='clear'><\/em><\/span><span class='evcal_desc evo_info hide_eventtopdata '  data-location_status=\"false\" ><span class='evo_above_title'><\/span><span class='evcal_desc2 evcal_event_title' itemprop='name'>\"3 Maneres d'Entendre l'Art\" - Rovira, Gil, Blay<\/span><span class='evo_below_title'><\/span><span class='evcal_desc_info' ><\/span><span class='evcal_desc3'><\/span><\/span><em class='clear'><\/em><\/p><\/a><div class='event_description evcal_eventcard ' style=\"display:none\"><div class='evo_metarow_directimg'><img src='https:\/\/www.blanescostabrava.cat\/wp-content\/uploads\/2023\/10\/sala-saladrigas-blanes.jpg-2.jpg' \/><\/div><div class='evo_metarow_details evorow evcal_evdata_row bordb evcal_event_details'>\n\t\t\t\t\t\t\t<div class=\"event_excerpt\" style=\"display:none\"><h3 class=\"padb5 evo_h3\">Descripci\u00f3n<\/h3><p>DIA: Del 18 al 27 de setembre\r\nLLOC: Sala Ma Luisa Garc\u00eda-Tornel\r\nDESCRIPCI\u00d3: Exposici\u00f3 col\u00b7lectiva d'Anna Rovira, Helena Gil i Ramon Blay.<\/p><\/div><span class='evcal_evdata_icons'><i class='fa fa-align-justify'><\/i><\/span>\n\t\t\t\t\t\t\t\n\t\t\t\t\t\t\t<div class='evcal_evdata_cell '><div class='eventon_full_description'>\n\t\t\t\t\t\t\t\t\t<h3 class='padb5 evo_h3'><span class='evcal_evdata_icons'><i class='fa fa-align-justify'><\/i><\/span>Descripci\u00f3n<\/h3><div class='eventon_desc_in' itemprop='description'>\n\t\t\t\t\t\t\t\t\t<p>DIA: Del 18 al 27 de setembre<br \/>\nLLOC: Sala Ma Luisa Garc\u00eda-Tornel<br \/>\nDESCRIPCI\u00d3: Exposici\u00f3 col\u00b7lectiva d&#8217;Anna Rovira, Helena Gil i Ramon Blay.<\/p>\n<\/div><div class='clear'><\/div>\n\t\t\t\t\t\t\t\t<\/div>\n\t\t\t\t\t\t\t<\/div>\n\t\t\t\t\t\t<\/div><div class='evo_metarow_time_location evorow bordb '>\n\t\t\t\t\t\t<div class='tb' >\n\t\t\t\t\t\t\t<div class='tbrow'>\n\t\t\t\t\t\t\t<div class='evcal_col50 bordr'>\n\t\t\t\t\t\t\t\t<div class='evcal_evdata_row evo_time'>\n\t\t\t\t\t\t\t\t\t<span class='evcal_evdata_icons'><i class='fa fa-clock-o'><\/i><\/span>\n\t\t\t\t\t\t\t\t\t<div class='evcal_evdata_cell'>\t\t\t\t\t\t\t\n\t\t\t\t\t\t\t\t\t\t<h3 class='evo_h3'><span class='evcal_evdata_icons'><i class='fa fa-clock-o'><\/i><\/span>Fecha<\/h3>\n\t\t\t\t\t\t\t\t\t\t<p>All Day (Friday)<\/p>\n\t\t\t\t\t\t\t\t\t<\/div>\n\t\t\t\t\t\t\t\t<\/div>\n\t\t\t\t\t\t\t<\/div><div class='evcal_col50'>\n\t\t\t\t\t\t\t\t<div class='evcal_evdata_row evo_location'>\n\t\t\t\t\t\t\t\t\t<span class='evcal_evdata_icons'><i class='fa fa-map-marker'><\/i><\/span>\n\t\t\t\t\t\t\t\t\t<div class='evcal_evdata_cell' data-loc_tax_id='5845'>\t\t\t\t\t\t\t\n\t\t\t\t\t\t\t\t\t\t<h3 class='evo_h3'><span class='evcal_evdata_icons'><i class='fa fa-map-marker'><\/i><\/span>Location<\/h3><p class='evo_location_name'>Sala Municipal d&#039;exposicions Maria Luisa Garc\u00eda Tornel<\/p><p class='evo_location_address'><\/p>\n\t\t\t\t\t\t\t\t\t<\/div>\n\t\t\t\t\t\t\t\t<\/div>\n\t\t\t\t\t\t\t<\/div><div class='clear'><\/div>\n\t\t\t\t\t\t\t<\/div><\/div>\n\t\t\t\t\t\t<\/div>\t\t\t\t\t\t<div class='evo_metarow_ICS evorow bordb evcal_evdata_row'>\n\t\t\t\t\t\t\t<span class=\"evcal_evdata_icons\"><i class=\"fa fa-calendar\"><\/i><\/span>\n\t\t\t\t\t\t\t<div class='evcal_evdata_cell'>\n\t\t\t\t\t\t\t\t<p><a href='https:\/\/www.blanescostabrava.cat\/wp-admin\/admin-ajax.php?action=eventon_ics_download&amp;event_id=242290&amp;sunix=20260917T220000Z&amp;eunix=20260918T215900Z&amp;loca=&amp;locn=Sala Municipal d&#039;exposicions Maria Luisa Garc\u00eda Tornel' class='evo_ics_nCal' title='Add to your calendar'>Calendar<\/a><a href='\/\/www.google.com\/calendar\/event?action=TEMPLATE&amp;text=%223+Maneres+d%27Entendre+l%27Art%22+-+Rovira%2C+Gil%2C+Blay&amp;dates=20260917T220000Z\/20260918T215900Z&amp;details=DIA%3A+Del+18+al+27+de+setembre%0D%0ALLOC%3A+Sala+Ma+Luisa+Garc%C3%ADa-Tornel%0D%0ADESCRIPCI%C3%93%3A+Exposici%C3%B3+col%C2%B7lectiva+d%27Anna+Rovira%2C+Helena+Gil+i+Ramon+Blay.&amp;location=Sala+Municipal+d%26%23039%3Bexposicions+Maria+Luisa+Garc%C3%ADa+Tornel - ' target='_blank' class='evo_ics_gCal' title='Add to google calendar'>GoogleCal<\/a><\/p>\t\n\t\t\t\t\t\t\t<\/div>\t\t\t\t\t\t<\/div>\n\t\t\t\t\t\t<\/div><div class='clear end'><\/div><\/div><div id=\"event_242302\" class=\"eventon_list_event evo_eventtop  event hasbgimg\" data-event_id=\"242302\" data-time=\"1789776001-1789862399\" data-colr=\"#206177\" itemscope itemtype='http:\/\/schema.org\/Event' 41><div class=\"evo_boxtop\" style=\"background-image: url(https:\/\/www.blanescostabrava.cat\/wp-content\/uploads\/2018\/03\/VELA-10.jpeg); background-color:#206177;height:200px;\"><\/div><div class=\"evo_event_schema\" style=\"display:none\" ><a itemprop='url'  href='https:\/\/www.blanescostabrava.cat\/events\/xi-edicio-regata-blanes-medes-blanes\/'><\/a><span itemprop='name'  >XI Edici\u00f3 Regata Blanes-Medes Blanes<\/span><meta itemprop='image' content='https:\/\/www.blanescostabrava.cat\/wp-content\/uploads\/2018\/03\/VELA-10.jpeg' ><\/meta><meta itemprop='description' content='DIA: 19 i 20 de setembre\r\nLLOC: Club Vela Blanes\r\nDESCRIPCI\u00d3: XI edici\u00f3 de la regata Blanes-Medes Blanes.' ><\/meta><meta itemprop='startDate' content='2026-9-19' ><\/meta><meta itemprop='endDate' content='2026-9-19' ><\/meta><meta itemprop='eventStatus' content='on-schedule' ><\/meta><script type=\"application\/ld+json\">{\t\"@context\": \"http:\/\/schema.org\",\n\t\t\t\t\t\t\t  \t\"@type\": \"Event\",\n\t\t\t\t\t\t\t  \t\"name\": \"XI Edici\u00f3 Regata Blanes-Medes Blanes\",\n\t\t\t\t\t\t\t  \t\"startDate\": \"2026-9-19T00-00-00-00\",\n\t\t\t\t\t\t\t  \t\"endDate\": \"2026-9-19T23-23-59-00\",\n\t\t\t\t\t\t\t  \t\"image\":\"https:\/\/www.blanescostabrava.cat\/wp-content\/uploads\/2018\/03\/VELA-10-300x181.jpeg\",\n\t\t\t\t\t\t\t  \t\"description\":\"DIA: 19 i 20 de setembre\r\nLLOC: Club Vela Blanes\r\nDESCRIPCI\u00d3: XI edici\u00f3 de la regata Blanes-Medes Blanes.\",\n\t\t\t\t\t\t\t  \t\n\t\t\t\t\t\t\t }<\/script><\/div>\n\t\t\t\t<p class=\"desc_trig_outter\"><a data-gmap_status=\"null\" data-exlk=\"0\" style=\"border-color: #206177;padding-top: 215px;height: 310px;\" id=\"evc_1789776001242302\" class=\"desc_trig sin_val evcal_list_a\" data-ux_val=\"3\"  ><span class='event-img'><img src='https:\/\/www.blanescostabrava.cat\/wp-content\/uploads\/2018\/03\/VELA-10.jpeg'><\/span><span class='evcal_cblock ' data-bgcolor='#206177' data-smon='septiembre' data-syr='2026'><span class='evo_start '><em class='date'>19<\/em><em class='month'>sep<\/em><em class='time'>allday<\/em><\/span><em class='clear'><\/em><\/span><span class='evcal_desc evo_info hide_eventtopdata '  data-location_status=\"false\" ><span class='evo_above_title'><\/span><span class='evcal_desc2 evcal_event_title' itemprop='name'>XI Edici\u00f3 Regata Blanes-Medes Blanes<\/span><span class='evo_below_title'><\/span><span class='evcal_desc_info' ><\/span><span class='evcal_desc3'><\/span><\/span><em class='clear'><\/em><\/p><\/a><div class='event_description evcal_eventcard ' style=\"display:none\"><div class='evo_metarow_directimg'><img src='https:\/\/www.blanescostabrava.cat\/wp-content\/uploads\/2018\/03\/VELA-10.jpeg' \/><\/div><div class='evo_metarow_details evorow evcal_evdata_row bordb evcal_event_details'>\n\t\t\t\t\t\t\t<div class=\"event_excerpt\" style=\"display:none\"><h3 class=\"padb5 evo_h3\">Descripci\u00f3n<\/h3><p>DIA: 19 i 20 de setembre\r\nLLOC: Club Vela Blanes\r\nDESCRIPCI\u00d3: XI edici\u00f3 de la regata Blanes-Medes Blanes.<\/p><\/div><span class='evcal_evdata_icons'><i class='fa fa-align-justify'><\/i><\/span>\n\t\t\t\t\t\t\t\n\t\t\t\t\t\t\t<div class='evcal_evdata_cell '><div class='eventon_full_description'>\n\t\t\t\t\t\t\t\t\t<h3 class='padb5 evo_h3'><span class='evcal_evdata_icons'><i class='fa fa-align-justify'><\/i><\/span>Descripci\u00f3n<\/h3><div class='eventon_desc_in' itemprop='description'>\n\t\t\t\t\t\t\t\t\t<p>DIA: 19 i 20 de setembre<br \/>\nLLOC: Club Vela Blanes<br \/>\nDESCRIPCI\u00d3: XI edici\u00f3 de la regata Blanes-Medes Blanes.<\/p>\n<\/div><div class='clear'><\/div>\n\t\t\t\t\t\t\t\t<\/div>\n\t\t\t\t\t\t\t<\/div>\n\t\t\t\t\t\t<\/div><div class='evo_metarow_time_location evorow bordb '>\n\t\t\t\t\t\t<div class='tb' >\n\t\t\t\t\t\t\t<div class='tbrow'>\n\t\t\t\t\t\t\t<div class='evcal_col50 bordr'>\n\t\t\t\t\t\t\t\t<div class='evcal_evdata_row evo_time'>\n\t\t\t\t\t\t\t\t\t<span class='evcal_evdata_icons'><i class='fa fa-clock-o'><\/i><\/span>\n\t\t\t\t\t\t\t\t\t<div class='evcal_evdata_cell'>\t\t\t\t\t\t\t\n\t\t\t\t\t\t\t\t\t\t<h3 class='evo_h3'><span class='evcal_evdata_icons'><i class='fa fa-clock-o'><\/i><\/span>Fecha<\/h3>\n\t\t\t\t\t\t\t\t\t\t<p>All Day (Saturday)<\/p>\n\t\t\t\t\t\t\t\t\t<\/div>\n\t\t\t\t\t\t\t\t<\/div>\n\t\t\t\t\t\t\t<\/div><div class='evcal_col50'>\n\t\t\t\t\t\t\t\t<div class='evcal_evdata_row evo_location'>\n\t\t\t\t\t\t\t\t\t<span class='evcal_evdata_icons'><i class='fa fa-map-marker'><\/i><\/span>\n\t\t\t\t\t\t\t\t\t<div class='evcal_evdata_cell' data-loc_tax_id='6493'>\t\t\t\t\t\t\t\n\t\t\t\t\t\t\t\t\t\t<h3 class='evo_h3'><span class='evcal_evdata_icons'><i class='fa fa-map-marker'><\/i><\/span>Location<\/h3><p class='evo_location_name'>club de vela Blanes<\/p><p class='evo_location_address'><\/p>\n\t\t\t\t\t\t\t\t\t<\/div>\n\t\t\t\t\t\t\t\t<\/div>\n\t\t\t\t\t\t\t<\/div><div class='clear'><\/div>\n\t\t\t\t\t\t\t<\/div><\/div>\n\t\t\t\t\t\t<\/div>\t\t\t\t\t\t<div class='evo_metarow_ICS evorow bordb evcal_evdata_row'>\n\t\t\t\t\t\t\t<span class=\"evcal_evdata_icons\"><i class=\"fa fa-calendar\"><\/i><\/span>\n\t\t\t\t\t\t\t<div class='evcal_evdata_cell'>\n\t\t\t\t\t\t\t\t<p><a href='https:\/\/www.blanescostabrava.cat\/wp-admin\/admin-ajax.php?action=eventon_ics_download&amp;event_id=242302&amp;sunix=20260918T220000Z&amp;eunix=20260919T215900Z&amp;loca=&amp;locn=club de vela Blanes' class='evo_ics_nCal' title='Add to your calendar'>Calendar<\/a><a href='\/\/www.google.com\/calendar\/event?action=TEMPLATE&amp;text=XI+Edici%C3%B3+Regata+Blanes-Medes+Blanes&amp;dates=20260918T220000Z\/20260919T215900Z&amp;details=DIA%3A+19+i+20+de+setembre%0D%0ALLOC%3A+Club+Vela+Blanes%0D%0ADESCRIPCI%C3%93%3A+XI+edici%C3%B3+de+la+regata+Blanes-Medes+Blanes.&amp;location=club+de+vela+Blanes - ' target='_blank' class='evo_ics_gCal' title='Add to google calendar'>GoogleCal<\/a><\/p>\t\n\t\t\t\t\t\t\t<\/div>\t\t\t\t\t\t<\/div>\n\t\t\t\t\t\t<\/div><div class='clear end'><\/div><\/div><div id=\"event_242314\" class=\"eventon_list_event evo_eventtop  event hasbgimg\" data-event_id=\"242314\" data-time=\"1789843500-1789861800\" data-colr=\"#206177\" itemscope itemtype='http:\/\/schema.org\/Event' 42><div class=\"evo_boxtop\" style=\"background-image: url(https:\/\/www.blanescostabrava.cat\/wp-content\/uploads\/2020\/02\/ruta-joaquim-ruyra.jpg); background-color:#206177;height:200px;\"><\/div><div class=\"evo_event_schema\" style=\"display:none\" ><a itemprop='url'  href='https:\/\/www.blanescostabrava.cat\/events\/visita-guiada-ruta-literaria-3\/'><\/a><span itemprop='name'  >Visita Guiada: \"Ruta Liter\u00e0ria\"<\/span><meta itemprop='image' content='https:\/\/www.blanescostabrava.cat\/wp-content\/uploads\/2020\/02\/ruta-joaquim-ruyra.jpg' ><\/meta><meta itemprop='description' content='DIA: 19 de setembre\r\nHORA: 18.45 h\r\nLLOC: Sortida: OT Turisme, pla\u00e7a Catalunya s\/n\r\nDESCRIPCI\u00d3: Visita guiada gratu\u00efta per la ruta liter\u00e0ria. Places gratu\u00eftes, inscripcions a turisme@blanes.cat o al 972 33 03 48.' ><\/meta><meta itemprop='startDate' content='2026-9-19' ><\/meta><meta itemprop='endDate' content='2026-9-19' ><\/meta><meta itemprop='eventStatus' content='on-schedule' ><\/meta><script type=\"application\/ld+json\">{\t\"@context\": \"http:\/\/schema.org\",\n\t\t\t\t\t\t\t  \t\"@type\": \"Event\",\n\t\t\t\t\t\t\t  \t\"name\": \"Visita Guiada: \"Ruta Liter\u00e0ria\"\",\n\t\t\t\t\t\t\t  \t\"startDate\": \"2026-9-19T18-18-45-00\",\n\t\t\t\t\t\t\t  \t\"endDate\": \"2026-9-19T23-23-50-00\",\n\t\t\t\t\t\t\t  \t\"image\":\"https:\/\/www.blanescostabrava.cat\/wp-content\/uploads\/2020\/02\/ruta-joaquim-ruyra-300x178.jpg\",\n\t\t\t\t\t\t\t  \t\"description\":\"DIA: 19 de setembre\r\nHORA: 18.45 h\r\nLLOC: Sortida: OT Turisme, pla\u00e7a Catalunya s\/n\r\nDESCRIPCI\u00d3: Visita guiada gratu\u00efta per la ruta liter\u00e0ria. Places gratu\u00eftes, inscripcions a turisme@blanes.cat o al 972 33 03 48.\",\n\t\t\t\t\t\t\t  \t\n\t\t\t\t\t\t\t }<\/script><\/div>\n\t\t\t\t<p class=\"desc_trig_outter\"><a data-gmap_status=\"null\" data-exlk=\"0\" style=\"border-color: #206177;padding-top: 215px;height: 310px;\" id=\"evc_1789843500242314\" class=\"desc_trig sin_val evcal_list_a\" data-ux_val=\"3\"  ><span class='event-img'><img src='https:\/\/www.blanescostabrava.cat\/wp-content\/uploads\/2020\/02\/ruta-joaquim-ruyra.jpg'><\/span><span class='evcal_cblock ' data-bgcolor='#206177' data-smon='septiembre' data-syr='2026'><span class='evo_start '><em class='date'>19<\/em><em class='month'>sep<\/em><em class='time'>6:45 pm<\/em><\/span><em class='clear'><\/em><\/span><span class='evcal_desc evo_info hide_eventtopdata '  data-location_status=\"false\" ><span class='evo_above_title'><\/span><span class='evcal_desc2 evcal_event_title' itemprop='name'>Visita Guiada: \"Ruta Liter\u00e0ria\"<\/span><span class='evo_below_title'><\/span><span class='evcal_desc_info' ><\/span><span class='evcal_desc3'><\/span><\/span><em class='clear'><\/em><\/p><\/a><div class='event_description evcal_eventcard ' style=\"display:none\"><div class='evo_metarow_directimg'><img src='https:\/\/www.blanescostabrava.cat\/wp-content\/uploads\/2020\/02\/ruta-joaquim-ruyra.jpg' alt=\"joaquim ruyra\"\/><\/div><div class='evo_metarow_details evorow evcal_evdata_row bordb evcal_event_details'>\n\t\t\t\t\t\t\t<div class=\"event_excerpt\" style=\"display:none\"><h3 class=\"padb5 evo_h3\">Descripci\u00f3n<\/h3><p>DIA: 19 de setembre\r\nHORA: 18.45 h\r\nLLOC: Sortida: OT Turisme, pla\u00e7a Catalunya s\/n\r\nDESCRIPCI\u00d3: Visita guiada gratu\u00efta per la ruta liter\u00e0ria. Places gratu\u00eftes, inscripcions a turisme@blanes.cat o al 972 33 03 48.<\/p><\/div><span class='evcal_evdata_icons'><i class='fa fa-align-justify'><\/i><\/span>\n\t\t\t\t\t\t\t\n\t\t\t\t\t\t\t<div class='evcal_evdata_cell '><div class='eventon_full_description'>\n\t\t\t\t\t\t\t\t\t<h3 class='padb5 evo_h3'><span class='evcal_evdata_icons'><i class='fa fa-align-justify'><\/i><\/span>Descripci\u00f3n<\/h3><div class='eventon_desc_in' itemprop='description'>\n\t\t\t\t\t\t\t\t\t<p>DIA: 19 de setembre<br \/>\nHORA: 18.45 h<br \/>\nLLOC: Sortida: OT Turisme, pla\u00e7a Catalunya s\/n<br \/>\nDESCRIPCI\u00d3: Visita guiada gratu\u00efta per la ruta liter\u00e0ria. Places gratu\u00eftes, inscripcions a turisme@blanes.cat o al 972 33 03 48.<\/p>\n<\/div><div class='clear'><\/div>\n\t\t\t\t\t\t\t\t<\/div>\n\t\t\t\t\t\t\t<\/div>\n\t\t\t\t\t\t<\/div><div class='evo_metarow_time_location evorow bordb '>\n\t\t\t\t\t\t<div class='tb' >\n\t\t\t\t\t\t\t<div class='tbrow'>\n\t\t\t\t\t\t\t<div class='evcal_col50 bordr'>\n\t\t\t\t\t\t\t\t<div class='evcal_evdata_row evo_time'>\n\t\t\t\t\t\t\t\t\t<span class='evcal_evdata_icons'><i class='fa fa-clock-o'><\/i><\/span>\n\t\t\t\t\t\t\t\t\t<div class='evcal_evdata_cell'>\t\t\t\t\t\t\t\n\t\t\t\t\t\t\t\t\t\t<h3 class='evo_h3'><span class='evcal_evdata_icons'><i class='fa fa-clock-o'><\/i><\/span>Fecha<\/h3>\n\t\t\t\t\t\t\t\t\t\t<p>(Saturday) 6:45 pm<\/p>\n\t\t\t\t\t\t\t\t\t<\/div>\n\t\t\t\t\t\t\t\t<\/div>\n\t\t\t\t\t\t\t<\/div><div class='evcal_col50'>\n\t\t\t\t\t\t\t\t<div class='evcal_evdata_row evo_location'>\n\t\t\t\t\t\t\t\t\t<span class='evcal_evdata_icons'><i class='fa fa-map-marker'><\/i><\/span>\n\t\t\t\t\t\t\t\t\t<div class='evcal_evdata_cell' data-loc_tax_id='5252'>\t\t\t\t\t\t\t\n\t\t\t\t\t\t\t\t\t\t<h3 class='evo_h3'><span class='evcal_evdata_icons'><i class='fa fa-map-marker'><\/i><\/span>Location<\/h3><p class='evo_location_name'>Sortida: OT Turisme pl. Catalunya s\/n<\/p><p class='evo_location_address'><\/p>\n\t\t\t\t\t\t\t\t\t<\/div>\n\t\t\t\t\t\t\t\t<\/div>\n\t\t\t\t\t\t\t<\/div><div class='clear'><\/div>\n\t\t\t\t\t\t\t<\/div><\/div>\n\t\t\t\t\t\t<\/div>\t\t\t\t\t\t<div class='evo_metarow_ICS evorow bordb evcal_evdata_row'>\n\t\t\t\t\t\t\t<span class=\"evcal_evdata_icons\"><i class=\"fa fa-calendar\"><\/i><\/span>\n\t\t\t\t\t\t\t<div class='evcal_evdata_cell'>\n\t\t\t\t\t\t\t\t<p><a href='https:\/\/www.blanescostabrava.cat\/wp-admin\/admin-ajax.php?action=eventon_ics_download&amp;event_id=242314&amp;sunix=20260919T164500Z&amp;eunix=20260919T215000Z&amp;loca=&amp;locn=Sortida: OT Turisme pl. Catalunya s\/n' class='evo_ics_nCal' title='Add to your calendar'>Calendar<\/a><a href='\/\/www.google.com\/calendar\/event?action=TEMPLATE&amp;text=Visita+Guiada%3A+%22Ruta+Liter%C3%A0ria%22&amp;dates=20260919T164500Z\/20260919T215000Z&amp;details=DIA%3A+19+de+setembre%0D%0AHORA%3A+18.45+h%0D%0ALLOC%3A+Sortida%3A+OT+Turisme%2C+pla%C3%A7a+Catalunya+s%2Fn%0D%0ADESCRIPCI%C3%93%3A+Visita+guiada+gratu%C3%AFta+per+la+ruta+liter%C3%A0ria.+Places+gratu%C3%AFtes%2C+inscripcions+a+turisme%40blanes.cat+o+al+972+33+03+48.&amp;location=Sortida%3A+OT+Turisme+pl.+Catalunya+s%2Fn - ' target='_blank' class='evo_ics_gCal' title='Add to google calendar'>GoogleCal<\/a><\/p>\t\n\t\t\t\t\t\t\t<\/div>\t\t\t\t\t\t<\/div>\n\t\t\t\t\t\t<\/div><div class='clear end'><\/div><\/div><div id=\"event_234922\" class=\"eventon_list_event evo_eventtop  event hasbgimg\" data-event_id=\"234922\" data-time=\"1789843500-1789861800\" data-colr=\"#206177\" itemscope itemtype='http:\/\/schema.org\/Event' 43><div class=\"evo_boxtop\" style=\"background-image: url(https:\/\/www.blanescostabrava.cat\/wp-content\/uploads\/2026\/05\/tematitzades_page-0001-3.jpg); background-color:#206177;height:200px;\"><\/div><div class=\"evo_event_schema\" style=\"display:none\" ><a itemprop='url'  href='https:\/\/www.blanescostabrava.cat\/es\/events\/ruta-literaria-es\/'><\/a><span itemprop='name'  >Ruta literaria (ES)<\/span><meta itemprop='image' content='https:\/\/www.blanescostabrava.cat\/wp-content\/uploads\/2026\/05\/tematitzades_page-0001-3.jpg' ><\/meta><meta itemprop='description' content='Ruta literaria (ES)D\u00cdA: S\u00e1bado 19 de septiembreHORA: 18:45 hLUGAR: BlanesVisita guiada de la Ruta literaria en castellano, con' ><\/meta><meta itemprop='startDate' content='2026-9-19' ><\/meta><meta itemprop='endDate' content='2026-9-19' ><\/meta><meta itemprop='eventStatus' content='on-schedule' ><\/meta><script type=\"application\/ld+json\">{\t\"@context\": \"http:\/\/schema.org\",\n\t\t\t\t\t\t\t  \t\"@type\": \"Event\",\n\t\t\t\t\t\t\t  \t\"name\": \"Ruta literaria (ES)\",\n\t\t\t\t\t\t\t  \t\"startDate\": \"2026-9-19T18-18-45-00\",\n\t\t\t\t\t\t\t  \t\"endDate\": \"2026-9-19T23-23-50-00\",\n\t\t\t\t\t\t\t  \t\"image\":\"https:\/\/www.blanescostabrava.cat\/wp-content\/uploads\/2026\/05\/tematitzades_page-0001-3-143x300.jpg\",\n\t\t\t\t\t\t\t  \t\"description\":\"Ruta literaria (ES)D\u00cdA: S\u00e1bado 19 de septiembreHORA: 18:45 hLUGAR: BlanesVisita guiada de la Ruta literaria en castellano, con\",\n\t\t\t\t\t\t\t  \t\n\t\t\t\t\t\t\t }<\/script><\/div>\n\t\t\t\t<p class=\"desc_trig_outter\"><a data-gmap_status=\"null\" data-exlk=\"0\" style=\"border-color: #206177;padding-top: 215px;height: 310px;\" id=\"evc_1789843500234922\" class=\"desc_trig sin_val evcal_list_a\" data-ux_val=\"3\"  ><span class='event-img'><img src='https:\/\/www.blanescostabrava.cat\/wp-content\/uploads\/2026\/05\/tematitzades_page-0001-3.jpg'><\/span><span class='evcal_cblock ' data-bgcolor='#206177' data-smon='septiembre' data-syr='2026'><span class='evo_start '><em class='date'>19<\/em><em class='month'>sep<\/em><em class='time'>6:45 pm<\/em><\/span><em class='clear'><\/em><\/span><span class='evcal_desc evo_info hide_eventtopdata '  data-location_status=\"false\" ><span class='evo_above_title'><\/span><span class='evcal_desc2 evcal_event_title' itemprop='name'>Ruta literaria (ES)<\/span><span class='evo_below_title'><\/span><span class='evcal_desc_info' ><\/span><span class='evcal_desc3'><\/span><\/span><em class='clear'><\/em><\/p><\/a><div class='event_description evcal_eventcard ' style=\"display:none\"><div class='evo_metarow_directimg'><img src='https:\/\/www.blanescostabrava.cat\/wp-content\/uploads\/2026\/05\/tematitzades_page-0001-3.jpg' \/><\/div><div class='evo_metarow_details evorow evcal_evdata_row bordb evcal_event_details'>\n\t\t\t\t\t\t\t<div class=\"event_excerpt\" style=\"display:none\"><h3 class=\"padb5 evo_h3\">Descripci\u00f3n<\/h3><p>Ruta literaria (ES)D\u00cdA: S\u00e1bado 19 de septiembreHORA: 18:45 hLUGAR: BlanesVisita guiada de la Ruta literaria en castellano, con<\/p><\/div><span class='evcal_evdata_icons'><i class='fa fa-align-justify'><\/i><\/span>\n\t\t\t\t\t\t\t\n\t\t\t\t\t\t\t<div class='evcal_evdata_cell shorter_desc'><div class='eventon_details_shading_bot'>\n\t\t\t\t\t\t\t\t<p class='eventon_shad_p' content='less'><span class='ev_more_text' data-txt='less'>more<\/span><span class='ev_more_arrow'><\/span><\/p>\n\t\t\t\t\t\t\t<\/div><div class='eventon_full_description'>\n\t\t\t\t\t\t\t\t\t<h3 class='padb5 evo_h3'><span class='evcal_evdata_icons'><i class='fa fa-align-justify'><\/i><\/span>Descripci\u00f3n<\/h3><div class='eventon_desc_in' itemprop='description'>\n\t\t\t\t\t\t\t\t\t<p>Ruta literaria (ES)<br data-start=\"1909\" data-end=\"1912\" \/><strong>D\u00cdA:<\/strong> S\u00e1bado 19 de septiembre<br data-start=\"1940\" data-end=\"1943\" \/><strong>HORA:<\/strong> 18:45 h<br data-start=\"1956\" data-end=\"1959\" \/><strong>LUGAR<\/strong>: Blanes<br data-start=\"1972\" data-end=\"1975\" \/>Visita guiada de la Ruta literaria en castellano, con una duraci\u00f3n aproximada de 1 h 30 min. Actividad gratuita con inscripci\u00f3n previa en <a class=\"decorated-link cursor-pointer\" rel=\"noopener\" data-start=\"2126\" data-end=\"2144\">turisme@blanes.cat<\/a>.<\/p>\n<p><img class=\"alignnone size-large wp-image-234856\" src=\"https:\/\/www.blanescostabrava.cat\/wp-content\/uploads\/2026\/05\/tematitzades_page-0001-2-488x1024.jpg\" alt=\"\" width=\"488\" height=\"1024\" srcset=\"https:\/\/www.blanescostabrava.cat\/wp-content\/uploads\/2026\/05\/tematitzades_page-0001-2-488x1024.jpg 488w, https:\/\/www.blanescostabrava.cat\/wp-content\/uploads\/2026\/05\/tematitzades_page-0001-2-143x300.jpg 143w, https:\/\/www.blanescostabrava.cat\/wp-content\/uploads\/2026\/05\/tematitzades_page-0001-2-71x150.jpg 71w, https:\/\/www.blanescostabrava.cat\/wp-content\/uploads\/2026\/05\/tematitzades_page-0001-2-11x24.jpg 11w, https:\/\/www.blanescostabrava.cat\/wp-content\/uploads\/2026\/05\/tematitzades_page-0001-2-17x36.jpg 17w, https:\/\/www.blanescostabrava.cat\/wp-content\/uploads\/2026\/05\/tematitzades_page-0001-2-23x48.jpg 23w, https:\/\/www.blanescostabrava.cat\/wp-content\/uploads\/2026\/05\/tematitzades_page-0001-2.jpg 591w\" sizes=\"(max-width: 488px) 100vw, 488px\" \/><\/p>\n<\/div><div class='clear'><\/div>\n\t\t\t\t\t\t\t\t<\/div>\n\t\t\t\t\t\t\t<\/div>\n\t\t\t\t\t\t<\/div><div class='evo_metarow_time evorow evcal_evdata_row bordb evcal_evrow_sm '>\n\t\t\t\t\t\t\t<span class='evcal_evdata_icons'><i class='fa fa-clock-o'><\/i><\/span>\n\t\t\t\t\t\t\t<div class='evcal_evdata_cell'>\t\t\t\t\t\t\t\n\t\t\t\t\t\t\t\t<h3 class='evo_h3'><span class='evcal_evdata_icons'><i class='fa fa-clock-o'><\/i><\/span>Fecha<\/h3><p>(Saturday) 6:45 pm<\/p>\n\t\t\t\t\t\t\t<\/div>\n\t\t\t\t\t\t<\/div>\t\t\t\t\t\t<div class='evo_metarow_ICS evorow bordb evcal_evdata_row'>\n\t\t\t\t\t\t\t<span class=\"evcal_evdata_icons\"><i class=\"fa fa-calendar\"><\/i><\/span>\n\t\t\t\t\t\t\t<div class='evcal_evdata_cell'>\n\t\t\t\t\t\t\t\t<p><a href='https:\/\/www.blanescostabrava.cat\/wp-admin\/admin-ajax.php?action=eventon_ics_download&amp;event_id=234922&amp;sunix=20260919T164500Z&amp;eunix=20260919T215000Z&amp;loca=&amp;locn=' class='evo_ics_nCal' title='Add to your calendar'>Calendar<\/a><a href='\/\/www.google.com\/calendar\/event?action=TEMPLATE&amp;text=Ruta+literaria+%28ES%29&amp;dates=20260919T164500Z\/20260919T215000Z&amp;details=Ruta+literaria+%28ES%29D%C3%8DA%3A+S%C3%A1bado+19+de+septiembreHORA%3A+18%3A45+hLUGAR%3A+BlanesVisita+guiada+de+la+Ruta+literaria+en+castellano%2C+con&amp;location= - ' target='_blank' class='evo_ics_gCal' title='Add to google calendar'>GoogleCal<\/a><\/p>\t\n\t\t\t\t\t\t\t<\/div>\t\t\t\t\t\t<\/div>\n\t\t\t\t\t\t<\/div><div class='clear end'><\/div><\/div><div id=\"event_242326\" class=\"eventon_list_event evo_eventtop  event hasbgimg\" data-event_id=\"242326\" data-time=\"1789848000-1789861800\" data-colr=\"#206177\" itemscope itemtype='http:\/\/schema.org\/Event' 44><div class=\"evo_boxtop\" style=\"background-image: url(https:\/\/www.blanescostabrava.cat\/wp-content\/uploads\/2026\/08\/554731784197153_1.png.webp); background-color:#206177;height:200px;\"><\/div><div class=\"evo_event_schema\" style=\"display:none\" ><a itemprop='url'  href='https:\/\/www.blanescostabrava.cat\/events\/monoleg-musicat-con-cierta-intimidad-eco-martinez\/'><\/a><span itemprop='name'  >Mon\u00f2leg Musicat: \"Con Cierta Intimidad\" - Eco Mart\u00ednez<\/span><meta itemprop='image' content='https:\/\/www.blanescostabrava.cat\/wp-content\/uploads\/2026\/08\/554731784197153_1.png.webp' ><\/meta><meta itemprop='description' content='DIA: 19 de setembre\r\nHORA: 20.00 h\r\nLLOC: Casa Saladrigas\r\nDESCRIPCI\u00d3: Mon\u00f2leg musicat d'Eco Mart\u00ednez, dins el Cicle Talent Blanenc.' ><\/meta><meta itemprop='startDate' content='2026-9-19' ><\/meta><meta itemprop='endDate' content='2026-9-19' ><\/meta><meta itemprop='eventStatus' content='on-schedule' ><\/meta><script type=\"application\/ld+json\">{\t\"@context\": \"http:\/\/schema.org\",\n\t\t\t\t\t\t\t  \t\"@type\": \"Event\",\n\t\t\t\t\t\t\t  \t\"name\": \"Mon\u00f2leg Musicat: \"Con Cierta Intimidad\" - Eco Mart\u00ednez\",\n\t\t\t\t\t\t\t  \t\"startDate\": \"2026-9-19T20-20-00-00\",\n\t\t\t\t\t\t\t  \t\"endDate\": \"2026-9-19T23-23-50-00\",\n\t\t\t\t\t\t\t  \t\"image\":\"https:\/\/www.blanescostabrava.cat\/wp-content\/uploads\/2026\/08\/554731784197153_1.png-300x300.webp\",\n\t\t\t\t\t\t\t  \t\"description\":\"DIA: 19 de setembre\r\nHORA: 20.00 h\r\nLLOC: Casa Saladrigas\r\nDESCRIPCI\u00d3: Mon\u00f2leg musicat d'Eco Mart\u00ednez, dins el Cicle Talent Blanenc.\",\n\t\t\t\t\t\t\t  \t\n\t\t\t\t\t\t\t }<\/script><\/div>\n\t\t\t\t<p class=\"desc_trig_outter\"><a data-gmap_status=\"null\" data-exlk=\"0\" style=\"border-color: #206177;padding-top: 215px;height: 310px;\" id=\"evc_1789848000242326\" class=\"desc_trig sin_val evcal_list_a\" data-ux_val=\"3\"  ><span class='event-img'><img src='https:\/\/www.blanescostabrava.cat\/wp-content\/uploads\/2026\/08\/554731784197153_1.png.webp'><\/span><span class='evcal_cblock ' data-bgcolor='#206177' data-smon='septiembre' data-syr='2026'><span class='evo_start '><em class='date'>19<\/em><em class='month'>sep<\/em><em class='time'>8:00 pm<\/em><\/span><em class='clear'><\/em><\/span><span class='evcal_desc evo_info hide_eventtopdata '  data-location_status=\"false\" ><span class='evo_above_title'><\/span><span class='evcal_desc2 evcal_event_title' itemprop='name'>Mon\u00f2leg Musicat: \"Con Cierta Intimidad\" - Eco Mart\u00ednez<\/span><span class='evo_below_title'><\/span><span class='evcal_desc_info' ><\/span><span class='evcal_desc3'><\/span><\/span><em class='clear'><\/em><\/p><\/a><div class='event_description evcal_eventcard ' style=\"display:none\"><div class='evo_metarow_directimg'><img src='https:\/\/www.blanescostabrava.cat\/wp-content\/uploads\/2026\/08\/554731784197153_1.png.webp' \/><\/div><div class='evo_metarow_details evorow evcal_evdata_row bordb evcal_event_details'>\n\t\t\t\t\t\t\t<div class=\"event_excerpt\" style=\"display:none\"><h3 class=\"padb5 evo_h3\">Descripci\u00f3n<\/h3><p>DIA: 19 de setembre\r\nHORA: 20.00 h\r\nLLOC: Casa Saladrigas\r\nDESCRIPCI\u00d3: Mon\u00f2leg musicat d'Eco Mart\u00ednez, dins el Cicle Talent Blanenc.<\/p><\/div><span class='evcal_evdata_icons'><i class='fa fa-align-justify'><\/i><\/span>\n\t\t\t\t\t\t\t\n\t\t\t\t\t\t\t<div class='evcal_evdata_cell '><div class='eventon_full_description'>\n\t\t\t\t\t\t\t\t\t<h3 class='padb5 evo_h3'><span class='evcal_evdata_icons'><i class='fa fa-align-justify'><\/i><\/span>Descripci\u00f3n<\/h3><div class='eventon_desc_in' itemprop='description'>\n\t\t\t\t\t\t\t\t\t<p>DIA: 19 de setembre<br \/>\nHORA: 20.00 h<br \/>\nLLOC: Casa Saladrigas<br \/>\nDESCRIPCI\u00d3: Mon\u00f2leg musicat d&#8217;Eco Mart\u00ednez, dins el Cicle Talent Blanenc.<\/p>\n<\/div><div class='clear'><\/div>\n\t\t\t\t\t\t\t\t<\/div>\n\t\t\t\t\t\t\t<\/div>\n\t\t\t\t\t\t<\/div><div class='evo_metarow_time_location evorow bordb '>\n\t\t\t\t\t\t<div class='tb' >\n\t\t\t\t\t\t\t<div class='tbrow'>\n\t\t\t\t\t\t\t<div class='evcal_col50 bordr'>\n\t\t\t\t\t\t\t\t<div class='evcal_evdata_row evo_time'>\n\t\t\t\t\t\t\t\t\t<span class='evcal_evdata_icons'><i class='fa fa-clock-o'><\/i><\/span>\n\t\t\t\t\t\t\t\t\t<div class='evcal_evdata_cell'>\t\t\t\t\t\t\t\n\t\t\t\t\t\t\t\t\t\t<h3 class='evo_h3'><span class='evcal_evdata_icons'><i class='fa fa-clock-o'><\/i><\/span>Fecha<\/h3>\n\t\t\t\t\t\t\t\t\t\t<p>(Saturday) 8:00 pm<\/p>\n\t\t\t\t\t\t\t\t\t<\/div>\n\t\t\t\t\t\t\t\t<\/div>\n\t\t\t\t\t\t\t<\/div><div class='evcal_col50'>\n\t\t\t\t\t\t\t\t<div class='evcal_evdata_row evo_location'>\n\t\t\t\t\t\t\t\t\t<span class='evcal_evdata_icons'><i class='fa fa-map-marker'><\/i><\/span>\n\t\t\t\t\t\t\t\t\t<div class='evcal_evdata_cell' data-loc_tax_id='2425'>\t\t\t\t\t\t\t\n\t\t\t\t\t\t\t\t\t\t<h3 class='evo_h3'><span class='evcal_evdata_icons'><i class='fa fa-map-marker'><\/i><\/span>Location<\/h3><p class='evo_location_name'>Casa Saladrigas<\/p><p class='evo_location_address'><\/p>\n\t\t\t\t\t\t\t\t\t<\/div>\n\t\t\t\t\t\t\t\t<\/div>\n\t\t\t\t\t\t\t<\/div><div class='clear'><\/div>\n\t\t\t\t\t\t\t<\/div><\/div>\n\t\t\t\t\t\t<\/div>\t\t\t\t\t\t<div class='evo_metarow_ICS evorow bordb evcal_evdata_row'>\n\t\t\t\t\t\t\t<span class=\"evcal_evdata_icons\"><i class=\"fa fa-calendar\"><\/i><\/span>\n\t\t\t\t\t\t\t<div class='evcal_evdata_cell'>\n\t\t\t\t\t\t\t\t<p><a href='https:\/\/www.blanescostabrava.cat\/wp-admin\/admin-ajax.php?action=eventon_ics_download&amp;event_id=242326&amp;sunix=20260919T180000Z&amp;eunix=20260919T215000Z&amp;loca=&amp;locn=Casa Saladrigas' class='evo_ics_nCal' title='Add to your calendar'>Calendar<\/a><a href='\/\/www.google.com\/calendar\/event?action=TEMPLATE&amp;text=Mon%C3%B2leg+Musicat%3A+%22Con+Cierta+Intimidad%22+-+Eco+Mart%C3%ADnez&amp;dates=20260919T180000Z\/20260919T215000Z&amp;details=DIA%3A+19+de+setembre%0D%0AHORA%3A+20.00+h%0D%0ALLOC%3A+Casa+Saladrigas%0D%0ADESCRIPCI%C3%93%3A+Mon%C3%B2leg+musicat+d%27Eco+Mart%C3%ADnez%2C+dins+el+Cicle+Talent+Blanenc.&amp;location=Casa+Saladrigas - ' target='_blank' class='evo_ics_gCal' title='Add to google calendar'>GoogleCal<\/a><\/p>\t\n\t\t\t\t\t\t\t<\/div>\t\t\t\t\t\t<\/div>\n\t\t\t\t\t\t<\/div><div class='clear end'><\/div><\/div><div id=\"event_242338\" class=\"eventon_list_event evo_eventtop  event hasbgimg\" data-event_id=\"242338\" data-time=\"1789903800-1789907400\" data-colr=\"#206177\" itemscope itemtype='http:\/\/schema.org\/Event' 45><div class=\"evo_boxtop\" style=\"background-image: url(https:\/\/www.blanescostabrava.cat\/wp-content\/uploads\/2020\/02\/marimurtra.jpg); background-color:#206177;height:200px;\"><\/div><div class=\"evo_event_schema\" style=\"display:none\" ><a itemprop='url'  href='https:\/\/www.blanescostabrava.cat\/events\/visita-guiada-tast-estacional-de-marimurtra\/'><\/a><span itemprop='name'  >Visita Guiada \"Tast Estacional de Marimurtra\"<\/span><meta itemprop='image' content='https:\/\/www.blanescostabrava.cat\/wp-content\/uploads\/2020\/02\/marimurtra.jpg' ><\/meta><meta itemprop='description' content='DIA: 20 i 27 de setembre\r\nHORA: 11.30 - 12.30 h\r\nLLOC: Jard\u00ed Bot\u00e0nic Marimurtra\r\nDESCRIPCI\u00d3: Visita guiada amb tast de productes de temporada al jard\u00ed bot\u00e0nic.' ><\/meta><meta itemprop='startDate' content='2026-9-20' ><\/meta><meta itemprop='endDate' content='2026-9-20' ><\/meta><meta itemprop='eventStatus' content='on-schedule' ><\/meta><script type=\"application\/ld+json\">{\t\"@context\": \"http:\/\/schema.org\",\n\t\t\t\t\t\t\t  \t\"@type\": \"Event\",\n\t\t\t\t\t\t\t  \t\"name\": \"Visita Guiada \"Tast Estacional de Marimurtra\"\",\n\t\t\t\t\t\t\t  \t\"startDate\": \"2026-9-20T11-11-30-00\",\n\t\t\t\t\t\t\t  \t\"endDate\": \"2026-9-20T12-12-30-00\",\n\t\t\t\t\t\t\t  \t\"image\":\"https:\/\/www.blanescostabrava.cat\/wp-content\/uploads\/2020\/02\/marimurtra-300x194.jpg\",\n\t\t\t\t\t\t\t  \t\"description\":\"DIA: 20 i 27 de setembre\r\nHORA: 11.30 - 12.30 h\r\nLLOC: Jard\u00ed Bot\u00e0nic Marimurtra\r\nDESCRIPCI\u00d3: Visita guiada amb tast de productes de temporada al jard\u00ed bot\u00e0nic.\",\n\t\t\t\t\t\t\t  \t\n\t\t\t\t\t\t\t }<\/script><\/div>\n\t\t\t\t<p class=\"desc_trig_outter\"><a data-gmap_status=\"null\" data-exlk=\"0\" style=\"border-color: #206177;padding-top: 215px;height: 310px;\" id=\"evc_1789903800242338\" class=\"desc_trig sin_val evcal_list_a\" data-ux_val=\"3\"  ><span class='event-img'><img src='https:\/\/www.blanescostabrava.cat\/wp-content\/uploads\/2020\/02\/marimurtra.jpg'><\/span><span class='evcal_cblock ' data-bgcolor='#206177' data-smon='septiembre' data-syr='2026'><span class='evo_start '><em class='date'>20<\/em><em class='month'>sep<\/em><em class='time'>11:30 am<\/em><\/span><span class='evo_end only_time'><em class='time'>12:30 pm<\/em><\/span><em class='clear'><\/em><\/span><span class='evcal_desc evo_info hide_eventtopdata '  data-location_status=\"false\" ><span class='evo_above_title'><\/span><span class='evcal_desc2 evcal_event_title' itemprop='name'>Visita Guiada \"Tast Estacional de Marimurtra\"<\/span><span class='evo_below_title'><\/span><span class='evcal_desc_info' ><\/span><span class='evcal_desc3'><\/span><\/span><em class='clear'><\/em><\/p><\/a><div class='event_description evcal_eventcard ' style=\"display:none\"><div class='evo_metarow_directimg'><img src='https:\/\/www.blanescostabrava.cat\/wp-content\/uploads\/2020\/02\/marimurtra.jpg' alt=\"Jard\u00ed Bot\u00e0nic Marimurtra\"\/><\/div><div class='evo_metarow_details evorow evcal_evdata_row bordb evcal_event_details'>\n\t\t\t\t\t\t\t<div class=\"event_excerpt\" style=\"display:none\"><h3 class=\"padb5 evo_h3\">Descripci\u00f3n<\/h3><p>DIA: 20 i 27 de setembre\r\nHORA: 11.30 - 12.30 h\r\nLLOC: Jard\u00ed Bot\u00e0nic Marimurtra\r\nDESCRIPCI\u00d3: Visita guiada amb tast de productes de temporada al jard\u00ed bot\u00e0nic.<\/p><\/div><span class='evcal_evdata_icons'><i class='fa fa-align-justify'><\/i><\/span>\n\t\t\t\t\t\t\t\n\t\t\t\t\t\t\t<div class='evcal_evdata_cell '><div class='eventon_full_description'>\n\t\t\t\t\t\t\t\t\t<h3 class='padb5 evo_h3'><span class='evcal_evdata_icons'><i class='fa fa-align-justify'><\/i><\/span>Descripci\u00f3n<\/h3><div class='eventon_desc_in' itemprop='description'>\n\t\t\t\t\t\t\t\t\t<p>DIA: 20 i 27 de setembre<br \/>\nHORA: 11.30 &#8211; 12.30 h<br \/>\nLLOC: Jard\u00ed Bot\u00e0nic Marimurtra<br \/>\nDESCRIPCI\u00d3: Visita guiada amb tast de productes de temporada al jard\u00ed bot\u00e0nic.<\/p>\n<\/div><div class='clear'><\/div>\n\t\t\t\t\t\t\t\t<\/div>\n\t\t\t\t\t\t\t<\/div>\n\t\t\t\t\t\t<\/div><div class='evo_metarow_time_location evorow bordb '>\n\t\t\t\t\t\t<div class='tb' >\n\t\t\t\t\t\t\t<div class='tbrow'>\n\t\t\t\t\t\t\t<div class='evcal_col50 bordr'>\n\t\t\t\t\t\t\t\t<div class='evcal_evdata_row evo_time'>\n\t\t\t\t\t\t\t\t\t<span class='evcal_evdata_icons'><i class='fa fa-clock-o'><\/i><\/span>\n\t\t\t\t\t\t\t\t\t<div class='evcal_evdata_cell'>\t\t\t\t\t\t\t\n\t\t\t\t\t\t\t\t\t\t<h3 class='evo_h3'><span class='evcal_evdata_icons'><i class='fa fa-clock-o'><\/i><\/span>Fecha<\/h3>\n\t\t\t\t\t\t\t\t\t\t<p>(Sunday) 11:30 am - 12:30 pm<\/p>\n\t\t\t\t\t\t\t\t\t<\/div>\n\t\t\t\t\t\t\t\t<\/div>\n\t\t\t\t\t\t\t<\/div><div class='evcal_col50'>\n\t\t\t\t\t\t\t\t<div class='evcal_evdata_row evo_location'>\n\t\t\t\t\t\t\t\t\t<span class='evcal_evdata_icons'><i class='fa fa-map-marker'><\/i><\/span>\n\t\t\t\t\t\t\t\t\t<div class='evcal_evdata_cell' data-loc_tax_id='2413'>\t\t\t\t\t\t\t\n\t\t\t\t\t\t\t\t\t\t<h3 class='evo_h3'><span class='evcal_evdata_icons'><i class='fa fa-map-marker'><\/i><\/span>Location<\/h3><p class='evo_location_name'>Jard\u00ed Bot\u00e0nic Marimurtra<\/p><p class='evo_location_address'><\/p>\n\t\t\t\t\t\t\t\t\t<\/div>\n\t\t\t\t\t\t\t\t<\/div>\n\t\t\t\t\t\t\t<\/div><div class='clear'><\/div>\n\t\t\t\t\t\t\t<\/div><\/div>\n\t\t\t\t\t\t<\/div>\t\t\t\t\t\t<div class='evo_metarow_ICS evorow bordb evcal_evdata_row'>\n\t\t\t\t\t\t\t<span class=\"evcal_evdata_icons\"><i class=\"fa fa-calendar\"><\/i><\/span>\n\t\t\t\t\t\t\t<div class='evcal_evdata_cell'>\n\t\t\t\t\t\t\t\t<p><a href='https:\/\/www.blanescostabrava.cat\/wp-admin\/admin-ajax.php?action=eventon_ics_download&amp;event_id=242338&amp;sunix=20260920T093000Z&amp;eunix=20260920T103000Z&amp;loca=&amp;locn=Jard\u00ed Bot\u00e0nic Marimurtra' class='evo_ics_nCal' title='Add to your calendar'>Calendar<\/a><a href='\/\/www.google.com\/calendar\/event?action=TEMPLATE&amp;text=Visita+Guiada+%22Tast+Estacional+de+Marimurtra%22&amp;dates=20260920T093000Z\/20260920T103000Z&amp;details=DIA%3A+20+i+27+de+setembre%0D%0AHORA%3A+11.30+-+12.30+h%0D%0ALLOC%3A+Jard%C3%AD+Bot%C3%A0nic+Marimurtra%0D%0ADESCRIPCI%C3%93%3A+Visita+guiada+amb+tast+de+productes+de+temporada+al+jard%C3%AD+bot%C3%A0nic.&amp;location=Jard%C3%AD+Bot%C3%A0nic+Marimurtra - ' target='_blank' class='evo_ics_gCal' title='Add to google calendar'>GoogleCal<\/a><\/p>\t\n\t\t\t\t\t\t\t<\/div>\t\t\t\t\t\t<\/div>\n\t\t\t\t\t\t<\/div><div class='clear end'><\/div><\/div><div id=\"event_242350\" class=\"eventon_list_event evo_eventtop  event hasbgimg\" data-event_id=\"242350\" data-time=\"1789927200-1789948200\" data-colr=\"#206177\" itemscope itemtype='http:\/\/schema.org\/Event' 46><div class=\"evo_boxtop\" style=\"background-image: url(https:\/\/www.blanescostabrava.cat\/wp-content\/uploads\/2026\/08\/554741784197466_1.png.webp); background-color:#206177;height:200px;\"><\/div><div class=\"evo_event_schema\" style=\"display:none\" ><a itemprop='url'  href='https:\/\/www.blanescostabrava.cat\/events\/diario-nocturno-luis-relucio\/'><\/a><span itemprop='name'  >\"Diario Nocturno\" - Luis Relucio<\/span><meta itemprop='image' content='https:\/\/www.blanescostabrava.cat\/wp-content\/uploads\/2026\/08\/554741784197466_1.png.webp' ><\/meta><meta itemprop='description' content='DIA: 20 de setembre\r\nHORA: 18.00 h\r\nLLOC: Teatre de Blanes\r\nDESCRIPCI\u00d3: Concert de Luis Relucio, dins el Cicle Talent Blanenc.' ><\/meta><meta itemprop='startDate' content='2026-9-20' ><\/meta><meta itemprop='endDate' content='2026-9-20' ><\/meta><meta itemprop='eventStatus' content='on-schedule' ><\/meta><script type=\"application\/ld+json\">{\t\"@context\": \"http:\/\/schema.org\",\n\t\t\t\t\t\t\t  \t\"@type\": \"Event\",\n\t\t\t\t\t\t\t  \t\"name\": \"\"Diario Nocturno\" - Luis Relucio\",\n\t\t\t\t\t\t\t  \t\"startDate\": \"2026-9-20T18-18-00-00\",\n\t\t\t\t\t\t\t  \t\"endDate\": \"2026-9-20T23-23-50-00\",\n\t\t\t\t\t\t\t  \t\"image\":\"https:\/\/www.blanescostabrava.cat\/wp-content\/uploads\/2026\/08\/554741784197466_1.png-300x300.webp\",\n\t\t\t\t\t\t\t  \t\"description\":\"DIA: 20 de setembre\r\nHORA: 18.00 h\r\nLLOC: Teatre de Blanes\r\nDESCRIPCI\u00d3: Concert de Luis Relucio, dins el Cicle Talent Blanenc.\",\n\t\t\t\t\t\t\t  \t\n\t\t\t\t\t\t\t }<\/script><\/div>\n\t\t\t\t<p class=\"desc_trig_outter\"><a data-gmap_status=\"null\" data-exlk=\"0\" style=\"border-color: #206177;padding-top: 215px;height: 310px;\" id=\"evc_1789927200242350\" class=\"desc_trig sin_val evcal_list_a\" data-ux_val=\"3\"  ><span class='event-img'><img src='https:\/\/www.blanescostabrava.cat\/wp-content\/uploads\/2026\/08\/554741784197466_1.png.webp'><\/span><span class='evcal_cblock ' data-bgcolor='#206177' data-smon='septiembre' data-syr='2026'><span class='evo_start '><em class='date'>20<\/em><em class='month'>sep<\/em><em class='time'>6:00 pm<\/em><\/span><em class='clear'><\/em><\/span><span class='evcal_desc evo_info hide_eventtopdata '  data-location_status=\"false\" ><span class='evo_above_title'><\/span><span class='evcal_desc2 evcal_event_title' itemprop='name'>\"Diario Nocturno\" - Luis Relucio<\/span><span class='evo_below_title'><\/span><span class='evcal_desc_info' ><\/span><span class='evcal_desc3'><\/span><\/span><em class='clear'><\/em><\/p><\/a><div class='event_description evcal_eventcard ' style=\"display:none\"><div class='evo_metarow_directimg'><img src='https:\/\/www.blanescostabrava.cat\/wp-content\/uploads\/2026\/08\/554741784197466_1.png.webp' \/><\/div><div class='evo_metarow_details evorow evcal_evdata_row bordb evcal_event_details'>\n\t\t\t\t\t\t\t<div class=\"event_excerpt\" style=\"display:none\"><h3 class=\"padb5 evo_h3\">Descripci\u00f3n<\/h3><p>DIA: 20 de setembre\r\nHORA: 18.00 h\r\nLLOC: Teatre de Blanes\r\nDESCRIPCI\u00d3: Concert de Luis Relucio, dins el Cicle Talent Blanenc.<\/p><\/div><span class='evcal_evdata_icons'><i class='fa fa-align-justify'><\/i><\/span>\n\t\t\t\t\t\t\t\n\t\t\t\t\t\t\t<div class='evcal_evdata_cell '><div class='eventon_full_description'>\n\t\t\t\t\t\t\t\t\t<h3 class='padb5 evo_h3'><span class='evcal_evdata_icons'><i class='fa fa-align-justify'><\/i><\/span>Descripci\u00f3n<\/h3><div class='eventon_desc_in' itemprop='description'>\n\t\t\t\t\t\t\t\t\t<p>DIA: 20 de setembre<br \/>\nHORA: 18.00 h<br \/>\nLLOC: Teatre de Blanes<br \/>\nDESCRIPCI\u00d3: Concert de Luis Relucio, dins el Cicle Talent Blanenc.<\/p>\n<\/div><div class='clear'><\/div>\n\t\t\t\t\t\t\t\t<\/div>\n\t\t\t\t\t\t\t<\/div>\n\t\t\t\t\t\t<\/div><div class='evo_metarow_time_location evorow bordb '>\n\t\t\t\t\t\t<div class='tb' >\n\t\t\t\t\t\t\t<div class='tbrow'>\n\t\t\t\t\t\t\t<div class='evcal_col50 bordr'>\n\t\t\t\t\t\t\t\t<div class='evcal_evdata_row evo_time'>\n\t\t\t\t\t\t\t\t\t<span class='evcal_evdata_icons'><i class='fa fa-clock-o'><\/i><\/span>\n\t\t\t\t\t\t\t\t\t<div class='evcal_evdata_cell'>\t\t\t\t\t\t\t\n\t\t\t\t\t\t\t\t\t\t<h3 class='evo_h3'><span class='evcal_evdata_icons'><i class='fa fa-clock-o'><\/i><\/span>Fecha<\/h3>\n\t\t\t\t\t\t\t\t\t\t<p>(Sunday) 6:00 pm<\/p>\n\t\t\t\t\t\t\t\t\t<\/div>\n\t\t\t\t\t\t\t\t<\/div>\n\t\t\t\t\t\t\t<\/div><div class='evcal_col50'>\n\t\t\t\t\t\t\t\t<div class='evcal_evdata_row evo_location'>\n\t\t\t\t\t\t\t\t\t<span class='evcal_evdata_icons'><i class='fa fa-map-marker'><\/i><\/span>\n\t\t\t\t\t\t\t\t\t<div class='evcal_evdata_cell' data-loc_tax_id='2217'>\t\t\t\t\t\t\t\n\t\t\t\t\t\t\t\t\t\t<h3 class='evo_h3'><span class='evcal_evdata_icons'><i class='fa fa-map-marker'><\/i><\/span>Location<\/h3><p class='evo_location_name'>Teatre de Blanes<\/p><p class='evo_location_address'><\/p>\n\t\t\t\t\t\t\t\t\t<\/div>\n\t\t\t\t\t\t\t\t<\/div>\n\t\t\t\t\t\t\t<\/div><div class='clear'><\/div>\n\t\t\t\t\t\t\t<\/div><\/div>\n\t\t\t\t\t\t<\/div>\t\t\t\t\t\t<div class='evo_metarow_ICS evorow bordb evcal_evdata_row'>\n\t\t\t\t\t\t\t<span class=\"evcal_evdata_icons\"><i class=\"fa fa-calendar\"><\/i><\/span>\n\t\t\t\t\t\t\t<div class='evcal_evdata_cell'>\n\t\t\t\t\t\t\t\t<p><a href='https:\/\/www.blanescostabrava.cat\/wp-admin\/admin-ajax.php?action=eventon_ics_download&amp;event_id=242350&amp;sunix=20260920T160000Z&amp;eunix=20260920T215000Z&amp;loca=&amp;locn=Teatre de Blanes' class='evo_ics_nCal' title='Add to your calendar'>Calendar<\/a><a href='\/\/www.google.com\/calendar\/event?action=TEMPLATE&amp;text=%22Diario+Nocturno%22+-+Luis+Relucio&amp;dates=20260920T160000Z\/20260920T215000Z&amp;details=DIA%3A+20+de+setembre%0D%0AHORA%3A+18.00+h%0D%0ALLOC%3A+Teatre+de+Blanes%0D%0ADESCRIPCI%C3%93%3A+Concert+de+Luis+Relucio%2C+dins+el+Cicle+Talent+Blanenc.&amp;location=Teatre+de+Blanes - ' target='_blank' class='evo_ics_gCal' title='Add to google calendar'>GoogleCal<\/a><\/p>\t\n\t\t\t\t\t\t\t<\/div>\t\t\t\t\t\t<\/div>\n\t\t\t\t\t\t<\/div><div class='clear end'><\/div><\/div><div id=\"event_241834\" class=\"eventon_list_event evo_eventtop  event hasbgimg\" data-event_id=\"241834\" data-time=\"1790362800-1790370000\" data-colr=\"#206177\" itemscope itemtype='http:\/\/schema.org\/Event' 47><div class=\"evo_boxtop\" style=\"background-image: url(https:\/\/www.blanescostabrava.cat\/wp-content\/uploads\/2026\/08\/nit_ceab_2025_autoria_e.mora_.jpg); background-color:#206177;height:200px;\"><\/div><div class=\"evo_event_schema\" style=\"display:none\" ><a itemprop='url'  href='https:\/\/www.blanescostabrava.cat\/es\/events\/noche-del-ceab-2026\/'><\/a><span itemprop='name'  >Noche del CEAB 2026<\/span><meta itemprop='image' content='https:\/\/www.blanescostabrava.cat\/wp-content\/uploads\/2026\/08\/nit_ceab_2025_autoria_e.mora_.jpg' ><\/meta><meta itemprop='description' content='D\u00cdA: Viernes 25 de septiembre de 2026HORA: De 19:00 a 21:00 hLUGAR: Centre d\u2019Estudis Avan\u00e7ats de Blanes (CEAB-CSIC), c. d\u2019Acc\u00e9s a la Cala Sant' ><\/meta><meta itemprop='startDate' content='2026-9-25' ><\/meta><meta itemprop='endDate' content='2026-9-25' ><\/meta><meta itemprop='eventStatus' content='on-schedule' ><\/meta>\n\t\t\t\t\t\t\t\t\t<item style=\"display:none\" itemprop=\"location\" itemscope itemtype=\"http:\/\/schema.org\/Place\">\n\t\t\t\t\t\t\t\t\t\t<span itemprop=\"name\">CEAB-CSIC<\/span>\n\t\t\t\t\t\t\t\t\t\t<span itemprop=\"address\" itemscope itemtype=\"http:\/\/schema.org\/PostalAddress\">\n\t\t\t\t\t\t\t\t\t\t\t<item itemprop=\"streetAddress\">14, carrer d\u2019Acc\u00e9s a la Cala Sant Francesc, Blanes<\/item>\n\t\t\t\t\t\t\t\t\t\t<\/span><\/item><script type=\"application\/ld+json\">{\t\"@context\": \"http:\/\/schema.org\",\n\t\t\t\t\t\t\t  \t\"@type\": \"Event\",\n\t\t\t\t\t\t\t  \t\"name\": \"Noche del CEAB 2026\",\n\t\t\t\t\t\t\t  \t\"startDate\": \"2026-9-25T19-19-00-00\",\n\t\t\t\t\t\t\t  \t\"endDate\": \"2026-9-25T21-21-00-00\",\n\t\t\t\t\t\t\t  \t\"image\":\"https:\/\/www.blanescostabrava.cat\/wp-content\/uploads\/2026\/08\/nit_ceab_2025_autoria_e.mora_-300x225.jpg\",\n\t\t\t\t\t\t\t  \t\"description\":\"D\u00cdA: Viernes 25 de septiembre de 2026HORA: De 19:00 a 21:00 hLUGAR: Centre d\u2019Estudis Avan\u00e7ats de Blanes (CEAB-CSIC), c. d\u2019Acc\u00e9s a la Cala Sant\",\n\t\t\t\t\t\t\t  \t\"location\":{\n\t\t\t\t\t\t\t\t\t\t\"@type\":\"Place\",\n\t\t\t\t\t\t\t\t\t\t\"name\":\"CEAB-CSIC\",\n\t\t\t\t\t\t\t\t\t\t\"address\":\"14, carrer d\u2019Acc\u00e9s a la Cala Sant Francesc, Blanes\"\n\t\t\t\t\t\t\t  \t\t}\n\t\t\t\t\t\t\t }<\/script><\/div>\n\t\t\t\t<p class=\"desc_trig_outter\"><a data-gmap_status=\"null\" data-exlk=\"0\" style=\"border-color: #206177;padding-top: 215px;height: 310px;\" id=\"evc_1790362800241834\" class=\"desc_trig sin_val evcal_list_a\" data-ux_val=\"3\"  ><span class='event-img'><img src='https:\/\/www.blanescostabrava.cat\/wp-content\/uploads\/2026\/08\/nit_ceab_2025_autoria_e.mora_.jpg'><\/span><span class='evcal_cblock ' data-bgcolor='#206177' data-smon='septiembre' data-syr='2026'><span class='evo_start '><em class='date'>25<\/em><em class='month'>sep<\/em><em class='time'>7:00 pm<\/em><\/span><span class='evo_end only_time'><em class='time'>9:00 pm<\/em><\/span><em class='clear'><\/em><\/span><span class='evcal_desc evo_info hide_eventtopdata '  data-location_address=\"14, carrer d\u2019Acc\u00e9s a la Cala Sant Francesc, Blanes\" data-location_type=\"address\" data-location_name=\"CEAB-CSIC\" data-location_status=\"true\" ><span class='evo_above_title'><\/span><span class='evcal_desc2 evcal_event_title' itemprop='name'>Noche del CEAB 2026<\/span><span class='evo_below_title'><\/span><span class='evcal_desc_info' ><\/span><span class='evcal_desc3'><\/span><\/span><em class='clear'><\/em><\/p><\/a><div class='event_description evcal_eventcard ' style=\"display:none\"><div class='evo_metarow_directimg'><img src='https:\/\/www.blanescostabrava.cat\/wp-content\/uploads\/2026\/08\/nit_ceab_2025_autoria_e.mora_.jpg' \/><\/div><div class='evo_metarow_details evorow evcal_evdata_row bordb evcal_event_details'>\n\t\t\t\t\t\t\t<div class=\"event_excerpt\" style=\"display:none\"><h3 class=\"padb5 evo_h3\">Descripci\u00f3n<\/h3><p>D\u00cdA: Viernes 25 de septiembre de 2026HORA: De 19:00 a 21:00 hLUGAR: Centre d\u2019Estudis Avan\u00e7ats de Blanes (CEAB-CSIC), c. d\u2019Acc\u00e9s a la Cala Sant<\/p><\/div><span class='evcal_evdata_icons'><i class='fa fa-align-justify'><\/i><\/span>\n\t\t\t\t\t\t\t\n\t\t\t\t\t\t\t<div class='evcal_evdata_cell shorter_desc'><div class='eventon_details_shading_bot'>\n\t\t\t\t\t\t\t\t<p class='eventon_shad_p' content='less'><span class='ev_more_text' data-txt='less'>more<\/span><span class='ev_more_arrow'><\/span><\/p>\n\t\t\t\t\t\t\t<\/div><div class='eventon_full_description'>\n\t\t\t\t\t\t\t\t\t<h3 class='padb5 evo_h3'><span class='evcal_evdata_icons'><i class='fa fa-align-justify'><\/i><\/span>Descripci\u00f3n<\/h3><div class='eventon_desc_in' itemprop='description'>\n\t\t\t\t\t\t\t\t\t<p><strong>D\u00cdA<\/strong>: Viernes 25 de septiembre de 2026<br data-start=\"1432\" data-end=\"1435\" \/><strong>HORA:<\/strong> De 19:00 a 21:00 h<br data-start=\"1459\" data-end=\"1462\" \/><strong>LUGAR<\/strong>: Centre d\u2019Estudis Avan\u00e7ats de Blanes (CEAB-CSIC), c. d\u2019Acc\u00e9s a la Cala Sant Francesc, 14, Blanes<br data-start=\"1564\" data-end=\"1567\" \/><strong>DESCRIPCI\u00d3N<\/strong>: \u00abEl conocimiento al servicio de la naturaleza\u00bb. Actividad dedicada a descubrir c\u00f3mo la ciencia puede contribuir a proteger y recuperar el medio natural. Actividad gratuita con inscripci\u00f3n previa obligatoria debido al aforo limitado. https:\/\/www.ceab.csic.es\/agenda\/nit-del-ceab-2026\/<\/p>\n<\/div><div class='clear'><\/div>\n\t\t\t\t\t\t\t\t<\/div>\n\t\t\t\t\t\t\t<\/div>\n\t\t\t\t\t\t<\/div><div class='evo_metarow_time_location evorow bordb '>\n\t\t\t\t\t\t<div class='tb' >\n\t\t\t\t\t\t\t<div class='tbrow'>\n\t\t\t\t\t\t\t<div class='evcal_col50 bordr'>\n\t\t\t\t\t\t\t\t<div class='evcal_evdata_row evo_time'>\n\t\t\t\t\t\t\t\t\t<span class='evcal_evdata_icons'><i class='fa fa-clock-o'><\/i><\/span>\n\t\t\t\t\t\t\t\t\t<div class='evcal_evdata_cell'>\t\t\t\t\t\t\t\n\t\t\t\t\t\t\t\t\t\t<h3 class='evo_h3'><span class='evcal_evdata_icons'><i class='fa fa-clock-o'><\/i><\/span>Fecha<\/h3>\n\t\t\t\t\t\t\t\t\t\t<p>(Friday) 7:00 pm - 9:00 pm<\/p>\n\t\t\t\t\t\t\t\t\t<\/div>\n\t\t\t\t\t\t\t\t<\/div>\n\t\t\t\t\t\t\t<\/div><div class='evcal_col50'>\n\t\t\t\t\t\t\t\t<div class='evcal_evdata_row evo_location'>\n\t\t\t\t\t\t\t\t\t<span class='evcal_evdata_icons'><i class='fa fa-map-marker'><\/i><\/span>\n\t\t\t\t\t\t\t\t\t<div class='evcal_evdata_cell' data-loc_tax_id='6094'>\t\t\t\t\t\t\t\n\t\t\t\t\t\t\t\t\t\t<h3 class='evo_h3'><span class='evcal_evdata_icons'><i class='fa fa-map-marker'><\/i><\/span>Location<\/h3><p class='evo_location_name'>CEAB-CSIC<\/p><p class='evo_location_address'>14, carrer d\u2019Acc\u00e9s a la Cala Sant Francesc, Blanes<\/p>\n\t\t\t\t\t\t\t\t\t<\/div>\n\t\t\t\t\t\t\t\t<\/div>\n\t\t\t\t\t\t\t<\/div><div class='clear'><\/div>\n\t\t\t\t\t\t\t<\/div><\/div>\n\t\t\t\t\t\t<\/div>\t\t\t\t\t\t<div class='evo_metarow_ICS evorow bordb evcal_evdata_row'>\n\t\t\t\t\t\t\t<span class=\"evcal_evdata_icons\"><i class=\"fa fa-calendar\"><\/i><\/span>\n\t\t\t\t\t\t\t<div class='evcal_evdata_cell'>\n\t\t\t\t\t\t\t\t<p><a href='https:\/\/www.blanescostabrava.cat\/wp-admin\/admin-ajax.php?action=eventon_ics_download&amp;event_id=241834&amp;sunix=20260925T170000Z&amp;eunix=20260925T190000Z&amp;loca=14, carrer d\u2019Acc\u00e9s a la Cala Sant Francesc, Blanes&amp;locn=CEAB-CSIC' class='evo_ics_nCal' title='Add to your calendar'>Calendar<\/a><a href='\/\/www.google.com\/calendar\/event?action=TEMPLATE&amp;text=Noche+del+CEAB+2026&amp;dates=20260925T170000Z\/20260925T190000Z&amp;details=D%C3%8DA%3A+Viernes+25+de+septiembre+de+2026HORA%3A+De+19%3A00+a+21%3A00+hLUGAR%3A+Centre+d%E2%80%99Estudis+Avan%C3%A7ats+de+Blanes+%28CEAB-CSIC%29%2C+c.+d%E2%80%99Acc%C3%A9s+a+la+Cala+Sant&amp;location=CEAB-CSIC - 14%2C+carrer+d%E2%80%99Acc%C3%A9s+a+la+Cala+Sant+Francesc%2C+Blanes' target='_blank' class='evo_ics_gCal' title='Add to google calendar'>GoogleCal<\/a><\/p>\t\n\t\t\t\t\t\t\t<\/div>\t\t\t\t\t\t<\/div>\n\t\t\t\t\t\t<\/div><div class='clear end'><\/div><\/div><div id=\"event_242362\" class=\"eventon_list_event evo_eventtop  event hasbgimg\" data-event_id=\"242362\" data-time=\"1790362800-1790380200\" data-colr=\"#206177\" itemscope itemtype='http:\/\/schema.org\/Event' 48><div class=\"evo_boxtop\" style=\"background-image: url(https:\/\/www.blanescostabrava.cat\/wp-content\/uploads\/2025\/09\/\ud83d\udd2c-Nit-del-CEAB-2025Nit-Europea-de-la-Recerca-enguany-dedicada-a-lEcologia-i-a-la-Complexita.jpg); background-color:#206177;height:200px;\"><\/div><div class=\"evo_event_schema\" style=\"display:none\" ><a itemprop='url'  href='https:\/\/www.blanescostabrava.cat\/events\/nit-del-ceab-2026-el-coneixement-al-servei-de-la-natura\/'><\/a><span itemprop='name'  >Nit del CEAB 2026: \"El Coneixement al Servei de la Natura\"<\/span><meta itemprop='image' content='https:\/\/www.blanescostabrava.cat\/wp-content\/uploads\/2025\/09\/\ud83d\udd2c-Nit-del-CEAB-2025Nit-Europea-de-la-Recerca-enguany-dedicada-a-lEcologia-i-a-la-Complexita.jpg' ><\/meta><meta itemprop='description' content='DIA: 25 de setembre\r\nHORA: 19.00 h\r\nLLOC: CEAB (c. acc\u00e9s Cala Sant Francesc, 14)\r\nDESCRIPCI\u00d3: Nit oberta del CEAB. Entrada gratu\u00efta, reserva pr\u00e8via.' ><\/meta><meta itemprop='startDate' content='2026-9-25' ><\/meta><meta itemprop='endDate' content='2026-9-25' ><\/meta><meta itemprop='eventStatus' content='on-schedule' ><\/meta><script type=\"application\/ld+json\">{\t\"@context\": \"http:\/\/schema.org\",\n\t\t\t\t\t\t\t  \t\"@type\": \"Event\",\n\t\t\t\t\t\t\t  \t\"name\": \"Nit del CEAB 2026: \"El Coneixement al Servei de la Natura\"\",\n\t\t\t\t\t\t\t  \t\"startDate\": \"2026-9-25T19-19-00-00\",\n\t\t\t\t\t\t\t  \t\"endDate\": \"2026-9-25T23-23-50-00\",\n\t\t\t\t\t\t\t  \t\"image\":\"https:\/\/www.blanescostabrava.cat\/wp-content\/uploads\/2025\/09\/\ud83d\udd2c-Nit-del-CEAB-2025Nit-Europea-de-la-Recerca-enguany-dedicada-a-lEcologia-i-a-la-Complexita-300x225.jpg\",\n\t\t\t\t\t\t\t  \t\"description\":\"DIA: 25 de setembre\r\nHORA: 19.00 h\r\nLLOC: CEAB (c. acc\u00e9s Cala Sant Francesc, 14)\r\nDESCRIPCI\u00d3: Nit oberta del CEAB. Entrada gratu\u00efta, reserva pr\u00e8via.\",\n\t\t\t\t\t\t\t  \t\n\t\t\t\t\t\t\t }<\/script><\/div>\n\t\t\t\t<p class=\"desc_trig_outter\"><a data-gmap_status=\"null\" data-exlk=\"0\" style=\"border-color: #206177;padding-top: 215px;height: 310px;\" id=\"evc_1790362800242362\" class=\"desc_trig sin_val evcal_list_a\" data-ux_val=\"3\"  ><span class='event-img'><img src='https:\/\/www.blanescostabrava.cat\/wp-content\/uploads\/2025\/09\/\ud83d\udd2c-Nit-del-CEAB-2025Nit-Europea-de-la-Recerca-enguany-dedicada-a-lEcologia-i-a-la-Complexita.jpg'><\/span><span class='evcal_cblock ' data-bgcolor='#206177' data-smon='septiembre' data-syr='2026'><span class='evo_start '><em class='date'>25<\/em><em class='month'>sep<\/em><em class='time'>7:00 pm<\/em><\/span><em class='clear'><\/em><\/span><span class='evcal_desc evo_info hide_eventtopdata '  data-location_status=\"false\" ><span class='evo_above_title'><\/span><span class='evcal_desc2 evcal_event_title' itemprop='name'>Nit del CEAB 2026: \"El Coneixement al Servei de la Natura\"<\/span><span class='evo_below_title'><\/span><span class='evcal_desc_info' ><\/span><span class='evcal_desc3'><\/span><\/span><em class='clear'><\/em><\/p><\/a><div class='event_description evcal_eventcard ' style=\"display:none\"><div class='evo_metarow_directimg'><img src='https:\/\/www.blanescostabrava.cat\/wp-content\/uploads\/2025\/09\/\ud83d\udd2c-Nit-del-CEAB-2025Nit-Europea-de-la-Recerca-enguany-dedicada-a-lEcologia-i-a-la-Complexita.jpg' \/><\/div><div class='evo_metarow_details evorow evcal_evdata_row bordb evcal_event_details'>\n\t\t\t\t\t\t\t<div class=\"event_excerpt\" style=\"display:none\"><h3 class=\"padb5 evo_h3\">Descripci\u00f3n<\/h3><p>DIA: 25 de setembre\r\nHORA: 19.00 h\r\nLLOC: CEAB (c. acc\u00e9s Cala Sant Francesc, 14)\r\nDESCRIPCI\u00d3: Nit oberta del CEAB. Entrada gratu\u00efta, reserva pr\u00e8via.<\/p><\/div><span class='evcal_evdata_icons'><i class='fa fa-align-justify'><\/i><\/span>\n\t\t\t\t\t\t\t\n\t\t\t\t\t\t\t<div class='evcal_evdata_cell '><div class='eventon_full_description'>\n\t\t\t\t\t\t\t\t\t<h3 class='padb5 evo_h3'><span class='evcal_evdata_icons'><i class='fa fa-align-justify'><\/i><\/span>Descripci\u00f3n<\/h3><div class='eventon_desc_in' itemprop='description'>\n\t\t\t\t\t\t\t\t\t<p>DIA: 25 de setembre<br \/>\nHORA: 19.00 h<br \/>\nLLOC: CEAB (c. acc\u00e9s Cala Sant Francesc, 14)<br \/>\nDESCRIPCI\u00d3: Nit oberta del CEAB. Entrada gratu\u00efta, reserva pr\u00e8via.<\/p>\n<\/div><div class='clear'><\/div>\n\t\t\t\t\t\t\t\t<\/div>\n\t\t\t\t\t\t\t<\/div>\n\t\t\t\t\t\t<\/div><div class='evo_metarow_time_location evorow bordb '>\n\t\t\t\t\t\t<div class='tb' >\n\t\t\t\t\t\t\t<div class='tbrow'>\n\t\t\t\t\t\t\t<div class='evcal_col50 bordr'>\n\t\t\t\t\t\t\t\t<div class='evcal_evdata_row evo_time'>\n\t\t\t\t\t\t\t\t\t<span class='evcal_evdata_icons'><i class='fa fa-clock-o'><\/i><\/span>\n\t\t\t\t\t\t\t\t\t<div class='evcal_evdata_cell'>\t\t\t\t\t\t\t\n\t\t\t\t\t\t\t\t\t\t<h3 class='evo_h3'><span class='evcal_evdata_icons'><i class='fa fa-clock-o'><\/i><\/span>Fecha<\/h3>\n\t\t\t\t\t\t\t\t\t\t<p>(Friday) 7:00 pm<\/p>\n\t\t\t\t\t\t\t\t\t<\/div>\n\t\t\t\t\t\t\t\t<\/div>\n\t\t\t\t\t\t\t<\/div><div class='evcal_col50'>\n\t\t\t\t\t\t\t\t<div class='evcal_evdata_row evo_location'>\n\t\t\t\t\t\t\t\t\t<span class='evcal_evdata_icons'><i class='fa fa-map-marker'><\/i><\/span>\n\t\t\t\t\t\t\t\t\t<div class='evcal_evdata_cell' data-loc_tax_id='6091'>\t\t\t\t\t\t\t\n\t\t\t\t\t\t\t\t\t\t<h3 class='evo_h3'><span class='evcal_evdata_icons'><i class='fa fa-map-marker'><\/i><\/span>Location<\/h3><p class='evo_location_name'>CEAB\u2011CSIC<\/p><p class='evo_location_address'><\/p>\n\t\t\t\t\t\t\t\t\t<\/div>\n\t\t\t\t\t\t\t\t<\/div>\n\t\t\t\t\t\t\t<\/div><div class='clear'><\/div>\n\t\t\t\t\t\t\t<\/div><\/div>\n\t\t\t\t\t\t<\/div>\t\t\t\t\t\t<div class='evo_metarow_ICS evorow bordb evcal_evdata_row'>\n\t\t\t\t\t\t\t<span class=\"evcal_evdata_icons\"><i class=\"fa fa-calendar\"><\/i><\/span>\n\t\t\t\t\t\t\t<div class='evcal_evdata_cell'>\n\t\t\t\t\t\t\t\t<p><a href='https:\/\/www.blanescostabrava.cat\/wp-admin\/admin-ajax.php?action=eventon_ics_download&amp;event_id=242362&amp;sunix=20260925T170000Z&amp;eunix=20260925T215000Z&amp;loca=&amp;locn=CEAB\u2011CSIC' class='evo_ics_nCal' title='Add to your calendar'>Calendar<\/a><a href='\/\/www.google.com\/calendar\/event?action=TEMPLATE&amp;text=Nit+del+CEAB+2026%3A+%22El+Coneixement+al+Servei+de+la+Natura%22&amp;dates=20260925T170000Z\/20260925T215000Z&amp;details=DIA%3A+25+de+setembre%0D%0AHORA%3A+19.00+h%0D%0ALLOC%3A+CEAB+%28c.+acc%C3%A9s+Cala+Sant+Francesc%2C+14%29%0D%0ADESCRIPCI%C3%93%3A+Nit+oberta+del+CEAB.+Entrada+gratu%C3%AFta%2C+reserva+pr%C3%A8via.&amp;location=CEAB%E2%80%91CSIC - ' target='_blank' class='evo_ics_gCal' title='Add to google calendar'>GoogleCal<\/a><\/p>\t\n\t\t\t\t\t\t\t<\/div>\t\t\t\t\t\t<\/div>\n\t\t\t\t\t\t<\/div><div class='clear end'><\/div><\/div><div id=\"event_242374\" class=\"eventon_list_event evo_eventtop  event hasbgimg\" data-event_id=\"242374\" data-time=\"1790366400-1790380200\" data-colr=\"#206177\" itemscope itemtype='http:\/\/schema.org\/Event' 49><div class=\"evo_boxtop\" style=\"background-image: url(https:\/\/www.blanescostabrava.cat\/wp-content\/uploads\/2026\/08\/554761784197781_2.png.webp); background-color:#206177;height:200px;\"><\/div><div class=\"evo_event_schema\" style=\"display:none\" ><a itemprop='url'  href='https:\/\/www.blanescostabrava.cat\/events\/teatre-monoleg-a-la-taula-de-la-cuina-teresa-gelpi\/'><\/a><span itemprop='name'  >Teatre-Mon\u00f2leg: \"A la Taula de la Cuina\" - Teresa Gelp\u00ed<\/span><meta itemprop='image' content='https:\/\/www.blanescostabrava.cat\/wp-content\/uploads\/2026\/08\/554761784197781_2.png.webp' ><\/meta><meta itemprop='description' content='DIA: 25 de setembre\r\nHORA: 20.00 h\r\nLLOC: Casa Saladrigas\r\nDESCRIPCI\u00d3: Teatre-mon\u00f2leg de Teresa Gelp\u00ed, dins el Cicle Talent Blanenc.' ><\/meta><meta itemprop='startDate' content='2026-9-25' ><\/meta><meta itemprop='endDate' content='2026-9-25' ><\/meta><meta itemprop='eventStatus' content='on-schedule' ><\/meta><script type=\"application\/ld+json\">{\t\"@context\": \"http:\/\/schema.org\",\n\t\t\t\t\t\t\t  \t\"@type\": \"Event\",\n\t\t\t\t\t\t\t  \t\"name\": \"Teatre-Mon\u00f2leg: \"A la Taula de la Cuina\" - Teresa Gelp\u00ed\",\n\t\t\t\t\t\t\t  \t\"startDate\": \"2026-9-25T20-20-00-00\",\n\t\t\t\t\t\t\t  \t\"endDate\": \"2026-9-25T23-23-50-00\",\n\t\t\t\t\t\t\t  \t\"image\":\"https:\/\/www.blanescostabrava.cat\/wp-content\/uploads\/2026\/08\/554761784197781_2.png-300x300.webp\",\n\t\t\t\t\t\t\t  \t\"description\":\"DIA: 25 de setembre\r\nHORA: 20.00 h\r\nLLOC: Casa Saladrigas\r\nDESCRIPCI\u00d3: Teatre-mon\u00f2leg de Teresa Gelp\u00ed, dins el Cicle Talent Blanenc.\",\n\t\t\t\t\t\t\t  \t\n\t\t\t\t\t\t\t }<\/script><\/div>\n\t\t\t\t<p class=\"desc_trig_outter\"><a data-gmap_status=\"null\" data-exlk=\"0\" style=\"border-color: #206177;padding-top: 215px;height: 310px;\" id=\"evc_1790366400242374\" class=\"desc_trig sin_val evcal_list_a\" data-ux_val=\"3\"  ><span class='event-img'><img src='https:\/\/www.blanescostabrava.cat\/wp-content\/uploads\/2026\/08\/554761784197781_2.png.webp'><\/span><span class='evcal_cblock ' data-bgcolor='#206177' data-smon='septiembre' data-syr='2026'><span class='evo_start '><em class='date'>25<\/em><em class='month'>sep<\/em><em class='time'>8:00 pm<\/em><\/span><em class='clear'><\/em><\/span><span class='evcal_desc evo_info hide_eventtopdata '  data-location_status=\"false\" ><span class='evo_above_title'><\/span><span class='evcal_desc2 evcal_event_title' itemprop='name'>Teatre-Mon\u00f2leg: \"A la Taula de la Cuina\" - Teresa Gelp\u00ed<\/span><span class='evo_below_title'><\/span><span class='evcal_desc_info' ><\/span><span class='evcal_desc3'><\/span><\/span><em class='clear'><\/em><\/p><\/a><div class='event_description evcal_eventcard ' style=\"display:none\"><div class='evo_metarow_directimg'><img src='https:\/\/www.blanescostabrava.cat\/wp-content\/uploads\/2026\/08\/554761784197781_2.png.webp' \/><\/div><div class='evo_metarow_details evorow evcal_evdata_row bordb evcal_event_details'>\n\t\t\t\t\t\t\t<div class=\"event_excerpt\" style=\"display:none\"><h3 class=\"padb5 evo_h3\">Descripci\u00f3n<\/h3><p>DIA: 25 de setembre\r\nHORA: 20.00 h\r\nLLOC: Casa Saladrigas\r\nDESCRIPCI\u00d3: Teatre-mon\u00f2leg de Teresa Gelp\u00ed, dins el Cicle Talent Blanenc.<\/p><\/div><span class='evcal_evdata_icons'><i class='fa fa-align-justify'><\/i><\/span>\n\t\t\t\t\t\t\t\n\t\t\t\t\t\t\t<div class='evcal_evdata_cell '><div class='eventon_full_description'>\n\t\t\t\t\t\t\t\t\t<h3 class='padb5 evo_h3'><span class='evcal_evdata_icons'><i class='fa fa-align-justify'><\/i><\/span>Descripci\u00f3n<\/h3><div class='eventon_desc_in' itemprop='description'>\n\t\t\t\t\t\t\t\t\t<p>DIA: 25 de setembre<br \/>\nHORA: 20.00 h<br \/>\nLLOC: Casa Saladrigas<br \/>\nDESCRIPCI\u00d3: Teatre-mon\u00f2leg de Teresa Gelp\u00ed, dins el Cicle Talent Blanenc.<\/p>\n<\/div><div class='clear'><\/div>\n\t\t\t\t\t\t\t\t<\/div>\n\t\t\t\t\t\t\t<\/div>\n\t\t\t\t\t\t<\/div><div class='evo_metarow_time_location evorow bordb '>\n\t\t\t\t\t\t<div class='tb' >\n\t\t\t\t\t\t\t<div class='tbrow'>\n\t\t\t\t\t\t\t<div class='evcal_col50 bordr'>\n\t\t\t\t\t\t\t\t<div class='evcal_evdata_row evo_time'>\n\t\t\t\t\t\t\t\t\t<span class='evcal_evdata_icons'><i class='fa fa-clock-o'><\/i><\/span>\n\t\t\t\t\t\t\t\t\t<div class='evcal_evdata_cell'>\t\t\t\t\t\t\t\n\t\t\t\t\t\t\t\t\t\t<h3 class='evo_h3'><span class='evcal_evdata_icons'><i class='fa fa-clock-o'><\/i><\/span>Fecha<\/h3>\n\t\t\t\t\t\t\t\t\t\t<p>(Friday) 8:00 pm<\/p>\n\t\t\t\t\t\t\t\t\t<\/div>\n\t\t\t\t\t\t\t\t<\/div>\n\t\t\t\t\t\t\t<\/div><div class='evcal_col50'>\n\t\t\t\t\t\t\t\t<div class='evcal_evdata_row evo_location'>\n\t\t\t\t\t\t\t\t\t<span class='evcal_evdata_icons'><i class='fa fa-map-marker'><\/i><\/span>\n\t\t\t\t\t\t\t\t\t<div class='evcal_evdata_cell' data-loc_tax_id='2425'>\t\t\t\t\t\t\t\n\t\t\t\t\t\t\t\t\t\t<h3 class='evo_h3'><span class='evcal_evdata_icons'><i class='fa fa-map-marker'><\/i><\/span>Location<\/h3><p class='evo_location_name'>Casa Saladrigas<\/p><p class='evo_location_address'><\/p>\n\t\t\t\t\t\t\t\t\t<\/div>\n\t\t\t\t\t\t\t\t<\/div>\n\t\t\t\t\t\t\t<\/div><div class='clear'><\/div>\n\t\t\t\t\t\t\t<\/div><\/div>\n\t\t\t\t\t\t<\/div>\t\t\t\t\t\t<div class='evo_metarow_ICS evorow bordb evcal_evdata_row'>\n\t\t\t\t\t\t\t<span class=\"evcal_evdata_icons\"><i class=\"fa fa-calendar\"><\/i><\/span>\n\t\t\t\t\t\t\t<div class='evcal_evdata_cell'>\n\t\t\t\t\t\t\t\t<p><a href='https:\/\/www.blanescostabrava.cat\/wp-admin\/admin-ajax.php?action=eventon_ics_download&amp;event_id=242374&amp;sunix=20260925T180000Z&amp;eunix=20260925T215000Z&amp;loca=&amp;locn=Casa Saladrigas' class='evo_ics_nCal' title='Add to your calendar'>Calendar<\/a><a href='\/\/www.google.com\/calendar\/event?action=TEMPLATE&amp;text=Teatre-Mon%C3%B2leg%3A+%22A+la+Taula+de+la+Cuina%22+-+Teresa+Gelp%C3%AD&amp;dates=20260925T180000Z\/20260925T215000Z&amp;details=DIA%3A+25+de+setembre%0D%0AHORA%3A+20.00+h%0D%0ALLOC%3A+Casa+Saladrigas%0D%0ADESCRIPCI%C3%93%3A+Teatre-mon%C3%B2leg+de+Teresa+Gelp%C3%AD%2C+dins+el+Cicle+Talent+Blanenc.&amp;location=Casa+Saladrigas - ' target='_blank' class='evo_ics_gCal' title='Add to google calendar'>GoogleCal<\/a><\/p>\t\n\t\t\t\t\t\t\t<\/div>\t\t\t\t\t\t<\/div>\n\t\t\t\t\t\t<\/div><div class='clear end'><\/div><\/div><div id=\"event_242386\" class=\"eventon_list_event evo_eventtop  event hasbgimg\" data-event_id=\"242386\" data-time=\"1790452800-1790466600\" data-colr=\"#206177\" itemscope itemtype='http:\/\/schema.org\/Event' 50><div class=\"evo_boxtop\" style=\"background-image: url(https:\/\/www.blanescostabrava.cat\/wp-content\/uploads\/2026\/08\/xavierdotrastrio-imatges-talentblanenc-fototrio.webp-1740x1160-1.webp); background-color:#206177;height:200px;\"><\/div><div class=\"evo_event_schema\" style=\"display:none\" ><a itemprop='url'  href='https:\/\/www.blanescostabrava.cat\/events\/concert-xavier-dotras-trio\/'><\/a><span itemprop='name'  >Concert \"Xavier Dotras Trio\"<\/span><meta itemprop='image' content='https:\/\/www.blanescostabrava.cat\/wp-content\/uploads\/2026\/08\/xavierdotrastrio-imatges-talentblanenc-fototrio.webp-1740x1160-1.webp' ><\/meta><meta itemprop='description' content='DIA: 26 de setembre\r\nHORA: 20.00 h\r\nLLOC: Teatre de Blanes\r\nDESCRIPCI\u00d3: Concert del Xavier Dotras Trio, dins el Cicle Teatre Blanenc.' ><\/meta><meta itemprop='startDate' content='2026-9-26' ><\/meta><meta itemprop='endDate' content='2026-9-26' ><\/meta><meta itemprop='eventStatus' content='on-schedule' ><\/meta><script type=\"application\/ld+json\">{\t\"@context\": \"http:\/\/schema.org\",\n\t\t\t\t\t\t\t  \t\"@type\": \"Event\",\n\t\t\t\t\t\t\t  \t\"name\": \"Concert \"Xavier Dotras Trio\"\",\n\t\t\t\t\t\t\t  \t\"startDate\": \"2026-9-26T20-20-00-00\",\n\t\t\t\t\t\t\t  \t\"endDate\": \"2026-9-26T23-23-50-00\",\n\t\t\t\t\t\t\t  \t\"image\":\"https:\/\/www.blanescostabrava.cat\/wp-content\/uploads\/2026\/08\/xavierdotrastrio-imatges-talentblanenc-fototrio.webp-1740x1160-1-300x200.webp\",\n\t\t\t\t\t\t\t  \t\"description\":\"DIA: 26 de setembre\r\nHORA: 20.00 h\r\nLLOC: Teatre de Blanes\r\nDESCRIPCI\u00d3: Concert del Xavier Dotras Trio, dins el Cicle Teatre Blanenc.\",\n\t\t\t\t\t\t\t  \t\n\t\t\t\t\t\t\t }<\/script><\/div>\n\t\t\t\t<p class=\"desc_trig_outter\"><a data-gmap_status=\"null\" data-exlk=\"0\" style=\"border-color: #206177;padding-top: 215px;height: 310px;\" id=\"evc_1790452800242386\" class=\"desc_trig sin_val evcal_list_a\" data-ux_val=\"3\"  ><span class='event-img'><img src='https:\/\/www.blanescostabrava.cat\/wp-content\/uploads\/2026\/08\/xavierdotrastrio-imatges-talentblanenc-fototrio.webp-1740x1160-1.webp'><\/span><span class='evcal_cblock ' data-bgcolor='#206177' data-smon='septiembre' data-syr='2026'><span class='evo_start '><em class='date'>26<\/em><em class='month'>sep<\/em><em class='time'>8:00 pm<\/em><\/span><em class='clear'><\/em><\/span><span class='evcal_desc evo_info hide_eventtopdata '  data-location_status=\"false\" ><span class='evo_above_title'><\/span><span class='evcal_desc2 evcal_event_title' itemprop='name'>Concert \"Xavier Dotras Trio\"<\/span><span class='evo_below_title'><\/span><span class='evcal_desc_info' ><\/span><span class='evcal_desc3'><\/span><\/span><em class='clear'><\/em><\/p><\/a><div class='event_description evcal_eventcard ' style=\"display:none\"><div class='evo_metarow_directimg'><img src='https:\/\/www.blanescostabrava.cat\/wp-content\/uploads\/2026\/08\/xavierdotrastrio-imatges-talentblanenc-fototrio.webp-1740x1160-1.webp' \/><\/div><div class='evo_metarow_details evorow evcal_evdata_row bordb evcal_event_details'>\n\t\t\t\t\t\t\t<div class=\"event_excerpt\" style=\"display:none\"><h3 class=\"padb5 evo_h3\">Descripci\u00f3n<\/h3><p>DIA: 26 de setembre\r\nHORA: 20.00 h\r\nLLOC: Teatre de Blanes\r\nDESCRIPCI\u00d3: Concert del Xavier Dotras Trio, dins el Cicle Teatre Blanenc.<\/p><\/div><span class='evcal_evdata_icons'><i class='fa fa-align-justify'><\/i><\/span>\n\t\t\t\t\t\t\t\n\t\t\t\t\t\t\t<div class='evcal_evdata_cell '><div class='eventon_full_description'>\n\t\t\t\t\t\t\t\t\t<h3 class='padb5 evo_h3'><span class='evcal_evdata_icons'><i class='fa fa-align-justify'><\/i><\/span>Descripci\u00f3n<\/h3><div class='eventon_desc_in' itemprop='description'>\n\t\t\t\t\t\t\t\t\t<p>DIA: 26 de setembre<br \/>\nHORA: 20.00 h<br \/>\nLLOC: Teatre de Blanes<br \/>\nDESCRIPCI\u00d3: Concert del Xavier Dotras Trio, dins el Cicle Teatre Blanenc.<\/p>\n<\/div><div class='clear'><\/div>\n\t\t\t\t\t\t\t\t<\/div>\n\t\t\t\t\t\t\t<\/div>\n\t\t\t\t\t\t<\/div><div class='evo_metarow_time_location evorow bordb '>\n\t\t\t\t\t\t<div class='tb' >\n\t\t\t\t\t\t\t<div class='tbrow'>\n\t\t\t\t\t\t\t<div class='evcal_col50 bordr'>\n\t\t\t\t\t\t\t\t<div class='evcal_evdata_row evo_time'>\n\t\t\t\t\t\t\t\t\t<span class='evcal_evdata_icons'><i class='fa fa-clock-o'><\/i><\/span>\n\t\t\t\t\t\t\t\t\t<div class='evcal_evdata_cell'>\t\t\t\t\t\t\t\n\t\t\t\t\t\t\t\t\t\t<h3 class='evo_h3'><span class='evcal_evdata_icons'><i class='fa fa-clock-o'><\/i><\/span>Fecha<\/h3>\n\t\t\t\t\t\t\t\t\t\t<p>(Saturday) 8:00 pm<\/p>\n\t\t\t\t\t\t\t\t\t<\/div>\n\t\t\t\t\t\t\t\t<\/div>\n\t\t\t\t\t\t\t<\/div><div class='evcal_col50'>\n\t\t\t\t\t\t\t\t<div class='evcal_evdata_row evo_location'>\n\t\t\t\t\t\t\t\t\t<span class='evcal_evdata_icons'><i class='fa fa-map-marker'><\/i><\/span>\n\t\t\t\t\t\t\t\t\t<div class='evcal_evdata_cell' data-loc_tax_id='2217'>\t\t\t\t\t\t\t\n\t\t\t\t\t\t\t\t\t\t<h3 class='evo_h3'><span class='evcal_evdata_icons'><i class='fa fa-map-marker'><\/i><\/span>Location<\/h3><p class='evo_location_name'>Teatre de Blanes<\/p><p class='evo_location_address'><\/p>\n\t\t\t\t\t\t\t\t\t<\/div>\n\t\t\t\t\t\t\t\t<\/div>\n\t\t\t\t\t\t\t<\/div><div class='clear'><\/div>\n\t\t\t\t\t\t\t<\/div><\/div>\n\t\t\t\t\t\t<\/div>\t\t\t\t\t\t<div class='evo_metarow_ICS evorow bordb evcal_evdata_row'>\n\t\t\t\t\t\t\t<span class=\"evcal_evdata_icons\"><i class=\"fa fa-calendar\"><\/i><\/span>\n\t\t\t\t\t\t\t<div class='evcal_evdata_cell'>\n\t\t\t\t\t\t\t\t<p><a href='https:\/\/www.blanescostabrava.cat\/wp-admin\/admin-ajax.php?action=eventon_ics_download&amp;event_id=242386&amp;sunix=20260926T180000Z&amp;eunix=20260926T215000Z&amp;loca=&amp;locn=Teatre de Blanes' class='evo_ics_nCal' title='Add to your calendar'>Calendar<\/a><a href='\/\/www.google.com\/calendar\/event?action=TEMPLATE&amp;text=Concert+%22Xavier+Dotras+Trio%22&amp;dates=20260926T180000Z\/20260926T215000Z&amp;details=DIA%3A+26+de+setembre%0D%0AHORA%3A+20.00+h%0D%0ALLOC%3A+Teatre+de+Blanes%0D%0ADESCRIPCI%C3%93%3A+Concert+del+Xavier+Dotras+Trio%2C+dins+el+Cicle+Teatre+Blanenc.&amp;location=Teatre+de+Blanes - ' target='_blank' class='evo_ics_gCal' title='Add to google calendar'>GoogleCal<\/a><\/p>\t\n\t\t\t\t\t\t\t<\/div>\t\t\t\t\t\t<\/div>\n\t\t\t\t\t\t<\/div><div class='clear end'><\/div><\/div><div id=\"event_242398\" class=\"eventon_list_event evo_eventtop  event hasbgimg\" data-event_id=\"242398\" data-time=\"1790492400-1790553000\" data-colr=\"#206177\" itemscope itemtype='http:\/\/schema.org\/Event' 51><div class=\"evo_boxtop\" style=\"background-image: url(https:\/\/www.blanescostabrava.cat\/wp-content\/uploads\/2018\/04\/ALBA-1-1.jpg); background-color:#206177;height:200px;\"><\/div><div class=\"evo_event_schema\" style=\"display:none\" ><a itemprop='url'  href='https:\/\/www.blanescostabrava.cat\/events\/xxiii-missa-de-lalba\/'><\/a><span itemprop='name'  >XXIII Missa de l'Alba<\/span><meta itemprop='image' content='https:\/\/www.blanescostabrava.cat\/wp-content\/uploads\/2018\/04\/ALBA-1-1.jpg' ><\/meta><meta itemprop='description' content='DIA: 27 de setembre\r\nHORA: 7.00 h\r\nLLOC: Roca de Sa Palomera\r\nDESCRIPCI\u00d3: XXIII edici\u00f3 de la Missa de l'Alba.' ><\/meta><meta itemprop='startDate' content='2026-9-27' ><\/meta><meta itemprop='endDate' content='2026-9-27' ><\/meta><meta itemprop='eventStatus' content='on-schedule' ><\/meta>\n\t\t\t\t\t\t\t\t\t<item style=\"display:none\" itemprop=\"location\" itemscope itemtype=\"http:\/\/schema.org\/Place\">\n\t\t\t\t\t\t\t\t\t\t<span itemprop=\"name\">Roca de sa Palomera<\/span>\n\t\t\t\t\t\t\t\t\t\t<span itemprop=\"address\" itemscope itemtype=\"http:\/\/schema.org\/PostalAddress\">\n\t\t\t\t\t\t\t\t\t\t\t<item itemprop=\"streetAddress\"><\/item>\n\t\t\t\t\t\t\t\t\t\t<\/span><\/item><script type=\"application\/ld+json\">{\t\"@context\": \"http:\/\/schema.org\",\n\t\t\t\t\t\t\t  \t\"@type\": \"Event\",\n\t\t\t\t\t\t\t  \t\"name\": \"XXIII Missa de l'Alba\",\n\t\t\t\t\t\t\t  \t\"startDate\": \"2026-9-27T07-07-00-00\",\n\t\t\t\t\t\t\t  \t\"endDate\": \"2026-9-27T23-23-50-00\",\n\t\t\t\t\t\t\t  \t\"image\":\"https:\/\/www.blanescostabrava.cat\/wp-content\/uploads\/2018\/04\/ALBA-1-1-300x237.jpg\",\n\t\t\t\t\t\t\t  \t\"description\":\"DIA: 27 de setembre\r\nHORA: 7.00 h\r\nLLOC: Roca de Sa Palomera\r\nDESCRIPCI\u00d3: XXIII edici\u00f3 de la Missa de l'Alba.\",\n\t\t\t\t\t\t\t  \t\n\t\t\t\t\t\t\t }<\/script><\/div>\n\t\t\t\t<p class=\"desc_trig_outter\"><a data-gmap_status=\"null\" data-exlk=\"0\" style=\"border-color: #206177;padding-top: 215px;height: 310px;\" id=\"evc_1790492400242398\" class=\"desc_trig sin_val evcal_list_a\" data-ux_val=\"3\"  ><span class='event-img'><img src='https:\/\/www.blanescostabrava.cat\/wp-content\/uploads\/2018\/04\/ALBA-1-1.jpg'><\/span><span class='evcal_cblock ' data-bgcolor='#206177' data-smon='septiembre' data-syr='2026'><span class='evo_start '><em class='date'>27<\/em><em class='month'>sep<\/em><em class='time'>7:00 am<\/em><\/span><em class='clear'><\/em><\/span><span class='evcal_desc evo_info hide_eventtopdata ' data-latlng=\"41\u00b040\\'18.8\\'N,2\u00b047\\'27.5\\'E\"  data-location_address=\"\" data-location_type=\"lonlat\" data-location_name=\"Roca de sa Palomera\" data-location_status=\"true\" ><span class='evo_above_title'><\/span><span class='evcal_desc2 evcal_event_title' itemprop='name'>XXIII Missa de l'Alba<\/span><span class='evo_below_title'><\/span><span class='evcal_desc_info' ><\/span><span class='evcal_desc3'><\/span><\/span><em class='clear'><\/em><\/p><\/a><div class='event_description evcal_eventcard ' style=\"display:none\"><div class='evo_metarow_directimg'><img src='https:\/\/www.blanescostabrava.cat\/wp-content\/uploads\/2018\/04\/ALBA-1-1.jpg' \/><\/div><div class='evo_metarow_details evorow evcal_evdata_row bordb evcal_event_details'>\n\t\t\t\t\t\t\t<div class=\"event_excerpt\" style=\"display:none\"><h3 class=\"padb5 evo_h3\">Descripci\u00f3n<\/h3><p>DIA: 27 de setembre\r\nHORA: 7.00 h\r\nLLOC: Roca de Sa Palomera\r\nDESCRIPCI\u00d3: XXIII edici\u00f3 de la Missa de l'Alba.<\/p><\/div><span class='evcal_evdata_icons'><i class='fa fa-align-justify'><\/i><\/span>\n\t\t\t\t\t\t\t\n\t\t\t\t\t\t\t<div class='evcal_evdata_cell '><div class='eventon_full_description'>\n\t\t\t\t\t\t\t\t\t<h3 class='padb5 evo_h3'><span class='evcal_evdata_icons'><i class='fa fa-align-justify'><\/i><\/span>Descripci\u00f3n<\/h3><div class='eventon_desc_in' itemprop='description'>\n\t\t\t\t\t\t\t\t\t<p>DIA: 27 de setembre<br \/>\nHORA: 7.00 h<br \/>\nLLOC: Roca de Sa Palomera<br \/>\nDESCRIPCI\u00d3: XXIII edici\u00f3 de la Missa de l&#8217;Alba.<\/p>\n<\/div><div class='clear'><\/div>\n\t\t\t\t\t\t\t\t<\/div>\n\t\t\t\t\t\t\t<\/div>\n\t\t\t\t\t\t<\/div><div class='evo_metarow_time_location evorow bordb '>\n\t\t\t\t\t\t<div class='tb' >\n\t\t\t\t\t\t\t<div class='tbrow'>\n\t\t\t\t\t\t\t<div class='evcal_col50 bordr'>\n\t\t\t\t\t\t\t\t<div class='evcal_evdata_row evo_time'>\n\t\t\t\t\t\t\t\t\t<span class='evcal_evdata_icons'><i class='fa fa-clock-o'><\/i><\/span>\n\t\t\t\t\t\t\t\t\t<div class='evcal_evdata_cell'>\t\t\t\t\t\t\t\n\t\t\t\t\t\t\t\t\t\t<h3 class='evo_h3'><span class='evcal_evdata_icons'><i class='fa fa-clock-o'><\/i><\/span>Fecha<\/h3>\n\t\t\t\t\t\t\t\t\t\t<p>(Sunday) 7:00 am<\/p>\n\t\t\t\t\t\t\t\t\t<\/div>\n\t\t\t\t\t\t\t\t<\/div>\n\t\t\t\t\t\t\t<\/div><div class='evcal_col50'>\n\t\t\t\t\t\t\t\t<div class='evcal_evdata_row evo_location'>\n\t\t\t\t\t\t\t\t\t<span class='evcal_evdata_icons'><i class='fa fa-map-marker'><\/i><\/span>\n\t\t\t\t\t\t\t\t\t<div class='evcal_evdata_cell' data-loc_tax_id='588'>\t\t\t\t\t\t\t\n\t\t\t\t\t\t\t\t\t\t<h3 class='evo_h3'><span class='evcal_evdata_icons'><i class='fa fa-map-marker'><\/i><\/span>Location<\/h3><p class='evo_location_name'>Roca de sa Palomera<\/p><p class='evo_location_address'><\/p>\n\t\t\t\t\t\t\t\t\t<\/div>\n\t\t\t\t\t\t\t\t<\/div>\n\t\t\t\t\t\t\t<\/div><div class='clear'><\/div>\n\t\t\t\t\t\t\t<\/div><\/div>\n\t\t\t\t\t\t<\/div>\t\t\t\t\t\t<div class='evo_metarow_ICS evorow bordb evcal_evdata_row'>\n\t\t\t\t\t\t\t<span class=\"evcal_evdata_icons\"><i class=\"fa fa-calendar\"><\/i><\/span>\n\t\t\t\t\t\t\t<div class='evcal_evdata_cell'>\n\t\t\t\t\t\t\t\t<p><a href='https:\/\/www.blanescostabrava.cat\/wp-admin\/admin-ajax.php?action=eventon_ics_download&amp;event_id=242398&amp;sunix=20260927T050000Z&amp;eunix=20260927T215000Z&amp;loca=&amp;locn=Roca de sa Palomera' class='evo_ics_nCal' title='Add to your calendar'>Calendar<\/a><a href='\/\/www.google.com\/calendar\/event?action=TEMPLATE&amp;text=XXIII+Missa+de+l%27Alba&amp;dates=20260927T050000Z\/20260927T215000Z&amp;details=DIA%3A+27+de+setembre%0D%0AHORA%3A+7.00+h%0D%0ALLOC%3A+Roca+de+Sa+Palomera%0D%0ADESCRIPCI%C3%93%3A+XXIII+edici%C3%B3+de+la+Missa+de+l%27Alba.&amp;location=Roca+de+sa+Palomera - ' target='_blank' class='evo_ics_gCal' title='Add to google calendar'>GoogleCal<\/a><\/p>\t\n\t\t\t\t\t\t\t<\/div>\t\t\t\t\t\t<\/div>\n\t\t\t\t\t\t<\/div><div class='clear end'><\/div><\/div><div id=\"event_242410\" class=\"eventon_list_event evo_eventtop  event hasbgimg\" data-event_id=\"242410\" data-time=\"1790497800-1790553000\" data-colr=\"#206177\" itemscope itemtype='http:\/\/schema.org\/Event' 52><div class=\"evo_boxtop\" style=\"background-image: url(https:\/\/www.blanescostabrava.cat\/wp-content\/uploads\/2020\/02\/marimurtra.jpg); background-color:#206177;height:200px;\"><\/div><div class=\"evo_event_schema\" style=\"display:none\" ><a itemprop='url'  href='https:\/\/www.blanescostabrava.cat\/events\/ioga-brunch-i-taller-daquarella-garten\/'><\/a><span itemprop='name'  >Ioga + Brunch i Taller d'Aquarel\u00b7la-gARTen<\/span><meta itemprop='image' content='https:\/\/www.blanescostabrava.cat\/wp-content\/uploads\/2020\/02\/marimurtra.jpg' ><\/meta><meta itemprop='description' content='DIA: 27 de setembre\r\nHORA: 8.30 h (taller d'aquarel\u00b7la a les 10.00 h)\r\nLLOC: Jard\u00ed Bot\u00e0nic Marimurtra\r\nDESCRIPCI\u00d3: Sessi\u00f3 de ioga seguida de brunch, i taller d'aquarel\u00b7la \"gARTen\".' ><\/meta><meta itemprop='startDate' content='2026-9-27' ><\/meta><meta itemprop='endDate' content='2026-9-27' ><\/meta><meta itemprop='eventStatus' content='on-schedule' ><\/meta><script type=\"application\/ld+json\">{\t\"@context\": \"http:\/\/schema.org\",\n\t\t\t\t\t\t\t  \t\"@type\": \"Event\",\n\t\t\t\t\t\t\t  \t\"name\": \"Ioga + Brunch i Taller d'Aquarel\u00b7la-gARTen\",\n\t\t\t\t\t\t\t  \t\"startDate\": \"2026-9-27T08-08-30-00\",\n\t\t\t\t\t\t\t  \t\"endDate\": \"2026-9-27T23-23-50-00\",\n\t\t\t\t\t\t\t  \t\"image\":\"https:\/\/www.blanescostabrava.cat\/wp-content\/uploads\/2020\/02\/marimurtra-300x194.jpg\",\n\t\t\t\t\t\t\t  \t\"description\":\"DIA: 27 de setembre\r\nHORA: 8.30 h (taller d'aquarel\u00b7la a les 10.00 h)\r\nLLOC: Jard\u00ed Bot\u00e0nic Marimurtra\r\nDESCRIPCI\u00d3: Sessi\u00f3 de ioga seguida de brunch, i taller d'aquarel\u00b7la gARTen.\",\n\t\t\t\t\t\t\t  \t\n\t\t\t\t\t\t\t }<\/script><\/div>\n\t\t\t\t<p class=\"desc_trig_outter\"><a data-gmap_status=\"null\" data-exlk=\"0\" style=\"border-color: #206177;padding-top: 215px;height: 310px;\" id=\"evc_1790497800242410\" class=\"desc_trig sin_val evcal_list_a\" data-ux_val=\"3\"  ><span class='event-img'><img src='https:\/\/www.blanescostabrava.cat\/wp-content\/uploads\/2020\/02\/marimurtra.jpg'><\/span><span class='evcal_cblock ' data-bgcolor='#206177' data-smon='septiembre' data-syr='2026'><span class='evo_start '><em class='date'>27<\/em><em class='month'>sep<\/em><em class='time'>8:30 am<\/em><\/span><em class='clear'><\/em><\/span><span class='evcal_desc evo_info hide_eventtopdata '  data-location_status=\"false\" ><span class='evo_above_title'><\/span><span class='evcal_desc2 evcal_event_title' itemprop='name'>Ioga + Brunch i Taller d'Aquarel\u00b7la-gARTen<\/span><span class='evo_below_title'><\/span><span class='evcal_desc_info' ><\/span><span class='evcal_desc3'><\/span><\/span><em class='clear'><\/em><\/p><\/a><div class='event_description evcal_eventcard ' style=\"display:none\"><div class='evo_metarow_directimg'><img src='https:\/\/www.blanescostabrava.cat\/wp-content\/uploads\/2020\/02\/marimurtra.jpg' alt=\"Jard\u00ed Bot\u00e0nic Marimurtra\"\/><\/div><div class='evo_metarow_details evorow evcal_evdata_row bordb evcal_event_details'>\n\t\t\t\t\t\t\t<div class=\"event_excerpt\" style=\"display:none\"><h3 class=\"padb5 evo_h3\">Descripci\u00f3n<\/h3><p>DIA: 27 de setembre\r\nHORA: 8.30 h (taller d'aquarel\u00b7la a les 10.00 h)\r\nLLOC: Jard\u00ed Bot\u00e0nic Marimurtra\r\nDESCRIPCI\u00d3: Sessi\u00f3 de ioga seguida de brunch, i taller d'aquarel\u00b7la \"gARTen\".<\/p><\/div><span class='evcal_evdata_icons'><i class='fa fa-align-justify'><\/i><\/span>\n\t\t\t\t\t\t\t\n\t\t\t\t\t\t\t<div class='evcal_evdata_cell '><div class='eventon_full_description'>\n\t\t\t\t\t\t\t\t\t<h3 class='padb5 evo_h3'><span class='evcal_evdata_icons'><i class='fa fa-align-justify'><\/i><\/span>Descripci\u00f3n<\/h3><div class='eventon_desc_in' itemprop='description'>\n\t\t\t\t\t\t\t\t\t<p>DIA: 27 de setembre<br \/>\nHORA: 8.30 h (taller d&#8217;aquarel\u00b7la a les 10.00 h)<br \/>\nLLOC: Jard\u00ed Bot\u00e0nic Marimurtra<br \/>\nDESCRIPCI\u00d3: Sessi\u00f3 de ioga seguida de brunch, i taller d&#8217;aquarel\u00b7la \u00abgARTen\u00bb.<\/p>\n<\/div><div class='clear'><\/div>\n\t\t\t\t\t\t\t\t<\/div>\n\t\t\t\t\t\t\t<\/div>\n\t\t\t\t\t\t<\/div><div class='evo_metarow_time_location evorow bordb '>\n\t\t\t\t\t\t<div class='tb' >\n\t\t\t\t\t\t\t<div class='tbrow'>\n\t\t\t\t\t\t\t<div class='evcal_col50 bordr'>\n\t\t\t\t\t\t\t\t<div class='evcal_evdata_row evo_time'>\n\t\t\t\t\t\t\t\t\t<span class='evcal_evdata_icons'><i class='fa fa-clock-o'><\/i><\/span>\n\t\t\t\t\t\t\t\t\t<div class='evcal_evdata_cell'>\t\t\t\t\t\t\t\n\t\t\t\t\t\t\t\t\t\t<h3 class='evo_h3'><span class='evcal_evdata_icons'><i class='fa fa-clock-o'><\/i><\/span>Fecha<\/h3>\n\t\t\t\t\t\t\t\t\t\t<p>(Sunday) 8:30 am<\/p>\n\t\t\t\t\t\t\t\t\t<\/div>\n\t\t\t\t\t\t\t\t<\/div>\n\t\t\t\t\t\t\t<\/div><div class='evcal_col50'>\n\t\t\t\t\t\t\t\t<div class='evcal_evdata_row evo_location'>\n\t\t\t\t\t\t\t\t\t<span class='evcal_evdata_icons'><i class='fa fa-map-marker'><\/i><\/span>\n\t\t\t\t\t\t\t\t\t<div class='evcal_evdata_cell' data-loc_tax_id='2413'>\t\t\t\t\t\t\t\n\t\t\t\t\t\t\t\t\t\t<h3 class='evo_h3'><span class='evcal_evdata_icons'><i class='fa fa-map-marker'><\/i><\/span>Location<\/h3><p class='evo_location_name'>Jard\u00ed Bot\u00e0nic Marimurtra<\/p><p class='evo_location_address'><\/p>\n\t\t\t\t\t\t\t\t\t<\/div>\n\t\t\t\t\t\t\t\t<\/div>\n\t\t\t\t\t\t\t<\/div><div class='clear'><\/div>\n\t\t\t\t\t\t\t<\/div><\/div>\n\t\t\t\t\t\t<\/div>\t\t\t\t\t\t<div class='evo_metarow_ICS evorow bordb evcal_evdata_row'>\n\t\t\t\t\t\t\t<span class=\"evcal_evdata_icons\"><i class=\"fa fa-calendar\"><\/i><\/span>\n\t\t\t\t\t\t\t<div class='evcal_evdata_cell'>\n\t\t\t\t\t\t\t\t<p><a href='https:\/\/www.blanescostabrava.cat\/wp-admin\/admin-ajax.php?action=eventon_ics_download&amp;event_id=242410&amp;sunix=20260927T063000Z&amp;eunix=20260927T215000Z&amp;loca=&amp;locn=Jard\u00ed Bot\u00e0nic Marimurtra' class='evo_ics_nCal' title='Add to your calendar'>Calendar<\/a><a href='\/\/www.google.com\/calendar\/event?action=TEMPLATE&amp;text=Ioga+%2B+Brunch+i+Taller+d%27Aquarel%C2%B7la-gARTen&amp;dates=20260927T063000Z\/20260927T215000Z&amp;details=DIA%3A+27+de+setembre%0D%0AHORA%3A+8.30+h+%28taller+d%27aquarel%C2%B7la+a+les+10.00+h%29%0D%0ALLOC%3A+Jard%C3%AD+Bot%C3%A0nic+Marimurtra%0D%0ADESCRIPCI%C3%93%3A+Sessi%C3%B3+de+ioga+seguida+de+brunch%2C+i+taller+d%27aquarel%C2%B7la+%22gARTen%22.&amp;location=Jard%C3%AD+Bot%C3%A0nic+Marimurtra - ' target='_blank' class='evo_ics_gCal' title='Add to google calendar'>GoogleCal<\/a><\/p>\t\n\t\t\t\t\t\t\t<\/div>\t\t\t\t\t\t<\/div>\n\t\t\t\t\t\t<\/div><div class='clear end'><\/div><\/div><div id=\"event_242422\" class=\"eventon_list_event evo_eventtop  event hasbgimg\" data-event_id=\"242422\" data-time=\"1790499600-1790553000\" data-colr=\"#206177\" itemscope itemtype='http:\/\/schema.org\/Event' 53><div class=\"evo_boxtop\" style=\"background-image: url(https:\/\/www.blanescostabrava.cat\/wp-content\/uploads\/2023\/12\/Captura-de-pantalla-2023-12-07-a-les-9.47.16.jpg); background-color:#206177;height:200px;\"><\/div><div class=\"evo_event_schema\" style=\"display:none\" ><a itemprop='url'  href='https:\/\/www.blanescostabrava.cat\/events\/cursa-la-espartana-7-0\/'><\/a><span itemprop='name'  >Cursa \"La Espartana 7.0\"<\/span><meta itemprop='image' content='https:\/\/www.blanescostabrava.cat\/wp-content\/uploads\/2023\/12\/Captura-de-pantalla-2023-12-07-a-les-9.47.16.jpg' ><\/meta><meta itemprop='description' content='DIA: 27 de setembre\r\nHORA: 9.00 h\r\nLLOC: Ciutat Esportiva\r\nDESCRIPCI\u00d3: Cursa popular \"La Espartana 7.0\".' ><\/meta><meta itemprop='startDate' content='2026-9-27' ><\/meta><meta itemprop='endDate' content='2026-9-27' ><\/meta><meta itemprop='eventStatus' content='on-schedule' ><\/meta><script type=\"application\/ld+json\">{\t\"@context\": \"http:\/\/schema.org\",\n\t\t\t\t\t\t\t  \t\"@type\": \"Event\",\n\t\t\t\t\t\t\t  \t\"name\": \"Cursa \"La Espartana 7.0\"\",\n\t\t\t\t\t\t\t  \t\"startDate\": \"2026-9-27T09-09-00-00\",\n\t\t\t\t\t\t\t  \t\"endDate\": \"2026-9-27T23-23-50-00\",\n\t\t\t\t\t\t\t  \t\"image\":\"https:\/\/www.blanescostabrava.cat\/wp-content\/uploads\/2023\/12\/Captura-de-pantalla-2023-12-07-a-les-9.47.16-300x184.jpg\",\n\t\t\t\t\t\t\t  \t\"description\":\"DIA: 27 de setembre\r\nHORA: 9.00 h\r\nLLOC: Ciutat Esportiva\r\nDESCRIPCI\u00d3: Cursa popular La Espartana 7.0.\",\n\t\t\t\t\t\t\t  \t\n\t\t\t\t\t\t\t }<\/script><\/div>\n\t\t\t\t<p class=\"desc_trig_outter\"><a data-gmap_status=\"null\" data-exlk=\"0\" style=\"border-color: #206177;padding-top: 215px;height: 310px;\" id=\"evc_1790499600242422\" class=\"desc_trig sin_val evcal_list_a\" data-ux_val=\"3\"  ><span class='event-img'><img src='https:\/\/www.blanescostabrava.cat\/wp-content\/uploads\/2023\/12\/Captura-de-pantalla-2023-12-07-a-les-9.47.16.jpg'><\/span><span class='evcal_cblock ' data-bgcolor='#206177' data-smon='septiembre' data-syr='2026'><span class='evo_start '><em class='date'>27<\/em><em class='month'>sep<\/em><em class='time'>9:00 am<\/em><\/span><em class='clear'><\/em><\/span><span class='evcal_desc evo_info hide_eventtopdata '  data-location_status=\"false\" ><span class='evo_above_title'><\/span><span class='evcal_desc2 evcal_event_title' itemprop='name'>Cursa \"La Espartana 7.0\"<\/span><span class='evo_below_title'><\/span><span class='evcal_desc_info' ><\/span><span class='evcal_desc3'><\/span><\/span><em class='clear'><\/em><\/p><\/a><div class='event_description evcal_eventcard ' style=\"display:none\"><div class='evo_metarow_directimg'><img src='https:\/\/www.blanescostabrava.cat\/wp-content\/uploads\/2023\/12\/Captura-de-pantalla-2023-12-07-a-les-9.47.16.jpg' \/><\/div><div class='evo_metarow_details evorow evcal_evdata_row bordb evcal_event_details'>\n\t\t\t\t\t\t\t<div class=\"event_excerpt\" style=\"display:none\"><h3 class=\"padb5 evo_h3\">Descripci\u00f3n<\/h3><p>DIA: 27 de setembre\r\nHORA: 9.00 h\r\nLLOC: Ciutat Esportiva\r\nDESCRIPCI\u00d3: Cursa popular \"La Espartana 7.0\".<\/p><\/div><span class='evcal_evdata_icons'><i class='fa fa-align-justify'><\/i><\/span>\n\t\t\t\t\t\t\t\n\t\t\t\t\t\t\t<div class='evcal_evdata_cell '><div class='eventon_full_description'>\n\t\t\t\t\t\t\t\t\t<h3 class='padb5 evo_h3'><span class='evcal_evdata_icons'><i class='fa fa-align-justify'><\/i><\/span>Descripci\u00f3n<\/h3><div class='eventon_desc_in' itemprop='description'>\n\t\t\t\t\t\t\t\t\t<p>DIA: 27 de setembre<br \/>\nHORA: 9.00 h<br \/>\nLLOC: Ciutat Esportiva<br \/>\nDESCRIPCI\u00d3: Cursa popular \u00abLa Espartana 7.0\u00bb.<\/p>\n<\/div><div class='clear'><\/div>\n\t\t\t\t\t\t\t\t<\/div>\n\t\t\t\t\t\t\t<\/div>\n\t\t\t\t\t\t<\/div><div class='evo_metarow_time_location evorow bordb '>\n\t\t\t\t\t\t<div class='tb' >\n\t\t\t\t\t\t\t<div class='tbrow'>\n\t\t\t\t\t\t\t<div class='evcal_col50 bordr'>\n\t\t\t\t\t\t\t\t<div class='evcal_evdata_row evo_time'>\n\t\t\t\t\t\t\t\t\t<span class='evcal_evdata_icons'><i class='fa fa-clock-o'><\/i><\/span>\n\t\t\t\t\t\t\t\t\t<div class='evcal_evdata_cell'>\t\t\t\t\t\t\t\n\t\t\t\t\t\t\t\t\t\t<h3 class='evo_h3'><span class='evcal_evdata_icons'><i class='fa fa-clock-o'><\/i><\/span>Fecha<\/h3>\n\t\t\t\t\t\t\t\t\t\t<p>(Sunday) 9:00 am<\/p>\n\t\t\t\t\t\t\t\t\t<\/div>\n\t\t\t\t\t\t\t\t<\/div>\n\t\t\t\t\t\t\t<\/div><div class='evcal_col50'>\n\t\t\t\t\t\t\t\t<div class='evcal_evdata_row evo_location'>\n\t\t\t\t\t\t\t\t\t<span class='evcal_evdata_icons'><i class='fa fa-map-marker'><\/i><\/span>\n\t\t\t\t\t\t\t\t\t<div class='evcal_evdata_cell' data-loc_tax_id='2768'>\t\t\t\t\t\t\t\n\t\t\t\t\t\t\t\t\t\t<h3 class='evo_h3'><span class='evcal_evdata_icons'><i class='fa fa-map-marker'><\/i><\/span>Location<\/h3><p class='evo_location_name'>Ciutat Esportiva<\/p><p class='evo_location_address'><\/p>\n\t\t\t\t\t\t\t\t\t<\/div>\n\t\t\t\t\t\t\t\t<\/div>\n\t\t\t\t\t\t\t<\/div><div class='clear'><\/div>\n\t\t\t\t\t\t\t<\/div><\/div>\n\t\t\t\t\t\t<\/div>\t\t\t\t\t\t<div class='evo_metarow_ICS evorow bordb evcal_evdata_row'>\n\t\t\t\t\t\t\t<span class=\"evcal_evdata_icons\"><i class=\"fa fa-calendar\"><\/i><\/span>\n\t\t\t\t\t\t\t<div class='evcal_evdata_cell'>\n\t\t\t\t\t\t\t\t<p><a href='https:\/\/www.blanescostabrava.cat\/wp-admin\/admin-ajax.php?action=eventon_ics_download&amp;event_id=242422&amp;sunix=20260927T070000Z&amp;eunix=20260927T215000Z&amp;loca=&amp;locn=Ciutat Esportiva' class='evo_ics_nCal' title='Add to your calendar'>Calendar<\/a><a href='\/\/www.google.com\/calendar\/event?action=TEMPLATE&amp;text=Cursa+%22La+Espartana+7.0%22&amp;dates=20260927T070000Z\/20260927T215000Z&amp;details=DIA%3A+27+de+setembre%0D%0AHORA%3A+9.00+h%0D%0ALLOC%3A+Ciutat+Esportiva%0D%0ADESCRIPCI%C3%93%3A+Cursa+popular+%22La+Espartana+7.0%22.&amp;location=Ciutat+Esportiva - ' target='_blank' class='evo_ics_gCal' title='Add to google calendar'>GoogleCal<\/a><\/p>\t\n\t\t\t\t\t\t\t<\/div>\t\t\t\t\t\t<\/div>\n\t\t\t\t\t\t<\/div><div class='clear end'><\/div><\/div><div id=\"event_242434\" class=\"eventon_list_event evo_eventtop  event hasbgimg\" data-event_id=\"242434\" data-time=\"1790503200-1790553000\" data-colr=\"#206177\" itemscope itemtype='http:\/\/schema.org\/Event' 54><div class=\"evo_boxtop\" style=\"background-image: url(https:\/\/www.blanescostabrava.cat\/wp-content\/uploads\/2018\/03\/ermites.jpg); background-color:#206177;height:200px;\"><\/div><div class=\"evo_event_schema\" style=\"display:none\" ><a itemprop='url'  href='https:\/\/www.blanescostabrava.cat\/events\/visita-guiada-ruta-de-les-ermites-2\/'><\/a><span itemprop='name'  >Visita Guiada: \"Ruta de les Ermites\"<\/span><meta itemprop='image' content='https:\/\/www.blanescostabrava.cat\/wp-content\/uploads\/2018\/03\/ermites.jpg' ><\/meta><meta itemprop='description' content='DIA: 27 de setembre\r\nHORA: 10.00 h\r\nLLOC: Sortida: OT Turisme, pla\u00e7a Catalunya s\/n\r\nDESCRIPCI\u00d3: Visita guiada gratu\u00efta per la ruta de les ermites. Places gratu\u00eftes, inscripcions a turisme@blanes.cat o al 972 33' ><\/meta><meta itemprop='startDate' content='2026-9-27' ><\/meta><meta itemprop='endDate' content='2026-9-27' ><\/meta><meta itemprop='eventStatus' content='on-schedule' ><\/meta><script type=\"application\/ld+json\">{\t\"@context\": \"http:\/\/schema.org\",\n\t\t\t\t\t\t\t  \t\"@type\": \"Event\",\n\t\t\t\t\t\t\t  \t\"name\": \"Visita Guiada: \"Ruta de les Ermites\"\",\n\t\t\t\t\t\t\t  \t\"startDate\": \"2026-9-27T10-10-00-00\",\n\t\t\t\t\t\t\t  \t\"endDate\": \"2026-9-27T23-23-50-00\",\n\t\t\t\t\t\t\t  \t\"image\":\"https:\/\/www.blanescostabrava.cat\/wp-content\/uploads\/2018\/03\/ermites-300x206.jpg\",\n\t\t\t\t\t\t\t  \t\"description\":\"DIA: 27 de setembre\r\nHORA: 10.00 h\r\nLLOC: Sortida: OT Turisme, pla\u00e7a Catalunya s\/n\r\nDESCRIPCI\u00d3: Visita guiada gratu\u00efta per la ruta de les ermites. Places gratu\u00eftes, inscripcions a turisme@blanes.cat o al 972 33\",\n\t\t\t\t\t\t\t  \t\n\t\t\t\t\t\t\t }<\/script><\/div>\n\t\t\t\t<p class=\"desc_trig_outter\"><a data-gmap_status=\"null\" data-exlk=\"0\" style=\"border-color: #206177;padding-top: 215px;height: 310px;\" id=\"evc_1790503200242434\" class=\"desc_trig sin_val evcal_list_a\" data-ux_val=\"3\"  ><span class='event-img'><img src='https:\/\/www.blanescostabrava.cat\/wp-content\/uploads\/2018\/03\/ermites.jpg'><\/span><span class='evcal_cblock ' data-bgcolor='#206177' data-smon='septiembre' data-syr='2026'><span class='evo_start '><em class='date'>27<\/em><em class='month'>sep<\/em><em class='time'>10:00 am<\/em><\/span><em class='clear'><\/em><\/span><span class='evcal_desc evo_info hide_eventtopdata '  data-location_status=\"false\" ><span class='evo_above_title'><\/span><span class='evcal_desc2 evcal_event_title' itemprop='name'>Visita Guiada: \"Ruta de les Ermites\"<\/span><span class='evo_below_title'><\/span><span class='evcal_desc_info' ><\/span><span class='evcal_desc3'><\/span><\/span><em class='clear'><\/em><\/p><\/a><div class='event_description evcal_eventcard ' style=\"display:none\"><div class='evo_metarow_directimg'><img src='https:\/\/www.blanescostabrava.cat\/wp-content\/uploads\/2018\/03\/ermites.jpg' \/><\/div><div class='evo_metarow_details evorow evcal_evdata_row bordb evcal_event_details'>\n\t\t\t\t\t\t\t<div class=\"event_excerpt\" style=\"display:none\"><h3 class=\"padb5 evo_h3\">Descripci\u00f3n<\/h3><p>DIA: 27 de setembre\r\nHORA: 10.00 h\r\nLLOC: Sortida: OT Turisme, pla\u00e7a Catalunya s\/n\r\nDESCRIPCI\u00d3: Visita guiada gratu\u00efta per la ruta de les ermites. Places gratu\u00eftes, inscripcions a turisme@blanes.cat o al 972 33<\/p><\/div><span class='evcal_evdata_icons'><i class='fa fa-align-justify'><\/i><\/span>\n\t\t\t\t\t\t\t\n\t\t\t\t\t\t\t<div class='evcal_evdata_cell '><div class='eventon_full_description'>\n\t\t\t\t\t\t\t\t\t<h3 class='padb5 evo_h3'><span class='evcal_evdata_icons'><i class='fa fa-align-justify'><\/i><\/span>Descripci\u00f3n<\/h3><div class='eventon_desc_in' itemprop='description'>\n\t\t\t\t\t\t\t\t\t<p>DIA: 27 de setembre<br \/>\nHORA: 10.00 h<br \/>\nLLOC: Sortida: OT Turisme, pla\u00e7a Catalunya s\/n<br \/>\nDESCRIPCI\u00d3: Visita guiada gratu\u00efta per la ruta de les ermites. Places gratu\u00eftes, inscripcions a turisme@blanes.cat o al 972 33 03 48.<\/p>\n<\/div><div class='clear'><\/div>\n\t\t\t\t\t\t\t\t<\/div>\n\t\t\t\t\t\t\t<\/div>\n\t\t\t\t\t\t<\/div><div class='evo_metarow_time_location evorow bordb '>\n\t\t\t\t\t\t<div class='tb' >\n\t\t\t\t\t\t\t<div class='tbrow'>\n\t\t\t\t\t\t\t<div class='evcal_col50 bordr'>\n\t\t\t\t\t\t\t\t<div class='evcal_evdata_row evo_time'>\n\t\t\t\t\t\t\t\t\t<span class='evcal_evdata_icons'><i class='fa fa-clock-o'><\/i><\/span>\n\t\t\t\t\t\t\t\t\t<div class='evcal_evdata_cell'>\t\t\t\t\t\t\t\n\t\t\t\t\t\t\t\t\t\t<h3 class='evo_h3'><span class='evcal_evdata_icons'><i class='fa fa-clock-o'><\/i><\/span>Fecha<\/h3>\n\t\t\t\t\t\t\t\t\t\t<p>(Sunday) 10:00 am<\/p>\n\t\t\t\t\t\t\t\t\t<\/div>\n\t\t\t\t\t\t\t\t<\/div>\n\t\t\t\t\t\t\t<\/div><div class='evcal_col50'>\n\t\t\t\t\t\t\t\t<div class='evcal_evdata_row evo_location'>\n\t\t\t\t\t\t\t\t\t<span class='evcal_evdata_icons'><i class='fa fa-map-marker'><\/i><\/span>\n\t\t\t\t\t\t\t\t\t<div class='evcal_evdata_cell' data-loc_tax_id='5252'>\t\t\t\t\t\t\t\n\t\t\t\t\t\t\t\t\t\t<h3 class='evo_h3'><span class='evcal_evdata_icons'><i class='fa fa-map-marker'><\/i><\/span>Location<\/h3><p class='evo_location_name'>Sortida: OT Turisme pl. Catalunya s\/n<\/p><p class='evo_location_address'><\/p>\n\t\t\t\t\t\t\t\t\t<\/div>\n\t\t\t\t\t\t\t\t<\/div>\n\t\t\t\t\t\t\t<\/div><div class='clear'><\/div>\n\t\t\t\t\t\t\t<\/div><\/div>\n\t\t\t\t\t\t<\/div>\t\t\t\t\t\t<div class='evo_metarow_ICS evorow bordb evcal_evdata_row'>\n\t\t\t\t\t\t\t<span class=\"evcal_evdata_icons\"><i class=\"fa fa-calendar\"><\/i><\/span>\n\t\t\t\t\t\t\t<div class='evcal_evdata_cell'>\n\t\t\t\t\t\t\t\t<p><a href='https:\/\/www.blanescostabrava.cat\/wp-admin\/admin-ajax.php?action=eventon_ics_download&amp;event_id=242434&amp;sunix=20260927T080000Z&amp;eunix=20260927T215000Z&amp;loca=&amp;locn=Sortida: OT Turisme pl. Catalunya s\/n' class='evo_ics_nCal' title='Add to your calendar'>Calendar<\/a><a href='\/\/www.google.com\/calendar\/event?action=TEMPLATE&amp;text=Visita+Guiada%3A+%22Ruta+de+les+Ermites%22&amp;dates=20260927T080000Z\/20260927T215000Z&amp;details=DIA%3A+27+de+setembre%0D%0AHORA%3A+10.00+h%0D%0ALLOC%3A+Sortida%3A+OT+Turisme%2C+pla%C3%A7a+Catalunya+s%2Fn%0D%0ADESCRIPCI%C3%93%3A+Visita+guiada+gratu%C3%AFta+per+la+ruta+de+les+ermites.+Places+gratu%C3%AFtes%2C+inscripcions+a+turisme%40blanes.cat+o+al+972+33&amp;location=Sortida%3A+OT+Turisme+pl.+Catalunya+s%2Fn - ' target='_blank' class='evo_ics_gCal' title='Add to google calendar'>GoogleCal<\/a><\/p>\t\n\t\t\t\t\t\t\t<\/div>\t\t\t\t\t\t<\/div>\n\t\t\t\t\t\t<\/div><div class='clear end'><\/div><\/div><div id=\"event_234934\" class=\"eventon_list_event evo_eventtop  event hasbgimg\" data-event_id=\"234934\" data-time=\"1790503200-1790553000\" data-colr=\"#206177\" itemscope itemtype='http:\/\/schema.org\/Event' 55><div class=\"evo_boxtop\" style=\"background-image: url(https:\/\/www.blanescostabrava.cat\/wp-content\/uploads\/2026\/05\/tematitzades_page-0001-3.jpg); background-color:#206177;height:200px;\"><\/div><div class=\"evo_event_schema\" style=\"display:none\" ><a itemprop='url'  href='https:\/\/www.blanescostabrava.cat\/es\/events\/visita-guiada-ruta-de-las-ermitas-es\/'><\/a><span itemprop='name'  >Visita guiada: Ruta de las Ermitas (ES)<\/span><meta itemprop='image' content='https:\/\/www.blanescostabrava.cat\/wp-content\/uploads\/2026\/05\/tematitzades_page-0001-3.jpg' ><\/meta><meta itemprop='description' content='D\u00cdA: Domingo 27 de septiembreHORA: 10:00 hLUGAR: Salida desde la Oficina de Turismo, plaza Catalunya s\/nVisita guiada por la Ruta de' ><\/meta><meta itemprop='startDate' content='2026-9-27' ><\/meta><meta itemprop='endDate' content='2026-9-27' ><\/meta><meta itemprop='eventStatus' content='on-schedule' ><\/meta><script type=\"application\/ld+json\">{\t\"@context\": \"http:\/\/schema.org\",\n\t\t\t\t\t\t\t  \t\"@type\": \"Event\",\n\t\t\t\t\t\t\t  \t\"name\": \"Visita guiada: Ruta de las Ermitas (ES)\",\n\t\t\t\t\t\t\t  \t\"startDate\": \"2026-9-27T10-10-00-00\",\n\t\t\t\t\t\t\t  \t\"endDate\": \"2026-9-27T23-23-50-00\",\n\t\t\t\t\t\t\t  \t\"image\":\"https:\/\/www.blanescostabrava.cat\/wp-content\/uploads\/2026\/05\/tematitzades_page-0001-3-143x300.jpg\",\n\t\t\t\t\t\t\t  \t\"description\":\"D\u00cdA: Domingo 27 de septiembreHORA: 10:00 hLUGAR: Salida desde la Oficina de Turismo, plaza Catalunya s\/nVisita guiada por la Ruta de\",\n\t\t\t\t\t\t\t  \t\n\t\t\t\t\t\t\t }<\/script><\/div>\n\t\t\t\t<p class=\"desc_trig_outter\"><a data-gmap_status=\"null\" data-exlk=\"0\" style=\"border-color: #206177;padding-top: 215px;height: 310px;\" id=\"evc_1790503200234934\" class=\"desc_trig sin_val evcal_list_a\" data-ux_val=\"3\"  ><span class='event-img'><img src='https:\/\/www.blanescostabrava.cat\/wp-content\/uploads\/2026\/05\/tematitzades_page-0001-3.jpg'><\/span><span class='evcal_cblock ' data-bgcolor='#206177' data-smon='septiembre' data-syr='2026'><span class='evo_start '><em class='date'>27<\/em><em class='month'>sep<\/em><em class='time'>10:00 am<\/em><\/span><em class='clear'><\/em><\/span><span class='evcal_desc evo_info hide_eventtopdata '  data-location_status=\"false\" ><span class='evo_above_title'><\/span><span class='evcal_desc2 evcal_event_title' itemprop='name'>Visita guiada: Ruta de las Ermitas (ES)<\/span><span class='evo_below_title'><\/span><span class='evcal_desc_info' ><\/span><span class='evcal_desc3'><\/span><\/span><em class='clear'><\/em><\/p><\/a><div class='event_description evcal_eventcard ' style=\"display:none\"><div class='evo_metarow_directimg'><img src='https:\/\/www.blanescostabrava.cat\/wp-content\/uploads\/2026\/05\/tematitzades_page-0001-3.jpg' \/><\/div><div class='evo_metarow_details evorow evcal_evdata_row bordb evcal_event_details'>\n\t\t\t\t\t\t\t<div class=\"event_excerpt\" style=\"display:none\"><h3 class=\"padb5 evo_h3\">Descripci\u00f3n<\/h3><p>D\u00cdA: Domingo 27 de septiembreHORA: 10:00 hLUGAR: Salida desde la Oficina de Turismo, plaza Catalunya s\/nVisita guiada por la Ruta de<\/p><\/div><span class='evcal_evdata_icons'><i class='fa fa-align-justify'><\/i><\/span>\n\t\t\t\t\t\t\t\n\t\t\t\t\t\t\t<div class='evcal_evdata_cell shorter_desc'><div class='eventon_details_shading_bot'>\n\t\t\t\t\t\t\t\t<p class='eventon_shad_p' content='less'><span class='ev_more_text' data-txt='less'>more<\/span><span class='ev_more_arrow'><\/span><\/p>\n\t\t\t\t\t\t\t<\/div><div class='eventon_full_description'>\n\t\t\t\t\t\t\t\t\t<h3 class='padb5 evo_h3'><span class='evcal_evdata_icons'><i class='fa fa-align-justify'><\/i><\/span>Descripci\u00f3n<\/h3><div class='eventon_desc_in' itemprop='description'>\n\t\t\t\t\t\t\t\t\t<p><strong>D\u00cdA<\/strong>: Domingo 27 de septiembre<br data-start=\"1150\" data-end=\"1153\" \/><strong>HORA<\/strong>: 10:00 h<br data-start=\"1166\" data-end=\"1169\" \/><strong>LUGAR<\/strong>: Salida desde la Oficina de Turismo, plaza Catalunya s\/n<br data-start=\"1231\" data-end=\"1234\" \/>Visita guiada por la Ruta de las Ermitas en castellano. Se recomienda llevar calzado c\u00f3modo. Actividad gratuita con inscripci\u00f3n previa en <a class=\"decorated-link cursor-pointer\" rel=\"noopener\" data-start=\"1385\" data-end=\"1403\">turisme@blanes.cat<\/a> o en el tel\u00e9fono 972 33 03 48.<\/p>\n<p><img class=\"alignnone size-large wp-image-234814\" src=\"https:\/\/www.blanescostabrava.cat\/wp-content\/uploads\/2026\/05\/tematitzades_page-0001-1-488x1024.jpg\" alt=\"\" width=\"488\" height=\"1024\" srcset=\"https:\/\/www.blanescostabrava.cat\/wp-content\/uploads\/2026\/05\/tematitzades_page-0001-1-488x1024.jpg 488w, https:\/\/www.blanescostabrava.cat\/wp-content\/uploads\/2026\/05\/tematitzades_page-0001-1-143x300.jpg 143w, https:\/\/www.blanescostabrava.cat\/wp-content\/uploads\/2026\/05\/tematitzades_page-0001-1-71x150.jpg 71w, https:\/\/www.blanescostabrava.cat\/wp-content\/uploads\/2026\/05\/tematitzades_page-0001-1-11x24.jpg 11w, https:\/\/www.blanescostabrava.cat\/wp-content\/uploads\/2026\/05\/tematitzades_page-0001-1-17x36.jpg 17w, https:\/\/www.blanescostabrava.cat\/wp-content\/uploads\/2026\/05\/tematitzades_page-0001-1-23x48.jpg 23w, https:\/\/www.blanescostabrava.cat\/wp-content\/uploads\/2026\/05\/tematitzades_page-0001-1.jpg 591w\" sizes=\"(max-width: 488px) 100vw, 488px\" \/><\/p>\n<\/div><div class='clear'><\/div>\n\t\t\t\t\t\t\t\t<\/div>\n\t\t\t\t\t\t\t<\/div>\n\t\t\t\t\t\t<\/div><div class='evo_metarow_time_location evorow bordb '>\n\t\t\t\t\t\t<div class='tb' >\n\t\t\t\t\t\t\t<div class='tbrow'>\n\t\t\t\t\t\t\t<div class='evcal_col50 bordr'>\n\t\t\t\t\t\t\t\t<div class='evcal_evdata_row evo_time'>\n\t\t\t\t\t\t\t\t\t<span class='evcal_evdata_icons'><i class='fa fa-clock-o'><\/i><\/span>\n\t\t\t\t\t\t\t\t\t<div class='evcal_evdata_cell'>\t\t\t\t\t\t\t\n\t\t\t\t\t\t\t\t\t\t<h3 class='evo_h3'><span class='evcal_evdata_icons'><i class='fa fa-clock-o'><\/i><\/span>Fecha<\/h3>\n\t\t\t\t\t\t\t\t\t\t<p>(Sunday) 10:00 am<\/p>\n\t\t\t\t\t\t\t\t\t<\/div>\n\t\t\t\t\t\t\t\t<\/div>\n\t\t\t\t\t\t\t<\/div><div class='evcal_col50'>\n\t\t\t\t\t\t\t\t<div class='evcal_evdata_row evo_location'>\n\t\t\t\t\t\t\t\t\t<span class='evcal_evdata_icons'><i class='fa fa-map-marker'><\/i><\/span>\n\t\t\t\t\t\t\t\t\t<div class='evcal_evdata_cell' data-loc_tax_id='2519'>\t\t\t\t\t\t\t\n\t\t\t\t\t\t\t\t\t\t<h3 class='evo_h3'><span class='evcal_evdata_icons'><i class='fa fa-map-marker'><\/i><\/span>Location<\/h3><p class='evo_location_name'>Oficina de Turisme de Blanes<\/p><p class='evo_location_address'><\/p>\n\t\t\t\t\t\t\t\t\t<\/div>\n\t\t\t\t\t\t\t\t<\/div>\n\t\t\t\t\t\t\t<\/div><div class='clear'><\/div>\n\t\t\t\t\t\t\t<\/div><\/div>\n\t\t\t\t\t\t<\/div>\t\t\t\t\t\t<div class='evo_metarow_ICS evorow bordb evcal_evdata_row'>\n\t\t\t\t\t\t\t<span class=\"evcal_evdata_icons\"><i class=\"fa fa-calendar\"><\/i><\/span>\n\t\t\t\t\t\t\t<div class='evcal_evdata_cell'>\n\t\t\t\t\t\t\t\t<p><a href='https:\/\/www.blanescostabrava.cat\/wp-admin\/admin-ajax.php?action=eventon_ics_download&amp;event_id=234934&amp;sunix=20260927T080000Z&amp;eunix=20260927T215000Z&amp;loca=&amp;locn=Oficina de Turisme de Blanes' class='evo_ics_nCal' title='Add to your calendar'>Calendar<\/a><a href='\/\/www.google.com\/calendar\/event?action=TEMPLATE&amp;text=Visita+guiada%3A+Ruta+de+las+Ermitas+%28ES%29&amp;dates=20260927T080000Z\/20260927T215000Z&amp;details=D%C3%8DA%3A+Domingo+27+de+septiembreHORA%3A+10%3A00+hLUGAR%3A+Salida+desde+la+Oficina+de+Turismo%2C+plaza+Catalunya+s%2FnVisita+guiada+por+la+Ruta+de&amp;location=Oficina+de+Turisme+de+Blanes - ' target='_blank' class='evo_ics_gCal' title='Add to google calendar'>GoogleCal<\/a><\/p>\t\n\t\t\t\t\t\t\t<\/div>\t\t\t\t\t\t<\/div>\n\t\t\t\t\t\t<\/div><div class='clear end'><\/div><\/div><div id=\"event_242446\" class=\"eventon_list_event evo_eventtop  event hasbgimg\" data-event_id=\"242446\" data-time=\"1790532000-1790553000\" data-colr=\"#206177\" itemscope itemtype='http:\/\/schema.org\/Event' 56><div class=\"evo_boxtop\" style=\"background-image: url(https:\/\/www.blanescostabrava.cat\/wp-content\/uploads\/2026\/08\/imatgemolina.webp-1739x1160-1.webp); background-color:#206177;height:200px;\"><\/div><div class=\"evo_event_schema\" style=\"display:none\" ><a itemprop='url'  href='https:\/\/www.blanescostabrava.cat\/events\/concert-molinas-quartet\/'><\/a><span itemprop='name'  >Concert \"Molina's Quartet\"<\/span><meta itemprop='image' content='https:\/\/www.blanescostabrava.cat\/wp-content\/uploads\/2026\/08\/imatgemolina.webp-1739x1160-1.webp' ><\/meta><meta itemprop='description' content='DIA: 27 de setembre\r\nHORA: 18.00 h\r\nLLOC: Teatre de Blanes\r\nDESCRIPCI\u00d3: Concert de Molina's Quartet, dins el Cicle Teatre Blanenc.' ><\/meta><meta itemprop='startDate' content='2026-9-27' ><\/meta><meta itemprop='endDate' content='2026-9-27' ><\/meta><meta itemprop='eventStatus' content='on-schedule' ><\/meta><script type=\"application\/ld+json\">{\t\"@context\": \"http:\/\/schema.org\",\n\t\t\t\t\t\t\t  \t\"@type\": \"Event\",\n\t\t\t\t\t\t\t  \t\"name\": \"Concert \"Molina's Quartet\"\",\n\t\t\t\t\t\t\t  \t\"startDate\": \"2026-9-27T18-18-00-00\",\n\t\t\t\t\t\t\t  \t\"endDate\": \"2026-9-27T23-23-50-00\",\n\t\t\t\t\t\t\t  \t\"image\":\"https:\/\/www.blanescostabrava.cat\/wp-content\/uploads\/2026\/08\/imatgemolina.webp-1739x1160-1-300x200.webp\",\n\t\t\t\t\t\t\t  \t\"description\":\"DIA: 27 de setembre\r\nHORA: 18.00 h\r\nLLOC: Teatre de Blanes\r\nDESCRIPCI\u00d3: Concert de Molina's Quartet, dins el Cicle Teatre Blanenc.\",\n\t\t\t\t\t\t\t  \t\n\t\t\t\t\t\t\t }<\/script><\/div>\n\t\t\t\t<p class=\"desc_trig_outter\"><a data-gmap_status=\"null\" data-exlk=\"0\" style=\"border-color: #206177;padding-top: 215px;height: 310px;\" id=\"evc_1790532000242446\" class=\"desc_trig sin_val evcal_list_a\" data-ux_val=\"3\"  ><span class='event-img'><img src='https:\/\/www.blanescostabrava.cat\/wp-content\/uploads\/2026\/08\/imatgemolina.webp-1739x1160-1.webp'><\/span><span class='evcal_cblock ' data-bgcolor='#206177' data-smon='septiembre' data-syr='2026'><span class='evo_start '><em class='date'>27<\/em><em class='month'>sep<\/em><em class='time'>6:00 pm<\/em><\/span><em class='clear'><\/em><\/span><span class='evcal_desc evo_info hide_eventtopdata '  data-location_status=\"false\" ><span class='evo_above_title'><\/span><span class='evcal_desc2 evcal_event_title' itemprop='name'>Concert \"Molina's Quartet\"<\/span><span class='evo_below_title'><\/span><span class='evcal_desc_info' ><\/span><span class='evcal_desc3'><\/span><\/span><em class='clear'><\/em><\/p><\/a><div class='event_description evcal_eventcard ' style=\"display:none\"><div class='evo_metarow_directimg'><img src='https:\/\/www.blanescostabrava.cat\/wp-content\/uploads\/2026\/08\/imatgemolina.webp-1739x1160-1.webp' \/><\/div><div class='evo_metarow_details evorow evcal_evdata_row bordb evcal_event_details'>\n\t\t\t\t\t\t\t<div class=\"event_excerpt\" style=\"display:none\"><h3 class=\"padb5 evo_h3\">Descripci\u00f3n<\/h3><p>DIA: 27 de setembre\r\nHORA: 18.00 h\r\nLLOC: Teatre de Blanes\r\nDESCRIPCI\u00d3: Concert de Molina's Quartet, dins el Cicle Teatre Blanenc.<\/p><\/div><span class='evcal_evdata_icons'><i class='fa fa-align-justify'><\/i><\/span>\n\t\t\t\t\t\t\t\n\t\t\t\t\t\t\t<div class='evcal_evdata_cell '><div class='eventon_full_description'>\n\t\t\t\t\t\t\t\t\t<h3 class='padb5 evo_h3'><span class='evcal_evdata_icons'><i class='fa fa-align-justify'><\/i><\/span>Descripci\u00f3n<\/h3><div class='eventon_desc_in' itemprop='description'>\n\t\t\t\t\t\t\t\t\t<p>DIA: 27 de setembre<br \/>\nHORA: 18.00 h<br \/>\nLLOC: Teatre de Blanes<br \/>\nDESCRIPCI\u00d3: Concert de Molina&#8217;s Quartet, dins el Cicle Teatre Blanenc.<\/p>\n<\/div><div class='clear'><\/div>\n\t\t\t\t\t\t\t\t<\/div>\n\t\t\t\t\t\t\t<\/div>\n\t\t\t\t\t\t<\/div><div class='evo_metarow_time_location evorow bordb '>\n\t\t\t\t\t\t<div class='tb' >\n\t\t\t\t\t\t\t<div class='tbrow'>\n\t\t\t\t\t\t\t<div class='evcal_col50 bordr'>\n\t\t\t\t\t\t\t\t<div class='evcal_evdata_row evo_time'>\n\t\t\t\t\t\t\t\t\t<span class='evcal_evdata_icons'><i class='fa fa-clock-o'><\/i><\/span>\n\t\t\t\t\t\t\t\t\t<div class='evcal_evdata_cell'>\t\t\t\t\t\t\t\n\t\t\t\t\t\t\t\t\t\t<h3 class='evo_h3'><span class='evcal_evdata_icons'><i class='fa fa-clock-o'><\/i><\/span>Fecha<\/h3>\n\t\t\t\t\t\t\t\t\t\t<p>(Sunday) 6:00 pm<\/p>\n\t\t\t\t\t\t\t\t\t<\/div>\n\t\t\t\t\t\t\t\t<\/div>\n\t\t\t\t\t\t\t<\/div><div class='evcal_col50'>\n\t\t\t\t\t\t\t\t<div class='evcal_evdata_row evo_location'>\n\t\t\t\t\t\t\t\t\t<span class='evcal_evdata_icons'><i class='fa fa-map-marker'><\/i><\/span>\n\t\t\t\t\t\t\t\t\t<div class='evcal_evdata_cell' data-loc_tax_id='2217'>\t\t\t\t\t\t\t\n\t\t\t\t\t\t\t\t\t\t<h3 class='evo_h3'><span class='evcal_evdata_icons'><i class='fa fa-map-marker'><\/i><\/span>Location<\/h3><p class='evo_location_name'>Teatre de Blanes<\/p><p class='evo_location_address'><\/p>\n\t\t\t\t\t\t\t\t\t<\/div>\n\t\t\t\t\t\t\t\t<\/div>\n\t\t\t\t\t\t\t<\/div><div class='clear'><\/div>\n\t\t\t\t\t\t\t<\/div><\/div>\n\t\t\t\t\t\t<\/div>\t\t\t\t\t\t<div class='evo_metarow_ICS evorow bordb evcal_evdata_row'>\n\t\t\t\t\t\t\t<span class=\"evcal_evdata_icons\"><i class=\"fa fa-calendar\"><\/i><\/span>\n\t\t\t\t\t\t\t<div class='evcal_evdata_cell'>\n\t\t\t\t\t\t\t\t<p><a href='https:\/\/www.blanescostabrava.cat\/wp-admin\/admin-ajax.php?action=eventon_ics_download&amp;event_id=242446&amp;sunix=20260927T160000Z&amp;eunix=20260927T215000Z&amp;loca=&amp;locn=Teatre de Blanes' class='evo_ics_nCal' title='Add to your calendar'>Calendar<\/a><a href='\/\/www.google.com\/calendar\/event?action=TEMPLATE&amp;text=Concert+%22Molina%27s+Quartet%22&amp;dates=20260927T160000Z\/20260927T215000Z&amp;details=DIA%3A+27+de+setembre%0D%0AHORA%3A+18.00+h%0D%0ALLOC%3A+Teatre+de+Blanes%0D%0ADESCRIPCI%C3%93%3A+Concert+de+Molina%27s+Quartet%2C+dins+el+Cicle+Teatre+Blanenc.&amp;location=Teatre+de+Blanes - ' target='_blank' class='evo_ics_gCal' title='Add to google calendar'>GoogleCal<\/a><\/p>\t\n\t\t\t\t\t\t\t<\/div>\t\t\t\t\t\t<\/div>\n\t\t\t\t\t\t<\/div><div class='clear end'><\/div><\/div>\t\t\t<div class='clear'><\/div>\n\t\t\t<\/div><!-- #evcal_list-->\n\t\t\t<div class='clear'><\/div>\n\t\n\t\t\t\n\t\t\t\t\t\t<\/div><!-- .ajde_evcal_calendar-->\n\n\t\t\t[\/vc_column_text][\/vc_column][vc_column width=\u00bb1\/3&#8243;][vc_column_text el_class=\u00bbtitulo-agenda\u00bb]<\/p>\n<h2>Eventos <strong>anuales<\/strong><\/h2>\n<p>[\/vc_column_text][vc_column_text]<div class='EVOLI list_items'><div class='EVOLI_container '><ul class='EVOLI_list event_type_2 ' data-sepm='no' data-numm='12' data-ux_val='3' data-type='event_type_2' data-lang='L1'><li class=\" \" data-id=\"374\" data-section=\"Corpus\" style=\"border-left-color:#e5e5e5\" ><div class=\"inner\"><h2>Corpus<\/h2><p class='type_name'>Event Type 2<\/p><\/div><\/li><li class=\" \" data-id=\"377\" data-section=\"Fiesta de los Copatrones\" style=\"border-left-color:#e5e5e5\" ><div class=\"inner\"><h2>Fiesta de los Copatrones<\/h2><p class='type_name'>Event Type 2<\/p><\/div><\/li><li class=\" \" data-id=\"375\" data-section=\"Fiesta Mayor\" style=\"border-left-color:#e5e5e5\" ><div class=\"inner\"><h2>Fiesta Mayor<\/h2><p class='type_name'>Event Type 2<\/p><\/div><\/li><li class=\" \" data-id=\"869\" data-section=\"Fuegos artificiales\" style=\"border-left-color:#e5e5e5\" ><div class=\"inner\"><h2>Fuegos artificiales<\/h2><p class='type_name'>Event Type 2<\/p><\/div><\/li><li class=\" \" data-id=\"370\" data-section=\"Navidad\" style=\"border-left-color:#e5e5e5\" ><div class=\"inner\"><h2>Navidad<\/h2><p class='type_name'>Event Type 2<\/p><\/div><\/li><li class=\" \" data-id=\"371\" data-section=\"Pasacalles de Carnaval\" style=\"border-left-color:#e5e5e5\" ><div class=\"inner\"><h2>Pasacalles de Carnaval<\/h2><p class='type_name'>Event Type 2<\/p><\/div><\/li><li class=\" \" data-id=\"373\" data-section=\"Semana Santa\" style=\"border-left-color:#e5e5e5\" ><div class=\"inner\"><h2>Semana Santa<\/h2><p class='type_name'>Event Type 2<\/p><\/div><\/li><\/ul><div class='EVOLI_event_list'>\n\t\t\t<p class='EVOLI_back_btn'><i class='fa fa-chevron-left'><\/i>Volver a la lista<\/p>\n\t\t\t<p class='EVOLI_section'><em>Event Type 2<\/em><span><\/span><\/p>\n\t\t\t<div class='EVOLI_event_list_in'><\/div>\n\t\t\t<\/div><\/div><\/div>[\/vc_column_text][\/vc_column][\/vc_row][vc_row el_class=\u00bbagenda-seccion\u00bb][vc_column el_class=\u00bbeventos-izquierda\u00bb][vc_column_text el_class=\u00bbtitulo-agenda\u00bb]<\/p>\n<h2>Pr\u00f3ximos <strong>eventos<\/strong><\/h2>\n<p>[\/vc_column_text][vc_column_text css=\u00bb\u00bb]<div id='evcal_calendar_845' class='ajde_evcal_calendar boxy boxstyle1' ><div class='evo-data' data-cyear=\"2026\" data-cmonth=\"9\" data-runajax=\"1\" data-evc_open=\"0\" data-cal_ver=\"2.6.6\" data-mapscroll=\"true\" data-mapformat=\"roadmap\" data-mapzoom=\"18\" data-mapiconurl=\"\" data-ev_cnt=\"100\" data-show_limit=\"yes\" data-tiles=\"yes\" data-sort_by=\"sort_date\" data-filters_on=\"false\" data-range_start=\"0\" data-range_end=\"0\" data-send_unix=\"0\" data-ux_val=\"3\" data-accord=\"0\" data-rtl=\"no\"  ><\/div><div id='evcal_head' class='calendar_header ' ><div class='evo_cal_above'><span class='evo-gototoday-btn' style='display:none' data-mo='9' data-yr='2026' data-dy=''>Mes actual<\/span><\/div><div class='evo_cal_above_content'><\/div><p id='evcal_cur' class='evo_month_title'> septiembre, 2026<\/p><p class='evo_arrows'><span id='evcal_prev' class='evcal_arrows evcal_btn_prev' ><i class='fa fa-angle-left'><\/i><\/span><span id='evcal_next' class='evcal_arrows evcal_btn_next' ><i class='fa fa-angle-right'><\/i><\/span><\/p><div class='cal_arguments' style='display:none' data-hide_past=\"no\" data-show_et_ft_img=\"no\" data-event_order=\"ASC\" data-ft_event_priority=\"no\" data-lang=\"L3\" data-month_incre=\"0\" data-only_ft=\"no\" data-evc_open=\"no\" data-show_limit=\"yes\" data-etc_override=\"no\" data-show_limit_redir=\"0\" data-tiles=\"yes\" data-tile_height=\"0\" data-tile_bg=\"1\" data-tile_count=\"2\" data-tile_style=\"1\" data-s=\"\" data-members_only=\"no\" data-ux_val=\"3\" data-show_limit_ajax=\"no\" data-show_limit_paged=\"1\" data-hide_mult_occur=\"no\" data-show_repeats=\"no\" ><\/div><div class='clear'><\/div><\/div><div class='eventon_sorting_section' style='display:none'><div class='eventon_filter_line '><div class='eventon_filter' data-filter_field='event_type' data-filter_val='all' data-filter_type='tax' data-fl_o='IN'><\/div><div class='eventon_filter' data-filter_field='event_type_2' data-filter_val='all' data-filter_type='tax' data-fl_o='IN'><\/div><div class='eventon_filter' data-filter_field='event_type_3' data-filter_val='all' data-filter_type='tax' data-fl_o='IN'><\/div><div class='eventon_filter' data-filter_field='event_type_4' data-filter_val='all' data-filter_type='tax' data-fl_o='IN'><\/div><div class='eventon_filter' data-filter_field='event_type_5' data-filter_val='all' data-filter_type='tax' data-fl_o='IN'><\/div><div class='eventon_filter' data-filter_field='event_location' data-filter_val='all' data-filter_type='tax' data-fl_o='IN'><\/div><div class='eventon_filter' data-filter_field='event_organizer' data-filter_val='all' data-filter_type='tax' data-fl_o='IN'><\/div><\/div><div class='clear'><\/div><\/div><div id='eventon_loadbar_section'><div id='eventon_loadbar'><\/div><\/div><div id='evcal_list' class='eventon_events_list'><div id=\"event_237382\" class=\"eventon_list_event evo_eventtop  event hasbgimg\" data-event_id=\"237382\" data-time=\"1782172801-1790812799\" data-colr=\"#206177\" itemscope itemtype='http:\/\/schema.org\/Event' 1><div class=\"evo_boxtop\" style=\"background-image: url(https:\/\/www.blanescostabrava.cat\/wp-content\/uploads\/2026\/06\/torre-SANT-JOAN-OBERTURA-XXSS-horaris-juliol-setembre_page-0001.jpg); background-color:#206177;height:200px;\"><\/div><div class=\"evo_event_schema\" style=\"display:none\" ><a itemprop='url'  href='https:\/\/www.blanescostabrava.cat\/es\/events\/visita-la-torre-del-castillo-de-sant-joan\/'><\/a><span itemprop='name'  >Visita la torre del Castillo de Sant Joan<\/span><meta itemprop='image' content='https:\/\/www.blanescostabrava.cat\/wp-content\/uploads\/2026\/06\/torre-SANT-JOAN-OBERTURA-XXSS-horaris-juliol-setembre_page-0001.jpg' ><\/meta><meta itemprop='description' content='D\u00cdAS: A partir del martes 23 de junio y hasta el 30 de septiembre.HORARIO: De jueves a domingo, de 10:00 a' ><\/meta><meta itemprop='startDate' content='2026-6-23' ><\/meta><meta itemprop='endDate' content='2026-9-30' ><\/meta><meta itemprop='eventStatus' content='on-schedule' ><\/meta>\n\t\t\t\t\t\t\t\t\t<item style=\"display:none\" itemprop=\"location\" itemscope itemtype=\"http:\/\/schema.org\/Place\">\n\t\t\t\t\t\t\t\t\t\t<span itemprop=\"name\">Castillo de Sant Joan<\/span>\n\t\t\t\t\t\t\t\t\t\t<span itemprop=\"address\" itemscope itemtype=\"http:\/\/schema.org\/PostalAddress\">\n\t\t\t\t\t\t\t\t\t\t\t<item itemprop=\"streetAddress\">Carrer Cardenal Vidal i Barraquer, s\/n<\/item>\n\t\t\t\t\t\t\t\t\t\t<\/span><\/item><script type=\"application\/ld+json\">{\t\"@context\": \"http:\/\/schema.org\",\n\t\t\t\t\t\t\t  \t\"@type\": \"Event\",\n\t\t\t\t\t\t\t  \t\"name\": \"Visita la torre del Castillo de Sant Joan\",\n\t\t\t\t\t\t\t  \t\"startDate\": \"2026-6-23T00-00-00-00\",\n\t\t\t\t\t\t\t  \t\"endDate\": \"2026-9-30T23-23-59-00\",\n\t\t\t\t\t\t\t  \t\"image\":\"https:\/\/www.blanescostabrava.cat\/wp-content\/uploads\/2026\/06\/torre-SANT-JOAN-OBERTURA-XXSS-horaris-juliol-setembre_page-0001-225x300.jpg\",\n\t\t\t\t\t\t\t  \t\"description\":\"D\u00cdAS: A partir del martes 23 de junio y hasta el 30 de septiembre.HORARIO: De jueves a domingo, de 10:00 a\",\n\t\t\t\t\t\t\t  \t\"location\":{\n\t\t\t\t\t\t\t\t\t\t\"@type\":\"Place\",\n\t\t\t\t\t\t\t\t\t\t\"name\":\"Castillo de Sant Joan\",\n\t\t\t\t\t\t\t\t\t\t\"address\":\"Carrer Cardenal Vidal i Barraquer, s\/n\"\n\t\t\t\t\t\t\t  \t\t}\n\t\t\t\t\t\t\t }<\/script><\/div>\n\t\t\t\t<p class=\"desc_trig_outter\"><a data-gmap_status=\"null\" data-exlk=\"0\" style=\"border-color: #206177;padding-top: 215px;height: 310px;\" id=\"evc_1782172801237382\" class=\"desc_trig mul_val evcal_list_a\" data-ux_val=\"3\"  ><span class='event-img'><img src='https:\/\/www.blanescostabrava.cat\/wp-content\/uploads\/2026\/06\/torre-SANT-JOAN-OBERTURA-XXSS-horaris-juliol-setembre_page-0001.jpg'><\/span><span class='evcal_cblock ' data-bgcolor='#206177' data-smon='junio' data-syr='2026'><span class='evo_start '><em class='date'>23<\/em><em class='month'>jun<\/em><em class='time'>allday<\/em><\/span><span class='evo_end '><em class='date'>30<\/em><em class='month'>sep<\/em><\/span><em class='clear'><\/em><\/span><span class='evcal_desc evo_info hide_eventtopdata '  data-location_address=\"Carrer Cardenal Vidal i Barraquer, s\/n\" data-location_type=\"address\" data-location_name=\"Castillo de Sant Joan\" data-location_status=\"true\" ><span class='evo_above_title'><\/span><span class='evcal_desc2 evcal_event_title' itemprop='name'>Visita la torre del Castillo de Sant Joan<\/span><span class='evo_below_title'><\/span><span class='evcal_desc_info' ><\/span><span class='evcal_desc3'><\/span><\/span><em class='clear'><\/em><\/p><\/a><div class='event_description evcal_eventcard ' style=\"display:none\"><div class='evo_metarow_directimg'><img src='https:\/\/www.blanescostabrava.cat\/wp-content\/uploads\/2026\/06\/torre-SANT-JOAN-OBERTURA-XXSS-horaris-juliol-setembre_page-0001.jpg' \/><\/div><div class='evo_metarow_details evorow evcal_evdata_row bordb evcal_event_details'>\n\t\t\t\t\t\t\t<div class=\"event_excerpt\" style=\"display:none\"><h3 class=\"padb5 evo_h3\">Descripci\u00f3n<\/h3><p>D\u00cdAS: A partir del martes 23 de junio y hasta el 30 de septiembre.HORARIO: De jueves a domingo, de 10:00 a<\/p><\/div><span class='evcal_evdata_icons'><i class='fa fa-align-justify'><\/i><\/span>\n\t\t\t\t\t\t\t\n\t\t\t\t\t\t\t<div class='evcal_evdata_cell shorter_desc'><div class='eventon_details_shading_bot'>\n\t\t\t\t\t\t\t\t<p class='eventon_shad_p' content='less'><span class='ev_more_text' data-txt='less'>more<\/span><span class='ev_more_arrow'><\/span><\/p>\n\t\t\t\t\t\t\t<\/div><div class='eventon_full_description'>\n\t\t\t\t\t\t\t\t\t<h3 class='padb5 evo_h3'><span class='evcal_evdata_icons'><i class='fa fa-align-justify'><\/i><\/span>Descripci\u00f3n<\/h3><div class='eventon_desc_in' itemprop='description'>\n\t\t\t\t\t\t\t\t\t<p data-start=\"16\" data-end=\"163\"><strong data-start=\"16\" data-end=\"25\">D\u00cdAS:<\/strong> A partir del martes 23 de junio y hasta el 30 de septiembre.<br data-start=\"86\" data-end=\"89\" \/><strong data-start=\"89\" data-end=\"101\">HORARIO:<\/strong> De jueves a domingo, de 10:00 a 13:00 h y de 18:00 a 20:00 h.<\/p>\n<p data-start=\"165\" data-end=\"208\"><strong data-start=\"165\" data-end=\"175\">LUGAR:<\/strong> Torre del Castillo de Sant Joan.<\/p>\n<p data-start=\"210\" data-end=\"371\">No es necesario reservar. Acceso mediante escaleras. Entrada gratuita durante el mes de junio; a partir de julio, tarifa general de 2 \u20ac y tarifa reducida de 1 \u20ac.<\/p>\n<p data-start=\"373\" data-end=\"424\">Entrada gratuita para menores de entre 6 y 12 a\u00f1os.<\/p>\n<p data-start=\"1880\" data-end=\"2082\" data-is-last-node=\"\" data-is-only-node=\"\"><img class=\"alignnone size-large wp-image-238075\" src=\"https:\/\/www.blanescostabrava.cat\/wp-content\/uploads\/2026\/06\/torre-SANT-JOAN-OBERTURA-XXSS-horaris-juliol-setembre_page-0001-768x1024.jpg\" alt=\"\" width=\"768\" height=\"1024\" srcset=\"https:\/\/www.blanescostabrava.cat\/wp-content\/uploads\/2026\/06\/torre-SANT-JOAN-OBERTURA-XXSS-horaris-juliol-setembre_page-0001-768x1024.jpg 768w, https:\/\/www.blanescostabrava.cat\/wp-content\/uploads\/2026\/06\/torre-SANT-JOAN-OBERTURA-XXSS-horaris-juliol-setembre_page-0001-225x300.jpg 225w, https:\/\/www.blanescostabrava.cat\/wp-content\/uploads\/2026\/06\/torre-SANT-JOAN-OBERTURA-XXSS-horaris-juliol-setembre_page-0001-113x150.jpg 113w, https:\/\/www.blanescostabrava.cat\/wp-content\/uploads\/2026\/06\/torre-SANT-JOAN-OBERTURA-XXSS-horaris-juliol-setembre_page-0001-1152x1536.jpg 1152w, https:\/\/www.blanescostabrava.cat\/wp-content\/uploads\/2026\/06\/torre-SANT-JOAN-OBERTURA-XXSS-horaris-juliol-setembre_page-0001-1536x2048.jpg 1536w, https:\/\/www.blanescostabrava.cat\/wp-content\/uploads\/2026\/06\/torre-SANT-JOAN-OBERTURA-XXSS-horaris-juliol-setembre_page-0001-18x24.jpg 18w, https:\/\/www.blanescostabrava.cat\/wp-content\/uploads\/2026\/06\/torre-SANT-JOAN-OBERTURA-XXSS-horaris-juliol-setembre_page-0001-27x36.jpg 27w, https:\/\/www.blanescostabrava.cat\/wp-content\/uploads\/2026\/06\/torre-SANT-JOAN-OBERTURA-XXSS-horaris-juliol-setembre_page-0001-36x48.jpg 36w, https:\/\/www.blanescostabrava.cat\/wp-content\/uploads\/2026\/06\/torre-SANT-JOAN-OBERTURA-XXSS-horaris-juliol-setembre_page-0001.jpg 1575w\" sizes=\"(max-width: 768px) 100vw, 768px\" \/><\/p>\n<\/div><div class='clear'><\/div>\n\t\t\t\t\t\t\t\t<\/div>\n\t\t\t\t\t\t\t<\/div>\n\t\t\t\t\t\t<\/div><div class='evo_metarow_time_location evorow bordb '>\n\t\t\t\t\t\t<div class='tb' >\n\t\t\t\t\t\t\t<div class='tbrow'>\n\t\t\t\t\t\t\t<div class='evcal_col50 bordr'>\n\t\t\t\t\t\t\t\t<div class='evcal_evdata_row evo_time'>\n\t\t\t\t\t\t\t\t\t<span class='evcal_evdata_icons'><i class='fa fa-clock-o'><\/i><\/span>\n\t\t\t\t\t\t\t\t\t<div class='evcal_evdata_cell'>\t\t\t\t\t\t\t\n\t\t\t\t\t\t\t\t\t\t<h3 class='evo_h3'><span class='evcal_evdata_icons'><i class='fa fa-clock-o'><\/i><\/span>Fecha<\/h3>\n\t\t\t\t\t\t\t\t\t\t<p>Junio 23 (Tuesday) - Septiembre 30 (Wednesday)<\/p>\n\t\t\t\t\t\t\t\t\t<\/div>\n\t\t\t\t\t\t\t\t<\/div>\n\t\t\t\t\t\t\t<\/div><div class='evcal_col50'>\n\t\t\t\t\t\t\t\t<div class='evcal_evdata_row evo_location'>\n\t\t\t\t\t\t\t\t\t<span class='evcal_evdata_icons'><i class='fa fa-map-marker'><\/i><\/span>\n\t\t\t\t\t\t\t\t\t<div class='evcal_evdata_cell' data-loc_tax_id='6763'>\t\t\t\t\t\t\t\n\t\t\t\t\t\t\t\t\t\t<h3 class='evo_h3'><span class='evcal_evdata_icons'><i class='fa fa-map-marker'><\/i><\/span>Location<\/h3><p class='evo_location_name'>Castillo de Sant Joan<\/p><p class='evo_location_address'>Carrer Cardenal Vidal i Barraquer, s\/n<\/p>\n\t\t\t\t\t\t\t\t\t<\/div>\n\t\t\t\t\t\t\t\t<\/div>\n\t\t\t\t\t\t\t<\/div><div class='clear'><\/div>\n\t\t\t\t\t\t\t<\/div><\/div>\n\t\t\t\t\t\t<\/div>\t\t\t\t\t\t<div class='evo_metarow_ICS evorow bordb evcal_evdata_row'>\n\t\t\t\t\t\t\t<span class=\"evcal_evdata_icons\"><i class=\"fa fa-calendar\"><\/i><\/span>\n\t\t\t\t\t\t\t<div class='evcal_evdata_cell'>\n\t\t\t\t\t\t\t\t<p><a href='https:\/\/www.blanescostabrava.cat\/wp-admin\/admin-ajax.php?action=eventon_ics_download&amp;event_id=237382&amp;sunix=20260622T220000Z&amp;eunix=20260930T215900Z&amp;loca=Carrer Cardenal Vidal i Barraquer, s\/n&amp;locn=Castillo de Sant Joan' class='evo_ics_nCal' title='Add to your calendar'>Calendar<\/a><a href='\/\/www.google.com\/calendar\/event?action=TEMPLATE&amp;text=Visita+la+torre+del+Castillo+de+Sant+Joan&amp;dates=20260622T220000Z\/20260930T215900Z&amp;details=D%C3%8DAS%3A+A+partir+del+martes+23+de+junio+y+hasta+el+30+de+septiembre.HORARIO%3A+De+jueves+a+domingo%2C+de+10%3A00+a&amp;location=Castillo+de+Sant+Joan - Carrer+Cardenal+Vidal+i+Barraquer%2C+s%2Fn' target='_blank' class='evo_ics_gCal' title='Add to google calendar'>GoogleCal<\/a><\/p>\t\n\t\t\t\t\t\t\t<\/div>\t\t\t\t\t\t<\/div>\n\t\t\t\t\t\t<\/div><div class='clear end'><\/div><\/div><div id=\"event_237700\" class=\"eventon_list_event evo_eventtop  event hasbgimg\" data-event_id=\"237700\" data-time=\"1782864001-1790380799\" data-colr=\"#206177\" itemscope itemtype='http:\/\/schema.org\/Event' 2><div class=\"evo_boxtop\" style=\"background-image: url(https:\/\/www.blanescostabrava.cat\/wp-content\/uploads\/2019\/12\/biblioteca-comarcal.jpg); background-color:#206177;height:200px;\"><\/div><div class=\"evo_event_schema\" style=\"display:none\" ><a itemprop='url'  href='https:\/\/www.blanescostabrava.cat\/es\/events\/en-verano-todas-las-biblios-viven-un-verano-en-las-nubes-de-7-a-12-anos\/'><\/a><span itemprop='name'  >\u00a1En verano, todas las biblios viven! Un verano en las nubes. (de 7 a 12 a\u00f1os)<\/span><meta itemprop='image' content='https:\/\/www.blanescostabrava.cat\/wp-content\/uploads\/2019\/12\/biblioteca-comarcal.jpg' ><\/meta><meta itemprop='description' content='FECHAS: Del 1 al 25 de septiembre\r\n\r\nLUGAR: Biblioteca Roberto Bola\u00f1o' ><\/meta><meta itemprop='startDate' content='2026-7-1' ><\/meta><meta itemprop='endDate' content='2026-9-25' ><\/meta><meta itemprop='eventStatus' content='on-schedule' ><\/meta><script type=\"application\/ld+json\">{\t\"@context\": \"http:\/\/schema.org\",\n\t\t\t\t\t\t\t  \t\"@type\": \"Event\",\n\t\t\t\t\t\t\t  \t\"name\": \"\u00a1En verano, todas las biblios viven! Un verano en las nubes. (de 7 a 12 a\u00f1os)\",\n\t\t\t\t\t\t\t  \t\"startDate\": \"2026-7-1T00-00-00-00\",\n\t\t\t\t\t\t\t  \t\"endDate\": \"2026-9-25T23-23-59-00\",\n\t\t\t\t\t\t\t  \t\"image\":\"https:\/\/www.blanescostabrava.cat\/wp-content\/uploads\/2019\/12\/biblioteca-comarcal-300x194.jpg\",\n\t\t\t\t\t\t\t  \t\"description\":\"FECHAS: Del 1 al 25 de septiembre\r\n\r\nLUGAR: Biblioteca Roberto Bola\u00f1o\",\n\t\t\t\t\t\t\t  \t\n\t\t\t\t\t\t\t }<\/script><\/div>\n\t\t\t\t<p class=\"desc_trig_outter\"><a data-gmap_status=\"null\" data-exlk=\"0\" style=\"border-color: #206177;padding-top: 215px;height: 310px;\" id=\"evc_1782864001237700\" class=\"desc_trig mul_val evcal_list_a\" data-ux_val=\"3\"  ><span class='event-img'><img src='https:\/\/www.blanescostabrava.cat\/wp-content\/uploads\/2019\/12\/biblioteca-comarcal.jpg'><\/span><span class='evcal_cblock ' data-bgcolor='#206177' data-smon='julio' data-syr='2026'><span class='evo_start '><em class='date'>01<\/em><em class='month'>jul<\/em><em class='time'>allday<\/em><\/span><span class='evo_end '><em class='date'>25<\/em><em class='month'>sep<\/em><\/span><em class='clear'><\/em><\/span><span class='evcal_desc evo_info hide_eventtopdata '  data-location_status=\"false\" ><span class='evo_above_title'><\/span><span class='evcal_desc2 evcal_event_title' itemprop='name'>\u00a1En verano, todas las biblios viven! Un verano en las nubes. (de 7 a 12 a\u00f1os)<\/span><span class='evo_below_title'><\/span><span class='evcal_desc_info' ><\/span><span class='evcal_desc3'><\/span><\/span><em class='clear'><\/em><\/p><\/a><div class='event_description evcal_eventcard ' style=\"display:none\"><div class='evo_metarow_directimg'><img src='https:\/\/www.blanescostabrava.cat\/wp-content\/uploads\/2019\/12\/biblioteca-comarcal.jpg' alt=\"biblioteca_comarcal_blanes\"\/><\/div><div class='evo_metarow_details evorow evcal_evdata_row bordb evcal_event_details'>\n\t\t\t\t\t\t\t<div class=\"event_excerpt\" style=\"display:none\"><h3 class=\"padb5 evo_h3\">Descripci\u00f3n<\/h3><p>FECHAS: Del 1 al 25 de septiembre\r\n\r\nLUGAR: Biblioteca Roberto Bola\u00f1o<\/p><\/div><span class='evcal_evdata_icons'><i class='fa fa-align-justify'><\/i><\/span>\n\t\t\t\t\t\t\t\n\t\t\t\t\t\t\t<div class='evcal_evdata_cell '><div class='eventon_full_description'>\n\t\t\t\t\t\t\t\t\t<h3 class='padb5 evo_h3'><span class='evcal_evdata_icons'><i class='fa fa-align-justify'><\/i><\/span>Descripci\u00f3n<\/h3><div class='eventon_desc_in' itemprop='description'>\n\t\t\t\t\t\t\t\t\t<p>FECHAS: Del 1 al 25 de septiembre<\/p>\n<p>LUGAR: Biblioteca Roberto Bola\u00f1o<\/p>\n<\/div><div class='clear'><\/div>\n\t\t\t\t\t\t\t\t<\/div>\n\t\t\t\t\t\t\t<\/div>\n\t\t\t\t\t\t<\/div><div class='evo_metarow_time_location evorow bordb '>\n\t\t\t\t\t\t<div class='tb' >\n\t\t\t\t\t\t\t<div class='tbrow'>\n\t\t\t\t\t\t\t<div class='evcal_col50 bordr'>\n\t\t\t\t\t\t\t\t<div class='evcal_evdata_row evo_time'>\n\t\t\t\t\t\t\t\t\t<span class='evcal_evdata_icons'><i class='fa fa-clock-o'><\/i><\/span>\n\t\t\t\t\t\t\t\t\t<div class='evcal_evdata_cell'>\t\t\t\t\t\t\t\n\t\t\t\t\t\t\t\t\t\t<h3 class='evo_h3'><span class='evcal_evdata_icons'><i class='fa fa-clock-o'><\/i><\/span>Fecha<\/h3>\n\t\t\t\t\t\t\t\t\t\t<p>Julio 1 (Wednesday) - Septiembre 25 (Friday)<\/p>\n\t\t\t\t\t\t\t\t\t<\/div>\n\t\t\t\t\t\t\t\t<\/div>\n\t\t\t\t\t\t\t<\/div><div class='evcal_col50'>\n\t\t\t\t\t\t\t\t<div class='evcal_evdata_row evo_location'>\n\t\t\t\t\t\t\t\t\t<span class='evcal_evdata_icons'><i class='fa fa-map-marker'><\/i><\/span>\n\t\t\t\t\t\t\t\t\t<div class='evcal_evdata_cell' data-loc_tax_id='6007'>\t\t\t\t\t\t\t\n\t\t\t\t\t\t\t\t\t\t<h3 class='evo_h3'><span class='evcal_evdata_icons'><i class='fa fa-map-marker'><\/i><\/span>Location<\/h3><p class='evo_location_name'>Biblioteca Roberto Bola\u00f1o<\/p><p class='evo_location_address'><\/p>\n\t\t\t\t\t\t\t\t\t<\/div>\n\t\t\t\t\t\t\t\t<\/div>\n\t\t\t\t\t\t\t<\/div><div class='clear'><\/div>\n\t\t\t\t\t\t\t<\/div><\/div>\n\t\t\t\t\t\t<\/div>\t\t\t\t\t\t<div class='evo_metarow_ICS evorow bordb evcal_evdata_row'>\n\t\t\t\t\t\t\t<span class=\"evcal_evdata_icons\"><i class=\"fa fa-calendar\"><\/i><\/span>\n\t\t\t\t\t\t\t<div class='evcal_evdata_cell'>\n\t\t\t\t\t\t\t\t<p><a href='https:\/\/www.blanescostabrava.cat\/wp-admin\/admin-ajax.php?action=eventon_ics_download&amp;event_id=237700&amp;sunix=20260630T220000Z&amp;eunix=20260925T215900Z&amp;loca=&amp;locn=Biblioteca Roberto Bola\u00f1o' class='evo_ics_nCal' title='Add to your calendar'>Calendar<\/a><a href='\/\/www.google.com\/calendar\/event?action=TEMPLATE&amp;text=%C2%A1En+verano%2C+todas+las+biblios+viven%21+Un+verano+en+las+nubes.+%28de+7+a+12+a%C3%B1os%29&amp;dates=20260630T220000Z\/20260925T215900Z&amp;details=FECHAS%3A+Del+1+al+25+de+septiembre%0D%0A%0D%0ALUGAR%3A+Biblioteca+Roberto+Bola%C3%B1o&amp;location=Biblioteca+Roberto+Bola%C3%B1o - ' target='_blank' class='evo_ics_gCal' title='Add to google calendar'>GoogleCal<\/a><\/p>\t\n\t\t\t\t\t\t\t<\/div>\t\t\t\t\t\t<\/div>\n\t\t\t\t\t\t<\/div><div class='clear end'><\/div><\/div><div id=\"event_237976\" class=\"eventon_list_event evo_eventtop  event hasbgimg\" data-event_id=\"237976\" data-time=\"1783641601-1789084799\" data-colr=\"#206177\" itemscope itemtype='http:\/\/schema.org\/Event' 3><div class=\"evo_boxtop\" style=\"background-image: url(https:\/\/www.blanescostabrava.cat\/wp-content\/uploads\/2023\/07\/galerialarcada-2.jpeg); background-color:#206177;height:200px;\"><\/div><div class=\"evo_event_schema\" style=\"display:none\" ><a itemprop='url'  href='https:\/\/www.blanescostabrava.cat\/es\/events\/fondo-de-arte-coleccion-de-verano\/'><\/a><span itemprop='name'  >Fondo de Arte - Colecci\u00f3n de verano<\/span><meta itemprop='image' content='https:\/\/www.blanescostabrava.cat\/wp-content\/uploads\/2023\/07\/galerialarcada-2.jpeg' ><\/meta><meta itemprop='description' content='FECHAS: Del 10 de julio al 10 de septiembre\r\n\r\nLUGAR: Galer\u00eda de arte L\u2019Arcada' ><\/meta><meta itemprop='startDate' content='2026-7-10' ><\/meta><meta itemprop='endDate' content='2026-9-10' ><\/meta><meta itemprop='eventStatus' content='on-schedule' ><\/meta><script type=\"application\/ld+json\">{\t\"@context\": \"http:\/\/schema.org\",\n\t\t\t\t\t\t\t  \t\"@type\": \"Event\",\n\t\t\t\t\t\t\t  \t\"name\": \"Fondo de Arte - Colecci\u00f3n de verano\",\n\t\t\t\t\t\t\t  \t\"startDate\": \"2026-7-10T00-00-00-00\",\n\t\t\t\t\t\t\t  \t\"endDate\": \"2026-9-10T23-23-59-00\",\n\t\t\t\t\t\t\t  \t\"image\":\"https:\/\/www.blanescostabrava.cat\/wp-content\/uploads\/2023\/07\/galerialarcada-2-300x164.jpeg\",\n\t\t\t\t\t\t\t  \t\"description\":\"FECHAS: Del 10 de julio al 10 de septiembre\r\n\r\nLUGAR: Galer\u00eda de arte L\u2019Arcada\",\n\t\t\t\t\t\t\t  \t\n\t\t\t\t\t\t\t }<\/script><\/div>\n\t\t\t\t<p class=\"desc_trig_outter\"><a data-gmap_status=\"null\" data-exlk=\"0\" style=\"border-color: #206177;padding-top: 215px;height: 310px;\" id=\"evc_1783641601237976\" class=\"desc_trig mul_val evcal_list_a\" data-ux_val=\"3\"  ><span class='event-img'><img src='https:\/\/www.blanescostabrava.cat\/wp-content\/uploads\/2023\/07\/galerialarcada-2.jpeg'><\/span><span class='evcal_cblock ' data-bgcolor='#206177' data-smon='julio' data-syr='2026'><span class='evo_start '><em class='date'>10<\/em><em class='month'>jul<\/em><em class='time'>allday<\/em><\/span><span class='evo_end '><em class='date'>10<\/em><em class='month'>sep<\/em><\/span><em class='clear'><\/em><\/span><span class='evcal_desc evo_info hide_eventtopdata '  data-location_status=\"false\" ><span class='evo_above_title'><\/span><span class='evcal_desc2 evcal_event_title' itemprop='name'>Fondo de Arte - Colecci\u00f3n de verano<\/span><span class='evo_below_title'><\/span><span class='evcal_desc_info' ><\/span><span class='evcal_desc3'><\/span><\/span><em class='clear'><\/em><\/p><\/a><div class='event_description evcal_eventcard ' style=\"display:none\"><div class='evo_metarow_directimg'><img src='https:\/\/www.blanescostabrava.cat\/wp-content\/uploads\/2023\/07\/galerialarcada-2.jpeg' \/><\/div><div class='evo_metarow_details evorow evcal_evdata_row bordb evcal_event_details'>\n\t\t\t\t\t\t\t<div class=\"event_excerpt\" style=\"display:none\"><h3 class=\"padb5 evo_h3\">Descripci\u00f3n<\/h3><p>FECHAS: Del 10 de julio al 10 de septiembre\r\n\r\nLUGAR: Galer\u00eda de arte L\u2019Arcada<\/p><\/div><span class='evcal_evdata_icons'><i class='fa fa-align-justify'><\/i><\/span>\n\t\t\t\t\t\t\t\n\t\t\t\t\t\t\t<div class='evcal_evdata_cell '><div class='eventon_full_description'>\n\t\t\t\t\t\t\t\t\t<h3 class='padb5 evo_h3'><span class='evcal_evdata_icons'><i class='fa fa-align-justify'><\/i><\/span>Descripci\u00f3n<\/h3><div class='eventon_desc_in' itemprop='description'>\n\t\t\t\t\t\t\t\t\t<p>FECHAS: Del 10 de julio al 10 de septiembre<\/p>\n<p>LUGAR: Galer\u00eda de arte L\u2019Arcada<\/p>\n<\/div><div class='clear'><\/div>\n\t\t\t\t\t\t\t\t<\/div>\n\t\t\t\t\t\t\t<\/div>\n\t\t\t\t\t\t<\/div><div class='evo_metarow_time_location evorow bordb '>\n\t\t\t\t\t\t<div class='tb' >\n\t\t\t\t\t\t\t<div class='tbrow'>\n\t\t\t\t\t\t\t<div class='evcal_col50 bordr'>\n\t\t\t\t\t\t\t\t<div class='evcal_evdata_row evo_time'>\n\t\t\t\t\t\t\t\t\t<span class='evcal_evdata_icons'><i class='fa fa-clock-o'><\/i><\/span>\n\t\t\t\t\t\t\t\t\t<div class='evcal_evdata_cell'>\t\t\t\t\t\t\t\n\t\t\t\t\t\t\t\t\t\t<h3 class='evo_h3'><span class='evcal_evdata_icons'><i class='fa fa-clock-o'><\/i><\/span>Fecha<\/h3>\n\t\t\t\t\t\t\t\t\t\t<p>Julio 10 (Friday) - Septiembre 10 (Thursday)<\/p>\n\t\t\t\t\t\t\t\t\t<\/div>\n\t\t\t\t\t\t\t\t<\/div>\n\t\t\t\t\t\t\t<\/div><div class='evcal_col50'>\n\t\t\t\t\t\t\t\t<div class='evcal_evdata_row evo_location'>\n\t\t\t\t\t\t\t\t\t<span class='evcal_evdata_icons'><i class='fa fa-map-marker'><\/i><\/span>\n\t\t\t\t\t\t\t\t\t<div class='evcal_evdata_cell' data-loc_tax_id='2789'>\t\t\t\t\t\t\t\n\t\t\t\t\t\t\t\t\t\t<h3 class='evo_h3'><span class='evcal_evdata_icons'><i class='fa fa-map-marker'><\/i><\/span>Location<\/h3><p class='evo_location_name'>Galeria de arte l\u2019Arcada<\/p><p class='evo_location_address'><\/p>\n\t\t\t\t\t\t\t\t\t<\/div>\n\t\t\t\t\t\t\t\t<\/div>\n\t\t\t\t\t\t\t<\/div><div class='clear'><\/div>\n\t\t\t\t\t\t\t<\/div><\/div>\n\t\t\t\t\t\t<\/div>\t\t\t\t\t\t<div class='evo_metarow_ICS evorow bordb evcal_evdata_row'>\n\t\t\t\t\t\t\t<span class=\"evcal_evdata_icons\"><i class=\"fa fa-calendar\"><\/i><\/span>\n\t\t\t\t\t\t\t<div class='evcal_evdata_cell'>\n\t\t\t\t\t\t\t\t<p><a href='https:\/\/www.blanescostabrava.cat\/wp-admin\/admin-ajax.php?action=eventon_ics_download&amp;event_id=237976&amp;sunix=20260709T220000Z&amp;eunix=20260910T215900Z&amp;loca=&amp;locn=Galeria de arte l\u2019Arcada' class='evo_ics_nCal' title='Add to your calendar'>Calendar<\/a><a href='\/\/www.google.com\/calendar\/event?action=TEMPLATE&amp;text=Fondo+de+Arte+-+Colecci%C3%B3n+de+verano&amp;dates=20260709T220000Z\/20260910T215900Z&amp;details=FECHAS%3A+Del+10+de+julio+al+10+de+septiembre%0D%0A%0D%0ALUGAR%3A+Galer%C3%ADa+de+arte+L%E2%80%99Arcada&amp;location=Galeria+de+arte+l%E2%80%99Arcada - ' target='_blank' class='evo_ics_gCal' title='Add to google calendar'>GoogleCal<\/a><\/p>\t\n\t\t\t\t\t\t\t<\/div>\t\t\t\t\t\t<\/div>\n\t\t\t\t\t\t<\/div><div class='clear end'><\/div><\/div><div id=\"event_241780\" class=\"eventon_list_event evo_eventtop  event hasbgimg\" data-event_id=\"241780\" data-time=\"1785888001-1789343999\" data-colr=\"#206177\" itemscope itemtype='http:\/\/schema.org\/Event' 4><div class=\"evo_boxtop\" style=\"background-image: url(https:\/\/www.blanescostabrava.cat\/wp-content\/uploads\/2026\/08\/unnamed-1.png); background-color:#206177;height:200px;\"><\/div><div class=\"evo_event_schema\" style=\"display:none\" ><a itemprop='url'  href='https:\/\/www.blanescostabrava.cat\/es\/events\/exposicion-blai-bonet-de-claror-i-de-cor\/'><\/a><span itemprop='name'  >Exposici\u00f3n 'Blai Bonet, \u00abDe claror i de cor\u00bb'<\/span><meta itemprop='image' content='https:\/\/www.blanescostabrava.cat\/wp-content\/uploads\/2026\/08\/unnamed-1.png' ><\/meta><meta itemprop='description' content='D\u00cdA: Hasta el 13 de septiembreLUGAR: Primer piso de la BibliotecaDESCRIPCI\u00d3N: Exposici\u00f3n itinerante dedicada a Blai Bonet con motivo del centenario de su nacimiento.' ><\/meta><meta itemprop='startDate' content='2026-8-5' ><\/meta><meta itemprop='endDate' content='2026-9-13' ><\/meta><meta itemprop='eventStatus' content='on-schedule' ><\/meta><script type=\"application\/ld+json\">{\t\"@context\": \"http:\/\/schema.org\",\n\t\t\t\t\t\t\t  \t\"@type\": \"Event\",\n\t\t\t\t\t\t\t  \t\"name\": \"Exposici\u00f3n 'Blai Bonet, \u00abDe claror i de cor\u00bb'\",\n\t\t\t\t\t\t\t  \t\"startDate\": \"2026-8-5T00-00-00-00\",\n\t\t\t\t\t\t\t  \t\"endDate\": \"2026-9-13T23-23-59-00\",\n\t\t\t\t\t\t\t  \t\"image\":\"https:\/\/www.blanescostabrava.cat\/wp-content\/uploads\/2026\/08\/unnamed-1-300x169.png\",\n\t\t\t\t\t\t\t  \t\"description\":\"D\u00cdA: Hasta el 13 de septiembreLUGAR: Primer piso de la BibliotecaDESCRIPCI\u00d3N: Exposici\u00f3n itinerante dedicada a Blai Bonet con motivo del centenario de su nacimiento.\",\n\t\t\t\t\t\t\t  \t\n\t\t\t\t\t\t\t }<\/script><\/div>\n\t\t\t\t<p class=\"desc_trig_outter\"><a data-gmap_status=\"null\" data-exlk=\"0\" style=\"border-color: #206177;padding-top: 215px;height: 310px;\" id=\"evc_1785888001241780\" class=\"desc_trig mul_val evcal_list_a\" data-ux_val=\"3\"  ><span class='event-img'><img src='https:\/\/www.blanescostabrava.cat\/wp-content\/uploads\/2026\/08\/unnamed-1.png'><\/span><span class='evcal_cblock ' data-bgcolor='#206177' data-smon='agosto' data-syr='2026'><span class='evo_start '><em class='date'>05<\/em><em class='month'>ago<\/em><em class='time'>allday<\/em><\/span><span class='evo_end '><em class='date'>13<\/em><em class='month'>sep<\/em><\/span><em class='clear'><\/em><\/span><span class='evcal_desc evo_info hide_eventtopdata '  data-location_status=\"false\" ><span class='evo_above_title'><\/span><span class='evcal_desc2 evcal_event_title' itemprop='name'>Exposici\u00f3n 'Blai Bonet, \u00abDe claror i de cor\u00bb'<\/span><span class='evo_below_title'><\/span><span class='evcal_desc_info' ><\/span><span class='evcal_desc3'><\/span><\/span><em class='clear'><\/em><\/p><\/a><div class='event_description evcal_eventcard ' style=\"display:none\"><div class='evo_metarow_directimg'><img src='https:\/\/www.blanescostabrava.cat\/wp-content\/uploads\/2026\/08\/unnamed-1.png' \/><\/div><div class='evo_metarow_details evorow evcal_evdata_row bordb evcal_event_details'>\n\t\t\t\t\t\t\t<div class=\"event_excerpt\" style=\"display:none\"><h3 class=\"padb5 evo_h3\">Descripci\u00f3n<\/h3><p>D\u00cdA: Hasta el 13 de septiembreLUGAR: Primer piso de la BibliotecaDESCRIPCI\u00d3N: Exposici\u00f3n itinerante dedicada a Blai Bonet con motivo del centenario de su nacimiento.<\/p><\/div><span class='evcal_evdata_icons'><i class='fa fa-align-justify'><\/i><\/span>\n\t\t\t\t\t\t\t\n\t\t\t\t\t\t\t<div class='evcal_evdata_cell shorter_desc'><div class='eventon_details_shading_bot'>\n\t\t\t\t\t\t\t\t<p class='eventon_shad_p' content='less'><span class='ev_more_text' data-txt='less'>more<\/span><span class='ev_more_arrow'><\/span><\/p>\n\t\t\t\t\t\t\t<\/div><div class='eventon_full_description'>\n\t\t\t\t\t\t\t\t\t<h3 class='padb5 evo_h3'><span class='evcal_evdata_icons'><i class='fa fa-align-justify'><\/i><\/span>Descripci\u00f3n<\/h3><div class='eventon_desc_in' itemprop='description'>\n\t\t\t\t\t\t\t\t\t<p><strong>D\u00cdA<\/strong>: Hasta el 13 de septiembre<br data-start=\"1394\" data-end=\"1397\" \/><strong>LUGAR<\/strong>: Primer piso de la Biblioteca<br data-start=\"1432\" data-end=\"1435\" \/><strong>DESCRIPCI\u00d3N<\/strong>: Exposici\u00f3n itinerante dedicada a Blai Bonet con motivo del centenario de su nacimiento. A trav\u00e9s de seis paneles, la muestra recorre la vida y la obra del autor y presenta su figura poli\u00e9drica mediante material gr\u00e1fico y textos del propio autor. Comisariada por Pau Vadell i Vallbona.<\/p>\n<p><img class=\"alignnone size-large wp-image-241777\" src=\"https:\/\/www.blanescostabrava.cat\/wp-content\/uploads\/2026\/08\/unnamed-1-1024x576.png\" alt=\"\" width=\"1024\" height=\"576\" srcset=\"https:\/\/www.blanescostabrava.cat\/wp-content\/uploads\/2026\/08\/unnamed-1-1024x576.png 1024w, https:\/\/www.blanescostabrava.cat\/wp-content\/uploads\/2026\/08\/unnamed-1-300x169.png 300w, https:\/\/www.blanescostabrava.cat\/wp-content\/uploads\/2026\/08\/unnamed-1-150x84.png 150w, https:\/\/www.blanescostabrava.cat\/wp-content\/uploads\/2026\/08\/unnamed-1-768x432.png 768w, https:\/\/www.blanescostabrava.cat\/wp-content\/uploads\/2026\/08\/unnamed-1-1536x864.png 1536w, https:\/\/www.blanescostabrava.cat\/wp-content\/uploads\/2026\/08\/unnamed-1-2048x1152.png 2048w, https:\/\/www.blanescostabrava.cat\/wp-content\/uploads\/2026\/08\/unnamed-1-24x14.png 24w, https:\/\/www.blanescostabrava.cat\/wp-content\/uploads\/2026\/08\/unnamed-1-36x20.png 36w, https:\/\/www.blanescostabrava.cat\/wp-content\/uploads\/2026\/08\/unnamed-1-48x27.png 48w\" sizes=\"(max-width: 1024px) 100vw, 1024px\" \/><\/p>\n<\/div><div class='clear'><\/div>\n\t\t\t\t\t\t\t\t<\/div>\n\t\t\t\t\t\t\t<\/div>\n\t\t\t\t\t\t<\/div><div class='evo_metarow_time_location evorow bordb '>\n\t\t\t\t\t\t<div class='tb' >\n\t\t\t\t\t\t\t<div class='tbrow'>\n\t\t\t\t\t\t\t<div class='evcal_col50 bordr'>\n\t\t\t\t\t\t\t\t<div class='evcal_evdata_row evo_time'>\n\t\t\t\t\t\t\t\t\t<span class='evcal_evdata_icons'><i class='fa fa-clock-o'><\/i><\/span>\n\t\t\t\t\t\t\t\t\t<div class='evcal_evdata_cell'>\t\t\t\t\t\t\t\n\t\t\t\t\t\t\t\t\t\t<h3 class='evo_h3'><span class='evcal_evdata_icons'><i class='fa fa-clock-o'><\/i><\/span>Fecha<\/h3>\n\t\t\t\t\t\t\t\t\t\t<p>Agosto 5 (Wednesday) - Septiembre 13 (Sunday)<\/p>\n\t\t\t\t\t\t\t\t\t<\/div>\n\t\t\t\t\t\t\t\t<\/div>\n\t\t\t\t\t\t\t<\/div><div class='evcal_col50'>\n\t\t\t\t\t\t\t\t<div class='evcal_evdata_row evo_location'>\n\t\t\t\t\t\t\t\t\t<span class='evcal_evdata_icons'><i class='fa fa-map-marker'><\/i><\/span>\n\t\t\t\t\t\t\t\t\t<div class='evcal_evdata_cell' data-loc_tax_id='6007'>\t\t\t\t\t\t\t\n\t\t\t\t\t\t\t\t\t\t<h3 class='evo_h3'><span class='evcal_evdata_icons'><i class='fa fa-map-marker'><\/i><\/span>Location<\/h3><p class='evo_location_name'>Biblioteca Roberto Bola\u00f1o<\/p><p class='evo_location_address'><\/p>\n\t\t\t\t\t\t\t\t\t<\/div>\n\t\t\t\t\t\t\t\t<\/div>\n\t\t\t\t\t\t\t<\/div><div class='clear'><\/div>\n\t\t\t\t\t\t\t<\/div><\/div>\n\t\t\t\t\t\t<\/div>\t\t\t\t\t\t<div class='evo_metarow_ICS evorow bordb evcal_evdata_row'>\n\t\t\t\t\t\t\t<span class=\"evcal_evdata_icons\"><i class=\"fa fa-calendar\"><\/i><\/span>\n\t\t\t\t\t\t\t<div class='evcal_evdata_cell'>\n\t\t\t\t\t\t\t\t<p><a href='https:\/\/www.blanescostabrava.cat\/wp-admin\/admin-ajax.php?action=eventon_ics_download&amp;event_id=241780&amp;sunix=20260804T220000Z&amp;eunix=20260913T215900Z&amp;loca=&amp;locn=Biblioteca Roberto Bola\u00f1o' class='evo_ics_nCal' title='Add to your calendar'>Calendar<\/a><a href='\/\/www.google.com\/calendar\/event?action=TEMPLATE&amp;text=Exposici%C3%B3n+%27Blai+Bonet%2C+%C2%ABDe+claror+i+de+cor%C2%BB%27&amp;dates=20260804T220000Z\/20260913T215900Z&amp;details=D%C3%8DA%3A+Hasta+el+13+de+septiembreLUGAR%3A+Primer+piso+de+la+BibliotecaDESCRIPCI%C3%93N%3A+Exposici%C3%B3n+itinerante+dedicada+a+Blai+Bonet+con+motivo+del+centenario+de+su+nacimiento.&amp;location=Biblioteca+Roberto+Bola%C3%B1o - ' target='_blank' class='evo_ics_gCal' title='Add to google calendar'>GoogleCal<\/a><\/p>\t\n\t\t\t\t\t\t\t<\/div>\t\t\t\t\t\t<\/div>\n\t\t\t\t\t\t<\/div><div class='clear end'><\/div><\/div><div id=\"event_241930\" class=\"eventon_list_event evo_eventtop  event hasbgimg\" data-event_id=\"241930\" data-time=\"1788480001-1788566399\" data-colr=\"#206177\" itemscope itemtype='http:\/\/schema.org\/Event' 5><div class=\"evo_boxtop\" style=\"background-image: url(https:\/\/www.blanescostabrava.cat\/wp-content\/uploads\/2018\/08\/botiga-al-carrer.jpg); background-color:#206177;height:200px;\"><\/div><div class=\"evo_event_schema\" style=\"display:none\" ><a itemprop='url'  href='https:\/\/www.blanescostabrava.cat\/events\/festes-de-barri-ctra-lloret-la-pedrera\/'><\/a><span itemprop='name'  >Festes de Barri - Ctra. Lloret \/ La Pedrera<\/span><meta itemprop='image' content='https:\/\/www.blanescostabrava.cat\/wp-content\/uploads\/2018\/08\/botiga-al-carrer.jpg' ><\/meta><meta itemprop='description' content='DIA: Del 4 al 6 de setembre\r\nLLOC: Barri Ctra. Lloret-La Pedrera-Av. Joan Carles I, 91\r\nDESCRIPCI\u00d3: Festa de barri amb activitats populars.' ><\/meta><meta itemprop='startDate' content='2026-9-4' ><\/meta><meta itemprop='endDate' content='2026-9-4' ><\/meta><meta itemprop='eventStatus' content='on-schedule' ><\/meta><script type=\"application\/ld+json\">{\t\"@context\": \"http:\/\/schema.org\",\n\t\t\t\t\t\t\t  \t\"@type\": \"Event\",\n\t\t\t\t\t\t\t  \t\"name\": \"Festes de Barri - Ctra. Lloret \/ La Pedrera\",\n\t\t\t\t\t\t\t  \t\"startDate\": \"2026-9-4T00-00-00-00\",\n\t\t\t\t\t\t\t  \t\"endDate\": \"2026-9-4T23-23-59-00\",\n\t\t\t\t\t\t\t  \t\"image\":\"https:\/\/www.blanescostabrava.cat\/wp-content\/uploads\/2018\/08\/botiga-al-carrer-300x166.jpg\",\n\t\t\t\t\t\t\t  \t\"description\":\"DIA: Del 4 al 6 de setembre\r\nLLOC: Barri Ctra. Lloret-La Pedrera-Av. Joan Carles I, 91\r\nDESCRIPCI\u00d3: Festa de barri amb activitats populars.\",\n\t\t\t\t\t\t\t  \t\n\t\t\t\t\t\t\t }<\/script><\/div>\n\t\t\t\t<p class=\"desc_trig_outter\"><a data-gmap_status=\"null\" data-exlk=\"0\" style=\"border-color: #206177;padding-top: 215px;height: 310px;\" id=\"evc_1788480001241930\" class=\"desc_trig sin_val evcal_list_a\" data-ux_val=\"3\"  ><span class='event-img'><img src='https:\/\/www.blanescostabrava.cat\/wp-content\/uploads\/2018\/08\/botiga-al-carrer.jpg'><\/span><span class='evcal_cblock ' data-bgcolor='#206177' data-smon='septiembre' data-syr='2026'><span class='evo_start '><em class='date'>04<\/em><em class='month'>sep<\/em><em class='time'>allday<\/em><\/span><em class='clear'><\/em><\/span><span class='evcal_desc evo_info hide_eventtopdata '  data-location_status=\"false\" ><span class='evo_above_title'><\/span><span class='evcal_desc2 evcal_event_title' itemprop='name'>Festes de Barri - Ctra. Lloret \/ La Pedrera<\/span><span class='evo_below_title'><\/span><span class='evcal_desc_info' ><\/span><span class='evcal_desc3'><\/span><\/span><em class='clear'><\/em><\/p><\/a><div class='event_description evcal_eventcard ' style=\"display:none\"><div class='evo_metarow_directimg'><img src='https:\/\/www.blanescostabrava.cat\/wp-content\/uploads\/2018\/08\/botiga-al-carrer.jpg' alt=\"botiga al carrer\"\/><\/div><div class='evo_metarow_details evorow evcal_evdata_row bordb evcal_event_details'>\n\t\t\t\t\t\t\t<div class=\"event_excerpt\" style=\"display:none\"><h3 class=\"padb5 evo_h3\">Descripci\u00f3n<\/h3><p>DIA: Del 4 al 6 de setembre\r\nLLOC: Barri Ctra. Lloret-La Pedrera-Av. Joan Carles I, 91\r\nDESCRIPCI\u00d3: Festa de barri amb activitats populars.<\/p><\/div><span class='evcal_evdata_icons'><i class='fa fa-align-justify'><\/i><\/span>\n\t\t\t\t\t\t\t\n\t\t\t\t\t\t\t<div class='evcal_evdata_cell '><div class='eventon_full_description'>\n\t\t\t\t\t\t\t\t\t<h3 class='padb5 evo_h3'><span class='evcal_evdata_icons'><i class='fa fa-align-justify'><\/i><\/span>Descripci\u00f3n<\/h3><div class='eventon_desc_in' itemprop='description'>\n\t\t\t\t\t\t\t\t\t<p>DIA: Del 4 al 6 de setembre<br \/>\nLLOC: Barri Ctra. Lloret-La Pedrera-Av. Joan Carles I, 91<br \/>\nDESCRIPCI\u00d3: Festa de barri amb activitats populars.<\/p>\n<\/div><div class='clear'><\/div>\n\t\t\t\t\t\t\t\t<\/div>\n\t\t\t\t\t\t\t<\/div>\n\t\t\t\t\t\t<\/div><div class='evo_metarow_time_location evorow bordb '>\n\t\t\t\t\t\t<div class='tb' >\n\t\t\t\t\t\t\t<div class='tbrow'>\n\t\t\t\t\t\t\t<div class='evcal_col50 bordr'>\n\t\t\t\t\t\t\t\t<div class='evcal_evdata_row evo_time'>\n\t\t\t\t\t\t\t\t\t<span class='evcal_evdata_icons'><i class='fa fa-clock-o'><\/i><\/span>\n\t\t\t\t\t\t\t\t\t<div class='evcal_evdata_cell'>\t\t\t\t\t\t\t\n\t\t\t\t\t\t\t\t\t\t<h3 class='evo_h3'><span class='evcal_evdata_icons'><i class='fa fa-clock-o'><\/i><\/span>Fecha<\/h3>\n\t\t\t\t\t\t\t\t\t\t<p>All Day (Friday)<\/p>\n\t\t\t\t\t\t\t\t\t<\/div>\n\t\t\t\t\t\t\t\t<\/div>\n\t\t\t\t\t\t\t<\/div><div class='evcal_col50'>\n\t\t\t\t\t\t\t\t<div class='evcal_evdata_row evo_location'>\n\t\t\t\t\t\t\t\t\t<span class='evcal_evdata_icons'><i class='fa fa-map-marker'><\/i><\/span>\n\t\t\t\t\t\t\t\t\t<div class='evcal_evdata_cell' data-loc_tax_id='2756'>\t\t\t\t\t\t\t\n\t\t\t\t\t\t\t\t\t\t<h3 class='evo_h3'><span class='evcal_evdata_icons'><i class='fa fa-map-marker'><\/i><\/span>Location<\/h3><p class='evo_location_name'>Barri carretera Lloret - La Pedrera<\/p><p class='evo_location_address'><\/p>\n\t\t\t\t\t\t\t\t\t<\/div>\n\t\t\t\t\t\t\t\t<\/div>\n\t\t\t\t\t\t\t<\/div><div class='clear'><\/div>\n\t\t\t\t\t\t\t<\/div><\/div>\n\t\t\t\t\t\t<\/div>\t\t\t\t\t\t<div class='evo_metarow_ICS evorow bordb evcal_evdata_row'>\n\t\t\t\t\t\t\t<span class=\"evcal_evdata_icons\"><i class=\"fa fa-calendar\"><\/i><\/span>\n\t\t\t\t\t\t\t<div class='evcal_evdata_cell'>\n\t\t\t\t\t\t\t\t<p><a href='https:\/\/www.blanescostabrava.cat\/wp-admin\/admin-ajax.php?action=eventon_ics_download&amp;event_id=241930&amp;sunix=20260903T220000Z&amp;eunix=20260904T215900Z&amp;loca=&amp;locn=Barri carretera Lloret - La Pedrera' class='evo_ics_nCal' title='Add to your calendar'>Calendar<\/a><a href='\/\/www.google.com\/calendar\/event?action=TEMPLATE&amp;text=Festes+de+Barri+-+Ctra.+Lloret+%2F+La+Pedrera&amp;dates=20260903T220000Z\/20260904T215900Z&amp;details=DIA%3A+Del+4+al+6+de+setembre%0D%0ALLOC%3A+Barri+Ctra.+Lloret-La+Pedrera-Av.+Joan+Carles+I%2C+91%0D%0ADESCRIPCI%C3%93%3A+Festa+de+barri+amb+activitats+populars.&amp;location=Barri+carretera+Lloret+-+La+Pedrera - ' target='_blank' class='evo_ics_gCal' title='Add to google calendar'>GoogleCal<\/a><\/p>\t\n\t\t\t\t\t\t\t<\/div>\t\t\t\t\t\t<\/div>\n\t\t\t\t\t\t<\/div><div class='clear end'><\/div><\/div><div id=\"event_241942\" class=\"eventon_list_event evo_eventtop  event hasbgimg\" data-event_id=\"241942\" data-time=\"1788480001-1788566399\" data-colr=\"#206177\" itemscope itemtype='http:\/\/schema.org\/Event' 6><div class=\"evo_boxtop\" style=\"background-image: url(https:\/\/www.blanescostabrava.cat\/wp-content\/uploads\/2026\/08\/images-2.jpeg); background-color:#206177;height:200px;\"><\/div><div class=\"evo_event_schema\" style=\"display:none\" ><a itemprop='url'  href='https:\/\/www.blanescostabrava.cat\/events\/llum-color-i-mar-valentina-escoriza\/'><\/a><span itemprop='name'  >\"Llum, color i mar!\" - Valentina Escoriza<\/span><meta itemprop='image' content='https:\/\/www.blanescostabrava.cat\/wp-content\/uploads\/2026\/08\/images-2.jpeg' ><\/meta><meta itemprop='description' content='DIA: Del 4 al 13 de setembre\r\nLLOC: Sala Ma Luisa Garc\u00eda-Tornel\r\nDESCRIPCI\u00d3: Exposici\u00f3 de pintura de Valentina Escoriza.' ><\/meta><meta itemprop='startDate' content='2026-9-4' ><\/meta><meta itemprop='endDate' content='2026-9-4' ><\/meta><meta itemprop='eventStatus' content='on-schedule' ><\/meta><script type=\"application\/ld+json\">{\t\"@context\": \"http:\/\/schema.org\",\n\t\t\t\t\t\t\t  \t\"@type\": \"Event\",\n\t\t\t\t\t\t\t  \t\"name\": \"\"Llum, color i mar!\" - Valentina Escoriza\",\n\t\t\t\t\t\t\t  \t\"startDate\": \"2026-9-4T00-00-00-00\",\n\t\t\t\t\t\t\t  \t\"endDate\": \"2026-9-4T23-23-59-00\",\n\t\t\t\t\t\t\t  \t\"image\":\"https:\/\/www.blanescostabrava.cat\/wp-content\/uploads\/2026\/08\/images-2-239x300.jpeg\",\n\t\t\t\t\t\t\t  \t\"description\":\"DIA: Del 4 al 13 de setembre\r\nLLOC: Sala Ma Luisa Garc\u00eda-Tornel\r\nDESCRIPCI\u00d3: Exposici\u00f3 de pintura de Valentina Escoriza.\",\n\t\t\t\t\t\t\t  \t\n\t\t\t\t\t\t\t }<\/script><\/div>\n\t\t\t\t<p class=\"desc_trig_outter\"><a data-gmap_status=\"null\" data-exlk=\"0\" style=\"border-color: #206177;padding-top: 215px;height: 310px;\" id=\"evc_1788480001241942\" class=\"desc_trig sin_val evcal_list_a\" data-ux_val=\"3\"  ><span class='event-img'><img src='https:\/\/www.blanescostabrava.cat\/wp-content\/uploads\/2026\/08\/images-2.jpeg'><\/span><span class='evcal_cblock ' data-bgcolor='#206177' data-smon='septiembre' data-syr='2026'><span class='evo_start '><em class='date'>04<\/em><em class='month'>sep<\/em><em class='time'>allday<\/em><\/span><em class='clear'><\/em><\/span><span class='evcal_desc evo_info hide_eventtopdata '  data-location_status=\"false\" ><span class='evo_above_title'><\/span><span class='evcal_desc2 evcal_event_title' itemprop='name'>\"Llum, color i mar!\" - Valentina Escoriza<\/span><span class='evo_below_title'><\/span><span class='evcal_desc_info' ><\/span><span class='evcal_desc3'><\/span><\/span><em class='clear'><\/em><\/p><\/a><div class='event_description evcal_eventcard ' style=\"display:none\"><div class='evo_metarow_directimg'><img src='https:\/\/www.blanescostabrava.cat\/wp-content\/uploads\/2026\/08\/images-2.jpeg' \/><\/div><div class='evo_metarow_details evorow evcal_evdata_row bordb evcal_event_details'>\n\t\t\t\t\t\t\t<div class=\"event_excerpt\" style=\"display:none\"><h3 class=\"padb5 evo_h3\">Descripci\u00f3n<\/h3><p>DIA: Del 4 al 13 de setembre\r\nLLOC: Sala Ma Luisa Garc\u00eda-Tornel\r\nDESCRIPCI\u00d3: Exposici\u00f3 de pintura de Valentina Escoriza.<\/p><\/div><span class='evcal_evdata_icons'><i class='fa fa-align-justify'><\/i><\/span>\n\t\t\t\t\t\t\t\n\t\t\t\t\t\t\t<div class='evcal_evdata_cell '><div class='eventon_full_description'>\n\t\t\t\t\t\t\t\t\t<h3 class='padb5 evo_h3'><span class='evcal_evdata_icons'><i class='fa fa-align-justify'><\/i><\/span>Descripci\u00f3n<\/h3><div class='eventon_desc_in' itemprop='description'>\n\t\t\t\t\t\t\t\t\t<p>DIA: Del 4 al 13 de setembre<br \/>\nLLOC: Sala Ma Luisa Garc\u00eda-Tornel<br \/>\nDESCRIPCI\u00d3: Exposici\u00f3 de pintura de Valentina Escoriza.<\/p>\n<\/div><div class='clear'><\/div>\n\t\t\t\t\t\t\t\t<\/div>\n\t\t\t\t\t\t\t<\/div>\n\t\t\t\t\t\t<\/div><div class='evo_metarow_time_location evorow bordb '>\n\t\t\t\t\t\t<div class='tb' >\n\t\t\t\t\t\t\t<div class='tbrow'>\n\t\t\t\t\t\t\t<div class='evcal_col50 bordr'>\n\t\t\t\t\t\t\t\t<div class='evcal_evdata_row evo_time'>\n\t\t\t\t\t\t\t\t\t<span class='evcal_evdata_icons'><i class='fa fa-clock-o'><\/i><\/span>\n\t\t\t\t\t\t\t\t\t<div class='evcal_evdata_cell'>\t\t\t\t\t\t\t\n\t\t\t\t\t\t\t\t\t\t<h3 class='evo_h3'><span class='evcal_evdata_icons'><i class='fa fa-clock-o'><\/i><\/span>Fecha<\/h3>\n\t\t\t\t\t\t\t\t\t\t<p>All Day (Friday)<\/p>\n\t\t\t\t\t\t\t\t\t<\/div>\n\t\t\t\t\t\t\t\t<\/div>\n\t\t\t\t\t\t\t<\/div><div class='evcal_col50'>\n\t\t\t\t\t\t\t\t<div class='evcal_evdata_row evo_location'>\n\t\t\t\t\t\t\t\t\t<span class='evcal_evdata_icons'><i class='fa fa-map-marker'><\/i><\/span>\n\t\t\t\t\t\t\t\t\t<div class='evcal_evdata_cell' data-loc_tax_id='5845'>\t\t\t\t\t\t\t\n\t\t\t\t\t\t\t\t\t\t<h3 class='evo_h3'><span class='evcal_evdata_icons'><i class='fa fa-map-marker'><\/i><\/span>Location<\/h3><p class='evo_location_name'>Sala Municipal d&#039;exposicions Maria Luisa Garc\u00eda Tornel<\/p><p class='evo_location_address'><\/p>\n\t\t\t\t\t\t\t\t\t<\/div>\n\t\t\t\t\t\t\t\t<\/div>\n\t\t\t\t\t\t\t<\/div><div class='clear'><\/div>\n\t\t\t\t\t\t\t<\/div><\/div>\n\t\t\t\t\t\t<\/div>\t\t\t\t\t\t<div class='evo_metarow_ICS evorow bordb evcal_evdata_row'>\n\t\t\t\t\t\t\t<span class=\"evcal_evdata_icons\"><i class=\"fa fa-calendar\"><\/i><\/span>\n\t\t\t\t\t\t\t<div class='evcal_evdata_cell'>\n\t\t\t\t\t\t\t\t<p><a href='https:\/\/www.blanescostabrava.cat\/wp-admin\/admin-ajax.php?action=eventon_ics_download&amp;event_id=241942&amp;sunix=20260903T220000Z&amp;eunix=20260904T215900Z&amp;loca=&amp;locn=Sala Municipal d&#039;exposicions Maria Luisa Garc\u00eda Tornel' class='evo_ics_nCal' title='Add to your calendar'>Calendar<\/a><a href='\/\/www.google.com\/calendar\/event?action=TEMPLATE&amp;text=%22Llum%2C+color+i+mar%21%22+-+Valentina+Escoriza&amp;dates=20260903T220000Z\/20260904T215900Z&amp;details=DIA%3A+Del+4+al+13+de+setembre%0D%0ALLOC%3A+Sala+Ma+Luisa+Garc%C3%ADa-Tornel%0D%0ADESCRIPCI%C3%93%3A+Exposici%C3%B3+de+pintura+de+Valentina+Escoriza.&amp;location=Sala+Municipal+d%26%23039%3Bexposicions+Maria+Luisa+Garc%C3%ADa+Tornel - ' target='_blank' class='evo_ics_gCal' title='Add to google calendar'>GoogleCal<\/a><\/p>\t\n\t\t\t\t\t\t\t<\/div>\t\t\t\t\t\t<\/div>\n\t\t\t\t\t\t<\/div><div class='clear end'><\/div><\/div><div id=\"event_241849\" class=\"eventon_list_event evo_eventtop  event hasbgimg\" data-event_id=\"241849\" data-time=\"1788480001-1788652799\" data-colr=\"#206177\" itemscope itemtype='http:\/\/schema.org\/Event' 7><div class=\"evo_boxtop\" style=\"background-image: url(https:\/\/www.blanescostabrava.cat\/wp-content\/uploads\/2026\/08\/DINA4.jpg); background-color:#206177;height:200px;\"><\/div><div class=\"evo_event_schema\" style=\"display:none\" ><a itemprop='url'  href='https:\/\/www.blanescostabrava.cat\/es\/events\/tast-al-mar-3\/'><\/a><span itemprop='name'  >Tast al mar<\/span><meta itemprop='image' content='https:\/\/www.blanescostabrava.cat\/wp-content\/uploads\/2026\/08\/DINA4.jpg' ><\/meta><meta itemprop='description' content='Village gastron\u00f3mico en el puerto de Blanes.\r\n\r\nD\u00cdA: 4 y 5 de septiembre, a partir de las 18:30 hLUGAR: Puerto de Blanes\r\n\r\n' ><\/meta><meta itemprop='startDate' content='2026-9-4' ><\/meta><meta itemprop='endDate' content='2026-9-5' ><\/meta><meta itemprop='eventStatus' content='on-schedule' ><\/meta><script type=\"application\/ld+json\">{\t\"@context\": \"http:\/\/schema.org\",\n\t\t\t\t\t\t\t  \t\"@type\": \"Event\",\n\t\t\t\t\t\t\t  \t\"name\": \"Tast al mar\",\n\t\t\t\t\t\t\t  \t\"startDate\": \"2026-9-4T00-00-00-00\",\n\t\t\t\t\t\t\t  \t\"endDate\": \"2026-9-5T23-23-59-00\",\n\t\t\t\t\t\t\t  \t\"image\":\"https:\/\/www.blanescostabrava.cat\/wp-content\/uploads\/2026\/08\/DINA4-212x300.jpg\",\n\t\t\t\t\t\t\t  \t\"description\":\"Village gastron\u00f3mico en el puerto de Blanes.\r\n\r\nD\u00cdA: 4 y 5 de septiembre, a partir de las 18:30 hLUGAR: Puerto de Blanes\r\n\r\n\",\n\t\t\t\t\t\t\t  \t\n\t\t\t\t\t\t\t }<\/script><\/div>\n\t\t\t\t<p class=\"desc_trig_outter\"><a data-gmap_status=\"null\" data-exlk=\"0\" style=\"border-color: #206177;padding-top: 215px;height: 310px;\" id=\"evc_1788480001241849\" class=\"desc_trig mul_val evcal_list_a\" data-ux_val=\"3\"  ><span class='event-img'><img src='https:\/\/www.blanescostabrava.cat\/wp-content\/uploads\/2026\/08\/DINA4.jpg'><\/span><span class='evcal_cblock ' data-bgcolor='#206177' data-smon='septiembre' data-syr='2026'><span class='evo_start '><em class='date'>04<\/em><em class='month'>sep<\/em><em class='time'>allday<\/em><\/span><span class='evo_end '><em class='date'>05<\/em><\/span><em class='clear'><\/em><\/span><span class='evcal_desc evo_info hide_eventtopdata '  data-location_status=\"false\" ><span class='evo_above_title'><\/span><span class='evcal_desc2 evcal_event_title' itemprop='name'>Tast al mar<\/span><span class='evo_below_title'><\/span><span class='evcal_desc_info' ><\/span><span class='evcal_desc3'><\/span><\/span><em class='clear'><\/em><\/p><\/a><div class='event_description evcal_eventcard ' style=\"display:none\"><div class='evo_metarow_directimg'><img src='https:\/\/www.blanescostabrava.cat\/wp-content\/uploads\/2026\/08\/DINA4.jpg' \/><\/div><div class='evo_metarow_details evorow evcal_evdata_row bordb evcal_event_details'>\n\t\t\t\t\t\t\t<div class=\"event_excerpt\" style=\"display:none\"><h3 class=\"padb5 evo_h3\">Descripci\u00f3n<\/h3><p>Village gastron\u00f3mico en el puerto de Blanes.\r\n\r\nD\u00cdA: 4 y 5 de septiembre, a partir de las 18:30 hLUGAR: Puerto de Blanes\r\n\r\n<\/p><\/div><span class='evcal_evdata_icons'><i class='fa fa-align-justify'><\/i><\/span>\n\t\t\t\t\t\t\t\n\t\t\t\t\t\t\t<div class='evcal_evdata_cell '><div class='eventon_full_description'>\n\t\t\t\t\t\t\t\t\t<h3 class='padb5 evo_h3'><span class='evcal_evdata_icons'><i class='fa fa-align-justify'><\/i><\/span>Descripci\u00f3n<\/h3><div class='eventon_desc_in' itemprop='description'>\n\t\t\t\t\t\t\t\t\t<p>Village gastron\u00f3mico en el puerto de Blanes.<\/p>\n<p><strong>D\u00cdA<\/strong>: 4 y 5 de septiembre, a partir de las 18:30 h<br data-start=\"473\" data-end=\"476\" \/><strong>LUGAR<\/strong>: Puerto de Blanes<\/p>\n<p><img class=\"alignnone size-large wp-image-241876\" src=\"https:\/\/www.blanescostabrava.cat\/wp-content\/uploads\/2026\/08\/DINA4-724x1024.jpg\" alt=\"\" width=\"724\" height=\"1024\" srcset=\"https:\/\/www.blanescostabrava.cat\/wp-content\/uploads\/2026\/08\/DINA4-724x1024.jpg 724w, https:\/\/www.blanescostabrava.cat\/wp-content\/uploads\/2026\/08\/DINA4-212x300.jpg 212w, https:\/\/www.blanescostabrava.cat\/wp-content\/uploads\/2026\/08\/DINA4-106x150.jpg 106w, https:\/\/www.blanescostabrava.cat\/wp-content\/uploads\/2026\/08\/DINA4-768x1086.jpg 768w, https:\/\/www.blanescostabrava.cat\/wp-content\/uploads\/2026\/08\/DINA4-1086x1536.jpg 1086w, https:\/\/www.blanescostabrava.cat\/wp-content\/uploads\/2026\/08\/DINA4-17x24.jpg 17w, https:\/\/www.blanescostabrava.cat\/wp-content\/uploads\/2026\/08\/DINA4-25x36.jpg 25w, https:\/\/www.blanescostabrava.cat\/wp-content\/uploads\/2026\/08\/DINA4-34x48.jpg 34w, https:\/\/www.blanescostabrava.cat\/wp-content\/uploads\/2026\/08\/DINA4.jpg 1241w\" sizes=\"(max-width: 724px) 100vw, 724px\" \/><\/p>\n<\/div><div class='clear'><\/div>\n\t\t\t\t\t\t\t\t<\/div>\n\t\t\t\t\t\t\t<\/div>\n\t\t\t\t\t\t<\/div><div class='evo_metarow_time_location evorow bordb '>\n\t\t\t\t\t\t<div class='tb' >\n\t\t\t\t\t\t\t<div class='tbrow'>\n\t\t\t\t\t\t\t<div class='evcal_col50 bordr'>\n\t\t\t\t\t\t\t\t<div class='evcal_evdata_row evo_time'>\n\t\t\t\t\t\t\t\t\t<span class='evcal_evdata_icons'><i class='fa fa-clock-o'><\/i><\/span>\n\t\t\t\t\t\t\t\t\t<div class='evcal_evdata_cell'>\t\t\t\t\t\t\t\n\t\t\t\t\t\t\t\t\t\t<h3 class='evo_h3'><span class='evcal_evdata_icons'><i class='fa fa-clock-o'><\/i><\/span>Fecha<\/h3>\n\t\t\t\t\t\t\t\t\t\t<p>septiembre 4 (Friday) - 5 (Saturday)<\/p>\n\t\t\t\t\t\t\t\t\t<\/div>\n\t\t\t\t\t\t\t\t<\/div>\n\t\t\t\t\t\t\t<\/div><div class='evcal_col50'>\n\t\t\t\t\t\t\t\t<div class='evcal_evdata_row evo_location'>\n\t\t\t\t\t\t\t\t\t<span class='evcal_evdata_icons'><i class='fa fa-map-marker'><\/i><\/span>\n\t\t\t\t\t\t\t\t\t<div class='evcal_evdata_cell' data-loc_tax_id='5303'>\t\t\t\t\t\t\t\n\t\t\t\t\t\t\t\t\t\t<h3 class='evo_h3'><span class='evcal_evdata_icons'><i class='fa fa-map-marker'><\/i><\/span>Location<\/h3><p class='evo_location_name'>Esplanada del Puerto<\/p><p class='evo_location_address'><\/p>\n\t\t\t\t\t\t\t\t\t<\/div>\n\t\t\t\t\t\t\t\t<\/div>\n\t\t\t\t\t\t\t<\/div><div class='clear'><\/div>\n\t\t\t\t\t\t\t<\/div><\/div>\n\t\t\t\t\t\t<\/div>\t\t\t\t\t\t<div class='evo_metarow_ICS evorow bordb evcal_evdata_row'>\n\t\t\t\t\t\t\t<span class=\"evcal_evdata_icons\"><i class=\"fa fa-calendar\"><\/i><\/span>\n\t\t\t\t\t\t\t<div class='evcal_evdata_cell'>\n\t\t\t\t\t\t\t\t<p><a href='https:\/\/www.blanescostabrava.cat\/wp-admin\/admin-ajax.php?action=eventon_ics_download&amp;event_id=241849&amp;sunix=20260903T220000Z&amp;eunix=20260905T215900Z&amp;loca=&amp;locn=Esplanada del Puerto' class='evo_ics_nCal' title='Add to your calendar'>Calendar<\/a><a href='\/\/www.google.com\/calendar\/event?action=TEMPLATE&amp;text=Tast+al+mar&amp;dates=20260903T220000Z\/20260905T215900Z&amp;details=Village+gastron%C3%B3mico+en+el+puerto+de+Blanes.%0D%0A%0D%0AD%C3%8DA%3A+4+y+5+de+septiembre%2C+a+partir+de+las+18%3A30+hLUGAR%3A+Puerto+de+Blanes%0D%0A%0D%0A&amp;location=Esplanada+del+Puerto - ' target='_blank' class='evo_ics_gCal' title='Add to google calendar'>GoogleCal<\/a><\/p>\t\n\t\t\t\t\t\t\t<\/div>\t\t\t\t\t\t<\/div>\n\t\t\t\t\t\t<\/div><div class='clear end'><\/div><\/div><div id=\"event_241603\" class=\"eventon_list_event evo_eventtop  event hasbgimg\" data-event_id=\"241603\" data-time=\"1788480001-1788652799\" data-colr=\"#206177\" itemscope itemtype='http:\/\/schema.org\/Event' 8><div class=\"evo_boxtop\" style=\"background-image: url(https:\/\/www.blanescostabrava.cat\/wp-content\/uploads\/2026\/08\/a4_page-0001.jpg); background-color:#206177;height:200px;\"><\/div><div class=\"evo_event_schema\" style=\"display:none\" ><a itemprop='url'  href='https:\/\/www.blanescostabrava.cat\/es\/events\/tast-al-mar-2\/'><\/a><span itemprop='name'  >Tast al mar<\/span><meta itemprop='image' content='https:\/\/www.blanescostabrava.cat\/wp-content\/uploads\/2026\/08\/a4_page-0001.jpg' ><\/meta><meta itemprop='description' content='Village gastron\u00f3mico en el puerto de Blanes\r\nD\u00cdAS: 4 y 5 de septiembre\r\nLUGAR: Puerto de Blanes\r\n\r\n' ><\/meta><meta itemprop='startDate' content='2026-9-4' ><\/meta><meta itemprop='endDate' content='2026-9-5' ><\/meta><meta itemprop='eventStatus' content='on-schedule' ><\/meta><script type=\"application\/ld+json\">{\t\"@context\": \"http:\/\/schema.org\",\n\t\t\t\t\t\t\t  \t\"@type\": \"Event\",\n\t\t\t\t\t\t\t  \t\"name\": \"Tast al mar\",\n\t\t\t\t\t\t\t  \t\"startDate\": \"2026-9-4T00-00-00-00\",\n\t\t\t\t\t\t\t  \t\"endDate\": \"2026-9-5T23-23-59-00\",\n\t\t\t\t\t\t\t  \t\"image\":\"https:\/\/www.blanescostabrava.cat\/wp-content\/uploads\/2026\/08\/a4_page-0001-212x300.jpg\",\n\t\t\t\t\t\t\t  \t\"description\":\"Village gastron\u00f3mico en el puerto de Blanes\r\nD\u00cdAS: 4 y 5 de septiembre\r\nLUGAR: Puerto de Blanes\r\n\r\n\",\n\t\t\t\t\t\t\t  \t\n\t\t\t\t\t\t\t }<\/script><\/div>\n\t\t\t\t<p class=\"desc_trig_outter\"><a data-gmap_status=\"null\" data-exlk=\"0\" style=\"border-color: #206177;padding-top: 215px;height: 310px;\" id=\"evc_1788480001241603\" class=\"desc_trig mul_val evcal_list_a\" data-ux_val=\"3\"  ><span class='event-img'><img src='https:\/\/www.blanescostabrava.cat\/wp-content\/uploads\/2026\/08\/a4_page-0001.jpg'><\/span><span class='evcal_cblock ' data-bgcolor='#206177' data-smon='septiembre' data-syr='2026'><span class='evo_start '><em class='date'>04<\/em><em class='month'>sep<\/em><em class='time'>allday<\/em><\/span><span class='evo_end '><em class='date'>05<\/em><\/span><em class='clear'><\/em><\/span><span class='evcal_desc evo_info hide_eventtopdata '  data-location_status=\"false\" ><span class='evo_above_title'><\/span><span class='evcal_desc2 evcal_event_title' itemprop='name'>Tast al mar<\/span><span class='evo_below_title'><\/span><span class='evcal_desc_info' ><\/span><span class='evcal_desc3'><\/span><\/span><em class='clear'><\/em><\/p><\/a><div class='event_description evcal_eventcard ' style=\"display:none\"><div class='evo_metarow_directimg'><img src='https:\/\/www.blanescostabrava.cat\/wp-content\/uploads\/2026\/08\/a4_page-0001.jpg' \/><\/div><div class='evo_metarow_details evorow evcal_evdata_row bordb evcal_event_details'>\n\t\t\t\t\t\t\t<div class=\"event_excerpt\" style=\"display:none\"><h3 class=\"padb5 evo_h3\">Descripci\u00f3n<\/h3><p>Village gastron\u00f3mico en el puerto de Blanes\r\nD\u00cdAS: 4 y 5 de septiembre\r\nLUGAR: Puerto de Blanes\r\n\r\n<\/p><\/div><span class='evcal_evdata_icons'><i class='fa fa-align-justify'><\/i><\/span>\n\t\t\t\t\t\t\t\n\t\t\t\t\t\t\t<div class='evcal_evdata_cell '><div class='eventon_full_description'>\n\t\t\t\t\t\t\t\t\t<h3 class='padb5 evo_h3'><span class='evcal_evdata_icons'><i class='fa fa-align-justify'><\/i><\/span>Descripci\u00f3n<\/h3><div class='eventon_desc_in' itemprop='description'>\n\t\t\t\t\t\t\t\t\t<p>Village gastron\u00f3mico en el puerto de Blanes<br \/>\nD\u00cdAS: 4 y 5 de septiembre<br \/>\nLUGAR: Puerto de Blanes<\/p>\n<p><img class=\"alignnone size-large wp-image-241600\" src=\"https:\/\/www.blanescostabrava.cat\/wp-content\/uploads\/2026\/08\/a4_page-0001-725x1024.jpg\" alt=\"\" width=\"725\" height=\"1024\" srcset=\"https:\/\/www.blanescostabrava.cat\/wp-content\/uploads\/2026\/08\/a4_page-0001-725x1024.jpg 725w, https:\/\/www.blanescostabrava.cat\/wp-content\/uploads\/2026\/08\/a4_page-0001-212x300.jpg 212w, https:\/\/www.blanescostabrava.cat\/wp-content\/uploads\/2026\/08\/a4_page-0001-106x150.jpg 106w, https:\/\/www.blanescostabrava.cat\/wp-content\/uploads\/2026\/08\/a4_page-0001-768x1085.jpg 768w, https:\/\/www.blanescostabrava.cat\/wp-content\/uploads\/2026\/08\/a4_page-0001-1087x1536.jpg 1087w, https:\/\/www.blanescostabrava.cat\/wp-content\/uploads\/2026\/08\/a4_page-0001-1449x2048.jpg 1449w, https:\/\/www.blanescostabrava.cat\/wp-content\/uploads\/2026\/08\/a4_page-0001-17x24.jpg 17w, https:\/\/www.blanescostabrava.cat\/wp-content\/uploads\/2026\/08\/a4_page-0001-25x36.jpg 25w, https:\/\/www.blanescostabrava.cat\/wp-content\/uploads\/2026\/08\/a4_page-0001-34x48.jpg 34w, https:\/\/www.blanescostabrava.cat\/wp-content\/uploads\/2026\/08\/a4_page-0001.jpg 1755w\" sizes=\"(max-width: 725px) 100vw, 725px\" \/><\/p>\n<\/div><div class='clear'><\/div>\n\t\t\t\t\t\t\t\t<\/div>\n\t\t\t\t\t\t\t<\/div>\n\t\t\t\t\t\t<\/div><div class='evo_metarow_time_location evorow bordb '>\n\t\t\t\t\t\t<div class='tb' >\n\t\t\t\t\t\t\t<div class='tbrow'>\n\t\t\t\t\t\t\t<div class='evcal_col50 bordr'>\n\t\t\t\t\t\t\t\t<div class='evcal_evdata_row evo_time'>\n\t\t\t\t\t\t\t\t\t<span class='evcal_evdata_icons'><i class='fa fa-clock-o'><\/i><\/span>\n\t\t\t\t\t\t\t\t\t<div class='evcal_evdata_cell'>\t\t\t\t\t\t\t\n\t\t\t\t\t\t\t\t\t\t<h3 class='evo_h3'><span class='evcal_evdata_icons'><i class='fa fa-clock-o'><\/i><\/span>Fecha<\/h3>\n\t\t\t\t\t\t\t\t\t\t<p>septiembre 4 (Friday) - 5 (Saturday)<\/p>\n\t\t\t\t\t\t\t\t\t<\/div>\n\t\t\t\t\t\t\t\t<\/div>\n\t\t\t\t\t\t\t<\/div><div class='evcal_col50'>\n\t\t\t\t\t\t\t\t<div class='evcal_evdata_row evo_location'>\n\t\t\t\t\t\t\t\t\t<span class='evcal_evdata_icons'><i class='fa fa-map-marker'><\/i><\/span>\n\t\t\t\t\t\t\t\t\t<div class='evcal_evdata_cell' data-loc_tax_id='5303'>\t\t\t\t\t\t\t\n\t\t\t\t\t\t\t\t\t\t<h3 class='evo_h3'><span class='evcal_evdata_icons'><i class='fa fa-map-marker'><\/i><\/span>Location<\/h3><p class='evo_location_name'>Esplanada del Puerto<\/p><p class='evo_location_address'><\/p>\n\t\t\t\t\t\t\t\t\t<\/div>\n\t\t\t\t\t\t\t\t<\/div>\n\t\t\t\t\t\t\t<\/div><div class='clear'><\/div>\n\t\t\t\t\t\t\t<\/div><\/div>\n\t\t\t\t\t\t<\/div>\t\t\t\t\t\t<div class='evo_metarow_ICS evorow bordb evcal_evdata_row'>\n\t\t\t\t\t\t\t<span class=\"evcal_evdata_icons\"><i class=\"fa fa-calendar\"><\/i><\/span>\n\t\t\t\t\t\t\t<div class='evcal_evdata_cell'>\n\t\t\t\t\t\t\t\t<p><a href='https:\/\/www.blanescostabrava.cat\/wp-admin\/admin-ajax.php?action=eventon_ics_download&amp;event_id=241603&amp;sunix=20260903T220000Z&amp;eunix=20260905T215900Z&amp;loca=&amp;locn=Esplanada del Puerto' class='evo_ics_nCal' title='Add to your calendar'>Calendar<\/a><a href='\/\/www.google.com\/calendar\/event?action=TEMPLATE&amp;text=Tast+al+mar&amp;dates=20260903T220000Z\/20260905T215900Z&amp;details=Village+gastron%C3%B3mico+en+el+puerto+de+Blanes%0D%0AD%C3%8DAS%3A+4+y+5+de+septiembre%0D%0ALUGAR%3A+Puerto+de+Blanes%0D%0A%0D%0A&amp;location=Esplanada+del+Puerto - ' target='_blank' class='evo_ics_gCal' title='Add to google calendar'>GoogleCal<\/a><\/p>\t\n\t\t\t\t\t\t\t<\/div>\t\t\t\t\t\t<\/div>\n\t\t\t\t\t\t<\/div><div class='clear end'><\/div><\/div><div id=\"event_241966\" class=\"eventon_list_event evo_eventtop  event hasbgimg\" data-event_id=\"241966\" data-time=\"1788544800-1788562800\" data-colr=\"#206177\" itemscope itemtype='http:\/\/schema.org\/Event' 9><div class=\"evo_boxtop\" style=\"background-image: url(https:\/\/www.blanescostabrava.cat\/wp-content\/uploads\/2018\/04\/EL-VILAR.jpg); background-color:#206177;height:200px;\"><\/div><div class=\"evo_event_schema\" style=\"display:none\" ><a itemprop='url'  href='https:\/\/www.blanescostabrava.cat\/events\/mercat-de-parades-artesanals-4\/'><\/a><span itemprop='name'  >Mercat de Parades Artesanals<\/span><meta itemprop='image' content='https:\/\/www.blanescostabrava.cat\/wp-content\/uploads\/2018\/04\/EL-VILAR.jpg' ><\/meta><meta itemprop='description' content='DIA: 4 i 11 de setembre\r\nHORA: 18.00 - 23.00 h\r\nLLOC: Pla\u00e7a Mare de D\u00e9u del Vilar\r\nDESCRIPCI\u00d3: Mercat de parades artesanals organitzat per l'Associaci\u00f3 Gastron\u00f2mica.' ><\/meta><meta itemprop='startDate' content='2026-9-4' ><\/meta><meta itemprop='endDate' content='2026-9-4' ><\/meta><meta itemprop='eventStatus' content='on-schedule' ><\/meta><script type=\"application\/ld+json\">{\t\"@context\": \"http:\/\/schema.org\",\n\t\t\t\t\t\t\t  \t\"@type\": \"Event\",\n\t\t\t\t\t\t\t  \t\"name\": \"Mercat de Parades Artesanals\",\n\t\t\t\t\t\t\t  \t\"startDate\": \"2026-9-4T18-18-00-00\",\n\t\t\t\t\t\t\t  \t\"endDate\": \"2026-9-4T23-23-00-00\",\n\t\t\t\t\t\t\t  \t\"image\":\"https:\/\/www.blanescostabrava.cat\/wp-content\/uploads\/2018\/04\/EL-VILAR-300x200.jpg\",\n\t\t\t\t\t\t\t  \t\"description\":\"DIA: 4 i 11 de setembre\r\nHORA: 18.00 - 23.00 h\r\nLLOC: Pla\u00e7a Mare de D\u00e9u del Vilar\r\nDESCRIPCI\u00d3: Mercat de parades artesanals organitzat per l'Associaci\u00f3 Gastron\u00f2mica.\",\n\t\t\t\t\t\t\t  \t\n\t\t\t\t\t\t\t }<\/script><\/div>\n\t\t\t\t<p class=\"desc_trig_outter\"><a data-gmap_status=\"null\" data-exlk=\"0\" style=\"border-color: #206177;padding-top: 215px;height: 310px;\" id=\"evc_1788544800241966\" class=\"desc_trig sin_val evcal_list_a\" data-ux_val=\"3\"  ><span class='event-img'><img src='https:\/\/www.blanescostabrava.cat\/wp-content\/uploads\/2018\/04\/EL-VILAR.jpg'><\/span><span class='evcal_cblock ' data-bgcolor='#206177' data-smon='septiembre' data-syr='2026'><span class='evo_start '><em class='date'>04<\/em><em class='month'>sep<\/em><em class='time'>6:00 pm<\/em><\/span><span class='evo_end only_time'><em class='time'>11:00 pm<\/em><\/span><em class='clear'><\/em><\/span><span class='evcal_desc evo_info hide_eventtopdata '  data-location_status=\"false\" ><span class='evo_above_title'><\/span><span class='evcal_desc2 evcal_event_title' itemprop='name'>Mercat de Parades Artesanals<\/span><span class='evo_below_title'><\/span><span class='evcal_desc_info' ><\/span><span class='evcal_desc3'><\/span><\/span><em class='clear'><\/em><\/p><\/a><div class='event_description evcal_eventcard ' style=\"display:none\"><div class='evo_metarow_directimg'><img src='https:\/\/www.blanescostabrava.cat\/wp-content\/uploads\/2018\/04\/EL-VILAR.jpg' \/><\/div><div class='evo_metarow_details evorow evcal_evdata_row bordb evcal_event_details'>\n\t\t\t\t\t\t\t<div class=\"event_excerpt\" style=\"display:none\"><h3 class=\"padb5 evo_h3\">Descripci\u00f3n<\/h3><p>DIA: 4 i 11 de setembre\r\nHORA: 18.00 - 23.00 h\r\nLLOC: Pla\u00e7a Mare de D\u00e9u del Vilar\r\nDESCRIPCI\u00d3: Mercat de parades artesanals organitzat per l'Associaci\u00f3 Gastron\u00f2mica.<\/p><\/div><span class='evcal_evdata_icons'><i class='fa fa-align-justify'><\/i><\/span>\n\t\t\t\t\t\t\t\n\t\t\t\t\t\t\t<div class='evcal_evdata_cell '><div class='eventon_full_description'>\n\t\t\t\t\t\t\t\t\t<h3 class='padb5 evo_h3'><span class='evcal_evdata_icons'><i class='fa fa-align-justify'><\/i><\/span>Descripci\u00f3n<\/h3><div class='eventon_desc_in' itemprop='description'>\n\t\t\t\t\t\t\t\t\t<p>DIA: 4 i 11 de setembre<br \/>\nHORA: 18.00 &#8211; 23.00 h<br \/>\nLLOC: Pla\u00e7a Mare de D\u00e9u del Vilar<br \/>\nDESCRIPCI\u00d3: Mercat de parades artesanals organitzat per l&#8217;Associaci\u00f3 Gastron\u00f2mica.<\/p>\n<\/div><div class='clear'><\/div>\n\t\t\t\t\t\t\t\t<\/div>\n\t\t\t\t\t\t\t<\/div>\n\t\t\t\t\t\t<\/div><div class='evo_metarow_time_location evorow bordb '>\n\t\t\t\t\t\t<div class='tb' >\n\t\t\t\t\t\t\t<div class='tbrow'>\n\t\t\t\t\t\t\t<div class='evcal_col50 bordr'>\n\t\t\t\t\t\t\t\t<div class='evcal_evdata_row evo_time'>\n\t\t\t\t\t\t\t\t\t<span class='evcal_evdata_icons'><i class='fa fa-clock-o'><\/i><\/span>\n\t\t\t\t\t\t\t\t\t<div class='evcal_evdata_cell'>\t\t\t\t\t\t\t\n\t\t\t\t\t\t\t\t\t\t<h3 class='evo_h3'><span class='evcal_evdata_icons'><i class='fa fa-clock-o'><\/i><\/span>Fecha<\/h3>\n\t\t\t\t\t\t\t\t\t\t<p>(Friday) 6:00 pm - 11:00 pm<\/p>\n\t\t\t\t\t\t\t\t\t<\/div>\n\t\t\t\t\t\t\t\t<\/div>\n\t\t\t\t\t\t\t<\/div><div class='evcal_col50'>\n\t\t\t\t\t\t\t\t<div class='evcal_evdata_row evo_location'>\n\t\t\t\t\t\t\t\t\t<span class='evcal_evdata_icons'><i class='fa fa-map-marker'><\/i><\/span>\n\t\t\t\t\t\t\t\t\t<div class='evcal_evdata_cell' data-loc_tax_id='4078'>\t\t\t\t\t\t\t\n\t\t\t\t\t\t\t\t\t\t<h3 class='evo_h3'><span class='evcal_evdata_icons'><i class='fa fa-map-marker'><\/i><\/span>Location<\/h3><p class='evo_location_name'>Pla\u00e7a Mare de D\u00e9u del Vilar - Blanes<\/p><p class='evo_location_address'><\/p>\n\t\t\t\t\t\t\t\t\t<\/div>\n\t\t\t\t\t\t\t\t<\/div>\n\t\t\t\t\t\t\t<\/div><div class='clear'><\/div>\n\t\t\t\t\t\t\t<\/div><\/div>\n\t\t\t\t\t\t<\/div>\t\t\t\t\t\t<div class='evo_metarow_ICS evorow bordb evcal_evdata_row'>\n\t\t\t\t\t\t\t<span class=\"evcal_evdata_icons\"><i class=\"fa fa-calendar\"><\/i><\/span>\n\t\t\t\t\t\t\t<div class='evcal_evdata_cell'>\n\t\t\t\t\t\t\t\t<p><a href='https:\/\/www.blanescostabrava.cat\/wp-admin\/admin-ajax.php?action=eventon_ics_download&amp;event_id=241966&amp;sunix=20260904T160000Z&amp;eunix=20260904T210000Z&amp;loca=&amp;locn=Pla\u00e7a Mare de D\u00e9u del Vilar - Blanes' class='evo_ics_nCal' title='Add to your calendar'>Calendar<\/a><a href='\/\/www.google.com\/calendar\/event?action=TEMPLATE&amp;text=Mercat+de+Parades+Artesanals&amp;dates=20260904T160000Z\/20260904T210000Z&amp;details=DIA%3A+4+i+11+de+setembre%0D%0AHORA%3A+18.00+-+23.00+h%0D%0ALLOC%3A+Pla%C3%A7a+Mare+de+D%C3%A9u+del+Vilar%0D%0ADESCRIPCI%C3%93%3A+Mercat+de+parades+artesanals+organitzat+per+l%27Associaci%C3%B3+Gastron%C3%B2mica.&amp;location=Pla%C3%A7a+Mare+de+D%C3%A9u+del+Vilar+-+Blanes - ' target='_blank' class='evo_ics_gCal' title='Add to google calendar'>GoogleCal<\/a><\/p>\t\n\t\t\t\t\t\t\t<\/div>\t\t\t\t\t\t<\/div>\n\t\t\t\t\t\t<\/div><div class='clear end'><\/div><\/div><div id=\"event_241954\" class=\"eventon_list_event evo_eventtop  event hasbgimg\" data-event_id=\"241954\" data-time=\"1788546600-1788565800\" data-colr=\"#206177\" itemscope itemtype='http:\/\/schema.org\/Event' 10><div class=\"evo_boxtop\" style=\"background-image: url(https:\/\/www.blanescostabrava.cat\/wp-content\/uploads\/2018\/04\/PORT-1-1.jpg); background-color:#206177;height:200px;\"><\/div><div class=\"evo_event_schema\" style=\"display:none\" ><a itemprop='url'  href='https:\/\/www.blanescostabrava.cat\/events\/iii-tastets-arran-de-mar-village-gastronomic\/'><\/a><span itemprop='name'  >III Tastets Arran de Mar - Village Gastron\u00f2mic<\/span><meta itemprop='image' content='https:\/\/www.blanescostabrava.cat\/wp-content\/uploads\/2018\/04\/PORT-1-1.jpg' ><\/meta><meta itemprop='description' content='DIA: 4 i 5 de setembre\r\nHORA: a partir de les 18.30 h\r\nLLOC: Esplanada del port de Blanes\r\nDESCRIPCI\u00d3: Fira de mostres de productes del mar amb village gastron\u00f2mic.' ><\/meta><meta itemprop='startDate' content='2026-9-4' ><\/meta><meta itemprop='endDate' content='2026-9-4' ><\/meta><meta itemprop='eventStatus' content='on-schedule' ><\/meta><script type=\"application\/ld+json\">{\t\"@context\": \"http:\/\/schema.org\",\n\t\t\t\t\t\t\t  \t\"@type\": \"Event\",\n\t\t\t\t\t\t\t  \t\"name\": \"III Tastets Arran de Mar - Village Gastron\u00f2mic\",\n\t\t\t\t\t\t\t  \t\"startDate\": \"2026-9-4T18-18-30-00\",\n\t\t\t\t\t\t\t  \t\"endDate\": \"2026-9-4T23-23-50-00\",\n\t\t\t\t\t\t\t  \t\"image\":\"https:\/\/www.blanescostabrava.cat\/wp-content\/uploads\/2018\/04\/PORT-1-1-300x161.jpg\",\n\t\t\t\t\t\t\t  \t\"description\":\"DIA: 4 i 5 de setembre\r\nHORA: a partir de les 18.30 h\r\nLLOC: Esplanada del port de Blanes\r\nDESCRIPCI\u00d3: Fira de mostres de productes del mar amb village gastron\u00f2mic.\",\n\t\t\t\t\t\t\t  \t\n\t\t\t\t\t\t\t }<\/script><\/div>\n\t\t\t\t<p class=\"desc_trig_outter\"><a data-gmap_status=\"null\" data-exlk=\"0\" style=\"border-color: #206177;padding-top: 215px;height: 310px;\" id=\"evc_1788546600241954\" class=\"desc_trig sin_val evcal_list_a\" data-ux_val=\"3\"  ><span class='event-img'><img src='https:\/\/www.blanescostabrava.cat\/wp-content\/uploads\/2018\/04\/PORT-1-1.jpg'><\/span><span class='evcal_cblock ' data-bgcolor='#206177' data-smon='septiembre' data-syr='2026'><span class='evo_start '><em class='date'>04<\/em><em class='month'>sep<\/em><em class='time'>6:30 pm<\/em><\/span><em class='clear'><\/em><\/span><span class='evcal_desc evo_info hide_eventtopdata '  data-location_status=\"false\" ><span class='evo_above_title'><\/span><span class='evcal_desc2 evcal_event_title' itemprop='name'>III Tastets Arran de Mar - Village Gastron\u00f2mic<\/span><span class='evo_below_title'><\/span><span class='evcal_desc_info' ><\/span><span class='evcal_desc3'><\/span><\/span><em class='clear'><\/em><\/p><\/a><div class='event_description evcal_eventcard ' style=\"display:none\"><div class='evo_metarow_directimg'><img src='https:\/\/www.blanescostabrava.cat\/wp-content\/uploads\/2018\/04\/PORT-1-1.jpg' \/><\/div><div class='evo_metarow_details evorow evcal_evdata_row bordb evcal_event_details'>\n\t\t\t\t\t\t\t<div class=\"event_excerpt\" style=\"display:none\"><h3 class=\"padb5 evo_h3\">Descripci\u00f3n<\/h3><p>DIA: 4 i 5 de setembre\r\nHORA: a partir de les 18.30 h\r\nLLOC: Esplanada del port de Blanes\r\nDESCRIPCI\u00d3: Fira de mostres de productes del mar amb village gastron\u00f2mic.<\/p><\/div><span class='evcal_evdata_icons'><i class='fa fa-align-justify'><\/i><\/span>\n\t\t\t\t\t\t\t\n\t\t\t\t\t\t\t<div class='evcal_evdata_cell '><div class='eventon_full_description'>\n\t\t\t\t\t\t\t\t\t<h3 class='padb5 evo_h3'><span class='evcal_evdata_icons'><i class='fa fa-align-justify'><\/i><\/span>Descripci\u00f3n<\/h3><div class='eventon_desc_in' itemprop='description'>\n\t\t\t\t\t\t\t\t\t<p>DIA: 4 i 5 de setembre<br \/>\nHORA: a partir de les 18.30 h<br \/>\nLLOC: Esplanada del port de Blanes<br \/>\nDESCRIPCI\u00d3: Fira de mostres de productes del mar amb village gastron\u00f2mic.<\/p>\n<\/div><div class='clear'><\/div>\n\t\t\t\t\t\t\t\t<\/div>\n\t\t\t\t\t\t\t<\/div>\n\t\t\t\t\t\t<\/div><div class='evo_metarow_time_location evorow bordb '>\n\t\t\t\t\t\t<div class='tb' >\n\t\t\t\t\t\t\t<div class='tbrow'>\n\t\t\t\t\t\t\t<div class='evcal_col50 bordr'>\n\t\t\t\t\t\t\t\t<div class='evcal_evdata_row evo_time'>\n\t\t\t\t\t\t\t\t\t<span class='evcal_evdata_icons'><i class='fa fa-clock-o'><\/i><\/span>\n\t\t\t\t\t\t\t\t\t<div class='evcal_evdata_cell'>\t\t\t\t\t\t\t\n\t\t\t\t\t\t\t\t\t\t<h3 class='evo_h3'><span class='evcal_evdata_icons'><i class='fa fa-clock-o'><\/i><\/span>Fecha<\/h3>\n\t\t\t\t\t\t\t\t\t\t<p>(Friday) 6:30 pm<\/p>\n\t\t\t\t\t\t\t\t\t<\/div>\n\t\t\t\t\t\t\t\t<\/div>\n\t\t\t\t\t\t\t<\/div><div class='evcal_col50'>\n\t\t\t\t\t\t\t\t<div class='evcal_evdata_row evo_location'>\n\t\t\t\t\t\t\t\t\t<span class='evcal_evdata_icons'><i class='fa fa-map-marker'><\/i><\/span>\n\t\t\t\t\t\t\t\t\t<div class='evcal_evdata_cell' data-loc_tax_id='5327'>\t\t\t\t\t\t\t\n\t\t\t\t\t\t\t\t\t\t<h3 class='evo_h3'><span class='evcal_evdata_icons'><i class='fa fa-map-marker'><\/i><\/span>Location<\/h3><p class='evo_location_name'>Esplanada del Port de Blanes<\/p><p class='evo_location_address'><\/p>\n\t\t\t\t\t\t\t\t\t<\/div>\n\t\t\t\t\t\t\t\t<\/div>\n\t\t\t\t\t\t\t<\/div><div class='clear'><\/div>\n\t\t\t\t\t\t\t<\/div><\/div>\n\t\t\t\t\t\t<\/div>\t\t\t\t\t\t<div class='evo_metarow_ICS evorow bordb evcal_evdata_row'>\n\t\t\t\t\t\t\t<span class=\"evcal_evdata_icons\"><i class=\"fa fa-calendar\"><\/i><\/span>\n\t\t\t\t\t\t\t<div class='evcal_evdata_cell'>\n\t\t\t\t\t\t\t\t<p><a href='https:\/\/www.blanescostabrava.cat\/wp-admin\/admin-ajax.php?action=eventon_ics_download&amp;event_id=241954&amp;sunix=20260904T163000Z&amp;eunix=20260904T215000Z&amp;loca=&amp;locn=Esplanada del Port de Blanes' class='evo_ics_nCal' title='Add to your calendar'>Calendar<\/a><a href='\/\/www.google.com\/calendar\/event?action=TEMPLATE&amp;text=III+Tastets+Arran+de+Mar+-+Village+Gastron%C3%B2mic&amp;dates=20260904T163000Z\/20260904T215000Z&amp;details=DIA%3A+4+i+5+de+setembre%0D%0AHORA%3A+a+partir+de+les+18.30+h%0D%0ALLOC%3A+Esplanada+del+port+de+Blanes%0D%0ADESCRIPCI%C3%93%3A+Fira+de+mostres+de+productes+del+mar+amb+village+gastron%C3%B2mic.&amp;location=Esplanada+del+Port+de+Blanes - ' target='_blank' class='evo_ics_gCal' title='Add to google calendar'>GoogleCal<\/a><\/p>\t\n\t\t\t\t\t\t\t<\/div>\t\t\t\t\t\t<\/div>\n\t\t\t\t\t\t<\/div><div class='clear end'><\/div><\/div><div id=\"event_241978\" class=\"eventon_list_event evo_eventtop  event hasbgimg\" data-event_id=\"241978\" data-time=\"1788566401-1788652799\" data-colr=\"#206177\" itemscope itemtype='http:\/\/schema.org\/Event' 11><div class=\"evo_boxtop\" style=\"background-image: url(https:\/\/www.blanescostabrava.cat\/wp-content\/uploads\/2026\/08\/554741784197466_1.png.webp); background-color:#206177;height:200px;\"><\/div><div class=\"evo_event_schema\" style=\"display:none\" ><a itemprop='url'  href='https:\/\/www.blanescostabrava.cat\/events\/iii-festival-de-talent-blanenc\/'><\/a><span itemprop='name'  >III Festival de Talent Blanenc<\/span><meta itemprop='image' content='https:\/\/www.blanescostabrava.cat\/wp-content\/uploads\/2026\/08\/554741784197466_1.png.webp' ><\/meta><meta itemprop='description' content='DIA: Del 5 de setembre al 3 d'octubre\r\nDESCRIPCI\u00d3: Festival de talent local. M\u00e9s informaci\u00f3 i venda d'entrades a www.teatredelacostabravasud.cat, tel. 972 35 84 73, cultura@blanes.cat. Vegeu programa a part.' ><\/meta><meta itemprop='startDate' content='2026-9-5' ><\/meta><meta itemprop='endDate' content='2026-9-5' ><\/meta><meta itemprop='eventStatus' content='on-schedule' ><\/meta><script type=\"application\/ld+json\">{\t\"@context\": \"http:\/\/schema.org\",\n\t\t\t\t\t\t\t  \t\"@type\": \"Event\",\n\t\t\t\t\t\t\t  \t\"name\": \"III Festival de Talent Blanenc\",\n\t\t\t\t\t\t\t  \t\"startDate\": \"2026-9-5T00-00-00-00\",\n\t\t\t\t\t\t\t  \t\"endDate\": \"2026-9-5T23-23-59-00\",\n\t\t\t\t\t\t\t  \t\"image\":\"https:\/\/www.blanescostabrava.cat\/wp-content\/uploads\/2026\/08\/554741784197466_1.png-300x300.webp\",\n\t\t\t\t\t\t\t  \t\"description\":\"DIA: Del 5 de setembre al 3 d'octubre\r\nDESCRIPCI\u00d3: Festival de talent local. M\u00e9s informaci\u00f3 i venda d'entrades a www.teatredelacostabravasud.cat, tel. 972 35 84 73, cultura@blanes.cat. Vegeu programa a part.\",\n\t\t\t\t\t\t\t  \t\n\t\t\t\t\t\t\t }<\/script><\/div>\n\t\t\t\t<p class=\"desc_trig_outter\"><a data-gmap_status=\"null\" data-exlk=\"0\" style=\"border-color: #206177;padding-top: 215px;height: 310px;\" id=\"evc_1788566401241978\" class=\"desc_trig sin_val evcal_list_a\" data-ux_val=\"3\"  ><span class='event-img'><img src='https:\/\/www.blanescostabrava.cat\/wp-content\/uploads\/2026\/08\/554741784197466_1.png.webp'><\/span><span class='evcal_cblock ' data-bgcolor='#206177' data-smon='septiembre' data-syr='2026'><span class='evo_start '><em class='date'>05<\/em><em class='month'>sep<\/em><em class='time'>allday<\/em><\/span><em class='clear'><\/em><\/span><span class='evcal_desc evo_info hide_eventtopdata '  data-location_status=\"false\" ><span class='evo_above_title'><\/span><span class='evcal_desc2 evcal_event_title' itemprop='name'>III Festival de Talent Blanenc<\/span><span class='evo_below_title'><\/span><span class='evcal_desc_info' ><\/span><span class='evcal_desc3'><\/span><\/span><em class='clear'><\/em><\/p><\/a><div class='event_description evcal_eventcard ' style=\"display:none\"><div class='evo_metarow_directimg'><img src='https:\/\/www.blanescostabrava.cat\/wp-content\/uploads\/2026\/08\/554741784197466_1.png.webp' \/><\/div><div class='evo_metarow_details evorow evcal_evdata_row bordb evcal_event_details'>\n\t\t\t\t\t\t\t<div class=\"event_excerpt\" style=\"display:none\"><h3 class=\"padb5 evo_h3\">Descripci\u00f3n<\/h3><p>DIA: Del 5 de setembre al 3 d'octubre\r\nDESCRIPCI\u00d3: Festival de talent local. M\u00e9s informaci\u00f3 i venda d'entrades a www.teatredelacostabravasud.cat, tel. 972 35 84 73, cultura@blanes.cat. Vegeu programa a part.<\/p><\/div><span class='evcal_evdata_icons'><i class='fa fa-align-justify'><\/i><\/span>\n\t\t\t\t\t\t\t\n\t\t\t\t\t\t\t<div class='evcal_evdata_cell '><div class='eventon_full_description'>\n\t\t\t\t\t\t\t\t\t<h3 class='padb5 evo_h3'><span class='evcal_evdata_icons'><i class='fa fa-align-justify'><\/i><\/span>Descripci\u00f3n<\/h3><div class='eventon_desc_in' itemprop='description'>\n\t\t\t\t\t\t\t\t\t<p>DIA: Del 5 de setembre al 3 d&#8217;octubre<br \/>\nDESCRIPCI\u00d3: Festival de talent local. M\u00e9s informaci\u00f3 i venda d&#8217;entrades a www.teatredelacostabravasud.cat, tel. 972 35 84 73, cultura@blanes.cat. Vegeu programa a part.<\/p>\n<\/div><div class='clear'><\/div>\n\t\t\t\t\t\t\t\t<\/div>\n\t\t\t\t\t\t\t<\/div>\n\t\t\t\t\t\t<\/div><div class='evo_metarow_time_location evorow bordb '>\n\t\t\t\t\t\t<div class='tb' >\n\t\t\t\t\t\t\t<div class='tbrow'>\n\t\t\t\t\t\t\t<div class='evcal_col50 bordr'>\n\t\t\t\t\t\t\t\t<div class='evcal_evdata_row evo_time'>\n\t\t\t\t\t\t\t\t\t<span class='evcal_evdata_icons'><i class='fa fa-clock-o'><\/i><\/span>\n\t\t\t\t\t\t\t\t\t<div class='evcal_evdata_cell'>\t\t\t\t\t\t\t\n\t\t\t\t\t\t\t\t\t\t<h3 class='evo_h3'><span class='evcal_evdata_icons'><i class='fa fa-clock-o'><\/i><\/span>Fecha<\/h3>\n\t\t\t\t\t\t\t\t\t\t<p>All Day (Saturday)<\/p>\n\t\t\t\t\t\t\t\t\t<\/div>\n\t\t\t\t\t\t\t\t<\/div>\n\t\t\t\t\t\t\t<\/div><div class='evcal_col50'>\n\t\t\t\t\t\t\t\t<div class='evcal_evdata_row evo_location'>\n\t\t\t\t\t\t\t\t\t<span class='evcal_evdata_icons'><i class='fa fa-map-marker'><\/i><\/span>\n\t\t\t\t\t\t\t\t\t<div class='evcal_evdata_cell' data-loc_tax_id='2217'>\t\t\t\t\t\t\t\n\t\t\t\t\t\t\t\t\t\t<h3 class='evo_h3'><span class='evcal_evdata_icons'><i class='fa fa-map-marker'><\/i><\/span>Location<\/h3><p class='evo_location_name'>Teatre de Blanes<\/p><p class='evo_location_address'><\/p>\n\t\t\t\t\t\t\t\t\t<\/div>\n\t\t\t\t\t\t\t\t<\/div>\n\t\t\t\t\t\t\t<\/div><div class='clear'><\/div>\n\t\t\t\t\t\t\t<\/div><\/div>\n\t\t\t\t\t\t<\/div>\t\t\t\t\t\t<div class='evo_metarow_ICS evorow bordb evcal_evdata_row'>\n\t\t\t\t\t\t\t<span class=\"evcal_evdata_icons\"><i class=\"fa fa-calendar\"><\/i><\/span>\n\t\t\t\t\t\t\t<div class='evcal_evdata_cell'>\n\t\t\t\t\t\t\t\t<p><a href='https:\/\/www.blanescostabrava.cat\/wp-admin\/admin-ajax.php?action=eventon_ics_download&amp;event_id=241978&amp;sunix=20260904T220000Z&amp;eunix=20260905T215900Z&amp;loca=&amp;locn=Teatre de Blanes' class='evo_ics_nCal' title='Add to your calendar'>Calendar<\/a><a href='\/\/www.google.com\/calendar\/event?action=TEMPLATE&amp;text=III+Festival+de+Talent+Blanenc&amp;dates=20260904T220000Z\/20260905T215900Z&amp;details=DIA%3A+Del+5+de+setembre+al+3+d%27octubre%0D%0ADESCRIPCI%C3%93%3A+Festival+de+talent+local.+M%C3%A9s+informaci%C3%B3+i+venda+d%27entrades+a+www.teatredelacostabravasud.cat%2C+tel.+972+35+84+73%2C+cultura%40blanes.cat.+Vegeu+programa+a+part.&amp;location=Teatre+de+Blanes - ' target='_blank' class='evo_ics_gCal' title='Add to google calendar'>GoogleCal<\/a><\/p>\t\n\t\t\t\t\t\t\t<\/div>\t\t\t\t\t\t<\/div>\n\t\t\t\t\t\t<\/div><div class='clear end'><\/div><\/div><div id=\"event_241990\" class=\"eventon_list_event evo_eventtop  event hasbgimg\" data-event_id=\"241990\" data-time=\"1788566401-1788652799\" data-colr=\"#206177\" itemscope itemtype='http:\/\/schema.org\/Event' 12><div class=\"evo_boxtop\" style=\"background-image: url(https:\/\/www.blanescostabrava.cat\/wp-content\/uploads\/2026\/08\/Cartell-Expo-Saladrigas-Espai-Violeta.jpg); background-color:#206177;height:200px;\"><\/div><div class=\"evo_event_schema\" style=\"display:none\" ><a itemprop='url'  href='https:\/\/www.blanescostabrava.cat\/events\/reflexio-recreacio-i-accio-creacio-continua\/'><\/a><span itemprop='name'  >\"Reflexi\u00f3, Recreaci\u00f3 i Acci\u00f3\" - Creaci\u00f3 Cont\u00ednua<\/span><meta itemprop='image' content='https:\/\/www.blanescostabrava.cat\/wp-content\/uploads\/2026\/08\/Cartell-Expo-Saladrigas-Espai-Violeta.jpg' ><\/meta><meta itemprop='description' content='DIA: Del 5 de setembre al 3 d'octubre\r\nLLOC: Espai Violeta, Casa Saladrigas\r\nDESCRIPCI\u00d3: Exposici\u00f3 de creaci\u00f3 cont\u00ednua a l'Espai Violeta.' ><\/meta><meta itemprop='startDate' content='2026-9-5' ><\/meta><meta itemprop='endDate' content='2026-9-5' ><\/meta><meta itemprop='eventStatus' content='on-schedule' ><\/meta><script type=\"application\/ld+json\">{\t\"@context\": \"http:\/\/schema.org\",\n\t\t\t\t\t\t\t  \t\"@type\": \"Event\",\n\t\t\t\t\t\t\t  \t\"name\": \"\"Reflexi\u00f3, Recreaci\u00f3 i Acci\u00f3\" - Creaci\u00f3 Cont\u00ednua\",\n\t\t\t\t\t\t\t  \t\"startDate\": \"2026-9-5T00-00-00-00\",\n\t\t\t\t\t\t\t  \t\"endDate\": \"2026-9-5T23-23-59-00\",\n\t\t\t\t\t\t\t  \t\"image\":\"https:\/\/www.blanescostabrava.cat\/wp-content\/uploads\/2026\/08\/Cartell-Expo-Saladrigas-Espai-Violeta-212x300.jpg\",\n\t\t\t\t\t\t\t  \t\"description\":\"DIA: Del 5 de setembre al 3 d'octubre\r\nLLOC: Espai Violeta, Casa Saladrigas\r\nDESCRIPCI\u00d3: Exposici\u00f3 de creaci\u00f3 cont\u00ednua a l'Espai Violeta.\",\n\t\t\t\t\t\t\t  \t\n\t\t\t\t\t\t\t }<\/script><\/div>\n\t\t\t\t<p class=\"desc_trig_outter\"><a data-gmap_status=\"null\" data-exlk=\"0\" style=\"border-color: #206177;padding-top: 215px;height: 310px;\" id=\"evc_1788566401241990\" class=\"desc_trig sin_val evcal_list_a\" data-ux_val=\"3\"  ><span class='event-img'><img src='https:\/\/www.blanescostabrava.cat\/wp-content\/uploads\/2026\/08\/Cartell-Expo-Saladrigas-Espai-Violeta.jpg'><\/span><span class='evcal_cblock ' data-bgcolor='#206177' data-smon='septiembre' data-syr='2026'><span class='evo_start '><em class='date'>05<\/em><em class='month'>sep<\/em><em class='time'>allday<\/em><\/span><em class='clear'><\/em><\/span><span class='evcal_desc evo_info hide_eventtopdata '  data-location_status=\"false\" ><span class='evo_above_title'><\/span><span class='evcal_desc2 evcal_event_title' itemprop='name'>\"Reflexi\u00f3, Recreaci\u00f3 i Acci\u00f3\" - Creaci\u00f3 Cont\u00ednua<\/span><span class='evo_below_title'><\/span><span class='evcal_desc_info' ><\/span><span class='evcal_desc3'><\/span><\/span><em class='clear'><\/em><\/p><\/a><div class='event_description evcal_eventcard ' style=\"display:none\"><div class='evo_metarow_directimg'><img src='https:\/\/www.blanescostabrava.cat\/wp-content\/uploads\/2026\/08\/Cartell-Expo-Saladrigas-Espai-Violeta.jpg' \/><\/div><div class='evo_metarow_details evorow evcal_evdata_row bordb evcal_event_details'>\n\t\t\t\t\t\t\t<div class=\"event_excerpt\" style=\"display:none\"><h3 class=\"padb5 evo_h3\">Descripci\u00f3n<\/h3><p>DIA: Del 5 de setembre al 3 d'octubre\r\nLLOC: Espai Violeta, Casa Saladrigas\r\nDESCRIPCI\u00d3: Exposici\u00f3 de creaci\u00f3 cont\u00ednua a l'Espai Violeta.<\/p><\/div><span class='evcal_evdata_icons'><i class='fa fa-align-justify'><\/i><\/span>\n\t\t\t\t\t\t\t\n\t\t\t\t\t\t\t<div class='evcal_evdata_cell '><div class='eventon_full_description'>\n\t\t\t\t\t\t\t\t\t<h3 class='padb5 evo_h3'><span class='evcal_evdata_icons'><i class='fa fa-align-justify'><\/i><\/span>Descripci\u00f3n<\/h3><div class='eventon_desc_in' itemprop='description'>\n\t\t\t\t\t\t\t\t\t<p>DIA: Del 5 de setembre al 3 d&#8217;octubre<br \/>\nLLOC: Espai Violeta, Casa Saladrigas<br \/>\nDESCRIPCI\u00d3: Exposici\u00f3 de creaci\u00f3 cont\u00ednua a l&#8217;Espai Violeta.<\/p>\n<\/div><div class='clear'><\/div>\n\t\t\t\t\t\t\t\t<\/div>\n\t\t\t\t\t\t\t<\/div>\n\t\t\t\t\t\t<\/div><div class='evo_metarow_time_location evorow bordb '>\n\t\t\t\t\t\t<div class='tb' >\n\t\t\t\t\t\t\t<div class='tbrow'>\n\t\t\t\t\t\t\t<div class='evcal_col50 bordr'>\n\t\t\t\t\t\t\t\t<div class='evcal_evdata_row evo_time'>\n\t\t\t\t\t\t\t\t\t<span class='evcal_evdata_icons'><i class='fa fa-clock-o'><\/i><\/span>\n\t\t\t\t\t\t\t\t\t<div class='evcal_evdata_cell'>\t\t\t\t\t\t\t\n\t\t\t\t\t\t\t\t\t\t<h3 class='evo_h3'><span class='evcal_evdata_icons'><i class='fa fa-clock-o'><\/i><\/span>Fecha<\/h3>\n\t\t\t\t\t\t\t\t\t\t<p>All Day (Saturday)<\/p>\n\t\t\t\t\t\t\t\t\t<\/div>\n\t\t\t\t\t\t\t\t<\/div>\n\t\t\t\t\t\t\t<\/div><div class='evcal_col50'>\n\t\t\t\t\t\t\t\t<div class='evcal_evdata_row evo_location'>\n\t\t\t\t\t\t\t\t\t<span class='evcal_evdata_icons'><i class='fa fa-map-marker'><\/i><\/span>\n\t\t\t\t\t\t\t\t\t<div class='evcal_evdata_cell' data-loc_tax_id='2425'>\t\t\t\t\t\t\t\n\t\t\t\t\t\t\t\t\t\t<h3 class='evo_h3'><span class='evcal_evdata_icons'><i class='fa fa-map-marker'><\/i><\/span>Location<\/h3><p class='evo_location_name'>Casa Saladrigas<\/p><p class='evo_location_address'><\/p>\n\t\t\t\t\t\t\t\t\t<\/div>\n\t\t\t\t\t\t\t\t<\/div>\n\t\t\t\t\t\t\t<\/div><div class='clear'><\/div>\n\t\t\t\t\t\t\t<\/div><\/div>\n\t\t\t\t\t\t<\/div>\t\t\t\t\t\t<div class='evo_metarow_ICS evorow bordb evcal_evdata_row'>\n\t\t\t\t\t\t\t<span class=\"evcal_evdata_icons\"><i class=\"fa fa-calendar\"><\/i><\/span>\n\t\t\t\t\t\t\t<div class='evcal_evdata_cell'>\n\t\t\t\t\t\t\t\t<p><a href='https:\/\/www.blanescostabrava.cat\/wp-admin\/admin-ajax.php?action=eventon_ics_download&amp;event_id=241990&amp;sunix=20260904T220000Z&amp;eunix=20260905T215900Z&amp;loca=&amp;locn=Casa Saladrigas' class='evo_ics_nCal' title='Add to your calendar'>Calendar<\/a><a href='\/\/www.google.com\/calendar\/event?action=TEMPLATE&amp;text=%22Reflexi%C3%B3%2C+Recreaci%C3%B3+i+Acci%C3%B3%22+-+Creaci%C3%B3+Cont%C3%ADnua&amp;dates=20260904T220000Z\/20260905T215900Z&amp;details=DIA%3A+Del+5+de+setembre+al+3+d%27octubre%0D%0ALLOC%3A+Espai+Violeta%2C+Casa+Saladrigas%0D%0ADESCRIPCI%C3%93%3A+Exposici%C3%B3+de+creaci%C3%B3+cont%C3%ADnua+a+l%27Espai+Violeta.&amp;location=Casa+Saladrigas - ' target='_blank' class='evo_ics_gCal' title='Add to google calendar'>GoogleCal<\/a><\/p>\t\n\t\t\t\t\t\t\t<\/div>\t\t\t\t\t\t<\/div>\n\t\t\t\t\t\t<\/div><div class='clear end'><\/div><\/div><div id=\"event_242002\" class=\"eventon_list_event evo_eventtop  event hasbgimg\" data-event_id=\"242002\" data-time=\"1788598800-1788642000\" data-colr=\"#206177\" itemscope itemtype='http:\/\/schema.org\/Event' 13><div class=\"evo_boxtop\" style=\"background-image: url(https:\/\/www.blanescostabrava.cat\/wp-content\/uploads\/2025\/08\/fira-.jpg); background-color:#206177;height:200px;\"><\/div><div class=\"evo_event_schema\" style=\"display:none\" ><a itemprop='url'  href='https:\/\/www.blanescostabrava.cat\/events\/firarebaixa-abbc\/'><\/a><span itemprop='name'  >FiraRebaixa - ABBC<\/span><meta itemprop='image' content='https:\/\/www.blanescostabrava.cat\/wp-content\/uploads\/2025\/08\/fira-.jpg' ><\/meta><meta itemprop='description' content='DIA: 5 i 12 de setembre\r\nHORA: 9.00 - 21.00 h\r\nLLOC: Carrers del centre\r\nDESCRIPCI\u00d3: Fira de rebaixes al centre de la vila, organitzada per l'ABBC.' ><\/meta><meta itemprop='startDate' content='2026-9-5' ><\/meta><meta itemprop='endDate' content='2026-9-5' ><\/meta><meta itemprop='eventStatus' content='on-schedule' ><\/meta><script type=\"application\/ld+json\">{\t\"@context\": \"http:\/\/schema.org\",\n\t\t\t\t\t\t\t  \t\"@type\": \"Event\",\n\t\t\t\t\t\t\t  \t\"name\": \"FiraRebaixa - ABBC\",\n\t\t\t\t\t\t\t  \t\"startDate\": \"2026-9-5T09-09-00-00\",\n\t\t\t\t\t\t\t  \t\"endDate\": \"2026-9-5T21-21-00-00\",\n\t\t\t\t\t\t\t  \t\"image\":\"https:\/\/www.blanescostabrava.cat\/wp-content\/uploads\/2025\/08\/fira--300x200.jpg\",\n\t\t\t\t\t\t\t  \t\"description\":\"DIA: 5 i 12 de setembre\r\nHORA: 9.00 - 21.00 h\r\nLLOC: Carrers del centre\r\nDESCRIPCI\u00d3: Fira de rebaixes al centre de la vila, organitzada per l'ABBC.\",\n\t\t\t\t\t\t\t  \t\n\t\t\t\t\t\t\t }<\/script><\/div>\n\t\t\t\t<p class=\"desc_trig_outter\"><a data-gmap_status=\"null\" data-exlk=\"0\" style=\"border-color: #206177;padding-top: 215px;height: 310px;\" id=\"evc_1788598800242002\" class=\"desc_trig sin_val evcal_list_a\" data-ux_val=\"3\"  ><span class='event-img'><img src='https:\/\/www.blanescostabrava.cat\/wp-content\/uploads\/2025\/08\/fira-.jpg'><\/span><span class='evcal_cblock ' data-bgcolor='#206177' data-smon='septiembre' data-syr='2026'><span class='evo_start '><em class='date'>05<\/em><em class='month'>sep<\/em><em class='time'>9:00 am<\/em><\/span><span class='evo_end only_time'><em class='time'>9:00 pm<\/em><\/span><em class='clear'><\/em><\/span><span class='evcal_desc evo_info hide_eventtopdata '  data-location_status=\"false\" ><span class='evo_above_title'><\/span><span class='evcal_desc2 evcal_event_title' itemprop='name'>FiraRebaixa - ABBC<\/span><span class='evo_below_title'><\/span><span class='evcal_desc_info' ><\/span><span class='evcal_desc3'><\/span><\/span><em class='clear'><\/em><\/p><\/a><div class='event_description evcal_eventcard ' style=\"display:none\"><div class='evo_metarow_directimg'><img src='https:\/\/www.blanescostabrava.cat\/wp-content\/uploads\/2025\/08\/fira-.jpg' \/><\/div><div class='evo_metarow_details evorow evcal_evdata_row bordb evcal_event_details'>\n\t\t\t\t\t\t\t<div class=\"event_excerpt\" style=\"display:none\"><h3 class=\"padb5 evo_h3\">Descripci\u00f3n<\/h3><p>DIA: 5 i 12 de setembre\r\nHORA: 9.00 - 21.00 h\r\nLLOC: Carrers del centre\r\nDESCRIPCI\u00d3: Fira de rebaixes al centre de la vila, organitzada per l'ABBC.<\/p><\/div><span class='evcal_evdata_icons'><i class='fa fa-align-justify'><\/i><\/span>\n\t\t\t\t\t\t\t\n\t\t\t\t\t\t\t<div class='evcal_evdata_cell '><div class='eventon_full_description'>\n\t\t\t\t\t\t\t\t\t<h3 class='padb5 evo_h3'><span class='evcal_evdata_icons'><i class='fa fa-align-justify'><\/i><\/span>Descripci\u00f3n<\/h3><div class='eventon_desc_in' itemprop='description'>\n\t\t\t\t\t\t\t\t\t<p>DIA: 5 i 12 de setembre<br \/>\nHORA: 9.00 &#8211; 21.00 h<br \/>\nLLOC: Carrers del centre<br \/>\nDESCRIPCI\u00d3: Fira de rebaixes al centre de la vila, organitzada per l&#8217;ABBC.<\/p>\n<\/div><div class='clear'><\/div>\n\t\t\t\t\t\t\t\t<\/div>\n\t\t\t\t\t\t\t<\/div>\n\t\t\t\t\t\t<\/div><div class='evo_metarow_time_location evorow bordb '>\n\t\t\t\t\t\t<div class='tb' >\n\t\t\t\t\t\t\t<div class='tbrow'>\n\t\t\t\t\t\t\t<div class='evcal_col50 bordr'>\n\t\t\t\t\t\t\t\t<div class='evcal_evdata_row evo_time'>\n\t\t\t\t\t\t\t\t\t<span class='evcal_evdata_icons'><i class='fa fa-clock-o'><\/i><\/span>\n\t\t\t\t\t\t\t\t\t<div class='evcal_evdata_cell'>\t\t\t\t\t\t\t\n\t\t\t\t\t\t\t\t\t\t<h3 class='evo_h3'><span class='evcal_evdata_icons'><i class='fa fa-clock-o'><\/i><\/span>Fecha<\/h3>\n\t\t\t\t\t\t\t\t\t\t<p>(Saturday) 9:00 am - 9:00 pm<\/p>\n\t\t\t\t\t\t\t\t\t<\/div>\n\t\t\t\t\t\t\t\t<\/div>\n\t\t\t\t\t\t\t<\/div><div class='evcal_col50'>\n\t\t\t\t\t\t\t\t<div class='evcal_evdata_row evo_location'>\n\t\t\t\t\t\t\t\t\t<span class='evcal_evdata_icons'><i class='fa fa-map-marker'><\/i><\/span>\n\t\t\t\t\t\t\t\t\t<div class='evcal_evdata_cell' data-loc_tax_id='3566'>\t\t\t\t\t\t\t\n\t\t\t\t\t\t\t\t\t\t<h3 class='evo_h3'><span class='evcal_evdata_icons'><i class='fa fa-map-marker'><\/i><\/span>Location<\/h3><p class='evo_location_name'>Carrers centre vila<\/p><p class='evo_location_address'><\/p>\n\t\t\t\t\t\t\t\t\t<\/div>\n\t\t\t\t\t\t\t\t<\/div>\n\t\t\t\t\t\t\t<\/div><div class='clear'><\/div>\n\t\t\t\t\t\t\t<\/div><\/div>\n\t\t\t\t\t\t<\/div>\t\t\t\t\t\t<div class='evo_metarow_ICS evorow bordb evcal_evdata_row'>\n\t\t\t\t\t\t\t<span class=\"evcal_evdata_icons\"><i class=\"fa fa-calendar\"><\/i><\/span>\n\t\t\t\t\t\t\t<div class='evcal_evdata_cell'>\n\t\t\t\t\t\t\t\t<p><a href='https:\/\/www.blanescostabrava.cat\/wp-admin\/admin-ajax.php?action=eventon_ics_download&amp;event_id=242002&amp;sunix=20260905T070000Z&amp;eunix=20260905T190000Z&amp;loca=&amp;locn=Carrers centre vila' class='evo_ics_nCal' title='Add to your calendar'>Calendar<\/a><a href='\/\/www.google.com\/calendar\/event?action=TEMPLATE&amp;text=FiraRebaixa+-+ABBC&amp;dates=20260905T070000Z\/20260905T190000Z&amp;details=DIA%3A+5+i+12+de+setembre%0D%0AHORA%3A+9.00+-+21.00+h%0D%0ALLOC%3A+Carrers+del+centre%0D%0ADESCRIPCI%C3%93%3A+Fira+de+rebaixes+al+centre+de+la+vila%2C+organitzada+per+l%27ABBC.&amp;location=Carrers+centre+vila - ' target='_blank' class='evo_ics_gCal' title='Add to google calendar'>GoogleCal<\/a><\/p>\t\n\t\t\t\t\t\t\t<\/div>\t\t\t\t\t\t<\/div>\n\t\t\t\t\t\t<\/div><div class='clear end'><\/div><\/div><div id=\"event_242014\" class=\"eventon_list_event evo_eventtop  event hasbgimg\" data-event_id=\"242014\" data-time=\"1788602400-1788652200\" data-colr=\"#206177\" itemscope itemtype='http:\/\/schema.org\/Event' 14><div class=\"evo_boxtop\" style=\"background-image: url(https:\/\/www.blanescostabrava.cat\/wp-content\/uploads\/2018\/04\/MARIMURTRA-29.jpg); background-color:#206177;height:200px;\"><\/div><div class=\"evo_event_schema\" style=\"display:none\" ><a itemprop='url'  href='https:\/\/www.blanescostabrava.cat\/events\/la-motxilla-de-faust\/'><\/a><span itemprop='name'  >\"La Motxilla de Faust\"<\/span><meta itemprop='image' content='https:\/\/www.blanescostabrava.cat\/wp-content\/uploads\/2018\/04\/MARIMURTRA-29.jpg' ><\/meta><meta itemprop='description' content='DIA: 5, 6, 12, 13, 19, 20, 26 i 27 de setembre\r\nHORA: 10.00 h, 11.00 h i 16.00 h\r\nLLOC: Jard\u00ed Bot\u00e0nic Marimurtra\r\nDESCRIPCI\u00d3: Visita teatralitzada pel jard\u00ed bot\u00e0nic.' ><\/meta><meta itemprop='startDate' content='2026-9-5' ><\/meta><meta itemprop='endDate' content='2026-9-5' ><\/meta><meta itemprop='eventStatus' content='on-schedule' ><\/meta><script type=\"application\/ld+json\">{\t\"@context\": \"http:\/\/schema.org\",\n\t\t\t\t\t\t\t  \t\"@type\": \"Event\",\n\t\t\t\t\t\t\t  \t\"name\": \"\"La Motxilla de Faust\"\",\n\t\t\t\t\t\t\t  \t\"startDate\": \"2026-9-5T10-10-00-00\",\n\t\t\t\t\t\t\t  \t\"endDate\": \"2026-9-5T23-23-50-00\",\n\t\t\t\t\t\t\t  \t\"image\":\"https:\/\/www.blanescostabrava.cat\/wp-content\/uploads\/2018\/04\/MARIMURTRA-29-300x200.jpg\",\n\t\t\t\t\t\t\t  \t\"description\":\"DIA: 5, 6, 12, 13, 19, 20, 26 i 27 de setembre\r\nHORA: 10.00 h, 11.00 h i 16.00 h\r\nLLOC: Jard\u00ed Bot\u00e0nic Marimurtra\r\nDESCRIPCI\u00d3: Visita teatralitzada pel jard\u00ed bot\u00e0nic.\",\n\t\t\t\t\t\t\t  \t\n\t\t\t\t\t\t\t }<\/script><\/div>\n\t\t\t\t<p class=\"desc_trig_outter\"><a data-gmap_status=\"null\" data-exlk=\"0\" style=\"border-color: #206177;padding-top: 215px;height: 310px;\" id=\"evc_1788602400242014\" class=\"desc_trig sin_val evcal_list_a\" data-ux_val=\"3\"  ><span class='event-img'><img src='https:\/\/www.blanescostabrava.cat\/wp-content\/uploads\/2018\/04\/MARIMURTRA-29.jpg'><\/span><span class='evcal_cblock ' data-bgcolor='#206177' data-smon='septiembre' data-syr='2026'><span class='evo_start '><em class='date'>05<\/em><em class='month'>sep<\/em><em class='time'>10:00 am<\/em><\/span><em class='clear'><\/em><\/span><span class='evcal_desc evo_info hide_eventtopdata '  data-location_status=\"false\" ><span class='evo_above_title'><\/span><span class='evcal_desc2 evcal_event_title' itemprop='name'>\"La Motxilla de Faust\"<\/span><span class='evo_below_title'><\/span><span class='evcal_desc_info' ><\/span><span class='evcal_desc3'><\/span><\/span><em class='clear'><\/em><\/p><\/a><div class='event_description evcal_eventcard ' style=\"display:none\"><div class='evo_metarow_directimg'><img src='https:\/\/www.blanescostabrava.cat\/wp-content\/uploads\/2018\/04\/MARIMURTRA-29.jpg' \/><\/div><div class='evo_metarow_details evorow evcal_evdata_row bordb evcal_event_details'>\n\t\t\t\t\t\t\t<div class=\"event_excerpt\" style=\"display:none\"><h3 class=\"padb5 evo_h3\">Descripci\u00f3n<\/h3><p>DIA: 5, 6, 12, 13, 19, 20, 26 i 27 de setembre\r\nHORA: 10.00 h, 11.00 h i 16.00 h\r\nLLOC: Jard\u00ed Bot\u00e0nic Marimurtra\r\nDESCRIPCI\u00d3: Visita teatralitzada pel jard\u00ed bot\u00e0nic.<\/p><\/div><span class='evcal_evdata_icons'><i class='fa fa-align-justify'><\/i><\/span>\n\t\t\t\t\t\t\t\n\t\t\t\t\t\t\t<div class='evcal_evdata_cell '><div class='eventon_full_description'>\n\t\t\t\t\t\t\t\t\t<h3 class='padb5 evo_h3'><span class='evcal_evdata_icons'><i class='fa fa-align-justify'><\/i><\/span>Descripci\u00f3n<\/h3><div class='eventon_desc_in' itemprop='description'>\n\t\t\t\t\t\t\t\t\t<p>DIA: 5, 6, 12, 13, 19, 20, 26 i 27 de setembre<br \/>\nHORA: 10.00 h, 11.00 h i 16.00 h<br \/>\nLLOC: Jard\u00ed Bot\u00e0nic Marimurtra<br \/>\nDESCRIPCI\u00d3: Visita teatralitzada pel jard\u00ed bot\u00e0nic.<\/p>\n<\/div><div class='clear'><\/div>\n\t\t\t\t\t\t\t\t<\/div>\n\t\t\t\t\t\t\t<\/div>\n\t\t\t\t\t\t<\/div><div class='evo_metarow_time_location evorow bordb '>\n\t\t\t\t\t\t<div class='tb' >\n\t\t\t\t\t\t\t<div class='tbrow'>\n\t\t\t\t\t\t\t<div class='evcal_col50 bordr'>\n\t\t\t\t\t\t\t\t<div class='evcal_evdata_row evo_time'>\n\t\t\t\t\t\t\t\t\t<span class='evcal_evdata_icons'><i class='fa fa-clock-o'><\/i><\/span>\n\t\t\t\t\t\t\t\t\t<div class='evcal_evdata_cell'>\t\t\t\t\t\t\t\n\t\t\t\t\t\t\t\t\t\t<h3 class='evo_h3'><span class='evcal_evdata_icons'><i class='fa fa-clock-o'><\/i><\/span>Fecha<\/h3>\n\t\t\t\t\t\t\t\t\t\t<p>(Saturday) 10:00 am<\/p>\n\t\t\t\t\t\t\t\t\t<\/div>\n\t\t\t\t\t\t\t\t<\/div>\n\t\t\t\t\t\t\t<\/div><div class='evcal_col50'>\n\t\t\t\t\t\t\t\t<div class='evcal_evdata_row evo_location'>\n\t\t\t\t\t\t\t\t\t<span class='evcal_evdata_icons'><i class='fa fa-map-marker'><\/i><\/span>\n\t\t\t\t\t\t\t\t\t<div class='evcal_evdata_cell' data-loc_tax_id='2413'>\t\t\t\t\t\t\t\n\t\t\t\t\t\t\t\t\t\t<h3 class='evo_h3'><span class='evcal_evdata_icons'><i class='fa fa-map-marker'><\/i><\/span>Location<\/h3><p class='evo_location_name'>Jard\u00ed Bot\u00e0nic Marimurtra<\/p><p class='evo_location_address'><\/p>\n\t\t\t\t\t\t\t\t\t<\/div>\n\t\t\t\t\t\t\t\t<\/div>\n\t\t\t\t\t\t\t<\/div><div class='clear'><\/div>\n\t\t\t\t\t\t\t<\/div><\/div>\n\t\t\t\t\t\t<\/div>\t\t\t\t\t\t<div class='evo_metarow_ICS evorow bordb evcal_evdata_row'>\n\t\t\t\t\t\t\t<span class=\"evcal_evdata_icons\"><i class=\"fa fa-calendar\"><\/i><\/span>\n\t\t\t\t\t\t\t<div class='evcal_evdata_cell'>\n\t\t\t\t\t\t\t\t<p><a href='https:\/\/www.blanescostabrava.cat\/wp-admin\/admin-ajax.php?action=eventon_ics_download&amp;event_id=242014&amp;sunix=20260905T080000Z&amp;eunix=20260905T215000Z&amp;loca=&amp;locn=Jard\u00ed Bot\u00e0nic Marimurtra' class='evo_ics_nCal' title='Add to your calendar'>Calendar<\/a><a href='\/\/www.google.com\/calendar\/event?action=TEMPLATE&amp;text=%22La+Motxilla+de+Faust%22&amp;dates=20260905T080000Z\/20260905T215000Z&amp;details=DIA%3A+5%2C+6%2C+12%2C+13%2C+19%2C+20%2C+26+i+27+de+setembre%0D%0AHORA%3A+10.00+h%2C+11.00+h+i+16.00+h%0D%0ALLOC%3A+Jard%C3%AD+Bot%C3%A0nic+Marimurtra%0D%0ADESCRIPCI%C3%93%3A+Visita+teatralitzada+pel+jard%C3%AD+bot%C3%A0nic.&amp;location=Jard%C3%AD+Bot%C3%A0nic+Marimurtra - ' target='_blank' class='evo_ics_gCal' title='Add to google calendar'>GoogleCal<\/a><\/p>\t\n\t\t\t\t\t\t\t<\/div>\t\t\t\t\t\t<\/div>\n\t\t\t\t\t\t<\/div><div class='clear end'><\/div><\/div><div id=\"event_242026\" class=\"eventon_list_event evo_eventtop  event hasbgimg\" data-event_id=\"242026\" data-time=\"1788633900-1788652200\" data-colr=\"#206177\" itemscope itemtype='http:\/\/schema.org\/Event' 15><div class=\"evo_boxtop\" style=\"background-image: url(https:\/\/www.blanescostabrava.cat\/wp-content\/uploads\/2018\/03\/cicloturisme.jpg); background-color:#206177;height:200px;\"><\/div><div class=\"evo_event_schema\" style=\"display:none\" ><a itemprop='url'  href='https:\/\/www.blanescostabrava.cat\/events\/visita-guiada-ruta-pel-centre-historic\/'><\/a><span itemprop='name'  >Visita Guiada: \"Ruta pel Centre Hist\u00f2ric\"<\/span><meta itemprop='image' content='https:\/\/www.blanescostabrava.cat\/wp-content\/uploads\/2018\/03\/cicloturisme.jpg' ><\/meta><meta itemprop='description' content='DIA: 5 de setembre\r\nHORA: 18.45 h\r\nLLOC: Sortida: OT Turisme, pla\u00e7a Catalunya s\/n\r\nDESCRIPCI\u00d3: Visita guiada gratu\u00efta pel centre hist\u00f2ric. Places gratu\u00eftes, inscripcions a turisme@blanes.cat o al 972 33 03 48.' ><\/meta><meta itemprop='startDate' content='2026-9-5' ><\/meta><meta itemprop='endDate' content='2026-9-5' ><\/meta><meta itemprop='eventStatus' content='on-schedule' ><\/meta><script type=\"application\/ld+json\">{\t\"@context\": \"http:\/\/schema.org\",\n\t\t\t\t\t\t\t  \t\"@type\": \"Event\",\n\t\t\t\t\t\t\t  \t\"name\": \"Visita Guiada: \"Ruta pel Centre Hist\u00f2ric\"\",\n\t\t\t\t\t\t\t  \t\"startDate\": \"2026-9-5T18-18-45-00\",\n\t\t\t\t\t\t\t  \t\"endDate\": \"2026-9-5T23-23-50-00\",\n\t\t\t\t\t\t\t  \t\"image\":\"https:\/\/www.blanescostabrava.cat\/wp-content\/uploads\/2018\/03\/cicloturisme-300x98.jpg\",\n\t\t\t\t\t\t\t  \t\"description\":\"DIA: 5 de setembre\r\nHORA: 18.45 h\r\nLLOC: Sortida: OT Turisme, pla\u00e7a Catalunya s\/n\r\nDESCRIPCI\u00d3: Visita guiada gratu\u00efta pel centre hist\u00f2ric. Places gratu\u00eftes, inscripcions a turisme@blanes.cat o al 972 33 03 48.\",\n\t\t\t\t\t\t\t  \t\n\t\t\t\t\t\t\t }<\/script><\/div>\n\t\t\t\t<p class=\"desc_trig_outter\"><a data-gmap_status=\"null\" data-exlk=\"0\" style=\"border-color: #206177;padding-top: 215px;height: 310px;\" id=\"evc_1788633900242026\" class=\"desc_trig sin_val evcal_list_a\" data-ux_val=\"3\"  ><span class='event-img'><img src='https:\/\/www.blanescostabrava.cat\/wp-content\/uploads\/2018\/03\/cicloturisme.jpg'><\/span><span class='evcal_cblock ' data-bgcolor='#206177' data-smon='septiembre' data-syr='2026'><span class='evo_start '><em class='date'>05<\/em><em class='month'>sep<\/em><em class='time'>6:45 pm<\/em><\/span><em class='clear'><\/em><\/span><span class='evcal_desc evo_info hide_eventtopdata '  data-location_status=\"false\" ><span class='evo_above_title'><\/span><span class='evcal_desc2 evcal_event_title' itemprop='name'>Visita Guiada: \"Ruta pel Centre Hist\u00f2ric\"<\/span><span class='evo_below_title'><\/span><span class='evcal_desc_info' ><\/span><span class='evcal_desc3'><\/span><\/span><em class='clear'><\/em><\/p><\/a><div class='event_description evcal_eventcard ' style=\"display:none\"><div class='evo_metarow_directimg'><img src='https:\/\/www.blanescostabrava.cat\/wp-content\/uploads\/2018\/03\/cicloturisme.jpg' \/><\/div><div class='evo_metarow_details evorow evcal_evdata_row bordb evcal_event_details'>\n\t\t\t\t\t\t\t<div class=\"event_excerpt\" style=\"display:none\"><h3 class=\"padb5 evo_h3\">Descripci\u00f3n<\/h3><p>DIA: 5 de setembre\r\nHORA: 18.45 h\r\nLLOC: Sortida: OT Turisme, pla\u00e7a Catalunya s\/n\r\nDESCRIPCI\u00d3: Visita guiada gratu\u00efta pel centre hist\u00f2ric. Places gratu\u00eftes, inscripcions a turisme@blanes.cat o al 972 33 03 48.<\/p><\/div><span class='evcal_evdata_icons'><i class='fa fa-align-justify'><\/i><\/span>\n\t\t\t\t\t\t\t\n\t\t\t\t\t\t\t<div class='evcal_evdata_cell '><div class='eventon_full_description'>\n\t\t\t\t\t\t\t\t\t<h3 class='padb5 evo_h3'><span class='evcal_evdata_icons'><i class='fa fa-align-justify'><\/i><\/span>Descripci\u00f3n<\/h3><div class='eventon_desc_in' itemprop='description'>\n\t\t\t\t\t\t\t\t\t<p>DIA: 5 de setembre<br \/>\nHORA: 18.45 h<br \/>\nLLOC: Sortida: OT Turisme, pla\u00e7a Catalunya s\/n<br \/>\nDESCRIPCI\u00d3: Visita guiada gratu\u00efta pel centre hist\u00f2ric. Places gratu\u00eftes, inscripcions a turisme@blanes.cat o al 972 33 03 48.<\/p>\n<\/div><div class='clear'><\/div>\n\t\t\t\t\t\t\t\t<\/div>\n\t\t\t\t\t\t\t<\/div>\n\t\t\t\t\t\t<\/div><div class='evo_metarow_time_location evorow bordb '>\n\t\t\t\t\t\t<div class='tb' >\n\t\t\t\t\t\t\t<div class='tbrow'>\n\t\t\t\t\t\t\t<div class='evcal_col50 bordr'>\n\t\t\t\t\t\t\t\t<div class='evcal_evdata_row evo_time'>\n\t\t\t\t\t\t\t\t\t<span class='evcal_evdata_icons'><i class='fa fa-clock-o'><\/i><\/span>\n\t\t\t\t\t\t\t\t\t<div class='evcal_evdata_cell'>\t\t\t\t\t\t\t\n\t\t\t\t\t\t\t\t\t\t<h3 class='evo_h3'><span class='evcal_evdata_icons'><i class='fa fa-clock-o'><\/i><\/span>Fecha<\/h3>\n\t\t\t\t\t\t\t\t\t\t<p>(Saturday) 6:45 pm<\/p>\n\t\t\t\t\t\t\t\t\t<\/div>\n\t\t\t\t\t\t\t\t<\/div>\n\t\t\t\t\t\t\t<\/div><div class='evcal_col50'>\n\t\t\t\t\t\t\t\t<div class='evcal_evdata_row evo_location'>\n\t\t\t\t\t\t\t\t\t<span class='evcal_evdata_icons'><i class='fa fa-map-marker'><\/i><\/span>\n\t\t\t\t\t\t\t\t\t<div class='evcal_evdata_cell' data-loc_tax_id='5252'>\t\t\t\t\t\t\t\n\t\t\t\t\t\t\t\t\t\t<h3 class='evo_h3'><span class='evcal_evdata_icons'><i class='fa fa-map-marker'><\/i><\/span>Location<\/h3><p class='evo_location_name'>Sortida: OT Turisme pl. Catalunya s\/n<\/p><p class='evo_location_address'><\/p>\n\t\t\t\t\t\t\t\t\t<\/div>\n\t\t\t\t\t\t\t\t<\/div>\n\t\t\t\t\t\t\t<\/div><div class='clear'><\/div>\n\t\t\t\t\t\t\t<\/div><\/div>\n\t\t\t\t\t\t<\/div>\t\t\t\t\t\t<div class='evo_metarow_ICS evorow bordb evcal_evdata_row'>\n\t\t\t\t\t\t\t<span class=\"evcal_evdata_icons\"><i class=\"fa fa-calendar\"><\/i><\/span>\n\t\t\t\t\t\t\t<div class='evcal_evdata_cell'>\n\t\t\t\t\t\t\t\t<p><a href='https:\/\/www.blanescostabrava.cat\/wp-admin\/admin-ajax.php?action=eventon_ics_download&amp;event_id=242026&amp;sunix=20260905T164500Z&amp;eunix=20260905T215000Z&amp;loca=&amp;locn=Sortida: OT Turisme pl. Catalunya s\/n' class='evo_ics_nCal' title='Add to your calendar'>Calendar<\/a><a href='\/\/www.google.com\/calendar\/event?action=TEMPLATE&amp;text=Visita+Guiada%3A+%22Ruta+pel+Centre+Hist%C3%B2ric%22&amp;dates=20260905T164500Z\/20260905T215000Z&amp;details=DIA%3A+5+de+setembre%0D%0AHORA%3A+18.45+h%0D%0ALLOC%3A+Sortida%3A+OT+Turisme%2C+pla%C3%A7a+Catalunya+s%2Fn%0D%0ADESCRIPCI%C3%93%3A+Visita+guiada+gratu%C3%AFta+pel+centre+hist%C3%B2ric.+Places+gratu%C3%AFtes%2C+inscripcions+a+turisme%40blanes.cat+o+al+972+33+03+48.&amp;location=Sortida%3A+OT+Turisme+pl.+Catalunya+s%2Fn - ' target='_blank' class='evo_ics_gCal' title='Add to google calendar'>GoogleCal<\/a><\/p>\t\n\t\t\t\t\t\t\t<\/div>\t\t\t\t\t\t<\/div>\n\t\t\t\t\t\t<\/div><div class='clear end'><\/div><\/div><div id=\"event_234910\" class=\"eventon_list_event evo_eventtop  event hasbgimg\" data-event_id=\"234910\" data-time=\"1788633900-1788652200\" data-colr=\"#206177\" itemscope itemtype='http:\/\/schema.org\/Event' 16><div class=\"evo_boxtop\" style=\"background-image: url(https:\/\/www.blanescostabrava.cat\/wp-content\/uploads\/2026\/05\/tematitzades_page-0001-3.jpg); background-color:#206177;height:200px;\"><\/div><div class=\"evo_event_schema\" style=\"display:none\" ><a itemprop='url'  href='https:\/\/www.blanescostabrava.cat\/es\/events\/ruta-por-el-centro-historico-cat-2\/'><\/a><span itemprop='name'  >Ruta por el centro hist\u00f3rico (CAT)<\/span><meta itemprop='image' content='https:\/\/www.blanescostabrava.cat\/wp-content\/uploads\/2026\/05\/tematitzades_page-0001-3.jpg' ><\/meta><meta itemprop='description' content='Ruta por el centro hist\u00f3rico (CAT)D\u00cdA: S\u00e1bado 5 de septiembreHORA: 18:45 hLUGAR: BlanesVisita guiada por el centro hist\u00f3rico' ><\/meta><meta itemprop='startDate' content='2026-9-5' ><\/meta><meta itemprop='endDate' content='2026-9-5' ><\/meta><meta itemprop='eventStatus' content='on-schedule' ><\/meta><script type=\"application\/ld+json\">{\t\"@context\": \"http:\/\/schema.org\",\n\t\t\t\t\t\t\t  \t\"@type\": \"Event\",\n\t\t\t\t\t\t\t  \t\"name\": \"Ruta por el centro hist\u00f3rico (CAT)\",\n\t\t\t\t\t\t\t  \t\"startDate\": \"2026-9-5T18-18-45-00\",\n\t\t\t\t\t\t\t  \t\"endDate\": \"2026-9-5T23-23-50-00\",\n\t\t\t\t\t\t\t  \t\"image\":\"https:\/\/www.blanescostabrava.cat\/wp-content\/uploads\/2026\/05\/tematitzades_page-0001-3-143x300.jpg\",\n\t\t\t\t\t\t\t  \t\"description\":\"Ruta por el centro hist\u00f3rico (CAT)D\u00cdA: S\u00e1bado 5 de septiembreHORA: 18:45 hLUGAR: BlanesVisita guiada por el centro hist\u00f3rico\",\n\t\t\t\t\t\t\t  \t\n\t\t\t\t\t\t\t }<\/script><\/div>\n\t\t\t\t<p class=\"desc_trig_outter\"><a data-gmap_status=\"null\" data-exlk=\"0\" style=\"border-color: #206177;padding-top: 215px;height: 310px;\" id=\"evc_1788633900234910\" class=\"desc_trig sin_val evcal_list_a\" data-ux_val=\"3\"  ><span class='event-img'><img src='https:\/\/www.blanescostabrava.cat\/wp-content\/uploads\/2026\/05\/tematitzades_page-0001-3.jpg'><\/span><span class='evcal_cblock ' data-bgcolor='#206177' data-smon='septiembre' data-syr='2026'><span class='evo_start '><em class='date'>05<\/em><em class='month'>sep<\/em><em class='time'>6:45 pm<\/em><\/span><em class='clear'><\/em><\/span><span class='evcal_desc evo_info hide_eventtopdata '  data-location_status=\"false\" ><span class='evo_above_title'><\/span><span class='evcal_desc2 evcal_event_title' itemprop='name'>Ruta por el centro hist\u00f3rico (CAT)<\/span><span class='evo_below_title'><\/span><span class='evcal_desc_info' ><\/span><span class='evcal_desc3'><\/span><\/span><em class='clear'><\/em><\/p><\/a><div class='event_description evcal_eventcard ' style=\"display:none\"><div class='evo_metarow_directimg'><img src='https:\/\/www.blanescostabrava.cat\/wp-content\/uploads\/2026\/05\/tematitzades_page-0001-3.jpg' \/><\/div><div class='evo_metarow_details evorow evcal_evdata_row bordb evcal_event_details'>\n\t\t\t\t\t\t\t<div class=\"event_excerpt\" style=\"display:none\"><h3 class=\"padb5 evo_h3\">Descripci\u00f3n<\/h3><p>Ruta por el centro hist\u00f3rico (CAT)D\u00cdA: S\u00e1bado 5 de septiembreHORA: 18:45 hLUGAR: BlanesVisita guiada por el centro hist\u00f3rico<\/p><\/div><span class='evcal_evdata_icons'><i class='fa fa-align-justify'><\/i><\/span>\n\t\t\t\t\t\t\t\n\t\t\t\t\t\t\t<div class='evcal_evdata_cell shorter_desc'><div class='eventon_details_shading_bot'>\n\t\t\t\t\t\t\t\t<p class='eventon_shad_p' content='less'><span class='ev_more_text' data-txt='less'>more<\/span><span class='ev_more_arrow'><\/span><\/p>\n\t\t\t\t\t\t\t<\/div><div class='eventon_full_description'>\n\t\t\t\t\t\t\t\t\t<h3 class='padb5 evo_h3'><span class='evcal_evdata_icons'><i class='fa fa-align-justify'><\/i><\/span>Descripci\u00f3n<\/h3><div class='eventon_desc_in' itemprop='description'>\n\t\t\t\t\t\t\t\t\t<p>Ruta por el centro hist\u00f3rico (CAT)<br data-start=\"869\" data-end=\"872\" \/><strong>D\u00cdA:<\/strong> S\u00e1bado 5 de septiembre<br data-start=\"899\" data-end=\"902\" \/><strong>HORA:<\/strong> 18:45 h<br data-start=\"915\" data-end=\"918\" \/><strong>LUGAR:<\/strong> Blanes<br data-start=\"931\" data-end=\"934\" \/>Visita guiada por el centro hist\u00f3rico de Blanes en catal\u00e1n, con una duraci\u00f3n aproximada de 1 h 30 min. Actividad gratuita con inscripci\u00f3n previa en <a class=\"decorated-link cursor-pointer\" rel=\"noopener\" data-start=\"1095\" data-end=\"1113\">turisme@blanes.cat<\/a>.<\/p>\n<p><img class=\"alignnone size-large wp-image-234856\" src=\"https:\/\/www.blanescostabrava.cat\/wp-content\/uploads\/2026\/05\/tematitzades_page-0001-2-488x1024.jpg\" alt=\"\" width=\"488\" height=\"1024\" srcset=\"https:\/\/www.blanescostabrava.cat\/wp-content\/uploads\/2026\/05\/tematitzades_page-0001-2-488x1024.jpg 488w, https:\/\/www.blanescostabrava.cat\/wp-content\/uploads\/2026\/05\/tematitzades_page-0001-2-143x300.jpg 143w, https:\/\/www.blanescostabrava.cat\/wp-content\/uploads\/2026\/05\/tematitzades_page-0001-2-71x150.jpg 71w, https:\/\/www.blanescostabrava.cat\/wp-content\/uploads\/2026\/05\/tematitzades_page-0001-2-11x24.jpg 11w, https:\/\/www.blanescostabrava.cat\/wp-content\/uploads\/2026\/05\/tematitzades_page-0001-2-17x36.jpg 17w, https:\/\/www.blanescostabrava.cat\/wp-content\/uploads\/2026\/05\/tematitzades_page-0001-2-23x48.jpg 23w, https:\/\/www.blanescostabrava.cat\/wp-content\/uploads\/2026\/05\/tematitzades_page-0001-2.jpg 591w\" sizes=\"(max-width: 488px) 100vw, 488px\" \/><\/p>\n<\/div><div class='clear'><\/div>\n\t\t\t\t\t\t\t\t<\/div>\n\t\t\t\t\t\t\t<\/div>\n\t\t\t\t\t\t<\/div><div class='evo_metarow_time evorow evcal_evdata_row bordb evcal_evrow_sm '>\n\t\t\t\t\t\t\t<span class='evcal_evdata_icons'><i class='fa fa-clock-o'><\/i><\/span>\n\t\t\t\t\t\t\t<div class='evcal_evdata_cell'>\t\t\t\t\t\t\t\n\t\t\t\t\t\t\t\t<h3 class='evo_h3'><span class='evcal_evdata_icons'><i class='fa fa-clock-o'><\/i><\/span>Fecha<\/h3><p>(Saturday) 6:45 pm<\/p>\n\t\t\t\t\t\t\t<\/div>\n\t\t\t\t\t\t<\/div>\t\t\t\t\t\t<div class='evo_metarow_ICS evorow bordb evcal_evdata_row'>\n\t\t\t\t\t\t\t<span class=\"evcal_evdata_icons\"><i class=\"fa fa-calendar\"><\/i><\/span>\n\t\t\t\t\t\t\t<div class='evcal_evdata_cell'>\n\t\t\t\t\t\t\t\t<p><a href='https:\/\/www.blanescostabrava.cat\/wp-admin\/admin-ajax.php?action=eventon_ics_download&amp;event_id=234910&amp;sunix=20260905T164500Z&amp;eunix=20260905T215000Z&amp;loca=&amp;locn=' class='evo_ics_nCal' title='Add to your calendar'>Calendar<\/a><a href='\/\/www.google.com\/calendar\/event?action=TEMPLATE&amp;text=Ruta+por+el+centro+hist%C3%B3rico+%28CAT%29&amp;dates=20260905T164500Z\/20260905T215000Z&amp;details=Ruta+por+el+centro+hist%C3%B3rico+%28CAT%29D%C3%8DA%3A+S%C3%A1bado+5+de+septiembreHORA%3A+18%3A45+hLUGAR%3A+BlanesVisita+guiada+por+el+centro+hist%C3%B3rico&amp;location= - ' target='_blank' class='evo_ics_gCal' title='Add to google calendar'>GoogleCal<\/a><\/p>\t\n\t\t\t\t\t\t\t<\/div>\t\t\t\t\t\t<\/div>\n\t\t\t\t\t\t<\/div><div class='clear end'><\/div><\/div><div id=\"event_242038\" class=\"eventon_list_event evo_eventtop  event hasbgimg\" data-event_id=\"242038\" data-time=\"1788638400-1788652200\" data-colr=\"#206177\" itemscope itemtype='http:\/\/schema.org\/Event' 17><div class=\"evo_boxtop\" style=\"background-image: url(https:\/\/www.blanescostabrava.cat\/wp-content\/uploads\/2026\/08\/whatsappimage2026-06-18at14_28_001.webp-1740x1160-1.webp); background-color:#206177;height:200px;\"><\/div><div class=\"evo_event_schema\" style=\"display:none\" ><a itemprop='url'  href='https:\/\/www.blanescostabrava.cat\/events\/brisas-lucas-martinez-i-guido-di-blasi\/'><\/a><span itemprop='name'  >\"Brisas\" - Lucas Mart\u00ednez i Guido di Blasi<\/span><meta itemprop='image' content='https:\/\/www.blanescostabrava.cat\/wp-content\/uploads\/2026\/08\/whatsappimage2026-06-18at14_28_001.webp-1740x1160-1.webp' ><\/meta><meta itemprop='description' content='DIA: 5 de setembre\r\nHORA: 20.00 h\r\nLLOC: Teatre de Blanes\r\nDESCRIPCI\u00d3: Concert dins el Cicle Talent Blanenc.' ><\/meta><meta itemprop='startDate' content='2026-9-5' ><\/meta><meta itemprop='endDate' content='2026-9-5' ><\/meta><meta itemprop='eventStatus' content='on-schedule' ><\/meta><script type=\"application\/ld+json\">{\t\"@context\": \"http:\/\/schema.org\",\n\t\t\t\t\t\t\t  \t\"@type\": \"Event\",\n\t\t\t\t\t\t\t  \t\"name\": \"\"Brisas\" - Lucas Mart\u00ednez i Guido di Blasi\",\n\t\t\t\t\t\t\t  \t\"startDate\": \"2026-9-5T20-20-00-00\",\n\t\t\t\t\t\t\t  \t\"endDate\": \"2026-9-5T23-23-50-00\",\n\t\t\t\t\t\t\t  \t\"image\":\"https:\/\/www.blanescostabrava.cat\/wp-content\/uploads\/2026\/08\/whatsappimage2026-06-18at14_28_001.webp-1740x1160-1-300x200.webp\",\n\t\t\t\t\t\t\t  \t\"description\":\"DIA: 5 de setembre\r\nHORA: 20.00 h\r\nLLOC: Teatre de Blanes\r\nDESCRIPCI\u00d3: Concert dins el Cicle Talent Blanenc.\",\n\t\t\t\t\t\t\t  \t\n\t\t\t\t\t\t\t }<\/script><\/div>\n\t\t\t\t<p class=\"desc_trig_outter\"><a data-gmap_status=\"null\" data-exlk=\"0\" style=\"border-color: #206177;padding-top: 215px;height: 310px;\" id=\"evc_1788638400242038\" class=\"desc_trig sin_val evcal_list_a\" data-ux_val=\"3\"  ><span class='event-img'><img src='https:\/\/www.blanescostabrava.cat\/wp-content\/uploads\/2026\/08\/whatsappimage2026-06-18at14_28_001.webp-1740x1160-1.webp'><\/span><span class='evcal_cblock ' data-bgcolor='#206177' data-smon='septiembre' data-syr='2026'><span class='evo_start '><em class='date'>05<\/em><em class='month'>sep<\/em><em class='time'>8:00 pm<\/em><\/span><em class='clear'><\/em><\/span><span class='evcal_desc evo_info hide_eventtopdata '  data-location_status=\"false\" ><span class='evo_above_title'><\/span><span class='evcal_desc2 evcal_event_title' itemprop='name'>\"Brisas\" - Lucas Mart\u00ednez i Guido di Blasi<\/span><span class='evo_below_title'><\/span><span class='evcal_desc_info' ><\/span><span class='evcal_desc3'><\/span><\/span><em class='clear'><\/em><\/p><\/a><div class='event_description evcal_eventcard ' style=\"display:none\"><div class='evo_metarow_directimg'><img src='https:\/\/www.blanescostabrava.cat\/wp-content\/uploads\/2026\/08\/whatsappimage2026-06-18at14_28_001.webp-1740x1160-1.webp' \/><\/div><div class='evo_metarow_details evorow evcal_evdata_row bordb evcal_event_details'>\n\t\t\t\t\t\t\t<div class=\"event_excerpt\" style=\"display:none\"><h3 class=\"padb5 evo_h3\">Descripci\u00f3n<\/h3><p>DIA: 5 de setembre\r\nHORA: 20.00 h\r\nLLOC: Teatre de Blanes\r\nDESCRIPCI\u00d3: Concert dins el Cicle Talent Blanenc.<\/p><\/div><span class='evcal_evdata_icons'><i class='fa fa-align-justify'><\/i><\/span>\n\t\t\t\t\t\t\t\n\t\t\t\t\t\t\t<div class='evcal_evdata_cell '><div class='eventon_full_description'>\n\t\t\t\t\t\t\t\t\t<h3 class='padb5 evo_h3'><span class='evcal_evdata_icons'><i class='fa fa-align-justify'><\/i><\/span>Descripci\u00f3n<\/h3><div class='eventon_desc_in' itemprop='description'>\n\t\t\t\t\t\t\t\t\t<p>DIA: 5 de setembre<br \/>\nHORA: 20.00 h<br \/>\nLLOC: Teatre de Blanes<br \/>\nDESCRIPCI\u00d3: Concert dins el Cicle Talent Blanenc.<\/p>\n<\/div><div class='clear'><\/div>\n\t\t\t\t\t\t\t\t<\/div>\n\t\t\t\t\t\t\t<\/div>\n\t\t\t\t\t\t<\/div><div class='evo_metarow_time_location evorow bordb '>\n\t\t\t\t\t\t<div class='tb' >\n\t\t\t\t\t\t\t<div class='tbrow'>\n\t\t\t\t\t\t\t<div class='evcal_col50 bordr'>\n\t\t\t\t\t\t\t\t<div class='evcal_evdata_row evo_time'>\n\t\t\t\t\t\t\t\t\t<span class='evcal_evdata_icons'><i class='fa fa-clock-o'><\/i><\/span>\n\t\t\t\t\t\t\t\t\t<div class='evcal_evdata_cell'>\t\t\t\t\t\t\t\n\t\t\t\t\t\t\t\t\t\t<h3 class='evo_h3'><span class='evcal_evdata_icons'><i class='fa fa-clock-o'><\/i><\/span>Fecha<\/h3>\n\t\t\t\t\t\t\t\t\t\t<p>(Saturday) 8:00 pm<\/p>\n\t\t\t\t\t\t\t\t\t<\/div>\n\t\t\t\t\t\t\t\t<\/div>\n\t\t\t\t\t\t\t<\/div><div class='evcal_col50'>\n\t\t\t\t\t\t\t\t<div class='evcal_evdata_row evo_location'>\n\t\t\t\t\t\t\t\t\t<span class='evcal_evdata_icons'><i class='fa fa-map-marker'><\/i><\/span>\n\t\t\t\t\t\t\t\t\t<div class='evcal_evdata_cell' data-loc_tax_id='2217'>\t\t\t\t\t\t\t\n\t\t\t\t\t\t\t\t\t\t<h3 class='evo_h3'><span class='evcal_evdata_icons'><i class='fa fa-map-marker'><\/i><\/span>Location<\/h3><p class='evo_location_name'>Teatre de Blanes<\/p><p class='evo_location_address'><\/p>\n\t\t\t\t\t\t\t\t\t<\/div>\n\t\t\t\t\t\t\t\t<\/div>\n\t\t\t\t\t\t\t<\/div><div class='clear'><\/div>\n\t\t\t\t\t\t\t<\/div><\/div>\n\t\t\t\t\t\t<\/div>\t\t\t\t\t\t<div class='evo_metarow_ICS evorow bordb evcal_evdata_row'>\n\t\t\t\t\t\t\t<span class=\"evcal_evdata_icons\"><i class=\"fa fa-calendar\"><\/i><\/span>\n\t\t\t\t\t\t\t<div class='evcal_evdata_cell'>\n\t\t\t\t\t\t\t\t<p><a href='https:\/\/www.blanescostabrava.cat\/wp-admin\/admin-ajax.php?action=eventon_ics_download&amp;event_id=242038&amp;sunix=20260905T180000Z&amp;eunix=20260905T215000Z&amp;loca=&amp;locn=Teatre de Blanes' class='evo_ics_nCal' title='Add to your calendar'>Calendar<\/a><a href='\/\/www.google.com\/calendar\/event?action=TEMPLATE&amp;text=%22Brisas%22+-+Lucas+Mart%C3%ADnez+i+Guido+di+Blasi&amp;dates=20260905T180000Z\/20260905T215000Z&amp;details=DIA%3A+5+de+setembre%0D%0AHORA%3A+20.00+h%0D%0ALLOC%3A+Teatre+de+Blanes%0D%0ADESCRIPCI%C3%93%3A+Concert+dins+el+Cicle+Talent+Blanenc.&amp;location=Teatre+de+Blanes - ' target='_blank' class='evo_ics_gCal' title='Add to google calendar'>GoogleCal<\/a><\/p>\t\n\t\t\t\t\t\t\t<\/div>\t\t\t\t\t\t<\/div>\n\t\t\t\t\t\t<\/div><div class='clear end'><\/div><\/div><div id=\"event_242050\" class=\"eventon_list_event evo_eventtop  event hasbgimg\" data-event_id=\"242050\" data-time=\"1788681600-1788685200\" data-colr=\"#206177\" itemscope itemtype='http:\/\/schema.org\/Event' 18><div class=\"evo_boxtop\" style=\"background-image: url(https:\/\/www.blanescostabrava.cat\/wp-content\/uploads\/2018\/04\/MARIMURTRA-28.jpg); background-color:#206177;height:200px;\"><\/div><div class=\"evo_event_schema\" style=\"display:none\" ><a itemprop='url'  href='https:\/\/www.blanescostabrava.cat\/events\/ioga-a-marimurtra-8\/'><\/a><span itemprop='name'  >Ioga a Marimurtra<\/span><meta itemprop='image' content='https:\/\/www.blanescostabrava.cat\/wp-content\/uploads\/2018\/04\/MARIMURTRA-28.jpg' ><\/meta><meta itemprop='description' content='DIA: 6 i 13 de setembre\r\nHORA: 8.00 - 9.00 h\r\nLLOC: Jard\u00ed Bot\u00e0nic Marimurtra\r\nDESCRIPCI\u00d3: Sessi\u00f3 de ioga al jard\u00ed bot\u00e0nic.' ><\/meta><meta itemprop='startDate' content='2026-9-6' ><\/meta><meta itemprop='endDate' content='2026-9-6' ><\/meta><meta itemprop='eventStatus' content='on-schedule' ><\/meta><script type=\"application\/ld+json\">{\t\"@context\": \"http:\/\/schema.org\",\n\t\t\t\t\t\t\t  \t\"@type\": \"Event\",\n\t\t\t\t\t\t\t  \t\"name\": \"Ioga a Marimurtra\",\n\t\t\t\t\t\t\t  \t\"startDate\": \"2026-9-6T08-08-00-00\",\n\t\t\t\t\t\t\t  \t\"endDate\": \"2026-9-6T09-09-00-00\",\n\t\t\t\t\t\t\t  \t\"image\":\"https:\/\/www.blanescostabrava.cat\/wp-content\/uploads\/2018\/04\/MARIMURTRA-28-200x300.jpg\",\n\t\t\t\t\t\t\t  \t\"description\":\"DIA: 6 i 13 de setembre\r\nHORA: 8.00 - 9.00 h\r\nLLOC: Jard\u00ed Bot\u00e0nic Marimurtra\r\nDESCRIPCI\u00d3: Sessi\u00f3 de ioga al jard\u00ed bot\u00e0nic.\",\n\t\t\t\t\t\t\t  \t\n\t\t\t\t\t\t\t }<\/script><\/div>\n\t\t\t\t<p class=\"desc_trig_outter\"><a data-gmap_status=\"null\" data-exlk=\"0\" style=\"border-color: #206177;padding-top: 215px;height: 310px;\" id=\"evc_1788681600242050\" class=\"desc_trig sin_val evcal_list_a\" data-ux_val=\"3\"  ><span class='event-img'><img src='https:\/\/www.blanescostabrava.cat\/wp-content\/uploads\/2018\/04\/MARIMURTRA-28.jpg'><\/span><span class='evcal_cblock ' data-bgcolor='#206177' data-smon='septiembre' data-syr='2026'><span class='evo_start '><em class='date'>06<\/em><em class='month'>sep<\/em><em class='time'>8:00 am<\/em><\/span><span class='evo_end only_time'><em class='time'>9:00 am<\/em><\/span><em class='clear'><\/em><\/span><span class='evcal_desc evo_info hide_eventtopdata '  data-location_status=\"false\" ><span class='evo_above_title'><\/span><span class='evcal_desc2 evcal_event_title' itemprop='name'>Ioga a Marimurtra<\/span><span class='evo_below_title'><\/span><span class='evcal_desc_info' ><\/span><span class='evcal_desc3'><\/span><\/span><em class='clear'><\/em><\/p><\/a><div class='event_description evcal_eventcard ' style=\"display:none\"><div class='evo_metarow_directimg'><img src='https:\/\/www.blanescostabrava.cat\/wp-content\/uploads\/2018\/04\/MARIMURTRA-28.jpg' \/><\/div><div class='evo_metarow_details evorow evcal_evdata_row bordb evcal_event_details'>\n\t\t\t\t\t\t\t<div class=\"event_excerpt\" style=\"display:none\"><h3 class=\"padb5 evo_h3\">Descripci\u00f3n<\/h3><p>DIA: 6 i 13 de setembre\r\nHORA: 8.00 - 9.00 h\r\nLLOC: Jard\u00ed Bot\u00e0nic Marimurtra\r\nDESCRIPCI\u00d3: Sessi\u00f3 de ioga al jard\u00ed bot\u00e0nic.<\/p><\/div><span class='evcal_evdata_icons'><i class='fa fa-align-justify'><\/i><\/span>\n\t\t\t\t\t\t\t\n\t\t\t\t\t\t\t<div class='evcal_evdata_cell '><div class='eventon_full_description'>\n\t\t\t\t\t\t\t\t\t<h3 class='padb5 evo_h3'><span class='evcal_evdata_icons'><i class='fa fa-align-justify'><\/i><\/span>Descripci\u00f3n<\/h3><div class='eventon_desc_in' itemprop='description'>\n\t\t\t\t\t\t\t\t\t<p>DIA: 6 i 13 de setembre<br \/>\nHORA: 8.00 &#8211; 9.00 h<br \/>\nLLOC: Jard\u00ed Bot\u00e0nic Marimurtra<br \/>\nDESCRIPCI\u00d3: Sessi\u00f3 de ioga al jard\u00ed bot\u00e0nic.<\/p>\n<\/div><div class='clear'><\/div>\n\t\t\t\t\t\t\t\t<\/div>\n\t\t\t\t\t\t\t<\/div>\n\t\t\t\t\t\t<\/div><div class='evo_metarow_time_location evorow bordb '>\n\t\t\t\t\t\t<div class='tb' >\n\t\t\t\t\t\t\t<div class='tbrow'>\n\t\t\t\t\t\t\t<div class='evcal_col50 bordr'>\n\t\t\t\t\t\t\t\t<div class='evcal_evdata_row evo_time'>\n\t\t\t\t\t\t\t\t\t<span class='evcal_evdata_icons'><i class='fa fa-clock-o'><\/i><\/span>\n\t\t\t\t\t\t\t\t\t<div class='evcal_evdata_cell'>\t\t\t\t\t\t\t\n\t\t\t\t\t\t\t\t\t\t<h3 class='evo_h3'><span class='evcal_evdata_icons'><i class='fa fa-clock-o'><\/i><\/span>Fecha<\/h3>\n\t\t\t\t\t\t\t\t\t\t<p>(Sunday) 8:00 am - 9:00 am<\/p>\n\t\t\t\t\t\t\t\t\t<\/div>\n\t\t\t\t\t\t\t\t<\/div>\n\t\t\t\t\t\t\t<\/div><div class='evcal_col50'>\n\t\t\t\t\t\t\t\t<div class='evcal_evdata_row evo_location'>\n\t\t\t\t\t\t\t\t\t<span class='evcal_evdata_icons'><i class='fa fa-map-marker'><\/i><\/span>\n\t\t\t\t\t\t\t\t\t<div class='evcal_evdata_cell' data-loc_tax_id='2413'>\t\t\t\t\t\t\t\n\t\t\t\t\t\t\t\t\t\t<h3 class='evo_h3'><span class='evcal_evdata_icons'><i class='fa fa-map-marker'><\/i><\/span>Location<\/h3><p class='evo_location_name'>Jard\u00ed Bot\u00e0nic Marimurtra<\/p><p class='evo_location_address'><\/p>\n\t\t\t\t\t\t\t\t\t<\/div>\n\t\t\t\t\t\t\t\t<\/div>\n\t\t\t\t\t\t\t<\/div><div class='clear'><\/div>\n\t\t\t\t\t\t\t<\/div><\/div>\n\t\t\t\t\t\t<\/div>\t\t\t\t\t\t<div class='evo_metarow_ICS evorow bordb evcal_evdata_row'>\n\t\t\t\t\t\t\t<span class=\"evcal_evdata_icons\"><i class=\"fa fa-calendar\"><\/i><\/span>\n\t\t\t\t\t\t\t<div class='evcal_evdata_cell'>\n\t\t\t\t\t\t\t\t<p><a href='https:\/\/www.blanescostabrava.cat\/wp-admin\/admin-ajax.php?action=eventon_ics_download&amp;event_id=242050&amp;sunix=20260906T060000Z&amp;eunix=20260906T070000Z&amp;loca=&amp;locn=Jard\u00ed Bot\u00e0nic Marimurtra' class='evo_ics_nCal' title='Add to your calendar'>Calendar<\/a><a href='\/\/www.google.com\/calendar\/event?action=TEMPLATE&amp;text=Ioga+a+Marimurtra&amp;dates=20260906T060000Z\/20260906T070000Z&amp;details=DIA%3A+6+i+13+de+setembre%0D%0AHORA%3A+8.00+-+9.00+h%0D%0ALLOC%3A+Jard%C3%AD+Bot%C3%A0nic+Marimurtra%0D%0ADESCRIPCI%C3%93%3A+Sessi%C3%B3+de+ioga+al+jard%C3%AD+bot%C3%A0nic.&amp;location=Jard%C3%AD+Bot%C3%A0nic+Marimurtra - ' target='_blank' class='evo_ics_gCal' title='Add to google calendar'>GoogleCal<\/a><\/p>\t\n\t\t\t\t\t\t\t<\/div>\t\t\t\t\t\t<\/div>\n\t\t\t\t\t\t<\/div><div class='clear end'><\/div><\/div><div id=\"event_242062\" class=\"eventon_list_event evo_eventtop  event hasbgimg\" data-event_id=\"242062\" data-time=\"1788696000-1788738600\" data-colr=\"#206177\" itemscope itemtype='http:\/\/schema.org\/Event' 19><div class=\"evo_boxtop\" style=\"background-image: url(https:\/\/www.blanescostabrava.cat\/wp-content\/uploads\/2022\/01\/saladrigas-web.jpg); background-color:#206177;height:200px;\"><\/div><div class=\"evo_event_schema\" style=\"display:none\" ><a itemprop='url'  href='https:\/\/www.blanescostabrava.cat\/events\/mixologia-tast-de-vermuts-18-anys\/'><\/a><span itemprop='name'  >Mixologia: \"Tast de Vermuts\" (+18 anys)<\/span><meta itemprop='image' content='https:\/\/www.blanescostabrava.cat\/wp-content\/uploads\/2022\/01\/saladrigas-web.jpg' ><\/meta><meta itemprop='description' content='DIA: 6 i 13 de setembre\r\nHORA: 12.00 h\r\nLLOC: Casa Saladrigas\r\nDESCRIPCI\u00d3: Tast de vermuts a c\u00e0rrec de Mariona Vilanova, del Nykteri's Cocktail Bar. Places limitades, reserva pr\u00e8via. Activitat +18 anys.' ><\/meta><meta itemprop='startDate' content='2026-9-6' ><\/meta><meta itemprop='endDate' content='2026-9-6' ><\/meta><meta itemprop='eventStatus' content='on-schedule' ><\/meta><script type=\"application\/ld+json\">{\t\"@context\": \"http:\/\/schema.org\",\n\t\t\t\t\t\t\t  \t\"@type\": \"Event\",\n\t\t\t\t\t\t\t  \t\"name\": \"Mixologia: \"Tast de Vermuts\" (+18 anys)\",\n\t\t\t\t\t\t\t  \t\"startDate\": \"2026-9-6T12-12-00-00\",\n\t\t\t\t\t\t\t  \t\"endDate\": \"2026-9-6T23-23-50-00\",\n\t\t\t\t\t\t\t  \t\"image\":\"https:\/\/www.blanescostabrava.cat\/wp-content\/uploads\/2022\/01\/saladrigas-web-217x300.jpg\",\n\t\t\t\t\t\t\t  \t\"description\":\"DIA: 6 i 13 de setembre\r\nHORA: 12.00 h\r\nLLOC: Casa Saladrigas\r\nDESCRIPCI\u00d3: Tast de vermuts a c\u00e0rrec de Mariona Vilanova, del Nykteri's Cocktail Bar. Places limitades, reserva pr\u00e8via. Activitat +18 anys.\",\n\t\t\t\t\t\t\t  \t\n\t\t\t\t\t\t\t }<\/script><\/div>\n\t\t\t\t<p class=\"desc_trig_outter\"><a data-gmap_status=\"null\" data-exlk=\"0\" style=\"border-color: #206177;padding-top: 215px;height: 310px;\" id=\"evc_1788696000242062\" class=\"desc_trig sin_val evcal_list_a\" data-ux_val=\"3\"  ><span class='event-img'><img src='https:\/\/www.blanescostabrava.cat\/wp-content\/uploads\/2022\/01\/saladrigas-web.jpg'><\/span><span class='evcal_cblock ' data-bgcolor='#206177' data-smon='septiembre' data-syr='2026'><span class='evo_start '><em class='date'>06<\/em><em class='month'>sep<\/em><em class='time'>12:00 pm<\/em><\/span><em class='clear'><\/em><\/span><span class='evcal_desc evo_info hide_eventtopdata '  data-location_status=\"false\" ><span class='evo_above_title'><\/span><span class='evcal_desc2 evcal_event_title' itemprop='name'>Mixologia: \"Tast de Vermuts\" (+18 anys)<\/span><span class='evo_below_title'><\/span><span class='evcal_desc_info' ><\/span><span class='evcal_desc3'><\/span><\/span><em class='clear'><\/em><\/p><\/a><div class='event_description evcal_eventcard ' style=\"display:none\"><div class='evo_metarow_directimg'><img src='https:\/\/www.blanescostabrava.cat\/wp-content\/uploads\/2022\/01\/saladrigas-web.jpg' \/><\/div><div class='evo_metarow_details evorow evcal_evdata_row bordb evcal_event_details'>\n\t\t\t\t\t\t\t<div class=\"event_excerpt\" style=\"display:none\"><h3 class=\"padb5 evo_h3\">Descripci\u00f3n<\/h3><p>DIA: 6 i 13 de setembre\r\nHORA: 12.00 h\r\nLLOC: Casa Saladrigas\r\nDESCRIPCI\u00d3: Tast de vermuts a c\u00e0rrec de Mariona Vilanova, del Nykteri's Cocktail Bar. Places limitades, reserva pr\u00e8via. Activitat +18 anys.<\/p><\/div><span class='evcal_evdata_icons'><i class='fa fa-align-justify'><\/i><\/span>\n\t\t\t\t\t\t\t\n\t\t\t\t\t\t\t<div class='evcal_evdata_cell '><div class='eventon_full_description'>\n\t\t\t\t\t\t\t\t\t<h3 class='padb5 evo_h3'><span class='evcal_evdata_icons'><i class='fa fa-align-justify'><\/i><\/span>Descripci\u00f3n<\/h3><div class='eventon_desc_in' itemprop='description'>\n\t\t\t\t\t\t\t\t\t<p>DIA: 6 i 13 de setembre<br \/>\nHORA: 12.00 h<br \/>\nLLOC: Casa Saladrigas<br \/>\nDESCRIPCI\u00d3: Tast de vermuts a c\u00e0rrec de Mariona Vilanova, del Nykteri&#8217;s Cocktail Bar. Places limitades, reserva pr\u00e8via. Activitat +18 anys.<\/p>\n<\/div><div class='clear'><\/div>\n\t\t\t\t\t\t\t\t<\/div>\n\t\t\t\t\t\t\t<\/div>\n\t\t\t\t\t\t<\/div><div class='evo_metarow_time_location evorow bordb '>\n\t\t\t\t\t\t<div class='tb' >\n\t\t\t\t\t\t\t<div class='tbrow'>\n\t\t\t\t\t\t\t<div class='evcal_col50 bordr'>\n\t\t\t\t\t\t\t\t<div class='evcal_evdata_row evo_time'>\n\t\t\t\t\t\t\t\t\t<span class='evcal_evdata_icons'><i class='fa fa-clock-o'><\/i><\/span>\n\t\t\t\t\t\t\t\t\t<div class='evcal_evdata_cell'>\t\t\t\t\t\t\t\n\t\t\t\t\t\t\t\t\t\t<h3 class='evo_h3'><span class='evcal_evdata_icons'><i class='fa fa-clock-o'><\/i><\/span>Fecha<\/h3>\n\t\t\t\t\t\t\t\t\t\t<p>(Sunday) 12:00 pm<\/p>\n\t\t\t\t\t\t\t\t\t<\/div>\n\t\t\t\t\t\t\t\t<\/div>\n\t\t\t\t\t\t\t<\/div><div class='evcal_col50'>\n\t\t\t\t\t\t\t\t<div class='evcal_evdata_row evo_location'>\n\t\t\t\t\t\t\t\t\t<span class='evcal_evdata_icons'><i class='fa fa-map-marker'><\/i><\/span>\n\t\t\t\t\t\t\t\t\t<div class='evcal_evdata_cell' data-loc_tax_id='2425'>\t\t\t\t\t\t\t\n\t\t\t\t\t\t\t\t\t\t<h3 class='evo_h3'><span class='evcal_evdata_icons'><i class='fa fa-map-marker'><\/i><\/span>Location<\/h3><p class='evo_location_name'>Casa Saladrigas<\/p><p class='evo_location_address'><\/p>\n\t\t\t\t\t\t\t\t\t<\/div>\n\t\t\t\t\t\t\t\t<\/div>\n\t\t\t\t\t\t\t<\/div><div class='clear'><\/div>\n\t\t\t\t\t\t\t<\/div><\/div>\n\t\t\t\t\t\t<\/div>\t\t\t\t\t\t<div class='evo_metarow_ICS evorow bordb evcal_evdata_row'>\n\t\t\t\t\t\t\t<span class=\"evcal_evdata_icons\"><i class=\"fa fa-calendar\"><\/i><\/span>\n\t\t\t\t\t\t\t<div class='evcal_evdata_cell'>\n\t\t\t\t\t\t\t\t<p><a href='https:\/\/www.blanescostabrava.cat\/wp-admin\/admin-ajax.php?action=eventon_ics_download&amp;event_id=242062&amp;sunix=20260906T100000Z&amp;eunix=20260906T215000Z&amp;loca=&amp;locn=Casa Saladrigas' class='evo_ics_nCal' title='Add to your calendar'>Calendar<\/a><a href='\/\/www.google.com\/calendar\/event?action=TEMPLATE&amp;text=Mixologia%3A+%22Tast+de+Vermuts%22+%28%2B18+anys%29&amp;dates=20260906T100000Z\/20260906T215000Z&amp;details=DIA%3A+6+i+13+de+setembre%0D%0AHORA%3A+12.00+h%0D%0ALLOC%3A+Casa+Saladrigas%0D%0ADESCRIPCI%C3%93%3A+Tast+de+vermuts+a+c%C3%A0rrec+de+Mariona+Vilanova%2C+del+Nykteri%27s+Cocktail+Bar.+Places+limitades%2C+reserva+pr%C3%A8via.+Activitat+%2B18+anys.&amp;location=Casa+Saladrigas - ' target='_blank' class='evo_ics_gCal' title='Add to google calendar'>GoogleCal<\/a><\/p>\t\n\t\t\t\t\t\t\t<\/div>\t\t\t\t\t\t<\/div>\n\t\t\t\t\t\t<\/div><div class='clear end'><\/div><\/div><div id=\"event_242074\" class=\"eventon_list_event evo_eventtop  event hasbgimg\" data-event_id=\"242074\" data-time=\"1788723000-1788738600\" data-colr=\"#206177\" itemscope itemtype='http:\/\/schema.org\/Event' 20><div class=\"evo_boxtop\" style=\"background-image: url(https:\/\/www.blanescostabrava.cat\/wp-content\/uploads\/2018\/04\/Sardanes-26.jpg); background-color:#206177;height:200px;\"><\/div><div class=\"evo_event_schema\" style=\"display:none\" ><a itemprop='url'  href='https:\/\/www.blanescostabrava.cat\/events\/sardanes-al-passeig-de-mar\/'><\/a><span itemprop='name'  >Sardanes al Passeig de Mar<\/span><meta itemprop='image' content='https:\/\/www.blanescostabrava.cat\/wp-content\/uploads\/2018\/04\/Sardanes-26.jpg' ><\/meta><meta itemprop='description' content='DIA: 6, 11, 13, 20 i 27 de setembre\r\nHORA: 19.30 h (l'11\/9 a les 20.00 h i el 27\/9 a les 19.00 h)\r\nLLOC: Passeig de Mar - Banc dels M\u00fasics\r\nDESCRIPCI\u00d3:' ><\/meta><meta itemprop='startDate' content='2026-9-6' ><\/meta><meta itemprop='endDate' content='2026-9-6' ><\/meta><meta itemprop='eventStatus' content='on-schedule' ><\/meta><script type=\"application\/ld+json\">{\t\"@context\": \"http:\/\/schema.org\",\n\t\t\t\t\t\t\t  \t\"@type\": \"Event\",\n\t\t\t\t\t\t\t  \t\"name\": \"Sardanes al Passeig de Mar\",\n\t\t\t\t\t\t\t  \t\"startDate\": \"2026-9-6T19-19-30-00\",\n\t\t\t\t\t\t\t  \t\"endDate\": \"2026-9-6T23-23-50-00\",\n\t\t\t\t\t\t\t  \t\"image\":\"https:\/\/www.blanescostabrava.cat\/wp-content\/uploads\/2018\/04\/Sardanes-26-300x170.jpg\",\n\t\t\t\t\t\t\t  \t\"description\":\"DIA: 6, 11, 13, 20 i 27 de setembre\r\nHORA: 19.30 h (l'11\/9 a les 20.00 h i el 27\/9 a les 19.00 h)\r\nLLOC: Passeig de Mar - Banc dels M\u00fasics\r\nDESCRIPCI\u00d3:\",\n\t\t\t\t\t\t\t  \t\n\t\t\t\t\t\t\t }<\/script><\/div>\n\t\t\t\t<p class=\"desc_trig_outter\"><a data-gmap_status=\"null\" data-exlk=\"0\" style=\"border-color: #206177;padding-top: 215px;height: 310px;\" id=\"evc_1788723000242074\" class=\"desc_trig sin_val evcal_list_a\" data-ux_val=\"3\"  ><span class='event-img'><img src='https:\/\/www.blanescostabrava.cat\/wp-content\/uploads\/2018\/04\/Sardanes-26.jpg'><\/span><span class='evcal_cblock ' data-bgcolor='#206177' data-smon='septiembre' data-syr='2026'><span class='evo_start '><em class='date'>06<\/em><em class='month'>sep<\/em><em class='time'>7:30 pm<\/em><\/span><em class='clear'><\/em><\/span><span class='evcal_desc evo_info hide_eventtopdata '  data-location_status=\"false\" ><span class='evo_above_title'><\/span><span class='evcal_desc2 evcal_event_title' itemprop='name'>Sardanes al Passeig de Mar<\/span><span class='evo_below_title'><\/span><span class='evcal_desc_info' ><\/span><span class='evcal_desc3'><\/span><\/span><em class='clear'><\/em><\/p><\/a><div class='event_description evcal_eventcard ' style=\"display:none\"><div class='evo_metarow_directimg'><img src='https:\/\/www.blanescostabrava.cat\/wp-content\/uploads\/2018\/04\/Sardanes-26.jpg' \/><\/div><div class='evo_metarow_details evorow evcal_evdata_row bordb evcal_event_details'>\n\t\t\t\t\t\t\t<div class=\"event_excerpt\" style=\"display:none\"><h3 class=\"padb5 evo_h3\">Descripci\u00f3n<\/h3><p>DIA: 6, 11, 13, 20 i 27 de setembre\r\nHORA: 19.30 h (l'11\/9 a les 20.00 h i el 27\/9 a les 19.00 h)\r\nLLOC: Passeig de Mar - Banc dels M\u00fasics\r\nDESCRIPCI\u00d3:<\/p><\/div><span class='evcal_evdata_icons'><i class='fa fa-align-justify'><\/i><\/span>\n\t\t\t\t\t\t\t\n\t\t\t\t\t\t\t<div class='evcal_evdata_cell '><div class='eventon_full_description'>\n\t\t\t\t\t\t\t\t\t<h3 class='padb5 evo_h3'><span class='evcal_evdata_icons'><i class='fa fa-align-justify'><\/i><\/span>Descripci\u00f3n<\/h3><div class='eventon_desc_in' itemprop='description'>\n\t\t\t\t\t\t\t\t\t<p>DIA: 6, 11, 13, 20 i 27 de setembre<br \/>\nHORA: 19.30 h (l&#8217;11\/9 a les 20.00 h i el 27\/9 a les 19.00 h)<br \/>\nLLOC: Passeig de Mar &#8211; Banc dels M\u00fasics<br \/>\nDESCRIPCI\u00d3: Ballada de sardanes populars.<\/p>\n<\/div><div class='clear'><\/div>\n\t\t\t\t\t\t\t\t<\/div>\n\t\t\t\t\t\t\t<\/div>\n\t\t\t\t\t\t<\/div><div class='evo_metarow_time_location evorow bordb '>\n\t\t\t\t\t\t<div class='tb' >\n\t\t\t\t\t\t\t<div class='tbrow'>\n\t\t\t\t\t\t\t<div class='evcal_col50 bordr'>\n\t\t\t\t\t\t\t\t<div class='evcal_evdata_row evo_time'>\n\t\t\t\t\t\t\t\t\t<span class='evcal_evdata_icons'><i class='fa fa-clock-o'><\/i><\/span>\n\t\t\t\t\t\t\t\t\t<div class='evcal_evdata_cell'>\t\t\t\t\t\t\t\n\t\t\t\t\t\t\t\t\t\t<h3 class='evo_h3'><span class='evcal_evdata_icons'><i class='fa fa-clock-o'><\/i><\/span>Fecha<\/h3>\n\t\t\t\t\t\t\t\t\t\t<p>(Sunday) 7:30 pm<\/p>\n\t\t\t\t\t\t\t\t\t<\/div>\n\t\t\t\t\t\t\t\t<\/div>\n\t\t\t\t\t\t\t<\/div><div class='evcal_col50'>\n\t\t\t\t\t\t\t\t<div class='evcal_evdata_row evo_location'>\n\t\t\t\t\t\t\t\t\t<span class='evcal_evdata_icons'><i class='fa fa-map-marker'><\/i><\/span>\n\t\t\t\t\t\t\t\t\t<div class='evcal_evdata_cell' data-loc_tax_id='5567'>\t\t\t\t\t\t\t\n\t\t\t\t\t\t\t\t\t\t<h3 class='evo_h3'><span class='evcal_evdata_icons'><i class='fa fa-map-marker'><\/i><\/span>Location<\/h3><p class='evo_location_name'>Banc dels m\u00fasics\/Passeig de Mar<\/p><p class='evo_location_address'><\/p>\n\t\t\t\t\t\t\t\t\t<\/div>\n\t\t\t\t\t\t\t\t<\/div>\n\t\t\t\t\t\t\t<\/div><div class='clear'><\/div>\n\t\t\t\t\t\t\t<\/div><\/div>\n\t\t\t\t\t\t<\/div>\t\t\t\t\t\t<div class='evo_metarow_ICS evorow bordb evcal_evdata_row'>\n\t\t\t\t\t\t\t<span class=\"evcal_evdata_icons\"><i class=\"fa fa-calendar\"><\/i><\/span>\n\t\t\t\t\t\t\t<div class='evcal_evdata_cell'>\n\t\t\t\t\t\t\t\t<p><a href='https:\/\/www.blanescostabrava.cat\/wp-admin\/admin-ajax.php?action=eventon_ics_download&amp;event_id=242074&amp;sunix=20260906T173000Z&amp;eunix=20260906T215000Z&amp;loca=&amp;locn=Banc dels m\u00fasics\/Passeig de Mar' class='evo_ics_nCal' title='Add to your calendar'>Calendar<\/a><a href='\/\/www.google.com\/calendar\/event?action=TEMPLATE&amp;text=Sardanes+al+Passeig+de+Mar&amp;dates=20260906T173000Z\/20260906T215000Z&amp;details=DIA%3A+6%2C+11%2C+13%2C+20+i+27+de+setembre%0D%0AHORA%3A+19.30+h+%28l%2711%2F9+a+les+20.00+h+i+el+27%2F9+a+les+19.00+h%29%0D%0ALLOC%3A+Passeig+de+Mar+-+Banc+dels+M%C3%BAsics%0D%0ADESCRIPCI%C3%93%3A&amp;location=Banc+dels+m%C3%BAsics%2FPasseig+de+Mar - ' target='_blank' class='evo_ics_gCal' title='Add to google calendar'>GoogleCal<\/a><\/p>\t\n\t\t\t\t\t\t\t<\/div>\t\t\t\t\t\t<\/div>\n\t\t\t\t\t\t<\/div><div class='clear end'><\/div><\/div><div id=\"event_242086\" class=\"eventon_list_event evo_eventtop  event hasbgimg\" data-event_id=\"242086\" data-time=\"1788739201-1788825599\" data-colr=\"#206177\" itemscope itemtype='http:\/\/schema.org\/Event' 21><div class=\"evo_boxtop\" style=\"background-image: url(https:\/\/www.blanescostabrava.cat\/wp-content\/uploads\/2018\/03\/VELA-1.jpeg); background-color:#206177;height:200px;\"><\/div><div class=\"evo_event_schema\" style=\"display:none\" ><a itemprop='url'  href='https:\/\/www.blanescostabrava.cat\/events\/campionat-del-mon-raceboard-2026\/'><\/a><span itemprop='name'  >Campionat del M\u00f3n Raceboard 2026<\/span><meta itemprop='image' content='https:\/\/www.blanescostabrava.cat\/wp-content\/uploads\/2018\/03\/VELA-1.jpeg' ><\/meta><meta itemprop='description' content='DIA: Del 7 al 12 de setembre\r\nLLOC: Club Vela Blanes\r\nDESCRIPCI\u00d3: Campionat del m\u00f3n de Raceboard.' ><\/meta><meta itemprop='startDate' content='2026-9-7' ><\/meta><meta itemprop='endDate' content='2026-9-7' ><\/meta><meta itemprop='eventStatus' content='on-schedule' ><\/meta><script type=\"application\/ld+json\">{\t\"@context\": \"http:\/\/schema.org\",\n\t\t\t\t\t\t\t  \t\"@type\": \"Event\",\n\t\t\t\t\t\t\t  \t\"name\": \"Campionat del M\u00f3n Raceboard 2026\",\n\t\t\t\t\t\t\t  \t\"startDate\": \"2026-9-7T00-00-00-00\",\n\t\t\t\t\t\t\t  \t\"endDate\": \"2026-9-7T23-23-59-00\",\n\t\t\t\t\t\t\t  \t\"image\":\"https:\/\/www.blanescostabrava.cat\/wp-content\/uploads\/2018\/03\/VELA-1-300x200.jpeg\",\n\t\t\t\t\t\t\t  \t\"description\":\"DIA: Del 7 al 12 de setembre\r\nLLOC: Club Vela Blanes\r\nDESCRIPCI\u00d3: Campionat del m\u00f3n de Raceboard.\",\n\t\t\t\t\t\t\t  \t\n\t\t\t\t\t\t\t }<\/script><\/div>\n\t\t\t\t<p class=\"desc_trig_outter\"><a data-gmap_status=\"null\" data-exlk=\"0\" style=\"border-color: #206177;padding-top: 215px;height: 310px;\" id=\"evc_1788739201242086\" class=\"desc_trig sin_val evcal_list_a\" data-ux_val=\"3\"  ><span class='event-img'><img src='https:\/\/www.blanescostabrava.cat\/wp-content\/uploads\/2018\/03\/VELA-1.jpeg'><\/span><span class='evcal_cblock ' data-bgcolor='#206177' data-smon='septiembre' data-syr='2026'><span class='evo_start '><em class='date'>07<\/em><em class='month'>sep<\/em><em class='time'>allday<\/em><\/span><em class='clear'><\/em><\/span><span class='evcal_desc evo_info hide_eventtopdata '  data-location_status=\"false\" ><span class='evo_above_title'><\/span><span class='evcal_desc2 evcal_event_title' itemprop='name'>Campionat del M\u00f3n Raceboard 2026<\/span><span class='evo_below_title'><\/span><span class='evcal_desc_info' ><\/span><span class='evcal_desc3'><\/span><\/span><em class='clear'><\/em><\/p><\/a><div class='event_description evcal_eventcard ' style=\"display:none\"><div class='evo_metarow_directimg'><img src='https:\/\/www.blanescostabrava.cat\/wp-content\/uploads\/2018\/03\/VELA-1.jpeg' \/><\/div><div class='evo_metarow_details evorow evcal_evdata_row bordb evcal_event_details'>\n\t\t\t\t\t\t\t<div class=\"event_excerpt\" style=\"display:none\"><h3 class=\"padb5 evo_h3\">Descripci\u00f3n<\/h3><p>DIA: Del 7 al 12 de setembre\r\nLLOC: Club Vela Blanes\r\nDESCRIPCI\u00d3: Campionat del m\u00f3n de Raceboard.<\/p><\/div><span class='evcal_evdata_icons'><i class='fa fa-align-justify'><\/i><\/span>\n\t\t\t\t\t\t\t\n\t\t\t\t\t\t\t<div class='evcal_evdata_cell '><div class='eventon_full_description'>\n\t\t\t\t\t\t\t\t\t<h3 class='padb5 evo_h3'><span class='evcal_evdata_icons'><i class='fa fa-align-justify'><\/i><\/span>Descripci\u00f3n<\/h3><div class='eventon_desc_in' itemprop='description'>\n\t\t\t\t\t\t\t\t\t<p>DIA: Del 7 al 12 de setembre<br \/>\nLLOC: Club Vela Blanes<br \/>\nDESCRIPCI\u00d3: Campionat del m\u00f3n de Raceboard.<\/p>\n<\/div><div class='clear'><\/div>\n\t\t\t\t\t\t\t\t<\/div>\n\t\t\t\t\t\t\t<\/div>\n\t\t\t\t\t\t<\/div><div class='evo_metarow_time_location evorow bordb '>\n\t\t\t\t\t\t<div class='tb' >\n\t\t\t\t\t\t\t<div class='tbrow'>\n\t\t\t\t\t\t\t<div class='evcal_col50 bordr'>\n\t\t\t\t\t\t\t\t<div class='evcal_evdata_row evo_time'>\n\t\t\t\t\t\t\t\t\t<span class='evcal_evdata_icons'><i class='fa fa-clock-o'><\/i><\/span>\n\t\t\t\t\t\t\t\t\t<div class='evcal_evdata_cell'>\t\t\t\t\t\t\t\n\t\t\t\t\t\t\t\t\t\t<h3 class='evo_h3'><span class='evcal_evdata_icons'><i class='fa fa-clock-o'><\/i><\/span>Fecha<\/h3>\n\t\t\t\t\t\t\t\t\t\t<p>All Day (Monday)<\/p>\n\t\t\t\t\t\t\t\t\t<\/div>\n\t\t\t\t\t\t\t\t<\/div>\n\t\t\t\t\t\t\t<\/div><div class='evcal_col50'>\n\t\t\t\t\t\t\t\t<div class='evcal_evdata_row evo_location'>\n\t\t\t\t\t\t\t\t\t<span class='evcal_evdata_icons'><i class='fa fa-map-marker'><\/i><\/span>\n\t\t\t\t\t\t\t\t\t<div class='evcal_evdata_cell' data-loc_tax_id='6493'>\t\t\t\t\t\t\t\n\t\t\t\t\t\t\t\t\t\t<h3 class='evo_h3'><span class='evcal_evdata_icons'><i class='fa fa-map-marker'><\/i><\/span>Location<\/h3><p class='evo_location_name'>club de vela Blanes<\/p><p class='evo_location_address'><\/p>\n\t\t\t\t\t\t\t\t\t<\/div>\n\t\t\t\t\t\t\t\t<\/div>\n\t\t\t\t\t\t\t<\/div><div class='clear'><\/div>\n\t\t\t\t\t\t\t<\/div><\/div>\n\t\t\t\t\t\t<\/div>\t\t\t\t\t\t<div class='evo_metarow_ICS evorow bordb evcal_evdata_row'>\n\t\t\t\t\t\t\t<span class=\"evcal_evdata_icons\"><i class=\"fa fa-calendar\"><\/i><\/span>\n\t\t\t\t\t\t\t<div class='evcal_evdata_cell'>\n\t\t\t\t\t\t\t\t<p><a href='https:\/\/www.blanescostabrava.cat\/wp-admin\/admin-ajax.php?action=eventon_ics_download&amp;event_id=242086&amp;sunix=20260906T220000Z&amp;eunix=20260907T215900Z&amp;loca=&amp;locn=club de vela Blanes' class='evo_ics_nCal' title='Add to your calendar'>Calendar<\/a><a href='\/\/www.google.com\/calendar\/event?action=TEMPLATE&amp;text=Campionat+del+M%C3%B3n+Raceboard+2026&amp;dates=20260906T220000Z\/20260907T215900Z&amp;details=DIA%3A+Del+7+al+12+de+setembre%0D%0ALLOC%3A+Club+Vela+Blanes%0D%0ADESCRIPCI%C3%93%3A+Campionat+del+m%C3%B3n+de+Raceboard.&amp;location=club+de+vela+Blanes - ' target='_blank' class='evo_ics_gCal' title='Add to google calendar'>GoogleCal<\/a><\/p>\t\n\t\t\t\t\t\t\t<\/div>\t\t\t\t\t\t<\/div>\n\t\t\t\t\t\t<\/div><div class='clear end'><\/div><\/div><div id=\"event_242098\" class=\"eventon_list_event evo_eventtop  event hasbgimg\" data-event_id=\"242098\" data-time=\"1788894000-1788911400\" data-colr=\"#206177\" itemscope itemtype='http:\/\/schema.org\/Event' 22><div class=\"evo_boxtop\" style=\"background-image: url(https:\/\/www.blanescostabrava.cat\/wp-content\/uploads\/2023\/07\/biblioteca.jpeg); background-color:#206177;height:200px;\"><\/div><div class=\"evo_event_schema\" style=\"display:none\" ><a itemprop='url'  href='https:\/\/www.blanescostabrava.cat\/events\/100-anys-del-naixement-de-blai-bonet-i-rigo\/'><\/a><span itemprop='name'  >100 Anys del Naixement de Blai Bonet i Rigo<\/span><meta itemprop='image' content='https:\/\/www.blanescostabrava.cat\/wp-content\/uploads\/2023\/07\/biblioteca.jpeg' ><\/meta><meta itemprop='description' content='DIA: 8 de setembre\r\nHORA: 19.00 h\r\nLLOC: Biblioteca Roberto Bola\u00f1o\r\nDESCRIPCI\u00d3: Dijous de Lletres i Mots: \"El mar\"-Blai Bonet, en el marc del centenari del seu naixement.' ><\/meta><meta itemprop='startDate' content='2026-9-8' ><\/meta><meta itemprop='endDate' content='2026-9-8' ><\/meta><meta itemprop='eventStatus' content='on-schedule' ><\/meta><script type=\"application\/ld+json\">{\t\"@context\": \"http:\/\/schema.org\",\n\t\t\t\t\t\t\t  \t\"@type\": \"Event\",\n\t\t\t\t\t\t\t  \t\"name\": \"100 Anys del Naixement de Blai Bonet i Rigo\",\n\t\t\t\t\t\t\t  \t\"startDate\": \"2026-9-8T19-19-00-00\",\n\t\t\t\t\t\t\t  \t\"endDate\": \"2026-9-8T23-23-50-00\",\n\t\t\t\t\t\t\t  \t\"image\":\"https:\/\/www.blanescostabrava.cat\/wp-content\/uploads\/2023\/07\/biblioteca-300x200.jpeg\",\n\t\t\t\t\t\t\t  \t\"description\":\"DIA: 8 de setembre\r\nHORA: 19.00 h\r\nLLOC: Biblioteca Roberto Bola\u00f1o\r\nDESCRIPCI\u00d3: Dijous de Lletres i Mots: El mar-Blai Bonet, en el marc del centenari del seu naixement.\",\n\t\t\t\t\t\t\t  \t\n\t\t\t\t\t\t\t }<\/script><\/div>\n\t\t\t\t<p class=\"desc_trig_outter\"><a data-gmap_status=\"null\" data-exlk=\"0\" style=\"border-color: #206177;padding-top: 215px;height: 310px;\" id=\"evc_1788894000242098\" class=\"desc_trig sin_val evcal_list_a\" data-ux_val=\"3\"  ><span class='event-img'><img src='https:\/\/www.blanescostabrava.cat\/wp-content\/uploads\/2023\/07\/biblioteca.jpeg'><\/span><span class='evcal_cblock ' data-bgcolor='#206177' data-smon='septiembre' data-syr='2026'><span class='evo_start '><em class='date'>08<\/em><em class='month'>sep<\/em><em class='time'>7:00 pm<\/em><\/span><em class='clear'><\/em><\/span><span class='evcal_desc evo_info hide_eventtopdata '  data-location_status=\"false\" ><span class='evo_above_title'><\/span><span class='evcal_desc2 evcal_event_title' itemprop='name'>100 Anys del Naixement de Blai Bonet i Rigo<\/span><span class='evo_below_title'><\/span><span class='evcal_desc_info' ><\/span><span class='evcal_desc3'><\/span><\/span><em class='clear'><\/em><\/p><\/a><div class='event_description evcal_eventcard ' style=\"display:none\"><div class='evo_metarow_directimg'><img src='https:\/\/www.blanescostabrava.cat\/wp-content\/uploads\/2023\/07\/biblioteca.jpeg' \/><\/div><div class='evo_metarow_details evorow evcal_evdata_row bordb evcal_event_details'>\n\t\t\t\t\t\t\t<div class=\"event_excerpt\" style=\"display:none\"><h3 class=\"padb5 evo_h3\">Descripci\u00f3n<\/h3><p>DIA: 8 de setembre\r\nHORA: 19.00 h\r\nLLOC: Biblioteca Roberto Bola\u00f1o\r\nDESCRIPCI\u00d3: Dijous de Lletres i Mots: \"El mar\"-Blai Bonet, en el marc del centenari del seu naixement.<\/p><\/div><span class='evcal_evdata_icons'><i class='fa fa-align-justify'><\/i><\/span>\n\t\t\t\t\t\t\t\n\t\t\t\t\t\t\t<div class='evcal_evdata_cell '><div class='eventon_full_description'>\n\t\t\t\t\t\t\t\t\t<h3 class='padb5 evo_h3'><span class='evcal_evdata_icons'><i class='fa fa-align-justify'><\/i><\/span>Descripci\u00f3n<\/h3><div class='eventon_desc_in' itemprop='description'>\n\t\t\t\t\t\t\t\t\t<p>DIA: 8 de setembre<br \/>\nHORA: 19.00 h<br \/>\nLLOC: Biblioteca Roberto Bola\u00f1o<br \/>\nDESCRIPCI\u00d3: Dijous de Lletres i Mots: \u00abEl mar\u00bb-Blai Bonet, en el marc del centenari del seu naixement.<\/p>\n<\/div><div class='clear'><\/div>\n\t\t\t\t\t\t\t\t<\/div>\n\t\t\t\t\t\t\t<\/div>\n\t\t\t\t\t\t<\/div><div class='evo_metarow_time_location evorow bordb '>\n\t\t\t\t\t\t<div class='tb' >\n\t\t\t\t\t\t\t<div class='tbrow'>\n\t\t\t\t\t\t\t<div class='evcal_col50 bordr'>\n\t\t\t\t\t\t\t\t<div class='evcal_evdata_row evo_time'>\n\t\t\t\t\t\t\t\t\t<span class='evcal_evdata_icons'><i class='fa fa-clock-o'><\/i><\/span>\n\t\t\t\t\t\t\t\t\t<div class='evcal_evdata_cell'>\t\t\t\t\t\t\t\n\t\t\t\t\t\t\t\t\t\t<h3 class='evo_h3'><span class='evcal_evdata_icons'><i class='fa fa-clock-o'><\/i><\/span>Fecha<\/h3>\n\t\t\t\t\t\t\t\t\t\t<p>(Tuesday) 7:00 pm<\/p>\n\t\t\t\t\t\t\t\t\t<\/div>\n\t\t\t\t\t\t\t\t<\/div>\n\t\t\t\t\t\t\t<\/div><div class='evcal_col50'>\n\t\t\t\t\t\t\t\t<div class='evcal_evdata_row evo_location'>\n\t\t\t\t\t\t\t\t\t<span class='evcal_evdata_icons'><i class='fa fa-map-marker'><\/i><\/span>\n\t\t\t\t\t\t\t\t\t<div class='evcal_evdata_cell' data-loc_tax_id='2396'>\t\t\t\t\t\t\t\n\t\t\t\t\t\t\t\t\t\t<h3 class='evo_h3'><span class='evcal_evdata_icons'><i class='fa fa-map-marker'><\/i><\/span>Location<\/h3><p class='evo_location_name'>Biblioteca Comarcal<\/p><p class='evo_location_address'><\/p>\n\t\t\t\t\t\t\t\t\t<\/div>\n\t\t\t\t\t\t\t\t<\/div>\n\t\t\t\t\t\t\t<\/div><div class='clear'><\/div>\n\t\t\t\t\t\t\t<\/div><\/div>\n\t\t\t\t\t\t<\/div>\t\t\t\t\t\t<div class='evo_metarow_ICS evorow bordb evcal_evdata_row'>\n\t\t\t\t\t\t\t<span class=\"evcal_evdata_icons\"><i class=\"fa fa-calendar\"><\/i><\/span>\n\t\t\t\t\t\t\t<div class='evcal_evdata_cell'>\n\t\t\t\t\t\t\t\t<p><a href='https:\/\/www.blanescostabrava.cat\/wp-admin\/admin-ajax.php?action=eventon_ics_download&amp;event_id=242098&amp;sunix=20260908T170000Z&amp;eunix=20260908T215000Z&amp;loca=&amp;locn=Biblioteca Comarcal' class='evo_ics_nCal' title='Add to your calendar'>Calendar<\/a><a href='\/\/www.google.com\/calendar\/event?action=TEMPLATE&amp;text=100+Anys+del+Naixement+de+Blai+Bonet+i+Rigo&amp;dates=20260908T170000Z\/20260908T215000Z&amp;details=DIA%3A+8+de+setembre%0D%0AHORA%3A+19.00+h%0D%0ALLOC%3A+Biblioteca+Roberto+Bola%C3%B1o%0D%0ADESCRIPCI%C3%93%3A+Dijous+de+Lletres+i+Mots%3A+%22El+mar%22-Blai+Bonet%2C+en+el+marc+del+centenari+del+seu+naixement.&amp;location=Biblioteca+Comarcal - ' target='_blank' class='evo_ics_gCal' title='Add to google calendar'>GoogleCal<\/a><\/p>\t\n\t\t\t\t\t\t\t<\/div>\t\t\t\t\t\t<\/div>\n\t\t\t\t\t\t<\/div><div class='clear end'><\/div><\/div><div id=\"event_241567\" class=\"eventon_list_event evo_eventtop  event hasbgimg\" data-event_id=\"241567\" data-time=\"1788998401-1789084799\" data-colr=\"#206177\" itemscope itemtype='http:\/\/schema.org\/Event' 23><div class=\"evo_boxtop\" style=\"background-image: url(https:\/\/www.blanescostabrava.cat\/wp-content\/uploads\/2026\/08\/Captura-de-pantalla-2026-08-05-a-les-13.27.46.png); background-color:#206177;height:200px;\"><\/div><div class=\"evo_event_schema\" style=\"display:none\" ><a itemprop='url'  href='https:\/\/www.blanescostabrava.cat\/es\/events\/visita-guiada-quan-els-americanos-van-portar-gaudi-a-blanes\/'><\/a><span itemprop='name'  >Visita guiada: \"Quan els Americanos van portar Gaud\u00ed a Blanes\"<\/span><meta itemprop='image' content='https:\/\/www.blanescostabrava.cat\/wp-content\/uploads\/2026\/08\/Captura-de-pantalla-2026-08-05-a-les-13.27.46.png' ><\/meta><meta itemprop='description' content='D\u00cdA: 10 de septiembre\r\nLa conferencia tendr\u00e1 lugar en el Primer Casino de Blanes, a las 18:00 h, a cargo de Aitor Roger, t\u00e9cnico del Archivo. Entrada libre.\r\nLas plazas' ><\/meta><meta itemprop='startDate' content='2026-9-10' ><\/meta><meta itemprop='endDate' content='2026-9-10' ><\/meta><meta itemprop='eventStatus' content='on-schedule' ><\/meta><script type=\"application\/ld+json\">{\t\"@context\": \"http:\/\/schema.org\",\n\t\t\t\t\t\t\t  \t\"@type\": \"Event\",\n\t\t\t\t\t\t\t  \t\"name\": \"Visita guiada: \"Quan els Americanos van portar Gaud\u00ed a Blanes\"\",\n\t\t\t\t\t\t\t  \t\"startDate\": \"2026-9-10T00-00-00-00\",\n\t\t\t\t\t\t\t  \t\"endDate\": \"2026-9-10T23-23-59-00\",\n\t\t\t\t\t\t\t  \t\"image\":\"https:\/\/www.blanescostabrava.cat\/wp-content\/uploads\/2026\/08\/Captura-de-pantalla-2026-08-05-a-les-13.27.46-210x300.png\",\n\t\t\t\t\t\t\t  \t\"description\":\"D\u00cdA: 10 de septiembre\r\nLa conferencia tendr\u00e1 lugar en el Primer Casino de Blanes, a las 18:00 h, a cargo de Aitor Roger, t\u00e9cnico del Archivo. Entrada libre.\r\nLas plazas\",\n\t\t\t\t\t\t\t  \t\n\t\t\t\t\t\t\t }<\/script><\/div>\n\t\t\t\t<p class=\"desc_trig_outter\"><a data-gmap_status=\"null\" data-exlk=\"0\" style=\"border-color: #206177;padding-top: 215px;height: 310px;\" id=\"evc_1788998401241567\" class=\"desc_trig sin_val evcal_list_a\" data-ux_val=\"3\"  ><span class='event-img'><img src='https:\/\/www.blanescostabrava.cat\/wp-content\/uploads\/2026\/08\/Captura-de-pantalla-2026-08-05-a-les-13.27.46.png'><\/span><span class='evcal_cblock ' data-bgcolor='#206177' data-smon='septiembre' data-syr='2026'><span class='evo_start '><em class='date'>10<\/em><em class='month'>sep<\/em><em class='time'>allday<\/em><\/span><em class='clear'><\/em><\/span><span class='evcal_desc evo_info hide_eventtopdata '  data-location_status=\"false\" ><span class='evo_above_title'><\/span><span class='evcal_desc2 evcal_event_title' itemprop='name'>Visita guiada: \"Quan els Americanos van portar Gaud\u00ed a Blanes\"<\/span><span class='evo_below_title'><\/span><span class='evcal_desc_info' ><\/span><span class='evcal_desc3'><\/span><\/span><em class='clear'><\/em><\/p><\/a><div class='event_description evcal_eventcard ' style=\"display:none\"><div class='evo_metarow_directimg'><img src='https:\/\/www.blanescostabrava.cat\/wp-content\/uploads\/2026\/08\/Captura-de-pantalla-2026-08-05-a-les-13.27.46.png' \/><\/div><div class='evo_metarow_details evorow evcal_evdata_row bordb evcal_event_details'>\n\t\t\t\t\t\t\t<div class=\"event_excerpt\" style=\"display:none\"><h3 class=\"padb5 evo_h3\">Descripci\u00f3n<\/h3><p>D\u00cdA: 10 de septiembre\r\nLa conferencia tendr\u00e1 lugar en el Primer Casino de Blanes, a las 18:00 h, a cargo de Aitor Roger, t\u00e9cnico del Archivo. Entrada libre.\r\nLas plazas<\/p><\/div><span class='evcal_evdata_icons'><i class='fa fa-align-justify'><\/i><\/span>\n\t\t\t\t\t\t\t\n\t\t\t\t\t\t\t<div class='evcal_evdata_cell '><div class='eventon_full_description'>\n\t\t\t\t\t\t\t\t\t<h3 class='padb5 evo_h3'><span class='evcal_evdata_icons'><i class='fa fa-align-justify'><\/i><\/span>Descripci\u00f3n<\/h3><div class='eventon_desc_in' itemprop='description'>\n\t\t\t\t\t\t\t\t\t<p class=\"isSelectedEnd\"><strong>D\u00cdA:<\/strong> 10 de septiembre<\/p>\n<p class=\"isSelectedEnd\">La conferencia tendr\u00e1 lugar en el Primer Casino de Blanes, a las 18:00 h, a cargo de Aitor Roger, t\u00e9cnico del Archivo. Entrada libre.<\/p>\n<p>Las plazas son limitadas y es necesario reservar previamente llamando al 972 355 268 (Archivo Municipal de Blanes).<\/p>\n<p><img class=\"alignnone size-full wp-image-241564\" src=\"https:\/\/www.blanescostabrava.cat\/wp-content\/uploads\/2026\/08\/Captura-de-pantalla-2026-08-05-a-les-13.27.46.png\" alt=\"\" width=\"482\" height=\"689\" srcset=\"https:\/\/www.blanescostabrava.cat\/wp-content\/uploads\/2026\/08\/Captura-de-pantalla-2026-08-05-a-les-13.27.46.png 482w, https:\/\/www.blanescostabrava.cat\/wp-content\/uploads\/2026\/08\/Captura-de-pantalla-2026-08-05-a-les-13.27.46-210x300.png 210w, https:\/\/www.blanescostabrava.cat\/wp-content\/uploads\/2026\/08\/Captura-de-pantalla-2026-08-05-a-les-13.27.46-105x150.png 105w, https:\/\/www.blanescostabrava.cat\/wp-content\/uploads\/2026\/08\/Captura-de-pantalla-2026-08-05-a-les-13.27.46-17x24.png 17w, https:\/\/www.blanescostabrava.cat\/wp-content\/uploads\/2026\/08\/Captura-de-pantalla-2026-08-05-a-les-13.27.46-25x36.png 25w, https:\/\/www.blanescostabrava.cat\/wp-content\/uploads\/2026\/08\/Captura-de-pantalla-2026-08-05-a-les-13.27.46-34x48.png 34w\" sizes=\"(max-width: 482px) 100vw, 482px\" \/><\/p>\n<\/div><div class='clear'><\/div>\n\t\t\t\t\t\t\t\t<\/div>\n\t\t\t\t\t\t\t<\/div>\n\t\t\t\t\t\t<\/div><div class='evo_metarow_time_location evorow bordb '>\n\t\t\t\t\t\t<div class='tb' >\n\t\t\t\t\t\t\t<div class='tbrow'>\n\t\t\t\t\t\t\t<div class='evcal_col50 bordr'>\n\t\t\t\t\t\t\t\t<div class='evcal_evdata_row evo_time'>\n\t\t\t\t\t\t\t\t\t<span class='evcal_evdata_icons'><i class='fa fa-clock-o'><\/i><\/span>\n\t\t\t\t\t\t\t\t\t<div class='evcal_evdata_cell'>\t\t\t\t\t\t\t\n\t\t\t\t\t\t\t\t\t\t<h3 class='evo_h3'><span class='evcal_evdata_icons'><i class='fa fa-clock-o'><\/i><\/span>Fecha<\/h3>\n\t\t\t\t\t\t\t\t\t\t<p>All Day (Thursday)<\/p>\n\t\t\t\t\t\t\t\t\t<\/div>\n\t\t\t\t\t\t\t\t<\/div>\n\t\t\t\t\t\t\t<\/div><div class='evcal_col50'>\n\t\t\t\t\t\t\t\t<div class='evcal_evdata_row evo_location'>\n\t\t\t\t\t\t\t\t\t<span class='evcal_evdata_icons'><i class='fa fa-map-marker'><\/i><\/span>\n\t\t\t\t\t\t\t\t\t<div class='evcal_evdata_cell' data-loc_tax_id='5998'>\t\t\t\t\t\t\t\n\t\t\t\t\t\t\t\t\t\t<h3 class='evo_h3'><span class='evcal_evdata_icons'><i class='fa fa-map-marker'><\/i><\/span>Location<\/h3><p class='evo_location_name'>Primer Casino de Blanes<\/p><p class='evo_location_address'><\/p>\n\t\t\t\t\t\t\t\t\t<\/div>\n\t\t\t\t\t\t\t\t<\/div>\n\t\t\t\t\t\t\t<\/div><div class='clear'><\/div>\n\t\t\t\t\t\t\t<\/div><\/div>\n\t\t\t\t\t\t<\/div>\t\t\t\t\t\t<div class='evo_metarow_ICS evorow bordb evcal_evdata_row'>\n\t\t\t\t\t\t\t<span class=\"evcal_evdata_icons\"><i class=\"fa fa-calendar\"><\/i><\/span>\n\t\t\t\t\t\t\t<div class='evcal_evdata_cell'>\n\t\t\t\t\t\t\t\t<p><a href='https:\/\/www.blanescostabrava.cat\/wp-admin\/admin-ajax.php?action=eventon_ics_download&amp;event_id=241567&amp;sunix=20260909T220000Z&amp;eunix=20260910T215900Z&amp;loca=&amp;locn=Primer Casino de Blanes' class='evo_ics_nCal' title='Add to your calendar'>Calendar<\/a><a href='\/\/www.google.com\/calendar\/event?action=TEMPLATE&amp;text=Visita+guiada%3A+%22Quan+els+Americanos+van+portar+Gaud%C3%AD+a+Blanes%22&amp;dates=20260909T220000Z\/20260910T215900Z&amp;details=D%C3%8DA%3A+10+de+septiembre%0D%0ALa+conferencia+tendr%C3%A1+lugar+en+el+Primer+Casino+de+Blanes%2C+a+las+18%3A00+h%2C+a+cargo+de+Aitor+Roger%2C+t%C3%A9cnico+del+Archivo.+Entrada+libre.%0D%0ALas+plazas&amp;location=Primer+Casino+de+Blanes - ' target='_blank' class='evo_ics_gCal' title='Add to google calendar'>GoogleCal<\/a><\/p>\t\n\t\t\t\t\t\t\t<\/div>\t\t\t\t\t\t<\/div>\n\t\t\t\t\t\t<\/div><div class='clear end'><\/div><\/div><div id=\"event_242110\" class=\"eventon_list_event evo_eventtop  event hasbgimg\" data-event_id=\"242110\" data-time=\"1788998401-1789084799\" data-colr=\"#206177\" itemscope itemtype='http:\/\/schema.org\/Event' 24><div class=\"evo_boxtop\" style=\"background-image: url(https:\/\/www.blanescostabrava.cat\/wp-content\/uploads\/2019\/03\/unnamed-1.jpg); background-color:#206177;height:200px;\"><\/div><div class=\"evo_event_schema\" style=\"display:none\" ><a itemprop='url'  href='https:\/\/www.blanescostabrava.cat\/events\/gran-prix-vila-de-blanes-windsurfer-2026\/'><\/a><span itemprop='name'  >Gran Prix \"Vila de Blanes\" - Windsurfer 2026<\/span><meta itemprop='image' content='https:\/\/www.blanescostabrava.cat\/wp-content\/uploads\/2019\/03\/unnamed-1.jpg' ><\/meta><meta itemprop='description' content='DIA: Del 10 al 12 de setembre\r\nLLOC: Club Vela Blanes\r\nDESCRIPCI\u00d3: Gran Prix de windsurf \"Vila de Blanes\".' ><\/meta><meta itemprop='startDate' content='2026-9-10' ><\/meta><meta itemprop='endDate' content='2026-9-10' ><\/meta><meta itemprop='eventStatus' content='on-schedule' ><\/meta><script type=\"application\/ld+json\">{\t\"@context\": \"http:\/\/schema.org\",\n\t\t\t\t\t\t\t  \t\"@type\": \"Event\",\n\t\t\t\t\t\t\t  \t\"name\": \"Gran Prix \"Vila de Blanes\" - Windsurfer 2026\",\n\t\t\t\t\t\t\t  \t\"startDate\": \"2026-9-10T00-00-00-00\",\n\t\t\t\t\t\t\t  \t\"endDate\": \"2026-9-10T23-23-59-00\",\n\t\t\t\t\t\t\t  \t\"image\":\"https:\/\/www.blanescostabrava.cat\/wp-content\/uploads\/2019\/03\/unnamed-1-300x199.jpg\",\n\t\t\t\t\t\t\t  \t\"description\":\"DIA: Del 10 al 12 de setembre\r\nLLOC: Club Vela Blanes\r\nDESCRIPCI\u00d3: Gran Prix de windsurf Vila de Blanes.\",\n\t\t\t\t\t\t\t  \t\n\t\t\t\t\t\t\t }<\/script><\/div>\n\t\t\t\t<p class=\"desc_trig_outter\"><a data-gmap_status=\"null\" data-exlk=\"0\" style=\"border-color: #206177;padding-top: 215px;height: 310px;\" id=\"evc_1788998401242110\" class=\"desc_trig sin_val evcal_list_a\" data-ux_val=\"3\"  ><span class='event-img'><img src='https:\/\/www.blanescostabrava.cat\/wp-content\/uploads\/2019\/03\/unnamed-1.jpg'><\/span><span class='evcal_cblock ' data-bgcolor='#206177' data-smon='septiembre' data-syr='2026'><span class='evo_start '><em class='date'>10<\/em><em class='month'>sep<\/em><em class='time'>allday<\/em><\/span><em class='clear'><\/em><\/span><span class='evcal_desc evo_info hide_eventtopdata '  data-location_status=\"false\" ><span class='evo_above_title'><\/span><span class='evcal_desc2 evcal_event_title' itemprop='name'>Gran Prix \"Vila de Blanes\" - Windsurfer 2026<\/span><span class='evo_below_title'><\/span><span class='evcal_desc_info' ><\/span><span class='evcal_desc3'><\/span><\/span><em class='clear'><\/em><\/p><\/a><div class='event_description evcal_eventcard ' style=\"display:none\"><div class='evo_metarow_directimg'><img src='https:\/\/www.blanescostabrava.cat\/wp-content\/uploads\/2019\/03\/unnamed-1.jpg' alt=\"windsurf blanes\"\/><\/div><div class='evo_metarow_details evorow evcal_evdata_row bordb evcal_event_details'>\n\t\t\t\t\t\t\t<div class=\"event_excerpt\" style=\"display:none\"><h3 class=\"padb5 evo_h3\">Descripci\u00f3n<\/h3><p>DIA: Del 10 al 12 de setembre\r\nLLOC: Club Vela Blanes\r\nDESCRIPCI\u00d3: Gran Prix de windsurf \"Vila de Blanes\".<\/p><\/div><span class='evcal_evdata_icons'><i class='fa fa-align-justify'><\/i><\/span>\n\t\t\t\t\t\t\t\n\t\t\t\t\t\t\t<div class='evcal_evdata_cell '><div class='eventon_full_description'>\n\t\t\t\t\t\t\t\t\t<h3 class='padb5 evo_h3'><span class='evcal_evdata_icons'><i class='fa fa-align-justify'><\/i><\/span>Descripci\u00f3n<\/h3><div class='eventon_desc_in' itemprop='description'>\n\t\t\t\t\t\t\t\t\t<p>DIA: Del 10 al 12 de setembre<br \/>\nLLOC: Club Vela Blanes<br \/>\nDESCRIPCI\u00d3: Gran Prix de windsurf \u00abVila de Blanes\u00bb.<\/p>\n<\/div><div class='clear'><\/div>\n\t\t\t\t\t\t\t\t<\/div>\n\t\t\t\t\t\t\t<\/div>\n\t\t\t\t\t\t<\/div><div class='evo_metarow_time_location evorow bordb '>\n\t\t\t\t\t\t<div class='tb' >\n\t\t\t\t\t\t\t<div class='tbrow'>\n\t\t\t\t\t\t\t<div class='evcal_col50 bordr'>\n\t\t\t\t\t\t\t\t<div class='evcal_evdata_row evo_time'>\n\t\t\t\t\t\t\t\t\t<span class='evcal_evdata_icons'><i class='fa fa-clock-o'><\/i><\/span>\n\t\t\t\t\t\t\t\t\t<div class='evcal_evdata_cell'>\t\t\t\t\t\t\t\n\t\t\t\t\t\t\t\t\t\t<h3 class='evo_h3'><span class='evcal_evdata_icons'><i class='fa fa-clock-o'><\/i><\/span>Fecha<\/h3>\n\t\t\t\t\t\t\t\t\t\t<p>All Day (Thursday)<\/p>\n\t\t\t\t\t\t\t\t\t<\/div>\n\t\t\t\t\t\t\t\t<\/div>\n\t\t\t\t\t\t\t<\/div><div class='evcal_col50'>\n\t\t\t\t\t\t\t\t<div class='evcal_evdata_row evo_location'>\n\t\t\t\t\t\t\t\t\t<span class='evcal_evdata_icons'><i class='fa fa-map-marker'><\/i><\/span>\n\t\t\t\t\t\t\t\t\t<div class='evcal_evdata_cell' data-loc_tax_id='6493'>\t\t\t\t\t\t\t\n\t\t\t\t\t\t\t\t\t\t<h3 class='evo_h3'><span class='evcal_evdata_icons'><i class='fa fa-map-marker'><\/i><\/span>Location<\/h3><p class='evo_location_name'>club de vela Blanes<\/p><p class='evo_location_address'><\/p>\n\t\t\t\t\t\t\t\t\t<\/div>\n\t\t\t\t\t\t\t\t<\/div>\n\t\t\t\t\t\t\t<\/div><div class='clear'><\/div>\n\t\t\t\t\t\t\t<\/div><\/div>\n\t\t\t\t\t\t<\/div>\t\t\t\t\t\t<div class='evo_metarow_ICS evorow bordb evcal_evdata_row'>\n\t\t\t\t\t\t\t<span class=\"evcal_evdata_icons\"><i class=\"fa fa-calendar\"><\/i><\/span>\n\t\t\t\t\t\t\t<div class='evcal_evdata_cell'>\n\t\t\t\t\t\t\t\t<p><a href='https:\/\/www.blanescostabrava.cat\/wp-admin\/admin-ajax.php?action=eventon_ics_download&amp;event_id=242110&amp;sunix=20260909T220000Z&amp;eunix=20260910T215900Z&amp;loca=&amp;locn=club de vela Blanes' class='evo_ics_nCal' title='Add to your calendar'>Calendar<\/a><a href='\/\/www.google.com\/calendar\/event?action=TEMPLATE&amp;text=Gran+Prix+%22Vila+de+Blanes%22+-+Windsurfer+2026&amp;dates=20260909T220000Z\/20260910T215900Z&amp;details=DIA%3A+Del+10+al+12+de+setembre%0D%0ALLOC%3A+Club+Vela+Blanes%0D%0ADESCRIPCI%C3%93%3A+Gran+Prix+de+windsurf+%22Vila+de+Blanes%22.&amp;location=club+de+vela+Blanes - ' target='_blank' class='evo_ics_gCal' title='Add to google calendar'>GoogleCal<\/a><\/p>\t\n\t\t\t\t\t\t\t<\/div>\t\t\t\t\t\t<\/div>\n\t\t\t\t\t\t<\/div><div class='clear end'><\/div><\/div><div id=\"event_242122\" class=\"eventon_list_event evo_eventtop  event hasbgimg\" data-event_id=\"242122\" data-time=\"1789034400-1789084200\" data-colr=\"#206177\" itemscope itemtype='http:\/\/schema.org\/Event' 25><div class=\"evo_boxtop\" style=\"background-image: url(https:\/\/www.blanescostabrava.cat\/wp-content\/uploads\/2026\/08\/Facana.jpg); background-color:#206177;height:200px;\"><\/div><div class=\"evo_event_schema\" style=\"display:none\" ><a itemprop='url'  href='https:\/\/www.blanescostabrava.cat\/events\/visita-guiada-relacio-de-gaudi-amb-blanes\/'><\/a><span itemprop='name'  >Visita Guiada: \"Relaci\u00f3 de Gaud\u00ed amb Blanes\"<\/span><meta itemprop='image' content='https:\/\/www.blanescostabrava.cat\/wp-content\/uploads\/2026\/08\/Facana.jpg' ><\/meta><meta itemprop='description' content='DIA: 10 de setembre\r\nHORA: 10.00 h i 12.00 h\r\nLLOC: Arxiu Municipal\r\nDESCRIPCI\u00d3: Visita guiada sobre la relaci\u00f3 de Gaud\u00ed amb Blanes. Places limitades, cal reserva pr\u00e8via al 972 35 52 68.' ><\/meta><meta itemprop='startDate' content='2026-9-10' ><\/meta><meta itemprop='endDate' content='2026-9-10' ><\/meta><meta itemprop='eventStatus' content='on-schedule' ><\/meta><script type=\"application\/ld+json\">{\t\"@context\": \"http:\/\/schema.org\",\n\t\t\t\t\t\t\t  \t\"@type\": \"Event\",\n\t\t\t\t\t\t\t  \t\"name\": \"Visita Guiada: \"Relaci\u00f3 de Gaud\u00ed amb Blanes\"\",\n\t\t\t\t\t\t\t  \t\"startDate\": \"2026-9-10T10-10-00-00\",\n\t\t\t\t\t\t\t  \t\"endDate\": \"2026-9-10T23-23-50-00\",\n\t\t\t\t\t\t\t  \t\"image\":\"https:\/\/www.blanescostabrava.cat\/wp-content\/uploads\/2026\/08\/Facana-300x202.jpg\",\n\t\t\t\t\t\t\t  \t\"description\":\"DIA: 10 de setembre\r\nHORA: 10.00 h i 12.00 h\r\nLLOC: Arxiu Municipal\r\nDESCRIPCI\u00d3: Visita guiada sobre la relaci\u00f3 de Gaud\u00ed amb Blanes. Places limitades, cal reserva pr\u00e8via al 972 35 52 68.\",\n\t\t\t\t\t\t\t  \t\n\t\t\t\t\t\t\t }<\/script><\/div>\n\t\t\t\t<p class=\"desc_trig_outter\"><a data-gmap_status=\"null\" data-exlk=\"0\" style=\"border-color: #206177;padding-top: 215px;height: 310px;\" id=\"evc_1789034400242122\" class=\"desc_trig sin_val evcal_list_a\" data-ux_val=\"3\"  ><span class='event-img'><img src='https:\/\/www.blanescostabrava.cat\/wp-content\/uploads\/2026\/08\/Facana.jpg'><\/span><span class='evcal_cblock ' data-bgcolor='#206177' data-smon='septiembre' data-syr='2026'><span class='evo_start '><em class='date'>10<\/em><em class='month'>sep<\/em><em class='time'>10:00 am<\/em><\/span><em class='clear'><\/em><\/span><span class='evcal_desc evo_info hide_eventtopdata '  data-location_status=\"false\" ><span class='evo_above_title'><\/span><span class='evcal_desc2 evcal_event_title' itemprop='name'>Visita Guiada: \"Relaci\u00f3 de Gaud\u00ed amb Blanes\"<\/span><span class='evo_below_title'><\/span><span class='evcal_desc_info' ><\/span><span class='evcal_desc3'><\/span><\/span><em class='clear'><\/em><\/p><\/a><div class='event_description evcal_eventcard ' style=\"display:none\"><div class='evo_metarow_directimg'><img src='https:\/\/www.blanescostabrava.cat\/wp-content\/uploads\/2026\/08\/Facana.jpg' \/><\/div><div class='evo_metarow_details evorow evcal_evdata_row bordb evcal_event_details'>\n\t\t\t\t\t\t\t<div class=\"event_excerpt\" style=\"display:none\"><h3 class=\"padb5 evo_h3\">Descripci\u00f3n<\/h3><p>DIA: 10 de setembre\r\nHORA: 10.00 h i 12.00 h\r\nLLOC: Arxiu Municipal\r\nDESCRIPCI\u00d3: Visita guiada sobre la relaci\u00f3 de Gaud\u00ed amb Blanes. Places limitades, cal reserva pr\u00e8via al 972 35 52 68.<\/p><\/div><span class='evcal_evdata_icons'><i class='fa fa-align-justify'><\/i><\/span>\n\t\t\t\t\t\t\t\n\t\t\t\t\t\t\t<div class='evcal_evdata_cell '><div class='eventon_full_description'>\n\t\t\t\t\t\t\t\t\t<h3 class='padb5 evo_h3'><span class='evcal_evdata_icons'><i class='fa fa-align-justify'><\/i><\/span>Descripci\u00f3n<\/h3><div class='eventon_desc_in' itemprop='description'>\n\t\t\t\t\t\t\t\t\t<p>DIA: 10 de setembre<br \/>\nHORA: 10.00 h i 12.00 h<br \/>\nLLOC: Arxiu Municipal<br \/>\nDESCRIPCI\u00d3: Visita guiada sobre la relaci\u00f3 de Gaud\u00ed amb Blanes. Places limitades, cal reserva pr\u00e8via al 972 35 52 68.<\/p>\n<\/div><div class='clear'><\/div>\n\t\t\t\t\t\t\t\t<\/div>\n\t\t\t\t\t\t\t<\/div>\n\t\t\t\t\t\t<\/div><div class='evo_metarow_time_location evorow bordb '>\n\t\t\t\t\t\t<div class='tb' >\n\t\t\t\t\t\t\t<div class='tbrow'>\n\t\t\t\t\t\t\t<div class='evcal_col50 bordr'>\n\t\t\t\t\t\t\t\t<div class='evcal_evdata_row evo_time'>\n\t\t\t\t\t\t\t\t\t<span class='evcal_evdata_icons'><i class='fa fa-clock-o'><\/i><\/span>\n\t\t\t\t\t\t\t\t\t<div class='evcal_evdata_cell'>\t\t\t\t\t\t\t\n\t\t\t\t\t\t\t\t\t\t<h3 class='evo_h3'><span class='evcal_evdata_icons'><i class='fa fa-clock-o'><\/i><\/span>Fecha<\/h3>\n\t\t\t\t\t\t\t\t\t\t<p>(Thursday) 10:00 am<\/p>\n\t\t\t\t\t\t\t\t\t<\/div>\n\t\t\t\t\t\t\t\t<\/div>\n\t\t\t\t\t\t\t<\/div><div class='evcal_col50'>\n\t\t\t\t\t\t\t\t<div class='evcal_evdata_row evo_location'>\n\t\t\t\t\t\t\t\t\t<span class='evcal_evdata_icons'><i class='fa fa-map-marker'><\/i><\/span>\n\t\t\t\t\t\t\t\t\t<div class='evcal_evdata_cell' data-loc_tax_id='4150'>\t\t\t\t\t\t\t\n\t\t\t\t\t\t\t\t\t\t<h3 class='evo_h3'><span class='evcal_evdata_icons'><i class='fa fa-map-marker'><\/i><\/span>Location<\/h3><p class='evo_location_name'>Arxiu Municipal<\/p><p class='evo_location_address'><\/p>\n\t\t\t\t\t\t\t\t\t<\/div>\n\t\t\t\t\t\t\t\t<\/div>\n\t\t\t\t\t\t\t<\/div><div class='clear'><\/div>\n\t\t\t\t\t\t\t<\/div><\/div>\n\t\t\t\t\t\t<\/div>\t\t\t\t\t\t<div class='evo_metarow_ICS evorow bordb evcal_evdata_row'>\n\t\t\t\t\t\t\t<span class=\"evcal_evdata_icons\"><i class=\"fa fa-calendar\"><\/i><\/span>\n\t\t\t\t\t\t\t<div class='evcal_evdata_cell'>\n\t\t\t\t\t\t\t\t<p><a href='https:\/\/www.blanescostabrava.cat\/wp-admin\/admin-ajax.php?action=eventon_ics_download&amp;event_id=242122&amp;sunix=20260910T080000Z&amp;eunix=20260910T215000Z&amp;loca=&amp;locn=Arxiu Municipal' class='evo_ics_nCal' title='Add to your calendar'>Calendar<\/a><a href='\/\/www.google.com\/calendar\/event?action=TEMPLATE&amp;text=Visita+Guiada%3A+%22Relaci%C3%B3+de+Gaud%C3%AD+amb+Blanes%22&amp;dates=20260910T080000Z\/20260910T215000Z&amp;details=DIA%3A+10+de+setembre%0D%0AHORA%3A+10.00+h+i+12.00+h%0D%0ALLOC%3A+Arxiu+Municipal%0D%0ADESCRIPCI%C3%93%3A+Visita+guiada+sobre+la+relaci%C3%B3+de+Gaud%C3%AD+amb+Blanes.+Places+limitades%2C+cal+reserva+pr%C3%A8via+al+972+35+52+68.&amp;location=Arxiu+Municipal - ' target='_blank' class='evo_ics_gCal' title='Add to google calendar'>GoogleCal<\/a><\/p>\t\n\t\t\t\t\t\t\t<\/div>\t\t\t\t\t\t<\/div>\n\t\t\t\t\t\t<\/div><div class='clear end'><\/div><\/div><div id=\"event_242134\" class=\"eventon_list_event evo_eventtop  event hasbgimg\" data-event_id=\"242134\" data-time=\"1789063200-1789084200\" data-colr=\"#206177\" itemscope itemtype='http:\/\/schema.org\/Event' 26><div class=\"evo_boxtop\" style=\"background-image: url(https:\/\/www.blanescostabrava.cat\/wp-content\/uploads\/2018\/03\/039_Casino-de-Blanes-Enric-ametller.jpg); background-color:#206177;height:200px;\"><\/div><div class=\"evo_event_schema\" style=\"display:none\" ><a itemprop='url'  href='https:\/\/www.blanescostabrava.cat\/events\/conferencia-quan-els-americanos-van-portar-gaudi-a-blanes\/'><\/a><span itemprop='name'  >Confer\u00e8ncia: \"Quan els Americanos van Portar Gaud\u00ed a Blanes\"<\/span><meta itemprop='image' content='https:\/\/www.blanescostabrava.cat\/wp-content\/uploads\/2018\/03\/039_Casino-de-Blanes-Enric-ametller.jpg' ><\/meta><meta itemprop='description' content='DIA: 10 de setembre\r\nHORA: 18.00 h\r\nLLOC: Primer Casino de Blanes\r\nDESCRIPCI\u00d3: Confer\u00e8ncia a c\u00e0rrec d'Aitor Roger, t\u00e8cnic de l'Arxiu Municipal. Entrada lliure.' ><\/meta><meta itemprop='startDate' content='2026-9-10' ><\/meta><meta itemprop='endDate' content='2026-9-10' ><\/meta><meta itemprop='eventStatus' content='on-schedule' ><\/meta><script type=\"application\/ld+json\">{\t\"@context\": \"http:\/\/schema.org\",\n\t\t\t\t\t\t\t  \t\"@type\": \"Event\",\n\t\t\t\t\t\t\t  \t\"name\": \"Confer\u00e8ncia: \"Quan els Americanos van Portar Gaud\u00ed a Blanes\"\",\n\t\t\t\t\t\t\t  \t\"startDate\": \"2026-9-10T18-18-00-00\",\n\t\t\t\t\t\t\t  \t\"endDate\": \"2026-9-10T23-23-50-00\",\n\t\t\t\t\t\t\t  \t\"image\":\"https:\/\/www.blanescostabrava.cat\/wp-content\/uploads\/2018\/03\/039_Casino-de-Blanes-Enric-ametller-300x212.jpg\",\n\t\t\t\t\t\t\t  \t\"description\":\"DIA: 10 de setembre\r\nHORA: 18.00 h\r\nLLOC: Primer Casino de Blanes\r\nDESCRIPCI\u00d3: Confer\u00e8ncia a c\u00e0rrec d'Aitor Roger, t\u00e8cnic de l'Arxiu Municipal. Entrada lliure.\",\n\t\t\t\t\t\t\t  \t\n\t\t\t\t\t\t\t }<\/script><\/div>\n\t\t\t\t<p class=\"desc_trig_outter\"><a data-gmap_status=\"null\" data-exlk=\"0\" style=\"border-color: #206177;padding-top: 215px;height: 310px;\" id=\"evc_1789063200242134\" class=\"desc_trig sin_val evcal_list_a\" data-ux_val=\"3\"  ><span class='event-img'><img src='https:\/\/www.blanescostabrava.cat\/wp-content\/uploads\/2018\/03\/039_Casino-de-Blanes-Enric-ametller.jpg'><\/span><span class='evcal_cblock ' data-bgcolor='#206177' data-smon='septiembre' data-syr='2026'><span class='evo_start '><em class='date'>10<\/em><em class='month'>sep<\/em><em class='time'>6:00 pm<\/em><\/span><em class='clear'><\/em><\/span><span class='evcal_desc evo_info hide_eventtopdata '  data-location_status=\"false\" ><span class='evo_above_title'><\/span><span class='evcal_desc2 evcal_event_title' itemprop='name'>Confer\u00e8ncia: \"Quan els Americanos van Portar Gaud\u00ed a Blanes\"<\/span><span class='evo_below_title'><\/span><span class='evcal_desc_info' ><\/span><span class='evcal_desc3'><\/span><\/span><em class='clear'><\/em><\/p><\/a><div class='event_description evcal_eventcard ' style=\"display:none\"><div class='evo_metarow_directimg'><img src='https:\/\/www.blanescostabrava.cat\/wp-content\/uploads\/2018\/03\/039_Casino-de-Blanes-Enric-ametller.jpg' \/><\/div><div class='evo_metarow_details evorow evcal_evdata_row bordb evcal_event_details'>\n\t\t\t\t\t\t\t<div class=\"event_excerpt\" style=\"display:none\"><h3 class=\"padb5 evo_h3\">Descripci\u00f3n<\/h3><p>DIA: 10 de setembre\r\nHORA: 18.00 h\r\nLLOC: Primer Casino de Blanes\r\nDESCRIPCI\u00d3: Confer\u00e8ncia a c\u00e0rrec d'Aitor Roger, t\u00e8cnic de l'Arxiu Municipal. Entrada lliure.<\/p><\/div><span class='evcal_evdata_icons'><i class='fa fa-align-justify'><\/i><\/span>\n\t\t\t\t\t\t\t\n\t\t\t\t\t\t\t<div class='evcal_evdata_cell '><div class='eventon_full_description'>\n\t\t\t\t\t\t\t\t\t<h3 class='padb5 evo_h3'><span class='evcal_evdata_icons'><i class='fa fa-align-justify'><\/i><\/span>Descripci\u00f3n<\/h3><div class='eventon_desc_in' itemprop='description'>\n\t\t\t\t\t\t\t\t\t<p>DIA: 10 de setembre<br \/>\nHORA: 18.00 h<br \/>\nLLOC: Primer Casino de Blanes<br \/>\nDESCRIPCI\u00d3: Confer\u00e8ncia a c\u00e0rrec d&#8217;Aitor Roger, t\u00e8cnic de l&#8217;Arxiu Municipal. Entrada lliure.<\/p>\n<\/div><div class='clear'><\/div>\n\t\t\t\t\t\t\t\t<\/div>\n\t\t\t\t\t\t\t<\/div>\n\t\t\t\t\t\t<\/div><div class='evo_metarow_time_location evorow bordb '>\n\t\t\t\t\t\t<div class='tb' >\n\t\t\t\t\t\t\t<div class='tbrow'>\n\t\t\t\t\t\t\t<div class='evcal_col50 bordr'>\n\t\t\t\t\t\t\t\t<div class='evcal_evdata_row evo_time'>\n\t\t\t\t\t\t\t\t\t<span class='evcal_evdata_icons'><i class='fa fa-clock-o'><\/i><\/span>\n\t\t\t\t\t\t\t\t\t<div class='evcal_evdata_cell'>\t\t\t\t\t\t\t\n\t\t\t\t\t\t\t\t\t\t<h3 class='evo_h3'><span class='evcal_evdata_icons'><i class='fa fa-clock-o'><\/i><\/span>Fecha<\/h3>\n\t\t\t\t\t\t\t\t\t\t<p>(Thursday) 6:00 pm<\/p>\n\t\t\t\t\t\t\t\t\t<\/div>\n\t\t\t\t\t\t\t\t<\/div>\n\t\t\t\t\t\t\t<\/div><div class='evcal_col50'>\n\t\t\t\t\t\t\t\t<div class='evcal_evdata_row evo_location'>\n\t\t\t\t\t\t\t\t\t<span class='evcal_evdata_icons'><i class='fa fa-map-marker'><\/i><\/span>\n\t\t\t\t\t\t\t\t\t<div class='evcal_evdata_cell' data-loc_tax_id='5905'>\t\t\t\t\t\t\t\n\t\t\t\t\t\t\t\t\t\t<h3 class='evo_h3'><span class='evcal_evdata_icons'><i class='fa fa-map-marker'><\/i><\/span>Location<\/h3><p class='evo_location_name'>Primer Casino de Blanes<\/p><p class='evo_location_address'><\/p>\n\t\t\t\t\t\t\t\t\t<\/div>\n\t\t\t\t\t\t\t\t<\/div>\n\t\t\t\t\t\t\t<\/div><div class='clear'><\/div>\n\t\t\t\t\t\t\t<\/div><\/div>\n\t\t\t\t\t\t<\/div>\t\t\t\t\t\t<div class='evo_metarow_ICS evorow bordb evcal_evdata_row'>\n\t\t\t\t\t\t\t<span class=\"evcal_evdata_icons\"><i class=\"fa fa-calendar\"><\/i><\/span>\n\t\t\t\t\t\t\t<div class='evcal_evdata_cell'>\n\t\t\t\t\t\t\t\t<p><a href='https:\/\/www.blanescostabrava.cat\/wp-admin\/admin-ajax.php?action=eventon_ics_download&amp;event_id=242134&amp;sunix=20260910T160000Z&amp;eunix=20260910T215000Z&amp;loca=&amp;locn=Primer Casino de Blanes' class='evo_ics_nCal' title='Add to your calendar'>Calendar<\/a><a href='\/\/www.google.com\/calendar\/event?action=TEMPLATE&amp;text=Confer%C3%A8ncia%3A+%22Quan+els+Americanos+van+Portar+Gaud%C3%AD+a+Blanes%22&amp;dates=20260910T160000Z\/20260910T215000Z&amp;details=DIA%3A+10+de+setembre%0D%0AHORA%3A+18.00+h%0D%0ALLOC%3A+Primer+Casino+de+Blanes%0D%0ADESCRIPCI%C3%93%3A+Confer%C3%A8ncia+a+c%C3%A0rrec+d%27Aitor+Roger%2C+t%C3%A8cnic+de+l%27Arxiu+Municipal.+Entrada+lliure.&amp;location=Primer+Casino+de+Blanes - ' target='_blank' class='evo_ics_gCal' title='Add to google calendar'>GoogleCal<\/a><\/p>\t\n\t\t\t\t\t\t\t<\/div>\t\t\t\t\t\t<\/div>\n\t\t\t\t\t\t<\/div><div class='clear end'><\/div><\/div><div id=\"event_242146\" class=\"eventon_list_event evo_eventtop  event hasbgimg\" data-event_id=\"242146\" data-time=\"1789070400-1789084200\" data-colr=\"#206177\" itemscope itemtype='http:\/\/schema.org\/Event' 27><div class=\"evo_boxtop\" style=\"background-image: url(https:\/\/www.blanescostabrava.cat\/wp-content\/uploads\/2026\/08\/37.3010OpenElementFieldElemFormatjpg.jpeg); background-color:#206177;height:200px;\"><\/div><div class=\"evo_event_schema\" style=\"display:none\" ><a itemprop='url'  href='https:\/\/www.blanescostabrava.cat\/events\/concert-de-musica-caribenya-amelo-dla-habana\/'><\/a><span itemprop='name'  >Concert de M\u00fasica Carib\u200benya - Amelo D'La Habana<\/span><meta itemprop='image' content='https:\/\/www.blanescostabrava.cat\/wp-content\/uploads\/2026\/08\/37.3010OpenElementFieldElemFormatjpg.jpeg' ><\/meta><meta itemprop='description' content='DIA: 10 de setembre\r\nHORA: 20.00 h\r\nLLOC: Passeig de Mar - Banc dels M\u00fasics\r\nDESCRIPCI\u00d3: Concert de m\u00fasica carib\u200benya a c\u00e0rrec d'Amelo D'La Habana.' ><\/meta><meta itemprop='startDate' content='2026-9-10' ><\/meta><meta itemprop='endDate' content='2026-9-10' ><\/meta><meta itemprop='eventStatus' content='on-schedule' ><\/meta><script type=\"application\/ld+json\">{\t\"@context\": \"http:\/\/schema.org\",\n\t\t\t\t\t\t\t  \t\"@type\": \"Event\",\n\t\t\t\t\t\t\t  \t\"name\": \"Concert de M\u00fasica Carib\u200benya - Amelo D'La Habana\",\n\t\t\t\t\t\t\t  \t\"startDate\": \"2026-9-10T20-20-00-00\",\n\t\t\t\t\t\t\t  \t\"endDate\": \"2026-9-10T23-23-50-00\",\n\t\t\t\t\t\t\t  \t\"image\":\"https:\/\/www.blanescostabrava.cat\/wp-content\/uploads\/2026\/08\/37.3010OpenElementFieldElemFormatjpg-300x169.jpeg\",\n\t\t\t\t\t\t\t  \t\"description\":\"DIA: 10 de setembre\r\nHORA: 20.00 h\r\nLLOC: Passeig de Mar - Banc dels M\u00fasics\r\nDESCRIPCI\u00d3: Concert de m\u00fasica carib\u200benya a c\u00e0rrec d'Amelo D'La Habana.\",\n\t\t\t\t\t\t\t  \t\n\t\t\t\t\t\t\t }<\/script><\/div>\n\t\t\t\t<p class=\"desc_trig_outter\"><a data-gmap_status=\"null\" data-exlk=\"0\" style=\"border-color: #206177;padding-top: 215px;height: 310px;\" id=\"evc_1789070400242146\" class=\"desc_trig sin_val evcal_list_a\" data-ux_val=\"3\"  ><span class='event-img'><img src='https:\/\/www.blanescostabrava.cat\/wp-content\/uploads\/2026\/08\/37.3010OpenElementFieldElemFormatjpg.jpeg'><\/span><span class='evcal_cblock ' data-bgcolor='#206177' data-smon='septiembre' data-syr='2026'><span class='evo_start '><em class='date'>10<\/em><em class='month'>sep<\/em><em class='time'>8:00 pm<\/em><\/span><em class='clear'><\/em><\/span><span class='evcal_desc evo_info hide_eventtopdata '  data-location_status=\"false\" ><span class='evo_above_title'><\/span><span class='evcal_desc2 evcal_event_title' itemprop='name'>Concert de M\u00fasica Carib\u200benya - Amelo D'La Habana<\/span><span class='evo_below_title'><\/span><span class='evcal_desc_info' ><\/span><span class='evcal_desc3'><\/span><\/span><em class='clear'><\/em><\/p><\/a><div class='event_description evcal_eventcard ' style=\"display:none\"><div class='evo_metarow_directimg'><img src='https:\/\/www.blanescostabrava.cat\/wp-content\/uploads\/2026\/08\/37.3010OpenElementFieldElemFormatjpg.jpeg' \/><\/div><div class='evo_metarow_details evorow evcal_evdata_row bordb evcal_event_details'>\n\t\t\t\t\t\t\t<div class=\"event_excerpt\" style=\"display:none\"><h3 class=\"padb5 evo_h3\">Descripci\u00f3n<\/h3><p>DIA: 10 de setembre\r\nHORA: 20.00 h\r\nLLOC: Passeig de Mar - Banc dels M\u00fasics\r\nDESCRIPCI\u00d3: Concert de m\u00fasica carib\u200benya a c\u00e0rrec d'Amelo D'La Habana.<\/p><\/div><span class='evcal_evdata_icons'><i class='fa fa-align-justify'><\/i><\/span>\n\t\t\t\t\t\t\t\n\t\t\t\t\t\t\t<div class='evcal_evdata_cell '><div class='eventon_full_description'>\n\t\t\t\t\t\t\t\t\t<h3 class='padb5 evo_h3'><span class='evcal_evdata_icons'><i class='fa fa-align-justify'><\/i><\/span>Descripci\u00f3n<\/h3><div class='eventon_desc_in' itemprop='description'>\n\t\t\t\t\t\t\t\t\t<p>DIA: 10 de setembre<br \/>\nHORA: 20.00 h<br \/>\nLLOC: Passeig de Mar &#8211; Banc dels M\u00fasics<br \/>\nDESCRIPCI\u00d3: Concert de m\u00fasica carib\u200benya a c\u00e0rrec d&#8217;Amelo D&#8217;La Habana.<\/p>\n<\/div><div class='clear'><\/div>\n\t\t\t\t\t\t\t\t<\/div>\n\t\t\t\t\t\t\t<\/div>\n\t\t\t\t\t\t<\/div><div class='evo_metarow_time_location evorow bordb '>\n\t\t\t\t\t\t<div class='tb' >\n\t\t\t\t\t\t\t<div class='tbrow'>\n\t\t\t\t\t\t\t<div class='evcal_col50 bordr'>\n\t\t\t\t\t\t\t\t<div class='evcal_evdata_row evo_time'>\n\t\t\t\t\t\t\t\t\t<span class='evcal_evdata_icons'><i class='fa fa-clock-o'><\/i><\/span>\n\t\t\t\t\t\t\t\t\t<div class='evcal_evdata_cell'>\t\t\t\t\t\t\t\n\t\t\t\t\t\t\t\t\t\t<h3 class='evo_h3'><span class='evcal_evdata_icons'><i class='fa fa-clock-o'><\/i><\/span>Fecha<\/h3>\n\t\t\t\t\t\t\t\t\t\t<p>(Thursday) 8:00 pm<\/p>\n\t\t\t\t\t\t\t\t\t<\/div>\n\t\t\t\t\t\t\t\t<\/div>\n\t\t\t\t\t\t\t<\/div><div class='evcal_col50'>\n\t\t\t\t\t\t\t\t<div class='evcal_evdata_row evo_location'>\n\t\t\t\t\t\t\t\t\t<span class='evcal_evdata_icons'><i class='fa fa-map-marker'><\/i><\/span>\n\t\t\t\t\t\t\t\t\t<div class='evcal_evdata_cell' data-loc_tax_id='5567'>\t\t\t\t\t\t\t\n\t\t\t\t\t\t\t\t\t\t<h3 class='evo_h3'><span class='evcal_evdata_icons'><i class='fa fa-map-marker'><\/i><\/span>Location<\/h3><p class='evo_location_name'>Banc dels m\u00fasics\/Passeig de Mar<\/p><p class='evo_location_address'><\/p>\n\t\t\t\t\t\t\t\t\t<\/div>\n\t\t\t\t\t\t\t\t<\/div>\n\t\t\t\t\t\t\t<\/div><div class='clear'><\/div>\n\t\t\t\t\t\t\t<\/div><\/div>\n\t\t\t\t\t\t<\/div>\t\t\t\t\t\t<div class='evo_metarow_ICS evorow bordb evcal_evdata_row'>\n\t\t\t\t\t\t\t<span class=\"evcal_evdata_icons\"><i class=\"fa fa-calendar\"><\/i><\/span>\n\t\t\t\t\t\t\t<div class='evcal_evdata_cell'>\n\t\t\t\t\t\t\t\t<p><a href='https:\/\/www.blanescostabrava.cat\/wp-admin\/admin-ajax.php?action=eventon_ics_download&amp;event_id=242146&amp;sunix=20260910T180000Z&amp;eunix=20260910T215000Z&amp;loca=&amp;locn=Banc dels m\u00fasics\/Passeig de Mar' class='evo_ics_nCal' title='Add to your calendar'>Calendar<\/a><a href='\/\/www.google.com\/calendar\/event?action=TEMPLATE&amp;text=Concert+de+M%C3%BAsica+Carib%E2%80%8Benya+-+Amelo+D%27La+Habana&amp;dates=20260910T180000Z\/20260910T215000Z&amp;details=DIA%3A+10+de+setembre%0D%0AHORA%3A+20.00+h%0D%0ALLOC%3A+Passeig+de+Mar+-+Banc+dels+M%C3%BAsics%0D%0ADESCRIPCI%C3%93%3A+Concert+de+m%C3%BAsica+carib%E2%80%8Benya+a+c%C3%A0rrec+d%27Amelo+D%27La+Habana.&amp;location=Banc+dels+m%C3%BAsics%2FPasseig+de+Mar - ' target='_blank' class='evo_ics_gCal' title='Add to google calendar'>GoogleCal<\/a><\/p>\t\n\t\t\t\t\t\t\t<\/div>\t\t\t\t\t\t<\/div>\n\t\t\t\t\t\t<\/div><div class='clear end'><\/div><\/div><div id=\"event_242182\" class=\"eventon_list_event evo_eventtop  event hasbgimg\" data-event_id=\"242182\" data-time=\"1789084801-1789171199\" data-colr=\"#206177\" itemscope itemtype='http:\/\/schema.org\/Event' 28><div class=\"evo_boxtop\" style=\"background-image: url(https:\/\/www.blanescostabrava.cat\/wp-content\/uploads\/2026\/08\/obi-aZKJEvydrNM-unsplash-scaled.jpg); background-color:#206177;height:200px;\"><\/div><div class=\"evo_event_schema\" style=\"display:none\" ><a itemprop='url'  href='https:\/\/www.blanescostabrava.cat\/events\/fira-de-vehicles-docasio\/'><\/a><span itemprop='name'  >Fira de Vehicles d'Ocasi\u00f3<\/span><meta itemprop='image' content='https:\/\/www.blanescostabrava.cat\/wp-content\/uploads\/2026\/08\/obi-aZKJEvydrNM-unsplash-scaled.jpg' ><\/meta><meta itemprop='description' content='DIA: De l'11 al 13 de setembre\r\nLLOC: Aparcament antic pavell\u00f3 - Passeig de Catalunya\r\nDESCRIPCI\u00d3: Fira de vehicles d'ocasi\u00f3.' ><\/meta><meta itemprop='startDate' content='2026-9-11' ><\/meta><meta itemprop='endDate' content='2026-9-11' ><\/meta><meta itemprop='eventStatus' content='on-schedule' ><\/meta><script type=\"application\/ld+json\">{\t\"@context\": \"http:\/\/schema.org\",\n\t\t\t\t\t\t\t  \t\"@type\": \"Event\",\n\t\t\t\t\t\t\t  \t\"name\": \"Fira de Vehicles d'Ocasi\u00f3\",\n\t\t\t\t\t\t\t  \t\"startDate\": \"2026-9-11T00-00-00-00\",\n\t\t\t\t\t\t\t  \t\"endDate\": \"2026-9-11T23-23-59-00\",\n\t\t\t\t\t\t\t  \t\"image\":\"https:\/\/www.blanescostabrava.cat\/wp-content\/uploads\/2026\/08\/obi-aZKJEvydrNM-unsplash-300x225.jpg\",\n\t\t\t\t\t\t\t  \t\"description\":\"DIA: De l'11 al 13 de setembre\r\nLLOC: Aparcament antic pavell\u00f3 - Passeig de Catalunya\r\nDESCRIPCI\u00d3: Fira de vehicles d'ocasi\u00f3.\",\n\t\t\t\t\t\t\t  \t\n\t\t\t\t\t\t\t }<\/script><\/div>\n\t\t\t\t<p class=\"desc_trig_outter\"><a data-gmap_status=\"null\" data-exlk=\"0\" style=\"border-color: #206177;padding-top: 215px;height: 310px;\" id=\"evc_1789084801242182\" class=\"desc_trig sin_val evcal_list_a\" data-ux_val=\"3\"  ><span class='event-img'><img src='https:\/\/www.blanescostabrava.cat\/wp-content\/uploads\/2026\/08\/obi-aZKJEvydrNM-unsplash-scaled.jpg'><\/span><span class='evcal_cblock ' data-bgcolor='#206177' data-smon='septiembre' data-syr='2026'><span class='evo_start '><em class='date'>11<\/em><em class='month'>sep<\/em><em class='time'>allday<\/em><\/span><em class='clear'><\/em><\/span><span class='evcal_desc evo_info hide_eventtopdata '  data-location_status=\"false\" ><span class='evo_above_title'><\/span><span class='evcal_desc2 evcal_event_title' itemprop='name'>Fira de Vehicles d'Ocasi\u00f3<\/span><span class='evo_below_title'><\/span><span class='evcal_desc_info' ><\/span><span class='evcal_desc3'><\/span><\/span><em class='clear'><\/em><\/p><\/a><div class='event_description evcal_eventcard ' style=\"display:none\"><div class='evo_metarow_directimg'><img src='https:\/\/www.blanescostabrava.cat\/wp-content\/uploads\/2026\/08\/obi-aZKJEvydrNM-unsplash-scaled.jpg' \/><\/div><div class='evo_metarow_details evorow evcal_evdata_row bordb evcal_event_details'>\n\t\t\t\t\t\t\t<div class=\"event_excerpt\" style=\"display:none\"><h3 class=\"padb5 evo_h3\">Descripci\u00f3n<\/h3><p>DIA: De l'11 al 13 de setembre\r\nLLOC: Aparcament antic pavell\u00f3 - Passeig de Catalunya\r\nDESCRIPCI\u00d3: Fira de vehicles d'ocasi\u00f3.<\/p><\/div><span class='evcal_evdata_icons'><i class='fa fa-align-justify'><\/i><\/span>\n\t\t\t\t\t\t\t\n\t\t\t\t\t\t\t<div class='evcal_evdata_cell '><div class='eventon_full_description'>\n\t\t\t\t\t\t\t\t\t<h3 class='padb5 evo_h3'><span class='evcal_evdata_icons'><i class='fa fa-align-justify'><\/i><\/span>Descripci\u00f3n<\/h3><div class='eventon_desc_in' itemprop='description'>\n\t\t\t\t\t\t\t\t\t<p>DIA: De l&#8217;11 al 13 de setembre<br \/>\nLLOC: Aparcament antic pavell\u00f3 &#8211; Passeig de Catalunya<br \/>\nDESCRIPCI\u00d3: Fira de vehicles d&#8217;ocasi\u00f3.<\/p>\n<\/div><div class='clear'><\/div>\n\t\t\t\t\t\t\t\t<\/div>\n\t\t\t\t\t\t\t<\/div>\n\t\t\t\t\t\t<\/div><div class='evo_metarow_time_location evorow bordb '>\n\t\t\t\t\t\t<div class='tb' >\n\t\t\t\t\t\t\t<div class='tbrow'>\n\t\t\t\t\t\t\t<div class='evcal_col50 bordr'>\n\t\t\t\t\t\t\t\t<div class='evcal_evdata_row evo_time'>\n\t\t\t\t\t\t\t\t\t<span class='evcal_evdata_icons'><i class='fa fa-clock-o'><\/i><\/span>\n\t\t\t\t\t\t\t\t\t<div class='evcal_evdata_cell'>\t\t\t\t\t\t\t\n\t\t\t\t\t\t\t\t\t\t<h3 class='evo_h3'><span class='evcal_evdata_icons'><i class='fa fa-clock-o'><\/i><\/span>Fecha<\/h3>\n\t\t\t\t\t\t\t\t\t\t<p>All Day (Friday)<\/p>\n\t\t\t\t\t\t\t\t\t<\/div>\n\t\t\t\t\t\t\t\t<\/div>\n\t\t\t\t\t\t\t<\/div><div class='evcal_col50'>\n\t\t\t\t\t\t\t\t<div class='evcal_evdata_row evo_location'>\n\t\t\t\t\t\t\t\t\t<span class='evcal_evdata_icons'><i class='fa fa-map-marker'><\/i><\/span>\n\t\t\t\t\t\t\t\t\t<div class='evcal_evdata_cell' data-loc_tax_id='5729'>\t\t\t\t\t\t\t\n\t\t\t\t\t\t\t\t\t\t<h3 class='evo_h3'><span class='evcal_evdata_icons'><i class='fa fa-map-marker'><\/i><\/span>Location<\/h3><p class='evo_location_name'>Aparcament antic pavell\u00f3<\/p><p class='evo_location_address'><\/p>\n\t\t\t\t\t\t\t\t\t<\/div>\n\t\t\t\t\t\t\t\t<\/div>\n\t\t\t\t\t\t\t<\/div><div class='clear'><\/div>\n\t\t\t\t\t\t\t<\/div><\/div>\n\t\t\t\t\t\t<\/div>\t\t\t\t\t\t<div class='evo_metarow_ICS evorow bordb evcal_evdata_row'>\n\t\t\t\t\t\t\t<span class=\"evcal_evdata_icons\"><i class=\"fa fa-calendar\"><\/i><\/span>\n\t\t\t\t\t\t\t<div class='evcal_evdata_cell'>\n\t\t\t\t\t\t\t\t<p><a href='https:\/\/www.blanescostabrava.cat\/wp-admin\/admin-ajax.php?action=eventon_ics_download&amp;event_id=242182&amp;sunix=20260910T220000Z&amp;eunix=20260911T215900Z&amp;loca=&amp;locn=Aparcament antic pavell\u00f3' class='evo_ics_nCal' title='Add to your calendar'>Calendar<\/a><a href='\/\/www.google.com\/calendar\/event?action=TEMPLATE&amp;text=Fira+de+Vehicles+d%27Ocasi%C3%B3&amp;dates=20260910T220000Z\/20260911T215900Z&amp;details=DIA%3A+De+l%2711+al+13+de+setembre%0D%0ALLOC%3A+Aparcament+antic+pavell%C3%B3+-+Passeig+de+Catalunya%0D%0ADESCRIPCI%C3%93%3A+Fira+de+vehicles+d%27ocasi%C3%B3.&amp;location=Aparcament+antic+pavell%C3%B3 - ' target='_blank' class='evo_ics_gCal' title='Add to google calendar'>GoogleCal<\/a><\/p>\t\n\t\t\t\t\t\t\t<\/div>\t\t\t\t\t\t<\/div>\n\t\t\t\t\t\t<\/div><div class='clear end'><\/div><\/div><div id=\"event_242194\" class=\"eventon_list_event evo_eventtop  event hasbgimg\" data-event_id=\"242194\" data-time=\"1789084801-1789171199\" data-colr=\"#206177\" itemscope itemtype='http:\/\/schema.org\/Event' 29><div class=\"evo_boxtop\" style=\"background-image: url(https:\/\/www.blanescostabrava.cat\/wp-content\/uploads\/2020\/03\/la-plantera.jpg); background-color:#206177;height:200px;\"><\/div><div class=\"evo_event_schema\" style=\"display:none\" ><a itemprop='url'  href='https:\/\/www.blanescostabrava.cat\/events\/festes-de-barri-la-plantera\/'><\/a><span itemprop='name'  >Festes de Barri - La Plantera<\/span><meta itemprop='image' content='https:\/\/www.blanescostabrava.cat\/wp-content\/uploads\/2020\/03\/la-plantera.jpg' ><\/meta><meta itemprop='description' content='DIA: De l'11 al 13 de setembre\r\nLLOC: Barri de La Plantera - Av. Catalunya\r\nDESCRIPCI\u00d3: Festa de barri amb activitats populars.' ><\/meta><meta itemprop='startDate' content='2026-9-11' ><\/meta><meta itemprop='endDate' content='2026-9-11' ><\/meta><meta itemprop='eventStatus' content='on-schedule' ><\/meta><script type=\"application\/ld+json\">{\t\"@context\": \"http:\/\/schema.org\",\n\t\t\t\t\t\t\t  \t\"@type\": \"Event\",\n\t\t\t\t\t\t\t  \t\"name\": \"Festes de Barri - La Plantera\",\n\t\t\t\t\t\t\t  \t\"startDate\": \"2026-9-11T00-00-00-00\",\n\t\t\t\t\t\t\t  \t\"endDate\": \"2026-9-11T23-23-59-00\",\n\t\t\t\t\t\t\t  \t\"image\":\"https:\/\/www.blanescostabrava.cat\/wp-content\/uploads\/2020\/03\/la-plantera-300x194.jpg\",\n\t\t\t\t\t\t\t  \t\"description\":\"DIA: De l'11 al 13 de setembre\r\nLLOC: Barri de La Plantera - Av. Catalunya\r\nDESCRIPCI\u00d3: Festa de barri amb activitats populars.\",\n\t\t\t\t\t\t\t  \t\n\t\t\t\t\t\t\t }<\/script><\/div>\n\t\t\t\t<p class=\"desc_trig_outter\"><a data-gmap_status=\"null\" data-exlk=\"0\" style=\"border-color: #206177;padding-top: 215px;height: 310px;\" id=\"evc_1789084801242194\" class=\"desc_trig sin_val evcal_list_a\" data-ux_val=\"3\"  ><span class='event-img'><img src='https:\/\/www.blanescostabrava.cat\/wp-content\/uploads\/2020\/03\/la-plantera.jpg'><\/span><span class='evcal_cblock ' data-bgcolor='#206177' data-smon='septiembre' data-syr='2026'><span class='evo_start '><em class='date'>11<\/em><em class='month'>sep<\/em><em class='time'>allday<\/em><\/span><em class='clear'><\/em><\/span><span class='evcal_desc evo_info hide_eventtopdata '  data-location_status=\"false\" ><span class='evo_above_title'><\/span><span class='evcal_desc2 evcal_event_title' itemprop='name'>Festes de Barri - La Plantera<\/span><span class='evo_below_title'><\/span><span class='evcal_desc_info' ><\/span><span class='evcal_desc3'><\/span><\/span><em class='clear'><\/em><\/p><\/a><div class='event_description evcal_eventcard ' style=\"display:none\"><div class='evo_metarow_directimg'><img src='https:\/\/www.blanescostabrava.cat\/wp-content\/uploads\/2020\/03\/la-plantera.jpg' alt=\"la plantera blanes\"\/><\/div><div class='evo_metarow_details evorow evcal_evdata_row bordb evcal_event_details'>\n\t\t\t\t\t\t\t<div class=\"event_excerpt\" style=\"display:none\"><h3 class=\"padb5 evo_h3\">Descripci\u00f3n<\/h3><p>DIA: De l'11 al 13 de setembre\r\nLLOC: Barri de La Plantera - Av. Catalunya\r\nDESCRIPCI\u00d3: Festa de barri amb activitats populars.<\/p><\/div><span class='evcal_evdata_icons'><i class='fa fa-align-justify'><\/i><\/span>\n\t\t\t\t\t\t\t\n\t\t\t\t\t\t\t<div class='evcal_evdata_cell '><div class='eventon_full_description'>\n\t\t\t\t\t\t\t\t\t<h3 class='padb5 evo_h3'><span class='evcal_evdata_icons'><i class='fa fa-align-justify'><\/i><\/span>Descripci\u00f3n<\/h3><div class='eventon_desc_in' itemprop='description'>\n\t\t\t\t\t\t\t\t\t<p>DIA: De l&#8217;11 al 13 de setembre<br \/>\nLLOC: Barri de La Plantera &#8211; Av. Catalunya<br \/>\nDESCRIPCI\u00d3: Festa de barri amb activitats populars.<\/p>\n<\/div><div class='clear'><\/div>\n\t\t\t\t\t\t\t\t<\/div>\n\t\t\t\t\t\t\t<\/div>\n\t\t\t\t\t\t<\/div><div class='evo_metarow_time_location evorow bordb '>\n\t\t\t\t\t\t<div class='tb' >\n\t\t\t\t\t\t\t<div class='tbrow'>\n\t\t\t\t\t\t\t<div class='evcal_col50 bordr'>\n\t\t\t\t\t\t\t\t<div class='evcal_evdata_row evo_time'>\n\t\t\t\t\t\t\t\t\t<span class='evcal_evdata_icons'><i class='fa fa-clock-o'><\/i><\/span>\n\t\t\t\t\t\t\t\t\t<div class='evcal_evdata_cell'>\t\t\t\t\t\t\t\n\t\t\t\t\t\t\t\t\t\t<h3 class='evo_h3'><span class='evcal_evdata_icons'><i class='fa fa-clock-o'><\/i><\/span>Fecha<\/h3>\n\t\t\t\t\t\t\t\t\t\t<p>All Day (Friday)<\/p>\n\t\t\t\t\t\t\t\t\t<\/div>\n\t\t\t\t\t\t\t\t<\/div>\n\t\t\t\t\t\t\t<\/div><div class='evcal_col50'>\n\t\t\t\t\t\t\t\t<div class='evcal_evdata_row evo_location'>\n\t\t\t\t\t\t\t\t\t<span class='evcal_evdata_icons'><i class='fa fa-map-marker'><\/i><\/span>\n\t\t\t\t\t\t\t\t\t<div class='evcal_evdata_cell' data-loc_tax_id='2489'>\t\t\t\t\t\t\t\n\t\t\t\t\t\t\t\t\t\t<h3 class='evo_h3'><span class='evcal_evdata_icons'><i class='fa fa-map-marker'><\/i><\/span>Location<\/h3><p class='evo_location_name'>Barri La Plantera<\/p><p class='evo_location_address'><\/p>\n\t\t\t\t\t\t\t\t\t<\/div>\n\t\t\t\t\t\t\t\t<\/div>\n\t\t\t\t\t\t\t<\/div><div class='clear'><\/div>\n\t\t\t\t\t\t\t<\/div><\/div>\n\t\t\t\t\t\t<\/div>\t\t\t\t\t\t<div class='evo_metarow_ICS evorow bordb evcal_evdata_row'>\n\t\t\t\t\t\t\t<span class=\"evcal_evdata_icons\"><i class=\"fa fa-calendar\"><\/i><\/span>\n\t\t\t\t\t\t\t<div class='evcal_evdata_cell'>\n\t\t\t\t\t\t\t\t<p><a href='https:\/\/www.blanescostabrava.cat\/wp-admin\/admin-ajax.php?action=eventon_ics_download&amp;event_id=242194&amp;sunix=20260910T220000Z&amp;eunix=20260911T215900Z&amp;loca=&amp;locn=Barri La Plantera' class='evo_ics_nCal' title='Add to your calendar'>Calendar<\/a><a href='\/\/www.google.com\/calendar\/event?action=TEMPLATE&amp;text=Festes+de+Barri+-+La+Plantera&amp;dates=20260910T220000Z\/20260911T215900Z&amp;details=DIA%3A+De+l%2711+al+13+de+setembre%0D%0ALLOC%3A+Barri+de+La+Plantera+-+Av.+Catalunya%0D%0ADESCRIPCI%C3%93%3A+Festa+de+barri+amb+activitats+populars.&amp;location=Barri+La+Plantera - ' target='_blank' class='evo_ics_gCal' title='Add to google calendar'>GoogleCal<\/a><\/p>\t\n\t\t\t\t\t\t\t<\/div>\t\t\t\t\t\t<\/div>\n\t\t\t\t\t\t<\/div><div class='clear end'><\/div><\/div><div id=\"event_242158\" class=\"eventon_list_event evo_eventtop  event hasbgimg\" data-event_id=\"242158\" data-time=\"1789084801-1789171199\" data-colr=\"#206177\" itemscope itemtype='http:\/\/schema.org\/Event' 30><div class=\"evo_boxtop\" style=\"background-image: url(https:\/\/www.blanescostabrava.cat\/wp-content\/uploads\/2018\/08\/diada-nacional-de-catalunya.jpg); background-color:#206177;height:200px;\"><\/div><div class=\"evo_event_schema\" style=\"display:none\" ><a itemprop='url'  href='https:\/\/www.blanescostabrava.cat\/events\/diada-nacional-de-catalunya\/'><\/a><span itemprop='name'  >Diada Nacional de Catalunya<\/span><meta itemprop='image' content='https:\/\/www.blanescostabrava.cat\/wp-content\/uploads\/2018\/08\/diada-nacional-de-catalunya.jpg' ><\/meta><meta itemprop='description' content='DIA: 11 de setembre\r\nDESCRIPCI\u00d3: Festa Nacional de Catalunya.' ><\/meta><meta itemprop='startDate' content='2026-9-11' ><\/meta><meta itemprop='endDate' content='2026-9-11' ><\/meta><meta itemprop='eventStatus' content='on-schedule' ><\/meta><script type=\"application\/ld+json\">{\t\"@context\": \"http:\/\/schema.org\",\n\t\t\t\t\t\t\t  \t\"@type\": \"Event\",\n\t\t\t\t\t\t\t  \t\"name\": \"Diada Nacional de Catalunya\",\n\t\t\t\t\t\t\t  \t\"startDate\": \"2026-9-11T00-00-00-00\",\n\t\t\t\t\t\t\t  \t\"endDate\": \"2026-9-11T23-23-59-00\",\n\t\t\t\t\t\t\t  \t\"image\":\"https:\/\/www.blanescostabrava.cat\/wp-content\/uploads\/2018\/08\/diada-nacional-de-catalunya-300x166.jpg\",\n\t\t\t\t\t\t\t  \t\"description\":\"DIA: 11 de setembre\r\nDESCRIPCI\u00d3: Festa Nacional de Catalunya.\",\n\t\t\t\t\t\t\t  \t\n\t\t\t\t\t\t\t }<\/script><\/div>\n\t\t\t\t<p class=\"desc_trig_outter\"><a data-gmap_status=\"null\" data-exlk=\"0\" style=\"border-color: #206177;padding-top: 215px;height: 310px;\" id=\"evc_1789084801242158\" class=\"desc_trig sin_val evcal_list_a\" data-ux_val=\"3\"  ><span class='event-img'><img src='https:\/\/www.blanescostabrava.cat\/wp-content\/uploads\/2018\/08\/diada-nacional-de-catalunya.jpg'><\/span><span class='evcal_cblock ' data-bgcolor='#206177' data-smon='septiembre' data-syr='2026'><span class='evo_start '><em class='date'>11<\/em><em class='month'>sep<\/em><em class='time'>allday<\/em><\/span><em class='clear'><\/em><\/span><span class='evcal_desc evo_info hide_eventtopdata '  data-location_status=\"false\" ><span class='evo_above_title'><\/span><span class='evcal_desc2 evcal_event_title' itemprop='name'>Diada Nacional de Catalunya<\/span><span class='evo_below_title'><\/span><span class='evcal_desc_info' ><\/span><span class='evcal_desc3'><\/span><\/span><em class='clear'><\/em><\/p><\/a><div class='event_description evcal_eventcard ' style=\"display:none\"><div class='evo_metarow_directimg'><img src='https:\/\/www.blanescostabrava.cat\/wp-content\/uploads\/2018\/08\/diada-nacional-de-catalunya.jpg' alt=\"Diada Nacional de Catalunya\"\/><\/div><div class='evo_metarow_details evorow evcal_evdata_row bordb evcal_event_details'>\n\t\t\t\t\t\t\t<div class=\"event_excerpt\" style=\"display:none\"><h3 class=\"padb5 evo_h3\">Descripci\u00f3n<\/h3><p>DIA: 11 de setembre\r\nDESCRIPCI\u00d3: Festa Nacional de Catalunya.<\/p><\/div><span class='evcal_evdata_icons'><i class='fa fa-align-justify'><\/i><\/span>\n\t\t\t\t\t\t\t\n\t\t\t\t\t\t\t<div class='evcal_evdata_cell '><div class='eventon_full_description'>\n\t\t\t\t\t\t\t\t\t<h3 class='padb5 evo_h3'><span class='evcal_evdata_icons'><i class='fa fa-align-justify'><\/i><\/span>Descripci\u00f3n<\/h3><div class='eventon_desc_in' itemprop='description'>\n\t\t\t\t\t\t\t\t\t<p>DIA: 11 de setembre<br \/>\nDESCRIPCI\u00d3: Festa Nacional de Catalunya.<\/p>\n<\/div><div class='clear'><\/div>\n\t\t\t\t\t\t\t\t<\/div>\n\t\t\t\t\t\t\t<\/div>\n\t\t\t\t\t\t<\/div><div class='evo_metarow_time evorow evcal_evdata_row bordb evcal_evrow_sm '>\n\t\t\t\t\t\t\t<span class='evcal_evdata_icons'><i class='fa fa-clock-o'><\/i><\/span>\n\t\t\t\t\t\t\t<div class='evcal_evdata_cell'>\t\t\t\t\t\t\t\n\t\t\t\t\t\t\t\t<h3 class='evo_h3'><span class='evcal_evdata_icons'><i class='fa fa-clock-o'><\/i><\/span>Fecha<\/h3><p>All Day (Friday)<\/p>\n\t\t\t\t\t\t\t<\/div>\n\t\t\t\t\t\t<\/div>\t\t\t\t\t\t<div class='evo_metarow_ICS evorow bordb evcal_evdata_row'>\n\t\t\t\t\t\t\t<span class=\"evcal_evdata_icons\"><i class=\"fa fa-calendar\"><\/i><\/span>\n\t\t\t\t\t\t\t<div class='evcal_evdata_cell'>\n\t\t\t\t\t\t\t\t<p><a href='https:\/\/www.blanescostabrava.cat\/wp-admin\/admin-ajax.php?action=eventon_ics_download&amp;event_id=242158&amp;sunix=20260910T220000Z&amp;eunix=20260911T215900Z&amp;loca=&amp;locn=' class='evo_ics_nCal' title='Add to your calendar'>Calendar<\/a><a href='\/\/www.google.com\/calendar\/event?action=TEMPLATE&amp;text=Diada+Nacional+de+Catalunya&amp;dates=20260910T220000Z\/20260911T215900Z&amp;details=DIA%3A+11+de+setembre%0D%0ADESCRIPCI%C3%93%3A+Festa+Nacional+de+Catalunya.&amp;location= - ' target='_blank' class='evo_ics_gCal' title='Add to google calendar'>GoogleCal<\/a><\/p>\t\n\t\t\t\t\t\t\t<\/div>\t\t\t\t\t\t<\/div>\n\t\t\t\t\t\t<\/div><div class='clear end'><\/div><\/div><div id=\"event_242170\" class=\"eventon_list_event evo_eventtop  event hasbgimg\" data-event_id=\"242170\" data-time=\"1789128000-1789170600\" data-colr=\"#206177\" itemscope itemtype='http:\/\/schema.org\/Event' 31><div class=\"evo_boxtop\" style=\"background-image: url(https:\/\/www.blanescostabrava.cat\/wp-content\/uploads\/2026\/08\/timothy-dykes-Lq1rOaigDoY-unsplash-scaled.jpg); background-color:#206177;height:200px;\"><\/div><div class=\"evo_event_schema\" style=\"display:none\" ><a itemprop='url'  href='https:\/\/www.blanescostabrava.cat\/events\/birrasana-xi-festival-de-cervesa-artesana\/'><\/a><span itemprop='name'  >Birrasana - XI Festival de Cervesa Artesana<\/span><meta itemprop='image' content='https:\/\/www.blanescostabrava.cat\/wp-content\/uploads\/2026\/08\/timothy-dykes-Lq1rOaigDoY-unsplash-scaled.jpg' ><\/meta><meta itemprop='description' content='DIA: 11 i 12 de setembre\r\nHORA: a partir de les 12.00 h\r\nLLOC: Passeig de Mar\r\nDESCRIPCI\u00d3: XI edici\u00f3 del festival de cervesa artesana Birrasana.' ><\/meta><meta itemprop='startDate' content='2026-9-11' ><\/meta><meta itemprop='endDate' content='2026-9-11' ><\/meta><meta itemprop='eventStatus' content='on-schedule' ><\/meta><script type=\"application\/ld+json\">{\t\"@context\": \"http:\/\/schema.org\",\n\t\t\t\t\t\t\t  \t\"@type\": \"Event\",\n\t\t\t\t\t\t\t  \t\"name\": \"Birrasana - XI Festival de Cervesa Artesana\",\n\t\t\t\t\t\t\t  \t\"startDate\": \"2026-9-11T12-12-00-00\",\n\t\t\t\t\t\t\t  \t\"endDate\": \"2026-9-11T23-23-50-00\",\n\t\t\t\t\t\t\t  \t\"image\":\"https:\/\/www.blanescostabrava.cat\/wp-content\/uploads\/2026\/08\/timothy-dykes-Lq1rOaigDoY-unsplash-300x200.jpg\",\n\t\t\t\t\t\t\t  \t\"description\":\"DIA: 11 i 12 de setembre\r\nHORA: a partir de les 12.00 h\r\nLLOC: Passeig de Mar\r\nDESCRIPCI\u00d3: XI edici\u00f3 del festival de cervesa artesana Birrasana.\",\n\t\t\t\t\t\t\t  \t\n\t\t\t\t\t\t\t }<\/script><\/div>\n\t\t\t\t<p class=\"desc_trig_outter\"><a data-gmap_status=\"null\" data-exlk=\"0\" style=\"border-color: #206177;padding-top: 215px;height: 310px;\" id=\"evc_1789128000242170\" class=\"desc_trig sin_val evcal_list_a\" data-ux_val=\"3\"  ><span class='event-img'><img src='https:\/\/www.blanescostabrava.cat\/wp-content\/uploads\/2026\/08\/timothy-dykes-Lq1rOaigDoY-unsplash-scaled.jpg'><\/span><span class='evcal_cblock ' data-bgcolor='#206177' data-smon='septiembre' data-syr='2026'><span class='evo_start '><em class='date'>11<\/em><em class='month'>sep<\/em><em class='time'>12:00 pm<\/em><\/span><em class='clear'><\/em><\/span><span class='evcal_desc evo_info hide_eventtopdata '  data-location_status=\"false\" ><span class='evo_above_title'><\/span><span class='evcal_desc2 evcal_event_title' itemprop='name'>Birrasana - XI Festival de Cervesa Artesana<\/span><span class='evo_below_title'><\/span><span class='evcal_desc_info' ><\/span><span class='evcal_desc3'><\/span><\/span><em class='clear'><\/em><\/p><\/a><div class='event_description evcal_eventcard ' style=\"display:none\"><div class='evo_metarow_directimg'><img src='https:\/\/www.blanescostabrava.cat\/wp-content\/uploads\/2026\/08\/timothy-dykes-Lq1rOaigDoY-unsplash-scaled.jpg' \/><\/div><div class='evo_metarow_details evorow evcal_evdata_row bordb evcal_event_details'>\n\t\t\t\t\t\t\t<div class=\"event_excerpt\" style=\"display:none\"><h3 class=\"padb5 evo_h3\">Descripci\u00f3n<\/h3><p>DIA: 11 i 12 de setembre\r\nHORA: a partir de les 12.00 h\r\nLLOC: Passeig de Mar\r\nDESCRIPCI\u00d3: XI edici\u00f3 del festival de cervesa artesana Birrasana.<\/p><\/div><span class='evcal_evdata_icons'><i class='fa fa-align-justify'><\/i><\/span>\n\t\t\t\t\t\t\t\n\t\t\t\t\t\t\t<div class='evcal_evdata_cell '><div class='eventon_full_description'>\n\t\t\t\t\t\t\t\t\t<h3 class='padb5 evo_h3'><span class='evcal_evdata_icons'><i class='fa fa-align-justify'><\/i><\/span>Descripci\u00f3n<\/h3><div class='eventon_desc_in' itemprop='description'>\n\t\t\t\t\t\t\t\t\t<p>DIA: 11 i 12 de setembre<br \/>\nHORA: a partir de les 12.00 h<br \/>\nLLOC: Passeig de Mar<br \/>\nDESCRIPCI\u00d3: XI edici\u00f3 del festival de cervesa artesana Birrasana.<\/p>\n<\/div><div class='clear'><\/div>\n\t\t\t\t\t\t\t\t<\/div>\n\t\t\t\t\t\t\t<\/div>\n\t\t\t\t\t\t<\/div><div class='evo_metarow_time_location evorow bordb '>\n\t\t\t\t\t\t<div class='tb' >\n\t\t\t\t\t\t\t<div class='tbrow'>\n\t\t\t\t\t\t\t<div class='evcal_col50 bordr'>\n\t\t\t\t\t\t\t\t<div class='evcal_evdata_row evo_time'>\n\t\t\t\t\t\t\t\t\t<span class='evcal_evdata_icons'><i class='fa fa-clock-o'><\/i><\/span>\n\t\t\t\t\t\t\t\t\t<div class='evcal_evdata_cell'>\t\t\t\t\t\t\t\n\t\t\t\t\t\t\t\t\t\t<h3 class='evo_h3'><span class='evcal_evdata_icons'><i class='fa fa-clock-o'><\/i><\/span>Fecha<\/h3>\n\t\t\t\t\t\t\t\t\t\t<p>(Friday) 12:00 pm<\/p>\n\t\t\t\t\t\t\t\t\t<\/div>\n\t\t\t\t\t\t\t\t<\/div>\n\t\t\t\t\t\t\t<\/div><div class='evcal_col50'>\n\t\t\t\t\t\t\t\t<div class='evcal_evdata_row evo_location'>\n\t\t\t\t\t\t\t\t\t<span class='evcal_evdata_icons'><i class='fa fa-map-marker'><\/i><\/span>\n\t\t\t\t\t\t\t\t\t<div class='evcal_evdata_cell' data-loc_tax_id='2437'>\t\t\t\t\t\t\t\n\t\t\t\t\t\t\t\t\t\t<h3 class='evo_h3'><span class='evcal_evdata_icons'><i class='fa fa-map-marker'><\/i><\/span>Location<\/h3><p class='evo_location_name'>Passeig de Mar i antic camp de futbol d\u2019Els Pins<\/p><p class='evo_location_address'><\/p>\n\t\t\t\t\t\t\t\t\t<\/div>\n\t\t\t\t\t\t\t\t<\/div>\n\t\t\t\t\t\t\t<\/div><div class='clear'><\/div>\n\t\t\t\t\t\t\t<\/div><\/div>\n\t\t\t\t\t\t<\/div>\t\t\t\t\t\t<div class='evo_metarow_ICS evorow bordb evcal_evdata_row'>\n\t\t\t\t\t\t\t<span class=\"evcal_evdata_icons\"><i class=\"fa fa-calendar\"><\/i><\/span>\n\t\t\t\t\t\t\t<div class='evcal_evdata_cell'>\n\t\t\t\t\t\t\t\t<p><a href='https:\/\/www.blanescostabrava.cat\/wp-admin\/admin-ajax.php?action=eventon_ics_download&amp;event_id=242170&amp;sunix=20260911T100000Z&amp;eunix=20260911T215000Z&amp;loca=&amp;locn=Passeig de Mar i antic camp de futbol d\u2019Els Pins' class='evo_ics_nCal' title='Add to your calendar'>Calendar<\/a><a href='\/\/www.google.com\/calendar\/event?action=TEMPLATE&amp;text=Birrasana+-+XI+Festival+de+Cervesa+Artesana&amp;dates=20260911T100000Z\/20260911T215000Z&amp;details=DIA%3A+11+i+12+de+setembre%0D%0AHORA%3A+a+partir+de+les+12.00+h%0D%0ALLOC%3A+Passeig+de+Mar%0D%0ADESCRIPCI%C3%93%3A+XI+edici%C3%B3+del+festival+de+cervesa+artesana+Birrasana.&amp;location=Passeig+de+Mar+i+antic+camp+de+futbol+d%E2%80%99Els+Pins - ' target='_blank' class='evo_ics_gCal' title='Add to google calendar'>GoogleCal<\/a><\/p>\t\n\t\t\t\t\t\t\t<\/div>\t\t\t\t\t\t<\/div>\n\t\t\t\t\t\t<\/div><div class='clear end'><\/div><\/div><div id=\"event_241894\" class=\"eventon_list_event evo_eventtop  event hasbgimg\" data-event_id=\"241894\" data-time=\"1789171201-1789257599\" data-colr=\"#206177\" itemscope itemtype='http:\/\/schema.org\/Event' 32><div class=\"evo_boxtop\" style=\"background-image: url(https:\/\/www.blanescostabrava.cat\/wp-content\/uploads\/2023\/07\/galerialarcada-2.jpeg); background-color:#206177;height:200px;\"><\/div><div class=\"evo_event_schema\" style=\"display:none\" ><a itemprop='url'  href='https:\/\/www.blanescostabrava.cat\/events\/larissa-stenlander-toni-becerra-i-josep-m-carbo\/'><\/a><span itemprop='name'  >Larissa Stenlander, Toni Becerra i Josep M. Carb\u00f3<\/span><meta itemprop='image' content='https:\/\/www.blanescostabrava.cat\/wp-content\/uploads\/2023\/07\/galerialarcada-2.jpeg' ><\/meta><meta itemprop='description' content='DIA: Del 12 de setembre al 8 d'octubre\r\nLLOC: Galeria d'art L'Arcada\r\nDESCRIPCI\u00d3: Exposici\u00f3 col\u00b7lectiva de Larissa Stenlander, Toni Becerra i Josep M. Carb\u00f3.' ><\/meta><meta itemprop='startDate' content='2026-9-12' ><\/meta><meta itemprop='endDate' content='2026-9-12' ><\/meta><meta itemprop='eventStatus' content='on-schedule' ><\/meta><script type=\"application\/ld+json\">{\t\"@context\": \"http:\/\/schema.org\",\n\t\t\t\t\t\t\t  \t\"@type\": \"Event\",\n\t\t\t\t\t\t\t  \t\"name\": \"Larissa Stenlander, Toni Becerra i Josep M. Carb\u00f3\",\n\t\t\t\t\t\t\t  \t\"startDate\": \"2026-9-12T00-00-00-00\",\n\t\t\t\t\t\t\t  \t\"endDate\": \"2026-9-12T23-23-59-00\",\n\t\t\t\t\t\t\t  \t\"image\":\"https:\/\/www.blanescostabrava.cat\/wp-content\/uploads\/2023\/07\/galerialarcada-2-300x164.jpeg\",\n\t\t\t\t\t\t\t  \t\"description\":\"DIA: Del 12 de setembre al 8 d'octubre\r\nLLOC: Galeria d'art L'Arcada\r\nDESCRIPCI\u00d3: Exposici\u00f3 col\u00b7lectiva de Larissa Stenlander, Toni Becerra i Josep M. Carb\u00f3.\",\n\t\t\t\t\t\t\t  \t\n\t\t\t\t\t\t\t }<\/script><\/div>\n\t\t\t\t<p class=\"desc_trig_outter\"><a data-gmap_status=\"null\" data-exlk=\"0\" style=\"border-color: #206177;padding-top: 215px;height: 310px;\" id=\"evc_1789171201241894\" class=\"desc_trig sin_val evcal_list_a\" data-ux_val=\"3\"  ><span class='event-img'><img src='https:\/\/www.blanescostabrava.cat\/wp-content\/uploads\/2023\/07\/galerialarcada-2.jpeg'><\/span><span class='evcal_cblock ' data-bgcolor='#206177' data-smon='septiembre' data-syr='2026'><span class='evo_start '><em class='date'>12<\/em><em class='month'>sep<\/em><em class='time'>allday<\/em><\/span><em class='clear'><\/em><\/span><span class='evcal_desc evo_info hide_eventtopdata '  data-location_status=\"false\" ><span class='evo_above_title'><\/span><span class='evcal_desc2 evcal_event_title' itemprop='name'>Larissa Stenlander, Toni Becerra i Josep M. Carb\u00f3<\/span><span class='evo_below_title'><\/span><span class='evcal_desc_info' ><\/span><span class='evcal_desc3'><\/span><\/span><em class='clear'><\/em><\/p><\/a><div class='event_description evcal_eventcard ' style=\"display:none\"><div class='evo_metarow_directimg'><img src='https:\/\/www.blanescostabrava.cat\/wp-content\/uploads\/2023\/07\/galerialarcada-2.jpeg' \/><\/div><div class='evo_metarow_details evorow evcal_evdata_row bordb evcal_event_details'>\n\t\t\t\t\t\t\t<div class=\"event_excerpt\" style=\"display:none\"><h3 class=\"padb5 evo_h3\">Descripci\u00f3n<\/h3><p>DIA: Del 12 de setembre al 8 d'octubre\r\nLLOC: Galeria d'art L'Arcada\r\nDESCRIPCI\u00d3: Exposici\u00f3 col\u00b7lectiva de Larissa Stenlander, Toni Becerra i Josep M. Carb\u00f3.<\/p><\/div><span class='evcal_evdata_icons'><i class='fa fa-align-justify'><\/i><\/span>\n\t\t\t\t\t\t\t\n\t\t\t\t\t\t\t<div class='evcal_evdata_cell '><div class='eventon_full_description'>\n\t\t\t\t\t\t\t\t\t<h3 class='padb5 evo_h3'><span class='evcal_evdata_icons'><i class='fa fa-align-justify'><\/i><\/span>Descripci\u00f3n<\/h3><div class='eventon_desc_in' itemprop='description'>\n\t\t\t\t\t\t\t\t\t<p>DIA: Del 12 de setembre al 8 d&#8217;octubre<br \/>\nLLOC: Galeria d&#8217;art L&#8217;Arcada<br \/>\nDESCRIPCI\u00d3: Exposici\u00f3 col\u00b7lectiva de Larissa Stenlander, Toni Becerra i Josep M. Carb\u00f3.<\/p>\n<\/div><div class='clear'><\/div>\n\t\t\t\t\t\t\t\t<\/div>\n\t\t\t\t\t\t\t<\/div>\n\t\t\t\t\t\t<\/div><div class='evo_metarow_time_location evorow bordb '>\n\t\t\t\t\t\t<div class='tb' >\n\t\t\t\t\t\t\t<div class='tbrow'>\n\t\t\t\t\t\t\t<div class='evcal_col50 bordr'>\n\t\t\t\t\t\t\t\t<div class='evcal_evdata_row evo_time'>\n\t\t\t\t\t\t\t\t\t<span class='evcal_evdata_icons'><i class='fa fa-clock-o'><\/i><\/span>\n\t\t\t\t\t\t\t\t\t<div class='evcal_evdata_cell'>\t\t\t\t\t\t\t\n\t\t\t\t\t\t\t\t\t\t<h3 class='evo_h3'><span class='evcal_evdata_icons'><i class='fa fa-clock-o'><\/i><\/span>Fecha<\/h3>\n\t\t\t\t\t\t\t\t\t\t<p>All Day (Saturday)<\/p>\n\t\t\t\t\t\t\t\t\t<\/div>\n\t\t\t\t\t\t\t\t<\/div>\n\t\t\t\t\t\t\t<\/div><div class='evcal_col50'>\n\t\t\t\t\t\t\t\t<div class='evcal_evdata_row evo_location'>\n\t\t\t\t\t\t\t\t\t<span class='evcal_evdata_icons'><i class='fa fa-map-marker'><\/i><\/span>\n\t\t\t\t\t\t\t\t\t<div class='evcal_evdata_cell' data-loc_tax_id='2398'>\t\t\t\t\t\t\t\n\t\t\t\t\t\t\t\t\t\t<h3 class='evo_h3'><span class='evcal_evdata_icons'><i class='fa fa-map-marker'><\/i><\/span>Location<\/h3><p class='evo_location_name'>Galeria d\u2019art l\u2019Arcada<\/p><p class='evo_location_address'><\/p>\n\t\t\t\t\t\t\t\t\t<\/div>\n\t\t\t\t\t\t\t\t<\/div>\n\t\t\t\t\t\t\t<\/div><div class='clear'><\/div>\n\t\t\t\t\t\t\t<\/div><\/div>\n\t\t\t\t\t\t<\/div>\t\t\t\t\t\t<div class='evo_metarow_ICS evorow bordb evcal_evdata_row'>\n\t\t\t\t\t\t\t<span class=\"evcal_evdata_icons\"><i class=\"fa fa-calendar\"><\/i><\/span>\n\t\t\t\t\t\t\t<div class='evcal_evdata_cell'>\n\t\t\t\t\t\t\t\t<p><a href='https:\/\/www.blanescostabrava.cat\/wp-admin\/admin-ajax.php?action=eventon_ics_download&amp;event_id=241894&amp;sunix=20260911T220000Z&amp;eunix=20260912T215900Z&amp;loca=&amp;locn=Galeria d\u2019art l\u2019Arcada' class='evo_ics_nCal' title='Add to your calendar'>Calendar<\/a><a href='\/\/www.google.com\/calendar\/event?action=TEMPLATE&amp;text=Larissa+Stenlander%2C+Toni+Becerra+i+Josep+M.+Carb%C3%B3&amp;dates=20260911T220000Z\/20260912T215900Z&amp;details=DIA%3A+Del+12+de+setembre+al+8+d%27octubre%0D%0ALLOC%3A+Galeria+d%27art+L%27Arcada%0D%0ADESCRIPCI%C3%93%3A+Exposici%C3%B3+col%C2%B7lectiva+de+Larissa+Stenlander%2C+Toni+Becerra+i+Josep+M.+Carb%C3%B3.&amp;location=Galeria+d%E2%80%99art+l%E2%80%99Arcada - ' target='_blank' class='evo_ics_gCal' title='Add to google calendar'>GoogleCal<\/a><\/p>\t\n\t\t\t\t\t\t\t<\/div>\t\t\t\t\t\t<\/div>\n\t\t\t\t\t\t<\/div><div class='clear end'><\/div><\/div><div id=\"event_242206\" class=\"eventon_list_event evo_eventtop  event hasbgimg\" data-event_id=\"242206\" data-time=\"1789237800-1789257000\" data-colr=\"#206177\" itemscope itemtype='http:\/\/schema.org\/Event' 33><div class=\"evo_boxtop\" style=\"background-image: url(https:\/\/www.blanescostabrava.cat\/wp-content\/uploads\/2026\/08\/images.jpeg); background-color:#206177;height:200px;\"><\/div><div class=\"evo_event_schema\" style=\"display:none\" ><a itemprop='url'  href='https:\/\/www.blanescostabrava.cat\/events\/espectacle-de-clown-familiar-on-com-aigua\/'><\/a><span itemprop='name'  >Espectacle de Clown Familiar: \"On, Com, Aigua?\"<\/span><meta itemprop='image' content='https:\/\/www.blanescostabrava.cat\/wp-content\/uploads\/2026\/08\/images.jpeg' ><\/meta><meta itemprop='description' content='DIA: 12 de setembre\r\nHORA: 18.30 h\r\nLLOC: Pla\u00e7a d'Espanya\r\nDESCRIPCI\u00d3: Espectacle de clown familiar a c\u00e0rrec de Cia. La Toli, dins el Cicle Talent Blanenc.' ><\/meta><meta itemprop='startDate' content='2026-9-12' ><\/meta><meta itemprop='endDate' content='2026-9-12' ><\/meta><meta itemprop='eventStatus' content='on-schedule' ><\/meta><script type=\"application\/ld+json\">{\t\"@context\": \"http:\/\/schema.org\",\n\t\t\t\t\t\t\t  \t\"@type\": \"Event\",\n\t\t\t\t\t\t\t  \t\"name\": \"Espectacle de Clown Familiar: \"On, Com, Aigua?\"\",\n\t\t\t\t\t\t\t  \t\"startDate\": \"2026-9-12T18-18-30-00\",\n\t\t\t\t\t\t\t  \t\"endDate\": \"2026-9-12T23-23-50-00\",\n\t\t\t\t\t\t\t  \t\"image\":\"https:\/\/www.blanescostabrava.cat\/wp-content\/uploads\/2026\/08\/images-239x300.jpeg\",\n\t\t\t\t\t\t\t  \t\"description\":\"DIA: 12 de setembre\r\nHORA: 18.30 h\r\nLLOC: Pla\u00e7a d'Espanya\r\nDESCRIPCI\u00d3: Espectacle de clown familiar a c\u00e0rrec de Cia. La Toli, dins el Cicle Talent Blanenc.\",\n\t\t\t\t\t\t\t  \t\n\t\t\t\t\t\t\t }<\/script><\/div>\n\t\t\t\t<p class=\"desc_trig_outter\"><a data-gmap_status=\"null\" data-exlk=\"0\" style=\"border-color: #206177;padding-top: 215px;height: 310px;\" id=\"evc_1789237800242206\" class=\"desc_trig sin_val evcal_list_a\" data-ux_val=\"3\"  ><span class='event-img'><img src='https:\/\/www.blanescostabrava.cat\/wp-content\/uploads\/2026\/08\/images.jpeg'><\/span><span class='evcal_cblock ' data-bgcolor='#206177' data-smon='septiembre' data-syr='2026'><span class='evo_start '><em class='date'>12<\/em><em class='month'>sep<\/em><em class='time'>6:30 pm<\/em><\/span><em class='clear'><\/em><\/span><span class='evcal_desc evo_info hide_eventtopdata '  data-location_status=\"false\" ><span class='evo_above_title'><\/span><span class='evcal_desc2 evcal_event_title' itemprop='name'>Espectacle de Clown Familiar: \"On, Com, Aigua?\"<\/span><span class='evo_below_title'><\/span><span class='evcal_desc_info' ><\/span><span class='evcal_desc3'><\/span><\/span><em class='clear'><\/em><\/p><\/a><div class='event_description evcal_eventcard ' style=\"display:none\"><div class='evo_metarow_directimg'><img src='https:\/\/www.blanescostabrava.cat\/wp-content\/uploads\/2026\/08\/images.jpeg' \/><\/div><div class='evo_metarow_details evorow evcal_evdata_row bordb evcal_event_details'>\n\t\t\t\t\t\t\t<div class=\"event_excerpt\" style=\"display:none\"><h3 class=\"padb5 evo_h3\">Descripci\u00f3n<\/h3><p>DIA: 12 de setembre\r\nHORA: 18.30 h\r\nLLOC: Pla\u00e7a d'Espanya\r\nDESCRIPCI\u00d3: Espectacle de clown familiar a c\u00e0rrec de Cia. La Toli, dins el Cicle Talent Blanenc.<\/p><\/div><span class='evcal_evdata_icons'><i class='fa fa-align-justify'><\/i><\/span>\n\t\t\t\t\t\t\t\n\t\t\t\t\t\t\t<div class='evcal_evdata_cell '><div class='eventon_full_description'>\n\t\t\t\t\t\t\t\t\t<h3 class='padb5 evo_h3'><span class='evcal_evdata_icons'><i class='fa fa-align-justify'><\/i><\/span>Descripci\u00f3n<\/h3><div class='eventon_desc_in' itemprop='description'>\n\t\t\t\t\t\t\t\t\t<p>DIA: 12 de setembre<br \/>\nHORA: 18.30 h<br \/>\nLLOC: Pla\u00e7a d&#8217;Espanya<br \/>\nDESCRIPCI\u00d3: Espectacle de clown familiar a c\u00e0rrec de Cia. La Toli, dins el Cicle Talent Blanenc.<\/p>\n<\/div><div class='clear'><\/div>\n\t\t\t\t\t\t\t\t<\/div>\n\t\t\t\t\t\t\t<\/div>\n\t\t\t\t\t\t<\/div><div class='evo_metarow_time_location evorow bordb '>\n\t\t\t\t\t\t<div class='tb' >\n\t\t\t\t\t\t\t<div class='tbrow'>\n\t\t\t\t\t\t\t<div class='evcal_col50 bordr'>\n\t\t\t\t\t\t\t\t<div class='evcal_evdata_row evo_time'>\n\t\t\t\t\t\t\t\t\t<span class='evcal_evdata_icons'><i class='fa fa-clock-o'><\/i><\/span>\n\t\t\t\t\t\t\t\t\t<div class='evcal_evdata_cell'>\t\t\t\t\t\t\t\n\t\t\t\t\t\t\t\t\t\t<h3 class='evo_h3'><span class='evcal_evdata_icons'><i class='fa fa-clock-o'><\/i><\/span>Fecha<\/h3>\n\t\t\t\t\t\t\t\t\t\t<p>(Saturday) 6:30 pm<\/p>\n\t\t\t\t\t\t\t\t\t<\/div>\n\t\t\t\t\t\t\t\t<\/div>\n\t\t\t\t\t\t\t<\/div><div class='evcal_col50'>\n\t\t\t\t\t\t\t\t<div class='evcal_evdata_row evo_location'>\n\t\t\t\t\t\t\t\t\t<span class='evcal_evdata_icons'><i class='fa fa-map-marker'><\/i><\/span>\n\t\t\t\t\t\t\t\t\t<div class='evcal_evdata_cell' data-loc_tax_id='3429'>\t\t\t\t\t\t\t\n\t\t\t\t\t\t\t\t\t\t<h3 class='evo_h3'><span class='evcal_evdata_icons'><i class='fa fa-map-marker'><\/i><\/span>Location<\/h3><p class='evo_location_name'>Pl. Espanya<\/p><p class='evo_location_address'><\/p>\n\t\t\t\t\t\t\t\t\t<\/div>\n\t\t\t\t\t\t\t\t<\/div>\n\t\t\t\t\t\t\t<\/div><div class='clear'><\/div>\n\t\t\t\t\t\t\t<\/div><\/div>\n\t\t\t\t\t\t<\/div>\t\t\t\t\t\t<div class='evo_metarow_ICS evorow bordb evcal_evdata_row'>\n\t\t\t\t\t\t\t<span class=\"evcal_evdata_icons\"><i class=\"fa fa-calendar\"><\/i><\/span>\n\t\t\t\t\t\t\t<div class='evcal_evdata_cell'>\n\t\t\t\t\t\t\t\t<p><a href='https:\/\/www.blanescostabrava.cat\/wp-admin\/admin-ajax.php?action=eventon_ics_download&amp;event_id=242206&amp;sunix=20260912T163000Z&amp;eunix=20260912T215000Z&amp;loca=&amp;locn=Pl. Espanya' class='evo_ics_nCal' title='Add to your calendar'>Calendar<\/a><a href='\/\/www.google.com\/calendar\/event?action=TEMPLATE&amp;text=Espectacle+de+Clown+Familiar%3A+%22On%2C+Com%2C+Aigua%3F%22&amp;dates=20260912T163000Z\/20260912T215000Z&amp;details=DIA%3A+12+de+setembre%0D%0AHORA%3A+18.30+h%0D%0ALLOC%3A+Pla%C3%A7a+d%27Espanya%0D%0ADESCRIPCI%C3%93%3A+Espectacle+de+clown+familiar+a+c%C3%A0rrec+de+Cia.+La+Toli%2C+dins+el+Cicle+Talent+Blanenc.&amp;location=Pl.+Espanya - ' target='_blank' class='evo_ics_gCal' title='Add to google calendar'>GoogleCal<\/a><\/p>\t\n\t\t\t\t\t\t\t<\/div>\t\t\t\t\t\t<\/div>\n\t\t\t\t\t\t<\/div><div class='clear end'><\/div><\/div><div id=\"event_242218\" class=\"eventon_list_event evo_eventtop  event hasbgimg\" data-event_id=\"242218\" data-time=\"1789290000-1789311600\" data-colr=\"#206177\" itemscope itemtype='http:\/\/schema.org\/Event' 34><div class=\"evo_boxtop\" style=\"background-image: url(https:\/\/www.blanescostabrava.cat\/wp-content\/uploads\/2019\/03\/El_Vilar_de_Blanes_4.jpg); background-color:#206177;height:200px;\"><\/div><div class=\"evo_event_schema\" style=\"display:none\" ><a itemprop='url'  href='https:\/\/www.blanescostabrava.cat\/events\/trobada-de-colleccionistes-7\/'><\/a><span itemprop='name'  >Trobada de Col\u00b7leccionistes<\/span><meta itemprop='image' content='https:\/\/www.blanescostabrava.cat\/wp-content\/uploads\/2019\/03\/El_Vilar_de_Blanes_4.jpg' ><\/meta><meta itemprop='description' content='DIA: 13 de setembre\r\nHORA: 9.00 - 15.00 h\r\nLLOC: Pla\u00e7a Mare de D\u00e9u del Vilar\r\nDESCRIPCI\u00d3: Mercat de trobada de col\u00b7leccionistes, organitzat per l'Associaci\u00f3 Gastron\u00f2mica.' ><\/meta><meta itemprop='startDate' content='2026-9-13' ><\/meta><meta itemprop='endDate' content='2026-9-13' ><\/meta><meta itemprop='eventStatus' content='on-schedule' ><\/meta><script type=\"application\/ld+json\">{\t\"@context\": \"http:\/\/schema.org\",\n\t\t\t\t\t\t\t  \t\"@type\": \"Event\",\n\t\t\t\t\t\t\t  \t\"name\": \"Trobada de Col\u00b7leccionistes\",\n\t\t\t\t\t\t\t  \t\"startDate\": \"2026-9-13T09-09-00-00\",\n\t\t\t\t\t\t\t  \t\"endDate\": \"2026-9-13T15-15-00-00\",\n\t\t\t\t\t\t\t  \t\"image\":\"https:\/\/www.blanescostabrava.cat\/wp-content\/uploads\/2019\/03\/El_Vilar_de_Blanes_4-300x222.jpg\",\n\t\t\t\t\t\t\t  \t\"description\":\"DIA: 13 de setembre\r\nHORA: 9.00 - 15.00 h\r\nLLOC: Pla\u00e7a Mare de D\u00e9u del Vilar\r\nDESCRIPCI\u00d3: Mercat de trobada de col\u00b7leccionistes, organitzat per l'Associaci\u00f3 Gastron\u00f2mica.\",\n\t\t\t\t\t\t\t  \t\n\t\t\t\t\t\t\t }<\/script><\/div>\n\t\t\t\t<p class=\"desc_trig_outter\"><a data-gmap_status=\"null\" data-exlk=\"0\" style=\"border-color: #206177;padding-top: 215px;height: 310px;\" id=\"evc_1789290000242218\" class=\"desc_trig sin_val evcal_list_a\" data-ux_val=\"3\"  ><span class='event-img'><img src='https:\/\/www.blanescostabrava.cat\/wp-content\/uploads\/2019\/03\/El_Vilar_de_Blanes_4.jpg'><\/span><span class='evcal_cblock ' data-bgcolor='#206177' data-smon='septiembre' data-syr='2026'><span class='evo_start '><em class='date'>13<\/em><em class='month'>sep<\/em><em class='time'>9:00 am<\/em><\/span><span class='evo_end only_time'><em class='time'>3:00 pm<\/em><\/span><em class='clear'><\/em><\/span><span class='evcal_desc evo_info hide_eventtopdata '  data-location_status=\"false\" ><span class='evo_above_title'><\/span><span class='evcal_desc2 evcal_event_title' itemprop='name'>Trobada de Col\u00b7leccionistes<\/span><span class='evo_below_title'><\/span><span class='evcal_desc_info' ><\/span><span class='evcal_desc3'><\/span><\/span><em class='clear'><\/em><\/p><\/a><div class='event_description evcal_eventcard ' style=\"display:none\"><div class='evo_metarow_directimg'><img src='https:\/\/www.blanescostabrava.cat\/wp-content\/uploads\/2019\/03\/El_Vilar_de_Blanes_4.jpg' alt=\"santuari el vilar\"\/><\/div><div class='evo_metarow_details evorow evcal_evdata_row bordb evcal_event_details'>\n\t\t\t\t\t\t\t<div class=\"event_excerpt\" style=\"display:none\"><h3 class=\"padb5 evo_h3\">Descripci\u00f3n<\/h3><p>DIA: 13 de setembre\r\nHORA: 9.00 - 15.00 h\r\nLLOC: Pla\u00e7a Mare de D\u00e9u del Vilar\r\nDESCRIPCI\u00d3: Mercat de trobada de col\u00b7leccionistes, organitzat per l'Associaci\u00f3 Gastron\u00f2mica.<\/p><\/div><span class='evcal_evdata_icons'><i class='fa fa-align-justify'><\/i><\/span>\n\t\t\t\t\t\t\t\n\t\t\t\t\t\t\t<div class='evcal_evdata_cell '><div class='eventon_full_description'>\n\t\t\t\t\t\t\t\t\t<h3 class='padb5 evo_h3'><span class='evcal_evdata_icons'><i class='fa fa-align-justify'><\/i><\/span>Descripci\u00f3n<\/h3><div class='eventon_desc_in' itemprop='description'>\n\t\t\t\t\t\t\t\t\t<p>DIA: 13 de setembre<br \/>\nHORA: 9.00 &#8211; 15.00 h<br \/>\nLLOC: Pla\u00e7a Mare de D\u00e9u del Vilar<br \/>\nDESCRIPCI\u00d3: Mercat de trobada de col\u00b7leccionistes, organitzat per l&#8217;Associaci\u00f3 Gastron\u00f2mica.<\/p>\n<\/div><div class='clear'><\/div>\n\t\t\t\t\t\t\t\t<\/div>\n\t\t\t\t\t\t\t<\/div>\n\t\t\t\t\t\t<\/div><div class='evo_metarow_time_location evorow bordb '>\n\t\t\t\t\t\t<div class='tb' >\n\t\t\t\t\t\t\t<div class='tbrow'>\n\t\t\t\t\t\t\t<div class='evcal_col50 bordr'>\n\t\t\t\t\t\t\t\t<div class='evcal_evdata_row evo_time'>\n\t\t\t\t\t\t\t\t\t<span class='evcal_evdata_icons'><i class='fa fa-clock-o'><\/i><\/span>\n\t\t\t\t\t\t\t\t\t<div class='evcal_evdata_cell'>\t\t\t\t\t\t\t\n\t\t\t\t\t\t\t\t\t\t<h3 class='evo_h3'><span class='evcal_evdata_icons'><i class='fa fa-clock-o'><\/i><\/span>Fecha<\/h3>\n\t\t\t\t\t\t\t\t\t\t<p>(Sunday) 9:00 am - 3:00 pm<\/p>\n\t\t\t\t\t\t\t\t\t<\/div>\n\t\t\t\t\t\t\t\t<\/div>\n\t\t\t\t\t\t\t<\/div><div class='evcal_col50'>\n\t\t\t\t\t\t\t\t<div class='evcal_evdata_row evo_location'>\n\t\t\t\t\t\t\t\t\t<span class='evcal_evdata_icons'><i class='fa fa-map-marker'><\/i><\/span>\n\t\t\t\t\t\t\t\t\t<div class='evcal_evdata_cell' data-loc_tax_id='4078'>\t\t\t\t\t\t\t\n\t\t\t\t\t\t\t\t\t\t<h3 class='evo_h3'><span class='evcal_evdata_icons'><i class='fa fa-map-marker'><\/i><\/span>Location<\/h3><p class='evo_location_name'>Pla\u00e7a Mare de D\u00e9u del Vilar - Blanes<\/p><p class='evo_location_address'><\/p>\n\t\t\t\t\t\t\t\t\t<\/div>\n\t\t\t\t\t\t\t\t<\/div>\n\t\t\t\t\t\t\t<\/div><div class='clear'><\/div>\n\t\t\t\t\t\t\t<\/div><\/div>\n\t\t\t\t\t\t<\/div>\t\t\t\t\t\t<div class='evo_metarow_ICS evorow bordb evcal_evdata_row'>\n\t\t\t\t\t\t\t<span class=\"evcal_evdata_icons\"><i class=\"fa fa-calendar\"><\/i><\/span>\n\t\t\t\t\t\t\t<div class='evcal_evdata_cell'>\n\t\t\t\t\t\t\t\t<p><a href='https:\/\/www.blanescostabrava.cat\/wp-admin\/admin-ajax.php?action=eventon_ics_download&amp;event_id=242218&amp;sunix=20260913T070000Z&amp;eunix=20260913T130000Z&amp;loca=&amp;locn=Pla\u00e7a Mare de D\u00e9u del Vilar - Blanes' class='evo_ics_nCal' title='Add to your calendar'>Calendar<\/a><a href='\/\/www.google.com\/calendar\/event?action=TEMPLATE&amp;text=Trobada+de+Col%C2%B7leccionistes&amp;dates=20260913T070000Z\/20260913T130000Z&amp;details=DIA%3A+13+de+setembre%0D%0AHORA%3A+9.00+-+15.00+h%0D%0ALLOC%3A+Pla%C3%A7a+Mare+de+D%C3%A9u+del+Vilar%0D%0ADESCRIPCI%C3%93%3A+Mercat+de+trobada+de+col%C2%B7leccionistes%2C+organitzat+per+l%27Associaci%C3%B3+Gastron%C3%B2mica.&amp;location=Pla%C3%A7a+Mare+de+D%C3%A9u+del+Vilar+-+Blanes - ' target='_blank' class='evo_ics_gCal' title='Add to google calendar'>GoogleCal<\/a><\/p>\t\n\t\t\t\t\t\t\t<\/div>\t\t\t\t\t\t<\/div>\n\t\t\t\t\t\t<\/div><div class='clear end'><\/div><\/div><div id=\"event_242230\" class=\"eventon_list_event evo_eventtop  event hasbgimg\" data-event_id=\"242230\" data-time=\"1789297200-1789343400\" data-colr=\"#206177\" itemscope itemtype='http:\/\/schema.org\/Event' 35><div class=\"evo_boxtop\" style=\"background-image: url(https:\/\/www.blanescostabrava.cat\/wp-content\/uploads\/2018\/04\/Palau_vescomtal_Blanes-min.jpg); background-color:#206177;height:200px;\"><\/div><div class=\"evo_event_schema\" style=\"display:none\" ><a itemprop='url'  href='https:\/\/www.blanescostabrava.cat\/events\/ruta-cultural-el-llegat-dels-cabrera-a-blanes\/'><\/a><span itemprop='name'  >Ruta Cultural: \"El Llegat dels Cabrera a Blanes\"<\/span><meta itemprop='image' content='https:\/\/www.blanescostabrava.cat\/wp-content\/uploads\/2018\/04\/Palau_vescomtal_Blanes-min.jpg' ><\/meta><meta itemprop='description' content='DIA: 13 de setembre\r\nHORA: 11.00 h\r\nLLOC: Palau Vescomtal (s. XIV-XV) - Esgl\u00e9sia Parroquial\r\nDESCRIPCI\u00d3: Ruta cultural sobre el llegat dels Cabrera. Places gratu\u00eftes, inscripcions a turisme@blanes.cat o al 972 33 03' ><\/meta><meta itemprop='startDate' content='2026-9-13' ><\/meta><meta itemprop='endDate' content='2026-9-13' ><\/meta><meta itemprop='eventStatus' content='on-schedule' ><\/meta><script type=\"application\/ld+json\">{\t\"@context\": \"http:\/\/schema.org\",\n\t\t\t\t\t\t\t  \t\"@type\": \"Event\",\n\t\t\t\t\t\t\t  \t\"name\": \"Ruta Cultural: \"El Llegat dels Cabrera a Blanes\"\",\n\t\t\t\t\t\t\t  \t\"startDate\": \"2026-9-13T11-11-00-00\",\n\t\t\t\t\t\t\t  \t\"endDate\": \"2026-9-13T23-23-50-00\",\n\t\t\t\t\t\t\t  \t\"image\":\"https:\/\/www.blanescostabrava.cat\/wp-content\/uploads\/2018\/04\/Palau_vescomtal_Blanes-min-300x199.jpg\",\n\t\t\t\t\t\t\t  \t\"description\":\"DIA: 13 de setembre\r\nHORA: 11.00 h\r\nLLOC: Palau Vescomtal (s. XIV-XV) - Esgl\u00e9sia Parroquial\r\nDESCRIPCI\u00d3: Ruta cultural sobre el llegat dels Cabrera. Places gratu\u00eftes, inscripcions a turisme@blanes.cat o al 972 33 03\",\n\t\t\t\t\t\t\t  \t\n\t\t\t\t\t\t\t }<\/script><\/div>\n\t\t\t\t<p class=\"desc_trig_outter\"><a data-gmap_status=\"null\" data-exlk=\"0\" style=\"border-color: #206177;padding-top: 215px;height: 310px;\" id=\"evc_1789297200242230\" class=\"desc_trig sin_val evcal_list_a\" data-ux_val=\"3\"  ><span class='event-img'><img src='https:\/\/www.blanescostabrava.cat\/wp-content\/uploads\/2018\/04\/Palau_vescomtal_Blanes-min.jpg'><\/span><span class='evcal_cblock ' data-bgcolor='#206177' data-smon='septiembre' data-syr='2026'><span class='evo_start '><em class='date'>13<\/em><em class='month'>sep<\/em><em class='time'>11:00 am<\/em><\/span><em class='clear'><\/em><\/span><span class='evcal_desc evo_info hide_eventtopdata '  data-location_status=\"false\" ><span class='evo_above_title'><\/span><span class='evcal_desc2 evcal_event_title' itemprop='name'>Ruta Cultural: \"El Llegat dels Cabrera a Blanes\"<\/span><span class='evo_below_title'><\/span><span class='evcal_desc_info' ><\/span><span class='evcal_desc3'><\/span><\/span><em class='clear'><\/em><\/p><\/a><div class='event_description evcal_eventcard ' style=\"display:none\"><div class='evo_metarow_directimg'><img src='https:\/\/www.blanescostabrava.cat\/wp-content\/uploads\/2018\/04\/Palau_vescomtal_Blanes-min.jpg' \/><\/div><div class='evo_metarow_details evorow evcal_evdata_row bordb evcal_event_details'>\n\t\t\t\t\t\t\t<div class=\"event_excerpt\" style=\"display:none\"><h3 class=\"padb5 evo_h3\">Descripci\u00f3n<\/h3><p>DIA: 13 de setembre\r\nHORA: 11.00 h\r\nLLOC: Palau Vescomtal (s. XIV-XV) - Esgl\u00e9sia Parroquial\r\nDESCRIPCI\u00d3: Ruta cultural sobre el llegat dels Cabrera. Places gratu\u00eftes, inscripcions a turisme@blanes.cat o al 972 33 03<\/p><\/div><span class='evcal_evdata_icons'><i class='fa fa-align-justify'><\/i><\/span>\n\t\t\t\t\t\t\t\n\t\t\t\t\t\t\t<div class='evcal_evdata_cell '><div class='eventon_full_description'>\n\t\t\t\t\t\t\t\t\t<h3 class='padb5 evo_h3'><span class='evcal_evdata_icons'><i class='fa fa-align-justify'><\/i><\/span>Descripci\u00f3n<\/h3><div class='eventon_desc_in' itemprop='description'>\n\t\t\t\t\t\t\t\t\t<p>DIA: 13 de setembre<br \/>\nHORA: 11.00 h<br \/>\nLLOC: Palau Vescomtal (s. XIV-XV) &#8211; Esgl\u00e9sia Parroquial<br \/>\nDESCRIPCI\u00d3: Ruta cultural sobre el llegat dels Cabrera. Places gratu\u00eftes, inscripcions a turisme@blanes.cat o al 972 33 03 48.<\/p>\n<\/div><div class='clear'><\/div>\n\t\t\t\t\t\t\t\t<\/div>\n\t\t\t\t\t\t\t<\/div>\n\t\t\t\t\t\t<\/div><div class='evo_metarow_time_location evorow bordb '>\n\t\t\t\t\t\t<div class='tb' >\n\t\t\t\t\t\t\t<div class='tbrow'>\n\t\t\t\t\t\t\t<div class='evcal_col50 bordr'>\n\t\t\t\t\t\t\t\t<div class='evcal_evdata_row evo_time'>\n\t\t\t\t\t\t\t\t\t<span class='evcal_evdata_icons'><i class='fa fa-clock-o'><\/i><\/span>\n\t\t\t\t\t\t\t\t\t<div class='evcal_evdata_cell'>\t\t\t\t\t\t\t\n\t\t\t\t\t\t\t\t\t\t<h3 class='evo_h3'><span class='evcal_evdata_icons'><i class='fa fa-clock-o'><\/i><\/span>Fecha<\/h3>\n\t\t\t\t\t\t\t\t\t\t<p>(Sunday) 11:00 am<\/p>\n\t\t\t\t\t\t\t\t\t<\/div>\n\t\t\t\t\t\t\t\t<\/div>\n\t\t\t\t\t\t\t<\/div><div class='evcal_col50'>\n\t\t\t\t\t\t\t\t<div class='evcal_evdata_row evo_location'>\n\t\t\t\t\t\t\t\t\t<span class='evcal_evdata_icons'><i class='fa fa-map-marker'><\/i><\/span>\n\t\t\t\t\t\t\t\t\t<div class='evcal_evdata_cell' data-loc_tax_id='6883'>\t\t\t\t\t\t\t\n\t\t\t\t\t\t\t\t\t\t<h3 class='evo_h3'><span class='evcal_evdata_icons'><i class='fa fa-map-marker'><\/i><\/span>Location<\/h3><p class='evo_location_name'>Palau Vescomtal<\/p><p class='evo_location_address'><\/p>\n\t\t\t\t\t\t\t\t\t<\/div>\n\t\t\t\t\t\t\t\t<\/div>\n\t\t\t\t\t\t\t<\/div><div class='clear'><\/div>\n\t\t\t\t\t\t\t<\/div><\/div>\n\t\t\t\t\t\t<\/div>\t\t\t\t\t\t<div class='evo_metarow_ICS evorow bordb evcal_evdata_row'>\n\t\t\t\t\t\t\t<span class=\"evcal_evdata_icons\"><i class=\"fa fa-calendar\"><\/i><\/span>\n\t\t\t\t\t\t\t<div class='evcal_evdata_cell'>\n\t\t\t\t\t\t\t\t<p><a href='https:\/\/www.blanescostabrava.cat\/wp-admin\/admin-ajax.php?action=eventon_ics_download&amp;event_id=242230&amp;sunix=20260913T090000Z&amp;eunix=20260913T215000Z&amp;loca=&amp;locn=Palau Vescomtal' class='evo_ics_nCal' title='Add to your calendar'>Calendar<\/a><a href='\/\/www.google.com\/calendar\/event?action=TEMPLATE&amp;text=Ruta+Cultural%3A+%22El+Llegat+dels+Cabrera+a+Blanes%22&amp;dates=20260913T090000Z\/20260913T215000Z&amp;details=DIA%3A+13+de+setembre%0D%0AHORA%3A+11.00+h%0D%0ALLOC%3A+Palau+Vescomtal+%28s.+XIV-XV%29+-+Esgl%C3%A9sia+Parroquial%0D%0ADESCRIPCI%C3%93%3A+Ruta+cultural+sobre+el+llegat+dels+Cabrera.+Places+gratu%C3%AFtes%2C+inscripcions+a+turisme%40blanes.cat+o+al+972+33+03&amp;location=Palau+Vescomtal - ' target='_blank' class='evo_ics_gCal' title='Add to google calendar'>GoogleCal<\/a><\/p>\t\n\t\t\t\t\t\t\t<\/div>\t\t\t\t\t\t<\/div>\n\t\t\t\t\t\t<\/div><div class='clear end'><\/div><\/div><div id=\"event_242242\" class=\"eventon_list_event evo_eventtop  event hasbgimg\" data-event_id=\"242242\" data-time=\"1789516801-1789603199\" data-colr=\"#206177\" itemscope itemtype='http:\/\/schema.org\/Event' 36><div class=\"evo_boxtop\" style=\"background-image: url(https:\/\/www.blanescostabrava.cat\/wp-content\/uploads\/2026\/08\/nguy-n-hi-p-ufwC2cmbaaI-unsplash-scaled.jpg); background-color:#206177;height:200px;\"><\/div><div class=\"evo_event_schema\" style=\"display:none\" ><a itemprop='url'  href='https:\/\/www.blanescostabrava.cat\/events\/donacio-de-sang-2\/'><\/a><span itemprop='name'  >Donaci\u00f3 de Sang<\/span><meta itemprop='image' content='https:\/\/www.blanescostabrava.cat\/wp-content\/uploads\/2026\/08\/nguy-n-hi-p-ufwC2cmbaaI-unsplash-scaled.jpg' ><\/meta><meta itemprop='description' content='DIA: Del 16 al 18 de setembre\r\nLLOC: Biblioteca Roberto Bola\u00f1o (planta baixa)\r\nDESCRIPCI\u00d3: Campanya de donaci\u00f3 de sang, organitzada pel Banc de Sang i Teixits.' ><\/meta><meta itemprop='startDate' content='2026-9-16' ><\/meta><meta itemprop='endDate' content='2026-9-16' ><\/meta><meta itemprop='eventStatus' content='on-schedule' ><\/meta><script type=\"application\/ld+json\">{\t\"@context\": \"http:\/\/schema.org\",\n\t\t\t\t\t\t\t  \t\"@type\": \"Event\",\n\t\t\t\t\t\t\t  \t\"name\": \"Donaci\u00f3 de Sang\",\n\t\t\t\t\t\t\t  \t\"startDate\": \"2026-9-16T00-00-00-00\",\n\t\t\t\t\t\t\t  \t\"endDate\": \"2026-9-16T23-23-59-00\",\n\t\t\t\t\t\t\t  \t\"image\":\"https:\/\/www.blanescostabrava.cat\/wp-content\/uploads\/2026\/08\/nguy-n-hi-p-ufwC2cmbaaI-unsplash-300x167.jpg\",\n\t\t\t\t\t\t\t  \t\"description\":\"DIA: Del 16 al 18 de setembre\r\nLLOC: Biblioteca Roberto Bola\u00f1o (planta baixa)\r\nDESCRIPCI\u00d3: Campanya de donaci\u00f3 de sang, organitzada pel Banc de Sang i Teixits.\",\n\t\t\t\t\t\t\t  \t\n\t\t\t\t\t\t\t }<\/script><\/div>\n\t\t\t\t<p class=\"desc_trig_outter\"><a data-gmap_status=\"null\" data-exlk=\"0\" style=\"border-color: #206177;padding-top: 215px;height: 310px;\" id=\"evc_1789516801242242\" class=\"desc_trig sin_val evcal_list_a\" data-ux_val=\"3\"  ><span class='event-img'><img src='https:\/\/www.blanescostabrava.cat\/wp-content\/uploads\/2026\/08\/nguy-n-hi-p-ufwC2cmbaaI-unsplash-scaled.jpg'><\/span><span class='evcal_cblock ' data-bgcolor='#206177' data-smon='septiembre' data-syr='2026'><span class='evo_start '><em class='date'>16<\/em><em class='month'>sep<\/em><em class='time'>allday<\/em><\/span><em class='clear'><\/em><\/span><span class='evcal_desc evo_info hide_eventtopdata '  data-location_status=\"false\" ><span class='evo_above_title'><\/span><span class='evcal_desc2 evcal_event_title' itemprop='name'>Donaci\u00f3 de Sang<\/span><span class='evo_below_title'><\/span><span class='evcal_desc_info' ><\/span><span class='evcal_desc3'><\/span><\/span><em class='clear'><\/em><\/p><\/a><div class='event_description evcal_eventcard ' style=\"display:none\"><div class='evo_metarow_directimg'><img src='https:\/\/www.blanescostabrava.cat\/wp-content\/uploads\/2026\/08\/nguy-n-hi-p-ufwC2cmbaaI-unsplash-scaled.jpg' \/><\/div><div class='evo_metarow_details evorow evcal_evdata_row bordb evcal_event_details'>\n\t\t\t\t\t\t\t<div class=\"event_excerpt\" style=\"display:none\"><h3 class=\"padb5 evo_h3\">Descripci\u00f3n<\/h3><p>DIA: Del 16 al 18 de setembre\r\nLLOC: Biblioteca Roberto Bola\u00f1o (planta baixa)\r\nDESCRIPCI\u00d3: Campanya de donaci\u00f3 de sang, organitzada pel Banc de Sang i Teixits.<\/p><\/div><span class='evcal_evdata_icons'><i class='fa fa-align-justify'><\/i><\/span>\n\t\t\t\t\t\t\t\n\t\t\t\t\t\t\t<div class='evcal_evdata_cell '><div class='eventon_full_description'>\n\t\t\t\t\t\t\t\t\t<h3 class='padb5 evo_h3'><span class='evcal_evdata_icons'><i class='fa fa-align-justify'><\/i><\/span>Descripci\u00f3n<\/h3><div class='eventon_desc_in' itemprop='description'>\n\t\t\t\t\t\t\t\t\t<p>DIA: Del 16 al 18 de setembre<br \/>\nLLOC: Biblioteca Roberto Bola\u00f1o (planta baixa)<br \/>\nDESCRIPCI\u00d3: Campanya de donaci\u00f3 de sang, organitzada pel Banc de Sang i Teixits.<\/p>\n<\/div><div class='clear'><\/div>\n\t\t\t\t\t\t\t\t<\/div>\n\t\t\t\t\t\t\t<\/div>\n\t\t\t\t\t\t<\/div><div class='evo_metarow_time_location evorow bordb '>\n\t\t\t\t\t\t<div class='tb' >\n\t\t\t\t\t\t\t<div class='tbrow'>\n\t\t\t\t\t\t\t<div class='evcal_col50 bordr'>\n\t\t\t\t\t\t\t\t<div class='evcal_evdata_row evo_time'>\n\t\t\t\t\t\t\t\t\t<span class='evcal_evdata_icons'><i class='fa fa-clock-o'><\/i><\/span>\n\t\t\t\t\t\t\t\t\t<div class='evcal_evdata_cell'>\t\t\t\t\t\t\t\n\t\t\t\t\t\t\t\t\t\t<h3 class='evo_h3'><span class='evcal_evdata_icons'><i class='fa fa-clock-o'><\/i><\/span>Fecha<\/h3>\n\t\t\t\t\t\t\t\t\t\t<p>All Day (Wednesday)<\/p>\n\t\t\t\t\t\t\t\t\t<\/div>\n\t\t\t\t\t\t\t\t<\/div>\n\t\t\t\t\t\t\t<\/div><div class='evcal_col50'>\n\t\t\t\t\t\t\t\t<div class='evcal_evdata_row evo_location'>\n\t\t\t\t\t\t\t\t\t<span class='evcal_evdata_icons'><i class='fa fa-map-marker'><\/i><\/span>\n\t\t\t\t\t\t\t\t\t<div class='evcal_evdata_cell' data-loc_tax_id='2396'>\t\t\t\t\t\t\t\n\t\t\t\t\t\t\t\t\t\t<h3 class='evo_h3'><span class='evcal_evdata_icons'><i class='fa fa-map-marker'><\/i><\/span>Location<\/h3><p class='evo_location_name'>Biblioteca Comarcal<\/p><p class='evo_location_address'><\/p>\n\t\t\t\t\t\t\t\t\t<\/div>\n\t\t\t\t\t\t\t\t<\/div>\n\t\t\t\t\t\t\t<\/div><div class='clear'><\/div>\n\t\t\t\t\t\t\t<\/div><\/div>\n\t\t\t\t\t\t<\/div>\t\t\t\t\t\t<div class='evo_metarow_ICS evorow bordb evcal_evdata_row'>\n\t\t\t\t\t\t\t<span class=\"evcal_evdata_icons\"><i class=\"fa fa-calendar\"><\/i><\/span>\n\t\t\t\t\t\t\t<div class='evcal_evdata_cell'>\n\t\t\t\t\t\t\t\t<p><a href='https:\/\/www.blanescostabrava.cat\/wp-admin\/admin-ajax.php?action=eventon_ics_download&amp;event_id=242242&amp;sunix=20260915T220000Z&amp;eunix=20260916T215900Z&amp;loca=&amp;locn=Biblioteca Comarcal' class='evo_ics_nCal' title='Add to your calendar'>Calendar<\/a><a href='\/\/www.google.com\/calendar\/event?action=TEMPLATE&amp;text=Donaci%C3%B3+de+Sang&amp;dates=20260915T220000Z\/20260916T215900Z&amp;details=DIA%3A+Del+16+al+18+de+setembre%0D%0ALLOC%3A+Biblioteca+Roberto+Bola%C3%B1o+%28planta+baixa%29%0D%0ADESCRIPCI%C3%93%3A+Campanya+de+donaci%C3%B3+de+sang%2C+organitzada+pel+Banc+de+Sang+i+Teixits.&amp;location=Biblioteca+Comarcal - ' target='_blank' class='evo_ics_gCal' title='Add to google calendar'>GoogleCal<\/a><\/p>\t\n\t\t\t\t\t\t\t<\/div>\t\t\t\t\t\t<\/div>\n\t\t\t\t\t\t<\/div><div class='clear end'><\/div><\/div><div id=\"event_242254\" class=\"eventon_list_event evo_eventtop  event hasbgimg\" data-event_id=\"242254\" data-time=\"1789669800-1789689000\" data-colr=\"#206177\" itemscope itemtype='http:\/\/schema.org\/Event' 37><div class=\"evo_boxtop\" style=\"background-image: url(https:\/\/www.blanescostabrava.cat\/wp-content\/uploads\/2026\/08\/783727640_1567602581496273_4527918483383161938_n.png.jpeg); background-color:#206177;height:200px;\"><\/div><div class=\"evo_event_schema\" style=\"display:none\" ><a itemprop='url'  href='https:\/\/www.blanescostabrava.cat\/events\/presentacio-del-llibre-de-poesia-cos-cosmos\/'><\/a><span itemprop='name'  >Presentaci\u00f3 del Llibre de Poesia \"Cos, Cosmos\"<\/span><meta itemprop='image' content='https:\/\/www.blanescostabrava.cat\/wp-content\/uploads\/2026\/08\/783727640_1567602581496273_4527918483383161938_n.png.jpeg' ><\/meta><meta itemprop='description' content='DIA: 17 de setembre\r\nHORA: 18.30 h\r\nLLOC: Casa Saladrigas\r\nDESCRIPCI\u00d3: Presentaci\u00f3 del llibre de poesia \"Cos, cosmos\", de Josep Ballesteros.' ><\/meta><meta itemprop='startDate' content='2026-9-17' ><\/meta><meta itemprop='endDate' content='2026-9-17' ><\/meta><meta itemprop='eventStatus' content='on-schedule' ><\/meta><script type=\"application\/ld+json\">{\t\"@context\": \"http:\/\/schema.org\",\n\t\t\t\t\t\t\t  \t\"@type\": \"Event\",\n\t\t\t\t\t\t\t  \t\"name\": \"Presentaci\u00f3 del Llibre de Poesia \"Cos, Cosmos\"\",\n\t\t\t\t\t\t\t  \t\"startDate\": \"2026-9-17T18-18-30-00\",\n\t\t\t\t\t\t\t  \t\"endDate\": \"2026-9-17T23-23-50-00\",\n\t\t\t\t\t\t\t  \t\"image\":\"https:\/\/www.blanescostabrava.cat\/wp-content\/uploads\/2026\/08\/783727640_1567602581496273_4527918483383161938_n.png-240x300.jpeg\",\n\t\t\t\t\t\t\t  \t\"description\":\"DIA: 17 de setembre\r\nHORA: 18.30 h\r\nLLOC: Casa Saladrigas\r\nDESCRIPCI\u00d3: Presentaci\u00f3 del llibre de poesia Cos, cosmos, de Josep Ballesteros.\",\n\t\t\t\t\t\t\t  \t\n\t\t\t\t\t\t\t }<\/script><\/div>\n\t\t\t\t<p class=\"desc_trig_outter\"><a data-gmap_status=\"null\" data-exlk=\"0\" style=\"border-color: #206177;padding-top: 215px;height: 310px;\" id=\"evc_1789669800242254\" class=\"desc_trig sin_val evcal_list_a\" data-ux_val=\"3\"  ><span class='event-img'><img src='https:\/\/www.blanescostabrava.cat\/wp-content\/uploads\/2026\/08\/783727640_1567602581496273_4527918483383161938_n.png.jpeg'><\/span><span class='evcal_cblock ' data-bgcolor='#206177' data-smon='septiembre' data-syr='2026'><span class='evo_start '><em class='date'>17<\/em><em class='month'>sep<\/em><em class='time'>6:30 pm<\/em><\/span><em class='clear'><\/em><\/span><span class='evcal_desc evo_info hide_eventtopdata '  data-location_status=\"false\" ><span class='evo_above_title'><\/span><span class='evcal_desc2 evcal_event_title' itemprop='name'>Presentaci\u00f3 del Llibre de Poesia \"Cos, Cosmos\"<\/span><span class='evo_below_title'><\/span><span class='evcal_desc_info' ><\/span><span class='evcal_desc3'><\/span><\/span><em class='clear'><\/em><\/p><\/a><div class='event_description evcal_eventcard ' style=\"display:none\"><div class='evo_metarow_directimg'><img src='https:\/\/www.blanescostabrava.cat\/wp-content\/uploads\/2026\/08\/783727640_1567602581496273_4527918483383161938_n.png.jpeg' \/><\/div><div class='evo_metarow_details evorow evcal_evdata_row bordb evcal_event_details'>\n\t\t\t\t\t\t\t<div class=\"event_excerpt\" style=\"display:none\"><h3 class=\"padb5 evo_h3\">Descripci\u00f3n<\/h3><p>DIA: 17 de setembre\r\nHORA: 18.30 h\r\nLLOC: Casa Saladrigas\r\nDESCRIPCI\u00d3: Presentaci\u00f3 del llibre de poesia \"Cos, cosmos\", de Josep Ballesteros.<\/p><\/div><span class='evcal_evdata_icons'><i class='fa fa-align-justify'><\/i><\/span>\n\t\t\t\t\t\t\t\n\t\t\t\t\t\t\t<div class='evcal_evdata_cell '><div class='eventon_full_description'>\n\t\t\t\t\t\t\t\t\t<h3 class='padb5 evo_h3'><span class='evcal_evdata_icons'><i class='fa fa-align-justify'><\/i><\/span>Descripci\u00f3n<\/h3><div class='eventon_desc_in' itemprop='description'>\n\t\t\t\t\t\t\t\t\t<p>DIA: 17 de setembre<br \/>\nHORA: 18.30 h<br \/>\nLLOC: Casa Saladrigas<br \/>\nDESCRIPCI\u00d3: Presentaci\u00f3 del llibre de poesia \u00abCos, cosmos\u00bb, de Josep Ballesteros.<\/p>\n<\/div><div class='clear'><\/div>\n\t\t\t\t\t\t\t\t<\/div>\n\t\t\t\t\t\t\t<\/div>\n\t\t\t\t\t\t<\/div><div class='evo_metarow_time_location evorow bordb '>\n\t\t\t\t\t\t<div class='tb' >\n\t\t\t\t\t\t\t<div class='tbrow'>\n\t\t\t\t\t\t\t<div class='evcal_col50 bordr'>\n\t\t\t\t\t\t\t\t<div class='evcal_evdata_row evo_time'>\n\t\t\t\t\t\t\t\t\t<span class='evcal_evdata_icons'><i class='fa fa-clock-o'><\/i><\/span>\n\t\t\t\t\t\t\t\t\t<div class='evcal_evdata_cell'>\t\t\t\t\t\t\t\n\t\t\t\t\t\t\t\t\t\t<h3 class='evo_h3'><span class='evcal_evdata_icons'><i class='fa fa-clock-o'><\/i><\/span>Fecha<\/h3>\n\t\t\t\t\t\t\t\t\t\t<p>(Thursday) 6:30 pm<\/p>\n\t\t\t\t\t\t\t\t\t<\/div>\n\t\t\t\t\t\t\t\t<\/div>\n\t\t\t\t\t\t\t<\/div><div class='evcal_col50'>\n\t\t\t\t\t\t\t\t<div class='evcal_evdata_row evo_location'>\n\t\t\t\t\t\t\t\t\t<span class='evcal_evdata_icons'><i class='fa fa-map-marker'><\/i><\/span>\n\t\t\t\t\t\t\t\t\t<div class='evcal_evdata_cell' data-loc_tax_id='2425'>\t\t\t\t\t\t\t\n\t\t\t\t\t\t\t\t\t\t<h3 class='evo_h3'><span class='evcal_evdata_icons'><i class='fa fa-map-marker'><\/i><\/span>Location<\/h3><p class='evo_location_name'>Casa Saladrigas<\/p><p class='evo_location_address'><\/p>\n\t\t\t\t\t\t\t\t\t<\/div>\n\t\t\t\t\t\t\t\t<\/div>\n\t\t\t\t\t\t\t<\/div><div class='clear'><\/div>\n\t\t\t\t\t\t\t<\/div><\/div>\n\t\t\t\t\t\t<\/div>\t\t\t\t\t\t<div class='evo_metarow_ICS evorow bordb evcal_evdata_row'>\n\t\t\t\t\t\t\t<span class=\"evcal_evdata_icons\"><i class=\"fa fa-calendar\"><\/i><\/span>\n\t\t\t\t\t\t\t<div class='evcal_evdata_cell'>\n\t\t\t\t\t\t\t\t<p><a href='https:\/\/www.blanescostabrava.cat\/wp-admin\/admin-ajax.php?action=eventon_ics_download&amp;event_id=242254&amp;sunix=20260917T163000Z&amp;eunix=20260917T215000Z&amp;loca=&amp;locn=Casa Saladrigas' class='evo_ics_nCal' title='Add to your calendar'>Calendar<\/a><a href='\/\/www.google.com\/calendar\/event?action=TEMPLATE&amp;text=Presentaci%C3%B3+del+Llibre+de+Poesia+%22Cos%2C+Cosmos%22&amp;dates=20260917T163000Z\/20260917T215000Z&amp;details=DIA%3A+17+de+setembre%0D%0AHORA%3A+18.30+h%0D%0ALLOC%3A+Casa+Saladrigas%0D%0ADESCRIPCI%C3%93%3A+Presentaci%C3%B3+del+llibre+de+poesia+%22Cos%2C+cosmos%22%2C+de+Josep+Ballesteros.&amp;location=Casa+Saladrigas - ' target='_blank' class='evo_ics_gCal' title='Add to google calendar'>GoogleCal<\/a><\/p>\t\n\t\t\t\t\t\t\t<\/div>\t\t\t\t\t\t<\/div>\n\t\t\t\t\t\t<\/div><div class='clear end'><\/div><\/div><div id=\"event_242266\" class=\"eventon_list_event evo_eventtop  event hasbgimg\" data-event_id=\"242266\" data-time=\"1789675200-1789689000\" data-colr=\"#206177\" itemscope itemtype='http:\/\/schema.org\/Event' 38><div class=\"evo_boxtop\" style=\"background-image: url(https:\/\/www.blanescostabrava.cat\/wp-content\/uploads\/2018\/07\/cinema-barris.jpg); background-color:#206177;height:200px;\"><\/div><div class=\"evo_event_schema\" style=\"display:none\" ><a itemprop='url'  href='https:\/\/www.blanescostabrava.cat\/events\/cinema-tres-adioses\/'><\/a><span itemprop='name'  >Cinema: \"Tres Adioses\"<\/span><meta itemprop='image' content='https:\/\/www.blanescostabrava.cat\/wp-content\/uploads\/2018\/07\/cinema-barris.jpg' ><\/meta><meta itemprop='description' content='DIA: 17 de setembre\r\nHORA: 20.00 h\r\nLLOC: Teatre de Blanes\r\nDESCRIPCI\u00d3: Projecci\u00f3 dins el Cicle Cinema Gaud\u00ed.' ><\/meta><meta itemprop='startDate' content='2026-9-17' ><\/meta><meta itemprop='endDate' content='2026-9-17' ><\/meta><meta itemprop='eventStatus' content='on-schedule' ><\/meta><script type=\"application\/ld+json\">{\t\"@context\": \"http:\/\/schema.org\",\n\t\t\t\t\t\t\t  \t\"@type\": \"Event\",\n\t\t\t\t\t\t\t  \t\"name\": \"Cinema: \"Tres Adioses\"\",\n\t\t\t\t\t\t\t  \t\"startDate\": \"2026-9-17T20-20-00-00\",\n\t\t\t\t\t\t\t  \t\"endDate\": \"2026-9-17T23-23-50-00\",\n\t\t\t\t\t\t\t  \t\"image\":\"https:\/\/www.blanescostabrava.cat\/wp-content\/uploads\/2018\/07\/cinema-barris-300x166.jpg\",\n\t\t\t\t\t\t\t  \t\"description\":\"DIA: 17 de setembre\r\nHORA: 20.00 h\r\nLLOC: Teatre de Blanes\r\nDESCRIPCI\u00d3: Projecci\u00f3 dins el Cicle Cinema Gaud\u00ed.\",\n\t\t\t\t\t\t\t  \t\n\t\t\t\t\t\t\t }<\/script><\/div>\n\t\t\t\t<p class=\"desc_trig_outter\"><a data-gmap_status=\"null\" data-exlk=\"0\" style=\"border-color: #206177;padding-top: 215px;height: 310px;\" id=\"evc_1789675200242266\" class=\"desc_trig sin_val evcal_list_a\" data-ux_val=\"3\"  ><span class='event-img'><img src='https:\/\/www.blanescostabrava.cat\/wp-content\/uploads\/2018\/07\/cinema-barris.jpg'><\/span><span class='evcal_cblock ' data-bgcolor='#206177' data-smon='septiembre' data-syr='2026'><span class='evo_start '><em class='date'>17<\/em><em class='month'>sep<\/em><em class='time'>8:00 pm<\/em><\/span><em class='clear'><\/em><\/span><span class='evcal_desc evo_info hide_eventtopdata '  data-location_status=\"false\" ><span class='evo_above_title'><\/span><span class='evcal_desc2 evcal_event_title' itemprop='name'>Cinema: \"Tres Adioses\"<\/span><span class='evo_below_title'><\/span><span class='evcal_desc_info' ><\/span><span class='evcal_desc3'><\/span><\/span><em class='clear'><\/em><\/p><\/a><div class='event_description evcal_eventcard ' style=\"display:none\"><div class='evo_metarow_directimg'><img src='https:\/\/www.blanescostabrava.cat\/wp-content\/uploads\/2018\/07\/cinema-barris.jpg' alt=\"cinema barris\"\/><\/div><div class='evo_metarow_details evorow evcal_evdata_row bordb evcal_event_details'>\n\t\t\t\t\t\t\t<div class=\"event_excerpt\" style=\"display:none\"><h3 class=\"padb5 evo_h3\">Descripci\u00f3n<\/h3><p>DIA: 17 de setembre\r\nHORA: 20.00 h\r\nLLOC: Teatre de Blanes\r\nDESCRIPCI\u00d3: Projecci\u00f3 dins el Cicle Cinema Gaud\u00ed.<\/p><\/div><span class='evcal_evdata_icons'><i class='fa fa-align-justify'><\/i><\/span>\n\t\t\t\t\t\t\t\n\t\t\t\t\t\t\t<div class='evcal_evdata_cell '><div class='eventon_full_description'>\n\t\t\t\t\t\t\t\t\t<h3 class='padb5 evo_h3'><span class='evcal_evdata_icons'><i class='fa fa-align-justify'><\/i><\/span>Descripci\u00f3n<\/h3><div class='eventon_desc_in' itemprop='description'>\n\t\t\t\t\t\t\t\t\t<p>DIA: 17 de setembre<br \/>\nHORA: 20.00 h<br \/>\nLLOC: Teatre de Blanes<br \/>\nDESCRIPCI\u00d3: Projecci\u00f3 dins el Cicle Cinema Gaud\u00ed.<\/p>\n<\/div><div class='clear'><\/div>\n\t\t\t\t\t\t\t\t<\/div>\n\t\t\t\t\t\t\t<\/div>\n\t\t\t\t\t\t<\/div><div class='evo_metarow_time_location evorow bordb '>\n\t\t\t\t\t\t<div class='tb' >\n\t\t\t\t\t\t\t<div class='tbrow'>\n\t\t\t\t\t\t\t<div class='evcal_col50 bordr'>\n\t\t\t\t\t\t\t\t<div class='evcal_evdata_row evo_time'>\n\t\t\t\t\t\t\t\t\t<span class='evcal_evdata_icons'><i class='fa fa-clock-o'><\/i><\/span>\n\t\t\t\t\t\t\t\t\t<div class='evcal_evdata_cell'>\t\t\t\t\t\t\t\n\t\t\t\t\t\t\t\t\t\t<h3 class='evo_h3'><span class='evcal_evdata_icons'><i class='fa fa-clock-o'><\/i><\/span>Fecha<\/h3>\n\t\t\t\t\t\t\t\t\t\t<p>(Thursday) 8:00 pm<\/p>\n\t\t\t\t\t\t\t\t\t<\/div>\n\t\t\t\t\t\t\t\t<\/div>\n\t\t\t\t\t\t\t<\/div><div class='evcal_col50'>\n\t\t\t\t\t\t\t\t<div class='evcal_evdata_row evo_location'>\n\t\t\t\t\t\t\t\t\t<span class='evcal_evdata_icons'><i class='fa fa-map-marker'><\/i><\/span>\n\t\t\t\t\t\t\t\t\t<div class='evcal_evdata_cell' data-loc_tax_id='2217'>\t\t\t\t\t\t\t\n\t\t\t\t\t\t\t\t\t\t<h3 class='evo_h3'><span class='evcal_evdata_icons'><i class='fa fa-map-marker'><\/i><\/span>Location<\/h3><p class='evo_location_name'>Teatre de Blanes<\/p><p class='evo_location_address'><\/p>\n\t\t\t\t\t\t\t\t\t<\/div>\n\t\t\t\t\t\t\t\t<\/div>\n\t\t\t\t\t\t\t<\/div><div class='clear'><\/div>\n\t\t\t\t\t\t\t<\/div><\/div>\n\t\t\t\t\t\t<\/div>\t\t\t\t\t\t<div class='evo_metarow_ICS evorow bordb evcal_evdata_row'>\n\t\t\t\t\t\t\t<span class=\"evcal_evdata_icons\"><i class=\"fa fa-calendar\"><\/i><\/span>\n\t\t\t\t\t\t\t<div class='evcal_evdata_cell'>\n\t\t\t\t\t\t\t\t<p><a href='https:\/\/www.blanescostabrava.cat\/wp-admin\/admin-ajax.php?action=eventon_ics_download&amp;event_id=242266&amp;sunix=20260917T180000Z&amp;eunix=20260917T215000Z&amp;loca=&amp;locn=Teatre de Blanes' class='evo_ics_nCal' title='Add to your calendar'>Calendar<\/a><a href='\/\/www.google.com\/calendar\/event?action=TEMPLATE&amp;text=Cinema%3A+%22Tres+Adioses%22&amp;dates=20260917T180000Z\/20260917T215000Z&amp;details=DIA%3A+17+de+setembre%0D%0AHORA%3A+20.00+h%0D%0ALLOC%3A+Teatre+de+Blanes%0D%0ADESCRIPCI%C3%93%3A+Projecci%C3%B3+dins+el+Cicle+Cinema+Gaud%C3%AD.&amp;location=Teatre+de+Blanes - ' target='_blank' class='evo_ics_gCal' title='Add to google calendar'>GoogleCal<\/a><\/p>\t\n\t\t\t\t\t\t\t<\/div>\t\t\t\t\t\t<\/div>\n\t\t\t\t\t\t<\/div><div class='clear end'><\/div><\/div><div id=\"event_242278\" class=\"eventon_list_event evo_eventtop  event hasbgimg\" data-event_id=\"242278\" data-time=\"1789689601-1789775999\" data-colr=\"#206177\" itemscope itemtype='http:\/\/schema.org\/Event' 39><div class=\"evo_boxtop\" style=\"background-image: url(https:\/\/www.blanescostabrava.cat\/wp-content\/uploads\/2025\/07\/BLANDAE-CIUTAT-ROMANA-cartell-1.jpg); background-color:#206177;height:200px;\"><\/div><div class=\"evo_event_schema\" style=\"display:none\" ><a itemprop='url'  href='https:\/\/www.blanescostabrava.cat\/events\/blandae\/'><\/a><span itemprop='name'  >Blandae<\/span><meta itemprop='image' content='https:\/\/www.blanescostabrava.cat\/wp-content\/uploads\/2025\/07\/BLANDAE-CIUTAT-ROMANA-cartell-1.jpg' ><\/meta><meta itemprop='description' content='DIA: Del 18 al 20 de setembre\r\nDESCRIPCI\u00d3: Festival Blandae. Vegeu programa a part.' ><\/meta><meta itemprop='startDate' content='2026-9-18' ><\/meta><meta itemprop='endDate' content='2026-9-18' ><\/meta><meta itemprop='eventStatus' content='on-schedule' ><\/meta><script type=\"application\/ld+json\">{\t\"@context\": \"http:\/\/schema.org\",\n\t\t\t\t\t\t\t  \t\"@type\": \"Event\",\n\t\t\t\t\t\t\t  \t\"name\": \"Blandae\",\n\t\t\t\t\t\t\t  \t\"startDate\": \"2026-9-18T00-00-00-00\",\n\t\t\t\t\t\t\t  \t\"endDate\": \"2026-9-18T23-23-59-00\",\n\t\t\t\t\t\t\t  \t\"image\":\"https:\/\/www.blanescostabrava.cat\/wp-content\/uploads\/2025\/07\/BLANDAE-CIUTAT-ROMANA-cartell-1-300x195.jpg\",\n\t\t\t\t\t\t\t  \t\"description\":\"DIA: Del 18 al 20 de setembre\r\nDESCRIPCI\u00d3: Festival Blandae. Vegeu programa a part.\",\n\t\t\t\t\t\t\t  \t\n\t\t\t\t\t\t\t }<\/script><\/div>\n\t\t\t\t<p class=\"desc_trig_outter\"><a data-gmap_status=\"null\" data-exlk=\"0\" style=\"border-color: #206177;padding-top: 215px;height: 310px;\" id=\"evc_1789689601242278\" class=\"desc_trig sin_val evcal_list_a\" data-ux_val=\"3\"  ><span class='event-img'><img src='https:\/\/www.blanescostabrava.cat\/wp-content\/uploads\/2025\/07\/BLANDAE-CIUTAT-ROMANA-cartell-1.jpg'><\/span><span class='evcal_cblock ' data-bgcolor='#206177' data-smon='septiembre' data-syr='2026'><span class='evo_start '><em class='date'>18<\/em><em class='month'>sep<\/em><em class='time'>allday<\/em><\/span><em class='clear'><\/em><\/span><span class='evcal_desc evo_info hide_eventtopdata '  data-location_status=\"false\" ><span class='evo_above_title'><\/span><span class='evcal_desc2 evcal_event_title' itemprop='name'>Blandae<\/span><span class='evo_below_title'><\/span><span class='evcal_desc_info' ><\/span><span class='evcal_desc3'><\/span><\/span><em class='clear'><\/em><\/p><\/a><div class='event_description evcal_eventcard ' style=\"display:none\"><div class='evo_metarow_directimg'><img src='https:\/\/www.blanescostabrava.cat\/wp-content\/uploads\/2025\/07\/BLANDAE-CIUTAT-ROMANA-cartell-1.jpg' \/><\/div><div class='evo_metarow_details evorow evcal_evdata_row bordb evcal_event_details'>\n\t\t\t\t\t\t\t<div class=\"event_excerpt\" style=\"display:none\"><h3 class=\"padb5 evo_h3\">Descripci\u00f3n<\/h3><p>DIA: Del 18 al 20 de setembre\r\nDESCRIPCI\u00d3: Festival Blandae. Vegeu programa a part.<\/p><\/div><span class='evcal_evdata_icons'><i class='fa fa-align-justify'><\/i><\/span>\n\t\t\t\t\t\t\t\n\t\t\t\t\t\t\t<div class='evcal_evdata_cell '><div class='eventon_full_description'>\n\t\t\t\t\t\t\t\t\t<h3 class='padb5 evo_h3'><span class='evcal_evdata_icons'><i class='fa fa-align-justify'><\/i><\/span>Descripci\u00f3n<\/h3><div class='eventon_desc_in' itemprop='description'>\n\t\t\t\t\t\t\t\t\t<p>DIA: Del 18 al 20 de setembre<br \/>\nDESCRIPCI\u00d3: Festival Blandae. Vegeu programa a part.<\/p>\n<\/div><div class='clear'><\/div>\n\t\t\t\t\t\t\t\t<\/div>\n\t\t\t\t\t\t\t<\/div>\n\t\t\t\t\t\t<\/div><div class='evo_metarow_time evorow evcal_evdata_row bordb evcal_evrow_sm '>\n\t\t\t\t\t\t\t<span class='evcal_evdata_icons'><i class='fa fa-clock-o'><\/i><\/span>\n\t\t\t\t\t\t\t<div class='evcal_evdata_cell'>\t\t\t\t\t\t\t\n\t\t\t\t\t\t\t\t<h3 class='evo_h3'><span class='evcal_evdata_icons'><i class='fa fa-clock-o'><\/i><\/span>Fecha<\/h3><p>All Day (Friday)<\/p>\n\t\t\t\t\t\t\t<\/div>\n\t\t\t\t\t\t<\/div>\t\t\t\t\t\t<div class='evo_metarow_ICS evorow bordb evcal_evdata_row'>\n\t\t\t\t\t\t\t<span class=\"evcal_evdata_icons\"><i class=\"fa fa-calendar\"><\/i><\/span>\n\t\t\t\t\t\t\t<div class='evcal_evdata_cell'>\n\t\t\t\t\t\t\t\t<p><a href='https:\/\/www.blanescostabrava.cat\/wp-admin\/admin-ajax.php?action=eventon_ics_download&amp;event_id=242278&amp;sunix=20260917T220000Z&amp;eunix=20260918T215900Z&amp;loca=&amp;locn=' class='evo_ics_nCal' title='Add to your calendar'>Calendar<\/a><a href='\/\/www.google.com\/calendar\/event?action=TEMPLATE&amp;text=Blandae&amp;dates=20260917T220000Z\/20260918T215900Z&amp;details=DIA%3A+Del+18+al+20+de+setembre%0D%0ADESCRIPCI%C3%93%3A+Festival+Blandae.+Vegeu+programa+a+part.&amp;location= - ' target='_blank' class='evo_ics_gCal' title='Add to google calendar'>GoogleCal<\/a><\/p>\t\n\t\t\t\t\t\t\t<\/div>\t\t\t\t\t\t<\/div>\n\t\t\t\t\t\t<\/div><div class='clear end'><\/div><\/div><div id=\"event_242290\" class=\"eventon_list_event evo_eventtop  event hasbgimg\" data-event_id=\"242290\" data-time=\"1789689601-1789775999\" data-colr=\"#206177\" itemscope itemtype='http:\/\/schema.org\/Event' 40><div class=\"evo_boxtop\" style=\"background-image: url(https:\/\/www.blanescostabrava.cat\/wp-content\/uploads\/2023\/10\/sala-saladrigas-blanes.jpg-2.jpg); background-color:#206177;height:200px;\"><\/div><div class=\"evo_event_schema\" style=\"display:none\" ><a itemprop='url'  href='https:\/\/www.blanescostabrava.cat\/events\/3-maneres-dentendre-lart-rovira-gil-blay\/'><\/a><span itemprop='name'  >\"3 Maneres d'Entendre l'Art\" - Rovira, Gil, Blay<\/span><meta itemprop='image' content='https:\/\/www.blanescostabrava.cat\/wp-content\/uploads\/2023\/10\/sala-saladrigas-blanes.jpg-2.jpg' ><\/meta><meta itemprop='description' content='DIA: Del 18 al 27 de setembre\r\nLLOC: Sala Ma Luisa Garc\u00eda-Tornel\r\nDESCRIPCI\u00d3: Exposici\u00f3 col\u00b7lectiva d'Anna Rovira, Helena Gil i Ramon Blay.' ><\/meta><meta itemprop='startDate' content='2026-9-18' ><\/meta><meta itemprop='endDate' content='2026-9-18' ><\/meta><meta itemprop='eventStatus' content='on-schedule' ><\/meta><script type=\"application\/ld+json\">{\t\"@context\": \"http:\/\/schema.org\",\n\t\t\t\t\t\t\t  \t\"@type\": \"Event\",\n\t\t\t\t\t\t\t  \t\"name\": \"\"3 Maneres d'Entendre l'Art\" - Rovira, Gil, Blay\",\n\t\t\t\t\t\t\t  \t\"startDate\": \"2026-9-18T00-00-00-00\",\n\t\t\t\t\t\t\t  \t\"endDate\": \"2026-9-18T23-23-59-00\",\n\t\t\t\t\t\t\t  \t\"image\":\"https:\/\/www.blanescostabrava.cat\/wp-content\/uploads\/2023\/10\/sala-saladrigas-blanes.jpg-2-300x200.jpg\",\n\t\t\t\t\t\t\t  \t\"description\":\"DIA: Del 18 al 27 de setembre\r\nLLOC: Sala Ma Luisa Garc\u00eda-Tornel\r\nDESCRIPCI\u00d3: Exposici\u00f3 col\u00b7lectiva d'Anna Rovira, Helena Gil i Ramon Blay.\",\n\t\t\t\t\t\t\t  \t\n\t\t\t\t\t\t\t }<\/script><\/div>\n\t\t\t\t<p class=\"desc_trig_outter\"><a data-gmap_status=\"null\" data-exlk=\"0\" style=\"border-color: #206177;padding-top: 215px;height: 310px;\" id=\"evc_1789689601242290\" class=\"desc_trig sin_val evcal_list_a\" data-ux_val=\"3\"  ><span class='event-img'><img src='https:\/\/www.blanescostabrava.cat\/wp-content\/uploads\/2023\/10\/sala-saladrigas-blanes.jpg-2.jpg'><\/span><span class='evcal_cblock ' data-bgcolor='#206177' data-smon='septiembre' data-syr='2026'><span class='evo_start '><em class='date'>18<\/em><em class='month'>sep<\/em><em class='time'>allday<\/em><\/span><em class='clear'><\/em><\/span><span class='evcal_desc evo_info hide_eventtopdata '  data-location_status=\"false\" ><span class='evo_above_title'><\/span><span class='evcal_desc2 evcal_event_title' itemprop='name'>\"3 Maneres d'Entendre l'Art\" - Rovira, Gil, Blay<\/span><span class='evo_below_title'><\/span><span class='evcal_desc_info' ><\/span><span class='evcal_desc3'><\/span><\/span><em class='clear'><\/em><\/p><\/a><div class='event_description evcal_eventcard ' style=\"display:none\"><div class='evo_metarow_directimg'><img src='https:\/\/www.blanescostabrava.cat\/wp-content\/uploads\/2023\/10\/sala-saladrigas-blanes.jpg-2.jpg' \/><\/div><div class='evo_metarow_details evorow evcal_evdata_row bordb evcal_event_details'>\n\t\t\t\t\t\t\t<div class=\"event_excerpt\" style=\"display:none\"><h3 class=\"padb5 evo_h3\">Descripci\u00f3n<\/h3><p>DIA: Del 18 al 27 de setembre\r\nLLOC: Sala Ma Luisa Garc\u00eda-Tornel\r\nDESCRIPCI\u00d3: Exposici\u00f3 col\u00b7lectiva d'Anna Rovira, Helena Gil i Ramon Blay.<\/p><\/div><span class='evcal_evdata_icons'><i class='fa fa-align-justify'><\/i><\/span>\n\t\t\t\t\t\t\t\n\t\t\t\t\t\t\t<div class='evcal_evdata_cell '><div class='eventon_full_description'>\n\t\t\t\t\t\t\t\t\t<h3 class='padb5 evo_h3'><span class='evcal_evdata_icons'><i class='fa fa-align-justify'><\/i><\/span>Descripci\u00f3n<\/h3><div class='eventon_desc_in' itemprop='description'>\n\t\t\t\t\t\t\t\t\t<p>DIA: Del 18 al 27 de setembre<br \/>\nLLOC: Sala Ma Luisa Garc\u00eda-Tornel<br \/>\nDESCRIPCI\u00d3: Exposici\u00f3 col\u00b7lectiva d&#8217;Anna Rovira, Helena Gil i Ramon Blay.<\/p>\n<\/div><div class='clear'><\/div>\n\t\t\t\t\t\t\t\t<\/div>\n\t\t\t\t\t\t\t<\/div>\n\t\t\t\t\t\t<\/div><div class='evo_metarow_time_location evorow bordb '>\n\t\t\t\t\t\t<div class='tb' >\n\t\t\t\t\t\t\t<div class='tbrow'>\n\t\t\t\t\t\t\t<div class='evcal_col50 bordr'>\n\t\t\t\t\t\t\t\t<div class='evcal_evdata_row evo_time'>\n\t\t\t\t\t\t\t\t\t<span class='evcal_evdata_icons'><i class='fa fa-clock-o'><\/i><\/span>\n\t\t\t\t\t\t\t\t\t<div class='evcal_evdata_cell'>\t\t\t\t\t\t\t\n\t\t\t\t\t\t\t\t\t\t<h3 class='evo_h3'><span class='evcal_evdata_icons'><i class='fa fa-clock-o'><\/i><\/span>Fecha<\/h3>\n\t\t\t\t\t\t\t\t\t\t<p>All Day (Friday)<\/p>\n\t\t\t\t\t\t\t\t\t<\/div>\n\t\t\t\t\t\t\t\t<\/div>\n\t\t\t\t\t\t\t<\/div><div class='evcal_col50'>\n\t\t\t\t\t\t\t\t<div class='evcal_evdata_row evo_location'>\n\t\t\t\t\t\t\t\t\t<span class='evcal_evdata_icons'><i class='fa fa-map-marker'><\/i><\/span>\n\t\t\t\t\t\t\t\t\t<div class='evcal_evdata_cell' data-loc_tax_id='5845'>\t\t\t\t\t\t\t\n\t\t\t\t\t\t\t\t\t\t<h3 class='evo_h3'><span class='evcal_evdata_icons'><i class='fa fa-map-marker'><\/i><\/span>Location<\/h3><p class='evo_location_name'>Sala Municipal d&#039;exposicions Maria Luisa Garc\u00eda Tornel<\/p><p class='evo_location_address'><\/p>\n\t\t\t\t\t\t\t\t\t<\/div>\n\t\t\t\t\t\t\t\t<\/div>\n\t\t\t\t\t\t\t<\/div><div class='clear'><\/div>\n\t\t\t\t\t\t\t<\/div><\/div>\n\t\t\t\t\t\t<\/div>\t\t\t\t\t\t<div class='evo_metarow_ICS evorow bordb evcal_evdata_row'>\n\t\t\t\t\t\t\t<span class=\"evcal_evdata_icons\"><i class=\"fa fa-calendar\"><\/i><\/span>\n\t\t\t\t\t\t\t<div class='evcal_evdata_cell'>\n\t\t\t\t\t\t\t\t<p><a href='https:\/\/www.blanescostabrava.cat\/wp-admin\/admin-ajax.php?action=eventon_ics_download&amp;event_id=242290&amp;sunix=20260917T220000Z&amp;eunix=20260918T215900Z&amp;loca=&amp;locn=Sala Municipal d&#039;exposicions Maria Luisa Garc\u00eda Tornel' class='evo_ics_nCal' title='Add to your calendar'>Calendar<\/a><a href='\/\/www.google.com\/calendar\/event?action=TEMPLATE&amp;text=%223+Maneres+d%27Entendre+l%27Art%22+-+Rovira%2C+Gil%2C+Blay&amp;dates=20260917T220000Z\/20260918T215900Z&amp;details=DIA%3A+Del+18+al+27+de+setembre%0D%0ALLOC%3A+Sala+Ma+Luisa+Garc%C3%ADa-Tornel%0D%0ADESCRIPCI%C3%93%3A+Exposici%C3%B3+col%C2%B7lectiva+d%27Anna+Rovira%2C+Helena+Gil+i+Ramon+Blay.&amp;location=Sala+Municipal+d%26%23039%3Bexposicions+Maria+Luisa+Garc%C3%ADa+Tornel - ' target='_blank' class='evo_ics_gCal' title='Add to google calendar'>GoogleCal<\/a><\/p>\t\n\t\t\t\t\t\t\t<\/div>\t\t\t\t\t\t<\/div>\n\t\t\t\t\t\t<\/div><div class='clear end'><\/div><\/div><div id=\"event_242302\" class=\"eventon_list_event evo_eventtop  event hasbgimg\" data-event_id=\"242302\" data-time=\"1789776001-1789862399\" data-colr=\"#206177\" itemscope itemtype='http:\/\/schema.org\/Event' 41><div class=\"evo_boxtop\" style=\"background-image: url(https:\/\/www.blanescostabrava.cat\/wp-content\/uploads\/2018\/03\/VELA-10.jpeg); background-color:#206177;height:200px;\"><\/div><div class=\"evo_event_schema\" style=\"display:none\" ><a itemprop='url'  href='https:\/\/www.blanescostabrava.cat\/events\/xi-edicio-regata-blanes-medes-blanes\/'><\/a><span itemprop='name'  >XI Edici\u00f3 Regata Blanes-Medes Blanes<\/span><meta itemprop='image' content='https:\/\/www.blanescostabrava.cat\/wp-content\/uploads\/2018\/03\/VELA-10.jpeg' ><\/meta><meta itemprop='description' content='DIA: 19 i 20 de setembre\r\nLLOC: Club Vela Blanes\r\nDESCRIPCI\u00d3: XI edici\u00f3 de la regata Blanes-Medes Blanes.' ><\/meta><meta itemprop='startDate' content='2026-9-19' ><\/meta><meta itemprop='endDate' content='2026-9-19' ><\/meta><meta itemprop='eventStatus' content='on-schedule' ><\/meta><script type=\"application\/ld+json\">{\t\"@context\": \"http:\/\/schema.org\",\n\t\t\t\t\t\t\t  \t\"@type\": \"Event\",\n\t\t\t\t\t\t\t  \t\"name\": \"XI Edici\u00f3 Regata Blanes-Medes Blanes\",\n\t\t\t\t\t\t\t  \t\"startDate\": \"2026-9-19T00-00-00-00\",\n\t\t\t\t\t\t\t  \t\"endDate\": \"2026-9-19T23-23-59-00\",\n\t\t\t\t\t\t\t  \t\"image\":\"https:\/\/www.blanescostabrava.cat\/wp-content\/uploads\/2018\/03\/VELA-10-300x181.jpeg\",\n\t\t\t\t\t\t\t  \t\"description\":\"DIA: 19 i 20 de setembre\r\nLLOC: Club Vela Blanes\r\nDESCRIPCI\u00d3: XI edici\u00f3 de la regata Blanes-Medes Blanes.\",\n\t\t\t\t\t\t\t  \t\n\t\t\t\t\t\t\t }<\/script><\/div>\n\t\t\t\t<p class=\"desc_trig_outter\"><a data-gmap_status=\"null\" data-exlk=\"0\" style=\"border-color: #206177;padding-top: 215px;height: 310px;\" id=\"evc_1789776001242302\" class=\"desc_trig sin_val evcal_list_a\" data-ux_val=\"3\"  ><span class='event-img'><img src='https:\/\/www.blanescostabrava.cat\/wp-content\/uploads\/2018\/03\/VELA-10.jpeg'><\/span><span class='evcal_cblock ' data-bgcolor='#206177' data-smon='septiembre' data-syr='2026'><span class='evo_start '><em class='date'>19<\/em><em class='month'>sep<\/em><em class='time'>allday<\/em><\/span><em class='clear'><\/em><\/span><span class='evcal_desc evo_info hide_eventtopdata '  data-location_status=\"false\" ><span class='evo_above_title'><\/span><span class='evcal_desc2 evcal_event_title' itemprop='name'>XI Edici\u00f3 Regata Blanes-Medes Blanes<\/span><span class='evo_below_title'><\/span><span class='evcal_desc_info' ><\/span><span class='evcal_desc3'><\/span><\/span><em class='clear'><\/em><\/p><\/a><div class='event_description evcal_eventcard ' style=\"display:none\"><div class='evo_metarow_directimg'><img src='https:\/\/www.blanescostabrava.cat\/wp-content\/uploads\/2018\/03\/VELA-10.jpeg' \/><\/div><div class='evo_metarow_details evorow evcal_evdata_row bordb evcal_event_details'>\n\t\t\t\t\t\t\t<div class=\"event_excerpt\" style=\"display:none\"><h3 class=\"padb5 evo_h3\">Descripci\u00f3n<\/h3><p>DIA: 19 i 20 de setembre\r\nLLOC: Club Vela Blanes\r\nDESCRIPCI\u00d3: XI edici\u00f3 de la regata Blanes-Medes Blanes.<\/p><\/div><span class='evcal_evdata_icons'><i class='fa fa-align-justify'><\/i><\/span>\n\t\t\t\t\t\t\t\n\t\t\t\t\t\t\t<div class='evcal_evdata_cell '><div class='eventon_full_description'>\n\t\t\t\t\t\t\t\t\t<h3 class='padb5 evo_h3'><span class='evcal_evdata_icons'><i class='fa fa-align-justify'><\/i><\/span>Descripci\u00f3n<\/h3><div class='eventon_desc_in' itemprop='description'>\n\t\t\t\t\t\t\t\t\t<p>DIA: 19 i 20 de setembre<br \/>\nLLOC: Club Vela Blanes<br \/>\nDESCRIPCI\u00d3: XI edici\u00f3 de la regata Blanes-Medes Blanes.<\/p>\n<\/div><div class='clear'><\/div>\n\t\t\t\t\t\t\t\t<\/div>\n\t\t\t\t\t\t\t<\/div>\n\t\t\t\t\t\t<\/div><div class='evo_metarow_time_location evorow bordb '>\n\t\t\t\t\t\t<div class='tb' >\n\t\t\t\t\t\t\t<div class='tbrow'>\n\t\t\t\t\t\t\t<div class='evcal_col50 bordr'>\n\t\t\t\t\t\t\t\t<div class='evcal_evdata_row evo_time'>\n\t\t\t\t\t\t\t\t\t<span class='evcal_evdata_icons'><i class='fa fa-clock-o'><\/i><\/span>\n\t\t\t\t\t\t\t\t\t<div class='evcal_evdata_cell'>\t\t\t\t\t\t\t\n\t\t\t\t\t\t\t\t\t\t<h3 class='evo_h3'><span class='evcal_evdata_icons'><i class='fa fa-clock-o'><\/i><\/span>Fecha<\/h3>\n\t\t\t\t\t\t\t\t\t\t<p>All Day (Saturday)<\/p>\n\t\t\t\t\t\t\t\t\t<\/div>\n\t\t\t\t\t\t\t\t<\/div>\n\t\t\t\t\t\t\t<\/div><div class='evcal_col50'>\n\t\t\t\t\t\t\t\t<div class='evcal_evdata_row evo_location'>\n\t\t\t\t\t\t\t\t\t<span class='evcal_evdata_icons'><i class='fa fa-map-marker'><\/i><\/span>\n\t\t\t\t\t\t\t\t\t<div class='evcal_evdata_cell' data-loc_tax_id='6493'>\t\t\t\t\t\t\t\n\t\t\t\t\t\t\t\t\t\t<h3 class='evo_h3'><span class='evcal_evdata_icons'><i class='fa fa-map-marker'><\/i><\/span>Location<\/h3><p class='evo_location_name'>club de vela Blanes<\/p><p class='evo_location_address'><\/p>\n\t\t\t\t\t\t\t\t\t<\/div>\n\t\t\t\t\t\t\t\t<\/div>\n\t\t\t\t\t\t\t<\/div><div class='clear'><\/div>\n\t\t\t\t\t\t\t<\/div><\/div>\n\t\t\t\t\t\t<\/div>\t\t\t\t\t\t<div class='evo_metarow_ICS evorow bordb evcal_evdata_row'>\n\t\t\t\t\t\t\t<span class=\"evcal_evdata_icons\"><i class=\"fa fa-calendar\"><\/i><\/span>\n\t\t\t\t\t\t\t<div class='evcal_evdata_cell'>\n\t\t\t\t\t\t\t\t<p><a href='https:\/\/www.blanescostabrava.cat\/wp-admin\/admin-ajax.php?action=eventon_ics_download&amp;event_id=242302&amp;sunix=20260918T220000Z&amp;eunix=20260919T215900Z&amp;loca=&amp;locn=club de vela Blanes' class='evo_ics_nCal' title='Add to your calendar'>Calendar<\/a><a href='\/\/www.google.com\/calendar\/event?action=TEMPLATE&amp;text=XI+Edici%C3%B3+Regata+Blanes-Medes+Blanes&amp;dates=20260918T220000Z\/20260919T215900Z&amp;details=DIA%3A+19+i+20+de+setembre%0D%0ALLOC%3A+Club+Vela+Blanes%0D%0ADESCRIPCI%C3%93%3A+XI+edici%C3%B3+de+la+regata+Blanes-Medes+Blanes.&amp;location=club+de+vela+Blanes - ' target='_blank' class='evo_ics_gCal' title='Add to google calendar'>GoogleCal<\/a><\/p>\t\n\t\t\t\t\t\t\t<\/div>\t\t\t\t\t\t<\/div>\n\t\t\t\t\t\t<\/div><div class='clear end'><\/div><\/div><div id=\"event_242314\" class=\"eventon_list_event evo_eventtop  event hasbgimg\" data-event_id=\"242314\" data-time=\"1789843500-1789861800\" data-colr=\"#206177\" itemscope itemtype='http:\/\/schema.org\/Event' 42><div class=\"evo_boxtop\" style=\"background-image: url(https:\/\/www.blanescostabrava.cat\/wp-content\/uploads\/2020\/02\/ruta-joaquim-ruyra.jpg); background-color:#206177;height:200px;\"><\/div><div class=\"evo_event_schema\" style=\"display:none\" ><a itemprop='url'  href='https:\/\/www.blanescostabrava.cat\/events\/visita-guiada-ruta-literaria-3\/'><\/a><span itemprop='name'  >Visita Guiada: \"Ruta Liter\u00e0ria\"<\/span><meta itemprop='image' content='https:\/\/www.blanescostabrava.cat\/wp-content\/uploads\/2020\/02\/ruta-joaquim-ruyra.jpg' ><\/meta><meta itemprop='description' content='DIA: 19 de setembre\r\nHORA: 18.45 h\r\nLLOC: Sortida: OT Turisme, pla\u00e7a Catalunya s\/n\r\nDESCRIPCI\u00d3: Visita guiada gratu\u00efta per la ruta liter\u00e0ria. Places gratu\u00eftes, inscripcions a turisme@blanes.cat o al 972 33 03 48.' ><\/meta><meta itemprop='startDate' content='2026-9-19' ><\/meta><meta itemprop='endDate' content='2026-9-19' ><\/meta><meta itemprop='eventStatus' content='on-schedule' ><\/meta><script type=\"application\/ld+json\">{\t\"@context\": \"http:\/\/schema.org\",\n\t\t\t\t\t\t\t  \t\"@type\": \"Event\",\n\t\t\t\t\t\t\t  \t\"name\": \"Visita Guiada: \"Ruta Liter\u00e0ria\"\",\n\t\t\t\t\t\t\t  \t\"startDate\": \"2026-9-19T18-18-45-00\",\n\t\t\t\t\t\t\t  \t\"endDate\": \"2026-9-19T23-23-50-00\",\n\t\t\t\t\t\t\t  \t\"image\":\"https:\/\/www.blanescostabrava.cat\/wp-content\/uploads\/2020\/02\/ruta-joaquim-ruyra-300x178.jpg\",\n\t\t\t\t\t\t\t  \t\"description\":\"DIA: 19 de setembre\r\nHORA: 18.45 h\r\nLLOC: Sortida: OT Turisme, pla\u00e7a Catalunya s\/n\r\nDESCRIPCI\u00d3: Visita guiada gratu\u00efta per la ruta liter\u00e0ria. Places gratu\u00eftes, inscripcions a turisme@blanes.cat o al 972 33 03 48.\",\n\t\t\t\t\t\t\t  \t\n\t\t\t\t\t\t\t }<\/script><\/div>\n\t\t\t\t<p class=\"desc_trig_outter\"><a data-gmap_status=\"null\" data-exlk=\"0\" style=\"border-color: #206177;padding-top: 215px;height: 310px;\" id=\"evc_1789843500242314\" class=\"desc_trig sin_val evcal_list_a\" data-ux_val=\"3\"  ><span class='event-img'><img src='https:\/\/www.blanescostabrava.cat\/wp-content\/uploads\/2020\/02\/ruta-joaquim-ruyra.jpg'><\/span><span class='evcal_cblock ' data-bgcolor='#206177' data-smon='septiembre' data-syr='2026'><span class='evo_start '><em class='date'>19<\/em><em class='month'>sep<\/em><em class='time'>6:45 pm<\/em><\/span><em class='clear'><\/em><\/span><span class='evcal_desc evo_info hide_eventtopdata '  data-location_status=\"false\" ><span class='evo_above_title'><\/span><span class='evcal_desc2 evcal_event_title' itemprop='name'>Visita Guiada: \"Ruta Liter\u00e0ria\"<\/span><span class='evo_below_title'><\/span><span class='evcal_desc_info' ><\/span><span class='evcal_desc3'><\/span><\/span><em class='clear'><\/em><\/p><\/a><div class='event_description evcal_eventcard ' style=\"display:none\"><div class='evo_metarow_directimg'><img src='https:\/\/www.blanescostabrava.cat\/wp-content\/uploads\/2020\/02\/ruta-joaquim-ruyra.jpg' alt=\"joaquim ruyra\"\/><\/div><div class='evo_metarow_details evorow evcal_evdata_row bordb evcal_event_details'>\n\t\t\t\t\t\t\t<div class=\"event_excerpt\" style=\"display:none\"><h3 class=\"padb5 evo_h3\">Descripci\u00f3n<\/h3><p>DIA: 19 de setembre\r\nHORA: 18.45 h\r\nLLOC: Sortida: OT Turisme, pla\u00e7a Catalunya s\/n\r\nDESCRIPCI\u00d3: Visita guiada gratu\u00efta per la ruta liter\u00e0ria. Places gratu\u00eftes, inscripcions a turisme@blanes.cat o al 972 33 03 48.<\/p><\/div><span class='evcal_evdata_icons'><i class='fa fa-align-justify'><\/i><\/span>\n\t\t\t\t\t\t\t\n\t\t\t\t\t\t\t<div class='evcal_evdata_cell '><div class='eventon_full_description'>\n\t\t\t\t\t\t\t\t\t<h3 class='padb5 evo_h3'><span class='evcal_evdata_icons'><i class='fa fa-align-justify'><\/i><\/span>Descripci\u00f3n<\/h3><div class='eventon_desc_in' itemprop='description'>\n\t\t\t\t\t\t\t\t\t<p>DIA: 19 de setembre<br \/>\nHORA: 18.45 h<br \/>\nLLOC: Sortida: OT Turisme, pla\u00e7a Catalunya s\/n<br \/>\nDESCRIPCI\u00d3: Visita guiada gratu\u00efta per la ruta liter\u00e0ria. Places gratu\u00eftes, inscripcions a turisme@blanes.cat o al 972 33 03 48.<\/p>\n<\/div><div class='clear'><\/div>\n\t\t\t\t\t\t\t\t<\/div>\n\t\t\t\t\t\t\t<\/div>\n\t\t\t\t\t\t<\/div><div class='evo_metarow_time_location evorow bordb '>\n\t\t\t\t\t\t<div class='tb' >\n\t\t\t\t\t\t\t<div class='tbrow'>\n\t\t\t\t\t\t\t<div class='evcal_col50 bordr'>\n\t\t\t\t\t\t\t\t<div class='evcal_evdata_row evo_time'>\n\t\t\t\t\t\t\t\t\t<span class='evcal_evdata_icons'><i class='fa fa-clock-o'><\/i><\/span>\n\t\t\t\t\t\t\t\t\t<div class='evcal_evdata_cell'>\t\t\t\t\t\t\t\n\t\t\t\t\t\t\t\t\t\t<h3 class='evo_h3'><span class='evcal_evdata_icons'><i class='fa fa-clock-o'><\/i><\/span>Fecha<\/h3>\n\t\t\t\t\t\t\t\t\t\t<p>(Saturday) 6:45 pm<\/p>\n\t\t\t\t\t\t\t\t\t<\/div>\n\t\t\t\t\t\t\t\t<\/div>\n\t\t\t\t\t\t\t<\/div><div class='evcal_col50'>\n\t\t\t\t\t\t\t\t<div class='evcal_evdata_row evo_location'>\n\t\t\t\t\t\t\t\t\t<span class='evcal_evdata_icons'><i class='fa fa-map-marker'><\/i><\/span>\n\t\t\t\t\t\t\t\t\t<div class='evcal_evdata_cell' data-loc_tax_id='5252'>\t\t\t\t\t\t\t\n\t\t\t\t\t\t\t\t\t\t<h3 class='evo_h3'><span class='evcal_evdata_icons'><i class='fa fa-map-marker'><\/i><\/span>Location<\/h3><p class='evo_location_name'>Sortida: OT Turisme pl. Catalunya s\/n<\/p><p class='evo_location_address'><\/p>\n\t\t\t\t\t\t\t\t\t<\/div>\n\t\t\t\t\t\t\t\t<\/div>\n\t\t\t\t\t\t\t<\/div><div class='clear'><\/div>\n\t\t\t\t\t\t\t<\/div><\/div>\n\t\t\t\t\t\t<\/div>\t\t\t\t\t\t<div class='evo_metarow_ICS evorow bordb evcal_evdata_row'>\n\t\t\t\t\t\t\t<span class=\"evcal_evdata_icons\"><i class=\"fa fa-calendar\"><\/i><\/span>\n\t\t\t\t\t\t\t<div class='evcal_evdata_cell'>\n\t\t\t\t\t\t\t\t<p><a href='https:\/\/www.blanescostabrava.cat\/wp-admin\/admin-ajax.php?action=eventon_ics_download&amp;event_id=242314&amp;sunix=20260919T164500Z&amp;eunix=20260919T215000Z&amp;loca=&amp;locn=Sortida: OT Turisme pl. Catalunya s\/n' class='evo_ics_nCal' title='Add to your calendar'>Calendar<\/a><a href='\/\/www.google.com\/calendar\/event?action=TEMPLATE&amp;text=Visita+Guiada%3A+%22Ruta+Liter%C3%A0ria%22&amp;dates=20260919T164500Z\/20260919T215000Z&amp;details=DIA%3A+19+de+setembre%0D%0AHORA%3A+18.45+h%0D%0ALLOC%3A+Sortida%3A+OT+Turisme%2C+pla%C3%A7a+Catalunya+s%2Fn%0D%0ADESCRIPCI%C3%93%3A+Visita+guiada+gratu%C3%AFta+per+la+ruta+liter%C3%A0ria.+Places+gratu%C3%AFtes%2C+inscripcions+a+turisme%40blanes.cat+o+al+972+33+03+48.&amp;location=Sortida%3A+OT+Turisme+pl.+Catalunya+s%2Fn - ' target='_blank' class='evo_ics_gCal' title='Add to google calendar'>GoogleCal<\/a><\/p>\t\n\t\t\t\t\t\t\t<\/div>\t\t\t\t\t\t<\/div>\n\t\t\t\t\t\t<\/div><div class='clear end'><\/div><\/div><div id=\"event_234922\" class=\"eventon_list_event evo_eventtop  event hasbgimg\" data-event_id=\"234922\" data-time=\"1789843500-1789861800\" data-colr=\"#206177\" itemscope itemtype='http:\/\/schema.org\/Event' 43><div class=\"evo_boxtop\" style=\"background-image: url(https:\/\/www.blanescostabrava.cat\/wp-content\/uploads\/2026\/05\/tematitzades_page-0001-3.jpg); background-color:#206177;height:200px;\"><\/div><div class=\"evo_event_schema\" style=\"display:none\" ><a itemprop='url'  href='https:\/\/www.blanescostabrava.cat\/es\/events\/ruta-literaria-es\/'><\/a><span itemprop='name'  >Ruta literaria (ES)<\/span><meta itemprop='image' content='https:\/\/www.blanescostabrava.cat\/wp-content\/uploads\/2026\/05\/tematitzades_page-0001-3.jpg' ><\/meta><meta itemprop='description' content='Ruta literaria (ES)D\u00cdA: S\u00e1bado 19 de septiembreHORA: 18:45 hLUGAR: BlanesVisita guiada de la Ruta literaria en castellano, con' ><\/meta><meta itemprop='startDate' content='2026-9-19' ><\/meta><meta itemprop='endDate' content='2026-9-19' ><\/meta><meta itemprop='eventStatus' content='on-schedule' ><\/meta><script type=\"application\/ld+json\">{\t\"@context\": \"http:\/\/schema.org\",\n\t\t\t\t\t\t\t  \t\"@type\": \"Event\",\n\t\t\t\t\t\t\t  \t\"name\": \"Ruta literaria (ES)\",\n\t\t\t\t\t\t\t  \t\"startDate\": \"2026-9-19T18-18-45-00\",\n\t\t\t\t\t\t\t  \t\"endDate\": \"2026-9-19T23-23-50-00\",\n\t\t\t\t\t\t\t  \t\"image\":\"https:\/\/www.blanescostabrava.cat\/wp-content\/uploads\/2026\/05\/tematitzades_page-0001-3-143x300.jpg\",\n\t\t\t\t\t\t\t  \t\"description\":\"Ruta literaria (ES)D\u00cdA: S\u00e1bado 19 de septiembreHORA: 18:45 hLUGAR: BlanesVisita guiada de la Ruta literaria en castellano, con\",\n\t\t\t\t\t\t\t  \t\n\t\t\t\t\t\t\t }<\/script><\/div>\n\t\t\t\t<p class=\"desc_trig_outter\"><a data-gmap_status=\"null\" data-exlk=\"0\" style=\"border-color: #206177;padding-top: 215px;height: 310px;\" id=\"evc_1789843500234922\" class=\"desc_trig sin_val evcal_list_a\" data-ux_val=\"3\"  ><span class='event-img'><img src='https:\/\/www.blanescostabrava.cat\/wp-content\/uploads\/2026\/05\/tematitzades_page-0001-3.jpg'><\/span><span class='evcal_cblock ' data-bgcolor='#206177' data-smon='septiembre' data-syr='2026'><span class='evo_start '><em class='date'>19<\/em><em class='month'>sep<\/em><em class='time'>6:45 pm<\/em><\/span><em class='clear'><\/em><\/span><span class='evcal_desc evo_info hide_eventtopdata '  data-location_status=\"false\" ><span class='evo_above_title'><\/span><span class='evcal_desc2 evcal_event_title' itemprop='name'>Ruta literaria (ES)<\/span><span class='evo_below_title'><\/span><span class='evcal_desc_info' ><\/span><span class='evcal_desc3'><\/span><\/span><em class='clear'><\/em><\/p><\/a><div class='event_description evcal_eventcard ' style=\"display:none\"><div class='evo_metarow_directimg'><img src='https:\/\/www.blanescostabrava.cat\/wp-content\/uploads\/2026\/05\/tematitzades_page-0001-3.jpg' \/><\/div><div class='evo_metarow_details evorow evcal_evdata_row bordb evcal_event_details'>\n\t\t\t\t\t\t\t<div class=\"event_excerpt\" style=\"display:none\"><h3 class=\"padb5 evo_h3\">Descripci\u00f3n<\/h3><p>Ruta literaria (ES)D\u00cdA: S\u00e1bado 19 de septiembreHORA: 18:45 hLUGAR: BlanesVisita guiada de la Ruta literaria en castellano, con<\/p><\/div><span class='evcal_evdata_icons'><i class='fa fa-align-justify'><\/i><\/span>\n\t\t\t\t\t\t\t\n\t\t\t\t\t\t\t<div class='evcal_evdata_cell shorter_desc'><div class='eventon_details_shading_bot'>\n\t\t\t\t\t\t\t\t<p class='eventon_shad_p' content='less'><span class='ev_more_text' data-txt='less'>more<\/span><span class='ev_more_arrow'><\/span><\/p>\n\t\t\t\t\t\t\t<\/div><div class='eventon_full_description'>\n\t\t\t\t\t\t\t\t\t<h3 class='padb5 evo_h3'><span class='evcal_evdata_icons'><i class='fa fa-align-justify'><\/i><\/span>Descripci\u00f3n<\/h3><div class='eventon_desc_in' itemprop='description'>\n\t\t\t\t\t\t\t\t\t<p>Ruta literaria (ES)<br data-start=\"1909\" data-end=\"1912\" \/><strong>D\u00cdA:<\/strong> S\u00e1bado 19 de septiembre<br data-start=\"1940\" data-end=\"1943\" \/><strong>HORA:<\/strong> 18:45 h<br data-start=\"1956\" data-end=\"1959\" \/><strong>LUGAR<\/strong>: Blanes<br data-start=\"1972\" data-end=\"1975\" \/>Visita guiada de la Ruta literaria en castellano, con una duraci\u00f3n aproximada de 1 h 30 min. Actividad gratuita con inscripci\u00f3n previa en <a class=\"decorated-link cursor-pointer\" rel=\"noopener\" data-start=\"2126\" data-end=\"2144\">turisme@blanes.cat<\/a>.<\/p>\n<p><img class=\"alignnone size-large wp-image-234856\" src=\"https:\/\/www.blanescostabrava.cat\/wp-content\/uploads\/2026\/05\/tematitzades_page-0001-2-488x1024.jpg\" alt=\"\" width=\"488\" height=\"1024\" srcset=\"https:\/\/www.blanescostabrava.cat\/wp-content\/uploads\/2026\/05\/tematitzades_page-0001-2-488x1024.jpg 488w, https:\/\/www.blanescostabrava.cat\/wp-content\/uploads\/2026\/05\/tematitzades_page-0001-2-143x300.jpg 143w, https:\/\/www.blanescostabrava.cat\/wp-content\/uploads\/2026\/05\/tematitzades_page-0001-2-71x150.jpg 71w, https:\/\/www.blanescostabrava.cat\/wp-content\/uploads\/2026\/05\/tematitzades_page-0001-2-11x24.jpg 11w, https:\/\/www.blanescostabrava.cat\/wp-content\/uploads\/2026\/05\/tematitzades_page-0001-2-17x36.jpg 17w, https:\/\/www.blanescostabrava.cat\/wp-content\/uploads\/2026\/05\/tematitzades_page-0001-2-23x48.jpg 23w, https:\/\/www.blanescostabrava.cat\/wp-content\/uploads\/2026\/05\/tematitzades_page-0001-2.jpg 591w\" sizes=\"(max-width: 488px) 100vw, 488px\" \/><\/p>\n<\/div><div class='clear'><\/div>\n\t\t\t\t\t\t\t\t<\/div>\n\t\t\t\t\t\t\t<\/div>\n\t\t\t\t\t\t<\/div><div class='evo_metarow_time evorow evcal_evdata_row bordb evcal_evrow_sm '>\n\t\t\t\t\t\t\t<span class='evcal_evdata_icons'><i class='fa fa-clock-o'><\/i><\/span>\n\t\t\t\t\t\t\t<div class='evcal_evdata_cell'>\t\t\t\t\t\t\t\n\t\t\t\t\t\t\t\t<h3 class='evo_h3'><span class='evcal_evdata_icons'><i class='fa fa-clock-o'><\/i><\/span>Fecha<\/h3><p>(Saturday) 6:45 pm<\/p>\n\t\t\t\t\t\t\t<\/div>\n\t\t\t\t\t\t<\/div>\t\t\t\t\t\t<div class='evo_metarow_ICS evorow bordb evcal_evdata_row'>\n\t\t\t\t\t\t\t<span class=\"evcal_evdata_icons\"><i class=\"fa fa-calendar\"><\/i><\/span>\n\t\t\t\t\t\t\t<div class='evcal_evdata_cell'>\n\t\t\t\t\t\t\t\t<p><a href='https:\/\/www.blanescostabrava.cat\/wp-admin\/admin-ajax.php?action=eventon_ics_download&amp;event_id=234922&amp;sunix=20260919T164500Z&amp;eunix=20260919T215000Z&amp;loca=&amp;locn=' class='evo_ics_nCal' title='Add to your calendar'>Calendar<\/a><a href='\/\/www.google.com\/calendar\/event?action=TEMPLATE&amp;text=Ruta+literaria+%28ES%29&amp;dates=20260919T164500Z\/20260919T215000Z&amp;details=Ruta+literaria+%28ES%29D%C3%8DA%3A+S%C3%A1bado+19+de+septiembreHORA%3A+18%3A45+hLUGAR%3A+BlanesVisita+guiada+de+la+Ruta+literaria+en+castellano%2C+con&amp;location= - ' target='_blank' class='evo_ics_gCal' title='Add to google calendar'>GoogleCal<\/a><\/p>\t\n\t\t\t\t\t\t\t<\/div>\t\t\t\t\t\t<\/div>\n\t\t\t\t\t\t<\/div><div class='clear end'><\/div><\/div><div id=\"event_242326\" class=\"eventon_list_event evo_eventtop  event hasbgimg\" data-event_id=\"242326\" data-time=\"1789848000-1789861800\" data-colr=\"#206177\" itemscope itemtype='http:\/\/schema.org\/Event' 44><div class=\"evo_boxtop\" style=\"background-image: url(https:\/\/www.blanescostabrava.cat\/wp-content\/uploads\/2026\/08\/554731784197153_1.png.webp); background-color:#206177;height:200px;\"><\/div><div class=\"evo_event_schema\" style=\"display:none\" ><a itemprop='url'  href='https:\/\/www.blanescostabrava.cat\/events\/monoleg-musicat-con-cierta-intimidad-eco-martinez\/'><\/a><span itemprop='name'  >Mon\u00f2leg Musicat: \"Con Cierta Intimidad\" - Eco Mart\u00ednez<\/span><meta itemprop='image' content='https:\/\/www.blanescostabrava.cat\/wp-content\/uploads\/2026\/08\/554731784197153_1.png.webp' ><\/meta><meta itemprop='description' content='DIA: 19 de setembre\r\nHORA: 20.00 h\r\nLLOC: Casa Saladrigas\r\nDESCRIPCI\u00d3: Mon\u00f2leg musicat d'Eco Mart\u00ednez, dins el Cicle Talent Blanenc.' ><\/meta><meta itemprop='startDate' content='2026-9-19' ><\/meta><meta itemprop='endDate' content='2026-9-19' ><\/meta><meta itemprop='eventStatus' content='on-schedule' ><\/meta><script type=\"application\/ld+json\">{\t\"@context\": \"http:\/\/schema.org\",\n\t\t\t\t\t\t\t  \t\"@type\": \"Event\",\n\t\t\t\t\t\t\t  \t\"name\": \"Mon\u00f2leg Musicat: \"Con Cierta Intimidad\" - Eco Mart\u00ednez\",\n\t\t\t\t\t\t\t  \t\"startDate\": \"2026-9-19T20-20-00-00\",\n\t\t\t\t\t\t\t  \t\"endDate\": \"2026-9-19T23-23-50-00\",\n\t\t\t\t\t\t\t  \t\"image\":\"https:\/\/www.blanescostabrava.cat\/wp-content\/uploads\/2026\/08\/554731784197153_1.png-300x300.webp\",\n\t\t\t\t\t\t\t  \t\"description\":\"DIA: 19 de setembre\r\nHORA: 20.00 h\r\nLLOC: Casa Saladrigas\r\nDESCRIPCI\u00d3: Mon\u00f2leg musicat d'Eco Mart\u00ednez, dins el Cicle Talent Blanenc.\",\n\t\t\t\t\t\t\t  \t\n\t\t\t\t\t\t\t }<\/script><\/div>\n\t\t\t\t<p class=\"desc_trig_outter\"><a data-gmap_status=\"null\" data-exlk=\"0\" style=\"border-color: #206177;padding-top: 215px;height: 310px;\" id=\"evc_1789848000242326\" class=\"desc_trig sin_val evcal_list_a\" data-ux_val=\"3\"  ><span class='event-img'><img src='https:\/\/www.blanescostabrava.cat\/wp-content\/uploads\/2026\/08\/554731784197153_1.png.webp'><\/span><span class='evcal_cblock ' data-bgcolor='#206177' data-smon='septiembre' data-syr='2026'><span class='evo_start '><em class='date'>19<\/em><em class='month'>sep<\/em><em class='time'>8:00 pm<\/em><\/span><em class='clear'><\/em><\/span><span class='evcal_desc evo_info hide_eventtopdata '  data-location_status=\"false\" ><span class='evo_above_title'><\/span><span class='evcal_desc2 evcal_event_title' itemprop='name'>Mon\u00f2leg Musicat: \"Con Cierta Intimidad\" - Eco Mart\u00ednez<\/span><span class='evo_below_title'><\/span><span class='evcal_desc_info' ><\/span><span class='evcal_desc3'><\/span><\/span><em class='clear'><\/em><\/p><\/a><div class='event_description evcal_eventcard ' style=\"display:none\"><div class='evo_metarow_directimg'><img src='https:\/\/www.blanescostabrava.cat\/wp-content\/uploads\/2026\/08\/554731784197153_1.png.webp' \/><\/div><div class='evo_metarow_details evorow evcal_evdata_row bordb evcal_event_details'>\n\t\t\t\t\t\t\t<div class=\"event_excerpt\" style=\"display:none\"><h3 class=\"padb5 evo_h3\">Descripci\u00f3n<\/h3><p>DIA: 19 de setembre\r\nHORA: 20.00 h\r\nLLOC: Casa Saladrigas\r\nDESCRIPCI\u00d3: Mon\u00f2leg musicat d'Eco Mart\u00ednez, dins el Cicle Talent Blanenc.<\/p><\/div><span class='evcal_evdata_icons'><i class='fa fa-align-justify'><\/i><\/span>\n\t\t\t\t\t\t\t\n\t\t\t\t\t\t\t<div class='evcal_evdata_cell '><div class='eventon_full_description'>\n\t\t\t\t\t\t\t\t\t<h3 class='padb5 evo_h3'><span class='evcal_evdata_icons'><i class='fa fa-align-justify'><\/i><\/span>Descripci\u00f3n<\/h3><div class='eventon_desc_in' itemprop='description'>\n\t\t\t\t\t\t\t\t\t<p>DIA: 19 de setembre<br \/>\nHORA: 20.00 h<br \/>\nLLOC: Casa Saladrigas<br \/>\nDESCRIPCI\u00d3: Mon\u00f2leg musicat d&#8217;Eco Mart\u00ednez, dins el Cicle Talent Blanenc.<\/p>\n<\/div><div class='clear'><\/div>\n\t\t\t\t\t\t\t\t<\/div>\n\t\t\t\t\t\t\t<\/div>\n\t\t\t\t\t\t<\/div><div class='evo_metarow_time_location evorow bordb '>\n\t\t\t\t\t\t<div class='tb' >\n\t\t\t\t\t\t\t<div class='tbrow'>\n\t\t\t\t\t\t\t<div class='evcal_col50 bordr'>\n\t\t\t\t\t\t\t\t<div class='evcal_evdata_row evo_time'>\n\t\t\t\t\t\t\t\t\t<span class='evcal_evdata_icons'><i class='fa fa-clock-o'><\/i><\/span>\n\t\t\t\t\t\t\t\t\t<div class='evcal_evdata_cell'>\t\t\t\t\t\t\t\n\t\t\t\t\t\t\t\t\t\t<h3 class='evo_h3'><span class='evcal_evdata_icons'><i class='fa fa-clock-o'><\/i><\/span>Fecha<\/h3>\n\t\t\t\t\t\t\t\t\t\t<p>(Saturday) 8:00 pm<\/p>\n\t\t\t\t\t\t\t\t\t<\/div>\n\t\t\t\t\t\t\t\t<\/div>\n\t\t\t\t\t\t\t<\/div><div class='evcal_col50'>\n\t\t\t\t\t\t\t\t<div class='evcal_evdata_row evo_location'>\n\t\t\t\t\t\t\t\t\t<span class='evcal_evdata_icons'><i class='fa fa-map-marker'><\/i><\/span>\n\t\t\t\t\t\t\t\t\t<div class='evcal_evdata_cell' data-loc_tax_id='2425'>\t\t\t\t\t\t\t\n\t\t\t\t\t\t\t\t\t\t<h3 class='evo_h3'><span class='evcal_evdata_icons'><i class='fa fa-map-marker'><\/i><\/span>Location<\/h3><p class='evo_location_name'>Casa Saladrigas<\/p><p class='evo_location_address'><\/p>\n\t\t\t\t\t\t\t\t\t<\/div>\n\t\t\t\t\t\t\t\t<\/div>\n\t\t\t\t\t\t\t<\/div><div class='clear'><\/div>\n\t\t\t\t\t\t\t<\/div><\/div>\n\t\t\t\t\t\t<\/div>\t\t\t\t\t\t<div class='evo_metarow_ICS evorow bordb evcal_evdata_row'>\n\t\t\t\t\t\t\t<span class=\"evcal_evdata_icons\"><i class=\"fa fa-calendar\"><\/i><\/span>\n\t\t\t\t\t\t\t<div class='evcal_evdata_cell'>\n\t\t\t\t\t\t\t\t<p><a href='https:\/\/www.blanescostabrava.cat\/wp-admin\/admin-ajax.php?action=eventon_ics_download&amp;event_id=242326&amp;sunix=20260919T180000Z&amp;eunix=20260919T215000Z&amp;loca=&amp;locn=Casa Saladrigas' class='evo_ics_nCal' title='Add to your calendar'>Calendar<\/a><a href='\/\/www.google.com\/calendar\/event?action=TEMPLATE&amp;text=Mon%C3%B2leg+Musicat%3A+%22Con+Cierta+Intimidad%22+-+Eco+Mart%C3%ADnez&amp;dates=20260919T180000Z\/20260919T215000Z&amp;details=DIA%3A+19+de+setembre%0D%0AHORA%3A+20.00+h%0D%0ALLOC%3A+Casa+Saladrigas%0D%0ADESCRIPCI%C3%93%3A+Mon%C3%B2leg+musicat+d%27Eco+Mart%C3%ADnez%2C+dins+el+Cicle+Talent+Blanenc.&amp;location=Casa+Saladrigas - ' target='_blank' class='evo_ics_gCal' title='Add to google calendar'>GoogleCal<\/a><\/p>\t\n\t\t\t\t\t\t\t<\/div>\t\t\t\t\t\t<\/div>\n\t\t\t\t\t\t<\/div><div class='clear end'><\/div><\/div><div id=\"event_242338\" class=\"eventon_list_event evo_eventtop  event hasbgimg\" data-event_id=\"242338\" data-time=\"1789903800-1789907400\" data-colr=\"#206177\" itemscope itemtype='http:\/\/schema.org\/Event' 45><div class=\"evo_boxtop\" style=\"background-image: url(https:\/\/www.blanescostabrava.cat\/wp-content\/uploads\/2020\/02\/marimurtra.jpg); background-color:#206177;height:200px;\"><\/div><div class=\"evo_event_schema\" style=\"display:none\" ><a itemprop='url'  href='https:\/\/www.blanescostabrava.cat\/events\/visita-guiada-tast-estacional-de-marimurtra\/'><\/a><span itemprop='name'  >Visita Guiada \"Tast Estacional de Marimurtra\"<\/span><meta itemprop='image' content='https:\/\/www.blanescostabrava.cat\/wp-content\/uploads\/2020\/02\/marimurtra.jpg' ><\/meta><meta itemprop='description' content='DIA: 20 i 27 de setembre\r\nHORA: 11.30 - 12.30 h\r\nLLOC: Jard\u00ed Bot\u00e0nic Marimurtra\r\nDESCRIPCI\u00d3: Visita guiada amb tast de productes de temporada al jard\u00ed bot\u00e0nic.' ><\/meta><meta itemprop='startDate' content='2026-9-20' ><\/meta><meta itemprop='endDate' content='2026-9-20' ><\/meta><meta itemprop='eventStatus' content='on-schedule' ><\/meta><script type=\"application\/ld+json\">{\t\"@context\": \"http:\/\/schema.org\",\n\t\t\t\t\t\t\t  \t\"@type\": \"Event\",\n\t\t\t\t\t\t\t  \t\"name\": \"Visita Guiada \"Tast Estacional de Marimurtra\"\",\n\t\t\t\t\t\t\t  \t\"startDate\": \"2026-9-20T11-11-30-00\",\n\t\t\t\t\t\t\t  \t\"endDate\": \"2026-9-20T12-12-30-00\",\n\t\t\t\t\t\t\t  \t\"image\":\"https:\/\/www.blanescostabrava.cat\/wp-content\/uploads\/2020\/02\/marimurtra-300x194.jpg\",\n\t\t\t\t\t\t\t  \t\"description\":\"DIA: 20 i 27 de setembre\r\nHORA: 11.30 - 12.30 h\r\nLLOC: Jard\u00ed Bot\u00e0nic Marimurtra\r\nDESCRIPCI\u00d3: Visita guiada amb tast de productes de temporada al jard\u00ed bot\u00e0nic.\",\n\t\t\t\t\t\t\t  \t\n\t\t\t\t\t\t\t }<\/script><\/div>\n\t\t\t\t<p class=\"desc_trig_outter\"><a data-gmap_status=\"null\" data-exlk=\"0\" style=\"border-color: #206177;padding-top: 215px;height: 310px;\" id=\"evc_1789903800242338\" class=\"desc_trig sin_val evcal_list_a\" data-ux_val=\"3\"  ><span class='event-img'><img src='https:\/\/www.blanescostabrava.cat\/wp-content\/uploads\/2020\/02\/marimurtra.jpg'><\/span><span class='evcal_cblock ' data-bgcolor='#206177' data-smon='septiembre' data-syr='2026'><span class='evo_start '><em class='date'>20<\/em><em class='month'>sep<\/em><em class='time'>11:30 am<\/em><\/span><span class='evo_end only_time'><em class='time'>12:30 pm<\/em><\/span><em class='clear'><\/em><\/span><span class='evcal_desc evo_info hide_eventtopdata '  data-location_status=\"false\" ><span class='evo_above_title'><\/span><span class='evcal_desc2 evcal_event_title' itemprop='name'>Visita Guiada \"Tast Estacional de Marimurtra\"<\/span><span class='evo_below_title'><\/span><span class='evcal_desc_info' ><\/span><span class='evcal_desc3'><\/span><\/span><em class='clear'><\/em><\/p><\/a><div class='event_description evcal_eventcard ' style=\"display:none\"><div class='evo_metarow_directimg'><img src='https:\/\/www.blanescostabrava.cat\/wp-content\/uploads\/2020\/02\/marimurtra.jpg' alt=\"Jard\u00ed Bot\u00e0nic Marimurtra\"\/><\/div><div class='evo_metarow_details evorow evcal_evdata_row bordb evcal_event_details'>\n\t\t\t\t\t\t\t<div class=\"event_excerpt\" style=\"display:none\"><h3 class=\"padb5 evo_h3\">Descripci\u00f3n<\/h3><p>DIA: 20 i 27 de setembre\r\nHORA: 11.30 - 12.30 h\r\nLLOC: Jard\u00ed Bot\u00e0nic Marimurtra\r\nDESCRIPCI\u00d3: Visita guiada amb tast de productes de temporada al jard\u00ed bot\u00e0nic.<\/p><\/div><span class='evcal_evdata_icons'><i class='fa fa-align-justify'><\/i><\/span>\n\t\t\t\t\t\t\t\n\t\t\t\t\t\t\t<div class='evcal_evdata_cell '><div class='eventon_full_description'>\n\t\t\t\t\t\t\t\t\t<h3 class='padb5 evo_h3'><span class='evcal_evdata_icons'><i class='fa fa-align-justify'><\/i><\/span>Descripci\u00f3n<\/h3><div class='eventon_desc_in' itemprop='description'>\n\t\t\t\t\t\t\t\t\t<p>DIA: 20 i 27 de setembre<br \/>\nHORA: 11.30 &#8211; 12.30 h<br \/>\nLLOC: Jard\u00ed Bot\u00e0nic Marimurtra<br \/>\nDESCRIPCI\u00d3: Visita guiada amb tast de productes de temporada al jard\u00ed bot\u00e0nic.<\/p>\n<\/div><div class='clear'><\/div>\n\t\t\t\t\t\t\t\t<\/div>\n\t\t\t\t\t\t\t<\/div>\n\t\t\t\t\t\t<\/div><div class='evo_metarow_time_location evorow bordb '>\n\t\t\t\t\t\t<div class='tb' >\n\t\t\t\t\t\t\t<div class='tbrow'>\n\t\t\t\t\t\t\t<div class='evcal_col50 bordr'>\n\t\t\t\t\t\t\t\t<div class='evcal_evdata_row evo_time'>\n\t\t\t\t\t\t\t\t\t<span class='evcal_evdata_icons'><i class='fa fa-clock-o'><\/i><\/span>\n\t\t\t\t\t\t\t\t\t<div class='evcal_evdata_cell'>\t\t\t\t\t\t\t\n\t\t\t\t\t\t\t\t\t\t<h3 class='evo_h3'><span class='evcal_evdata_icons'><i class='fa fa-clock-o'><\/i><\/span>Fecha<\/h3>\n\t\t\t\t\t\t\t\t\t\t<p>(Sunday) 11:30 am - 12:30 pm<\/p>\n\t\t\t\t\t\t\t\t\t<\/div>\n\t\t\t\t\t\t\t\t<\/div>\n\t\t\t\t\t\t\t<\/div><div class='evcal_col50'>\n\t\t\t\t\t\t\t\t<div class='evcal_evdata_row evo_location'>\n\t\t\t\t\t\t\t\t\t<span class='evcal_evdata_icons'><i class='fa fa-map-marker'><\/i><\/span>\n\t\t\t\t\t\t\t\t\t<div class='evcal_evdata_cell' data-loc_tax_id='2413'>\t\t\t\t\t\t\t\n\t\t\t\t\t\t\t\t\t\t<h3 class='evo_h3'><span class='evcal_evdata_icons'><i class='fa fa-map-marker'><\/i><\/span>Location<\/h3><p class='evo_location_name'>Jard\u00ed Bot\u00e0nic Marimurtra<\/p><p class='evo_location_address'><\/p>\n\t\t\t\t\t\t\t\t\t<\/div>\n\t\t\t\t\t\t\t\t<\/div>\n\t\t\t\t\t\t\t<\/div><div class='clear'><\/div>\n\t\t\t\t\t\t\t<\/div><\/div>\n\t\t\t\t\t\t<\/div>\t\t\t\t\t\t<div class='evo_metarow_ICS evorow bordb evcal_evdata_row'>\n\t\t\t\t\t\t\t<span class=\"evcal_evdata_icons\"><i class=\"fa fa-calendar\"><\/i><\/span>\n\t\t\t\t\t\t\t<div class='evcal_evdata_cell'>\n\t\t\t\t\t\t\t\t<p><a href='https:\/\/www.blanescostabrava.cat\/wp-admin\/admin-ajax.php?action=eventon_ics_download&amp;event_id=242338&amp;sunix=20260920T093000Z&amp;eunix=20260920T103000Z&amp;loca=&amp;locn=Jard\u00ed Bot\u00e0nic Marimurtra' class='evo_ics_nCal' title='Add to your calendar'>Calendar<\/a><a href='\/\/www.google.com\/calendar\/event?action=TEMPLATE&amp;text=Visita+Guiada+%22Tast+Estacional+de+Marimurtra%22&amp;dates=20260920T093000Z\/20260920T103000Z&amp;details=DIA%3A+20+i+27+de+setembre%0D%0AHORA%3A+11.30+-+12.30+h%0D%0ALLOC%3A+Jard%C3%AD+Bot%C3%A0nic+Marimurtra%0D%0ADESCRIPCI%C3%93%3A+Visita+guiada+amb+tast+de+productes+de+temporada+al+jard%C3%AD+bot%C3%A0nic.&amp;location=Jard%C3%AD+Bot%C3%A0nic+Marimurtra - ' target='_blank' class='evo_ics_gCal' title='Add to google calendar'>GoogleCal<\/a><\/p>\t\n\t\t\t\t\t\t\t<\/div>\t\t\t\t\t\t<\/div>\n\t\t\t\t\t\t<\/div><div class='clear end'><\/div><\/div><div id=\"event_242350\" class=\"eventon_list_event evo_eventtop  event hasbgimg\" data-event_id=\"242350\" data-time=\"1789927200-1789948200\" data-colr=\"#206177\" itemscope itemtype='http:\/\/schema.org\/Event' 46><div class=\"evo_boxtop\" style=\"background-image: url(https:\/\/www.blanescostabrava.cat\/wp-content\/uploads\/2026\/08\/554741784197466_1.png.webp); background-color:#206177;height:200px;\"><\/div><div class=\"evo_event_schema\" style=\"display:none\" ><a itemprop='url'  href='https:\/\/www.blanescostabrava.cat\/events\/diario-nocturno-luis-relucio\/'><\/a><span itemprop='name'  >\"Diario Nocturno\" - Luis Relucio<\/span><meta itemprop='image' content='https:\/\/www.blanescostabrava.cat\/wp-content\/uploads\/2026\/08\/554741784197466_1.png.webp' ><\/meta><meta itemprop='description' content='DIA: 20 de setembre\r\nHORA: 18.00 h\r\nLLOC: Teatre de Blanes\r\nDESCRIPCI\u00d3: Concert de Luis Relucio, dins el Cicle Talent Blanenc.' ><\/meta><meta itemprop='startDate' content='2026-9-20' ><\/meta><meta itemprop='endDate' content='2026-9-20' ><\/meta><meta itemprop='eventStatus' content='on-schedule' ><\/meta><script type=\"application\/ld+json\">{\t\"@context\": \"http:\/\/schema.org\",\n\t\t\t\t\t\t\t  \t\"@type\": \"Event\",\n\t\t\t\t\t\t\t  \t\"name\": \"\"Diario Nocturno\" - Luis Relucio\",\n\t\t\t\t\t\t\t  \t\"startDate\": \"2026-9-20T18-18-00-00\",\n\t\t\t\t\t\t\t  \t\"endDate\": \"2026-9-20T23-23-50-00\",\n\t\t\t\t\t\t\t  \t\"image\":\"https:\/\/www.blanescostabrava.cat\/wp-content\/uploads\/2026\/08\/554741784197466_1.png-300x300.webp\",\n\t\t\t\t\t\t\t  \t\"description\":\"DIA: 20 de setembre\r\nHORA: 18.00 h\r\nLLOC: Teatre de Blanes\r\nDESCRIPCI\u00d3: Concert de Luis Relucio, dins el Cicle Talent Blanenc.\",\n\t\t\t\t\t\t\t  \t\n\t\t\t\t\t\t\t }<\/script><\/div>\n\t\t\t\t<p class=\"desc_trig_outter\"><a data-gmap_status=\"null\" data-exlk=\"0\" style=\"border-color: #206177;padding-top: 215px;height: 310px;\" id=\"evc_1789927200242350\" class=\"desc_trig sin_val evcal_list_a\" data-ux_val=\"3\"  ><span class='event-img'><img src='https:\/\/www.blanescostabrava.cat\/wp-content\/uploads\/2026\/08\/554741784197466_1.png.webp'><\/span><span class='evcal_cblock ' data-bgcolor='#206177' data-smon='septiembre' data-syr='2026'><span class='evo_start '><em class='date'>20<\/em><em class='month'>sep<\/em><em class='time'>6:00 pm<\/em><\/span><em class='clear'><\/em><\/span><span class='evcal_desc evo_info hide_eventtopdata '  data-location_status=\"false\" ><span class='evo_above_title'><\/span><span class='evcal_desc2 evcal_event_title' itemprop='name'>\"Diario Nocturno\" - Luis Relucio<\/span><span class='evo_below_title'><\/span><span class='evcal_desc_info' ><\/span><span class='evcal_desc3'><\/span><\/span><em class='clear'><\/em><\/p><\/a><div class='event_description evcal_eventcard ' style=\"display:none\"><div class='evo_metarow_directimg'><img src='https:\/\/www.blanescostabrava.cat\/wp-content\/uploads\/2026\/08\/554741784197466_1.png.webp' \/><\/div><div class='evo_metarow_details evorow evcal_evdata_row bordb evcal_event_details'>\n\t\t\t\t\t\t\t<div class=\"event_excerpt\" style=\"display:none\"><h3 class=\"padb5 evo_h3\">Descripci\u00f3n<\/h3><p>DIA: 20 de setembre\r\nHORA: 18.00 h\r\nLLOC: Teatre de Blanes\r\nDESCRIPCI\u00d3: Concert de Luis Relucio, dins el Cicle Talent Blanenc.<\/p><\/div><span class='evcal_evdata_icons'><i class='fa fa-align-justify'><\/i><\/span>\n\t\t\t\t\t\t\t\n\t\t\t\t\t\t\t<div class='evcal_evdata_cell '><div class='eventon_full_description'>\n\t\t\t\t\t\t\t\t\t<h3 class='padb5 evo_h3'><span class='evcal_evdata_icons'><i class='fa fa-align-justify'><\/i><\/span>Descripci\u00f3n<\/h3><div class='eventon_desc_in' itemprop='description'>\n\t\t\t\t\t\t\t\t\t<p>DIA: 20 de setembre<br \/>\nHORA: 18.00 h<br \/>\nLLOC: Teatre de Blanes<br \/>\nDESCRIPCI\u00d3: Concert de Luis Relucio, dins el Cicle Talent Blanenc.<\/p>\n<\/div><div class='clear'><\/div>\n\t\t\t\t\t\t\t\t<\/div>\n\t\t\t\t\t\t\t<\/div>\n\t\t\t\t\t\t<\/div><div class='evo_metarow_time_location evorow bordb '>\n\t\t\t\t\t\t<div class='tb' >\n\t\t\t\t\t\t\t<div class='tbrow'>\n\t\t\t\t\t\t\t<div class='evcal_col50 bordr'>\n\t\t\t\t\t\t\t\t<div class='evcal_evdata_row evo_time'>\n\t\t\t\t\t\t\t\t\t<span class='evcal_evdata_icons'><i class='fa fa-clock-o'><\/i><\/span>\n\t\t\t\t\t\t\t\t\t<div class='evcal_evdata_cell'>\t\t\t\t\t\t\t\n\t\t\t\t\t\t\t\t\t\t<h3 class='evo_h3'><span class='evcal_evdata_icons'><i class='fa fa-clock-o'><\/i><\/span>Fecha<\/h3>\n\t\t\t\t\t\t\t\t\t\t<p>(Sunday) 6:00 pm<\/p>\n\t\t\t\t\t\t\t\t\t<\/div>\n\t\t\t\t\t\t\t\t<\/div>\n\t\t\t\t\t\t\t<\/div><div class='evcal_col50'>\n\t\t\t\t\t\t\t\t<div class='evcal_evdata_row evo_location'>\n\t\t\t\t\t\t\t\t\t<span class='evcal_evdata_icons'><i class='fa fa-map-marker'><\/i><\/span>\n\t\t\t\t\t\t\t\t\t<div class='evcal_evdata_cell' data-loc_tax_id='2217'>\t\t\t\t\t\t\t\n\t\t\t\t\t\t\t\t\t\t<h3 class='evo_h3'><span class='evcal_evdata_icons'><i class='fa fa-map-marker'><\/i><\/span>Location<\/h3><p class='evo_location_name'>Teatre de Blanes<\/p><p class='evo_location_address'><\/p>\n\t\t\t\t\t\t\t\t\t<\/div>\n\t\t\t\t\t\t\t\t<\/div>\n\t\t\t\t\t\t\t<\/div><div class='clear'><\/div>\n\t\t\t\t\t\t\t<\/div><\/div>\n\t\t\t\t\t\t<\/div>\t\t\t\t\t\t<div class='evo_metarow_ICS evorow bordb evcal_evdata_row'>\n\t\t\t\t\t\t\t<span class=\"evcal_evdata_icons\"><i class=\"fa fa-calendar\"><\/i><\/span>\n\t\t\t\t\t\t\t<div class='evcal_evdata_cell'>\n\t\t\t\t\t\t\t\t<p><a href='https:\/\/www.blanescostabrava.cat\/wp-admin\/admin-ajax.php?action=eventon_ics_download&amp;event_id=242350&amp;sunix=20260920T160000Z&amp;eunix=20260920T215000Z&amp;loca=&amp;locn=Teatre de Blanes' class='evo_ics_nCal' title='Add to your calendar'>Calendar<\/a><a href='\/\/www.google.com\/calendar\/event?action=TEMPLATE&amp;text=%22Diario+Nocturno%22+-+Luis+Relucio&amp;dates=20260920T160000Z\/20260920T215000Z&amp;details=DIA%3A+20+de+setembre%0D%0AHORA%3A+18.00+h%0D%0ALLOC%3A+Teatre+de+Blanes%0D%0ADESCRIPCI%C3%93%3A+Concert+de+Luis+Relucio%2C+dins+el+Cicle+Talent+Blanenc.&amp;location=Teatre+de+Blanes - ' target='_blank' class='evo_ics_gCal' title='Add to google calendar'>GoogleCal<\/a><\/p>\t\n\t\t\t\t\t\t\t<\/div>\t\t\t\t\t\t<\/div>\n\t\t\t\t\t\t<\/div><div class='clear end'><\/div><\/div><div id=\"event_241834\" class=\"eventon_list_event evo_eventtop  event hasbgimg\" data-event_id=\"241834\" data-time=\"1790362800-1790370000\" data-colr=\"#206177\" itemscope itemtype='http:\/\/schema.org\/Event' 47><div class=\"evo_boxtop\" style=\"background-image: url(https:\/\/www.blanescostabrava.cat\/wp-content\/uploads\/2026\/08\/nit_ceab_2025_autoria_e.mora_.jpg); background-color:#206177;height:200px;\"><\/div><div class=\"evo_event_schema\" style=\"display:none\" ><a itemprop='url'  href='https:\/\/www.blanescostabrava.cat\/es\/events\/noche-del-ceab-2026\/'><\/a><span itemprop='name'  >Noche del CEAB 2026<\/span><meta itemprop='image' content='https:\/\/www.blanescostabrava.cat\/wp-content\/uploads\/2026\/08\/nit_ceab_2025_autoria_e.mora_.jpg' ><\/meta><meta itemprop='description' content='D\u00cdA: Viernes 25 de septiembre de 2026HORA: De 19:00 a 21:00 hLUGAR: Centre d\u2019Estudis Avan\u00e7ats de Blanes (CEAB-CSIC), c. d\u2019Acc\u00e9s a la Cala Sant' ><\/meta><meta itemprop='startDate' content='2026-9-25' ><\/meta><meta itemprop='endDate' content='2026-9-25' ><\/meta><meta itemprop='eventStatus' content='on-schedule' ><\/meta>\n\t\t\t\t\t\t\t\t\t<item style=\"display:none\" itemprop=\"location\" itemscope itemtype=\"http:\/\/schema.org\/Place\">\n\t\t\t\t\t\t\t\t\t\t<span itemprop=\"name\">CEAB-CSIC<\/span>\n\t\t\t\t\t\t\t\t\t\t<span itemprop=\"address\" itemscope itemtype=\"http:\/\/schema.org\/PostalAddress\">\n\t\t\t\t\t\t\t\t\t\t\t<item itemprop=\"streetAddress\">14, carrer d\u2019Acc\u00e9s a la Cala Sant Francesc, Blanes<\/item>\n\t\t\t\t\t\t\t\t\t\t<\/span><\/item><script type=\"application\/ld+json\">{\t\"@context\": \"http:\/\/schema.org\",\n\t\t\t\t\t\t\t  \t\"@type\": \"Event\",\n\t\t\t\t\t\t\t  \t\"name\": \"Noche del CEAB 2026\",\n\t\t\t\t\t\t\t  \t\"startDate\": \"2026-9-25T19-19-00-00\",\n\t\t\t\t\t\t\t  \t\"endDate\": \"2026-9-25T21-21-00-00\",\n\t\t\t\t\t\t\t  \t\"image\":\"https:\/\/www.blanescostabrava.cat\/wp-content\/uploads\/2026\/08\/nit_ceab_2025_autoria_e.mora_-300x225.jpg\",\n\t\t\t\t\t\t\t  \t\"description\":\"D\u00cdA: Viernes 25 de septiembre de 2026HORA: De 19:00 a 21:00 hLUGAR: Centre d\u2019Estudis Avan\u00e7ats de Blanes (CEAB-CSIC), c. d\u2019Acc\u00e9s a la Cala Sant\",\n\t\t\t\t\t\t\t  \t\"location\":{\n\t\t\t\t\t\t\t\t\t\t\"@type\":\"Place\",\n\t\t\t\t\t\t\t\t\t\t\"name\":\"CEAB-CSIC\",\n\t\t\t\t\t\t\t\t\t\t\"address\":\"14, carrer d\u2019Acc\u00e9s a la Cala Sant Francesc, Blanes\"\n\t\t\t\t\t\t\t  \t\t}\n\t\t\t\t\t\t\t }<\/script><\/div>\n\t\t\t\t<p class=\"desc_trig_outter\"><a data-gmap_status=\"null\" data-exlk=\"0\" style=\"border-color: #206177;padding-top: 215px;height: 310px;\" id=\"evc_1790362800241834\" class=\"desc_trig sin_val evcal_list_a\" data-ux_val=\"3\"  ><span class='event-img'><img src='https:\/\/www.blanescostabrava.cat\/wp-content\/uploads\/2026\/08\/nit_ceab_2025_autoria_e.mora_.jpg'><\/span><span class='evcal_cblock ' data-bgcolor='#206177' data-smon='septiembre' data-syr='2026'><span class='evo_start '><em class='date'>25<\/em><em class='month'>sep<\/em><em class='time'>7:00 pm<\/em><\/span><span class='evo_end only_time'><em class='time'>9:00 pm<\/em><\/span><em class='clear'><\/em><\/span><span class='evcal_desc evo_info hide_eventtopdata '  data-location_address=\"14, carrer d\u2019Acc\u00e9s a la Cala Sant Francesc, Blanes\" data-location_type=\"address\" data-location_name=\"CEAB-CSIC\" data-location_status=\"true\" ><span class='evo_above_title'><\/span><span class='evcal_desc2 evcal_event_title' itemprop='name'>Noche del CEAB 2026<\/span><span class='evo_below_title'><\/span><span class='evcal_desc_info' ><\/span><span class='evcal_desc3'><\/span><\/span><em class='clear'><\/em><\/p><\/a><div class='event_description evcal_eventcard ' style=\"display:none\"><div class='evo_metarow_directimg'><img src='https:\/\/www.blanescostabrava.cat\/wp-content\/uploads\/2026\/08\/nit_ceab_2025_autoria_e.mora_.jpg' \/><\/div><div class='evo_metarow_details evorow evcal_evdata_row bordb evcal_event_details'>\n\t\t\t\t\t\t\t<div class=\"event_excerpt\" style=\"display:none\"><h3 class=\"padb5 evo_h3\">Descripci\u00f3n<\/h3><p>D\u00cdA: Viernes 25 de septiembre de 2026HORA: De 19:00 a 21:00 hLUGAR: Centre d\u2019Estudis Avan\u00e7ats de Blanes (CEAB-CSIC), c. d\u2019Acc\u00e9s a la Cala Sant<\/p><\/div><span class='evcal_evdata_icons'><i class='fa fa-align-justify'><\/i><\/span>\n\t\t\t\t\t\t\t\n\t\t\t\t\t\t\t<div class='evcal_evdata_cell shorter_desc'><div class='eventon_details_shading_bot'>\n\t\t\t\t\t\t\t\t<p class='eventon_shad_p' content='less'><span class='ev_more_text' data-txt='less'>more<\/span><span class='ev_more_arrow'><\/span><\/p>\n\t\t\t\t\t\t\t<\/div><div class='eventon_full_description'>\n\t\t\t\t\t\t\t\t\t<h3 class='padb5 evo_h3'><span class='evcal_evdata_icons'><i class='fa fa-align-justify'><\/i><\/span>Descripci\u00f3n<\/h3><div class='eventon_desc_in' itemprop='description'>\n\t\t\t\t\t\t\t\t\t<p><strong>D\u00cdA<\/strong>: Viernes 25 de septiembre de 2026<br data-start=\"1432\" data-end=\"1435\" \/><strong>HORA:<\/strong> De 19:00 a 21:00 h<br data-start=\"1459\" data-end=\"1462\" \/><strong>LUGAR<\/strong>: Centre d\u2019Estudis Avan\u00e7ats de Blanes (CEAB-CSIC), c. d\u2019Acc\u00e9s a la Cala Sant Francesc, 14, Blanes<br data-start=\"1564\" data-end=\"1567\" \/><strong>DESCRIPCI\u00d3N<\/strong>: \u00abEl conocimiento al servicio de la naturaleza\u00bb. Actividad dedicada a descubrir c\u00f3mo la ciencia puede contribuir a proteger y recuperar el medio natural. Actividad gratuita con inscripci\u00f3n previa obligatoria debido al aforo limitado. https:\/\/www.ceab.csic.es\/agenda\/nit-del-ceab-2026\/<\/p>\n<\/div><div class='clear'><\/div>\n\t\t\t\t\t\t\t\t<\/div>\n\t\t\t\t\t\t\t<\/div>\n\t\t\t\t\t\t<\/div><div class='evo_metarow_time_location evorow bordb '>\n\t\t\t\t\t\t<div class='tb' >\n\t\t\t\t\t\t\t<div class='tbrow'>\n\t\t\t\t\t\t\t<div class='evcal_col50 bordr'>\n\t\t\t\t\t\t\t\t<div class='evcal_evdata_row evo_time'>\n\t\t\t\t\t\t\t\t\t<span class='evcal_evdata_icons'><i class='fa fa-clock-o'><\/i><\/span>\n\t\t\t\t\t\t\t\t\t<div class='evcal_evdata_cell'>\t\t\t\t\t\t\t\n\t\t\t\t\t\t\t\t\t\t<h3 class='evo_h3'><span class='evcal_evdata_icons'><i class='fa fa-clock-o'><\/i><\/span>Fecha<\/h3>\n\t\t\t\t\t\t\t\t\t\t<p>(Friday) 7:00 pm - 9:00 pm<\/p>\n\t\t\t\t\t\t\t\t\t<\/div>\n\t\t\t\t\t\t\t\t<\/div>\n\t\t\t\t\t\t\t<\/div><div class='evcal_col50'>\n\t\t\t\t\t\t\t\t<div class='evcal_evdata_row evo_location'>\n\t\t\t\t\t\t\t\t\t<span class='evcal_evdata_icons'><i class='fa fa-map-marker'><\/i><\/span>\n\t\t\t\t\t\t\t\t\t<div class='evcal_evdata_cell' data-loc_tax_id='6094'>\t\t\t\t\t\t\t\n\t\t\t\t\t\t\t\t\t\t<h3 class='evo_h3'><span class='evcal_evdata_icons'><i class='fa fa-map-marker'><\/i><\/span>Location<\/h3><p class='evo_location_name'>CEAB-CSIC<\/p><p class='evo_location_address'>14, carrer d\u2019Acc\u00e9s a la Cala Sant Francesc, Blanes<\/p>\n\t\t\t\t\t\t\t\t\t<\/div>\n\t\t\t\t\t\t\t\t<\/div>\n\t\t\t\t\t\t\t<\/div><div class='clear'><\/div>\n\t\t\t\t\t\t\t<\/div><\/div>\n\t\t\t\t\t\t<\/div>\t\t\t\t\t\t<div class='evo_metarow_ICS evorow bordb evcal_evdata_row'>\n\t\t\t\t\t\t\t<span class=\"evcal_evdata_icons\"><i class=\"fa fa-calendar\"><\/i><\/span>\n\t\t\t\t\t\t\t<div class='evcal_evdata_cell'>\n\t\t\t\t\t\t\t\t<p><a href='https:\/\/www.blanescostabrava.cat\/wp-admin\/admin-ajax.php?action=eventon_ics_download&amp;event_id=241834&amp;sunix=20260925T170000Z&amp;eunix=20260925T190000Z&amp;loca=14, carrer d\u2019Acc\u00e9s a la Cala Sant Francesc, Blanes&amp;locn=CEAB-CSIC' class='evo_ics_nCal' title='Add to your calendar'>Calendar<\/a><a href='\/\/www.google.com\/calendar\/event?action=TEMPLATE&amp;text=Noche+del+CEAB+2026&amp;dates=20260925T170000Z\/20260925T190000Z&amp;details=D%C3%8DA%3A+Viernes+25+de+septiembre+de+2026HORA%3A+De+19%3A00+a+21%3A00+hLUGAR%3A+Centre+d%E2%80%99Estudis+Avan%C3%A7ats+de+Blanes+%28CEAB-CSIC%29%2C+c.+d%E2%80%99Acc%C3%A9s+a+la+Cala+Sant&amp;location=CEAB-CSIC - 14%2C+carrer+d%E2%80%99Acc%C3%A9s+a+la+Cala+Sant+Francesc%2C+Blanes' target='_blank' class='evo_ics_gCal' title='Add to google calendar'>GoogleCal<\/a><\/p>\t\n\t\t\t\t\t\t\t<\/div>\t\t\t\t\t\t<\/div>\n\t\t\t\t\t\t<\/div><div class='clear end'><\/div><\/div><div id=\"event_242362\" class=\"eventon_list_event evo_eventtop  event hasbgimg\" data-event_id=\"242362\" data-time=\"1790362800-1790380200\" data-colr=\"#206177\" itemscope itemtype='http:\/\/schema.org\/Event' 48><div class=\"evo_boxtop\" style=\"background-image: url(https:\/\/www.blanescostabrava.cat\/wp-content\/uploads\/2025\/09\/\ud83d\udd2c-Nit-del-CEAB-2025Nit-Europea-de-la-Recerca-enguany-dedicada-a-lEcologia-i-a-la-Complexita.jpg); background-color:#206177;height:200px;\"><\/div><div class=\"evo_event_schema\" style=\"display:none\" ><a itemprop='url'  href='https:\/\/www.blanescostabrava.cat\/events\/nit-del-ceab-2026-el-coneixement-al-servei-de-la-natura\/'><\/a><span itemprop='name'  >Nit del CEAB 2026: \"El Coneixement al Servei de la Natura\"<\/span><meta itemprop='image' content='https:\/\/www.blanescostabrava.cat\/wp-content\/uploads\/2025\/09\/\ud83d\udd2c-Nit-del-CEAB-2025Nit-Europea-de-la-Recerca-enguany-dedicada-a-lEcologia-i-a-la-Complexita.jpg' ><\/meta><meta itemprop='description' content='DIA: 25 de setembre\r\nHORA: 19.00 h\r\nLLOC: CEAB (c. acc\u00e9s Cala Sant Francesc, 14)\r\nDESCRIPCI\u00d3: Nit oberta del CEAB. Entrada gratu\u00efta, reserva pr\u00e8via.' ><\/meta><meta itemprop='startDate' content='2026-9-25' ><\/meta><meta itemprop='endDate' content='2026-9-25' ><\/meta><meta itemprop='eventStatus' content='on-schedule' ><\/meta><script type=\"application\/ld+json\">{\t\"@context\": \"http:\/\/schema.org\",\n\t\t\t\t\t\t\t  \t\"@type\": \"Event\",\n\t\t\t\t\t\t\t  \t\"name\": \"Nit del CEAB 2026: \"El Coneixement al Servei de la Natura\"\",\n\t\t\t\t\t\t\t  \t\"startDate\": \"2026-9-25T19-19-00-00\",\n\t\t\t\t\t\t\t  \t\"endDate\": \"2026-9-25T23-23-50-00\",\n\t\t\t\t\t\t\t  \t\"image\":\"https:\/\/www.blanescostabrava.cat\/wp-content\/uploads\/2025\/09\/\ud83d\udd2c-Nit-del-CEAB-2025Nit-Europea-de-la-Recerca-enguany-dedicada-a-lEcologia-i-a-la-Complexita-300x225.jpg\",\n\t\t\t\t\t\t\t  \t\"description\":\"DIA: 25 de setembre\r\nHORA: 19.00 h\r\nLLOC: CEAB (c. acc\u00e9s Cala Sant Francesc, 14)\r\nDESCRIPCI\u00d3: Nit oberta del CEAB. Entrada gratu\u00efta, reserva pr\u00e8via.\",\n\t\t\t\t\t\t\t  \t\n\t\t\t\t\t\t\t }<\/script><\/div>\n\t\t\t\t<p class=\"desc_trig_outter\"><a data-gmap_status=\"null\" data-exlk=\"0\" style=\"border-color: #206177;padding-top: 215px;height: 310px;\" id=\"evc_1790362800242362\" class=\"desc_trig sin_val evcal_list_a\" data-ux_val=\"3\"  ><span class='event-img'><img src='https:\/\/www.blanescostabrava.cat\/wp-content\/uploads\/2025\/09\/\ud83d\udd2c-Nit-del-CEAB-2025Nit-Europea-de-la-Recerca-enguany-dedicada-a-lEcologia-i-a-la-Complexita.jpg'><\/span><span class='evcal_cblock ' data-bgcolor='#206177' data-smon='septiembre' data-syr='2026'><span class='evo_start '><em class='date'>25<\/em><em class='month'>sep<\/em><em class='time'>7:00 pm<\/em><\/span><em class='clear'><\/em><\/span><span class='evcal_desc evo_info hide_eventtopdata '  data-location_status=\"false\" ><span class='evo_above_title'><\/span><span class='evcal_desc2 evcal_event_title' itemprop='name'>Nit del CEAB 2026: \"El Coneixement al Servei de la Natura\"<\/span><span class='evo_below_title'><\/span><span class='evcal_desc_info' ><\/span><span class='evcal_desc3'><\/span><\/span><em class='clear'><\/em><\/p><\/a><div class='event_description evcal_eventcard ' style=\"display:none\"><div class='evo_metarow_directimg'><img src='https:\/\/www.blanescostabrava.cat\/wp-content\/uploads\/2025\/09\/\ud83d\udd2c-Nit-del-CEAB-2025Nit-Europea-de-la-Recerca-enguany-dedicada-a-lEcologia-i-a-la-Complexita.jpg' \/><\/div><div class='evo_metarow_details evorow evcal_evdata_row bordb evcal_event_details'>\n\t\t\t\t\t\t\t<div class=\"event_excerpt\" style=\"display:none\"><h3 class=\"padb5 evo_h3\">Descripci\u00f3n<\/h3><p>DIA: 25 de setembre\r\nHORA: 19.00 h\r\nLLOC: CEAB (c. acc\u00e9s Cala Sant Francesc, 14)\r\nDESCRIPCI\u00d3: Nit oberta del CEAB. Entrada gratu\u00efta, reserva pr\u00e8via.<\/p><\/div><span class='evcal_evdata_icons'><i class='fa fa-align-justify'><\/i><\/span>\n\t\t\t\t\t\t\t\n\t\t\t\t\t\t\t<div class='evcal_evdata_cell '><div class='eventon_full_description'>\n\t\t\t\t\t\t\t\t\t<h3 class='padb5 evo_h3'><span class='evcal_evdata_icons'><i class='fa fa-align-justify'><\/i><\/span>Descripci\u00f3n<\/h3><div class='eventon_desc_in' itemprop='description'>\n\t\t\t\t\t\t\t\t\t<p>DIA: 25 de setembre<br \/>\nHORA: 19.00 h<br \/>\nLLOC: CEAB (c. acc\u00e9s Cala Sant Francesc, 14)<br \/>\nDESCRIPCI\u00d3: Nit oberta del CEAB. Entrada gratu\u00efta, reserva pr\u00e8via.<\/p>\n<\/div><div class='clear'><\/div>\n\t\t\t\t\t\t\t\t<\/div>\n\t\t\t\t\t\t\t<\/div>\n\t\t\t\t\t\t<\/div><div class='evo_metarow_time_location evorow bordb '>\n\t\t\t\t\t\t<div class='tb' >\n\t\t\t\t\t\t\t<div class='tbrow'>\n\t\t\t\t\t\t\t<div class='evcal_col50 bordr'>\n\t\t\t\t\t\t\t\t<div class='evcal_evdata_row evo_time'>\n\t\t\t\t\t\t\t\t\t<span class='evcal_evdata_icons'><i class='fa fa-clock-o'><\/i><\/span>\n\t\t\t\t\t\t\t\t\t<div class='evcal_evdata_cell'>\t\t\t\t\t\t\t\n\t\t\t\t\t\t\t\t\t\t<h3 class='evo_h3'><span class='evcal_evdata_icons'><i class='fa fa-clock-o'><\/i><\/span>Fecha<\/h3>\n\t\t\t\t\t\t\t\t\t\t<p>(Friday) 7:00 pm<\/p>\n\t\t\t\t\t\t\t\t\t<\/div>\n\t\t\t\t\t\t\t\t<\/div>\n\t\t\t\t\t\t\t<\/div><div class='evcal_col50'>\n\t\t\t\t\t\t\t\t<div class='evcal_evdata_row evo_location'>\n\t\t\t\t\t\t\t\t\t<span class='evcal_evdata_icons'><i class='fa fa-map-marker'><\/i><\/span>\n\t\t\t\t\t\t\t\t\t<div class='evcal_evdata_cell' data-loc_tax_id='6091'>\t\t\t\t\t\t\t\n\t\t\t\t\t\t\t\t\t\t<h3 class='evo_h3'><span class='evcal_evdata_icons'><i class='fa fa-map-marker'><\/i><\/span>Location<\/h3><p class='evo_location_name'>CEAB\u2011CSIC<\/p><p class='evo_location_address'><\/p>\n\t\t\t\t\t\t\t\t\t<\/div>\n\t\t\t\t\t\t\t\t<\/div>\n\t\t\t\t\t\t\t<\/div><div class='clear'><\/div>\n\t\t\t\t\t\t\t<\/div><\/div>\n\t\t\t\t\t\t<\/div>\t\t\t\t\t\t<div class='evo_metarow_ICS evorow bordb evcal_evdata_row'>\n\t\t\t\t\t\t\t<span class=\"evcal_evdata_icons\"><i class=\"fa fa-calendar\"><\/i><\/span>\n\t\t\t\t\t\t\t<div class='evcal_evdata_cell'>\n\t\t\t\t\t\t\t\t<p><a href='https:\/\/www.blanescostabrava.cat\/wp-admin\/admin-ajax.php?action=eventon_ics_download&amp;event_id=242362&amp;sunix=20260925T170000Z&amp;eunix=20260925T215000Z&amp;loca=&amp;locn=CEAB\u2011CSIC' class='evo_ics_nCal' title='Add to your calendar'>Calendar<\/a><a href='\/\/www.google.com\/calendar\/event?action=TEMPLATE&amp;text=Nit+del+CEAB+2026%3A+%22El+Coneixement+al+Servei+de+la+Natura%22&amp;dates=20260925T170000Z\/20260925T215000Z&amp;details=DIA%3A+25+de+setembre%0D%0AHORA%3A+19.00+h%0D%0ALLOC%3A+CEAB+%28c.+acc%C3%A9s+Cala+Sant+Francesc%2C+14%29%0D%0ADESCRIPCI%C3%93%3A+Nit+oberta+del+CEAB.+Entrada+gratu%C3%AFta%2C+reserva+pr%C3%A8via.&amp;location=CEAB%E2%80%91CSIC - ' target='_blank' class='evo_ics_gCal' title='Add to google calendar'>GoogleCal<\/a><\/p>\t\n\t\t\t\t\t\t\t<\/div>\t\t\t\t\t\t<\/div>\n\t\t\t\t\t\t<\/div><div class='clear end'><\/div><\/div><div id=\"event_242374\" class=\"eventon_list_event evo_eventtop  event hasbgimg\" data-event_id=\"242374\" data-time=\"1790366400-1790380200\" data-colr=\"#206177\" itemscope itemtype='http:\/\/schema.org\/Event' 49><div class=\"evo_boxtop\" style=\"background-image: url(https:\/\/www.blanescostabrava.cat\/wp-content\/uploads\/2026\/08\/554761784197781_2.png.webp); background-color:#206177;height:200px;\"><\/div><div class=\"evo_event_schema\" style=\"display:none\" ><a itemprop='url'  href='https:\/\/www.blanescostabrava.cat\/events\/teatre-monoleg-a-la-taula-de-la-cuina-teresa-gelpi\/'><\/a><span itemprop='name'  >Teatre-Mon\u00f2leg: \"A la Taula de la Cuina\" - Teresa Gelp\u00ed<\/span><meta itemprop='image' content='https:\/\/www.blanescostabrava.cat\/wp-content\/uploads\/2026\/08\/554761784197781_2.png.webp' ><\/meta><meta itemprop='description' content='DIA: 25 de setembre\r\nHORA: 20.00 h\r\nLLOC: Casa Saladrigas\r\nDESCRIPCI\u00d3: Teatre-mon\u00f2leg de Teresa Gelp\u00ed, dins el Cicle Talent Blanenc.' ><\/meta><meta itemprop='startDate' content='2026-9-25' ><\/meta><meta itemprop='endDate' content='2026-9-25' ><\/meta><meta itemprop='eventStatus' content='on-schedule' ><\/meta><script type=\"application\/ld+json\">{\t\"@context\": \"http:\/\/schema.org\",\n\t\t\t\t\t\t\t  \t\"@type\": \"Event\",\n\t\t\t\t\t\t\t  \t\"name\": \"Teatre-Mon\u00f2leg: \"A la Taula de la Cuina\" - Teresa Gelp\u00ed\",\n\t\t\t\t\t\t\t  \t\"startDate\": \"2026-9-25T20-20-00-00\",\n\t\t\t\t\t\t\t  \t\"endDate\": \"2026-9-25T23-23-50-00\",\n\t\t\t\t\t\t\t  \t\"image\":\"https:\/\/www.blanescostabrava.cat\/wp-content\/uploads\/2026\/08\/554761784197781_2.png-300x300.webp\",\n\t\t\t\t\t\t\t  \t\"description\":\"DIA: 25 de setembre\r\nHORA: 20.00 h\r\nLLOC: Casa Saladrigas\r\nDESCRIPCI\u00d3: Teatre-mon\u00f2leg de Teresa Gelp\u00ed, dins el Cicle Talent Blanenc.\",\n\t\t\t\t\t\t\t  \t\n\t\t\t\t\t\t\t }<\/script><\/div>\n\t\t\t\t<p class=\"desc_trig_outter\"><a data-gmap_status=\"null\" data-exlk=\"0\" style=\"border-color: #206177;padding-top: 215px;height: 310px;\" id=\"evc_1790366400242374\" class=\"desc_trig sin_val evcal_list_a\" data-ux_val=\"3\"  ><span class='event-img'><img src='https:\/\/www.blanescostabrava.cat\/wp-content\/uploads\/2026\/08\/554761784197781_2.png.webp'><\/span><span class='evcal_cblock ' data-bgcolor='#206177' data-smon='septiembre' data-syr='2026'><span class='evo_start '><em class='date'>25<\/em><em class='month'>sep<\/em><em class='time'>8:00 pm<\/em><\/span><em class='clear'><\/em><\/span><span class='evcal_desc evo_info hide_eventtopdata '  data-location_status=\"false\" ><span class='evo_above_title'><\/span><span class='evcal_desc2 evcal_event_title' itemprop='name'>Teatre-Mon\u00f2leg: \"A la Taula de la Cuina\" - Teresa Gelp\u00ed<\/span><span class='evo_below_title'><\/span><span class='evcal_desc_info' ><\/span><span class='evcal_desc3'><\/span><\/span><em class='clear'><\/em><\/p><\/a><div class='event_description evcal_eventcard ' style=\"display:none\"><div class='evo_metarow_directimg'><img src='https:\/\/www.blanescostabrava.cat\/wp-content\/uploads\/2026\/08\/554761784197781_2.png.webp' \/><\/div><div class='evo_metarow_details evorow evcal_evdata_row bordb evcal_event_details'>\n\t\t\t\t\t\t\t<div class=\"event_excerpt\" style=\"display:none\"><h3 class=\"padb5 evo_h3\">Descripci\u00f3n<\/h3><p>DIA: 25 de setembre\r\nHORA: 20.00 h\r\nLLOC: Casa Saladrigas\r\nDESCRIPCI\u00d3: Teatre-mon\u00f2leg de Teresa Gelp\u00ed, dins el Cicle Talent Blanenc.<\/p><\/div><span class='evcal_evdata_icons'><i class='fa fa-align-justify'><\/i><\/span>\n\t\t\t\t\t\t\t\n\t\t\t\t\t\t\t<div class='evcal_evdata_cell '><div class='eventon_full_description'>\n\t\t\t\t\t\t\t\t\t<h3 class='padb5 evo_h3'><span class='evcal_evdata_icons'><i class='fa fa-align-justify'><\/i><\/span>Descripci\u00f3n<\/h3><div class='eventon_desc_in' itemprop='description'>\n\t\t\t\t\t\t\t\t\t<p>DIA: 25 de setembre<br \/>\nHORA: 20.00 h<br \/>\nLLOC: Casa Saladrigas<br \/>\nDESCRIPCI\u00d3: Teatre-mon\u00f2leg de Teresa Gelp\u00ed, dins el Cicle Talent Blanenc.<\/p>\n<\/div><div class='clear'><\/div>\n\t\t\t\t\t\t\t\t<\/div>\n\t\t\t\t\t\t\t<\/div>\n\t\t\t\t\t\t<\/div><div class='evo_metarow_time_location evorow bordb '>\n\t\t\t\t\t\t<div class='tb' >\n\t\t\t\t\t\t\t<div class='tbrow'>\n\t\t\t\t\t\t\t<div class='evcal_col50 bordr'>\n\t\t\t\t\t\t\t\t<div class='evcal_evdata_row evo_time'>\n\t\t\t\t\t\t\t\t\t<span class='evcal_evdata_icons'><i class='fa fa-clock-o'><\/i><\/span>\n\t\t\t\t\t\t\t\t\t<div class='evcal_evdata_cell'>\t\t\t\t\t\t\t\n\t\t\t\t\t\t\t\t\t\t<h3 class='evo_h3'><span class='evcal_evdata_icons'><i class='fa fa-clock-o'><\/i><\/span>Fecha<\/h3>\n\t\t\t\t\t\t\t\t\t\t<p>(Friday) 8:00 pm<\/p>\n\t\t\t\t\t\t\t\t\t<\/div>\n\t\t\t\t\t\t\t\t<\/div>\n\t\t\t\t\t\t\t<\/div><div class='evcal_col50'>\n\t\t\t\t\t\t\t\t<div class='evcal_evdata_row evo_location'>\n\t\t\t\t\t\t\t\t\t<span class='evcal_evdata_icons'><i class='fa fa-map-marker'><\/i><\/span>\n\t\t\t\t\t\t\t\t\t<div class='evcal_evdata_cell' data-loc_tax_id='2425'>\t\t\t\t\t\t\t\n\t\t\t\t\t\t\t\t\t\t<h3 class='evo_h3'><span class='evcal_evdata_icons'><i class='fa fa-map-marker'><\/i><\/span>Location<\/h3><p class='evo_location_name'>Casa Saladrigas<\/p><p class='evo_location_address'><\/p>\n\t\t\t\t\t\t\t\t\t<\/div>\n\t\t\t\t\t\t\t\t<\/div>\n\t\t\t\t\t\t\t<\/div><div class='clear'><\/div>\n\t\t\t\t\t\t\t<\/div><\/div>\n\t\t\t\t\t\t<\/div>\t\t\t\t\t\t<div class='evo_metarow_ICS evorow bordb evcal_evdata_row'>\n\t\t\t\t\t\t\t<span class=\"evcal_evdata_icons\"><i class=\"fa fa-calendar\"><\/i><\/span>\n\t\t\t\t\t\t\t<div class='evcal_evdata_cell'>\n\t\t\t\t\t\t\t\t<p><a href='https:\/\/www.blanescostabrava.cat\/wp-admin\/admin-ajax.php?action=eventon_ics_download&amp;event_id=242374&amp;sunix=20260925T180000Z&amp;eunix=20260925T215000Z&amp;loca=&amp;locn=Casa Saladrigas' class='evo_ics_nCal' title='Add to your calendar'>Calendar<\/a><a href='\/\/www.google.com\/calendar\/event?action=TEMPLATE&amp;text=Teatre-Mon%C3%B2leg%3A+%22A+la+Taula+de+la+Cuina%22+-+Teresa+Gelp%C3%AD&amp;dates=20260925T180000Z\/20260925T215000Z&amp;details=DIA%3A+25+de+setembre%0D%0AHORA%3A+20.00+h%0D%0ALLOC%3A+Casa+Saladrigas%0D%0ADESCRIPCI%C3%93%3A+Teatre-mon%C3%B2leg+de+Teresa+Gelp%C3%AD%2C+dins+el+Cicle+Talent+Blanenc.&amp;location=Casa+Saladrigas - ' target='_blank' class='evo_ics_gCal' title='Add to google calendar'>GoogleCal<\/a><\/p>\t\n\t\t\t\t\t\t\t<\/div>\t\t\t\t\t\t<\/div>\n\t\t\t\t\t\t<\/div><div class='clear end'><\/div><\/div><div id=\"event_242386\" class=\"eventon_list_event evo_eventtop  event hasbgimg\" data-event_id=\"242386\" data-time=\"1790452800-1790466600\" data-colr=\"#206177\" itemscope itemtype='http:\/\/schema.org\/Event' 50><div class=\"evo_boxtop\" style=\"background-image: url(https:\/\/www.blanescostabrava.cat\/wp-content\/uploads\/2026\/08\/xavierdotrastrio-imatges-talentblanenc-fototrio.webp-1740x1160-1.webp); background-color:#206177;height:200px;\"><\/div><div class=\"evo_event_schema\" style=\"display:none\" ><a itemprop='url'  href='https:\/\/www.blanescostabrava.cat\/events\/concert-xavier-dotras-trio\/'><\/a><span itemprop='name'  >Concert \"Xavier Dotras Trio\"<\/span><meta itemprop='image' content='https:\/\/www.blanescostabrava.cat\/wp-content\/uploads\/2026\/08\/xavierdotrastrio-imatges-talentblanenc-fototrio.webp-1740x1160-1.webp' ><\/meta><meta itemprop='description' content='DIA: 26 de setembre\r\nHORA: 20.00 h\r\nLLOC: Teatre de Blanes\r\nDESCRIPCI\u00d3: Concert del Xavier Dotras Trio, dins el Cicle Teatre Blanenc.' ><\/meta><meta itemprop='startDate' content='2026-9-26' ><\/meta><meta itemprop='endDate' content='2026-9-26' ><\/meta><meta itemprop='eventStatus' content='on-schedule' ><\/meta><script type=\"application\/ld+json\">{\t\"@context\": \"http:\/\/schema.org\",\n\t\t\t\t\t\t\t  \t\"@type\": \"Event\",\n\t\t\t\t\t\t\t  \t\"name\": \"Concert \"Xavier Dotras Trio\"\",\n\t\t\t\t\t\t\t  \t\"startDate\": \"2026-9-26T20-20-00-00\",\n\t\t\t\t\t\t\t  \t\"endDate\": \"2026-9-26T23-23-50-00\",\n\t\t\t\t\t\t\t  \t\"image\":\"https:\/\/www.blanescostabrava.cat\/wp-content\/uploads\/2026\/08\/xavierdotrastrio-imatges-talentblanenc-fototrio.webp-1740x1160-1-300x200.webp\",\n\t\t\t\t\t\t\t  \t\"description\":\"DIA: 26 de setembre\r\nHORA: 20.00 h\r\nLLOC: Teatre de Blanes\r\nDESCRIPCI\u00d3: Concert del Xavier Dotras Trio, dins el Cicle Teatre Blanenc.\",\n\t\t\t\t\t\t\t  \t\n\t\t\t\t\t\t\t }<\/script><\/div>\n\t\t\t\t<p class=\"desc_trig_outter\"><a data-gmap_status=\"null\" data-exlk=\"0\" style=\"border-color: #206177;padding-top: 215px;height: 310px;\" id=\"evc_1790452800242386\" class=\"desc_trig sin_val evcal_list_a\" data-ux_val=\"3\"  ><span class='event-img'><img src='https:\/\/www.blanescostabrava.cat\/wp-content\/uploads\/2026\/08\/xavierdotrastrio-imatges-talentblanenc-fototrio.webp-1740x1160-1.webp'><\/span><span class='evcal_cblock ' data-bgcolor='#206177' data-smon='septiembre' data-syr='2026'><span class='evo_start '><em class='date'>26<\/em><em class='month'>sep<\/em><em class='time'>8:00 pm<\/em><\/span><em class='clear'><\/em><\/span><span class='evcal_desc evo_info hide_eventtopdata '  data-location_status=\"false\" ><span class='evo_above_title'><\/span><span class='evcal_desc2 evcal_event_title' itemprop='name'>Concert \"Xavier Dotras Trio\"<\/span><span class='evo_below_title'><\/span><span class='evcal_desc_info' ><\/span><span class='evcal_desc3'><\/span><\/span><em class='clear'><\/em><\/p><\/a><div class='event_description evcal_eventcard ' style=\"display:none\"><div class='evo_metarow_directimg'><img src='https:\/\/www.blanescostabrava.cat\/wp-content\/uploads\/2026\/08\/xavierdotrastrio-imatges-talentblanenc-fototrio.webp-1740x1160-1.webp' \/><\/div><div class='evo_metarow_details evorow evcal_evdata_row bordb evcal_event_details'>\n\t\t\t\t\t\t\t<div class=\"event_excerpt\" style=\"display:none\"><h3 class=\"padb5 evo_h3\">Descripci\u00f3n<\/h3><p>DIA: 26 de setembre\r\nHORA: 20.00 h\r\nLLOC: Teatre de Blanes\r\nDESCRIPCI\u00d3: Concert del Xavier Dotras Trio, dins el Cicle Teatre Blanenc.<\/p><\/div><span class='evcal_evdata_icons'><i class='fa fa-align-justify'><\/i><\/span>\n\t\t\t\t\t\t\t\n\t\t\t\t\t\t\t<div class='evcal_evdata_cell '><div class='eventon_full_description'>\n\t\t\t\t\t\t\t\t\t<h3 class='padb5 evo_h3'><span class='evcal_evdata_icons'><i class='fa fa-align-justify'><\/i><\/span>Descripci\u00f3n<\/h3><div class='eventon_desc_in' itemprop='description'>\n\t\t\t\t\t\t\t\t\t<p>DIA: 26 de setembre<br \/>\nHORA: 20.00 h<br \/>\nLLOC: Teatre de Blanes<br \/>\nDESCRIPCI\u00d3: Concert del Xavier Dotras Trio, dins el Cicle Teatre Blanenc.<\/p>\n<\/div><div class='clear'><\/div>\n\t\t\t\t\t\t\t\t<\/div>\n\t\t\t\t\t\t\t<\/div>\n\t\t\t\t\t\t<\/div><div class='evo_metarow_time_location evorow bordb '>\n\t\t\t\t\t\t<div class='tb' >\n\t\t\t\t\t\t\t<div class='tbrow'>\n\t\t\t\t\t\t\t<div class='evcal_col50 bordr'>\n\t\t\t\t\t\t\t\t<div class='evcal_evdata_row evo_time'>\n\t\t\t\t\t\t\t\t\t<span class='evcal_evdata_icons'><i class='fa fa-clock-o'><\/i><\/span>\n\t\t\t\t\t\t\t\t\t<div class='evcal_evdata_cell'>\t\t\t\t\t\t\t\n\t\t\t\t\t\t\t\t\t\t<h3 class='evo_h3'><span class='evcal_evdata_icons'><i class='fa fa-clock-o'><\/i><\/span>Fecha<\/h3>\n\t\t\t\t\t\t\t\t\t\t<p>(Saturday) 8:00 pm<\/p>\n\t\t\t\t\t\t\t\t\t<\/div>\n\t\t\t\t\t\t\t\t<\/div>\n\t\t\t\t\t\t\t<\/div><div class='evcal_col50'>\n\t\t\t\t\t\t\t\t<div class='evcal_evdata_row evo_location'>\n\t\t\t\t\t\t\t\t\t<span class='evcal_evdata_icons'><i class='fa fa-map-marker'><\/i><\/span>\n\t\t\t\t\t\t\t\t\t<div class='evcal_evdata_cell' data-loc_tax_id='2217'>\t\t\t\t\t\t\t\n\t\t\t\t\t\t\t\t\t\t<h3 class='evo_h3'><span class='evcal_evdata_icons'><i class='fa fa-map-marker'><\/i><\/span>Location<\/h3><p class='evo_location_name'>Teatre de Blanes<\/p><p class='evo_location_address'><\/p>\n\t\t\t\t\t\t\t\t\t<\/div>\n\t\t\t\t\t\t\t\t<\/div>\n\t\t\t\t\t\t\t<\/div><div class='clear'><\/div>\n\t\t\t\t\t\t\t<\/div><\/div>\n\t\t\t\t\t\t<\/div>\t\t\t\t\t\t<div class='evo_metarow_ICS evorow bordb evcal_evdata_row'>\n\t\t\t\t\t\t\t<span class=\"evcal_evdata_icons\"><i class=\"fa fa-calendar\"><\/i><\/span>\n\t\t\t\t\t\t\t<div class='evcal_evdata_cell'>\n\t\t\t\t\t\t\t\t<p><a href='https:\/\/www.blanescostabrava.cat\/wp-admin\/admin-ajax.php?action=eventon_ics_download&amp;event_id=242386&amp;sunix=20260926T180000Z&amp;eunix=20260926T215000Z&amp;loca=&amp;locn=Teatre de Blanes' class='evo_ics_nCal' title='Add to your calendar'>Calendar<\/a><a href='\/\/www.google.com\/calendar\/event?action=TEMPLATE&amp;text=Concert+%22Xavier+Dotras+Trio%22&amp;dates=20260926T180000Z\/20260926T215000Z&amp;details=DIA%3A+26+de+setembre%0D%0AHORA%3A+20.00+h%0D%0ALLOC%3A+Teatre+de+Blanes%0D%0ADESCRIPCI%C3%93%3A+Concert+del+Xavier+Dotras+Trio%2C+dins+el+Cicle+Teatre+Blanenc.&amp;location=Teatre+de+Blanes - ' target='_blank' class='evo_ics_gCal' title='Add to google calendar'>GoogleCal<\/a><\/p>\t\n\t\t\t\t\t\t\t<\/div>\t\t\t\t\t\t<\/div>\n\t\t\t\t\t\t<\/div><div class='clear end'><\/div><\/div><div id=\"event_242398\" class=\"eventon_list_event evo_eventtop  event hasbgimg\" data-event_id=\"242398\" data-time=\"1790492400-1790553000\" data-colr=\"#206177\" itemscope itemtype='http:\/\/schema.org\/Event' 51><div class=\"evo_boxtop\" style=\"background-image: url(https:\/\/www.blanescostabrava.cat\/wp-content\/uploads\/2018\/04\/ALBA-1-1.jpg); background-color:#206177;height:200px;\"><\/div><div class=\"evo_event_schema\" style=\"display:none\" ><a itemprop='url'  href='https:\/\/www.blanescostabrava.cat\/events\/xxiii-missa-de-lalba\/'><\/a><span itemprop='name'  >XXIII Missa de l'Alba<\/span><meta itemprop='image' content='https:\/\/www.blanescostabrava.cat\/wp-content\/uploads\/2018\/04\/ALBA-1-1.jpg' ><\/meta><meta itemprop='description' content='DIA: 27 de setembre\r\nHORA: 7.00 h\r\nLLOC: Roca de Sa Palomera\r\nDESCRIPCI\u00d3: XXIII edici\u00f3 de la Missa de l'Alba.' ><\/meta><meta itemprop='startDate' content='2026-9-27' ><\/meta><meta itemprop='endDate' content='2026-9-27' ><\/meta><meta itemprop='eventStatus' content='on-schedule' ><\/meta>\n\t\t\t\t\t\t\t\t\t<item style=\"display:none\" itemprop=\"location\" itemscope itemtype=\"http:\/\/schema.org\/Place\">\n\t\t\t\t\t\t\t\t\t\t<span itemprop=\"name\">Roca de sa Palomera<\/span>\n\t\t\t\t\t\t\t\t\t\t<span itemprop=\"address\" itemscope itemtype=\"http:\/\/schema.org\/PostalAddress\">\n\t\t\t\t\t\t\t\t\t\t\t<item itemprop=\"streetAddress\"><\/item>\n\t\t\t\t\t\t\t\t\t\t<\/span><\/item><script type=\"application\/ld+json\">{\t\"@context\": \"http:\/\/schema.org\",\n\t\t\t\t\t\t\t  \t\"@type\": \"Event\",\n\t\t\t\t\t\t\t  \t\"name\": \"XXIII Missa de l'Alba\",\n\t\t\t\t\t\t\t  \t\"startDate\": \"2026-9-27T07-07-00-00\",\n\t\t\t\t\t\t\t  \t\"endDate\": \"2026-9-27T23-23-50-00\",\n\t\t\t\t\t\t\t  \t\"image\":\"https:\/\/www.blanescostabrava.cat\/wp-content\/uploads\/2018\/04\/ALBA-1-1-300x237.jpg\",\n\t\t\t\t\t\t\t  \t\"description\":\"DIA: 27 de setembre\r\nHORA: 7.00 h\r\nLLOC: Roca de Sa Palomera\r\nDESCRIPCI\u00d3: XXIII edici\u00f3 de la Missa de l'Alba.\",\n\t\t\t\t\t\t\t  \t\n\t\t\t\t\t\t\t }<\/script><\/div>\n\t\t\t\t<p class=\"desc_trig_outter\"><a data-gmap_status=\"null\" data-exlk=\"0\" style=\"border-color: #206177;padding-top: 215px;height: 310px;\" id=\"evc_1790492400242398\" class=\"desc_trig sin_val evcal_list_a\" data-ux_val=\"3\"  ><span class='event-img'><img src='https:\/\/www.blanescostabrava.cat\/wp-content\/uploads\/2018\/04\/ALBA-1-1.jpg'><\/span><span class='evcal_cblock ' data-bgcolor='#206177' data-smon='septiembre' data-syr='2026'><span class='evo_start '><em class='date'>27<\/em><em class='month'>sep<\/em><em class='time'>7:00 am<\/em><\/span><em class='clear'><\/em><\/span><span class='evcal_desc evo_info hide_eventtopdata ' data-latlng=\"41\u00b040\\'18.8\\'N,2\u00b047\\'27.5\\'E\"  data-location_address=\"\" data-location_type=\"lonlat\" data-location_name=\"Roca de sa Palomera\" data-location_status=\"true\" ><span class='evo_above_title'><\/span><span class='evcal_desc2 evcal_event_title' itemprop='name'>XXIII Missa de l'Alba<\/span><span class='evo_below_title'><\/span><span class='evcal_desc_info' ><\/span><span class='evcal_desc3'><\/span><\/span><em class='clear'><\/em><\/p><\/a><div class='event_description evcal_eventcard ' style=\"display:none\"><div class='evo_metarow_directimg'><img src='https:\/\/www.blanescostabrava.cat\/wp-content\/uploads\/2018\/04\/ALBA-1-1.jpg' \/><\/div><div class='evo_metarow_details evorow evcal_evdata_row bordb evcal_event_details'>\n\t\t\t\t\t\t\t<div class=\"event_excerpt\" style=\"display:none\"><h3 class=\"padb5 evo_h3\">Descripci\u00f3n<\/h3><p>DIA: 27 de setembre\r\nHORA: 7.00 h\r\nLLOC: Roca de Sa Palomera\r\nDESCRIPCI\u00d3: XXIII edici\u00f3 de la Missa de l'Alba.<\/p><\/div><span class='evcal_evdata_icons'><i class='fa fa-align-justify'><\/i><\/span>\n\t\t\t\t\t\t\t\n\t\t\t\t\t\t\t<div class='evcal_evdata_cell '><div class='eventon_full_description'>\n\t\t\t\t\t\t\t\t\t<h3 class='padb5 evo_h3'><span class='evcal_evdata_icons'><i class='fa fa-align-justify'><\/i><\/span>Descripci\u00f3n<\/h3><div class='eventon_desc_in' itemprop='description'>\n\t\t\t\t\t\t\t\t\t<p>DIA: 27 de setembre<br \/>\nHORA: 7.00 h<br \/>\nLLOC: Roca de Sa Palomera<br \/>\nDESCRIPCI\u00d3: XXIII edici\u00f3 de la Missa de l&#8217;Alba.<\/p>\n<\/div><div class='clear'><\/div>\n\t\t\t\t\t\t\t\t<\/div>\n\t\t\t\t\t\t\t<\/div>\n\t\t\t\t\t\t<\/div><div class='evo_metarow_time_location evorow bordb '>\n\t\t\t\t\t\t<div class='tb' >\n\t\t\t\t\t\t\t<div class='tbrow'>\n\t\t\t\t\t\t\t<div class='evcal_col50 bordr'>\n\t\t\t\t\t\t\t\t<div class='evcal_evdata_row evo_time'>\n\t\t\t\t\t\t\t\t\t<span class='evcal_evdata_icons'><i class='fa fa-clock-o'><\/i><\/span>\n\t\t\t\t\t\t\t\t\t<div class='evcal_evdata_cell'>\t\t\t\t\t\t\t\n\t\t\t\t\t\t\t\t\t\t<h3 class='evo_h3'><span class='evcal_evdata_icons'><i class='fa fa-clock-o'><\/i><\/span>Fecha<\/h3>\n\t\t\t\t\t\t\t\t\t\t<p>(Sunday) 7:00 am<\/p>\n\t\t\t\t\t\t\t\t\t<\/div>\n\t\t\t\t\t\t\t\t<\/div>\n\t\t\t\t\t\t\t<\/div><div class='evcal_col50'>\n\t\t\t\t\t\t\t\t<div class='evcal_evdata_row evo_location'>\n\t\t\t\t\t\t\t\t\t<span class='evcal_evdata_icons'><i class='fa fa-map-marker'><\/i><\/span>\n\t\t\t\t\t\t\t\t\t<div class='evcal_evdata_cell' data-loc_tax_id='588'>\t\t\t\t\t\t\t\n\t\t\t\t\t\t\t\t\t\t<h3 class='evo_h3'><span class='evcal_evdata_icons'><i class='fa fa-map-marker'><\/i><\/span>Location<\/h3><p class='evo_location_name'>Roca de sa Palomera<\/p><p class='evo_location_address'><\/p>\n\t\t\t\t\t\t\t\t\t<\/div>\n\t\t\t\t\t\t\t\t<\/div>\n\t\t\t\t\t\t\t<\/div><div class='clear'><\/div>\n\t\t\t\t\t\t\t<\/div><\/div>\n\t\t\t\t\t\t<\/div>\t\t\t\t\t\t<div class='evo_metarow_ICS evorow bordb evcal_evdata_row'>\n\t\t\t\t\t\t\t<span class=\"evcal_evdata_icons\"><i class=\"fa fa-calendar\"><\/i><\/span>\n\t\t\t\t\t\t\t<div class='evcal_evdata_cell'>\n\t\t\t\t\t\t\t\t<p><a href='https:\/\/www.blanescostabrava.cat\/wp-admin\/admin-ajax.php?action=eventon_ics_download&amp;event_id=242398&amp;sunix=20260927T050000Z&amp;eunix=20260927T215000Z&amp;loca=&amp;locn=Roca de sa Palomera' class='evo_ics_nCal' title='Add to your calendar'>Calendar<\/a><a href='\/\/www.google.com\/calendar\/event?action=TEMPLATE&amp;text=XXIII+Missa+de+l%27Alba&amp;dates=20260927T050000Z\/20260927T215000Z&amp;details=DIA%3A+27+de+setembre%0D%0AHORA%3A+7.00+h%0D%0ALLOC%3A+Roca+de+Sa+Palomera%0D%0ADESCRIPCI%C3%93%3A+XXIII+edici%C3%B3+de+la+Missa+de+l%27Alba.&amp;location=Roca+de+sa+Palomera - ' target='_blank' class='evo_ics_gCal' title='Add to google calendar'>GoogleCal<\/a><\/p>\t\n\t\t\t\t\t\t\t<\/div>\t\t\t\t\t\t<\/div>\n\t\t\t\t\t\t<\/div><div class='clear end'><\/div><\/div><div id=\"event_242410\" class=\"eventon_list_event evo_eventtop  event hasbgimg\" data-event_id=\"242410\" data-time=\"1790497800-1790553000\" data-colr=\"#206177\" itemscope itemtype='http:\/\/schema.org\/Event' 52><div class=\"evo_boxtop\" style=\"background-image: url(https:\/\/www.blanescostabrava.cat\/wp-content\/uploads\/2020\/02\/marimurtra.jpg); background-color:#206177;height:200px;\"><\/div><div class=\"evo_event_schema\" style=\"display:none\" ><a itemprop='url'  href='https:\/\/www.blanescostabrava.cat\/events\/ioga-brunch-i-taller-daquarella-garten\/'><\/a><span itemprop='name'  >Ioga + Brunch i Taller d'Aquarel\u00b7la-gARTen<\/span><meta itemprop='image' content='https:\/\/www.blanescostabrava.cat\/wp-content\/uploads\/2020\/02\/marimurtra.jpg' ><\/meta><meta itemprop='description' content='DIA: 27 de setembre\r\nHORA: 8.30 h (taller d'aquarel\u00b7la a les 10.00 h)\r\nLLOC: Jard\u00ed Bot\u00e0nic Marimurtra\r\nDESCRIPCI\u00d3: Sessi\u00f3 de ioga seguida de brunch, i taller d'aquarel\u00b7la \"gARTen\".' ><\/meta><meta itemprop='startDate' content='2026-9-27' ><\/meta><meta itemprop='endDate' content='2026-9-27' ><\/meta><meta itemprop='eventStatus' content='on-schedule' ><\/meta><script type=\"application\/ld+json\">{\t\"@context\": \"http:\/\/schema.org\",\n\t\t\t\t\t\t\t  \t\"@type\": \"Event\",\n\t\t\t\t\t\t\t  \t\"name\": \"Ioga + Brunch i Taller d'Aquarel\u00b7la-gARTen\",\n\t\t\t\t\t\t\t  \t\"startDate\": \"2026-9-27T08-08-30-00\",\n\t\t\t\t\t\t\t  \t\"endDate\": \"2026-9-27T23-23-50-00\",\n\t\t\t\t\t\t\t  \t\"image\":\"https:\/\/www.blanescostabrava.cat\/wp-content\/uploads\/2020\/02\/marimurtra-300x194.jpg\",\n\t\t\t\t\t\t\t  \t\"description\":\"DIA: 27 de setembre\r\nHORA: 8.30 h (taller d'aquarel\u00b7la a les 10.00 h)\r\nLLOC: Jard\u00ed Bot\u00e0nic Marimurtra\r\nDESCRIPCI\u00d3: Sessi\u00f3 de ioga seguida de brunch, i taller d'aquarel\u00b7la gARTen.\",\n\t\t\t\t\t\t\t  \t\n\t\t\t\t\t\t\t }<\/script><\/div>\n\t\t\t\t<p class=\"desc_trig_outter\"><a data-gmap_status=\"null\" data-exlk=\"0\" style=\"border-color: #206177;padding-top: 215px;height: 310px;\" id=\"evc_1790497800242410\" class=\"desc_trig sin_val evcal_list_a\" data-ux_val=\"3\"  ><span class='event-img'><img src='https:\/\/www.blanescostabrava.cat\/wp-content\/uploads\/2020\/02\/marimurtra.jpg'><\/span><span class='evcal_cblock ' data-bgcolor='#206177' data-smon='septiembre' data-syr='2026'><span class='evo_start '><em class='date'>27<\/em><em class='month'>sep<\/em><em class='time'>8:30 am<\/em><\/span><em class='clear'><\/em><\/span><span class='evcal_desc evo_info hide_eventtopdata '  data-location_status=\"false\" ><span class='evo_above_title'><\/span><span class='evcal_desc2 evcal_event_title' itemprop='name'>Ioga + Brunch i Taller d'Aquarel\u00b7la-gARTen<\/span><span class='evo_below_title'><\/span><span class='evcal_desc_info' ><\/span><span class='evcal_desc3'><\/span><\/span><em class='clear'><\/em><\/p><\/a><div class='event_description evcal_eventcard ' style=\"display:none\"><div class='evo_metarow_directimg'><img src='https:\/\/www.blanescostabrava.cat\/wp-content\/uploads\/2020\/02\/marimurtra.jpg' alt=\"Jard\u00ed Bot\u00e0nic Marimurtra\"\/><\/div><div class='evo_metarow_details evorow evcal_evdata_row bordb evcal_event_details'>\n\t\t\t\t\t\t\t<div class=\"event_excerpt\" style=\"display:none\"><h3 class=\"padb5 evo_h3\">Descripci\u00f3n<\/h3><p>DIA: 27 de setembre\r\nHORA: 8.30 h (taller d'aquarel\u00b7la a les 10.00 h)\r\nLLOC: Jard\u00ed Bot\u00e0nic Marimurtra\r\nDESCRIPCI\u00d3: Sessi\u00f3 de ioga seguida de brunch, i taller d'aquarel\u00b7la \"gARTen\".<\/p><\/div><span class='evcal_evdata_icons'><i class='fa fa-align-justify'><\/i><\/span>\n\t\t\t\t\t\t\t\n\t\t\t\t\t\t\t<div class='evcal_evdata_cell '><div class='eventon_full_description'>\n\t\t\t\t\t\t\t\t\t<h3 class='padb5 evo_h3'><span class='evcal_evdata_icons'><i class='fa fa-align-justify'><\/i><\/span>Descripci\u00f3n<\/h3><div class='eventon_desc_in' itemprop='description'>\n\t\t\t\t\t\t\t\t\t<p>DIA: 27 de setembre<br \/>\nHORA: 8.30 h (taller d&#8217;aquarel\u00b7la a les 10.00 h)<br \/>\nLLOC: Jard\u00ed Bot\u00e0nic Marimurtra<br \/>\nDESCRIPCI\u00d3: Sessi\u00f3 de ioga seguida de brunch, i taller d&#8217;aquarel\u00b7la \u00abgARTen\u00bb.<\/p>\n<\/div><div class='clear'><\/div>\n\t\t\t\t\t\t\t\t<\/div>\n\t\t\t\t\t\t\t<\/div>\n\t\t\t\t\t\t<\/div><div class='evo_metarow_time_location evorow bordb '>\n\t\t\t\t\t\t<div class='tb' >\n\t\t\t\t\t\t\t<div class='tbrow'>\n\t\t\t\t\t\t\t<div class='evcal_col50 bordr'>\n\t\t\t\t\t\t\t\t<div class='evcal_evdata_row evo_time'>\n\t\t\t\t\t\t\t\t\t<span class='evcal_evdata_icons'><i class='fa fa-clock-o'><\/i><\/span>\n\t\t\t\t\t\t\t\t\t<div class='evcal_evdata_cell'>\t\t\t\t\t\t\t\n\t\t\t\t\t\t\t\t\t\t<h3 class='evo_h3'><span class='evcal_evdata_icons'><i class='fa fa-clock-o'><\/i><\/span>Fecha<\/h3>\n\t\t\t\t\t\t\t\t\t\t<p>(Sunday) 8:30 am<\/p>\n\t\t\t\t\t\t\t\t\t<\/div>\n\t\t\t\t\t\t\t\t<\/div>\n\t\t\t\t\t\t\t<\/div><div class='evcal_col50'>\n\t\t\t\t\t\t\t\t<div class='evcal_evdata_row evo_location'>\n\t\t\t\t\t\t\t\t\t<span class='evcal_evdata_icons'><i class='fa fa-map-marker'><\/i><\/span>\n\t\t\t\t\t\t\t\t\t<div class='evcal_evdata_cell' data-loc_tax_id='2413'>\t\t\t\t\t\t\t\n\t\t\t\t\t\t\t\t\t\t<h3 class='evo_h3'><span class='evcal_evdata_icons'><i class='fa fa-map-marker'><\/i><\/span>Location<\/h3><p class='evo_location_name'>Jard\u00ed Bot\u00e0nic Marimurtra<\/p><p class='evo_location_address'><\/p>\n\t\t\t\t\t\t\t\t\t<\/div>\n\t\t\t\t\t\t\t\t<\/div>\n\t\t\t\t\t\t\t<\/div><div class='clear'><\/div>\n\t\t\t\t\t\t\t<\/div><\/div>\n\t\t\t\t\t\t<\/div>\t\t\t\t\t\t<div class='evo_metarow_ICS evorow bordb evcal_evdata_row'>\n\t\t\t\t\t\t\t<span class=\"evcal_evdata_icons\"><i class=\"fa fa-calendar\"><\/i><\/span>\n\t\t\t\t\t\t\t<div class='evcal_evdata_cell'>\n\t\t\t\t\t\t\t\t<p><a href='https:\/\/www.blanescostabrava.cat\/wp-admin\/admin-ajax.php?action=eventon_ics_download&amp;event_id=242410&amp;sunix=20260927T063000Z&amp;eunix=20260927T215000Z&amp;loca=&amp;locn=Jard\u00ed Bot\u00e0nic Marimurtra' class='evo_ics_nCal' title='Add to your calendar'>Calendar<\/a><a href='\/\/www.google.com\/calendar\/event?action=TEMPLATE&amp;text=Ioga+%2B+Brunch+i+Taller+d%27Aquarel%C2%B7la-gARTen&amp;dates=20260927T063000Z\/20260927T215000Z&amp;details=DIA%3A+27+de+setembre%0D%0AHORA%3A+8.30+h+%28taller+d%27aquarel%C2%B7la+a+les+10.00+h%29%0D%0ALLOC%3A+Jard%C3%AD+Bot%C3%A0nic+Marimurtra%0D%0ADESCRIPCI%C3%93%3A+Sessi%C3%B3+de+ioga+seguida+de+brunch%2C+i+taller+d%27aquarel%C2%B7la+%22gARTen%22.&amp;location=Jard%C3%AD+Bot%C3%A0nic+Marimurtra - ' target='_blank' class='evo_ics_gCal' title='Add to google calendar'>GoogleCal<\/a><\/p>\t\n\t\t\t\t\t\t\t<\/div>\t\t\t\t\t\t<\/div>\n\t\t\t\t\t\t<\/div><div class='clear end'><\/div><\/div><div id=\"event_242422\" class=\"eventon_list_event evo_eventtop  event hasbgimg\" data-event_id=\"242422\" data-time=\"1790499600-1790553000\" data-colr=\"#206177\" itemscope itemtype='http:\/\/schema.org\/Event' 53><div class=\"evo_boxtop\" style=\"background-image: url(https:\/\/www.blanescostabrava.cat\/wp-content\/uploads\/2023\/12\/Captura-de-pantalla-2023-12-07-a-les-9.47.16.jpg); background-color:#206177;height:200px;\"><\/div><div class=\"evo_event_schema\" style=\"display:none\" ><a itemprop='url'  href='https:\/\/www.blanescostabrava.cat\/events\/cursa-la-espartana-7-0\/'><\/a><span itemprop='name'  >Cursa \"La Espartana 7.0\"<\/span><meta itemprop='image' content='https:\/\/www.blanescostabrava.cat\/wp-content\/uploads\/2023\/12\/Captura-de-pantalla-2023-12-07-a-les-9.47.16.jpg' ><\/meta><meta itemprop='description' content='DIA: 27 de setembre\r\nHORA: 9.00 h\r\nLLOC: Ciutat Esportiva\r\nDESCRIPCI\u00d3: Cursa popular \"La Espartana 7.0\".' ><\/meta><meta itemprop='startDate' content='2026-9-27' ><\/meta><meta itemprop='endDate' content='2026-9-27' ><\/meta><meta itemprop='eventStatus' content='on-schedule' ><\/meta><script type=\"application\/ld+json\">{\t\"@context\": \"http:\/\/schema.org\",\n\t\t\t\t\t\t\t  \t\"@type\": \"Event\",\n\t\t\t\t\t\t\t  \t\"name\": \"Cursa \"La Espartana 7.0\"\",\n\t\t\t\t\t\t\t  \t\"startDate\": \"2026-9-27T09-09-00-00\",\n\t\t\t\t\t\t\t  \t\"endDate\": \"2026-9-27T23-23-50-00\",\n\t\t\t\t\t\t\t  \t\"image\":\"https:\/\/www.blanescostabrava.cat\/wp-content\/uploads\/2023\/12\/Captura-de-pantalla-2023-12-07-a-les-9.47.16-300x184.jpg\",\n\t\t\t\t\t\t\t  \t\"description\":\"DIA: 27 de setembre\r\nHORA: 9.00 h\r\nLLOC: Ciutat Esportiva\r\nDESCRIPCI\u00d3: Cursa popular La Espartana 7.0.\",\n\t\t\t\t\t\t\t  \t\n\t\t\t\t\t\t\t }<\/script><\/div>\n\t\t\t\t<p class=\"desc_trig_outter\"><a data-gmap_status=\"null\" data-exlk=\"0\" style=\"border-color: #206177;padding-top: 215px;height: 310px;\" id=\"evc_1790499600242422\" class=\"desc_trig sin_val evcal_list_a\" data-ux_val=\"3\"  ><span class='event-img'><img src='https:\/\/www.blanescostabrava.cat\/wp-content\/uploads\/2023\/12\/Captura-de-pantalla-2023-12-07-a-les-9.47.16.jpg'><\/span><span class='evcal_cblock ' data-bgcolor='#206177' data-smon='septiembre' data-syr='2026'><span class='evo_start '><em class='date'>27<\/em><em class='month'>sep<\/em><em class='time'>9:00 am<\/em><\/span><em class='clear'><\/em><\/span><span class='evcal_desc evo_info hide_eventtopdata '  data-location_status=\"false\" ><span class='evo_above_title'><\/span><span class='evcal_desc2 evcal_event_title' itemprop='name'>Cursa \"La Espartana 7.0\"<\/span><span class='evo_below_title'><\/span><span class='evcal_desc_info' ><\/span><span class='evcal_desc3'><\/span><\/span><em class='clear'><\/em><\/p><\/a><div class='event_description evcal_eventcard ' style=\"display:none\"><div class='evo_metarow_directimg'><img src='https:\/\/www.blanescostabrava.cat\/wp-content\/uploads\/2023\/12\/Captura-de-pantalla-2023-12-07-a-les-9.47.16.jpg' \/><\/div><div class='evo_metarow_details evorow evcal_evdata_row bordb evcal_event_details'>\n\t\t\t\t\t\t\t<div class=\"event_excerpt\" style=\"display:none\"><h3 class=\"padb5 evo_h3\">Descripci\u00f3n<\/h3><p>DIA: 27 de setembre\r\nHORA: 9.00 h\r\nLLOC: Ciutat Esportiva\r\nDESCRIPCI\u00d3: Cursa popular \"La Espartana 7.0\".<\/p><\/div><span class='evcal_evdata_icons'><i class='fa fa-align-justify'><\/i><\/span>\n\t\t\t\t\t\t\t\n\t\t\t\t\t\t\t<div class='evcal_evdata_cell '><div class='eventon_full_description'>\n\t\t\t\t\t\t\t\t\t<h3 class='padb5 evo_h3'><span class='evcal_evdata_icons'><i class='fa fa-align-justify'><\/i><\/span>Descripci\u00f3n<\/h3><div class='eventon_desc_in' itemprop='description'>\n\t\t\t\t\t\t\t\t\t<p>DIA: 27 de setembre<br \/>\nHORA: 9.00 h<br \/>\nLLOC: Ciutat Esportiva<br \/>\nDESCRIPCI\u00d3: Cursa popular \u00abLa Espartana 7.0\u00bb.<\/p>\n<\/div><div class='clear'><\/div>\n\t\t\t\t\t\t\t\t<\/div>\n\t\t\t\t\t\t\t<\/div>\n\t\t\t\t\t\t<\/div><div class='evo_metarow_time_location evorow bordb '>\n\t\t\t\t\t\t<div class='tb' >\n\t\t\t\t\t\t\t<div class='tbrow'>\n\t\t\t\t\t\t\t<div class='evcal_col50 bordr'>\n\t\t\t\t\t\t\t\t<div class='evcal_evdata_row evo_time'>\n\t\t\t\t\t\t\t\t\t<span class='evcal_evdata_icons'><i class='fa fa-clock-o'><\/i><\/span>\n\t\t\t\t\t\t\t\t\t<div class='evcal_evdata_cell'>\t\t\t\t\t\t\t\n\t\t\t\t\t\t\t\t\t\t<h3 class='evo_h3'><span class='evcal_evdata_icons'><i class='fa fa-clock-o'><\/i><\/span>Fecha<\/h3>\n\t\t\t\t\t\t\t\t\t\t<p>(Sunday) 9:00 am<\/p>\n\t\t\t\t\t\t\t\t\t<\/div>\n\t\t\t\t\t\t\t\t<\/div>\n\t\t\t\t\t\t\t<\/div><div class='evcal_col50'>\n\t\t\t\t\t\t\t\t<div class='evcal_evdata_row evo_location'>\n\t\t\t\t\t\t\t\t\t<span class='evcal_evdata_icons'><i class='fa fa-map-marker'><\/i><\/span>\n\t\t\t\t\t\t\t\t\t<div class='evcal_evdata_cell' data-loc_tax_id='2768'>\t\t\t\t\t\t\t\n\t\t\t\t\t\t\t\t\t\t<h3 class='evo_h3'><span class='evcal_evdata_icons'><i class='fa fa-map-marker'><\/i><\/span>Location<\/h3><p class='evo_location_name'>Ciutat Esportiva<\/p><p class='evo_location_address'><\/p>\n\t\t\t\t\t\t\t\t\t<\/div>\n\t\t\t\t\t\t\t\t<\/div>\n\t\t\t\t\t\t\t<\/div><div class='clear'><\/div>\n\t\t\t\t\t\t\t<\/div><\/div>\n\t\t\t\t\t\t<\/div>\t\t\t\t\t\t<div class='evo_metarow_ICS evorow bordb evcal_evdata_row'>\n\t\t\t\t\t\t\t<span class=\"evcal_evdata_icons\"><i class=\"fa fa-calendar\"><\/i><\/span>\n\t\t\t\t\t\t\t<div class='evcal_evdata_cell'>\n\t\t\t\t\t\t\t\t<p><a href='https:\/\/www.blanescostabrava.cat\/wp-admin\/admin-ajax.php?action=eventon_ics_download&amp;event_id=242422&amp;sunix=20260927T070000Z&amp;eunix=20260927T215000Z&amp;loca=&amp;locn=Ciutat Esportiva' class='evo_ics_nCal' title='Add to your calendar'>Calendar<\/a><a href='\/\/www.google.com\/calendar\/event?action=TEMPLATE&amp;text=Cursa+%22La+Espartana+7.0%22&amp;dates=20260927T070000Z\/20260927T215000Z&amp;details=DIA%3A+27+de+setembre%0D%0AHORA%3A+9.00+h%0D%0ALLOC%3A+Ciutat+Esportiva%0D%0ADESCRIPCI%C3%93%3A+Cursa+popular+%22La+Espartana+7.0%22.&amp;location=Ciutat+Esportiva - ' target='_blank' class='evo_ics_gCal' title='Add to google calendar'>GoogleCal<\/a><\/p>\t\n\t\t\t\t\t\t\t<\/div>\t\t\t\t\t\t<\/div>\n\t\t\t\t\t\t<\/div><div class='clear end'><\/div><\/div><div id=\"event_242434\" class=\"eventon_list_event evo_eventtop  event hasbgimg\" data-event_id=\"242434\" data-time=\"1790503200-1790553000\" data-colr=\"#206177\" itemscope itemtype='http:\/\/schema.org\/Event' 54><div class=\"evo_boxtop\" style=\"background-image: url(https:\/\/www.blanescostabrava.cat\/wp-content\/uploads\/2018\/03\/ermites.jpg); background-color:#206177;height:200px;\"><\/div><div class=\"evo_event_schema\" style=\"display:none\" ><a itemprop='url'  href='https:\/\/www.blanescostabrava.cat\/events\/visita-guiada-ruta-de-les-ermites-2\/'><\/a><span itemprop='name'  >Visita Guiada: \"Ruta de les Ermites\"<\/span><meta itemprop='image' content='https:\/\/www.blanescostabrava.cat\/wp-content\/uploads\/2018\/03\/ermites.jpg' ><\/meta><meta itemprop='description' content='DIA: 27 de setembre\r\nHORA: 10.00 h\r\nLLOC: Sortida: OT Turisme, pla\u00e7a Catalunya s\/n\r\nDESCRIPCI\u00d3: Visita guiada gratu\u00efta per la ruta de les ermites. Places gratu\u00eftes, inscripcions a turisme@blanes.cat o al 972 33' ><\/meta><meta itemprop='startDate' content='2026-9-27' ><\/meta><meta itemprop='endDate' content='2026-9-27' ><\/meta><meta itemprop='eventStatus' content='on-schedule' ><\/meta><script type=\"application\/ld+json\">{\t\"@context\": \"http:\/\/schema.org\",\n\t\t\t\t\t\t\t  \t\"@type\": \"Event\",\n\t\t\t\t\t\t\t  \t\"name\": \"Visita Guiada: \"Ruta de les Ermites\"\",\n\t\t\t\t\t\t\t  \t\"startDate\": \"2026-9-27T10-10-00-00\",\n\t\t\t\t\t\t\t  \t\"endDate\": \"2026-9-27T23-23-50-00\",\n\t\t\t\t\t\t\t  \t\"image\":\"https:\/\/www.blanescostabrava.cat\/wp-content\/uploads\/2018\/03\/ermites-300x206.jpg\",\n\t\t\t\t\t\t\t  \t\"description\":\"DIA: 27 de setembre\r\nHORA: 10.00 h\r\nLLOC: Sortida: OT Turisme, pla\u00e7a Catalunya s\/n\r\nDESCRIPCI\u00d3: Visita guiada gratu\u00efta per la ruta de les ermites. Places gratu\u00eftes, inscripcions a turisme@blanes.cat o al 972 33\",\n\t\t\t\t\t\t\t  \t\n\t\t\t\t\t\t\t }<\/script><\/div>\n\t\t\t\t<p class=\"desc_trig_outter\"><a data-gmap_status=\"null\" data-exlk=\"0\" style=\"border-color: #206177;padding-top: 215px;height: 310px;\" id=\"evc_1790503200242434\" class=\"desc_trig sin_val evcal_list_a\" data-ux_val=\"3\"  ><span class='event-img'><img src='https:\/\/www.blanescostabrava.cat\/wp-content\/uploads\/2018\/03\/ermites.jpg'><\/span><span class='evcal_cblock ' data-bgcolor='#206177' data-smon='septiembre' data-syr='2026'><span class='evo_start '><em class='date'>27<\/em><em class='month'>sep<\/em><em class='time'>10:00 am<\/em><\/span><em class='clear'><\/em><\/span><span class='evcal_desc evo_info hide_eventtopdata '  data-location_status=\"false\" ><span class='evo_above_title'><\/span><span class='evcal_desc2 evcal_event_title' itemprop='name'>Visita Guiada: \"Ruta de les Ermites\"<\/span><span class='evo_below_title'><\/span><span class='evcal_desc_info' ><\/span><span class='evcal_desc3'><\/span><\/span><em class='clear'><\/em><\/p><\/a><div class='event_description evcal_eventcard ' style=\"display:none\"><div class='evo_metarow_directimg'><img src='https:\/\/www.blanescostabrava.cat\/wp-content\/uploads\/2018\/03\/ermites.jpg' \/><\/div><div class='evo_metarow_details evorow evcal_evdata_row bordb evcal_event_details'>\n\t\t\t\t\t\t\t<div class=\"event_excerpt\" style=\"display:none\"><h3 class=\"padb5 evo_h3\">Descripci\u00f3n<\/h3><p>DIA: 27 de setembre\r\nHORA: 10.00 h\r\nLLOC: Sortida: OT Turisme, pla\u00e7a Catalunya s\/n\r\nDESCRIPCI\u00d3: Visita guiada gratu\u00efta per la ruta de les ermites. Places gratu\u00eftes, inscripcions a turisme@blanes.cat o al 972 33<\/p><\/div><span class='evcal_evdata_icons'><i class='fa fa-align-justify'><\/i><\/span>\n\t\t\t\t\t\t\t\n\t\t\t\t\t\t\t<div class='evcal_evdata_cell '><div class='eventon_full_description'>\n\t\t\t\t\t\t\t\t\t<h3 class='padb5 evo_h3'><span class='evcal_evdata_icons'><i class='fa fa-align-justify'><\/i><\/span>Descripci\u00f3n<\/h3><div class='eventon_desc_in' itemprop='description'>\n\t\t\t\t\t\t\t\t\t<p>DIA: 27 de setembre<br \/>\nHORA: 10.00 h<br \/>\nLLOC: Sortida: OT Turisme, pla\u00e7a Catalunya s\/n<br \/>\nDESCRIPCI\u00d3: Visita guiada gratu\u00efta per la ruta de les ermites. Places gratu\u00eftes, inscripcions a turisme@blanes.cat o al 972 33 03 48.<\/p>\n<\/div><div class='clear'><\/div>\n\t\t\t\t\t\t\t\t<\/div>\n\t\t\t\t\t\t\t<\/div>\n\t\t\t\t\t\t<\/div><div class='evo_metarow_time_location evorow bordb '>\n\t\t\t\t\t\t<div class='tb' >\n\t\t\t\t\t\t\t<div class='tbrow'>\n\t\t\t\t\t\t\t<div class='evcal_col50 bordr'>\n\t\t\t\t\t\t\t\t<div class='evcal_evdata_row evo_time'>\n\t\t\t\t\t\t\t\t\t<span class='evcal_evdata_icons'><i class='fa fa-clock-o'><\/i><\/span>\n\t\t\t\t\t\t\t\t\t<div class='evcal_evdata_cell'>\t\t\t\t\t\t\t\n\t\t\t\t\t\t\t\t\t\t<h3 class='evo_h3'><span class='evcal_evdata_icons'><i class='fa fa-clock-o'><\/i><\/span>Fecha<\/h3>\n\t\t\t\t\t\t\t\t\t\t<p>(Sunday) 10:00 am<\/p>\n\t\t\t\t\t\t\t\t\t<\/div>\n\t\t\t\t\t\t\t\t<\/div>\n\t\t\t\t\t\t\t<\/div><div class='evcal_col50'>\n\t\t\t\t\t\t\t\t<div class='evcal_evdata_row evo_location'>\n\t\t\t\t\t\t\t\t\t<span class='evcal_evdata_icons'><i class='fa fa-map-marker'><\/i><\/span>\n\t\t\t\t\t\t\t\t\t<div class='evcal_evdata_cell' data-loc_tax_id='5252'>\t\t\t\t\t\t\t\n\t\t\t\t\t\t\t\t\t\t<h3 class='evo_h3'><span class='evcal_evdata_icons'><i class='fa fa-map-marker'><\/i><\/span>Location<\/h3><p class='evo_location_name'>Sortida: OT Turisme pl. Catalunya s\/n<\/p><p class='evo_location_address'><\/p>\n\t\t\t\t\t\t\t\t\t<\/div>\n\t\t\t\t\t\t\t\t<\/div>\n\t\t\t\t\t\t\t<\/div><div class='clear'><\/div>\n\t\t\t\t\t\t\t<\/div><\/div>\n\t\t\t\t\t\t<\/div>\t\t\t\t\t\t<div class='evo_metarow_ICS evorow bordb evcal_evdata_row'>\n\t\t\t\t\t\t\t<span class=\"evcal_evdata_icons\"><i class=\"fa fa-calendar\"><\/i><\/span>\n\t\t\t\t\t\t\t<div class='evcal_evdata_cell'>\n\t\t\t\t\t\t\t\t<p><a href='https:\/\/www.blanescostabrava.cat\/wp-admin\/admin-ajax.php?action=eventon_ics_download&amp;event_id=242434&amp;sunix=20260927T080000Z&amp;eunix=20260927T215000Z&amp;loca=&amp;locn=Sortida: OT Turisme pl. Catalunya s\/n' class='evo_ics_nCal' title='Add to your calendar'>Calendar<\/a><a href='\/\/www.google.com\/calendar\/event?action=TEMPLATE&amp;text=Visita+Guiada%3A+%22Ruta+de+les+Ermites%22&amp;dates=20260927T080000Z\/20260927T215000Z&amp;details=DIA%3A+27+de+setembre%0D%0AHORA%3A+10.00+h%0D%0ALLOC%3A+Sortida%3A+OT+Turisme%2C+pla%C3%A7a+Catalunya+s%2Fn%0D%0ADESCRIPCI%C3%93%3A+Visita+guiada+gratu%C3%AFta+per+la+ruta+de+les+ermites.+Places+gratu%C3%AFtes%2C+inscripcions+a+turisme%40blanes.cat+o+al+972+33&amp;location=Sortida%3A+OT+Turisme+pl.+Catalunya+s%2Fn - ' target='_blank' class='evo_ics_gCal' title='Add to google calendar'>GoogleCal<\/a><\/p>\t\n\t\t\t\t\t\t\t<\/div>\t\t\t\t\t\t<\/div>\n\t\t\t\t\t\t<\/div><div class='clear end'><\/div><\/div><div id=\"event_234934\" class=\"eventon_list_event evo_eventtop  event hasbgimg\" data-event_id=\"234934\" data-time=\"1790503200-1790553000\" data-colr=\"#206177\" itemscope itemtype='http:\/\/schema.org\/Event' 55><div class=\"evo_boxtop\" style=\"background-image: url(https:\/\/www.blanescostabrava.cat\/wp-content\/uploads\/2026\/05\/tematitzades_page-0001-3.jpg); background-color:#206177;height:200px;\"><\/div><div class=\"evo_event_schema\" style=\"display:none\" ><a itemprop='url'  href='https:\/\/www.blanescostabrava.cat\/es\/events\/visita-guiada-ruta-de-las-ermitas-es\/'><\/a><span itemprop='name'  >Visita guiada: Ruta de las Ermitas (ES)<\/span><meta itemprop='image' content='https:\/\/www.blanescostabrava.cat\/wp-content\/uploads\/2026\/05\/tematitzades_page-0001-3.jpg' ><\/meta><meta itemprop='description' content='D\u00cdA: Domingo 27 de septiembreHORA: 10:00 hLUGAR: Salida desde la Oficina de Turismo, plaza Catalunya s\/nVisita guiada por la Ruta de' ><\/meta><meta itemprop='startDate' content='2026-9-27' ><\/meta><meta itemprop='endDate' content='2026-9-27' ><\/meta><meta itemprop='eventStatus' content='on-schedule' ><\/meta><script type=\"application\/ld+json\">{\t\"@context\": \"http:\/\/schema.org\",\n\t\t\t\t\t\t\t  \t\"@type\": \"Event\",\n\t\t\t\t\t\t\t  \t\"name\": \"Visita guiada: Ruta de las Ermitas (ES)\",\n\t\t\t\t\t\t\t  \t\"startDate\": \"2026-9-27T10-10-00-00\",\n\t\t\t\t\t\t\t  \t\"endDate\": \"2026-9-27T23-23-50-00\",\n\t\t\t\t\t\t\t  \t\"image\":\"https:\/\/www.blanescostabrava.cat\/wp-content\/uploads\/2026\/05\/tematitzades_page-0001-3-143x300.jpg\",\n\t\t\t\t\t\t\t  \t\"description\":\"D\u00cdA: Domingo 27 de septiembreHORA: 10:00 hLUGAR: Salida desde la Oficina de Turismo, plaza Catalunya s\/nVisita guiada por la Ruta de\",\n\t\t\t\t\t\t\t  \t\n\t\t\t\t\t\t\t }<\/script><\/div>\n\t\t\t\t<p class=\"desc_trig_outter\"><a data-gmap_status=\"null\" data-exlk=\"0\" style=\"border-color: #206177;padding-top: 215px;height: 310px;\" id=\"evc_1790503200234934\" class=\"desc_trig sin_val evcal_list_a\" data-ux_val=\"3\"  ><span class='event-img'><img src='https:\/\/www.blanescostabrava.cat\/wp-content\/uploads\/2026\/05\/tematitzades_page-0001-3.jpg'><\/span><span class='evcal_cblock ' data-bgcolor='#206177' data-smon='septiembre' data-syr='2026'><span class='evo_start '><em class='date'>27<\/em><em class='month'>sep<\/em><em class='time'>10:00 am<\/em><\/span><em class='clear'><\/em><\/span><span class='evcal_desc evo_info hide_eventtopdata '  data-location_status=\"false\" ><span class='evo_above_title'><\/span><span class='evcal_desc2 evcal_event_title' itemprop='name'>Visita guiada: Ruta de las Ermitas (ES)<\/span><span class='evo_below_title'><\/span><span class='evcal_desc_info' ><\/span><span class='evcal_desc3'><\/span><\/span><em class='clear'><\/em><\/p><\/a><div class='event_description evcal_eventcard ' style=\"display:none\"><div class='evo_metarow_directimg'><img src='https:\/\/www.blanescostabrava.cat\/wp-content\/uploads\/2026\/05\/tematitzades_page-0001-3.jpg' \/><\/div><div class='evo_metarow_details evorow evcal_evdata_row bordb evcal_event_details'>\n\t\t\t\t\t\t\t<div class=\"event_excerpt\" style=\"display:none\"><h3 class=\"padb5 evo_h3\">Descripci\u00f3n<\/h3><p>D\u00cdA: Domingo 27 de septiembreHORA: 10:00 hLUGAR: Salida desde la Oficina de Turismo, plaza Catalunya s\/nVisita guiada por la Ruta de<\/p><\/div><span class='evcal_evdata_icons'><i class='fa fa-align-justify'><\/i><\/span>\n\t\t\t\t\t\t\t\n\t\t\t\t\t\t\t<div class='evcal_evdata_cell shorter_desc'><div class='eventon_details_shading_bot'>\n\t\t\t\t\t\t\t\t<p class='eventon_shad_p' content='less'><span class='ev_more_text' data-txt='less'>more<\/span><span class='ev_more_arrow'><\/span><\/p>\n\t\t\t\t\t\t\t<\/div><div class='eventon_full_description'>\n\t\t\t\t\t\t\t\t\t<h3 class='padb5 evo_h3'><span class='evcal_evdata_icons'><i class='fa fa-align-justify'><\/i><\/span>Descripci\u00f3n<\/h3><div class='eventon_desc_in' itemprop='description'>\n\t\t\t\t\t\t\t\t\t<p><strong>D\u00cdA<\/strong>: Domingo 27 de septiembre<br data-start=\"1150\" data-end=\"1153\" \/><strong>HORA<\/strong>: 10:00 h<br data-start=\"1166\" data-end=\"1169\" \/><strong>LUGAR<\/strong>: Salida desde la Oficina de Turismo, plaza Catalunya s\/n<br data-start=\"1231\" data-end=\"1234\" \/>Visita guiada por la Ruta de las Ermitas en castellano. Se recomienda llevar calzado c\u00f3modo. Actividad gratuita con inscripci\u00f3n previa en <a class=\"decorated-link cursor-pointer\" rel=\"noopener\" data-start=\"1385\" data-end=\"1403\">turisme@blanes.cat<\/a> o en el tel\u00e9fono 972 33 03 48.<\/p>\n<p><img class=\"alignnone size-large wp-image-234814\" src=\"https:\/\/www.blanescostabrava.cat\/wp-content\/uploads\/2026\/05\/tematitzades_page-0001-1-488x1024.jpg\" alt=\"\" width=\"488\" height=\"1024\" srcset=\"https:\/\/www.blanescostabrava.cat\/wp-content\/uploads\/2026\/05\/tematitzades_page-0001-1-488x1024.jpg 488w, https:\/\/www.blanescostabrava.cat\/wp-content\/uploads\/2026\/05\/tematitzades_page-0001-1-143x300.jpg 143w, https:\/\/www.blanescostabrava.cat\/wp-content\/uploads\/2026\/05\/tematitzades_page-0001-1-71x150.jpg 71w, https:\/\/www.blanescostabrava.cat\/wp-content\/uploads\/2026\/05\/tematitzades_page-0001-1-11x24.jpg 11w, https:\/\/www.blanescostabrava.cat\/wp-content\/uploads\/2026\/05\/tematitzades_page-0001-1-17x36.jpg 17w, https:\/\/www.blanescostabrava.cat\/wp-content\/uploads\/2026\/05\/tematitzades_page-0001-1-23x48.jpg 23w, https:\/\/www.blanescostabrava.cat\/wp-content\/uploads\/2026\/05\/tematitzades_page-0001-1.jpg 591w\" sizes=\"(max-width: 488px) 100vw, 488px\" \/><\/p>\n<\/div><div class='clear'><\/div>\n\t\t\t\t\t\t\t\t<\/div>\n\t\t\t\t\t\t\t<\/div>\n\t\t\t\t\t\t<\/div><div class='evo_metarow_time_location evorow bordb '>\n\t\t\t\t\t\t<div class='tb' >\n\t\t\t\t\t\t\t<div class='tbrow'>\n\t\t\t\t\t\t\t<div class='evcal_col50 bordr'>\n\t\t\t\t\t\t\t\t<div class='evcal_evdata_row evo_time'>\n\t\t\t\t\t\t\t\t\t<span class='evcal_evdata_icons'><i class='fa fa-clock-o'><\/i><\/span>\n\t\t\t\t\t\t\t\t\t<div class='evcal_evdata_cell'>\t\t\t\t\t\t\t\n\t\t\t\t\t\t\t\t\t\t<h3 class='evo_h3'><span class='evcal_evdata_icons'><i class='fa fa-clock-o'><\/i><\/span>Fecha<\/h3>\n\t\t\t\t\t\t\t\t\t\t<p>(Sunday) 10:00 am<\/p>\n\t\t\t\t\t\t\t\t\t<\/div>\n\t\t\t\t\t\t\t\t<\/div>\n\t\t\t\t\t\t\t<\/div><div class='evcal_col50'>\n\t\t\t\t\t\t\t\t<div class='evcal_evdata_row evo_location'>\n\t\t\t\t\t\t\t\t\t<span class='evcal_evdata_icons'><i class='fa fa-map-marker'><\/i><\/span>\n\t\t\t\t\t\t\t\t\t<div class='evcal_evdata_cell' data-loc_tax_id='2519'>\t\t\t\t\t\t\t\n\t\t\t\t\t\t\t\t\t\t<h3 class='evo_h3'><span class='evcal_evdata_icons'><i class='fa fa-map-marker'><\/i><\/span>Location<\/h3><p class='evo_location_name'>Oficina de Turisme de Blanes<\/p><p class='evo_location_address'><\/p>\n\t\t\t\t\t\t\t\t\t<\/div>\n\t\t\t\t\t\t\t\t<\/div>\n\t\t\t\t\t\t\t<\/div><div class='clear'><\/div>\n\t\t\t\t\t\t\t<\/div><\/div>\n\t\t\t\t\t\t<\/div>\t\t\t\t\t\t<div class='evo_metarow_ICS evorow bordb evcal_evdata_row'>\n\t\t\t\t\t\t\t<span class=\"evcal_evdata_icons\"><i class=\"fa fa-calendar\"><\/i><\/span>\n\t\t\t\t\t\t\t<div class='evcal_evdata_cell'>\n\t\t\t\t\t\t\t\t<p><a href='https:\/\/www.blanescostabrava.cat\/wp-admin\/admin-ajax.php?action=eventon_ics_download&amp;event_id=234934&amp;sunix=20260927T080000Z&amp;eunix=20260927T215000Z&amp;loca=&amp;locn=Oficina de Turisme de Blanes' class='evo_ics_nCal' title='Add to your calendar'>Calendar<\/a><a href='\/\/www.google.com\/calendar\/event?action=TEMPLATE&amp;text=Visita+guiada%3A+Ruta+de+las+Ermitas+%28ES%29&amp;dates=20260927T080000Z\/20260927T215000Z&amp;details=D%C3%8DA%3A+Domingo+27+de+septiembreHORA%3A+10%3A00+hLUGAR%3A+Salida+desde+la+Oficina+de+Turismo%2C+plaza+Catalunya+s%2FnVisita+guiada+por+la+Ruta+de&amp;location=Oficina+de+Turisme+de+Blanes - ' target='_blank' class='evo_ics_gCal' title='Add to google calendar'>GoogleCal<\/a><\/p>\t\n\t\t\t\t\t\t\t<\/div>\t\t\t\t\t\t<\/div>\n\t\t\t\t\t\t<\/div><div class='clear end'><\/div><\/div><div id=\"event_242446\" class=\"eventon_list_event evo_eventtop  event hasbgimg\" data-event_id=\"242446\" data-time=\"1790532000-1790553000\" data-colr=\"#206177\" itemscope itemtype='http:\/\/schema.org\/Event' 56><div class=\"evo_boxtop\" style=\"background-image: url(https:\/\/www.blanescostabrava.cat\/wp-content\/uploads\/2026\/08\/imatgemolina.webp-1739x1160-1.webp); background-color:#206177;height:200px;\"><\/div><div class=\"evo_event_schema\" style=\"display:none\" ><a itemprop='url'  href='https:\/\/www.blanescostabrava.cat\/events\/concert-molinas-quartet\/'><\/a><span itemprop='name'  >Concert \"Molina's Quartet\"<\/span><meta itemprop='image' content='https:\/\/www.blanescostabrava.cat\/wp-content\/uploads\/2026\/08\/imatgemolina.webp-1739x1160-1.webp' ><\/meta><meta itemprop='description' content='DIA: 27 de setembre\r\nHORA: 18.00 h\r\nLLOC: Teatre de Blanes\r\nDESCRIPCI\u00d3: Concert de Molina's Quartet, dins el Cicle Teatre Blanenc.' ><\/meta><meta itemprop='startDate' content='2026-9-27' ><\/meta><meta itemprop='endDate' content='2026-9-27' ><\/meta><meta itemprop='eventStatus' content='on-schedule' ><\/meta><script type=\"application\/ld+json\">{\t\"@context\": \"http:\/\/schema.org\",\n\t\t\t\t\t\t\t  \t\"@type\": \"Event\",\n\t\t\t\t\t\t\t  \t\"name\": \"Concert \"Molina's Quartet\"\",\n\t\t\t\t\t\t\t  \t\"startDate\": \"2026-9-27T18-18-00-00\",\n\t\t\t\t\t\t\t  \t\"endDate\": \"2026-9-27T23-23-50-00\",\n\t\t\t\t\t\t\t  \t\"image\":\"https:\/\/www.blanescostabrava.cat\/wp-content\/uploads\/2026\/08\/imatgemolina.webp-1739x1160-1-300x200.webp\",\n\t\t\t\t\t\t\t  \t\"description\":\"DIA: 27 de setembre\r\nHORA: 18.00 h\r\nLLOC: Teatre de Blanes\r\nDESCRIPCI\u00d3: Concert de Molina's Quartet, dins el Cicle Teatre Blanenc.\",\n\t\t\t\t\t\t\t  \t\n\t\t\t\t\t\t\t }<\/script><\/div>\n\t\t\t\t<p class=\"desc_trig_outter\"><a data-gmap_status=\"null\" data-exlk=\"0\" style=\"border-color: #206177;padding-top: 215px;height: 310px;\" id=\"evc_1790532000242446\" class=\"desc_trig sin_val evcal_list_a\" data-ux_val=\"3\"  ><span class='event-img'><img src='https:\/\/www.blanescostabrava.cat\/wp-content\/uploads\/2026\/08\/imatgemolina.webp-1739x1160-1.webp'><\/span><span class='evcal_cblock ' data-bgcolor='#206177' data-smon='septiembre' data-syr='2026'><span class='evo_start '><em class='date'>27<\/em><em class='month'>sep<\/em><em class='time'>6:00 pm<\/em><\/span><em class='clear'><\/em><\/span><span class='evcal_desc evo_info hide_eventtopdata '  data-location_status=\"false\" ><span class='evo_above_title'><\/span><span class='evcal_desc2 evcal_event_title' itemprop='name'>Concert \"Molina's Quartet\"<\/span><span class='evo_below_title'><\/span><span class='evcal_desc_info' ><\/span><span class='evcal_desc3'><\/span><\/span><em class='clear'><\/em><\/p><\/a><div class='event_description evcal_eventcard ' style=\"display:none\"><div class='evo_metarow_directimg'><img src='https:\/\/www.blanescostabrava.cat\/wp-content\/uploads\/2026\/08\/imatgemolina.webp-1739x1160-1.webp' \/><\/div><div class='evo_metarow_details evorow evcal_evdata_row bordb evcal_event_details'>\n\t\t\t\t\t\t\t<div class=\"event_excerpt\" style=\"display:none\"><h3 class=\"padb5 evo_h3\">Descripci\u00f3n<\/h3><p>DIA: 27 de setembre\r\nHORA: 18.00 h\r\nLLOC: Teatre de Blanes\r\nDESCRIPCI\u00d3: Concert de Molina's Quartet, dins el Cicle Teatre Blanenc.<\/p><\/div><span class='evcal_evdata_icons'><i class='fa fa-align-justify'><\/i><\/span>\n\t\t\t\t\t\t\t\n\t\t\t\t\t\t\t<div class='evcal_evdata_cell '><div class='eventon_full_description'>\n\t\t\t\t\t\t\t\t\t<h3 class='padb5 evo_h3'><span class='evcal_evdata_icons'><i class='fa fa-align-justify'><\/i><\/span>Descripci\u00f3n<\/h3><div class='eventon_desc_in' itemprop='description'>\n\t\t\t\t\t\t\t\t\t<p>DIA: 27 de setembre<br \/>\nHORA: 18.00 h<br \/>\nLLOC: Teatre de Blanes<br \/>\nDESCRIPCI\u00d3: Concert de Molina&#8217;s Quartet, dins el Cicle Teatre Blanenc.<\/p>\n<\/div><div class='clear'><\/div>\n\t\t\t\t\t\t\t\t<\/div>\n\t\t\t\t\t\t\t<\/div>\n\t\t\t\t\t\t<\/div><div class='evo_metarow_time_location evorow bordb '>\n\t\t\t\t\t\t<div class='tb' >\n\t\t\t\t\t\t\t<div class='tbrow'>\n\t\t\t\t\t\t\t<div class='evcal_col50 bordr'>\n\t\t\t\t\t\t\t\t<div class='evcal_evdata_row evo_time'>\n\t\t\t\t\t\t\t\t\t<span class='evcal_evdata_icons'><i class='fa fa-clock-o'><\/i><\/span>\n\t\t\t\t\t\t\t\t\t<div class='evcal_evdata_cell'>\t\t\t\t\t\t\t\n\t\t\t\t\t\t\t\t\t\t<h3 class='evo_h3'><span class='evcal_evdata_icons'><i class='fa fa-clock-o'><\/i><\/span>Fecha<\/h3>\n\t\t\t\t\t\t\t\t\t\t<p>(Sunday) 6:00 pm<\/p>\n\t\t\t\t\t\t\t\t\t<\/div>\n\t\t\t\t\t\t\t\t<\/div>\n\t\t\t\t\t\t\t<\/div><div class='evcal_col50'>\n\t\t\t\t\t\t\t\t<div class='evcal_evdata_row evo_location'>\n\t\t\t\t\t\t\t\t\t<span class='evcal_evdata_icons'><i class='fa fa-map-marker'><\/i><\/span>\n\t\t\t\t\t\t\t\t\t<div class='evcal_evdata_cell' data-loc_tax_id='2217'>\t\t\t\t\t\t\t\n\t\t\t\t\t\t\t\t\t\t<h3 class='evo_h3'><span class='evcal_evdata_icons'><i class='fa fa-map-marker'><\/i><\/span>Location<\/h3><p class='evo_location_name'>Teatre de Blanes<\/p><p class='evo_location_address'><\/p>\n\t\t\t\t\t\t\t\t\t<\/div>\n\t\t\t\t\t\t\t\t<\/div>\n\t\t\t\t\t\t\t<\/div><div class='clear'><\/div>\n\t\t\t\t\t\t\t<\/div><\/div>\n\t\t\t\t\t\t<\/div>\t\t\t\t\t\t<div class='evo_metarow_ICS evorow bordb evcal_evdata_row'>\n\t\t\t\t\t\t\t<span class=\"evcal_evdata_icons\"><i class=\"fa fa-calendar\"><\/i><\/span>\n\t\t\t\t\t\t\t<div class='evcal_evdata_cell'>\n\t\t\t\t\t\t\t\t<p><a href='https:\/\/www.blanescostabrava.cat\/wp-admin\/admin-ajax.php?action=eventon_ics_download&amp;event_id=242446&amp;sunix=20260927T160000Z&amp;eunix=20260927T215000Z&amp;loca=&amp;locn=Teatre de Blanes' class='evo_ics_nCal' title='Add to your calendar'>Calendar<\/a><a href='\/\/www.google.com\/calendar\/event?action=TEMPLATE&amp;text=Concert+%22Molina%27s+Quartet%22&amp;dates=20260927T160000Z\/20260927T215000Z&amp;details=DIA%3A+27+de+setembre%0D%0AHORA%3A+18.00+h%0D%0ALLOC%3A+Teatre+de+Blanes%0D%0ADESCRIPCI%C3%93%3A+Concert+de+Molina%27s+Quartet%2C+dins+el+Cicle+Teatre+Blanenc.&amp;location=Teatre+de+Blanes - ' target='_blank' class='evo_ics_gCal' title='Add to google calendar'>GoogleCal<\/a><\/p>\t\n\t\t\t\t\t\t\t<\/div>\t\t\t\t\t\t<\/div>\n\t\t\t\t\t\t<\/div><div class='clear end'><\/div><\/div>\t\t\t<div class='clear'><\/div>\n\t\t\t<\/div><!-- #evcal_list-->\n\t\t\t<div class='clear'><\/div>\n\t\n\t\t\t\n\t\t\t\t\t\t<\/div><!-- .ajde_evcal_calendar-->\n\n\t\t\t[\/vc_column_text][vc_column_text el_class=\u00bbtitulo-agenda final\u00bb]<\/p>\n<h2 style=\"text-align: center;\">Otras actividades organizadas en Blanes o m\u00e1s informaci\u00f3n de actividades locales<\/h2>\n<p>[\/vc_column_text][vc_btn title=\u00bbAgenda ayuntamiento Blanes\u00bb align=\u00bbcenter\u00bb link=\u00bburl:https%3A%2F%2Fwww.blanes.cat%2Fagenda\u00bb el_class=\u00bbboto-agenda-final\u00bb][\/vc_column][\/vc_row]<\/p>\n<\/div>","protected":false},"excerpt":{"rendered":"<p>[vc_row full_width=\u00bbstretch_row\u00bb css=\u00bb.vc_custom_1534834888650{background-image: url(https:\/\/www.blanescostabrava.cat\/wp-content\/uploads\/2018\/08\/portada-agenda.jpg?id=54407) !important;}\u00bb el_class=\u00bbcabecera-pagina-interna\u00bb][vc_column][vc_column_text] AGENDA [\/vc_column_text][\/vc_column][\/vc_row][vc_row el_class=\u00bbagenda-seccion ocultar\u00bb][vc_column width=\u00bb2\/3&#8243; el_class=\u00bbeventos-izquierda\u00bb][vc_column_text el_class=\u00bbtitulo-agenda\u00bb] Pr\u00f3ximos eventos [\/vc_column_text][vc_column_text][\/vc_column_text][\/vc_column][vc_column width=\u00bb1\/3&#8243;][vc_column_text el_class=\u00bbtitulo-agenda\u00bb] Eventos anuales&#8230;<\/p>\n","protected":false},"author":1,"featured_media":0,"parent":0,"menu_order":0,"comment_status":"closed","ping_status":"closed","template":"","meta":{"footnotes":""},"class_list":["post-35296","page","type-page","status-publish"],"rankMath":{"parentDomain":"blanescostabrava.cat","noFollowDomains":[],"noFollowExcludeDomains":[],"noFollowExternalLinks":false,"featuredImageNotice":"La imagen destacada debe tener al menos 200 por 200 p\u00edxeles para que Facebook y otros sitios de redes sociales puedan escogerla.","pluginReviewed":false,"postSettings":{"linkSuggestions":true,"useFocusKeyword":false},"frontEndScore":false,"postName":"una-mirada-fotografica-de-blanes-1854-2026","permalinkFormat":"https:\/\/www.blanescostabrava.cat\/es\/events\/%ajde_events%\/","showLockModifiedDate":true,"assessor":{"focusKeywordLink":"https:\/\/www.blanescostabrava.cat\/wp-admin\/edit.php?focus_keyword=%focus_keyword%&post_type=%post_type%","hasTOCPlugin":false,"primaryTaxonomy":false,"serpData":{"title":"","description":"","focusKeywords":"","pillarContent":false,"canonicalUrl":"","breadcrumbTitle":"","advancedRobots":[],"facebookTitle":"","facebookDescription":"","facebookImage":"","facebookImageID":"","facebookHasOverlay":false,"facebookImageOverlay":"","facebookAuthor":"","twitterCardType":"","twitterUseFacebook":true,"twitterTitle":"","twitterDescription":"","twitterImage":"","twitterImageID":"","twitterHasOverlay":false,"twitterImageOverlay":"","twitterPlayerUrl":"","twitterPlayerSize":"","twitterPlayerStream":"","twitterPlayerStreamCtype":"","twitterAppDescription":"","twitterAppIphoneName":"","twitterAppIphoneID":"","twitterAppIphoneUrl":"","twitterAppIpadName":"","twitterAppIpadID":"","twitterAppIpadUrl":"","twitterAppGoogleplayName":"","twitterAppGoogleplayID":"","twitterAppGoogleplayUrl":"","twitterAppCountry":"","robots":{"index":true},"twitterAuthor":"nombre de usuario","primaryTerm":0,"authorName":"Anna Codina","titleTemplate":"%title% %sep% %sitename%","descriptionTemplate":"%excerpt%","showScoreFrontend":true,"lockModifiedDate":false},"powerWords":["incre\u00edble","asombroso","maravilloso","\u00fanico","hermoso","felicidad","brillante","cautivador","carism\u00e1tico","impactante","claro","completamente","confidencial","confianza","significativo","creativo","definitivamente","delicioso","demostrar","apres\u00farate","decidido","digno","din\u00e1mico","impresionante","esencial","inspirador","innovador","intenso","eficaz","m\u00e1gico","magn\u00edfico","hist\u00f3rico","importante","incre\u00edble","indispensable","inolvidable","irresistible","legendario","luminoso","lujo","m\u00e1gico","magn\u00edfico","majestuoso","memorable","maravilloso","milagroso","motivador","necesario","nuevo","oficial","perfecto","apasionado","persuasivo","fenomenal","placer","popular","poder","prestigioso","prodigioso","profundo","pr\u00f3spero","poderoso","calidad","radiante","r\u00e1pido","exitoso","revolucionario","satisfecho","seguridad","sensacional","sereno","suntuoso","espl\u00e9ndido","sublime","sorprendente","talentoso","terror\u00edfico","\u00fanico","valor","vibrante","victorioso","vivo","verdaderamente","celoso","aut\u00e9ntico","aventurero","espectacular","exclusivo","garantizado","extraordinario","fabuloso","fascinante","formidable","genial","grandioso","gratuito","h\u00e1bil","ilimitado","impecable","infalible","infinitamente","influyente","ingenioso","inolvidable","irremplazable","l\u00edder","maestro","notable","novedoso","pionero","poderoso","reconocido","revolucionario","sorprendente","superior","triunfante","ultra","valiente","valioso","vanguardista","vigoroso","visionario","voluntad","vital","triunfo","glorioso","imparable","inigualable","inteligente","invencible","libertad","orgullo","paz","progreso","renovado","sabidur\u00eda","satisfacci\u00f3n","seguro","serenidad","superaci\u00f3n","talento","transcendente","transformador","valent\u00eda","victoria"],"diacritics":{"A":"[\\u0041\\u24B6\\uFF21\\u00C0\\u00C1\\u00C2\\u1EA6\\u1EA4\\u1EAA\\u1EA8\\u00C3\\u0100\\u0102\\u1EB0\\u1EAE\\u1EB4\\u1EB2\\u0226\\u01E0\\u00C4\\u01DE\\u1EA2\\u00C5\\u01FA\\u01CD\\u0200\\u0202\\u1EA0\\u1EAC\\u1EB6\\u1E00\\u0104\\u023A\\u2C6F]","AA":"[\\uA732]","AE":"[\\u00C6\\u01FC\\u01E2]","AO":"[\\uA734]","AU":"[\\uA736]","AV":"[\\uA738\\uA73A]","AY":"[\\uA73C]","B":"[\\u0042\\u24B7\\uFF22\\u1E02\\u1E04\\u1E06\\u0243\\u0182\\u0181]","C":"[\\u0043\\u24B8\\uFF23\\u0106\\u0108\\u010A\\u010C\\u00C7\\u1E08\\u0187\\u023B\\uA73E]","D":"[\\u0044\\u24B9\\uFF24\\u1E0A\\u010E\\u1E0C\\u1E10\\u1E12\\u1E0E\\u0110\\u018B\\u018A\\u0189\\uA779]","DZ":"[\\u01F1\\u01C4]","Dz":"[\\u01F2\\u01C5]","E":"[\\u0045\\u24BA\\uFF25\\u00C8\\u00C9\\u00CA\\u1EC0\\u1EBE\\u1EC4\\u1EC2\\u1EBC\\u0112\\u1E14\\u1E16\\u0114\\u0116\\u00CB\\u1EBA\\u011A\\u0204\\u0206\\u1EB8\\u1EC6\\u0228\\u1E1C\\u0118\\u1E18\\u1E1A\\u0190\\u018E]","F":"[\\u0046\\u24BB\\uFF26\\u1E1E\\u0191\\uA77B]","G":"[\\u0047\\u24BC\\uFF27\\u01F4\\u011C\\u1E20\\u011E\\u0120\\u01E6\\u0122\\u01E4\\u0193\\uA7A0\\uA77D\\uA77E]","H":"[\\u0048\\u24BD\\uFF28\\u0124\\u1E22\\u1E26\\u021E\\u1E24\\u1E28\\u1E2A\\u0126\\u2C67\\u2C75\\uA78D]","I":"[\\u0049\\u24BE\\uFF29\\u00CC\\u00CD\\u00CE\\u0128\\u012A\\u012C\\u0130\\u00CF\\u1E2E\\u1EC8\\u01CF\\u0208\\u020A\\u1ECA\\u012E\\u1E2C\\u0197]","J":"[\\u004A\\u24BF\\uFF2A\\u0134\\u0248]","K":"[\\u004B\\u24C0\\uFF2B\\u1E30\\u01E8\\u1E32\\u0136\\u1E34\\u0198\\u2C69\\uA740\\uA742\\uA744\\uA7A2]","L":"[\\u004C\\u24C1\\uFF2C\\u013F\\u0139\\u013D\\u1E36\\u1E38\\u013B\\u1E3C\\u1E3A\\u0141\\u023D\\u2C62\\u2C60\\uA748\\uA746\\uA780]","LJ":"[\\u01C7]","Lj":"[\\u01C8]","M":"[\\u004D\\u24C2\\uFF2D\\u1E3E\\u1E40\\u1E42\\u2C6E\\u019C]","N":"[\\u004E\\u24C3\\uFF2E\\u01F8\\u0143\\u00D1\\u1E44\\u0147\\u1E46\\u0145\\u1E4A\\u1E48\\u0220\\u019D\\uA790\\uA7A4]","NJ":"[\\u01CA]","Nj":"[\\u01CB]","O":"[\\u004F\\u24C4\\uFF2F\\u00D2\\u00D3\\u00D4\\u1ED2\\u1ED0\\u1ED6\\u1ED4\\u00D5\\u1E4C\\u022C\\u1E4E\\u014C\\u1E50\\u1E52\\u014E\\u022E\\u0230\\u00D6\\u022A\\u1ECE\\u0150\\u01D1\\u020C\\u020E\\u01A0\\u1EDC\\u1EDA\\u1EE0\\u1EDE\\u1EE2\\u1ECC\\u1ED8\\u01EA\\u01EC\\u00D8\\u01FE\\u0186\\u019F\\uA74A\\uA74C]","OI":"[\\u01A2]","OO":"[\\uA74E]","OU":"[\\u0222]","P":"[\\u0050\\u24C5\\uFF30\\u1E54\\u1E56\\u01A4\\u2C63\\uA750\\uA752\\uA754]","Q":"[\\u0051\\u24C6\\uFF31\\uA756\\uA758\\u024A]","R":"[\\u0052\\u24C7\\uFF32\\u0154\\u1E58\\u0158\\u0210\\u0212\\u1E5A\\u1E5C\\u0156\\u1E5E\\u024C\\u2C64\\uA75A\\uA7A6\\uA782]","S":"[\\u0053\\u24C8\\uFF33\\u1E9E\\u015A\\u1E64\\u015C\\u1E60\\u0160\\u1E66\\u1E62\\u1E68\\u0218\\u015E\\u2C7E\\uA7A8\\uA784]","T":"[\\u0054\\u24C9\\uFF34\\u1E6A\\u0164\\u1E6C\\u021A\\u0162\\u1E70\\u1E6E\\u0166\\u01AC\\u01AE\\u023E\\uA786]","TZ":"[\\uA728]","U":"[\\u0055\\u24CA\\uFF35\\u00D9\\u00DA\\u00DB\\u0168\\u1E78\\u016A\\u1E7A\\u016C\\u00DC\\u01DB\\u01D7\\u01D5\\u01D9\\u1EE6\\u016E\\u0170\\u01D3\\u0214\\u0216\\u01AF\\u1EEA\\u1EE8\\u1EEE\\u1EEC\\u1EF0\\u1EE4\\u1E72\\u0172\\u1E76\\u1E74\\u0244]","V":"[\\u0056\\u24CB\\uFF36\\u1E7C\\u1E7E\\u01B2\\uA75E\\u0245]","VY":"[\\uA760]","W":"[\\u0057\\u24CC\\uFF37\\u1E80\\u1E82\\u0174\\u1E86\\u1E84\\u1E88\\u2C72]","X":"[\\u0058\\u24CD\\uFF38\\u1E8A\\u1E8C]","Y":"[\\u0059\\u24CE\\uFF39\\u1EF2\\u00DD\\u0176\\u1EF8\\u0232\\u1E8E\\u0178\\u1EF6\\u1EF4\\u01B3\\u024E\\u1EFE]","Z":"[\\u005A\\u24CF\\uFF3A\\u0179\\u1E90\\u017B\\u017D\\u1E92\\u1E94\\u01B5\\u0224\\u2C7F\\u2C6B\\uA762]","a":"[\\u0061\\u24D0\\uFF41\\u1E9A\\u00E0\\u00E1\\u00E2\\u1EA7\\u1EA5\\u1EAB\\u1EA9\\u00E3\\u0101\\u0103\\u1EB1\\u1EAF\\u1EB5\\u1EB3\\u0227\\u01E1\\u00E4\\u01DF\\u1EA3\\u00E5\\u01FB\\u01CE\\u0201\\u0203\\u1EA1\\u1EAD\\u1EB7\\u1E01\\u0105\\u2C65\\u0250]","aa":"[\\uA733]","ae":"[\\u00E6\\u01FD\\u01E3]","ao":"[\\uA735]","au":"[\\uA737]","av":"[\\uA739\\uA73B]","ay":"[\\uA73D]","b":"[\\u0062\\u24D1\\uFF42\\u1E03\\u1E05\\u1E07\\u0180\\u0183\\u0253]","c":"[\\u0063\\u24D2\\uFF43\\u0107\\u0109\\u010B\\u010D\\u00E7\\u1E09\\u0188\\u023C\\uA73F\\u2184]","d":"[\\u0064\\u24D3\\uFF44\\u1E0B\\u010F\\u1E0D\\u1E11\\u1E13\\u1E0F\\u0111\\u018C\\u0256\\u0257\\uA77A]","dz":"[\\u01F3\\u01C6]","e":"[\\u0065\\u24D4\\uFF45\\u00E8\\u00E9\\u00EA\\u1EC1\\u1EBF\\u1EC5\\u1EC3\\u1EBD\\u0113\\u1E15\\u1E17\\u0115\\u0117\\u00EB\\u1EBB\\u011B\\u0205\\u0207\\u1EB9\\u1EC7\\u0229\\u1E1D\\u0119\\u1E19\\u1E1B\\u0247\\u025B\\u01DD]","f":"[\\u0066\\u24D5\\uFF46\\u1E1F\\u0192\\uA77C]","g":"[\\u0067\\u24D6\\uFF47\\u01F5\\u011D\\u1E21\\u011F\\u0121\\u01E7\\u0123\\u01E5\\u0260\\uA7A1\\u1D79\\uA77F]","h":"[\\u0068\\u24D7\\uFF48\\u0125\\u1E23\\u1E27\\u021F\\u1E25\\u1E29\\u1E2B\\u1E96\\u0127\\u2C68\\u2C76\\u0265]","hv":"[\\u0195]","i":"[\\u0069\\u24D8\\uFF49\\u00EC\\u00ED\\u00EE\\u0129\\u012B\\u012D\\u00EF\\u1E2F\\u1EC9\\u01D0\\u0209\\u020B\\u1ECB\\u012F\\u1E2D\\u0268\\u0131]","j":"[\\u006A\\u24D9\\uFF4A\\u0135\\u01F0\\u0249]","k":"[\\u006B\\u24DA\\uFF4B\\u1E31\\u01E9\\u1E33\\u0137\\u1E35\\u0199\\u2C6A\\uA741\\uA743\\uA745\\uA7A3]","l":"[\\u006C\\u24DB\\uFF4C\\u0140\\u013A\\u013E\\u1E37\\u1E39\\u013C\\u1E3D\\u1E3B\\u017F\\u0142\\u019A\\u026B\\u2C61\\uA749\\uA781\\uA747]","lj":"[\\u01C9]","m":"[\\u006D\\u24DC\\uFF4D\\u1E3F\\u1E41\\u1E43\\u0271\\u026F]","n":"[\\u006E\\u24DD\\uFF4E\\u01F9\\u0144\\u00F1\\u1E45\\u0148\\u1E47\\u0146\\u1E4B\\u1E49\\u019E\\u0272\\u0149\\uA791\\uA7A5]","nj":"[\\u01CC]","o":"[\\u006F\\u24DE\\uFF4F\\u00F2\\u00F3\\u00F4\\u1ED3\\u1ED1\\u1ED7\\u1ED5\\u00F5\\u1E4D\\u022D\\u1E4F\\u014D\\u1E51\\u1E53\\u014F\\u022F\\u0231\\u00F6\\u022B\\u1ECF\\u0151\\u01D2\\u020D\\u020F\\u01A1\\u1EDD\\u1EDB\\u1EE1\\u1EDF\\u1EE3\\u1ECD\\u1ED9\\u01EB\\u01ED\\u00F8\\u01FF\\u0254\\uA74B\\uA74D\\u0275]","oi":"[\\u01A3]","ou":"[\\u0223]","oo":"[\\uA74F]","p":"[\\u0070\\u24DF\\uFF50\\u1E55\\u1E57\\u01A5\\u1D7D\\uA751\\uA753\\uA755]","q":"[\\u0071\\u24E0\\uFF51\\u024B\\uA757\\uA759]","r":"[\\u0072\\u24E1\\uFF52\\u0155\\u1E59\\u0159\\u0211\\u0213\\u1E5B\\u1E5D\\u0157\\u1E5F\\u024D\\u027D\\uA75B\\uA7A7\\uA783]","s":"[\\u0073\\u24E2\\uFF53\\u015B\\u1E65\\u015D\\u1E61\\u0161\\u1E67\\u1E63\\u1E69\\u0219\\u015F\\u023F\\uA7A9\\uA785\\u1E9B]","ss":"[\\u00DF]","t":"[\\u0074\\u24E3\\uFF54\\u1E6B\\u1E97\\u0165\\u1E6D\\u021B\\u0163\\u1E71\\u1E6F\\u0167\\u01AD\\u0288\\u2C66\\uA787]","tz":"[\\uA729]","u":"[\\u0075\\u24E4\\uFF55\\u00F9\\u00FA\\u00FB\\u0169\\u1E79\\u016B\\u1E7B\\u016D\\u00FC\\u01DC\\u01D8\\u01D6\\u01DA\\u1EE7\\u016F\\u0171\\u01D4\\u0215\\u0217\\u01B0\\u1EEB\\u1EE9\\u1EEF\\u1EED\\u1EF1\\u1EE5\\u1E73\\u0173\\u1E77\\u1E75\\u0289]","v":"[\\u0076\\u24E5\\uFF56\\u1E7D\\u1E7F\\u028B\\uA75F\\u028C]","vy":"[\\uA761]","w":"[\\u0077\\u24E6\\uFF57\\u1E81\\u1E83\\u0175\\u1E87\\u1E85\\u1E98\\u1E89\\u2C73]","x":"[\\u0078\\u24E7\\uFF58\\u1E8B\\u1E8D]","y":"[\\u0079\\u24E8\\uFF59\\u1EF3\\u00FD\\u0177\\u1EF9\\u0233\\u1E8F\\u00FF\\u1EF7\\u1E99\\u1EF5\\u01B4\\u024F\\u1EFF]","z":"[\\u007A\\u24E9\\uFF5A\\u017A\\u1E91\\u017C\\u017E\\u1E93\\u1E95\\u01B6\\u0225\\u0240\\u2C6C\\uA763]"},"researchesTests":["contentHasTOC","contentHasShortParagraphs","contentHasAssets","keywordInTitle","keywordInMetaDescription","keywordInPermalink","keywordIn10Percent","keywordInContent","keywordInSubheadings","keywordInImageAlt","keywordDensity","keywordNotUsed","lengthContent","lengthPermalink","linksHasInternal","linksHasExternals","linksNotAllExternals","titleStartWithKeyword","titleSentiment","titleHasPowerWords","titleHasNumber","hasContentAI"],"hasRedirection":true,"hasBreadcrumb":false},"homeUrl":"https:\/\/www.blanescostabrava.cat\/es\/","objectID":236287,"objectType":"post","locale":"es","localeFull":"es_ES","overlayImages":{"play":{"name":"Icono de reproducci\u00f3n","url":"https:\/\/www.blanescostabrava.cat\/wp-content\/plugins\/seo-by-rank-math\/assets\/admin\/img\/icon-play.png","path":"\/var\/www\/html\/wp-content\/plugins\/seo-by-rank-math\/assets\/admin\/img\/icon-play.png","position":"middle_center"},"gif":{"name":"Icono GIF","url":"https:\/\/www.blanescostabrava.cat\/wp-content\/plugins\/seo-by-rank-math\/assets\/admin\/img\/icon-gif.png","path":"\/var\/www\/html\/wp-content\/plugins\/seo-by-rank-math\/assets\/admin\/img\/icon-gif.png","position":"middle_center"}},"defautOgImage":"https:\/\/www.blanescostabrava.cat\/wp-content\/plugins\/seo-by-rank-math\/assets\/admin\/img\/social-placeholder.jpg","customPermalinks":true,"isUserRegistered":false,"autoSuggestKeywords":false,"connectSiteUrl":"https:\/\/rankmath.com\/auth?site=https%3A%2F%2Fwww.blanescostabrava.cat%2Fes%2F&r=https%3A%2F%2Fwww.blanescostabrava.cat%2Fes%2Fwp-json%2Fwp%2Fv2%2Fpages%2F35296%3Fnonce%3D741a4f829b","maxTags":5,"trendsIcon":"<svg viewBox=\"0 0 610 610\"><path d=\"M18.85,446,174.32,290.48l58.08,58.08L76.93,504a14.54,14.54,0,0,1-20.55,0L18.83,466.48a14.54,14.54,0,0,1,0-20.55Z\" style=\"fill:#4285f4\"\/><path d=\"M242.65,242.66,377.59,377.6l-47.75,47.75a14.54,14.54,0,0,1-20.55,0L174.37,290.43l47.75-47.75A14.52,14.52,0,0,1,242.65,242.66Z\" style=\"fill:#ea4335\"\/><polygon points=\"319.53 319.53 479.26 159.8 537.34 217.88 377.61 377.62 319.53 319.53\" style=\"fill:#fabb05\"\/><path d=\"M594.26,262.73V118.61h0a16.94,16.94,0,0,0-16.94-16.94H433.2a16.94,16.94,0,0,0-12,28.92L565.34,274.71h0a16.94,16.94,0,0,0,28.92-12Z\" style=\"fill:#34a853\"\/><rect width=\"610\" height=\"610\" style=\"fill:none\"\/><\/svg>","showScore":true,"siteFavIcon":"https:\/\/www.blanescostabrava.cat\/wp-content\/uploads\/2018\/04\/favicon.png","canUser":{"general":false,"advanced":false,"snippet":false,"social":false,"analysis":false,"analytics":false,"content_ai":false},"isPro":false,"is_front_page":false,"trendsUpgradeLink":"https:\/\/rankmath.com\/pricing\/?utm_source=Plugin&utm_medium=CE%20General%20Tab%20Trends&utm_campaign=WP","trendsUpgradeLabel":"Actualizar","trendsPreviewImage":"https:\/\/www.blanescostabrava.cat\/wp-content\/plugins\/seo-by-rank-math\/assets\/admin\/img\/trends-preview.jpg","currentEditor":false,"homepageData":{"assessor":{"powerWords":["incre\u00edble","asombroso","maravilloso","\u00fanico","hermoso","felicidad","brillante","cautivador","carism\u00e1tico","impactante","claro","completamente","confidencial","confianza","significativo","creativo","definitivamente","delicioso","demostrar","apres\u00farate","decidido","digno","din\u00e1mico","impresionante","esencial","inspirador","innovador","intenso","eficaz","m\u00e1gico","magn\u00edfico","hist\u00f3rico","importante","incre\u00edble","indispensable","inolvidable","irresistible","legendario","luminoso","lujo","m\u00e1gico","magn\u00edfico","majestuoso","memorable","maravilloso","milagroso","motivador","necesario","nuevo","oficial","perfecto","apasionado","persuasivo","fenomenal","placer","popular","poder","prestigioso","prodigioso","profundo","pr\u00f3spero","poderoso","calidad","radiante","r\u00e1pido","exitoso","revolucionario","satisfecho","seguridad","sensacional","sereno","suntuoso","espl\u00e9ndido","sublime","sorprendente","talentoso","terror\u00edfico","\u00fanico","valor","vibrante","victorioso","vivo","verdaderamente","celoso","aut\u00e9ntico","aventurero","espectacular","exclusivo","garantizado","extraordinario","fabuloso","fascinante","formidable","genial","grandioso","gratuito","h\u00e1bil","ilimitado","impecable","infalible","infinitamente","influyente","ingenioso","inolvidable","irremplazable","l\u00edder","maestro","notable","novedoso","pionero","poderoso","reconocido","revolucionario","sorprendente","superior","triunfante","ultra","valiente","valioso","vanguardista","vigoroso","visionario","voluntad","vital","triunfo","glorioso","imparable","inigualable","inteligente","invencible","libertad","orgullo","paz","progreso","renovado","sabidur\u00eda","satisfacci\u00f3n","seguro","serenidad","superaci\u00f3n","talento","transcendente","transformador","valent\u00eda","victoria"],"diacritics":true,"researchesTests":["contentHasTOC","contentHasShortParagraphs","contentHasAssets","keywordInTitle","keywordInMetaDescription","keywordInPermalink","keywordIn10Percent","keywordInContent","keywordInSubheadings","keywordInImageAlt","keywordDensity","keywordNotUsed","lengthContent","lengthPermalink","linksHasInternal","linksHasExternals","linksNotAllExternals","titleStartWithKeyword","titleSentiment","titleHasPowerWords","titleHasNumber","hasContentAI"],"hasBreadcrumb":false,"serpData":{"title":"%sitename% %page% %sep% %sitedesc%","description":"","titleTemplate":"%sitename% %page% %sep% %sitedesc%","descriptionTemplate":"","focusKeywords":"","breadcrumbTitle":"Home","robots":{"index":true},"advancedRobots":[],"facebookTitle":"","facebookDescription":"","facebookImage":"","facebookImageID":""}}},"tocTitle":"Table of Contents","tocExcludeHeadings":[],"listStyle":"ul"},"_links":{"self":[{"href":"https:\/\/www.blanescostabrava.cat\/es\/wp-json\/wp\/v2\/pages\/35296","targetHints":{"allow":["GET"]}}],"collection":[{"href":"https:\/\/www.blanescostabrava.cat\/es\/wp-json\/wp\/v2\/pages"}],"about":[{"href":"https:\/\/www.blanescostabrava.cat\/es\/wp-json\/wp\/v2\/types\/page"}],"author":[{"embeddable":true,"href":"https:\/\/www.blanescostabrava.cat\/es\/wp-json\/wp\/v2\/users\/1"}],"replies":[{"embeddable":true,"href":"https:\/\/www.blanescostabrava.cat\/es\/wp-json\/wp\/v2\/comments?post=35296"}],"version-history":[{"count":8,"href":"https:\/\/www.blanescostabrava.cat\/es\/wp-json\/wp\/v2\/pages\/35296\/revisions"}],"predecessor-version":[{"id":232105,"href":"https:\/\/www.blanescostabrava.cat\/es\/wp-json\/wp\/v2\/pages\/35296\/revisions\/232105"}],"wp:attachment":[{"href":"https:\/\/www.blanescostabrava.cat\/es\/wp-json\/wp\/v2\/media?parent=35296"}],"curies":[{"name":"wp","href":"https:\/\/api.w.org\/{rel}","templated":true}]}}