{"id":35822,"date":"2018-05-24T08:08:31","date_gmt":"2018-05-24T06:08:31","guid":{"rendered":"https:\/\/www.blanescostabrava.cat\/que-visiter\/"},"modified":"2018-06-04T15:34:15","modified_gmt":"2018-06-04T13:34:15","slug":"que-visiter","status":"publish","type":"page","link":"https:\/\/www.blanescostabrava.cat\/fr\/que-visiter\/","title":{"rendered":"Que visiter"},"content":{"rendered":"<div class=\"wpb-content-wrapper\"><p>[vc_row full_width=\u00a0\u00bbstretch_row\u00a0\u00bb css=\u00a0\u00bb.vc_custom_1522150356549{background-image: url(https:\/\/www.blanescostabrava.cat\/wp-content\/uploads\/2018\/03\/que-fer.jpg?id=33674) !important;}\u00a0\u00bb el_class=\u00a0\u00bbcabecera-pagina-interna\u00a0\u00bb][vc_column][vc_column_text]<\/p>\n<h1><strong>QUE VISITER<\/strong><\/h1>\n<p>[\/vc_column_text][\/vc_column][\/vc_row][vc_row full_width=\u00a0\u00bbstretch_row_content\u00a0\u00bb el_class=\u00a0\u00bb galeria-tabs galeria-tabs-que-fer\u00a0\u00bb][vc_column][vc_tta_tabs alignment=\u00a0\u00bbcenter\u00a0\u00bb active_section=\u00a0\u00bb1&Prime;][vc_tta_section title=\u00a0\u00bbTout\u00a0\u00bb tab_id=\u00a0\u00bbtot\u00a0\u00bb]<style>.portfolio.portfolio-grid#style-f723235 .portfolio-item:not(.size-item), .preloader#style-preloader-f723235 .portfolio-item { padding: calc(42px\/2) !important; }.portfolio.portfolio-grid#style-f723235 .portfolio-item.size-item { padding: 0 calc(42px\/2) !important; }.portfolio.portfolio-grid#style-f723235 .portfolio-row, .preloader#style-preloader-f723235 .skeleton-posts.portfolio-row { margin: calc(-42px\/2); }.portfolio.portfolio-grid#style-f723235.fullwidth-columns .portfolio-row { margin: calc(-42px\/2) 0; }.portfolio.portfolio-grid#style-f723235 .fullwidth-block:not(.no-paddings) { padding-left: 42px; padding-right: 42px; }.portfolio.portfolio-grid#style-f723235 .fullwidth-block .portfolio-row { padding-left: calc(42px\/2); padding-right: calc(42px\/2); }.portfolio.portfolio-grid#style-f723235 .fullwidth-block .portfolio-top-panel { padding-left: 42px; padding-right: 42px; }.portfolio.portfolio-grid#style-f723235.fullwidth-columns .with-filter-sidebar .filter-sidebar { padding-left: 42px; }.portfolio.portfolio-grid#style-f723235 .portfolio-item .caption .title span { letter-spacing: px !important; }<\/style><style>.portfolio.portfolio-grid#style-f723235 .portfolio-filters { text-align: center; }<\/style><div id=\"style-preloader-f723235\" class=\"preloader save-space\"><div class=\"preloader-spin\"><\/div><\/div> <div class=\"portfolio-preloader-wrapper panel-sidebar-position-left\"> <div class=\"portfolio portfolio-grid extended-portfolio-grid no-padding portfolio-pagination-more portfolio-style-justified background-style-white title-style-light hover-circular title-on-page hover-elements-size-default version-default caption-position-page columns-4 columns-tablet-2 columns-mobile-1 next-page-preloading \" id=\"style-f723235\" data-style-uid=\"f723235\" data-portfolio-uid=\"grid_8f32c9d\" data-current-page=\"1\" data-per-page=\"50\" data-next-page=\"0\" data-pages-count=\"1\" data-hover=\"circular\" data-portfolio-filter=\"[]\" data-portfolio-filter-attributes=\"null\" data-portfolio-filter-search=\"\"> <div class=\"portfolio-row-outer \"> <div class=\"portfolio-top-panel selected-only\"> <div class=\"portfolio-filter-item portfolio-selected-filters left\"> <div class=\"portfolio-selected-filter-item clear-filters\"> Clear Filters\t<\/div> <\/div> <\/div> <div class=\"row portfolio-row\"> <div class=\"portfolio-set clearfix\" data-max-row-height=\"280\"> <div class=\"portfolio-item monuments item-animations-not-inited post-35777 thegem_pf_item type-thegem_pf_item status-publish has-post-thumbnail\" style=\"padding: 21px;\" data-default-sort=\"0\" data-sort-date=\"1527149251\"> <div class=\"wrap clearfix\" style=\"border-bottom-color: \"> <div class=\"image post-35777 thegem_pf_item type-thegem_pf_item status-publish has-post-thumbnail\"> <div class=\"image-inner\"> <picture> <img src=\"https:\/\/www.blanescostabrava.cat\/wp-content\/uploads\/2018\/03\/MONUMENTO-1.jpg\" width=\"607\" height=\"687\" class=\"attachment-thegem-portfolio-justified\" alt=\"Le Palais des Vicomtes de Cabrera (XIV-XVe s.)\" \/> <\/picture> <\/div> <div class=\"overlay\"> <div class=\"overlay-circle\"><\/div> <div class=\"links-wrapper\"> <div class=\"links\"> <div class=\"portfolio-icons\"> <a href=\"https:\/\/www.blanescostabrava.cat\/fr\/pf\/le-palais-des-vicomtes-de-cabrera-xiv-xve-s\/\" target=\"_self\" class=\"icon self-link \"><\/a> <a href=\"javascript: void(0);\" class=\"icon share\"><\/a> <div class=\"overlay-line\"><\/div> <div class=\"portfolio-sharing-pane\"> <div class=\"socials-sharing socials socials-colored-hover\"> <a class=\"socials-item\" target=\"_blank\" href=\"https:\/\/www.facebook.com\/sharer\/sharer.php?u=https%3A%2F%2Fwww.blanescostabrava.cat%2Ffr%2Fpf%2Fle-palais-des-vicomtes-de-cabrera-xiv-xve-s%2F\" title=\"Facebook\"><i class=\"socials-item-icon facebook\"><\/i><\/a> <a class=\"socials-item\" target=\"_blank\" href=\"https:\/\/twitter.com\/intent\/tweet?text=Le+Palais+des+Vicomtes+de+Cabrera+%28XIV-XVe+s.%29&#038;url=https%3A%2F%2Fwww.blanescostabrava.cat%2Ffr%2Fpf%2Fle-palais-des-vicomtes-de-cabrera-xiv-xve-s%2F\" title=\"Twitter\"><i class=\"socials-item-icon twitter\"><\/i><\/a> <a class=\"socials-item\" target=\"_blank\" href=\"https:\/\/pinterest.com\/pin\/create\/button\/?url=https%3A%2F%2Fwww.blanescostabrava.cat%2Ffr%2Fpf%2Fle-palais-des-vicomtes-de-cabrera-xiv-xve-s%2F&#038;description=Le+Palais+des+Vicomtes+de+Cabrera+%28XIV-XVe+s.%29&#038;media=https%3A%2F%2Fwww.blanescostabrava.cat%2Fwp-content%2Fuploads%2F2018%2F03%2FMONUMENTO-1.jpg\" title=\"Pinterest\"><i class=\"socials-item-icon pinterest\"><\/i><\/a> <a class=\"socials-item\" target=\"_blank\" href=\"https:\/\/www.tumblr.com\/widgets\/share\/tool?canonicalUrl=https%3A%2F%2Fwww.blanescostabrava.cat%2Ffr%2Fpf%2Fle-palais-des-vicomtes-de-cabrera-xiv-xve-s%2F\" title=\"Tumblr\"><i class=\"socials-item-icon tumblr\"><\/i><\/a> <a class=\"socials-item\" target=\"_blank\" href=\"https:\/\/www.linkedin.com\/shareArticle?mini=true&#038;url=https%3A%2F%2Fwww.blanescostabrava.cat%2Ffr%2Fpf%2Fle-palais-des-vicomtes-de-cabrera-xiv-xve-s%2F&#038;title=Le+Palais+des+Vicomtes+de+Cabrera+%28XIV-XVe+s.%29&amp;summary=Le+Palais+des+Vicomtes+de+Cabrera+ne+formait+qu%27un+seul+%C3%A9difice+avec+l%27%C3%A9glise+paroissiale+et+s%27en+d%C3%A9tacha+quand+s%27est+cr%C3%A9%C3%A9e+la+Paroisse+de+Blanes+en+1319.+\" title=\"LinkedIn\"><i class=\"socials-item-icon linkedin\"><\/i><\/a> <a class=\"socials-item\" target=\"_blank\" href=\"https:\/\/www.reddit.com\/submit?url=https%3A%2F%2Fwww.blanescostabrava.cat%2Ffr%2Fpf%2Fle-palais-des-vicomtes-de-cabrera-xiv-xve-s%2F&#038;title=Le+Palais+des+Vicomtes+de+Cabrera+%28XIV-XVe+s.%29\" title=\"Reddit\"><i class=\"socials-item-icon reddit\"><\/i><\/a> <\/div> <\/div> <\/div> <div class=\"caption\"> <div class=\"title title-h4\"> Le Palais des Vicomtes de Cabrera (XIV-XVe s.) <\/span> <\/div> <div class=\"description\"> <div class=\"subtitle\"><p>Le Palais des Vicomtes de Cabrera ne formait qu&rsquo;un seul \u00e9difice avec l&rsquo;\u00e9glise paroissiale et s&rsquo;en d\u00e9tacha quand s&rsquo;est cr\u00e9\u00e9e la Paroisse de Blanes en 1319. <\/p>\n<\/div> <\/div> <\/div> <\/div> <\/div> <\/div> <\/div> <\/div> <\/div> <div class=\"portfolio-item monuments item-animations-not-inited post-35778 thegem_pf_item type-thegem_pf_item status-publish has-post-thumbnail\" style=\"padding: 21px;\" data-default-sort=\"0\" data-sort-date=\"1527149252\"> <div class=\"wrap clearfix\" style=\"border-bottom-color: \"> <div class=\"image post-35778 thegem_pf_item type-thegem_pf_item status-publish has-post-thumbnail\"> <div class=\"image-inner\"> <picture> <img src=\"https:\/\/www.blanescostabrava.cat\/wp-content\/uploads\/2018\/03\/MONUMENTO-2.jpg\" width=\"607\" height=\"687\" class=\"attachment-thegem-portfolio-justified\" alt=\"Le ch\u00e2teau de Sant Joan\" \/> <\/picture> <\/div> <div class=\"overlay\"> <div class=\"overlay-circle\"><\/div> <div class=\"links-wrapper\"> <div class=\"links\"> <div class=\"portfolio-icons\"> <a href=\"https:\/\/www.blanescostabrava.cat\/fr\/pf\/le-chateau-de-sant-joan\/\" target=\"_self\" class=\"icon self-link \"><\/a> <a href=\"javascript: void(0);\" class=\"icon share\"><\/a> <div class=\"overlay-line\"><\/div> <div class=\"portfolio-sharing-pane\"> <div class=\"socials-sharing socials socials-colored-hover\"> <a class=\"socials-item\" target=\"_blank\" href=\"https:\/\/www.facebook.com\/sharer\/sharer.php?u=https%3A%2F%2Fwww.blanescostabrava.cat%2Ffr%2Fpf%2Fle-chateau-de-sant-joan%2F\" title=\"Facebook\"><i class=\"socials-item-icon facebook\"><\/i><\/a> <a class=\"socials-item\" target=\"_blank\" href=\"https:\/\/twitter.com\/intent\/tweet?text=Le+ch%C3%A2teau+de+Sant+Joan&#038;url=https%3A%2F%2Fwww.blanescostabrava.cat%2Ffr%2Fpf%2Fle-chateau-de-sant-joan%2F\" title=\"Twitter\"><i class=\"socials-item-icon twitter\"><\/i><\/a> <a class=\"socials-item\" target=\"_blank\" href=\"https:\/\/pinterest.com\/pin\/create\/button\/?url=https%3A%2F%2Fwww.blanescostabrava.cat%2Ffr%2Fpf%2Fle-chateau-de-sant-joan%2F&#038;description=Le+ch%C3%A2teau+de+Sant+Joan&#038;media=https%3A%2F%2Fwww.blanescostabrava.cat%2Fwp-content%2Fuploads%2F2018%2F03%2FMONUMENTO-2.jpg\" title=\"Pinterest\"><i class=\"socials-item-icon pinterest\"><\/i><\/a> <a class=\"socials-item\" target=\"_blank\" href=\"https:\/\/www.tumblr.com\/widgets\/share\/tool?canonicalUrl=https%3A%2F%2Fwww.blanescostabrava.cat%2Ffr%2Fpf%2Fle-chateau-de-sant-joan%2F\" title=\"Tumblr\"><i class=\"socials-item-icon tumblr\"><\/i><\/a> <a class=\"socials-item\" target=\"_blank\" href=\"https:\/\/www.linkedin.com\/shareArticle?mini=true&#038;url=https%3A%2F%2Fwww.blanescostabrava.cat%2Ffr%2Fpf%2Fle-chateau-de-sant-joan%2F&#038;title=Le+ch%C3%A2teau+de+Sant+Joan&amp;summary=+Bien+que+la+tour+ait+%C3%A9t%C3%A9+%C3%A9difi%C3%A9e+au+milieu+du+XIIIe+si%C3%A8cle%2C+il+n%27y+a+aucun+doute+qu%27en+des+%C3%A9poques+ant%C3%A9rieures+il+existait+d%C3%A9j%C3%A0+d%27autres+fortifications.+\" title=\"LinkedIn\"><i class=\"socials-item-icon linkedin\"><\/i><\/a> <a class=\"socials-item\" target=\"_blank\" href=\"https:\/\/www.reddit.com\/submit?url=https%3A%2F%2Fwww.blanescostabrava.cat%2Ffr%2Fpf%2Fle-chateau-de-sant-joan%2F&#038;title=Le+ch%C3%A2teau+de+Sant+Joan\" title=\"Reddit\"><i class=\"socials-item-icon reddit\"><\/i><\/a> <\/div> <\/div> <\/div> <div class=\"caption\"> <div class=\"title title-h4\"> Le ch\u00e2teau de Sant Joan <\/span> <\/div> <div class=\"description\"> <div class=\"subtitle\"><p> Bien que la tour ait \u00e9t\u00e9 \u00e9difi\u00e9e au milieu du XIIIe si\u00e8cle, il n&rsquo;y a aucun doute qu&rsquo;en des \u00e9poques ant\u00e9rieures il existait d\u00e9j\u00e0 d&rsquo;autres fortifications. <\/p>\n<\/div> <\/div> <\/div> <\/div> <\/div> <\/div> <\/div> <\/div> <\/div> <div class=\"portfolio-item monuments item-animations-not-inited post-35786 thegem_pf_item type-thegem_pf_item status-publish has-post-thumbnail\" style=\"padding: 21px;\" data-default-sort=\"0\" data-sort-date=\"1527149259\"> <div class=\"wrap clearfix\" style=\"border-bottom-color: \"> <div class=\"image post-35786 thegem_pf_item type-thegem_pf_item status-publish has-post-thumbnail\"> <div class=\"image-inner\"> <picture> <img src=\"https:\/\/www.blanescostabrava.cat\/wp-content\/uploads\/2018\/03\/MONUMENTO-3.jpg\" width=\"607\" height=\"687\" class=\"attachment-thegem-portfolio-justified\" alt=\"La Fontaine Gothique\" \/> <\/picture> <\/div> <div class=\"overlay\"> <div class=\"overlay-circle\"><\/div> <div class=\"links-wrapper\"> <div class=\"links\"> <div class=\"portfolio-icons\"> <a href=\"https:\/\/www.blanescostabrava.cat\/fr\/pf\/la-fontaine-gothique\/\" target=\"_self\" class=\"icon self-link \"><\/a> <a href=\"javascript: void(0);\" class=\"icon share\"><\/a> <div class=\"overlay-line\"><\/div> <div class=\"portfolio-sharing-pane\"> <div class=\"socials-sharing socials socials-colored-hover\"> <a class=\"socials-item\" target=\"_blank\" href=\"https:\/\/www.facebook.com\/sharer\/sharer.php?u=https%3A%2F%2Fwww.blanescostabrava.cat%2Ffr%2Fpf%2Fla-fontaine-gothique%2F\" title=\"Facebook\"><i class=\"socials-item-icon facebook\"><\/i><\/a> <a class=\"socials-item\" target=\"_blank\" href=\"https:\/\/twitter.com\/intent\/tweet?text=La+Fontaine+Gothique&#038;url=https%3A%2F%2Fwww.blanescostabrava.cat%2Ffr%2Fpf%2Fla-fontaine-gothique%2F\" title=\"Twitter\"><i class=\"socials-item-icon twitter\"><\/i><\/a> <a class=\"socials-item\" target=\"_blank\" href=\"https:\/\/pinterest.com\/pin\/create\/button\/?url=https%3A%2F%2Fwww.blanescostabrava.cat%2Ffr%2Fpf%2Fla-fontaine-gothique%2F&#038;description=La+Fontaine+Gothique&#038;media=https%3A%2F%2Fwww.blanescostabrava.cat%2Fwp-content%2Fuploads%2F2018%2F03%2FMONUMENTO-3.jpg\" title=\"Pinterest\"><i class=\"socials-item-icon pinterest\"><\/i><\/a> <a class=\"socials-item\" target=\"_blank\" href=\"https:\/\/www.tumblr.com\/widgets\/share\/tool?canonicalUrl=https%3A%2F%2Fwww.blanescostabrava.cat%2Ffr%2Fpf%2Fla-fontaine-gothique%2F\" title=\"Tumblr\"><i class=\"socials-item-icon tumblr\"><\/i><\/a> <a class=\"socials-item\" target=\"_blank\" href=\"https:\/\/www.linkedin.com\/shareArticle?mini=true&#038;url=https%3A%2F%2Fwww.blanescostabrava.cat%2Ffr%2Fpf%2Fla-fontaine-gothique%2F&#038;title=La+Fontaine+Gothique&amp;summary=C%27est+une+magnifique+fontaine+de+style+gothique+civil+si+rare+que+nous+pouvons+la+consid%C3%A9rer+comme+un+%C3%A9l%C3%A9ment+unique+du+patrimoine+catalan+et+un+symbole+de+la+ville.\" title=\"LinkedIn\"><i class=\"socials-item-icon linkedin\"><\/i><\/a> <a class=\"socials-item\" target=\"_blank\" href=\"https:\/\/www.reddit.com\/submit?url=https%3A%2F%2Fwww.blanescostabrava.cat%2Ffr%2Fpf%2Fla-fontaine-gothique%2F&#038;title=La+Fontaine+Gothique\" title=\"Reddit\"><i class=\"socials-item-icon reddit\"><\/i><\/a> <\/div> <\/div> <\/div> <div class=\"caption\"> <div class=\"title title-h4\"> La Fontaine Gothique <\/span> <\/div> <div class=\"description\"> <div class=\"subtitle\"><p>C&rsquo;est une magnifique fontaine de style gothique civil si rare que nous pouvons la consid\u00e9rer comme un \u00e9l\u00e9ment unique du patrimoine catalan et un symbole de la ville.<\/p>\n<\/div> <\/div> <\/div> <\/div> <\/div> <\/div> <\/div> <\/div> <\/div> <div class=\"portfolio-item monuments item-animations-not-inited post-35787 thegem_pf_item type-thegem_pf_item status-publish has-post-thumbnail\" style=\"padding: 21px;\" data-default-sort=\"0\" data-sort-date=\"1527149261\"> <div class=\"wrap clearfix\" style=\"border-bottom-color: \"> <div class=\"image post-35787 thegem_pf_item type-thegem_pf_item status-publish has-post-thumbnail\"> <div class=\"image-inner\"> <picture> <img src=\"https:\/\/www.blanescostabrava.cat\/wp-content\/uploads\/2018\/03\/MONUMENTO-4.jpg\" width=\"607\" height=\"687\" class=\"attachment-thegem-portfolio-justified\" alt=\"Les Ermitages de Blanes\" \/> <\/picture> <\/div> <div class=\"overlay\"> <div class=\"overlay-circle\"><\/div> <div class=\"links-wrapper\"> <div class=\"links\"> <div class=\"portfolio-icons\"> <a href=\"https:\/\/www.blanescostabrava.cat\/fr\/pf\/les-ermitages-de-blanes\/\" target=\"_self\" class=\"icon self-link \"><\/a> <a href=\"javascript: void(0);\" class=\"icon share\"><\/a> <div class=\"overlay-line\"><\/div> <div class=\"portfolio-sharing-pane\"> <div class=\"socials-sharing socials socials-colored-hover\"> <a class=\"socials-item\" target=\"_blank\" href=\"https:\/\/www.facebook.com\/sharer\/sharer.php?u=https%3A%2F%2Fwww.blanescostabrava.cat%2Ffr%2Fpf%2Fles-ermitages-de-blanes%2F\" title=\"Facebook\"><i class=\"socials-item-icon facebook\"><\/i><\/a> <a class=\"socials-item\" target=\"_blank\" href=\"https:\/\/twitter.com\/intent\/tweet?text=Les+Ermitages+de+Blanes&#038;url=https%3A%2F%2Fwww.blanescostabrava.cat%2Ffr%2Fpf%2Fles-ermitages-de-blanes%2F\" title=\"Twitter\"><i class=\"socials-item-icon twitter\"><\/i><\/a> <a class=\"socials-item\" target=\"_blank\" href=\"https:\/\/pinterest.com\/pin\/create\/button\/?url=https%3A%2F%2Fwww.blanescostabrava.cat%2Ffr%2Fpf%2Fles-ermitages-de-blanes%2F&#038;description=Les+Ermitages+de+Blanes&#038;media=https%3A%2F%2Fwww.blanescostabrava.cat%2Fwp-content%2Fuploads%2F2018%2F03%2FMONUMENTO-4.jpg\" title=\"Pinterest\"><i class=\"socials-item-icon pinterest\"><\/i><\/a> <a class=\"socials-item\" target=\"_blank\" href=\"https:\/\/www.tumblr.com\/widgets\/share\/tool?canonicalUrl=https%3A%2F%2Fwww.blanescostabrava.cat%2Ffr%2Fpf%2Fles-ermitages-de-blanes%2F\" title=\"Tumblr\"><i class=\"socials-item-icon tumblr\"><\/i><\/a> <a class=\"socials-item\" target=\"_blank\" href=\"https:\/\/www.linkedin.com\/shareArticle?mini=true&#038;url=https%3A%2F%2Fwww.blanescostabrava.cat%2Ffr%2Fpf%2Fles-ermitages-de-blanes%2F&#038;title=Les+Ermitages+de+Blanes&amp;summary=Le+riche+patrimoine+religieux+de+la+ville+permet+la+cr%C3%A9ation+d%27un+itin%C3%A9raire+qui+parcourt+petites+ermitages+situ%C3%A9es+dans+la+ville+mais+%C3%A9galement+dans+des+parages+naturels+proches.+\" title=\"LinkedIn\"><i class=\"socials-item-icon linkedin\"><\/i><\/a> <a class=\"socials-item\" target=\"_blank\" href=\"https:\/\/www.reddit.com\/submit?url=https%3A%2F%2Fwww.blanescostabrava.cat%2Ffr%2Fpf%2Fles-ermitages-de-blanes%2F&#038;title=Les+Ermitages+de+Blanes\" title=\"Reddit\"><i class=\"socials-item-icon reddit\"><\/i><\/a> <\/div> <\/div> <\/div> <div class=\"caption\"> <div class=\"title title-h4\"> Les Ermitages de Blanes <\/span> <\/div> <div class=\"description\"> <div class=\"subtitle\"><p>Le riche patrimoine religieux de la ville permet la cr\u00e9ation d&rsquo;un itin\u00e9raire qui parcourt petites ermitages situ\u00e9es dans la ville mais \u00e9galement dans des parages naturels proches. <\/p>\n<\/div> <\/div> <\/div> <\/div> <\/div> <\/div> <\/div> <\/div> <\/div> <div class=\"portfolio-item monuments item-animations-not-inited post-35788 thegem_pf_item type-thegem_pf_item status-publish has-post-thumbnail\" style=\"padding: 21px;\" data-default-sort=\"0\" data-sort-date=\"1527149263\"> <div class=\"wrap clearfix\" style=\"border-bottom-color: \"> <div class=\"image post-35788 thegem_pf_item type-thegem_pf_item status-publish has-post-thumbnail\"> <div class=\"image-inner\"> <picture> <img src=\"https:\/\/www.blanescostabrava.cat\/wp-content\/uploads\/2018\/03\/MONUMENTO-5.jpg\" width=\"607\" height=\"687\" class=\"attachment-thegem-portfolio-justified\" alt=\"Casa Tordera\" \/> <\/picture> <\/div> <div class=\"overlay\"> <div class=\"overlay-circle\"><\/div> <div class=\"links-wrapper\"> <div class=\"links\"> <div class=\"portfolio-icons\"> <a href=\"https:\/\/www.blanescostabrava.cat\/fr\/pf\/casa-tordera\/\" target=\"_self\" class=\"icon self-link \"><\/a> <a href=\"javascript: void(0);\" class=\"icon share\"><\/a> <div class=\"overlay-line\"><\/div> <div class=\"portfolio-sharing-pane\"> <div class=\"socials-sharing socials socials-colored-hover\"> <a class=\"socials-item\" target=\"_blank\" href=\"https:\/\/www.facebook.com\/sharer\/sharer.php?u=https%3A%2F%2Fwww.blanescostabrava.cat%2Ffr%2Fpf%2Fcasa-tordera%2F\" title=\"Facebook\"><i class=\"socials-item-icon facebook\"><\/i><\/a> <a class=\"socials-item\" target=\"_blank\" href=\"https:\/\/twitter.com\/intent\/tweet?text=Casa+Tordera&#038;url=https%3A%2F%2Fwww.blanescostabrava.cat%2Ffr%2Fpf%2Fcasa-tordera%2F\" title=\"Twitter\"><i class=\"socials-item-icon twitter\"><\/i><\/a> <a class=\"socials-item\" target=\"_blank\" href=\"https:\/\/pinterest.com\/pin\/create\/button\/?url=https%3A%2F%2Fwww.blanescostabrava.cat%2Ffr%2Fpf%2Fcasa-tordera%2F&#038;description=Casa+Tordera&#038;media=https%3A%2F%2Fwww.blanescostabrava.cat%2Fwp-content%2Fuploads%2F2018%2F03%2FMONUMENTO-5.jpg\" title=\"Pinterest\"><i class=\"socials-item-icon pinterest\"><\/i><\/a> <a class=\"socials-item\" target=\"_blank\" href=\"https:\/\/www.tumblr.com\/widgets\/share\/tool?canonicalUrl=https%3A%2F%2Fwww.blanescostabrava.cat%2Ffr%2Fpf%2Fcasa-tordera%2F\" title=\"Tumblr\"><i class=\"socials-item-icon tumblr\"><\/i><\/a> <a class=\"socials-item\" target=\"_blank\" href=\"https:\/\/www.linkedin.com\/shareArticle?mini=true&#038;url=https%3A%2F%2Fwww.blanescostabrava.cat%2Ffr%2Fpf%2Fcasa-tordera%2F&#038;title=Casa+Tordera&amp;summary=La+Casa+Tordera+est+un+important+manoir.+Ce+b%C3%A2timent+a+%C3%A9t%C3%A9+%C3%A9rig%C3%A9+quand+les+Indianos%2C+qui+firent+fortune+en+Am%C3%A9rique%2C+revinrent+les+poches+pleines+d%27argent.\" title=\"LinkedIn\"><i class=\"socials-item-icon linkedin\"><\/i><\/a> <a class=\"socials-item\" target=\"_blank\" href=\"https:\/\/www.reddit.com\/submit?url=https%3A%2F%2Fwww.blanescostabrava.cat%2Ffr%2Fpf%2Fcasa-tordera%2F&#038;title=Casa+Tordera\" title=\"Reddit\"><i class=\"socials-item-icon reddit\"><\/i><\/a> <\/div> <\/div> <\/div> <div class=\"caption\"> <div class=\"title title-h4\"> Casa Tordera <\/span> <\/div> <div class=\"description\"> <div class=\"subtitle\"><p>La Casa Tordera est un important manoir. Ce b\u00e2timent a \u00e9t\u00e9 \u00e9rig\u00e9 quand les Indianos, qui firent fortune en Am\u00e9rique, revinrent les poches pleines d&rsquo;argent.<\/p>\n<\/div> <\/div> <\/div> <\/div> <\/div> <\/div> <\/div> <\/div> <\/div> <div class=\"portfolio-item monuments item-animations-not-inited post-35789 thegem_pf_item type-thegem_pf_item status-publish has-post-thumbnail\" style=\"padding: 21px;\" data-default-sort=\"0\" data-sort-date=\"1527149264\"> <div class=\"wrap clearfix\" style=\"border-bottom-color: \"> <div class=\"image post-35789 thegem_pf_item type-thegem_pf_item status-publish has-post-thumbnail\"> <div class=\"image-inner\"> <picture> <img src=\"https:\/\/www.blanescostabrava.cat\/wp-content\/uploads\/2018\/03\/MONUMENTO-6.jpg\" width=\"607\" height=\"687\" class=\"attachment-thegem-portfolio-justified\" alt=\"El Frare\/ Le Fr\u00e8re\" \/> <\/picture> <\/div> <div class=\"overlay\"> <div class=\"overlay-circle\"><\/div> <div class=\"links-wrapper\"> <div class=\"links\"> <div class=\"portfolio-icons\"> <a href=\"https:\/\/www.blanescostabrava.cat\/fr\/pf\/el-frare-le-frere\/\" target=\"_self\" class=\"icon self-link \"><\/a> <a href=\"javascript: void(0);\" class=\"icon share\"><\/a> <div class=\"overlay-line\"><\/div> <div class=\"portfolio-sharing-pane\"> <div class=\"socials-sharing socials socials-colored-hover\"> <a class=\"socials-item\" target=\"_blank\" href=\"https:\/\/www.facebook.com\/sharer\/sharer.php?u=https%3A%2F%2Fwww.blanescostabrava.cat%2Ffr%2Fpf%2Fel-frare-le-frere%2F\" title=\"Facebook\"><i class=\"socials-item-icon facebook\"><\/i><\/a> <a class=\"socials-item\" target=\"_blank\" href=\"https:\/\/twitter.com\/intent\/tweet?text=El+Frare%2F+Le+Fr%C3%A8re&#038;url=https%3A%2F%2Fwww.blanescostabrava.cat%2Ffr%2Fpf%2Fel-frare-le-frere%2F\" title=\"Twitter\"><i class=\"socials-item-icon twitter\"><\/i><\/a> <a class=\"socials-item\" target=\"_blank\" href=\"https:\/\/pinterest.com\/pin\/create\/button\/?url=https%3A%2F%2Fwww.blanescostabrava.cat%2Ffr%2Fpf%2Fel-frare-le-frere%2F&#038;description=El+Frare%2F+Le+Fr%C3%A8re&#038;media=https%3A%2F%2Fwww.blanescostabrava.cat%2Fwp-content%2Fuploads%2F2018%2F03%2FMONUMENTO-6.jpg\" title=\"Pinterest\"><i class=\"socials-item-icon pinterest\"><\/i><\/a> <a class=\"socials-item\" target=\"_blank\" href=\"https:\/\/www.tumblr.com\/widgets\/share\/tool?canonicalUrl=https%3A%2F%2Fwww.blanescostabrava.cat%2Ffr%2Fpf%2Fel-frare-le-frere%2F\" title=\"Tumblr\"><i class=\"socials-item-icon tumblr\"><\/i><\/a> <a class=\"socials-item\" target=\"_blank\" href=\"https:\/\/www.linkedin.com\/shareArticle?mini=true&#038;url=https%3A%2F%2Fwww.blanescostabrava.cat%2Ffr%2Fpf%2Fel-frare-le-frere%2F&#038;title=El+Frare%2F+Le+Fr%C3%A8re&amp;summary=Il+s%27agit+d%27un+monument+de+1958+construit+en+m%C3%A9moire+de+Joaquim+Ruyra+%281858-1939%29%2C+un+%C3%A9crivain+et+po%C3%A8te+qui+a+trouv%C3%A9+l%27inspiration+pour+cr%C3%A9er+son+%C5%93uvre+litt%C3%A9raire+dans+sa+maison+de+Blanes.\" title=\"LinkedIn\"><i class=\"socials-item-icon linkedin\"><\/i><\/a> <a class=\"socials-item\" target=\"_blank\" href=\"https:\/\/www.reddit.com\/submit?url=https%3A%2F%2Fwww.blanescostabrava.cat%2Ffr%2Fpf%2Fel-frare-le-frere%2F&#038;title=El+Frare%2F+Le+Fr%C3%A8re\" title=\"Reddit\"><i class=\"socials-item-icon reddit\"><\/i><\/a> <\/div> <\/div> <\/div> <div class=\"caption\"> <div class=\"title title-h4\"> El Frare\/ Le Fr\u00e8re <\/span> <\/div> <div class=\"description\"> <div class=\"subtitle\"><p>Il s&rsquo;agit d&rsquo;un monument de 1958 construit en m\u00e9moire de Joaquim Ruyra (1858-1939), un \u00e9crivain et po\u00e8te qui a trouv\u00e9 l&rsquo;inspiration pour cr\u00e9er son \u0153uvre litt\u00e9raire dans sa maison de Blanes.<\/p>\n<\/div> <\/div> <\/div> <\/div> <\/div> <\/div> <\/div> <\/div> <\/div> <div class=\"portfolio-item monuments item-animations-not-inited post-35790 thegem_pf_item type-thegem_pf_item status-publish has-post-thumbnail\" style=\"padding: 21px;\" data-default-sort=\"0\" data-sort-date=\"1527149266\"> <div class=\"wrap clearfix\" style=\"border-bottom-color: \"> <div class=\"image post-35790 thegem_pf_item type-thegem_pf_item status-publish has-post-thumbnail\"> <div class=\"image-inner\"> <picture> <img src=\"https:\/\/www.blanescostabrava.cat\/wp-content\/uploads\/2018\/03\/MONUMENTO-7.jpg\" width=\"607\" height=\"687\" class=\"attachment-thegem-portfolio-justified\" alt=\"Mairie\" \/> <\/picture> <\/div> <div class=\"overlay\"> <div class=\"overlay-circle\"><\/div> <div class=\"links-wrapper\"> <div class=\"links\"> <div class=\"portfolio-icons\"> <a href=\"https:\/\/www.blanescostabrava.cat\/fr\/pf\/mairie\/\" target=\"_self\" class=\"icon self-link \"><\/a> <a href=\"javascript: void(0);\" class=\"icon share\"><\/a> <div class=\"overlay-line\"><\/div> <div class=\"portfolio-sharing-pane\"> <div class=\"socials-sharing socials socials-colored-hover\"> <a class=\"socials-item\" target=\"_blank\" href=\"https:\/\/www.facebook.com\/sharer\/sharer.php?u=https%3A%2F%2Fwww.blanescostabrava.cat%2Ffr%2Fpf%2Fmairie%2F\" title=\"Facebook\"><i class=\"socials-item-icon facebook\"><\/i><\/a> <a class=\"socials-item\" target=\"_blank\" href=\"https:\/\/twitter.com\/intent\/tweet?text=Mairie&#038;url=https%3A%2F%2Fwww.blanescostabrava.cat%2Ffr%2Fpf%2Fmairie%2F\" title=\"Twitter\"><i class=\"socials-item-icon twitter\"><\/i><\/a> <a class=\"socials-item\" target=\"_blank\" href=\"https:\/\/pinterest.com\/pin\/create\/button\/?url=https%3A%2F%2Fwww.blanescostabrava.cat%2Ffr%2Fpf%2Fmairie%2F&#038;description=Mairie&#038;media=https%3A%2F%2Fwww.blanescostabrava.cat%2Fwp-content%2Fuploads%2F2018%2F03%2FMONUMENTO-7.jpg\" title=\"Pinterest\"><i class=\"socials-item-icon pinterest\"><\/i><\/a> <a class=\"socials-item\" target=\"_blank\" href=\"https:\/\/www.tumblr.com\/widgets\/share\/tool?canonicalUrl=https%3A%2F%2Fwww.blanescostabrava.cat%2Ffr%2Fpf%2Fmairie%2F\" title=\"Tumblr\"><i class=\"socials-item-icon tumblr\"><\/i><\/a> <a class=\"socials-item\" target=\"_blank\" href=\"https:\/\/www.linkedin.com\/shareArticle?mini=true&#038;url=https%3A%2F%2Fwww.blanescostabrava.cat%2Ffr%2Fpf%2Fmairie%2F&#038;title=Mairie&amp;summary=La+Casa+de+la+Vila+de+Blanes+est+un+b%C3%A2timent+historique+inclus+dans+l%27Inventaire+du+patrimoine+architectural+de+Catalogne.+\" title=\"LinkedIn\"><i class=\"socials-item-icon linkedin\"><\/i><\/a> <a class=\"socials-item\" target=\"_blank\" href=\"https:\/\/www.reddit.com\/submit?url=https%3A%2F%2Fwww.blanescostabrava.cat%2Ffr%2Fpf%2Fmairie%2F&#038;title=Mairie\" title=\"Reddit\"><i class=\"socials-item-icon reddit\"><\/i><\/a> <\/div> <\/div> <\/div> <div class=\"caption\"> <div class=\"title title-h4\"> Mairie <\/span> <\/div> <div class=\"description\"> <div class=\"subtitle\"><p>La Casa de la Vila de Blanes est un b\u00e2timent historique inclus dans l&rsquo;Inventaire du patrimoine architectural de Catalogne. <\/p>\n<\/div> <\/div> <\/div> <\/div> <\/div> <\/div> <\/div> <\/div> <\/div> <div class=\"portfolio-item monuments item-animations-not-inited post-35791 thegem_pf_item type-thegem_pf_item status-publish has-post-thumbnail\" style=\"padding: 21px;\" data-default-sort=\"0\" data-sort-date=\"1527149267\"> <div class=\"wrap clearfix\" style=\"border-bottom-color: \"> <div class=\"image post-35791 thegem_pf_item type-thegem_pf_item status-publish has-post-thumbnail\"> <div class=\"image-inner\"> <picture> <img src=\"https:\/\/www.blanescostabrava.cat\/wp-content\/uploads\/2018\/03\/MONUMENTO-8.jpg\" width=\"607\" height=\"687\" class=\"attachment-thegem-portfolio-justified\" alt=\"Casa Saladrigas\" \/> <\/picture> <\/div> <div class=\"overlay\"> <div class=\"overlay-circle\"><\/div> <div class=\"links-wrapper\"> <div class=\"links\"> <div class=\"portfolio-icons\"> <a href=\"https:\/\/www.blanescostabrava.cat\/fr\/pf\/casa-saladrigas\/\" target=\"_self\" class=\"icon self-link \"><\/a> <a href=\"javascript: void(0);\" class=\"icon share\"><\/a> <div class=\"overlay-line\"><\/div> <div class=\"portfolio-sharing-pane\"> <div class=\"socials-sharing socials socials-colored-hover\"> <a class=\"socials-item\" target=\"_blank\" href=\"https:\/\/www.facebook.com\/sharer\/sharer.php?u=https%3A%2F%2Fwww.blanescostabrava.cat%2Ffr%2Fpf%2Fcasa-saladrigas%2F\" title=\"Facebook\"><i class=\"socials-item-icon facebook\"><\/i><\/a> <a class=\"socials-item\" target=\"_blank\" href=\"https:\/\/twitter.com\/intent\/tweet?text=Casa+Saladrigas&#038;url=https%3A%2F%2Fwww.blanescostabrava.cat%2Ffr%2Fpf%2Fcasa-saladrigas%2F\" title=\"Twitter\"><i class=\"socials-item-icon twitter\"><\/i><\/a> <a class=\"socials-item\" target=\"_blank\" href=\"https:\/\/pinterest.com\/pin\/create\/button\/?url=https%3A%2F%2Fwww.blanescostabrava.cat%2Ffr%2Fpf%2Fcasa-saladrigas%2F&#038;description=Casa+Saladrigas&#038;media=https%3A%2F%2Fwww.blanescostabrava.cat%2Fwp-content%2Fuploads%2F2018%2F03%2FMONUMENTO-8.jpg\" title=\"Pinterest\"><i class=\"socials-item-icon pinterest\"><\/i><\/a> <a class=\"socials-item\" target=\"_blank\" href=\"https:\/\/www.tumblr.com\/widgets\/share\/tool?canonicalUrl=https%3A%2F%2Fwww.blanescostabrava.cat%2Ffr%2Fpf%2Fcasa-saladrigas%2F\" title=\"Tumblr\"><i class=\"socials-item-icon tumblr\"><\/i><\/a> <a class=\"socials-item\" target=\"_blank\" href=\"https:\/\/www.linkedin.com\/shareArticle?mini=true&#038;url=https%3A%2F%2Fwww.blanescostabrava.cat%2Ffr%2Fpf%2Fcasa-saladrigas%2F&#038;title=Casa+Saladrigas&amp;summary=Ce+b%C3%A2timent+a+%C3%A9t%C3%A9+construit+entre+1926+et+1931+par+un+disciple+de+Antoni+Gaud%C3%AD.\" title=\"LinkedIn\"><i class=\"socials-item-icon linkedin\"><\/i><\/a> <a class=\"socials-item\" target=\"_blank\" href=\"https:\/\/www.reddit.com\/submit?url=https%3A%2F%2Fwww.blanescostabrava.cat%2Ffr%2Fpf%2Fcasa-saladrigas%2F&#038;title=Casa+Saladrigas\" title=\"Reddit\"><i class=\"socials-item-icon reddit\"><\/i><\/a> <\/div> <\/div> <\/div> <div class=\"caption\"> <div class=\"title title-h4\"> Casa Saladrigas <\/span> <\/div> <div class=\"description\"> <div class=\"subtitle\"><p>Ce b\u00e2timent a \u00e9t\u00e9 construit entre 1926 et 1931 par un disciple de Antoni Gaud\u00ed.<\/p>\n<\/div> <\/div> <\/div> <\/div> <\/div> <\/div> <\/div> <\/div> <\/div> <div class=\"portfolio-item monuments item-animations-not-inited post-35792 thegem_pf_item type-thegem_pf_item status-publish has-post-thumbnail\" style=\"padding: 21px;\" data-default-sort=\"0\" data-sort-date=\"1527149269\"> <div class=\"wrap clearfix\" style=\"border-bottom-color: \"> <div class=\"image post-35792 thegem_pf_item type-thegem_pf_item status-publish has-post-thumbnail\"> <div class=\"image-inner\"> <picture> <img src=\"https:\/\/www.blanescostabrava.cat\/wp-content\/uploads\/2018\/03\/MONUMENTO-9.jpg\" width=\"607\" height=\"687\" class=\"attachment-thegem-portfolio-justified\" alt=\"Le Convent\" \/> <\/picture> <\/div> <div class=\"overlay\"> <div class=\"overlay-circle\"><\/div> <div class=\"links-wrapper\"> <div class=\"links\"> <div class=\"portfolio-icons\"> <a href=\"https:\/\/www.blanescostabrava.cat\/fr\/pf\/le-convent\/\" target=\"_self\" class=\"icon self-link \"><\/a> <a href=\"javascript: void(0);\" class=\"icon share\"><\/a> <div class=\"overlay-line\"><\/div> <div class=\"portfolio-sharing-pane\"> <div class=\"socials-sharing socials socials-colored-hover\"> <a class=\"socials-item\" target=\"_blank\" href=\"https:\/\/www.facebook.com\/sharer\/sharer.php?u=https%3A%2F%2Fwww.blanescostabrava.cat%2Ffr%2Fpf%2Fle-convent%2F\" title=\"Facebook\"><i class=\"socials-item-icon facebook\"><\/i><\/a> <a class=\"socials-item\" target=\"_blank\" href=\"https:\/\/twitter.com\/intent\/tweet?text=Le+Convent&#038;url=https%3A%2F%2Fwww.blanescostabrava.cat%2Ffr%2Fpf%2Fle-convent%2F\" title=\"Twitter\"><i class=\"socials-item-icon twitter\"><\/i><\/a> <a class=\"socials-item\" target=\"_blank\" href=\"https:\/\/pinterest.com\/pin\/create\/button\/?url=https%3A%2F%2Fwww.blanescostabrava.cat%2Ffr%2Fpf%2Fle-convent%2F&#038;description=Le+Convent&#038;media=https%3A%2F%2Fwww.blanescostabrava.cat%2Fwp-content%2Fuploads%2F2018%2F03%2FMONUMENTO-9.jpg\" title=\"Pinterest\"><i class=\"socials-item-icon pinterest\"><\/i><\/a> <a class=\"socials-item\" target=\"_blank\" href=\"https:\/\/www.tumblr.com\/widgets\/share\/tool?canonicalUrl=https%3A%2F%2Fwww.blanescostabrava.cat%2Ffr%2Fpf%2Fle-convent%2F\" title=\"Tumblr\"><i class=\"socials-item-icon tumblr\"><\/i><\/a> <a class=\"socials-item\" target=\"_blank\" href=\"https:\/\/www.linkedin.com\/shareArticle?mini=true&#038;url=https%3A%2F%2Fwww.blanescostabrava.cat%2Ffr%2Fpf%2Fle-convent%2F&#038;title=Le+Convent&amp;summary=Ce+b%C3%A2timent+est+situ%C3%A9+dans+un+cadre+idyllique%2C+la+Punta+de+Santa+Anna%2C+pr%C3%A8s+de+la+mer.+Le+Convent+de+Blanes+a+%C3%A9t%C3%A9+construit+en+1583+et+il+a+%C3%A9t%C3%A9+consid%C3%A9r%C3%A9+comme+un+endroit+privil%C3%A9gi%C3%A9+et+unique+sur+la+Costa+Brava.\" title=\"LinkedIn\"><i class=\"socials-item-icon linkedin\"><\/i><\/a> <a class=\"socials-item\" target=\"_blank\" href=\"https:\/\/www.reddit.com\/submit?url=https%3A%2F%2Fwww.blanescostabrava.cat%2Ffr%2Fpf%2Fle-convent%2F&#038;title=Le+Convent\" title=\"Reddit\"><i class=\"socials-item-icon reddit\"><\/i><\/a> <\/div> <\/div> <\/div> <div class=\"caption\"> <div class=\"title title-h4\"> Le Convent <\/span> <\/div> <div class=\"description\"> <div class=\"subtitle\"><p>Ce b\u00e2timent est situ\u00e9 dans un cadre idyllique, la Punta de Santa Anna, pr\u00e8s de la mer. Le Convent de Blanes a \u00e9t\u00e9 construit en 1583 et il a \u00e9t\u00e9 consid\u00e9r\u00e9 comme un endroit privil\u00e9gi\u00e9 et unique sur la Costa Brava.<\/p>\n<\/div> <\/div> <\/div> <\/div> <\/div> <\/div> <\/div> <\/div> <\/div> <div class=\"portfolio-item itineraires item-animations-not-inited post-35793 thegem_pf_item type-thegem_pf_item status-publish has-post-thumbnail\" style=\"padding: 21px;\" data-default-sort=\"0\" data-sort-date=\"1527149270\"> <div class=\"wrap clearfix\" style=\"border-bottom-color: \"> <div class=\"image post-35793 thegem_pf_item type-thegem_pf_item status-publish has-post-thumbnail\"> <div class=\"image-inner\"> <picture> <img src=\"https:\/\/www.blanescostabrava.cat\/wp-content\/uploads\/2018\/03\/28-thegem-portfolio-justified.jpg\" width=\"844\" height=\"620\" class=\"attachment-thegem-portfolio-justified\" alt=\"Itin\u00e9raire des Ermitages\" \/> <\/picture> <\/div> <div class=\"overlay\"> <div class=\"overlay-circle\"><\/div> <div class=\"links-wrapper\"> <div class=\"links\"> <div class=\"portfolio-icons\"> <a href=\"https:\/\/www.blanescostabrava.cat\/fr\/pf\/itineraire-des-ermitages\/\" target=\"_self\" class=\"icon self-link \"><\/a> <a href=\"javascript: void(0);\" class=\"icon share\"><\/a> <div class=\"overlay-line\"><\/div> <div class=\"portfolio-sharing-pane\"> <div class=\"socials-sharing socials socials-colored-hover\"> <a class=\"socials-item\" target=\"_blank\" href=\"https:\/\/www.facebook.com\/sharer\/sharer.php?u=https%3A%2F%2Fwww.blanescostabrava.cat%2Ffr%2Fpf%2Fitineraire-des-ermitages%2F\" title=\"Facebook\"><i class=\"socials-item-icon facebook\"><\/i><\/a> <a class=\"socials-item\" target=\"_blank\" href=\"https:\/\/twitter.com\/intent\/tweet?text=Itin%C3%A9raire+des+Ermitages&#038;url=https%3A%2F%2Fwww.blanescostabrava.cat%2Ffr%2Fpf%2Fitineraire-des-ermitages%2F\" title=\"Twitter\"><i class=\"socials-item-icon twitter\"><\/i><\/a> <a class=\"socials-item\" target=\"_blank\" href=\"https:\/\/pinterest.com\/pin\/create\/button\/?url=https%3A%2F%2Fwww.blanescostabrava.cat%2Ffr%2Fpf%2Fitineraire-des-ermitages%2F&#038;description=Itin%C3%A9raire+des+Ermitages&#038;media=https%3A%2F%2Fwww.blanescostabrava.cat%2Fwp-content%2Fuploads%2F2018%2F03%2F28-thegem-blog-timeline-large.jpg\" title=\"Pinterest\"><i class=\"socials-item-icon pinterest\"><\/i><\/a> <a class=\"socials-item\" target=\"_blank\" href=\"https:\/\/www.tumblr.com\/widgets\/share\/tool?canonicalUrl=https%3A%2F%2Fwww.blanescostabrava.cat%2Ffr%2Fpf%2Fitineraire-des-ermitages%2F\" title=\"Tumblr\"><i class=\"socials-item-icon tumblr\"><\/i><\/a> <a class=\"socials-item\" target=\"_blank\" href=\"https:\/\/www.linkedin.com\/shareArticle?mini=true&#038;url=https%3A%2F%2Fwww.blanescostabrava.cat%2Ffr%2Fpf%2Fitineraire-des-ermitages%2F&#038;title=Itin%C3%A9raire+des+Ermitages&amp;summary=%5Bvc_row+full_width%3D%C2%A0%C2%BBstretch_row%C2%A0%C2%BB+css%3D%C2%A0%C2%BB.vc_custom_1521930350844%7Bbackground-image%3A+url%28https%3A%2F%2Fwww.blanescostabrava.cat%2Fwp-content%2Fuploads%2F2018%2F03%2F28.jpg%3Fid%3D32576%29+%21important%3B%7D%C2%A0%C2%BB+el_class%3D%C2%A0%C2%BBcabecera-pagina-interna+cabecera-ficha%C2%A0%C2%BB%5D%5Bvc_column%5D%5Bvc_column_text%5D+Itin%C3%A9raire+des+Ermitages+%5B%2Fvc_column_text%5D%5B%2Fvc_column%5D%5B%2Fvc_row%5D%5Bvc_row%5D%5Bvc_column+width%3D%C2%A0%C2%BB2%2F3%26Prime%3B%5D%5Bvc_column_text+el_class%3D%C2%A0%C2%BBtextos-ficha-interna%C2%A0%C2%BB%5DEn+dehors+de+leur+valeur+monumentale%2C+les+Ermitages...\" title=\"LinkedIn\"><i class=\"socials-item-icon linkedin\"><\/i><\/a> <a class=\"socials-item\" target=\"_blank\" href=\"https:\/\/www.reddit.com\/submit?url=https%3A%2F%2Fwww.blanescostabrava.cat%2Ffr%2Fpf%2Fitineraire-des-ermitages%2F&#038;title=Itin%C3%A9raire+des+Ermitages\" title=\"Reddit\"><i class=\"socials-item-icon reddit\"><\/i><\/a> <\/div> <\/div> <\/div> <div class=\"caption\"> <div class=\"title title-h4\"> Itin\u00e9raire des Ermitages <\/span> <\/div> <div class=\"description\"> <\/div> <\/div> <\/div> <\/div> <\/div> <\/div> <\/div> <\/div> <div class=\"portfolio-item itineraires item-animations-not-inited post-35794 thegem_pf_item type-thegem_pf_item status-publish has-post-thumbnail\" style=\"padding: 21px;\" data-default-sort=\"0\" data-sort-date=\"1527149271\"> <div class=\"wrap clearfix\" style=\"border-bottom-color: \"> <div class=\"image post-35794 thegem_pf_item type-thegem_pf_item status-publish has-post-thumbnail\"> <div class=\"image-inner\"> <picture> <img src=\"https:\/\/www.blanescostabrava.cat\/wp-content\/uploads\/2018\/03\/13-thegem-portfolio-justified.jpg\" width=\"844\" height=\"620\" class=\"attachment-thegem-portfolio-justified\" alt=\"Itin\u00e9raire des Vicomtes de Cabrera\" \/> <\/picture> <\/div> <div class=\"overlay\"> <div class=\"overlay-circle\"><\/div> <div class=\"links-wrapper\"> <div class=\"links\"> <div class=\"portfolio-icons\"> <a href=\"https:\/\/www.blanescostabrava.cat\/fr\/pf\/itineraire-des-vicomtes-de-cabrera\/\" target=\"_self\" class=\"icon self-link \"><\/a> <a href=\"javascript: void(0);\" class=\"icon share\"><\/a> <div class=\"overlay-line\"><\/div> <div class=\"portfolio-sharing-pane\"> <div class=\"socials-sharing socials socials-colored-hover\"> <a class=\"socials-item\" target=\"_blank\" href=\"https:\/\/www.facebook.com\/sharer\/sharer.php?u=https%3A%2F%2Fwww.blanescostabrava.cat%2Ffr%2Fpf%2Fitineraire-des-vicomtes-de-cabrera%2F\" title=\"Facebook\"><i class=\"socials-item-icon facebook\"><\/i><\/a> <a class=\"socials-item\" target=\"_blank\" href=\"https:\/\/twitter.com\/intent\/tweet?text=Itin%C3%A9raire+des+Vicomtes+de+Cabrera&#038;url=https%3A%2F%2Fwww.blanescostabrava.cat%2Ffr%2Fpf%2Fitineraire-des-vicomtes-de-cabrera%2F\" title=\"Twitter\"><i class=\"socials-item-icon twitter\"><\/i><\/a> <a class=\"socials-item\" target=\"_blank\" href=\"https:\/\/pinterest.com\/pin\/create\/button\/?url=https%3A%2F%2Fwww.blanescostabrava.cat%2Ffr%2Fpf%2Fitineraire-des-vicomtes-de-cabrera%2F&#038;description=Itin%C3%A9raire+des+Vicomtes+de+Cabrera&#038;media=https%3A%2F%2Fwww.blanescostabrava.cat%2Fwp-content%2Fuploads%2F2018%2F03%2F13-thegem-blog-timeline-large.jpg\" title=\"Pinterest\"><i class=\"socials-item-icon pinterest\"><\/i><\/a> <a class=\"socials-item\" target=\"_blank\" href=\"https:\/\/www.tumblr.com\/widgets\/share\/tool?canonicalUrl=https%3A%2F%2Fwww.blanescostabrava.cat%2Ffr%2Fpf%2Fitineraire-des-vicomtes-de-cabrera%2F\" title=\"Tumblr\"><i class=\"socials-item-icon tumblr\"><\/i><\/a> <a class=\"socials-item\" target=\"_blank\" href=\"https:\/\/www.linkedin.com\/shareArticle?mini=true&#038;url=https%3A%2F%2Fwww.blanescostabrava.cat%2Ffr%2Fpf%2Fitineraire-des-vicomtes-de-cabrera%2F&#038;title=Itin%C3%A9raire+des+Vicomtes+de+Cabrera&amp;summary=%5Bvc_row+full_width%3D%C2%A0%C2%BBstretch_row%C2%A0%C2%BB+css%3D%C2%A0%C2%BB.vc_custom_1521930408216%7Bbackground-image%3A+url%28https%3A%2F%2Fwww.blanescostabrava.cat%2Fwp-content%2Fuploads%2F2018%2F03%2F13.jpg%3Fid%3D32561%29+%21important%3B%7D%C2%A0%C2%BB+el_class%3D%C2%A0%C2%BBcabecera-pagina-interna+cabecera-ficha%C2%A0%C2%BB%5D%5Bvc_column%5D%5Bvc_column_text%5D+Itin%C3%A9raire+des+Vicomtes+de+Cabrera+%5B%2Fvc_column_text%5D%5B%2Fvc_column%5D%5B%2Fvc_row%5D%5Bvc_row%5D%5Bvc_column+width%3D%C2%A0%C2%BB2%2F3%26Prime%3B%5D%5Bvc_column_text+el_class%3D%C2%A0%C2%BBtextos-ficha-interna%C2%A0%C2%BB%5DL%26rsquo%3Bhistoire+de+Blanes+est+li%C3%A9e+aux...\" title=\"LinkedIn\"><i class=\"socials-item-icon linkedin\"><\/i><\/a> <a class=\"socials-item\" target=\"_blank\" href=\"https:\/\/www.reddit.com\/submit?url=https%3A%2F%2Fwww.blanescostabrava.cat%2Ffr%2Fpf%2Fitineraire-des-vicomtes-de-cabrera%2F&#038;title=Itin%C3%A9raire+des+Vicomtes+de+Cabrera\" title=\"Reddit\"><i class=\"socials-item-icon reddit\"><\/i><\/a> <\/div> <\/div> <\/div> <div class=\"caption\"> <div class=\"title title-h4\"> Itin\u00e9raire des Vicomtes de Cabrera <\/span> <\/div> <div class=\"description\"> <\/div> <\/div> <\/div> <\/div> <\/div> <\/div> <\/div> <\/div> <div class=\"portfolio-item itineraires item-animations-not-inited post-35795 thegem_pf_item type-thegem_pf_item status-publish has-post-thumbnail\" style=\"padding: 21px;\" data-default-sort=\"0\" data-sort-date=\"1527149273\"> <div class=\"wrap clearfix\" style=\"border-bottom-color: \"> <div class=\"image post-35795 thegem_pf_item type-thegem_pf_item status-publish has-post-thumbnail\"> <div class=\"image-inner\"> <picture> <img src=\"https:\/\/www.blanescostabrava.cat\/wp-content\/uploads\/2018\/03\/8-thegem-portfolio-justified.jpg\" width=\"844\" height=\"620\" class=\"attachment-thegem-portfolio-justified\" alt=\"L&rsquo;h\u00e9ritage des am\u00e9ricains dans la ville de Blanes\" \/> <\/picture> <\/div> <div class=\"overlay\"> <div class=\"overlay-circle\"><\/div> <div class=\"links-wrapper\"> <div class=\"links\"> <div class=\"portfolio-icons\"> <a href=\"https:\/\/www.blanescostabrava.cat\/fr\/pf\/lheritage-des-americains-dans-la-ville-de-blanes\/\" target=\"_self\" class=\"icon self-link \"><\/a> <a href=\"javascript: void(0);\" class=\"icon share\"><\/a> <div class=\"overlay-line\"><\/div> <div class=\"portfolio-sharing-pane\"> <div class=\"socials-sharing socials socials-colored-hover\"> <a class=\"socials-item\" target=\"_blank\" href=\"https:\/\/www.facebook.com\/sharer\/sharer.php?u=https%3A%2F%2Fwww.blanescostabrava.cat%2Ffr%2Fpf%2Flheritage-des-americains-dans-la-ville-de-blanes%2F\" title=\"Facebook\"><i class=\"socials-item-icon facebook\"><\/i><\/a> <a class=\"socials-item\" target=\"_blank\" href=\"https:\/\/twitter.com\/intent\/tweet?text=L%26rsquo%3Bh%C3%A9ritage+des+am%C3%A9ricains+dans+la+ville+de+Blanes&#038;url=https%3A%2F%2Fwww.blanescostabrava.cat%2Ffr%2Fpf%2Flheritage-des-americains-dans-la-ville-de-blanes%2F\" title=\"Twitter\"><i class=\"socials-item-icon twitter\"><\/i><\/a> <a class=\"socials-item\" target=\"_blank\" href=\"https:\/\/pinterest.com\/pin\/create\/button\/?url=https%3A%2F%2Fwww.blanescostabrava.cat%2Ffr%2Fpf%2Flheritage-des-americains-dans-la-ville-de-blanes%2F&#038;description=L%26rsquo%3Bh%C3%A9ritage+des+am%C3%A9ricains+dans+la+ville+de+Blanes&#038;media=https%3A%2F%2Fwww.blanescostabrava.cat%2Fwp-content%2Fuploads%2F2018%2F03%2F8-thegem-blog-timeline-large.jpg\" title=\"Pinterest\"><i class=\"socials-item-icon pinterest\"><\/i><\/a> <a class=\"socials-item\" target=\"_blank\" href=\"https:\/\/www.tumblr.com\/widgets\/share\/tool?canonicalUrl=https%3A%2F%2Fwww.blanescostabrava.cat%2Ffr%2Fpf%2Flheritage-des-americains-dans-la-ville-de-blanes%2F\" title=\"Tumblr\"><i class=\"socials-item-icon tumblr\"><\/i><\/a> <a class=\"socials-item\" target=\"_blank\" href=\"https:\/\/www.linkedin.com\/shareArticle?mini=true&#038;url=https%3A%2F%2Fwww.blanescostabrava.cat%2Ffr%2Fpf%2Flheritage-des-americains-dans-la-ville-de-blanes%2F&#038;title=L%26rsquo%3Bh%C3%A9ritage+des+am%C3%A9ricains+dans+la+ville+de+Blanes&amp;summary=%5Bvc_row+full_width%3D%C2%A0%C2%BBstretch_row%C2%A0%C2%BB+css%3D%C2%A0%C2%BB.vc_custom_1521930461427%7Bbackground-image%3A+url%28https%3A%2F%2Fwww.blanescostabrava.cat%2Fwp-content%2Fuploads%2F2018%2F03%2F8.jpg%3Fid%3D32556%29+%21important%3B%7D%C2%A0%C2%BB+el_class%3D%C2%A0%C2%BBcabecera-pagina-interna+cabecera-ficha%C2%A0%C2%BB%5D%5Bvc_column%5D%5Bvc_column_text%5D+L%26rsquo%3Bh%C3%A9ritage+des+am%C3%A9ricains+dans+la+ville+de+Blanes+%5B%2Fvc_column_text%5D%5B%2Fvc_column%5D%5B%2Fvc_row%5D%5Bvc_row%5D%5Bvc_column%5D%5Bvc_column_text+css%3D%C2%A0%C2%BB%C2%A0%C2%BB+el_class%3D%C2%A0%C2%BBtextos-ficha-interna%C2%A0%C2%BB%5D+Les+Indianos...\" title=\"LinkedIn\"><i class=\"socials-item-icon linkedin\"><\/i><\/a> <a class=\"socials-item\" target=\"_blank\" href=\"https:\/\/www.reddit.com\/submit?url=https%3A%2F%2Fwww.blanescostabrava.cat%2Ffr%2Fpf%2Flheritage-des-americains-dans-la-ville-de-blanes%2F&#038;title=L%26rsquo%3Bh%C3%A9ritage+des+am%C3%A9ricains+dans+la+ville+de+Blanes\" title=\"Reddit\"><i class=\"socials-item-icon reddit\"><\/i><\/a> <\/div> <\/div> <\/div> <div class=\"caption\"> <div class=\"title title-h4\"> L&rsquo;h\u00e9ritage des am\u00e9ricains dans la ville de Blanes <\/span> <\/div> <div class=\"description\"> <\/div> <\/div> <\/div> <\/div> <\/div> <\/div> <\/div> <\/div> <div class=\"portfolio-item itineraires item-animations-not-inited post-35796 thegem_pf_item type-thegem_pf_item status-publish has-post-thumbnail\" style=\"padding: 21px;\" data-default-sort=\"0\" data-sort-date=\"1527149274\"> <div class=\"wrap clearfix\" style=\"border-bottom-color: \"> <div class=\"image post-35796 thegem_pf_item type-thegem_pf_item status-publish has-post-thumbnail\"> <div class=\"image-inner\"> <picture> <img src=\"https:\/\/www.blanescostabrava.cat\/wp-content\/uploads\/2018\/03\/21-thegem-portfolio-justified.jpg\" width=\"844\" height=\"620\" class=\"attachment-thegem-portfolio-justified\" alt=\"Itin\u00e9raire litt\u00e9raire\" \/> <\/picture> <\/div> <div class=\"overlay\"> <div class=\"overlay-circle\"><\/div> <div class=\"links-wrapper\"> <div class=\"links\"> <div class=\"portfolio-icons\"> <a href=\"https:\/\/www.blanescostabrava.cat\/fr\/pf\/itineraire-litteraire\/\" target=\"_self\" class=\"icon self-link \"><\/a> <a href=\"javascript: void(0);\" class=\"icon share\"><\/a> <div class=\"overlay-line\"><\/div> <div class=\"portfolio-sharing-pane\"> <div class=\"socials-sharing socials socials-colored-hover\"> <a class=\"socials-item\" target=\"_blank\" href=\"https:\/\/www.facebook.com\/sharer\/sharer.php?u=https%3A%2F%2Fwww.blanescostabrava.cat%2Ffr%2Fpf%2Fitineraire-litteraire%2F\" title=\"Facebook\"><i class=\"socials-item-icon facebook\"><\/i><\/a> <a class=\"socials-item\" target=\"_blank\" href=\"https:\/\/twitter.com\/intent\/tweet?text=Itin%C3%A9raire+litt%C3%A9raire&#038;url=https%3A%2F%2Fwww.blanescostabrava.cat%2Ffr%2Fpf%2Fitineraire-litteraire%2F\" title=\"Twitter\"><i class=\"socials-item-icon twitter\"><\/i><\/a> <a class=\"socials-item\" target=\"_blank\" href=\"https:\/\/pinterest.com\/pin\/create\/button\/?url=https%3A%2F%2Fwww.blanescostabrava.cat%2Ffr%2Fpf%2Fitineraire-litteraire%2F&#038;description=Itin%C3%A9raire+litt%C3%A9raire&#038;media=https%3A%2F%2Fwww.blanescostabrava.cat%2Fwp-content%2Fuploads%2F2018%2F03%2F21-thegem-blog-timeline-large.jpg\" title=\"Pinterest\"><i class=\"socials-item-icon pinterest\"><\/i><\/a> <a class=\"socials-item\" target=\"_blank\" href=\"https:\/\/www.tumblr.com\/widgets\/share\/tool?canonicalUrl=https%3A%2F%2Fwww.blanescostabrava.cat%2Ffr%2Fpf%2Fitineraire-litteraire%2F\" title=\"Tumblr\"><i class=\"socials-item-icon tumblr\"><\/i><\/a> <a class=\"socials-item\" target=\"_blank\" href=\"https:\/\/www.linkedin.com\/shareArticle?mini=true&#038;url=https%3A%2F%2Fwww.blanescostabrava.cat%2Ffr%2Fpf%2Fitineraire-litteraire%2F&#038;title=Itin%C3%A9raire+litt%C3%A9raire&amp;summary=%5Bvc_row+full_width%3D%C2%A0%C2%BBstretch_row%C2%A0%C2%BB+css%3D%C2%A0%C2%BB.vc_custom_1521930535981%7Bbackground-image%3A+url%28https%3A%2F%2Fwww.blanescostabrava.cat%2Fwp-content%2Fuploads%2F2018%2F03%2F21.jpg%3Fid%3D32569%29+%21important%3B%7D%C2%A0%C2%BB+el_class%3D%C2%A0%C2%BBcabecera-pagina-interna+cabecera-ficha%C2%A0%C2%BB%5D%5Bvc_column%5D%5Bvc_column_text%5D+Itin%C3%A9raire+litt%C3%A9raire+%5B%2Fvc_column_text%5D%5B%2Fvc_column%5D%5B%2Fvc_row%5D%5Bvc_row%5D%5Bvc_column%5D%5Bvc_column_text+el_class%3D%C2%A0%C2%BBtextos-ficha-interna%C2%A0%C2%BB%5DSeules+quelques+villes+peuvent+s%26rsquo%3Benorgueillir+d%26rsquo%3B%C3%AAtre+des+sources+d%26rsquo%3Binspiration+pour...\" title=\"LinkedIn\"><i class=\"socials-item-icon linkedin\"><\/i><\/a> <a class=\"socials-item\" target=\"_blank\" href=\"https:\/\/www.reddit.com\/submit?url=https%3A%2F%2Fwww.blanescostabrava.cat%2Ffr%2Fpf%2Fitineraire-litteraire%2F&#038;title=Itin%C3%A9raire+litt%C3%A9raire\" title=\"Reddit\"><i class=\"socials-item-icon reddit\"><\/i><\/a> <\/div> <\/div> <\/div> <div class=\"caption\"> <div class=\"title title-h4\"> Itin\u00e9raire litt\u00e9raire <\/span> <\/div> <div class=\"description\"> <\/div> <\/div> <\/div> <\/div> <\/div> <\/div> <\/div> <\/div> <div class=\"portfolio-item itineraires item-animations-not-inited post-35797 thegem_pf_item type-thegem_pf_item status-publish has-post-thumbnail\" style=\"padding: 21px;\" data-default-sort=\"0\" data-sort-date=\"1527149276\"> <div class=\"wrap clearfix\" style=\"border-bottom-color: \"> <div class=\"image post-35797 thegem_pf_item type-thegem_pf_item status-publish has-post-thumbnail\"> <div class=\"image-inner\"> <picture> <img src=\"https:\/\/www.blanescostabrava.cat\/wp-content\/uploads\/2018\/03\/bolano-1.jpg\" width=\"433\" height=\"430\" class=\"attachment-thegem-portfolio-justified\" alt=\"L&rsquo;itin\u00e9raire Bola\u00f1o\" \/> <\/picture> <\/div> <div class=\"overlay\"> <div class=\"overlay-circle\"><\/div> <div class=\"links-wrapper\"> <div class=\"links\"> <div class=\"portfolio-icons\"> <a href=\"https:\/\/www.blanescostabrava.cat\/fr\/pf\/litineraire-bolano\/\" target=\"_self\" class=\"icon self-link \"><\/a> <a href=\"javascript: void(0);\" class=\"icon share\"><\/a> <div class=\"overlay-line\"><\/div> <div class=\"portfolio-sharing-pane\"> <div class=\"socials-sharing socials socials-colored-hover\"> <a class=\"socials-item\" target=\"_blank\" href=\"https:\/\/www.facebook.com\/sharer\/sharer.php?u=https%3A%2F%2Fwww.blanescostabrava.cat%2Ffr%2Fpf%2Flitineraire-bolano%2F\" title=\"Facebook\"><i class=\"socials-item-icon facebook\"><\/i><\/a> <a class=\"socials-item\" target=\"_blank\" href=\"https:\/\/twitter.com\/intent\/tweet?text=L%26rsquo%3Bitin%C3%A9raire+Bola%C3%B1o&#038;url=https%3A%2F%2Fwww.blanescostabrava.cat%2Ffr%2Fpf%2Flitineraire-bolano%2F\" title=\"Twitter\"><i class=\"socials-item-icon twitter\"><\/i><\/a> <a class=\"socials-item\" target=\"_blank\" href=\"https:\/\/pinterest.com\/pin\/create\/button\/?url=https%3A%2F%2Fwww.blanescostabrava.cat%2Ffr%2Fpf%2Flitineraire-bolano%2F&#038;description=L%26rsquo%3Bitin%C3%A9raire+Bola%C3%B1o&#038;media=https%3A%2F%2Fwww.blanescostabrava.cat%2Fwp-content%2Fuploads%2F2018%2F03%2Fbolano-1.jpg\" title=\"Pinterest\"><i class=\"socials-item-icon pinterest\"><\/i><\/a> <a class=\"socials-item\" target=\"_blank\" href=\"https:\/\/www.tumblr.com\/widgets\/share\/tool?canonicalUrl=https%3A%2F%2Fwww.blanescostabrava.cat%2Ffr%2Fpf%2Flitineraire-bolano%2F\" title=\"Tumblr\"><i class=\"socials-item-icon tumblr\"><\/i><\/a> <a class=\"socials-item\" target=\"_blank\" href=\"https:\/\/www.linkedin.com\/shareArticle?mini=true&#038;url=https%3A%2F%2Fwww.blanescostabrava.cat%2Ffr%2Fpf%2Flitineraire-bolano%2F&#038;title=L%26rsquo%3Bitin%C3%A9raire+Bola%C3%B1o&amp;summary=%5Bvc_row+full_width%3D%C2%A0%C2%BBstretch_row%C2%A0%C2%BB+css%3D%C2%A0%C2%BB.vc_custom_1521930590203%7Bbackground-image%3A+url%28https%3A%2F%2Fwww.blanescostabrava.cat%2Fwp-content%2Fuploads%2F2018%2F03%2F33.jpg%3Fid%3D32581%29+%21important%3B%7D%C2%A0%C2%BB+el_class%3D%C2%A0%C2%BBcabecera-pagina-interna+cabecera-ficha%C2%A0%C2%BB%5D%5Bvc_column%5D%5Bvc_column_text%5D+L%26rsquo%3Bitin%C3%A9raire+Bola%C3%B1o+%5B%2Fvc_column_text%5D%5B%2Fvc_column%5D%5B%2Fvc_row%5D%5Bvc_row%5D%5Bvc_column+width%3D%C2%A0%C2%BB2%2F3%26Prime%3B%5D%5Bvc_column_text+el_class%3D%C2%A0%C2%BBtextos-ficha-interna%C2%A0%C2%BB%5DLe+parcours+de+Bola%C3%B1o+%C3%A0+Blanes+vous+permettra+de...\" title=\"LinkedIn\"><i class=\"socials-item-icon linkedin\"><\/i><\/a> <a class=\"socials-item\" target=\"_blank\" href=\"https:\/\/www.reddit.com\/submit?url=https%3A%2F%2Fwww.blanescostabrava.cat%2Ffr%2Fpf%2Flitineraire-bolano%2F&#038;title=L%26rsquo%3Bitin%C3%A9raire+Bola%C3%B1o\" title=\"Reddit\"><i class=\"socials-item-icon reddit\"><\/i><\/a> <\/div> <\/div> <\/div> <div class=\"caption\"> <div class=\"title title-h4\"> L&rsquo;itin\u00e9raire Bola\u00f1o <\/span> <\/div> <div class=\"description\"> <\/div> <\/div> <\/div> <\/div> <\/div> <\/div> <\/div> <\/div> <div class=\"portfolio-item evenements-populaires item-animations-not-inited post-35798 thegem_pf_item type-thegem_pf_item status-publish has-post-thumbnail\" style=\"padding: 21px;\" data-default-sort=\"0\" data-sort-date=\"1527149278\"> <div class=\"wrap clearfix\" style=\"border-bottom-color: \"> <div class=\"image post-35798 thegem_pf_item type-thegem_pf_item status-publish has-post-thumbnail\"> <div class=\"image-inner\"> <picture> <img src=\"https:\/\/www.blanescostabrava.cat\/wp-content\/uploads\/2018\/03\/19-thegem-portfolio-justified.jpg\" width=\"844\" height=\"620\" class=\"attachment-thegem-portfolio-justified\" alt=\"Concours International de Feux d&rsquo;Artifice de la Costa Brava\" \/> <\/picture> <\/div> <div class=\"overlay\"> <div class=\"overlay-circle\"><\/div> <div class=\"links-wrapper\"> <div class=\"links\"> <div class=\"portfolio-icons\"> <a href=\"https:\/\/www.blanescostabrava.cat\/fr\/pf\/concours-international-de-feux-dartifice-de-la-costa-brava\/\" target=\"_self\" class=\"icon self-link \"><\/a> <a href=\"javascript: void(0);\" class=\"icon share\"><\/a> <div class=\"overlay-line\"><\/div> <div class=\"portfolio-sharing-pane\"> <div class=\"socials-sharing socials socials-colored-hover\"> <a class=\"socials-item\" target=\"_blank\" href=\"https:\/\/www.facebook.com\/sharer\/sharer.php?u=https%3A%2F%2Fwww.blanescostabrava.cat%2Ffr%2Fpf%2Fconcours-international-de-feux-dartifice-de-la-costa-brava%2F\" title=\"Facebook\"><i class=\"socials-item-icon facebook\"><\/i><\/a> <a class=\"socials-item\" target=\"_blank\" href=\"https:\/\/twitter.com\/intent\/tweet?text=Concours+International+de+Feux+d%26rsquo%3BArtifice+de+la+Costa+Brava&#038;url=https%3A%2F%2Fwww.blanescostabrava.cat%2Ffr%2Fpf%2Fconcours-international-de-feux-dartifice-de-la-costa-brava%2F\" title=\"Twitter\"><i class=\"socials-item-icon twitter\"><\/i><\/a> <a class=\"socials-item\" target=\"_blank\" href=\"https:\/\/pinterest.com\/pin\/create\/button\/?url=https%3A%2F%2Fwww.blanescostabrava.cat%2Ffr%2Fpf%2Fconcours-international-de-feux-dartifice-de-la-costa-brava%2F&#038;description=Concours+International+de+Feux+d%26rsquo%3BArtifice+de+la+Costa+Brava&#038;media=https%3A%2F%2Fwww.blanescostabrava.cat%2Fwp-content%2Fuploads%2F2018%2F03%2F19-thegem-blog-timeline-large.jpg\" title=\"Pinterest\"><i class=\"socials-item-icon pinterest\"><\/i><\/a> <a class=\"socials-item\" target=\"_blank\" href=\"https:\/\/www.tumblr.com\/widgets\/share\/tool?canonicalUrl=https%3A%2F%2Fwww.blanescostabrava.cat%2Ffr%2Fpf%2Fconcours-international-de-feux-dartifice-de-la-costa-brava%2F\" title=\"Tumblr\"><i class=\"socials-item-icon tumblr\"><\/i><\/a> <a class=\"socials-item\" target=\"_blank\" href=\"https:\/\/www.linkedin.com\/shareArticle?mini=true&#038;url=https%3A%2F%2Fwww.blanescostabrava.cat%2Ffr%2Fpf%2Fconcours-international-de-feux-dartifice-de-la-costa-brava%2F&#038;title=Concours+International+de+Feux+d%26rsquo%3BArtifice+de+la+Costa+Brava&amp;summary=Apr%C3%A8s+pr%C3%A8s+d%27un+si%C3%A8cle+de+tradition+pyrotechnique%2C+c%27est+un+des+%C3%A9v%C3%A9nements+les+plus+%C3%A9mouvants+et+originaux+de+Blanes.+Il+s%27agit+d%27un+festival+de+lumi%C3%A8res+et+de+feux+d%27artifice+organis%C3%A9+chaque+ann%C3%A9e+au+mois+de+juillet.+Il+attire+des+milliers+de+spectateurs+sur+nos+plages.\" title=\"LinkedIn\"><i class=\"socials-item-icon linkedin\"><\/i><\/a> <a class=\"socials-item\" target=\"_blank\" href=\"https:\/\/www.reddit.com\/submit?url=https%3A%2F%2Fwww.blanescostabrava.cat%2Ffr%2Fpf%2Fconcours-international-de-feux-dartifice-de-la-costa-brava%2F&#038;title=Concours+International+de+Feux+d%26rsquo%3BArtifice+de+la+Costa+Brava\" title=\"Reddit\"><i class=\"socials-item-icon reddit\"><\/i><\/a> <\/div> <\/div> <\/div> <div class=\"caption\"> <div class=\"title title-h4\"> Concours International de Feux d&rsquo;Artifice de la Costa Brava <\/span> <\/div> <div class=\"description\"> <div class=\"subtitle\"><p>Apr\u00e8s pr\u00e8s d&rsquo;un si\u00e8cle de tradition pyrotechnique, c&rsquo;est un des \u00e9v\u00e9nements les plus \u00e9mouvants et originaux de Blanes. Il s&rsquo;agit d&rsquo;un festival de lumi\u00e8res et de feux d&rsquo;artifice organis\u00e9 chaque ann\u00e9e au mois de juillet. Il attire des milliers de spectateurs sur nos plages.<\/p>\n<\/div> <\/div> <\/div> <\/div> <\/div> <\/div> <\/div> <\/div> <\/div> <div class=\"portfolio-item evenements-populaires item-animations-not-inited post-35799 thegem_pf_item type-thegem_pf_item status-publish has-post-thumbnail\" style=\"padding: 21px;\" data-default-sort=\"0\" data-sort-date=\"1527149279\"> <div class=\"wrap clearfix\" style=\"border-bottom-color: \"> <div class=\"image post-35799 thegem_pf_item type-thegem_pf_item status-publish has-post-thumbnail\"> <div class=\"image-inner\"> <picture> <img src=\"https:\/\/www.blanescostabrava.cat\/wp-content\/uploads\/2018\/03\/FIESTA-01.jpg\" width=\"607\" height=\"687\" class=\"attachment-thegem-portfolio-justified\" alt=\"Carnaval\" \/> <\/picture> <\/div> <div class=\"overlay\"> <div class=\"overlay-circle\"><\/div> <div class=\"links-wrapper\"> <div class=\"links\"> <div class=\"portfolio-icons\"> <a href=\"https:\/\/www.blanescostabrava.cat\/fr\/pf\/carnaval\/\" target=\"_self\" class=\"icon self-link \"><\/a> <a href=\"javascript: void(0);\" class=\"icon share\"><\/a> <div class=\"overlay-line\"><\/div> <div class=\"portfolio-sharing-pane\"> <div class=\"socials-sharing socials socials-colored-hover\"> <a class=\"socials-item\" target=\"_blank\" href=\"https:\/\/www.facebook.com\/sharer\/sharer.php?u=https%3A%2F%2Fwww.blanescostabrava.cat%2Ffr%2Fpf%2Fcarnaval%2F\" title=\"Facebook\"><i class=\"socials-item-icon facebook\"><\/i><\/a> <a class=\"socials-item\" target=\"_blank\" href=\"https:\/\/twitter.com\/intent\/tweet?text=Carnaval&#038;url=https%3A%2F%2Fwww.blanescostabrava.cat%2Ffr%2Fpf%2Fcarnaval%2F\" title=\"Twitter\"><i class=\"socials-item-icon twitter\"><\/i><\/a> <a class=\"socials-item\" target=\"_blank\" href=\"https:\/\/pinterest.com\/pin\/create\/button\/?url=https%3A%2F%2Fwww.blanescostabrava.cat%2Ffr%2Fpf%2Fcarnaval%2F&#038;description=Carnaval&#038;media=https%3A%2F%2Fwww.blanescostabrava.cat%2Fwp-content%2Fuploads%2F2018%2F03%2FFIESTA-01.jpg\" title=\"Pinterest\"><i class=\"socials-item-icon pinterest\"><\/i><\/a> <a class=\"socials-item\" target=\"_blank\" href=\"https:\/\/www.tumblr.com\/widgets\/share\/tool?canonicalUrl=https%3A%2F%2Fwww.blanescostabrava.cat%2Ffr%2Fpf%2Fcarnaval%2F\" title=\"Tumblr\"><i class=\"socials-item-icon tumblr\"><\/i><\/a> <a class=\"socials-item\" target=\"_blank\" href=\"https:\/\/www.linkedin.com\/shareArticle?mini=true&#038;url=https%3A%2F%2Fwww.blanescostabrava.cat%2Ffr%2Fpf%2Fcarnaval%2F&#038;title=Carnaval&amp;summary=Le+Carnaval+est+un+%C3%A9v%C3%A9nement+pour+s%27amuser+avec+la+famille+et+les+amis.+Nous+proposons+diff%C3%A9rentes+activit%C3%A9s+pour+profiter+du+Carnaval+d%27une+autre+mani%C3%A8re.+Elles+sont+r%C3%A9parties+dans+toute+la+ville+pour+faciliter+la+participation+de+tout+le+monde.\" title=\"LinkedIn\"><i class=\"socials-item-icon linkedin\"><\/i><\/a> <a class=\"socials-item\" target=\"_blank\" href=\"https:\/\/www.reddit.com\/submit?url=https%3A%2F%2Fwww.blanescostabrava.cat%2Ffr%2Fpf%2Fcarnaval%2F&#038;title=Carnaval\" title=\"Reddit\"><i class=\"socials-item-icon reddit\"><\/i><\/a> <\/div> <\/div> <\/div> <div class=\"caption\"> <div class=\"title title-h4\"> Carnaval <\/span> <\/div> <div class=\"description\"> <div class=\"subtitle\"><p>Le Carnaval est un \u00e9v\u00e9nement pour s&rsquo;amuser avec la famille et les amis. Nous proposons diff\u00e9rentes activit\u00e9s pour profiter du Carnaval d&rsquo;une autre mani\u00e8re. Elles sont r\u00e9parties dans toute la ville pour faciliter la participation de tout le monde.<\/p>\n<\/div> <\/div> <\/div> <\/div> <\/div> <\/div> <\/div> <\/div> <\/div> <div class=\"portfolio-item evenements-populaires item-animations-not-inited post-35800 thegem_pf_item type-thegem_pf_item status-publish has-post-thumbnail\" style=\"padding: 21px;\" data-default-sort=\"0\" data-sort-date=\"1527149281\"> <div class=\"wrap clearfix\" style=\"border-bottom-color: \"> <div class=\"image post-35800 thegem_pf_item type-thegem_pf_item status-publish has-post-thumbnail\"> <div class=\"image-inner\"> <picture> <img src=\"https:\/\/www.blanescostabrava.cat\/wp-content\/uploads\/2018\/03\/FIESTA-02.jpg\" width=\"607\" height=\"687\" class=\"attachment-thegem-portfolio-justified\" alt=\"Tapis de fleurs du Corpus\" \/> <\/picture> <\/div> <div class=\"overlay\"> <div class=\"overlay-circle\"><\/div> <div class=\"links-wrapper\"> <div class=\"links\"> <div class=\"portfolio-icons\"> <a href=\"https:\/\/www.blanescostabrava.cat\/fr\/pf\/tapis-de-fleurs-du-corpus\/\" target=\"_self\" class=\"icon self-link \"><\/a> <a href=\"javascript: void(0);\" class=\"icon share\"><\/a> <div class=\"overlay-line\"><\/div> <div class=\"portfolio-sharing-pane\"> <div class=\"socials-sharing socials socials-colored-hover\"> <a class=\"socials-item\" target=\"_blank\" href=\"https:\/\/www.facebook.com\/sharer\/sharer.php?u=https%3A%2F%2Fwww.blanescostabrava.cat%2Ffr%2Fpf%2Ftapis-de-fleurs-du-corpus%2F\" title=\"Facebook\"><i class=\"socials-item-icon facebook\"><\/i><\/a> <a class=\"socials-item\" target=\"_blank\" href=\"https:\/\/twitter.com\/intent\/tweet?text=Tapis+de+fleurs+du+Corpus&#038;url=https%3A%2F%2Fwww.blanescostabrava.cat%2Ffr%2Fpf%2Ftapis-de-fleurs-du-corpus%2F\" title=\"Twitter\"><i class=\"socials-item-icon twitter\"><\/i><\/a> <a class=\"socials-item\" target=\"_blank\" href=\"https:\/\/pinterest.com\/pin\/create\/button\/?url=https%3A%2F%2Fwww.blanescostabrava.cat%2Ffr%2Fpf%2Ftapis-de-fleurs-du-corpus%2F&#038;description=Tapis+de+fleurs+du+Corpus&#038;media=https%3A%2F%2Fwww.blanescostabrava.cat%2Fwp-content%2Fuploads%2F2018%2F03%2FFIESTA-02.jpg\" title=\"Pinterest\"><i class=\"socials-item-icon pinterest\"><\/i><\/a> <a class=\"socials-item\" target=\"_blank\" href=\"https:\/\/www.tumblr.com\/widgets\/share\/tool?canonicalUrl=https%3A%2F%2Fwww.blanescostabrava.cat%2Ffr%2Fpf%2Ftapis-de-fleurs-du-corpus%2F\" title=\"Tumblr\"><i class=\"socials-item-icon tumblr\"><\/i><\/a> <a class=\"socials-item\" target=\"_blank\" href=\"https:\/\/www.linkedin.com\/shareArticle?mini=true&#038;url=https%3A%2F%2Fwww.blanescostabrava.cat%2Ffr%2Fpf%2Ftapis-de-fleurs-du-corpus%2F&#038;title=Tapis+de+fleurs+du+Corpus&amp;summary=Blanes+c%C3%A9l%C3%A8bre+activement+cette+f%C3%AAte+quand+le+printemps+est+d%C3%A9j%C3%A0+install%C3%A9.+Venez+voir+comment+les+voisins+%C3%A9laborent+des+tapis+de+fleurs+avec+les+motifs+et+le+blason+de+la+ville+dans+nos+jardins...\" title=\"LinkedIn\"><i class=\"socials-item-icon linkedin\"><\/i><\/a> <a class=\"socials-item\" target=\"_blank\" href=\"https:\/\/www.reddit.com\/submit?url=https%3A%2F%2Fwww.blanescostabrava.cat%2Ffr%2Fpf%2Ftapis-de-fleurs-du-corpus%2F&#038;title=Tapis+de+fleurs+du+Corpus\" title=\"Reddit\"><i class=\"socials-item-icon reddit\"><\/i><\/a> <\/div> <\/div> <\/div> <div class=\"caption\"> <div class=\"title title-h4\"> Tapis de fleurs du Corpus <\/span> <\/div> <div class=\"description\"> <div class=\"subtitle\"><p>Blanes c\u00e9l\u00e8bre activement cette f\u00eate quand le printemps est d\u00e9j\u00e0 install\u00e9. Venez voir comment les voisins \u00e9laborent des tapis de fleurs avec les motifs et le blason de la ville dans nos jardins&#8230;<\/p>\n<\/div> <\/div> <\/div> <\/div> <\/div> <\/div> <\/div> <\/div> <\/div> <div class=\"portfolio-item evenements-populaires item-animations-not-inited post-35801 thegem_pf_item type-thegem_pf_item status-publish has-post-thumbnail\" style=\"padding: 21px;\" data-default-sort=\"0\" data-sort-date=\"1527149282\"> <div class=\"wrap clearfix\" style=\"border-bottom-color: \"> <div class=\"image post-35801 thegem_pf_item type-thegem_pf_item status-publish has-post-thumbnail\"> <div class=\"image-inner\"> <picture> <img src=\"https:\/\/www.blanescostabrava.cat\/wp-content\/uploads\/2018\/03\/FIESTA-03.jpg\" width=\"607\" height=\"687\" class=\"attachment-thegem-portfolio-justified\" alt=\"F\u00eate des Co-patrons\" \/> <\/picture> <\/div> <div class=\"overlay\"> <div class=\"overlay-circle\"><\/div> <div class=\"links-wrapper\"> <div class=\"links\"> <div class=\"portfolio-icons\"> <a href=\"https:\/\/www.blanescostabrava.cat\/fr\/pf\/fete-des-co-patrons\/\" target=\"_self\" class=\"icon self-link \"><\/a> <a href=\"javascript: void(0);\" class=\"icon share\"><\/a> <div class=\"overlay-line\"><\/div> <div class=\"portfolio-sharing-pane\"> <div class=\"socials-sharing socials socials-colored-hover\"> <a class=\"socials-item\" target=\"_blank\" href=\"https:\/\/www.facebook.com\/sharer\/sharer.php?u=https%3A%2F%2Fwww.blanescostabrava.cat%2Ffr%2Fpf%2Ffete-des-co-patrons%2F\" title=\"Facebook\"><i class=\"socials-item-icon facebook\"><\/i><\/a> <a class=\"socials-item\" target=\"_blank\" href=\"https:\/\/twitter.com\/intent\/tweet?text=F%C3%AAte+des+Co-patrons&#038;url=https%3A%2F%2Fwww.blanescostabrava.cat%2Ffr%2Fpf%2Ffete-des-co-patrons%2F\" title=\"Twitter\"><i class=\"socials-item-icon twitter\"><\/i><\/a> <a class=\"socials-item\" target=\"_blank\" href=\"https:\/\/pinterest.com\/pin\/create\/button\/?url=https%3A%2F%2Fwww.blanescostabrava.cat%2Ffr%2Fpf%2Ffete-des-co-patrons%2F&#038;description=F%C3%AAte+des+Co-patrons&#038;media=https%3A%2F%2Fwww.blanescostabrava.cat%2Fwp-content%2Fuploads%2F2018%2F03%2FFIESTA-03.jpg\" title=\"Pinterest\"><i class=\"socials-item-icon pinterest\"><\/i><\/a> <a class=\"socials-item\" target=\"_blank\" href=\"https:\/\/www.tumblr.com\/widgets\/share\/tool?canonicalUrl=https%3A%2F%2Fwww.blanescostabrava.cat%2Ffr%2Fpf%2Ffete-des-co-patrons%2F\" title=\"Tumblr\"><i class=\"socials-item-icon tumblr\"><\/i><\/a> <a class=\"socials-item\" target=\"_blank\" href=\"https:\/\/www.linkedin.com\/shareArticle?mini=true&#038;url=https%3A%2F%2Fwww.blanescostabrava.cat%2Ffr%2Fpf%2Ffete-des-co-patrons%2F&#038;title=F%C3%AAte+des+Co-patrons&amp;summary=Il+s%27agit+de+la+petite+s%C5%93ur+de+la+Festa+Major+mais+tout+aussi+importante+pour+tous.\" title=\"LinkedIn\"><i class=\"socials-item-icon linkedin\"><\/i><\/a> <a class=\"socials-item\" target=\"_blank\" href=\"https:\/\/www.reddit.com\/submit?url=https%3A%2F%2Fwww.blanescostabrava.cat%2Ffr%2Fpf%2Ffete-des-co-patrons%2F&#038;title=F%C3%AAte+des+Co-patrons\" title=\"Reddit\"><i class=\"socials-item-icon reddit\"><\/i><\/a> <\/div> <\/div> <\/div> <div class=\"caption\"> <div class=\"title title-h4\"> F\u00eate des Co-patrons <\/span> <\/div> <div class=\"description\"> <div class=\"subtitle\"><p>Il s&rsquo;agit de la petite s\u0153ur de la Festa Major mais tout aussi importante pour tous.<\/p>\n<\/div> <\/div> <\/div> <\/div> <\/div> <\/div> <\/div> <\/div> <\/div> <div class=\"portfolio-item evenements-populaires item-animations-not-inited post-35802 thegem_pf_item type-thegem_pf_item status-publish has-post-thumbnail\" style=\"padding: 21px;\" data-default-sort=\"0\" data-sort-date=\"1527149283\"> <div class=\"wrap clearfix\" style=\"border-bottom-color: \"> <div class=\"image post-35802 thegem_pf_item type-thegem_pf_item status-publish has-post-thumbnail\"> <div class=\"image-inner\"> <picture> <img src=\"https:\/\/www.blanescostabrava.cat\/wp-content\/uploads\/2018\/03\/FIESTA-04.jpg\" width=\"607\" height=\"687\" class=\"attachment-thegem-portfolio-justified\" alt=\"Festa Major\" \/> <\/picture> <\/div> <div class=\"overlay\"> <div class=\"overlay-circle\"><\/div> <div class=\"links-wrapper\"> <div class=\"links\"> <div class=\"portfolio-icons\"> <a href=\"https:\/\/www.blanescostabrava.cat\/fr\/pf\/festa-major\/\" target=\"_self\" class=\"icon self-link \"><\/a> <a href=\"javascript: void(0);\" class=\"icon share\"><\/a> <div class=\"overlay-line\"><\/div> <div class=\"portfolio-sharing-pane\"> <div class=\"socials-sharing socials socials-colored-hover\"> <a class=\"socials-item\" target=\"_blank\" href=\"https:\/\/www.facebook.com\/sharer\/sharer.php?u=https%3A%2F%2Fwww.blanescostabrava.cat%2Ffr%2Fpf%2Ffesta-major%2F\" title=\"Facebook\"><i class=\"socials-item-icon facebook\"><\/i><\/a> <a class=\"socials-item\" target=\"_blank\" href=\"https:\/\/twitter.com\/intent\/tweet?text=Festa+Major&#038;url=https%3A%2F%2Fwww.blanescostabrava.cat%2Ffr%2Fpf%2Ffesta-major%2F\" title=\"Twitter\"><i class=\"socials-item-icon twitter\"><\/i><\/a> <a class=\"socials-item\" target=\"_blank\" href=\"https:\/\/pinterest.com\/pin\/create\/button\/?url=https%3A%2F%2Fwww.blanescostabrava.cat%2Ffr%2Fpf%2Ffesta-major%2F&#038;description=Festa+Major&#038;media=https%3A%2F%2Fwww.blanescostabrava.cat%2Fwp-content%2Fuploads%2F2018%2F03%2FFIESTA-04.jpg\" title=\"Pinterest\"><i class=\"socials-item-icon pinterest\"><\/i><\/a> <a class=\"socials-item\" target=\"_blank\" href=\"https:\/\/www.tumblr.com\/widgets\/share\/tool?canonicalUrl=https%3A%2F%2Fwww.blanescostabrava.cat%2Ffr%2Fpf%2Ffesta-major%2F\" title=\"Tumblr\"><i class=\"socials-item-icon tumblr\"><\/i><\/a> <a class=\"socials-item\" target=\"_blank\" href=\"https:\/\/www.linkedin.com\/shareArticle?mini=true&#038;url=https%3A%2F%2Fwww.blanescostabrava.cat%2Ffr%2Fpf%2Ffesta-major%2F&#038;title=Festa+Major&amp;summary=%C3%80+la+fin+du+mois+de+juillet%2C+Blanes+c%C3%A9l%C3%A8bre+une+f%C3%AAte+en+l%27honneur+de+la+patronne+de+la+ville%2C+Santa+Anna.+\" title=\"LinkedIn\"><i class=\"socials-item-icon linkedin\"><\/i><\/a> <a class=\"socials-item\" target=\"_blank\" href=\"https:\/\/www.reddit.com\/submit?url=https%3A%2F%2Fwww.blanescostabrava.cat%2Ffr%2Fpf%2Ffesta-major%2F&#038;title=Festa+Major\" title=\"Reddit\"><i class=\"socials-item-icon reddit\"><\/i><\/a> <\/div> <\/div> <\/div> <div class=\"caption\"> <div class=\"title title-h4\"> Festa Major <\/span> <\/div> <div class=\"description\"> <div class=\"subtitle\"><p>\u00c0 la fin du mois de juillet, Blanes c\u00e9l\u00e8bre une f\u00eate en l&rsquo;honneur de la patronne de la ville, Santa Anna. <\/p>\n<\/div> <\/div> <\/div> <\/div> <\/div> <\/div> <\/div> <\/div> <\/div> <div class=\"portfolio-item evenements-populaires item-animations-not-inited post-35803 thegem_pf_item type-thegem_pf_item status-publish has-post-thumbnail\" style=\"padding: 21px;\" data-default-sort=\"0\" data-sort-date=\"1527149284\"> <div class=\"wrap clearfix\" style=\"border-bottom-color: \"> <div class=\"image post-35803 thegem_pf_item type-thegem_pf_item status-publish has-post-thumbnail\"> <div class=\"image-inner\"> <picture> <img src=\"https:\/\/www.blanescostabrava.cat\/wp-content\/uploads\/2018\/03\/FIESTA-05.jpg\" width=\"607\" height=\"687\" class=\"attachment-thegem-portfolio-justified\" alt=\"Semaine sainte\" \/> <\/picture> <\/div> <div class=\"overlay\"> <div class=\"overlay-circle\"><\/div> <div class=\"links-wrapper\"> <div class=\"links\"> <div class=\"portfolio-icons\"> <a href=\"https:\/\/www.blanescostabrava.cat\/fr\/pf\/semaine-sainte\/\" target=\"_self\" class=\"icon self-link \"><\/a> <a href=\"javascript: void(0);\" class=\"icon share\"><\/a> <div class=\"overlay-line\"><\/div> <div class=\"portfolio-sharing-pane\"> <div class=\"socials-sharing socials socials-colored-hover\"> <a class=\"socials-item\" target=\"_blank\" href=\"https:\/\/www.facebook.com\/sharer\/sharer.php?u=https%3A%2F%2Fwww.blanescostabrava.cat%2Ffr%2Fpf%2Fsemaine-sainte%2F\" title=\"Facebook\"><i class=\"socials-item-icon facebook\"><\/i><\/a> <a class=\"socials-item\" target=\"_blank\" href=\"https:\/\/twitter.com\/intent\/tweet?text=Semaine+sainte&#038;url=https%3A%2F%2Fwww.blanescostabrava.cat%2Ffr%2Fpf%2Fsemaine-sainte%2F\" title=\"Twitter\"><i class=\"socials-item-icon twitter\"><\/i><\/a> <a class=\"socials-item\" target=\"_blank\" href=\"https:\/\/pinterest.com\/pin\/create\/button\/?url=https%3A%2F%2Fwww.blanescostabrava.cat%2Ffr%2Fpf%2Fsemaine-sainte%2F&#038;description=Semaine+sainte&#038;media=https%3A%2F%2Fwww.blanescostabrava.cat%2Fwp-content%2Fuploads%2F2018%2F03%2FFIESTA-05.jpg\" title=\"Pinterest\"><i class=\"socials-item-icon pinterest\"><\/i><\/a> <a class=\"socials-item\" target=\"_blank\" href=\"https:\/\/www.tumblr.com\/widgets\/share\/tool?canonicalUrl=https%3A%2F%2Fwww.blanescostabrava.cat%2Ffr%2Fpf%2Fsemaine-sainte%2F\" title=\"Tumblr\"><i class=\"socials-item-icon tumblr\"><\/i><\/a> <a class=\"socials-item\" target=\"_blank\" href=\"https:\/\/www.linkedin.com\/shareArticle?mini=true&#038;url=https%3A%2F%2Fwww.blanescostabrava.cat%2Ffr%2Fpf%2Fsemaine-sainte%2F&#038;title=Semaine+sainte&amp;summary=On+c%C3%A9l%C3%A8bre+encore+la+Semaine+Sainte+%C3%A0+Blanes.+La+procession+la+plus+connue+est+sans+doute+celle+qui%2C+le+dimanche+de+P%C3%A2ques%2C+se+tient+%C3%A0+la+ville.+C%27est+la+procession+de+l%27%C3%80ngel.+Deux+confr%C3%A9ries+font+une+procession+silencieuse+depuis+l%27%C3%A9glise+de+Santa+Maria+pour+se+rendre+%C3%A0+la+place+Dies+Feiners%2C+o%C3%B9+le+Cant+de+l%27%C3%80ngel+%28le+chant+de+l%27ange%29+est+interpr%C3%A9t%C3%A9.+\" title=\"LinkedIn\"><i class=\"socials-item-icon linkedin\"><\/i><\/a> <a class=\"socials-item\" target=\"_blank\" href=\"https:\/\/www.reddit.com\/submit?url=https%3A%2F%2Fwww.blanescostabrava.cat%2Ffr%2Fpf%2Fsemaine-sainte%2F&#038;title=Semaine+sainte\" title=\"Reddit\"><i class=\"socials-item-icon reddit\"><\/i><\/a> <\/div> <\/div> <\/div> <div class=\"caption\"> <div class=\"title title-h4\"> Semaine sainte <\/span> <\/div> <div class=\"description\"> <div class=\"subtitle\"><p>On c\u00e9l\u00e8bre encore la Semaine Sainte \u00e0 Blanes. La procession la plus connue est sans doute celle qui, le dimanche de P\u00e2ques, se tient \u00e0 la ville. C&rsquo;est la procession de l&rsquo;\u00c0ngel. Deux confr\u00e9ries font une procession silencieuse depuis l&rsquo;\u00e9glise de Santa Maria pour se rendre \u00e0 la place Dies Feiners, o\u00f9 le Cant de l&rsquo;\u00c0ngel (le chant de l&rsquo;ange) est interpr\u00e9t\u00e9. <\/p>\n<\/div> <\/div> <\/div> <\/div> <\/div> <\/div> <\/div> <\/div> <\/div> <div class=\"portfolio-item evenements-populaires item-animations-not-inited post-35804 thegem_pf_item type-thegem_pf_item status-publish has-post-thumbnail\" style=\"padding: 21px;\" data-default-sort=\"0\" data-sort-date=\"1527149285\"> <div class=\"wrap clearfix\" style=\"border-bottom-color: \"> <div class=\"image post-35804 thegem_pf_item type-thegem_pf_item status-publish has-post-thumbnail\"> <div class=\"image-inner\"> <picture> <img src=\"https:\/\/www.blanescostabrava.cat\/wp-content\/uploads\/2018\/03\/FIESTA-06.jpg\" width=\"607\" height=\"687\" class=\"attachment-thegem-portfolio-justified\" alt=\"No\u00ebl\" \/> <\/picture> <\/div> <div class=\"overlay\"> <div class=\"overlay-circle\"><\/div> <div class=\"links-wrapper\"> <div class=\"links\"> <div class=\"portfolio-icons\"> <a href=\"https:\/\/www.blanescostabrava.cat\/fr\/pf\/noel\/\" target=\"_self\" class=\"icon self-link \"><\/a> <a href=\"javascript: void(0);\" class=\"icon share\"><\/a> <div class=\"overlay-line\"><\/div> <div class=\"portfolio-sharing-pane\"> <div class=\"socials-sharing socials socials-colored-hover\"> <a class=\"socials-item\" target=\"_blank\" href=\"https:\/\/www.facebook.com\/sharer\/sharer.php?u=https%3A%2F%2Fwww.blanescostabrava.cat%2Ffr%2Fpf%2Fnoel%2F\" title=\"Facebook\"><i class=\"socials-item-icon facebook\"><\/i><\/a> <a class=\"socials-item\" target=\"_blank\" href=\"https:\/\/twitter.com\/intent\/tweet?text=No%C3%ABl&#038;url=https%3A%2F%2Fwww.blanescostabrava.cat%2Ffr%2Fpf%2Fnoel%2F\" title=\"Twitter\"><i class=\"socials-item-icon twitter\"><\/i><\/a> <a class=\"socials-item\" target=\"_blank\" href=\"https:\/\/pinterest.com\/pin\/create\/button\/?url=https%3A%2F%2Fwww.blanescostabrava.cat%2Ffr%2Fpf%2Fnoel%2F&#038;description=No%C3%ABl&#038;media=https%3A%2F%2Fwww.blanescostabrava.cat%2Fwp-content%2Fuploads%2F2018%2F03%2FFIESTA-06.jpg\" title=\"Pinterest\"><i class=\"socials-item-icon pinterest\"><\/i><\/a> <a class=\"socials-item\" target=\"_blank\" href=\"https:\/\/www.tumblr.com\/widgets\/share\/tool?canonicalUrl=https%3A%2F%2Fwww.blanescostabrava.cat%2Ffr%2Fpf%2Fnoel%2F\" title=\"Tumblr\"><i class=\"socials-item-icon tumblr\"><\/i><\/a> <a class=\"socials-item\" target=\"_blank\" href=\"https:\/\/www.linkedin.com\/shareArticle?mini=true&#038;url=https%3A%2F%2Fwww.blanescostabrava.cat%2Ffr%2Fpf%2Fnoel%2F&#038;title=No%C3%ABl&amp;summary=Vous+pouvez+profiter+intens%C3%A9ment+de+la+magie+de+No%C3%ABl+dans+la+ville+de+Blanes.+C%27est+le+moment+parfait+pour+une+visite+car+la+ville+change+de+visage+gr%C3%A2ce+aux+illuminations+de+No%C3%ABl%2C+aux+d%C3%A9corations+dans+les+rues%2C+aux+foires%2C+aux+cr%C3%A8ches...\" title=\"LinkedIn\"><i class=\"socials-item-icon linkedin\"><\/i><\/a> <a class=\"socials-item\" target=\"_blank\" href=\"https:\/\/www.reddit.com\/submit?url=https%3A%2F%2Fwww.blanescostabrava.cat%2Ffr%2Fpf%2Fnoel%2F&#038;title=No%C3%ABl\" title=\"Reddit\"><i class=\"socials-item-icon reddit\"><\/i><\/a> <\/div> <\/div> <\/div> <div class=\"caption\"> <div class=\"title title-h4\"> No\u00ebl <\/span> <\/div> <div class=\"description\"> <div class=\"subtitle\"><p>Vous pouvez profiter intens\u00e9ment de la magie de No\u00ebl dans la ville de Blanes. C&rsquo;est le moment parfait pour une visite car la ville change de visage gr\u00e2ce aux illuminations de No\u00ebl, aux d\u00e9corations dans les rues, aux foires, aux cr\u00e8ches&#8230;<\/p>\n<\/div> <\/div> <\/div> <\/div> <\/div> <\/div> <\/div> <\/div> <\/div> <div class=\"portfolio-item evenements-populaires item-animations-not-inited post-35805 thegem_pf_item type-thegem_pf_item status-publish has-post-thumbnail\" style=\"padding: 21px;\" data-default-sort=\"0\" data-sort-date=\"1527149286\"> <div class=\"wrap clearfix\" style=\"border-bottom-color: \"> <div class=\"image post-35805 thegem_pf_item type-thegem_pf_item status-publish has-post-thumbnail\"> <div class=\"image-inner\"> <picture> <img src=\"https:\/\/www.blanescostabrava.cat\/wp-content\/uploads\/2018\/03\/FIESTA-07.jpg\" width=\"607\" height=\"687\" class=\"attachment-thegem-portfolio-justified\" alt=\"D\u00e9fil\u00e9 des Rois Mages\" \/> <\/picture> <\/div> <div class=\"overlay\"> <div class=\"overlay-circle\"><\/div> <div class=\"links-wrapper\"> <div class=\"links\"> <div class=\"portfolio-icons\"> <a href=\"https:\/\/www.blanescostabrava.cat\/fr\/pf\/defile-des-rois-mages\/\" target=\"_self\" class=\"icon self-link \"><\/a> <a href=\"javascript: void(0);\" class=\"icon share\"><\/a> <div class=\"overlay-line\"><\/div> <div class=\"portfolio-sharing-pane\"> <div class=\"socials-sharing socials socials-colored-hover\"> <a class=\"socials-item\" target=\"_blank\" href=\"https:\/\/www.facebook.com\/sharer\/sharer.php?u=https%3A%2F%2Fwww.blanescostabrava.cat%2Ffr%2Fpf%2Fdefile-des-rois-mages%2F\" title=\"Facebook\"><i class=\"socials-item-icon facebook\"><\/i><\/a> <a class=\"socials-item\" target=\"_blank\" href=\"https:\/\/twitter.com\/intent\/tweet?text=D%C3%A9fil%C3%A9+des+Rois+Mages&#038;url=https%3A%2F%2Fwww.blanescostabrava.cat%2Ffr%2Fpf%2Fdefile-des-rois-mages%2F\" title=\"Twitter\"><i class=\"socials-item-icon twitter\"><\/i><\/a> <a class=\"socials-item\" target=\"_blank\" href=\"https:\/\/pinterest.com\/pin\/create\/button\/?url=https%3A%2F%2Fwww.blanescostabrava.cat%2Ffr%2Fpf%2Fdefile-des-rois-mages%2F&#038;description=D%C3%A9fil%C3%A9+des+Rois+Mages&#038;media=https%3A%2F%2Fwww.blanescostabrava.cat%2Fwp-content%2Fuploads%2F2018%2F03%2FFIESTA-07.jpg\" title=\"Pinterest\"><i class=\"socials-item-icon pinterest\"><\/i><\/a> <a class=\"socials-item\" target=\"_blank\" href=\"https:\/\/www.tumblr.com\/widgets\/share\/tool?canonicalUrl=https%3A%2F%2Fwww.blanescostabrava.cat%2Ffr%2Fpf%2Fdefile-des-rois-mages%2F\" title=\"Tumblr\"><i class=\"socials-item-icon tumblr\"><\/i><\/a> <a class=\"socials-item\" target=\"_blank\" href=\"https:\/\/www.linkedin.com\/shareArticle?mini=true&#038;url=https%3A%2F%2Fwww.blanescostabrava.cat%2Ffr%2Fpf%2Fdefile-des-rois-mages%2F&#038;title=D%C3%A9fil%C3%A9+des+Rois+Mages&amp;summary=D%27o%C3%B9+est-ce+que+les+Rois+Mages+viennent%3F+%C3%80+Blanes%2C+les+cadeaux+arrivent+par+la+mer+M%C3%A9diterran%C3%A9e.+Le+d%C3%A9fil%C3%A9+commence+avec+l%27entr%C3%A9e+des+Rois+Mages+par+la+mer.+Les+enfants+les+attendent+avec+impatience+et+en+ouvrant+grands+les+yeux+%C3%A0+leur+l%E2%80%99arriv%C3%A9e.+Les+gens+qui+ont+choisi+notre+ville+se+laissent+emporter+par+la+magie+de+cette+c%C3%A9l%C3%A9bration.\" title=\"LinkedIn\"><i class=\"socials-item-icon linkedin\"><\/i><\/a> <a class=\"socials-item\" target=\"_blank\" href=\"https:\/\/www.reddit.com\/submit?url=https%3A%2F%2Fwww.blanescostabrava.cat%2Ffr%2Fpf%2Fdefile-des-rois-mages%2F&#038;title=D%C3%A9fil%C3%A9+des+Rois+Mages\" title=\"Reddit\"><i class=\"socials-item-icon reddit\"><\/i><\/a> <\/div> <\/div> <\/div> <div class=\"caption\"> <div class=\"title title-h4\"> D\u00e9fil\u00e9 des Rois Mages <\/span> <\/div> <div class=\"description\"> <div class=\"subtitle\"><p>D&rsquo;o\u00f9 est-ce que les Rois Mages viennent? \u00c0 Blanes, les cadeaux arrivent par la mer M\u00e9diterran\u00e9e. Le d\u00e9fil\u00e9 commence avec l&rsquo;entr\u00e9e des Rois Mages par la mer. Les enfants les attendent avec impatience et en ouvrant grands les yeux \u00e0 leur l\u2019arriv\u00e9e. Les gens qui ont choisi notre ville se laissent emporter par la magie de cette c\u00e9l\u00e9bration.<\/p>\n<\/div> <\/div> <\/div> <\/div> <\/div> <\/div> <\/div> <\/div> <\/div> <div class=\"portfolio-item plages-et-criques item-animations-not-inited post-35806 thegem_pf_item type-thegem_pf_item status-publish has-post-thumbnail\" style=\"padding: 21px;\" data-default-sort=\"0\" data-sort-date=\"1527149288\"> <div class=\"wrap clearfix\" style=\"border-bottom-color: \"> <div class=\"image post-35806 thegem_pf_item type-thegem_pf_item status-publish has-post-thumbnail\"> <div class=\"image-inner\"> <picture> <img src=\"https:\/\/www.blanescostabrava.cat\/wp-content\/uploads\/2018\/03\/3-thegem-portfolio-justified.jpg\" width=\"844\" height=\"620\" class=\"attachment-thegem-portfolio-justified\" alt=\"Cala Sant Francesc\/ Cala Bona\" \/> <\/picture> <\/div> <div class=\"overlay\"> <div class=\"overlay-circle\"><\/div> <div class=\"links-wrapper\"> <div class=\"links\"> <div class=\"portfolio-icons\"> <a href=\"https:\/\/www.blanescostabrava.cat\/fr\/pf\/cala-sant-francesc-cala-bona\/\" target=\"_self\" class=\"icon self-link \"><\/a> <a href=\"javascript: void(0);\" class=\"icon share\"><\/a> <div class=\"overlay-line\"><\/div> <div class=\"portfolio-sharing-pane\"> <div class=\"socials-sharing socials socials-colored-hover\"> <a class=\"socials-item\" target=\"_blank\" href=\"https:\/\/www.facebook.com\/sharer\/sharer.php?u=https%3A%2F%2Fwww.blanescostabrava.cat%2Ffr%2Fpf%2Fcala-sant-francesc-cala-bona%2F\" title=\"Facebook\"><i class=\"socials-item-icon facebook\"><\/i><\/a> <a class=\"socials-item\" target=\"_blank\" href=\"https:\/\/twitter.com\/intent\/tweet?text=Cala+Sant+Francesc%2F+Cala+Bona&#038;url=https%3A%2F%2Fwww.blanescostabrava.cat%2Ffr%2Fpf%2Fcala-sant-francesc-cala-bona%2F\" title=\"Twitter\"><i class=\"socials-item-icon twitter\"><\/i><\/a> <a class=\"socials-item\" target=\"_blank\" href=\"https:\/\/pinterest.com\/pin\/create\/button\/?url=https%3A%2F%2Fwww.blanescostabrava.cat%2Ffr%2Fpf%2Fcala-sant-francesc-cala-bona%2F&#038;description=Cala+Sant+Francesc%2F+Cala+Bona&#038;media=https%3A%2F%2Fwww.blanescostabrava.cat%2Fwp-content%2Fuploads%2F2018%2F03%2F3-thegem-blog-timeline-large.jpg\" title=\"Pinterest\"><i class=\"socials-item-icon pinterest\"><\/i><\/a> <a class=\"socials-item\" target=\"_blank\" href=\"https:\/\/www.tumblr.com\/widgets\/share\/tool?canonicalUrl=https%3A%2F%2Fwww.blanescostabrava.cat%2Ffr%2Fpf%2Fcala-sant-francesc-cala-bona%2F\" title=\"Tumblr\"><i class=\"socials-item-icon tumblr\"><\/i><\/a> <a class=\"socials-item\" target=\"_blank\" href=\"https:\/\/www.linkedin.com\/shareArticle?mini=true&#038;url=https%3A%2F%2Fwww.blanescostabrava.cat%2Ffr%2Fpf%2Fcala-sant-francesc-cala-bona%2F&#038;title=Cala+Sant+Francesc%2F+Cala+Bona&amp;summary=%5Bvc_row+full_width%3D%C2%A0%C2%BBstretch_row%C2%A0%C2%BB+css%3D%C2%A0%C2%BB.vc_custom_1521931087644%7Bbackground-image%3A+url%28https%3A%2F%2Fwww.blanescostabrava.cat%2Fwp-content%2Fuploads%2F2018%2F03%2F3.jpg%3Fid%3D32552%29+%21important%3B%7D%C2%A0%C2%BB+el_class%3D%C2%A0%C2%BBcabecera-pagina-interna+cabecera-ficha%C2%A0%C2%BB%5D%5Bvc_column%5D%5Bvc_column_text%5D+Cala+Sant+Francesc+%2F+Cala+Bona+%5B%2Fvc_column_text%5D%5B%2Fvc_column%5D%5B%2Fvc_row%5D%5Bvc_row%5D%5Bvc_column%5D%5Bvc_column_text+el_class%3D%C2%A0%C2%BBtextos-ficha-interna%C2%A0%C2%BB%5DOn+la+conna%C3%AEt+aussi+sous+le...\" title=\"LinkedIn\"><i class=\"socials-item-icon linkedin\"><\/i><\/a> <a class=\"socials-item\" target=\"_blank\" href=\"https:\/\/www.reddit.com\/submit?url=https%3A%2F%2Fwww.blanescostabrava.cat%2Ffr%2Fpf%2Fcala-sant-francesc-cala-bona%2F&#038;title=Cala+Sant+Francesc%2F+Cala+Bona\" title=\"Reddit\"><i class=\"socials-item-icon reddit\"><\/i><\/a> <\/div> <\/div> <\/div> <div class=\"caption\"> <div class=\"title title-h4\"> Cala Sant Francesc\/ Cala Bona <\/span> <\/div> <div class=\"description\"> <\/div> <\/div> <\/div> <\/div> <\/div> <\/div> <\/div> <\/div> <div class=\"portfolio-item plages-et-criques item-animations-not-inited post-35807 thegem_pf_item type-thegem_pf_item status-publish has-post-thumbnail\" style=\"padding: 21px;\" data-default-sort=\"0\" data-sort-date=\"1527149289\"> <div class=\"wrap clearfix\" style=\"border-bottom-color: \"> <div class=\"image post-35807 thegem_pf_item type-thegem_pf_item status-publish has-post-thumbnail\"> <div class=\"image-inner\"> <picture> <img src=\"https:\/\/www.blanescostabrava.cat\/wp-content\/uploads\/2018\/03\/24-thegem-portfolio-justified.jpg\" width=\"844\" height=\"620\" class=\"attachment-thegem-portfolio-justified\" alt=\"Cala Treumal\" \/> <\/picture> <\/div> <div class=\"overlay\"> <div class=\"overlay-circle\"><\/div> <div class=\"links-wrapper\"> <div class=\"links\"> <div class=\"portfolio-icons\"> <a href=\"https:\/\/www.blanescostabrava.cat\/fr\/pf\/cala-treumal\/\" target=\"_self\" class=\"icon self-link \"><\/a> <a href=\"javascript: void(0);\" class=\"icon share\"><\/a> <div class=\"overlay-line\"><\/div> <div class=\"portfolio-sharing-pane\"> <div class=\"socials-sharing socials socials-colored-hover\"> <a class=\"socials-item\" target=\"_blank\" href=\"https:\/\/www.facebook.com\/sharer\/sharer.php?u=https%3A%2F%2Fwww.blanescostabrava.cat%2Ffr%2Fpf%2Fcala-treumal%2F\" title=\"Facebook\"><i class=\"socials-item-icon facebook\"><\/i><\/a> <a class=\"socials-item\" target=\"_blank\" href=\"https:\/\/twitter.com\/intent\/tweet?text=Cala+Treumal&#038;url=https%3A%2F%2Fwww.blanescostabrava.cat%2Ffr%2Fpf%2Fcala-treumal%2F\" title=\"Twitter\"><i class=\"socials-item-icon twitter\"><\/i><\/a> <a class=\"socials-item\" target=\"_blank\" href=\"https:\/\/pinterest.com\/pin\/create\/button\/?url=https%3A%2F%2Fwww.blanescostabrava.cat%2Ffr%2Fpf%2Fcala-treumal%2F&#038;description=Cala+Treumal&#038;media=https%3A%2F%2Fwww.blanescostabrava.cat%2Fwp-content%2Fuploads%2F2018%2F03%2F24-thegem-blog-timeline-large.jpg\" title=\"Pinterest\"><i class=\"socials-item-icon pinterest\"><\/i><\/a> <a class=\"socials-item\" target=\"_blank\" href=\"https:\/\/www.tumblr.com\/widgets\/share\/tool?canonicalUrl=https%3A%2F%2Fwww.blanescostabrava.cat%2Ffr%2Fpf%2Fcala-treumal%2F\" title=\"Tumblr\"><i class=\"socials-item-icon tumblr\"><\/i><\/a> <a class=\"socials-item\" target=\"_blank\" href=\"https:\/\/www.linkedin.com\/shareArticle?mini=true&#038;url=https%3A%2F%2Fwww.blanescostabrava.cat%2Ffr%2Fpf%2Fcala-treumal%2F&#038;title=Cala+Treumal&amp;summary=%5Bvc_row+full_width%3D%C2%A0%C2%BBstretch_row%C2%A0%C2%BB+css%3D%C2%A0%C2%BB.vc_custom_1521931181730%7Bbackground-image%3A+url%28https%3A%2F%2Fwww.blanescostabrava.cat%2Fwp-content%2Fuploads%2F2018%2F03%2F24.jpg%3Fid%3D32572%29+%21important%3B%7D%C2%A0%C2%BB+el_class%3D%C2%A0%C2%BBcabecera-pagina-interna+cabecera-ficha%C2%A0%C2%BB%5D%5Bvc_column%5D%5Bvc_column_text%5D+Cala+Treumal+%5B%2Fvc_column_text%5D%5B%2Fvc_column%5D%5B%2Fvc_row%5D%5Bvc_row%5D%5Bvc_column%5D%5Bvc_column_text+el_class%3D%C2%A0%C2%BBtextos-ficha-interna%C2%A0%C2%BB%5DC%26rsquo%3Best+la+plus+petite+et+la+plus+au+nord+de...\" title=\"LinkedIn\"><i class=\"socials-item-icon linkedin\"><\/i><\/a> <a class=\"socials-item\" target=\"_blank\" href=\"https:\/\/www.reddit.com\/submit?url=https%3A%2F%2Fwww.blanescostabrava.cat%2Ffr%2Fpf%2Fcala-treumal%2F&#038;title=Cala+Treumal\" title=\"Reddit\"><i class=\"socials-item-icon reddit\"><\/i><\/a> <\/div> <\/div> <\/div> <div class=\"caption\"> <div class=\"title title-h4\"> Cala Treumal <\/span> <\/div> <div class=\"description\"> <\/div> <\/div> <\/div> <\/div> <\/div> <\/div> <\/div> <\/div> <div class=\"portfolio-item plages-et-criques item-animations-not-inited post-35808 thegem_pf_item type-thegem_pf_item status-publish has-post-thumbnail\" style=\"padding: 21px;\" data-default-sort=\"0\" data-sort-date=\"1527149290\"> <div class=\"wrap clearfix\" style=\"border-bottom-color: \"> <div class=\"image post-35808 thegem_pf_item type-thegem_pf_item status-publish has-post-thumbnail\"> <div class=\"image-inner\"> <picture> <img src=\"https:\/\/www.blanescostabrava.cat\/wp-content\/uploads\/2018\/03\/29-thegem-portfolio-justified.jpg\" width=\"844\" height=\"620\" class=\"attachment-thegem-portfolio-justified\" alt=\"Plage de Blanes\" \/> <\/picture> <\/div> <div class=\"overlay\"> <div class=\"overlay-circle\"><\/div> <div class=\"links-wrapper\"> <div class=\"links\"> <div class=\"portfolio-icons\"> <a href=\"https:\/\/www.blanescostabrava.cat\/fr\/pf\/plage-de-blanes\/\" target=\"_self\" class=\"icon self-link \"><\/a> <a href=\"javascript: void(0);\" class=\"icon share\"><\/a> <div class=\"overlay-line\"><\/div> <div class=\"portfolio-sharing-pane\"> <div class=\"socials-sharing socials socials-colored-hover\"> <a class=\"socials-item\" target=\"_blank\" href=\"https:\/\/www.facebook.com\/sharer\/sharer.php?u=https%3A%2F%2Fwww.blanescostabrava.cat%2Ffr%2Fpf%2Fplage-de-blanes%2F\" title=\"Facebook\"><i class=\"socials-item-icon facebook\"><\/i><\/a> <a class=\"socials-item\" target=\"_blank\" href=\"https:\/\/twitter.com\/intent\/tweet?text=Plage+de+Blanes&#038;url=https%3A%2F%2Fwww.blanescostabrava.cat%2Ffr%2Fpf%2Fplage-de-blanes%2F\" title=\"Twitter\"><i class=\"socials-item-icon twitter\"><\/i><\/a> <a class=\"socials-item\" target=\"_blank\" href=\"https:\/\/pinterest.com\/pin\/create\/button\/?url=https%3A%2F%2Fwww.blanescostabrava.cat%2Ffr%2Fpf%2Fplage-de-blanes%2F&#038;description=Plage+de+Blanes&#038;media=https%3A%2F%2Fwww.blanescostabrava.cat%2Fwp-content%2Fuploads%2F2018%2F03%2F29-thegem-blog-timeline-large.jpg\" title=\"Pinterest\"><i class=\"socials-item-icon pinterest\"><\/i><\/a> <a class=\"socials-item\" target=\"_blank\" href=\"https:\/\/www.tumblr.com\/widgets\/share\/tool?canonicalUrl=https%3A%2F%2Fwww.blanescostabrava.cat%2Ffr%2Fpf%2Fplage-de-blanes%2F\" title=\"Tumblr\"><i class=\"socials-item-icon tumblr\"><\/i><\/a> <a class=\"socials-item\" target=\"_blank\" href=\"https:\/\/www.linkedin.com\/shareArticle?mini=true&#038;url=https%3A%2F%2Fwww.blanescostabrava.cat%2Ffr%2Fpf%2Fplage-de-blanes%2F&#038;title=Plage+de+Blanes&amp;summary=%5Bvc_row+full_width%3D%C2%A0%C2%BBstretch_row%C2%A0%C2%BB+css%3D%C2%A0%C2%BB.vc_custom_1521931236123%7Bbackground-image%3A+url%28https%3A%2F%2Fwww.blanescostabrava.cat%2Fwp-content%2Fuploads%2F2018%2F03%2F29.jpg%3Fid%3D32577%29+%21important%3B%7D%C2%A0%C2%BB+el_class%3D%C2%A0%C2%BBcabecera-pagina-interna+cabecera-ficha%C2%A0%C2%BB%5D%5Bvc_column%5D%5Bvc_column_text%5D+Plage+de+Blanes+%5B%2Fvc_column_text%5D%5B%2Fvc_column%5D%5B%2Fvc_row%5D%5Bvc_row%5D%5Bvc_column%5D%5Bvc_column_text+el_class%3D%C2%A0%C2%BBtextos-ficha-interna%C2%A0%C2%BB%5DPlage+situ%C3%A9e+au+centre+de+la+ville%2C+%C3%A0+c%C3%B4t%C3%A9...\" title=\"LinkedIn\"><i class=\"socials-item-icon linkedin\"><\/i><\/a> <a class=\"socials-item\" target=\"_blank\" href=\"https:\/\/www.reddit.com\/submit?url=https%3A%2F%2Fwww.blanescostabrava.cat%2Ffr%2Fpf%2Fplage-de-blanes%2F&#038;title=Plage+de+Blanes\" title=\"Reddit\"><i class=\"socials-item-icon reddit\"><\/i><\/a> <\/div> <\/div> <\/div> <div class=\"caption\"> <div class=\"title title-h4\"> Plage de Blanes <\/span> <\/div> <div class=\"description\"> <\/div> <\/div> <\/div> <\/div> <\/div> <\/div> <\/div> <\/div> <div class=\"portfolio-item plages-et-criques item-animations-not-inited post-35809 thegem_pf_item type-thegem_pf_item status-publish has-post-thumbnail\" style=\"padding: 21px;\" data-default-sort=\"0\" data-sort-date=\"1527149292\"> <div class=\"wrap clearfix\" style=\"border-bottom-color: \"> <div class=\"image post-35809 thegem_pf_item type-thegem_pf_item status-publish has-post-thumbnail\"> <div class=\"image-inner\"> <picture> <img src=\"https:\/\/www.blanescostabrava.cat\/wp-content\/uploads\/2018\/03\/26-thegem-portfolio-justified.jpg\" width=\"844\" height=\"620\" class=\"attachment-thegem-portfolio-justified\" alt=\"Punta de Santa Anna\" \/> <\/picture> <\/div> <div class=\"overlay\"> <div class=\"overlay-circle\"><\/div> <div class=\"links-wrapper\"> <div class=\"links\"> <div class=\"portfolio-icons\"> <a href=\"https:\/\/www.blanescostabrava.cat\/fr\/pf\/punta-de-santa-anna\/\" target=\"_self\" class=\"icon self-link \"><\/a> <a href=\"javascript: void(0);\" class=\"icon share\"><\/a> <div class=\"overlay-line\"><\/div> <div class=\"portfolio-sharing-pane\"> <div class=\"socials-sharing socials socials-colored-hover\"> <a class=\"socials-item\" target=\"_blank\" href=\"https:\/\/www.facebook.com\/sharer\/sharer.php?u=https%3A%2F%2Fwww.blanescostabrava.cat%2Ffr%2Fpf%2Fpunta-de-santa-anna%2F\" title=\"Facebook\"><i class=\"socials-item-icon facebook\"><\/i><\/a> <a class=\"socials-item\" target=\"_blank\" href=\"https:\/\/twitter.com\/intent\/tweet?text=Punta+de+Santa+Anna&#038;url=https%3A%2F%2Fwww.blanescostabrava.cat%2Ffr%2Fpf%2Fpunta-de-santa-anna%2F\" title=\"Twitter\"><i class=\"socials-item-icon twitter\"><\/i><\/a> <a class=\"socials-item\" target=\"_blank\" href=\"https:\/\/pinterest.com\/pin\/create\/button\/?url=https%3A%2F%2Fwww.blanescostabrava.cat%2Ffr%2Fpf%2Fpunta-de-santa-anna%2F&#038;description=Punta+de+Santa+Anna&#038;media=https%3A%2F%2Fwww.blanescostabrava.cat%2Fwp-content%2Fuploads%2F2018%2F03%2F26-thegem-blog-timeline-large.jpg\" title=\"Pinterest\"><i class=\"socials-item-icon pinterest\"><\/i><\/a> <a class=\"socials-item\" target=\"_blank\" href=\"https:\/\/www.tumblr.com\/widgets\/share\/tool?canonicalUrl=https%3A%2F%2Fwww.blanescostabrava.cat%2Ffr%2Fpf%2Fpunta-de-santa-anna%2F\" title=\"Tumblr\"><i class=\"socials-item-icon tumblr\"><\/i><\/a> <a class=\"socials-item\" target=\"_blank\" href=\"https:\/\/www.linkedin.com\/shareArticle?mini=true&#038;url=https%3A%2F%2Fwww.blanescostabrava.cat%2Ffr%2Fpf%2Fpunta-de-santa-anna%2F&#038;title=Punta+de+Santa+Anna&amp;summary=%5Bvc_row+full_width%3D%C2%A0%C2%BBstretch_row%C2%A0%C2%BB+css%3D%C2%A0%C2%BB.vc_custom_1521931295821%7Bbackground-image%3A+url%28https%3A%2F%2Fwww.blanescostabrava.cat%2Fwp-content%2Fuploads%2F2018%2F03%2F26.jpg%3Fid%3D32574%29+%21important%3B%7D%C2%A0%C2%BB+el_class%3D%C2%A0%C2%BBcabecera-pagina-interna+cabecera-ficha%C2%A0%C2%BB%5D%5Bvc_column%5D%5Bvc_column_text%5D+Punta+de+Santa+Anna+%5B%2Fvc_column_text%5D%5B%2Fvc_column%5D%5B%2Fvc_row%5D%5Bvc_row%5D%5Bvc_column%5D%5Bvc_column_text+el_class%3D%C2%A0%C2%BBtextos-ficha-interna%C2%A0%C2%BB%5DPetite+plage+de+galets+plac%C3%A9e+derri%C3%A8re+le+port%2C...\" title=\"LinkedIn\"><i class=\"socials-item-icon linkedin\"><\/i><\/a> <a class=\"socials-item\" target=\"_blank\" href=\"https:\/\/www.reddit.com\/submit?url=https%3A%2F%2Fwww.blanescostabrava.cat%2Ffr%2Fpf%2Fpunta-de-santa-anna%2F&#038;title=Punta+de+Santa+Anna\" title=\"Reddit\"><i class=\"socials-item-icon reddit\"><\/i><\/a> <\/div> <\/div> <\/div> <div class=\"caption\"> <div class=\"title title-h4\"> Punta de Santa Anna <\/span> <\/div> <div class=\"description\"> <\/div> <\/div> <\/div> <\/div> <\/div> <\/div> <\/div> <\/div> <div class=\"portfolio-item plages-et-criques item-animations-not-inited post-35810 thegem_pf_item type-thegem_pf_item status-publish has-post-thumbnail\" style=\"padding: 21px;\" data-default-sort=\"0\" data-sort-date=\"1527149293\"> <div class=\"wrap clearfix\" style=\"border-bottom-color: \"> <div class=\"image post-35810 thegem_pf_item type-thegem_pf_item status-publish has-post-thumbnail\"> <div class=\"image-inner\"> <picture> <img src=\"https:\/\/www.blanescostabrava.cat\/wp-content\/uploads\/2018\/03\/23-thegem-portfolio-justified.jpg\" width=\"844\" height=\"620\" class=\"attachment-thegem-portfolio-justified\" alt=\"S&rsquo;Abanell\" \/> <\/picture> <\/div> <div class=\"overlay\"> <div class=\"overlay-circle\"><\/div> <div class=\"links-wrapper\"> <div class=\"links\"> <div class=\"portfolio-icons\"> <a href=\"https:\/\/www.blanescostabrava.cat\/fr\/pf\/sabanell\/\" target=\"_self\" class=\"icon self-link \"><\/a> <a href=\"javascript: void(0);\" class=\"icon share\"><\/a> <div class=\"overlay-line\"><\/div> <div class=\"portfolio-sharing-pane\"> <div class=\"socials-sharing socials socials-colored-hover\"> <a class=\"socials-item\" target=\"_blank\" href=\"https:\/\/www.facebook.com\/sharer\/sharer.php?u=https%3A%2F%2Fwww.blanescostabrava.cat%2Ffr%2Fpf%2Fsabanell%2F\" title=\"Facebook\"><i class=\"socials-item-icon facebook\"><\/i><\/a> <a class=\"socials-item\" target=\"_blank\" href=\"https:\/\/twitter.com\/intent\/tweet?text=S%26rsquo%3BAbanell&#038;url=https%3A%2F%2Fwww.blanescostabrava.cat%2Ffr%2Fpf%2Fsabanell%2F\" title=\"Twitter\"><i class=\"socials-item-icon twitter\"><\/i><\/a> <a class=\"socials-item\" target=\"_blank\" href=\"https:\/\/pinterest.com\/pin\/create\/button\/?url=https%3A%2F%2Fwww.blanescostabrava.cat%2Ffr%2Fpf%2Fsabanell%2F&#038;description=S%26rsquo%3BAbanell&#038;media=https%3A%2F%2Fwww.blanescostabrava.cat%2Fwp-content%2Fuploads%2F2018%2F03%2F23-thegem-blog-timeline-large.jpg\" title=\"Pinterest\"><i class=\"socials-item-icon pinterest\"><\/i><\/a> <a class=\"socials-item\" target=\"_blank\" href=\"https:\/\/www.tumblr.com\/widgets\/share\/tool?canonicalUrl=https%3A%2F%2Fwww.blanescostabrava.cat%2Ffr%2Fpf%2Fsabanell%2F\" title=\"Tumblr\"><i class=\"socials-item-icon tumblr\"><\/i><\/a> <a class=\"socials-item\" target=\"_blank\" href=\"https:\/\/www.linkedin.com\/shareArticle?mini=true&#038;url=https%3A%2F%2Fwww.blanescostabrava.cat%2Ffr%2Fpf%2Fsabanell%2F&#038;title=S%26rsquo%3BAbanell&amp;summary=%5Bvc_row+full_width%3D%C2%A0%C2%BBstretch_row%C2%A0%C2%BB+css%3D%C2%A0%C2%BB.vc_custom_1521931344379%7Bbackground-image%3A+url%28https%3A%2F%2Fwww.blanescostabrava.cat%2Fwp-content%2Fuploads%2F2018%2F03%2F23.jpg%3Fid%3D32571%29+%21important%3B%7D%C2%A0%C2%BB+el_class%3D%C2%A0%C2%BBcabecera-pagina-interna+cabecera-ficha%C2%A0%C2%BB%5D%5Bvc_column%5D%5Bvc_column_text%5D+S%26rsquo%3BAbanell+%5B%2Fvc_column_text%5D%5B%2Fvc_column%5D%5B%2Fvc_row%5D%5Bvc_row%5D%5Bvc_column%5D%5Bvc_column_text+el_class%3D%C2%A0%C2%BBtextos-ficha-interna%C2%A0%C2%BB%5DC%26rsquo%3Best+la+plage+la+plus+longue+de+Blanes.+Elle+est+situ%C3%A9e...\" title=\"LinkedIn\"><i class=\"socials-item-icon linkedin\"><\/i><\/a> <a class=\"socials-item\" target=\"_blank\" href=\"https:\/\/www.reddit.com\/submit?url=https%3A%2F%2Fwww.blanescostabrava.cat%2Ffr%2Fpf%2Fsabanell%2F&#038;title=S%26rsquo%3BAbanell\" title=\"Reddit\"><i class=\"socials-item-icon reddit\"><\/i><\/a> <\/div> <\/div> <\/div> <div class=\"caption\"> <div class=\"title title-h4\"> S&rsquo;Abanell <\/span> <\/div> <div class=\"description\"> <\/div> <\/div> <\/div> <\/div> <\/div> <\/div> <\/div> <\/div> <div class=\"portfolio-item plages-et-criques item-animations-not-inited post-35811 thegem_pf_item type-thegem_pf_item status-publish has-post-thumbnail\" style=\"padding: 21px;\" data-default-sort=\"0\" data-sort-date=\"1527149294\"> <div class=\"wrap clearfix\" style=\"border-bottom-color: \"> <div class=\"image post-35811 thegem_pf_item type-thegem_pf_item status-publish has-post-thumbnail\"> <div class=\"image-inner\"> <picture> <img src=\"https:\/\/www.blanescostabrava.cat\/wp-content\/uploads\/2018\/03\/27-thegem-portfolio-justified.jpg\" width=\"844\" height=\"620\" class=\"attachment-thegem-portfolio-justified\" alt=\"Plage Sa Palomera\" \/> <\/picture> <\/div> <div class=\"overlay\"> <div class=\"overlay-circle\"><\/div> <div class=\"links-wrapper\"> <div class=\"links\"> <div class=\"portfolio-icons\"> <a href=\"https:\/\/www.blanescostabrava.cat\/fr\/pf\/plage-sa-palomera\/\" target=\"_self\" class=\"icon self-link \"><\/a> <a href=\"javascript: void(0);\" class=\"icon share\"><\/a> <div class=\"overlay-line\"><\/div> <div class=\"portfolio-sharing-pane\"> <div class=\"socials-sharing socials socials-colored-hover\"> <a class=\"socials-item\" target=\"_blank\" href=\"https:\/\/www.facebook.com\/sharer\/sharer.php?u=https%3A%2F%2Fwww.blanescostabrava.cat%2Ffr%2Fpf%2Fplage-sa-palomera%2F\" title=\"Facebook\"><i class=\"socials-item-icon facebook\"><\/i><\/a> <a class=\"socials-item\" target=\"_blank\" href=\"https:\/\/twitter.com\/intent\/tweet?text=Plage+Sa+Palomera&#038;url=https%3A%2F%2Fwww.blanescostabrava.cat%2Ffr%2Fpf%2Fplage-sa-palomera%2F\" title=\"Twitter\"><i class=\"socials-item-icon twitter\"><\/i><\/a> <a class=\"socials-item\" target=\"_blank\" href=\"https:\/\/pinterest.com\/pin\/create\/button\/?url=https%3A%2F%2Fwww.blanescostabrava.cat%2Ffr%2Fpf%2Fplage-sa-palomera%2F&#038;description=Plage+Sa+Palomera&#038;media=https%3A%2F%2Fwww.blanescostabrava.cat%2Fwp-content%2Fuploads%2F2018%2F03%2F27-thegem-blog-timeline-large.jpg\" title=\"Pinterest\"><i class=\"socials-item-icon pinterest\"><\/i><\/a> <a class=\"socials-item\" target=\"_blank\" href=\"https:\/\/www.tumblr.com\/widgets\/share\/tool?canonicalUrl=https%3A%2F%2Fwww.blanescostabrava.cat%2Ffr%2Fpf%2Fplage-sa-palomera%2F\" title=\"Tumblr\"><i class=\"socials-item-icon tumblr\"><\/i><\/a> <a class=\"socials-item\" target=\"_blank\" href=\"https:\/\/www.linkedin.com\/shareArticle?mini=true&#038;url=https%3A%2F%2Fwww.blanescostabrava.cat%2Ffr%2Fpf%2Fplage-sa-palomera%2F&#038;title=Plage+Sa+Palomera&amp;summary=%5Bvc_row+full_width%3D%C2%A0%C2%BBstretch_row%C2%A0%C2%BB+css%3D%C2%A0%C2%BB.vc_custom_1521931391603%7Bbackground-image%3A+url%28https%3A%2F%2Fwww.blanescostabrava.cat%2Fwp-content%2Fuploads%2F2018%2F03%2F27.jpg%3Fid%3D32575%29+%21important%3B%7D%C2%A0%C2%BB+el_class%3D%C2%A0%C2%BBcabecera-pagina-interna+cabecera-ficha%C2%A0%C2%BB%5D%5Bvc_column%5D%5Bvc_column_text%5D+Sa+Palomera+%5B%2Fvc_column_text%5D%5B%2Fvc_column%5D%5B%2Fvc_row%5D%5Bvc_row%5D%5Bvc_column%5D%5Bvc_column_text+el_class%3D%C2%A0%C2%BBtextos-ficha-interna%C2%A0%C2%BB%5DC%26rsquo%3Best+le+symbole+identitaire+de+Blanes.+Ce+grand+rocher+se...\" title=\"LinkedIn\"><i class=\"socials-item-icon linkedin\"><\/i><\/a> <a class=\"socials-item\" target=\"_blank\" href=\"https:\/\/www.reddit.com\/submit?url=https%3A%2F%2Fwww.blanescostabrava.cat%2Ffr%2Fpf%2Fplage-sa-palomera%2F&#038;title=Plage+Sa+Palomera\" title=\"Reddit\"><i class=\"socials-item-icon reddit\"><\/i><\/a> <\/div> <\/div> <\/div> <div class=\"caption\"> <div class=\"title title-h4\"> Plage Sa Palomera <\/span> <\/div> <div class=\"description\"> <\/div> <\/div> <\/div> <\/div> <\/div> <\/div> <\/div> <\/div> <div class=\"portfolio-item cite-sportive item-animations-not-inited post-35812 thegem_pf_item type-thegem_pf_item status-publish has-post-thumbnail\" style=\"padding: 21px;\" data-default-sort=\"0\" data-sort-date=\"1527149296\"> <div class=\"wrap clearfix\" style=\"border-bottom-color: \"> <div class=\"image post-35812 thegem_pf_item type-thegem_pf_item status-publish has-post-thumbnail\"> <div class=\"image-inner\"> <picture> <img src=\"https:\/\/www.blanescostabrava.cat\/wp-content\/uploads\/2018\/03\/12-thegem-portfolio-justified.jpg\" width=\"844\" height=\"620\" class=\"attachment-thegem-portfolio-justified\" alt=\"Espaces sportifs\" \/> <\/picture> <\/div> <div class=\"overlay\"> <div class=\"overlay-circle\"><\/div> <div class=\"links-wrapper\"> <div class=\"links\"> <div class=\"portfolio-icons\"> <a href=\"https:\/\/www.blanescostabrava.cat\/fr\/pf\/espaces-sportifs\/\" target=\"_self\" class=\"icon self-link \"><\/a> <a href=\"javascript: void(0);\" class=\"icon share\"><\/a> <div class=\"overlay-line\"><\/div> <div class=\"portfolio-sharing-pane\"> <div class=\"socials-sharing socials socials-colored-hover\"> <a class=\"socials-item\" target=\"_blank\" href=\"https:\/\/www.facebook.com\/sharer\/sharer.php?u=https%3A%2F%2Fwww.blanescostabrava.cat%2Ffr%2Fpf%2Fespaces-sportifs%2F\" title=\"Facebook\"><i class=\"socials-item-icon facebook\"><\/i><\/a> <a class=\"socials-item\" target=\"_blank\" href=\"https:\/\/twitter.com\/intent\/tweet?text=Espaces+sportifs&#038;url=https%3A%2F%2Fwww.blanescostabrava.cat%2Ffr%2Fpf%2Fespaces-sportifs%2F\" title=\"Twitter\"><i class=\"socials-item-icon twitter\"><\/i><\/a> <a class=\"socials-item\" target=\"_blank\" href=\"https:\/\/pinterest.com\/pin\/create\/button\/?url=https%3A%2F%2Fwww.blanescostabrava.cat%2Ffr%2Fpf%2Fespaces-sportifs%2F&#038;description=Espaces+sportifs&#038;media=https%3A%2F%2Fwww.blanescostabrava.cat%2Fwp-content%2Fuploads%2F2018%2F03%2F12-thegem-blog-timeline-large.jpg\" title=\"Pinterest\"><i class=\"socials-item-icon pinterest\"><\/i><\/a> <a class=\"socials-item\" target=\"_blank\" href=\"https:\/\/www.tumblr.com\/widgets\/share\/tool?canonicalUrl=https%3A%2F%2Fwww.blanescostabrava.cat%2Ffr%2Fpf%2Fespaces-sportifs%2F\" title=\"Tumblr\"><i class=\"socials-item-icon tumblr\"><\/i><\/a> <a class=\"socials-item\" target=\"_blank\" href=\"https:\/\/www.linkedin.com\/shareArticle?mini=true&#038;url=https%3A%2F%2Fwww.blanescostabrava.cat%2Ffr%2Fpf%2Fespaces-sportifs%2F&#038;title=Espaces+sportifs&amp;summary=%5Bvc_row+full_width%3D%C2%A0%C2%BBstretch_row%C2%A0%C2%BB+css%3D%C2%A0%C2%BB.vc_custom_1521931439750%7Bbackground-image%3A+url%28https%3A%2F%2Fwww.blanescostabrava.cat%2Fwp-content%2Fuploads%2F2018%2F03%2F12.jpg%3Fid%3D32560%29+%21important%3B%7D%C2%A0%C2%BB+el_class%3D%C2%A0%C2%BBcabecera-pagina-interna+cabecera-ficha%C2%A0%C2%BB%5D%5Bvc_column%5D%5Bvc_column_text%5D+Espaces+sportifs+%5B%2Fvc_column_text%5D%5B%2Fvc_column%5D%5B%2Fvc_row%5D%5Bvc_row%5D%5Bvc_column+width%3D%C2%A0%C2%BB2%2F3%26Prime%3B%5D%5Bvc_column_text+el_class%3D%C2%A0%C2%BBtextos-ficha-interna%C2%A0%C2%BB%5DC%26rsquo%3BEST+LA+PROPOSITION+SPORTIVE+LA+PLUS+AMBITIEUSE%C2%A0La+cit%C3%A9%2C+avec...\" title=\"LinkedIn\"><i class=\"socials-item-icon linkedin\"><\/i><\/a> <a class=\"socials-item\" target=\"_blank\" href=\"https:\/\/www.reddit.com\/submit?url=https%3A%2F%2Fwww.blanescostabrava.cat%2Ffr%2Fpf%2Fespaces-sportifs%2F&#038;title=Espaces+sportifs\" title=\"Reddit\"><i class=\"socials-item-icon reddit\"><\/i><\/a> <\/div> <\/div> <\/div> <div class=\"caption\"> <div class=\"title title-h4\"> Espaces sportifs <\/span> <\/div> <div class=\"description\"> <\/div> <\/div> <\/div> <\/div> <\/div> <\/div> <\/div> <\/div> <div class=\"portfolio-item nature item-animations-not-inited post-35813 thegem_pf_item type-thegem_pf_item status-publish has-post-thumbnail\" style=\"padding: 21px;\" data-default-sort=\"0\" data-sort-date=\"1527149297\"> <div class=\"wrap clearfix\" style=\"border-bottom-color: \"> <div class=\"image post-35813 thegem_pf_item type-thegem_pf_item status-publish has-post-thumbnail\"> <div class=\"image-inner\"> <picture> <img src=\"https:\/\/www.blanescostabrava.cat\/wp-content\/uploads\/2018\/03\/delta-de-la-tordera-thegem-portfolio-justified.jpg\" width=\"844\" height=\"620\" class=\"attachment-thegem-portfolio-justified\" alt=\"Delta de la Tordera\" \/> <\/picture> <\/div> <div class=\"overlay\"> <div class=\"overlay-circle\"><\/div> <div class=\"links-wrapper\"> <div class=\"links\"> <div class=\"portfolio-icons\"> <a href=\"https:\/\/www.blanescostabrava.cat\/fr\/pf\/delta-de-la-tordera\/\" target=\"_self\" class=\"icon self-link \"><\/a> <a href=\"javascript: void(0);\" class=\"icon share\"><\/a> <div class=\"overlay-line\"><\/div> <div class=\"portfolio-sharing-pane\"> <div class=\"socials-sharing socials socials-colored-hover\"> <a class=\"socials-item\" target=\"_blank\" href=\"https:\/\/www.facebook.com\/sharer\/sharer.php?u=https%3A%2F%2Fwww.blanescostabrava.cat%2Ffr%2Fpf%2Fdelta-de-la-tordera%2F\" title=\"Facebook\"><i class=\"socials-item-icon facebook\"><\/i><\/a> <a class=\"socials-item\" target=\"_blank\" href=\"https:\/\/twitter.com\/intent\/tweet?text=Delta+de+la+Tordera&#038;url=https%3A%2F%2Fwww.blanescostabrava.cat%2Ffr%2Fpf%2Fdelta-de-la-tordera%2F\" title=\"Twitter\"><i class=\"socials-item-icon twitter\"><\/i><\/a> <a class=\"socials-item\" target=\"_blank\" href=\"https:\/\/pinterest.com\/pin\/create\/button\/?url=https%3A%2F%2Fwww.blanescostabrava.cat%2Ffr%2Fpf%2Fdelta-de-la-tordera%2F&#038;description=Delta+de+la+Tordera&#038;media=https%3A%2F%2Fwww.blanescostabrava.cat%2Fwp-content%2Fuploads%2F2018%2F03%2Fdelta-de-la-tordera-thegem-blog-timeline-large.jpg\" title=\"Pinterest\"><i class=\"socials-item-icon pinterest\"><\/i><\/a> <a class=\"socials-item\" target=\"_blank\" href=\"https:\/\/www.tumblr.com\/widgets\/share\/tool?canonicalUrl=https%3A%2F%2Fwww.blanescostabrava.cat%2Ffr%2Fpf%2Fdelta-de-la-tordera%2F\" title=\"Tumblr\"><i class=\"socials-item-icon tumblr\"><\/i><\/a> <a class=\"socials-item\" target=\"_blank\" href=\"https:\/\/www.linkedin.com\/shareArticle?mini=true&#038;url=https%3A%2F%2Fwww.blanescostabrava.cat%2Ffr%2Fpf%2Fdelta-de-la-tordera%2F&#038;title=Delta+de+la+Tordera&amp;summary=%5Bvc_row+full_width%3D%C2%A0%C2%BBstretch_row%C2%A0%C2%BB+css%3D%C2%A0%C2%BB.vc_custom_1623662381471%7Bbackground-image%3A+url%28https%3A%2F%2Fwww.blanescostabrava.cat%2Fwp-content%2Fuploads%2F2018%2F03%2Fdelta-de-la-tordera.jpg%3Fid%3D165427%29+%21important%3B%7D%C2%A0%C2%BB+el_class%3D%C2%A0%C2%BBcabecera-pagina-interna+cabecera-ficha%C2%A0%C2%BB%5D%5Bvc_column%5D%5Bvc_column_text%5D+Delta+de+la+Tordera+%5B%2Fvc_column_text%5D%5B%2Fvc_column%5D%5B%2Fvc_row%5D%5Bvc_row%5D%5Bvc_column%5D%5Bvc_column_text+el_class%3D%C2%A0%C2%BBtextos-ficha-interna%C2%A0%C2%BB%5DIl+s%26rsquo%3Bagit+d%26rsquo%3Bun+lieu+strat%C3%A9gique+de+l%E2%80%99hivernage+et...\" title=\"LinkedIn\"><i class=\"socials-item-icon linkedin\"><\/i><\/a> <a class=\"socials-item\" target=\"_blank\" href=\"https:\/\/www.reddit.com\/submit?url=https%3A%2F%2Fwww.blanescostabrava.cat%2Ffr%2Fpf%2Fdelta-de-la-tordera%2F&#038;title=Delta+de+la+Tordera\" title=\"Reddit\"><i class=\"socials-item-icon reddit\"><\/i><\/a> <\/div> <\/div> <\/div> <div class=\"caption\"> <div class=\"title title-h4\"> Delta de la Tordera <\/span> <\/div> <div class=\"description\"> <\/div> <\/div> <\/div> <\/div> <\/div> <\/div> <\/div> <\/div> <div class=\"portfolio-item nature item-animations-not-inited post-35814 thegem_pf_item type-thegem_pf_item status-publish has-post-thumbnail\" style=\"padding: 21px;\" data-default-sort=\"0\" data-sort-date=\"1527149298\"> <div class=\"wrap clearfix\" style=\"border-bottom-color: \"> <div class=\"image post-35814 thegem_pf_item type-thegem_pf_item status-publish has-post-thumbnail\"> <div class=\"image-inner\"> <picture> <img src=\"https:\/\/www.blanescostabrava.cat\/wp-content\/uploads\/2018\/03\/31-thegem-portfolio-justified.jpg\" width=\"844\" height=\"620\" class=\"attachment-thegem-portfolio-justified\" alt=\"Jardin Botanique Marimurtra\" \/> <\/picture> <\/div> <div class=\"overlay\"> <div class=\"overlay-circle\"><\/div> <div class=\"links-wrapper\"> <div class=\"links\"> <div class=\"portfolio-icons\"> <a href=\"https:\/\/www.blanescostabrava.cat\/fr\/pf\/jardin-botanique-marimurtra\/\" target=\"_self\" class=\"icon self-link \"><\/a> <a href=\"javascript: void(0);\" class=\"icon share\"><\/a> <div class=\"overlay-line\"><\/div> <div class=\"portfolio-sharing-pane\"> <div class=\"socials-sharing socials socials-colored-hover\"> <a class=\"socials-item\" target=\"_blank\" href=\"https:\/\/www.facebook.com\/sharer\/sharer.php?u=https%3A%2F%2Fwww.blanescostabrava.cat%2Ffr%2Fpf%2Fjardin-botanique-marimurtra%2F\" title=\"Facebook\"><i class=\"socials-item-icon facebook\"><\/i><\/a> <a class=\"socials-item\" target=\"_blank\" href=\"https:\/\/twitter.com\/intent\/tweet?text=Jardin+Botanique+Marimurtra&#038;url=https%3A%2F%2Fwww.blanescostabrava.cat%2Ffr%2Fpf%2Fjardin-botanique-marimurtra%2F\" title=\"Twitter\"><i class=\"socials-item-icon twitter\"><\/i><\/a> <a class=\"socials-item\" target=\"_blank\" href=\"https:\/\/pinterest.com\/pin\/create\/button\/?url=https%3A%2F%2Fwww.blanescostabrava.cat%2Ffr%2Fpf%2Fjardin-botanique-marimurtra%2F&#038;description=Jardin+Botanique+Marimurtra&#038;media=https%3A%2F%2Fwww.blanescostabrava.cat%2Fwp-content%2Fuploads%2F2018%2F03%2F31-thegem-blog-timeline-large.jpg\" title=\"Pinterest\"><i class=\"socials-item-icon pinterest\"><\/i><\/a> <a class=\"socials-item\" target=\"_blank\" href=\"https:\/\/www.tumblr.com\/widgets\/share\/tool?canonicalUrl=https%3A%2F%2Fwww.blanescostabrava.cat%2Ffr%2Fpf%2Fjardin-botanique-marimurtra%2F\" title=\"Tumblr\"><i class=\"socials-item-icon tumblr\"><\/i><\/a> <a class=\"socials-item\" target=\"_blank\" href=\"https:\/\/www.linkedin.com\/shareArticle?mini=true&#038;url=https%3A%2F%2Fwww.blanescostabrava.cat%2Ffr%2Fpf%2Fjardin-botanique-marimurtra%2F&#038;title=Jardin+Botanique+Marimurtra&amp;summary=%5Bvc_row+full_width%3D%C2%A0%C2%BBstretch_row%C2%A0%C2%BB+css%3D%C2%A0%C2%BB.vc_custom_1521931542780%7Bbackground-image%3A+url%28https%3A%2F%2Fwww.blanescostabrava.cat%2Fwp-content%2Fuploads%2F2018%2F03%2F31.jpg%3Fid%3D32579%29+%21important%3B%7D%C2%A0%C2%BB+el_class%3D%C2%A0%C2%BBcabecera-pagina-interna+cabecera-ficha%C2%A0%C2%BB%5D%5Bvc_column%5D%5Bvc_column_text%5D+Jardin+Botanique+Marimurtra+%5B%2Fvc_column_text%5D%5B%2Fvc_column%5D%5B%2Fvc_row%5D%5Bvc_row%5D%5Bvc_column%5D%5Bvc_column_text+el_class%3D%C2%A0%C2%BBtextos-ficha-interna%C2%A0%C2%BB%5DIl+s%26rsquo%3Bagit+d%26rsquo%3Bun+v%C3%A9ritable+paradis+naturel.+Marimurtra+est+le...\" title=\"LinkedIn\"><i class=\"socials-item-icon linkedin\"><\/i><\/a> <a class=\"socials-item\" target=\"_blank\" href=\"https:\/\/www.reddit.com\/submit?url=https%3A%2F%2Fwww.blanescostabrava.cat%2Ffr%2Fpf%2Fjardin-botanique-marimurtra%2F&#038;title=Jardin+Botanique+Marimurtra\" title=\"Reddit\"><i class=\"socials-item-icon reddit\"><\/i><\/a> <\/div> <\/div> <\/div> <div class=\"caption\"> <div class=\"title title-h4\"> Jardin Botanique Marimurtra <\/span> <\/div> <div class=\"description\"> <\/div> <\/div> <\/div> <\/div> <\/div> <\/div> <\/div> <\/div> <div class=\"portfolio-item nature item-animations-not-inited post-35823 thegem_pf_item type-thegem_pf_item status-publish has-post-thumbnail\" style=\"padding: 21px;\" data-default-sort=\"0\" data-sort-date=\"1527149315\"> <div class=\"wrap clearfix\" style=\"border-bottom-color: \"> <div class=\"image post-35823 thegem_pf_item type-thegem_pf_item status-publish has-post-thumbnail\"> <div class=\"image-inner\"> <picture> <img src=\"https:\/\/www.blanescostabrava.cat\/wp-content\/uploads\/2018\/03\/1-thegem-portfolio-justified.jpg\" width=\"844\" height=\"620\" class=\"attachment-thegem-portfolio-justified\" alt=\"Sa Palomera\" \/> <\/picture> <\/div> <div class=\"overlay\"> <div class=\"overlay-circle\"><\/div> <div class=\"links-wrapper\"> <div class=\"links\"> <div class=\"portfolio-icons\"> <a href=\"https:\/\/www.blanescostabrava.cat\/fr\/pf\/sa-palomera\/\" target=\"_self\" class=\"icon self-link \"><\/a> <a href=\"javascript: void(0);\" class=\"icon share\"><\/a> <div class=\"overlay-line\"><\/div> <div class=\"portfolio-sharing-pane\"> <div class=\"socials-sharing socials socials-colored-hover\"> <a class=\"socials-item\" target=\"_blank\" href=\"https:\/\/www.facebook.com\/sharer\/sharer.php?u=https%3A%2F%2Fwww.blanescostabrava.cat%2Ffr%2Fpf%2Fsa-palomera%2F\" title=\"Facebook\"><i class=\"socials-item-icon facebook\"><\/i><\/a> <a class=\"socials-item\" target=\"_blank\" href=\"https:\/\/twitter.com\/intent\/tweet?text=Sa+Palomera&#038;url=https%3A%2F%2Fwww.blanescostabrava.cat%2Ffr%2Fpf%2Fsa-palomera%2F\" title=\"Twitter\"><i class=\"socials-item-icon twitter\"><\/i><\/a> <a class=\"socials-item\" target=\"_blank\" href=\"https:\/\/pinterest.com\/pin\/create\/button\/?url=https%3A%2F%2Fwww.blanescostabrava.cat%2Ffr%2Fpf%2Fsa-palomera%2F&#038;description=Sa+Palomera&#038;media=https%3A%2F%2Fwww.blanescostabrava.cat%2Fwp-content%2Fuploads%2F2018%2F03%2F1-thegem-blog-timeline-large.jpg\" title=\"Pinterest\"><i class=\"socials-item-icon pinterest\"><\/i><\/a> <a class=\"socials-item\" target=\"_blank\" href=\"https:\/\/www.tumblr.com\/widgets\/share\/tool?canonicalUrl=https%3A%2F%2Fwww.blanescostabrava.cat%2Ffr%2Fpf%2Fsa-palomera%2F\" title=\"Tumblr\"><i class=\"socials-item-icon tumblr\"><\/i><\/a> <a class=\"socials-item\" target=\"_blank\" href=\"https:\/\/www.linkedin.com\/shareArticle?mini=true&#038;url=https%3A%2F%2Fwww.blanescostabrava.cat%2Ffr%2Fpf%2Fsa-palomera%2F&#038;title=Sa+Palomera&amp;summary=%5Bvc_row+full_width%3D%C2%A0%C2%BBstretch_row%C2%A0%C2%BB+css%3D%C2%A0%C2%BB.vc_custom_1521931684560%7Bbackground-image%3A+url%28https%3A%2F%2Fwww.blanescostabrava.cat%2Fwp-content%2Fuploads%2F2018%2F03%2F1.jpg%3Fid%3D32550%29+%21important%3B%7D%C2%A0%C2%BB+el_class%3D%C2%A0%C2%BBcabecera-pagina-interna+cabecera-ficha%C2%A0%C2%BB%5D%5Bvc_column%5D%5Bvc_column_text%5D+Sa+Palomera+%5B%2Fvc_column_text%5D%5B%2Fvc_column%5D%5B%2Fvc_row%5D%5Bvc_row%5D%5Bvc_column%5D%5Bvc_column_text+el_class%3D%C2%A0%C2%BBtextos-ficha-interna%C2%A0%C2%BB%5DC%26rsquo%3Best+le+symbole+identitaire+de+Blanes.+Ce+grand+rocher+se...\" title=\"LinkedIn\"><i class=\"socials-item-icon linkedin\"><\/i><\/a> <a class=\"socials-item\" target=\"_blank\" href=\"https:\/\/www.reddit.com\/submit?url=https%3A%2F%2Fwww.blanescostabrava.cat%2Ffr%2Fpf%2Fsa-palomera%2F&#038;title=Sa+Palomera\" title=\"Reddit\"><i class=\"socials-item-icon reddit\"><\/i><\/a> <\/div> <\/div> <\/div> <div class=\"caption\"> <div class=\"title title-h4\"> Sa Palomera <\/span> <\/div> <div class=\"description\"> <\/div> <\/div> <\/div> <\/div> <\/div> <\/div> <\/div> <\/div> <div class=\"portfolio-item blanes item-animations-not-inited post-35825 thegem_pf_item type-thegem_pf_item status-publish has-post-thumbnail\" style=\"padding: 21px;\" data-default-sort=\"0\" data-sort-date=\"1527149318\"> <div class=\"wrap clearfix\" style=\"border-bottom-color: \"> <div class=\"image post-35825 thegem_pf_item type-thegem_pf_item status-publish has-post-thumbnail\"> <div class=\"image-inner\"> <picture> <img src=\"https:\/\/www.blanescostabrava.cat\/wp-content\/uploads\/2018\/03\/22-thegem-portfolio-justified.jpg\" width=\"844\" height=\"620\" class=\"attachment-thegem-portfolio-justified\" alt=\"March\u00e9 des fruits et l\u00e9gumes\" \/> <\/picture> <\/div> <div class=\"overlay\"> <div class=\"overlay-circle\"><\/div> <div class=\"links-wrapper\"> <div class=\"links\"> <div class=\"portfolio-icons\"> <a href=\"https:\/\/www.blanescostabrava.cat\/fr\/pf\/marche-des-fruits-et-legumes\/\" target=\"_self\" class=\"icon self-link \"><\/a> <a href=\"javascript: void(0);\" class=\"icon share\"><\/a> <div class=\"overlay-line\"><\/div> <div class=\"portfolio-sharing-pane\"> <div class=\"socials-sharing socials socials-colored-hover\"> <a class=\"socials-item\" target=\"_blank\" href=\"https:\/\/www.facebook.com\/sharer\/sharer.php?u=https%3A%2F%2Fwww.blanescostabrava.cat%2Ffr%2Fpf%2Fmarche-des-fruits-et-legumes%2F\" title=\"Facebook\"><i class=\"socials-item-icon facebook\"><\/i><\/a> <a class=\"socials-item\" target=\"_blank\" href=\"https:\/\/twitter.com\/intent\/tweet?text=March%C3%A9+des+fruits+et+l%C3%A9gumes&#038;url=https%3A%2F%2Fwww.blanescostabrava.cat%2Ffr%2Fpf%2Fmarche-des-fruits-et-legumes%2F\" title=\"Twitter\"><i class=\"socials-item-icon twitter\"><\/i><\/a> <a class=\"socials-item\" target=\"_blank\" href=\"https:\/\/pinterest.com\/pin\/create\/button\/?url=https%3A%2F%2Fwww.blanescostabrava.cat%2Ffr%2Fpf%2Fmarche-des-fruits-et-legumes%2F&#038;description=March%C3%A9+des+fruits+et+l%C3%A9gumes&#038;media=https%3A%2F%2Fwww.blanescostabrava.cat%2Fwp-content%2Fuploads%2F2018%2F03%2F22-thegem-blog-timeline-large.jpg\" title=\"Pinterest\"><i class=\"socials-item-icon pinterest\"><\/i><\/a> <a class=\"socials-item\" target=\"_blank\" href=\"https:\/\/www.tumblr.com\/widgets\/share\/tool?canonicalUrl=https%3A%2F%2Fwww.blanescostabrava.cat%2Ffr%2Fpf%2Fmarche-des-fruits-et-legumes%2F\" title=\"Tumblr\"><i class=\"socials-item-icon tumblr\"><\/i><\/a> <a class=\"socials-item\" target=\"_blank\" href=\"https:\/\/www.linkedin.com\/shareArticle?mini=true&#038;url=https%3A%2F%2Fwww.blanescostabrava.cat%2Ffr%2Fpf%2Fmarche-des-fruits-et-legumes%2F&#038;title=March%C3%A9+des+fruits+et+l%C3%A9gumes&amp;summary=%5Bvc_row+full_width%3D%C2%A0%C2%BBstretch_row%C2%A0%C2%BB+css%3D%C2%A0%C2%BB.vc_custom_1521931730307%7Bbackground-image%3A+url%28https%3A%2F%2Fwww.blanescostabrava.cat%2Fwp-content%2Fuploads%2F2018%2F03%2F22.jpg%3Fid%3D32570%29+%21important%3B%7D%C2%A0%C2%BB+el_class%3D%C2%A0%C2%BBcabecera-pagina-interna+cabecera-ficha%C2%A0%C2%BB%5D%5Bvc_column%5D%5Bvc_column_text%5D+March%C3%A9+des+fruits+et+l%C3%A9gumes+%5B%2Fvc_column_text%5D%5B%2Fvc_column%5D%5B%2Fvc_row%5D%5Bvc_row%5D%5Bvc_column+width%3D%C2%A0%C2%BB2%2F3%26Prime%3B%5D%5Bvc_column_text+el_class%3D%C2%A0%C2%BBtextos-ficha-interna%C2%A0%C2%BB%5DALLONS%C2%A0SUR+LA+PLACE%21+%E2%80%9CAnem+a+pla%C3%A7a%E2%80%9D...\" title=\"LinkedIn\"><i class=\"socials-item-icon linkedin\"><\/i><\/a> <a class=\"socials-item\" target=\"_blank\" href=\"https:\/\/www.reddit.com\/submit?url=https%3A%2F%2Fwww.blanescostabrava.cat%2Ffr%2Fpf%2Fmarche-des-fruits-et-legumes%2F&#038;title=March%C3%A9+des+fruits+et+l%C3%A9gumes\" title=\"Reddit\"><i class=\"socials-item-icon reddit\"><\/i><\/a> <\/div> <\/div> <\/div> <div class=\"caption\"> <div class=\"title title-h4\"> March\u00e9 des fruits et l\u00e9gumes <\/span> <\/div> <div class=\"description\"> <\/div> <\/div> <\/div> <\/div> <\/div> <\/div> <\/div> <\/div> <div class=\"portfolio-item blanes item-animations-not-inited post-35826 thegem_pf_item type-thegem_pf_item status-publish has-post-thumbnail\" style=\"padding: 21px;\" data-default-sort=\"0\" data-sort-date=\"1527149320\"> <div class=\"wrap clearfix\" style=\"border-bottom-color: \"> <div class=\"image post-35826 thegem_pf_item type-thegem_pf_item status-publish has-post-thumbnail\"> <div class=\"image-inner\"> <picture> <img src=\"https:\/\/www.blanescostabrava.cat\/wp-content\/uploads\/2018\/03\/35-thegem-portfolio-justified.jpg\" width=\"844\" height=\"620\" class=\"attachment-thegem-portfolio-justified\" alt=\"Es Portal et Port de p\u00eache \/ Halle aux poissons\" \/> <\/picture> <\/div> <div class=\"overlay\"> <div class=\"overlay-circle\"><\/div> <div class=\"links-wrapper\"> <div class=\"links\"> <div class=\"portfolio-icons\"> <a href=\"https:\/\/www.blanescostabrava.cat\/fr\/pf\/es-portal-et-port-de-peche-halle-aux-poissons\/\" target=\"_self\" class=\"icon self-link \"><\/a> <a href=\"javascript: void(0);\" class=\"icon share\"><\/a> <div class=\"overlay-line\"><\/div> <div class=\"portfolio-sharing-pane\"> <div class=\"socials-sharing socials socials-colored-hover\"> <a class=\"socials-item\" target=\"_blank\" href=\"https:\/\/www.facebook.com\/sharer\/sharer.php?u=https%3A%2F%2Fwww.blanescostabrava.cat%2Ffr%2Fpf%2Fes-portal-et-port-de-peche-halle-aux-poissons%2F\" title=\"Facebook\"><i class=\"socials-item-icon facebook\"><\/i><\/a> <a class=\"socials-item\" target=\"_blank\" href=\"https:\/\/twitter.com\/intent\/tweet?text=Es+Portal+et+Port+de+p%C3%AAche+%2F+Halle+aux+poissons&#038;url=https%3A%2F%2Fwww.blanescostabrava.cat%2Ffr%2Fpf%2Fes-portal-et-port-de-peche-halle-aux-poissons%2F\" title=\"Twitter\"><i class=\"socials-item-icon twitter\"><\/i><\/a> <a class=\"socials-item\" target=\"_blank\" href=\"https:\/\/pinterest.com\/pin\/create\/button\/?url=https%3A%2F%2Fwww.blanescostabrava.cat%2Ffr%2Fpf%2Fes-portal-et-port-de-peche-halle-aux-poissons%2F&#038;description=Es+Portal+et+Port+de+p%C3%AAche+%2F+Halle+aux+poissons&#038;media=https%3A%2F%2Fwww.blanescostabrava.cat%2Fwp-content%2Fuploads%2F2018%2F03%2F35-thegem-blog-timeline-large.jpg\" title=\"Pinterest\"><i class=\"socials-item-icon pinterest\"><\/i><\/a> <a class=\"socials-item\" target=\"_blank\" href=\"https:\/\/www.tumblr.com\/widgets\/share\/tool?canonicalUrl=https%3A%2F%2Fwww.blanescostabrava.cat%2Ffr%2Fpf%2Fes-portal-et-port-de-peche-halle-aux-poissons%2F\" title=\"Tumblr\"><i class=\"socials-item-icon tumblr\"><\/i><\/a> <a class=\"socials-item\" target=\"_blank\" href=\"https:\/\/www.linkedin.com\/shareArticle?mini=true&#038;url=https%3A%2F%2Fwww.blanescostabrava.cat%2Ffr%2Fpf%2Fes-portal-et-port-de-peche-halle-aux-poissons%2F&#038;title=Es+Portal+et+Port+de+p%C3%AAche+%2F+Halle+aux+poissons&amp;summary=%5Bvc_row+full_width%3D%C2%A0%C2%BBstretch_row%C2%A0%C2%BB+css%3D%C2%A0%C2%BB.vc_custom_1521931772981%7Bbackground-image%3A+url%28https%3A%2F%2Fwww.blanescostabrava.cat%2Fwp-content%2Fuploads%2F2018%2F03%2F35.jpg%3Fid%3D32582%29+%21important%3B%7D%C2%A0%C2%BB+el_class%3D%C2%A0%C2%BBcabecera-pagina-interna+cabecera-ficha%C2%A0%C2%BB%5D%5Bvc_column%5D%5Bvc_column_text%5D+ES+PORTAL+ET+PORT+DE+P%C3%8ACHE%2FHALLE+AUX+POISSONS+%5B%2Fvc_column_text%5D%5B%2Fvc_column%5D%5B%2Fvc_row%5D%5Bvc_row%5D%5Bvc_column%5D%5Bvc_column_text%5DDE+LA+MER%C2%A0%C3%80+L%E2%80%99ASSIETTE+Assister...\" title=\"LinkedIn\"><i class=\"socials-item-icon linkedin\"><\/i><\/a> <a class=\"socials-item\" target=\"_blank\" href=\"https:\/\/www.reddit.com\/submit?url=https%3A%2F%2Fwww.blanescostabrava.cat%2Ffr%2Fpf%2Fes-portal-et-port-de-peche-halle-aux-poissons%2F&#038;title=Es+Portal+et+Port+de+p%C3%AAche+%2F+Halle+aux+poissons\" title=\"Reddit\"><i class=\"socials-item-icon reddit\"><\/i><\/a> <\/div> <\/div> <\/div> <div class=\"caption\"> <div class=\"title title-h4\"> Es Portal et Port de p\u00eache \/ Halle aux poissons <\/span> <\/div> <div class=\"description\"> <\/div> <\/div> <\/div> <\/div> <\/div> <\/div> <\/div> <\/div> <div class=\"portfolio-item plages-et-criques item-animations-not-inited post-35969 thegem_pf_item type-thegem_pf_item status-publish has-post-thumbnail\" style=\"padding: 21px;\" data-default-sort=\"0\" data-sort-date=\"1527149740\"> <div class=\"wrap clearfix\" style=\"border-bottom-color: \"> <div class=\"image post-35969 thegem_pf_item type-thegem_pf_item status-publish has-post-thumbnail\"> <div class=\"image-inner\"> <picture> <img src=\"https:\/\/www.blanescostabrava.cat\/wp-content\/uploads\/2018\/03\/forcanera-thegem-portfolio-justified.jpg\" width=\"844\" height=\"630\" class=\"attachment-thegem-portfolio-justified\" alt=\"Cala sa Forcanera et Cala s\u2019Ag\u00fcia\" \/> <\/picture> <\/div> <div class=\"overlay\"> <div class=\"overlay-circle\"><\/div> <div class=\"links-wrapper\"> <div class=\"links\"> <div class=\"portfolio-icons\"> <a href=\"https:\/\/www.blanescostabrava.cat\/fr\/pf\/cala-sa-forcanera-et-cala-saguia\/\" target=\"_self\" class=\"icon self-link \"><\/a> <a href=\"javascript: void(0);\" class=\"icon share\"><\/a> <div class=\"overlay-line\"><\/div> <div class=\"portfolio-sharing-pane\"> <div class=\"socials-sharing socials socials-colored-hover\"> <a class=\"socials-item\" target=\"_blank\" href=\"https:\/\/www.facebook.com\/sharer\/sharer.php?u=https%3A%2F%2Fwww.blanescostabrava.cat%2Ffr%2Fpf%2Fcala-sa-forcanera-et-cala-saguia%2F\" title=\"Facebook\"><i class=\"socials-item-icon facebook\"><\/i><\/a> <a class=\"socials-item\" target=\"_blank\" href=\"https:\/\/twitter.com\/intent\/tweet?text=Cala+sa+Forcanera+et+Cala+s%E2%80%99Ag%C3%BCia&#038;url=https%3A%2F%2Fwww.blanescostabrava.cat%2Ffr%2Fpf%2Fcala-sa-forcanera-et-cala-saguia%2F\" title=\"Twitter\"><i class=\"socials-item-icon twitter\"><\/i><\/a> <a class=\"socials-item\" target=\"_blank\" href=\"https:\/\/pinterest.com\/pin\/create\/button\/?url=https%3A%2F%2Fwww.blanescostabrava.cat%2Ffr%2Fpf%2Fcala-sa-forcanera-et-cala-saguia%2F&#038;description=Cala+sa+Forcanera+et+Cala+s%E2%80%99Ag%C3%BCia&#038;media=https%3A%2F%2Fwww.blanescostabrava.cat%2Fwp-content%2Fuploads%2F2018%2F03%2Fforcanera-thegem-blog-timeline-large.jpg\" title=\"Pinterest\"><i class=\"socials-item-icon pinterest\"><\/i><\/a> <a class=\"socials-item\" target=\"_blank\" href=\"https:\/\/www.tumblr.com\/widgets\/share\/tool?canonicalUrl=https%3A%2F%2Fwww.blanescostabrava.cat%2Ffr%2Fpf%2Fcala-sa-forcanera-et-cala-saguia%2F\" title=\"Tumblr\"><i class=\"socials-item-icon tumblr\"><\/i><\/a> <a class=\"socials-item\" target=\"_blank\" href=\"https:\/\/www.linkedin.com\/shareArticle?mini=true&#038;url=https%3A%2F%2Fwww.blanescostabrava.cat%2Ffr%2Fpf%2Fcala-sa-forcanera-et-cala-saguia%2F&#038;title=Cala+sa+Forcanera+et+Cala+s%E2%80%99Ag%C3%BCia&amp;summary=%5Bvc_row+full_width%3D%C2%A0%C2%BBstretch_row%C2%A0%C2%BB+css%3D%C2%A0%C2%BB.vc_custom_1522078239924%7Bbackground-image%3A+url%28https%3A%2F%2Fwww.blanescostabrava.cat%2Fwp-content%2Fuploads%2F2018%2F03%2Fforcanera.jpg%3Fid%3D33496%29+%21important%3B%7D%C2%A0%C2%BB+el_class%3D%C2%A0%C2%BBcabecera-pagina-interna+cabecera-ficha%C2%A0%C2%BB%5D%5Bvc_column%5D%5Bvc_column_text%5D+Cala+sa+Forcanera+et+Cala+s%E2%80%99Ag%C3%BCia+%5B%2Fvc_column_text%5D%5B%2Fvc_column%5D%5B%2Fvc_row%5D%5Bvc_row%5D%5Bvc_column%5D%5Bvc_column_text+el_class%3D%C2%A0%C2%BBtextos-ficha-interna%C2%A0%C2%BB%5DDeux+petits+secrets%2C+deux+joyaux+de...\" title=\"LinkedIn\"><i class=\"socials-item-icon linkedin\"><\/i><\/a> <a class=\"socials-item\" target=\"_blank\" href=\"https:\/\/www.reddit.com\/submit?url=https%3A%2F%2Fwww.blanescostabrava.cat%2Ffr%2Fpf%2Fcala-sa-forcanera-et-cala-saguia%2F&#038;title=Cala+sa+Forcanera+et+Cala+s%E2%80%99Ag%C3%BCia\" title=\"Reddit\"><i class=\"socials-item-icon reddit\"><\/i><\/a> <\/div> <\/div> <\/div> <div class=\"caption\"> <div class=\"title title-h4\"> Cala sa Forcanera et Cala s\u2019Ag\u00fcia <\/span> <\/div> <div class=\"description\"> <\/div> <\/div> <\/div> <\/div> <\/div> <\/div> <\/div> <\/div> <div class=\"portfolio-item sport-actif item-animations-not-inited post-35970 thegem_pf_item type-thegem_pf_item status-publish has-post-thumbnail\" style=\"padding: 21px;\" data-default-sort=\"0\" data-sort-date=\"1527149741\"> <div class=\"wrap clearfix\" style=\"border-bottom-color: \"> <div class=\"image post-35970 thegem_pf_item type-thegem_pf_item status-publish has-post-thumbnail\"> <div class=\"image-inner\"> <picture> <img src=\"https:\/\/www.blanescostabrava.cat\/wp-content\/uploads\/2018\/03\/rutes-thegem-portfolio-justified.jpg\" width=\"844\" height=\"630\" class=\"attachment-thegem-portfolio-justified\" alt=\"Randonn\u00e9es et RADFAHREN\" \/> <\/picture> <\/div> <div class=\"overlay\"> <div class=\"overlay-circle\"><\/div> <div class=\"links-wrapper\"> <div class=\"links\"> <div class=\"portfolio-icons\"> <a href=\"https:\/\/www.blanescostabrava.cat\/fr\/pf\/randonnees-et-vtt-2\/\" target=\"_self\" class=\"icon self-link \"><\/a> <a href=\"javascript: void(0);\" class=\"icon share\"><\/a> <div class=\"overlay-line\"><\/div> <div class=\"portfolio-sharing-pane\"> <div class=\"socials-sharing socials socials-colored-hover\"> <a class=\"socials-item\" target=\"_blank\" href=\"https:\/\/www.facebook.com\/sharer\/sharer.php?u=https%3A%2F%2Fwww.blanescostabrava.cat%2Ffr%2Fpf%2Frandonnees-et-vtt-2%2F\" title=\"Facebook\"><i class=\"socials-item-icon facebook\"><\/i><\/a> <a class=\"socials-item\" target=\"_blank\" href=\"https:\/\/twitter.com\/intent\/tweet?text=Randonn%C3%A9es+et+RADFAHREN&#038;url=https%3A%2F%2Fwww.blanescostabrava.cat%2Ffr%2Fpf%2Frandonnees-et-vtt-2%2F\" title=\"Twitter\"><i class=\"socials-item-icon twitter\"><\/i><\/a> <a class=\"socials-item\" target=\"_blank\" href=\"https:\/\/pinterest.com\/pin\/create\/button\/?url=https%3A%2F%2Fwww.blanescostabrava.cat%2Ffr%2Fpf%2Frandonnees-et-vtt-2%2F&#038;description=Randonn%C3%A9es+et+RADFAHREN&#038;media=https%3A%2F%2Fwww.blanescostabrava.cat%2Fwp-content%2Fuploads%2F2018%2F03%2Frutes-thegem-blog-timeline-large.jpg\" title=\"Pinterest\"><i class=\"socials-item-icon pinterest\"><\/i><\/a> <a class=\"socials-item\" target=\"_blank\" href=\"https:\/\/www.tumblr.com\/widgets\/share\/tool?canonicalUrl=https%3A%2F%2Fwww.blanescostabrava.cat%2Ffr%2Fpf%2Frandonnees-et-vtt-2%2F\" title=\"Tumblr\"><i class=\"socials-item-icon tumblr\"><\/i><\/a> <a class=\"socials-item\" target=\"_blank\" href=\"https:\/\/www.linkedin.com\/shareArticle?mini=true&#038;url=https%3A%2F%2Fwww.blanescostabrava.cat%2Ffr%2Fpf%2Frandonnees-et-vtt-2%2F&#038;title=Randonn%C3%A9es+et+RADFAHREN&amp;summary=%5Bvc_row+full_width%3D%C2%A0%C2%BBstretch_row%C2%A0%C2%BB+css%3D%C2%A0%C2%BB.vc_custom_1523896526104%7Bbackground-image%3A+url%28https%3A%2F%2Fwww.blanescostabrava.cat%2Fwp-content%2Fuploads%2F2018%2F03%2FBTT-28.jpg%3Fid%3D34873%29+%21important%3Bbackground-position%3A+center+%21important%3Bbackground-repeat%3A+no-repeat+%21important%3Bbackground-size%3A+cover+%21important%3B%7D%C2%A0%C2%BB+el_class%3D%C2%A0%C2%BBcabecera-pagina-interna+cabecera-ficha%C2%A0%C2%BB%5D%5Bvc_column%5D%5Bvc_column_text%5D+Randonn%C3%A9es+et+RADFAHREN+%5B%2Fvc_column_text%5D%5B%2Fvc_column%5D%5B%2Fvc_row%5D%5Bvc_row%5D%5Bvc_column%5D%5Bvc_column_text+el_class%3D%C2%A0%C2%BBtextos-ficha-interna%C2%A0%C2%BB%5DVous+pouvez+trouver...\" title=\"LinkedIn\"><i class=\"socials-item-icon linkedin\"><\/i><\/a> <a class=\"socials-item\" target=\"_blank\" href=\"https:\/\/www.reddit.com\/submit?url=https%3A%2F%2Fwww.blanescostabrava.cat%2Ffr%2Fpf%2Frandonnees-et-vtt-2%2F&#038;title=Randonn%C3%A9es+et+RADFAHREN\" title=\"Reddit\"><i class=\"socials-item-icon reddit\"><\/i><\/a> <\/div> <\/div> <\/div> <div class=\"caption\"> <div class=\"title title-h4\"> Randonn\u00e9es et RADFAHREN <\/span> <\/div> <div class=\"description\"> <\/div> <\/div> <\/div> <\/div> <\/div> <\/div> <\/div> <\/div> <div class=\"portfolio-item sport-actif item-animations-not-inited post-35971 thegem_pf_item type-thegem_pf_item status-publish has-post-thumbnail\" style=\"padding: 21px;\" data-default-sort=\"0\" data-sort-date=\"1527149743\"> <div class=\"wrap clearfix\" style=\"border-bottom-color: \"> <div class=\"image post-35971 thegem_pf_item type-thegem_pf_item status-publish has-post-thumbnail\"> <div class=\"image-inner\"> <picture> <img src=\"https:\/\/www.blanescostabrava.cat\/wp-content\/uploads\/2018\/03\/cicloturisme-thegem-portfolio-justified.jpg\" width=\"844\" height=\"630\" class=\"attachment-thegem-portfolio-justified\" alt=\"Cyclotourisme\" \/> <\/picture> <\/div> <div class=\"overlay\"> <div class=\"overlay-circle\"><\/div> <div class=\"links-wrapper\"> <div class=\"links\"> <div class=\"portfolio-icons\"> <a href=\"https:\/\/www.blanescostabrava.cat\/fr\/pf\/cyclotourisme\/\" target=\"_self\" class=\"icon self-link \"><\/a> <a href=\"javascript: void(0);\" class=\"icon share\"><\/a> <div class=\"overlay-line\"><\/div> <div class=\"portfolio-sharing-pane\"> <div class=\"socials-sharing socials socials-colored-hover\"> <a class=\"socials-item\" target=\"_blank\" href=\"https:\/\/www.facebook.com\/sharer\/sharer.php?u=https%3A%2F%2Fwww.blanescostabrava.cat%2Ffr%2Fpf%2Fcyclotourisme%2F\" title=\"Facebook\"><i class=\"socials-item-icon facebook\"><\/i><\/a> <a class=\"socials-item\" target=\"_blank\" href=\"https:\/\/twitter.com\/intent\/tweet?text=Cyclotourisme&#038;url=https%3A%2F%2Fwww.blanescostabrava.cat%2Ffr%2Fpf%2Fcyclotourisme%2F\" title=\"Twitter\"><i class=\"socials-item-icon twitter\"><\/i><\/a> <a class=\"socials-item\" target=\"_blank\" href=\"https:\/\/pinterest.com\/pin\/create\/button\/?url=https%3A%2F%2Fwww.blanescostabrava.cat%2Ffr%2Fpf%2Fcyclotourisme%2F&#038;description=Cyclotourisme&#038;media=https%3A%2F%2Fwww.blanescostabrava.cat%2Fwp-content%2Fuploads%2F2018%2F03%2Fcicloturisme-thegem-blog-timeline-large.jpg\" title=\"Pinterest\"><i class=\"socials-item-icon pinterest\"><\/i><\/a> <a class=\"socials-item\" target=\"_blank\" href=\"https:\/\/www.tumblr.com\/widgets\/share\/tool?canonicalUrl=https%3A%2F%2Fwww.blanescostabrava.cat%2Ffr%2Fpf%2Fcyclotourisme%2F\" title=\"Tumblr\"><i class=\"socials-item-icon tumblr\"><\/i><\/a> <a class=\"socials-item\" target=\"_blank\" href=\"https:\/\/www.linkedin.com\/shareArticle?mini=true&#038;url=https%3A%2F%2Fwww.blanescostabrava.cat%2Ffr%2Fpf%2Fcyclotourisme%2F&#038;title=Cyclotourisme&amp;summary=%5Bvc_row+full_width%3D%C2%A0%C2%BBstretch_row%C2%A0%C2%BB+css%3D%C2%A0%C2%BB.vc_custom_1522088007505%7Bbackground-image%3A+url%28https%3A%2F%2Fwww.blanescostabrava.cat%2Fwp-content%2Fuploads%2F2018%2F03%2Fcicloturisme.jpg%3Fid%3D33557%29+%21important%3B%7D%C2%A0%C2%BB+el_class%3D%C2%A0%C2%BBcabecera-pagina-interna+cabecera-ficha%C2%A0%C2%BB%5D%5Bvc_column%5D%5Bvc_column_text%5D+Cyclotourisme+%5B%2Fvc_column_text%5D%5B%2Fvc_column%5D%5B%2Fvc_row%5D%5Bvc_row%5D%5Bvc_column%5D%5Bvc_column_text+el_class%3D%C2%A0%C2%BBtextos-ficha-interna%C2%A0%C2%BB%5D+Cyclotourisme+%5B%2Fvc_column_text%5D%5B%2Fvc_column%5D%5B%2Fvc_row%5D%5Bvc_row%5D%5Bvc_column%5D%5Bvc_column_text+el_class%3D%C2%A0%C2%BBtextos-ficha-interna%C2%A0%C2%BB%5D+Cyclotourisme+dans+les+environs+%5B%2Fvc_column_text%5D%5B%2Fvc_column%5D%5B%2Fvc_row%5D\" title=\"LinkedIn\"><i class=\"socials-item-icon linkedin\"><\/i><\/a> <a class=\"socials-item\" target=\"_blank\" href=\"https:\/\/www.reddit.com\/submit?url=https%3A%2F%2Fwww.blanescostabrava.cat%2Ffr%2Fpf%2Fcyclotourisme%2F&#038;title=Cyclotourisme\" title=\"Reddit\"><i class=\"socials-item-icon reddit\"><\/i><\/a> <\/div> <\/div> <\/div> <div class=\"caption\"> <div class=\"title title-h4\"> Cyclotourisme <\/span> <\/div> <div class=\"description\"> <\/div> <\/div> <\/div> <\/div> <\/div> <\/div> <\/div> <\/div> <div class=\"portfolio-item sport-actif item-animations-not-inited post-35972 thegem_pf_item type-thegem_pf_item status-publish has-post-thumbnail\" style=\"padding: 21px;\" data-default-sort=\"0\" data-sort-date=\"1527149744\"> <div class=\"wrap clearfix\" style=\"border-bottom-color: \"> <div class=\"image post-35972 thegem_pf_item type-thegem_pf_item status-publish has-post-thumbnail\"> <div class=\"image-inner\"> <picture> <img src=\"https:\/\/www.blanescostabrava.cat\/wp-content\/uploads\/2018\/03\/port-thegem-portfolio-justified.jpg\" width=\"844\" height=\"630\" class=\"attachment-thegem-portfolio-justified\" alt=\"Port et Club nautique sportive\" \/> <\/picture> <\/div> <div class=\"overlay\"> <div class=\"overlay-circle\"><\/div> <div class=\"links-wrapper\"> <div class=\"links\"> <div class=\"portfolio-icons\"> <a href=\"https:\/\/www.blanescostabrava.cat\/fr\/pf\/port-i-club-nautic-esportiu\/\" target=\"_self\" class=\"icon self-link \"><\/a> <a href=\"javascript: void(0);\" class=\"icon share\"><\/a> <div class=\"overlay-line\"><\/div> <div class=\"portfolio-sharing-pane\"> <div class=\"socials-sharing socials socials-colored-hover\"> <a class=\"socials-item\" target=\"_blank\" href=\"https:\/\/www.facebook.com\/sharer\/sharer.php?u=https%3A%2F%2Fwww.blanescostabrava.cat%2Ffr%2Fpf%2Fport-i-club-nautic-esportiu%2F\" title=\"Facebook\"><i class=\"socials-item-icon facebook\"><\/i><\/a> <a class=\"socials-item\" target=\"_blank\" href=\"https:\/\/twitter.com\/intent\/tweet?text=Port+et+Club+nautique+sportive&#038;url=https%3A%2F%2Fwww.blanescostabrava.cat%2Ffr%2Fpf%2Fport-i-club-nautic-esportiu%2F\" title=\"Twitter\"><i class=\"socials-item-icon twitter\"><\/i><\/a> <a class=\"socials-item\" target=\"_blank\" href=\"https:\/\/pinterest.com\/pin\/create\/button\/?url=https%3A%2F%2Fwww.blanescostabrava.cat%2Ffr%2Fpf%2Fport-i-club-nautic-esportiu%2F&#038;description=Port+et+Club+nautique+sportive&#038;media=https%3A%2F%2Fwww.blanescostabrava.cat%2Fwp-content%2Fuploads%2F2018%2F03%2Fport-thegem-blog-timeline-large.jpg\" title=\"Pinterest\"><i class=\"socials-item-icon pinterest\"><\/i><\/a> <a class=\"socials-item\" target=\"_blank\" href=\"https:\/\/www.tumblr.com\/widgets\/share\/tool?canonicalUrl=https%3A%2F%2Fwww.blanescostabrava.cat%2Ffr%2Fpf%2Fport-i-club-nautic-esportiu%2F\" title=\"Tumblr\"><i class=\"socials-item-icon tumblr\"><\/i><\/a> <a class=\"socials-item\" target=\"_blank\" href=\"https:\/\/www.linkedin.com\/shareArticle?mini=true&#038;url=https%3A%2F%2Fwww.blanescostabrava.cat%2Ffr%2Fpf%2Fport-i-club-nautic-esportiu%2F&#038;title=Port+et+Club+nautique+sportive&amp;summary=%5Bvc_row+full_width%3D%C2%A0%C2%BBstretch_row%C2%A0%C2%BB+css%3D%C2%A0%C2%BB.vc_custom_1522090142207%7Bbackground-image%3A+url%28https%3A%2F%2Fwww.blanescostabrava.cat%2Fwp-content%2Fuploads%2F2018%2F03%2Fport.jpg%3Fid%3D33631%29+%21important%3B%7D%C2%A0%C2%BB+el_class%3D%C2%A0%C2%BBcabecera-pagina-interna+cabecera-ficha%C2%A0%C2%BB%5D%5Bvc_column%5D%5Bvc_column_text%5D+Port+et+Club+nautique+sportive+%5B%2Fvc_column_text%5D%5B%2Fvc_column%5D%5B%2Fvc_row%5D%5Bvc_row%5D%5Bvc_column%5D%5Bvc_column_text+el_class%3D%C2%A0%C2%BBtextos-ficha-interna%C2%A0%C2%BB%5D+Port+Sportive+%5B%2Fvc_column_text%5D%5B%2Fvc_column%5D%5B%2Fvc_row%5D%5Bvc_row%5D%5Bvc_column%5D%5B%2Fvc_column%5D%5B%2Fvc_row%5D%5Bvc_row+el_class%3D%C2%A0%C2%BBmapa-informacion-practica+mapa-turismo+mapa-pagina-interna%C2%A0%C2%BB%5D%5Bvc_column%5D%5Bvc_column_text...\" title=\"LinkedIn\"><i class=\"socials-item-icon linkedin\"><\/i><\/a> <a class=\"socials-item\" target=\"_blank\" href=\"https:\/\/www.reddit.com\/submit?url=https%3A%2F%2Fwww.blanescostabrava.cat%2Ffr%2Fpf%2Fport-i-club-nautic-esportiu%2F&#038;title=Port+et+Club+nautique+sportive\" title=\"Reddit\"><i class=\"socials-item-icon reddit\"><\/i><\/a> <\/div> <\/div> <\/div> <div class=\"caption\"> <div class=\"title title-h4\"> Port et Club nautique sportive <\/span> <\/div> <div class=\"description\"> <\/div> <\/div> <\/div> <\/div> <\/div> <\/div> <\/div> <\/div> <div class=\"portfolio-item blanes item-animations-not-inited post-35996 thegem_pf_item type-thegem_pf_item status-publish has-post-thumbnail\" style=\"padding: 21px;\" data-default-sort=\"0\" data-sort-date=\"1527149764\"> <div class=\"wrap clearfix\" style=\"border-bottom-color: \"> <div class=\"image post-35996 thegem_pf_item type-thegem_pf_item status-publish has-post-thumbnail\"> <div class=\"image-inner\"> <picture> <img src=\"https:\/\/www.blanescostabrava.cat\/wp-content\/uploads\/2018\/03\/parcs.jpg\" width=\"640\" height=\"722\" class=\"attachment-thegem-portfolio-justified\" alt=\"ACTIVIT\u00c9S DE LOISIR\" \/> <\/picture> <\/div> <div class=\"overlay\"> <div class=\"overlay-circle\"><\/div> <div class=\"links-wrapper\"> <div class=\"links\"> <div class=\"portfolio-icons\"> <a href=\"#\" target=\"_self\" class=\"icon inner-link \"><\/a> <a href=\"javascript: void(0);\" class=\"icon share\"><\/a> <div class=\"overlay-line\"><\/div> <div class=\"portfolio-sharing-pane\"> <div class=\"socials-sharing socials socials-colored-hover\"> <a class=\"socials-item\" target=\"_blank\" href=\"https:\/\/www.facebook.com\/sharer\/sharer.php?u=https%3A%2F%2Fwww.blanescostabrava.cat%2Ffr%2Fpf%2Factivites-de-loisir%2F\" title=\"Facebook\"><i class=\"socials-item-icon facebook\"><\/i><\/a> <a class=\"socials-item\" target=\"_blank\" href=\"https:\/\/twitter.com\/intent\/tweet?text=ACTIVIT%C3%89S+DE+LOISIR&#038;url=https%3A%2F%2Fwww.blanescostabrava.cat%2Ffr%2Fpf%2Factivites-de-loisir%2F\" title=\"Twitter\"><i class=\"socials-item-icon twitter\"><\/i><\/a> <a class=\"socials-item\" target=\"_blank\" href=\"https:\/\/pinterest.com\/pin\/create\/button\/?url=https%3A%2F%2Fwww.blanescostabrava.cat%2Ffr%2Fpf%2Factivites-de-loisir%2F&#038;description=ACTIVIT%C3%89S+DE+LOISIR&#038;media=https%3A%2F%2Fwww.blanescostabrava.cat%2Fwp-content%2Fuploads%2F2018%2F03%2Fparcs.jpg\" title=\"Pinterest\"><i class=\"socials-item-icon pinterest\"><\/i><\/a> <a class=\"socials-item\" target=\"_blank\" href=\"https:\/\/www.tumblr.com\/widgets\/share\/tool?canonicalUrl=https%3A%2F%2Fwww.blanescostabrava.cat%2Ffr%2Fpf%2Factivites-de-loisir%2F\" title=\"Tumblr\"><i class=\"socials-item-icon tumblr\"><\/i><\/a> <a class=\"socials-item\" target=\"_blank\" href=\"https:\/\/www.linkedin.com\/shareArticle?mini=true&#038;url=https%3A%2F%2Fwww.blanescostabrava.cat%2Ffr%2Fpf%2Factivites-de-loisir%2F&#038;title=ACTIVIT%C3%89S+DE+LOISIR&amp;summary=\" title=\"LinkedIn\"><i class=\"socials-item-icon linkedin\"><\/i><\/a> <a class=\"socials-item\" target=\"_blank\" href=\"https:\/\/www.reddit.com\/submit?url=https%3A%2F%2Fwww.blanescostabrava.cat%2Ffr%2Fpf%2Factivites-de-loisir%2F&#038;title=ACTIVIT%C3%89S+DE+LOISIR\" title=\"Reddit\"><i class=\"socials-item-icon reddit\"><\/i><\/a> <\/div> <\/div> <\/div> <div class=\"caption\"> <div class=\"title title-h4\"> ACTIVIT\u00c9S DE LOISIR <\/span> <\/div> <div class=\"description\"> <\/div> <\/div> <\/div> <\/div> <\/div> <\/div> <\/div> <\/div> <div class=\"portfolio-item blanes item-animations-not-inited post-35997 thegem_pf_item type-thegem_pf_item status-publish has-post-thumbnail\" style=\"padding: 21px;\" data-default-sort=\"0\" data-sort-date=\"1527149765\"> <div class=\"wrap clearfix\" style=\"border-bottom-color: \"> <div class=\"image post-35997 thegem_pf_item type-thegem_pf_item status-publish has-post-thumbnail\"> <div class=\"image-inner\"> <picture> <img src=\"https:\/\/www.blanescostabrava.cat\/wp-content\/uploads\/2018\/04\/COMER\u00c7-095-thegem-portfolio-justified.jpg\" width=\"844\" height=\"767\" class=\"attachment-thegem-portfolio-justified\" alt=\"Magasins\" \/> <\/picture> <\/div> <div class=\"overlay\"> <div class=\"overlay-circle\"><\/div> <div class=\"links-wrapper\"> <div class=\"links\"> <div class=\"portfolio-icons\"> <a href=\"#\" target=\"_self\" class=\"icon inner-link \"><\/a> <a href=\"javascript: void(0);\" class=\"icon share\"><\/a> <div class=\"overlay-line\"><\/div> <div class=\"portfolio-sharing-pane\"> <div class=\"socials-sharing socials socials-colored-hover\"> <a class=\"socials-item\" target=\"_blank\" href=\"https:\/\/www.facebook.com\/sharer\/sharer.php?u=https%3A%2F%2Fwww.blanescostabrava.cat%2Ffr%2Fpf%2Fmagasins%2F\" title=\"Facebook\"><i class=\"socials-item-icon facebook\"><\/i><\/a> <a class=\"socials-item\" target=\"_blank\" href=\"https:\/\/twitter.com\/intent\/tweet?text=Magasins&#038;url=https%3A%2F%2Fwww.blanescostabrava.cat%2Ffr%2Fpf%2Fmagasins%2F\" title=\"Twitter\"><i class=\"socials-item-icon twitter\"><\/i><\/a> <a class=\"socials-item\" target=\"_blank\" href=\"https:\/\/pinterest.com\/pin\/create\/button\/?url=https%3A%2F%2Fwww.blanescostabrava.cat%2Ffr%2Fpf%2Fmagasins%2F&#038;description=Magasins&#038;media=https%3A%2F%2Fwww.blanescostabrava.cat%2Fwp-content%2Fuploads%2F2018%2F04%2FCOMER%C3%87-095-thegem-blog-timeline-large.jpg\" title=\"Pinterest\"><i class=\"socials-item-icon pinterest\"><\/i><\/a> <a class=\"socials-item\" target=\"_blank\" href=\"https:\/\/www.tumblr.com\/widgets\/share\/tool?canonicalUrl=https%3A%2F%2Fwww.blanescostabrava.cat%2Ffr%2Fpf%2Fmagasins%2F\" title=\"Tumblr\"><i class=\"socials-item-icon tumblr\"><\/i><\/a> <a class=\"socials-item\" target=\"_blank\" href=\"https:\/\/www.linkedin.com\/shareArticle?mini=true&#038;url=https%3A%2F%2Fwww.blanescostabrava.cat%2Ffr%2Fpf%2Fmagasins%2F&#038;title=Magasins&amp;summary=\" title=\"LinkedIn\"><i class=\"socials-item-icon linkedin\"><\/i><\/a> <a class=\"socials-item\" target=\"_blank\" href=\"https:\/\/www.reddit.com\/submit?url=https%3A%2F%2Fwww.blanescostabrava.cat%2Ffr%2Fpf%2Fmagasins%2F&#038;title=Magasins\" title=\"Reddit\"><i class=\"socials-item-icon reddit\"><\/i><\/a> <\/div> <\/div> <\/div> <div class=\"caption\"> <div class=\"title title-h4\"> Magasins <\/span> <\/div> <div class=\"description\"> <\/div> <\/div> <\/div> <\/div> <\/div> <\/div> <\/div> <\/div> <div class=\"portfolio-item blanes item-animations-not-inited post-36042 thegem_pf_item type-thegem_pf_item status-publish\" style=\"padding: 21px;\" data-default-sort=\"0\" data-sort-date=\"1527149813\"> <div class=\"wrap clearfix\" style=\"border-bottom-color: \"> <div class=\"image post-36042 thegem_pf_item type-thegem_pf_item status-publish\"> <div class=\"image-inner\"> <span class=\"gem-dummy\"><\/span> <\/div> <div class=\"overlay\"> <div class=\"overlay-circle\"><\/div> <div class=\"links-wrapper\"> <div class=\"links\"> <div class=\"portfolio-icons\"> <a href=\"#\" target=\"_self\" class=\"icon inner-link \"><\/a> <a href=\"javascript: void(0);\" class=\"icon share\"><\/a> <div class=\"overlay-line\"><\/div> <div class=\"portfolio-sharing-pane\"> <div class=\"socials-sharing socials socials-colored-hover\"> <a class=\"socials-item\" target=\"_blank\" href=\"https:\/\/www.facebook.com\/sharer\/sharer.php?u=https%3A%2F%2Fwww.blanescostabrava.cat%2Ffr%2Fpf%2Frestaurants%2F\" title=\"Facebook\"><i class=\"socials-item-icon facebook\"><\/i><\/a> <a class=\"socials-item\" target=\"_blank\" href=\"https:\/\/twitter.com\/intent\/tweet?text=Restaurants&#038;url=https%3A%2F%2Fwww.blanescostabrava.cat%2Ffr%2Fpf%2Frestaurants%2F\" title=\"Twitter\"><i class=\"socials-item-icon twitter\"><\/i><\/a> <a class=\"socials-item\" target=\"_blank\" href=\"https:\/\/pinterest.com\/pin\/create\/button\/?url=https%3A%2F%2Fwww.blanescostabrava.cat%2Ffr%2Fpf%2Frestaurants%2F&#038;description=Restaurants\" title=\"Pinterest\"><i class=\"socials-item-icon pinterest\"><\/i><\/a> <a class=\"socials-item\" target=\"_blank\" href=\"https:\/\/www.tumblr.com\/widgets\/share\/tool?canonicalUrl=https%3A%2F%2Fwww.blanescostabrava.cat%2Ffr%2Fpf%2Frestaurants%2F\" title=\"Tumblr\"><i class=\"socials-item-icon tumblr\"><\/i><\/a> <a class=\"socials-item\" target=\"_blank\" href=\"https:\/\/www.linkedin.com\/shareArticle?mini=true&#038;url=https%3A%2F%2Fwww.blanescostabrava.cat%2Ffr%2Fpf%2Frestaurants%2F&#038;title=Restaurants&amp;summary=\" title=\"LinkedIn\"><i class=\"socials-item-icon linkedin\"><\/i><\/a> <a class=\"socials-item\" target=\"_blank\" href=\"https:\/\/www.reddit.com\/submit?url=https%3A%2F%2Fwww.blanescostabrava.cat%2Ffr%2Fpf%2Frestaurants%2F&#038;title=Restaurants\" title=\"Reddit\"><i class=\"socials-item-icon reddit\"><\/i><\/a> <\/div> <\/div> <\/div> <div class=\"caption\"> <div class=\"title title-h4\"> Restaurants <\/span> <\/div> <div class=\"description\"> <\/div> <\/div> <\/div> <\/div> <\/div> <\/div> <\/div> <\/div> <div class=\"portfolio-item blanes item-animations-not-inited post-36043 thegem_pf_item type-thegem_pf_item status-publish\" style=\"padding: 21px;\" data-default-sort=\"0\" data-sort-date=\"1527149813\"> <div class=\"wrap clearfix\" style=\"border-bottom-color: \"> <div class=\"image post-36043 thegem_pf_item type-thegem_pf_item status-publish\"> <div class=\"image-inner\"> <span class=\"gem-dummy\"><\/span> <\/div> <div class=\"overlay\"> <div class=\"overlay-circle\"><\/div> <div class=\"links-wrapper\"> <div class=\"links\"> <div class=\"portfolio-icons\"> <a href=\"#\" target=\"_self\" class=\"icon inner-link \"><\/a> <a href=\"javascript: void(0);\" class=\"icon share\"><\/a> <div class=\"overlay-line\"><\/div> <div class=\"portfolio-sharing-pane\"> <div class=\"socials-sharing socials socials-colored-hover\"> <a class=\"socials-item\" target=\"_blank\" href=\"https:\/\/www.facebook.com\/sharer\/sharer.php?u=https%3A%2F%2Fwww.blanescostabrava.cat%2Ffr%2Fpf%2Flogements%2F\" title=\"Facebook\"><i class=\"socials-item-icon facebook\"><\/i><\/a> <a class=\"socials-item\" target=\"_blank\" href=\"https:\/\/twitter.com\/intent\/tweet?text=Logements&#038;url=https%3A%2F%2Fwww.blanescostabrava.cat%2Ffr%2Fpf%2Flogements%2F\" title=\"Twitter\"><i class=\"socials-item-icon twitter\"><\/i><\/a> <a class=\"socials-item\" target=\"_blank\" href=\"https:\/\/pinterest.com\/pin\/create\/button\/?url=https%3A%2F%2Fwww.blanescostabrava.cat%2Ffr%2Fpf%2Flogements%2F&#038;description=Logements\" title=\"Pinterest\"><i class=\"socials-item-icon pinterest\"><\/i><\/a> <a class=\"socials-item\" target=\"_blank\" href=\"https:\/\/www.tumblr.com\/widgets\/share\/tool?canonicalUrl=https%3A%2F%2Fwww.blanescostabrava.cat%2Ffr%2Fpf%2Flogements%2F\" title=\"Tumblr\"><i class=\"socials-item-icon tumblr\"><\/i><\/a> <a class=\"socials-item\" target=\"_blank\" href=\"https:\/\/www.linkedin.com\/shareArticle?mini=true&#038;url=https%3A%2F%2Fwww.blanescostabrava.cat%2Ffr%2Fpf%2Flogements%2F&#038;title=Logements&amp;summary=\" title=\"LinkedIn\"><i class=\"socials-item-icon linkedin\"><\/i><\/a> <a class=\"socials-item\" target=\"_blank\" href=\"https:\/\/www.reddit.com\/submit?url=https%3A%2F%2Fwww.blanescostabrava.cat%2Ffr%2Fpf%2Flogements%2F&#038;title=Logements\" title=\"Reddit\"><i class=\"socials-item-icon reddit\"><\/i><\/a> <\/div> <\/div> <\/div> <div class=\"caption\"> <div class=\"title title-h4\"> Logements <\/span> <\/div> <div class=\"description\"> <\/div> <\/div> <\/div> <\/div> <\/div> <\/div> <\/div> <\/div> <div class=\"portfolio-item blanes item-animations-not-inited post-36044 thegem_pf_item type-thegem_pf_item status-publish\" style=\"padding: 21px;\" data-default-sort=\"0\" data-sort-date=\"1527149814\"> <div class=\"wrap clearfix\" style=\"border-bottom-color: \"> <div class=\"image post-36044 thegem_pf_item type-thegem_pf_item status-publish\"> <div class=\"image-inner\"> <span class=\"gem-dummy\"><\/span> <\/div> <div class=\"overlay\"> <div class=\"overlay-circle\"><\/div> <div class=\"links-wrapper\"> <div class=\"links\"> <div class=\"portfolio-icons\"> <a href=\"#\" target=\"_self\" class=\"icon inner-link \"><\/a> <a href=\"javascript: void(0);\" class=\"icon share\"><\/a> <div class=\"overlay-line\"><\/div> <div class=\"portfolio-sharing-pane\"> <div class=\"socials-sharing socials socials-colored-hover\"> <a class=\"socials-item\" target=\"_blank\" href=\"https:\/\/www.facebook.com\/sharer\/sharer.php?u=https%3A%2F%2Fwww.blanescostabrava.cat%2Ffr%2Fpf%2Fproduits-authentiques%2F\" title=\"Facebook\"><i class=\"socials-item-icon facebook\"><\/i><\/a> <a class=\"socials-item\" target=\"_blank\" href=\"https:\/\/twitter.com\/intent\/tweet?text=Produits+Authentiques&#038;url=https%3A%2F%2Fwww.blanescostabrava.cat%2Ffr%2Fpf%2Fproduits-authentiques%2F\" title=\"Twitter\"><i class=\"socials-item-icon twitter\"><\/i><\/a> <a class=\"socials-item\" target=\"_blank\" href=\"https:\/\/pinterest.com\/pin\/create\/button\/?url=https%3A%2F%2Fwww.blanescostabrava.cat%2Ffr%2Fpf%2Fproduits-authentiques%2F&#038;description=Produits+Authentiques\" title=\"Pinterest\"><i class=\"socials-item-icon pinterest\"><\/i><\/a> <a class=\"socials-item\" target=\"_blank\" href=\"https:\/\/www.tumblr.com\/widgets\/share\/tool?canonicalUrl=https%3A%2F%2Fwww.blanescostabrava.cat%2Ffr%2Fpf%2Fproduits-authentiques%2F\" title=\"Tumblr\"><i class=\"socials-item-icon tumblr\"><\/i><\/a> <a class=\"socials-item\" target=\"_blank\" href=\"https:\/\/www.linkedin.com\/shareArticle?mini=true&#038;url=https%3A%2F%2Fwww.blanescostabrava.cat%2Ffr%2Fpf%2Fproduits-authentiques%2F&#038;title=Produits+Authentiques&amp;summary=%5Bvc_row+full_width%3D%C2%A0%C2%BBstretch_row%C2%A0%C2%BB+css%3D%C2%A0%C2%BB.vc_custom_1525692693232%7Bbackground-image%3A+url%28https%3A%2F%2Fwww.blanescostabrava.cat%2Fwp-content%2Fuploads%2F2018%2F04%2Fproductos-genuinos.jpg%3Fid%3D34585%29+%21important%3B%7D%C2%A0%C2%BB+el_class%3D%C2%A0%C2%BBcabecera-pagina-interna+cabecera-ficha%C2%A0%C2%BB%5D%5Bvc_column%5D%5Bvc_column_text%5D+Produits+Authentiques+%5B%2Fvc_column_text%5D%5B%2Fvc_column%5D%5B%2Fvc_row%5D%5Bvc_row%5D%5Bvc_column+width%3D%C2%A0%C2%BB2%2F3%26Prime%3B%5D%5Bvc_column_text+el_class%3D%C2%A0%C2%BBtextos-ficha-interna%C2%A0%C2%BB%5DCe+mach%C3%A9+est+le+plus+fequent%C3%A9+de+la+ville%2C...\" title=\"LinkedIn\"><i class=\"socials-item-icon linkedin\"><\/i><\/a> <a class=\"socials-item\" target=\"_blank\" href=\"https:\/\/www.reddit.com\/submit?url=https%3A%2F%2Fwww.blanescostabrava.cat%2Ffr%2Fpf%2Fproduits-authentiques%2F&#038;title=Produits+Authentiques\" title=\"Reddit\"><i class=\"socials-item-icon reddit\"><\/i><\/a> <\/div> <\/div> <\/div> <div class=\"caption\"> <div class=\"title title-h4\"> Produits Authentiques <\/span> <\/div> <div class=\"description\"> <\/div> <\/div> <\/div> <\/div> <\/div> <\/div> <\/div> <\/div> <div class=\"portfolio-item monuments item-animations-not-inited post-225247 thegem_pf_item type-thegem_pf_item status-publish has-post-thumbnail\" style=\"padding: 21px;\" data-default-sort=\"0\" data-sort-date=\"1759342180\"> <div class=\"wrap clearfix\" style=\"border-bottom-color: \"> <div class=\"image post-225247 thegem_pf_item type-thegem_pf_item status-publish has-post-thumbnail\"> <div class=\"image-inner\"> <picture> <img src=\"https:\/\/www.blanescostabrava.cat\/wp-content\/uploads\/2025\/10\/20250717_094443-scaled-e1759332390477-thegem-portfolio-justified.jpg\" width=\"844\" height=\"767\" class=\"attachment-thegem-portfolio-justified\" alt=\"Centre d&rsquo;Interpre\u0301tation de la ville romaine de Blandae\" \/> <\/picture> <\/div> <div class=\"overlay\"> <div class=\"overlay-circle\"><\/div> <div class=\"links-wrapper\"> <div class=\"links\"> <div class=\"portfolio-icons\"> <a href=\"https:\/\/www.blanescostabrava.cat\/fr\/pf\/ville-romaine-de-blandae\/\" target=\"_self\" class=\"icon self-link \"><\/a> <a href=\"javascript: void(0);\" class=\"icon share\"><\/a> <div class=\"overlay-line\"><\/div> <div class=\"portfolio-sharing-pane\"> <div class=\"socials-sharing socials socials-colored-hover\"> <a class=\"socials-item\" target=\"_blank\" href=\"https:\/\/www.facebook.com\/sharer\/sharer.php?u=https%3A%2F%2Fwww.blanescostabrava.cat%2Ffr%2Fpf%2Fville-romaine-de-blandae%2F\" title=\"Facebook\"><i class=\"socials-item-icon facebook\"><\/i><\/a> <a class=\"socials-item\" target=\"_blank\" href=\"https:\/\/twitter.com\/intent\/tweet?text=Centre+d%26rsquo%3BInterpre%CC%81tation+de+la+ville+romaine+de+Blandae&#038;url=https%3A%2F%2Fwww.blanescostabrava.cat%2Ffr%2Fpf%2Fville-romaine-de-blandae%2F\" title=\"Twitter\"><i class=\"socials-item-icon twitter\"><\/i><\/a> <a class=\"socials-item\" target=\"_blank\" href=\"https:\/\/pinterest.com\/pin\/create\/button\/?url=https%3A%2F%2Fwww.blanescostabrava.cat%2Ffr%2Fpf%2Fville-romaine-de-blandae%2F&#038;description=Centre+d%26rsquo%3BInterpre%CC%81tation+de+la+ville+romaine+de+Blandae&#038;media=https%3A%2F%2Fwww.blanescostabrava.cat%2Fwp-content%2Fuploads%2F2025%2F10%2F20250717_094443-scaled-e1759332390477-thegem-blog-timeline-large.jpg\" title=\"Pinterest\"><i class=\"socials-item-icon pinterest\"><\/i><\/a> <a class=\"socials-item\" target=\"_blank\" href=\"https:\/\/www.tumblr.com\/widgets\/share\/tool?canonicalUrl=https%3A%2F%2Fwww.blanescostabrava.cat%2Ffr%2Fpf%2Fville-romaine-de-blandae%2F\" title=\"Tumblr\"><i class=\"socials-item-icon tumblr\"><\/i><\/a> <a class=\"socials-item\" target=\"_blank\" href=\"https:\/\/www.linkedin.com\/shareArticle?mini=true&#038;url=https%3A%2F%2Fwww.blanescostabrava.cat%2Ffr%2Fpf%2Fville-romaine-de-blandae%2F&#038;title=Centre+d%26rsquo%3BInterpre%CC%81tation+de+la+ville+romaine+de+Blandae&amp;summary=Au+Centre+d%E2%80%99interpr%C3%A9tation+de+la+ville+romaine+de+Blandae%2C+l%E2%80%99histoire+de+cette+ancienne+civitas%2C+fond%C3%A9e+par+les+Romains+au+Ier+si%C3%A8cle+av.+J.-C.%2C+est+r%C3%A9v%C3%A9l%C3%A9e+gr%C3%A2ce+aux+donn%C3%A9es+d%C3%A9couvertes+lors+des+r%C3%A9centes+fouilles+arch%C3%A9ologiques.\" title=\"LinkedIn\"><i class=\"socials-item-icon linkedin\"><\/i><\/a> <a class=\"socials-item\" target=\"_blank\" href=\"https:\/\/www.reddit.com\/submit?url=https%3A%2F%2Fwww.blanescostabrava.cat%2Ffr%2Fpf%2Fville-romaine-de-blandae%2F&#038;title=Centre+d%26rsquo%3BInterpre%CC%81tation+de+la+ville+romaine+de+Blandae\" title=\"Reddit\"><i class=\"socials-item-icon reddit\"><\/i><\/a> <\/div> <\/div> <\/div> <div class=\"caption\"> <div class=\"title title-h4\"> Centre d&rsquo;Interpre\u0301tation de la ville romaine de Blandae <\/span> <\/div> <div class=\"description\"> <div class=\"subtitle\"><p>Au Centre d\u2019interpr\u00e9tation de la ville romaine de Blandae, l\u2019histoire de cette ancienne civitas, fond\u00e9e par les Romains au Ier si\u00e8cle av. J.-C., est r\u00e9v\u00e9l\u00e9e gr\u00e2ce aux donn\u00e9es d\u00e9couvertes lors des r\u00e9centes fouilles arch\u00e9ologiques.<\/p>\n<\/div> <\/div> <\/div> <\/div> <\/div> <\/div> <\/div> <\/div> <\/div> <\/div><!-- .portflio-set --> <div class=\"portfolio-item-size-container\"> <div class=\"portfolio-item item-animations-not-inited post-225247 thegem_pf_item type-thegem_pf_item status-publish has-post-thumbnail\"> <\/div> <\/div> <\/div><!-- .row--> <\/div><!-- .full-width --> <\/div><!-- .portfolio--> <\/div><!-- .portfolio-preloader-wrapper-->[\/vc_tta_section][vc_tta_section title=\u00a0\u00bbBlanes\u00a0\u00bb tab_id=\u00a0\u00bbblanes\u00a0\u00bb]<style>.portfolio.portfolio-grid#style-0e31187 .portfolio-item:not(.size-item), .preloader#style-preloader-0e31187 .portfolio-item { padding: calc(42px\/2) !important; }.portfolio.portfolio-grid#style-0e31187 .portfolio-item.size-item { padding: 0 calc(42px\/2) !important; }.portfolio.portfolio-grid#style-0e31187 .portfolio-row, .preloader#style-preloader-0e31187 .skeleton-posts.portfolio-row { margin: calc(-42px\/2); }.portfolio.portfolio-grid#style-0e31187.fullwidth-columns .portfolio-row { margin: calc(-42px\/2) 0; }.portfolio.portfolio-grid#style-0e31187 .fullwidth-block:not(.no-paddings) { padding-left: 42px; padding-right: 42px; }.portfolio.portfolio-grid#style-0e31187 .fullwidth-block .portfolio-row { padding-left: calc(42px\/2); padding-right: calc(42px\/2); }.portfolio.portfolio-grid#style-0e31187 .fullwidth-block .portfolio-top-panel { padding-left: 42px; padding-right: 42px; }.portfolio.portfolio-grid#style-0e31187.fullwidth-columns .with-filter-sidebar .filter-sidebar { padding-left: 42px; }.portfolio.portfolio-grid#style-0e31187 .portfolio-item .caption .title span { letter-spacing: px !important; }<\/style><style>.portfolio.portfolio-grid#style-0e31187 .portfolio-filters { text-align: center; }<\/style><div id=\"style-preloader-0e31187\" class=\"preloader save-space\"><div class=\"preloader-spin\"><\/div><\/div> <div class=\"portfolio-preloader-wrapper panel-sidebar-position-left\"> <div class=\"portfolio portfolio-grid extended-portfolio-grid no-padding portfolio-pagination-scroll portfolio-style-justified background-style-white title-style-light hover-circular title-on-page hover-elements-size-default version-default caption-position-page columns-4 columns-tablet-2 columns-mobile-1 next-page-preloading \" id=\"style-0e31187\" data-style-uid=\"0e31187\" data-portfolio-uid=\"grid_8f32c9d\" data-current-page=\"1\" data-per-page=\"8\" data-next-page=\"0\" data-pages-count=\"1\" data-hover=\"circular\" data-portfolio-filter=\"[]\" data-portfolio-filter-attributes=\"null\" data-portfolio-filter-search=\"\"> <div class=\"portfolio-row-outer \"> <div class=\"portfolio-top-panel selected-only\"> <div class=\"portfolio-filter-item portfolio-selected-filters left\"> <div class=\"portfolio-selected-filter-item clear-filters\"> Clear Filters\t<\/div> <\/div> <\/div> <div class=\"row portfolio-row\"> <div class=\"portfolio-set clearfix\" data-max-row-height=\"280\"> <div class=\"portfolio-item blanes item-animations-not-inited post-35825 thegem_pf_item type-thegem_pf_item status-publish has-post-thumbnail\" style=\"padding: 21px;\" data-default-sort=\"0\" data-sort-date=\"1527149318\"> <div class=\"wrap clearfix\" style=\"border-bottom-color: \"> <div class=\"image post-35825 thegem_pf_item type-thegem_pf_item status-publish has-post-thumbnail\"> <div class=\"image-inner\"> <picture> <img src=\"https:\/\/www.blanescostabrava.cat\/wp-content\/uploads\/2018\/03\/22-thegem-portfolio-justified.jpg\" width=\"844\" height=\"620\" class=\"attachment-thegem-portfolio-justified\" alt=\"March\u00e9 des fruits et l\u00e9gumes\" \/> <\/picture> <\/div> <div class=\"overlay\"> <div class=\"overlay-circle\"><\/div> <div class=\"links-wrapper\"> <div class=\"links\"> <div class=\"portfolio-icons\"> <a href=\"https:\/\/www.blanescostabrava.cat\/fr\/pf\/marche-des-fruits-et-legumes\/\" target=\"_self\" class=\"icon self-link \"><\/a> <a href=\"javascript: void(0);\" class=\"icon share\"><\/a> <div class=\"overlay-line\"><\/div> <div class=\"portfolio-sharing-pane\"> <div class=\"socials-sharing socials socials-colored-hover\"> <a class=\"socials-item\" target=\"_blank\" href=\"https:\/\/www.facebook.com\/sharer\/sharer.php?u=https%3A%2F%2Fwww.blanescostabrava.cat%2Ffr%2Fpf%2Fmarche-des-fruits-et-legumes%2F\" title=\"Facebook\"><i class=\"socials-item-icon facebook\"><\/i><\/a> <a class=\"socials-item\" target=\"_blank\" href=\"https:\/\/twitter.com\/intent\/tweet?text=March%C3%A9+des+fruits+et+l%C3%A9gumes&#038;url=https%3A%2F%2Fwww.blanescostabrava.cat%2Ffr%2Fpf%2Fmarche-des-fruits-et-legumes%2F\" title=\"Twitter\"><i class=\"socials-item-icon twitter\"><\/i><\/a> <a class=\"socials-item\" target=\"_blank\" href=\"https:\/\/pinterest.com\/pin\/create\/button\/?url=https%3A%2F%2Fwww.blanescostabrava.cat%2Ffr%2Fpf%2Fmarche-des-fruits-et-legumes%2F&#038;description=March%C3%A9+des+fruits+et+l%C3%A9gumes&#038;media=https%3A%2F%2Fwww.blanescostabrava.cat%2Fwp-content%2Fuploads%2F2018%2F03%2F22-thegem-blog-timeline-large.jpg\" title=\"Pinterest\"><i class=\"socials-item-icon pinterest\"><\/i><\/a> <a class=\"socials-item\" target=\"_blank\" href=\"https:\/\/www.tumblr.com\/widgets\/share\/tool?canonicalUrl=https%3A%2F%2Fwww.blanescostabrava.cat%2Ffr%2Fpf%2Fmarche-des-fruits-et-legumes%2F\" title=\"Tumblr\"><i class=\"socials-item-icon tumblr\"><\/i><\/a> <a class=\"socials-item\" target=\"_blank\" href=\"https:\/\/www.linkedin.com\/shareArticle?mini=true&#038;url=https%3A%2F%2Fwww.blanescostabrava.cat%2Ffr%2Fpf%2Fmarche-des-fruits-et-legumes%2F&#038;title=March%C3%A9+des+fruits+et+l%C3%A9gumes&amp;summary=%5Bvc_row+full_width%3D%C2%A0%C2%BBstretch_row%C2%A0%C2%BB+css%3D%C2%A0%C2%BB.vc_custom_1521931730307%7Bbackground-image%3A+url%28https%3A%2F%2Fwww.blanescostabrava.cat%2Fwp-content%2Fuploads%2F2018%2F03%2F22.jpg%3Fid%3D32570%29+%21important%3B%7D%C2%A0%C2%BB+el_class%3D%C2%A0%C2%BBcabecera-pagina-interna+cabecera-ficha%C2%A0%C2%BB%5D%5Bvc_column%5D%5Bvc_column_text%5D+March%C3%A9+des+fruits+et+l%C3%A9gumes+%5B%2Fvc_column_text%5D%5B%2Fvc_column%5D%5B%2Fvc_row%5D%5Bvc_row%5D%5Bvc_column+width%3D%C2%A0%C2%BB2%2F3%26Prime%3B%5D%5Bvc_column_text+el_class%3D%C2%A0%C2%BBtextos-ficha-interna%C2%A0%C2%BB%5DALLONS%C2%A0SUR+LA+PLACE%21+%E2%80%9CAnem+a+pla%C3%A7a%E2%80%9D...\" title=\"LinkedIn\"><i class=\"socials-item-icon linkedin\"><\/i><\/a> <a class=\"socials-item\" target=\"_blank\" href=\"https:\/\/www.reddit.com\/submit?url=https%3A%2F%2Fwww.blanescostabrava.cat%2Ffr%2Fpf%2Fmarche-des-fruits-et-legumes%2F&#038;title=March%C3%A9+des+fruits+et+l%C3%A9gumes\" title=\"Reddit\"><i class=\"socials-item-icon reddit\"><\/i><\/a> <\/div> <\/div> <\/div> <div class=\"caption\"> <div class=\"title title-h4\"> March\u00e9 des fruits et l\u00e9gumes <\/span> <\/div> <div class=\"description\"> <\/div> <\/div> <\/div> <\/div> <\/div> <\/div> <\/div> <\/div> <div class=\"portfolio-item blanes item-animations-not-inited post-35826 thegem_pf_item type-thegem_pf_item status-publish has-post-thumbnail\" style=\"padding: 21px;\" data-default-sort=\"0\" data-sort-date=\"1527149320\"> <div class=\"wrap clearfix\" style=\"border-bottom-color: \"> <div class=\"image post-35826 thegem_pf_item type-thegem_pf_item status-publish has-post-thumbnail\"> <div class=\"image-inner\"> <picture> <img src=\"https:\/\/www.blanescostabrava.cat\/wp-content\/uploads\/2018\/03\/35-thegem-portfolio-justified.jpg\" width=\"844\" height=\"620\" class=\"attachment-thegem-portfolio-justified\" alt=\"Es Portal et Port de p\u00eache \/ Halle aux poissons\" \/> <\/picture> <\/div> <div class=\"overlay\"> <div class=\"overlay-circle\"><\/div> <div class=\"links-wrapper\"> <div class=\"links\"> <div class=\"portfolio-icons\"> <a href=\"https:\/\/www.blanescostabrava.cat\/fr\/pf\/es-portal-et-port-de-peche-halle-aux-poissons\/\" target=\"_self\" class=\"icon self-link \"><\/a> <a href=\"javascript: void(0);\" class=\"icon share\"><\/a> <div class=\"overlay-line\"><\/div> <div class=\"portfolio-sharing-pane\"> <div class=\"socials-sharing socials socials-colored-hover\"> <a class=\"socials-item\" target=\"_blank\" href=\"https:\/\/www.facebook.com\/sharer\/sharer.php?u=https%3A%2F%2Fwww.blanescostabrava.cat%2Ffr%2Fpf%2Fes-portal-et-port-de-peche-halle-aux-poissons%2F\" title=\"Facebook\"><i class=\"socials-item-icon facebook\"><\/i><\/a> <a class=\"socials-item\" target=\"_blank\" href=\"https:\/\/twitter.com\/intent\/tweet?text=Es+Portal+et+Port+de+p%C3%AAche+%2F+Halle+aux+poissons&#038;url=https%3A%2F%2Fwww.blanescostabrava.cat%2Ffr%2Fpf%2Fes-portal-et-port-de-peche-halle-aux-poissons%2F\" title=\"Twitter\"><i class=\"socials-item-icon twitter\"><\/i><\/a> <a class=\"socials-item\" target=\"_blank\" href=\"https:\/\/pinterest.com\/pin\/create\/button\/?url=https%3A%2F%2Fwww.blanescostabrava.cat%2Ffr%2Fpf%2Fes-portal-et-port-de-peche-halle-aux-poissons%2F&#038;description=Es+Portal+et+Port+de+p%C3%AAche+%2F+Halle+aux+poissons&#038;media=https%3A%2F%2Fwww.blanescostabrava.cat%2Fwp-content%2Fuploads%2F2018%2F03%2F35-thegem-blog-timeline-large.jpg\" title=\"Pinterest\"><i class=\"socials-item-icon pinterest\"><\/i><\/a> <a class=\"socials-item\" target=\"_blank\" href=\"https:\/\/www.tumblr.com\/widgets\/share\/tool?canonicalUrl=https%3A%2F%2Fwww.blanescostabrava.cat%2Ffr%2Fpf%2Fes-portal-et-port-de-peche-halle-aux-poissons%2F\" title=\"Tumblr\"><i class=\"socials-item-icon tumblr\"><\/i><\/a> <a class=\"socials-item\" target=\"_blank\" href=\"https:\/\/www.linkedin.com\/shareArticle?mini=true&#038;url=https%3A%2F%2Fwww.blanescostabrava.cat%2Ffr%2Fpf%2Fes-portal-et-port-de-peche-halle-aux-poissons%2F&#038;title=Es+Portal+et+Port+de+p%C3%AAche+%2F+Halle+aux+poissons&amp;summary=%5Bvc_row+full_width%3D%C2%A0%C2%BBstretch_row%C2%A0%C2%BB+css%3D%C2%A0%C2%BB.vc_custom_1521931772981%7Bbackground-image%3A+url%28https%3A%2F%2Fwww.blanescostabrava.cat%2Fwp-content%2Fuploads%2F2018%2F03%2F35.jpg%3Fid%3D32582%29+%21important%3B%7D%C2%A0%C2%BB+el_class%3D%C2%A0%C2%BBcabecera-pagina-interna+cabecera-ficha%C2%A0%C2%BB%5D%5Bvc_column%5D%5Bvc_column_text%5D+ES+PORTAL+ET+PORT+DE+P%C3%8ACHE%2FHALLE+AUX+POISSONS+%5B%2Fvc_column_text%5D%5B%2Fvc_column%5D%5B%2Fvc_row%5D%5Bvc_row%5D%5Bvc_column%5D%5Bvc_column_text%5DDE+LA+MER%C2%A0%C3%80+L%E2%80%99ASSIETTE+Assister...\" title=\"LinkedIn\"><i class=\"socials-item-icon linkedin\"><\/i><\/a> <a class=\"socials-item\" target=\"_blank\" href=\"https:\/\/www.reddit.com\/submit?url=https%3A%2F%2Fwww.blanescostabrava.cat%2Ffr%2Fpf%2Fes-portal-et-port-de-peche-halle-aux-poissons%2F&#038;title=Es+Portal+et+Port+de+p%C3%AAche+%2F+Halle+aux+poissons\" title=\"Reddit\"><i class=\"socials-item-icon reddit\"><\/i><\/a> <\/div> <\/div> <\/div> <div class=\"caption\"> <div class=\"title title-h4\"> Es Portal et Port de p\u00eache \/ Halle aux poissons <\/span> <\/div> <div class=\"description\"> <\/div> <\/div> <\/div> <\/div> <\/div> <\/div> <\/div> <\/div> <div class=\"portfolio-item blanes item-animations-not-inited post-35996 thegem_pf_item type-thegem_pf_item status-publish has-post-thumbnail\" style=\"padding: 21px;\" data-default-sort=\"0\" data-sort-date=\"1527149764\"> <div class=\"wrap clearfix\" style=\"border-bottom-color: \"> <div class=\"image post-35996 thegem_pf_item type-thegem_pf_item status-publish has-post-thumbnail\"> <div class=\"image-inner\"> <picture> <img src=\"https:\/\/www.blanescostabrava.cat\/wp-content\/uploads\/2018\/03\/parcs.jpg\" width=\"640\" height=\"722\" class=\"attachment-thegem-portfolio-justified\" alt=\"ACTIVIT\u00c9S DE LOISIR\" \/> <\/picture> <\/div> <div class=\"overlay\"> <div class=\"overlay-circle\"><\/div> <div class=\"links-wrapper\"> <div class=\"links\"> <div class=\"portfolio-icons\"> <a href=\"#\" target=\"_self\" class=\"icon inner-link \"><\/a> <a href=\"javascript: void(0);\" class=\"icon share\"><\/a> <div class=\"overlay-line\"><\/div> <div class=\"portfolio-sharing-pane\"> <div class=\"socials-sharing socials socials-colored-hover\"> <a class=\"socials-item\" target=\"_blank\" href=\"https:\/\/www.facebook.com\/sharer\/sharer.php?u=https%3A%2F%2Fwww.blanescostabrava.cat%2Ffr%2Fpf%2Factivites-de-loisir%2F\" title=\"Facebook\"><i class=\"socials-item-icon facebook\"><\/i><\/a> <a class=\"socials-item\" target=\"_blank\" href=\"https:\/\/twitter.com\/intent\/tweet?text=ACTIVIT%C3%89S+DE+LOISIR&#038;url=https%3A%2F%2Fwww.blanescostabrava.cat%2Ffr%2Fpf%2Factivites-de-loisir%2F\" title=\"Twitter\"><i class=\"socials-item-icon twitter\"><\/i><\/a> <a class=\"socials-item\" target=\"_blank\" href=\"https:\/\/pinterest.com\/pin\/create\/button\/?url=https%3A%2F%2Fwww.blanescostabrava.cat%2Ffr%2Fpf%2Factivites-de-loisir%2F&#038;description=ACTIVIT%C3%89S+DE+LOISIR&#038;media=https%3A%2F%2Fwww.blanescostabrava.cat%2Fwp-content%2Fuploads%2F2018%2F03%2Fparcs.jpg\" title=\"Pinterest\"><i class=\"socials-item-icon pinterest\"><\/i><\/a> <a class=\"socials-item\" target=\"_blank\" href=\"https:\/\/www.tumblr.com\/widgets\/share\/tool?canonicalUrl=https%3A%2F%2Fwww.blanescostabrava.cat%2Ffr%2Fpf%2Factivites-de-loisir%2F\" title=\"Tumblr\"><i class=\"socials-item-icon tumblr\"><\/i><\/a> <a class=\"socials-item\" target=\"_blank\" href=\"https:\/\/www.linkedin.com\/shareArticle?mini=true&#038;url=https%3A%2F%2Fwww.blanescostabrava.cat%2Ffr%2Fpf%2Factivites-de-loisir%2F&#038;title=ACTIVIT%C3%89S+DE+LOISIR&amp;summary=\" title=\"LinkedIn\"><i class=\"socials-item-icon linkedin\"><\/i><\/a> <a class=\"socials-item\" target=\"_blank\" href=\"https:\/\/www.reddit.com\/submit?url=https%3A%2F%2Fwww.blanescostabrava.cat%2Ffr%2Fpf%2Factivites-de-loisir%2F&#038;title=ACTIVIT%C3%89S+DE+LOISIR\" title=\"Reddit\"><i class=\"socials-item-icon reddit\"><\/i><\/a> <\/div> <\/div> <\/div> <div class=\"caption\"> <div class=\"title title-h4\"> ACTIVIT\u00c9S DE LOISIR <\/span> <\/div> <div class=\"description\"> <\/div> <\/div> <\/div> <\/div> <\/div> <\/div> <\/div> <\/div> <div class=\"portfolio-item blanes item-animations-not-inited post-35997 thegem_pf_item type-thegem_pf_item status-publish has-post-thumbnail\" style=\"padding: 21px;\" data-default-sort=\"0\" data-sort-date=\"1527149765\"> <div class=\"wrap clearfix\" style=\"border-bottom-color: \"> <div class=\"image post-35997 thegem_pf_item type-thegem_pf_item status-publish has-post-thumbnail\"> <div class=\"image-inner\"> <picture> <img src=\"https:\/\/www.blanescostabrava.cat\/wp-content\/uploads\/2018\/04\/COMER\u00c7-095-thegem-portfolio-justified.jpg\" width=\"844\" height=\"767\" class=\"attachment-thegem-portfolio-justified\" alt=\"Magasins\" \/> <\/picture> <\/div> <div class=\"overlay\"> <div class=\"overlay-circle\"><\/div> <div class=\"links-wrapper\"> <div class=\"links\"> <div class=\"portfolio-icons\"> <a href=\"#\" target=\"_self\" class=\"icon inner-link \"><\/a> <a href=\"javascript: void(0);\" class=\"icon share\"><\/a> <div class=\"overlay-line\"><\/div> <div class=\"portfolio-sharing-pane\"> <div class=\"socials-sharing socials socials-colored-hover\"> <a class=\"socials-item\" target=\"_blank\" href=\"https:\/\/www.facebook.com\/sharer\/sharer.php?u=https%3A%2F%2Fwww.blanescostabrava.cat%2Ffr%2Fpf%2Fmagasins%2F\" title=\"Facebook\"><i class=\"socials-item-icon facebook\"><\/i><\/a> <a class=\"socials-item\" target=\"_blank\" href=\"https:\/\/twitter.com\/intent\/tweet?text=Magasins&#038;url=https%3A%2F%2Fwww.blanescostabrava.cat%2Ffr%2Fpf%2Fmagasins%2F\" title=\"Twitter\"><i class=\"socials-item-icon twitter\"><\/i><\/a> <a class=\"socials-item\" target=\"_blank\" href=\"https:\/\/pinterest.com\/pin\/create\/button\/?url=https%3A%2F%2Fwww.blanescostabrava.cat%2Ffr%2Fpf%2Fmagasins%2F&#038;description=Magasins&#038;media=https%3A%2F%2Fwww.blanescostabrava.cat%2Fwp-content%2Fuploads%2F2018%2F04%2FCOMER%C3%87-095-thegem-blog-timeline-large.jpg\" title=\"Pinterest\"><i class=\"socials-item-icon pinterest\"><\/i><\/a> <a class=\"socials-item\" target=\"_blank\" href=\"https:\/\/www.tumblr.com\/widgets\/share\/tool?canonicalUrl=https%3A%2F%2Fwww.blanescostabrava.cat%2Ffr%2Fpf%2Fmagasins%2F\" title=\"Tumblr\"><i class=\"socials-item-icon tumblr\"><\/i><\/a> <a class=\"socials-item\" target=\"_blank\" href=\"https:\/\/www.linkedin.com\/shareArticle?mini=true&#038;url=https%3A%2F%2Fwww.blanescostabrava.cat%2Ffr%2Fpf%2Fmagasins%2F&#038;title=Magasins&amp;summary=\" title=\"LinkedIn\"><i class=\"socials-item-icon linkedin\"><\/i><\/a> <a class=\"socials-item\" target=\"_blank\" href=\"https:\/\/www.reddit.com\/submit?url=https%3A%2F%2Fwww.blanescostabrava.cat%2Ffr%2Fpf%2Fmagasins%2F&#038;title=Magasins\" title=\"Reddit\"><i class=\"socials-item-icon reddit\"><\/i><\/a> <\/div> <\/div> <\/div> <div class=\"caption\"> <div class=\"title title-h4\"> Magasins <\/span> <\/div> <div class=\"description\"> <\/div> <\/div> <\/div> <\/div> <\/div> <\/div> <\/div> <\/div> <div class=\"portfolio-item blanes item-animations-not-inited post-36042 thegem_pf_item type-thegem_pf_item status-publish\" style=\"padding: 21px;\" data-default-sort=\"0\" data-sort-date=\"1527149813\"> <div class=\"wrap clearfix\" style=\"border-bottom-color: \"> <div class=\"image post-36042 thegem_pf_item type-thegem_pf_item status-publish\"> <div class=\"image-inner\"> <span class=\"gem-dummy\"><\/span> <\/div> <div class=\"overlay\"> <div class=\"overlay-circle\"><\/div> <div class=\"links-wrapper\"> <div class=\"links\"> <div class=\"portfolio-icons\"> <a href=\"#\" target=\"_self\" class=\"icon inner-link \"><\/a> <a href=\"javascript: void(0);\" class=\"icon share\"><\/a> <div class=\"overlay-line\"><\/div> <div class=\"portfolio-sharing-pane\"> <div class=\"socials-sharing socials socials-colored-hover\"> <a class=\"socials-item\" target=\"_blank\" href=\"https:\/\/www.facebook.com\/sharer\/sharer.php?u=https%3A%2F%2Fwww.blanescostabrava.cat%2Ffr%2Fpf%2Frestaurants%2F\" title=\"Facebook\"><i class=\"socials-item-icon facebook\"><\/i><\/a> <a class=\"socials-item\" target=\"_blank\" href=\"https:\/\/twitter.com\/intent\/tweet?text=Restaurants&#038;url=https%3A%2F%2Fwww.blanescostabrava.cat%2Ffr%2Fpf%2Frestaurants%2F\" title=\"Twitter\"><i class=\"socials-item-icon twitter\"><\/i><\/a> <a class=\"socials-item\" target=\"_blank\" href=\"https:\/\/pinterest.com\/pin\/create\/button\/?url=https%3A%2F%2Fwww.blanescostabrava.cat%2Ffr%2Fpf%2Frestaurants%2F&#038;description=Restaurants\" title=\"Pinterest\"><i class=\"socials-item-icon pinterest\"><\/i><\/a> <a class=\"socials-item\" target=\"_blank\" href=\"https:\/\/www.tumblr.com\/widgets\/share\/tool?canonicalUrl=https%3A%2F%2Fwww.blanescostabrava.cat%2Ffr%2Fpf%2Frestaurants%2F\" title=\"Tumblr\"><i class=\"socials-item-icon tumblr\"><\/i><\/a> <a class=\"socials-item\" target=\"_blank\" href=\"https:\/\/www.linkedin.com\/shareArticle?mini=true&#038;url=https%3A%2F%2Fwww.blanescostabrava.cat%2Ffr%2Fpf%2Frestaurants%2F&#038;title=Restaurants&amp;summary=\" title=\"LinkedIn\"><i class=\"socials-item-icon linkedin\"><\/i><\/a> <a class=\"socials-item\" target=\"_blank\" href=\"https:\/\/www.reddit.com\/submit?url=https%3A%2F%2Fwww.blanescostabrava.cat%2Ffr%2Fpf%2Frestaurants%2F&#038;title=Restaurants\" title=\"Reddit\"><i class=\"socials-item-icon reddit\"><\/i><\/a> <\/div> <\/div> <\/div> <div class=\"caption\"> <div class=\"title title-h4\"> Restaurants <\/span> <\/div> <div class=\"description\"> <\/div> <\/div> <\/div> <\/div> <\/div> <\/div> <\/div> <\/div> <div class=\"portfolio-item blanes item-animations-not-inited post-36043 thegem_pf_item type-thegem_pf_item status-publish\" style=\"padding: 21px;\" data-default-sort=\"0\" data-sort-date=\"1527149813\"> <div class=\"wrap clearfix\" style=\"border-bottom-color: \"> <div class=\"image post-36043 thegem_pf_item type-thegem_pf_item status-publish\"> <div class=\"image-inner\"> <span class=\"gem-dummy\"><\/span> <\/div> <div class=\"overlay\"> <div class=\"overlay-circle\"><\/div> <div class=\"links-wrapper\"> <div class=\"links\"> <div class=\"portfolio-icons\"> <a href=\"#\" target=\"_self\" class=\"icon inner-link \"><\/a> <a href=\"javascript: void(0);\" class=\"icon share\"><\/a> <div class=\"overlay-line\"><\/div> <div class=\"portfolio-sharing-pane\"> <div class=\"socials-sharing socials socials-colored-hover\"> <a class=\"socials-item\" target=\"_blank\" href=\"https:\/\/www.facebook.com\/sharer\/sharer.php?u=https%3A%2F%2Fwww.blanescostabrava.cat%2Ffr%2Fpf%2Flogements%2F\" title=\"Facebook\"><i class=\"socials-item-icon facebook\"><\/i><\/a> <a class=\"socials-item\" target=\"_blank\" href=\"https:\/\/twitter.com\/intent\/tweet?text=Logements&#038;url=https%3A%2F%2Fwww.blanescostabrava.cat%2Ffr%2Fpf%2Flogements%2F\" title=\"Twitter\"><i class=\"socials-item-icon twitter\"><\/i><\/a> <a class=\"socials-item\" target=\"_blank\" href=\"https:\/\/pinterest.com\/pin\/create\/button\/?url=https%3A%2F%2Fwww.blanescostabrava.cat%2Ffr%2Fpf%2Flogements%2F&#038;description=Logements\" title=\"Pinterest\"><i class=\"socials-item-icon pinterest\"><\/i><\/a> <a class=\"socials-item\" target=\"_blank\" href=\"https:\/\/www.tumblr.com\/widgets\/share\/tool?canonicalUrl=https%3A%2F%2Fwww.blanescostabrava.cat%2Ffr%2Fpf%2Flogements%2F\" title=\"Tumblr\"><i class=\"socials-item-icon tumblr\"><\/i><\/a> <a class=\"socials-item\" target=\"_blank\" href=\"https:\/\/www.linkedin.com\/shareArticle?mini=true&#038;url=https%3A%2F%2Fwww.blanescostabrava.cat%2Ffr%2Fpf%2Flogements%2F&#038;title=Logements&amp;summary=\" title=\"LinkedIn\"><i class=\"socials-item-icon linkedin\"><\/i><\/a> <a class=\"socials-item\" target=\"_blank\" href=\"https:\/\/www.reddit.com\/submit?url=https%3A%2F%2Fwww.blanescostabrava.cat%2Ffr%2Fpf%2Flogements%2F&#038;title=Logements\" title=\"Reddit\"><i class=\"socials-item-icon reddit\"><\/i><\/a> <\/div> <\/div> <\/div> <div class=\"caption\"> <div class=\"title title-h4\"> Logements <\/span> <\/div> <div class=\"description\"> <\/div> <\/div> <\/div> <\/div> <\/div> <\/div> <\/div> <\/div> <div class=\"portfolio-item blanes item-animations-not-inited post-36044 thegem_pf_item type-thegem_pf_item status-publish\" style=\"padding: 21px;\" data-default-sort=\"0\" data-sort-date=\"1527149814\"> <div class=\"wrap clearfix\" style=\"border-bottom-color: \"> <div class=\"image post-36044 thegem_pf_item type-thegem_pf_item status-publish\"> <div class=\"image-inner\"> <span class=\"gem-dummy\"><\/span> <\/div> <div class=\"overlay\"> <div class=\"overlay-circle\"><\/div> <div class=\"links-wrapper\"> <div class=\"links\"> <div class=\"portfolio-icons\"> <a href=\"#\" target=\"_self\" class=\"icon inner-link \"><\/a> <a href=\"javascript: void(0);\" class=\"icon share\"><\/a> <div class=\"overlay-line\"><\/div> <div class=\"portfolio-sharing-pane\"> <div class=\"socials-sharing socials socials-colored-hover\"> <a class=\"socials-item\" target=\"_blank\" href=\"https:\/\/www.facebook.com\/sharer\/sharer.php?u=https%3A%2F%2Fwww.blanescostabrava.cat%2Ffr%2Fpf%2Fproduits-authentiques%2F\" title=\"Facebook\"><i class=\"socials-item-icon facebook\"><\/i><\/a> <a class=\"socials-item\" target=\"_blank\" href=\"https:\/\/twitter.com\/intent\/tweet?text=Produits+Authentiques&#038;url=https%3A%2F%2Fwww.blanescostabrava.cat%2Ffr%2Fpf%2Fproduits-authentiques%2F\" title=\"Twitter\"><i class=\"socials-item-icon twitter\"><\/i><\/a> <a class=\"socials-item\" target=\"_blank\" href=\"https:\/\/pinterest.com\/pin\/create\/button\/?url=https%3A%2F%2Fwww.blanescostabrava.cat%2Ffr%2Fpf%2Fproduits-authentiques%2F&#038;description=Produits+Authentiques\" title=\"Pinterest\"><i class=\"socials-item-icon pinterest\"><\/i><\/a> <a class=\"socials-item\" target=\"_blank\" href=\"https:\/\/www.tumblr.com\/widgets\/share\/tool?canonicalUrl=https%3A%2F%2Fwww.blanescostabrava.cat%2Ffr%2Fpf%2Fproduits-authentiques%2F\" title=\"Tumblr\"><i class=\"socials-item-icon tumblr\"><\/i><\/a> <a class=\"socials-item\" target=\"_blank\" href=\"https:\/\/www.linkedin.com\/shareArticle?mini=true&#038;url=https%3A%2F%2Fwww.blanescostabrava.cat%2Ffr%2Fpf%2Fproduits-authentiques%2F&#038;title=Produits+Authentiques&amp;summary=%5Bvc_row+full_width%3D%C2%A0%C2%BBstretch_row%C2%A0%C2%BB+css%3D%C2%A0%C2%BB.vc_custom_1525692693232%7Bbackground-image%3A+url%28https%3A%2F%2Fwww.blanescostabrava.cat%2Fwp-content%2Fuploads%2F2018%2F04%2Fproductos-genuinos.jpg%3Fid%3D34585%29+%21important%3B%7D%C2%A0%C2%BB+el_class%3D%C2%A0%C2%BBcabecera-pagina-interna+cabecera-ficha%C2%A0%C2%BB%5D%5Bvc_column%5D%5Bvc_column_text%5D+Produits+Authentiques+%5B%2Fvc_column_text%5D%5B%2Fvc_column%5D%5B%2Fvc_row%5D%5Bvc_row%5D%5Bvc_column+width%3D%C2%A0%C2%BB2%2F3%26Prime%3B%5D%5Bvc_column_text+el_class%3D%C2%A0%C2%BBtextos-ficha-interna%C2%A0%C2%BB%5DCe+mach%C3%A9+est+le+plus+fequent%C3%A9+de+la+ville%2C...\" title=\"LinkedIn\"><i class=\"socials-item-icon linkedin\"><\/i><\/a> <a class=\"socials-item\" target=\"_blank\" href=\"https:\/\/www.reddit.com\/submit?url=https%3A%2F%2Fwww.blanescostabrava.cat%2Ffr%2Fpf%2Fproduits-authentiques%2F&#038;title=Produits+Authentiques\" title=\"Reddit\"><i class=\"socials-item-icon reddit\"><\/i><\/a> <\/div> <\/div> <\/div> <div class=\"caption\"> <div class=\"title title-h4\"> Produits Authentiques <\/span> <\/div> <div class=\"description\"> <\/div> <\/div> <\/div> <\/div> <\/div> <\/div> <\/div> <\/div> <\/div><!-- .portflio-set --> <div class=\"portfolio-item-size-container\"> <div class=\"portfolio-item item-animations-not-inited post-36044 thegem_pf_item type-thegem_pf_item status-publish\"> <\/div> <\/div> <\/div><!-- .row--> <\/div><!-- .full-width --> <\/div><!-- .portfolio--> <\/div><!-- .portfolio-preloader-wrapper-->[\/vc_tta_section][vc_tta_section title=\u00a0\u00bbMonuments\u00a0\u00bb tab_id=\u00a0\u00bbmonuments\u00a0\u00bb]<style>.portfolio.portfolio-grid#style-2fc728d .portfolio-item:not(.size-item), .preloader#style-preloader-2fc728d .portfolio-item { padding: calc(42px\/2) !important; }.portfolio.portfolio-grid#style-2fc728d .portfolio-item.size-item { padding: 0 calc(42px\/2) !important; }.portfolio.portfolio-grid#style-2fc728d .portfolio-row, .preloader#style-preloader-2fc728d .skeleton-posts.portfolio-row { margin: calc(-42px\/2); }.portfolio.portfolio-grid#style-2fc728d.fullwidth-columns .portfolio-row { margin: calc(-42px\/2) 0; }.portfolio.portfolio-grid#style-2fc728d .fullwidth-block:not(.no-paddings) { padding-left: 42px; padding-right: 42px; }.portfolio.portfolio-grid#style-2fc728d .fullwidth-block .portfolio-row { padding-left: calc(42px\/2); padding-right: calc(42px\/2); }.portfolio.portfolio-grid#style-2fc728d .fullwidth-block .portfolio-top-panel { padding-left: 42px; padding-right: 42px; }.portfolio.portfolio-grid#style-2fc728d.fullwidth-columns .with-filter-sidebar .filter-sidebar { padding-left: 42px; }.portfolio.portfolio-grid#style-2fc728d .portfolio-item .caption .title span { letter-spacing: px !important; }<\/style><style>.portfolio.portfolio-grid#style-2fc728d .portfolio-filters { text-align: center; }<\/style><div id=\"style-preloader-2fc728d\" class=\"preloader save-space\"><div class=\"preloader-spin\"><\/div><\/div> <div class=\"portfolio-preloader-wrapper panel-sidebar-position-left\"> <div class=\"portfolio portfolio-grid extended-portfolio-grid no-padding portfolio-pagination-normal portfolio-style-justified background-style-white title-style-light hover-circular title-on-page hover-elements-size-default version-default caption-position-page columns-4 columns-tablet-2 columns-mobile-1 next-page-preloading \" id=\"style-2fc728d\" data-style-uid=\"2fc728d\" data-portfolio-uid=\"grid_8f32c9d\" data-current-page=\"1\" data-per-page=\"50\" data-next-page=\"0\" data-pages-count=\"1\" data-hover=\"circular\" data-portfolio-filter=\"[]\" data-portfolio-filter-attributes=\"null\" data-portfolio-filter-search=\"\"> <div class=\"portfolio-row-outer \"> <div class=\"portfolio-top-panel selected-only\"> <div class=\"portfolio-filter-item portfolio-selected-filters left\"> <div class=\"portfolio-selected-filter-item clear-filters\"> Clear Filters\t<\/div> <\/div> <\/div> <div class=\"row portfolio-row\"> <div class=\"portfolio-set clearfix\" data-max-row-height=\"280\"> <div class=\"portfolio-item monuments item-animations-not-inited post-35777 thegem_pf_item type-thegem_pf_item status-publish has-post-thumbnail\" style=\"padding: 21px;\" data-default-sort=\"0\" data-sort-date=\"1527149251\"> <div class=\"wrap clearfix\" style=\"border-bottom-color: \"> <div class=\"image post-35777 thegem_pf_item type-thegem_pf_item status-publish has-post-thumbnail\"> <div class=\"image-inner\"> <picture> <img src=\"https:\/\/www.blanescostabrava.cat\/wp-content\/uploads\/2018\/03\/MONUMENTO-1.jpg\" width=\"607\" height=\"687\" class=\"attachment-thegem-portfolio-justified\" alt=\"Le Palais des Vicomtes de Cabrera (XIV-XVe s.)\" \/> <\/picture> <\/div> <div class=\"overlay\"> <div class=\"overlay-circle\"><\/div> <div class=\"links-wrapper\"> <div class=\"links\"> <div class=\"portfolio-icons\"> <a href=\"https:\/\/www.blanescostabrava.cat\/fr\/pf\/le-palais-des-vicomtes-de-cabrera-xiv-xve-s\/\" target=\"_self\" class=\"icon self-link \"><\/a> <a href=\"javascript: void(0);\" class=\"icon share\"><\/a> <div class=\"overlay-line\"><\/div> <div class=\"portfolio-sharing-pane\"> <div class=\"socials-sharing socials socials-colored-hover\"> <a class=\"socials-item\" target=\"_blank\" href=\"https:\/\/www.facebook.com\/sharer\/sharer.php?u=https%3A%2F%2Fwww.blanescostabrava.cat%2Ffr%2Fpf%2Fle-palais-des-vicomtes-de-cabrera-xiv-xve-s%2F\" title=\"Facebook\"><i class=\"socials-item-icon facebook\"><\/i><\/a> <a class=\"socials-item\" target=\"_blank\" href=\"https:\/\/twitter.com\/intent\/tweet?text=Le+Palais+des+Vicomtes+de+Cabrera+%28XIV-XVe+s.%29&#038;url=https%3A%2F%2Fwww.blanescostabrava.cat%2Ffr%2Fpf%2Fle-palais-des-vicomtes-de-cabrera-xiv-xve-s%2F\" title=\"Twitter\"><i class=\"socials-item-icon twitter\"><\/i><\/a> <a class=\"socials-item\" target=\"_blank\" href=\"https:\/\/pinterest.com\/pin\/create\/button\/?url=https%3A%2F%2Fwww.blanescostabrava.cat%2Ffr%2Fpf%2Fle-palais-des-vicomtes-de-cabrera-xiv-xve-s%2F&#038;description=Le+Palais+des+Vicomtes+de+Cabrera+%28XIV-XVe+s.%29&#038;media=https%3A%2F%2Fwww.blanescostabrava.cat%2Fwp-content%2Fuploads%2F2018%2F03%2FMONUMENTO-1.jpg\" title=\"Pinterest\"><i class=\"socials-item-icon pinterest\"><\/i><\/a> <a class=\"socials-item\" target=\"_blank\" href=\"https:\/\/www.tumblr.com\/widgets\/share\/tool?canonicalUrl=https%3A%2F%2Fwww.blanescostabrava.cat%2Ffr%2Fpf%2Fle-palais-des-vicomtes-de-cabrera-xiv-xve-s%2F\" title=\"Tumblr\"><i class=\"socials-item-icon tumblr\"><\/i><\/a> <a class=\"socials-item\" target=\"_blank\" href=\"https:\/\/www.linkedin.com\/shareArticle?mini=true&#038;url=https%3A%2F%2Fwww.blanescostabrava.cat%2Ffr%2Fpf%2Fle-palais-des-vicomtes-de-cabrera-xiv-xve-s%2F&#038;title=Le+Palais+des+Vicomtes+de+Cabrera+%28XIV-XVe+s.%29&amp;summary=Le+Palais+des+Vicomtes+de+Cabrera+ne+formait+qu%27un+seul+%C3%A9difice+avec+l%27%C3%A9glise+paroissiale+et+s%27en+d%C3%A9tacha+quand+s%27est+cr%C3%A9%C3%A9e+la+Paroisse+de+Blanes+en+1319.+\" title=\"LinkedIn\"><i class=\"socials-item-icon linkedin\"><\/i><\/a> <a class=\"socials-item\" target=\"_blank\" href=\"https:\/\/www.reddit.com\/submit?url=https%3A%2F%2Fwww.blanescostabrava.cat%2Ffr%2Fpf%2Fle-palais-des-vicomtes-de-cabrera-xiv-xve-s%2F&#038;title=Le+Palais+des+Vicomtes+de+Cabrera+%28XIV-XVe+s.%29\" title=\"Reddit\"><i class=\"socials-item-icon reddit\"><\/i><\/a> <\/div> <\/div> <\/div> <div class=\"caption\"> <div class=\"title title-h4\"> Le Palais des Vicomtes de Cabrera (XIV-XVe s.) <\/span> <\/div> <div class=\"description\"> <div class=\"subtitle\"><p>Le Palais des Vicomtes de Cabrera ne formait qu&rsquo;un seul \u00e9difice avec l&rsquo;\u00e9glise paroissiale et s&rsquo;en d\u00e9tacha quand s&rsquo;est cr\u00e9\u00e9e la Paroisse de Blanes en 1319. <\/p>\n<\/div> <\/div> <\/div> <\/div> <\/div> <\/div> <\/div> <\/div> <\/div> <div class=\"portfolio-item monuments item-animations-not-inited post-35778 thegem_pf_item type-thegem_pf_item status-publish has-post-thumbnail\" style=\"padding: 21px;\" data-default-sort=\"0\" data-sort-date=\"1527149252\"> <div class=\"wrap clearfix\" style=\"border-bottom-color: \"> <div class=\"image post-35778 thegem_pf_item type-thegem_pf_item status-publish has-post-thumbnail\"> <div class=\"image-inner\"> <picture> <img src=\"https:\/\/www.blanescostabrava.cat\/wp-content\/uploads\/2018\/03\/MONUMENTO-2.jpg\" width=\"607\" height=\"687\" class=\"attachment-thegem-portfolio-justified\" alt=\"Le ch\u00e2teau de Sant Joan\" \/> <\/picture> <\/div> <div class=\"overlay\"> <div class=\"overlay-circle\"><\/div> <div class=\"links-wrapper\"> <div class=\"links\"> <div class=\"portfolio-icons\"> <a href=\"https:\/\/www.blanescostabrava.cat\/fr\/pf\/le-chateau-de-sant-joan\/\" target=\"_self\" class=\"icon self-link \"><\/a> <a href=\"javascript: void(0);\" class=\"icon share\"><\/a> <div class=\"overlay-line\"><\/div> <div class=\"portfolio-sharing-pane\"> <div class=\"socials-sharing socials socials-colored-hover\"> <a class=\"socials-item\" target=\"_blank\" href=\"https:\/\/www.facebook.com\/sharer\/sharer.php?u=https%3A%2F%2Fwww.blanescostabrava.cat%2Ffr%2Fpf%2Fle-chateau-de-sant-joan%2F\" title=\"Facebook\"><i class=\"socials-item-icon facebook\"><\/i><\/a> <a class=\"socials-item\" target=\"_blank\" href=\"https:\/\/twitter.com\/intent\/tweet?text=Le+ch%C3%A2teau+de+Sant+Joan&#038;url=https%3A%2F%2Fwww.blanescostabrava.cat%2Ffr%2Fpf%2Fle-chateau-de-sant-joan%2F\" title=\"Twitter\"><i class=\"socials-item-icon twitter\"><\/i><\/a> <a class=\"socials-item\" target=\"_blank\" href=\"https:\/\/pinterest.com\/pin\/create\/button\/?url=https%3A%2F%2Fwww.blanescostabrava.cat%2Ffr%2Fpf%2Fle-chateau-de-sant-joan%2F&#038;description=Le+ch%C3%A2teau+de+Sant+Joan&#038;media=https%3A%2F%2Fwww.blanescostabrava.cat%2Fwp-content%2Fuploads%2F2018%2F03%2FMONUMENTO-2.jpg\" title=\"Pinterest\"><i class=\"socials-item-icon pinterest\"><\/i><\/a> <a class=\"socials-item\" target=\"_blank\" href=\"https:\/\/www.tumblr.com\/widgets\/share\/tool?canonicalUrl=https%3A%2F%2Fwww.blanescostabrava.cat%2Ffr%2Fpf%2Fle-chateau-de-sant-joan%2F\" title=\"Tumblr\"><i class=\"socials-item-icon tumblr\"><\/i><\/a> <a class=\"socials-item\" target=\"_blank\" href=\"https:\/\/www.linkedin.com\/shareArticle?mini=true&#038;url=https%3A%2F%2Fwww.blanescostabrava.cat%2Ffr%2Fpf%2Fle-chateau-de-sant-joan%2F&#038;title=Le+ch%C3%A2teau+de+Sant+Joan&amp;summary=+Bien+que+la+tour+ait+%C3%A9t%C3%A9+%C3%A9difi%C3%A9e+au+milieu+du+XIIIe+si%C3%A8cle%2C+il+n%27y+a+aucun+doute+qu%27en+des+%C3%A9poques+ant%C3%A9rieures+il+existait+d%C3%A9j%C3%A0+d%27autres+fortifications.+\" title=\"LinkedIn\"><i class=\"socials-item-icon linkedin\"><\/i><\/a> <a class=\"socials-item\" target=\"_blank\" href=\"https:\/\/www.reddit.com\/submit?url=https%3A%2F%2Fwww.blanescostabrava.cat%2Ffr%2Fpf%2Fle-chateau-de-sant-joan%2F&#038;title=Le+ch%C3%A2teau+de+Sant+Joan\" title=\"Reddit\"><i class=\"socials-item-icon reddit\"><\/i><\/a> <\/div> <\/div> <\/div> <div class=\"caption\"> <div class=\"title title-h4\"> Le ch\u00e2teau de Sant Joan <\/span> <\/div> <div class=\"description\"> <div class=\"subtitle\"><p> Bien que la tour ait \u00e9t\u00e9 \u00e9difi\u00e9e au milieu du XIIIe si\u00e8cle, il n&rsquo;y a aucun doute qu&rsquo;en des \u00e9poques ant\u00e9rieures il existait d\u00e9j\u00e0 d&rsquo;autres fortifications. <\/p>\n<\/div> <\/div> <\/div> <\/div> <\/div> <\/div> <\/div> <\/div> <\/div> <div class=\"portfolio-item monuments item-animations-not-inited post-35786 thegem_pf_item type-thegem_pf_item status-publish has-post-thumbnail\" style=\"padding: 21px;\" data-default-sort=\"0\" data-sort-date=\"1527149259\"> <div class=\"wrap clearfix\" style=\"border-bottom-color: \"> <div class=\"image post-35786 thegem_pf_item type-thegem_pf_item status-publish has-post-thumbnail\"> <div class=\"image-inner\"> <picture> <img src=\"https:\/\/www.blanescostabrava.cat\/wp-content\/uploads\/2018\/03\/MONUMENTO-3.jpg\" width=\"607\" height=\"687\" class=\"attachment-thegem-portfolio-justified\" alt=\"La Fontaine Gothique\" \/> <\/picture> <\/div> <div class=\"overlay\"> <div class=\"overlay-circle\"><\/div> <div class=\"links-wrapper\"> <div class=\"links\"> <div class=\"portfolio-icons\"> <a href=\"https:\/\/www.blanescostabrava.cat\/fr\/pf\/la-fontaine-gothique\/\" target=\"_self\" class=\"icon self-link \"><\/a> <a href=\"javascript: void(0);\" class=\"icon share\"><\/a> <div class=\"overlay-line\"><\/div> <div class=\"portfolio-sharing-pane\"> <div class=\"socials-sharing socials socials-colored-hover\"> <a class=\"socials-item\" target=\"_blank\" href=\"https:\/\/www.facebook.com\/sharer\/sharer.php?u=https%3A%2F%2Fwww.blanescostabrava.cat%2Ffr%2Fpf%2Fla-fontaine-gothique%2F\" title=\"Facebook\"><i class=\"socials-item-icon facebook\"><\/i><\/a> <a class=\"socials-item\" target=\"_blank\" href=\"https:\/\/twitter.com\/intent\/tweet?text=La+Fontaine+Gothique&#038;url=https%3A%2F%2Fwww.blanescostabrava.cat%2Ffr%2Fpf%2Fla-fontaine-gothique%2F\" title=\"Twitter\"><i class=\"socials-item-icon twitter\"><\/i><\/a> <a class=\"socials-item\" target=\"_blank\" href=\"https:\/\/pinterest.com\/pin\/create\/button\/?url=https%3A%2F%2Fwww.blanescostabrava.cat%2Ffr%2Fpf%2Fla-fontaine-gothique%2F&#038;description=La+Fontaine+Gothique&#038;media=https%3A%2F%2Fwww.blanescostabrava.cat%2Fwp-content%2Fuploads%2F2018%2F03%2FMONUMENTO-3.jpg\" title=\"Pinterest\"><i class=\"socials-item-icon pinterest\"><\/i><\/a> <a class=\"socials-item\" target=\"_blank\" href=\"https:\/\/www.tumblr.com\/widgets\/share\/tool?canonicalUrl=https%3A%2F%2Fwww.blanescostabrava.cat%2Ffr%2Fpf%2Fla-fontaine-gothique%2F\" title=\"Tumblr\"><i class=\"socials-item-icon tumblr\"><\/i><\/a> <a class=\"socials-item\" target=\"_blank\" href=\"https:\/\/www.linkedin.com\/shareArticle?mini=true&#038;url=https%3A%2F%2Fwww.blanescostabrava.cat%2Ffr%2Fpf%2Fla-fontaine-gothique%2F&#038;title=La+Fontaine+Gothique&amp;summary=C%27est+une+magnifique+fontaine+de+style+gothique+civil+si+rare+que+nous+pouvons+la+consid%C3%A9rer+comme+un+%C3%A9l%C3%A9ment+unique+du+patrimoine+catalan+et+un+symbole+de+la+ville.\" title=\"LinkedIn\"><i class=\"socials-item-icon linkedin\"><\/i><\/a> <a class=\"socials-item\" target=\"_blank\" href=\"https:\/\/www.reddit.com\/submit?url=https%3A%2F%2Fwww.blanescostabrava.cat%2Ffr%2Fpf%2Fla-fontaine-gothique%2F&#038;title=La+Fontaine+Gothique\" title=\"Reddit\"><i class=\"socials-item-icon reddit\"><\/i><\/a> <\/div> <\/div> <\/div> <div class=\"caption\"> <div class=\"title title-h4\"> La Fontaine Gothique <\/span> <\/div> <div class=\"description\"> <div class=\"subtitle\"><p>C&rsquo;est une magnifique fontaine de style gothique civil si rare que nous pouvons la consid\u00e9rer comme un \u00e9l\u00e9ment unique du patrimoine catalan et un symbole de la ville.<\/p>\n<\/div> <\/div> <\/div> <\/div> <\/div> <\/div> <\/div> <\/div> <\/div> <div class=\"portfolio-item monuments item-animations-not-inited post-35787 thegem_pf_item type-thegem_pf_item status-publish has-post-thumbnail\" style=\"padding: 21px;\" data-default-sort=\"0\" data-sort-date=\"1527149261\"> <div class=\"wrap clearfix\" style=\"border-bottom-color: \"> <div class=\"image post-35787 thegem_pf_item type-thegem_pf_item status-publish has-post-thumbnail\"> <div class=\"image-inner\"> <picture> <img src=\"https:\/\/www.blanescostabrava.cat\/wp-content\/uploads\/2018\/03\/MONUMENTO-4.jpg\" width=\"607\" height=\"687\" class=\"attachment-thegem-portfolio-justified\" alt=\"Les Ermitages de Blanes\" \/> <\/picture> <\/div> <div class=\"overlay\"> <div class=\"overlay-circle\"><\/div> <div class=\"links-wrapper\"> <div class=\"links\"> <div class=\"portfolio-icons\"> <a href=\"https:\/\/www.blanescostabrava.cat\/fr\/pf\/les-ermitages-de-blanes\/\" target=\"_self\" class=\"icon self-link \"><\/a> <a href=\"javascript: void(0);\" class=\"icon share\"><\/a> <div class=\"overlay-line\"><\/div> <div class=\"portfolio-sharing-pane\"> <div class=\"socials-sharing socials socials-colored-hover\"> <a class=\"socials-item\" target=\"_blank\" href=\"https:\/\/www.facebook.com\/sharer\/sharer.php?u=https%3A%2F%2Fwww.blanescostabrava.cat%2Ffr%2Fpf%2Fles-ermitages-de-blanes%2F\" title=\"Facebook\"><i class=\"socials-item-icon facebook\"><\/i><\/a> <a class=\"socials-item\" target=\"_blank\" href=\"https:\/\/twitter.com\/intent\/tweet?text=Les+Ermitages+de+Blanes&#038;url=https%3A%2F%2Fwww.blanescostabrava.cat%2Ffr%2Fpf%2Fles-ermitages-de-blanes%2F\" title=\"Twitter\"><i class=\"socials-item-icon twitter\"><\/i><\/a> <a class=\"socials-item\" target=\"_blank\" href=\"https:\/\/pinterest.com\/pin\/create\/button\/?url=https%3A%2F%2Fwww.blanescostabrava.cat%2Ffr%2Fpf%2Fles-ermitages-de-blanes%2F&#038;description=Les+Ermitages+de+Blanes&#038;media=https%3A%2F%2Fwww.blanescostabrava.cat%2Fwp-content%2Fuploads%2F2018%2F03%2FMONUMENTO-4.jpg\" title=\"Pinterest\"><i class=\"socials-item-icon pinterest\"><\/i><\/a> <a class=\"socials-item\" target=\"_blank\" href=\"https:\/\/www.tumblr.com\/widgets\/share\/tool?canonicalUrl=https%3A%2F%2Fwww.blanescostabrava.cat%2Ffr%2Fpf%2Fles-ermitages-de-blanes%2F\" title=\"Tumblr\"><i class=\"socials-item-icon tumblr\"><\/i><\/a> <a class=\"socials-item\" target=\"_blank\" href=\"https:\/\/www.linkedin.com\/shareArticle?mini=true&#038;url=https%3A%2F%2Fwww.blanescostabrava.cat%2Ffr%2Fpf%2Fles-ermitages-de-blanes%2F&#038;title=Les+Ermitages+de+Blanes&amp;summary=Le+riche+patrimoine+religieux+de+la+ville+permet+la+cr%C3%A9ation+d%27un+itin%C3%A9raire+qui+parcourt+petites+ermitages+situ%C3%A9es+dans+la+ville+mais+%C3%A9galement+dans+des+parages+naturels+proches.+\" title=\"LinkedIn\"><i class=\"socials-item-icon linkedin\"><\/i><\/a> <a class=\"socials-item\" target=\"_blank\" href=\"https:\/\/www.reddit.com\/submit?url=https%3A%2F%2Fwww.blanescostabrava.cat%2Ffr%2Fpf%2Fles-ermitages-de-blanes%2F&#038;title=Les+Ermitages+de+Blanes\" title=\"Reddit\"><i class=\"socials-item-icon reddit\"><\/i><\/a> <\/div> <\/div> <\/div> <div class=\"caption\"> <div class=\"title title-h4\"> Les Ermitages de Blanes <\/span> <\/div> <div class=\"description\"> <div class=\"subtitle\"><p>Le riche patrimoine religieux de la ville permet la cr\u00e9ation d&rsquo;un itin\u00e9raire qui parcourt petites ermitages situ\u00e9es dans la ville mais \u00e9galement dans des parages naturels proches. <\/p>\n<\/div> <\/div> <\/div> <\/div> <\/div> <\/div> <\/div> <\/div> <\/div> <div class=\"portfolio-item monuments item-animations-not-inited post-35788 thegem_pf_item type-thegem_pf_item status-publish has-post-thumbnail\" style=\"padding: 21px;\" data-default-sort=\"0\" data-sort-date=\"1527149263\"> <div class=\"wrap clearfix\" style=\"border-bottom-color: \"> <div class=\"image post-35788 thegem_pf_item type-thegem_pf_item status-publish has-post-thumbnail\"> <div class=\"image-inner\"> <picture> <img src=\"https:\/\/www.blanescostabrava.cat\/wp-content\/uploads\/2018\/03\/MONUMENTO-5.jpg\" width=\"607\" height=\"687\" class=\"attachment-thegem-portfolio-justified\" alt=\"Casa Tordera\" \/> <\/picture> <\/div> <div class=\"overlay\"> <div class=\"overlay-circle\"><\/div> <div class=\"links-wrapper\"> <div class=\"links\"> <div class=\"portfolio-icons\"> <a href=\"https:\/\/www.blanescostabrava.cat\/fr\/pf\/casa-tordera\/\" target=\"_self\" class=\"icon self-link \"><\/a> <a href=\"javascript: void(0);\" class=\"icon share\"><\/a> <div class=\"overlay-line\"><\/div> <div class=\"portfolio-sharing-pane\"> <div class=\"socials-sharing socials socials-colored-hover\"> <a class=\"socials-item\" target=\"_blank\" href=\"https:\/\/www.facebook.com\/sharer\/sharer.php?u=https%3A%2F%2Fwww.blanescostabrava.cat%2Ffr%2Fpf%2Fcasa-tordera%2F\" title=\"Facebook\"><i class=\"socials-item-icon facebook\"><\/i><\/a> <a class=\"socials-item\" target=\"_blank\" href=\"https:\/\/twitter.com\/intent\/tweet?text=Casa+Tordera&#038;url=https%3A%2F%2Fwww.blanescostabrava.cat%2Ffr%2Fpf%2Fcasa-tordera%2F\" title=\"Twitter\"><i class=\"socials-item-icon twitter\"><\/i><\/a> <a class=\"socials-item\" target=\"_blank\" href=\"https:\/\/pinterest.com\/pin\/create\/button\/?url=https%3A%2F%2Fwww.blanescostabrava.cat%2Ffr%2Fpf%2Fcasa-tordera%2F&#038;description=Casa+Tordera&#038;media=https%3A%2F%2Fwww.blanescostabrava.cat%2Fwp-content%2Fuploads%2F2018%2F03%2FMONUMENTO-5.jpg\" title=\"Pinterest\"><i class=\"socials-item-icon pinterest\"><\/i><\/a> <a class=\"socials-item\" target=\"_blank\" href=\"https:\/\/www.tumblr.com\/widgets\/share\/tool?canonicalUrl=https%3A%2F%2Fwww.blanescostabrava.cat%2Ffr%2Fpf%2Fcasa-tordera%2F\" title=\"Tumblr\"><i class=\"socials-item-icon tumblr\"><\/i><\/a> <a class=\"socials-item\" target=\"_blank\" href=\"https:\/\/www.linkedin.com\/shareArticle?mini=true&#038;url=https%3A%2F%2Fwww.blanescostabrava.cat%2Ffr%2Fpf%2Fcasa-tordera%2F&#038;title=Casa+Tordera&amp;summary=La+Casa+Tordera+est+un+important+manoir.+Ce+b%C3%A2timent+a+%C3%A9t%C3%A9+%C3%A9rig%C3%A9+quand+les+Indianos%2C+qui+firent+fortune+en+Am%C3%A9rique%2C+revinrent+les+poches+pleines+d%27argent.\" title=\"LinkedIn\"><i class=\"socials-item-icon linkedin\"><\/i><\/a> <a class=\"socials-item\" target=\"_blank\" href=\"https:\/\/www.reddit.com\/submit?url=https%3A%2F%2Fwww.blanescostabrava.cat%2Ffr%2Fpf%2Fcasa-tordera%2F&#038;title=Casa+Tordera\" title=\"Reddit\"><i class=\"socials-item-icon reddit\"><\/i><\/a> <\/div> <\/div> <\/div> <div class=\"caption\"> <div class=\"title title-h4\"> Casa Tordera <\/span> <\/div> <div class=\"description\"> <div class=\"subtitle\"><p>La Casa Tordera est un important manoir. Ce b\u00e2timent a \u00e9t\u00e9 \u00e9rig\u00e9 quand les Indianos, qui firent fortune en Am\u00e9rique, revinrent les poches pleines d&rsquo;argent.<\/p>\n<\/div> <\/div> <\/div> <\/div> <\/div> <\/div> <\/div> <\/div> <\/div> <div class=\"portfolio-item monuments item-animations-not-inited post-35789 thegem_pf_item type-thegem_pf_item status-publish has-post-thumbnail\" style=\"padding: 21px;\" data-default-sort=\"0\" data-sort-date=\"1527149264\"> <div class=\"wrap clearfix\" style=\"border-bottom-color: \"> <div class=\"image post-35789 thegem_pf_item type-thegem_pf_item status-publish has-post-thumbnail\"> <div class=\"image-inner\"> <picture> <img src=\"https:\/\/www.blanescostabrava.cat\/wp-content\/uploads\/2018\/03\/MONUMENTO-6.jpg\" width=\"607\" height=\"687\" class=\"attachment-thegem-portfolio-justified\" alt=\"El Frare\/ Le Fr\u00e8re\" \/> <\/picture> <\/div> <div class=\"overlay\"> <div class=\"overlay-circle\"><\/div> <div class=\"links-wrapper\"> <div class=\"links\"> <div class=\"portfolio-icons\"> <a href=\"https:\/\/www.blanescostabrava.cat\/fr\/pf\/el-frare-le-frere\/\" target=\"_self\" class=\"icon self-link \"><\/a> <a href=\"javascript: void(0);\" class=\"icon share\"><\/a> <div class=\"overlay-line\"><\/div> <div class=\"portfolio-sharing-pane\"> <div class=\"socials-sharing socials socials-colored-hover\"> <a class=\"socials-item\" target=\"_blank\" href=\"https:\/\/www.facebook.com\/sharer\/sharer.php?u=https%3A%2F%2Fwww.blanescostabrava.cat%2Ffr%2Fpf%2Fel-frare-le-frere%2F\" title=\"Facebook\"><i class=\"socials-item-icon facebook\"><\/i><\/a> <a class=\"socials-item\" target=\"_blank\" href=\"https:\/\/twitter.com\/intent\/tweet?text=El+Frare%2F+Le+Fr%C3%A8re&#038;url=https%3A%2F%2Fwww.blanescostabrava.cat%2Ffr%2Fpf%2Fel-frare-le-frere%2F\" title=\"Twitter\"><i class=\"socials-item-icon twitter\"><\/i><\/a> <a class=\"socials-item\" target=\"_blank\" href=\"https:\/\/pinterest.com\/pin\/create\/button\/?url=https%3A%2F%2Fwww.blanescostabrava.cat%2Ffr%2Fpf%2Fel-frare-le-frere%2F&#038;description=El+Frare%2F+Le+Fr%C3%A8re&#038;media=https%3A%2F%2Fwww.blanescostabrava.cat%2Fwp-content%2Fuploads%2F2018%2F03%2FMONUMENTO-6.jpg\" title=\"Pinterest\"><i class=\"socials-item-icon pinterest\"><\/i><\/a> <a class=\"socials-item\" target=\"_blank\" href=\"https:\/\/www.tumblr.com\/widgets\/share\/tool?canonicalUrl=https%3A%2F%2Fwww.blanescostabrava.cat%2Ffr%2Fpf%2Fel-frare-le-frere%2F\" title=\"Tumblr\"><i class=\"socials-item-icon tumblr\"><\/i><\/a> <a class=\"socials-item\" target=\"_blank\" href=\"https:\/\/www.linkedin.com\/shareArticle?mini=true&#038;url=https%3A%2F%2Fwww.blanescostabrava.cat%2Ffr%2Fpf%2Fel-frare-le-frere%2F&#038;title=El+Frare%2F+Le+Fr%C3%A8re&amp;summary=Il+s%27agit+d%27un+monument+de+1958+construit+en+m%C3%A9moire+de+Joaquim+Ruyra+%281858-1939%29%2C+un+%C3%A9crivain+et+po%C3%A8te+qui+a+trouv%C3%A9+l%27inspiration+pour+cr%C3%A9er+son+%C5%93uvre+litt%C3%A9raire+dans+sa+maison+de+Blanes.\" title=\"LinkedIn\"><i class=\"socials-item-icon linkedin\"><\/i><\/a> <a class=\"socials-item\" target=\"_blank\" href=\"https:\/\/www.reddit.com\/submit?url=https%3A%2F%2Fwww.blanescostabrava.cat%2Ffr%2Fpf%2Fel-frare-le-frere%2F&#038;title=El+Frare%2F+Le+Fr%C3%A8re\" title=\"Reddit\"><i class=\"socials-item-icon reddit\"><\/i><\/a> <\/div> <\/div> <\/div> <div class=\"caption\"> <div class=\"title title-h4\"> El Frare\/ Le Fr\u00e8re <\/span> <\/div> <div class=\"description\"> <div class=\"subtitle\"><p>Il s&rsquo;agit d&rsquo;un monument de 1958 construit en m\u00e9moire de Joaquim Ruyra (1858-1939), un \u00e9crivain et po\u00e8te qui a trouv\u00e9 l&rsquo;inspiration pour cr\u00e9er son \u0153uvre litt\u00e9raire dans sa maison de Blanes.<\/p>\n<\/div> <\/div> <\/div> <\/div> <\/div> <\/div> <\/div> <\/div> <\/div> <div class=\"portfolio-item monuments item-animations-not-inited post-35790 thegem_pf_item type-thegem_pf_item status-publish has-post-thumbnail\" style=\"padding: 21px;\" data-default-sort=\"0\" data-sort-date=\"1527149266\"> <div class=\"wrap clearfix\" style=\"border-bottom-color: \"> <div class=\"image post-35790 thegem_pf_item type-thegem_pf_item status-publish has-post-thumbnail\"> <div class=\"image-inner\"> <picture> <img src=\"https:\/\/www.blanescostabrava.cat\/wp-content\/uploads\/2018\/03\/MONUMENTO-7.jpg\" width=\"607\" height=\"687\" class=\"attachment-thegem-portfolio-justified\" alt=\"Mairie\" \/> <\/picture> <\/div> <div class=\"overlay\"> <div class=\"overlay-circle\"><\/div> <div class=\"links-wrapper\"> <div class=\"links\"> <div class=\"portfolio-icons\"> <a href=\"https:\/\/www.blanescostabrava.cat\/fr\/pf\/mairie\/\" target=\"_self\" class=\"icon self-link \"><\/a> <a href=\"javascript: void(0);\" class=\"icon share\"><\/a> <div class=\"overlay-line\"><\/div> <div class=\"portfolio-sharing-pane\"> <div class=\"socials-sharing socials socials-colored-hover\"> <a class=\"socials-item\" target=\"_blank\" href=\"https:\/\/www.facebook.com\/sharer\/sharer.php?u=https%3A%2F%2Fwww.blanescostabrava.cat%2Ffr%2Fpf%2Fmairie%2F\" title=\"Facebook\"><i class=\"socials-item-icon facebook\"><\/i><\/a> <a class=\"socials-item\" target=\"_blank\" href=\"https:\/\/twitter.com\/intent\/tweet?text=Mairie&#038;url=https%3A%2F%2Fwww.blanescostabrava.cat%2Ffr%2Fpf%2Fmairie%2F\" title=\"Twitter\"><i class=\"socials-item-icon twitter\"><\/i><\/a> <a class=\"socials-item\" target=\"_blank\" href=\"https:\/\/pinterest.com\/pin\/create\/button\/?url=https%3A%2F%2Fwww.blanescostabrava.cat%2Ffr%2Fpf%2Fmairie%2F&#038;description=Mairie&#038;media=https%3A%2F%2Fwww.blanescostabrava.cat%2Fwp-content%2Fuploads%2F2018%2F03%2FMONUMENTO-7.jpg\" title=\"Pinterest\"><i class=\"socials-item-icon pinterest\"><\/i><\/a> <a class=\"socials-item\" target=\"_blank\" href=\"https:\/\/www.tumblr.com\/widgets\/share\/tool?canonicalUrl=https%3A%2F%2Fwww.blanescostabrava.cat%2Ffr%2Fpf%2Fmairie%2F\" title=\"Tumblr\"><i class=\"socials-item-icon tumblr\"><\/i><\/a> <a class=\"socials-item\" target=\"_blank\" href=\"https:\/\/www.linkedin.com\/shareArticle?mini=true&#038;url=https%3A%2F%2Fwww.blanescostabrava.cat%2Ffr%2Fpf%2Fmairie%2F&#038;title=Mairie&amp;summary=La+Casa+de+la+Vila+de+Blanes+est+un+b%C3%A2timent+historique+inclus+dans+l%27Inventaire+du+patrimoine+architectural+de+Catalogne.+\" title=\"LinkedIn\"><i class=\"socials-item-icon linkedin\"><\/i><\/a> <a class=\"socials-item\" target=\"_blank\" href=\"https:\/\/www.reddit.com\/submit?url=https%3A%2F%2Fwww.blanescostabrava.cat%2Ffr%2Fpf%2Fmairie%2F&#038;title=Mairie\" title=\"Reddit\"><i class=\"socials-item-icon reddit\"><\/i><\/a> <\/div> <\/div> <\/div> <div class=\"caption\"> <div class=\"title title-h4\"> Mairie <\/span> <\/div> <div class=\"description\"> <div class=\"subtitle\"><p>La Casa de la Vila de Blanes est un b\u00e2timent historique inclus dans l&rsquo;Inventaire du patrimoine architectural de Catalogne. <\/p>\n<\/div> <\/div> <\/div> <\/div> <\/div> <\/div> <\/div> <\/div> <\/div> <div class=\"portfolio-item monuments item-animations-not-inited post-35791 thegem_pf_item type-thegem_pf_item status-publish has-post-thumbnail\" style=\"padding: 21px;\" data-default-sort=\"0\" data-sort-date=\"1527149267\"> <div class=\"wrap clearfix\" style=\"border-bottom-color: \"> <div class=\"image post-35791 thegem_pf_item type-thegem_pf_item status-publish has-post-thumbnail\"> <div class=\"image-inner\"> <picture> <img src=\"https:\/\/www.blanescostabrava.cat\/wp-content\/uploads\/2018\/03\/MONUMENTO-8.jpg\" width=\"607\" height=\"687\" class=\"attachment-thegem-portfolio-justified\" alt=\"Casa Saladrigas\" \/> <\/picture> <\/div> <div class=\"overlay\"> <div class=\"overlay-circle\"><\/div> <div class=\"links-wrapper\"> <div class=\"links\"> <div class=\"portfolio-icons\"> <a href=\"https:\/\/www.blanescostabrava.cat\/fr\/pf\/casa-saladrigas\/\" target=\"_self\" class=\"icon self-link \"><\/a> <a href=\"javascript: void(0);\" class=\"icon share\"><\/a> <div class=\"overlay-line\"><\/div> <div class=\"portfolio-sharing-pane\"> <div class=\"socials-sharing socials socials-colored-hover\"> <a class=\"socials-item\" target=\"_blank\" href=\"https:\/\/www.facebook.com\/sharer\/sharer.php?u=https%3A%2F%2Fwww.blanescostabrava.cat%2Ffr%2Fpf%2Fcasa-saladrigas%2F\" title=\"Facebook\"><i class=\"socials-item-icon facebook\"><\/i><\/a> <a class=\"socials-item\" target=\"_blank\" href=\"https:\/\/twitter.com\/intent\/tweet?text=Casa+Saladrigas&#038;url=https%3A%2F%2Fwww.blanescostabrava.cat%2Ffr%2Fpf%2Fcasa-saladrigas%2F\" title=\"Twitter\"><i class=\"socials-item-icon twitter\"><\/i><\/a> <a class=\"socials-item\" target=\"_blank\" href=\"https:\/\/pinterest.com\/pin\/create\/button\/?url=https%3A%2F%2Fwww.blanescostabrava.cat%2Ffr%2Fpf%2Fcasa-saladrigas%2F&#038;description=Casa+Saladrigas&#038;media=https%3A%2F%2Fwww.blanescostabrava.cat%2Fwp-content%2Fuploads%2F2018%2F03%2FMONUMENTO-8.jpg\" title=\"Pinterest\"><i class=\"socials-item-icon pinterest\"><\/i><\/a> <a class=\"socials-item\" target=\"_blank\" href=\"https:\/\/www.tumblr.com\/widgets\/share\/tool?canonicalUrl=https%3A%2F%2Fwww.blanescostabrava.cat%2Ffr%2Fpf%2Fcasa-saladrigas%2F\" title=\"Tumblr\"><i class=\"socials-item-icon tumblr\"><\/i><\/a> <a class=\"socials-item\" target=\"_blank\" href=\"https:\/\/www.linkedin.com\/shareArticle?mini=true&#038;url=https%3A%2F%2Fwww.blanescostabrava.cat%2Ffr%2Fpf%2Fcasa-saladrigas%2F&#038;title=Casa+Saladrigas&amp;summary=Ce+b%C3%A2timent+a+%C3%A9t%C3%A9+construit+entre+1926+et+1931+par+un+disciple+de+Antoni+Gaud%C3%AD.\" title=\"LinkedIn\"><i class=\"socials-item-icon linkedin\"><\/i><\/a> <a class=\"socials-item\" target=\"_blank\" href=\"https:\/\/www.reddit.com\/submit?url=https%3A%2F%2Fwww.blanescostabrava.cat%2Ffr%2Fpf%2Fcasa-saladrigas%2F&#038;title=Casa+Saladrigas\" title=\"Reddit\"><i class=\"socials-item-icon reddit\"><\/i><\/a> <\/div> <\/div> <\/div> <div class=\"caption\"> <div class=\"title title-h4\"> Casa Saladrigas <\/span> <\/div> <div class=\"description\"> <div class=\"subtitle\"><p>Ce b\u00e2timent a \u00e9t\u00e9 construit entre 1926 et 1931 par un disciple de Antoni Gaud\u00ed.<\/p>\n<\/div> <\/div> <\/div> <\/div> <\/div> <\/div> <\/div> <\/div> <\/div> <div class=\"portfolio-item monuments item-animations-not-inited post-35792 thegem_pf_item type-thegem_pf_item status-publish has-post-thumbnail\" style=\"padding: 21px;\" data-default-sort=\"0\" data-sort-date=\"1527149269\"> <div class=\"wrap clearfix\" style=\"border-bottom-color: \"> <div class=\"image post-35792 thegem_pf_item type-thegem_pf_item status-publish has-post-thumbnail\"> <div class=\"image-inner\"> <picture> <img src=\"https:\/\/www.blanescostabrava.cat\/wp-content\/uploads\/2018\/03\/MONUMENTO-9.jpg\" width=\"607\" height=\"687\" class=\"attachment-thegem-portfolio-justified\" alt=\"Le Convent\" \/> <\/picture> <\/div> <div class=\"overlay\"> <div class=\"overlay-circle\"><\/div> <div class=\"links-wrapper\"> <div class=\"links\"> <div class=\"portfolio-icons\"> <a href=\"https:\/\/www.blanescostabrava.cat\/fr\/pf\/le-convent\/\" target=\"_self\" class=\"icon self-link \"><\/a> <a href=\"javascript: void(0);\" class=\"icon share\"><\/a> <div class=\"overlay-line\"><\/div> <div class=\"portfolio-sharing-pane\"> <div class=\"socials-sharing socials socials-colored-hover\"> <a class=\"socials-item\" target=\"_blank\" href=\"https:\/\/www.facebook.com\/sharer\/sharer.php?u=https%3A%2F%2Fwww.blanescostabrava.cat%2Ffr%2Fpf%2Fle-convent%2F\" title=\"Facebook\"><i class=\"socials-item-icon facebook\"><\/i><\/a> <a class=\"socials-item\" target=\"_blank\" href=\"https:\/\/twitter.com\/intent\/tweet?text=Le+Convent&#038;url=https%3A%2F%2Fwww.blanescostabrava.cat%2Ffr%2Fpf%2Fle-convent%2F\" title=\"Twitter\"><i class=\"socials-item-icon twitter\"><\/i><\/a> <a class=\"socials-item\" target=\"_blank\" href=\"https:\/\/pinterest.com\/pin\/create\/button\/?url=https%3A%2F%2Fwww.blanescostabrava.cat%2Ffr%2Fpf%2Fle-convent%2F&#038;description=Le+Convent&#038;media=https%3A%2F%2Fwww.blanescostabrava.cat%2Fwp-content%2Fuploads%2F2018%2F03%2FMONUMENTO-9.jpg\" title=\"Pinterest\"><i class=\"socials-item-icon pinterest\"><\/i><\/a> <a class=\"socials-item\" target=\"_blank\" href=\"https:\/\/www.tumblr.com\/widgets\/share\/tool?canonicalUrl=https%3A%2F%2Fwww.blanescostabrava.cat%2Ffr%2Fpf%2Fle-convent%2F\" title=\"Tumblr\"><i class=\"socials-item-icon tumblr\"><\/i><\/a> <a class=\"socials-item\" target=\"_blank\" href=\"https:\/\/www.linkedin.com\/shareArticle?mini=true&#038;url=https%3A%2F%2Fwww.blanescostabrava.cat%2Ffr%2Fpf%2Fle-convent%2F&#038;title=Le+Convent&amp;summary=Ce+b%C3%A2timent+est+situ%C3%A9+dans+un+cadre+idyllique%2C+la+Punta+de+Santa+Anna%2C+pr%C3%A8s+de+la+mer.+Le+Convent+de+Blanes+a+%C3%A9t%C3%A9+construit+en+1583+et+il+a+%C3%A9t%C3%A9+consid%C3%A9r%C3%A9+comme+un+endroit+privil%C3%A9gi%C3%A9+et+unique+sur+la+Costa+Brava.\" title=\"LinkedIn\"><i class=\"socials-item-icon linkedin\"><\/i><\/a> <a class=\"socials-item\" target=\"_blank\" href=\"https:\/\/www.reddit.com\/submit?url=https%3A%2F%2Fwww.blanescostabrava.cat%2Ffr%2Fpf%2Fle-convent%2F&#038;title=Le+Convent\" title=\"Reddit\"><i class=\"socials-item-icon reddit\"><\/i><\/a> <\/div> <\/div> <\/div> <div class=\"caption\"> <div class=\"title title-h4\"> Le Convent <\/span> <\/div> <div class=\"description\"> <div class=\"subtitle\"><p>Ce b\u00e2timent est situ\u00e9 dans un cadre idyllique, la Punta de Santa Anna, pr\u00e8s de la mer. Le Convent de Blanes a \u00e9t\u00e9 construit en 1583 et il a \u00e9t\u00e9 consid\u00e9r\u00e9 comme un endroit privil\u00e9gi\u00e9 et unique sur la Costa Brava.<\/p>\n<\/div> <\/div> <\/div> <\/div> <\/div> <\/div> <\/div> <\/div> <\/div> <div class=\"portfolio-item monuments item-animations-not-inited post-225247 thegem_pf_item type-thegem_pf_item status-publish has-post-thumbnail\" style=\"padding: 21px;\" data-default-sort=\"0\" data-sort-date=\"1759342180\"> <div class=\"wrap clearfix\" style=\"border-bottom-color: \"> <div class=\"image post-225247 thegem_pf_item type-thegem_pf_item status-publish has-post-thumbnail\"> <div class=\"image-inner\"> <picture> <img src=\"https:\/\/www.blanescostabrava.cat\/wp-content\/uploads\/2025\/10\/20250717_094443-scaled-e1759332390477-thegem-portfolio-justified.jpg\" width=\"844\" height=\"767\" class=\"attachment-thegem-portfolio-justified\" alt=\"Centre d&rsquo;Interpre\u0301tation de la ville romaine de Blandae\" \/> <\/picture> <\/div> <div class=\"overlay\"> <div class=\"overlay-circle\"><\/div> <div class=\"links-wrapper\"> <div class=\"links\"> <div class=\"portfolio-icons\"> <a href=\"https:\/\/www.blanescostabrava.cat\/fr\/pf\/ville-romaine-de-blandae\/\" target=\"_self\" class=\"icon self-link \"><\/a> <a href=\"javascript: void(0);\" class=\"icon share\"><\/a> <div class=\"overlay-line\"><\/div> <div class=\"portfolio-sharing-pane\"> <div class=\"socials-sharing socials socials-colored-hover\"> <a class=\"socials-item\" target=\"_blank\" href=\"https:\/\/www.facebook.com\/sharer\/sharer.php?u=https%3A%2F%2Fwww.blanescostabrava.cat%2Ffr%2Fpf%2Fville-romaine-de-blandae%2F\" title=\"Facebook\"><i class=\"socials-item-icon facebook\"><\/i><\/a> <a class=\"socials-item\" target=\"_blank\" href=\"https:\/\/twitter.com\/intent\/tweet?text=Centre+d%26rsquo%3BInterpre%CC%81tation+de+la+ville+romaine+de+Blandae&#038;url=https%3A%2F%2Fwww.blanescostabrava.cat%2Ffr%2Fpf%2Fville-romaine-de-blandae%2F\" title=\"Twitter\"><i class=\"socials-item-icon twitter\"><\/i><\/a> <a class=\"socials-item\" target=\"_blank\" href=\"https:\/\/pinterest.com\/pin\/create\/button\/?url=https%3A%2F%2Fwww.blanescostabrava.cat%2Ffr%2Fpf%2Fville-romaine-de-blandae%2F&#038;description=Centre+d%26rsquo%3BInterpre%CC%81tation+de+la+ville+romaine+de+Blandae&#038;media=https%3A%2F%2Fwww.blanescostabrava.cat%2Fwp-content%2Fuploads%2F2025%2F10%2F20250717_094443-scaled-e1759332390477-thegem-blog-timeline-large.jpg\" title=\"Pinterest\"><i class=\"socials-item-icon pinterest\"><\/i><\/a> <a class=\"socials-item\" target=\"_blank\" href=\"https:\/\/www.tumblr.com\/widgets\/share\/tool?canonicalUrl=https%3A%2F%2Fwww.blanescostabrava.cat%2Ffr%2Fpf%2Fville-romaine-de-blandae%2F\" title=\"Tumblr\"><i class=\"socials-item-icon tumblr\"><\/i><\/a> <a class=\"socials-item\" target=\"_blank\" href=\"https:\/\/www.linkedin.com\/shareArticle?mini=true&#038;url=https%3A%2F%2Fwww.blanescostabrava.cat%2Ffr%2Fpf%2Fville-romaine-de-blandae%2F&#038;title=Centre+d%26rsquo%3BInterpre%CC%81tation+de+la+ville+romaine+de+Blandae&amp;summary=Au+Centre+d%E2%80%99interpr%C3%A9tation+de+la+ville+romaine+de+Blandae%2C+l%E2%80%99histoire+de+cette+ancienne+civitas%2C+fond%C3%A9e+par+les+Romains+au+Ier+si%C3%A8cle+av.+J.-C.%2C+est+r%C3%A9v%C3%A9l%C3%A9e+gr%C3%A2ce+aux+donn%C3%A9es+d%C3%A9couvertes+lors+des+r%C3%A9centes+fouilles+arch%C3%A9ologiques.\" title=\"LinkedIn\"><i class=\"socials-item-icon linkedin\"><\/i><\/a> <a class=\"socials-item\" target=\"_blank\" href=\"https:\/\/www.reddit.com\/submit?url=https%3A%2F%2Fwww.blanescostabrava.cat%2Ffr%2Fpf%2Fville-romaine-de-blandae%2F&#038;title=Centre+d%26rsquo%3BInterpre%CC%81tation+de+la+ville+romaine+de+Blandae\" title=\"Reddit\"><i class=\"socials-item-icon reddit\"><\/i><\/a> <\/div> <\/div> <\/div> <div class=\"caption\"> <div class=\"title title-h4\"> Centre d&rsquo;Interpre\u0301tation de la ville romaine de Blandae <\/span> <\/div> <div class=\"description\"> <div class=\"subtitle\"><p>Au Centre d\u2019interpr\u00e9tation de la ville romaine de Blandae, l\u2019histoire de cette ancienne civitas, fond\u00e9e par les Romains au Ier si\u00e8cle av. J.-C., est r\u00e9v\u00e9l\u00e9e gr\u00e2ce aux donn\u00e9es d\u00e9couvertes lors des r\u00e9centes fouilles arch\u00e9ologiques.<\/p>\n<\/div> <\/div> <\/div> <\/div> <\/div> <\/div> <\/div> <\/div> <\/div> <\/div><!-- .portflio-set --> <div class=\"portfolio-item-size-container\"> <div class=\"portfolio-item item-animations-not-inited post-225247 thegem_pf_item type-thegem_pf_item status-publish has-post-thumbnail\"> <\/div> <\/div> <\/div><!-- .row--> <div class=\"portfolio-navigator gem-pagination\" style=\"display:none;\"> <a href=\"#\" class=\"prev\"> <i class=\"default\"><\/i> <\/a> <div class=\"pages\"><\/div> <a href=\"#\" class=\"next\"> <i class=\"default\"><\/i> <\/a> <\/div> <\/div><!-- .full-width --> <\/div><!-- .portfolio--> <\/div><!-- .portfolio-preloader-wrapper-->[\/vc_tta_section][vc_tta_section title=\u00a0\u00bbItin\u00e9raires\u00a0\u00bb tab_id=\u00a0\u00bbrutes\u00a0\u00bb]<style>.portfolio.portfolio-grid#style-9af87ee .portfolio-item:not(.size-item), .preloader#style-preloader-9af87ee .portfolio-item { padding: calc(42px\/2) !important; }.portfolio.portfolio-grid#style-9af87ee .portfolio-item.size-item { padding: 0 calc(42px\/2) !important; }.portfolio.portfolio-grid#style-9af87ee .portfolio-row, .preloader#style-preloader-9af87ee .skeleton-posts.portfolio-row { margin: calc(-42px\/2); }.portfolio.portfolio-grid#style-9af87ee.fullwidth-columns .portfolio-row { margin: calc(-42px\/2) 0; }.portfolio.portfolio-grid#style-9af87ee .fullwidth-block:not(.no-paddings) { padding-left: 42px; padding-right: 42px; }.portfolio.portfolio-grid#style-9af87ee .fullwidth-block .portfolio-row { padding-left: calc(42px\/2); padding-right: calc(42px\/2); }.portfolio.portfolio-grid#style-9af87ee .fullwidth-block .portfolio-top-panel { padding-left: 42px; padding-right: 42px; }.portfolio.portfolio-grid#style-9af87ee.fullwidth-columns .with-filter-sidebar .filter-sidebar { padding-left: 42px; }.portfolio.portfolio-grid#style-9af87ee .portfolio-item .caption .title span { letter-spacing: px !important; }<\/style><style>.portfolio.portfolio-grid#style-9af87ee .portfolio-filters { text-align: center; }<\/style><div id=\"style-preloader-9af87ee\" class=\"preloader save-space\"><div class=\"preloader-spin\"><\/div><\/div> <div class=\"portfolio-preloader-wrapper panel-sidebar-position-left\"> <div class=\"portfolio portfolio-grid extended-portfolio-grid no-padding portfolio-pagination-scroll portfolio-style-justified background-style-white title-style-light hover-circular title-on-page hover-elements-size-default version-default caption-position-page columns-4 columns-tablet-2 columns-mobile-1 next-page-preloading \" id=\"style-9af87ee\" data-style-uid=\"9af87ee\" data-portfolio-uid=\"grid_8f32c9d\" data-current-page=\"1\" data-per-page=\"8\" data-next-page=\"0\" data-pages-count=\"1\" data-hover=\"circular\" data-portfolio-filter=\"[]\" data-portfolio-filter-attributes=\"null\" data-portfolio-filter-search=\"\"> <div class=\"portfolio-row-outer \"> <div class=\"portfolio-top-panel selected-only\"> <div class=\"portfolio-filter-item portfolio-selected-filters left\"> <div class=\"portfolio-selected-filter-item clear-filters\"> Clear Filters\t<\/div> <\/div> <\/div> <div class=\"row portfolio-row\"> <div class=\"portfolio-set clearfix\" data-max-row-height=\"280\"> <div class=\"portfolio-item itineraires item-animations-not-inited post-35793 thegem_pf_item type-thegem_pf_item status-publish has-post-thumbnail\" style=\"padding: 21px;\" data-default-sort=\"0\" data-sort-date=\"1527149270\"> <div class=\"wrap clearfix\" style=\"border-bottom-color: \"> <div class=\"image post-35793 thegem_pf_item type-thegem_pf_item status-publish has-post-thumbnail\"> <div class=\"image-inner\"> <picture> <img src=\"https:\/\/www.blanescostabrava.cat\/wp-content\/uploads\/2018\/03\/28-thegem-portfolio-justified.jpg\" width=\"844\" height=\"620\" class=\"attachment-thegem-portfolio-justified\" alt=\"Itin\u00e9raire des Ermitages\" \/> <\/picture> <\/div> <div class=\"overlay\"> <div class=\"overlay-circle\"><\/div> <div class=\"links-wrapper\"> <div class=\"links\"> <div class=\"portfolio-icons\"> <a href=\"https:\/\/www.blanescostabrava.cat\/fr\/pf\/itineraire-des-ermitages\/\" target=\"_self\" class=\"icon self-link \"><\/a> <a href=\"javascript: void(0);\" class=\"icon share\"><\/a> <div class=\"overlay-line\"><\/div> <div class=\"portfolio-sharing-pane\"> <div class=\"socials-sharing socials socials-colored-hover\"> <a class=\"socials-item\" target=\"_blank\" href=\"https:\/\/www.facebook.com\/sharer\/sharer.php?u=https%3A%2F%2Fwww.blanescostabrava.cat%2Ffr%2Fpf%2Fitineraire-des-ermitages%2F\" title=\"Facebook\"><i class=\"socials-item-icon facebook\"><\/i><\/a> <a class=\"socials-item\" target=\"_blank\" href=\"https:\/\/twitter.com\/intent\/tweet?text=Itin%C3%A9raire+des+Ermitages&#038;url=https%3A%2F%2Fwww.blanescostabrava.cat%2Ffr%2Fpf%2Fitineraire-des-ermitages%2F\" title=\"Twitter\"><i class=\"socials-item-icon twitter\"><\/i><\/a> <a class=\"socials-item\" target=\"_blank\" href=\"https:\/\/pinterest.com\/pin\/create\/button\/?url=https%3A%2F%2Fwww.blanescostabrava.cat%2Ffr%2Fpf%2Fitineraire-des-ermitages%2F&#038;description=Itin%C3%A9raire+des+Ermitages&#038;media=https%3A%2F%2Fwww.blanescostabrava.cat%2Fwp-content%2Fuploads%2F2018%2F03%2F28-thegem-blog-timeline-large.jpg\" title=\"Pinterest\"><i class=\"socials-item-icon pinterest\"><\/i><\/a> <a class=\"socials-item\" target=\"_blank\" href=\"https:\/\/www.tumblr.com\/widgets\/share\/tool?canonicalUrl=https%3A%2F%2Fwww.blanescostabrava.cat%2Ffr%2Fpf%2Fitineraire-des-ermitages%2F\" title=\"Tumblr\"><i class=\"socials-item-icon tumblr\"><\/i><\/a> <a class=\"socials-item\" target=\"_blank\" href=\"https:\/\/www.linkedin.com\/shareArticle?mini=true&#038;url=https%3A%2F%2Fwww.blanescostabrava.cat%2Ffr%2Fpf%2Fitineraire-des-ermitages%2F&#038;title=Itin%C3%A9raire+des+Ermitages&amp;summary=%5Bvc_row+full_width%3D%C2%A0%C2%BBstretch_row%C2%A0%C2%BB+css%3D%C2%A0%C2%BB.vc_custom_1521930350844%7Bbackground-image%3A+url%28https%3A%2F%2Fwww.blanescostabrava.cat%2Fwp-content%2Fuploads%2F2018%2F03%2F28.jpg%3Fid%3D32576%29+%21important%3B%7D%C2%A0%C2%BB+el_class%3D%C2%A0%C2%BBcabecera-pagina-interna+cabecera-ficha%C2%A0%C2%BB%5D%5Bvc_column%5D%5Bvc_column_text%5D+Itin%C3%A9raire+des+Ermitages+%5B%2Fvc_column_text%5D%5B%2Fvc_column%5D%5B%2Fvc_row%5D%5Bvc_row%5D%5Bvc_column+width%3D%C2%A0%C2%BB2%2F3%26Prime%3B%5D%5Bvc_column_text+el_class%3D%C2%A0%C2%BBtextos-ficha-interna%C2%A0%C2%BB%5DEn+dehors+de+leur+valeur+monumentale%2C+les+Ermitages...\" title=\"LinkedIn\"><i class=\"socials-item-icon linkedin\"><\/i><\/a> <a class=\"socials-item\" target=\"_blank\" href=\"https:\/\/www.reddit.com\/submit?url=https%3A%2F%2Fwww.blanescostabrava.cat%2Ffr%2Fpf%2Fitineraire-des-ermitages%2F&#038;title=Itin%C3%A9raire+des+Ermitages\" title=\"Reddit\"><i class=\"socials-item-icon reddit\"><\/i><\/a> <\/div> <\/div> <\/div> <div class=\"caption\"> <div class=\"title title-h4\"> Itin\u00e9raire des Ermitages <\/span> <\/div> <div class=\"description\"> <\/div> <\/div> <\/div> <\/div> <\/div> <\/div> <\/div> <\/div> <div class=\"portfolio-item itineraires item-animations-not-inited post-35794 thegem_pf_item type-thegem_pf_item status-publish has-post-thumbnail\" style=\"padding: 21px;\" data-default-sort=\"0\" data-sort-date=\"1527149271\"> <div class=\"wrap clearfix\" style=\"border-bottom-color: \"> <div class=\"image post-35794 thegem_pf_item type-thegem_pf_item status-publish has-post-thumbnail\"> <div class=\"image-inner\"> <picture> <img src=\"https:\/\/www.blanescostabrava.cat\/wp-content\/uploads\/2018\/03\/13-thegem-portfolio-justified.jpg\" width=\"844\" height=\"620\" class=\"attachment-thegem-portfolio-justified\" alt=\"Itin\u00e9raire des Vicomtes de Cabrera\" \/> <\/picture> <\/div> <div class=\"overlay\"> <div class=\"overlay-circle\"><\/div> <div class=\"links-wrapper\"> <div class=\"links\"> <div class=\"portfolio-icons\"> <a href=\"https:\/\/www.blanescostabrava.cat\/fr\/pf\/itineraire-des-vicomtes-de-cabrera\/\" target=\"_self\" class=\"icon self-link \"><\/a> <a href=\"javascript: void(0);\" class=\"icon share\"><\/a> <div class=\"overlay-line\"><\/div> <div class=\"portfolio-sharing-pane\"> <div class=\"socials-sharing socials socials-colored-hover\"> <a class=\"socials-item\" target=\"_blank\" href=\"https:\/\/www.facebook.com\/sharer\/sharer.php?u=https%3A%2F%2Fwww.blanescostabrava.cat%2Ffr%2Fpf%2Fitineraire-des-vicomtes-de-cabrera%2F\" title=\"Facebook\"><i class=\"socials-item-icon facebook\"><\/i><\/a> <a class=\"socials-item\" target=\"_blank\" href=\"https:\/\/twitter.com\/intent\/tweet?text=Itin%C3%A9raire+des+Vicomtes+de+Cabrera&#038;url=https%3A%2F%2Fwww.blanescostabrava.cat%2Ffr%2Fpf%2Fitineraire-des-vicomtes-de-cabrera%2F\" title=\"Twitter\"><i class=\"socials-item-icon twitter\"><\/i><\/a> <a class=\"socials-item\" target=\"_blank\" href=\"https:\/\/pinterest.com\/pin\/create\/button\/?url=https%3A%2F%2Fwww.blanescostabrava.cat%2Ffr%2Fpf%2Fitineraire-des-vicomtes-de-cabrera%2F&#038;description=Itin%C3%A9raire+des+Vicomtes+de+Cabrera&#038;media=https%3A%2F%2Fwww.blanescostabrava.cat%2Fwp-content%2Fuploads%2F2018%2F03%2F13-thegem-blog-timeline-large.jpg\" title=\"Pinterest\"><i class=\"socials-item-icon pinterest\"><\/i><\/a> <a class=\"socials-item\" target=\"_blank\" href=\"https:\/\/www.tumblr.com\/widgets\/share\/tool?canonicalUrl=https%3A%2F%2Fwww.blanescostabrava.cat%2Ffr%2Fpf%2Fitineraire-des-vicomtes-de-cabrera%2F\" title=\"Tumblr\"><i class=\"socials-item-icon tumblr\"><\/i><\/a> <a class=\"socials-item\" target=\"_blank\" href=\"https:\/\/www.linkedin.com\/shareArticle?mini=true&#038;url=https%3A%2F%2Fwww.blanescostabrava.cat%2Ffr%2Fpf%2Fitineraire-des-vicomtes-de-cabrera%2F&#038;title=Itin%C3%A9raire+des+Vicomtes+de+Cabrera&amp;summary=%5Bvc_row+full_width%3D%C2%A0%C2%BBstretch_row%C2%A0%C2%BB+css%3D%C2%A0%C2%BB.vc_custom_1521930408216%7Bbackground-image%3A+url%28https%3A%2F%2Fwww.blanescostabrava.cat%2Fwp-content%2Fuploads%2F2018%2F03%2F13.jpg%3Fid%3D32561%29+%21important%3B%7D%C2%A0%C2%BB+el_class%3D%C2%A0%C2%BBcabecera-pagina-interna+cabecera-ficha%C2%A0%C2%BB%5D%5Bvc_column%5D%5Bvc_column_text%5D+Itin%C3%A9raire+des+Vicomtes+de+Cabrera+%5B%2Fvc_column_text%5D%5B%2Fvc_column%5D%5B%2Fvc_row%5D%5Bvc_row%5D%5Bvc_column+width%3D%C2%A0%C2%BB2%2F3%26Prime%3B%5D%5Bvc_column_text+el_class%3D%C2%A0%C2%BBtextos-ficha-interna%C2%A0%C2%BB%5DL%26rsquo%3Bhistoire+de+Blanes+est+li%C3%A9e+aux...\" title=\"LinkedIn\"><i class=\"socials-item-icon linkedin\"><\/i><\/a> <a class=\"socials-item\" target=\"_blank\" href=\"https:\/\/www.reddit.com\/submit?url=https%3A%2F%2Fwww.blanescostabrava.cat%2Ffr%2Fpf%2Fitineraire-des-vicomtes-de-cabrera%2F&#038;title=Itin%C3%A9raire+des+Vicomtes+de+Cabrera\" title=\"Reddit\"><i class=\"socials-item-icon reddit\"><\/i><\/a> <\/div> <\/div> <\/div> <div class=\"caption\"> <div class=\"title title-h4\"> Itin\u00e9raire des Vicomtes de Cabrera <\/span> <\/div> <div class=\"description\"> <\/div> <\/div> <\/div> <\/div> <\/div> <\/div> <\/div> <\/div> <div class=\"portfolio-item itineraires item-animations-not-inited post-35795 thegem_pf_item type-thegem_pf_item status-publish has-post-thumbnail\" style=\"padding: 21px;\" data-default-sort=\"0\" data-sort-date=\"1527149273\"> <div class=\"wrap clearfix\" style=\"border-bottom-color: \"> <div class=\"image post-35795 thegem_pf_item type-thegem_pf_item status-publish has-post-thumbnail\"> <div class=\"image-inner\"> <picture> <img src=\"https:\/\/www.blanescostabrava.cat\/wp-content\/uploads\/2018\/03\/8-thegem-portfolio-justified.jpg\" width=\"844\" height=\"620\" class=\"attachment-thegem-portfolio-justified\" alt=\"L&rsquo;h\u00e9ritage des am\u00e9ricains dans la ville de Blanes\" \/> <\/picture> <\/div> <div class=\"overlay\"> <div class=\"overlay-circle\"><\/div> <div class=\"links-wrapper\"> <div class=\"links\"> <div class=\"portfolio-icons\"> <a href=\"https:\/\/www.blanescostabrava.cat\/fr\/pf\/lheritage-des-americains-dans-la-ville-de-blanes\/\" target=\"_self\" class=\"icon self-link \"><\/a> <a href=\"javascript: void(0);\" class=\"icon share\"><\/a> <div class=\"overlay-line\"><\/div> <div class=\"portfolio-sharing-pane\"> <div class=\"socials-sharing socials socials-colored-hover\"> <a class=\"socials-item\" target=\"_blank\" href=\"https:\/\/www.facebook.com\/sharer\/sharer.php?u=https%3A%2F%2Fwww.blanescostabrava.cat%2Ffr%2Fpf%2Flheritage-des-americains-dans-la-ville-de-blanes%2F\" title=\"Facebook\"><i class=\"socials-item-icon facebook\"><\/i><\/a> <a class=\"socials-item\" target=\"_blank\" href=\"https:\/\/twitter.com\/intent\/tweet?text=L%26rsquo%3Bh%C3%A9ritage+des+am%C3%A9ricains+dans+la+ville+de+Blanes&#038;url=https%3A%2F%2Fwww.blanescostabrava.cat%2Ffr%2Fpf%2Flheritage-des-americains-dans-la-ville-de-blanes%2F\" title=\"Twitter\"><i class=\"socials-item-icon twitter\"><\/i><\/a> <a class=\"socials-item\" target=\"_blank\" href=\"https:\/\/pinterest.com\/pin\/create\/button\/?url=https%3A%2F%2Fwww.blanescostabrava.cat%2Ffr%2Fpf%2Flheritage-des-americains-dans-la-ville-de-blanes%2F&#038;description=L%26rsquo%3Bh%C3%A9ritage+des+am%C3%A9ricains+dans+la+ville+de+Blanes&#038;media=https%3A%2F%2Fwww.blanescostabrava.cat%2Fwp-content%2Fuploads%2F2018%2F03%2F8-thegem-blog-timeline-large.jpg\" title=\"Pinterest\"><i class=\"socials-item-icon pinterest\"><\/i><\/a> <a class=\"socials-item\" target=\"_blank\" href=\"https:\/\/www.tumblr.com\/widgets\/share\/tool?canonicalUrl=https%3A%2F%2Fwww.blanescostabrava.cat%2Ffr%2Fpf%2Flheritage-des-americains-dans-la-ville-de-blanes%2F\" title=\"Tumblr\"><i class=\"socials-item-icon tumblr\"><\/i><\/a> <a class=\"socials-item\" target=\"_blank\" href=\"https:\/\/www.linkedin.com\/shareArticle?mini=true&#038;url=https%3A%2F%2Fwww.blanescostabrava.cat%2Ffr%2Fpf%2Flheritage-des-americains-dans-la-ville-de-blanes%2F&#038;title=L%26rsquo%3Bh%C3%A9ritage+des+am%C3%A9ricains+dans+la+ville+de+Blanes&amp;summary=%5Bvc_row+full_width%3D%C2%A0%C2%BBstretch_row%C2%A0%C2%BB+css%3D%C2%A0%C2%BB.vc_custom_1521930461427%7Bbackground-image%3A+url%28https%3A%2F%2Fwww.blanescostabrava.cat%2Fwp-content%2Fuploads%2F2018%2F03%2F8.jpg%3Fid%3D32556%29+%21important%3B%7D%C2%A0%C2%BB+el_class%3D%C2%A0%C2%BBcabecera-pagina-interna+cabecera-ficha%C2%A0%C2%BB%5D%5Bvc_column%5D%5Bvc_column_text%5D+L%26rsquo%3Bh%C3%A9ritage+des+am%C3%A9ricains+dans+la+ville+de+Blanes+%5B%2Fvc_column_text%5D%5B%2Fvc_column%5D%5B%2Fvc_row%5D%5Bvc_row%5D%5Bvc_column%5D%5Bvc_column_text+css%3D%C2%A0%C2%BB%C2%A0%C2%BB+el_class%3D%C2%A0%C2%BBtextos-ficha-interna%C2%A0%C2%BB%5D+Les+Indianos...\" title=\"LinkedIn\"><i class=\"socials-item-icon linkedin\"><\/i><\/a> <a class=\"socials-item\" target=\"_blank\" href=\"https:\/\/www.reddit.com\/submit?url=https%3A%2F%2Fwww.blanescostabrava.cat%2Ffr%2Fpf%2Flheritage-des-americains-dans-la-ville-de-blanes%2F&#038;title=L%26rsquo%3Bh%C3%A9ritage+des+am%C3%A9ricains+dans+la+ville+de+Blanes\" title=\"Reddit\"><i class=\"socials-item-icon reddit\"><\/i><\/a> <\/div> <\/div> <\/div> <div class=\"caption\"> <div class=\"title title-h4\"> L&rsquo;h\u00e9ritage des am\u00e9ricains dans la ville de Blanes <\/span> <\/div> <div class=\"description\"> <\/div> <\/div> <\/div> <\/div> <\/div> <\/div> <\/div> <\/div> <div class=\"portfolio-item itineraires item-animations-not-inited post-35796 thegem_pf_item type-thegem_pf_item status-publish has-post-thumbnail\" style=\"padding: 21px;\" data-default-sort=\"0\" data-sort-date=\"1527149274\"> <div class=\"wrap clearfix\" style=\"border-bottom-color: \"> <div class=\"image post-35796 thegem_pf_item type-thegem_pf_item status-publish has-post-thumbnail\"> <div class=\"image-inner\"> <picture> <img src=\"https:\/\/www.blanescostabrava.cat\/wp-content\/uploads\/2018\/03\/21-thegem-portfolio-justified.jpg\" width=\"844\" height=\"620\" class=\"attachment-thegem-portfolio-justified\" alt=\"Itin\u00e9raire litt\u00e9raire\" \/> <\/picture> <\/div> <div class=\"overlay\"> <div class=\"overlay-circle\"><\/div> <div class=\"links-wrapper\"> <div class=\"links\"> <div class=\"portfolio-icons\"> <a href=\"https:\/\/www.blanescostabrava.cat\/fr\/pf\/itineraire-litteraire\/\" target=\"_self\" class=\"icon self-link \"><\/a> <a href=\"javascript: void(0);\" class=\"icon share\"><\/a> <div class=\"overlay-line\"><\/div> <div class=\"portfolio-sharing-pane\"> <div class=\"socials-sharing socials socials-colored-hover\"> <a class=\"socials-item\" target=\"_blank\" href=\"https:\/\/www.facebook.com\/sharer\/sharer.php?u=https%3A%2F%2Fwww.blanescostabrava.cat%2Ffr%2Fpf%2Fitineraire-litteraire%2F\" title=\"Facebook\"><i class=\"socials-item-icon facebook\"><\/i><\/a> <a class=\"socials-item\" target=\"_blank\" href=\"https:\/\/twitter.com\/intent\/tweet?text=Itin%C3%A9raire+litt%C3%A9raire&#038;url=https%3A%2F%2Fwww.blanescostabrava.cat%2Ffr%2Fpf%2Fitineraire-litteraire%2F\" title=\"Twitter\"><i class=\"socials-item-icon twitter\"><\/i><\/a> <a class=\"socials-item\" target=\"_blank\" href=\"https:\/\/pinterest.com\/pin\/create\/button\/?url=https%3A%2F%2Fwww.blanescostabrava.cat%2Ffr%2Fpf%2Fitineraire-litteraire%2F&#038;description=Itin%C3%A9raire+litt%C3%A9raire&#038;media=https%3A%2F%2Fwww.blanescostabrava.cat%2Fwp-content%2Fuploads%2F2018%2F03%2F21-thegem-blog-timeline-large.jpg\" title=\"Pinterest\"><i class=\"socials-item-icon pinterest\"><\/i><\/a> <a class=\"socials-item\" target=\"_blank\" href=\"https:\/\/www.tumblr.com\/widgets\/share\/tool?canonicalUrl=https%3A%2F%2Fwww.blanescostabrava.cat%2Ffr%2Fpf%2Fitineraire-litteraire%2F\" title=\"Tumblr\"><i class=\"socials-item-icon tumblr\"><\/i><\/a> <a class=\"socials-item\" target=\"_blank\" href=\"https:\/\/www.linkedin.com\/shareArticle?mini=true&#038;url=https%3A%2F%2Fwww.blanescostabrava.cat%2Ffr%2Fpf%2Fitineraire-litteraire%2F&#038;title=Itin%C3%A9raire+litt%C3%A9raire&amp;summary=%5Bvc_row+full_width%3D%C2%A0%C2%BBstretch_row%C2%A0%C2%BB+css%3D%C2%A0%C2%BB.vc_custom_1521930535981%7Bbackground-image%3A+url%28https%3A%2F%2Fwww.blanescostabrava.cat%2Fwp-content%2Fuploads%2F2018%2F03%2F21.jpg%3Fid%3D32569%29+%21important%3B%7D%C2%A0%C2%BB+el_class%3D%C2%A0%C2%BBcabecera-pagina-interna+cabecera-ficha%C2%A0%C2%BB%5D%5Bvc_column%5D%5Bvc_column_text%5D+Itin%C3%A9raire+litt%C3%A9raire+%5B%2Fvc_column_text%5D%5B%2Fvc_column%5D%5B%2Fvc_row%5D%5Bvc_row%5D%5Bvc_column%5D%5Bvc_column_text+el_class%3D%C2%A0%C2%BBtextos-ficha-interna%C2%A0%C2%BB%5DSeules+quelques+villes+peuvent+s%26rsquo%3Benorgueillir+d%26rsquo%3B%C3%AAtre+des+sources+d%26rsquo%3Binspiration+pour...\" title=\"LinkedIn\"><i class=\"socials-item-icon linkedin\"><\/i><\/a> <a class=\"socials-item\" target=\"_blank\" href=\"https:\/\/www.reddit.com\/submit?url=https%3A%2F%2Fwww.blanescostabrava.cat%2Ffr%2Fpf%2Fitineraire-litteraire%2F&#038;title=Itin%C3%A9raire+litt%C3%A9raire\" title=\"Reddit\"><i class=\"socials-item-icon reddit\"><\/i><\/a> <\/div> <\/div> <\/div> <div class=\"caption\"> <div class=\"title title-h4\"> Itin\u00e9raire litt\u00e9raire <\/span> <\/div> <div class=\"description\"> <\/div> <\/div> <\/div> <\/div> <\/div> <\/div> <\/div> <\/div> <div class=\"portfolio-item itineraires item-animations-not-inited post-35797 thegem_pf_item type-thegem_pf_item status-publish has-post-thumbnail\" style=\"padding: 21px;\" data-default-sort=\"0\" data-sort-date=\"1527149276\"> <div class=\"wrap clearfix\" style=\"border-bottom-color: \"> <div class=\"image post-35797 thegem_pf_item type-thegem_pf_item status-publish has-post-thumbnail\"> <div class=\"image-inner\"> <picture> <img src=\"https:\/\/www.blanescostabrava.cat\/wp-content\/uploads\/2018\/03\/bolano-1.jpg\" width=\"433\" height=\"430\" class=\"attachment-thegem-portfolio-justified\" alt=\"L&rsquo;itin\u00e9raire Bola\u00f1o\" \/> <\/picture> <\/div> <div class=\"overlay\"> <div class=\"overlay-circle\"><\/div> <div class=\"links-wrapper\"> <div class=\"links\"> <div class=\"portfolio-icons\"> <a href=\"https:\/\/www.blanescostabrava.cat\/fr\/pf\/litineraire-bolano\/\" target=\"_self\" class=\"icon self-link \"><\/a> <a href=\"javascript: void(0);\" class=\"icon share\"><\/a> <div class=\"overlay-line\"><\/div> <div class=\"portfolio-sharing-pane\"> <div class=\"socials-sharing socials socials-colored-hover\"> <a class=\"socials-item\" target=\"_blank\" href=\"https:\/\/www.facebook.com\/sharer\/sharer.php?u=https%3A%2F%2Fwww.blanescostabrava.cat%2Ffr%2Fpf%2Flitineraire-bolano%2F\" title=\"Facebook\"><i class=\"socials-item-icon facebook\"><\/i><\/a> <a class=\"socials-item\" target=\"_blank\" href=\"https:\/\/twitter.com\/intent\/tweet?text=L%26rsquo%3Bitin%C3%A9raire+Bola%C3%B1o&#038;url=https%3A%2F%2Fwww.blanescostabrava.cat%2Ffr%2Fpf%2Flitineraire-bolano%2F\" title=\"Twitter\"><i class=\"socials-item-icon twitter\"><\/i><\/a> <a class=\"socials-item\" target=\"_blank\" href=\"https:\/\/pinterest.com\/pin\/create\/button\/?url=https%3A%2F%2Fwww.blanescostabrava.cat%2Ffr%2Fpf%2Flitineraire-bolano%2F&#038;description=L%26rsquo%3Bitin%C3%A9raire+Bola%C3%B1o&#038;media=https%3A%2F%2Fwww.blanescostabrava.cat%2Fwp-content%2Fuploads%2F2018%2F03%2Fbolano-1.jpg\" title=\"Pinterest\"><i class=\"socials-item-icon pinterest\"><\/i><\/a> <a class=\"socials-item\" target=\"_blank\" href=\"https:\/\/www.tumblr.com\/widgets\/share\/tool?canonicalUrl=https%3A%2F%2Fwww.blanescostabrava.cat%2Ffr%2Fpf%2Flitineraire-bolano%2F\" title=\"Tumblr\"><i class=\"socials-item-icon tumblr\"><\/i><\/a> <a class=\"socials-item\" target=\"_blank\" href=\"https:\/\/www.linkedin.com\/shareArticle?mini=true&#038;url=https%3A%2F%2Fwww.blanescostabrava.cat%2Ffr%2Fpf%2Flitineraire-bolano%2F&#038;title=L%26rsquo%3Bitin%C3%A9raire+Bola%C3%B1o&amp;summary=%5Bvc_row+full_width%3D%C2%A0%C2%BBstretch_row%C2%A0%C2%BB+css%3D%C2%A0%C2%BB.vc_custom_1521930590203%7Bbackground-image%3A+url%28https%3A%2F%2Fwww.blanescostabrava.cat%2Fwp-content%2Fuploads%2F2018%2F03%2F33.jpg%3Fid%3D32581%29+%21important%3B%7D%C2%A0%C2%BB+el_class%3D%C2%A0%C2%BBcabecera-pagina-interna+cabecera-ficha%C2%A0%C2%BB%5D%5Bvc_column%5D%5Bvc_column_text%5D+L%26rsquo%3Bitin%C3%A9raire+Bola%C3%B1o+%5B%2Fvc_column_text%5D%5B%2Fvc_column%5D%5B%2Fvc_row%5D%5Bvc_row%5D%5Bvc_column+width%3D%C2%A0%C2%BB2%2F3%26Prime%3B%5D%5Bvc_column_text+el_class%3D%C2%A0%C2%BBtextos-ficha-interna%C2%A0%C2%BB%5DLe+parcours+de+Bola%C3%B1o+%C3%A0+Blanes+vous+permettra+de...\" title=\"LinkedIn\"><i class=\"socials-item-icon linkedin\"><\/i><\/a> <a class=\"socials-item\" target=\"_blank\" href=\"https:\/\/www.reddit.com\/submit?url=https%3A%2F%2Fwww.blanescostabrava.cat%2Ffr%2Fpf%2Flitineraire-bolano%2F&#038;title=L%26rsquo%3Bitin%C3%A9raire+Bola%C3%B1o\" title=\"Reddit\"><i class=\"socials-item-icon reddit\"><\/i><\/a> <\/div> <\/div> <\/div> <div class=\"caption\"> <div class=\"title title-h4\"> L&rsquo;itin\u00e9raire Bola\u00f1o <\/span> <\/div> <div class=\"description\"> <\/div> <\/div> <\/div> <\/div> <\/div> <\/div> <\/div> <\/div> <\/div><!-- .portflio-set --> <div class=\"portfolio-item-size-container\"> <div class=\"portfolio-item item-animations-not-inited post-35797 thegem_pf_item type-thegem_pf_item status-publish has-post-thumbnail\"> <\/div> <\/div> <\/div><!-- .row--> <\/div><!-- .full-width --> <\/div><!-- .portfolio--> <\/div><!-- .portfolio-preloader-wrapper-->[\/vc_tta_section][vc_tta_section title=\u00a0\u00bbEv\u00e8nements populaires\u00a0\u00bb tab_id=\u00a0\u00bbfestes\u00a0\u00bb]<style>.portfolio.portfolio-grid#style-a7e79c0 .portfolio-item:not(.size-item), .preloader#style-preloader-a7e79c0 .portfolio-item { padding: calc(42px\/2) !important; }.portfolio.portfolio-grid#style-a7e79c0 .portfolio-item.size-item { padding: 0 calc(42px\/2) !important; }.portfolio.portfolio-grid#style-a7e79c0 .portfolio-row, .preloader#style-preloader-a7e79c0 .skeleton-posts.portfolio-row { margin: calc(-42px\/2); }.portfolio.portfolio-grid#style-a7e79c0.fullwidth-columns .portfolio-row { margin: calc(-42px\/2) 0; }.portfolio.portfolio-grid#style-a7e79c0 .fullwidth-block:not(.no-paddings) { padding-left: 42px; padding-right: 42px; }.portfolio.portfolio-grid#style-a7e79c0 .fullwidth-block .portfolio-row { padding-left: calc(42px\/2); padding-right: calc(42px\/2); }.portfolio.portfolio-grid#style-a7e79c0 .fullwidth-block .portfolio-top-panel { padding-left: 42px; padding-right: 42px; }.portfolio.portfolio-grid#style-a7e79c0.fullwidth-columns .with-filter-sidebar .filter-sidebar { padding-left: 42px; }.portfolio.portfolio-grid#style-a7e79c0 .portfolio-item .caption .title span { letter-spacing: px !important; }<\/style><style>.portfolio.portfolio-grid#style-a7e79c0 .portfolio-filters { text-align: center; }<\/style><div id=\"style-preloader-a7e79c0\" class=\"preloader save-space\"><div class=\"preloader-spin\"><\/div><\/div> <div class=\"portfolio-preloader-wrapper panel-sidebar-position-left\"> <div class=\"portfolio portfolio-grid extended-portfolio-grid no-padding portfolio-pagination-scroll portfolio-style-justified background-style-white title-style-light hover-circular title-on-page hover-elements-size-default version-default caption-position-page columns-4 columns-tablet-2 columns-mobile-1 next-page-preloading \" id=\"style-a7e79c0\" data-style-uid=\"a7e79c0\" data-portfolio-uid=\"grid_8f32c9d\" data-current-page=\"1\" data-per-page=\"8\" data-next-page=\"0\" data-pages-count=\"1\" data-hover=\"circular\" data-portfolio-filter=\"[]\" data-portfolio-filter-attributes=\"null\" data-portfolio-filter-search=\"\"> <div class=\"portfolio-row-outer \"> <div class=\"portfolio-top-panel selected-only\"> <div class=\"portfolio-filter-item portfolio-selected-filters left\"> <div class=\"portfolio-selected-filter-item clear-filters\"> Clear Filters\t<\/div> <\/div> <\/div> <div class=\"row portfolio-row\"> <div class=\"portfolio-set clearfix\" data-max-row-height=\"280\"> <div class=\"portfolio-item evenements-populaires item-animations-not-inited post-35798 thegem_pf_item type-thegem_pf_item status-publish has-post-thumbnail\" style=\"padding: 21px;\" data-default-sort=\"0\" data-sort-date=\"1527149278\"> <div class=\"wrap clearfix\" style=\"border-bottom-color: \"> <div class=\"image post-35798 thegem_pf_item type-thegem_pf_item status-publish has-post-thumbnail\"> <div class=\"image-inner\"> <picture> <img src=\"https:\/\/www.blanescostabrava.cat\/wp-content\/uploads\/2018\/03\/19-thegem-portfolio-justified.jpg\" width=\"844\" height=\"620\" class=\"attachment-thegem-portfolio-justified\" alt=\"Concours International de Feux d&rsquo;Artifice de la Costa Brava\" \/> <\/picture> <\/div> <div class=\"overlay\"> <div class=\"overlay-circle\"><\/div> <div class=\"links-wrapper\"> <div class=\"links\"> <div class=\"portfolio-icons\"> <a href=\"https:\/\/www.blanescostabrava.cat\/fr\/pf\/concours-international-de-feux-dartifice-de-la-costa-brava\/\" target=\"_self\" class=\"icon self-link \"><\/a> <a href=\"javascript: void(0);\" class=\"icon share\"><\/a> <div class=\"overlay-line\"><\/div> <div class=\"portfolio-sharing-pane\"> <div class=\"socials-sharing socials socials-colored-hover\"> <a class=\"socials-item\" target=\"_blank\" href=\"https:\/\/www.facebook.com\/sharer\/sharer.php?u=https%3A%2F%2Fwww.blanescostabrava.cat%2Ffr%2Fpf%2Fconcours-international-de-feux-dartifice-de-la-costa-brava%2F\" title=\"Facebook\"><i class=\"socials-item-icon facebook\"><\/i><\/a> <a class=\"socials-item\" target=\"_blank\" href=\"https:\/\/twitter.com\/intent\/tweet?text=Concours+International+de+Feux+d%26rsquo%3BArtifice+de+la+Costa+Brava&#038;url=https%3A%2F%2Fwww.blanescostabrava.cat%2Ffr%2Fpf%2Fconcours-international-de-feux-dartifice-de-la-costa-brava%2F\" title=\"Twitter\"><i class=\"socials-item-icon twitter\"><\/i><\/a> <a class=\"socials-item\" target=\"_blank\" href=\"https:\/\/pinterest.com\/pin\/create\/button\/?url=https%3A%2F%2Fwww.blanescostabrava.cat%2Ffr%2Fpf%2Fconcours-international-de-feux-dartifice-de-la-costa-brava%2F&#038;description=Concours+International+de+Feux+d%26rsquo%3BArtifice+de+la+Costa+Brava&#038;media=https%3A%2F%2Fwww.blanescostabrava.cat%2Fwp-content%2Fuploads%2F2018%2F03%2F19-thegem-blog-timeline-large.jpg\" title=\"Pinterest\"><i class=\"socials-item-icon pinterest\"><\/i><\/a> <a class=\"socials-item\" target=\"_blank\" href=\"https:\/\/www.tumblr.com\/widgets\/share\/tool?canonicalUrl=https%3A%2F%2Fwww.blanescostabrava.cat%2Ffr%2Fpf%2Fconcours-international-de-feux-dartifice-de-la-costa-brava%2F\" title=\"Tumblr\"><i class=\"socials-item-icon tumblr\"><\/i><\/a> <a class=\"socials-item\" target=\"_blank\" href=\"https:\/\/www.linkedin.com\/shareArticle?mini=true&#038;url=https%3A%2F%2Fwww.blanescostabrava.cat%2Ffr%2Fpf%2Fconcours-international-de-feux-dartifice-de-la-costa-brava%2F&#038;title=Concours+International+de+Feux+d%26rsquo%3BArtifice+de+la+Costa+Brava&amp;summary=Apr%C3%A8s+pr%C3%A8s+d%27un+si%C3%A8cle+de+tradition+pyrotechnique%2C+c%27est+un+des+%C3%A9v%C3%A9nements+les+plus+%C3%A9mouvants+et+originaux+de+Blanes.+Il+s%27agit+d%27un+festival+de+lumi%C3%A8res+et+de+feux+d%27artifice+organis%C3%A9+chaque+ann%C3%A9e+au+mois+de+juillet.+Il+attire+des+milliers+de+spectateurs+sur+nos+plages.\" title=\"LinkedIn\"><i class=\"socials-item-icon linkedin\"><\/i><\/a> <a class=\"socials-item\" target=\"_blank\" href=\"https:\/\/www.reddit.com\/submit?url=https%3A%2F%2Fwww.blanescostabrava.cat%2Ffr%2Fpf%2Fconcours-international-de-feux-dartifice-de-la-costa-brava%2F&#038;title=Concours+International+de+Feux+d%26rsquo%3BArtifice+de+la+Costa+Brava\" title=\"Reddit\"><i class=\"socials-item-icon reddit\"><\/i><\/a> <\/div> <\/div> <\/div> <div class=\"caption\"> <div class=\"title title-h4\"> Concours International de Feux d&rsquo;Artifice de la Costa Brava <\/span> <\/div> <div class=\"description\"> <div class=\"subtitle\"><p>Apr\u00e8s pr\u00e8s d&rsquo;un si\u00e8cle de tradition pyrotechnique, c&rsquo;est un des \u00e9v\u00e9nements les plus \u00e9mouvants et originaux de Blanes. Il s&rsquo;agit d&rsquo;un festival de lumi\u00e8res et de feux d&rsquo;artifice organis\u00e9 chaque ann\u00e9e au mois de juillet. Il attire des milliers de spectateurs sur nos plages.<\/p>\n<\/div> <\/div> <\/div> <\/div> <\/div> <\/div> <\/div> <\/div> <\/div> <div class=\"portfolio-item evenements-populaires item-animations-not-inited post-35799 thegem_pf_item type-thegem_pf_item status-publish has-post-thumbnail\" style=\"padding: 21px;\" data-default-sort=\"0\" data-sort-date=\"1527149279\"> <div class=\"wrap clearfix\" style=\"border-bottom-color: \"> <div class=\"image post-35799 thegem_pf_item type-thegem_pf_item status-publish has-post-thumbnail\"> <div class=\"image-inner\"> <picture> <img src=\"https:\/\/www.blanescostabrava.cat\/wp-content\/uploads\/2018\/03\/FIESTA-01.jpg\" width=\"607\" height=\"687\" class=\"attachment-thegem-portfolio-justified\" alt=\"Carnaval\" \/> <\/picture> <\/div> <div class=\"overlay\"> <div class=\"overlay-circle\"><\/div> <div class=\"links-wrapper\"> <div class=\"links\"> <div class=\"portfolio-icons\"> <a href=\"https:\/\/www.blanescostabrava.cat\/fr\/pf\/carnaval\/\" target=\"_self\" class=\"icon self-link \"><\/a> <a href=\"javascript: void(0);\" class=\"icon share\"><\/a> <div class=\"overlay-line\"><\/div> <div class=\"portfolio-sharing-pane\"> <div class=\"socials-sharing socials socials-colored-hover\"> <a class=\"socials-item\" target=\"_blank\" href=\"https:\/\/www.facebook.com\/sharer\/sharer.php?u=https%3A%2F%2Fwww.blanescostabrava.cat%2Ffr%2Fpf%2Fcarnaval%2F\" title=\"Facebook\"><i class=\"socials-item-icon facebook\"><\/i><\/a> <a class=\"socials-item\" target=\"_blank\" href=\"https:\/\/twitter.com\/intent\/tweet?text=Carnaval&#038;url=https%3A%2F%2Fwww.blanescostabrava.cat%2Ffr%2Fpf%2Fcarnaval%2F\" title=\"Twitter\"><i class=\"socials-item-icon twitter\"><\/i><\/a> <a class=\"socials-item\" target=\"_blank\" href=\"https:\/\/pinterest.com\/pin\/create\/button\/?url=https%3A%2F%2Fwww.blanescostabrava.cat%2Ffr%2Fpf%2Fcarnaval%2F&#038;description=Carnaval&#038;media=https%3A%2F%2Fwww.blanescostabrava.cat%2Fwp-content%2Fuploads%2F2018%2F03%2FFIESTA-01.jpg\" title=\"Pinterest\"><i class=\"socials-item-icon pinterest\"><\/i><\/a> <a class=\"socials-item\" target=\"_blank\" href=\"https:\/\/www.tumblr.com\/widgets\/share\/tool?canonicalUrl=https%3A%2F%2Fwww.blanescostabrava.cat%2Ffr%2Fpf%2Fcarnaval%2F\" title=\"Tumblr\"><i class=\"socials-item-icon tumblr\"><\/i><\/a> <a class=\"socials-item\" target=\"_blank\" href=\"https:\/\/www.linkedin.com\/shareArticle?mini=true&#038;url=https%3A%2F%2Fwww.blanescostabrava.cat%2Ffr%2Fpf%2Fcarnaval%2F&#038;title=Carnaval&amp;summary=Le+Carnaval+est+un+%C3%A9v%C3%A9nement+pour+s%27amuser+avec+la+famille+et+les+amis.+Nous+proposons+diff%C3%A9rentes+activit%C3%A9s+pour+profiter+du+Carnaval+d%27une+autre+mani%C3%A8re.+Elles+sont+r%C3%A9parties+dans+toute+la+ville+pour+faciliter+la+participation+de+tout+le+monde.\" title=\"LinkedIn\"><i class=\"socials-item-icon linkedin\"><\/i><\/a> <a class=\"socials-item\" target=\"_blank\" href=\"https:\/\/www.reddit.com\/submit?url=https%3A%2F%2Fwww.blanescostabrava.cat%2Ffr%2Fpf%2Fcarnaval%2F&#038;title=Carnaval\" title=\"Reddit\"><i class=\"socials-item-icon reddit\"><\/i><\/a> <\/div> <\/div> <\/div> <div class=\"caption\"> <div class=\"title title-h4\"> Carnaval <\/span> <\/div> <div class=\"description\"> <div class=\"subtitle\"><p>Le Carnaval est un \u00e9v\u00e9nement pour s&rsquo;amuser avec la famille et les amis. Nous proposons diff\u00e9rentes activit\u00e9s pour profiter du Carnaval d&rsquo;une autre mani\u00e8re. Elles sont r\u00e9parties dans toute la ville pour faciliter la participation de tout le monde.<\/p>\n<\/div> <\/div> <\/div> <\/div> <\/div> <\/div> <\/div> <\/div> <\/div> <div class=\"portfolio-item evenements-populaires item-animations-not-inited post-35800 thegem_pf_item type-thegem_pf_item status-publish has-post-thumbnail\" style=\"padding: 21px;\" data-default-sort=\"0\" data-sort-date=\"1527149281\"> <div class=\"wrap clearfix\" style=\"border-bottom-color: \"> <div class=\"image post-35800 thegem_pf_item type-thegem_pf_item status-publish has-post-thumbnail\"> <div class=\"image-inner\"> <picture> <img src=\"https:\/\/www.blanescostabrava.cat\/wp-content\/uploads\/2018\/03\/FIESTA-02.jpg\" width=\"607\" height=\"687\" class=\"attachment-thegem-portfolio-justified\" alt=\"Tapis de fleurs du Corpus\" \/> <\/picture> <\/div> <div class=\"overlay\"> <div class=\"overlay-circle\"><\/div> <div class=\"links-wrapper\"> <div class=\"links\"> <div class=\"portfolio-icons\"> <a href=\"https:\/\/www.blanescostabrava.cat\/fr\/pf\/tapis-de-fleurs-du-corpus\/\" target=\"_self\" class=\"icon self-link \"><\/a> <a href=\"javascript: void(0);\" class=\"icon share\"><\/a> <div class=\"overlay-line\"><\/div> <div class=\"portfolio-sharing-pane\"> <div class=\"socials-sharing socials socials-colored-hover\"> <a class=\"socials-item\" target=\"_blank\" href=\"https:\/\/www.facebook.com\/sharer\/sharer.php?u=https%3A%2F%2Fwww.blanescostabrava.cat%2Ffr%2Fpf%2Ftapis-de-fleurs-du-corpus%2F\" title=\"Facebook\"><i class=\"socials-item-icon facebook\"><\/i><\/a> <a class=\"socials-item\" target=\"_blank\" href=\"https:\/\/twitter.com\/intent\/tweet?text=Tapis+de+fleurs+du+Corpus&#038;url=https%3A%2F%2Fwww.blanescostabrava.cat%2Ffr%2Fpf%2Ftapis-de-fleurs-du-corpus%2F\" title=\"Twitter\"><i class=\"socials-item-icon twitter\"><\/i><\/a> <a class=\"socials-item\" target=\"_blank\" href=\"https:\/\/pinterest.com\/pin\/create\/button\/?url=https%3A%2F%2Fwww.blanescostabrava.cat%2Ffr%2Fpf%2Ftapis-de-fleurs-du-corpus%2F&#038;description=Tapis+de+fleurs+du+Corpus&#038;media=https%3A%2F%2Fwww.blanescostabrava.cat%2Fwp-content%2Fuploads%2F2018%2F03%2FFIESTA-02.jpg\" title=\"Pinterest\"><i class=\"socials-item-icon pinterest\"><\/i><\/a> <a class=\"socials-item\" target=\"_blank\" href=\"https:\/\/www.tumblr.com\/widgets\/share\/tool?canonicalUrl=https%3A%2F%2Fwww.blanescostabrava.cat%2Ffr%2Fpf%2Ftapis-de-fleurs-du-corpus%2F\" title=\"Tumblr\"><i class=\"socials-item-icon tumblr\"><\/i><\/a> <a class=\"socials-item\" target=\"_blank\" href=\"https:\/\/www.linkedin.com\/shareArticle?mini=true&#038;url=https%3A%2F%2Fwww.blanescostabrava.cat%2Ffr%2Fpf%2Ftapis-de-fleurs-du-corpus%2F&#038;title=Tapis+de+fleurs+du+Corpus&amp;summary=Blanes+c%C3%A9l%C3%A8bre+activement+cette+f%C3%AAte+quand+le+printemps+est+d%C3%A9j%C3%A0+install%C3%A9.+Venez+voir+comment+les+voisins+%C3%A9laborent+des+tapis+de+fleurs+avec+les+motifs+et+le+blason+de+la+ville+dans+nos+jardins...\" title=\"LinkedIn\"><i class=\"socials-item-icon linkedin\"><\/i><\/a> <a class=\"socials-item\" target=\"_blank\" href=\"https:\/\/www.reddit.com\/submit?url=https%3A%2F%2Fwww.blanescostabrava.cat%2Ffr%2Fpf%2Ftapis-de-fleurs-du-corpus%2F&#038;title=Tapis+de+fleurs+du+Corpus\" title=\"Reddit\"><i class=\"socials-item-icon reddit\"><\/i><\/a> <\/div> <\/div> <\/div> <div class=\"caption\"> <div class=\"title title-h4\"> Tapis de fleurs du Corpus <\/span> <\/div> <div class=\"description\"> <div class=\"subtitle\"><p>Blanes c\u00e9l\u00e8bre activement cette f\u00eate quand le printemps est d\u00e9j\u00e0 install\u00e9. Venez voir comment les voisins \u00e9laborent des tapis de fleurs avec les motifs et le blason de la ville dans nos jardins&#8230;<\/p>\n<\/div> <\/div> <\/div> <\/div> <\/div> <\/div> <\/div> <\/div> <\/div> <div class=\"portfolio-item evenements-populaires item-animations-not-inited post-35801 thegem_pf_item type-thegem_pf_item status-publish has-post-thumbnail\" style=\"padding: 21px;\" data-default-sort=\"0\" data-sort-date=\"1527149282\"> <div class=\"wrap clearfix\" style=\"border-bottom-color: \"> <div class=\"image post-35801 thegem_pf_item type-thegem_pf_item status-publish has-post-thumbnail\"> <div class=\"image-inner\"> <picture> <img src=\"https:\/\/www.blanescostabrava.cat\/wp-content\/uploads\/2018\/03\/FIESTA-03.jpg\" width=\"607\" height=\"687\" class=\"attachment-thegem-portfolio-justified\" alt=\"F\u00eate des Co-patrons\" \/> <\/picture> <\/div> <div class=\"overlay\"> <div class=\"overlay-circle\"><\/div> <div class=\"links-wrapper\"> <div class=\"links\"> <div class=\"portfolio-icons\"> <a href=\"https:\/\/www.blanescostabrava.cat\/fr\/pf\/fete-des-co-patrons\/\" target=\"_self\" class=\"icon self-link \"><\/a> <a href=\"javascript: void(0);\" class=\"icon share\"><\/a> <div class=\"overlay-line\"><\/div> <div class=\"portfolio-sharing-pane\"> <div class=\"socials-sharing socials socials-colored-hover\"> <a class=\"socials-item\" target=\"_blank\" href=\"https:\/\/www.facebook.com\/sharer\/sharer.php?u=https%3A%2F%2Fwww.blanescostabrava.cat%2Ffr%2Fpf%2Ffete-des-co-patrons%2F\" title=\"Facebook\"><i class=\"socials-item-icon facebook\"><\/i><\/a> <a class=\"socials-item\" target=\"_blank\" href=\"https:\/\/twitter.com\/intent\/tweet?text=F%C3%AAte+des+Co-patrons&#038;url=https%3A%2F%2Fwww.blanescostabrava.cat%2Ffr%2Fpf%2Ffete-des-co-patrons%2F\" title=\"Twitter\"><i class=\"socials-item-icon twitter\"><\/i><\/a> <a class=\"socials-item\" target=\"_blank\" href=\"https:\/\/pinterest.com\/pin\/create\/button\/?url=https%3A%2F%2Fwww.blanescostabrava.cat%2Ffr%2Fpf%2Ffete-des-co-patrons%2F&#038;description=F%C3%AAte+des+Co-patrons&#038;media=https%3A%2F%2Fwww.blanescostabrava.cat%2Fwp-content%2Fuploads%2F2018%2F03%2FFIESTA-03.jpg\" title=\"Pinterest\"><i class=\"socials-item-icon pinterest\"><\/i><\/a> <a class=\"socials-item\" target=\"_blank\" href=\"https:\/\/www.tumblr.com\/widgets\/share\/tool?canonicalUrl=https%3A%2F%2Fwww.blanescostabrava.cat%2Ffr%2Fpf%2Ffete-des-co-patrons%2F\" title=\"Tumblr\"><i class=\"socials-item-icon tumblr\"><\/i><\/a> <a class=\"socials-item\" target=\"_blank\" href=\"https:\/\/www.linkedin.com\/shareArticle?mini=true&#038;url=https%3A%2F%2Fwww.blanescostabrava.cat%2Ffr%2Fpf%2Ffete-des-co-patrons%2F&#038;title=F%C3%AAte+des+Co-patrons&amp;summary=Il+s%27agit+de+la+petite+s%C5%93ur+de+la+Festa+Major+mais+tout+aussi+importante+pour+tous.\" title=\"LinkedIn\"><i class=\"socials-item-icon linkedin\"><\/i><\/a> <a class=\"socials-item\" target=\"_blank\" href=\"https:\/\/www.reddit.com\/submit?url=https%3A%2F%2Fwww.blanescostabrava.cat%2Ffr%2Fpf%2Ffete-des-co-patrons%2F&#038;title=F%C3%AAte+des+Co-patrons\" title=\"Reddit\"><i class=\"socials-item-icon reddit\"><\/i><\/a> <\/div> <\/div> <\/div> <div class=\"caption\"> <div class=\"title title-h4\"> F\u00eate des Co-patrons <\/span> <\/div> <div class=\"description\"> <div class=\"subtitle\"><p>Il s&rsquo;agit de la petite s\u0153ur de la Festa Major mais tout aussi importante pour tous.<\/p>\n<\/div> <\/div> <\/div> <\/div> <\/div> <\/div> <\/div> <\/div> <\/div> <div class=\"portfolio-item evenements-populaires item-animations-not-inited post-35802 thegem_pf_item type-thegem_pf_item status-publish has-post-thumbnail\" style=\"padding: 21px;\" data-default-sort=\"0\" data-sort-date=\"1527149283\"> <div class=\"wrap clearfix\" style=\"border-bottom-color: \"> <div class=\"image post-35802 thegem_pf_item type-thegem_pf_item status-publish has-post-thumbnail\"> <div class=\"image-inner\"> <picture> <img src=\"https:\/\/www.blanescostabrava.cat\/wp-content\/uploads\/2018\/03\/FIESTA-04.jpg\" width=\"607\" height=\"687\" class=\"attachment-thegem-portfolio-justified\" alt=\"Festa Major\" \/> <\/picture> <\/div> <div class=\"overlay\"> <div class=\"overlay-circle\"><\/div> <div class=\"links-wrapper\"> <div class=\"links\"> <div class=\"portfolio-icons\"> <a href=\"https:\/\/www.blanescostabrava.cat\/fr\/pf\/festa-major\/\" target=\"_self\" class=\"icon self-link \"><\/a> <a href=\"javascript: void(0);\" class=\"icon share\"><\/a> <div class=\"overlay-line\"><\/div> <div class=\"portfolio-sharing-pane\"> <div class=\"socials-sharing socials socials-colored-hover\"> <a class=\"socials-item\" target=\"_blank\" href=\"https:\/\/www.facebook.com\/sharer\/sharer.php?u=https%3A%2F%2Fwww.blanescostabrava.cat%2Ffr%2Fpf%2Ffesta-major%2F\" title=\"Facebook\"><i class=\"socials-item-icon facebook\"><\/i><\/a> <a class=\"socials-item\" target=\"_blank\" href=\"https:\/\/twitter.com\/intent\/tweet?text=Festa+Major&#038;url=https%3A%2F%2Fwww.blanescostabrava.cat%2Ffr%2Fpf%2Ffesta-major%2F\" title=\"Twitter\"><i class=\"socials-item-icon twitter\"><\/i><\/a> <a class=\"socials-item\" target=\"_blank\" href=\"https:\/\/pinterest.com\/pin\/create\/button\/?url=https%3A%2F%2Fwww.blanescostabrava.cat%2Ffr%2Fpf%2Ffesta-major%2F&#038;description=Festa+Major&#038;media=https%3A%2F%2Fwww.blanescostabrava.cat%2Fwp-content%2Fuploads%2F2018%2F03%2FFIESTA-04.jpg\" title=\"Pinterest\"><i class=\"socials-item-icon pinterest\"><\/i><\/a> <a class=\"socials-item\" target=\"_blank\" href=\"https:\/\/www.tumblr.com\/widgets\/share\/tool?canonicalUrl=https%3A%2F%2Fwww.blanescostabrava.cat%2Ffr%2Fpf%2Ffesta-major%2F\" title=\"Tumblr\"><i class=\"socials-item-icon tumblr\"><\/i><\/a> <a class=\"socials-item\" target=\"_blank\" href=\"https:\/\/www.linkedin.com\/shareArticle?mini=true&#038;url=https%3A%2F%2Fwww.blanescostabrava.cat%2Ffr%2Fpf%2Ffesta-major%2F&#038;title=Festa+Major&amp;summary=%C3%80+la+fin+du+mois+de+juillet%2C+Blanes+c%C3%A9l%C3%A8bre+une+f%C3%AAte+en+l%27honneur+de+la+patronne+de+la+ville%2C+Santa+Anna.+\" title=\"LinkedIn\"><i class=\"socials-item-icon linkedin\"><\/i><\/a> <a class=\"socials-item\" target=\"_blank\" href=\"https:\/\/www.reddit.com\/submit?url=https%3A%2F%2Fwww.blanescostabrava.cat%2Ffr%2Fpf%2Ffesta-major%2F&#038;title=Festa+Major\" title=\"Reddit\"><i class=\"socials-item-icon reddit\"><\/i><\/a> <\/div> <\/div> <\/div> <div class=\"caption\"> <div class=\"title title-h4\"> Festa Major <\/span> <\/div> <div class=\"description\"> <div class=\"subtitle\"><p>\u00c0 la fin du mois de juillet, Blanes c\u00e9l\u00e8bre une f\u00eate en l&rsquo;honneur de la patronne de la ville, Santa Anna. <\/p>\n<\/div> <\/div> <\/div> <\/div> <\/div> <\/div> <\/div> <\/div> <\/div> <div class=\"portfolio-item evenements-populaires item-animations-not-inited post-35803 thegem_pf_item type-thegem_pf_item status-publish has-post-thumbnail\" style=\"padding: 21px;\" data-default-sort=\"0\" data-sort-date=\"1527149284\"> <div class=\"wrap clearfix\" style=\"border-bottom-color: \"> <div class=\"image post-35803 thegem_pf_item type-thegem_pf_item status-publish has-post-thumbnail\"> <div class=\"image-inner\"> <picture> <img src=\"https:\/\/www.blanescostabrava.cat\/wp-content\/uploads\/2018\/03\/FIESTA-05.jpg\" width=\"607\" height=\"687\" class=\"attachment-thegem-portfolio-justified\" alt=\"Semaine sainte\" \/> <\/picture> <\/div> <div class=\"overlay\"> <div class=\"overlay-circle\"><\/div> <div class=\"links-wrapper\"> <div class=\"links\"> <div class=\"portfolio-icons\"> <a href=\"https:\/\/www.blanescostabrava.cat\/fr\/pf\/semaine-sainte\/\" target=\"_self\" class=\"icon self-link \"><\/a> <a href=\"javascript: void(0);\" class=\"icon share\"><\/a> <div class=\"overlay-line\"><\/div> <div class=\"portfolio-sharing-pane\"> <div class=\"socials-sharing socials socials-colored-hover\"> <a class=\"socials-item\" target=\"_blank\" href=\"https:\/\/www.facebook.com\/sharer\/sharer.php?u=https%3A%2F%2Fwww.blanescostabrava.cat%2Ffr%2Fpf%2Fsemaine-sainte%2F\" title=\"Facebook\"><i class=\"socials-item-icon facebook\"><\/i><\/a> <a class=\"socials-item\" target=\"_blank\" href=\"https:\/\/twitter.com\/intent\/tweet?text=Semaine+sainte&#038;url=https%3A%2F%2Fwww.blanescostabrava.cat%2Ffr%2Fpf%2Fsemaine-sainte%2F\" title=\"Twitter\"><i class=\"socials-item-icon twitter\"><\/i><\/a> <a class=\"socials-item\" target=\"_blank\" href=\"https:\/\/pinterest.com\/pin\/create\/button\/?url=https%3A%2F%2Fwww.blanescostabrava.cat%2Ffr%2Fpf%2Fsemaine-sainte%2F&#038;description=Semaine+sainte&#038;media=https%3A%2F%2Fwww.blanescostabrava.cat%2Fwp-content%2Fuploads%2F2018%2F03%2FFIESTA-05.jpg\" title=\"Pinterest\"><i class=\"socials-item-icon pinterest\"><\/i><\/a> <a class=\"socials-item\" target=\"_blank\" href=\"https:\/\/www.tumblr.com\/widgets\/share\/tool?canonicalUrl=https%3A%2F%2Fwww.blanescostabrava.cat%2Ffr%2Fpf%2Fsemaine-sainte%2F\" title=\"Tumblr\"><i class=\"socials-item-icon tumblr\"><\/i><\/a> <a class=\"socials-item\" target=\"_blank\" href=\"https:\/\/www.linkedin.com\/shareArticle?mini=true&#038;url=https%3A%2F%2Fwww.blanescostabrava.cat%2Ffr%2Fpf%2Fsemaine-sainte%2F&#038;title=Semaine+sainte&amp;summary=On+c%C3%A9l%C3%A8bre+encore+la+Semaine+Sainte+%C3%A0+Blanes.+La+procession+la+plus+connue+est+sans+doute+celle+qui%2C+le+dimanche+de+P%C3%A2ques%2C+se+tient+%C3%A0+la+ville.+C%27est+la+procession+de+l%27%C3%80ngel.+Deux+confr%C3%A9ries+font+une+procession+silencieuse+depuis+l%27%C3%A9glise+de+Santa+Maria+pour+se+rendre+%C3%A0+la+place+Dies+Feiners%2C+o%C3%B9+le+Cant+de+l%27%C3%80ngel+%28le+chant+de+l%27ange%29+est+interpr%C3%A9t%C3%A9.+\" title=\"LinkedIn\"><i class=\"socials-item-icon linkedin\"><\/i><\/a> <a class=\"socials-item\" target=\"_blank\" href=\"https:\/\/www.reddit.com\/submit?url=https%3A%2F%2Fwww.blanescostabrava.cat%2Ffr%2Fpf%2Fsemaine-sainte%2F&#038;title=Semaine+sainte\" title=\"Reddit\"><i class=\"socials-item-icon reddit\"><\/i><\/a> <\/div> <\/div> <\/div> <div class=\"caption\"> <div class=\"title title-h4\"> Semaine sainte <\/span> <\/div> <div class=\"description\"> <div class=\"subtitle\"><p>On c\u00e9l\u00e8bre encore la Semaine Sainte \u00e0 Blanes. La procession la plus connue est sans doute celle qui, le dimanche de P\u00e2ques, se tient \u00e0 la ville. C&rsquo;est la procession de l&rsquo;\u00c0ngel. Deux confr\u00e9ries font une procession silencieuse depuis l&rsquo;\u00e9glise de Santa Maria pour se rendre \u00e0 la place Dies Feiners, o\u00f9 le Cant de l&rsquo;\u00c0ngel (le chant de l&rsquo;ange) est interpr\u00e9t\u00e9. <\/p>\n<\/div> <\/div> <\/div> <\/div> <\/div> <\/div> <\/div> <\/div> <\/div> <div class=\"portfolio-item evenements-populaires item-animations-not-inited post-35804 thegem_pf_item type-thegem_pf_item status-publish has-post-thumbnail\" style=\"padding: 21px;\" data-default-sort=\"0\" data-sort-date=\"1527149285\"> <div class=\"wrap clearfix\" style=\"border-bottom-color: \"> <div class=\"image post-35804 thegem_pf_item type-thegem_pf_item status-publish has-post-thumbnail\"> <div class=\"image-inner\"> <picture> <img src=\"https:\/\/www.blanescostabrava.cat\/wp-content\/uploads\/2018\/03\/FIESTA-06.jpg\" width=\"607\" height=\"687\" class=\"attachment-thegem-portfolio-justified\" alt=\"No\u00ebl\" \/> <\/picture> <\/div> <div class=\"overlay\"> <div class=\"overlay-circle\"><\/div> <div class=\"links-wrapper\"> <div class=\"links\"> <div class=\"portfolio-icons\"> <a href=\"https:\/\/www.blanescostabrava.cat\/fr\/pf\/noel\/\" target=\"_self\" class=\"icon self-link \"><\/a> <a href=\"javascript: void(0);\" class=\"icon share\"><\/a> <div class=\"overlay-line\"><\/div> <div class=\"portfolio-sharing-pane\"> <div class=\"socials-sharing socials socials-colored-hover\"> <a class=\"socials-item\" target=\"_blank\" href=\"https:\/\/www.facebook.com\/sharer\/sharer.php?u=https%3A%2F%2Fwww.blanescostabrava.cat%2Ffr%2Fpf%2Fnoel%2F\" title=\"Facebook\"><i class=\"socials-item-icon facebook\"><\/i><\/a> <a class=\"socials-item\" target=\"_blank\" href=\"https:\/\/twitter.com\/intent\/tweet?text=No%C3%ABl&#038;url=https%3A%2F%2Fwww.blanescostabrava.cat%2Ffr%2Fpf%2Fnoel%2F\" title=\"Twitter\"><i class=\"socials-item-icon twitter\"><\/i><\/a> <a class=\"socials-item\" target=\"_blank\" href=\"https:\/\/pinterest.com\/pin\/create\/button\/?url=https%3A%2F%2Fwww.blanescostabrava.cat%2Ffr%2Fpf%2Fnoel%2F&#038;description=No%C3%ABl&#038;media=https%3A%2F%2Fwww.blanescostabrava.cat%2Fwp-content%2Fuploads%2F2018%2F03%2FFIESTA-06.jpg\" title=\"Pinterest\"><i class=\"socials-item-icon pinterest\"><\/i><\/a> <a class=\"socials-item\" target=\"_blank\" href=\"https:\/\/www.tumblr.com\/widgets\/share\/tool?canonicalUrl=https%3A%2F%2Fwww.blanescostabrava.cat%2Ffr%2Fpf%2Fnoel%2F\" title=\"Tumblr\"><i class=\"socials-item-icon tumblr\"><\/i><\/a> <a class=\"socials-item\" target=\"_blank\" href=\"https:\/\/www.linkedin.com\/shareArticle?mini=true&#038;url=https%3A%2F%2Fwww.blanescostabrava.cat%2Ffr%2Fpf%2Fnoel%2F&#038;title=No%C3%ABl&amp;summary=Vous+pouvez+profiter+intens%C3%A9ment+de+la+magie+de+No%C3%ABl+dans+la+ville+de+Blanes.+C%27est+le+moment+parfait+pour+une+visite+car+la+ville+change+de+visage+gr%C3%A2ce+aux+illuminations+de+No%C3%ABl%2C+aux+d%C3%A9corations+dans+les+rues%2C+aux+foires%2C+aux+cr%C3%A8ches...\" title=\"LinkedIn\"><i class=\"socials-item-icon linkedin\"><\/i><\/a> <a class=\"socials-item\" target=\"_blank\" href=\"https:\/\/www.reddit.com\/submit?url=https%3A%2F%2Fwww.blanescostabrava.cat%2Ffr%2Fpf%2Fnoel%2F&#038;title=No%C3%ABl\" title=\"Reddit\"><i class=\"socials-item-icon reddit\"><\/i><\/a> <\/div> <\/div> <\/div> <div class=\"caption\"> <div class=\"title title-h4\"> No\u00ebl <\/span> <\/div> <div class=\"description\"> <div class=\"subtitle\"><p>Vous pouvez profiter intens\u00e9ment de la magie de No\u00ebl dans la ville de Blanes. C&rsquo;est le moment parfait pour une visite car la ville change de visage gr\u00e2ce aux illuminations de No\u00ebl, aux d\u00e9corations dans les rues, aux foires, aux cr\u00e8ches&#8230;<\/p>\n<\/div> <\/div> <\/div> <\/div> <\/div> <\/div> <\/div> <\/div> <\/div> <div class=\"portfolio-item evenements-populaires item-animations-not-inited post-35805 thegem_pf_item type-thegem_pf_item status-publish has-post-thumbnail\" style=\"padding: 21px;\" data-default-sort=\"0\" data-sort-date=\"1527149286\"> <div class=\"wrap clearfix\" style=\"border-bottom-color: \"> <div class=\"image post-35805 thegem_pf_item type-thegem_pf_item status-publish has-post-thumbnail\"> <div class=\"image-inner\"> <picture> <img src=\"https:\/\/www.blanescostabrava.cat\/wp-content\/uploads\/2018\/03\/FIESTA-07.jpg\" width=\"607\" height=\"687\" class=\"attachment-thegem-portfolio-justified\" alt=\"D\u00e9fil\u00e9 des Rois Mages\" \/> <\/picture> <\/div> <div class=\"overlay\"> <div class=\"overlay-circle\"><\/div> <div class=\"links-wrapper\"> <div class=\"links\"> <div class=\"portfolio-icons\"> <a href=\"https:\/\/www.blanescostabrava.cat\/fr\/pf\/defile-des-rois-mages\/\" target=\"_self\" class=\"icon self-link \"><\/a> <a href=\"javascript: void(0);\" class=\"icon share\"><\/a> <div class=\"overlay-line\"><\/div> <div class=\"portfolio-sharing-pane\"> <div class=\"socials-sharing socials socials-colored-hover\"> <a class=\"socials-item\" target=\"_blank\" href=\"https:\/\/www.facebook.com\/sharer\/sharer.php?u=https%3A%2F%2Fwww.blanescostabrava.cat%2Ffr%2Fpf%2Fdefile-des-rois-mages%2F\" title=\"Facebook\"><i class=\"socials-item-icon facebook\"><\/i><\/a> <a class=\"socials-item\" target=\"_blank\" href=\"https:\/\/twitter.com\/intent\/tweet?text=D%C3%A9fil%C3%A9+des+Rois+Mages&#038;url=https%3A%2F%2Fwww.blanescostabrava.cat%2Ffr%2Fpf%2Fdefile-des-rois-mages%2F\" title=\"Twitter\"><i class=\"socials-item-icon twitter\"><\/i><\/a> <a class=\"socials-item\" target=\"_blank\" href=\"https:\/\/pinterest.com\/pin\/create\/button\/?url=https%3A%2F%2Fwww.blanescostabrava.cat%2Ffr%2Fpf%2Fdefile-des-rois-mages%2F&#038;description=D%C3%A9fil%C3%A9+des+Rois+Mages&#038;media=https%3A%2F%2Fwww.blanescostabrava.cat%2Fwp-content%2Fuploads%2F2018%2F03%2FFIESTA-07.jpg\" title=\"Pinterest\"><i class=\"socials-item-icon pinterest\"><\/i><\/a> <a class=\"socials-item\" target=\"_blank\" href=\"https:\/\/www.tumblr.com\/widgets\/share\/tool?canonicalUrl=https%3A%2F%2Fwww.blanescostabrava.cat%2Ffr%2Fpf%2Fdefile-des-rois-mages%2F\" title=\"Tumblr\"><i class=\"socials-item-icon tumblr\"><\/i><\/a> <a class=\"socials-item\" target=\"_blank\" href=\"https:\/\/www.linkedin.com\/shareArticle?mini=true&#038;url=https%3A%2F%2Fwww.blanescostabrava.cat%2Ffr%2Fpf%2Fdefile-des-rois-mages%2F&#038;title=D%C3%A9fil%C3%A9+des+Rois+Mages&amp;summary=D%27o%C3%B9+est-ce+que+les+Rois+Mages+viennent%3F+%C3%80+Blanes%2C+les+cadeaux+arrivent+par+la+mer+M%C3%A9diterran%C3%A9e.+Le+d%C3%A9fil%C3%A9+commence+avec+l%27entr%C3%A9e+des+Rois+Mages+par+la+mer.+Les+enfants+les+attendent+avec+impatience+et+en+ouvrant+grands+les+yeux+%C3%A0+leur+l%E2%80%99arriv%C3%A9e.+Les+gens+qui+ont+choisi+notre+ville+se+laissent+emporter+par+la+magie+de+cette+c%C3%A9l%C3%A9bration.\" title=\"LinkedIn\"><i class=\"socials-item-icon linkedin\"><\/i><\/a> <a class=\"socials-item\" target=\"_blank\" href=\"https:\/\/www.reddit.com\/submit?url=https%3A%2F%2Fwww.blanescostabrava.cat%2Ffr%2Fpf%2Fdefile-des-rois-mages%2F&#038;title=D%C3%A9fil%C3%A9+des+Rois+Mages\" title=\"Reddit\"><i class=\"socials-item-icon reddit\"><\/i><\/a> <\/div> <\/div> <\/div> <div class=\"caption\"> <div class=\"title title-h4\"> D\u00e9fil\u00e9 des Rois Mages <\/span> <\/div> <div class=\"description\"> <div class=\"subtitle\"><p>D&rsquo;o\u00f9 est-ce que les Rois Mages viennent? \u00c0 Blanes, les cadeaux arrivent par la mer M\u00e9diterran\u00e9e. Le d\u00e9fil\u00e9 commence avec l&rsquo;entr\u00e9e des Rois Mages par la mer. Les enfants les attendent avec impatience et en ouvrant grands les yeux \u00e0 leur l\u2019arriv\u00e9e. Les gens qui ont choisi notre ville se laissent emporter par la magie de cette c\u00e9l\u00e9bration.<\/p>\n<\/div> <\/div> <\/div> <\/div> <\/div> <\/div> <\/div> <\/div> <\/div> <\/div><!-- .portflio-set --> <div class=\"portfolio-item-size-container\"> <div class=\"portfolio-item item-animations-not-inited post-35805 thegem_pf_item type-thegem_pf_item status-publish has-post-thumbnail\"> <\/div> <\/div> <\/div><!-- .row--> <\/div><!-- .full-width --> <\/div><!-- .portfolio--> <\/div><!-- .portfolio-preloader-wrapper-->[\/vc_tta_section][vc_tta_section title=\u00a0\u00bbPlages et criques\u00a0\u00bb tab_id=\u00a0\u00bbplatges\u00a0\u00bb]<style>.portfolio.portfolio-grid#style-a2b92be .portfolio-item:not(.size-item), .preloader#style-preloader-a2b92be .portfolio-item { padding: calc(42px\/2) !important; }.portfolio.portfolio-grid#style-a2b92be .portfolio-item.size-item { padding: 0 calc(42px\/2) !important; }.portfolio.portfolio-grid#style-a2b92be .portfolio-row, .preloader#style-preloader-a2b92be .skeleton-posts.portfolio-row { margin: calc(-42px\/2); }.portfolio.portfolio-grid#style-a2b92be.fullwidth-columns .portfolio-row { margin: calc(-42px\/2) 0; }.portfolio.portfolio-grid#style-a2b92be .fullwidth-block:not(.no-paddings) { padding-left: 42px; padding-right: 42px; }.portfolio.portfolio-grid#style-a2b92be .fullwidth-block .portfolio-row { padding-left: calc(42px\/2); padding-right: calc(42px\/2); }.portfolio.portfolio-grid#style-a2b92be .fullwidth-block .portfolio-top-panel { padding-left: 42px; padding-right: 42px; }.portfolio.portfolio-grid#style-a2b92be.fullwidth-columns .with-filter-sidebar .filter-sidebar { padding-left: 42px; }.portfolio.portfolio-grid#style-a2b92be .portfolio-item .caption .title span { letter-spacing: px !important; }<\/style><style>.portfolio.portfolio-grid#style-a2b92be .portfolio-filters { text-align: center; }<\/style><div id=\"style-preloader-a2b92be\" class=\"preloader save-space\"><div class=\"preloader-spin\"><\/div><\/div> <div class=\"portfolio-preloader-wrapper panel-sidebar-position-left\"> <div class=\"portfolio portfolio-grid extended-portfolio-grid no-padding portfolio-pagination-scroll portfolio-style-justified background-style-white title-style-light hover-circular title-on-page hover-elements-size-default version-default caption-position-page columns-4 columns-tablet-2 columns-mobile-1 next-page-preloading \" id=\"style-a2b92be\" data-style-uid=\"a2b92be\" data-portfolio-uid=\"grid_8f32c9d\" data-current-page=\"1\" data-per-page=\"8\" data-next-page=\"0\" data-pages-count=\"1\" data-hover=\"circular\" data-portfolio-filter=\"[]\" data-portfolio-filter-attributes=\"null\" data-portfolio-filter-search=\"\"> <div class=\"portfolio-row-outer \"> <div class=\"portfolio-top-panel selected-only\"> <div class=\"portfolio-filter-item portfolio-selected-filters left\"> <div class=\"portfolio-selected-filter-item clear-filters\"> Clear Filters\t<\/div> <\/div> <\/div> <div class=\"row portfolio-row\"> <div class=\"portfolio-set clearfix\" data-max-row-height=\"280\"> <div class=\"portfolio-item plages-et-criques item-animations-not-inited post-35806 thegem_pf_item type-thegem_pf_item status-publish has-post-thumbnail\" style=\"padding: 21px;\" data-default-sort=\"0\" data-sort-date=\"1527149288\"> <div class=\"wrap clearfix\" style=\"border-bottom-color: \"> <div class=\"image post-35806 thegem_pf_item type-thegem_pf_item status-publish has-post-thumbnail\"> <div class=\"image-inner\"> <picture> <img src=\"https:\/\/www.blanescostabrava.cat\/wp-content\/uploads\/2018\/03\/3-thegem-portfolio-justified.jpg\" width=\"844\" height=\"620\" class=\"attachment-thegem-portfolio-justified\" alt=\"Cala Sant Francesc\/ Cala Bona\" \/> <\/picture> <\/div> <div class=\"overlay\"> <div class=\"overlay-circle\"><\/div> <div class=\"links-wrapper\"> <div class=\"links\"> <div class=\"portfolio-icons\"> <a href=\"https:\/\/www.blanescostabrava.cat\/fr\/pf\/cala-sant-francesc-cala-bona\/\" target=\"_self\" class=\"icon self-link \"><\/a> <a href=\"javascript: void(0);\" class=\"icon share\"><\/a> <div class=\"overlay-line\"><\/div> <div class=\"portfolio-sharing-pane\"> <div class=\"socials-sharing socials socials-colored-hover\"> <a class=\"socials-item\" target=\"_blank\" href=\"https:\/\/www.facebook.com\/sharer\/sharer.php?u=https%3A%2F%2Fwww.blanescostabrava.cat%2Ffr%2Fpf%2Fcala-sant-francesc-cala-bona%2F\" title=\"Facebook\"><i class=\"socials-item-icon facebook\"><\/i><\/a> <a class=\"socials-item\" target=\"_blank\" href=\"https:\/\/twitter.com\/intent\/tweet?text=Cala+Sant+Francesc%2F+Cala+Bona&#038;url=https%3A%2F%2Fwww.blanescostabrava.cat%2Ffr%2Fpf%2Fcala-sant-francesc-cala-bona%2F\" title=\"Twitter\"><i class=\"socials-item-icon twitter\"><\/i><\/a> <a class=\"socials-item\" target=\"_blank\" href=\"https:\/\/pinterest.com\/pin\/create\/button\/?url=https%3A%2F%2Fwww.blanescostabrava.cat%2Ffr%2Fpf%2Fcala-sant-francesc-cala-bona%2F&#038;description=Cala+Sant+Francesc%2F+Cala+Bona&#038;media=https%3A%2F%2Fwww.blanescostabrava.cat%2Fwp-content%2Fuploads%2F2018%2F03%2F3-thegem-blog-timeline-large.jpg\" title=\"Pinterest\"><i class=\"socials-item-icon pinterest\"><\/i><\/a> <a class=\"socials-item\" target=\"_blank\" href=\"https:\/\/www.tumblr.com\/widgets\/share\/tool?canonicalUrl=https%3A%2F%2Fwww.blanescostabrava.cat%2Ffr%2Fpf%2Fcala-sant-francesc-cala-bona%2F\" title=\"Tumblr\"><i class=\"socials-item-icon tumblr\"><\/i><\/a> <a class=\"socials-item\" target=\"_blank\" href=\"https:\/\/www.linkedin.com\/shareArticle?mini=true&#038;url=https%3A%2F%2Fwww.blanescostabrava.cat%2Ffr%2Fpf%2Fcala-sant-francesc-cala-bona%2F&#038;title=Cala+Sant+Francesc%2F+Cala+Bona&amp;summary=%5Bvc_row+full_width%3D%C2%A0%C2%BBstretch_row%C2%A0%C2%BB+css%3D%C2%A0%C2%BB.vc_custom_1521931087644%7Bbackground-image%3A+url%28https%3A%2F%2Fwww.blanescostabrava.cat%2Fwp-content%2Fuploads%2F2018%2F03%2F3.jpg%3Fid%3D32552%29+%21important%3B%7D%C2%A0%C2%BB+el_class%3D%C2%A0%C2%BBcabecera-pagina-interna+cabecera-ficha%C2%A0%C2%BB%5D%5Bvc_column%5D%5Bvc_column_text%5D+Cala+Sant+Francesc+%2F+Cala+Bona+%5B%2Fvc_column_text%5D%5B%2Fvc_column%5D%5B%2Fvc_row%5D%5Bvc_row%5D%5Bvc_column%5D%5Bvc_column_text+el_class%3D%C2%A0%C2%BBtextos-ficha-interna%C2%A0%C2%BB%5DOn+la+conna%C3%AEt+aussi+sous+le...\" title=\"LinkedIn\"><i class=\"socials-item-icon linkedin\"><\/i><\/a> <a class=\"socials-item\" target=\"_blank\" href=\"https:\/\/www.reddit.com\/submit?url=https%3A%2F%2Fwww.blanescostabrava.cat%2Ffr%2Fpf%2Fcala-sant-francesc-cala-bona%2F&#038;title=Cala+Sant+Francesc%2F+Cala+Bona\" title=\"Reddit\"><i class=\"socials-item-icon reddit\"><\/i><\/a> <\/div> <\/div> <\/div> <div class=\"caption\"> <div class=\"title title-h4\"> Cala Sant Francesc\/ Cala Bona <\/span> <\/div> <div class=\"description\"> <\/div> <\/div> <\/div> <\/div> <\/div> <\/div> <\/div> <\/div> <div class=\"portfolio-item plages-et-criques item-animations-not-inited post-35807 thegem_pf_item type-thegem_pf_item status-publish has-post-thumbnail\" style=\"padding: 21px;\" data-default-sort=\"0\" data-sort-date=\"1527149289\"> <div class=\"wrap clearfix\" style=\"border-bottom-color: \"> <div class=\"image post-35807 thegem_pf_item type-thegem_pf_item status-publish has-post-thumbnail\"> <div class=\"image-inner\"> <picture> <img src=\"https:\/\/www.blanescostabrava.cat\/wp-content\/uploads\/2018\/03\/24-thegem-portfolio-justified.jpg\" width=\"844\" height=\"620\" class=\"attachment-thegem-portfolio-justified\" alt=\"Cala Treumal\" \/> <\/picture> <\/div> <div class=\"overlay\"> <div class=\"overlay-circle\"><\/div> <div class=\"links-wrapper\"> <div class=\"links\"> <div class=\"portfolio-icons\"> <a href=\"https:\/\/www.blanescostabrava.cat\/fr\/pf\/cala-treumal\/\" target=\"_self\" class=\"icon self-link \"><\/a> <a href=\"javascript: void(0);\" class=\"icon share\"><\/a> <div class=\"overlay-line\"><\/div> <div class=\"portfolio-sharing-pane\"> <div class=\"socials-sharing socials socials-colored-hover\"> <a class=\"socials-item\" target=\"_blank\" href=\"https:\/\/www.facebook.com\/sharer\/sharer.php?u=https%3A%2F%2Fwww.blanescostabrava.cat%2Ffr%2Fpf%2Fcala-treumal%2F\" title=\"Facebook\"><i class=\"socials-item-icon facebook\"><\/i><\/a> <a class=\"socials-item\" target=\"_blank\" href=\"https:\/\/twitter.com\/intent\/tweet?text=Cala+Treumal&#038;url=https%3A%2F%2Fwww.blanescostabrava.cat%2Ffr%2Fpf%2Fcala-treumal%2F\" title=\"Twitter\"><i class=\"socials-item-icon twitter\"><\/i><\/a> <a class=\"socials-item\" target=\"_blank\" href=\"https:\/\/pinterest.com\/pin\/create\/button\/?url=https%3A%2F%2Fwww.blanescostabrava.cat%2Ffr%2Fpf%2Fcala-treumal%2F&#038;description=Cala+Treumal&#038;media=https%3A%2F%2Fwww.blanescostabrava.cat%2Fwp-content%2Fuploads%2F2018%2F03%2F24-thegem-blog-timeline-large.jpg\" title=\"Pinterest\"><i class=\"socials-item-icon pinterest\"><\/i><\/a> <a class=\"socials-item\" target=\"_blank\" href=\"https:\/\/www.tumblr.com\/widgets\/share\/tool?canonicalUrl=https%3A%2F%2Fwww.blanescostabrava.cat%2Ffr%2Fpf%2Fcala-treumal%2F\" title=\"Tumblr\"><i class=\"socials-item-icon tumblr\"><\/i><\/a> <a class=\"socials-item\" target=\"_blank\" href=\"https:\/\/www.linkedin.com\/shareArticle?mini=true&#038;url=https%3A%2F%2Fwww.blanescostabrava.cat%2Ffr%2Fpf%2Fcala-treumal%2F&#038;title=Cala+Treumal&amp;summary=%5Bvc_row+full_width%3D%C2%A0%C2%BBstretch_row%C2%A0%C2%BB+css%3D%C2%A0%C2%BB.vc_custom_1521931181730%7Bbackground-image%3A+url%28https%3A%2F%2Fwww.blanescostabrava.cat%2Fwp-content%2Fuploads%2F2018%2F03%2F24.jpg%3Fid%3D32572%29+%21important%3B%7D%C2%A0%C2%BB+el_class%3D%C2%A0%C2%BBcabecera-pagina-interna+cabecera-ficha%C2%A0%C2%BB%5D%5Bvc_column%5D%5Bvc_column_text%5D+Cala+Treumal+%5B%2Fvc_column_text%5D%5B%2Fvc_column%5D%5B%2Fvc_row%5D%5Bvc_row%5D%5Bvc_column%5D%5Bvc_column_text+el_class%3D%C2%A0%C2%BBtextos-ficha-interna%C2%A0%C2%BB%5DC%26rsquo%3Best+la+plus+petite+et+la+plus+au+nord+de...\" title=\"LinkedIn\"><i class=\"socials-item-icon linkedin\"><\/i><\/a> <a class=\"socials-item\" target=\"_blank\" href=\"https:\/\/www.reddit.com\/submit?url=https%3A%2F%2Fwww.blanescostabrava.cat%2Ffr%2Fpf%2Fcala-treumal%2F&#038;title=Cala+Treumal\" title=\"Reddit\"><i class=\"socials-item-icon reddit\"><\/i><\/a> <\/div> <\/div> <\/div> <div class=\"caption\"> <div class=\"title title-h4\"> Cala Treumal <\/span> <\/div> <div class=\"description\"> <\/div> <\/div> <\/div> <\/div> <\/div> <\/div> <\/div> <\/div> <div class=\"portfolio-item plages-et-criques item-animations-not-inited post-35808 thegem_pf_item type-thegem_pf_item status-publish has-post-thumbnail\" style=\"padding: 21px;\" data-default-sort=\"0\" data-sort-date=\"1527149290\"> <div class=\"wrap clearfix\" style=\"border-bottom-color: \"> <div class=\"image post-35808 thegem_pf_item type-thegem_pf_item status-publish has-post-thumbnail\"> <div class=\"image-inner\"> <picture> <img src=\"https:\/\/www.blanescostabrava.cat\/wp-content\/uploads\/2018\/03\/29-thegem-portfolio-justified.jpg\" width=\"844\" height=\"620\" class=\"attachment-thegem-portfolio-justified\" alt=\"Plage de Blanes\" \/> <\/picture> <\/div> <div class=\"overlay\"> <div class=\"overlay-circle\"><\/div> <div class=\"links-wrapper\"> <div class=\"links\"> <div class=\"portfolio-icons\"> <a href=\"https:\/\/www.blanescostabrava.cat\/fr\/pf\/plage-de-blanes\/\" target=\"_self\" class=\"icon self-link \"><\/a> <a href=\"javascript: void(0);\" class=\"icon share\"><\/a> <div class=\"overlay-line\"><\/div> <div class=\"portfolio-sharing-pane\"> <div class=\"socials-sharing socials socials-colored-hover\"> <a class=\"socials-item\" target=\"_blank\" href=\"https:\/\/www.facebook.com\/sharer\/sharer.php?u=https%3A%2F%2Fwww.blanescostabrava.cat%2Ffr%2Fpf%2Fplage-de-blanes%2F\" title=\"Facebook\"><i class=\"socials-item-icon facebook\"><\/i><\/a> <a class=\"socials-item\" target=\"_blank\" href=\"https:\/\/twitter.com\/intent\/tweet?text=Plage+de+Blanes&#038;url=https%3A%2F%2Fwww.blanescostabrava.cat%2Ffr%2Fpf%2Fplage-de-blanes%2F\" title=\"Twitter\"><i class=\"socials-item-icon twitter\"><\/i><\/a> <a class=\"socials-item\" target=\"_blank\" href=\"https:\/\/pinterest.com\/pin\/create\/button\/?url=https%3A%2F%2Fwww.blanescostabrava.cat%2Ffr%2Fpf%2Fplage-de-blanes%2F&#038;description=Plage+de+Blanes&#038;media=https%3A%2F%2Fwww.blanescostabrava.cat%2Fwp-content%2Fuploads%2F2018%2F03%2F29-thegem-blog-timeline-large.jpg\" title=\"Pinterest\"><i class=\"socials-item-icon pinterest\"><\/i><\/a> <a class=\"socials-item\" target=\"_blank\" href=\"https:\/\/www.tumblr.com\/widgets\/share\/tool?canonicalUrl=https%3A%2F%2Fwww.blanescostabrava.cat%2Ffr%2Fpf%2Fplage-de-blanes%2F\" title=\"Tumblr\"><i class=\"socials-item-icon tumblr\"><\/i><\/a> <a class=\"socials-item\" target=\"_blank\" href=\"https:\/\/www.linkedin.com\/shareArticle?mini=true&#038;url=https%3A%2F%2Fwww.blanescostabrava.cat%2Ffr%2Fpf%2Fplage-de-blanes%2F&#038;title=Plage+de+Blanes&amp;summary=%5Bvc_row+full_width%3D%C2%A0%C2%BBstretch_row%C2%A0%C2%BB+css%3D%C2%A0%C2%BB.vc_custom_1521931236123%7Bbackground-image%3A+url%28https%3A%2F%2Fwww.blanescostabrava.cat%2Fwp-content%2Fuploads%2F2018%2F03%2F29.jpg%3Fid%3D32577%29+%21important%3B%7D%C2%A0%C2%BB+el_class%3D%C2%A0%C2%BBcabecera-pagina-interna+cabecera-ficha%C2%A0%C2%BB%5D%5Bvc_column%5D%5Bvc_column_text%5D+Plage+de+Blanes+%5B%2Fvc_column_text%5D%5B%2Fvc_column%5D%5B%2Fvc_row%5D%5Bvc_row%5D%5Bvc_column%5D%5Bvc_column_text+el_class%3D%C2%A0%C2%BBtextos-ficha-interna%C2%A0%C2%BB%5DPlage+situ%C3%A9e+au+centre+de+la+ville%2C+%C3%A0+c%C3%B4t%C3%A9...\" title=\"LinkedIn\"><i class=\"socials-item-icon linkedin\"><\/i><\/a> <a class=\"socials-item\" target=\"_blank\" href=\"https:\/\/www.reddit.com\/submit?url=https%3A%2F%2Fwww.blanescostabrava.cat%2Ffr%2Fpf%2Fplage-de-blanes%2F&#038;title=Plage+de+Blanes\" title=\"Reddit\"><i class=\"socials-item-icon reddit\"><\/i><\/a> <\/div> <\/div> <\/div> <div class=\"caption\"> <div class=\"title title-h4\"> Plage de Blanes <\/span> <\/div> <div class=\"description\"> <\/div> <\/div> <\/div> <\/div> <\/div> <\/div> <\/div> <\/div> <div class=\"portfolio-item plages-et-criques item-animations-not-inited post-35809 thegem_pf_item type-thegem_pf_item status-publish has-post-thumbnail\" style=\"padding: 21px;\" data-default-sort=\"0\" data-sort-date=\"1527149292\"> <div class=\"wrap clearfix\" style=\"border-bottom-color: \"> <div class=\"image post-35809 thegem_pf_item type-thegem_pf_item status-publish has-post-thumbnail\"> <div class=\"image-inner\"> <picture> <img src=\"https:\/\/www.blanescostabrava.cat\/wp-content\/uploads\/2018\/03\/26-thegem-portfolio-justified.jpg\" width=\"844\" height=\"620\" class=\"attachment-thegem-portfolio-justified\" alt=\"Punta de Santa Anna\" \/> <\/picture> <\/div> <div class=\"overlay\"> <div class=\"overlay-circle\"><\/div> <div class=\"links-wrapper\"> <div class=\"links\"> <div class=\"portfolio-icons\"> <a href=\"https:\/\/www.blanescostabrava.cat\/fr\/pf\/punta-de-santa-anna\/\" target=\"_self\" class=\"icon self-link \"><\/a> <a href=\"javascript: void(0);\" class=\"icon share\"><\/a> <div class=\"overlay-line\"><\/div> <div class=\"portfolio-sharing-pane\"> <div class=\"socials-sharing socials socials-colored-hover\"> <a class=\"socials-item\" target=\"_blank\" href=\"https:\/\/www.facebook.com\/sharer\/sharer.php?u=https%3A%2F%2Fwww.blanescostabrava.cat%2Ffr%2Fpf%2Fpunta-de-santa-anna%2F\" title=\"Facebook\"><i class=\"socials-item-icon facebook\"><\/i><\/a> <a class=\"socials-item\" target=\"_blank\" href=\"https:\/\/twitter.com\/intent\/tweet?text=Punta+de+Santa+Anna&#038;url=https%3A%2F%2Fwww.blanescostabrava.cat%2Ffr%2Fpf%2Fpunta-de-santa-anna%2F\" title=\"Twitter\"><i class=\"socials-item-icon twitter\"><\/i><\/a> <a class=\"socials-item\" target=\"_blank\" href=\"https:\/\/pinterest.com\/pin\/create\/button\/?url=https%3A%2F%2Fwww.blanescostabrava.cat%2Ffr%2Fpf%2Fpunta-de-santa-anna%2F&#038;description=Punta+de+Santa+Anna&#038;media=https%3A%2F%2Fwww.blanescostabrava.cat%2Fwp-content%2Fuploads%2F2018%2F03%2F26-thegem-blog-timeline-large.jpg\" title=\"Pinterest\"><i class=\"socials-item-icon pinterest\"><\/i><\/a> <a class=\"socials-item\" target=\"_blank\" href=\"https:\/\/www.tumblr.com\/widgets\/share\/tool?canonicalUrl=https%3A%2F%2Fwww.blanescostabrava.cat%2Ffr%2Fpf%2Fpunta-de-santa-anna%2F\" title=\"Tumblr\"><i class=\"socials-item-icon tumblr\"><\/i><\/a> <a class=\"socials-item\" target=\"_blank\" href=\"https:\/\/www.linkedin.com\/shareArticle?mini=true&#038;url=https%3A%2F%2Fwww.blanescostabrava.cat%2Ffr%2Fpf%2Fpunta-de-santa-anna%2F&#038;title=Punta+de+Santa+Anna&amp;summary=%5Bvc_row+full_width%3D%C2%A0%C2%BBstretch_row%C2%A0%C2%BB+css%3D%C2%A0%C2%BB.vc_custom_1521931295821%7Bbackground-image%3A+url%28https%3A%2F%2Fwww.blanescostabrava.cat%2Fwp-content%2Fuploads%2F2018%2F03%2F26.jpg%3Fid%3D32574%29+%21important%3B%7D%C2%A0%C2%BB+el_class%3D%C2%A0%C2%BBcabecera-pagina-interna+cabecera-ficha%C2%A0%C2%BB%5D%5Bvc_column%5D%5Bvc_column_text%5D+Punta+de+Santa+Anna+%5B%2Fvc_column_text%5D%5B%2Fvc_column%5D%5B%2Fvc_row%5D%5Bvc_row%5D%5Bvc_column%5D%5Bvc_column_text+el_class%3D%C2%A0%C2%BBtextos-ficha-interna%C2%A0%C2%BB%5DPetite+plage+de+galets+plac%C3%A9e+derri%C3%A8re+le+port%2C...\" title=\"LinkedIn\"><i class=\"socials-item-icon linkedin\"><\/i><\/a> <a class=\"socials-item\" target=\"_blank\" href=\"https:\/\/www.reddit.com\/submit?url=https%3A%2F%2Fwww.blanescostabrava.cat%2Ffr%2Fpf%2Fpunta-de-santa-anna%2F&#038;title=Punta+de+Santa+Anna\" title=\"Reddit\"><i class=\"socials-item-icon reddit\"><\/i><\/a> <\/div> <\/div> <\/div> <div class=\"caption\"> <div class=\"title title-h4\"> Punta de Santa Anna <\/span> <\/div> <div class=\"description\"> <\/div> <\/div> <\/div> <\/div> <\/div> <\/div> <\/div> <\/div> <div class=\"portfolio-item plages-et-criques item-animations-not-inited post-35810 thegem_pf_item type-thegem_pf_item status-publish has-post-thumbnail\" style=\"padding: 21px;\" data-default-sort=\"0\" data-sort-date=\"1527149293\"> <div class=\"wrap clearfix\" style=\"border-bottom-color: \"> <div class=\"image post-35810 thegem_pf_item type-thegem_pf_item status-publish has-post-thumbnail\"> <div class=\"image-inner\"> <picture> <img src=\"https:\/\/www.blanescostabrava.cat\/wp-content\/uploads\/2018\/03\/23-thegem-portfolio-justified.jpg\" width=\"844\" height=\"620\" class=\"attachment-thegem-portfolio-justified\" alt=\"S&rsquo;Abanell\" \/> <\/picture> <\/div> <div class=\"overlay\"> <div class=\"overlay-circle\"><\/div> <div class=\"links-wrapper\"> <div class=\"links\"> <div class=\"portfolio-icons\"> <a href=\"https:\/\/www.blanescostabrava.cat\/fr\/pf\/sabanell\/\" target=\"_self\" class=\"icon self-link \"><\/a> <a href=\"javascript: void(0);\" class=\"icon share\"><\/a> <div class=\"overlay-line\"><\/div> <div class=\"portfolio-sharing-pane\"> <div class=\"socials-sharing socials socials-colored-hover\"> <a class=\"socials-item\" target=\"_blank\" href=\"https:\/\/www.facebook.com\/sharer\/sharer.php?u=https%3A%2F%2Fwww.blanescostabrava.cat%2Ffr%2Fpf%2Fsabanell%2F\" title=\"Facebook\"><i class=\"socials-item-icon facebook\"><\/i><\/a> <a class=\"socials-item\" target=\"_blank\" href=\"https:\/\/twitter.com\/intent\/tweet?text=S%26rsquo%3BAbanell&#038;url=https%3A%2F%2Fwww.blanescostabrava.cat%2Ffr%2Fpf%2Fsabanell%2F\" title=\"Twitter\"><i class=\"socials-item-icon twitter\"><\/i><\/a> <a class=\"socials-item\" target=\"_blank\" href=\"https:\/\/pinterest.com\/pin\/create\/button\/?url=https%3A%2F%2Fwww.blanescostabrava.cat%2Ffr%2Fpf%2Fsabanell%2F&#038;description=S%26rsquo%3BAbanell&#038;media=https%3A%2F%2Fwww.blanescostabrava.cat%2Fwp-content%2Fuploads%2F2018%2F03%2F23-thegem-blog-timeline-large.jpg\" title=\"Pinterest\"><i class=\"socials-item-icon pinterest\"><\/i><\/a> <a class=\"socials-item\" target=\"_blank\" href=\"https:\/\/www.tumblr.com\/widgets\/share\/tool?canonicalUrl=https%3A%2F%2Fwww.blanescostabrava.cat%2Ffr%2Fpf%2Fsabanell%2F\" title=\"Tumblr\"><i class=\"socials-item-icon tumblr\"><\/i><\/a> <a class=\"socials-item\" target=\"_blank\" href=\"https:\/\/www.linkedin.com\/shareArticle?mini=true&#038;url=https%3A%2F%2Fwww.blanescostabrava.cat%2Ffr%2Fpf%2Fsabanell%2F&#038;title=S%26rsquo%3BAbanell&amp;summary=%5Bvc_row+full_width%3D%C2%A0%C2%BBstretch_row%C2%A0%C2%BB+css%3D%C2%A0%C2%BB.vc_custom_1521931344379%7Bbackground-image%3A+url%28https%3A%2F%2Fwww.blanescostabrava.cat%2Fwp-content%2Fuploads%2F2018%2F03%2F23.jpg%3Fid%3D32571%29+%21important%3B%7D%C2%A0%C2%BB+el_class%3D%C2%A0%C2%BBcabecera-pagina-interna+cabecera-ficha%C2%A0%C2%BB%5D%5Bvc_column%5D%5Bvc_column_text%5D+S%26rsquo%3BAbanell+%5B%2Fvc_column_text%5D%5B%2Fvc_column%5D%5B%2Fvc_row%5D%5Bvc_row%5D%5Bvc_column%5D%5Bvc_column_text+el_class%3D%C2%A0%C2%BBtextos-ficha-interna%C2%A0%C2%BB%5DC%26rsquo%3Best+la+plage+la+plus+longue+de+Blanes.+Elle+est+situ%C3%A9e...\" title=\"LinkedIn\"><i class=\"socials-item-icon linkedin\"><\/i><\/a> <a class=\"socials-item\" target=\"_blank\" href=\"https:\/\/www.reddit.com\/submit?url=https%3A%2F%2Fwww.blanescostabrava.cat%2Ffr%2Fpf%2Fsabanell%2F&#038;title=S%26rsquo%3BAbanell\" title=\"Reddit\"><i class=\"socials-item-icon reddit\"><\/i><\/a> <\/div> <\/div> <\/div> <div class=\"caption\"> <div class=\"title title-h4\"> S&rsquo;Abanell <\/span> <\/div> <div class=\"description\"> <\/div> <\/div> <\/div> <\/div> <\/div> <\/div> <\/div> <\/div> <div class=\"portfolio-item plages-et-criques item-animations-not-inited post-35811 thegem_pf_item type-thegem_pf_item status-publish has-post-thumbnail\" style=\"padding: 21px;\" data-default-sort=\"0\" data-sort-date=\"1527149294\"> <div class=\"wrap clearfix\" style=\"border-bottom-color: \"> <div class=\"image post-35811 thegem_pf_item type-thegem_pf_item status-publish has-post-thumbnail\"> <div class=\"image-inner\"> <picture> <img src=\"https:\/\/www.blanescostabrava.cat\/wp-content\/uploads\/2018\/03\/27-thegem-portfolio-justified.jpg\" width=\"844\" height=\"620\" class=\"attachment-thegem-portfolio-justified\" alt=\"Plage Sa Palomera\" \/> <\/picture> <\/div> <div class=\"overlay\"> <div class=\"overlay-circle\"><\/div> <div class=\"links-wrapper\"> <div class=\"links\"> <div class=\"portfolio-icons\"> <a href=\"https:\/\/www.blanescostabrava.cat\/fr\/pf\/plage-sa-palomera\/\" target=\"_self\" class=\"icon self-link \"><\/a> <a href=\"javascript: void(0);\" class=\"icon share\"><\/a> <div class=\"overlay-line\"><\/div> <div class=\"portfolio-sharing-pane\"> <div class=\"socials-sharing socials socials-colored-hover\"> <a class=\"socials-item\" target=\"_blank\" href=\"https:\/\/www.facebook.com\/sharer\/sharer.php?u=https%3A%2F%2Fwww.blanescostabrava.cat%2Ffr%2Fpf%2Fplage-sa-palomera%2F\" title=\"Facebook\"><i class=\"socials-item-icon facebook\"><\/i><\/a> <a class=\"socials-item\" target=\"_blank\" href=\"https:\/\/twitter.com\/intent\/tweet?text=Plage+Sa+Palomera&#038;url=https%3A%2F%2Fwww.blanescostabrava.cat%2Ffr%2Fpf%2Fplage-sa-palomera%2F\" title=\"Twitter\"><i class=\"socials-item-icon twitter\"><\/i><\/a> <a class=\"socials-item\" target=\"_blank\" href=\"https:\/\/pinterest.com\/pin\/create\/button\/?url=https%3A%2F%2Fwww.blanescostabrava.cat%2Ffr%2Fpf%2Fplage-sa-palomera%2F&#038;description=Plage+Sa+Palomera&#038;media=https%3A%2F%2Fwww.blanescostabrava.cat%2Fwp-content%2Fuploads%2F2018%2F03%2F27-thegem-blog-timeline-large.jpg\" title=\"Pinterest\"><i class=\"socials-item-icon pinterest\"><\/i><\/a> <a class=\"socials-item\" target=\"_blank\" href=\"https:\/\/www.tumblr.com\/widgets\/share\/tool?canonicalUrl=https%3A%2F%2Fwww.blanescostabrava.cat%2Ffr%2Fpf%2Fplage-sa-palomera%2F\" title=\"Tumblr\"><i class=\"socials-item-icon tumblr\"><\/i><\/a> <a class=\"socials-item\" target=\"_blank\" href=\"https:\/\/www.linkedin.com\/shareArticle?mini=true&#038;url=https%3A%2F%2Fwww.blanescostabrava.cat%2Ffr%2Fpf%2Fplage-sa-palomera%2F&#038;title=Plage+Sa+Palomera&amp;summary=%5Bvc_row+full_width%3D%C2%A0%C2%BBstretch_row%C2%A0%C2%BB+css%3D%C2%A0%C2%BB.vc_custom_1521931391603%7Bbackground-image%3A+url%28https%3A%2F%2Fwww.blanescostabrava.cat%2Fwp-content%2Fuploads%2F2018%2F03%2F27.jpg%3Fid%3D32575%29+%21important%3B%7D%C2%A0%C2%BB+el_class%3D%C2%A0%C2%BBcabecera-pagina-interna+cabecera-ficha%C2%A0%C2%BB%5D%5Bvc_column%5D%5Bvc_column_text%5D+Sa+Palomera+%5B%2Fvc_column_text%5D%5B%2Fvc_column%5D%5B%2Fvc_row%5D%5Bvc_row%5D%5Bvc_column%5D%5Bvc_column_text+el_class%3D%C2%A0%C2%BBtextos-ficha-interna%C2%A0%C2%BB%5DC%26rsquo%3Best+le+symbole+identitaire+de+Blanes.+Ce+grand+rocher+se...\" title=\"LinkedIn\"><i class=\"socials-item-icon linkedin\"><\/i><\/a> <a class=\"socials-item\" target=\"_blank\" href=\"https:\/\/www.reddit.com\/submit?url=https%3A%2F%2Fwww.blanescostabrava.cat%2Ffr%2Fpf%2Fplage-sa-palomera%2F&#038;title=Plage+Sa+Palomera\" title=\"Reddit\"><i class=\"socials-item-icon reddit\"><\/i><\/a> <\/div> <\/div> <\/div> <div class=\"caption\"> <div class=\"title title-h4\"> Plage Sa Palomera <\/span> <\/div> <div class=\"description\"> <\/div> <\/div> <\/div> <\/div> <\/div> <\/div> <\/div> <\/div> <div class=\"portfolio-item plages-et-criques item-animations-not-inited post-35969 thegem_pf_item type-thegem_pf_item status-publish has-post-thumbnail\" style=\"padding: 21px;\" data-default-sort=\"0\" data-sort-date=\"1527149740\"> <div class=\"wrap clearfix\" style=\"border-bottom-color: \"> <div class=\"image post-35969 thegem_pf_item type-thegem_pf_item status-publish has-post-thumbnail\"> <div class=\"image-inner\"> <picture> <img src=\"https:\/\/www.blanescostabrava.cat\/wp-content\/uploads\/2018\/03\/forcanera-thegem-portfolio-justified.jpg\" width=\"844\" height=\"630\" class=\"attachment-thegem-portfolio-justified\" alt=\"Cala sa Forcanera et Cala s\u2019Ag\u00fcia\" \/> <\/picture> <\/div> <div class=\"overlay\"> <div class=\"overlay-circle\"><\/div> <div class=\"links-wrapper\"> <div class=\"links\"> <div class=\"portfolio-icons\"> <a href=\"https:\/\/www.blanescostabrava.cat\/fr\/pf\/cala-sa-forcanera-et-cala-saguia\/\" target=\"_self\" class=\"icon self-link \"><\/a> <a href=\"javascript: void(0);\" class=\"icon share\"><\/a> <div class=\"overlay-line\"><\/div> <div class=\"portfolio-sharing-pane\"> <div class=\"socials-sharing socials socials-colored-hover\"> <a class=\"socials-item\" target=\"_blank\" href=\"https:\/\/www.facebook.com\/sharer\/sharer.php?u=https%3A%2F%2Fwww.blanescostabrava.cat%2Ffr%2Fpf%2Fcala-sa-forcanera-et-cala-saguia%2F\" title=\"Facebook\"><i class=\"socials-item-icon facebook\"><\/i><\/a> <a class=\"socials-item\" target=\"_blank\" href=\"https:\/\/twitter.com\/intent\/tweet?text=Cala+sa+Forcanera+et+Cala+s%E2%80%99Ag%C3%BCia&#038;url=https%3A%2F%2Fwww.blanescostabrava.cat%2Ffr%2Fpf%2Fcala-sa-forcanera-et-cala-saguia%2F\" title=\"Twitter\"><i class=\"socials-item-icon twitter\"><\/i><\/a> <a class=\"socials-item\" target=\"_blank\" href=\"https:\/\/pinterest.com\/pin\/create\/button\/?url=https%3A%2F%2Fwww.blanescostabrava.cat%2Ffr%2Fpf%2Fcala-sa-forcanera-et-cala-saguia%2F&#038;description=Cala+sa+Forcanera+et+Cala+s%E2%80%99Ag%C3%BCia&#038;media=https%3A%2F%2Fwww.blanescostabrava.cat%2Fwp-content%2Fuploads%2F2018%2F03%2Fforcanera-thegem-blog-timeline-large.jpg\" title=\"Pinterest\"><i class=\"socials-item-icon pinterest\"><\/i><\/a> <a class=\"socials-item\" target=\"_blank\" href=\"https:\/\/www.tumblr.com\/widgets\/share\/tool?canonicalUrl=https%3A%2F%2Fwww.blanescostabrava.cat%2Ffr%2Fpf%2Fcala-sa-forcanera-et-cala-saguia%2F\" title=\"Tumblr\"><i class=\"socials-item-icon tumblr\"><\/i><\/a> <a class=\"socials-item\" target=\"_blank\" href=\"https:\/\/www.linkedin.com\/shareArticle?mini=true&#038;url=https%3A%2F%2Fwww.blanescostabrava.cat%2Ffr%2Fpf%2Fcala-sa-forcanera-et-cala-saguia%2F&#038;title=Cala+sa+Forcanera+et+Cala+s%E2%80%99Ag%C3%BCia&amp;summary=%5Bvc_row+full_width%3D%C2%A0%C2%BBstretch_row%C2%A0%C2%BB+css%3D%C2%A0%C2%BB.vc_custom_1522078239924%7Bbackground-image%3A+url%28https%3A%2F%2Fwww.blanescostabrava.cat%2Fwp-content%2Fuploads%2F2018%2F03%2Fforcanera.jpg%3Fid%3D33496%29+%21important%3B%7D%C2%A0%C2%BB+el_class%3D%C2%A0%C2%BBcabecera-pagina-interna+cabecera-ficha%C2%A0%C2%BB%5D%5Bvc_column%5D%5Bvc_column_text%5D+Cala+sa+Forcanera+et+Cala+s%E2%80%99Ag%C3%BCia+%5B%2Fvc_column_text%5D%5B%2Fvc_column%5D%5B%2Fvc_row%5D%5Bvc_row%5D%5Bvc_column%5D%5Bvc_column_text+el_class%3D%C2%A0%C2%BBtextos-ficha-interna%C2%A0%C2%BB%5DDeux+petits+secrets%2C+deux+joyaux+de...\" title=\"LinkedIn\"><i class=\"socials-item-icon linkedin\"><\/i><\/a> <a class=\"socials-item\" target=\"_blank\" href=\"https:\/\/www.reddit.com\/submit?url=https%3A%2F%2Fwww.blanescostabrava.cat%2Ffr%2Fpf%2Fcala-sa-forcanera-et-cala-saguia%2F&#038;title=Cala+sa+Forcanera+et+Cala+s%E2%80%99Ag%C3%BCia\" title=\"Reddit\"><i class=\"socials-item-icon reddit\"><\/i><\/a> <\/div> <\/div> <\/div> <div class=\"caption\"> <div class=\"title title-h4\"> Cala sa Forcanera et Cala s\u2019Ag\u00fcia <\/span> <\/div> <div class=\"description\"> <\/div> <\/div> <\/div> <\/div> <\/div> <\/div> <\/div> <\/div> <\/div><!-- .portflio-set --> <div class=\"portfolio-item-size-container\"> <div class=\"portfolio-item item-animations-not-inited post-35969 thegem_pf_item type-thegem_pf_item status-publish has-post-thumbnail\"> <\/div> <\/div> <\/div><!-- .row--> <\/div><!-- .full-width --> <\/div><!-- .portfolio--> <\/div><!-- .portfolio-preloader-wrapper-->[\/vc_tta_section][vc_tta_section title=\u00a0\u00bbCit\u00e9 Sportive \u00a0\u00bb tab_id=\u00a0\u00bbesportiva\u00a0\u00bb]<style>.portfolio.portfolio-grid#style-601400f .portfolio-item:not(.size-item), .preloader#style-preloader-601400f .portfolio-item { padding: calc(42px\/2) !important; }.portfolio.portfolio-grid#style-601400f .portfolio-item.size-item { padding: 0 calc(42px\/2) !important; }.portfolio.portfolio-grid#style-601400f .portfolio-row, .preloader#style-preloader-601400f .skeleton-posts.portfolio-row { margin: calc(-42px\/2); }.portfolio.portfolio-grid#style-601400f.fullwidth-columns .portfolio-row { margin: calc(-42px\/2) 0; }.portfolio.portfolio-grid#style-601400f .fullwidth-block:not(.no-paddings) { padding-left: 42px; padding-right: 42px; }.portfolio.portfolio-grid#style-601400f .fullwidth-block .portfolio-row { padding-left: calc(42px\/2); padding-right: calc(42px\/2); }.portfolio.portfolio-grid#style-601400f .fullwidth-block .portfolio-top-panel { padding-left: 42px; padding-right: 42px; }.portfolio.portfolio-grid#style-601400f.fullwidth-columns .with-filter-sidebar .filter-sidebar { padding-left: 42px; }.portfolio.portfolio-grid#style-601400f .portfolio-item .caption .title span { letter-spacing: px !important; }<\/style><style>.portfolio.portfolio-grid#style-601400f .portfolio-filters { text-align: center; }<\/style><div id=\"style-preloader-601400f\" class=\"preloader save-space\"><div class=\"preloader-spin\"><\/div><\/div> <div class=\"portfolio-preloader-wrapper panel-sidebar-position-left\"> <div class=\"portfolio portfolio-grid extended-portfolio-grid no-padding portfolio-pagination-scroll portfolio-style-justified background-style-white title-style-light hover-circular title-on-page hover-elements-size-default version-default caption-position-page columns-4 columns-tablet-2 columns-mobile-1 next-page-preloading \" id=\"style-601400f\" data-style-uid=\"601400f\" data-portfolio-uid=\"grid_8f32c9d\" data-current-page=\"1\" data-per-page=\"8\" data-next-page=\"0\" data-pages-count=\"1\" data-hover=\"circular\" data-portfolio-filter=\"[]\" data-portfolio-filter-attributes=\"null\" data-portfolio-filter-search=\"\"> <div class=\"portfolio-row-outer \"> <div class=\"portfolio-top-panel selected-only\"> <div class=\"portfolio-filter-item portfolio-selected-filters left\"> <div class=\"portfolio-selected-filter-item clear-filters\"> Clear Filters\t<\/div> <\/div> <\/div> <div class=\"row portfolio-row\"> <div class=\"portfolio-set clearfix\" data-max-row-height=\"280\"> <div class=\"portfolio-item cite-sportive item-animations-not-inited post-35812 thegem_pf_item type-thegem_pf_item status-publish has-post-thumbnail\" style=\"padding: 21px;\" data-default-sort=\"0\" data-sort-date=\"1527149296\"> <div class=\"wrap clearfix\" style=\"border-bottom-color: \"> <div class=\"image post-35812 thegem_pf_item type-thegem_pf_item status-publish has-post-thumbnail\"> <div class=\"image-inner\"> <picture> <img src=\"https:\/\/www.blanescostabrava.cat\/wp-content\/uploads\/2018\/03\/12-thegem-portfolio-justified.jpg\" width=\"844\" height=\"620\" class=\"attachment-thegem-portfolio-justified\" alt=\"Espaces sportifs\" \/> <\/picture> <\/div> <div class=\"overlay\"> <div class=\"overlay-circle\"><\/div> <div class=\"links-wrapper\"> <div class=\"links\"> <div class=\"portfolio-icons\"> <a href=\"https:\/\/www.blanescostabrava.cat\/fr\/pf\/espaces-sportifs\/\" target=\"_self\" class=\"icon self-link \"><\/a> <a href=\"javascript: void(0);\" class=\"icon share\"><\/a> <div class=\"overlay-line\"><\/div> <div class=\"portfolio-sharing-pane\"> <div class=\"socials-sharing socials socials-colored-hover\"> <a class=\"socials-item\" target=\"_blank\" href=\"https:\/\/www.facebook.com\/sharer\/sharer.php?u=https%3A%2F%2Fwww.blanescostabrava.cat%2Ffr%2Fpf%2Fespaces-sportifs%2F\" title=\"Facebook\"><i class=\"socials-item-icon facebook\"><\/i><\/a> <a class=\"socials-item\" target=\"_blank\" href=\"https:\/\/twitter.com\/intent\/tweet?text=Espaces+sportifs&#038;url=https%3A%2F%2Fwww.blanescostabrava.cat%2Ffr%2Fpf%2Fespaces-sportifs%2F\" title=\"Twitter\"><i class=\"socials-item-icon twitter\"><\/i><\/a> <a class=\"socials-item\" target=\"_blank\" href=\"https:\/\/pinterest.com\/pin\/create\/button\/?url=https%3A%2F%2Fwww.blanescostabrava.cat%2Ffr%2Fpf%2Fespaces-sportifs%2F&#038;description=Espaces+sportifs&#038;media=https%3A%2F%2Fwww.blanescostabrava.cat%2Fwp-content%2Fuploads%2F2018%2F03%2F12-thegem-blog-timeline-large.jpg\" title=\"Pinterest\"><i class=\"socials-item-icon pinterest\"><\/i><\/a> <a class=\"socials-item\" target=\"_blank\" href=\"https:\/\/www.tumblr.com\/widgets\/share\/tool?canonicalUrl=https%3A%2F%2Fwww.blanescostabrava.cat%2Ffr%2Fpf%2Fespaces-sportifs%2F\" title=\"Tumblr\"><i class=\"socials-item-icon tumblr\"><\/i><\/a> <a class=\"socials-item\" target=\"_blank\" href=\"https:\/\/www.linkedin.com\/shareArticle?mini=true&#038;url=https%3A%2F%2Fwww.blanescostabrava.cat%2Ffr%2Fpf%2Fespaces-sportifs%2F&#038;title=Espaces+sportifs&amp;summary=%5Bvc_row+full_width%3D%C2%A0%C2%BBstretch_row%C2%A0%C2%BB+css%3D%C2%A0%C2%BB.vc_custom_1521931439750%7Bbackground-image%3A+url%28https%3A%2F%2Fwww.blanescostabrava.cat%2Fwp-content%2Fuploads%2F2018%2F03%2F12.jpg%3Fid%3D32560%29+%21important%3B%7D%C2%A0%C2%BB+el_class%3D%C2%A0%C2%BBcabecera-pagina-interna+cabecera-ficha%C2%A0%C2%BB%5D%5Bvc_column%5D%5Bvc_column_text%5D+Espaces+sportifs+%5B%2Fvc_column_text%5D%5B%2Fvc_column%5D%5B%2Fvc_row%5D%5Bvc_row%5D%5Bvc_column+width%3D%C2%A0%C2%BB2%2F3%26Prime%3B%5D%5Bvc_column_text+el_class%3D%C2%A0%C2%BBtextos-ficha-interna%C2%A0%C2%BB%5DC%26rsquo%3BEST+LA+PROPOSITION+SPORTIVE+LA+PLUS+AMBITIEUSE%C2%A0La+cit%C3%A9%2C+avec...\" title=\"LinkedIn\"><i class=\"socials-item-icon linkedin\"><\/i><\/a> <a class=\"socials-item\" target=\"_blank\" href=\"https:\/\/www.reddit.com\/submit?url=https%3A%2F%2Fwww.blanescostabrava.cat%2Ffr%2Fpf%2Fespaces-sportifs%2F&#038;title=Espaces+sportifs\" title=\"Reddit\"><i class=\"socials-item-icon reddit\"><\/i><\/a> <\/div> <\/div> <\/div> <div class=\"caption\"> <div class=\"title title-h4\"> Espaces sportifs <\/span> <\/div> <div class=\"description\"> <\/div> <\/div> <\/div> <\/div> <\/div> <\/div> <\/div> <\/div> <\/div><!-- .portflio-set --> <div class=\"portfolio-item-size-container\"> <div class=\"portfolio-item item-animations-not-inited post-35812 thegem_pf_item type-thegem_pf_item status-publish has-post-thumbnail\"> <\/div> <\/div> <\/div><!-- .row--> <\/div><!-- .full-width --> <\/div><!-- .portfolio--> <\/div><!-- .portfolio-preloader-wrapper-->[\/vc_tta_section][vc_tta_section title=\u00a0\u00bbActivit\u00e9s sportives \u00a0\u00bb tab_id=\u00a0\u00bbactius\u00a0\u00bb]<style>.portfolio.portfolio-grid#style-39e136b .portfolio-item:not(.size-item), .preloader#style-preloader-39e136b .portfolio-item { padding: calc(42px\/2) !important; }.portfolio.portfolio-grid#style-39e136b .portfolio-item.size-item { padding: 0 calc(42px\/2) !important; }.portfolio.portfolio-grid#style-39e136b .portfolio-row, .preloader#style-preloader-39e136b .skeleton-posts.portfolio-row { margin: calc(-42px\/2); }.portfolio.portfolio-grid#style-39e136b.fullwidth-columns .portfolio-row { margin: calc(-42px\/2) 0; }.portfolio.portfolio-grid#style-39e136b .fullwidth-block:not(.no-paddings) { padding-left: 42px; padding-right: 42px; }.portfolio.portfolio-grid#style-39e136b .fullwidth-block .portfolio-row { padding-left: calc(42px\/2); padding-right: calc(42px\/2); }.portfolio.portfolio-grid#style-39e136b .fullwidth-block .portfolio-top-panel { padding-left: 42px; padding-right: 42px; }.portfolio.portfolio-grid#style-39e136b.fullwidth-columns .with-filter-sidebar .filter-sidebar { padding-left: 42px; }.portfolio.portfolio-grid#style-39e136b .portfolio-item .caption .title span { letter-spacing: px !important; }<\/style><style>.portfolio.portfolio-grid#style-39e136b .portfolio-filters { text-align: center; }<\/style><div id=\"style-preloader-39e136b\" class=\"preloader save-space\"><div class=\"preloader-spin\"><\/div><\/div> <div class=\"portfolio-preloader-wrapper panel-sidebar-position-left\"> <div class=\"portfolio portfolio-grid extended-portfolio-grid no-padding portfolio-pagination-scroll portfolio-style-justified background-style-white title-style-light hover-circular title-on-page hover-elements-size-default version-default caption-position-page columns-4 columns-tablet-2 columns-mobile-1 next-page-preloading \" id=\"style-39e136b\" data-style-uid=\"39e136b\" data-portfolio-uid=\"grid_8f32c9d\" data-current-page=\"1\" data-per-page=\"8\" data-next-page=\"0\" data-pages-count=\"1\" data-hover=\"circular\" data-portfolio-filter=\"[]\" data-portfolio-filter-attributes=\"null\" data-portfolio-filter-search=\"\"> <div class=\"portfolio-row-outer \"> <div class=\"portfolio-top-panel selected-only\"> <div class=\"portfolio-filter-item portfolio-selected-filters left\"> <div class=\"portfolio-selected-filter-item clear-filters\"> Clear Filters\t<\/div> <\/div> <\/div> <div class=\"row portfolio-row\"> <div class=\"portfolio-set clearfix\" data-max-row-height=\"280\"> <div class=\"portfolio-item sport-actif item-animations-not-inited post-35970 thegem_pf_item type-thegem_pf_item status-publish has-post-thumbnail\" style=\"padding: 21px;\" data-default-sort=\"0\" data-sort-date=\"1527149741\"> <div class=\"wrap clearfix\" style=\"border-bottom-color: \"> <div class=\"image post-35970 thegem_pf_item type-thegem_pf_item status-publish has-post-thumbnail\"> <div class=\"image-inner\"> <picture> <img src=\"https:\/\/www.blanescostabrava.cat\/wp-content\/uploads\/2018\/03\/rutes-thegem-portfolio-justified.jpg\" width=\"844\" height=\"630\" class=\"attachment-thegem-portfolio-justified\" alt=\"Randonn\u00e9es et RADFAHREN\" \/> <\/picture> <\/div> <div class=\"overlay\"> <div class=\"overlay-circle\"><\/div> <div class=\"links-wrapper\"> <div class=\"links\"> <div class=\"portfolio-icons\"> <a href=\"https:\/\/www.blanescostabrava.cat\/fr\/pf\/randonnees-et-vtt-2\/\" target=\"_self\" class=\"icon self-link \"><\/a> <a href=\"javascript: void(0);\" class=\"icon share\"><\/a> <div class=\"overlay-line\"><\/div> <div class=\"portfolio-sharing-pane\"> <div class=\"socials-sharing socials socials-colored-hover\"> <a class=\"socials-item\" target=\"_blank\" href=\"https:\/\/www.facebook.com\/sharer\/sharer.php?u=https%3A%2F%2Fwww.blanescostabrava.cat%2Ffr%2Fpf%2Frandonnees-et-vtt-2%2F\" title=\"Facebook\"><i class=\"socials-item-icon facebook\"><\/i><\/a> <a class=\"socials-item\" target=\"_blank\" href=\"https:\/\/twitter.com\/intent\/tweet?text=Randonn%C3%A9es+et+RADFAHREN&#038;url=https%3A%2F%2Fwww.blanescostabrava.cat%2Ffr%2Fpf%2Frandonnees-et-vtt-2%2F\" title=\"Twitter\"><i class=\"socials-item-icon twitter\"><\/i><\/a> <a class=\"socials-item\" target=\"_blank\" href=\"https:\/\/pinterest.com\/pin\/create\/button\/?url=https%3A%2F%2Fwww.blanescostabrava.cat%2Ffr%2Fpf%2Frandonnees-et-vtt-2%2F&#038;description=Randonn%C3%A9es+et+RADFAHREN&#038;media=https%3A%2F%2Fwww.blanescostabrava.cat%2Fwp-content%2Fuploads%2F2018%2F03%2Frutes-thegem-blog-timeline-large.jpg\" title=\"Pinterest\"><i class=\"socials-item-icon pinterest\"><\/i><\/a> <a class=\"socials-item\" target=\"_blank\" href=\"https:\/\/www.tumblr.com\/widgets\/share\/tool?canonicalUrl=https%3A%2F%2Fwww.blanescostabrava.cat%2Ffr%2Fpf%2Frandonnees-et-vtt-2%2F\" title=\"Tumblr\"><i class=\"socials-item-icon tumblr\"><\/i><\/a> <a class=\"socials-item\" target=\"_blank\" href=\"https:\/\/www.linkedin.com\/shareArticle?mini=true&#038;url=https%3A%2F%2Fwww.blanescostabrava.cat%2Ffr%2Fpf%2Frandonnees-et-vtt-2%2F&#038;title=Randonn%C3%A9es+et+RADFAHREN&amp;summary=%5Bvc_row+full_width%3D%C2%A0%C2%BBstretch_row%C2%A0%C2%BB+css%3D%C2%A0%C2%BB.vc_custom_1523896526104%7Bbackground-image%3A+url%28https%3A%2F%2Fwww.blanescostabrava.cat%2Fwp-content%2Fuploads%2F2018%2F03%2FBTT-28.jpg%3Fid%3D34873%29+%21important%3Bbackground-position%3A+center+%21important%3Bbackground-repeat%3A+no-repeat+%21important%3Bbackground-size%3A+cover+%21important%3B%7D%C2%A0%C2%BB+el_class%3D%C2%A0%C2%BBcabecera-pagina-interna+cabecera-ficha%C2%A0%C2%BB%5D%5Bvc_column%5D%5Bvc_column_text%5D+Randonn%C3%A9es+et+RADFAHREN+%5B%2Fvc_column_text%5D%5B%2Fvc_column%5D%5B%2Fvc_row%5D%5Bvc_row%5D%5Bvc_column%5D%5Bvc_column_text+el_class%3D%C2%A0%C2%BBtextos-ficha-interna%C2%A0%C2%BB%5DVous+pouvez+trouver...\" title=\"LinkedIn\"><i class=\"socials-item-icon linkedin\"><\/i><\/a> <a class=\"socials-item\" target=\"_blank\" href=\"https:\/\/www.reddit.com\/submit?url=https%3A%2F%2Fwww.blanescostabrava.cat%2Ffr%2Fpf%2Frandonnees-et-vtt-2%2F&#038;title=Randonn%C3%A9es+et+RADFAHREN\" title=\"Reddit\"><i class=\"socials-item-icon reddit\"><\/i><\/a> <\/div> <\/div> <\/div> <div class=\"caption\"> <div class=\"title title-h4\"> Randonn\u00e9es et RADFAHREN <\/span> <\/div> <div class=\"description\"> <\/div> <\/div> <\/div> <\/div> <\/div> <\/div> <\/div> <\/div> <div class=\"portfolio-item sport-actif item-animations-not-inited post-35971 thegem_pf_item type-thegem_pf_item status-publish has-post-thumbnail\" style=\"padding: 21px;\" data-default-sort=\"0\" data-sort-date=\"1527149743\"> <div class=\"wrap clearfix\" style=\"border-bottom-color: \"> <div class=\"image post-35971 thegem_pf_item type-thegem_pf_item status-publish has-post-thumbnail\"> <div class=\"image-inner\"> <picture> <img src=\"https:\/\/www.blanescostabrava.cat\/wp-content\/uploads\/2018\/03\/cicloturisme-thegem-portfolio-justified.jpg\" width=\"844\" height=\"630\" class=\"attachment-thegem-portfolio-justified\" alt=\"Cyclotourisme\" \/> <\/picture> <\/div> <div class=\"overlay\"> <div class=\"overlay-circle\"><\/div> <div class=\"links-wrapper\"> <div class=\"links\"> <div class=\"portfolio-icons\"> <a href=\"https:\/\/www.blanescostabrava.cat\/fr\/pf\/cyclotourisme\/\" target=\"_self\" class=\"icon self-link \"><\/a> <a href=\"javascript: void(0);\" class=\"icon share\"><\/a> <div class=\"overlay-line\"><\/div> <div class=\"portfolio-sharing-pane\"> <div class=\"socials-sharing socials socials-colored-hover\"> <a class=\"socials-item\" target=\"_blank\" href=\"https:\/\/www.facebook.com\/sharer\/sharer.php?u=https%3A%2F%2Fwww.blanescostabrava.cat%2Ffr%2Fpf%2Fcyclotourisme%2F\" title=\"Facebook\"><i class=\"socials-item-icon facebook\"><\/i><\/a> <a class=\"socials-item\" target=\"_blank\" href=\"https:\/\/twitter.com\/intent\/tweet?text=Cyclotourisme&#038;url=https%3A%2F%2Fwww.blanescostabrava.cat%2Ffr%2Fpf%2Fcyclotourisme%2F\" title=\"Twitter\"><i class=\"socials-item-icon twitter\"><\/i><\/a> <a class=\"socials-item\" target=\"_blank\" href=\"https:\/\/pinterest.com\/pin\/create\/button\/?url=https%3A%2F%2Fwww.blanescostabrava.cat%2Ffr%2Fpf%2Fcyclotourisme%2F&#038;description=Cyclotourisme&#038;media=https%3A%2F%2Fwww.blanescostabrava.cat%2Fwp-content%2Fuploads%2F2018%2F03%2Fcicloturisme-thegem-blog-timeline-large.jpg\" title=\"Pinterest\"><i class=\"socials-item-icon pinterest\"><\/i><\/a> <a class=\"socials-item\" target=\"_blank\" href=\"https:\/\/www.tumblr.com\/widgets\/share\/tool?canonicalUrl=https%3A%2F%2Fwww.blanescostabrava.cat%2Ffr%2Fpf%2Fcyclotourisme%2F\" title=\"Tumblr\"><i class=\"socials-item-icon tumblr\"><\/i><\/a> <a class=\"socials-item\" target=\"_blank\" href=\"https:\/\/www.linkedin.com\/shareArticle?mini=true&#038;url=https%3A%2F%2Fwww.blanescostabrava.cat%2Ffr%2Fpf%2Fcyclotourisme%2F&#038;title=Cyclotourisme&amp;summary=%5Bvc_row+full_width%3D%C2%A0%C2%BBstretch_row%C2%A0%C2%BB+css%3D%C2%A0%C2%BB.vc_custom_1522088007505%7Bbackground-image%3A+url%28https%3A%2F%2Fwww.blanescostabrava.cat%2Fwp-content%2Fuploads%2F2018%2F03%2Fcicloturisme.jpg%3Fid%3D33557%29+%21important%3B%7D%C2%A0%C2%BB+el_class%3D%C2%A0%C2%BBcabecera-pagina-interna+cabecera-ficha%C2%A0%C2%BB%5D%5Bvc_column%5D%5Bvc_column_text%5D+Cyclotourisme+%5B%2Fvc_column_text%5D%5B%2Fvc_column%5D%5B%2Fvc_row%5D%5Bvc_row%5D%5Bvc_column%5D%5Bvc_column_text+el_class%3D%C2%A0%C2%BBtextos-ficha-interna%C2%A0%C2%BB%5D+Cyclotourisme+%5B%2Fvc_column_text%5D%5B%2Fvc_column%5D%5B%2Fvc_row%5D%5Bvc_row%5D%5Bvc_column%5D%5Bvc_column_text+el_class%3D%C2%A0%C2%BBtextos-ficha-interna%C2%A0%C2%BB%5D+Cyclotourisme+dans+les+environs+%5B%2Fvc_column_text%5D%5B%2Fvc_column%5D%5B%2Fvc_row%5D\" title=\"LinkedIn\"><i class=\"socials-item-icon linkedin\"><\/i><\/a> <a class=\"socials-item\" target=\"_blank\" href=\"https:\/\/www.reddit.com\/submit?url=https%3A%2F%2Fwww.blanescostabrava.cat%2Ffr%2Fpf%2Fcyclotourisme%2F&#038;title=Cyclotourisme\" title=\"Reddit\"><i class=\"socials-item-icon reddit\"><\/i><\/a> <\/div> <\/div> <\/div> <div class=\"caption\"> <div class=\"title title-h4\"> Cyclotourisme <\/span> <\/div> <div class=\"description\"> <\/div> <\/div> <\/div> <\/div> <\/div> <\/div> <\/div> <\/div> <div class=\"portfolio-item sport-actif item-animations-not-inited post-35972 thegem_pf_item type-thegem_pf_item status-publish has-post-thumbnail\" style=\"padding: 21px;\" data-default-sort=\"0\" data-sort-date=\"1527149744\"> <div class=\"wrap clearfix\" style=\"border-bottom-color: \"> <div class=\"image post-35972 thegem_pf_item type-thegem_pf_item status-publish has-post-thumbnail\"> <div class=\"image-inner\"> <picture> <img src=\"https:\/\/www.blanescostabrava.cat\/wp-content\/uploads\/2018\/03\/port-thegem-portfolio-justified.jpg\" width=\"844\" height=\"630\" class=\"attachment-thegem-portfolio-justified\" alt=\"Port et Club nautique sportive\" \/> <\/picture> <\/div> <div class=\"overlay\"> <div class=\"overlay-circle\"><\/div> <div class=\"links-wrapper\"> <div class=\"links\"> <div class=\"portfolio-icons\"> <a href=\"https:\/\/www.blanescostabrava.cat\/fr\/pf\/port-i-club-nautic-esportiu\/\" target=\"_self\" class=\"icon self-link \"><\/a> <a href=\"javascript: void(0);\" class=\"icon share\"><\/a> <div class=\"overlay-line\"><\/div> <div class=\"portfolio-sharing-pane\"> <div class=\"socials-sharing socials socials-colored-hover\"> <a class=\"socials-item\" target=\"_blank\" href=\"https:\/\/www.facebook.com\/sharer\/sharer.php?u=https%3A%2F%2Fwww.blanescostabrava.cat%2Ffr%2Fpf%2Fport-i-club-nautic-esportiu%2F\" title=\"Facebook\"><i class=\"socials-item-icon facebook\"><\/i><\/a> <a class=\"socials-item\" target=\"_blank\" href=\"https:\/\/twitter.com\/intent\/tweet?text=Port+et+Club+nautique+sportive&#038;url=https%3A%2F%2Fwww.blanescostabrava.cat%2Ffr%2Fpf%2Fport-i-club-nautic-esportiu%2F\" title=\"Twitter\"><i class=\"socials-item-icon twitter\"><\/i><\/a> <a class=\"socials-item\" target=\"_blank\" href=\"https:\/\/pinterest.com\/pin\/create\/button\/?url=https%3A%2F%2Fwww.blanescostabrava.cat%2Ffr%2Fpf%2Fport-i-club-nautic-esportiu%2F&#038;description=Port+et+Club+nautique+sportive&#038;media=https%3A%2F%2Fwww.blanescostabrava.cat%2Fwp-content%2Fuploads%2F2018%2F03%2Fport-thegem-blog-timeline-large.jpg\" title=\"Pinterest\"><i class=\"socials-item-icon pinterest\"><\/i><\/a> <a class=\"socials-item\" target=\"_blank\" href=\"https:\/\/www.tumblr.com\/widgets\/share\/tool?canonicalUrl=https%3A%2F%2Fwww.blanescostabrava.cat%2Ffr%2Fpf%2Fport-i-club-nautic-esportiu%2F\" title=\"Tumblr\"><i class=\"socials-item-icon tumblr\"><\/i><\/a> <a class=\"socials-item\" target=\"_blank\" href=\"https:\/\/www.linkedin.com\/shareArticle?mini=true&#038;url=https%3A%2F%2Fwww.blanescostabrava.cat%2Ffr%2Fpf%2Fport-i-club-nautic-esportiu%2F&#038;title=Port+et+Club+nautique+sportive&amp;summary=%5Bvc_row+full_width%3D%C2%A0%C2%BBstretch_row%C2%A0%C2%BB+css%3D%C2%A0%C2%BB.vc_custom_1522090142207%7Bbackground-image%3A+url%28https%3A%2F%2Fwww.blanescostabrava.cat%2Fwp-content%2Fuploads%2F2018%2F03%2Fport.jpg%3Fid%3D33631%29+%21important%3B%7D%C2%A0%C2%BB+el_class%3D%C2%A0%C2%BBcabecera-pagina-interna+cabecera-ficha%C2%A0%C2%BB%5D%5Bvc_column%5D%5Bvc_column_text%5D+Port+et+Club+nautique+sportive+%5B%2Fvc_column_text%5D%5B%2Fvc_column%5D%5B%2Fvc_row%5D%5Bvc_row%5D%5Bvc_column%5D%5Bvc_column_text+el_class%3D%C2%A0%C2%BBtextos-ficha-interna%C2%A0%C2%BB%5D+Port+Sportive+%5B%2Fvc_column_text%5D%5B%2Fvc_column%5D%5B%2Fvc_row%5D%5Bvc_row%5D%5Bvc_column%5D%5B%2Fvc_column%5D%5B%2Fvc_row%5D%5Bvc_row+el_class%3D%C2%A0%C2%BBmapa-informacion-practica+mapa-turismo+mapa-pagina-interna%C2%A0%C2%BB%5D%5Bvc_column%5D%5Bvc_column_text...\" title=\"LinkedIn\"><i class=\"socials-item-icon linkedin\"><\/i><\/a> <a class=\"socials-item\" target=\"_blank\" href=\"https:\/\/www.reddit.com\/submit?url=https%3A%2F%2Fwww.blanescostabrava.cat%2Ffr%2Fpf%2Fport-i-club-nautic-esportiu%2F&#038;title=Port+et+Club+nautique+sportive\" title=\"Reddit\"><i class=\"socials-item-icon reddit\"><\/i><\/a> <\/div> <\/div> <\/div> <div class=\"caption\"> <div class=\"title title-h4\"> Port et Club nautique sportive <\/span> <\/div> <div class=\"description\"> <\/div> <\/div> <\/div> <\/div> <\/div> <\/div> <\/div> <\/div> <\/div><!-- .portflio-set --> <div class=\"portfolio-item-size-container\"> <div class=\"portfolio-item item-animations-not-inited post-35972 thegem_pf_item type-thegem_pf_item status-publish has-post-thumbnail\"> <\/div> <\/div> <\/div><!-- .row--> <\/div><!-- .full-width --> <\/div><!-- .portfolio--> <\/div><!-- .portfolio-preloader-wrapper-->[\/vc_tta_section][vc_tta_section title=\u00a0\u00bbNature\u00a0\u00bb tab_id=\u00a0\u00bbnatura\u00a0\u00bb]<style>.portfolio.portfolio-grid#style-d24ae8c .portfolio-item:not(.size-item), .preloader#style-preloader-d24ae8c .portfolio-item { padding: calc(42px\/2) !important; }.portfolio.portfolio-grid#style-d24ae8c .portfolio-item.size-item { padding: 0 calc(42px\/2) !important; }.portfolio.portfolio-grid#style-d24ae8c .portfolio-row, .preloader#style-preloader-d24ae8c .skeleton-posts.portfolio-row { margin: calc(-42px\/2); }.portfolio.portfolio-grid#style-d24ae8c.fullwidth-columns .portfolio-row { margin: calc(-42px\/2) 0; }.portfolio.portfolio-grid#style-d24ae8c .fullwidth-block:not(.no-paddings) { padding-left: 42px; padding-right: 42px; }.portfolio.portfolio-grid#style-d24ae8c .fullwidth-block .portfolio-row { padding-left: calc(42px\/2); padding-right: calc(42px\/2); }.portfolio.portfolio-grid#style-d24ae8c .fullwidth-block .portfolio-top-panel { padding-left: 42px; padding-right: 42px; }.portfolio.portfolio-grid#style-d24ae8c.fullwidth-columns .with-filter-sidebar .filter-sidebar { padding-left: 42px; }.portfolio.portfolio-grid#style-d24ae8c .portfolio-item .caption .title span { letter-spacing: px !important; }<\/style><style>.portfolio.portfolio-grid#style-d24ae8c .portfolio-filters { text-align: center; }<\/style><div id=\"style-preloader-d24ae8c\" class=\"preloader save-space\"><div class=\"preloader-spin\"><\/div><\/div> <div class=\"portfolio-preloader-wrapper panel-sidebar-position-left\"> <div class=\"portfolio portfolio-grid extended-portfolio-grid no-padding portfolio-pagination-scroll portfolio-style-justified background-style-white title-style-light hover-circular title-on-page hover-elements-size-default version-default caption-position-page columns-4 columns-tablet-2 columns-mobile-1 next-page-preloading \" id=\"style-d24ae8c\" data-style-uid=\"d24ae8c\" data-portfolio-uid=\"grid_8f32c9d\" data-current-page=\"1\" data-per-page=\"8\" data-next-page=\"0\" data-pages-count=\"1\" data-hover=\"circular\" data-portfolio-filter=\"[]\" data-portfolio-filter-attributes=\"null\" data-portfolio-filter-search=\"\"> <div class=\"portfolio-row-outer \"> <div class=\"portfolio-top-panel selected-only\"> <div class=\"portfolio-filter-item portfolio-selected-filters left\"> <div class=\"portfolio-selected-filter-item clear-filters\"> Clear Filters\t<\/div> <\/div> <\/div> <div class=\"row portfolio-row\"> <div class=\"portfolio-set clearfix\" data-max-row-height=\"280\"> <div class=\"portfolio-item nature item-animations-not-inited post-35813 thegem_pf_item type-thegem_pf_item status-publish has-post-thumbnail\" style=\"padding: 21px;\" data-default-sort=\"0\" data-sort-date=\"1527149297\"> <div class=\"wrap clearfix\" style=\"border-bottom-color: \"> <div class=\"image post-35813 thegem_pf_item type-thegem_pf_item status-publish has-post-thumbnail\"> <div class=\"image-inner\"> <picture> <img src=\"https:\/\/www.blanescostabrava.cat\/wp-content\/uploads\/2018\/03\/delta-de-la-tordera-thegem-portfolio-justified.jpg\" width=\"844\" height=\"620\" class=\"attachment-thegem-portfolio-justified\" alt=\"Delta de la Tordera\" \/> <\/picture> <\/div> <div class=\"overlay\"> <div class=\"overlay-circle\"><\/div> <div class=\"links-wrapper\"> <div class=\"links\"> <div class=\"portfolio-icons\"> <a href=\"https:\/\/www.blanescostabrava.cat\/fr\/pf\/delta-de-la-tordera\/\" target=\"_self\" class=\"icon self-link \"><\/a> <a href=\"javascript: void(0);\" class=\"icon share\"><\/a> <div class=\"overlay-line\"><\/div> <div class=\"portfolio-sharing-pane\"> <div class=\"socials-sharing socials socials-colored-hover\"> <a class=\"socials-item\" target=\"_blank\" href=\"https:\/\/www.facebook.com\/sharer\/sharer.php?u=https%3A%2F%2Fwww.blanescostabrava.cat%2Ffr%2Fpf%2Fdelta-de-la-tordera%2F\" title=\"Facebook\"><i class=\"socials-item-icon facebook\"><\/i><\/a> <a class=\"socials-item\" target=\"_blank\" href=\"https:\/\/twitter.com\/intent\/tweet?text=Delta+de+la+Tordera&#038;url=https%3A%2F%2Fwww.blanescostabrava.cat%2Ffr%2Fpf%2Fdelta-de-la-tordera%2F\" title=\"Twitter\"><i class=\"socials-item-icon twitter\"><\/i><\/a> <a class=\"socials-item\" target=\"_blank\" href=\"https:\/\/pinterest.com\/pin\/create\/button\/?url=https%3A%2F%2Fwww.blanescostabrava.cat%2Ffr%2Fpf%2Fdelta-de-la-tordera%2F&#038;description=Delta+de+la+Tordera&#038;media=https%3A%2F%2Fwww.blanescostabrava.cat%2Fwp-content%2Fuploads%2F2018%2F03%2Fdelta-de-la-tordera-thegem-blog-timeline-large.jpg\" title=\"Pinterest\"><i class=\"socials-item-icon pinterest\"><\/i><\/a> <a class=\"socials-item\" target=\"_blank\" href=\"https:\/\/www.tumblr.com\/widgets\/share\/tool?canonicalUrl=https%3A%2F%2Fwww.blanescostabrava.cat%2Ffr%2Fpf%2Fdelta-de-la-tordera%2F\" title=\"Tumblr\"><i class=\"socials-item-icon tumblr\"><\/i><\/a> <a class=\"socials-item\" target=\"_blank\" href=\"https:\/\/www.linkedin.com\/shareArticle?mini=true&#038;url=https%3A%2F%2Fwww.blanescostabrava.cat%2Ffr%2Fpf%2Fdelta-de-la-tordera%2F&#038;title=Delta+de+la+Tordera&amp;summary=%5Bvc_row+full_width%3D%C2%A0%C2%BBstretch_row%C2%A0%C2%BB+css%3D%C2%A0%C2%BB.vc_custom_1623662381471%7Bbackground-image%3A+url%28https%3A%2F%2Fwww.blanescostabrava.cat%2Fwp-content%2Fuploads%2F2018%2F03%2Fdelta-de-la-tordera.jpg%3Fid%3D165427%29+%21important%3B%7D%C2%A0%C2%BB+el_class%3D%C2%A0%C2%BBcabecera-pagina-interna+cabecera-ficha%C2%A0%C2%BB%5D%5Bvc_column%5D%5Bvc_column_text%5D+Delta+de+la+Tordera+%5B%2Fvc_column_text%5D%5B%2Fvc_column%5D%5B%2Fvc_row%5D%5Bvc_row%5D%5Bvc_column%5D%5Bvc_column_text+el_class%3D%C2%A0%C2%BBtextos-ficha-interna%C2%A0%C2%BB%5DIl+s%26rsquo%3Bagit+d%26rsquo%3Bun+lieu+strat%C3%A9gique+de+l%E2%80%99hivernage+et...\" title=\"LinkedIn\"><i class=\"socials-item-icon linkedin\"><\/i><\/a> <a class=\"socials-item\" target=\"_blank\" href=\"https:\/\/www.reddit.com\/submit?url=https%3A%2F%2Fwww.blanescostabrava.cat%2Ffr%2Fpf%2Fdelta-de-la-tordera%2F&#038;title=Delta+de+la+Tordera\" title=\"Reddit\"><i class=\"socials-item-icon reddit\"><\/i><\/a> <\/div> <\/div> <\/div> <div class=\"caption\"> <div class=\"title title-h4\"> Delta de la Tordera <\/span> <\/div> <div class=\"description\"> <\/div> <\/div> <\/div> <\/div> <\/div> <\/div> <\/div> <\/div> <div class=\"portfolio-item nature item-animations-not-inited post-35814 thegem_pf_item type-thegem_pf_item status-publish has-post-thumbnail\" style=\"padding: 21px;\" data-default-sort=\"0\" data-sort-date=\"1527149298\"> <div class=\"wrap clearfix\" style=\"border-bottom-color: \"> <div class=\"image post-35814 thegem_pf_item type-thegem_pf_item status-publish has-post-thumbnail\"> <div class=\"image-inner\"> <picture> <img src=\"https:\/\/www.blanescostabrava.cat\/wp-content\/uploads\/2018\/03\/31-thegem-portfolio-justified.jpg\" width=\"844\" height=\"620\" class=\"attachment-thegem-portfolio-justified\" alt=\"Jardin Botanique Marimurtra\" \/> <\/picture> <\/div> <div class=\"overlay\"> <div class=\"overlay-circle\"><\/div> <div class=\"links-wrapper\"> <div class=\"links\"> <div class=\"portfolio-icons\"> <a href=\"https:\/\/www.blanescostabrava.cat\/fr\/pf\/jardin-botanique-marimurtra\/\" target=\"_self\" class=\"icon self-link \"><\/a> <a href=\"javascript: void(0);\" class=\"icon share\"><\/a> <div class=\"overlay-line\"><\/div> <div class=\"portfolio-sharing-pane\"> <div class=\"socials-sharing socials socials-colored-hover\"> <a class=\"socials-item\" target=\"_blank\" href=\"https:\/\/www.facebook.com\/sharer\/sharer.php?u=https%3A%2F%2Fwww.blanescostabrava.cat%2Ffr%2Fpf%2Fjardin-botanique-marimurtra%2F\" title=\"Facebook\"><i class=\"socials-item-icon facebook\"><\/i><\/a> <a class=\"socials-item\" target=\"_blank\" href=\"https:\/\/twitter.com\/intent\/tweet?text=Jardin+Botanique+Marimurtra&#038;url=https%3A%2F%2Fwww.blanescostabrava.cat%2Ffr%2Fpf%2Fjardin-botanique-marimurtra%2F\" title=\"Twitter\"><i class=\"socials-item-icon twitter\"><\/i><\/a> <a class=\"socials-item\" target=\"_blank\" href=\"https:\/\/pinterest.com\/pin\/create\/button\/?url=https%3A%2F%2Fwww.blanescostabrava.cat%2Ffr%2Fpf%2Fjardin-botanique-marimurtra%2F&#038;description=Jardin+Botanique+Marimurtra&#038;media=https%3A%2F%2Fwww.blanescostabrava.cat%2Fwp-content%2Fuploads%2F2018%2F03%2F31-thegem-blog-timeline-large.jpg\" title=\"Pinterest\"><i class=\"socials-item-icon pinterest\"><\/i><\/a> <a class=\"socials-item\" target=\"_blank\" href=\"https:\/\/www.tumblr.com\/widgets\/share\/tool?canonicalUrl=https%3A%2F%2Fwww.blanescostabrava.cat%2Ffr%2Fpf%2Fjardin-botanique-marimurtra%2F\" title=\"Tumblr\"><i class=\"socials-item-icon tumblr\"><\/i><\/a> <a class=\"socials-item\" target=\"_blank\" href=\"https:\/\/www.linkedin.com\/shareArticle?mini=true&#038;url=https%3A%2F%2Fwww.blanescostabrava.cat%2Ffr%2Fpf%2Fjardin-botanique-marimurtra%2F&#038;title=Jardin+Botanique+Marimurtra&amp;summary=%5Bvc_row+full_width%3D%C2%A0%C2%BBstretch_row%C2%A0%C2%BB+css%3D%C2%A0%C2%BB.vc_custom_1521931542780%7Bbackground-image%3A+url%28https%3A%2F%2Fwww.blanescostabrava.cat%2Fwp-content%2Fuploads%2F2018%2F03%2F31.jpg%3Fid%3D32579%29+%21important%3B%7D%C2%A0%C2%BB+el_class%3D%C2%A0%C2%BBcabecera-pagina-interna+cabecera-ficha%C2%A0%C2%BB%5D%5Bvc_column%5D%5Bvc_column_text%5D+Jardin+Botanique+Marimurtra+%5B%2Fvc_column_text%5D%5B%2Fvc_column%5D%5B%2Fvc_row%5D%5Bvc_row%5D%5Bvc_column%5D%5Bvc_column_text+el_class%3D%C2%A0%C2%BBtextos-ficha-interna%C2%A0%C2%BB%5DIl+s%26rsquo%3Bagit+d%26rsquo%3Bun+v%C3%A9ritable+paradis+naturel.+Marimurtra+est+le...\" title=\"LinkedIn\"><i class=\"socials-item-icon linkedin\"><\/i><\/a> <a class=\"socials-item\" target=\"_blank\" href=\"https:\/\/www.reddit.com\/submit?url=https%3A%2F%2Fwww.blanescostabrava.cat%2Ffr%2Fpf%2Fjardin-botanique-marimurtra%2F&#038;title=Jardin+Botanique+Marimurtra\" title=\"Reddit\"><i class=\"socials-item-icon reddit\"><\/i><\/a> <\/div> <\/div> <\/div> <div class=\"caption\"> <div class=\"title title-h4\"> Jardin Botanique Marimurtra <\/span> <\/div> <div class=\"description\"> <\/div> <\/div> <\/div> <\/div> <\/div> <\/div> <\/div> <\/div> <div class=\"portfolio-item nature item-animations-not-inited post-35823 thegem_pf_item type-thegem_pf_item status-publish has-post-thumbnail\" style=\"padding: 21px;\" data-default-sort=\"0\" data-sort-date=\"1527149315\"> <div class=\"wrap clearfix\" style=\"border-bottom-color: \"> <div class=\"image post-35823 thegem_pf_item type-thegem_pf_item status-publish has-post-thumbnail\"> <div class=\"image-inner\"> <picture> <img src=\"https:\/\/www.blanescostabrava.cat\/wp-content\/uploads\/2018\/03\/1-thegem-portfolio-justified.jpg\" width=\"844\" height=\"620\" class=\"attachment-thegem-portfolio-justified\" alt=\"Sa Palomera\" \/> <\/picture> <\/div> <div class=\"overlay\"> <div class=\"overlay-circle\"><\/div> <div class=\"links-wrapper\"> <div class=\"links\"> <div class=\"portfolio-icons\"> <a href=\"https:\/\/www.blanescostabrava.cat\/fr\/pf\/sa-palomera\/\" target=\"_self\" class=\"icon self-link \"><\/a> <a href=\"javascript: void(0);\" class=\"icon share\"><\/a> <div class=\"overlay-line\"><\/div> <div class=\"portfolio-sharing-pane\"> <div class=\"socials-sharing socials socials-colored-hover\"> <a class=\"socials-item\" target=\"_blank\" href=\"https:\/\/www.facebook.com\/sharer\/sharer.php?u=https%3A%2F%2Fwww.blanescostabrava.cat%2Ffr%2Fpf%2Fsa-palomera%2F\" title=\"Facebook\"><i class=\"socials-item-icon facebook\"><\/i><\/a> <a class=\"socials-item\" target=\"_blank\" href=\"https:\/\/twitter.com\/intent\/tweet?text=Sa+Palomera&#038;url=https%3A%2F%2Fwww.blanescostabrava.cat%2Ffr%2Fpf%2Fsa-palomera%2F\" title=\"Twitter\"><i class=\"socials-item-icon twitter\"><\/i><\/a> <a class=\"socials-item\" target=\"_blank\" href=\"https:\/\/pinterest.com\/pin\/create\/button\/?url=https%3A%2F%2Fwww.blanescostabrava.cat%2Ffr%2Fpf%2Fsa-palomera%2F&#038;description=Sa+Palomera&#038;media=https%3A%2F%2Fwww.blanescostabrava.cat%2Fwp-content%2Fuploads%2F2018%2F03%2F1-thegem-blog-timeline-large.jpg\" title=\"Pinterest\"><i class=\"socials-item-icon pinterest\"><\/i><\/a> <a class=\"socials-item\" target=\"_blank\" href=\"https:\/\/www.tumblr.com\/widgets\/share\/tool?canonicalUrl=https%3A%2F%2Fwww.blanescostabrava.cat%2Ffr%2Fpf%2Fsa-palomera%2F\" title=\"Tumblr\"><i class=\"socials-item-icon tumblr\"><\/i><\/a> <a class=\"socials-item\" target=\"_blank\" href=\"https:\/\/www.linkedin.com\/shareArticle?mini=true&#038;url=https%3A%2F%2Fwww.blanescostabrava.cat%2Ffr%2Fpf%2Fsa-palomera%2F&#038;title=Sa+Palomera&amp;summary=%5Bvc_row+full_width%3D%C2%A0%C2%BBstretch_row%C2%A0%C2%BB+css%3D%C2%A0%C2%BB.vc_custom_1521931684560%7Bbackground-image%3A+url%28https%3A%2F%2Fwww.blanescostabrava.cat%2Fwp-content%2Fuploads%2F2018%2F03%2F1.jpg%3Fid%3D32550%29+%21important%3B%7D%C2%A0%C2%BB+el_class%3D%C2%A0%C2%BBcabecera-pagina-interna+cabecera-ficha%C2%A0%C2%BB%5D%5Bvc_column%5D%5Bvc_column_text%5D+Sa+Palomera+%5B%2Fvc_column_text%5D%5B%2Fvc_column%5D%5B%2Fvc_row%5D%5Bvc_row%5D%5Bvc_column%5D%5Bvc_column_text+el_class%3D%C2%A0%C2%BBtextos-ficha-interna%C2%A0%C2%BB%5DC%26rsquo%3Best+le+symbole+identitaire+de+Blanes.+Ce+grand+rocher+se...\" title=\"LinkedIn\"><i class=\"socials-item-icon linkedin\"><\/i><\/a> <a class=\"socials-item\" target=\"_blank\" href=\"https:\/\/www.reddit.com\/submit?url=https%3A%2F%2Fwww.blanescostabrava.cat%2Ffr%2Fpf%2Fsa-palomera%2F&#038;title=Sa+Palomera\" title=\"Reddit\"><i class=\"socials-item-icon reddit\"><\/i><\/a> <\/div> <\/div> <\/div> <div class=\"caption\"> <div class=\"title title-h4\"> Sa Palomera <\/span> <\/div> <div class=\"description\"> <\/div> <\/div> <\/div> <\/div> <\/div> <\/div> <\/div> <\/div> <\/div><!-- .portflio-set --> <div class=\"portfolio-item-size-container\"> <div class=\"portfolio-item item-animations-not-inited post-35823 thegem_pf_item type-thegem_pf_item status-publish has-post-thumbnail\"> <\/div> <\/div> <\/div><!-- .row--> <\/div><!-- .full-width --> <\/div><!-- .portfolio--> <\/div><!-- .portfolio-preloader-wrapper-->[\/vc_tta_section][\/vc_tta_tabs][\/vc_column][\/vc_row]<\/p>\n<\/div>","protected":false},"excerpt":{"rendered":"<p>[vc_row full_width=\u00a0\u00bbstretch_row\u00a0\u00bb css=\u00a0\u00bb.vc_custom_1522150356549{background-image: url(https:\/\/www.blanescostabrava.cat\/wp-content\/uploads\/2018\/03\/que-fer.jpg?id=33674) !important;}\u00a0\u00bb el_class=\u00a0\u00bbcabecera-pagina-interna\u00a0\u00bb][vc_column][vc_column_text] QUE VISITER [\/vc_column_text][\/vc_column][\/vc_row][vc_row full_width=\u00a0\u00bbstretch_row_content\u00a0\u00bb el_class=\u00a0\u00bb galeria-tabs galeria-tabs-que-fer\u00a0\u00bb][vc_column][vc_tta_tabs alignment=\u00a0\u00bbcenter\u00a0\u00bb active_section=\u00a0\u00bb1&Prime;][vc_tta_section title=\u00a0\u00bbTout\u00a0\u00bb tab_id=\u00a0\u00bbtot\u00a0\u00bb][\/vc_tta_section][vc_tta_section title=\u00a0\u00bbBlanes\u00a0\u00bb tab_id=\u00a0\u00bbblanes\u00a0\u00bb][\/vc_tta_section][vc_tta_section title=\u00a0\u00bbMonuments\u00a0\u00bb&#8230;<\/p>\n","protected":false},"author":1,"featured_media":0,"parent":0,"menu_order":0,"comment_status":"closed","ping_status":"closed","template":"","meta":{"footnotes":""},"class_list":["post-35822","page","type-page","status-publish"],"rankMath":{"parentDomain":"blanescostabrava.cat","noFollowDomains":[],"noFollowExcludeDomains":[],"noFollowExternalLinks":false,"featuredImageNotice":"L\u2019image en vedette devrait \u00eatre au moins 200 par 200 pixels pour \u00eatre utilis\u00e9 par Facebook et d\u2019autres sites de m\u00e9dias sociaux.","pluginReviewed":false,"postSettings":{"linkSuggestions":true,"useFocusKeyword":false},"frontEndScore":false,"postName":"sa-palomera","permalinkFormat":"https:\/\/www.blanescostabrava.cat\/fr\/pf\/%thegem_pf_item%\/","showLockModifiedDate":true,"assessor":{"focusKeywordLink":"https:\/\/www.blanescostabrava.cat\/wp-admin\/edit.php?focus_keyword=%focus_keyword%&post_type=%post_type%","hasTOCPlugin":false,"primaryTaxonomy":false,"serpData":{"title":"","description":"","focusKeywords":"","pillarContent":false,"canonicalUrl":"","breadcrumbTitle":"","advancedRobots":[],"facebookTitle":"","facebookDescription":"","facebookImage":"","facebookImageID":"","facebookHasOverlay":false,"facebookImageOverlay":"","facebookAuthor":"","twitterCardType":"","twitterUseFacebook":true,"twitterTitle":"","twitterDescription":"","twitterImage":"","twitterImageID":"","twitterHasOverlay":false,"twitterImageOverlay":"","twitterPlayerUrl":"","twitterPlayerSize":"","twitterPlayerStream":"","twitterPlayerStreamCtype":"","twitterAppDescription":"","twitterAppIphoneName":"","twitterAppIphoneID":"","twitterAppIphoneUrl":"","twitterAppIpadName":"","twitterAppIpadID":"","twitterAppIpadUrl":"","twitterAppGoogleplayName":"","twitterAppGoogleplayID":"","twitterAppGoogleplayUrl":"","twitterAppCountry":"","robots":{"index":true},"twitterAuthor":"identifiant","primaryTerm":0,"authorName":"Blanes Costa Brava","titleTemplate":"%title% %sep% %sitename%","descriptionTemplate":"%excerpt%","showScoreFrontend":true,"lockModifiedDate":false},"powerWords":["absolument","amazement","astonishing","authentique","beau","bien-\u00eatre","brillant","captivant","charismatique","choc","clair","compl\u00e8tement","confidentiel","confiance","cons\u00e9quent","cr\u00e9atif","d\u00e9finitivement","d\u00e9licieux","d\u00e9montrer","d\u00e9p\u00eachez-vous","d\u00e9termin\u00e9","digne","dynamique","\u00e9blouissant","\u00e9clatant","\u00e9conomique","\u00e9fficace","\u00e9l\u00e9gant","\u00e9motionnel","\u00e9nergique","\u00e9norme","\u00e9poustouflant","essentiel","\u00e9tonnant","exclusif","exp\u00e9rience","fabuleux","fantastique","formidable","fort","garanti","g\u00e9ant","g\u00e9n\u00e9reux","grandiose","gratuit","habile","harmonieux","historique","hors pair","important","incroyable","indispensable","inoubliable","inspirant","innovant","intense","invention","irr\u00e9sistible","l\u00e9gendaire","lumineux","luxe","magique","magnifique","majestueux","marquant","merveilleux","miraculeux","motivant","n\u00e9cessaire","nouvelle","officiel","parfait","passionn\u00e9","persuasif","ph\u00e9nom\u00e9nal","plaisir","populaire","pouvoir","prestigieux","prodigieux","profond","prosp\u00e8re","puissant","qualit\u00e9","radieux","rapide","r\u00e9ussi","r\u00e9volutionnaire","satisfait","s\u00e9curit\u00e9","sensationnel","serein","somptueux","splendide","sublime","surprenant","talentueux","terrifiant","unique","valeur","vibrant","victorieux","vif","vraiment","z\u00e9l\u00e9"],"diacritics":{"A":"[\\u0041\\u24B6\\uFF21\\u00C0\\u00C1\\u00C2\\u1EA6\\u1EA4\\u1EAA\\u1EA8\\u00C3\\u0100\\u0102\\u1EB0\\u1EAE\\u1EB4\\u1EB2\\u0226\\u01E0\\u00C4\\u01DE\\u1EA2\\u00C5\\u01FA\\u01CD\\u0200\\u0202\\u1EA0\\u1EAC\\u1EB6\\u1E00\\u0104\\u023A\\u2C6F]","AA":"[\\uA732]","AE":"[\\u00C6\\u01FC\\u01E2]","AO":"[\\uA734]","AU":"[\\uA736]","AV":"[\\uA738\\uA73A]","AY":"[\\uA73C]","B":"[\\u0042\\u24B7\\uFF22\\u1E02\\u1E04\\u1E06\\u0243\\u0182\\u0181]","C":"[\\u0043\\u24B8\\uFF23\\u0106\\u0108\\u010A\\u010C\\u00C7\\u1E08\\u0187\\u023B\\uA73E]","D":"[\\u0044\\u24B9\\uFF24\\u1E0A\\u010E\\u1E0C\\u1E10\\u1E12\\u1E0E\\u0110\\u018B\\u018A\\u0189\\uA779]","DZ":"[\\u01F1\\u01C4]","Dz":"[\\u01F2\\u01C5]","E":"[\\u0045\\u24BA\\uFF25\\u00C8\\u00C9\\u00CA\\u1EC0\\u1EBE\\u1EC4\\u1EC2\\u1EBC\\u0112\\u1E14\\u1E16\\u0114\\u0116\\u00CB\\u1EBA\\u011A\\u0204\\u0206\\u1EB8\\u1EC6\\u0228\\u1E1C\\u0118\\u1E18\\u1E1A\\u0190\\u018E]","F":"[\\u0046\\u24BB\\uFF26\\u1E1E\\u0191\\uA77B]","G":"[\\u0047\\u24BC\\uFF27\\u01F4\\u011C\\u1E20\\u011E\\u0120\\u01E6\\u0122\\u01E4\\u0193\\uA7A0\\uA77D\\uA77E]","H":"[\\u0048\\u24BD\\uFF28\\u0124\\u1E22\\u1E26\\u021E\\u1E24\\u1E28\\u1E2A\\u0126\\u2C67\\u2C75\\uA78D]","I":"[\\u0049\\u24BE\\uFF29\\u00CC\\u00CD\\u00CE\\u0128\\u012A\\u012C\\u0130\\u00CF\\u1E2E\\u1EC8\\u01CF\\u0208\\u020A\\u1ECA\\u012E\\u1E2C\\u0197]","J":"[\\u004A\\u24BF\\uFF2A\\u0134\\u0248]","K":"[\\u004B\\u24C0\\uFF2B\\u1E30\\u01E8\\u1E32\\u0136\\u1E34\\u0198\\u2C69\\uA740\\uA742\\uA744\\uA7A2]","L":"[\\u004C\\u24C1\\uFF2C\\u013F\\u0139\\u013D\\u1E36\\u1E38\\u013B\\u1E3C\\u1E3A\\u0141\\u023D\\u2C62\\u2C60\\uA748\\uA746\\uA780]","LJ":"[\\u01C7]","Lj":"[\\u01C8]","M":"[\\u004D\\u24C2\\uFF2D\\u1E3E\\u1E40\\u1E42\\u2C6E\\u019C]","N":"[\\u004E\\u24C3\\uFF2E\\u01F8\\u0143\\u00D1\\u1E44\\u0147\\u1E46\\u0145\\u1E4A\\u1E48\\u0220\\u019D\\uA790\\uA7A4]","NJ":"[\\u01CA]","Nj":"[\\u01CB]","O":"[\\u004F\\u24C4\\uFF2F\\u00D2\\u00D3\\u00D4\\u1ED2\\u1ED0\\u1ED6\\u1ED4\\u00D5\\u1E4C\\u022C\\u1E4E\\u014C\\u1E50\\u1E52\\u014E\\u022E\\u0230\\u00D6\\u022A\\u1ECE\\u0150\\u01D1\\u020C\\u020E\\u01A0\\u1EDC\\u1EDA\\u1EE0\\u1EDE\\u1EE2\\u1ECC\\u1ED8\\u01EA\\u01EC\\u00D8\\u01FE\\u0186\\u019F\\uA74A\\uA74C]","OI":"[\\u01A2]","OO":"[\\uA74E]","OU":"[\\u0222]","P":"[\\u0050\\u24C5\\uFF30\\u1E54\\u1E56\\u01A4\\u2C63\\uA750\\uA752\\uA754]","Q":"[\\u0051\\u24C6\\uFF31\\uA756\\uA758\\u024A]","R":"[\\u0052\\u24C7\\uFF32\\u0154\\u1E58\\u0158\\u0210\\u0212\\u1E5A\\u1E5C\\u0156\\u1E5E\\u024C\\u2C64\\uA75A\\uA7A6\\uA782]","S":"[\\u0053\\u24C8\\uFF33\\u1E9E\\u015A\\u1E64\\u015C\\u1E60\\u0160\\u1E66\\u1E62\\u1E68\\u0218\\u015E\\u2C7E\\uA7A8\\uA784]","T":"[\\u0054\\u24C9\\uFF34\\u1E6A\\u0164\\u1E6C\\u021A\\u0162\\u1E70\\u1E6E\\u0166\\u01AC\\u01AE\\u023E\\uA786]","TZ":"[\\uA728]","U":"[\\u0055\\u24CA\\uFF35\\u00D9\\u00DA\\u00DB\\u0168\\u1E78\\u016A\\u1E7A\\u016C\\u00DC\\u01DB\\u01D7\\u01D5\\u01D9\\u1EE6\\u016E\\u0170\\u01D3\\u0214\\u0216\\u01AF\\u1EEA\\u1EE8\\u1EEE\\u1EEC\\u1EF0\\u1EE4\\u1E72\\u0172\\u1E76\\u1E74\\u0244]","V":"[\\u0056\\u24CB\\uFF36\\u1E7C\\u1E7E\\u01B2\\uA75E\\u0245]","VY":"[\\uA760]","W":"[\\u0057\\u24CC\\uFF37\\u1E80\\u1E82\\u0174\\u1E86\\u1E84\\u1E88\\u2C72]","X":"[\\u0058\\u24CD\\uFF38\\u1E8A\\u1E8C]","Y":"[\\u0059\\u24CE\\uFF39\\u1EF2\\u00DD\\u0176\\u1EF8\\u0232\\u1E8E\\u0178\\u1EF6\\u1EF4\\u01B3\\u024E\\u1EFE]","Z":"[\\u005A\\u24CF\\uFF3A\\u0179\\u1E90\\u017B\\u017D\\u1E92\\u1E94\\u01B5\\u0224\\u2C7F\\u2C6B\\uA762]","a":"[\\u0061\\u24D0\\uFF41\\u1E9A\\u00E0\\u00E1\\u00E2\\u1EA7\\u1EA5\\u1EAB\\u1EA9\\u00E3\\u0101\\u0103\\u1EB1\\u1EAF\\u1EB5\\u1EB3\\u0227\\u01E1\\u00E4\\u01DF\\u1EA3\\u00E5\\u01FB\\u01CE\\u0201\\u0203\\u1EA1\\u1EAD\\u1EB7\\u1E01\\u0105\\u2C65\\u0250]","aa":"[\\uA733]","ae":"[\\u00E6\\u01FD\\u01E3]","ao":"[\\uA735]","au":"[\\uA737]","av":"[\\uA739\\uA73B]","ay":"[\\uA73D]","b":"[\\u0062\\u24D1\\uFF42\\u1E03\\u1E05\\u1E07\\u0180\\u0183\\u0253]","c":"[\\u0063\\u24D2\\uFF43\\u0107\\u0109\\u010B\\u010D\\u00E7\\u1E09\\u0188\\u023C\\uA73F\\u2184]","d":"[\\u0064\\u24D3\\uFF44\\u1E0B\\u010F\\u1E0D\\u1E11\\u1E13\\u1E0F\\u0111\\u018C\\u0256\\u0257\\uA77A]","dz":"[\\u01F3\\u01C6]","e":"[\\u0065\\u24D4\\uFF45\\u00E8\\u00E9\\u00EA\\u1EC1\\u1EBF\\u1EC5\\u1EC3\\u1EBD\\u0113\\u1E15\\u1E17\\u0115\\u0117\\u00EB\\u1EBB\\u011B\\u0205\\u0207\\u1EB9\\u1EC7\\u0229\\u1E1D\\u0119\\u1E19\\u1E1B\\u0247\\u025B\\u01DD]","f":"[\\u0066\\u24D5\\uFF46\\u1E1F\\u0192\\uA77C]","g":"[\\u0067\\u24D6\\uFF47\\u01F5\\u011D\\u1E21\\u011F\\u0121\\u01E7\\u0123\\u01E5\\u0260\\uA7A1\\u1D79\\uA77F]","h":"[\\u0068\\u24D7\\uFF48\\u0125\\u1E23\\u1E27\\u021F\\u1E25\\u1E29\\u1E2B\\u1E96\\u0127\\u2C68\\u2C76\\u0265]","hv":"[\\u0195]","i":"[\\u0069\\u24D8\\uFF49\\u00EC\\u00ED\\u00EE\\u0129\\u012B\\u012D\\u00EF\\u1E2F\\u1EC9\\u01D0\\u0209\\u020B\\u1ECB\\u012F\\u1E2D\\u0268\\u0131]","j":"[\\u006A\\u24D9\\uFF4A\\u0135\\u01F0\\u0249]","k":"[\\u006B\\u24DA\\uFF4B\\u1E31\\u01E9\\u1E33\\u0137\\u1E35\\u0199\\u2C6A\\uA741\\uA743\\uA745\\uA7A3]","l":"[\\u006C\\u24DB\\uFF4C\\u0140\\u013A\\u013E\\u1E37\\u1E39\\u013C\\u1E3D\\u1E3B\\u017F\\u0142\\u019A\\u026B\\u2C61\\uA749\\uA781\\uA747]","lj":"[\\u01C9]","m":"[\\u006D\\u24DC\\uFF4D\\u1E3F\\u1E41\\u1E43\\u0271\\u026F]","n":"[\\u006E\\u24DD\\uFF4E\\u01F9\\u0144\\u00F1\\u1E45\\u0148\\u1E47\\u0146\\u1E4B\\u1E49\\u019E\\u0272\\u0149\\uA791\\uA7A5]","nj":"[\\u01CC]","o":"[\\u006F\\u24DE\\uFF4F\\u00F2\\u00F3\\u00F4\\u1ED3\\u1ED1\\u1ED7\\u1ED5\\u00F5\\u1E4D\\u022D\\u1E4F\\u014D\\u1E51\\u1E53\\u014F\\u022F\\u0231\\u00F6\\u022B\\u1ECF\\u0151\\u01D2\\u020D\\u020F\\u01A1\\u1EDD\\u1EDB\\u1EE1\\u1EDF\\u1EE3\\u1ECD\\u1ED9\\u01EB\\u01ED\\u00F8\\u01FF\\u0254\\uA74B\\uA74D\\u0275]","oi":"[\\u01A3]","ou":"[\\u0223]","oo":"[\\uA74F]","p":"[\\u0070\\u24DF\\uFF50\\u1E55\\u1E57\\u01A5\\u1D7D\\uA751\\uA753\\uA755]","q":"[\\u0071\\u24E0\\uFF51\\u024B\\uA757\\uA759]","r":"[\\u0072\\u24E1\\uFF52\\u0155\\u1E59\\u0159\\u0211\\u0213\\u1E5B\\u1E5D\\u0157\\u1E5F\\u024D\\u027D\\uA75B\\uA7A7\\uA783]","s":"[\\u0073\\u24E2\\uFF53\\u015B\\u1E65\\u015D\\u1E61\\u0161\\u1E67\\u1E63\\u1E69\\u0219\\u015F\\u023F\\uA7A9\\uA785\\u1E9B]","ss":"[\\u00DF]","t":"[\\u0074\\u24E3\\uFF54\\u1E6B\\u1E97\\u0165\\u1E6D\\u021B\\u0163\\u1E71\\u1E6F\\u0167\\u01AD\\u0288\\u2C66\\uA787]","tz":"[\\uA729]","u":"[\\u0075\\u24E4\\uFF55\\u00F9\\u00FA\\u00FB\\u0169\\u1E79\\u016B\\u1E7B\\u016D\\u00FC\\u01DC\\u01D8\\u01D6\\u01DA\\u1EE7\\u016F\\u0171\\u01D4\\u0215\\u0217\\u01B0\\u1EEB\\u1EE9\\u1EEF\\u1EED\\u1EF1\\u1EE5\\u1E73\\u0173\\u1E77\\u1E75\\u0289]","v":"[\\u0076\\u24E5\\uFF56\\u1E7D\\u1E7F\\u028B\\uA75F\\u028C]","vy":"[\\uA761]","w":"[\\u0077\\u24E6\\uFF57\\u1E81\\u1E83\\u0175\\u1E87\\u1E85\\u1E98\\u1E89\\u2C73]","x":"[\\u0078\\u24E7\\uFF58\\u1E8B\\u1E8D]","y":"[\\u0079\\u24E8\\uFF59\\u1EF3\\u00FD\\u0177\\u1EF9\\u0233\\u1E8F\\u00FF\\u1EF7\\u1E99\\u1EF5\\u01B4\\u024F\\u1EFF]","z":"[\\u007A\\u24E9\\uFF5A\\u017A\\u1E91\\u017C\\u017E\\u1E93\\u1E95\\u01B6\\u0225\\u0240\\u2C6C\\uA763]"},"researchesTests":["contentHasTOC","contentHasShortParagraphs","contentHasAssets","keywordInTitle","keywordInMetaDescription","keywordInPermalink","keywordIn10Percent","keywordInContent","keywordInSubheadings","keywordInImageAlt","keywordDensity","keywordNotUsed","lengthContent","lengthPermalink","linksHasInternal","linksHasExternals","linksNotAllExternals","titleStartWithKeyword","titleSentiment","titleHasPowerWords","titleHasNumber","hasContentAI"],"hasRedirection":true,"hasBreadcrumb":false},"homeUrl":"https:\/\/www.blanescostabrava.cat\/fr\/","objectID":35823,"objectType":"post","locale":"fr","localeFull":"fr_FR","overlayImages":{"play":{"name":"Ic\u00f4ne de lecture","url":"https:\/\/www.blanescostabrava.cat\/wp-content\/plugins\/seo-by-rank-math\/assets\/admin\/img\/icon-play.png","path":"\/var\/www\/html\/wp-content\/plugins\/seo-by-rank-math\/assets\/admin\/img\/icon-play.png","position":"middle_center"},"gif":{"name":"Ic\u00f4ne GIF","url":"https:\/\/www.blanescostabrava.cat\/wp-content\/plugins\/seo-by-rank-math\/assets\/admin\/img\/icon-gif.png","path":"\/var\/www\/html\/wp-content\/plugins\/seo-by-rank-math\/assets\/admin\/img\/icon-gif.png","position":"middle_center"}},"defautOgImage":"https:\/\/www.blanescostabrava.cat\/wp-content\/plugins\/seo-by-rank-math\/assets\/admin\/img\/social-placeholder.jpg","customPermalinks":true,"isUserRegistered":false,"autoSuggestKeywords":false,"connectSiteUrl":"https:\/\/rankmath.com\/auth?site=https%3A%2F%2Fwww.blanescostabrava.cat%2Ffr%2F&r=https%3A%2F%2Fwww.blanescostabrava.cat%2Ffr%2Fwp-json%2Fwp%2Fv2%2Fpages%2F35822%3Fnonce%3Ddecbcd952c","maxTags":5,"trendsIcon":"<svg viewBox=\"0 0 610 610\"><path d=\"M18.85,446,174.32,290.48l58.08,58.08L76.93,504a14.54,14.54,0,0,1-20.55,0L18.83,466.48a14.54,14.54,0,0,1,0-20.55Z\" style=\"fill:#4285f4\"\/><path d=\"M242.65,242.66,377.59,377.6l-47.75,47.75a14.54,14.54,0,0,1-20.55,0L174.37,290.43l47.75-47.75A14.52,14.52,0,0,1,242.65,242.66Z\" style=\"fill:#ea4335\"\/><polygon points=\"319.53 319.53 479.26 159.8 537.34 217.88 377.61 377.62 319.53 319.53\" style=\"fill:#fabb05\"\/><path d=\"M594.26,262.73V118.61h0a16.94,16.94,0,0,0-16.94-16.94H433.2a16.94,16.94,0,0,0-12,28.92L565.34,274.71h0a16.94,16.94,0,0,0,28.92-12Z\" style=\"fill:#34a853\"\/><rect width=\"610\" height=\"610\" style=\"fill:none\"\/><\/svg>","showScore":true,"siteFavIcon":"https:\/\/www.blanescostabrava.cat\/wp-content\/uploads\/2018\/04\/favicon.png","canUser":{"general":false,"advanced":false,"snippet":false,"social":false,"analysis":false,"analytics":false,"content_ai":false},"isPro":false,"is_front_page":false,"trendsUpgradeLink":"https:\/\/rankmath.com\/pricing\/?utm_source=Plugin&utm_medium=CE%20General%20Tab%20Trends&utm_campaign=WP","trendsUpgradeLabel":"Mettre \u00e0 niveau","trendsPreviewImage":"https:\/\/www.blanescostabrava.cat\/wp-content\/plugins\/seo-by-rank-math\/assets\/admin\/img\/trends-preview.jpg","currentEditor":false,"homepageData":{"assessor":{"powerWords":["absolument","amazement","astonishing","authentique","beau","bien-\u00eatre","brillant","captivant","charismatique","choc","clair","compl\u00e8tement","confidentiel","confiance","cons\u00e9quent","cr\u00e9atif","d\u00e9finitivement","d\u00e9licieux","d\u00e9montrer","d\u00e9p\u00eachez-vous","d\u00e9termin\u00e9","digne","dynamique","\u00e9blouissant","\u00e9clatant","\u00e9conomique","\u00e9fficace","\u00e9l\u00e9gant","\u00e9motionnel","\u00e9nergique","\u00e9norme","\u00e9poustouflant","essentiel","\u00e9tonnant","exclusif","exp\u00e9rience","fabuleux","fantastique","formidable","fort","garanti","g\u00e9ant","g\u00e9n\u00e9reux","grandiose","gratuit","habile","harmonieux","historique","hors pair","important","incroyable","indispensable","inoubliable","inspirant","innovant","intense","invention","irr\u00e9sistible","l\u00e9gendaire","lumineux","luxe","magique","magnifique","majestueux","marquant","merveilleux","miraculeux","motivant","n\u00e9cessaire","nouvelle","officiel","parfait","passionn\u00e9","persuasif","ph\u00e9nom\u00e9nal","plaisir","populaire","pouvoir","prestigieux","prodigieux","profond","prosp\u00e8re","puissant","qualit\u00e9","radieux","rapide","r\u00e9ussi","r\u00e9volutionnaire","satisfait","s\u00e9curit\u00e9","sensationnel","serein","somptueux","splendide","sublime","surprenant","talentueux","terrifiant","unique","valeur","vibrant","victorieux","vif","vraiment","z\u00e9l\u00e9"],"diacritics":true,"researchesTests":["contentHasTOC","contentHasShortParagraphs","contentHasAssets","keywordInTitle","keywordInMetaDescription","keywordInPermalink","keywordIn10Percent","keywordInContent","keywordInSubheadings","keywordInImageAlt","keywordDensity","keywordNotUsed","lengthContent","lengthPermalink","linksHasInternal","linksHasExternals","linksNotAllExternals","titleStartWithKeyword","titleSentiment","titleHasPowerWords","titleHasNumber","hasContentAI"],"hasBreadcrumb":false,"serpData":{"title":"%sitename% %page% %sep% %sitedesc%","description":"","titleTemplate":"%sitename% %page% %sep% %sitedesc%","descriptionTemplate":"","focusKeywords":"","breadcrumbTitle":"Home","robots":{"index":true},"advancedRobots":[],"facebookTitle":"","facebookDescription":"","facebookImage":"","facebookImageID":""}}},"tocTitle":"Table of Contents","tocExcludeHeadings":[],"listStyle":"ul"},"_links":{"self":[{"href":"https:\/\/www.blanescostabrava.cat\/fr\/wp-json\/wp\/v2\/pages\/35822","targetHints":{"allow":["GET"]}}],"collection":[{"href":"https:\/\/www.blanescostabrava.cat\/fr\/wp-json\/wp\/v2\/pages"}],"about":[{"href":"https:\/\/www.blanescostabrava.cat\/fr\/wp-json\/wp\/v2\/types\/page"}],"author":[{"embeddable":true,"href":"https:\/\/www.blanescostabrava.cat\/fr\/wp-json\/wp\/v2\/users\/1"}],"replies":[{"embeddable":true,"href":"https:\/\/www.blanescostabrava.cat\/fr\/wp-json\/wp\/v2\/comments?post=35822"}],"version-history":[{"count":0,"href":"https:\/\/www.blanescostabrava.cat\/fr\/wp-json\/wp\/v2\/pages\/35822\/revisions"}],"wp:attachment":[{"href":"https:\/\/www.blanescostabrava.cat\/fr\/wp-json\/wp\/v2\/media?parent=35822"}],"curies":[{"name":"wp","href":"https:\/\/api.w.org\/{rel}","templated":true}]}}