{"id":35862,"date":"2018-05-24T08:10:59","date_gmt":"2018-05-24T06:10:59","guid":{"rendered":"https:\/\/www.blanescostabrava.cat\/calendrier\/"},"modified":"2026-02-20T10:12:39","modified_gmt":"2026-02-20T09:12:39","slug":"calendrier","status":"publish","type":"page","link":"https:\/\/www.blanescostabrava.cat\/fr\/calendrier\/","title":{"rendered":"Calendrier"},"content":{"rendered":"<div class=\"wpb-content-wrapper\"><p>[vc_row full_width=\u00a0\u00bbstretch_row\u00a0\u00bb css=\u00a0\u00bb.vc_custom_1534834829026{background-image: url(https:\/\/www.blanescostabrava.cat\/wp-content\/uploads\/2018\/08\/portada-agenda.jpg?id=54404) !important;}\u00a0\u00bb el_class=\u00a0\u00bbcabecera-pagina-interna\u00a0\u00bb][vc_column][vc_column_text]<\/p>\n<h1><strong>CALENDRIER<\/strong><\/h1>\n<p>[\/vc_column_text][\/vc_column][\/vc_row][vc_row el_class=\u00a0\u00bbagenda-seccion ocultar\u00a0\u00bb][vc_column width=\u00a0\u00bb2\/3&Prime; el_class=\u00a0\u00bbeventos-izquierda\u00a0\u00bb][vc_column_text el_class=\u00a0\u00bbtitulo-agenda\u00a0\u00bb]<\/p>\n<h2><strong>Prochains<\/strong> \u00e9v\u00e9nements<\/h2>\n<p>[\/vc_column_text][vc_column_text]<div id='evcal_calendar_467' class='ajde_evcal_calendar boxy boxstyle1' ><div class='evo-data' data-cyear=\"2026\" data-cmonth=\"5\" data-runajax=\"1\" data-evc_open=\"0\" data-cal_ver=\"2.6.6\" data-mapscroll=\"true\" data-mapformat=\"roadmap\" data-mapzoom=\"18\" data-mapiconurl=\"\" data-ev_cnt=\"0\" data-show_limit=\"no\" data-tiles=\"yes\" data-sort_by=\"sort_date\" data-filters_on=\"false\" data-range_start=\"0\" data-range_end=\"0\" data-send_unix=\"0\" data-ux_val=\"0\" data-accord=\"0\" data-rtl=\"no\"  ><\/div><div id='evcal_head' class='calendar_header ' ><div class='evo_cal_above'><span class='evo-gototoday-btn' style='display:none' data-mo='5' data-yr='2026' data-dy=''>Mois en cours<\/span><\/div><div class='evo_cal_above_content'><\/div><p id='evcal_cur' class='evo_month_title'> mai, 2026<\/p><p class='evo_arrows'><span id='evcal_prev' class='evcal_arrows evcal_btn_prev' ><i class='fa fa-angle-left'><\/i><\/span><span id='evcal_next' class='evcal_arrows evcal_btn_next' ><i class='fa fa-angle-right'><\/i><\/span><\/p><div class='cal_arguments' style='display:none' data-hide_past=\"no\" data-show_et_ft_img=\"no\" data-event_order=\"ASC\" data-ft_event_priority=\"no\" data-lang=\"L4\" data-month_incre=\"0\" data-only_ft=\"no\" data-evc_open=\"no\" data-show_limit=\"no\" data-etc_override=\"no\" data-show_limit_redir=\"0\" data-tiles=\"yes\" data-tile_height=\"0\" data-tile_bg=\"1\" data-tile_count=\"2\" data-tile_style=\"1\" data-s=\"\" data-members_only=\"no\" data-ux_val=\"0\" data-show_limit_ajax=\"no\" data-show_limit_paged=\"1\" data-hide_mult_occur=\"no\" data-show_repeats=\"no\" ><\/div><div class='clear'><\/div><\/div><div class='eventon_sorting_section' style='display:none'><div class='eventon_filter_line '><div class='eventon_filter' data-filter_field='event_type' data-filter_val='all' data-filter_type='tax' data-fl_o='IN'><\/div><div class='eventon_filter' data-filter_field='event_type_2' data-filter_val='all' data-filter_type='tax' data-fl_o='IN'><\/div><div class='eventon_filter' data-filter_field='event_type_3' data-filter_val='all' data-filter_type='tax' data-fl_o='IN'><\/div><div class='eventon_filter' data-filter_field='event_type_4' data-filter_val='all' data-filter_type='tax' data-fl_o='IN'><\/div><div class='eventon_filter' data-filter_field='event_type_5' data-filter_val='all' data-filter_type='tax' data-fl_o='IN'><\/div><div class='eventon_filter' data-filter_field='event_location' data-filter_val='all' data-filter_type='tax' data-fl_o='IN'><\/div><div class='eventon_filter' data-filter_field='event_organizer' data-filter_val='all' data-filter_type='tax' data-fl_o='IN'><\/div><\/div><div class='clear'><\/div><\/div><div id='eventon_loadbar_section'><div id='eventon_loadbar'><\/div><\/div><div id='evcal_list' class='eventon_events_list'><div id=\"event_232936\" class=\"eventon_list_event evo_eventtop  event hasbgimg\" data-event_id=\"232936\" data-time=\"1776988801-1778457599\" data-colr=\"#206177\" itemscope itemtype='http:\/\/schema.org\/Event' 1><div class=\"evo_boxtop\" style=\"background-image: url(https:\/\/www.blanescostabrava.cat\/wp-content\/uploads\/2023\/02\/1593233392Visita-Inaugural-Expo-12.jpeg); background-color:#206177;height:200px;\"><\/div><div class=\"evo_event_schema\" style=\"display:none\" ><a itemprop=\"url\" href=\"https:\/\/www.blanescostabrava.cat\/fr\/events\/exposition-farmacia-adell-100-anys-cuidant-de-tu-1926-2026\/\"><\/a><span itemprop='name'  >Exposition: \"Farm\u00e0cia Adell, 100 anys cuidant de tu (1926 - 2026)\"<\/span><meta itemprop='image' content='https:\/\/www.blanescostabrava.cat\/wp-content\/uploads\/2023\/02\/1593233392Visita-Inaugural-Expo-12.jpeg' ><\/meta><meta itemprop='description' content='DATE : Du 24 avril au 10 mai\r\n\r\nLIEU : Salle Ma Luisa Garc\u00eda - Tornel' ><\/meta><meta itemprop='startDate' content='2026-4-24' ><\/meta><meta itemprop='endDate' content='2026-5-10' ><\/meta><meta itemprop='eventStatus' content='on-schedule' ><\/meta><script type=\"application\/ld+json\">{\t\"@context\": \"http:\/\/schema.org\",\n\t\t\t\t\t\t\t  \t\"@type\": \"Event\",\n\t\t\t\t\t\t\t  \t\"name\": \"Exposition: \"Farm\u00e0cia Adell, 100 anys cuidant de tu (1926 - 2026)\"\",\n\t\t\t\t\t\t\t  \t\"startDate\": \"2026-4-24T00-00-00-00\",\n\t\t\t\t\t\t\t  \t\"endDate\": \"2026-5-10T23-23-59-00\",\n\t\t\t\t\t\t\t  \t\"image\":\"https:\/\/www.blanescostabrava.cat\/wp-content\/uploads\/2023\/02\/1593233392Visita-Inaugural-Expo-12-300x169.jpeg\",\n\t\t\t\t\t\t\t  \t\"description\":\"DATE : Du 24 avril au 10 mai\r\n\r\nLIEU : Salle Ma Luisa Garc\u00eda - Tornel\",\n\t\t\t\t\t\t\t  \t\n\t\t\t\t\t\t\t }<\/script><\/div>\n\t\t\t\t<p class=\"desc_trig_outter\"><a data-gmap_status=\"null\" data-exlk=\"0\" style=\"border-color: #206177;padding-top: 215px;height: 310px;\" id=\"evc_1776988801232936\" class=\"desc_trig mul_val evcal_list_a\" data-ux_val=\"3\"  ><span class='event-img'><img src='https:\/\/www.blanescostabrava.cat\/wp-content\/uploads\/2023\/02\/1593233392Visita-Inaugural-Expo-12.jpeg'><\/span><span class='evcal_cblock ' data-bgcolor='#206177' data-smon='avil' data-syr='2026'><span class='evo_start '><em class='date'>24<\/em><em class='month'>avr<\/em><em class='time'>allday<\/em><\/span><span class='evo_end '><em class='date'>10<\/em><em class='month'>mai<\/em><\/span><em class='clear'><\/em><\/span><span class='evcal_desc evo_info hide_eventtopdata '  data-location_status=\"false\" ><span class='evo_above_title'><\/span><span class='evcal_desc2 evcal_event_title' itemprop='name'>Exposition: \"Farm\u00e0cia Adell, 100 anys cuidant de tu (1926 - 2026)\"<\/span><span class='evo_below_title'><\/span><span class='evcal_desc_info' ><\/span><span class='evcal_desc3'><\/span><\/span><em class='clear'><\/em><\/p><\/a><div class='event_description evcal_eventcard ' style=\"display:none\"><div class='evo_metarow_directimg'><img src='https:\/\/www.blanescostabrava.cat\/wp-content\/uploads\/2023\/02\/1593233392Visita-Inaugural-Expo-12.jpeg' \/><\/div><div class='evo_metarow_details evorow evcal_evdata_row bordb evcal_event_details'>\n\t\t\t\t\t\t\t<div class=\"event_excerpt\" style=\"display:none\"><h3 class=\"padb5 evo_h3\">Description<\/h3><p>DATE : Du 24 avril au 10 mai\r\n\r\nLIEU : Salle Ma Luisa Garc\u00eda - Tornel<\/p><\/div><span class='evcal_evdata_icons'><i class='fa fa-align-justify'><\/i><\/span>\n\t\t\t\t\t\t\t\n\t\t\t\t\t\t\t<div class='evcal_evdata_cell '><div class='eventon_full_description'>\n\t\t\t\t\t\t\t\t\t<h3 class='padb5 evo_h3'><span class='evcal_evdata_icons'><i class='fa fa-align-justify'><\/i><\/span>Description<\/h3><div class='eventon_desc_in' itemprop='description'>\n\t\t\t\t\t\t\t\t\t<p>DATE : Du 24 avril au 10 mai<\/p>\n<p>LIEU : Salle Ma Luisa Garc\u00eda &#8211; Tornel<\/p>\n<\/div><div class='clear'><\/div>\n\t\t\t\t\t\t\t\t<\/div>\n\t\t\t\t\t\t\t<\/div>\n\t\t\t\t\t\t<\/div><div class='evo_metarow_time_location evorow bordb '>\n\t\t\t\t\t\t<div class='tb' >\n\t\t\t\t\t\t\t<div class='tbrow'>\n\t\t\t\t\t\t\t<div class='evcal_col50 bordr'>\n\t\t\t\t\t\t\t\t<div class='evcal_evdata_row evo_time'>\n\t\t\t\t\t\t\t\t\t<span class='evcal_evdata_icons'><i class='fa fa-clock-o'><\/i><\/span>\n\t\t\t\t\t\t\t\t\t<div class='evcal_evdata_cell'>\t\t\t\t\t\t\t\n\t\t\t\t\t\t\t\t\t\t<h3 class='evo_h3'><span class='evcal_evdata_icons'><i class='fa fa-clock-o'><\/i><\/span>Date<\/h3>\n\t\t\t\t\t\t\t\t\t\t<p>Avil 24 (Friday) - Mai 10 (Sunday)<\/p>\n\t\t\t\t\t\t\t\t\t<\/div>\n\t\t\t\t\t\t\t\t<\/div>\n\t\t\t\t\t\t\t<\/div><div class='evcal_col50'>\n\t\t\t\t\t\t\t\t<div class='evcal_evdata_row evo_location'>\n\t\t\t\t\t\t\t\t\t<span class='evcal_evdata_icons'><i class='fa fa-map-marker'><\/i><\/span>\n\t\t\t\t\t\t\t\t\t<div class='evcal_evdata_cell' data-loc_tax_id='4419'>\t\t\t\t\t\t\t\n\t\t\t\t\t\t\t\t\t\t<h3 class='evo_h3'><span class='evcal_evdata_icons'><i class='fa fa-map-marker'><\/i><\/span>Location<\/h3><p class='evo_location_name'>Salle M\u00aa Luisa Garc\u00eda-Tornel<\/p><p class='evo_location_address'><\/p>\n\t\t\t\t\t\t\t\t\t<\/div>\n\t\t\t\t\t\t\t\t<\/div>\n\t\t\t\t\t\t\t<\/div><div class='clear'><\/div>\n\t\t\t\t\t\t\t<\/div><\/div>\n\t\t\t\t\t\t<\/div>\t\t\t\t\t\t<div class='evo_metarow_ICS evorow bordb evcal_evdata_row'>\n\t\t\t\t\t\t\t<span class=\"evcal_evdata_icons\"><i class=\"fa fa-calendar\"><\/i><\/span>\n\t\t\t\t\t\t\t<div class='evcal_evdata_cell'>\n\t\t\t\t\t\t\t\t<p><a href=\"https:\/\/www.blanescostabrava.cat\/wp-admin\/admin-ajax.php?action=eventon_ics_download&amp;event_id=232936&amp;sunix=20260423T220000Z&amp;eunix=20260510T215900Z&amp;loca=&amp;locn=Salle M\u00aa Luisa Garc\u00eda-Tornel\" class=\"evo_ics_nCal\" title=\"Add to your calendar\">Calendar<\/a><a href=\"\/\/www.google.com\/calendar\/event?action=TEMPLATE&amp;text=Exposition%3A+%22Farm%C3%A0cia+Adell%2C+100+anys+cuidant+de+tu+%281926+-+2026%29%22&amp;dates=20260423T220000Z\/20260510T215900Z&amp;details=DATE+%3A+Du+24+avril+au+10+mai%0D%0A%0D%0ALIEU+%3A+Salle+Ma+Luisa+Garc%C3%ADa+-+Tornel&amp;location=Salle+M%C2%AA+Luisa+Garc%C3%ADa-Tornel - \" target=\"_blank\" class=\"evo_ics_gCal\" title=\"Add to google calendar\">GoogleCal<\/a><\/p>\t\n\t\t\t\t\t\t\t<\/div>\t\t\t\t\t\t<\/div>\n\t\t\t\t\t\t<\/div><div class='clear end'><\/div><\/div><div id=\"event_233917\" class=\"eventon_list_event evo_eventtop  event hasbgimg\" data-event_id=\"233917\" data-time=\"1777420801-1778803199\" data-colr=\"#206177\" itemscope itemtype='http:\/\/schema.org\/Event' 2><div class=\"evo_boxtop\" style=\"background-image: url(https:\/\/www.blanescostabrava.cat\/wp-content\/uploads\/2023\/07\/galerialarcada-2.jpeg); background-color:#206177;height:200px;\"><\/div><div class=\"evo_event_schema\" style=\"display:none\" ><a itemprop=\"url\" href=\"https:\/\/www.blanescostabrava.cat\/fr\/events\/exposition-toni-yll-jordi-soler\/\"><\/a><span itemprop='name'  >Exposition: \u201cToni Yll\/Jordi Soler\u201d<\/span><meta itemprop='image' content='https:\/\/www.blanescostabrava.cat\/wp-content\/uploads\/2023\/07\/galerialarcada-2.jpeg' ><\/meta><meta itemprop='description' content='Exposici\u00f3\/Exposici\u00f3n\/Exhibition\/Exposition\r\n\u201cToni Yll\/Jordi Soler\u201d\r\n\r\nDATE: Fins al 14 de maig\r\n\r\nLIEU:\u00a0Galeria d\u2019art L\u2019Arcada' ><\/meta><meta itemprop='startDate' content='2026-4-29' ><\/meta><meta itemprop='endDate' content='2026-5-14' ><\/meta><meta itemprop='eventStatus' content='on-schedule' ><\/meta><script type=\"application\/ld+json\">{\t\"@context\": \"http:\/\/schema.org\",\n\t\t\t\t\t\t\t  \t\"@type\": \"Event\",\n\t\t\t\t\t\t\t  \t\"name\": \"Exposition: \u201cToni Yll\/Jordi Soler\u201d\",\n\t\t\t\t\t\t\t  \t\"startDate\": \"2026-4-29T00-00-00-00\",\n\t\t\t\t\t\t\t  \t\"endDate\": \"2026-5-14T23-23-59-00\",\n\t\t\t\t\t\t\t  \t\"image\":\"https:\/\/www.blanescostabrava.cat\/wp-content\/uploads\/2023\/07\/galerialarcada-2-300x164.jpeg\",\n\t\t\t\t\t\t\t  \t\"description\":\"Exposici\u00f3\/Exposici\u00f3n\/Exhibition\/Exposition\r\n\u201cToni Yll\/Jordi Soler\u201d\r\n\r\nDATE: Fins al 14 de maig\r\n\r\nLIEU:\u00a0Galeria d\u2019art L\u2019Arcada\",\n\t\t\t\t\t\t\t  \t\n\t\t\t\t\t\t\t }<\/script><\/div>\n\t\t\t\t<p class=\"desc_trig_outter\"><a data-gmap_status=\"null\" data-exlk=\"0\" style=\"border-color: #206177;padding-top: 215px;height: 310px;\" id=\"evc_1777420801233917\" class=\"desc_trig mul_val evcal_list_a\" data-ux_val=\"3\"  ><span class='event-img'><img src='https:\/\/www.blanescostabrava.cat\/wp-content\/uploads\/2023\/07\/galerialarcada-2.jpeg'><\/span><span class='evcal_cblock ' data-bgcolor='#206177' data-smon='avil' data-syr='2026'><span class='evo_start '><em class='date'>29<\/em><em class='month'>avr<\/em><em class='time'>allday<\/em><\/span><span class='evo_end '><em class='date'>14<\/em><em class='month'>mai<\/em><\/span><em class='clear'><\/em><\/span><span class='evcal_desc evo_info hide_eventtopdata '  data-location_status=\"false\" ><span class='evo_above_title'><\/span><span class='evcal_desc2 evcal_event_title' itemprop='name'>Exposition: \u201cToni Yll\/Jordi Soler\u201d<\/span><span class='evo_below_title'><\/span><span class='evcal_desc_info' ><\/span><span class='evcal_desc3'><\/span><\/span><em class='clear'><\/em><\/p><\/a><div class='event_description evcal_eventcard ' style=\"display:none\"><div class='evo_metarow_directimg'><img src='https:\/\/www.blanescostabrava.cat\/wp-content\/uploads\/2023\/07\/galerialarcada-2.jpeg' \/><\/div><div class='evo_metarow_details evorow evcal_evdata_row bordb evcal_event_details'>\n\t\t\t\t\t\t\t<div class=\"event_excerpt\" style=\"display:none\"><h3 class=\"padb5 evo_h3\">Description<\/h3><p>Exposici\u00f3\/Exposici\u00f3n\/Exhibition\/Exposition\r\n\u201cToni Yll\/Jordi Soler\u201d\r\n\r\nDATE: Fins al 14 de maig\r\n\r\nLIEU:\u00a0Galeria d\u2019art L\u2019Arcada<\/p><\/div><span class='evcal_evdata_icons'><i class='fa fa-align-justify'><\/i><\/span>\n\t\t\t\t\t\t\t\n\t\t\t\t\t\t\t<div class='evcal_evdata_cell '><div class='eventon_full_description'>\n\t\t\t\t\t\t\t\t\t<h3 class='padb5 evo_h3'><span class='evcal_evdata_icons'><i class='fa fa-align-justify'><\/i><\/span>Description<\/h3><div class='eventon_desc_in' itemprop='description'>\n\t\t\t\t\t\t\t\t\t<p data-pm-slice=\"1 1 []\">Exposici\u00f3\/Exposici\u00f3n\/Exhibition\/Exposition<\/p>\n<p>\u201cToni Yll\/Jordi Soler\u201d<\/p>\n<p><strong>DATE<\/strong>: Fins al 14 de maig<\/p>\n<p><strong>LIEU<\/strong>:\u00a0Galeria d\u2019art L\u2019Arcada<\/p>\n<\/div><div class='clear'><\/div>\n\t\t\t\t\t\t\t\t<\/div>\n\t\t\t\t\t\t\t<\/div>\n\t\t\t\t\t\t<\/div><div class='evo_metarow_time_location evorow bordb '>\n\t\t\t\t\t\t<div class='tb' >\n\t\t\t\t\t\t\t<div class='tbrow'>\n\t\t\t\t\t\t\t<div class='evcal_col50 bordr'>\n\t\t\t\t\t\t\t\t<div class='evcal_evdata_row evo_time'>\n\t\t\t\t\t\t\t\t\t<span class='evcal_evdata_icons'><i class='fa fa-clock-o'><\/i><\/span>\n\t\t\t\t\t\t\t\t\t<div class='evcal_evdata_cell'>\t\t\t\t\t\t\t\n\t\t\t\t\t\t\t\t\t\t<h3 class='evo_h3'><span class='evcal_evdata_icons'><i class='fa fa-clock-o'><\/i><\/span>Date<\/h3>\n\t\t\t\t\t\t\t\t\t\t<p>Avil 29 (Wednesday) - Mai 14 (Thursday)<\/p>\n\t\t\t\t\t\t\t\t\t<\/div>\n\t\t\t\t\t\t\t\t<\/div>\n\t\t\t\t\t\t\t<\/div><div class='evcal_col50'>\n\t\t\t\t\t\t\t\t<div class='evcal_evdata_row evo_location'>\n\t\t\t\t\t\t\t\t\t<span class='evcal_evdata_icons'><i class='fa fa-map-marker'><\/i><\/span>\n\t\t\t\t\t\t\t\t\t<div class='evcal_evdata_cell' data-loc_tax_id='2795'>\t\t\t\t\t\t\t\n\t\t\t\t\t\t\t\t\t\t<h3 class='evo_h3'><span class='evcal_evdata_icons'><i class='fa fa-map-marker'><\/i><\/span>Location<\/h3><p class='evo_location_name'>Galerie d&#039;art l&#039;Arcada<\/p><p class='evo_location_address'><\/p>\n\t\t\t\t\t\t\t\t\t<\/div>\n\t\t\t\t\t\t\t\t<\/div>\n\t\t\t\t\t\t\t<\/div><div class='clear'><\/div>\n\t\t\t\t\t\t\t<\/div><\/div>\n\t\t\t\t\t\t<\/div>\t\t\t\t\t\t<div class='evo_metarow_ICS evorow bordb evcal_evdata_row'>\n\t\t\t\t\t\t\t<span class=\"evcal_evdata_icons\"><i class=\"fa fa-calendar\"><\/i><\/span>\n\t\t\t\t\t\t\t<div class='evcal_evdata_cell'>\n\t\t\t\t\t\t\t\t<p><a href=\"https:\/\/www.blanescostabrava.cat\/wp-admin\/admin-ajax.php?action=eventon_ics_download&amp;event_id=233917&amp;sunix=20260428T220000Z&amp;eunix=20260514T215900Z&amp;loca=&amp;locn=Galerie d&#039;art l&#039;Arcada\" class=\"evo_ics_nCal\" title=\"Add to your calendar\">Calendar<\/a><a href=\"\/\/www.google.com\/calendar\/event?action=TEMPLATE&amp;text=Exposition%3A+%E2%80%9CToni+Yll%2FJordi+Soler%E2%80%9D&amp;dates=20260428T220000Z\/20260514T215900Z&amp;details=Exposici%C3%B3%2FExposici%C3%B3n%2FExhibition%2FExposition%0D%0A%E2%80%9CToni+Yll%2FJordi+Soler%E2%80%9D%0D%0A%0D%0ADATE%3A+Fins+al+14+de+maig%0D%0A%0D%0ALIEU%3A%C2%A0Galeria+d%E2%80%99art+L%E2%80%99Arcada&amp;location=Galerie+d%26%23039%3Bart+l%26%23039%3BArcada - \" target=\"_blank\" class=\"evo_ics_gCal\" title=\"Add to google calendar\">GoogleCal<\/a><\/p>\t\n\t\t\t\t\t\t\t<\/div>\t\t\t\t\t\t<\/div>\n\t\t\t\t\t\t<\/div><div class='clear end'><\/div><\/div><div id=\"event_233467\" class=\"eventon_list_event evo_eventtop  event hasbgimg\" data-event_id=\"233467\" data-time=\"1777507201-1777852799\" data-colr=\"#206177\" itemscope itemtype='http:\/\/schema.org\/Event' 3><div class=\"evo_boxtop\" style=\"background-image: url(https:\/\/www.blanescostabrava.cat\/wp-content\/uploads\/2026\/04\/ESP26-POSTER-LOGOS-1.png); background-color:#206177;height:200px;\"><\/div><div class=\"evo_event_schema\" style=\"display:none\" ><a itemprop=\"url\" href=\"https:\/\/www.blanescostabrava.cat\/fr\/events\/la-grande-fete-fitkid-championnat-despagne\/\"><\/a><span itemprop='name'  >La Grande F\u00eate Fitkid - Championnat d\u2019Espagne<\/span><meta itemprop='image' content='https:\/\/www.blanescostabrava.cat\/wp-content\/uploads\/2026\/04\/ESP26-POSTER-LOGOS-1.png' ><\/meta><meta itemprop='description' content='DATE : du 30 avril au 3 mai\r\n\r\nLIEU : Cit\u00e9 Sportive de Blanes\r\n\r\n' ><\/meta><meta itemprop='startDate' content='2026-4-30' ><\/meta><meta itemprop='endDate' content='2026-5-3' ><\/meta><meta itemprop='eventStatus' content='on-schedule' ><\/meta><script type=\"application\/ld+json\">{\t\"@context\": \"http:\/\/schema.org\",\n\t\t\t\t\t\t\t  \t\"@type\": \"Event\",\n\t\t\t\t\t\t\t  \t\"name\": \"La Grande F\u00eate Fitkid - Championnat d\u2019Espagne\",\n\t\t\t\t\t\t\t  \t\"startDate\": \"2026-4-30T00-00-00-00\",\n\t\t\t\t\t\t\t  \t\"endDate\": \"2026-5-3T23-23-59-00\",\n\t\t\t\t\t\t\t  \t\"image\":\"https:\/\/www.blanescostabrava.cat\/wp-content\/uploads\/2026\/04\/ESP26-POSTER-LOGOS-1-212x300.png\",\n\t\t\t\t\t\t\t  \t\"description\":\"DATE : du 30 avril au 3 mai\r\n\r\nLIEU : Cit\u00e9 Sportive de Blanes\r\n\r\n\",\n\t\t\t\t\t\t\t  \t\n\t\t\t\t\t\t\t }<\/script><\/div>\n\t\t\t\t<p class=\"desc_trig_outter\"><a data-gmap_status=\"null\" data-exlk=\"0\" style=\"border-color: #206177;padding-top: 215px;height: 310px;\" id=\"evc_1777507201233467\" class=\"desc_trig mul_val evcal_list_a\" data-ux_val=\"3\"  ><span class='event-img'><img src='https:\/\/www.blanescostabrava.cat\/wp-content\/uploads\/2026\/04\/ESP26-POSTER-LOGOS-1.png'><\/span><span class='evcal_cblock ' data-bgcolor='#206177' data-smon='avil' data-syr='2026'><span class='evo_start '><em class='date'>30<\/em><em class='month'>avr<\/em><em class='time'>allday<\/em><\/span><span class='evo_end '><em class='date'>03<\/em><em class='month'>mai<\/em><\/span><em class='clear'><\/em><\/span><span class='evcal_desc evo_info hide_eventtopdata '  data-location_status=\"false\" ><span class='evo_above_title'><\/span><span class='evcal_desc2 evcal_event_title' itemprop='name'>La Grande F\u00eate Fitkid - Championnat d\u2019Espagne<\/span><span class='evo_below_title'><\/span><span class='evcal_desc_info' ><\/span><span class='evcal_desc3'><\/span><\/span><em class='clear'><\/em><\/p><\/a><div class='event_description evcal_eventcard ' style=\"display:none\"><div class='evo_metarow_directimg'><img src='https:\/\/www.blanescostabrava.cat\/wp-content\/uploads\/2026\/04\/ESP26-POSTER-LOGOS-1.png' \/><\/div><div class='evo_metarow_details evorow evcal_evdata_row bordb evcal_event_details'>\n\t\t\t\t\t\t\t<div class=\"event_excerpt\" style=\"display:none\"><h3 class=\"padb5 evo_h3\">Description<\/h3><p>DATE : du 30 avril au 3 mai\r\n\r\nLIEU : Cit\u00e9 Sportive de Blanes\r\n\r\n<\/p><\/div><span class='evcal_evdata_icons'><i class='fa fa-align-justify'><\/i><\/span>\n\t\t\t\t\t\t\t\n\t\t\t\t\t\t\t<div class='evcal_evdata_cell '><div class='eventon_full_description'>\n\t\t\t\t\t\t\t\t\t<h3 class='padb5 evo_h3'><span class='evcal_evdata_icons'><i class='fa fa-align-justify'><\/i><\/span>Description<\/h3><div class='eventon_desc_in' itemprop='description'>\n\t\t\t\t\t\t\t\t\t<p>DATE : du 30 avril au 3 mai<\/p>\n<p>LIEU : Cit\u00e9 Sportive de Blanes<\/p>\n<p><img class=\"alignnone size-large wp-image-233449\" src=\"https:\/\/www.blanescostabrava.cat\/wp-content\/uploads\/2026\/04\/ESP26-POSTER-LOGOS-1-724x1024.png\" alt=\"\" width=\"724\" height=\"1024\" srcset=\"https:\/\/www.blanescostabrava.cat\/wp-content\/uploads\/2026\/04\/ESP26-POSTER-LOGOS-1-724x1024.png 724w, https:\/\/www.blanescostabrava.cat\/wp-content\/uploads\/2026\/04\/ESP26-POSTER-LOGOS-1-212x300.png 212w, https:\/\/www.blanescostabrava.cat\/wp-content\/uploads\/2026\/04\/ESP26-POSTER-LOGOS-1-106x150.png 106w, https:\/\/www.blanescostabrava.cat\/wp-content\/uploads\/2026\/04\/ESP26-POSTER-LOGOS-1-768x1086.png 768w, https:\/\/www.blanescostabrava.cat\/wp-content\/uploads\/2026\/04\/ESP26-POSTER-LOGOS-1-1086x1536.png 1086w, https:\/\/www.blanescostabrava.cat\/wp-content\/uploads\/2026\/04\/ESP26-POSTER-LOGOS-1-17x24.png 17w, https:\/\/www.blanescostabrava.cat\/wp-content\/uploads\/2026\/04\/ESP26-POSTER-LOGOS-1-25x36.png 25w, https:\/\/www.blanescostabrava.cat\/wp-content\/uploads\/2026\/04\/ESP26-POSTER-LOGOS-1-34x48.png 34w, https:\/\/www.blanescostabrava.cat\/wp-content\/uploads\/2026\/04\/ESP26-POSTER-LOGOS-1.png 1414w\" sizes=\"(max-width: 724px) 100vw, 724px\" \/><\/p>\n<\/div><div class='clear'><\/div>\n\t\t\t\t\t\t\t\t<\/div>\n\t\t\t\t\t\t\t<\/div>\n\t\t\t\t\t\t<\/div><div class='evo_metarow_time_location evorow bordb '>\n\t\t\t\t\t\t<div class='tb' >\n\t\t\t\t\t\t\t<div class='tbrow'>\n\t\t\t\t\t\t\t<div class='evcal_col50 bordr'>\n\t\t\t\t\t\t\t\t<div class='evcal_evdata_row evo_time'>\n\t\t\t\t\t\t\t\t\t<span class='evcal_evdata_icons'><i class='fa fa-clock-o'><\/i><\/span>\n\t\t\t\t\t\t\t\t\t<div class='evcal_evdata_cell'>\t\t\t\t\t\t\t\n\t\t\t\t\t\t\t\t\t\t<h3 class='evo_h3'><span class='evcal_evdata_icons'><i class='fa fa-clock-o'><\/i><\/span>Date<\/h3>\n\t\t\t\t\t\t\t\t\t\t<p>Avil 30 (Thursday) - Mai 3 (Sunday)<\/p>\n\t\t\t\t\t\t\t\t\t<\/div>\n\t\t\t\t\t\t\t\t<\/div>\n\t\t\t\t\t\t\t<\/div><div class='evcal_col50'>\n\t\t\t\t\t\t\t\t<div class='evcal_evdata_row evo_location'>\n\t\t\t\t\t\t\t\t\t<span class='evcal_evdata_icons'><i class='fa fa-map-marker'><\/i><\/span>\n\t\t\t\t\t\t\t\t\t<div class='evcal_evdata_cell' data-loc_tax_id='3334'>\t\t\t\t\t\t\t\n\t\t\t\t\t\t\t\t\t\t<h3 class='evo_h3'><span class='evcal_evdata_icons'><i class='fa fa-map-marker'><\/i><\/span>Location<\/h3><p class='evo_location_name'>Cit\u00e9 sportive de Blanes<\/p><p class='evo_location_address'><\/p>\n\t\t\t\t\t\t\t\t\t<\/div>\n\t\t\t\t\t\t\t\t<\/div>\n\t\t\t\t\t\t\t<\/div><div class='clear'><\/div>\n\t\t\t\t\t\t\t<\/div><\/div>\n\t\t\t\t\t\t<\/div>\t\t\t\t\t\t<div class='evo_metarow_ICS evorow bordb evcal_evdata_row'>\n\t\t\t\t\t\t\t<span class=\"evcal_evdata_icons\"><i class=\"fa fa-calendar\"><\/i><\/span>\n\t\t\t\t\t\t\t<div class='evcal_evdata_cell'>\n\t\t\t\t\t\t\t\t<p><a href=\"https:\/\/www.blanescostabrava.cat\/wp-admin\/admin-ajax.php?action=eventon_ics_download&amp;event_id=233467&amp;sunix=20260429T220000Z&amp;eunix=20260503T215900Z&amp;loca=&amp;locn=Cit\u00e9 sportive de Blanes\" class=\"evo_ics_nCal\" title=\"Add to your calendar\">Calendar<\/a><a href=\"\/\/www.google.com\/calendar\/event?action=TEMPLATE&amp;text=La+Grande+F%C3%AAte+Fitkid+-+Championnat+d%E2%80%99Espagne&amp;dates=20260429T220000Z\/20260503T215900Z&amp;details=DATE+%3A+du+30+avril+au+3+mai%0D%0A%0D%0ALIEU+%3A+Cit%C3%A9+Sportive+de+Blanes%0D%0A%0D%0A&amp;location=Cit%C3%A9+sportive+de+Blanes - \" target=\"_blank\" class=\"evo_ics_gCal\" title=\"Add to google calendar\">GoogleCal<\/a><\/p>\t\n\t\t\t\t\t\t\t<\/div>\t\t\t\t\t\t<\/div>\n\t\t\t\t\t\t<\/div><div class='clear end'><\/div><\/div><div id=\"event_233944\" class=\"eventon_list_event evo_eventtop  event hasbgimg\" data-event_id=\"233944\" data-time=\"1777593601-1778284799\" data-colr=\"#206177\" itemscope itemtype='http:\/\/schema.org\/Event' 4><div class=\"evo_boxtop\" style=\"background-image: url(https:\/\/www.blanescostabrava.cat\/wp-content\/uploads\/2023\/08\/amigos-mayores-jugando-petanca.jpg); background-color:#206177;height:200px;\"><\/div><div class=\"evo_event_schema\" style=\"display:none\" ><a itemprop=\"url\" href=\"https:\/\/www.blanescostabrava.cat\/fr\/events\/championnat-de-petanque-suneris\/\"><\/a><span itemprop='name'  >Championnat de p\u00e9tanque Suneris<\/span><meta itemprop='image' content='https:\/\/www.blanescostabrava.cat\/wp-content\/uploads\/2023\/08\/amigos-mayores-jugando-petanca.jpg' ><\/meta><meta itemprop='description'  ><\/meta><meta itemprop='startDate' content='2026-5-1' ><\/meta><meta itemprop='endDate' content='2026-5-8' ><\/meta><meta itemprop='eventStatus' content='on-schedule' ><\/meta><script type=\"application\/ld+json\">{\t\"@context\": \"http:\/\/schema.org\",\n\t\t\t\t\t\t\t  \t\"@type\": \"Event\",\n\t\t\t\t\t\t\t  \t\"name\": \"Championnat de p\u00e9tanque Suneris\",\n\t\t\t\t\t\t\t  \t\"startDate\": \"2026-5-1T00-00-00-00\",\n\t\t\t\t\t\t\t  \t\"endDate\": \"2026-5-8T23-23-59-00\",\n\t\t\t\t\t\t\t  \t\"image\":\"https:\/\/www.blanescostabrava.cat\/wp-content\/uploads\/2023\/08\/amigos-mayores-jugando-petanca-300x200.jpg\",\n\t\t\t\t\t\t\t  \t\"description\":\"\",\n\t\t\t\t\t\t\t  \t\n\t\t\t\t\t\t\t }<\/script><\/div>\n\t\t\t\t<p class=\"desc_trig_outter\"><a data-gmap_status=\"null\" data-exlk=\"0\" style=\"border-color: #206177;padding-top: 215px;height: 310px;\" id=\"evc_1777593601233944\" class=\"desc_trig mul_val evcal_list_a\" data-ux_val=\"3\"  ><span class='event-img'><img src='https:\/\/www.blanescostabrava.cat\/wp-content\/uploads\/2023\/08\/amigos-mayores-jugando-petanca.jpg'><\/span><span class='evcal_cblock ' data-bgcolor='#206177' data-smon='mai' data-syr='2026'><span class='evo_start '><em class='date'>01<\/em><em class='month'>mai<\/em><em class='time'>allday<\/em><\/span><span class='evo_end '><em class='date'>08<\/em><\/span><em class='clear'><\/em><\/span><span class='evcal_desc evo_info hide_eventtopdata '  data-location_status=\"false\" ><span class='evo_above_title'><\/span><span class='evcal_desc2 evcal_event_title' itemprop='name'>Championnat de p\u00e9tanque Suneris<\/span><span class='evo_below_title'><\/span><span class='evcal_desc_info' ><\/span><span class='evcal_desc3'><\/span><\/span><em class='clear'><\/em><\/p><\/a><div class='event_description evcal_eventcard ' style=\"display:none\"><div class='evo_metarow_directimg'><img src='https:\/\/www.blanescostabrava.cat\/wp-content\/uploads\/2023\/08\/amigos-mayores-jugando-petanca.jpg' \/><\/div><div class='evo_metarow_details evorow evcal_evdata_row bordb evcal_event_details'>\n\t\t\t\t\t\t\t<div class=\"event_excerpt\" style=\"display:none\"><h3 class=\"padb5 evo_h3\">Description<\/h3><p><\/p><\/div><span class='evcal_evdata_icons'><i class='fa fa-align-justify'><\/i><\/span>\n\t\t\t\t\t\t\t\n\t\t\t\t\t\t\t<div class='evcal_evdata_cell shorter_desc'><div class='eventon_details_shading_bot'>\n\t\t\t\t\t\t\t\t<p class='eventon_shad_p' content='less'><span class='ev_more_text' data-txt='less'>more<\/span><span class='ev_more_arrow'><\/span><\/p>\n\t\t\t\t\t\t\t<\/div><div class='eventon_full_description'>\n\t\t\t\t\t\t\t\t\t<h3 class='padb5 evo_h3'><span class='evcal_evdata_icons'><i class='fa fa-align-justify'><\/i><\/span>Description<\/h3><div class='eventon_desc_in' itemprop='description'>\n\t\t\t\t\t\t\t\t\t<section class=\"text-token-text-primary w-full focus:outline-none [--shadow-height:45px] has-data-writing-block:pointer-events-none has-data-writing-block:-mt-(--shadow-height) has-data-writing-block:pt-(--shadow-height) [&amp;:has([data-writing-block])&gt;*]:pointer-events-auto R6Vx5W_threadScrollVars scroll-mb-[calc(var(--scroll-root-safe-area-inset-bottom,0px)+var(--thread-response-height))] scroll-mt-(--header-height)\" dir=\"auto\" data-turn-id=\"c53de8a6-8c50-4ca0-8a82-c3a68213ff61\" data-testid=\"conversation-turn-5\" data-scroll-anchor=\"false\" data-turn=\"user\"><\/section>\n<section class=\"text-token-text-primary w-full focus:outline-none [--shadow-height:45px] has-data-writing-block:pointer-events-none has-data-writing-block:-mt-(--shadow-height) has-data-writing-block:pt-(--shadow-height) [&amp;:has([data-writing-block])&gt;*]:pointer-events-auto [content-visibility:auto] supports-[content-visibility:auto]:[contain-intrinsic-size:auto_100lvh] R6Vx5W_threadScrollVars scroll-mb-[calc(var(--scroll-root-safe-area-inset-bottom,0px)+var(--thread-response-height))] scroll-mt-[calc(var(--header-height)+min(200px,max(70px,20svh)))]\" dir=\"auto\" data-turn-id=\"request-WEB:1f2155ca-0e3e-4bf6-8e58-0413b7d110fc-2\" data-testid=\"conversation-turn-6\" data-scroll-anchor=\"false\" data-turn=\"assistant\">\n<div class=\"text-base my-auto mx-auto pb-10 [--thread-content-margin:var(--thread-content-margin-xs,calc(var(--spacing)*4))] @w-sm\/main:[--thread-content-margin:var(--thread-content-margin-sm,calc(var(--spacing)*6))] @w-lg\/main:[--thread-content-margin:var(--thread-content-margin-lg,calc(var(--spacing)*16))] px-(--thread-content-margin)\">\n<div class=\"[--thread-content-max-width:40rem] @w-lg\/main:[--thread-content-max-width:48rem] mx-auto max-w-(--thread-content-max-width) flex-1 group\/turn-messages focus-visible:outline-hidden relative flex w-full min-w-0 flex-col agent-turn\">\n<div class=\"flex max-w-full flex-col gap-4 grow\">\n<div class=\"min-h-8 text-message relative flex w-full flex-col items-end gap-2 text-start break-words whitespace-normal outline-none keyboard-focused:focus-ring [.text-message+&amp;]:mt-1\" dir=\"auto\" tabindex=\"0\" data-message-author-role=\"assistant\" data-message-id=\"07e00f5e-cade-4cbc-8e78-555d5f12aac0\" data-message-model-slug=\"gpt-5-5-thinking\" data-turn-start-message=\"true\">\n<div class=\"flex w-full flex-col gap-1 empty:hidden\">\n<div class=\"markdown prose dark:prose-invert w-full wrap-break-word light markdown-new-styling\">\n<p data-start=\"0\" data-end=\"78\" data-is-last-node=\"\" data-is-only-node=\"\">Championnat de p\u00e9tanque Suneris<br data-start=\"35\" data-end=\"38\" \/><strong data-start=\"38\" data-end=\"48\">LIEU:<\/strong> Parc des expositions Els Pins<\/p>\n<\/div>\n<\/div>\n<\/div>\n<\/div>\n<\/div>\n<\/div>\n<\/section>\n<\/div><div class='clear'><\/div>\n\t\t\t\t\t\t\t\t<\/div>\n\t\t\t\t\t\t\t<\/div>\n\t\t\t\t\t\t<\/div><div class='evo_metarow_time_location evorow bordb '>\n\t\t\t\t\t\t<div class='tb' >\n\t\t\t\t\t\t\t<div class='tbrow'>\n\t\t\t\t\t\t\t<div class='evcal_col50 bordr'>\n\t\t\t\t\t\t\t\t<div class='evcal_evdata_row evo_time'>\n\t\t\t\t\t\t\t\t\t<span class='evcal_evdata_icons'><i class='fa fa-clock-o'><\/i><\/span>\n\t\t\t\t\t\t\t\t\t<div class='evcal_evdata_cell'>\t\t\t\t\t\t\t\n\t\t\t\t\t\t\t\t\t\t<h3 class='evo_h3'><span class='evcal_evdata_icons'><i class='fa fa-clock-o'><\/i><\/span>Date<\/h3>\n\t\t\t\t\t\t\t\t\t\t<p>mai 1 (Friday) - 8 (Friday)<\/p>\n\t\t\t\t\t\t\t\t\t<\/div>\n\t\t\t\t\t\t\t\t<\/div>\n\t\t\t\t\t\t\t<\/div><div class='evcal_col50'>\n\t\t\t\t\t\t\t\t<div class='evcal_evdata_row evo_location'>\n\t\t\t\t\t\t\t\t\t<span class='evcal_evdata_icons'><i class='fa fa-map-marker'><\/i><\/span>\n\t\t\t\t\t\t\t\t\t<div class='evcal_evdata_cell' data-loc_tax_id='4778'>\t\t\t\t\t\t\t\n\t\t\t\t\t\t\t\t\t\t<h3 class='evo_h3'><span class='evcal_evdata_icons'><i class='fa fa-map-marker'><\/i><\/span>Location<\/h3><p class='evo_location_name'>Foire Els Pins (en face de la gare routi\u00e8re)<\/p><p class='evo_location_address'><\/p>\n\t\t\t\t\t\t\t\t\t<\/div>\n\t\t\t\t\t\t\t\t<\/div>\n\t\t\t\t\t\t\t<\/div><div class='clear'><\/div>\n\t\t\t\t\t\t\t<\/div><\/div>\n\t\t\t\t\t\t<\/div>\t\t\t\t\t\t<div class='evo_metarow_ICS evorow bordb evcal_evdata_row'>\n\t\t\t\t\t\t\t<span class=\"evcal_evdata_icons\"><i class=\"fa fa-calendar\"><\/i><\/span>\n\t\t\t\t\t\t\t<div class='evcal_evdata_cell'>\n\t\t\t\t\t\t\t\t<p><a href=\"https:\/\/www.blanescostabrava.cat\/wp-admin\/admin-ajax.php?action=eventon_ics_download&amp;event_id=233944&amp;sunix=20260430T220000Z&amp;eunix=20260508T215900Z&amp;loca=&amp;locn=Foire Els Pins (en face de la gare routi\u00e8re)\" class=\"evo_ics_nCal\" title=\"Add to your calendar\">Calendar<\/a><a href=\"\/\/www.google.com\/calendar\/event?action=TEMPLATE&amp;text=Championnat+de+p%C3%A9tanque+Suneris&amp;dates=20260430T220000Z\/20260508T215900Z&amp;details=Championnat+de+p%C3%A9tanque+Suneris&amp;location=Foire+Els+Pins+%28en+face+de+la+gare+routi%C3%A8re%29 - \" target=\"_blank\" class=\"evo_ics_gCal\" title=\"Add to google calendar\">GoogleCal<\/a><\/p>\t\n\t\t\t\t\t\t\t<\/div>\t\t\t\t\t\t<\/div>\n\t\t\t\t\t\t<\/div><div class='clear end'><\/div><\/div><div id=\"event_234496\" class=\"eventon_list_event evo_eventtop  event hasbgimg\" data-event_id=\"234496\" data-time=\"1777680001-1780185599\" data-colr=\"#206177\" itemscope itemtype='http:\/\/schema.org\/Event' 5><div class=\"evo_boxtop\" style=\"background-image: url(https:\/\/www.blanescostabrava.cat\/wp-content\/uploads\/2018\/04\/CASA-SALADRIGAS-21-min.jpg); background-color:#206177;height:200px;\"><\/div><div class=\"evo_event_schema\" style=\"display:none\" ><a itemprop=\"url\" href=\"https:\/\/www.blanescostabrava.cat\/fr\/events\/exposition-especes-marines-invasives-la-menace-silencieuse\/\"><\/a><span itemprop='name'  >Exposition : Esp\u00e8ces marines invasives, la menace silencieuse<\/span><meta itemprop='image' content='https:\/\/www.blanescostabrava.cat\/wp-content\/uploads\/2018\/04\/CASA-SALADRIGAS-21-min.jpg' ><\/meta><meta itemprop='description' content='Exposition : Esp\u00e8ces marines invasives, la menace silencieuseDATE : Du 2 au 30 maiLIEU : Casa SaladrigasDESCRIPTION : Exposition \u00ab Esp\u00e8ces' ><\/meta><meta itemprop='startDate' content='2026-5-2' ><\/meta><meta itemprop='endDate' content='2026-5-30' ><\/meta><meta itemprop='eventStatus' content='on-schedule' ><\/meta><script type=\"application\/ld+json\">{\t\"@context\": \"http:\/\/schema.org\",\n\t\t\t\t\t\t\t  \t\"@type\": \"Event\",\n\t\t\t\t\t\t\t  \t\"name\": \"Exposition : Esp\u00e8ces marines invasives, la menace silencieuse\",\n\t\t\t\t\t\t\t  \t\"startDate\": \"2026-5-2T00-00-00-00\",\n\t\t\t\t\t\t\t  \t\"endDate\": \"2026-5-30T23-23-59-00\",\n\t\t\t\t\t\t\t  \t\"image\":\"https:\/\/www.blanescostabrava.cat\/wp-content\/uploads\/2018\/04\/CASA-SALADRIGAS-21-min-225x300.jpg\",\n\t\t\t\t\t\t\t  \t\"description\":\"Exposition : Esp\u00e8ces marines invasives, la menace silencieuseDATE : Du 2 au 30 maiLIEU : Casa SaladrigasDESCRIPTION : Exposition \u00ab Esp\u00e8ces\",\n\t\t\t\t\t\t\t  \t\n\t\t\t\t\t\t\t }<\/script><\/div>\n\t\t\t\t<p class=\"desc_trig_outter\"><a data-gmap_status=\"null\" data-exlk=\"0\" style=\"border-color: #206177;padding-top: 215px;height: 310px;\" id=\"evc_1777680001234496\" class=\"desc_trig mul_val evcal_list_a\" data-ux_val=\"3\"  ><span class='event-img'><img src='https:\/\/www.blanescostabrava.cat\/wp-content\/uploads\/2018\/04\/CASA-SALADRIGAS-21-min.jpg'><\/span><span class='evcal_cblock ' data-bgcolor='#206177' data-smon='mai' data-syr='2026'><span class='evo_start '><em class='date'>02<\/em><em class='month'>mai<\/em><em class='time'>allday<\/em><\/span><span class='evo_end '><em class='date'>30<\/em><\/span><em class='clear'><\/em><\/span><span class='evcal_desc evo_info hide_eventtopdata '  data-location_status=\"false\" ><span class='evo_above_title'><\/span><span class='evcal_desc2 evcal_event_title' itemprop='name'>Exposition : Esp\u00e8ces marines invasives, la menace silencieuse<\/span><span class='evo_below_title'><\/span><span class='evcal_desc_info' ><\/span><span class='evcal_desc3'><\/span><\/span><em class='clear'><\/em><\/p><\/a><div class='event_description evcal_eventcard ' style=\"display:none\"><div class='evo_metarow_directimg'><img src='https:\/\/www.blanescostabrava.cat\/wp-content\/uploads\/2018\/04\/CASA-SALADRIGAS-21-min.jpg' \/><\/div><div class='evo_metarow_details evorow evcal_evdata_row bordb evcal_event_details'>\n\t\t\t\t\t\t\t<div class=\"event_excerpt\" style=\"display:none\"><h3 class=\"padb5 evo_h3\">Description<\/h3><p>Exposition : Esp\u00e8ces marines invasives, la menace silencieuseDATE : Du 2 au 30 maiLIEU : Casa SaladrigasDESCRIPTION : Exposition \u00ab Esp\u00e8ces<\/p><\/div><span class='evcal_evdata_icons'><i class='fa fa-align-justify'><\/i><\/span>\n\t\t\t\t\t\t\t\n\t\t\t\t\t\t\t<div class='evcal_evdata_cell '><div class='eventon_full_description'>\n\t\t\t\t\t\t\t\t\t<h3 class='padb5 evo_h3'><span class='evcal_evdata_icons'><i class='fa fa-align-justify'><\/i><\/span>Description<\/h3><div class='eventon_desc_in' itemprop='description'>\n\t\t\t\t\t\t\t\t\t<p>Exposition : Esp\u00e8ces marines invasives, la menace silencieuse<br data-start=\"838\" data-end=\"841\" \/>DATE : Du 2 au 30 mai<br data-start=\"862\" data-end=\"865\" \/>LIEU : Casa Saladrigas<br data-start=\"910\" data-end=\"913\" \/>DESCRIPTION : Exposition \u00ab Esp\u00e8ces marines invasives, la menace silencieuse \u00bb, organis\u00e9e par le Mus\u00e9e maritime de Barcelone, le CEAB et le D\u00e9partement de l\u2019environnement.<br \/>\nInauguration et visite guid\u00e9e le 8 mai \u00e0 18h30.<br \/>\nVisite guid\u00e9e le 29 mai \u00e0 18h30.<\/p>\n<\/div><div class='clear'><\/div>\n\t\t\t\t\t\t\t\t<\/div>\n\t\t\t\t\t\t\t<\/div>\n\t\t\t\t\t\t<\/div><div class='evo_metarow_time_location evorow bordb '>\n\t\t\t\t\t\t<div class='tb' >\n\t\t\t\t\t\t\t<div class='tbrow'>\n\t\t\t\t\t\t\t<div class='evcal_col50 bordr'>\n\t\t\t\t\t\t\t\t<div class='evcal_evdata_row evo_time'>\n\t\t\t\t\t\t\t\t\t<span class='evcal_evdata_icons'><i class='fa fa-clock-o'><\/i><\/span>\n\t\t\t\t\t\t\t\t\t<div class='evcal_evdata_cell'>\t\t\t\t\t\t\t\n\t\t\t\t\t\t\t\t\t\t<h3 class='evo_h3'><span class='evcal_evdata_icons'><i class='fa fa-clock-o'><\/i><\/span>Date<\/h3>\n\t\t\t\t\t\t\t\t\t\t<p>mai 2 (Saturday) - 30 (Saturday)<\/p>\n\t\t\t\t\t\t\t\t\t<\/div>\n\t\t\t\t\t\t\t\t<\/div>\n\t\t\t\t\t\t\t<\/div><div class='evcal_col50'>\n\t\t\t\t\t\t\t\t<div class='evcal_evdata_row evo_location'>\n\t\t\t\t\t\t\t\t\t<span class='evcal_evdata_icons'><i class='fa fa-map-marker'><\/i><\/span>\n\t\t\t\t\t\t\t\t\t<div class='evcal_evdata_cell' data-loc_tax_id='2630'>\t\t\t\t\t\t\t\n\t\t\t\t\t\t\t\t\t\t<h3 class='evo_h3'><span class='evcal_evdata_icons'><i class='fa fa-map-marker'><\/i><\/span>Location<\/h3><p class='evo_location_name'>Casa Saladrigas<\/p><p class='evo_location_address'><\/p>\n\t\t\t\t\t\t\t\t\t<\/div>\n\t\t\t\t\t\t\t\t<\/div>\n\t\t\t\t\t\t\t<\/div><div class='clear'><\/div>\n\t\t\t\t\t\t\t<\/div><\/div>\n\t\t\t\t\t\t<\/div>\t\t\t\t\t\t<div class='evo_metarow_ICS evorow bordb evcal_evdata_row'>\n\t\t\t\t\t\t\t<span class=\"evcal_evdata_icons\"><i class=\"fa fa-calendar\"><\/i><\/span>\n\t\t\t\t\t\t\t<div class='evcal_evdata_cell'>\n\t\t\t\t\t\t\t\t<p><a href=\"https:\/\/www.blanescostabrava.cat\/wp-admin\/admin-ajax.php?action=eventon_ics_download&amp;event_id=234496&amp;sunix=20260501T220000Z&amp;eunix=20260530T215900Z&amp;loca=&amp;locn=Casa Saladrigas\" class=\"evo_ics_nCal\" title=\"Add to your calendar\">Calendar<\/a><a href=\"\/\/www.google.com\/calendar\/event?action=TEMPLATE&amp;text=Exposition+%3A+Esp%C3%A8ces+marines+invasives%2C+la+menace+silencieuse&amp;dates=20260501T220000Z\/20260530T215900Z&amp;details=Exposition+%3A+Esp%C3%A8ces+marines+invasives%2C+la+menace+silencieuseDATE+%3A+Du+2+au+30+maiLIEU+%3A+Casa+SaladrigasDESCRIPTION+%3A+Exposition+%C2%AB+Esp%C3%A8ces&amp;location=Casa+Saladrigas - \" target=\"_blank\" class=\"evo_ics_gCal\" title=\"Add to google calendar\">GoogleCal<\/a><\/p>\t\n\t\t\t\t\t\t\t<\/div>\t\t\t\t\t\t<\/div>\n\t\t\t\t\t\t<\/div><div class='clear end'><\/div><\/div><div id=\"event_233956\" class=\"eventon_list_event evo_eventtop  event hasbgimg\" data-event_id=\"233956\" data-time=\"1777797000-1777800600\" data-colr=\"#206177\" itemscope itemtype='http:\/\/schema.org\/Event' 6><div class=\"evo_boxtop\" style=\"background-image: url(https:\/\/www.blanescostabrava.cat\/wp-content\/uploads\/2018\/04\/MARIMURTRA-28.jpg); background-color:#206177;height:200px;\"><\/div><div class=\"evo_event_schema\" style=\"display:none\" ><a itemprop=\"url\" href=\"https:\/\/www.blanescostabrava.cat\/fr\/events\/yoga-a-marimurtra\/\"><\/a><span itemprop='name'  >Yoga \u00e0 Marimurtra<\/span><meta itemprop='image' content='https:\/\/www.blanescostabrava.cat\/wp-content\/uploads\/2018\/04\/MARIMURTRA-28.jpg' ><\/meta><meta itemprop='description' content='Yoga \u00e0 Marimurtra\r\nDATE : 3\/5HEURE : 8 h 30 \u2013 9 h 30' ><\/meta><meta itemprop='startDate' content='2026-5-3' ><\/meta><meta itemprop='endDate' content='2026-5-3' ><\/meta><meta itemprop='eventStatus' content='on-schedule' ><\/meta><script type=\"application\/ld+json\">{\t\"@context\": \"http:\/\/schema.org\",\n\t\t\t\t\t\t\t  \t\"@type\": \"Event\",\n\t\t\t\t\t\t\t  \t\"name\": \"Yoga \u00e0 Marimurtra\",\n\t\t\t\t\t\t\t  \t\"startDate\": \"2026-5-3T08-08-30-00\",\n\t\t\t\t\t\t\t  \t\"endDate\": \"2026-5-3T09-09-30-00\",\n\t\t\t\t\t\t\t  \t\"image\":\"https:\/\/www.blanescostabrava.cat\/wp-content\/uploads\/2018\/04\/MARIMURTRA-28-200x300.jpg\",\n\t\t\t\t\t\t\t  \t\"description\":\"Yoga \u00e0 Marimurtra\r\nDATE : 3\/5HEURE : 8 h 30 \u2013 9 h 30\",\n\t\t\t\t\t\t\t  \t\n\t\t\t\t\t\t\t }<\/script><\/div>\n\t\t\t\t<p class=\"desc_trig_outter\"><a data-gmap_status=\"null\" data-exlk=\"0\" style=\"border-color: #206177;padding-top: 215px;height: 310px;\" id=\"evc_1777797000233956\" class=\"desc_trig sin_val evcal_list_a\" data-ux_val=\"3\"  ><span class='event-img'><img src='https:\/\/www.blanescostabrava.cat\/wp-content\/uploads\/2018\/04\/MARIMURTRA-28.jpg'><\/span><span class='evcal_cblock ' data-bgcolor='#206177' data-smon='mai' data-syr='2026'><span class='evo_start '><em class='date'>03<\/em><em class='month'>mai<\/em><em class='time'>8:30 am<\/em><\/span><span class='evo_end only_time'><em class='time'>9:30 am<\/em><\/span><em class='clear'><\/em><\/span><span class='evcal_desc evo_info hide_eventtopdata '  data-location_status=\"false\" ><span class='evo_above_title'><\/span><span class='evcal_desc2 evcal_event_title' itemprop='name'>Yoga \u00e0 Marimurtra<\/span><span class='evo_below_title'><\/span><span class='evcal_desc_info' ><\/span><span class='evcal_desc3'><\/span><\/span><em class='clear'><\/em><\/p><\/a><div class='event_description evcal_eventcard ' style=\"display:none\"><div class='evo_metarow_directimg'><img src='https:\/\/www.blanescostabrava.cat\/wp-content\/uploads\/2018\/04\/MARIMURTRA-28.jpg' \/><\/div><div class='evo_metarow_details evorow evcal_evdata_row bordb evcal_event_details'>\n\t\t\t\t\t\t\t<div class=\"event_excerpt\" style=\"display:none\"><h3 class=\"padb5 evo_h3\">Description<\/h3><p>Yoga \u00e0 Marimurtra\r\nDATE : 3\/5HEURE : 8 h 30 \u2013 9 h 30<\/p><\/div><span class='evcal_evdata_icons'><i class='fa fa-align-justify'><\/i><\/span>\n\t\t\t\t\t\t\t\n\t\t\t\t\t\t\t<div class='evcal_evdata_cell '><div class='eventon_full_description'>\n\t\t\t\t\t\t\t\t\t<h3 class='padb5 evo_h3'><span class='evcal_evdata_icons'><i class='fa fa-align-justify'><\/i><\/span>Description<\/h3><div class='eventon_desc_in' itemprop='description'>\n\t\t\t\t\t\t\t\t\t<p data-start=\"0\" data-end=\"21\">Yoga \u00e0 Marimurtra<\/p>\n<p data-start=\"23\" data-end=\"108\" data-is-last-node=\"\" data-is-only-node=\"\"><strong data-start=\"23\" data-end=\"33\">DATE :<\/strong> 3\/5<br data-start=\"37\" data-end=\"40\" data-is-only-node=\"\" \/><strong data-start=\"40\" data-end=\"51\">HEURE :<\/strong> 8 h 30 \u2013 9 h 30<br data-start=\"67\" data-end=\"70\" \/><strong data-start=\"70\" data-end=\"80\">LIEU :<\/strong> Jardin botanique Marimurtra<\/p>\n<\/div><div class='clear'><\/div>\n\t\t\t\t\t\t\t\t<\/div>\n\t\t\t\t\t\t\t<\/div>\n\t\t\t\t\t\t<\/div><div class='evo_metarow_time_location evorow bordb '>\n\t\t\t\t\t\t<div class='tb' >\n\t\t\t\t\t\t\t<div class='tbrow'>\n\t\t\t\t\t\t\t<div class='evcal_col50 bordr'>\n\t\t\t\t\t\t\t\t<div class='evcal_evdata_row evo_time'>\n\t\t\t\t\t\t\t\t\t<span class='evcal_evdata_icons'><i class='fa fa-clock-o'><\/i><\/span>\n\t\t\t\t\t\t\t\t\t<div class='evcal_evdata_cell'>\t\t\t\t\t\t\t\n\t\t\t\t\t\t\t\t\t\t<h3 class='evo_h3'><span class='evcal_evdata_icons'><i class='fa fa-clock-o'><\/i><\/span>Date<\/h3>\n\t\t\t\t\t\t\t\t\t\t<p>(Sunday) 8:30 am - 9:30 am<\/p>\n\t\t\t\t\t\t\t\t\t<\/div>\n\t\t\t\t\t\t\t\t<\/div>\n\t\t\t\t\t\t\t<\/div><div class='evcal_col50'>\n\t\t\t\t\t\t\t\t<div class='evcal_evdata_row evo_location'>\n\t\t\t\t\t\t\t\t\t<span class='evcal_evdata_icons'><i class='fa fa-map-marker'><\/i><\/span>\n\t\t\t\t\t\t\t\t\t<div class='evcal_evdata_cell' data-loc_tax_id='2711'>\t\t\t\t\t\t\t\n\t\t\t\t\t\t\t\t\t\t<h3 class='evo_h3'><span class='evcal_evdata_icons'><i class='fa fa-map-marker'><\/i><\/span>Location<\/h3><p class='evo_location_name'>Jard\u00ed Bot\u00e0nic Marimurta<\/p><p class='evo_location_address'><\/p>\n\t\t\t\t\t\t\t\t\t<\/div>\n\t\t\t\t\t\t\t\t<\/div>\n\t\t\t\t\t\t\t<\/div><div class='clear'><\/div>\n\t\t\t\t\t\t\t<\/div><\/div>\n\t\t\t\t\t\t<\/div>\t\t\t\t\t\t<div class='evo_metarow_ICS evorow bordb evcal_evdata_row'>\n\t\t\t\t\t\t\t<span class=\"evcal_evdata_icons\"><i class=\"fa fa-calendar\"><\/i><\/span>\n\t\t\t\t\t\t\t<div class='evcal_evdata_cell'>\n\t\t\t\t\t\t\t\t<p><a href=\"https:\/\/www.blanescostabrava.cat\/wp-admin\/admin-ajax.php?action=eventon_ics_download&amp;event_id=233956&amp;sunix=20260503T063000Z&amp;eunix=20260503T073000Z&amp;loca=&amp;locn=Jard\u00ed Bot\u00e0nic Marimurta\" class=\"evo_ics_nCal\" title=\"Add to your calendar\">Calendar<\/a><a href=\"\/\/www.google.com\/calendar\/event?action=TEMPLATE&amp;text=Yoga+%C3%A0+Marimurtra&amp;dates=20260503T063000Z\/20260503T073000Z&amp;details=Yoga+%C3%A0+Marimurtra%0D%0ADATE+%3A+3%2F5HEURE+%3A+8+h+30+%E2%80%93+9+h+30&amp;location=Jard%C3%AD+Bot%C3%A0nic+Marimurta - \" target=\"_blank\" class=\"evo_ics_gCal\" title=\"Add to google calendar\">GoogleCal<\/a><\/p>\t\n\t\t\t\t\t\t\t<\/div>\t\t\t\t\t\t<\/div>\n\t\t\t\t\t\t<\/div><div class='clear end'><\/div><\/div><div id=\"event_233653\" class=\"eventon_list_event evo_eventtop  event hasbgimg\" data-event_id=\"233653\" data-time=\"1777917600-1777924800\" data-colr=\"#206177\" itemscope itemtype='http:\/\/schema.org\/Event' 7><div class=\"evo_boxtop\" style=\"background-image: url(https:\/\/www.blanescostabrava.cat\/wp-content\/uploads\/2023\/07\/jovenes-jugando-juegos-mesa-charadas-figuritas-tirando-dados-juegos-cartas-hombres-mujeres-disfrutan-competencia-estrategia-adivinar-tarjeta-entretenimiento-diversion-cerca-min-scaled.jpg); background-color:#206177;height:200px;\"><\/div><div class=\"evo_event_schema\" style=\"display:none\" ><a itemprop=\"url\" href=\"https:\/\/www.blanescostabrava.cat\/fr\/events\/club-de-jeux-de-societe-2\/\"><\/a><span itemprop='name'  >Club de jeux de soci\u00e9t\u00e9<\/span><meta itemprop='image' content='https:\/\/www.blanescostabrava.cat\/wp-content\/uploads\/2023\/07\/jovenes-jugando-juegos-mesa-charadas-figuritas-tirando-dados-juegos-cartas-hombres-mujeres-disfrutan-competencia-estrategia-adivinar-tarjeta-entretenimiento-diversion-cerca-min-scaled.jpg' ><\/meta><meta itemprop='description' content='DATE : lundi 4 maiHEURE : 18:00 hLIEU : Biblioth\u00e8que Roberto Bola\u00f1o\r\nPour les enfants' ><\/meta><meta itemprop='startDate' content='2026-5-4' ><\/meta><meta itemprop='endDate' content='2026-5-4' ><\/meta><meta itemprop='eventStatus' content='on-schedule' ><\/meta><script type=\"application\/ld+json\">{\t\"@context\": \"http:\/\/schema.org\",\n\t\t\t\t\t\t\t  \t\"@type\": \"Event\",\n\t\t\t\t\t\t\t  \t\"name\": \"Club de jeux de soci\u00e9t\u00e9\",\n\t\t\t\t\t\t\t  \t\"startDate\": \"2026-5-4T18-18-00-00\",\n\t\t\t\t\t\t\t  \t\"endDate\": \"2026-5-4T20-20-00-00\",\n\t\t\t\t\t\t\t  \t\"image\":\"https:\/\/www.blanescostabrava.cat\/wp-content\/uploads\/2023\/07\/jovenes-jugando-juegos-mesa-charadas-figuritas-tirando-dados-juegos-cartas-hombres-mujeres-disfrutan-competencia-estrategia-adivinar-tarjeta-entretenimiento-diversion-cerca-min-300x169.jpg\",\n\t\t\t\t\t\t\t  \t\"description\":\"DATE : lundi 4 maiHEURE : 18:00 hLIEU : Biblioth\u00e8que Roberto Bola\u00f1o\r\nPour les enfants\",\n\t\t\t\t\t\t\t  \t\n\t\t\t\t\t\t\t }<\/script><\/div>\n\t\t\t\t<p class=\"desc_trig_outter\"><a data-gmap_status=\"null\" data-exlk=\"0\" style=\"border-color: #206177;padding-top: 215px;height: 310px;\" id=\"evc_1777917600233653\" class=\"desc_trig sin_val evcal_list_a\" data-ux_val=\"3\"  ><span class='event-img'><img src='https:\/\/www.blanescostabrava.cat\/wp-content\/uploads\/2023\/07\/jovenes-jugando-juegos-mesa-charadas-figuritas-tirando-dados-juegos-cartas-hombres-mujeres-disfrutan-competencia-estrategia-adivinar-tarjeta-entretenimiento-diversion-cerca-min-scaled.jpg'><\/span><span class='evcal_cblock ' data-bgcolor='#206177' data-smon='mai' data-syr='2026'><span class='evo_start '><em class='date'>04<\/em><em class='month'>mai<\/em><em class='time'>6:00 pm<\/em><\/span><span class='evo_end only_time'><em class='time'>8:00 pm<\/em><\/span><em class='clear'><\/em><\/span><span class='evcal_desc evo_info hide_eventtopdata '  data-location_status=\"false\" ><span class='evo_above_title'><\/span><span class='evcal_desc2 evcal_event_title' itemprop='name'>Club de jeux de soci\u00e9t\u00e9<\/span><span class='evo_below_title'><\/span><span class='evcal_desc_info' ><\/span><span class='evcal_desc3'><\/span><\/span><em class='clear'><\/em><\/p><\/a><div class='event_description evcal_eventcard ' style=\"display:none\"><div class='evo_metarow_directimg'><img src='https:\/\/www.blanescostabrava.cat\/wp-content\/uploads\/2023\/07\/jovenes-jugando-juegos-mesa-charadas-figuritas-tirando-dados-juegos-cartas-hombres-mujeres-disfrutan-competencia-estrategia-adivinar-tarjeta-entretenimiento-diversion-cerca-min-scaled.jpg' \/><\/div><div class='evo_metarow_details evorow evcal_evdata_row bordb evcal_event_details'>\n\t\t\t\t\t\t\t<div class=\"event_excerpt\" style=\"display:none\"><h3 class=\"padb5 evo_h3\">Description<\/h3><p>DATE : lundi 4 maiHEURE : 18:00 hLIEU : Biblioth\u00e8que Roberto Bola\u00f1o\r\nPour les enfants<\/p><\/div><span class='evcal_evdata_icons'><i class='fa fa-align-justify'><\/i><\/span>\n\t\t\t\t\t\t\t\n\t\t\t\t\t\t\t<div class='evcal_evdata_cell shorter_desc'><div class='eventon_details_shading_bot'>\n\t\t\t\t\t\t\t\t<p class='eventon_shad_p' content='less'><span class='ev_more_text' data-txt='less'>more<\/span><span class='ev_more_arrow'><\/span><\/p>\n\t\t\t\t\t\t\t<\/div><div class='eventon_full_description'>\n\t\t\t\t\t\t\t\t\t<h3 class='padb5 evo_h3'><span class='evcal_evdata_icons'><i class='fa fa-align-justify'><\/i><\/span>Description<\/h3><div class='eventon_desc_in' itemprop='description'>\n\t\t\t\t\t\t\t\t\t<p data-start=\"644\" data-end=\"731\"><strong data-start=\"644\" data-end=\"654\">DATE :<\/strong> lundi 4 mai<br data-start=\"666\" data-end=\"669\" \/><strong data-start=\"669\" data-end=\"680\">HEURE :<\/strong> 18:00 h<br data-start=\"688\" data-end=\"691\" \/><strong data-start=\"691\" data-end=\"701\">LIEU :<\/strong> Biblioth\u00e8que Roberto Bola\u00f1o<\/p>\n<p data-start=\"733\" data-end=\"815\">Pour les enfants \u00e0 partir de 8 ans, les jeunes et les adultes, avec Ivan Caimel.<\/p>\n<p data-start=\"817\" data-end=\"910\" data-is-last-node=\"\" data-is-only-node=\"\">Places limit\u00e9es. Inscriptions \u00e0 la biblioth\u00e8que. Prochaines s\u00e9ances : lundi 18 mai \u00e0 18:00 h.<\/p>\n<\/div><div class='clear'><\/div>\n\t\t\t\t\t\t\t\t<\/div>\n\t\t\t\t\t\t\t<\/div>\n\t\t\t\t\t\t<\/div><div class='evo_metarow_time_location evorow bordb '>\n\t\t\t\t\t\t<div class='tb' >\n\t\t\t\t\t\t\t<div class='tbrow'>\n\t\t\t\t\t\t\t<div class='evcal_col50 bordr'>\n\t\t\t\t\t\t\t\t<div class='evcal_evdata_row evo_time'>\n\t\t\t\t\t\t\t\t\t<span class='evcal_evdata_icons'><i class='fa fa-clock-o'><\/i><\/span>\n\t\t\t\t\t\t\t\t\t<div class='evcal_evdata_cell'>\t\t\t\t\t\t\t\n\t\t\t\t\t\t\t\t\t\t<h3 class='evo_h3'><span class='evcal_evdata_icons'><i class='fa fa-clock-o'><\/i><\/span>Date<\/h3>\n\t\t\t\t\t\t\t\t\t\t<p>(Monday) 6:00 pm - 8:00 pm<\/p>\n\t\t\t\t\t\t\t\t\t<\/div>\n\t\t\t\t\t\t\t\t<\/div>\n\t\t\t\t\t\t\t<\/div><div class='evcal_col50'>\n\t\t\t\t\t\t\t\t<div class='evcal_evdata_row evo_location'>\n\t\t\t\t\t\t\t\t\t<span class='evcal_evdata_icons'><i class='fa fa-map-marker'><\/i><\/span>\n\t\t\t\t\t\t\t\t\t<div class='evcal_evdata_cell' data-loc_tax_id='4568'>\t\t\t\t\t\t\t\n\t\t\t\t\t\t\t\t\t\t<h3 class='evo_h3'><span class='evcal_evdata_icons'><i class='fa fa-map-marker'><\/i><\/span>Location<\/h3><p class='evo_location_name'>Biblioth\u00e8que Roberto Bola\u00f1o<\/p><p class='evo_location_address'><\/p>\n\t\t\t\t\t\t\t\t\t<\/div>\n\t\t\t\t\t\t\t\t<\/div>\n\t\t\t\t\t\t\t<\/div><div class='clear'><\/div>\n\t\t\t\t\t\t\t<\/div><\/div>\n\t\t\t\t\t\t<\/div>\t\t\t\t\t\t<div class='evo_metarow_ICS evorow bordb evcal_evdata_row'>\n\t\t\t\t\t\t\t<span class=\"evcal_evdata_icons\"><i class=\"fa fa-calendar\"><\/i><\/span>\n\t\t\t\t\t\t\t<div class='evcal_evdata_cell'>\n\t\t\t\t\t\t\t\t<p><a href=\"https:\/\/www.blanescostabrava.cat\/wp-admin\/admin-ajax.php?action=eventon_ics_download&amp;event_id=233653&amp;sunix=20260504T160000Z&amp;eunix=20260504T180000Z&amp;loca=&amp;locn=Biblioth\u00e8que Roberto Bola\u00f1o\" class=\"evo_ics_nCal\" title=\"Add to your calendar\">Calendar<\/a><a href=\"\/\/www.google.com\/calendar\/event?action=TEMPLATE&amp;text=Club+de+jeux+de+soci%C3%A9t%C3%A9&amp;dates=20260504T160000Z\/20260504T180000Z&amp;details=DATE+%3A+lundi+4+maiHEURE+%3A+18%3A00+hLIEU+%3A+Biblioth%C3%A8que+Roberto+Bola%C3%B1o%0D%0APour+les+enfants&amp;location=Biblioth%C3%A8que+Roberto+Bola%C3%B1o - \" target=\"_blank\" class=\"evo_ics_gCal\" title=\"Add to google calendar\">GoogleCal<\/a><\/p>\t\n\t\t\t\t\t\t\t<\/div>\t\t\t\t\t\t<\/div>\n\t\t\t\t\t\t<\/div><div class='clear end'><\/div><\/div><div id=\"event_234022\" class=\"eventon_list_event evo_eventtop  event hasbgimg\" data-event_id=\"234022\" data-time=\"1777939201-1780099199\" data-colr=\"#206177\" itemscope itemtype='http:\/\/schema.org\/Event' 8><div class=\"evo_boxtop\" style=\"background-image: url(https:\/\/www.blanescostabrava.cat\/wp-content\/uploads\/2026\/04\/669976186_18180367207376291_5682094084447421370_n.jpg); background-color:#206177;height:200px;\"><\/div><div class=\"evo_event_schema\" style=\"display:none\" ><a itemprop=\"url\" href=\"https:\/\/www.blanescostabrava.cat\/fr\/events\/six-seven-sport\/\"><\/a><span itemprop='name'  >Six Seven & Sport<\/span><meta itemprop='image' content='https:\/\/www.blanescostabrava.cat\/wp-content\/uploads\/2026\/04\/669976186_18180367207376291_5682094084447421370_n.jpg' ><\/meta><meta itemprop='description' content='DATE : Du 5 au 29 mai\r\nLIEU : Ciutat Esportiva Blanes\r\nQuartiers Valldolig\/Mas Cremat - Mas Florit \/ La Plantera \/ Quatre Vents\r\nActivit\u00e9s' ><\/meta><meta itemprop='startDate' content='2026-5-5' ><\/meta><meta itemprop='endDate' content='2026-5-29' ><\/meta><meta itemprop='eventStatus' content='on-schedule' ><\/meta><script type=\"application\/ld+json\">{\t\"@context\": \"http:\/\/schema.org\",\n\t\t\t\t\t\t\t  \t\"@type\": \"Event\",\n\t\t\t\t\t\t\t  \t\"name\": \"Six Seven & Sport\",\n\t\t\t\t\t\t\t  \t\"startDate\": \"2026-5-5T00-00-00-00\",\n\t\t\t\t\t\t\t  \t\"endDate\": \"2026-5-29T23-23-59-00\",\n\t\t\t\t\t\t\t  \t\"image\":\"https:\/\/www.blanescostabrava.cat\/wp-content\/uploads\/2026\/04\/669976186_18180367207376291_5682094084447421370_n-240x300.jpg\",\n\t\t\t\t\t\t\t  \t\"description\":\"DATE : Du 5 au 29 mai\r\nLIEU : Ciutat Esportiva Blanes\r\nQuartiers Valldolig\/Mas Cremat - Mas Florit \/ La Plantera \/ Quatre Vents\r\nActivit\u00e9s\",\n\t\t\t\t\t\t\t  \t\n\t\t\t\t\t\t\t }<\/script><\/div>\n\t\t\t\t<p class=\"desc_trig_outter\"><a data-gmap_status=\"null\" data-exlk=\"0\" style=\"border-color: #206177;padding-top: 215px;height: 310px;\" id=\"evc_1777939201234022\" class=\"desc_trig mul_val evcal_list_a\" data-ux_val=\"3\"  ><span class='event-img'><img src='https:\/\/www.blanescostabrava.cat\/wp-content\/uploads\/2026\/04\/669976186_18180367207376291_5682094084447421370_n.jpg'><\/span><span class='evcal_cblock ' data-bgcolor='#206177' data-smon='mai' data-syr='2026'><span class='evo_start '><em class='date'>05<\/em><em class='month'>mai<\/em><em class='time'>allday<\/em><\/span><span class='evo_end '><em class='date'>29<\/em><\/span><em class='clear'><\/em><\/span><span class='evcal_desc evo_info hide_eventtopdata '  data-location_status=\"false\" ><span class='evo_above_title'><\/span><span class='evcal_desc2 evcal_event_title' itemprop='name'>Six Seven & Sport<\/span><span class='evo_below_title'><\/span><span class='evcal_desc_info' ><\/span><span class='evcal_desc3'><\/span><\/span><em class='clear'><\/em><\/p><\/a><div class='event_description evcal_eventcard ' style=\"display:none\"><div class='evo_metarow_directimg'><img src='https:\/\/www.blanescostabrava.cat\/wp-content\/uploads\/2026\/04\/669976186_18180367207376291_5682094084447421370_n.jpg' \/><\/div><div class='evo_metarow_details evorow evcal_evdata_row bordb evcal_event_details'>\n\t\t\t\t\t\t\t<div class=\"event_excerpt\" style=\"display:none\"><h3 class=\"padb5 evo_h3\">Description<\/h3><p>DATE : Du 5 au 29 mai\r\nLIEU : Ciutat Esportiva Blanes\r\nQuartiers Valldolig\/Mas Cremat - Mas Florit \/ La Plantera \/ Quatre Vents\r\nActivit\u00e9s<\/p><\/div><span class='evcal_evdata_icons'><i class='fa fa-align-justify'><\/i><\/span>\n\t\t\t\t\t\t\t\n\t\t\t\t\t\t\t<div class='evcal_evdata_cell shorter_desc'><div class='eventon_details_shading_bot'>\n\t\t\t\t\t\t\t\t<p class='eventon_shad_p' content='less'><span class='ev_more_text' data-txt='less'>more<\/span><span class='ev_more_arrow'><\/span><\/p>\n\t\t\t\t\t\t\t<\/div><div class='eventon_full_description'>\n\t\t\t\t\t\t\t\t\t<h3 class='padb5 evo_h3'><span class='evcal_evdata_icons'><i class='fa fa-align-justify'><\/i><\/span>Description<\/h3><div class='eventon_desc_in' itemprop='description'>\n\t\t\t\t\t\t\t\t\t<p data-start=\"711\" data-end=\"734\">DATE : Du 5 au 29 mai<\/p>\n<p data-start=\"736\" data-end=\"768\">LIEU : Ciutat Esportiva Blanes<\/p>\n<p data-start=\"770\" data-end=\"844\">Quartiers Valldolig\/Mas Cremat &#8211; Mas Florit \/ La Plantera \/ Quatre Vents<\/p>\n<p data-start=\"846\" data-end=\"920\">Activit\u00e9s gratuites &#8211; pour les jeunes de la 1re \u00e0 la 4e ann\u00e9e du coll\u00e8ge<\/p>\n<p data-start=\"922\" data-end=\"985\">Plus d\u2019informations : <a class=\"decorated-link cursor-pointer\" rel=\"noopener\" data-start=\"944\" data-end=\"965\">info@selvaesports.cat<\/a> \/ +34 601 993 333<\/p>\n<p data-start=\"922\" data-end=\"985\"><img class=\"alignnone size-full wp-image-234004\" src=\"https:\/\/www.blanescostabrava.cat\/wp-content\/uploads\/2026\/04\/669976186_18180367207376291_5682094084447421370_n.jpg\" alt=\"\" width=\"720\" height=\"899\" srcset=\"https:\/\/www.blanescostabrava.cat\/wp-content\/uploads\/2026\/04\/669976186_18180367207376291_5682094084447421370_n.jpg 720w, https:\/\/www.blanescostabrava.cat\/wp-content\/uploads\/2026\/04\/669976186_18180367207376291_5682094084447421370_n-240x300.jpg 240w, https:\/\/www.blanescostabrava.cat\/wp-content\/uploads\/2026\/04\/669976186_18180367207376291_5682094084447421370_n-120x150.jpg 120w, https:\/\/www.blanescostabrava.cat\/wp-content\/uploads\/2026\/04\/669976186_18180367207376291_5682094084447421370_n-19x24.jpg 19w, https:\/\/www.blanescostabrava.cat\/wp-content\/uploads\/2026\/04\/669976186_18180367207376291_5682094084447421370_n-29x36.jpg 29w, https:\/\/www.blanescostabrava.cat\/wp-content\/uploads\/2026\/04\/669976186_18180367207376291_5682094084447421370_n-38x48.jpg 38w\" sizes=\"(max-width: 720px) 100vw, 720px\" \/><\/p>\n<\/div><div class='clear'><\/div>\n\t\t\t\t\t\t\t\t<\/div>\n\t\t\t\t\t\t\t<\/div>\n\t\t\t\t\t\t<\/div><div class='evo_metarow_time_location evorow bordb '>\n\t\t\t\t\t\t<div class='tb' >\n\t\t\t\t\t\t\t<div class='tbrow'>\n\t\t\t\t\t\t\t<div class='evcal_col50 bordr'>\n\t\t\t\t\t\t\t\t<div class='evcal_evdata_row evo_time'>\n\t\t\t\t\t\t\t\t\t<span class='evcal_evdata_icons'><i class='fa fa-clock-o'><\/i><\/span>\n\t\t\t\t\t\t\t\t\t<div class='evcal_evdata_cell'>\t\t\t\t\t\t\t\n\t\t\t\t\t\t\t\t\t\t<h3 class='evo_h3'><span class='evcal_evdata_icons'><i class='fa fa-clock-o'><\/i><\/span>Date<\/h3>\n\t\t\t\t\t\t\t\t\t\t<p>mai 5 (Tuesday) - 29 (Friday)<\/p>\n\t\t\t\t\t\t\t\t\t<\/div>\n\t\t\t\t\t\t\t\t<\/div>\n\t\t\t\t\t\t\t<\/div><div class='evcal_col50'>\n\t\t\t\t\t\t\t\t<div class='evcal_evdata_row evo_location'>\n\t\t\t\t\t\t\t\t\t<span class='evcal_evdata_icons'><i class='fa fa-map-marker'><\/i><\/span>\n\t\t\t\t\t\t\t\t\t<div class='evcal_evdata_cell' data-loc_tax_id='2919'>\t\t\t\t\t\t\t\n\t\t\t\t\t\t\t\t\t\t<h3 class='evo_h3'><span class='evcal_evdata_icons'><i class='fa fa-map-marker'><\/i><\/span>Location<\/h3><p class='evo_location_name'>Ciutat Esportiva Blanes<\/p><p class='evo_location_address'><\/p>\n\t\t\t\t\t\t\t\t\t<\/div>\n\t\t\t\t\t\t\t\t<\/div>\n\t\t\t\t\t\t\t<\/div><div class='clear'><\/div>\n\t\t\t\t\t\t\t<\/div><\/div>\n\t\t\t\t\t\t<\/div>\t\t\t\t\t\t<div class='evo_metarow_ICS evorow bordb evcal_evdata_row'>\n\t\t\t\t\t\t\t<span class=\"evcal_evdata_icons\"><i class=\"fa fa-calendar\"><\/i><\/span>\n\t\t\t\t\t\t\t<div class='evcal_evdata_cell'>\n\t\t\t\t\t\t\t\t<p><a href=\"https:\/\/www.blanescostabrava.cat\/wp-admin\/admin-ajax.php?action=eventon_ics_download&amp;event_id=234022&amp;sunix=20260504T220000Z&amp;eunix=20260529T215900Z&amp;loca=&amp;locn=Ciutat Esportiva Blanes\" class=\"evo_ics_nCal\" title=\"Add to your calendar\">Calendar<\/a><a href=\"\/\/www.google.com\/calendar\/event?action=TEMPLATE&amp;text=Six+Seven+%26+Sport&amp;dates=20260504T220000Z\/20260529T215900Z&amp;details=DATE+%3A+Du+5+au+29+mai%0D%0ALIEU+%3A+Ciutat+Esportiva+Blanes%0D%0AQuartiers+Valldolig%2FMas+Cremat+-+Mas+Florit+%2F+La+Plantera+%2F+Quatre+Vents%0D%0AActivit%C3%A9s&amp;location=Ciutat+Esportiva+Blanes - \" target=\"_blank\" class=\"evo_ics_gCal\" title=\"Add to google calendar\">GoogleCal<\/a><\/p>\t\n\t\t\t\t\t\t\t<\/div>\t\t\t\t\t\t<\/div>\n\t\t\t\t\t\t<\/div><div class='clear end'><\/div><\/div><div id=\"event_234034\" class=\"eventon_list_event evo_eventtop  event hasbgimg\" data-event_id=\"234034\" data-time=\"1777939201-1780185599\" data-colr=\"#206177\" itemscope itemtype='http:\/\/schema.org\/Event' 9><div class=\"evo_boxtop\" style=\"background-image: url(https:\/\/www.blanescostabrava.cat\/wp-content\/uploads\/2018\/04\/CASA-SALADRIGAS-4-min.jpg); background-color:#206177;height:200px;\"><\/div><div class=\"evo_event_schema\" style=\"display:none\" ><a itemprop=\"url\" href=\"https:\/\/www.blanescostabrava.cat\/fr\/events\/exposition-color-en-movimiento\/\"><\/a><span itemprop='name'  >Exposition: \"Color en movimiento\"<\/span><meta itemprop='image' content='https:\/\/www.blanescostabrava.cat\/wp-content\/uploads\/2018\/04\/CASA-SALADRIGAS-4-min.jpg' ><\/meta><meta itemprop='description' content='Exposition : \"Color en movimiento\"\r\nDATE : Du 5 au 30 mai\r\nLIEU : Casa Saladrigas' ><\/meta><meta itemprop='startDate' content='2026-5-5' ><\/meta><meta itemprop='endDate' content='2026-5-30' ><\/meta><meta itemprop='eventStatus' content='on-schedule' ><\/meta><script type=\"application\/ld+json\">{\t\"@context\": \"http:\/\/schema.org\",\n\t\t\t\t\t\t\t  \t\"@type\": \"Event\",\n\t\t\t\t\t\t\t  \t\"name\": \"Exposition: \"Color en movimiento\"\",\n\t\t\t\t\t\t\t  \t\"startDate\": \"2026-5-5T00-00-00-00\",\n\t\t\t\t\t\t\t  \t\"endDate\": \"2026-5-30T23-23-59-00\",\n\t\t\t\t\t\t\t  \t\"image\":\"https:\/\/www.blanescostabrava.cat\/wp-content\/uploads\/2018\/04\/CASA-SALADRIGAS-4-min-300x265.jpg\",\n\t\t\t\t\t\t\t  \t\"description\":\"Exposition : Color en movimiento\r\nDATE : Du 5 au 30 mai\r\nLIEU : Casa Saladrigas\",\n\t\t\t\t\t\t\t  \t\n\t\t\t\t\t\t\t }<\/script><\/div>\n\t\t\t\t<p class=\"desc_trig_outter\"><a data-gmap_status=\"null\" data-exlk=\"0\" style=\"border-color: #206177;padding-top: 215px;height: 310px;\" id=\"evc_1777939201234034\" class=\"desc_trig mul_val evcal_list_a\" data-ux_val=\"3\"  ><span class='event-img'><img src='https:\/\/www.blanescostabrava.cat\/wp-content\/uploads\/2018\/04\/CASA-SALADRIGAS-4-min.jpg'><\/span><span class='evcal_cblock ' data-bgcolor='#206177' data-smon='mai' data-syr='2026'><span class='evo_start '><em class='date'>05<\/em><em class='month'>mai<\/em><em class='time'>allday<\/em><\/span><span class='evo_end '><em class='date'>30<\/em><\/span><em class='clear'><\/em><\/span><span class='evcal_desc evo_info hide_eventtopdata '  data-location_status=\"false\" ><span class='evo_above_title'><\/span><span class='evcal_desc2 evcal_event_title' itemprop='name'>Exposition: \"Color en movimiento\"<\/span><span class='evo_below_title'><\/span><span class='evcal_desc_info' ><\/span><span class='evcal_desc3'><\/span><\/span><em class='clear'><\/em><\/p><\/a><div class='event_description evcal_eventcard ' style=\"display:none\"><div class='evo_metarow_directimg'><img src='https:\/\/www.blanescostabrava.cat\/wp-content\/uploads\/2018\/04\/CASA-SALADRIGAS-4-min.jpg' \/><\/div><div class='evo_metarow_details evorow evcal_evdata_row bordb evcal_event_details'>\n\t\t\t\t\t\t\t<div class=\"event_excerpt\" style=\"display:none\"><h3 class=\"padb5 evo_h3\">Description<\/h3><p>Exposition : \"Color en movimiento\"\r\nDATE : Du 5 au 30 mai\r\nLIEU : Casa Saladrigas<\/p><\/div><span class='evcal_evdata_icons'><i class='fa fa-align-justify'><\/i><\/span>\n\t\t\t\t\t\t\t\n\t\t\t\t\t\t\t<div class='evcal_evdata_cell '><div class='eventon_full_description'>\n\t\t\t\t\t\t\t\t\t<h3 class='padb5 evo_h3'><span class='evcal_evdata_icons'><i class='fa fa-align-justify'><\/i><\/span>Description<\/h3><div class='eventon_desc_in' itemprop='description'>\n\t\t\t\t\t\t\t\t\t<p data-start=\"336\" data-end=\"372\">Exposition : \u00ab\u00a0Color en movimiento\u00a0\u00bb<\/p>\n<p data-start=\"388\" data-end=\"411\">DATE : Du 5 au 30 mai<\/p>\n<p data-start=\"413\" data-end=\"437\">LIEU : Casa Saladrigas<\/p>\n<\/div><div class='clear'><\/div>\n\t\t\t\t\t\t\t\t<\/div>\n\t\t\t\t\t\t\t<\/div>\n\t\t\t\t\t\t<\/div><div class='evo_metarow_time_location evorow bordb '>\n\t\t\t\t\t\t<div class='tb' >\n\t\t\t\t\t\t\t<div class='tbrow'>\n\t\t\t\t\t\t\t<div class='evcal_col50 bordr'>\n\t\t\t\t\t\t\t\t<div class='evcal_evdata_row evo_time'>\n\t\t\t\t\t\t\t\t\t<span class='evcal_evdata_icons'><i class='fa fa-clock-o'><\/i><\/span>\n\t\t\t\t\t\t\t\t\t<div class='evcal_evdata_cell'>\t\t\t\t\t\t\t\n\t\t\t\t\t\t\t\t\t\t<h3 class='evo_h3'><span class='evcal_evdata_icons'><i class='fa fa-clock-o'><\/i><\/span>Date<\/h3>\n\t\t\t\t\t\t\t\t\t\t<p>mai 5 (Tuesday) - 30 (Saturday)<\/p>\n\t\t\t\t\t\t\t\t\t<\/div>\n\t\t\t\t\t\t\t\t<\/div>\n\t\t\t\t\t\t\t<\/div><div class='evcal_col50'>\n\t\t\t\t\t\t\t\t<div class='evcal_evdata_row evo_location'>\n\t\t\t\t\t\t\t\t\t<span class='evcal_evdata_icons'><i class='fa fa-map-marker'><\/i><\/span>\n\t\t\t\t\t\t\t\t\t<div class='evcal_evdata_cell' data-loc_tax_id='2630'>\t\t\t\t\t\t\t\n\t\t\t\t\t\t\t\t\t\t<h3 class='evo_h3'><span class='evcal_evdata_icons'><i class='fa fa-map-marker'><\/i><\/span>Location<\/h3><p class='evo_location_name'>Casa Saladrigas<\/p><p class='evo_location_address'><\/p>\n\t\t\t\t\t\t\t\t\t<\/div>\n\t\t\t\t\t\t\t\t<\/div>\n\t\t\t\t\t\t\t<\/div><div class='clear'><\/div>\n\t\t\t\t\t\t\t<\/div><\/div>\n\t\t\t\t\t\t<\/div>\t\t\t\t\t\t<div class='evo_metarow_ICS evorow bordb evcal_evdata_row'>\n\t\t\t\t\t\t\t<span class=\"evcal_evdata_icons\"><i class=\"fa fa-calendar\"><\/i><\/span>\n\t\t\t\t\t\t\t<div class='evcal_evdata_cell'>\n\t\t\t\t\t\t\t\t<p><a href=\"https:\/\/www.blanescostabrava.cat\/wp-admin\/admin-ajax.php?action=eventon_ics_download&amp;event_id=234034&amp;sunix=20260504T220000Z&amp;eunix=20260530T215900Z&amp;loca=&amp;locn=Casa Saladrigas\" class=\"evo_ics_nCal\" title=\"Add to your calendar\">Calendar<\/a><a href=\"\/\/www.google.com\/calendar\/event?action=TEMPLATE&amp;text=Exposition%3A+%22Color+en+movimiento%22&amp;dates=20260504T220000Z\/20260530T215900Z&amp;details=Exposition+%3A+%22Color+en+movimiento%22%0D%0ADATE+%3A+Du+5+au+30+mai%0D%0ALIEU+%3A+Casa+Saladrigas&amp;location=Casa+Saladrigas - \" target=\"_blank\" class=\"evo_ics_gCal\" title=\"Add to google calendar\">GoogleCal<\/a><\/p>\t\n\t\t\t\t\t\t\t<\/div>\t\t\t\t\t\t<\/div>\n\t\t\t\t\t\t<\/div><div class='clear end'><\/div><\/div><div id=\"event_233665\" class=\"eventon_list_event evo_eventtop  event hasbgimg\" data-event_id=\"233665\" data-time=\"1778085000-1778090400\" data-colr=\"#206177\" itemscope itemtype='http:\/\/schema.org\/Event' 10><div class=\"evo_boxtop\" style=\"background-image: url(https:\/\/www.blanescostabrava.cat\/wp-content\/uploads\/2019\/12\/biblioteca-comarcal.jpg); background-color:#206177;height:200px;\"><\/div><div class=\"evo_event_schema\" style=\"display:none\" ><a itemprop=\"url\" href=\"https:\/\/www.blanescostabrava.cat\/fr\/events\/english-book-club-club-de-lecture-en-anglais\/\"><\/a><span itemprop='name'  >English Book Club: club de lecture en anglais<\/span><meta itemprop='image' content='https:\/\/www.blanescostabrava.cat\/wp-content\/uploads\/2019\/12\/biblioteca-comarcal.jpg' ><\/meta><meta itemprop='description' content='DATE : mercredi 6 maiHEURE : 16:30 hLIEU : Biblioth\u00e8que Roberto Bola\u00f1o\r\nPour les personnes' ><\/meta><meta itemprop='startDate' content='2026-5-6' ><\/meta><meta itemprop='endDate' content='2026-5-6' ><\/meta><meta itemprop='eventStatus' content='on-schedule' ><\/meta><script type=\"application\/ld+json\">{\t\"@context\": \"http:\/\/schema.org\",\n\t\t\t\t\t\t\t  \t\"@type\": \"Event\",\n\t\t\t\t\t\t\t  \t\"name\": \"English Book Club: club de lecture en anglais\",\n\t\t\t\t\t\t\t  \t\"startDate\": \"2026-5-6T16-16-30-00\",\n\t\t\t\t\t\t\t  \t\"endDate\": \"2026-5-6T18-18-00-00\",\n\t\t\t\t\t\t\t  \t\"image\":\"https:\/\/www.blanescostabrava.cat\/wp-content\/uploads\/2019\/12\/biblioteca-comarcal-300x194.jpg\",\n\t\t\t\t\t\t\t  \t\"description\":\"DATE : mercredi 6 maiHEURE : 16:30 hLIEU : Biblioth\u00e8que Roberto Bola\u00f1o\r\nPour les personnes\",\n\t\t\t\t\t\t\t  \t\n\t\t\t\t\t\t\t }<\/script><\/div>\n\t\t\t\t<p class=\"desc_trig_outter\"><a data-gmap_status=\"null\" data-exlk=\"0\" style=\"border-color: #206177;padding-top: 215px;height: 310px;\" id=\"evc_1778085000233665\" class=\"desc_trig sin_val evcal_list_a\" data-ux_val=\"3\"  ><span class='event-img'><img src='https:\/\/www.blanescostabrava.cat\/wp-content\/uploads\/2019\/12\/biblioteca-comarcal.jpg'><\/span><span class='evcal_cblock ' data-bgcolor='#206177' data-smon='mai' data-syr='2026'><span class='evo_start '><em class='date'>06<\/em><em class='month'>mai<\/em><em class='time'>4:30 pm<\/em><\/span><span class='evo_end only_time'><em class='time'>6:00 pm<\/em><\/span><em class='clear'><\/em><\/span><span class='evcal_desc evo_info hide_eventtopdata '  data-location_status=\"false\" ><span class='evo_above_title'><\/span><span class='evcal_desc2 evcal_event_title' itemprop='name'>English Book Club: club de lecture en anglais<\/span><span class='evo_below_title'><\/span><span class='evcal_desc_info' ><\/span><span class='evcal_desc3'><\/span><\/span><em class='clear'><\/em><\/p><\/a><div class='event_description evcal_eventcard ' style=\"display:none\"><div class='evo_metarow_directimg'><img src='https:\/\/www.blanescostabrava.cat\/wp-content\/uploads\/2019\/12\/biblioteca-comarcal.jpg' alt=\"biblioteca_comarcal_blanes\"\/><\/div><div class='evo_metarow_details evorow evcal_evdata_row bordb evcal_event_details'>\n\t\t\t\t\t\t\t<div class=\"event_excerpt\" style=\"display:none\"><h3 class=\"padb5 evo_h3\">Description<\/h3><p>DATE : mercredi 6 maiHEURE : 16:30 hLIEU : Biblioth\u00e8que Roberto Bola\u00f1o\r\nPour les personnes<\/p><\/div><span class='evcal_evdata_icons'><i class='fa fa-align-justify'><\/i><\/span>\n\t\t\t\t\t\t\t\n\t\t\t\t\t\t\t<div class='evcal_evdata_cell shorter_desc'><div class='eventon_details_shading_bot'>\n\t\t\t\t\t\t\t\t<p class='eventon_shad_p' content='less'><span class='ev_more_text' data-txt='less'>more<\/span><span class='ev_more_arrow'><\/span><\/p>\n\t\t\t\t\t\t\t<\/div><div class='eventon_full_description'>\n\t\t\t\t\t\t\t\t\t<h3 class='padb5 evo_h3'><span class='evcal_evdata_icons'><i class='fa fa-align-justify'><\/i><\/span>Description<\/h3><div class='eventon_desc_in' itemprop='description'>\n\t\t\t\t\t\t\t\t\t<p data-start=\"764\" data-end=\"854\"><strong data-start=\"764\" data-end=\"774\">DATE :<\/strong> mercredi 6 mai<br data-start=\"789\" data-end=\"792\" \/><strong data-start=\"792\" data-end=\"803\">HEURE :<\/strong> 16:30 h<br data-start=\"811\" data-end=\"814\" \/><strong data-start=\"814\" data-end=\"824\">LIEU :<\/strong> Biblioth\u00e8que Roberto Bola\u00f1o<\/p>\n<p data-start=\"856\" data-end=\"928\">Pour les personnes \u00e0 partir de 18 ans et de niveau B1 (interm\u00e9diaire).<\/p>\n<p data-start=\"930\" data-end=\"975\">Lectures vari\u00e9es. Anim\u00e9 par Carles Llorach.<\/p>\n<p data-start=\"977\" data-end=\"1069\" data-is-last-node=\"\" data-is-only-node=\"\">Informations, inscriptions et pr\u00eat de livres \u00e0 la biblioth\u00e8que. (S\u00e9ances tous les mercredis)<\/p>\n<\/div><div class='clear'><\/div>\n\t\t\t\t\t\t\t\t<\/div>\n\t\t\t\t\t\t\t<\/div>\n\t\t\t\t\t\t<\/div><div class='evo_metarow_time_location evorow bordb '>\n\t\t\t\t\t\t<div class='tb' >\n\t\t\t\t\t\t\t<div class='tbrow'>\n\t\t\t\t\t\t\t<div class='evcal_col50 bordr'>\n\t\t\t\t\t\t\t\t<div class='evcal_evdata_row evo_time'>\n\t\t\t\t\t\t\t\t\t<span class='evcal_evdata_icons'><i class='fa fa-clock-o'><\/i><\/span>\n\t\t\t\t\t\t\t\t\t<div class='evcal_evdata_cell'>\t\t\t\t\t\t\t\n\t\t\t\t\t\t\t\t\t\t<h3 class='evo_h3'><span class='evcal_evdata_icons'><i class='fa fa-clock-o'><\/i><\/span>Date<\/h3>\n\t\t\t\t\t\t\t\t\t\t<p>(Wednesday) 4:30 pm - 6:00 pm<\/p>\n\t\t\t\t\t\t\t\t\t<\/div>\n\t\t\t\t\t\t\t\t<\/div>\n\t\t\t\t\t\t\t<\/div><div class='evcal_col50'>\n\t\t\t\t\t\t\t\t<div class='evcal_evdata_row evo_location'>\n\t\t\t\t\t\t\t\t\t<span class='evcal_evdata_icons'><i class='fa fa-map-marker'><\/i><\/span>\n\t\t\t\t\t\t\t\t\t<div class='evcal_evdata_cell' data-loc_tax_id='4568'>\t\t\t\t\t\t\t\n\t\t\t\t\t\t\t\t\t\t<h3 class='evo_h3'><span class='evcal_evdata_icons'><i class='fa fa-map-marker'><\/i><\/span>Location<\/h3><p class='evo_location_name'>Biblioth\u00e8que Roberto Bola\u00f1o<\/p><p class='evo_location_address'><\/p>\n\t\t\t\t\t\t\t\t\t<\/div>\n\t\t\t\t\t\t\t\t<\/div>\n\t\t\t\t\t\t\t<\/div><div class='clear'><\/div>\n\t\t\t\t\t\t\t<\/div><\/div>\n\t\t\t\t\t\t<\/div>\t\t\t\t\t\t<div class='evo_metarow_ICS evorow bordb evcal_evdata_row'>\n\t\t\t\t\t\t\t<span class=\"evcal_evdata_icons\"><i class=\"fa fa-calendar\"><\/i><\/span>\n\t\t\t\t\t\t\t<div class='evcal_evdata_cell'>\n\t\t\t\t\t\t\t\t<p><a href=\"https:\/\/www.blanescostabrava.cat\/wp-admin\/admin-ajax.php?action=eventon_ics_download&amp;event_id=233665&amp;sunix=20260506T143000Z&amp;eunix=20260506T160000Z&amp;loca=&amp;locn=Biblioth\u00e8que Roberto Bola\u00f1o\" class=\"evo_ics_nCal\" title=\"Add to your calendar\">Calendar<\/a><a href=\"\/\/www.google.com\/calendar\/event?action=TEMPLATE&amp;text=English+Book+Club%3A+club+de+lecture+en+anglais&amp;dates=20260506T143000Z\/20260506T160000Z&amp;details=DATE+%3A+mercredi+6+maiHEURE+%3A+16%3A30+hLIEU+%3A+Biblioth%C3%A8que+Roberto+Bola%C3%B1o%0D%0APour+les+personnes&amp;location=Biblioth%C3%A8que+Roberto+Bola%C3%B1o - \" target=\"_blank\" class=\"evo_ics_gCal\" title=\"Add to google calendar\">GoogleCal<\/a><\/p>\t\n\t\t\t\t\t\t\t<\/div>\t\t\t\t\t\t<\/div>\n\t\t\t\t\t\t<\/div><div class='clear end'><\/div><\/div><div id=\"event_233677\" class=\"eventon_list_event evo_eventtop  event hasbgimg\" data-event_id=\"233677\" data-time=\"1778180400-1778187600\" data-colr=\"#206177\" itemscope itemtype='http:\/\/schema.org\/Event' 11><div class=\"evo_boxtop\" style=\"background-image: url(https:\/\/www.blanescostabrava.cat\/wp-content\/uploads\/2019\/12\/biblioteca-comarcal.jpg); background-color:#206177;height:200px;\"><\/div><div class=\"evo_event_schema\" style=\"display:none\" ><a itemprop=\"url\" href=\"https:\/\/www.blanescostabrava.cat\/fr\/events\/jeudis-des-lettres-et-des-mots-cafe-litteraire-pour-adultes-estremida-memoria-de-jesus-moncada\/\"><\/a><span itemprop='name'  >Jeudis des Lettres et des Mots, caf\u00e9 litt\u00e9raire pour adultes: \"Estremida mem\u00f2ria de Jes\u00fas Moncada\"<\/span><meta itemprop='image' content='https:\/\/www.blanescostabrava.cat\/wp-content\/uploads\/2019\/12\/biblioteca-comarcal.jpg' ><\/meta><meta itemprop='description' content='DATE : jeudi 7 maiHEURE : 19:00 hLIEU : Biblioth\u00e8que Roberto Bola\u00f1o\r\nPodcast' ><\/meta><meta itemprop='startDate' content='2026-5-7' ><\/meta><meta itemprop='endDate' content='2026-5-7' ><\/meta><meta itemprop='eventStatus' content='on-schedule' ><\/meta><script type=\"application\/ld+json\">{\t\"@context\": \"http:\/\/schema.org\",\n\t\t\t\t\t\t\t  \t\"@type\": \"Event\",\n\t\t\t\t\t\t\t  \t\"name\": \"Jeudis des Lettres et des Mots, caf\u00e9 litt\u00e9raire pour adultes: \"Estremida mem\u00f2ria de Jes\u00fas Moncada\"\",\n\t\t\t\t\t\t\t  \t\"startDate\": \"2026-5-7T19-19-00-00\",\n\t\t\t\t\t\t\t  \t\"endDate\": \"2026-5-7T21-21-00-00\",\n\t\t\t\t\t\t\t  \t\"image\":\"https:\/\/www.blanescostabrava.cat\/wp-content\/uploads\/2019\/12\/biblioteca-comarcal-300x194.jpg\",\n\t\t\t\t\t\t\t  \t\"description\":\"DATE : jeudi 7 maiHEURE : 19:00 hLIEU : Biblioth\u00e8que Roberto Bola\u00f1o\r\nPodcast\",\n\t\t\t\t\t\t\t  \t\n\t\t\t\t\t\t\t }<\/script><\/div>\n\t\t\t\t<p class=\"desc_trig_outter\"><a data-gmap_status=\"null\" data-exlk=\"0\" style=\"border-color: #206177;padding-top: 215px;height: 310px;\" id=\"evc_1778180400233677\" class=\"desc_trig sin_val evcal_list_a\" data-ux_val=\"3\"  ><span class='event-img'><img src='https:\/\/www.blanescostabrava.cat\/wp-content\/uploads\/2019\/12\/biblioteca-comarcal.jpg'><\/span><span class='evcal_cblock ' data-bgcolor='#206177' data-smon='mai' data-syr='2026'><span class='evo_start '><em class='date'>07<\/em><em class='month'>mai<\/em><em class='time'>7:00 pm<\/em><\/span><span class='evo_end only_time'><em class='time'>9:00 pm<\/em><\/span><em class='clear'><\/em><\/span><span class='evcal_desc evo_info hide_eventtopdata '  data-location_status=\"false\" ><span class='evo_above_title'><\/span><span class='evcal_desc2 evcal_event_title' itemprop='name'>Jeudis des Lettres et des Mots, caf\u00e9 litt\u00e9raire pour adultes: \"Estremida mem\u00f2ria de Jes\u00fas Moncada\"<\/span><span class='evo_below_title'><\/span><span class='evcal_desc_info' ><\/span><span class='evcal_desc3'><\/span><\/span><em class='clear'><\/em><\/p><\/a><div class='event_description evcal_eventcard ' style=\"display:none\"><div class='evo_metarow_directimg'><img src='https:\/\/www.blanescostabrava.cat\/wp-content\/uploads\/2019\/12\/biblioteca-comarcal.jpg' alt=\"biblioteca_comarcal_blanes\"\/><\/div><div class='evo_metarow_details evorow evcal_evdata_row bordb evcal_event_details'>\n\t\t\t\t\t\t\t<div class=\"event_excerpt\" style=\"display:none\"><h3 class=\"padb5 evo_h3\">Description<\/h3><p>DATE : jeudi 7 maiHEURE : 19:00 hLIEU : Biblioth\u00e8que Roberto Bola\u00f1o\r\nPodcast<\/p><\/div><span class='evcal_evdata_icons'><i class='fa fa-align-justify'><\/i><\/span>\n\t\t\t\t\t\t\t\n\t\t\t\t\t\t\t<div class='evcal_evdata_cell shorter_desc'><div class='eventon_details_shading_bot'>\n\t\t\t\t\t\t\t\t<p class='eventon_shad_p' content='less'><span class='ev_more_text' data-txt='less'>more<\/span><span class='ev_more_arrow'><\/span><\/p>\n\t\t\t\t\t\t\t<\/div><div class='eventon_full_description'>\n\t\t\t\t\t\t\t\t\t<h3 class='padb5 evo_h3'><span class='evcal_evdata_icons'><i class='fa fa-align-justify'><\/i><\/span>Description<\/h3><div class='eventon_desc_in' itemprop='description'>\n\t\t\t\t\t\t\t\t\t<p data-start=\"684\" data-end=\"771\"><strong data-start=\"684\" data-end=\"694\">DATE :<\/strong> jeudi 7 mai<br data-start=\"706\" data-end=\"709\" \/><strong data-start=\"709\" data-end=\"720\">HEURE :<\/strong> 19:00 h<br data-start=\"728\" data-end=\"731\" \/><strong data-start=\"731\" data-end=\"741\">LIEU :<\/strong> Biblioth\u00e8que Roberto Bola\u00f1o<\/p>\n<p data-start=\"773\" data-end=\"845\" data-is-last-node=\"\" data-is-only-node=\"\">Podcast litt\u00e9raire : <a class=\"decorated-link\" href=\"https:\/\/biblioteca.blanes.cat\/dijousdelletresimots\/\" target=\"_new\" rel=\"noopener\" data-start=\"794\" data-end=\"845\" data-is-last-node=\"\">https:\/\/biblioteca.blanes.cat\/dijousdelletresimots\/<\/a><\/p>\n<\/div><div class='clear'><\/div>\n\t\t\t\t\t\t\t\t<\/div>\n\t\t\t\t\t\t\t<\/div>\n\t\t\t\t\t\t<\/div><div class='evo_metarow_time_location evorow bordb '>\n\t\t\t\t\t\t<div class='tb' >\n\t\t\t\t\t\t\t<div class='tbrow'>\n\t\t\t\t\t\t\t<div class='evcal_col50 bordr'>\n\t\t\t\t\t\t\t\t<div class='evcal_evdata_row evo_time'>\n\t\t\t\t\t\t\t\t\t<span class='evcal_evdata_icons'><i class='fa fa-clock-o'><\/i><\/span>\n\t\t\t\t\t\t\t\t\t<div class='evcal_evdata_cell'>\t\t\t\t\t\t\t\n\t\t\t\t\t\t\t\t\t\t<h3 class='evo_h3'><span class='evcal_evdata_icons'><i class='fa fa-clock-o'><\/i><\/span>Date<\/h3>\n\t\t\t\t\t\t\t\t\t\t<p>(Thursday) 7:00 pm - 9:00 pm<\/p>\n\t\t\t\t\t\t\t\t\t<\/div>\n\t\t\t\t\t\t\t\t<\/div>\n\t\t\t\t\t\t\t<\/div><div class='evcal_col50'>\n\t\t\t\t\t\t\t\t<div class='evcal_evdata_row evo_location'>\n\t\t\t\t\t\t\t\t\t<span class='evcal_evdata_icons'><i class='fa fa-map-marker'><\/i><\/span>\n\t\t\t\t\t\t\t\t\t<div class='evcal_evdata_cell' data-loc_tax_id='4568'>\t\t\t\t\t\t\t\n\t\t\t\t\t\t\t\t\t\t<h3 class='evo_h3'><span class='evcal_evdata_icons'><i class='fa fa-map-marker'><\/i><\/span>Location<\/h3><p class='evo_location_name'>Biblioth\u00e8que Roberto Bola\u00f1o<\/p><p class='evo_location_address'><\/p>\n\t\t\t\t\t\t\t\t\t<\/div>\n\t\t\t\t\t\t\t\t<\/div>\n\t\t\t\t\t\t\t<\/div><div class='clear'><\/div>\n\t\t\t\t\t\t\t<\/div><\/div>\n\t\t\t\t\t\t<\/div>\t\t\t\t\t\t<div class='evo_metarow_ICS evorow bordb evcal_evdata_row'>\n\t\t\t\t\t\t\t<span class=\"evcal_evdata_icons\"><i class=\"fa fa-calendar\"><\/i><\/span>\n\t\t\t\t\t\t\t<div class='evcal_evdata_cell'>\n\t\t\t\t\t\t\t\t<p><a href=\"https:\/\/www.blanescostabrava.cat\/wp-admin\/admin-ajax.php?action=eventon_ics_download&amp;event_id=233677&amp;sunix=20260507T170000Z&amp;eunix=20260507T190000Z&amp;loca=&amp;locn=Biblioth\u00e8que Roberto Bola\u00f1o\" class=\"evo_ics_nCal\" title=\"Add to your calendar\">Calendar<\/a><a href=\"\/\/www.google.com\/calendar\/event?action=TEMPLATE&amp;text=Jeudis+des+Lettres+et+des+Mots%2C+caf%C3%A9+litt%C3%A9raire+pour+adultes%3A+%22Estremida+mem%C3%B2ria+de+Jes%C3%BAs+Moncada%22&amp;dates=20260507T170000Z\/20260507T190000Z&amp;details=DATE+%3A+jeudi+7+maiHEURE+%3A+19%3A00+hLIEU+%3A+Biblioth%C3%A8que+Roberto+Bola%C3%B1o%0D%0APodcast&amp;location=Biblioth%C3%A8que+Roberto+Bola%C3%B1o - \" target=\"_blank\" class=\"evo_ics_gCal\" title=\"Add to google calendar\">GoogleCal<\/a><\/p>\t\n\t\t\t\t\t\t\t<\/div>\t\t\t\t\t\t<\/div>\n\t\t\t\t\t\t<\/div><div class='clear end'><\/div><\/div><div id=\"event_233539\" class=\"eventon_list_event evo_eventtop  event hasbgimg\" data-event_id=\"233539\" data-time=\"1778198401-1778457599\" data-colr=\"#206177\" itemscope itemtype='http:\/\/schema.org\/Event' 12><div class=\"evo_boxtop\" style=\"background-image: url(https:\/\/www.blanescostabrava.cat\/wp-content\/uploads\/2026\/04\/BLANES-HP.png); background-color:#206177;height:200px;\"><\/div><div class=\"evo_event_schema\" style=\"display:none\" ><a itemprop=\"url\" href=\"https:\/\/www.blanescostabrava.cat\/fr\/events\/championnats-de-catalogne-de-base-de-hockey-sur-patins\/\"><\/a><span itemprop='name'  >Championnats de Catalogne de base de hockey sur patins<\/span><meta itemprop='image' content='https:\/\/www.blanescostabrava.cat\/wp-content\/uploads\/2026\/04\/BLANES-HP.png' ><\/meta><meta itemprop='description' content='DATE : 8, 9 et 10 mai\r\n\r\nLIEU : Ciutat Esportiva Blanes\r\n\r\n' ><\/meta><meta itemprop='startDate' content='2026-5-8' ><\/meta><meta itemprop='endDate' content='2026-5-10' ><\/meta><meta itemprop='eventStatus' content='on-schedule' ><\/meta><script type=\"application\/ld+json\">{\t\"@context\": \"http:\/\/schema.org\",\n\t\t\t\t\t\t\t  \t\"@type\": \"Event\",\n\t\t\t\t\t\t\t  \t\"name\": \"Championnats de Catalogne de base de hockey sur patins\",\n\t\t\t\t\t\t\t  \t\"startDate\": \"2026-5-8T00-00-00-00\",\n\t\t\t\t\t\t\t  \t\"endDate\": \"2026-5-10T23-23-59-00\",\n\t\t\t\t\t\t\t  \t\"image\":\"https:\/\/www.blanescostabrava.cat\/wp-content\/uploads\/2026\/04\/BLANES-HP-240x300.png\",\n\t\t\t\t\t\t\t  \t\"description\":\"DATE : 8, 9 et 10 mai\r\n\r\nLIEU : Ciutat Esportiva Blanes\r\n\r\n\",\n\t\t\t\t\t\t\t  \t\n\t\t\t\t\t\t\t }<\/script><\/div>\n\t\t\t\t<p class=\"desc_trig_outter\"><a data-gmap_status=\"null\" data-exlk=\"0\" style=\"border-color: #206177;padding-top: 215px;height: 310px;\" id=\"evc_1778198401233539\" class=\"desc_trig mul_val evcal_list_a\" data-ux_val=\"3\"  ><span class='event-img'><img src='https:\/\/www.blanescostabrava.cat\/wp-content\/uploads\/2026\/04\/BLANES-HP.png'><\/span><span class='evcal_cblock ' data-bgcolor='#206177' data-smon='mai' data-syr='2026'><span class='evo_start '><em class='date'>08<\/em><em class='month'>mai<\/em><em class='time'>allday<\/em><\/span><span class='evo_end '><em class='date'>10<\/em><\/span><em class='clear'><\/em><\/span><span class='evcal_desc evo_info hide_eventtopdata '  data-location_status=\"false\" ><span class='evo_above_title'><\/span><span class='evcal_desc2 evcal_event_title' itemprop='name'>Championnats de Catalogne de base de hockey sur patins<\/span><span class='evo_below_title'><\/span><span class='evcal_desc_info' ><\/span><span class='evcal_desc3'><\/span><\/span><em class='clear'><\/em><\/p><\/a><div class='event_description evcal_eventcard ' style=\"display:none\"><div class='evo_metarow_directimg'><img src='https:\/\/www.blanescostabrava.cat\/wp-content\/uploads\/2026\/04\/BLANES-HP.png' \/><\/div><div class='evo_metarow_details evorow evcal_evdata_row bordb evcal_event_details'>\n\t\t\t\t\t\t\t<div class=\"event_excerpt\" style=\"display:none\"><h3 class=\"padb5 evo_h3\">Description<\/h3><p>DATE : 8, 9 et 10 mai\r\n\r\nLIEU : Ciutat Esportiva Blanes\r\n\r\n<\/p><\/div><span class='evcal_evdata_icons'><i class='fa fa-align-justify'><\/i><\/span>\n\t\t\t\t\t\t\t\n\t\t\t\t\t\t\t<div class='evcal_evdata_cell '><div class='eventon_full_description'>\n\t\t\t\t\t\t\t\t\t<h3 class='padb5 evo_h3'><span class='evcal_evdata_icons'><i class='fa fa-align-justify'><\/i><\/span>Description<\/h3><div class='eventon_desc_in' itemprop='description'>\n\t\t\t\t\t\t\t\t\t<p>DATE : 8, 9 et 10 mai<\/p>\n<p>LIEU : Ciutat Esportiva Blanes<\/p>\n<p><img class=\"alignnone size-large wp-image-233521\" src=\"https:\/\/www.blanescostabrava.cat\/wp-content\/uploads\/2026\/04\/BLANES-HP-819x1024.png\" alt=\"\" width=\"819\" height=\"1024\" srcset=\"https:\/\/www.blanescostabrava.cat\/wp-content\/uploads\/2026\/04\/BLANES-HP-819x1024.png 819w, https:\/\/www.blanescostabrava.cat\/wp-content\/uploads\/2026\/04\/BLANES-HP-240x300.png 240w, https:\/\/www.blanescostabrava.cat\/wp-content\/uploads\/2026\/04\/BLANES-HP-120x150.png 120w, https:\/\/www.blanescostabrava.cat\/wp-content\/uploads\/2026\/04\/BLANES-HP-768x960.png 768w, https:\/\/www.blanescostabrava.cat\/wp-content\/uploads\/2026\/04\/BLANES-HP-1229x1536.png 1229w, https:\/\/www.blanescostabrava.cat\/wp-content\/uploads\/2026\/04\/BLANES-HP-1638x2048.png 1638w, https:\/\/www.blanescostabrava.cat\/wp-content\/uploads\/2026\/04\/BLANES-HP-19x24.png 19w, https:\/\/www.blanescostabrava.cat\/wp-content\/uploads\/2026\/04\/BLANES-HP-29x36.png 29w, https:\/\/www.blanescostabrava.cat\/wp-content\/uploads\/2026\/04\/BLANES-HP-38x48.png 38w, https:\/\/www.blanescostabrava.cat\/wp-content\/uploads\/2026\/04\/BLANES-HP.png 2048w\" sizes=\"(max-width: 819px) 100vw, 819px\" \/><\/p>\n<\/div><div class='clear'><\/div>\n\t\t\t\t\t\t\t\t<\/div>\n\t\t\t\t\t\t\t<\/div>\n\t\t\t\t\t\t<\/div><div class='evo_metarow_time_location evorow bordb '>\n\t\t\t\t\t\t<div class='tb' >\n\t\t\t\t\t\t\t<div class='tbrow'>\n\t\t\t\t\t\t\t<div class='evcal_col50 bordr'>\n\t\t\t\t\t\t\t\t<div class='evcal_evdata_row evo_time'>\n\t\t\t\t\t\t\t\t\t<span class='evcal_evdata_icons'><i class='fa fa-clock-o'><\/i><\/span>\n\t\t\t\t\t\t\t\t\t<div class='evcal_evdata_cell'>\t\t\t\t\t\t\t\n\t\t\t\t\t\t\t\t\t\t<h3 class='evo_h3'><span class='evcal_evdata_icons'><i class='fa fa-clock-o'><\/i><\/span>Date<\/h3>\n\t\t\t\t\t\t\t\t\t\t<p>mai 8 (Friday) - 10 (Sunday)<\/p>\n\t\t\t\t\t\t\t\t\t<\/div>\n\t\t\t\t\t\t\t\t<\/div>\n\t\t\t\t\t\t\t<\/div><div class='evcal_col50'>\n\t\t\t\t\t\t\t\t<div class='evcal_evdata_row evo_location'>\n\t\t\t\t\t\t\t\t\t<span class='evcal_evdata_icons'><i class='fa fa-map-marker'><\/i><\/span>\n\t\t\t\t\t\t\t\t\t<div class='evcal_evdata_cell' data-loc_tax_id='2919'>\t\t\t\t\t\t\t\n\t\t\t\t\t\t\t\t\t\t<h3 class='evo_h3'><span class='evcal_evdata_icons'><i class='fa fa-map-marker'><\/i><\/span>Location<\/h3><p class='evo_location_name'>Ciutat Esportiva Blanes<\/p><p class='evo_location_address'><\/p>\n\t\t\t\t\t\t\t\t\t<\/div>\n\t\t\t\t\t\t\t\t<\/div>\n\t\t\t\t\t\t\t<\/div><div class='clear'><\/div>\n\t\t\t\t\t\t\t<\/div><\/div>\n\t\t\t\t\t\t<\/div>\t\t\t\t\t\t<div class='evo_metarow_ICS evorow bordb evcal_evdata_row'>\n\t\t\t\t\t\t\t<span class=\"evcal_evdata_icons\"><i class=\"fa fa-calendar\"><\/i><\/span>\n\t\t\t\t\t\t\t<div class='evcal_evdata_cell'>\n\t\t\t\t\t\t\t\t<p><a href=\"https:\/\/www.blanescostabrava.cat\/wp-admin\/admin-ajax.php?action=eventon_ics_download&amp;event_id=233539&amp;sunix=20260507T220000Z&amp;eunix=20260510T215900Z&amp;loca=&amp;locn=Ciutat Esportiva Blanes\" class=\"evo_ics_nCal\" title=\"Add to your calendar\">Calendar<\/a><a href=\"\/\/www.google.com\/calendar\/event?action=TEMPLATE&amp;text=Championnats+de+Catalogne+de+base+de+hockey+sur+patins&amp;dates=20260507T220000Z\/20260510T215900Z&amp;details=DATE+%3A+8%2C+9+et+10+mai%0D%0A%0D%0ALIEU+%3A+Ciutat+Esportiva+Blanes%0D%0A%0D%0A&amp;location=Ciutat+Esportiva+Blanes - \" target=\"_blank\" class=\"evo_ics_gCal\" title=\"Add to google calendar\">GoogleCal<\/a><\/p>\t\n\t\t\t\t\t\t\t<\/div>\t\t\t\t\t\t<\/div>\n\t\t\t\t\t\t<\/div><div class='clear end'><\/div><\/div><div id=\"event_233989\" class=\"eventon_list_event evo_eventtop  event hasbgimg\" data-event_id=\"233989\" data-time=\"1778198401-1780099199\" data-colr=\"#206177\" itemscope itemtype='http:\/\/schema.org\/Event' 13><div class=\"evo_boxtop\" style=\"background-image: url(https:\/\/www.blanescostabrava.cat\/wp-content\/uploads\/2026\/04\/Xerrada_Primer-Casino-de-Blanes-mai26.jpg); background-color:#206177;height:200px;\"><\/div><div class=\"evo_event_schema\" style=\"display:none\" ><a itemprop=\"url\" href=\"https:\/\/www.blanescostabrava.cat\/fr\/events\/exposition-de-divers-materiaux-de-lentite-primer-casino-de-blanes\/\"><\/a><span itemprop='name'  >Exposition de divers mat\u00e9riaux de l\u2019entit\u00e9 - Primer Casino de Blanes<\/span><meta itemprop='image' content='https:\/\/www.blanescostabrava.cat\/wp-content\/uploads\/2026\/04\/Xerrada_Primer-Casino-de-Blanes-mai26.jpg' ><\/meta><meta itemprop='description' content='DATE :\r\nConf\u00e9rence : 8 mai \u00e0 19h00Exposition : Du 8 au 29 mai\r\nLIEU : Biblioteca Roberto Bola\u00f1o\r\n' ><\/meta><meta itemprop='startDate' content='2026-5-8' ><\/meta><meta itemprop='endDate' content='2026-5-29' ><\/meta><meta itemprop='eventStatus' content='on-schedule' ><\/meta><script type=\"application\/ld+json\">{\t\"@context\": \"http:\/\/schema.org\",\n\t\t\t\t\t\t\t  \t\"@type\": \"Event\",\n\t\t\t\t\t\t\t  \t\"name\": \"Exposition de divers mat\u00e9riaux de l\u2019entit\u00e9 - Primer Casino de Blanes\",\n\t\t\t\t\t\t\t  \t\"startDate\": \"2026-5-8T00-00-00-00\",\n\t\t\t\t\t\t\t  \t\"endDate\": \"2026-5-29T23-23-59-00\",\n\t\t\t\t\t\t\t  \t\"image\":\"https:\/\/www.blanescostabrava.cat\/wp-content\/uploads\/2026\/04\/Xerrada_Primer-Casino-de-Blanes-mai26-212x300.jpg\",\n\t\t\t\t\t\t\t  \t\"description\":\"DATE :\r\nConf\u00e9rence : 8 mai \u00e0 19h00Exposition : Du 8 au 29 mai\r\nLIEU : Biblioteca Roberto Bola\u00f1o\r\n\",\n\t\t\t\t\t\t\t  \t\n\t\t\t\t\t\t\t }<\/script><\/div>\n\t\t\t\t<p class=\"desc_trig_outter\"><a data-gmap_status=\"null\" data-exlk=\"0\" style=\"border-color: #206177;padding-top: 215px;height: 310px;\" id=\"evc_1778198401233989\" class=\"desc_trig mul_val evcal_list_a\" data-ux_val=\"3\"  ><span class='event-img'><img src='https:\/\/www.blanescostabrava.cat\/wp-content\/uploads\/2026\/04\/Xerrada_Primer-Casino-de-Blanes-mai26.jpg'><\/span><span class='evcal_cblock ' data-bgcolor='#206177' data-smon='mai' data-syr='2026'><span class='evo_start '><em class='date'>08<\/em><em class='month'>mai<\/em><em class='time'>allday<\/em><\/span><span class='evo_end '><em class='date'>29<\/em><\/span><em class='clear'><\/em><\/span><span class='evcal_desc evo_info hide_eventtopdata '  data-location_status=\"false\" ><span class='evo_above_title'><\/span><span class='evcal_desc2 evcal_event_title' itemprop='name'>Exposition de divers mat\u00e9riaux de l\u2019entit\u00e9 - Primer Casino de Blanes<\/span><span class='evo_below_title'><\/span><span class='evcal_desc_info' ><\/span><span class='evcal_desc3'><\/span><\/span><em class='clear'><\/em><\/p><\/a><div class='event_description evcal_eventcard ' style=\"display:none\"><div class='evo_metarow_directimg'><img src='https:\/\/www.blanescostabrava.cat\/wp-content\/uploads\/2026\/04\/Xerrada_Primer-Casino-de-Blanes-mai26.jpg' \/><\/div><div class='evo_metarow_details evorow evcal_evdata_row bordb evcal_event_details'>\n\t\t\t\t\t\t\t<div class=\"event_excerpt\" style=\"display:none\"><h3 class=\"padb5 evo_h3\">Description<\/h3><p>DATE :\r\nConf\u00e9rence : 8 mai \u00e0 19h00Exposition : Du 8 au 29 mai\r\nLIEU : Biblioteca Roberto Bola\u00f1o\r\n<\/p><\/div><span class='evcal_evdata_icons'><i class='fa fa-align-justify'><\/i><\/span>\n\t\t\t\t\t\t\t\n\t\t\t\t\t\t\t<div class='evcal_evdata_cell '><div class='eventon_full_description'>\n\t\t\t\t\t\t\t\t\t<h3 class='padb5 evo_h3'><span class='evcal_evdata_icons'><i class='fa fa-align-justify'><\/i><\/span>Description<\/h3><div class='eventon_desc_in' itemprop='description'>\n\t\t\t\t\t\t\t\t\t<p data-start=\"609\" data-end=\"617\">DATE :<\/p>\n<p data-start=\"619\" data-end=\"677\">Conf\u00e9rence : 8 mai \u00e0 19h00<br data-start=\"645\" data-end=\"648\" \/>Exposition : Du 8 au 29 mai<\/p>\n<p data-start=\"679\" data-end=\"713\">LIEU : Biblioteca Roberto Bola\u00f1o<\/p>\n<p data-start=\"679\" data-end=\"713\"><img class=\"alignnone size-large wp-image-233971\" src=\"https:\/\/www.blanescostabrava.cat\/wp-content\/uploads\/2026\/04\/Xerrada_Primer-Casino-de-Blanes-mai26-724x1024.jpg\" alt=\"\" width=\"724\" height=\"1024\" srcset=\"https:\/\/www.blanescostabrava.cat\/wp-content\/uploads\/2026\/04\/Xerrada_Primer-Casino-de-Blanes-mai26-724x1024.jpg 724w, https:\/\/www.blanescostabrava.cat\/wp-content\/uploads\/2026\/04\/Xerrada_Primer-Casino-de-Blanes-mai26-212x300.jpg 212w, https:\/\/www.blanescostabrava.cat\/wp-content\/uploads\/2026\/04\/Xerrada_Primer-Casino-de-Blanes-mai26-106x150.jpg 106w, https:\/\/www.blanescostabrava.cat\/wp-content\/uploads\/2026\/04\/Xerrada_Primer-Casino-de-Blanes-mai26-768x1086.jpg 768w, https:\/\/www.blanescostabrava.cat\/wp-content\/uploads\/2026\/04\/Xerrada_Primer-Casino-de-Blanes-mai26-1086x1536.jpg 1086w, https:\/\/www.blanescostabrava.cat\/wp-content\/uploads\/2026\/04\/Xerrada_Primer-Casino-de-Blanes-mai26-1448x2048.jpg 1448w, https:\/\/www.blanescostabrava.cat\/wp-content\/uploads\/2026\/04\/Xerrada_Primer-Casino-de-Blanes-mai26-17x24.jpg 17w, https:\/\/www.blanescostabrava.cat\/wp-content\/uploads\/2026\/04\/Xerrada_Primer-Casino-de-Blanes-mai26-25x36.jpg 25w, https:\/\/www.blanescostabrava.cat\/wp-content\/uploads\/2026\/04\/Xerrada_Primer-Casino-de-Blanes-mai26-34x48.jpg 34w, https:\/\/www.blanescostabrava.cat\/wp-content\/uploads\/2026\/04\/Xerrada_Primer-Casino-de-Blanes-mai26.jpg 1587w\" sizes=\"(max-width: 724px) 100vw, 724px\" \/><\/p>\n<\/div><div class='clear'><\/div>\n\t\t\t\t\t\t\t\t<\/div>\n\t\t\t\t\t\t\t<\/div>\n\t\t\t\t\t\t<\/div><div class='evo_metarow_time_location evorow bordb '>\n\t\t\t\t\t\t<div class='tb' >\n\t\t\t\t\t\t\t<div class='tbrow'>\n\t\t\t\t\t\t\t<div class='evcal_col50 bordr'>\n\t\t\t\t\t\t\t\t<div class='evcal_evdata_row evo_time'>\n\t\t\t\t\t\t\t\t\t<span class='evcal_evdata_icons'><i class='fa fa-clock-o'><\/i><\/span>\n\t\t\t\t\t\t\t\t\t<div class='evcal_evdata_cell'>\t\t\t\t\t\t\t\n\t\t\t\t\t\t\t\t\t\t<h3 class='evo_h3'><span class='evcal_evdata_icons'><i class='fa fa-clock-o'><\/i><\/span>Date<\/h3>\n\t\t\t\t\t\t\t\t\t\t<p>mai 8 (Friday) - 29 (Friday)<\/p>\n\t\t\t\t\t\t\t\t\t<\/div>\n\t\t\t\t\t\t\t\t<\/div>\n\t\t\t\t\t\t\t<\/div><div class='evcal_col50'>\n\t\t\t\t\t\t\t\t<div class='evcal_evdata_row evo_location'>\n\t\t\t\t\t\t\t\t\t<span class='evcal_evdata_icons'><i class='fa fa-map-marker'><\/i><\/span>\n\t\t\t\t\t\t\t\t\t<div class='evcal_evdata_cell' data-loc_tax_id='6004'>\t\t\t\t\t\t\t\n\t\t\t\t\t\t\t\t\t\t<h3 class='evo_h3'><span class='evcal_evdata_icons'><i class='fa fa-map-marker'><\/i><\/span>Location<\/h3><p class='evo_location_name'>Biblioteca Roberto Bola\u00f1o<\/p><p class='evo_location_address'><\/p>\n\t\t\t\t\t\t\t\t\t<\/div>\n\t\t\t\t\t\t\t\t<\/div>\n\t\t\t\t\t\t\t<\/div><div class='clear'><\/div>\n\t\t\t\t\t\t\t<\/div><\/div>\n\t\t\t\t\t\t<\/div>\t\t\t\t\t\t<div class='evo_metarow_ICS evorow bordb evcal_evdata_row'>\n\t\t\t\t\t\t\t<span class=\"evcal_evdata_icons\"><i class=\"fa fa-calendar\"><\/i><\/span>\n\t\t\t\t\t\t\t<div class='evcal_evdata_cell'>\n\t\t\t\t\t\t\t\t<p><a href=\"https:\/\/www.blanescostabrava.cat\/wp-admin\/admin-ajax.php?action=eventon_ics_download&amp;event_id=233989&amp;sunix=20260507T220000Z&amp;eunix=20260529T215900Z&amp;loca=&amp;locn=Biblioteca Roberto Bola\u00f1o\" class=\"evo_ics_nCal\" title=\"Add to your calendar\">Calendar<\/a><a href=\"\/\/www.google.com\/calendar\/event?action=TEMPLATE&amp;text=Exposition+de+divers+mat%C3%A9riaux+de+l%E2%80%99entit%C3%A9+-+Primer+Casino+de+Blanes&amp;dates=20260507T220000Z\/20260529T215900Z&amp;details=DATE+%3A%0D%0AConf%C3%A9rence+%3A+8+mai+%C3%A0+19h00Exposition+%3A+Du+8+au+29+mai%0D%0ALIEU+%3A+Biblioteca+Roberto+Bola%C3%B1o%0D%0A&amp;location=Biblioteca+Roberto+Bola%C3%B1o - \" target=\"_blank\" class=\"evo_ics_gCal\" title=\"Add to google calendar\">GoogleCal<\/a><\/p>\t\n\t\t\t\t\t\t\t<\/div>\t\t\t\t\t\t<\/div>\n\t\t\t\t\t\t<\/div><div class='clear end'><\/div><\/div><div id=\"event_233905\" class=\"eventon_list_event evo_eventtop  event hasbgimg\" data-event_id=\"233905\" data-time=\"1778277600-1780056000\" data-colr=\"#206177\" itemscope itemtype='http:\/\/schema.org\/Event' 14><div class=\"evo_boxtop\" style=\"background-image: url(https:\/\/www.blanescostabrava.cat\/wp-content\/uploads\/2026\/04\/Cartell-concerts-2026_page-0001.jpg); background-color:#206177;height:200px;\"><\/div><div class=\"evo_event_schema\" style=\"display:none\" ><a itemprop=\"url\" href=\"https:\/\/www.blanescostabrava.cat\/fr\/events\/musique-a-lesperanca-xxxiv-cycle-de-concerts\/\"><\/a><span itemprop='name'  >Musique \u00e0 L'Esperan\u00e7a: XXXIV Cycle de concerts<\/span><meta itemprop='image' content='https:\/\/www.blanescostabrava.cat\/wp-content\/uploads\/2026\/04\/Cartell-concerts-2026_page-0001.jpg' ><\/meta><meta itemprop='description' content='DATE : 8, 15, 22 et 29 mai\r\n\r\nHEURE : 22:00 h\r\n\r\nLIEU : \u00e0 la chapelle de L'Esperan\u00e7a\r\n\r\n' ><\/meta><meta itemprop='startDate' content='2026-5-8' ><\/meta><meta itemprop='endDate' content='2026-5-29' ><\/meta><meta itemprop='eventStatus' content='on-schedule' ><\/meta><script type=\"application\/ld+json\">{\t\"@context\": \"http:\/\/schema.org\",\n\t\t\t\t\t\t\t  \t\"@type\": \"Event\",\n\t\t\t\t\t\t\t  \t\"name\": \"Musique \u00e0 L'Esperan\u00e7a: XXXIV Cycle de concerts\",\n\t\t\t\t\t\t\t  \t\"startDate\": \"2026-5-8T22-22-00-00\",\n\t\t\t\t\t\t\t  \t\"endDate\": \"2026-5-29T12-12-00-00\",\n\t\t\t\t\t\t\t  \t\"image\":\"https:\/\/www.blanescostabrava.cat\/wp-content\/uploads\/2026\/04\/Cartell-concerts-2026_page-0001-212x300.jpg\",\n\t\t\t\t\t\t\t  \t\"description\":\"DATE : 8, 15, 22 et 29 mai\r\n\r\nHEURE : 22:00 h\r\n\r\nLIEU : \u00e0 la chapelle de L'Esperan\u00e7a\r\n\r\n\",\n\t\t\t\t\t\t\t  \t\n\t\t\t\t\t\t\t }<\/script><\/div>\n\t\t\t\t<p class=\"desc_trig_outter\"><a data-gmap_status=\"null\" data-exlk=\"0\" style=\"border-color: #206177;padding-top: 215px;height: 310px;\" id=\"evc_1778277600233905\" class=\"desc_trig mul_val evcal_list_a\" data-ux_val=\"3\"  ><span class='event-img'><img src='https:\/\/www.blanescostabrava.cat\/wp-content\/uploads\/2026\/04\/Cartell-concerts-2026_page-0001.jpg'><\/span><span class='evcal_cblock ' data-bgcolor='#206177' data-smon='mai' data-syr='2026'><span class='evo_start '><em class='date'>08<\/em><em class='month'>mai<\/em><em class='time'><i t=\"y\">(mai 8)<\/i>10:00 pm<\/em><\/span><span class='evo_end '><em class='date'>29<\/em><em class='time'><i t=\"y\">(mai 29)<\/i>12:00 pm<\/em><\/span><em class='clear'><\/em><\/span><span class='evcal_desc evo_info hide_eventtopdata '  data-location_status=\"false\" ><span class='evo_above_title'><\/span><span class='evcal_desc2 evcal_event_title' itemprop='name'>Musique \u00e0 L'Esperan\u00e7a: XXXIV Cycle de concerts<\/span><span class='evo_below_title'><\/span><span class='evcal_desc_info' ><\/span><span class='evcal_desc3'><\/span><\/span><em class='clear'><\/em><\/p><\/a><div class='event_description evcal_eventcard ' style=\"display:none\"><div class='evo_metarow_directimg'><img src='https:\/\/www.blanescostabrava.cat\/wp-content\/uploads\/2026\/04\/Cartell-concerts-2026_page-0001.jpg' \/><\/div><div class='evo_metarow_details evorow evcal_evdata_row bordb evcal_event_details'>\n\t\t\t\t\t\t\t<div class=\"event_excerpt\" style=\"display:none\"><h3 class=\"padb5 evo_h3\">Description<\/h3><p>DATE : 8, 15, 22 et 29 mai\r\n\r\nHEURE : 22:00 h\r\n\r\nLIEU : \u00e0 la chapelle de L'Esperan\u00e7a\r\n\r\n<\/p><\/div><span class='evcal_evdata_icons'><i class='fa fa-align-justify'><\/i><\/span>\n\t\t\t\t\t\t\t\n\t\t\t\t\t\t\t<div class='evcal_evdata_cell '><div class='eventon_full_description'>\n\t\t\t\t\t\t\t\t\t<h3 class='padb5 evo_h3'><span class='evcal_evdata_icons'><i class='fa fa-align-justify'><\/i><\/span>Description<\/h3><div class='eventon_desc_in' itemprop='description'>\n\t\t\t\t\t\t\t\t\t<p>DATE : 8, 15, 22 et 29 mai<\/p>\n<p>HEURE : 22:00 h<\/p>\n<p>LIEU : \u00e0 la chapelle de L&rsquo;Esperan\u00e7a<\/p>\n<p><img class=\"alignnone size-large wp-image-233887\" src=\"https:\/\/www.blanescostabrava.cat\/wp-content\/uploads\/2026\/04\/Cartell-concerts-2026_page-0001-724x1024.jpg\" alt=\"\" width=\"724\" height=\"1024\" srcset=\"https:\/\/www.blanescostabrava.cat\/wp-content\/uploads\/2026\/04\/Cartell-concerts-2026_page-0001-724x1024.jpg 724w, https:\/\/www.blanescostabrava.cat\/wp-content\/uploads\/2026\/04\/Cartell-concerts-2026_page-0001-212x300.jpg 212w, https:\/\/www.blanescostabrava.cat\/wp-content\/uploads\/2026\/04\/Cartell-concerts-2026_page-0001-106x150.jpg 106w, https:\/\/www.blanescostabrava.cat\/wp-content\/uploads\/2026\/04\/Cartell-concerts-2026_page-0001-768x1086.jpg 768w, https:\/\/www.blanescostabrava.cat\/wp-content\/uploads\/2026\/04\/Cartell-concerts-2026_page-0001-1086x1536.jpg 1086w, https:\/\/www.blanescostabrava.cat\/wp-content\/uploads\/2026\/04\/Cartell-concerts-2026_page-0001-17x24.jpg 17w, https:\/\/www.blanescostabrava.cat\/wp-content\/uploads\/2026\/04\/Cartell-concerts-2026_page-0001-25x36.jpg 25w, https:\/\/www.blanescostabrava.cat\/wp-content\/uploads\/2026\/04\/Cartell-concerts-2026_page-0001-34x48.jpg 34w, https:\/\/www.blanescostabrava.cat\/wp-content\/uploads\/2026\/04\/Cartell-concerts-2026_page-0001.jpg 1241w\" sizes=\"(max-width: 724px) 100vw, 724px\" \/><\/p>\n<\/div><div class='clear'><\/div>\n\t\t\t\t\t\t\t\t<\/div>\n\t\t\t\t\t\t\t<\/div>\n\t\t\t\t\t\t<\/div><div class='evo_metarow_time_location evorow bordb '>\n\t\t\t\t\t\t<div class='tb' >\n\t\t\t\t\t\t\t<div class='tbrow'>\n\t\t\t\t\t\t\t<div class='evcal_col50 bordr'>\n\t\t\t\t\t\t\t\t<div class='evcal_evdata_row evo_time'>\n\t\t\t\t\t\t\t\t\t<span class='evcal_evdata_icons'><i class='fa fa-clock-o'><\/i><\/span>\n\t\t\t\t\t\t\t\t\t<div class='evcal_evdata_cell'>\t\t\t\t\t\t\t\n\t\t\t\t\t\t\t\t\t\t<h3 class='evo_h3'><span class='evcal_evdata_icons'><i class='fa fa-clock-o'><\/i><\/span>Date<\/h3>\n\t\t\t\t\t\t\t\t\t\t<p>8 (Friday) 10:00 pm - 29 (Friday) 12:00 pm<\/p>\n\t\t\t\t\t\t\t\t\t<\/div>\n\t\t\t\t\t\t\t\t<\/div>\n\t\t\t\t\t\t\t<\/div><div class='evcal_col50'>\n\t\t\t\t\t\t\t\t<div class='evcal_evdata_row evo_location'>\n\t\t\t\t\t\t\t\t\t<span class='evcal_evdata_icons'><i class='fa fa-map-marker'><\/i><\/span>\n\t\t\t\t\t\t\t\t\t<div class='evcal_evdata_cell' data-loc_tax_id='6631'>\t\t\t\t\t\t\t\n\t\t\t\t\t\t\t\t\t\t<h3 class='evo_h3'><span class='evcal_evdata_icons'><i class='fa fa-map-marker'><\/i><\/span>Location<\/h3><p class='evo_location_name'>\u00e0 la chapelle de L&#039;Esperan\u00e7a<\/p><p class='evo_location_address'><\/p>\n\t\t\t\t\t\t\t\t\t<\/div>\n\t\t\t\t\t\t\t\t<\/div>\n\t\t\t\t\t\t\t<\/div><div class='clear'><\/div>\n\t\t\t\t\t\t\t<\/div><\/div>\n\t\t\t\t\t\t<\/div>\t\t\t\t\t\t<div class='evo_metarow_ICS evorow bordb evcal_evdata_row'>\n\t\t\t\t\t\t\t<span class=\"evcal_evdata_icons\"><i class=\"fa fa-calendar\"><\/i><\/span>\n\t\t\t\t\t\t\t<div class='evcal_evdata_cell'>\n\t\t\t\t\t\t\t\t<p><a href=\"https:\/\/www.blanescostabrava.cat\/wp-admin\/admin-ajax.php?action=eventon_ics_download&amp;event_id=233905&amp;sunix=20260508T200000Z&amp;eunix=20260529T100000Z&amp;loca=&amp;locn=\u00e0 la chapelle de L&#039;Esperan\u00e7a\" class=\"evo_ics_nCal\" title=\"Add to your calendar\">Calendar<\/a><a href=\"\/\/www.google.com\/calendar\/event?action=TEMPLATE&amp;text=Musique+%C3%A0+L%27Esperan%C3%A7a%3A+XXXIV+Cycle+de+concerts&amp;dates=20260508T200000Z\/20260529T100000Z&amp;details=DATE+%3A+8%2C+15%2C+22+et+29+mai%0D%0A%0D%0AHEURE+%3A+22%3A00+h%0D%0A%0D%0ALIEU+%3A+%C3%A0+la+chapelle+de+L%27Esperan%C3%A7a%0D%0A%0D%0A&amp;location=%C3%A0+la+chapelle+de+L%26%23039%3BEsperan%C3%A7a - \" target=\"_blank\" class=\"evo_ics_gCal\" title=\"Add to google calendar\">GoogleCal<\/a><\/p>\t\n\t\t\t\t\t\t\t<\/div>\t\t\t\t\t\t<\/div>\n\t\t\t\t\t\t<\/div><div class='clear end'><\/div><\/div><div id=\"event_232036\" class=\"eventon_list_event evo_eventtop  event hasbgimg\" data-event_id=\"232036\" data-time=\"1778320800-1778328000\" data-colr=\"#206177\" itemscope itemtype='http:\/\/schema.org\/Event' 15><div class=\"evo_boxtop\" style=\"background-image: url(https:\/\/www.blanescostabrava.cat\/wp-content\/uploads\/2026\/03\/WhatsApp-Image-2026-03-07-at-19.17.46.jpeg); background-color:#206177;height:200px;\"><\/div><div class=\"evo_event_schema\" style=\"display:none\" ><a itemprop=\"url\" href=\"https:\/\/www.blanescostabrava.cat\/fr\/events\/torneig-de-padel-solidari\/\"><\/a><span itemprop='name'  >Torneig de P\u00e0del Solidari<\/span><meta itemprop='image' content='https:\/\/www.blanescostabrava.cat\/wp-content\/uploads\/2026\/03\/WhatsApp-Image-2026-03-07-at-19.17.46.jpeg' ><\/meta><meta itemprop='description' content='DIA: 9 de maig\u00a0\r\n\r\nLLOC: Espai P\u00e0del\r\n\r\nHORA: 10:00 h\r\n\r\n\r\n\r\n&nbsp;' ><\/meta><meta itemprop='startDate' content='2026-5-9' ><\/meta><meta itemprop='endDate' content='2026-5-9' ><\/meta><meta itemprop='eventStatus' content='on-schedule' ><\/meta><script type=\"application\/ld+json\">{\t\"@context\": \"http:\/\/schema.org\",\n\t\t\t\t\t\t\t  \t\"@type\": \"Event\",\n\t\t\t\t\t\t\t  \t\"name\": \"Torneig de P\u00e0del Solidari\",\n\t\t\t\t\t\t\t  \t\"startDate\": \"2026-5-9T10-10-00-00\",\n\t\t\t\t\t\t\t  \t\"endDate\": \"2026-5-9T12-12-00-00\",\n\t\t\t\t\t\t\t  \t\"image\":\"https:\/\/www.blanescostabrava.cat\/wp-content\/uploads\/2026\/03\/WhatsApp-Image-2026-03-07-at-19.17.46-212x300.jpeg\",\n\t\t\t\t\t\t\t  \t\"description\":\"DIA: 9 de maig\u00a0\r\n\r\nLLOC: Espai P\u00e0del\r\n\r\nHORA: 10:00 h\r\n\r\n\r\n\r\n&nbsp;\",\n\t\t\t\t\t\t\t  \t\n\t\t\t\t\t\t\t }<\/script><\/div>\n\t\t\t\t<p class=\"desc_trig_outter\"><a data-gmap_status=\"null\" data-exlk=\"0\" style=\"border-color: #206177;padding-top: 215px;height: 310px;\" id=\"evc_1778320800232036\" class=\"desc_trig sin_val evcal_list_a\" data-ux_val=\"3\"  ><span class='event-img'><img src='https:\/\/www.blanescostabrava.cat\/wp-content\/uploads\/2026\/03\/WhatsApp-Image-2026-03-07-at-19.17.46.jpeg'><\/span><span class='evcal_cblock ' data-bgcolor='#206177' data-smon='mai' data-syr='2026'><span class='evo_start '><em class='date'>09<\/em><em class='month'>mai<\/em><em class='time'>10:00 am<\/em><\/span><span class='evo_end only_time'><em class='time'>12:00 pm<\/em><\/span><em class='clear'><\/em><\/span><span class='evcal_desc evo_info hide_eventtopdata '  data-location_status=\"false\" ><span class='evo_above_title'><\/span><span class='evcal_desc2 evcal_event_title' itemprop='name'>Torneig de P\u00e0del Solidari<\/span><span class='evo_below_title'><\/span><span class='evcal_desc_info' ><\/span><span class='evcal_desc3'><\/span><\/span><em class='clear'><\/em><\/p><\/a><div class='event_description evcal_eventcard ' style=\"display:none\"><div class='evo_metarow_directimg'><img src='https:\/\/www.blanescostabrava.cat\/wp-content\/uploads\/2026\/03\/WhatsApp-Image-2026-03-07-at-19.17.46.jpeg' \/><\/div><div class='evo_metarow_details evorow evcal_evdata_row bordb evcal_event_details'>\n\t\t\t\t\t\t\t<div class=\"event_excerpt\" style=\"display:none\"><h3 class=\"padb5 evo_h3\">Description<\/h3><p>DIA: 9 de maig\u00a0\r\n\r\nLLOC: Espai P\u00e0del\r\n\r\nHORA: 10:00 h\r\n\r\n\r\n\r\n&nbsp;<\/p><\/div><span class='evcal_evdata_icons'><i class='fa fa-align-justify'><\/i><\/span>\n\t\t\t\t\t\t\t\n\t\t\t\t\t\t\t<div class='evcal_evdata_cell '><div class='eventon_full_description'>\n\t\t\t\t\t\t\t\t\t<h3 class='padb5 evo_h3'><span class='evcal_evdata_icons'><i class='fa fa-align-justify'><\/i><\/span>Description<\/h3><div class='eventon_desc_in' itemprop='description'>\n\t\t\t\t\t\t\t\t\t<p><strong><span dir=\"ltr\" role=\"presentation\">DIA:<\/span><\/strong><span dir=\"ltr\" role=\"presentation\"> 9 de maig\u00a0<\/span><\/p>\n<p><strong>LLOC:<\/strong> Espai P\u00e0del<\/p>\n<p><strong>HORA:<\/strong> 10:00 h<\/p>\n<p><img class=\"alignnone size-large wp-image-232039\" src=\"https:\/\/www.blanescostabrava.cat\/wp-content\/uploads\/2026\/03\/WhatsApp-Image-2026-03-07-at-19.17.46-724x1024.jpeg\" alt=\"\" width=\"724\" height=\"1024\" srcset=\"https:\/\/www.blanescostabrava.cat\/wp-content\/uploads\/2026\/03\/WhatsApp-Image-2026-03-07-at-19.17.46-724x1024.jpeg 724w, https:\/\/www.blanescostabrava.cat\/wp-content\/uploads\/2026\/03\/WhatsApp-Image-2026-03-07-at-19.17.46-212x300.jpeg 212w, https:\/\/www.blanescostabrava.cat\/wp-content\/uploads\/2026\/03\/WhatsApp-Image-2026-03-07-at-19.17.46-106x150.jpeg 106w, https:\/\/www.blanescostabrava.cat\/wp-content\/uploads\/2026\/03\/WhatsApp-Image-2026-03-07-at-19.17.46-768x1086.jpeg 768w, https:\/\/www.blanescostabrava.cat\/wp-content\/uploads\/2026\/03\/WhatsApp-Image-2026-03-07-at-19.17.46-1086x1536.jpeg 1086w, https:\/\/www.blanescostabrava.cat\/wp-content\/uploads\/2026\/03\/WhatsApp-Image-2026-03-07-at-19.17.46-17x24.jpeg 17w, https:\/\/www.blanescostabrava.cat\/wp-content\/uploads\/2026\/03\/WhatsApp-Image-2026-03-07-at-19.17.46-25x36.jpeg 25w, https:\/\/www.blanescostabrava.cat\/wp-content\/uploads\/2026\/03\/WhatsApp-Image-2026-03-07-at-19.17.46-34x48.jpeg 34w, https:\/\/www.blanescostabrava.cat\/wp-content\/uploads\/2026\/03\/WhatsApp-Image-2026-03-07-at-19.17.46.jpeg 1131w\" sizes=\"(max-width: 724px) 100vw, 724px\" \/><\/p>\n<p>&nbsp;<\/p>\n<\/div><div class='clear'><\/div>\n\t\t\t\t\t\t\t\t<\/div>\n\t\t\t\t\t\t\t<\/div>\n\t\t\t\t\t\t<\/div><div class='evo_metarow_time_location evorow bordb '>\n\t\t\t\t\t\t<div class='tb' >\n\t\t\t\t\t\t\t<div class='tbrow'>\n\t\t\t\t\t\t\t<div class='evcal_col50 bordr'>\n\t\t\t\t\t\t\t\t<div class='evcal_evdata_row evo_time'>\n\t\t\t\t\t\t\t\t\t<span class='evcal_evdata_icons'><i class='fa fa-clock-o'><\/i><\/span>\n\t\t\t\t\t\t\t\t\t<div class='evcal_evdata_cell'>\t\t\t\t\t\t\t\n\t\t\t\t\t\t\t\t\t\t<h3 class='evo_h3'><span class='evcal_evdata_icons'><i class='fa fa-clock-o'><\/i><\/span>Date<\/h3>\n\t\t\t\t\t\t\t\t\t\t<p>(Saturday) 10:00 am - 12:00 pm<\/p>\n\t\t\t\t\t\t\t\t\t<\/div>\n\t\t\t\t\t\t\t\t<\/div>\n\t\t\t\t\t\t\t<\/div><div class='evcal_col50'>\n\t\t\t\t\t\t\t\t<div class='evcal_evdata_row evo_location'>\n\t\t\t\t\t\t\t\t\t<span class='evcal_evdata_icons'><i class='fa fa-map-marker'><\/i><\/span>\n\t\t\t\t\t\t\t\t\t<div class='evcal_evdata_cell' data-loc_tax_id='6466'>\t\t\t\t\t\t\t\n\t\t\t\t\t\t\t\t\t\t<h3 class='evo_h3'><span class='evcal_evdata_icons'><i class='fa fa-map-marker'><\/i><\/span>Location<\/h3><p class='evo_location_name'>Espai P\u00e0del<\/p><p class='evo_location_address'><\/p>\n\t\t\t\t\t\t\t\t\t<\/div>\n\t\t\t\t\t\t\t\t<\/div>\n\t\t\t\t\t\t\t<\/div><div class='clear'><\/div>\n\t\t\t\t\t\t\t<\/div><\/div>\n\t\t\t\t\t\t<\/div>\t\t\t\t\t\t<div class='evo_metarow_ICS evorow bordb evcal_evdata_row'>\n\t\t\t\t\t\t\t<span class=\"evcal_evdata_icons\"><i class=\"fa fa-calendar\"><\/i><\/span>\n\t\t\t\t\t\t\t<div class='evcal_evdata_cell'>\n\t\t\t\t\t\t\t\t<p><a href=\"https:\/\/www.blanescostabrava.cat\/wp-admin\/admin-ajax.php?action=eventon_ics_download&amp;event_id=232036&amp;sunix=20260509T080000Z&amp;eunix=20260509T100000Z&amp;loca=&amp;locn=Espai P\u00e0del\" class=\"evo_ics_nCal\" title=\"Add to your calendar\">Calendar<\/a><a href=\"\/\/www.google.com\/calendar\/event?action=TEMPLATE&amp;text=Torneig+de+P%C3%A0del+Solidari&amp;dates=20260509T080000Z\/20260509T100000Z&amp;details=DIA%3A+9+de+maig%C2%A0%0D%0A%0D%0ALLOC%3A+Espai+P%C3%A0del%0D%0A%0D%0AHORA%3A+10%3A00+h%0D%0A%0D%0A%0D%0A%0D%0A%26nbsp%3B&amp;location=Espai+P%C3%A0del - \" target=\"_blank\" class=\"evo_ics_gCal\" title=\"Add to google calendar\">GoogleCal<\/a><\/p>\t\n\t\t\t\t\t\t\t<\/div>\t\t\t\t\t\t<\/div>\n\t\t\t\t\t\t<\/div><div class='clear end'><\/div><\/div><div id=\"event_233572\" class=\"eventon_list_event evo_eventtop  event hasbgimg\" data-event_id=\"233572\" data-time=\"1778324400-1778367600\" data-colr=\"#206177\" itemscope itemtype='http:\/\/schema.org\/Event' 16><div class=\"evo_boxtop\" style=\"background-image: url(https:\/\/www.blanescostabrava.cat\/wp-content\/uploads\/2026\/04\/JORNADA-ASSETJAMENT-JUVENIL-9M-1.jpg); background-color:#206177;height:200px;\"><\/div><div class=\"evo_event_schema\" style=\"display:none\" ><a itemprop=\"url\" href=\"https:\/\/www.blanescostabrava.cat\/fr\/events\/hors-jeu-journee-contre-le-harcelement-des-jeunes\/\"><\/a><span itemprop='name'  >Hors-jeu - Journ\u00e9e contre le harc\u00e8lement des jeunes<\/span><meta itemprop='image' content='https:\/\/www.blanescostabrava.cat\/wp-content\/uploads\/2026\/04\/JORNADA-ASSETJAMENT-JUVENIL-9M-1.jpg' ><\/meta><meta itemprop='description' content='DATE : 9 mai\r\nLIEU : Place des Pays Catalans\r\n' ><\/meta><meta itemprop='startDate' content='2026-5-9' ><\/meta><meta itemprop='endDate' content='2026-5-9' ><\/meta><meta itemprop='eventStatus' content='on-schedule' ><\/meta><script type=\"application\/ld+json\">{\t\"@context\": \"http:\/\/schema.org\",\n\t\t\t\t\t\t\t  \t\"@type\": \"Event\",\n\t\t\t\t\t\t\t  \t\"name\": \"Hors-jeu - Journ\u00e9e contre le harc\u00e8lement des jeunes\",\n\t\t\t\t\t\t\t  \t\"startDate\": \"2026-5-9T11-11-00-00\",\n\t\t\t\t\t\t\t  \t\"endDate\": \"2026-5-9T23-23-00-00\",\n\t\t\t\t\t\t\t  \t\"image\":\"https:\/\/www.blanescostabrava.cat\/wp-content\/uploads\/2026\/04\/JORNADA-ASSETJAMENT-JUVENIL-9M-1-212x300.jpg\",\n\t\t\t\t\t\t\t  \t\"description\":\"DATE : 9 mai\r\nLIEU : Place des Pays Catalans\r\n\",\n\t\t\t\t\t\t\t  \t\n\t\t\t\t\t\t\t }<\/script><\/div>\n\t\t\t\t<p class=\"desc_trig_outter\"><a data-gmap_status=\"null\" data-exlk=\"0\" style=\"border-color: #206177;padding-top: 215px;height: 310px;\" id=\"evc_1778324400233572\" class=\"desc_trig sin_val evcal_list_a\" data-ux_val=\"3\"  ><span class='event-img'><img src='https:\/\/www.blanescostabrava.cat\/wp-content\/uploads\/2026\/04\/JORNADA-ASSETJAMENT-JUVENIL-9M-1.jpg'><\/span><span class='evcal_cblock ' data-bgcolor='#206177' data-smon='mai' data-syr='2026'><span class='evo_start '><em class='date'>09<\/em><em class='month'>mai<\/em><em class='time'>11:00 am<\/em><\/span><span class='evo_end only_time'><em class='time'>11:00 pm<\/em><\/span><em class='clear'><\/em><\/span><span class='evcal_desc evo_info hide_eventtopdata '  data-location_status=\"false\" ><span class='evo_above_title'><\/span><span class='evcal_desc2 evcal_event_title' itemprop='name'>Hors-jeu - Journ\u00e9e contre le harc\u00e8lement des jeunes<\/span><span class='evo_below_title'><\/span><span class='evcal_desc_info' ><\/span><span class='evcal_desc3'><\/span><\/span><em class='clear'><\/em><\/p><\/a><div class='event_description evcal_eventcard ' style=\"display:none\"><div class='evo_metarow_directimg'><img src='https:\/\/www.blanescostabrava.cat\/wp-content\/uploads\/2026\/04\/JORNADA-ASSETJAMENT-JUVENIL-9M-1.jpg' \/><\/div><div class='evo_metarow_details evorow evcal_evdata_row bordb evcal_event_details'>\n\t\t\t\t\t\t\t<div class=\"event_excerpt\" style=\"display:none\"><h3 class=\"padb5 evo_h3\">Description<\/h3><p>DATE : 9 mai\r\nLIEU : Place des Pays Catalans\r\n<\/p><\/div><span class='evcal_evdata_icons'><i class='fa fa-align-justify'><\/i><\/span>\n\t\t\t\t\t\t\t\n\t\t\t\t\t\t\t<div class='evcal_evdata_cell '><div class='eventon_full_description'>\n\t\t\t\t\t\t\t\t\t<h3 class='padb5 evo_h3'><span class='evcal_evdata_icons'><i class='fa fa-align-justify'><\/i><\/span>Description<\/h3><div class='eventon_desc_in' itemprop='description'>\n\t\t\t\t\t\t\t\t\t<p data-start=\"318\" data-end=\"332\">DATE : 9 mai<\/p>\n<p data-start=\"334\" data-end=\"364\" data-is-last-node=\"\" data-is-only-node=\"\">LIEU : Place des Pays Catalans<\/p>\n<p data-start=\"334\" data-end=\"364\" data-is-last-node=\"\" data-is-only-node=\"\"><img class=\"alignnone size-large wp-image-233554\" src=\"https:\/\/www.blanescostabrava.cat\/wp-content\/uploads\/2026\/04\/JORNADA-ASSETJAMENT-JUVENIL-9M-1-724x1024.jpg\" alt=\"\" width=\"724\" height=\"1024\" srcset=\"https:\/\/www.blanescostabrava.cat\/wp-content\/uploads\/2026\/04\/JORNADA-ASSETJAMENT-JUVENIL-9M-1-724x1024.jpg 724w, https:\/\/www.blanescostabrava.cat\/wp-content\/uploads\/2026\/04\/JORNADA-ASSETJAMENT-JUVENIL-9M-1-212x300.jpg 212w, https:\/\/www.blanescostabrava.cat\/wp-content\/uploads\/2026\/04\/JORNADA-ASSETJAMENT-JUVENIL-9M-1-106x150.jpg 106w, https:\/\/www.blanescostabrava.cat\/wp-content\/uploads\/2026\/04\/JORNADA-ASSETJAMENT-JUVENIL-9M-1-768x1086.jpg 768w, https:\/\/www.blanescostabrava.cat\/wp-content\/uploads\/2026\/04\/JORNADA-ASSETJAMENT-JUVENIL-9M-1-1086x1536.jpg 1086w, https:\/\/www.blanescostabrava.cat\/wp-content\/uploads\/2026\/04\/JORNADA-ASSETJAMENT-JUVENIL-9M-1-1448x2048.jpg 1448w, https:\/\/www.blanescostabrava.cat\/wp-content\/uploads\/2026\/04\/JORNADA-ASSETJAMENT-JUVENIL-9M-1-17x24.jpg 17w, https:\/\/www.blanescostabrava.cat\/wp-content\/uploads\/2026\/04\/JORNADA-ASSETJAMENT-JUVENIL-9M-1-25x36.jpg 25w, https:\/\/www.blanescostabrava.cat\/wp-content\/uploads\/2026\/04\/JORNADA-ASSETJAMENT-JUVENIL-9M-1-34x48.jpg 34w, https:\/\/www.blanescostabrava.cat\/wp-content\/uploads\/2026\/04\/JORNADA-ASSETJAMENT-JUVENIL-9M-1.jpg 1587w\" sizes=\"(max-width: 724px) 100vw, 724px\" \/><\/p>\n<\/div><div class='clear'><\/div>\n\t\t\t\t\t\t\t\t<\/div>\n\t\t\t\t\t\t\t<\/div>\n\t\t\t\t\t\t<\/div><div class='evo_metarow_time_location evorow bordb '>\n\t\t\t\t\t\t<div class='tb' >\n\t\t\t\t\t\t\t<div class='tbrow'>\n\t\t\t\t\t\t\t<div class='evcal_col50 bordr'>\n\t\t\t\t\t\t\t\t<div class='evcal_evdata_row evo_time'>\n\t\t\t\t\t\t\t\t\t<span class='evcal_evdata_icons'><i class='fa fa-clock-o'><\/i><\/span>\n\t\t\t\t\t\t\t\t\t<div class='evcal_evdata_cell'>\t\t\t\t\t\t\t\n\t\t\t\t\t\t\t\t\t\t<h3 class='evo_h3'><span class='evcal_evdata_icons'><i class='fa fa-clock-o'><\/i><\/span>Date<\/h3>\n\t\t\t\t\t\t\t\t\t\t<p>(Saturday) 11:00 am - 11:00 pm<\/p>\n\t\t\t\t\t\t\t\t\t<\/div>\n\t\t\t\t\t\t\t\t<\/div>\n\t\t\t\t\t\t\t<\/div><div class='evcal_col50'>\n\t\t\t\t\t\t\t\t<div class='evcal_evdata_row evo_location'>\n\t\t\t\t\t\t\t\t\t<span class='evcal_evdata_icons'><i class='fa fa-map-marker'><\/i><\/span>\n\t\t\t\t\t\t\t\t\t<div class='evcal_evdata_cell' data-loc_tax_id='5291'>\t\t\t\t\t\t\t\n\t\t\t\t\t\t\t\t\t\t<h3 class='evo_h3'><span class='evcal_evdata_icons'><i class='fa fa-map-marker'><\/i><\/span>Location<\/h3><p class='evo_location_name'>Place des Pays Catalans<\/p><p class='evo_location_address'><\/p>\n\t\t\t\t\t\t\t\t\t<\/div>\n\t\t\t\t\t\t\t\t<\/div>\n\t\t\t\t\t\t\t<\/div><div class='clear'><\/div>\n\t\t\t\t\t\t\t<\/div><\/div>\n\t\t\t\t\t\t<\/div>\t\t\t\t\t\t<div class='evo_metarow_ICS evorow bordb evcal_evdata_row'>\n\t\t\t\t\t\t\t<span class=\"evcal_evdata_icons\"><i class=\"fa fa-calendar\"><\/i><\/span>\n\t\t\t\t\t\t\t<div class='evcal_evdata_cell'>\n\t\t\t\t\t\t\t\t<p><a href=\"https:\/\/www.blanescostabrava.cat\/wp-admin\/admin-ajax.php?action=eventon_ics_download&amp;event_id=233572&amp;sunix=20260509T090000Z&amp;eunix=20260509T210000Z&amp;loca=&amp;locn=Place des Pays Catalans\" class=\"evo_ics_nCal\" title=\"Add to your calendar\">Calendar<\/a><a href=\"\/\/www.google.com\/calendar\/event?action=TEMPLATE&amp;text=Hors-jeu+-+Journ%C3%A9e+contre+le+harc%C3%A8lement+des+jeunes&amp;dates=20260509T090000Z\/20260509T210000Z&amp;details=DATE+%3A+9+mai%0D%0ALIEU+%3A+Place+des+Pays+Catalans%0D%0A&amp;location=Place+des+Pays+Catalans - \" target=\"_blank\" class=\"evo_ics_gCal\" title=\"Add to google calendar\">GoogleCal<\/a><\/p>\t\n\t\t\t\t\t\t\t<\/div>\t\t\t\t\t\t<\/div>\n\t\t\t\t\t\t<\/div><div class='clear end'><\/div><\/div><div id=\"event_233872\" class=\"eventon_list_event evo_eventtop  event hasbgimg\" data-event_id=\"233872\" data-time=\"1778346000-1778360400\" data-colr=\"#206177\" itemscope itemtype='http:\/\/schema.org\/Event' 17><div class=\"evo_boxtop\" style=\"background-image: url(https:\/\/www.blanescostabrava.cat\/wp-content\/uploads\/2026\/04\/DANZA-FINAL-2_page-0002.jpg); background-color:#206177;height:200px;\"><\/div><div class=\"evo_event_schema\" style=\"display:none\" ><a itemprop=\"url\" href=\"https:\/\/www.blanescostabrava.cat\/fr\/events\/journee-mondiale-de-la-danse-de-la-plantera\/\"><\/a><span itemprop='name'  >Journ\u00e9e mondiale de la danse de la Plantera<\/span><meta itemprop='image' content='https:\/\/www.blanescostabrava.cat\/wp-content\/uploads\/2026\/04\/DANZA-FINAL-2_page-0002.jpg' ><\/meta><meta itemprop='description' content='DATE : 9 mai\r\n\r\nHEURE : De 17h00 \u00e0 21h00\r\n\r\nLIEU : Avenue Catalunya\r\n\r\nEntr\u00e9e libre\r\n\r\n' ><\/meta><meta itemprop='startDate' content='2026-5-9' ><\/meta><meta itemprop='endDate' content='2026-5-9' ><\/meta><meta itemprop='eventStatus' content='on-schedule' ><\/meta><script type=\"application\/ld+json\">{\t\"@context\": \"http:\/\/schema.org\",\n\t\t\t\t\t\t\t  \t\"@type\": \"Event\",\n\t\t\t\t\t\t\t  \t\"name\": \"Journ\u00e9e mondiale de la danse de la Plantera\",\n\t\t\t\t\t\t\t  \t\"startDate\": \"2026-5-9T17-17-00-00\",\n\t\t\t\t\t\t\t  \t\"endDate\": \"2026-5-9T21-21-00-00\",\n\t\t\t\t\t\t\t  \t\"image\":\"https:\/\/www.blanescostabrava.cat\/wp-content\/uploads\/2026\/04\/DANZA-FINAL-2_page-0002-212x300.jpg\",\n\t\t\t\t\t\t\t  \t\"description\":\"DATE : 9 mai\r\n\r\nHEURE : De 17h00 \u00e0 21h00\r\n\r\nLIEU : Avenue Catalunya\r\n\r\nEntr\u00e9e libre\r\n\r\n\",\n\t\t\t\t\t\t\t  \t\n\t\t\t\t\t\t\t }<\/script><\/div>\n\t\t\t\t<p class=\"desc_trig_outter\"><a data-gmap_status=\"null\" data-exlk=\"0\" style=\"border-color: #206177;padding-top: 215px;height: 310px;\" id=\"evc_1778346000233872\" class=\"desc_trig sin_val evcal_list_a\" data-ux_val=\"3\"  ><span class='event-img'><img src='https:\/\/www.blanescostabrava.cat\/wp-content\/uploads\/2026\/04\/DANZA-FINAL-2_page-0002.jpg'><\/span><span class='evcal_cblock ' data-bgcolor='#206177' data-smon='mai' data-syr='2026'><span class='evo_start '><em class='date'>09<\/em><em class='month'>mai<\/em><em class='time'>5:00 pm<\/em><\/span><span class='evo_end only_time'><em class='time'>9:00 pm<\/em><\/span><em class='clear'><\/em><\/span><span class='evcal_desc evo_info hide_eventtopdata '  data-location_status=\"false\" ><span class='evo_above_title'><\/span><span class='evcal_desc2 evcal_event_title' itemprop='name'>Journ\u00e9e mondiale de la danse de la Plantera<\/span><span class='evo_below_title'><\/span><span class='evcal_desc_info' ><\/span><span class='evcal_desc3'><\/span><\/span><em class='clear'><\/em><\/p><\/a><div class='event_description evcal_eventcard ' style=\"display:none\"><div class='evo_metarow_directimg'><img src='https:\/\/www.blanescostabrava.cat\/wp-content\/uploads\/2026\/04\/DANZA-FINAL-2_page-0002.jpg' \/><\/div><div class='evo_metarow_details evorow evcal_evdata_row bordb evcal_event_details'>\n\t\t\t\t\t\t\t<div class=\"event_excerpt\" style=\"display:none\"><h3 class=\"padb5 evo_h3\">Description<\/h3><p>DATE : 9 mai\r\n\r\nHEURE : De 17h00 \u00e0 21h00\r\n\r\nLIEU : Avenue Catalunya\r\n\r\nEntr\u00e9e libre\r\n\r\n<\/p><\/div><span class='evcal_evdata_icons'><i class='fa fa-align-justify'><\/i><\/span>\n\t\t\t\t\t\t\t\n\t\t\t\t\t\t\t<div class='evcal_evdata_cell '><div class='eventon_full_description'>\n\t\t\t\t\t\t\t\t\t<h3 class='padb5 evo_h3'><span class='evcal_evdata_icons'><i class='fa fa-align-justify'><\/i><\/span>Description<\/h3><div class='eventon_desc_in' itemprop='description'>\n\t\t\t\t\t\t\t\t\t<p>DATE : 9 mai<\/p>\n<p>HEURE : De 17h00 \u00e0 21h00<\/p>\n<p>LIEU : Avenue Catalunya<\/p>\n<p>Entr\u00e9e libre<\/p>\n<p><img class=\"alignnone size-large wp-image-233854\" src=\"https:\/\/www.blanescostabrava.cat\/wp-content\/uploads\/2026\/04\/DANZA-FINAL-2_page-0002-725x1024.jpg\" alt=\"\" width=\"725\" height=\"1024\" srcset=\"https:\/\/www.blanescostabrava.cat\/wp-content\/uploads\/2026\/04\/DANZA-FINAL-2_page-0002-725x1024.jpg 725w, https:\/\/www.blanescostabrava.cat\/wp-content\/uploads\/2026\/04\/DANZA-FINAL-2_page-0002-212x300.jpg 212w, https:\/\/www.blanescostabrava.cat\/wp-content\/uploads\/2026\/04\/DANZA-FINAL-2_page-0002-106x150.jpg 106w, https:\/\/www.blanescostabrava.cat\/wp-content\/uploads\/2026\/04\/DANZA-FINAL-2_page-0002-768x1085.jpg 768w, https:\/\/www.blanescostabrava.cat\/wp-content\/uploads\/2026\/04\/DANZA-FINAL-2_page-0002-1087x1536.jpg 1087w, https:\/\/www.blanescostabrava.cat\/wp-content\/uploads\/2026\/04\/DANZA-FINAL-2_page-0002-17x24.jpg 17w, https:\/\/www.blanescostabrava.cat\/wp-content\/uploads\/2026\/04\/DANZA-FINAL-2_page-0002-25x36.jpg 25w, https:\/\/www.blanescostabrava.cat\/wp-content\/uploads\/2026\/04\/DANZA-FINAL-2_page-0002-34x48.jpg 34w, https:\/\/www.blanescostabrava.cat\/wp-content\/uploads\/2026\/04\/DANZA-FINAL-2_page-0002.jpg 1241w\" sizes=\"(max-width: 725px) 100vw, 725px\" \/><\/p>\n<\/div><div class='clear'><\/div>\n\t\t\t\t\t\t\t\t<\/div>\n\t\t\t\t\t\t\t<\/div>\n\t\t\t\t\t\t<\/div><div class='evo_metarow_time_location evorow bordb '>\n\t\t\t\t\t\t<div class='tb' >\n\t\t\t\t\t\t\t<div class='tbrow'>\n\t\t\t\t\t\t\t<div class='evcal_col50 bordr'>\n\t\t\t\t\t\t\t\t<div class='evcal_evdata_row evo_time'>\n\t\t\t\t\t\t\t\t\t<span class='evcal_evdata_icons'><i class='fa fa-clock-o'><\/i><\/span>\n\t\t\t\t\t\t\t\t\t<div class='evcal_evdata_cell'>\t\t\t\t\t\t\t\n\t\t\t\t\t\t\t\t\t\t<h3 class='evo_h3'><span class='evcal_evdata_icons'><i class='fa fa-clock-o'><\/i><\/span>Date<\/h3>\n\t\t\t\t\t\t\t\t\t\t<p>(Saturday) 5:00 pm - 9:00 pm<\/p>\n\t\t\t\t\t\t\t\t\t<\/div>\n\t\t\t\t\t\t\t\t<\/div>\n\t\t\t\t\t\t\t<\/div><div class='evcal_col50'>\n\t\t\t\t\t\t\t\t<div class='evcal_evdata_row evo_location'>\n\t\t\t\t\t\t\t\t\t<span class='evcal_evdata_icons'><i class='fa fa-map-marker'><\/i><\/span>\n\t\t\t\t\t\t\t\t\t<div class='evcal_evdata_cell' data-loc_tax_id='6619'>\t\t\t\t\t\t\t\n\t\t\t\t\t\t\t\t\t\t<h3 class='evo_h3'><span class='evcal_evdata_icons'><i class='fa fa-map-marker'><\/i><\/span>Location<\/h3><p class='evo_location_name'>Avenue Catalunya<\/p><p class='evo_location_address'><\/p>\n\t\t\t\t\t\t\t\t\t<\/div>\n\t\t\t\t\t\t\t\t<\/div>\n\t\t\t\t\t\t\t<\/div><div class='clear'><\/div>\n\t\t\t\t\t\t\t<\/div><\/div>\n\t\t\t\t\t\t<\/div>\t\t\t\t\t\t<div class='evo_metarow_ICS evorow bordb evcal_evdata_row'>\n\t\t\t\t\t\t\t<span class=\"evcal_evdata_icons\"><i class=\"fa fa-calendar\"><\/i><\/span>\n\t\t\t\t\t\t\t<div class='evcal_evdata_cell'>\n\t\t\t\t\t\t\t\t<p><a href=\"https:\/\/www.blanescostabrava.cat\/wp-admin\/admin-ajax.php?action=eventon_ics_download&amp;event_id=233872&amp;sunix=20260509T150000Z&amp;eunix=20260509T190000Z&amp;loca=&amp;locn=Avenue Catalunya\" class=\"evo_ics_nCal\" title=\"Add to your calendar\">Calendar<\/a><a href=\"\/\/www.google.com\/calendar\/event?action=TEMPLATE&amp;text=Journ%C3%A9e+mondiale+de+la+danse+de+la+Plantera&amp;dates=20260509T150000Z\/20260509T190000Z&amp;details=DATE+%3A+9+mai%0D%0A%0D%0AHEURE+%3A+De+17h00+%C3%A0+21h00%0D%0A%0D%0ALIEU+%3A+Avenue+Catalunya%0D%0A%0D%0AEntr%C3%A9e+libre%0D%0A%0D%0A&amp;location=Avenue+Catalunya - \" target=\"_blank\" class=\"evo_ics_gCal\" title=\"Add to google calendar\">GoogleCal<\/a><\/p>\t\n\t\t\t\t\t\t\t<\/div>\t\t\t\t\t\t<\/div>\n\t\t\t\t\t\t<\/div><div class='clear end'><\/div><\/div><div id=\"event_230949\" class=\"eventon_list_event evo_eventtop  event hasbgimg\" data-event_id=\"230949\" data-time=\"1778371201-1778457599\" data-colr=\"#206177\" itemscope itemtype='http:\/\/schema.org\/Event' 18><div class=\"evo_boxtop\" style=\"background-image: url(https:\/\/www.blanescostabrava.cat\/wp-content\/uploads\/2026\/02\/Captura-de-pantalla-2026-03-12-a-les-15.04.51.png); background-color:#206177;height:200px;\"><\/div><div class=\"evo_event_schema\" style=\"display:none\" ><a itemprop=\"url\" href=\"https:\/\/www.blanescostabrava.cat\/fr\/events\/xxxiv-route-des-ermitages\/\"><\/a><span itemprop='name'  >XXXIV Route des Ermitages<\/span><meta itemprop='image' content='https:\/\/www.blanescostabrava.cat\/wp-content\/uploads\/2026\/02\/Captura-de-pantalla-2026-03-12-a-les-15.04.51.png' ><\/meta><meta itemprop='description' content='\r\n\r\n' ><\/meta><meta itemprop='startDate' content='2026-5-10' ><\/meta><meta itemprop='endDate' content='2026-5-10' ><\/meta><meta itemprop='eventStatus' content='on-schedule' ><\/meta><script type=\"application\/ld+json\">{\t\"@context\": \"http:\/\/schema.org\",\n\t\t\t\t\t\t\t  \t\"@type\": \"Event\",\n\t\t\t\t\t\t\t  \t\"name\": \"XXXIV Route des Ermitages\",\n\t\t\t\t\t\t\t  \t\"startDate\": \"2026-5-10T00-00-00-00\",\n\t\t\t\t\t\t\t  \t\"endDate\": \"2026-5-10T23-23-59-00\",\n\t\t\t\t\t\t\t  \t\"image\":\"https:\/\/www.blanescostabrava.cat\/wp-content\/uploads\/2026\/02\/Captura-de-pantalla-2026-03-12-a-les-15.04.51-158x300.png\",\n\t\t\t\t\t\t\t  \t\"description\":\"\r\n\r\n\",\n\t\t\t\t\t\t\t  \t\n\t\t\t\t\t\t\t }<\/script><\/div>\n\t\t\t\t<p class=\"desc_trig_outter\"><a data-gmap_status=\"null\" data-exlk=\"0\" style=\"border-color: #206177;padding-top: 215px;height: 310px;\" id=\"evc_1778371201230949\" class=\"desc_trig sin_val evcal_list_a\" data-ux_val=\"3\"  ><span class='event-img'><img src='https:\/\/www.blanescostabrava.cat\/wp-content\/uploads\/2026\/02\/Captura-de-pantalla-2026-03-12-a-les-15.04.51.png'><\/span><span class='evcal_cblock ' data-bgcolor='#206177' data-smon='mai' data-syr='2026'><span class='evo_start '><em class='date'>10<\/em><em class='month'>mai<\/em><em class='time'>allday<\/em><\/span><em class='clear'><\/em><\/span><span class='evcal_desc evo_info hide_eventtopdata '  data-location_status=\"false\" ><span class='evo_above_title'><\/span><span class='evcal_desc2 evcal_event_title' itemprop='name'>XXXIV Route des Ermitages<\/span><span class='evo_below_title'><\/span><span class='evcal_desc_info' ><\/span><span class='evcal_desc3'><\/span><\/span><em class='clear'><\/em><\/p><\/a><div class='event_description evcal_eventcard ' style=\"display:none\"><div class='evo_metarow_directimg'><img src='https:\/\/www.blanescostabrava.cat\/wp-content\/uploads\/2026\/02\/Captura-de-pantalla-2026-03-12-a-les-15.04.51.png' \/><\/div><div class='evo_metarow_details evorow evcal_evdata_row bordb evcal_event_details'>\n\t\t\t\t\t\t\t<div class=\"event_excerpt\" style=\"display:none\"><h3 class=\"padb5 evo_h3\">Description<\/h3><p>\r\n\r\n<\/p><\/div><span class='evcal_evdata_icons'><i class='fa fa-align-justify'><\/i><\/span>\n\t\t\t\t\t\t\t\n\t\t\t\t\t\t\t<div class='evcal_evdata_cell shorter_desc'><div class='eventon_details_shading_bot'>\n\t\t\t\t\t\t\t\t<p class='eventon_shad_p' content='less'><span class='ev_more_text' data-txt='less'>more<\/span><span class='ev_more_arrow'><\/span><\/p>\n\t\t\t\t\t\t\t<\/div><div class='eventon_full_description'>\n\t\t\t\t\t\t\t\t\t<h3 class='padb5 evo_h3'><span class='evcal_evdata_icons'><i class='fa fa-align-justify'><\/i><\/span>Description<\/h3><div class='eventon_desc_in' itemprop='description'>\n\t\t\t\t\t\t\t\t\t<div class=\"flex flex-col text-sm pb-25\">\n<article class=\"text-token-text-primary w-full focus:outline-none [--shadow-height:45px] has-data-writing-block:pointer-events-none has-data-writing-block:-mt-(--shadow-height) has-data-writing-block:pt-(--shadow-height) [&amp;:has([data-writing-block])&gt;*]:pointer-events-auto scroll-mt-[calc(var(--header-height)+min(200px,max(70px,20svh)))]\" dir=\"auto\" tabindex=\"-1\" data-turn-id=\"request-WEB:fc846a44-4e93-4bad-9efc-05d466b58684-11\" data-testid=\"conversation-turn-2\" data-scroll-anchor=\"true\" data-turn=\"assistant\">\n<div class=\"text-base my-auto mx-auto pb-10 [--thread-content-margin:var(--thread-content-margin-xs,calc(var(--spacing)*4))] @w-sm\/main:[--thread-content-margin:var(--thread-content-margin-sm,calc(var(--spacing)*6))] @w-lg\/main:[--thread-content-margin:var(--thread-content-margin-lg,calc(var(--spacing)*16))] px-(--thread-content-margin)\">\n<div class=\"[--thread-content-max-width:40rem] @w-lg\/main:[--thread-content-max-width:48rem] mx-auto max-w-(--thread-content-max-width) flex-1 group\/turn-messages focus-visible:outline-hidden relative flex w-full min-w-0 flex-col agent-turn\" tabindex=\"-1\">\n<div class=\"flex max-w-full flex-col gap-4 grow\">\n<div class=\"min-h-8 text-message relative flex w-full flex-col items-end gap-2 text-start break-words whitespace-normal [.text-message+&amp;]:mt-1\" dir=\"auto\" data-message-author-role=\"assistant\" data-message-id=\"e020a9d8-6f2e-4494-893e-b2bf07ab2751\" data-message-model-slug=\"gpt-5-3\">\n<div class=\"flex w-full flex-col gap-1 empty:hidden\">\n<div class=\"markdown prose dark:prose-invert w-full wrap-break-word light markdown-new-styling\">\n<p data-start=\"70\" data-end=\"99\" data-is-last-node=\"\" data-is-only-node=\"\">Date: 10 mai<\/p>\n<\/div>\n<\/div>\n<\/div>\n<\/div>\n<\/div>\n<\/div>\n<\/article>\n<\/div>\n<p>Plus d\u2019informations sur <a class=\"decorated-link\" href=\"http:\/\/www.blanes.cat\/blanesxrunners\" target=\"_new\" rel=\"noopener\" data-start=\"373\" data-end=\"402\" data-is-last-node=\"\">www.blanes.cat\/blanesxrunners<\/a><\/p>\n<p><img class=\"alignnone size-large wp-image-232141\" src=\"https:\/\/www.blanescostabrava.cat\/wp-content\/uploads\/2026\/02\/Captura-de-pantalla-2026-03-12-a-les-15.04.51-541x1024.png\" alt=\"\" width=\"541\" height=\"1024\" srcset=\"https:\/\/www.blanescostabrava.cat\/wp-content\/uploads\/2026\/02\/Captura-de-pantalla-2026-03-12-a-les-15.04.51-541x1024.png 541w, https:\/\/www.blanescostabrava.cat\/wp-content\/uploads\/2026\/02\/Captura-de-pantalla-2026-03-12-a-les-15.04.51-158x300.png 158w, https:\/\/www.blanescostabrava.cat\/wp-content\/uploads\/2026\/02\/Captura-de-pantalla-2026-03-12-a-les-15.04.51-79x150.png 79w, https:\/\/www.blanescostabrava.cat\/wp-content\/uploads\/2026\/02\/Captura-de-pantalla-2026-03-12-a-les-15.04.51-13x24.png 13w, https:\/\/www.blanescostabrava.cat\/wp-content\/uploads\/2026\/02\/Captura-de-pantalla-2026-03-12-a-les-15.04.51-19x36.png 19w, https:\/\/www.blanescostabrava.cat\/wp-content\/uploads\/2026\/02\/Captura-de-pantalla-2026-03-12-a-les-15.04.51-25x48.png 25w, https:\/\/www.blanescostabrava.cat\/wp-content\/uploads\/2026\/02\/Captura-de-pantalla-2026-03-12-a-les-15.04.51.png 732w\" sizes=\"(max-width: 541px) 100vw, 541px\" \/><\/p>\n<p><img class=\"alignnone size-large wp-image-233269\" src=\"https:\/\/www.blanescostabrava.cat\/wp-content\/uploads\/2026\/02\/RutaErmites-630x1024.jpeg\" alt=\"\" width=\"630\" height=\"1024\" srcset=\"https:\/\/www.blanescostabrava.cat\/wp-content\/uploads\/2026\/02\/RutaErmites-630x1024.jpeg 630w, https:\/\/www.blanescostabrava.cat\/wp-content\/uploads\/2026\/02\/RutaErmites-185x300.jpeg 185w, https:\/\/www.blanescostabrava.cat\/wp-content\/uploads\/2026\/02\/RutaErmites-92x150.jpeg 92w, https:\/\/www.blanescostabrava.cat\/wp-content\/uploads\/2026\/02\/RutaErmites-768x1248.jpeg 768w, https:\/\/www.blanescostabrava.cat\/wp-content\/uploads\/2026\/02\/RutaErmites-946x1536.jpeg 946w, https:\/\/www.blanescostabrava.cat\/wp-content\/uploads\/2026\/02\/RutaErmites-15x24.jpeg 15w, https:\/\/www.blanescostabrava.cat\/wp-content\/uploads\/2026\/02\/RutaErmites-22x36.jpeg 22w, https:\/\/www.blanescostabrava.cat\/wp-content\/uploads\/2026\/02\/RutaErmites-30x48.jpeg 30w, https:\/\/www.blanescostabrava.cat\/wp-content\/uploads\/2026\/02\/RutaErmites.jpeg 985w\" sizes=\"(max-width: 630px) 100vw, 630px\" \/><\/p>\n<\/div><div class='clear'><\/div>\n\t\t\t\t\t\t\t\t<\/div>\n\t\t\t\t\t\t\t<\/div>\n\t\t\t\t\t\t<\/div><div class='evo_metarow_time evorow evcal_evdata_row bordb evcal_evrow_sm '>\n\t\t\t\t\t\t\t<span class='evcal_evdata_icons'><i class='fa fa-clock-o'><\/i><\/span>\n\t\t\t\t\t\t\t<div class='evcal_evdata_cell'>\t\t\t\t\t\t\t\n\t\t\t\t\t\t\t\t<h3 class='evo_h3'><span class='evcal_evdata_icons'><i class='fa fa-clock-o'><\/i><\/span>Date<\/h3><p>All Day (Sunday)<\/p>\n\t\t\t\t\t\t\t<\/div>\n\t\t\t\t\t\t<\/div>\t\t\t\t\t\t<div class='evo_metarow_ICS evorow bordb evcal_evdata_row'>\n\t\t\t\t\t\t\t<span class=\"evcal_evdata_icons\"><i class=\"fa fa-calendar\"><\/i><\/span>\n\t\t\t\t\t\t\t<div class='evcal_evdata_cell'>\n\t\t\t\t\t\t\t\t<p><a href=\"https:\/\/www.blanescostabrava.cat\/wp-admin\/admin-ajax.php?action=eventon_ics_download&amp;event_id=230949&amp;sunix=20260509T220000Z&amp;eunix=20260510T215900Z&amp;loca=&amp;locn=\" class=\"evo_ics_nCal\" title=\"Add to your calendar\">Calendar<\/a><a href=\"\/\/www.google.com\/calendar\/event?action=TEMPLATE&amp;text=XXXIV+Route+des+Ermitages&amp;dates=20260509T220000Z\/20260510T215900Z&amp;details=%0D%0A%0D%0A&amp;location= - \" target=\"_blank\" class=\"evo_ics_gCal\" title=\"Add to google calendar\">GoogleCal<\/a><\/p>\t\n\t\t\t\t\t\t\t<\/div>\t\t\t\t\t\t<\/div>\n\t\t\t\t\t\t<\/div><div class='clear end'><\/div><\/div><div id=\"event_234046\" class=\"eventon_list_event evo_eventtop  event hasbgimg\" data-event_id=\"234046\" data-time=\"1778403600-1778425200\" data-colr=\"#206177\" itemscope itemtype='http:\/\/schema.org\/Event' 19><div class=\"evo_boxtop\" style=\"background-image: url(https:\/\/www.blanescostabrava.cat\/wp-content\/uploads\/2025\/05\/Captura-de-pantalla-2025-03-07-a-les-12.18.40.png); background-color:#206177;height:200px;\"><\/div><div class=\"evo_event_schema\" style=\"display:none\" ><a itemprop=\"url\" href=\"https:\/\/www.blanescostabrava.cat\/fr\/events\/rencontre-de-collectionneurs-assoc-gastr-pl-ntra-sra-del-vilar-6\/\"><\/a><span itemprop='name'  >Rencontre de collectionneurs - Assoc. Gastr. Pl. Ntra. Sra. del Vilar<\/span><meta itemprop='image' content='https:\/\/www.blanescostabrava.cat\/wp-content\/uploads\/2025\/05\/Captura-de-pantalla-2025-03-07-a-les-12.18.40.png' ><\/meta><meta itemprop='description' content='DATE : 10 mai\r\nHEURE : de 9h00 \u00e0 15h00\r\nLIEU : Pla\u00e7a Mare de D\u00e9u del Vilar' ><\/meta><meta itemprop='startDate' content='2026-5-10' ><\/meta><meta itemprop='endDate' content='2026-5-10' ><\/meta><meta itemprop='eventStatus' content='on-schedule' ><\/meta><script type=\"application\/ld+json\">{\t\"@context\": \"http:\/\/schema.org\",\n\t\t\t\t\t\t\t  \t\"@type\": \"Event\",\n\t\t\t\t\t\t\t  \t\"name\": \"Rencontre de collectionneurs - Assoc. Gastr. Pl. Ntra. Sra. del Vilar\",\n\t\t\t\t\t\t\t  \t\"startDate\": \"2026-5-10T09-09-00-00\",\n\t\t\t\t\t\t\t  \t\"endDate\": \"2026-5-10T15-15-00-00\",\n\t\t\t\t\t\t\t  \t\"image\":\"https:\/\/www.blanescostabrava.cat\/wp-content\/uploads\/2025\/05\/Captura-de-pantalla-2025-03-07-a-les-12.18.40-300x201.png\",\n\t\t\t\t\t\t\t  \t\"description\":\"DATE : 10 mai\r\nHEURE : de 9h00 \u00e0 15h00\r\nLIEU : Pla\u00e7a Mare de D\u00e9u del Vilar\",\n\t\t\t\t\t\t\t  \t\n\t\t\t\t\t\t\t }<\/script><\/div>\n\t\t\t\t<p class=\"desc_trig_outter\"><a data-gmap_status=\"null\" data-exlk=\"0\" style=\"border-color: #206177;padding-top: 215px;height: 310px;\" id=\"evc_1778403600234046\" class=\"desc_trig sin_val evcal_list_a\" data-ux_val=\"3\"  ><span class='event-img'><img src='https:\/\/www.blanescostabrava.cat\/wp-content\/uploads\/2025\/05\/Captura-de-pantalla-2025-03-07-a-les-12.18.40.png'><\/span><span class='evcal_cblock ' data-bgcolor='#206177' data-smon='mai' data-syr='2026'><span class='evo_start '><em class='date'>10<\/em><em class='month'>mai<\/em><em class='time'>9:00 am<\/em><\/span><span class='evo_end only_time'><em class='time'>3:00 pm<\/em><\/span><em class='clear'><\/em><\/span><span class='evcal_desc evo_info hide_eventtopdata '  data-location_status=\"false\" ><span class='evo_above_title'><\/span><span class='evcal_desc2 evcal_event_title' itemprop='name'>Rencontre de collectionneurs - Assoc. Gastr. Pl. Ntra. Sra. del Vilar<\/span><span class='evo_below_title'><\/span><span class='evcal_desc_info' ><\/span><span class='evcal_desc3'><\/span><\/span><em class='clear'><\/em><\/p><\/a><div class='event_description evcal_eventcard ' style=\"display:none\"><div class='evo_metarow_directimg'><img src='https:\/\/www.blanescostabrava.cat\/wp-content\/uploads\/2025\/05\/Captura-de-pantalla-2025-03-07-a-les-12.18.40.png' \/><\/div><div class='evo_metarow_details evorow evcal_evdata_row bordb evcal_event_details'>\n\t\t\t\t\t\t\t<div class=\"event_excerpt\" style=\"display:none\"><h3 class=\"padb5 evo_h3\">Description<\/h3><p>DATE : 10 mai\r\nHEURE : de 9h00 \u00e0 15h00\r\nLIEU : Pla\u00e7a Mare de D\u00e9u del Vilar<\/p><\/div><span class='evcal_evdata_icons'><i class='fa fa-align-justify'><\/i><\/span>\n\t\t\t\t\t\t\t\n\t\t\t\t\t\t\t<div class='evcal_evdata_cell '><div class='eventon_full_description'>\n\t\t\t\t\t\t\t\t\t<h3 class='padb5 evo_h3'><span class='evcal_evdata_icons'><i class='fa fa-align-justify'><\/i><\/span>Description<\/h3><div class='eventon_desc_in' itemprop='description'>\n\t\t\t\t\t\t\t\t\t<p data-start=\"505\" data-end=\"520\">DATE : 10 mai<\/p>\n<p data-start=\"522\" data-end=\"547\">HEURE : de 9h00 \u00e0 15h00<\/p>\n<p data-start=\"549\" data-end=\"585\">LIEU : Pla\u00e7a Mare de D\u00e9u del Vilar<\/p>\n<\/div><div class='clear'><\/div>\n\t\t\t\t\t\t\t\t<\/div>\n\t\t\t\t\t\t\t<\/div>\n\t\t\t\t\t\t<\/div><div class='evo_metarow_time_location evorow bordb '>\n\t\t\t\t\t\t<div class='tb' >\n\t\t\t\t\t\t\t<div class='tbrow'>\n\t\t\t\t\t\t\t<div class='evcal_col50 bordr'>\n\t\t\t\t\t\t\t\t<div class='evcal_evdata_row evo_time'>\n\t\t\t\t\t\t\t\t\t<span class='evcal_evdata_icons'><i class='fa fa-clock-o'><\/i><\/span>\n\t\t\t\t\t\t\t\t\t<div class='evcal_evdata_cell'>\t\t\t\t\t\t\t\n\t\t\t\t\t\t\t\t\t\t<h3 class='evo_h3'><span class='evcal_evdata_icons'><i class='fa fa-clock-o'><\/i><\/span>Date<\/h3>\n\t\t\t\t\t\t\t\t\t\t<p>(Sunday) 9:00 am - 3:00 pm<\/p>\n\t\t\t\t\t\t\t\t\t<\/div>\n\t\t\t\t\t\t\t\t<\/div>\n\t\t\t\t\t\t\t<\/div><div class='evcal_col50'>\n\t\t\t\t\t\t\t\t<div class='evcal_evdata_row evo_location'>\n\t\t\t\t\t\t\t\t\t<span class='evcal_evdata_icons'><i class='fa fa-map-marker'><\/i><\/span>\n\t\t\t\t\t\t\t\t\t<div class='evcal_evdata_cell' data-loc_tax_id='680'>\t\t\t\t\t\t\t\n\t\t\t\t\t\t\t\t\t\t<h3 class='evo_h3'><span class='evcal_evdata_icons'><i class='fa fa-map-marker'><\/i><\/span>Location<\/h3><p class='evo_location_name'>Pla\u00e7a Mare de D\u00e8u del Vilar<\/p><p class='evo_location_address'><\/p>\n\t\t\t\t\t\t\t\t\t<\/div>\n\t\t\t\t\t\t\t\t<\/div>\n\t\t\t\t\t\t\t<\/div><div class='clear'><\/div>\n\t\t\t\t\t\t\t<\/div><\/div>\n\t\t\t\t\t\t<\/div>\t\t\t\t\t\t<div class='evo_metarow_ICS evorow bordb evcal_evdata_row'>\n\t\t\t\t\t\t\t<span class=\"evcal_evdata_icons\"><i class=\"fa fa-calendar\"><\/i><\/span>\n\t\t\t\t\t\t\t<div class='evcal_evdata_cell'>\n\t\t\t\t\t\t\t\t<p><a href=\"https:\/\/www.blanescostabrava.cat\/wp-admin\/admin-ajax.php?action=eventon_ics_download&amp;event_id=234046&amp;sunix=20260510T070000Z&amp;eunix=20260510T130000Z&amp;loca=&amp;locn=Pla\u00e7a Mare de D\u00e8u del Vilar\" class=\"evo_ics_nCal\" title=\"Add to your calendar\">Calendar<\/a><a href=\"\/\/www.google.com\/calendar\/event?action=TEMPLATE&amp;text=Rencontre+de+collectionneurs+-+Assoc.+Gastr.+Pl.+Ntra.+Sra.+del+Vilar&amp;dates=20260510T070000Z\/20260510T130000Z&amp;details=DATE+%3A+10+mai%0D%0AHEURE+%3A+de+9h00+%C3%A0+15h00%0D%0ALIEU+%3A+Pla%C3%A7a+Mare+de+D%C3%A9u+del+Vilar&amp;location=Pla%C3%A7a+Mare+de+D%C3%A8u+del+Vilar - \" target=\"_blank\" class=\"evo_ics_gCal\" title=\"Add to google calendar\">GoogleCal<\/a><\/p>\t\n\t\t\t\t\t\t\t<\/div>\t\t\t\t\t\t<\/div>\n\t\t\t\t\t\t<\/div><div class='clear end'><\/div><\/div><div id=\"event_234079\" class=\"eventon_list_event evo_eventtop  event hasbgimg\" data-event_id=\"234079\" data-time=\"1778403600-1778436000\" data-colr=\"#206177\" itemscope itemtype='http:\/\/schema.org\/Event' 20><div class=\"evo_boxtop\" style=\"background-image: url(https:\/\/www.blanescostabrava.cat\/wp-content\/uploads\/2026\/04\/Cartell-Marimurtrissim-2026.jpg); background-color:#206177;height:200px;\"><\/div><div class=\"evo_event_schema\" style=\"display:none\" ><a itemprop=\"url\" href=\"https:\/\/www.blanescostabrava.cat\/fr\/events\/marimurtrissim-festival-familial-botanique\/\"><\/a><span itemprop='name'  >\"Marimurtr\u00edssim\" - festival familial botanique<\/span><meta itemprop='image' content='https:\/\/www.blanescostabrava.cat\/wp-content\/uploads\/2026\/04\/Cartell-Marimurtrissim-2026.jpg' ><\/meta><meta itemprop='description' content='DATE : 10 mai\r\nHEURE : de 9h00 \u00e0 18h00\r\nLIEU : Jardin botanique Marimurtra\r\n' ><\/meta><meta itemprop='startDate' content='2026-5-10' ><\/meta><meta itemprop='endDate' content='2026-5-10' ><\/meta><meta itemprop='eventStatus' content='on-schedule' ><\/meta><script type=\"application\/ld+json\">{\t\"@context\": \"http:\/\/schema.org\",\n\t\t\t\t\t\t\t  \t\"@type\": \"Event\",\n\t\t\t\t\t\t\t  \t\"name\": \"\"Marimurtr\u00edssim\" - festival familial botanique\",\n\t\t\t\t\t\t\t  \t\"startDate\": \"2026-5-10T09-09-00-00\",\n\t\t\t\t\t\t\t  \t\"endDate\": \"2026-5-10T18-18-00-00\",\n\t\t\t\t\t\t\t  \t\"image\":\"https:\/\/www.blanescostabrava.cat\/wp-content\/uploads\/2026\/04\/Cartell-Marimurtrissim-2026-215x300.jpg\",\n\t\t\t\t\t\t\t  \t\"description\":\"DATE : 10 mai\r\nHEURE : de 9h00 \u00e0 18h00\r\nLIEU : Jardin botanique Marimurtra\r\n\",\n\t\t\t\t\t\t\t  \t\n\t\t\t\t\t\t\t }<\/script><\/div>\n\t\t\t\t<p class=\"desc_trig_outter\"><a data-gmap_status=\"null\" data-exlk=\"0\" style=\"border-color: #206177;padding-top: 215px;height: 310px;\" id=\"evc_1778403600234079\" class=\"desc_trig sin_val evcal_list_a\" data-ux_val=\"3\"  ><span class='event-img'><img src='https:\/\/www.blanescostabrava.cat\/wp-content\/uploads\/2026\/04\/Cartell-Marimurtrissim-2026.jpg'><\/span><span class='evcal_cblock ' data-bgcolor='#206177' data-smon='mai' data-syr='2026'><span class='evo_start '><em class='date'>10<\/em><em class='month'>mai<\/em><em class='time'>9:00 am<\/em><\/span><span class='evo_end only_time'><em class='time'>6:00 pm<\/em><\/span><em class='clear'><\/em><\/span><span class='evcal_desc evo_info hide_eventtopdata '  data-location_status=\"false\" ><span class='evo_above_title'><\/span><span class='evcal_desc2 evcal_event_title' itemprop='name'>\"Marimurtr\u00edssim\" - festival familial botanique<\/span><span class='evo_below_title'><\/span><span class='evcal_desc_info' ><\/span><span class='evcal_desc3'><\/span><\/span><em class='clear'><\/em><\/p><\/a><div class='event_description evcal_eventcard ' style=\"display:none\"><div class='evo_metarow_directimg'><img src='https:\/\/www.blanescostabrava.cat\/wp-content\/uploads\/2026\/04\/Cartell-Marimurtrissim-2026.jpg' \/><\/div><div class='evo_metarow_details evorow evcal_evdata_row bordb evcal_event_details'>\n\t\t\t\t\t\t\t<div class=\"event_excerpt\" style=\"display:none\"><h3 class=\"padb5 evo_h3\">Description<\/h3><p>DATE : 10 mai\r\nHEURE : de 9h00 \u00e0 18h00\r\nLIEU : Jardin botanique Marimurtra\r\n<\/p><\/div><span class='evcal_evdata_icons'><i class='fa fa-align-justify'><\/i><\/span>\n\t\t\t\t\t\t\t\n\t\t\t\t\t\t\t<div class='evcal_evdata_cell '><div class='eventon_full_description'>\n\t\t\t\t\t\t\t\t\t<h3 class='padb5 evo_h3'><span class='evcal_evdata_icons'><i class='fa fa-align-justify'><\/i><\/span>Description<\/h3><div class='eventon_desc_in' itemprop='description'>\n\t\t\t\t\t\t\t\t\t<p data-start=\"443\" data-end=\"458\">DATE : 10 mai<\/p>\n<p data-start=\"460\" data-end=\"485\">HEURE : de 9h00 \u00e0 18h00<\/p>\n<p data-start=\"487\" data-end=\"523\">LIEU : Jardin botanique Marimurtra<\/p>\n<p data-start=\"487\" data-end=\"523\"><img class=\"alignnone size-large wp-image-234061\" src=\"https:\/\/www.blanescostabrava.cat\/wp-content\/uploads\/2026\/04\/Cartell-Marimurtrissim-2026-734x1024.jpg\" alt=\"\" width=\"734\" height=\"1024\" srcset=\"https:\/\/www.blanescostabrava.cat\/wp-content\/uploads\/2026\/04\/Cartell-Marimurtrissim-2026-734x1024.jpg 734w, https:\/\/www.blanescostabrava.cat\/wp-content\/uploads\/2026\/04\/Cartell-Marimurtrissim-2026-215x300.jpg 215w, https:\/\/www.blanescostabrava.cat\/wp-content\/uploads\/2026\/04\/Cartell-Marimurtrissim-2026-107x150.jpg 107w, https:\/\/www.blanescostabrava.cat\/wp-content\/uploads\/2026\/04\/Cartell-Marimurtrissim-2026-768x1072.jpg 768w, https:\/\/www.blanescostabrava.cat\/wp-content\/uploads\/2026\/04\/Cartell-Marimurtrissim-2026-1101x1536.jpg 1101w, https:\/\/www.blanescostabrava.cat\/wp-content\/uploads\/2026\/04\/Cartell-Marimurtrissim-2026-17x24.jpg 17w, https:\/\/www.blanescostabrava.cat\/wp-content\/uploads\/2026\/04\/Cartell-Marimurtrissim-2026-26x36.jpg 26w, https:\/\/www.blanescostabrava.cat\/wp-content\/uploads\/2026\/04\/Cartell-Marimurtrissim-2026-34x48.jpg 34w, https:\/\/www.blanescostabrava.cat\/wp-content\/uploads\/2026\/04\/Cartell-Marimurtrissim-2026.jpg 1433w\" sizes=\"(max-width: 734px) 100vw, 734px\" \/><\/p>\n<\/div><div class='clear'><\/div>\n\t\t\t\t\t\t\t\t<\/div>\n\t\t\t\t\t\t\t<\/div>\n\t\t\t\t\t\t<\/div><div class='evo_metarow_time_location evorow bordb '>\n\t\t\t\t\t\t<div class='tb' >\n\t\t\t\t\t\t\t<div class='tbrow'>\n\t\t\t\t\t\t\t<div class='evcal_col50 bordr'>\n\t\t\t\t\t\t\t\t<div class='evcal_evdata_row evo_time'>\n\t\t\t\t\t\t\t\t\t<span class='evcal_evdata_icons'><i class='fa fa-clock-o'><\/i><\/span>\n\t\t\t\t\t\t\t\t\t<div class='evcal_evdata_cell'>\t\t\t\t\t\t\t\n\t\t\t\t\t\t\t\t\t\t<h3 class='evo_h3'><span class='evcal_evdata_icons'><i class='fa fa-clock-o'><\/i><\/span>Date<\/h3>\n\t\t\t\t\t\t\t\t\t\t<p>(Sunday) 9:00 am - 6:00 pm<\/p>\n\t\t\t\t\t\t\t\t\t<\/div>\n\t\t\t\t\t\t\t\t<\/div>\n\t\t\t\t\t\t\t<\/div><div class='evcal_col50'>\n\t\t\t\t\t\t\t\t<div class='evcal_evdata_row evo_location'>\n\t\t\t\t\t\t\t\t\t<span class='evcal_evdata_icons'><i class='fa fa-map-marker'><\/i><\/span>\n\t\t\t\t\t\t\t\t\t<div class='evcal_evdata_cell' data-loc_tax_id='2946'>\t\t\t\t\t\t\t\n\t\t\t\t\t\t\t\t\t\t<h3 class='evo_h3'><span class='evcal_evdata_icons'><i class='fa fa-map-marker'><\/i><\/span>Location<\/h3><p class='evo_location_name'>Jardin Botanique Marimurtra<\/p><p class='evo_location_address'><\/p>\n\t\t\t\t\t\t\t\t\t<\/div>\n\t\t\t\t\t\t\t\t<\/div>\n\t\t\t\t\t\t\t<\/div><div class='clear'><\/div>\n\t\t\t\t\t\t\t<\/div><\/div>\n\t\t\t\t\t\t<\/div>\t\t\t\t\t\t<div class='evo_metarow_ICS evorow bordb evcal_evdata_row'>\n\t\t\t\t\t\t\t<span class=\"evcal_evdata_icons\"><i class=\"fa fa-calendar\"><\/i><\/span>\n\t\t\t\t\t\t\t<div class='evcal_evdata_cell'>\n\t\t\t\t\t\t\t\t<p><a href=\"https:\/\/www.blanescostabrava.cat\/wp-admin\/admin-ajax.php?action=eventon_ics_download&amp;event_id=234079&amp;sunix=20260510T070000Z&amp;eunix=20260510T160000Z&amp;loca=&amp;locn=Jardin Botanique Marimurtra\" class=\"evo_ics_nCal\" title=\"Add to your calendar\">Calendar<\/a><a href=\"\/\/www.google.com\/calendar\/event?action=TEMPLATE&amp;text=%22Marimurtr%C3%ADssim%22+-+festival+familial+botanique&amp;dates=20260510T070000Z\/20260510T160000Z&amp;details=DATE+%3A+10+mai%0D%0AHEURE+%3A+de+9h00+%C3%A0+18h00%0D%0ALIEU+%3A+Jardin+botanique+Marimurtra%0D%0A&amp;location=Jardin+Botanique+Marimurtra - \" target=\"_blank\" class=\"evo_ics_gCal\" title=\"Add to google calendar\">GoogleCal<\/a><\/p>\t\n\t\t\t\t\t\t\t<\/div>\t\t\t\t\t\t<\/div>\n\t\t\t\t\t\t<\/div><div class='clear end'><\/div><\/div><div id=\"event_234091\" class=\"eventon_list_event evo_eventtop  event hasbgimg\" data-event_id=\"234091\" data-time=\"1778409000-1778418000\" data-colr=\"#206177\" itemscope itemtype='http:\/\/schema.org\/Event' 21><div class=\"evo_boxtop\" style=\"background-image: url(https:\/\/www.blanescostabrava.cat\/wp-content\/uploads\/2023\/07\/jovenes-jugando-juegos-mesa-charadas-figuritas-tirando-dados-juegos-cartas-hombres-mujeres-disfrutan-competencia-estrategia-adivinar-tarjeta-entretenimiento-diversion-cerca-min-scaled.jpg); background-color:#206177;height:200px;\"><\/div><div class=\"evo_event_schema\" style=\"display:none\" ><a itemprop=\"url\" href=\"https:\/\/www.blanescostabrava.cat\/fr\/events\/jeux-de-societe-liem-la\/\"><\/a><span itemprop='name'  >Jeux de soci\u00e9t\u00e9 \"Liem - la!\"<\/span><meta itemprop='image' content='https:\/\/www.blanescostabrava.cat\/wp-content\/uploads\/2023\/07\/jovenes-jugando-juegos-mesa-charadas-figuritas-tirando-dados-juegos-cartas-hombres-mujeres-disfrutan-competencia-estrategia-adivinar-tarjeta-entretenimiento-diversion-cerca-min-scaled.jpg' ><\/meta><meta itemprop='description' content='DATE : 10 mai\r\nHEURE : de 10h30 \u00e0 13h00\r\nLIEU : Place d\u2019Espagne' ><\/meta><meta itemprop='startDate' content='2026-5-10' ><\/meta><meta itemprop='endDate' content='2026-5-10' ><\/meta><meta itemprop='eventStatus' content='on-schedule' ><\/meta><script type=\"application\/ld+json\">{\t\"@context\": \"http:\/\/schema.org\",\n\t\t\t\t\t\t\t  \t\"@type\": \"Event\",\n\t\t\t\t\t\t\t  \t\"name\": \"Jeux de soci\u00e9t\u00e9 \"Liem - la!\"\",\n\t\t\t\t\t\t\t  \t\"startDate\": \"2026-5-10T10-10-30-00\",\n\t\t\t\t\t\t\t  \t\"endDate\": \"2026-5-10T13-13-00-00\",\n\t\t\t\t\t\t\t  \t\"image\":\"https:\/\/www.blanescostabrava.cat\/wp-content\/uploads\/2023\/07\/jovenes-jugando-juegos-mesa-charadas-figuritas-tirando-dados-juegos-cartas-hombres-mujeres-disfrutan-competencia-estrategia-adivinar-tarjeta-entretenimiento-diversion-cerca-min-300x169.jpg\",\n\t\t\t\t\t\t\t  \t\"description\":\"DATE : 10 mai\r\nHEURE : de 10h30 \u00e0 13h00\r\nLIEU : Place d\u2019Espagne\",\n\t\t\t\t\t\t\t  \t\n\t\t\t\t\t\t\t }<\/script><\/div>\n\t\t\t\t<p class=\"desc_trig_outter\"><a data-gmap_status=\"null\" data-exlk=\"0\" style=\"border-color: #206177;padding-top: 215px;height: 310px;\" id=\"evc_1778409000234091\" class=\"desc_trig sin_val evcal_list_a\" data-ux_val=\"3\"  ><span class='event-img'><img src='https:\/\/www.blanescostabrava.cat\/wp-content\/uploads\/2023\/07\/jovenes-jugando-juegos-mesa-charadas-figuritas-tirando-dados-juegos-cartas-hombres-mujeres-disfrutan-competencia-estrategia-adivinar-tarjeta-entretenimiento-diversion-cerca-min-scaled.jpg'><\/span><span class='evcal_cblock ' data-bgcolor='#206177' data-smon='mai' data-syr='2026'><span class='evo_start '><em class='date'>10<\/em><em class='month'>mai<\/em><em class='time'>10:30 am<\/em><\/span><span class='evo_end only_time'><em class='time'>1:00 pm<\/em><\/span><em class='clear'><\/em><\/span><span class='evcal_desc evo_info hide_eventtopdata '  data-location_status=\"false\" ><span class='evo_above_title'><\/span><span class='evcal_desc2 evcal_event_title' itemprop='name'>Jeux de soci\u00e9t\u00e9 \"Liem - la!\"<\/span><span class='evo_below_title'><\/span><span class='evcal_desc_info' ><\/span><span class='evcal_desc3'><\/span><\/span><em class='clear'><\/em><\/p><\/a><div class='event_description evcal_eventcard ' style=\"display:none\"><div class='evo_metarow_directimg'><img src='https:\/\/www.blanescostabrava.cat\/wp-content\/uploads\/2023\/07\/jovenes-jugando-juegos-mesa-charadas-figuritas-tirando-dados-juegos-cartas-hombres-mujeres-disfrutan-competencia-estrategia-adivinar-tarjeta-entretenimiento-diversion-cerca-min-scaled.jpg' \/><\/div><div class='evo_metarow_details evorow evcal_evdata_row bordb evcal_event_details'>\n\t\t\t\t\t\t\t<div class=\"event_excerpt\" style=\"display:none\"><h3 class=\"padb5 evo_h3\">Description<\/h3><p>DATE : 10 mai\r\nHEURE : de 10h30 \u00e0 13h00\r\nLIEU : Place d\u2019Espagne<\/p><\/div><span class='evcal_evdata_icons'><i class='fa fa-align-justify'><\/i><\/span>\n\t\t\t\t\t\t\t\n\t\t\t\t\t\t\t<div class='evcal_evdata_cell '><div class='eventon_full_description'>\n\t\t\t\t\t\t\t\t\t<h3 class='padb5 evo_h3'><span class='evcal_evdata_icons'><i class='fa fa-align-justify'><\/i><\/span>Description<\/h3><div class='eventon_desc_in' itemprop='description'>\n\t\t\t\t\t\t\t\t\t<p data-start=\"418\" data-end=\"433\">DATE : 10 mai<\/p>\n<p data-start=\"435\" data-end=\"461\">HEURE : de 10h30 \u00e0 13h00<\/p>\n<p data-start=\"463\" data-end=\"487\">LIEU : Place d\u2019Espagne<\/p>\n<\/div><div class='clear'><\/div>\n\t\t\t\t\t\t\t\t<\/div>\n\t\t\t\t\t\t\t<\/div>\n\t\t\t\t\t\t<\/div><div class='evo_metarow_time_location evorow bordb '>\n\t\t\t\t\t\t<div class='tb' >\n\t\t\t\t\t\t\t<div class='tbrow'>\n\t\t\t\t\t\t\t<div class='evcal_col50 bordr'>\n\t\t\t\t\t\t\t\t<div class='evcal_evdata_row evo_time'>\n\t\t\t\t\t\t\t\t\t<span class='evcal_evdata_icons'><i class='fa fa-clock-o'><\/i><\/span>\n\t\t\t\t\t\t\t\t\t<div class='evcal_evdata_cell'>\t\t\t\t\t\t\t\n\t\t\t\t\t\t\t\t\t\t<h3 class='evo_h3'><span class='evcal_evdata_icons'><i class='fa fa-clock-o'><\/i><\/span>Date<\/h3>\n\t\t\t\t\t\t\t\t\t\t<p>(Sunday) 10:30 am - 1:00 pm<\/p>\n\t\t\t\t\t\t\t\t\t<\/div>\n\t\t\t\t\t\t\t\t<\/div>\n\t\t\t\t\t\t\t<\/div><div class='evcal_col50'>\n\t\t\t\t\t\t\t\t<div class='evcal_evdata_row evo_location'>\n\t\t\t\t\t\t\t\t\t<span class='evcal_evdata_icons'><i class='fa fa-map-marker'><\/i><\/span>\n\t\t\t\t\t\t\t\t\t<div class='evcal_evdata_cell' data-loc_tax_id='3668'>\t\t\t\t\t\t\t\n\t\t\t\t\t\t\t\t\t\t<h3 class='evo_h3'><span class='evcal_evdata_icons'><i class='fa fa-map-marker'><\/i><\/span>Location<\/h3><p class='evo_location_name'>Place d\u2019Espagne<\/p><p class='evo_location_address'><\/p>\n\t\t\t\t\t\t\t\t\t<\/div>\n\t\t\t\t\t\t\t\t<\/div>\n\t\t\t\t\t\t\t<\/div><div class='clear'><\/div>\n\t\t\t\t\t\t\t<\/div><\/div>\n\t\t\t\t\t\t<\/div>\t\t\t\t\t\t<div class='evo_metarow_ICS evorow bordb evcal_evdata_row'>\n\t\t\t\t\t\t\t<span class=\"evcal_evdata_icons\"><i class=\"fa fa-calendar\"><\/i><\/span>\n\t\t\t\t\t\t\t<div class='evcal_evdata_cell'>\n\t\t\t\t\t\t\t\t<p><a href=\"https:\/\/www.blanescostabrava.cat\/wp-admin\/admin-ajax.php?action=eventon_ics_download&amp;event_id=234091&amp;sunix=20260510T083000Z&amp;eunix=20260510T110000Z&amp;loca=&amp;locn=Place d\u2019Espagne\" class=\"evo_ics_nCal\" title=\"Add to your calendar\">Calendar<\/a><a href=\"\/\/www.google.com\/calendar\/event?action=TEMPLATE&amp;text=Jeux+de+soci%C3%A9t%C3%A9+%22Liem+-+la%21%22&amp;dates=20260510T083000Z\/20260510T110000Z&amp;details=DATE+%3A+10+mai%0D%0AHEURE+%3A+de+10h30+%C3%A0+13h00%0D%0ALIEU+%3A+Place+d%E2%80%99Espagne&amp;location=Place+d%E2%80%99Espagne - \" target=\"_blank\" class=\"evo_ics_gCal\" title=\"Add to google calendar\">GoogleCal<\/a><\/p>\t\n\t\t\t\t\t\t\t<\/div>\t\t\t\t\t\t<\/div>\n\t\t\t\t\t\t<\/div><div class='clear end'><\/div><\/div><div id=\"event_233689\" class=\"eventon_list_event evo_eventtop  event hasbgimg\" data-event_id=\"233689\" data-time=\"1778520600-1778526000\" data-colr=\"#206177\" itemscope itemtype='http:\/\/schema.org\/Event' 22><div class=\"evo_boxtop\" style=\"background-image: url(https:\/\/www.blanescostabrava.cat\/wp-content\/uploads\/2026\/02\/Captura-de-pantalla-2026-03-03-a-les-11.18.42.png); background-color:#206177;height:200px;\"><\/div><div class=\"evo_event_schema\" style=\"display:none\" ><a itemprop=\"url\" href=\"https:\/\/www.blanescostabrava.cat\/fr\/events\/mini-club-de-lecture-bona-nit\/\"><\/a><span itemprop='name'  >Mini-club de lecture: \"Bona nit\"<\/span><meta itemprop='image' content='https:\/\/www.blanescostabrava.cat\/wp-content\/uploads\/2026\/02\/Captura-de-pantalla-2026-03-03-a-les-11.18.42.png' ><\/meta><meta itemprop='description' content='DATE : lundi 11 maiHEURE : 17:30 hLIEU : Biblioth\u00e8que Roberto Bola\u00f1o\r\nCranc de Marianna' ><\/meta><meta itemprop='startDate' content='2026-5-11' ><\/meta><meta itemprop='endDate' content='2026-5-11' ><\/meta><meta itemprop='eventStatus' content='on-schedule' ><\/meta><script type=\"application\/ld+json\">{\t\"@context\": \"http:\/\/schema.org\",\n\t\t\t\t\t\t\t  \t\"@type\": \"Event\",\n\t\t\t\t\t\t\t  \t\"name\": \"Mini-club de lecture: \"Bona nit\"\",\n\t\t\t\t\t\t\t  \t\"startDate\": \"2026-5-11T17-17-30-00\",\n\t\t\t\t\t\t\t  \t\"endDate\": \"2026-5-11T19-19-00-00\",\n\t\t\t\t\t\t\t  \t\"image\":\"https:\/\/www.blanescostabrava.cat\/wp-content\/uploads\/2026\/02\/Captura-de-pantalla-2026-03-03-a-les-11.18.42-300x197.png\",\n\t\t\t\t\t\t\t  \t\"description\":\"DATE : lundi 11 maiHEURE : 17:30 hLIEU : Biblioth\u00e8que Roberto Bola\u00f1o\r\nCranc de Marianna\",\n\t\t\t\t\t\t\t  \t\n\t\t\t\t\t\t\t }<\/script><\/div>\n\t\t\t\t<p class=\"desc_trig_outter\"><a data-gmap_status=\"null\" data-exlk=\"0\" style=\"border-color: #206177;padding-top: 215px;height: 310px;\" id=\"evc_1778520600233689\" class=\"desc_trig sin_val evcal_list_a\" data-ux_val=\"3\"  ><span class='event-img'><img src='https:\/\/www.blanescostabrava.cat\/wp-content\/uploads\/2026\/02\/Captura-de-pantalla-2026-03-03-a-les-11.18.42.png'><\/span><span class='evcal_cblock ' data-bgcolor='#206177' data-smon='mai' data-syr='2026'><span class='evo_start '><em class='date'>11<\/em><em class='month'>mai<\/em><em class='time'>5:30 pm<\/em><\/span><span class='evo_end only_time'><em class='time'>7:00 pm<\/em><\/span><em class='clear'><\/em><\/span><span class='evcal_desc evo_info hide_eventtopdata '  data-location_status=\"false\" ><span class='evo_above_title'><\/span><span class='evcal_desc2 evcal_event_title' itemprop='name'>Mini-club de lecture: \"Bona nit\"<\/span><span class='evo_below_title'><\/span><span class='evcal_desc_info' ><\/span><span class='evcal_desc3'><\/span><\/span><em class='clear'><\/em><\/p><\/a><div class='event_description evcal_eventcard ' style=\"display:none\"><div class='evo_metarow_directimg'><img src='https:\/\/www.blanescostabrava.cat\/wp-content\/uploads\/2026\/02\/Captura-de-pantalla-2026-03-03-a-les-11.18.42.png' \/><\/div><div class='evo_metarow_details evorow evcal_evdata_row bordb evcal_event_details'>\n\t\t\t\t\t\t\t<div class=\"event_excerpt\" style=\"display:none\"><h3 class=\"padb5 evo_h3\">Description<\/h3><p>DATE : lundi 11 maiHEURE : 17:30 hLIEU : Biblioth\u00e8que Roberto Bola\u00f1o\r\nCranc de Marianna<\/p><\/div><span class='evcal_evdata_icons'><i class='fa fa-align-justify'><\/i><\/span>\n\t\t\t\t\t\t\t\n\t\t\t\t\t\t\t<div class='evcal_evdata_cell shorter_desc'><div class='eventon_details_shading_bot'>\n\t\t\t\t\t\t\t\t<p class='eventon_shad_p' content='less'><span class='ev_more_text' data-txt='less'>more<\/span><span class='ev_more_arrow'><\/span><\/p>\n\t\t\t\t\t\t\t<\/div><div class='eventon_full_description'>\n\t\t\t\t\t\t\t\t\t<h3 class='padb5 evo_h3'><span class='evcal_evdata_icons'><i class='fa fa-align-justify'><\/i><\/span>Description<\/h3><div class='eventon_desc_in' itemprop='description'>\n\t\t\t\t\t\t\t\t\t<p data-start=\"783\" data-end=\"871\"><strong data-start=\"783\" data-end=\"793\">DATE :<\/strong> lundi 11 mai<br data-start=\"806\" data-end=\"809\" \/><strong data-start=\"809\" data-end=\"820\">HEURE :<\/strong> 17:30 h<br data-start=\"828\" data-end=\"831\" \/><strong data-start=\"831\" data-end=\"841\">LIEU :<\/strong> Biblioth\u00e8que Roberto Bola\u00f1o<\/p>\n<p data-start=\"873\" data-end=\"899\">Cranc de Marianna Coppo.<\/p>\n<p data-start=\"901\" data-end=\"963\">Pour les enfants de 5 \u00e0 7 ans, accompagn\u00e9s de leurs parents.<\/p>\n<p data-start=\"965\" data-end=\"1010\">Places limit\u00e9es. (Complet. Liste d\u2019attente)<\/p>\n<p data-start=\"1012\" data-end=\"1098\" data-is-last-node=\"\" data-is-only-node=\"\">Plus d\u2019informations sur le blog : <a class=\"decorated-link\" href=\"https:\/\/biblioteca.blanes.cat\/salainfantil\/miniclub\/\" target=\"_new\" rel=\"noopener\" data-start=\"1046\" data-end=\"1098\" data-is-last-node=\"\">https:\/\/biblioteca.blanes.cat\/salainfantil\/miniclub\/<\/a><\/p>\n<\/div><div class='clear'><\/div>\n\t\t\t\t\t\t\t\t<\/div>\n\t\t\t\t\t\t\t<\/div>\n\t\t\t\t\t\t<\/div><div class='evo_metarow_time_location evorow bordb '>\n\t\t\t\t\t\t<div class='tb' >\n\t\t\t\t\t\t\t<div class='tbrow'>\n\t\t\t\t\t\t\t<div class='evcal_col50 bordr'>\n\t\t\t\t\t\t\t\t<div class='evcal_evdata_row evo_time'>\n\t\t\t\t\t\t\t\t\t<span class='evcal_evdata_icons'><i class='fa fa-clock-o'><\/i><\/span>\n\t\t\t\t\t\t\t\t\t<div class='evcal_evdata_cell'>\t\t\t\t\t\t\t\n\t\t\t\t\t\t\t\t\t\t<h3 class='evo_h3'><span class='evcal_evdata_icons'><i class='fa fa-clock-o'><\/i><\/span>Date<\/h3>\n\t\t\t\t\t\t\t\t\t\t<p>(Monday) 5:30 pm - 7:00 pm<\/p>\n\t\t\t\t\t\t\t\t\t<\/div>\n\t\t\t\t\t\t\t\t<\/div>\n\t\t\t\t\t\t\t<\/div><div class='evcal_col50'>\n\t\t\t\t\t\t\t\t<div class='evcal_evdata_row evo_location'>\n\t\t\t\t\t\t\t\t\t<span class='evcal_evdata_icons'><i class='fa fa-map-marker'><\/i><\/span>\n\t\t\t\t\t\t\t\t\t<div class='evcal_evdata_cell' data-loc_tax_id='4568'>\t\t\t\t\t\t\t\n\t\t\t\t\t\t\t\t\t\t<h3 class='evo_h3'><span class='evcal_evdata_icons'><i class='fa fa-map-marker'><\/i><\/span>Location<\/h3><p class='evo_location_name'>Biblioth\u00e8que Roberto Bola\u00f1o<\/p><p class='evo_location_address'><\/p>\n\t\t\t\t\t\t\t\t\t<\/div>\n\t\t\t\t\t\t\t\t<\/div>\n\t\t\t\t\t\t\t<\/div><div class='clear'><\/div>\n\t\t\t\t\t\t\t<\/div><\/div>\n\t\t\t\t\t\t<\/div>\t\t\t\t\t\t<div class='evo_metarow_ICS evorow bordb evcal_evdata_row'>\n\t\t\t\t\t\t\t<span class=\"evcal_evdata_icons\"><i class=\"fa fa-calendar\"><\/i><\/span>\n\t\t\t\t\t\t\t<div class='evcal_evdata_cell'>\n\t\t\t\t\t\t\t\t<p><a href=\"https:\/\/www.blanescostabrava.cat\/wp-admin\/admin-ajax.php?action=eventon_ics_download&amp;event_id=233689&amp;sunix=20260511T153000Z&amp;eunix=20260511T170000Z&amp;loca=&amp;locn=Biblioth\u00e8que Roberto Bola\u00f1o\" class=\"evo_ics_nCal\" title=\"Add to your calendar\">Calendar<\/a><a href=\"\/\/www.google.com\/calendar\/event?action=TEMPLATE&amp;text=Mini-club+de+lecture%3A+%22Bona+nit%22&amp;dates=20260511T153000Z\/20260511T170000Z&amp;details=DATE+%3A+lundi+11+maiHEURE+%3A+17%3A30+hLIEU+%3A+Biblioth%C3%A8que+Roberto+Bola%C3%B1o%0D%0ACranc+de+Marianna&amp;location=Biblioth%C3%A8que+Roberto+Bola%C3%B1o - \" target=\"_blank\" class=\"evo_ics_gCal\" title=\"Add to google calendar\">GoogleCal<\/a><\/p>\t\n\t\t\t\t\t\t\t<\/div>\t\t\t\t\t\t<\/div>\n\t\t\t\t\t\t<\/div><div class='clear end'><\/div><\/div><div id=\"event_233701\" class=\"eventon_list_event evo_eventtop  event hasbgimg\" data-event_id=\"233701\" data-time=\"1778608800-1778616000\" data-colr=\"#206177\" itemscope itemtype='http:\/\/schema.org\/Event' 23><div class=\"evo_boxtop\" style=\"background-image: url(https:\/\/www.blanescostabrava.cat\/wp-content\/uploads\/2026\/02\/Captura-de-pantalla-2026-03-03-a-les-11.18.42.png); background-color:#206177;height:200px;\"><\/div><div class=\"evo_event_schema\" style=\"display:none\" ><a itemprop=\"url\" href=\"https:\/\/www.blanescostabrava.cat\/fr\/events\/heure-du-conte-superheroris\/\"><\/a><span itemprop='name'  >Heure du conte: \"Superheroris\"<\/span><meta itemprop='image' content='https:\/\/www.blanescostabrava.cat\/wp-content\/uploads\/2026\/02\/Captura-de-pantalla-2026-03-03-a-les-11.18.42.png' ><\/meta><meta itemprop='description' content='DATE : mardi 12 maiHEURE : 18:00 hLIEU : Biblioth\u00e8que de l\u2019Institut Escola Mn. Joan Batlle\r\n' ><\/meta><meta itemprop='startDate' content='2026-5-12' ><\/meta><meta itemprop='endDate' content='2026-5-12' ><\/meta><meta itemprop='eventStatus' content='on-schedule' ><\/meta><script type=\"application\/ld+json\">{\t\"@context\": \"http:\/\/schema.org\",\n\t\t\t\t\t\t\t  \t\"@type\": \"Event\",\n\t\t\t\t\t\t\t  \t\"name\": \"Heure du conte: \"Superheroris\"\",\n\t\t\t\t\t\t\t  \t\"startDate\": \"2026-5-12T18-18-00-00\",\n\t\t\t\t\t\t\t  \t\"endDate\": \"2026-5-12T20-20-00-00\",\n\t\t\t\t\t\t\t  \t\"image\":\"https:\/\/www.blanescostabrava.cat\/wp-content\/uploads\/2026\/02\/Captura-de-pantalla-2026-03-03-a-les-11.18.42-300x197.png\",\n\t\t\t\t\t\t\t  \t\"description\":\"DATE : mardi 12 maiHEURE : 18:00 hLIEU : Biblioth\u00e8que de l\u2019Institut Escola Mn. Joan Batlle\r\n\",\n\t\t\t\t\t\t\t  \t\n\t\t\t\t\t\t\t }<\/script><\/div>\n\t\t\t\t<p class=\"desc_trig_outter\"><a data-gmap_status=\"null\" data-exlk=\"0\" style=\"border-color: #206177;padding-top: 215px;height: 310px;\" id=\"evc_1778608800233701\" class=\"desc_trig sin_val evcal_list_a\" data-ux_val=\"3\"  ><span class='event-img'><img src='https:\/\/www.blanescostabrava.cat\/wp-content\/uploads\/2026\/02\/Captura-de-pantalla-2026-03-03-a-les-11.18.42.png'><\/span><span class='evcal_cblock ' data-bgcolor='#206177' data-smon='mai' data-syr='2026'><span class='evo_start '><em class='date'>12<\/em><em class='month'>mai<\/em><em class='time'>6:00 pm<\/em><\/span><span class='evo_end only_time'><em class='time'>8:00 pm<\/em><\/span><em class='clear'><\/em><\/span><span class='evcal_desc evo_info hide_eventtopdata '  data-location_status=\"false\" ><span class='evo_above_title'><\/span><span class='evcal_desc2 evcal_event_title' itemprop='name'>Heure du conte: \"Superheroris\"<\/span><span class='evo_below_title'><\/span><span class='evcal_desc_info' ><\/span><span class='evcal_desc3'><\/span><\/span><em class='clear'><\/em><\/p><\/a><div class='event_description evcal_eventcard ' style=\"display:none\"><div class='evo_metarow_directimg'><img src='https:\/\/www.blanescostabrava.cat\/wp-content\/uploads\/2026\/02\/Captura-de-pantalla-2026-03-03-a-les-11.18.42.png' \/><\/div><div class='evo_metarow_details evorow evcal_evdata_row bordb evcal_event_details'>\n\t\t\t\t\t\t\t<div class=\"event_excerpt\" style=\"display:none\"><h3 class=\"padb5 evo_h3\">Description<\/h3><p>DATE : mardi 12 maiHEURE : 18:00 hLIEU : Biblioth\u00e8que de l\u2019Institut Escola Mn. Joan Batlle\r\n<\/p><\/div><span class='evcal_evdata_icons'><i class='fa fa-align-justify'><\/i><\/span>\n\t\t\t\t\t\t\t\n\t\t\t\t\t\t\t<div class='evcal_evdata_cell '><div class='eventon_full_description'>\n\t\t\t\t\t\t\t\t\t<h3 class='padb5 evo_h3'><span class='evcal_evdata_icons'><i class='fa fa-align-justify'><\/i><\/span>Description<\/h3><div class='eventon_desc_in' itemprop='description'>\n\t\t\t\t\t\t\t\t\t<p data-start=\"480\" data-end=\"590\"><strong data-start=\"480\" data-end=\"490\">DATE :<\/strong> mardi 12 mai<br data-start=\"503\" data-end=\"506\" \/><strong data-start=\"506\" data-end=\"517\">HEURE :<\/strong> 18:00 h<br data-start=\"525\" data-end=\"528\" \/><strong data-start=\"528\" data-end=\"538\">LIEU :<\/strong> Biblioth\u00e8que de l\u2019Institut Escola Mn. Joan Batlle<\/p>\n<p data-start=\"592\" data-end=\"625\">Avec la compagnie Va de Contes.<\/p>\n<p data-start=\"627\" data-end=\"645\" data-is-last-node=\"\" data-is-only-node=\"\">\u00c0 partir de 5 ans.<\/p>\n<\/div><div class='clear'><\/div>\n\t\t\t\t\t\t\t\t<\/div>\n\t\t\t\t\t\t\t<\/div>\n\t\t\t\t\t\t<\/div><div class='evo_metarow_time_location evorow bordb '>\n\t\t\t\t\t\t<div class='tb' >\n\t\t\t\t\t\t\t<div class='tbrow'>\n\t\t\t\t\t\t\t<div class='evcal_col50 bordr'>\n\t\t\t\t\t\t\t\t<div class='evcal_evdata_row evo_time'>\n\t\t\t\t\t\t\t\t\t<span class='evcal_evdata_icons'><i class='fa fa-clock-o'><\/i><\/span>\n\t\t\t\t\t\t\t\t\t<div class='evcal_evdata_cell'>\t\t\t\t\t\t\t\n\t\t\t\t\t\t\t\t\t\t<h3 class='evo_h3'><span class='evcal_evdata_icons'><i class='fa fa-clock-o'><\/i><\/span>Date<\/h3>\n\t\t\t\t\t\t\t\t\t\t<p>(Tuesday) 6:00 pm - 8:00 pm<\/p>\n\t\t\t\t\t\t\t\t\t<\/div>\n\t\t\t\t\t\t\t\t<\/div>\n\t\t\t\t\t\t\t<\/div><div class='evcal_col50'>\n\t\t\t\t\t\t\t\t<div class='evcal_evdata_row evo_location'>\n\t\t\t\t\t\t\t\t\t<span class='evcal_evdata_icons'><i class='fa fa-map-marker'><\/i><\/span>\n\t\t\t\t\t\t\t\t\t<div class='evcal_evdata_cell' data-loc_tax_id='6616'>\t\t\t\t\t\t\t\n\t\t\t\t\t\t\t\t\t\t<h3 class='evo_h3'><span class='evcal_evdata_icons'><i class='fa fa-map-marker'><\/i><\/span>Location<\/h3><p class='evo_location_name'>Biblioth\u00e8que de l\u2019Institut Escola Mn. Joan Batlle<\/p><p class='evo_location_address'><\/p>\n\t\t\t\t\t\t\t\t\t<\/div>\n\t\t\t\t\t\t\t\t<\/div>\n\t\t\t\t\t\t\t<\/div><div class='clear'><\/div>\n\t\t\t\t\t\t\t<\/div><\/div>\n\t\t\t\t\t\t<\/div>\t\t\t\t\t\t<div class='evo_metarow_ICS evorow bordb evcal_evdata_row'>\n\t\t\t\t\t\t\t<span class=\"evcal_evdata_icons\"><i class=\"fa fa-calendar\"><\/i><\/span>\n\t\t\t\t\t\t\t<div class='evcal_evdata_cell'>\n\t\t\t\t\t\t\t\t<p><a href=\"https:\/\/www.blanescostabrava.cat\/wp-admin\/admin-ajax.php?action=eventon_ics_download&amp;event_id=233701&amp;sunix=20260512T160000Z&amp;eunix=20260512T180000Z&amp;loca=&amp;locn=Biblioth\u00e8que de l\u2019Institut Escola Mn. Joan Batlle\" class=\"evo_ics_nCal\" title=\"Add to your calendar\">Calendar<\/a><a href=\"\/\/www.google.com\/calendar\/event?action=TEMPLATE&amp;text=Heure+du+conte%3A+%22Superheroris%22&amp;dates=20260512T160000Z\/20260512T180000Z&amp;details=DATE+%3A+mardi+12+maiHEURE+%3A+18%3A00+hLIEU+%3A+Biblioth%C3%A8que+de+l%E2%80%99Institut+Escola+Mn.+Joan+Batlle%0D%0A&amp;location=Biblioth%C3%A8que+de+l%E2%80%99Institut+Escola+Mn.+Joan+Batlle - \" target=\"_blank\" class=\"evo_ics_gCal\" title=\"Add to google calendar\">GoogleCal<\/a><\/p>\t\n\t\t\t\t\t\t\t<\/div>\t\t\t\t\t\t<\/div>\n\t\t\t\t\t\t<\/div><div class='clear end'><\/div><\/div><div id=\"event_233713\" class=\"eventon_list_event evo_eventtop  event hasbgimg\" data-event_id=\"233713\" data-time=\"1778668200-1778673600\" data-colr=\"#206177\" itemscope itemtype='http:\/\/schema.org\/Event' 24><div class=\"evo_boxtop\" style=\"background-image: url(https:\/\/www.blanescostabrava.cat\/wp-content\/uploads\/2020\/07\/cropped-BiblioBlanes_AidaMart\u00ednez2018-122.jpg); background-color:#206177;height:200px;\"><\/div><div class=\"evo_event_schema\" style=\"display:none\" ><a itemprop=\"url\" href=\"https:\/\/www.blanescostabrava.cat\/fr\/events\/heure-du-conte-pour-les-tout-petits-de-la-bibliotheque-nascuts-per-llegir\/\"><\/a><span itemprop='name'  >Heure du conte pour les tout-petits de la biblioth\u00e8que: \"Nascuts per Llegir\"<\/span><meta itemprop='image' content='https:\/\/www.blanescostabrava.cat\/wp-content\/uploads\/2020\/07\/cropped-BiblioBlanes_AidaMart\u00ednez2018-122.jpg' ><\/meta><meta itemprop='description' content='DATE : mercredi 13 maiHEURE : 10:30 hLIEU : Biblioth\u00e8que Roberto Bola\u00f1o\r\nPour' ><\/meta><meta itemprop='startDate' content='2026-5-13' ><\/meta><meta itemprop='endDate' content='2026-5-13' ><\/meta><meta itemprop='eventStatus' content='on-schedule' ><\/meta><script type=\"application\/ld+json\">{\t\"@context\": \"http:\/\/schema.org\",\n\t\t\t\t\t\t\t  \t\"@type\": \"Event\",\n\t\t\t\t\t\t\t  \t\"name\": \"Heure du conte pour les tout-petits de la biblioth\u00e8que: \"Nascuts per Llegir\"\",\n\t\t\t\t\t\t\t  \t\"startDate\": \"2026-5-13T10-10-30-00\",\n\t\t\t\t\t\t\t  \t\"endDate\": \"2026-5-13T12-12-00-00\",\n\t\t\t\t\t\t\t  \t\"image\":\"https:\/\/www.blanescostabrava.cat\/wp-content\/uploads\/2020\/07\/cropped-BiblioBlanes_AidaMart\u00ednez2018-122-300x191.jpg\",\n\t\t\t\t\t\t\t  \t\"description\":\"DATE : mercredi 13 maiHEURE : 10:30 hLIEU : Biblioth\u00e8que Roberto Bola\u00f1o\r\nPour\",\n\t\t\t\t\t\t\t  \t\n\t\t\t\t\t\t\t }<\/script><\/div>\n\t\t\t\t<p class=\"desc_trig_outter\"><a data-gmap_status=\"null\" data-exlk=\"0\" style=\"border-color: #206177;padding-top: 215px;height: 310px;\" id=\"evc_1778668200233713\" class=\"desc_trig sin_val evcal_list_a\" data-ux_val=\"3\"  ><span class='event-img'><img src='https:\/\/www.blanescostabrava.cat\/wp-content\/uploads\/2020\/07\/cropped-BiblioBlanes_AidaMart\u00ednez2018-122.jpg'><\/span><span class='evcal_cblock ' data-bgcolor='#206177' data-smon='mai' data-syr='2026'><span class='evo_start '><em class='date'>13<\/em><em class='month'>mai<\/em><em class='time'>10:30 am<\/em><\/span><span class='evo_end only_time'><em class='time'>12:00 pm<\/em><\/span><em class='clear'><\/em><\/span><span class='evcal_desc evo_info hide_eventtopdata '  data-location_status=\"false\" ><span class='evo_above_title'><\/span><span class='evcal_desc2 evcal_event_title' itemprop='name'>Heure du conte pour les tout-petits de la biblioth\u00e8que: \"Nascuts per Llegir\"<\/span><span class='evo_below_title'><\/span><span class='evcal_desc_info' ><\/span><span class='evcal_desc3'><\/span><\/span><em class='clear'><\/em><\/p><\/a><div class='event_description evcal_eventcard ' style=\"display:none\"><div class='evo_metarow_directimg'><img src='https:\/\/www.blanescostabrava.cat\/wp-content\/uploads\/2020\/07\/cropped-BiblioBlanes_AidaMart\u00ednez2018-122.jpg' alt=\"biblioteca blanes\"\/><\/div><div class='evo_metarow_details evorow evcal_evdata_row bordb evcal_event_details'>\n\t\t\t\t\t\t\t<div class=\"event_excerpt\" style=\"display:none\"><h3 class=\"padb5 evo_h3\">Description<\/h3><p>DATE : mercredi 13 maiHEURE : 10:30 hLIEU : Biblioth\u00e8que Roberto Bola\u00f1o\r\nPour<\/p><\/div><span class='evcal_evdata_icons'><i class='fa fa-align-justify'><\/i><\/span>\n\t\t\t\t\t\t\t\n\t\t\t\t\t\t\t<div class='evcal_evdata_cell '><div class='eventon_full_description'>\n\t\t\t\t\t\t\t\t\t<h3 class='padb5 evo_h3'><span class='evcal_evdata_icons'><i class='fa fa-align-justify'><\/i><\/span>Description<\/h3><div class='eventon_desc_in' itemprop='description'>\n\t\t\t\t\t\t\t\t\t<p data-start=\"545\" data-end=\"636\"><strong data-start=\"545\" data-end=\"555\">DATE :<\/strong> mercredi 13 mai<br data-start=\"571\" data-end=\"574\" \/><strong data-start=\"574\" data-end=\"585\">HEURE :<\/strong> 10:30 h<br data-start=\"593\" data-end=\"596\" \/><strong data-start=\"596\" data-end=\"606\">LIEU :<\/strong> Biblioth\u00e8que Roberto Bola\u00f1o<\/p>\n<p data-start=\"638\" data-end=\"682\" data-is-last-node=\"\" data-is-only-node=\"\">Pour les b\u00e9b\u00e9s et les familles de 0 \u00e0 3 ans.<\/p>\n<\/div><div class='clear'><\/div>\n\t\t\t\t\t\t\t\t<\/div>\n\t\t\t\t\t\t\t<\/div>\n\t\t\t\t\t\t<\/div><div class='evo_metarow_time_location evorow bordb '>\n\t\t\t\t\t\t<div class='tb' >\n\t\t\t\t\t\t\t<div class='tbrow'>\n\t\t\t\t\t\t\t<div class='evcal_col50 bordr'>\n\t\t\t\t\t\t\t\t<div class='evcal_evdata_row evo_time'>\n\t\t\t\t\t\t\t\t\t<span class='evcal_evdata_icons'><i class='fa fa-clock-o'><\/i><\/span>\n\t\t\t\t\t\t\t\t\t<div class='evcal_evdata_cell'>\t\t\t\t\t\t\t\n\t\t\t\t\t\t\t\t\t\t<h3 class='evo_h3'><span class='evcal_evdata_icons'><i class='fa fa-clock-o'><\/i><\/span>Date<\/h3>\n\t\t\t\t\t\t\t\t\t\t<p>(Wednesday) 10:30 am - 12:00 pm<\/p>\n\t\t\t\t\t\t\t\t\t<\/div>\n\t\t\t\t\t\t\t\t<\/div>\n\t\t\t\t\t\t\t<\/div><div class='evcal_col50'>\n\t\t\t\t\t\t\t\t<div class='evcal_evdata_row evo_location'>\n\t\t\t\t\t\t\t\t\t<span class='evcal_evdata_icons'><i class='fa fa-map-marker'><\/i><\/span>\n\t\t\t\t\t\t\t\t\t<div class='evcal_evdata_cell' data-loc_tax_id='4568'>\t\t\t\t\t\t\t\n\t\t\t\t\t\t\t\t\t\t<h3 class='evo_h3'><span class='evcal_evdata_icons'><i class='fa fa-map-marker'><\/i><\/span>Location<\/h3><p class='evo_location_name'>Biblioth\u00e8que Roberto Bola\u00f1o<\/p><p class='evo_location_address'><\/p>\n\t\t\t\t\t\t\t\t\t<\/div>\n\t\t\t\t\t\t\t\t<\/div>\n\t\t\t\t\t\t\t<\/div><div class='clear'><\/div>\n\t\t\t\t\t\t\t<\/div><\/div>\n\t\t\t\t\t\t<\/div>\t\t\t\t\t\t<div class='evo_metarow_ICS evorow bordb evcal_evdata_row'>\n\t\t\t\t\t\t\t<span class=\"evcal_evdata_icons\"><i class=\"fa fa-calendar\"><\/i><\/span>\n\t\t\t\t\t\t\t<div class='evcal_evdata_cell'>\n\t\t\t\t\t\t\t\t<p><a href=\"https:\/\/www.blanescostabrava.cat\/wp-admin\/admin-ajax.php?action=eventon_ics_download&amp;event_id=233713&amp;sunix=20260513T083000Z&amp;eunix=20260513T100000Z&amp;loca=&amp;locn=Biblioth\u00e8que Roberto Bola\u00f1o\" class=\"evo_ics_nCal\" title=\"Add to your calendar\">Calendar<\/a><a href=\"\/\/www.google.com\/calendar\/event?action=TEMPLATE&amp;text=Heure+du+conte+pour+les+tout-petits+de+la+biblioth%C3%A8que%3A+%22Nascuts+per+Llegir%22&amp;dates=20260513T083000Z\/20260513T100000Z&amp;details=DATE+%3A+mercredi+13+maiHEURE+%3A+10%3A30+hLIEU+%3A+Biblioth%C3%A8que+Roberto+Bola%C3%B1o%0D%0APour&amp;location=Biblioth%C3%A8que+Roberto+Bola%C3%B1o - \" target=\"_blank\" class=\"evo_ics_gCal\" title=\"Add to google calendar\">GoogleCal<\/a><\/p>\t\n\t\t\t\t\t\t\t<\/div>\t\t\t\t\t\t<\/div>\n\t\t\t\t\t\t<\/div><div class='clear end'><\/div><\/div><div id=\"event_233725\" class=\"eventon_list_event evo_eventtop  event hasbgimg\" data-event_id=\"233725\" data-time=\"1778752800-1778760000\" data-colr=\"#206177\" itemscope itemtype='http:\/\/schema.org\/Event' 25><div class=\"evo_boxtop\" style=\"background-image: url(https:\/\/www.blanescostabrava.cat\/wp-content\/uploads\/2019\/12\/biblioteca-comarcal.jpg); background-color:#206177;height:200px;\"><\/div><div class=\"evo_event_schema\" style=\"display:none\" ><a itemprop=\"url\" href=\"https:\/\/www.blanescostabrava.cat\/fr\/events\/club-de-lecture-bien-etre-la-hija-unica-de-guadalupe-nettel\/\"><\/a><span itemprop='name'  >Club de lecture Bien-\u00eatre: \"La hija \u00fanica de Guadalupe Nettel\"<\/span><meta itemprop='image' content='https:\/\/www.blanescostabrava.cat\/wp-content\/uploads\/2019\/12\/biblioteca-comarcal.jpg' ><\/meta><meta itemprop='description' content='DATE : jeudi 14 maiHEURE : 10:00 hLIEU : Biblioth\u00e8que Roberto Bola\u00f1o\r\nAnim\u00e9 par Isabel' ><\/meta><meta itemprop='startDate' content='2026-5-14' ><\/meta><meta itemprop='endDate' content='2026-5-14' ><\/meta><meta itemprop='eventStatus' content='on-schedule' ><\/meta><script type=\"application\/ld+json\">{\t\"@context\": \"http:\/\/schema.org\",\n\t\t\t\t\t\t\t  \t\"@type\": \"Event\",\n\t\t\t\t\t\t\t  \t\"name\": \"Club de lecture Bien-\u00eatre: \"La hija \u00fanica de Guadalupe Nettel\"\",\n\t\t\t\t\t\t\t  \t\"startDate\": \"2026-5-14T10-10-00-00\",\n\t\t\t\t\t\t\t  \t\"endDate\": \"2026-5-14T12-12-00-00\",\n\t\t\t\t\t\t\t  \t\"image\":\"https:\/\/www.blanescostabrava.cat\/wp-content\/uploads\/2019\/12\/biblioteca-comarcal-300x194.jpg\",\n\t\t\t\t\t\t\t  \t\"description\":\"DATE : jeudi 14 maiHEURE : 10:00 hLIEU : Biblioth\u00e8que Roberto Bola\u00f1o\r\nAnim\u00e9 par Isabel\",\n\t\t\t\t\t\t\t  \t\n\t\t\t\t\t\t\t }<\/script><\/div>\n\t\t\t\t<p class=\"desc_trig_outter\"><a data-gmap_status=\"null\" data-exlk=\"0\" style=\"border-color: #206177;padding-top: 215px;height: 310px;\" id=\"evc_1778752800233725\" class=\"desc_trig sin_val evcal_list_a\" data-ux_val=\"3\"  ><span class='event-img'><img src='https:\/\/www.blanescostabrava.cat\/wp-content\/uploads\/2019\/12\/biblioteca-comarcal.jpg'><\/span><span class='evcal_cblock ' data-bgcolor='#206177' data-smon='mai' data-syr='2026'><span class='evo_start '><em class='date'>14<\/em><em class='month'>mai<\/em><em class='time'>10:00 am<\/em><\/span><span class='evo_end only_time'><em class='time'>12:00 pm<\/em><\/span><em class='clear'><\/em><\/span><span class='evcal_desc evo_info hide_eventtopdata '  data-location_status=\"false\" ><span class='evo_above_title'><\/span><span class='evcal_desc2 evcal_event_title' itemprop='name'>Club de lecture Bien-\u00eatre: \"La hija \u00fanica de Guadalupe Nettel\"<\/span><span class='evo_below_title'><\/span><span class='evcal_desc_info' ><\/span><span class='evcal_desc3'><\/span><\/span><em class='clear'><\/em><\/p><\/a><div class='event_description evcal_eventcard ' style=\"display:none\"><div class='evo_metarow_directimg'><img src='https:\/\/www.blanescostabrava.cat\/wp-content\/uploads\/2019\/12\/biblioteca-comarcal.jpg' alt=\"biblioteca_comarcal_blanes\"\/><\/div><div class='evo_metarow_details evorow evcal_evdata_row bordb evcal_event_details'>\n\t\t\t\t\t\t\t<div class=\"event_excerpt\" style=\"display:none\"><h3 class=\"padb5 evo_h3\">Description<\/h3><p>DATE : jeudi 14 maiHEURE : 10:00 hLIEU : Biblioth\u00e8que Roberto Bola\u00f1o\r\nAnim\u00e9 par Isabel<\/p><\/div><span class='evcal_evdata_icons'><i class='fa fa-align-justify'><\/i><\/span>\n\t\t\t\t\t\t\t\n\t\t\t\t\t\t\t<div class='evcal_evdata_cell shorter_desc'><div class='eventon_details_shading_bot'>\n\t\t\t\t\t\t\t\t<p class='eventon_shad_p' content='less'><span class='ev_more_text' data-txt='less'>more<\/span><span class='ev_more_arrow'><\/span><\/p>\n\t\t\t\t\t\t\t<\/div><div class='eventon_full_description'>\n\t\t\t\t\t\t\t\t\t<h3 class='padb5 evo_h3'><span class='evcal_evdata_icons'><i class='fa fa-align-justify'><\/i><\/span>Description<\/h3><div class='eventon_desc_in' itemprop='description'>\n\t\t\t\t\t\t\t\t\t<p data-start=\"719\" data-end=\"807\"><strong data-start=\"719\" data-end=\"729\">DATE :<\/strong> jeudi 14 mai<br data-start=\"742\" data-end=\"745\" \/><strong data-start=\"745\" data-end=\"756\">HEURE :<\/strong> 10:00 h<br data-start=\"764\" data-end=\"767\" \/><strong data-start=\"767\" data-end=\"777\">LIEU :<\/strong> Biblioth\u00e8que Roberto Bola\u00f1o<\/p>\n<p data-start=\"809\" data-end=\"911\">Anim\u00e9 par Isabel Ridaura, r\u00e9f\u00e9rente en bien-\u00eatre \u00e9motionnel et sant\u00e9 communautaire du CAP de Blanes.<\/p>\n<p data-start=\"913\" data-end=\"961\" data-is-last-node=\"\" data-is-only-node=\"\">Places limit\u00e9es, inscriptions \u00e0 la biblioth\u00e8que.<\/p>\n<\/div><div class='clear'><\/div>\n\t\t\t\t\t\t\t\t<\/div>\n\t\t\t\t\t\t\t<\/div>\n\t\t\t\t\t\t<\/div><div class='evo_metarow_time_location evorow bordb '>\n\t\t\t\t\t\t<div class='tb' >\n\t\t\t\t\t\t\t<div class='tbrow'>\n\t\t\t\t\t\t\t<div class='evcal_col50 bordr'>\n\t\t\t\t\t\t\t\t<div class='evcal_evdata_row evo_time'>\n\t\t\t\t\t\t\t\t\t<span class='evcal_evdata_icons'><i class='fa fa-clock-o'><\/i><\/span>\n\t\t\t\t\t\t\t\t\t<div class='evcal_evdata_cell'>\t\t\t\t\t\t\t\n\t\t\t\t\t\t\t\t\t\t<h3 class='evo_h3'><span class='evcal_evdata_icons'><i class='fa fa-clock-o'><\/i><\/span>Date<\/h3>\n\t\t\t\t\t\t\t\t\t\t<p>(Thursday) 10:00 am - 12:00 pm<\/p>\n\t\t\t\t\t\t\t\t\t<\/div>\n\t\t\t\t\t\t\t\t<\/div>\n\t\t\t\t\t\t\t<\/div><div class='evcal_col50'>\n\t\t\t\t\t\t\t\t<div class='evcal_evdata_row evo_location'>\n\t\t\t\t\t\t\t\t\t<span class='evcal_evdata_icons'><i class='fa fa-map-marker'><\/i><\/span>\n\t\t\t\t\t\t\t\t\t<div class='evcal_evdata_cell' data-loc_tax_id='4568'>\t\t\t\t\t\t\t\n\t\t\t\t\t\t\t\t\t\t<h3 class='evo_h3'><span class='evcal_evdata_icons'><i class='fa fa-map-marker'><\/i><\/span>Location<\/h3><p class='evo_location_name'>Biblioth\u00e8que Roberto Bola\u00f1o<\/p><p class='evo_location_address'><\/p>\n\t\t\t\t\t\t\t\t\t<\/div>\n\t\t\t\t\t\t\t\t<\/div>\n\t\t\t\t\t\t\t<\/div><div class='clear'><\/div>\n\t\t\t\t\t\t\t<\/div><\/div>\n\t\t\t\t\t\t<\/div>\t\t\t\t\t\t<div class='evo_metarow_ICS evorow bordb evcal_evdata_row'>\n\t\t\t\t\t\t\t<span class=\"evcal_evdata_icons\"><i class=\"fa fa-calendar\"><\/i><\/span>\n\t\t\t\t\t\t\t<div class='evcal_evdata_cell'>\n\t\t\t\t\t\t\t\t<p><a href=\"https:\/\/www.blanescostabrava.cat\/wp-admin\/admin-ajax.php?action=eventon_ics_download&amp;event_id=233725&amp;sunix=20260514T080000Z&amp;eunix=20260514T100000Z&amp;loca=&amp;locn=Biblioth\u00e8que Roberto Bola\u00f1o\" class=\"evo_ics_nCal\" title=\"Add to your calendar\">Calendar<\/a><a href=\"\/\/www.google.com\/calendar\/event?action=TEMPLATE&amp;text=Club+de+lecture+Bien-%C3%AAtre%3A+%22La+hija+%C3%BAnica+de+Guadalupe+Nettel%22&amp;dates=20260514T080000Z\/20260514T100000Z&amp;details=DATE+%3A+jeudi+14+maiHEURE+%3A+10%3A00+hLIEU+%3A+Biblioth%C3%A8que+Roberto+Bola%C3%B1o%0D%0AAnim%C3%A9+par+Isabel&amp;location=Biblioth%C3%A8que+Roberto+Bola%C3%B1o - \" target=\"_blank\" class=\"evo_ics_gCal\" title=\"Add to google calendar\">GoogleCal<\/a><\/p>\t\n\t\t\t\t\t\t\t<\/div>\t\t\t\t\t\t<\/div>\n\t\t\t\t\t\t<\/div><div class='clear end'><\/div><\/div><div id=\"event_234295\" class=\"eventon_list_event evo_eventtop  event hasbgimg\" data-event_id=\"234295\" data-time=\"1778785200-1780002000\" data-colr=\"#206177\" itemscope itemtype='http:\/\/schema.org\/Event' 26><div class=\"evo_boxtop\" style=\"background-image: url(https:\/\/www.blanescostabrava.cat\/wp-content\/uploads\/2019\/12\/biblioteca-comarcal.jpg); background-color:#206177;height:200px;\"><\/div><div class=\"evo_event_schema\" style=\"display:none\" ><a itemprop=\"url\" href=\"https:\/\/www.blanescostabrava.cat\/fr\/events\/projection-documentaire-ateneu-llavor-de-llibertat\/\"><\/a><span itemprop='name'  >Projection documentaire: \"Ateneu, llavor de llibertat\"<\/span><meta itemprop='image' content='https:\/\/www.blanescostabrava.cat\/wp-content\/uploads\/2019\/12\/biblioteca-comarcal.jpg' ><\/meta><meta itemprop='description' content='DATE : Les jeudis 14, 21 et 28 mai\r\n\r\nHEURE : 19h00\r\n\r\nLIEU : salle des actes de la Biblioth\u00e8que' ><\/meta><meta itemprop='startDate' content='2026-5-14' ><\/meta><meta itemprop='endDate' content='2026-5-28' ><\/meta><meta itemprop='eventStatus' content='on-schedule' ><\/meta><script type=\"application\/ld+json\">{\t\"@context\": \"http:\/\/schema.org\",\n\t\t\t\t\t\t\t  \t\"@type\": \"Event\",\n\t\t\t\t\t\t\t  \t\"name\": \"Projection documentaire: \"Ateneu, llavor de llibertat\"\",\n\t\t\t\t\t\t\t  \t\"startDate\": \"2026-5-14T19-19-00-00\",\n\t\t\t\t\t\t\t  \t\"endDate\": \"2026-5-28T21-21-00-00\",\n\t\t\t\t\t\t\t  \t\"image\":\"https:\/\/www.blanescostabrava.cat\/wp-content\/uploads\/2019\/12\/biblioteca-comarcal-300x194.jpg\",\n\t\t\t\t\t\t\t  \t\"description\":\"DATE : Les jeudis 14, 21 et 28 mai\r\n\r\nHEURE : 19h00\r\n\r\nLIEU : salle des actes de la Biblioth\u00e8que\",\n\t\t\t\t\t\t\t  \t\n\t\t\t\t\t\t\t }<\/script><\/div>\n\t\t\t\t<p class=\"desc_trig_outter\"><a data-gmap_status=\"null\" data-exlk=\"0\" style=\"border-color: #206177;padding-top: 215px;height: 310px;\" id=\"evc_1778785200234295\" class=\"desc_trig mul_val evcal_list_a\" data-ux_val=\"3\"  ><span class='event-img'><img src='https:\/\/www.blanescostabrava.cat\/wp-content\/uploads\/2019\/12\/biblioteca-comarcal.jpg'><\/span><span class='evcal_cblock ' data-bgcolor='#206177' data-smon='mai' data-syr='2026'><span class='evo_start '><em class='date'>14<\/em><em class='month'>mai<\/em><em class='time'><i t=\"y\">(mai 14)<\/i>7:00 pm<\/em><\/span><span class='evo_end '><em class='date'>28<\/em><em class='time'><i t=\"y\">(mai 28)<\/i>9:00 pm<\/em><\/span><em class='clear'><\/em><\/span><span class='evcal_desc evo_info hide_eventtopdata '  data-location_status=\"false\" ><span class='evo_above_title'><\/span><span class='evcal_desc2 evcal_event_title' itemprop='name'>Projection documentaire: \"Ateneu, llavor de llibertat\"<\/span><span class='evo_below_title'><\/span><span class='evcal_desc_info' ><\/span><span class='evcal_desc3'><\/span><\/span><em class='clear'><\/em><\/p><\/a><div class='event_description evcal_eventcard ' style=\"display:none\"><div class='evo_metarow_directimg'><img src='https:\/\/www.blanescostabrava.cat\/wp-content\/uploads\/2019\/12\/biblioteca-comarcal.jpg' alt=\"biblioteca_comarcal_blanes\"\/><\/div><div class='evo_metarow_details evorow evcal_evdata_row bordb evcal_event_details'>\n\t\t\t\t\t\t\t<div class=\"event_excerpt\" style=\"display:none\"><h3 class=\"padb5 evo_h3\">Description<\/h3><p>DATE : Les jeudis 14, 21 et 28 mai\r\n\r\nHEURE : 19h00\r\n\r\nLIEU : salle des actes de la Biblioth\u00e8que<\/p><\/div><span class='evcal_evdata_icons'><i class='fa fa-align-justify'><\/i><\/span>\n\t\t\t\t\t\t\t\n\t\t\t\t\t\t\t<div class='evcal_evdata_cell '><div class='eventon_full_description'>\n\t\t\t\t\t\t\t\t\t<h3 class='padb5 evo_h3'><span class='evcal_evdata_icons'><i class='fa fa-align-justify'><\/i><\/span>Description<\/h3><div class='eventon_desc_in' itemprop='description'>\n\t\t\t\t\t\t\t\t\t<p>DATE : Les jeudis 14, 21 et 28 mai<\/p>\n<p>HEURE : 19h00<\/p>\n<p>LIEU : salle des actes de la Biblioth\u00e8que<\/p>\n<\/div><div class='clear'><\/div>\n\t\t\t\t\t\t\t\t<\/div>\n\t\t\t\t\t\t\t<\/div>\n\t\t\t\t\t\t<\/div><div class='evo_metarow_time_location evorow bordb '>\n\t\t\t\t\t\t<div class='tb' >\n\t\t\t\t\t\t\t<div class='tbrow'>\n\t\t\t\t\t\t\t<div class='evcal_col50 bordr'>\n\t\t\t\t\t\t\t\t<div class='evcal_evdata_row evo_time'>\n\t\t\t\t\t\t\t\t\t<span class='evcal_evdata_icons'><i class='fa fa-clock-o'><\/i><\/span>\n\t\t\t\t\t\t\t\t\t<div class='evcal_evdata_cell'>\t\t\t\t\t\t\t\n\t\t\t\t\t\t\t\t\t\t<h3 class='evo_h3'><span class='evcal_evdata_icons'><i class='fa fa-clock-o'><\/i><\/span>Date<\/h3>\n\t\t\t\t\t\t\t\t\t\t<p>14 (Thursday) 7:00 pm - 28 (Thursday) 9:00 pm<\/p>\n\t\t\t\t\t\t\t\t\t<\/div>\n\t\t\t\t\t\t\t\t<\/div>\n\t\t\t\t\t\t\t<\/div><div class='evcal_col50'>\n\t\t\t\t\t\t\t\t<div class='evcal_evdata_row evo_location'>\n\t\t\t\t\t\t\t\t\t<span class='evcal_evdata_icons'><i class='fa fa-map-marker'><\/i><\/span>\n\t\t\t\t\t\t\t\t\t<div class='evcal_evdata_cell' data-loc_tax_id='6298'>\t\t\t\t\t\t\t\n\t\t\t\t\t\t\t\t\t\t<h3 class='evo_h3'><span class='evcal_evdata_icons'><i class='fa fa-map-marker'><\/i><\/span>Location<\/h3><p class='evo_location_name'>Salle des actes de la Biblioth\u00e8que<\/p><p class='evo_location_address'><\/p>\n\t\t\t\t\t\t\t\t\t<\/div>\n\t\t\t\t\t\t\t\t<\/div>\n\t\t\t\t\t\t\t<\/div><div class='clear'><\/div>\n\t\t\t\t\t\t\t<\/div><\/div>\n\t\t\t\t\t\t<\/div>\t\t\t\t\t\t<div class='evo_metarow_ICS evorow bordb evcal_evdata_row'>\n\t\t\t\t\t\t\t<span class=\"evcal_evdata_icons\"><i class=\"fa fa-calendar\"><\/i><\/span>\n\t\t\t\t\t\t\t<div class='evcal_evdata_cell'>\n\t\t\t\t\t\t\t\t<p><a href=\"https:\/\/www.blanescostabrava.cat\/wp-admin\/admin-ajax.php?action=eventon_ics_download&amp;event_id=234295&amp;sunix=20260514T170000Z&amp;eunix=20260528T190000Z&amp;loca=&amp;locn=Salle des actes de la Biblioth\u00e8que\" class=\"evo_ics_nCal\" title=\"Add to your calendar\">Calendar<\/a><a href=\"\/\/www.google.com\/calendar\/event?action=TEMPLATE&amp;text=Projection+documentaire%3A+%22Ateneu%2C+llavor+de+llibertat%22&amp;dates=20260514T170000Z\/20260528T190000Z&amp;details=DATE+%3A+Les+jeudis+14%2C+21+et+28+mai%0D%0A%0D%0AHEURE+%3A+19h00%0D%0A%0D%0ALIEU+%3A+salle+des+actes+de+la+Biblioth%C3%A8que&amp;location=Salle+des+actes+de+la+Biblioth%C3%A8que - \" target=\"_blank\" class=\"evo_ics_gCal\" title=\"Add to google calendar\">GoogleCal<\/a><\/p>\t\n\t\t\t\t\t\t\t<\/div>\t\t\t\t\t\t<\/div>\n\t\t\t\t\t\t<\/div><div class='clear end'><\/div><\/div><div id=\"event_234124\" class=\"eventon_list_event evo_eventtop  event hasbgimg\" data-event_id=\"234124\" data-time=\"1778788800-1778796000\" data-colr=\"#206177\" itemscope itemtype='http:\/\/schema.org\/Event' 27><div class=\"evo_boxtop\" style=\"background-image: url(https:\/\/www.blanescostabrava.cat\/wp-content\/uploads\/2026\/04\/cartell_sirat.jpg); background-color:#206177;height:200px;\"><\/div><div class=\"evo_event_schema\" style=\"display:none\" ><a itemprop=\"url\" href=\"https:\/\/www.blanescostabrava.cat\/fr\/events\/cycle-cinema-gaudi-sirat\/\"><\/a><span itemprop='name'  >Cycle cin\u00e9ma Gaud\u00ed: \"Sirat\"<\/span><meta itemprop='image' content='https:\/\/www.blanescostabrava.cat\/wp-content\/uploads\/2026\/04\/cartell_sirat.jpg' ><\/meta><meta itemprop='description' content='Cine\/Cinema\/Cin\u00e9ma\r\nDATE : 14 mai\r\nHEURE : 20h00\r\nLIEU : Teatre de Blanes\r\n' ><\/meta><meta itemprop='startDate' content='2026-5-14' ><\/meta><meta itemprop='endDate' content='2026-5-14' ><\/meta><meta itemprop='eventStatus' content='on-schedule' ><\/meta><script type=\"application\/ld+json\">{\t\"@context\": \"http:\/\/schema.org\",\n\t\t\t\t\t\t\t  \t\"@type\": \"Event\",\n\t\t\t\t\t\t\t  \t\"name\": \"Cycle cin\u00e9ma Gaud\u00ed: \"Sirat\"\",\n\t\t\t\t\t\t\t  \t\"startDate\": \"2026-5-14T20-20-00-00\",\n\t\t\t\t\t\t\t  \t\"endDate\": \"2026-5-14T22-22-00-00\",\n\t\t\t\t\t\t\t  \t\"image\":\"https:\/\/www.blanescostabrava.cat\/wp-content\/uploads\/2026\/04\/cartell_sirat-207x300.jpg\",\n\t\t\t\t\t\t\t  \t\"description\":\"Cine\/Cinema\/Cin\u00e9ma\r\nDATE : 14 mai\r\nHEURE : 20h00\r\nLIEU : Teatre de Blanes\r\n\",\n\t\t\t\t\t\t\t  \t\n\t\t\t\t\t\t\t }<\/script><\/div>\n\t\t\t\t<p class=\"desc_trig_outter\"><a data-gmap_status=\"null\" data-exlk=\"0\" style=\"border-color: #206177;padding-top: 215px;height: 310px;\" id=\"evc_1778788800234124\" class=\"desc_trig sin_val evcal_list_a\" data-ux_val=\"3\"  ><span class='event-img'><img src='https:\/\/www.blanescostabrava.cat\/wp-content\/uploads\/2026\/04\/cartell_sirat.jpg'><\/span><span class='evcal_cblock ' data-bgcolor='#206177' data-smon='mai' data-syr='2026'><span class='evo_start '><em class='date'>14<\/em><em class='month'>mai<\/em><em class='time'>8:00 pm<\/em><\/span><span class='evo_end only_time'><em class='time'>10:00 pm<\/em><\/span><em class='clear'><\/em><\/span><span class='evcal_desc evo_info hide_eventtopdata '  data-location_status=\"false\" ><span class='evo_above_title'><\/span><span class='evcal_desc2 evcal_event_title' itemprop='name'>Cycle cin\u00e9ma Gaud\u00ed: \"Sirat\"<\/span><span class='evo_below_title'><\/span><span class='evcal_desc_info' ><\/span><span class='evcal_desc3'><\/span><\/span><em class='clear'><\/em><\/p><\/a><div class='event_description evcal_eventcard ' style=\"display:none\"><div class='evo_metarow_directimg'><img src='https:\/\/www.blanescostabrava.cat\/wp-content\/uploads\/2026\/04\/cartell_sirat.jpg' \/><\/div><div class='evo_metarow_details evorow evcal_evdata_row bordb evcal_event_details'>\n\t\t\t\t\t\t\t<div class=\"event_excerpt\" style=\"display:none\"><h3 class=\"padb5 evo_h3\">Description<\/h3><p>Cine\/Cinema\/Cin\u00e9ma\r\nDATE : 14 mai\r\nHEURE : 20h00\r\nLIEU : Teatre de Blanes\r\n<\/p><\/div><span class='evcal_evdata_icons'><i class='fa fa-align-justify'><\/i><\/span>\n\t\t\t\t\t\t\t\n\t\t\t\t\t\t\t<div class='evcal_evdata_cell '><div class='eventon_full_description'>\n\t\t\t\t\t\t\t\t\t<h3 class='padb5 evo_h3'><span class='evcal_evdata_icons'><i class='fa fa-align-justify'><\/i><\/span>Description<\/h3><div class='eventon_desc_in' itemprop='description'>\n\t\t\t\t\t\t\t\t\t<p>Cine\/Cinema\/Cin\u00e9ma<\/p>\n<p data-start=\"412\" data-end=\"427\">DATE : 14 mai<\/p>\n<p data-start=\"429\" data-end=\"444\">HEURE : 20h00<\/p>\n<p data-start=\"446\" data-end=\"492\">LIEU : <span class=\"hover:entity-accent entity-underline inline cursor-pointer align-baseline\"><span class=\"whitespace-normal\">Teatre de Blanes<\/span><\/span><\/p>\n<p data-start=\"446\" data-end=\"492\"><img class=\"alignnone size-large wp-image-234106\" src=\"https:\/\/www.blanescostabrava.cat\/wp-content\/uploads\/2026\/04\/cartell_sirat-707x1024.jpg\" alt=\"\" width=\"707\" height=\"1024\" srcset=\"https:\/\/www.blanescostabrava.cat\/wp-content\/uploads\/2026\/04\/cartell_sirat-707x1024.jpg 707w, https:\/\/www.blanescostabrava.cat\/wp-content\/uploads\/2026\/04\/cartell_sirat-207x300.jpg 207w, https:\/\/www.blanescostabrava.cat\/wp-content\/uploads\/2026\/04\/cartell_sirat-104x150.jpg 104w, https:\/\/www.blanescostabrava.cat\/wp-content\/uploads\/2026\/04\/cartell_sirat-768x1113.jpg 768w, https:\/\/www.blanescostabrava.cat\/wp-content\/uploads\/2026\/04\/cartell_sirat-17x24.jpg 17w, https:\/\/www.blanescostabrava.cat\/wp-content\/uploads\/2026\/04\/cartell_sirat-25x36.jpg 25w, https:\/\/www.blanescostabrava.cat\/wp-content\/uploads\/2026\/04\/cartell_sirat-33x48.jpg 33w, https:\/\/www.blanescostabrava.cat\/wp-content\/uploads\/2026\/04\/cartell_sirat.jpg 966w\" sizes=\"(max-width: 707px) 100vw, 707px\" \/><\/p>\n<\/div><div class='clear'><\/div>\n\t\t\t\t\t\t\t\t<\/div>\n\t\t\t\t\t\t\t<\/div>\n\t\t\t\t\t\t<\/div><div class='evo_metarow_time_location evorow bordb '>\n\t\t\t\t\t\t<div class='tb' >\n\t\t\t\t\t\t\t<div class='tbrow'>\n\t\t\t\t\t\t\t<div class='evcal_col50 bordr'>\n\t\t\t\t\t\t\t\t<div class='evcal_evdata_row evo_time'>\n\t\t\t\t\t\t\t\t\t<span class='evcal_evdata_icons'><i class='fa fa-clock-o'><\/i><\/span>\n\t\t\t\t\t\t\t\t\t<div class='evcal_evdata_cell'>\t\t\t\t\t\t\t\n\t\t\t\t\t\t\t\t\t\t<h3 class='evo_h3'><span class='evcal_evdata_icons'><i class='fa fa-clock-o'><\/i><\/span>Date<\/h3>\n\t\t\t\t\t\t\t\t\t\t<p>(Thursday) 8:00 pm - 10:00 pm<\/p>\n\t\t\t\t\t\t\t\t\t<\/div>\n\t\t\t\t\t\t\t\t<\/div>\n\t\t\t\t\t\t\t<\/div><div class='evcal_col50'>\n\t\t\t\t\t\t\t\t<div class='evcal_evdata_row evo_location'>\n\t\t\t\t\t\t\t\t\t<span class='evcal_evdata_icons'><i class='fa fa-map-marker'><\/i><\/span>\n\t\t\t\t\t\t\t\t\t<div class='evcal_evdata_cell' data-loc_tax_id='6013'>\t\t\t\t\t\t\t\n\t\t\t\t\t\t\t\t\t\t<h3 class='evo_h3'><span class='evcal_evdata_icons'><i class='fa fa-map-marker'><\/i><\/span>Location<\/h3><p class='evo_location_name'>Teatre de Blanes<\/p><p class='evo_location_address'><\/p>\n\t\t\t\t\t\t\t\t\t<\/div>\n\t\t\t\t\t\t\t\t<\/div>\n\t\t\t\t\t\t\t<\/div><div class='clear'><\/div>\n\t\t\t\t\t\t\t<\/div><\/div>\n\t\t\t\t\t\t<\/div>\t\t\t\t\t\t<div class='evo_metarow_ICS evorow bordb evcal_evdata_row'>\n\t\t\t\t\t\t\t<span class=\"evcal_evdata_icons\"><i class=\"fa fa-calendar\"><\/i><\/span>\n\t\t\t\t\t\t\t<div class='evcal_evdata_cell'>\n\t\t\t\t\t\t\t\t<p><a href=\"https:\/\/www.blanescostabrava.cat\/wp-admin\/admin-ajax.php?action=eventon_ics_download&amp;event_id=234124&amp;sunix=20260514T180000Z&amp;eunix=20260514T200000Z&amp;loca=&amp;locn=Teatre de Blanes\" class=\"evo_ics_nCal\" title=\"Add to your calendar\">Calendar<\/a><a href=\"\/\/www.google.com\/calendar\/event?action=TEMPLATE&amp;text=Cycle+cin%C3%A9ma+Gaud%C3%AD%3A+%22Sirat%22&amp;dates=20260514T180000Z\/20260514T200000Z&amp;details=Cine%2FCinema%2FCin%C3%A9ma%0D%0ADATE+%3A+14+mai%0D%0AHEURE+%3A+20h00%0D%0ALIEU+%3A+Teatre+de+Blanes%0D%0A&amp;location=Teatre+de+Blanes - \" target=\"_blank\" class=\"evo_ics_gCal\" title=\"Add to google calendar\">GoogleCal<\/a><\/p>\t\n\t\t\t\t\t\t\t<\/div>\t\t\t\t\t\t<\/div>\n\t\t\t\t\t\t<\/div><div class='clear end'><\/div><\/div><div id=\"event_234136\" class=\"eventon_list_event evo_eventtop  event hasbgimg\" data-event_id=\"234136\" data-time=\"1778803201-1779062399\" data-colr=\"#206177\" itemscope itemtype='http:\/\/schema.org\/Event' 28><div class=\"evo_boxtop\" style=\"background-image: url(https:\/\/www.blanescostabrava.cat\/wp-content\/uploads\/2018\/04\/PORT-2-1.jpg); background-color:#206177;height:200px;\"><\/div><div class=\"evo_event_schema\" style=\"display:none\" ><a itemprop=\"url\" href=\"https:\/\/www.blanescostabrava.cat\/fr\/events\/foire-blanes-mar\/\"><\/a><span itemprop='name'  >Foire Blanes Mar<\/span><meta itemprop='image' content='https:\/\/www.blanescostabrava.cat\/wp-content\/uploads\/2018\/04\/PORT-2-1.jpg' ><\/meta><meta itemprop='description' content='Feria Blanes Mar\/Blanes Mar Fair\/Foire Blanes Mar\r\nDATE : Du 15 au 17 mai\r\nLIEU : Esplanade du port' ><\/meta><meta itemprop='startDate' content='2026-5-15' ><\/meta><meta itemprop='endDate' content='2026-5-17' ><\/meta><meta itemprop='eventStatus' content='on-schedule' ><\/meta><script type=\"application\/ld+json\">{\t\"@context\": \"http:\/\/schema.org\",\n\t\t\t\t\t\t\t  \t\"@type\": \"Event\",\n\t\t\t\t\t\t\t  \t\"name\": \"Foire Blanes Mar\",\n\t\t\t\t\t\t\t  \t\"startDate\": \"2026-5-15T00-00-00-00\",\n\t\t\t\t\t\t\t  \t\"endDate\": \"2026-5-17T23-23-59-00\",\n\t\t\t\t\t\t\t  \t\"image\":\"https:\/\/www.blanescostabrava.cat\/wp-content\/uploads\/2018\/04\/PORT-2-1-300x200.jpg\",\n\t\t\t\t\t\t\t  \t\"description\":\"Feria Blanes Mar\/Blanes Mar Fair\/Foire Blanes Mar\r\nDATE : Du 15 au 17 mai\r\nLIEU : Esplanade du port\",\n\t\t\t\t\t\t\t  \t\n\t\t\t\t\t\t\t }<\/script><\/div>\n\t\t\t\t<p class=\"desc_trig_outter\"><a data-gmap_status=\"null\" data-exlk=\"0\" style=\"border-color: #206177;padding-top: 215px;height: 310px;\" id=\"evc_1778803201234136\" class=\"desc_trig mul_val evcal_list_a\" data-ux_val=\"3\"  ><span class='event-img'><img src='https:\/\/www.blanescostabrava.cat\/wp-content\/uploads\/2018\/04\/PORT-2-1.jpg'><\/span><span class='evcal_cblock ' data-bgcolor='#206177' data-smon='mai' data-syr='2026'><span class='evo_start '><em class='date'>15<\/em><em class='month'>mai<\/em><em class='time'>allday<\/em><\/span><span class='evo_end '><em class='date'>17<\/em><\/span><em class='clear'><\/em><\/span><span class='evcal_desc evo_info hide_eventtopdata '  data-location_status=\"false\" ><span class='evo_above_title'><\/span><span class='evcal_desc2 evcal_event_title' itemprop='name'>Foire Blanes Mar<\/span><span class='evo_below_title'><\/span><span class='evcal_desc_info' ><\/span><span class='evcal_desc3'><\/span><\/span><em class='clear'><\/em><\/p><\/a><div class='event_description evcal_eventcard ' style=\"display:none\"><div class='evo_metarow_directimg'><img src='https:\/\/www.blanescostabrava.cat\/wp-content\/uploads\/2018\/04\/PORT-2-1.jpg' \/><\/div><div class='evo_metarow_details evorow evcal_evdata_row bordb evcal_event_details'>\n\t\t\t\t\t\t\t<div class=\"event_excerpt\" style=\"display:none\"><h3 class=\"padb5 evo_h3\">Description<\/h3><p>Feria Blanes Mar\/Blanes Mar Fair\/Foire Blanes Mar\r\nDATE : Du 15 au 17 mai\r\nLIEU : Esplanade du port<\/p><\/div><span class='evcal_evdata_icons'><i class='fa fa-align-justify'><\/i><\/span>\n\t\t\t\t\t\t\t\n\t\t\t\t\t\t\t<div class='evcal_evdata_cell '><div class='eventon_full_description'>\n\t\t\t\t\t\t\t\t\t<h3 class='padb5 evo_h3'><span class='evcal_evdata_icons'><i class='fa fa-align-justify'><\/i><\/span>Description<\/h3><div class='eventon_desc_in' itemprop='description'>\n\t\t\t\t\t\t\t\t\t<p>Feria Blanes Mar\/Blanes Mar Fair\/Foire Blanes Mar<\/p>\n<p data-start=\"292\" data-end=\"316\">DATE : Du 15 au 17 mai<\/p>\n<p data-start=\"318\" data-end=\"344\">LIEU : Esplanade du port<\/p>\n<\/div><div class='clear'><\/div>\n\t\t\t\t\t\t\t\t<\/div>\n\t\t\t\t\t\t\t<\/div>\n\t\t\t\t\t\t<\/div><div class='evo_metarow_time_location evorow bordb '>\n\t\t\t\t\t\t<div class='tb' >\n\t\t\t\t\t\t\t<div class='tbrow'>\n\t\t\t\t\t\t\t<div class='evcal_col50 bordr'>\n\t\t\t\t\t\t\t\t<div class='evcal_evdata_row evo_time'>\n\t\t\t\t\t\t\t\t\t<span class='evcal_evdata_icons'><i class='fa fa-clock-o'><\/i><\/span>\n\t\t\t\t\t\t\t\t\t<div class='evcal_evdata_cell'>\t\t\t\t\t\t\t\n\t\t\t\t\t\t\t\t\t\t<h3 class='evo_h3'><span class='evcal_evdata_icons'><i class='fa fa-clock-o'><\/i><\/span>Date<\/h3>\n\t\t\t\t\t\t\t\t\t\t<p>mai 15 (Friday) - 17 (Sunday)<\/p>\n\t\t\t\t\t\t\t\t\t<\/div>\n\t\t\t\t\t\t\t\t<\/div>\n\t\t\t\t\t\t\t<\/div><div class='evcal_col50'>\n\t\t\t\t\t\t\t\t<div class='evcal_evdata_row evo_location'>\n\t\t\t\t\t\t\t\t\t<span class='evcal_evdata_icons'><i class='fa fa-map-marker'><\/i><\/span>\n\t\t\t\t\t\t\t\t\t<div class='evcal_evdata_cell' data-loc_tax_id='3946'>\t\t\t\t\t\t\t\n\t\t\t\t\t\t\t\t\t\t<h3 class='evo_h3'><span class='evcal_evdata_icons'><i class='fa fa-map-marker'><\/i><\/span>Location<\/h3><p class='evo_location_name'>Esplanade du Port<\/p><p class='evo_location_address'><\/p>\n\t\t\t\t\t\t\t\t\t<\/div>\n\t\t\t\t\t\t\t\t<\/div>\n\t\t\t\t\t\t\t<\/div><div class='clear'><\/div>\n\t\t\t\t\t\t\t<\/div><\/div>\n\t\t\t\t\t\t<\/div>\t\t\t\t\t\t<div class='evo_metarow_ICS evorow bordb evcal_evdata_row'>\n\t\t\t\t\t\t\t<span class=\"evcal_evdata_icons\"><i class=\"fa fa-calendar\"><\/i><\/span>\n\t\t\t\t\t\t\t<div class='evcal_evdata_cell'>\n\t\t\t\t\t\t\t\t<p><a href=\"https:\/\/www.blanescostabrava.cat\/wp-admin\/admin-ajax.php?action=eventon_ics_download&amp;event_id=234136&amp;sunix=20260514T220000Z&amp;eunix=20260517T215900Z&amp;loca=&amp;locn=Esplanade du Port\" class=\"evo_ics_nCal\" title=\"Add to your calendar\">Calendar<\/a><a href=\"\/\/www.google.com\/calendar\/event?action=TEMPLATE&amp;text=Foire+Blanes+Mar&amp;dates=20260514T220000Z\/20260517T215900Z&amp;details=Feria+Blanes+Mar%2FBlanes+Mar+Fair%2FFoire+Blanes+Mar%0D%0ADATE+%3A+Du+15+au+17+mai%0D%0ALIEU+%3A+Esplanade+du+port&amp;location=Esplanade+du+Port - \" target=\"_blank\" class=\"evo_ics_gCal\" title=\"Add to google calendar\">GoogleCal<\/a><\/p>\t\n\t\t\t\t\t\t\t<\/div>\t\t\t\t\t\t<\/div>\n\t\t\t\t\t\t<\/div><div class='clear end'><\/div><\/div><div id=\"event_234148\" class=\"eventon_list_event evo_eventtop  event hasbgimg\" data-event_id=\"234148\" data-time=\"1778803201-1780185599\" data-colr=\"#206177\" itemscope itemtype='http:\/\/schema.org\/Event' 29><div class=\"evo_boxtop\" style=\"background-image: url(https:\/\/www.blanescostabrava.cat\/wp-content\/uploads\/2021\/02\/sala-saladrigas-blanes.jpg); background-color:#206177;height:200px;\"><\/div><div class=\"evo_event_schema\" style=\"display:none\" ><a itemprop=\"url\" href=\"https:\/\/www.blanescostabrava.cat\/fr\/events\/exposition-academia-dart-nantiga\/\"><\/a><span itemprop='name'  >Exposition: \"Acad\u00e8mia d\u2019Art n\u2019Antiga\"<\/span><meta itemprop='image' content='https:\/\/www.blanescostabrava.cat\/wp-content\/uploads\/2021\/02\/sala-saladrigas-blanes.jpg' ><\/meta><meta itemprop='description' content='Exposici\u00f3\/Exposici\u00f3n\/Exhibition\/Exposition\r\nDATE : Du 15 au 30 mai\r\nLIEU : Sala Ma Luisa Garc\u00eda - Tornel' ><\/meta><meta itemprop='startDate' content='2026-5-15' ><\/meta><meta itemprop='endDate' content='2026-5-30' ><\/meta><meta itemprop='eventStatus' content='on-schedule' ><\/meta><script type=\"application\/ld+json\">{\t\"@context\": \"http:\/\/schema.org\",\n\t\t\t\t\t\t\t  \t\"@type\": \"Event\",\n\t\t\t\t\t\t\t  \t\"name\": \"Exposition: \"Acad\u00e8mia d\u2019Art n\u2019Antiga\"\",\n\t\t\t\t\t\t\t  \t\"startDate\": \"2026-5-15T00-00-00-00\",\n\t\t\t\t\t\t\t  \t\"endDate\": \"2026-5-30T23-23-59-00\",\n\t\t\t\t\t\t\t  \t\"image\":\"https:\/\/www.blanescostabrava.cat\/wp-content\/uploads\/2021\/02\/sala-saladrigas-blanes-300x200.jpg\",\n\t\t\t\t\t\t\t  \t\"description\":\"Exposici\u00f3\/Exposici\u00f3n\/Exhibition\/Exposition\r\nDATE : Du 15 au 30 mai\r\nLIEU : Sala Ma Luisa Garc\u00eda - Tornel\",\n\t\t\t\t\t\t\t  \t\n\t\t\t\t\t\t\t }<\/script><\/div>\n\t\t\t\t<p class=\"desc_trig_outter\"><a data-gmap_status=\"null\" data-exlk=\"0\" style=\"border-color: #206177;padding-top: 215px;height: 310px;\" id=\"evc_1778803201234148\" class=\"desc_trig mul_val evcal_list_a\" data-ux_val=\"3\"  ><span class='event-img'><img src='https:\/\/www.blanescostabrava.cat\/wp-content\/uploads\/2021\/02\/sala-saladrigas-blanes.jpg'><\/span><span class='evcal_cblock ' data-bgcolor='#206177' data-smon='mai' data-syr='2026'><span class='evo_start '><em class='date'>15<\/em><em class='month'>mai<\/em><em class='time'>allday<\/em><\/span><span class='evo_end '><em class='date'>30<\/em><\/span><em class='clear'><\/em><\/span><span class='evcal_desc evo_info hide_eventtopdata '  data-location_status=\"false\" ><span class='evo_above_title'><\/span><span class='evcal_desc2 evcal_event_title' itemprop='name'>Exposition: \"Acad\u00e8mia d\u2019Art n\u2019Antiga\"<\/span><span class='evo_below_title'><\/span><span class='evcal_desc_info' ><\/span><span class='evcal_desc3'><\/span><\/span><em class='clear'><\/em><\/p><\/a><div class='event_description evcal_eventcard ' style=\"display:none\"><div class='evo_metarow_directimg'><img src='https:\/\/www.blanescostabrava.cat\/wp-content\/uploads\/2021\/02\/sala-saladrigas-blanes.jpg' alt=\"sala saladrigas blanes\"\/><\/div><div class='evo_metarow_details evorow evcal_evdata_row bordb evcal_event_details'>\n\t\t\t\t\t\t\t<div class=\"event_excerpt\" style=\"display:none\"><h3 class=\"padb5 evo_h3\">Description<\/h3><p>Exposici\u00f3\/Exposici\u00f3n\/Exhibition\/Exposition\r\nDATE : Du 15 au 30 mai\r\nLIEU : Sala Ma Luisa Garc\u00eda - Tornel<\/p><\/div><span class='evcal_evdata_icons'><i class='fa fa-align-justify'><\/i><\/span>\n\t\t\t\t\t\t\t\n\t\t\t\t\t\t\t<div class='evcal_evdata_cell '><div class='eventon_full_description'>\n\t\t\t\t\t\t\t\t\t<h3 class='padb5 evo_h3'><span class='evcal_evdata_icons'><i class='fa fa-align-justify'><\/i><\/span>Description<\/h3><div class='eventon_desc_in' itemprop='description'>\n\t\t\t\t\t\t\t\t\t<p>Exposici\u00f3\/Exposici\u00f3n\/Exhibition\/Exposition<\/p>\n<p data-start=\"434\" data-end=\"458\">DATE : Du 15 au 30 mai<\/p>\n<p data-start=\"460\" data-end=\"506\">LIEU : <span class=\"hover:entity-accent entity-underline inline cursor-pointer align-baseline\"><span class=\"whitespace-normal\">Sala Ma Luisa Garc\u00eda &#8211; Tornel<\/span><\/span><\/p>\n<\/div><div class='clear'><\/div>\n\t\t\t\t\t\t\t\t<\/div>\n\t\t\t\t\t\t\t<\/div>\n\t\t\t\t\t\t<\/div><div class='evo_metarow_time_location evorow bordb '>\n\t\t\t\t\t\t<div class='tb' >\n\t\t\t\t\t\t\t<div class='tbrow'>\n\t\t\t\t\t\t\t<div class='evcal_col50 bordr'>\n\t\t\t\t\t\t\t\t<div class='evcal_evdata_row evo_time'>\n\t\t\t\t\t\t\t\t\t<span class='evcal_evdata_icons'><i class='fa fa-clock-o'><\/i><\/span>\n\t\t\t\t\t\t\t\t\t<div class='evcal_evdata_cell'>\t\t\t\t\t\t\t\n\t\t\t\t\t\t\t\t\t\t<h3 class='evo_h3'><span class='evcal_evdata_icons'><i class='fa fa-clock-o'><\/i><\/span>Date<\/h3>\n\t\t\t\t\t\t\t\t\t\t<p>mai 15 (Friday) - 30 (Saturday)<\/p>\n\t\t\t\t\t\t\t\t\t<\/div>\n\t\t\t\t\t\t\t\t<\/div>\n\t\t\t\t\t\t\t<\/div><div class='evcal_col50'>\n\t\t\t\t\t\t\t\t<div class='evcal_evdata_row evo_location'>\n\t\t\t\t\t\t\t\t\t<span class='evcal_evdata_icons'><i class='fa fa-map-marker'><\/i><\/span>\n\t\t\t\t\t\t\t\t\t<div class='evcal_evdata_cell' data-loc_tax_id='4348'>\t\t\t\t\t\t\t\n\t\t\t\t\t\t\t\t\t\t<h3 class='evo_h3'><span class='evcal_evdata_icons'><i class='fa fa-map-marker'><\/i><\/span>Location<\/h3><p class='evo_location_name'>Sala Ma Luisa Garc\u00eda-Tornel<\/p><p class='evo_location_address'><\/p>\n\t\t\t\t\t\t\t\t\t<\/div>\n\t\t\t\t\t\t\t\t<\/div>\n\t\t\t\t\t\t\t<\/div><div class='clear'><\/div>\n\t\t\t\t\t\t\t<\/div><\/div>\n\t\t\t\t\t\t<\/div>\t\t\t\t\t\t<div class='evo_metarow_ICS evorow bordb evcal_evdata_row'>\n\t\t\t\t\t\t\t<span class=\"evcal_evdata_icons\"><i class=\"fa fa-calendar\"><\/i><\/span>\n\t\t\t\t\t\t\t<div class='evcal_evdata_cell'>\n\t\t\t\t\t\t\t\t<p><a href=\"https:\/\/www.blanescostabrava.cat\/wp-admin\/admin-ajax.php?action=eventon_ics_download&amp;event_id=234148&amp;sunix=20260514T220000Z&amp;eunix=20260530T215900Z&amp;loca=&amp;locn=Sala Ma Luisa Garc\u00eda-Tornel\" class=\"evo_ics_nCal\" title=\"Add to your calendar\">Calendar<\/a><a href=\"\/\/www.google.com\/calendar\/event?action=TEMPLATE&amp;text=Exposition%3A+%22Acad%C3%A8mia+d%E2%80%99Art+n%E2%80%99Antiga%22&amp;dates=20260514T220000Z\/20260530T215900Z&amp;details=Exposici%C3%B3%2FExposici%C3%B3n%2FExhibition%2FExposition%0D%0ADATE+%3A+Du+15+au+30+mai%0D%0ALIEU+%3A+Sala+Ma+Luisa+Garc%C3%ADa+-+Tornel&amp;location=Sala+Ma+Luisa+Garc%C3%ADa-Tornel - \" target=\"_blank\" class=\"evo_ics_gCal\" title=\"Add to google calendar\">GoogleCal<\/a><\/p>\t\n\t\t\t\t\t\t\t<\/div>\t\t\t\t\t\t<\/div>\n\t\t\t\t\t\t<\/div><div class='clear end'><\/div><\/div><div id=\"event_233932\" class=\"eventon_list_event evo_eventtop  event hasbgimg\" data-event_id=\"233932\" data-time=\"1778803201-1781222399\" data-colr=\"#206177\" itemscope itemtype='http:\/\/schema.org\/Event' 30><div class=\"evo_boxtop\" style=\"background-image: url(https:\/\/www.blanescostabrava.cat\/wp-content\/uploads\/2023\/07\/galerialarcada-2.jpeg); background-color:#206177;height:200px;\"><\/div><div class=\"evo_event_schema\" style=\"display:none\" ><a itemprop=\"url\" href=\"https:\/\/www.blanescostabrava.cat\/fr\/events\/exposition-palma-alvarino-escultors\/\"><\/a><span itemprop='name'  >Exposition \u201cPalma Alvari\u00f1o\/Escultors\u201d<\/span><meta itemprop='image' content='https:\/\/www.blanescostabrava.cat\/wp-content\/uploads\/2023\/07\/galerialarcada-2.jpeg' ><\/meta><meta itemprop='description' content='Exposici\u00f3\/Exposici\u00f3n\/Exhibition\/Exposition \u201cPalma Alvari\u00f1o\/Escultors\u201d\r\nDATE: 15\/05 - 11\/06\r\n\r\nLIEU: Galeria d\u2019art L\u2019Arcada' ><\/meta><meta itemprop='startDate' content='2026-5-15' ><\/meta><meta itemprop='endDate' content='2026-6-11' ><\/meta><meta itemprop='eventStatus' content='on-schedule' ><\/meta><script type=\"application\/ld+json\">{\t\"@context\": \"http:\/\/schema.org\",\n\t\t\t\t\t\t\t  \t\"@type\": \"Event\",\n\t\t\t\t\t\t\t  \t\"name\": \"Exposition \u201cPalma Alvari\u00f1o\/Escultors\u201d\",\n\t\t\t\t\t\t\t  \t\"startDate\": \"2026-5-15T00-00-00-00\",\n\t\t\t\t\t\t\t  \t\"endDate\": \"2026-6-11T23-23-59-00\",\n\t\t\t\t\t\t\t  \t\"image\":\"https:\/\/www.blanescostabrava.cat\/wp-content\/uploads\/2023\/07\/galerialarcada-2-300x164.jpeg\",\n\t\t\t\t\t\t\t  \t\"description\":\"Exposici\u00f3\/Exposici\u00f3n\/Exhibition\/Exposition \u201cPalma Alvari\u00f1o\/Escultors\u201d\r\nDATE: 15\/05 - 11\/06\r\n\r\nLIEU: Galeria d\u2019art L\u2019Arcada\",\n\t\t\t\t\t\t\t  \t\n\t\t\t\t\t\t\t }<\/script><\/div>\n\t\t\t\t<p class=\"desc_trig_outter\"><a data-gmap_status=\"null\" data-exlk=\"0\" style=\"border-color: #206177;padding-top: 215px;height: 310px;\" id=\"evc_1778803201233932\" class=\"desc_trig mul_val evcal_list_a\" data-ux_val=\"3\"  ><span class='event-img'><img src='https:\/\/www.blanescostabrava.cat\/wp-content\/uploads\/2023\/07\/galerialarcada-2.jpeg'><\/span><span class='evcal_cblock ' data-bgcolor='#206177' data-smon='mai' data-syr='2026'><span class='evo_start '><em class='date'>15<\/em><em class='month'>mai<\/em><em class='time'>allday<\/em><\/span><span class='evo_end '><em class='date'>11<\/em><em class='month'>jui<\/em><\/span><em class='clear'><\/em><\/span><span class='evcal_desc evo_info hide_eventtopdata '  data-location_status=\"false\" ><span class='evo_above_title'><\/span><span class='evcal_desc2 evcal_event_title' itemprop='name'>Exposition \u201cPalma Alvari\u00f1o\/Escultors\u201d<\/span><span class='evo_below_title'><\/span><span class='evcal_desc_info' ><\/span><span class='evcal_desc3'><\/span><\/span><em class='clear'><\/em><\/p><\/a><div class='event_description evcal_eventcard ' style=\"display:none\"><div class='evo_metarow_directimg'><img src='https:\/\/www.blanescostabrava.cat\/wp-content\/uploads\/2023\/07\/galerialarcada-2.jpeg' \/><\/div><div class='evo_metarow_details evorow evcal_evdata_row bordb evcal_event_details'>\n\t\t\t\t\t\t\t<div class=\"event_excerpt\" style=\"display:none\"><h3 class=\"padb5 evo_h3\">Description<\/h3><p>Exposici\u00f3\/Exposici\u00f3n\/Exhibition\/Exposition \u201cPalma Alvari\u00f1o\/Escultors\u201d\r\nDATE: 15\/05 - 11\/06\r\n\r\nLIEU: Galeria d\u2019art L\u2019Arcada<\/p><\/div><span class='evcal_evdata_icons'><i class='fa fa-align-justify'><\/i><\/span>\n\t\t\t\t\t\t\t\n\t\t\t\t\t\t\t<div class='evcal_evdata_cell '><div class='eventon_full_description'>\n\t\t\t\t\t\t\t\t\t<h3 class='padb5 evo_h3'><span class='evcal_evdata_icons'><i class='fa fa-align-justify'><\/i><\/span>Description<\/h3><div class='eventon_desc_in' itemprop='description'>\n\t\t\t\t\t\t\t\t\t<p data-pm-slice=\"1 1 []\">Exposici\u00f3\/Exposici\u00f3n\/Exhibition\/Exposition \u201cPalma Alvari\u00f1o\/Escultors\u201d<\/p>\n<p><strong>DATE:<\/strong> 15\/05 &#8211; 11\/06<\/p>\n<p><strong>LIEU:<\/strong> Galeria d\u2019art L\u2019Arcada<\/p>\n<\/div><div class='clear'><\/div>\n\t\t\t\t\t\t\t\t<\/div>\n\t\t\t\t\t\t\t<\/div>\n\t\t\t\t\t\t<\/div><div class='evo_metarow_time_location evorow bordb '>\n\t\t\t\t\t\t<div class='tb' >\n\t\t\t\t\t\t\t<div class='tbrow'>\n\t\t\t\t\t\t\t<div class='evcal_col50 bordr'>\n\t\t\t\t\t\t\t\t<div class='evcal_evdata_row evo_time'>\n\t\t\t\t\t\t\t\t\t<span class='evcal_evdata_icons'><i class='fa fa-clock-o'><\/i><\/span>\n\t\t\t\t\t\t\t\t\t<div class='evcal_evdata_cell'>\t\t\t\t\t\t\t\n\t\t\t\t\t\t\t\t\t\t<h3 class='evo_h3'><span class='evcal_evdata_icons'><i class='fa fa-clock-o'><\/i><\/span>Date<\/h3>\n\t\t\t\t\t\t\t\t\t\t<p>Mai 15 (Friday) - Juin 11 (Thursday)<\/p>\n\t\t\t\t\t\t\t\t\t<\/div>\n\t\t\t\t\t\t\t\t<\/div>\n\t\t\t\t\t\t\t<\/div><div class='evcal_col50'>\n\t\t\t\t\t\t\t\t<div class='evcal_evdata_row evo_location'>\n\t\t\t\t\t\t\t\t\t<span class='evcal_evdata_icons'><i class='fa fa-map-marker'><\/i><\/span>\n\t\t\t\t\t\t\t\t\t<div class='evcal_evdata_cell' data-loc_tax_id='2795'>\t\t\t\t\t\t\t\n\t\t\t\t\t\t\t\t\t\t<h3 class='evo_h3'><span class='evcal_evdata_icons'><i class='fa fa-map-marker'><\/i><\/span>Location<\/h3><p class='evo_location_name'>Galerie d&#039;art l&#039;Arcada<\/p><p class='evo_location_address'><\/p>\n\t\t\t\t\t\t\t\t\t<\/div>\n\t\t\t\t\t\t\t\t<\/div>\n\t\t\t\t\t\t\t<\/div><div class='clear'><\/div>\n\t\t\t\t\t\t\t<\/div><\/div>\n\t\t\t\t\t\t<\/div>\t\t\t\t\t\t<div class='evo_metarow_ICS evorow bordb evcal_evdata_row'>\n\t\t\t\t\t\t\t<span class=\"evcal_evdata_icons\"><i class=\"fa fa-calendar\"><\/i><\/span>\n\t\t\t\t\t\t\t<div class='evcal_evdata_cell'>\n\t\t\t\t\t\t\t\t<p><a href=\"https:\/\/www.blanescostabrava.cat\/wp-admin\/admin-ajax.php?action=eventon_ics_download&amp;event_id=233932&amp;sunix=20260514T220000Z&amp;eunix=20260611T215900Z&amp;loca=&amp;locn=Galerie d&#039;art l&#039;Arcada\" class=\"evo_ics_nCal\" title=\"Add to your calendar\">Calendar<\/a><a href=\"\/\/www.google.com\/calendar\/event?action=TEMPLATE&amp;text=Exposition+%E2%80%9CPalma+Alvari%C3%B1o%2FEscultors%E2%80%9D&amp;dates=20260514T220000Z\/20260611T215900Z&amp;details=Exposici%C3%B3%2FExposici%C3%B3n%2FExhibition%2FExposition+%E2%80%9CPalma+Alvari%C3%B1o%2FEscultors%E2%80%9D%0D%0ADATE%3A+15%2F05+-+11%2F06%0D%0A%0D%0ALIEU%3A+Galeria+d%E2%80%99art+L%E2%80%99Arcada&amp;location=Galerie+d%26%23039%3Bart+l%26%23039%3BArcada - \" target=\"_blank\" class=\"evo_ics_gCal\" title=\"Add to google calendar\">GoogleCal<\/a><\/p>\t\n\t\t\t\t\t\t\t<\/div>\t\t\t\t\t\t<\/div>\n\t\t\t\t\t\t<\/div><div class='clear end'><\/div><\/div><div id=\"event_234181\" class=\"eventon_list_event evo_eventtop  event hasbgimg\" data-event_id=\"234181\" data-time=\"1778839200-1778848200\" data-colr=\"#206177\" itemscope itemtype='http:\/\/schema.org\/Event' 31><div class=\"evo_boxtop\" style=\"background-image: url(https:\/\/www.blanescostabrava.cat\/wp-content\/uploads\/2026\/04\/Captura-de-pantalla-2026-04-30-a-les-12.16.18.png); background-color:#206177;height:200px;\"><\/div><div class=\"evo_event_schema\" style=\"display:none\" ><a itemprop=\"url\" href=\"https:\/\/www.blanescostabrava.cat\/fr\/events\/danse-dans-les-ecoles-9e-edition\/\"><\/a><span itemprop='name'  >Danse dans les \u00e9coles (9e \u00e9dition)<\/span><meta itemprop='image' content='https:\/\/www.blanescostabrava.cat\/wp-content\/uploads\/2026\/04\/Captura-de-pantalla-2026-04-30-a-les-12.16.18.png' ><\/meta><meta itemprop='description' content='DATE : 15 mai\r\nHEURE : de 10h00 \u00e0 12h30\r\nLIEU : Passeig de Mar' ><\/meta><meta itemprop='startDate' content='2026-5-15' ><\/meta><meta itemprop='endDate' content='2026-5-15' ><\/meta><meta itemprop='eventStatus' content='on-schedule' ><\/meta>\n\t\t\t\t\t\t\t\t\t<item style=\"display:none\" itemprop=\"location\" itemscope itemtype=\"http:\/\/schema.org\/Place\">\n\t\t\t\t\t\t\t\t\t\t<span itemprop=\"name\">Passeig de Mar<\/span>\n\t\t\t\t\t\t\t\t\t\t<span itemprop=\"address\" itemscope itemtype=\"http:\/\/schema.org\/PostalAddress\">\n\t\t\t\t\t\t\t\t\t\t\t<item itemprop=\"streetAddress\"><\/item>\n\t\t\t\t\t\t\t\t\t\t<\/span><\/item><script type=\"application\/ld+json\">{\t\"@context\": \"http:\/\/schema.org\",\n\t\t\t\t\t\t\t  \t\"@type\": \"Event\",\n\t\t\t\t\t\t\t  \t\"name\": \"Danse dans les \u00e9coles (9e \u00e9dition)\",\n\t\t\t\t\t\t\t  \t\"startDate\": \"2026-5-15T10-10-00-00\",\n\t\t\t\t\t\t\t  \t\"endDate\": \"2026-5-15T12-12-30-00\",\n\t\t\t\t\t\t\t  \t\"image\":\"https:\/\/www.blanescostabrava.cat\/wp-content\/uploads\/2026\/04\/Captura-de-pantalla-2026-04-30-a-les-12.16.18-300x203.png\",\n\t\t\t\t\t\t\t  \t\"description\":\"DATE : 15 mai\r\nHEURE : de 10h00 \u00e0 12h30\r\nLIEU : Passeig de Mar\",\n\t\t\t\t\t\t\t  \t\n\t\t\t\t\t\t\t }<\/script><\/div>\n\t\t\t\t<p class=\"desc_trig_outter\"><a data-gmap_status=\"null\" data-exlk=\"0\" style=\"border-color: #206177;padding-top: 215px;height: 310px;\" id=\"evc_1778839200234181\" class=\"desc_trig sin_val evcal_list_a\" data-ux_val=\"3\"  ><span class='event-img'><img src='https:\/\/www.blanescostabrava.cat\/wp-content\/uploads\/2026\/04\/Captura-de-pantalla-2026-04-30-a-les-12.16.18.png'><\/span><span class='evcal_cblock ' data-bgcolor='#206177' data-smon='mai' data-syr='2026'><span class='evo_start '><em class='date'>15<\/em><em class='month'>mai<\/em><em class='time'>10:00 am<\/em><\/span><span class='evo_end only_time'><em class='time'>12:30 pm<\/em><\/span><em class='clear'><\/em><\/span><span class='evcal_desc evo_info hide_eventtopdata ' data-latlng=\"41.672451,2.790810\"  data-location_address=\"\" data-location_type=\"lonlat\" data-location_name=\"Passeig de Mar\" data-location_status=\"true\" ><span class='evo_above_title'><\/span><span class='evcal_desc2 evcal_event_title' itemprop='name'>Danse dans les \u00e9coles (9e \u00e9dition)<\/span><span class='evo_below_title'><\/span><span class='evcal_desc_info' ><\/span><span class='evcal_desc3'><\/span><\/span><em class='clear'><\/em><\/p><\/a><div class='event_description evcal_eventcard ' style=\"display:none\"><div class='evo_metarow_directimg'><img src='https:\/\/www.blanescostabrava.cat\/wp-content\/uploads\/2026\/04\/Captura-de-pantalla-2026-04-30-a-les-12.16.18.png' \/><\/div><div class='evo_metarow_details evorow evcal_evdata_row bordb evcal_event_details'>\n\t\t\t\t\t\t\t<div class=\"event_excerpt\" style=\"display:none\"><h3 class=\"padb5 evo_h3\">Description<\/h3><p>DATE : 15 mai\r\nHEURE : de 10h00 \u00e0 12h30\r\nLIEU : Passeig de Mar<\/p><\/div><span class='evcal_evdata_icons'><i class='fa fa-align-justify'><\/i><\/span>\n\t\t\t\t\t\t\t\n\t\t\t\t\t\t\t<div class='evcal_evdata_cell '><div class='eventon_full_description'>\n\t\t\t\t\t\t\t\t\t<h3 class='padb5 evo_h3'><span class='evcal_evdata_icons'><i class='fa fa-align-justify'><\/i><\/span>Description<\/h3><div class='eventon_desc_in' itemprop='description'>\n\t\t\t\t\t\t\t\t\t<p data-start=\"426\" data-end=\"441\">DATE : 15 mai<\/p>\n<p data-start=\"443\" data-end=\"469\">HEURE : de 10h00 \u00e0 12h30<\/p>\n<p data-start=\"471\" data-end=\"517\">LIEU : <span class=\"hover:entity-accent entity-underline inline cursor-pointer align-baseline\"><span class=\"whitespace-normal\">Passeig de Mar<\/span><\/span><\/p>\n<\/div><div class='clear'><\/div>\n\t\t\t\t\t\t\t\t<\/div>\n\t\t\t\t\t\t\t<\/div>\n\t\t\t\t\t\t<\/div><div class='evo_metarow_time_location evorow bordb '>\n\t\t\t\t\t\t<div class='tb' >\n\t\t\t\t\t\t\t<div class='tbrow'>\n\t\t\t\t\t\t\t<div class='evcal_col50 bordr'>\n\t\t\t\t\t\t\t\t<div class='evcal_evdata_row evo_time'>\n\t\t\t\t\t\t\t\t\t<span class='evcal_evdata_icons'><i class='fa fa-clock-o'><\/i><\/span>\n\t\t\t\t\t\t\t\t\t<div class='evcal_evdata_cell'>\t\t\t\t\t\t\t\n\t\t\t\t\t\t\t\t\t\t<h3 class='evo_h3'><span class='evcal_evdata_icons'><i class='fa fa-clock-o'><\/i><\/span>Date<\/h3>\n\t\t\t\t\t\t\t\t\t\t<p>(Friday) 10:00 am - 12:30 pm<\/p>\n\t\t\t\t\t\t\t\t\t<\/div>\n\t\t\t\t\t\t\t\t<\/div>\n\t\t\t\t\t\t\t<\/div><div class='evcal_col50'>\n\t\t\t\t\t\t\t\t<div class='evcal_evdata_row evo_location'>\n\t\t\t\t\t\t\t\t\t<span class='evcal_evdata_icons'><i class='fa fa-map-marker'><\/i><\/span>\n\t\t\t\t\t\t\t\t\t<div class='evcal_evdata_cell' data-loc_tax_id='800'>\t\t\t\t\t\t\t\n\t\t\t\t\t\t\t\t\t\t<h3 class='evo_h3'><span class='evcal_evdata_icons'><i class='fa fa-map-marker'><\/i><\/span>Location<\/h3><p class='evo_location_name'>Passeig de Mar<\/p><p class='evo_location_address'><\/p>\n\t\t\t\t\t\t\t\t\t<\/div>\n\t\t\t\t\t\t\t\t<\/div>\n\t\t\t\t\t\t\t<\/div><div class='clear'><\/div>\n\t\t\t\t\t\t\t<\/div><\/div>\n\t\t\t\t\t\t<\/div>\t\t\t\t\t\t<div class='evo_metarow_ICS evorow bordb evcal_evdata_row'>\n\t\t\t\t\t\t\t<span class=\"evcal_evdata_icons\"><i class=\"fa fa-calendar\"><\/i><\/span>\n\t\t\t\t\t\t\t<div class='evcal_evdata_cell'>\n\t\t\t\t\t\t\t\t<p><a href=\"https:\/\/www.blanescostabrava.cat\/wp-admin\/admin-ajax.php?action=eventon_ics_download&amp;event_id=234181&amp;sunix=20260515T080000Z&amp;eunix=20260515T103000Z&amp;loca=&amp;locn=Passeig de Mar\" class=\"evo_ics_nCal\" title=\"Add to your calendar\">Calendar<\/a><a href=\"\/\/www.google.com\/calendar\/event?action=TEMPLATE&amp;text=Danse+dans+les+%C3%A9coles+%289e+%C3%A9dition%29&amp;dates=20260515T080000Z\/20260515T103000Z&amp;details=DATE+%3A+15+mai%0D%0AHEURE+%3A+de+10h00+%C3%A0+12h30%0D%0ALIEU+%3A+Passeig+de+Mar&amp;location=Passeig+de+Mar - \" target=\"_blank\" class=\"evo_ics_gCal\" title=\"Add to google calendar\">GoogleCal<\/a><\/p>\t\n\t\t\t\t\t\t\t<\/div>\t\t\t\t\t\t<\/div>\n\t\t\t\t\t\t<\/div><div class='clear end'><\/div><\/div><div id=\"event_233737\" class=\"eventon_list_event evo_eventtop  event hasbgimg\" data-event_id=\"233737\" data-time=\"1778866200-1778871600\" data-colr=\"#206177\" itemscope itemtype='http:\/\/schema.org\/Event' 32><div class=\"evo_boxtop\" style=\"background-image: url(https:\/\/www.blanescostabrava.cat\/wp-content\/uploads\/2020\/07\/cropped-BiblioBlanes_AidaMart\u00ednez2018-122.jpg); background-color:#206177;height:200px;\"><\/div><div class=\"evo_event_schema\" style=\"display:none\" ><a itemprop=\"url\" href=\"https:\/\/www.blanescostabrava.cat\/fr\/events\/club-de-lecture-jeunesse-nocea-atari-tika-de-ricard-efa\/\"><\/a><span itemprop='name'  >Club de Lecture Jeunesse: \"Noce\u00e0, Atari & Tika\" de Ricard Efa<\/span><meta itemprop='image' content='https:\/\/www.blanescostabrava.cat\/wp-content\/uploads\/2020\/07\/cropped-BiblioBlanes_AidaMart\u00ednez2018-122.jpg' ><\/meta><meta itemprop='description' content='DATE : vendredi 15 mai\r\nHEURE : 17h30\r\nLIEU : Biblioth\u00e8que Jeunesse\r\nPour les jeunes de 12 \u00e0 16 ans. Places limit\u00e9es. Informations et inscriptions' ><\/meta><meta itemprop='startDate' content='2026-5-15' ><\/meta><meta itemprop='endDate' content='2026-5-15' ><\/meta><meta itemprop='eventStatus' content='on-schedule' ><\/meta><script type=\"application\/ld+json\">{\t\"@context\": \"http:\/\/schema.org\",\n\t\t\t\t\t\t\t  \t\"@type\": \"Event\",\n\t\t\t\t\t\t\t  \t\"name\": \"Club de Lecture Jeunesse: \"Noce\u00e0, Atari & Tika\" de Ricard Efa\",\n\t\t\t\t\t\t\t  \t\"startDate\": \"2026-5-15T17-17-30-00\",\n\t\t\t\t\t\t\t  \t\"endDate\": \"2026-5-15T19-19-00-00\",\n\t\t\t\t\t\t\t  \t\"image\":\"https:\/\/www.blanescostabrava.cat\/wp-content\/uploads\/2020\/07\/cropped-BiblioBlanes_AidaMart\u00ednez2018-122-300x191.jpg\",\n\t\t\t\t\t\t\t  \t\"description\":\"DATE : vendredi 15 mai\r\nHEURE : 17h30\r\nLIEU : Biblioth\u00e8que Jeunesse\r\nPour les jeunes de 12 \u00e0 16 ans. Places limit\u00e9es. Informations et inscriptions\",\n\t\t\t\t\t\t\t  \t\n\t\t\t\t\t\t\t }<\/script><\/div>\n\t\t\t\t<p class=\"desc_trig_outter\"><a data-gmap_status=\"null\" data-exlk=\"0\" style=\"border-color: #206177;padding-top: 215px;height: 310px;\" id=\"evc_1778866200233737\" class=\"desc_trig sin_val evcal_list_a\" data-ux_val=\"3\"  ><span class='event-img'><img src='https:\/\/www.blanescostabrava.cat\/wp-content\/uploads\/2020\/07\/cropped-BiblioBlanes_AidaMart\u00ednez2018-122.jpg'><\/span><span class='evcal_cblock ' data-bgcolor='#206177' data-smon='mai' data-syr='2026'><span class='evo_start '><em class='date'>15<\/em><em class='month'>mai<\/em><em class='time'>5:30 pm<\/em><\/span><span class='evo_end only_time'><em class='time'>7:00 pm<\/em><\/span><em class='clear'><\/em><\/span><span class='evcal_desc evo_info hide_eventtopdata '  data-location_status=\"false\" ><span class='evo_above_title'><\/span><span class='evcal_desc2 evcal_event_title' itemprop='name'>Club de Lecture Jeunesse: \"Noce\u00e0, Atari & Tika\" de Ricard Efa<\/span><span class='evo_below_title'><\/span><span class='evcal_desc_info' ><\/span><span class='evcal_desc3'><\/span><\/span><em class='clear'><\/em><\/p><\/a><div class='event_description evcal_eventcard ' style=\"display:none\"><div class='evo_metarow_directimg'><img src='https:\/\/www.blanescostabrava.cat\/wp-content\/uploads\/2020\/07\/cropped-BiblioBlanes_AidaMart\u00ednez2018-122.jpg' alt=\"biblioteca blanes\"\/><\/div><div class='evo_metarow_details evorow evcal_evdata_row bordb evcal_event_details'>\n\t\t\t\t\t\t\t<div class=\"event_excerpt\" style=\"display:none\"><h3 class=\"padb5 evo_h3\">Description<\/h3><p>DATE : vendredi 15 mai\r\nHEURE : 17h30\r\nLIEU : Biblioth\u00e8que Jeunesse\r\nPour les jeunes de 12 \u00e0 16 ans. Places limit\u00e9es. Informations et inscriptions<\/p><\/div><span class='evcal_evdata_icons'><i class='fa fa-align-justify'><\/i><\/span>\n\t\t\t\t\t\t\t\n\t\t\t\t\t\t\t<div class='evcal_evdata_cell shorter_desc'><div class='eventon_details_shading_bot'>\n\t\t\t\t\t\t\t\t<p class='eventon_shad_p' content='less'><span class='ev_more_text' data-txt='less'>more<\/span><span class='ev_more_arrow'><\/span><\/p>\n\t\t\t\t\t\t\t<\/div><div class='eventon_full_description'>\n\t\t\t\t\t\t\t\t\t<h3 class='padb5 evo_h3'><span class='evcal_evdata_icons'><i class='fa fa-align-justify'><\/i><\/span>Description<\/h3><div class='eventon_desc_in' itemprop='description'>\n\t\t\t\t\t\t\t\t\t<p data-start=\"881\" data-end=\"905\">DATE : vendredi 15 mai<\/p>\n<p data-start=\"907\" data-end=\"922\">HEURE : 17h30<\/p>\n<p data-start=\"924\" data-end=\"954\">LIEU : Biblioth\u00e8que Jeunesse<\/p>\n<p data-start=\"956\" data-end=\"1054\">Pour les jeunes de 12 \u00e0 16 ans. Places limit\u00e9es. Informations et inscriptions \u00e0 la biblioth\u00e8que.<\/p>\n<p data-start=\"1056\" data-end=\"1149\">Plus d\u2019informations sur le blog : <a class=\"decorated-link\" href=\"https:\/\/biblioteca.blanes.cat\/salajove\/club-lectura-jove\/\" target=\"_new\" rel=\"noopener\" data-start=\"1090\" data-end=\"1147\">https:\/\/biblioteca.blanes.cat\/salajove\/club-lectura-jove\/<\/a><\/p>\n<\/div><div class='clear'><\/div>\n\t\t\t\t\t\t\t\t<\/div>\n\t\t\t\t\t\t\t<\/div>\n\t\t\t\t\t\t<\/div><div class='evo_metarow_time_location evorow bordb '>\n\t\t\t\t\t\t<div class='tb' >\n\t\t\t\t\t\t\t<div class='tbrow'>\n\t\t\t\t\t\t\t<div class='evcal_col50 bordr'>\n\t\t\t\t\t\t\t\t<div class='evcal_evdata_row evo_time'>\n\t\t\t\t\t\t\t\t\t<span class='evcal_evdata_icons'><i class='fa fa-clock-o'><\/i><\/span>\n\t\t\t\t\t\t\t\t\t<div class='evcal_evdata_cell'>\t\t\t\t\t\t\t\n\t\t\t\t\t\t\t\t\t\t<h3 class='evo_h3'><span class='evcal_evdata_icons'><i class='fa fa-clock-o'><\/i><\/span>Date<\/h3>\n\t\t\t\t\t\t\t\t\t\t<p>(Friday) 5:30 pm - 7:00 pm<\/p>\n\t\t\t\t\t\t\t\t\t<\/div>\n\t\t\t\t\t\t\t\t<\/div>\n\t\t\t\t\t\t\t<\/div><div class='evcal_col50'>\n\t\t\t\t\t\t\t\t<div class='evcal_evdata_row evo_location'>\n\t\t\t\t\t\t\t\t\t<span class='evcal_evdata_icons'><i class='fa fa-map-marker'><\/i><\/span>\n\t\t\t\t\t\t\t\t\t<div class='evcal_evdata_cell' data-loc_tax_id='3048'>\t\t\t\t\t\t\t\n\t\t\t\t\t\t\t\t\t\t<h3 class='evo_h3'><span class='evcal_evdata_icons'><i class='fa fa-map-marker'><\/i><\/span>Location<\/h3><p class='evo_location_name'>Biblioth\u00e8que Jeunesse<\/p><p class='evo_location_address'><\/p>\n\t\t\t\t\t\t\t\t\t<\/div>\n\t\t\t\t\t\t\t\t<\/div>\n\t\t\t\t\t\t\t<\/div><div class='clear'><\/div>\n\t\t\t\t\t\t\t<\/div><\/div>\n\t\t\t\t\t\t<\/div>\t\t\t\t\t\t<div class='evo_metarow_ICS evorow bordb evcal_evdata_row'>\n\t\t\t\t\t\t\t<span class=\"evcal_evdata_icons\"><i class=\"fa fa-calendar\"><\/i><\/span>\n\t\t\t\t\t\t\t<div class='evcal_evdata_cell'>\n\t\t\t\t\t\t\t\t<p><a href=\"https:\/\/www.blanescostabrava.cat\/wp-admin\/admin-ajax.php?action=eventon_ics_download&amp;event_id=233737&amp;sunix=20260515T153000Z&amp;eunix=20260515T170000Z&amp;loca=&amp;locn=Biblioth\u00e8que Jeunesse\" class=\"evo_ics_nCal\" title=\"Add to your calendar\">Calendar<\/a><a href=\"\/\/www.google.com\/calendar\/event?action=TEMPLATE&amp;text=Club+de+Lecture+Jeunesse%3A+%22Noce%C3%A0%2C+Atari+%26+Tika%22+de+Ricard+Efa&amp;dates=20260515T153000Z\/20260515T170000Z&amp;details=DATE+%3A+vendredi+15+mai%0D%0AHEURE+%3A+17h30%0D%0ALIEU+%3A+Biblioth%C3%A8que+Jeunesse%0D%0APour+les+jeunes+de+12+%C3%A0+16+ans.+Places+limit%C3%A9es.+Informations+et+inscriptions&amp;location=Biblioth%C3%A8que+Jeunesse - \" target=\"_blank\" class=\"evo_ics_gCal\" title=\"Add to google calendar\">GoogleCal<\/a><\/p>\t\n\t\t\t\t\t\t\t<\/div>\t\t\t\t\t\t<\/div>\n\t\t\t\t\t\t<\/div><div class='clear end'><\/div><\/div><div id=\"event_234214\" class=\"eventon_list_event evo_eventtop  event hasbgimg\" data-event_id=\"234214\" data-time=\"1778875200-1778882400\" data-colr=\"#206177\" itemscope itemtype='http:\/\/schema.org\/Event' 33><div class=\"evo_boxtop\" style=\"background-image: url(https:\/\/www.blanescostabrava.cat\/wp-content\/uploads\/2026\/04\/681910454_18436682947142634_4247292635772222036_n.webp); background-color:#206177;height:200px;\"><\/div><div class=\"evo_event_schema\" style=\"display:none\" ><a itemprop=\"url\" href=\"https:\/\/www.blanescostabrava.cat\/fr\/events\/theatre-comedie-paneroles\/\"><\/a><span itemprop='name'  >Th\u00e9\u00e2tre - com\u00e9die: \"Paneroles\"<\/span><meta itemprop='image' content='https:\/\/www.blanescostabrava.cat\/wp-content\/uploads\/2026\/04\/681910454_18436682947142634_4247292635772222036_n.webp' ><\/meta><meta itemprop='description' content='DATE : 15 mai\r\nHEURE : 20h00\r\nLIEU : Teatre de Blanes\r\nBillets en vente sur : ' ><\/meta><meta itemprop='startDate' content='2026-5-15' ><\/meta><meta itemprop='endDate' content='2026-5-15' ><\/meta><meta itemprop='eventStatus' content='on-schedule' ><\/meta><script type=\"application\/ld+json\">{\t\"@context\": \"http:\/\/schema.org\",\n\t\t\t\t\t\t\t  \t\"@type\": \"Event\",\n\t\t\t\t\t\t\t  \t\"name\": \"Th\u00e9\u00e2tre - com\u00e9die: \"Paneroles\"\",\n\t\t\t\t\t\t\t  \t\"startDate\": \"2026-5-15T20-20-00-00\",\n\t\t\t\t\t\t\t  \t\"endDate\": \"2026-5-15T22-22-00-00\",\n\t\t\t\t\t\t\t  \t\"image\":\"https:\/\/www.blanescostabrava.cat\/wp-content\/uploads\/2026\/04\/681910454_18436682947142634_4247292635772222036_n-240x300.webp\",\n\t\t\t\t\t\t\t  \t\"description\":\"DATE : 15 mai\r\nHEURE : 20h00\r\nLIEU : Teatre de Blanes\r\nBillets en vente sur : \",\n\t\t\t\t\t\t\t  \t\n\t\t\t\t\t\t\t }<\/script><\/div>\n\t\t\t\t<p class=\"desc_trig_outter\"><a data-gmap_status=\"null\" data-exlk=\"0\" style=\"border-color: #206177;padding-top: 215px;height: 310px;\" id=\"evc_1778875200234214\" class=\"desc_trig sin_val evcal_list_a\" data-ux_val=\"3\"  ><span class='event-img'><img src='https:\/\/www.blanescostabrava.cat\/wp-content\/uploads\/2026\/04\/681910454_18436682947142634_4247292635772222036_n.webp'><\/span><span class='evcal_cblock ' data-bgcolor='#206177' data-smon='mai' data-syr='2026'><span class='evo_start '><em class='date'>15<\/em><em class='month'>mai<\/em><em class='time'>8:00 pm<\/em><\/span><span class='evo_end only_time'><em class='time'>10:00 pm<\/em><\/span><em class='clear'><\/em><\/span><span class='evcal_desc evo_info hide_eventtopdata '  data-location_status=\"false\" ><span class='evo_above_title'><\/span><span class='evcal_desc2 evcal_event_title' itemprop='name'>Th\u00e9\u00e2tre - com\u00e9die: \"Paneroles\"<\/span><span class='evo_below_title'><\/span><span class='evcal_desc_info' ><\/span><span class='evcal_desc3'><\/span><\/span><em class='clear'><\/em><\/p><\/a><div class='event_description evcal_eventcard ' style=\"display:none\"><div class='evo_metarow_directimg'><img src='https:\/\/www.blanescostabrava.cat\/wp-content\/uploads\/2026\/04\/681910454_18436682947142634_4247292635772222036_n.webp' \/><\/div><div class='evo_metarow_details evorow evcal_evdata_row bordb evcal_event_details'>\n\t\t\t\t\t\t\t<div class=\"event_excerpt\" style=\"display:none\"><h3 class=\"padb5 evo_h3\">Description<\/h3><p>DATE : 15 mai\r\nHEURE : 20h00\r\nLIEU : Teatre de Blanes\r\nBillets en vente sur : <\/p><\/div><span class='evcal_evdata_icons'><i class='fa fa-align-justify'><\/i><\/span>\n\t\t\t\t\t\t\t\n\t\t\t\t\t\t\t<div class='evcal_evdata_cell shorter_desc'><div class='eventon_details_shading_bot'>\n\t\t\t\t\t\t\t\t<p class='eventon_shad_p' content='less'><span class='ev_more_text' data-txt='less'>more<\/span><span class='ev_more_arrow'><\/span><\/p>\n\t\t\t\t\t\t\t<\/div><div class='eventon_full_description'>\n\t\t\t\t\t\t\t\t\t<h3 class='padb5 evo_h3'><span class='evcal_evdata_icons'><i class='fa fa-align-justify'><\/i><\/span>Description<\/h3><div class='eventon_desc_in' itemprop='description'>\n\t\t\t\t\t\t\t\t\t<p data-start=\"524\" data-end=\"539\">DATE : 15 mai<\/p>\n<p data-start=\"541\" data-end=\"556\">HEURE : 20h00<\/p>\n<p data-start=\"558\" data-end=\"604\">LIEU : <span class=\"hover:entity-accent entity-underline inline cursor-pointer align-baseline\"><span class=\"whitespace-normal\">Teatre de Blanes<\/span><\/span><\/p>\n<p data-start=\"606\" data-end=\"657\">Billets en vente sur : <a class=\"decorated-link\" href=\"https:\/\/www.entrapolis.com\" target=\"_new\" rel=\"noopener\" data-start=\"629\" data-end=\"655\">https:\/\/www.entrapolis.com<\/a><\/p>\n<p data-start=\"606\" data-end=\"657\"><img class=\"alignnone size-large wp-image-234196\" src=\"https:\/\/www.blanescostabrava.cat\/wp-content\/uploads\/2026\/04\/681910454_18436682947142634_4247292635772222036_n-819x1024.webp\" alt=\"\" width=\"819\" height=\"1024\" srcset=\"https:\/\/www.blanescostabrava.cat\/wp-content\/uploads\/2026\/04\/681910454_18436682947142634_4247292635772222036_n-819x1024.webp 819w, https:\/\/www.blanescostabrava.cat\/wp-content\/uploads\/2026\/04\/681910454_18436682947142634_4247292635772222036_n-240x300.webp 240w, https:\/\/www.blanescostabrava.cat\/wp-content\/uploads\/2026\/04\/681910454_18436682947142634_4247292635772222036_n-120x150.webp 120w, https:\/\/www.blanescostabrava.cat\/wp-content\/uploads\/2026\/04\/681910454_18436682947142634_4247292635772222036_n-768x960.webp 768w, https:\/\/www.blanescostabrava.cat\/wp-content\/uploads\/2026\/04\/681910454_18436682947142634_4247292635772222036_n-19x24.webp 19w, https:\/\/www.blanescostabrava.cat\/wp-content\/uploads\/2026\/04\/681910454_18436682947142634_4247292635772222036_n-29x36.webp 29w, https:\/\/www.blanescostabrava.cat\/wp-content\/uploads\/2026\/04\/681910454_18436682947142634_4247292635772222036_n-38x48.webp 38w, https:\/\/www.blanescostabrava.cat\/wp-content\/uploads\/2026\/04\/681910454_18436682947142634_4247292635772222036_n.webp 1080w\" sizes=\"(max-width: 819px) 100vw, 819px\" \/><\/p>\n<\/div><div class='clear'><\/div>\n\t\t\t\t\t\t\t\t<\/div>\n\t\t\t\t\t\t\t<\/div>\n\t\t\t\t\t\t<\/div><div class='evo_metarow_time_location evorow bordb '>\n\t\t\t\t\t\t<div class='tb' >\n\t\t\t\t\t\t\t<div class='tbrow'>\n\t\t\t\t\t\t\t<div class='evcal_col50 bordr'>\n\t\t\t\t\t\t\t\t<div class='evcal_evdata_row evo_time'>\n\t\t\t\t\t\t\t\t\t<span class='evcal_evdata_icons'><i class='fa fa-clock-o'><\/i><\/span>\n\t\t\t\t\t\t\t\t\t<div class='evcal_evdata_cell'>\t\t\t\t\t\t\t\n\t\t\t\t\t\t\t\t\t\t<h3 class='evo_h3'><span class='evcal_evdata_icons'><i class='fa fa-clock-o'><\/i><\/span>Date<\/h3>\n\t\t\t\t\t\t\t\t\t\t<p>(Friday) 8:00 pm - 10:00 pm<\/p>\n\t\t\t\t\t\t\t\t\t<\/div>\n\t\t\t\t\t\t\t\t<\/div>\n\t\t\t\t\t\t\t<\/div><div class='evcal_col50'>\n\t\t\t\t\t\t\t\t<div class='evcal_evdata_row evo_location'>\n\t\t\t\t\t\t\t\t\t<span class='evcal_evdata_icons'><i class='fa fa-map-marker'><\/i><\/span>\n\t\t\t\t\t\t\t\t\t<div class='evcal_evdata_cell' data-loc_tax_id='6013'>\t\t\t\t\t\t\t\n\t\t\t\t\t\t\t\t\t\t<h3 class='evo_h3'><span class='evcal_evdata_icons'><i class='fa fa-map-marker'><\/i><\/span>Location<\/h3><p class='evo_location_name'>Teatre de Blanes<\/p><p class='evo_location_address'><\/p>\n\t\t\t\t\t\t\t\t\t<\/div>\n\t\t\t\t\t\t\t\t<\/div>\n\t\t\t\t\t\t\t<\/div><div class='clear'><\/div>\n\t\t\t\t\t\t\t<\/div><\/div>\n\t\t\t\t\t\t<\/div>\t\t\t\t\t\t<div class='evo_metarow_ICS evorow bordb evcal_evdata_row'>\n\t\t\t\t\t\t\t<span class=\"evcal_evdata_icons\"><i class=\"fa fa-calendar\"><\/i><\/span>\n\t\t\t\t\t\t\t<div class='evcal_evdata_cell'>\n\t\t\t\t\t\t\t\t<p><a href=\"https:\/\/www.blanescostabrava.cat\/wp-admin\/admin-ajax.php?action=eventon_ics_download&amp;event_id=234214&amp;sunix=20260515T180000Z&amp;eunix=20260515T200000Z&amp;loca=&amp;locn=Teatre de Blanes\" class=\"evo_ics_nCal\" title=\"Add to your calendar\">Calendar<\/a><a href=\"\/\/www.google.com\/calendar\/event?action=TEMPLATE&amp;text=Th%C3%A9%C3%A2tre+-+com%C3%A9die%3A+%22Paneroles%22&amp;dates=20260515T180000Z\/20260515T200000Z&amp;details=DATE+%3A+15+mai%0D%0AHEURE+%3A+20h00%0D%0ALIEU+%3A+Teatre+de+Blanes%0D%0ABillets+en+vente+sur+%3A+&amp;location=Teatre+de+Blanes - \" target=\"_blank\" class=\"evo_ics_gCal\" title=\"Add to google calendar\">GoogleCal<\/a><\/p>\t\n\t\t\t\t\t\t\t<\/div>\t\t\t\t\t\t<\/div>\n\t\t\t\t\t\t<\/div><div class='clear end'><\/div><\/div><div id=\"event_233839\" class=\"eventon_list_event evo_eventtop  event hasbgimg\" data-event_id=\"233839\" data-time=\"1778889601-1778975999\" data-colr=\"#206177\" itemscope itemtype='http:\/\/schema.org\/Event' 34><div class=\"evo_boxtop\" style=\"background-image: url(https:\/\/www.blanescostabrava.cat\/wp-content\/uploads\/2026\/04\/casino_1.jpg); background-color:#206177;height:200px;\"><\/div><div class=\"evo_event_schema\" style=\"display:none\" ><a itemprop=\"url\" href=\"https:\/\/www.blanescostabrava.cat\/fr\/events\/journee-portes-ouvertes-au-casino-de-blanes\/\"><\/a><span itemprop='name'  >Journ\u00e9e portes ouvertes au Casino de Blanes<\/span><meta itemprop='image' content='https:\/\/www.blanescostabrava.cat\/wp-content\/uploads\/2026\/04\/casino_1.jpg' ><\/meta><meta itemprop='description' content='DATE : samedi 16 mai\r\nPlaces limit\u00e9es. Inscriptions \u00e0 la Biblioth\u00e8que.' ><\/meta><meta itemprop='startDate' content='2026-5-16' ><\/meta><meta itemprop='endDate' content='2026-5-16' ><\/meta><meta itemprop='eventStatus' content='on-schedule' ><\/meta><script type=\"application\/ld+json\">{\t\"@context\": \"http:\/\/schema.org\",\n\t\t\t\t\t\t\t  \t\"@type\": \"Event\",\n\t\t\t\t\t\t\t  \t\"name\": \"Journ\u00e9e portes ouvertes au Casino de Blanes\",\n\t\t\t\t\t\t\t  \t\"startDate\": \"2026-5-16T00-00-00-00\",\n\t\t\t\t\t\t\t  \t\"endDate\": \"2026-5-16T23-23-59-00\",\n\t\t\t\t\t\t\t  \t\"image\":\"https:\/\/www.blanescostabrava.cat\/wp-content\/uploads\/2026\/04\/casino_1-300x152.jpg\",\n\t\t\t\t\t\t\t  \t\"description\":\"DATE : samedi 16 mai\r\nPlaces limit\u00e9es. Inscriptions \u00e0 la Biblioth\u00e8que.\",\n\t\t\t\t\t\t\t  \t\n\t\t\t\t\t\t\t }<\/script><\/div>\n\t\t\t\t<p class=\"desc_trig_outter\"><a data-gmap_status=\"null\" data-exlk=\"0\" style=\"border-color: #206177;padding-top: 215px;height: 310px;\" id=\"evc_1778889601233839\" class=\"desc_trig sin_val evcal_list_a\" data-ux_val=\"3\"  ><span class='event-img'><img src='https:\/\/www.blanescostabrava.cat\/wp-content\/uploads\/2026\/04\/casino_1.jpg'><\/span><span class='evcal_cblock ' data-bgcolor='#206177' data-smon='mai' data-syr='2026'><span class='evo_start '><em class='date'>16<\/em><em class='month'>mai<\/em><em class='time'>allday<\/em><\/span><em class='clear'><\/em><\/span><span class='evcal_desc evo_info hide_eventtopdata '  data-location_status=\"false\" ><span class='evo_above_title'><\/span><span class='evcal_desc2 evcal_event_title' itemprop='name'>Journ\u00e9e portes ouvertes au Casino de Blanes<\/span><span class='evo_below_title'><\/span><span class='evcal_desc_info' ><\/span><span class='evcal_desc3'><\/span><\/span><em class='clear'><\/em><\/p><\/a><div class='event_description evcal_eventcard ' style=\"display:none\"><div class='evo_metarow_directimg'><img src='https:\/\/www.blanescostabrava.cat\/wp-content\/uploads\/2026\/04\/casino_1.jpg' \/><\/div><div class='evo_metarow_details evorow evcal_evdata_row bordb evcal_event_details'>\n\t\t\t\t\t\t\t<div class=\"event_excerpt\" style=\"display:none\"><h3 class=\"padb5 evo_h3\">Description<\/h3><p>DATE : samedi 16 mai\r\nPlaces limit\u00e9es. Inscriptions \u00e0 la Biblioth\u00e8que.<\/p><\/div><span class='evcal_evdata_icons'><i class='fa fa-align-justify'><\/i><\/span>\n\t\t\t\t\t\t\t\n\t\t\t\t\t\t\t<div class='evcal_evdata_cell '><div class='eventon_full_description'>\n\t\t\t\t\t\t\t\t\t<h3 class='padb5 evo_h3'><span class='evcal_evdata_icons'><i class='fa fa-align-justify'><\/i><\/span>Description<\/h3><div class='eventon_desc_in' itemprop='description'>\n\t\t\t\t\t\t\t\t\t<p data-start=\"421\" data-end=\"443\">DATE : samedi 16 mai<\/p>\n<p data-start=\"445\" data-end=\"495\">Places limit\u00e9es. Inscriptions \u00e0 la Biblioth\u00e8que.<\/p>\n<\/div><div class='clear'><\/div>\n\t\t\t\t\t\t\t\t<\/div>\n\t\t\t\t\t\t\t<\/div>\n\t\t\t\t\t\t<\/div><div class='evo_metarow_time evorow evcal_evdata_row bordb evcal_evrow_sm '>\n\t\t\t\t\t\t\t<span class='evcal_evdata_icons'><i class='fa fa-clock-o'><\/i><\/span>\n\t\t\t\t\t\t\t<div class='evcal_evdata_cell'>\t\t\t\t\t\t\t\n\t\t\t\t\t\t\t\t<h3 class='evo_h3'><span class='evcal_evdata_icons'><i class='fa fa-clock-o'><\/i><\/span>Date<\/h3><p>All Day (Saturday)<\/p>\n\t\t\t\t\t\t\t<\/div>\n\t\t\t\t\t\t<\/div>\t\t\t\t\t\t<div class='evo_metarow_ICS evorow bordb evcal_evdata_row'>\n\t\t\t\t\t\t\t<span class=\"evcal_evdata_icons\"><i class=\"fa fa-calendar\"><\/i><\/span>\n\t\t\t\t\t\t\t<div class='evcal_evdata_cell'>\n\t\t\t\t\t\t\t\t<p><a href=\"https:\/\/www.blanescostabrava.cat\/wp-admin\/admin-ajax.php?action=eventon_ics_download&amp;event_id=233839&amp;sunix=20260515T220000Z&amp;eunix=20260516T215900Z&amp;loca=&amp;locn=\" class=\"evo_ics_nCal\" title=\"Add to your calendar\">Calendar<\/a><a href=\"\/\/www.google.com\/calendar\/event?action=TEMPLATE&amp;text=Journ%C3%A9e+portes+ouvertes+au+Casino+de+Blanes&amp;dates=20260515T220000Z\/20260516T215900Z&amp;details=DATE+%3A+samedi+16+mai%0D%0APlaces+limit%C3%A9es.+Inscriptions+%C3%A0+la+Biblioth%C3%A8que.&amp;location= - \" target=\"_blank\" class=\"evo_ics_gCal\" title=\"Add to google calendar\">GoogleCal<\/a><\/p>\t\n\t\t\t\t\t\t\t<\/div>\t\t\t\t\t\t<\/div>\n\t\t\t\t\t\t<\/div><div class='clear end'><\/div><\/div><div id=\"event_234226\" class=\"eventon_list_event evo_eventtop  event hasbgimg\" data-event_id=\"234226\" data-time=\"1778947200-1778954400\" data-colr=\"#206177\" itemscope itemtype='http:\/\/schema.org\/Event' 35><div class=\"evo_boxtop\" style=\"background-image: url(https:\/\/www.blanescostabrava.cat\/wp-content\/uploads\/2019\/10\/esbart-joaquim-ruyra.jpg); background-color:#206177;height:200px;\"><\/div><div class=\"evo_event_schema\" style=\"display:none\" ><a itemprop=\"url\" href=\"https:\/\/www.blanescostabrava.cat\/fr\/events\/rencontre-desbarts-enfants-et-jeunes-esbart-joaquim-ruyra\/\"><\/a><span itemprop='name'  >Rencontre d\u2019esbarts enfants et jeunes - Esbart Joaquim Ruyra<\/span><meta itemprop='image' content='https:\/\/www.blanescostabrava.cat\/wp-content\/uploads\/2019\/10\/esbart-joaquim-ruyra.jpg' ><\/meta><meta itemprop='description' content='DATE : 16 mai\r\nHEURE : 16h00\r\nLIEU : Passeig de Mar (Banc dels M\u00fasics)' ><\/meta><meta itemprop='startDate' content='2026-5-16' ><\/meta><meta itemprop='endDate' content='2026-5-16' ><\/meta><meta itemprop='eventStatus' content='on-schedule' ><\/meta><script type=\"application\/ld+json\">{\t\"@context\": \"http:\/\/schema.org\",\n\t\t\t\t\t\t\t  \t\"@type\": \"Event\",\n\t\t\t\t\t\t\t  \t\"name\": \"Rencontre d\u2019esbarts enfants et jeunes - Esbart Joaquim Ruyra\",\n\t\t\t\t\t\t\t  \t\"startDate\": \"2026-5-16T16-16-00-00\",\n\t\t\t\t\t\t\t  \t\"endDate\": \"2026-5-16T18-18-00-00\",\n\t\t\t\t\t\t\t  \t\"image\":\"https:\/\/www.blanescostabrava.cat\/wp-content\/uploads\/2019\/10\/esbart-joaquim-ruyra-300x194.jpg\",\n\t\t\t\t\t\t\t  \t\"description\":\"DATE : 16 mai\r\nHEURE : 16h00\r\nLIEU : Passeig de Mar (Banc dels M\u00fasics)\",\n\t\t\t\t\t\t\t  \t\n\t\t\t\t\t\t\t }<\/script><\/div>\n\t\t\t\t<p class=\"desc_trig_outter\"><a data-gmap_status=\"null\" data-exlk=\"0\" style=\"border-color: #206177;padding-top: 215px;height: 310px;\" id=\"evc_1778947200234226\" class=\"desc_trig sin_val evcal_list_a\" data-ux_val=\"3\"  ><span class='event-img'><img src='https:\/\/www.blanescostabrava.cat\/wp-content\/uploads\/2019\/10\/esbart-joaquim-ruyra.jpg'><\/span><span class='evcal_cblock ' data-bgcolor='#206177' data-smon='mai' data-syr='2026'><span class='evo_start '><em class='date'>16<\/em><em class='month'>mai<\/em><em class='time'>4:00 pm<\/em><\/span><span class='evo_end only_time'><em class='time'>6:00 pm<\/em><\/span><em class='clear'><\/em><\/span><span class='evcal_desc evo_info hide_eventtopdata '  data-location_status=\"false\" ><span class='evo_above_title'><\/span><span class='evcal_desc2 evcal_event_title' itemprop='name'>Rencontre d\u2019esbarts enfants et jeunes - Esbart Joaquim Ruyra<\/span><span class='evo_below_title'><\/span><span class='evcal_desc_info' ><\/span><span class='evcal_desc3'><\/span><\/span><em class='clear'><\/em><\/p><\/a><div class='event_description evcal_eventcard ' style=\"display:none\"><div class='evo_metarow_directimg'><img src='https:\/\/www.blanescostabrava.cat\/wp-content\/uploads\/2019\/10\/esbart-joaquim-ruyra.jpg' \/><\/div><div class='evo_metarow_details evorow evcal_evdata_row bordb evcal_event_details'>\n\t\t\t\t\t\t\t<div class=\"event_excerpt\" style=\"display:none\"><h3 class=\"padb5 evo_h3\">Description<\/h3><p>DATE : 16 mai\r\nHEURE : 16h00\r\nLIEU : Passeig de Mar (Banc dels M\u00fasics)<\/p><\/div><span class='evcal_evdata_icons'><i class='fa fa-align-justify'><\/i><\/span>\n\t\t\t\t\t\t\t\n\t\t\t\t\t\t\t<div class='evcal_evdata_cell '><div class='eventon_full_description'>\n\t\t\t\t\t\t\t\t\t<h3 class='padb5 evo_h3'><span class='evcal_evdata_icons'><i class='fa fa-align-justify'><\/i><\/span>Description<\/h3><div class='eventon_desc_in' itemprop='description'>\n\t\t\t\t\t\t\t\t\t<p data-start=\"493\" data-end=\"508\">DATE : 16 mai<\/p>\n<p data-start=\"510\" data-end=\"525\">HEURE : 16h00<\/p>\n<p data-start=\"527\" data-end=\"573\">LIEU : <span class=\"hover:entity-accent entity-underline inline cursor-pointer align-baseline\"><span class=\"whitespace-normal\">Passeig de Mar (Banc dels M\u00fasics)<\/span><\/span><\/p>\n<\/div><div class='clear'><\/div>\n\t\t\t\t\t\t\t\t<\/div>\n\t\t\t\t\t\t\t<\/div>\n\t\t\t\t\t\t<\/div><div class='evo_metarow_time_location evorow bordb '>\n\t\t\t\t\t\t<div class='tb' >\n\t\t\t\t\t\t\t<div class='tbrow'>\n\t\t\t\t\t\t\t<div class='evcal_col50 bordr'>\n\t\t\t\t\t\t\t\t<div class='evcal_evdata_row evo_time'>\n\t\t\t\t\t\t\t\t\t<span class='evcal_evdata_icons'><i class='fa fa-clock-o'><\/i><\/span>\n\t\t\t\t\t\t\t\t\t<div class='evcal_evdata_cell'>\t\t\t\t\t\t\t\n\t\t\t\t\t\t\t\t\t\t<h3 class='evo_h3'><span class='evcal_evdata_icons'><i class='fa fa-clock-o'><\/i><\/span>Date<\/h3>\n\t\t\t\t\t\t\t\t\t\t<p>(Saturday) 4:00 pm - 6:00 pm<\/p>\n\t\t\t\t\t\t\t\t\t<\/div>\n\t\t\t\t\t\t\t\t<\/div>\n\t\t\t\t\t\t\t<\/div><div class='evcal_col50'>\n\t\t\t\t\t\t\t\t<div class='evcal_evdata_row evo_location'>\n\t\t\t\t\t\t\t\t\t<span class='evcal_evdata_icons'><i class='fa fa-map-marker'><\/i><\/span>\n\t\t\t\t\t\t\t\t\t<div class='evcal_evdata_cell' data-loc_tax_id='5174'>\t\t\t\t\t\t\t\n\t\t\t\t\t\t\t\t\t\t<h3 class='evo_h3'><span class='evcal_evdata_icons'><i class='fa fa-map-marker'><\/i><\/span>Location<\/h3><p class='evo_location_name'>Passeig de Mar\/Banc dels M\u00fasics<\/p><p class='evo_location_address'><\/p>\n\t\t\t\t\t\t\t\t\t<\/div>\n\t\t\t\t\t\t\t\t<\/div>\n\t\t\t\t\t\t\t<\/div><div class='clear'><\/div>\n\t\t\t\t\t\t\t<\/div><\/div>\n\t\t\t\t\t\t<\/div>\t\t\t\t\t\t<div class='evo_metarow_ICS evorow bordb evcal_evdata_row'>\n\t\t\t\t\t\t\t<span class=\"evcal_evdata_icons\"><i class=\"fa fa-calendar\"><\/i><\/span>\n\t\t\t\t\t\t\t<div class='evcal_evdata_cell'>\n\t\t\t\t\t\t\t\t<p><a href=\"https:\/\/www.blanescostabrava.cat\/wp-admin\/admin-ajax.php?action=eventon_ics_download&amp;event_id=234226&amp;sunix=20260516T140000Z&amp;eunix=20260516T160000Z&amp;loca=&amp;locn=Passeig de Mar\/Banc dels M\u00fasics\" class=\"evo_ics_nCal\" title=\"Add to your calendar\">Calendar<\/a><a href=\"\/\/www.google.com\/calendar\/event?action=TEMPLATE&amp;text=Rencontre+d%E2%80%99esbarts+enfants+et+jeunes+-+Esbart+Joaquim+Ruyra&amp;dates=20260516T140000Z\/20260516T160000Z&amp;details=DATE+%3A+16+mai%0D%0AHEURE+%3A+16h00%0D%0ALIEU+%3A+Passeig+de+Mar+%28Banc+dels+M%C3%BAsics%29&amp;location=Passeig+de+Mar%2FBanc+dels+M%C3%BAsics - \" target=\"_blank\" class=\"evo_ics_gCal\" title=\"Add to google calendar\">GoogleCal<\/a><\/p>\t\n\t\t\t\t\t\t\t<\/div>\t\t\t\t\t\t<\/div>\n\t\t\t\t\t\t<\/div><div class='clear end'><\/div><\/div><div id=\"event_234259\" class=\"eventon_list_event evo_eventtop  event hasbgimg\" data-event_id=\"234259\" data-time=\"1778963400-1778968800\" data-colr=\"#206177\" itemscope itemtype='http:\/\/schema.org\/Event' 36><div class=\"evo_boxtop\" style=\"background-image: url(https:\/\/www.blanescostabrava.cat\/wp-content\/uploads\/2026\/04\/Captura-de-pantalla-2026-04-30-a-les-12.48.19.png); background-color:#206177;height:200px;\"><\/div><div class=\"evo_event_schema\" style=\"display:none\" ><a itemprop=\"url\" href=\"https:\/\/www.blanescostabrava.cat\/fr\/events\/humour-ante-todo-mucha-calma-jose-corbacho\/\"><\/a><span itemprop='name'  >Humour: \"Ante todo mucha calma\" - Jos\u00e9 Corbacho<\/span><meta itemprop='image' content='https:\/\/www.blanescostabrava.cat\/wp-content\/uploads\/2026\/04\/Captura-de-pantalla-2026-04-30-a-les-12.48.19.png' ><\/meta><meta itemprop='description' content='Humor\/Humor\/Humour\/Humeur\r\nDATE : 16 mai\r\nHEURE : 20h30\r\nLIEU : Teatre de Blanes' ><\/meta><meta itemprop='startDate' content='2026-5-16' ><\/meta><meta itemprop='endDate' content='2026-5-16' ><\/meta><meta itemprop='eventStatus' content='on-schedule' ><\/meta><script type=\"application\/ld+json\">{\t\"@context\": \"http:\/\/schema.org\",\n\t\t\t\t\t\t\t  \t\"@type\": \"Event\",\n\t\t\t\t\t\t\t  \t\"name\": \"Humour: \"Ante todo mucha calma\" - Jos\u00e9 Corbacho\",\n\t\t\t\t\t\t\t  \t\"startDate\": \"2026-5-16T20-20-30-00\",\n\t\t\t\t\t\t\t  \t\"endDate\": \"2026-5-16T22-22-00-00\",\n\t\t\t\t\t\t\t  \t\"image\":\"https:\/\/www.blanescostabrava.cat\/wp-content\/uploads\/2026\/04\/Captura-de-pantalla-2026-04-30-a-les-12.48.19-300x167.png\",\n\t\t\t\t\t\t\t  \t\"description\":\"Humor\/Humor\/Humour\/Humeur\r\nDATE : 16 mai\r\nHEURE : 20h30\r\nLIEU : Teatre de Blanes\",\n\t\t\t\t\t\t\t  \t\n\t\t\t\t\t\t\t }<\/script><\/div>\n\t\t\t\t<p class=\"desc_trig_outter\"><a data-gmap_status=\"null\" data-exlk=\"0\" style=\"border-color: #206177;padding-top: 215px;height: 310px;\" id=\"evc_1778963400234259\" class=\"desc_trig sin_val evcal_list_a\" data-ux_val=\"3\"  ><span class='event-img'><img src='https:\/\/www.blanescostabrava.cat\/wp-content\/uploads\/2026\/04\/Captura-de-pantalla-2026-04-30-a-les-12.48.19.png'><\/span><span class='evcal_cblock ' data-bgcolor='#206177' data-smon='mai' data-syr='2026'><span class='evo_start '><em class='date'>16<\/em><em class='month'>mai<\/em><em class='time'>8:30 pm<\/em><\/span><span class='evo_end only_time'><em class='time'>10:00 pm<\/em><\/span><em class='clear'><\/em><\/span><span class='evcal_desc evo_info hide_eventtopdata '  data-location_status=\"false\" ><span class='evo_above_title'><\/span><span class='evcal_desc2 evcal_event_title' itemprop='name'>Humour: \"Ante todo mucha calma\" - Jos\u00e9 Corbacho<\/span><span class='evo_below_title'><\/span><span class='evcal_desc_info' ><\/span><span class='evcal_desc3'><\/span><\/span><em class='clear'><\/em><\/p><\/a><div class='event_description evcal_eventcard ' style=\"display:none\"><div class='evo_metarow_directimg'><img src='https:\/\/www.blanescostabrava.cat\/wp-content\/uploads\/2026\/04\/Captura-de-pantalla-2026-04-30-a-les-12.48.19.png' \/><\/div><div class='evo_metarow_details evorow evcal_evdata_row bordb evcal_event_details'>\n\t\t\t\t\t\t\t<div class=\"event_excerpt\" style=\"display:none\"><h3 class=\"padb5 evo_h3\">Description<\/h3><p>Humor\/Humor\/Humour\/Humeur\r\nDATE : 16 mai\r\nHEURE : 20h30\r\nLIEU : Teatre de Blanes<\/p><\/div><span class='evcal_evdata_icons'><i class='fa fa-align-justify'><\/i><\/span>\n\t\t\t\t\t\t\t\n\t\t\t\t\t\t\t<div class='evcal_evdata_cell '><div class='eventon_full_description'>\n\t\t\t\t\t\t\t\t\t<h3 class='padb5 evo_h3'><span class='evcal_evdata_icons'><i class='fa fa-align-justify'><\/i><\/span>Description<\/h3><div class='eventon_desc_in' itemprop='description'>\n\t\t\t\t\t\t\t\t\t<p>Humor\/Humor\/Humour\/Humeur<\/p>\n<p data-start=\"501\" data-end=\"516\">DATE : 16 mai<\/p>\n<p data-start=\"518\" data-end=\"533\">HEURE : 20h30<\/p>\n<p data-start=\"535\" data-end=\"581\">LIEU : <span class=\"hover:entity-accent entity-underline inline cursor-pointer align-baseline\"><span class=\"whitespace-normal\">Teatre de Blanes<\/span><\/span><\/p>\n<\/div><div class='clear'><\/div>\n\t\t\t\t\t\t\t\t<\/div>\n\t\t\t\t\t\t\t<\/div>\n\t\t\t\t\t\t<\/div><div class='evo_metarow_time_location evorow bordb '>\n\t\t\t\t\t\t<div class='tb' >\n\t\t\t\t\t\t\t<div class='tbrow'>\n\t\t\t\t\t\t\t<div class='evcal_col50 bordr'>\n\t\t\t\t\t\t\t\t<div class='evcal_evdata_row evo_time'>\n\t\t\t\t\t\t\t\t\t<span class='evcal_evdata_icons'><i class='fa fa-clock-o'><\/i><\/span>\n\t\t\t\t\t\t\t\t\t<div class='evcal_evdata_cell'>\t\t\t\t\t\t\t\n\t\t\t\t\t\t\t\t\t\t<h3 class='evo_h3'><span class='evcal_evdata_icons'><i class='fa fa-clock-o'><\/i><\/span>Date<\/h3>\n\t\t\t\t\t\t\t\t\t\t<p>(Saturday) 8:30 pm - 10:00 pm<\/p>\n\t\t\t\t\t\t\t\t\t<\/div>\n\t\t\t\t\t\t\t\t<\/div>\n\t\t\t\t\t\t\t<\/div><div class='evcal_col50'>\n\t\t\t\t\t\t\t\t<div class='evcal_evdata_row evo_location'>\n\t\t\t\t\t\t\t\t\t<span class='evcal_evdata_icons'><i class='fa fa-map-marker'><\/i><\/span>\n\t\t\t\t\t\t\t\t\t<div class='evcal_evdata_cell' data-loc_tax_id='6013'>\t\t\t\t\t\t\t\n\t\t\t\t\t\t\t\t\t\t<h3 class='evo_h3'><span class='evcal_evdata_icons'><i class='fa fa-map-marker'><\/i><\/span>Location<\/h3><p class='evo_location_name'>Teatre de Blanes<\/p><p class='evo_location_address'><\/p>\n\t\t\t\t\t\t\t\t\t<\/div>\n\t\t\t\t\t\t\t\t<\/div>\n\t\t\t\t\t\t\t<\/div><div class='clear'><\/div>\n\t\t\t\t\t\t\t<\/div><\/div>\n\t\t\t\t\t\t<\/div>\t\t\t\t\t\t<div class='evo_metarow_ICS evorow bordb evcal_evdata_row'>\n\t\t\t\t\t\t\t<span class=\"evcal_evdata_icons\"><i class=\"fa fa-calendar\"><\/i><\/span>\n\t\t\t\t\t\t\t<div class='evcal_evdata_cell'>\n\t\t\t\t\t\t\t\t<p><a href=\"https:\/\/www.blanescostabrava.cat\/wp-admin\/admin-ajax.php?action=eventon_ics_download&amp;event_id=234259&amp;sunix=20260516T183000Z&amp;eunix=20260516T200000Z&amp;loca=&amp;locn=Teatre de Blanes\" class=\"evo_ics_nCal\" title=\"Add to your calendar\">Calendar<\/a><a href=\"\/\/www.google.com\/calendar\/event?action=TEMPLATE&amp;text=Humour%3A+%22Ante+todo+mucha+calma%22+-+Jos%C3%A9+Corbacho&amp;dates=20260516T183000Z\/20260516T200000Z&amp;details=Humor%2FHumor%2FHumour%2FHumeur%0D%0ADATE+%3A+16+mai%0D%0AHEURE+%3A+20h30%0D%0ALIEU+%3A+Teatre+de+Blanes&amp;location=Teatre+de+Blanes - \" target=\"_blank\" class=\"evo_ics_gCal\" title=\"Add to google calendar\">GoogleCal<\/a><\/p>\t\n\t\t\t\t\t\t\t<\/div>\t\t\t\t\t\t<\/div>\n\t\t\t\t\t\t<\/div><div class='clear end'><\/div><\/div><div id=\"event_234271\" class=\"eventon_list_event evo_eventtop  event hasbgimg\" data-event_id=\"234271\" data-time=\"1779010200-1779019200\" data-colr=\"#206177\" itemscope itemtype='http:\/\/schema.org\/Event' 37><div class=\"evo_boxtop\" style=\"background-image: url(https:\/\/www.blanescostabrava.cat\/wp-content\/uploads\/2023\/12\/Captura-de-pantalla-2023-12-07-a-les-9.47.16.jpg); background-color:#206177;height:200px;\"><\/div><div class=\"evo_event_schema\" style=\"display:none\" ><a itemprop=\"url\" href=\"https:\/\/www.blanescostabrava.cat\/fr\/events\/12e-marche-solidaire-oncolligat-en-marxa\/\"><\/a><span itemprop='name'  >12e Marche solidaire \"Oncolliga\u2019t en marxa\"<\/span><meta itemprop='image' content='https:\/\/www.blanescostabrava.cat\/wp-content\/uploads\/2023\/12\/Captura-de-pantalla-2023-12-07-a-les-9.47.16.jpg' ><\/meta><meta itemprop='description' content='Cursa\/Carrera\/Race\/Course\r\nDATE : 17 mai\r\nHEURE : 09h30\r\nLIEU : Passeig de Mar' ><\/meta><meta itemprop='startDate' content='2026-5-17' ><\/meta><meta itemprop='endDate' content='2026-5-17' ><\/meta><meta itemprop='eventStatus' content='on-schedule' ><\/meta>\n\t\t\t\t\t\t\t\t\t<item style=\"display:none\" itemprop=\"location\" itemscope itemtype=\"http:\/\/schema.org\/Place\">\n\t\t\t\t\t\t\t\t\t\t<span itemprop=\"name\">Passeig de Mar<\/span>\n\t\t\t\t\t\t\t\t\t\t<span itemprop=\"address\" itemscope itemtype=\"http:\/\/schema.org\/PostalAddress\">\n\t\t\t\t\t\t\t\t\t\t\t<item itemprop=\"streetAddress\"><\/item>\n\t\t\t\t\t\t\t\t\t\t<\/span><\/item><script type=\"application\/ld+json\">{\t\"@context\": \"http:\/\/schema.org\",\n\t\t\t\t\t\t\t  \t\"@type\": \"Event\",\n\t\t\t\t\t\t\t  \t\"name\": \"12e Marche solidaire \"Oncolliga\u2019t en marxa\"\",\n\t\t\t\t\t\t\t  \t\"startDate\": \"2026-5-17T09-09-30-00\",\n\t\t\t\t\t\t\t  \t\"endDate\": \"2026-5-17T12-12-00-00\",\n\t\t\t\t\t\t\t  \t\"image\":\"https:\/\/www.blanescostabrava.cat\/wp-content\/uploads\/2023\/12\/Captura-de-pantalla-2023-12-07-a-les-9.47.16-300x184.jpg\",\n\t\t\t\t\t\t\t  \t\"description\":\"Cursa\/Carrera\/Race\/Course\r\nDATE : 17 mai\r\nHEURE : 09h30\r\nLIEU : Passeig de Mar\",\n\t\t\t\t\t\t\t  \t\n\t\t\t\t\t\t\t }<\/script><\/div>\n\t\t\t\t<p class=\"desc_trig_outter\"><a data-gmap_status=\"null\" data-exlk=\"0\" style=\"border-color: #206177;padding-top: 215px;height: 310px;\" id=\"evc_1779010200234271\" class=\"desc_trig sin_val evcal_list_a\" data-ux_val=\"3\"  ><span class='event-img'><img src='https:\/\/www.blanescostabrava.cat\/wp-content\/uploads\/2023\/12\/Captura-de-pantalla-2023-12-07-a-les-9.47.16.jpg'><\/span><span class='evcal_cblock ' data-bgcolor='#206177' data-smon='mai' data-syr='2026'><span class='evo_start '><em class='date'>17<\/em><em class='month'>mai<\/em><em class='time'>9:30 am<\/em><\/span><span class='evo_end only_time'><em class='time'>12:00 pm<\/em><\/span><em class='clear'><\/em><\/span><span class='evcal_desc evo_info hide_eventtopdata ' data-latlng=\"41.672451,2.790810\"  data-location_address=\"\" data-location_type=\"lonlat\" data-location_name=\"Passeig de Mar\" data-location_status=\"true\" ><span class='evo_above_title'><\/span><span class='evcal_desc2 evcal_event_title' itemprop='name'>12e Marche solidaire \"Oncolliga\u2019t en marxa\"<\/span><span class='evo_below_title'><\/span><span class='evcal_desc_info' ><\/span><span class='evcal_desc3'><\/span><\/span><em class='clear'><\/em><\/p><\/a><div class='event_description evcal_eventcard ' style=\"display:none\"><div class='evo_metarow_directimg'><img src='https:\/\/www.blanescostabrava.cat\/wp-content\/uploads\/2023\/12\/Captura-de-pantalla-2023-12-07-a-les-9.47.16.jpg' \/><\/div><div class='evo_metarow_details evorow evcal_evdata_row bordb evcal_event_details'>\n\t\t\t\t\t\t\t<div class=\"event_excerpt\" style=\"display:none\"><h3 class=\"padb5 evo_h3\">Description<\/h3><p>Cursa\/Carrera\/Race\/Course\r\nDATE : 17 mai\r\nHEURE : 09h30\r\nLIEU : Passeig de Mar<\/p><\/div><span class='evcal_evdata_icons'><i class='fa fa-align-justify'><\/i><\/span>\n\t\t\t\t\t\t\t\n\t\t\t\t\t\t\t<div class='evcal_evdata_cell '><div class='eventon_full_description'>\n\t\t\t\t\t\t\t\t\t<h3 class='padb5 evo_h3'><span class='evcal_evdata_icons'><i class='fa fa-align-justify'><\/i><\/span>Description<\/h3><div class='eventon_desc_in' itemprop='description'>\n\t\t\t\t\t\t\t\t\t<p>Cursa\/Carrera\/Race\/Course<\/p>\n<p data-start=\"470\" data-end=\"485\">DATE : 17 mai<\/p>\n<p data-start=\"487\" data-end=\"502\">HEURE : 09h30<\/p>\n<p data-start=\"504\" data-end=\"550\">LIEU : <span class=\"hover:entity-accent entity-underline inline cursor-pointer align-baseline\"><span class=\"whitespace-normal\">Passeig de Mar<\/span><\/span><\/p>\n<\/div><div class='clear'><\/div>\n\t\t\t\t\t\t\t\t<\/div>\n\t\t\t\t\t\t\t<\/div>\n\t\t\t\t\t\t<\/div><div class='evo_metarow_time_location evorow bordb '>\n\t\t\t\t\t\t<div class='tb' >\n\t\t\t\t\t\t\t<div class='tbrow'>\n\t\t\t\t\t\t\t<div class='evcal_col50 bordr'>\n\t\t\t\t\t\t\t\t<div class='evcal_evdata_row evo_time'>\n\t\t\t\t\t\t\t\t\t<span class='evcal_evdata_icons'><i class='fa fa-clock-o'><\/i><\/span>\n\t\t\t\t\t\t\t\t\t<div class='evcal_evdata_cell'>\t\t\t\t\t\t\t\n\t\t\t\t\t\t\t\t\t\t<h3 class='evo_h3'><span class='evcal_evdata_icons'><i class='fa fa-clock-o'><\/i><\/span>Date<\/h3>\n\t\t\t\t\t\t\t\t\t\t<p>(Sunday) 9:30 am - 12:00 pm<\/p>\n\t\t\t\t\t\t\t\t\t<\/div>\n\t\t\t\t\t\t\t\t<\/div>\n\t\t\t\t\t\t\t<\/div><div class='evcal_col50'>\n\t\t\t\t\t\t\t\t<div class='evcal_evdata_row evo_location'>\n\t\t\t\t\t\t\t\t\t<span class='evcal_evdata_icons'><i class='fa fa-map-marker'><\/i><\/span>\n\t\t\t\t\t\t\t\t\t<div class='evcal_evdata_cell' data-loc_tax_id='800'>\t\t\t\t\t\t\t\n\t\t\t\t\t\t\t\t\t\t<h3 class='evo_h3'><span class='evcal_evdata_icons'><i class='fa fa-map-marker'><\/i><\/span>Location<\/h3><p class='evo_location_name'>Passeig de Mar<\/p><p class='evo_location_address'><\/p>\n\t\t\t\t\t\t\t\t\t<\/div>\n\t\t\t\t\t\t\t\t<\/div>\n\t\t\t\t\t\t\t<\/div><div class='clear'><\/div>\n\t\t\t\t\t\t\t<\/div><\/div>\n\t\t\t\t\t\t<\/div>\t\t\t\t\t\t<div class='evo_metarow_ICS evorow bordb evcal_evdata_row'>\n\t\t\t\t\t\t\t<span class=\"evcal_evdata_icons\"><i class=\"fa fa-calendar\"><\/i><\/span>\n\t\t\t\t\t\t\t<div class='evcal_evdata_cell'>\n\t\t\t\t\t\t\t\t<p><a href=\"https:\/\/www.blanescostabrava.cat\/wp-admin\/admin-ajax.php?action=eventon_ics_download&amp;event_id=234271&amp;sunix=20260517T073000Z&amp;eunix=20260517T100000Z&amp;loca=&amp;locn=Passeig de Mar\" class=\"evo_ics_nCal\" title=\"Add to your calendar\">Calendar<\/a><a href=\"\/\/www.google.com\/calendar\/event?action=TEMPLATE&amp;text=12e+Marche+solidaire+%22Oncolliga%E2%80%99t+en+marxa%22&amp;dates=20260517T073000Z\/20260517T100000Z&amp;details=Cursa%2FCarrera%2FRace%2FCourse%0D%0ADATE+%3A+17+mai%0D%0AHEURE+%3A+09h30%0D%0ALIEU+%3A+Passeig+de+Mar&amp;location=Passeig+de+Mar - \" target=\"_blank\" class=\"evo_ics_gCal\" title=\"Add to google calendar\">GoogleCal<\/a><\/p>\t\n\t\t\t\t\t\t\t<\/div>\t\t\t\t\t\t<\/div>\n\t\t\t\t\t\t<\/div><div class='clear end'><\/div><\/div><div id=\"event_234283\" class=\"eventon_list_event evo_eventtop  event hasbgimg\" data-event_id=\"234283\" data-time=\"1779040800-1779048000\" data-colr=\"#206177\" itemscope itemtype='http:\/\/schema.org\/Event' 38><div class=\"evo_boxtop\" style=\"background-image: url(https:\/\/www.blanescostabrava.cat\/wp-content\/uploads\/2019\/10\/teatre-blanes.jpg); background-color:#206177;height:200px;\"><\/div><div class=\"evo_event_schema\" style=\"display:none\" ><a itemprop=\"url\" href=\"https:\/\/www.blanescostabrava.cat\/fr\/events\/musique-playback-records-per-a-tu-grup-nabac-2\/\"><\/a><span itemprop='name'  >Musique playback: \"Records per a tu\" - Grup Nabac<\/span><meta itemprop='image' content='https:\/\/www.blanescostabrava.cat\/wp-content\/uploads\/2019\/10\/teatre-blanes.jpg' ><\/meta><meta itemprop='description' content='DATE : 17 mai\r\nHEURE : 18h00\r\nLIEU : Teatre de Blanes\r\nBillets en vente : les 13 et' ><\/meta><meta itemprop='startDate' content='2026-5-17' ><\/meta><meta itemprop='endDate' content='2026-5-17' ><\/meta><meta itemprop='eventStatus' content='on-schedule' ><\/meta><script type=\"application\/ld+json\">{\t\"@context\": \"http:\/\/schema.org\",\n\t\t\t\t\t\t\t  \t\"@type\": \"Event\",\n\t\t\t\t\t\t\t  \t\"name\": \"Musique playback: \"Records per a tu\" - Grup Nabac\",\n\t\t\t\t\t\t\t  \t\"startDate\": \"2026-5-17T18-18-00-00\",\n\t\t\t\t\t\t\t  \t\"endDate\": \"2026-5-17T20-20-00-00\",\n\t\t\t\t\t\t\t  \t\"image\":\"https:\/\/www.blanescostabrava.cat\/wp-content\/uploads\/2019\/10\/teatre-blanes-300x194.jpg\",\n\t\t\t\t\t\t\t  \t\"description\":\"DATE : 17 mai\r\nHEURE : 18h00\r\nLIEU : Teatre de Blanes\r\nBillets en vente : les 13 et\",\n\t\t\t\t\t\t\t  \t\n\t\t\t\t\t\t\t }<\/script><\/div>\n\t\t\t\t<p class=\"desc_trig_outter\"><a data-gmap_status=\"null\" data-exlk=\"0\" style=\"border-color: #206177;padding-top: 215px;height: 310px;\" id=\"evc_1779040800234283\" class=\"desc_trig sin_val evcal_list_a\" data-ux_val=\"3\"  ><span class='event-img'><img src='https:\/\/www.blanescostabrava.cat\/wp-content\/uploads\/2019\/10\/teatre-blanes.jpg'><\/span><span class='evcal_cblock ' data-bgcolor='#206177' data-smon='mai' data-syr='2026'><span class='evo_start '><em class='date'>17<\/em><em class='month'>mai<\/em><em class='time'>6:00 pm<\/em><\/span><span class='evo_end only_time'><em class='time'>8:00 pm<\/em><\/span><em class='clear'><\/em><\/span><span class='evcal_desc evo_info hide_eventtopdata '  data-location_status=\"false\" ><span class='evo_above_title'><\/span><span class='evcal_desc2 evcal_event_title' itemprop='name'>Musique playback: \"Records per a tu\" - Grup Nabac<\/span><span class='evo_below_title'><\/span><span class='evcal_desc_info' ><\/span><span class='evcal_desc3'><\/span><\/span><em class='clear'><\/em><\/p><\/a><div class='event_description evcal_eventcard ' style=\"display:none\"><div class='evo_metarow_directimg'><img src='https:\/\/www.blanescostabrava.cat\/wp-content\/uploads\/2019\/10\/teatre-blanes.jpg' \/><\/div><div class='evo_metarow_details evorow evcal_evdata_row bordb evcal_event_details'>\n\t\t\t\t\t\t\t<div class=\"event_excerpt\" style=\"display:none\"><h3 class=\"padb5 evo_h3\">Description<\/h3><p>DATE : 17 mai\r\nHEURE : 18h00\r\nLIEU : Teatre de Blanes\r\nBillets en vente : les 13 et<\/p><\/div><span class='evcal_evdata_icons'><i class='fa fa-align-justify'><\/i><\/span>\n\t\t\t\t\t\t\t\n\t\t\t\t\t\t\t<div class='evcal_evdata_cell '><div class='eventon_full_description'>\n\t\t\t\t\t\t\t\t\t<h3 class='padb5 evo_h3'><span class='evcal_evdata_icons'><i class='fa fa-align-justify'><\/i><\/span>Description<\/h3><div class='eventon_desc_in' itemprop='description'>\n\t\t\t\t\t\t\t\t\t<p data-start=\"715\" data-end=\"730\">DATE : 17 mai<\/p>\n<p data-start=\"732\" data-end=\"747\">HEURE : 18h00<\/p>\n<p data-start=\"749\" data-end=\"795\">LIEU : <span class=\"hover:entity-accent entity-underline inline cursor-pointer align-baseline\"><span class=\"whitespace-normal\">Teatre de Blanes<\/span><\/span><\/p>\n<p data-start=\"797\" data-end=\"905\">Billets en vente : les 13 et 14 mai de 10h00 \u00e0 12h00 au th\u00e9\u00e2tre et le jour m\u00eame 1 heure avant. Prix : 10 \u20ac<\/p>\n<\/div><div class='clear'><\/div>\n\t\t\t\t\t\t\t\t<\/div>\n\t\t\t\t\t\t\t<\/div>\n\t\t\t\t\t\t<\/div><div class='evo_metarow_time_location evorow bordb '>\n\t\t\t\t\t\t<div class='tb' >\n\t\t\t\t\t\t\t<div class='tbrow'>\n\t\t\t\t\t\t\t<div class='evcal_col50 bordr'>\n\t\t\t\t\t\t\t\t<div class='evcal_evdata_row evo_time'>\n\t\t\t\t\t\t\t\t\t<span class='evcal_evdata_icons'><i class='fa fa-clock-o'><\/i><\/span>\n\t\t\t\t\t\t\t\t\t<div class='evcal_evdata_cell'>\t\t\t\t\t\t\t\n\t\t\t\t\t\t\t\t\t\t<h3 class='evo_h3'><span class='evcal_evdata_icons'><i class='fa fa-clock-o'><\/i><\/span>Date<\/h3>\n\t\t\t\t\t\t\t\t\t\t<p>(Sunday) 6:00 pm - 8:00 pm<\/p>\n\t\t\t\t\t\t\t\t\t<\/div>\n\t\t\t\t\t\t\t\t<\/div>\n\t\t\t\t\t\t\t<\/div><div class='evcal_col50'>\n\t\t\t\t\t\t\t\t<div class='evcal_evdata_row evo_location'>\n\t\t\t\t\t\t\t\t\t<span class='evcal_evdata_icons'><i class='fa fa-map-marker'><\/i><\/span>\n\t\t\t\t\t\t\t\t\t<div class='evcal_evdata_cell' data-loc_tax_id='6013'>\t\t\t\t\t\t\t\n\t\t\t\t\t\t\t\t\t\t<h3 class='evo_h3'><span class='evcal_evdata_icons'><i class='fa fa-map-marker'><\/i><\/span>Location<\/h3><p class='evo_location_name'>Teatre de Blanes<\/p><p class='evo_location_address'><\/p>\n\t\t\t\t\t\t\t\t\t<\/div>\n\t\t\t\t\t\t\t\t<\/div>\n\t\t\t\t\t\t\t<\/div><div class='clear'><\/div>\n\t\t\t\t\t\t\t<\/div><\/div>\n\t\t\t\t\t\t<\/div>\t\t\t\t\t\t<div class='evo_metarow_ICS evorow bordb evcal_evdata_row'>\n\t\t\t\t\t\t\t<span class=\"evcal_evdata_icons\"><i class=\"fa fa-calendar\"><\/i><\/span>\n\t\t\t\t\t\t\t<div class='evcal_evdata_cell'>\n\t\t\t\t\t\t\t\t<p><a href=\"https:\/\/www.blanescostabrava.cat\/wp-admin\/admin-ajax.php?action=eventon_ics_download&amp;event_id=234283&amp;sunix=20260517T160000Z&amp;eunix=20260517T180000Z&amp;loca=&amp;locn=Teatre de Blanes\" class=\"evo_ics_nCal\" title=\"Add to your calendar\">Calendar<\/a><a href=\"\/\/www.google.com\/calendar\/event?action=TEMPLATE&amp;text=Musique+playback%3A+%22Records+per+a+tu%22+-+Grup+Nabac&amp;dates=20260517T160000Z\/20260517T180000Z&amp;details=DATE+%3A+17+mai%0D%0AHEURE+%3A+18h00%0D%0ALIEU+%3A+Teatre+de+Blanes%0D%0ABillets+en+vente+%3A+les+13+et&amp;location=Teatre+de+Blanes - \" target=\"_blank\" class=\"evo_ics_gCal\" title=\"Add to google calendar\">GoogleCal<\/a><\/p>\t\n\t\t\t\t\t\t\t<\/div>\t\t\t\t\t\t<\/div>\n\t\t\t\t\t\t<\/div><div class='clear end'><\/div><\/div><div id=\"event_233770\" class=\"eventon_list_event evo_eventtop  event hasbgimg\" data-event_id=\"233770\" data-time=\"1779271200-1780059600\" data-colr=\"#206177\" itemscope itemtype='http:\/\/schema.org\/Event' 39><div class=\"evo_boxtop\" style=\"background-image: url(https:\/\/www.blanescostabrava.cat\/wp-content\/uploads\/2026\/04\/app-developer-testing-mobile-app-multiple-devices-coding-software-testing-tools-scaled.jpg); background-color:#206177;height:200px;\"><\/div><div class=\"evo_event_schema\" style=\"display:none\" ><a itemprop=\"url\" href=\"https:\/\/www.blanescostabrava.cat\/fr\/events\/atelier-yo-conecto-apps-per-gaudir\/\"><\/a><span itemprop='name'  >Atelier: \"YO CONECTO: Apps per gaudir\"<\/span><meta itemprop='image' content='https:\/\/www.blanescostabrava.cat\/wp-content\/uploads\/2026\/04\/app-developer-testing-mobile-app-multiple-devices-coding-software-testing-tools-scaled.jpg' ><\/meta><meta itemprop='description' content='DATE : mercredi 20, vendredi 22, mercredi 27 et vendredi 29\r\nHEURE : de 10h00 \u00e0 13h00\r\nLIEU : Biblioth\u00e8que Roberto Bola\u00f1o\r\nAnim\u00e9 par l\u2019entit\u00e9' ><\/meta><meta itemprop='startDate' content='2026-5-20' ><\/meta><meta itemprop='endDate' content='2026-5-29' ><\/meta><meta itemprop='eventStatus' content='on-schedule' ><\/meta><script type=\"application\/ld+json\">{\t\"@context\": \"http:\/\/schema.org\",\n\t\t\t\t\t\t\t  \t\"@type\": \"Event\",\n\t\t\t\t\t\t\t  \t\"name\": \"Atelier: \"YO CONECTO: Apps per gaudir\"\",\n\t\t\t\t\t\t\t  \t\"startDate\": \"2026-5-20T10-10-00-00\",\n\t\t\t\t\t\t\t  \t\"endDate\": \"2026-5-29T13-13-00-00\",\n\t\t\t\t\t\t\t  \t\"image\":\"https:\/\/www.blanescostabrava.cat\/wp-content\/uploads\/2026\/04\/app-developer-testing-mobile-app-multiple-devices-coding-software-testing-tools-300x200.jpg\",\n\t\t\t\t\t\t\t  \t\"description\":\"DATE : mercredi 20, vendredi 22, mercredi 27 et vendredi 29\r\nHEURE : de 10h00 \u00e0 13h00\r\nLIEU : Biblioth\u00e8que Roberto Bola\u00f1o\r\nAnim\u00e9 par l\u2019entit\u00e9\",\n\t\t\t\t\t\t\t  \t\n\t\t\t\t\t\t\t }<\/script><\/div>\n\t\t\t\t<p class=\"desc_trig_outter\"><a data-gmap_status=\"null\" data-exlk=\"0\" style=\"border-color: #206177;padding-top: 215px;height: 310px;\" id=\"evc_1779271200233770\" class=\"desc_trig mul_val evcal_list_a\" data-ux_val=\"3\"  ><span class='event-img'><img src='https:\/\/www.blanescostabrava.cat\/wp-content\/uploads\/2026\/04\/app-developer-testing-mobile-app-multiple-devices-coding-software-testing-tools-scaled.jpg'><\/span><span class='evcal_cblock ' data-bgcolor='#206177' data-smon='mai' data-syr='2026'><span class='evo_start '><em class='date'>20<\/em><em class='month'>mai<\/em><em class='time'><i t=\"y\">(mai 20)<\/i>10:00 am<\/em><\/span><span class='evo_end '><em class='date'>29<\/em><em class='time'><i t=\"y\">(mai 29)<\/i>1:00 pm<\/em><\/span><em class='clear'><\/em><\/span><span class='evcal_desc evo_info hide_eventtopdata '  data-location_status=\"false\" ><span class='evo_above_title'><\/span><span class='evcal_desc2 evcal_event_title' itemprop='name'>Atelier: \"YO CONECTO: Apps per gaudir\"<\/span><span class='evo_below_title'><\/span><span class='evcal_desc_info' ><\/span><span class='evcal_desc3'><\/span><\/span><em class='clear'><\/em><\/p><\/a><div class='event_description evcal_eventcard ' style=\"display:none\"><div class='evo_metarow_directimg'><img src='https:\/\/www.blanescostabrava.cat\/wp-content\/uploads\/2026\/04\/app-developer-testing-mobile-app-multiple-devices-coding-software-testing-tools-scaled.jpg' \/><\/div><div class='evo_metarow_details evorow evcal_evdata_row bordb evcal_event_details'>\n\t\t\t\t\t\t\t<div class=\"event_excerpt\" style=\"display:none\"><h3 class=\"padb5 evo_h3\">Description<\/h3><p>DATE : mercredi 20, vendredi 22, mercredi 27 et vendredi 29\r\nHEURE : de 10h00 \u00e0 13h00\r\nLIEU : Biblioth\u00e8que Roberto Bola\u00f1o\r\nAnim\u00e9 par l\u2019entit\u00e9<\/p><\/div><span class='evcal_evdata_icons'><i class='fa fa-align-justify'><\/i><\/span>\n\t\t\t\t\t\t\t\n\t\t\t\t\t\t\t<div class='evcal_evdata_cell '><div class='eventon_full_description'>\n\t\t\t\t\t\t\t\t\t<h3 class='padb5 evo_h3'><span class='evcal_evdata_icons'><i class='fa fa-align-justify'><\/i><\/span>Description<\/h3><div class='eventon_desc_in' itemprop='description'>\n\t\t\t\t\t\t\t\t\t<p data-start=\"831\" data-end=\"892\">DATE : mercredi 20, vendredi 22, mercredi 27 et vendredi 29<\/p>\n<p data-start=\"894\" data-end=\"920\">HEURE : de 10h00 \u00e0 13h00<\/p>\n<p data-start=\"922\" data-end=\"958\">LIEU : Biblioth\u00e8que Roberto Bola\u00f1o<\/p>\n<p data-start=\"960\" data-end=\"998\">Anim\u00e9 par l\u2019entit\u00e9 Cibervoluntarios.<\/p>\n<p data-start=\"1000\" data-end=\"1040\">Pour les personnes \u00e0 partir de 50 ans.<\/p>\n<p data-start=\"1042\" data-end=\"1092\">Places limit\u00e9es. Inscriptions \u00e0 la Biblioth\u00e8que.<\/p>\n<\/div><div class='clear'><\/div>\n\t\t\t\t\t\t\t\t<\/div>\n\t\t\t\t\t\t\t<\/div>\n\t\t\t\t\t\t<\/div><div class='evo_metarow_time_location evorow bordb '>\n\t\t\t\t\t\t<div class='tb' >\n\t\t\t\t\t\t\t<div class='tbrow'>\n\t\t\t\t\t\t\t<div class='evcal_col50 bordr'>\n\t\t\t\t\t\t\t\t<div class='evcal_evdata_row evo_time'>\n\t\t\t\t\t\t\t\t\t<span class='evcal_evdata_icons'><i class='fa fa-clock-o'><\/i><\/span>\n\t\t\t\t\t\t\t\t\t<div class='evcal_evdata_cell'>\t\t\t\t\t\t\t\n\t\t\t\t\t\t\t\t\t\t<h3 class='evo_h3'><span class='evcal_evdata_icons'><i class='fa fa-clock-o'><\/i><\/span>Date<\/h3>\n\t\t\t\t\t\t\t\t\t\t<p>20 (Wednesday) 10:00 am - 29 (Friday) 1:00 pm<\/p>\n\t\t\t\t\t\t\t\t\t<\/div>\n\t\t\t\t\t\t\t\t<\/div>\n\t\t\t\t\t\t\t<\/div><div class='evcal_col50'>\n\t\t\t\t\t\t\t\t<div class='evcal_evdata_row evo_location'>\n\t\t\t\t\t\t\t\t\t<span class='evcal_evdata_icons'><i class='fa fa-map-marker'><\/i><\/span>\n\t\t\t\t\t\t\t\t\t<div class='evcal_evdata_cell' data-loc_tax_id='4568'>\t\t\t\t\t\t\t\n\t\t\t\t\t\t\t\t\t\t<h3 class='evo_h3'><span class='evcal_evdata_icons'><i class='fa fa-map-marker'><\/i><\/span>Location<\/h3><p class='evo_location_name'>Biblioth\u00e8que Roberto Bola\u00f1o<\/p><p class='evo_location_address'><\/p>\n\t\t\t\t\t\t\t\t\t<\/div>\n\t\t\t\t\t\t\t\t<\/div>\n\t\t\t\t\t\t\t<\/div><div class='clear'><\/div>\n\t\t\t\t\t\t\t<\/div><\/div>\n\t\t\t\t\t\t<\/div>\t\t\t\t\t\t<div class='evo_metarow_ICS evorow bordb evcal_evdata_row'>\n\t\t\t\t\t\t\t<span class=\"evcal_evdata_icons\"><i class=\"fa fa-calendar\"><\/i><\/span>\n\t\t\t\t\t\t\t<div class='evcal_evdata_cell'>\n\t\t\t\t\t\t\t\t<p><a href=\"https:\/\/www.blanescostabrava.cat\/wp-admin\/admin-ajax.php?action=eventon_ics_download&amp;event_id=233770&amp;sunix=20260520T080000Z&amp;eunix=20260529T110000Z&amp;loca=&amp;locn=Biblioth\u00e8que Roberto Bola\u00f1o\" class=\"evo_ics_nCal\" title=\"Add to your calendar\">Calendar<\/a><a href=\"\/\/www.google.com\/calendar\/event?action=TEMPLATE&amp;text=Atelier%3A+%22YO+CONECTO%3A+Apps+per+gaudir%22&amp;dates=20260520T080000Z\/20260529T110000Z&amp;details=DATE+%3A+mercredi+20%2C+vendredi+22%2C+mercredi+27+et+vendredi+29%0D%0AHEURE+%3A+de+10h00+%C3%A0+13h00%0D%0ALIEU+%3A+Biblioth%C3%A8que+Roberto+Bola%C3%B1o%0D%0AAnim%C3%A9+par+l%E2%80%99entit%C3%A9&amp;location=Biblioth%C3%A8que+Roberto+Bola%C3%B1o - \" target=\"_blank\" class=\"evo_ics_gCal\" title=\"Add to google calendar\">GoogleCal<\/a><\/p>\t\n\t\t\t\t\t\t\t<\/div>\t\t\t\t\t\t<\/div>\n\t\t\t\t\t\t<\/div><div class='clear end'><\/div><\/div><div id=\"event_233782\" class=\"eventon_list_event evo_eventtop  event hasbgimg\" data-event_id=\"233782\" data-time=\"1779384600-1779390000\" data-colr=\"#206177\" itemscope itemtype='http:\/\/schema.org\/Event' 40><div class=\"evo_boxtop\" style=\"background-image: url(https:\/\/www.blanescostabrava.cat\/wp-content\/uploads\/2019\/12\/biblioteca-comarcal.jpg); background-color:#206177;height:200px;\"><\/div><div class=\"evo_event_schema\" style=\"display:none\" ><a itemprop=\"url\" href=\"https:\/\/www.blanescostabrava.cat\/fr\/events\/club-de-lecture-benjamin-contes-per-entendre-el-mon\/\"><\/a><span itemprop='name'  >Club de Lecture Benjamin: \"Contes per entendre el m\u00f3n\"<\/span><meta itemprop='image' content='https:\/\/www.blanescostabrava.cat\/wp-content\/uploads\/2019\/12\/biblioteca-comarcal.jpg' ><\/meta><meta itemprop='description' content='DATE : jeudi 21 mai\r\nHEURE : 17h30\r\nLIEU : Biblioth\u00e8que Roberto Bola\u00f1o\r\nPour les enfants de 10 et 11 ans.\r\nPlaces limit\u00e9es. Informations' ><\/meta><meta itemprop='startDate' content='2026-5-21' ><\/meta><meta itemprop='endDate' content='2026-5-21' ><\/meta><meta itemprop='eventStatus' content='on-schedule' ><\/meta><script type=\"application\/ld+json\">{\t\"@context\": \"http:\/\/schema.org\",\n\t\t\t\t\t\t\t  \t\"@type\": \"Event\",\n\t\t\t\t\t\t\t  \t\"name\": \"Club de Lecture Benjamin: \"Contes per entendre el m\u00f3n\"\",\n\t\t\t\t\t\t\t  \t\"startDate\": \"2026-5-21T17-17-30-00\",\n\t\t\t\t\t\t\t  \t\"endDate\": \"2026-5-21T19-19-00-00\",\n\t\t\t\t\t\t\t  \t\"image\":\"https:\/\/www.blanescostabrava.cat\/wp-content\/uploads\/2019\/12\/biblioteca-comarcal-300x194.jpg\",\n\t\t\t\t\t\t\t  \t\"description\":\"DATE : jeudi 21 mai\r\nHEURE : 17h30\r\nLIEU : Biblioth\u00e8que Roberto Bola\u00f1o\r\nPour les enfants de 10 et 11 ans.\r\nPlaces limit\u00e9es. Informations\",\n\t\t\t\t\t\t\t  \t\n\t\t\t\t\t\t\t }<\/script><\/div>\n\t\t\t\t<p class=\"desc_trig_outter\"><a data-gmap_status=\"null\" data-exlk=\"0\" style=\"border-color: #206177;padding-top: 215px;height: 310px;\" id=\"evc_1779384600233782\" class=\"desc_trig sin_val evcal_list_a\" data-ux_val=\"3\"  ><span class='event-img'><img src='https:\/\/www.blanescostabrava.cat\/wp-content\/uploads\/2019\/12\/biblioteca-comarcal.jpg'><\/span><span class='evcal_cblock ' data-bgcolor='#206177' data-smon='mai' data-syr='2026'><span class='evo_start '><em class='date'>21<\/em><em class='month'>mai<\/em><em class='time'>5:30 pm<\/em><\/span><span class='evo_end only_time'><em class='time'>7:00 pm<\/em><\/span><em class='clear'><\/em><\/span><span class='evcal_desc evo_info hide_eventtopdata '  data-location_status=\"false\" ><span class='evo_above_title'><\/span><span class='evcal_desc2 evcal_event_title' itemprop='name'>Club de Lecture Benjamin: \"Contes per entendre el m\u00f3n\"<\/span><span class='evo_below_title'><\/span><span class='evcal_desc_info' ><\/span><span class='evcal_desc3'><\/span><\/span><em class='clear'><\/em><\/p><\/a><div class='event_description evcal_eventcard ' style=\"display:none\"><div class='evo_metarow_directimg'><img src='https:\/\/www.blanescostabrava.cat\/wp-content\/uploads\/2019\/12\/biblioteca-comarcal.jpg' alt=\"biblioteca_comarcal_blanes\"\/><\/div><div class='evo_metarow_details evorow evcal_evdata_row bordb evcal_event_details'>\n\t\t\t\t\t\t\t<div class=\"event_excerpt\" style=\"display:none\"><h3 class=\"padb5 evo_h3\">Description<\/h3><p>DATE : jeudi 21 mai\r\nHEURE : 17h30\r\nLIEU : Biblioth\u00e8que Roberto Bola\u00f1o\r\nPour les enfants de 10 et 11 ans.\r\nPlaces limit\u00e9es. Informations<\/p><\/div><span class='evcal_evdata_icons'><i class='fa fa-align-justify'><\/i><\/span>\n\t\t\t\t\t\t\t\n\t\t\t\t\t\t\t<div class='evcal_evdata_cell shorter_desc'><div class='eventon_details_shading_bot'>\n\t\t\t\t\t\t\t\t<p class='eventon_shad_p' content='less'><span class='ev_more_text' data-txt='less'>more<\/span><span class='ev_more_arrow'><\/span><\/p>\n\t\t\t\t\t\t\t<\/div><div class='eventon_full_description'>\n\t\t\t\t\t\t\t\t\t<h3 class='padb5 evo_h3'><span class='evcal_evdata_icons'><i class='fa fa-align-justify'><\/i><\/span>Description<\/h3><div class='eventon_desc_in' itemprop='description'>\n\t\t\t\t\t\t\t\t\t<p data-start=\"922\" data-end=\"943\">DATE : jeudi 21 mai<\/p>\n<p data-start=\"945\" data-end=\"960\">HEURE : 17h30<\/p>\n<p data-start=\"962\" data-end=\"998\">LIEU : Biblioth\u00e8que Roberto Bola\u00f1o<\/p>\n<p data-start=\"1000\" data-end=\"1035\">Pour les enfants de 10 et 11 ans.<\/p>\n<p data-start=\"1037\" data-end=\"1103\">Places limit\u00e9es. Informations et inscriptions \u00e0 la biblioth\u00e8que.<\/p>\n<p data-start=\"1105\" data-end=\"1209\">Plus d\u2019informations sur le blog : <a class=\"decorated-link\" href=\"https:\/\/biblioteca.blanes.cat\/salainfantil\/club-de-lectura-infantil\/\" target=\"_new\" rel=\"noopener\" data-start=\"1139\" data-end=\"1207\">https:\/\/biblioteca.blanes.cat\/salainfantil\/club-de-lectura-infantil\/<\/a><\/p>\n<\/div><div class='clear'><\/div>\n\t\t\t\t\t\t\t\t<\/div>\n\t\t\t\t\t\t\t<\/div>\n\t\t\t\t\t\t<\/div><div class='evo_metarow_time_location evorow bordb '>\n\t\t\t\t\t\t<div class='tb' >\n\t\t\t\t\t\t\t<div class='tbrow'>\n\t\t\t\t\t\t\t<div class='evcal_col50 bordr'>\n\t\t\t\t\t\t\t\t<div class='evcal_evdata_row evo_time'>\n\t\t\t\t\t\t\t\t\t<span class='evcal_evdata_icons'><i class='fa fa-clock-o'><\/i><\/span>\n\t\t\t\t\t\t\t\t\t<div class='evcal_evdata_cell'>\t\t\t\t\t\t\t\n\t\t\t\t\t\t\t\t\t\t<h3 class='evo_h3'><span class='evcal_evdata_icons'><i class='fa fa-clock-o'><\/i><\/span>Date<\/h3>\n\t\t\t\t\t\t\t\t\t\t<p>(Thursday) 5:30 pm - 7:00 pm<\/p>\n\t\t\t\t\t\t\t\t\t<\/div>\n\t\t\t\t\t\t\t\t<\/div>\n\t\t\t\t\t\t\t<\/div><div class='evcal_col50'>\n\t\t\t\t\t\t\t\t<div class='evcal_evdata_row evo_location'>\n\t\t\t\t\t\t\t\t\t<span class='evcal_evdata_icons'><i class='fa fa-map-marker'><\/i><\/span>\n\t\t\t\t\t\t\t\t\t<div class='evcal_evdata_cell' data-loc_tax_id='4568'>\t\t\t\t\t\t\t\n\t\t\t\t\t\t\t\t\t\t<h3 class='evo_h3'><span class='evcal_evdata_icons'><i class='fa fa-map-marker'><\/i><\/span>Location<\/h3><p class='evo_location_name'>Biblioth\u00e8que Roberto Bola\u00f1o<\/p><p class='evo_location_address'><\/p>\n\t\t\t\t\t\t\t\t\t<\/div>\n\t\t\t\t\t\t\t\t<\/div>\n\t\t\t\t\t\t\t<\/div><div class='clear'><\/div>\n\t\t\t\t\t\t\t<\/div><\/div>\n\t\t\t\t\t\t<\/div>\t\t\t\t\t\t<div class='evo_metarow_ICS evorow bordb evcal_evdata_row'>\n\t\t\t\t\t\t\t<span class=\"evcal_evdata_icons\"><i class=\"fa fa-calendar\"><\/i><\/span>\n\t\t\t\t\t\t\t<div class='evcal_evdata_cell'>\n\t\t\t\t\t\t\t\t<p><a href=\"https:\/\/www.blanescostabrava.cat\/wp-admin\/admin-ajax.php?action=eventon_ics_download&amp;event_id=233782&amp;sunix=20260521T153000Z&amp;eunix=20260521T170000Z&amp;loca=&amp;locn=Biblioth\u00e8que Roberto Bola\u00f1o\" class=\"evo_ics_nCal\" title=\"Add to your calendar\">Calendar<\/a><a href=\"\/\/www.google.com\/calendar\/event?action=TEMPLATE&amp;text=Club+de+Lecture+Benjamin%3A+%22Contes+per+entendre+el+m%C3%B3n%22&amp;dates=20260521T153000Z\/20260521T170000Z&amp;details=DATE+%3A+jeudi+21+mai%0D%0AHEURE+%3A+17h30%0D%0ALIEU+%3A+Biblioth%C3%A8que+Roberto+Bola%C3%B1o%0D%0APour+les+enfants+de+10+et+11+ans.%0D%0APlaces+limit%C3%A9es.+Informations&amp;location=Biblioth%C3%A8que+Roberto+Bola%C3%B1o - \" target=\"_blank\" class=\"evo_ics_gCal\" title=\"Add to google calendar\">GoogleCal<\/a><\/p>\t\n\t\t\t\t\t\t\t<\/div>\t\t\t\t\t\t<\/div>\n\t\t\t\t\t\t<\/div><div class='clear end'><\/div><\/div><div id=\"event_234343\" class=\"eventon_list_event evo_eventtop  event hasbgimg\" data-event_id=\"234343\" data-time=\"1779494401-1779667199\" data-colr=\"#206177\" itemscope itemtype='http:\/\/schema.org\/Event' 41><div class=\"evo_boxtop\" style=\"background-image: url(https:\/\/www.blanescostabrava.cat\/wp-content\/uploads\/2026\/05\/propietat-blanesaldia10afira.jpg); background-color:#206177;height:200px;\"><\/div><div class=\"evo_event_schema\" style=\"display:none\" ><a itemprop=\"url\" href=\"https:\/\/www.blanescostabrava.cat\/fr\/events\/foire-des-associations\/\"><\/a><span itemprop='name'  >Foire des associations<\/span><meta itemprop='image' content='https:\/\/www.blanescostabrava.cat\/wp-content\/uploads\/2026\/05\/propietat-blanesaldia10afira.jpg' ><\/meta><meta itemprop='description' content='Foire des associationsDATE : Samedi 23 et dimanche 24HEURE : Le 23, de 12h00 \u00e0 20h00 ; le 24, de 9h30 \u00e0 18h30' ><\/meta><meta itemprop='startDate' content='2026-5-23' ><\/meta><meta itemprop='endDate' content='2026-5-24' ><\/meta><meta itemprop='eventStatus' content='on-schedule' ><\/meta>\n\t\t\t\t\t\t\t\t\t<item style=\"display:none\" itemprop=\"location\" itemscope itemtype=\"http:\/\/schema.org\/Place\">\n\t\t\t\t\t\t\t\t\t\t<span itemprop=\"name\">Passeig de Mar<\/span>\n\t\t\t\t\t\t\t\t\t\t<span itemprop=\"address\" itemscope itemtype=\"http:\/\/schema.org\/PostalAddress\">\n\t\t\t\t\t\t\t\t\t\t\t<item itemprop=\"streetAddress\"><\/item>\n\t\t\t\t\t\t\t\t\t\t<\/span><\/item><script type=\"application\/ld+json\">{\t\"@context\": \"http:\/\/schema.org\",\n\t\t\t\t\t\t\t  \t\"@type\": \"Event\",\n\t\t\t\t\t\t\t  \t\"name\": \"Foire des associations\",\n\t\t\t\t\t\t\t  \t\"startDate\": \"2026-5-23T00-00-00-00\",\n\t\t\t\t\t\t\t  \t\"endDate\": \"2026-5-24T23-23-59-00\",\n\t\t\t\t\t\t\t  \t\"image\":\"https:\/\/www.blanescostabrava.cat\/wp-content\/uploads\/2026\/05\/propietat-blanesaldia10afira-300x169.jpg\",\n\t\t\t\t\t\t\t  \t\"description\":\"Foire des associationsDATE : Samedi 23 et dimanche 24HEURE : Le 23, de 12h00 \u00e0 20h00 ; le 24, de 9h30 \u00e0 18h30\",\n\t\t\t\t\t\t\t  \t\n\t\t\t\t\t\t\t }<\/script><\/div>\n\t\t\t\t<p class=\"desc_trig_outter\"><a data-gmap_status=\"null\" data-exlk=\"0\" style=\"border-color: #206177;padding-top: 215px;height: 310px;\" id=\"evc_1779494401234343\" class=\"desc_trig mul_val evcal_list_a\" data-ux_val=\"3\"  ><span class='event-img'><img src='https:\/\/www.blanescostabrava.cat\/wp-content\/uploads\/2026\/05\/propietat-blanesaldia10afira.jpg'><\/span><span class='evcal_cblock ' data-bgcolor='#206177' data-smon='mai' data-syr='2026'><span class='evo_start '><em class='date'>23<\/em><em class='month'>mai<\/em><em class='time'>allday<\/em><\/span><span class='evo_end '><em class='date'>24<\/em><\/span><em class='clear'><\/em><\/span><span class='evcal_desc evo_info hide_eventtopdata ' data-latlng=\"41.672451,2.790810\"  data-location_address=\"\" data-location_type=\"lonlat\" data-location_name=\"Passeig de Mar\" data-location_status=\"true\" ><span class='evo_above_title'><\/span><span class='evcal_desc2 evcal_event_title' itemprop='name'>Foire des associations<\/span><span class='evo_below_title'><\/span><span class='evcal_desc_info' ><\/span><span class='evcal_desc3'><\/span><\/span><em class='clear'><\/em><\/p><\/a><div class='event_description evcal_eventcard ' style=\"display:none\"><div class='evo_metarow_directimg'><img src='https:\/\/www.blanescostabrava.cat\/wp-content\/uploads\/2026\/05\/propietat-blanesaldia10afira.jpg' \/><\/div><div class='evo_metarow_details evorow evcal_evdata_row bordb evcal_event_details'>\n\t\t\t\t\t\t\t<div class=\"event_excerpt\" style=\"display:none\"><h3 class=\"padb5 evo_h3\">Description<\/h3><p>Foire des associationsDATE : Samedi 23 et dimanche 24HEURE : Le 23, de 12h00 \u00e0 20h00 ; le 24, de 9h30 \u00e0 18h30<\/p><\/div><span class='evcal_evdata_icons'><i class='fa fa-align-justify'><\/i><\/span>\n\t\t\t\t\t\t\t\n\t\t\t\t\t\t\t<div class='evcal_evdata_cell '><div class='eventon_full_description'>\n\t\t\t\t\t\t\t\t\t<h3 class='padb5 evo_h3'><span class='evcal_evdata_icons'><i class='fa fa-align-justify'><\/i><\/span>Description<\/h3><div class='eventon_desc_in' itemprop='description'>\n\t\t\t\t\t\t\t\t\t<p>Foire des associations<br data-start=\"1297\" data-end=\"1300\" \/>DATE : Samedi 23 et dimanche 24<br data-start=\"530\" data-end=\"533\" \/>HEURE : Le 23, de 12h00 \u00e0 20h00 ; le 24, de 9h30 \u00e0 18h30<br data-start=\"1378\" data-end=\"1381\" \/>LIEU : Passeig de Mar<\/p>\n<\/div><div class='clear'><\/div>\n\t\t\t\t\t\t\t\t<\/div>\n\t\t\t\t\t\t\t<\/div>\n\t\t\t\t\t\t<\/div><div class='evo_metarow_time_location evorow bordb '>\n\t\t\t\t\t\t<div class='tb' >\n\t\t\t\t\t\t\t<div class='tbrow'>\n\t\t\t\t\t\t\t<div class='evcal_col50 bordr'>\n\t\t\t\t\t\t\t\t<div class='evcal_evdata_row evo_time'>\n\t\t\t\t\t\t\t\t\t<span class='evcal_evdata_icons'><i class='fa fa-clock-o'><\/i><\/span>\n\t\t\t\t\t\t\t\t\t<div class='evcal_evdata_cell'>\t\t\t\t\t\t\t\n\t\t\t\t\t\t\t\t\t\t<h3 class='evo_h3'><span class='evcal_evdata_icons'><i class='fa fa-clock-o'><\/i><\/span>Date<\/h3>\n\t\t\t\t\t\t\t\t\t\t<p>mai 23 (Saturday) - 24 (Sunday)<\/p>\n\t\t\t\t\t\t\t\t\t<\/div>\n\t\t\t\t\t\t\t\t<\/div>\n\t\t\t\t\t\t\t<\/div><div class='evcal_col50'>\n\t\t\t\t\t\t\t\t<div class='evcal_evdata_row evo_location'>\n\t\t\t\t\t\t\t\t\t<span class='evcal_evdata_icons'><i class='fa fa-map-marker'><\/i><\/span>\n\t\t\t\t\t\t\t\t\t<div class='evcal_evdata_cell' data-loc_tax_id='800'>\t\t\t\t\t\t\t\n\t\t\t\t\t\t\t\t\t\t<h3 class='evo_h3'><span class='evcal_evdata_icons'><i class='fa fa-map-marker'><\/i><\/span>Location<\/h3><p class='evo_location_name'>Passeig de Mar<\/p><p class='evo_location_address'><\/p>\n\t\t\t\t\t\t\t\t\t<\/div>\n\t\t\t\t\t\t\t\t<\/div>\n\t\t\t\t\t\t\t<\/div><div class='clear'><\/div>\n\t\t\t\t\t\t\t<\/div><\/div>\n\t\t\t\t\t\t<\/div>\t\t\t\t\t\t<div class='evo_metarow_ICS evorow bordb evcal_evdata_row'>\n\t\t\t\t\t\t\t<span class=\"evcal_evdata_icons\"><i class=\"fa fa-calendar\"><\/i><\/span>\n\t\t\t\t\t\t\t<div class='evcal_evdata_cell'>\n\t\t\t\t\t\t\t\t<p><a href=\"https:\/\/www.blanescostabrava.cat\/wp-admin\/admin-ajax.php?action=eventon_ics_download&amp;event_id=234343&amp;sunix=20260522T220000Z&amp;eunix=20260524T215900Z&amp;loca=&amp;locn=Passeig de Mar\" class=\"evo_ics_nCal\" title=\"Add to your calendar\">Calendar<\/a><a href=\"\/\/www.google.com\/calendar\/event?action=TEMPLATE&amp;text=Foire+des+associations&amp;dates=20260522T220000Z\/20260524T215900Z&amp;details=Foire+des+associationsDATE+%3A+Samedi+23+et+dimanche+24HEURE+%3A+Le+23%2C+de+12h00+%C3%A0+20h00+%3B+le+24%2C+de+9h30+%C3%A0+18h30&amp;location=Passeig+de+Mar - \" target=\"_blank\" class=\"evo_ics_gCal\" title=\"Add to google calendar\">GoogleCal<\/a><\/p>\t\n\t\t\t\t\t\t\t<\/div>\t\t\t\t\t\t<\/div>\n\t\t\t\t\t\t<\/div><div class='clear end'><\/div><\/div><div id=\"event_234352\" class=\"eventon_list_event evo_eventtop  event hasbgimg\" data-event_id=\"234352\" data-time=\"1779494401-1779667199\" data-colr=\"#206177\" itemscope itemtype='http:\/\/schema.org\/Event' 42><div class=\"evo_boxtop\" style=\"background-image: url(https:\/\/www.blanescostabrava.cat\/wp-content\/uploads\/2018\/04\/Copia-de-CEB-b\u00e0squet-2.jpg); background-color:#206177;height:200px;\"><\/div><div class=\"evo_event_schema\" style=\"display:none\" ><a itemprop=\"url\" href=\"https:\/\/www.blanescostabrava.cat\/fr\/events\/tournoi-de-basket-ceb\/\"><\/a><span itemprop='name'  >Tournoi de basket CEB<\/span><meta itemprop='image' content='https:\/\/www.blanescostabrava.cat\/wp-content\/uploads\/2018\/04\/Copia-de-CEB-b\u00e0squet-2.jpg' ><\/meta><meta itemprop='description' content='Tournoi de basket CEBDATE : Samedi 23 et dimanche 24LIEU : Ciutat Esportiva' ><\/meta><meta itemprop='startDate' content='2026-5-23' ><\/meta><meta itemprop='endDate' content='2026-5-24' ><\/meta><meta itemprop='eventStatus' content='on-schedule' ><\/meta><script type=\"application\/ld+json\">{\t\"@context\": \"http:\/\/schema.org\",\n\t\t\t\t\t\t\t  \t\"@type\": \"Event\",\n\t\t\t\t\t\t\t  \t\"name\": \"Tournoi de basket CEB\",\n\t\t\t\t\t\t\t  \t\"startDate\": \"2026-5-23T00-00-00-00\",\n\t\t\t\t\t\t\t  \t\"endDate\": \"2026-5-24T23-23-59-00\",\n\t\t\t\t\t\t\t  \t\"image\":\"https:\/\/www.blanescostabrava.cat\/wp-content\/uploads\/2018\/04\/Copia-de-CEB-b\u00e0squet-2-300x200.jpg\",\n\t\t\t\t\t\t\t  \t\"description\":\"Tournoi de basket CEBDATE : Samedi 23 et dimanche 24LIEU : Ciutat Esportiva\",\n\t\t\t\t\t\t\t  \t\n\t\t\t\t\t\t\t }<\/script><\/div>\n\t\t\t\t<p class=\"desc_trig_outter\"><a data-gmap_status=\"null\" data-exlk=\"0\" style=\"border-color: #206177;padding-top: 215px;height: 310px;\" id=\"evc_1779494401234352\" class=\"desc_trig mul_val evcal_list_a\" data-ux_val=\"3\"  ><span class='event-img'><img src='https:\/\/www.blanescostabrava.cat\/wp-content\/uploads\/2018\/04\/Copia-de-CEB-b\u00e0squet-2.jpg'><\/span><span class='evcal_cblock ' data-bgcolor='#206177' data-smon='mai' data-syr='2026'><span class='evo_start '><em class='date'>23<\/em><em class='month'>mai<\/em><em class='time'>allday<\/em><\/span><span class='evo_end '><em class='date'>24<\/em><\/span><em class='clear'><\/em><\/span><span class='evcal_desc evo_info hide_eventtopdata '  data-location_status=\"false\" ><span class='evo_above_title'><\/span><span class='evcal_desc2 evcal_event_title' itemprop='name'>Tournoi de basket CEB<\/span><span class='evo_below_title'><\/span><span class='evcal_desc_info' ><\/span><span class='evcal_desc3'><\/span><\/span><em class='clear'><\/em><\/p><\/a><div class='event_description evcal_eventcard ' style=\"display:none\"><div class='evo_metarow_directimg'><img src='https:\/\/www.blanescostabrava.cat\/wp-content\/uploads\/2018\/04\/Copia-de-CEB-b\u00e0squet-2.jpg' \/><\/div><div class='evo_metarow_details evorow evcal_evdata_row bordb evcal_event_details'>\n\t\t\t\t\t\t\t<div class=\"event_excerpt\" style=\"display:none\"><h3 class=\"padb5 evo_h3\">Description<\/h3><p>Tournoi de basket CEBDATE : Samedi 23 et dimanche 24LIEU : Ciutat Esportiva<\/p><\/div><span class='evcal_evdata_icons'><i class='fa fa-align-justify'><\/i><\/span>\n\t\t\t\t\t\t\t\n\t\t\t\t\t\t\t<div class='evcal_evdata_cell '><div class='eventon_full_description'>\n\t\t\t\t\t\t\t\t\t<h3 class='padb5 evo_h3'><span class='evcal_evdata_icons'><i class='fa fa-align-justify'><\/i><\/span>Description<\/h3><div class='eventon_desc_in' itemprop='description'>\n\t\t\t\t\t\t\t\t\t<p>Tournoi de basket CEB<br data-start=\"2031\" data-end=\"2034\" \/>DATE : Samedi 23 et dimanche 24<br data-start=\"2065\" data-end=\"2068\" \/>LIEU : Ciutat Esportiva<\/p>\n<\/div><div class='clear'><\/div>\n\t\t\t\t\t\t\t\t<\/div>\n\t\t\t\t\t\t\t<\/div>\n\t\t\t\t\t\t<\/div><div class='evo_metarow_time_location evorow bordb '>\n\t\t\t\t\t\t<div class='tb' >\n\t\t\t\t\t\t\t<div class='tbrow'>\n\t\t\t\t\t\t\t<div class='evcal_col50 bordr'>\n\t\t\t\t\t\t\t\t<div class='evcal_evdata_row evo_time'>\n\t\t\t\t\t\t\t\t\t<span class='evcal_evdata_icons'><i class='fa fa-clock-o'><\/i><\/span>\n\t\t\t\t\t\t\t\t\t<div class='evcal_evdata_cell'>\t\t\t\t\t\t\t\n\t\t\t\t\t\t\t\t\t\t<h3 class='evo_h3'><span class='evcal_evdata_icons'><i class='fa fa-clock-o'><\/i><\/span>Date<\/h3>\n\t\t\t\t\t\t\t\t\t\t<p>mai 23 (Saturday) - 24 (Sunday)<\/p>\n\t\t\t\t\t\t\t\t\t<\/div>\n\t\t\t\t\t\t\t\t<\/div>\n\t\t\t\t\t\t\t<\/div><div class='evcal_col50'>\n\t\t\t\t\t\t\t\t<div class='evcal_evdata_row evo_location'>\n\t\t\t\t\t\t\t\t\t<span class='evcal_evdata_icons'><i class='fa fa-map-marker'><\/i><\/span>\n\t\t\t\t\t\t\t\t\t<div class='evcal_evdata_cell' data-loc_tax_id='6571'>\t\t\t\t\t\t\t\n\t\t\t\t\t\t\t\t\t\t<h3 class='evo_h3'><span class='evcal_evdata_icons'><i class='fa fa-map-marker'><\/i><\/span>Location<\/h3><p class='evo_location_name'>Ciutat Esportiva<\/p><p class='evo_location_address'><\/p>\n\t\t\t\t\t\t\t\t\t<\/div>\n\t\t\t\t\t\t\t\t<\/div>\n\t\t\t\t\t\t\t<\/div><div class='clear'><\/div>\n\t\t\t\t\t\t\t<\/div><\/div>\n\t\t\t\t\t\t<\/div>\t\t\t\t\t\t<div class='evo_metarow_ICS evorow bordb evcal_evdata_row'>\n\t\t\t\t\t\t\t<span class=\"evcal_evdata_icons\"><i class=\"fa fa-calendar\"><\/i><\/span>\n\t\t\t\t\t\t\t<div class='evcal_evdata_cell'>\n\t\t\t\t\t\t\t\t<p><a href=\"https:\/\/www.blanescostabrava.cat\/wp-admin\/admin-ajax.php?action=eventon_ics_download&amp;event_id=234352&amp;sunix=20260522T220000Z&amp;eunix=20260524T215900Z&amp;loca=&amp;locn=Ciutat Esportiva\" class=\"evo_ics_nCal\" title=\"Add to your calendar\">Calendar<\/a><a href=\"\/\/www.google.com\/calendar\/event?action=TEMPLATE&amp;text=Tournoi+de+basket+CEB&amp;dates=20260522T220000Z\/20260524T215900Z&amp;details=Tournoi+de+basket+CEBDATE+%3A+Samedi+23+et+dimanche+24LIEU+%3A+Ciutat+Esportiva&amp;location=Ciutat+Esportiva - \" target=\"_blank\" class=\"evo_ics_gCal\" title=\"Add to google calendar\">GoogleCal<\/a><\/p>\t\n\t\t\t\t\t\t\t<\/div>\t\t\t\t\t\t<\/div>\n\t\t\t\t\t\t<\/div><div class='clear end'><\/div><\/div><div id=\"event_234307\" class=\"eventon_list_event evo_eventtop  event hasbgimg\" data-event_id=\"234307\" data-time=\"1779494401-1780271999\" data-colr=\"#206177\" itemscope itemtype='http:\/\/schema.org\/Event' 43><div class=\"evo_boxtop\" style=\"background-image: url(https:\/\/www.blanescostabrava.cat\/wp-content\/uploads\/2018\/04\/CAMP-FUTBOL-Can-Borell-1.jpg); background-color:#206177;height:200px;\"><\/div><div class=\"evo_event_schema\" style=\"display:none\" ><a itemprop=\"url\" href=\"https:\/\/www.blanescostabrava.cat\/fr\/events\/tournoi-de-football-rondo-can-borell\/\"><\/a><span itemprop='name'  >Tournoi de football Rondo Can Borell<\/span><meta itemprop='image' content='https:\/\/www.blanescostabrava.cat\/wp-content\/uploads\/2018\/04\/CAMP-FUTBOL-Can-Borell-1.jpg' ><\/meta><meta itemprop='description' content='Tournoi de football Rondo Can BorellDATE : Samedi 23, dimanche 24, samedi 30 et dimanche 31LIEU : Ciutat Esportiva' ><\/meta><meta itemprop='startDate' content='2026-5-23' ><\/meta><meta itemprop='endDate' content='2026-5-31' ><\/meta><meta itemprop='eventStatus' content='on-schedule' ><\/meta><script type=\"application\/ld+json\">{\t\"@context\": \"http:\/\/schema.org\",\n\t\t\t\t\t\t\t  \t\"@type\": \"Event\",\n\t\t\t\t\t\t\t  \t\"name\": \"Tournoi de football Rondo Can Borell\",\n\t\t\t\t\t\t\t  \t\"startDate\": \"2026-5-23T00-00-00-00\",\n\t\t\t\t\t\t\t  \t\"endDate\": \"2026-5-31T23-23-59-00\",\n\t\t\t\t\t\t\t  \t\"image\":\"https:\/\/www.blanescostabrava.cat\/wp-content\/uploads\/2018\/04\/CAMP-FUTBOL-Can-Borell-1-300x225.jpg\",\n\t\t\t\t\t\t\t  \t\"description\":\"Tournoi de football Rondo Can BorellDATE : Samedi 23, dimanche 24, samedi 30 et dimanche 31LIEU : Ciutat Esportiva\",\n\t\t\t\t\t\t\t  \t\n\t\t\t\t\t\t\t }<\/script><\/div>\n\t\t\t\t<p class=\"desc_trig_outter\"><a data-gmap_status=\"null\" data-exlk=\"0\" style=\"border-color: #206177;padding-top: 215px;height: 310px;\" id=\"evc_1779494401234307\" class=\"desc_trig mul_val evcal_list_a\" data-ux_val=\"3\"  ><span class='event-img'><img src='https:\/\/www.blanescostabrava.cat\/wp-content\/uploads\/2018\/04\/CAMP-FUTBOL-Can-Borell-1.jpg'><\/span><span class='evcal_cblock ' data-bgcolor='#206177' data-smon='mai' data-syr='2026'><span class='evo_start '><em class='date'>23<\/em><em class='month'>mai<\/em><em class='time'>allday<\/em><\/span><span class='evo_end '><em class='date'>31<\/em><\/span><em class='clear'><\/em><\/span><span class='evcal_desc evo_info hide_eventtopdata '  data-location_status=\"false\" ><span class='evo_above_title'><\/span><span class='evcal_desc2 evcal_event_title' itemprop='name'>Tournoi de football Rondo Can Borell<\/span><span class='evo_below_title'><\/span><span class='evcal_desc_info' ><\/span><span class='evcal_desc3'><\/span><\/span><em class='clear'><\/em><\/p><\/a><div class='event_description evcal_eventcard ' style=\"display:none\"><div class='evo_metarow_directimg'><img src='https:\/\/www.blanescostabrava.cat\/wp-content\/uploads\/2018\/04\/CAMP-FUTBOL-Can-Borell-1.jpg' \/><\/div><div class='evo_metarow_details evorow evcal_evdata_row bordb evcal_event_details'>\n\t\t\t\t\t\t\t<div class=\"event_excerpt\" style=\"display:none\"><h3 class=\"padb5 evo_h3\">Description<\/h3><p>Tournoi de football Rondo Can BorellDATE : Samedi 23, dimanche 24, samedi 30 et dimanche 31LIEU : Ciutat Esportiva<\/p><\/div><span class='evcal_evdata_icons'><i class='fa fa-align-justify'><\/i><\/span>\n\t\t\t\t\t\t\t\n\t\t\t\t\t\t\t<div class='evcal_evdata_cell '><div class='eventon_full_description'>\n\t\t\t\t\t\t\t\t\t<h3 class='padb5 evo_h3'><span class='evcal_evdata_icons'><i class='fa fa-align-justify'><\/i><\/span>Description<\/h3><div class='eventon_desc_in' itemprop='description'>\n\t\t\t\t\t\t\t\t\t<p>Tournoi de football Rondo Can Borell<br data-start=\"496\" data-end=\"499\" \/>DATE : Samedi 23, dimanche 24, samedi 30 et dimanche 31<br data-start=\"589\" data-end=\"592\" \/>LIEU : Ciutat Esportiva<\/p>\n<\/div><div class='clear'><\/div>\n\t\t\t\t\t\t\t\t<\/div>\n\t\t\t\t\t\t\t<\/div>\n\t\t\t\t\t\t<\/div><div class='evo_metarow_time_location evorow bordb '>\n\t\t\t\t\t\t<div class='tb' >\n\t\t\t\t\t\t\t<div class='tbrow'>\n\t\t\t\t\t\t\t<div class='evcal_col50 bordr'>\n\t\t\t\t\t\t\t\t<div class='evcal_evdata_row evo_time'>\n\t\t\t\t\t\t\t\t\t<span class='evcal_evdata_icons'><i class='fa fa-clock-o'><\/i><\/span>\n\t\t\t\t\t\t\t\t\t<div class='evcal_evdata_cell'>\t\t\t\t\t\t\t\n\t\t\t\t\t\t\t\t\t\t<h3 class='evo_h3'><span class='evcal_evdata_icons'><i class='fa fa-clock-o'><\/i><\/span>Date<\/h3>\n\t\t\t\t\t\t\t\t\t\t<p>mai 23 (Saturday) - 31 (Sunday)<\/p>\n\t\t\t\t\t\t\t\t\t<\/div>\n\t\t\t\t\t\t\t\t<\/div>\n\t\t\t\t\t\t\t<\/div><div class='evcal_col50'>\n\t\t\t\t\t\t\t\t<div class='evcal_evdata_row evo_location'>\n\t\t\t\t\t\t\t\t\t<span class='evcal_evdata_icons'><i class='fa fa-map-marker'><\/i><\/span>\n\t\t\t\t\t\t\t\t\t<div class='evcal_evdata_cell' data-loc_tax_id='6571'>\t\t\t\t\t\t\t\n\t\t\t\t\t\t\t\t\t\t<h3 class='evo_h3'><span class='evcal_evdata_icons'><i class='fa fa-map-marker'><\/i><\/span>Location<\/h3><p class='evo_location_name'>Ciutat Esportiva<\/p><p class='evo_location_address'><\/p>\n\t\t\t\t\t\t\t\t\t<\/div>\n\t\t\t\t\t\t\t\t<\/div>\n\t\t\t\t\t\t\t<\/div><div class='clear'><\/div>\n\t\t\t\t\t\t\t<\/div><\/div>\n\t\t\t\t\t\t<\/div>\t\t\t\t\t\t<div class='evo_metarow_ICS evorow bordb evcal_evdata_row'>\n\t\t\t\t\t\t\t<span class=\"evcal_evdata_icons\"><i class=\"fa fa-calendar\"><\/i><\/span>\n\t\t\t\t\t\t\t<div class='evcal_evdata_cell'>\n\t\t\t\t\t\t\t\t<p><a href=\"https:\/\/www.blanescostabrava.cat\/wp-admin\/admin-ajax.php?action=eventon_ics_download&amp;event_id=234307&amp;sunix=20260522T220000Z&amp;eunix=20260531T215900Z&amp;loca=&amp;locn=Ciutat Esportiva\" class=\"evo_ics_nCal\" title=\"Add to your calendar\">Calendar<\/a><a href=\"\/\/www.google.com\/calendar\/event?action=TEMPLATE&amp;text=Tournoi+de+football+Rondo+Can+Borell&amp;dates=20260522T220000Z\/20260531T215900Z&amp;details=Tournoi+de+football+Rondo+Can+BorellDATE+%3A+Samedi+23%2C+dimanche+24%2C+samedi+30+et+dimanche+31LIEU+%3A+Ciutat+Esportiva&amp;location=Ciutat+Esportiva - \" target=\"_blank\" class=\"evo_ics_gCal\" title=\"Add to google calendar\">GoogleCal<\/a><\/p>\t\n\t\t\t\t\t\t\t<\/div>\t\t\t\t\t\t<\/div>\n\t\t\t\t\t\t<\/div><div class='clear end'><\/div><\/div><div id=\"event_234367\" class=\"eventon_list_event evo_eventtop  event hasbgimg\" data-event_id=\"234367\" data-time=\"1779609600-1779613200\" data-colr=\"#206177\" itemscope itemtype='http:\/\/schema.org\/Event' 44><div class=\"evo_boxtop\" style=\"background-image: url(https:\/\/www.blanescostabrava.cat\/wp-content\/uploads\/2018\/04\/MARIMURTRA-28.jpg); background-color:#206177;height:200px;\"><\/div><div class=\"evo_event_schema\" style=\"display:none\" ><a itemprop=\"url\" href=\"https:\/\/www.blanescostabrava.cat\/fr\/events\/yoga-a-marimurtra-2\/\"><\/a><span itemprop='name'  >Yoga \u00e0 Marimurtra<\/span><meta itemprop='image' content='https:\/\/www.blanescostabrava.cat\/wp-content\/uploads\/2018\/04\/MARIMURTRA-28.jpg' ><\/meta><meta itemprop='description' content='Yoga \u00e0 MarimurtraDATE : Dimanche 24\/5HEURE : 8h00 - 9h00LIEU : Jardin botanique Marimurtra' ><\/meta><meta itemprop='startDate' content='2026-5-24' ><\/meta><meta itemprop='endDate' content='2026-5-24' ><\/meta><meta itemprop='eventStatus' content='on-schedule' ><\/meta><script type=\"application\/ld+json\">{\t\"@context\": \"http:\/\/schema.org\",\n\t\t\t\t\t\t\t  \t\"@type\": \"Event\",\n\t\t\t\t\t\t\t  \t\"name\": \"Yoga \u00e0 Marimurtra\",\n\t\t\t\t\t\t\t  \t\"startDate\": \"2026-5-24T08-08-00-00\",\n\t\t\t\t\t\t\t  \t\"endDate\": \"2026-5-24T09-09-00-00\",\n\t\t\t\t\t\t\t  \t\"image\":\"https:\/\/www.blanescostabrava.cat\/wp-content\/uploads\/2018\/04\/MARIMURTRA-28-200x300.jpg\",\n\t\t\t\t\t\t\t  \t\"description\":\"Yoga \u00e0 MarimurtraDATE : Dimanche 24\/5HEURE : 8h00 - 9h00LIEU : Jardin botanique Marimurtra\",\n\t\t\t\t\t\t\t  \t\n\t\t\t\t\t\t\t }<\/script><\/div>\n\t\t\t\t<p class=\"desc_trig_outter\"><a data-gmap_status=\"null\" data-exlk=\"0\" style=\"border-color: #206177;padding-top: 215px;height: 310px;\" id=\"evc_1779609600234367\" class=\"desc_trig sin_val evcal_list_a\" data-ux_val=\"3\"  ><span class='event-img'><img src='https:\/\/www.blanescostabrava.cat\/wp-content\/uploads\/2018\/04\/MARIMURTRA-28.jpg'><\/span><span class='evcal_cblock ' data-bgcolor='#206177' data-smon='mai' data-syr='2026'><span class='evo_start '><em class='date'>24<\/em><em class='month'>mai<\/em><em class='time'>8:00 am<\/em><\/span><span class='evo_end only_time'><em class='time'>9:00 am<\/em><\/span><em class='clear'><\/em><\/span><span class='evcal_desc evo_info hide_eventtopdata '  data-location_status=\"false\" ><span class='evo_above_title'><\/span><span class='evcal_desc2 evcal_event_title' itemprop='name'>Yoga \u00e0 Marimurtra<\/span><span class='evo_below_title'><\/span><span class='evcal_desc_info' ><\/span><span class='evcal_desc3'><\/span><\/span><em class='clear'><\/em><\/p><\/a><div class='event_description evcal_eventcard ' style=\"display:none\"><div class='evo_metarow_directimg'><img src='https:\/\/www.blanescostabrava.cat\/wp-content\/uploads\/2018\/04\/MARIMURTRA-28.jpg' \/><\/div><div class='evo_metarow_details evorow evcal_evdata_row bordb evcal_event_details'>\n\t\t\t\t\t\t\t<div class=\"event_excerpt\" style=\"display:none\"><h3 class=\"padb5 evo_h3\">Description<\/h3><p>Yoga \u00e0 MarimurtraDATE : Dimanche 24\/5HEURE : 8h00 - 9h00LIEU : Jardin botanique Marimurtra<\/p><\/div><span class='evcal_evdata_icons'><i class='fa fa-align-justify'><\/i><\/span>\n\t\t\t\t\t\t\t\n\t\t\t\t\t\t\t<div class='evcal_evdata_cell '><div class='eventon_full_description'>\n\t\t\t\t\t\t\t\t\t<h3 class='padb5 evo_h3'><span class='evcal_evdata_icons'><i class='fa fa-align-justify'><\/i><\/span>Description<\/h3><div class='eventon_desc_in' itemprop='description'>\n\t\t\t\t\t\t\t\t\t<p>Yoga \u00e0 Marimurtra<br data-start=\"363\" data-end=\"366\" \/>DATE : Dimanche 24\/5<br data-start=\"386\" data-end=\"389\" \/>HEURE : 8h00 &#8211; 9h00<br data-start=\"408\" data-end=\"411\" \/>LIEU : Jardin botanique Marimurtra<\/p>\n<\/div><div class='clear'><\/div>\n\t\t\t\t\t\t\t\t<\/div>\n\t\t\t\t\t\t\t<\/div>\n\t\t\t\t\t\t<\/div><div class='evo_metarow_time_location evorow bordb '>\n\t\t\t\t\t\t<div class='tb' >\n\t\t\t\t\t\t\t<div class='tbrow'>\n\t\t\t\t\t\t\t<div class='evcal_col50 bordr'>\n\t\t\t\t\t\t\t\t<div class='evcal_evdata_row evo_time'>\n\t\t\t\t\t\t\t\t\t<span class='evcal_evdata_icons'><i class='fa fa-clock-o'><\/i><\/span>\n\t\t\t\t\t\t\t\t\t<div class='evcal_evdata_cell'>\t\t\t\t\t\t\t\n\t\t\t\t\t\t\t\t\t\t<h3 class='evo_h3'><span class='evcal_evdata_icons'><i class='fa fa-clock-o'><\/i><\/span>Date<\/h3>\n\t\t\t\t\t\t\t\t\t\t<p>(Sunday) 8:00 am - 9:00 am<\/p>\n\t\t\t\t\t\t\t\t\t<\/div>\n\t\t\t\t\t\t\t\t<\/div>\n\t\t\t\t\t\t\t<\/div><div class='evcal_col50'>\n\t\t\t\t\t\t\t\t<div class='evcal_evdata_row evo_location'>\n\t\t\t\t\t\t\t\t\t<span class='evcal_evdata_icons'><i class='fa fa-map-marker'><\/i><\/span>\n\t\t\t\t\t\t\t\t\t<div class='evcal_evdata_cell' data-loc_tax_id='2946'>\t\t\t\t\t\t\t\n\t\t\t\t\t\t\t\t\t\t<h3 class='evo_h3'><span class='evcal_evdata_icons'><i class='fa fa-map-marker'><\/i><\/span>Location<\/h3><p class='evo_location_name'>Jardin Botanique Marimurtra<\/p><p class='evo_location_address'><\/p>\n\t\t\t\t\t\t\t\t\t<\/div>\n\t\t\t\t\t\t\t\t<\/div>\n\t\t\t\t\t\t\t<\/div><div class='clear'><\/div>\n\t\t\t\t\t\t\t<\/div><\/div>\n\t\t\t\t\t\t<\/div>\t\t\t\t\t\t<div class='evo_metarow_ICS evorow bordb evcal_evdata_row'>\n\t\t\t\t\t\t\t<span class=\"evcal_evdata_icons\"><i class=\"fa fa-calendar\"><\/i><\/span>\n\t\t\t\t\t\t\t<div class='evcal_evdata_cell'>\n\t\t\t\t\t\t\t\t<p><a href=\"https:\/\/www.blanescostabrava.cat\/wp-admin\/admin-ajax.php?action=eventon_ics_download&amp;event_id=234367&amp;sunix=20260524T060000Z&amp;eunix=20260524T070000Z&amp;loca=&amp;locn=Jardin Botanique Marimurtra\" class=\"evo_ics_nCal\" title=\"Add to your calendar\">Calendar<\/a><a href=\"\/\/www.google.com\/calendar\/event?action=TEMPLATE&amp;text=Yoga+%C3%A0+Marimurtra&amp;dates=20260524T060000Z\/20260524T070000Z&amp;details=Yoga+%C3%A0+MarimurtraDATE+%3A+Dimanche+24%2F5HEURE+%3A+8h00+-+9h00LIEU+%3A+Jardin+botanique+Marimurtra&amp;location=Jardin+Botanique+Marimurtra - \" target=\"_blank\" class=\"evo_ics_gCal\" title=\"Add to google calendar\">GoogleCal<\/a><\/p>\t\n\t\t\t\t\t\t\t<\/div>\t\t\t\t\t\t<\/div>\n\t\t\t\t\t\t<\/div><div class='clear end'><\/div><\/div><div id=\"event_234379\" class=\"eventon_list_event evo_eventtop  event hasbgimg\" data-event_id=\"234379\" data-time=\"1779616800-1779666600\" data-colr=\"#206177\" itemscope itemtype='http:\/\/schema.org\/Event' 45><div class=\"evo_boxtop\" style=\"background-image: url(https:\/\/www.blanescostabrava.cat\/wp-content\/uploads\/2018\/04\/ERMITA-SANT-FRANCESC-2.jpg); background-color:#206177;height:200px;\"><\/div><div class=\"evo_event_schema\" style=\"display:none\" ><a itemprop=\"url\" href=\"https:\/\/www.blanescostabrava.cat\/fr\/events\/visite-guidee-route-des-ermitages\/\"><\/a><span itemprop='name'  >Visite guid\u00e9e : Route des Ermitages<\/span><meta itemprop='image' content='https:\/\/www.blanescostabrava.cat\/wp-content\/uploads\/2018\/04\/ERMITA-SANT-FRANCESC-2.jpg' ><\/meta><meta itemprop='description' content='Visite guid\u00e9e : Route des ErmitagesDATE : Dimanche 24HEURE : 10h00LIEU : D\u00e9part de l\u2019Office de tourisme, pla\u00e7a Catalunya s\/n' ><\/meta><meta itemprop='startDate' content='2026-5-24' ><\/meta><meta itemprop='endDate' content='2026-5-24' ><\/meta><meta itemprop='eventStatus' content='on-schedule' ><\/meta><script type=\"application\/ld+json\">{\t\"@context\": \"http:\/\/schema.org\",\n\t\t\t\t\t\t\t  \t\"@type\": \"Event\",\n\t\t\t\t\t\t\t  \t\"name\": \"Visite guid\u00e9e : Route des Ermitages\",\n\t\t\t\t\t\t\t  \t\"startDate\": \"2026-5-24T10-10-00-00\",\n\t\t\t\t\t\t\t  \t\"endDate\": \"2026-5-24T23-23-50-00\",\n\t\t\t\t\t\t\t  \t\"image\":\"https:\/\/www.blanescostabrava.cat\/wp-content\/uploads\/2018\/04\/ERMITA-SANT-FRANCESC-2-300x200.jpg\",\n\t\t\t\t\t\t\t  \t\"description\":\"Visite guid\u00e9e : Route des ErmitagesDATE : Dimanche 24HEURE : 10h00LIEU : D\u00e9part de l\u2019Office de tourisme, pla\u00e7a Catalunya s\/n\",\n\t\t\t\t\t\t\t  \t\n\t\t\t\t\t\t\t }<\/script><\/div>\n\t\t\t\t<p class=\"desc_trig_outter\"><a data-gmap_status=\"null\" data-exlk=\"0\" style=\"border-color: #206177;padding-top: 215px;height: 310px;\" id=\"evc_1779616800234379\" class=\"desc_trig sin_val evcal_list_a\" data-ux_val=\"3\"  ><span class='event-img'><img src='https:\/\/www.blanescostabrava.cat\/wp-content\/uploads\/2018\/04\/ERMITA-SANT-FRANCESC-2.jpg'><\/span><span class='evcal_cblock ' data-bgcolor='#206177' data-smon='mai' data-syr='2026'><span class='evo_start '><em class='date'>24<\/em><em class='month'>mai<\/em><em class='time'>10:00 am<\/em><\/span><em class='clear'><\/em><\/span><span class='evcal_desc evo_info hide_eventtopdata '  data-location_status=\"false\" ><span class='evo_above_title'><\/span><span class='evcal_desc2 evcal_event_title' itemprop='name'>Visite guid\u00e9e : Route des Ermitages<\/span><span class='evo_below_title'><\/span><span class='evcal_desc_info' ><\/span><span class='evcal_desc3'><\/span><\/span><em class='clear'><\/em><\/p><\/a><div class='event_description evcal_eventcard ' style=\"display:none\"><div class='evo_metarow_directimg'><img src='https:\/\/www.blanescostabrava.cat\/wp-content\/uploads\/2018\/04\/ERMITA-SANT-FRANCESC-2.jpg' \/><\/div><div class='evo_metarow_details evorow evcal_evdata_row bordb evcal_event_details'>\n\t\t\t\t\t\t\t<div class=\"event_excerpt\" style=\"display:none\"><h3 class=\"padb5 evo_h3\">Description<\/h3><p>Visite guid\u00e9e : Route des ErmitagesDATE : Dimanche 24HEURE : 10h00LIEU : D\u00e9part de l\u2019Office de tourisme, pla\u00e7a Catalunya s\/n<\/p><\/div><span class='evcal_evdata_icons'><i class='fa fa-align-justify'><\/i><\/span>\n\t\t\t\t\t\t\t\n\t\t\t\t\t\t\t<div class='evcal_evdata_cell '><div class='eventon_full_description'>\n\t\t\t\t\t\t\t\t\t<h3 class='padb5 evo_h3'><span class='evcal_evdata_icons'><i class='fa fa-align-justify'><\/i><\/span>Description<\/h3><div class='eventon_desc_in' itemprop='description'>\n\t\t\t\t\t\t\t\t\t<p>Visite guid\u00e9e : Route des Ermitages<br data-start=\"3724\" data-end=\"3727\" \/>DATE : Dimanche 24<br data-start=\"3745\" data-end=\"3748\" \/>HEURE : 10h00<br data-start=\"3761\" data-end=\"3764\" \/>LIEU : D\u00e9part de l\u2019Office de tourisme, pla\u00e7a Catalunya s\/n<br data-start=\"3822\" data-end=\"3825\" \/>Visite guid\u00e9e de la Route des Ermitages. Il est recommand\u00e9 de porter des chaussures confortables. Places gratuites avec inscription pr\u00e9alable \u00e0 <a class=\"decorated-link cursor-pointer\" rel=\"noopener\" data-start=\"3983\" data-end=\"4001\">turisme@blanes.cat<\/a> ou par t\u00e9l\u00e9phone au 972 33 03 48.<\/p>\n<\/div><div class='clear'><\/div>\n\t\t\t\t\t\t\t\t<\/div>\n\t\t\t\t\t\t\t<\/div>\n\t\t\t\t\t\t<\/div><div class='evo_metarow_time_location evorow bordb '>\n\t\t\t\t\t\t<div class='tb' >\n\t\t\t\t\t\t\t<div class='tbrow'>\n\t\t\t\t\t\t\t<div class='evcal_col50 bordr'>\n\t\t\t\t\t\t\t\t<div class='evcal_evdata_row evo_time'>\n\t\t\t\t\t\t\t\t\t<span class='evcal_evdata_icons'><i class='fa fa-clock-o'><\/i><\/span>\n\t\t\t\t\t\t\t\t\t<div class='evcal_evdata_cell'>\t\t\t\t\t\t\t\n\t\t\t\t\t\t\t\t\t\t<h3 class='evo_h3'><span class='evcal_evdata_icons'><i class='fa fa-clock-o'><\/i><\/span>Date<\/h3>\n\t\t\t\t\t\t\t\t\t\t<p>(Sunday) 10:00 am<\/p>\n\t\t\t\t\t\t\t\t\t<\/div>\n\t\t\t\t\t\t\t\t<\/div>\n\t\t\t\t\t\t\t<\/div><div class='evcal_col50'>\n\t\t\t\t\t\t\t\t<div class='evcal_evdata_row evo_location'>\n\t\t\t\t\t\t\t\t\t<span class='evcal_evdata_icons'><i class='fa fa-map-marker'><\/i><\/span>\n\t\t\t\t\t\t\t\t\t<div class='evcal_evdata_cell' data-loc_tax_id='5801'>\t\t\t\t\t\t\t\n\t\t\t\t\t\t\t\t\t\t<h3 class='evo_h3'><span class='evcal_evdata_icons'><i class='fa fa-map-marker'><\/i><\/span>Location<\/h3><p class='evo_location_name'>D\u00e9part: OT Place de Catalogne s\/n<\/p><p class='evo_location_address'><\/p>\n\t\t\t\t\t\t\t\t\t<\/div>\n\t\t\t\t\t\t\t\t<\/div>\n\t\t\t\t\t\t\t<\/div><div class='clear'><\/div>\n\t\t\t\t\t\t\t<\/div><\/div>\n\t\t\t\t\t\t<\/div>\t\t\t\t\t\t<div class='evo_metarow_ICS evorow bordb evcal_evdata_row'>\n\t\t\t\t\t\t\t<span class=\"evcal_evdata_icons\"><i class=\"fa fa-calendar\"><\/i><\/span>\n\t\t\t\t\t\t\t<div class='evcal_evdata_cell'>\n\t\t\t\t\t\t\t\t<p><a href=\"https:\/\/www.blanescostabrava.cat\/wp-admin\/admin-ajax.php?action=eventon_ics_download&amp;event_id=234379&amp;sunix=20260524T080000Z&amp;eunix=20260524T215000Z&amp;loca=&amp;locn=D\u00e9part: OT Place de Catalogne s\/n\" class=\"evo_ics_nCal\" title=\"Add to your calendar\">Calendar<\/a><a href=\"\/\/www.google.com\/calendar\/event?action=TEMPLATE&amp;text=Visite+guid%C3%A9e+%3A+Route+des+Ermitages&amp;dates=20260524T080000Z\/20260524T215000Z&amp;details=Visite+guid%C3%A9e+%3A+Route+des+ErmitagesDATE+%3A+Dimanche+24HEURE+%3A+10h00LIEU+%3A+D%C3%A9part+de+l%E2%80%99Office+de+tourisme%2C+pla%C3%A7a+Catalunya+s%2Fn&amp;location=D%C3%A9part%3A+OT+Place+de+Catalogne+s%2Fn - \" target=\"_blank\" class=\"evo_ics_gCal\" title=\"Add to google calendar\">GoogleCal<\/a><\/p>\t\n\t\t\t\t\t\t\t<\/div>\t\t\t\t\t\t<\/div>\n\t\t\t\t\t\t<\/div><div class='clear end'><\/div><\/div><div id=\"event_234391\" class=\"eventon_list_event evo_eventtop  event hasbgimg\" data-event_id=\"234391\" data-time=\"1779622200-1779627600\" data-colr=\"#206177\" itemscope itemtype='http:\/\/schema.org\/Event' 46><div class=\"evo_boxtop\" style=\"background-image: url(https:\/\/www.blanescostabrava.cat\/wp-content\/uploads\/2018\/04\/MARIMURTRA-15.jpg); background-color:#206177;height:200px;\"><\/div><div class=\"evo_event_schema\" style=\"display:none\" ><a itemprop=\"url\" href=\"https:\/\/www.blanescostabrava.cat\/fr\/events\/degustation-saisonniere-et-visite-de-la-maison-carl-faust\/\"><\/a><span itemprop='name'  >D\u00e9gustation saisonni\u00e8re et visite de la maison Carl Faust<\/span><meta itemprop='image' content='https:\/\/www.blanescostabrava.cat\/wp-content\/uploads\/2018\/04\/MARIMURTRA-15.jpg' ><\/meta><meta itemprop='description' content='D\u00e9gustation saisonni\u00e8re et visite de la maison Carl FaustDATE : Dimanche 24HEURE : De 11h30 \u00e0 13h00LIEU : Jardin botanique Marimurtra' ><\/meta><meta itemprop='startDate' content='2026-5-24' ><\/meta><meta itemprop='endDate' content='2026-5-24' ><\/meta><meta itemprop='eventStatus' content='on-schedule' ><\/meta><script type=\"application\/ld+json\">{\t\"@context\": \"http:\/\/schema.org\",\n\t\t\t\t\t\t\t  \t\"@type\": \"Event\",\n\t\t\t\t\t\t\t  \t\"name\": \"D\u00e9gustation saisonni\u00e8re et visite de la maison Carl Faust\",\n\t\t\t\t\t\t\t  \t\"startDate\": \"2026-5-24T11-11-30-00\",\n\t\t\t\t\t\t\t  \t\"endDate\": \"2026-5-24T13-13-00-00\",\n\t\t\t\t\t\t\t  \t\"image\":\"https:\/\/www.blanescostabrava.cat\/wp-content\/uploads\/2018\/04\/MARIMURTRA-15-300x200.jpg\",\n\t\t\t\t\t\t\t  \t\"description\":\"D\u00e9gustation saisonni\u00e8re et visite de la maison Carl FaustDATE : Dimanche 24HEURE : De 11h30 \u00e0 13h00LIEU : Jardin botanique Marimurtra\",\n\t\t\t\t\t\t\t  \t\n\t\t\t\t\t\t\t }<\/script><\/div>\n\t\t\t\t<p class=\"desc_trig_outter\"><a data-gmap_status=\"null\" data-exlk=\"0\" style=\"border-color: #206177;padding-top: 215px;height: 310px;\" id=\"evc_1779622200234391\" class=\"desc_trig sin_val evcal_list_a\" data-ux_val=\"3\"  ><span class='event-img'><img src='https:\/\/www.blanescostabrava.cat\/wp-content\/uploads\/2018\/04\/MARIMURTRA-15.jpg'><\/span><span class='evcal_cblock ' data-bgcolor='#206177' data-smon='mai' data-syr='2026'><span class='evo_start '><em class='date'>24<\/em><em class='month'>mai<\/em><em class='time'>11:30 am<\/em><\/span><span class='evo_end only_time'><em class='time'>1:00 pm<\/em><\/span><em class='clear'><\/em><\/span><span class='evcal_desc evo_info hide_eventtopdata '  data-location_status=\"false\" ><span class='evo_above_title'><\/span><span class='evcal_desc2 evcal_event_title' itemprop='name'>D\u00e9gustation saisonni\u00e8re et visite de la maison Carl Faust<\/span><span class='evo_below_title'><\/span><span class='evcal_desc_info' ><\/span><span class='evcal_desc3'><\/span><\/span><em class='clear'><\/em><\/p><\/a><div class='event_description evcal_eventcard ' style=\"display:none\"><div class='evo_metarow_directimg'><img src='https:\/\/www.blanescostabrava.cat\/wp-content\/uploads\/2018\/04\/MARIMURTRA-15.jpg' \/><\/div><div class='evo_metarow_details evorow evcal_evdata_row bordb evcal_event_details'>\n\t\t\t\t\t\t\t<div class=\"event_excerpt\" style=\"display:none\"><h3 class=\"padb5 evo_h3\">Description<\/h3><p>D\u00e9gustation saisonni\u00e8re et visite de la maison Carl FaustDATE : Dimanche 24HEURE : De 11h30 \u00e0 13h00LIEU : Jardin botanique Marimurtra<\/p><\/div><span class='evcal_evdata_icons'><i class='fa fa-align-justify'><\/i><\/span>\n\t\t\t\t\t\t\t\n\t\t\t\t\t\t\t<div class='evcal_evdata_cell '><div class='eventon_full_description'>\n\t\t\t\t\t\t\t\t\t<h3 class='padb5 evo_h3'><span class='evcal_evdata_icons'><i class='fa fa-align-justify'><\/i><\/span>Description<\/h3><div class='eventon_desc_in' itemprop='description'>\n\t\t\t\t\t\t\t\t\t<p>D\u00e9gustation saisonni\u00e8re et visite de la maison Carl Faust<br data-start=\"4919\" data-end=\"4922\" \/>DATE : Dimanche 24<br data-start=\"4940\" data-end=\"4943\" \/>HEURE : De 11h30 \u00e0 13h00<br data-start=\"4967\" data-end=\"4970\" \/>LIEU : Jardin botanique Marimurtra<\/p>\n<\/div><div class='clear'><\/div>\n\t\t\t\t\t\t\t\t<\/div>\n\t\t\t\t\t\t\t<\/div>\n\t\t\t\t\t\t<\/div><div class='evo_metarow_time_location evorow bordb '>\n\t\t\t\t\t\t<div class='tb' >\n\t\t\t\t\t\t\t<div class='tbrow'>\n\t\t\t\t\t\t\t<div class='evcal_col50 bordr'>\n\t\t\t\t\t\t\t\t<div class='evcal_evdata_row evo_time'>\n\t\t\t\t\t\t\t\t\t<span class='evcal_evdata_icons'><i class='fa fa-clock-o'><\/i><\/span>\n\t\t\t\t\t\t\t\t\t<div class='evcal_evdata_cell'>\t\t\t\t\t\t\t\n\t\t\t\t\t\t\t\t\t\t<h3 class='evo_h3'><span class='evcal_evdata_icons'><i class='fa fa-clock-o'><\/i><\/span>Date<\/h3>\n\t\t\t\t\t\t\t\t\t\t<p>(Sunday) 11:30 am - 1:00 pm<\/p>\n\t\t\t\t\t\t\t\t\t<\/div>\n\t\t\t\t\t\t\t\t<\/div>\n\t\t\t\t\t\t\t<\/div><div class='evcal_col50'>\n\t\t\t\t\t\t\t\t<div class='evcal_evdata_row evo_location'>\n\t\t\t\t\t\t\t\t\t<span class='evcal_evdata_icons'><i class='fa fa-map-marker'><\/i><\/span>\n\t\t\t\t\t\t\t\t\t<div class='evcal_evdata_cell' data-loc_tax_id='3716'>\t\t\t\t\t\t\t\n\t\t\t\t\t\t\t\t\t\t<h3 class='evo_h3'><span class='evcal_evdata_icons'><i class='fa fa-map-marker'><\/i><\/span>Location<\/h3><p class='evo_location_name'>Jardin botanique de Marimurtra<\/p><p class='evo_location_address'><\/p>\n\t\t\t\t\t\t\t\t\t<\/div>\n\t\t\t\t\t\t\t\t<\/div>\n\t\t\t\t\t\t\t<\/div><div class='clear'><\/div>\n\t\t\t\t\t\t\t<\/div><\/div>\n\t\t\t\t\t\t<\/div>\t\t\t\t\t\t<div class='evo_metarow_ICS evorow bordb evcal_evdata_row'>\n\t\t\t\t\t\t\t<span class=\"evcal_evdata_icons\"><i class=\"fa fa-calendar\"><\/i><\/span>\n\t\t\t\t\t\t\t<div class='evcal_evdata_cell'>\n\t\t\t\t\t\t\t\t<p><a href=\"https:\/\/www.blanescostabrava.cat\/wp-admin\/admin-ajax.php?action=eventon_ics_download&amp;event_id=234391&amp;sunix=20260524T093000Z&amp;eunix=20260524T110000Z&amp;loca=&amp;locn=Jardin botanique de Marimurtra\" class=\"evo_ics_nCal\" title=\"Add to your calendar\">Calendar<\/a><a href=\"\/\/www.google.com\/calendar\/event?action=TEMPLATE&amp;text=D%C3%A9gustation+saisonni%C3%A8re+et+visite+de+la+maison+Carl+Faust&amp;dates=20260524T093000Z\/20260524T110000Z&amp;details=D%C3%A9gustation+saisonni%C3%A8re+et+visite+de+la+maison+Carl+FaustDATE+%3A+Dimanche+24HEURE+%3A+De+11h30+%C3%A0+13h00LIEU+%3A+Jardin+botanique+Marimurtra&amp;location=Jardin+botanique+de+Marimurtra - \" target=\"_blank\" class=\"evo_ics_gCal\" title=\"Add to google calendar\">GoogleCal<\/a><\/p>\t\n\t\t\t\t\t\t\t<\/div>\t\t\t\t\t\t<\/div>\n\t\t\t\t\t\t<\/div><div class='clear end'><\/div><\/div><div id=\"event_234424\" class=\"eventon_list_event evo_eventtop  event hasbgimg\" data-event_id=\"234424\" data-time=\"1779642000-1779666600\" data-colr=\"#206177\" itemscope itemtype='http:\/\/schema.org\/Event' 47><div class=\"evo_boxtop\" style=\"background-image: url(https:\/\/www.blanescostabrava.cat\/wp-content\/uploads\/2026\/05\/cartellcasadelmar.webp-1131x1600-1.webp); background-color:#206177;height:200px;\"><\/div><div class=\"evo_event_schema\" style=\"display:none\" ><a itemprop=\"url\" href=\"https:\/\/www.blanescostabrava.cat\/fr\/events\/festival-de-musique-casa-del-mar-festival26\/\"><\/a><span itemprop='name'  >Festival de musique Casa del Mar-Festival\u201926<\/span><meta itemprop='image' content='https:\/\/www.blanescostabrava.cat\/wp-content\/uploads\/2026\/05\/cartellcasadelmar.webp-1131x1600-1.webp' ><\/meta><meta itemprop='description' content='Festival de musique Casa del Mar-Festival\u201926DATE : Dimanche 24HEURE : 17h00LIEU : Teatre de BlanesDESCRIPTION : Festival de' ><\/meta><meta itemprop='startDate' content='2026-5-24' ><\/meta><meta itemprop='endDate' content='2026-5-24' ><\/meta><meta itemprop='eventStatus' content='on-schedule' ><\/meta><script type=\"application\/ld+json\">{\t\"@context\": \"http:\/\/schema.org\",\n\t\t\t\t\t\t\t  \t\"@type\": \"Event\",\n\t\t\t\t\t\t\t  \t\"name\": \"Festival de musique Casa del Mar-Festival\u201926\",\n\t\t\t\t\t\t\t  \t\"startDate\": \"2026-5-24T17-17-00-00\",\n\t\t\t\t\t\t\t  \t\"endDate\": \"2026-5-24T23-23-50-00\",\n\t\t\t\t\t\t\t  \t\"image\":\"https:\/\/www.blanescostabrava.cat\/wp-content\/uploads\/2026\/05\/cartellcasadelmar.webp-1131x1600-1-212x300.webp\",\n\t\t\t\t\t\t\t  \t\"description\":\"Festival de musique Casa del Mar-Festival\u201926DATE : Dimanche 24HEURE : 17h00LIEU : Teatre de BlanesDESCRIPTION : Festival de\",\n\t\t\t\t\t\t\t  \t\n\t\t\t\t\t\t\t }<\/script><\/div>\n\t\t\t\t<p class=\"desc_trig_outter\"><a data-gmap_status=\"null\" data-exlk=\"0\" style=\"border-color: #206177;padding-top: 215px;height: 310px;\" id=\"evc_1779642000234424\" class=\"desc_trig sin_val evcal_list_a\" data-ux_val=\"3\"  ><span class='event-img'><img src='https:\/\/www.blanescostabrava.cat\/wp-content\/uploads\/2026\/05\/cartellcasadelmar.webp-1131x1600-1.webp'><\/span><span class='evcal_cblock ' data-bgcolor='#206177' data-smon='mai' data-syr='2026'><span class='evo_start '><em class='date'>24<\/em><em class='month'>mai<\/em><em class='time'>5:00 pm<\/em><\/span><em class='clear'><\/em><\/span><span class='evcal_desc evo_info hide_eventtopdata '  data-location_status=\"false\" ><span class='evo_above_title'><\/span><span class='evcal_desc2 evcal_event_title' itemprop='name'>Festival de musique Casa del Mar-Festival\u201926<\/span><span class='evo_below_title'><\/span><span class='evcal_desc_info' ><\/span><span class='evcal_desc3'><\/span><\/span><em class='clear'><\/em><\/p><\/a><div class='event_description evcal_eventcard ' style=\"display:none\"><div class='evo_metarow_directimg'><img src='https:\/\/www.blanescostabrava.cat\/wp-content\/uploads\/2026\/05\/cartellcasadelmar.webp-1131x1600-1.webp' \/><\/div><div class='evo_metarow_details evorow evcal_evdata_row bordb evcal_event_details'>\n\t\t\t\t\t\t\t<div class=\"event_excerpt\" style=\"display:none\"><h3 class=\"padb5 evo_h3\">Description<\/h3><p>Festival de musique Casa del Mar-Festival\u201926DATE : Dimanche 24HEURE : 17h00LIEU : Teatre de BlanesDESCRIPTION : Festival de<\/p><\/div><span class='evcal_evdata_icons'><i class='fa fa-align-justify'><\/i><\/span>\n\t\t\t\t\t\t\t\n\t\t\t\t\t\t\t<div class='evcal_evdata_cell shorter_desc'><div class='eventon_details_shading_bot'>\n\t\t\t\t\t\t\t\t<p class='eventon_shad_p' content='less'><span class='ev_more_text' data-txt='less'>more<\/span><span class='ev_more_arrow'><\/span><\/p>\n\t\t\t\t\t\t\t<\/div><div class='eventon_full_description'>\n\t\t\t\t\t\t\t\t\t<h3 class='padb5 evo_h3'><span class='evcal_evdata_icons'><i class='fa fa-align-justify'><\/i><\/span>Description<\/h3><div class='eventon_desc_in' itemprop='description'>\n\t\t\t\t\t\t\t\t\t<p>Festival de musique Casa del Mar-Festival\u201926<br data-start=\"6086\" data-end=\"6089\" \/>DATE : Dimanche 24<br data-start=\"6107\" data-end=\"6110\" \/>HEURE : 17h00<br data-start=\"6123\" data-end=\"6126\" \/>LIEU : Teatre de Blanes<br data-start=\"6149\" data-end=\"6152\" \/>DESCRIPTION : Festival de musique Casa del Mar-Festival\u201926. Vente des billets \u00e0 partir du 4 mai, du lundi au vendredi de 16h00 \u00e0 18h00 \u00e0 la Casa del Mar, ou \u00e0 la billetterie du th\u00e9\u00e2tre 30 minutes avant le spectacle. Prix : 3 \u20ac.<\/p>\n<p><img class=\"alignnone size-large wp-image-234406\" src=\"https:\/\/www.blanescostabrava.cat\/wp-content\/uploads\/2026\/05\/cartellcasadelmar.webp-1131x1600-1-724x1024.webp\" alt=\"\" width=\"724\" height=\"1024\" srcset=\"https:\/\/www.blanescostabrava.cat\/wp-content\/uploads\/2026\/05\/cartellcasadelmar.webp-1131x1600-1-724x1024.webp 724w, https:\/\/www.blanescostabrava.cat\/wp-content\/uploads\/2026\/05\/cartellcasadelmar.webp-1131x1600-1-212x300.webp 212w, https:\/\/www.blanescostabrava.cat\/wp-content\/uploads\/2026\/05\/cartellcasadelmar.webp-1131x1600-1-106x150.webp 106w, https:\/\/www.blanescostabrava.cat\/wp-content\/uploads\/2026\/05\/cartellcasadelmar.webp-1131x1600-1-768x1086.webp 768w, https:\/\/www.blanescostabrava.cat\/wp-content\/uploads\/2026\/05\/cartellcasadelmar.webp-1131x1600-1-1086x1536.webp 1086w, https:\/\/www.blanescostabrava.cat\/wp-content\/uploads\/2026\/05\/cartellcasadelmar.webp-1131x1600-1-17x24.webp 17w, https:\/\/www.blanescostabrava.cat\/wp-content\/uploads\/2026\/05\/cartellcasadelmar.webp-1131x1600-1-25x36.webp 25w, https:\/\/www.blanescostabrava.cat\/wp-content\/uploads\/2026\/05\/cartellcasadelmar.webp-1131x1600-1-34x48.webp 34w, https:\/\/www.blanescostabrava.cat\/wp-content\/uploads\/2026\/05\/cartellcasadelmar.webp-1131x1600-1.webp 1131w\" sizes=\"(max-width: 724px) 100vw, 724px\" \/><\/p>\n<\/div><div class='clear'><\/div>\n\t\t\t\t\t\t\t\t<\/div>\n\t\t\t\t\t\t\t<\/div>\n\t\t\t\t\t\t<\/div><div class='evo_metarow_time_location evorow bordb '>\n\t\t\t\t\t\t<div class='tb' >\n\t\t\t\t\t\t\t<div class='tbrow'>\n\t\t\t\t\t\t\t<div class='evcal_col50 bordr'>\n\t\t\t\t\t\t\t\t<div class='evcal_evdata_row evo_time'>\n\t\t\t\t\t\t\t\t\t<span class='evcal_evdata_icons'><i class='fa fa-clock-o'><\/i><\/span>\n\t\t\t\t\t\t\t\t\t<div class='evcal_evdata_cell'>\t\t\t\t\t\t\t\n\t\t\t\t\t\t\t\t\t\t<h3 class='evo_h3'><span class='evcal_evdata_icons'><i class='fa fa-clock-o'><\/i><\/span>Date<\/h3>\n\t\t\t\t\t\t\t\t\t\t<p>(Sunday) 5:00 pm<\/p>\n\t\t\t\t\t\t\t\t\t<\/div>\n\t\t\t\t\t\t\t\t<\/div>\n\t\t\t\t\t\t\t<\/div><div class='evcal_col50'>\n\t\t\t\t\t\t\t\t<div class='evcal_evdata_row evo_location'>\n\t\t\t\t\t\t\t\t\t<span class='evcal_evdata_icons'><i class='fa fa-map-marker'><\/i><\/span>\n\t\t\t\t\t\t\t\t\t<div class='evcal_evdata_cell' data-loc_tax_id='3728'>\t\t\t\t\t\t\t\n\t\t\t\t\t\t\t\t\t\t<h3 class='evo_h3'><span class='evcal_evdata_icons'><i class='fa fa-map-marker'><\/i><\/span>Location<\/h3><p class='evo_location_name'>Th\u00e9\u00e2tre Blanes<\/p><p class='evo_location_address'><\/p>\n\t\t\t\t\t\t\t\t\t<\/div>\n\t\t\t\t\t\t\t\t<\/div>\n\t\t\t\t\t\t\t<\/div><div class='clear'><\/div>\n\t\t\t\t\t\t\t<\/div><\/div>\n\t\t\t\t\t\t<\/div>\t\t\t\t\t\t<div class='evo_metarow_ICS evorow bordb evcal_evdata_row'>\n\t\t\t\t\t\t\t<span class=\"evcal_evdata_icons\"><i class=\"fa fa-calendar\"><\/i><\/span>\n\t\t\t\t\t\t\t<div class='evcal_evdata_cell'>\n\t\t\t\t\t\t\t\t<p><a href=\"https:\/\/www.blanescostabrava.cat\/wp-admin\/admin-ajax.php?action=eventon_ics_download&amp;event_id=234424&amp;sunix=20260524T150000Z&amp;eunix=20260524T215000Z&amp;loca=&amp;locn=Th\u00e9\u00e2tre Blanes\" class=\"evo_ics_nCal\" title=\"Add to your calendar\">Calendar<\/a><a href=\"\/\/www.google.com\/calendar\/event?action=TEMPLATE&amp;text=Festival+de+musique+Casa+del+Mar-Festival%E2%80%9926&amp;dates=20260524T150000Z\/20260524T215000Z&amp;details=Festival+de+musique+Casa+del+Mar-Festival%E2%80%9926DATE+%3A+Dimanche+24HEURE+%3A+17h00LIEU+%3A+Teatre+de+BlanesDESCRIPTION+%3A+Festival+de&amp;location=Th%C3%A9%C3%A2tre+Blanes - \" target=\"_blank\" class=\"evo_ics_gCal\" title=\"Add to google calendar\">GoogleCal<\/a><\/p>\t\n\t\t\t\t\t\t\t<\/div>\t\t\t\t\t\t<\/div>\n\t\t\t\t\t\t<\/div><div class='clear end'><\/div><\/div><div id=\"event_234436\" class=\"eventon_list_event evo_eventtop  event hasbgimg\" data-event_id=\"234436\" data-time=\"1779753601-1780099199\" data-colr=\"#206177\" itemscope itemtype='http:\/\/schema.org\/Event' 48><div class=\"evo_boxtop\" style=\"background-image: url(https:\/\/www.blanescostabrava.cat\/wp-content\/uploads\/2019\/03\/0.194OpenElementFieldElemFormatjpg.jpg); background-color:#206177;height:200px;\"><\/div><div class=\"evo_event_schema\" style=\"display:none\" ><a itemprop=\"url\" href=\"https:\/\/www.blanescostabrava.cat\/fr\/events\/trophee-de-pentecote-de-football-komm-mit\/\"><\/a><span itemprop='name'  >Troph\u00e9e de Pentec\u00f4te de football Komm mit<\/span><meta itemprop='image' content='https:\/\/www.blanescostabrava.cat\/wp-content\/uploads\/2019\/03\/0.194OpenElementFieldElemFormatjpg.jpg' ><\/meta><meta itemprop='description' content='Troph\u00e9e de Pentec\u00f4te de football Komm mitDATE : Mardi 26, mercredi 27, jeudi 28 et vendredi 29HEURE : Non indiqu\u00e9eLIEU :' ><\/meta><meta itemprop='startDate' content='2026-5-26' ><\/meta><meta itemprop='endDate' content='2026-5-29' ><\/meta><meta itemprop='eventStatus' content='on-schedule' ><\/meta><script type=\"application\/ld+json\">{\t\"@context\": \"http:\/\/schema.org\",\n\t\t\t\t\t\t\t  \t\"@type\": \"Event\",\n\t\t\t\t\t\t\t  \t\"name\": \"Troph\u00e9e de Pentec\u00f4te de football Komm mit\",\n\t\t\t\t\t\t\t  \t\"startDate\": \"2026-5-26T00-00-00-00\",\n\t\t\t\t\t\t\t  \t\"endDate\": \"2026-5-29T23-23-59-00\",\n\t\t\t\t\t\t\t  \t\"image\":\"https:\/\/www.blanescostabrava.cat\/wp-content\/uploads\/2019\/03\/0.194OpenElementFieldElemFormatjpg-300x146.jpg\",\n\t\t\t\t\t\t\t  \t\"description\":\"Troph\u00e9e de Pentec\u00f4te de football Komm mitDATE : Mardi 26, mercredi 27, jeudi 28 et vendredi 29HEURE : Non indiqu\u00e9eLIEU :\",\n\t\t\t\t\t\t\t  \t\n\t\t\t\t\t\t\t }<\/script><\/div>\n\t\t\t\t<p class=\"desc_trig_outter\"><a data-gmap_status=\"null\" data-exlk=\"0\" style=\"border-color: #206177;padding-top: 215px;height: 310px;\" id=\"evc_1779753601234436\" class=\"desc_trig mul_val evcal_list_a\" data-ux_val=\"3\"  ><span class='event-img'><img src='https:\/\/www.blanescostabrava.cat\/wp-content\/uploads\/2019\/03\/0.194OpenElementFieldElemFormatjpg.jpg'><\/span><span class='evcal_cblock ' data-bgcolor='#206177' data-smon='mai' data-syr='2026'><span class='evo_start '><em class='date'>26<\/em><em class='month'>mai<\/em><em class='time'>allday<\/em><\/span><span class='evo_end '><em class='date'>29<\/em><\/span><em class='clear'><\/em><\/span><span class='evcal_desc evo_info hide_eventtopdata '  data-location_status=\"false\" ><span class='evo_above_title'><\/span><span class='evcal_desc2 evcal_event_title' itemprop='name'>Troph\u00e9e de Pentec\u00f4te de football Komm mit<\/span><span class='evo_below_title'><\/span><span class='evcal_desc_info' ><\/span><span class='evcal_desc3'><\/span><\/span><em class='clear'><\/em><\/p><\/a><div class='event_description evcal_eventcard ' style=\"display:none\"><div class='evo_metarow_directimg'><img src='https:\/\/www.blanescostabrava.cat\/wp-content\/uploads\/2019\/03\/0.194OpenElementFieldElemFormatjpg.jpg' alt=\"kommit futbol\"\/><\/div><div class='evo_metarow_details evorow evcal_evdata_row bordb evcal_event_details'>\n\t\t\t\t\t\t\t<div class=\"event_excerpt\" style=\"display:none\"><h3 class=\"padb5 evo_h3\">Description<\/h3><p>Troph\u00e9e de Pentec\u00f4te de football Komm mitDATE : Mardi 26, mercredi 27, jeudi 28 et vendredi 29HEURE : Non indiqu\u00e9eLIEU :<\/p><\/div><span class='evcal_evdata_icons'><i class='fa fa-align-justify'><\/i><\/span>\n\t\t\t\t\t\t\t\n\t\t\t\t\t\t\t<div class='evcal_evdata_cell '><div class='eventon_full_description'>\n\t\t\t\t\t\t\t\t\t<h3 class='padb5 evo_h3'><span class='evcal_evdata_icons'><i class='fa fa-align-justify'><\/i><\/span>Description<\/h3><div class='eventon_desc_in' itemprop='description'>\n\t\t\t\t\t\t\t\t\t<p>Troph\u00e9e de Pentec\u00f4te de football Komm mit<br data-start=\"7191\" data-end=\"7194\" \/>DATE : Mardi 26, mercredi 27, jeudi 28 et vendredi 29<br data-start=\"7247\" data-end=\"7250\" \/>HEURE : Non indiqu\u00e9e<br data-start=\"7270\" data-end=\"7273\" \/>LIEU : Ciutat Esportiva<\/p>\n<\/div><div class='clear'><\/div>\n\t\t\t\t\t\t\t\t<\/div>\n\t\t\t\t\t\t\t<\/div>\n\t\t\t\t\t\t<\/div><div class='evo_metarow_time_location evorow bordb '>\n\t\t\t\t\t\t<div class='tb' >\n\t\t\t\t\t\t\t<div class='tbrow'>\n\t\t\t\t\t\t\t<div class='evcal_col50 bordr'>\n\t\t\t\t\t\t\t\t<div class='evcal_evdata_row evo_time'>\n\t\t\t\t\t\t\t\t\t<span class='evcal_evdata_icons'><i class='fa fa-clock-o'><\/i><\/span>\n\t\t\t\t\t\t\t\t\t<div class='evcal_evdata_cell'>\t\t\t\t\t\t\t\n\t\t\t\t\t\t\t\t\t\t<h3 class='evo_h3'><span class='evcal_evdata_icons'><i class='fa fa-clock-o'><\/i><\/span>Date<\/h3>\n\t\t\t\t\t\t\t\t\t\t<p>mai 26 (Tuesday) - 29 (Friday)<\/p>\n\t\t\t\t\t\t\t\t\t<\/div>\n\t\t\t\t\t\t\t\t<\/div>\n\t\t\t\t\t\t\t<\/div><div class='evcal_col50'>\n\t\t\t\t\t\t\t\t<div class='evcal_evdata_row evo_location'>\n\t\t\t\t\t\t\t\t\t<span class='evcal_evdata_icons'><i class='fa fa-map-marker'><\/i><\/span>\n\t\t\t\t\t\t\t\t\t<div class='evcal_evdata_cell' data-loc_tax_id='2865'>\t\t\t\t\t\t\t\n\t\t\t\t\t\t\t\t\t\t<h3 class='evo_h3'><span class='evcal_evdata_icons'><i class='fa fa-map-marker'><\/i><\/span>Location<\/h3><p class='evo_location_name'>Cit\u00e9 Sportive<\/p><p class='evo_location_address'><\/p>\n\t\t\t\t\t\t\t\t\t<\/div>\n\t\t\t\t\t\t\t\t<\/div>\n\t\t\t\t\t\t\t<\/div><div class='clear'><\/div>\n\t\t\t\t\t\t\t<\/div><\/div>\n\t\t\t\t\t\t<\/div>\t\t\t\t\t\t<div class='evo_metarow_ICS evorow bordb evcal_evdata_row'>\n\t\t\t\t\t\t\t<span class=\"evcal_evdata_icons\"><i class=\"fa fa-calendar\"><\/i><\/span>\n\t\t\t\t\t\t\t<div class='evcal_evdata_cell'>\n\t\t\t\t\t\t\t\t<p><a href=\"https:\/\/www.blanescostabrava.cat\/wp-admin\/admin-ajax.php?action=eventon_ics_download&amp;event_id=234436&amp;sunix=20260525T220000Z&amp;eunix=20260529T215900Z&amp;loca=&amp;locn=Cit\u00e9 Sportive\" class=\"evo_ics_nCal\" title=\"Add to your calendar\">Calendar<\/a><a href=\"\/\/www.google.com\/calendar\/event?action=TEMPLATE&amp;text=Troph%C3%A9e+de+Pentec%C3%B4te+de+football+Komm+mit&amp;dates=20260525T220000Z\/20260529T215900Z&amp;details=Troph%C3%A9e+de+Pentec%C3%B4te+de+football+Komm+mitDATE+%3A+Mardi+26%2C+mercredi+27%2C+jeudi+28+et+vendredi+29HEURE+%3A+Non+indiqu%C3%A9eLIEU+%3A&amp;location=Cit%C3%A9+Sportive - \" target=\"_blank\" class=\"evo_ics_gCal\" title=\"Add to google calendar\">GoogleCal<\/a><\/p>\t\n\t\t\t\t\t\t\t<\/div>\t\t\t\t\t\t<\/div>\n\t\t\t\t\t\t<\/div><div class='clear end'><\/div><\/div><div id=\"event_233794\" class=\"eventon_list_event evo_eventtop  event hasbgimg\" data-event_id=\"233794\" data-time=\"1779786000-1779793200\" data-colr=\"#206177\" itemscope itemtype='http:\/\/schema.org\/Event' 49><div class=\"evo_boxtop\" style=\"background-image: url(https:\/\/www.blanescostabrava.cat\/wp-content\/uploads\/2019\/12\/biblioteca-comarcal.jpg); background-color:#206177;height:200px;\"><\/div><div class=\"evo_event_schema\" style=\"display:none\" ><a itemprop=\"url\" href=\"https:\/\/www.blanescostabrava.cat\/fr\/events\/mirart-introduction-a-lhistoire-de-lart-8\/\"><\/a><span itemprop='name'  >mirART. Introduction \u00e0 l\u2019Histoire de l\u2019Art<\/span><meta itemprop='image' content='https:\/\/www.blanescostabrava.cat\/wp-content\/uploads\/2019\/12\/biblioteca-comarcal.jpg' ><\/meta><meta itemprop='description' content='DATE : mardi 26 mai\r\nHEURE : 09h00\r\nLIEU : Biblioth\u00e8que Roberto Bola\u00f1o\r\nAnim\u00e9 par \u00c0ngela Sagrera.\r\nRencontres un jour par mois. Complet.' ><\/meta><meta itemprop='startDate' content='2026-5-26' ><\/meta><meta itemprop='endDate' content='2026-5-26' ><\/meta><meta itemprop='eventStatus' content='on-schedule' ><\/meta><script type=\"application\/ld+json\">{\t\"@context\": \"http:\/\/schema.org\",\n\t\t\t\t\t\t\t  \t\"@type\": \"Event\",\n\t\t\t\t\t\t\t  \t\"name\": \"mirART. Introduction \u00e0 l\u2019Histoire de l\u2019Art\",\n\t\t\t\t\t\t\t  \t\"startDate\": \"2026-5-26T09-09-00-00\",\n\t\t\t\t\t\t\t  \t\"endDate\": \"2026-5-26T11-11-00-00\",\n\t\t\t\t\t\t\t  \t\"image\":\"https:\/\/www.blanescostabrava.cat\/wp-content\/uploads\/2019\/12\/biblioteca-comarcal-300x194.jpg\",\n\t\t\t\t\t\t\t  \t\"description\":\"DATE : mardi 26 mai\r\nHEURE : 09h00\r\nLIEU : Biblioth\u00e8que Roberto Bola\u00f1o\r\nAnim\u00e9 par \u00c0ngela Sagrera.\r\nRencontres un jour par mois. Complet.\",\n\t\t\t\t\t\t\t  \t\n\t\t\t\t\t\t\t }<\/script><\/div>\n\t\t\t\t<p class=\"desc_trig_outter\"><a data-gmap_status=\"null\" data-exlk=\"0\" style=\"border-color: #206177;padding-top: 215px;height: 310px;\" id=\"evc_1779786000233794\" class=\"desc_trig sin_val evcal_list_a\" data-ux_val=\"3\"  ><span class='event-img'><img src='https:\/\/www.blanescostabrava.cat\/wp-content\/uploads\/2019\/12\/biblioteca-comarcal.jpg'><\/span><span class='evcal_cblock ' data-bgcolor='#206177' data-smon='mai' data-syr='2026'><span class='evo_start '><em class='date'>26<\/em><em class='month'>mai<\/em><em class='time'>9:00 am<\/em><\/span><span class='evo_end only_time'><em class='time'>11:00 am<\/em><\/span><em class='clear'><\/em><\/span><span class='evcal_desc evo_info hide_eventtopdata '  data-location_status=\"false\" ><span class='evo_above_title'><\/span><span class='evcal_desc2 evcal_event_title' itemprop='name'>mirART. Introduction \u00e0 l\u2019Histoire de l\u2019Art<\/span><span class='evo_below_title'><\/span><span class='evcal_desc_info' ><\/span><span class='evcal_desc3'><\/span><\/span><em class='clear'><\/em><\/p><\/a><div class='event_description evcal_eventcard ' style=\"display:none\"><div class='evo_metarow_directimg'><img src='https:\/\/www.blanescostabrava.cat\/wp-content\/uploads\/2019\/12\/biblioteca-comarcal.jpg' alt=\"biblioteca_comarcal_blanes\"\/><\/div><div class='evo_metarow_details evorow evcal_evdata_row bordb evcal_event_details'>\n\t\t\t\t\t\t\t<div class=\"event_excerpt\" style=\"display:none\"><h3 class=\"padb5 evo_h3\">Description<\/h3><p>DATE : mardi 26 mai\r\nHEURE : 09h00\r\nLIEU : Biblioth\u00e8que Roberto Bola\u00f1o\r\nAnim\u00e9 par \u00c0ngela Sagrera.\r\nRencontres un jour par mois. Complet.<\/p><\/div><span class='evcal_evdata_icons'><i class='fa fa-align-justify'><\/i><\/span>\n\t\t\t\t\t\t\t\n\t\t\t\t\t\t\t<div class='evcal_evdata_cell '><div class='eventon_full_description'>\n\t\t\t\t\t\t\t\t\t<h3 class='padb5 evo_h3'><span class='evcal_evdata_icons'><i class='fa fa-align-justify'><\/i><\/span>Description<\/h3><div class='eventon_desc_in' itemprop='description'>\n\t\t\t\t\t\t\t\t\t<p data-start=\"574\" data-end=\"595\">DATE : mardi 26 mai<\/p>\n<p data-start=\"597\" data-end=\"612\">HEURE : 09h00<\/p>\n<p data-start=\"614\" data-end=\"650\">LIEU : Biblioth\u00e8que Roberto Bola\u00f1o<\/p>\n<p data-start=\"652\" data-end=\"679\">Anim\u00e9 par \u00c0ngela Sagrera.<\/p>\n<p data-start=\"681\" data-end=\"720\">Rencontres un jour par mois. Complet.<\/p>\n<\/div><div class='clear'><\/div>\n\t\t\t\t\t\t\t\t<\/div>\n\t\t\t\t\t\t\t<\/div>\n\t\t\t\t\t\t<\/div><div class='evo_metarow_time_location evorow bordb '>\n\t\t\t\t\t\t<div class='tb' >\n\t\t\t\t\t\t\t<div class='tbrow'>\n\t\t\t\t\t\t\t<div class='evcal_col50 bordr'>\n\t\t\t\t\t\t\t\t<div class='evcal_evdata_row evo_time'>\n\t\t\t\t\t\t\t\t\t<span class='evcal_evdata_icons'><i class='fa fa-clock-o'><\/i><\/span>\n\t\t\t\t\t\t\t\t\t<div class='evcal_evdata_cell'>\t\t\t\t\t\t\t\n\t\t\t\t\t\t\t\t\t\t<h3 class='evo_h3'><span class='evcal_evdata_icons'><i class='fa fa-clock-o'><\/i><\/span>Date<\/h3>\n\t\t\t\t\t\t\t\t\t\t<p>(Tuesday) 9:00 am - 11:00 am<\/p>\n\t\t\t\t\t\t\t\t\t<\/div>\n\t\t\t\t\t\t\t\t<\/div>\n\t\t\t\t\t\t\t<\/div><div class='evcal_col50'>\n\t\t\t\t\t\t\t\t<div class='evcal_evdata_row evo_location'>\n\t\t\t\t\t\t\t\t\t<span class='evcal_evdata_icons'><i class='fa fa-map-marker'><\/i><\/span>\n\t\t\t\t\t\t\t\t\t<div class='evcal_evdata_cell' data-loc_tax_id='4568'>\t\t\t\t\t\t\t\n\t\t\t\t\t\t\t\t\t\t<h3 class='evo_h3'><span class='evcal_evdata_icons'><i class='fa fa-map-marker'><\/i><\/span>Location<\/h3><p class='evo_location_name'>Biblioth\u00e8que Roberto Bola\u00f1o<\/p><p class='evo_location_address'><\/p>\n\t\t\t\t\t\t\t\t\t<\/div>\n\t\t\t\t\t\t\t\t<\/div>\n\t\t\t\t\t\t\t<\/div><div class='clear'><\/div>\n\t\t\t\t\t\t\t<\/div><\/div>\n\t\t\t\t\t\t<\/div>\t\t\t\t\t\t<div class='evo_metarow_ICS evorow bordb evcal_evdata_row'>\n\t\t\t\t\t\t\t<span class=\"evcal_evdata_icons\"><i class=\"fa fa-calendar\"><\/i><\/span>\n\t\t\t\t\t\t\t<div class='evcal_evdata_cell'>\n\t\t\t\t\t\t\t\t<p><a href=\"https:\/\/www.blanescostabrava.cat\/wp-admin\/admin-ajax.php?action=eventon_ics_download&amp;event_id=233794&amp;sunix=20260526T070000Z&amp;eunix=20260526T090000Z&amp;loca=&amp;locn=Biblioth\u00e8que Roberto Bola\u00f1o\" class=\"evo_ics_nCal\" title=\"Add to your calendar\">Calendar<\/a><a href=\"\/\/www.google.com\/calendar\/event?action=TEMPLATE&amp;text=mirART.+Introduction+%C3%A0+l%E2%80%99Histoire+de+l%E2%80%99Art&amp;dates=20260526T070000Z\/20260526T090000Z&amp;details=DATE+%3A+mardi+26+mai%0D%0AHEURE+%3A+09h00%0D%0ALIEU+%3A+Biblioth%C3%A8que+Roberto+Bola%C3%B1o%0D%0AAnim%C3%A9+par+%C3%80ngela+Sagrera.%0D%0ARencontres+un+jour+par+mois.+Complet.&amp;location=Biblioth%C3%A8que+Roberto+Bola%C3%B1o - \" target=\"_blank\" class=\"evo_ics_gCal\" title=\"Add to google calendar\">GoogleCal<\/a><\/p>\t\n\t\t\t\t\t\t\t<\/div>\t\t\t\t\t\t<\/div>\n\t\t\t\t\t\t<\/div><div class='clear end'><\/div><\/div><div id=\"event_233806\" class=\"eventon_list_event evo_eventtop  event hasbgimg\" data-event_id=\"233806\" data-time=\"1779816600-1779822000\" data-colr=\"#206177\" itemscope itemtype='http:\/\/schema.org\/Event' 50><div class=\"evo_boxtop\" style=\"background-image: url(https:\/\/www.blanescostabrava.cat\/wp-content\/uploads\/2020\/07\/cropped-BiblioBlanes_AidaMart\u00ednez2018-122.jpg); background-color:#206177;height:200px;\"><\/div><div class=\"evo_event_schema\" style=\"display:none\" ><a itemprop=\"url\" href=\"https:\/\/www.blanescostabrava.cat\/fr\/events\/club-de-lecture-alevin-puppet\/\"><\/a><span itemprop='name'  >Club de Lecture Alevin: \"Puppet\"<\/span><meta itemprop='image' content='https:\/\/www.blanescostabrava.cat\/wp-content\/uploads\/2020\/07\/cropped-BiblioBlanes_AidaMart\u00ednez2018-122.jpg' ><\/meta><meta itemprop='description' content='DATE : mardi 26 mai\r\nHEURE : 17h30\r\nLIEU : Biblioth\u00e8que Roberto Bola\u00f1o\r\nDe David Almond pour les enfants de 10 et 11 ans.\r\n' ><\/meta><meta itemprop='startDate' content='2026-5-26' ><\/meta><meta itemprop='endDate' content='2026-5-26' ><\/meta><meta itemprop='eventStatus' content='on-schedule' ><\/meta><script type=\"application\/ld+json\">{\t\"@context\": \"http:\/\/schema.org\",\n\t\t\t\t\t\t\t  \t\"@type\": \"Event\",\n\t\t\t\t\t\t\t  \t\"name\": \"Club de Lecture Alevin: \"Puppet\"\",\n\t\t\t\t\t\t\t  \t\"startDate\": \"2026-5-26T17-17-30-00\",\n\t\t\t\t\t\t\t  \t\"endDate\": \"2026-5-26T19-19-00-00\",\n\t\t\t\t\t\t\t  \t\"image\":\"https:\/\/www.blanescostabrava.cat\/wp-content\/uploads\/2020\/07\/cropped-BiblioBlanes_AidaMart\u00ednez2018-122-300x191.jpg\",\n\t\t\t\t\t\t\t  \t\"description\":\"DATE : mardi 26 mai\r\nHEURE : 17h30\r\nLIEU : Biblioth\u00e8que Roberto Bola\u00f1o\r\nDe David Almond pour les enfants de 10 et 11 ans.\r\n\",\n\t\t\t\t\t\t\t  \t\n\t\t\t\t\t\t\t }<\/script><\/div>\n\t\t\t\t<p class=\"desc_trig_outter\"><a data-gmap_status=\"null\" data-exlk=\"0\" style=\"border-color: #206177;padding-top: 215px;height: 310px;\" id=\"evc_1779816600233806\" class=\"desc_trig sin_val evcal_list_a\" data-ux_val=\"3\"  ><span class='event-img'><img src='https:\/\/www.blanescostabrava.cat\/wp-content\/uploads\/2020\/07\/cropped-BiblioBlanes_AidaMart\u00ednez2018-122.jpg'><\/span><span class='evcal_cblock ' data-bgcolor='#206177' data-smon='mai' data-syr='2026'><span class='evo_start '><em class='date'>26<\/em><em class='month'>mai<\/em><em class='time'>5:30 pm<\/em><\/span><span class='evo_end only_time'><em class='time'>7:00 pm<\/em><\/span><em class='clear'><\/em><\/span><span class='evcal_desc evo_info hide_eventtopdata '  data-location_status=\"false\" ><span class='evo_above_title'><\/span><span class='evcal_desc2 evcal_event_title' itemprop='name'>Club de Lecture Alevin: \"Puppet\"<\/span><span class='evo_below_title'><\/span><span class='evcal_desc_info' ><\/span><span class='evcal_desc3'><\/span><\/span><em class='clear'><\/em><\/p><\/a><div class='event_description evcal_eventcard ' style=\"display:none\"><div class='evo_metarow_directimg'><img src='https:\/\/www.blanescostabrava.cat\/wp-content\/uploads\/2020\/07\/cropped-BiblioBlanes_AidaMart\u00ednez2018-122.jpg' alt=\"biblioteca blanes\"\/><\/div><div class='evo_metarow_details evorow evcal_evdata_row bordb evcal_event_details'>\n\t\t\t\t\t\t\t<div class=\"event_excerpt\" style=\"display:none\"><h3 class=\"padb5 evo_h3\">Description<\/h3><p>DATE : mardi 26 mai\r\nHEURE : 17h30\r\nLIEU : Biblioth\u00e8que Roberto Bola\u00f1o\r\nDe David Almond pour les enfants de 10 et 11 ans.\r\n<\/p><\/div><span class='evcal_evdata_icons'><i class='fa fa-align-justify'><\/i><\/span>\n\t\t\t\t\t\t\t\n\t\t\t\t\t\t\t<div class='evcal_evdata_cell shorter_desc'><div class='eventon_details_shading_bot'>\n\t\t\t\t\t\t\t\t<p class='eventon_shad_p' content='less'><span class='ev_more_text' data-txt='less'>more<\/span><span class='ev_more_arrow'><\/span><\/p>\n\t\t\t\t\t\t\t<\/div><div class='eventon_full_description'>\n\t\t\t\t\t\t\t\t\t<h3 class='padb5 evo_h3'><span class='evcal_evdata_icons'><i class='fa fa-align-justify'><\/i><\/span>Description<\/h3><div class='eventon_desc_in' itemprop='description'>\n\t\t\t\t\t\t\t\t\t<p data-start=\"885\" data-end=\"906\">DATE : mardi 26 mai<\/p>\n<p data-start=\"908\" data-end=\"923\">HEURE : 17h30<\/p>\n<p data-start=\"925\" data-end=\"961\">LIEU : Biblioth\u00e8que Roberto Bola\u00f1o<\/p>\n<p data-start=\"963\" data-end=\"1014\">De David Almond pour les enfants de 10 et 11 ans.<\/p>\n<p data-start=\"1016\" data-end=\"1082\">Places limit\u00e9es. Informations et inscriptions \u00e0 la biblioth\u00e8que.<\/p>\n<p data-start=\"1084\" data-end=\"1188\">Plus d\u2019informations sur le blog : <a class=\"decorated-link\" href=\"https:\/\/biblioteca.blanes.cat\/salainfantil\/club-de-lectura-infantil\/\" target=\"_new\" rel=\"noopener\" data-start=\"1118\" data-end=\"1186\">https:\/\/biblioteca.blanes.cat\/salainfantil\/club-de-lectura-infantil\/<\/a><\/p>\n<\/div><div class='clear'><\/div>\n\t\t\t\t\t\t\t\t<\/div>\n\t\t\t\t\t\t\t<\/div>\n\t\t\t\t\t\t<\/div><div class='evo_metarow_time_location evorow bordb '>\n\t\t\t\t\t\t<div class='tb' >\n\t\t\t\t\t\t\t<div class='tbrow'>\n\t\t\t\t\t\t\t<div class='evcal_col50 bordr'>\n\t\t\t\t\t\t\t\t<div class='evcal_evdata_row evo_time'>\n\t\t\t\t\t\t\t\t\t<span class='evcal_evdata_icons'><i class='fa fa-clock-o'><\/i><\/span>\n\t\t\t\t\t\t\t\t\t<div class='evcal_evdata_cell'>\t\t\t\t\t\t\t\n\t\t\t\t\t\t\t\t\t\t<h3 class='evo_h3'><span class='evcal_evdata_icons'><i class='fa fa-clock-o'><\/i><\/span>Date<\/h3>\n\t\t\t\t\t\t\t\t\t\t<p>(Tuesday) 5:30 pm - 7:00 pm<\/p>\n\t\t\t\t\t\t\t\t\t<\/div>\n\t\t\t\t\t\t\t\t<\/div>\n\t\t\t\t\t\t\t<\/div><div class='evcal_col50'>\n\t\t\t\t\t\t\t\t<div class='evcal_evdata_row evo_location'>\n\t\t\t\t\t\t\t\t\t<span class='evcal_evdata_icons'><i class='fa fa-map-marker'><\/i><\/span>\n\t\t\t\t\t\t\t\t\t<div class='evcal_evdata_cell' data-loc_tax_id='4568'>\t\t\t\t\t\t\t\n\t\t\t\t\t\t\t\t\t\t<h3 class='evo_h3'><span class='evcal_evdata_icons'><i class='fa fa-map-marker'><\/i><\/span>Location<\/h3><p class='evo_location_name'>Biblioth\u00e8que Roberto Bola\u00f1o<\/p><p class='evo_location_address'><\/p>\n\t\t\t\t\t\t\t\t\t<\/div>\n\t\t\t\t\t\t\t\t<\/div>\n\t\t\t\t\t\t\t<\/div><div class='clear'><\/div>\n\t\t\t\t\t\t\t<\/div><\/div>\n\t\t\t\t\t\t<\/div>\t\t\t\t\t\t<div class='evo_metarow_ICS evorow bordb evcal_evdata_row'>\n\t\t\t\t\t\t\t<span class=\"evcal_evdata_icons\"><i class=\"fa fa-calendar\"><\/i><\/span>\n\t\t\t\t\t\t\t<div class='evcal_evdata_cell'>\n\t\t\t\t\t\t\t\t<p><a href=\"https:\/\/www.blanescostabrava.cat\/wp-admin\/admin-ajax.php?action=eventon_ics_download&amp;event_id=233806&amp;sunix=20260526T153000Z&amp;eunix=20260526T170000Z&amp;loca=&amp;locn=Biblioth\u00e8que Roberto Bola\u00f1o\" class=\"evo_ics_nCal\" title=\"Add to your calendar\">Calendar<\/a><a href=\"\/\/www.google.com\/calendar\/event?action=TEMPLATE&amp;text=Club+de+Lecture+Alevin%3A+%22Puppet%22&amp;dates=20260526T153000Z\/20260526T170000Z&amp;details=DATE+%3A+mardi+26+mai%0D%0AHEURE+%3A+17h30%0D%0ALIEU+%3A+Biblioth%C3%A8que+Roberto+Bola%C3%B1o%0D%0ADe+David+Almond+pour+les+enfants+de+10+et+11+ans.%0D%0A&amp;location=Biblioth%C3%A8que+Roberto+Bola%C3%B1o - \" target=\"_blank\" class=\"evo_ics_gCal\" title=\"Add to google calendar\">GoogleCal<\/a><\/p>\t\n\t\t\t\t\t\t\t<\/div>\t\t\t\t\t\t<\/div>\n\t\t\t\t\t\t<\/div><div class='clear end'><\/div><\/div><div id=\"event_234466\" class=\"eventon_list_event evo_eventtop  event hasbgimg\" data-event_id=\"234466\" data-time=\"1780012801-1780185599\" data-colr=\"#206177\" itemscope itemtype='http:\/\/schema.org\/Event' 51><div class=\"evo_boxtop\" style=\"background-image: url(https:\/\/www.blanescostabrava.cat\/wp-content\/uploads\/2026\/05\/res-es-el-que-sembla.jpg); background-color:#206177;height:200px;\"><\/div><div class=\"evo_event_schema\" style=\"display:none\" ><a itemprop=\"url\" href=\"https:\/\/www.blanescostabrava.cat\/fr\/events\/theatre-comedie-res-es-el-que-sembla\/\"><\/a><span itemprop='name'  >Th\u00e9\u00e2tre-com\u00e9die: \"Res \u00e9s el que sembla\"<\/span><meta itemprop='image' content='https:\/\/www.blanescostabrava.cat\/wp-content\/uploads\/2026\/05\/res-es-el-que-sembla.jpg' ><\/meta><meta itemprop='description' content='Th\u00e9\u00e2tre-com\u00e9die : \"Res \u00e9s el que sembla\"DATE : Vendredi 29 et samedi 30HEURE : 17h30LIEU : Teatre de Blanes' ><\/meta><meta itemprop='startDate' content='2026-5-29' ><\/meta><meta itemprop='endDate' content='2026-5-30' ><\/meta><meta itemprop='eventStatus' content='on-schedule' ><\/meta><script type=\"application\/ld+json\">{\t\"@context\": \"http:\/\/schema.org\",\n\t\t\t\t\t\t\t  \t\"@type\": \"Event\",\n\t\t\t\t\t\t\t  \t\"name\": \"Th\u00e9\u00e2tre-com\u00e9die: \"Res \u00e9s el que sembla\"\",\n\t\t\t\t\t\t\t  \t\"startDate\": \"2026-5-29T00-00-00-00\",\n\t\t\t\t\t\t\t  \t\"endDate\": \"2026-5-30T23-23-59-00\",\n\t\t\t\t\t\t\t  \t\"image\":\"https:\/\/www.blanescostabrava.cat\/wp-content\/uploads\/2026\/05\/res-es-el-que-sembla-300x152.jpg\",\n\t\t\t\t\t\t\t  \t\"description\":\"Th\u00e9\u00e2tre-com\u00e9die : Res \u00e9s el que semblaDATE : Vendredi 29 et samedi 30HEURE : 17h30LIEU : Teatre de Blanes\",\n\t\t\t\t\t\t\t  \t\n\t\t\t\t\t\t\t }<\/script><\/div>\n\t\t\t\t<p class=\"desc_trig_outter\"><a data-gmap_status=\"null\" data-exlk=\"0\" style=\"border-color: #206177;padding-top: 215px;height: 310px;\" id=\"evc_1780012801234466\" class=\"desc_trig mul_val evcal_list_a\" data-ux_val=\"3\"  ><span class='event-img'><img src='https:\/\/www.blanescostabrava.cat\/wp-content\/uploads\/2026\/05\/res-es-el-que-sembla.jpg'><\/span><span class='evcal_cblock ' data-bgcolor='#206177' data-smon='mai' data-syr='2026'><span class='evo_start '><em class='date'>29<\/em><em class='month'>mai<\/em><em class='time'>allday<\/em><\/span><span class='evo_end '><em class='date'>30<\/em><\/span><em class='clear'><\/em><\/span><span class='evcal_desc evo_info hide_eventtopdata '  data-location_status=\"false\" ><span class='evo_above_title'><\/span><span class='evcal_desc2 evcal_event_title' itemprop='name'>Th\u00e9\u00e2tre-com\u00e9die: \"Res \u00e9s el que sembla\"<\/span><span class='evo_below_title'><\/span><span class='evcal_desc_info' ><\/span><span class='evcal_desc3'><\/span><\/span><em class='clear'><\/em><\/p><\/a><div class='event_description evcal_eventcard ' style=\"display:none\"><div class='evo_metarow_directimg'><img src='https:\/\/www.blanescostabrava.cat\/wp-content\/uploads\/2026\/05\/res-es-el-que-sembla.jpg' \/><\/div><div class='evo_metarow_details evorow evcal_evdata_row bordb evcal_event_details'>\n\t\t\t\t\t\t\t<div class=\"event_excerpt\" style=\"display:none\"><h3 class=\"padb5 evo_h3\">Description<\/h3><p>Th\u00e9\u00e2tre-com\u00e9die : \"Res \u00e9s el que sembla\"DATE : Vendredi 29 et samedi 30HEURE : 17h30LIEU : Teatre de Blanes<\/p><\/div><span class='evcal_evdata_icons'><i class='fa fa-align-justify'><\/i><\/span>\n\t\t\t\t\t\t\t\n\t\t\t\t\t\t\t<div class='evcal_evdata_cell '><div class='eventon_full_description'>\n\t\t\t\t\t\t\t\t\t<h3 class='padb5 evo_h3'><span class='evcal_evdata_icons'><i class='fa fa-align-justify'><\/i><\/span>Description<\/h3><div class='eventon_desc_in' itemprop='description'>\n\t\t\t\t\t\t\t\t\t<p>Th\u00e9\u00e2tre-com\u00e9die : \u00ab\u00a0Res \u00e9s el que sembla\u00a0\u00bb<br data-start=\"8046\" data-end=\"8049\" \/>DATE : Vendredi 29 et samedi 30<br data-start=\"8080\" data-end=\"8083\" \/>HEURE : 17h30<br data-start=\"8096\" data-end=\"8099\" \/>LIEU : Teatre de Blanes<br data-start=\"8122\" data-end=\"8125\" \/>Repr\u00e9sentation de th\u00e9\u00e2tre-com\u00e9die \u00ab\u00a0Res \u00e9s el que sembla\u00a0\u00bb, par Fem Teatre.<\/p>\n<\/div><div class='clear'><\/div>\n\t\t\t\t\t\t\t\t<\/div>\n\t\t\t\t\t\t\t<\/div>\n\t\t\t\t\t\t<\/div><div class='evo_metarow_time_location evorow bordb '>\n\t\t\t\t\t\t<div class='tb' >\n\t\t\t\t\t\t\t<div class='tbrow'>\n\t\t\t\t\t\t\t<div class='evcal_col50 bordr'>\n\t\t\t\t\t\t\t\t<div class='evcal_evdata_row evo_time'>\n\t\t\t\t\t\t\t\t\t<span class='evcal_evdata_icons'><i class='fa fa-clock-o'><\/i><\/span>\n\t\t\t\t\t\t\t\t\t<div class='evcal_evdata_cell'>\t\t\t\t\t\t\t\n\t\t\t\t\t\t\t\t\t\t<h3 class='evo_h3'><span class='evcal_evdata_icons'><i class='fa fa-clock-o'><\/i><\/span>Date<\/h3>\n\t\t\t\t\t\t\t\t\t\t<p>mai 29 (Friday) - 30 (Saturday)<\/p>\n\t\t\t\t\t\t\t\t\t<\/div>\n\t\t\t\t\t\t\t\t<\/div>\n\t\t\t\t\t\t\t<\/div><div class='evcal_col50'>\n\t\t\t\t\t\t\t\t<div class='evcal_evdata_row evo_location'>\n\t\t\t\t\t\t\t\t\t<span class='evcal_evdata_icons'><i class='fa fa-map-marker'><\/i><\/span>\n\t\t\t\t\t\t\t\t\t<div class='evcal_evdata_cell' data-loc_tax_id='6013'>\t\t\t\t\t\t\t\n\t\t\t\t\t\t\t\t\t\t<h3 class='evo_h3'><span class='evcal_evdata_icons'><i class='fa fa-map-marker'><\/i><\/span>Location<\/h3><p class='evo_location_name'>Teatre de Blanes<\/p><p class='evo_location_address'><\/p>\n\t\t\t\t\t\t\t\t\t<\/div>\n\t\t\t\t\t\t\t\t<\/div>\n\t\t\t\t\t\t\t<\/div><div class='clear'><\/div>\n\t\t\t\t\t\t\t<\/div><\/div>\n\t\t\t\t\t\t<\/div>\t\t\t\t\t\t<div class='evo_metarow_ICS evorow bordb evcal_evdata_row'>\n\t\t\t\t\t\t\t<span class=\"evcal_evdata_icons\"><i class=\"fa fa-calendar\"><\/i><\/span>\n\t\t\t\t\t\t\t<div class='evcal_evdata_cell'>\n\t\t\t\t\t\t\t\t<p><a href=\"https:\/\/www.blanescostabrava.cat\/wp-admin\/admin-ajax.php?action=eventon_ics_download&amp;event_id=234466&amp;sunix=20260528T220000Z&amp;eunix=20260530T215900Z&amp;loca=&amp;locn=Teatre de Blanes\" class=\"evo_ics_nCal\" title=\"Add to your calendar\">Calendar<\/a><a href=\"\/\/www.google.com\/calendar\/event?action=TEMPLATE&amp;text=Th%C3%A9%C3%A2tre-com%C3%A9die%3A+%22Res+%C3%A9s+el+que+sembla%22&amp;dates=20260528T220000Z\/20260530T215900Z&amp;details=Th%C3%A9%C3%A2tre-com%C3%A9die+%3A+%22Res+%C3%A9s+el+que+sembla%22DATE+%3A+Vendredi+29+et+samedi+30HEURE+%3A+17h30LIEU+%3A+Teatre+de+Blanes&amp;location=Teatre+de+Blanes - \" target=\"_blank\" class=\"evo_ics_gCal\" title=\"Add to google calendar\">GoogleCal<\/a><\/p>\t\n\t\t\t\t\t\t\t<\/div>\t\t\t\t\t\t<\/div>\n\t\t\t\t\t\t<\/div><div class='clear end'><\/div><\/div><div id=\"event_234481\" class=\"eventon_list_event evo_eventtop  event hasbgimg\" data-event_id=\"234481\" data-time=\"1780099201-1780185599\" data-colr=\"#206177\" itemscope itemtype='http:\/\/schema.org\/Event' 52><div class=\"evo_boxtop\" style=\"background-image: url(https:\/\/www.blanescostabrava.cat\/wp-content\/uploads\/2018\/03\/sardanes_28.jpg); background-color:#206177;height:200px;\"><\/div><div class=\"evo_event_schema\" style=\"display:none\" ><a itemprop=\"url\" href=\"https:\/\/www.blanescostabrava.cat\/fr\/events\/danse-de-sardanes-aplec-sardanista\/\"><\/a><span itemprop='name'  >Danse de sardanes - Aplec Sardanista<\/span><meta itemprop='image' content='https:\/\/www.blanescostabrava.cat\/wp-content\/uploads\/2018\/03\/sardanes_28.jpg' ><\/meta><meta itemprop='description' content='Danse de sardanes - Aplec SardanistaDATE : Samedi 30HEURE : 10h00 et 18h00LIEU : Passeig de Mar' ><\/meta><meta itemprop='startDate' content='2026-5-30' ><\/meta><meta itemprop='endDate' content='2026-5-30' ><\/meta><meta itemprop='eventStatus' content='on-schedule' ><\/meta><script type=\"application\/ld+json\">{\t\"@context\": \"http:\/\/schema.org\",\n\t\t\t\t\t\t\t  \t\"@type\": \"Event\",\n\t\t\t\t\t\t\t  \t\"name\": \"Danse de sardanes - Aplec Sardanista\",\n\t\t\t\t\t\t\t  \t\"startDate\": \"2026-5-30T00-00-00-00\",\n\t\t\t\t\t\t\t  \t\"endDate\": \"2026-5-30T23-23-59-00\",\n\t\t\t\t\t\t\t  \t\"image\":\"https:\/\/www.blanescostabrava.cat\/wp-content\/uploads\/2018\/03\/sardanes_28-300x152.jpg\",\n\t\t\t\t\t\t\t  \t\"description\":\"Danse de sardanes - Aplec SardanistaDATE : Samedi 30HEURE : 10h00 et 18h00LIEU : Passeig de Mar\",\n\t\t\t\t\t\t\t  \t\n\t\t\t\t\t\t\t }<\/script><\/div>\n\t\t\t\t<p class=\"desc_trig_outter\"><a data-gmap_status=\"null\" data-exlk=\"0\" style=\"border-color: #206177;padding-top: 215px;height: 310px;\" id=\"evc_1780099201234481\" class=\"desc_trig sin_val evcal_list_a\" data-ux_val=\"3\"  ><span class='event-img'><img src='https:\/\/www.blanescostabrava.cat\/wp-content\/uploads\/2018\/03\/sardanes_28.jpg'><\/span><span class='evcal_cblock ' data-bgcolor='#206177' data-smon='mai' data-syr='2026'><span class='evo_start '><em class='date'>30<\/em><em class='month'>mai<\/em><em class='time'>allday<\/em><\/span><em class='clear'><\/em><\/span><span class='evcal_desc evo_info hide_eventtopdata '  data-location_status=\"false\" ><span class='evo_above_title'><\/span><span class='evcal_desc2 evcal_event_title' itemprop='name'>Danse de sardanes - Aplec Sardanista<\/span><span class='evo_below_title'><\/span><span class='evcal_desc_info' ><\/span><span class='evcal_desc3'><\/span><\/span><em class='clear'><\/em><\/p><\/a><div class='event_description evcal_eventcard ' style=\"display:none\"><div class='evo_metarow_directimg'><img src='https:\/\/www.blanescostabrava.cat\/wp-content\/uploads\/2018\/03\/sardanes_28.jpg' \/><\/div><div class='evo_metarow_details evorow evcal_evdata_row bordb evcal_event_details'>\n\t\t\t\t\t\t\t<div class=\"event_excerpt\" style=\"display:none\"><h3 class=\"padb5 evo_h3\">Description<\/h3><p>Danse de sardanes - Aplec SardanistaDATE : Samedi 30HEURE : 10h00 et 18h00LIEU : Passeig de Mar<\/p><\/div><span class='evcal_evdata_icons'><i class='fa fa-align-justify'><\/i><\/span>\n\t\t\t\t\t\t\t\n\t\t\t\t\t\t\t<div class='evcal_evdata_cell '><div class='eventon_full_description'>\n\t\t\t\t\t\t\t\t\t<h3 class='padb5 evo_h3'><span class='evcal_evdata_icons'><i class='fa fa-align-justify'><\/i><\/span>Description<\/h3><div class='eventon_desc_in' itemprop='description'>\n\t\t\t\t\t\t\t\t\t<p>Danse de sardanes &#8211; Aplec Sardanista<br data-start=\"8854\" data-end=\"8857\" \/>DATE : Samedi 30<br data-start=\"8873\" data-end=\"8876\" \/>HEURE : 10h00 et 18h00<br data-start=\"8898\" data-end=\"8901\" \/>LIEU : Passeig de Mar<\/p>\n<\/div><div class='clear'><\/div>\n\t\t\t\t\t\t\t\t<\/div>\n\t\t\t\t\t\t\t<\/div>\n\t\t\t\t\t\t<\/div><div class='evo_metarow_time_location evorow bordb '>\n\t\t\t\t\t\t<div class='tb' >\n\t\t\t\t\t\t\t<div class='tbrow'>\n\t\t\t\t\t\t\t<div class='evcal_col50 bordr'>\n\t\t\t\t\t\t\t\t<div class='evcal_evdata_row evo_time'>\n\t\t\t\t\t\t\t\t\t<span class='evcal_evdata_icons'><i class='fa fa-clock-o'><\/i><\/span>\n\t\t\t\t\t\t\t\t\t<div class='evcal_evdata_cell'>\t\t\t\t\t\t\t\n\t\t\t\t\t\t\t\t\t\t<h3 class='evo_h3'><span class='evcal_evdata_icons'><i class='fa fa-clock-o'><\/i><\/span>Date<\/h3>\n\t\t\t\t\t\t\t\t\t\t<p>All Day (Saturday)<\/p>\n\t\t\t\t\t\t\t\t\t<\/div>\n\t\t\t\t\t\t\t\t<\/div>\n\t\t\t\t\t\t\t<\/div><div class='evcal_col50'>\n\t\t\t\t\t\t\t\t<div class='evcal_evdata_row evo_location'>\n\t\t\t\t\t\t\t\t\t<span class='evcal_evdata_icons'><i class='fa fa-map-marker'><\/i><\/span>\n\t\t\t\t\t\t\t\t\t<div class='evcal_evdata_cell' data-loc_tax_id='5777'>\t\t\t\t\t\t\t\n\t\t\t\t\t\t\t\t\t\t<h3 class='evo_h3'><span class='evcal_evdata_icons'><i class='fa fa-map-marker'><\/i><\/span>Location<\/h3><p class='evo_location_name'>Banc des Musiciens \/ Promenade du Bord de Mer<\/p><p class='evo_location_address'><\/p>\n\t\t\t\t\t\t\t\t\t<\/div>\n\t\t\t\t\t\t\t\t<\/div>\n\t\t\t\t\t\t\t<\/div><div class='clear'><\/div>\n\t\t\t\t\t\t\t<\/div><\/div>\n\t\t\t\t\t\t<\/div>\t\t\t\t\t\t<div class='evo_metarow_ICS evorow bordb evcal_evdata_row'>\n\t\t\t\t\t\t\t<span class=\"evcal_evdata_icons\"><i class=\"fa fa-calendar\"><\/i><\/span>\n\t\t\t\t\t\t\t<div class='evcal_evdata_cell'>\n\t\t\t\t\t\t\t\t<p><a href=\"https:\/\/www.blanescostabrava.cat\/wp-admin\/admin-ajax.php?action=eventon_ics_download&amp;event_id=234481&amp;sunix=20260529T220000Z&amp;eunix=20260530T215900Z&amp;loca=&amp;locn=Banc des Musiciens \/ Promenade du Bord de Mer\" class=\"evo_ics_nCal\" title=\"Add to your calendar\">Calendar<\/a><a href=\"\/\/www.google.com\/calendar\/event?action=TEMPLATE&amp;text=Danse+de+sardanes+-+Aplec+Sardanista&amp;dates=20260529T220000Z\/20260530T215900Z&amp;details=Danse+de+sardanes+-+Aplec+SardanistaDATE+%3A+Samedi+30HEURE+%3A+10h00+et+18h00LIEU+%3A+Passeig+de+Mar&amp;location=Banc+des+Musiciens+%2F+Promenade+du+Bord+de+Mer - \" target=\"_blank\" class=\"evo_ics_gCal\" title=\"Add to google calendar\">GoogleCal<\/a><\/p>\t\n\t\t\t\t\t\t\t<\/div>\t\t\t\t\t\t<\/div>\n\t\t\t\t\t\t<\/div><div class='clear end'><\/div><\/div><div id=\"event_234541\" class=\"eventon_list_event evo_eventtop  event hasbgimg\" data-event_id=\"234541\" data-time=\"1780099201-1780271999\" data-colr=\"#206177\" itemscope itemtype='http:\/\/schema.org\/Event' 53><div class=\"evo_boxtop\" style=\"background-image: url(https:\/\/www.blanescostabrava.cat\/wp-content\/uploads\/2026\/05\/Captura-de-pantalla-2023-07-04-a-les-15.20.38.jpg); background-color:#206177;height:200px;\"><\/div><div class=\"evo_event_schema\" style=\"display:none\" ><a itemprop=\"url\" href=\"https:\/\/www.blanescostabrava.cat\/fr\/events\/fetes-du-quartier-dels-pins\/\"><\/a><span itemprop='name'  >F\u00eates du quartier dels Pins<\/span><meta itemprop='image' content='https:\/\/www.blanescostabrava.cat\/wp-content\/uploads\/2026\/05\/Captura-de-pantalla-2023-07-04-a-les-15.20.38.jpg' ><\/meta><meta itemprop='description' content='DATE : Samedi 30 et dimanche 31 maiLIEU : Carrer Costa Brava, carrer Francesc Maci\u00e0 et passeig S\u2019AbanellF\u00eates du quartier dels Pins, organis\u00e9es par' ><\/meta><meta itemprop='startDate' content='2026-5-30' ><\/meta><meta itemprop='endDate' content='2026-5-31' ><\/meta><meta itemprop='eventStatus' content='on-schedule' ><\/meta><script type=\"application\/ld+json\">{\t\"@context\": \"http:\/\/schema.org\",\n\t\t\t\t\t\t\t  \t\"@type\": \"Event\",\n\t\t\t\t\t\t\t  \t\"name\": \"F\u00eates du quartier dels Pins\",\n\t\t\t\t\t\t\t  \t\"startDate\": \"2026-5-30T00-00-00-00\",\n\t\t\t\t\t\t\t  \t\"endDate\": \"2026-5-31T23-23-59-00\",\n\t\t\t\t\t\t\t  \t\"image\":\"https:\/\/www.blanescostabrava.cat\/wp-content\/uploads\/2026\/05\/Captura-de-pantalla-2023-07-04-a-les-15.20.38-300x182.jpg\",\n\t\t\t\t\t\t\t  \t\"description\":\"DATE : Samedi 30 et dimanche 31 maiLIEU : Carrer Costa Brava, carrer Francesc Maci\u00e0 et passeig S\u2019AbanellF\u00eates du quartier dels Pins, organis\u00e9es par\",\n\t\t\t\t\t\t\t  \t\n\t\t\t\t\t\t\t }<\/script><\/div>\n\t\t\t\t<p class=\"desc_trig_outter\"><a data-gmap_status=\"null\" data-exlk=\"0\" style=\"border-color: #206177;padding-top: 215px;height: 310px;\" id=\"evc_1780099201234541\" class=\"desc_trig mul_val evcal_list_a\" data-ux_val=\"3\"  ><span class='event-img'><img src='https:\/\/www.blanescostabrava.cat\/wp-content\/uploads\/2026\/05\/Captura-de-pantalla-2023-07-04-a-les-15.20.38.jpg'><\/span><span class='evcal_cblock ' data-bgcolor='#206177' data-smon='mai' data-syr='2026'><span class='evo_start '><em class='date'>30<\/em><em class='month'>mai<\/em><em class='time'>allday<\/em><\/span><span class='evo_end '><em class='date'>31<\/em><\/span><em class='clear'><\/em><\/span><span class='evcal_desc evo_info hide_eventtopdata '  data-location_status=\"false\" ><span class='evo_above_title'><\/span><span class='evcal_desc2 evcal_event_title' itemprop='name'>F\u00eates du quartier dels Pins<\/span><span class='evo_below_title'><\/span><span class='evcal_desc_info' ><\/span><span class='evcal_desc3'><\/span><\/span><em class='clear'><\/em><\/p><\/a><div class='event_description evcal_eventcard ' style=\"display:none\"><div class='evo_metarow_directimg'><img src='https:\/\/www.blanescostabrava.cat\/wp-content\/uploads\/2026\/05\/Captura-de-pantalla-2023-07-04-a-les-15.20.38.jpg' \/><\/div><div class='evo_metarow_details evorow evcal_evdata_row bordb evcal_event_details'>\n\t\t\t\t\t\t\t<div class=\"event_excerpt\" style=\"display:none\"><h3 class=\"padb5 evo_h3\">Description<\/h3><p>DATE : Samedi 30 et dimanche 31 maiLIEU : Carrer Costa Brava, carrer Francesc Maci\u00e0 et passeig S\u2019AbanellF\u00eates du quartier dels Pins, organis\u00e9es par<\/p><\/div><span class='evcal_evdata_icons'><i class='fa fa-align-justify'><\/i><\/span>\n\t\t\t\t\t\t\t\n\t\t\t\t\t\t\t<div class='evcal_evdata_cell '><div class='eventon_full_description'>\n\t\t\t\t\t\t\t\t\t<h3 class='padb5 evo_h3'><span class='evcal_evdata_icons'><i class='fa fa-align-justify'><\/i><\/span>Description<\/h3><div class='eventon_desc_in' itemprop='description'>\n\t\t\t\t\t\t\t\t\t<p>DATE : Samedi 30 et dimanche 31 mai<br data-start=\"3003\" data-end=\"3006\" \/>LIEU : Carrer Costa Brava, carrer Francesc Maci\u00e0 et passeig S\u2019Abanell<br data-start=\"3098\" data-end=\"3101\" \/>F\u00eates du quartier dels Pins, organis\u00e9es par l\u2019Association des habitants Els Pins.<\/p>\n<\/div><div class='clear'><\/div>\n\t\t\t\t\t\t\t\t<\/div>\n\t\t\t\t\t\t\t<\/div>\n\t\t\t\t\t\t<\/div><div class='evo_metarow_time_location evorow bordb '>\n\t\t\t\t\t\t<div class='tb' >\n\t\t\t\t\t\t\t<div class='tbrow'>\n\t\t\t\t\t\t\t<div class='evcal_col50 bordr'>\n\t\t\t\t\t\t\t\t<div class='evcal_evdata_row evo_time'>\n\t\t\t\t\t\t\t\t\t<span class='evcal_evdata_icons'><i class='fa fa-clock-o'><\/i><\/span>\n\t\t\t\t\t\t\t\t\t<div class='evcal_evdata_cell'>\t\t\t\t\t\t\t\n\t\t\t\t\t\t\t\t\t\t<h3 class='evo_h3'><span class='evcal_evdata_icons'><i class='fa fa-clock-o'><\/i><\/span>Date<\/h3>\n\t\t\t\t\t\t\t\t\t\t<p>mai 30 (Saturday) - 31 (Sunday)<\/p>\n\t\t\t\t\t\t\t\t\t<\/div>\n\t\t\t\t\t\t\t\t<\/div>\n\t\t\t\t\t\t\t<\/div><div class='evcal_col50'>\n\t\t\t\t\t\t\t\t<div class='evcal_evdata_row evo_location'>\n\t\t\t\t\t\t\t\t\t<span class='evcal_evdata_icons'><i class='fa fa-map-marker'><\/i><\/span>\n\t\t\t\t\t\t\t\t\t<div class='evcal_evdata_cell' data-loc_tax_id='5054'>\t\t\t\t\t\t\t\n\t\t\t\t\t\t\t\t\t\t<h3 class='evo_h3'><span class='evcal_evdata_icons'><i class='fa fa-map-marker'><\/i><\/span>Location<\/h3><p class='evo_location_name'>Rue Costa Brava \u2013 Rue Francesc Maci\u00e0 \u2013 Promenade S\u2019Abanell<\/p><p class='evo_location_address'><\/p>\n\t\t\t\t\t\t\t\t\t<\/div>\n\t\t\t\t\t\t\t\t<\/div>\n\t\t\t\t\t\t\t<\/div><div class='clear'><\/div>\n\t\t\t\t\t\t\t<\/div><\/div>\n\t\t\t\t\t\t<\/div>\t\t\t\t\t\t<div class='evo_metarow_ICS evorow bordb evcal_evdata_row'>\n\t\t\t\t\t\t\t<span class=\"evcal_evdata_icons\"><i class=\"fa fa-calendar\"><\/i><\/span>\n\t\t\t\t\t\t\t<div class='evcal_evdata_cell'>\n\t\t\t\t\t\t\t\t<p><a href=\"https:\/\/www.blanescostabrava.cat\/wp-admin\/admin-ajax.php?action=eventon_ics_download&amp;event_id=234541&amp;sunix=20260529T220000Z&amp;eunix=20260531T215900Z&amp;loca=&amp;locn=Rue Costa Brava \u2013 Rue Francesc Maci\u00e0 \u2013 Promenade S\u2019Abanell\" class=\"evo_ics_nCal\" title=\"Add to your calendar\">Calendar<\/a><a href=\"\/\/www.google.com\/calendar\/event?action=TEMPLATE&amp;text=F%C3%AAtes+du+quartier+dels+Pins&amp;dates=20260529T220000Z\/20260531T215900Z&amp;details=DATE+%3A+Samedi+30+et+dimanche+31+maiLIEU+%3A+Carrer+Costa+Brava%2C+carrer+Francesc+Maci%C3%A0+et+passeig+S%E2%80%99AbanellF%C3%AAtes+du+quartier+dels+Pins%2C+organis%C3%A9es+par&amp;location=Rue+Costa+Brava+%E2%80%93+Rue+Francesc+Maci%C3%A0+%E2%80%93+Promenade+S%E2%80%99Abanell - \" target=\"_blank\" class=\"evo_ics_gCal\" title=\"Add to google calendar\">GoogleCal<\/a><\/p>\t\n\t\t\t\t\t\t\t<\/div>\t\t\t\t\t\t<\/div>\n\t\t\t\t\t\t<\/div><div class='clear end'><\/div><\/div><div id=\"event_234508\" class=\"eventon_list_event evo_eventtop  event hasbgimg\" data-event_id=\"234508\" data-time=\"1780138800-1780144200\" data-colr=\"#206177\" itemscope itemtype='http:\/\/schema.org\/Event' 54><div class=\"evo_boxtop\" style=\"background-image: url(https:\/\/www.blanescostabrava.cat\/wp-content\/uploads\/2019\/03\/IMG_6062-e1553601046715.jpg); background-color:#206177;height:200px;\"><\/div><div class=\"evo_event_schema\" style=\"display:none\" ><a itemprop=\"url\" href=\"https:\/\/www.blanescostabrava.cat\/fr\/events\/botanique-en-famille\/\"><\/a><span itemprop='name'  >Botanique en famille<\/span><meta itemprop='image' content='https:\/\/www.blanescostabrava.cat\/wp-content\/uploads\/2019\/03\/IMG_6062-e1553601046715.jpg' ><\/meta><meta itemprop='description' content='Botanique en familleDATE : Samedi 30 maiHEURE : 11h00 - 12h30LIEU : Jardin botanique MarimurtraActivit\u00e9 familiale consacr\u00e9e \u00e0' ><\/meta><meta itemprop='startDate' content='2026-5-30' ><\/meta><meta itemprop='endDate' content='2026-5-30' ><\/meta><meta itemprop='eventStatus' content='on-schedule' ><\/meta><script type=\"application\/ld+json\">{\t\"@context\": \"http:\/\/schema.org\",\n\t\t\t\t\t\t\t  \t\"@type\": \"Event\",\n\t\t\t\t\t\t\t  \t\"name\": \"Botanique en famille\",\n\t\t\t\t\t\t\t  \t\"startDate\": \"2026-5-30T11-11-00-00\",\n\t\t\t\t\t\t\t  \t\"endDate\": \"2026-5-30T12-12-30-00\",\n\t\t\t\t\t\t\t  \t\"image\":\"https:\/\/www.blanescostabrava.cat\/wp-content\/uploads\/2019\/03\/IMG_6062-e1553601046715-300x300.jpg\",\n\t\t\t\t\t\t\t  \t\"description\":\"Botanique en familleDATE : Samedi 30 maiHEURE : 11h00 - 12h30LIEU : Jardin botanique MarimurtraActivit\u00e9 familiale consacr\u00e9e \u00e0\",\n\t\t\t\t\t\t\t  \t\n\t\t\t\t\t\t\t }<\/script><\/div>\n\t\t\t\t<p class=\"desc_trig_outter\"><a data-gmap_status=\"null\" data-exlk=\"0\" style=\"border-color: #206177;padding-top: 215px;height: 310px;\" id=\"evc_1780138800234508\" class=\"desc_trig sin_val evcal_list_a\" data-ux_val=\"3\"  ><span class='event-img'><img src='https:\/\/www.blanescostabrava.cat\/wp-content\/uploads\/2019\/03\/IMG_6062-e1553601046715.jpg'><\/span><span class='evcal_cblock ' data-bgcolor='#206177' data-smon='mai' data-syr='2026'><span class='evo_start '><em class='date'>30<\/em><em class='month'>mai<\/em><em class='time'>11:00 am<\/em><\/span><span class='evo_end only_time'><em class='time'>12:30 pm<\/em><\/span><em class='clear'><\/em><\/span><span class='evcal_desc evo_info hide_eventtopdata '  data-location_status=\"false\" ><span class='evo_above_title'><\/span><span class='evcal_desc2 evcal_event_title' itemprop='name'>Botanique en famille<\/span><span class='evo_below_title'><\/span><span class='evcal_desc_info' ><\/span><span class='evcal_desc3'><\/span><\/span><em class='clear'><\/em><\/p><\/a><div class='event_description evcal_eventcard ' style=\"display:none\"><div class='evo_metarow_directimg'><img src='https:\/\/www.blanescostabrava.cat\/wp-content\/uploads\/2019\/03\/IMG_6062-e1553601046715.jpg' alt=\"visites guiades marimurtra\"\/><\/div><div class='evo_metarow_details evorow evcal_evdata_row bordb evcal_event_details'>\n\t\t\t\t\t\t\t<div class=\"event_excerpt\" style=\"display:none\"><h3 class=\"padb5 evo_h3\">Description<\/h3><p>Botanique en familleDATE : Samedi 30 maiHEURE : 11h00 - 12h30LIEU : Jardin botanique MarimurtraActivit\u00e9 familiale consacr\u00e9e \u00e0<\/p><\/div><span class='evcal_evdata_icons'><i class='fa fa-align-justify'><\/i><\/span>\n\t\t\t\t\t\t\t\n\t\t\t\t\t\t\t<div class='evcal_evdata_cell '><div class='eventon_full_description'>\n\t\t\t\t\t\t\t\t\t<h3 class='padb5 evo_h3'><span class='evcal_evdata_icons'><i class='fa fa-align-justify'><\/i><\/span>Description<\/h3><div class='eventon_desc_in' itemprop='description'>\n\t\t\t\t\t\t\t\t\t<p>Botanique en famille<br data-start=\"2003\" data-end=\"2006\" \/>DATE : Samedi 30 mai<br data-start=\"2026\" data-end=\"2029\" \/>HEURE : 11h00 &#8211; 12h30<br data-start=\"2050\" data-end=\"2053\" \/>LIEU : Jardin botanique Marimurtra<br data-start=\"2087\" data-end=\"2090\" \/>Activit\u00e9 familiale consacr\u00e9e \u00e0 la botanique au Jardin botanique Marimurtra.<\/p>\n<\/div><div class='clear'><\/div>\n\t\t\t\t\t\t\t\t<\/div>\n\t\t\t\t\t\t\t<\/div>\n\t\t\t\t\t\t<\/div><div class='evo_metarow_time_location evorow bordb '>\n\t\t\t\t\t\t<div class='tb' >\n\t\t\t\t\t\t\t<div class='tbrow'>\n\t\t\t\t\t\t\t<div class='evcal_col50 bordr'>\n\t\t\t\t\t\t\t\t<div class='evcal_evdata_row evo_time'>\n\t\t\t\t\t\t\t\t\t<span class='evcal_evdata_icons'><i class='fa fa-clock-o'><\/i><\/span>\n\t\t\t\t\t\t\t\t\t<div class='evcal_evdata_cell'>\t\t\t\t\t\t\t\n\t\t\t\t\t\t\t\t\t\t<h3 class='evo_h3'><span class='evcal_evdata_icons'><i class='fa fa-clock-o'><\/i><\/span>Date<\/h3>\n\t\t\t\t\t\t\t\t\t\t<p>(Saturday) 11:00 am - 12:30 pm<\/p>\n\t\t\t\t\t\t\t\t\t<\/div>\n\t\t\t\t\t\t\t\t<\/div>\n\t\t\t\t\t\t\t<\/div><div class='evcal_col50'>\n\t\t\t\t\t\t\t\t<div class='evcal_evdata_row evo_location'>\n\t\t\t\t\t\t\t\t\t<span class='evcal_evdata_icons'><i class='fa fa-map-marker'><\/i><\/span>\n\t\t\t\t\t\t\t\t\t<div class='evcal_evdata_cell' data-loc_tax_id='3716'>\t\t\t\t\t\t\t\n\t\t\t\t\t\t\t\t\t\t<h3 class='evo_h3'><span class='evcal_evdata_icons'><i class='fa fa-map-marker'><\/i><\/span>Location<\/h3><p class='evo_location_name'>Jardin botanique de Marimurtra<\/p><p class='evo_location_address'><\/p>\n\t\t\t\t\t\t\t\t\t<\/div>\n\t\t\t\t\t\t\t\t<\/div>\n\t\t\t\t\t\t\t<\/div><div class='clear'><\/div>\n\t\t\t\t\t\t\t<\/div><\/div>\n\t\t\t\t\t\t<\/div>\t\t\t\t\t\t<div class='evo_metarow_ICS evorow bordb evcal_evdata_row'>\n\t\t\t\t\t\t\t<span class=\"evcal_evdata_icons\"><i class=\"fa fa-calendar\"><\/i><\/span>\n\t\t\t\t\t\t\t<div class='evcal_evdata_cell'>\n\t\t\t\t\t\t\t\t<p><a href=\"https:\/\/www.blanescostabrava.cat\/wp-admin\/admin-ajax.php?action=eventon_ics_download&amp;event_id=234508&amp;sunix=20260530T090000Z&amp;eunix=20260530T103000Z&amp;loca=&amp;locn=Jardin botanique de Marimurtra\" class=\"evo_ics_nCal\" title=\"Add to your calendar\">Calendar<\/a><a href=\"\/\/www.google.com\/calendar\/event?action=TEMPLATE&amp;text=Botanique+en+famille&amp;dates=20260530T090000Z\/20260530T103000Z&amp;details=Botanique+en+familleDATE+%3A+Samedi+30+maiHEURE+%3A+11h00+-+12h30LIEU+%3A+Jardin+botanique+MarimurtraActivit%C3%A9+familiale+consacr%C3%A9e+%C3%A0&amp;location=Jardin+botanique+de+Marimurtra - \" target=\"_blank\" class=\"evo_ics_gCal\" title=\"Add to google calendar\">GoogleCal<\/a><\/p>\t\n\t\t\t\t\t\t\t<\/div>\t\t\t\t\t\t<\/div>\n\t\t\t\t\t\t<\/div><div class='clear end'><\/div><\/div><div id=\"event_233605\" class=\"eventon_list_event evo_eventtop  event hasbgimg\" data-event_id=\"233605\" data-time=\"1780185601-1780271999\" data-colr=\"#206177\" itemscope itemtype='http:\/\/schema.org\/Event' 55><div class=\"evo_boxtop\" style=\"background-image: url(https:\/\/www.blanescostabrava.cat\/wp-content\/uploads\/2026\/04\/CARTELL-ROMERIA.jpeg); background-color:#206177;height:200px;\"><\/div><div class=\"evo_event_schema\" style=\"display:none\" ><a itemprop=\"url\" href=\"https:\/\/www.blanescostabrava.cat\/fr\/events\/xxxiie-romeria\/\"><\/a><span itemprop='name'  >XXXIIe romer\u00eda<\/span><meta itemprop='image' content='https:\/\/www.blanescostabrava.cat\/wp-content\/uploads\/2026\/04\/CARTELL-ROMERIA.jpeg' ><\/meta><meta itemprop='description' content='DATE : 31 mai\r\nLIEU : esplanade du Vilar\r\n' ><\/meta><meta itemprop='startDate' content='2026-5-31' ><\/meta><meta itemprop='endDate' content='2026-5-31' ><\/meta><meta itemprop='eventStatus' content='on-schedule' ><\/meta><script type=\"application\/ld+json\">{\t\"@context\": \"http:\/\/schema.org\",\n\t\t\t\t\t\t\t  \t\"@type\": \"Event\",\n\t\t\t\t\t\t\t  \t\"name\": \"XXXIIe romer\u00eda\",\n\t\t\t\t\t\t\t  \t\"startDate\": \"2026-5-31T00-00-00-00\",\n\t\t\t\t\t\t\t  \t\"endDate\": \"2026-5-31T23-23-59-00\",\n\t\t\t\t\t\t\t  \t\"image\":\"https:\/\/www.blanescostabrava.cat\/wp-content\/uploads\/2026\/04\/CARTELL-ROMERIA-212x300.jpeg\",\n\t\t\t\t\t\t\t  \t\"description\":\"DATE : 31 mai\r\nLIEU : esplanade du Vilar\r\n\",\n\t\t\t\t\t\t\t  \t\n\t\t\t\t\t\t\t }<\/script><\/div>\n\t\t\t\t<p class=\"desc_trig_outter\"><a data-gmap_status=\"null\" data-exlk=\"0\" style=\"border-color: #206177;padding-top: 215px;height: 310px;\" id=\"evc_1780185601233605\" class=\"desc_trig sin_val evcal_list_a\" data-ux_val=\"3\"  ><span class='event-img'><img src='https:\/\/www.blanescostabrava.cat\/wp-content\/uploads\/2026\/04\/CARTELL-ROMERIA.jpeg'><\/span><span class='evcal_cblock ' data-bgcolor='#206177' data-smon='mai' data-syr='2026'><span class='evo_start '><em class='date'>31<\/em><em class='month'>mai<\/em><em class='time'>allday<\/em><\/span><em class='clear'><\/em><\/span><span class='evcal_desc evo_info hide_eventtopdata '  data-location_status=\"false\" ><span class='evo_above_title'><\/span><span class='evcal_desc2 evcal_event_title' itemprop='name'>XXXIIe romer\u00eda<\/span><span class='evo_below_title'><\/span><span class='evcal_desc_info' ><\/span><span class='evcal_desc3'><\/span><\/span><em class='clear'><\/em><\/p><\/a><div class='event_description evcal_eventcard ' style=\"display:none\"><div class='evo_metarow_directimg'><img src='https:\/\/www.blanescostabrava.cat\/wp-content\/uploads\/2026\/04\/CARTELL-ROMERIA.jpeg' \/><\/div><div class='evo_metarow_details evorow evcal_evdata_row bordb evcal_event_details'>\n\t\t\t\t\t\t\t<div class=\"event_excerpt\" style=\"display:none\"><h3 class=\"padb5 evo_h3\">Description<\/h3><p>DATE : 31 mai\r\nLIEU : esplanade du Vilar\r\n<\/p><\/div><span class='evcal_evdata_icons'><i class='fa fa-align-justify'><\/i><\/span>\n\t\t\t\t\t\t\t\n\t\t\t\t\t\t\t<div class='evcal_evdata_cell '><div class='eventon_full_description'>\n\t\t\t\t\t\t\t\t\t<h3 class='padb5 evo_h3'><span class='evcal_evdata_icons'><i class='fa fa-align-justify'><\/i><\/span>Description<\/h3><div class='eventon_desc_in' itemprop='description'>\n\t\t\t\t\t\t\t\t\t<p data-start=\"229\" data-end=\"244\">DATE : 31 mai<\/p>\n<p data-start=\"246\" data-end=\"271\" data-is-last-node=\"\" data-is-only-node=\"\">LIEU : esplanade du Vilar<\/p>\n<p data-start=\"246\" data-end=\"271\" data-is-last-node=\"\" data-is-only-node=\"\"><img class=\"alignnone size-large wp-image-233587\" src=\"https:\/\/www.blanescostabrava.cat\/wp-content\/uploads\/2026\/04\/CARTELL-ROMERIA-724x1024.jpeg\" alt=\"\" width=\"724\" height=\"1024\" srcset=\"https:\/\/www.blanescostabrava.cat\/wp-content\/uploads\/2026\/04\/CARTELL-ROMERIA-724x1024.jpeg 724w, https:\/\/www.blanescostabrava.cat\/wp-content\/uploads\/2026\/04\/CARTELL-ROMERIA-212x300.jpeg 212w, https:\/\/www.blanescostabrava.cat\/wp-content\/uploads\/2026\/04\/CARTELL-ROMERIA-106x150.jpeg 106w, https:\/\/www.blanescostabrava.cat\/wp-content\/uploads\/2026\/04\/CARTELL-ROMERIA-768x1086.jpeg 768w, https:\/\/www.blanescostabrava.cat\/wp-content\/uploads\/2026\/04\/CARTELL-ROMERIA-1086x1536.jpeg 1086w, https:\/\/www.blanescostabrava.cat\/wp-content\/uploads\/2026\/04\/CARTELL-ROMERIA-17x24.jpeg 17w, https:\/\/www.blanescostabrava.cat\/wp-content\/uploads\/2026\/04\/CARTELL-ROMERIA-25x36.jpeg 25w, https:\/\/www.blanescostabrava.cat\/wp-content\/uploads\/2026\/04\/CARTELL-ROMERIA-34x48.jpeg 34w, https:\/\/www.blanescostabrava.cat\/wp-content\/uploads\/2026\/04\/CARTELL-ROMERIA.jpeg 1131w\" sizes=\"(max-width: 724px) 100vw, 724px\" \/><\/p>\n<\/div><div class='clear'><\/div>\n\t\t\t\t\t\t\t\t<\/div>\n\t\t\t\t\t\t\t<\/div>\n\t\t\t\t\t\t<\/div><div class='evo_metarow_time_location evorow bordb '>\n\t\t\t\t\t\t<div class='tb' >\n\t\t\t\t\t\t\t<div class='tbrow'>\n\t\t\t\t\t\t\t<div class='evcal_col50 bordr'>\n\t\t\t\t\t\t\t\t<div class='evcal_evdata_row evo_time'>\n\t\t\t\t\t\t\t\t\t<span class='evcal_evdata_icons'><i class='fa fa-clock-o'><\/i><\/span>\n\t\t\t\t\t\t\t\t\t<div class='evcal_evdata_cell'>\t\t\t\t\t\t\t\n\t\t\t\t\t\t\t\t\t\t<h3 class='evo_h3'><span class='evcal_evdata_icons'><i class='fa fa-clock-o'><\/i><\/span>Date<\/h3>\n\t\t\t\t\t\t\t\t\t\t<p>All Day (Sunday)<\/p>\n\t\t\t\t\t\t\t\t\t<\/div>\n\t\t\t\t\t\t\t\t<\/div>\n\t\t\t\t\t\t\t<\/div><div class='evcal_col50'>\n\t\t\t\t\t\t\t\t<div class='evcal_evdata_row evo_location'>\n\t\t\t\t\t\t\t\t\t<span class='evcal_evdata_icons'><i class='fa fa-map-marker'><\/i><\/span>\n\t\t\t\t\t\t\t\t\t<div class='evcal_evdata_cell' data-loc_tax_id='5111'>\t\t\t\t\t\t\t\n\t\t\t\t\t\t\t\t\t\t<h3 class='evo_h3'><span class='evcal_evdata_icons'><i class='fa fa-map-marker'><\/i><\/span>Location<\/h3><p class='evo_location_name'>Esplanade du Vilar<\/p><p class='evo_location_address'><\/p>\n\t\t\t\t\t\t\t\t\t<\/div>\n\t\t\t\t\t\t\t\t<\/div>\n\t\t\t\t\t\t\t<\/div><div class='clear'><\/div>\n\t\t\t\t\t\t\t<\/div><\/div>\n\t\t\t\t\t\t<\/div>\t\t\t\t\t\t<div class='evo_metarow_ICS evorow bordb evcal_evdata_row'>\n\t\t\t\t\t\t\t<span class=\"evcal_evdata_icons\"><i class=\"fa fa-calendar\"><\/i><\/span>\n\t\t\t\t\t\t\t<div class='evcal_evdata_cell'>\n\t\t\t\t\t\t\t\t<p><a href=\"https:\/\/www.blanescostabrava.cat\/wp-admin\/admin-ajax.php?action=eventon_ics_download&amp;event_id=233605&amp;sunix=20260530T220000Z&amp;eunix=20260531T215900Z&amp;loca=&amp;locn=Esplanade du Vilar\" class=\"evo_ics_nCal\" title=\"Add to your calendar\">Calendar<\/a><a href=\"\/\/www.google.com\/calendar\/event?action=TEMPLATE&amp;text=XXXIIe+romer%C3%ADa&amp;dates=20260530T220000Z\/20260531T215900Z&amp;details=DATE+%3A+31+mai%0D%0ALIEU+%3A+esplanade+du+Vilar%0D%0A&amp;location=Esplanade+du+Vilar - \" target=\"_blank\" class=\"evo_ics_gCal\" title=\"Add to google calendar\">GoogleCal<\/a><\/p>\t\n\t\t\t\t\t\t\t<\/div>\t\t\t\t\t\t<\/div>\n\t\t\t\t\t\t<\/div><div class='clear end'><\/div><\/div><div id=\"event_234553\" class=\"eventon_list_event evo_eventtop  event hasbgimg\" data-event_id=\"234553\" data-time=\"1780214400-1780221600\" data-colr=\"#206177\" itemscope itemtype='http:\/\/schema.org\/Event' 56><div class=\"evo_boxtop\" style=\"background-image: url(https:\/\/www.blanescostabrava.cat\/wp-content\/uploads\/2018\/04\/MARIMURTRA-28.jpg); background-color:#206177;height:200px;\"><\/div><div class=\"evo_event_schema\" style=\"display:none\" ><a itemprop=\"url\" href=\"https:\/\/www.blanescostabrava.cat\/fr\/events\/yoga-et-brunch-a-marimurtra\/\"><\/a><span itemprop='name'  >Yoga et brunch \u00e0 Marimurtra<\/span><meta itemprop='image' content='https:\/\/www.blanescostabrava.cat\/wp-content\/uploads\/2018\/04\/MARIMURTRA-28.jpg' ><\/meta><meta itemprop='description' content='DATE : Dimanche 31 maiHEURE : 8h00 - 10h00LIEU : Jardin botanique MarimurtraS\u00e9ance de yoga avec brunch au Jardin botanique Marimurtra.' ><\/meta><meta itemprop='startDate' content='2026-5-31' ><\/meta><meta itemprop='endDate' content='2026-5-31' ><\/meta><meta itemprop='eventStatus' content='on-schedule' ><\/meta><script type=\"application\/ld+json\">{\t\"@context\": \"http:\/\/schema.org\",\n\t\t\t\t\t\t\t  \t\"@type\": \"Event\",\n\t\t\t\t\t\t\t  \t\"name\": \"Yoga et brunch \u00e0 Marimurtra\",\n\t\t\t\t\t\t\t  \t\"startDate\": \"2026-5-31T08-08-00-00\",\n\t\t\t\t\t\t\t  \t\"endDate\": \"2026-5-31T10-10-00-00\",\n\t\t\t\t\t\t\t  \t\"image\":\"https:\/\/www.blanescostabrava.cat\/wp-content\/uploads\/2018\/04\/MARIMURTRA-28-200x300.jpg\",\n\t\t\t\t\t\t\t  \t\"description\":\"DATE : Dimanche 31 maiHEURE : 8h00 - 10h00LIEU : Jardin botanique MarimurtraS\u00e9ance de yoga avec brunch au Jardin botanique Marimurtra.\",\n\t\t\t\t\t\t\t  \t\n\t\t\t\t\t\t\t }<\/script><\/div>\n\t\t\t\t<p class=\"desc_trig_outter\"><a data-gmap_status=\"null\" data-exlk=\"0\" style=\"border-color: #206177;padding-top: 215px;height: 310px;\" id=\"evc_1780214400234553\" class=\"desc_trig sin_val evcal_list_a\" data-ux_val=\"3\"  ><span class='event-img'><img src='https:\/\/www.blanescostabrava.cat\/wp-content\/uploads\/2018\/04\/MARIMURTRA-28.jpg'><\/span><span class='evcal_cblock ' data-bgcolor='#206177' data-smon='mai' data-syr='2026'><span class='evo_start '><em class='date'>31<\/em><em class='month'>mai<\/em><em class='time'>8:00 am<\/em><\/span><span class='evo_end only_time'><em class='time'>10:00 am<\/em><\/span><em class='clear'><\/em><\/span><span class='evcal_desc evo_info hide_eventtopdata '  data-location_status=\"false\" ><span class='evo_above_title'><\/span><span class='evcal_desc2 evcal_event_title' itemprop='name'>Yoga et brunch \u00e0 Marimurtra<\/span><span class='evo_below_title'><\/span><span class='evcal_desc_info' ><\/span><span class='evcal_desc3'><\/span><\/span><em class='clear'><\/em><\/p><\/a><div class='event_description evcal_eventcard ' style=\"display:none\"><div class='evo_metarow_directimg'><img src='https:\/\/www.blanescostabrava.cat\/wp-content\/uploads\/2018\/04\/MARIMURTRA-28.jpg' \/><\/div><div class='evo_metarow_details evorow evcal_evdata_row bordb evcal_event_details'>\n\t\t\t\t\t\t\t<div class=\"event_excerpt\" style=\"display:none\"><h3 class=\"padb5 evo_h3\">Description<\/h3><p>DATE : Dimanche 31 maiHEURE : 8h00 - 10h00LIEU : Jardin botanique MarimurtraS\u00e9ance de yoga avec brunch au Jardin botanique Marimurtra.<\/p><\/div><span class='evcal_evdata_icons'><i class='fa fa-align-justify'><\/i><\/span>\n\t\t\t\t\t\t\t\n\t\t\t\t\t\t\t<div class='evcal_evdata_cell '><div class='eventon_full_description'>\n\t\t\t\t\t\t\t\t\t<h3 class='padb5 evo_h3'><span class='evcal_evdata_icons'><i class='fa fa-align-justify'><\/i><\/span>Description<\/h3><div class='eventon_desc_in' itemprop='description'>\n\t\t\t\t\t\t\t\t\t<p>DATE : Dimanche 31 mai<br data-start=\"3918\" data-end=\"3921\" \/>HEURE : 8h00 &#8211; 10h00<br data-start=\"3941\" data-end=\"3944\" \/>LIEU : Jardin botanique Marimurtra<br data-start=\"3978\" data-end=\"3981\" \/>S\u00e9ance de yoga avec brunch au Jardin botanique Marimurtra.<\/p>\n<\/div><div class='clear'><\/div>\n\t\t\t\t\t\t\t\t<\/div>\n\t\t\t\t\t\t\t<\/div>\n\t\t\t\t\t\t<\/div><div class='evo_metarow_time_location evorow bordb '>\n\t\t\t\t\t\t<div class='tb' >\n\t\t\t\t\t\t\t<div class='tbrow'>\n\t\t\t\t\t\t\t<div class='evcal_col50 bordr'>\n\t\t\t\t\t\t\t\t<div class='evcal_evdata_row evo_time'>\n\t\t\t\t\t\t\t\t\t<span class='evcal_evdata_icons'><i class='fa fa-clock-o'><\/i><\/span>\n\t\t\t\t\t\t\t\t\t<div class='evcal_evdata_cell'>\t\t\t\t\t\t\t\n\t\t\t\t\t\t\t\t\t\t<h3 class='evo_h3'><span class='evcal_evdata_icons'><i class='fa fa-clock-o'><\/i><\/span>Date<\/h3>\n\t\t\t\t\t\t\t\t\t\t<p>(Sunday) 8:00 am - 10:00 am<\/p>\n\t\t\t\t\t\t\t\t\t<\/div>\n\t\t\t\t\t\t\t\t<\/div>\n\t\t\t\t\t\t\t<\/div><div class='evcal_col50'>\n\t\t\t\t\t\t\t\t<div class='evcal_evdata_row evo_location'>\n\t\t\t\t\t\t\t\t\t<span class='evcal_evdata_icons'><i class='fa fa-map-marker'><\/i><\/span>\n\t\t\t\t\t\t\t\t\t<div class='evcal_evdata_cell' data-loc_tax_id='2946'>\t\t\t\t\t\t\t\n\t\t\t\t\t\t\t\t\t\t<h3 class='evo_h3'><span class='evcal_evdata_icons'><i class='fa fa-map-marker'><\/i><\/span>Location<\/h3><p class='evo_location_name'>Jardin Botanique Marimurtra<\/p><p class='evo_location_address'><\/p>\n\t\t\t\t\t\t\t\t\t<\/div>\n\t\t\t\t\t\t\t\t<\/div>\n\t\t\t\t\t\t\t<\/div><div class='clear'><\/div>\n\t\t\t\t\t\t\t<\/div><\/div>\n\t\t\t\t\t\t<\/div>\t\t\t\t\t\t<div class='evo_metarow_ICS evorow bordb evcal_evdata_row'>\n\t\t\t\t\t\t\t<span class=\"evcal_evdata_icons\"><i class=\"fa fa-calendar\"><\/i><\/span>\n\t\t\t\t\t\t\t<div class='evcal_evdata_cell'>\n\t\t\t\t\t\t\t\t<p><a href=\"https:\/\/www.blanescostabrava.cat\/wp-admin\/admin-ajax.php?action=eventon_ics_download&amp;event_id=234553&amp;sunix=20260531T060000Z&amp;eunix=20260531T080000Z&amp;loca=&amp;locn=Jardin Botanique Marimurtra\" class=\"evo_ics_nCal\" title=\"Add to your calendar\">Calendar<\/a><a href=\"\/\/www.google.com\/calendar\/event?action=TEMPLATE&amp;text=Yoga+et+brunch+%C3%A0+Marimurtra&amp;dates=20260531T060000Z\/20260531T080000Z&amp;details=DATE+%3A+Dimanche+31+maiHEURE+%3A+8h00+-+10h00LIEU+%3A+Jardin+botanique+MarimurtraS%C3%A9ance+de+yoga+avec+brunch+au+Jardin+botanique+Marimurtra.&amp;location=Jardin+Botanique+Marimurtra - \" target=\"_blank\" class=\"evo_ics_gCal\" title=\"Add to google calendar\">GoogleCal<\/a><\/p>\t\n\t\t\t\t\t\t\t<\/div>\t\t\t\t\t\t<\/div>\n\t\t\t\t\t\t<\/div><div class='clear end'><\/div><\/div><div id=\"event_234607\" class=\"eventon_list_event evo_eventtop  event hasbgimg\" data-event_id=\"234607\" data-time=\"1780248600-1780271400\" data-colr=\"#206177\" itemscope itemtype='http:\/\/schema.org\/Event' 57><div class=\"evo_boxtop\" style=\"background-image: url(https:\/\/www.blanescostabrava.cat\/wp-content\/uploads\/2026\/05\/TEATRE-BARCELONA-Edu-Soto.webp); background-color:#206177;height:200px;\"><\/div><div class=\"evo_event_schema\" style=\"display:none\" ><a itemprop=\"url\" href=\"https:\/\/www.blanescostabrava.cat\/fr\/events\/theatre-comedie-mas-vale-solo-que-ciento-volando\/\"><\/a><span itemprop='name'  >Th\u00e9\u00e2tre-com\u00e9die : M\u00e1s vale solo que ciento volando\u201d<\/span><meta itemprop='image' content='https:\/\/www.blanescostabrava.cat\/wp-content\/uploads\/2026\/05\/TEATRE-BARCELONA-Edu-Soto.webp' ><\/meta><meta itemprop='description' content='DATE : Dimanche 31 maiHEURE : 17h30LIEU : Teatre de BlanesSpectacle de th\u00e9\u00e2tre-com\u00e9die \u00ab M\u00e1s vale solo que ciento volando \u00bb,' ><\/meta><meta itemprop='startDate' content='2026-5-31' ><\/meta><meta itemprop='endDate' content='2026-5-31' ><\/meta><meta itemprop='eventStatus' content='on-schedule' ><\/meta><script type=\"application\/ld+json\">{\t\"@context\": \"http:\/\/schema.org\",\n\t\t\t\t\t\t\t  \t\"@type\": \"Event\",\n\t\t\t\t\t\t\t  \t\"name\": \"Th\u00e9\u00e2tre-com\u00e9die : M\u00e1s vale solo que ciento volando\u201d\",\n\t\t\t\t\t\t\t  \t\"startDate\": \"2026-5-31T17-17-30-00\",\n\t\t\t\t\t\t\t  \t\"endDate\": \"2026-5-31T23-23-50-00\",\n\t\t\t\t\t\t\t  \t\"image\":\"https:\/\/www.blanescostabrava.cat\/wp-content\/uploads\/2026\/05\/TEATRE-BARCELONA-Edu-Soto-209x300.webp\",\n\t\t\t\t\t\t\t  \t\"description\":\"DATE : Dimanche 31 maiHEURE : 17h30LIEU : Teatre de BlanesSpectacle de th\u00e9\u00e2tre-com\u00e9die \u00ab M\u00e1s vale solo que ciento volando \u00bb,\",\n\t\t\t\t\t\t\t  \t\n\t\t\t\t\t\t\t }<\/script><\/div>\n\t\t\t\t<p class=\"desc_trig_outter\"><a data-gmap_status=\"null\" data-exlk=\"0\" style=\"border-color: #206177;padding-top: 215px;height: 310px;\" id=\"evc_1780248600234607\" class=\"desc_trig sin_val evcal_list_a\" data-ux_val=\"3\"  ><span class='event-img'><img src='https:\/\/www.blanescostabrava.cat\/wp-content\/uploads\/2026\/05\/TEATRE-BARCELONA-Edu-Soto.webp'><\/span><span class='evcal_cblock ' data-bgcolor='#206177' data-smon='mai' data-syr='2026'><span class='evo_start '><em class='date'>31<\/em><em class='month'>mai<\/em><em class='time'>5:30 pm<\/em><\/span><em class='clear'><\/em><\/span><span class='evcal_desc evo_info hide_eventtopdata '  data-location_status=\"false\" ><span class='evo_above_title'><\/span><span class='evcal_desc2 evcal_event_title' itemprop='name'>Th\u00e9\u00e2tre-com\u00e9die : M\u00e1s vale solo que ciento volando\u201d<\/span><span class='evo_below_title'><\/span><span class='evcal_desc_info' ><\/span><span class='evcal_desc3'><\/span><\/span><em class='clear'><\/em><\/p><\/a><div class='event_description evcal_eventcard ' style=\"display:none\"><div class='evo_metarow_directimg'><img src='https:\/\/www.blanescostabrava.cat\/wp-content\/uploads\/2026\/05\/TEATRE-BARCELONA-Edu-Soto.webp' \/><\/div><div class='evo_metarow_details evorow evcal_evdata_row bordb evcal_event_details'>\n\t\t\t\t\t\t\t<div class=\"event_excerpt\" style=\"display:none\"><h3 class=\"padb5 evo_h3\">Description<\/h3><p>DATE : Dimanche 31 maiHEURE : 17h30LIEU : Teatre de BlanesSpectacle de th\u00e9\u00e2tre-com\u00e9die \u00ab M\u00e1s vale solo que ciento volando \u00bb,<\/p><\/div><span class='evcal_evdata_icons'><i class='fa fa-align-justify'><\/i><\/span>\n\t\t\t\t\t\t\t\n\t\t\t\t\t\t\t<div class='evcal_evdata_cell '><div class='eventon_full_description'>\n\t\t\t\t\t\t\t\t\t<h3 class='padb5 evo_h3'><span class='evcal_evdata_icons'><i class='fa fa-align-justify'><\/i><\/span>Description<\/h3><div class='eventon_desc_in' itemprop='description'>\n\t\t\t\t\t\t\t\t\t<p>DATE : Dimanche 31 mai<br data-start=\"4850\" data-end=\"4853\" \/>HEURE : 17h30<br data-start=\"4866\" data-end=\"4869\" \/>LIEU : Teatre de Blanes<br data-start=\"4892\" data-end=\"4895\" \/>Spectacle de th\u00e9\u00e2tre-com\u00e9die \u00ab M\u00e1s vale solo que ciento volando \u00bb, d\u2019Edu Soto. Billets disponibles sur Entrapolis.<br \/>\n<img class=\"alignnone size-full wp-image-234568\" src=\"https:\/\/www.blanescostabrava.cat\/wp-content\/uploads\/2026\/05\/TEATRE-BARCELONA-Edu-Soto.webp\" alt=\"\" width=\"390\" height=\"560\" srcset=\"https:\/\/www.blanescostabrava.cat\/wp-content\/uploads\/2026\/05\/TEATRE-BARCELONA-Edu-Soto.webp 390w, https:\/\/www.blanescostabrava.cat\/wp-content\/uploads\/2026\/05\/TEATRE-BARCELONA-Edu-Soto-209x300.webp 209w, https:\/\/www.blanescostabrava.cat\/wp-content\/uploads\/2026\/05\/TEATRE-BARCELONA-Edu-Soto-104x150.webp 104w, https:\/\/www.blanescostabrava.cat\/wp-content\/uploads\/2026\/05\/TEATRE-BARCELONA-Edu-Soto-17x24.webp 17w, https:\/\/www.blanescostabrava.cat\/wp-content\/uploads\/2026\/05\/TEATRE-BARCELONA-Edu-Soto-25x36.webp 25w, https:\/\/www.blanescostabrava.cat\/wp-content\/uploads\/2026\/05\/TEATRE-BARCELONA-Edu-Soto-33x48.webp 33w\" sizes=\"(max-width: 390px) 100vw, 390px\" \/><\/p>\n<\/div><div class='clear'><\/div>\n\t\t\t\t\t\t\t\t<\/div>\n\t\t\t\t\t\t\t<\/div>\n\t\t\t\t\t\t<\/div><div class='evo_metarow_time_location evorow bordb '>\n\t\t\t\t\t\t<div class='tb' >\n\t\t\t\t\t\t\t<div class='tbrow'>\n\t\t\t\t\t\t\t<div class='evcal_col50 bordr'>\n\t\t\t\t\t\t\t\t<div class='evcal_evdata_row evo_time'>\n\t\t\t\t\t\t\t\t\t<span class='evcal_evdata_icons'><i class='fa fa-clock-o'><\/i><\/span>\n\t\t\t\t\t\t\t\t\t<div class='evcal_evdata_cell'>\t\t\t\t\t\t\t\n\t\t\t\t\t\t\t\t\t\t<h3 class='evo_h3'><span class='evcal_evdata_icons'><i class='fa fa-clock-o'><\/i><\/span>Date<\/h3>\n\t\t\t\t\t\t\t\t\t\t<p>(Sunday) 5:30 pm<\/p>\n\t\t\t\t\t\t\t\t\t<\/div>\n\t\t\t\t\t\t\t\t<\/div>\n\t\t\t\t\t\t\t<\/div><div class='evcal_col50'>\n\t\t\t\t\t\t\t\t<div class='evcal_evdata_row evo_location'>\n\t\t\t\t\t\t\t\t\t<span class='evcal_evdata_icons'><i class='fa fa-map-marker'><\/i><\/span>\n\t\t\t\t\t\t\t\t\t<div class='evcal_evdata_cell' data-loc_tax_id='3728'>\t\t\t\t\t\t\t\n\t\t\t\t\t\t\t\t\t\t<h3 class='evo_h3'><span class='evcal_evdata_icons'><i class='fa fa-map-marker'><\/i><\/span>Location<\/h3><p class='evo_location_name'>Th\u00e9\u00e2tre Blanes<\/p><p class='evo_location_address'><\/p>\n\t\t\t\t\t\t\t\t\t<\/div>\n\t\t\t\t\t\t\t\t<\/div>\n\t\t\t\t\t\t\t<\/div><div class='clear'><\/div>\n\t\t\t\t\t\t\t<\/div><\/div>\n\t\t\t\t\t\t<\/div>\t\t\t\t\t\t<div class='evo_metarow_ICS evorow bordb evcal_evdata_row'>\n\t\t\t\t\t\t\t<span class=\"evcal_evdata_icons\"><i class=\"fa fa-calendar\"><\/i><\/span>\n\t\t\t\t\t\t\t<div class='evcal_evdata_cell'>\n\t\t\t\t\t\t\t\t<p><a href=\"https:\/\/www.blanescostabrava.cat\/wp-admin\/admin-ajax.php?action=eventon_ics_download&amp;event_id=234607&amp;sunix=20260531T153000Z&amp;eunix=20260531T215000Z&amp;loca=&amp;locn=Th\u00e9\u00e2tre Blanes\" class=\"evo_ics_nCal\" title=\"Add to your calendar\">Calendar<\/a><a href=\"\/\/www.google.com\/calendar\/event?action=TEMPLATE&amp;text=Th%C3%A9%C3%A2tre-com%C3%A9die+%3A+M%C3%A1s+vale+solo+que+ciento+volando%E2%80%9D&amp;dates=20260531T153000Z\/20260531T215000Z&amp;details=DATE+%3A+Dimanche+31+maiHEURE+%3A+17h30LIEU+%3A+Teatre+de+BlanesSpectacle+de+th%C3%A9%C3%A2tre-com%C3%A9die+%C2%AB+M%C3%A1s+vale+solo+que+ciento+volando+%C2%BB%2C&amp;location=Th%C3%A9%C3%A2tre+Blanes - \" target=\"_blank\" class=\"evo_ics_gCal\" title=\"Add to google calendar\">GoogleCal<\/a><\/p>\t\n\t\t\t\t\t\t\t<\/div>\t\t\t\t\t\t<\/div>\n\t\t\t\t\t\t<\/div><div class='clear end'><\/div><\/div>\t\t\t<div class='clear'><\/div>\n\t\t\t<\/div><!-- #evcal_list-->\n\t\t\t<div class='clear'><\/div>\n\t\n\t\t\t\n\t\t\t\t\t\t<\/div><!-- .ajde_evcal_calendar-->\n\n\t\t\t[\/vc_column_text][\/vc_column][vc_column width=\u00a0\u00bb1\/3&Prime;][vc_column_text el_class=\u00a0\u00bbtitulo-agenda\u00a0\u00bb]<\/p>\n<h2>\u00c9v\u00e9nements\u00a0<strong>annuels<\/strong><\/h2>\n<p>[\/vc_column_text][vc_column_text]<div class='EVOLI list_items'><div class='EVOLI_container '><ul class='EVOLI_list event_type_2 ' data-sepm='no' data-numm='12' data-ux_val='3' data-type='event_type_2' data-lang='L1'><li class=\" \" data-id=\"437\" data-section=\"Corpus\" style=\"border-left-color:#e5e5e5\" ><div class=\"inner\"><h2>Corpus<\/h2><p class='type_name'>Event Type 2<\/p><\/div><\/li><li class=\" \" data-id=\"434\" data-section=\"D\u00e9fil\u00e9 de carnaval\" style=\"border-left-color:#e5e5e5\" ><div class=\"inner\"><h2>D\u00e9fil\u00e9 de carnaval<\/h2><p class='type_name'>Event Type 2<\/p><\/div><\/li><li class=\" \" data-id=\"440\" data-section=\"F\u00eate des Co-patrons\" style=\"border-left-color:#e5e5e5\" ><div class=\"inner\"><h2>F\u00eate des Co-patrons<\/h2><p class='type_name'>Event Type 2<\/p><\/div><\/li><li class=\" \" data-id=\"438\" data-section=\"Feux d'artifice\" style=\"border-left-color:#e5e5e5\" ><div class=\"inner\"><h2>Feux d'artifice<\/h2><p class='type_name'>Event Type 2<\/p><\/div><\/li><li class=\" \" data-id=\"433\" data-section=\"No\u00ebl\" style=\"border-left-color:#e5e5e5\" ><div class=\"inner\"><h2>No\u00ebl<\/h2><p class='type_name'>Event Type 2<\/p><\/div><\/li><li class=\" \" data-id=\"436\" data-section=\"Semaine sainte\" style=\"border-left-color:#e5e5e5\" ><div class=\"inner\"><h2>Semaine sainte<\/h2><p class='type_name'>Event Type 2<\/p><\/div><\/li><\/ul><div class='EVOLI_event_list'>\n\t\t\t<p class='EVOLI_back_btn'><i class='fa fa-chevron-left'><\/i>Retour \u00e0 la liste<\/p>\n\t\t\t<p class='EVOLI_section'><em>Event Type 2<\/em><span><\/span><\/p>\n\t\t\t<div class='EVOLI_event_list_in'><\/div>\n\t\t\t<\/div><\/div><\/div>[\/vc_column_text][\/vc_column][\/vc_row][vc_row el_class=\u00a0\u00bbagenda-seccion\u00a0\u00bb][vc_column el_class=\u00a0\u00bbeventos-izquierda\u00a0\u00bb][vc_column_text el_class=\u00a0\u00bbtitulo-agenda\u00a0\u00bb]<\/p>\n<h2><strong>Prochains<\/strong> \u00e9v\u00e9nements<\/h2>\n<p>[\/vc_column_text][vc_column_text css=\u00a0\u00bb\u00a0\u00bb]<div id='evcal_calendar_803' class='ajde_evcal_calendar boxy boxstyle1' ><div class='evo-data' data-cyear=\"2026\" data-cmonth=\"5\" data-runajax=\"1\" data-evc_open=\"0\" data-cal_ver=\"2.6.6\" data-mapscroll=\"true\" data-mapformat=\"roadmap\" data-mapzoom=\"18\" data-mapiconurl=\"\" data-ev_cnt=\"100\" data-show_limit=\"yes\" data-tiles=\"yes\" data-sort_by=\"sort_date\" data-filters_on=\"false\" data-range_start=\"0\" data-range_end=\"0\" data-send_unix=\"0\" data-ux_val=\"3\" data-accord=\"0\" data-rtl=\"no\"  ><\/div><div id='evcal_head' class='calendar_header ' ><div class='evo_cal_above'><span class='evo-gototoday-btn' style='display:none' data-mo='5' data-yr='2026' data-dy=''>Mois en cours<\/span><\/div><div class='evo_cal_above_content'><\/div><p id='evcal_cur' class='evo_month_title'> mai, 2026<\/p><p class='evo_arrows'><span id='evcal_prev' class='evcal_arrows evcal_btn_prev' ><i class='fa fa-angle-left'><\/i><\/span><span id='evcal_next' class='evcal_arrows evcal_btn_next' ><i class='fa fa-angle-right'><\/i><\/span><\/p><div class='cal_arguments' style='display:none' data-hide_past=\"no\" data-show_et_ft_img=\"no\" data-event_order=\"ASC\" data-ft_event_priority=\"no\" data-lang=\"L4\" data-month_incre=\"0\" data-only_ft=\"no\" data-evc_open=\"no\" data-show_limit=\"yes\" data-etc_override=\"no\" data-show_limit_redir=\"0\" data-tiles=\"yes\" data-tile_height=\"0\" data-tile_bg=\"1\" data-tile_count=\"2\" data-tile_style=\"1\" data-s=\"\" data-members_only=\"no\" data-ux_val=\"3\" data-show_limit_ajax=\"no\" data-show_limit_paged=\"1\" data-hide_mult_occur=\"no\" data-show_repeats=\"no\" ><\/div><div class='clear'><\/div><\/div><div class='eventon_sorting_section' style='display:none'><div class='eventon_filter_line '><div class='eventon_filter' data-filter_field='event_type' data-filter_val='all' data-filter_type='tax' data-fl_o='IN'><\/div><div class='eventon_filter' data-filter_field='event_type_2' data-filter_val='all' data-filter_type='tax' data-fl_o='IN'><\/div><div class='eventon_filter' data-filter_field='event_type_3' data-filter_val='all' data-filter_type='tax' data-fl_o='IN'><\/div><div class='eventon_filter' data-filter_field='event_type_4' data-filter_val='all' data-filter_type='tax' data-fl_o='IN'><\/div><div class='eventon_filter' data-filter_field='event_type_5' data-filter_val='all' data-filter_type='tax' data-fl_o='IN'><\/div><div class='eventon_filter' data-filter_field='event_location' data-filter_val='all' data-filter_type='tax' data-fl_o='IN'><\/div><div class='eventon_filter' data-filter_field='event_organizer' data-filter_val='all' data-filter_type='tax' data-fl_o='IN'><\/div><\/div><div class='clear'><\/div><\/div><div id='eventon_loadbar_section'><div id='eventon_loadbar'><\/div><\/div><div id='evcal_list' class='eventon_events_list'><div id=\"event_232936\" class=\"eventon_list_event evo_eventtop  event hasbgimg\" data-event_id=\"232936\" data-time=\"1776988801-1778457599\" data-colr=\"#206177\" itemscope itemtype='http:\/\/schema.org\/Event' 1><div class=\"evo_boxtop\" style=\"background-image: url(https:\/\/www.blanescostabrava.cat\/wp-content\/uploads\/2023\/02\/1593233392Visita-Inaugural-Expo-12.jpeg); background-color:#206177;height:200px;\"><\/div><div class=\"evo_event_schema\" style=\"display:none\" ><a itemprop=\"url\" href=\"https:\/\/www.blanescostabrava.cat\/fr\/events\/exposition-farmacia-adell-100-anys-cuidant-de-tu-1926-2026\/\"><\/a><span itemprop='name'  >Exposition: \"Farm\u00e0cia Adell, 100 anys cuidant de tu (1926 - 2026)\"<\/span><meta itemprop='image' content='https:\/\/www.blanescostabrava.cat\/wp-content\/uploads\/2023\/02\/1593233392Visita-Inaugural-Expo-12.jpeg' ><\/meta><meta itemprop='description' content='DATE : Du 24 avril au 10 mai\r\n\r\nLIEU : Salle Ma Luisa Garc\u00eda - Tornel' ><\/meta><meta itemprop='startDate' content='2026-4-24' ><\/meta><meta itemprop='endDate' content='2026-5-10' ><\/meta><meta itemprop='eventStatus' content='on-schedule' ><\/meta><script type=\"application\/ld+json\">{\t\"@context\": \"http:\/\/schema.org\",\n\t\t\t\t\t\t\t  \t\"@type\": \"Event\",\n\t\t\t\t\t\t\t  \t\"name\": \"Exposition: \"Farm\u00e0cia Adell, 100 anys cuidant de tu (1926 - 2026)\"\",\n\t\t\t\t\t\t\t  \t\"startDate\": \"2026-4-24T00-00-00-00\",\n\t\t\t\t\t\t\t  \t\"endDate\": \"2026-5-10T23-23-59-00\",\n\t\t\t\t\t\t\t  \t\"image\":\"https:\/\/www.blanescostabrava.cat\/wp-content\/uploads\/2023\/02\/1593233392Visita-Inaugural-Expo-12-300x169.jpeg\",\n\t\t\t\t\t\t\t  \t\"description\":\"DATE : Du 24 avril au 10 mai\r\n\r\nLIEU : Salle Ma Luisa Garc\u00eda - Tornel\",\n\t\t\t\t\t\t\t  \t\n\t\t\t\t\t\t\t }<\/script><\/div>\n\t\t\t\t<p class=\"desc_trig_outter\"><a data-gmap_status=\"null\" data-exlk=\"0\" style=\"border-color: #206177;padding-top: 215px;height: 310px;\" id=\"evc_1776988801232936\" class=\"desc_trig mul_val evcal_list_a\" data-ux_val=\"3\"  ><span class='event-img'><img src='https:\/\/www.blanescostabrava.cat\/wp-content\/uploads\/2023\/02\/1593233392Visita-Inaugural-Expo-12.jpeg'><\/span><span class='evcal_cblock ' data-bgcolor='#206177' data-smon='avil' data-syr='2026'><span class='evo_start '><em class='date'>24<\/em><em class='month'>avr<\/em><em class='time'>allday<\/em><\/span><span class='evo_end '><em class='date'>10<\/em><em class='month'>mai<\/em><\/span><em class='clear'><\/em><\/span><span class='evcal_desc evo_info hide_eventtopdata '  data-location_status=\"false\" ><span class='evo_above_title'><\/span><span class='evcal_desc2 evcal_event_title' itemprop='name'>Exposition: \"Farm\u00e0cia Adell, 100 anys cuidant de tu (1926 - 2026)\"<\/span><span class='evo_below_title'><\/span><span class='evcal_desc_info' ><\/span><span class='evcal_desc3'><\/span><\/span><em class='clear'><\/em><\/p><\/a><div class='event_description evcal_eventcard ' style=\"display:none\"><div class='evo_metarow_directimg'><img src='https:\/\/www.blanescostabrava.cat\/wp-content\/uploads\/2023\/02\/1593233392Visita-Inaugural-Expo-12.jpeg' \/><\/div><div class='evo_metarow_details evorow evcal_evdata_row bordb evcal_event_details'>\n\t\t\t\t\t\t\t<div class=\"event_excerpt\" style=\"display:none\"><h3 class=\"padb5 evo_h3\">Description<\/h3><p>DATE : Du 24 avril au 10 mai\r\n\r\nLIEU : Salle Ma Luisa Garc\u00eda - Tornel<\/p><\/div><span class='evcal_evdata_icons'><i class='fa fa-align-justify'><\/i><\/span>\n\t\t\t\t\t\t\t\n\t\t\t\t\t\t\t<div class='evcal_evdata_cell '><div class='eventon_full_description'>\n\t\t\t\t\t\t\t\t\t<h3 class='padb5 evo_h3'><span class='evcal_evdata_icons'><i class='fa fa-align-justify'><\/i><\/span>Description<\/h3><div class='eventon_desc_in' itemprop='description'>\n\t\t\t\t\t\t\t\t\t<p>DATE : Du 24 avril au 10 mai<\/p>\n<p>LIEU : Salle Ma Luisa Garc\u00eda &#8211; Tornel<\/p>\n<\/div><div class='clear'><\/div>\n\t\t\t\t\t\t\t\t<\/div>\n\t\t\t\t\t\t\t<\/div>\n\t\t\t\t\t\t<\/div><div class='evo_metarow_time_location evorow bordb '>\n\t\t\t\t\t\t<div class='tb' >\n\t\t\t\t\t\t\t<div class='tbrow'>\n\t\t\t\t\t\t\t<div class='evcal_col50 bordr'>\n\t\t\t\t\t\t\t\t<div class='evcal_evdata_row evo_time'>\n\t\t\t\t\t\t\t\t\t<span class='evcal_evdata_icons'><i class='fa fa-clock-o'><\/i><\/span>\n\t\t\t\t\t\t\t\t\t<div class='evcal_evdata_cell'>\t\t\t\t\t\t\t\n\t\t\t\t\t\t\t\t\t\t<h3 class='evo_h3'><span class='evcal_evdata_icons'><i class='fa fa-clock-o'><\/i><\/span>Date<\/h3>\n\t\t\t\t\t\t\t\t\t\t<p>Avil 24 (Friday) - Mai 10 (Sunday)<\/p>\n\t\t\t\t\t\t\t\t\t<\/div>\n\t\t\t\t\t\t\t\t<\/div>\n\t\t\t\t\t\t\t<\/div><div class='evcal_col50'>\n\t\t\t\t\t\t\t\t<div class='evcal_evdata_row evo_location'>\n\t\t\t\t\t\t\t\t\t<span class='evcal_evdata_icons'><i class='fa fa-map-marker'><\/i><\/span>\n\t\t\t\t\t\t\t\t\t<div class='evcal_evdata_cell' data-loc_tax_id='4419'>\t\t\t\t\t\t\t\n\t\t\t\t\t\t\t\t\t\t<h3 class='evo_h3'><span class='evcal_evdata_icons'><i class='fa fa-map-marker'><\/i><\/span>Location<\/h3><p class='evo_location_name'>Salle M\u00aa Luisa Garc\u00eda-Tornel<\/p><p class='evo_location_address'><\/p>\n\t\t\t\t\t\t\t\t\t<\/div>\n\t\t\t\t\t\t\t\t<\/div>\n\t\t\t\t\t\t\t<\/div><div class='clear'><\/div>\n\t\t\t\t\t\t\t<\/div><\/div>\n\t\t\t\t\t\t<\/div>\t\t\t\t\t\t<div class='evo_metarow_ICS evorow bordb evcal_evdata_row'>\n\t\t\t\t\t\t\t<span class=\"evcal_evdata_icons\"><i class=\"fa fa-calendar\"><\/i><\/span>\n\t\t\t\t\t\t\t<div class='evcal_evdata_cell'>\n\t\t\t\t\t\t\t\t<p><a href=\"https:\/\/www.blanescostabrava.cat\/wp-admin\/admin-ajax.php?action=eventon_ics_download&amp;event_id=232936&amp;sunix=20260423T220000Z&amp;eunix=20260510T215900Z&amp;loca=&amp;locn=Salle M\u00aa Luisa Garc\u00eda-Tornel\" class=\"evo_ics_nCal\" title=\"Add to your calendar\">Calendar<\/a><a href=\"\/\/www.google.com\/calendar\/event?action=TEMPLATE&amp;text=Exposition%3A+%22Farm%C3%A0cia+Adell%2C+100+anys+cuidant+de+tu+%281926+-+2026%29%22&amp;dates=20260423T220000Z\/20260510T215900Z&amp;details=DATE+%3A+Du+24+avril+au+10+mai%0D%0A%0D%0ALIEU+%3A+Salle+Ma+Luisa+Garc%C3%ADa+-+Tornel&amp;location=Salle+M%C2%AA+Luisa+Garc%C3%ADa-Tornel - \" target=\"_blank\" class=\"evo_ics_gCal\" title=\"Add to google calendar\">GoogleCal<\/a><\/p>\t\n\t\t\t\t\t\t\t<\/div>\t\t\t\t\t\t<\/div>\n\t\t\t\t\t\t<\/div><div class='clear end'><\/div><\/div><div id=\"event_233917\" class=\"eventon_list_event evo_eventtop  event hasbgimg\" data-event_id=\"233917\" data-time=\"1777420801-1778803199\" data-colr=\"#206177\" itemscope itemtype='http:\/\/schema.org\/Event' 2><div class=\"evo_boxtop\" style=\"background-image: url(https:\/\/www.blanescostabrava.cat\/wp-content\/uploads\/2023\/07\/galerialarcada-2.jpeg); background-color:#206177;height:200px;\"><\/div><div class=\"evo_event_schema\" style=\"display:none\" ><a itemprop=\"url\" href=\"https:\/\/www.blanescostabrava.cat\/fr\/events\/exposition-toni-yll-jordi-soler\/\"><\/a><span itemprop='name'  >Exposition: \u201cToni Yll\/Jordi Soler\u201d<\/span><meta itemprop='image' content='https:\/\/www.blanescostabrava.cat\/wp-content\/uploads\/2023\/07\/galerialarcada-2.jpeg' ><\/meta><meta itemprop='description' content='Exposici\u00f3\/Exposici\u00f3n\/Exhibition\/Exposition\r\n\u201cToni Yll\/Jordi Soler\u201d\r\n\r\nDATE: Fins al 14 de maig\r\n\r\nLIEU:\u00a0Galeria d\u2019art L\u2019Arcada' ><\/meta><meta itemprop='startDate' content='2026-4-29' ><\/meta><meta itemprop='endDate' content='2026-5-14' ><\/meta><meta itemprop='eventStatus' content='on-schedule' ><\/meta><script type=\"application\/ld+json\">{\t\"@context\": \"http:\/\/schema.org\",\n\t\t\t\t\t\t\t  \t\"@type\": \"Event\",\n\t\t\t\t\t\t\t  \t\"name\": \"Exposition: \u201cToni Yll\/Jordi Soler\u201d\",\n\t\t\t\t\t\t\t  \t\"startDate\": \"2026-4-29T00-00-00-00\",\n\t\t\t\t\t\t\t  \t\"endDate\": \"2026-5-14T23-23-59-00\",\n\t\t\t\t\t\t\t  \t\"image\":\"https:\/\/www.blanescostabrava.cat\/wp-content\/uploads\/2023\/07\/galerialarcada-2-300x164.jpeg\",\n\t\t\t\t\t\t\t  \t\"description\":\"Exposici\u00f3\/Exposici\u00f3n\/Exhibition\/Exposition\r\n\u201cToni Yll\/Jordi Soler\u201d\r\n\r\nDATE: Fins al 14 de maig\r\n\r\nLIEU:\u00a0Galeria d\u2019art L\u2019Arcada\",\n\t\t\t\t\t\t\t  \t\n\t\t\t\t\t\t\t }<\/script><\/div>\n\t\t\t\t<p class=\"desc_trig_outter\"><a data-gmap_status=\"null\" data-exlk=\"0\" style=\"border-color: #206177;padding-top: 215px;height: 310px;\" id=\"evc_1777420801233917\" class=\"desc_trig mul_val evcal_list_a\" data-ux_val=\"3\"  ><span class='event-img'><img src='https:\/\/www.blanescostabrava.cat\/wp-content\/uploads\/2023\/07\/galerialarcada-2.jpeg'><\/span><span class='evcal_cblock ' data-bgcolor='#206177' data-smon='avil' data-syr='2026'><span class='evo_start '><em class='date'>29<\/em><em class='month'>avr<\/em><em class='time'>allday<\/em><\/span><span class='evo_end '><em class='date'>14<\/em><em class='month'>mai<\/em><\/span><em class='clear'><\/em><\/span><span class='evcal_desc evo_info hide_eventtopdata '  data-location_status=\"false\" ><span class='evo_above_title'><\/span><span class='evcal_desc2 evcal_event_title' itemprop='name'>Exposition: \u201cToni Yll\/Jordi Soler\u201d<\/span><span class='evo_below_title'><\/span><span class='evcal_desc_info' ><\/span><span class='evcal_desc3'><\/span><\/span><em class='clear'><\/em><\/p><\/a><div class='event_description evcal_eventcard ' style=\"display:none\"><div class='evo_metarow_directimg'><img src='https:\/\/www.blanescostabrava.cat\/wp-content\/uploads\/2023\/07\/galerialarcada-2.jpeg' \/><\/div><div class='evo_metarow_details evorow evcal_evdata_row bordb evcal_event_details'>\n\t\t\t\t\t\t\t<div class=\"event_excerpt\" style=\"display:none\"><h3 class=\"padb5 evo_h3\">Description<\/h3><p>Exposici\u00f3\/Exposici\u00f3n\/Exhibition\/Exposition\r\n\u201cToni Yll\/Jordi Soler\u201d\r\n\r\nDATE: Fins al 14 de maig\r\n\r\nLIEU:\u00a0Galeria d\u2019art L\u2019Arcada<\/p><\/div><span class='evcal_evdata_icons'><i class='fa fa-align-justify'><\/i><\/span>\n\t\t\t\t\t\t\t\n\t\t\t\t\t\t\t<div class='evcal_evdata_cell '><div class='eventon_full_description'>\n\t\t\t\t\t\t\t\t\t<h3 class='padb5 evo_h3'><span class='evcal_evdata_icons'><i class='fa fa-align-justify'><\/i><\/span>Description<\/h3><div class='eventon_desc_in' itemprop='description'>\n\t\t\t\t\t\t\t\t\t<p data-pm-slice=\"1 1 []\">Exposici\u00f3\/Exposici\u00f3n\/Exhibition\/Exposition<\/p>\n<p>\u201cToni Yll\/Jordi Soler\u201d<\/p>\n<p><strong>DATE<\/strong>: Fins al 14 de maig<\/p>\n<p><strong>LIEU<\/strong>:\u00a0Galeria d\u2019art L\u2019Arcada<\/p>\n<\/div><div class='clear'><\/div>\n\t\t\t\t\t\t\t\t<\/div>\n\t\t\t\t\t\t\t<\/div>\n\t\t\t\t\t\t<\/div><div class='evo_metarow_time_location evorow bordb '>\n\t\t\t\t\t\t<div class='tb' >\n\t\t\t\t\t\t\t<div class='tbrow'>\n\t\t\t\t\t\t\t<div class='evcal_col50 bordr'>\n\t\t\t\t\t\t\t\t<div class='evcal_evdata_row evo_time'>\n\t\t\t\t\t\t\t\t\t<span class='evcal_evdata_icons'><i class='fa fa-clock-o'><\/i><\/span>\n\t\t\t\t\t\t\t\t\t<div class='evcal_evdata_cell'>\t\t\t\t\t\t\t\n\t\t\t\t\t\t\t\t\t\t<h3 class='evo_h3'><span class='evcal_evdata_icons'><i class='fa fa-clock-o'><\/i><\/span>Date<\/h3>\n\t\t\t\t\t\t\t\t\t\t<p>Avil 29 (Wednesday) - Mai 14 (Thursday)<\/p>\n\t\t\t\t\t\t\t\t\t<\/div>\n\t\t\t\t\t\t\t\t<\/div>\n\t\t\t\t\t\t\t<\/div><div class='evcal_col50'>\n\t\t\t\t\t\t\t\t<div class='evcal_evdata_row evo_location'>\n\t\t\t\t\t\t\t\t\t<span class='evcal_evdata_icons'><i class='fa fa-map-marker'><\/i><\/span>\n\t\t\t\t\t\t\t\t\t<div class='evcal_evdata_cell' data-loc_tax_id='2795'>\t\t\t\t\t\t\t\n\t\t\t\t\t\t\t\t\t\t<h3 class='evo_h3'><span class='evcal_evdata_icons'><i class='fa fa-map-marker'><\/i><\/span>Location<\/h3><p class='evo_location_name'>Galerie d&#039;art l&#039;Arcada<\/p><p class='evo_location_address'><\/p>\n\t\t\t\t\t\t\t\t\t<\/div>\n\t\t\t\t\t\t\t\t<\/div>\n\t\t\t\t\t\t\t<\/div><div class='clear'><\/div>\n\t\t\t\t\t\t\t<\/div><\/div>\n\t\t\t\t\t\t<\/div>\t\t\t\t\t\t<div class='evo_metarow_ICS evorow bordb evcal_evdata_row'>\n\t\t\t\t\t\t\t<span class=\"evcal_evdata_icons\"><i class=\"fa fa-calendar\"><\/i><\/span>\n\t\t\t\t\t\t\t<div class='evcal_evdata_cell'>\n\t\t\t\t\t\t\t\t<p><a href=\"https:\/\/www.blanescostabrava.cat\/wp-admin\/admin-ajax.php?action=eventon_ics_download&amp;event_id=233917&amp;sunix=20260428T220000Z&amp;eunix=20260514T215900Z&amp;loca=&amp;locn=Galerie d&#039;art l&#039;Arcada\" class=\"evo_ics_nCal\" title=\"Add to your calendar\">Calendar<\/a><a href=\"\/\/www.google.com\/calendar\/event?action=TEMPLATE&amp;text=Exposition%3A+%E2%80%9CToni+Yll%2FJordi+Soler%E2%80%9D&amp;dates=20260428T220000Z\/20260514T215900Z&amp;details=Exposici%C3%B3%2FExposici%C3%B3n%2FExhibition%2FExposition%0D%0A%E2%80%9CToni+Yll%2FJordi+Soler%E2%80%9D%0D%0A%0D%0ADATE%3A+Fins+al+14+de+maig%0D%0A%0D%0ALIEU%3A%C2%A0Galeria+d%E2%80%99art+L%E2%80%99Arcada&amp;location=Galerie+d%26%23039%3Bart+l%26%23039%3BArcada - \" target=\"_blank\" class=\"evo_ics_gCal\" title=\"Add to google calendar\">GoogleCal<\/a><\/p>\t\n\t\t\t\t\t\t\t<\/div>\t\t\t\t\t\t<\/div>\n\t\t\t\t\t\t<\/div><div class='clear end'><\/div><\/div><div id=\"event_233467\" class=\"eventon_list_event evo_eventtop  event hasbgimg\" data-event_id=\"233467\" data-time=\"1777507201-1777852799\" data-colr=\"#206177\" itemscope itemtype='http:\/\/schema.org\/Event' 3><div class=\"evo_boxtop\" style=\"background-image: url(https:\/\/www.blanescostabrava.cat\/wp-content\/uploads\/2026\/04\/ESP26-POSTER-LOGOS-1.png); background-color:#206177;height:200px;\"><\/div><div class=\"evo_event_schema\" style=\"display:none\" ><a itemprop=\"url\" href=\"https:\/\/www.blanescostabrava.cat\/fr\/events\/la-grande-fete-fitkid-championnat-despagne\/\"><\/a><span itemprop='name'  >La Grande F\u00eate Fitkid - Championnat d\u2019Espagne<\/span><meta itemprop='image' content='https:\/\/www.blanescostabrava.cat\/wp-content\/uploads\/2026\/04\/ESP26-POSTER-LOGOS-1.png' ><\/meta><meta itemprop='description' content='DATE : du 30 avril au 3 mai\r\n\r\nLIEU : Cit\u00e9 Sportive de Blanes\r\n\r\n' ><\/meta><meta itemprop='startDate' content='2026-4-30' ><\/meta><meta itemprop='endDate' content='2026-5-3' ><\/meta><meta itemprop='eventStatus' content='on-schedule' ><\/meta><script type=\"application\/ld+json\">{\t\"@context\": \"http:\/\/schema.org\",\n\t\t\t\t\t\t\t  \t\"@type\": \"Event\",\n\t\t\t\t\t\t\t  \t\"name\": \"La Grande F\u00eate Fitkid - Championnat d\u2019Espagne\",\n\t\t\t\t\t\t\t  \t\"startDate\": \"2026-4-30T00-00-00-00\",\n\t\t\t\t\t\t\t  \t\"endDate\": \"2026-5-3T23-23-59-00\",\n\t\t\t\t\t\t\t  \t\"image\":\"https:\/\/www.blanescostabrava.cat\/wp-content\/uploads\/2026\/04\/ESP26-POSTER-LOGOS-1-212x300.png\",\n\t\t\t\t\t\t\t  \t\"description\":\"DATE : du 30 avril au 3 mai\r\n\r\nLIEU : Cit\u00e9 Sportive de Blanes\r\n\r\n\",\n\t\t\t\t\t\t\t  \t\n\t\t\t\t\t\t\t }<\/script><\/div>\n\t\t\t\t<p class=\"desc_trig_outter\"><a data-gmap_status=\"null\" data-exlk=\"0\" style=\"border-color: #206177;padding-top: 215px;height: 310px;\" id=\"evc_1777507201233467\" class=\"desc_trig mul_val evcal_list_a\" data-ux_val=\"3\"  ><span class='event-img'><img src='https:\/\/www.blanescostabrava.cat\/wp-content\/uploads\/2026\/04\/ESP26-POSTER-LOGOS-1.png'><\/span><span class='evcal_cblock ' data-bgcolor='#206177' data-smon='avil' data-syr='2026'><span class='evo_start '><em class='date'>30<\/em><em class='month'>avr<\/em><em class='time'>allday<\/em><\/span><span class='evo_end '><em class='date'>03<\/em><em class='month'>mai<\/em><\/span><em class='clear'><\/em><\/span><span class='evcal_desc evo_info hide_eventtopdata '  data-location_status=\"false\" ><span class='evo_above_title'><\/span><span class='evcal_desc2 evcal_event_title' itemprop='name'>La Grande F\u00eate Fitkid - Championnat d\u2019Espagne<\/span><span class='evo_below_title'><\/span><span class='evcal_desc_info' ><\/span><span class='evcal_desc3'><\/span><\/span><em class='clear'><\/em><\/p><\/a><div class='event_description evcal_eventcard ' style=\"display:none\"><div class='evo_metarow_directimg'><img src='https:\/\/www.blanescostabrava.cat\/wp-content\/uploads\/2026\/04\/ESP26-POSTER-LOGOS-1.png' \/><\/div><div class='evo_metarow_details evorow evcal_evdata_row bordb evcal_event_details'>\n\t\t\t\t\t\t\t<div class=\"event_excerpt\" style=\"display:none\"><h3 class=\"padb5 evo_h3\">Description<\/h3><p>DATE : du 30 avril au 3 mai\r\n\r\nLIEU : Cit\u00e9 Sportive de Blanes\r\n\r\n<\/p><\/div><span class='evcal_evdata_icons'><i class='fa fa-align-justify'><\/i><\/span>\n\t\t\t\t\t\t\t\n\t\t\t\t\t\t\t<div class='evcal_evdata_cell '><div class='eventon_full_description'>\n\t\t\t\t\t\t\t\t\t<h3 class='padb5 evo_h3'><span class='evcal_evdata_icons'><i class='fa fa-align-justify'><\/i><\/span>Description<\/h3><div class='eventon_desc_in' itemprop='description'>\n\t\t\t\t\t\t\t\t\t<p>DATE : du 30 avril au 3 mai<\/p>\n<p>LIEU : Cit\u00e9 Sportive de Blanes<\/p>\n<p><img class=\"alignnone size-large wp-image-233449\" src=\"https:\/\/www.blanescostabrava.cat\/wp-content\/uploads\/2026\/04\/ESP26-POSTER-LOGOS-1-724x1024.png\" alt=\"\" width=\"724\" height=\"1024\" srcset=\"https:\/\/www.blanescostabrava.cat\/wp-content\/uploads\/2026\/04\/ESP26-POSTER-LOGOS-1-724x1024.png 724w, https:\/\/www.blanescostabrava.cat\/wp-content\/uploads\/2026\/04\/ESP26-POSTER-LOGOS-1-212x300.png 212w, https:\/\/www.blanescostabrava.cat\/wp-content\/uploads\/2026\/04\/ESP26-POSTER-LOGOS-1-106x150.png 106w, https:\/\/www.blanescostabrava.cat\/wp-content\/uploads\/2026\/04\/ESP26-POSTER-LOGOS-1-768x1086.png 768w, https:\/\/www.blanescostabrava.cat\/wp-content\/uploads\/2026\/04\/ESP26-POSTER-LOGOS-1-1086x1536.png 1086w, https:\/\/www.blanescostabrava.cat\/wp-content\/uploads\/2026\/04\/ESP26-POSTER-LOGOS-1-17x24.png 17w, https:\/\/www.blanescostabrava.cat\/wp-content\/uploads\/2026\/04\/ESP26-POSTER-LOGOS-1-25x36.png 25w, https:\/\/www.blanescostabrava.cat\/wp-content\/uploads\/2026\/04\/ESP26-POSTER-LOGOS-1-34x48.png 34w, https:\/\/www.blanescostabrava.cat\/wp-content\/uploads\/2026\/04\/ESP26-POSTER-LOGOS-1.png 1414w\" sizes=\"(max-width: 724px) 100vw, 724px\" \/><\/p>\n<\/div><div class='clear'><\/div>\n\t\t\t\t\t\t\t\t<\/div>\n\t\t\t\t\t\t\t<\/div>\n\t\t\t\t\t\t<\/div><div class='evo_metarow_time_location evorow bordb '>\n\t\t\t\t\t\t<div class='tb' >\n\t\t\t\t\t\t\t<div class='tbrow'>\n\t\t\t\t\t\t\t<div class='evcal_col50 bordr'>\n\t\t\t\t\t\t\t\t<div class='evcal_evdata_row evo_time'>\n\t\t\t\t\t\t\t\t\t<span class='evcal_evdata_icons'><i class='fa fa-clock-o'><\/i><\/span>\n\t\t\t\t\t\t\t\t\t<div class='evcal_evdata_cell'>\t\t\t\t\t\t\t\n\t\t\t\t\t\t\t\t\t\t<h3 class='evo_h3'><span class='evcal_evdata_icons'><i class='fa fa-clock-o'><\/i><\/span>Date<\/h3>\n\t\t\t\t\t\t\t\t\t\t<p>Avil 30 (Thursday) - Mai 3 (Sunday)<\/p>\n\t\t\t\t\t\t\t\t\t<\/div>\n\t\t\t\t\t\t\t\t<\/div>\n\t\t\t\t\t\t\t<\/div><div class='evcal_col50'>\n\t\t\t\t\t\t\t\t<div class='evcal_evdata_row evo_location'>\n\t\t\t\t\t\t\t\t\t<span class='evcal_evdata_icons'><i class='fa fa-map-marker'><\/i><\/span>\n\t\t\t\t\t\t\t\t\t<div class='evcal_evdata_cell' data-loc_tax_id='3334'>\t\t\t\t\t\t\t\n\t\t\t\t\t\t\t\t\t\t<h3 class='evo_h3'><span class='evcal_evdata_icons'><i class='fa fa-map-marker'><\/i><\/span>Location<\/h3><p class='evo_location_name'>Cit\u00e9 sportive de Blanes<\/p><p class='evo_location_address'><\/p>\n\t\t\t\t\t\t\t\t\t<\/div>\n\t\t\t\t\t\t\t\t<\/div>\n\t\t\t\t\t\t\t<\/div><div class='clear'><\/div>\n\t\t\t\t\t\t\t<\/div><\/div>\n\t\t\t\t\t\t<\/div>\t\t\t\t\t\t<div class='evo_metarow_ICS evorow bordb evcal_evdata_row'>\n\t\t\t\t\t\t\t<span class=\"evcal_evdata_icons\"><i class=\"fa fa-calendar\"><\/i><\/span>\n\t\t\t\t\t\t\t<div class='evcal_evdata_cell'>\n\t\t\t\t\t\t\t\t<p><a href=\"https:\/\/www.blanescostabrava.cat\/wp-admin\/admin-ajax.php?action=eventon_ics_download&amp;event_id=233467&amp;sunix=20260429T220000Z&amp;eunix=20260503T215900Z&amp;loca=&amp;locn=Cit\u00e9 sportive de Blanes\" class=\"evo_ics_nCal\" title=\"Add to your calendar\">Calendar<\/a><a href=\"\/\/www.google.com\/calendar\/event?action=TEMPLATE&amp;text=La+Grande+F%C3%AAte+Fitkid+-+Championnat+d%E2%80%99Espagne&amp;dates=20260429T220000Z\/20260503T215900Z&amp;details=DATE+%3A+du+30+avril+au+3+mai%0D%0A%0D%0ALIEU+%3A+Cit%C3%A9+Sportive+de+Blanes%0D%0A%0D%0A&amp;location=Cit%C3%A9+sportive+de+Blanes - \" target=\"_blank\" class=\"evo_ics_gCal\" title=\"Add to google calendar\">GoogleCal<\/a><\/p>\t\n\t\t\t\t\t\t\t<\/div>\t\t\t\t\t\t<\/div>\n\t\t\t\t\t\t<\/div><div class='clear end'><\/div><\/div><div id=\"event_233944\" class=\"eventon_list_event evo_eventtop  event hasbgimg\" data-event_id=\"233944\" data-time=\"1777593601-1778284799\" data-colr=\"#206177\" itemscope itemtype='http:\/\/schema.org\/Event' 4><div class=\"evo_boxtop\" style=\"background-image: url(https:\/\/www.blanescostabrava.cat\/wp-content\/uploads\/2023\/08\/amigos-mayores-jugando-petanca.jpg); background-color:#206177;height:200px;\"><\/div><div class=\"evo_event_schema\" style=\"display:none\" ><a itemprop=\"url\" href=\"https:\/\/www.blanescostabrava.cat\/fr\/events\/championnat-de-petanque-suneris\/\"><\/a><span itemprop='name'  >Championnat de p\u00e9tanque Suneris<\/span><meta itemprop='image' content='https:\/\/www.blanescostabrava.cat\/wp-content\/uploads\/2023\/08\/amigos-mayores-jugando-petanca.jpg' ><\/meta><meta itemprop='description'  ><\/meta><meta itemprop='startDate' content='2026-5-1' ><\/meta><meta itemprop='endDate' content='2026-5-8' ><\/meta><meta itemprop='eventStatus' content='on-schedule' ><\/meta><script type=\"application\/ld+json\">{\t\"@context\": \"http:\/\/schema.org\",\n\t\t\t\t\t\t\t  \t\"@type\": \"Event\",\n\t\t\t\t\t\t\t  \t\"name\": \"Championnat de p\u00e9tanque Suneris\",\n\t\t\t\t\t\t\t  \t\"startDate\": \"2026-5-1T00-00-00-00\",\n\t\t\t\t\t\t\t  \t\"endDate\": \"2026-5-8T23-23-59-00\",\n\t\t\t\t\t\t\t  \t\"image\":\"https:\/\/www.blanescostabrava.cat\/wp-content\/uploads\/2023\/08\/amigos-mayores-jugando-petanca-300x200.jpg\",\n\t\t\t\t\t\t\t  \t\"description\":\"\",\n\t\t\t\t\t\t\t  \t\n\t\t\t\t\t\t\t }<\/script><\/div>\n\t\t\t\t<p class=\"desc_trig_outter\"><a data-gmap_status=\"null\" data-exlk=\"0\" style=\"border-color: #206177;padding-top: 215px;height: 310px;\" id=\"evc_1777593601233944\" class=\"desc_trig mul_val evcal_list_a\" data-ux_val=\"3\"  ><span class='event-img'><img src='https:\/\/www.blanescostabrava.cat\/wp-content\/uploads\/2023\/08\/amigos-mayores-jugando-petanca.jpg'><\/span><span class='evcal_cblock ' data-bgcolor='#206177' data-smon='mai' data-syr='2026'><span class='evo_start '><em class='date'>01<\/em><em class='month'>mai<\/em><em class='time'>allday<\/em><\/span><span class='evo_end '><em class='date'>08<\/em><\/span><em class='clear'><\/em><\/span><span class='evcal_desc evo_info hide_eventtopdata '  data-location_status=\"false\" ><span class='evo_above_title'><\/span><span class='evcal_desc2 evcal_event_title' itemprop='name'>Championnat de p\u00e9tanque Suneris<\/span><span class='evo_below_title'><\/span><span class='evcal_desc_info' ><\/span><span class='evcal_desc3'><\/span><\/span><em class='clear'><\/em><\/p><\/a><div class='event_description evcal_eventcard ' style=\"display:none\"><div class='evo_metarow_directimg'><img src='https:\/\/www.blanescostabrava.cat\/wp-content\/uploads\/2023\/08\/amigos-mayores-jugando-petanca.jpg' \/><\/div><div class='evo_metarow_details evorow evcal_evdata_row bordb evcal_event_details'>\n\t\t\t\t\t\t\t<div class=\"event_excerpt\" style=\"display:none\"><h3 class=\"padb5 evo_h3\">Description<\/h3><p><\/p><\/div><span class='evcal_evdata_icons'><i class='fa fa-align-justify'><\/i><\/span>\n\t\t\t\t\t\t\t\n\t\t\t\t\t\t\t<div class='evcal_evdata_cell shorter_desc'><div class='eventon_details_shading_bot'>\n\t\t\t\t\t\t\t\t<p class='eventon_shad_p' content='less'><span class='ev_more_text' data-txt='less'>more<\/span><span class='ev_more_arrow'><\/span><\/p>\n\t\t\t\t\t\t\t<\/div><div class='eventon_full_description'>\n\t\t\t\t\t\t\t\t\t<h3 class='padb5 evo_h3'><span class='evcal_evdata_icons'><i class='fa fa-align-justify'><\/i><\/span>Description<\/h3><div class='eventon_desc_in' itemprop='description'>\n\t\t\t\t\t\t\t\t\t<section class=\"text-token-text-primary w-full focus:outline-none [--shadow-height:45px] has-data-writing-block:pointer-events-none has-data-writing-block:-mt-(--shadow-height) has-data-writing-block:pt-(--shadow-height) [&amp;:has([data-writing-block])&gt;*]:pointer-events-auto R6Vx5W_threadScrollVars scroll-mb-[calc(var(--scroll-root-safe-area-inset-bottom,0px)+var(--thread-response-height))] scroll-mt-(--header-height)\" dir=\"auto\" data-turn-id=\"c53de8a6-8c50-4ca0-8a82-c3a68213ff61\" data-testid=\"conversation-turn-5\" data-scroll-anchor=\"false\" data-turn=\"user\"><\/section>\n<section class=\"text-token-text-primary w-full focus:outline-none [--shadow-height:45px] has-data-writing-block:pointer-events-none has-data-writing-block:-mt-(--shadow-height) has-data-writing-block:pt-(--shadow-height) [&amp;:has([data-writing-block])&gt;*]:pointer-events-auto [content-visibility:auto] supports-[content-visibility:auto]:[contain-intrinsic-size:auto_100lvh] R6Vx5W_threadScrollVars scroll-mb-[calc(var(--scroll-root-safe-area-inset-bottom,0px)+var(--thread-response-height))] scroll-mt-[calc(var(--header-height)+min(200px,max(70px,20svh)))]\" dir=\"auto\" data-turn-id=\"request-WEB:1f2155ca-0e3e-4bf6-8e58-0413b7d110fc-2\" data-testid=\"conversation-turn-6\" data-scroll-anchor=\"false\" data-turn=\"assistant\">\n<div class=\"text-base my-auto mx-auto pb-10 [--thread-content-margin:var(--thread-content-margin-xs,calc(var(--spacing)*4))] @w-sm\/main:[--thread-content-margin:var(--thread-content-margin-sm,calc(var(--spacing)*6))] @w-lg\/main:[--thread-content-margin:var(--thread-content-margin-lg,calc(var(--spacing)*16))] px-(--thread-content-margin)\">\n<div class=\"[--thread-content-max-width:40rem] @w-lg\/main:[--thread-content-max-width:48rem] mx-auto max-w-(--thread-content-max-width) flex-1 group\/turn-messages focus-visible:outline-hidden relative flex w-full min-w-0 flex-col agent-turn\">\n<div class=\"flex max-w-full flex-col gap-4 grow\">\n<div class=\"min-h-8 text-message relative flex w-full flex-col items-end gap-2 text-start break-words whitespace-normal outline-none keyboard-focused:focus-ring [.text-message+&amp;]:mt-1\" dir=\"auto\" tabindex=\"0\" data-message-author-role=\"assistant\" data-message-id=\"07e00f5e-cade-4cbc-8e78-555d5f12aac0\" data-message-model-slug=\"gpt-5-5-thinking\" data-turn-start-message=\"true\">\n<div class=\"flex w-full flex-col gap-1 empty:hidden\">\n<div class=\"markdown prose dark:prose-invert w-full wrap-break-word light markdown-new-styling\">\n<p data-start=\"0\" data-end=\"78\" data-is-last-node=\"\" data-is-only-node=\"\">Championnat de p\u00e9tanque Suneris<br data-start=\"35\" data-end=\"38\" \/><strong data-start=\"38\" data-end=\"48\">LIEU:<\/strong> Parc des expositions Els Pins<\/p>\n<\/div>\n<\/div>\n<\/div>\n<\/div>\n<\/div>\n<\/div>\n<\/section>\n<\/div><div class='clear'><\/div>\n\t\t\t\t\t\t\t\t<\/div>\n\t\t\t\t\t\t\t<\/div>\n\t\t\t\t\t\t<\/div><div class='evo_metarow_time_location evorow bordb '>\n\t\t\t\t\t\t<div class='tb' >\n\t\t\t\t\t\t\t<div class='tbrow'>\n\t\t\t\t\t\t\t<div class='evcal_col50 bordr'>\n\t\t\t\t\t\t\t\t<div class='evcal_evdata_row evo_time'>\n\t\t\t\t\t\t\t\t\t<span class='evcal_evdata_icons'><i class='fa fa-clock-o'><\/i><\/span>\n\t\t\t\t\t\t\t\t\t<div class='evcal_evdata_cell'>\t\t\t\t\t\t\t\n\t\t\t\t\t\t\t\t\t\t<h3 class='evo_h3'><span class='evcal_evdata_icons'><i class='fa fa-clock-o'><\/i><\/span>Date<\/h3>\n\t\t\t\t\t\t\t\t\t\t<p>mai 1 (Friday) - 8 (Friday)<\/p>\n\t\t\t\t\t\t\t\t\t<\/div>\n\t\t\t\t\t\t\t\t<\/div>\n\t\t\t\t\t\t\t<\/div><div class='evcal_col50'>\n\t\t\t\t\t\t\t\t<div class='evcal_evdata_row evo_location'>\n\t\t\t\t\t\t\t\t\t<span class='evcal_evdata_icons'><i class='fa fa-map-marker'><\/i><\/span>\n\t\t\t\t\t\t\t\t\t<div class='evcal_evdata_cell' data-loc_tax_id='4778'>\t\t\t\t\t\t\t\n\t\t\t\t\t\t\t\t\t\t<h3 class='evo_h3'><span class='evcal_evdata_icons'><i class='fa fa-map-marker'><\/i><\/span>Location<\/h3><p class='evo_location_name'>Foire Els Pins (en face de la gare routi\u00e8re)<\/p><p class='evo_location_address'><\/p>\n\t\t\t\t\t\t\t\t\t<\/div>\n\t\t\t\t\t\t\t\t<\/div>\n\t\t\t\t\t\t\t<\/div><div class='clear'><\/div>\n\t\t\t\t\t\t\t<\/div><\/div>\n\t\t\t\t\t\t<\/div>\t\t\t\t\t\t<div class='evo_metarow_ICS evorow bordb evcal_evdata_row'>\n\t\t\t\t\t\t\t<span class=\"evcal_evdata_icons\"><i class=\"fa fa-calendar\"><\/i><\/span>\n\t\t\t\t\t\t\t<div class='evcal_evdata_cell'>\n\t\t\t\t\t\t\t\t<p><a href=\"https:\/\/www.blanescostabrava.cat\/wp-admin\/admin-ajax.php?action=eventon_ics_download&amp;event_id=233944&amp;sunix=20260430T220000Z&amp;eunix=20260508T215900Z&amp;loca=&amp;locn=Foire Els Pins (en face de la gare routi\u00e8re)\" class=\"evo_ics_nCal\" title=\"Add to your calendar\">Calendar<\/a><a href=\"\/\/www.google.com\/calendar\/event?action=TEMPLATE&amp;text=Championnat+de+p%C3%A9tanque+Suneris&amp;dates=20260430T220000Z\/20260508T215900Z&amp;details=Championnat+de+p%C3%A9tanque+Suneris&amp;location=Foire+Els+Pins+%28en+face+de+la+gare+routi%C3%A8re%29 - \" target=\"_blank\" class=\"evo_ics_gCal\" title=\"Add to google calendar\">GoogleCal<\/a><\/p>\t\n\t\t\t\t\t\t\t<\/div>\t\t\t\t\t\t<\/div>\n\t\t\t\t\t\t<\/div><div class='clear end'><\/div><\/div><div id=\"event_234496\" class=\"eventon_list_event evo_eventtop  event hasbgimg\" data-event_id=\"234496\" data-time=\"1777680001-1780185599\" data-colr=\"#206177\" itemscope itemtype='http:\/\/schema.org\/Event' 5><div class=\"evo_boxtop\" style=\"background-image: url(https:\/\/www.blanescostabrava.cat\/wp-content\/uploads\/2018\/04\/CASA-SALADRIGAS-21-min.jpg); background-color:#206177;height:200px;\"><\/div><div class=\"evo_event_schema\" style=\"display:none\" ><a itemprop=\"url\" href=\"https:\/\/www.blanescostabrava.cat\/fr\/events\/exposition-especes-marines-invasives-la-menace-silencieuse\/\"><\/a><span itemprop='name'  >Exposition : Esp\u00e8ces marines invasives, la menace silencieuse<\/span><meta itemprop='image' content='https:\/\/www.blanescostabrava.cat\/wp-content\/uploads\/2018\/04\/CASA-SALADRIGAS-21-min.jpg' ><\/meta><meta itemprop='description' content='Exposition : Esp\u00e8ces marines invasives, la menace silencieuseDATE : Du 2 au 30 maiLIEU : Casa SaladrigasDESCRIPTION : Exposition \u00ab Esp\u00e8ces' ><\/meta><meta itemprop='startDate' content='2026-5-2' ><\/meta><meta itemprop='endDate' content='2026-5-30' ><\/meta><meta itemprop='eventStatus' content='on-schedule' ><\/meta><script type=\"application\/ld+json\">{\t\"@context\": \"http:\/\/schema.org\",\n\t\t\t\t\t\t\t  \t\"@type\": \"Event\",\n\t\t\t\t\t\t\t  \t\"name\": \"Exposition : Esp\u00e8ces marines invasives, la menace silencieuse\",\n\t\t\t\t\t\t\t  \t\"startDate\": \"2026-5-2T00-00-00-00\",\n\t\t\t\t\t\t\t  \t\"endDate\": \"2026-5-30T23-23-59-00\",\n\t\t\t\t\t\t\t  \t\"image\":\"https:\/\/www.blanescostabrava.cat\/wp-content\/uploads\/2018\/04\/CASA-SALADRIGAS-21-min-225x300.jpg\",\n\t\t\t\t\t\t\t  \t\"description\":\"Exposition : Esp\u00e8ces marines invasives, la menace silencieuseDATE : Du 2 au 30 maiLIEU : Casa SaladrigasDESCRIPTION : Exposition \u00ab Esp\u00e8ces\",\n\t\t\t\t\t\t\t  \t\n\t\t\t\t\t\t\t }<\/script><\/div>\n\t\t\t\t<p class=\"desc_trig_outter\"><a data-gmap_status=\"null\" data-exlk=\"0\" style=\"border-color: #206177;padding-top: 215px;height: 310px;\" id=\"evc_1777680001234496\" class=\"desc_trig mul_val evcal_list_a\" data-ux_val=\"3\"  ><span class='event-img'><img src='https:\/\/www.blanescostabrava.cat\/wp-content\/uploads\/2018\/04\/CASA-SALADRIGAS-21-min.jpg'><\/span><span class='evcal_cblock ' data-bgcolor='#206177' data-smon='mai' data-syr='2026'><span class='evo_start '><em class='date'>02<\/em><em class='month'>mai<\/em><em class='time'>allday<\/em><\/span><span class='evo_end '><em class='date'>30<\/em><\/span><em class='clear'><\/em><\/span><span class='evcal_desc evo_info hide_eventtopdata '  data-location_status=\"false\" ><span class='evo_above_title'><\/span><span class='evcal_desc2 evcal_event_title' itemprop='name'>Exposition : Esp\u00e8ces marines invasives, la menace silencieuse<\/span><span class='evo_below_title'><\/span><span class='evcal_desc_info' ><\/span><span class='evcal_desc3'><\/span><\/span><em class='clear'><\/em><\/p><\/a><div class='event_description evcal_eventcard ' style=\"display:none\"><div class='evo_metarow_directimg'><img src='https:\/\/www.blanescostabrava.cat\/wp-content\/uploads\/2018\/04\/CASA-SALADRIGAS-21-min.jpg' \/><\/div><div class='evo_metarow_details evorow evcal_evdata_row bordb evcal_event_details'>\n\t\t\t\t\t\t\t<div class=\"event_excerpt\" style=\"display:none\"><h3 class=\"padb5 evo_h3\">Description<\/h3><p>Exposition : Esp\u00e8ces marines invasives, la menace silencieuseDATE : Du 2 au 30 maiLIEU : Casa SaladrigasDESCRIPTION : Exposition \u00ab Esp\u00e8ces<\/p><\/div><span class='evcal_evdata_icons'><i class='fa fa-align-justify'><\/i><\/span>\n\t\t\t\t\t\t\t\n\t\t\t\t\t\t\t<div class='evcal_evdata_cell '><div class='eventon_full_description'>\n\t\t\t\t\t\t\t\t\t<h3 class='padb5 evo_h3'><span class='evcal_evdata_icons'><i class='fa fa-align-justify'><\/i><\/span>Description<\/h3><div class='eventon_desc_in' itemprop='description'>\n\t\t\t\t\t\t\t\t\t<p>Exposition : Esp\u00e8ces marines invasives, la menace silencieuse<br data-start=\"838\" data-end=\"841\" \/>DATE : Du 2 au 30 mai<br data-start=\"862\" data-end=\"865\" \/>LIEU : Casa Saladrigas<br data-start=\"910\" data-end=\"913\" \/>DESCRIPTION : Exposition \u00ab Esp\u00e8ces marines invasives, la menace silencieuse \u00bb, organis\u00e9e par le Mus\u00e9e maritime de Barcelone, le CEAB et le D\u00e9partement de l\u2019environnement.<br \/>\nInauguration et visite guid\u00e9e le 8 mai \u00e0 18h30.<br \/>\nVisite guid\u00e9e le 29 mai \u00e0 18h30.<\/p>\n<\/div><div class='clear'><\/div>\n\t\t\t\t\t\t\t\t<\/div>\n\t\t\t\t\t\t\t<\/div>\n\t\t\t\t\t\t<\/div><div class='evo_metarow_time_location evorow bordb '>\n\t\t\t\t\t\t<div class='tb' >\n\t\t\t\t\t\t\t<div class='tbrow'>\n\t\t\t\t\t\t\t<div class='evcal_col50 bordr'>\n\t\t\t\t\t\t\t\t<div class='evcal_evdata_row evo_time'>\n\t\t\t\t\t\t\t\t\t<span class='evcal_evdata_icons'><i class='fa fa-clock-o'><\/i><\/span>\n\t\t\t\t\t\t\t\t\t<div class='evcal_evdata_cell'>\t\t\t\t\t\t\t\n\t\t\t\t\t\t\t\t\t\t<h3 class='evo_h3'><span class='evcal_evdata_icons'><i class='fa fa-clock-o'><\/i><\/span>Date<\/h3>\n\t\t\t\t\t\t\t\t\t\t<p>mai 2 (Saturday) - 30 (Saturday)<\/p>\n\t\t\t\t\t\t\t\t\t<\/div>\n\t\t\t\t\t\t\t\t<\/div>\n\t\t\t\t\t\t\t<\/div><div class='evcal_col50'>\n\t\t\t\t\t\t\t\t<div class='evcal_evdata_row evo_location'>\n\t\t\t\t\t\t\t\t\t<span class='evcal_evdata_icons'><i class='fa fa-map-marker'><\/i><\/span>\n\t\t\t\t\t\t\t\t\t<div class='evcal_evdata_cell' data-loc_tax_id='2630'>\t\t\t\t\t\t\t\n\t\t\t\t\t\t\t\t\t\t<h3 class='evo_h3'><span class='evcal_evdata_icons'><i class='fa fa-map-marker'><\/i><\/span>Location<\/h3><p class='evo_location_name'>Casa Saladrigas<\/p><p class='evo_location_address'><\/p>\n\t\t\t\t\t\t\t\t\t<\/div>\n\t\t\t\t\t\t\t\t<\/div>\n\t\t\t\t\t\t\t<\/div><div class='clear'><\/div>\n\t\t\t\t\t\t\t<\/div><\/div>\n\t\t\t\t\t\t<\/div>\t\t\t\t\t\t<div class='evo_metarow_ICS evorow bordb evcal_evdata_row'>\n\t\t\t\t\t\t\t<span class=\"evcal_evdata_icons\"><i class=\"fa fa-calendar\"><\/i><\/span>\n\t\t\t\t\t\t\t<div class='evcal_evdata_cell'>\n\t\t\t\t\t\t\t\t<p><a href=\"https:\/\/www.blanescostabrava.cat\/wp-admin\/admin-ajax.php?action=eventon_ics_download&amp;event_id=234496&amp;sunix=20260501T220000Z&amp;eunix=20260530T215900Z&amp;loca=&amp;locn=Casa Saladrigas\" class=\"evo_ics_nCal\" title=\"Add to your calendar\">Calendar<\/a><a href=\"\/\/www.google.com\/calendar\/event?action=TEMPLATE&amp;text=Exposition+%3A+Esp%C3%A8ces+marines+invasives%2C+la+menace+silencieuse&amp;dates=20260501T220000Z\/20260530T215900Z&amp;details=Exposition+%3A+Esp%C3%A8ces+marines+invasives%2C+la+menace+silencieuseDATE+%3A+Du+2+au+30+maiLIEU+%3A+Casa+SaladrigasDESCRIPTION+%3A+Exposition+%C2%AB+Esp%C3%A8ces&amp;location=Casa+Saladrigas - \" target=\"_blank\" class=\"evo_ics_gCal\" title=\"Add to google calendar\">GoogleCal<\/a><\/p>\t\n\t\t\t\t\t\t\t<\/div>\t\t\t\t\t\t<\/div>\n\t\t\t\t\t\t<\/div><div class='clear end'><\/div><\/div><div id=\"event_233956\" class=\"eventon_list_event evo_eventtop  event hasbgimg\" data-event_id=\"233956\" data-time=\"1777797000-1777800600\" data-colr=\"#206177\" itemscope itemtype='http:\/\/schema.org\/Event' 6><div class=\"evo_boxtop\" style=\"background-image: url(https:\/\/www.blanescostabrava.cat\/wp-content\/uploads\/2018\/04\/MARIMURTRA-28.jpg); background-color:#206177;height:200px;\"><\/div><div class=\"evo_event_schema\" style=\"display:none\" ><a itemprop=\"url\" href=\"https:\/\/www.blanescostabrava.cat\/fr\/events\/yoga-a-marimurtra\/\"><\/a><span itemprop='name'  >Yoga \u00e0 Marimurtra<\/span><meta itemprop='image' content='https:\/\/www.blanescostabrava.cat\/wp-content\/uploads\/2018\/04\/MARIMURTRA-28.jpg' ><\/meta><meta itemprop='description' content='Yoga \u00e0 Marimurtra\r\nDATE : 3\/5HEURE : 8 h 30 \u2013 9 h 30' ><\/meta><meta itemprop='startDate' content='2026-5-3' ><\/meta><meta itemprop='endDate' content='2026-5-3' ><\/meta><meta itemprop='eventStatus' content='on-schedule' ><\/meta><script type=\"application\/ld+json\">{\t\"@context\": \"http:\/\/schema.org\",\n\t\t\t\t\t\t\t  \t\"@type\": \"Event\",\n\t\t\t\t\t\t\t  \t\"name\": \"Yoga \u00e0 Marimurtra\",\n\t\t\t\t\t\t\t  \t\"startDate\": \"2026-5-3T08-08-30-00\",\n\t\t\t\t\t\t\t  \t\"endDate\": \"2026-5-3T09-09-30-00\",\n\t\t\t\t\t\t\t  \t\"image\":\"https:\/\/www.blanescostabrava.cat\/wp-content\/uploads\/2018\/04\/MARIMURTRA-28-200x300.jpg\",\n\t\t\t\t\t\t\t  \t\"description\":\"Yoga \u00e0 Marimurtra\r\nDATE : 3\/5HEURE : 8 h 30 \u2013 9 h 30\",\n\t\t\t\t\t\t\t  \t\n\t\t\t\t\t\t\t }<\/script><\/div>\n\t\t\t\t<p class=\"desc_trig_outter\"><a data-gmap_status=\"null\" data-exlk=\"0\" style=\"border-color: #206177;padding-top: 215px;height: 310px;\" id=\"evc_1777797000233956\" class=\"desc_trig sin_val evcal_list_a\" data-ux_val=\"3\"  ><span class='event-img'><img src='https:\/\/www.blanescostabrava.cat\/wp-content\/uploads\/2018\/04\/MARIMURTRA-28.jpg'><\/span><span class='evcal_cblock ' data-bgcolor='#206177' data-smon='mai' data-syr='2026'><span class='evo_start '><em class='date'>03<\/em><em class='month'>mai<\/em><em class='time'>8:30 am<\/em><\/span><span class='evo_end only_time'><em class='time'>9:30 am<\/em><\/span><em class='clear'><\/em><\/span><span class='evcal_desc evo_info hide_eventtopdata '  data-location_status=\"false\" ><span class='evo_above_title'><\/span><span class='evcal_desc2 evcal_event_title' itemprop='name'>Yoga \u00e0 Marimurtra<\/span><span class='evo_below_title'><\/span><span class='evcal_desc_info' ><\/span><span class='evcal_desc3'><\/span><\/span><em class='clear'><\/em><\/p><\/a><div class='event_description evcal_eventcard ' style=\"display:none\"><div class='evo_metarow_directimg'><img src='https:\/\/www.blanescostabrava.cat\/wp-content\/uploads\/2018\/04\/MARIMURTRA-28.jpg' \/><\/div><div class='evo_metarow_details evorow evcal_evdata_row bordb evcal_event_details'>\n\t\t\t\t\t\t\t<div class=\"event_excerpt\" style=\"display:none\"><h3 class=\"padb5 evo_h3\">Description<\/h3><p>Yoga \u00e0 Marimurtra\r\nDATE : 3\/5HEURE : 8 h 30 \u2013 9 h 30<\/p><\/div><span class='evcal_evdata_icons'><i class='fa fa-align-justify'><\/i><\/span>\n\t\t\t\t\t\t\t\n\t\t\t\t\t\t\t<div class='evcal_evdata_cell '><div class='eventon_full_description'>\n\t\t\t\t\t\t\t\t\t<h3 class='padb5 evo_h3'><span class='evcal_evdata_icons'><i class='fa fa-align-justify'><\/i><\/span>Description<\/h3><div class='eventon_desc_in' itemprop='description'>\n\t\t\t\t\t\t\t\t\t<p data-start=\"0\" data-end=\"21\">Yoga \u00e0 Marimurtra<\/p>\n<p data-start=\"23\" data-end=\"108\" data-is-last-node=\"\" data-is-only-node=\"\"><strong data-start=\"23\" data-end=\"33\">DATE :<\/strong> 3\/5<br data-start=\"37\" data-end=\"40\" data-is-only-node=\"\" \/><strong data-start=\"40\" data-end=\"51\">HEURE :<\/strong> 8 h 30 \u2013 9 h 30<br data-start=\"67\" data-end=\"70\" \/><strong data-start=\"70\" data-end=\"80\">LIEU :<\/strong> Jardin botanique Marimurtra<\/p>\n<\/div><div class='clear'><\/div>\n\t\t\t\t\t\t\t\t<\/div>\n\t\t\t\t\t\t\t<\/div>\n\t\t\t\t\t\t<\/div><div class='evo_metarow_time_location evorow bordb '>\n\t\t\t\t\t\t<div class='tb' >\n\t\t\t\t\t\t\t<div class='tbrow'>\n\t\t\t\t\t\t\t<div class='evcal_col50 bordr'>\n\t\t\t\t\t\t\t\t<div class='evcal_evdata_row evo_time'>\n\t\t\t\t\t\t\t\t\t<span class='evcal_evdata_icons'><i class='fa fa-clock-o'><\/i><\/span>\n\t\t\t\t\t\t\t\t\t<div class='evcal_evdata_cell'>\t\t\t\t\t\t\t\n\t\t\t\t\t\t\t\t\t\t<h3 class='evo_h3'><span class='evcal_evdata_icons'><i class='fa fa-clock-o'><\/i><\/span>Date<\/h3>\n\t\t\t\t\t\t\t\t\t\t<p>(Sunday) 8:30 am - 9:30 am<\/p>\n\t\t\t\t\t\t\t\t\t<\/div>\n\t\t\t\t\t\t\t\t<\/div>\n\t\t\t\t\t\t\t<\/div><div class='evcal_col50'>\n\t\t\t\t\t\t\t\t<div class='evcal_evdata_row evo_location'>\n\t\t\t\t\t\t\t\t\t<span class='evcal_evdata_icons'><i class='fa fa-map-marker'><\/i><\/span>\n\t\t\t\t\t\t\t\t\t<div class='evcal_evdata_cell' data-loc_tax_id='2711'>\t\t\t\t\t\t\t\n\t\t\t\t\t\t\t\t\t\t<h3 class='evo_h3'><span class='evcal_evdata_icons'><i class='fa fa-map-marker'><\/i><\/span>Location<\/h3><p class='evo_location_name'>Jard\u00ed Bot\u00e0nic Marimurta<\/p><p class='evo_location_address'><\/p>\n\t\t\t\t\t\t\t\t\t<\/div>\n\t\t\t\t\t\t\t\t<\/div>\n\t\t\t\t\t\t\t<\/div><div class='clear'><\/div>\n\t\t\t\t\t\t\t<\/div><\/div>\n\t\t\t\t\t\t<\/div>\t\t\t\t\t\t<div class='evo_metarow_ICS evorow bordb evcal_evdata_row'>\n\t\t\t\t\t\t\t<span class=\"evcal_evdata_icons\"><i class=\"fa fa-calendar\"><\/i><\/span>\n\t\t\t\t\t\t\t<div class='evcal_evdata_cell'>\n\t\t\t\t\t\t\t\t<p><a href=\"https:\/\/www.blanescostabrava.cat\/wp-admin\/admin-ajax.php?action=eventon_ics_download&amp;event_id=233956&amp;sunix=20260503T063000Z&amp;eunix=20260503T073000Z&amp;loca=&amp;locn=Jard\u00ed Bot\u00e0nic Marimurta\" class=\"evo_ics_nCal\" title=\"Add to your calendar\">Calendar<\/a><a href=\"\/\/www.google.com\/calendar\/event?action=TEMPLATE&amp;text=Yoga+%C3%A0+Marimurtra&amp;dates=20260503T063000Z\/20260503T073000Z&amp;details=Yoga+%C3%A0+Marimurtra%0D%0ADATE+%3A+3%2F5HEURE+%3A+8+h+30+%E2%80%93+9+h+30&amp;location=Jard%C3%AD+Bot%C3%A0nic+Marimurta - \" target=\"_blank\" class=\"evo_ics_gCal\" title=\"Add to google calendar\">GoogleCal<\/a><\/p>\t\n\t\t\t\t\t\t\t<\/div>\t\t\t\t\t\t<\/div>\n\t\t\t\t\t\t<\/div><div class='clear end'><\/div><\/div><div id=\"event_233653\" class=\"eventon_list_event evo_eventtop  event hasbgimg\" data-event_id=\"233653\" data-time=\"1777917600-1777924800\" data-colr=\"#206177\" itemscope itemtype='http:\/\/schema.org\/Event' 7><div class=\"evo_boxtop\" style=\"background-image: url(https:\/\/www.blanescostabrava.cat\/wp-content\/uploads\/2023\/07\/jovenes-jugando-juegos-mesa-charadas-figuritas-tirando-dados-juegos-cartas-hombres-mujeres-disfrutan-competencia-estrategia-adivinar-tarjeta-entretenimiento-diversion-cerca-min-scaled.jpg); background-color:#206177;height:200px;\"><\/div><div class=\"evo_event_schema\" style=\"display:none\" ><a itemprop=\"url\" href=\"https:\/\/www.blanescostabrava.cat\/fr\/events\/club-de-jeux-de-societe-2\/\"><\/a><span itemprop='name'  >Club de jeux de soci\u00e9t\u00e9<\/span><meta itemprop='image' content='https:\/\/www.blanescostabrava.cat\/wp-content\/uploads\/2023\/07\/jovenes-jugando-juegos-mesa-charadas-figuritas-tirando-dados-juegos-cartas-hombres-mujeres-disfrutan-competencia-estrategia-adivinar-tarjeta-entretenimiento-diversion-cerca-min-scaled.jpg' ><\/meta><meta itemprop='description' content='DATE : lundi 4 maiHEURE : 18:00 hLIEU : Biblioth\u00e8que Roberto Bola\u00f1o\r\nPour les enfants' ><\/meta><meta itemprop='startDate' content='2026-5-4' ><\/meta><meta itemprop='endDate' content='2026-5-4' ><\/meta><meta itemprop='eventStatus' content='on-schedule' ><\/meta><script type=\"application\/ld+json\">{\t\"@context\": \"http:\/\/schema.org\",\n\t\t\t\t\t\t\t  \t\"@type\": \"Event\",\n\t\t\t\t\t\t\t  \t\"name\": \"Club de jeux de soci\u00e9t\u00e9\",\n\t\t\t\t\t\t\t  \t\"startDate\": \"2026-5-4T18-18-00-00\",\n\t\t\t\t\t\t\t  \t\"endDate\": \"2026-5-4T20-20-00-00\",\n\t\t\t\t\t\t\t  \t\"image\":\"https:\/\/www.blanescostabrava.cat\/wp-content\/uploads\/2023\/07\/jovenes-jugando-juegos-mesa-charadas-figuritas-tirando-dados-juegos-cartas-hombres-mujeres-disfrutan-competencia-estrategia-adivinar-tarjeta-entretenimiento-diversion-cerca-min-300x169.jpg\",\n\t\t\t\t\t\t\t  \t\"description\":\"DATE : lundi 4 maiHEURE : 18:00 hLIEU : Biblioth\u00e8que Roberto Bola\u00f1o\r\nPour les enfants\",\n\t\t\t\t\t\t\t  \t\n\t\t\t\t\t\t\t }<\/script><\/div>\n\t\t\t\t<p class=\"desc_trig_outter\"><a data-gmap_status=\"null\" data-exlk=\"0\" style=\"border-color: #206177;padding-top: 215px;height: 310px;\" id=\"evc_1777917600233653\" class=\"desc_trig sin_val evcal_list_a\" data-ux_val=\"3\"  ><span class='event-img'><img src='https:\/\/www.blanescostabrava.cat\/wp-content\/uploads\/2023\/07\/jovenes-jugando-juegos-mesa-charadas-figuritas-tirando-dados-juegos-cartas-hombres-mujeres-disfrutan-competencia-estrategia-adivinar-tarjeta-entretenimiento-diversion-cerca-min-scaled.jpg'><\/span><span class='evcal_cblock ' data-bgcolor='#206177' data-smon='mai' data-syr='2026'><span class='evo_start '><em class='date'>04<\/em><em class='month'>mai<\/em><em class='time'>6:00 pm<\/em><\/span><span class='evo_end only_time'><em class='time'>8:00 pm<\/em><\/span><em class='clear'><\/em><\/span><span class='evcal_desc evo_info hide_eventtopdata '  data-location_status=\"false\" ><span class='evo_above_title'><\/span><span class='evcal_desc2 evcal_event_title' itemprop='name'>Club de jeux de soci\u00e9t\u00e9<\/span><span class='evo_below_title'><\/span><span class='evcal_desc_info' ><\/span><span class='evcal_desc3'><\/span><\/span><em class='clear'><\/em><\/p><\/a><div class='event_description evcal_eventcard ' style=\"display:none\"><div class='evo_metarow_directimg'><img src='https:\/\/www.blanescostabrava.cat\/wp-content\/uploads\/2023\/07\/jovenes-jugando-juegos-mesa-charadas-figuritas-tirando-dados-juegos-cartas-hombres-mujeres-disfrutan-competencia-estrategia-adivinar-tarjeta-entretenimiento-diversion-cerca-min-scaled.jpg' \/><\/div><div class='evo_metarow_details evorow evcal_evdata_row bordb evcal_event_details'>\n\t\t\t\t\t\t\t<div class=\"event_excerpt\" style=\"display:none\"><h3 class=\"padb5 evo_h3\">Description<\/h3><p>DATE : lundi 4 maiHEURE : 18:00 hLIEU : Biblioth\u00e8que Roberto Bola\u00f1o\r\nPour les enfants<\/p><\/div><span class='evcal_evdata_icons'><i class='fa fa-align-justify'><\/i><\/span>\n\t\t\t\t\t\t\t\n\t\t\t\t\t\t\t<div class='evcal_evdata_cell shorter_desc'><div class='eventon_details_shading_bot'>\n\t\t\t\t\t\t\t\t<p class='eventon_shad_p' content='less'><span class='ev_more_text' data-txt='less'>more<\/span><span class='ev_more_arrow'><\/span><\/p>\n\t\t\t\t\t\t\t<\/div><div class='eventon_full_description'>\n\t\t\t\t\t\t\t\t\t<h3 class='padb5 evo_h3'><span class='evcal_evdata_icons'><i class='fa fa-align-justify'><\/i><\/span>Description<\/h3><div class='eventon_desc_in' itemprop='description'>\n\t\t\t\t\t\t\t\t\t<p data-start=\"644\" data-end=\"731\"><strong data-start=\"644\" data-end=\"654\">DATE :<\/strong> lundi 4 mai<br data-start=\"666\" data-end=\"669\" \/><strong data-start=\"669\" data-end=\"680\">HEURE :<\/strong> 18:00 h<br data-start=\"688\" data-end=\"691\" \/><strong data-start=\"691\" data-end=\"701\">LIEU :<\/strong> Biblioth\u00e8que Roberto Bola\u00f1o<\/p>\n<p data-start=\"733\" data-end=\"815\">Pour les enfants \u00e0 partir de 8 ans, les jeunes et les adultes, avec Ivan Caimel.<\/p>\n<p data-start=\"817\" data-end=\"910\" data-is-last-node=\"\" data-is-only-node=\"\">Places limit\u00e9es. Inscriptions \u00e0 la biblioth\u00e8que. Prochaines s\u00e9ances : lundi 18 mai \u00e0 18:00 h.<\/p>\n<\/div><div class='clear'><\/div>\n\t\t\t\t\t\t\t\t<\/div>\n\t\t\t\t\t\t\t<\/div>\n\t\t\t\t\t\t<\/div><div class='evo_metarow_time_location evorow bordb '>\n\t\t\t\t\t\t<div class='tb' >\n\t\t\t\t\t\t\t<div class='tbrow'>\n\t\t\t\t\t\t\t<div class='evcal_col50 bordr'>\n\t\t\t\t\t\t\t\t<div class='evcal_evdata_row evo_time'>\n\t\t\t\t\t\t\t\t\t<span class='evcal_evdata_icons'><i class='fa fa-clock-o'><\/i><\/span>\n\t\t\t\t\t\t\t\t\t<div class='evcal_evdata_cell'>\t\t\t\t\t\t\t\n\t\t\t\t\t\t\t\t\t\t<h3 class='evo_h3'><span class='evcal_evdata_icons'><i class='fa fa-clock-o'><\/i><\/span>Date<\/h3>\n\t\t\t\t\t\t\t\t\t\t<p>(Monday) 6:00 pm - 8:00 pm<\/p>\n\t\t\t\t\t\t\t\t\t<\/div>\n\t\t\t\t\t\t\t\t<\/div>\n\t\t\t\t\t\t\t<\/div><div class='evcal_col50'>\n\t\t\t\t\t\t\t\t<div class='evcal_evdata_row evo_location'>\n\t\t\t\t\t\t\t\t\t<span class='evcal_evdata_icons'><i class='fa fa-map-marker'><\/i><\/span>\n\t\t\t\t\t\t\t\t\t<div class='evcal_evdata_cell' data-loc_tax_id='4568'>\t\t\t\t\t\t\t\n\t\t\t\t\t\t\t\t\t\t<h3 class='evo_h3'><span class='evcal_evdata_icons'><i class='fa fa-map-marker'><\/i><\/span>Location<\/h3><p class='evo_location_name'>Biblioth\u00e8que Roberto Bola\u00f1o<\/p><p class='evo_location_address'><\/p>\n\t\t\t\t\t\t\t\t\t<\/div>\n\t\t\t\t\t\t\t\t<\/div>\n\t\t\t\t\t\t\t<\/div><div class='clear'><\/div>\n\t\t\t\t\t\t\t<\/div><\/div>\n\t\t\t\t\t\t<\/div>\t\t\t\t\t\t<div class='evo_metarow_ICS evorow bordb evcal_evdata_row'>\n\t\t\t\t\t\t\t<span class=\"evcal_evdata_icons\"><i class=\"fa fa-calendar\"><\/i><\/span>\n\t\t\t\t\t\t\t<div class='evcal_evdata_cell'>\n\t\t\t\t\t\t\t\t<p><a href=\"https:\/\/www.blanescostabrava.cat\/wp-admin\/admin-ajax.php?action=eventon_ics_download&amp;event_id=233653&amp;sunix=20260504T160000Z&amp;eunix=20260504T180000Z&amp;loca=&amp;locn=Biblioth\u00e8que Roberto Bola\u00f1o\" class=\"evo_ics_nCal\" title=\"Add to your calendar\">Calendar<\/a><a href=\"\/\/www.google.com\/calendar\/event?action=TEMPLATE&amp;text=Club+de+jeux+de+soci%C3%A9t%C3%A9&amp;dates=20260504T160000Z\/20260504T180000Z&amp;details=DATE+%3A+lundi+4+maiHEURE+%3A+18%3A00+hLIEU+%3A+Biblioth%C3%A8que+Roberto+Bola%C3%B1o%0D%0APour+les+enfants&amp;location=Biblioth%C3%A8que+Roberto+Bola%C3%B1o - \" target=\"_blank\" class=\"evo_ics_gCal\" title=\"Add to google calendar\">GoogleCal<\/a><\/p>\t\n\t\t\t\t\t\t\t<\/div>\t\t\t\t\t\t<\/div>\n\t\t\t\t\t\t<\/div><div class='clear end'><\/div><\/div><div id=\"event_234022\" class=\"eventon_list_event evo_eventtop  event hasbgimg\" data-event_id=\"234022\" data-time=\"1777939201-1780099199\" data-colr=\"#206177\" itemscope itemtype='http:\/\/schema.org\/Event' 8><div class=\"evo_boxtop\" style=\"background-image: url(https:\/\/www.blanescostabrava.cat\/wp-content\/uploads\/2026\/04\/669976186_18180367207376291_5682094084447421370_n.jpg); background-color:#206177;height:200px;\"><\/div><div class=\"evo_event_schema\" style=\"display:none\" ><a itemprop=\"url\" href=\"https:\/\/www.blanescostabrava.cat\/fr\/events\/six-seven-sport\/\"><\/a><span itemprop='name'  >Six Seven & Sport<\/span><meta itemprop='image' content='https:\/\/www.blanescostabrava.cat\/wp-content\/uploads\/2026\/04\/669976186_18180367207376291_5682094084447421370_n.jpg' ><\/meta><meta itemprop='description' content='DATE : Du 5 au 29 mai\r\nLIEU : Ciutat Esportiva Blanes\r\nQuartiers Valldolig\/Mas Cremat - Mas Florit \/ La Plantera \/ Quatre Vents\r\nActivit\u00e9s' ><\/meta><meta itemprop='startDate' content='2026-5-5' ><\/meta><meta itemprop='endDate' content='2026-5-29' ><\/meta><meta itemprop='eventStatus' content='on-schedule' ><\/meta><script type=\"application\/ld+json\">{\t\"@context\": \"http:\/\/schema.org\",\n\t\t\t\t\t\t\t  \t\"@type\": \"Event\",\n\t\t\t\t\t\t\t  \t\"name\": \"Six Seven & Sport\",\n\t\t\t\t\t\t\t  \t\"startDate\": \"2026-5-5T00-00-00-00\",\n\t\t\t\t\t\t\t  \t\"endDate\": \"2026-5-29T23-23-59-00\",\n\t\t\t\t\t\t\t  \t\"image\":\"https:\/\/www.blanescostabrava.cat\/wp-content\/uploads\/2026\/04\/669976186_18180367207376291_5682094084447421370_n-240x300.jpg\",\n\t\t\t\t\t\t\t  \t\"description\":\"DATE : Du 5 au 29 mai\r\nLIEU : Ciutat Esportiva Blanes\r\nQuartiers Valldolig\/Mas Cremat - Mas Florit \/ La Plantera \/ Quatre Vents\r\nActivit\u00e9s\",\n\t\t\t\t\t\t\t  \t\n\t\t\t\t\t\t\t }<\/script><\/div>\n\t\t\t\t<p class=\"desc_trig_outter\"><a data-gmap_status=\"null\" data-exlk=\"0\" style=\"border-color: #206177;padding-top: 215px;height: 310px;\" id=\"evc_1777939201234022\" class=\"desc_trig mul_val evcal_list_a\" data-ux_val=\"3\"  ><span class='event-img'><img src='https:\/\/www.blanescostabrava.cat\/wp-content\/uploads\/2026\/04\/669976186_18180367207376291_5682094084447421370_n.jpg'><\/span><span class='evcal_cblock ' data-bgcolor='#206177' data-smon='mai' data-syr='2026'><span class='evo_start '><em class='date'>05<\/em><em class='month'>mai<\/em><em class='time'>allday<\/em><\/span><span class='evo_end '><em class='date'>29<\/em><\/span><em class='clear'><\/em><\/span><span class='evcal_desc evo_info hide_eventtopdata '  data-location_status=\"false\" ><span class='evo_above_title'><\/span><span class='evcal_desc2 evcal_event_title' itemprop='name'>Six Seven & Sport<\/span><span class='evo_below_title'><\/span><span class='evcal_desc_info' ><\/span><span class='evcal_desc3'><\/span><\/span><em class='clear'><\/em><\/p><\/a><div class='event_description evcal_eventcard ' style=\"display:none\"><div class='evo_metarow_directimg'><img src='https:\/\/www.blanescostabrava.cat\/wp-content\/uploads\/2026\/04\/669976186_18180367207376291_5682094084447421370_n.jpg' \/><\/div><div class='evo_metarow_details evorow evcal_evdata_row bordb evcal_event_details'>\n\t\t\t\t\t\t\t<div class=\"event_excerpt\" style=\"display:none\"><h3 class=\"padb5 evo_h3\">Description<\/h3><p>DATE : Du 5 au 29 mai\r\nLIEU : Ciutat Esportiva Blanes\r\nQuartiers Valldolig\/Mas Cremat - Mas Florit \/ La Plantera \/ Quatre Vents\r\nActivit\u00e9s<\/p><\/div><span class='evcal_evdata_icons'><i class='fa fa-align-justify'><\/i><\/span>\n\t\t\t\t\t\t\t\n\t\t\t\t\t\t\t<div class='evcal_evdata_cell shorter_desc'><div class='eventon_details_shading_bot'>\n\t\t\t\t\t\t\t\t<p class='eventon_shad_p' content='less'><span class='ev_more_text' data-txt='less'>more<\/span><span class='ev_more_arrow'><\/span><\/p>\n\t\t\t\t\t\t\t<\/div><div class='eventon_full_description'>\n\t\t\t\t\t\t\t\t\t<h3 class='padb5 evo_h3'><span class='evcal_evdata_icons'><i class='fa fa-align-justify'><\/i><\/span>Description<\/h3><div class='eventon_desc_in' itemprop='description'>\n\t\t\t\t\t\t\t\t\t<p data-start=\"711\" data-end=\"734\">DATE : Du 5 au 29 mai<\/p>\n<p data-start=\"736\" data-end=\"768\">LIEU : Ciutat Esportiva Blanes<\/p>\n<p data-start=\"770\" data-end=\"844\">Quartiers Valldolig\/Mas Cremat &#8211; Mas Florit \/ La Plantera \/ Quatre Vents<\/p>\n<p data-start=\"846\" data-end=\"920\">Activit\u00e9s gratuites &#8211; pour les jeunes de la 1re \u00e0 la 4e ann\u00e9e du coll\u00e8ge<\/p>\n<p data-start=\"922\" data-end=\"985\">Plus d\u2019informations : <a class=\"decorated-link cursor-pointer\" rel=\"noopener\" data-start=\"944\" data-end=\"965\">info@selvaesports.cat<\/a> \/ +34 601 993 333<\/p>\n<p data-start=\"922\" data-end=\"985\"><img class=\"alignnone size-full wp-image-234004\" src=\"https:\/\/www.blanescostabrava.cat\/wp-content\/uploads\/2026\/04\/669976186_18180367207376291_5682094084447421370_n.jpg\" alt=\"\" width=\"720\" height=\"899\" srcset=\"https:\/\/www.blanescostabrava.cat\/wp-content\/uploads\/2026\/04\/669976186_18180367207376291_5682094084447421370_n.jpg 720w, https:\/\/www.blanescostabrava.cat\/wp-content\/uploads\/2026\/04\/669976186_18180367207376291_5682094084447421370_n-240x300.jpg 240w, https:\/\/www.blanescostabrava.cat\/wp-content\/uploads\/2026\/04\/669976186_18180367207376291_5682094084447421370_n-120x150.jpg 120w, https:\/\/www.blanescostabrava.cat\/wp-content\/uploads\/2026\/04\/669976186_18180367207376291_5682094084447421370_n-19x24.jpg 19w, https:\/\/www.blanescostabrava.cat\/wp-content\/uploads\/2026\/04\/669976186_18180367207376291_5682094084447421370_n-29x36.jpg 29w, https:\/\/www.blanescostabrava.cat\/wp-content\/uploads\/2026\/04\/669976186_18180367207376291_5682094084447421370_n-38x48.jpg 38w\" sizes=\"(max-width: 720px) 100vw, 720px\" \/><\/p>\n<\/div><div class='clear'><\/div>\n\t\t\t\t\t\t\t\t<\/div>\n\t\t\t\t\t\t\t<\/div>\n\t\t\t\t\t\t<\/div><div class='evo_metarow_time_location evorow bordb '>\n\t\t\t\t\t\t<div class='tb' >\n\t\t\t\t\t\t\t<div class='tbrow'>\n\t\t\t\t\t\t\t<div class='evcal_col50 bordr'>\n\t\t\t\t\t\t\t\t<div class='evcal_evdata_row evo_time'>\n\t\t\t\t\t\t\t\t\t<span class='evcal_evdata_icons'><i class='fa fa-clock-o'><\/i><\/span>\n\t\t\t\t\t\t\t\t\t<div class='evcal_evdata_cell'>\t\t\t\t\t\t\t\n\t\t\t\t\t\t\t\t\t\t<h3 class='evo_h3'><span class='evcal_evdata_icons'><i class='fa fa-clock-o'><\/i><\/span>Date<\/h3>\n\t\t\t\t\t\t\t\t\t\t<p>mai 5 (Tuesday) - 29 (Friday)<\/p>\n\t\t\t\t\t\t\t\t\t<\/div>\n\t\t\t\t\t\t\t\t<\/div>\n\t\t\t\t\t\t\t<\/div><div class='evcal_col50'>\n\t\t\t\t\t\t\t\t<div class='evcal_evdata_row evo_location'>\n\t\t\t\t\t\t\t\t\t<span class='evcal_evdata_icons'><i class='fa fa-map-marker'><\/i><\/span>\n\t\t\t\t\t\t\t\t\t<div class='evcal_evdata_cell' data-loc_tax_id='2919'>\t\t\t\t\t\t\t\n\t\t\t\t\t\t\t\t\t\t<h3 class='evo_h3'><span class='evcal_evdata_icons'><i class='fa fa-map-marker'><\/i><\/span>Location<\/h3><p class='evo_location_name'>Ciutat Esportiva Blanes<\/p><p class='evo_location_address'><\/p>\n\t\t\t\t\t\t\t\t\t<\/div>\n\t\t\t\t\t\t\t\t<\/div>\n\t\t\t\t\t\t\t<\/div><div class='clear'><\/div>\n\t\t\t\t\t\t\t<\/div><\/div>\n\t\t\t\t\t\t<\/div>\t\t\t\t\t\t<div class='evo_metarow_ICS evorow bordb evcal_evdata_row'>\n\t\t\t\t\t\t\t<span class=\"evcal_evdata_icons\"><i class=\"fa fa-calendar\"><\/i><\/span>\n\t\t\t\t\t\t\t<div class='evcal_evdata_cell'>\n\t\t\t\t\t\t\t\t<p><a href=\"https:\/\/www.blanescostabrava.cat\/wp-admin\/admin-ajax.php?action=eventon_ics_download&amp;event_id=234022&amp;sunix=20260504T220000Z&amp;eunix=20260529T215900Z&amp;loca=&amp;locn=Ciutat Esportiva Blanes\" class=\"evo_ics_nCal\" title=\"Add to your calendar\">Calendar<\/a><a href=\"\/\/www.google.com\/calendar\/event?action=TEMPLATE&amp;text=Six+Seven+%26+Sport&amp;dates=20260504T220000Z\/20260529T215900Z&amp;details=DATE+%3A+Du+5+au+29+mai%0D%0ALIEU+%3A+Ciutat+Esportiva+Blanes%0D%0AQuartiers+Valldolig%2FMas+Cremat+-+Mas+Florit+%2F+La+Plantera+%2F+Quatre+Vents%0D%0AActivit%C3%A9s&amp;location=Ciutat+Esportiva+Blanes - \" target=\"_blank\" class=\"evo_ics_gCal\" title=\"Add to google calendar\">GoogleCal<\/a><\/p>\t\n\t\t\t\t\t\t\t<\/div>\t\t\t\t\t\t<\/div>\n\t\t\t\t\t\t<\/div><div class='clear end'><\/div><\/div><div id=\"event_234034\" class=\"eventon_list_event evo_eventtop  event hasbgimg\" data-event_id=\"234034\" data-time=\"1777939201-1780185599\" data-colr=\"#206177\" itemscope itemtype='http:\/\/schema.org\/Event' 9><div class=\"evo_boxtop\" style=\"background-image: url(https:\/\/www.blanescostabrava.cat\/wp-content\/uploads\/2018\/04\/CASA-SALADRIGAS-4-min.jpg); background-color:#206177;height:200px;\"><\/div><div class=\"evo_event_schema\" style=\"display:none\" ><a itemprop=\"url\" href=\"https:\/\/www.blanescostabrava.cat\/fr\/events\/exposition-color-en-movimiento\/\"><\/a><span itemprop='name'  >Exposition: \"Color en movimiento\"<\/span><meta itemprop='image' content='https:\/\/www.blanescostabrava.cat\/wp-content\/uploads\/2018\/04\/CASA-SALADRIGAS-4-min.jpg' ><\/meta><meta itemprop='description' content='Exposition : \"Color en movimiento\"\r\nDATE : Du 5 au 30 mai\r\nLIEU : Casa Saladrigas' ><\/meta><meta itemprop='startDate' content='2026-5-5' ><\/meta><meta itemprop='endDate' content='2026-5-30' ><\/meta><meta itemprop='eventStatus' content='on-schedule' ><\/meta><script type=\"application\/ld+json\">{\t\"@context\": \"http:\/\/schema.org\",\n\t\t\t\t\t\t\t  \t\"@type\": \"Event\",\n\t\t\t\t\t\t\t  \t\"name\": \"Exposition: \"Color en movimiento\"\",\n\t\t\t\t\t\t\t  \t\"startDate\": \"2026-5-5T00-00-00-00\",\n\t\t\t\t\t\t\t  \t\"endDate\": \"2026-5-30T23-23-59-00\",\n\t\t\t\t\t\t\t  \t\"image\":\"https:\/\/www.blanescostabrava.cat\/wp-content\/uploads\/2018\/04\/CASA-SALADRIGAS-4-min-300x265.jpg\",\n\t\t\t\t\t\t\t  \t\"description\":\"Exposition : Color en movimiento\r\nDATE : Du 5 au 30 mai\r\nLIEU : Casa Saladrigas\",\n\t\t\t\t\t\t\t  \t\n\t\t\t\t\t\t\t }<\/script><\/div>\n\t\t\t\t<p class=\"desc_trig_outter\"><a data-gmap_status=\"null\" data-exlk=\"0\" style=\"border-color: #206177;padding-top: 215px;height: 310px;\" id=\"evc_1777939201234034\" class=\"desc_trig mul_val evcal_list_a\" data-ux_val=\"3\"  ><span class='event-img'><img src='https:\/\/www.blanescostabrava.cat\/wp-content\/uploads\/2018\/04\/CASA-SALADRIGAS-4-min.jpg'><\/span><span class='evcal_cblock ' data-bgcolor='#206177' data-smon='mai' data-syr='2026'><span class='evo_start '><em class='date'>05<\/em><em class='month'>mai<\/em><em class='time'>allday<\/em><\/span><span class='evo_end '><em class='date'>30<\/em><\/span><em class='clear'><\/em><\/span><span class='evcal_desc evo_info hide_eventtopdata '  data-location_status=\"false\" ><span class='evo_above_title'><\/span><span class='evcal_desc2 evcal_event_title' itemprop='name'>Exposition: \"Color en movimiento\"<\/span><span class='evo_below_title'><\/span><span class='evcal_desc_info' ><\/span><span class='evcal_desc3'><\/span><\/span><em class='clear'><\/em><\/p><\/a><div class='event_description evcal_eventcard ' style=\"display:none\"><div class='evo_metarow_directimg'><img src='https:\/\/www.blanescostabrava.cat\/wp-content\/uploads\/2018\/04\/CASA-SALADRIGAS-4-min.jpg' \/><\/div><div class='evo_metarow_details evorow evcal_evdata_row bordb evcal_event_details'>\n\t\t\t\t\t\t\t<div class=\"event_excerpt\" style=\"display:none\"><h3 class=\"padb5 evo_h3\">Description<\/h3><p>Exposition : \"Color en movimiento\"\r\nDATE : Du 5 au 30 mai\r\nLIEU : Casa Saladrigas<\/p><\/div><span class='evcal_evdata_icons'><i class='fa fa-align-justify'><\/i><\/span>\n\t\t\t\t\t\t\t\n\t\t\t\t\t\t\t<div class='evcal_evdata_cell '><div class='eventon_full_description'>\n\t\t\t\t\t\t\t\t\t<h3 class='padb5 evo_h3'><span class='evcal_evdata_icons'><i class='fa fa-align-justify'><\/i><\/span>Description<\/h3><div class='eventon_desc_in' itemprop='description'>\n\t\t\t\t\t\t\t\t\t<p data-start=\"336\" data-end=\"372\">Exposition : \u00ab\u00a0Color en movimiento\u00a0\u00bb<\/p>\n<p data-start=\"388\" data-end=\"411\">DATE : Du 5 au 30 mai<\/p>\n<p data-start=\"413\" data-end=\"437\">LIEU : Casa Saladrigas<\/p>\n<\/div><div class='clear'><\/div>\n\t\t\t\t\t\t\t\t<\/div>\n\t\t\t\t\t\t\t<\/div>\n\t\t\t\t\t\t<\/div><div class='evo_metarow_time_location evorow bordb '>\n\t\t\t\t\t\t<div class='tb' >\n\t\t\t\t\t\t\t<div class='tbrow'>\n\t\t\t\t\t\t\t<div class='evcal_col50 bordr'>\n\t\t\t\t\t\t\t\t<div class='evcal_evdata_row evo_time'>\n\t\t\t\t\t\t\t\t\t<span class='evcal_evdata_icons'><i class='fa fa-clock-o'><\/i><\/span>\n\t\t\t\t\t\t\t\t\t<div class='evcal_evdata_cell'>\t\t\t\t\t\t\t\n\t\t\t\t\t\t\t\t\t\t<h3 class='evo_h3'><span class='evcal_evdata_icons'><i class='fa fa-clock-o'><\/i><\/span>Date<\/h3>\n\t\t\t\t\t\t\t\t\t\t<p>mai 5 (Tuesday) - 30 (Saturday)<\/p>\n\t\t\t\t\t\t\t\t\t<\/div>\n\t\t\t\t\t\t\t\t<\/div>\n\t\t\t\t\t\t\t<\/div><div class='evcal_col50'>\n\t\t\t\t\t\t\t\t<div class='evcal_evdata_row evo_location'>\n\t\t\t\t\t\t\t\t\t<span class='evcal_evdata_icons'><i class='fa fa-map-marker'><\/i><\/span>\n\t\t\t\t\t\t\t\t\t<div class='evcal_evdata_cell' data-loc_tax_id='2630'>\t\t\t\t\t\t\t\n\t\t\t\t\t\t\t\t\t\t<h3 class='evo_h3'><span class='evcal_evdata_icons'><i class='fa fa-map-marker'><\/i><\/span>Location<\/h3><p class='evo_location_name'>Casa Saladrigas<\/p><p class='evo_location_address'><\/p>\n\t\t\t\t\t\t\t\t\t<\/div>\n\t\t\t\t\t\t\t\t<\/div>\n\t\t\t\t\t\t\t<\/div><div class='clear'><\/div>\n\t\t\t\t\t\t\t<\/div><\/div>\n\t\t\t\t\t\t<\/div>\t\t\t\t\t\t<div class='evo_metarow_ICS evorow bordb evcal_evdata_row'>\n\t\t\t\t\t\t\t<span class=\"evcal_evdata_icons\"><i class=\"fa fa-calendar\"><\/i><\/span>\n\t\t\t\t\t\t\t<div class='evcal_evdata_cell'>\n\t\t\t\t\t\t\t\t<p><a href=\"https:\/\/www.blanescostabrava.cat\/wp-admin\/admin-ajax.php?action=eventon_ics_download&amp;event_id=234034&amp;sunix=20260504T220000Z&amp;eunix=20260530T215900Z&amp;loca=&amp;locn=Casa Saladrigas\" class=\"evo_ics_nCal\" title=\"Add to your calendar\">Calendar<\/a><a href=\"\/\/www.google.com\/calendar\/event?action=TEMPLATE&amp;text=Exposition%3A+%22Color+en+movimiento%22&amp;dates=20260504T220000Z\/20260530T215900Z&amp;details=Exposition+%3A+%22Color+en+movimiento%22%0D%0ADATE+%3A+Du+5+au+30+mai%0D%0ALIEU+%3A+Casa+Saladrigas&amp;location=Casa+Saladrigas - \" target=\"_blank\" class=\"evo_ics_gCal\" title=\"Add to google calendar\">GoogleCal<\/a><\/p>\t\n\t\t\t\t\t\t\t<\/div>\t\t\t\t\t\t<\/div>\n\t\t\t\t\t\t<\/div><div class='clear end'><\/div><\/div><div id=\"event_233665\" class=\"eventon_list_event evo_eventtop  event hasbgimg\" data-event_id=\"233665\" data-time=\"1778085000-1778090400\" data-colr=\"#206177\" itemscope itemtype='http:\/\/schema.org\/Event' 10><div class=\"evo_boxtop\" style=\"background-image: url(https:\/\/www.blanescostabrava.cat\/wp-content\/uploads\/2019\/12\/biblioteca-comarcal.jpg); background-color:#206177;height:200px;\"><\/div><div class=\"evo_event_schema\" style=\"display:none\" ><a itemprop=\"url\" href=\"https:\/\/www.blanescostabrava.cat\/fr\/events\/english-book-club-club-de-lecture-en-anglais\/\"><\/a><span itemprop='name'  >English Book Club: club de lecture en anglais<\/span><meta itemprop='image' content='https:\/\/www.blanescostabrava.cat\/wp-content\/uploads\/2019\/12\/biblioteca-comarcal.jpg' ><\/meta><meta itemprop='description' content='DATE : mercredi 6 maiHEURE : 16:30 hLIEU : Biblioth\u00e8que Roberto Bola\u00f1o\r\nPour les personnes' ><\/meta><meta itemprop='startDate' content='2026-5-6' ><\/meta><meta itemprop='endDate' content='2026-5-6' ><\/meta><meta itemprop='eventStatus' content='on-schedule' ><\/meta><script type=\"application\/ld+json\">{\t\"@context\": \"http:\/\/schema.org\",\n\t\t\t\t\t\t\t  \t\"@type\": \"Event\",\n\t\t\t\t\t\t\t  \t\"name\": \"English Book Club: club de lecture en anglais\",\n\t\t\t\t\t\t\t  \t\"startDate\": \"2026-5-6T16-16-30-00\",\n\t\t\t\t\t\t\t  \t\"endDate\": \"2026-5-6T18-18-00-00\",\n\t\t\t\t\t\t\t  \t\"image\":\"https:\/\/www.blanescostabrava.cat\/wp-content\/uploads\/2019\/12\/biblioteca-comarcal-300x194.jpg\",\n\t\t\t\t\t\t\t  \t\"description\":\"DATE : mercredi 6 maiHEURE : 16:30 hLIEU : Biblioth\u00e8que Roberto Bola\u00f1o\r\nPour les personnes\",\n\t\t\t\t\t\t\t  \t\n\t\t\t\t\t\t\t }<\/script><\/div>\n\t\t\t\t<p class=\"desc_trig_outter\"><a data-gmap_status=\"null\" data-exlk=\"0\" style=\"border-color: #206177;padding-top: 215px;height: 310px;\" id=\"evc_1778085000233665\" class=\"desc_trig sin_val evcal_list_a\" data-ux_val=\"3\"  ><span class='event-img'><img src='https:\/\/www.blanescostabrava.cat\/wp-content\/uploads\/2019\/12\/biblioteca-comarcal.jpg'><\/span><span class='evcal_cblock ' data-bgcolor='#206177' data-smon='mai' data-syr='2026'><span class='evo_start '><em class='date'>06<\/em><em class='month'>mai<\/em><em class='time'>4:30 pm<\/em><\/span><span class='evo_end only_time'><em class='time'>6:00 pm<\/em><\/span><em class='clear'><\/em><\/span><span class='evcal_desc evo_info hide_eventtopdata '  data-location_status=\"false\" ><span class='evo_above_title'><\/span><span class='evcal_desc2 evcal_event_title' itemprop='name'>English Book Club: club de lecture en anglais<\/span><span class='evo_below_title'><\/span><span class='evcal_desc_info' ><\/span><span class='evcal_desc3'><\/span><\/span><em class='clear'><\/em><\/p><\/a><div class='event_description evcal_eventcard ' style=\"display:none\"><div class='evo_metarow_directimg'><img src='https:\/\/www.blanescostabrava.cat\/wp-content\/uploads\/2019\/12\/biblioteca-comarcal.jpg' alt=\"biblioteca_comarcal_blanes\"\/><\/div><div class='evo_metarow_details evorow evcal_evdata_row bordb evcal_event_details'>\n\t\t\t\t\t\t\t<div class=\"event_excerpt\" style=\"display:none\"><h3 class=\"padb5 evo_h3\">Description<\/h3><p>DATE : mercredi 6 maiHEURE : 16:30 hLIEU : Biblioth\u00e8que Roberto Bola\u00f1o\r\nPour les personnes<\/p><\/div><span class='evcal_evdata_icons'><i class='fa fa-align-justify'><\/i><\/span>\n\t\t\t\t\t\t\t\n\t\t\t\t\t\t\t<div class='evcal_evdata_cell shorter_desc'><div class='eventon_details_shading_bot'>\n\t\t\t\t\t\t\t\t<p class='eventon_shad_p' content='less'><span class='ev_more_text' data-txt='less'>more<\/span><span class='ev_more_arrow'><\/span><\/p>\n\t\t\t\t\t\t\t<\/div><div class='eventon_full_description'>\n\t\t\t\t\t\t\t\t\t<h3 class='padb5 evo_h3'><span class='evcal_evdata_icons'><i class='fa fa-align-justify'><\/i><\/span>Description<\/h3><div class='eventon_desc_in' itemprop='description'>\n\t\t\t\t\t\t\t\t\t<p data-start=\"764\" data-end=\"854\"><strong data-start=\"764\" data-end=\"774\">DATE :<\/strong> mercredi 6 mai<br data-start=\"789\" data-end=\"792\" \/><strong data-start=\"792\" data-end=\"803\">HEURE :<\/strong> 16:30 h<br data-start=\"811\" data-end=\"814\" \/><strong data-start=\"814\" data-end=\"824\">LIEU :<\/strong> Biblioth\u00e8que Roberto Bola\u00f1o<\/p>\n<p data-start=\"856\" data-end=\"928\">Pour les personnes \u00e0 partir de 18 ans et de niveau B1 (interm\u00e9diaire).<\/p>\n<p data-start=\"930\" data-end=\"975\">Lectures vari\u00e9es. Anim\u00e9 par Carles Llorach.<\/p>\n<p data-start=\"977\" data-end=\"1069\" data-is-last-node=\"\" data-is-only-node=\"\">Informations, inscriptions et pr\u00eat de livres \u00e0 la biblioth\u00e8que. (S\u00e9ances tous les mercredis)<\/p>\n<\/div><div class='clear'><\/div>\n\t\t\t\t\t\t\t\t<\/div>\n\t\t\t\t\t\t\t<\/div>\n\t\t\t\t\t\t<\/div><div class='evo_metarow_time_location evorow bordb '>\n\t\t\t\t\t\t<div class='tb' >\n\t\t\t\t\t\t\t<div class='tbrow'>\n\t\t\t\t\t\t\t<div class='evcal_col50 bordr'>\n\t\t\t\t\t\t\t\t<div class='evcal_evdata_row evo_time'>\n\t\t\t\t\t\t\t\t\t<span class='evcal_evdata_icons'><i class='fa fa-clock-o'><\/i><\/span>\n\t\t\t\t\t\t\t\t\t<div class='evcal_evdata_cell'>\t\t\t\t\t\t\t\n\t\t\t\t\t\t\t\t\t\t<h3 class='evo_h3'><span class='evcal_evdata_icons'><i class='fa fa-clock-o'><\/i><\/span>Date<\/h3>\n\t\t\t\t\t\t\t\t\t\t<p>(Wednesday) 4:30 pm - 6:00 pm<\/p>\n\t\t\t\t\t\t\t\t\t<\/div>\n\t\t\t\t\t\t\t\t<\/div>\n\t\t\t\t\t\t\t<\/div><div class='evcal_col50'>\n\t\t\t\t\t\t\t\t<div class='evcal_evdata_row evo_location'>\n\t\t\t\t\t\t\t\t\t<span class='evcal_evdata_icons'><i class='fa fa-map-marker'><\/i><\/span>\n\t\t\t\t\t\t\t\t\t<div class='evcal_evdata_cell' data-loc_tax_id='4568'>\t\t\t\t\t\t\t\n\t\t\t\t\t\t\t\t\t\t<h3 class='evo_h3'><span class='evcal_evdata_icons'><i class='fa fa-map-marker'><\/i><\/span>Location<\/h3><p class='evo_location_name'>Biblioth\u00e8que Roberto Bola\u00f1o<\/p><p class='evo_location_address'><\/p>\n\t\t\t\t\t\t\t\t\t<\/div>\n\t\t\t\t\t\t\t\t<\/div>\n\t\t\t\t\t\t\t<\/div><div class='clear'><\/div>\n\t\t\t\t\t\t\t<\/div><\/div>\n\t\t\t\t\t\t<\/div>\t\t\t\t\t\t<div class='evo_metarow_ICS evorow bordb evcal_evdata_row'>\n\t\t\t\t\t\t\t<span class=\"evcal_evdata_icons\"><i class=\"fa fa-calendar\"><\/i><\/span>\n\t\t\t\t\t\t\t<div class='evcal_evdata_cell'>\n\t\t\t\t\t\t\t\t<p><a href=\"https:\/\/www.blanescostabrava.cat\/wp-admin\/admin-ajax.php?action=eventon_ics_download&amp;event_id=233665&amp;sunix=20260506T143000Z&amp;eunix=20260506T160000Z&amp;loca=&amp;locn=Biblioth\u00e8que Roberto Bola\u00f1o\" class=\"evo_ics_nCal\" title=\"Add to your calendar\">Calendar<\/a><a href=\"\/\/www.google.com\/calendar\/event?action=TEMPLATE&amp;text=English+Book+Club%3A+club+de+lecture+en+anglais&amp;dates=20260506T143000Z\/20260506T160000Z&amp;details=DATE+%3A+mercredi+6+maiHEURE+%3A+16%3A30+hLIEU+%3A+Biblioth%C3%A8que+Roberto+Bola%C3%B1o%0D%0APour+les+personnes&amp;location=Biblioth%C3%A8que+Roberto+Bola%C3%B1o - \" target=\"_blank\" class=\"evo_ics_gCal\" title=\"Add to google calendar\">GoogleCal<\/a><\/p>\t\n\t\t\t\t\t\t\t<\/div>\t\t\t\t\t\t<\/div>\n\t\t\t\t\t\t<\/div><div class='clear end'><\/div><\/div><div id=\"event_233677\" class=\"eventon_list_event evo_eventtop  event hasbgimg\" data-event_id=\"233677\" data-time=\"1778180400-1778187600\" data-colr=\"#206177\" itemscope itemtype='http:\/\/schema.org\/Event' 11><div class=\"evo_boxtop\" style=\"background-image: url(https:\/\/www.blanescostabrava.cat\/wp-content\/uploads\/2019\/12\/biblioteca-comarcal.jpg); background-color:#206177;height:200px;\"><\/div><div class=\"evo_event_schema\" style=\"display:none\" ><a itemprop=\"url\" href=\"https:\/\/www.blanescostabrava.cat\/fr\/events\/jeudis-des-lettres-et-des-mots-cafe-litteraire-pour-adultes-estremida-memoria-de-jesus-moncada\/\"><\/a><span itemprop='name'  >Jeudis des Lettres et des Mots, caf\u00e9 litt\u00e9raire pour adultes: \"Estremida mem\u00f2ria de Jes\u00fas Moncada\"<\/span><meta itemprop='image' content='https:\/\/www.blanescostabrava.cat\/wp-content\/uploads\/2019\/12\/biblioteca-comarcal.jpg' ><\/meta><meta itemprop='description' content='DATE : jeudi 7 maiHEURE : 19:00 hLIEU : Biblioth\u00e8que Roberto Bola\u00f1o\r\nPodcast' ><\/meta><meta itemprop='startDate' content='2026-5-7' ><\/meta><meta itemprop='endDate' content='2026-5-7' ><\/meta><meta itemprop='eventStatus' content='on-schedule' ><\/meta><script type=\"application\/ld+json\">{\t\"@context\": \"http:\/\/schema.org\",\n\t\t\t\t\t\t\t  \t\"@type\": \"Event\",\n\t\t\t\t\t\t\t  \t\"name\": \"Jeudis des Lettres et des Mots, caf\u00e9 litt\u00e9raire pour adultes: \"Estremida mem\u00f2ria de Jes\u00fas Moncada\"\",\n\t\t\t\t\t\t\t  \t\"startDate\": \"2026-5-7T19-19-00-00\",\n\t\t\t\t\t\t\t  \t\"endDate\": \"2026-5-7T21-21-00-00\",\n\t\t\t\t\t\t\t  \t\"image\":\"https:\/\/www.blanescostabrava.cat\/wp-content\/uploads\/2019\/12\/biblioteca-comarcal-300x194.jpg\",\n\t\t\t\t\t\t\t  \t\"description\":\"DATE : jeudi 7 maiHEURE : 19:00 hLIEU : Biblioth\u00e8que Roberto Bola\u00f1o\r\nPodcast\",\n\t\t\t\t\t\t\t  \t\n\t\t\t\t\t\t\t }<\/script><\/div>\n\t\t\t\t<p class=\"desc_trig_outter\"><a data-gmap_status=\"null\" data-exlk=\"0\" style=\"border-color: #206177;padding-top: 215px;height: 310px;\" id=\"evc_1778180400233677\" class=\"desc_trig sin_val evcal_list_a\" data-ux_val=\"3\"  ><span class='event-img'><img src='https:\/\/www.blanescostabrava.cat\/wp-content\/uploads\/2019\/12\/biblioteca-comarcal.jpg'><\/span><span class='evcal_cblock ' data-bgcolor='#206177' data-smon='mai' data-syr='2026'><span class='evo_start '><em class='date'>07<\/em><em class='month'>mai<\/em><em class='time'>7:00 pm<\/em><\/span><span class='evo_end only_time'><em class='time'>9:00 pm<\/em><\/span><em class='clear'><\/em><\/span><span class='evcal_desc evo_info hide_eventtopdata '  data-location_status=\"false\" ><span class='evo_above_title'><\/span><span class='evcal_desc2 evcal_event_title' itemprop='name'>Jeudis des Lettres et des Mots, caf\u00e9 litt\u00e9raire pour adultes: \"Estremida mem\u00f2ria de Jes\u00fas Moncada\"<\/span><span class='evo_below_title'><\/span><span class='evcal_desc_info' ><\/span><span class='evcal_desc3'><\/span><\/span><em class='clear'><\/em><\/p><\/a><div class='event_description evcal_eventcard ' style=\"display:none\"><div class='evo_metarow_directimg'><img src='https:\/\/www.blanescostabrava.cat\/wp-content\/uploads\/2019\/12\/biblioteca-comarcal.jpg' alt=\"biblioteca_comarcal_blanes\"\/><\/div><div class='evo_metarow_details evorow evcal_evdata_row bordb evcal_event_details'>\n\t\t\t\t\t\t\t<div class=\"event_excerpt\" style=\"display:none\"><h3 class=\"padb5 evo_h3\">Description<\/h3><p>DATE : jeudi 7 maiHEURE : 19:00 hLIEU : Biblioth\u00e8que Roberto Bola\u00f1o\r\nPodcast<\/p><\/div><span class='evcal_evdata_icons'><i class='fa fa-align-justify'><\/i><\/span>\n\t\t\t\t\t\t\t\n\t\t\t\t\t\t\t<div class='evcal_evdata_cell shorter_desc'><div class='eventon_details_shading_bot'>\n\t\t\t\t\t\t\t\t<p class='eventon_shad_p' content='less'><span class='ev_more_text' data-txt='less'>more<\/span><span class='ev_more_arrow'><\/span><\/p>\n\t\t\t\t\t\t\t<\/div><div class='eventon_full_description'>\n\t\t\t\t\t\t\t\t\t<h3 class='padb5 evo_h3'><span class='evcal_evdata_icons'><i class='fa fa-align-justify'><\/i><\/span>Description<\/h3><div class='eventon_desc_in' itemprop='description'>\n\t\t\t\t\t\t\t\t\t<p data-start=\"684\" data-end=\"771\"><strong data-start=\"684\" data-end=\"694\">DATE :<\/strong> jeudi 7 mai<br data-start=\"706\" data-end=\"709\" \/><strong data-start=\"709\" data-end=\"720\">HEURE :<\/strong> 19:00 h<br data-start=\"728\" data-end=\"731\" \/><strong data-start=\"731\" data-end=\"741\">LIEU :<\/strong> Biblioth\u00e8que Roberto Bola\u00f1o<\/p>\n<p data-start=\"773\" data-end=\"845\" data-is-last-node=\"\" data-is-only-node=\"\">Podcast litt\u00e9raire : <a class=\"decorated-link\" href=\"https:\/\/biblioteca.blanes.cat\/dijousdelletresimots\/\" target=\"_new\" rel=\"noopener\" data-start=\"794\" data-end=\"845\" data-is-last-node=\"\">https:\/\/biblioteca.blanes.cat\/dijousdelletresimots\/<\/a><\/p>\n<\/div><div class='clear'><\/div>\n\t\t\t\t\t\t\t\t<\/div>\n\t\t\t\t\t\t\t<\/div>\n\t\t\t\t\t\t<\/div><div class='evo_metarow_time_location evorow bordb '>\n\t\t\t\t\t\t<div class='tb' >\n\t\t\t\t\t\t\t<div class='tbrow'>\n\t\t\t\t\t\t\t<div class='evcal_col50 bordr'>\n\t\t\t\t\t\t\t\t<div class='evcal_evdata_row evo_time'>\n\t\t\t\t\t\t\t\t\t<span class='evcal_evdata_icons'><i class='fa fa-clock-o'><\/i><\/span>\n\t\t\t\t\t\t\t\t\t<div class='evcal_evdata_cell'>\t\t\t\t\t\t\t\n\t\t\t\t\t\t\t\t\t\t<h3 class='evo_h3'><span class='evcal_evdata_icons'><i class='fa fa-clock-o'><\/i><\/span>Date<\/h3>\n\t\t\t\t\t\t\t\t\t\t<p>(Thursday) 7:00 pm - 9:00 pm<\/p>\n\t\t\t\t\t\t\t\t\t<\/div>\n\t\t\t\t\t\t\t\t<\/div>\n\t\t\t\t\t\t\t<\/div><div class='evcal_col50'>\n\t\t\t\t\t\t\t\t<div class='evcal_evdata_row evo_location'>\n\t\t\t\t\t\t\t\t\t<span class='evcal_evdata_icons'><i class='fa fa-map-marker'><\/i><\/span>\n\t\t\t\t\t\t\t\t\t<div class='evcal_evdata_cell' data-loc_tax_id='4568'>\t\t\t\t\t\t\t\n\t\t\t\t\t\t\t\t\t\t<h3 class='evo_h3'><span class='evcal_evdata_icons'><i class='fa fa-map-marker'><\/i><\/span>Location<\/h3><p class='evo_location_name'>Biblioth\u00e8que Roberto Bola\u00f1o<\/p><p class='evo_location_address'><\/p>\n\t\t\t\t\t\t\t\t\t<\/div>\n\t\t\t\t\t\t\t\t<\/div>\n\t\t\t\t\t\t\t<\/div><div class='clear'><\/div>\n\t\t\t\t\t\t\t<\/div><\/div>\n\t\t\t\t\t\t<\/div>\t\t\t\t\t\t<div class='evo_metarow_ICS evorow bordb evcal_evdata_row'>\n\t\t\t\t\t\t\t<span class=\"evcal_evdata_icons\"><i class=\"fa fa-calendar\"><\/i><\/span>\n\t\t\t\t\t\t\t<div class='evcal_evdata_cell'>\n\t\t\t\t\t\t\t\t<p><a href=\"https:\/\/www.blanescostabrava.cat\/wp-admin\/admin-ajax.php?action=eventon_ics_download&amp;event_id=233677&amp;sunix=20260507T170000Z&amp;eunix=20260507T190000Z&amp;loca=&amp;locn=Biblioth\u00e8que Roberto Bola\u00f1o\" class=\"evo_ics_nCal\" title=\"Add to your calendar\">Calendar<\/a><a href=\"\/\/www.google.com\/calendar\/event?action=TEMPLATE&amp;text=Jeudis+des+Lettres+et+des+Mots%2C+caf%C3%A9+litt%C3%A9raire+pour+adultes%3A+%22Estremida+mem%C3%B2ria+de+Jes%C3%BAs+Moncada%22&amp;dates=20260507T170000Z\/20260507T190000Z&amp;details=DATE+%3A+jeudi+7+maiHEURE+%3A+19%3A00+hLIEU+%3A+Biblioth%C3%A8que+Roberto+Bola%C3%B1o%0D%0APodcast&amp;location=Biblioth%C3%A8que+Roberto+Bola%C3%B1o - \" target=\"_blank\" class=\"evo_ics_gCal\" title=\"Add to google calendar\">GoogleCal<\/a><\/p>\t\n\t\t\t\t\t\t\t<\/div>\t\t\t\t\t\t<\/div>\n\t\t\t\t\t\t<\/div><div class='clear end'><\/div><\/div><div id=\"event_233539\" class=\"eventon_list_event evo_eventtop  event hasbgimg\" data-event_id=\"233539\" data-time=\"1778198401-1778457599\" data-colr=\"#206177\" itemscope itemtype='http:\/\/schema.org\/Event' 12><div class=\"evo_boxtop\" style=\"background-image: url(https:\/\/www.blanescostabrava.cat\/wp-content\/uploads\/2026\/04\/BLANES-HP.png); background-color:#206177;height:200px;\"><\/div><div class=\"evo_event_schema\" style=\"display:none\" ><a itemprop=\"url\" href=\"https:\/\/www.blanescostabrava.cat\/fr\/events\/championnats-de-catalogne-de-base-de-hockey-sur-patins\/\"><\/a><span itemprop='name'  >Championnats de Catalogne de base de hockey sur patins<\/span><meta itemprop='image' content='https:\/\/www.blanescostabrava.cat\/wp-content\/uploads\/2026\/04\/BLANES-HP.png' ><\/meta><meta itemprop='description' content='DATE : 8, 9 et 10 mai\r\n\r\nLIEU : Ciutat Esportiva Blanes\r\n\r\n' ><\/meta><meta itemprop='startDate' content='2026-5-8' ><\/meta><meta itemprop='endDate' content='2026-5-10' ><\/meta><meta itemprop='eventStatus' content='on-schedule' ><\/meta><script type=\"application\/ld+json\">{\t\"@context\": \"http:\/\/schema.org\",\n\t\t\t\t\t\t\t  \t\"@type\": \"Event\",\n\t\t\t\t\t\t\t  \t\"name\": \"Championnats de Catalogne de base de hockey sur patins\",\n\t\t\t\t\t\t\t  \t\"startDate\": \"2026-5-8T00-00-00-00\",\n\t\t\t\t\t\t\t  \t\"endDate\": \"2026-5-10T23-23-59-00\",\n\t\t\t\t\t\t\t  \t\"image\":\"https:\/\/www.blanescostabrava.cat\/wp-content\/uploads\/2026\/04\/BLANES-HP-240x300.png\",\n\t\t\t\t\t\t\t  \t\"description\":\"DATE : 8, 9 et 10 mai\r\n\r\nLIEU : Ciutat Esportiva Blanes\r\n\r\n\",\n\t\t\t\t\t\t\t  \t\n\t\t\t\t\t\t\t }<\/script><\/div>\n\t\t\t\t<p class=\"desc_trig_outter\"><a data-gmap_status=\"null\" data-exlk=\"0\" style=\"border-color: #206177;padding-top: 215px;height: 310px;\" id=\"evc_1778198401233539\" class=\"desc_trig mul_val evcal_list_a\" data-ux_val=\"3\"  ><span class='event-img'><img src='https:\/\/www.blanescostabrava.cat\/wp-content\/uploads\/2026\/04\/BLANES-HP.png'><\/span><span class='evcal_cblock ' data-bgcolor='#206177' data-smon='mai' data-syr='2026'><span class='evo_start '><em class='date'>08<\/em><em class='month'>mai<\/em><em class='time'>allday<\/em><\/span><span class='evo_end '><em class='date'>10<\/em><\/span><em class='clear'><\/em><\/span><span class='evcal_desc evo_info hide_eventtopdata '  data-location_status=\"false\" ><span class='evo_above_title'><\/span><span class='evcal_desc2 evcal_event_title' itemprop='name'>Championnats de Catalogne de base de hockey sur patins<\/span><span class='evo_below_title'><\/span><span class='evcal_desc_info' ><\/span><span class='evcal_desc3'><\/span><\/span><em class='clear'><\/em><\/p><\/a><div class='event_description evcal_eventcard ' style=\"display:none\"><div class='evo_metarow_directimg'><img src='https:\/\/www.blanescostabrava.cat\/wp-content\/uploads\/2026\/04\/BLANES-HP.png' \/><\/div><div class='evo_metarow_details evorow evcal_evdata_row bordb evcal_event_details'>\n\t\t\t\t\t\t\t<div class=\"event_excerpt\" style=\"display:none\"><h3 class=\"padb5 evo_h3\">Description<\/h3><p>DATE : 8, 9 et 10 mai\r\n\r\nLIEU : Ciutat Esportiva Blanes\r\n\r\n<\/p><\/div><span class='evcal_evdata_icons'><i class='fa fa-align-justify'><\/i><\/span>\n\t\t\t\t\t\t\t\n\t\t\t\t\t\t\t<div class='evcal_evdata_cell '><div class='eventon_full_description'>\n\t\t\t\t\t\t\t\t\t<h3 class='padb5 evo_h3'><span class='evcal_evdata_icons'><i class='fa fa-align-justify'><\/i><\/span>Description<\/h3><div class='eventon_desc_in' itemprop='description'>\n\t\t\t\t\t\t\t\t\t<p>DATE : 8, 9 et 10 mai<\/p>\n<p>LIEU : Ciutat Esportiva Blanes<\/p>\n<p><img class=\"alignnone size-large wp-image-233521\" src=\"https:\/\/www.blanescostabrava.cat\/wp-content\/uploads\/2026\/04\/BLANES-HP-819x1024.png\" alt=\"\" width=\"819\" height=\"1024\" srcset=\"https:\/\/www.blanescostabrava.cat\/wp-content\/uploads\/2026\/04\/BLANES-HP-819x1024.png 819w, https:\/\/www.blanescostabrava.cat\/wp-content\/uploads\/2026\/04\/BLANES-HP-240x300.png 240w, https:\/\/www.blanescostabrava.cat\/wp-content\/uploads\/2026\/04\/BLANES-HP-120x150.png 120w, https:\/\/www.blanescostabrava.cat\/wp-content\/uploads\/2026\/04\/BLANES-HP-768x960.png 768w, https:\/\/www.blanescostabrava.cat\/wp-content\/uploads\/2026\/04\/BLANES-HP-1229x1536.png 1229w, https:\/\/www.blanescostabrava.cat\/wp-content\/uploads\/2026\/04\/BLANES-HP-1638x2048.png 1638w, https:\/\/www.blanescostabrava.cat\/wp-content\/uploads\/2026\/04\/BLANES-HP-19x24.png 19w, https:\/\/www.blanescostabrava.cat\/wp-content\/uploads\/2026\/04\/BLANES-HP-29x36.png 29w, https:\/\/www.blanescostabrava.cat\/wp-content\/uploads\/2026\/04\/BLANES-HP-38x48.png 38w, https:\/\/www.blanescostabrava.cat\/wp-content\/uploads\/2026\/04\/BLANES-HP.png 2048w\" sizes=\"(max-width: 819px) 100vw, 819px\" \/><\/p>\n<\/div><div class='clear'><\/div>\n\t\t\t\t\t\t\t\t<\/div>\n\t\t\t\t\t\t\t<\/div>\n\t\t\t\t\t\t<\/div><div class='evo_metarow_time_location evorow bordb '>\n\t\t\t\t\t\t<div class='tb' >\n\t\t\t\t\t\t\t<div class='tbrow'>\n\t\t\t\t\t\t\t<div class='evcal_col50 bordr'>\n\t\t\t\t\t\t\t\t<div class='evcal_evdata_row evo_time'>\n\t\t\t\t\t\t\t\t\t<span class='evcal_evdata_icons'><i class='fa fa-clock-o'><\/i><\/span>\n\t\t\t\t\t\t\t\t\t<div class='evcal_evdata_cell'>\t\t\t\t\t\t\t\n\t\t\t\t\t\t\t\t\t\t<h3 class='evo_h3'><span class='evcal_evdata_icons'><i class='fa fa-clock-o'><\/i><\/span>Date<\/h3>\n\t\t\t\t\t\t\t\t\t\t<p>mai 8 (Friday) - 10 (Sunday)<\/p>\n\t\t\t\t\t\t\t\t\t<\/div>\n\t\t\t\t\t\t\t\t<\/div>\n\t\t\t\t\t\t\t<\/div><div class='evcal_col50'>\n\t\t\t\t\t\t\t\t<div class='evcal_evdata_row evo_location'>\n\t\t\t\t\t\t\t\t\t<span class='evcal_evdata_icons'><i class='fa fa-map-marker'><\/i><\/span>\n\t\t\t\t\t\t\t\t\t<div class='evcal_evdata_cell' data-loc_tax_id='2919'>\t\t\t\t\t\t\t\n\t\t\t\t\t\t\t\t\t\t<h3 class='evo_h3'><span class='evcal_evdata_icons'><i class='fa fa-map-marker'><\/i><\/span>Location<\/h3><p class='evo_location_name'>Ciutat Esportiva Blanes<\/p><p class='evo_location_address'><\/p>\n\t\t\t\t\t\t\t\t\t<\/div>\n\t\t\t\t\t\t\t\t<\/div>\n\t\t\t\t\t\t\t<\/div><div class='clear'><\/div>\n\t\t\t\t\t\t\t<\/div><\/div>\n\t\t\t\t\t\t<\/div>\t\t\t\t\t\t<div class='evo_metarow_ICS evorow bordb evcal_evdata_row'>\n\t\t\t\t\t\t\t<span class=\"evcal_evdata_icons\"><i class=\"fa fa-calendar\"><\/i><\/span>\n\t\t\t\t\t\t\t<div class='evcal_evdata_cell'>\n\t\t\t\t\t\t\t\t<p><a href=\"https:\/\/www.blanescostabrava.cat\/wp-admin\/admin-ajax.php?action=eventon_ics_download&amp;event_id=233539&amp;sunix=20260507T220000Z&amp;eunix=20260510T215900Z&amp;loca=&amp;locn=Ciutat Esportiva Blanes\" class=\"evo_ics_nCal\" title=\"Add to your calendar\">Calendar<\/a><a href=\"\/\/www.google.com\/calendar\/event?action=TEMPLATE&amp;text=Championnats+de+Catalogne+de+base+de+hockey+sur+patins&amp;dates=20260507T220000Z\/20260510T215900Z&amp;details=DATE+%3A+8%2C+9+et+10+mai%0D%0A%0D%0ALIEU+%3A+Ciutat+Esportiva+Blanes%0D%0A%0D%0A&amp;location=Ciutat+Esportiva+Blanes - \" target=\"_blank\" class=\"evo_ics_gCal\" title=\"Add to google calendar\">GoogleCal<\/a><\/p>\t\n\t\t\t\t\t\t\t<\/div>\t\t\t\t\t\t<\/div>\n\t\t\t\t\t\t<\/div><div class='clear end'><\/div><\/div><div id=\"event_233989\" class=\"eventon_list_event evo_eventtop  event hasbgimg\" data-event_id=\"233989\" data-time=\"1778198401-1780099199\" data-colr=\"#206177\" itemscope itemtype='http:\/\/schema.org\/Event' 13><div class=\"evo_boxtop\" style=\"background-image: url(https:\/\/www.blanescostabrava.cat\/wp-content\/uploads\/2026\/04\/Xerrada_Primer-Casino-de-Blanes-mai26.jpg); background-color:#206177;height:200px;\"><\/div><div class=\"evo_event_schema\" style=\"display:none\" ><a itemprop=\"url\" href=\"https:\/\/www.blanescostabrava.cat\/fr\/events\/exposition-de-divers-materiaux-de-lentite-primer-casino-de-blanes\/\"><\/a><span itemprop='name'  >Exposition de divers mat\u00e9riaux de l\u2019entit\u00e9 - Primer Casino de Blanes<\/span><meta itemprop='image' content='https:\/\/www.blanescostabrava.cat\/wp-content\/uploads\/2026\/04\/Xerrada_Primer-Casino-de-Blanes-mai26.jpg' ><\/meta><meta itemprop='description' content='DATE :\r\nConf\u00e9rence : 8 mai \u00e0 19h00Exposition : Du 8 au 29 mai\r\nLIEU : Biblioteca Roberto Bola\u00f1o\r\n' ><\/meta><meta itemprop='startDate' content='2026-5-8' ><\/meta><meta itemprop='endDate' content='2026-5-29' ><\/meta><meta itemprop='eventStatus' content='on-schedule' ><\/meta><script type=\"application\/ld+json\">{\t\"@context\": \"http:\/\/schema.org\",\n\t\t\t\t\t\t\t  \t\"@type\": \"Event\",\n\t\t\t\t\t\t\t  \t\"name\": \"Exposition de divers mat\u00e9riaux de l\u2019entit\u00e9 - Primer Casino de Blanes\",\n\t\t\t\t\t\t\t  \t\"startDate\": \"2026-5-8T00-00-00-00\",\n\t\t\t\t\t\t\t  \t\"endDate\": \"2026-5-29T23-23-59-00\",\n\t\t\t\t\t\t\t  \t\"image\":\"https:\/\/www.blanescostabrava.cat\/wp-content\/uploads\/2026\/04\/Xerrada_Primer-Casino-de-Blanes-mai26-212x300.jpg\",\n\t\t\t\t\t\t\t  \t\"description\":\"DATE :\r\nConf\u00e9rence : 8 mai \u00e0 19h00Exposition : Du 8 au 29 mai\r\nLIEU : Biblioteca Roberto Bola\u00f1o\r\n\",\n\t\t\t\t\t\t\t  \t\n\t\t\t\t\t\t\t }<\/script><\/div>\n\t\t\t\t<p class=\"desc_trig_outter\"><a data-gmap_status=\"null\" data-exlk=\"0\" style=\"border-color: #206177;padding-top: 215px;height: 310px;\" id=\"evc_1778198401233989\" class=\"desc_trig mul_val evcal_list_a\" data-ux_val=\"3\"  ><span class='event-img'><img src='https:\/\/www.blanescostabrava.cat\/wp-content\/uploads\/2026\/04\/Xerrada_Primer-Casino-de-Blanes-mai26.jpg'><\/span><span class='evcal_cblock ' data-bgcolor='#206177' data-smon='mai' data-syr='2026'><span class='evo_start '><em class='date'>08<\/em><em class='month'>mai<\/em><em class='time'>allday<\/em><\/span><span class='evo_end '><em class='date'>29<\/em><\/span><em class='clear'><\/em><\/span><span class='evcal_desc evo_info hide_eventtopdata '  data-location_status=\"false\" ><span class='evo_above_title'><\/span><span class='evcal_desc2 evcal_event_title' itemprop='name'>Exposition de divers mat\u00e9riaux de l\u2019entit\u00e9 - Primer Casino de Blanes<\/span><span class='evo_below_title'><\/span><span class='evcal_desc_info' ><\/span><span class='evcal_desc3'><\/span><\/span><em class='clear'><\/em><\/p><\/a><div class='event_description evcal_eventcard ' style=\"display:none\"><div class='evo_metarow_directimg'><img src='https:\/\/www.blanescostabrava.cat\/wp-content\/uploads\/2026\/04\/Xerrada_Primer-Casino-de-Blanes-mai26.jpg' \/><\/div><div class='evo_metarow_details evorow evcal_evdata_row bordb evcal_event_details'>\n\t\t\t\t\t\t\t<div class=\"event_excerpt\" style=\"display:none\"><h3 class=\"padb5 evo_h3\">Description<\/h3><p>DATE :\r\nConf\u00e9rence : 8 mai \u00e0 19h00Exposition : Du 8 au 29 mai\r\nLIEU : Biblioteca Roberto Bola\u00f1o\r\n<\/p><\/div><span class='evcal_evdata_icons'><i class='fa fa-align-justify'><\/i><\/span>\n\t\t\t\t\t\t\t\n\t\t\t\t\t\t\t<div class='evcal_evdata_cell '><div class='eventon_full_description'>\n\t\t\t\t\t\t\t\t\t<h3 class='padb5 evo_h3'><span class='evcal_evdata_icons'><i class='fa fa-align-justify'><\/i><\/span>Description<\/h3><div class='eventon_desc_in' itemprop='description'>\n\t\t\t\t\t\t\t\t\t<p data-start=\"609\" data-end=\"617\">DATE :<\/p>\n<p data-start=\"619\" data-end=\"677\">Conf\u00e9rence : 8 mai \u00e0 19h00<br data-start=\"645\" data-end=\"648\" \/>Exposition : Du 8 au 29 mai<\/p>\n<p data-start=\"679\" data-end=\"713\">LIEU : Biblioteca Roberto Bola\u00f1o<\/p>\n<p data-start=\"679\" data-end=\"713\"><img class=\"alignnone size-large wp-image-233971\" src=\"https:\/\/www.blanescostabrava.cat\/wp-content\/uploads\/2026\/04\/Xerrada_Primer-Casino-de-Blanes-mai26-724x1024.jpg\" alt=\"\" width=\"724\" height=\"1024\" srcset=\"https:\/\/www.blanescostabrava.cat\/wp-content\/uploads\/2026\/04\/Xerrada_Primer-Casino-de-Blanes-mai26-724x1024.jpg 724w, https:\/\/www.blanescostabrava.cat\/wp-content\/uploads\/2026\/04\/Xerrada_Primer-Casino-de-Blanes-mai26-212x300.jpg 212w, https:\/\/www.blanescostabrava.cat\/wp-content\/uploads\/2026\/04\/Xerrada_Primer-Casino-de-Blanes-mai26-106x150.jpg 106w, https:\/\/www.blanescostabrava.cat\/wp-content\/uploads\/2026\/04\/Xerrada_Primer-Casino-de-Blanes-mai26-768x1086.jpg 768w, https:\/\/www.blanescostabrava.cat\/wp-content\/uploads\/2026\/04\/Xerrada_Primer-Casino-de-Blanes-mai26-1086x1536.jpg 1086w, https:\/\/www.blanescostabrava.cat\/wp-content\/uploads\/2026\/04\/Xerrada_Primer-Casino-de-Blanes-mai26-1448x2048.jpg 1448w, https:\/\/www.blanescostabrava.cat\/wp-content\/uploads\/2026\/04\/Xerrada_Primer-Casino-de-Blanes-mai26-17x24.jpg 17w, https:\/\/www.blanescostabrava.cat\/wp-content\/uploads\/2026\/04\/Xerrada_Primer-Casino-de-Blanes-mai26-25x36.jpg 25w, https:\/\/www.blanescostabrava.cat\/wp-content\/uploads\/2026\/04\/Xerrada_Primer-Casino-de-Blanes-mai26-34x48.jpg 34w, https:\/\/www.blanescostabrava.cat\/wp-content\/uploads\/2026\/04\/Xerrada_Primer-Casino-de-Blanes-mai26.jpg 1587w\" sizes=\"(max-width: 724px) 100vw, 724px\" \/><\/p>\n<\/div><div class='clear'><\/div>\n\t\t\t\t\t\t\t\t<\/div>\n\t\t\t\t\t\t\t<\/div>\n\t\t\t\t\t\t<\/div><div class='evo_metarow_time_location evorow bordb '>\n\t\t\t\t\t\t<div class='tb' >\n\t\t\t\t\t\t\t<div class='tbrow'>\n\t\t\t\t\t\t\t<div class='evcal_col50 bordr'>\n\t\t\t\t\t\t\t\t<div class='evcal_evdata_row evo_time'>\n\t\t\t\t\t\t\t\t\t<span class='evcal_evdata_icons'><i class='fa fa-clock-o'><\/i><\/span>\n\t\t\t\t\t\t\t\t\t<div class='evcal_evdata_cell'>\t\t\t\t\t\t\t\n\t\t\t\t\t\t\t\t\t\t<h3 class='evo_h3'><span class='evcal_evdata_icons'><i class='fa fa-clock-o'><\/i><\/span>Date<\/h3>\n\t\t\t\t\t\t\t\t\t\t<p>mai 8 (Friday) - 29 (Friday)<\/p>\n\t\t\t\t\t\t\t\t\t<\/div>\n\t\t\t\t\t\t\t\t<\/div>\n\t\t\t\t\t\t\t<\/div><div class='evcal_col50'>\n\t\t\t\t\t\t\t\t<div class='evcal_evdata_row evo_location'>\n\t\t\t\t\t\t\t\t\t<span class='evcal_evdata_icons'><i class='fa fa-map-marker'><\/i><\/span>\n\t\t\t\t\t\t\t\t\t<div class='evcal_evdata_cell' data-loc_tax_id='6004'>\t\t\t\t\t\t\t\n\t\t\t\t\t\t\t\t\t\t<h3 class='evo_h3'><span class='evcal_evdata_icons'><i class='fa fa-map-marker'><\/i><\/span>Location<\/h3><p class='evo_location_name'>Biblioteca Roberto Bola\u00f1o<\/p><p class='evo_location_address'><\/p>\n\t\t\t\t\t\t\t\t\t<\/div>\n\t\t\t\t\t\t\t\t<\/div>\n\t\t\t\t\t\t\t<\/div><div class='clear'><\/div>\n\t\t\t\t\t\t\t<\/div><\/div>\n\t\t\t\t\t\t<\/div>\t\t\t\t\t\t<div class='evo_metarow_ICS evorow bordb evcal_evdata_row'>\n\t\t\t\t\t\t\t<span class=\"evcal_evdata_icons\"><i class=\"fa fa-calendar\"><\/i><\/span>\n\t\t\t\t\t\t\t<div class='evcal_evdata_cell'>\n\t\t\t\t\t\t\t\t<p><a href=\"https:\/\/www.blanescostabrava.cat\/wp-admin\/admin-ajax.php?action=eventon_ics_download&amp;event_id=233989&amp;sunix=20260507T220000Z&amp;eunix=20260529T215900Z&amp;loca=&amp;locn=Biblioteca Roberto Bola\u00f1o\" class=\"evo_ics_nCal\" title=\"Add to your calendar\">Calendar<\/a><a href=\"\/\/www.google.com\/calendar\/event?action=TEMPLATE&amp;text=Exposition+de+divers+mat%C3%A9riaux+de+l%E2%80%99entit%C3%A9+-+Primer+Casino+de+Blanes&amp;dates=20260507T220000Z\/20260529T215900Z&amp;details=DATE+%3A%0D%0AConf%C3%A9rence+%3A+8+mai+%C3%A0+19h00Exposition+%3A+Du+8+au+29+mai%0D%0ALIEU+%3A+Biblioteca+Roberto+Bola%C3%B1o%0D%0A&amp;location=Biblioteca+Roberto+Bola%C3%B1o - \" target=\"_blank\" class=\"evo_ics_gCal\" title=\"Add to google calendar\">GoogleCal<\/a><\/p>\t\n\t\t\t\t\t\t\t<\/div>\t\t\t\t\t\t<\/div>\n\t\t\t\t\t\t<\/div><div class='clear end'><\/div><\/div><div id=\"event_233905\" class=\"eventon_list_event evo_eventtop  event hasbgimg\" data-event_id=\"233905\" data-time=\"1778277600-1780056000\" data-colr=\"#206177\" itemscope itemtype='http:\/\/schema.org\/Event' 14><div class=\"evo_boxtop\" style=\"background-image: url(https:\/\/www.blanescostabrava.cat\/wp-content\/uploads\/2026\/04\/Cartell-concerts-2026_page-0001.jpg); background-color:#206177;height:200px;\"><\/div><div class=\"evo_event_schema\" style=\"display:none\" ><a itemprop=\"url\" href=\"https:\/\/www.blanescostabrava.cat\/fr\/events\/musique-a-lesperanca-xxxiv-cycle-de-concerts\/\"><\/a><span itemprop='name'  >Musique \u00e0 L'Esperan\u00e7a: XXXIV Cycle de concerts<\/span><meta itemprop='image' content='https:\/\/www.blanescostabrava.cat\/wp-content\/uploads\/2026\/04\/Cartell-concerts-2026_page-0001.jpg' ><\/meta><meta itemprop='description' content='DATE : 8, 15, 22 et 29 mai\r\n\r\nHEURE : 22:00 h\r\n\r\nLIEU : \u00e0 la chapelle de L'Esperan\u00e7a\r\n\r\n' ><\/meta><meta itemprop='startDate' content='2026-5-8' ><\/meta><meta itemprop='endDate' content='2026-5-29' ><\/meta><meta itemprop='eventStatus' content='on-schedule' ><\/meta><script type=\"application\/ld+json\">{\t\"@context\": \"http:\/\/schema.org\",\n\t\t\t\t\t\t\t  \t\"@type\": \"Event\",\n\t\t\t\t\t\t\t  \t\"name\": \"Musique \u00e0 L'Esperan\u00e7a: XXXIV Cycle de concerts\",\n\t\t\t\t\t\t\t  \t\"startDate\": \"2026-5-8T22-22-00-00\",\n\t\t\t\t\t\t\t  \t\"endDate\": \"2026-5-29T12-12-00-00\",\n\t\t\t\t\t\t\t  \t\"image\":\"https:\/\/www.blanescostabrava.cat\/wp-content\/uploads\/2026\/04\/Cartell-concerts-2026_page-0001-212x300.jpg\",\n\t\t\t\t\t\t\t  \t\"description\":\"DATE : 8, 15, 22 et 29 mai\r\n\r\nHEURE : 22:00 h\r\n\r\nLIEU : \u00e0 la chapelle de L'Esperan\u00e7a\r\n\r\n\",\n\t\t\t\t\t\t\t  \t\n\t\t\t\t\t\t\t }<\/script><\/div>\n\t\t\t\t<p class=\"desc_trig_outter\"><a data-gmap_status=\"null\" data-exlk=\"0\" style=\"border-color: #206177;padding-top: 215px;height: 310px;\" id=\"evc_1778277600233905\" class=\"desc_trig mul_val evcal_list_a\" data-ux_val=\"3\"  ><span class='event-img'><img src='https:\/\/www.blanescostabrava.cat\/wp-content\/uploads\/2026\/04\/Cartell-concerts-2026_page-0001.jpg'><\/span><span class='evcal_cblock ' data-bgcolor='#206177' data-smon='mai' data-syr='2026'><span class='evo_start '><em class='date'>08<\/em><em class='month'>mai<\/em><em class='time'><i t=\"y\">(mai 8)<\/i>10:00 pm<\/em><\/span><span class='evo_end '><em class='date'>29<\/em><em class='time'><i t=\"y\">(mai 29)<\/i>12:00 pm<\/em><\/span><em class='clear'><\/em><\/span><span class='evcal_desc evo_info hide_eventtopdata '  data-location_status=\"false\" ><span class='evo_above_title'><\/span><span class='evcal_desc2 evcal_event_title' itemprop='name'>Musique \u00e0 L'Esperan\u00e7a: XXXIV Cycle de concerts<\/span><span class='evo_below_title'><\/span><span class='evcal_desc_info' ><\/span><span class='evcal_desc3'><\/span><\/span><em class='clear'><\/em><\/p><\/a><div class='event_description evcal_eventcard ' style=\"display:none\"><div class='evo_metarow_directimg'><img src='https:\/\/www.blanescostabrava.cat\/wp-content\/uploads\/2026\/04\/Cartell-concerts-2026_page-0001.jpg' \/><\/div><div class='evo_metarow_details evorow evcal_evdata_row bordb evcal_event_details'>\n\t\t\t\t\t\t\t<div class=\"event_excerpt\" style=\"display:none\"><h3 class=\"padb5 evo_h3\">Description<\/h3><p>DATE : 8, 15, 22 et 29 mai\r\n\r\nHEURE : 22:00 h\r\n\r\nLIEU : \u00e0 la chapelle de L'Esperan\u00e7a\r\n\r\n<\/p><\/div><span class='evcal_evdata_icons'><i class='fa fa-align-justify'><\/i><\/span>\n\t\t\t\t\t\t\t\n\t\t\t\t\t\t\t<div class='evcal_evdata_cell '><div class='eventon_full_description'>\n\t\t\t\t\t\t\t\t\t<h3 class='padb5 evo_h3'><span class='evcal_evdata_icons'><i class='fa fa-align-justify'><\/i><\/span>Description<\/h3><div class='eventon_desc_in' itemprop='description'>\n\t\t\t\t\t\t\t\t\t<p>DATE : 8, 15, 22 et 29 mai<\/p>\n<p>HEURE : 22:00 h<\/p>\n<p>LIEU : \u00e0 la chapelle de L&rsquo;Esperan\u00e7a<\/p>\n<p><img class=\"alignnone size-large wp-image-233887\" src=\"https:\/\/www.blanescostabrava.cat\/wp-content\/uploads\/2026\/04\/Cartell-concerts-2026_page-0001-724x1024.jpg\" alt=\"\" width=\"724\" height=\"1024\" srcset=\"https:\/\/www.blanescostabrava.cat\/wp-content\/uploads\/2026\/04\/Cartell-concerts-2026_page-0001-724x1024.jpg 724w, https:\/\/www.blanescostabrava.cat\/wp-content\/uploads\/2026\/04\/Cartell-concerts-2026_page-0001-212x300.jpg 212w, https:\/\/www.blanescostabrava.cat\/wp-content\/uploads\/2026\/04\/Cartell-concerts-2026_page-0001-106x150.jpg 106w, https:\/\/www.blanescostabrava.cat\/wp-content\/uploads\/2026\/04\/Cartell-concerts-2026_page-0001-768x1086.jpg 768w, https:\/\/www.blanescostabrava.cat\/wp-content\/uploads\/2026\/04\/Cartell-concerts-2026_page-0001-1086x1536.jpg 1086w, https:\/\/www.blanescostabrava.cat\/wp-content\/uploads\/2026\/04\/Cartell-concerts-2026_page-0001-17x24.jpg 17w, https:\/\/www.blanescostabrava.cat\/wp-content\/uploads\/2026\/04\/Cartell-concerts-2026_page-0001-25x36.jpg 25w, https:\/\/www.blanescostabrava.cat\/wp-content\/uploads\/2026\/04\/Cartell-concerts-2026_page-0001-34x48.jpg 34w, https:\/\/www.blanescostabrava.cat\/wp-content\/uploads\/2026\/04\/Cartell-concerts-2026_page-0001.jpg 1241w\" sizes=\"(max-width: 724px) 100vw, 724px\" \/><\/p>\n<\/div><div class='clear'><\/div>\n\t\t\t\t\t\t\t\t<\/div>\n\t\t\t\t\t\t\t<\/div>\n\t\t\t\t\t\t<\/div><div class='evo_metarow_time_location evorow bordb '>\n\t\t\t\t\t\t<div class='tb' >\n\t\t\t\t\t\t\t<div class='tbrow'>\n\t\t\t\t\t\t\t<div class='evcal_col50 bordr'>\n\t\t\t\t\t\t\t\t<div class='evcal_evdata_row evo_time'>\n\t\t\t\t\t\t\t\t\t<span class='evcal_evdata_icons'><i class='fa fa-clock-o'><\/i><\/span>\n\t\t\t\t\t\t\t\t\t<div class='evcal_evdata_cell'>\t\t\t\t\t\t\t\n\t\t\t\t\t\t\t\t\t\t<h3 class='evo_h3'><span class='evcal_evdata_icons'><i class='fa fa-clock-o'><\/i><\/span>Date<\/h3>\n\t\t\t\t\t\t\t\t\t\t<p>8 (Friday) 10:00 pm - 29 (Friday) 12:00 pm<\/p>\n\t\t\t\t\t\t\t\t\t<\/div>\n\t\t\t\t\t\t\t\t<\/div>\n\t\t\t\t\t\t\t<\/div><div class='evcal_col50'>\n\t\t\t\t\t\t\t\t<div class='evcal_evdata_row evo_location'>\n\t\t\t\t\t\t\t\t\t<span class='evcal_evdata_icons'><i class='fa fa-map-marker'><\/i><\/span>\n\t\t\t\t\t\t\t\t\t<div class='evcal_evdata_cell' data-loc_tax_id='6631'>\t\t\t\t\t\t\t\n\t\t\t\t\t\t\t\t\t\t<h3 class='evo_h3'><span class='evcal_evdata_icons'><i class='fa fa-map-marker'><\/i><\/span>Location<\/h3><p class='evo_location_name'>\u00e0 la chapelle de L&#039;Esperan\u00e7a<\/p><p class='evo_location_address'><\/p>\n\t\t\t\t\t\t\t\t\t<\/div>\n\t\t\t\t\t\t\t\t<\/div>\n\t\t\t\t\t\t\t<\/div><div class='clear'><\/div>\n\t\t\t\t\t\t\t<\/div><\/div>\n\t\t\t\t\t\t<\/div>\t\t\t\t\t\t<div class='evo_metarow_ICS evorow bordb evcal_evdata_row'>\n\t\t\t\t\t\t\t<span class=\"evcal_evdata_icons\"><i class=\"fa fa-calendar\"><\/i><\/span>\n\t\t\t\t\t\t\t<div class='evcal_evdata_cell'>\n\t\t\t\t\t\t\t\t<p><a href=\"https:\/\/www.blanescostabrava.cat\/wp-admin\/admin-ajax.php?action=eventon_ics_download&amp;event_id=233905&amp;sunix=20260508T200000Z&amp;eunix=20260529T100000Z&amp;loca=&amp;locn=\u00e0 la chapelle de L&#039;Esperan\u00e7a\" class=\"evo_ics_nCal\" title=\"Add to your calendar\">Calendar<\/a><a href=\"\/\/www.google.com\/calendar\/event?action=TEMPLATE&amp;text=Musique+%C3%A0+L%27Esperan%C3%A7a%3A+XXXIV+Cycle+de+concerts&amp;dates=20260508T200000Z\/20260529T100000Z&amp;details=DATE+%3A+8%2C+15%2C+22+et+29+mai%0D%0A%0D%0AHEURE+%3A+22%3A00+h%0D%0A%0D%0ALIEU+%3A+%C3%A0+la+chapelle+de+L%27Esperan%C3%A7a%0D%0A%0D%0A&amp;location=%C3%A0+la+chapelle+de+L%26%23039%3BEsperan%C3%A7a - \" target=\"_blank\" class=\"evo_ics_gCal\" title=\"Add to google calendar\">GoogleCal<\/a><\/p>\t\n\t\t\t\t\t\t\t<\/div>\t\t\t\t\t\t<\/div>\n\t\t\t\t\t\t<\/div><div class='clear end'><\/div><\/div><div id=\"event_232036\" class=\"eventon_list_event evo_eventtop  event hasbgimg\" data-event_id=\"232036\" data-time=\"1778320800-1778328000\" data-colr=\"#206177\" itemscope itemtype='http:\/\/schema.org\/Event' 15><div class=\"evo_boxtop\" style=\"background-image: url(https:\/\/www.blanescostabrava.cat\/wp-content\/uploads\/2026\/03\/WhatsApp-Image-2026-03-07-at-19.17.46.jpeg); background-color:#206177;height:200px;\"><\/div><div class=\"evo_event_schema\" style=\"display:none\" ><a itemprop=\"url\" href=\"https:\/\/www.blanescostabrava.cat\/fr\/events\/torneig-de-padel-solidari\/\"><\/a><span itemprop='name'  >Torneig de P\u00e0del Solidari<\/span><meta itemprop='image' content='https:\/\/www.blanescostabrava.cat\/wp-content\/uploads\/2026\/03\/WhatsApp-Image-2026-03-07-at-19.17.46.jpeg' ><\/meta><meta itemprop='description' content='DIA: 9 de maig\u00a0\r\n\r\nLLOC: Espai P\u00e0del\r\n\r\nHORA: 10:00 h\r\n\r\n\r\n\r\n&nbsp;' ><\/meta><meta itemprop='startDate' content='2026-5-9' ><\/meta><meta itemprop='endDate' content='2026-5-9' ><\/meta><meta itemprop='eventStatus' content='on-schedule' ><\/meta><script type=\"application\/ld+json\">{\t\"@context\": \"http:\/\/schema.org\",\n\t\t\t\t\t\t\t  \t\"@type\": \"Event\",\n\t\t\t\t\t\t\t  \t\"name\": \"Torneig de P\u00e0del Solidari\",\n\t\t\t\t\t\t\t  \t\"startDate\": \"2026-5-9T10-10-00-00\",\n\t\t\t\t\t\t\t  \t\"endDate\": \"2026-5-9T12-12-00-00\",\n\t\t\t\t\t\t\t  \t\"image\":\"https:\/\/www.blanescostabrava.cat\/wp-content\/uploads\/2026\/03\/WhatsApp-Image-2026-03-07-at-19.17.46-212x300.jpeg\",\n\t\t\t\t\t\t\t  \t\"description\":\"DIA: 9 de maig\u00a0\r\n\r\nLLOC: Espai P\u00e0del\r\n\r\nHORA: 10:00 h\r\n\r\n\r\n\r\n&nbsp;\",\n\t\t\t\t\t\t\t  \t\n\t\t\t\t\t\t\t }<\/script><\/div>\n\t\t\t\t<p class=\"desc_trig_outter\"><a data-gmap_status=\"null\" data-exlk=\"0\" style=\"border-color: #206177;padding-top: 215px;height: 310px;\" id=\"evc_1778320800232036\" class=\"desc_trig sin_val evcal_list_a\" data-ux_val=\"3\"  ><span class='event-img'><img src='https:\/\/www.blanescostabrava.cat\/wp-content\/uploads\/2026\/03\/WhatsApp-Image-2026-03-07-at-19.17.46.jpeg'><\/span><span class='evcal_cblock ' data-bgcolor='#206177' data-smon='mai' data-syr='2026'><span class='evo_start '><em class='date'>09<\/em><em class='month'>mai<\/em><em class='time'>10:00 am<\/em><\/span><span class='evo_end only_time'><em class='time'>12:00 pm<\/em><\/span><em class='clear'><\/em><\/span><span class='evcal_desc evo_info hide_eventtopdata '  data-location_status=\"false\" ><span class='evo_above_title'><\/span><span class='evcal_desc2 evcal_event_title' itemprop='name'>Torneig de P\u00e0del Solidari<\/span><span class='evo_below_title'><\/span><span class='evcal_desc_info' ><\/span><span class='evcal_desc3'><\/span><\/span><em class='clear'><\/em><\/p><\/a><div class='event_description evcal_eventcard ' style=\"display:none\"><div class='evo_metarow_directimg'><img src='https:\/\/www.blanescostabrava.cat\/wp-content\/uploads\/2026\/03\/WhatsApp-Image-2026-03-07-at-19.17.46.jpeg' \/><\/div><div class='evo_metarow_details evorow evcal_evdata_row bordb evcal_event_details'>\n\t\t\t\t\t\t\t<div class=\"event_excerpt\" style=\"display:none\"><h3 class=\"padb5 evo_h3\">Description<\/h3><p>DIA: 9 de maig\u00a0\r\n\r\nLLOC: Espai P\u00e0del\r\n\r\nHORA: 10:00 h\r\n\r\n\r\n\r\n&nbsp;<\/p><\/div><span class='evcal_evdata_icons'><i class='fa fa-align-justify'><\/i><\/span>\n\t\t\t\t\t\t\t\n\t\t\t\t\t\t\t<div class='evcal_evdata_cell '><div class='eventon_full_description'>\n\t\t\t\t\t\t\t\t\t<h3 class='padb5 evo_h3'><span class='evcal_evdata_icons'><i class='fa fa-align-justify'><\/i><\/span>Description<\/h3><div class='eventon_desc_in' itemprop='description'>\n\t\t\t\t\t\t\t\t\t<p><strong><span dir=\"ltr\" role=\"presentation\">DIA:<\/span><\/strong><span dir=\"ltr\" role=\"presentation\"> 9 de maig\u00a0<\/span><\/p>\n<p><strong>LLOC:<\/strong> Espai P\u00e0del<\/p>\n<p><strong>HORA:<\/strong> 10:00 h<\/p>\n<p><img class=\"alignnone size-large wp-image-232039\" src=\"https:\/\/www.blanescostabrava.cat\/wp-content\/uploads\/2026\/03\/WhatsApp-Image-2026-03-07-at-19.17.46-724x1024.jpeg\" alt=\"\" width=\"724\" height=\"1024\" srcset=\"https:\/\/www.blanescostabrava.cat\/wp-content\/uploads\/2026\/03\/WhatsApp-Image-2026-03-07-at-19.17.46-724x1024.jpeg 724w, https:\/\/www.blanescostabrava.cat\/wp-content\/uploads\/2026\/03\/WhatsApp-Image-2026-03-07-at-19.17.46-212x300.jpeg 212w, https:\/\/www.blanescostabrava.cat\/wp-content\/uploads\/2026\/03\/WhatsApp-Image-2026-03-07-at-19.17.46-106x150.jpeg 106w, https:\/\/www.blanescostabrava.cat\/wp-content\/uploads\/2026\/03\/WhatsApp-Image-2026-03-07-at-19.17.46-768x1086.jpeg 768w, https:\/\/www.blanescostabrava.cat\/wp-content\/uploads\/2026\/03\/WhatsApp-Image-2026-03-07-at-19.17.46-1086x1536.jpeg 1086w, https:\/\/www.blanescostabrava.cat\/wp-content\/uploads\/2026\/03\/WhatsApp-Image-2026-03-07-at-19.17.46-17x24.jpeg 17w, https:\/\/www.blanescostabrava.cat\/wp-content\/uploads\/2026\/03\/WhatsApp-Image-2026-03-07-at-19.17.46-25x36.jpeg 25w, https:\/\/www.blanescostabrava.cat\/wp-content\/uploads\/2026\/03\/WhatsApp-Image-2026-03-07-at-19.17.46-34x48.jpeg 34w, https:\/\/www.blanescostabrava.cat\/wp-content\/uploads\/2026\/03\/WhatsApp-Image-2026-03-07-at-19.17.46.jpeg 1131w\" sizes=\"(max-width: 724px) 100vw, 724px\" \/><\/p>\n<p>&nbsp;<\/p>\n<\/div><div class='clear'><\/div>\n\t\t\t\t\t\t\t\t<\/div>\n\t\t\t\t\t\t\t<\/div>\n\t\t\t\t\t\t<\/div><div class='evo_metarow_time_location evorow bordb '>\n\t\t\t\t\t\t<div class='tb' >\n\t\t\t\t\t\t\t<div class='tbrow'>\n\t\t\t\t\t\t\t<div class='evcal_col50 bordr'>\n\t\t\t\t\t\t\t\t<div class='evcal_evdata_row evo_time'>\n\t\t\t\t\t\t\t\t\t<span class='evcal_evdata_icons'><i class='fa fa-clock-o'><\/i><\/span>\n\t\t\t\t\t\t\t\t\t<div class='evcal_evdata_cell'>\t\t\t\t\t\t\t\n\t\t\t\t\t\t\t\t\t\t<h3 class='evo_h3'><span class='evcal_evdata_icons'><i class='fa fa-clock-o'><\/i><\/span>Date<\/h3>\n\t\t\t\t\t\t\t\t\t\t<p>(Saturday) 10:00 am - 12:00 pm<\/p>\n\t\t\t\t\t\t\t\t\t<\/div>\n\t\t\t\t\t\t\t\t<\/div>\n\t\t\t\t\t\t\t<\/div><div class='evcal_col50'>\n\t\t\t\t\t\t\t\t<div class='evcal_evdata_row evo_location'>\n\t\t\t\t\t\t\t\t\t<span class='evcal_evdata_icons'><i class='fa fa-map-marker'><\/i><\/span>\n\t\t\t\t\t\t\t\t\t<div class='evcal_evdata_cell' data-loc_tax_id='6466'>\t\t\t\t\t\t\t\n\t\t\t\t\t\t\t\t\t\t<h3 class='evo_h3'><span class='evcal_evdata_icons'><i class='fa fa-map-marker'><\/i><\/span>Location<\/h3><p class='evo_location_name'>Espai P\u00e0del<\/p><p class='evo_location_address'><\/p>\n\t\t\t\t\t\t\t\t\t<\/div>\n\t\t\t\t\t\t\t\t<\/div>\n\t\t\t\t\t\t\t<\/div><div class='clear'><\/div>\n\t\t\t\t\t\t\t<\/div><\/div>\n\t\t\t\t\t\t<\/div>\t\t\t\t\t\t<div class='evo_metarow_ICS evorow bordb evcal_evdata_row'>\n\t\t\t\t\t\t\t<span class=\"evcal_evdata_icons\"><i class=\"fa fa-calendar\"><\/i><\/span>\n\t\t\t\t\t\t\t<div class='evcal_evdata_cell'>\n\t\t\t\t\t\t\t\t<p><a href=\"https:\/\/www.blanescostabrava.cat\/wp-admin\/admin-ajax.php?action=eventon_ics_download&amp;event_id=232036&amp;sunix=20260509T080000Z&amp;eunix=20260509T100000Z&amp;loca=&amp;locn=Espai P\u00e0del\" class=\"evo_ics_nCal\" title=\"Add to your calendar\">Calendar<\/a><a href=\"\/\/www.google.com\/calendar\/event?action=TEMPLATE&amp;text=Torneig+de+P%C3%A0del+Solidari&amp;dates=20260509T080000Z\/20260509T100000Z&amp;details=DIA%3A+9+de+maig%C2%A0%0D%0A%0D%0ALLOC%3A+Espai+P%C3%A0del%0D%0A%0D%0AHORA%3A+10%3A00+h%0D%0A%0D%0A%0D%0A%0D%0A%26nbsp%3B&amp;location=Espai+P%C3%A0del - \" target=\"_blank\" class=\"evo_ics_gCal\" title=\"Add to google calendar\">GoogleCal<\/a><\/p>\t\n\t\t\t\t\t\t\t<\/div>\t\t\t\t\t\t<\/div>\n\t\t\t\t\t\t<\/div><div class='clear end'><\/div><\/div><div id=\"event_233572\" class=\"eventon_list_event evo_eventtop  event hasbgimg\" data-event_id=\"233572\" data-time=\"1778324400-1778367600\" data-colr=\"#206177\" itemscope itemtype='http:\/\/schema.org\/Event' 16><div class=\"evo_boxtop\" style=\"background-image: url(https:\/\/www.blanescostabrava.cat\/wp-content\/uploads\/2026\/04\/JORNADA-ASSETJAMENT-JUVENIL-9M-1.jpg); background-color:#206177;height:200px;\"><\/div><div class=\"evo_event_schema\" style=\"display:none\" ><a itemprop=\"url\" href=\"https:\/\/www.blanescostabrava.cat\/fr\/events\/hors-jeu-journee-contre-le-harcelement-des-jeunes\/\"><\/a><span itemprop='name'  >Hors-jeu - Journ\u00e9e contre le harc\u00e8lement des jeunes<\/span><meta itemprop='image' content='https:\/\/www.blanescostabrava.cat\/wp-content\/uploads\/2026\/04\/JORNADA-ASSETJAMENT-JUVENIL-9M-1.jpg' ><\/meta><meta itemprop='description' content='DATE : 9 mai\r\nLIEU : Place des Pays Catalans\r\n' ><\/meta><meta itemprop='startDate' content='2026-5-9' ><\/meta><meta itemprop='endDate' content='2026-5-9' ><\/meta><meta itemprop='eventStatus' content='on-schedule' ><\/meta><script type=\"application\/ld+json\">{\t\"@context\": \"http:\/\/schema.org\",\n\t\t\t\t\t\t\t  \t\"@type\": \"Event\",\n\t\t\t\t\t\t\t  \t\"name\": \"Hors-jeu - Journ\u00e9e contre le harc\u00e8lement des jeunes\",\n\t\t\t\t\t\t\t  \t\"startDate\": \"2026-5-9T11-11-00-00\",\n\t\t\t\t\t\t\t  \t\"endDate\": \"2026-5-9T23-23-00-00\",\n\t\t\t\t\t\t\t  \t\"image\":\"https:\/\/www.blanescostabrava.cat\/wp-content\/uploads\/2026\/04\/JORNADA-ASSETJAMENT-JUVENIL-9M-1-212x300.jpg\",\n\t\t\t\t\t\t\t  \t\"description\":\"DATE : 9 mai\r\nLIEU : Place des Pays Catalans\r\n\",\n\t\t\t\t\t\t\t  \t\n\t\t\t\t\t\t\t }<\/script><\/div>\n\t\t\t\t<p class=\"desc_trig_outter\"><a data-gmap_status=\"null\" data-exlk=\"0\" style=\"border-color: #206177;padding-top: 215px;height: 310px;\" id=\"evc_1778324400233572\" class=\"desc_trig sin_val evcal_list_a\" data-ux_val=\"3\"  ><span class='event-img'><img src='https:\/\/www.blanescostabrava.cat\/wp-content\/uploads\/2026\/04\/JORNADA-ASSETJAMENT-JUVENIL-9M-1.jpg'><\/span><span class='evcal_cblock ' data-bgcolor='#206177' data-smon='mai' data-syr='2026'><span class='evo_start '><em class='date'>09<\/em><em class='month'>mai<\/em><em class='time'>11:00 am<\/em><\/span><span class='evo_end only_time'><em class='time'>11:00 pm<\/em><\/span><em class='clear'><\/em><\/span><span class='evcal_desc evo_info hide_eventtopdata '  data-location_status=\"false\" ><span class='evo_above_title'><\/span><span class='evcal_desc2 evcal_event_title' itemprop='name'>Hors-jeu - Journ\u00e9e contre le harc\u00e8lement des jeunes<\/span><span class='evo_below_title'><\/span><span class='evcal_desc_info' ><\/span><span class='evcal_desc3'><\/span><\/span><em class='clear'><\/em><\/p><\/a><div class='event_description evcal_eventcard ' style=\"display:none\"><div class='evo_metarow_directimg'><img src='https:\/\/www.blanescostabrava.cat\/wp-content\/uploads\/2026\/04\/JORNADA-ASSETJAMENT-JUVENIL-9M-1.jpg' \/><\/div><div class='evo_metarow_details evorow evcal_evdata_row bordb evcal_event_details'>\n\t\t\t\t\t\t\t<div class=\"event_excerpt\" style=\"display:none\"><h3 class=\"padb5 evo_h3\">Description<\/h3><p>DATE : 9 mai\r\nLIEU : Place des Pays Catalans\r\n<\/p><\/div><span class='evcal_evdata_icons'><i class='fa fa-align-justify'><\/i><\/span>\n\t\t\t\t\t\t\t\n\t\t\t\t\t\t\t<div class='evcal_evdata_cell '><div class='eventon_full_description'>\n\t\t\t\t\t\t\t\t\t<h3 class='padb5 evo_h3'><span class='evcal_evdata_icons'><i class='fa fa-align-justify'><\/i><\/span>Description<\/h3><div class='eventon_desc_in' itemprop='description'>\n\t\t\t\t\t\t\t\t\t<p data-start=\"318\" data-end=\"332\">DATE : 9 mai<\/p>\n<p data-start=\"334\" data-end=\"364\" data-is-last-node=\"\" data-is-only-node=\"\">LIEU : Place des Pays Catalans<\/p>\n<p data-start=\"334\" data-end=\"364\" data-is-last-node=\"\" data-is-only-node=\"\"><img class=\"alignnone size-large wp-image-233554\" src=\"https:\/\/www.blanescostabrava.cat\/wp-content\/uploads\/2026\/04\/JORNADA-ASSETJAMENT-JUVENIL-9M-1-724x1024.jpg\" alt=\"\" width=\"724\" height=\"1024\" srcset=\"https:\/\/www.blanescostabrava.cat\/wp-content\/uploads\/2026\/04\/JORNADA-ASSETJAMENT-JUVENIL-9M-1-724x1024.jpg 724w, https:\/\/www.blanescostabrava.cat\/wp-content\/uploads\/2026\/04\/JORNADA-ASSETJAMENT-JUVENIL-9M-1-212x300.jpg 212w, https:\/\/www.blanescostabrava.cat\/wp-content\/uploads\/2026\/04\/JORNADA-ASSETJAMENT-JUVENIL-9M-1-106x150.jpg 106w, https:\/\/www.blanescostabrava.cat\/wp-content\/uploads\/2026\/04\/JORNADA-ASSETJAMENT-JUVENIL-9M-1-768x1086.jpg 768w, https:\/\/www.blanescostabrava.cat\/wp-content\/uploads\/2026\/04\/JORNADA-ASSETJAMENT-JUVENIL-9M-1-1086x1536.jpg 1086w, https:\/\/www.blanescostabrava.cat\/wp-content\/uploads\/2026\/04\/JORNADA-ASSETJAMENT-JUVENIL-9M-1-1448x2048.jpg 1448w, https:\/\/www.blanescostabrava.cat\/wp-content\/uploads\/2026\/04\/JORNADA-ASSETJAMENT-JUVENIL-9M-1-17x24.jpg 17w, https:\/\/www.blanescostabrava.cat\/wp-content\/uploads\/2026\/04\/JORNADA-ASSETJAMENT-JUVENIL-9M-1-25x36.jpg 25w, https:\/\/www.blanescostabrava.cat\/wp-content\/uploads\/2026\/04\/JORNADA-ASSETJAMENT-JUVENIL-9M-1-34x48.jpg 34w, https:\/\/www.blanescostabrava.cat\/wp-content\/uploads\/2026\/04\/JORNADA-ASSETJAMENT-JUVENIL-9M-1.jpg 1587w\" sizes=\"(max-width: 724px) 100vw, 724px\" \/><\/p>\n<\/div><div class='clear'><\/div>\n\t\t\t\t\t\t\t\t<\/div>\n\t\t\t\t\t\t\t<\/div>\n\t\t\t\t\t\t<\/div><div class='evo_metarow_time_location evorow bordb '>\n\t\t\t\t\t\t<div class='tb' >\n\t\t\t\t\t\t\t<div class='tbrow'>\n\t\t\t\t\t\t\t<div class='evcal_col50 bordr'>\n\t\t\t\t\t\t\t\t<div class='evcal_evdata_row evo_time'>\n\t\t\t\t\t\t\t\t\t<span class='evcal_evdata_icons'><i class='fa fa-clock-o'><\/i><\/span>\n\t\t\t\t\t\t\t\t\t<div class='evcal_evdata_cell'>\t\t\t\t\t\t\t\n\t\t\t\t\t\t\t\t\t\t<h3 class='evo_h3'><span class='evcal_evdata_icons'><i class='fa fa-clock-o'><\/i><\/span>Date<\/h3>\n\t\t\t\t\t\t\t\t\t\t<p>(Saturday) 11:00 am - 11:00 pm<\/p>\n\t\t\t\t\t\t\t\t\t<\/div>\n\t\t\t\t\t\t\t\t<\/div>\n\t\t\t\t\t\t\t<\/div><div class='evcal_col50'>\n\t\t\t\t\t\t\t\t<div class='evcal_evdata_row evo_location'>\n\t\t\t\t\t\t\t\t\t<span class='evcal_evdata_icons'><i class='fa fa-map-marker'><\/i><\/span>\n\t\t\t\t\t\t\t\t\t<div class='evcal_evdata_cell' data-loc_tax_id='5291'>\t\t\t\t\t\t\t\n\t\t\t\t\t\t\t\t\t\t<h3 class='evo_h3'><span class='evcal_evdata_icons'><i class='fa fa-map-marker'><\/i><\/span>Location<\/h3><p class='evo_location_name'>Place des Pays Catalans<\/p><p class='evo_location_address'><\/p>\n\t\t\t\t\t\t\t\t\t<\/div>\n\t\t\t\t\t\t\t\t<\/div>\n\t\t\t\t\t\t\t<\/div><div class='clear'><\/div>\n\t\t\t\t\t\t\t<\/div><\/div>\n\t\t\t\t\t\t<\/div>\t\t\t\t\t\t<div class='evo_metarow_ICS evorow bordb evcal_evdata_row'>\n\t\t\t\t\t\t\t<span class=\"evcal_evdata_icons\"><i class=\"fa fa-calendar\"><\/i><\/span>\n\t\t\t\t\t\t\t<div class='evcal_evdata_cell'>\n\t\t\t\t\t\t\t\t<p><a href=\"https:\/\/www.blanescostabrava.cat\/wp-admin\/admin-ajax.php?action=eventon_ics_download&amp;event_id=233572&amp;sunix=20260509T090000Z&amp;eunix=20260509T210000Z&amp;loca=&amp;locn=Place des Pays Catalans\" class=\"evo_ics_nCal\" title=\"Add to your calendar\">Calendar<\/a><a href=\"\/\/www.google.com\/calendar\/event?action=TEMPLATE&amp;text=Hors-jeu+-+Journ%C3%A9e+contre+le+harc%C3%A8lement+des+jeunes&amp;dates=20260509T090000Z\/20260509T210000Z&amp;details=DATE+%3A+9+mai%0D%0ALIEU+%3A+Place+des+Pays+Catalans%0D%0A&amp;location=Place+des+Pays+Catalans - \" target=\"_blank\" class=\"evo_ics_gCal\" title=\"Add to google calendar\">GoogleCal<\/a><\/p>\t\n\t\t\t\t\t\t\t<\/div>\t\t\t\t\t\t<\/div>\n\t\t\t\t\t\t<\/div><div class='clear end'><\/div><\/div><div id=\"event_233872\" class=\"eventon_list_event evo_eventtop  event hasbgimg\" data-event_id=\"233872\" data-time=\"1778346000-1778360400\" data-colr=\"#206177\" itemscope itemtype='http:\/\/schema.org\/Event' 17><div class=\"evo_boxtop\" style=\"background-image: url(https:\/\/www.blanescostabrava.cat\/wp-content\/uploads\/2026\/04\/DANZA-FINAL-2_page-0002.jpg); background-color:#206177;height:200px;\"><\/div><div class=\"evo_event_schema\" style=\"display:none\" ><a itemprop=\"url\" href=\"https:\/\/www.blanescostabrava.cat\/fr\/events\/journee-mondiale-de-la-danse-de-la-plantera\/\"><\/a><span itemprop='name'  >Journ\u00e9e mondiale de la danse de la Plantera<\/span><meta itemprop='image' content='https:\/\/www.blanescostabrava.cat\/wp-content\/uploads\/2026\/04\/DANZA-FINAL-2_page-0002.jpg' ><\/meta><meta itemprop='description' content='DATE : 9 mai\r\n\r\nHEURE : De 17h00 \u00e0 21h00\r\n\r\nLIEU : Avenue Catalunya\r\n\r\nEntr\u00e9e libre\r\n\r\n' ><\/meta><meta itemprop='startDate' content='2026-5-9' ><\/meta><meta itemprop='endDate' content='2026-5-9' ><\/meta><meta itemprop='eventStatus' content='on-schedule' ><\/meta><script type=\"application\/ld+json\">{\t\"@context\": \"http:\/\/schema.org\",\n\t\t\t\t\t\t\t  \t\"@type\": \"Event\",\n\t\t\t\t\t\t\t  \t\"name\": \"Journ\u00e9e mondiale de la danse de la Plantera\",\n\t\t\t\t\t\t\t  \t\"startDate\": \"2026-5-9T17-17-00-00\",\n\t\t\t\t\t\t\t  \t\"endDate\": \"2026-5-9T21-21-00-00\",\n\t\t\t\t\t\t\t  \t\"image\":\"https:\/\/www.blanescostabrava.cat\/wp-content\/uploads\/2026\/04\/DANZA-FINAL-2_page-0002-212x300.jpg\",\n\t\t\t\t\t\t\t  \t\"description\":\"DATE : 9 mai\r\n\r\nHEURE : De 17h00 \u00e0 21h00\r\n\r\nLIEU : Avenue Catalunya\r\n\r\nEntr\u00e9e libre\r\n\r\n\",\n\t\t\t\t\t\t\t  \t\n\t\t\t\t\t\t\t }<\/script><\/div>\n\t\t\t\t<p class=\"desc_trig_outter\"><a data-gmap_status=\"null\" data-exlk=\"0\" style=\"border-color: #206177;padding-top: 215px;height: 310px;\" id=\"evc_1778346000233872\" class=\"desc_trig sin_val evcal_list_a\" data-ux_val=\"3\"  ><span class='event-img'><img src='https:\/\/www.blanescostabrava.cat\/wp-content\/uploads\/2026\/04\/DANZA-FINAL-2_page-0002.jpg'><\/span><span class='evcal_cblock ' data-bgcolor='#206177' data-smon='mai' data-syr='2026'><span class='evo_start '><em class='date'>09<\/em><em class='month'>mai<\/em><em class='time'>5:00 pm<\/em><\/span><span class='evo_end only_time'><em class='time'>9:00 pm<\/em><\/span><em class='clear'><\/em><\/span><span class='evcal_desc evo_info hide_eventtopdata '  data-location_status=\"false\" ><span class='evo_above_title'><\/span><span class='evcal_desc2 evcal_event_title' itemprop='name'>Journ\u00e9e mondiale de la danse de la Plantera<\/span><span class='evo_below_title'><\/span><span class='evcal_desc_info' ><\/span><span class='evcal_desc3'><\/span><\/span><em class='clear'><\/em><\/p><\/a><div class='event_description evcal_eventcard ' style=\"display:none\"><div class='evo_metarow_directimg'><img src='https:\/\/www.blanescostabrava.cat\/wp-content\/uploads\/2026\/04\/DANZA-FINAL-2_page-0002.jpg' \/><\/div><div class='evo_metarow_details evorow evcal_evdata_row bordb evcal_event_details'>\n\t\t\t\t\t\t\t<div class=\"event_excerpt\" style=\"display:none\"><h3 class=\"padb5 evo_h3\">Description<\/h3><p>DATE : 9 mai\r\n\r\nHEURE : De 17h00 \u00e0 21h00\r\n\r\nLIEU : Avenue Catalunya\r\n\r\nEntr\u00e9e libre\r\n\r\n<\/p><\/div><span class='evcal_evdata_icons'><i class='fa fa-align-justify'><\/i><\/span>\n\t\t\t\t\t\t\t\n\t\t\t\t\t\t\t<div class='evcal_evdata_cell '><div class='eventon_full_description'>\n\t\t\t\t\t\t\t\t\t<h3 class='padb5 evo_h3'><span class='evcal_evdata_icons'><i class='fa fa-align-justify'><\/i><\/span>Description<\/h3><div class='eventon_desc_in' itemprop='description'>\n\t\t\t\t\t\t\t\t\t<p>DATE : 9 mai<\/p>\n<p>HEURE : De 17h00 \u00e0 21h00<\/p>\n<p>LIEU : Avenue Catalunya<\/p>\n<p>Entr\u00e9e libre<\/p>\n<p><img class=\"alignnone size-large wp-image-233854\" src=\"https:\/\/www.blanescostabrava.cat\/wp-content\/uploads\/2026\/04\/DANZA-FINAL-2_page-0002-725x1024.jpg\" alt=\"\" width=\"725\" height=\"1024\" srcset=\"https:\/\/www.blanescostabrava.cat\/wp-content\/uploads\/2026\/04\/DANZA-FINAL-2_page-0002-725x1024.jpg 725w, https:\/\/www.blanescostabrava.cat\/wp-content\/uploads\/2026\/04\/DANZA-FINAL-2_page-0002-212x300.jpg 212w, https:\/\/www.blanescostabrava.cat\/wp-content\/uploads\/2026\/04\/DANZA-FINAL-2_page-0002-106x150.jpg 106w, https:\/\/www.blanescostabrava.cat\/wp-content\/uploads\/2026\/04\/DANZA-FINAL-2_page-0002-768x1085.jpg 768w, https:\/\/www.blanescostabrava.cat\/wp-content\/uploads\/2026\/04\/DANZA-FINAL-2_page-0002-1087x1536.jpg 1087w, https:\/\/www.blanescostabrava.cat\/wp-content\/uploads\/2026\/04\/DANZA-FINAL-2_page-0002-17x24.jpg 17w, https:\/\/www.blanescostabrava.cat\/wp-content\/uploads\/2026\/04\/DANZA-FINAL-2_page-0002-25x36.jpg 25w, https:\/\/www.blanescostabrava.cat\/wp-content\/uploads\/2026\/04\/DANZA-FINAL-2_page-0002-34x48.jpg 34w, https:\/\/www.blanescostabrava.cat\/wp-content\/uploads\/2026\/04\/DANZA-FINAL-2_page-0002.jpg 1241w\" sizes=\"(max-width: 725px) 100vw, 725px\" \/><\/p>\n<\/div><div class='clear'><\/div>\n\t\t\t\t\t\t\t\t<\/div>\n\t\t\t\t\t\t\t<\/div>\n\t\t\t\t\t\t<\/div><div class='evo_metarow_time_location evorow bordb '>\n\t\t\t\t\t\t<div class='tb' >\n\t\t\t\t\t\t\t<div class='tbrow'>\n\t\t\t\t\t\t\t<div class='evcal_col50 bordr'>\n\t\t\t\t\t\t\t\t<div class='evcal_evdata_row evo_time'>\n\t\t\t\t\t\t\t\t\t<span class='evcal_evdata_icons'><i class='fa fa-clock-o'><\/i><\/span>\n\t\t\t\t\t\t\t\t\t<div class='evcal_evdata_cell'>\t\t\t\t\t\t\t\n\t\t\t\t\t\t\t\t\t\t<h3 class='evo_h3'><span class='evcal_evdata_icons'><i class='fa fa-clock-o'><\/i><\/span>Date<\/h3>\n\t\t\t\t\t\t\t\t\t\t<p>(Saturday) 5:00 pm - 9:00 pm<\/p>\n\t\t\t\t\t\t\t\t\t<\/div>\n\t\t\t\t\t\t\t\t<\/div>\n\t\t\t\t\t\t\t<\/div><div class='evcal_col50'>\n\t\t\t\t\t\t\t\t<div class='evcal_evdata_row evo_location'>\n\t\t\t\t\t\t\t\t\t<span class='evcal_evdata_icons'><i class='fa fa-map-marker'><\/i><\/span>\n\t\t\t\t\t\t\t\t\t<div class='evcal_evdata_cell' data-loc_tax_id='6619'>\t\t\t\t\t\t\t\n\t\t\t\t\t\t\t\t\t\t<h3 class='evo_h3'><span class='evcal_evdata_icons'><i class='fa fa-map-marker'><\/i><\/span>Location<\/h3><p class='evo_location_name'>Avenue Catalunya<\/p><p class='evo_location_address'><\/p>\n\t\t\t\t\t\t\t\t\t<\/div>\n\t\t\t\t\t\t\t\t<\/div>\n\t\t\t\t\t\t\t<\/div><div class='clear'><\/div>\n\t\t\t\t\t\t\t<\/div><\/div>\n\t\t\t\t\t\t<\/div>\t\t\t\t\t\t<div class='evo_metarow_ICS evorow bordb evcal_evdata_row'>\n\t\t\t\t\t\t\t<span class=\"evcal_evdata_icons\"><i class=\"fa fa-calendar\"><\/i><\/span>\n\t\t\t\t\t\t\t<div class='evcal_evdata_cell'>\n\t\t\t\t\t\t\t\t<p><a href=\"https:\/\/www.blanescostabrava.cat\/wp-admin\/admin-ajax.php?action=eventon_ics_download&amp;event_id=233872&amp;sunix=20260509T150000Z&amp;eunix=20260509T190000Z&amp;loca=&amp;locn=Avenue Catalunya\" class=\"evo_ics_nCal\" title=\"Add to your calendar\">Calendar<\/a><a href=\"\/\/www.google.com\/calendar\/event?action=TEMPLATE&amp;text=Journ%C3%A9e+mondiale+de+la+danse+de+la+Plantera&amp;dates=20260509T150000Z\/20260509T190000Z&amp;details=DATE+%3A+9+mai%0D%0A%0D%0AHEURE+%3A+De+17h00+%C3%A0+21h00%0D%0A%0D%0ALIEU+%3A+Avenue+Catalunya%0D%0A%0D%0AEntr%C3%A9e+libre%0D%0A%0D%0A&amp;location=Avenue+Catalunya - \" target=\"_blank\" class=\"evo_ics_gCal\" title=\"Add to google calendar\">GoogleCal<\/a><\/p>\t\n\t\t\t\t\t\t\t<\/div>\t\t\t\t\t\t<\/div>\n\t\t\t\t\t\t<\/div><div class='clear end'><\/div><\/div><div id=\"event_230949\" class=\"eventon_list_event evo_eventtop  event hasbgimg\" data-event_id=\"230949\" data-time=\"1778371201-1778457599\" data-colr=\"#206177\" itemscope itemtype='http:\/\/schema.org\/Event' 18><div class=\"evo_boxtop\" style=\"background-image: url(https:\/\/www.blanescostabrava.cat\/wp-content\/uploads\/2026\/02\/Captura-de-pantalla-2026-03-12-a-les-15.04.51.png); background-color:#206177;height:200px;\"><\/div><div class=\"evo_event_schema\" style=\"display:none\" ><a itemprop=\"url\" href=\"https:\/\/www.blanescostabrava.cat\/fr\/events\/xxxiv-route-des-ermitages\/\"><\/a><span itemprop='name'  >XXXIV Route des Ermitages<\/span><meta itemprop='image' content='https:\/\/www.blanescostabrava.cat\/wp-content\/uploads\/2026\/02\/Captura-de-pantalla-2026-03-12-a-les-15.04.51.png' ><\/meta><meta itemprop='description' content='\r\n\r\n' ><\/meta><meta itemprop='startDate' content='2026-5-10' ><\/meta><meta itemprop='endDate' content='2026-5-10' ><\/meta><meta itemprop='eventStatus' content='on-schedule' ><\/meta><script type=\"application\/ld+json\">{\t\"@context\": \"http:\/\/schema.org\",\n\t\t\t\t\t\t\t  \t\"@type\": \"Event\",\n\t\t\t\t\t\t\t  \t\"name\": \"XXXIV Route des Ermitages\",\n\t\t\t\t\t\t\t  \t\"startDate\": \"2026-5-10T00-00-00-00\",\n\t\t\t\t\t\t\t  \t\"endDate\": \"2026-5-10T23-23-59-00\",\n\t\t\t\t\t\t\t  \t\"image\":\"https:\/\/www.blanescostabrava.cat\/wp-content\/uploads\/2026\/02\/Captura-de-pantalla-2026-03-12-a-les-15.04.51-158x300.png\",\n\t\t\t\t\t\t\t  \t\"description\":\"\r\n\r\n\",\n\t\t\t\t\t\t\t  \t\n\t\t\t\t\t\t\t }<\/script><\/div>\n\t\t\t\t<p class=\"desc_trig_outter\"><a data-gmap_status=\"null\" data-exlk=\"0\" style=\"border-color: #206177;padding-top: 215px;height: 310px;\" id=\"evc_1778371201230949\" class=\"desc_trig sin_val evcal_list_a\" data-ux_val=\"3\"  ><span class='event-img'><img src='https:\/\/www.blanescostabrava.cat\/wp-content\/uploads\/2026\/02\/Captura-de-pantalla-2026-03-12-a-les-15.04.51.png'><\/span><span class='evcal_cblock ' data-bgcolor='#206177' data-smon='mai' data-syr='2026'><span class='evo_start '><em class='date'>10<\/em><em class='month'>mai<\/em><em class='time'>allday<\/em><\/span><em class='clear'><\/em><\/span><span class='evcal_desc evo_info hide_eventtopdata '  data-location_status=\"false\" ><span class='evo_above_title'><\/span><span class='evcal_desc2 evcal_event_title' itemprop='name'>XXXIV Route des Ermitages<\/span><span class='evo_below_title'><\/span><span class='evcal_desc_info' ><\/span><span class='evcal_desc3'><\/span><\/span><em class='clear'><\/em><\/p><\/a><div class='event_description evcal_eventcard ' style=\"display:none\"><div class='evo_metarow_directimg'><img src='https:\/\/www.blanescostabrava.cat\/wp-content\/uploads\/2026\/02\/Captura-de-pantalla-2026-03-12-a-les-15.04.51.png' \/><\/div><div class='evo_metarow_details evorow evcal_evdata_row bordb evcal_event_details'>\n\t\t\t\t\t\t\t<div class=\"event_excerpt\" style=\"display:none\"><h3 class=\"padb5 evo_h3\">Description<\/h3><p>\r\n\r\n<\/p><\/div><span class='evcal_evdata_icons'><i class='fa fa-align-justify'><\/i><\/span>\n\t\t\t\t\t\t\t\n\t\t\t\t\t\t\t<div class='evcal_evdata_cell shorter_desc'><div class='eventon_details_shading_bot'>\n\t\t\t\t\t\t\t\t<p class='eventon_shad_p' content='less'><span class='ev_more_text' data-txt='less'>more<\/span><span class='ev_more_arrow'><\/span><\/p>\n\t\t\t\t\t\t\t<\/div><div class='eventon_full_description'>\n\t\t\t\t\t\t\t\t\t<h3 class='padb5 evo_h3'><span class='evcal_evdata_icons'><i class='fa fa-align-justify'><\/i><\/span>Description<\/h3><div class='eventon_desc_in' itemprop='description'>\n\t\t\t\t\t\t\t\t\t<div class=\"flex flex-col text-sm pb-25\">\n<article class=\"text-token-text-primary w-full focus:outline-none [--shadow-height:45px] has-data-writing-block:pointer-events-none has-data-writing-block:-mt-(--shadow-height) has-data-writing-block:pt-(--shadow-height) [&amp;:has([data-writing-block])&gt;*]:pointer-events-auto scroll-mt-[calc(var(--header-height)+min(200px,max(70px,20svh)))]\" dir=\"auto\" tabindex=\"-1\" data-turn-id=\"request-WEB:fc846a44-4e93-4bad-9efc-05d466b58684-11\" data-testid=\"conversation-turn-2\" data-scroll-anchor=\"true\" data-turn=\"assistant\">\n<div class=\"text-base my-auto mx-auto pb-10 [--thread-content-margin:var(--thread-content-margin-xs,calc(var(--spacing)*4))] @w-sm\/main:[--thread-content-margin:var(--thread-content-margin-sm,calc(var(--spacing)*6))] @w-lg\/main:[--thread-content-margin:var(--thread-content-margin-lg,calc(var(--spacing)*16))] px-(--thread-content-margin)\">\n<div class=\"[--thread-content-max-width:40rem] @w-lg\/main:[--thread-content-max-width:48rem] mx-auto max-w-(--thread-content-max-width) flex-1 group\/turn-messages focus-visible:outline-hidden relative flex w-full min-w-0 flex-col agent-turn\" tabindex=\"-1\">\n<div class=\"flex max-w-full flex-col gap-4 grow\">\n<div class=\"min-h-8 text-message relative flex w-full flex-col items-end gap-2 text-start break-words whitespace-normal [.text-message+&amp;]:mt-1\" dir=\"auto\" data-message-author-role=\"assistant\" data-message-id=\"e020a9d8-6f2e-4494-893e-b2bf07ab2751\" data-message-model-slug=\"gpt-5-3\">\n<div class=\"flex w-full flex-col gap-1 empty:hidden\">\n<div class=\"markdown prose dark:prose-invert w-full wrap-break-word light markdown-new-styling\">\n<p data-start=\"70\" data-end=\"99\" data-is-last-node=\"\" data-is-only-node=\"\">Date: 10 mai<\/p>\n<\/div>\n<\/div>\n<\/div>\n<\/div>\n<\/div>\n<\/div>\n<\/article>\n<\/div>\n<p>Plus d\u2019informations sur <a class=\"decorated-link\" href=\"http:\/\/www.blanes.cat\/blanesxrunners\" target=\"_new\" rel=\"noopener\" data-start=\"373\" data-end=\"402\" data-is-last-node=\"\">www.blanes.cat\/blanesxrunners<\/a><\/p>\n<p><img class=\"alignnone size-large wp-image-232141\" src=\"https:\/\/www.blanescostabrava.cat\/wp-content\/uploads\/2026\/02\/Captura-de-pantalla-2026-03-12-a-les-15.04.51-541x1024.png\" alt=\"\" width=\"541\" height=\"1024\" srcset=\"https:\/\/www.blanescostabrava.cat\/wp-content\/uploads\/2026\/02\/Captura-de-pantalla-2026-03-12-a-les-15.04.51-541x1024.png 541w, https:\/\/www.blanescostabrava.cat\/wp-content\/uploads\/2026\/02\/Captura-de-pantalla-2026-03-12-a-les-15.04.51-158x300.png 158w, https:\/\/www.blanescostabrava.cat\/wp-content\/uploads\/2026\/02\/Captura-de-pantalla-2026-03-12-a-les-15.04.51-79x150.png 79w, https:\/\/www.blanescostabrava.cat\/wp-content\/uploads\/2026\/02\/Captura-de-pantalla-2026-03-12-a-les-15.04.51-13x24.png 13w, https:\/\/www.blanescostabrava.cat\/wp-content\/uploads\/2026\/02\/Captura-de-pantalla-2026-03-12-a-les-15.04.51-19x36.png 19w, https:\/\/www.blanescostabrava.cat\/wp-content\/uploads\/2026\/02\/Captura-de-pantalla-2026-03-12-a-les-15.04.51-25x48.png 25w, https:\/\/www.blanescostabrava.cat\/wp-content\/uploads\/2026\/02\/Captura-de-pantalla-2026-03-12-a-les-15.04.51.png 732w\" sizes=\"(max-width: 541px) 100vw, 541px\" \/><\/p>\n<p><img class=\"alignnone size-large wp-image-233269\" src=\"https:\/\/www.blanescostabrava.cat\/wp-content\/uploads\/2026\/02\/RutaErmites-630x1024.jpeg\" alt=\"\" width=\"630\" height=\"1024\" srcset=\"https:\/\/www.blanescostabrava.cat\/wp-content\/uploads\/2026\/02\/RutaErmites-630x1024.jpeg 630w, https:\/\/www.blanescostabrava.cat\/wp-content\/uploads\/2026\/02\/RutaErmites-185x300.jpeg 185w, https:\/\/www.blanescostabrava.cat\/wp-content\/uploads\/2026\/02\/RutaErmites-92x150.jpeg 92w, https:\/\/www.blanescostabrava.cat\/wp-content\/uploads\/2026\/02\/RutaErmites-768x1248.jpeg 768w, https:\/\/www.blanescostabrava.cat\/wp-content\/uploads\/2026\/02\/RutaErmites-946x1536.jpeg 946w, https:\/\/www.blanescostabrava.cat\/wp-content\/uploads\/2026\/02\/RutaErmites-15x24.jpeg 15w, https:\/\/www.blanescostabrava.cat\/wp-content\/uploads\/2026\/02\/RutaErmites-22x36.jpeg 22w, https:\/\/www.blanescostabrava.cat\/wp-content\/uploads\/2026\/02\/RutaErmites-30x48.jpeg 30w, https:\/\/www.blanescostabrava.cat\/wp-content\/uploads\/2026\/02\/RutaErmites.jpeg 985w\" sizes=\"(max-width: 630px) 100vw, 630px\" \/><\/p>\n<\/div><div class='clear'><\/div>\n\t\t\t\t\t\t\t\t<\/div>\n\t\t\t\t\t\t\t<\/div>\n\t\t\t\t\t\t<\/div><div class='evo_metarow_time evorow evcal_evdata_row bordb evcal_evrow_sm '>\n\t\t\t\t\t\t\t<span class='evcal_evdata_icons'><i class='fa fa-clock-o'><\/i><\/span>\n\t\t\t\t\t\t\t<div class='evcal_evdata_cell'>\t\t\t\t\t\t\t\n\t\t\t\t\t\t\t\t<h3 class='evo_h3'><span class='evcal_evdata_icons'><i class='fa fa-clock-o'><\/i><\/span>Date<\/h3><p>All Day (Sunday)<\/p>\n\t\t\t\t\t\t\t<\/div>\n\t\t\t\t\t\t<\/div>\t\t\t\t\t\t<div class='evo_metarow_ICS evorow bordb evcal_evdata_row'>\n\t\t\t\t\t\t\t<span class=\"evcal_evdata_icons\"><i class=\"fa fa-calendar\"><\/i><\/span>\n\t\t\t\t\t\t\t<div class='evcal_evdata_cell'>\n\t\t\t\t\t\t\t\t<p><a href=\"https:\/\/www.blanescostabrava.cat\/wp-admin\/admin-ajax.php?action=eventon_ics_download&amp;event_id=230949&amp;sunix=20260509T220000Z&amp;eunix=20260510T215900Z&amp;loca=&amp;locn=\" class=\"evo_ics_nCal\" title=\"Add to your calendar\">Calendar<\/a><a href=\"\/\/www.google.com\/calendar\/event?action=TEMPLATE&amp;text=XXXIV+Route+des+Ermitages&amp;dates=20260509T220000Z\/20260510T215900Z&amp;details=%0D%0A%0D%0A&amp;location= - \" target=\"_blank\" class=\"evo_ics_gCal\" title=\"Add to google calendar\">GoogleCal<\/a><\/p>\t\n\t\t\t\t\t\t\t<\/div>\t\t\t\t\t\t<\/div>\n\t\t\t\t\t\t<\/div><div class='clear end'><\/div><\/div><div id=\"event_234046\" class=\"eventon_list_event evo_eventtop  event hasbgimg\" data-event_id=\"234046\" data-time=\"1778403600-1778425200\" data-colr=\"#206177\" itemscope itemtype='http:\/\/schema.org\/Event' 19><div class=\"evo_boxtop\" style=\"background-image: url(https:\/\/www.blanescostabrava.cat\/wp-content\/uploads\/2025\/05\/Captura-de-pantalla-2025-03-07-a-les-12.18.40.png); background-color:#206177;height:200px;\"><\/div><div class=\"evo_event_schema\" style=\"display:none\" ><a itemprop=\"url\" href=\"https:\/\/www.blanescostabrava.cat\/fr\/events\/rencontre-de-collectionneurs-assoc-gastr-pl-ntra-sra-del-vilar-6\/\"><\/a><span itemprop='name'  >Rencontre de collectionneurs - Assoc. Gastr. Pl. Ntra. Sra. del Vilar<\/span><meta itemprop='image' content='https:\/\/www.blanescostabrava.cat\/wp-content\/uploads\/2025\/05\/Captura-de-pantalla-2025-03-07-a-les-12.18.40.png' ><\/meta><meta itemprop='description' content='DATE : 10 mai\r\nHEURE : de 9h00 \u00e0 15h00\r\nLIEU : Pla\u00e7a Mare de D\u00e9u del Vilar' ><\/meta><meta itemprop='startDate' content='2026-5-10' ><\/meta><meta itemprop='endDate' content='2026-5-10' ><\/meta><meta itemprop='eventStatus' content='on-schedule' ><\/meta><script type=\"application\/ld+json\">{\t\"@context\": \"http:\/\/schema.org\",\n\t\t\t\t\t\t\t  \t\"@type\": \"Event\",\n\t\t\t\t\t\t\t  \t\"name\": \"Rencontre de collectionneurs - Assoc. Gastr. Pl. Ntra. Sra. del Vilar\",\n\t\t\t\t\t\t\t  \t\"startDate\": \"2026-5-10T09-09-00-00\",\n\t\t\t\t\t\t\t  \t\"endDate\": \"2026-5-10T15-15-00-00\",\n\t\t\t\t\t\t\t  \t\"image\":\"https:\/\/www.blanescostabrava.cat\/wp-content\/uploads\/2025\/05\/Captura-de-pantalla-2025-03-07-a-les-12.18.40-300x201.png\",\n\t\t\t\t\t\t\t  \t\"description\":\"DATE : 10 mai\r\nHEURE : de 9h00 \u00e0 15h00\r\nLIEU : Pla\u00e7a Mare de D\u00e9u del Vilar\",\n\t\t\t\t\t\t\t  \t\n\t\t\t\t\t\t\t }<\/script><\/div>\n\t\t\t\t<p class=\"desc_trig_outter\"><a data-gmap_status=\"null\" data-exlk=\"0\" style=\"border-color: #206177;padding-top: 215px;height: 310px;\" id=\"evc_1778403600234046\" class=\"desc_trig sin_val evcal_list_a\" data-ux_val=\"3\"  ><span class='event-img'><img src='https:\/\/www.blanescostabrava.cat\/wp-content\/uploads\/2025\/05\/Captura-de-pantalla-2025-03-07-a-les-12.18.40.png'><\/span><span class='evcal_cblock ' data-bgcolor='#206177' data-smon='mai' data-syr='2026'><span class='evo_start '><em class='date'>10<\/em><em class='month'>mai<\/em><em class='time'>9:00 am<\/em><\/span><span class='evo_end only_time'><em class='time'>3:00 pm<\/em><\/span><em class='clear'><\/em><\/span><span class='evcal_desc evo_info hide_eventtopdata '  data-location_status=\"false\" ><span class='evo_above_title'><\/span><span class='evcal_desc2 evcal_event_title' itemprop='name'>Rencontre de collectionneurs - Assoc. Gastr. Pl. Ntra. Sra. del Vilar<\/span><span class='evo_below_title'><\/span><span class='evcal_desc_info' ><\/span><span class='evcal_desc3'><\/span><\/span><em class='clear'><\/em><\/p><\/a><div class='event_description evcal_eventcard ' style=\"display:none\"><div class='evo_metarow_directimg'><img src='https:\/\/www.blanescostabrava.cat\/wp-content\/uploads\/2025\/05\/Captura-de-pantalla-2025-03-07-a-les-12.18.40.png' \/><\/div><div class='evo_metarow_details evorow evcal_evdata_row bordb evcal_event_details'>\n\t\t\t\t\t\t\t<div class=\"event_excerpt\" style=\"display:none\"><h3 class=\"padb5 evo_h3\">Description<\/h3><p>DATE : 10 mai\r\nHEURE : de 9h00 \u00e0 15h00\r\nLIEU : Pla\u00e7a Mare de D\u00e9u del Vilar<\/p><\/div><span class='evcal_evdata_icons'><i class='fa fa-align-justify'><\/i><\/span>\n\t\t\t\t\t\t\t\n\t\t\t\t\t\t\t<div class='evcal_evdata_cell '><div class='eventon_full_description'>\n\t\t\t\t\t\t\t\t\t<h3 class='padb5 evo_h3'><span class='evcal_evdata_icons'><i class='fa fa-align-justify'><\/i><\/span>Description<\/h3><div class='eventon_desc_in' itemprop='description'>\n\t\t\t\t\t\t\t\t\t<p data-start=\"505\" data-end=\"520\">DATE : 10 mai<\/p>\n<p data-start=\"522\" data-end=\"547\">HEURE : de 9h00 \u00e0 15h00<\/p>\n<p data-start=\"549\" data-end=\"585\">LIEU : Pla\u00e7a Mare de D\u00e9u del Vilar<\/p>\n<\/div><div class='clear'><\/div>\n\t\t\t\t\t\t\t\t<\/div>\n\t\t\t\t\t\t\t<\/div>\n\t\t\t\t\t\t<\/div><div class='evo_metarow_time_location evorow bordb '>\n\t\t\t\t\t\t<div class='tb' >\n\t\t\t\t\t\t\t<div class='tbrow'>\n\t\t\t\t\t\t\t<div class='evcal_col50 bordr'>\n\t\t\t\t\t\t\t\t<div class='evcal_evdata_row evo_time'>\n\t\t\t\t\t\t\t\t\t<span class='evcal_evdata_icons'><i class='fa fa-clock-o'><\/i><\/span>\n\t\t\t\t\t\t\t\t\t<div class='evcal_evdata_cell'>\t\t\t\t\t\t\t\n\t\t\t\t\t\t\t\t\t\t<h3 class='evo_h3'><span class='evcal_evdata_icons'><i class='fa fa-clock-o'><\/i><\/span>Date<\/h3>\n\t\t\t\t\t\t\t\t\t\t<p>(Sunday) 9:00 am - 3:00 pm<\/p>\n\t\t\t\t\t\t\t\t\t<\/div>\n\t\t\t\t\t\t\t\t<\/div>\n\t\t\t\t\t\t\t<\/div><div class='evcal_col50'>\n\t\t\t\t\t\t\t\t<div class='evcal_evdata_row evo_location'>\n\t\t\t\t\t\t\t\t\t<span class='evcal_evdata_icons'><i class='fa fa-map-marker'><\/i><\/span>\n\t\t\t\t\t\t\t\t\t<div class='evcal_evdata_cell' data-loc_tax_id='680'>\t\t\t\t\t\t\t\n\t\t\t\t\t\t\t\t\t\t<h3 class='evo_h3'><span class='evcal_evdata_icons'><i class='fa fa-map-marker'><\/i><\/span>Location<\/h3><p class='evo_location_name'>Pla\u00e7a Mare de D\u00e8u del Vilar<\/p><p class='evo_location_address'><\/p>\n\t\t\t\t\t\t\t\t\t<\/div>\n\t\t\t\t\t\t\t\t<\/div>\n\t\t\t\t\t\t\t<\/div><div class='clear'><\/div>\n\t\t\t\t\t\t\t<\/div><\/div>\n\t\t\t\t\t\t<\/div>\t\t\t\t\t\t<div class='evo_metarow_ICS evorow bordb evcal_evdata_row'>\n\t\t\t\t\t\t\t<span class=\"evcal_evdata_icons\"><i class=\"fa fa-calendar\"><\/i><\/span>\n\t\t\t\t\t\t\t<div class='evcal_evdata_cell'>\n\t\t\t\t\t\t\t\t<p><a href=\"https:\/\/www.blanescostabrava.cat\/wp-admin\/admin-ajax.php?action=eventon_ics_download&amp;event_id=234046&amp;sunix=20260510T070000Z&amp;eunix=20260510T130000Z&amp;loca=&amp;locn=Pla\u00e7a Mare de D\u00e8u del Vilar\" class=\"evo_ics_nCal\" title=\"Add to your calendar\">Calendar<\/a><a href=\"\/\/www.google.com\/calendar\/event?action=TEMPLATE&amp;text=Rencontre+de+collectionneurs+-+Assoc.+Gastr.+Pl.+Ntra.+Sra.+del+Vilar&amp;dates=20260510T070000Z\/20260510T130000Z&amp;details=DATE+%3A+10+mai%0D%0AHEURE+%3A+de+9h00+%C3%A0+15h00%0D%0ALIEU+%3A+Pla%C3%A7a+Mare+de+D%C3%A9u+del+Vilar&amp;location=Pla%C3%A7a+Mare+de+D%C3%A8u+del+Vilar - \" target=\"_blank\" class=\"evo_ics_gCal\" title=\"Add to google calendar\">GoogleCal<\/a><\/p>\t\n\t\t\t\t\t\t\t<\/div>\t\t\t\t\t\t<\/div>\n\t\t\t\t\t\t<\/div><div class='clear end'><\/div><\/div><div id=\"event_234079\" class=\"eventon_list_event evo_eventtop  event hasbgimg\" data-event_id=\"234079\" data-time=\"1778403600-1778436000\" data-colr=\"#206177\" itemscope itemtype='http:\/\/schema.org\/Event' 20><div class=\"evo_boxtop\" style=\"background-image: url(https:\/\/www.blanescostabrava.cat\/wp-content\/uploads\/2026\/04\/Cartell-Marimurtrissim-2026.jpg); background-color:#206177;height:200px;\"><\/div><div class=\"evo_event_schema\" style=\"display:none\" ><a itemprop=\"url\" href=\"https:\/\/www.blanescostabrava.cat\/fr\/events\/marimurtrissim-festival-familial-botanique\/\"><\/a><span itemprop='name'  >\"Marimurtr\u00edssim\" - festival familial botanique<\/span><meta itemprop='image' content='https:\/\/www.blanescostabrava.cat\/wp-content\/uploads\/2026\/04\/Cartell-Marimurtrissim-2026.jpg' ><\/meta><meta itemprop='description' content='DATE : 10 mai\r\nHEURE : de 9h00 \u00e0 18h00\r\nLIEU : Jardin botanique Marimurtra\r\n' ><\/meta><meta itemprop='startDate' content='2026-5-10' ><\/meta><meta itemprop='endDate' content='2026-5-10' ><\/meta><meta itemprop='eventStatus' content='on-schedule' ><\/meta><script type=\"application\/ld+json\">{\t\"@context\": \"http:\/\/schema.org\",\n\t\t\t\t\t\t\t  \t\"@type\": \"Event\",\n\t\t\t\t\t\t\t  \t\"name\": \"\"Marimurtr\u00edssim\" - festival familial botanique\",\n\t\t\t\t\t\t\t  \t\"startDate\": \"2026-5-10T09-09-00-00\",\n\t\t\t\t\t\t\t  \t\"endDate\": \"2026-5-10T18-18-00-00\",\n\t\t\t\t\t\t\t  \t\"image\":\"https:\/\/www.blanescostabrava.cat\/wp-content\/uploads\/2026\/04\/Cartell-Marimurtrissim-2026-215x300.jpg\",\n\t\t\t\t\t\t\t  \t\"description\":\"DATE : 10 mai\r\nHEURE : de 9h00 \u00e0 18h00\r\nLIEU : Jardin botanique Marimurtra\r\n\",\n\t\t\t\t\t\t\t  \t\n\t\t\t\t\t\t\t }<\/script><\/div>\n\t\t\t\t<p class=\"desc_trig_outter\"><a data-gmap_status=\"null\" data-exlk=\"0\" style=\"border-color: #206177;padding-top: 215px;height: 310px;\" id=\"evc_1778403600234079\" class=\"desc_trig sin_val evcal_list_a\" data-ux_val=\"3\"  ><span class='event-img'><img src='https:\/\/www.blanescostabrava.cat\/wp-content\/uploads\/2026\/04\/Cartell-Marimurtrissim-2026.jpg'><\/span><span class='evcal_cblock ' data-bgcolor='#206177' data-smon='mai' data-syr='2026'><span class='evo_start '><em class='date'>10<\/em><em class='month'>mai<\/em><em class='time'>9:00 am<\/em><\/span><span class='evo_end only_time'><em class='time'>6:00 pm<\/em><\/span><em class='clear'><\/em><\/span><span class='evcal_desc evo_info hide_eventtopdata '  data-location_status=\"false\" ><span class='evo_above_title'><\/span><span class='evcal_desc2 evcal_event_title' itemprop='name'>\"Marimurtr\u00edssim\" - festival familial botanique<\/span><span class='evo_below_title'><\/span><span class='evcal_desc_info' ><\/span><span class='evcal_desc3'><\/span><\/span><em class='clear'><\/em><\/p><\/a><div class='event_description evcal_eventcard ' style=\"display:none\"><div class='evo_metarow_directimg'><img src='https:\/\/www.blanescostabrava.cat\/wp-content\/uploads\/2026\/04\/Cartell-Marimurtrissim-2026.jpg' \/><\/div><div class='evo_metarow_details evorow evcal_evdata_row bordb evcal_event_details'>\n\t\t\t\t\t\t\t<div class=\"event_excerpt\" style=\"display:none\"><h3 class=\"padb5 evo_h3\">Description<\/h3><p>DATE : 10 mai\r\nHEURE : de 9h00 \u00e0 18h00\r\nLIEU : Jardin botanique Marimurtra\r\n<\/p><\/div><span class='evcal_evdata_icons'><i class='fa fa-align-justify'><\/i><\/span>\n\t\t\t\t\t\t\t\n\t\t\t\t\t\t\t<div class='evcal_evdata_cell '><div class='eventon_full_description'>\n\t\t\t\t\t\t\t\t\t<h3 class='padb5 evo_h3'><span class='evcal_evdata_icons'><i class='fa fa-align-justify'><\/i><\/span>Description<\/h3><div class='eventon_desc_in' itemprop='description'>\n\t\t\t\t\t\t\t\t\t<p data-start=\"443\" data-end=\"458\">DATE : 10 mai<\/p>\n<p data-start=\"460\" data-end=\"485\">HEURE : de 9h00 \u00e0 18h00<\/p>\n<p data-start=\"487\" data-end=\"523\">LIEU : Jardin botanique Marimurtra<\/p>\n<p data-start=\"487\" data-end=\"523\"><img class=\"alignnone size-large wp-image-234061\" src=\"https:\/\/www.blanescostabrava.cat\/wp-content\/uploads\/2026\/04\/Cartell-Marimurtrissim-2026-734x1024.jpg\" alt=\"\" width=\"734\" height=\"1024\" srcset=\"https:\/\/www.blanescostabrava.cat\/wp-content\/uploads\/2026\/04\/Cartell-Marimurtrissim-2026-734x1024.jpg 734w, https:\/\/www.blanescostabrava.cat\/wp-content\/uploads\/2026\/04\/Cartell-Marimurtrissim-2026-215x300.jpg 215w, https:\/\/www.blanescostabrava.cat\/wp-content\/uploads\/2026\/04\/Cartell-Marimurtrissim-2026-107x150.jpg 107w, https:\/\/www.blanescostabrava.cat\/wp-content\/uploads\/2026\/04\/Cartell-Marimurtrissim-2026-768x1072.jpg 768w, https:\/\/www.blanescostabrava.cat\/wp-content\/uploads\/2026\/04\/Cartell-Marimurtrissim-2026-1101x1536.jpg 1101w, https:\/\/www.blanescostabrava.cat\/wp-content\/uploads\/2026\/04\/Cartell-Marimurtrissim-2026-17x24.jpg 17w, https:\/\/www.blanescostabrava.cat\/wp-content\/uploads\/2026\/04\/Cartell-Marimurtrissim-2026-26x36.jpg 26w, https:\/\/www.blanescostabrava.cat\/wp-content\/uploads\/2026\/04\/Cartell-Marimurtrissim-2026-34x48.jpg 34w, https:\/\/www.blanescostabrava.cat\/wp-content\/uploads\/2026\/04\/Cartell-Marimurtrissim-2026.jpg 1433w\" sizes=\"(max-width: 734px) 100vw, 734px\" \/><\/p>\n<\/div><div class='clear'><\/div>\n\t\t\t\t\t\t\t\t<\/div>\n\t\t\t\t\t\t\t<\/div>\n\t\t\t\t\t\t<\/div><div class='evo_metarow_time_location evorow bordb '>\n\t\t\t\t\t\t<div class='tb' >\n\t\t\t\t\t\t\t<div class='tbrow'>\n\t\t\t\t\t\t\t<div class='evcal_col50 bordr'>\n\t\t\t\t\t\t\t\t<div class='evcal_evdata_row evo_time'>\n\t\t\t\t\t\t\t\t\t<span class='evcal_evdata_icons'><i class='fa fa-clock-o'><\/i><\/span>\n\t\t\t\t\t\t\t\t\t<div class='evcal_evdata_cell'>\t\t\t\t\t\t\t\n\t\t\t\t\t\t\t\t\t\t<h3 class='evo_h3'><span class='evcal_evdata_icons'><i class='fa fa-clock-o'><\/i><\/span>Date<\/h3>\n\t\t\t\t\t\t\t\t\t\t<p>(Sunday) 9:00 am - 6:00 pm<\/p>\n\t\t\t\t\t\t\t\t\t<\/div>\n\t\t\t\t\t\t\t\t<\/div>\n\t\t\t\t\t\t\t<\/div><div class='evcal_col50'>\n\t\t\t\t\t\t\t\t<div class='evcal_evdata_row evo_location'>\n\t\t\t\t\t\t\t\t\t<span class='evcal_evdata_icons'><i class='fa fa-map-marker'><\/i><\/span>\n\t\t\t\t\t\t\t\t\t<div class='evcal_evdata_cell' data-loc_tax_id='2946'>\t\t\t\t\t\t\t\n\t\t\t\t\t\t\t\t\t\t<h3 class='evo_h3'><span class='evcal_evdata_icons'><i class='fa fa-map-marker'><\/i><\/span>Location<\/h3><p class='evo_location_name'>Jardin Botanique Marimurtra<\/p><p class='evo_location_address'><\/p>\n\t\t\t\t\t\t\t\t\t<\/div>\n\t\t\t\t\t\t\t\t<\/div>\n\t\t\t\t\t\t\t<\/div><div class='clear'><\/div>\n\t\t\t\t\t\t\t<\/div><\/div>\n\t\t\t\t\t\t<\/div>\t\t\t\t\t\t<div class='evo_metarow_ICS evorow bordb evcal_evdata_row'>\n\t\t\t\t\t\t\t<span class=\"evcal_evdata_icons\"><i class=\"fa fa-calendar\"><\/i><\/span>\n\t\t\t\t\t\t\t<div class='evcal_evdata_cell'>\n\t\t\t\t\t\t\t\t<p><a href=\"https:\/\/www.blanescostabrava.cat\/wp-admin\/admin-ajax.php?action=eventon_ics_download&amp;event_id=234079&amp;sunix=20260510T070000Z&amp;eunix=20260510T160000Z&amp;loca=&amp;locn=Jardin Botanique Marimurtra\" class=\"evo_ics_nCal\" title=\"Add to your calendar\">Calendar<\/a><a href=\"\/\/www.google.com\/calendar\/event?action=TEMPLATE&amp;text=%22Marimurtr%C3%ADssim%22+-+festival+familial+botanique&amp;dates=20260510T070000Z\/20260510T160000Z&amp;details=DATE+%3A+10+mai%0D%0AHEURE+%3A+de+9h00+%C3%A0+18h00%0D%0ALIEU+%3A+Jardin+botanique+Marimurtra%0D%0A&amp;location=Jardin+Botanique+Marimurtra - \" target=\"_blank\" class=\"evo_ics_gCal\" title=\"Add to google calendar\">GoogleCal<\/a><\/p>\t\n\t\t\t\t\t\t\t<\/div>\t\t\t\t\t\t<\/div>\n\t\t\t\t\t\t<\/div><div class='clear end'><\/div><\/div><div id=\"event_234091\" class=\"eventon_list_event evo_eventtop  event hasbgimg\" data-event_id=\"234091\" data-time=\"1778409000-1778418000\" data-colr=\"#206177\" itemscope itemtype='http:\/\/schema.org\/Event' 21><div class=\"evo_boxtop\" style=\"background-image: url(https:\/\/www.blanescostabrava.cat\/wp-content\/uploads\/2023\/07\/jovenes-jugando-juegos-mesa-charadas-figuritas-tirando-dados-juegos-cartas-hombres-mujeres-disfrutan-competencia-estrategia-adivinar-tarjeta-entretenimiento-diversion-cerca-min-scaled.jpg); background-color:#206177;height:200px;\"><\/div><div class=\"evo_event_schema\" style=\"display:none\" ><a itemprop=\"url\" href=\"https:\/\/www.blanescostabrava.cat\/fr\/events\/jeux-de-societe-liem-la\/\"><\/a><span itemprop='name'  >Jeux de soci\u00e9t\u00e9 \"Liem - la!\"<\/span><meta itemprop='image' content='https:\/\/www.blanescostabrava.cat\/wp-content\/uploads\/2023\/07\/jovenes-jugando-juegos-mesa-charadas-figuritas-tirando-dados-juegos-cartas-hombres-mujeres-disfrutan-competencia-estrategia-adivinar-tarjeta-entretenimiento-diversion-cerca-min-scaled.jpg' ><\/meta><meta itemprop='description' content='DATE : 10 mai\r\nHEURE : de 10h30 \u00e0 13h00\r\nLIEU : Place d\u2019Espagne' ><\/meta><meta itemprop='startDate' content='2026-5-10' ><\/meta><meta itemprop='endDate' content='2026-5-10' ><\/meta><meta itemprop='eventStatus' content='on-schedule' ><\/meta><script type=\"application\/ld+json\">{\t\"@context\": \"http:\/\/schema.org\",\n\t\t\t\t\t\t\t  \t\"@type\": \"Event\",\n\t\t\t\t\t\t\t  \t\"name\": \"Jeux de soci\u00e9t\u00e9 \"Liem - la!\"\",\n\t\t\t\t\t\t\t  \t\"startDate\": \"2026-5-10T10-10-30-00\",\n\t\t\t\t\t\t\t  \t\"endDate\": \"2026-5-10T13-13-00-00\",\n\t\t\t\t\t\t\t  \t\"image\":\"https:\/\/www.blanescostabrava.cat\/wp-content\/uploads\/2023\/07\/jovenes-jugando-juegos-mesa-charadas-figuritas-tirando-dados-juegos-cartas-hombres-mujeres-disfrutan-competencia-estrategia-adivinar-tarjeta-entretenimiento-diversion-cerca-min-300x169.jpg\",\n\t\t\t\t\t\t\t  \t\"description\":\"DATE : 10 mai\r\nHEURE : de 10h30 \u00e0 13h00\r\nLIEU : Place d\u2019Espagne\",\n\t\t\t\t\t\t\t  \t\n\t\t\t\t\t\t\t }<\/script><\/div>\n\t\t\t\t<p class=\"desc_trig_outter\"><a data-gmap_status=\"null\" data-exlk=\"0\" style=\"border-color: #206177;padding-top: 215px;height: 310px;\" id=\"evc_1778409000234091\" class=\"desc_trig sin_val evcal_list_a\" data-ux_val=\"3\"  ><span class='event-img'><img src='https:\/\/www.blanescostabrava.cat\/wp-content\/uploads\/2023\/07\/jovenes-jugando-juegos-mesa-charadas-figuritas-tirando-dados-juegos-cartas-hombres-mujeres-disfrutan-competencia-estrategia-adivinar-tarjeta-entretenimiento-diversion-cerca-min-scaled.jpg'><\/span><span class='evcal_cblock ' data-bgcolor='#206177' data-smon='mai' data-syr='2026'><span class='evo_start '><em class='date'>10<\/em><em class='month'>mai<\/em><em class='time'>10:30 am<\/em><\/span><span class='evo_end only_time'><em class='time'>1:00 pm<\/em><\/span><em class='clear'><\/em><\/span><span class='evcal_desc evo_info hide_eventtopdata '  data-location_status=\"false\" ><span class='evo_above_title'><\/span><span class='evcal_desc2 evcal_event_title' itemprop='name'>Jeux de soci\u00e9t\u00e9 \"Liem - la!\"<\/span><span class='evo_below_title'><\/span><span class='evcal_desc_info' ><\/span><span class='evcal_desc3'><\/span><\/span><em class='clear'><\/em><\/p><\/a><div class='event_description evcal_eventcard ' style=\"display:none\"><div class='evo_metarow_directimg'><img src='https:\/\/www.blanescostabrava.cat\/wp-content\/uploads\/2023\/07\/jovenes-jugando-juegos-mesa-charadas-figuritas-tirando-dados-juegos-cartas-hombres-mujeres-disfrutan-competencia-estrategia-adivinar-tarjeta-entretenimiento-diversion-cerca-min-scaled.jpg' \/><\/div><div class='evo_metarow_details evorow evcal_evdata_row bordb evcal_event_details'>\n\t\t\t\t\t\t\t<div class=\"event_excerpt\" style=\"display:none\"><h3 class=\"padb5 evo_h3\">Description<\/h3><p>DATE : 10 mai\r\nHEURE : de 10h30 \u00e0 13h00\r\nLIEU : Place d\u2019Espagne<\/p><\/div><span class='evcal_evdata_icons'><i class='fa fa-align-justify'><\/i><\/span>\n\t\t\t\t\t\t\t\n\t\t\t\t\t\t\t<div class='evcal_evdata_cell '><div class='eventon_full_description'>\n\t\t\t\t\t\t\t\t\t<h3 class='padb5 evo_h3'><span class='evcal_evdata_icons'><i class='fa fa-align-justify'><\/i><\/span>Description<\/h3><div class='eventon_desc_in' itemprop='description'>\n\t\t\t\t\t\t\t\t\t<p data-start=\"418\" data-end=\"433\">DATE : 10 mai<\/p>\n<p data-start=\"435\" data-end=\"461\">HEURE : de 10h30 \u00e0 13h00<\/p>\n<p data-start=\"463\" data-end=\"487\">LIEU : Place d\u2019Espagne<\/p>\n<\/div><div class='clear'><\/div>\n\t\t\t\t\t\t\t\t<\/div>\n\t\t\t\t\t\t\t<\/div>\n\t\t\t\t\t\t<\/div><div class='evo_metarow_time_location evorow bordb '>\n\t\t\t\t\t\t<div class='tb' >\n\t\t\t\t\t\t\t<div class='tbrow'>\n\t\t\t\t\t\t\t<div class='evcal_col50 bordr'>\n\t\t\t\t\t\t\t\t<div class='evcal_evdata_row evo_time'>\n\t\t\t\t\t\t\t\t\t<span class='evcal_evdata_icons'><i class='fa fa-clock-o'><\/i><\/span>\n\t\t\t\t\t\t\t\t\t<div class='evcal_evdata_cell'>\t\t\t\t\t\t\t\n\t\t\t\t\t\t\t\t\t\t<h3 class='evo_h3'><span class='evcal_evdata_icons'><i class='fa fa-clock-o'><\/i><\/span>Date<\/h3>\n\t\t\t\t\t\t\t\t\t\t<p>(Sunday) 10:30 am - 1:00 pm<\/p>\n\t\t\t\t\t\t\t\t\t<\/div>\n\t\t\t\t\t\t\t\t<\/div>\n\t\t\t\t\t\t\t<\/div><div class='evcal_col50'>\n\t\t\t\t\t\t\t\t<div class='evcal_evdata_row evo_location'>\n\t\t\t\t\t\t\t\t\t<span class='evcal_evdata_icons'><i class='fa fa-map-marker'><\/i><\/span>\n\t\t\t\t\t\t\t\t\t<div class='evcal_evdata_cell' data-loc_tax_id='3668'>\t\t\t\t\t\t\t\n\t\t\t\t\t\t\t\t\t\t<h3 class='evo_h3'><span class='evcal_evdata_icons'><i class='fa fa-map-marker'><\/i><\/span>Location<\/h3><p class='evo_location_name'>Place d\u2019Espagne<\/p><p class='evo_location_address'><\/p>\n\t\t\t\t\t\t\t\t\t<\/div>\n\t\t\t\t\t\t\t\t<\/div>\n\t\t\t\t\t\t\t<\/div><div class='clear'><\/div>\n\t\t\t\t\t\t\t<\/div><\/div>\n\t\t\t\t\t\t<\/div>\t\t\t\t\t\t<div class='evo_metarow_ICS evorow bordb evcal_evdata_row'>\n\t\t\t\t\t\t\t<span class=\"evcal_evdata_icons\"><i class=\"fa fa-calendar\"><\/i><\/span>\n\t\t\t\t\t\t\t<div class='evcal_evdata_cell'>\n\t\t\t\t\t\t\t\t<p><a href=\"https:\/\/www.blanescostabrava.cat\/wp-admin\/admin-ajax.php?action=eventon_ics_download&amp;event_id=234091&amp;sunix=20260510T083000Z&amp;eunix=20260510T110000Z&amp;loca=&amp;locn=Place d\u2019Espagne\" class=\"evo_ics_nCal\" title=\"Add to your calendar\">Calendar<\/a><a href=\"\/\/www.google.com\/calendar\/event?action=TEMPLATE&amp;text=Jeux+de+soci%C3%A9t%C3%A9+%22Liem+-+la%21%22&amp;dates=20260510T083000Z\/20260510T110000Z&amp;details=DATE+%3A+10+mai%0D%0AHEURE+%3A+de+10h30+%C3%A0+13h00%0D%0ALIEU+%3A+Place+d%E2%80%99Espagne&amp;location=Place+d%E2%80%99Espagne - \" target=\"_blank\" class=\"evo_ics_gCal\" title=\"Add to google calendar\">GoogleCal<\/a><\/p>\t\n\t\t\t\t\t\t\t<\/div>\t\t\t\t\t\t<\/div>\n\t\t\t\t\t\t<\/div><div class='clear end'><\/div><\/div><div id=\"event_233689\" class=\"eventon_list_event evo_eventtop  event hasbgimg\" data-event_id=\"233689\" data-time=\"1778520600-1778526000\" data-colr=\"#206177\" itemscope itemtype='http:\/\/schema.org\/Event' 22><div class=\"evo_boxtop\" style=\"background-image: url(https:\/\/www.blanescostabrava.cat\/wp-content\/uploads\/2026\/02\/Captura-de-pantalla-2026-03-03-a-les-11.18.42.png); background-color:#206177;height:200px;\"><\/div><div class=\"evo_event_schema\" style=\"display:none\" ><a itemprop=\"url\" href=\"https:\/\/www.blanescostabrava.cat\/fr\/events\/mini-club-de-lecture-bona-nit\/\"><\/a><span itemprop='name'  >Mini-club de lecture: \"Bona nit\"<\/span><meta itemprop='image' content='https:\/\/www.blanescostabrava.cat\/wp-content\/uploads\/2026\/02\/Captura-de-pantalla-2026-03-03-a-les-11.18.42.png' ><\/meta><meta itemprop='description' content='DATE : lundi 11 maiHEURE : 17:30 hLIEU : Biblioth\u00e8que Roberto Bola\u00f1o\r\nCranc de Marianna' ><\/meta><meta itemprop='startDate' content='2026-5-11' ><\/meta><meta itemprop='endDate' content='2026-5-11' ><\/meta><meta itemprop='eventStatus' content='on-schedule' ><\/meta><script type=\"application\/ld+json\">{\t\"@context\": \"http:\/\/schema.org\",\n\t\t\t\t\t\t\t  \t\"@type\": \"Event\",\n\t\t\t\t\t\t\t  \t\"name\": \"Mini-club de lecture: \"Bona nit\"\",\n\t\t\t\t\t\t\t  \t\"startDate\": \"2026-5-11T17-17-30-00\",\n\t\t\t\t\t\t\t  \t\"endDate\": \"2026-5-11T19-19-00-00\",\n\t\t\t\t\t\t\t  \t\"image\":\"https:\/\/www.blanescostabrava.cat\/wp-content\/uploads\/2026\/02\/Captura-de-pantalla-2026-03-03-a-les-11.18.42-300x197.png\",\n\t\t\t\t\t\t\t  \t\"description\":\"DATE : lundi 11 maiHEURE : 17:30 hLIEU : Biblioth\u00e8que Roberto Bola\u00f1o\r\nCranc de Marianna\",\n\t\t\t\t\t\t\t  \t\n\t\t\t\t\t\t\t }<\/script><\/div>\n\t\t\t\t<p class=\"desc_trig_outter\"><a data-gmap_status=\"null\" data-exlk=\"0\" style=\"border-color: #206177;padding-top: 215px;height: 310px;\" id=\"evc_1778520600233689\" class=\"desc_trig sin_val evcal_list_a\" data-ux_val=\"3\"  ><span class='event-img'><img src='https:\/\/www.blanescostabrava.cat\/wp-content\/uploads\/2026\/02\/Captura-de-pantalla-2026-03-03-a-les-11.18.42.png'><\/span><span class='evcal_cblock ' data-bgcolor='#206177' data-smon='mai' data-syr='2026'><span class='evo_start '><em class='date'>11<\/em><em class='month'>mai<\/em><em class='time'>5:30 pm<\/em><\/span><span class='evo_end only_time'><em class='time'>7:00 pm<\/em><\/span><em class='clear'><\/em><\/span><span class='evcal_desc evo_info hide_eventtopdata '  data-location_status=\"false\" ><span class='evo_above_title'><\/span><span class='evcal_desc2 evcal_event_title' itemprop='name'>Mini-club de lecture: \"Bona nit\"<\/span><span class='evo_below_title'><\/span><span class='evcal_desc_info' ><\/span><span class='evcal_desc3'><\/span><\/span><em class='clear'><\/em><\/p><\/a><div class='event_description evcal_eventcard ' style=\"display:none\"><div class='evo_metarow_directimg'><img src='https:\/\/www.blanescostabrava.cat\/wp-content\/uploads\/2026\/02\/Captura-de-pantalla-2026-03-03-a-les-11.18.42.png' \/><\/div><div class='evo_metarow_details evorow evcal_evdata_row bordb evcal_event_details'>\n\t\t\t\t\t\t\t<div class=\"event_excerpt\" style=\"display:none\"><h3 class=\"padb5 evo_h3\">Description<\/h3><p>DATE : lundi 11 maiHEURE : 17:30 hLIEU : Biblioth\u00e8que Roberto Bola\u00f1o\r\nCranc de Marianna<\/p><\/div><span class='evcal_evdata_icons'><i class='fa fa-align-justify'><\/i><\/span>\n\t\t\t\t\t\t\t\n\t\t\t\t\t\t\t<div class='evcal_evdata_cell shorter_desc'><div class='eventon_details_shading_bot'>\n\t\t\t\t\t\t\t\t<p class='eventon_shad_p' content='less'><span class='ev_more_text' data-txt='less'>more<\/span><span class='ev_more_arrow'><\/span><\/p>\n\t\t\t\t\t\t\t<\/div><div class='eventon_full_description'>\n\t\t\t\t\t\t\t\t\t<h3 class='padb5 evo_h3'><span class='evcal_evdata_icons'><i class='fa fa-align-justify'><\/i><\/span>Description<\/h3><div class='eventon_desc_in' itemprop='description'>\n\t\t\t\t\t\t\t\t\t<p data-start=\"783\" data-end=\"871\"><strong data-start=\"783\" data-end=\"793\">DATE :<\/strong> lundi 11 mai<br data-start=\"806\" data-end=\"809\" \/><strong data-start=\"809\" data-end=\"820\">HEURE :<\/strong> 17:30 h<br data-start=\"828\" data-end=\"831\" \/><strong data-start=\"831\" data-end=\"841\">LIEU :<\/strong> Biblioth\u00e8que Roberto Bola\u00f1o<\/p>\n<p data-start=\"873\" data-end=\"899\">Cranc de Marianna Coppo.<\/p>\n<p data-start=\"901\" data-end=\"963\">Pour les enfants de 5 \u00e0 7 ans, accompagn\u00e9s de leurs parents.<\/p>\n<p data-start=\"965\" data-end=\"1010\">Places limit\u00e9es. (Complet. Liste d\u2019attente)<\/p>\n<p data-start=\"1012\" data-end=\"1098\" data-is-last-node=\"\" data-is-only-node=\"\">Plus d\u2019informations sur le blog : <a class=\"decorated-link\" href=\"https:\/\/biblioteca.blanes.cat\/salainfantil\/miniclub\/\" target=\"_new\" rel=\"noopener\" data-start=\"1046\" data-end=\"1098\" data-is-last-node=\"\">https:\/\/biblioteca.blanes.cat\/salainfantil\/miniclub\/<\/a><\/p>\n<\/div><div class='clear'><\/div>\n\t\t\t\t\t\t\t\t<\/div>\n\t\t\t\t\t\t\t<\/div>\n\t\t\t\t\t\t<\/div><div class='evo_metarow_time_location evorow bordb '>\n\t\t\t\t\t\t<div class='tb' >\n\t\t\t\t\t\t\t<div class='tbrow'>\n\t\t\t\t\t\t\t<div class='evcal_col50 bordr'>\n\t\t\t\t\t\t\t\t<div class='evcal_evdata_row evo_time'>\n\t\t\t\t\t\t\t\t\t<span class='evcal_evdata_icons'><i class='fa fa-clock-o'><\/i><\/span>\n\t\t\t\t\t\t\t\t\t<div class='evcal_evdata_cell'>\t\t\t\t\t\t\t\n\t\t\t\t\t\t\t\t\t\t<h3 class='evo_h3'><span class='evcal_evdata_icons'><i class='fa fa-clock-o'><\/i><\/span>Date<\/h3>\n\t\t\t\t\t\t\t\t\t\t<p>(Monday) 5:30 pm - 7:00 pm<\/p>\n\t\t\t\t\t\t\t\t\t<\/div>\n\t\t\t\t\t\t\t\t<\/div>\n\t\t\t\t\t\t\t<\/div><div class='evcal_col50'>\n\t\t\t\t\t\t\t\t<div class='evcal_evdata_row evo_location'>\n\t\t\t\t\t\t\t\t\t<span class='evcal_evdata_icons'><i class='fa fa-map-marker'><\/i><\/span>\n\t\t\t\t\t\t\t\t\t<div class='evcal_evdata_cell' data-loc_tax_id='4568'>\t\t\t\t\t\t\t\n\t\t\t\t\t\t\t\t\t\t<h3 class='evo_h3'><span class='evcal_evdata_icons'><i class='fa fa-map-marker'><\/i><\/span>Location<\/h3><p class='evo_location_name'>Biblioth\u00e8que Roberto Bola\u00f1o<\/p><p class='evo_location_address'><\/p>\n\t\t\t\t\t\t\t\t\t<\/div>\n\t\t\t\t\t\t\t\t<\/div>\n\t\t\t\t\t\t\t<\/div><div class='clear'><\/div>\n\t\t\t\t\t\t\t<\/div><\/div>\n\t\t\t\t\t\t<\/div>\t\t\t\t\t\t<div class='evo_metarow_ICS evorow bordb evcal_evdata_row'>\n\t\t\t\t\t\t\t<span class=\"evcal_evdata_icons\"><i class=\"fa fa-calendar\"><\/i><\/span>\n\t\t\t\t\t\t\t<div class='evcal_evdata_cell'>\n\t\t\t\t\t\t\t\t<p><a href=\"https:\/\/www.blanescostabrava.cat\/wp-admin\/admin-ajax.php?action=eventon_ics_download&amp;event_id=233689&amp;sunix=20260511T153000Z&amp;eunix=20260511T170000Z&amp;loca=&amp;locn=Biblioth\u00e8que Roberto Bola\u00f1o\" class=\"evo_ics_nCal\" title=\"Add to your calendar\">Calendar<\/a><a href=\"\/\/www.google.com\/calendar\/event?action=TEMPLATE&amp;text=Mini-club+de+lecture%3A+%22Bona+nit%22&amp;dates=20260511T153000Z\/20260511T170000Z&amp;details=DATE+%3A+lundi+11+maiHEURE+%3A+17%3A30+hLIEU+%3A+Biblioth%C3%A8que+Roberto+Bola%C3%B1o%0D%0ACranc+de+Marianna&amp;location=Biblioth%C3%A8que+Roberto+Bola%C3%B1o - \" target=\"_blank\" class=\"evo_ics_gCal\" title=\"Add to google calendar\">GoogleCal<\/a><\/p>\t\n\t\t\t\t\t\t\t<\/div>\t\t\t\t\t\t<\/div>\n\t\t\t\t\t\t<\/div><div class='clear end'><\/div><\/div><div id=\"event_233701\" class=\"eventon_list_event evo_eventtop  event hasbgimg\" data-event_id=\"233701\" data-time=\"1778608800-1778616000\" data-colr=\"#206177\" itemscope itemtype='http:\/\/schema.org\/Event' 23><div class=\"evo_boxtop\" style=\"background-image: url(https:\/\/www.blanescostabrava.cat\/wp-content\/uploads\/2026\/02\/Captura-de-pantalla-2026-03-03-a-les-11.18.42.png); background-color:#206177;height:200px;\"><\/div><div class=\"evo_event_schema\" style=\"display:none\" ><a itemprop=\"url\" href=\"https:\/\/www.blanescostabrava.cat\/fr\/events\/heure-du-conte-superheroris\/\"><\/a><span itemprop='name'  >Heure du conte: \"Superheroris\"<\/span><meta itemprop='image' content='https:\/\/www.blanescostabrava.cat\/wp-content\/uploads\/2026\/02\/Captura-de-pantalla-2026-03-03-a-les-11.18.42.png' ><\/meta><meta itemprop='description' content='DATE : mardi 12 maiHEURE : 18:00 hLIEU : Biblioth\u00e8que de l\u2019Institut Escola Mn. Joan Batlle\r\n' ><\/meta><meta itemprop='startDate' content='2026-5-12' ><\/meta><meta itemprop='endDate' content='2026-5-12' ><\/meta><meta itemprop='eventStatus' content='on-schedule' ><\/meta><script type=\"application\/ld+json\">{\t\"@context\": \"http:\/\/schema.org\",\n\t\t\t\t\t\t\t  \t\"@type\": \"Event\",\n\t\t\t\t\t\t\t  \t\"name\": \"Heure du conte: \"Superheroris\"\",\n\t\t\t\t\t\t\t  \t\"startDate\": \"2026-5-12T18-18-00-00\",\n\t\t\t\t\t\t\t  \t\"endDate\": \"2026-5-12T20-20-00-00\",\n\t\t\t\t\t\t\t  \t\"image\":\"https:\/\/www.blanescostabrava.cat\/wp-content\/uploads\/2026\/02\/Captura-de-pantalla-2026-03-03-a-les-11.18.42-300x197.png\",\n\t\t\t\t\t\t\t  \t\"description\":\"DATE : mardi 12 maiHEURE : 18:00 hLIEU : Biblioth\u00e8que de l\u2019Institut Escola Mn. Joan Batlle\r\n\",\n\t\t\t\t\t\t\t  \t\n\t\t\t\t\t\t\t }<\/script><\/div>\n\t\t\t\t<p class=\"desc_trig_outter\"><a data-gmap_status=\"null\" data-exlk=\"0\" style=\"border-color: #206177;padding-top: 215px;height: 310px;\" id=\"evc_1778608800233701\" class=\"desc_trig sin_val evcal_list_a\" data-ux_val=\"3\"  ><span class='event-img'><img src='https:\/\/www.blanescostabrava.cat\/wp-content\/uploads\/2026\/02\/Captura-de-pantalla-2026-03-03-a-les-11.18.42.png'><\/span><span class='evcal_cblock ' data-bgcolor='#206177' data-smon='mai' data-syr='2026'><span class='evo_start '><em class='date'>12<\/em><em class='month'>mai<\/em><em class='time'>6:00 pm<\/em><\/span><span class='evo_end only_time'><em class='time'>8:00 pm<\/em><\/span><em class='clear'><\/em><\/span><span class='evcal_desc evo_info hide_eventtopdata '  data-location_status=\"false\" ><span class='evo_above_title'><\/span><span class='evcal_desc2 evcal_event_title' itemprop='name'>Heure du conte: \"Superheroris\"<\/span><span class='evo_below_title'><\/span><span class='evcal_desc_info' ><\/span><span class='evcal_desc3'><\/span><\/span><em class='clear'><\/em><\/p><\/a><div class='event_description evcal_eventcard ' style=\"display:none\"><div class='evo_metarow_directimg'><img src='https:\/\/www.blanescostabrava.cat\/wp-content\/uploads\/2026\/02\/Captura-de-pantalla-2026-03-03-a-les-11.18.42.png' \/><\/div><div class='evo_metarow_details evorow evcal_evdata_row bordb evcal_event_details'>\n\t\t\t\t\t\t\t<div class=\"event_excerpt\" style=\"display:none\"><h3 class=\"padb5 evo_h3\">Description<\/h3><p>DATE : mardi 12 maiHEURE : 18:00 hLIEU : Biblioth\u00e8que de l\u2019Institut Escola Mn. Joan Batlle\r\n<\/p><\/div><span class='evcal_evdata_icons'><i class='fa fa-align-justify'><\/i><\/span>\n\t\t\t\t\t\t\t\n\t\t\t\t\t\t\t<div class='evcal_evdata_cell '><div class='eventon_full_description'>\n\t\t\t\t\t\t\t\t\t<h3 class='padb5 evo_h3'><span class='evcal_evdata_icons'><i class='fa fa-align-justify'><\/i><\/span>Description<\/h3><div class='eventon_desc_in' itemprop='description'>\n\t\t\t\t\t\t\t\t\t<p data-start=\"480\" data-end=\"590\"><strong data-start=\"480\" data-end=\"490\">DATE :<\/strong> mardi 12 mai<br data-start=\"503\" data-end=\"506\" \/><strong data-start=\"506\" data-end=\"517\">HEURE :<\/strong> 18:00 h<br data-start=\"525\" data-end=\"528\" \/><strong data-start=\"528\" data-end=\"538\">LIEU :<\/strong> Biblioth\u00e8que de l\u2019Institut Escola Mn. Joan Batlle<\/p>\n<p data-start=\"592\" data-end=\"625\">Avec la compagnie Va de Contes.<\/p>\n<p data-start=\"627\" data-end=\"645\" data-is-last-node=\"\" data-is-only-node=\"\">\u00c0 partir de 5 ans.<\/p>\n<\/div><div class='clear'><\/div>\n\t\t\t\t\t\t\t\t<\/div>\n\t\t\t\t\t\t\t<\/div>\n\t\t\t\t\t\t<\/div><div class='evo_metarow_time_location evorow bordb '>\n\t\t\t\t\t\t<div class='tb' >\n\t\t\t\t\t\t\t<div class='tbrow'>\n\t\t\t\t\t\t\t<div class='evcal_col50 bordr'>\n\t\t\t\t\t\t\t\t<div class='evcal_evdata_row evo_time'>\n\t\t\t\t\t\t\t\t\t<span class='evcal_evdata_icons'><i class='fa fa-clock-o'><\/i><\/span>\n\t\t\t\t\t\t\t\t\t<div class='evcal_evdata_cell'>\t\t\t\t\t\t\t\n\t\t\t\t\t\t\t\t\t\t<h3 class='evo_h3'><span class='evcal_evdata_icons'><i class='fa fa-clock-o'><\/i><\/span>Date<\/h3>\n\t\t\t\t\t\t\t\t\t\t<p>(Tuesday) 6:00 pm - 8:00 pm<\/p>\n\t\t\t\t\t\t\t\t\t<\/div>\n\t\t\t\t\t\t\t\t<\/div>\n\t\t\t\t\t\t\t<\/div><div class='evcal_col50'>\n\t\t\t\t\t\t\t\t<div class='evcal_evdata_row evo_location'>\n\t\t\t\t\t\t\t\t\t<span class='evcal_evdata_icons'><i class='fa fa-map-marker'><\/i><\/span>\n\t\t\t\t\t\t\t\t\t<div class='evcal_evdata_cell' data-loc_tax_id='6616'>\t\t\t\t\t\t\t\n\t\t\t\t\t\t\t\t\t\t<h3 class='evo_h3'><span class='evcal_evdata_icons'><i class='fa fa-map-marker'><\/i><\/span>Location<\/h3><p class='evo_location_name'>Biblioth\u00e8que de l\u2019Institut Escola Mn. Joan Batlle<\/p><p class='evo_location_address'><\/p>\n\t\t\t\t\t\t\t\t\t<\/div>\n\t\t\t\t\t\t\t\t<\/div>\n\t\t\t\t\t\t\t<\/div><div class='clear'><\/div>\n\t\t\t\t\t\t\t<\/div><\/div>\n\t\t\t\t\t\t<\/div>\t\t\t\t\t\t<div class='evo_metarow_ICS evorow bordb evcal_evdata_row'>\n\t\t\t\t\t\t\t<span class=\"evcal_evdata_icons\"><i class=\"fa fa-calendar\"><\/i><\/span>\n\t\t\t\t\t\t\t<div class='evcal_evdata_cell'>\n\t\t\t\t\t\t\t\t<p><a href=\"https:\/\/www.blanescostabrava.cat\/wp-admin\/admin-ajax.php?action=eventon_ics_download&amp;event_id=233701&amp;sunix=20260512T160000Z&amp;eunix=20260512T180000Z&amp;loca=&amp;locn=Biblioth\u00e8que de l\u2019Institut Escola Mn. Joan Batlle\" class=\"evo_ics_nCal\" title=\"Add to your calendar\">Calendar<\/a><a href=\"\/\/www.google.com\/calendar\/event?action=TEMPLATE&amp;text=Heure+du+conte%3A+%22Superheroris%22&amp;dates=20260512T160000Z\/20260512T180000Z&amp;details=DATE+%3A+mardi+12+maiHEURE+%3A+18%3A00+hLIEU+%3A+Biblioth%C3%A8que+de+l%E2%80%99Institut+Escola+Mn.+Joan+Batlle%0D%0A&amp;location=Biblioth%C3%A8que+de+l%E2%80%99Institut+Escola+Mn.+Joan+Batlle - \" target=\"_blank\" class=\"evo_ics_gCal\" title=\"Add to google calendar\">GoogleCal<\/a><\/p>\t\n\t\t\t\t\t\t\t<\/div>\t\t\t\t\t\t<\/div>\n\t\t\t\t\t\t<\/div><div class='clear end'><\/div><\/div><div id=\"event_233713\" class=\"eventon_list_event evo_eventtop  event hasbgimg\" data-event_id=\"233713\" data-time=\"1778668200-1778673600\" data-colr=\"#206177\" itemscope itemtype='http:\/\/schema.org\/Event' 24><div class=\"evo_boxtop\" style=\"background-image: url(https:\/\/www.blanescostabrava.cat\/wp-content\/uploads\/2020\/07\/cropped-BiblioBlanes_AidaMart\u00ednez2018-122.jpg); background-color:#206177;height:200px;\"><\/div><div class=\"evo_event_schema\" style=\"display:none\" ><a itemprop=\"url\" href=\"https:\/\/www.blanescostabrava.cat\/fr\/events\/heure-du-conte-pour-les-tout-petits-de-la-bibliotheque-nascuts-per-llegir\/\"><\/a><span itemprop='name'  >Heure du conte pour les tout-petits de la biblioth\u00e8que: \"Nascuts per Llegir\"<\/span><meta itemprop='image' content='https:\/\/www.blanescostabrava.cat\/wp-content\/uploads\/2020\/07\/cropped-BiblioBlanes_AidaMart\u00ednez2018-122.jpg' ><\/meta><meta itemprop='description' content='DATE : mercredi 13 maiHEURE : 10:30 hLIEU : Biblioth\u00e8que Roberto Bola\u00f1o\r\nPour' ><\/meta><meta itemprop='startDate' content='2026-5-13' ><\/meta><meta itemprop='endDate' content='2026-5-13' ><\/meta><meta itemprop='eventStatus' content='on-schedule' ><\/meta><script type=\"application\/ld+json\">{\t\"@context\": \"http:\/\/schema.org\",\n\t\t\t\t\t\t\t  \t\"@type\": \"Event\",\n\t\t\t\t\t\t\t  \t\"name\": \"Heure du conte pour les tout-petits de la biblioth\u00e8que: \"Nascuts per Llegir\"\",\n\t\t\t\t\t\t\t  \t\"startDate\": \"2026-5-13T10-10-30-00\",\n\t\t\t\t\t\t\t  \t\"endDate\": \"2026-5-13T12-12-00-00\",\n\t\t\t\t\t\t\t  \t\"image\":\"https:\/\/www.blanescostabrava.cat\/wp-content\/uploads\/2020\/07\/cropped-BiblioBlanes_AidaMart\u00ednez2018-122-300x191.jpg\",\n\t\t\t\t\t\t\t  \t\"description\":\"DATE : mercredi 13 maiHEURE : 10:30 hLIEU : Biblioth\u00e8que Roberto Bola\u00f1o\r\nPour\",\n\t\t\t\t\t\t\t  \t\n\t\t\t\t\t\t\t }<\/script><\/div>\n\t\t\t\t<p class=\"desc_trig_outter\"><a data-gmap_status=\"null\" data-exlk=\"0\" style=\"border-color: #206177;padding-top: 215px;height: 310px;\" id=\"evc_1778668200233713\" class=\"desc_trig sin_val evcal_list_a\" data-ux_val=\"3\"  ><span class='event-img'><img src='https:\/\/www.blanescostabrava.cat\/wp-content\/uploads\/2020\/07\/cropped-BiblioBlanes_AidaMart\u00ednez2018-122.jpg'><\/span><span class='evcal_cblock ' data-bgcolor='#206177' data-smon='mai' data-syr='2026'><span class='evo_start '><em class='date'>13<\/em><em class='month'>mai<\/em><em class='time'>10:30 am<\/em><\/span><span class='evo_end only_time'><em class='time'>12:00 pm<\/em><\/span><em class='clear'><\/em><\/span><span class='evcal_desc evo_info hide_eventtopdata '  data-location_status=\"false\" ><span class='evo_above_title'><\/span><span class='evcal_desc2 evcal_event_title' itemprop='name'>Heure du conte pour les tout-petits de la biblioth\u00e8que: \"Nascuts per Llegir\"<\/span><span class='evo_below_title'><\/span><span class='evcal_desc_info' ><\/span><span class='evcal_desc3'><\/span><\/span><em class='clear'><\/em><\/p><\/a><div class='event_description evcal_eventcard ' style=\"display:none\"><div class='evo_metarow_directimg'><img src='https:\/\/www.blanescostabrava.cat\/wp-content\/uploads\/2020\/07\/cropped-BiblioBlanes_AidaMart\u00ednez2018-122.jpg' alt=\"biblioteca blanes\"\/><\/div><div class='evo_metarow_details evorow evcal_evdata_row bordb evcal_event_details'>\n\t\t\t\t\t\t\t<div class=\"event_excerpt\" style=\"display:none\"><h3 class=\"padb5 evo_h3\">Description<\/h3><p>DATE : mercredi 13 maiHEURE : 10:30 hLIEU : Biblioth\u00e8que Roberto Bola\u00f1o\r\nPour<\/p><\/div><span class='evcal_evdata_icons'><i class='fa fa-align-justify'><\/i><\/span>\n\t\t\t\t\t\t\t\n\t\t\t\t\t\t\t<div class='evcal_evdata_cell '><div class='eventon_full_description'>\n\t\t\t\t\t\t\t\t\t<h3 class='padb5 evo_h3'><span class='evcal_evdata_icons'><i class='fa fa-align-justify'><\/i><\/span>Description<\/h3><div class='eventon_desc_in' itemprop='description'>\n\t\t\t\t\t\t\t\t\t<p data-start=\"545\" data-end=\"636\"><strong data-start=\"545\" data-end=\"555\">DATE :<\/strong> mercredi 13 mai<br data-start=\"571\" data-end=\"574\" \/><strong data-start=\"574\" data-end=\"585\">HEURE :<\/strong> 10:30 h<br data-start=\"593\" data-end=\"596\" \/><strong data-start=\"596\" data-end=\"606\">LIEU :<\/strong> Biblioth\u00e8que Roberto Bola\u00f1o<\/p>\n<p data-start=\"638\" data-end=\"682\" data-is-last-node=\"\" data-is-only-node=\"\">Pour les b\u00e9b\u00e9s et les familles de 0 \u00e0 3 ans.<\/p>\n<\/div><div class='clear'><\/div>\n\t\t\t\t\t\t\t\t<\/div>\n\t\t\t\t\t\t\t<\/div>\n\t\t\t\t\t\t<\/div><div class='evo_metarow_time_location evorow bordb '>\n\t\t\t\t\t\t<div class='tb' >\n\t\t\t\t\t\t\t<div class='tbrow'>\n\t\t\t\t\t\t\t<div class='evcal_col50 bordr'>\n\t\t\t\t\t\t\t\t<div class='evcal_evdata_row evo_time'>\n\t\t\t\t\t\t\t\t\t<span class='evcal_evdata_icons'><i class='fa fa-clock-o'><\/i><\/span>\n\t\t\t\t\t\t\t\t\t<div class='evcal_evdata_cell'>\t\t\t\t\t\t\t\n\t\t\t\t\t\t\t\t\t\t<h3 class='evo_h3'><span class='evcal_evdata_icons'><i class='fa fa-clock-o'><\/i><\/span>Date<\/h3>\n\t\t\t\t\t\t\t\t\t\t<p>(Wednesday) 10:30 am - 12:00 pm<\/p>\n\t\t\t\t\t\t\t\t\t<\/div>\n\t\t\t\t\t\t\t\t<\/div>\n\t\t\t\t\t\t\t<\/div><div class='evcal_col50'>\n\t\t\t\t\t\t\t\t<div class='evcal_evdata_row evo_location'>\n\t\t\t\t\t\t\t\t\t<span class='evcal_evdata_icons'><i class='fa fa-map-marker'><\/i><\/span>\n\t\t\t\t\t\t\t\t\t<div class='evcal_evdata_cell' data-loc_tax_id='4568'>\t\t\t\t\t\t\t\n\t\t\t\t\t\t\t\t\t\t<h3 class='evo_h3'><span class='evcal_evdata_icons'><i class='fa fa-map-marker'><\/i><\/span>Location<\/h3><p class='evo_location_name'>Biblioth\u00e8que Roberto Bola\u00f1o<\/p><p class='evo_location_address'><\/p>\n\t\t\t\t\t\t\t\t\t<\/div>\n\t\t\t\t\t\t\t\t<\/div>\n\t\t\t\t\t\t\t<\/div><div class='clear'><\/div>\n\t\t\t\t\t\t\t<\/div><\/div>\n\t\t\t\t\t\t<\/div>\t\t\t\t\t\t<div class='evo_metarow_ICS evorow bordb evcal_evdata_row'>\n\t\t\t\t\t\t\t<span class=\"evcal_evdata_icons\"><i class=\"fa fa-calendar\"><\/i><\/span>\n\t\t\t\t\t\t\t<div class='evcal_evdata_cell'>\n\t\t\t\t\t\t\t\t<p><a href=\"https:\/\/www.blanescostabrava.cat\/wp-admin\/admin-ajax.php?action=eventon_ics_download&amp;event_id=233713&amp;sunix=20260513T083000Z&amp;eunix=20260513T100000Z&amp;loca=&amp;locn=Biblioth\u00e8que Roberto Bola\u00f1o\" class=\"evo_ics_nCal\" title=\"Add to your calendar\">Calendar<\/a><a href=\"\/\/www.google.com\/calendar\/event?action=TEMPLATE&amp;text=Heure+du+conte+pour+les+tout-petits+de+la+biblioth%C3%A8que%3A+%22Nascuts+per+Llegir%22&amp;dates=20260513T083000Z\/20260513T100000Z&amp;details=DATE+%3A+mercredi+13+maiHEURE+%3A+10%3A30+hLIEU+%3A+Biblioth%C3%A8que+Roberto+Bola%C3%B1o%0D%0APour&amp;location=Biblioth%C3%A8que+Roberto+Bola%C3%B1o - \" target=\"_blank\" class=\"evo_ics_gCal\" title=\"Add to google calendar\">GoogleCal<\/a><\/p>\t\n\t\t\t\t\t\t\t<\/div>\t\t\t\t\t\t<\/div>\n\t\t\t\t\t\t<\/div><div class='clear end'><\/div><\/div><div id=\"event_233725\" class=\"eventon_list_event evo_eventtop  event hasbgimg\" data-event_id=\"233725\" data-time=\"1778752800-1778760000\" data-colr=\"#206177\" itemscope itemtype='http:\/\/schema.org\/Event' 25><div class=\"evo_boxtop\" style=\"background-image: url(https:\/\/www.blanescostabrava.cat\/wp-content\/uploads\/2019\/12\/biblioteca-comarcal.jpg); background-color:#206177;height:200px;\"><\/div><div class=\"evo_event_schema\" style=\"display:none\" ><a itemprop=\"url\" href=\"https:\/\/www.blanescostabrava.cat\/fr\/events\/club-de-lecture-bien-etre-la-hija-unica-de-guadalupe-nettel\/\"><\/a><span itemprop='name'  >Club de lecture Bien-\u00eatre: \"La hija \u00fanica de Guadalupe Nettel\"<\/span><meta itemprop='image' content='https:\/\/www.blanescostabrava.cat\/wp-content\/uploads\/2019\/12\/biblioteca-comarcal.jpg' ><\/meta><meta itemprop='description' content='DATE : jeudi 14 maiHEURE : 10:00 hLIEU : Biblioth\u00e8que Roberto Bola\u00f1o\r\nAnim\u00e9 par Isabel' ><\/meta><meta itemprop='startDate' content='2026-5-14' ><\/meta><meta itemprop='endDate' content='2026-5-14' ><\/meta><meta itemprop='eventStatus' content='on-schedule' ><\/meta><script type=\"application\/ld+json\">{\t\"@context\": \"http:\/\/schema.org\",\n\t\t\t\t\t\t\t  \t\"@type\": \"Event\",\n\t\t\t\t\t\t\t  \t\"name\": \"Club de lecture Bien-\u00eatre: \"La hija \u00fanica de Guadalupe Nettel\"\",\n\t\t\t\t\t\t\t  \t\"startDate\": \"2026-5-14T10-10-00-00\",\n\t\t\t\t\t\t\t  \t\"endDate\": \"2026-5-14T12-12-00-00\",\n\t\t\t\t\t\t\t  \t\"image\":\"https:\/\/www.blanescostabrava.cat\/wp-content\/uploads\/2019\/12\/biblioteca-comarcal-300x194.jpg\",\n\t\t\t\t\t\t\t  \t\"description\":\"DATE : jeudi 14 maiHEURE : 10:00 hLIEU : Biblioth\u00e8que Roberto Bola\u00f1o\r\nAnim\u00e9 par Isabel\",\n\t\t\t\t\t\t\t  \t\n\t\t\t\t\t\t\t }<\/script><\/div>\n\t\t\t\t<p class=\"desc_trig_outter\"><a data-gmap_status=\"null\" data-exlk=\"0\" style=\"border-color: #206177;padding-top: 215px;height: 310px;\" id=\"evc_1778752800233725\" class=\"desc_trig sin_val evcal_list_a\" data-ux_val=\"3\"  ><span class='event-img'><img src='https:\/\/www.blanescostabrava.cat\/wp-content\/uploads\/2019\/12\/biblioteca-comarcal.jpg'><\/span><span class='evcal_cblock ' data-bgcolor='#206177' data-smon='mai' data-syr='2026'><span class='evo_start '><em class='date'>14<\/em><em class='month'>mai<\/em><em class='time'>10:00 am<\/em><\/span><span class='evo_end only_time'><em class='time'>12:00 pm<\/em><\/span><em class='clear'><\/em><\/span><span class='evcal_desc evo_info hide_eventtopdata '  data-location_status=\"false\" ><span class='evo_above_title'><\/span><span class='evcal_desc2 evcal_event_title' itemprop='name'>Club de lecture Bien-\u00eatre: \"La hija \u00fanica de Guadalupe Nettel\"<\/span><span class='evo_below_title'><\/span><span class='evcal_desc_info' ><\/span><span class='evcal_desc3'><\/span><\/span><em class='clear'><\/em><\/p><\/a><div class='event_description evcal_eventcard ' style=\"display:none\"><div class='evo_metarow_directimg'><img src='https:\/\/www.blanescostabrava.cat\/wp-content\/uploads\/2019\/12\/biblioteca-comarcal.jpg' alt=\"biblioteca_comarcal_blanes\"\/><\/div><div class='evo_metarow_details evorow evcal_evdata_row bordb evcal_event_details'>\n\t\t\t\t\t\t\t<div class=\"event_excerpt\" style=\"display:none\"><h3 class=\"padb5 evo_h3\">Description<\/h3><p>DATE : jeudi 14 maiHEURE : 10:00 hLIEU : Biblioth\u00e8que Roberto Bola\u00f1o\r\nAnim\u00e9 par Isabel<\/p><\/div><span class='evcal_evdata_icons'><i class='fa fa-align-justify'><\/i><\/span>\n\t\t\t\t\t\t\t\n\t\t\t\t\t\t\t<div class='evcal_evdata_cell shorter_desc'><div class='eventon_details_shading_bot'>\n\t\t\t\t\t\t\t\t<p class='eventon_shad_p' content='less'><span class='ev_more_text' data-txt='less'>more<\/span><span class='ev_more_arrow'><\/span><\/p>\n\t\t\t\t\t\t\t<\/div><div class='eventon_full_description'>\n\t\t\t\t\t\t\t\t\t<h3 class='padb5 evo_h3'><span class='evcal_evdata_icons'><i class='fa fa-align-justify'><\/i><\/span>Description<\/h3><div class='eventon_desc_in' itemprop='description'>\n\t\t\t\t\t\t\t\t\t<p data-start=\"719\" data-end=\"807\"><strong data-start=\"719\" data-end=\"729\">DATE :<\/strong> jeudi 14 mai<br data-start=\"742\" data-end=\"745\" \/><strong data-start=\"745\" data-end=\"756\">HEURE :<\/strong> 10:00 h<br data-start=\"764\" data-end=\"767\" \/><strong data-start=\"767\" data-end=\"777\">LIEU :<\/strong> Biblioth\u00e8que Roberto Bola\u00f1o<\/p>\n<p data-start=\"809\" data-end=\"911\">Anim\u00e9 par Isabel Ridaura, r\u00e9f\u00e9rente en bien-\u00eatre \u00e9motionnel et sant\u00e9 communautaire du CAP de Blanes.<\/p>\n<p data-start=\"913\" data-end=\"961\" data-is-last-node=\"\" data-is-only-node=\"\">Places limit\u00e9es, inscriptions \u00e0 la biblioth\u00e8que.<\/p>\n<\/div><div class='clear'><\/div>\n\t\t\t\t\t\t\t\t<\/div>\n\t\t\t\t\t\t\t<\/div>\n\t\t\t\t\t\t<\/div><div class='evo_metarow_time_location evorow bordb '>\n\t\t\t\t\t\t<div class='tb' >\n\t\t\t\t\t\t\t<div class='tbrow'>\n\t\t\t\t\t\t\t<div class='evcal_col50 bordr'>\n\t\t\t\t\t\t\t\t<div class='evcal_evdata_row evo_time'>\n\t\t\t\t\t\t\t\t\t<span class='evcal_evdata_icons'><i class='fa fa-clock-o'><\/i><\/span>\n\t\t\t\t\t\t\t\t\t<div class='evcal_evdata_cell'>\t\t\t\t\t\t\t\n\t\t\t\t\t\t\t\t\t\t<h3 class='evo_h3'><span class='evcal_evdata_icons'><i class='fa fa-clock-o'><\/i><\/span>Date<\/h3>\n\t\t\t\t\t\t\t\t\t\t<p>(Thursday) 10:00 am - 12:00 pm<\/p>\n\t\t\t\t\t\t\t\t\t<\/div>\n\t\t\t\t\t\t\t\t<\/div>\n\t\t\t\t\t\t\t<\/div><div class='evcal_col50'>\n\t\t\t\t\t\t\t\t<div class='evcal_evdata_row evo_location'>\n\t\t\t\t\t\t\t\t\t<span class='evcal_evdata_icons'><i class='fa fa-map-marker'><\/i><\/span>\n\t\t\t\t\t\t\t\t\t<div class='evcal_evdata_cell' data-loc_tax_id='4568'>\t\t\t\t\t\t\t\n\t\t\t\t\t\t\t\t\t\t<h3 class='evo_h3'><span class='evcal_evdata_icons'><i class='fa fa-map-marker'><\/i><\/span>Location<\/h3><p class='evo_location_name'>Biblioth\u00e8que Roberto Bola\u00f1o<\/p><p class='evo_location_address'><\/p>\n\t\t\t\t\t\t\t\t\t<\/div>\n\t\t\t\t\t\t\t\t<\/div>\n\t\t\t\t\t\t\t<\/div><div class='clear'><\/div>\n\t\t\t\t\t\t\t<\/div><\/div>\n\t\t\t\t\t\t<\/div>\t\t\t\t\t\t<div class='evo_metarow_ICS evorow bordb evcal_evdata_row'>\n\t\t\t\t\t\t\t<span class=\"evcal_evdata_icons\"><i class=\"fa fa-calendar\"><\/i><\/span>\n\t\t\t\t\t\t\t<div class='evcal_evdata_cell'>\n\t\t\t\t\t\t\t\t<p><a href=\"https:\/\/www.blanescostabrava.cat\/wp-admin\/admin-ajax.php?action=eventon_ics_download&amp;event_id=233725&amp;sunix=20260514T080000Z&amp;eunix=20260514T100000Z&amp;loca=&amp;locn=Biblioth\u00e8que Roberto Bola\u00f1o\" class=\"evo_ics_nCal\" title=\"Add to your calendar\">Calendar<\/a><a href=\"\/\/www.google.com\/calendar\/event?action=TEMPLATE&amp;text=Club+de+lecture+Bien-%C3%AAtre%3A+%22La+hija+%C3%BAnica+de+Guadalupe+Nettel%22&amp;dates=20260514T080000Z\/20260514T100000Z&amp;details=DATE+%3A+jeudi+14+maiHEURE+%3A+10%3A00+hLIEU+%3A+Biblioth%C3%A8que+Roberto+Bola%C3%B1o%0D%0AAnim%C3%A9+par+Isabel&amp;location=Biblioth%C3%A8que+Roberto+Bola%C3%B1o - \" target=\"_blank\" class=\"evo_ics_gCal\" title=\"Add to google calendar\">GoogleCal<\/a><\/p>\t\n\t\t\t\t\t\t\t<\/div>\t\t\t\t\t\t<\/div>\n\t\t\t\t\t\t<\/div><div class='clear end'><\/div><\/div><div id=\"event_234295\" class=\"eventon_list_event evo_eventtop  event hasbgimg\" data-event_id=\"234295\" data-time=\"1778785200-1780002000\" data-colr=\"#206177\" itemscope itemtype='http:\/\/schema.org\/Event' 26><div class=\"evo_boxtop\" style=\"background-image: url(https:\/\/www.blanescostabrava.cat\/wp-content\/uploads\/2019\/12\/biblioteca-comarcal.jpg); background-color:#206177;height:200px;\"><\/div><div class=\"evo_event_schema\" style=\"display:none\" ><a itemprop=\"url\" href=\"https:\/\/www.blanescostabrava.cat\/fr\/events\/projection-documentaire-ateneu-llavor-de-llibertat\/\"><\/a><span itemprop='name'  >Projection documentaire: \"Ateneu, llavor de llibertat\"<\/span><meta itemprop='image' content='https:\/\/www.blanescostabrava.cat\/wp-content\/uploads\/2019\/12\/biblioteca-comarcal.jpg' ><\/meta><meta itemprop='description' content='DATE : Les jeudis 14, 21 et 28 mai\r\n\r\nHEURE : 19h00\r\n\r\nLIEU : salle des actes de la Biblioth\u00e8que' ><\/meta><meta itemprop='startDate' content='2026-5-14' ><\/meta><meta itemprop='endDate' content='2026-5-28' ><\/meta><meta itemprop='eventStatus' content='on-schedule' ><\/meta><script type=\"application\/ld+json\">{\t\"@context\": \"http:\/\/schema.org\",\n\t\t\t\t\t\t\t  \t\"@type\": \"Event\",\n\t\t\t\t\t\t\t  \t\"name\": \"Projection documentaire: \"Ateneu, llavor de llibertat\"\",\n\t\t\t\t\t\t\t  \t\"startDate\": \"2026-5-14T19-19-00-00\",\n\t\t\t\t\t\t\t  \t\"endDate\": \"2026-5-28T21-21-00-00\",\n\t\t\t\t\t\t\t  \t\"image\":\"https:\/\/www.blanescostabrava.cat\/wp-content\/uploads\/2019\/12\/biblioteca-comarcal-300x194.jpg\",\n\t\t\t\t\t\t\t  \t\"description\":\"DATE : Les jeudis 14, 21 et 28 mai\r\n\r\nHEURE : 19h00\r\n\r\nLIEU : salle des actes de la Biblioth\u00e8que\",\n\t\t\t\t\t\t\t  \t\n\t\t\t\t\t\t\t }<\/script><\/div>\n\t\t\t\t<p class=\"desc_trig_outter\"><a data-gmap_status=\"null\" data-exlk=\"0\" style=\"border-color: #206177;padding-top: 215px;height: 310px;\" id=\"evc_1778785200234295\" class=\"desc_trig mul_val evcal_list_a\" data-ux_val=\"3\"  ><span class='event-img'><img src='https:\/\/www.blanescostabrava.cat\/wp-content\/uploads\/2019\/12\/biblioteca-comarcal.jpg'><\/span><span class='evcal_cblock ' data-bgcolor='#206177' data-smon='mai' data-syr='2026'><span class='evo_start '><em class='date'>14<\/em><em class='month'>mai<\/em><em class='time'><i t=\"y\">(mai 14)<\/i>7:00 pm<\/em><\/span><span class='evo_end '><em class='date'>28<\/em><em class='time'><i t=\"y\">(mai 28)<\/i>9:00 pm<\/em><\/span><em class='clear'><\/em><\/span><span class='evcal_desc evo_info hide_eventtopdata '  data-location_status=\"false\" ><span class='evo_above_title'><\/span><span class='evcal_desc2 evcal_event_title' itemprop='name'>Projection documentaire: \"Ateneu, llavor de llibertat\"<\/span><span class='evo_below_title'><\/span><span class='evcal_desc_info' ><\/span><span class='evcal_desc3'><\/span><\/span><em class='clear'><\/em><\/p><\/a><div class='event_description evcal_eventcard ' style=\"display:none\"><div class='evo_metarow_directimg'><img src='https:\/\/www.blanescostabrava.cat\/wp-content\/uploads\/2019\/12\/biblioteca-comarcal.jpg' alt=\"biblioteca_comarcal_blanes\"\/><\/div><div class='evo_metarow_details evorow evcal_evdata_row bordb evcal_event_details'>\n\t\t\t\t\t\t\t<div class=\"event_excerpt\" style=\"display:none\"><h3 class=\"padb5 evo_h3\">Description<\/h3><p>DATE : Les jeudis 14, 21 et 28 mai\r\n\r\nHEURE : 19h00\r\n\r\nLIEU : salle des actes de la Biblioth\u00e8que<\/p><\/div><span class='evcal_evdata_icons'><i class='fa fa-align-justify'><\/i><\/span>\n\t\t\t\t\t\t\t\n\t\t\t\t\t\t\t<div class='evcal_evdata_cell '><div class='eventon_full_description'>\n\t\t\t\t\t\t\t\t\t<h3 class='padb5 evo_h3'><span class='evcal_evdata_icons'><i class='fa fa-align-justify'><\/i><\/span>Description<\/h3><div class='eventon_desc_in' itemprop='description'>\n\t\t\t\t\t\t\t\t\t<p>DATE : Les jeudis 14, 21 et 28 mai<\/p>\n<p>HEURE : 19h00<\/p>\n<p>LIEU : salle des actes de la Biblioth\u00e8que<\/p>\n<\/div><div class='clear'><\/div>\n\t\t\t\t\t\t\t\t<\/div>\n\t\t\t\t\t\t\t<\/div>\n\t\t\t\t\t\t<\/div><div class='evo_metarow_time_location evorow bordb '>\n\t\t\t\t\t\t<div class='tb' >\n\t\t\t\t\t\t\t<div class='tbrow'>\n\t\t\t\t\t\t\t<div class='evcal_col50 bordr'>\n\t\t\t\t\t\t\t\t<div class='evcal_evdata_row evo_time'>\n\t\t\t\t\t\t\t\t\t<span class='evcal_evdata_icons'><i class='fa fa-clock-o'><\/i><\/span>\n\t\t\t\t\t\t\t\t\t<div class='evcal_evdata_cell'>\t\t\t\t\t\t\t\n\t\t\t\t\t\t\t\t\t\t<h3 class='evo_h3'><span class='evcal_evdata_icons'><i class='fa fa-clock-o'><\/i><\/span>Date<\/h3>\n\t\t\t\t\t\t\t\t\t\t<p>14 (Thursday) 7:00 pm - 28 (Thursday) 9:00 pm<\/p>\n\t\t\t\t\t\t\t\t\t<\/div>\n\t\t\t\t\t\t\t\t<\/div>\n\t\t\t\t\t\t\t<\/div><div class='evcal_col50'>\n\t\t\t\t\t\t\t\t<div class='evcal_evdata_row evo_location'>\n\t\t\t\t\t\t\t\t\t<span class='evcal_evdata_icons'><i class='fa fa-map-marker'><\/i><\/span>\n\t\t\t\t\t\t\t\t\t<div class='evcal_evdata_cell' data-loc_tax_id='6298'>\t\t\t\t\t\t\t\n\t\t\t\t\t\t\t\t\t\t<h3 class='evo_h3'><span class='evcal_evdata_icons'><i class='fa fa-map-marker'><\/i><\/span>Location<\/h3><p class='evo_location_name'>Salle des actes de la Biblioth\u00e8que<\/p><p class='evo_location_address'><\/p>\n\t\t\t\t\t\t\t\t\t<\/div>\n\t\t\t\t\t\t\t\t<\/div>\n\t\t\t\t\t\t\t<\/div><div class='clear'><\/div>\n\t\t\t\t\t\t\t<\/div><\/div>\n\t\t\t\t\t\t<\/div>\t\t\t\t\t\t<div class='evo_metarow_ICS evorow bordb evcal_evdata_row'>\n\t\t\t\t\t\t\t<span class=\"evcal_evdata_icons\"><i class=\"fa fa-calendar\"><\/i><\/span>\n\t\t\t\t\t\t\t<div class='evcal_evdata_cell'>\n\t\t\t\t\t\t\t\t<p><a href=\"https:\/\/www.blanescostabrava.cat\/wp-admin\/admin-ajax.php?action=eventon_ics_download&amp;event_id=234295&amp;sunix=20260514T170000Z&amp;eunix=20260528T190000Z&amp;loca=&amp;locn=Salle des actes de la Biblioth\u00e8que\" class=\"evo_ics_nCal\" title=\"Add to your calendar\">Calendar<\/a><a href=\"\/\/www.google.com\/calendar\/event?action=TEMPLATE&amp;text=Projection+documentaire%3A+%22Ateneu%2C+llavor+de+llibertat%22&amp;dates=20260514T170000Z\/20260528T190000Z&amp;details=DATE+%3A+Les+jeudis+14%2C+21+et+28+mai%0D%0A%0D%0AHEURE+%3A+19h00%0D%0A%0D%0ALIEU+%3A+salle+des+actes+de+la+Biblioth%C3%A8que&amp;location=Salle+des+actes+de+la+Biblioth%C3%A8que - \" target=\"_blank\" class=\"evo_ics_gCal\" title=\"Add to google calendar\">GoogleCal<\/a><\/p>\t\n\t\t\t\t\t\t\t<\/div>\t\t\t\t\t\t<\/div>\n\t\t\t\t\t\t<\/div><div class='clear end'><\/div><\/div><div id=\"event_234124\" class=\"eventon_list_event evo_eventtop  event hasbgimg\" data-event_id=\"234124\" data-time=\"1778788800-1778796000\" data-colr=\"#206177\" itemscope itemtype='http:\/\/schema.org\/Event' 27><div class=\"evo_boxtop\" style=\"background-image: url(https:\/\/www.blanescostabrava.cat\/wp-content\/uploads\/2026\/04\/cartell_sirat.jpg); background-color:#206177;height:200px;\"><\/div><div class=\"evo_event_schema\" style=\"display:none\" ><a itemprop=\"url\" href=\"https:\/\/www.blanescostabrava.cat\/fr\/events\/cycle-cinema-gaudi-sirat\/\"><\/a><span itemprop='name'  >Cycle cin\u00e9ma Gaud\u00ed: \"Sirat\"<\/span><meta itemprop='image' content='https:\/\/www.blanescostabrava.cat\/wp-content\/uploads\/2026\/04\/cartell_sirat.jpg' ><\/meta><meta itemprop='description' content='Cine\/Cinema\/Cin\u00e9ma\r\nDATE : 14 mai\r\nHEURE : 20h00\r\nLIEU : Teatre de Blanes\r\n' ><\/meta><meta itemprop='startDate' content='2026-5-14' ><\/meta><meta itemprop='endDate' content='2026-5-14' ><\/meta><meta itemprop='eventStatus' content='on-schedule' ><\/meta><script type=\"application\/ld+json\">{\t\"@context\": \"http:\/\/schema.org\",\n\t\t\t\t\t\t\t  \t\"@type\": \"Event\",\n\t\t\t\t\t\t\t  \t\"name\": \"Cycle cin\u00e9ma Gaud\u00ed: \"Sirat\"\",\n\t\t\t\t\t\t\t  \t\"startDate\": \"2026-5-14T20-20-00-00\",\n\t\t\t\t\t\t\t  \t\"endDate\": \"2026-5-14T22-22-00-00\",\n\t\t\t\t\t\t\t  \t\"image\":\"https:\/\/www.blanescostabrava.cat\/wp-content\/uploads\/2026\/04\/cartell_sirat-207x300.jpg\",\n\t\t\t\t\t\t\t  \t\"description\":\"Cine\/Cinema\/Cin\u00e9ma\r\nDATE : 14 mai\r\nHEURE : 20h00\r\nLIEU : Teatre de Blanes\r\n\",\n\t\t\t\t\t\t\t  \t\n\t\t\t\t\t\t\t }<\/script><\/div>\n\t\t\t\t<p class=\"desc_trig_outter\"><a data-gmap_status=\"null\" data-exlk=\"0\" style=\"border-color: #206177;padding-top: 215px;height: 310px;\" id=\"evc_1778788800234124\" class=\"desc_trig sin_val evcal_list_a\" data-ux_val=\"3\"  ><span class='event-img'><img src='https:\/\/www.blanescostabrava.cat\/wp-content\/uploads\/2026\/04\/cartell_sirat.jpg'><\/span><span class='evcal_cblock ' data-bgcolor='#206177' data-smon='mai' data-syr='2026'><span class='evo_start '><em class='date'>14<\/em><em class='month'>mai<\/em><em class='time'>8:00 pm<\/em><\/span><span class='evo_end only_time'><em class='time'>10:00 pm<\/em><\/span><em class='clear'><\/em><\/span><span class='evcal_desc evo_info hide_eventtopdata '  data-location_status=\"false\" ><span class='evo_above_title'><\/span><span class='evcal_desc2 evcal_event_title' itemprop='name'>Cycle cin\u00e9ma Gaud\u00ed: \"Sirat\"<\/span><span class='evo_below_title'><\/span><span class='evcal_desc_info' ><\/span><span class='evcal_desc3'><\/span><\/span><em class='clear'><\/em><\/p><\/a><div class='event_description evcal_eventcard ' style=\"display:none\"><div class='evo_metarow_directimg'><img src='https:\/\/www.blanescostabrava.cat\/wp-content\/uploads\/2026\/04\/cartell_sirat.jpg' \/><\/div><div class='evo_metarow_details evorow evcal_evdata_row bordb evcal_event_details'>\n\t\t\t\t\t\t\t<div class=\"event_excerpt\" style=\"display:none\"><h3 class=\"padb5 evo_h3\">Description<\/h3><p>Cine\/Cinema\/Cin\u00e9ma\r\nDATE : 14 mai\r\nHEURE : 20h00\r\nLIEU : Teatre de Blanes\r\n<\/p><\/div><span class='evcal_evdata_icons'><i class='fa fa-align-justify'><\/i><\/span>\n\t\t\t\t\t\t\t\n\t\t\t\t\t\t\t<div class='evcal_evdata_cell '><div class='eventon_full_description'>\n\t\t\t\t\t\t\t\t\t<h3 class='padb5 evo_h3'><span class='evcal_evdata_icons'><i class='fa fa-align-justify'><\/i><\/span>Description<\/h3><div class='eventon_desc_in' itemprop='description'>\n\t\t\t\t\t\t\t\t\t<p>Cine\/Cinema\/Cin\u00e9ma<\/p>\n<p data-start=\"412\" data-end=\"427\">DATE : 14 mai<\/p>\n<p data-start=\"429\" data-end=\"444\">HEURE : 20h00<\/p>\n<p data-start=\"446\" data-end=\"492\">LIEU : <span class=\"hover:entity-accent entity-underline inline cursor-pointer align-baseline\"><span class=\"whitespace-normal\">Teatre de Blanes<\/span><\/span><\/p>\n<p data-start=\"446\" data-end=\"492\"><img class=\"alignnone size-large wp-image-234106\" src=\"https:\/\/www.blanescostabrava.cat\/wp-content\/uploads\/2026\/04\/cartell_sirat-707x1024.jpg\" alt=\"\" width=\"707\" height=\"1024\" srcset=\"https:\/\/www.blanescostabrava.cat\/wp-content\/uploads\/2026\/04\/cartell_sirat-707x1024.jpg 707w, https:\/\/www.blanescostabrava.cat\/wp-content\/uploads\/2026\/04\/cartell_sirat-207x300.jpg 207w, https:\/\/www.blanescostabrava.cat\/wp-content\/uploads\/2026\/04\/cartell_sirat-104x150.jpg 104w, https:\/\/www.blanescostabrava.cat\/wp-content\/uploads\/2026\/04\/cartell_sirat-768x1113.jpg 768w, https:\/\/www.blanescostabrava.cat\/wp-content\/uploads\/2026\/04\/cartell_sirat-17x24.jpg 17w, https:\/\/www.blanescostabrava.cat\/wp-content\/uploads\/2026\/04\/cartell_sirat-25x36.jpg 25w, https:\/\/www.blanescostabrava.cat\/wp-content\/uploads\/2026\/04\/cartell_sirat-33x48.jpg 33w, https:\/\/www.blanescostabrava.cat\/wp-content\/uploads\/2026\/04\/cartell_sirat.jpg 966w\" sizes=\"(max-width: 707px) 100vw, 707px\" \/><\/p>\n<\/div><div class='clear'><\/div>\n\t\t\t\t\t\t\t\t<\/div>\n\t\t\t\t\t\t\t<\/div>\n\t\t\t\t\t\t<\/div><div class='evo_metarow_time_location evorow bordb '>\n\t\t\t\t\t\t<div class='tb' >\n\t\t\t\t\t\t\t<div class='tbrow'>\n\t\t\t\t\t\t\t<div class='evcal_col50 bordr'>\n\t\t\t\t\t\t\t\t<div class='evcal_evdata_row evo_time'>\n\t\t\t\t\t\t\t\t\t<span class='evcal_evdata_icons'><i class='fa fa-clock-o'><\/i><\/span>\n\t\t\t\t\t\t\t\t\t<div class='evcal_evdata_cell'>\t\t\t\t\t\t\t\n\t\t\t\t\t\t\t\t\t\t<h3 class='evo_h3'><span class='evcal_evdata_icons'><i class='fa fa-clock-o'><\/i><\/span>Date<\/h3>\n\t\t\t\t\t\t\t\t\t\t<p>(Thursday) 8:00 pm - 10:00 pm<\/p>\n\t\t\t\t\t\t\t\t\t<\/div>\n\t\t\t\t\t\t\t\t<\/div>\n\t\t\t\t\t\t\t<\/div><div class='evcal_col50'>\n\t\t\t\t\t\t\t\t<div class='evcal_evdata_row evo_location'>\n\t\t\t\t\t\t\t\t\t<span class='evcal_evdata_icons'><i class='fa fa-map-marker'><\/i><\/span>\n\t\t\t\t\t\t\t\t\t<div class='evcal_evdata_cell' data-loc_tax_id='6013'>\t\t\t\t\t\t\t\n\t\t\t\t\t\t\t\t\t\t<h3 class='evo_h3'><span class='evcal_evdata_icons'><i class='fa fa-map-marker'><\/i><\/span>Location<\/h3><p class='evo_location_name'>Teatre de Blanes<\/p><p class='evo_location_address'><\/p>\n\t\t\t\t\t\t\t\t\t<\/div>\n\t\t\t\t\t\t\t\t<\/div>\n\t\t\t\t\t\t\t<\/div><div class='clear'><\/div>\n\t\t\t\t\t\t\t<\/div><\/div>\n\t\t\t\t\t\t<\/div>\t\t\t\t\t\t<div class='evo_metarow_ICS evorow bordb evcal_evdata_row'>\n\t\t\t\t\t\t\t<span class=\"evcal_evdata_icons\"><i class=\"fa fa-calendar\"><\/i><\/span>\n\t\t\t\t\t\t\t<div class='evcal_evdata_cell'>\n\t\t\t\t\t\t\t\t<p><a href=\"https:\/\/www.blanescostabrava.cat\/wp-admin\/admin-ajax.php?action=eventon_ics_download&amp;event_id=234124&amp;sunix=20260514T180000Z&amp;eunix=20260514T200000Z&amp;loca=&amp;locn=Teatre de Blanes\" class=\"evo_ics_nCal\" title=\"Add to your calendar\">Calendar<\/a><a href=\"\/\/www.google.com\/calendar\/event?action=TEMPLATE&amp;text=Cycle+cin%C3%A9ma+Gaud%C3%AD%3A+%22Sirat%22&amp;dates=20260514T180000Z\/20260514T200000Z&amp;details=Cine%2FCinema%2FCin%C3%A9ma%0D%0ADATE+%3A+14+mai%0D%0AHEURE+%3A+20h00%0D%0ALIEU+%3A+Teatre+de+Blanes%0D%0A&amp;location=Teatre+de+Blanes - \" target=\"_blank\" class=\"evo_ics_gCal\" title=\"Add to google calendar\">GoogleCal<\/a><\/p>\t\n\t\t\t\t\t\t\t<\/div>\t\t\t\t\t\t<\/div>\n\t\t\t\t\t\t<\/div><div class='clear end'><\/div><\/div><div id=\"event_234136\" class=\"eventon_list_event evo_eventtop  event hasbgimg\" data-event_id=\"234136\" data-time=\"1778803201-1779062399\" data-colr=\"#206177\" itemscope itemtype='http:\/\/schema.org\/Event' 28><div class=\"evo_boxtop\" style=\"background-image: url(https:\/\/www.blanescostabrava.cat\/wp-content\/uploads\/2018\/04\/PORT-2-1.jpg); background-color:#206177;height:200px;\"><\/div><div class=\"evo_event_schema\" style=\"display:none\" ><a itemprop=\"url\" href=\"https:\/\/www.blanescostabrava.cat\/fr\/events\/foire-blanes-mar\/\"><\/a><span itemprop='name'  >Foire Blanes Mar<\/span><meta itemprop='image' content='https:\/\/www.blanescostabrava.cat\/wp-content\/uploads\/2018\/04\/PORT-2-1.jpg' ><\/meta><meta itemprop='description' content='Feria Blanes Mar\/Blanes Mar Fair\/Foire Blanes Mar\r\nDATE : Du 15 au 17 mai\r\nLIEU : Esplanade du port' ><\/meta><meta itemprop='startDate' content='2026-5-15' ><\/meta><meta itemprop='endDate' content='2026-5-17' ><\/meta><meta itemprop='eventStatus' content='on-schedule' ><\/meta><script type=\"application\/ld+json\">{\t\"@context\": \"http:\/\/schema.org\",\n\t\t\t\t\t\t\t  \t\"@type\": \"Event\",\n\t\t\t\t\t\t\t  \t\"name\": \"Foire Blanes Mar\",\n\t\t\t\t\t\t\t  \t\"startDate\": \"2026-5-15T00-00-00-00\",\n\t\t\t\t\t\t\t  \t\"endDate\": \"2026-5-17T23-23-59-00\",\n\t\t\t\t\t\t\t  \t\"image\":\"https:\/\/www.blanescostabrava.cat\/wp-content\/uploads\/2018\/04\/PORT-2-1-300x200.jpg\",\n\t\t\t\t\t\t\t  \t\"description\":\"Feria Blanes Mar\/Blanes Mar Fair\/Foire Blanes Mar\r\nDATE : Du 15 au 17 mai\r\nLIEU : Esplanade du port\",\n\t\t\t\t\t\t\t  \t\n\t\t\t\t\t\t\t }<\/script><\/div>\n\t\t\t\t<p class=\"desc_trig_outter\"><a data-gmap_status=\"null\" data-exlk=\"0\" style=\"border-color: #206177;padding-top: 215px;height: 310px;\" id=\"evc_1778803201234136\" class=\"desc_trig mul_val evcal_list_a\" data-ux_val=\"3\"  ><span class='event-img'><img src='https:\/\/www.blanescostabrava.cat\/wp-content\/uploads\/2018\/04\/PORT-2-1.jpg'><\/span><span class='evcal_cblock ' data-bgcolor='#206177' data-smon='mai' data-syr='2026'><span class='evo_start '><em class='date'>15<\/em><em class='month'>mai<\/em><em class='time'>allday<\/em><\/span><span class='evo_end '><em class='date'>17<\/em><\/span><em class='clear'><\/em><\/span><span class='evcal_desc evo_info hide_eventtopdata '  data-location_status=\"false\" ><span class='evo_above_title'><\/span><span class='evcal_desc2 evcal_event_title' itemprop='name'>Foire Blanes Mar<\/span><span class='evo_below_title'><\/span><span class='evcal_desc_info' ><\/span><span class='evcal_desc3'><\/span><\/span><em class='clear'><\/em><\/p><\/a><div class='event_description evcal_eventcard ' style=\"display:none\"><div class='evo_metarow_directimg'><img src='https:\/\/www.blanescostabrava.cat\/wp-content\/uploads\/2018\/04\/PORT-2-1.jpg' \/><\/div><div class='evo_metarow_details evorow evcal_evdata_row bordb evcal_event_details'>\n\t\t\t\t\t\t\t<div class=\"event_excerpt\" style=\"display:none\"><h3 class=\"padb5 evo_h3\">Description<\/h3><p>Feria Blanes Mar\/Blanes Mar Fair\/Foire Blanes Mar\r\nDATE : Du 15 au 17 mai\r\nLIEU : Esplanade du port<\/p><\/div><span class='evcal_evdata_icons'><i class='fa fa-align-justify'><\/i><\/span>\n\t\t\t\t\t\t\t\n\t\t\t\t\t\t\t<div class='evcal_evdata_cell '><div class='eventon_full_description'>\n\t\t\t\t\t\t\t\t\t<h3 class='padb5 evo_h3'><span class='evcal_evdata_icons'><i class='fa fa-align-justify'><\/i><\/span>Description<\/h3><div class='eventon_desc_in' itemprop='description'>\n\t\t\t\t\t\t\t\t\t<p>Feria Blanes Mar\/Blanes Mar Fair\/Foire Blanes Mar<\/p>\n<p data-start=\"292\" data-end=\"316\">DATE : Du 15 au 17 mai<\/p>\n<p data-start=\"318\" data-end=\"344\">LIEU : Esplanade du port<\/p>\n<\/div><div class='clear'><\/div>\n\t\t\t\t\t\t\t\t<\/div>\n\t\t\t\t\t\t\t<\/div>\n\t\t\t\t\t\t<\/div><div class='evo_metarow_time_location evorow bordb '>\n\t\t\t\t\t\t<div class='tb' >\n\t\t\t\t\t\t\t<div class='tbrow'>\n\t\t\t\t\t\t\t<div class='evcal_col50 bordr'>\n\t\t\t\t\t\t\t\t<div class='evcal_evdata_row evo_time'>\n\t\t\t\t\t\t\t\t\t<span class='evcal_evdata_icons'><i class='fa fa-clock-o'><\/i><\/span>\n\t\t\t\t\t\t\t\t\t<div class='evcal_evdata_cell'>\t\t\t\t\t\t\t\n\t\t\t\t\t\t\t\t\t\t<h3 class='evo_h3'><span class='evcal_evdata_icons'><i class='fa fa-clock-o'><\/i><\/span>Date<\/h3>\n\t\t\t\t\t\t\t\t\t\t<p>mai 15 (Friday) - 17 (Sunday)<\/p>\n\t\t\t\t\t\t\t\t\t<\/div>\n\t\t\t\t\t\t\t\t<\/div>\n\t\t\t\t\t\t\t<\/div><div class='evcal_col50'>\n\t\t\t\t\t\t\t\t<div class='evcal_evdata_row evo_location'>\n\t\t\t\t\t\t\t\t\t<span class='evcal_evdata_icons'><i class='fa fa-map-marker'><\/i><\/span>\n\t\t\t\t\t\t\t\t\t<div class='evcal_evdata_cell' data-loc_tax_id='3946'>\t\t\t\t\t\t\t\n\t\t\t\t\t\t\t\t\t\t<h3 class='evo_h3'><span class='evcal_evdata_icons'><i class='fa fa-map-marker'><\/i><\/span>Location<\/h3><p class='evo_location_name'>Esplanade du Port<\/p><p class='evo_location_address'><\/p>\n\t\t\t\t\t\t\t\t\t<\/div>\n\t\t\t\t\t\t\t\t<\/div>\n\t\t\t\t\t\t\t<\/div><div class='clear'><\/div>\n\t\t\t\t\t\t\t<\/div><\/div>\n\t\t\t\t\t\t<\/div>\t\t\t\t\t\t<div class='evo_metarow_ICS evorow bordb evcal_evdata_row'>\n\t\t\t\t\t\t\t<span class=\"evcal_evdata_icons\"><i class=\"fa fa-calendar\"><\/i><\/span>\n\t\t\t\t\t\t\t<div class='evcal_evdata_cell'>\n\t\t\t\t\t\t\t\t<p><a href=\"https:\/\/www.blanescostabrava.cat\/wp-admin\/admin-ajax.php?action=eventon_ics_download&amp;event_id=234136&amp;sunix=20260514T220000Z&amp;eunix=20260517T215900Z&amp;loca=&amp;locn=Esplanade du Port\" class=\"evo_ics_nCal\" title=\"Add to your calendar\">Calendar<\/a><a href=\"\/\/www.google.com\/calendar\/event?action=TEMPLATE&amp;text=Foire+Blanes+Mar&amp;dates=20260514T220000Z\/20260517T215900Z&amp;details=Feria+Blanes+Mar%2FBlanes+Mar+Fair%2FFoire+Blanes+Mar%0D%0ADATE+%3A+Du+15+au+17+mai%0D%0ALIEU+%3A+Esplanade+du+port&amp;location=Esplanade+du+Port - \" target=\"_blank\" class=\"evo_ics_gCal\" title=\"Add to google calendar\">GoogleCal<\/a><\/p>\t\n\t\t\t\t\t\t\t<\/div>\t\t\t\t\t\t<\/div>\n\t\t\t\t\t\t<\/div><div class='clear end'><\/div><\/div><div id=\"event_234148\" class=\"eventon_list_event evo_eventtop  event hasbgimg\" data-event_id=\"234148\" data-time=\"1778803201-1780185599\" data-colr=\"#206177\" itemscope itemtype='http:\/\/schema.org\/Event' 29><div class=\"evo_boxtop\" style=\"background-image: url(https:\/\/www.blanescostabrava.cat\/wp-content\/uploads\/2021\/02\/sala-saladrigas-blanes.jpg); background-color:#206177;height:200px;\"><\/div><div class=\"evo_event_schema\" style=\"display:none\" ><a itemprop=\"url\" href=\"https:\/\/www.blanescostabrava.cat\/fr\/events\/exposition-academia-dart-nantiga\/\"><\/a><span itemprop='name'  >Exposition: \"Acad\u00e8mia d\u2019Art n\u2019Antiga\"<\/span><meta itemprop='image' content='https:\/\/www.blanescostabrava.cat\/wp-content\/uploads\/2021\/02\/sala-saladrigas-blanes.jpg' ><\/meta><meta itemprop='description' content='Exposici\u00f3\/Exposici\u00f3n\/Exhibition\/Exposition\r\nDATE : Du 15 au 30 mai\r\nLIEU : Sala Ma Luisa Garc\u00eda - Tornel' ><\/meta><meta itemprop='startDate' content='2026-5-15' ><\/meta><meta itemprop='endDate' content='2026-5-30' ><\/meta><meta itemprop='eventStatus' content='on-schedule' ><\/meta><script type=\"application\/ld+json\">{\t\"@context\": \"http:\/\/schema.org\",\n\t\t\t\t\t\t\t  \t\"@type\": \"Event\",\n\t\t\t\t\t\t\t  \t\"name\": \"Exposition: \"Acad\u00e8mia d\u2019Art n\u2019Antiga\"\",\n\t\t\t\t\t\t\t  \t\"startDate\": \"2026-5-15T00-00-00-00\",\n\t\t\t\t\t\t\t  \t\"endDate\": \"2026-5-30T23-23-59-00\",\n\t\t\t\t\t\t\t  \t\"image\":\"https:\/\/www.blanescostabrava.cat\/wp-content\/uploads\/2021\/02\/sala-saladrigas-blanes-300x200.jpg\",\n\t\t\t\t\t\t\t  \t\"description\":\"Exposici\u00f3\/Exposici\u00f3n\/Exhibition\/Exposition\r\nDATE : Du 15 au 30 mai\r\nLIEU : Sala Ma Luisa Garc\u00eda - Tornel\",\n\t\t\t\t\t\t\t  \t\n\t\t\t\t\t\t\t }<\/script><\/div>\n\t\t\t\t<p class=\"desc_trig_outter\"><a data-gmap_status=\"null\" data-exlk=\"0\" style=\"border-color: #206177;padding-top: 215px;height: 310px;\" id=\"evc_1778803201234148\" class=\"desc_trig mul_val evcal_list_a\" data-ux_val=\"3\"  ><span class='event-img'><img src='https:\/\/www.blanescostabrava.cat\/wp-content\/uploads\/2021\/02\/sala-saladrigas-blanes.jpg'><\/span><span class='evcal_cblock ' data-bgcolor='#206177' data-smon='mai' data-syr='2026'><span class='evo_start '><em class='date'>15<\/em><em class='month'>mai<\/em><em class='time'>allday<\/em><\/span><span class='evo_end '><em class='date'>30<\/em><\/span><em class='clear'><\/em><\/span><span class='evcal_desc evo_info hide_eventtopdata '  data-location_status=\"false\" ><span class='evo_above_title'><\/span><span class='evcal_desc2 evcal_event_title' itemprop='name'>Exposition: \"Acad\u00e8mia d\u2019Art n\u2019Antiga\"<\/span><span class='evo_below_title'><\/span><span class='evcal_desc_info' ><\/span><span class='evcal_desc3'><\/span><\/span><em class='clear'><\/em><\/p><\/a><div class='event_description evcal_eventcard ' style=\"display:none\"><div class='evo_metarow_directimg'><img src='https:\/\/www.blanescostabrava.cat\/wp-content\/uploads\/2021\/02\/sala-saladrigas-blanes.jpg' alt=\"sala saladrigas blanes\"\/><\/div><div class='evo_metarow_details evorow evcal_evdata_row bordb evcal_event_details'>\n\t\t\t\t\t\t\t<div class=\"event_excerpt\" style=\"display:none\"><h3 class=\"padb5 evo_h3\">Description<\/h3><p>Exposici\u00f3\/Exposici\u00f3n\/Exhibition\/Exposition\r\nDATE : Du 15 au 30 mai\r\nLIEU : Sala Ma Luisa Garc\u00eda - Tornel<\/p><\/div><span class='evcal_evdata_icons'><i class='fa fa-align-justify'><\/i><\/span>\n\t\t\t\t\t\t\t\n\t\t\t\t\t\t\t<div class='evcal_evdata_cell '><div class='eventon_full_description'>\n\t\t\t\t\t\t\t\t\t<h3 class='padb5 evo_h3'><span class='evcal_evdata_icons'><i class='fa fa-align-justify'><\/i><\/span>Description<\/h3><div class='eventon_desc_in' itemprop='description'>\n\t\t\t\t\t\t\t\t\t<p>Exposici\u00f3\/Exposici\u00f3n\/Exhibition\/Exposition<\/p>\n<p data-start=\"434\" data-end=\"458\">DATE : Du 15 au 30 mai<\/p>\n<p data-start=\"460\" data-end=\"506\">LIEU : <span class=\"hover:entity-accent entity-underline inline cursor-pointer align-baseline\"><span class=\"whitespace-normal\">Sala Ma Luisa Garc\u00eda &#8211; Tornel<\/span><\/span><\/p>\n<\/div><div class='clear'><\/div>\n\t\t\t\t\t\t\t\t<\/div>\n\t\t\t\t\t\t\t<\/div>\n\t\t\t\t\t\t<\/div><div class='evo_metarow_time_location evorow bordb '>\n\t\t\t\t\t\t<div class='tb' >\n\t\t\t\t\t\t\t<div class='tbrow'>\n\t\t\t\t\t\t\t<div class='evcal_col50 bordr'>\n\t\t\t\t\t\t\t\t<div class='evcal_evdata_row evo_time'>\n\t\t\t\t\t\t\t\t\t<span class='evcal_evdata_icons'><i class='fa fa-clock-o'><\/i><\/span>\n\t\t\t\t\t\t\t\t\t<div class='evcal_evdata_cell'>\t\t\t\t\t\t\t\n\t\t\t\t\t\t\t\t\t\t<h3 class='evo_h3'><span class='evcal_evdata_icons'><i class='fa fa-clock-o'><\/i><\/span>Date<\/h3>\n\t\t\t\t\t\t\t\t\t\t<p>mai 15 (Friday) - 30 (Saturday)<\/p>\n\t\t\t\t\t\t\t\t\t<\/div>\n\t\t\t\t\t\t\t\t<\/div>\n\t\t\t\t\t\t\t<\/div><div class='evcal_col50'>\n\t\t\t\t\t\t\t\t<div class='evcal_evdata_row evo_location'>\n\t\t\t\t\t\t\t\t\t<span class='evcal_evdata_icons'><i class='fa fa-map-marker'><\/i><\/span>\n\t\t\t\t\t\t\t\t\t<div class='evcal_evdata_cell' data-loc_tax_id='4348'>\t\t\t\t\t\t\t\n\t\t\t\t\t\t\t\t\t\t<h3 class='evo_h3'><span class='evcal_evdata_icons'><i class='fa fa-map-marker'><\/i><\/span>Location<\/h3><p class='evo_location_name'>Sala Ma Luisa Garc\u00eda-Tornel<\/p><p class='evo_location_address'><\/p>\n\t\t\t\t\t\t\t\t\t<\/div>\n\t\t\t\t\t\t\t\t<\/div>\n\t\t\t\t\t\t\t<\/div><div class='clear'><\/div>\n\t\t\t\t\t\t\t<\/div><\/div>\n\t\t\t\t\t\t<\/div>\t\t\t\t\t\t<div class='evo_metarow_ICS evorow bordb evcal_evdata_row'>\n\t\t\t\t\t\t\t<span class=\"evcal_evdata_icons\"><i class=\"fa fa-calendar\"><\/i><\/span>\n\t\t\t\t\t\t\t<div class='evcal_evdata_cell'>\n\t\t\t\t\t\t\t\t<p><a href=\"https:\/\/www.blanescostabrava.cat\/wp-admin\/admin-ajax.php?action=eventon_ics_download&amp;event_id=234148&amp;sunix=20260514T220000Z&amp;eunix=20260530T215900Z&amp;loca=&amp;locn=Sala Ma Luisa Garc\u00eda-Tornel\" class=\"evo_ics_nCal\" title=\"Add to your calendar\">Calendar<\/a><a href=\"\/\/www.google.com\/calendar\/event?action=TEMPLATE&amp;text=Exposition%3A+%22Acad%C3%A8mia+d%E2%80%99Art+n%E2%80%99Antiga%22&amp;dates=20260514T220000Z\/20260530T215900Z&amp;details=Exposici%C3%B3%2FExposici%C3%B3n%2FExhibition%2FExposition%0D%0ADATE+%3A+Du+15+au+30+mai%0D%0ALIEU+%3A+Sala+Ma+Luisa+Garc%C3%ADa+-+Tornel&amp;location=Sala+Ma+Luisa+Garc%C3%ADa-Tornel - \" target=\"_blank\" class=\"evo_ics_gCal\" title=\"Add to google calendar\">GoogleCal<\/a><\/p>\t\n\t\t\t\t\t\t\t<\/div>\t\t\t\t\t\t<\/div>\n\t\t\t\t\t\t<\/div><div class='clear end'><\/div><\/div><div id=\"event_233932\" class=\"eventon_list_event evo_eventtop  event hasbgimg\" data-event_id=\"233932\" data-time=\"1778803201-1781222399\" data-colr=\"#206177\" itemscope itemtype='http:\/\/schema.org\/Event' 30><div class=\"evo_boxtop\" style=\"background-image: url(https:\/\/www.blanescostabrava.cat\/wp-content\/uploads\/2023\/07\/galerialarcada-2.jpeg); background-color:#206177;height:200px;\"><\/div><div class=\"evo_event_schema\" style=\"display:none\" ><a itemprop=\"url\" href=\"https:\/\/www.blanescostabrava.cat\/fr\/events\/exposition-palma-alvarino-escultors\/\"><\/a><span itemprop='name'  >Exposition \u201cPalma Alvari\u00f1o\/Escultors\u201d<\/span><meta itemprop='image' content='https:\/\/www.blanescostabrava.cat\/wp-content\/uploads\/2023\/07\/galerialarcada-2.jpeg' ><\/meta><meta itemprop='description' content='Exposici\u00f3\/Exposici\u00f3n\/Exhibition\/Exposition \u201cPalma Alvari\u00f1o\/Escultors\u201d\r\nDATE: 15\/05 - 11\/06\r\n\r\nLIEU: Galeria d\u2019art L\u2019Arcada' ><\/meta><meta itemprop='startDate' content='2026-5-15' ><\/meta><meta itemprop='endDate' content='2026-6-11' ><\/meta><meta itemprop='eventStatus' content='on-schedule' ><\/meta><script type=\"application\/ld+json\">{\t\"@context\": \"http:\/\/schema.org\",\n\t\t\t\t\t\t\t  \t\"@type\": \"Event\",\n\t\t\t\t\t\t\t  \t\"name\": \"Exposition \u201cPalma Alvari\u00f1o\/Escultors\u201d\",\n\t\t\t\t\t\t\t  \t\"startDate\": \"2026-5-15T00-00-00-00\",\n\t\t\t\t\t\t\t  \t\"endDate\": \"2026-6-11T23-23-59-00\",\n\t\t\t\t\t\t\t  \t\"image\":\"https:\/\/www.blanescostabrava.cat\/wp-content\/uploads\/2023\/07\/galerialarcada-2-300x164.jpeg\",\n\t\t\t\t\t\t\t  \t\"description\":\"Exposici\u00f3\/Exposici\u00f3n\/Exhibition\/Exposition \u201cPalma Alvari\u00f1o\/Escultors\u201d\r\nDATE: 15\/05 - 11\/06\r\n\r\nLIEU: Galeria d\u2019art L\u2019Arcada\",\n\t\t\t\t\t\t\t  \t\n\t\t\t\t\t\t\t }<\/script><\/div>\n\t\t\t\t<p class=\"desc_trig_outter\"><a data-gmap_status=\"null\" data-exlk=\"0\" style=\"border-color: #206177;padding-top: 215px;height: 310px;\" id=\"evc_1778803201233932\" class=\"desc_trig mul_val evcal_list_a\" data-ux_val=\"3\"  ><span class='event-img'><img src='https:\/\/www.blanescostabrava.cat\/wp-content\/uploads\/2023\/07\/galerialarcada-2.jpeg'><\/span><span class='evcal_cblock ' data-bgcolor='#206177' data-smon='mai' data-syr='2026'><span class='evo_start '><em class='date'>15<\/em><em class='month'>mai<\/em><em class='time'>allday<\/em><\/span><span class='evo_end '><em class='date'>11<\/em><em class='month'>jui<\/em><\/span><em class='clear'><\/em><\/span><span class='evcal_desc evo_info hide_eventtopdata '  data-location_status=\"false\" ><span class='evo_above_title'><\/span><span class='evcal_desc2 evcal_event_title' itemprop='name'>Exposition \u201cPalma Alvari\u00f1o\/Escultors\u201d<\/span><span class='evo_below_title'><\/span><span class='evcal_desc_info' ><\/span><span class='evcal_desc3'><\/span><\/span><em class='clear'><\/em><\/p><\/a><div class='event_description evcal_eventcard ' style=\"display:none\"><div class='evo_metarow_directimg'><img src='https:\/\/www.blanescostabrava.cat\/wp-content\/uploads\/2023\/07\/galerialarcada-2.jpeg' \/><\/div><div class='evo_metarow_details evorow evcal_evdata_row bordb evcal_event_details'>\n\t\t\t\t\t\t\t<div class=\"event_excerpt\" style=\"display:none\"><h3 class=\"padb5 evo_h3\">Description<\/h3><p>Exposici\u00f3\/Exposici\u00f3n\/Exhibition\/Exposition \u201cPalma Alvari\u00f1o\/Escultors\u201d\r\nDATE: 15\/05 - 11\/06\r\n\r\nLIEU: Galeria d\u2019art L\u2019Arcada<\/p><\/div><span class='evcal_evdata_icons'><i class='fa fa-align-justify'><\/i><\/span>\n\t\t\t\t\t\t\t\n\t\t\t\t\t\t\t<div class='evcal_evdata_cell '><div class='eventon_full_description'>\n\t\t\t\t\t\t\t\t\t<h3 class='padb5 evo_h3'><span class='evcal_evdata_icons'><i class='fa fa-align-justify'><\/i><\/span>Description<\/h3><div class='eventon_desc_in' itemprop='description'>\n\t\t\t\t\t\t\t\t\t<p data-pm-slice=\"1 1 []\">Exposici\u00f3\/Exposici\u00f3n\/Exhibition\/Exposition \u201cPalma Alvari\u00f1o\/Escultors\u201d<\/p>\n<p><strong>DATE:<\/strong> 15\/05 &#8211; 11\/06<\/p>\n<p><strong>LIEU:<\/strong> Galeria d\u2019art L\u2019Arcada<\/p>\n<\/div><div class='clear'><\/div>\n\t\t\t\t\t\t\t\t<\/div>\n\t\t\t\t\t\t\t<\/div>\n\t\t\t\t\t\t<\/div><div class='evo_metarow_time_location evorow bordb '>\n\t\t\t\t\t\t<div class='tb' >\n\t\t\t\t\t\t\t<div class='tbrow'>\n\t\t\t\t\t\t\t<div class='evcal_col50 bordr'>\n\t\t\t\t\t\t\t\t<div class='evcal_evdata_row evo_time'>\n\t\t\t\t\t\t\t\t\t<span class='evcal_evdata_icons'><i class='fa fa-clock-o'><\/i><\/span>\n\t\t\t\t\t\t\t\t\t<div class='evcal_evdata_cell'>\t\t\t\t\t\t\t\n\t\t\t\t\t\t\t\t\t\t<h3 class='evo_h3'><span class='evcal_evdata_icons'><i class='fa fa-clock-o'><\/i><\/span>Date<\/h3>\n\t\t\t\t\t\t\t\t\t\t<p>Mai 15 (Friday) - Juin 11 (Thursday)<\/p>\n\t\t\t\t\t\t\t\t\t<\/div>\n\t\t\t\t\t\t\t\t<\/div>\n\t\t\t\t\t\t\t<\/div><div class='evcal_col50'>\n\t\t\t\t\t\t\t\t<div class='evcal_evdata_row evo_location'>\n\t\t\t\t\t\t\t\t\t<span class='evcal_evdata_icons'><i class='fa fa-map-marker'><\/i><\/span>\n\t\t\t\t\t\t\t\t\t<div class='evcal_evdata_cell' data-loc_tax_id='2795'>\t\t\t\t\t\t\t\n\t\t\t\t\t\t\t\t\t\t<h3 class='evo_h3'><span class='evcal_evdata_icons'><i class='fa fa-map-marker'><\/i><\/span>Location<\/h3><p class='evo_location_name'>Galerie d&#039;art l&#039;Arcada<\/p><p class='evo_location_address'><\/p>\n\t\t\t\t\t\t\t\t\t<\/div>\n\t\t\t\t\t\t\t\t<\/div>\n\t\t\t\t\t\t\t<\/div><div class='clear'><\/div>\n\t\t\t\t\t\t\t<\/div><\/div>\n\t\t\t\t\t\t<\/div>\t\t\t\t\t\t<div class='evo_metarow_ICS evorow bordb evcal_evdata_row'>\n\t\t\t\t\t\t\t<span class=\"evcal_evdata_icons\"><i class=\"fa fa-calendar\"><\/i><\/span>\n\t\t\t\t\t\t\t<div class='evcal_evdata_cell'>\n\t\t\t\t\t\t\t\t<p><a href=\"https:\/\/www.blanescostabrava.cat\/wp-admin\/admin-ajax.php?action=eventon_ics_download&amp;event_id=233932&amp;sunix=20260514T220000Z&amp;eunix=20260611T215900Z&amp;loca=&amp;locn=Galerie d&#039;art l&#039;Arcada\" class=\"evo_ics_nCal\" title=\"Add to your calendar\">Calendar<\/a><a href=\"\/\/www.google.com\/calendar\/event?action=TEMPLATE&amp;text=Exposition+%E2%80%9CPalma+Alvari%C3%B1o%2FEscultors%E2%80%9D&amp;dates=20260514T220000Z\/20260611T215900Z&amp;details=Exposici%C3%B3%2FExposici%C3%B3n%2FExhibition%2FExposition+%E2%80%9CPalma+Alvari%C3%B1o%2FEscultors%E2%80%9D%0D%0ADATE%3A+15%2F05+-+11%2F06%0D%0A%0D%0ALIEU%3A+Galeria+d%E2%80%99art+L%E2%80%99Arcada&amp;location=Galerie+d%26%23039%3Bart+l%26%23039%3BArcada - \" target=\"_blank\" class=\"evo_ics_gCal\" title=\"Add to google calendar\">GoogleCal<\/a><\/p>\t\n\t\t\t\t\t\t\t<\/div>\t\t\t\t\t\t<\/div>\n\t\t\t\t\t\t<\/div><div class='clear end'><\/div><\/div><div id=\"event_234181\" class=\"eventon_list_event evo_eventtop  event hasbgimg\" data-event_id=\"234181\" data-time=\"1778839200-1778848200\" data-colr=\"#206177\" itemscope itemtype='http:\/\/schema.org\/Event' 31><div class=\"evo_boxtop\" style=\"background-image: url(https:\/\/www.blanescostabrava.cat\/wp-content\/uploads\/2026\/04\/Captura-de-pantalla-2026-04-30-a-les-12.16.18.png); background-color:#206177;height:200px;\"><\/div><div class=\"evo_event_schema\" style=\"display:none\" ><a itemprop=\"url\" href=\"https:\/\/www.blanescostabrava.cat\/fr\/events\/danse-dans-les-ecoles-9e-edition\/\"><\/a><span itemprop='name'  >Danse dans les \u00e9coles (9e \u00e9dition)<\/span><meta itemprop='image' content='https:\/\/www.blanescostabrava.cat\/wp-content\/uploads\/2026\/04\/Captura-de-pantalla-2026-04-30-a-les-12.16.18.png' ><\/meta><meta itemprop='description' content='DATE : 15 mai\r\nHEURE : de 10h00 \u00e0 12h30\r\nLIEU : Passeig de Mar' ><\/meta><meta itemprop='startDate' content='2026-5-15' ><\/meta><meta itemprop='endDate' content='2026-5-15' ><\/meta><meta itemprop='eventStatus' content='on-schedule' ><\/meta>\n\t\t\t\t\t\t\t\t\t<item style=\"display:none\" itemprop=\"location\" itemscope itemtype=\"http:\/\/schema.org\/Place\">\n\t\t\t\t\t\t\t\t\t\t<span itemprop=\"name\">Passeig de Mar<\/span>\n\t\t\t\t\t\t\t\t\t\t<span itemprop=\"address\" itemscope itemtype=\"http:\/\/schema.org\/PostalAddress\">\n\t\t\t\t\t\t\t\t\t\t\t<item itemprop=\"streetAddress\"><\/item>\n\t\t\t\t\t\t\t\t\t\t<\/span><\/item><script type=\"application\/ld+json\">{\t\"@context\": \"http:\/\/schema.org\",\n\t\t\t\t\t\t\t  \t\"@type\": \"Event\",\n\t\t\t\t\t\t\t  \t\"name\": \"Danse dans les \u00e9coles (9e \u00e9dition)\",\n\t\t\t\t\t\t\t  \t\"startDate\": \"2026-5-15T10-10-00-00\",\n\t\t\t\t\t\t\t  \t\"endDate\": \"2026-5-15T12-12-30-00\",\n\t\t\t\t\t\t\t  \t\"image\":\"https:\/\/www.blanescostabrava.cat\/wp-content\/uploads\/2026\/04\/Captura-de-pantalla-2026-04-30-a-les-12.16.18-300x203.png\",\n\t\t\t\t\t\t\t  \t\"description\":\"DATE : 15 mai\r\nHEURE : de 10h00 \u00e0 12h30\r\nLIEU : Passeig de Mar\",\n\t\t\t\t\t\t\t  \t\n\t\t\t\t\t\t\t }<\/script><\/div>\n\t\t\t\t<p class=\"desc_trig_outter\"><a data-gmap_status=\"null\" data-exlk=\"0\" style=\"border-color: #206177;padding-top: 215px;height: 310px;\" id=\"evc_1778839200234181\" class=\"desc_trig sin_val evcal_list_a\" data-ux_val=\"3\"  ><span class='event-img'><img src='https:\/\/www.blanescostabrava.cat\/wp-content\/uploads\/2026\/04\/Captura-de-pantalla-2026-04-30-a-les-12.16.18.png'><\/span><span class='evcal_cblock ' data-bgcolor='#206177' data-smon='mai' data-syr='2026'><span class='evo_start '><em class='date'>15<\/em><em class='month'>mai<\/em><em class='time'>10:00 am<\/em><\/span><span class='evo_end only_time'><em class='time'>12:30 pm<\/em><\/span><em class='clear'><\/em><\/span><span class='evcal_desc evo_info hide_eventtopdata ' data-latlng=\"41.672451,2.790810\"  data-location_address=\"\" data-location_type=\"lonlat\" data-location_name=\"Passeig de Mar\" data-location_status=\"true\" ><span class='evo_above_title'><\/span><span class='evcal_desc2 evcal_event_title' itemprop='name'>Danse dans les \u00e9coles (9e \u00e9dition)<\/span><span class='evo_below_title'><\/span><span class='evcal_desc_info' ><\/span><span class='evcal_desc3'><\/span><\/span><em class='clear'><\/em><\/p><\/a><div class='event_description evcal_eventcard ' style=\"display:none\"><div class='evo_metarow_directimg'><img src='https:\/\/www.blanescostabrava.cat\/wp-content\/uploads\/2026\/04\/Captura-de-pantalla-2026-04-30-a-les-12.16.18.png' \/><\/div><div class='evo_metarow_details evorow evcal_evdata_row bordb evcal_event_details'>\n\t\t\t\t\t\t\t<div class=\"event_excerpt\" style=\"display:none\"><h3 class=\"padb5 evo_h3\">Description<\/h3><p>DATE : 15 mai\r\nHEURE : de 10h00 \u00e0 12h30\r\nLIEU : Passeig de Mar<\/p><\/div><span class='evcal_evdata_icons'><i class='fa fa-align-justify'><\/i><\/span>\n\t\t\t\t\t\t\t\n\t\t\t\t\t\t\t<div class='evcal_evdata_cell '><div class='eventon_full_description'>\n\t\t\t\t\t\t\t\t\t<h3 class='padb5 evo_h3'><span class='evcal_evdata_icons'><i class='fa fa-align-justify'><\/i><\/span>Description<\/h3><div class='eventon_desc_in' itemprop='description'>\n\t\t\t\t\t\t\t\t\t<p data-start=\"426\" data-end=\"441\">DATE : 15 mai<\/p>\n<p data-start=\"443\" data-end=\"469\">HEURE : de 10h00 \u00e0 12h30<\/p>\n<p data-start=\"471\" data-end=\"517\">LIEU : <span class=\"hover:entity-accent entity-underline inline cursor-pointer align-baseline\"><span class=\"whitespace-normal\">Passeig de Mar<\/span><\/span><\/p>\n<\/div><div class='clear'><\/div>\n\t\t\t\t\t\t\t\t<\/div>\n\t\t\t\t\t\t\t<\/div>\n\t\t\t\t\t\t<\/div><div class='evo_metarow_time_location evorow bordb '>\n\t\t\t\t\t\t<div class='tb' >\n\t\t\t\t\t\t\t<div class='tbrow'>\n\t\t\t\t\t\t\t<div class='evcal_col50 bordr'>\n\t\t\t\t\t\t\t\t<div class='evcal_evdata_row evo_time'>\n\t\t\t\t\t\t\t\t\t<span class='evcal_evdata_icons'><i class='fa fa-clock-o'><\/i><\/span>\n\t\t\t\t\t\t\t\t\t<div class='evcal_evdata_cell'>\t\t\t\t\t\t\t\n\t\t\t\t\t\t\t\t\t\t<h3 class='evo_h3'><span class='evcal_evdata_icons'><i class='fa fa-clock-o'><\/i><\/span>Date<\/h3>\n\t\t\t\t\t\t\t\t\t\t<p>(Friday) 10:00 am - 12:30 pm<\/p>\n\t\t\t\t\t\t\t\t\t<\/div>\n\t\t\t\t\t\t\t\t<\/div>\n\t\t\t\t\t\t\t<\/div><div class='evcal_col50'>\n\t\t\t\t\t\t\t\t<div class='evcal_evdata_row evo_location'>\n\t\t\t\t\t\t\t\t\t<span class='evcal_evdata_icons'><i class='fa fa-map-marker'><\/i><\/span>\n\t\t\t\t\t\t\t\t\t<div class='evcal_evdata_cell' data-loc_tax_id='800'>\t\t\t\t\t\t\t\n\t\t\t\t\t\t\t\t\t\t<h3 class='evo_h3'><span class='evcal_evdata_icons'><i class='fa fa-map-marker'><\/i><\/span>Location<\/h3><p class='evo_location_name'>Passeig de Mar<\/p><p class='evo_location_address'><\/p>\n\t\t\t\t\t\t\t\t\t<\/div>\n\t\t\t\t\t\t\t\t<\/div>\n\t\t\t\t\t\t\t<\/div><div class='clear'><\/div>\n\t\t\t\t\t\t\t<\/div><\/div>\n\t\t\t\t\t\t<\/div>\t\t\t\t\t\t<div class='evo_metarow_ICS evorow bordb evcal_evdata_row'>\n\t\t\t\t\t\t\t<span class=\"evcal_evdata_icons\"><i class=\"fa fa-calendar\"><\/i><\/span>\n\t\t\t\t\t\t\t<div class='evcal_evdata_cell'>\n\t\t\t\t\t\t\t\t<p><a href=\"https:\/\/www.blanescostabrava.cat\/wp-admin\/admin-ajax.php?action=eventon_ics_download&amp;event_id=234181&amp;sunix=20260515T080000Z&amp;eunix=20260515T103000Z&amp;loca=&amp;locn=Passeig de Mar\" class=\"evo_ics_nCal\" title=\"Add to your calendar\">Calendar<\/a><a href=\"\/\/www.google.com\/calendar\/event?action=TEMPLATE&amp;text=Danse+dans+les+%C3%A9coles+%289e+%C3%A9dition%29&amp;dates=20260515T080000Z\/20260515T103000Z&amp;details=DATE+%3A+15+mai%0D%0AHEURE+%3A+de+10h00+%C3%A0+12h30%0D%0ALIEU+%3A+Passeig+de+Mar&amp;location=Passeig+de+Mar - \" target=\"_blank\" class=\"evo_ics_gCal\" title=\"Add to google calendar\">GoogleCal<\/a><\/p>\t\n\t\t\t\t\t\t\t<\/div>\t\t\t\t\t\t<\/div>\n\t\t\t\t\t\t<\/div><div class='clear end'><\/div><\/div><div id=\"event_233737\" class=\"eventon_list_event evo_eventtop  event hasbgimg\" data-event_id=\"233737\" data-time=\"1778866200-1778871600\" data-colr=\"#206177\" itemscope itemtype='http:\/\/schema.org\/Event' 32><div class=\"evo_boxtop\" style=\"background-image: url(https:\/\/www.blanescostabrava.cat\/wp-content\/uploads\/2020\/07\/cropped-BiblioBlanes_AidaMart\u00ednez2018-122.jpg); background-color:#206177;height:200px;\"><\/div><div class=\"evo_event_schema\" style=\"display:none\" ><a itemprop=\"url\" href=\"https:\/\/www.blanescostabrava.cat\/fr\/events\/club-de-lecture-jeunesse-nocea-atari-tika-de-ricard-efa\/\"><\/a><span itemprop='name'  >Club de Lecture Jeunesse: \"Noce\u00e0, Atari & Tika\" de Ricard Efa<\/span><meta itemprop='image' content='https:\/\/www.blanescostabrava.cat\/wp-content\/uploads\/2020\/07\/cropped-BiblioBlanes_AidaMart\u00ednez2018-122.jpg' ><\/meta><meta itemprop='description' content='DATE : vendredi 15 mai\r\nHEURE : 17h30\r\nLIEU : Biblioth\u00e8que Jeunesse\r\nPour les jeunes de 12 \u00e0 16 ans. Places limit\u00e9es. Informations et inscriptions' ><\/meta><meta itemprop='startDate' content='2026-5-15' ><\/meta><meta itemprop='endDate' content='2026-5-15' ><\/meta><meta itemprop='eventStatus' content='on-schedule' ><\/meta><script type=\"application\/ld+json\">{\t\"@context\": \"http:\/\/schema.org\",\n\t\t\t\t\t\t\t  \t\"@type\": \"Event\",\n\t\t\t\t\t\t\t  \t\"name\": \"Club de Lecture Jeunesse: \"Noce\u00e0, Atari & Tika\" de Ricard Efa\",\n\t\t\t\t\t\t\t  \t\"startDate\": \"2026-5-15T17-17-30-00\",\n\t\t\t\t\t\t\t  \t\"endDate\": \"2026-5-15T19-19-00-00\",\n\t\t\t\t\t\t\t  \t\"image\":\"https:\/\/www.blanescostabrava.cat\/wp-content\/uploads\/2020\/07\/cropped-BiblioBlanes_AidaMart\u00ednez2018-122-300x191.jpg\",\n\t\t\t\t\t\t\t  \t\"description\":\"DATE : vendredi 15 mai\r\nHEURE : 17h30\r\nLIEU : Biblioth\u00e8que Jeunesse\r\nPour les jeunes de 12 \u00e0 16 ans. Places limit\u00e9es. Informations et inscriptions\",\n\t\t\t\t\t\t\t  \t\n\t\t\t\t\t\t\t }<\/script><\/div>\n\t\t\t\t<p class=\"desc_trig_outter\"><a data-gmap_status=\"null\" data-exlk=\"0\" style=\"border-color: #206177;padding-top: 215px;height: 310px;\" id=\"evc_1778866200233737\" class=\"desc_trig sin_val evcal_list_a\" data-ux_val=\"3\"  ><span class='event-img'><img src='https:\/\/www.blanescostabrava.cat\/wp-content\/uploads\/2020\/07\/cropped-BiblioBlanes_AidaMart\u00ednez2018-122.jpg'><\/span><span class='evcal_cblock ' data-bgcolor='#206177' data-smon='mai' data-syr='2026'><span class='evo_start '><em class='date'>15<\/em><em class='month'>mai<\/em><em class='time'>5:30 pm<\/em><\/span><span class='evo_end only_time'><em class='time'>7:00 pm<\/em><\/span><em class='clear'><\/em><\/span><span class='evcal_desc evo_info hide_eventtopdata '  data-location_status=\"false\" ><span class='evo_above_title'><\/span><span class='evcal_desc2 evcal_event_title' itemprop='name'>Club de Lecture Jeunesse: \"Noce\u00e0, Atari & Tika\" de Ricard Efa<\/span><span class='evo_below_title'><\/span><span class='evcal_desc_info' ><\/span><span class='evcal_desc3'><\/span><\/span><em class='clear'><\/em><\/p><\/a><div class='event_description evcal_eventcard ' style=\"display:none\"><div class='evo_metarow_directimg'><img src='https:\/\/www.blanescostabrava.cat\/wp-content\/uploads\/2020\/07\/cropped-BiblioBlanes_AidaMart\u00ednez2018-122.jpg' alt=\"biblioteca blanes\"\/><\/div><div class='evo_metarow_details evorow evcal_evdata_row bordb evcal_event_details'>\n\t\t\t\t\t\t\t<div class=\"event_excerpt\" style=\"display:none\"><h3 class=\"padb5 evo_h3\">Description<\/h3><p>DATE : vendredi 15 mai\r\nHEURE : 17h30\r\nLIEU : Biblioth\u00e8que Jeunesse\r\nPour les jeunes de 12 \u00e0 16 ans. Places limit\u00e9es. Informations et inscriptions<\/p><\/div><span class='evcal_evdata_icons'><i class='fa fa-align-justify'><\/i><\/span>\n\t\t\t\t\t\t\t\n\t\t\t\t\t\t\t<div class='evcal_evdata_cell shorter_desc'><div class='eventon_details_shading_bot'>\n\t\t\t\t\t\t\t\t<p class='eventon_shad_p' content='less'><span class='ev_more_text' data-txt='less'>more<\/span><span class='ev_more_arrow'><\/span><\/p>\n\t\t\t\t\t\t\t<\/div><div class='eventon_full_description'>\n\t\t\t\t\t\t\t\t\t<h3 class='padb5 evo_h3'><span class='evcal_evdata_icons'><i class='fa fa-align-justify'><\/i><\/span>Description<\/h3><div class='eventon_desc_in' itemprop='description'>\n\t\t\t\t\t\t\t\t\t<p data-start=\"881\" data-end=\"905\">DATE : vendredi 15 mai<\/p>\n<p data-start=\"907\" data-end=\"922\">HEURE : 17h30<\/p>\n<p data-start=\"924\" data-end=\"954\">LIEU : Biblioth\u00e8que Jeunesse<\/p>\n<p data-start=\"956\" data-end=\"1054\">Pour les jeunes de 12 \u00e0 16 ans. Places limit\u00e9es. Informations et inscriptions \u00e0 la biblioth\u00e8que.<\/p>\n<p data-start=\"1056\" data-end=\"1149\">Plus d\u2019informations sur le blog : <a class=\"decorated-link\" href=\"https:\/\/biblioteca.blanes.cat\/salajove\/club-lectura-jove\/\" target=\"_new\" rel=\"noopener\" data-start=\"1090\" data-end=\"1147\">https:\/\/biblioteca.blanes.cat\/salajove\/club-lectura-jove\/<\/a><\/p>\n<\/div><div class='clear'><\/div>\n\t\t\t\t\t\t\t\t<\/div>\n\t\t\t\t\t\t\t<\/div>\n\t\t\t\t\t\t<\/div><div class='evo_metarow_time_location evorow bordb '>\n\t\t\t\t\t\t<div class='tb' >\n\t\t\t\t\t\t\t<div class='tbrow'>\n\t\t\t\t\t\t\t<div class='evcal_col50 bordr'>\n\t\t\t\t\t\t\t\t<div class='evcal_evdata_row evo_time'>\n\t\t\t\t\t\t\t\t\t<span class='evcal_evdata_icons'><i class='fa fa-clock-o'><\/i><\/span>\n\t\t\t\t\t\t\t\t\t<div class='evcal_evdata_cell'>\t\t\t\t\t\t\t\n\t\t\t\t\t\t\t\t\t\t<h3 class='evo_h3'><span class='evcal_evdata_icons'><i class='fa fa-clock-o'><\/i><\/span>Date<\/h3>\n\t\t\t\t\t\t\t\t\t\t<p>(Friday) 5:30 pm - 7:00 pm<\/p>\n\t\t\t\t\t\t\t\t\t<\/div>\n\t\t\t\t\t\t\t\t<\/div>\n\t\t\t\t\t\t\t<\/div><div class='evcal_col50'>\n\t\t\t\t\t\t\t\t<div class='evcal_evdata_row evo_location'>\n\t\t\t\t\t\t\t\t\t<span class='evcal_evdata_icons'><i class='fa fa-map-marker'><\/i><\/span>\n\t\t\t\t\t\t\t\t\t<div class='evcal_evdata_cell' data-loc_tax_id='3048'>\t\t\t\t\t\t\t\n\t\t\t\t\t\t\t\t\t\t<h3 class='evo_h3'><span class='evcal_evdata_icons'><i class='fa fa-map-marker'><\/i><\/span>Location<\/h3><p class='evo_location_name'>Biblioth\u00e8que Jeunesse<\/p><p class='evo_location_address'><\/p>\n\t\t\t\t\t\t\t\t\t<\/div>\n\t\t\t\t\t\t\t\t<\/div>\n\t\t\t\t\t\t\t<\/div><div class='clear'><\/div>\n\t\t\t\t\t\t\t<\/div><\/div>\n\t\t\t\t\t\t<\/div>\t\t\t\t\t\t<div class='evo_metarow_ICS evorow bordb evcal_evdata_row'>\n\t\t\t\t\t\t\t<span class=\"evcal_evdata_icons\"><i class=\"fa fa-calendar\"><\/i><\/span>\n\t\t\t\t\t\t\t<div class='evcal_evdata_cell'>\n\t\t\t\t\t\t\t\t<p><a href=\"https:\/\/www.blanescostabrava.cat\/wp-admin\/admin-ajax.php?action=eventon_ics_download&amp;event_id=233737&amp;sunix=20260515T153000Z&amp;eunix=20260515T170000Z&amp;loca=&amp;locn=Biblioth\u00e8que Jeunesse\" class=\"evo_ics_nCal\" title=\"Add to your calendar\">Calendar<\/a><a href=\"\/\/www.google.com\/calendar\/event?action=TEMPLATE&amp;text=Club+de+Lecture+Jeunesse%3A+%22Noce%C3%A0%2C+Atari+%26+Tika%22+de+Ricard+Efa&amp;dates=20260515T153000Z\/20260515T170000Z&amp;details=DATE+%3A+vendredi+15+mai%0D%0AHEURE+%3A+17h30%0D%0ALIEU+%3A+Biblioth%C3%A8que+Jeunesse%0D%0APour+les+jeunes+de+12+%C3%A0+16+ans.+Places+limit%C3%A9es.+Informations+et+inscriptions&amp;location=Biblioth%C3%A8que+Jeunesse - \" target=\"_blank\" class=\"evo_ics_gCal\" title=\"Add to google calendar\">GoogleCal<\/a><\/p>\t\n\t\t\t\t\t\t\t<\/div>\t\t\t\t\t\t<\/div>\n\t\t\t\t\t\t<\/div><div class='clear end'><\/div><\/div><div id=\"event_234214\" class=\"eventon_list_event evo_eventtop  event hasbgimg\" data-event_id=\"234214\" data-time=\"1778875200-1778882400\" data-colr=\"#206177\" itemscope itemtype='http:\/\/schema.org\/Event' 33><div class=\"evo_boxtop\" style=\"background-image: url(https:\/\/www.blanescostabrava.cat\/wp-content\/uploads\/2026\/04\/681910454_18436682947142634_4247292635772222036_n.webp); background-color:#206177;height:200px;\"><\/div><div class=\"evo_event_schema\" style=\"display:none\" ><a itemprop=\"url\" href=\"https:\/\/www.blanescostabrava.cat\/fr\/events\/theatre-comedie-paneroles\/\"><\/a><span itemprop='name'  >Th\u00e9\u00e2tre - com\u00e9die: \"Paneroles\"<\/span><meta itemprop='image' content='https:\/\/www.blanescostabrava.cat\/wp-content\/uploads\/2026\/04\/681910454_18436682947142634_4247292635772222036_n.webp' ><\/meta><meta itemprop='description' content='DATE : 15 mai\r\nHEURE : 20h00\r\nLIEU : Teatre de Blanes\r\nBillets en vente sur : ' ><\/meta><meta itemprop='startDate' content='2026-5-15' ><\/meta><meta itemprop='endDate' content='2026-5-15' ><\/meta><meta itemprop='eventStatus' content='on-schedule' ><\/meta><script type=\"application\/ld+json\">{\t\"@context\": \"http:\/\/schema.org\",\n\t\t\t\t\t\t\t  \t\"@type\": \"Event\",\n\t\t\t\t\t\t\t  \t\"name\": \"Th\u00e9\u00e2tre - com\u00e9die: \"Paneroles\"\",\n\t\t\t\t\t\t\t  \t\"startDate\": \"2026-5-15T20-20-00-00\",\n\t\t\t\t\t\t\t  \t\"endDate\": \"2026-5-15T22-22-00-00\",\n\t\t\t\t\t\t\t  \t\"image\":\"https:\/\/www.blanescostabrava.cat\/wp-content\/uploads\/2026\/04\/681910454_18436682947142634_4247292635772222036_n-240x300.webp\",\n\t\t\t\t\t\t\t  \t\"description\":\"DATE : 15 mai\r\nHEURE : 20h00\r\nLIEU : Teatre de Blanes\r\nBillets en vente sur : \",\n\t\t\t\t\t\t\t  \t\n\t\t\t\t\t\t\t }<\/script><\/div>\n\t\t\t\t<p class=\"desc_trig_outter\"><a data-gmap_status=\"null\" data-exlk=\"0\" style=\"border-color: #206177;padding-top: 215px;height: 310px;\" id=\"evc_1778875200234214\" class=\"desc_trig sin_val evcal_list_a\" data-ux_val=\"3\"  ><span class='event-img'><img src='https:\/\/www.blanescostabrava.cat\/wp-content\/uploads\/2026\/04\/681910454_18436682947142634_4247292635772222036_n.webp'><\/span><span class='evcal_cblock ' data-bgcolor='#206177' data-smon='mai' data-syr='2026'><span class='evo_start '><em class='date'>15<\/em><em class='month'>mai<\/em><em class='time'>8:00 pm<\/em><\/span><span class='evo_end only_time'><em class='time'>10:00 pm<\/em><\/span><em class='clear'><\/em><\/span><span class='evcal_desc evo_info hide_eventtopdata '  data-location_status=\"false\" ><span class='evo_above_title'><\/span><span class='evcal_desc2 evcal_event_title' itemprop='name'>Th\u00e9\u00e2tre - com\u00e9die: \"Paneroles\"<\/span><span class='evo_below_title'><\/span><span class='evcal_desc_info' ><\/span><span class='evcal_desc3'><\/span><\/span><em class='clear'><\/em><\/p><\/a><div class='event_description evcal_eventcard ' style=\"display:none\"><div class='evo_metarow_directimg'><img src='https:\/\/www.blanescostabrava.cat\/wp-content\/uploads\/2026\/04\/681910454_18436682947142634_4247292635772222036_n.webp' \/><\/div><div class='evo_metarow_details evorow evcal_evdata_row bordb evcal_event_details'>\n\t\t\t\t\t\t\t<div class=\"event_excerpt\" style=\"display:none\"><h3 class=\"padb5 evo_h3\">Description<\/h3><p>DATE : 15 mai\r\nHEURE : 20h00\r\nLIEU : Teatre de Blanes\r\nBillets en vente sur : <\/p><\/div><span class='evcal_evdata_icons'><i class='fa fa-align-justify'><\/i><\/span>\n\t\t\t\t\t\t\t\n\t\t\t\t\t\t\t<div class='evcal_evdata_cell shorter_desc'><div class='eventon_details_shading_bot'>\n\t\t\t\t\t\t\t\t<p class='eventon_shad_p' content='less'><span class='ev_more_text' data-txt='less'>more<\/span><span class='ev_more_arrow'><\/span><\/p>\n\t\t\t\t\t\t\t<\/div><div class='eventon_full_description'>\n\t\t\t\t\t\t\t\t\t<h3 class='padb5 evo_h3'><span class='evcal_evdata_icons'><i class='fa fa-align-justify'><\/i><\/span>Description<\/h3><div class='eventon_desc_in' itemprop='description'>\n\t\t\t\t\t\t\t\t\t<p data-start=\"524\" data-end=\"539\">DATE : 15 mai<\/p>\n<p data-start=\"541\" data-end=\"556\">HEURE : 20h00<\/p>\n<p data-start=\"558\" data-end=\"604\">LIEU : <span class=\"hover:entity-accent entity-underline inline cursor-pointer align-baseline\"><span class=\"whitespace-normal\">Teatre de Blanes<\/span><\/span><\/p>\n<p data-start=\"606\" data-end=\"657\">Billets en vente sur : <a class=\"decorated-link\" href=\"https:\/\/www.entrapolis.com\" target=\"_new\" rel=\"noopener\" data-start=\"629\" data-end=\"655\">https:\/\/www.entrapolis.com<\/a><\/p>\n<p data-start=\"606\" data-end=\"657\"><img class=\"alignnone size-large wp-image-234196\" src=\"https:\/\/www.blanescostabrava.cat\/wp-content\/uploads\/2026\/04\/681910454_18436682947142634_4247292635772222036_n-819x1024.webp\" alt=\"\" width=\"819\" height=\"1024\" srcset=\"https:\/\/www.blanescostabrava.cat\/wp-content\/uploads\/2026\/04\/681910454_18436682947142634_4247292635772222036_n-819x1024.webp 819w, https:\/\/www.blanescostabrava.cat\/wp-content\/uploads\/2026\/04\/681910454_18436682947142634_4247292635772222036_n-240x300.webp 240w, https:\/\/www.blanescostabrava.cat\/wp-content\/uploads\/2026\/04\/681910454_18436682947142634_4247292635772222036_n-120x150.webp 120w, https:\/\/www.blanescostabrava.cat\/wp-content\/uploads\/2026\/04\/681910454_18436682947142634_4247292635772222036_n-768x960.webp 768w, https:\/\/www.blanescostabrava.cat\/wp-content\/uploads\/2026\/04\/681910454_18436682947142634_4247292635772222036_n-19x24.webp 19w, https:\/\/www.blanescostabrava.cat\/wp-content\/uploads\/2026\/04\/681910454_18436682947142634_4247292635772222036_n-29x36.webp 29w, https:\/\/www.blanescostabrava.cat\/wp-content\/uploads\/2026\/04\/681910454_18436682947142634_4247292635772222036_n-38x48.webp 38w, https:\/\/www.blanescostabrava.cat\/wp-content\/uploads\/2026\/04\/681910454_18436682947142634_4247292635772222036_n.webp 1080w\" sizes=\"(max-width: 819px) 100vw, 819px\" \/><\/p>\n<\/div><div class='clear'><\/div>\n\t\t\t\t\t\t\t\t<\/div>\n\t\t\t\t\t\t\t<\/div>\n\t\t\t\t\t\t<\/div><div class='evo_metarow_time_location evorow bordb '>\n\t\t\t\t\t\t<div class='tb' >\n\t\t\t\t\t\t\t<div class='tbrow'>\n\t\t\t\t\t\t\t<div class='evcal_col50 bordr'>\n\t\t\t\t\t\t\t\t<div class='evcal_evdata_row evo_time'>\n\t\t\t\t\t\t\t\t\t<span class='evcal_evdata_icons'><i class='fa fa-clock-o'><\/i><\/span>\n\t\t\t\t\t\t\t\t\t<div class='evcal_evdata_cell'>\t\t\t\t\t\t\t\n\t\t\t\t\t\t\t\t\t\t<h3 class='evo_h3'><span class='evcal_evdata_icons'><i class='fa fa-clock-o'><\/i><\/span>Date<\/h3>\n\t\t\t\t\t\t\t\t\t\t<p>(Friday) 8:00 pm - 10:00 pm<\/p>\n\t\t\t\t\t\t\t\t\t<\/div>\n\t\t\t\t\t\t\t\t<\/div>\n\t\t\t\t\t\t\t<\/div><div class='evcal_col50'>\n\t\t\t\t\t\t\t\t<div class='evcal_evdata_row evo_location'>\n\t\t\t\t\t\t\t\t\t<span class='evcal_evdata_icons'><i class='fa fa-map-marker'><\/i><\/span>\n\t\t\t\t\t\t\t\t\t<div class='evcal_evdata_cell' data-loc_tax_id='6013'>\t\t\t\t\t\t\t\n\t\t\t\t\t\t\t\t\t\t<h3 class='evo_h3'><span class='evcal_evdata_icons'><i class='fa fa-map-marker'><\/i><\/span>Location<\/h3><p class='evo_location_name'>Teatre de Blanes<\/p><p class='evo_location_address'><\/p>\n\t\t\t\t\t\t\t\t\t<\/div>\n\t\t\t\t\t\t\t\t<\/div>\n\t\t\t\t\t\t\t<\/div><div class='clear'><\/div>\n\t\t\t\t\t\t\t<\/div><\/div>\n\t\t\t\t\t\t<\/div>\t\t\t\t\t\t<div class='evo_metarow_ICS evorow bordb evcal_evdata_row'>\n\t\t\t\t\t\t\t<span class=\"evcal_evdata_icons\"><i class=\"fa fa-calendar\"><\/i><\/span>\n\t\t\t\t\t\t\t<div class='evcal_evdata_cell'>\n\t\t\t\t\t\t\t\t<p><a href=\"https:\/\/www.blanescostabrava.cat\/wp-admin\/admin-ajax.php?action=eventon_ics_download&amp;event_id=234214&amp;sunix=20260515T180000Z&amp;eunix=20260515T200000Z&amp;loca=&amp;locn=Teatre de Blanes\" class=\"evo_ics_nCal\" title=\"Add to your calendar\">Calendar<\/a><a href=\"\/\/www.google.com\/calendar\/event?action=TEMPLATE&amp;text=Th%C3%A9%C3%A2tre+-+com%C3%A9die%3A+%22Paneroles%22&amp;dates=20260515T180000Z\/20260515T200000Z&amp;details=DATE+%3A+15+mai%0D%0AHEURE+%3A+20h00%0D%0ALIEU+%3A+Teatre+de+Blanes%0D%0ABillets+en+vente+sur+%3A+&amp;location=Teatre+de+Blanes - \" target=\"_blank\" class=\"evo_ics_gCal\" title=\"Add to google calendar\">GoogleCal<\/a><\/p>\t\n\t\t\t\t\t\t\t<\/div>\t\t\t\t\t\t<\/div>\n\t\t\t\t\t\t<\/div><div class='clear end'><\/div><\/div><div id=\"event_233839\" class=\"eventon_list_event evo_eventtop  event hasbgimg\" data-event_id=\"233839\" data-time=\"1778889601-1778975999\" data-colr=\"#206177\" itemscope itemtype='http:\/\/schema.org\/Event' 34><div class=\"evo_boxtop\" style=\"background-image: url(https:\/\/www.blanescostabrava.cat\/wp-content\/uploads\/2026\/04\/casino_1.jpg); background-color:#206177;height:200px;\"><\/div><div class=\"evo_event_schema\" style=\"display:none\" ><a itemprop=\"url\" href=\"https:\/\/www.blanescostabrava.cat\/fr\/events\/journee-portes-ouvertes-au-casino-de-blanes\/\"><\/a><span itemprop='name'  >Journ\u00e9e portes ouvertes au Casino de Blanes<\/span><meta itemprop='image' content='https:\/\/www.blanescostabrava.cat\/wp-content\/uploads\/2026\/04\/casino_1.jpg' ><\/meta><meta itemprop='description' content='DATE : samedi 16 mai\r\nPlaces limit\u00e9es. Inscriptions \u00e0 la Biblioth\u00e8que.' ><\/meta><meta itemprop='startDate' content='2026-5-16' ><\/meta><meta itemprop='endDate' content='2026-5-16' ><\/meta><meta itemprop='eventStatus' content='on-schedule' ><\/meta><script type=\"application\/ld+json\">{\t\"@context\": \"http:\/\/schema.org\",\n\t\t\t\t\t\t\t  \t\"@type\": \"Event\",\n\t\t\t\t\t\t\t  \t\"name\": \"Journ\u00e9e portes ouvertes au Casino de Blanes\",\n\t\t\t\t\t\t\t  \t\"startDate\": \"2026-5-16T00-00-00-00\",\n\t\t\t\t\t\t\t  \t\"endDate\": \"2026-5-16T23-23-59-00\",\n\t\t\t\t\t\t\t  \t\"image\":\"https:\/\/www.blanescostabrava.cat\/wp-content\/uploads\/2026\/04\/casino_1-300x152.jpg\",\n\t\t\t\t\t\t\t  \t\"description\":\"DATE : samedi 16 mai\r\nPlaces limit\u00e9es. Inscriptions \u00e0 la Biblioth\u00e8que.\",\n\t\t\t\t\t\t\t  \t\n\t\t\t\t\t\t\t }<\/script><\/div>\n\t\t\t\t<p class=\"desc_trig_outter\"><a data-gmap_status=\"null\" data-exlk=\"0\" style=\"border-color: #206177;padding-top: 215px;height: 310px;\" id=\"evc_1778889601233839\" class=\"desc_trig sin_val evcal_list_a\" data-ux_val=\"3\"  ><span class='event-img'><img src='https:\/\/www.blanescostabrava.cat\/wp-content\/uploads\/2026\/04\/casino_1.jpg'><\/span><span class='evcal_cblock ' data-bgcolor='#206177' data-smon='mai' data-syr='2026'><span class='evo_start '><em class='date'>16<\/em><em class='month'>mai<\/em><em class='time'>allday<\/em><\/span><em class='clear'><\/em><\/span><span class='evcal_desc evo_info hide_eventtopdata '  data-location_status=\"false\" ><span class='evo_above_title'><\/span><span class='evcal_desc2 evcal_event_title' itemprop='name'>Journ\u00e9e portes ouvertes au Casino de Blanes<\/span><span class='evo_below_title'><\/span><span class='evcal_desc_info' ><\/span><span class='evcal_desc3'><\/span><\/span><em class='clear'><\/em><\/p><\/a><div class='event_description evcal_eventcard ' style=\"display:none\"><div class='evo_metarow_directimg'><img src='https:\/\/www.blanescostabrava.cat\/wp-content\/uploads\/2026\/04\/casino_1.jpg' \/><\/div><div class='evo_metarow_details evorow evcal_evdata_row bordb evcal_event_details'>\n\t\t\t\t\t\t\t<div class=\"event_excerpt\" style=\"display:none\"><h3 class=\"padb5 evo_h3\">Description<\/h3><p>DATE : samedi 16 mai\r\nPlaces limit\u00e9es. Inscriptions \u00e0 la Biblioth\u00e8que.<\/p><\/div><span class='evcal_evdata_icons'><i class='fa fa-align-justify'><\/i><\/span>\n\t\t\t\t\t\t\t\n\t\t\t\t\t\t\t<div class='evcal_evdata_cell '><div class='eventon_full_description'>\n\t\t\t\t\t\t\t\t\t<h3 class='padb5 evo_h3'><span class='evcal_evdata_icons'><i class='fa fa-align-justify'><\/i><\/span>Description<\/h3><div class='eventon_desc_in' itemprop='description'>\n\t\t\t\t\t\t\t\t\t<p data-start=\"421\" data-end=\"443\">DATE : samedi 16 mai<\/p>\n<p data-start=\"445\" data-end=\"495\">Places limit\u00e9es. Inscriptions \u00e0 la Biblioth\u00e8que.<\/p>\n<\/div><div class='clear'><\/div>\n\t\t\t\t\t\t\t\t<\/div>\n\t\t\t\t\t\t\t<\/div>\n\t\t\t\t\t\t<\/div><div class='evo_metarow_time evorow evcal_evdata_row bordb evcal_evrow_sm '>\n\t\t\t\t\t\t\t<span class='evcal_evdata_icons'><i class='fa fa-clock-o'><\/i><\/span>\n\t\t\t\t\t\t\t<div class='evcal_evdata_cell'>\t\t\t\t\t\t\t\n\t\t\t\t\t\t\t\t<h3 class='evo_h3'><span class='evcal_evdata_icons'><i class='fa fa-clock-o'><\/i><\/span>Date<\/h3><p>All Day (Saturday)<\/p>\n\t\t\t\t\t\t\t<\/div>\n\t\t\t\t\t\t<\/div>\t\t\t\t\t\t<div class='evo_metarow_ICS evorow bordb evcal_evdata_row'>\n\t\t\t\t\t\t\t<span class=\"evcal_evdata_icons\"><i class=\"fa fa-calendar\"><\/i><\/span>\n\t\t\t\t\t\t\t<div class='evcal_evdata_cell'>\n\t\t\t\t\t\t\t\t<p><a href=\"https:\/\/www.blanescostabrava.cat\/wp-admin\/admin-ajax.php?action=eventon_ics_download&amp;event_id=233839&amp;sunix=20260515T220000Z&amp;eunix=20260516T215900Z&amp;loca=&amp;locn=\" class=\"evo_ics_nCal\" title=\"Add to your calendar\">Calendar<\/a><a href=\"\/\/www.google.com\/calendar\/event?action=TEMPLATE&amp;text=Journ%C3%A9e+portes+ouvertes+au+Casino+de+Blanes&amp;dates=20260515T220000Z\/20260516T215900Z&amp;details=DATE+%3A+samedi+16+mai%0D%0APlaces+limit%C3%A9es.+Inscriptions+%C3%A0+la+Biblioth%C3%A8que.&amp;location= - \" target=\"_blank\" class=\"evo_ics_gCal\" title=\"Add to google calendar\">GoogleCal<\/a><\/p>\t\n\t\t\t\t\t\t\t<\/div>\t\t\t\t\t\t<\/div>\n\t\t\t\t\t\t<\/div><div class='clear end'><\/div><\/div><div id=\"event_234226\" class=\"eventon_list_event evo_eventtop  event hasbgimg\" data-event_id=\"234226\" data-time=\"1778947200-1778954400\" data-colr=\"#206177\" itemscope itemtype='http:\/\/schema.org\/Event' 35><div class=\"evo_boxtop\" style=\"background-image: url(https:\/\/www.blanescostabrava.cat\/wp-content\/uploads\/2019\/10\/esbart-joaquim-ruyra.jpg); background-color:#206177;height:200px;\"><\/div><div class=\"evo_event_schema\" style=\"display:none\" ><a itemprop=\"url\" href=\"https:\/\/www.blanescostabrava.cat\/fr\/events\/rencontre-desbarts-enfants-et-jeunes-esbart-joaquim-ruyra\/\"><\/a><span itemprop='name'  >Rencontre d\u2019esbarts enfants et jeunes - Esbart Joaquim Ruyra<\/span><meta itemprop='image' content='https:\/\/www.blanescostabrava.cat\/wp-content\/uploads\/2019\/10\/esbart-joaquim-ruyra.jpg' ><\/meta><meta itemprop='description' content='DATE : 16 mai\r\nHEURE : 16h00\r\nLIEU : Passeig de Mar (Banc dels M\u00fasics)' ><\/meta><meta itemprop='startDate' content='2026-5-16' ><\/meta><meta itemprop='endDate' content='2026-5-16' ><\/meta><meta itemprop='eventStatus' content='on-schedule' ><\/meta><script type=\"application\/ld+json\">{\t\"@context\": \"http:\/\/schema.org\",\n\t\t\t\t\t\t\t  \t\"@type\": \"Event\",\n\t\t\t\t\t\t\t  \t\"name\": \"Rencontre d\u2019esbarts enfants et jeunes - Esbart Joaquim Ruyra\",\n\t\t\t\t\t\t\t  \t\"startDate\": \"2026-5-16T16-16-00-00\",\n\t\t\t\t\t\t\t  \t\"endDate\": \"2026-5-16T18-18-00-00\",\n\t\t\t\t\t\t\t  \t\"image\":\"https:\/\/www.blanescostabrava.cat\/wp-content\/uploads\/2019\/10\/esbart-joaquim-ruyra-300x194.jpg\",\n\t\t\t\t\t\t\t  \t\"description\":\"DATE : 16 mai\r\nHEURE : 16h00\r\nLIEU : Passeig de Mar (Banc dels M\u00fasics)\",\n\t\t\t\t\t\t\t  \t\n\t\t\t\t\t\t\t }<\/script><\/div>\n\t\t\t\t<p class=\"desc_trig_outter\"><a data-gmap_status=\"null\" data-exlk=\"0\" style=\"border-color: #206177;padding-top: 215px;height: 310px;\" id=\"evc_1778947200234226\" class=\"desc_trig sin_val evcal_list_a\" data-ux_val=\"3\"  ><span class='event-img'><img src='https:\/\/www.blanescostabrava.cat\/wp-content\/uploads\/2019\/10\/esbart-joaquim-ruyra.jpg'><\/span><span class='evcal_cblock ' data-bgcolor='#206177' data-smon='mai' data-syr='2026'><span class='evo_start '><em class='date'>16<\/em><em class='month'>mai<\/em><em class='time'>4:00 pm<\/em><\/span><span class='evo_end only_time'><em class='time'>6:00 pm<\/em><\/span><em class='clear'><\/em><\/span><span class='evcal_desc evo_info hide_eventtopdata '  data-location_status=\"false\" ><span class='evo_above_title'><\/span><span class='evcal_desc2 evcal_event_title' itemprop='name'>Rencontre d\u2019esbarts enfants et jeunes - Esbart Joaquim Ruyra<\/span><span class='evo_below_title'><\/span><span class='evcal_desc_info' ><\/span><span class='evcal_desc3'><\/span><\/span><em class='clear'><\/em><\/p><\/a><div class='event_description evcal_eventcard ' style=\"display:none\"><div class='evo_metarow_directimg'><img src='https:\/\/www.blanescostabrava.cat\/wp-content\/uploads\/2019\/10\/esbart-joaquim-ruyra.jpg' \/><\/div><div class='evo_metarow_details evorow evcal_evdata_row bordb evcal_event_details'>\n\t\t\t\t\t\t\t<div class=\"event_excerpt\" style=\"display:none\"><h3 class=\"padb5 evo_h3\">Description<\/h3><p>DATE : 16 mai\r\nHEURE : 16h00\r\nLIEU : Passeig de Mar (Banc dels M\u00fasics)<\/p><\/div><span class='evcal_evdata_icons'><i class='fa fa-align-justify'><\/i><\/span>\n\t\t\t\t\t\t\t\n\t\t\t\t\t\t\t<div class='evcal_evdata_cell '><div class='eventon_full_description'>\n\t\t\t\t\t\t\t\t\t<h3 class='padb5 evo_h3'><span class='evcal_evdata_icons'><i class='fa fa-align-justify'><\/i><\/span>Description<\/h3><div class='eventon_desc_in' itemprop='description'>\n\t\t\t\t\t\t\t\t\t<p data-start=\"493\" data-end=\"508\">DATE : 16 mai<\/p>\n<p data-start=\"510\" data-end=\"525\">HEURE : 16h00<\/p>\n<p data-start=\"527\" data-end=\"573\">LIEU : <span class=\"hover:entity-accent entity-underline inline cursor-pointer align-baseline\"><span class=\"whitespace-normal\">Passeig de Mar (Banc dels M\u00fasics)<\/span><\/span><\/p>\n<\/div><div class='clear'><\/div>\n\t\t\t\t\t\t\t\t<\/div>\n\t\t\t\t\t\t\t<\/div>\n\t\t\t\t\t\t<\/div><div class='evo_metarow_time_location evorow bordb '>\n\t\t\t\t\t\t<div class='tb' >\n\t\t\t\t\t\t\t<div class='tbrow'>\n\t\t\t\t\t\t\t<div class='evcal_col50 bordr'>\n\t\t\t\t\t\t\t\t<div class='evcal_evdata_row evo_time'>\n\t\t\t\t\t\t\t\t\t<span class='evcal_evdata_icons'><i class='fa fa-clock-o'><\/i><\/span>\n\t\t\t\t\t\t\t\t\t<div class='evcal_evdata_cell'>\t\t\t\t\t\t\t\n\t\t\t\t\t\t\t\t\t\t<h3 class='evo_h3'><span class='evcal_evdata_icons'><i class='fa fa-clock-o'><\/i><\/span>Date<\/h3>\n\t\t\t\t\t\t\t\t\t\t<p>(Saturday) 4:00 pm - 6:00 pm<\/p>\n\t\t\t\t\t\t\t\t\t<\/div>\n\t\t\t\t\t\t\t\t<\/div>\n\t\t\t\t\t\t\t<\/div><div class='evcal_col50'>\n\t\t\t\t\t\t\t\t<div class='evcal_evdata_row evo_location'>\n\t\t\t\t\t\t\t\t\t<span class='evcal_evdata_icons'><i class='fa fa-map-marker'><\/i><\/span>\n\t\t\t\t\t\t\t\t\t<div class='evcal_evdata_cell' data-loc_tax_id='5174'>\t\t\t\t\t\t\t\n\t\t\t\t\t\t\t\t\t\t<h3 class='evo_h3'><span class='evcal_evdata_icons'><i class='fa fa-map-marker'><\/i><\/span>Location<\/h3><p class='evo_location_name'>Passeig de Mar\/Banc dels M\u00fasics<\/p><p class='evo_location_address'><\/p>\n\t\t\t\t\t\t\t\t\t<\/div>\n\t\t\t\t\t\t\t\t<\/div>\n\t\t\t\t\t\t\t<\/div><div class='clear'><\/div>\n\t\t\t\t\t\t\t<\/div><\/div>\n\t\t\t\t\t\t<\/div>\t\t\t\t\t\t<div class='evo_metarow_ICS evorow bordb evcal_evdata_row'>\n\t\t\t\t\t\t\t<span class=\"evcal_evdata_icons\"><i class=\"fa fa-calendar\"><\/i><\/span>\n\t\t\t\t\t\t\t<div class='evcal_evdata_cell'>\n\t\t\t\t\t\t\t\t<p><a href=\"https:\/\/www.blanescostabrava.cat\/wp-admin\/admin-ajax.php?action=eventon_ics_download&amp;event_id=234226&amp;sunix=20260516T140000Z&amp;eunix=20260516T160000Z&amp;loca=&amp;locn=Passeig de Mar\/Banc dels M\u00fasics\" class=\"evo_ics_nCal\" title=\"Add to your calendar\">Calendar<\/a><a href=\"\/\/www.google.com\/calendar\/event?action=TEMPLATE&amp;text=Rencontre+d%E2%80%99esbarts+enfants+et+jeunes+-+Esbart+Joaquim+Ruyra&amp;dates=20260516T140000Z\/20260516T160000Z&amp;details=DATE+%3A+16+mai%0D%0AHEURE+%3A+16h00%0D%0ALIEU+%3A+Passeig+de+Mar+%28Banc+dels+M%C3%BAsics%29&amp;location=Passeig+de+Mar%2FBanc+dels+M%C3%BAsics - \" target=\"_blank\" class=\"evo_ics_gCal\" title=\"Add to google calendar\">GoogleCal<\/a><\/p>\t\n\t\t\t\t\t\t\t<\/div>\t\t\t\t\t\t<\/div>\n\t\t\t\t\t\t<\/div><div class='clear end'><\/div><\/div><div id=\"event_234259\" class=\"eventon_list_event evo_eventtop  event hasbgimg\" data-event_id=\"234259\" data-time=\"1778963400-1778968800\" data-colr=\"#206177\" itemscope itemtype='http:\/\/schema.org\/Event' 36><div class=\"evo_boxtop\" style=\"background-image: url(https:\/\/www.blanescostabrava.cat\/wp-content\/uploads\/2026\/04\/Captura-de-pantalla-2026-04-30-a-les-12.48.19.png); background-color:#206177;height:200px;\"><\/div><div class=\"evo_event_schema\" style=\"display:none\" ><a itemprop=\"url\" href=\"https:\/\/www.blanescostabrava.cat\/fr\/events\/humour-ante-todo-mucha-calma-jose-corbacho\/\"><\/a><span itemprop='name'  >Humour: \"Ante todo mucha calma\" - Jos\u00e9 Corbacho<\/span><meta itemprop='image' content='https:\/\/www.blanescostabrava.cat\/wp-content\/uploads\/2026\/04\/Captura-de-pantalla-2026-04-30-a-les-12.48.19.png' ><\/meta><meta itemprop='description' content='Humor\/Humor\/Humour\/Humeur\r\nDATE : 16 mai\r\nHEURE : 20h30\r\nLIEU : Teatre de Blanes' ><\/meta><meta itemprop='startDate' content='2026-5-16' ><\/meta><meta itemprop='endDate' content='2026-5-16' ><\/meta><meta itemprop='eventStatus' content='on-schedule' ><\/meta><script type=\"application\/ld+json\">{\t\"@context\": \"http:\/\/schema.org\",\n\t\t\t\t\t\t\t  \t\"@type\": \"Event\",\n\t\t\t\t\t\t\t  \t\"name\": \"Humour: \"Ante todo mucha calma\" - Jos\u00e9 Corbacho\",\n\t\t\t\t\t\t\t  \t\"startDate\": \"2026-5-16T20-20-30-00\",\n\t\t\t\t\t\t\t  \t\"endDate\": \"2026-5-16T22-22-00-00\",\n\t\t\t\t\t\t\t  \t\"image\":\"https:\/\/www.blanescostabrava.cat\/wp-content\/uploads\/2026\/04\/Captura-de-pantalla-2026-04-30-a-les-12.48.19-300x167.png\",\n\t\t\t\t\t\t\t  \t\"description\":\"Humor\/Humor\/Humour\/Humeur\r\nDATE : 16 mai\r\nHEURE : 20h30\r\nLIEU : Teatre de Blanes\",\n\t\t\t\t\t\t\t  \t\n\t\t\t\t\t\t\t }<\/script><\/div>\n\t\t\t\t<p class=\"desc_trig_outter\"><a data-gmap_status=\"null\" data-exlk=\"0\" style=\"border-color: #206177;padding-top: 215px;height: 310px;\" id=\"evc_1778963400234259\" class=\"desc_trig sin_val evcal_list_a\" data-ux_val=\"3\"  ><span class='event-img'><img src='https:\/\/www.blanescostabrava.cat\/wp-content\/uploads\/2026\/04\/Captura-de-pantalla-2026-04-30-a-les-12.48.19.png'><\/span><span class='evcal_cblock ' data-bgcolor='#206177' data-smon='mai' data-syr='2026'><span class='evo_start '><em class='date'>16<\/em><em class='month'>mai<\/em><em class='time'>8:30 pm<\/em><\/span><span class='evo_end only_time'><em class='time'>10:00 pm<\/em><\/span><em class='clear'><\/em><\/span><span class='evcal_desc evo_info hide_eventtopdata '  data-location_status=\"false\" ><span class='evo_above_title'><\/span><span class='evcal_desc2 evcal_event_title' itemprop='name'>Humour: \"Ante todo mucha calma\" - Jos\u00e9 Corbacho<\/span><span class='evo_below_title'><\/span><span class='evcal_desc_info' ><\/span><span class='evcal_desc3'><\/span><\/span><em class='clear'><\/em><\/p><\/a><div class='event_description evcal_eventcard ' style=\"display:none\"><div class='evo_metarow_directimg'><img src='https:\/\/www.blanescostabrava.cat\/wp-content\/uploads\/2026\/04\/Captura-de-pantalla-2026-04-30-a-les-12.48.19.png' \/><\/div><div class='evo_metarow_details evorow evcal_evdata_row bordb evcal_event_details'>\n\t\t\t\t\t\t\t<div class=\"event_excerpt\" style=\"display:none\"><h3 class=\"padb5 evo_h3\">Description<\/h3><p>Humor\/Humor\/Humour\/Humeur\r\nDATE : 16 mai\r\nHEURE : 20h30\r\nLIEU : Teatre de Blanes<\/p><\/div><span class='evcal_evdata_icons'><i class='fa fa-align-justify'><\/i><\/span>\n\t\t\t\t\t\t\t\n\t\t\t\t\t\t\t<div class='evcal_evdata_cell '><div class='eventon_full_description'>\n\t\t\t\t\t\t\t\t\t<h3 class='padb5 evo_h3'><span class='evcal_evdata_icons'><i class='fa fa-align-justify'><\/i><\/span>Description<\/h3><div class='eventon_desc_in' itemprop='description'>\n\t\t\t\t\t\t\t\t\t<p>Humor\/Humor\/Humour\/Humeur<\/p>\n<p data-start=\"501\" data-end=\"516\">DATE : 16 mai<\/p>\n<p data-start=\"518\" data-end=\"533\">HEURE : 20h30<\/p>\n<p data-start=\"535\" data-end=\"581\">LIEU : <span class=\"hover:entity-accent entity-underline inline cursor-pointer align-baseline\"><span class=\"whitespace-normal\">Teatre de Blanes<\/span><\/span><\/p>\n<\/div><div class='clear'><\/div>\n\t\t\t\t\t\t\t\t<\/div>\n\t\t\t\t\t\t\t<\/div>\n\t\t\t\t\t\t<\/div><div class='evo_metarow_time_location evorow bordb '>\n\t\t\t\t\t\t<div class='tb' >\n\t\t\t\t\t\t\t<div class='tbrow'>\n\t\t\t\t\t\t\t<div class='evcal_col50 bordr'>\n\t\t\t\t\t\t\t\t<div class='evcal_evdata_row evo_time'>\n\t\t\t\t\t\t\t\t\t<span class='evcal_evdata_icons'><i class='fa fa-clock-o'><\/i><\/span>\n\t\t\t\t\t\t\t\t\t<div class='evcal_evdata_cell'>\t\t\t\t\t\t\t\n\t\t\t\t\t\t\t\t\t\t<h3 class='evo_h3'><span class='evcal_evdata_icons'><i class='fa fa-clock-o'><\/i><\/span>Date<\/h3>\n\t\t\t\t\t\t\t\t\t\t<p>(Saturday) 8:30 pm - 10:00 pm<\/p>\n\t\t\t\t\t\t\t\t\t<\/div>\n\t\t\t\t\t\t\t\t<\/div>\n\t\t\t\t\t\t\t<\/div><div class='evcal_col50'>\n\t\t\t\t\t\t\t\t<div class='evcal_evdata_row evo_location'>\n\t\t\t\t\t\t\t\t\t<span class='evcal_evdata_icons'><i class='fa fa-map-marker'><\/i><\/span>\n\t\t\t\t\t\t\t\t\t<div class='evcal_evdata_cell' data-loc_tax_id='6013'>\t\t\t\t\t\t\t\n\t\t\t\t\t\t\t\t\t\t<h3 class='evo_h3'><span class='evcal_evdata_icons'><i class='fa fa-map-marker'><\/i><\/span>Location<\/h3><p class='evo_location_name'>Teatre de Blanes<\/p><p class='evo_location_address'><\/p>\n\t\t\t\t\t\t\t\t\t<\/div>\n\t\t\t\t\t\t\t\t<\/div>\n\t\t\t\t\t\t\t<\/div><div class='clear'><\/div>\n\t\t\t\t\t\t\t<\/div><\/div>\n\t\t\t\t\t\t<\/div>\t\t\t\t\t\t<div class='evo_metarow_ICS evorow bordb evcal_evdata_row'>\n\t\t\t\t\t\t\t<span class=\"evcal_evdata_icons\"><i class=\"fa fa-calendar\"><\/i><\/span>\n\t\t\t\t\t\t\t<div class='evcal_evdata_cell'>\n\t\t\t\t\t\t\t\t<p><a href=\"https:\/\/www.blanescostabrava.cat\/wp-admin\/admin-ajax.php?action=eventon_ics_download&amp;event_id=234259&amp;sunix=20260516T183000Z&amp;eunix=20260516T200000Z&amp;loca=&amp;locn=Teatre de Blanes\" class=\"evo_ics_nCal\" title=\"Add to your calendar\">Calendar<\/a><a href=\"\/\/www.google.com\/calendar\/event?action=TEMPLATE&amp;text=Humour%3A+%22Ante+todo+mucha+calma%22+-+Jos%C3%A9+Corbacho&amp;dates=20260516T183000Z\/20260516T200000Z&amp;details=Humor%2FHumor%2FHumour%2FHumeur%0D%0ADATE+%3A+16+mai%0D%0AHEURE+%3A+20h30%0D%0ALIEU+%3A+Teatre+de+Blanes&amp;location=Teatre+de+Blanes - \" target=\"_blank\" class=\"evo_ics_gCal\" title=\"Add to google calendar\">GoogleCal<\/a><\/p>\t\n\t\t\t\t\t\t\t<\/div>\t\t\t\t\t\t<\/div>\n\t\t\t\t\t\t<\/div><div class='clear end'><\/div><\/div><div id=\"event_234271\" class=\"eventon_list_event evo_eventtop  event hasbgimg\" data-event_id=\"234271\" data-time=\"1779010200-1779019200\" data-colr=\"#206177\" itemscope itemtype='http:\/\/schema.org\/Event' 37><div class=\"evo_boxtop\" style=\"background-image: url(https:\/\/www.blanescostabrava.cat\/wp-content\/uploads\/2023\/12\/Captura-de-pantalla-2023-12-07-a-les-9.47.16.jpg); background-color:#206177;height:200px;\"><\/div><div class=\"evo_event_schema\" style=\"display:none\" ><a itemprop=\"url\" href=\"https:\/\/www.blanescostabrava.cat\/fr\/events\/12e-marche-solidaire-oncolligat-en-marxa\/\"><\/a><span itemprop='name'  >12e Marche solidaire \"Oncolliga\u2019t en marxa\"<\/span><meta itemprop='image' content='https:\/\/www.blanescostabrava.cat\/wp-content\/uploads\/2023\/12\/Captura-de-pantalla-2023-12-07-a-les-9.47.16.jpg' ><\/meta><meta itemprop='description' content='Cursa\/Carrera\/Race\/Course\r\nDATE : 17 mai\r\nHEURE : 09h30\r\nLIEU : Passeig de Mar' ><\/meta><meta itemprop='startDate' content='2026-5-17' ><\/meta><meta itemprop='endDate' content='2026-5-17' ><\/meta><meta itemprop='eventStatus' content='on-schedule' ><\/meta>\n\t\t\t\t\t\t\t\t\t<item style=\"display:none\" itemprop=\"location\" itemscope itemtype=\"http:\/\/schema.org\/Place\">\n\t\t\t\t\t\t\t\t\t\t<span itemprop=\"name\">Passeig de Mar<\/span>\n\t\t\t\t\t\t\t\t\t\t<span itemprop=\"address\" itemscope itemtype=\"http:\/\/schema.org\/PostalAddress\">\n\t\t\t\t\t\t\t\t\t\t\t<item itemprop=\"streetAddress\"><\/item>\n\t\t\t\t\t\t\t\t\t\t<\/span><\/item><script type=\"application\/ld+json\">{\t\"@context\": \"http:\/\/schema.org\",\n\t\t\t\t\t\t\t  \t\"@type\": \"Event\",\n\t\t\t\t\t\t\t  \t\"name\": \"12e Marche solidaire \"Oncolliga\u2019t en marxa\"\",\n\t\t\t\t\t\t\t  \t\"startDate\": \"2026-5-17T09-09-30-00\",\n\t\t\t\t\t\t\t  \t\"endDate\": \"2026-5-17T12-12-00-00\",\n\t\t\t\t\t\t\t  \t\"image\":\"https:\/\/www.blanescostabrava.cat\/wp-content\/uploads\/2023\/12\/Captura-de-pantalla-2023-12-07-a-les-9.47.16-300x184.jpg\",\n\t\t\t\t\t\t\t  \t\"description\":\"Cursa\/Carrera\/Race\/Course\r\nDATE : 17 mai\r\nHEURE : 09h30\r\nLIEU : Passeig de Mar\",\n\t\t\t\t\t\t\t  \t\n\t\t\t\t\t\t\t }<\/script><\/div>\n\t\t\t\t<p class=\"desc_trig_outter\"><a data-gmap_status=\"null\" data-exlk=\"0\" style=\"border-color: #206177;padding-top: 215px;height: 310px;\" id=\"evc_1779010200234271\" class=\"desc_trig sin_val evcal_list_a\" data-ux_val=\"3\"  ><span class='event-img'><img src='https:\/\/www.blanescostabrava.cat\/wp-content\/uploads\/2023\/12\/Captura-de-pantalla-2023-12-07-a-les-9.47.16.jpg'><\/span><span class='evcal_cblock ' data-bgcolor='#206177' data-smon='mai' data-syr='2026'><span class='evo_start '><em class='date'>17<\/em><em class='month'>mai<\/em><em class='time'>9:30 am<\/em><\/span><span class='evo_end only_time'><em class='time'>12:00 pm<\/em><\/span><em class='clear'><\/em><\/span><span class='evcal_desc evo_info hide_eventtopdata ' data-latlng=\"41.672451,2.790810\"  data-location_address=\"\" data-location_type=\"lonlat\" data-location_name=\"Passeig de Mar\" data-location_status=\"true\" ><span class='evo_above_title'><\/span><span class='evcal_desc2 evcal_event_title' itemprop='name'>12e Marche solidaire \"Oncolliga\u2019t en marxa\"<\/span><span class='evo_below_title'><\/span><span class='evcal_desc_info' ><\/span><span class='evcal_desc3'><\/span><\/span><em class='clear'><\/em><\/p><\/a><div class='event_description evcal_eventcard ' style=\"display:none\"><div class='evo_metarow_directimg'><img src='https:\/\/www.blanescostabrava.cat\/wp-content\/uploads\/2023\/12\/Captura-de-pantalla-2023-12-07-a-les-9.47.16.jpg' \/><\/div><div class='evo_metarow_details evorow evcal_evdata_row bordb evcal_event_details'>\n\t\t\t\t\t\t\t<div class=\"event_excerpt\" style=\"display:none\"><h3 class=\"padb5 evo_h3\">Description<\/h3><p>Cursa\/Carrera\/Race\/Course\r\nDATE : 17 mai\r\nHEURE : 09h30\r\nLIEU : Passeig de Mar<\/p><\/div><span class='evcal_evdata_icons'><i class='fa fa-align-justify'><\/i><\/span>\n\t\t\t\t\t\t\t\n\t\t\t\t\t\t\t<div class='evcal_evdata_cell '><div class='eventon_full_description'>\n\t\t\t\t\t\t\t\t\t<h3 class='padb5 evo_h3'><span class='evcal_evdata_icons'><i class='fa fa-align-justify'><\/i><\/span>Description<\/h3><div class='eventon_desc_in' itemprop='description'>\n\t\t\t\t\t\t\t\t\t<p>Cursa\/Carrera\/Race\/Course<\/p>\n<p data-start=\"470\" data-end=\"485\">DATE : 17 mai<\/p>\n<p data-start=\"487\" data-end=\"502\">HEURE : 09h30<\/p>\n<p data-start=\"504\" data-end=\"550\">LIEU : <span class=\"hover:entity-accent entity-underline inline cursor-pointer align-baseline\"><span class=\"whitespace-normal\">Passeig de Mar<\/span><\/span><\/p>\n<\/div><div class='clear'><\/div>\n\t\t\t\t\t\t\t\t<\/div>\n\t\t\t\t\t\t\t<\/div>\n\t\t\t\t\t\t<\/div><div class='evo_metarow_time_location evorow bordb '>\n\t\t\t\t\t\t<div class='tb' >\n\t\t\t\t\t\t\t<div class='tbrow'>\n\t\t\t\t\t\t\t<div class='evcal_col50 bordr'>\n\t\t\t\t\t\t\t\t<div class='evcal_evdata_row evo_time'>\n\t\t\t\t\t\t\t\t\t<span class='evcal_evdata_icons'><i class='fa fa-clock-o'><\/i><\/span>\n\t\t\t\t\t\t\t\t\t<div class='evcal_evdata_cell'>\t\t\t\t\t\t\t\n\t\t\t\t\t\t\t\t\t\t<h3 class='evo_h3'><span class='evcal_evdata_icons'><i class='fa fa-clock-o'><\/i><\/span>Date<\/h3>\n\t\t\t\t\t\t\t\t\t\t<p>(Sunday) 9:30 am - 12:00 pm<\/p>\n\t\t\t\t\t\t\t\t\t<\/div>\n\t\t\t\t\t\t\t\t<\/div>\n\t\t\t\t\t\t\t<\/div><div class='evcal_col50'>\n\t\t\t\t\t\t\t\t<div class='evcal_evdata_row evo_location'>\n\t\t\t\t\t\t\t\t\t<span class='evcal_evdata_icons'><i class='fa fa-map-marker'><\/i><\/span>\n\t\t\t\t\t\t\t\t\t<div class='evcal_evdata_cell' data-loc_tax_id='800'>\t\t\t\t\t\t\t\n\t\t\t\t\t\t\t\t\t\t<h3 class='evo_h3'><span class='evcal_evdata_icons'><i class='fa fa-map-marker'><\/i><\/span>Location<\/h3><p class='evo_location_name'>Passeig de Mar<\/p><p class='evo_location_address'><\/p>\n\t\t\t\t\t\t\t\t\t<\/div>\n\t\t\t\t\t\t\t\t<\/div>\n\t\t\t\t\t\t\t<\/div><div class='clear'><\/div>\n\t\t\t\t\t\t\t<\/div><\/div>\n\t\t\t\t\t\t<\/div>\t\t\t\t\t\t<div class='evo_metarow_ICS evorow bordb evcal_evdata_row'>\n\t\t\t\t\t\t\t<span class=\"evcal_evdata_icons\"><i class=\"fa fa-calendar\"><\/i><\/span>\n\t\t\t\t\t\t\t<div class='evcal_evdata_cell'>\n\t\t\t\t\t\t\t\t<p><a href=\"https:\/\/www.blanescostabrava.cat\/wp-admin\/admin-ajax.php?action=eventon_ics_download&amp;event_id=234271&amp;sunix=20260517T073000Z&amp;eunix=20260517T100000Z&amp;loca=&amp;locn=Passeig de Mar\" class=\"evo_ics_nCal\" title=\"Add to your calendar\">Calendar<\/a><a href=\"\/\/www.google.com\/calendar\/event?action=TEMPLATE&amp;text=12e+Marche+solidaire+%22Oncolliga%E2%80%99t+en+marxa%22&amp;dates=20260517T073000Z\/20260517T100000Z&amp;details=Cursa%2FCarrera%2FRace%2FCourse%0D%0ADATE+%3A+17+mai%0D%0AHEURE+%3A+09h30%0D%0ALIEU+%3A+Passeig+de+Mar&amp;location=Passeig+de+Mar - \" target=\"_blank\" class=\"evo_ics_gCal\" title=\"Add to google calendar\">GoogleCal<\/a><\/p>\t\n\t\t\t\t\t\t\t<\/div>\t\t\t\t\t\t<\/div>\n\t\t\t\t\t\t<\/div><div class='clear end'><\/div><\/div><div id=\"event_234283\" class=\"eventon_list_event evo_eventtop  event hasbgimg\" data-event_id=\"234283\" data-time=\"1779040800-1779048000\" data-colr=\"#206177\" itemscope itemtype='http:\/\/schema.org\/Event' 38><div class=\"evo_boxtop\" style=\"background-image: url(https:\/\/www.blanescostabrava.cat\/wp-content\/uploads\/2019\/10\/teatre-blanes.jpg); background-color:#206177;height:200px;\"><\/div><div class=\"evo_event_schema\" style=\"display:none\" ><a itemprop=\"url\" href=\"https:\/\/www.blanescostabrava.cat\/fr\/events\/musique-playback-records-per-a-tu-grup-nabac-2\/\"><\/a><span itemprop='name'  >Musique playback: \"Records per a tu\" - Grup Nabac<\/span><meta itemprop='image' content='https:\/\/www.blanescostabrava.cat\/wp-content\/uploads\/2019\/10\/teatre-blanes.jpg' ><\/meta><meta itemprop='description' content='DATE : 17 mai\r\nHEURE : 18h00\r\nLIEU : Teatre de Blanes\r\nBillets en vente : les 13 et' ><\/meta><meta itemprop='startDate' content='2026-5-17' ><\/meta><meta itemprop='endDate' content='2026-5-17' ><\/meta><meta itemprop='eventStatus' content='on-schedule' ><\/meta><script type=\"application\/ld+json\">{\t\"@context\": \"http:\/\/schema.org\",\n\t\t\t\t\t\t\t  \t\"@type\": \"Event\",\n\t\t\t\t\t\t\t  \t\"name\": \"Musique playback: \"Records per a tu\" - Grup Nabac\",\n\t\t\t\t\t\t\t  \t\"startDate\": \"2026-5-17T18-18-00-00\",\n\t\t\t\t\t\t\t  \t\"endDate\": \"2026-5-17T20-20-00-00\",\n\t\t\t\t\t\t\t  \t\"image\":\"https:\/\/www.blanescostabrava.cat\/wp-content\/uploads\/2019\/10\/teatre-blanes-300x194.jpg\",\n\t\t\t\t\t\t\t  \t\"description\":\"DATE : 17 mai\r\nHEURE : 18h00\r\nLIEU : Teatre de Blanes\r\nBillets en vente : les 13 et\",\n\t\t\t\t\t\t\t  \t\n\t\t\t\t\t\t\t }<\/script><\/div>\n\t\t\t\t<p class=\"desc_trig_outter\"><a data-gmap_status=\"null\" data-exlk=\"0\" style=\"border-color: #206177;padding-top: 215px;height: 310px;\" id=\"evc_1779040800234283\" class=\"desc_trig sin_val evcal_list_a\" data-ux_val=\"3\"  ><span class='event-img'><img src='https:\/\/www.blanescostabrava.cat\/wp-content\/uploads\/2019\/10\/teatre-blanes.jpg'><\/span><span class='evcal_cblock ' data-bgcolor='#206177' data-smon='mai' data-syr='2026'><span class='evo_start '><em class='date'>17<\/em><em class='month'>mai<\/em><em class='time'>6:00 pm<\/em><\/span><span class='evo_end only_time'><em class='time'>8:00 pm<\/em><\/span><em class='clear'><\/em><\/span><span class='evcal_desc evo_info hide_eventtopdata '  data-location_status=\"false\" ><span class='evo_above_title'><\/span><span class='evcal_desc2 evcal_event_title' itemprop='name'>Musique playback: \"Records per a tu\" - Grup Nabac<\/span><span class='evo_below_title'><\/span><span class='evcal_desc_info' ><\/span><span class='evcal_desc3'><\/span><\/span><em class='clear'><\/em><\/p><\/a><div class='event_description evcal_eventcard ' style=\"display:none\"><div class='evo_metarow_directimg'><img src='https:\/\/www.blanescostabrava.cat\/wp-content\/uploads\/2019\/10\/teatre-blanes.jpg' \/><\/div><div class='evo_metarow_details evorow evcal_evdata_row bordb evcal_event_details'>\n\t\t\t\t\t\t\t<div class=\"event_excerpt\" style=\"display:none\"><h3 class=\"padb5 evo_h3\">Description<\/h3><p>DATE : 17 mai\r\nHEURE : 18h00\r\nLIEU : Teatre de Blanes\r\nBillets en vente : les 13 et<\/p><\/div><span class='evcal_evdata_icons'><i class='fa fa-align-justify'><\/i><\/span>\n\t\t\t\t\t\t\t\n\t\t\t\t\t\t\t<div class='evcal_evdata_cell '><div class='eventon_full_description'>\n\t\t\t\t\t\t\t\t\t<h3 class='padb5 evo_h3'><span class='evcal_evdata_icons'><i class='fa fa-align-justify'><\/i><\/span>Description<\/h3><div class='eventon_desc_in' itemprop='description'>\n\t\t\t\t\t\t\t\t\t<p data-start=\"715\" data-end=\"730\">DATE : 17 mai<\/p>\n<p data-start=\"732\" data-end=\"747\">HEURE : 18h00<\/p>\n<p data-start=\"749\" data-end=\"795\">LIEU : <span class=\"hover:entity-accent entity-underline inline cursor-pointer align-baseline\"><span class=\"whitespace-normal\">Teatre de Blanes<\/span><\/span><\/p>\n<p data-start=\"797\" data-end=\"905\">Billets en vente : les 13 et 14 mai de 10h00 \u00e0 12h00 au th\u00e9\u00e2tre et le jour m\u00eame 1 heure avant. Prix : 10 \u20ac<\/p>\n<\/div><div class='clear'><\/div>\n\t\t\t\t\t\t\t\t<\/div>\n\t\t\t\t\t\t\t<\/div>\n\t\t\t\t\t\t<\/div><div class='evo_metarow_time_location evorow bordb '>\n\t\t\t\t\t\t<div class='tb' >\n\t\t\t\t\t\t\t<div class='tbrow'>\n\t\t\t\t\t\t\t<div class='evcal_col50 bordr'>\n\t\t\t\t\t\t\t\t<div class='evcal_evdata_row evo_time'>\n\t\t\t\t\t\t\t\t\t<span class='evcal_evdata_icons'><i class='fa fa-clock-o'><\/i><\/span>\n\t\t\t\t\t\t\t\t\t<div class='evcal_evdata_cell'>\t\t\t\t\t\t\t\n\t\t\t\t\t\t\t\t\t\t<h3 class='evo_h3'><span class='evcal_evdata_icons'><i class='fa fa-clock-o'><\/i><\/span>Date<\/h3>\n\t\t\t\t\t\t\t\t\t\t<p>(Sunday) 6:00 pm - 8:00 pm<\/p>\n\t\t\t\t\t\t\t\t\t<\/div>\n\t\t\t\t\t\t\t\t<\/div>\n\t\t\t\t\t\t\t<\/div><div class='evcal_col50'>\n\t\t\t\t\t\t\t\t<div class='evcal_evdata_row evo_location'>\n\t\t\t\t\t\t\t\t\t<span class='evcal_evdata_icons'><i class='fa fa-map-marker'><\/i><\/span>\n\t\t\t\t\t\t\t\t\t<div class='evcal_evdata_cell' data-loc_tax_id='6013'>\t\t\t\t\t\t\t\n\t\t\t\t\t\t\t\t\t\t<h3 class='evo_h3'><span class='evcal_evdata_icons'><i class='fa fa-map-marker'><\/i><\/span>Location<\/h3><p class='evo_location_name'>Teatre de Blanes<\/p><p class='evo_location_address'><\/p>\n\t\t\t\t\t\t\t\t\t<\/div>\n\t\t\t\t\t\t\t\t<\/div>\n\t\t\t\t\t\t\t<\/div><div class='clear'><\/div>\n\t\t\t\t\t\t\t<\/div><\/div>\n\t\t\t\t\t\t<\/div>\t\t\t\t\t\t<div class='evo_metarow_ICS evorow bordb evcal_evdata_row'>\n\t\t\t\t\t\t\t<span class=\"evcal_evdata_icons\"><i class=\"fa fa-calendar\"><\/i><\/span>\n\t\t\t\t\t\t\t<div class='evcal_evdata_cell'>\n\t\t\t\t\t\t\t\t<p><a href=\"https:\/\/www.blanescostabrava.cat\/wp-admin\/admin-ajax.php?action=eventon_ics_download&amp;event_id=234283&amp;sunix=20260517T160000Z&amp;eunix=20260517T180000Z&amp;loca=&amp;locn=Teatre de Blanes\" class=\"evo_ics_nCal\" title=\"Add to your calendar\">Calendar<\/a><a href=\"\/\/www.google.com\/calendar\/event?action=TEMPLATE&amp;text=Musique+playback%3A+%22Records+per+a+tu%22+-+Grup+Nabac&amp;dates=20260517T160000Z\/20260517T180000Z&amp;details=DATE+%3A+17+mai%0D%0AHEURE+%3A+18h00%0D%0ALIEU+%3A+Teatre+de+Blanes%0D%0ABillets+en+vente+%3A+les+13+et&amp;location=Teatre+de+Blanes - \" target=\"_blank\" class=\"evo_ics_gCal\" title=\"Add to google calendar\">GoogleCal<\/a><\/p>\t\n\t\t\t\t\t\t\t<\/div>\t\t\t\t\t\t<\/div>\n\t\t\t\t\t\t<\/div><div class='clear end'><\/div><\/div><div id=\"event_233770\" class=\"eventon_list_event evo_eventtop  event hasbgimg\" data-event_id=\"233770\" data-time=\"1779271200-1780059600\" data-colr=\"#206177\" itemscope itemtype='http:\/\/schema.org\/Event' 39><div class=\"evo_boxtop\" style=\"background-image: url(https:\/\/www.blanescostabrava.cat\/wp-content\/uploads\/2026\/04\/app-developer-testing-mobile-app-multiple-devices-coding-software-testing-tools-scaled.jpg); background-color:#206177;height:200px;\"><\/div><div class=\"evo_event_schema\" style=\"display:none\" ><a itemprop=\"url\" href=\"https:\/\/www.blanescostabrava.cat\/fr\/events\/atelier-yo-conecto-apps-per-gaudir\/\"><\/a><span itemprop='name'  >Atelier: \"YO CONECTO: Apps per gaudir\"<\/span><meta itemprop='image' content='https:\/\/www.blanescostabrava.cat\/wp-content\/uploads\/2026\/04\/app-developer-testing-mobile-app-multiple-devices-coding-software-testing-tools-scaled.jpg' ><\/meta><meta itemprop='description' content='DATE : mercredi 20, vendredi 22, mercredi 27 et vendredi 29\r\nHEURE : de 10h00 \u00e0 13h00\r\nLIEU : Biblioth\u00e8que Roberto Bola\u00f1o\r\nAnim\u00e9 par l\u2019entit\u00e9' ><\/meta><meta itemprop='startDate' content='2026-5-20' ><\/meta><meta itemprop='endDate' content='2026-5-29' ><\/meta><meta itemprop='eventStatus' content='on-schedule' ><\/meta><script type=\"application\/ld+json\">{\t\"@context\": \"http:\/\/schema.org\",\n\t\t\t\t\t\t\t  \t\"@type\": \"Event\",\n\t\t\t\t\t\t\t  \t\"name\": \"Atelier: \"YO CONECTO: Apps per gaudir\"\",\n\t\t\t\t\t\t\t  \t\"startDate\": \"2026-5-20T10-10-00-00\",\n\t\t\t\t\t\t\t  \t\"endDate\": \"2026-5-29T13-13-00-00\",\n\t\t\t\t\t\t\t  \t\"image\":\"https:\/\/www.blanescostabrava.cat\/wp-content\/uploads\/2026\/04\/app-developer-testing-mobile-app-multiple-devices-coding-software-testing-tools-300x200.jpg\",\n\t\t\t\t\t\t\t  \t\"description\":\"DATE : mercredi 20, vendredi 22, mercredi 27 et vendredi 29\r\nHEURE : de 10h00 \u00e0 13h00\r\nLIEU : Biblioth\u00e8que Roberto Bola\u00f1o\r\nAnim\u00e9 par l\u2019entit\u00e9\",\n\t\t\t\t\t\t\t  \t\n\t\t\t\t\t\t\t }<\/script><\/div>\n\t\t\t\t<p class=\"desc_trig_outter\"><a data-gmap_status=\"null\" data-exlk=\"0\" style=\"border-color: #206177;padding-top: 215px;height: 310px;\" id=\"evc_1779271200233770\" class=\"desc_trig mul_val evcal_list_a\" data-ux_val=\"3\"  ><span class='event-img'><img src='https:\/\/www.blanescostabrava.cat\/wp-content\/uploads\/2026\/04\/app-developer-testing-mobile-app-multiple-devices-coding-software-testing-tools-scaled.jpg'><\/span><span class='evcal_cblock ' data-bgcolor='#206177' data-smon='mai' data-syr='2026'><span class='evo_start '><em class='date'>20<\/em><em class='month'>mai<\/em><em class='time'><i t=\"y\">(mai 20)<\/i>10:00 am<\/em><\/span><span class='evo_end '><em class='date'>29<\/em><em class='time'><i t=\"y\">(mai 29)<\/i>1:00 pm<\/em><\/span><em class='clear'><\/em><\/span><span class='evcal_desc evo_info hide_eventtopdata '  data-location_status=\"false\" ><span class='evo_above_title'><\/span><span class='evcal_desc2 evcal_event_title' itemprop='name'>Atelier: \"YO CONECTO: Apps per gaudir\"<\/span><span class='evo_below_title'><\/span><span class='evcal_desc_info' ><\/span><span class='evcal_desc3'><\/span><\/span><em class='clear'><\/em><\/p><\/a><div class='event_description evcal_eventcard ' style=\"display:none\"><div class='evo_metarow_directimg'><img src='https:\/\/www.blanescostabrava.cat\/wp-content\/uploads\/2026\/04\/app-developer-testing-mobile-app-multiple-devices-coding-software-testing-tools-scaled.jpg' \/><\/div><div class='evo_metarow_details evorow evcal_evdata_row bordb evcal_event_details'>\n\t\t\t\t\t\t\t<div class=\"event_excerpt\" style=\"display:none\"><h3 class=\"padb5 evo_h3\">Description<\/h3><p>DATE : mercredi 20, vendredi 22, mercredi 27 et vendredi 29\r\nHEURE : de 10h00 \u00e0 13h00\r\nLIEU : Biblioth\u00e8que Roberto Bola\u00f1o\r\nAnim\u00e9 par l\u2019entit\u00e9<\/p><\/div><span class='evcal_evdata_icons'><i class='fa fa-align-justify'><\/i><\/span>\n\t\t\t\t\t\t\t\n\t\t\t\t\t\t\t<div class='evcal_evdata_cell '><div class='eventon_full_description'>\n\t\t\t\t\t\t\t\t\t<h3 class='padb5 evo_h3'><span class='evcal_evdata_icons'><i class='fa fa-align-justify'><\/i><\/span>Description<\/h3><div class='eventon_desc_in' itemprop='description'>\n\t\t\t\t\t\t\t\t\t<p data-start=\"831\" data-end=\"892\">DATE : mercredi 20, vendredi 22, mercredi 27 et vendredi 29<\/p>\n<p data-start=\"894\" data-end=\"920\">HEURE : de 10h00 \u00e0 13h00<\/p>\n<p data-start=\"922\" data-end=\"958\">LIEU : Biblioth\u00e8que Roberto Bola\u00f1o<\/p>\n<p data-start=\"960\" data-end=\"998\">Anim\u00e9 par l\u2019entit\u00e9 Cibervoluntarios.<\/p>\n<p data-start=\"1000\" data-end=\"1040\">Pour les personnes \u00e0 partir de 50 ans.<\/p>\n<p data-start=\"1042\" data-end=\"1092\">Places limit\u00e9es. Inscriptions \u00e0 la Biblioth\u00e8que.<\/p>\n<\/div><div class='clear'><\/div>\n\t\t\t\t\t\t\t\t<\/div>\n\t\t\t\t\t\t\t<\/div>\n\t\t\t\t\t\t<\/div><div class='evo_metarow_time_location evorow bordb '>\n\t\t\t\t\t\t<div class='tb' >\n\t\t\t\t\t\t\t<div class='tbrow'>\n\t\t\t\t\t\t\t<div class='evcal_col50 bordr'>\n\t\t\t\t\t\t\t\t<div class='evcal_evdata_row evo_time'>\n\t\t\t\t\t\t\t\t\t<span class='evcal_evdata_icons'><i class='fa fa-clock-o'><\/i><\/span>\n\t\t\t\t\t\t\t\t\t<div class='evcal_evdata_cell'>\t\t\t\t\t\t\t\n\t\t\t\t\t\t\t\t\t\t<h3 class='evo_h3'><span class='evcal_evdata_icons'><i class='fa fa-clock-o'><\/i><\/span>Date<\/h3>\n\t\t\t\t\t\t\t\t\t\t<p>20 (Wednesday) 10:00 am - 29 (Friday) 1:00 pm<\/p>\n\t\t\t\t\t\t\t\t\t<\/div>\n\t\t\t\t\t\t\t\t<\/div>\n\t\t\t\t\t\t\t<\/div><div class='evcal_col50'>\n\t\t\t\t\t\t\t\t<div class='evcal_evdata_row evo_location'>\n\t\t\t\t\t\t\t\t\t<span class='evcal_evdata_icons'><i class='fa fa-map-marker'><\/i><\/span>\n\t\t\t\t\t\t\t\t\t<div class='evcal_evdata_cell' data-loc_tax_id='4568'>\t\t\t\t\t\t\t\n\t\t\t\t\t\t\t\t\t\t<h3 class='evo_h3'><span class='evcal_evdata_icons'><i class='fa fa-map-marker'><\/i><\/span>Location<\/h3><p class='evo_location_name'>Biblioth\u00e8que Roberto Bola\u00f1o<\/p><p class='evo_location_address'><\/p>\n\t\t\t\t\t\t\t\t\t<\/div>\n\t\t\t\t\t\t\t\t<\/div>\n\t\t\t\t\t\t\t<\/div><div class='clear'><\/div>\n\t\t\t\t\t\t\t<\/div><\/div>\n\t\t\t\t\t\t<\/div>\t\t\t\t\t\t<div class='evo_metarow_ICS evorow bordb evcal_evdata_row'>\n\t\t\t\t\t\t\t<span class=\"evcal_evdata_icons\"><i class=\"fa fa-calendar\"><\/i><\/span>\n\t\t\t\t\t\t\t<div class='evcal_evdata_cell'>\n\t\t\t\t\t\t\t\t<p><a href=\"https:\/\/www.blanescostabrava.cat\/wp-admin\/admin-ajax.php?action=eventon_ics_download&amp;event_id=233770&amp;sunix=20260520T080000Z&amp;eunix=20260529T110000Z&amp;loca=&amp;locn=Biblioth\u00e8que Roberto Bola\u00f1o\" class=\"evo_ics_nCal\" title=\"Add to your calendar\">Calendar<\/a><a href=\"\/\/www.google.com\/calendar\/event?action=TEMPLATE&amp;text=Atelier%3A+%22YO+CONECTO%3A+Apps+per+gaudir%22&amp;dates=20260520T080000Z\/20260529T110000Z&amp;details=DATE+%3A+mercredi+20%2C+vendredi+22%2C+mercredi+27+et+vendredi+29%0D%0AHEURE+%3A+de+10h00+%C3%A0+13h00%0D%0ALIEU+%3A+Biblioth%C3%A8que+Roberto+Bola%C3%B1o%0D%0AAnim%C3%A9+par+l%E2%80%99entit%C3%A9&amp;location=Biblioth%C3%A8que+Roberto+Bola%C3%B1o - \" target=\"_blank\" class=\"evo_ics_gCal\" title=\"Add to google calendar\">GoogleCal<\/a><\/p>\t\n\t\t\t\t\t\t\t<\/div>\t\t\t\t\t\t<\/div>\n\t\t\t\t\t\t<\/div><div class='clear end'><\/div><\/div><div id=\"event_233782\" class=\"eventon_list_event evo_eventtop  event hasbgimg\" data-event_id=\"233782\" data-time=\"1779384600-1779390000\" data-colr=\"#206177\" itemscope itemtype='http:\/\/schema.org\/Event' 40><div class=\"evo_boxtop\" style=\"background-image: url(https:\/\/www.blanescostabrava.cat\/wp-content\/uploads\/2019\/12\/biblioteca-comarcal.jpg); background-color:#206177;height:200px;\"><\/div><div class=\"evo_event_schema\" style=\"display:none\" ><a itemprop=\"url\" href=\"https:\/\/www.blanescostabrava.cat\/fr\/events\/club-de-lecture-benjamin-contes-per-entendre-el-mon\/\"><\/a><span itemprop='name'  >Club de Lecture Benjamin: \"Contes per entendre el m\u00f3n\"<\/span><meta itemprop='image' content='https:\/\/www.blanescostabrava.cat\/wp-content\/uploads\/2019\/12\/biblioteca-comarcal.jpg' ><\/meta><meta itemprop='description' content='DATE : jeudi 21 mai\r\nHEURE : 17h30\r\nLIEU : Biblioth\u00e8que Roberto Bola\u00f1o\r\nPour les enfants de 10 et 11 ans.\r\nPlaces limit\u00e9es. Informations' ><\/meta><meta itemprop='startDate' content='2026-5-21' ><\/meta><meta itemprop='endDate' content='2026-5-21' ><\/meta><meta itemprop='eventStatus' content='on-schedule' ><\/meta><script type=\"application\/ld+json\">{\t\"@context\": \"http:\/\/schema.org\",\n\t\t\t\t\t\t\t  \t\"@type\": \"Event\",\n\t\t\t\t\t\t\t  \t\"name\": \"Club de Lecture Benjamin: \"Contes per entendre el m\u00f3n\"\",\n\t\t\t\t\t\t\t  \t\"startDate\": \"2026-5-21T17-17-30-00\",\n\t\t\t\t\t\t\t  \t\"endDate\": \"2026-5-21T19-19-00-00\",\n\t\t\t\t\t\t\t  \t\"image\":\"https:\/\/www.blanescostabrava.cat\/wp-content\/uploads\/2019\/12\/biblioteca-comarcal-300x194.jpg\",\n\t\t\t\t\t\t\t  \t\"description\":\"DATE : jeudi 21 mai\r\nHEURE : 17h30\r\nLIEU : Biblioth\u00e8que Roberto Bola\u00f1o\r\nPour les enfants de 10 et 11 ans.\r\nPlaces limit\u00e9es. Informations\",\n\t\t\t\t\t\t\t  \t\n\t\t\t\t\t\t\t }<\/script><\/div>\n\t\t\t\t<p class=\"desc_trig_outter\"><a data-gmap_status=\"null\" data-exlk=\"0\" style=\"border-color: #206177;padding-top: 215px;height: 310px;\" id=\"evc_1779384600233782\" class=\"desc_trig sin_val evcal_list_a\" data-ux_val=\"3\"  ><span class='event-img'><img src='https:\/\/www.blanescostabrava.cat\/wp-content\/uploads\/2019\/12\/biblioteca-comarcal.jpg'><\/span><span class='evcal_cblock ' data-bgcolor='#206177' data-smon='mai' data-syr='2026'><span class='evo_start '><em class='date'>21<\/em><em class='month'>mai<\/em><em class='time'>5:30 pm<\/em><\/span><span class='evo_end only_time'><em class='time'>7:00 pm<\/em><\/span><em class='clear'><\/em><\/span><span class='evcal_desc evo_info hide_eventtopdata '  data-location_status=\"false\" ><span class='evo_above_title'><\/span><span class='evcal_desc2 evcal_event_title' itemprop='name'>Club de Lecture Benjamin: \"Contes per entendre el m\u00f3n\"<\/span><span class='evo_below_title'><\/span><span class='evcal_desc_info' ><\/span><span class='evcal_desc3'><\/span><\/span><em class='clear'><\/em><\/p><\/a><div class='event_description evcal_eventcard ' style=\"display:none\"><div class='evo_metarow_directimg'><img src='https:\/\/www.blanescostabrava.cat\/wp-content\/uploads\/2019\/12\/biblioteca-comarcal.jpg' alt=\"biblioteca_comarcal_blanes\"\/><\/div><div class='evo_metarow_details evorow evcal_evdata_row bordb evcal_event_details'>\n\t\t\t\t\t\t\t<div class=\"event_excerpt\" style=\"display:none\"><h3 class=\"padb5 evo_h3\">Description<\/h3><p>DATE : jeudi 21 mai\r\nHEURE : 17h30\r\nLIEU : Biblioth\u00e8que Roberto Bola\u00f1o\r\nPour les enfants de 10 et 11 ans.\r\nPlaces limit\u00e9es. Informations<\/p><\/div><span class='evcal_evdata_icons'><i class='fa fa-align-justify'><\/i><\/span>\n\t\t\t\t\t\t\t\n\t\t\t\t\t\t\t<div class='evcal_evdata_cell shorter_desc'><div class='eventon_details_shading_bot'>\n\t\t\t\t\t\t\t\t<p class='eventon_shad_p' content='less'><span class='ev_more_text' data-txt='less'>more<\/span><span class='ev_more_arrow'><\/span><\/p>\n\t\t\t\t\t\t\t<\/div><div class='eventon_full_description'>\n\t\t\t\t\t\t\t\t\t<h3 class='padb5 evo_h3'><span class='evcal_evdata_icons'><i class='fa fa-align-justify'><\/i><\/span>Description<\/h3><div class='eventon_desc_in' itemprop='description'>\n\t\t\t\t\t\t\t\t\t<p data-start=\"922\" data-end=\"943\">DATE : jeudi 21 mai<\/p>\n<p data-start=\"945\" data-end=\"960\">HEURE : 17h30<\/p>\n<p data-start=\"962\" data-end=\"998\">LIEU : Biblioth\u00e8que Roberto Bola\u00f1o<\/p>\n<p data-start=\"1000\" data-end=\"1035\">Pour les enfants de 10 et 11 ans.<\/p>\n<p data-start=\"1037\" data-end=\"1103\">Places limit\u00e9es. Informations et inscriptions \u00e0 la biblioth\u00e8que.<\/p>\n<p data-start=\"1105\" data-end=\"1209\">Plus d\u2019informations sur le blog : <a class=\"decorated-link\" href=\"https:\/\/biblioteca.blanes.cat\/salainfantil\/club-de-lectura-infantil\/\" target=\"_new\" rel=\"noopener\" data-start=\"1139\" data-end=\"1207\">https:\/\/biblioteca.blanes.cat\/salainfantil\/club-de-lectura-infantil\/<\/a><\/p>\n<\/div><div class='clear'><\/div>\n\t\t\t\t\t\t\t\t<\/div>\n\t\t\t\t\t\t\t<\/div>\n\t\t\t\t\t\t<\/div><div class='evo_metarow_time_location evorow bordb '>\n\t\t\t\t\t\t<div class='tb' >\n\t\t\t\t\t\t\t<div class='tbrow'>\n\t\t\t\t\t\t\t<div class='evcal_col50 bordr'>\n\t\t\t\t\t\t\t\t<div class='evcal_evdata_row evo_time'>\n\t\t\t\t\t\t\t\t\t<span class='evcal_evdata_icons'><i class='fa fa-clock-o'><\/i><\/span>\n\t\t\t\t\t\t\t\t\t<div class='evcal_evdata_cell'>\t\t\t\t\t\t\t\n\t\t\t\t\t\t\t\t\t\t<h3 class='evo_h3'><span class='evcal_evdata_icons'><i class='fa fa-clock-o'><\/i><\/span>Date<\/h3>\n\t\t\t\t\t\t\t\t\t\t<p>(Thursday) 5:30 pm - 7:00 pm<\/p>\n\t\t\t\t\t\t\t\t\t<\/div>\n\t\t\t\t\t\t\t\t<\/div>\n\t\t\t\t\t\t\t<\/div><div class='evcal_col50'>\n\t\t\t\t\t\t\t\t<div class='evcal_evdata_row evo_location'>\n\t\t\t\t\t\t\t\t\t<span class='evcal_evdata_icons'><i class='fa fa-map-marker'><\/i><\/span>\n\t\t\t\t\t\t\t\t\t<div class='evcal_evdata_cell' data-loc_tax_id='4568'>\t\t\t\t\t\t\t\n\t\t\t\t\t\t\t\t\t\t<h3 class='evo_h3'><span class='evcal_evdata_icons'><i class='fa fa-map-marker'><\/i><\/span>Location<\/h3><p class='evo_location_name'>Biblioth\u00e8que Roberto Bola\u00f1o<\/p><p class='evo_location_address'><\/p>\n\t\t\t\t\t\t\t\t\t<\/div>\n\t\t\t\t\t\t\t\t<\/div>\n\t\t\t\t\t\t\t<\/div><div class='clear'><\/div>\n\t\t\t\t\t\t\t<\/div><\/div>\n\t\t\t\t\t\t<\/div>\t\t\t\t\t\t<div class='evo_metarow_ICS evorow bordb evcal_evdata_row'>\n\t\t\t\t\t\t\t<span class=\"evcal_evdata_icons\"><i class=\"fa fa-calendar\"><\/i><\/span>\n\t\t\t\t\t\t\t<div class='evcal_evdata_cell'>\n\t\t\t\t\t\t\t\t<p><a href=\"https:\/\/www.blanescostabrava.cat\/wp-admin\/admin-ajax.php?action=eventon_ics_download&amp;event_id=233782&amp;sunix=20260521T153000Z&amp;eunix=20260521T170000Z&amp;loca=&amp;locn=Biblioth\u00e8que Roberto Bola\u00f1o\" class=\"evo_ics_nCal\" title=\"Add to your calendar\">Calendar<\/a><a href=\"\/\/www.google.com\/calendar\/event?action=TEMPLATE&amp;text=Club+de+Lecture+Benjamin%3A+%22Contes+per+entendre+el+m%C3%B3n%22&amp;dates=20260521T153000Z\/20260521T170000Z&amp;details=DATE+%3A+jeudi+21+mai%0D%0AHEURE+%3A+17h30%0D%0ALIEU+%3A+Biblioth%C3%A8que+Roberto+Bola%C3%B1o%0D%0APour+les+enfants+de+10+et+11+ans.%0D%0APlaces+limit%C3%A9es.+Informations&amp;location=Biblioth%C3%A8que+Roberto+Bola%C3%B1o - \" target=\"_blank\" class=\"evo_ics_gCal\" title=\"Add to google calendar\">GoogleCal<\/a><\/p>\t\n\t\t\t\t\t\t\t<\/div>\t\t\t\t\t\t<\/div>\n\t\t\t\t\t\t<\/div><div class='clear end'><\/div><\/div><div id=\"event_234343\" class=\"eventon_list_event evo_eventtop  event hasbgimg\" data-event_id=\"234343\" data-time=\"1779494401-1779667199\" data-colr=\"#206177\" itemscope itemtype='http:\/\/schema.org\/Event' 41><div class=\"evo_boxtop\" style=\"background-image: url(https:\/\/www.blanescostabrava.cat\/wp-content\/uploads\/2026\/05\/propietat-blanesaldia10afira.jpg); background-color:#206177;height:200px;\"><\/div><div class=\"evo_event_schema\" style=\"display:none\" ><a itemprop=\"url\" href=\"https:\/\/www.blanescostabrava.cat\/fr\/events\/foire-des-associations\/\"><\/a><span itemprop='name'  >Foire des associations<\/span><meta itemprop='image' content='https:\/\/www.blanescostabrava.cat\/wp-content\/uploads\/2026\/05\/propietat-blanesaldia10afira.jpg' ><\/meta><meta itemprop='description' content='Foire des associationsDATE : Samedi 23 et dimanche 24HEURE : Le 23, de 12h00 \u00e0 20h00 ; le 24, de 9h30 \u00e0 18h30' ><\/meta><meta itemprop='startDate' content='2026-5-23' ><\/meta><meta itemprop='endDate' content='2026-5-24' ><\/meta><meta itemprop='eventStatus' content='on-schedule' ><\/meta>\n\t\t\t\t\t\t\t\t\t<item style=\"display:none\" itemprop=\"location\" itemscope itemtype=\"http:\/\/schema.org\/Place\">\n\t\t\t\t\t\t\t\t\t\t<span itemprop=\"name\">Passeig de Mar<\/span>\n\t\t\t\t\t\t\t\t\t\t<span itemprop=\"address\" itemscope itemtype=\"http:\/\/schema.org\/PostalAddress\">\n\t\t\t\t\t\t\t\t\t\t\t<item itemprop=\"streetAddress\"><\/item>\n\t\t\t\t\t\t\t\t\t\t<\/span><\/item><script type=\"application\/ld+json\">{\t\"@context\": \"http:\/\/schema.org\",\n\t\t\t\t\t\t\t  \t\"@type\": \"Event\",\n\t\t\t\t\t\t\t  \t\"name\": \"Foire des associations\",\n\t\t\t\t\t\t\t  \t\"startDate\": \"2026-5-23T00-00-00-00\",\n\t\t\t\t\t\t\t  \t\"endDate\": \"2026-5-24T23-23-59-00\",\n\t\t\t\t\t\t\t  \t\"image\":\"https:\/\/www.blanescostabrava.cat\/wp-content\/uploads\/2026\/05\/propietat-blanesaldia10afira-300x169.jpg\",\n\t\t\t\t\t\t\t  \t\"description\":\"Foire des associationsDATE : Samedi 23 et dimanche 24HEURE : Le 23, de 12h00 \u00e0 20h00 ; le 24, de 9h30 \u00e0 18h30\",\n\t\t\t\t\t\t\t  \t\n\t\t\t\t\t\t\t }<\/script><\/div>\n\t\t\t\t<p class=\"desc_trig_outter\"><a data-gmap_status=\"null\" data-exlk=\"0\" style=\"border-color: #206177;padding-top: 215px;height: 310px;\" id=\"evc_1779494401234343\" class=\"desc_trig mul_val evcal_list_a\" data-ux_val=\"3\"  ><span class='event-img'><img src='https:\/\/www.blanescostabrava.cat\/wp-content\/uploads\/2026\/05\/propietat-blanesaldia10afira.jpg'><\/span><span class='evcal_cblock ' data-bgcolor='#206177' data-smon='mai' data-syr='2026'><span class='evo_start '><em class='date'>23<\/em><em class='month'>mai<\/em><em class='time'>allday<\/em><\/span><span class='evo_end '><em class='date'>24<\/em><\/span><em class='clear'><\/em><\/span><span class='evcal_desc evo_info hide_eventtopdata ' data-latlng=\"41.672451,2.790810\"  data-location_address=\"\" data-location_type=\"lonlat\" data-location_name=\"Passeig de Mar\" data-location_status=\"true\" ><span class='evo_above_title'><\/span><span class='evcal_desc2 evcal_event_title' itemprop='name'>Foire des associations<\/span><span class='evo_below_title'><\/span><span class='evcal_desc_info' ><\/span><span class='evcal_desc3'><\/span><\/span><em class='clear'><\/em><\/p><\/a><div class='event_description evcal_eventcard ' style=\"display:none\"><div class='evo_metarow_directimg'><img src='https:\/\/www.blanescostabrava.cat\/wp-content\/uploads\/2026\/05\/propietat-blanesaldia10afira.jpg' \/><\/div><div class='evo_metarow_details evorow evcal_evdata_row bordb evcal_event_details'>\n\t\t\t\t\t\t\t<div class=\"event_excerpt\" style=\"display:none\"><h3 class=\"padb5 evo_h3\">Description<\/h3><p>Foire des associationsDATE : Samedi 23 et dimanche 24HEURE : Le 23, de 12h00 \u00e0 20h00 ; le 24, de 9h30 \u00e0 18h30<\/p><\/div><span class='evcal_evdata_icons'><i class='fa fa-align-justify'><\/i><\/span>\n\t\t\t\t\t\t\t\n\t\t\t\t\t\t\t<div class='evcal_evdata_cell '><div class='eventon_full_description'>\n\t\t\t\t\t\t\t\t\t<h3 class='padb5 evo_h3'><span class='evcal_evdata_icons'><i class='fa fa-align-justify'><\/i><\/span>Description<\/h3><div class='eventon_desc_in' itemprop='description'>\n\t\t\t\t\t\t\t\t\t<p>Foire des associations<br data-start=\"1297\" data-end=\"1300\" \/>DATE : Samedi 23 et dimanche 24<br data-start=\"530\" data-end=\"533\" \/>HEURE : Le 23, de 12h00 \u00e0 20h00 ; le 24, de 9h30 \u00e0 18h30<br data-start=\"1378\" data-end=\"1381\" \/>LIEU : Passeig de Mar<\/p>\n<\/div><div class='clear'><\/div>\n\t\t\t\t\t\t\t\t<\/div>\n\t\t\t\t\t\t\t<\/div>\n\t\t\t\t\t\t<\/div><div class='evo_metarow_time_location evorow bordb '>\n\t\t\t\t\t\t<div class='tb' >\n\t\t\t\t\t\t\t<div class='tbrow'>\n\t\t\t\t\t\t\t<div class='evcal_col50 bordr'>\n\t\t\t\t\t\t\t\t<div class='evcal_evdata_row evo_time'>\n\t\t\t\t\t\t\t\t\t<span class='evcal_evdata_icons'><i class='fa fa-clock-o'><\/i><\/span>\n\t\t\t\t\t\t\t\t\t<div class='evcal_evdata_cell'>\t\t\t\t\t\t\t\n\t\t\t\t\t\t\t\t\t\t<h3 class='evo_h3'><span class='evcal_evdata_icons'><i class='fa fa-clock-o'><\/i><\/span>Date<\/h3>\n\t\t\t\t\t\t\t\t\t\t<p>mai 23 (Saturday) - 24 (Sunday)<\/p>\n\t\t\t\t\t\t\t\t\t<\/div>\n\t\t\t\t\t\t\t\t<\/div>\n\t\t\t\t\t\t\t<\/div><div class='evcal_col50'>\n\t\t\t\t\t\t\t\t<div class='evcal_evdata_row evo_location'>\n\t\t\t\t\t\t\t\t\t<span class='evcal_evdata_icons'><i class='fa fa-map-marker'><\/i><\/span>\n\t\t\t\t\t\t\t\t\t<div class='evcal_evdata_cell' data-loc_tax_id='800'>\t\t\t\t\t\t\t\n\t\t\t\t\t\t\t\t\t\t<h3 class='evo_h3'><span class='evcal_evdata_icons'><i class='fa fa-map-marker'><\/i><\/span>Location<\/h3><p class='evo_location_name'>Passeig de Mar<\/p><p class='evo_location_address'><\/p>\n\t\t\t\t\t\t\t\t\t<\/div>\n\t\t\t\t\t\t\t\t<\/div>\n\t\t\t\t\t\t\t<\/div><div class='clear'><\/div>\n\t\t\t\t\t\t\t<\/div><\/div>\n\t\t\t\t\t\t<\/div>\t\t\t\t\t\t<div class='evo_metarow_ICS evorow bordb evcal_evdata_row'>\n\t\t\t\t\t\t\t<span class=\"evcal_evdata_icons\"><i class=\"fa fa-calendar\"><\/i><\/span>\n\t\t\t\t\t\t\t<div class='evcal_evdata_cell'>\n\t\t\t\t\t\t\t\t<p><a href=\"https:\/\/www.blanescostabrava.cat\/wp-admin\/admin-ajax.php?action=eventon_ics_download&amp;event_id=234343&amp;sunix=20260522T220000Z&amp;eunix=20260524T215900Z&amp;loca=&amp;locn=Passeig de Mar\" class=\"evo_ics_nCal\" title=\"Add to your calendar\">Calendar<\/a><a href=\"\/\/www.google.com\/calendar\/event?action=TEMPLATE&amp;text=Foire+des+associations&amp;dates=20260522T220000Z\/20260524T215900Z&amp;details=Foire+des+associationsDATE+%3A+Samedi+23+et+dimanche+24HEURE+%3A+Le+23%2C+de+12h00+%C3%A0+20h00+%3B+le+24%2C+de+9h30+%C3%A0+18h30&amp;location=Passeig+de+Mar - \" target=\"_blank\" class=\"evo_ics_gCal\" title=\"Add to google calendar\">GoogleCal<\/a><\/p>\t\n\t\t\t\t\t\t\t<\/div>\t\t\t\t\t\t<\/div>\n\t\t\t\t\t\t<\/div><div class='clear end'><\/div><\/div><div id=\"event_234352\" class=\"eventon_list_event evo_eventtop  event hasbgimg\" data-event_id=\"234352\" data-time=\"1779494401-1779667199\" data-colr=\"#206177\" itemscope itemtype='http:\/\/schema.org\/Event' 42><div class=\"evo_boxtop\" style=\"background-image: url(https:\/\/www.blanescostabrava.cat\/wp-content\/uploads\/2018\/04\/Copia-de-CEB-b\u00e0squet-2.jpg); background-color:#206177;height:200px;\"><\/div><div class=\"evo_event_schema\" style=\"display:none\" ><a itemprop=\"url\" href=\"https:\/\/www.blanescostabrava.cat\/fr\/events\/tournoi-de-basket-ceb\/\"><\/a><span itemprop='name'  >Tournoi de basket CEB<\/span><meta itemprop='image' content='https:\/\/www.blanescostabrava.cat\/wp-content\/uploads\/2018\/04\/Copia-de-CEB-b\u00e0squet-2.jpg' ><\/meta><meta itemprop='description' content='Tournoi de basket CEBDATE : Samedi 23 et dimanche 24LIEU : Ciutat Esportiva' ><\/meta><meta itemprop='startDate' content='2026-5-23' ><\/meta><meta itemprop='endDate' content='2026-5-24' ><\/meta><meta itemprop='eventStatus' content='on-schedule' ><\/meta><script type=\"application\/ld+json\">{\t\"@context\": \"http:\/\/schema.org\",\n\t\t\t\t\t\t\t  \t\"@type\": \"Event\",\n\t\t\t\t\t\t\t  \t\"name\": \"Tournoi de basket CEB\",\n\t\t\t\t\t\t\t  \t\"startDate\": \"2026-5-23T00-00-00-00\",\n\t\t\t\t\t\t\t  \t\"endDate\": \"2026-5-24T23-23-59-00\",\n\t\t\t\t\t\t\t  \t\"image\":\"https:\/\/www.blanescostabrava.cat\/wp-content\/uploads\/2018\/04\/Copia-de-CEB-b\u00e0squet-2-300x200.jpg\",\n\t\t\t\t\t\t\t  \t\"description\":\"Tournoi de basket CEBDATE : Samedi 23 et dimanche 24LIEU : Ciutat Esportiva\",\n\t\t\t\t\t\t\t  \t\n\t\t\t\t\t\t\t }<\/script><\/div>\n\t\t\t\t<p class=\"desc_trig_outter\"><a data-gmap_status=\"null\" data-exlk=\"0\" style=\"border-color: #206177;padding-top: 215px;height: 310px;\" id=\"evc_1779494401234352\" class=\"desc_trig mul_val evcal_list_a\" data-ux_val=\"3\"  ><span class='event-img'><img src='https:\/\/www.blanescostabrava.cat\/wp-content\/uploads\/2018\/04\/Copia-de-CEB-b\u00e0squet-2.jpg'><\/span><span class='evcal_cblock ' data-bgcolor='#206177' data-smon='mai' data-syr='2026'><span class='evo_start '><em class='date'>23<\/em><em class='month'>mai<\/em><em class='time'>allday<\/em><\/span><span class='evo_end '><em class='date'>24<\/em><\/span><em class='clear'><\/em><\/span><span class='evcal_desc evo_info hide_eventtopdata '  data-location_status=\"false\" ><span class='evo_above_title'><\/span><span class='evcal_desc2 evcal_event_title' itemprop='name'>Tournoi de basket CEB<\/span><span class='evo_below_title'><\/span><span class='evcal_desc_info' ><\/span><span class='evcal_desc3'><\/span><\/span><em class='clear'><\/em><\/p><\/a><div class='event_description evcal_eventcard ' style=\"display:none\"><div class='evo_metarow_directimg'><img src='https:\/\/www.blanescostabrava.cat\/wp-content\/uploads\/2018\/04\/Copia-de-CEB-b\u00e0squet-2.jpg' \/><\/div><div class='evo_metarow_details evorow evcal_evdata_row bordb evcal_event_details'>\n\t\t\t\t\t\t\t<div class=\"event_excerpt\" style=\"display:none\"><h3 class=\"padb5 evo_h3\">Description<\/h3><p>Tournoi de basket CEBDATE : Samedi 23 et dimanche 24LIEU : Ciutat Esportiva<\/p><\/div><span class='evcal_evdata_icons'><i class='fa fa-align-justify'><\/i><\/span>\n\t\t\t\t\t\t\t\n\t\t\t\t\t\t\t<div class='evcal_evdata_cell '><div class='eventon_full_description'>\n\t\t\t\t\t\t\t\t\t<h3 class='padb5 evo_h3'><span class='evcal_evdata_icons'><i class='fa fa-align-justify'><\/i><\/span>Description<\/h3><div class='eventon_desc_in' itemprop='description'>\n\t\t\t\t\t\t\t\t\t<p>Tournoi de basket CEB<br data-start=\"2031\" data-end=\"2034\" \/>DATE : Samedi 23 et dimanche 24<br data-start=\"2065\" data-end=\"2068\" \/>LIEU : Ciutat Esportiva<\/p>\n<\/div><div class='clear'><\/div>\n\t\t\t\t\t\t\t\t<\/div>\n\t\t\t\t\t\t\t<\/div>\n\t\t\t\t\t\t<\/div><div class='evo_metarow_time_location evorow bordb '>\n\t\t\t\t\t\t<div class='tb' >\n\t\t\t\t\t\t\t<div class='tbrow'>\n\t\t\t\t\t\t\t<div class='evcal_col50 bordr'>\n\t\t\t\t\t\t\t\t<div class='evcal_evdata_row evo_time'>\n\t\t\t\t\t\t\t\t\t<span class='evcal_evdata_icons'><i class='fa fa-clock-o'><\/i><\/span>\n\t\t\t\t\t\t\t\t\t<div class='evcal_evdata_cell'>\t\t\t\t\t\t\t\n\t\t\t\t\t\t\t\t\t\t<h3 class='evo_h3'><span class='evcal_evdata_icons'><i class='fa fa-clock-o'><\/i><\/span>Date<\/h3>\n\t\t\t\t\t\t\t\t\t\t<p>mai 23 (Saturday) - 24 (Sunday)<\/p>\n\t\t\t\t\t\t\t\t\t<\/div>\n\t\t\t\t\t\t\t\t<\/div>\n\t\t\t\t\t\t\t<\/div><div class='evcal_col50'>\n\t\t\t\t\t\t\t\t<div class='evcal_evdata_row evo_location'>\n\t\t\t\t\t\t\t\t\t<span class='evcal_evdata_icons'><i class='fa fa-map-marker'><\/i><\/span>\n\t\t\t\t\t\t\t\t\t<div class='evcal_evdata_cell' data-loc_tax_id='6571'>\t\t\t\t\t\t\t\n\t\t\t\t\t\t\t\t\t\t<h3 class='evo_h3'><span class='evcal_evdata_icons'><i class='fa fa-map-marker'><\/i><\/span>Location<\/h3><p class='evo_location_name'>Ciutat Esportiva<\/p><p class='evo_location_address'><\/p>\n\t\t\t\t\t\t\t\t\t<\/div>\n\t\t\t\t\t\t\t\t<\/div>\n\t\t\t\t\t\t\t<\/div><div class='clear'><\/div>\n\t\t\t\t\t\t\t<\/div><\/div>\n\t\t\t\t\t\t<\/div>\t\t\t\t\t\t<div class='evo_metarow_ICS evorow bordb evcal_evdata_row'>\n\t\t\t\t\t\t\t<span class=\"evcal_evdata_icons\"><i class=\"fa fa-calendar\"><\/i><\/span>\n\t\t\t\t\t\t\t<div class='evcal_evdata_cell'>\n\t\t\t\t\t\t\t\t<p><a href=\"https:\/\/www.blanescostabrava.cat\/wp-admin\/admin-ajax.php?action=eventon_ics_download&amp;event_id=234352&amp;sunix=20260522T220000Z&amp;eunix=20260524T215900Z&amp;loca=&amp;locn=Ciutat Esportiva\" class=\"evo_ics_nCal\" title=\"Add to your calendar\">Calendar<\/a><a href=\"\/\/www.google.com\/calendar\/event?action=TEMPLATE&amp;text=Tournoi+de+basket+CEB&amp;dates=20260522T220000Z\/20260524T215900Z&amp;details=Tournoi+de+basket+CEBDATE+%3A+Samedi+23+et+dimanche+24LIEU+%3A+Ciutat+Esportiva&amp;location=Ciutat+Esportiva - \" target=\"_blank\" class=\"evo_ics_gCal\" title=\"Add to google calendar\">GoogleCal<\/a><\/p>\t\n\t\t\t\t\t\t\t<\/div>\t\t\t\t\t\t<\/div>\n\t\t\t\t\t\t<\/div><div class='clear end'><\/div><\/div><div id=\"event_234307\" class=\"eventon_list_event evo_eventtop  event hasbgimg\" data-event_id=\"234307\" data-time=\"1779494401-1780271999\" data-colr=\"#206177\" itemscope itemtype='http:\/\/schema.org\/Event' 43><div class=\"evo_boxtop\" style=\"background-image: url(https:\/\/www.blanescostabrava.cat\/wp-content\/uploads\/2018\/04\/CAMP-FUTBOL-Can-Borell-1.jpg); background-color:#206177;height:200px;\"><\/div><div class=\"evo_event_schema\" style=\"display:none\" ><a itemprop=\"url\" href=\"https:\/\/www.blanescostabrava.cat\/fr\/events\/tournoi-de-football-rondo-can-borell\/\"><\/a><span itemprop='name'  >Tournoi de football Rondo Can Borell<\/span><meta itemprop='image' content='https:\/\/www.blanescostabrava.cat\/wp-content\/uploads\/2018\/04\/CAMP-FUTBOL-Can-Borell-1.jpg' ><\/meta><meta itemprop='description' content='Tournoi de football Rondo Can BorellDATE : Samedi 23, dimanche 24, samedi 30 et dimanche 31LIEU : Ciutat Esportiva' ><\/meta><meta itemprop='startDate' content='2026-5-23' ><\/meta><meta itemprop='endDate' content='2026-5-31' ><\/meta><meta itemprop='eventStatus' content='on-schedule' ><\/meta><script type=\"application\/ld+json\">{\t\"@context\": \"http:\/\/schema.org\",\n\t\t\t\t\t\t\t  \t\"@type\": \"Event\",\n\t\t\t\t\t\t\t  \t\"name\": \"Tournoi de football Rondo Can Borell\",\n\t\t\t\t\t\t\t  \t\"startDate\": \"2026-5-23T00-00-00-00\",\n\t\t\t\t\t\t\t  \t\"endDate\": \"2026-5-31T23-23-59-00\",\n\t\t\t\t\t\t\t  \t\"image\":\"https:\/\/www.blanescostabrava.cat\/wp-content\/uploads\/2018\/04\/CAMP-FUTBOL-Can-Borell-1-300x225.jpg\",\n\t\t\t\t\t\t\t  \t\"description\":\"Tournoi de football Rondo Can BorellDATE : Samedi 23, dimanche 24, samedi 30 et dimanche 31LIEU : Ciutat Esportiva\",\n\t\t\t\t\t\t\t  \t\n\t\t\t\t\t\t\t }<\/script><\/div>\n\t\t\t\t<p class=\"desc_trig_outter\"><a data-gmap_status=\"null\" data-exlk=\"0\" style=\"border-color: #206177;padding-top: 215px;height: 310px;\" id=\"evc_1779494401234307\" class=\"desc_trig mul_val evcal_list_a\" data-ux_val=\"3\"  ><span class='event-img'><img src='https:\/\/www.blanescostabrava.cat\/wp-content\/uploads\/2018\/04\/CAMP-FUTBOL-Can-Borell-1.jpg'><\/span><span class='evcal_cblock ' data-bgcolor='#206177' data-smon='mai' data-syr='2026'><span class='evo_start '><em class='date'>23<\/em><em class='month'>mai<\/em><em class='time'>allday<\/em><\/span><span class='evo_end '><em class='date'>31<\/em><\/span><em class='clear'><\/em><\/span><span class='evcal_desc evo_info hide_eventtopdata '  data-location_status=\"false\" ><span class='evo_above_title'><\/span><span class='evcal_desc2 evcal_event_title' itemprop='name'>Tournoi de football Rondo Can Borell<\/span><span class='evo_below_title'><\/span><span class='evcal_desc_info' ><\/span><span class='evcal_desc3'><\/span><\/span><em class='clear'><\/em><\/p><\/a><div class='event_description evcal_eventcard ' style=\"display:none\"><div class='evo_metarow_directimg'><img src='https:\/\/www.blanescostabrava.cat\/wp-content\/uploads\/2018\/04\/CAMP-FUTBOL-Can-Borell-1.jpg' \/><\/div><div class='evo_metarow_details evorow evcal_evdata_row bordb evcal_event_details'>\n\t\t\t\t\t\t\t<div class=\"event_excerpt\" style=\"display:none\"><h3 class=\"padb5 evo_h3\">Description<\/h3><p>Tournoi de football Rondo Can BorellDATE : Samedi 23, dimanche 24, samedi 30 et dimanche 31LIEU : Ciutat Esportiva<\/p><\/div><span class='evcal_evdata_icons'><i class='fa fa-align-justify'><\/i><\/span>\n\t\t\t\t\t\t\t\n\t\t\t\t\t\t\t<div class='evcal_evdata_cell '><div class='eventon_full_description'>\n\t\t\t\t\t\t\t\t\t<h3 class='padb5 evo_h3'><span class='evcal_evdata_icons'><i class='fa fa-align-justify'><\/i><\/span>Description<\/h3><div class='eventon_desc_in' itemprop='description'>\n\t\t\t\t\t\t\t\t\t<p>Tournoi de football Rondo Can Borell<br data-start=\"496\" data-end=\"499\" \/>DATE : Samedi 23, dimanche 24, samedi 30 et dimanche 31<br data-start=\"589\" data-end=\"592\" \/>LIEU : Ciutat Esportiva<\/p>\n<\/div><div class='clear'><\/div>\n\t\t\t\t\t\t\t\t<\/div>\n\t\t\t\t\t\t\t<\/div>\n\t\t\t\t\t\t<\/div><div class='evo_metarow_time_location evorow bordb '>\n\t\t\t\t\t\t<div class='tb' >\n\t\t\t\t\t\t\t<div class='tbrow'>\n\t\t\t\t\t\t\t<div class='evcal_col50 bordr'>\n\t\t\t\t\t\t\t\t<div class='evcal_evdata_row evo_time'>\n\t\t\t\t\t\t\t\t\t<span class='evcal_evdata_icons'><i class='fa fa-clock-o'><\/i><\/span>\n\t\t\t\t\t\t\t\t\t<div class='evcal_evdata_cell'>\t\t\t\t\t\t\t\n\t\t\t\t\t\t\t\t\t\t<h3 class='evo_h3'><span class='evcal_evdata_icons'><i class='fa fa-clock-o'><\/i><\/span>Date<\/h3>\n\t\t\t\t\t\t\t\t\t\t<p>mai 23 (Saturday) - 31 (Sunday)<\/p>\n\t\t\t\t\t\t\t\t\t<\/div>\n\t\t\t\t\t\t\t\t<\/div>\n\t\t\t\t\t\t\t<\/div><div class='evcal_col50'>\n\t\t\t\t\t\t\t\t<div class='evcal_evdata_row evo_location'>\n\t\t\t\t\t\t\t\t\t<span class='evcal_evdata_icons'><i class='fa fa-map-marker'><\/i><\/span>\n\t\t\t\t\t\t\t\t\t<div class='evcal_evdata_cell' data-loc_tax_id='6571'>\t\t\t\t\t\t\t\n\t\t\t\t\t\t\t\t\t\t<h3 class='evo_h3'><span class='evcal_evdata_icons'><i class='fa fa-map-marker'><\/i><\/span>Location<\/h3><p class='evo_location_name'>Ciutat Esportiva<\/p><p class='evo_location_address'><\/p>\n\t\t\t\t\t\t\t\t\t<\/div>\n\t\t\t\t\t\t\t\t<\/div>\n\t\t\t\t\t\t\t<\/div><div class='clear'><\/div>\n\t\t\t\t\t\t\t<\/div><\/div>\n\t\t\t\t\t\t<\/div>\t\t\t\t\t\t<div class='evo_metarow_ICS evorow bordb evcal_evdata_row'>\n\t\t\t\t\t\t\t<span class=\"evcal_evdata_icons\"><i class=\"fa fa-calendar\"><\/i><\/span>\n\t\t\t\t\t\t\t<div class='evcal_evdata_cell'>\n\t\t\t\t\t\t\t\t<p><a href=\"https:\/\/www.blanescostabrava.cat\/wp-admin\/admin-ajax.php?action=eventon_ics_download&amp;event_id=234307&amp;sunix=20260522T220000Z&amp;eunix=20260531T215900Z&amp;loca=&amp;locn=Ciutat Esportiva\" class=\"evo_ics_nCal\" title=\"Add to your calendar\">Calendar<\/a><a href=\"\/\/www.google.com\/calendar\/event?action=TEMPLATE&amp;text=Tournoi+de+football+Rondo+Can+Borell&amp;dates=20260522T220000Z\/20260531T215900Z&amp;details=Tournoi+de+football+Rondo+Can+BorellDATE+%3A+Samedi+23%2C+dimanche+24%2C+samedi+30+et+dimanche+31LIEU+%3A+Ciutat+Esportiva&amp;location=Ciutat+Esportiva - \" target=\"_blank\" class=\"evo_ics_gCal\" title=\"Add to google calendar\">GoogleCal<\/a><\/p>\t\n\t\t\t\t\t\t\t<\/div>\t\t\t\t\t\t<\/div>\n\t\t\t\t\t\t<\/div><div class='clear end'><\/div><\/div><div id=\"event_234367\" class=\"eventon_list_event evo_eventtop  event hasbgimg\" data-event_id=\"234367\" data-time=\"1779609600-1779613200\" data-colr=\"#206177\" itemscope itemtype='http:\/\/schema.org\/Event' 44><div class=\"evo_boxtop\" style=\"background-image: url(https:\/\/www.blanescostabrava.cat\/wp-content\/uploads\/2018\/04\/MARIMURTRA-28.jpg); background-color:#206177;height:200px;\"><\/div><div class=\"evo_event_schema\" style=\"display:none\" ><a itemprop=\"url\" href=\"https:\/\/www.blanescostabrava.cat\/fr\/events\/yoga-a-marimurtra-2\/\"><\/a><span itemprop='name'  >Yoga \u00e0 Marimurtra<\/span><meta itemprop='image' content='https:\/\/www.blanescostabrava.cat\/wp-content\/uploads\/2018\/04\/MARIMURTRA-28.jpg' ><\/meta><meta itemprop='description' content='Yoga \u00e0 MarimurtraDATE : Dimanche 24\/5HEURE : 8h00 - 9h00LIEU : Jardin botanique Marimurtra' ><\/meta><meta itemprop='startDate' content='2026-5-24' ><\/meta><meta itemprop='endDate' content='2026-5-24' ><\/meta><meta itemprop='eventStatus' content='on-schedule' ><\/meta><script type=\"application\/ld+json\">{\t\"@context\": \"http:\/\/schema.org\",\n\t\t\t\t\t\t\t  \t\"@type\": \"Event\",\n\t\t\t\t\t\t\t  \t\"name\": \"Yoga \u00e0 Marimurtra\",\n\t\t\t\t\t\t\t  \t\"startDate\": \"2026-5-24T08-08-00-00\",\n\t\t\t\t\t\t\t  \t\"endDate\": \"2026-5-24T09-09-00-00\",\n\t\t\t\t\t\t\t  \t\"image\":\"https:\/\/www.blanescostabrava.cat\/wp-content\/uploads\/2018\/04\/MARIMURTRA-28-200x300.jpg\",\n\t\t\t\t\t\t\t  \t\"description\":\"Yoga \u00e0 MarimurtraDATE : Dimanche 24\/5HEURE : 8h00 - 9h00LIEU : Jardin botanique Marimurtra\",\n\t\t\t\t\t\t\t  \t\n\t\t\t\t\t\t\t }<\/script><\/div>\n\t\t\t\t<p class=\"desc_trig_outter\"><a data-gmap_status=\"null\" data-exlk=\"0\" style=\"border-color: #206177;padding-top: 215px;height: 310px;\" id=\"evc_1779609600234367\" class=\"desc_trig sin_val evcal_list_a\" data-ux_val=\"3\"  ><span class='event-img'><img src='https:\/\/www.blanescostabrava.cat\/wp-content\/uploads\/2018\/04\/MARIMURTRA-28.jpg'><\/span><span class='evcal_cblock ' data-bgcolor='#206177' data-smon='mai' data-syr='2026'><span class='evo_start '><em class='date'>24<\/em><em class='month'>mai<\/em><em class='time'>8:00 am<\/em><\/span><span class='evo_end only_time'><em class='time'>9:00 am<\/em><\/span><em class='clear'><\/em><\/span><span class='evcal_desc evo_info hide_eventtopdata '  data-location_status=\"false\" ><span class='evo_above_title'><\/span><span class='evcal_desc2 evcal_event_title' itemprop='name'>Yoga \u00e0 Marimurtra<\/span><span class='evo_below_title'><\/span><span class='evcal_desc_info' ><\/span><span class='evcal_desc3'><\/span><\/span><em class='clear'><\/em><\/p><\/a><div class='event_description evcal_eventcard ' style=\"display:none\"><div class='evo_metarow_directimg'><img src='https:\/\/www.blanescostabrava.cat\/wp-content\/uploads\/2018\/04\/MARIMURTRA-28.jpg' \/><\/div><div class='evo_metarow_details evorow evcal_evdata_row bordb evcal_event_details'>\n\t\t\t\t\t\t\t<div class=\"event_excerpt\" style=\"display:none\"><h3 class=\"padb5 evo_h3\">Description<\/h3><p>Yoga \u00e0 MarimurtraDATE : Dimanche 24\/5HEURE : 8h00 - 9h00LIEU : Jardin botanique Marimurtra<\/p><\/div><span class='evcal_evdata_icons'><i class='fa fa-align-justify'><\/i><\/span>\n\t\t\t\t\t\t\t\n\t\t\t\t\t\t\t<div class='evcal_evdata_cell '><div class='eventon_full_description'>\n\t\t\t\t\t\t\t\t\t<h3 class='padb5 evo_h3'><span class='evcal_evdata_icons'><i class='fa fa-align-justify'><\/i><\/span>Description<\/h3><div class='eventon_desc_in' itemprop='description'>\n\t\t\t\t\t\t\t\t\t<p>Yoga \u00e0 Marimurtra<br data-start=\"363\" data-end=\"366\" \/>DATE : Dimanche 24\/5<br data-start=\"386\" data-end=\"389\" \/>HEURE : 8h00 &#8211; 9h00<br data-start=\"408\" data-end=\"411\" \/>LIEU : Jardin botanique Marimurtra<\/p>\n<\/div><div class='clear'><\/div>\n\t\t\t\t\t\t\t\t<\/div>\n\t\t\t\t\t\t\t<\/div>\n\t\t\t\t\t\t<\/div><div class='evo_metarow_time_location evorow bordb '>\n\t\t\t\t\t\t<div class='tb' >\n\t\t\t\t\t\t\t<div class='tbrow'>\n\t\t\t\t\t\t\t<div class='evcal_col50 bordr'>\n\t\t\t\t\t\t\t\t<div class='evcal_evdata_row evo_time'>\n\t\t\t\t\t\t\t\t\t<span class='evcal_evdata_icons'><i class='fa fa-clock-o'><\/i><\/span>\n\t\t\t\t\t\t\t\t\t<div class='evcal_evdata_cell'>\t\t\t\t\t\t\t\n\t\t\t\t\t\t\t\t\t\t<h3 class='evo_h3'><span class='evcal_evdata_icons'><i class='fa fa-clock-o'><\/i><\/span>Date<\/h3>\n\t\t\t\t\t\t\t\t\t\t<p>(Sunday) 8:00 am - 9:00 am<\/p>\n\t\t\t\t\t\t\t\t\t<\/div>\n\t\t\t\t\t\t\t\t<\/div>\n\t\t\t\t\t\t\t<\/div><div class='evcal_col50'>\n\t\t\t\t\t\t\t\t<div class='evcal_evdata_row evo_location'>\n\t\t\t\t\t\t\t\t\t<span class='evcal_evdata_icons'><i class='fa fa-map-marker'><\/i><\/span>\n\t\t\t\t\t\t\t\t\t<div class='evcal_evdata_cell' data-loc_tax_id='2946'>\t\t\t\t\t\t\t\n\t\t\t\t\t\t\t\t\t\t<h3 class='evo_h3'><span class='evcal_evdata_icons'><i class='fa fa-map-marker'><\/i><\/span>Location<\/h3><p class='evo_location_name'>Jardin Botanique Marimurtra<\/p><p class='evo_location_address'><\/p>\n\t\t\t\t\t\t\t\t\t<\/div>\n\t\t\t\t\t\t\t\t<\/div>\n\t\t\t\t\t\t\t<\/div><div class='clear'><\/div>\n\t\t\t\t\t\t\t<\/div><\/div>\n\t\t\t\t\t\t<\/div>\t\t\t\t\t\t<div class='evo_metarow_ICS evorow bordb evcal_evdata_row'>\n\t\t\t\t\t\t\t<span class=\"evcal_evdata_icons\"><i class=\"fa fa-calendar\"><\/i><\/span>\n\t\t\t\t\t\t\t<div class='evcal_evdata_cell'>\n\t\t\t\t\t\t\t\t<p><a href=\"https:\/\/www.blanescostabrava.cat\/wp-admin\/admin-ajax.php?action=eventon_ics_download&amp;event_id=234367&amp;sunix=20260524T060000Z&amp;eunix=20260524T070000Z&amp;loca=&amp;locn=Jardin Botanique Marimurtra\" class=\"evo_ics_nCal\" title=\"Add to your calendar\">Calendar<\/a><a href=\"\/\/www.google.com\/calendar\/event?action=TEMPLATE&amp;text=Yoga+%C3%A0+Marimurtra&amp;dates=20260524T060000Z\/20260524T070000Z&amp;details=Yoga+%C3%A0+MarimurtraDATE+%3A+Dimanche+24%2F5HEURE+%3A+8h00+-+9h00LIEU+%3A+Jardin+botanique+Marimurtra&amp;location=Jardin+Botanique+Marimurtra - \" target=\"_blank\" class=\"evo_ics_gCal\" title=\"Add to google calendar\">GoogleCal<\/a><\/p>\t\n\t\t\t\t\t\t\t<\/div>\t\t\t\t\t\t<\/div>\n\t\t\t\t\t\t<\/div><div class='clear end'><\/div><\/div><div id=\"event_234379\" class=\"eventon_list_event evo_eventtop  event hasbgimg\" data-event_id=\"234379\" data-time=\"1779616800-1779666600\" data-colr=\"#206177\" itemscope itemtype='http:\/\/schema.org\/Event' 45><div class=\"evo_boxtop\" style=\"background-image: url(https:\/\/www.blanescostabrava.cat\/wp-content\/uploads\/2018\/04\/ERMITA-SANT-FRANCESC-2.jpg); background-color:#206177;height:200px;\"><\/div><div class=\"evo_event_schema\" style=\"display:none\" ><a itemprop=\"url\" href=\"https:\/\/www.blanescostabrava.cat\/fr\/events\/visite-guidee-route-des-ermitages\/\"><\/a><span itemprop='name'  >Visite guid\u00e9e : Route des Ermitages<\/span><meta itemprop='image' content='https:\/\/www.blanescostabrava.cat\/wp-content\/uploads\/2018\/04\/ERMITA-SANT-FRANCESC-2.jpg' ><\/meta><meta itemprop='description' content='Visite guid\u00e9e : Route des ErmitagesDATE : Dimanche 24HEURE : 10h00LIEU : D\u00e9part de l\u2019Office de tourisme, pla\u00e7a Catalunya s\/n' ><\/meta><meta itemprop='startDate' content='2026-5-24' ><\/meta><meta itemprop='endDate' content='2026-5-24' ><\/meta><meta itemprop='eventStatus' content='on-schedule' ><\/meta><script type=\"application\/ld+json\">{\t\"@context\": \"http:\/\/schema.org\",\n\t\t\t\t\t\t\t  \t\"@type\": \"Event\",\n\t\t\t\t\t\t\t  \t\"name\": \"Visite guid\u00e9e : Route des Ermitages\",\n\t\t\t\t\t\t\t  \t\"startDate\": \"2026-5-24T10-10-00-00\",\n\t\t\t\t\t\t\t  \t\"endDate\": \"2026-5-24T23-23-50-00\",\n\t\t\t\t\t\t\t  \t\"image\":\"https:\/\/www.blanescostabrava.cat\/wp-content\/uploads\/2018\/04\/ERMITA-SANT-FRANCESC-2-300x200.jpg\",\n\t\t\t\t\t\t\t  \t\"description\":\"Visite guid\u00e9e : Route des ErmitagesDATE : Dimanche 24HEURE : 10h00LIEU : D\u00e9part de l\u2019Office de tourisme, pla\u00e7a Catalunya s\/n\",\n\t\t\t\t\t\t\t  \t\n\t\t\t\t\t\t\t }<\/script><\/div>\n\t\t\t\t<p class=\"desc_trig_outter\"><a data-gmap_status=\"null\" data-exlk=\"0\" style=\"border-color: #206177;padding-top: 215px;height: 310px;\" id=\"evc_1779616800234379\" class=\"desc_trig sin_val evcal_list_a\" data-ux_val=\"3\"  ><span class='event-img'><img src='https:\/\/www.blanescostabrava.cat\/wp-content\/uploads\/2018\/04\/ERMITA-SANT-FRANCESC-2.jpg'><\/span><span class='evcal_cblock ' data-bgcolor='#206177' data-smon='mai' data-syr='2026'><span class='evo_start '><em class='date'>24<\/em><em class='month'>mai<\/em><em class='time'>10:00 am<\/em><\/span><em class='clear'><\/em><\/span><span class='evcal_desc evo_info hide_eventtopdata '  data-location_status=\"false\" ><span class='evo_above_title'><\/span><span class='evcal_desc2 evcal_event_title' itemprop='name'>Visite guid\u00e9e : Route des Ermitages<\/span><span class='evo_below_title'><\/span><span class='evcal_desc_info' ><\/span><span class='evcal_desc3'><\/span><\/span><em class='clear'><\/em><\/p><\/a><div class='event_description evcal_eventcard ' style=\"display:none\"><div class='evo_metarow_directimg'><img src='https:\/\/www.blanescostabrava.cat\/wp-content\/uploads\/2018\/04\/ERMITA-SANT-FRANCESC-2.jpg' \/><\/div><div class='evo_metarow_details evorow evcal_evdata_row bordb evcal_event_details'>\n\t\t\t\t\t\t\t<div class=\"event_excerpt\" style=\"display:none\"><h3 class=\"padb5 evo_h3\">Description<\/h3><p>Visite guid\u00e9e : Route des ErmitagesDATE : Dimanche 24HEURE : 10h00LIEU : D\u00e9part de l\u2019Office de tourisme, pla\u00e7a Catalunya s\/n<\/p><\/div><span class='evcal_evdata_icons'><i class='fa fa-align-justify'><\/i><\/span>\n\t\t\t\t\t\t\t\n\t\t\t\t\t\t\t<div class='evcal_evdata_cell '><div class='eventon_full_description'>\n\t\t\t\t\t\t\t\t\t<h3 class='padb5 evo_h3'><span class='evcal_evdata_icons'><i class='fa fa-align-justify'><\/i><\/span>Description<\/h3><div class='eventon_desc_in' itemprop='description'>\n\t\t\t\t\t\t\t\t\t<p>Visite guid\u00e9e : Route des Ermitages<br data-start=\"3724\" data-end=\"3727\" \/>DATE : Dimanche 24<br data-start=\"3745\" data-end=\"3748\" \/>HEURE : 10h00<br data-start=\"3761\" data-end=\"3764\" \/>LIEU : D\u00e9part de l\u2019Office de tourisme, pla\u00e7a Catalunya s\/n<br data-start=\"3822\" data-end=\"3825\" \/>Visite guid\u00e9e de la Route des Ermitages. Il est recommand\u00e9 de porter des chaussures confortables. Places gratuites avec inscription pr\u00e9alable \u00e0 <a class=\"decorated-link cursor-pointer\" rel=\"noopener\" data-start=\"3983\" data-end=\"4001\">turisme@blanes.cat<\/a> ou par t\u00e9l\u00e9phone au 972 33 03 48.<\/p>\n<\/div><div class='clear'><\/div>\n\t\t\t\t\t\t\t\t<\/div>\n\t\t\t\t\t\t\t<\/div>\n\t\t\t\t\t\t<\/div><div class='evo_metarow_time_location evorow bordb '>\n\t\t\t\t\t\t<div class='tb' >\n\t\t\t\t\t\t\t<div class='tbrow'>\n\t\t\t\t\t\t\t<div class='evcal_col50 bordr'>\n\t\t\t\t\t\t\t\t<div class='evcal_evdata_row evo_time'>\n\t\t\t\t\t\t\t\t\t<span class='evcal_evdata_icons'><i class='fa fa-clock-o'><\/i><\/span>\n\t\t\t\t\t\t\t\t\t<div class='evcal_evdata_cell'>\t\t\t\t\t\t\t\n\t\t\t\t\t\t\t\t\t\t<h3 class='evo_h3'><span class='evcal_evdata_icons'><i class='fa fa-clock-o'><\/i><\/span>Date<\/h3>\n\t\t\t\t\t\t\t\t\t\t<p>(Sunday) 10:00 am<\/p>\n\t\t\t\t\t\t\t\t\t<\/div>\n\t\t\t\t\t\t\t\t<\/div>\n\t\t\t\t\t\t\t<\/div><div class='evcal_col50'>\n\t\t\t\t\t\t\t\t<div class='evcal_evdata_row evo_location'>\n\t\t\t\t\t\t\t\t\t<span class='evcal_evdata_icons'><i class='fa fa-map-marker'><\/i><\/span>\n\t\t\t\t\t\t\t\t\t<div class='evcal_evdata_cell' data-loc_tax_id='5801'>\t\t\t\t\t\t\t\n\t\t\t\t\t\t\t\t\t\t<h3 class='evo_h3'><span class='evcal_evdata_icons'><i class='fa fa-map-marker'><\/i><\/span>Location<\/h3><p class='evo_location_name'>D\u00e9part: OT Place de Catalogne s\/n<\/p><p class='evo_location_address'><\/p>\n\t\t\t\t\t\t\t\t\t<\/div>\n\t\t\t\t\t\t\t\t<\/div>\n\t\t\t\t\t\t\t<\/div><div class='clear'><\/div>\n\t\t\t\t\t\t\t<\/div><\/div>\n\t\t\t\t\t\t<\/div>\t\t\t\t\t\t<div class='evo_metarow_ICS evorow bordb evcal_evdata_row'>\n\t\t\t\t\t\t\t<span class=\"evcal_evdata_icons\"><i class=\"fa fa-calendar\"><\/i><\/span>\n\t\t\t\t\t\t\t<div class='evcal_evdata_cell'>\n\t\t\t\t\t\t\t\t<p><a href=\"https:\/\/www.blanescostabrava.cat\/wp-admin\/admin-ajax.php?action=eventon_ics_download&amp;event_id=234379&amp;sunix=20260524T080000Z&amp;eunix=20260524T215000Z&amp;loca=&amp;locn=D\u00e9part: OT Place de Catalogne s\/n\" class=\"evo_ics_nCal\" title=\"Add to your calendar\">Calendar<\/a><a href=\"\/\/www.google.com\/calendar\/event?action=TEMPLATE&amp;text=Visite+guid%C3%A9e+%3A+Route+des+Ermitages&amp;dates=20260524T080000Z\/20260524T215000Z&amp;details=Visite+guid%C3%A9e+%3A+Route+des+ErmitagesDATE+%3A+Dimanche+24HEURE+%3A+10h00LIEU+%3A+D%C3%A9part+de+l%E2%80%99Office+de+tourisme%2C+pla%C3%A7a+Catalunya+s%2Fn&amp;location=D%C3%A9part%3A+OT+Place+de+Catalogne+s%2Fn - \" target=\"_blank\" class=\"evo_ics_gCal\" title=\"Add to google calendar\">GoogleCal<\/a><\/p>\t\n\t\t\t\t\t\t\t<\/div>\t\t\t\t\t\t<\/div>\n\t\t\t\t\t\t<\/div><div class='clear end'><\/div><\/div><div id=\"event_234391\" class=\"eventon_list_event evo_eventtop  event hasbgimg\" data-event_id=\"234391\" data-time=\"1779622200-1779627600\" data-colr=\"#206177\" itemscope itemtype='http:\/\/schema.org\/Event' 46><div class=\"evo_boxtop\" style=\"background-image: url(https:\/\/www.blanescostabrava.cat\/wp-content\/uploads\/2018\/04\/MARIMURTRA-15.jpg); background-color:#206177;height:200px;\"><\/div><div class=\"evo_event_schema\" style=\"display:none\" ><a itemprop=\"url\" href=\"https:\/\/www.blanescostabrava.cat\/fr\/events\/degustation-saisonniere-et-visite-de-la-maison-carl-faust\/\"><\/a><span itemprop='name'  >D\u00e9gustation saisonni\u00e8re et visite de la maison Carl Faust<\/span><meta itemprop='image' content='https:\/\/www.blanescostabrava.cat\/wp-content\/uploads\/2018\/04\/MARIMURTRA-15.jpg' ><\/meta><meta itemprop='description' content='D\u00e9gustation saisonni\u00e8re et visite de la maison Carl FaustDATE : Dimanche 24HEURE : De 11h30 \u00e0 13h00LIEU : Jardin botanique Marimurtra' ><\/meta><meta itemprop='startDate' content='2026-5-24' ><\/meta><meta itemprop='endDate' content='2026-5-24' ><\/meta><meta itemprop='eventStatus' content='on-schedule' ><\/meta><script type=\"application\/ld+json\">{\t\"@context\": \"http:\/\/schema.org\",\n\t\t\t\t\t\t\t  \t\"@type\": \"Event\",\n\t\t\t\t\t\t\t  \t\"name\": \"D\u00e9gustation saisonni\u00e8re et visite de la maison Carl Faust\",\n\t\t\t\t\t\t\t  \t\"startDate\": \"2026-5-24T11-11-30-00\",\n\t\t\t\t\t\t\t  \t\"endDate\": \"2026-5-24T13-13-00-00\",\n\t\t\t\t\t\t\t  \t\"image\":\"https:\/\/www.blanescostabrava.cat\/wp-content\/uploads\/2018\/04\/MARIMURTRA-15-300x200.jpg\",\n\t\t\t\t\t\t\t  \t\"description\":\"D\u00e9gustation saisonni\u00e8re et visite de la maison Carl FaustDATE : Dimanche 24HEURE : De 11h30 \u00e0 13h00LIEU : Jardin botanique Marimurtra\",\n\t\t\t\t\t\t\t  \t\n\t\t\t\t\t\t\t }<\/script><\/div>\n\t\t\t\t<p class=\"desc_trig_outter\"><a data-gmap_status=\"null\" data-exlk=\"0\" style=\"border-color: #206177;padding-top: 215px;height: 310px;\" id=\"evc_1779622200234391\" class=\"desc_trig sin_val evcal_list_a\" data-ux_val=\"3\"  ><span class='event-img'><img src='https:\/\/www.blanescostabrava.cat\/wp-content\/uploads\/2018\/04\/MARIMURTRA-15.jpg'><\/span><span class='evcal_cblock ' data-bgcolor='#206177' data-smon='mai' data-syr='2026'><span class='evo_start '><em class='date'>24<\/em><em class='month'>mai<\/em><em class='time'>11:30 am<\/em><\/span><span class='evo_end only_time'><em class='time'>1:00 pm<\/em><\/span><em class='clear'><\/em><\/span><span class='evcal_desc evo_info hide_eventtopdata '  data-location_status=\"false\" ><span class='evo_above_title'><\/span><span class='evcal_desc2 evcal_event_title' itemprop='name'>D\u00e9gustation saisonni\u00e8re et visite de la maison Carl Faust<\/span><span class='evo_below_title'><\/span><span class='evcal_desc_info' ><\/span><span class='evcal_desc3'><\/span><\/span><em class='clear'><\/em><\/p><\/a><div class='event_description evcal_eventcard ' style=\"display:none\"><div class='evo_metarow_directimg'><img src='https:\/\/www.blanescostabrava.cat\/wp-content\/uploads\/2018\/04\/MARIMURTRA-15.jpg' \/><\/div><div class='evo_metarow_details evorow evcal_evdata_row bordb evcal_event_details'>\n\t\t\t\t\t\t\t<div class=\"event_excerpt\" style=\"display:none\"><h3 class=\"padb5 evo_h3\">Description<\/h3><p>D\u00e9gustation saisonni\u00e8re et visite de la maison Carl FaustDATE : Dimanche 24HEURE : De 11h30 \u00e0 13h00LIEU : Jardin botanique Marimurtra<\/p><\/div><span class='evcal_evdata_icons'><i class='fa fa-align-justify'><\/i><\/span>\n\t\t\t\t\t\t\t\n\t\t\t\t\t\t\t<div class='evcal_evdata_cell '><div class='eventon_full_description'>\n\t\t\t\t\t\t\t\t\t<h3 class='padb5 evo_h3'><span class='evcal_evdata_icons'><i class='fa fa-align-justify'><\/i><\/span>Description<\/h3><div class='eventon_desc_in' itemprop='description'>\n\t\t\t\t\t\t\t\t\t<p>D\u00e9gustation saisonni\u00e8re et visite de la maison Carl Faust<br data-start=\"4919\" data-end=\"4922\" \/>DATE : Dimanche 24<br data-start=\"4940\" data-end=\"4943\" \/>HEURE : De 11h30 \u00e0 13h00<br data-start=\"4967\" data-end=\"4970\" \/>LIEU : Jardin botanique Marimurtra<\/p>\n<\/div><div class='clear'><\/div>\n\t\t\t\t\t\t\t\t<\/div>\n\t\t\t\t\t\t\t<\/div>\n\t\t\t\t\t\t<\/div><div class='evo_metarow_time_location evorow bordb '>\n\t\t\t\t\t\t<div class='tb' >\n\t\t\t\t\t\t\t<div class='tbrow'>\n\t\t\t\t\t\t\t<div class='evcal_col50 bordr'>\n\t\t\t\t\t\t\t\t<div class='evcal_evdata_row evo_time'>\n\t\t\t\t\t\t\t\t\t<span class='evcal_evdata_icons'><i class='fa fa-clock-o'><\/i><\/span>\n\t\t\t\t\t\t\t\t\t<div class='evcal_evdata_cell'>\t\t\t\t\t\t\t\n\t\t\t\t\t\t\t\t\t\t<h3 class='evo_h3'><span class='evcal_evdata_icons'><i class='fa fa-clock-o'><\/i><\/span>Date<\/h3>\n\t\t\t\t\t\t\t\t\t\t<p>(Sunday) 11:30 am - 1:00 pm<\/p>\n\t\t\t\t\t\t\t\t\t<\/div>\n\t\t\t\t\t\t\t\t<\/div>\n\t\t\t\t\t\t\t<\/div><div class='evcal_col50'>\n\t\t\t\t\t\t\t\t<div class='evcal_evdata_row evo_location'>\n\t\t\t\t\t\t\t\t\t<span class='evcal_evdata_icons'><i class='fa fa-map-marker'><\/i><\/span>\n\t\t\t\t\t\t\t\t\t<div class='evcal_evdata_cell' data-loc_tax_id='3716'>\t\t\t\t\t\t\t\n\t\t\t\t\t\t\t\t\t\t<h3 class='evo_h3'><span class='evcal_evdata_icons'><i class='fa fa-map-marker'><\/i><\/span>Location<\/h3><p class='evo_location_name'>Jardin botanique de Marimurtra<\/p><p class='evo_location_address'><\/p>\n\t\t\t\t\t\t\t\t\t<\/div>\n\t\t\t\t\t\t\t\t<\/div>\n\t\t\t\t\t\t\t<\/div><div class='clear'><\/div>\n\t\t\t\t\t\t\t<\/div><\/div>\n\t\t\t\t\t\t<\/div>\t\t\t\t\t\t<div class='evo_metarow_ICS evorow bordb evcal_evdata_row'>\n\t\t\t\t\t\t\t<span class=\"evcal_evdata_icons\"><i class=\"fa fa-calendar\"><\/i><\/span>\n\t\t\t\t\t\t\t<div class='evcal_evdata_cell'>\n\t\t\t\t\t\t\t\t<p><a href=\"https:\/\/www.blanescostabrava.cat\/wp-admin\/admin-ajax.php?action=eventon_ics_download&amp;event_id=234391&amp;sunix=20260524T093000Z&amp;eunix=20260524T110000Z&amp;loca=&amp;locn=Jardin botanique de Marimurtra\" class=\"evo_ics_nCal\" title=\"Add to your calendar\">Calendar<\/a><a href=\"\/\/www.google.com\/calendar\/event?action=TEMPLATE&amp;text=D%C3%A9gustation+saisonni%C3%A8re+et+visite+de+la+maison+Carl+Faust&amp;dates=20260524T093000Z\/20260524T110000Z&amp;details=D%C3%A9gustation+saisonni%C3%A8re+et+visite+de+la+maison+Carl+FaustDATE+%3A+Dimanche+24HEURE+%3A+De+11h30+%C3%A0+13h00LIEU+%3A+Jardin+botanique+Marimurtra&amp;location=Jardin+botanique+de+Marimurtra - \" target=\"_blank\" class=\"evo_ics_gCal\" title=\"Add to google calendar\">GoogleCal<\/a><\/p>\t\n\t\t\t\t\t\t\t<\/div>\t\t\t\t\t\t<\/div>\n\t\t\t\t\t\t<\/div><div class='clear end'><\/div><\/div><div id=\"event_234424\" class=\"eventon_list_event evo_eventtop  event hasbgimg\" data-event_id=\"234424\" data-time=\"1779642000-1779666600\" data-colr=\"#206177\" itemscope itemtype='http:\/\/schema.org\/Event' 47><div class=\"evo_boxtop\" style=\"background-image: url(https:\/\/www.blanescostabrava.cat\/wp-content\/uploads\/2026\/05\/cartellcasadelmar.webp-1131x1600-1.webp); background-color:#206177;height:200px;\"><\/div><div class=\"evo_event_schema\" style=\"display:none\" ><a itemprop=\"url\" href=\"https:\/\/www.blanescostabrava.cat\/fr\/events\/festival-de-musique-casa-del-mar-festival26\/\"><\/a><span itemprop='name'  >Festival de musique Casa del Mar-Festival\u201926<\/span><meta itemprop='image' content='https:\/\/www.blanescostabrava.cat\/wp-content\/uploads\/2026\/05\/cartellcasadelmar.webp-1131x1600-1.webp' ><\/meta><meta itemprop='description' content='Festival de musique Casa del Mar-Festival\u201926DATE : Dimanche 24HEURE : 17h00LIEU : Teatre de BlanesDESCRIPTION : Festival de' ><\/meta><meta itemprop='startDate' content='2026-5-24' ><\/meta><meta itemprop='endDate' content='2026-5-24' ><\/meta><meta itemprop='eventStatus' content='on-schedule' ><\/meta><script type=\"application\/ld+json\">{\t\"@context\": \"http:\/\/schema.org\",\n\t\t\t\t\t\t\t  \t\"@type\": \"Event\",\n\t\t\t\t\t\t\t  \t\"name\": \"Festival de musique Casa del Mar-Festival\u201926\",\n\t\t\t\t\t\t\t  \t\"startDate\": \"2026-5-24T17-17-00-00\",\n\t\t\t\t\t\t\t  \t\"endDate\": \"2026-5-24T23-23-50-00\",\n\t\t\t\t\t\t\t  \t\"image\":\"https:\/\/www.blanescostabrava.cat\/wp-content\/uploads\/2026\/05\/cartellcasadelmar.webp-1131x1600-1-212x300.webp\",\n\t\t\t\t\t\t\t  \t\"description\":\"Festival de musique Casa del Mar-Festival\u201926DATE : Dimanche 24HEURE : 17h00LIEU : Teatre de BlanesDESCRIPTION : Festival de\",\n\t\t\t\t\t\t\t  \t\n\t\t\t\t\t\t\t }<\/script><\/div>\n\t\t\t\t<p class=\"desc_trig_outter\"><a data-gmap_status=\"null\" data-exlk=\"0\" style=\"border-color: #206177;padding-top: 215px;height: 310px;\" id=\"evc_1779642000234424\" class=\"desc_trig sin_val evcal_list_a\" data-ux_val=\"3\"  ><span class='event-img'><img src='https:\/\/www.blanescostabrava.cat\/wp-content\/uploads\/2026\/05\/cartellcasadelmar.webp-1131x1600-1.webp'><\/span><span class='evcal_cblock ' data-bgcolor='#206177' data-smon='mai' data-syr='2026'><span class='evo_start '><em class='date'>24<\/em><em class='month'>mai<\/em><em class='time'>5:00 pm<\/em><\/span><em class='clear'><\/em><\/span><span class='evcal_desc evo_info hide_eventtopdata '  data-location_status=\"false\" ><span class='evo_above_title'><\/span><span class='evcal_desc2 evcal_event_title' itemprop='name'>Festival de musique Casa del Mar-Festival\u201926<\/span><span class='evo_below_title'><\/span><span class='evcal_desc_info' ><\/span><span class='evcal_desc3'><\/span><\/span><em class='clear'><\/em><\/p><\/a><div class='event_description evcal_eventcard ' style=\"display:none\"><div class='evo_metarow_directimg'><img src='https:\/\/www.blanescostabrava.cat\/wp-content\/uploads\/2026\/05\/cartellcasadelmar.webp-1131x1600-1.webp' \/><\/div><div class='evo_metarow_details evorow evcal_evdata_row bordb evcal_event_details'>\n\t\t\t\t\t\t\t<div class=\"event_excerpt\" style=\"display:none\"><h3 class=\"padb5 evo_h3\">Description<\/h3><p>Festival de musique Casa del Mar-Festival\u201926DATE : Dimanche 24HEURE : 17h00LIEU : Teatre de BlanesDESCRIPTION : Festival de<\/p><\/div><span class='evcal_evdata_icons'><i class='fa fa-align-justify'><\/i><\/span>\n\t\t\t\t\t\t\t\n\t\t\t\t\t\t\t<div class='evcal_evdata_cell shorter_desc'><div class='eventon_details_shading_bot'>\n\t\t\t\t\t\t\t\t<p class='eventon_shad_p' content='less'><span class='ev_more_text' data-txt='less'>more<\/span><span class='ev_more_arrow'><\/span><\/p>\n\t\t\t\t\t\t\t<\/div><div class='eventon_full_description'>\n\t\t\t\t\t\t\t\t\t<h3 class='padb5 evo_h3'><span class='evcal_evdata_icons'><i class='fa fa-align-justify'><\/i><\/span>Description<\/h3><div class='eventon_desc_in' itemprop='description'>\n\t\t\t\t\t\t\t\t\t<p>Festival de musique Casa del Mar-Festival\u201926<br data-start=\"6086\" data-end=\"6089\" \/>DATE : Dimanche 24<br data-start=\"6107\" data-end=\"6110\" \/>HEURE : 17h00<br data-start=\"6123\" data-end=\"6126\" \/>LIEU : Teatre de Blanes<br data-start=\"6149\" data-end=\"6152\" \/>DESCRIPTION : Festival de musique Casa del Mar-Festival\u201926. Vente des billets \u00e0 partir du 4 mai, du lundi au vendredi de 16h00 \u00e0 18h00 \u00e0 la Casa del Mar, ou \u00e0 la billetterie du th\u00e9\u00e2tre 30 minutes avant le spectacle. Prix : 3 \u20ac.<\/p>\n<p><img class=\"alignnone size-large wp-image-234406\" src=\"https:\/\/www.blanescostabrava.cat\/wp-content\/uploads\/2026\/05\/cartellcasadelmar.webp-1131x1600-1-724x1024.webp\" alt=\"\" width=\"724\" height=\"1024\" srcset=\"https:\/\/www.blanescostabrava.cat\/wp-content\/uploads\/2026\/05\/cartellcasadelmar.webp-1131x1600-1-724x1024.webp 724w, https:\/\/www.blanescostabrava.cat\/wp-content\/uploads\/2026\/05\/cartellcasadelmar.webp-1131x1600-1-212x300.webp 212w, https:\/\/www.blanescostabrava.cat\/wp-content\/uploads\/2026\/05\/cartellcasadelmar.webp-1131x1600-1-106x150.webp 106w, https:\/\/www.blanescostabrava.cat\/wp-content\/uploads\/2026\/05\/cartellcasadelmar.webp-1131x1600-1-768x1086.webp 768w, https:\/\/www.blanescostabrava.cat\/wp-content\/uploads\/2026\/05\/cartellcasadelmar.webp-1131x1600-1-1086x1536.webp 1086w, https:\/\/www.blanescostabrava.cat\/wp-content\/uploads\/2026\/05\/cartellcasadelmar.webp-1131x1600-1-17x24.webp 17w, https:\/\/www.blanescostabrava.cat\/wp-content\/uploads\/2026\/05\/cartellcasadelmar.webp-1131x1600-1-25x36.webp 25w, https:\/\/www.blanescostabrava.cat\/wp-content\/uploads\/2026\/05\/cartellcasadelmar.webp-1131x1600-1-34x48.webp 34w, https:\/\/www.blanescostabrava.cat\/wp-content\/uploads\/2026\/05\/cartellcasadelmar.webp-1131x1600-1.webp 1131w\" sizes=\"(max-width: 724px) 100vw, 724px\" \/><\/p>\n<\/div><div class='clear'><\/div>\n\t\t\t\t\t\t\t\t<\/div>\n\t\t\t\t\t\t\t<\/div>\n\t\t\t\t\t\t<\/div><div class='evo_metarow_time_location evorow bordb '>\n\t\t\t\t\t\t<div class='tb' >\n\t\t\t\t\t\t\t<div class='tbrow'>\n\t\t\t\t\t\t\t<div class='evcal_col50 bordr'>\n\t\t\t\t\t\t\t\t<div class='evcal_evdata_row evo_time'>\n\t\t\t\t\t\t\t\t\t<span class='evcal_evdata_icons'><i class='fa fa-clock-o'><\/i><\/span>\n\t\t\t\t\t\t\t\t\t<div class='evcal_evdata_cell'>\t\t\t\t\t\t\t\n\t\t\t\t\t\t\t\t\t\t<h3 class='evo_h3'><span class='evcal_evdata_icons'><i class='fa fa-clock-o'><\/i><\/span>Date<\/h3>\n\t\t\t\t\t\t\t\t\t\t<p>(Sunday) 5:00 pm<\/p>\n\t\t\t\t\t\t\t\t\t<\/div>\n\t\t\t\t\t\t\t\t<\/div>\n\t\t\t\t\t\t\t<\/div><div class='evcal_col50'>\n\t\t\t\t\t\t\t\t<div class='evcal_evdata_row evo_location'>\n\t\t\t\t\t\t\t\t\t<span class='evcal_evdata_icons'><i class='fa fa-map-marker'><\/i><\/span>\n\t\t\t\t\t\t\t\t\t<div class='evcal_evdata_cell' data-loc_tax_id='3728'>\t\t\t\t\t\t\t\n\t\t\t\t\t\t\t\t\t\t<h3 class='evo_h3'><span class='evcal_evdata_icons'><i class='fa fa-map-marker'><\/i><\/span>Location<\/h3><p class='evo_location_name'>Th\u00e9\u00e2tre Blanes<\/p><p class='evo_location_address'><\/p>\n\t\t\t\t\t\t\t\t\t<\/div>\n\t\t\t\t\t\t\t\t<\/div>\n\t\t\t\t\t\t\t<\/div><div class='clear'><\/div>\n\t\t\t\t\t\t\t<\/div><\/div>\n\t\t\t\t\t\t<\/div>\t\t\t\t\t\t<div class='evo_metarow_ICS evorow bordb evcal_evdata_row'>\n\t\t\t\t\t\t\t<span class=\"evcal_evdata_icons\"><i class=\"fa fa-calendar\"><\/i><\/span>\n\t\t\t\t\t\t\t<div class='evcal_evdata_cell'>\n\t\t\t\t\t\t\t\t<p><a href=\"https:\/\/www.blanescostabrava.cat\/wp-admin\/admin-ajax.php?action=eventon_ics_download&amp;event_id=234424&amp;sunix=20260524T150000Z&amp;eunix=20260524T215000Z&amp;loca=&amp;locn=Th\u00e9\u00e2tre Blanes\" class=\"evo_ics_nCal\" title=\"Add to your calendar\">Calendar<\/a><a href=\"\/\/www.google.com\/calendar\/event?action=TEMPLATE&amp;text=Festival+de+musique+Casa+del+Mar-Festival%E2%80%9926&amp;dates=20260524T150000Z\/20260524T215000Z&amp;details=Festival+de+musique+Casa+del+Mar-Festival%E2%80%9926DATE+%3A+Dimanche+24HEURE+%3A+17h00LIEU+%3A+Teatre+de+BlanesDESCRIPTION+%3A+Festival+de&amp;location=Th%C3%A9%C3%A2tre+Blanes - \" target=\"_blank\" class=\"evo_ics_gCal\" title=\"Add to google calendar\">GoogleCal<\/a><\/p>\t\n\t\t\t\t\t\t\t<\/div>\t\t\t\t\t\t<\/div>\n\t\t\t\t\t\t<\/div><div class='clear end'><\/div><\/div><div id=\"event_234436\" class=\"eventon_list_event evo_eventtop  event hasbgimg\" data-event_id=\"234436\" data-time=\"1779753601-1780099199\" data-colr=\"#206177\" itemscope itemtype='http:\/\/schema.org\/Event' 48><div class=\"evo_boxtop\" style=\"background-image: url(https:\/\/www.blanescostabrava.cat\/wp-content\/uploads\/2019\/03\/0.194OpenElementFieldElemFormatjpg.jpg); background-color:#206177;height:200px;\"><\/div><div class=\"evo_event_schema\" style=\"display:none\" ><a itemprop=\"url\" href=\"https:\/\/www.blanescostabrava.cat\/fr\/events\/trophee-de-pentecote-de-football-komm-mit\/\"><\/a><span itemprop='name'  >Troph\u00e9e de Pentec\u00f4te de football Komm mit<\/span><meta itemprop='image' content='https:\/\/www.blanescostabrava.cat\/wp-content\/uploads\/2019\/03\/0.194OpenElementFieldElemFormatjpg.jpg' ><\/meta><meta itemprop='description' content='Troph\u00e9e de Pentec\u00f4te de football Komm mitDATE : Mardi 26, mercredi 27, jeudi 28 et vendredi 29HEURE : Non indiqu\u00e9eLIEU :' ><\/meta><meta itemprop='startDate' content='2026-5-26' ><\/meta><meta itemprop='endDate' content='2026-5-29' ><\/meta><meta itemprop='eventStatus' content='on-schedule' ><\/meta><script type=\"application\/ld+json\">{\t\"@context\": \"http:\/\/schema.org\",\n\t\t\t\t\t\t\t  \t\"@type\": \"Event\",\n\t\t\t\t\t\t\t  \t\"name\": \"Troph\u00e9e de Pentec\u00f4te de football Komm mit\",\n\t\t\t\t\t\t\t  \t\"startDate\": \"2026-5-26T00-00-00-00\",\n\t\t\t\t\t\t\t  \t\"endDate\": \"2026-5-29T23-23-59-00\",\n\t\t\t\t\t\t\t  \t\"image\":\"https:\/\/www.blanescostabrava.cat\/wp-content\/uploads\/2019\/03\/0.194OpenElementFieldElemFormatjpg-300x146.jpg\",\n\t\t\t\t\t\t\t  \t\"description\":\"Troph\u00e9e de Pentec\u00f4te de football Komm mitDATE : Mardi 26, mercredi 27, jeudi 28 et vendredi 29HEURE : Non indiqu\u00e9eLIEU :\",\n\t\t\t\t\t\t\t  \t\n\t\t\t\t\t\t\t }<\/script><\/div>\n\t\t\t\t<p class=\"desc_trig_outter\"><a data-gmap_status=\"null\" data-exlk=\"0\" style=\"border-color: #206177;padding-top: 215px;height: 310px;\" id=\"evc_1779753601234436\" class=\"desc_trig mul_val evcal_list_a\" data-ux_val=\"3\"  ><span class='event-img'><img src='https:\/\/www.blanescostabrava.cat\/wp-content\/uploads\/2019\/03\/0.194OpenElementFieldElemFormatjpg.jpg'><\/span><span class='evcal_cblock ' data-bgcolor='#206177' data-smon='mai' data-syr='2026'><span class='evo_start '><em class='date'>26<\/em><em class='month'>mai<\/em><em class='time'>allday<\/em><\/span><span class='evo_end '><em class='date'>29<\/em><\/span><em class='clear'><\/em><\/span><span class='evcal_desc evo_info hide_eventtopdata '  data-location_status=\"false\" ><span class='evo_above_title'><\/span><span class='evcal_desc2 evcal_event_title' itemprop='name'>Troph\u00e9e de Pentec\u00f4te de football Komm mit<\/span><span class='evo_below_title'><\/span><span class='evcal_desc_info' ><\/span><span class='evcal_desc3'><\/span><\/span><em class='clear'><\/em><\/p><\/a><div class='event_description evcal_eventcard ' style=\"display:none\"><div class='evo_metarow_directimg'><img src='https:\/\/www.blanescostabrava.cat\/wp-content\/uploads\/2019\/03\/0.194OpenElementFieldElemFormatjpg.jpg' alt=\"kommit futbol\"\/><\/div><div class='evo_metarow_details evorow evcal_evdata_row bordb evcal_event_details'>\n\t\t\t\t\t\t\t<div class=\"event_excerpt\" style=\"display:none\"><h3 class=\"padb5 evo_h3\">Description<\/h3><p>Troph\u00e9e de Pentec\u00f4te de football Komm mitDATE : Mardi 26, mercredi 27, jeudi 28 et vendredi 29HEURE : Non indiqu\u00e9eLIEU :<\/p><\/div><span class='evcal_evdata_icons'><i class='fa fa-align-justify'><\/i><\/span>\n\t\t\t\t\t\t\t\n\t\t\t\t\t\t\t<div class='evcal_evdata_cell '><div class='eventon_full_description'>\n\t\t\t\t\t\t\t\t\t<h3 class='padb5 evo_h3'><span class='evcal_evdata_icons'><i class='fa fa-align-justify'><\/i><\/span>Description<\/h3><div class='eventon_desc_in' itemprop='description'>\n\t\t\t\t\t\t\t\t\t<p>Troph\u00e9e de Pentec\u00f4te de football Komm mit<br data-start=\"7191\" data-end=\"7194\" \/>DATE : Mardi 26, mercredi 27, jeudi 28 et vendredi 29<br data-start=\"7247\" data-end=\"7250\" \/>HEURE : Non indiqu\u00e9e<br data-start=\"7270\" data-end=\"7273\" \/>LIEU : Ciutat Esportiva<\/p>\n<\/div><div class='clear'><\/div>\n\t\t\t\t\t\t\t\t<\/div>\n\t\t\t\t\t\t\t<\/div>\n\t\t\t\t\t\t<\/div><div class='evo_metarow_time_location evorow bordb '>\n\t\t\t\t\t\t<div class='tb' >\n\t\t\t\t\t\t\t<div class='tbrow'>\n\t\t\t\t\t\t\t<div class='evcal_col50 bordr'>\n\t\t\t\t\t\t\t\t<div class='evcal_evdata_row evo_time'>\n\t\t\t\t\t\t\t\t\t<span class='evcal_evdata_icons'><i class='fa fa-clock-o'><\/i><\/span>\n\t\t\t\t\t\t\t\t\t<div class='evcal_evdata_cell'>\t\t\t\t\t\t\t\n\t\t\t\t\t\t\t\t\t\t<h3 class='evo_h3'><span class='evcal_evdata_icons'><i class='fa fa-clock-o'><\/i><\/span>Date<\/h3>\n\t\t\t\t\t\t\t\t\t\t<p>mai 26 (Tuesday) - 29 (Friday)<\/p>\n\t\t\t\t\t\t\t\t\t<\/div>\n\t\t\t\t\t\t\t\t<\/div>\n\t\t\t\t\t\t\t<\/div><div class='evcal_col50'>\n\t\t\t\t\t\t\t\t<div class='evcal_evdata_row evo_location'>\n\t\t\t\t\t\t\t\t\t<span class='evcal_evdata_icons'><i class='fa fa-map-marker'><\/i><\/span>\n\t\t\t\t\t\t\t\t\t<div class='evcal_evdata_cell' data-loc_tax_id='2865'>\t\t\t\t\t\t\t\n\t\t\t\t\t\t\t\t\t\t<h3 class='evo_h3'><span class='evcal_evdata_icons'><i class='fa fa-map-marker'><\/i><\/span>Location<\/h3><p class='evo_location_name'>Cit\u00e9 Sportive<\/p><p class='evo_location_address'><\/p>\n\t\t\t\t\t\t\t\t\t<\/div>\n\t\t\t\t\t\t\t\t<\/div>\n\t\t\t\t\t\t\t<\/div><div class='clear'><\/div>\n\t\t\t\t\t\t\t<\/div><\/div>\n\t\t\t\t\t\t<\/div>\t\t\t\t\t\t<div class='evo_metarow_ICS evorow bordb evcal_evdata_row'>\n\t\t\t\t\t\t\t<span class=\"evcal_evdata_icons\"><i class=\"fa fa-calendar\"><\/i><\/span>\n\t\t\t\t\t\t\t<div class='evcal_evdata_cell'>\n\t\t\t\t\t\t\t\t<p><a href=\"https:\/\/www.blanescostabrava.cat\/wp-admin\/admin-ajax.php?action=eventon_ics_download&amp;event_id=234436&amp;sunix=20260525T220000Z&amp;eunix=20260529T215900Z&amp;loca=&amp;locn=Cit\u00e9 Sportive\" class=\"evo_ics_nCal\" title=\"Add to your calendar\">Calendar<\/a><a href=\"\/\/www.google.com\/calendar\/event?action=TEMPLATE&amp;text=Troph%C3%A9e+de+Pentec%C3%B4te+de+football+Komm+mit&amp;dates=20260525T220000Z\/20260529T215900Z&amp;details=Troph%C3%A9e+de+Pentec%C3%B4te+de+football+Komm+mitDATE+%3A+Mardi+26%2C+mercredi+27%2C+jeudi+28+et+vendredi+29HEURE+%3A+Non+indiqu%C3%A9eLIEU+%3A&amp;location=Cit%C3%A9+Sportive - \" target=\"_blank\" class=\"evo_ics_gCal\" title=\"Add to google calendar\">GoogleCal<\/a><\/p>\t\n\t\t\t\t\t\t\t<\/div>\t\t\t\t\t\t<\/div>\n\t\t\t\t\t\t<\/div><div class='clear end'><\/div><\/div><div id=\"event_233794\" class=\"eventon_list_event evo_eventtop  event hasbgimg\" data-event_id=\"233794\" data-time=\"1779786000-1779793200\" data-colr=\"#206177\" itemscope itemtype='http:\/\/schema.org\/Event' 49><div class=\"evo_boxtop\" style=\"background-image: url(https:\/\/www.blanescostabrava.cat\/wp-content\/uploads\/2019\/12\/biblioteca-comarcal.jpg); background-color:#206177;height:200px;\"><\/div><div class=\"evo_event_schema\" style=\"display:none\" ><a itemprop=\"url\" href=\"https:\/\/www.blanescostabrava.cat\/fr\/events\/mirart-introduction-a-lhistoire-de-lart-8\/\"><\/a><span itemprop='name'  >mirART. Introduction \u00e0 l\u2019Histoire de l\u2019Art<\/span><meta itemprop='image' content='https:\/\/www.blanescostabrava.cat\/wp-content\/uploads\/2019\/12\/biblioteca-comarcal.jpg' ><\/meta><meta itemprop='description' content='DATE : mardi 26 mai\r\nHEURE : 09h00\r\nLIEU : Biblioth\u00e8que Roberto Bola\u00f1o\r\nAnim\u00e9 par \u00c0ngela Sagrera.\r\nRencontres un jour par mois. Complet.' ><\/meta><meta itemprop='startDate' content='2026-5-26' ><\/meta><meta itemprop='endDate' content='2026-5-26' ><\/meta><meta itemprop='eventStatus' content='on-schedule' ><\/meta><script type=\"application\/ld+json\">{\t\"@context\": \"http:\/\/schema.org\",\n\t\t\t\t\t\t\t  \t\"@type\": \"Event\",\n\t\t\t\t\t\t\t  \t\"name\": \"mirART. Introduction \u00e0 l\u2019Histoire de l\u2019Art\",\n\t\t\t\t\t\t\t  \t\"startDate\": \"2026-5-26T09-09-00-00\",\n\t\t\t\t\t\t\t  \t\"endDate\": \"2026-5-26T11-11-00-00\",\n\t\t\t\t\t\t\t  \t\"image\":\"https:\/\/www.blanescostabrava.cat\/wp-content\/uploads\/2019\/12\/biblioteca-comarcal-300x194.jpg\",\n\t\t\t\t\t\t\t  \t\"description\":\"DATE : mardi 26 mai\r\nHEURE : 09h00\r\nLIEU : Biblioth\u00e8que Roberto Bola\u00f1o\r\nAnim\u00e9 par \u00c0ngela Sagrera.\r\nRencontres un jour par mois. Complet.\",\n\t\t\t\t\t\t\t  \t\n\t\t\t\t\t\t\t }<\/script><\/div>\n\t\t\t\t<p class=\"desc_trig_outter\"><a data-gmap_status=\"null\" data-exlk=\"0\" style=\"border-color: #206177;padding-top: 215px;height: 310px;\" id=\"evc_1779786000233794\" class=\"desc_trig sin_val evcal_list_a\" data-ux_val=\"3\"  ><span class='event-img'><img src='https:\/\/www.blanescostabrava.cat\/wp-content\/uploads\/2019\/12\/biblioteca-comarcal.jpg'><\/span><span class='evcal_cblock ' data-bgcolor='#206177' data-smon='mai' data-syr='2026'><span class='evo_start '><em class='date'>26<\/em><em class='month'>mai<\/em><em class='time'>9:00 am<\/em><\/span><span class='evo_end only_time'><em class='time'>11:00 am<\/em><\/span><em class='clear'><\/em><\/span><span class='evcal_desc evo_info hide_eventtopdata '  data-location_status=\"false\" ><span class='evo_above_title'><\/span><span class='evcal_desc2 evcal_event_title' itemprop='name'>mirART. Introduction \u00e0 l\u2019Histoire de l\u2019Art<\/span><span class='evo_below_title'><\/span><span class='evcal_desc_info' ><\/span><span class='evcal_desc3'><\/span><\/span><em class='clear'><\/em><\/p><\/a><div class='event_description evcal_eventcard ' style=\"display:none\"><div class='evo_metarow_directimg'><img src='https:\/\/www.blanescostabrava.cat\/wp-content\/uploads\/2019\/12\/biblioteca-comarcal.jpg' alt=\"biblioteca_comarcal_blanes\"\/><\/div><div class='evo_metarow_details evorow evcal_evdata_row bordb evcal_event_details'>\n\t\t\t\t\t\t\t<div class=\"event_excerpt\" style=\"display:none\"><h3 class=\"padb5 evo_h3\">Description<\/h3><p>DATE : mardi 26 mai\r\nHEURE : 09h00\r\nLIEU : Biblioth\u00e8que Roberto Bola\u00f1o\r\nAnim\u00e9 par \u00c0ngela Sagrera.\r\nRencontres un jour par mois. Complet.<\/p><\/div><span class='evcal_evdata_icons'><i class='fa fa-align-justify'><\/i><\/span>\n\t\t\t\t\t\t\t\n\t\t\t\t\t\t\t<div class='evcal_evdata_cell '><div class='eventon_full_description'>\n\t\t\t\t\t\t\t\t\t<h3 class='padb5 evo_h3'><span class='evcal_evdata_icons'><i class='fa fa-align-justify'><\/i><\/span>Description<\/h3><div class='eventon_desc_in' itemprop='description'>\n\t\t\t\t\t\t\t\t\t<p data-start=\"574\" data-end=\"595\">DATE : mardi 26 mai<\/p>\n<p data-start=\"597\" data-end=\"612\">HEURE : 09h00<\/p>\n<p data-start=\"614\" data-end=\"650\">LIEU : Biblioth\u00e8que Roberto Bola\u00f1o<\/p>\n<p data-start=\"652\" data-end=\"679\">Anim\u00e9 par \u00c0ngela Sagrera.<\/p>\n<p data-start=\"681\" data-end=\"720\">Rencontres un jour par mois. Complet.<\/p>\n<\/div><div class='clear'><\/div>\n\t\t\t\t\t\t\t\t<\/div>\n\t\t\t\t\t\t\t<\/div>\n\t\t\t\t\t\t<\/div><div class='evo_metarow_time_location evorow bordb '>\n\t\t\t\t\t\t<div class='tb' >\n\t\t\t\t\t\t\t<div class='tbrow'>\n\t\t\t\t\t\t\t<div class='evcal_col50 bordr'>\n\t\t\t\t\t\t\t\t<div class='evcal_evdata_row evo_time'>\n\t\t\t\t\t\t\t\t\t<span class='evcal_evdata_icons'><i class='fa fa-clock-o'><\/i><\/span>\n\t\t\t\t\t\t\t\t\t<div class='evcal_evdata_cell'>\t\t\t\t\t\t\t\n\t\t\t\t\t\t\t\t\t\t<h3 class='evo_h3'><span class='evcal_evdata_icons'><i class='fa fa-clock-o'><\/i><\/span>Date<\/h3>\n\t\t\t\t\t\t\t\t\t\t<p>(Tuesday) 9:00 am - 11:00 am<\/p>\n\t\t\t\t\t\t\t\t\t<\/div>\n\t\t\t\t\t\t\t\t<\/div>\n\t\t\t\t\t\t\t<\/div><div class='evcal_col50'>\n\t\t\t\t\t\t\t\t<div class='evcal_evdata_row evo_location'>\n\t\t\t\t\t\t\t\t\t<span class='evcal_evdata_icons'><i class='fa fa-map-marker'><\/i><\/span>\n\t\t\t\t\t\t\t\t\t<div class='evcal_evdata_cell' data-loc_tax_id='4568'>\t\t\t\t\t\t\t\n\t\t\t\t\t\t\t\t\t\t<h3 class='evo_h3'><span class='evcal_evdata_icons'><i class='fa fa-map-marker'><\/i><\/span>Location<\/h3><p class='evo_location_name'>Biblioth\u00e8que Roberto Bola\u00f1o<\/p><p class='evo_location_address'><\/p>\n\t\t\t\t\t\t\t\t\t<\/div>\n\t\t\t\t\t\t\t\t<\/div>\n\t\t\t\t\t\t\t<\/div><div class='clear'><\/div>\n\t\t\t\t\t\t\t<\/div><\/div>\n\t\t\t\t\t\t<\/div>\t\t\t\t\t\t<div class='evo_metarow_ICS evorow bordb evcal_evdata_row'>\n\t\t\t\t\t\t\t<span class=\"evcal_evdata_icons\"><i class=\"fa fa-calendar\"><\/i><\/span>\n\t\t\t\t\t\t\t<div class='evcal_evdata_cell'>\n\t\t\t\t\t\t\t\t<p><a href=\"https:\/\/www.blanescostabrava.cat\/wp-admin\/admin-ajax.php?action=eventon_ics_download&amp;event_id=233794&amp;sunix=20260526T070000Z&amp;eunix=20260526T090000Z&amp;loca=&amp;locn=Biblioth\u00e8que Roberto Bola\u00f1o\" class=\"evo_ics_nCal\" title=\"Add to your calendar\">Calendar<\/a><a href=\"\/\/www.google.com\/calendar\/event?action=TEMPLATE&amp;text=mirART.+Introduction+%C3%A0+l%E2%80%99Histoire+de+l%E2%80%99Art&amp;dates=20260526T070000Z\/20260526T090000Z&amp;details=DATE+%3A+mardi+26+mai%0D%0AHEURE+%3A+09h00%0D%0ALIEU+%3A+Biblioth%C3%A8que+Roberto+Bola%C3%B1o%0D%0AAnim%C3%A9+par+%C3%80ngela+Sagrera.%0D%0ARencontres+un+jour+par+mois.+Complet.&amp;location=Biblioth%C3%A8que+Roberto+Bola%C3%B1o - \" target=\"_blank\" class=\"evo_ics_gCal\" title=\"Add to google calendar\">GoogleCal<\/a><\/p>\t\n\t\t\t\t\t\t\t<\/div>\t\t\t\t\t\t<\/div>\n\t\t\t\t\t\t<\/div><div class='clear end'><\/div><\/div><div id=\"event_233806\" class=\"eventon_list_event evo_eventtop  event hasbgimg\" data-event_id=\"233806\" data-time=\"1779816600-1779822000\" data-colr=\"#206177\" itemscope itemtype='http:\/\/schema.org\/Event' 50><div class=\"evo_boxtop\" style=\"background-image: url(https:\/\/www.blanescostabrava.cat\/wp-content\/uploads\/2020\/07\/cropped-BiblioBlanes_AidaMart\u00ednez2018-122.jpg); background-color:#206177;height:200px;\"><\/div><div class=\"evo_event_schema\" style=\"display:none\" ><a itemprop=\"url\" href=\"https:\/\/www.blanescostabrava.cat\/fr\/events\/club-de-lecture-alevin-puppet\/\"><\/a><span itemprop='name'  >Club de Lecture Alevin: \"Puppet\"<\/span><meta itemprop='image' content='https:\/\/www.blanescostabrava.cat\/wp-content\/uploads\/2020\/07\/cropped-BiblioBlanes_AidaMart\u00ednez2018-122.jpg' ><\/meta><meta itemprop='description' content='DATE : mardi 26 mai\r\nHEURE : 17h30\r\nLIEU : Biblioth\u00e8que Roberto Bola\u00f1o\r\nDe David Almond pour les enfants de 10 et 11 ans.\r\n' ><\/meta><meta itemprop='startDate' content='2026-5-26' ><\/meta><meta itemprop='endDate' content='2026-5-26' ><\/meta><meta itemprop='eventStatus' content='on-schedule' ><\/meta><script type=\"application\/ld+json\">{\t\"@context\": \"http:\/\/schema.org\",\n\t\t\t\t\t\t\t  \t\"@type\": \"Event\",\n\t\t\t\t\t\t\t  \t\"name\": \"Club de Lecture Alevin: \"Puppet\"\",\n\t\t\t\t\t\t\t  \t\"startDate\": \"2026-5-26T17-17-30-00\",\n\t\t\t\t\t\t\t  \t\"endDate\": \"2026-5-26T19-19-00-00\",\n\t\t\t\t\t\t\t  \t\"image\":\"https:\/\/www.blanescostabrava.cat\/wp-content\/uploads\/2020\/07\/cropped-BiblioBlanes_AidaMart\u00ednez2018-122-300x191.jpg\",\n\t\t\t\t\t\t\t  \t\"description\":\"DATE : mardi 26 mai\r\nHEURE : 17h30\r\nLIEU : Biblioth\u00e8que Roberto Bola\u00f1o\r\nDe David Almond pour les enfants de 10 et 11 ans.\r\n\",\n\t\t\t\t\t\t\t  \t\n\t\t\t\t\t\t\t }<\/script><\/div>\n\t\t\t\t<p class=\"desc_trig_outter\"><a data-gmap_status=\"null\" data-exlk=\"0\" style=\"border-color: #206177;padding-top: 215px;height: 310px;\" id=\"evc_1779816600233806\" class=\"desc_trig sin_val evcal_list_a\" data-ux_val=\"3\"  ><span class='event-img'><img src='https:\/\/www.blanescostabrava.cat\/wp-content\/uploads\/2020\/07\/cropped-BiblioBlanes_AidaMart\u00ednez2018-122.jpg'><\/span><span class='evcal_cblock ' data-bgcolor='#206177' data-smon='mai' data-syr='2026'><span class='evo_start '><em class='date'>26<\/em><em class='month'>mai<\/em><em class='time'>5:30 pm<\/em><\/span><span class='evo_end only_time'><em class='time'>7:00 pm<\/em><\/span><em class='clear'><\/em><\/span><span class='evcal_desc evo_info hide_eventtopdata '  data-location_status=\"false\" ><span class='evo_above_title'><\/span><span class='evcal_desc2 evcal_event_title' itemprop='name'>Club de Lecture Alevin: \"Puppet\"<\/span><span class='evo_below_title'><\/span><span class='evcal_desc_info' ><\/span><span class='evcal_desc3'><\/span><\/span><em class='clear'><\/em><\/p><\/a><div class='event_description evcal_eventcard ' style=\"display:none\"><div class='evo_metarow_directimg'><img src='https:\/\/www.blanescostabrava.cat\/wp-content\/uploads\/2020\/07\/cropped-BiblioBlanes_AidaMart\u00ednez2018-122.jpg' alt=\"biblioteca blanes\"\/><\/div><div class='evo_metarow_details evorow evcal_evdata_row bordb evcal_event_details'>\n\t\t\t\t\t\t\t<div class=\"event_excerpt\" style=\"display:none\"><h3 class=\"padb5 evo_h3\">Description<\/h3><p>DATE : mardi 26 mai\r\nHEURE : 17h30\r\nLIEU : Biblioth\u00e8que Roberto Bola\u00f1o\r\nDe David Almond pour les enfants de 10 et 11 ans.\r\n<\/p><\/div><span class='evcal_evdata_icons'><i class='fa fa-align-justify'><\/i><\/span>\n\t\t\t\t\t\t\t\n\t\t\t\t\t\t\t<div class='evcal_evdata_cell shorter_desc'><div class='eventon_details_shading_bot'>\n\t\t\t\t\t\t\t\t<p class='eventon_shad_p' content='less'><span class='ev_more_text' data-txt='less'>more<\/span><span class='ev_more_arrow'><\/span><\/p>\n\t\t\t\t\t\t\t<\/div><div class='eventon_full_description'>\n\t\t\t\t\t\t\t\t\t<h3 class='padb5 evo_h3'><span class='evcal_evdata_icons'><i class='fa fa-align-justify'><\/i><\/span>Description<\/h3><div class='eventon_desc_in' itemprop='description'>\n\t\t\t\t\t\t\t\t\t<p data-start=\"885\" data-end=\"906\">DATE : mardi 26 mai<\/p>\n<p data-start=\"908\" data-end=\"923\">HEURE : 17h30<\/p>\n<p data-start=\"925\" data-end=\"961\">LIEU : Biblioth\u00e8que Roberto Bola\u00f1o<\/p>\n<p data-start=\"963\" data-end=\"1014\">De David Almond pour les enfants de 10 et 11 ans.<\/p>\n<p data-start=\"1016\" data-end=\"1082\">Places limit\u00e9es. Informations et inscriptions \u00e0 la biblioth\u00e8que.<\/p>\n<p data-start=\"1084\" data-end=\"1188\">Plus d\u2019informations sur le blog : <a class=\"decorated-link\" href=\"https:\/\/biblioteca.blanes.cat\/salainfantil\/club-de-lectura-infantil\/\" target=\"_new\" rel=\"noopener\" data-start=\"1118\" data-end=\"1186\">https:\/\/biblioteca.blanes.cat\/salainfantil\/club-de-lectura-infantil\/<\/a><\/p>\n<\/div><div class='clear'><\/div>\n\t\t\t\t\t\t\t\t<\/div>\n\t\t\t\t\t\t\t<\/div>\n\t\t\t\t\t\t<\/div><div class='evo_metarow_time_location evorow bordb '>\n\t\t\t\t\t\t<div class='tb' >\n\t\t\t\t\t\t\t<div class='tbrow'>\n\t\t\t\t\t\t\t<div class='evcal_col50 bordr'>\n\t\t\t\t\t\t\t\t<div class='evcal_evdata_row evo_time'>\n\t\t\t\t\t\t\t\t\t<span class='evcal_evdata_icons'><i class='fa fa-clock-o'><\/i><\/span>\n\t\t\t\t\t\t\t\t\t<div class='evcal_evdata_cell'>\t\t\t\t\t\t\t\n\t\t\t\t\t\t\t\t\t\t<h3 class='evo_h3'><span class='evcal_evdata_icons'><i class='fa fa-clock-o'><\/i><\/span>Date<\/h3>\n\t\t\t\t\t\t\t\t\t\t<p>(Tuesday) 5:30 pm - 7:00 pm<\/p>\n\t\t\t\t\t\t\t\t\t<\/div>\n\t\t\t\t\t\t\t\t<\/div>\n\t\t\t\t\t\t\t<\/div><div class='evcal_col50'>\n\t\t\t\t\t\t\t\t<div class='evcal_evdata_row evo_location'>\n\t\t\t\t\t\t\t\t\t<span class='evcal_evdata_icons'><i class='fa fa-map-marker'><\/i><\/span>\n\t\t\t\t\t\t\t\t\t<div class='evcal_evdata_cell' data-loc_tax_id='4568'>\t\t\t\t\t\t\t\n\t\t\t\t\t\t\t\t\t\t<h3 class='evo_h3'><span class='evcal_evdata_icons'><i class='fa fa-map-marker'><\/i><\/span>Location<\/h3><p class='evo_location_name'>Biblioth\u00e8que Roberto Bola\u00f1o<\/p><p class='evo_location_address'><\/p>\n\t\t\t\t\t\t\t\t\t<\/div>\n\t\t\t\t\t\t\t\t<\/div>\n\t\t\t\t\t\t\t<\/div><div class='clear'><\/div>\n\t\t\t\t\t\t\t<\/div><\/div>\n\t\t\t\t\t\t<\/div>\t\t\t\t\t\t<div class='evo_metarow_ICS evorow bordb evcal_evdata_row'>\n\t\t\t\t\t\t\t<span class=\"evcal_evdata_icons\"><i class=\"fa fa-calendar\"><\/i><\/span>\n\t\t\t\t\t\t\t<div class='evcal_evdata_cell'>\n\t\t\t\t\t\t\t\t<p><a href=\"https:\/\/www.blanescostabrava.cat\/wp-admin\/admin-ajax.php?action=eventon_ics_download&amp;event_id=233806&amp;sunix=20260526T153000Z&amp;eunix=20260526T170000Z&amp;loca=&amp;locn=Biblioth\u00e8que Roberto Bola\u00f1o\" class=\"evo_ics_nCal\" title=\"Add to your calendar\">Calendar<\/a><a href=\"\/\/www.google.com\/calendar\/event?action=TEMPLATE&amp;text=Club+de+Lecture+Alevin%3A+%22Puppet%22&amp;dates=20260526T153000Z\/20260526T170000Z&amp;details=DATE+%3A+mardi+26+mai%0D%0AHEURE+%3A+17h30%0D%0ALIEU+%3A+Biblioth%C3%A8que+Roberto+Bola%C3%B1o%0D%0ADe+David+Almond+pour+les+enfants+de+10+et+11+ans.%0D%0A&amp;location=Biblioth%C3%A8que+Roberto+Bola%C3%B1o - \" target=\"_blank\" class=\"evo_ics_gCal\" title=\"Add to google calendar\">GoogleCal<\/a><\/p>\t\n\t\t\t\t\t\t\t<\/div>\t\t\t\t\t\t<\/div>\n\t\t\t\t\t\t<\/div><div class='clear end'><\/div><\/div><div id=\"event_234466\" class=\"eventon_list_event evo_eventtop  event hasbgimg\" data-event_id=\"234466\" data-time=\"1780012801-1780185599\" data-colr=\"#206177\" itemscope itemtype='http:\/\/schema.org\/Event' 51><div class=\"evo_boxtop\" style=\"background-image: url(https:\/\/www.blanescostabrava.cat\/wp-content\/uploads\/2026\/05\/res-es-el-que-sembla.jpg); background-color:#206177;height:200px;\"><\/div><div class=\"evo_event_schema\" style=\"display:none\" ><a itemprop=\"url\" href=\"https:\/\/www.blanescostabrava.cat\/fr\/events\/theatre-comedie-res-es-el-que-sembla\/\"><\/a><span itemprop='name'  >Th\u00e9\u00e2tre-com\u00e9die: \"Res \u00e9s el que sembla\"<\/span><meta itemprop='image' content='https:\/\/www.blanescostabrava.cat\/wp-content\/uploads\/2026\/05\/res-es-el-que-sembla.jpg' ><\/meta><meta itemprop='description' content='Th\u00e9\u00e2tre-com\u00e9die : \"Res \u00e9s el que sembla\"DATE : Vendredi 29 et samedi 30HEURE : 17h30LIEU : Teatre de Blanes' ><\/meta><meta itemprop='startDate' content='2026-5-29' ><\/meta><meta itemprop='endDate' content='2026-5-30' ><\/meta><meta itemprop='eventStatus' content='on-schedule' ><\/meta><script type=\"application\/ld+json\">{\t\"@context\": \"http:\/\/schema.org\",\n\t\t\t\t\t\t\t  \t\"@type\": \"Event\",\n\t\t\t\t\t\t\t  \t\"name\": \"Th\u00e9\u00e2tre-com\u00e9die: \"Res \u00e9s el que sembla\"\",\n\t\t\t\t\t\t\t  \t\"startDate\": \"2026-5-29T00-00-00-00\",\n\t\t\t\t\t\t\t  \t\"endDate\": \"2026-5-30T23-23-59-00\",\n\t\t\t\t\t\t\t  \t\"image\":\"https:\/\/www.blanescostabrava.cat\/wp-content\/uploads\/2026\/05\/res-es-el-que-sembla-300x152.jpg\",\n\t\t\t\t\t\t\t  \t\"description\":\"Th\u00e9\u00e2tre-com\u00e9die : Res \u00e9s el que semblaDATE : Vendredi 29 et samedi 30HEURE : 17h30LIEU : Teatre de Blanes\",\n\t\t\t\t\t\t\t  \t\n\t\t\t\t\t\t\t }<\/script><\/div>\n\t\t\t\t<p class=\"desc_trig_outter\"><a data-gmap_status=\"null\" data-exlk=\"0\" style=\"border-color: #206177;padding-top: 215px;height: 310px;\" id=\"evc_1780012801234466\" class=\"desc_trig mul_val evcal_list_a\" data-ux_val=\"3\"  ><span class='event-img'><img src='https:\/\/www.blanescostabrava.cat\/wp-content\/uploads\/2026\/05\/res-es-el-que-sembla.jpg'><\/span><span class='evcal_cblock ' data-bgcolor='#206177' data-smon='mai' data-syr='2026'><span class='evo_start '><em class='date'>29<\/em><em class='month'>mai<\/em><em class='time'>allday<\/em><\/span><span class='evo_end '><em class='date'>30<\/em><\/span><em class='clear'><\/em><\/span><span class='evcal_desc evo_info hide_eventtopdata '  data-location_status=\"false\" ><span class='evo_above_title'><\/span><span class='evcal_desc2 evcal_event_title' itemprop='name'>Th\u00e9\u00e2tre-com\u00e9die: \"Res \u00e9s el que sembla\"<\/span><span class='evo_below_title'><\/span><span class='evcal_desc_info' ><\/span><span class='evcal_desc3'><\/span><\/span><em class='clear'><\/em><\/p><\/a><div class='event_description evcal_eventcard ' style=\"display:none\"><div class='evo_metarow_directimg'><img src='https:\/\/www.blanescostabrava.cat\/wp-content\/uploads\/2026\/05\/res-es-el-que-sembla.jpg' \/><\/div><div class='evo_metarow_details evorow evcal_evdata_row bordb evcal_event_details'>\n\t\t\t\t\t\t\t<div class=\"event_excerpt\" style=\"display:none\"><h3 class=\"padb5 evo_h3\">Description<\/h3><p>Th\u00e9\u00e2tre-com\u00e9die : \"Res \u00e9s el que sembla\"DATE : Vendredi 29 et samedi 30HEURE : 17h30LIEU : Teatre de Blanes<\/p><\/div><span class='evcal_evdata_icons'><i class='fa fa-align-justify'><\/i><\/span>\n\t\t\t\t\t\t\t\n\t\t\t\t\t\t\t<div class='evcal_evdata_cell '><div class='eventon_full_description'>\n\t\t\t\t\t\t\t\t\t<h3 class='padb5 evo_h3'><span class='evcal_evdata_icons'><i class='fa fa-align-justify'><\/i><\/span>Description<\/h3><div class='eventon_desc_in' itemprop='description'>\n\t\t\t\t\t\t\t\t\t<p>Th\u00e9\u00e2tre-com\u00e9die : \u00ab\u00a0Res \u00e9s el que sembla\u00a0\u00bb<br data-start=\"8046\" data-end=\"8049\" \/>DATE : Vendredi 29 et samedi 30<br data-start=\"8080\" data-end=\"8083\" \/>HEURE : 17h30<br data-start=\"8096\" data-end=\"8099\" \/>LIEU : Teatre de Blanes<br data-start=\"8122\" data-end=\"8125\" \/>Repr\u00e9sentation de th\u00e9\u00e2tre-com\u00e9die \u00ab\u00a0Res \u00e9s el que sembla\u00a0\u00bb, par Fem Teatre.<\/p>\n<\/div><div class='clear'><\/div>\n\t\t\t\t\t\t\t\t<\/div>\n\t\t\t\t\t\t\t<\/div>\n\t\t\t\t\t\t<\/div><div class='evo_metarow_time_location evorow bordb '>\n\t\t\t\t\t\t<div class='tb' >\n\t\t\t\t\t\t\t<div class='tbrow'>\n\t\t\t\t\t\t\t<div class='evcal_col50 bordr'>\n\t\t\t\t\t\t\t\t<div class='evcal_evdata_row evo_time'>\n\t\t\t\t\t\t\t\t\t<span class='evcal_evdata_icons'><i class='fa fa-clock-o'><\/i><\/span>\n\t\t\t\t\t\t\t\t\t<div class='evcal_evdata_cell'>\t\t\t\t\t\t\t\n\t\t\t\t\t\t\t\t\t\t<h3 class='evo_h3'><span class='evcal_evdata_icons'><i class='fa fa-clock-o'><\/i><\/span>Date<\/h3>\n\t\t\t\t\t\t\t\t\t\t<p>mai 29 (Friday) - 30 (Saturday)<\/p>\n\t\t\t\t\t\t\t\t\t<\/div>\n\t\t\t\t\t\t\t\t<\/div>\n\t\t\t\t\t\t\t<\/div><div class='evcal_col50'>\n\t\t\t\t\t\t\t\t<div class='evcal_evdata_row evo_location'>\n\t\t\t\t\t\t\t\t\t<span class='evcal_evdata_icons'><i class='fa fa-map-marker'><\/i><\/span>\n\t\t\t\t\t\t\t\t\t<div class='evcal_evdata_cell' data-loc_tax_id='6013'>\t\t\t\t\t\t\t\n\t\t\t\t\t\t\t\t\t\t<h3 class='evo_h3'><span class='evcal_evdata_icons'><i class='fa fa-map-marker'><\/i><\/span>Location<\/h3><p class='evo_location_name'>Teatre de Blanes<\/p><p class='evo_location_address'><\/p>\n\t\t\t\t\t\t\t\t\t<\/div>\n\t\t\t\t\t\t\t\t<\/div>\n\t\t\t\t\t\t\t<\/div><div class='clear'><\/div>\n\t\t\t\t\t\t\t<\/div><\/div>\n\t\t\t\t\t\t<\/div>\t\t\t\t\t\t<div class='evo_metarow_ICS evorow bordb evcal_evdata_row'>\n\t\t\t\t\t\t\t<span class=\"evcal_evdata_icons\"><i class=\"fa fa-calendar\"><\/i><\/span>\n\t\t\t\t\t\t\t<div class='evcal_evdata_cell'>\n\t\t\t\t\t\t\t\t<p><a href=\"https:\/\/www.blanescostabrava.cat\/wp-admin\/admin-ajax.php?action=eventon_ics_download&amp;event_id=234466&amp;sunix=20260528T220000Z&amp;eunix=20260530T215900Z&amp;loca=&amp;locn=Teatre de Blanes\" class=\"evo_ics_nCal\" title=\"Add to your calendar\">Calendar<\/a><a href=\"\/\/www.google.com\/calendar\/event?action=TEMPLATE&amp;text=Th%C3%A9%C3%A2tre-com%C3%A9die%3A+%22Res+%C3%A9s+el+que+sembla%22&amp;dates=20260528T220000Z\/20260530T215900Z&amp;details=Th%C3%A9%C3%A2tre-com%C3%A9die+%3A+%22Res+%C3%A9s+el+que+sembla%22DATE+%3A+Vendredi+29+et+samedi+30HEURE+%3A+17h30LIEU+%3A+Teatre+de+Blanes&amp;location=Teatre+de+Blanes - \" target=\"_blank\" class=\"evo_ics_gCal\" title=\"Add to google calendar\">GoogleCal<\/a><\/p>\t\n\t\t\t\t\t\t\t<\/div>\t\t\t\t\t\t<\/div>\n\t\t\t\t\t\t<\/div><div class='clear end'><\/div><\/div><div id=\"event_234481\" class=\"eventon_list_event evo_eventtop  event hasbgimg\" data-event_id=\"234481\" data-time=\"1780099201-1780185599\" data-colr=\"#206177\" itemscope itemtype='http:\/\/schema.org\/Event' 52><div class=\"evo_boxtop\" style=\"background-image: url(https:\/\/www.blanescostabrava.cat\/wp-content\/uploads\/2018\/03\/sardanes_28.jpg); background-color:#206177;height:200px;\"><\/div><div class=\"evo_event_schema\" style=\"display:none\" ><a itemprop=\"url\" href=\"https:\/\/www.blanescostabrava.cat\/fr\/events\/danse-de-sardanes-aplec-sardanista\/\"><\/a><span itemprop='name'  >Danse de sardanes - Aplec Sardanista<\/span><meta itemprop='image' content='https:\/\/www.blanescostabrava.cat\/wp-content\/uploads\/2018\/03\/sardanes_28.jpg' ><\/meta><meta itemprop='description' content='Danse de sardanes - Aplec SardanistaDATE : Samedi 30HEURE : 10h00 et 18h00LIEU : Passeig de Mar' ><\/meta><meta itemprop='startDate' content='2026-5-30' ><\/meta><meta itemprop='endDate' content='2026-5-30' ><\/meta><meta itemprop='eventStatus' content='on-schedule' ><\/meta><script type=\"application\/ld+json\">{\t\"@context\": \"http:\/\/schema.org\",\n\t\t\t\t\t\t\t  \t\"@type\": \"Event\",\n\t\t\t\t\t\t\t  \t\"name\": \"Danse de sardanes - Aplec Sardanista\",\n\t\t\t\t\t\t\t  \t\"startDate\": \"2026-5-30T00-00-00-00\",\n\t\t\t\t\t\t\t  \t\"endDate\": \"2026-5-30T23-23-59-00\",\n\t\t\t\t\t\t\t  \t\"image\":\"https:\/\/www.blanescostabrava.cat\/wp-content\/uploads\/2018\/03\/sardanes_28-300x152.jpg\",\n\t\t\t\t\t\t\t  \t\"description\":\"Danse de sardanes - Aplec SardanistaDATE : Samedi 30HEURE : 10h00 et 18h00LIEU : Passeig de Mar\",\n\t\t\t\t\t\t\t  \t\n\t\t\t\t\t\t\t }<\/script><\/div>\n\t\t\t\t<p class=\"desc_trig_outter\"><a data-gmap_status=\"null\" data-exlk=\"0\" style=\"border-color: #206177;padding-top: 215px;height: 310px;\" id=\"evc_1780099201234481\" class=\"desc_trig sin_val evcal_list_a\" data-ux_val=\"3\"  ><span class='event-img'><img src='https:\/\/www.blanescostabrava.cat\/wp-content\/uploads\/2018\/03\/sardanes_28.jpg'><\/span><span class='evcal_cblock ' data-bgcolor='#206177' data-smon='mai' data-syr='2026'><span class='evo_start '><em class='date'>30<\/em><em class='month'>mai<\/em><em class='time'>allday<\/em><\/span><em class='clear'><\/em><\/span><span class='evcal_desc evo_info hide_eventtopdata '  data-location_status=\"false\" ><span class='evo_above_title'><\/span><span class='evcal_desc2 evcal_event_title' itemprop='name'>Danse de sardanes - Aplec Sardanista<\/span><span class='evo_below_title'><\/span><span class='evcal_desc_info' ><\/span><span class='evcal_desc3'><\/span><\/span><em class='clear'><\/em><\/p><\/a><div class='event_description evcal_eventcard ' style=\"display:none\"><div class='evo_metarow_directimg'><img src='https:\/\/www.blanescostabrava.cat\/wp-content\/uploads\/2018\/03\/sardanes_28.jpg' \/><\/div><div class='evo_metarow_details evorow evcal_evdata_row bordb evcal_event_details'>\n\t\t\t\t\t\t\t<div class=\"event_excerpt\" style=\"display:none\"><h3 class=\"padb5 evo_h3\">Description<\/h3><p>Danse de sardanes - Aplec SardanistaDATE : Samedi 30HEURE : 10h00 et 18h00LIEU : Passeig de Mar<\/p><\/div><span class='evcal_evdata_icons'><i class='fa fa-align-justify'><\/i><\/span>\n\t\t\t\t\t\t\t\n\t\t\t\t\t\t\t<div class='evcal_evdata_cell '><div class='eventon_full_description'>\n\t\t\t\t\t\t\t\t\t<h3 class='padb5 evo_h3'><span class='evcal_evdata_icons'><i class='fa fa-align-justify'><\/i><\/span>Description<\/h3><div class='eventon_desc_in' itemprop='description'>\n\t\t\t\t\t\t\t\t\t<p>Danse de sardanes &#8211; Aplec Sardanista<br data-start=\"8854\" data-end=\"8857\" \/>DATE : Samedi 30<br data-start=\"8873\" data-end=\"8876\" \/>HEURE : 10h00 et 18h00<br data-start=\"8898\" data-end=\"8901\" \/>LIEU : Passeig de Mar<\/p>\n<\/div><div class='clear'><\/div>\n\t\t\t\t\t\t\t\t<\/div>\n\t\t\t\t\t\t\t<\/div>\n\t\t\t\t\t\t<\/div><div class='evo_metarow_time_location evorow bordb '>\n\t\t\t\t\t\t<div class='tb' >\n\t\t\t\t\t\t\t<div class='tbrow'>\n\t\t\t\t\t\t\t<div class='evcal_col50 bordr'>\n\t\t\t\t\t\t\t\t<div class='evcal_evdata_row evo_time'>\n\t\t\t\t\t\t\t\t\t<span class='evcal_evdata_icons'><i class='fa fa-clock-o'><\/i><\/span>\n\t\t\t\t\t\t\t\t\t<div class='evcal_evdata_cell'>\t\t\t\t\t\t\t\n\t\t\t\t\t\t\t\t\t\t<h3 class='evo_h3'><span class='evcal_evdata_icons'><i class='fa fa-clock-o'><\/i><\/span>Date<\/h3>\n\t\t\t\t\t\t\t\t\t\t<p>All Day (Saturday)<\/p>\n\t\t\t\t\t\t\t\t\t<\/div>\n\t\t\t\t\t\t\t\t<\/div>\n\t\t\t\t\t\t\t<\/div><div class='evcal_col50'>\n\t\t\t\t\t\t\t\t<div class='evcal_evdata_row evo_location'>\n\t\t\t\t\t\t\t\t\t<span class='evcal_evdata_icons'><i class='fa fa-map-marker'><\/i><\/span>\n\t\t\t\t\t\t\t\t\t<div class='evcal_evdata_cell' data-loc_tax_id='5777'>\t\t\t\t\t\t\t\n\t\t\t\t\t\t\t\t\t\t<h3 class='evo_h3'><span class='evcal_evdata_icons'><i class='fa fa-map-marker'><\/i><\/span>Location<\/h3><p class='evo_location_name'>Banc des Musiciens \/ Promenade du Bord de Mer<\/p><p class='evo_location_address'><\/p>\n\t\t\t\t\t\t\t\t\t<\/div>\n\t\t\t\t\t\t\t\t<\/div>\n\t\t\t\t\t\t\t<\/div><div class='clear'><\/div>\n\t\t\t\t\t\t\t<\/div><\/div>\n\t\t\t\t\t\t<\/div>\t\t\t\t\t\t<div class='evo_metarow_ICS evorow bordb evcal_evdata_row'>\n\t\t\t\t\t\t\t<span class=\"evcal_evdata_icons\"><i class=\"fa fa-calendar\"><\/i><\/span>\n\t\t\t\t\t\t\t<div class='evcal_evdata_cell'>\n\t\t\t\t\t\t\t\t<p><a href=\"https:\/\/www.blanescostabrava.cat\/wp-admin\/admin-ajax.php?action=eventon_ics_download&amp;event_id=234481&amp;sunix=20260529T220000Z&amp;eunix=20260530T215900Z&amp;loca=&amp;locn=Banc des Musiciens \/ Promenade du Bord de Mer\" class=\"evo_ics_nCal\" title=\"Add to your calendar\">Calendar<\/a><a href=\"\/\/www.google.com\/calendar\/event?action=TEMPLATE&amp;text=Danse+de+sardanes+-+Aplec+Sardanista&amp;dates=20260529T220000Z\/20260530T215900Z&amp;details=Danse+de+sardanes+-+Aplec+SardanistaDATE+%3A+Samedi+30HEURE+%3A+10h00+et+18h00LIEU+%3A+Passeig+de+Mar&amp;location=Banc+des+Musiciens+%2F+Promenade+du+Bord+de+Mer - \" target=\"_blank\" class=\"evo_ics_gCal\" title=\"Add to google calendar\">GoogleCal<\/a><\/p>\t\n\t\t\t\t\t\t\t<\/div>\t\t\t\t\t\t<\/div>\n\t\t\t\t\t\t<\/div><div class='clear end'><\/div><\/div><div id=\"event_234541\" class=\"eventon_list_event evo_eventtop  event hasbgimg\" data-event_id=\"234541\" data-time=\"1780099201-1780271999\" data-colr=\"#206177\" itemscope itemtype='http:\/\/schema.org\/Event' 53><div class=\"evo_boxtop\" style=\"background-image: url(https:\/\/www.blanescostabrava.cat\/wp-content\/uploads\/2026\/05\/Captura-de-pantalla-2023-07-04-a-les-15.20.38.jpg); background-color:#206177;height:200px;\"><\/div><div class=\"evo_event_schema\" style=\"display:none\" ><a itemprop=\"url\" href=\"https:\/\/www.blanescostabrava.cat\/fr\/events\/fetes-du-quartier-dels-pins\/\"><\/a><span itemprop='name'  >F\u00eates du quartier dels Pins<\/span><meta itemprop='image' content='https:\/\/www.blanescostabrava.cat\/wp-content\/uploads\/2026\/05\/Captura-de-pantalla-2023-07-04-a-les-15.20.38.jpg' ><\/meta><meta itemprop='description' content='DATE : Samedi 30 et dimanche 31 maiLIEU : Carrer Costa Brava, carrer Francesc Maci\u00e0 et passeig S\u2019AbanellF\u00eates du quartier dels Pins, organis\u00e9es par' ><\/meta><meta itemprop='startDate' content='2026-5-30' ><\/meta><meta itemprop='endDate' content='2026-5-31' ><\/meta><meta itemprop='eventStatus' content='on-schedule' ><\/meta><script type=\"application\/ld+json\">{\t\"@context\": \"http:\/\/schema.org\",\n\t\t\t\t\t\t\t  \t\"@type\": \"Event\",\n\t\t\t\t\t\t\t  \t\"name\": \"F\u00eates du quartier dels Pins\",\n\t\t\t\t\t\t\t  \t\"startDate\": \"2026-5-30T00-00-00-00\",\n\t\t\t\t\t\t\t  \t\"endDate\": \"2026-5-31T23-23-59-00\",\n\t\t\t\t\t\t\t  \t\"image\":\"https:\/\/www.blanescostabrava.cat\/wp-content\/uploads\/2026\/05\/Captura-de-pantalla-2023-07-04-a-les-15.20.38-300x182.jpg\",\n\t\t\t\t\t\t\t  \t\"description\":\"DATE : Samedi 30 et dimanche 31 maiLIEU : Carrer Costa Brava, carrer Francesc Maci\u00e0 et passeig S\u2019AbanellF\u00eates du quartier dels Pins, organis\u00e9es par\",\n\t\t\t\t\t\t\t  \t\n\t\t\t\t\t\t\t }<\/script><\/div>\n\t\t\t\t<p class=\"desc_trig_outter\"><a data-gmap_status=\"null\" data-exlk=\"0\" style=\"border-color: #206177;padding-top: 215px;height: 310px;\" id=\"evc_1780099201234541\" class=\"desc_trig mul_val evcal_list_a\" data-ux_val=\"3\"  ><span class='event-img'><img src='https:\/\/www.blanescostabrava.cat\/wp-content\/uploads\/2026\/05\/Captura-de-pantalla-2023-07-04-a-les-15.20.38.jpg'><\/span><span class='evcal_cblock ' data-bgcolor='#206177' data-smon='mai' data-syr='2026'><span class='evo_start '><em class='date'>30<\/em><em class='month'>mai<\/em><em class='time'>allday<\/em><\/span><span class='evo_end '><em class='date'>31<\/em><\/span><em class='clear'><\/em><\/span><span class='evcal_desc evo_info hide_eventtopdata '  data-location_status=\"false\" ><span class='evo_above_title'><\/span><span class='evcal_desc2 evcal_event_title' itemprop='name'>F\u00eates du quartier dels Pins<\/span><span class='evo_below_title'><\/span><span class='evcal_desc_info' ><\/span><span class='evcal_desc3'><\/span><\/span><em class='clear'><\/em><\/p><\/a><div class='event_description evcal_eventcard ' style=\"display:none\"><div class='evo_metarow_directimg'><img src='https:\/\/www.blanescostabrava.cat\/wp-content\/uploads\/2026\/05\/Captura-de-pantalla-2023-07-04-a-les-15.20.38.jpg' \/><\/div><div class='evo_metarow_details evorow evcal_evdata_row bordb evcal_event_details'>\n\t\t\t\t\t\t\t<div class=\"event_excerpt\" style=\"display:none\"><h3 class=\"padb5 evo_h3\">Description<\/h3><p>DATE : Samedi 30 et dimanche 31 maiLIEU : Carrer Costa Brava, carrer Francesc Maci\u00e0 et passeig S\u2019AbanellF\u00eates du quartier dels Pins, organis\u00e9es par<\/p><\/div><span class='evcal_evdata_icons'><i class='fa fa-align-justify'><\/i><\/span>\n\t\t\t\t\t\t\t\n\t\t\t\t\t\t\t<div class='evcal_evdata_cell '><div class='eventon_full_description'>\n\t\t\t\t\t\t\t\t\t<h3 class='padb5 evo_h3'><span class='evcal_evdata_icons'><i class='fa fa-align-justify'><\/i><\/span>Description<\/h3><div class='eventon_desc_in' itemprop='description'>\n\t\t\t\t\t\t\t\t\t<p>DATE : Samedi 30 et dimanche 31 mai<br data-start=\"3003\" data-end=\"3006\" \/>LIEU : Carrer Costa Brava, carrer Francesc Maci\u00e0 et passeig S\u2019Abanell<br data-start=\"3098\" data-end=\"3101\" \/>F\u00eates du quartier dels Pins, organis\u00e9es par l\u2019Association des habitants Els Pins.<\/p>\n<\/div><div class='clear'><\/div>\n\t\t\t\t\t\t\t\t<\/div>\n\t\t\t\t\t\t\t<\/div>\n\t\t\t\t\t\t<\/div><div class='evo_metarow_time_location evorow bordb '>\n\t\t\t\t\t\t<div class='tb' >\n\t\t\t\t\t\t\t<div class='tbrow'>\n\t\t\t\t\t\t\t<div class='evcal_col50 bordr'>\n\t\t\t\t\t\t\t\t<div class='evcal_evdata_row evo_time'>\n\t\t\t\t\t\t\t\t\t<span class='evcal_evdata_icons'><i class='fa fa-clock-o'><\/i><\/span>\n\t\t\t\t\t\t\t\t\t<div class='evcal_evdata_cell'>\t\t\t\t\t\t\t\n\t\t\t\t\t\t\t\t\t\t<h3 class='evo_h3'><span class='evcal_evdata_icons'><i class='fa fa-clock-o'><\/i><\/span>Date<\/h3>\n\t\t\t\t\t\t\t\t\t\t<p>mai 30 (Saturday) - 31 (Sunday)<\/p>\n\t\t\t\t\t\t\t\t\t<\/div>\n\t\t\t\t\t\t\t\t<\/div>\n\t\t\t\t\t\t\t<\/div><div class='evcal_col50'>\n\t\t\t\t\t\t\t\t<div class='evcal_evdata_row evo_location'>\n\t\t\t\t\t\t\t\t\t<span class='evcal_evdata_icons'><i class='fa fa-map-marker'><\/i><\/span>\n\t\t\t\t\t\t\t\t\t<div class='evcal_evdata_cell' data-loc_tax_id='5054'>\t\t\t\t\t\t\t\n\t\t\t\t\t\t\t\t\t\t<h3 class='evo_h3'><span class='evcal_evdata_icons'><i class='fa fa-map-marker'><\/i><\/span>Location<\/h3><p class='evo_location_name'>Rue Costa Brava \u2013 Rue Francesc Maci\u00e0 \u2013 Promenade S\u2019Abanell<\/p><p class='evo_location_address'><\/p>\n\t\t\t\t\t\t\t\t\t<\/div>\n\t\t\t\t\t\t\t\t<\/div>\n\t\t\t\t\t\t\t<\/div><div class='clear'><\/div>\n\t\t\t\t\t\t\t<\/div><\/div>\n\t\t\t\t\t\t<\/div>\t\t\t\t\t\t<div class='evo_metarow_ICS evorow bordb evcal_evdata_row'>\n\t\t\t\t\t\t\t<span class=\"evcal_evdata_icons\"><i class=\"fa fa-calendar\"><\/i><\/span>\n\t\t\t\t\t\t\t<div class='evcal_evdata_cell'>\n\t\t\t\t\t\t\t\t<p><a href=\"https:\/\/www.blanescostabrava.cat\/wp-admin\/admin-ajax.php?action=eventon_ics_download&amp;event_id=234541&amp;sunix=20260529T220000Z&amp;eunix=20260531T215900Z&amp;loca=&amp;locn=Rue Costa Brava \u2013 Rue Francesc Maci\u00e0 \u2013 Promenade S\u2019Abanell\" class=\"evo_ics_nCal\" title=\"Add to your calendar\">Calendar<\/a><a href=\"\/\/www.google.com\/calendar\/event?action=TEMPLATE&amp;text=F%C3%AAtes+du+quartier+dels+Pins&amp;dates=20260529T220000Z\/20260531T215900Z&amp;details=DATE+%3A+Samedi+30+et+dimanche+31+maiLIEU+%3A+Carrer+Costa+Brava%2C+carrer+Francesc+Maci%C3%A0+et+passeig+S%E2%80%99AbanellF%C3%AAtes+du+quartier+dels+Pins%2C+organis%C3%A9es+par&amp;location=Rue+Costa+Brava+%E2%80%93+Rue+Francesc+Maci%C3%A0+%E2%80%93+Promenade+S%E2%80%99Abanell - \" target=\"_blank\" class=\"evo_ics_gCal\" title=\"Add to google calendar\">GoogleCal<\/a><\/p>\t\n\t\t\t\t\t\t\t<\/div>\t\t\t\t\t\t<\/div>\n\t\t\t\t\t\t<\/div><div class='clear end'><\/div><\/div><div id=\"event_234508\" class=\"eventon_list_event evo_eventtop  event hasbgimg\" data-event_id=\"234508\" data-time=\"1780138800-1780144200\" data-colr=\"#206177\" itemscope itemtype='http:\/\/schema.org\/Event' 54><div class=\"evo_boxtop\" style=\"background-image: url(https:\/\/www.blanescostabrava.cat\/wp-content\/uploads\/2019\/03\/IMG_6062-e1553601046715.jpg); background-color:#206177;height:200px;\"><\/div><div class=\"evo_event_schema\" style=\"display:none\" ><a itemprop=\"url\" href=\"https:\/\/www.blanescostabrava.cat\/fr\/events\/botanique-en-famille\/\"><\/a><span itemprop='name'  >Botanique en famille<\/span><meta itemprop='image' content='https:\/\/www.blanescostabrava.cat\/wp-content\/uploads\/2019\/03\/IMG_6062-e1553601046715.jpg' ><\/meta><meta itemprop='description' content='Botanique en familleDATE : Samedi 30 maiHEURE : 11h00 - 12h30LIEU : Jardin botanique MarimurtraActivit\u00e9 familiale consacr\u00e9e \u00e0' ><\/meta><meta itemprop='startDate' content='2026-5-30' ><\/meta><meta itemprop='endDate' content='2026-5-30' ><\/meta><meta itemprop='eventStatus' content='on-schedule' ><\/meta><script type=\"application\/ld+json\">{\t\"@context\": \"http:\/\/schema.org\",\n\t\t\t\t\t\t\t  \t\"@type\": \"Event\",\n\t\t\t\t\t\t\t  \t\"name\": \"Botanique en famille\",\n\t\t\t\t\t\t\t  \t\"startDate\": \"2026-5-30T11-11-00-00\",\n\t\t\t\t\t\t\t  \t\"endDate\": \"2026-5-30T12-12-30-00\",\n\t\t\t\t\t\t\t  \t\"image\":\"https:\/\/www.blanescostabrava.cat\/wp-content\/uploads\/2019\/03\/IMG_6062-e1553601046715-300x300.jpg\",\n\t\t\t\t\t\t\t  \t\"description\":\"Botanique en familleDATE : Samedi 30 maiHEURE : 11h00 - 12h30LIEU : Jardin botanique MarimurtraActivit\u00e9 familiale consacr\u00e9e \u00e0\",\n\t\t\t\t\t\t\t  \t\n\t\t\t\t\t\t\t }<\/script><\/div>\n\t\t\t\t<p class=\"desc_trig_outter\"><a data-gmap_status=\"null\" data-exlk=\"0\" style=\"border-color: #206177;padding-top: 215px;height: 310px;\" id=\"evc_1780138800234508\" class=\"desc_trig sin_val evcal_list_a\" data-ux_val=\"3\"  ><span class='event-img'><img src='https:\/\/www.blanescostabrava.cat\/wp-content\/uploads\/2019\/03\/IMG_6062-e1553601046715.jpg'><\/span><span class='evcal_cblock ' data-bgcolor='#206177' data-smon='mai' data-syr='2026'><span class='evo_start '><em class='date'>30<\/em><em class='month'>mai<\/em><em class='time'>11:00 am<\/em><\/span><span class='evo_end only_time'><em class='time'>12:30 pm<\/em><\/span><em class='clear'><\/em><\/span><span class='evcal_desc evo_info hide_eventtopdata '  data-location_status=\"false\" ><span class='evo_above_title'><\/span><span class='evcal_desc2 evcal_event_title' itemprop='name'>Botanique en famille<\/span><span class='evo_below_title'><\/span><span class='evcal_desc_info' ><\/span><span class='evcal_desc3'><\/span><\/span><em class='clear'><\/em><\/p><\/a><div class='event_description evcal_eventcard ' style=\"display:none\"><div class='evo_metarow_directimg'><img src='https:\/\/www.blanescostabrava.cat\/wp-content\/uploads\/2019\/03\/IMG_6062-e1553601046715.jpg' alt=\"visites guiades marimurtra\"\/><\/div><div class='evo_metarow_details evorow evcal_evdata_row bordb evcal_event_details'>\n\t\t\t\t\t\t\t<div class=\"event_excerpt\" style=\"display:none\"><h3 class=\"padb5 evo_h3\">Description<\/h3><p>Botanique en familleDATE : Samedi 30 maiHEURE : 11h00 - 12h30LIEU : Jardin botanique MarimurtraActivit\u00e9 familiale consacr\u00e9e \u00e0<\/p><\/div><span class='evcal_evdata_icons'><i class='fa fa-align-justify'><\/i><\/span>\n\t\t\t\t\t\t\t\n\t\t\t\t\t\t\t<div class='evcal_evdata_cell '><div class='eventon_full_description'>\n\t\t\t\t\t\t\t\t\t<h3 class='padb5 evo_h3'><span class='evcal_evdata_icons'><i class='fa fa-align-justify'><\/i><\/span>Description<\/h3><div class='eventon_desc_in' itemprop='description'>\n\t\t\t\t\t\t\t\t\t<p>Botanique en famille<br data-start=\"2003\" data-end=\"2006\" \/>DATE : Samedi 30 mai<br data-start=\"2026\" data-end=\"2029\" \/>HEURE : 11h00 &#8211; 12h30<br data-start=\"2050\" data-end=\"2053\" \/>LIEU : Jardin botanique Marimurtra<br data-start=\"2087\" data-end=\"2090\" \/>Activit\u00e9 familiale consacr\u00e9e \u00e0 la botanique au Jardin botanique Marimurtra.<\/p>\n<\/div><div class='clear'><\/div>\n\t\t\t\t\t\t\t\t<\/div>\n\t\t\t\t\t\t\t<\/div>\n\t\t\t\t\t\t<\/div><div class='evo_metarow_time_location evorow bordb '>\n\t\t\t\t\t\t<div class='tb' >\n\t\t\t\t\t\t\t<div class='tbrow'>\n\t\t\t\t\t\t\t<div class='evcal_col50 bordr'>\n\t\t\t\t\t\t\t\t<div class='evcal_evdata_row evo_time'>\n\t\t\t\t\t\t\t\t\t<span class='evcal_evdata_icons'><i class='fa fa-clock-o'><\/i><\/span>\n\t\t\t\t\t\t\t\t\t<div class='evcal_evdata_cell'>\t\t\t\t\t\t\t\n\t\t\t\t\t\t\t\t\t\t<h3 class='evo_h3'><span class='evcal_evdata_icons'><i class='fa fa-clock-o'><\/i><\/span>Date<\/h3>\n\t\t\t\t\t\t\t\t\t\t<p>(Saturday) 11:00 am - 12:30 pm<\/p>\n\t\t\t\t\t\t\t\t\t<\/div>\n\t\t\t\t\t\t\t\t<\/div>\n\t\t\t\t\t\t\t<\/div><div class='evcal_col50'>\n\t\t\t\t\t\t\t\t<div class='evcal_evdata_row evo_location'>\n\t\t\t\t\t\t\t\t\t<span class='evcal_evdata_icons'><i class='fa fa-map-marker'><\/i><\/span>\n\t\t\t\t\t\t\t\t\t<div class='evcal_evdata_cell' data-loc_tax_id='3716'>\t\t\t\t\t\t\t\n\t\t\t\t\t\t\t\t\t\t<h3 class='evo_h3'><span class='evcal_evdata_icons'><i class='fa fa-map-marker'><\/i><\/span>Location<\/h3><p class='evo_location_name'>Jardin botanique de Marimurtra<\/p><p class='evo_location_address'><\/p>\n\t\t\t\t\t\t\t\t\t<\/div>\n\t\t\t\t\t\t\t\t<\/div>\n\t\t\t\t\t\t\t<\/div><div class='clear'><\/div>\n\t\t\t\t\t\t\t<\/div><\/div>\n\t\t\t\t\t\t<\/div>\t\t\t\t\t\t<div class='evo_metarow_ICS evorow bordb evcal_evdata_row'>\n\t\t\t\t\t\t\t<span class=\"evcal_evdata_icons\"><i class=\"fa fa-calendar\"><\/i><\/span>\n\t\t\t\t\t\t\t<div class='evcal_evdata_cell'>\n\t\t\t\t\t\t\t\t<p><a href=\"https:\/\/www.blanescostabrava.cat\/wp-admin\/admin-ajax.php?action=eventon_ics_download&amp;event_id=234508&amp;sunix=20260530T090000Z&amp;eunix=20260530T103000Z&amp;loca=&amp;locn=Jardin botanique de Marimurtra\" class=\"evo_ics_nCal\" title=\"Add to your calendar\">Calendar<\/a><a href=\"\/\/www.google.com\/calendar\/event?action=TEMPLATE&amp;text=Botanique+en+famille&amp;dates=20260530T090000Z\/20260530T103000Z&amp;details=Botanique+en+familleDATE+%3A+Samedi+30+maiHEURE+%3A+11h00+-+12h30LIEU+%3A+Jardin+botanique+MarimurtraActivit%C3%A9+familiale+consacr%C3%A9e+%C3%A0&amp;location=Jardin+botanique+de+Marimurtra - \" target=\"_blank\" class=\"evo_ics_gCal\" title=\"Add to google calendar\">GoogleCal<\/a><\/p>\t\n\t\t\t\t\t\t\t<\/div>\t\t\t\t\t\t<\/div>\n\t\t\t\t\t\t<\/div><div class='clear end'><\/div><\/div><div id=\"event_233605\" class=\"eventon_list_event evo_eventtop  event hasbgimg\" data-event_id=\"233605\" data-time=\"1780185601-1780271999\" data-colr=\"#206177\" itemscope itemtype='http:\/\/schema.org\/Event' 55><div class=\"evo_boxtop\" style=\"background-image: url(https:\/\/www.blanescostabrava.cat\/wp-content\/uploads\/2026\/04\/CARTELL-ROMERIA.jpeg); background-color:#206177;height:200px;\"><\/div><div class=\"evo_event_schema\" style=\"display:none\" ><a itemprop=\"url\" href=\"https:\/\/www.blanescostabrava.cat\/fr\/events\/xxxiie-romeria\/\"><\/a><span itemprop='name'  >XXXIIe romer\u00eda<\/span><meta itemprop='image' content='https:\/\/www.blanescostabrava.cat\/wp-content\/uploads\/2026\/04\/CARTELL-ROMERIA.jpeg' ><\/meta><meta itemprop='description' content='DATE : 31 mai\r\nLIEU : esplanade du Vilar\r\n' ><\/meta><meta itemprop='startDate' content='2026-5-31' ><\/meta><meta itemprop='endDate' content='2026-5-31' ><\/meta><meta itemprop='eventStatus' content='on-schedule' ><\/meta><script type=\"application\/ld+json\">{\t\"@context\": \"http:\/\/schema.org\",\n\t\t\t\t\t\t\t  \t\"@type\": \"Event\",\n\t\t\t\t\t\t\t  \t\"name\": \"XXXIIe romer\u00eda\",\n\t\t\t\t\t\t\t  \t\"startDate\": \"2026-5-31T00-00-00-00\",\n\t\t\t\t\t\t\t  \t\"endDate\": \"2026-5-31T23-23-59-00\",\n\t\t\t\t\t\t\t  \t\"image\":\"https:\/\/www.blanescostabrava.cat\/wp-content\/uploads\/2026\/04\/CARTELL-ROMERIA-212x300.jpeg\",\n\t\t\t\t\t\t\t  \t\"description\":\"DATE : 31 mai\r\nLIEU : esplanade du Vilar\r\n\",\n\t\t\t\t\t\t\t  \t\n\t\t\t\t\t\t\t }<\/script><\/div>\n\t\t\t\t<p class=\"desc_trig_outter\"><a data-gmap_status=\"null\" data-exlk=\"0\" style=\"border-color: #206177;padding-top: 215px;height: 310px;\" id=\"evc_1780185601233605\" class=\"desc_trig sin_val evcal_list_a\" data-ux_val=\"3\"  ><span class='event-img'><img src='https:\/\/www.blanescostabrava.cat\/wp-content\/uploads\/2026\/04\/CARTELL-ROMERIA.jpeg'><\/span><span class='evcal_cblock ' data-bgcolor='#206177' data-smon='mai' data-syr='2026'><span class='evo_start '><em class='date'>31<\/em><em class='month'>mai<\/em><em class='time'>allday<\/em><\/span><em class='clear'><\/em><\/span><span class='evcal_desc evo_info hide_eventtopdata '  data-location_status=\"false\" ><span class='evo_above_title'><\/span><span class='evcal_desc2 evcal_event_title' itemprop='name'>XXXIIe romer\u00eda<\/span><span class='evo_below_title'><\/span><span class='evcal_desc_info' ><\/span><span class='evcal_desc3'><\/span><\/span><em class='clear'><\/em><\/p><\/a><div class='event_description evcal_eventcard ' style=\"display:none\"><div class='evo_metarow_directimg'><img src='https:\/\/www.blanescostabrava.cat\/wp-content\/uploads\/2026\/04\/CARTELL-ROMERIA.jpeg' \/><\/div><div class='evo_metarow_details evorow evcal_evdata_row bordb evcal_event_details'>\n\t\t\t\t\t\t\t<div class=\"event_excerpt\" style=\"display:none\"><h3 class=\"padb5 evo_h3\">Description<\/h3><p>DATE : 31 mai\r\nLIEU : esplanade du Vilar\r\n<\/p><\/div><span class='evcal_evdata_icons'><i class='fa fa-align-justify'><\/i><\/span>\n\t\t\t\t\t\t\t\n\t\t\t\t\t\t\t<div class='evcal_evdata_cell '><div class='eventon_full_description'>\n\t\t\t\t\t\t\t\t\t<h3 class='padb5 evo_h3'><span class='evcal_evdata_icons'><i class='fa fa-align-justify'><\/i><\/span>Description<\/h3><div class='eventon_desc_in' itemprop='description'>\n\t\t\t\t\t\t\t\t\t<p data-start=\"229\" data-end=\"244\">DATE : 31 mai<\/p>\n<p data-start=\"246\" data-end=\"271\" data-is-last-node=\"\" data-is-only-node=\"\">LIEU : esplanade du Vilar<\/p>\n<p data-start=\"246\" data-end=\"271\" data-is-last-node=\"\" data-is-only-node=\"\"><img class=\"alignnone size-large wp-image-233587\" src=\"https:\/\/www.blanescostabrava.cat\/wp-content\/uploads\/2026\/04\/CARTELL-ROMERIA-724x1024.jpeg\" alt=\"\" width=\"724\" height=\"1024\" srcset=\"https:\/\/www.blanescostabrava.cat\/wp-content\/uploads\/2026\/04\/CARTELL-ROMERIA-724x1024.jpeg 724w, https:\/\/www.blanescostabrava.cat\/wp-content\/uploads\/2026\/04\/CARTELL-ROMERIA-212x300.jpeg 212w, https:\/\/www.blanescostabrava.cat\/wp-content\/uploads\/2026\/04\/CARTELL-ROMERIA-106x150.jpeg 106w, https:\/\/www.blanescostabrava.cat\/wp-content\/uploads\/2026\/04\/CARTELL-ROMERIA-768x1086.jpeg 768w, https:\/\/www.blanescostabrava.cat\/wp-content\/uploads\/2026\/04\/CARTELL-ROMERIA-1086x1536.jpeg 1086w, https:\/\/www.blanescostabrava.cat\/wp-content\/uploads\/2026\/04\/CARTELL-ROMERIA-17x24.jpeg 17w, https:\/\/www.blanescostabrava.cat\/wp-content\/uploads\/2026\/04\/CARTELL-ROMERIA-25x36.jpeg 25w, https:\/\/www.blanescostabrava.cat\/wp-content\/uploads\/2026\/04\/CARTELL-ROMERIA-34x48.jpeg 34w, https:\/\/www.blanescostabrava.cat\/wp-content\/uploads\/2026\/04\/CARTELL-ROMERIA.jpeg 1131w\" sizes=\"(max-width: 724px) 100vw, 724px\" \/><\/p>\n<\/div><div class='clear'><\/div>\n\t\t\t\t\t\t\t\t<\/div>\n\t\t\t\t\t\t\t<\/div>\n\t\t\t\t\t\t<\/div><div class='evo_metarow_time_location evorow bordb '>\n\t\t\t\t\t\t<div class='tb' >\n\t\t\t\t\t\t\t<div class='tbrow'>\n\t\t\t\t\t\t\t<div class='evcal_col50 bordr'>\n\t\t\t\t\t\t\t\t<div class='evcal_evdata_row evo_time'>\n\t\t\t\t\t\t\t\t\t<span class='evcal_evdata_icons'><i class='fa fa-clock-o'><\/i><\/span>\n\t\t\t\t\t\t\t\t\t<div class='evcal_evdata_cell'>\t\t\t\t\t\t\t\n\t\t\t\t\t\t\t\t\t\t<h3 class='evo_h3'><span class='evcal_evdata_icons'><i class='fa fa-clock-o'><\/i><\/span>Date<\/h3>\n\t\t\t\t\t\t\t\t\t\t<p>All Day (Sunday)<\/p>\n\t\t\t\t\t\t\t\t\t<\/div>\n\t\t\t\t\t\t\t\t<\/div>\n\t\t\t\t\t\t\t<\/div><div class='evcal_col50'>\n\t\t\t\t\t\t\t\t<div class='evcal_evdata_row evo_location'>\n\t\t\t\t\t\t\t\t\t<span class='evcal_evdata_icons'><i class='fa fa-map-marker'><\/i><\/span>\n\t\t\t\t\t\t\t\t\t<div class='evcal_evdata_cell' data-loc_tax_id='5111'>\t\t\t\t\t\t\t\n\t\t\t\t\t\t\t\t\t\t<h3 class='evo_h3'><span class='evcal_evdata_icons'><i class='fa fa-map-marker'><\/i><\/span>Location<\/h3><p class='evo_location_name'>Esplanade du Vilar<\/p><p class='evo_location_address'><\/p>\n\t\t\t\t\t\t\t\t\t<\/div>\n\t\t\t\t\t\t\t\t<\/div>\n\t\t\t\t\t\t\t<\/div><div class='clear'><\/div>\n\t\t\t\t\t\t\t<\/div><\/div>\n\t\t\t\t\t\t<\/div>\t\t\t\t\t\t<div class='evo_metarow_ICS evorow bordb evcal_evdata_row'>\n\t\t\t\t\t\t\t<span class=\"evcal_evdata_icons\"><i class=\"fa fa-calendar\"><\/i><\/span>\n\t\t\t\t\t\t\t<div class='evcal_evdata_cell'>\n\t\t\t\t\t\t\t\t<p><a href=\"https:\/\/www.blanescostabrava.cat\/wp-admin\/admin-ajax.php?action=eventon_ics_download&amp;event_id=233605&amp;sunix=20260530T220000Z&amp;eunix=20260531T215900Z&amp;loca=&amp;locn=Esplanade du Vilar\" class=\"evo_ics_nCal\" title=\"Add to your calendar\">Calendar<\/a><a href=\"\/\/www.google.com\/calendar\/event?action=TEMPLATE&amp;text=XXXIIe+romer%C3%ADa&amp;dates=20260530T220000Z\/20260531T215900Z&amp;details=DATE+%3A+31+mai%0D%0ALIEU+%3A+esplanade+du+Vilar%0D%0A&amp;location=Esplanade+du+Vilar - \" target=\"_blank\" class=\"evo_ics_gCal\" title=\"Add to google calendar\">GoogleCal<\/a><\/p>\t\n\t\t\t\t\t\t\t<\/div>\t\t\t\t\t\t<\/div>\n\t\t\t\t\t\t<\/div><div class='clear end'><\/div><\/div><div id=\"event_234553\" class=\"eventon_list_event evo_eventtop  event hasbgimg\" data-event_id=\"234553\" data-time=\"1780214400-1780221600\" data-colr=\"#206177\" itemscope itemtype='http:\/\/schema.org\/Event' 56><div class=\"evo_boxtop\" style=\"background-image: url(https:\/\/www.blanescostabrava.cat\/wp-content\/uploads\/2018\/04\/MARIMURTRA-28.jpg); background-color:#206177;height:200px;\"><\/div><div class=\"evo_event_schema\" style=\"display:none\" ><a itemprop=\"url\" href=\"https:\/\/www.blanescostabrava.cat\/fr\/events\/yoga-et-brunch-a-marimurtra\/\"><\/a><span itemprop='name'  >Yoga et brunch \u00e0 Marimurtra<\/span><meta itemprop='image' content='https:\/\/www.blanescostabrava.cat\/wp-content\/uploads\/2018\/04\/MARIMURTRA-28.jpg' ><\/meta><meta itemprop='description' content='DATE : Dimanche 31 maiHEURE : 8h00 - 10h00LIEU : Jardin botanique MarimurtraS\u00e9ance de yoga avec brunch au Jardin botanique Marimurtra.' ><\/meta><meta itemprop='startDate' content='2026-5-31' ><\/meta><meta itemprop='endDate' content='2026-5-31' ><\/meta><meta itemprop='eventStatus' content='on-schedule' ><\/meta><script type=\"application\/ld+json\">{\t\"@context\": \"http:\/\/schema.org\",\n\t\t\t\t\t\t\t  \t\"@type\": \"Event\",\n\t\t\t\t\t\t\t  \t\"name\": \"Yoga et brunch \u00e0 Marimurtra\",\n\t\t\t\t\t\t\t  \t\"startDate\": \"2026-5-31T08-08-00-00\",\n\t\t\t\t\t\t\t  \t\"endDate\": \"2026-5-31T10-10-00-00\",\n\t\t\t\t\t\t\t  \t\"image\":\"https:\/\/www.blanescostabrava.cat\/wp-content\/uploads\/2018\/04\/MARIMURTRA-28-200x300.jpg\",\n\t\t\t\t\t\t\t  \t\"description\":\"DATE : Dimanche 31 maiHEURE : 8h00 - 10h00LIEU : Jardin botanique MarimurtraS\u00e9ance de yoga avec brunch au Jardin botanique Marimurtra.\",\n\t\t\t\t\t\t\t  \t\n\t\t\t\t\t\t\t }<\/script><\/div>\n\t\t\t\t<p class=\"desc_trig_outter\"><a data-gmap_status=\"null\" data-exlk=\"0\" style=\"border-color: #206177;padding-top: 215px;height: 310px;\" id=\"evc_1780214400234553\" class=\"desc_trig sin_val evcal_list_a\" data-ux_val=\"3\"  ><span class='event-img'><img src='https:\/\/www.blanescostabrava.cat\/wp-content\/uploads\/2018\/04\/MARIMURTRA-28.jpg'><\/span><span class='evcal_cblock ' data-bgcolor='#206177' data-smon='mai' data-syr='2026'><span class='evo_start '><em class='date'>31<\/em><em class='month'>mai<\/em><em class='time'>8:00 am<\/em><\/span><span class='evo_end only_time'><em class='time'>10:00 am<\/em><\/span><em class='clear'><\/em><\/span><span class='evcal_desc evo_info hide_eventtopdata '  data-location_status=\"false\" ><span class='evo_above_title'><\/span><span class='evcal_desc2 evcal_event_title' itemprop='name'>Yoga et brunch \u00e0 Marimurtra<\/span><span class='evo_below_title'><\/span><span class='evcal_desc_info' ><\/span><span class='evcal_desc3'><\/span><\/span><em class='clear'><\/em><\/p><\/a><div class='event_description evcal_eventcard ' style=\"display:none\"><div class='evo_metarow_directimg'><img src='https:\/\/www.blanescostabrava.cat\/wp-content\/uploads\/2018\/04\/MARIMURTRA-28.jpg' \/><\/div><div class='evo_metarow_details evorow evcal_evdata_row bordb evcal_event_details'>\n\t\t\t\t\t\t\t<div class=\"event_excerpt\" style=\"display:none\"><h3 class=\"padb5 evo_h3\">Description<\/h3><p>DATE : Dimanche 31 maiHEURE : 8h00 - 10h00LIEU : Jardin botanique MarimurtraS\u00e9ance de yoga avec brunch au Jardin botanique Marimurtra.<\/p><\/div><span class='evcal_evdata_icons'><i class='fa fa-align-justify'><\/i><\/span>\n\t\t\t\t\t\t\t\n\t\t\t\t\t\t\t<div class='evcal_evdata_cell '><div class='eventon_full_description'>\n\t\t\t\t\t\t\t\t\t<h3 class='padb5 evo_h3'><span class='evcal_evdata_icons'><i class='fa fa-align-justify'><\/i><\/span>Description<\/h3><div class='eventon_desc_in' itemprop='description'>\n\t\t\t\t\t\t\t\t\t<p>DATE : Dimanche 31 mai<br data-start=\"3918\" data-end=\"3921\" \/>HEURE : 8h00 &#8211; 10h00<br data-start=\"3941\" data-end=\"3944\" \/>LIEU : Jardin botanique Marimurtra<br data-start=\"3978\" data-end=\"3981\" \/>S\u00e9ance de yoga avec brunch au Jardin botanique Marimurtra.<\/p>\n<\/div><div class='clear'><\/div>\n\t\t\t\t\t\t\t\t<\/div>\n\t\t\t\t\t\t\t<\/div>\n\t\t\t\t\t\t<\/div><div class='evo_metarow_time_location evorow bordb '>\n\t\t\t\t\t\t<div class='tb' >\n\t\t\t\t\t\t\t<div class='tbrow'>\n\t\t\t\t\t\t\t<div class='evcal_col50 bordr'>\n\t\t\t\t\t\t\t\t<div class='evcal_evdata_row evo_time'>\n\t\t\t\t\t\t\t\t\t<span class='evcal_evdata_icons'><i class='fa fa-clock-o'><\/i><\/span>\n\t\t\t\t\t\t\t\t\t<div class='evcal_evdata_cell'>\t\t\t\t\t\t\t\n\t\t\t\t\t\t\t\t\t\t<h3 class='evo_h3'><span class='evcal_evdata_icons'><i class='fa fa-clock-o'><\/i><\/span>Date<\/h3>\n\t\t\t\t\t\t\t\t\t\t<p>(Sunday) 8:00 am - 10:00 am<\/p>\n\t\t\t\t\t\t\t\t\t<\/div>\n\t\t\t\t\t\t\t\t<\/div>\n\t\t\t\t\t\t\t<\/div><div class='evcal_col50'>\n\t\t\t\t\t\t\t\t<div class='evcal_evdata_row evo_location'>\n\t\t\t\t\t\t\t\t\t<span class='evcal_evdata_icons'><i class='fa fa-map-marker'><\/i><\/span>\n\t\t\t\t\t\t\t\t\t<div class='evcal_evdata_cell' data-loc_tax_id='2946'>\t\t\t\t\t\t\t\n\t\t\t\t\t\t\t\t\t\t<h3 class='evo_h3'><span class='evcal_evdata_icons'><i class='fa fa-map-marker'><\/i><\/span>Location<\/h3><p class='evo_location_name'>Jardin Botanique Marimurtra<\/p><p class='evo_location_address'><\/p>\n\t\t\t\t\t\t\t\t\t<\/div>\n\t\t\t\t\t\t\t\t<\/div>\n\t\t\t\t\t\t\t<\/div><div class='clear'><\/div>\n\t\t\t\t\t\t\t<\/div><\/div>\n\t\t\t\t\t\t<\/div>\t\t\t\t\t\t<div class='evo_metarow_ICS evorow bordb evcal_evdata_row'>\n\t\t\t\t\t\t\t<span class=\"evcal_evdata_icons\"><i class=\"fa fa-calendar\"><\/i><\/span>\n\t\t\t\t\t\t\t<div class='evcal_evdata_cell'>\n\t\t\t\t\t\t\t\t<p><a href=\"https:\/\/www.blanescostabrava.cat\/wp-admin\/admin-ajax.php?action=eventon_ics_download&amp;event_id=234553&amp;sunix=20260531T060000Z&amp;eunix=20260531T080000Z&amp;loca=&amp;locn=Jardin Botanique Marimurtra\" class=\"evo_ics_nCal\" title=\"Add to your calendar\">Calendar<\/a><a href=\"\/\/www.google.com\/calendar\/event?action=TEMPLATE&amp;text=Yoga+et+brunch+%C3%A0+Marimurtra&amp;dates=20260531T060000Z\/20260531T080000Z&amp;details=DATE+%3A+Dimanche+31+maiHEURE+%3A+8h00+-+10h00LIEU+%3A+Jardin+botanique+MarimurtraS%C3%A9ance+de+yoga+avec+brunch+au+Jardin+botanique+Marimurtra.&amp;location=Jardin+Botanique+Marimurtra - \" target=\"_blank\" class=\"evo_ics_gCal\" title=\"Add to google calendar\">GoogleCal<\/a><\/p>\t\n\t\t\t\t\t\t\t<\/div>\t\t\t\t\t\t<\/div>\n\t\t\t\t\t\t<\/div><div class='clear end'><\/div><\/div><div id=\"event_234607\" class=\"eventon_list_event evo_eventtop  event hasbgimg\" data-event_id=\"234607\" data-time=\"1780248600-1780271400\" data-colr=\"#206177\" itemscope itemtype='http:\/\/schema.org\/Event' 57><div class=\"evo_boxtop\" style=\"background-image: url(https:\/\/www.blanescostabrava.cat\/wp-content\/uploads\/2026\/05\/TEATRE-BARCELONA-Edu-Soto.webp); background-color:#206177;height:200px;\"><\/div><div class=\"evo_event_schema\" style=\"display:none\" ><a itemprop=\"url\" href=\"https:\/\/www.blanescostabrava.cat\/fr\/events\/theatre-comedie-mas-vale-solo-que-ciento-volando\/\"><\/a><span itemprop='name'  >Th\u00e9\u00e2tre-com\u00e9die : M\u00e1s vale solo que ciento volando\u201d<\/span><meta itemprop='image' content='https:\/\/www.blanescostabrava.cat\/wp-content\/uploads\/2026\/05\/TEATRE-BARCELONA-Edu-Soto.webp' ><\/meta><meta itemprop='description' content='DATE : Dimanche 31 maiHEURE : 17h30LIEU : Teatre de BlanesSpectacle de th\u00e9\u00e2tre-com\u00e9die \u00ab M\u00e1s vale solo que ciento volando \u00bb,' ><\/meta><meta itemprop='startDate' content='2026-5-31' ><\/meta><meta itemprop='endDate' content='2026-5-31' ><\/meta><meta itemprop='eventStatus' content='on-schedule' ><\/meta><script type=\"application\/ld+json\">{\t\"@context\": \"http:\/\/schema.org\",\n\t\t\t\t\t\t\t  \t\"@type\": \"Event\",\n\t\t\t\t\t\t\t  \t\"name\": \"Th\u00e9\u00e2tre-com\u00e9die : M\u00e1s vale solo que ciento volando\u201d\",\n\t\t\t\t\t\t\t  \t\"startDate\": \"2026-5-31T17-17-30-00\",\n\t\t\t\t\t\t\t  \t\"endDate\": \"2026-5-31T23-23-50-00\",\n\t\t\t\t\t\t\t  \t\"image\":\"https:\/\/www.blanescostabrava.cat\/wp-content\/uploads\/2026\/05\/TEATRE-BARCELONA-Edu-Soto-209x300.webp\",\n\t\t\t\t\t\t\t  \t\"description\":\"DATE : Dimanche 31 maiHEURE : 17h30LIEU : Teatre de BlanesSpectacle de th\u00e9\u00e2tre-com\u00e9die \u00ab M\u00e1s vale solo que ciento volando \u00bb,\",\n\t\t\t\t\t\t\t  \t\n\t\t\t\t\t\t\t }<\/script><\/div>\n\t\t\t\t<p class=\"desc_trig_outter\"><a data-gmap_status=\"null\" data-exlk=\"0\" style=\"border-color: #206177;padding-top: 215px;height: 310px;\" id=\"evc_1780248600234607\" class=\"desc_trig sin_val evcal_list_a\" data-ux_val=\"3\"  ><span class='event-img'><img src='https:\/\/www.blanescostabrava.cat\/wp-content\/uploads\/2026\/05\/TEATRE-BARCELONA-Edu-Soto.webp'><\/span><span class='evcal_cblock ' data-bgcolor='#206177' data-smon='mai' data-syr='2026'><span class='evo_start '><em class='date'>31<\/em><em class='month'>mai<\/em><em class='time'>5:30 pm<\/em><\/span><em class='clear'><\/em><\/span><span class='evcal_desc evo_info hide_eventtopdata '  data-location_status=\"false\" ><span class='evo_above_title'><\/span><span class='evcal_desc2 evcal_event_title' itemprop='name'>Th\u00e9\u00e2tre-com\u00e9die : M\u00e1s vale solo que ciento volando\u201d<\/span><span class='evo_below_title'><\/span><span class='evcal_desc_info' ><\/span><span class='evcal_desc3'><\/span><\/span><em class='clear'><\/em><\/p><\/a><div class='event_description evcal_eventcard ' style=\"display:none\"><div class='evo_metarow_directimg'><img src='https:\/\/www.blanescostabrava.cat\/wp-content\/uploads\/2026\/05\/TEATRE-BARCELONA-Edu-Soto.webp' \/><\/div><div class='evo_metarow_details evorow evcal_evdata_row bordb evcal_event_details'>\n\t\t\t\t\t\t\t<div class=\"event_excerpt\" style=\"display:none\"><h3 class=\"padb5 evo_h3\">Description<\/h3><p>DATE : Dimanche 31 maiHEURE : 17h30LIEU : Teatre de BlanesSpectacle de th\u00e9\u00e2tre-com\u00e9die \u00ab M\u00e1s vale solo que ciento volando \u00bb,<\/p><\/div><span class='evcal_evdata_icons'><i class='fa fa-align-justify'><\/i><\/span>\n\t\t\t\t\t\t\t\n\t\t\t\t\t\t\t<div class='evcal_evdata_cell '><div class='eventon_full_description'>\n\t\t\t\t\t\t\t\t\t<h3 class='padb5 evo_h3'><span class='evcal_evdata_icons'><i class='fa fa-align-justify'><\/i><\/span>Description<\/h3><div class='eventon_desc_in' itemprop='description'>\n\t\t\t\t\t\t\t\t\t<p>DATE : Dimanche 31 mai<br data-start=\"4850\" data-end=\"4853\" \/>HEURE : 17h30<br data-start=\"4866\" data-end=\"4869\" \/>LIEU : Teatre de Blanes<br data-start=\"4892\" data-end=\"4895\" \/>Spectacle de th\u00e9\u00e2tre-com\u00e9die \u00ab M\u00e1s vale solo que ciento volando \u00bb, d\u2019Edu Soto. Billets disponibles sur Entrapolis.<br \/>\n<img class=\"alignnone size-full wp-image-234568\" src=\"https:\/\/www.blanescostabrava.cat\/wp-content\/uploads\/2026\/05\/TEATRE-BARCELONA-Edu-Soto.webp\" alt=\"\" width=\"390\" height=\"560\" srcset=\"https:\/\/www.blanescostabrava.cat\/wp-content\/uploads\/2026\/05\/TEATRE-BARCELONA-Edu-Soto.webp 390w, https:\/\/www.blanescostabrava.cat\/wp-content\/uploads\/2026\/05\/TEATRE-BARCELONA-Edu-Soto-209x300.webp 209w, https:\/\/www.blanescostabrava.cat\/wp-content\/uploads\/2026\/05\/TEATRE-BARCELONA-Edu-Soto-104x150.webp 104w, https:\/\/www.blanescostabrava.cat\/wp-content\/uploads\/2026\/05\/TEATRE-BARCELONA-Edu-Soto-17x24.webp 17w, https:\/\/www.blanescostabrava.cat\/wp-content\/uploads\/2026\/05\/TEATRE-BARCELONA-Edu-Soto-25x36.webp 25w, https:\/\/www.blanescostabrava.cat\/wp-content\/uploads\/2026\/05\/TEATRE-BARCELONA-Edu-Soto-33x48.webp 33w\" sizes=\"(max-width: 390px) 100vw, 390px\" \/><\/p>\n<\/div><div class='clear'><\/div>\n\t\t\t\t\t\t\t\t<\/div>\n\t\t\t\t\t\t\t<\/div>\n\t\t\t\t\t\t<\/div><div class='evo_metarow_time_location evorow bordb '>\n\t\t\t\t\t\t<div class='tb' >\n\t\t\t\t\t\t\t<div class='tbrow'>\n\t\t\t\t\t\t\t<div class='evcal_col50 bordr'>\n\t\t\t\t\t\t\t\t<div class='evcal_evdata_row evo_time'>\n\t\t\t\t\t\t\t\t\t<span class='evcal_evdata_icons'><i class='fa fa-clock-o'><\/i><\/span>\n\t\t\t\t\t\t\t\t\t<div class='evcal_evdata_cell'>\t\t\t\t\t\t\t\n\t\t\t\t\t\t\t\t\t\t<h3 class='evo_h3'><span class='evcal_evdata_icons'><i class='fa fa-clock-o'><\/i><\/span>Date<\/h3>\n\t\t\t\t\t\t\t\t\t\t<p>(Sunday) 5:30 pm<\/p>\n\t\t\t\t\t\t\t\t\t<\/div>\n\t\t\t\t\t\t\t\t<\/div>\n\t\t\t\t\t\t\t<\/div><div class='evcal_col50'>\n\t\t\t\t\t\t\t\t<div class='evcal_evdata_row evo_location'>\n\t\t\t\t\t\t\t\t\t<span class='evcal_evdata_icons'><i class='fa fa-map-marker'><\/i><\/span>\n\t\t\t\t\t\t\t\t\t<div class='evcal_evdata_cell' data-loc_tax_id='3728'>\t\t\t\t\t\t\t\n\t\t\t\t\t\t\t\t\t\t<h3 class='evo_h3'><span class='evcal_evdata_icons'><i class='fa fa-map-marker'><\/i><\/span>Location<\/h3><p class='evo_location_name'>Th\u00e9\u00e2tre Blanes<\/p><p class='evo_location_address'><\/p>\n\t\t\t\t\t\t\t\t\t<\/div>\n\t\t\t\t\t\t\t\t<\/div>\n\t\t\t\t\t\t\t<\/div><div class='clear'><\/div>\n\t\t\t\t\t\t\t<\/div><\/div>\n\t\t\t\t\t\t<\/div>\t\t\t\t\t\t<div class='evo_metarow_ICS evorow bordb evcal_evdata_row'>\n\t\t\t\t\t\t\t<span class=\"evcal_evdata_icons\"><i class=\"fa fa-calendar\"><\/i><\/span>\n\t\t\t\t\t\t\t<div class='evcal_evdata_cell'>\n\t\t\t\t\t\t\t\t<p><a href=\"https:\/\/www.blanescostabrava.cat\/wp-admin\/admin-ajax.php?action=eventon_ics_download&amp;event_id=234607&amp;sunix=20260531T153000Z&amp;eunix=20260531T215000Z&amp;loca=&amp;locn=Th\u00e9\u00e2tre Blanes\" class=\"evo_ics_nCal\" title=\"Add to your calendar\">Calendar<\/a><a href=\"\/\/www.google.com\/calendar\/event?action=TEMPLATE&amp;text=Th%C3%A9%C3%A2tre-com%C3%A9die+%3A+M%C3%A1s+vale+solo+que+ciento+volando%E2%80%9D&amp;dates=20260531T153000Z\/20260531T215000Z&amp;details=DATE+%3A+Dimanche+31+maiHEURE+%3A+17h30LIEU+%3A+Teatre+de+BlanesSpectacle+de+th%C3%A9%C3%A2tre-com%C3%A9die+%C2%AB+M%C3%A1s+vale+solo+que+ciento+volando+%C2%BB%2C&amp;location=Th%C3%A9%C3%A2tre+Blanes - \" target=\"_blank\" class=\"evo_ics_gCal\" title=\"Add to google calendar\">GoogleCal<\/a><\/p>\t\n\t\t\t\t\t\t\t<\/div>\t\t\t\t\t\t<\/div>\n\t\t\t\t\t\t<\/div><div class='clear end'><\/div><\/div>\t\t\t<div class='clear'><\/div>\n\t\t\t<\/div><!-- #evcal_list-->\n\t\t\t<div class='clear'><\/div>\n\t\n\t\t\t\n\t\t\t\t\t\t<\/div><!-- .ajde_evcal_calendar-->\n\n\t\t\t[\/vc_column_text][\/vc_column][\/vc_row]<\/p>\n<\/div>","protected":false},"excerpt":{"rendered":"<p>[vc_row full_width=\u00a0\u00bbstretch_row\u00a0\u00bb css=\u00a0\u00bb.vc_custom_1534834829026{background-image: url(https:\/\/www.blanescostabrava.cat\/wp-content\/uploads\/2018\/08\/portada-agenda.jpg?id=54404) !important;}\u00a0\u00bb el_class=\u00a0\u00bbcabecera-pagina-interna\u00a0\u00bb][vc_column][vc_column_text] CALENDRIER [\/vc_column_text][\/vc_column][\/vc_row][vc_row el_class=\u00a0\u00bbagenda-seccion ocultar\u00a0\u00bb][vc_column width=\u00a0\u00bb2\/3&Prime; el_class=\u00a0\u00bbeventos-izquierda\u00a0\u00bb][vc_column_text el_class=\u00a0\u00bbtitulo-agenda\u00a0\u00bb] Prochains \u00e9v\u00e9nements [\/vc_column_text][vc_column_text][\/vc_column_text][\/vc_column][vc_column width=\u00a0\u00bb1\/3&Prime;][vc_column_text el_class=\u00a0\u00bbtitulo-agenda\u00a0\u00bb] \u00c9v\u00e9nements\u00a0annuels [\/vc_column_text][vc_column_text][\/vc_column_text][\/vc_column][\/vc_row][vc_row&#8230;<\/p>\n","protected":false},"author":1,"featured_media":0,"parent":0,"menu_order":0,"comment_status":"closed","ping_status":"closed","template":"","meta":{"footnotes":""},"class_list":["post-35862","page","type-page","status-publish"],"rankMath":{"parentDomain":"blanescostabrava.cat","noFollowDomains":[],"noFollowExcludeDomains":[],"noFollowExternalLinks":false,"featuredImageNotice":"L\u2019image en vedette devrait \u00eatre au moins 200 par 200 pixels pour \u00eatre utilis\u00e9 par Facebook et d\u2019autres sites de m\u00e9dias sociaux.","pluginReviewed":false,"postSettings":{"linkSuggestions":true,"useFocusKeyword":false},"frontEndScore":false,"postName":"club-de-jocs-de-taula-copy","permalinkFormat":"https:\/\/www.blanescostabrava.cat\/fr\/events\/%ajde_events%\/","showLockModifiedDate":true,"assessor":{"focusKeywordLink":"https:\/\/www.blanescostabrava.cat\/wp-admin\/edit.php?focus_keyword=%focus_keyword%&post_type=%post_type%","hasTOCPlugin":false,"primaryTaxonomy":false,"serpData":{"title":"","description":"","focusKeywords":"","pillarContent":false,"canonicalUrl":"","breadcrumbTitle":"","advancedRobots":[],"facebookTitle":"","facebookDescription":"","facebookImage":"","facebookImageID":"","facebookHasOverlay":false,"facebookImageOverlay":"","facebookAuthor":"","twitterCardType":"","twitterUseFacebook":true,"twitterTitle":"","twitterDescription":"","twitterImage":"","twitterImageID":"","twitterHasOverlay":false,"twitterImageOverlay":"","twitterPlayerUrl":"","twitterPlayerSize":"","twitterPlayerStream":"","twitterPlayerStreamCtype":"","twitterAppDescription":"","twitterAppIphoneName":"","twitterAppIphoneID":"","twitterAppIphoneUrl":"","twitterAppIpadName":"","twitterAppIpadID":"","twitterAppIpadUrl":"","twitterAppGoogleplayName":"","twitterAppGoogleplayID":"","twitterAppGoogleplayUrl":"","twitterAppCountry":"","robots":{"index":true},"twitterAuthor":"identifiant","primaryTerm":0,"authorName":"Anna Codina","titleTemplate":"%title% %sep% %sitename%","descriptionTemplate":"%excerpt%","showScoreFrontend":true,"lockModifiedDate":false},"powerWords":["absolument","amazement","astonishing","authentique","beau","bien-\u00eatre","brillant","captivant","charismatique","choc","clair","compl\u00e8tement","confidentiel","confiance","cons\u00e9quent","cr\u00e9atif","d\u00e9finitivement","d\u00e9licieux","d\u00e9montrer","d\u00e9p\u00eachez-vous","d\u00e9termin\u00e9","digne","dynamique","\u00e9blouissant","\u00e9clatant","\u00e9conomique","\u00e9fficace","\u00e9l\u00e9gant","\u00e9motionnel","\u00e9nergique","\u00e9norme","\u00e9poustouflant","essentiel","\u00e9tonnant","exclusif","exp\u00e9rience","fabuleux","fantastique","formidable","fort","garanti","g\u00e9ant","g\u00e9n\u00e9reux","grandiose","gratuit","habile","harmonieux","historique","hors pair","important","incroyable","indispensable","inoubliable","inspirant","innovant","intense","invention","irr\u00e9sistible","l\u00e9gendaire","lumineux","luxe","magique","magnifique","majestueux","marquant","merveilleux","miraculeux","motivant","n\u00e9cessaire","nouvelle","officiel","parfait","passionn\u00e9","persuasif","ph\u00e9nom\u00e9nal","plaisir","populaire","pouvoir","prestigieux","prodigieux","profond","prosp\u00e8re","puissant","qualit\u00e9","radieux","rapide","r\u00e9ussi","r\u00e9volutionnaire","satisfait","s\u00e9curit\u00e9","sensationnel","serein","somptueux","splendide","sublime","surprenant","talentueux","terrifiant","unique","valeur","vibrant","victorieux","vif","vraiment","z\u00e9l\u00e9"],"diacritics":{"A":"[\\u0041\\u24B6\\uFF21\\u00C0\\u00C1\\u00C2\\u1EA6\\u1EA4\\u1EAA\\u1EA8\\u00C3\\u0100\\u0102\\u1EB0\\u1EAE\\u1EB4\\u1EB2\\u0226\\u01E0\\u00C4\\u01DE\\u1EA2\\u00C5\\u01FA\\u01CD\\u0200\\u0202\\u1EA0\\u1EAC\\u1EB6\\u1E00\\u0104\\u023A\\u2C6F]","AA":"[\\uA732]","AE":"[\\u00C6\\u01FC\\u01E2]","AO":"[\\uA734]","AU":"[\\uA736]","AV":"[\\uA738\\uA73A]","AY":"[\\uA73C]","B":"[\\u0042\\u24B7\\uFF22\\u1E02\\u1E04\\u1E06\\u0243\\u0182\\u0181]","C":"[\\u0043\\u24B8\\uFF23\\u0106\\u0108\\u010A\\u010C\\u00C7\\u1E08\\u0187\\u023B\\uA73E]","D":"[\\u0044\\u24B9\\uFF24\\u1E0A\\u010E\\u1E0C\\u1E10\\u1E12\\u1E0E\\u0110\\u018B\\u018A\\u0189\\uA779]","DZ":"[\\u01F1\\u01C4]","Dz":"[\\u01F2\\u01C5]","E":"[\\u0045\\u24BA\\uFF25\\u00C8\\u00C9\\u00CA\\u1EC0\\u1EBE\\u1EC4\\u1EC2\\u1EBC\\u0112\\u1E14\\u1E16\\u0114\\u0116\\u00CB\\u1EBA\\u011A\\u0204\\u0206\\u1EB8\\u1EC6\\u0228\\u1E1C\\u0118\\u1E18\\u1E1A\\u0190\\u018E]","F":"[\\u0046\\u24BB\\uFF26\\u1E1E\\u0191\\uA77B]","G":"[\\u0047\\u24BC\\uFF27\\u01F4\\u011C\\u1E20\\u011E\\u0120\\u01E6\\u0122\\u01E4\\u0193\\uA7A0\\uA77D\\uA77E]","H":"[\\u0048\\u24BD\\uFF28\\u0124\\u1E22\\u1E26\\u021E\\u1E24\\u1E28\\u1E2A\\u0126\\u2C67\\u2C75\\uA78D]","I":"[\\u0049\\u24BE\\uFF29\\u00CC\\u00CD\\u00CE\\u0128\\u012A\\u012C\\u0130\\u00CF\\u1E2E\\u1EC8\\u01CF\\u0208\\u020A\\u1ECA\\u012E\\u1E2C\\u0197]","J":"[\\u004A\\u24BF\\uFF2A\\u0134\\u0248]","K":"[\\u004B\\u24C0\\uFF2B\\u1E30\\u01E8\\u1E32\\u0136\\u1E34\\u0198\\u2C69\\uA740\\uA742\\uA744\\uA7A2]","L":"[\\u004C\\u24C1\\uFF2C\\u013F\\u0139\\u013D\\u1E36\\u1E38\\u013B\\u1E3C\\u1E3A\\u0141\\u023D\\u2C62\\u2C60\\uA748\\uA746\\uA780]","LJ":"[\\u01C7]","Lj":"[\\u01C8]","M":"[\\u004D\\u24C2\\uFF2D\\u1E3E\\u1E40\\u1E42\\u2C6E\\u019C]","N":"[\\u004E\\u24C3\\uFF2E\\u01F8\\u0143\\u00D1\\u1E44\\u0147\\u1E46\\u0145\\u1E4A\\u1E48\\u0220\\u019D\\uA790\\uA7A4]","NJ":"[\\u01CA]","Nj":"[\\u01CB]","O":"[\\u004F\\u24C4\\uFF2F\\u00D2\\u00D3\\u00D4\\u1ED2\\u1ED0\\u1ED6\\u1ED4\\u00D5\\u1E4C\\u022C\\u1E4E\\u014C\\u1E50\\u1E52\\u014E\\u022E\\u0230\\u00D6\\u022A\\u1ECE\\u0150\\u01D1\\u020C\\u020E\\u01A0\\u1EDC\\u1EDA\\u1EE0\\u1EDE\\u1EE2\\u1ECC\\u1ED8\\u01EA\\u01EC\\u00D8\\u01FE\\u0186\\u019F\\uA74A\\uA74C]","OI":"[\\u01A2]","OO":"[\\uA74E]","OU":"[\\u0222]","P":"[\\u0050\\u24C5\\uFF30\\u1E54\\u1E56\\u01A4\\u2C63\\uA750\\uA752\\uA754]","Q":"[\\u0051\\u24C6\\uFF31\\uA756\\uA758\\u024A]","R":"[\\u0052\\u24C7\\uFF32\\u0154\\u1E58\\u0158\\u0210\\u0212\\u1E5A\\u1E5C\\u0156\\u1E5E\\u024C\\u2C64\\uA75A\\uA7A6\\uA782]","S":"[\\u0053\\u24C8\\uFF33\\u1E9E\\u015A\\u1E64\\u015C\\u1E60\\u0160\\u1E66\\u1E62\\u1E68\\u0218\\u015E\\u2C7E\\uA7A8\\uA784]","T":"[\\u0054\\u24C9\\uFF34\\u1E6A\\u0164\\u1E6C\\u021A\\u0162\\u1E70\\u1E6E\\u0166\\u01AC\\u01AE\\u023E\\uA786]","TZ":"[\\uA728]","U":"[\\u0055\\u24CA\\uFF35\\u00D9\\u00DA\\u00DB\\u0168\\u1E78\\u016A\\u1E7A\\u016C\\u00DC\\u01DB\\u01D7\\u01D5\\u01D9\\u1EE6\\u016E\\u0170\\u01D3\\u0214\\u0216\\u01AF\\u1EEA\\u1EE8\\u1EEE\\u1EEC\\u1EF0\\u1EE4\\u1E72\\u0172\\u1E76\\u1E74\\u0244]","V":"[\\u0056\\u24CB\\uFF36\\u1E7C\\u1E7E\\u01B2\\uA75E\\u0245]","VY":"[\\uA760]","W":"[\\u0057\\u24CC\\uFF37\\u1E80\\u1E82\\u0174\\u1E86\\u1E84\\u1E88\\u2C72]","X":"[\\u0058\\u24CD\\uFF38\\u1E8A\\u1E8C]","Y":"[\\u0059\\u24CE\\uFF39\\u1EF2\\u00DD\\u0176\\u1EF8\\u0232\\u1E8E\\u0178\\u1EF6\\u1EF4\\u01B3\\u024E\\u1EFE]","Z":"[\\u005A\\u24CF\\uFF3A\\u0179\\u1E90\\u017B\\u017D\\u1E92\\u1E94\\u01B5\\u0224\\u2C7F\\u2C6B\\uA762]","a":"[\\u0061\\u24D0\\uFF41\\u1E9A\\u00E0\\u00E1\\u00E2\\u1EA7\\u1EA5\\u1EAB\\u1EA9\\u00E3\\u0101\\u0103\\u1EB1\\u1EAF\\u1EB5\\u1EB3\\u0227\\u01E1\\u00E4\\u01DF\\u1EA3\\u00E5\\u01FB\\u01CE\\u0201\\u0203\\u1EA1\\u1EAD\\u1EB7\\u1E01\\u0105\\u2C65\\u0250]","aa":"[\\uA733]","ae":"[\\u00E6\\u01FD\\u01E3]","ao":"[\\uA735]","au":"[\\uA737]","av":"[\\uA739\\uA73B]","ay":"[\\uA73D]","b":"[\\u0062\\u24D1\\uFF42\\u1E03\\u1E05\\u1E07\\u0180\\u0183\\u0253]","c":"[\\u0063\\u24D2\\uFF43\\u0107\\u0109\\u010B\\u010D\\u00E7\\u1E09\\u0188\\u023C\\uA73F\\u2184]","d":"[\\u0064\\u24D3\\uFF44\\u1E0B\\u010F\\u1E0D\\u1E11\\u1E13\\u1E0F\\u0111\\u018C\\u0256\\u0257\\uA77A]","dz":"[\\u01F3\\u01C6]","e":"[\\u0065\\u24D4\\uFF45\\u00E8\\u00E9\\u00EA\\u1EC1\\u1EBF\\u1EC5\\u1EC3\\u1EBD\\u0113\\u1E15\\u1E17\\u0115\\u0117\\u00EB\\u1EBB\\u011B\\u0205\\u0207\\u1EB9\\u1EC7\\u0229\\u1E1D\\u0119\\u1E19\\u1E1B\\u0247\\u025B\\u01DD]","f":"[\\u0066\\u24D5\\uFF46\\u1E1F\\u0192\\uA77C]","g":"[\\u0067\\u24D6\\uFF47\\u01F5\\u011D\\u1E21\\u011F\\u0121\\u01E7\\u0123\\u01E5\\u0260\\uA7A1\\u1D79\\uA77F]","h":"[\\u0068\\u24D7\\uFF48\\u0125\\u1E23\\u1E27\\u021F\\u1E25\\u1E29\\u1E2B\\u1E96\\u0127\\u2C68\\u2C76\\u0265]","hv":"[\\u0195]","i":"[\\u0069\\u24D8\\uFF49\\u00EC\\u00ED\\u00EE\\u0129\\u012B\\u012D\\u00EF\\u1E2F\\u1EC9\\u01D0\\u0209\\u020B\\u1ECB\\u012F\\u1E2D\\u0268\\u0131]","j":"[\\u006A\\u24D9\\uFF4A\\u0135\\u01F0\\u0249]","k":"[\\u006B\\u24DA\\uFF4B\\u1E31\\u01E9\\u1E33\\u0137\\u1E35\\u0199\\u2C6A\\uA741\\uA743\\uA745\\uA7A3]","l":"[\\u006C\\u24DB\\uFF4C\\u0140\\u013A\\u013E\\u1E37\\u1E39\\u013C\\u1E3D\\u1E3B\\u017F\\u0142\\u019A\\u026B\\u2C61\\uA749\\uA781\\uA747]","lj":"[\\u01C9]","m":"[\\u006D\\u24DC\\uFF4D\\u1E3F\\u1E41\\u1E43\\u0271\\u026F]","n":"[\\u006E\\u24DD\\uFF4E\\u01F9\\u0144\\u00F1\\u1E45\\u0148\\u1E47\\u0146\\u1E4B\\u1E49\\u019E\\u0272\\u0149\\uA791\\uA7A5]","nj":"[\\u01CC]","o":"[\\u006F\\u24DE\\uFF4F\\u00F2\\u00F3\\u00F4\\u1ED3\\u1ED1\\u1ED7\\u1ED5\\u00F5\\u1E4D\\u022D\\u1E4F\\u014D\\u1E51\\u1E53\\u014F\\u022F\\u0231\\u00F6\\u022B\\u1ECF\\u0151\\u01D2\\u020D\\u020F\\u01A1\\u1EDD\\u1EDB\\u1EE1\\u1EDF\\u1EE3\\u1ECD\\u1ED9\\u01EB\\u01ED\\u00F8\\u01FF\\u0254\\uA74B\\uA74D\\u0275]","oi":"[\\u01A3]","ou":"[\\u0223]","oo":"[\\uA74F]","p":"[\\u0070\\u24DF\\uFF50\\u1E55\\u1E57\\u01A5\\u1D7D\\uA751\\uA753\\uA755]","q":"[\\u0071\\u24E0\\uFF51\\u024B\\uA757\\uA759]","r":"[\\u0072\\u24E1\\uFF52\\u0155\\u1E59\\u0159\\u0211\\u0213\\u1E5B\\u1E5D\\u0157\\u1E5F\\u024D\\u027D\\uA75B\\uA7A7\\uA783]","s":"[\\u0073\\u24E2\\uFF53\\u015B\\u1E65\\u015D\\u1E61\\u0161\\u1E67\\u1E63\\u1E69\\u0219\\u015F\\u023F\\uA7A9\\uA785\\u1E9B]","ss":"[\\u00DF]","t":"[\\u0074\\u24E3\\uFF54\\u1E6B\\u1E97\\u0165\\u1E6D\\u021B\\u0163\\u1E71\\u1E6F\\u0167\\u01AD\\u0288\\u2C66\\uA787]","tz":"[\\uA729]","u":"[\\u0075\\u24E4\\uFF55\\u00F9\\u00FA\\u00FB\\u0169\\u1E79\\u016B\\u1E7B\\u016D\\u00FC\\u01DC\\u01D8\\u01D6\\u01DA\\u1EE7\\u016F\\u0171\\u01D4\\u0215\\u0217\\u01B0\\u1EEB\\u1EE9\\u1EEF\\u1EED\\u1EF1\\u1EE5\\u1E73\\u0173\\u1E77\\u1E75\\u0289]","v":"[\\u0076\\u24E5\\uFF56\\u1E7D\\u1E7F\\u028B\\uA75F\\u028C]","vy":"[\\uA761]","w":"[\\u0077\\u24E6\\uFF57\\u1E81\\u1E83\\u0175\\u1E87\\u1E85\\u1E98\\u1E89\\u2C73]","x":"[\\u0078\\u24E7\\uFF58\\u1E8B\\u1E8D]","y":"[\\u0079\\u24E8\\uFF59\\u1EF3\\u00FD\\u0177\\u1EF9\\u0233\\u1E8F\\u00FF\\u1EF7\\u1E99\\u1EF5\\u01B4\\u024F\\u1EFF]","z":"[\\u007A\\u24E9\\uFF5A\\u017A\\u1E91\\u017C\\u017E\\u1E93\\u1E95\\u01B6\\u0225\\u0240\\u2C6C\\uA763]"},"researchesTests":["contentHasTOC","contentHasShortParagraphs","contentHasAssets","keywordInTitle","keywordInMetaDescription","keywordInPermalink","keywordIn10Percent","keywordInContent","keywordInSubheadings","keywordInImageAlt","keywordDensity","keywordNotUsed","lengthContent","lengthPermalink","linksHasInternal","linksHasExternals","linksNotAllExternals","titleStartWithKeyword","titleSentiment","titleHasPowerWords","titleHasNumber","hasContentAI"],"hasRedirection":true,"hasBreadcrumb":false},"homeUrl":"https:\/\/www.blanescostabrava.cat\/fr\/","objectID":233215,"objectType":"post","locale":"fr","localeFull":"fr_FR","overlayImages":{"play":{"name":"Ic\u00f4ne de lecture","url":"https:\/\/www.blanescostabrava.cat\/wp-content\/plugins\/seo-by-rank-math\/assets\/admin\/img\/icon-play.png","path":"\/var\/www\/html\/wp-content\/plugins\/seo-by-rank-math\/assets\/admin\/img\/icon-play.png","position":"middle_center"},"gif":{"name":"Ic\u00f4ne GIF","url":"https:\/\/www.blanescostabrava.cat\/wp-content\/plugins\/seo-by-rank-math\/assets\/admin\/img\/icon-gif.png","path":"\/var\/www\/html\/wp-content\/plugins\/seo-by-rank-math\/assets\/admin\/img\/icon-gif.png","position":"middle_center"}},"defautOgImage":"https:\/\/www.blanescostabrava.cat\/wp-content\/plugins\/seo-by-rank-math\/assets\/admin\/img\/social-placeholder.jpg","customPermalinks":true,"isUserRegistered":false,"autoSuggestKeywords":false,"connectSiteUrl":"https:\/\/rankmath.com\/auth?site=https%3A%2F%2Fwww.blanescostabrava.cat%2Ffr%2F&r=https%3A%2F%2Fwww.blanescostabrava.cat%2Ffr%2Fwp-json%2Fwp%2Fv2%2Fpages%2F35862%3Fnonce%3Ddecbcd952c","maxTags":5,"trendsIcon":"<svg viewBox=\"0 0 610 610\"><path d=\"M18.85,446,174.32,290.48l58.08,58.08L76.93,504a14.54,14.54,0,0,1-20.55,0L18.83,466.48a14.54,14.54,0,0,1,0-20.55Z\" style=\"fill:#4285f4\"\/><path d=\"M242.65,242.66,377.59,377.6l-47.75,47.75a14.54,14.54,0,0,1-20.55,0L174.37,290.43l47.75-47.75A14.52,14.52,0,0,1,242.65,242.66Z\" style=\"fill:#ea4335\"\/><polygon points=\"319.53 319.53 479.26 159.8 537.34 217.88 377.61 377.62 319.53 319.53\" style=\"fill:#fabb05\"\/><path d=\"M594.26,262.73V118.61h0a16.94,16.94,0,0,0-16.94-16.94H433.2a16.94,16.94,0,0,0-12,28.92L565.34,274.71h0a16.94,16.94,0,0,0,28.92-12Z\" style=\"fill:#34a853\"\/><rect width=\"610\" height=\"610\" style=\"fill:none\"\/><\/svg>","showScore":true,"siteFavIcon":"https:\/\/www.blanescostabrava.cat\/wp-content\/uploads\/2018\/04\/favicon.png","canUser":{"general":false,"advanced":false,"snippet":false,"social":false,"analysis":false,"analytics":false,"content_ai":false},"isPro":false,"is_front_page":false,"trendsUpgradeLink":"https:\/\/rankmath.com\/pricing\/?utm_source=Plugin&utm_medium=CE%20General%20Tab%20Trends&utm_campaign=WP","trendsUpgradeLabel":"Mettre \u00e0 niveau","trendsPreviewImage":"https:\/\/www.blanescostabrava.cat\/wp-content\/plugins\/seo-by-rank-math\/assets\/admin\/img\/trends-preview.jpg","currentEditor":false,"homepageData":{"assessor":{"powerWords":["absolument","amazement","astonishing","authentique","beau","bien-\u00eatre","brillant","captivant","charismatique","choc","clair","compl\u00e8tement","confidentiel","confiance","cons\u00e9quent","cr\u00e9atif","d\u00e9finitivement","d\u00e9licieux","d\u00e9montrer","d\u00e9p\u00eachez-vous","d\u00e9termin\u00e9","digne","dynamique","\u00e9blouissant","\u00e9clatant","\u00e9conomique","\u00e9fficace","\u00e9l\u00e9gant","\u00e9motionnel","\u00e9nergique","\u00e9norme","\u00e9poustouflant","essentiel","\u00e9tonnant","exclusif","exp\u00e9rience","fabuleux","fantastique","formidable","fort","garanti","g\u00e9ant","g\u00e9n\u00e9reux","grandiose","gratuit","habile","harmonieux","historique","hors pair","important","incroyable","indispensable","inoubliable","inspirant","innovant","intense","invention","irr\u00e9sistible","l\u00e9gendaire","lumineux","luxe","magique","magnifique","majestueux","marquant","merveilleux","miraculeux","motivant","n\u00e9cessaire","nouvelle","officiel","parfait","passionn\u00e9","persuasif","ph\u00e9nom\u00e9nal","plaisir","populaire","pouvoir","prestigieux","prodigieux","profond","prosp\u00e8re","puissant","qualit\u00e9","radieux","rapide","r\u00e9ussi","r\u00e9volutionnaire","satisfait","s\u00e9curit\u00e9","sensationnel","serein","somptueux","splendide","sublime","surprenant","talentueux","terrifiant","unique","valeur","vibrant","victorieux","vif","vraiment","z\u00e9l\u00e9"],"diacritics":true,"researchesTests":["contentHasTOC","contentHasShortParagraphs","contentHasAssets","keywordInTitle","keywordInMetaDescription","keywordInPermalink","keywordIn10Percent","keywordInContent","keywordInSubheadings","keywordInImageAlt","keywordDensity","keywordNotUsed","lengthContent","lengthPermalink","linksHasInternal","linksHasExternals","linksNotAllExternals","titleStartWithKeyword","titleSentiment","titleHasPowerWords","titleHasNumber","hasContentAI"],"hasBreadcrumb":false,"serpData":{"title":"%sitename% %page% %sep% %sitedesc%","description":"","titleTemplate":"%sitename% %page% %sep% %sitedesc%","descriptionTemplate":"","focusKeywords":"","breadcrumbTitle":"Home","robots":{"index":true},"advancedRobots":[],"facebookTitle":"","facebookDescription":"","facebookImage":"","facebookImageID":""}}},"tocTitle":"Table of Contents","tocExcludeHeadings":[],"listStyle":"ul"},"_links":{"self":[{"href":"https:\/\/www.blanescostabrava.cat\/fr\/wp-json\/wp\/v2\/pages\/35862","targetHints":{"allow":["GET"]}}],"collection":[{"href":"https:\/\/www.blanescostabrava.cat\/fr\/wp-json\/wp\/v2\/pages"}],"about":[{"href":"https:\/\/www.blanescostabrava.cat\/fr\/wp-json\/wp\/v2\/types\/page"}],"author":[{"embeddable":true,"href":"https:\/\/www.blanescostabrava.cat\/fr\/wp-json\/wp\/v2\/users\/1"}],"replies":[{"embeddable":true,"href":"https:\/\/www.blanescostabrava.cat\/fr\/wp-json\/wp\/v2\/comments?post=35862"}],"version-history":[{"count":1,"href":"https:\/\/www.blanescostabrava.cat\/fr\/wp-json\/wp\/v2\/pages\/35862\/revisions"}],"predecessor-version":[{"id":230871,"href":"https:\/\/www.blanescostabrava.cat\/fr\/wp-json\/wp\/v2\/pages\/35862\/revisions\/230871"}],"wp:attachment":[{"href":"https:\/\/www.blanescostabrava.cat\/fr\/wp-json\/wp\/v2\/media?parent=35862"}],"curies":[{"name":"wp","href":"https:\/\/api.w.org\/{rel}","templated":true}]}}